{"id":136432,"date":"2024-09-12T19:47:44","date_gmt":"2024-09-12T17:47:44","guid":{"rendered":"https:\/\/www.humboldtforum.org\/?post_type=event-multi&#038;p=136432"},"modified":"2024-10-25T12:52:23","modified_gmt":"2024-10-25T10:52:23","slug":"99-questions-gathering","status":"publish","type":"event-multi","link":"https:\/\/www.humboldtforum.org\/en\/programm\/event\/conference-symposium\/99-questions-gathering-136432\/","title":{"rendered":"On the Poetics of Loose Ends"},"content":{"rendered":"<section class=\"block block-button\">\n    <div class=\"container-fluid\">\n\t\t<div class=\"row\">\n            <div class=\"col-xs-12 col-md-offset-2 col-md-8\">\n                <div class=\"box text-align-center\">\n                 \t\t<a href=\"https:\/\/www.humboldtforum.org\/wp-content\/uploads\/2024\/10\/HF_99_Questions_Plan10_DU.pdf\" class=\"button-extern\" role=\"button\" target=\"_blank\">\n\t\t<span class=\"button-label\">Download programme<\/span>\n\t<\/a>\n                <\/div>\n            <\/div>\n        <\/div>\n    <\/div>\n<\/section>\n\n<section class=\"block block-copy block-no-margin\" >\n    <div class=\"container-fluid\">\n\t\t<div class=\"row \">\n            <div class=\"col-xs-12 col-md-offset-2 col-md-8\">\n                <div class=\"box\">\n                    <div class=\"copy\"><p>The &#8220;99 Questions Gathering: On the Poetics of Loose Ends&#8221; is an eight-day hybrid event blending conference and exhibition formats to explore cosmology, technology, and diverse knowledge systems through art, workshops, and discussions. The first four days focus on lectures and dialogue, while the final four feature artistic installations, culminating in a sonic intervention for reflection and engagement.<\/p>\n<\/div>\n                <\/div>\n            <\/div>\n\t\t<\/div>\n\t\t    <\/div>\n<\/section>\n\n\n<section class=\"block block-anchor-nav\" aria-hidden=\"true\">\n\t<div class=\"container-fluid\">\n\t\t<div class=\"row\">\n\t\t\t<div class=\"col-xs-12 col-md-offset-2 col-md-8\">\n\t\t\t\t<block-anchor-nav inline-template>\n\t\t\t\t\t<div>\n\t\t\t\t\t\t<div class=\"anchor-nav-relative\" :class=\"{'isSticky': sticky}\" ref=\"view\">\n\t\t\t\t\t\t\t<div class=\"anchor-nav-title\" @click=\"toggle\" ref=\"head\">Contents<\/div>\n\t\t\t\t\t\t\t<div class=\"anchor-nav\" ref=\"body\">\n\t\t\t\t\t\t\t\t<ul class=\"anchor-nav-list\">\n\t\t\t\t\t\t\t\t\t\t\t\t\t\t\t\t\t\t\t<li class=\"anchor-nav-list-item\">\n\t\t\t\t\t\t\t\t\t\t\t<button @click=\"select('Research Nodes: \u201cSouth-to-South\u201d and \u201cTextiles Semillas\u201d')\">\n\t\t\t\t\t\t\t\t\t\t\t\t<span class=\"button-icon icon-bullet_normal\" aria-hidden=\"true\"><\/span>\n\t\t\t\t\t\t\t\t\t\t\t\t<span class=\"button-label\">Research Nodes: \u201cSouth-to-South\u201d and \u201cTextiles Semillas\u201d<\/span>\n\t\t\t\t\t\t\t\t\t\t\t<\/button>\n\t\t\t\t\t\t\t\t\t\t<\/li>\n\t\t\t\t\t\t\t\t\t\t\t\t\t\t\t\t\t\t\t<li class=\"anchor-nav-list-item\">\n\t\t\t\t\t\t\t\t\t\t\t<button @click=\"select('Programme')\">\n\t\t\t\t\t\t\t\t\t\t\t\t<span class=\"button-icon icon-bullet_normal\" aria-hidden=\"true\"><\/span>\n\t\t\t\t\t\t\t\t\t\t\t\t<span class=\"button-label\">Programme<\/span>\n\t\t\t\t\t\t\t\t\t\t\t<\/button>\n\t\t\t\t\t\t\t\t\t\t<\/li>\n\t\t\t\t\t\t\t\t\t\t\t\t\t\t\t\t\t\t\t<li class=\"anchor-nav-list-item\">\n\t\t\t\t\t\t\t\t\t\t\t<button @click=\"select('Artistic Interventions')\">\n\t\t\t\t\t\t\t\t\t\t\t\t<span class=\"button-icon icon-bullet_normal\" aria-hidden=\"true\"><\/span>\n\t\t\t\t\t\t\t\t\t\t\t\t<span class=\"button-label\">Artistic Interventions<\/span>\n\t\t\t\t\t\t\t\t\t\t\t<\/button>\n\t\t\t\t\t\t\t\t\t\t<\/li>\n\t\t\t\t\t\t\t\t\t\t\t\t\t\t\t\t\t\t\t<li class=\"anchor-nav-list-item\">\n\t\t\t\t\t\t\t\t\t\t\t<button @click=\"select('Curatorial Approach')\">\n\t\t\t\t\t\t\t\t\t\t\t\t<span class=\"button-icon icon-bullet_normal\" aria-hidden=\"true\"><\/span>\n\t\t\t\t\t\t\t\t\t\t\t\t<span class=\"button-label\">Curatorial Approach<\/span>\n\t\t\t\t\t\t\t\t\t\t\t<\/button>\n\t\t\t\t\t\t\t\t\t\t<\/li>\n\t\t\t\t\t\t\t\t\t\t\t\t\t\t\t\t\t\t\t<li class=\"anchor-nav-list-item\">\n\t\t\t\t\t\t\t\t\t\t\t<button @click=\"select('Participants')\">\n\t\t\t\t\t\t\t\t\t\t\t\t<span class=\"button-icon icon-bullet_normal\" aria-hidden=\"true\"><\/span>\n\t\t\t\t\t\t\t\t\t\t\t\t<span class=\"button-label\">Participants<\/span>\n\t\t\t\t\t\t\t\t\t\t\t<\/button>\n\t\t\t\t\t\t\t\t\t\t<\/li>\n\t\t\t\t\t\t\t\t\t\t\t\t\t\t\t\t\t<\/ul>\n\t\t\t\t\t\t\t<\/div>\n\t\t\t\t\t\t<\/div>\n\n\t\t\t\t\t\t<div class=\"anchor-nav-accordion\" aria-expanded=\"false\" :class=\"{'isSticky': sticky}\"  :aria-expanded=\"active ? 'true' : 'false'\">\n\t\t\t\t\t\t\t<div class=\"container-fluid\">\n\t\t\t\t\t\t\t\t<div class=\"row\">\n\t\t\t\t\t\t\t\t\t<div class=\"col-xs-12 col-md-offset-2 col-md-8\">\n\t\t\t\t\t\t\t\t\t\t<button class=\"anchor-nav-title\" @click=\"toggle\" ref=\"head\"><span class=\"button-label\">Contents<\/span><span class=\"button-icon icon-arrow_standart\" aria-hidden=\"true\"><\/span><\/button>\n\t\t\t\t\t\t\t\t\t\t<div class=\"anchor-nav\" ref=\"body\">\n\t\t\t\t\t\t\t\t\t\t\t<ul class=\"anchor-nav-list\">\n\t\t\t\t\t\t\t\t\t\t\t\t\t\t\t\t\t\t\t\t\t\t\t\t\t<li class=\"anchor-nav-list-item\">\n\t\t\t\t\t\t\t\t\t\t\t\t\t\t<button @click=\"select('Research Nodes: \u201cSouth-to-South\u201d and \u201cTextiles Semillas\u201d')\">\n\t\t\t\t\t\t\t\t\t\t\t\t\t\t\t<span class=\"button-icon icon-bullet_normal\" aria-hidden=\"true\"><\/span>\n\t\t\t\t\t\t\t\t\t\t\t\t\t\t\t<span class=\"button-label\">Research Nodes: \u201cSouth-to-South\u201d and \u201cTextiles Semillas\u201d<\/span>\n\t\t\t\t\t\t\t\t\t\t\t\t\t\t<\/button>\n\t\t\t\t\t\t\t\t\t\t\t\t\t<\/li>\n\t\t\t\t\t\t\t\t\t\t\t\t\t\t\t\t\t\t\t\t\t\t\t\t\t<li class=\"anchor-nav-list-item\">\n\t\t\t\t\t\t\t\t\t\t\t\t\t\t<button @click=\"select('Programme')\">\n\t\t\t\t\t\t\t\t\t\t\t\t\t\t\t<span class=\"button-icon icon-bullet_normal\" aria-hidden=\"true\"><\/span>\n\t\t\t\t\t\t\t\t\t\t\t\t\t\t\t<span class=\"button-label\">Programme<\/span>\n\t\t\t\t\t\t\t\t\t\t\t\t\t\t<\/button>\n\t\t\t\t\t\t\t\t\t\t\t\t\t<\/li>\n\t\t\t\t\t\t\t\t\t\t\t\t\t\t\t\t\t\t\t\t\t\t\t\t\t<li class=\"anchor-nav-list-item\">\n\t\t\t\t\t\t\t\t\t\t\t\t\t\t<button @click=\"select('Artistic Interventions')\">\n\t\t\t\t\t\t\t\t\t\t\t\t\t\t\t<span class=\"button-icon icon-bullet_normal\" aria-hidden=\"true\"><\/span>\n\t\t\t\t\t\t\t\t\t\t\t\t\t\t\t<span class=\"button-label\">Artistic Interventions<\/span>\n\t\t\t\t\t\t\t\t\t\t\t\t\t\t<\/button>\n\t\t\t\t\t\t\t\t\t\t\t\t\t<\/li>\n\t\t\t\t\t\t\t\t\t\t\t\t\t\t\t\t\t\t\t\t\t\t\t\t\t<li class=\"anchor-nav-list-item\">\n\t\t\t\t\t\t\t\t\t\t\t\t\t\t<button @click=\"select('Curatorial Approach')\">\n\t\t\t\t\t\t\t\t\t\t\t\t\t\t\t<span class=\"button-icon icon-bullet_normal\" aria-hidden=\"true\"><\/span>\n\t\t\t\t\t\t\t\t\t\t\t\t\t\t\t<span class=\"button-label\">Curatorial Approach<\/span>\n\t\t\t\t\t\t\t\t\t\t\t\t\t\t<\/button>\n\t\t\t\t\t\t\t\t\t\t\t\t\t<\/li>\n\t\t\t\t\t\t\t\t\t\t\t\t\t\t\t\t\t\t\t\t\t\t\t\t\t<li class=\"anchor-nav-list-item\">\n\t\t\t\t\t\t\t\t\t\t\t\t\t\t<button @click=\"select('Participants')\">\n\t\t\t\t\t\t\t\t\t\t\t\t\t\t\t<span class=\"button-icon icon-bullet_normal\" aria-hidden=\"true\"><\/span>\n\t\t\t\t\t\t\t\t\t\t\t\t\t\t\t<span class=\"button-label\">Participants<\/span>\n\t\t\t\t\t\t\t\t\t\t\t\t\t\t<\/button>\n\t\t\t\t\t\t\t\t\t\t\t\t\t<\/li>\n\t\t\t\t\t\t\t\t\t\t\t\t\t\t\t\t\t\t\t\t\t\t\t<\/ul>\n\t\t\t\t\t\t\t\t\t\t<\/div>\n\t\t\t\t\t\t\t\t\t<\/div>\n\t\t\t\t\t\t\t\t<\/div>\n\t\t\t\t\t\t\t<\/div>\n\t\t\t\t\t\t<\/div>\n\t\t\t\t\t<\/div>\n\t\t\t\t<\/block-anchor-nav>\n\t\t\t<\/div>\n\t\t<\/div>\n\t<\/div>\n<\/section>\n\n<section class=\"block block-headline block-no-margin \"  id='research-nodes-south-to-south-and-textiles-semillas' data-anchor='Research Nodes: \u201cSouth-to-South\u201d and \u201cTextiles Semillas\u201d'>\n\t<div class=\"container-fluid\">\n\t\t<div class=\"row\">\n\t\t\t\t\t\t\t<div class=\"col-xs-12 col-md-offset-2 col-md-8\">\n\t\t\t\t\t<div class=\"box\">\n\t\t\t\t\t\t<h2 class=\".h4\">Research Nodes: \u201cSouth-to-South\u201d and \u201cTextiles Semillas\u201d<\/h2>\n\t\t\t\t\t<\/div>\n\t\t\t\t<\/div>\n\t\t\t\t\t<\/div>\n\t<\/div>\n<\/section>\n\n\n\n\n<section class=\"block block-copy\" >\n    <div class=\"container-fluid\">\n\t\t<div class=\"row \">\n            <div class=\"col-xs-12 col-md-offset-2 col-md-8\">\n                <div class=\"box\">\n                    <div class=\"copy\"><p>At its core are two research nodes, &#8220;South-to-South: A Meeting on African and Afro-Diasporic Technologies&#8221; and &#8220;Textiles Semillas: A Living Project of Weaving and Bridge-Building,&#8221; collectively developed over the past two years. These nodes shape the polyphonic program, which highlights Indigenous, Afro, and Afro-Diasporic contributions to global cosmologies, foregrounding weaving as resistance and Afro, and Afro-Diasporic technologies as decolonial alternatives to Western concepts of technology and art. This approach embraces non-extractive, reciprocal practices, built upon shared knowledge systems and collective creation.<\/p>\n<p>The gathering embraces loose ends as an intentional resistance to the museal drive to categorize and hierarchise knowledge and art. Rather than being viewed as incomplete, loose ends create space for potential and new connections. This openness challenges the rigidity of knowledge systems and acknowledges that what remains unresolved allows for continued questioning and growth. Participants are invited to explore the pluriverse\u2014multiple realities and ways of knowing\u2014through human, machines, planetary, and more-than-human intelligences, fostering collective inquiry, transformation, and reimagined relationships between art, technology, and cosmology.<\/p>\n<\/div>\n                <\/div>\n            <\/div>\n\t\t<\/div>\n\t\t    <\/div>\n<\/section>\n\n<section class=\"block block-teaser col-lane33 has-bg\" style=\"--teaser-bg:#f2f2f2\">\n\t\t\t\t\t\t<teaser-lane-with-buttons inline-template tracking-label=\"\">\n\t\t\t\t<div>\n\t\t\t\t\t<div class=\"container-fluid\">\n\t\t\t\t\t\t<div class=\"row middle-xs\">\n\t\t\t\t\t\t\t<div class=\"col-xs-10 col-sm-8\">\n\t\t\t\t\t\t\t\t\t\t\t\t\t\t\t<\/div>\n\t\t\t\t\t\t\t<div class=\"col-xs-2 col-sm-4 end-xs margin-bottom-sixth\">\n\t\t\t\t\t\t\t\t<teaser-lane-buttons :visible_prev=\"visible_prev\" :visible_next=\"visible_next\" @prev=\"prev\" @next=\"next\"><\/teaser-lane-buttons>\n\t\t\t\t\t\t\t<\/div>\n\t\t\t\t\t\t<\/div>\n\t\t\t\t\t<\/div>\n\t\t\t\t\t<div class=\"teaser-lane-wrapper\">\n\t\t\t\t\t\t<ul class=\"teaser-lane\">\n\t\t\t\t\t\t<li class=\"teaser-lane-slide col-xs-9 col-sm-4 col-padding-remove\">\n\t<div class=\"box\">\n\t\t<a href=\"https:\/\/www.humboldtforum.org\/en\/south-to-south\/\" class=\"teaser teaser-page\">\n\t\t\t<div class=\"teaser-image teaser-image-full footer-gradient\">\n\t\t\t\t\n\t<lazy-media-inline inline-template>\n\t\t<figure itemscope itemtype=\"http:\/\/schema.org\/ImageObject\" class=\"lazy-media-inline \" role=\"group\" id=\"media_69ee35db1eaa5\" aria-labelledby=\"desc_media_69ee35db1eaa5\">\n\t\t\t<script type=\"application\/json\" ref=\"data\">\n\t\t\t\t{\n\t\t\t\t\"sizes\" : {\"medium\":{\"file\":\"SHF_eb00230079__Souh-to-South_-Treffen-in-Lubumbashi-300x225.jpg\",\"width\":300,\"height\":225,\"mime-type\":\"image\\\/jpeg\",\"filesize\":16707},\"large\":{\"file\":\"SHF_eb00230079__Souh-to-South_-Treffen-in-Lubumbashi-1024x768.jpg\",\"width\":1024,\"height\":768,\"mime-type\":\"image\\\/jpeg\",\"filesize\":147772},\"thumbnail\":{\"file\":\"SHF_eb00230079__Souh-to-South_-Treffen-in-Lubumbashi-150x150.jpg\",\"width\":150,\"height\":150,\"mime-type\":\"image\\\/jpeg\",\"filesize\":6625},\"medium_large\":{\"file\":\"SHF_eb00230079__Souh-to-South_-Treffen-in-Lubumbashi-768x576.jpg\",\"width\":768,\"height\":576,\"mime-type\":\"image\\\/jpeg\",\"filesize\":89471},\"small\":{\"file\":\"SHF_eb00230079__Souh-to-South_-Treffen-in-Lubumbashi-440x330.jpg\",\"width\":440,\"height\":330,\"mime-type\":\"image\\\/jpeg\",\"filesize\":32814},\"semi\":{\"file\":\"SHF_eb00230079__Souh-to-South_-Treffen-in-Lubumbashi-580x435.jpg\",\"width\":580,\"height\":435,\"mime-type\":\"image\\\/jpeg\",\"filesize\":54329},\"mobile\":{\"file\":\"SHF_eb00230079__Souh-to-South_-Treffen-in-Lubumbashi-720x540.jpg\",\"width\":720,\"height\":540,\"mime-type\":\"image\\\/jpeg\",\"filesize\":79462},\"original\":{\"file\":\"SHF_eb00230079__Souh-to-South_-Treffen-in-Lubumbashi.jpg\",\"width\":1280,\"height\":960}},\n\t\t\t\t\"alt\" : \"Group of people walking on a path in nature, surrounded by hills and plants.\",\n\t\t\t\t\"path\" : \"\\\/wp-content\\\/uploads\\\/2024\\\/09\\\/\",\n\t\t\t\t\"video\" : null,\n\t\t\t\t\"autoplay\" : null,\n\t\t\t\t\"youtube\" : null,\n\t\t\t\t\"youtubelabel\" : \"Play video\",\n\t\t\t\t\"brightness\" : 100,\n\t\t\t\t\"crop\" : null,\n\t\t\t\t\"background\" : true,\n\t\t\t\t\"scale\" : 4\t\t\t\t}\n\t\t\t<\/script>\n\n\t\t\t<div class=\"height-container\" style=\"padding-bottom:75%;\" v-if=\"sizes\">\n\t\t\t\t\t\t\t\t<lazy-media :inline=\"true\" :alt=\"alt\" :sizes=\"sizes\" :scale=\"scale\" :brightness=\"brightness\" :path=\"path\" :video=\"video\" :autoplay=\"autoplay\" :youtube=\"youtube\" :crop=\"crop\" :youtubelabel=\"youtubelabel\" :background=\"background\" media-id=\"desc_media_69ee35db1eaa5\"><\/lazy-media>\n\t\t\t\t\t\t\t<\/div>\n\n\t\t\t\t\t\t\t<figcaption class=\"sr-only\" ref=\"body\" id=\"desc_media_69ee35db1eaa5\">\n\t\t\t\t\t\t\t\t\t\t\t<div>&ldquo;South-to-South&rdquo;, &lsquo;99 Questions&rsquo; Research Node, Lubumbashi, D.R. Congo, in collaboration with Centre d&#039;Art Waza<\/div>\n\t\t\t\t\t\t\t\t\t\t\t\t\t\t\t\t\t\t\t\t\t<div class=\"insignificant\">\u00a9 Nathan Bushiru<\/div>\n\t\t\t\t\t\t\t\t\t<\/figcaption>\n\t\t\t\t\t<\/figure>\n\t<\/lazy-media-inline>\n\t\t\t<\/div>\n\t\t\t<div class=\"teaser-header\"><div>\n\t\t\t\t\n\t\t\t\t\t\t<span class=\"h4 \">South-to-South<\/span>\n\t\t\t\t\t\t\t\t<\/div><\/div>\n\t\t<\/a>\n\t<\/div>\n<\/li><li class=\"teaser-lane-slide col-xs-9 col-sm-4 col-padding-remove\">\n\t<div class=\"box\">\n\t\t<a href=\"https:\/\/www.humboldtforum.org\/en\/textiles-semillas\/\" class=\"teaser teaser-page\">\n\t\t\t<div class=\"teaser-image teaser-image-full footer-gradient\">\n\t\t\t\t\n\t<lazy-media-inline inline-template>\n\t\t<figure itemscope itemtype=\"http:\/\/schema.org\/ImageObject\" class=\"lazy-media-inline \" role=\"group\" id=\"media_69ee35db1fd92\" aria-labelledby=\"desc_media_69ee35db1fd92\">\n\t\t\t<script type=\"application\/json\" ref=\"data\">\n\t\t\t\t{\n\t\t\t\t\"sizes\" : {\"medium\":{\"file\":\"SHF_eb00230742_Textil-Scan-Textiles-Semillas-300x218.jpg\",\"width\":300,\"height\":218,\"mime-type\":\"image\\\/jpeg\",\"filesize\":18393},\"large\":{\"file\":\"SHF_eb00230742_Textil-Scan-Textiles-Semillas-1024x743.jpg\",\"width\":1024,\"height\":743,\"mime-type\":\"image\\\/jpeg\",\"filesize\":129907},\"thumbnail\":{\"file\":\"SHF_eb00230742_Textil-Scan-Textiles-Semillas-150x150.jpg\",\"width\":150,\"height\":150,\"mime-type\":\"image\\\/jpeg\",\"filesize\":7691},\"medium_large\":{\"file\":\"SHF_eb00230742_Textil-Scan-Textiles-Semillas-768x557.jpg\",\"width\":768,\"height\":557,\"mime-type\":\"image\\\/jpeg\",\"filesize\":82843},\"small\":{\"file\":\"SHF_eb00230742_Textil-Scan-Textiles-Semillas-440x319.jpg\",\"width\":440,\"height\":319,\"mime-type\":\"image\\\/jpeg\",\"filesize\":34059},\"semi\":{\"file\":\"SHF_eb00230742_Textil-Scan-Textiles-Semillas-580x421.jpg\",\"width\":580,\"height\":421,\"mime-type\":\"image\\\/jpeg\",\"filesize\":53425},\"mobile\":{\"file\":\"SHF_eb00230742_Textil-Scan-Textiles-Semillas-720x523.jpg\",\"width\":720,\"height\":523,\"mime-type\":\"image\\\/jpeg\",\"filesize\":74926},\"original\":{\"file\":\"SHF_eb00230742_Textil-Scan-Textiles-Semillas.jpg\",\"width\":1280,\"height\":929}},\n\t\t\t\t\"alt\" : \"Colorful yarn and textile patterns on a fabric background, featuring various woven pieces and threads.\",\n\t\t\t\t\"path\" : \"\\\/wp-content\\\/uploads\\\/2024\\\/09\\\/\",\n\t\t\t\t\"video\" : null,\n\t\t\t\t\"autoplay\" : null,\n\t\t\t\t\"youtube\" : null,\n\t\t\t\t\"youtubelabel\" : \"Play video\",\n\t\t\t\t\"brightness\" : 100,\n\t\t\t\t\"crop\" : null,\n\t\t\t\t\"background\" : true,\n\t\t\t\t\"scale\" : 4\t\t\t\t}\n\t\t\t<\/script>\n\n\t\t\t<div class=\"height-container\" style=\"padding-bottom:72.578125%;\" v-if=\"sizes\">\n\t\t\t\t\t\t\t\t<lazy-media :inline=\"true\" :alt=\"alt\" :sizes=\"sizes\" :scale=\"scale\" :brightness=\"brightness\" :path=\"path\" :video=\"video\" :autoplay=\"autoplay\" :youtube=\"youtube\" :crop=\"crop\" :youtubelabel=\"youtubelabel\" :background=\"background\" media-id=\"desc_media_69ee35db1fd92\"><\/lazy-media>\n\t\t\t\t\t\t\t<\/div>\n\n\t\t\t\t\t\t\t<figcaption class=\"sr-only\" ref=\"body\" id=\"desc_media_69ee35db1fd92\">\n\t\t\t\t\t\t\t\t\t\t\t<div>Textile scan from a meeting of &ldquo;Textiles Semillas&rdquo;<\/div>\n\t\t\t\t\t\t\t\t\t\t\t\t\t\t\t\t\t\t\t\t\t<div class=\"insignificant\">\u00a9 Textiles Semillas<\/div>\n\t\t\t\t\t\t\t\t\t<\/figcaption>\n\t\t\t\t\t<\/figure>\n\t<\/lazy-media-inline>\n\t\t\t<\/div>\n\t\t\t<div class=\"teaser-header\"><div>\n\t\t\t\t\n\t\t\t\t\t\t<span class=\"h4 \">Textiles Semillas<\/span>\n\t\t\t\t\t\t\t\t<\/div><\/div>\n\t\t<\/a>\n\t<\/div>\n<\/li>\t\t\t\t\t\t<\/ul>\n\t\t\t\t\t<\/div>\n\t\t\t\t<\/div>\n\t\t\t<\/teaser-lane-with-buttons>\n\t\t\t<\/section>\n\n<section class=\"block block-copy\" >\n    <div class=\"container-fluid\">\n\t\t<div class=\"row \">\n            <div class=\"col-xs-12 col-md-offset-2 col-md-8\">\n                <div class=\"box\">\n                    <div class=\"copy\"><p><a href=\"https:\/\/www.humboldtforum.org\/en\/south-to-south\/\">South-to-South: A Meeting on African and Afro-Diasporic Technologies<\/a> explores different understandings of technology, specifically by looking into land-based and ancestral technics from Afro and Afro-diasporic communities, challenging the Western notion of progressive, high-tech-oriented approaches that often promote extractivist practices involving the exploitation of natural resources, data, and knowledge.<\/p>\n<p><a href=\"https:\/\/www.humboldtforum.org\/en\/textiles-semillas\/\">Textiles Semillas: A Living Project of Weaving and Cultural Bridging<\/a>, on the other hand, highlights the role of a decolonial feminist practice, weaving connections between art, the body, nature, and ritual, and critiquing the binary conception that separates art and folklore, urban and rural, center and periphery. Textiles Semillas is a feminist project bringing together more the 300 female weavers in the North of Argentina that resulted in the Union Textiles Semillas.<\/p>\n<p><em>The title of the gathering is inspired by the essay \u201cThe Tangled Planetary: For a Poetics of Loose Ends\u201d by Martin Savransky.<\/em><\/p>\n<p>&nbsp;<\/p>\n<\/div>\n                <\/div>\n            <\/div>\n\t\t<\/div>\n\t\t    <\/div>\n<\/section>\n\n<section class=\"block block-headline block-no-margin \"  id='programme' data-anchor='Programme'>\n\t<div class=\"container-fluid\">\n\t\t<div class=\"row\">\n\t\t\t\t\t\t\t<div class=\"col-xs-12 col-md-offset-2 col-md-8\">\n\t\t\t\t\t<div class=\"box\">\n\t\t\t\t\t\t<h2 class=\".h4\">Program<\/h2>\n\t\t\t\t\t<\/div>\n\t\t\t\t<\/div>\n\t\t\t\t\t<\/div>\n\t<\/div>\n<\/section>\n\n\n\n\n\n<section class=\"block block-gallery\">\n\t<div class=\"container-fluid\">\n\t\t<div class=\"row center-xs\">\n\t\t\t<div class=\"col-xs-12\">\n\t\t\t\t<div class=\"box text-align-left\">\n\t\t\t\t\t<block-gallery inline-template>\n\t\t\t\t\t\t<div :class=\"{ firstLoaded: firstLoaded }\">\n\t\t\t\t\t\t\t<script type=\"application\/json\" ref=\"data\">\n\t\t\t\t\t\t\t{\n\t\t\t\t\t\t\t\t\"images\" : [{\"id\":0,\"width\":6000,\"height\":4000,\"alt\":\"A man in a white outfit sits in a light green room with curtains and a ladder in the background.\",\"title\":\"\",\"description\":\"\",\"label\":\" Joseph K. Kasau Wa Mawambe&#039;s Performance &quot;Mus&eacute;e\\u202fdes\\u202fsens\\u202fhumains&quot; \",\"copyright\":\"Photo: Aurelien-Haslebacher, Courtesy Joseph K. Kasau Wa Mawambe\",\"path\":\"\\\/wp-content\\\/uploads\\\/2024\\\/09\\\/\",\"sizes\":{\"medium\":{\"file\":\"23.11.23_Joseph-K-Kasau-Wa-Mawambe_La-Becque_Open-Studios_photo-Aurelien-Haslebacher_HD_7.jpg-0-300x200.jpg\",\"width\":300,\"height\":200,\"mime-type\":\"image\\\/jpeg\",\"filesize\":9755},\"large\":{\"file\":\"23.11.23_Joseph-K-Kasau-Wa-Mawambe_La-Becque_Open-Studios_photo-Aurelien-Haslebacher_HD_7.jpg-0-1024x683.jpg\",\"width\":1024,\"height\":683,\"mime-type\":\"image\\\/jpeg\",\"filesize\":57743},\"thumbnail\":{\"file\":\"23.11.23_Joseph-K-Kasau-Wa-Mawambe_La-Becque_Open-Studios_photo-Aurelien-Haslebacher_HD_7.jpg-0-150x150.jpg\",\"width\":150,\"height\":150,\"mime-type\":\"image\\\/jpeg\",\"filesize\":4788},\"medium_large\":{\"file\":\"23.11.23_Joseph-K-Kasau-Wa-Mawambe_La-Becque_Open-Studios_photo-Aurelien-Haslebacher_HD_7.jpg-0-768x512.jpg\",\"width\":768,\"height\":512,\"mime-type\":\"image\\\/jpeg\",\"filesize\":37890},\"small\":{\"file\":\"23.11.23_Joseph-K-Kasau-Wa-Mawambe_La-Becque_Open-Studios_photo-Aurelien-Haslebacher_HD_7.jpg-0-440x293.jpg\",\"width\":440,\"height\":293,\"mime-type\":\"image\\\/jpeg\",\"filesize\":17178},\"semi\":{\"file\":\"23.11.23_Joseph-K-Kasau-Wa-Mawambe_La-Becque_Open-Studios_photo-Aurelien-Haslebacher_HD_7.jpg-0-580x387.jpg\",\"width\":580,\"height\":387,\"mime-type\":\"image\\\/jpeg\",\"filesize\":25667},\"mobile\":{\"file\":\"23.11.23_Joseph-K-Kasau-Wa-Mawambe_La-Becque_Open-Studios_photo-Aurelien-Haslebacher_HD_7.jpg-0-720x480.jpg\",\"width\":720,\"height\":480,\"mime-type\":\"image\\\/jpeg\",\"filesize\":34375},\"hd\":{\"file\":\"23.11.23_Joseph-K-Kasau-Wa-Mawambe_La-Becque_Open-Studios_photo-Aurelien-Haslebacher_HD_7.jpg-0-1280x853.jpg\",\"width\":1280,\"height\":853,\"mime-type\":\"image\\\/jpeg\",\"filesize\":79935},\"full\":{\"file\":\"23.11.23_Joseph-K-Kasau-Wa-Mawambe_La-Becque_Open-Studios_photo-Aurelien-Haslebacher_HD_7.jpg-0-1920x1280.jpg\",\"width\":1920,\"height\":1280,\"mime-type\":\"image\\\/jpeg\",\"filesize\":145272},\"xxl\":{\"file\":\"23.11.23_Joseph-K-Kasau-Wa-Mawambe_La-Becque_Open-Studios_photo-Aurelien-Haslebacher_HD_7.jpg-0-4048x2699.jpg\",\"width\":4048,\"height\":2699,\"mime-type\":\"image\\\/jpeg\",\"filesize\":584044},\"1536x1536\":{\"file\":\"23.11.23_Joseph-K-Kasau-Wa-Mawambe_La-Becque_Open-Studios_photo-Aurelien-Haslebacher_HD_7.jpg-0-1536x1024.jpg\",\"width\":1536,\"height\":1024,\"mime-type\":\"image\\\/jpeg\",\"filesize\":103981},\"2048x2048\":{\"file\":\"23.11.23_Joseph-K-Kasau-Wa-Mawambe_La-Becque_Open-Studios_photo-Aurelien-Haslebacher_HD_7.jpg-0-2048x1365.jpg\",\"width\":2048,\"height\":1365,\"mime-type\":\"image\\\/jpeg\",\"filesize\":160969},\"original\":{\"file\":\"23.11.23_Joseph-K-Kasau-Wa-Mawambe_La-Becque_Open-Studios_photo-Aurelien-Haslebacher_HD_7.jpg-0.jpg\",\"width\":6000,\"height\":4000}}},{\"id\":1,\"width\":1280,\"height\":720,\"alt\":\"Hands weave colorful threads on a loom in traditional craftsmanship.\",\"title\":\"\",\"description\":\"\",\"label\":\"Hands of a weaver; recorded during a meeting (node) as part of the 99-Questions project &ldquo;Textiles Semillas&rdquo; \",\"copyright\":\"Textiles Semillas\",\"path\":\"\\\/wp-content\\\/uploads\\\/2024\\\/09\\\/\",\"sizes\":{\"medium\":{\"file\":\"SHF_eb00230318_Haende-einer-Weberin-aufgenommen-im-Rahmen-von-_Textiles-Semillas_-1-300x169.jpg\",\"width\":300,\"height\":169,\"mime-type\":\"image\\\/jpeg\",\"filesize\":10241},\"large\":{\"file\":\"SHF_eb00230318_Haende-einer-Weberin-aufgenommen-im-Rahmen-von-_Textiles-Semillas_-1-1024x576.jpg\",\"width\":1024,\"height\":576,\"mime-type\":\"image\\\/jpeg\",\"filesize\":60088},\"thumbnail\":{\"file\":\"SHF_eb00230318_Haende-einer-Weberin-aufgenommen-im-Rahmen-von-_Textiles-Semillas_-1-150x150.jpg\",\"width\":150,\"height\":150,\"mime-type\":\"image\\\/jpeg\",\"filesize\":5692},\"medium_large\":{\"file\":\"SHF_eb00230318_Haende-einer-Weberin-aufgenommen-im-Rahmen-von-_Textiles-Semillas_-1-768x432.jpg\",\"width\":768,\"height\":432,\"mime-type\":\"image\\\/jpeg\",\"filesize\":39694},\"small\":{\"file\":\"SHF_eb00230318_Haende-einer-Weberin-aufgenommen-im-Rahmen-von-_Textiles-Semillas_-1-440x248.jpg\",\"width\":440,\"height\":248,\"mime-type\":\"image\\\/jpeg\",\"filesize\":17678},\"semi\":{\"file\":\"SHF_eb00230318_Haende-einer-Weberin-aufgenommen-im-Rahmen-von-_Textiles-Semillas_-1-580x326.jpg\",\"width\":580,\"height\":326,\"mime-type\":\"image\\\/jpeg\",\"filesize\":26632},\"mobile\":{\"file\":\"SHF_eb00230318_Haende-einer-Weberin-aufgenommen-im-Rahmen-von-_Textiles-Semillas_-1-720x405.jpg\",\"width\":720,\"height\":405,\"mime-type\":\"image\\\/jpeg\",\"filesize\":36510},\"original\":{\"file\":\"SHF_eb00230318_Haende-einer-Weberin-aufgenommen-im-Rahmen-von-_Textiles-Semillas_-1.jpg\",\"width\":1280,\"height\":720}}},{\"id\":2,\"width\":1280,\"height\":776,\"alt\":\"A robot with a colorful flagpole stands on a dry, sandy area in front of snow-capped mountains.\",\"title\":\"\",\"description\":\"\",\"label\":\"Guanaquerx robot during a project to reenacted Jose de San Martin&rsquo;s historic Crossing of the Andes\",\"copyright\":\"Paula Gaetano Adi, 2024 \\\/ www.guanaquerx.com\",\"path\":\"\\\/wp-content\\\/uploads\\\/2024\\\/09\\\/\",\"sizes\":{\"medium\":{\"file\":\"SHF_eb00233196_Guanaquerx-robot-crossing-the-Andes-Webqualitaet-300x182.jpg\",\"width\":300,\"height\":182,\"mime-type\":\"image\\\/jpeg\",\"filesize\":10138},\"large\":{\"file\":\"SHF_eb00233196_Guanaquerx-robot-crossing-the-Andes-Webqualitaet-1024x621.jpg\",\"width\":1024,\"height\":621,\"mime-type\":\"image\\\/jpeg\",\"filesize\":66725},\"thumbnail\":{\"file\":\"SHF_eb00233196_Guanaquerx-robot-crossing-the-Andes-Webqualitaet-150x150.jpg\",\"width\":150,\"height\":150,\"mime-type\":\"image\\\/jpeg\",\"filesize\":6163},\"medium_large\":{\"file\":\"SHF_eb00233196_Guanaquerx-robot-crossing-the-Andes-Webqualitaet-768x466.jpg\",\"width\":768,\"height\":466,\"mime-type\":\"image\\\/jpeg\",\"filesize\":43600},\"small\":{\"file\":\"SHF_eb00233196_Guanaquerx-robot-crossing-the-Andes-Webqualitaet-440x267.jpg\",\"width\":440,\"height\":267,\"mime-type\":\"image\\\/jpeg\",\"filesize\":18273},\"semi\":{\"file\":\"SHF_eb00233196_Guanaquerx-robot-crossing-the-Andes-Webqualitaet-580x352.jpg\",\"width\":580,\"height\":352,\"mime-type\":\"image\\\/jpeg\",\"filesize\":28149},\"mobile\":{\"file\":\"SHF_eb00233196_Guanaquerx-robot-crossing-the-Andes-Webqualitaet-720x437.jpg\",\"width\":720,\"height\":437,\"mime-type\":\"image\\\/jpeg\",\"filesize\":39446},\"original\":{\"file\":\"SHF_eb00233196_Guanaquerx-robot-crossing-the-Andes-Webqualitaet.jpg\",\"width\":1280,\"height\":776}}},{\"id\":3,\"width\":1280,\"height\":824,\"alt\":\"Diagram with colored boxes in red, blue, and white, displaying data in a tabular format.\",\"title\":\"\",\"description\":\"\",\"label\":\"Weaving draft made with fiberwork software by Diane Cescutti\",\"copyright\":\"Courtesy Diane Cescutti\",\"path\":\"\\\/wp-content\\\/uploads\\\/2024\\\/09\\\/\",\"sizes\":{\"medium\":{\"file\":\"SHF_eb00233198_-Weaving-draft-made-with-fiberwork-software-Webqualitaet-300x193.jpg\",\"width\":300,\"height\":193,\"mime-type\":\"image\\\/jpeg\",\"filesize\":29025},\"large\":{\"file\":\"SHF_eb00233198_-Weaving-draft-made-with-fiberwork-software-Webqualitaet-1024x659.jpg\",\"width\":1024,\"height\":659,\"mime-type\":\"image\\\/jpeg\",\"filesize\":284707},\"thumbnail\":{\"file\":\"SHF_eb00233198_-Weaving-draft-made-with-fiberwork-software-Webqualitaet-150x150.jpg\",\"width\":150,\"height\":150,\"mime-type\":\"image\\\/jpeg\",\"filesize\":11794},\"medium_large\":{\"file\":\"SHF_eb00233198_-Weaving-draft-made-with-fiberwork-software-Webqualitaet-768x494.jpg\",\"width\":768,\"height\":494,\"mime-type\":\"image\\\/jpeg\",\"filesize\":178266},\"small\":{\"file\":\"SHF_eb00233198_-Weaving-draft-made-with-fiberwork-software-Webqualitaet-440x283.jpg\",\"width\":440,\"height\":283,\"mime-type\":\"image\\\/jpeg\",\"filesize\":62359},\"semi\":{\"file\":\"SHF_eb00233198_-Weaving-draft-made-with-fiberwork-software-Webqualitaet-580x373.jpg\",\"width\":580,\"height\":373,\"mime-type\":\"image\\\/jpeg\",\"filesize\":106216},\"mobile\":{\"file\":\"SHF_eb00233198_-Weaving-draft-made-with-fiberwork-software-Webqualitaet-720x464.jpg\",\"width\":720,\"height\":464,\"mime-type\":\"image\\\/jpeg\",\"filesize\":162953},\"original\":{\"file\":\"SHF_eb00233198_-Weaving-draft-made-with-fiberwork-software-Webqualitaet.jpg\",\"width\":1280,\"height\":824}}},{\"id\":4,\"width\":696,\"height\":700,\"alt\":\"Walla Capelobo &quot;The hunters speak the same language&quot;, 2024\",\"title\":\"\",\"description\":\"\",\"label\":\"Walla Capelobo &quot;The hunters speak the same language&quot;, 2024\",\"copyright\":\"Courtesy Walla Capelobo\",\"path\":\"\\\/wp-content\\\/uploads\\\/2024\\\/09\\\/\",\"sizes\":{\"medium\":{\"file\":\"SHF_eb00233194_Walla-Capelobo-_The-hunters-speak-the-same-language_-2024-Webqualitaet-298x300.jpg\",\"width\":298,\"height\":300,\"mime-type\":\"image\\\/jpeg\",\"filesize\":19529},\"thumbnail\":{\"file\":\"SHF_eb00233194_Walla-Capelobo-_The-hunters-speak-the-same-language_-2024-Webqualitaet-150x150.jpg\",\"width\":150,\"height\":150,\"mime-type\":\"image\\\/jpeg\",\"filesize\":6894},\"small\":{\"file\":\"SHF_eb00233194_Walla-Capelobo-_The-hunters-speak-the-same-language_-2024-Webqualitaet-437x440.jpg\",\"width\":437,\"height\":440,\"mime-type\":\"image\\\/jpeg\",\"filesize\":33350},\"semi\":{\"file\":\"SHF_eb00233194_Walla-Capelobo-_The-hunters-speak-the-same-language_-2024-Webqualitaet-577x580.jpg\",\"width\":577,\"height\":580,\"mime-type\":\"image\\\/jpeg\",\"filesize\":48812},\"original\":{\"file\":\"SHF_eb00233194_Walla-Capelobo-_The-hunters-speak-the-same-language_-2024-Webqualitaet.jpg\",\"width\":696,\"height\":700}}},{\"id\":5,\"width\":1280,\"height\":721,\"alt\":\"Dancing couple in a cozy venue with colorful lights and music in the background.\",\"title\":\"\",\"description\":\"\",\"label\":\"Edna Martinez &amp;amp; Miguel Buenrostro, &quot;Crossing Echoes&quot;\",\"copyright\":\"Courtesy Miguel Buenrostro\",\"path\":\"\\\/wp-content\\\/uploads\\\/2024\\\/09\\\/\",\"sizes\":{\"medium\":{\"file\":\"SHF_eb00233195_Edna-Martinez-_-Miguel-Buenrostro-_Crossing-Echoes_-Webqualitaet-300x169.jpg\",\"width\":300,\"height\":169,\"mime-type\":\"image\\\/jpeg\",\"filesize\":12698},\"large\":{\"file\":\"SHF_eb00233195_Edna-Martinez-_-Miguel-Buenrostro-_Crossing-Echoes_-Webqualitaet-1024x577.jpg\",\"width\":1024,\"height\":577,\"mime-type\":\"image\\\/jpeg\",\"filesize\":93434},\"thumbnail\":{\"file\":\"SHF_eb00233195_Edna-Martinez-_-Miguel-Buenrostro-_Crossing-Echoes_-Webqualitaet-150x150.jpg\",\"width\":150,\"height\":150,\"mime-type\":\"image\\\/jpeg\",\"filesize\":6620},\"medium_large\":{\"file\":\"SHF_eb00233195_Edna-Martinez-_-Miguel-Buenrostro-_Crossing-Echoes_-Webqualitaet-768x433.jpg\",\"width\":768,\"height\":433,\"mime-type\":\"image\\\/jpeg\",\"filesize\":58577},\"small\":{\"file\":\"SHF_eb00233195_Edna-Martinez-_-Miguel-Buenrostro-_Crossing-Echoes_-Webqualitaet-440x248.jpg\",\"width\":440,\"height\":248,\"mime-type\":\"image\\\/jpeg\",\"filesize\":23225},\"semi\":{\"file\":\"SHF_eb00233195_Edna-Martinez-_-Miguel-Buenrostro-_Crossing-Echoes_-Webqualitaet-580x327.jpg\",\"width\":580,\"height\":327,\"mime-type\":\"image\\\/jpeg\",\"filesize\":36922},\"mobile\":{\"file\":\"SHF_eb00233195_Edna-Martinez-_-Miguel-Buenrostro-_Crossing-Echoes_-Webqualitaet-720x406.jpg\",\"width\":720,\"height\":406,\"mime-type\":\"image\\\/jpeg\",\"filesize\":52418},\"original\":{\"file\":\"SHF_eb00233195_Edna-Martinez-_-Miguel-Buenrostro-_Crossing-Echoes_-Webqualitaet.jpg\",\"width\":1280,\"height\":721}}},{\"id\":6,\"width\":240,\"height\":307,\"alt\":\"Historical photo of a person in traditional attire, sitting in a garden with trees and a stone wall.\",\"title\":\"\",\"description\":\"\",\"label\":\"Ba Taonga Julia Kaunda-Kaseka in the Modzi Arts space, Zambia, planning a &quot;W.I.T.C.H We Intend To Cause Havoc&quot; concert. Photo from Sometimes Publishing&#039;s magazine issue on Zamrock, 2021\",\"copyright\":\"Photo: Sheldon Omar-Abba \\\/ Courtesy Sometimes Publishing & Ba Taonga Julia Kaunda-Kaseka\",\"path\":\"\\\/wp-content\\\/uploads\\\/2024\\\/09\\\/\",\"sizes\":{\"medium\":{\"file\":\"SHF_eb00233200-Webqualitaet-235x300.jpg\",\"width\":235,\"height\":300,\"mime-type\":\"image\\\/jpeg\",\"filesize\":20455},\"thumbnail\":{\"file\":\"SHF_eb00233200-Webqualitaet-150x150.jpg\",\"width\":150,\"height\":150,\"mime-type\":\"image\\\/jpeg\",\"filesize\":7509},\"original\":{\"file\":\"SHF_eb00233200-Webqualitaet.jpg\",\"width\":240,\"height\":307}}}]\t\t\t\t\t\t\t}\n\t\t\t\t\t\t\t<\/script>\n\n\t\t\t\t\t\t\t<swiper :options=\"options\" @slide-change=\"track\">\n\t\t\t\t\t\t\t\t<div class=\"swiper-slide\" :key=\"image.id\" v-for=\"image in images\">\n\t\t\t\t\t\t\t\t\t<block-gallery-item inline-template :image=\"image\">\n\t\t\t\t\t\t\t\t\t\t<figure class=\"swiper-slide-image-wrapper\" ref=\"parent\">\n\t\t\t\t\t\t\t\t\t\t\t<div class=\"width-container\" ref=\"container\" :style=\"style\">\n\t\t\t\t\t\t\t\t\t\t\t\t<div data-swiper-parallax-x=\"50%\">\n\t\t\t\t\t\t\t\t\t\t\t\t<img :src=\"image.src\" :alt=\"image.alt\" v-if=\"image.id < 2\">\n\t\t\t\t\t\t\t\t\t\t\t\t<img class=\"swiper-lazy\" :data-src=\"image.src\" :alt=\"image.alt\" v-else>\n\t\t\t\t\t\t\t\t\t\t\t\t<\/div>\n\t\t\t\t\t\t\t\t\t\t\t<\/div>\n\t\t\t\t\t\t\t\t\t\t<\/figure>\n\t\t\t\t\t\t\t\t\t<\/block-gallery-item>\n\n\t\t\t\t\t\t\t\t\t<figcaption>\n\t\t\t\t\t\t\t\t\t\t<div class=\"lazy-media-info-body-content\">\n\t\t\t\t\t\t\t\t\t\t\t<div v-html=\"image.label\"><\/div>\n\t\t\t\t\t\t\t\t\t\t\t<div v-html=\"image.description\"><\/div>\n\t\t\t\t\t\t\t\t\t\t\t<div class=\"insignificant\" v-if=\"image.copyright\" v-html=\"'\u00a9 '+image.copyright\"><\/div>\n\t\t\t\t\t\t\t\t\t\t<\/div>\n\t\t\t\t\t\t\t\t\t<\/figcaption>\n\t\t\t\t\t\t\t\t<\/div>\n\n\t\t\t\t\t\t\t\t<div class=\"swiper-pagination\"  slot=\"pagination\"><\/div>\n\n\t\t\t\t\t\t\t\t<button class=\"icon-round swiper-button-prev\" slot=\"button-prev\" aria-label=\"Last images\">\n\t\t\t\t\t\t\t\t\t<span class=\"icon-next\" aria-hidden=\"true\"><\/span>\n\t\t\t\t\t\t\t\t<\/button>\n\n\t\t\t\t\t\t\t\t<button class=\"icon-round swiper-button-next\" slot=\"button-next\" aria-label=\"Next image\">\n\t\t\t\t\t\t\t\t\t<span class=\"icon-next\" aria-hidden=\"true\"><\/span>\n\t\t\t\t\t\t\t\t<\/button>\n\t\t\t\t\t\t\t<\/swiper>\n\t\t\t\t\t\t<\/div>\n\t\t\t\t\t<\/block-gallery>\n\t\t\t\t<\/div>\n\t\t\t<\/div>\n\t\t<\/div>\n\t<\/div>\n<\/section>\n\n\n<section class=\"block block-accordion\">\n\t<div class=\"container-fluid\">\n\t\t<div class=\"row\">\n\t\t\t<div class=\"col-xs-12 col-md-offset-2 col-md-8\">\n\t\t\t\t<div class=\"box\">\n\t\t\t\t\t\t\t\t\t\t\t<block-accordion inline-template>\n\t\t\t\t\t\t\t<div class=\"accordion\">\n\t\t\t\t\t\t\t\t\t\t\t\t\t\t\t<block-accordion-item inline-template item-headline=\"Friday, 25 October 2024\">\n\t\t\t\t\t\t\t\t<div ref=\"item\" data-id=\"Friday25October2024\" class=\"block-accordion-item vue-initialize\" aria-expanded=\"false\" :aria-expanded=\"active ? 'true' : 'false'\">\n\t\t\t\t\t\t\t\t\t<button class=\"accordion-button-with-icon block-accordion-item-head\" :class=\"{'button-active': active}\" ref=\"head\" aria-controls=\"acc_69ee35db30ffe\" id=\"acc_title_69ee35db31003\" @click=\"toggle\" @keydown=\"key\">\n\t\t\t\t\t\t\t\t\t<div><span class=\"button-label\">Friday, 25 October 2024<\/span><\/div><span class=\"button-icon icon-plus\" aria-hidden=\"true\"><\/span>\n\t\t\t\t\t\t\t\t<\/button>\n\t\t\t\t\t\t\t\t\t<div ref=\"body\" class=\"block-accordion-item-content\" id=\"acc_69ee35db30ffe\" role=\"region\">\n\t\t\t\t\t\t\t\t\t\t<div class=\"wrapper copy\">\n\t\t\t\t\t\t\t\t\t\t\t<p><strong>5:30 PM to 7:00 PM<\/strong><br \/>\nHall 2<br \/>\nLanguage: English (with Spanish translation)<\/p>\n<h5><strong>Opening: 99 Questions Gathering: on the Poetics of Loose Ends <\/strong><\/h5>\n<p>Opening remarks from Prof. Dr. Hartmut Dorgerloh (General Director of the Humboldt Forum).<\/p>\n<p>Foreword to the <em>99 Questions Gathering<\/em> by curator Michael Dieminger<\/p>\n<h5>Research-Nodes: Textiles Semillas and South-to-South<br \/>\nA Group Presentation<\/h5>\n<p>An Introduction to the two research nodes\u00a0<em>Textiles Semillas<\/em>\u00a0and\u00a0<em>South-to-South<\/em>\u00a0that have evolved over the past years through profound collaborations with Textiles Semillas (Gran Chaco, Argentina), Centre d&#8217;art Waza (Lubumbashi, D.R. Congo), and Piv\u00f4 Art and Research (Salvador de Bah\u00eda, Brazil). These projects, each distinct yet deeply connected, will unfold through various formats during the gathering, inviting reflection, exchange, and participation.<\/p>\n<p><span style=\"text-decoration: underline\">With:<\/span><strong><br \/>\n<\/strong>Sara Garz\u00f3n, Patrick Mudekereza, Alejandra Mizrahi, Andrei Fern\u00e1ndez, Ramon Martins, Michael Dieminger, and Jean Kamba (host)<\/p>\n<p><strong>\u00a0<\/strong><\/p>\n<p><strong>7:00 PM to 7:50 PM <\/strong><br \/>\nHall 2<br \/>\nLanguage: English (with Spanish translation)<\/p>\n<h5>\u201cFrom Curator to Kirata: Torwartds Non-Extractivist Curation\u201d\u00a0with Patrick Mudekereza<\/h5>\n<p><span data-teams=\"true\"><span class=\"ui-provider a b c d e f g h i j k l m n o p q r s t u v w x y z ab ac ae af ag ah ai aj ak\" dir=\"ltr\">Is the collection of contemporary African art more virtuous than the plundering of ancient art from pre-colonial and colonial times? Does the fact that African artists now have a voice\u2014officiating at vernissages and appearing on television platforms\u2014significantly alter how their work is perceived and valued? A hasty affirmative response to these questions overlooks the persistence of an extractivist mentality in the conception and development of public and private collections in Europe and North America. This mindset perpetuates the inability to liberate the notion of art from its colonial history. In Kinshasa, artists have developed a distinct lexicon reflecting their ambition for a scene that resonates with their identity while aspiring to engage with the world. The Centre d&#8217;art Waza, focused on local practices, has coined the term \u201cKirata,\u201d meaning \u201cfriends who help the artist respond to grant applications.\u201d This term is not merely a Lingala-accented adaptation of \u201ccurator\u201d; it represents a shift away from hierarchical, Eurocentric biases and the development of strategies for navigating a neoliberal art world while maintaining artistic integrity. This presentation will explore some of the practical applications of this concept.<\/span><\/span><\/p>\n<h6><strong>About Patrick Mudekereza <\/strong><\/h6>\n<p><strong>Patrick Mudekereza<\/strong> (*1983) is an author, curator, and art historian. Patrick Mudekereza lives and works in Lubumbashi (D.R. Congo). He is the director of the Waza Art Centre. Patrick co-founded and was on the board of numerous international professional networks such as\u00a0<em>Arts Collaboratory<\/em>,\u00a0<em>Another Roadmap for Arts education<\/em>\u00a0and\u00a0<em>Liboke<\/em>, a network of independent Congolese cultural centres, as well as the\u00a0<em>International Biennial Association<\/em>\u00a0and\u00a0<em>ARTerial Network<\/em>. He co-founded and directed the first three editions of\u00a0<em>Rencontres Picha<\/em>, the Lubumbashi Biennale (2008-2015). He has organised exhibitions such as\u00a0<em>Prise de Terre <\/em>(Bozar, 2010),\u00a0<em>Close Openings\/Vernissage Fugaces<\/em>\u00a0(Lubumbashi, 2011),\u00a0<em>Mining Lubum <\/em>(VANSA, Johannesburg, 2015), <em>Silimuka<\/em>\u00a0(Museum of Contemporary Art GfZK Leipzig, 2017),\u00a0<em>Aire d\u2019oiseaux imaginaires <\/em>(Biennale du Congo in Kinshasa, 2019, and Bogardenkapel Brugge, 2019),\u00a0<em>Kirata<\/em>\u00a0(<em>documenta fifteen<\/em>, Kassel, 2022). He participated in various education and publication projects in Europe, Africa, Asia, and Latin America (Lagos Biennial, Berlin Biennial, as well as collaborations with art spaces in Colombia, Costa Rica, Indonesia, India, Germany, Switzerland, among others). He currently teaches at the Faculty of Architecture at the University of Lubumbashi.<\/p>\n<p>&nbsp;<\/p>\n<p><strong>8:00 PM to 9:00 PM <\/strong><br \/>\nHall 2<br \/>\nLanguage: English (with Spanish translation)<\/p>\n<h5>Infrastructures for Post-Extractivist Futures<br \/>\nRoundtable<\/h5>\n<p>This roundtable invites us to understand extractivism not only as a practice but also as a logic that shaped modernity and its institutions. We seek to explore how museums and cultural institutions can be reimagined as places of the \u201cpluriverse\u201d\u2014spaces where many worlds coexist and interconnect. What infrastructures do we need to overcome extractivist principles? What kinds of new dialogues and funding models are necessary to strengthen local needs and communities and enable alternative forms of being and knowing?<\/p>\n<p><span style=\"text-decoration: underline\">With:<\/span><\/p>\n<ul>\n<li>Ba Taonga Julia Kaunda-Kaseka, founder and director of Modzi Arts in Lusaka<\/li>\n<li>Andrei Fernandez, independent curator and intercultural manager from northern Argentina<\/li>\n<li>Han Song Hiltmann, Head of Program, Stiftung Humboldt Forum<\/li>\n<li>Jean Kamba, Journalist and art critic from Kinshasa (Moderation)<\/li>\n<li>Patrick Mudekereza, director of the Centre d&#8217;art Waza in Lubumbashi<\/li>\n<li>Monica H\u00f4ff , Piv\u00f4 Art and Research, S<em>\u00e3<\/em>o Paulo<\/li>\n<\/ul>\n\n\t\t\t\t\t\t\t\t\t\t\t\t\t\t\t\t\t\t\t\t\t\t\t\t\t\t\t\t\t\t\t\t\t\n\t\t\t\t\t\t\t\t\t\t\t<div class=\"row\">\n\t\t\t\t\t\t\t\t\t\t\t\t<div class=\"col-xs-9 col-md-9\">\n\t\t\t\t\t\t\t\t\t\t\t\t\t<div class=\"box\">\n\t\t\t\t\t\t\t\t\t\t\t\t\t\t\t\t\t\t\t\t\t\t\t\t\t\t\t<\/div>\n\t\t\t\t\t\t\t\t\t\t\t\t<\/div>\n\t\t\t\t\t\t\t\t\t\t\t<\/div>\n\n\t\t\t\t\t\t\t\t\t\t\t\t\t\t\t\t\t\t\t\t\t<\/div>\n\t\t\t\t\t\t\t\t\t<\/div>\n\t\t\t\t\t\t\t\t<\/div>\n\t\t\t\t\t\t\t\t<\/block-accordion-item>\n\t\t\t\t\t\t\t\t\t\t\t\t\t\t<block-accordion-item inline-template item-headline=\"Saturday, 26 October 2024\">\n\t\t\t\t\t\t\t\t<div ref=\"item\" data-id=\"Saturday26October2024\" class=\"block-accordion-item vue-initialize\" aria-expanded=\"false\" :aria-expanded=\"active ? 'true' : 'false'\">\n\t\t\t\t\t\t\t\t\t<button class=\"accordion-button-with-icon block-accordion-item-head\" :class=\"{'button-active': active}\" ref=\"head\" aria-controls=\"acc_69ee35db317ed\" id=\"acc_title_69ee35db317f0\" @click=\"toggle\" @keydown=\"key\">\n\t\t\t\t\t\t\t\t\t<div><span class=\"button-label\">Saturday, 26 October 2024<\/span><\/div><span class=\"button-icon icon-plus\" aria-hidden=\"true\"><\/span>\n\t\t\t\t\t\t\t\t<\/button>\n\t\t\t\t\t\t\t\t\t<div ref=\"body\" class=\"block-accordion-item-content\" id=\"acc_69ee35db317ed\" role=\"region\">\n\t\t\t\t\t\t\t\t\t\t<div class=\"wrapper copy\">\n\t\t\t\t\t\t\t\t\t\t\t<p><strong>11:00 AM to 4:30 PM<\/strong><br \/>\nHall 2<br \/>\nLanguage: Spanish (with English translation)<\/p>\n<p><em>This workshop is currently fully booked. Please consider choosing a different workshop. Should you like to be put on the waitlist, please send us an e-mail via <\/em>99questions@humboldtforum.org<em> and we will get back to you if a spot becomes available.\u00a0<\/em><\/p>\n<h5>\u201cContar la tela\u201d: Telling Stories Through Textiles<br \/>\nA Workshop with Diverse Voices from Textile Traditions with the Uni\u00f3n Textiles Semillas<\/h5>\n<p>The workshop \u201cContar la tela\u201d, hosted by the <em>Uni\u00f3n Textiles Semillas<\/em>, invites you to open your mind and listen to the textiles. As artisanal fabrics, they carry stories from different territories and times. Each thread is a narrative, each fabric is a landscape through which we will travel together. The workshop includes a guided tour through three interactive stations within the installation \u201cLa crecida\u201d presented by <em>Textiles Semillas<\/em> in the context of the<em> 99 Questions Gathering<\/em>. Each station is designed as an independent workshop space where participants can choose to engage in one or more sections. The workshop offers the opportunity not only to observe but also to participate: learn to create a Randa net (needle lace), experience weaving on a loom with sheep&#8217;s wool, and join Wich\u00ed weavers in making plant fibers into beautiful fabrics.<\/p>\n<p>The title of <em>Textiles Semillas<\/em>\u2019 collectively created artwork, \u201cLa crecida\u201d, symbolizes the rising water level, reflecting the continuous growth and transformation of the installation. The name denotes movement, continuous growth and metamorphosis. \u201cLa crecida\u201d is a traveling and evolving work that holds the textiles and embroideries created by the twelve groups of weavers that make up the <em>Union Textiles Semillas<\/em>. The artwork embodies the memories of different communities and peoples from Northern Argentina, becoming a living entity that transforms and expands as it moves from place to place. Join us to hear the voices of weavers to discover stories woven into the textures and patterns of different textiles, and to learn techniques and weaving methods that have been passed down from generation to generation.<\/p>\n<p>The workshop \u201cContar la tela\u201d invites you to be part of this experience and contribute to the ongoing genesis of this collectively created art installation, a work that is constantly growing. Throughout the workshop, the installation will continue to evolve and form new connections, culminating in a small closing ceremony on Monday, October 28<sup>th<\/sup>.<\/p>\n<h6>About Uni\u00f3n Textiles Semillas<\/h6>\n<p>The <em>Uni\u00f3n Textiles Semillas<\/em> brings together twelve groups of weavers, artists, and activists from different territories in Northwestern Argentina, along with an intercultural research group called \u201cSembradoras\u201d (Sowers). Since the beginning of 2023, <em>Textiles Semillas<\/em> has connected various women\u2019s organizations from rural and indigenous communities. The project aims at creating collective works and at reaffirming the possibility of growth as a result of combining actions, memories, and struggles.<\/p>\n<p><em>Textiles Semillas<\/em> is coordinated by the Argentine curators \/ artists Andrei Fern\u00e1ndez and Alejandra Mizrahi. The weavers from <em>Textiles Semillas<\/em> have presented and further developed their collective works in Amaicha del Valle, Tilcara, Atamisqui, and San Miguel de Tucum\u00e1n, accompanied by workshops for knowledge exchange as well as textile fairs. The project is part of the <em>99 Questions<\/em> program at the Humboldt Forum in Berlin.<\/p>\n<p>In 2024, <em>Textiles Semillas<\/em> participated in the Textile Art Day at the Museum of Latin American Art in Buenos Aires (MALBA) as part of the exhibition <em>Dreaming Water<\/em> by Cecilia Vicu\u00f1a as well as the exhibition series \u201cCantando Bajito\u201d at the Ford Foundation Gallery in New York. <em>Textiles Semillas<\/em> also took part in a residency program for artist collectives at the URRA Project in Buenos Aires.<\/p>\n<p>&nbsp;<\/p>\n<p><strong>6:00 PM to 7:30 PM<\/strong><br \/>\nHall 2<br \/>\nLanguage: Spanish (with English translation)<\/p>\n<p><em>To reserve your spot, simply email us at 99questions@humboldtforum.org. (Maximum 20 participants)<\/em><\/p>\n<h5>\u201cWe Grow Because We Come Together\u201d<strong><br \/>\n<\/strong>A Poetic Dialogue at the Edges with Uni\u00f3n Textiles Semillas<\/h5>\n<p>Every fabric carries within its threads the idea of an edge\u2014a line that finishes, protects, but also connects. These edges\u2014which we know as fringes, lace, hems, or in other forms\u2014are the places where matter ends, and the possibility of a new narrative begins. When we look at the \u201ctelas y tierras\u201d (fabrics and lands) of the Uni\u00f3n Textiles Semillas concept of <em>constantly transforming and living<\/em><em>, <\/em>we see the edges not as boundaries, but thresholds inviting growth and transformation.<\/p>\n<p>The workshop \u201cWe Grow because we come together\u201d (in Spanish: \u201cCrecemos porque nos juntamos\u201d) is an invitation to work together on these edges\u2014to expand and transform the borders of our fabrics by exploring the techniques used by this community of weavers. It is a process of co-creation, experimentation, and an invitation to engage in dialogue with the material and the stories it carries.<\/p>\n<p>The weavers will guide us through various methods of edge-making \u2014 as if these edges were new paths, new stories waiting to be walked upon. The fabric-land grows into the space, its edges lifting through netting, macram\u00e9, crochet, and braiding, opening up to new forms of thinking, touching, and connecting.<\/p>\n<h6><strong>About Uni\u00f3n Textiles Semillas<\/strong><\/h6>\n<p>The <strong>Uni\u00f3n Textiles Semillas<\/strong> brings together twelve groups of weavers, artists, and activists from different territories in northwestern Argentina, along with an intercultural research group called \u201cSembradoras\u201d (Sowers). Since the beginning of 2023, Textiles Semillas has connected various women\u2019s organizations from rural and indigenous communities.\u00a0 The project aims at creating collective works, reaffirming the possibility of growth as a result of combining actions, memories, and struggles.<\/p>\n<p><em>Textiles Semillas<\/em> is coordinated by the Argentine curators and artists Andrei Fern\u00e1ndez and Alejandra Mizrahi. The weavers from Textiles Semillas have presented and further developed their collective works in Amaicha del Valle, Tilcara, Atamisqui, and San Miguel de Tucum\u00e1n, accompanied by workshops for knowledge exchange and textile fairs. The project is part of the 99 Questions program at the Humboldt Forum.<\/p>\n<p>In 2024, Textiles Semillas participated in the Textile Art Day at the Museum of Latin American Art in Buenos Aires (MALBA) as part of the exhibition \u201cDreaming Water\u201d by Cecilia Vicu\u00f1a as well as the exhibition series \u201cCantando Bajito\u201d at the Ford Foundation Gallery in New York. \u201cTextiles Semillas\u201d also took part in a residency program for artist collectives at the URRA Project in Buenos Aires.<\/p>\n<p>&nbsp;<\/p>\n<p><strong>8.00 PM to 9.00 PM <\/strong><br \/>\nHall 2<br \/>\nLanguage: French (with English translation)<\/p>\n<h5>Territoires\u00a0Humains\u00a0III: The Museum of human meanings<strong><br \/>\n<\/strong>A Performance by Joseph K. Kasau Wa Mambwe<\/h5>\n<p><em>Territoires<\/em><em>\u00a0<\/em><em>humains<\/em>\u00a0is an ongoing iterative project developed by Joseph K. Kasau\u00a0Wa\u00a0Mambwe in 2022 that addresses the growing gap between humans that has emerged during the technological age, and the desire to reconnect. \u00a0Through artistic and inter-human\u00a0endeavors, the project seeks to\u00a0create\u00a0spaces for human solidarity and collective\u00a0re-socialization.<\/p>\n<p>In this iteration,\u00a0titled \u201cThe Museum of Human meanings,\u201d Joseph invites everyone to remember and to share the sensation of what it means to be human. It is an interactive performance, best described as a convivial encounter to collectively reimagine ways of being together, and to be more tactile and present with one another. In French, the term\u00a0\u2018Mus\u00e9e\u00a0des\u00a0sens\u00a0humains\u2019\u00a0encapsulated the different layers of the performance through the double meaning of the word \u2018sens.\u2019 In the first instance, make us think of SENSES as organs, and thus how, in this process of re-Humanization, we use our sensitivities to create spaces for physical poetic sharing. But also, in a second moment, SENS as Meanings &#8211; that an object, a gesture, a word, an image or a snippet of memory shared in a conviviality to be sought and found, can carry at a precise moment.<\/p>\n<p>Through a digital collage and a monologue interspersed with exchanges with the audience, Joseph invites each and every one to share the memory of a human emotion contained in an object or gesture he has taken to the museum, in order to produce an associative and humanizing memorial space that would be formulated as the only solution for escaping our own virtuality.<\/p>\n<h6><strong><br \/>\nAbout Joseph K. Kasau\u00a0Wa\u00a0Mambwe<\/strong><\/h6>\n<p>Born and based in Lubumbashi, <strong>Joseph K. Kasau\u00a0Wa\u00a0Mambwe<\/strong> (*1995) holds a degree in Information and Communication Sciences from the University of Lubumbashi.\u00a0After his studies, he specialized in Performing Arts. From\u00a0theater\u00a0and cinema to photography, installation and creative writing, Joseph&#8217;s artistic gesture is built around the urgency of telling and producing new narratives. His work addresses the complexity of memory and identity in a post-colonial urban context. His research and productions pay close attention to social interactions, highlighting power relations and proposing alternatives for change and togetherness. Since 2017, Joseph K. Kasau has worked both as an artist and cultural operator with organizations in Africa, Europe, and North and South America, including in his home Congo, RD. In turn, he has worked as Deputy Coordinator and Communications Officer at the\u00a0Kidogo\u00a0Kidogo\u00a0Films Festival (2016\u20132019), Production Assistant at the\u00a0Bya\u00a0Ma\u00a0Ngoma\u00a0Dance Festival (2018), Editorial Assistant at the Lubumbashi Biennale (2019), Production Assistant at Ateliers\u00a0Picha (2019\u20132021), and Senior Scriptwriter at the digital label\u00a0Multim\u00e9dia\u00a0(2016\u20132021).\u00a0 In 2020, he co-founded the Nidjekonnexion collective in Lubumbashi, which he ran until 2024. Currently, he works as associate curator at\u00a0Modzi\u00a0Arts in Lusaka and is a member of\u00a0Groupe50:50, a collective comprising a group of Congolese, German and Swiss artists developing a form of post-documentary musical\u00a0theater.<\/p>\n<p>&nbsp;<\/p>\n\n\t\t\t\t\t\t\t\t\t\t\t\t\t\t\t\t\t\t\t\t\t\t\t\t\t\t\t\t\t\t\t\t\t\n\t\t\t\t\t\t\t\t\t\t\t<div class=\"row\">\n\t\t\t\t\t\t\t\t\t\t\t\t<div class=\"col-xs-9 col-md-9\">\n\t\t\t\t\t\t\t\t\t\t\t\t\t<div class=\"box\">\n\t\t\t\t\t\t\t\t\t\t\t\t\t\t\t\t\t\t\t\t\t\t\t\t\t\t\t<\/div>\n\t\t\t\t\t\t\t\t\t\t\t\t<\/div>\n\t\t\t\t\t\t\t\t\t\t\t<\/div>\n\n\t\t\t\t\t\t\t\t\t\t\t\t\t\t\t\t\t\t\t\t\t<\/div>\n\t\t\t\t\t\t\t\t\t<\/div>\n\t\t\t\t\t\t\t\t<\/div>\n\t\t\t\t\t\t\t\t<\/block-accordion-item>\n\t\t\t\t\t\t\t\t\t\t\t\t\t\t<block-accordion-item inline-template item-headline=\"Sunday, 27 October 2024\">\n\t\t\t\t\t\t\t\t<div ref=\"item\" data-id=\"Sunday27October2024\" class=\"block-accordion-item vue-initialize\" aria-expanded=\"false\" :aria-expanded=\"active ? 'true' : 'false'\">\n\t\t\t\t\t\t\t\t\t<button class=\"accordion-button-with-icon block-accordion-item-head\" :class=\"{'button-active': active}\" ref=\"head\" aria-controls=\"acc_69ee35db31e12\" id=\"acc_title_69ee35db31e15\" @click=\"toggle\" @keydown=\"key\">\n\t\t\t\t\t\t\t\t\t<div><span class=\"button-label\">Sunday, 27 October 2024<\/span><\/div><span class=\"button-icon icon-plus\" aria-hidden=\"true\"><\/span>\n\t\t\t\t\t\t\t\t<\/button>\n\t\t\t\t\t\t\t\t\t<div ref=\"body\" class=\"block-accordion-item-content\" id=\"acc_69ee35db31e12\" role=\"region\">\n\t\t\t\t\t\t\t\t\t\t<div class=\"wrapper copy\">\n\t\t\t\t\t\t\t\t\t\t\t<p><strong>11.00 AM to 5.00 PM<\/strong><br \/>\nHall 2<br \/>\nLanguage: English (with Spanish translation)<\/p>\n<p><em>To reserve your spot, simply email us at 99questions@humboldtforum.org. (Maximum 10 participants)<\/em><\/p>\n<h5>Inflexible code\/ flexible threads by Diane Cescutti<br \/>\nelectrifying stories into threads<\/h5>\n<p>This workshop offers an intertwined introduction to weaving on a 4- or 8-shaft loom, creating visual novels with Ren\u2019py software, and using the Makey-Makey connectivity device. Participants are invited to experiment with weaving using conductive and insulating materials.<\/p>\n<p>The conductive materials will transform the loom and the woven fabric into interactive tools and surfaces that connect with the Makey-Makey device. With the help of Ren\u2019py software (a free tool for creating visual novel video games), participants will also code a short interactive story to accompany the augmented textile, turning the entire system into a video game played with a loom instead of a controller or keyboard.<\/p>\n<p>The loom becomes a new interface, a new medium that allows us to write a different kind of story with touch and materiality\u2014a story born from the interweavings of our hands and our imagination.<\/p>\n<h6>About Diane Cescutti<\/h6>\n<p><strong>Diane Cescutti<\/strong>, born in 1998, is a French transmedia artist. She lives and works in Saint-Etienne, France. Cescutti studied Fine Arts and Textile at the \u00c9cole des Beaux-Arts de Nantes in France, Tokyo University of the Arts in Japan, and in the University of Houston in the United States. Her practice starts from the loom as the origin of computation. By tracing the history of computer code, she finds herself entangled in the world of weaving, and by following the crossing of the fibers of her loom, she arrives at its ethereal form: its algorithm. Through a histofuturist, speculative and narrative approach, she explores the historical, technological, mathematical, and aesthetic links between weaving, textiles, and computers. By employing a range of different media including weaving, sculpture, installations, video, and 3D art, she seeks to redefine and challenge our understanding of technology and textiles, as well as their roles as conduits for transmitting knowledge, data, stories, traditions, and spirituality.<\/p>\n<p>In 2023, Diane Cescutti won the Faku&#8217;Gesi awards for digital art, followed by the Ars Electronica Prize in interactive Art + in 2024 which she received for her interactive installation \u201cNosukaay\u201d.<\/p>\n<p>&nbsp;<\/p>\n<p><strong>5.30 PM to 6.20 PM<\/strong><br \/>\nHall 2<br \/>\nLanguage: English (with Spanish translation)<\/p>\n<h5>What is it like to be Earth? By Oscar Santill\u00e1n<\/h5>\n<p>Drawing from his interdisciplinary research, Oscar Santill\u00e1n will explore concepts of decentralized cognition and challenge conventional notions of intelligence. Inspired by Stanislaw Lem&#8217;s novel \u201cSolaris&#8221; and early cybernetics experiments by Stafford Beer and Gordon Pask, he reimagines the Earth as a living entity capable of thought and communication. Santill\u00e1n\u2019s inquiry stems from a fusion of scientific exploration and indigenous perspectives from the Andes, where concepts like \u201dEarthbeings\u201d recognize the planet as inhabited by multiple forms of cognition, emerging from mountains, animals, and lakes. His current research examines if Earth itself could think, delving into how the planet\u2019s magnetic field interacts with life forms, such as birds that navigate through iron deposits in their beaks.<\/p>\n<p>In this talk, Santill\u00e1n will share insights from his ongoing project, \u201cThe Interspecies Virtual Machine\u201d, and discuss his collaborations with scientists to explore how diverse intelligences\u2014human, animal, and even planetary\u2014might interact and communicate. Through this exploration, he invites us to rethink our relationship with the Earth, considering the planet not just as a backdrop for human activity, but as a participant in a complex, interspecies dialogue.<\/p>\n<h6><strong>About Oscar Santill\u00e1n\u00a0<\/strong><\/h6>\n<p><strong>Oscar Santill\u00e1n<\/strong> is an artist and the founder of studio ANTIMUNDO, based between Amsterdam and Quito. His practice emerges precisely from the concept of \u2018Antimundo\u2019, a cybernetic matrix where science, fiction, and non-human perspectives converge.<\/p>\n<p>Oscar received an MFA in 2011 from the Sculpture Department at Virginia Commonwealth University (USA). He has been a senior researcher at the Davis Center for AI (USA), a researcher at NIAS (NL), and is currently an advisor at De Ateliers Amsterdam (NL).<br \/>\nThe artist has been a resident at institutions such as Jan van Eyck (NL), Fondazione Ratti (IT), Delfina Foundation (GB), the Astronomical Observatory of Leiden (NL), and Skowhegan (USA).<\/p>\n<p>His solo exhibitions include MUAC (MX), Kunstinstituut Melly (NL), Radius CCA (NL), Copperfield (GB), among others. And his group exhibitions include institutions such as LACMA (USA), Yokohama Triennial (JP), NRW FORUM D\u00fcsseldorf (DE), SongEun Art Space (KR), MacAlline Art Center (CN), Irish Museum of Modern Art (IE), among others.<\/p>\n<p>&nbsp;<\/p>\n<p><strong>6.30 PM to 7.20 PM<\/strong><br \/>\nHall 2<br \/>\nLanguage: English (with Spanish translation)<\/p>\n<h5>Poetics of an Emancipatory\u00a0Cosmotechnics<br \/>\nA conversation with Paula Gaetano Adi<\/h5>\n<p>In this session, artist Paula Gaetano Adi will screen her short video-essay\u00a0\u201cThe\u00a0Robocalyptic\u00a0Manifesto: Techno-Politics for Liberation\u201d, followed by a public talk where she will present a collection of ideas to reimagine robots as comrades in the struggle to repair our planet. Drawing from her own artistic practice of\u00a0making\u00a0robots, she will unfold an ontological examination of technology, rearticulating the relationship between robotics, poetics, and world-making, and will speculate about robotics as a practice of resistance. During the talk and in conversation with the public and the participants, Gaetano Adi will attempt to illuminate the possibility of an &#8217;emancipatory\u00a0\u2019cosmotechnics\u2019 as both a working framework from which we can reassess how we create and use technology and a praxis from which we can rethink human and robot liberation.<\/p>\n<h6><strong>About Paula Gaetano Adi<\/strong><\/h6>\n<p><strong>Paula Gaetano Adi<\/strong> is an\u00a0Argentine\u00a0interdisciplinary artist\u00a0and scholar\u00a0working\u00a0at the intersections of\u00a0robotics,\u00a0crafts\u00a0and performance.\u00a0Her practice\u00a0draws from studies of technoscience, decoloniality and artificial life and enacts speculative scenarios that stress the power of technological speculation in illuminating new social narratives and new images of the possible. Gaetano Adi\u00a0has exhibited\u00a0and presented work extensively\u00a0in museums, conferences, and art festivals throughout Europe, Asia, and\u00a0the Americas, in locales such as the National Art Museum of China,\u00a0Matadero\u00a0Madrid,\u00a0MejanLabs\u00a0Gallery Stockholm, SECS Sao Paulo, Vancouver National Art Gallery,\u00a0Pera\u00a0Museum Istanbul, Centro Nacional de las Artes Mexico, Ars Electronica,\u00a0Bienalsur, Getty Research Institute, among others. Creative Capital Awardee and former fellow at Argentina\u2019s National Endowment for the Arts, the Center for Research in Engineering, Media and Performance at UCLA and Rensselaer Polytechnic Institute\u2019s EMPAC,\u00a0she currently lives between San Juan, Argentina and Rhode Island, United States where she is Professor of Experimental &amp; Foundation Studies at the Rhode Island School of Design (RISD).<\/p>\n<p>&nbsp;<\/p>\n<p><strong>7.30 PM to 8.30 PM<\/strong><br \/>\nHall 2<br \/>\nLanguage: English (with Spanish translation)<\/p>\n<h5>The Singing of Machines: Intelligences, Technologies, and Cosmic Connections<br \/>\nRoundtable discussion<\/h5>\n<p>At the center of this concluding roundtable, moderated by Sara Garz\u00f3n, is the collective exploration of the interweaving of artistic practice, technology, and new forms of knowledge. What happens when we view technology not just as a tool, but as a medium for transformation and resistance? How could technologies, intelligences, and our relationship to the Earth and machines be reimagined?<\/p>\n<p><u>With<\/u><br \/>\nDiane Cescutti, Paula Gaetano Adi, Elisa Balmaceda, Oscar Santill\u00e1n, and Sara Garz\u00f3n (host)<\/p>\n\n\t\t\t\t\t\t\t\t\t\t\t\t\t\t\t\t\t\t\t\t\t\t\t\t\t\t\t\t\t\t\t\t\t\n\t\t\t\t\t\t\t\t\t\t\t<div class=\"row\">\n\t\t\t\t\t\t\t\t\t\t\t\t<div class=\"col-xs-9 col-md-9\">\n\t\t\t\t\t\t\t\t\t\t\t\t\t<div class=\"box\">\n\t\t\t\t\t\t\t\t\t\t\t\t\t\t\t\t\t\t\t\t\t\t\t\t\t\t\t<\/div>\n\t\t\t\t\t\t\t\t\t\t\t\t<\/div>\n\t\t\t\t\t\t\t\t\t\t\t<\/div>\n\n\t\t\t\t\t\t\t\t\t\t\t\t\t\t\t\t\t\t\t\t\t<\/div>\n\t\t\t\t\t\t\t\t\t<\/div>\n\t\t\t\t\t\t\t\t<\/div>\n\t\t\t\t\t\t\t\t<\/block-accordion-item>\n\t\t\t\t\t\t\t\t\t\t\t\t\t\t<block-accordion-item inline-template item-headline=\"Monday, 28 October 2024\">\n\t\t\t\t\t\t\t\t<div ref=\"item\" data-id=\"Monday28October2024\" class=\"block-accordion-item vue-initialize\" aria-expanded=\"false\" :aria-expanded=\"active ? 'true' : 'false'\">\n\t\t\t\t\t\t\t\t\t<button class=\"accordion-button-with-icon block-accordion-item-head\" :class=\"{'button-active': active}\" ref=\"head\" aria-controls=\"acc_69ee35db32316\" id=\"acc_title_69ee35db32317\" @click=\"toggle\" @keydown=\"key\">\n\t\t\t\t\t\t\t\t\t<div><span class=\"button-label\">Monday, 28 October 2024<\/span><\/div><span class=\"button-icon icon-plus\" aria-hidden=\"true\"><\/span>\n\t\t\t\t\t\t\t\t<\/button>\n\t\t\t\t\t\t\t\t\t<div ref=\"body\" class=\"block-accordion-item-content\" id=\"acc_69ee35db32316\" role=\"region\">\n\t\t\t\t\t\t\t\t\t\t<div class=\"wrapper copy\">\n\t\t\t\t\t\t\t\t\t\t\t<p><strong>11.00 AM to 11.50 AM<\/strong><br \/>\nMechanical Arena in the Foyer<br \/>\nLanguage: Portuguese (with English translation)<\/p>\n<h5>Encruzilhada do Mundo Agora<br \/>\nA presentation about reforesting imaginaries to live possible futures by Vanessa Orew\u00e1<\/h5>\n<p>The Encruzilhada (Portuguese: crossroads) is a place of possibilities. It is a spiritual, poetic, bioethical, and political space, as well as a place of formation and transformation. In the context of the afro brazilian religion of Candombl\u00e9, the Encruzilhada is a sacred place where different energies and forces meet\u2014a crossroads between the physical and spiritual worlds. At the same time, it serves as an analytical reference to reality, reflecting the interconnectedness of practices, feelings, voices, wisdoms, and bodies from the Global South. We aim to weave critical reflections on the world in its current state and its qualitative dimensions concerning environmental relations. The Encruzilhada do Mundo Agora is a device that contributes to the cosmo-perception of our ways of being on this planet. It draws on philosophies and epistemologies rooted in African, Afro-diasporic, and Indigenous cosmo-perceptions, fueling the debate on forms of knowledge production and dissemination that perpetuate environmental inequalities and exclude racially marginalized groups from spaces of power, thereby contributing to processes of environmental injustice.<\/p>\n<h6>About Vanessa Orew\u00e1<\/h6>\n<p><strong>Vanessa Orew\u00e1<\/strong> is a PhD candidate in Teaching, Philosophy and History of Sciences, at the Federal University of Bahia. She holds an M.A. in History of Africa, the Diaspora, and Indigenous Peoples from the Federal University of Rec\u00f4ncavo da Bahia, where she developed pioneering work on the Caretas do Mingau. Orew\u00e1 believes in the potential of encounters and the manifestation of art. She understands writing as a possibility of life, a narrative through which a way of existing is formed and collage as a path to recomposing oneself. Orew\u00e1 created the Apaok\u00e1 Ci\u00eancia Preta project. Enthusiastic about the cultural movement in the Rec\u00f4ncavo region of Bahia, she promoted Intangible Cultural Heritage projects. Orew\u00e1 also serves as the co-founder of the Ax\u00e9 Eyin Women\u2019s Center, where she works as a counter-decolonial researcher. In her teaching practice she has a critical approach to the construction and production of scientific knowledge.<\/p>\n<p>&nbsp;<\/p>\n<p><strong>12.00 PM to 12.50 PM <\/strong><br \/>\nMechanical Arena in the Foyer<br \/>\nLanguage: English (with Spanish translation)<\/p>\n<h5>\u201cEl sue\u00f1o del Telar que durmi\u00f3 por la tarde\u201d (The dream of the Loom that slept in the afternoon)<br \/>\nwith biarritz<\/h5>\n<p>The Brazilian artist biarritzzz talks about her commissioned work, which is being shown as part of the 99 Questions Gathering at the Cosmographer in the foyer of the Humboldt Forum.<\/p>\n<p><strong>Artist-Statement:<\/strong><br \/>\n<em>\u201c<\/em>El sue\u00f1o del Telar que durmi\u00f3 por la tarde<em>\u201d<\/em> is a chant that is echoed by the wind\u00a0 in the form of images that move and dance and breathe while your eyes are closed. It is a dialogue between the machine, the natural landscape and a very distant dream. How would a traditional loom describe what it feels when used by generations upon generations of weavers who live surrounded by mountains? How would I, myself, translate those images decoded in my own imagination of a practice that has gotten lost in the paths of time? Starting from a point where I do not recognize hierarchies between technologies (so to say, the microchip is as technological as a manioc sieve, since both are technical instruments developed for solving human problems), I start to imagine what could be a story told by a loom used by the Union Textile Semillas. This story starts at the bottom of the Kosmograf and winds up to its top, each layer playing its role in this kosmos: first, the inside-earth fire cooks life, then the surface waters refresh the land with their translucid movements; out of the sea, the mountains are born, giving a monumental site to this everyday dance; in the sky you find luminous bodies and stars flickering and falling in constant loop; and finally the sky meets the earth with fire and melts everything, all over again.<\/p>\n<h6>About biarritzzz<\/h6>\n<p><strong>biarritzzz<\/strong> (1994, Fortaleza, lives and works in Recife, Brazil) is an anti-disciplinary transmedia artist who investigates languages, codes and media. She believes that magic and the low resolution are important counter narratives to live the current cosmological dispute of realities. She has exhibited in MAM Rio, Museum of Tomorrow, Kunsthall Trondheim, State Of Concept Athens, Delfina Foundation, Satellite platform (Piv\u00f4 Arte e Pesquisa), A.I.R Gallery (online), Centro Cultural S\u00e3o Paulo, The Wrong Biennale, FILE, The Shed NY, among others. Her works make part of the Rhizome Artbase (New Museum), KADIST Foundation and Instituto Moreira Salles collections. 2023 and 2024 PIPA Award nominee.<\/p>\n<p>&nbsp;<\/p>\n<p><strong>2.00 PM to 2.50 PM <\/strong><br \/>\nHall 2<br \/>\nLanguage: English (with Spanish translation)<\/p>\n<h5>The hunters speak the same language<br \/>\nwith Walla Capelobo<\/h5>\n<p>\u201cThe hunters speak the same language\u201d is a speculative work about the energetic flow of physical and\/or spiritual knowledge that has been taking place for centuries between the tropical forests of Brazil and the Democratic Republic of Congo. Both territories face the challenges of mining and its destructive consequences for human and non-human life. The work focuses on the question: How can we regenerate and raise non-domesticated\/indigenous plants? Through cosmological speculation, the return of ancestral technologies that keep forests alive is imagined. The work is fundamentally inspired by the writings of philosophers Fu Kiau (Democratic Republic of Congo) and Nego Bispo (Brazil).<\/p>\n<h6>About Walla Capelobo<\/h6>\n<p><strong>Walla Capelobo<\/strong> is a dark forest and fertile mud; she has a master&#8217;s degree in Contemporary Art Studies from the Universidade Federal Fluminense, Rio de Janeiro, Brazil. Her work as an artist is characterized by the flow of time, physical and\/or spiritual energy that surrounds the earth as a result of the exchange of minerals throughout history, technologies, and regeneration. Her practice addresses the sensitive issues of her existence with the support of Afro-indigenous South American technologies, speculative ecologies and decolonizing senses of nature. Capelobo has participated in residencies such as the \u201cAI Anarchies\u201d at the Junge Akademie of theAkademie der K\u00fcnste Berlin (Germany), LabVerde (Amazonia, Brazil), Mat\u00e9ria Abierta (Mexico City, Mexico), CACis (Barcelona, Spain), Piv\u00f4 Arte e Pesquisa (S\u00e3o Paulo, Brazil), and the Institute for Postnature Studies (Madrid, Spain).<\/p>\n<p>&nbsp;<\/p>\n<p><strong>3.00 PM to 3.50 PM<\/strong><br \/>\nHall 2<br \/>\nLanguage: Spanish (with English translation)<\/p>\n<h5>Between Fabric and Stars: Threads that Bind Worlds<br \/>\nRoundtable discussion<\/h5>\n<p>This roundtable with the weavers, sembradoras (planters), and curators of Textiles Semillas will introduce the development of the installation &#8220;La Crecida&#8221; and discuss how weaving can serve as a form of resistance in defending territories and memories, as well as a practice for the creation and connection of worlds.\u00a0 Participants will examine how these practices make alternative forms of knowledge and life visible, beyond the binary distinctions between art and craft. We will debate how Textiles Semillas challenges colonial hierarchies and definitions of art by fostering collective and transformative processes that place transcultural knowledge and pluriversal practices at the center.<\/p>\n<p><u>With<\/u><\/p>\n<p>\u00c1ngela Balderrama, Celeste Valero, Claudia Alarc\u00f3n, Melania Pereyra, Tatiana Belmonte, Milagro Alvarez Colodrero, Fernanda Villagra Serra, Carla Abil\u00e9s, Mercedes Cardozo, M\u00f3nica Chavez, Petrona Luere, Silvina Herrera, Catalina Guitian, Alina Bardavid, Andrei Fernandez, Alejandra Mizrahi, and Michael Dieminger (host)<\/p>\n<p>&nbsp;<\/p>\n<p><strong>4.00 PM to 4.50 PM <\/strong><br \/>\nHall 2<br \/>\nLanguage: English (with Spanish translation)<\/p>\n<h5>A Poetics of Loose Ends: Speculative Infrastructures for the Planetary Present<br \/>\nA presentation by Martin Savransky<\/h5>\n<p>In this concluding talk, Martin Savransky will reflect on the ongoing and unfinished openness of &#8220;99 Questions\u201d \u2014and the riotous profusion of loose ends it generates\u2014 as a speculative infrastructure for reading a planetary present that resists totality and eludes finality.<\/p>\n<h6>About Martin Savransky<\/h6>\n<p><strong>Martin Savransky<\/strong> is Reader in Social and Environmental Thought at the University of Bath. A philosopher and social theorist, Prof Savransky is the author of <em>Around the Day in Eighty Worlds: Politics of the Pluriverse <\/em>(Duke University Press, 2021), and\u00a0<em>The Adventure of Relevance: An Ethics of Social Inquiry <\/em>(Palgrave Macmillan, 2016, with a foreword by Isabelle Stengers). He is co-editor of <em>After Progress <\/em>(Sage, 2022) \u00a0<em>Speculative Research: The Lure of Possible Futures <\/em>(Routledge, 2017), and co-curator of \u201cAfter Progress: A Digital Exhibition in Collaborative Storytelling\u201d (<a href=\"http:\/\/after-progress.com\">after-progress.com<\/a>).<\/p>\n<p>&nbsp;<\/p>\n<p><strong>5.00 PM to 6.00 PM <\/strong><br \/>\nHall 2<br \/>\nLanguage: English (with Spanish translation)<\/p>\n<h5>The Weave Without End: Celebrating the Art of Becoming<br \/>\nRoundtable discussion<\/h5>\n<p>The final roundtable, following Martin Savranski&#8217;s presentation, in which he explores the idea of open connections and unfinished stories in his essay \u201cThe Tangled Planetary: For a Poetics of Loose Ends\u201d, invites us to further reflect on the concept of loose ends. This roundtable is not a conclusion, but a moment of continuity, a space for the ongoing momentum of what has been set in motion throughout the day. Loose ends are not a sign of disorder or incompleteness \u2013 they are the promise of transformation. They symbolize the possibility of weaving new connections without the need for final conclusions. This session does not see the end of the gathering as a closure, but as a beginning, an invitation to embrace the potential of loose ends \u2013 as spaces of becoming, movement, and constant interconnection.<\/p>\n<p><span style=\"text-decoration: underline\">With<\/span><strong><br \/>\n<\/strong>Ana Roman, biarritzzz, Martin Savransky, Union Textiles Semillas, Walla Capelobo, Michael Dieminger, and Jean Kamba (host)<\/p>\n<p>&nbsp;<\/p>\n\n\t\t\t\t\t\t\t\t\t\t\t\t\t\t\t\t\t\t\t\t\t\t\t\t\t\t\t\t\t\t\t\t\t\n\t\t\t\t\t\t\t\t\t\t\t<div class=\"row\">\n\t\t\t\t\t\t\t\t\t\t\t\t<div class=\"col-xs-9 col-md-9\">\n\t\t\t\t\t\t\t\t\t\t\t\t\t<div class=\"box\">\n\t\t\t\t\t\t\t\t\t\t\t\t\t\t\t\t\t\t\t\t\t\t\t\t\t\t\t<\/div>\n\t\t\t\t\t\t\t\t\t\t\t\t<\/div>\n\t\t\t\t\t\t\t\t\t\t\t<\/div>\n\n\t\t\t\t\t\t\t\t\t\t\t\t\t\t\t\t\t\t\t\t\t<\/div>\n\t\t\t\t\t\t\t\t\t<\/div>\n\t\t\t\t\t\t\t\t<\/div>\n\t\t\t\t\t\t\t\t<\/block-accordion-item>\n\t\t\t\t\t\t\t\t\t\t\t\t\t\t<block-accordion-item inline-template item-headline=\"Tuesday, 29 October 2024\">\n\t\t\t\t\t\t\t\t<div ref=\"item\" data-id=\"Tuesday29October2024\" class=\"block-accordion-item vue-initialize\" aria-expanded=\"false\" :aria-expanded=\"active ? 'true' : 'false'\">\n\t\t\t\t\t\t\t\t\t<button class=\"accordion-button-with-icon block-accordion-item-head\" :class=\"{'button-active': active}\" ref=\"head\" aria-controls=\"acc_69ee35db32632\" id=\"acc_title_69ee35db32634\" @click=\"toggle\" @keydown=\"key\">\n\t\t\t\t\t\t\t\t\t<div><span class=\"button-label\">Tuesday, 29 October 2024<\/span><\/div><span class=\"button-icon icon-plus\" aria-hidden=\"true\"><\/span>\n\t\t\t\t\t\t\t\t<\/button>\n\t\t\t\t\t\t\t\t\t<div ref=\"body\" class=\"block-accordion-item-content\" id=\"acc_69ee35db32632\" role=\"region\">\n\t\t\t\t\t\t\t\t\t\t<div class=\"wrapper copy\">\n\t\t\t\t\t\t\t\t\t\t\t<p><em>Humboldt Forum closed.<\/em><\/p>\n\n\t\t\t\t\t\t\t\t\t\t\t\t\t\t\t\t\t\t\t\t\t\t\t\t\t\t\t\t\t\t\t\t\t\n\t\t\t\t\t\t\t\t\t\t\t<div class=\"row\">\n\t\t\t\t\t\t\t\t\t\t\t\t<div class=\"col-xs-9 col-md-9\">\n\t\t\t\t\t\t\t\t\t\t\t\t\t<div class=\"box\">\n\t\t\t\t\t\t\t\t\t\t\t\t\t\t\t\t\t\t\t\t\t\t\t\t\t\t\t<\/div>\n\t\t\t\t\t\t\t\t\t\t\t\t<\/div>\n\t\t\t\t\t\t\t\t\t\t\t<\/div>\n\n\t\t\t\t\t\t\t\t\t\t\t\t\t\t\t\t\t\t\t\t\t<\/div>\n\t\t\t\t\t\t\t\t\t<\/div>\n\t\t\t\t\t\t\t\t<\/div>\n\t\t\t\t\t\t\t\t<\/block-accordion-item>\n\t\t\t\t\t\t\t\t\t\t\t\t\t\t<block-accordion-item inline-template item-headline=\"Wednesday, 30 October 2024\">\n\t\t\t\t\t\t\t\t<div ref=\"item\" data-id=\"Wednesday30October2024\" class=\"block-accordion-item vue-initialize\" aria-expanded=\"false\" :aria-expanded=\"active ? 'true' : 'false'\">\n\t\t\t\t\t\t\t\t\t<button class=\"accordion-button-with-icon block-accordion-item-head\" :class=\"{'button-active': active}\" ref=\"head\" aria-controls=\"acc_69ee35db32a49\" id=\"acc_title_69ee35db32a4c\" @click=\"toggle\" @keydown=\"key\">\n\t\t\t\t\t\t\t\t\t<div><span class=\"button-label\">Wednesday, 30 October 2024<\/span><\/div><span class=\"button-icon icon-plus\" aria-hidden=\"true\"><\/span>\n\t\t\t\t\t\t\t\t<\/button>\n\t\t\t\t\t\t\t\t\t<div ref=\"body\" class=\"block-accordion-item-content\" id=\"acc_69ee35db32a49\" role=\"region\">\n\t\t\t\t\t\t\t\t\t\t<div class=\"wrapper copy\">\n\t\t\t\t\t\t\t\t\t\t\t<p><em>Exhibition open from 10.30 AM to 6.30 PM<\/em><\/p>\n<p><strong>3.00 PM to 4.00 PM<\/strong><br \/>\nHall 2 and Foyer<br \/>\nLanguage: Spanish (with German translation)<\/p>\n<h5>Guided tour of the exhibition with members of Uni\u00f3n Textiles Semillas and curator Michael Dieminger.<\/h5>\n\n\t\t\t\t\t\t\t\t\t\t\t\t\t\t\t\t\t\t\t\t\t\t\t\t\t\t\t\t\t\t\t\t\t\n\t\t\t\t\t\t\t\t\t\t\t<div class=\"row\">\n\t\t\t\t\t\t\t\t\t\t\t\t<div class=\"col-xs-9 col-md-9\">\n\t\t\t\t\t\t\t\t\t\t\t\t\t<div class=\"box\">\n\t\t\t\t\t\t\t\t\t\t\t\t\t\t\t\t\t\t\t\t\t\t\t\t\t\t\t<\/div>\n\t\t\t\t\t\t\t\t\t\t\t\t<\/div>\n\t\t\t\t\t\t\t\t\t\t\t<\/div>\n\n\t\t\t\t\t\t\t\t\t\t\t\t\t\t\t\t\t\t\t\t\t<\/div>\n\t\t\t\t\t\t\t\t\t<\/div>\n\t\t\t\t\t\t\t\t<\/div>\n\t\t\t\t\t\t\t\t<\/block-accordion-item>\n\t\t\t\t\t\t\t\t\t\t\t\t\t\t<block-accordion-item inline-template item-headline=\"Thursday, 31 October 2024\">\n\t\t\t\t\t\t\t\t<div ref=\"item\" data-id=\"Thursday31October2024\" class=\"block-accordion-item vue-initialize\" aria-expanded=\"false\" :aria-expanded=\"active ? 'true' : 'false'\">\n\t\t\t\t\t\t\t\t\t<button class=\"accordion-button-with-icon block-accordion-item-head\" :class=\"{'button-active': active}\" ref=\"head\" aria-controls=\"acc_69ee35db32e60\" id=\"acc_title_69ee35db32e62\" @click=\"toggle\" @keydown=\"key\">\n\t\t\t\t\t\t\t\t\t<div><span class=\"button-label\">Thursday, 31 October 2024<\/span><\/div><span class=\"button-icon icon-plus\" aria-hidden=\"true\"><\/span>\n\t\t\t\t\t\t\t\t<\/button>\n\t\t\t\t\t\t\t\t\t<div ref=\"body\" class=\"block-accordion-item-content\" id=\"acc_69ee35db32e60\" role=\"region\">\n\t\t\t\t\t\t\t\t\t\t<div class=\"wrapper copy\">\n\t\t\t\t\t\t\t\t\t\t\t<p><em>Exhibition open from 10.30 AM to 6.30 PM<\/em><\/p>\n<p><strong>3.00 PM to 4.00 PM<\/strong><br \/>\nHall 2 and Foyer<br \/>\nLanguage: German<\/p>\n<h5>Guided tour of the exhibition with curator Michael Dieminger.<\/h5>\n\n\t\t\t\t\t\t\t\t\t\t\t\t\t\t\t\t\t\t\t\t\t\t\t\t\t\t\t\t\t\t\t\t\t\n\t\t\t\t\t\t\t\t\t\t\t<div class=\"row\">\n\t\t\t\t\t\t\t\t\t\t\t\t<div class=\"col-xs-9 col-md-9\">\n\t\t\t\t\t\t\t\t\t\t\t\t\t<div class=\"box\">\n\t\t\t\t\t\t\t\t\t\t\t\t\t\t\t\t\t\t\t\t\t\t\t\t\t\t\t<\/div>\n\t\t\t\t\t\t\t\t\t\t\t\t<\/div>\n\t\t\t\t\t\t\t\t\t\t\t<\/div>\n\n\t\t\t\t\t\t\t\t\t\t\t\t\t\t\t\t\t\t\t\t\t<\/div>\n\t\t\t\t\t\t\t\t\t<\/div>\n\t\t\t\t\t\t\t\t<\/div>\n\t\t\t\t\t\t\t\t<\/block-accordion-item>\n\t\t\t\t\t\t\t\t\t\t\t\t\t\t<block-accordion-item inline-template item-headline=\"Friday, 1 November 2024\">\n\t\t\t\t\t\t\t\t<div ref=\"item\" data-id=\"Friday1November2024\" class=\"block-accordion-item vue-initialize\" aria-expanded=\"false\" :aria-expanded=\"active ? 'true' : 'false'\">\n\t\t\t\t\t\t\t\t\t<button class=\"accordion-button-with-icon block-accordion-item-head\" :class=\"{'button-active': active}\" ref=\"head\" aria-controls=\"acc_69ee35db33269\" id=\"acc_title_69ee35db3326c\" @click=\"toggle\" @keydown=\"key\">\n\t\t\t\t\t\t\t\t\t<div><span class=\"button-label\">Friday, 1 November 2024<\/span><\/div><span class=\"button-icon icon-plus\" aria-hidden=\"true\"><\/span>\n\t\t\t\t\t\t\t\t<\/button>\n\t\t\t\t\t\t\t\t\t<div ref=\"body\" class=\"block-accordion-item-content\" id=\"acc_69ee35db33269\" role=\"region\">\n\t\t\t\t\t\t\t\t\t\t<div class=\"wrapper copy\">\n\t\t\t\t\t\t\t\t\t\t\t<p><em>Exhibition open from 10.30 AM to 6.30 PM<\/em><\/p>\n<p><strong>3.00 PM to 4.00 PM<\/strong><br \/>\nHall 2 and Foyer<br \/>\nLanguage: English<\/p>\n<h5>Guided walk of the exhibiton with artist Sarah Ndele and curator Michael Dieminger.<\/h5>\n\n\t\t\t\t\t\t\t\t\t\t\t\t\t\t\t\t\t\t\t\t\t\t\t\t\t\t\t\t\t\t\t\t\t\n\t\t\t\t\t\t\t\t\t\t\t<div class=\"row\">\n\t\t\t\t\t\t\t\t\t\t\t\t<div class=\"col-xs-9 col-md-9\">\n\t\t\t\t\t\t\t\t\t\t\t\t\t<div class=\"box\">\n\t\t\t\t\t\t\t\t\t\t\t\t\t\t\t\t\t\t\t\t\t\t\t\t\t\t\t<\/div>\n\t\t\t\t\t\t\t\t\t\t\t\t<\/div>\n\t\t\t\t\t\t\t\t\t\t\t<\/div>\n\n\t\t\t\t\t\t\t\t\t\t\t\t\t\t\t\t\t\t\t\t\t<\/div>\n\t\t\t\t\t\t\t\t\t<\/div>\n\t\t\t\t\t\t\t\t<\/div>\n\t\t\t\t\t\t\t\t<\/block-accordion-item>\n\t\t\t\t\t\t\t\t\t\t\t\t\t\t<block-accordion-item inline-template item-headline=\"Saturday, 2 November 2024\">\n\t\t\t\t\t\t\t\t<div ref=\"item\" data-id=\"Saturday2November2024\" class=\"block-accordion-item vue-initialize\" aria-expanded=\"false\" :aria-expanded=\"active ? 'true' : 'false'\">\n\t\t\t\t\t\t\t\t\t<button class=\"accordion-button-with-icon block-accordion-item-head\" :class=\"{'button-active': active}\" ref=\"head\" aria-controls=\"acc_69ee35db336a2\" id=\"acc_title_69ee35db336a3\" @click=\"toggle\" @keydown=\"key\">\n\t\t\t\t\t\t\t\t\t<div><span class=\"button-label\">Saturday, 2 November 2024<\/span><\/div><span class=\"button-icon icon-plus\" aria-hidden=\"true\"><\/span>\n\t\t\t\t\t\t\t\t<\/button>\n\t\t\t\t\t\t\t\t\t<div ref=\"body\" class=\"block-accordion-item-content\" id=\"acc_69ee35db336a2\" role=\"region\">\n\t\t\t\t\t\t\t\t\t\t<div class=\"wrapper copy\">\n\t\t\t\t\t\t\t\t\t\t\t<p><strong>4:00 PM to 4:50 PM<\/strong><br \/>\nHall 2<br \/>\nLanguage: English<\/p>\n<h5>Intwined with Modzi Arts! &#8211; Conceptualising Ulemu!<br \/>\nWith Ba Taonga Julia Kaseka<\/h5>\n<p>Ba Taonga Julia Kaunda-Kaseka is the founding director of Modzi Arts and a multidisciplinary curator. Her approach is rooted in the Zambian philosophy of Ulemu! Sharing respect and regard! She is interested in designing spaces used to learn, work and live around the artistic environment for artists and art audiences to come together and find alternative ways of engaging with ancient objects and sound within the contemporary sphere.<\/p>\n<p>Ba Taonga has been curating and collecting knowledge dedicated to Zambian art and music specifically on Zamrock to reclaim lost heritages. Through trying to keep the arts alive within Modzi, she is interested in two very significant archives on Henry Tayali and Zamrock Museum. She is inviting the viewer to reflect on the approach of current African Museum\u2019s and they&#8217;re functionality in today\u2019s societies. She questions the\u00a0 references being used to gather people?\u00a0 The communities around art and culture? And the artist and their role in an Zambian community? Ba Taonga explores the gathering space and its design and process within Lusaka and has been building celebration portals that act as installations for use to publish different conversations around art and culture. She is excited to have the space to explore the ancient sounds of Zambia that are being kept by Humboldt Forum and find ways to collaborate these sounds within the Zamrock Museum.<\/p>\n<h6>About Ba Taonga Julia Kaunda-Kaseka<\/h6>\n<p>Ba Taonga Julia Kaunda-Kaseka is a multidisciplinary curator, mentor and designer of social spaces living in Lusaka, Zambia. Her work includes concert and exhibition producing, arts administration, curating, teaching and advocacy in Zambia and the wider region. As the founder of Modzi Arts, she has worked with numerous prominent cultural institutions in South and West Africa. Through the organization, she advocates for the value of art and cultural understanding via an approach rooted in the Zambian philosophy of Ulemu: respect and regard. The spaces she creates bring artists and art audiences together, in quest of new, alternative ways of engaging with ancient objects and traditions within contemporary art.<\/p>\n<p>&nbsp;<\/p>\n<p><strong>5.00 PM to 6.00 PM<\/strong><br \/>\nHall 2<br \/>\nLanguage: English\/Spanish<\/p>\n<h5>Crossing Echos<br \/>\nSonic Interventions with Edna Martinez and Miguel Buenrostro<\/h5>\n<p>Crossing Echoes investigates the diasporic horizon of sound, weaving together affinities, echos, and resonances of sonic practices shaped by transatlantic exchange. Artists Miguel Buenrostro and \u00a0Edna Martinez approach these connections through their artistic research, with a particular focus on the auralities linking the Democratic Republic of Congo, the Caribbean, and other territories in the Americas. During their recent travels to Kinshasa, Buenrostro and Martinez engaged in a collaborative artistic exchange, highlighting the legacy of Congolese guitar in the Colombian Caribbean. As an extension of Buenrostro\u2019s installation \u201cConocimiento \u2013 habilidad \u00a0\u2013 esp\u00edritu\u201d, which will be on view during the 99 Questions Gathering, this session aims to further investigate the evolving landscape of string instruments, rhythmic connections, and shared histories that resonate across the Atlantic.<\/p>\n<h6>About Miguel Buenrostro &amp;\u00a0 Edna Martinez<\/h6>\n<p><strong>Miguel Buenrostro<\/strong> (*1984) is a Tijuana-born artist and filmmaker based in Berlin. His work delves into the intersections of art and territory, emphasizing aural dimensions and conceiving the border as a site of knowledge production and interconnection. His mediums include cinema and sonic interventions in public spaces. Buenrostro has showcased his work in the Biennale Architettura di Venezia (2016), The Bauhaus Museum(2018),\u00a0 Mus\u00e9e National de la Rd Congo (2021) , Konsthall C, Stockholm (2022),\u00a0 and Museo Casa Lago, CDMX (2024). His films were presented in different international film festivals, exhibitions, and public screenings.<\/p>\n<p><strong>Edna Martinez<\/strong> is a Colombian-Caribbean artist whose expansive DJ sets transcend curation, distinguished by her skillful blending of African, Caribbean, and Arab genres. Hosting shows on NTS, Radio Alhara, and Worldwide FM, she continually engages in global soundscapes. Martinez considers sound an integral element of her visual work, with her artistic practice focusing on issues of restitution and sonic boundaries<\/p>\n\n\t\t\t\t\t\t\t\t\t\t\t\t\t\t\t\t\t\t\t\t\t\t\t\t\t\t\t\t\t\t\t\t\t\n\t\t\t\t\t\t\t\t\t\t\t<div class=\"row\">\n\t\t\t\t\t\t\t\t\t\t\t\t<div class=\"col-xs-9 col-md-9\">\n\t\t\t\t\t\t\t\t\t\t\t\t\t<div class=\"box\">\n\t\t\t\t\t\t\t\t\t\t\t\t\t\t\t\t\t\t\t\t\t\t\t\t\t\t\t<\/div>\n\t\t\t\t\t\t\t\t\t\t\t\t<\/div>\n\t\t\t\t\t\t\t\t\t\t\t<\/div>\n\n\t\t\t\t\t\t\t\t\t\t\t\t\t\t\t\t\t\t\t\t\t<\/div>\n\t\t\t\t\t\t\t\t\t<\/div>\n\t\t\t\t\t\t\t\t<\/div>\n\t\t\t\t\t\t\t\t<\/block-accordion-item>\n\t\t\t\t\t\t\t\t\t\t\t\t\t<\/div>\n\t\t\t\t\t\t<\/block-accordion>\n\t\t\t\t\t\t\t\t\t<\/div>\n\t\t\t<\/div>\n\t\t<\/div>\n\t<\/div>\n<\/section>\n\n\n<section class=\"block block-copy block-no-margin\" >\n    <div class=\"container-fluid\">\n\t\t<div class=\"row \">\n            <div class=\"col-xs-12 col-md-offset-2 col-md-8\">\n                <div class=\"box\">\n                    <div class=\"copy\"><\/div>\n                <\/div>\n            <\/div>\n\t\t<\/div>\n\t\t    <\/div>\n<\/section>\n\n<section class=\"block block-headline block-no-margin \"  id='artistic-interventions' data-anchor='Artistic Interventions'>\n\t<div class=\"container-fluid\">\n\t\t<div class=\"row\">\n\t\t\t\t\t\t\t<div class=\"col-xs-12 col-md-offset-2 col-md-8\">\n\t\t\t\t\t<div class=\"box\">\n\t\t\t\t\t\t<h2 class=\".h4\">Artistic Installations<\/h2>\n\t\t\t\t\t<\/div>\n\t\t\t\t<\/div>\n\t\t\t\t\t<\/div>\n\t<\/div>\n<\/section>\n\n\n\n\n\n<section class=\"block block-gallery\">\n\t<div class=\"container-fluid\">\n\t\t<div class=\"row center-xs\">\n\t\t\t<div class=\"col-xs-12\">\n\t\t\t\t<div class=\"box text-align-left\">\n\t\t\t\t\t<block-gallery inline-template>\n\t\t\t\t\t\t<div :class=\"{ firstLoaded: firstLoaded }\">\n\t\t\t\t\t\t\t<script type=\"application\/json\" ref=\"data\">\n\t\t\t\t\t\t\t{\n\t\t\t\t\t\t\t\t\"images\" : [{\"id\":0,\"width\":6826,\"height\":3840,\"alt\":\"A person with a large backpack stands in a vast landscape under a colorful sky.\",\"title\":\"\",\"description\":\"\",\"label\":\"Russel Hlongwane &amp;amp; Lo-Def Film Factory &quot;Dzata The Insitute of Technological Consciousness&quot;, 2023\",\"copyright\":\"Russel Hlongwane & Lo-Def Film Factory (Francois Knoetze & Amy Louise Wilson)\",\"path\":\"\\\/wp-content\\\/uploads\\\/2024\\\/09\\\/\",\"sizes\":{\"medium\":{\"file\":\"Dzata-The-Insitute-of-Technological-Consciousness-2023-300x169.jpg\",\"width\":300,\"height\":169,\"mime-type\":\"image\\\/jpeg\",\"filesize\":10379},\"large\":{\"file\":\"Dzata-The-Insitute-of-Technological-Consciousness-2023-1024x576.jpg\",\"width\":1024,\"height\":576,\"mime-type\":\"image\\\/jpeg\",\"filesize\":89442},\"thumbnail\":{\"file\":\"Dzata-The-Insitute-of-Technological-Consciousness-2023-150x150.jpg\",\"width\":150,\"height\":150,\"mime-type\":\"image\\\/jpeg\",\"filesize\":5964},\"medium_large\":{\"file\":\"Dzata-The-Insitute-of-Technological-Consciousness-2023-768x432.jpg\",\"width\":768,\"height\":432,\"mime-type\":\"image\\\/jpeg\",\"filesize\":52491},\"small\":{\"file\":\"Dzata-The-Insitute-of-Technological-Consciousness-2023-440x248.jpg\",\"width\":440,\"height\":248,\"mime-type\":\"image\\\/jpeg\",\"filesize\":19459},\"semi\":{\"file\":\"Dzata-The-Insitute-of-Technological-Consciousness-2023-580x326.jpg\",\"width\":580,\"height\":326,\"mime-type\":\"image\\\/jpeg\",\"filesize\":32067},\"mobile\":{\"file\":\"Dzata-The-Insitute-of-Technological-Consciousness-2023-720x405.jpg\",\"width\":720,\"height\":405,\"mime-type\":\"image\\\/jpeg\",\"filesize\":47446},\"hd\":{\"file\":\"Dzata-The-Insitute-of-Technological-Consciousness-2023-1280x720.jpg\",\"width\":1280,\"height\":720,\"mime-type\":\"image\\\/jpeg\",\"filesize\":137432},\"full\":{\"file\":\"Dzata-The-Insitute-of-Technological-Consciousness-2023-1920x1080.jpg\",\"width\":1920,\"height\":1080,\"mime-type\":\"image\\\/jpeg\",\"filesize\":272153},\"xxl\":{\"file\":\"Dzata-The-Insitute-of-Technological-Consciousness-2023-4048x2277.jpg\",\"width\":4048,\"height\":2277,\"mime-type\":\"image\\\/jpeg\",\"filesize\":905996},\"1536x1536\":{\"file\":\"Dzata-The-Insitute-of-Technological-Consciousness-2023-1536x864.jpg\",\"width\":1536,\"height\":864,\"mime-type\":\"image\\\/jpeg\",\"filesize\":185029},\"2048x2048\":{\"file\":\"Dzata-The-Insitute-of-Technological-Consciousness-2023-2048x1152.jpg\",\"width\":2048,\"height\":1152,\"mime-type\":\"image\\\/jpeg\",\"filesize\":300390},\"original\":{\"file\":\"Dzata-The-Insitute-of-Technological-Consciousness-2023.jpg\",\"width\":6826,\"height\":3840}}},{\"id\":1,\"width\":1184,\"height\":1280,\"alt\":\"Colorful patterns and textiles representing traditional craftsmanship and cultural symbols.\",\"title\":\"\",\"description\":\"\",\"label\":\"Rendering des Kunstwerks &bdquo;El sue&ntilde;o del Telar que durmi&oacute; por la tarde&ldquo; (The dream of the Loom that slept in the afternoon) der K&uuml;nstlerin biarritzzz\",\"copyright\":\"Courtesy biarritzzz\",\"path\":\"\\\/wp-content\\\/uploads\\\/2024\\\/09\\\/\",\"sizes\":{\"medium\":{\"file\":\"SHF_eb00233202_Rendering-_El-sueno-del-Telar-que-durmio-por-la-tarde_-von-biarritzzz-Webqualitaet-278x300.jpg\",\"width\":278,\"height\":300,\"mime-type\":\"image\\\/jpeg\",\"filesize\":35967},\"large\":{\"file\":\"SHF_eb00233202_Rendering-_El-sueno-del-Telar-que-durmio-por-la-tarde_-von-biarritzzz-Webqualitaet-947x1024.jpg\",\"width\":947,\"height\":1024,\"mime-type\":\"image\\\/jpeg\",\"filesize\":269999},\"thumbnail\":{\"file\":\"SHF_eb00233202_Rendering-_El-sueno-del-Telar-que-durmio-por-la-tarde_-von-biarritzzz-Webqualitaet-150x150.jpg\",\"width\":150,\"height\":150,\"mime-type\":\"image\\\/jpeg\",\"filesize\":11715},\"medium_large\":{\"file\":\"SHF_eb00233202_Rendering-_El-sueno-del-Telar-que-durmio-por-la-tarde_-von-biarritzzz-Webqualitaet-768x830.jpg\",\"width\":768,\"height\":830,\"mime-type\":\"image\\\/jpeg\",\"filesize\":195209},\"small\":{\"file\":\"SHF_eb00233202_Rendering-_El-sueno-del-Telar-que-durmio-por-la-tarde_-von-biarritzzz-Webqualitaet-407x440.jpg\",\"width\":407,\"height\":440,\"mime-type\":\"image\\\/jpeg\",\"filesize\":68992},\"semi\":{\"file\":\"SHF_eb00233202_Rendering-_El-sueno-del-Telar-que-durmio-por-la-tarde_-von-biarritzzz-Webqualitaet-537x580.jpg\",\"width\":537,\"height\":580,\"mime-type\":\"image\\\/jpeg\",\"filesize\":110960},\"mobile\":{\"file\":\"SHF_eb00233202_Rendering-_El-sueno-del-Telar-que-durmio-por-la-tarde_-von-biarritzzz-Webqualitaet-666x720.jpg\",\"width\":666,\"height\":720,\"mime-type\":\"image\\\/jpeg\",\"filesize\":156253},\"original\":{\"file\":\"SHF_eb00233202_Rendering-_El-sueno-del-Telar-que-durmio-por-la-tarde_-von-biarritzzz-Webqualitaet.jpg\",\"width\":1184,\"height\":1280}}},{\"id\":2,\"width\":960,\"height\":1280,\"alt\":\"Colorful textile designs with graphic patterns and landscape elements on tabletop surfaces.\",\"title\":\"\",\"description\":\"\",\"label\":\"biarritzzz &quot;El sue&ntilde;o del Telar que durmi&oacute; por la tarde&quot; (The dream of the Loom that slept in the afternoon), 2024, Auftragswerk f&uuml;r den Kosmografen im Foyer des Humboldt Forum\",\"copyright\":\"Foto: Michael Dieminger, Courtesy biarritzzz\",\"path\":\"\\\/wp-content\\\/uploads\\\/2024\\\/09\\\/\",\"sizes\":{\"medium\":{\"file\":\"SHF_eb00233213_biarritzzz-_El-sueno-del-Telar-que-durmio-por-la-tarde_-2024-Webqualitaet-225x300.jpg\",\"width\":225,\"height\":300,\"mime-type\":\"image\\\/jpeg\",\"filesize\":19751},\"large\":{\"file\":\"SHF_eb00233213_biarritzzz-_El-sueno-del-Telar-que-durmio-por-la-tarde_-2024-Webqualitaet-768x1024.jpg\",\"width\":768,\"height\":1024,\"mime-type\":\"image\\\/jpeg\",\"filesize\":147028},\"thumbnail\":{\"file\":\"SHF_eb00233213_biarritzzz-_El-sueno-del-Telar-que-durmio-por-la-tarde_-2024-Webqualitaet-150x150.jpg\",\"width\":150,\"height\":150,\"mime-type\":\"image\\\/jpeg\",\"filesize\":7508},\"medium_large\":{\"file\":\"SHF_eb00233213_biarritzzz-_El-sueno-del-Telar-que-durmio-por-la-tarde_-2024-Webqualitaet-768x1024.jpg\",\"width\":768,\"height\":1024,\"mime-type\":\"image\\\/jpeg\",\"filesize\":147028},\"small\":{\"file\":\"SHF_eb00233213_biarritzzz-_El-sueno-del-Telar-que-durmio-por-la-tarde_-2024-Webqualitaet-330x440.jpg\",\"width\":330,\"height\":440,\"mime-type\":\"image\\\/jpeg\",\"filesize\":36750},\"semi\":{\"file\":\"SHF_eb00233213_biarritzzz-_El-sueno-del-Telar-que-durmio-por-la-tarde_-2024-Webqualitaet-435x580.jpg\",\"width\":435,\"height\":580,\"mime-type\":\"image\\\/jpeg\",\"filesize\":57808},\"mobile\":{\"file\":\"SHF_eb00233213_biarritzzz-_El-sueno-del-Telar-que-durmio-por-la-tarde_-2024-Webqualitaet-540x720.jpg\",\"width\":540,\"height\":720,\"mime-type\":\"image\\\/jpeg\",\"filesize\":81694},\"original\":{\"file\":\"SHF_eb00233213_biarritzzz-_El-sueno-del-Telar-que-durmio-por-la-tarde_-2024-Webqualitaet.jpg\",\"width\":960,\"height\":1280}}},{\"id\":3,\"width\":1920,\"height\":1080,\"alt\":\"A room full of various guitars and instruments, some hanging on the wall, others standing on the floor.\",\"title\":\"\",\"description\":\"\",\"label\":\"Miguel Buenrostro in collaboration with Agustin &amp;amp; Enrique Enr&iacute;quez, &quot;Conocimiento &ndash; Habilidad &ndash; Esp&iacute;ritu ( Knowledge &ndash; Skill &ndash; Spirit )&quot;, Still, 2024, 2-Channel-Installation, Guitars and Sound Landscape\",\"copyright\":\"Courtesy Miguel Buenrostro\",\"path\":\"\\\/wp-content\\\/uploads\\\/2024\\\/09\\\/\",\"sizes\":{\"medium\":{\"file\":\"Guitarras-Chema_2_1.5.1-300x169.jpg\",\"width\":300,\"height\":169,\"mime-type\":\"image\\\/jpeg\",\"filesize\":10951},\"large\":{\"file\":\"Guitarras-Chema_2_1.5.1-1024x576.jpg\",\"width\":1024,\"height\":576,\"mime-type\":\"image\\\/jpeg\",\"filesize\":79190},\"thumbnail\":{\"file\":\"Guitarras-Chema_2_1.5.1-150x150.jpg\",\"width\":150,\"height\":150,\"mime-type\":\"image\\\/jpeg\",\"filesize\":6296},\"medium_large\":{\"file\":\"Guitarras-Chema_2_1.5.1-768x432.jpg\",\"width\":768,\"height\":432,\"mime-type\":\"image\\\/jpeg\",\"filesize\":48649},\"small\":{\"file\":\"Guitarras-Chema_2_1.5.1-440x248.jpg\",\"width\":440,\"height\":248,\"mime-type\":\"image\\\/jpeg\",\"filesize\":19645},\"semi\":{\"file\":\"Guitarras-Chema_2_1.5.1-580x326.jpg\",\"width\":580,\"height\":326,\"mime-type\":\"image\\\/jpeg\",\"filesize\":30756},\"mobile\":{\"file\":\"Guitarras-Chema_2_1.5.1-720x405.jpg\",\"width\":720,\"height\":405,\"mime-type\":\"image\\\/jpeg\",\"filesize\":44130},\"hd\":{\"file\":\"Guitarras-Chema_2_1.5.1-1280x720.jpg\",\"width\":1280,\"height\":720,\"mime-type\":\"image\\\/jpeg\",\"filesize\":118075},\"1536x1536\":{\"file\":\"Guitarras-Chema_2_1.5.1-1536x864.jpg\",\"width\":1536,\"height\":864,\"mime-type\":\"image\\\/jpeg\",\"filesize\":162604},\"original\":{\"file\":\"Guitarras-Chema_2_1.5.1.jpg\",\"width\":1920,\"height\":1080}}},{\"id\":4,\"width\":1280,\"height\":855,\"alt\":\"A person holds a painting of a landscape with a red animal in front of a bookshelf full of books.\",\"title\":\"\",\"description\":\"\",\"label\":\"Christian Nyampeta presents a work from the archive of the Verbeek-Mwewa Collection\",\"copyright\":\"Nathan Bushiru\",\"path\":\"\\\/wp-content\\\/uploads\\\/2024\\\/09\\\/\",\"sizes\":{\"medium\":{\"file\":\"SHF_eb00230080__Souh-to-South_-Treffen-in-Lubumbashi-1-300x200.jpg\",\"width\":300,\"height\":200,\"mime-type\":\"image\\\/jpeg\",\"filesize\":11364},\"large\":{\"file\":\"SHF_eb00230080__Souh-to-South_-Treffen-in-Lubumbashi-1-1024x684.jpg\",\"width\":1024,\"height\":684,\"mime-type\":\"image\\\/jpeg\",\"filesize\":89012},\"thumbnail\":{\"file\":\"SHF_eb00230080__Souh-to-South_-Treffen-in-Lubumbashi-1-150x150.jpg\",\"width\":150,\"height\":150,\"mime-type\":\"image\\\/jpeg\",\"filesize\":5493},\"medium_large\":{\"file\":\"SHF_eb00230080__Souh-to-South_-Treffen-in-Lubumbashi-1-768x513.jpg\",\"width\":768,\"height\":513,\"mime-type\":\"image\\\/jpeg\",\"filesize\":54756},\"small\":{\"file\":\"SHF_eb00230080__Souh-to-South_-Treffen-in-Lubumbashi-1-440x294.jpg\",\"width\":440,\"height\":294,\"mime-type\":\"image\\\/jpeg\",\"filesize\":20963},\"semi\":{\"file\":\"SHF_eb00230080__Souh-to-South_-Treffen-in-Lubumbashi-1-580x387.jpg\",\"width\":580,\"height\":387,\"mime-type\":\"image\\\/jpeg\",\"filesize\":33697},\"mobile\":{\"file\":\"SHF_eb00230080__Souh-to-South_-Treffen-in-Lubumbashi-1-720x481.jpg\",\"width\":720,\"height\":481,\"mime-type\":\"image\\\/jpeg\",\"filesize\":48589},\"original\":{\"file\":\"SHF_eb00230080__Souh-to-South_-Treffen-in-Lubumbashi-1.jpg\",\"width\":1280,\"height\":855}}},{\"id\":5,\"width\":853,\"height\":1280,\"alt\":\"Abstract representation of surreal, sculptural forms and textures in various colors and materials.\",\"title\":\"\",\"description\":\"\",\"label\":\"Oscar Santillan &quot;The Andean Information Age&quot; (Detail), 2022, Installation with dia projector, controlled from a micro computer, 80 analogue dias (35mm) and stereo audio\",\"copyright\":\"Courtesy Oscar Santill\\u00e1n\",\"path\":\"\\\/wp-content\\\/uploads\\\/2024\\\/09\\\/\",\"sizes\":{\"medium\":{\"file\":\"SHF_eb00233201_Oscar-Santillan-_The-Andean-Information-Age_-Detail-2022-Webqualitaet-200x300.jpg\",\"width\":200,\"height\":300,\"mime-type\":\"image\\\/jpeg\",\"filesize\":13494},\"large\":{\"file\":\"SHF_eb00233201_Oscar-Santillan-_The-Andean-Information-Age_-Detail-2022-Webqualitaet-682x1024.jpg\",\"width\":682,\"height\":1024,\"mime-type\":\"image\\\/jpeg\",\"filesize\":96101},\"thumbnail\":{\"file\":\"SHF_eb00233201_Oscar-Santillan-_The-Andean-Information-Age_-Detail-2022-Webqualitaet-150x150.jpg\",\"width\":150,\"height\":150,\"mime-type\":\"image\\\/jpeg\",\"filesize\":6156},\"medium_large\":{\"file\":\"SHF_eb00233201_Oscar-Santillan-_The-Andean-Information-Age_-Detail-2022-Webqualitaet-768x1152.jpg\",\"width\":768,\"height\":1152,\"mime-type\":\"image\\\/jpeg\",\"filesize\":115694},\"small\":{\"file\":\"SHF_eb00233201_Oscar-Santillan-_The-Andean-Information-Age_-Detail-2022-Webqualitaet-293x440.jpg\",\"width\":293,\"height\":440,\"mime-type\":\"image\\\/jpeg\",\"filesize\":24955},\"semi\":{\"file\":\"SHF_eb00233201_Oscar-Santillan-_The-Andean-Information-Age_-Detail-2022-Webqualitaet-387x580.jpg\",\"width\":387,\"height\":580,\"mime-type\":\"image\\\/jpeg\",\"filesize\":39098},\"mobile\":{\"file\":\"SHF_eb00233201_Oscar-Santillan-_The-Andean-Information-Age_-Detail-2022-Webqualitaet-480x720.jpg\",\"width\":480,\"height\":720,\"mime-type\":\"image\\\/jpeg\",\"filesize\":54730},\"original\":{\"file\":\"SHF_eb00233201_Oscar-Santillan-_The-Andean-Information-Age_-Detail-2022-Webqualitaet.jpg\",\"width\":853,\"height\":1280}}},{\"id\":6,\"width\":1280,\"height\":853,\"alt\":\"Traditional weaving artworks in front of a colorful wall with paintings.\",\"title\":\"\",\"description\":\"\",\"label\":\"The installation &quot;La Crecida&quot; during a meeting of the Uni&oacute;n Textiles Semillas\",\"copyright\":\"Courtesy Andrei Fernandez & Ale Mizrahi \\\/ Uni\\u00f3n Textiles Semillas\",\"path\":\"\\\/wp-content\\\/uploads\\\/2024\\\/09\\\/\",\"sizes\":{\"medium\":{\"file\":\"SHF_eb00201895_Die-Installation-_La-Crecida_-waehrend-eines-Treffens-der-Weberinnen-der-Union-Textiles-Semillas-Webqualitaet-300x200.jpg\",\"width\":300,\"height\":200,\"mime-type\":\"image\\\/jpeg\",\"filesize\":21629},\"large\":{\"file\":\"SHF_eb00201895_Die-Installation-_La-Crecida_-waehrend-eines-Treffens-der-Weberinnen-der-Union-Textiles-Semillas-Webqualitaet-1024x682.jpg\",\"width\":1024,\"height\":682,\"mime-type\":\"image\\\/jpeg\",\"filesize\":145573},\"thumbnail\":{\"file\":\"SHF_eb00201895_Die-Installation-_La-Crecida_-waehrend-eines-Treffens-der-Weberinnen-der-Union-Textiles-Semillas-Webqualitaet-150x150.jpg\",\"width\":150,\"height\":150,\"mime-type\":\"image\\\/jpeg\",\"filesize\":9194},\"medium_large\":{\"file\":\"SHF_eb00201895_Die-Installation-_La-Crecida_-waehrend-eines-Treffens-der-Weberinnen-der-Union-Textiles-Semillas-Webqualitaet-768x512.jpg\",\"width\":768,\"height\":512,\"mime-type\":\"image\\\/jpeg\",\"filesize\":95138},\"small\":{\"file\":\"SHF_eb00201895_Die-Installation-_La-Crecida_-waehrend-eines-Treffens-der-Weberinnen-der-Union-Textiles-Semillas-Webqualitaet-440x293.jpg\",\"width\":440,\"height\":293,\"mime-type\":\"image\\\/jpeg\",\"filesize\":39954},\"semi\":{\"file\":\"SHF_eb00201895_Die-Installation-_La-Crecida_-waehrend-eines-Treffens-der-Weberinnen-der-Union-Textiles-Semillas-Webqualitaet-580x387.jpg\",\"width\":580,\"height\":387,\"mime-type\":\"image\\\/jpeg\",\"filesize\":62444},\"mobile\":{\"file\":\"SHF_eb00201895_Die-Installation-_La-Crecida_-waehrend-eines-Treffens-der-Weberinnen-der-Union-Textiles-Semillas-Webqualitaet-720x480.jpg\",\"width\":720,\"height\":480,\"mime-type\":\"image\\\/jpeg\",\"filesize\":86080},\"original\":{\"file\":\"SHF_eb00201895_Die-Installation-_La-Crecida_-waehrend-eines-Treffens-der-Weberinnen-der-Union-Textiles-Semillas-Webqualitaet.jpg\",\"width\":1280,\"height\":853}}},{\"id\":7,\"width\":787,\"height\":526,\"alt\":\"Woman with headphones next to a colorful, mask-like sculpture on the wall.\",\"title\":\"\",\"description\":\"\",\"label\":\"Sarah Ndele in front of her installation &quot;Tell Me the Story&quot;, 2023\",\"copyright\":\"Photo: Nathan Bushiru, Courtesy Sarah Ndele\",\"path\":\"\\\/wp-content\\\/uploads\\\/2024\\\/09\\\/\",\"sizes\":{\"medium\":{\"file\":\"SHF_eb00233210_Sarah-Ndele-in-front-of-her-installation-_Tell-Me-the-Story_-Webqualitaet-300x201.jpg\",\"width\":300,\"height\":201,\"mime-type\":\"image\\\/jpeg\",\"filesize\":8994},\"thumbnail\":{\"file\":\"SHF_eb00233210_Sarah-Ndele-in-front-of-her-installation-_Tell-Me-the-Story_-Webqualitaet-150x150.jpg\",\"width\":150,\"height\":150,\"mime-type\":\"image\\\/jpeg\",\"filesize\":5017},\"medium_large\":{\"file\":\"SHF_eb00233210_Sarah-Ndele-in-front-of-her-installation-_Tell-Me-the-Story_-Webqualitaet-768x513.jpg\",\"width\":768,\"height\":513,\"mime-type\":\"image\\\/jpeg\",\"filesize\":40932},\"small\":{\"file\":\"SHF_eb00233210_Sarah-Ndele-in-front-of-her-installation-_Tell-Me-the-Story_-Webqualitaet-440x294.jpg\",\"width\":440,\"height\":294,\"mime-type\":\"image\\\/jpeg\",\"filesize\":16238},\"semi\":{\"file\":\"SHF_eb00233210_Sarah-Ndele-in-front-of-her-installation-_Tell-Me-the-Story_-Webqualitaet-580x388.jpg\",\"width\":580,\"height\":388,\"mime-type\":\"image\\\/jpeg\",\"filesize\":25798},\"mobile\":{\"file\":\"SHF_eb00233210_Sarah-Ndele-in-front-of-her-installation-_Tell-Me-the-Story_-Webqualitaet-720x481.jpg\",\"width\":720,\"height\":481,\"mime-type\":\"image\\\/jpeg\",\"filesize\":36888},\"original\":{\"file\":\"SHF_eb00233210_Sarah-Ndele-in-front-of-her-installation-_Tell-Me-the-Story_-Webqualitaet.jpg\",\"width\":787,\"height\":526}}}]\t\t\t\t\t\t\t}\n\t\t\t\t\t\t\t<\/script>\n\n\t\t\t\t\t\t\t<swiper :options=\"options\" @slide-change=\"track\">\n\t\t\t\t\t\t\t\t<div class=\"swiper-slide\" :key=\"image.id\" v-for=\"image in images\">\n\t\t\t\t\t\t\t\t\t<block-gallery-item inline-template :image=\"image\">\n\t\t\t\t\t\t\t\t\t\t<figure class=\"swiper-slide-image-wrapper\" ref=\"parent\">\n\t\t\t\t\t\t\t\t\t\t\t<div class=\"width-container\" ref=\"container\" :style=\"style\">\n\t\t\t\t\t\t\t\t\t\t\t\t<div data-swiper-parallax-x=\"50%\">\n\t\t\t\t\t\t\t\t\t\t\t\t<img :src=\"image.src\" :alt=\"image.alt\" v-if=\"image.id < 2\">\n\t\t\t\t\t\t\t\t\t\t\t\t<img class=\"swiper-lazy\" :data-src=\"image.src\" :alt=\"image.alt\" v-else>\n\t\t\t\t\t\t\t\t\t\t\t\t<\/div>\n\t\t\t\t\t\t\t\t\t\t\t<\/div>\n\t\t\t\t\t\t\t\t\t\t<\/figure>\n\t\t\t\t\t\t\t\t\t<\/block-gallery-item>\n\n\t\t\t\t\t\t\t\t\t<figcaption>\n\t\t\t\t\t\t\t\t\t\t<div class=\"lazy-media-info-body-content\">\n\t\t\t\t\t\t\t\t\t\t\t<div v-html=\"image.label\"><\/div>\n\t\t\t\t\t\t\t\t\t\t\t<div v-html=\"image.description\"><\/div>\n\t\t\t\t\t\t\t\t\t\t\t<div class=\"insignificant\" v-if=\"image.copyright\" v-html=\"'\u00a9 '+image.copyright\"><\/div>\n\t\t\t\t\t\t\t\t\t\t<\/div>\n\t\t\t\t\t\t\t\t\t<\/figcaption>\n\t\t\t\t\t\t\t\t<\/div>\n\n\t\t\t\t\t\t\t\t<div class=\"swiper-pagination\"  slot=\"pagination\"><\/div>\n\n\t\t\t\t\t\t\t\t<button class=\"icon-round swiper-button-prev\" slot=\"button-prev\" aria-label=\"Last images\">\n\t\t\t\t\t\t\t\t\t<span class=\"icon-next\" aria-hidden=\"true\"><\/span>\n\t\t\t\t\t\t\t\t<\/button>\n\n\t\t\t\t\t\t\t\t<button class=\"icon-round swiper-button-next\" slot=\"button-next\" aria-label=\"Next image\">\n\t\t\t\t\t\t\t\t\t<span class=\"icon-next\" aria-hidden=\"true\"><\/span>\n\t\t\t\t\t\t\t\t<\/button>\n\t\t\t\t\t\t\t<\/swiper>\n\t\t\t\t\t\t<\/div>\n\t\t\t\t\t<\/block-gallery>\n\t\t\t\t<\/div>\n\t\t\t<\/div>\n\t\t<\/div>\n\t<\/div>\n<\/section>\n\n\n<section class=\"block block-accordion\">\n\t<div class=\"container-fluid\">\n\t\t<div class=\"row\">\n\t\t\t<div class=\"col-xs-12 col-md-offset-2 col-md-8\">\n\t\t\t\t<div class=\"box\">\n\t\t\t\t\t\t\t\t\t\t\t<block-accordion inline-template>\n\t\t\t\t\t\t\t<div class=\"accordion\">\n\t\t\t\t\t\t\t\t\t\t\t\t\t\t\t<block-accordion-item inline-template item-headline=\"Dzata: The Institute of Technological Consciousness\">\n\t\t\t\t\t\t\t\t<div ref=\"item\" data-id=\"DzataTheInstituteofTechnologicalConsciousness\" class=\"block-accordion-item vue-initialize\" aria-expanded=\"false\" :aria-expanded=\"active ? 'true' : 'false'\">\n\t\t\t\t\t\t\t\t\t<button class=\"accordion-button-with-icon block-accordion-item-head\" :class=\"{'button-active': active}\" ref=\"head\" aria-controls=\"acc_69ee35db38933\" id=\"acc_title_69ee35db38938\" @click=\"toggle\" @keydown=\"key\">\n\t\t\t\t\t\t\t\t\t<div><span class=\"button-label\">Dzata: The Institute of Technological Consciousness<\/span><\/div><span class=\"button-icon icon-plus\" aria-hidden=\"true\"><\/span>\n\t\t\t\t\t\t\t\t<\/button>\n\t\t\t\t\t\t\t\t\t<div ref=\"body\" class=\"block-accordion-item-content\" id=\"acc_69ee35db38933\" role=\"region\">\n\t\t\t\t\t\t\t\t\t\t<div class=\"wrapper copy\">\n\t\t\t\t\t\t\t\t\t\t\t<p><strong>Dzata: The Institute of Technological Consciousness<br \/>\n<\/strong><em>HD video, 8 Minutes 24 Seconds (2023)<\/em><\/p>\n<p><strong>Dzata: Repository of Thought<br \/>\n<\/strong>Audio Essay (mp3), 41 Minutes 56 Seconds. commissioned by\u00a099 Questions\u00a0at the Humboldt Forum\u00a0(2024)<\/p>\n<p>\u201cDzata: The Institute of Technological Consciousness\u201d is a creative research project by South African artists Russel Hlongwane, Francois Knoetze and Amy Louise Wilson. In fabricating a fictional institute and its archive, the artists explore and imagine vernacular technological practices operating across the African continent.<\/p>\n<p>An intertextual conversation between the documentary and the poetic, the video operates as an in-house media assemblage created for the preservation of the institute\u2019s activities and ideas. The audio essay, titled\u00a0Repository of Thought, gives context to and expands upon the research scope of the project.<\/p>\n<p>This artwork draws on the scholarship of project mentor Prof. Clapperton Chakanetsa Mavhunga, aiming to foreground indigenous technological knowledge and to explore how science, technology and innovation are part of a long interlinked process of accumulative knowledge production which extends long into the past.<\/p>\n<p>The project builds on the field of techno-political research to formulate a multi-scalar history and future of technological creativity. Positioning the triumphs and failures of the everyday in the future-oriented techno-scientific, the work unfolds the idea of development as a historical process Africans shaped.<\/p>\n<p><em><br \/>\nDzata: The Institute of Technological Consciousness\u00a0(2023) was supported by the Mozilla Foundations Creative Media Award 2023 and the Mozilla Foundation Alumni Connection Grant.<\/em><\/p>\n<p><em>The work won or was nominated for multiple prizes:\u00a0<\/em><\/p>\n<ul>\n<li><em>STARTS Prize Africa Award of Distinction 2024<\/em><\/li>\n<li><em>Priz Electronica Honorary Mention \u2013 New Animation Category 2023<\/em><\/li>\n<li><em>Lumen Prize for Art and Technology \u2013 Global Majority Award 2023<\/em><\/li>\n<li><em>Moving Image Art Prize Nominee \u2013 Rencontres Internationales Paris\/Berlin 2023<\/em><\/li>\n<\/ul>\n\n\t\t\t\t\t\t\t\t\t\t\t<br>\t\t\t\t\t\t\t\t\t\t\t\t<div class=\"persons\">\n\t\t\t\t<div class=\"persons-container\">\n\t\t\t\t\t\t\t<div class=\"person h-card\">\n\t\t\t\t\t\n\t\t\t\t\t<h6 class=\"p-name\">Lo-Def Film Factory<\/h6>\n\t\t\t\t\t\t\t\t\t\t\t\t\t\t\t<p>\n\t\t\t\t\t\tBased in South Africa, the Lo-Def Film Factory\u2019s work involves archival research, dramaturgy, and visual strategies associated with video art, collage, sculptural installation, and new media. In their mutlifaceted practice they explore and create spaces for collaborative and experimental community storytelling. The Lo-Def Film Factory was created by artist-duo Francois Knoetze and Amy Louise Wilson. It began as a mobile, amateur filmmaking workshop which co-created and screened experimental video films by and for underrepresented communities. Since then, the duo\u2019s practice has embraced \u00a0both formal, monologic forms of expression, such as installations and videos, and discurcive forms, such as workshops. They are particularly interested in engaging with young people and\u00a0 initiating participatory projects that marry research and creation. They often use found or discarded materials, exploring the connection between primary materials and social and geopolitical issues. The duo employs performative and participatory modes of enquiry that integrate elements from performance art and new media into their research practice, working with digital technologies in a DIY practice which emphasizes co-creation and embraces mistake-making.<br \/>\r\n\t\t\t\t\t<\/p>\t\t\t\t<\/div>\n\t\t\t\t\t\t\t<div class=\"person h-card\">\n\t\t\t\t\t\n\t\t\t\t\t<h6 class=\"p-name\">Russel Hlongwane<\/h6>\n\t\t\t\t\t\t\t\t\t\t\t\t\t\t\t<p>\n\t\t\t\t\t\tRussel Hlongwane works in the production and assembly of culture. His area of interest is in heritage, tradition and modernity in South Africa. He moves between art-making (installation and film) and curating. His performance work operates as a bridge to transmit his academic interest to a broader audience, while his writing practice spans academia, policy and art journals. He authored the peer-reviewed paper \u2018Transcendental Technologies, Mother Tongues and Space\u2019 (2022). Russel explores language (isiZulu) as a way to mobilize ideas contained in suppressed histories. His work \u201cIfu Elimnyama\u201d (The Dark Cloud) was featured in six exhibitions and won the Sharjah Film Platform Jury Award. In 2020, Russel Hlongwane was part of the Bristol based Control Shift Network festival that featured filmic works from the global south confronting the relationship between technology and the continent. He recently completed a Masters of Philosophy at the African Centre for Cities.\t\t\t\t\t<\/p>\t\t\t\t<\/div>\n\t\t\t\t\t<\/div>\n\t<\/div>\n\t\t\t\t\t\t\t\t\t\t\t\n\t\t\t\t\t\t\t\t\t\t\t<div class=\"row\">\n\t\t\t\t\t\t\t\t\t\t\t\t<div class=\"col-xs-9 col-md-9\">\n\t\t\t\t\t\t\t\t\t\t\t\t\t<div class=\"box\">\n\t\t\t\t\t\t\t\t\t\t\t\t\t\t\t\t\t\t\t\t\t\t\t\t\t\t\t<\/div>\n\t\t\t\t\t\t\t\t\t\t\t\t<\/div>\n\t\t\t\t\t\t\t\t\t\t\t<\/div>\n\n\t\t\t\t\t\t\t\t\t\t\t\t\t\t\t\t\t\t\t\t\t<\/div>\n\t\t\t\t\t\t\t\t\t<\/div>\n\t\t\t\t\t\t\t\t<\/div>\n\t\t\t\t\t\t\t\t<\/block-accordion-item>\n\t\t\t\t\t\t\t\t\t\t\t\t\t\t<block-accordion-item inline-template item-headline=\"Inside the Verbeek-Mwewa Collection\">\n\t\t\t\t\t\t\t\t<div ref=\"item\" data-id=\"InsidetheVerbeek-MwewaCollection\" class=\"block-accordion-item vue-initialize\" aria-expanded=\"false\" :aria-expanded=\"active ? 'true' : 'false'\">\n\t\t\t\t\t\t\t\t\t<button class=\"accordion-button-with-icon block-accordion-item-head\" :class=\"{'button-active': active}\" ref=\"head\" aria-controls=\"acc_69ee35db38e3a\" id=\"acc_title_69ee35db38e3d\" @click=\"toggle\" @keydown=\"key\">\n\t\t\t\t\t\t\t\t\t<div><span class=\"button-label\">Inside the Verbeek-Mwewa Collection<\/span><\/div><span class=\"button-icon icon-plus\" aria-hidden=\"true\"><\/span>\n\t\t\t\t\t\t\t\t<\/button>\n\t\t\t\t\t\t\t\t\t<div ref=\"body\" class=\"block-accordion-item-content\" id=\"acc_69ee35db38e3a\" role=\"region\">\n\t\t\t\t\t\t\t\t\t\t<div class=\"wrapper copy\">\n\t\t\t\t\t\t\t\t\t\t\t<p class=\"p1\"><span class=\"s1\">With \u201cInside the Verbeek-Mwewa Collection\u201d, Elsa M\u2019Bala presents her artistic research on one of the most comprehensive archives documenting the artistic expressions of Lubumbashi\u2019s working class over the past five decades. The Verbeek-Mwewa collection includes 9,596 objects, 3,974 hours of audio recordings, and 81,600 documents, offering deep insights into the personal stories of the featured artists. M\u2019Bala has developed two playlists: The first features an interview with Sylvester Chapala, who explains the creation of the collection and his collaboration with Father Verbeek in the late 1990s. The second playlist showcases over 30 historical recordings, including hunter\u2019s songs, birth dances, and ritual ceremonies recorded between 1980 and 2000. These recordings reflect the social dynamics of Lubumbashi\u2019s working class. Since the recordings are housed at the Royal Museum for Central Africa in Belgium, they are difficult to access locally in Lubumbashi. Through her work, M\u2019Bala aims to find ways of making these archives more accessible.<\/span><\/p>\n\n\t\t\t\t\t\t\t\t\t\t\t<br>\t\t\t\t\t\t\t\t\t\t\t\t<div class=\"persons\">\n\t\t\t\t<div class=\"persons-container\">\n\t\t\t\t\t\t\t<div class=\"person h-card\">\n\t\t\t\t\t\n\t\t\t\t\t<h6 class=\"p-name\">Elsa M\u2019bala<\/h6>\n\t\t\t\t\t\t\t\t\t\t\t\t\t\t\t<p>\n\t\t\t\t\t\tElsa M\u2019bala lives and works between Germany and Cameroon. M\u2019bala works integrate the total submergence of electronic sound and the rhythmical properties of Ekang\/Bikutsi rhythms of the Beti people of central Africa to help us reconnect with the mythological, the spiritual, and the imaginary. Her current work uses voices and online samples in the form of transcoding, code switching, and algorithms patterns, building a fine print of electronic griotage reaching from the past into the future. Mixing analogue and digital sound machines as well as electronic and acoustic instruments to experiment with speeches, rituals and poetry. Elsa M\u2019bala work Addis\u201963 is a sound performance that explores the complexities and dualities of life, always torn between the aim to balance the inner with the outer world, the spiritual quest for identity. Using the total submergence of electronic sound and the rhythmical properties of Ekang\/Bikutsi rhythms of the Beti people of central Africa to help us reconnect with the mythological, the spiritual and the imaginary. As the philosopher Mudibe said, Africa is an invention, for that matter Africans have to (re-)invent themselves.<br \/>\r\n\t\t\t\t\t<\/p>\t\t\t\t<\/div>\n\t\t\t\t\t<\/div>\n\t<\/div>\n\t\t\t\t\t\t\t\t\t\t\t\n\t\t\t\t\t\t\t\t\t\t\t<div class=\"row\">\n\t\t\t\t\t\t\t\t\t\t\t\t<div class=\"col-xs-9 col-md-9\">\n\t\t\t\t\t\t\t\t\t\t\t\t\t<div class=\"box\">\n\t\t\t\t\t\t\t\t\t\t\t\t\t\t\t\t\t\t\t\t\t\t\t\t\t\t\t<\/div>\n\t\t\t\t\t\t\t\t\t\t\t\t<\/div>\n\t\t\t\t\t\t\t\t\t\t\t<\/div>\n\n\t\t\t\t\t\t\t\t\t\t\t\t\t\t\t\t\t\t\t\t\t<\/div>\n\t\t\t\t\t\t\t\t\t<\/div>\n\t\t\t\t\t\t\t\t<\/div>\n\t\t\t\t\t\t\t\t<\/block-accordion-item>\n\t\t\t\t\t\t\t\t\t\t\t\t\t\t<block-accordion-item inline-template item-headline=\"El sue\u00f1o del Telar que durmi\u00f3 por la tarde\">\n\t\t\t\t\t\t\t\t<div ref=\"item\" data-id=\"ElsueodelTelarquedurmiporlatarde\" class=\"block-accordion-item vue-initialize\" aria-expanded=\"false\" :aria-expanded=\"active ? 'true' : 'false'\">\n\t\t\t\t\t\t\t\t\t<button class=\"accordion-button-with-icon block-accordion-item-head\" :class=\"{'button-active': active}\" ref=\"head\" aria-controls=\"acc_69ee35db39246\" id=\"acc_title_69ee35db39248\" @click=\"toggle\" @keydown=\"key\">\n\t\t\t\t\t\t\t\t\t<div><span class=\"button-label\">El sue\u00f1o del Telar que durmi\u00f3 por la tarde<\/span><\/div><span class=\"button-icon icon-plus\" aria-hidden=\"true\"><\/span>\n\t\t\t\t\t\t\t\t<\/button>\n\t\t\t\t\t\t\t\t\t<div ref=\"body\" class=\"block-accordion-item-content\" id=\"acc_69ee35db39246\" role=\"region\">\n\t\t\t\t\t\t\t\t\t\t<div class=\"wrapper copy\">\n\t\t\t\t\t\t\t\t\t\t\t<p><em>Digital collage, 2024, commissioned by Stiftung Humboldt Forum for the 99 Questions Gathering. (2024)<\/em><\/p>\n<p>\u201cEl sue\u00f1o del Telar que durmi\u00f3 por la tarde\u201d (The dream of the loom that slept in the afternoon) is a chant that is echoed by the wind in the form of images that move and dance and breathe while your eyes are closed. It is a dialogue between the machine, the natural landscape and a very distant dream. How would a traditional loom describe what it feels when used by generations upon generations of weavers who live surrounded by mountains? How would I, myself, translate those images decoded in my own imagination of a practice that has gotten lost in the paths of time? Starting from a point where I do not recognize hierarchies between technologies (so to say, the microchip is as technological as a manioc sieve, since both are technical instruments developed for solving human problems), I start to imagine what could be a story told by a loom used by the Union Textile Semillas. This story starts at the bottom of the Kosmograf and winds up to its top, each layer playing its role in this kosmos: first, the inside-earth fire cooks life, then the surface waters refresh the land with their translucid movements; out of the sea, the mountains are born, giving a monumental site to this everyday dance; in the sky you find luminous bodies and stars flickering and falling in constant loop; and finally the sky meets the earth with fire and melts everything, all over again.<\/p>\n\n\t\t\t\t\t\t\t\t\t\t\t<br>\t\t\t\t\t\t\t\t\t\t\t\t<div class=\"persons\">\n\t\t\t\t<div class=\"persons-container\">\n\t\t\t\t\t\t\t<div class=\"person h-card\">\n\t\t\t\t\t\n\t\t\t\t\t<h6 class=\"p-name\">biarritzzz<\/h6>\n\t\t\t\t\t\t\t\t\t\t\t\t\t\t\t<p>\n\t\t\t\t\t\tbiarritzzz (1994, Fortaleza, lives and works in Recife, Brazil) is an anti-disciplinary transmedia artist who investigates languages, codes and media. She believes that magic and the low resolution are important counter narratives to live the current cosmological dispute of realities. She has exhibited in MAM Rio, Museum of Tomorrow, Kunsthall Trondheim, State Of Concept Athens, Delfina Foundation, Satellite platform (Piv\u00f4 Arte e Pesquisa), A.I.R Gallery (online), Centro Cultural S\u00e3o Paulo, The Wrong Biennale, FILE, The Shed NY, among others. Her works make part of the Rhizome Artbase (New Museum), KADIST Foundation and Instituto Moreira Salles collections. 2023 and 2024 PIPA Award nominee.\t\t\t\t\t<\/p>\t\t\t\t<\/div>\n\t\t\t\t\t<\/div>\n\t<\/div>\n\t\t\t\t\t\t\t\t\t\t\t\n\t\t\t\t\t\t\t\t\t\t\t<div class=\"row\">\n\t\t\t\t\t\t\t\t\t\t\t\t<div class=\"col-xs-9 col-md-9\">\n\t\t\t\t\t\t\t\t\t\t\t\t\t<div class=\"box\">\n\t\t\t\t\t\t\t\t\t\t\t\t\t\t\t\t\t\t\t\t\t\t\t\t\t\t\t<\/div>\n\t\t\t\t\t\t\t\t\t\t\t\t<\/div>\n\t\t\t\t\t\t\t\t\t\t\t<\/div>\n\n\t\t\t\t\t\t\t\t\t\t\t\t\t\t\t\t\t\t\t\t\t<\/div>\n\t\t\t\t\t\t\t\t\t<\/div>\n\t\t\t\t\t\t\t\t<\/div>\n\t\t\t\t\t\t\t\t<\/block-accordion-item>\n\t\t\t\t\t\t\t\t\t\t\t\t\t\t<block-accordion-item inline-template item-headline=\"Conocimiento \u2013 Habilidad \u2013 Esp\u00edritu\">\n\t\t\t\t\t\t\t\t<div ref=\"item\" data-id=\"ConocimientoHabilidadEspritu\" class=\"block-accordion-item vue-initialize\" aria-expanded=\"false\" :aria-expanded=\"active ? 'true' : 'false'\">\n\t\t\t\t\t\t\t\t\t<button class=\"accordion-button-with-icon block-accordion-item-head\" :class=\"{'button-active': active}\" ref=\"head\" aria-controls=\"acc_69ee35db3961d\" id=\"acc_title_69ee35db3961f\" @click=\"toggle\" @keydown=\"key\">\n\t\t\t\t\t\t\t\t\t<div><span class=\"button-label\">Conocimiento \u2013 Habilidad \u2013 Esp\u00edritu<\/span><\/div><span class=\"button-icon icon-plus\" aria-hidden=\"true\"><\/span>\n\t\t\t\t\t\t\t\t<\/button>\n\t\t\t\t\t\t\t\t\t<div ref=\"body\" class=\"block-accordion-item-content\" id=\"acc_69ee35db3961d\" role=\"region\">\n\t\t\t\t\t\t\t\t\t\t<div class=\"wrapper copy\">\n\t\t\t\t\t\t\t\t\t\t\t<p><em>2-Channel Installation, Guitars, and Soundscape (2024)<\/em><\/p>\n<p>The diasporic condition of musical instruments, their traditions, and sounds imply a form of relational production, connected to knowledge and materialities from different places, united in an action and object. The guitars from Paracho, a community located in the Pur\u00e9pecha plateau of the state of Michoac\u00e1n with a strong luthiery tradition, are referenced by some migrant musicians from Mexico and Latin America. In Paracho, an artisanal and serial production system of various types of guitars and string instruments is developed.<\/p>\n<p>In &#8220;Conocimiento \u2013 Habilidad \u2013 Esp\u00edritu&#8221; (Knowledge \u2013 Skill \u2013 Spirit), Miguel Buenrostro, with the participation of the Agustin &amp; Enrique Enr\u00edquez, brings together different types of string instruments as well as visual exercises referencing the Enr\u00edquez Brothers guitar workshops, a family dedicated to luthiery whose production headquarters is in Paracho and whose distribution space is the La Ciudadela market in Mexico City.<\/p>\n<p>In a gesture that articulates the workshop\u2019s own history as an act of sonic interpretation and amplification of production relationships, the recorded sounds of the instrument production are heard: acts such as scraping, cutting, carving, filing, and striking that open up a repository of knowledge and an archive of usually hidden sounds. The soundscape of production and the music that the luthier himself listens to while working overlap with the sound of the guitars themselves, as a record of the practical knowledge involved in making things.<\/p>\n<p>&#8220;Conocimiento \u2013 Habilidad \u2013 Esp\u00edritu&#8221; was part of Miguel Buenrostro\u2019s solo exhibition \u201cSaber a Qu\u00e9 Suena\u201d showcased at Casa del Lago Museum in Mexico city, Curated by Julio Garcia Murillo. With the support of 99 Questions from Humboldt Forum.<\/p>\n\n\t\t\t\t\t\t\t\t\t\t\t<br>\t\t\t\t\t\t\t\t\t\t\t\t<div class=\"persons\">\n\t\t\t\t<div class=\"persons-container\">\n\t\t\t\t\t\t\t<div class=\"person h-card\">\n\t\t\t\t\t\n\t\t\t\t\t<h6 class=\"p-name\">Miguel Buenrostro<\/h6>\n\t\t\t\t\t\t\t\t\t\t\t\t\t\t\t<p>\n\t\t\t\t\t\tMiguel Buenrostro (1984) is a Tijuana-born artist and filmmaker based in Berlin. His work delves into the intersections of art and territory, emphasizing aural dimensions and conceiving the border as a site of knowledge production and interconnection. His mediums include cinema and sonic interventions in public spaces. Buenrostro has showcased his work in the Biennale Architettura di Venezia (2016) , The Bauhaus Museum, (2018) Mus\u00e9e National de la Rd Congo,( 2021 ) Konsthall C, Stockholm ( 2022) and Museo Casa Lago, CDMX (2024). His films have been held in different international film festivals, exhibitions and Public screenings. Miguel co-created \u201cNuevo Norte\u201d a workshop in collaboration with local initiatives which investigate the politics of migration, borders and neoliberal agendas operating in the Americas\t\t\t\t\t<\/p>\t\t\t\t<\/div>\n\t\t\t\t\t<\/div>\n\t<\/div>\n\t\t\t\t\t\t\t\t\t\t\t\n\t\t\t\t\t\t\t\t\t\t\t<div class=\"row\">\n\t\t\t\t\t\t\t\t\t\t\t\t<div class=\"col-xs-9 col-md-9\">\n\t\t\t\t\t\t\t\t\t\t\t\t\t<div class=\"box\">\n\t\t\t\t\t\t\t\t\t\t\t\t\t\t\t\t\t\t\t\t\t\t\t\t\t\t\t<\/div>\n\t\t\t\t\t\t\t\t\t\t\t\t<\/div>\n\t\t\t\t\t\t\t\t\t\t\t<\/div>\n\n\t\t\t\t\t\t\t\t\t\t\t\t\t\t\t\t\t\t\t\t\t<\/div>\n\t\t\t\t\t\t\t\t\t<\/div>\n\t\t\t\t\t\t\t\t<\/div>\n\t\t\t\t\t\t\t\t<\/block-accordion-item>\n\t\t\t\t\t\t\t\t\t\t\t\t\t\t<block-accordion-item inline-template item-headline=\"The Andean Information Age\">\n\t\t\t\t\t\t\t\t<div ref=\"item\" data-id=\"TheAndeanInformationAge\" class=\"block-accordion-item vue-initialize\" aria-expanded=\"false\" :aria-expanded=\"active ? 'true' : 'false'\">\n\t\t\t\t\t\t\t\t\t<button class=\"accordion-button-with-icon block-accordion-item-head\" :class=\"{'button-active': active}\" ref=\"head\" aria-controls=\"acc_69ee35db39a65\" id=\"acc_title_69ee35db39a67\" @click=\"toggle\" @keydown=\"key\">\n\t\t\t\t\t\t\t\t\t<div><span class=\"button-label\">The Andean Information Age<\/span><\/div><span class=\"button-icon icon-plus\" aria-hidden=\"true\"><\/span>\n\t\t\t\t\t\t\t\t<\/button>\n\t\t\t\t\t\t\t\t\t<div ref=\"body\" class=\"block-accordion-item-content\" id=\"acc_69ee35db39a65\" role=\"region\">\n\t\t\t\t\t\t\t\t\t\t<div class=\"wrapper copy\">\n\t\t\t\t\t\t\t\t\t\t\t<p><em>Installation. Slide projector controlled by microcomputer, 80 analog slides (35mm), and stereo audio. 2022<\/em><\/p>\n<p>Building on the concept of aligning technological pasts and futures, Santill\u00e1n used a microcomputer to hack an old slide projector. This allowed him to control the duration of each slide and synchronize it with a soundtrack created specifically for the piece.<\/p>\n<p>The Andean Information Age transforms into a near-cinematic work. Complementarily, the images on the analog slides were produced using 3D software. These images, infused with a sci-fi energy, draw inspiration from another Andean concept: animistic entities called &#8220;huacas,&#8221; which are sacred and can exist in countless forms, ranging from mountains to handmade miniatures.<\/p>\n<p>The result is a large vertical projection, composed of a sequence of 80 slides, synced to a 28-minute audio piece.<\/p>\n<p>&nbsp;<\/p>\n\n\t\t\t\t\t\t\t\t\t\t\t<br>\t\t\t\t\t\t\t\t\t\t\t\t<div class=\"persons\">\n\t\t\t\t<div class=\"persons-container\">\n\t\t\t\t\t\t\t<div class=\"person h-card\">\n\t\t\t\t\t\n\t\t\t\t\t<h6 class=\"p-name\">Oscar Santill\u00e1n<\/h6>\n\t\t\t\t\t\t\t\t\t\t\t\t\t\t\t<p>\n\t\t\t\t\t\tOscar Santill\u00e1n is an artist and the founder of studio ANTIMUNDO, based between Amsterdam and Quito. His practice emerges precisely from the concept of &#8216;Antimundo&#8217;, a cybernetic matrix where science, fiction, and non-human perspectives converge. Oscar received an MFA in 2011 from the Sculpture Department at Virginia Commonwealth University (USA). He has been a senior researcher at the Davis Center for AI (USA), a researcher at NIAS (NL), and is currently an advisor at De Ateliers Amsterdam (NL). <br \/>\r\n\u00a0 <br \/>\r\nOscar Santill\u00e1n completed a number of residencies at various institutions, including Jan van Eyck Academy (NL), Fondazione Ratti (IT), Delfina Foundation (GB), the Astronomical Observatory of Leiden (NL), and Skowhegan (USA). <br \/>\r\nHe had solo exhibitions at MUAC (MX), Kunstinstituut Melly (NL), Radius CCA (NL), Copperfield (GB), among others. And his group exhibitions include institutions such as LACMA (USA), Yokohama Triennial (JP), NRW FORUM D\u00fcsseldorf (DE), SongEun Art Space (KR), MacAlline Art Center (CN), Irish Museum of Modern Art (IE), among others.\t\t\t\t\t<\/p>\t\t\t\t<\/div>\n\t\t\t\t\t<\/div>\n\t<\/div>\n\t\t\t\t\t\t\t\t\t\t\t\n\t\t\t\t\t\t\t\t\t\t\t<div class=\"row\">\n\t\t\t\t\t\t\t\t\t\t\t\t<div class=\"col-xs-9 col-md-9\">\n\t\t\t\t\t\t\t\t\t\t\t\t\t<div class=\"box\">\n\t\t\t\t\t\t\t\t\t\t\t\t\t\t\t\t\t\t\t\t\t\t\t\t\t\t\t<\/div>\n\t\t\t\t\t\t\t\t\t\t\t\t<\/div>\n\t\t\t\t\t\t\t\t\t\t\t<\/div>\n\n\t\t\t\t\t\t\t\t\t\t\t\t\t\t\t\t\t\t\t\t\t<\/div>\n\t\t\t\t\t\t\t\t\t<\/div>\n\t\t\t\t\t\t\t\t<\/div>\n\t\t\t\t\t\t\t\t<\/block-accordion-item>\n\t\t\t\t\t\t\t\t\t\t\t\t\t\t<block-accordion-item inline-template item-headline=\"La Crecida\">\n\t\t\t\t\t\t\t\t<div ref=\"item\" data-id=\"LaCrecida\" class=\"block-accordion-item vue-initialize\" aria-expanded=\"false\" :aria-expanded=\"active ? 'true' : 'false'\">\n\t\t\t\t\t\t\t\t\t<button class=\"accordion-button-with-icon block-accordion-item-head\" :class=\"{'button-active': active}\" ref=\"head\" aria-controls=\"acc_69ee35db39eb6\" id=\"acc_title_69ee35db39eb8\" @click=\"toggle\" @keydown=\"key\">\n\t\t\t\t\t\t\t\t\t<div><span class=\"button-label\">La Crecida<\/span><\/div><span class=\"button-icon icon-plus\" aria-hidden=\"true\"><\/span>\n\t\t\t\t\t\t\t\t<\/button>\n\t\t\t\t\t\t\t\t\t<div ref=\"body\" class=\"block-accordion-item-content\" id=\"acc_69ee35db39eb6\" role=\"region\">\n\t\t\t\t\t\t\t\t\t\t<div class=\"wrapper copy\">\n\t\t\t\t\t\t\t\t\t\t\t<p><em>Wooden structure composed of frames on which the textiles made by the twelve weaving groups that make up the Union Textiles Semillas are stretched.\u00a0Textiles made from llama fiber, sheep wool, chaguar, cotton, and industrial yarns. The yarns are dyed with natural dyes: rhubarb, carob tree sap, walnut, eucalyptus, yerba mate, onion, chinchilla, cochineal, beetroot, jarilla, herbs, and artificial dyes. The techniques used include knitted fabrics, ground looms, backstrap looms, frame looms, needle lace, braiding, and embroidery. Textile Video Installation. Audiovisual triptych in vertical format, mixed media: documentary footage and digital animation. Resolution: 1080&#215;1920 px (Full HD). Commissioned by the Stiftung Humboldt Forum f\u00fcr das 99 Questions Gathering. (2024)<\/em><\/p>\n<p>Set of textile pieces made by each of the groups that make up the Union Textiles Semillas in northern Argentina. Each work is a testament to the identity and textile tradition of different communities and peoples. In 2023, two gatherings were held with representatives from the twelve groups invited to participate in the Textiles Semillas project. During each gathering, exhibitions were held featuring a collection of textiles gathered in the first contact with the groups, displayed on self-supporting structures. The architect Paulo Vera, in collaboration with artist Alejandra Mizrahi, designed a wooden structure to support, stretch, and display the textiles. The shapes of this structure replicate the silhouettes of a mountainous horizon and the frame typically used to make some of the weavings, a structure that is generally not seen, as it serves as the support and the place where the weaving is born. As such, it is a place of transition. The structures are left visible to manipulate the textiles, here shown to highlight the importance of revealing where they come from and how their forms are constructed. The textiles were specially made for this exhibition by the twelve weaving groups in 2024. The textiles on the structure coexist with audiovisual pieces created by Alina Bardavid, based on recordings taken during trips to each of the weaver communities that display their knowledge and legacies in this evolving work.<\/p>\n<p>Artists and Weavers: Achalay Tejidos (Niogasta, Simoca, Tucum\u00e1n), Cooperativa La Pachamama (Amaicha del Valle, Tucum\u00e1n), Flor en Piedra (Caspal\u00e1, Jujuy), Flor de Altea (Santa Ana, Jujuy), Randeras de El Cercado (Monteros, Tucum\u00e1n), Sil\u00e4t (Santa Victoria Este, Salta), Tejedoras de Quilmes (Quilmes, Tucum\u00e1n), Tejedores Andinos (Huacalera, Jujuy), Teleras de Atamisqui (Atamisqui, Santiago del Estero), Teleras de Huilla Catina (Huilla Catina, Santiago del Estero), Tinku Kamayu (Santa Mar\u00eda, Catamarca), Warmipura (Taf\u00ed del Valle, Tucum\u00e1n)<\/p>\n<p>Audiovisual triptych<br \/>\nConcept, editing, and animation: Alina Bardavid<br \/>\nCamera: Alina Bardavid and \u00c1lvaro Sim\u00f3n Padr\u00f3s<br \/>\nFilming assistance: Javier D\u00edaz<br \/>\nEditing assistance: \u00c1lvaro Sim\u00f3n Padr\u00f3s<br \/>\nAnimation assistance: Mar\u00eda Jos\u00e9 Vera and Gonzalo Tortola<\/p>\n\n\t\t\t\t\t\t\t\t\t\t\t<br>\t\t\t\t\t\t\t\t\t\t\t\t<div class=\"persons\">\n\t\t\t\t<div class=\"persons-container\">\n\t\t\t\t\t\t\t<div class=\"person h-card\">\n\t\t\t\t\t\n\t\t\t\t\t<h6 class=\"p-name\">Uni\u00f3n Textiles Semillas<\/h6>\n\t\t\t\t\t\t\t\t\t\t\t\t\t\t\t<p>\n\t\t\t\t\t\tLa Uni\u00f3n Textiles Semillas brings together twelve groups of weavers, artists, and activists from different territories in northwestern Argentina, along with an intercultural research group called \u201cSembradoras\u201d (Sowers). Since the beginning of 2023, it has gathered various women\u2019s organizations from rural and indigenous communities as an artistic project that is part of the 99 Questions program at the Humboldt Forum. It experiments with the creation of collective works, reaffirming the possibility of growth as a result of combining actions, memories, and struggles.\u00a0<br \/>\r\n<br \/>\r\nThe project is coordinated by the Argentine curators and artists Andrei Fern\u00e1ndez and Alejandra Mizrahi. The weavers from Textiles Semillas have presented and further developed their collective works in Amaicha del Valle, Tilcara, Atamisqui, and San Miguel de Tucum\u00e1n, accompanied by workshops for knowledge exchange and textile faires. In 2024, Textiles Semillas participate in the Textile Art Day at the Museum of Latin American Art in Buenos Aires (MALBA), as part of the exhibition &#8220;Dreaming Water&#8221; by Cecilia Vicu\u00f1a; and the exhibition series &#8220;Cantando Bajito&#8221; at the Ford Foundation Gallery in New York. It also undertook a residency for artist collectives at the URRA Project in Buenos Aires. \u00a0\t\t\t\t\t<\/p>\t\t\t\t<\/div>\n\t\t\t\t\t<\/div>\n\t<\/div>\n\t\t\t\t\t\t\t\t\t\t\t\n\t\t\t\t\t\t\t\t\t\t\t<div class=\"row\">\n\t\t\t\t\t\t\t\t\t\t\t\t<div class=\"col-xs-9 col-md-9\">\n\t\t\t\t\t\t\t\t\t\t\t\t\t<div class=\"box\">\n\t\t\t\t\t\t\t\t\t\t\t\t\t\t\t\t\t\t\t\t\t\t\t\t\t\t\t<\/div>\n\t\t\t\t\t\t\t\t\t\t\t\t<\/div>\n\t\t\t\t\t\t\t\t\t\t\t<\/div>\n\n\t\t\t\t\t\t\t\t\t\t\t\t\t\t\t\t\t\t\t\t\t<\/div>\n\t\t\t\t\t\t\t\t\t<\/div>\n\t\t\t\t\t\t\t\t<\/div>\n\t\t\t\t\t\t\t\t<\/block-accordion-item>\n\t\t\t\t\t\t\t\t\t\t\t\t\t\t<block-accordion-item inline-template item-headline=\"Tell Me the Story\">\n\t\t\t\t\t\t\t\t<div ref=\"item\" data-id=\"TellMetheStory\" class=\"block-accordion-item vue-initialize\" aria-expanded=\"false\" :aria-expanded=\"active ? 'true' : 'false'\">\n\t\t\t\t\t\t\t\t\t<button class=\"accordion-button-with-icon block-accordion-item-head\" :class=\"{'button-active': active}\" ref=\"head\" aria-controls=\"acc_69ee35db3a271\" id=\"acc_title_69ee35db3a273\" @click=\"toggle\" @keydown=\"key\">\n\t\t\t\t\t\t\t\t\t<div><span class=\"button-label\">Tell Me the Story<\/span><\/div><span class=\"button-icon icon-plus\" aria-hidden=\"true\"><\/span>\n\t\t\t\t\t\t\t\t<\/button>\n\t\t\t\t\t\t\t\t\t<div ref=\"body\" class=\"block-accordion-item-content\" id=\"acc_69ee35db3a271\" role=\"region\">\n\t\t\t\t\t\t\t\t\t\t<div class=\"wrapper copy\">\n\t\t\t\t\t\t\t\t\t\t\t<p><em>6 Mask Installation, plastic chairs and old smartphones. Commissioned by 99 Questions at the Humboldt Forum.<\/em><\/p>\n<p>Tell Me the Story is a poetic gesture in which artist Sarah Ndele pieces together the fragments of a broken world. In this multimedia installation, past and present, tradition and innovation merge into a living dialogue. Ndele leads us back to the roots of African storytelling, to the oral tradition that forms the heart of African literature, even as it risks fading into the shadows of modernity.<\/p>\n<p>Through her unique technique, called \u201cMatsuela,\u201d in which melted plastic becomes tears, Ndele gives a voice to a material. Broken plastic chairs and other discarded objects, melted by fire and molded into new forms, become symbols of the fragmentation and wounds Africa has endured, but also of the potential for healing and restoration. Here, fire emerges as an act of transformation and reclamation: from the tears of broken plastic arises a new body, a renewed consciousness that reassembles the shattered parts of history.<\/p>\n<p>Each mask, equipped with smartphones playing video performances in an endless loop, becomes a window into Africa\u2019s stories. Ndele creates a multi-layered narrative that spans from the personal\u2014as in Wal\u00e9, which addresses postnatal practices in Africa\u2014to the spiritual, as in Yemanja, a tribute to the Yoruba goddess of the waters. Other masks, such as Sentinel, Dieu Dimosi (One Eye), and Decision, challenge spiritual authority, expand the visible, and call for the reclaiming of lost narratives.<\/p>\n<p>With this installation, Ndele creates not only a work of memory but also a space for renewal\u2014an invitation to heal the fractures, reactivate forgotten stories, and discover a new language. Tell Me the Story is a call for connectedness and the reimagining of the fragments of a collective history.<\/p>\n\n\t\t\t\t\t\t\t\t\t\t\t<br>\t\t\t\t\t\t\t\t\t\t\t\t<div class=\"persons\">\n\t\t\t\t<div class=\"persons-container\">\n\t\t\t\t\t\t\t<div class=\"person h-card\">\n\t\t\t\t\t\n\t\t\t\t\t<h6 class=\"p-name\">Sarah Ndele<\/h6>\n\t\t\t\t\t\t\t\t\t\t\t\t\t\t\t<p>\n\t\t\t\t\t\tSara Ndele was born in Kinshasa. She is a visual artist from the Academy of Fine Arts in Kinshasa. In her work, she addresses issues related to memory, roots, and the present state of education or initiation in the \u201cBas-Congo,\u201d now called Kongo Central, within the Yombe tribe. She draws inspiration from Yombe masks and interprets them in her own way using plastic. Her technique is called \u201cmatsuela,\u201d meaning tears, symbolizing that even with tears, we can build a new Africa. She also employs painting as a medium, showcasing the Masonika script and palette knife technique on canvas.\t\t\t\t\t<\/p>\t\t\t\t<\/div>\n\t\t\t\t\t<\/div>\n\t<\/div>\n\t\t\t\t\t\t\t\t\t\t\t\n\t\t\t\t\t\t\t\t\t\t\t<div class=\"row\">\n\t\t\t\t\t\t\t\t\t\t\t\t<div class=\"col-xs-9 col-md-9\">\n\t\t\t\t\t\t\t\t\t\t\t\t\t<div class=\"box\">\n\t\t\t\t\t\t\t\t\t\t\t\t\t\t\t\t\t\t\t\t\t\t\t\t\t\t\t<\/div>\n\t\t\t\t\t\t\t\t\t\t\t\t<\/div>\n\t\t\t\t\t\t\t\t\t\t\t<\/div>\n\n\t\t\t\t\t\t\t\t\t\t\t\t\t\t\t\t\t\t\t\t\t<\/div>\n\t\t\t\t\t\t\t\t\t<\/div>\n\t\t\t\t\t\t\t\t<\/div>\n\t\t\t\t\t\t\t\t<\/block-accordion-item>\n\t\t\t\t\t\t\t\t\t\t\t\t\t<\/div>\n\t\t\t\t\t\t<\/block-accordion>\n\t\t\t\t\t\t\t\t\t<\/div>\n\t\t\t<\/div>\n\t\t<\/div>\n\t<\/div>\n<\/section>\n\n\n<section class=\"block block-copy block-no-margin\" >\n    <div class=\"container-fluid\">\n\t\t<div class=\"row \">\n            <div class=\"col-xs-12 col-md-offset-2 col-md-8\">\n                <div class=\"box\">\n                    <div class=\"copy\"><\/div>\n                <\/div>\n            <\/div>\n\t\t<\/div>\n\t\t    <\/div>\n<\/section>\n\n<section class=\"block block-headline block-no-margin \"  id='curatorial-approach' data-anchor='Curatorial Approach'>\n\t<div class=\"container-fluid\">\n\t\t<div class=\"row\">\n\t\t\t\t\t\t\t<div class=\"col-xs-12 col-md-offset-2 col-md-8\">\n\t\t\t\t\t<div class=\"box\">\n\t\t\t\t\t\t<h2 class=\".h4\">Curatorial Approach<\/h2>\n\t\t\t\t\t<\/div>\n\t\t\t\t<\/div>\n\t\t\t\t\t<\/div>\n\t<\/div>\n<\/section>\n\n\n\n\n<section class=\"block block-copy\" >\n    <div class=\"container-fluid\">\n\t\t<div class=\"row \">\n            <div class=\"col-xs-12 col-md-offset-2 col-md-8\">\n                <div class=\"box\">\n                    <div class=\"copy\"><p>As a curatorial approach, we understand what we call \u201cnodes\u201d as moments of engagement, where threads are tied together, memories are recalled, ties are deliberately untied and released. Knowledge, much like knots, is in constant flux; it can change, unfurl, give rise to new constellations, or secure others. This notion draws inspiration from \u2018nodes\u2019 in network systems: the more nodes exist, the more stable the network becomes.<\/p>\n<h5>Post-Extractivism and the Pluriverse<\/h5>\n<p>In the context of <em>99 Questions<\/em>, the research nodes represent a commitment to sustainable and long-term collaboration, focusing on collective knowledge exchange and mutual learning. Local-specific issues are discussed in-situ by local and international participants, revealing possible connections and parallels. By engaging with the plurality of situated knowledge in these on-site inquiries, we counter a universalistic notion of knowledge. It is crucial to approach this endeavor with an anti-extractivist manner, considering forms and possibilities of collaboration that relate to the diverse needs of all partners involved.<\/p>\n<p>The research nodes are an attempt to decentralize the museum, fostering new access points and narratives for harboring and passing on wisdom on material and immaterial culture. Embracing the concept of the \u2018pluriverse\u2019 (as described by Arturo Escobar or Achille Mbembe), we underscore the importance of recognizing and valuing a multitude of perspectives and ways of knowing. We advocate for a more inclusive, just, and sustainable world where diversity is celebrated and knowledge is collaboratively produced through dialogue and mutual respect.\u00a0During the\u00a099 Questions Gathering, these various Nodes converge, creating further moments of public engagement and forming intricate networks between the participants, and their communities and (scholar) kin.<\/p>\n<p>For more information on 99 Questions, click <a href=\"https:\/\/www.humboldtforum.org\/en\/programm\/event-reihe\/discourse\/99-questions-20100\/\">here<\/a>.<\/p>\n<\/div>\n                <\/div>\n            <\/div>\n\t\t<\/div>\n\t\t    <\/div>\n<\/section>\n\n<section class=\"block block-headline block-no-margin \"  id='participants' data-anchor='Participants'>\n\t<div class=\"container-fluid\">\n\t\t<div class=\"row\">\n\t\t\t\t\t\t\t<div class=\"col-xs-12 col-md-offset-2 col-md-8\">\n\t\t\t\t\t<div class=\"box\">\n\t\t\t\t\t\t<h2 class=\".h4\">Participants<\/h2>\n\t\t\t\t\t<\/div>\n\t\t\t\t<\/div>\n\t\t\t\t\t<\/div>\n\t<\/div>\n<\/section>\n\n\n\n\n\n<section class=\"block block-accordion\">\n\t<div class=\"container-fluid\">\n\t\t<div class=\"row\">\n\t\t\t<div class=\"col-xs-12 col-md-offset-2 col-md-8\">\n\t\t\t\t<div class=\"box\">\n\t\t\t\t\t\t\t\t\t\t\t<block-accordion inline-template>\n\t\t\t\t\t\t\t<div class=\"accordion\">\n\t\t\t\t\t\t\t\t\t\t\t\t\t\t\t<block-accordion-item inline-template item-headline=\"With\">\n\t\t\t\t\t\t\t\t<div ref=\"item\" data-id=\"With\" class=\"block-accordion-item active vue-initialize\" aria-expanded=\"true\" :aria-expanded=\"active ? 'true' : 'false'\">\n\t\t\t\t\t\t\t\t\t<button class=\"accordion-button-with-icon block-accordion-item-head\" :class=\"{'button-active': active}\" ref=\"head\" aria-controls=\"acc_69ee35db3e812\" id=\"acc_title_69ee35db3e815\" @click=\"toggle\" @keydown=\"key\">\n\t\t\t\t\t\t\t\t\t<div><span class=\"button-label\">With<\/span><\/div><span class=\"button-icon icon-plus\" aria-hidden=\"true\"><\/span>\n\t\t\t\t\t\t\t\t<\/button>\n\t\t\t\t\t\t\t\t\t<div ref=\"body\" class=\"block-accordion-item-content\" id=\"acc_69ee35db3e812\" role=\"region\">\n\t\t\t\t\t\t\t\t\t\t<div class=\"wrapper copy\">\n\t\t\t\t\t\t\t\t\t\t\t<p>Alejandra Mizrahi, Ana Roman,\u00a0 Andrei Fernandez,\u00a0 Ba Taonga Julia <span class=\"s1\">Kaunda-Kaseka<\/span>, biarritzzz, Diane Cescutti, Edna Martinez, Elisa Balmaceda, Han Song Hiltmann, Jean Kamba, Joseph K. Kasau Wa Mambwe, Lo-Def Film Factory und Russel Hlongwane, Martin Savransky, Michael Dieminger, Miguel Buenrostro, M\u00f4nica Hoff, Oscar Santill\u00e1n, Paula Gaetano Adi, Patrick Mudekereza, Sara Garz\u00f3n, Sarah Ndele, Uni\u00f3n Textiles Semillas, Vanessa Orew\u00e1, Walla Capelobo and Elsa M&#8217;bala.<\/p>\n\n\t\t\t\t\t\t\t\t\t\t\t\t\t\t\t\t\t\t\t\t\t\t\t\t\t\t\t\t\t\t\t\t\t\n\t\t\t\t\t\t\t\t\t\t\t<div class=\"row\">\n\t\t\t\t\t\t\t\t\t\t\t\t<div class=\"col-xs-9 col-md-9\">\n\t\t\t\t\t\t\t\t\t\t\t\t\t<div class=\"box\">\n\t\t\t\t\t\t\t\t\t\t\t\t\t\t\t\t\t\t\t\t\t\t\t\t\t\t\t<\/div>\n\t\t\t\t\t\t\t\t\t\t\t\t<\/div>\n\t\t\t\t\t\t\t\t\t\t\t<\/div>\n\n\t\t\t\t\t\t\t\t\t\t\t\t\t\t\t\t\t\t\t\t\t<\/div>\n\t\t\t\t\t\t\t\t\t<\/div>\n\t\t\t\t\t\t\t\t<\/div>\n\t\t\t\t\t\t\t\t<\/block-accordion-item>\n\t\t\t\t\t\t\t\t\t\t\t\t\t\t<block-accordion-item inline-template item-headline=\"Partners\">\n\t\t\t\t\t\t\t\t<div ref=\"item\" data-id=\"Partners\" class=\"block-accordion-item vue-initialize\" aria-expanded=\"false\" :aria-expanded=\"active ? 'true' : 'false'\">\n\t\t\t\t\t\t\t\t\t<button class=\"accordion-button-with-icon block-accordion-item-head\" :class=\"{'button-active': active}\" ref=\"head\" aria-controls=\"acc_69ee35db3eb11\" id=\"acc_title_69ee35db3eb12\" @click=\"toggle\" @keydown=\"key\">\n\t\t\t\t\t\t\t\t\t<div><span class=\"button-label\">Partners<\/span><\/div><span class=\"button-icon icon-plus\" aria-hidden=\"true\"><\/span>\n\t\t\t\t\t\t\t\t<\/button>\n\t\t\t\t\t\t\t\t\t<div ref=\"body\" class=\"block-accordion-item-content\" id=\"acc_69ee35db3eb11\" role=\"region\">\n\t\t\t\t\t\t\t\t\t\t<div class=\"wrapper copy\">\n\t\t\t\t\t\t\t\t\t\t\t<p>Uni\u00f3n Textiles Semillas, Piv\u00f4 Art &amp; Research Salvador de Bah\u00eda, Waza Centre d&#8217;Art Lubumbashi<\/p>\n\n\t\t\t\t\t\t\t\t\t\t\t\t\t\t\t\t\t\t\t\t\t\t\t\t\t\t\t\t\t\t\t\t\t\n\t\t\t\t\t\t\t\t\t\t\t<div class=\"row\">\n\t\t\t\t\t\t\t\t\t\t\t\t<div class=\"col-xs-9 col-md-9\">\n\t\t\t\t\t\t\t\t\t\t\t\t\t<div class=\"box\">\n\t\t\t\t\t\t\t\t\t\t\t\t\t\t\t\t\t\t\t\t\t\t\t\t\t\t\t<\/div>\n\t\t\t\t\t\t\t\t\t\t\t\t<\/div>\n\t\t\t\t\t\t\t\t\t\t\t<\/div>\n\n\t\t\t\t\t\t\t\t\t\t\t\t\t\t\t\t\t\t\t\t\t<\/div>\n\t\t\t\t\t\t\t\t\t<\/div>\n\t\t\t\t\t\t\t\t<\/div>\n\t\t\t\t\t\t\t\t<\/block-accordion-item>\n\t\t\t\t\t\t\t\t\t\t\t\t\t<\/div>\n\t\t\t\t\t\t<\/block-accordion>\n\t\t\t\t\t\t\t\t\t<\/div>\n\t\t\t<\/div>\n\t\t<\/div>\n\t<\/div>\n<\/section>\n\n\n<section class=\"block block-teaser col-1 has-bg\" style=\"--teaser-bg:#f2f2f2\">\n\t<lazy-component :fixed-min-height=\"400\">\n\t\n\t\t\t\t\t<div class=\"container-fluid\">\n\t\t\t\t<div class=\"row bottom-xs\">\n\t\t\t\t\t<div class=\"col-xs-12 col-sm-10 col-md-8 col-sm-offset-1 col-md-offset-2\">\n\t\t\t\t\t\t<h4>part of<\/h4>\t\t\t\t\t\t\t\t\t\t\t\t\t\t\t\t\t\t\t<\/div>\n\t\t\t\t\t<div class=\"col-xs-12 col-sm-10 col-md-8 col-sm-offset-1 col-md-offset-2 start-xs end-md margin-bottom-sixth\">\n\t\t\t\t\t\t\t\t\t\t\t<\/div>\n\t\t\t\t<\/div>\n\t\t\t\t<ul class=\"row\">\n\t\t\t\n<li class=\"col-xs-12 teaser-wrapper col-padding-remove\">\n\t<calendarteaser key=\"201002453\" rawitem='{&quot;postId&quot;:20100,&quot;title&quot;:&quot;99 Questions&quot;,&quot;excerpt&quot;:&quot;&quot;,&quot;slug&quot;:&quot;99-questions&quot;,&quot;type&quot;:&quot;event-sequence&quot;,&quot;post_date&quot;:&quot;2020-10-23T16:09&quot;,&quot;permalink&quot;:&quot;https:\\\/\\\/www.humboldtforum.org\\\/en\\\/programm\\\/event-reihe\\\/discourse\\\/99-questions-20100\\\/&quot;,&quot;genre&quot;:[566,567],&quot;genre_details&quot;:[{&quot;text&quot;:&quot;Discourse&quot;,&quot;id&quot;:566,&quot;icon&quot;:null,&quot;parent&quot;:0},{&quot;text&quot;:&quot;Science and Humanities&quot;,&quot;id&quot;:567,&quot;icon&quot;:null,&quot;parent&quot;:0}],&quot;topic&quot;:[783],&quot;topic_details&quot;:[{&quot;text&quot;:&quot;Colonialism and Coloniality&quot;,&quot;id&quot;:783,&quot;icon&quot;:null,&quot;parent&quot;:0}],&quot;stakeholder&quot;:[595],&quot;stakeholder_details&quot;:[{&quot;text&quot;:&quot;Stiftung Humboldt Forum im Berliner Schloss&quot;,&quot;id&quot;:595,&quot;icon&quot;:null,&quot;parent&quot;:0}],&quot;icon_overwrite&quot;:&quot;&quot;,&quot;acf&quot;:{&quot;shorturl&quot;:&quot;99questions&quot;,&quot;highlight_header&quot;:false,&quot;featured_images&quot;:[17912],&quot;tipp&quot;:false,&quot;joker&quot;:false,&quot;live&quot;:false,&quot;hyphenation&quot;:true,&quot;yt&quot;:&quot;&quot;,&quot;belongsto&quot;:false,&quot;noindex&quot;:false,&quot;keywords&quot;:&quot;&quot;,&quot;additional_info&quot;:{&quot;icon&quot;:&quot;0&quot;,&quot;text&quot;:&quot;&quot;},&quot;use_video_in_teasers&quot;:false,&quot;manual_period&quot;:false,&quot;hide_event_in_program&quot;:false,&quot;has_mobile_format&quot;:false,&quot;announcement&quot;:&quot;A research led platform&quot;,&quot;overwrite_date&quot;:&quot;A research led platform&quot;,&quot;events&quot;:[127853]},&quot;date&quot;:{&quot;NLAST&quot;:&quot;202404251900&quot;,&quot;NX&quot;:null,&quot;NXX&quot;:null,&quot;from_DATE&quot;:&quot;20240425 19:00&quot;,&quot;from&quot;:1714057200,&quot;to&quot;:1714057200,&quot;to_DATE&quot;:&quot;20240425 19:00&quot;,&quot;from_HRFSHORT&quot;:&quot;25 Apr 2024&quot;,&quot;from_HRFSHORT_WD&quot;:&quot;Thu 25\\\/04\\\/2024&quot;,&quot;to_HRFSHORT&quot;:&quot;25 Apr 2024&quot;,&quot;to_HRFSHORT_WD&quot;:&quot;Thu 25\\\/04\\\/2024&quot;,&quot;from_HRF&quot;:&quot;Thu, 25 April 2024&quot;,&quot;to_HRF&quot;:&quot;Thu, 25 April 2024&quot;,&quot;from_to_HRF&quot;:&quot;Thu, 25 April \\u2013 Thu, 25 April 2024&quot;,&quot;from_to_HRFSHORT&quot;:&quot;25 Apr \\u2013 25 Apr 2024&quot;},&quot;alert&quot;:null,&quot;partof&quot;:[],&quot;marketing_topic&quot;:&quot;&quot;}' inline-template>\n\t<a href=\"https:\/\/www.humboldtforum.org\/en\/programm\/event-reihe\/discourse\/99-questions-20100\/\" class=\"teaser teaser-event-sequence teaser-event-standard\">\n\t\t<div class=\"row\">\n\t\t\t<div class=\"col-xs-12 col-sm-6 col-md-5 col-sm-offset-1 col-md-offset-2 first-sm teaser-event-text Infos\">\n\t\t\t\t<div class=\"teaser-event-standard-text\">\n\t\t\t\t\t<div class=\"margin-bottom-atom\">\n\t\t\t\t\t\t<div class=\"subline clamp-1\" v-html=\"maingenre\"><\/div>\n\t\t\t\t\t\t\t\t\t\t\t<\/div>\n\t\t\t\t\n\t\t\t\t\t<strong class=\"margin-bottom-atom h5\">99 Questions<\/strong>\n\n\t\t\t\t\t\t\t\t\t<\/div>\n\t\t\t\t<div class=\"teaser-bottom border-bottom\">\n\t\t\t\t<calendardateline :rawitem='item' :show-icon=\"true\"><\/calendardateline>\n\t\t\t\t\t<hr>\n\t\t\t\t<\/div>\n\t\t\t<\/div>\n\t\t\t<div class=\"col-xs-12 col-sm-4 col-md-3 teaser-event-image bottom-xs first-xs\">\n\t\t\t\t<div class=\"teaser-image teaser-image-no-alternate\">\n\t\t\t\t\t\t\t\t\t\t\t\n\t<lazy-media-inline inline-template>\n\t\t<figure itemscope itemtype=\"http:\/\/schema.org\/ImageObject\" class=\"lazy-media-inline \" role=\"group\" id=\"media_69ee35db58305\" aria-labelledby=\"desc_media_69ee35db58305\">\n\t\t\t<script type=\"application\/json\" ref=\"data\">\n\t\t\t\t{\n\t\t\t\t\"sizes\" : {\"medium\":{\"file\":\"201130_LOS_55_Webteaser_Studio3_99Fragen2-300x180.jpg\",\"width\":300,\"height\":180,\"mime-type\":\"image\\\/jpeg\"},\"large\":{\"file\":\"201130_LOS_55_Webteaser_Studio3_99Fragen2-1024x613.jpg\",\"width\":1024,\"height\":613,\"mime-type\":\"image\\\/jpeg\"},\"thumbnail\":{\"file\":\"201130_LOS_55_Webteaser_Studio3_99Fragen2-150x150.jpg\",\"width\":150,\"height\":150,\"mime-type\":\"image\\\/jpeg\"},\"medium_large\":{\"file\":\"201130_LOS_55_Webteaser_Studio3_99Fragen2-768x460.jpg\",\"width\":768,\"height\":460,\"mime-type\":\"image\\\/jpeg\"},\"small\":{\"file\":\"201130_LOS_55_Webteaser_Studio3_99Fragen2-440x264.jpg\",\"width\":440,\"height\":264,\"mime-type\":\"image\\\/jpeg\"},\"semi\":{\"file\":\"201130_LOS_55_Webteaser_Studio3_99Fragen2-580x347.jpg\",\"width\":580,\"height\":347,\"mime-type\":\"image\\\/jpeg\"},\"mobile\":{\"file\":\"201130_LOS_55_Webteaser_Studio3_99Fragen2-720x431.jpg\",\"width\":720,\"height\":431,\"mime-type\":\"image\\\/jpeg\"},\"hd\":{\"file\":\"201130_LOS_55_Webteaser_Studio3_99Fragen2-1280x767.jpg\",\"width\":1280,\"height\":767,\"mime-type\":\"image\\\/jpeg\"},\"full\":{\"file\":\"201130_LOS_55_Webteaser_Studio3_99Fragen2-1920x1150.jpg\",\"width\":1920,\"height\":1150,\"mime-type\":\"image\\\/jpeg\"},\"1536x1536\":{\"file\":\"201130_LOS_55_Webteaser_Studio3_99Fragen2-1536x920.jpg\",\"width\":1536,\"height\":920,\"mime-type\":\"image\\\/jpeg\"},\"original\":{\"file\":\"201130_LOS_55_Webteaser_Studio3_99Fragen2.jpg\",\"width\":2000,\"height\":1198}},\n\t\t\t\t\"alt\" : \"An exhibition space with an inclined square, in which the number \\u201c99\\u201d and two other photos are located in the center\",\n\t\t\t\t\"path\" : \"\\\/wp-content\\\/uploads\\\/2020\\\/10\\\/\",\n\t\t\t\t\"video\" : null,\n\t\t\t\t\"autoplay\" : null,\n\t\t\t\t\"youtube\" : null,\n\t\t\t\t\"youtubelabel\" : \"Play video\",\n\t\t\t\t\"brightness\" : 100,\n\t\t\t\t\"crop\" : {\"top\":\"50.00\",\"left\":\"50.00\"},\n\t\t\t\t\"background\" : true,\n\t\t\t\t\"scale\" : 2\t\t\t\t}\n\t\t\t<\/script>\n\n\t\t\t<div class=\"height-container\" style=\"padding-bottom:59.9%;\" v-if=\"sizes\">\n\t\t\t\t\t\t\t\t<lazy-media :inline=\"true\" :alt=\"alt\" :sizes=\"sizes\" :scale=\"scale\" :brightness=\"brightness\" :path=\"path\" :video=\"video\" :autoplay=\"autoplay\" :youtube=\"youtube\" :crop=\"crop\" :youtubelabel=\"youtubelabel\" :background=\"background\" media-id=\"desc_media_69ee35db58305\"><\/lazy-media>\n\t\t\t\t\t\t\t<\/div>\n\n\t\t\t\t\t\t\t<figcaption class=\"sr-only\" ref=\"body\" id=\"desc_media_69ee35db58305\">\n\t\t\t\t\t\t\t\t\t\t\t\t\t\t\t\t\t\t\t\t\t<div class=\"insignificant\">\u00a9 Stiftung Humboldt Forum im Berliner Schloss \/ Collage: Museum f\u00fcr Asiatische Kunst, Ethnologisches Museum \/ Staatliche Museen zu Berlin<\/div>\n\t\t\t\t\t\t\t\t\t<\/figcaption>\n\t\t\t\t\t<\/figure>\n\t<\/lazy-media-inline>\n\t\t\t\t<\/div>\n\t\t\t<\/div>\n\t\t<\/div>\n\t<\/a>\n\t<\/calendarteaser>\n<\/li>\n\n\t\t\t\t<\/ul>\n\t\t\t<\/div>\n\t\t\t\t<\/lazy-component>\n<\/section>\n\n\n\n<section class=\"block block-CTA block-CTA-long leftgradient\">\n\t<div class=\"container-fluid\">\n\t\t<div class=\"row center-xs\">\n\t\t\t<div class=\"col-xs-12\">\n\t\t\t\t<div class=\"box\">\n\t\t\t\t\t<a href=\"https:\/\/www.humboldtforum.org\/en\/newsletter-2\/\" aria-label=\"Stay up to date.\" class=\"teaser teaser-cta-wide \">\n\t\t\t\t\t\t<div class=\"teaser-image\">\n\t\t\t\t\t\t\t\n\t<lazy-media-inline inline-template>\n\t\t<figure itemscope itemtype=\"http:\/\/schema.org\/ImageObject\" class=\"lazy-media-inline \" role=\"group\" id=\"media_69ee35db5ae3f\" aria-labelledby=\"desc_media_69ee35db5ae3f\">\n\t\t\t<script type=\"application\/json\" ref=\"data\">\n\t\t\t\t{\n\t\t\t\t\"sizes\" : {\"medium\":{\"file\":\"HF_eb00061823-scaled-300x200.jpg\",\"width\":300,\"height\":200,\"mime-type\":\"image\\\/jpeg\",\"filesize\":19186},\"large\":{\"file\":\"HF_eb00061823-scaled-1024x683.jpg\",\"width\":1024,\"height\":683,\"mime-type\":\"image\\\/jpeg\",\"filesize\":138597},\"thumbnail\":{\"file\":\"HF_eb00061823-scaled-150x150.jpg\",\"width\":150,\"height\":150,\"mime-type\":\"image\\\/jpeg\",\"filesize\":8481},\"medium_large\":{\"file\":\"HF_eb00061823-scaled-768x512.jpg\",\"width\":768,\"height\":512,\"mime-type\":\"image\\\/jpeg\",\"filesize\":86200},\"small\":{\"file\":\"HF_eb00061823-scaled-440x293.jpg\",\"width\":440,\"height\":293,\"mime-type\":\"image\\\/jpeg\",\"filesize\":35525},\"semi\":{\"file\":\"HF_eb00061823-scaled-580x387.jpg\",\"width\":580,\"height\":387,\"mime-type\":\"image\\\/jpeg\",\"filesize\":55724},\"mobile\":{\"file\":\"HF_eb00061823-scaled-720x480.jpg\",\"width\":720,\"height\":480,\"mime-type\":\"image\\\/jpeg\",\"filesize\":77971},\"hd\":{\"file\":\"HF_eb00061823-scaled-1280x854.jpg\",\"width\":1280,\"height\":854,\"mime-type\":\"image\\\/jpeg\",\"filesize\":202477},\"full\":{\"file\":\"HF_eb00061823-scaled-1920x1280.jpg\",\"width\":1920,\"height\":1280,\"mime-type\":\"image\\\/jpeg\",\"filesize\":386736},\"1536x1536\":{\"file\":\"HF_eb00061823-scaled-1536x1024.jpg\",\"width\":1536,\"height\":1024,\"mime-type\":\"image\\\/jpeg\",\"filesize\":266197},\"2048x2048\":{\"file\":\"HF_eb00061823-scaled-2048x1366.jpg\",\"width\":2048,\"height\":1366,\"mime-type\":\"image\\\/jpeg\",\"filesize\":430206},\"original\":{\"file\":\"HF_eb00061823-scaled.jpg\",\"width\":2560,\"height\":1707}},\n\t\t\t\t\"alt\" : \"The brightly lit foyer and the Infopoint, DJ booth, the Cosmograph media tower and many visitors milling about\",\n\t\t\t\t\"path\" : \"\\\/wp-content\\\/uploads\\\/2020\\\/04\\\/\",\n\t\t\t\t\"video\" : null,\n\t\t\t\t\"autoplay\" : null,\n\t\t\t\t\"youtube\" : null,\n\t\t\t\t\"youtubelabel\" : \"Play video\",\n\t\t\t\t\"brightness\" : \"70\",\n\t\t\t\t\"crop\" : {\"top\":\"90.17\",\"left\":\"40.27\"},\n\t\t\t\t\"background\" : true,\n\t\t\t\t\"scale\" : 2\t\t\t\t}\n\t\t\t<\/script>\n\n\t\t\t<div class=\"height-container\" style=\"padding-bottom:66.6796875%;\" v-if=\"sizes\">\n\t\t\t\t\t\t\t\t<lazy-media :inline=\"true\" :alt=\"alt\" :sizes=\"sizes\" :scale=\"scale\" :brightness=\"brightness\" :path=\"path\" :video=\"video\" :autoplay=\"autoplay\" :youtube=\"youtube\" :crop=\"crop\" :youtubelabel=\"youtubelabel\" :background=\"background\" media-id=\"desc_media_69ee35db5ae3f\"><\/lazy-media>\n\t\t\t\t\t\t\t<\/div>\n\n\t\t\t\t\t\t\t<figcaption class=\"sr-only\" ref=\"body\" id=\"desc_media_69ee35db5ae3f\">\n\t\t\t\t\t\t\t\t\t\t\t<div>In the Humboldt Forum&#039;s foyer there is a 17 meter high media tower, called &quot;cosmograph&quot;. It gives visitors comprehensive information about their visit and can transform into an art and light installation.<\/div>\n\t\t\t\t\t\t\t\t\t\t\t\t\t\t\t\t\t\t\t\t\t<div class=\"insignificant\">\u00a9 SHF \/ David von Becker<\/div>\n\t\t\t\t\t\t\t\t\t<\/figcaption>\n\t\t\t\t\t<\/figure>\n\t<\/lazy-media-inline>\n\t\t\t\t\t\t<\/div>\n\t\t\t\t\t\t<div class=\"teaser-content \">\n\t\t\t\t\t\t\t<div>\n\t\t\t\t\t\t\t\t\t\t\t\t\t\t\t\t<div class=\"teaser-header\"><span class=\"h3\">Stay up to date.<\/span><\/div>\n\t\t\t\t\t\t\t\t<div class=\"teaser-subline\"><span class=\"font-decoration\">Subscribe to our newsletter<\/span><\/div>\t\t\t\t\t\t\t\t<button tabindex=\"-1\" class=\"border\">Click here<\/button>\n\t\t\t\t\t\t\t<\/div>\n\t\t\t\t\t\t<\/div>\n\t\t\t\t\t<\/a>\n\t\t\t\t<\/div>\n\t\t\t<\/div>\n\t\t<\/div>\n\t<\/div>\n<\/section>\n","protected":false},"template":"","genre":[844],"digital":[],"topic":[],"stakeholder":[595],"editorial":[],"editorialfilter":[],"targetgroup":[585,715],"language":[580,1199,612],"accessability":[],"age":[],"school":[],"groupsize":[],"place":[1045,884],"class_list":["post-136432","event-multi","type-event-multi","status-publish","hentry","genre-conference-symposium","stakeholder-stiftung-humboldt-forum-im-berliner-schloss-en","targetgroup-adults","targetgroup-teenager","language-english","language-portuguese","language-spanish","place-foyer-en","place-ground-floor-hall-2"],"acf":[],"_links":{"self":[{"href":"https:\/\/www.humboldtforum.org\/en\/wp-json\/wp\/v2\/event-multi\/136432","targetHints":{"allow":["GET"]}}],"collection":[{"href":"https:\/\/www.humboldtforum.org\/en\/wp-json\/wp\/v2\/event-multi"}],"about":[{"href":"https:\/\/www.humboldtforum.org\/en\/wp-json\/wp\/v2\/types\/event-multi"}],"version-history":[{"count":11,"href":"https:\/\/www.humboldtforum.org\/en\/wp-json\/wp\/v2\/event-multi\/136432\/revisions"}],"predecessor-version":[{"id":139214,"href":"https:\/\/www.humboldtforum.org\/en\/wp-json\/wp\/v2\/event-multi\/136432\/revisions\/139214"}],"wp:attachment":[{"href":"https:\/\/www.humboldtforum.org\/en\/wp-json\/wp\/v2\/media?parent=136432"}],"wp:term":[{"taxonomy":"genre","embeddable":true,"href":"https:\/\/www.humboldtforum.org\/en\/wp-json\/wp\/v2\/genre?post=136432"},{"taxonomy":"digital","embeddable":true,"href":"https:\/\/www.humboldtforum.org\/en\/wp-json\/wp\/v2\/digital?post=136432"},{"taxonomy":"topic","embeddable":true,"href":"https:\/\/www.humboldtforum.org\/en\/wp-json\/wp\/v2\/topic?post=136432"},{"taxonomy":"stakeholder","embeddable":true,"href":"https:\/\/www.humboldtforum.org\/en\/wp-json\/wp\/v2\/stakeholder?post=136432"},{"taxonomy":"editorial","embeddable":true,"href":"https:\/\/www.humboldtforum.org\/en\/wp-json\/wp\/v2\/editorial?post=136432"},{"taxonomy":"editorialfilter","embeddable":true,"href":"https:\/\/www.humboldtforum.org\/en\/wp-json\/wp\/v2\/editorialfilter?post=136432"},{"taxonomy":"targetgroup","embeddable":true,"href":"https:\/\/www.humboldtforum.org\/en\/wp-json\/wp\/v2\/targetgroup?post=136432"},{"taxonomy":"language","embeddable":true,"href":"https:\/\/www.humboldtforum.org\/en\/wp-json\/wp\/v2\/language?post=136432"},{"taxonomy":"accessability","embeddable":true,"href":"https:\/\/www.humboldtforum.org\/en\/wp-json\/wp\/v2\/accessability?post=136432"},{"taxonomy":"age","embeddable":true,"href":"https:\/\/www.humboldtforum.org\/en\/wp-json\/wp\/v2\/age?post=136432"},{"taxonomy":"school","embeddable":true,"href":"https:\/\/www.humboldtforum.org\/en\/wp-json\/wp\/v2\/school?post=136432"},{"taxonomy":"groupsize","embeddable":true,"href":"https:\/\/www.humboldtforum.org\/en\/wp-json\/wp\/v2\/groupsize?post=136432"},{"taxonomy":"place","embeddable":true,"href":"https:\/\/www.humboldtforum.org\/en\/wp-json\/wp\/v2\/place?post=136432"}],"curies":[{"name":"wp","href":"https:\/\/api.w.org\/{rel}","templated":true}]}}