{"id":129955,"date":"2024-05-23T16:16:47","date_gmt":"2024-05-23T14:16:47","guid":{"rendered":"https:\/\/www.humboldtforum.org\/?post_type=event-period&#038;p=129955"},"modified":"2026-03-18T09:16:36","modified_gmt":"2026-03-18T08:16:36","slug":"palace-of-memory","status":"publish","type":"event-period","link":"https:\/\/www.humboldtforum.org\/en\/programm\/laufzeitangebot\/installation-en\/palace-of-memory-129955\/","title":{"rendered":"Palace of Memory"},"content":{"rendered":"<section class=\"block block-copy block-no-margin\" >\n    <div class=\"container-fluid\">\n\t\t<div class=\"row margin-bottom-sixth\">\n            <div class=\"col-xs-12 col-md-offset-2 col-md-8\">\n                <div class=\"box\">\n                    <div class=\"copy\"><p>The Palace of the Republic still exists today as a memory and history in the minds of many people. But memories are unreliable, incomplete and sometimes romanticised. They change over time. New images and narratives emerge.<\/p>\n<p>The CyberR\u00e4uber are showing the &#8220;Palace of Memory&#8221; at the Humboldt Forum:The\u00a0<strong>installation\u00a0<\/strong>invites visitors to discover it on several levels: an expansive video projection of visual worlds on three screens transports them to the centre of a palace universe. A photo table provides an insight into the individual images. And in a 20-minute\u00a0<strong>mixed reality experience<\/strong>\u00a0for a maximum of 10 people at a time, real and generated palace objects enter into a dialogue.<\/p>\n<\/div>\n                <\/div>\n            <\/div>\n\t\t<\/div>\n\t\t\t\t\t<div class=\"row margin-bottom-sixth\">\n\t\t\t\t<div class=\"col-xs-12 col-md-offset-2 col-md-8\">\n\t\t\t\t\t<div class=\"box\">\n\t\t\t\t\t\t<read-more inline-template>\n\t\t\t\t\t\t\t<div class=\"copy margin-bottom-sixth\">\n\t\t\t\t\t\t\t\t<div ref=\"body\" style=\"height:0;overflow: hidden;display: none;\">\n\t\t\t\t\t\t\t\t\t<div class=\"margin-bottom-sixth\"><p>In their installation &#8220;Palace of Memory&#8221;, the artists CyberR\u00e4uber thematise the changeable nature of memories. With the help of artificial neural networks, which contain a large number of alternative images and thus also narratives, our memories and ideas of the Palace of the Republic are put to the test in this installation. On display are images generated by the CyberR\u00e4uber from the memories and impulses of visitors with the help of artificial intelligence (AI). Thanks to the infinite narrative potential of the networks, our ideas about the palace are sent on a journey. This participatory installation poses questions about historical truths, about personal and social history and about the power of images.<\/p>\n<p>For this space, the CyberR\u00e4uber collect memories of the Palace of the Republic from visitors. The visitors leave behind scenes from their memories, reminiscences or short stories about the Palace of the Republic on pieces of paper or speak them into a telephone. These legacies are the impetus for newly created images with which the installation &#8220;The Palace of Memory&#8221; in the Humboldt Forum is updated at regular intervals. The memories and ideas of the visitors thus become new images of a possible past, present or future of a palace that never existed.<\/p>\n<\/div>\n\t\t\t\t\t\t\t\t<\/div>\n\t\t\t\t\t\t\t\t<a ref=\"toggleButton\" class=\"Button\" @click=\"toggle\">\n\t\t\t\t\t\t\t\t\t<span v-if=\"!active\">read more<\/span>\n\t\t\t\t\t\t\t\t\t<span v-else>read less<\/span>\n\t\t\t\t\t\t\t\t<\/a>\n\t\t\t\t\t\t\t<\/div>\n\t\t\t\t\t\t<\/read-mode>\n\t\t\t\t\t<\/div>\n\t\t\t\t<\/div>\n\t\t\t<\/div>\n\t\t    <\/div>\n<\/section>\n\n<section class=\"block block-media\">\n\t\t<div class=\"container-fluid\">\n\t\t<div class=\"row\">\n\t\t\t<div class=\"col-xs-12 col-md-12\">\n\t\t\t\n\t<lazy-media-inline inline-template>\n\t\t<figure itemscope itemtype=\"http:\/\/schema.org\/ImageObject\" class=\"lazy-media-inline \" role=\"group\" id=\"media_69ee03645a5ee\" aria-labelledby=\"desc_media_69ee03645a5ee\">\n\t\t\t<script type=\"application\/json\" ref=\"data\">\n\t\t\t\t{\n\t\t\t\t\"sizes\" : {\"medium\":{\"file\":\"Screenshot-2026-03-18-091256-300x169.jpg\",\"width\":300,\"height\":169,\"mime-type\":\"image\\\/jpeg\",\"filesize\":18732},\"large\":{\"file\":\"Screenshot-2026-03-18-091256-1024x576.jpg\",\"width\":1024,\"height\":576,\"mime-type\":\"image\\\/jpeg\",\"filesize\":118125},\"thumbnail\":{\"file\":\"Screenshot-2026-03-18-091256-150x150.jpg\",\"width\":150,\"height\":150,\"mime-type\":\"image\\\/jpeg\",\"filesize\":8928},\"medium_large\":{\"file\":\"Screenshot-2026-03-18-091256-768x432.jpg\",\"width\":768,\"height\":432,\"mime-type\":\"image\\\/jpeg\",\"filesize\":79146},\"small\":{\"file\":\"Screenshot-2026-03-18-091256-440x248.jpg\",\"width\":440,\"height\":248,\"mime-type\":\"image\\\/jpeg\",\"filesize\":34706},\"semi\":{\"file\":\"Screenshot-2026-03-18-091256-580x326.jpg\",\"width\":580,\"height\":326,\"mime-type\":\"image\\\/jpeg\",\"filesize\":53478},\"mobile\":{\"file\":\"Screenshot-2026-03-18-091256-720x405.jpg\",\"width\":720,\"height\":405,\"mime-type\":\"image\\\/jpeg\",\"filesize\":72786},\"original\":{\"file\":\"Screenshot-2026-03-18-091256.jpg\",\"width\":1269,\"height\":714}},\n\t\t\t\t\"alt\" : \"Sketch of an interior with geometric lines and structural elements representing architecture and design.\",\n\t\t\t\t\"path\" : \"\\\/wp-content\\\/uploads\\\/2024\\\/05\\\/\",\n\t\t\t\t\"video\" : \"https:\\\/\\\/www.humboldtforum.org\\\/wp-content\\\/uploads\\\/2024\\\/05\\\/SHF_eb00228239_Palast-der-Erinnerung-1.mp4\",\n\t\t\t\t\"autoplay\" : null,\n\t\t\t\t\"youtube\" : null,\n\t\t\t\t\"youtubelabel\" : \"Play video\",\n\t\t\t\t\"brightness\" : \"70\",\n\t\t\t\t\"crop\" : null,\n\t\t\t\t\"background\" : false,\n\t\t\t\t\"scale\" : 1\t\t\t\t}\n\t\t\t<\/script>\n\n\t\t\t<div class=\"height-container\" style=\"padding-bottom:56.264775413712%;\" v-if=\"sizes\">\n\t\t\t\t\t\t\t\t<lazy-media :inline=\"true\" :alt=\"alt\" :sizes=\"sizes\" :scale=\"scale\" :brightness=\"brightness\" :path=\"path\" :video=\"video\" :autoplay=\"autoplay\" :youtube=\"youtube\" :crop=\"crop\" :youtubelabel=\"youtubelabel\" :background=\"background\" media-id=\"desc_media_69ee03645a5ee\"><\/lazy-media>\n\t\t\t\t\t\t\t<\/div>\n\n\t\t\t\t\t\t\t<figcaption class=\"\" id=\"desc_media_69ee03645a5ee\">\n\t\t\t\t\t<div class=\"lazy-media-info-body-content\">\n\t\t\t\t\t\t\t\t\t\t\t\t\t\t\t\t\t\t\t<div>Video still from the trailer for the video installation &quot;Palace of Memory&quot; <\/div>\n\t\t\t\t\t\t\t\t\t\t\t\t\t\t\t\t\t\t\t<div class=\"insignificant\">\u00a9 Stiftung Humboldt Forum im Berliner Schloss \/ Cyber R\u00e4uber<\/div>\n\t\t\t\t\t\t\t\t\t\t\t<\/div>\n\t\t\t\t<\/figcaption>\n\t\t\t\t\t\t\t\t\t<\/figure>\n\t<\/lazy-media-inline>\n\t\t\t<\/div>\n\t\t<\/div>\n\t<\/div>\n<\/section>\n\n\n<section class=\"block block-gallery\">\n\t<div class=\"container-fluid\">\n\t\t<div class=\"row center-xs\">\n\t\t\t<div class=\"col-xs-12\">\n\t\t\t\t<div class=\"box text-align-left\">\n\t\t\t\t\t<block-gallery inline-template>\n\t\t\t\t\t\t<div :class=\"{ firstLoaded: firstLoaded }\">\n\t\t\t\t\t\t\t<script type=\"application\/json\" ref=\"data\">\n\t\t\t\t\t\t\t{\n\t\t\t\t\t\t\t\t\"images\" : [{\"id\":0,\"width\":2048,\"height\":1536,\"alt\":\"A woman in an elegant restaurant wears VR glasses, surrounded by stylish furniture and modern decor.\",\"title\":\"\",\"description\":\"\",\"label\":\"\",\"copyright\":\"Cyberr\\u00e4uber\",\"path\":\"\\\/wp-content\\\/uploads\\\/2024\\\/05\\\/\",\"sizes\":{\"medium\":{\"file\":\"SHF_eb00223333-300x225.jpg\",\"width\":300,\"height\":225,\"mime-type\":\"image\\\/jpeg\",\"filesize\":20579},\"large\":{\"file\":\"SHF_eb00223333-1024x768.jpg\",\"width\":1024,\"height\":768,\"mime-type\":\"image\\\/jpeg\",\"filesize\":149806},\"thumbnail\":{\"file\":\"SHF_eb00223333-150x150.jpg\",\"width\":150,\"height\":150,\"mime-type\":\"image\\\/jpeg\",\"filesize\":8631},\"medium_large\":{\"file\":\"SHF_eb00223333-768x576.jpg\",\"width\":768,\"height\":576,\"mime-type\":\"image\\\/jpeg\",\"filesize\":93146},\"small\":{\"file\":\"SHF_eb00223333-440x330.jpg\",\"width\":440,\"height\":330,\"mime-type\":\"image\\\/jpeg\",\"filesize\":37924},\"semi\":{\"file\":\"SHF_eb00223333-580x435.jpg\",\"width\":580,\"height\":435,\"mime-type\":\"image\\\/jpeg\",\"filesize\":59370},\"mobile\":{\"file\":\"SHF_eb00223333-720x540.jpg\",\"width\":720,\"height\":540,\"mime-type\":\"image\\\/jpeg\",\"filesize\":83665},\"hd\":{\"file\":\"SHF_eb00223333-1280x960.jpg\",\"width\":1280,\"height\":960,\"mime-type\":\"image\\\/jpeg\",\"filesize\":205772},\"full\":{\"file\":\"SHF_eb00223333-1920x1440.jpg\",\"width\":1920,\"height\":1440,\"mime-type\":\"image\\\/jpeg\",\"filesize\":370912},\"1536x1536\":{\"file\":\"SHF_eb00223333-1536x1152.jpg\",\"width\":1536,\"height\":1152,\"mime-type\":\"image\\\/jpeg\",\"filesize\":271176},\"original\":{\"file\":\"SHF_eb00223333.jpg\",\"width\":2048,\"height\":1536}}},{\"id\":1,\"width\":2912,\"height\":1632,\"alt\":\"Young woman with a VR headset in a modern foyer with bright light and stylish furniture.\",\"title\":\"\",\"description\":\"Mixed reality experience &quot;Palace of Memory&quot; \",\"label\":\"\",\"copyright\":\"Cyberr\\u00e4uber\",\"path\":\"\\\/wp-content\\\/uploads\\\/2024\\\/05\\\/\",\"sizes\":{\"medium\":{\"file\":\"SHF_eb00223335-300x168.jpg\",\"width\":300,\"height\":168,\"mime-type\":\"image\\\/jpeg\",\"filesize\":16496},\"large\":{\"file\":\"SHF_eb00223335-1024x574.jpg\",\"width\":1024,\"height\":574,\"mime-type\":\"image\\\/jpeg\",\"filesize\":131437},\"thumbnail\":{\"file\":\"SHF_eb00223335-150x150.jpg\",\"width\":150,\"height\":150,\"mime-type\":\"image\\\/jpeg\",\"filesize\":8506},\"medium_large\":{\"file\":\"SHF_eb00223335-768x430.jpg\",\"width\":768,\"height\":430,\"mime-type\":\"image\\\/jpeg\",\"filesize\":80443},\"small\":{\"file\":\"SHF_eb00223335-440x247.jpg\",\"width\":440,\"height\":247,\"mime-type\":\"image\\\/jpeg\",\"filesize\":31590},\"semi\":{\"file\":\"SHF_eb00223335-580x325.jpg\",\"width\":580,\"height\":325,\"mime-type\":\"image\\\/jpeg\",\"filesize\":51032},\"mobile\":{\"file\":\"SHF_eb00223335-720x404.jpg\",\"width\":720,\"height\":404,\"mime-type\":\"image\\\/jpeg\",\"filesize\":72665},\"hd\":{\"file\":\"SHF_eb00223335-1280x717.jpg\",\"width\":1280,\"height\":717,\"mime-type\":\"image\\\/jpeg\",\"filesize\":198293},\"full\":{\"file\":\"SHF_eb00223335-1920x1076.jpg\",\"width\":1920,\"height\":1076,\"mime-type\":\"image\\\/jpeg\",\"filesize\":440141},\"1536x1536\":{\"file\":\"SHF_eb00223335-1536x861.jpg\",\"width\":1536,\"height\":861,\"mime-type\":\"image\\\/jpeg\",\"filesize\":281407},\"2048x2048\":{\"file\":\"SHF_eb00223335-2048x1148.jpg\",\"width\":2048,\"height\":1148,\"mime-type\":\"image\\\/jpeg\",\"filesize\":498130},\"original\":{\"file\":\"SHF_eb00223335.jpg\",\"width\":2912,\"height\":1632}}},{\"id\":2,\"width\":2304,\"height\":1536,\"alt\":\"Man with VR headset in a modern open space with tables and a staircase.\",\"title\":\"\",\"description\":\"\",\"label\":\"\",\"copyright\":\"Cyberr\\u00e4uber\",\"path\":\"\\\/wp-content\\\/uploads\\\/2024\\\/05\\\/\",\"sizes\":{\"medium\":{\"file\":\"SHF_eb00223334-300x200.jpg\",\"width\":300,\"height\":200,\"mime-type\":\"image\\\/jpeg\",\"filesize\":16269},\"large\":{\"file\":\"SHF_eb00223334-1024x683.jpg\",\"width\":1024,\"height\":683,\"mime-type\":\"image\\\/jpeg\",\"filesize\":110164},\"thumbnail\":{\"file\":\"SHF_eb00223334-150x150.jpg\",\"width\":150,\"height\":150,\"mime-type\":\"image\\\/jpeg\",\"filesize\":7845},\"medium_large\":{\"file\":\"SHF_eb00223334-768x512.jpg\",\"width\":768,\"height\":512,\"mime-type\":\"image\\\/jpeg\",\"filesize\":71147},\"small\":{\"file\":\"SHF_eb00223334-440x293.jpg\",\"width\":440,\"height\":293,\"mime-type\":\"image\\\/jpeg\",\"filesize\":29397},\"semi\":{\"file\":\"SHF_eb00223334-580x387.jpg\",\"width\":580,\"height\":387,\"mime-type\":\"image\\\/jpeg\",\"filesize\":45513},\"mobile\":{\"file\":\"SHF_eb00223334-720x480.jpg\",\"width\":720,\"height\":480,\"mime-type\":\"image\\\/jpeg\",\"filesize\":63531},\"hd\":{\"file\":\"SHF_eb00223334-1280x853.jpg\",\"width\":1280,\"height\":853,\"mime-type\":\"image\\\/jpeg\",\"filesize\":154276},\"full\":{\"file\":\"SHF_eb00223334-1920x1280.jpg\",\"width\":1920,\"height\":1280,\"mime-type\":\"image\\\/jpeg\",\"filesize\":279179},\"1536x1536\":{\"file\":\"SHF_eb00223334-1536x1024.jpg\",\"width\":1536,\"height\":1024,\"mime-type\":\"image\\\/jpeg\",\"filesize\":201728},\"2048x2048\":{\"file\":\"SHF_eb00223334-2048x1365.jpg\",\"width\":2048,\"height\":1365,\"mime-type\":\"image\\\/jpeg\",\"filesize\":305778},\"original\":{\"file\":\"SHF_eb00223334.jpg\",\"width\":2304,\"height\":1536}}}]\t\t\t\t\t\t\t}\n\t\t\t\t\t\t\t<\/script>\n\n\t\t\t\t\t\t\t<swiper :options=\"options\" @slide-change=\"track\">\n\t\t\t\t\t\t\t\t<div class=\"swiper-slide\" :key=\"image.id\" v-for=\"image in images\">\n\t\t\t\t\t\t\t\t\t<block-gallery-item inline-template :image=\"image\">\n\t\t\t\t\t\t\t\t\t\t<figure class=\"swiper-slide-image-wrapper\" ref=\"parent\">\n\t\t\t\t\t\t\t\t\t\t\t<div class=\"width-container\" ref=\"container\" :style=\"style\">\n\t\t\t\t\t\t\t\t\t\t\t\t<div data-swiper-parallax-x=\"50%\">\n\t\t\t\t\t\t\t\t\t\t\t\t<img :src=\"image.src\" :alt=\"image.alt\" v-if=\"image.id < 2\">\n\t\t\t\t\t\t\t\t\t\t\t\t<img class=\"swiper-lazy\" :data-src=\"image.src\" :alt=\"image.alt\" v-else>\n\t\t\t\t\t\t\t\t\t\t\t\t<\/div>\n\t\t\t\t\t\t\t\t\t\t\t<\/div>\n\t\t\t\t\t\t\t\t\t\t<\/figure>\n\t\t\t\t\t\t\t\t\t<\/block-gallery-item>\n\n\t\t\t\t\t\t\t\t\t<figcaption>\n\t\t\t\t\t\t\t\t\t\t<div class=\"lazy-media-info-body-content\">\n\t\t\t\t\t\t\t\t\t\t\t<div v-html=\"image.label\"><\/div>\n\t\t\t\t\t\t\t\t\t\t\t<div v-html=\"image.description\"><\/div>\n\t\t\t\t\t\t\t\t\t\t\t<div class=\"insignificant\" v-if=\"image.copyright\" v-html=\"'\u00a9 '+image.copyright\"><\/div>\n\t\t\t\t\t\t\t\t\t\t<\/div>\n\t\t\t\t\t\t\t\t\t<\/figcaption>\n\t\t\t\t\t\t\t\t<\/div>\n\n\t\t\t\t\t\t\t\t<div class=\"swiper-pagination\"  slot=\"pagination\"><\/div>\n\n\t\t\t\t\t\t\t\t<button class=\"icon-round swiper-button-prev\" slot=\"button-prev\" aria-label=\"Last images\">\n\t\t\t\t\t\t\t\t\t<span class=\"icon-next\" aria-hidden=\"true\"><\/span>\n\t\t\t\t\t\t\t\t<\/button>\n\n\t\t\t\t\t\t\t\t<button class=\"icon-round swiper-button-next\" slot=\"button-next\" aria-label=\"Next image\">\n\t\t\t\t\t\t\t\t\t<span class=\"icon-next\" aria-hidden=\"true\"><\/span>\n\t\t\t\t\t\t\t\t<\/button>\n\t\t\t\t\t\t\t<\/swiper>\n\t\t\t\t\t\t<\/div>\n\t\t\t\t\t<\/block-gallery>\n\t\t\t\t<\/div>\n\t\t\t<\/div>\n\t\t<\/div>\n\t<\/div>\n<\/section>\n\n\n<section class=\"block block-accordion\">\n\t<div class=\"container-fluid\">\n\t\t<div class=\"row\">\n\t\t\t<div class=\"col-xs-12 col-md-offset-2 col-md-8\">\n\t\t\t\t<div class=\"box\">\n\t\t\t\t\t\t\t\t\t\t\t<block-accordion inline-template>\n\t\t\t\t\t\t\t<div class=\"accordion\">\n\t\t\t\t\t\t\t\t\t\t\t\t\t\t\t<block-accordion-item inline-template item-headline=\"CyberR\u00e4uber\u00a0\">\n\t\t\t\t\t\t\t\t<div ref=\"item\" data-id=\"CyberRuber\" class=\"block-accordion-item vue-initialize\" aria-expanded=\"false\" :aria-expanded=\"active ? 'true' : 'false'\">\n\t\t\t\t\t\t\t\t\t<button class=\"accordion-button-with-icon block-accordion-item-head\" :class=\"{'button-active': active}\" ref=\"head\" aria-controls=\"acc_69ee036463eaa\" id=\"acc_title_69ee036463eac\" @click=\"toggle\" @keydown=\"key\">\n\t\t\t\t\t\t\t\t\t<div><span class=\"button-label\">CyberR\u00e4uber\u00a0<\/span><\/div><span class=\"button-icon icon-plus\" aria-hidden=\"true\"><\/span>\n\t\t\t\t\t\t\t\t<\/button>\n\t\t\t\t\t\t\t\t\t<div ref=\"body\" class=\"block-accordion-item-content\" id=\"acc_69ee036463eaa\" role=\"region\">\n\t\t\t\t\t\t\t\t\t\t<div class=\"wrapper copy\">\n\t\t\t\t\t\t\t\t\t\t\t<p>Marcel Karnapke and Bj\u00f6rn Lengers (Cyber R\u00e4uber) have been working together on art in digital space as CyberR\u00e4uber since 2016. With an &#8220;arguably unique mix of affinity for technology, pioneering spirit, pragmatism and love of theater&#8221; (Theater der Zeit), they create productions and projects that are driven by a great curiosity about the creative possibilities of technology and are shown in galleries, municipal theaters and at international festivals.<\/p>\n\n\t\t\t\t\t\t\t\t\t\t\t\t\t\t\t\t\t\t\t\t\t\t\t\t\t\t\t\t\t\t\t\t\t\n\t\t\t\t\t\t\t\t\t\t\t<div class=\"row\">\n\t\t\t\t\t\t\t\t\t\t\t\t<div class=\"col-xs-9 col-md-9\">\n\t\t\t\t\t\t\t\t\t\t\t\t\t<div class=\"box\">\n\t\t\t\t\t\t\t\t\t\t\t\t\t\t\n\t<lazy-media-inline inline-template>\n\t\t<figure itemscope itemtype=\"http:\/\/schema.org\/ImageObject\" class=\"lazy-media-inline \" role=\"group\" id=\"media_69ee036464617\" aria-labelledby=\"desc_media_69ee036464617\">\n\t\t\t<script type=\"application\/json\" ref=\"data\">\n\t\t\t\t{\n\t\t\t\t\"sizes\" : {\"thumbnail\":{\"file\":\"SHF_eb00150845-300x265-1-150x150.jpg\",\"width\":150,\"height\":150,\"mime-type\":\"image\\\/jpeg\",\"filesize\":5710},\"original\":{\"file\":\"SHF_eb00150845-300x265-1.jpg\",\"width\":300,\"height\":265}},\n\t\t\t\t\"alt\" : \"Two men in an orange hue, one wearing glasses, with trees visible in the background.\",\n\t\t\t\t\"path\" : \"\\\/wp-content\\\/uploads\\\/2024\\\/05\\\/\",\n\t\t\t\t\"video\" : null,\n\t\t\t\t\"autoplay\" : null,\n\t\t\t\t\"youtube\" : null,\n\t\t\t\t\"youtubelabel\" : \"Play video\",\n\t\t\t\t\"brightness\" : 100,\n\t\t\t\t\"crop\" : {\"top\":\"50.00\",\"left\":\"50.00\"},\n\t\t\t\t\"background\" : true,\n\t\t\t\t\"scale\" : 2\t\t\t\t}\n\t\t\t<\/script>\n\n\t\t\t<div class=\"height-container\" style=\"padding-bottom:88.333333333333%;\" v-if=\"sizes\">\n\t\t\t\t\t\t\t\t<lazy-media :inline=\"true\" :alt=\"alt\" :sizes=\"sizes\" :scale=\"scale\" :brightness=\"brightness\" :path=\"path\" :video=\"video\" :autoplay=\"autoplay\" :youtube=\"youtube\" :crop=\"crop\" :youtubelabel=\"youtubelabel\" :background=\"background\" media-id=\"desc_media_69ee036464617\"><\/lazy-media>\n\t\t\t\t\t\t\t<\/div>\n\n\t\t\t\t\t\t\t<figcaption class=\"\" id=\"desc_media_69ee036464617\">\n\t\t\t\t\t<div class=\"lazy-media-info-body-content\">\n\t\t\t\t\t\t\t\t\t\t\t\t\t\t\t\t\t\t\t\t\t\t\t\t\t<div class=\"insignificant\">\u00a9 Cyberr\u00e4uber<\/div>\n\t\t\t\t\t\t\t\t\t\t\t<\/div>\n\t\t\t\t<\/figcaption>\n\t\t\t\t\t\t\t\t\t<\/figure>\n\t<\/lazy-media-inline>\n\t\t\t\t\t\t\t\t\t\t\t\t\t<\/div>\n\t\t\t\t\t\t\t\t\t\t\t\t<\/div>\n\t\t\t\t\t\t\t\t\t\t\t<\/div>\n\n\t\t\t\t\t\t\t\t\t\t\t\t\t\t\t\t\t\t\t\t\t<\/div>\n\t\t\t\t\t\t\t\t\t<\/div>\n\t\t\t\t\t\t\t\t<\/div>\n\t\t\t\t\t\t\t\t<\/block-accordion-item>\n\t\t\t\t\t\t\t\t\t\t\t\t\t\t<block-accordion-item inline-template item-headline=\"Gitti Scherer - Set design\">\n\t\t\t\t\t\t\t\t<div ref=\"item\" data-id=\"GittiScherer-Setdesign\" class=\"block-accordion-item vue-initialize\" aria-expanded=\"false\" :aria-expanded=\"active ? 'true' : 'false'\">\n\t\t\t\t\t\t\t\t\t<button class=\"accordion-button-with-icon block-accordion-item-head\" :class=\"{'button-active': active}\" ref=\"head\" aria-controls=\"acc_69ee0364648cf\" id=\"acc_title_69ee0364648d0\" @click=\"toggle\" @keydown=\"key\">\n\t\t\t\t\t\t\t\t\t<div><span class=\"button-label\">Gitti Scherer &#8211; Set design<\/span><\/div><span class=\"button-icon icon-plus\" aria-hidden=\"true\"><\/span>\n\t\t\t\t\t\t\t\t<\/button>\n\t\t\t\t\t\t\t\t\t<div ref=\"body\" class=\"block-accordion-item-content\" id=\"acc_69ee0364648cf\" role=\"region\">\n\t\t\t\t\t\t\t\t\t\t<div class=\"wrapper copy\">\n\t\t\t\t\t\t\t\t\t\t\t<p>Gitti Scherer, born in Bad Aibling, studied stage and costume design at the Dresden University of Fine Arts. She has lived in Berlin and Stuttgart since 2001 and works as a scenographer and exhibition designer for theatres, museums and cultural institutions.<\/p>\n<p>In the field of theatre, she has worked with directors Nurkan Erpulat, Elina Finkel, Carolin Pinkos and Simone Sterr for, among others: Deutsches Theater Berlin, Maxim Gorki Theatre Berlin and Burgtheater Vienna. The joint work with Nurkan Erpulat at the Gorki Theatre was awarded the Friedrich Luft Prize 2023. For the Haus der Berliner Festspiele, she regularly develops spatial concepts for festivals and workshops such as the Theatertreffen der Jugend and the Tanztreffen der Jugend.<\/p>\n<p>In the field of exhibitions, her focus is on an interactive-performative approach. She has designed exhibitions for the Kunsthalle Bremen, the Kunstsammlungen Chemnitz, the Kindermuseum Frankfurt am Main and the Stiftung Preu\u00dfische Schl\u00f6sser und G\u00e4rten Potsdam, as well as visitor areas in the Gropius Bau and the Pierre Boulez Saal Berlin.<\/p>\n<p>For the Humboldt Forum in 2022, she designed the exhibition and performance space for &#8220;VINYAGO &#8211; Dance beyond colonial biographies&#8221; for the Asedeva collective from Tanzania. She also designed the spatial installations for the digital and analogue opening of the Humboldt Forum in 2020 and 2021.<\/p>\n<p><a class=\"external-link\" href=\"http:\/\/www.gitti-scherer.de\/\" rel=\"nofollow\">www.gitti-scherer.de<\/a><\/p>\n\n\t\t\t\t\t\t\t\t\t\t\t\t\t\t\t\t\t\t\t\t\t\t\t\t\t\t\t\t\t\t\t\t\t\n\t\t\t\t\t\t\t\t\t\t\t<div class=\"row\">\n\t\t\t\t\t\t\t\t\t\t\t\t<div class=\"col-xs-9 col-md-9\">\n\t\t\t\t\t\t\t\t\t\t\t\t\t<div class=\"box\">\n\t\t\t\t\t\t\t\t\t\t\t\t\t\t\n\t<lazy-media-inline inline-template>\n\t\t<figure itemscope itemtype=\"http:\/\/schema.org\/ImageObject\" class=\"lazy-media-inline \" role=\"group\" id=\"media_69ee036464e2a\" aria-labelledby=\"desc_media_69ee036464e2a\">\n\t\t\t<script type=\"application\/json\" ref=\"data\">\n\t\t\t\t{\n\t\t\t\t\"sizes\" : {\"thumbnail\":{\"file\":\"Gitti-Scherer-Portrait-Foto-von-Detelf-Eden-300x200-1-150x150.jpg\",\"width\":150,\"height\":150,\"mime-type\":\"image\\\/jpeg\",\"filesize\":4064},\"original\":{\"file\":\"Gitti-Scherer-Portrait-Foto-von-Detelf-Eden-300x200-1.jpg\",\"width\":300,\"height\":200}},\n\t\t\t\t\"alt\" : \"Portrait of a woman in black and white with a serious expression, medium-length hair, and a light top.\",\n\t\t\t\t\"path\" : \"\\\/wp-content\\\/uploads\\\/2024\\\/05\\\/\",\n\t\t\t\t\"video\" : null,\n\t\t\t\t\"autoplay\" : null,\n\t\t\t\t\"youtube\" : null,\n\t\t\t\t\"youtubelabel\" : \"Play video\",\n\t\t\t\t\"brightness\" : 100,\n\t\t\t\t\"crop\" : {\"top\":\"50.00\",\"left\":\"50.00\"},\n\t\t\t\t\"background\" : true,\n\t\t\t\t\"scale\" : 2\t\t\t\t}\n\t\t\t<\/script>\n\n\t\t\t<div class=\"height-container\" style=\"padding-bottom:66.666666666667%;\" v-if=\"sizes\">\n\t\t\t\t\t\t\t\t<lazy-media :inline=\"true\" :alt=\"alt\" :sizes=\"sizes\" :scale=\"scale\" :brightness=\"brightness\" :path=\"path\" :video=\"video\" :autoplay=\"autoplay\" :youtube=\"youtube\" :crop=\"crop\" :youtubelabel=\"youtubelabel\" :background=\"background\" media-id=\"desc_media_69ee036464e2a\"><\/lazy-media>\n\t\t\t\t\t\t\t<\/div>\n\n\t\t\t\t\t\t\t<figcaption class=\"\" id=\"desc_media_69ee036464e2a\">\n\t\t\t\t\t<div class=\"lazy-media-info-body-content\">\n\t\t\t\t\t\t\t\t\t\t\t\t\t\t\t\t\t\t\t\t\t\t\t\t\t<div class=\"insignificant\">\u00a9 Detelf Eden<\/div>\n\t\t\t\t\t\t\t\t\t\t\t<\/div>\n\t\t\t\t<\/figcaption>\n\t\t\t\t\t\t\t\t\t<\/figure>\n\t<\/lazy-media-inline>\n\t\t\t\t\t\t\t\t\t\t\t\t\t<\/div>\n\t\t\t\t\t\t\t\t\t\t\t\t<\/div>\n\t\t\t\t\t\t\t\t\t\t\t<\/div>\n\n\t\t\t\t\t\t\t\t\t\t\t\t\t\t\t\t\t\t\t\t\t<\/div>\n\t\t\t\t\t\t\t\t\t<\/div>\n\t\t\t\t\t\t\t\t<\/div>\n\t\t\t\t\t\t\t\t<\/block-accordion-item>\n\t\t\t\t\t\t\t\t\t\t\t\t\t<\/div>\n\t\t\t\t\t\t<\/block-accordion>\n\t\t\t\t\t\t\t\t\t<\/div>\n\t\t\t<\/div>\n\t\t<\/div>\n\t<\/div>\n<\/section>\n\n\n<section class=\"block block-teaser col-1 has-bg\" style=\"--teaser-bg:#f2f2f2\">\n\t<lazy-component :fixed-min-height=\"400\">\n\t\n\t\t\t\t\t<div class=\"container-fluid\">\n\t\t\t\t<div class=\"row bottom-xs\">\n\t\t\t\t\t<div class=\"col-xs-12 col-sm-10 col-md-8 col-sm-offset-1 col-md-offset-2\">\n\t\t\t\t\t\t<h4>belongs to<\/h4>\t\t\t\t\t\t\t\t\t\t\t\t\t\t\t\t\t\t\t<\/div>\n\t\t\t\t\t<div class=\"col-xs-12 col-sm-10 col-md-8 col-sm-offset-1 col-md-offset-2 start-xs end-md margin-bottom-sixth\">\n\t\t\t\t\t\t\t\t\t\t\t<\/div>\n\t\t\t\t<\/div>\n\t\t\t\t<ul class=\"row\">\n\t\t\t\n<li class=\"col-xs-12 teaser-wrapper col-padding-remove\">\n\t<calendarteaser key=\"11950411321\" rawitem='{&quot;postId&quot;:119504,&quot;title&quot;:&quot;Blown Away: The Palace of the Republic&quot;,&quot;excerpt&quot;:&quot;&quot;,&quot;slug&quot;:&quot;hin-und-weg-der-palast-der-republik-ist-gegenwart&quot;,&quot;post_date&quot;:&quot;2023-12-18T15:27&quot;,&quot;type&quot;:&quot;event-period&quot;,&quot;permalink&quot;:&quot;https:\\\/\\\/www.humboldtforum.org\\\/en\\\/programm\\\/laufzeitangebot\\\/exhibition\\\/hin-und-weg-der-palast-der-republik-ist-gegenwart-119504\\\/&quot;,&quot;genre&quot;:[552,880],&quot;genre_details&quot;:[{&quot;text&quot;:&quot;Exhibition&quot;,&quot;id&quot;:552,&quot;icon&quot;:null,&quot;parent&quot;:0},{&quot;text&quot;:&quot;Programme&quot;,&quot;id&quot;:880,&quot;icon&quot;:null,&quot;parent&quot;:0}],&quot;language&quot;:[580,579],&quot;language_details&quot;:[{&quot;text&quot;:&quot;English&quot;,&quot;id&quot;:580,&quot;icon&quot;:null,&quot;parent&quot;:0},{&quot;text&quot;:&quot;German&quot;,&quot;id&quot;:579,&quot;icon&quot;:null,&quot;parent&quot;:0}],&quot;accessability&quot;:[596],&quot;accessability_details&quot;:[{&quot;text&quot;:&quot;Accessible for wheelchairs&quot;,&quot;id&quot;:596,&quot;icon&quot;:null,&quot;parent&quot;:0}],&quot;place&quot;:[1455],&quot;place_details&quot;:{&quot;place&quot;:&quot;Humboldt Forum&quot;,&quot;map&quot;:&quot;Humboldt Forum, Schlossplatz, Berlin&quot;,&quot;room&quot;:&quot;Special Exhibition 1 + 2, Ground Floor&quot;},&quot;icon_overwrite&quot;:&quot;&quot;,&quot;acf&quot;:{&quot;planning&quot;:{&quot;price&quot;:&quot;12 \\u20ac \\\/ 6 \\u20ac&quot;,&quot;status&quot;:&quot;BUY&quot;,&quot;info&quot;:&quot;&quot;,&quot;shop&quot;:&quot;https:\\\/\\\/tickets.humboldtforum.org\\\/#\\\/tickets\\\/time?museum_id=1&amp;exhibition_id=16&amp;group=day&amp;date=2024-05-17&quot;,&quot;can_purchase&quot;:true},&quot;periods&quot;:[{&quot;label&quot;:&quot;&quot;,&quot;dates&quot;:[{&quot;start&quot;:&quot;202405170000&quot;,&quot;end&quot;:&quot;202502160000&quot;,&quot;has_end&quot;:true,&quot;start_HRFSHORT&quot;:&quot;17\\\/05\\\/24&quot;,&quot;start_HRFSHORT_WD&quot;:&quot;Fri 17\\\/05\\\/2024&quot;,&quot;end_HRFSHORT&quot;:&quot;16\\\/02\\\/25&quot;}],&quot;monday&quot;:[{&quot;start&quot;:&quot;10:30&quot;,&quot;end&quot;:&quot;18:30&quot;,&quot;closed&quot;:false}],&quot;tuesday&quot;:[{&quot;start&quot;:null,&quot;end&quot;:null,&quot;closed&quot;:true}],&quot;wednesday&quot;:[{&quot;start&quot;:&quot;10:30&quot;,&quot;end&quot;:&quot;18:30&quot;,&quot;closed&quot;:false}],&quot;thursday&quot;:[{&quot;start&quot;:&quot;10:30&quot;,&quot;end&quot;:&quot;18:30&quot;,&quot;closed&quot;:false}],&quot;friday&quot;:[{&quot;start&quot;:&quot;10:30&quot;,&quot;end&quot;:&quot;18:30&quot;,&quot;closed&quot;:false}],&quot;saturday&quot;:[{&quot;start&quot;:&quot;10:30&quot;,&quot;end&quot;:&quot;18:30&quot;,&quot;closed&quot;:false}],&quot;sunday&quot;:[{&quot;start&quot;:&quot;10:30&quot;,&quot;end&quot;:&quot;18:30&quot;,&quot;closed&quot;:false}],&quot;info&quot;:&quot;Am Samstag, den 15.6.2024 ist die Ausstellung \\&quot;Hin und weg. Der Palast der Republik ist Gegenwart\\&quot; bis 21:00 ge\\u00f6ffnet&quot;,&quot;description&quot;:&quot;&quot;}],&quot;display_as_single&quot;:false,&quot;additional_info&quot;:{&quot;icon&quot;:&quot;icon-plus&quot;,&quot;text&quot;:&quot;02.02.2025 - Freier Eintritt zur Ausstellung&quot;},&quot;highlight_header&quot;:true,&quot;use_video_in_teasers&quot;:false,&quot;hyphenation&quot;:true,&quot;tipp&quot;:false,&quot;joker&quot;:false,&quot;live&quot;:false,&quot;hide_event_in_program&quot;:false,&quot;featured_images&quot;:[116565],&quot;highlight_header_image&quot;:121964,&quot;has_mobile_format&quot;:false,&quot;noindex&quot;:false,&quot;keywords&quot;:&quot;&quot;,&quot;shorturl&quot;:&quot;pdr_en&quot;,&quot;highlight_header_image_mobile&quot;:121973,&quot;events&quot;:{&quot;0&quot;:122087,&quot;1&quot;:126220,&quot;2&quot;:126444,&quot;3&quot;:126482,&quot;4&quot;:125151,&quot;5&quot;:126838,&quot;6&quot;:126843,&quot;7&quot;:126849,&quot;8&quot;:126863,&quot;9&quot;:126887,&quot;10&quot;:126891,&quot;11&quot;:126916,&quot;12&quot;:126948,&quot;13&quot;:126954,&quot;15&quot;:128047,&quot;16&quot;:127807,&quot;17&quot;:128092,&quot;18&quot;:129227,&quot;19&quot;:129460,&quot;20&quot;:128844,&quot;21&quot;:86152,&quot;22&quot;:132021,&quot;23&quot;:132333,&quot;24&quot;:132520,&quot;27&quot;:134451,&quot;28&quot;:135801,&quot;29&quot;:136030,&quot;30&quot;:136452,&quot;31&quot;:136666,&quot;32&quot;:137475,&quot;33&quot;:137507,&quot;34&quot;:137611,&quot;35&quot;:137652,&quot;36&quot;:137863,&quot;37&quot;:137881,&quot;38&quot;:139386,&quot;39&quot;:139596,&quot;40&quot;:140170,&quot;41&quot;:141231,&quot;42&quot;:141280,&quot;43&quot;:141318,&quot;44&quot;:141374,&quot;45&quot;:141535,&quot;46&quot;:142025,&quot;47&quot;:142031,&quot;48&quot;:142256},&quot;video&quot;:124299,&quot;tickettext&quot;:&quot;Day ticket required&quot;,&quot;infotext&quot;:&quot;Last admission 17:30&quot;,&quot;use_opening_hours_of_the_house&quot;:false,&quot;period_exception&quot;:[{&quot;label&quot;:&quot;&quot;,&quot;date&quot;:&quot;202412240000&quot;,&quot;closed&quot;:true,&quot;start&quot;:null,&quot;end&quot;:null,&quot;date_HRFSHORT&quot;:&quot;24\\\/12\\\/24&quot;},{&quot;label&quot;:&quot;&quot;,&quot;date&quot;:&quot;202412250000&quot;,&quot;closed&quot;:false,&quot;start&quot;:&quot;12:00&quot;,&quot;end&quot;:&quot;18:00&quot;,&quot;date_HRFSHORT&quot;:&quot;25\\\/12\\\/24&quot;},{&quot;label&quot;:&quot;&quot;,&quot;date&quot;:&quot;202412260000&quot;,&quot;closed&quot;:false,&quot;start&quot;:&quot;12:00&quot;,&quot;end&quot;:&quot;18:00&quot;,&quot;date_HRFSHORT&quot;:&quot;26\\\/12\\\/24&quot;},{&quot;label&quot;:&quot;&quot;,&quot;date&quot;:&quot;202412310000&quot;,&quot;closed&quot;:false,&quot;start&quot;:&quot;10:30&quot;,&quot;end&quot;:&quot;16:30&quot;,&quot;date_HRFSHORT&quot;:&quot;31\\\/12\\\/24&quot;},{&quot;label&quot;:&quot;&quot;,&quot;date&quot;:&quot;202501010000&quot;,&quot;closed&quot;:false,&quot;start&quot;:&quot;12:00&quot;,&quot;end&quot;:&quot;18:00&quot;,&quot;date_HRFSHORT&quot;:&quot;01\\\/01\\\/25&quot;},{&quot;label&quot;:&quot;&quot;,&quot;date&quot;:&quot;202410030000&quot;,&quot;closed&quot;:false,&quot;start&quot;:&quot;10:30&quot;,&quot;end&quot;:&quot;21:00&quot;,&quot;date_HRFSHORT&quot;:&quot;03\\\/10\\\/24&quot;},{&quot;label&quot;:&quot;&quot;,&quot;date&quot;:&quot;202410040000&quot;,&quot;closed&quot;:false,&quot;start&quot;:&quot;10:30&quot;,&quot;end&quot;:&quot;21:00&quot;,&quot;date_HRFSHORT&quot;:&quot;04\\\/10\\\/24&quot;},{&quot;label&quot;:&quot;&quot;,&quot;date&quot;:&quot;202410050000&quot;,&quot;closed&quot;:false,&quot;start&quot;:&quot;10:30&quot;,&quot;end&quot;:&quot;21:00&quot;,&quot;date_HRFSHORT&quot;:&quot;05\\\/10\\\/24&quot;}]},&quot;period_list&quot;:&quot;&quot;,&quot;period_exception&quot;:&quot;&quot;,&quot;date&quot;:{&quot;infinite&quot;:false,&quot;from_DATE&quot;:202405170000,&quot;from&quot;:1715941800,&quot;from_TIME&quot;:&quot;10:30&quot;,&quot;to&quot;:1739730600,&quot;to_DATE&quot;:202502160000,&quot;to_TIME&quot;:&quot;18:30&quot;,&quot;from_HRFSHORT&quot;:&quot;17 May 2024&quot;,&quot;from_HRFSHORT_WD&quot;:&quot;Fri 17\\\/05\\\/2024&quot;,&quot;from_HRF&quot;:&quot;Fri, 17 May 2024&quot;,&quot;to_HRF&quot;:&quot;Sun, 16 February 2025&quot;,&quot;to_HRFSHORT&quot;:&quot;16 Feb 2025&quot;,&quot;to_HRFSHORT_WD&quot;:&quot;Sun 16\\\/02\\\/2025&quot;,&quot;from_to_HRF&quot;:&quot;Fri, 17 May 2024 \\u2013 Sun, 16 February 2025&quot;,&quot;from_to_HRFSHORT&quot;:&quot;17 May 2024 \\u2013 16 Feb 2025&quot;,&quot;NXX&quot;:null,&quot;NLAST&quot;:&quot;202502161830&quot;},&quot;alert&quot;:&quot;Highlight&quot;,&quot;partof&quot;:[],&quot;marketing_topic&quot;:&quot;&quot;}' inline-template>\n\t<a href=\"https:\/\/www.humboldtforum.org\/en\/programm\/laufzeitangebot\/exhibition\/hin-und-weg-der-palast-der-republik-ist-gegenwart-119504\/\" class=\"teaser teaser-event-period teaser-event-standard\">\n\t\t<div class=\"row\">\n\t\t\t<div class=\"col-xs-12 col-sm-6 col-md-5 col-sm-offset-1 col-md-offset-2 first-sm teaser-event-text Infos\">\n\t\t\t\t<div class=\"teaser-event-standard-text\">\n\t\t\t\t\t<div class=\"margin-bottom-atom\">\n\t\t\t\t\t\t<div class=\"subline clamp-1\" v-html=\"maingenre\"><\/div>\n\t\t\t\t\t\t\t\t\t\t\t<\/div>\n\t\t\t\t\n\t\t\t\t\t<strong class=\"margin-bottom-atom h5\">Blown Away: The Palace of the Republic<\/strong>\n\n\t\t\t\t\t\t\t\t\t<\/div>\n\t\t\t\t<div class=\"teaser-bottom border-bottom\">\n\t\t\t\t<calendardateline :rawitem='item' :show-icon=\"true\"><\/calendardateline>\n\t\t\t\t\t<hr>\n\t\t\t\t<\/div>\n\t\t\t<\/div>\n\t\t\t<div class=\"col-xs-12 col-sm-4 col-md-3 teaser-event-image bottom-xs first-xs\">\n\t\t\t\t<div class=\"teaser-image teaser-image-no-alternate\">\n\t\t\t\t\t\t\t\t\t\t\t\t\t<span class=\"alert\">Highlight<\/span>\n\t\t\t\t\t\t\t\t\t\t\t\n\t<lazy-media-inline inline-template>\n\t\t<figure itemscope itemtype=\"http:\/\/schema.org\/ImageObject\" class=\"lazy-media-inline \" role=\"group\" id=\"media_69ee03648d8db\" aria-labelledby=\"desc_media_69ee03648d8db\">\n\t\t\t<script type=\"application\/json\" ref=\"data\">\n\t\t\t\t{\n\t\t\t\t\"sizes\" : {\"medium\":{\"file\":\"SHF_eb00216226-176x300.jpg\",\"width\":176,\"height\":300,\"mime-type\":\"image\\\/jpeg\",\"filesize\":15787},\"large\":{\"file\":\"SHF_eb00216226-599x1024.jpg\",\"width\":599,\"height\":1024,\"mime-type\":\"image\\\/jpeg\",\"filesize\":106669},\"thumbnail\":{\"file\":\"SHF_eb00216226-150x150.jpg\",\"width\":150,\"height\":150,\"mime-type\":\"image\\\/jpeg\",\"filesize\":7748},\"medium_large\":{\"file\":\"SHF_eb00216226-768x1312.jpg\",\"width\":768,\"height\":1312,\"mime-type\":\"image\\\/jpeg\",\"filesize\":157569},\"small\":{\"file\":\"SHF_eb00216226-258x440.jpg\",\"width\":258,\"height\":440,\"mime-type\":\"image\\\/jpeg\",\"filesize\":29161},\"semi\":{\"file\":\"SHF_eb00216226-339x580.jpg\",\"width\":339,\"height\":580,\"mime-type\":\"image\\\/jpeg\",\"filesize\":44726},\"mobile\":{\"file\":\"SHF_eb00216226-421x720.jpg\",\"width\":421,\"height\":720,\"mime-type\":\"image\\\/jpeg\",\"filesize\":61905},\"hd\":{\"file\":\"SHF_eb00216226-749x1280.jpg\",\"width\":749,\"height\":1280,\"mime-type\":\"image\\\/jpeg\",\"filesize\":151325},\"original\":{\"file\":\"SHF_eb00216226.jpg\",\"width\":878,\"height\":1500}},\n\t\t\t\t\"alt\" : \"Modern design featuring a large symbol in the center, surrounded by stylish lamps and two people in the foreground.\",\n\t\t\t\t\"path\" : \"\\\/wp-content\\\/uploads\\\/2024\\\/02\\\/\",\n\t\t\t\t\"video\" : null,\n\t\t\t\t\"autoplay\" : null,\n\t\t\t\t\"youtube\" : null,\n\t\t\t\t\"youtubelabel\" : \"Play video\",\n\t\t\t\t\"brightness\" : 100,\n\t\t\t\t\"crop\" : null,\n\t\t\t\t\"background\" : true,\n\t\t\t\t\"scale\" : 1\t\t\t\t}\n\t\t\t<\/script>\n\n\t\t\t<div class=\"height-container\" style=\"padding-bottom:170.84282460137%;\" v-if=\"sizes\">\n\t\t\t\t\t\t\t\t<lazy-media :inline=\"true\" :alt=\"alt\" :sizes=\"sizes\" :scale=\"scale\" :brightness=\"brightness\" :path=\"path\" :video=\"video\" :autoplay=\"autoplay\" :youtube=\"youtube\" :crop=\"crop\" :youtubelabel=\"youtubelabel\" :background=\"background\" media-id=\"desc_media_69ee03648d8db\"><\/lazy-media>\n\t\t\t\t\t\t\t<\/div>\n\n\t\t\t\t\t\t\t<figcaption class=\"sr-only\" ref=\"body\" id=\"desc_media_69ee03648d8db\">\n\t\t\t\t\t\t\t\t\t\t\t\t\t\t\t\t\t\t\t<\/figcaption>\n\t\t\t\t\t<\/figure>\n\t<\/lazy-media-inline>\n\t\t\t\t<\/div>\n\t\t\t<\/div>\n\t\t<\/div>\n\t<\/a>\n\t<\/calendarteaser>\n<\/li>\n\n\n<li class=\"col-xs-12 teaser-wrapper col-padding-remove\">\n\t<calendarteaser key=\"1264443582\" rawitem='{&quot;postId&quot;:126444,&quot;title&quot;:&quot;Endless Palace&quot;,&quot;excerpt&quot;:&quot;&quot;,&quot;slug&quot;:&quot;endless-palace&quot;,&quot;post_date&quot;:&quot;2024-03-15T14:42&quot;,&quot;type&quot;:&quot;event-multi&quot;,&quot;permalink&quot;:&quot;https:\\\/\\\/www.humboldtforum.org\\\/en\\\/programm\\\/event\\\/talk\\\/endless-palace-126444\\\/&quot;,&quot;genre&quot;:[1079,1418],&quot;genre_details&quot;:[{&quot;text&quot;:&quot;Talk&quot;,&quot;id&quot;:1079,&quot;icon&quot;:null,&quot;parent&quot;:0},{&quot;text&quot;:&quot;Themed day&quot;,&quot;id&quot;:1418,&quot;icon&quot;:null,&quot;parent&quot;:0}],&quot;stakeholder&quot;:[595],&quot;stakeholder_details&quot;:[{&quot;text&quot;:&quot;Stiftung Humboldt Forum im Berliner Schloss&quot;,&quot;id&quot;:595,&quot;icon&quot;:null,&quot;parent&quot;:0}],&quot;place&quot;:[1045,884,609,1180,1559],&quot;place_details&quot;:{&quot;place&quot;:&quot;Humboldt Forum&quot;,&quot;map&quot;:&quot;Humboldt Forum, Schlossplatz, Berlin&quot;,&quot;room&quot;:&quot;Foyer, Ground Floor, Hall 2, Ground Floor, Schl\\u00fcter Courtyard, Hall 1, Ground Floor&quot;},&quot;icon_overwrite&quot;:&quot;&quot;,&quot;acf&quot;:{&quot;times&quot;:[],&quot;planning&quot;:{&quot;price&quot;:&quot;&quot;,&quot;admission&quot;:&quot;&quot;,&quot;pause&quot;:&quot;&quot;,&quot;duration&quot;:&quot;&quot;,&quot;status&quot;:&quot;BUY&quot;,&quot;info&quot;:&quot;&quot;,&quot;shop&quot;:&quot;&quot;,&quot;can_purchase&quot;:false},&quot;tickettext&quot;:&quot;Some programme items are subject to charge&quot;,&quot;additional_info&quot;:{&quot;icon&quot;:&quot;icon-uhr&quot;,&quot;text&quot;:&quot;On Saturday, 15 June 2024, the exhibition \\&quot;Blown Away. The Palace of the Republic\\&quot; is open until 21:00!&quot;},&quot;highlight_header&quot;:true,&quot;featured_images&quot;:[126354],&quot;use_video_in_teasers&quot;:false,&quot;tipp&quot;:false,&quot;joker&quot;:false,&quot;live&quot;:false,&quot;hide_event_in_program&quot;:false,&quot;has_mobile_format&quot;:true,&quot;highlight_header_image&quot;:129414,&quot;noindex&quot;:false,&quot;keywords&quot;:&quot;&quot;,&quot;belongsto&quot;:[119504],&quot;shorturl&quot;:&quot;&quot;,&quot;events&quot;:[126347,128476,128790,128815,129227,129944,130930],&quot;subline&quot;:&quot;Memories of the Palace&quot;,&quot;highlight_header_image_mobile&quot;:129416,&quot;hyphenation&quot;:true},&quot;date&quot;:{&quot;NX&quot;:null,&quot;NXX&quot;:null,&quot;NLAST&quot;:&quot;202406160700&quot;,&quot;from_DATE&quot;:&quot;20240615 11:00&quot;,&quot;from&quot;:1718434800,&quot;to&quot;:1718521200,&quot;to_DATE&quot;:&quot;20240616 11:00&quot;,&quot;from_HRFSHORT&quot;:&quot;15 Jun 2024&quot;,&quot;from_HRFSHORT_WD&quot;:&quot;Sat 15\\\/06\\\/2024&quot;,&quot;to_HRFSHORT&quot;:&quot;16 Jun 2024&quot;,&quot;to_HRFSHORT_WD&quot;:&quot;Sun 16\\\/06\\\/2024&quot;,&quot;from_HRF&quot;:&quot;Sat, 15 June 2024&quot;,&quot;to_HRF&quot;:&quot;Sun, 16 June 2024&quot;,&quot;from_to_HRF&quot;:&quot;Sat, 15 June \\u2013 Sun, 16 June 2024&quot;,&quot;from_to_HRFSHORT&quot;:&quot;15 Jun \\u2013 16 Jun 2024&quot;},&quot;alert&quot;:&quot;Highlight&quot;,&quot;partof&quot;:[],&quot;marketing_topic&quot;:{&quot;title&quot;:&quot;Blown Away: The Palace of the Republic&quot;,&quot;ID&quot;:119504,&quot;reason&quot;:&quot;belongsto&quot;}}' inline-template>\n\t<a href=\"https:\/\/www.humboldtforum.org\/en\/programm\/event\/talk\/endless-palace-126444\/\" class=\"teaser teaser-event-multi teaser-event-standard\">\n\t\t<div class=\"row\">\n\t\t\t<div class=\"col-xs-12 col-sm-6 col-md-5 col-sm-offset-1 col-md-offset-2 first-sm teaser-event-text Infos\">\n\t\t\t\t<div class=\"teaser-event-standard-text\">\n\t\t\t\t\t<div class=\"margin-bottom-atom\">\n\t\t\t\t\t\t<div class=\"subline clamp-1\" v-html=\"maingenre\"><\/div>\n\t\t\t\t\t\t\t\t\t\t\t\t\t<div class=\"insignificant clamp-2\">Blown Away: The Palace of the Republic<\/div>\n\t\t\t\t\t\t\t\t\t\t\t<\/div>\n\t\t\t\t\n\t\t\t\t\t<strong class=\"margin-bottom-atom h5\">Endless Palace<\/strong>\n\n\t\t\t\t\t\t\t\t\t\t\t<div class=\"\">Memories of the Palace<\/div>\n\t\t\t\t\t\t\t\t\t<\/div>\n\t\t\t\t<div class=\"teaser-bottom border-bottom\">\n\t\t\t\t<calendardateline :rawitem='item' :show-icon=\"true\"><\/calendardateline>\n\t\t\t\t\t<hr>\n\t\t\t\t<\/div>\n\t\t\t<\/div>\n\t\t\t<div class=\"col-xs-12 col-sm-4 col-md-3 teaser-event-image bottom-xs first-xs\">\n\t\t\t\t<div class=\"teaser-image teaser-image-no-alternate\">\n\t\t\t\t\t\t\t\t\t\t\t\t\t<span class=\"alert\">Highlight<\/span>\n\t\t\t\t\t\t\t\t\t\t\t\n\t<lazy-media-inline inline-template>\n\t\t<figure itemscope itemtype=\"http:\/\/schema.org\/ImageObject\" class=\"lazy-media-inline \" role=\"group\" id=\"media_69ee03648e63c\" aria-labelledby=\"desc_media_69ee03648e63c\">\n\t\t\t<script type=\"application\/json\" ref=\"data\">\n\t\t\t\t{\n\t\t\t\t\"sizes\" : {\"medium\":{\"file\":\"PdR_ThemenWE_1_Webteaser_hoch_1780x3040px-176x300.jpg\",\"width\":176,\"height\":300,\"mime-type\":\"image\\\/jpeg\",\"filesize\":4230},\"large\":{\"file\":\"PdR_ThemenWE_1_Webteaser_hoch_1780x3040px-600x1024.jpg\",\"width\":600,\"height\":1024,\"mime-type\":\"image\\\/jpeg\",\"filesize\":23580},\"thumbnail\":{\"file\":\"PdR_ThemenWE_1_Webteaser_hoch_1780x3040px-150x150.jpg\",\"width\":150,\"height\":150,\"mime-type\":\"image\\\/jpeg\",\"filesize\":3054},\"medium_large\":{\"file\":\"PdR_ThemenWE_1_Webteaser_hoch_1780x3040px-768x1312.jpg\",\"width\":768,\"height\":1312,\"mime-type\":\"image\\\/jpeg\",\"filesize\":34908},\"small\":{\"file\":\"PdR_ThemenWE_1_Webteaser_hoch_1780x3040px-258x440.jpg\",\"width\":258,\"height\":440,\"mime-type\":\"image\\\/jpeg\",\"filesize\":7004},\"semi\":{\"file\":\"PdR_ThemenWE_1_Webteaser_hoch_1780x3040px-340x580.jpg\",\"width\":340,\"height\":580,\"mime-type\":\"image\\\/jpeg\",\"filesize\":10084},\"mobile\":{\"file\":\"PdR_ThemenWE_1_Webteaser_hoch_1780x3040px-422x720.jpg\",\"width\":422,\"height\":720,\"mime-type\":\"image\\\/jpeg\",\"filesize\":13858},\"hd\":{\"file\":\"PdR_ThemenWE_1_Webteaser_hoch_1780x3040px-749x1280.jpg\",\"width\":749,\"height\":1280,\"mime-type\":\"image\\\/jpeg\",\"filesize\":33583},\"full\":{\"file\":\"PdR_ThemenWE_1_Webteaser_hoch_1780x3040px-1124x1920.jpg\",\"width\":1124,\"height\":1920,\"mime-type\":\"image\\\/jpeg\",\"filesize\":66347},\"1536x1536\":{\"file\":\"PdR_ThemenWE_1_Webteaser_hoch_1780x3040px-899x1536.jpg\",\"width\":899,\"height\":1536,\"mime-type\":\"image\\\/jpeg\",\"filesize\":45494},\"2048x2048\":{\"file\":\"PdR_ThemenWE_1_Webteaser_hoch_1780x3040px-1199x2048.jpg\",\"width\":1199,\"height\":2048,\"mime-type\":\"image\\\/jpeg\",\"filesize\":73944},\"original\":{\"file\":\"PdR_ThemenWE_1_Webteaser_hoch_1780x3040px.jpg\",\"width\":1780,\"height\":3040}},\n\t\t\t\t\"alt\" : \"Teapot with matching cup and saucer, featuring a stylish design in orange color.\",\n\t\t\t\t\"path\" : \"\\\/wp-content\\\/uploads\\\/2024\\\/03\\\/\",\n\t\t\t\t\"video\" : null,\n\t\t\t\t\"autoplay\" : null,\n\t\t\t\t\"youtube\" : null,\n\t\t\t\t\"youtubelabel\" : \"Play video\",\n\t\t\t\t\"brightness\" : 100,\n\t\t\t\t\"crop\" : {\"top\":\"43.04\",\"left\":\"50.62\"},\n\t\t\t\t\"background\" : true,\n\t\t\t\t\"scale\" : 2\t\t\t\t}\n\t\t\t<\/script>\n\n\t\t\t<div class=\"height-container\" style=\"padding-bottom:170.78651685393%;\" v-if=\"sizes\">\n\t\t\t\t\t\t\t\t<lazy-media :inline=\"true\" :alt=\"alt\" :sizes=\"sizes\" :scale=\"scale\" :brightness=\"brightness\" :path=\"path\" :video=\"video\" :autoplay=\"autoplay\" :youtube=\"youtube\" :crop=\"crop\" :youtubelabel=\"youtubelabel\" :background=\"background\" media-id=\"desc_media_69ee03648e63c\"><\/lazy-media>\n\t\t\t\t\t\t\t<\/div>\n\n\t\t\t\t\t\t\t<figcaption class=\"sr-only\" ref=\"body\" id=\"desc_media_69ee03648e63c\">\n\t\t\t\t\t\t\t\t\t\t\t\t\t\t\t\t\t\t\t\t\t<div class=\"insignificant\">\u00a9 Stiftung Humboldt Forum im Berliner Schloss, Foto: Sebastian Eggler<\/div>\n\t\t\t\t\t\t\t\t\t<\/figcaption>\n\t\t\t\t\t<\/figure>\n\t<\/lazy-media-inline>\n\t\t\t\t<\/div>\n\t\t\t<\/div>\n\t\t<\/div>\n\t<\/a>\n\t<\/calendarteaser>\n<\/li>\n\n\t\t\t\t<\/ul>\n\t\t\t<\/div>\n\t\t\t\t<\/lazy-component>\n<\/section>\n\n\n\n<section class=\"block block-CTA block-CTA-long leftgradient\">\n\t<div class=\"container-fluid\">\n\t\t<div class=\"row center-xs\">\n\t\t\t<div class=\"col-xs-12\">\n\t\t\t\t<div class=\"box\">\n\t\t\t\t\t<a href=\"https:\/\/www.humboldtforum.org\/en\/newsletter-2\/\" aria-label=\"Stay up to date.\" class=\"teaser teaser-cta-wide \">\n\t\t\t\t\t\t<div class=\"teaser-image\">\n\t\t\t\t\t\t\t\n\t<lazy-media-inline inline-template>\n\t\t<figure itemscope itemtype=\"http:\/\/schema.org\/ImageObject\" class=\"lazy-media-inline \" role=\"group\" id=\"media_69ee036490681\" aria-labelledby=\"desc_media_69ee036490681\">\n\t\t\t<script type=\"application\/json\" ref=\"data\">\n\t\t\t\t{\n\t\t\t\t\"sizes\" : {\"medium\":{\"file\":\"HF_eb00061823-scaled-300x200.jpg\",\"width\":300,\"height\":200,\"mime-type\":\"image\\\/jpeg\",\"filesize\":19186},\"large\":{\"file\":\"HF_eb00061823-scaled-1024x683.jpg\",\"width\":1024,\"height\":683,\"mime-type\":\"image\\\/jpeg\",\"filesize\":138597},\"thumbnail\":{\"file\":\"HF_eb00061823-scaled-150x150.jpg\",\"width\":150,\"height\":150,\"mime-type\":\"image\\\/jpeg\",\"filesize\":8481},\"medium_large\":{\"file\":\"HF_eb00061823-scaled-768x512.jpg\",\"width\":768,\"height\":512,\"mime-type\":\"image\\\/jpeg\",\"filesize\":86200},\"small\":{\"file\":\"HF_eb00061823-scaled-440x293.jpg\",\"width\":440,\"height\":293,\"mime-type\":\"image\\\/jpeg\",\"filesize\":35525},\"semi\":{\"file\":\"HF_eb00061823-scaled-580x387.jpg\",\"width\":580,\"height\":387,\"mime-type\":\"image\\\/jpeg\",\"filesize\":55724},\"mobile\":{\"file\":\"HF_eb00061823-scaled-720x480.jpg\",\"width\":720,\"height\":480,\"mime-type\":\"image\\\/jpeg\",\"filesize\":77971},\"hd\":{\"file\":\"HF_eb00061823-scaled-1280x854.jpg\",\"width\":1280,\"height\":854,\"mime-type\":\"image\\\/jpeg\",\"filesize\":202477},\"full\":{\"file\":\"HF_eb00061823-scaled-1920x1280.jpg\",\"width\":1920,\"height\":1280,\"mime-type\":\"image\\\/jpeg\",\"filesize\":386736},\"1536x1536\":{\"file\":\"HF_eb00061823-scaled-1536x1024.jpg\",\"width\":1536,\"height\":1024,\"mime-type\":\"image\\\/jpeg\",\"filesize\":266197},\"2048x2048\":{\"file\":\"HF_eb00061823-scaled-2048x1366.jpg\",\"width\":2048,\"height\":1366,\"mime-type\":\"image\\\/jpeg\",\"filesize\":430206},\"original\":{\"file\":\"HF_eb00061823-scaled.jpg\",\"width\":2560,\"height\":1707}},\n\t\t\t\t\"alt\" : \"The brightly lit foyer and the Infopoint, DJ booth, the Cosmograph media tower and many visitors milling about\",\n\t\t\t\t\"path\" : \"\\\/wp-content\\\/uploads\\\/2020\\\/04\\\/\",\n\t\t\t\t\"video\" : null,\n\t\t\t\t\"autoplay\" : null,\n\t\t\t\t\"youtube\" : null,\n\t\t\t\t\"youtubelabel\" : \"Play video\",\n\t\t\t\t\"brightness\" : \"70\",\n\t\t\t\t\"crop\" : {\"top\":\"90.17\",\"left\":\"40.27\"},\n\t\t\t\t\"background\" : true,\n\t\t\t\t\"scale\" : 2\t\t\t\t}\n\t\t\t<\/script>\n\n\t\t\t<div class=\"height-container\" style=\"padding-bottom:66.6796875%;\" v-if=\"sizes\">\n\t\t\t\t\t\t\t\t<lazy-media :inline=\"true\" :alt=\"alt\" :sizes=\"sizes\" :scale=\"scale\" :brightness=\"brightness\" :path=\"path\" :video=\"video\" :autoplay=\"autoplay\" :youtube=\"youtube\" :crop=\"crop\" :youtubelabel=\"youtubelabel\" :background=\"background\" media-id=\"desc_media_69ee036490681\"><\/lazy-media>\n\t\t\t\t\t\t\t<\/div>\n\n\t\t\t\t\t\t\t<figcaption class=\"sr-only\" ref=\"body\" id=\"desc_media_69ee036490681\">\n\t\t\t\t\t\t\t\t\t\t\t<div>In the Humboldt Forum&#039;s foyer there is a 17 meter high media tower, called &quot;cosmograph&quot;. It gives visitors comprehensive information about their visit and can transform into an art and light installation.<\/div>\n\t\t\t\t\t\t\t\t\t\t\t\t\t\t\t\t\t\t\t\t\t<div class=\"insignificant\">\u00a9 SHF \/ David von Becker<\/div>\n\t\t\t\t\t\t\t\t\t<\/figcaption>\n\t\t\t\t\t<\/figure>\n\t<\/lazy-media-inline>\n\t\t\t\t\t\t<\/div>\n\t\t\t\t\t\t<div class=\"teaser-content \">\n\t\t\t\t\t\t\t<div>\n\t\t\t\t\t\t\t\t\t\t\t\t\t\t\t\t<div class=\"teaser-header\"><span class=\"h3\">Stay up to date.<\/span><\/div>\n\t\t\t\t\t\t\t\t<div class=\"teaser-subline\"><span class=\"font-decoration\">Subscribe to our newsletter<\/span><\/div>\t\t\t\t\t\t\t\t<button tabindex=\"-1\" class=\"border\">Click here<\/button>\n\t\t\t\t\t\t\t<\/div>\n\t\t\t\t\t\t<\/div>\n\t\t\t\t\t<\/a>\n\t\t\t\t<\/div>\n\t\t\t<\/div>\n\t\t<\/div>\n\t<\/div>\n<\/section>\n","protected":false},"template":"","genre":[575],"digital":[],"topic":[],"stakeholder":[595],"editorial":[],"editorialfilter":[],"targetgroup":[],"language":[580,579],"accessability":[596],"age":[1602],"school":[],"groupsize":[],"place":[1120],"class_list":["post-129955","event-period","type-event-period","status-publish","hentry","genre-installation-en","stakeholder-stiftung-humboldt-forum-im-berliner-schloss-en","language-english","language-german","accessability-accessible-for-wheelchairs","age-12-years-and-older","place-special-exhibition-1-ground-floor"],"acf":[],"_links":{"self":[{"href":"https:\/\/www.humboldtforum.org\/en\/wp-json\/wp\/v2\/event-period\/129955","targetHints":{"allow":["GET"]}}],"collection":[{"href":"https:\/\/www.humboldtforum.org\/en\/wp-json\/wp\/v2\/event-period"}],"about":[{"href":"https:\/\/www.humboldtforum.org\/en\/wp-json\/wp\/v2\/types\/event-period"}],"version-history":[{"count":12,"href":"https:\/\/www.humboldtforum.org\/en\/wp-json\/wp\/v2\/event-period\/129955\/revisions"}],"predecessor-version":[{"id":161232,"href":"https:\/\/www.humboldtforum.org\/en\/wp-json\/wp\/v2\/event-period\/129955\/revisions\/161232"}],"wp:attachment":[{"href":"https:\/\/www.humboldtforum.org\/en\/wp-json\/wp\/v2\/media?parent=129955"}],"wp:term":[{"taxonomy":"genre","embeddable":true,"href":"https:\/\/www.humboldtforum.org\/en\/wp-json\/wp\/v2\/genre?post=129955"},{"taxonomy":"digital","embeddable":true,"href":"https:\/\/www.humboldtforum.org\/en\/wp-json\/wp\/v2\/digital?post=129955"},{"taxonomy":"topic","embeddable":true,"href":"https:\/\/www.humboldtforum.org\/en\/wp-json\/wp\/v2\/topic?post=129955"},{"taxonomy":"stakeholder","embeddable":true,"href":"https:\/\/www.humboldtforum.org\/en\/wp-json\/wp\/v2\/stakeholder?post=129955"},{"taxonomy":"editorial","embeddable":true,"href":"https:\/\/www.humboldtforum.org\/en\/wp-json\/wp\/v2\/editorial?post=129955"},{"taxonomy":"editorialfilter","embeddable":true,"href":"https:\/\/www.humboldtforum.org\/en\/wp-json\/wp\/v2\/editorialfilter?post=129955"},{"taxonomy":"targetgroup","embeddable":true,"href":"https:\/\/www.humboldtforum.org\/en\/wp-json\/wp\/v2\/targetgroup?post=129955"},{"taxonomy":"language","embeddable":true,"href":"https:\/\/www.humboldtforum.org\/en\/wp-json\/wp\/v2\/language?post=129955"},{"taxonomy":"accessability","embeddable":true,"href":"https:\/\/www.humboldtforum.org\/en\/wp-json\/wp\/v2\/accessability?post=129955"},{"taxonomy":"age","embeddable":true,"href":"https:\/\/www.humboldtforum.org\/en\/wp-json\/wp\/v2\/age?post=129955"},{"taxonomy":"school","embeddable":true,"href":"https:\/\/www.humboldtforum.org\/en\/wp-json\/wp\/v2\/school?post=129955"},{"taxonomy":"groupsize","embeddable":true,"href":"https:\/\/www.humboldtforum.org\/en\/wp-json\/wp\/v2\/groupsize?post=129955"},{"taxonomy":"place","embeddable":true,"href":"https:\/\/www.humboldtforum.org\/en\/wp-json\/wp\/v2\/place?post=129955"}],"curies":[{"name":"wp","href":"https:\/\/api.w.org\/{rel}","templated":true}]}}