{"id":136562,"date":"2024-02-15T13:46:01","date_gmt":"2024-02-15T12:46:01","guid":{"rendered":"https:\/\/www.humboldtforum.org\/programm\/laufzeitangebot\/other-en-2\/vielstimmig-ii-136562\/"},"modified":"2026-02-24T13:34:42","modified_gmt":"2026-02-24T12:34:42","slug":"vielstimmig-ii","status":"publish","type":"event-period","link":"https:\/\/www.humboldtforum.org\/en\/programm\/laufzeitangebot\/concert\/vielstimmig-ii-136562\/","title":{"rendered":"Diversity of Voices II"},"content":{"rendered":"<section class=\"block block-teaser col-3 has-bg\" style=\"--teaser-bg:#f7f7f7\">\n\t<lazy-component :fixed-min-height=\"400\">\n\t\n\t\t\t\t\t<div class=\"container-fluid\">\n\t\t\t\t<div class=\"row bottom-xs\">\n\t\t\t\t\t<div class=\"col-xs-12 col-md-8\">\n\t\t\t\t\t\t\t\t\t\t\t\t\t\t\t\t\t\t\t\t\t\t\t\t\t<\/div>\n\t\t\t\t\t<div class=\"col-xs-12 col-md-4 start-xs end-md margin-bottom-sixth\">\n\t\t\t\t\t\t\t\t\t\t\t<\/div>\n\t\t\t\t<\/div>\n\t\t\t\t<ul class=\"row\"> <li class=\"col-xs-12 col-sm-6 col-md-4  teaser-wrapper col-padding-remove\">\n\t<div class=\"box\">\n\t\t<calendarteaser key=\"1395804451\" rawitem='{&quot;postId&quot;:139580,&quot;title&quot;:&quot;Diversity of Voices on Saturday&quot;,&quot;excerpt&quot;:&quot;&quot;,&quot;slug&quot;:&quot;diversity-of-voices-on-saturday&quot;,&quot;post_date&quot;:&quot;2024-11-05T15:18&quot;,&quot;type&quot;:&quot;event&quot;,&quot;permalink&quot;:&quot;https:\\\/\\\/www.humboldtforum.org\\\/en\\\/programm\\\/termin\\\/concert\\\/diversity-of-voices-on-saturday-139580\\\/&quot;,&quot;genre&quot;:[569],&quot;genre_details&quot;:[{&quot;text&quot;:&quot;Concert&quot;,&quot;id&quot;:569,&quot;icon&quot;:null,&quot;parent&quot;:0}],&quot;stakeholder&quot;:[595],&quot;stakeholder_details&quot;:[{&quot;text&quot;:&quot;Stiftung Humboldt Forum im Berliner Schloss&quot;,&quot;id&quot;:595,&quot;icon&quot;:null,&quot;parent&quot;:0}],&quot;targetgroup&quot;:[585,714,715],&quot;targetgroup_details&quot;:[{&quot;text&quot;:&quot;Adults&quot;,&quot;id&quot;:585,&quot;icon&quot;:null,&quot;parent&quot;:0},{&quot;text&quot;:&quot;Children and families&quot;,&quot;id&quot;:714,&quot;icon&quot;:null,&quot;parent&quot;:0},{&quot;text&quot;:&quot;Teenager&quot;,&quot;id&quot;:715,&quot;icon&quot;:null,&quot;parent&quot;:0}],&quot;place&quot;:[597],&quot;place_details&quot;:{&quot;place&quot;:&quot;Humboldt Forum&quot;,&quot;map&quot;:&quot;Humboldt Forum, Schlossplatz, Berlin&quot;,&quot;room&quot;:&quot;&quot;},&quot;icon_overwrite&quot;:&quot;&quot;,&quot;acf&quot;:{&quot;hashtag&quot;:&quot;HumboldtForum&quot;,&quot;times&quot;:[],&quot;planning&quot;:{&quot;price&quot;:&quot;free admission&quot;,&quot;admission&quot;:&quot;&quot;,&quot;pause&quot;:&quot;&quot;,&quot;duration&quot;:&quot;&quot;},&quot;additional_info&quot;:{&quot;icon&quot;:&quot;0&quot;,&quot;text&quot;:&quot;&quot;},&quot;highlight_header&quot;:true,&quot;highlight_header_image&quot;:139548,&quot;has_mobile_format&quot;:false,&quot;use_video_in_teasers&quot;:false,&quot;hyphenation&quot;:true,&quot;tipp&quot;:false,&quot;joker&quot;:false,&quot;live&quot;:false,&quot;hide_event_in_program&quot;:false,&quot;gomus_id&quot;:&quot;&quot;,&quot;hm_id&quot;:&quot;&quot;,&quot;subline&quot;:&quot;8 choirs and 40 concerts&quot;,&quot;tickettext&quot;:&quot;no ticket required&quot;,&quot;noindex&quot;:false,&quot;keywords&quot;:&quot;&quot;,&quot;belongsto&quot;:[136562],&quot;shorturl&quot;:&quot;&quot;},&quot;date&quot;:{&quot;NX&quot;:null,&quot;NXX&quot;:null,&quot;NLAST&quot;:&quot;202411161100&quot;,&quot;from_DATE&quot;:&quot;20241116 13:00&quot;,&quot;from&quot;:1731754800,&quot;to&quot;:1731754800,&quot;to_DATE&quot;:&quot;20241116 13:00&quot;,&quot;from_HRFSHORT&quot;:&quot;16 Nov 2024&quot;,&quot;from_HRFSHORT_WD&quot;:&quot;Sat 16\\\/11\\\/2024&quot;,&quot;to_HRFSHORT&quot;:&quot;16 Nov 2024&quot;,&quot;to_HRFSHORT_WD&quot;:&quot;Sat 16\\\/11\\\/2024&quot;,&quot;from_HRF&quot;:&quot;Sat, 16 November 2024&quot;,&quot;to_HRF&quot;:&quot;Sat, 16 November 2024&quot;,&quot;from_to_HRF&quot;:&quot;Sat, 16 November \\u2013 Sat, 16 November 2024&quot;,&quot;from_to_HRFSHORT&quot;:&quot;16 Nov \\u2013 16 Nov 2024&quot;},&quot;alert&quot;:&quot;Highlight&quot;,&quot;partof&quot;:[],&quot;marketing_topic&quot;:{&quot;title&quot;:&quot;Diversity of Voices II&quot;,&quot;ID&quot;:136562,&quot;reason&quot;:&quot;belongsto&quot;}}' inline-template>\n\t\t<a href=\"https:\/\/www.humboldtforum.org\/en\/programm\/termin\/concert\/diversity-of-voices-on-saturday-139580\/\" class=\"teaser teaser-page teaser-event teaser-event-highlight\">\n\t\t\t<div class=\"teaser-image teaser-image-full footer-gradient\">\n\t\t\t\t\n\t<lazy-media-inline inline-template>\n\t\t<figure itemscope itemtype=\"http:\/\/schema.org\/ImageObject\" class=\"lazy-media-inline \" role=\"group\" id=\"media_69f2147d3c099\" aria-labelledby=\"desc_media_69f2147d3c099\">\n\t\t\t<script type=\"application\/json\" ref=\"data\">\n\t\t\t\t{\n\t\t\t\t\"sizes\" : {\"medium\":{\"file\":\"SHF_eb00197956-300x200.jpg\",\"width\":300,\"height\":200,\"mime-type\":\"image\\\/jpeg\",\"filesize\":17873},\"large\":{\"file\":\"SHF_eb00197956-1024x682.jpg\",\"width\":1024,\"height\":682,\"mime-type\":\"image\\\/jpeg\",\"filesize\":112937},\"thumbnail\":{\"file\":\"SHF_eb00197956-150x150.jpg\",\"width\":150,\"height\":150,\"mime-type\":\"image\\\/jpeg\",\"filesize\":8456},\"medium_large\":{\"file\":\"SHF_eb00197956-768x512.jpg\",\"width\":768,\"height\":512,\"mime-type\":\"image\\\/jpeg\",\"filesize\":74384},\"small\":{\"file\":\"SHF_eb00197956-440x293.jpg\",\"width\":440,\"height\":293,\"mime-type\":\"image\\\/jpeg\",\"filesize\":32744},\"semi\":{\"file\":\"SHF_eb00197956-580x387.jpg\",\"width\":580,\"height\":387,\"mime-type\":\"image\\\/jpeg\",\"filesize\":50060},\"mobile\":{\"file\":\"SHF_eb00197956-720x480.jpg\",\"width\":720,\"height\":480,\"mime-type\":\"image\\\/jpeg\",\"filesize\":68071},\"original\":{\"file\":\"SHF_eb00197956.jpg\",\"width\":1280,\"height\":853}},\n\t\t\t\t\"alt\" : \"A choir in purple outfits sings on a staircase while spectators listen attentively in the background.\",\n\t\t\t\t\"path\" : \"\\\/wp-content\\\/uploads\\\/2024\\\/11\\\/\",\n\t\t\t\t\"video\" : null,\n\t\t\t\t\"autoplay\" : null,\n\t\t\t\t\"youtube\" : null,\n\t\t\t\t\"youtubelabel\" : \"Play video\",\n\t\t\t\t\"brightness\" : 100,\n\t\t\t\t\"crop\" : null,\n\t\t\t\t\"background\" : true,\n\t\t\t\t\"scale\" : 3\t\t\t\t}\n\t\t\t<\/script>\n\n\t\t\t<div class=\"height-container\" style=\"padding-bottom:66.640625%;\" v-if=\"sizes\">\n\t\t\t\t\t\t\t\t<lazy-media :inline=\"true\" :alt=\"alt\" :sizes=\"sizes\" :scale=\"scale\" :brightness=\"brightness\" :path=\"path\" :video=\"video\" :autoplay=\"autoplay\" :youtube=\"youtube\" :crop=\"crop\" :youtubelabel=\"youtubelabel\" :background=\"background\" media-id=\"desc_media_69f2147d3c099\"><\/lazy-media>\n\t\t\t\t\t\t\t<\/div>\n\n\t\t\t\t\t\t\t<figcaption class=\"sr-only\" ref=\"body\" id=\"desc_media_69f2147d3c099\">\n\t\t\t\t\t\t\t\t\t\t\t<div>Diversity of Voices<\/div>\n\t\t\t\t\t\t\t\t\t\t\t\t\t\t\t\t\t\t\t\t\t<div class=\"insignificant\">\u00a9 Stiftung Humboldt Forum im Berliner Schloss\/ Foto: Stefanie Loos<\/div>\n\t\t\t\t\t\t\t\t\t<\/figcaption>\n\t\t\t\t\t<\/figure>\n\t<\/lazy-media-inline>\n\t\t\t\t\t\t\t<\/div>\n\t\t\t<div class=\"teaser-header teaser-header-bottom\"><div>\n\t\t\t\t<div class=\"margin-bottom-atom\">\n\t\t\t\t\t<div class=\"subline clamp-1\" v-html=\"maingenre\"><\/div>\n\t\t\t\t\t\t\t\t\t\t\t<div class=\"Infos clamp-1\">Diversity of Voices II<\/div>\n\t\t\t\t\t\t\t\t\t<\/div>\n\t\t\t\t<h4 class=\"h3 clamp-4\">Diversity of Voices on Saturday<\/h4>\n\t\t\t\t<div class=\"Untertitel margin-bottom-atom\">\n\t\t\t\t\t\t\t\t\t\t<p class=\"Infos clamp-2\">\n\t\t\t\t\t\t\t\t\t\t\t\t\t8 choirs and 40 concerts\t\t\t\t\t\t\t\t\t\t\t<\/p>\n\t\t\t\t\t\t\t\t\t\t<p class=\"Infos\">\n\t\t\t\t\t\t<calendardateline :rawitem='item' :show-icon=\"false\"><\/calendardateline>\n\t\t\t\t\t<\/p>\n\t\t\t\t<\/div>\n\t\t\t<\/div><\/div>\n\t\t<\/a>\n\t\t<\/calendarteaser>\n\t<\/div>\n<\/li>\n<li class=\"col-xs-12 col-sm-6 col-md-4  teaser-wrapper col-padding-remove\">\n\t<div class=\"box\">\n\t\t<calendarteaser key=\"13962917524\" rawitem='{&quot;postId&quot;:139629,&quot;title&quot;:&quot;Diversity of Voices on Sunday&quot;,&quot;excerpt&quot;:&quot;&quot;,&quot;slug&quot;:&quot;diversity-of-voices-on-sunday&quot;,&quot;post_date&quot;:&quot;2024-11-05T18:59&quot;,&quot;type&quot;:&quot;event&quot;,&quot;permalink&quot;:&quot;https:\\\/\\\/www.humboldtforum.org\\\/en\\\/programm\\\/termin\\\/concert\\\/diversity-of-voices-on-sunday-139629\\\/&quot;,&quot;genre&quot;:[569],&quot;genre_details&quot;:[{&quot;text&quot;:&quot;Concert&quot;,&quot;id&quot;:569,&quot;icon&quot;:null,&quot;parent&quot;:0}],&quot;stakeholder&quot;:[595],&quot;stakeholder_details&quot;:[{&quot;text&quot;:&quot;Stiftung Humboldt Forum im Berliner Schloss&quot;,&quot;id&quot;:595,&quot;icon&quot;:null,&quot;parent&quot;:0}],&quot;targetgroup&quot;:[585,714,715],&quot;targetgroup_details&quot;:[{&quot;text&quot;:&quot;Adults&quot;,&quot;id&quot;:585,&quot;icon&quot;:null,&quot;parent&quot;:0},{&quot;text&quot;:&quot;Children and families&quot;,&quot;id&quot;:714,&quot;icon&quot;:null,&quot;parent&quot;:0},{&quot;text&quot;:&quot;Teenager&quot;,&quot;id&quot;:715,&quot;icon&quot;:null,&quot;parent&quot;:0}],&quot;place&quot;:[597],&quot;place_details&quot;:{&quot;place&quot;:&quot;Humboldt Forum&quot;,&quot;map&quot;:&quot;Humboldt Forum, Schlossplatz, Berlin&quot;,&quot;room&quot;:&quot;&quot;},&quot;icon_overwrite&quot;:&quot;&quot;,&quot;acf&quot;:{&quot;keywords&quot;:&quot;&quot;,&quot;hashtag&quot;:&quot;HumboldtForum&quot;,&quot;times&quot;:[],&quot;planning&quot;:{&quot;price&quot;:&quot;free admission&quot;,&quot;admission&quot;:&quot;&quot;,&quot;pause&quot;:&quot;&quot;,&quot;duration&quot;:&quot;&quot;},&quot;tickettext&quot;:&quot;no ticket required&quot;,&quot;additional_info&quot;:{&quot;icon&quot;:&quot;0&quot;,&quot;text&quot;:&quot;&quot;},&quot;highlight_header&quot;:true,&quot;use_video_in_teasers&quot;:false,&quot;hyphenation&quot;:true,&quot;tipp&quot;:false,&quot;joker&quot;:false,&quot;live&quot;:false,&quot;hide_event_in_program&quot;:false,&quot;gomus_id&quot;:&quot;&quot;,&quot;hm_id&quot;:&quot;&quot;,&quot;highlight_header_image&quot;:139601,&quot;has_mobile_format&quot;:false,&quot;noindex&quot;:false,&quot;belongsto&quot;:[136562],&quot;shorturl&quot;:&quot;&quot;,&quot;subline&quot;:&quot;8 choirs and 40 concerts&quot;},&quot;date&quot;:{&quot;NX&quot;:null,&quot;NXX&quot;:null,&quot;NLAST&quot;:&quot;202411171000&quot;,&quot;from_DATE&quot;:&quot;20241117 12:00&quot;,&quot;from&quot;:1731837600,&quot;to&quot;:1731837600,&quot;to_DATE&quot;:&quot;20241117 12:00&quot;,&quot;from_HRFSHORT&quot;:&quot;17 Nov 2024&quot;,&quot;from_HRFSHORT_WD&quot;:&quot;Sun 17\\\/11\\\/2024&quot;,&quot;to_HRFSHORT&quot;:&quot;17 Nov 2024&quot;,&quot;to_HRFSHORT_WD&quot;:&quot;Sun 17\\\/11\\\/2024&quot;,&quot;from_HRF&quot;:&quot;Sun, 17 November 2024&quot;,&quot;to_HRF&quot;:&quot;Sun, 17 November 2024&quot;,&quot;from_to_HRF&quot;:&quot;Sun, 17 November \\u2013 Sun, 17 November 2024&quot;,&quot;from_to_HRFSHORT&quot;:&quot;17 Nov \\u2013 17 Nov 2024&quot;},&quot;alert&quot;:&quot;Highlight&quot;,&quot;partof&quot;:[],&quot;marketing_topic&quot;:{&quot;title&quot;:&quot;Diversity of Voices II&quot;,&quot;ID&quot;:136562,&quot;reason&quot;:&quot;belongsto&quot;}}' inline-template>\n\t\t<a href=\"https:\/\/www.humboldtforum.org\/en\/programm\/termin\/concert\/diversity-of-voices-on-sunday-139629\/\" class=\"teaser teaser-page teaser-event teaser-event-highlight\">\n\t\t\t<div class=\"teaser-image teaser-image-full footer-gradient\">\n\t\t\t\t\n\t<lazy-media-inline inline-template>\n\t\t<figure itemscope itemtype=\"http:\/\/schema.org\/ImageObject\" class=\"lazy-media-inline \" role=\"group\" id=\"media_69f2147d3cace\" aria-labelledby=\"desc_media_69f2147d3cace\">\n\t\t\t<script type=\"application\/json\" ref=\"data\">\n\t\t\t\t{\n\t\t\t\t\"sizes\" : {\"medium\":{\"file\":\"SHF_eb00197718-300x200.jpg\",\"width\":300,\"height\":200,\"mime-type\":\"image\\\/jpeg\",\"filesize\":16967},\"large\":{\"file\":\"SHF_eb00197718-1024x682.jpg\",\"width\":1024,\"height\":682,\"mime-type\":\"image\\\/jpeg\",\"filesize\":102569},\"thumbnail\":{\"file\":\"SHF_eb00197718-150x150.jpg\",\"width\":150,\"height\":150,\"mime-type\":\"image\\\/jpeg\",\"filesize\":7715},\"medium_large\":{\"file\":\"SHF_eb00197718-768x512.jpg\",\"width\":768,\"height\":512,\"mime-type\":\"image\\\/jpeg\",\"filesize\":67908},\"small\":{\"file\":\"SHF_eb00197718-440x293.jpg\",\"width\":440,\"height\":293,\"mime-type\":\"image\\\/jpeg\",\"filesize\":30017},\"semi\":{\"file\":\"SHF_eb00197718-580x387.jpg\",\"width\":580,\"height\":387,\"mime-type\":\"image\\\/jpeg\",\"filesize\":45526},\"mobile\":{\"file\":\"SHF_eb00197718-720x480.jpg\",\"width\":720,\"height\":480,\"mime-type\":\"image\\\/jpeg\",\"filesize\":61846},\"original\":{\"file\":\"SHF_eb00197718.jpg\",\"width\":1280,\"height\":853}},\n\t\t\t\t\"alt\" : \"A large crowd intently watches in one direction, surrounded by trees and buildings.\",\n\t\t\t\t\"path\" : \"\\\/wp-content\\\/uploads\\\/2024\\\/11\\\/\",\n\t\t\t\t\"video\" : null,\n\t\t\t\t\"autoplay\" : null,\n\t\t\t\t\"youtube\" : null,\n\t\t\t\t\"youtubelabel\" : \"Play video\",\n\t\t\t\t\"brightness\" : 100,\n\t\t\t\t\"crop\" : null,\n\t\t\t\t\"background\" : true,\n\t\t\t\t\"scale\" : 3\t\t\t\t}\n\t\t\t<\/script>\n\n\t\t\t<div class=\"height-container\" style=\"padding-bottom:66.640625%;\" v-if=\"sizes\">\n\t\t\t\t\t\t\t\t<lazy-media :inline=\"true\" :alt=\"alt\" :sizes=\"sizes\" :scale=\"scale\" :brightness=\"brightness\" :path=\"path\" :video=\"video\" :autoplay=\"autoplay\" :youtube=\"youtube\" :crop=\"crop\" :youtubelabel=\"youtubelabel\" :background=\"background\" media-id=\"desc_media_69f2147d3cace\"><\/lazy-media>\n\t\t\t\t\t\t\t<\/div>\n\n\t\t\t\t\t\t\t<figcaption class=\"sr-only\" ref=\"body\" id=\"desc_media_69f2147d3cace\">\n\t\t\t\t\t\t\t\t\t\t\t<div>Diversity of Voices<\/div>\n\t\t\t\t\t\t\t\t\t\t\t\t\t\t\t\t\t\t\t\t\t<div class=\"insignificant\">\u00a9 Stiftung Humboldt Forum im Berliner Schloss\/ Foto: Stefanie Loos<\/div>\n\t\t\t\t\t\t\t\t\t<\/figcaption>\n\t\t\t\t\t<\/figure>\n\t<\/lazy-media-inline>\n\t\t\t\t\t\t\t<\/div>\n\t\t\t<div class=\"teaser-header teaser-header-bottom\"><div>\n\t\t\t\t<div class=\"margin-bottom-atom\">\n\t\t\t\t\t<div class=\"subline clamp-1\" v-html=\"maingenre\"><\/div>\n\t\t\t\t\t\t\t\t\t\t\t<div class=\"Infos clamp-1\">Diversity of Voices II<\/div>\n\t\t\t\t\t\t\t\t\t<\/div>\n\t\t\t\t<h4 class=\"h3 clamp-4\">Diversity of Voices on Sunday<\/h4>\n\t\t\t\t<div class=\"Untertitel margin-bottom-atom\">\n\t\t\t\t\t\t\t\t\t\t<p class=\"Infos clamp-2\">\n\t\t\t\t\t\t\t\t\t\t\t\t\t8 choirs and 40 concerts\t\t\t\t\t\t\t\t\t\t\t<\/p>\n\t\t\t\t\t\t\t\t\t\t<p class=\"Infos\">\n\t\t\t\t\t\t<calendardateline :rawitem='item' :show-icon=\"false\"><\/calendardateline>\n\t\t\t\t\t<\/p>\n\t\t\t\t<\/div>\n\t\t\t<\/div><\/div>\n\t\t<\/a>\n\t\t<\/calendarteaser>\n\t<\/div>\n<\/li>\n<\/ul>\n\t\t\t<\/div>\n\t\t\t\t<\/lazy-component>\n<\/section>\n\n\n\n<section class=\"block block-copy\" >\n    <div class=\"container-fluid\">\n\t\t<div class=\"row \">\n            <div class=\"col-xs-12 col-md-offset-2 col-md-8\">\n                <div class=\"box\">\n                    <div class=\"copy\"><p>Eight very different Berlin choirs will come together on the weekend of November 16 and 17, 2024 for over 40 short concerts in the Humboldt Forum and make the place sing and resound. In 2024, the <em>Diversity of Voices<\/em> choir festival will revolve around the annual theme <a class=\"external-link\" href=\"https:\/\/www.humboldtforum.org\/en\/programm\/laufzeitangebot\/exhibition\/hin-und-weg-der-palast-der-republik-ist-gegenwart-119504\/\" target=\"_blank\" rel=\"nofollow noopener\"><strong>Blown Away: The Palace of the Republic<\/strong><\/a>. You will hear pop hits, chorales, pop songs, hymns, folk songs, ballads and fugues at various locations in the Forum: in exhibitions, stairwells and in the large foyer. As a highlight, all the choirs \u2013 around 200 voices \u2013 will gather twice a day in the galleries of the large foyer to sing together from all sides. Admission is free.<\/p>\n<p>For <em>Diversity of Voices II<\/em>, the choirs have focused on the Humboldt Forum and specifically on the 2024 annual theme<em> Blown Away: The Palace of the Republic.<\/em> This has resulted in short programs that creatively combine the respective choir repertoire with the building and the current special exhibition. During their joint performances in the large foyer, the eight choirs will sing three new songs specially arranged for the occasion, which approach the Palace of the Republic from different perspectives:<em> Albatros<\/em> by Karat, <em>Paradiesv\u00f6gel<\/em> by Silly and S<em>onderzug nach Pankow<\/em> by Udo Lindenberg. On both days, you, the visitors, are invited to take part in spontaneous workshops on the topics of <strong>circle singing<\/strong> and <strong>body percussion<\/strong>.<\/p>\n<p>\u201c<em>Choral singing evokes immediate emotions when you listen to it.<\/em> <em>With this in mind, we invited all choirs to devote themselves to the complex themes of German-German history discussed in the current special exhibition on the Palace of the Republic and to reflect on them in their concerts,<\/em>\u201d says Anna-Lena Bolz, artistic director of the second <em>Vielstimmig<\/em> edition. Dramaturge Kaspar von Erffa adds: \u201c<em>The diversity of the selected approaches surprised and inspired us.<\/em> <em>And despite all the differences, there is ultimately always one level on which all the choirs very quickly come together: the joy of singing together!<\/em>\u201d<\/p>\n<p>Musical direction: Anna Bolz<br \/>\nDramaturgy: Kaspar von Erffa<\/p>\n<\/div>\n                <\/div>\n            <\/div>\n\t\t<\/div>\n\t\t    <\/div>\n<\/section>\n\n\n<section class=\"block block-gallery\">\n\t<div class=\"container-fluid\">\n\t\t<div class=\"row center-xs\">\n\t\t\t<div class=\"col-xs-12\">\n\t\t\t\t<div class=\"box text-align-left\">\n\t\t\t\t\t<block-gallery inline-template>\n\t\t\t\t\t\t<div :class=\"{ firstLoaded: firstLoaded }\">\n\t\t\t\t\t\t\t<script type=\"application\/json\" ref=\"data\">\n\t\t\t\t\t\t\t{\n\t\t\t\t\t\t\t\t\"images\" : [{\"id\":0,\"width\":1280,\"height\":853,\"alt\":\"A choir of several people in black clothing holding sheet music while standing in a line.\",\"title\":\"\",\"description\":\"\",\"label\":\"chor canta:re at &quot;Diversity of Voices II&quot;\",\"copyright\":\"Stiftung Humboldt Forum im Berliner Schloss, Foto: Stefanie Loos\",\"path\":\"\\\/wp-content\\\/uploads\\\/2024\\\/12\\\/\",\"sizes\":{\"medium\":{\"file\":\"SHF_eb00235680-300x200.jpg\",\"width\":300,\"height\":200,\"mime-type\":\"image\\\/jpeg\",\"filesize\":20298},\"large\":{\"file\":\"SHF_eb00235680-1024x682.jpg\",\"width\":1024,\"height\":682,\"mime-type\":\"image\\\/jpeg\",\"filesize\":125418},\"thumbnail\":{\"file\":\"SHF_eb00235680-150x150.jpg\",\"width\":150,\"height\":150,\"mime-type\":\"image\\\/jpeg\",\"filesize\":9243},\"medium_large\":{\"file\":\"SHF_eb00235680-768x512.jpg\",\"width\":768,\"height\":512,\"mime-type\":\"image\\\/jpeg\",\"filesize\":83167},\"small\":{\"file\":\"SHF_eb00235680-440x293.jpg\",\"width\":440,\"height\":293,\"mime-type\":\"image\\\/jpeg\",\"filesize\":36562},\"semi\":{\"file\":\"SHF_eb00235680-580x387.jpg\",\"width\":580,\"height\":387,\"mime-type\":\"image\\\/jpeg\",\"filesize\":55629},\"mobile\":{\"file\":\"SHF_eb00235680-720x480.jpg\",\"width\":720,\"height\":480,\"mime-type\":\"image\\\/jpeg\",\"filesize\":75275},\"original\":{\"file\":\"SHF_eb00235680.jpg\",\"width\":1280,\"height\":853}}},{\"id\":1,\"width\":1280,\"height\":853,\"alt\":\"A group of performers in blue shirts sings on stage, surrounded by an audience in an event space.\",\"title\":\"\",\"description\":\"\",\"label\":\"&Aacute;gua na Boca at &quot;Diversity of Voices II&quot;\",\"copyright\":\"Stiftung Humboldt Forum im Berliner Schloss, Foto: Stefanie Loos\",\"path\":\"\\\/wp-content\\\/uploads\\\/2024\\\/12\\\/\",\"sizes\":{\"medium\":{\"file\":\"SHF_eb00235690-300x200.jpg\",\"width\":300,\"height\":200,\"mime-type\":\"image\\\/jpeg\",\"filesize\":14901},\"large\":{\"file\":\"SHF_eb00235690-1024x682.jpg\",\"width\":1024,\"height\":682,\"mime-type\":\"image\\\/jpeg\",\"filesize\":97169},\"thumbnail\":{\"file\":\"SHF_eb00235690-150x150.jpg\",\"width\":150,\"height\":150,\"mime-type\":\"image\\\/jpeg\",\"filesize\":7183},\"medium_large\":{\"file\":\"SHF_eb00235690-768x512.jpg\",\"width\":768,\"height\":512,\"mime-type\":\"image\\\/jpeg\",\"filesize\":63668},\"small\":{\"file\":\"SHF_eb00235690-440x293.jpg\",\"width\":440,\"height\":293,\"mime-type\":\"image\\\/jpeg\",\"filesize\":27119},\"semi\":{\"file\":\"SHF_eb00235690-580x387.jpg\",\"width\":580,\"height\":387,\"mime-type\":\"image\\\/jpeg\",\"filesize\":42130},\"mobile\":{\"file\":\"SHF_eb00235690-720x480.jpg\",\"width\":720,\"height\":480,\"mime-type\":\"image\\\/jpeg\",\"filesize\":57745},\"original\":{\"file\":\"SHF_eb00235690.jpg\",\"width\":1280,\"height\":853}}},{\"id\":2,\"width\":1280,\"height\":853,\"alt\":\"A large group of people listens to a performance in a bright, modern space.\",\"title\":\"\",\"description\":\"\",\"label\":\"(L)OSTsongs at &quot;Diversity of Voices II&quot;\",\"copyright\":\"Stiftung Humboldt Forum im Berliner Schloss, Foto: Stefanie Loos\",\"path\":\"\\\/wp-content\\\/uploads\\\/2024\\\/12\\\/\",\"sizes\":{\"medium\":{\"file\":\"SHF_eb00235691-300x200.jpg\",\"width\":300,\"height\":200,\"mime-type\":\"image\\\/jpeg\",\"filesize\":15092},\"large\":{\"file\":\"SHF_eb00235691-1024x682.jpg\",\"width\":1024,\"height\":682,\"mime-type\":\"image\\\/jpeg\",\"filesize\":95448},\"thumbnail\":{\"file\":\"SHF_eb00235691-150x150.jpg\",\"width\":150,\"height\":150,\"mime-type\":\"image\\\/jpeg\",\"filesize\":7062},\"medium_large\":{\"file\":\"SHF_eb00235691-768x512.jpg\",\"width\":768,\"height\":512,\"mime-type\":\"image\\\/jpeg\",\"filesize\":62348},\"small\":{\"file\":\"SHF_eb00235691-440x293.jpg\",\"width\":440,\"height\":293,\"mime-type\":\"image\\\/jpeg\",\"filesize\":26905},\"semi\":{\"file\":\"SHF_eb00235691-580x387.jpg\",\"width\":580,\"height\":387,\"mime-type\":\"image\\\/jpeg\",\"filesize\":41478},\"mobile\":{\"file\":\"SHF_eb00235691-720x480.jpg\",\"width\":720,\"height\":480,\"mime-type\":\"image\\\/jpeg\",\"filesize\":56380},\"original\":{\"file\":\"SHF_eb00235691.jpg\",\"width\":1280,\"height\":853}}},{\"id\":3,\"width\":1280,\"height\":853,\"alt\":\"Choir with women in traditional dresses singing, led by a conductor, in a bright room.\",\"title\":\"\",\"description\":\"\",\"label\":\"Chinesischer Akademikerchor at &quot;Diversity of Voices II&quot;\",\"copyright\":\"Stiftung Humboldt Forum im Berliner Schloss, Foto: Stefanie Loos\",\"path\":\"\\\/wp-content\\\/uploads\\\/2024\\\/12\\\/\",\"sizes\":{\"medium\":{\"file\":\"SHF_eb00235694-300x200.jpg\",\"width\":300,\"height\":200,\"mime-type\":\"image\\\/jpeg\",\"filesize\":19942},\"large\":{\"file\":\"SHF_eb00235694-1024x682.jpg\",\"width\":1024,\"height\":682,\"mime-type\":\"image\\\/jpeg\",\"filesize\":112506},\"thumbnail\":{\"file\":\"SHF_eb00235694-150x150.jpg\",\"width\":150,\"height\":150,\"mime-type\":\"image\\\/jpeg\",\"filesize\":9114},\"medium_large\":{\"file\":\"SHF_eb00235694-768x512.jpg\",\"width\":768,\"height\":512,\"mime-type\":\"image\\\/jpeg\",\"filesize\":76563},\"small\":{\"file\":\"SHF_eb00235694-440x293.jpg\",\"width\":440,\"height\":293,\"mime-type\":\"image\\\/jpeg\",\"filesize\":34991},\"semi\":{\"file\":\"SHF_eb00235694-580x387.jpg\",\"width\":580,\"height\":387,\"mime-type\":\"image\\\/jpeg\",\"filesize\":52388},\"mobile\":{\"file\":\"SHF_eb00235694-720x480.jpg\",\"width\":720,\"height\":480,\"mime-type\":\"image\\\/jpeg\",\"filesize\":69737},\"original\":{\"file\":\"SHF_eb00235694.jpg\",\"width\":1280,\"height\":853}}},{\"id\":4,\"width\":1280,\"height\":853,\"alt\":\"Visitors applaud in a modern museum while an event is taking place on the upper level.\",\"title\":\"\",\"description\":\"\",\"label\":\"chor canta:re at &quot;Diversity of Voices II&quot;\",\"copyright\":\"Stiftung Humboldt Forum im Berliner Schloss, Foto: Stefanie Loos\",\"path\":\"\\\/wp-content\\\/uploads\\\/2024\\\/12\\\/\",\"sizes\":{\"medium\":{\"file\":\"SHF_eb00235699-300x200.jpg\",\"width\":300,\"height\":200,\"mime-type\":\"image\\\/jpeg\",\"filesize\":15782},\"large\":{\"file\":\"SHF_eb00235699-1024x682.jpg\",\"width\":1024,\"height\":682,\"mime-type\":\"image\\\/jpeg\",\"filesize\":94973},\"thumbnail\":{\"file\":\"SHF_eb00235699-150x150.jpg\",\"width\":150,\"height\":150,\"mime-type\":\"image\\\/jpeg\",\"filesize\":7170},\"medium_large\":{\"file\":\"SHF_eb00235699-768x512.jpg\",\"width\":768,\"height\":512,\"mime-type\":\"image\\\/jpeg\",\"filesize\":63420},\"small\":{\"file\":\"SHF_eb00235699-440x293.jpg\",\"width\":440,\"height\":293,\"mime-type\":\"image\\\/jpeg\",\"filesize\":28194},\"semi\":{\"file\":\"SHF_eb00235699-580x387.jpg\",\"width\":580,\"height\":387,\"mime-type\":\"image\\\/jpeg\",\"filesize\":42666},\"mobile\":{\"file\":\"SHF_eb00235699-720x480.jpg\",\"width\":720,\"height\":480,\"mime-type\":\"image\\\/jpeg\",\"filesize\":57781},\"original\":{\"file\":\"SHF_eb00235699.jpg\",\"width\":1280,\"height\":853}}},{\"id\":5,\"width\":1280,\"height\":853,\"alt\":\"Choral performance in a modern exhibition space with historical steles in the background. Singers in green costumes.\",\"title\":\"\",\"description\":\"\",\"label\":\"Fugatonale at &quot;Diversity of Voices II&quot;\",\"copyright\":\"Stiftung Humboldt Forum im Berliner Schloss, Foto: Stefanie Loos\",\"path\":\"\\\/wp-content\\\/uploads\\\/2024\\\/12\\\/\",\"sizes\":{\"medium\":{\"file\":\"SHF_eb00235702-300x200.jpg\",\"width\":300,\"height\":200,\"mime-type\":\"image\\\/jpeg\",\"filesize\":15972},\"large\":{\"file\":\"SHF_eb00235702-1024x682.jpg\",\"width\":1024,\"height\":682,\"mime-type\":\"image\\\/jpeg\",\"filesize\":103978},\"thumbnail\":{\"file\":\"SHF_eb00235702-150x150.jpg\",\"width\":150,\"height\":150,\"mime-type\":\"image\\\/jpeg\",\"filesize\":7454},\"medium_large\":{\"file\":\"SHF_eb00235702-768x512.jpg\",\"width\":768,\"height\":512,\"mime-type\":\"image\\\/jpeg\",\"filesize\":67865},\"small\":{\"file\":\"SHF_eb00235702-440x293.jpg\",\"width\":440,\"height\":293,\"mime-type\":\"image\\\/jpeg\",\"filesize\":29082},\"semi\":{\"file\":\"SHF_eb00235702-580x387.jpg\",\"width\":580,\"height\":387,\"mime-type\":\"image\\\/jpeg\",\"filesize\":44807},\"mobile\":{\"file\":\"SHF_eb00235702-720x480.jpg\",\"width\":720,\"height\":480,\"mime-type\":\"image\\\/jpeg\",\"filesize\":61636},\"original\":{\"file\":\"SHF_eb00235702.jpg\",\"width\":1280,\"height\":853}}},{\"id\":6,\"width\":1280,\"height\":853,\"alt\":\"A crowd of people during a performance in a modern exhibition space with a large, semicircular sculpture.\",\"title\":\"\",\"description\":\"\",\"label\":\"Liedertafel Bianca Castafiore in BERLIN GLOBAL at &quot;Diversity of Voices II&quot;\",\"copyright\":\"Stiftung Humboldt Forum im Berliner Schloss, Foto: Stefanie Loos\",\"path\":\"\\\/wp-content\\\/uploads\\\/2024\\\/12\\\/\",\"sizes\":{\"medium\":{\"file\":\"SHF_eb00235716-300x200.jpg\",\"width\":300,\"height\":200,\"mime-type\":\"image\\\/jpeg\",\"filesize\":15843},\"large\":{\"file\":\"SHF_eb00235716-1024x682.jpg\",\"width\":1024,\"height\":682,\"mime-type\":\"image\\\/jpeg\",\"filesize\":102355},\"thumbnail\":{\"file\":\"SHF_eb00235716-150x150.jpg\",\"width\":150,\"height\":150,\"mime-type\":\"image\\\/jpeg\",\"filesize\":6951},\"medium_large\":{\"file\":\"SHF_eb00235716-768x512.jpg\",\"width\":768,\"height\":512,\"mime-type\":\"image\\\/jpeg\",\"filesize\":67278},\"small\":{\"file\":\"SHF_eb00235716-440x293.jpg\",\"width\":440,\"height\":293,\"mime-type\":\"image\\\/jpeg\",\"filesize\":28778},\"semi\":{\"file\":\"SHF_eb00235716-580x387.jpg\",\"width\":580,\"height\":387,\"mime-type\":\"image\\\/jpeg\",\"filesize\":44182},\"mobile\":{\"file\":\"SHF_eb00235716-720x480.jpg\",\"width\":720,\"height\":480,\"mime-type\":\"image\\\/jpeg\",\"filesize\":60608},\"original\":{\"file\":\"SHF_eb00235716.jpg\",\"width\":1280,\"height\":853}}},{\"id\":7,\"width\":1280,\"height\":853,\"alt\":\"People are laughing and clapping together in a joyful atmosphere.\",\"title\":\"\",\"description\":\"\",\"label\":\"Workshop Body Percussion at &quot;Diversity of Voices II&quot;\",\"copyright\":\"Stiftung Humboldt Forum im Berliner Schloss, Foto: Stefanie Loos\",\"path\":\"\\\/wp-content\\\/uploads\\\/2024\\\/12\\\/\",\"sizes\":{\"medium\":{\"file\":\"SHF_eb00235747-300x200.jpg\",\"width\":300,\"height\":200,\"mime-type\":\"image\\\/jpeg\",\"filesize\":16665},\"large\":{\"file\":\"SHF_eb00235747-1024x682.jpg\",\"width\":1024,\"height\":682,\"mime-type\":\"image\\\/jpeg\",\"filesize\":98428},\"thumbnail\":{\"file\":\"SHF_eb00235747-150x150.jpg\",\"width\":150,\"height\":150,\"mime-type\":\"image\\\/jpeg\",\"filesize\":7823},\"medium_large\":{\"file\":\"SHF_eb00235747-768x512.jpg\",\"width\":768,\"height\":512,\"mime-type\":\"image\\\/jpeg\",\"filesize\":65030},\"small\":{\"file\":\"SHF_eb00235747-440x293.jpg\",\"width\":440,\"height\":293,\"mime-type\":\"image\\\/jpeg\",\"filesize\":29106},\"semi\":{\"file\":\"SHF_eb00235747-580x387.jpg\",\"width\":580,\"height\":387,\"mime-type\":\"image\\\/jpeg\",\"filesize\":43709},\"mobile\":{\"file\":\"SHF_eb00235747-720x480.jpg\",\"width\":720,\"height\":480,\"mime-type\":\"image\\\/jpeg\",\"filesize\":59227},\"original\":{\"file\":\"SHF_eb00235747.jpg\",\"width\":1280,\"height\":853}}},{\"id\":8,\"width\":1280,\"height\":853,\"alt\":\"Choral performance in a museum, surrounded by ornate sculptures and an interested audience.\",\"title\":\"\",\"description\":\"\",\"label\":\"QuerChorallen at &quot;Diversity of Voices II&quot;\",\"copyright\":\"Stiftung Humboldt Forum im Berliner Schloss, Foto: Stefanie Loos\",\"path\":\"\\\/wp-content\\\/uploads\\\/2024\\\/12\\\/\",\"sizes\":{\"medium\":{\"file\":\"SHF_eb00235752-300x200.jpg\",\"width\":300,\"height\":200,\"mime-type\":\"image\\\/jpeg\",\"filesize\":16125},\"large\":{\"file\":\"SHF_eb00235752-1024x682.jpg\",\"width\":1024,\"height\":682,\"mime-type\":\"image\\\/jpeg\",\"filesize\":98974},\"thumbnail\":{\"file\":\"SHF_eb00235752-150x150.jpg\",\"width\":150,\"height\":150,\"mime-type\":\"image\\\/jpeg\",\"filesize\":7185},\"medium_large\":{\"file\":\"SHF_eb00235752-768x512.jpg\",\"width\":768,\"height\":512,\"mime-type\":\"image\\\/jpeg\",\"filesize\":65398},\"small\":{\"file\":\"SHF_eb00235752-440x293.jpg\",\"width\":440,\"height\":293,\"mime-type\":\"image\\\/jpeg\",\"filesize\":28719},\"semi\":{\"file\":\"SHF_eb00235752-580x387.jpg\",\"width\":580,\"height\":387,\"mime-type\":\"image\\\/jpeg\",\"filesize\":43530},\"mobile\":{\"file\":\"SHF_eb00235752-720x480.jpg\",\"width\":720,\"height\":480,\"mime-type\":\"image\\\/jpeg\",\"filesize\":59538},\"original\":{\"file\":\"SHF_eb00235752.jpg\",\"width\":1280,\"height\":853}}},{\"id\":9,\"width\":1280,\"height\":853,\"alt\":\"Colorfully dressed people stand in front of a spectacular projection of plants or flowers in an urban space.\",\"title\":\"\",\"description\":\"\",\"label\":\"Liedertafel Bianca Castafiore at &quot;Diversity of Voices II&quot;\",\"copyright\":\"Stiftung Humboldt Forum im Berliner Schloss, Foto: Stefanie Loos\",\"path\":\"\\\/wp-content\\\/uploads\\\/2024\\\/12\\\/\",\"sizes\":{\"medium\":{\"file\":\"SHF_eb00235759-300x200.jpg\",\"width\":300,\"height\":200,\"mime-type\":\"image\\\/jpeg\",\"filesize\":15941},\"large\":{\"file\":\"SHF_eb00235759-1024x682.jpg\",\"width\":1024,\"height\":682,\"mime-type\":\"image\\\/jpeg\",\"filesize\":94499},\"thumbnail\":{\"file\":\"SHF_eb00235759-150x150.jpg\",\"width\":150,\"height\":150,\"mime-type\":\"image\\\/jpeg\",\"filesize\":7934},\"medium_large\":{\"file\":\"SHF_eb00235759-768x512.jpg\",\"width\":768,\"height\":512,\"mime-type\":\"image\\\/jpeg\",\"filesize\":63178},\"small\":{\"file\":\"SHF_eb00235759-440x293.jpg\",\"width\":440,\"height\":293,\"mime-type\":\"image\\\/jpeg\",\"filesize\":28188},\"semi\":{\"file\":\"SHF_eb00235759-580x387.jpg\",\"width\":580,\"height\":387,\"mime-type\":\"image\\\/jpeg\",\"filesize\":42739},\"mobile\":{\"file\":\"SHF_eb00235759-720x480.jpg\",\"width\":720,\"height\":480,\"mime-type\":\"image\\\/jpeg\",\"filesize\":57421},\"original\":{\"file\":\"SHF_eb00235759.jpg\",\"width\":1280,\"height\":853}}},{\"id\":10,\"width\":1280,\"height\":853,\"alt\":\"Choir performance in a modern building, audience watching and filming. Singers on stairs.\",\"title\":\"\",\"description\":\"\",\"label\":\"Fr&ouml;Si at &quot;Diversity of Voices II&quot;\",\"copyright\":\"Stiftung Humboldt Forum im Berliner Schloss, Foto: Stefanie Loos\",\"path\":\"\\\/wp-content\\\/uploads\\\/2024\\\/12\\\/\",\"sizes\":{\"medium\":{\"file\":\"SHF_eb00235761-300x200.jpg\",\"width\":300,\"height\":200,\"mime-type\":\"image\\\/jpeg\",\"filesize\":17737},\"large\":{\"file\":\"SHF_eb00235761-1024x682.jpg\",\"width\":1024,\"height\":682,\"mime-type\":\"image\\\/jpeg\",\"filesize\":109723},\"thumbnail\":{\"file\":\"SHF_eb00235761-150x150.jpg\",\"width\":150,\"height\":150,\"mime-type\":\"image\\\/jpeg\",\"filesize\":8440},\"medium_large\":{\"file\":\"SHF_eb00235761-768x512.jpg\",\"width\":768,\"height\":512,\"mime-type\":\"image\\\/jpeg\",\"filesize\":72437},\"small\":{\"file\":\"SHF_eb00235761-440x293.jpg\",\"width\":440,\"height\":293,\"mime-type\":\"image\\\/jpeg\",\"filesize\":32027},\"semi\":{\"file\":\"SHF_eb00235761-580x387.jpg\",\"width\":580,\"height\":387,\"mime-type\":\"image\\\/jpeg\",\"filesize\":48688},\"mobile\":{\"file\":\"SHF_eb00235761-720x480.jpg\",\"width\":720,\"height\":480,\"mime-type\":\"image\\\/jpeg\",\"filesize\":66255},\"original\":{\"file\":\"SHF_eb00235761.jpg\",\"width\":1280,\"height\":853}}},{\"id\":11,\"width\":1280,\"height\":853,\"alt\":\"A person applauds during a performance in front of a cheering crowd in an enclosed space.\",\"title\":\"\",\"description\":\"\",\"label\":\"Joint performance of all choirs in the Foyer conducted by artistic director Anna-Lena Bolz\",\"copyright\":\"Stiftung Humboldt Forum im Berliner Schloss, Foto: Stefanie Loos\",\"path\":\"\\\/wp-content\\\/uploads\\\/2024\\\/12\\\/\",\"sizes\":{\"medium\":{\"file\":\"SHF_eb00235713-300x200.jpg\",\"width\":300,\"height\":200,\"mime-type\":\"image\\\/jpeg\",\"filesize\":17395},\"large\":{\"file\":\"SHF_eb00235713-1024x682.jpg\",\"width\":1024,\"height\":682,\"mime-type\":\"image\\\/jpeg\",\"filesize\":96407},\"thumbnail\":{\"file\":\"SHF_eb00235713-150x150.jpg\",\"width\":150,\"height\":150,\"mime-type\":\"image\\\/jpeg\",\"filesize\":7835},\"medium_large\":{\"file\":\"SHF_eb00235713-768x512.jpg\",\"width\":768,\"height\":512,\"mime-type\":\"image\\\/jpeg\",\"filesize\":65016},\"small\":{\"file\":\"SHF_eb00235713-440x293.jpg\",\"width\":440,\"height\":293,\"mime-type\":\"image\\\/jpeg\",\"filesize\":30316},\"semi\":{\"file\":\"SHF_eb00235713-580x387.jpg\",\"width\":580,\"height\":387,\"mime-type\":\"image\\\/jpeg\",\"filesize\":44898},\"mobile\":{\"file\":\"SHF_eb00235713-720x480.jpg\",\"width\":720,\"height\":480,\"mime-type\":\"image\\\/jpeg\",\"filesize\":59464},\"original\":{\"file\":\"SHF_eb00235713.jpg\",\"width\":1280,\"height\":853}}}]\t\t\t\t\t\t\t}\n\t\t\t\t\t\t\t<\/script>\n\n\t\t\t\t\t\t\t<swiper :options=\"options\" @slide-change=\"track\">\n\t\t\t\t\t\t\t\t<div class=\"swiper-slide\" :key=\"image.id\" v-for=\"image in images\">\n\t\t\t\t\t\t\t\t\t<block-gallery-item inline-template :image=\"image\">\n\t\t\t\t\t\t\t\t\t\t<figure class=\"swiper-slide-image-wrapper\" ref=\"parent\">\n\t\t\t\t\t\t\t\t\t\t\t<div class=\"width-container\" ref=\"container\" :style=\"style\">\n\t\t\t\t\t\t\t\t\t\t\t\t<div data-swiper-parallax-x=\"50%\">\n\t\t\t\t\t\t\t\t\t\t\t\t<img :src=\"image.src\" :alt=\"image.alt\" v-if=\"image.id < 2\">\n\t\t\t\t\t\t\t\t\t\t\t\t<img class=\"swiper-lazy\" :data-src=\"image.src\" :alt=\"image.alt\" v-else>\n\t\t\t\t\t\t\t\t\t\t\t\t<\/div>\n\t\t\t\t\t\t\t\t\t\t\t<\/div>\n\t\t\t\t\t\t\t\t\t\t<\/figure>\n\t\t\t\t\t\t\t\t\t<\/block-gallery-item>\n\n\t\t\t\t\t\t\t\t\t<figcaption>\n\t\t\t\t\t\t\t\t\t\t<div class=\"lazy-media-info-body-content\">\n\t\t\t\t\t\t\t\t\t\t\t<div v-html=\"image.label\"><\/div>\n\t\t\t\t\t\t\t\t\t\t\t<div v-html=\"image.description\"><\/div>\n\t\t\t\t\t\t\t\t\t\t\t<div class=\"insignificant\" v-if=\"image.copyright\" v-html=\"'\u00a9 '+image.copyright\"><\/div>\n\t\t\t\t\t\t\t\t\t\t<\/div>\n\t\t\t\t\t\t\t\t\t<\/figcaption>\n\t\t\t\t\t\t\t\t<\/div>\n\n\t\t\t\t\t\t\t\t<div class=\"swiper-pagination\"  slot=\"pagination\"><\/div>\n\n\t\t\t\t\t\t\t\t<button class=\"icon-round swiper-button-prev\" slot=\"button-prev\" aria-label=\"Last images\">\n\t\t\t\t\t\t\t\t\t<span class=\"icon-next\" aria-hidden=\"true\"><\/span>\n\t\t\t\t\t\t\t\t<\/button>\n\n\t\t\t\t\t\t\t\t<button class=\"icon-round swiper-button-next\" slot=\"button-next\" aria-label=\"Next image\">\n\t\t\t\t\t\t\t\t\t<span class=\"icon-next\" aria-hidden=\"true\"><\/span>\n\t\t\t\t\t\t\t\t<\/button>\n\t\t\t\t\t\t\t<\/swiper>\n\t\t\t\t\t\t<\/div>\n\t\t\t\t\t<\/block-gallery>\n\t\t\t\t<\/div>\n\t\t\t<\/div>\n\t\t<\/div>\n\t<\/div>\n<\/section>\n\n<section class=\"block block-headline block-no-margin \" >\n\t<div class=\"container-fluid\">\n\t\t<div class=\"row\">\n\t\t\t\t\t\t\t<div class=\"col-xs-12 col-md-offset-2 col-md-8\">\n\t\t\t\t\t<div class=\"box\">\n\t\t\t\t\t\t<h2 class=\".h2\">Short biographies<\/h2>\n\t\t\t\t\t<\/div>\n\t\t\t\t<\/div>\n\t\t\t\t\t<\/div>\n\t<\/div>\n<\/section>\n\n\n\n\n\n<section class=\"block block-accordion\">\n\t<div class=\"container-fluid\">\n\t\t<div class=\"row\">\n\t\t\t<div class=\"col-xs-12 col-md-offset-2 col-md-8\">\n\t\t\t\t<div class=\"box\">\n\t\t\t\t\t\t\t\t\t\t\t<block-accordion inline-template>\n\t\t\t\t\t\t\t<div class=\"accordion\">\n\t\t\t\t\t\t\t\t\t\t\t\t\t\t\t<block-accordion-item inline-template item-headline=\"Anna-Lena Bolz (Artistic Director)\">\n\t\t\t\t\t\t\t\t<div ref=\"item\" data-id=\"Anna-LenaBolzArtisticDirector\" class=\"block-accordion-item active vue-initialize\" aria-expanded=\"true\" :aria-expanded=\"active ? 'true' : 'false'\">\n\t\t\t\t\t\t\t\t\t<button class=\"accordion-button-with-icon block-accordion-item-head\" :class=\"{'button-active': active}\" ref=\"head\" aria-controls=\"acc_69f2147d4b722\" id=\"acc_title_69f2147d4b724\" @click=\"toggle\" @keydown=\"key\">\n\t\t\t\t\t\t\t\t\t<div><span class=\"button-label\">Anna-Lena Bolz (Artistic Director)<\/span><\/div><span class=\"button-icon icon-plus\" aria-hidden=\"true\"><\/span>\n\t\t\t\t\t\t\t\t<\/button>\n\t\t\t\t\t\t\t\t\t<div ref=\"body\" class=\"block-accordion-item-content\" id=\"acc_69f2147d4b722\" role=\"region\">\n\t\t\t\t\t\t\t\t\t\t<div class=\"wrapper copy\">\n\t\t\t\t\t\t\t\t\t\t\t<p>The singer, choir director and arranger Anna-Lena Bolz studied singing in the jazz\/rock\/pop program at the Carl Maria von Weber University of Music in Dresden. During her studies, she was part of the folk band Miss O&#8217;Paque as a singer and songwriter and worked together with guitarist and composer Freya Arde. In 2015, the band released their debut album <em>The Small Things<\/em>.<\/p>\n<p>In 2012, Anna-Lena Bolz took over the management of the OFFTRACKS Festival in Dresden, which brings music to unusual places and combines it with different art genres such as dance, painting, theater and film. After moving to Berlin, she founded the Feature Chor Berlin in 2018, with which she has already performed with Alice Phoebe Lou in front of a sold-out Funkhaus and in Berlin&#8217;s Columbiahalle. In 2023, she performed with the choir at the Kammermusiksaal Berlin with other choirs as part of the Berlin Choir Association&#8217;s Sunday concert series.<\/p>\n<p>Since 2022, Anna-Lena and her colleagues have been organizing and curating the be kind festival in the brewhouse of the Alte Berliner Kindl brewery, which is dedicated to contemporary music in the Berlin scene. In her work, Anna-Lena Bolz is committed to empowering structures and also sees music as an important space for thinking and experimentation for social interaction.<\/p>\n<p>&nbsp;<\/p>\n\n\t\t\t\t\t\t\t\t\t\t\t\t\t\t\t\t\t\t\t\t\t\t\t\t\t\t\t\t\t\t\t\t\t\n\t\t\t\t\t\t\t\t\t\t\t<div class=\"row\">\n\t\t\t\t\t\t\t\t\t\t\t\t<div class=\"col-xs-9 col-md-9\">\n\t\t\t\t\t\t\t\t\t\t\t\t\t<div class=\"box\">\n\t\t\t\t\t\t\t\t\t\t\t\t\t\t\n\t<lazy-media-inline inline-template>\n\t\t<figure itemscope itemtype=\"http:\/\/schema.org\/ImageObject\" class=\"lazy-media-inline \" role=\"group\" id=\"media_69f2147d4bde8\" aria-labelledby=\"desc_media_69f2147d4bde8\">\n\t\t\t<script type=\"application\/json\" ref=\"data\">\n\t\t\t\t{\n\t\t\t\t\"sizes\" : {\"medium\":{\"file\":\"SHF_eb00235743-300x200.jpg\",\"width\":300,\"height\":200,\"mime-type\":\"image\\\/jpeg\",\"filesize\":7120},\"large\":{\"file\":\"SHF_eb00235743-1024x682.jpg\",\"width\":1024,\"height\":682,\"mime-type\":\"image\\\/jpeg\",\"filesize\":41806},\"thumbnail\":{\"file\":\"SHF_eb00235743-150x150.jpg\",\"width\":150,\"height\":150,\"mime-type\":\"image\\\/jpeg\",\"filesize\":4466},\"medium_large\":{\"file\":\"SHF_eb00235743-768x512.jpg\",\"width\":768,\"height\":512,\"mime-type\":\"image\\\/jpeg\",\"filesize\":27242},\"small\":{\"file\":\"SHF_eb00235743-440x293.jpg\",\"width\":440,\"height\":293,\"mime-type\":\"image\\\/jpeg\",\"filesize\":12277},\"semi\":{\"file\":\"SHF_eb00235743-580x387.jpg\",\"width\":580,\"height\":387,\"mime-type\":\"image\\\/jpeg\",\"filesize\":18523},\"mobile\":{\"file\":\"SHF_eb00235743-720x480.jpg\",\"width\":720,\"height\":480,\"mime-type\":\"image\\\/jpeg\",\"filesize\":24836},\"original\":{\"file\":\"SHF_eb00235743.jpg\",\"width\":1280,\"height\":853}},\n\t\t\t\t\"alt\" : \"Person with short hair in a white shirt speaks into a microphone on stage.\",\n\t\t\t\t\"path\" : \"\\\/wp-content\\\/uploads\\\/2024\\\/12\\\/\",\n\t\t\t\t\"video\" : null,\n\t\t\t\t\"autoplay\" : null,\n\t\t\t\t\"youtube\" : null,\n\t\t\t\t\"youtubelabel\" : \"Play video\",\n\t\t\t\t\"brightness\" : 100,\n\t\t\t\t\"crop\" : null,\n\t\t\t\t\"background\" : false,\n\t\t\t\t\"scale\" : 1\t\t\t\t}\n\t\t\t<\/script>\n\n\t\t\t<div class=\"height-container\" style=\"padding-bottom:66.640625%;\" v-if=\"sizes\">\n\t\t\t\t\t\t\t\t<lazy-media :inline=\"true\" :alt=\"alt\" :sizes=\"sizes\" :scale=\"scale\" :brightness=\"brightness\" :path=\"path\" :video=\"video\" :autoplay=\"autoplay\" :youtube=\"youtube\" :crop=\"crop\" :youtubelabel=\"youtubelabel\" :background=\"background\" media-id=\"desc_media_69f2147d4bde8\"><\/lazy-media>\n\t\t\t\t\t\t\t<\/div>\n\n\t\t\t\t\t\t\t<figcaption class=\"\" id=\"desc_media_69f2147d4bde8\">\n\t\t\t\t\t<div class=\"lazy-media-info-body-content\">\n\t\t\t\t\t\t\t\t\t\t\t\t\t<div>The artistic director of &quot;Diversity of Voices II&quot;, Anna-Lena Bolz<\/div>\n\t\t\t\t\t\t\t\t\t\t\t\t\t\t\t\t\t\t\t\t\t\t\t\t\t<div class=\"insignificant\">\u00a9 Stiftung Humboldt Forum im Berliner Schloss, Foto: Stefanie Loos<\/div>\n\t\t\t\t\t\t\t\t\t\t\t<\/div>\n\t\t\t\t<\/figcaption>\n\t\t\t\t\t\t\t\t\t<\/figure>\n\t<\/lazy-media-inline>\n\t\t\t\t\t\t\t\t\t\t\t\t\t<\/div>\n\t\t\t\t\t\t\t\t\t\t\t\t<\/div>\n\t\t\t\t\t\t\t\t\t\t\t<\/div>\n\n\t\t\t\t\t\t\t\t\t\t\t\t\t\t\t\t\t\t\t\t\t<\/div>\n\t\t\t\t\t\t\t\t\t<\/div>\n\t\t\t\t\t\t\t\t<\/div>\n\t\t\t\t\t\t\t\t<\/block-accordion-item>\n\t\t\t\t\t\t\t\t\t\t\t\t\t\t<block-accordion-item inline-template item-headline=\"Kaspar von Erffa (dramaturgy)\">\n\t\t\t\t\t\t\t\t<div ref=\"item\" data-id=\"KasparvonErffadramaturgy\" class=\"block-accordion-item active vue-initialize\" aria-expanded=\"true\" :aria-expanded=\"active ? 'true' : 'false'\">\n\t\t\t\t\t\t\t\t\t<button class=\"accordion-button-with-icon block-accordion-item-head\" :class=\"{'button-active': active}\" ref=\"head\" aria-controls=\"acc_69f2147d4bff6\" id=\"acc_title_69f2147d4bff7\" @click=\"toggle\" @keydown=\"key\">\n\t\t\t\t\t\t\t\t\t<div><span class=\"button-label\">Kaspar von Erffa (dramaturgy)<\/span><\/div><span class=\"button-icon icon-plus\" aria-hidden=\"true\"><\/span>\n\t\t\t\t\t\t\t\t<\/button>\n\t\t\t\t\t\t\t\t\t<div ref=\"body\" class=\"block-accordion-item-content\" id=\"acc_69f2147d4bff6\" role=\"region\">\n\t\t\t\t\t\t\t\t\t\t<div class=\"wrapper copy\">\n\t\t\t\t\t\t\t\t\t\t\t<p>Kaspar von Erffa studied acting and directing at the Salzburg &#8216;Mozarteum&#8217; and was assistant director at the Burgtheater Vienna, working with J\u00fcrgen Flimm, Peter Zadek and Claus Peymann, among others. He has been a freelance director and screenwriter since 1996. In 2008 he founded the H\u00f6fische Festspiele Potsdam, in 2016 the Integration Theater of the University of Potsdam. He has directed the Inselb\u00fchne Potsdam since 2021. He is a tenor and has been singing in the choir for 44 years.<\/p>\n\n\t\t\t\t\t\t\t\t\t\t\t\t\t\t\t\t\t\t\t\t\t\t\t\t\t\t\t\t\t\t\t\t\t\n\t\t\t\t\t\t\t\t\t\t\t<div class=\"row\">\n\t\t\t\t\t\t\t\t\t\t\t\t<div class=\"col-xs-9 col-md-9\">\n\t\t\t\t\t\t\t\t\t\t\t\t\t<div class=\"box\">\n\t\t\t\t\t\t\t\t\t\t\t\t\t\t\n\t<lazy-media-inline inline-template>\n\t\t<figure itemscope itemtype=\"http:\/\/schema.org\/ImageObject\" class=\"lazy-media-inline \" role=\"group\" id=\"media_69f2147d4c593\" aria-labelledby=\"desc_media_69f2147d4c593\">\n\t\t\t<script type=\"application\/json\" ref=\"data\">\n\t\t\t\t{\n\t\t\t\t\"sizes\" : {\"medium\":{\"file\":\"SHF_eb00189645-222x300.jpg\",\"width\":222,\"height\":300,\"mime-type\":\"image\\\/jpeg\",\"filesize\":11974},\"large\":{\"file\":\"SHF_eb00189645-759x1024.jpg\",\"width\":759,\"height\":1024,\"mime-type\":\"image\\\/jpeg\",\"filesize\":118562},\"thumbnail\":{\"file\":\"SHF_eb00189645-150x150.jpg\",\"width\":150,\"height\":150,\"mime-type\":\"image\\\/jpeg\",\"filesize\":5695},\"medium_large\":{\"file\":\"SHF_eb00189645-768x1036.jpg\",\"width\":768,\"height\":1036,\"mime-type\":\"image\\\/jpeg\",\"filesize\":120319},\"small\":{\"file\":\"SHF_eb00189645-326x440.jpg\",\"width\":326,\"height\":440,\"mime-type\":\"image\\\/jpeg\",\"filesize\":23262},\"semi\":{\"file\":\"SHF_eb00189645-430x580.jpg\",\"width\":430,\"height\":580,\"mime-type\":\"image\\\/jpeg\",\"filesize\":38953},\"mobile\":{\"file\":\"SHF_eb00189645-534x720.jpg\",\"width\":534,\"height\":720,\"mime-type\":\"image\\\/jpeg\",\"filesize\":58848},\"original\":{\"file\":\"SHF_eb00189645.jpg\",\"width\":949,\"height\":1280}},\n\t\t\t\t\"alt\" : \"A man with short, stylish hair smiles at the camera while wearing a white shirt.\",\n\t\t\t\t\"path\" : \"\\\/wp-content\\\/uploads\\\/2024\\\/12\\\/\",\n\t\t\t\t\"video\" : null,\n\t\t\t\t\"autoplay\" : null,\n\t\t\t\t\"youtube\" : null,\n\t\t\t\t\"youtubelabel\" : \"Play video\",\n\t\t\t\t\"brightness\" : 100,\n\t\t\t\t\"crop\" : null,\n\t\t\t\t\"background\" : false,\n\t\t\t\t\"scale\" : 1\t\t\t\t}\n\t\t\t<\/script>\n\n\t\t\t<div class=\"height-container\" style=\"padding-bottom:134.87881981033%;\" v-if=\"sizes\">\n\t\t\t\t\t\t\t\t<lazy-media :inline=\"true\" :alt=\"alt\" :sizes=\"sizes\" :scale=\"scale\" :brightness=\"brightness\" :path=\"path\" :video=\"video\" :autoplay=\"autoplay\" :youtube=\"youtube\" :crop=\"crop\" :youtubelabel=\"youtubelabel\" :background=\"background\" media-id=\"desc_media_69f2147d4c593\"><\/lazy-media>\n\t\t\t\t\t\t\t<\/div>\n\n\t\t\t\t\t\t\t<figcaption class=\"\" id=\"desc_media_69f2147d4c593\">\n\t\t\t\t\t<div class=\"lazy-media-info-body-content\">\n\t\t\t\t\t\t\t\t\t\t\t\t\t<div>Kaspar von Erffa <\/div>\n\t\t\t\t\t\t\t\t\t\t\t\t\t\t\t\t\t\t\t\t\t\t\t\t\t<div class=\"insignificant\">\u00a9 Manfred Wolf<\/div>\n\t\t\t\t\t\t\t\t\t\t\t<\/div>\n\t\t\t\t<\/figcaption>\n\t\t\t\t\t\t\t\t\t<\/figure>\n\t<\/lazy-media-inline>\n\t\t\t\t\t\t\t\t\t\t\t\t\t<\/div>\n\t\t\t\t\t\t\t\t\t\t\t\t<\/div>\n\t\t\t\t\t\t\t\t\t\t\t<\/div>\n\n\t\t\t\t\t\t\t\t\t\t\t\t\t\t\t\t\t\t\t\t\t<\/div>\n\t\t\t\t\t\t\t\t\t<\/div>\n\t\t\t\t\t\t\t\t<\/div>\n\t\t\t\t\t\t\t\t<\/block-accordion-item>\n\t\t\t\t\t\t\t\t\t\t\t\t\t\t<block-accordion-item inline-template item-headline=\"Hannah Ginsburg (artistic coordination)\">\n\t\t\t\t\t\t\t\t<div ref=\"item\" data-id=\"HannahGinsburgartisticcoordination\" class=\"block-accordion-item active vue-initialize\" aria-expanded=\"true\" :aria-expanded=\"active ? 'true' : 'false'\">\n\t\t\t\t\t\t\t\t\t<button class=\"accordion-button-with-icon block-accordion-item-head\" :class=\"{'button-active': active}\" ref=\"head\" aria-controls=\"acc_69f2147d4c89d\" id=\"acc_title_69f2147d4c8a0\" @click=\"toggle\" @keydown=\"key\">\n\t\t\t\t\t\t\t\t\t<div><span class=\"button-label\">Hannah Ginsburg (artistic coordination)<\/span><\/div><span class=\"button-icon icon-plus\" aria-hidden=\"true\"><\/span>\n\t\t\t\t\t\t\t\t<\/button>\n\t\t\t\t\t\t\t\t\t<div ref=\"body\" class=\"block-accordion-item-content\" id=\"acc_69f2147d4c89d\" role=\"region\">\n\t\t\t\t\t\t\t\t\t\t<div class=\"wrapper copy\">\n\t\t\t\t\t\t\t\t\t\t\t<p>Like Anna-Lena Bolz, Hannah Ginsburg also studied singing and vocal pedagogy jazz\/rock\/pop at the Carl Maria von Weber University of Music in Dresden. She lived out her passion for singing for over 10 years as a member of the Wortart Ensemble, with whom she performed and gave workshops throughout Germany. The Wortart Ensemble has won prizes at numerous renowned competitions and stands for individual, unique a cappella singing.<\/p>\n<p>In 2012, Hannah Ginsburg founded the singing school SING DICH GL\u00dcCKLICH, where she pursues her passion for music as a singing teacher and educator and combines it with her organizational skills. She has completed further training in the Lichtenberger\u00ae Method and ESTILL Voice Training\u00ae. In her teaching activities, Hannah Ginsburg benefits from her many years of experience as an actress in front of the camera (ZDF, RTL, Arte) and on stage (e.g. Volksb\u00fchne Berlin), which above all characterizes her work with language and acting and significantly expands her teaching skills.<\/p>\n<p>In addition to her work at SING DICH GL\u00dcCKLICH, Hannah Ginsburg is a much sought-after lecturer, for example at the <em>Belcantare Brandenburg<\/em> project, which is dedicated to promoting singing in children, at the <em>Cantarale<\/em> youth choir meeting in Brandenburg\/Havel and at the Federal Association of Music Teaching in Brandenburg.<\/p>\n\n\t\t\t\t\t\t\t\t\t\t\t\t\t\t\t\t\t\t\t\t\t\t\t\t\t\t\t\t\t\t\t\t\t\n\t\t\t\t\t\t\t\t\t\t\t<div class=\"row\">\n\t\t\t\t\t\t\t\t\t\t\t\t<div class=\"col-xs-9 col-md-9\">\n\t\t\t\t\t\t\t\t\t\t\t\t\t<div class=\"box\">\n\t\t\t\t\t\t\t\t\t\t\t\t\t\t\t\t\t\t\t\t\t\t\t\t\t\t\t<\/div>\n\t\t\t\t\t\t\t\t\t\t\t\t<\/div>\n\t\t\t\t\t\t\t\t\t\t\t<\/div>\n\n\t\t\t\t\t\t\t\t\t\t\t\t\t\t\t\t\t\t\t\t\t<\/div>\n\t\t\t\t\t\t\t\t\t<\/div>\n\t\t\t\t\t\t\t\t<\/div>\n\t\t\t\t\t\t\t\t<\/block-accordion-item>\n\t\t\t\t\t\t\t\t\t\t\t\t\t<\/div>\n\t\t\t\t\t\t<\/block-accordion>\n\t\t\t\t\t\t\t\t\t<\/div>\n\t\t\t<\/div>\n\t\t<\/div>\n\t<\/div>\n<\/section>\n\n\n<section class=\"block block-headline block-no-margin \" >\n\t<div class=\"container-fluid\">\n\t\t<div class=\"row\">\n\t\t\t\t\t\t\t<div class=\"col-xs-12 col-md-offset-2 col-md-8\">\n\t\t\t\t\t<div class=\"box\">\n\t\t\t\t\t\t<h2 class=\".h2\">The choirs<\/h2>\n\t\t\t\t\t<\/div>\n\t\t\t\t<\/div>\n\t\t\t\t\t<\/div>\n\t<\/div>\n<\/section>\n\n\n\n\n\n<section class=\"block block-accordion\">\n\t<div class=\"container-fluid\">\n\t\t<div class=\"row\">\n\t\t\t<div class=\"col-xs-12 col-md-offset-2 col-md-8\">\n\t\t\t\t<div class=\"box\">\n\t\t\t\t\t\t\t\t\t\t\t<block-accordion inline-template>\n\t\t\t\t\t\t\t<div class=\"accordion\">\n\t\t\t\t\t\t\t\t\t\t\t\t\t\t\t<block-accordion-item inline-template item-headline=\"Chinese Academic Choir \">\n\t\t\t\t\t\t\t\t<div ref=\"item\" data-id=\"ChineseAcademicChoir\" class=\"block-accordion-item active vue-initialize\" aria-expanded=\"true\" :aria-expanded=\"active ? 'true' : 'false'\">\n\t\t\t\t\t\t\t\t\t<button class=\"accordion-button-with-icon block-accordion-item-head\" :class=\"{'button-active': active}\" ref=\"head\" aria-controls=\"acc_69f2147d4fae4\" id=\"acc_title_69f2147d4fae6\" @click=\"toggle\" @keydown=\"key\">\n\t\t\t\t\t\t\t\t\t<div><span class=\"button-label\">Chinese Academic Choir <\/span><\/div><span class=\"button-icon icon-plus\" aria-hidden=\"true\"><\/span>\n\t\t\t\t\t\t\t\t<\/button>\n\t\t\t\t\t\t\t\t\t<div ref=\"body\" class=\"block-accordion-item-content\" id=\"acc_69f2147d4fae4\" role=\"region\">\n\t\t\t\t\t\t\t\t\t\t<div class=\"wrapper copy\">\n\t\t\t\t\t\t\t\t\t\t\t<p>The Chinese Academic Choir was founded in 1995 and consists of Chinese-speaking choir lovers who live, study and\/or work in Berlin. The choir&#8217;s repertoire focuses on Chinese folk, art and pop songs, but also includes works from other genres and in other languages. The Chinese Academic Choir performs regularly in Berlin and the surrounding region. Particular highlights have been its concerts in the Kaiser Wilhelm Memorial Church and the Martin Luther Memorial Church or the concert of the Xiamen Philharmonic Orchestra in the Great Hall of the Philharmonie Berlin. The Chinese Academic Choir is also a welcome guest at choral festivals, for example at the intercultural concert \u2018Gesang ist bunt\u2019 in Leipzig, at the New Year&#8217;s concert of the Lower Silesian Philharmonic Oberlausitz or at the \u2018Festival of Diversity\u2019 at Berlin&#8217;s Charit\u00e9 hospital. The choir also performs at many festive events organised by the Chinese community in Berlin.<\/p>\n<p><a href=\"http:\/\/www.akademikerchor.berlin\">www.akademikerchor.berlin<\/a><\/p>\n<p><a href=\"https:\/\/youtu.be\/s1xVTc_9mQE?feature=shared\">Song of the Hakka<\/a><br \/>\n<a href=\"https:\/\/youtu.be\/5dC4A0b0Lk0?feature=shared\">Alamuhan<\/a><br \/>\n<a href=\"https:\/\/youtu.be\/d7FNcV3og4Q?feature=shared\">The crescent moon climbs upwards<\/a><br \/>\n<a href=\"https:\/\/youtu.be\/GmUUuTqOVo4\">On the wings of song<\/a><\/p>\n<p>&nbsp;<\/p>\n\n\t\t\t\t\t\t\t\t\t\t\t\t\t\t\t\t\t\t\t\t\t\t\t\t\t\t\t\t\t\t\t\t\t\n\t\t\t\t\t\t\t\t\t\t\t<div class=\"row\">\n\t\t\t\t\t\t\t\t\t\t\t\t<div class=\"col-xs-9 col-md-9\">\n\t\t\t\t\t\t\t\t\t\t\t\t\t<div class=\"box\">\n\t\t\t\t\t\t\t\t\t\t\t\t\t\t\n\t<lazy-media-inline inline-template>\n\t\t<figure itemscope itemtype=\"http:\/\/schema.org\/ImageObject\" class=\"lazy-media-inline \" role=\"group\" id=\"media_69f2147d5019d\" aria-labelledby=\"desc_media_69f2147d5019d\">\n\t\t\t<script type=\"application\/json\" ref=\"data\">\n\t\t\t\t{\n\t\t\t\t\"sizes\" : {\"medium\":{\"file\":\"SHF_eb00229859_-300x200.jpg\",\"width\":300,\"height\":200,\"mime-type\":\"image\\\/jpeg\",\"filesize\":21660},\"thumbnail\":{\"file\":\"SHF_eb00229859_-150x150.jpg\",\"width\":150,\"height\":150,\"mime-type\":\"image\\\/jpeg\",\"filesize\":9559},\"small\":{\"file\":\"SHF_eb00229859_-440x294.jpg\",\"width\":440,\"height\":294,\"mime-type\":\"image\\\/jpeg\",\"filesize\":40586},\"semi\":{\"file\":\"SHF_eb00229859_-580x387.jpg\",\"width\":580,\"height\":387,\"mime-type\":\"image\\\/jpeg\",\"filesize\":62913},\"original\":{\"file\":\"SHF_eb00229859_.jpg\",\"width\":640,\"height\":427}},\n\t\t\t\t\"alt\" : \"Group of people in formal attire posing in a park, surrounded by trees and buildings.\",\n\t\t\t\t\"path\" : \"\\\/wp-content\\\/uploads\\\/2024\\\/02\\\/\",\n\t\t\t\t\"video\" : null,\n\t\t\t\t\"autoplay\" : null,\n\t\t\t\t\"youtube\" : null,\n\t\t\t\t\"youtubelabel\" : \"Play video\",\n\t\t\t\t\"brightness\" : 100,\n\t\t\t\t\"crop\" : null,\n\t\t\t\t\"background\" : false,\n\t\t\t\t\"scale\" : 1\t\t\t\t}\n\t\t\t<\/script>\n\n\t\t\t<div class=\"height-container\" style=\"padding-bottom:66.71875%;\" v-if=\"sizes\">\n\t\t\t\t\t\t\t\t<lazy-media :inline=\"true\" :alt=\"alt\" :sizes=\"sizes\" :scale=\"scale\" :brightness=\"brightness\" :path=\"path\" :video=\"video\" :autoplay=\"autoplay\" :youtube=\"youtube\" :crop=\"crop\" :youtubelabel=\"youtubelabel\" :background=\"background\" media-id=\"desc_media_69f2147d5019d\"><\/lazy-media>\n\t\t\t\t\t\t\t<\/div>\n\n\t\t\t\t\t\t\t<figcaption class=\"\" id=\"desc_media_69f2147d5019d\">\n\t\t\t\t\t<div class=\"lazy-media-info-body-content\">\n\t\t\t\t\t\t\t\t\t\t\t\t\t<div>The Chinese Academic Choir <\/div>\n\t\t\t\t\t\t\t\t\t\t\t\t\t\t\t\t\t\t\t\t\t\t\t\t\t<div class=\"insignificant\">\u00a9 Chenye Shao<\/div>\n\t\t\t\t\t\t\t\t\t\t\t<\/div>\n\t\t\t\t<\/figcaption>\n\t\t\t\t\t\t\t\t\t<\/figure>\n\t<\/lazy-media-inline>\n\t\t\t\t\t\t\t\t\t\t\t\t\t<\/div>\n\t\t\t\t\t\t\t\t\t\t\t\t<\/div>\n\t\t\t\t\t\t\t\t\t\t\t<\/div>\n\n\t\t\t\t\t\t\t\t\t\t\t\t\t\t\t\t\t\t\t\t\t<\/div>\n\t\t\t\t\t\t\t\t\t<\/div>\n\t\t\t\t\t\t\t\t<\/div>\n\t\t\t\t\t\t\t\t<\/block-accordion-item>\n\t\t\t\t\t\t\t\t\t\t\t\t\t\t<block-accordion-item inline-template item-headline=\"chor canta:re\">\n\t\t\t\t\t\t\t\t<div ref=\"item\" data-id=\"chorcantare\" class=\"block-accordion-item active vue-initialize\" aria-expanded=\"true\" :aria-expanded=\"active ? 'true' : 'false'\">\n\t\t\t\t\t\t\t\t\t<button class=\"accordion-button-with-icon block-accordion-item-head\" :class=\"{'button-active': active}\" ref=\"head\" aria-controls=\"acc_69f2147d5047f\" id=\"acc_title_69f2147d50481\" @click=\"toggle\" @keydown=\"key\">\n\t\t\t\t\t\t\t\t\t<div><span class=\"button-label\">chor canta:re<\/span><\/div><span class=\"button-icon icon-plus\" aria-hidden=\"true\"><\/span>\n\t\t\t\t\t\t\t\t<\/button>\n\t\t\t\t\t\t\t\t\t<div ref=\"body\" class=\"block-accordion-item-content\" id=\"acc_69f2147d5047f\" role=\"region\">\n\t\t\t\t\t\t\t\t\t\t<div class=\"wrapper copy\">\n\t\t\t\t\t\t\t\t\t\t\t<p>canta:re was founded in Berlin in 2002 by gay and lesbian fans of classical choral music. The choir now has around 45 members who are as queer and diverse as the city itself. canta:re sings almost exclusively classical repertoire &#8211; from Italian madrigals and folk songs to concert projects such as Carmina Burana and modern pieces. To make the repertoire even more inclusive, the choir also enjoys singing works by lesser-known contemporary composers. canta:re regularly takes part in queer choir festivals in Germany and abroad. In 2023, the choir was awarded the Geschwister Mendelssohn Medal by the Chorverband Berlin. Particular highlights in 2024 were the participation in Mahler&#8217;s 2nd Symphony in the Philharmonie Berlin in February and the participation in the choir festival \u2018Th\u00fcringer CHORsch\u00e4tze\u2019 in June with concerts in Gotha and Sondershausen. Since the end of 2023, the choir has been conducted by Canadian musician Ben Cruchley.<\/p>\n<p><a href=\"https:\/\/www.chorcantare.de\">www.chorcantare.de<\/a><\/p>\n<p><a href=\"https:\/\/www.facebook.com\/chorcantare\">Facebook<\/a><\/p>\n<p><a href=\"https:\/\/www.instagram.com\/chor_canta_re\/\">Instagram<\/a><\/p>\n<p>Videos<\/p>\n<p><a href=\"https:\/\/www.facebook.com\/chorcantare\/videos\/1184201082791989\">Canta:re sings \u201eEine goldene Wolke schlief\u201c by P. I. Tschaikowsky, in the Achteckhaus Sondershausen, Chorfestival Th\u00fcringer CHORsch\u00e4tze, 9.6.2024<\/a><\/p>\n<p><a href=\"https:\/\/www.facebook.com\/chorcantare\/videos\/407608228472007\">Canta:re sings Mahler&#8217;s 2nd Symphony &#8211; together with many other queer and non-queer choirs at the 25th anniversary concert of Germany&#8217;s first queer orchestra, concentus alius, on 27 February 2024 at the Philharmonie Berlin.<\/a><\/p>\n<p><a href=\"https:\/\/www.facebook.com\/chorcantare\/videos\/329491889916878\">Canta:re sings the Swedish Christmas carol \u2018Jul, jul, str\u00e5lande jul!\u2019 by Gustaf Nordqvist (1886-1949), at \u2018Sch\u00f6ne Bescherung\u2019, the traditional queer choir and instrumental concert in the run-up to Christmas in the 12-Apostel-Kirche Sch\u00f6neberg, 16 December 2023.<\/a><\/p>\n<p>&nbsp;<\/p>\n\n\t\t\t\t\t\t\t\t\t\t\t\t\t\t\t\t\t\t\t\t\t\t\t\t\t\t\t\t\t\t\t\t\t\n\t\t\t\t\t\t\t\t\t\t\t<div class=\"row\">\n\t\t\t\t\t\t\t\t\t\t\t\t<div class=\"col-xs-9 col-md-9\">\n\t\t\t\t\t\t\t\t\t\t\t\t\t<div class=\"box\">\n\t\t\t\t\t\t\t\t\t\t\t\t\t\t\n\t<lazy-media-inline inline-template>\n\t\t<figure itemscope itemtype=\"http:\/\/schema.org\/ImageObject\" class=\"lazy-media-inline \" role=\"group\" id=\"media_69f2147d50990\" aria-labelledby=\"desc_media_69f2147d50990\">\n\t\t\t<script type=\"application\/json\" ref=\"data\">\n\t\t\t\t{\n\t\t\t\t\"sizes\" : {\"medium\":{\"file\":\"SHF_eb00229863-300x200.jpg\",\"width\":300,\"height\":200,\"mime-type\":\"image\\\/jpeg\",\"filesize\":21460},\"large\":{\"file\":\"SHF_eb00229863-1024x683.jpg\",\"width\":1024,\"height\":683,\"mime-type\":\"image\\\/jpeg\",\"filesize\":193897},\"thumbnail\":{\"file\":\"SHF_eb00229863-150x150.jpg\",\"width\":150,\"height\":150,\"mime-type\":\"image\\\/jpeg\",\"filesize\":9756},\"medium_large\":{\"file\":\"SHF_eb00229863-768x512.jpg\",\"width\":768,\"height\":512,\"mime-type\":\"image\\\/jpeg\",\"filesize\":114461},\"small\":{\"file\":\"SHF_eb00229863-440x293.jpg\",\"width\":440,\"height\":293,\"mime-type\":\"image\\\/jpeg\",\"filesize\":42452},\"semi\":{\"file\":\"SHF_eb00229863-580x387.jpg\",\"width\":580,\"height\":387,\"mime-type\":\"image\\\/jpeg\",\"filesize\":70109},\"mobile\":{\"file\":\"SHF_eb00229863-720x480.jpg\",\"width\":720,\"height\":480,\"mime-type\":\"image\\\/jpeg\",\"filesize\":101671},\"hd\":{\"file\":\"SHF_eb00229863-1280x854.jpg\",\"width\":1280,\"height\":854,\"mime-type\":\"image\\\/jpeg\",\"filesize\":288244},\"full\":{\"file\":\"SHF_eb00229863-1920x1281.jpg\",\"width\":1920,\"height\":1281,\"mime-type\":\"image\\\/jpeg\",\"filesize\":583003},\"1536x1536\":{\"file\":\"SHF_eb00229863-1536x1025.jpg\",\"width\":1536,\"height\":1025,\"mime-type\":\"image\\\/jpeg\",\"filesize\":398428},\"2048x2048\":{\"file\":\"SHF_eb00229863-2048x1366.jpg\",\"width\":2048,\"height\":1366,\"mime-type\":\"image\\\/jpeg\",\"filesize\":647981},\"original\":{\"file\":\"SHF_eb00229863.jpg\",\"width\":4000,\"height\":2668}},\n\t\t\t\t\"alt\" : \"A group of people poses outdoors with a rainbow flag in front of a historically styled building.\",\n\t\t\t\t\"path\" : \"\\\/wp-content\\\/uploads\\\/2024\\\/02\\\/\",\n\t\t\t\t\"video\" : null,\n\t\t\t\t\"autoplay\" : null,\n\t\t\t\t\"youtube\" : null,\n\t\t\t\t\"youtubelabel\" : \"Play video\",\n\t\t\t\t\"brightness\" : 100,\n\t\t\t\t\"crop\" : {\"top\":\"50.00\",\"left\":\"50.00\"},\n\t\t\t\t\"background\" : true,\n\t\t\t\t\"scale\" : 2\t\t\t\t}\n\t\t\t<\/script>\n\n\t\t\t<div class=\"height-container\" style=\"padding-bottom:66.7%;\" v-if=\"sizes\">\n\t\t\t\t\t\t\t\t<lazy-media :inline=\"true\" :alt=\"alt\" :sizes=\"sizes\" :scale=\"scale\" :brightness=\"brightness\" :path=\"path\" :video=\"video\" :autoplay=\"autoplay\" :youtube=\"youtube\" :crop=\"crop\" :youtubelabel=\"youtubelabel\" :background=\"background\" media-id=\"desc_media_69f2147d50990\"><\/lazy-media>\n\t\t\t\t\t\t\t<\/div>\n\n\t\t\t\t\t\t\t<figcaption class=\"\" id=\"desc_media_69f2147d50990\">\n\t\t\t\t\t<div class=\"lazy-media-info-body-content\">\n\t\t\t\t\t\t\t\t\t\t\t\t\t\t\t\t\t\t\t<div>chor canta:re <\/div>\n\t\t\t\t\t\t\t\t\t\t\t\t\t\t\t\t\t\t\t<div class=\"insignificant\">\u00a9 Dr. Bernd Seydel<\/div>\n\t\t\t\t\t\t\t\t\t\t\t<\/div>\n\t\t\t\t<\/figcaption>\n\t\t\t\t\t\t\t\t\t<\/figure>\n\t<\/lazy-media-inline>\n\t\t\t\t\t\t\t\t\t\t\t\t\t<\/div>\n\t\t\t\t\t\t\t\t\t\t\t\t<\/div>\n\t\t\t\t\t\t\t\t\t\t\t<\/div>\n\n\t\t\t\t\t\t\t\t\t\t\t\t\t\t\t\t\t\t\t\t\t<\/div>\n\t\t\t\t\t\t\t\t\t<\/div>\n\t\t\t\t\t\t\t\t<\/div>\n\t\t\t\t\t\t\t\t<\/block-accordion-item>\n\t\t\t\t\t\t\t\t\t\t\t\t\t\t<block-accordion-item inline-template item-headline=\"\u00c1gua na Boca\">\n\t\t\t\t\t\t\t\t<div ref=\"item\" data-id=\"guanaBoca\" class=\"block-accordion-item active vue-initialize\" aria-expanded=\"true\" :aria-expanded=\"active ? 'true' : 'false'\">\n\t\t\t\t\t\t\t\t\t<button class=\"accordion-button-with-icon block-accordion-item-head\" :class=\"{'button-active': active}\" ref=\"head\" aria-controls=\"acc_69f2147d50c04\" id=\"acc_title_69f2147d50c06\" @click=\"toggle\" @keydown=\"key\">\n\t\t\t\t\t\t\t\t\t<div><span class=\"button-label\">\u00c1gua na Boca<\/span><\/div><span class=\"button-icon icon-plus\" aria-hidden=\"true\"><\/span>\n\t\t\t\t\t\t\t\t<\/button>\n\t\t\t\t\t\t\t\t\t<div ref=\"body\" class=\"block-accordion-item-content\" id=\"acc_69f2147d50c04\" role=\"region\">\n\t\t\t\t\t\t\t\t\t\t<div class=\"wrapper copy\">\n\t\t\t\t\t\t\t\t\t\t\t<p>The vocal ensemble \u00c0gua na Boca has set itself the goal of bringing the diversity and richness of Brazil&#8217;s musical heritage to Berlin. The choir was founded in 2018 by Brazilian singer and choir director Edy Godinho and consists of a group of women who are passionate about Brazilian popular music. Brazil&#8217;s musical culture consists of much more than samba and bossa nova. Not only because of the size of the country, there are numerous regional styles, rhythms and instruments in Brazil. Indigenous cultures, the colonial era, slavery and waves of immigration from Europe have also left deep traces in the country&#8217;s music. The repertoire of \u00c0gua da Boca therefore also includes many rhythms and melodies that are less well-known in this country, from danceable to soft and dreamy: from samba from Rio de Janeiro to forr\u00f3 from the north-east of Brazil, maracatu and c\u00f4co from the north of the country to choro from the Brazilian south.<\/p>\n<p><a href=\"http:\/\/www.aguanabocaberlin.de\">www.aguanabocaberlin.de<\/a><br \/>\n<a href=\"https:\/\/www.instagram.com\/agua_na_boca_berlin\/?locale=%E5%AE%9A%E5%88%B6%E9%98%BF%E5%AF%8C%E6%B1%97PLIDA%E8%AF%81%E4%B9%A6%E3%80%96%E5%A8%81%E4%BF%A1%2BTG%2F%E9%A3%9E%E6%9C%BA%3A%40buth2788%E3%80%97OsMqK&amp;hl=en\">Instagram<\/a><\/p>\n<p><a href=\"https:\/\/youtu.be\/c3t9ZWgwSpc?si=jYGfmbhgVIiIXNEZ\">Chiclete com Banana<\/a><\/p>\n<p><a href=\"https:\/\/youtu.be\/GHlGhUghkJM?si=J8rWh7J0Vm81E3uD\">Que baque \u00e9 esse<\/a><\/p>\n<p><a href=\"https:\/\/youtu.be\/MYf2vR_b_iw?si=L-HDK4v7WS_lXu8s\">\u00c1gua de Beber<\/a><\/p>\n\n\t\t\t\t\t\t\t\t\t\t\t\t\t\t\t\t\t\t\t\t\t\t\t\t\t\t\t\t\t\t\t\t\t\n\t\t\t\t\t\t\t\t\t\t\t<div class=\"row\">\n\t\t\t\t\t\t\t\t\t\t\t\t<div class=\"col-xs-9 col-md-9\">\n\t\t\t\t\t\t\t\t\t\t\t\t\t<div class=\"box\">\n\t\t\t\t\t\t\t\t\t\t\t\t\t\t\n\t<lazy-media-inline inline-template>\n\t\t<figure itemscope itemtype=\"http:\/\/schema.org\/ImageObject\" class=\"lazy-media-inline \" role=\"group\" id=\"media_69f2147d51166\" aria-labelledby=\"desc_media_69f2147d51166\">\n\t\t\t<script type=\"application\/json\" ref=\"data\">\n\t\t\t\t{\n\t\t\t\t\"sizes\" : {\"medium\":{\"file\":\"SHF_eb00229865-300x188.jpg\",\"width\":300,\"height\":188,\"mime-type\":\"image\\\/jpeg\",\"filesize\":13048},\"large\":{\"file\":\"SHF_eb00229865-1024x641.jpg\",\"width\":1024,\"height\":641,\"mime-type\":\"image\\\/jpeg\",\"filesize\":84606},\"thumbnail\":{\"file\":\"SHF_eb00229865-150x150.jpg\",\"width\":150,\"height\":150,\"mime-type\":\"image\\\/jpeg\",\"filesize\":6754},\"medium_large\":{\"file\":\"SHF_eb00229865-768x480.jpg\",\"width\":768,\"height\":480,\"mime-type\":\"image\\\/jpeg\",\"filesize\":54038},\"small\":{\"file\":\"SHF_eb00229865-440x275.jpg\",\"width\":440,\"height\":275,\"mime-type\":\"image\\\/jpeg\",\"filesize\":23269},\"semi\":{\"file\":\"SHF_eb00229865-580x363.jpg\",\"width\":580,\"height\":363,\"mime-type\":\"image\\\/jpeg\",\"filesize\":35540},\"mobile\":{\"file\":\"SHF_eb00229865-720x450.jpg\",\"width\":720,\"height\":450,\"mime-type\":\"image\\\/jpeg\",\"filesize\":49330},\"hd\":{\"file\":\"SHF_eb00229865-1280x801.jpg\",\"width\":1280,\"height\":801,\"mime-type\":\"image\\\/jpeg\",\"filesize\":119379},\"full\":{\"file\":\"SHF_eb00229865-1920x1201.jpg\",\"width\":1920,\"height\":1201,\"mime-type\":\"image\\\/jpeg\",\"filesize\":220590},\"1536x1536\":{\"file\":\"SHF_eb00229865-1536x961.jpg\",\"width\":1536,\"height\":961,\"mime-type\":\"image\\\/jpeg\",\"filesize\":157855},\"2048x2048\":{\"file\":\"SHF_eb00229865-2048x1281.jpg\",\"width\":2048,\"height\":1281,\"mime-type\":\"image\\\/jpeg\",\"filesize\":242239},\"original\":{\"file\":\"SHF_eb00229865.jpg\",\"width\":2500,\"height\":1564}},\n\t\t\t\t\"alt\" : \"A group of women in blue and white clothing stands on a stage singing in front of an audience.\",\n\t\t\t\t\"path\" : \"\\\/wp-content\\\/uploads\\\/2024\\\/02\\\/\",\n\t\t\t\t\"video\" : null,\n\t\t\t\t\"autoplay\" : null,\n\t\t\t\t\"youtube\" : null,\n\t\t\t\t\"youtubelabel\" : \"Play video\",\n\t\t\t\t\"brightness\" : 100,\n\t\t\t\t\"crop\" : null,\n\t\t\t\t\"background\" : true,\n\t\t\t\t\"scale\" : 2\t\t\t\t}\n\t\t\t<\/script>\n\n\t\t\t<div class=\"height-container\" style=\"padding-bottom:62.56%;\" v-if=\"sizes\">\n\t\t\t\t\t\t\t\t<lazy-media :inline=\"true\" :alt=\"alt\" :sizes=\"sizes\" :scale=\"scale\" :brightness=\"brightness\" :path=\"path\" :video=\"video\" :autoplay=\"autoplay\" :youtube=\"youtube\" :crop=\"crop\" :youtubelabel=\"youtubelabel\" :background=\"background\" media-id=\"desc_media_69f2147d51166\"><\/lazy-media>\n\t\t\t\t\t\t\t<\/div>\n\n\t\t\t\t\t\t\t<figcaption class=\"\" id=\"desc_media_69f2147d51166\">\n\t\t\t\t\t<div class=\"lazy-media-info-body-content\">\n\t\t\t\t\t\t\t\t\t\t\t\t\t<div>&Aacute;gua na Boca<\/div>\n\t\t\t\t\t\t\t\t\t\t\t\t\t\t\t\t\t\t\t\t\t\t\t\t\t<div class=\"insignificant\">\u00a9 Stephan R\u00f6hl<\/div>\n\t\t\t\t\t\t\t\t\t\t\t<\/div>\n\t\t\t\t<\/figcaption>\n\t\t\t\t\t\t\t\t\t<\/figure>\n\t<\/lazy-media-inline>\n\t\t\t\t\t\t\t\t\t\t\t\t\t<\/div>\n\t\t\t\t\t\t\t\t\t\t\t\t<\/div>\n\t\t\t\t\t\t\t\t\t\t\t<\/div>\n\n\t\t\t\t\t\t\t\t\t\t\t\t\t\t\t\t\t\t\t\t\t<\/div>\n\t\t\t\t\t\t\t\t\t<\/div>\n\t\t\t\t\t\t\t\t<\/div>\n\t\t\t\t\t\t\t\t<\/block-accordion-item>\n\t\t\t\t\t\t\t\t\t\t\t\t\t\t<block-accordion-item inline-template item-headline=\"(L)OSTsongs\">\n\t\t\t\t\t\t\t\t<div ref=\"item\" data-id=\"LOSTsongs\" class=\"block-accordion-item active vue-initialize\" aria-expanded=\"true\" :aria-expanded=\"active ? 'true' : 'false'\">\n\t\t\t\t\t\t\t\t\t<button class=\"accordion-button-with-icon block-accordion-item-head\" :class=\"{'button-active': active}\" ref=\"head\" aria-controls=\"acc_69f2147d513c5\" id=\"acc_title_69f2147d513c7\" @click=\"toggle\" @keydown=\"key\">\n\t\t\t\t\t\t\t\t\t<div><span class=\"button-label\">(L)OSTsongs<\/span><\/div><span class=\"button-icon icon-plus\" aria-hidden=\"true\"><\/span>\n\t\t\t\t\t\t\t\t<\/button>\n\t\t\t\t\t\t\t\t\t<div ref=\"body\" class=\"block-accordion-item-content\" id=\"acc_69f2147d513c5\" role=\"region\">\n\t\t\t\t\t\t\t\t\t\t<div class=\"wrapper copy\">\n\t\t\t\t\t\t\t\t\t\t\t<p>The mixed choir (L)OSTsongs is still a young choir that was only founded in 2023 and currently consists of twelve members aged between 28 and 68. The choir focusses on pieces that were popular in the GDR and are rarely heard today. Through its work, the choir aims to rescue the most worthwhile melodies from this bygone era from oblivion and bring them back to life in polyphony and without instruments. The repertoire of (L)OSTsongs includes popular chansons, pop songs and rock ballads as well as children&#8217;s and youth songs, hits by East German songwriters, from FDJ singing clubs or the hootenanny and folk movement. The choir also sings well-known works from the international singer-songwriter scene as well as folk and world music, which were frequently performed in the GDR. The revival of this repertoire reflects the choir&#8217;s desire to commemorate works that musically characterised an entire generation in the GDR.<\/p>\n<p><a href=\"https:\/\/www.facebook.com\/chorlostsongs\">Facebook<\/a><\/p>\n\n\t\t\t\t\t\t\t\t\t\t\t\t\t\t\t\t\t\t\t\t\t\t\t\t\t\t\t\t\t\t\t\t\t\n\t\t\t\t\t\t\t\t\t\t\t<div class=\"row\">\n\t\t\t\t\t\t\t\t\t\t\t\t<div class=\"col-xs-9 col-md-9\">\n\t\t\t\t\t\t\t\t\t\t\t\t\t<div class=\"box\">\n\t\t\t\t\t\t\t\t\t\t\t\t\t\t\n\t<lazy-media-inline inline-template>\n\t\t<figure itemscope itemtype=\"http:\/\/schema.org\/ImageObject\" class=\"lazy-media-inline \" role=\"group\" id=\"media_69f2147d51936\" aria-labelledby=\"desc_media_69f2147d51936\">\n\t\t\t<script type=\"application\/json\" ref=\"data\">\n\t\t\t\t{\n\t\t\t\t\"sizes\" : {\"medium\":{\"file\":\"SHF_eb00229869_-300x198.jpg\",\"width\":300,\"height\":198,\"mime-type\":\"image\\\/jpeg\",\"filesize\":18680},\"large\":{\"file\":\"SHF_eb00229869_-1024x676.jpg\",\"width\":1024,\"height\":676,\"mime-type\":\"image\\\/jpeg\",\"filesize\":157952},\"thumbnail\":{\"file\":\"SHF_eb00229869_-150x150.jpg\",\"width\":150,\"height\":150,\"mime-type\":\"image\\\/jpeg\",\"filesize\":8705},\"medium_large\":{\"file\":\"SHF_eb00229869_-768x507.jpg\",\"width\":768,\"height\":507,\"mime-type\":\"image\\\/jpeg\",\"filesize\":94935},\"small\":{\"file\":\"SHF_eb00229869_-440x290.jpg\",\"width\":440,\"height\":290,\"mime-type\":\"image\\\/jpeg\",\"filesize\":35921},\"semi\":{\"file\":\"SHF_eb00229869_-580x383.jpg\",\"width\":580,\"height\":383,\"mime-type\":\"image\\\/jpeg\",\"filesize\":58010},\"mobile\":{\"file\":\"SHF_eb00229869_-720x475.jpg\",\"width\":720,\"height\":475,\"mime-type\":\"image\\\/jpeg\",\"filesize\":84795},\"hd\":{\"file\":\"SHF_eb00229869_-1280x844.jpg\",\"width\":1280,\"height\":844,\"mime-type\":\"image\\\/jpeg\",\"filesize\":233754},\"full\":{\"file\":\"SHF_eb00229869_-1920x1267.jpg\",\"width\":1920,\"height\":1267,\"mime-type\":\"image\\\/jpeg\",\"filesize\":474726},\"xxl\":{\"file\":\"SHF_eb00229869_-4048x2670.jpg\",\"width\":4048,\"height\":2670,\"mime-type\":\"image\\\/jpeg\",\"filesize\":1648874},\"1536x1536\":{\"file\":\"SHF_eb00229869_-1536x1013.jpg\",\"width\":1536,\"height\":1013,\"mime-type\":\"image\\\/jpeg\",\"filesize\":321894},\"2048x2048\":{\"file\":\"SHF_eb00229869_-2048x1351.jpg\",\"width\":2048,\"height\":1351,\"mime-type\":\"image\\\/jpeg\",\"filesize\":528923},\"original\":{\"file\":\"SHF_eb00229869_.jpg\",\"width\":6312,\"height\":4164}},\n\t\t\t\t\"alt\" : \"Group photo with several people in light outfits, laughing in a cozy living room setting.\",\n\t\t\t\t\"path\" : \"\\\/wp-content\\\/uploads\\\/2024\\\/02\\\/\",\n\t\t\t\t\"video\" : null,\n\t\t\t\t\"autoplay\" : null,\n\t\t\t\t\"youtube\" : null,\n\t\t\t\t\"youtubelabel\" : \"Play video\",\n\t\t\t\t\"brightness\" : 100,\n\t\t\t\t\"crop\" : null,\n\t\t\t\t\"background\" : true,\n\t\t\t\t\"scale\" : 2\t\t\t\t}\n\t\t\t<\/script>\n\n\t\t\t<div class=\"height-container\" style=\"padding-bottom:65.969581749049%;\" v-if=\"sizes\">\n\t\t\t\t\t\t\t\t<lazy-media :inline=\"true\" :alt=\"alt\" :sizes=\"sizes\" :scale=\"scale\" :brightness=\"brightness\" :path=\"path\" :video=\"video\" :autoplay=\"autoplay\" :youtube=\"youtube\" :crop=\"crop\" :youtubelabel=\"youtubelabel\" :background=\"background\" media-id=\"desc_media_69f2147d51936\"><\/lazy-media>\n\t\t\t\t\t\t\t<\/div>\n\n\t\t\t\t\t\t\t<figcaption class=\"\" id=\"desc_media_69f2147d51936\">\n\t\t\t\t\t<div class=\"lazy-media-info-body-content\">\n\t\t\t\t\t\t\t\t\t\t\t\t\t<div>(L)OSTsongs<\/div>\n\t\t\t\t\t\t\t\t\t\t\t\t\t\t\t\t\t\t\t\t\t\t\t\t\t<div class=\"insignificant\">\u00a9 (L)OSTsongs<\/div>\n\t\t\t\t\t\t\t\t\t\t\t<\/div>\n\t\t\t\t<\/figcaption>\n\t\t\t\t\t\t\t\t\t<\/figure>\n\t<\/lazy-media-inline>\n\t\t\t\t\t\t\t\t\t\t\t\t\t<\/div>\n\t\t\t\t\t\t\t\t\t\t\t\t<\/div>\n\t\t\t\t\t\t\t\t\t\t\t<\/div>\n\n\t\t\t\t\t\t\t\t\t\t\t\t\t\t\t\t\t\t\t\t\t<\/div>\n\t\t\t\t\t\t\t\t\t<\/div>\n\t\t\t\t\t\t\t\t<\/div>\n\t\t\t\t\t\t\t\t<\/block-accordion-item>\n\t\t\t\t\t\t\t\t\t\t\t\t\t\t<block-accordion-item inline-template item-headline=\"QuerChorallen\">\n\t\t\t\t\t\t\t\t<div ref=\"item\" data-id=\"QuerChorallen\" class=\"block-accordion-item active vue-initialize\" aria-expanded=\"true\" :aria-expanded=\"active ? 'true' : 'false'\">\n\t\t\t\t\t\t\t\t\t<button class=\"accordion-button-with-icon block-accordion-item-head\" :class=\"{'button-active': active}\" ref=\"head\" aria-controls=\"acc_69f2147d51be2\" id=\"acc_title_69f2147d51be4\" @click=\"toggle\" @keydown=\"key\">\n\t\t\t\t\t\t\t\t\t<div><span class=\"button-label\">QuerChorallen<\/span><\/div><span class=\"button-icon icon-plus\" aria-hidden=\"true\"><\/span>\n\t\t\t\t\t\t\t\t<\/button>\n\t\t\t\t\t\t\t\t\t<div ref=\"body\" class=\"block-accordion-item-content\" id=\"acc_69f2147d51be2\" role=\"region\">\n\t\t\t\t\t\t\t\t\t\t<div class=\"wrapper copy\">\n\t\t\t\t\t\t\t\t\t\t\t<p>QuerChorallen is a gay and lesbian choir that was founded in 2005 and now comprises around 40 singers. The choir is led by the singer and choir director Andrea Eckhardt and the Australian composer Jaret Choolun, who are constantly developing the choir musically together. Whether Orlando di Lasso, Mikis Theodorakis, Fanny Hensel or Sin\u00e9ad O&#8217;Connor, whether Abba or Queen, whether folklore or contemporary music: the QuerChorallen always sing a cappella with all their heart and conviction. The choir usually sings in four voices, occasionally also in eight voices, from a capital D to a two-note g, in German and English or in Romance, Slavic or other languages. The QuerChorallen sing with passion about spring, the Northern Lights, music, silence and, of course, love in all its facets. The choir sings regularly during Advent, at choir festivals, town festivals and occasionally at self-organised concerts.<\/p>\n<p><a href=\"https:\/\/www.instagram.com\/querchorallen?igsh=MW1pNGVkcjR1bTF0dQ==\">Instagram<\/a><\/p>\n<p><a href=\"https:\/\/www.facebook.com\/share\/hkEjypR6arHxpCim\">Facebook<\/a><\/p>\n<p><a href=\"http:\/\/querchorallen.de\/\">Website<\/a><\/p>\n<p>&nbsp;<\/p>\n\n\t\t\t\t\t\t\t\t\t\t\t\t\t\t\t\t\t\t\t\t\t\t\t\t\t\t\t\t\t\t\t\t\t\n\t\t\t\t\t\t\t\t\t\t\t<div class=\"row\">\n\t\t\t\t\t\t\t\t\t\t\t\t<div class=\"col-xs-9 col-md-9\">\n\t\t\t\t\t\t\t\t\t\t\t\t\t<div class=\"box\">\n\t\t\t\t\t\t\t\t\t\t\t\t\t\t\n\t<lazy-media-inline inline-template>\n\t\t<figure itemscope itemtype=\"http:\/\/schema.org\/ImageObject\" class=\"lazy-media-inline \" role=\"group\" id=\"media_69f2147d51fd8\" aria-labelledby=\"desc_media_69f2147d51fd8\">\n\t\t\t<script type=\"application\/json\" ref=\"data\">\n\t\t\t\t{\n\t\t\t\t\"sizes\" : {\"medium\":{\"file\":\"image-2024-8-14_16-33-31-4-300x199.jpg\",\"width\":300,\"height\":199,\"mime-type\":\"image\\\/jpeg\",\"filesize\":20268},\"thumbnail\":{\"file\":\"image-2024-8-14_16-33-31-4-150x150.jpg\",\"width\":150,\"height\":150,\"mime-type\":\"image\\\/jpeg\",\"filesize\":9507},\"medium_large\":{\"file\":\"image-2024-8-14_16-33-31-4-768x509.jpg\",\"width\":768,\"height\":509,\"mime-type\":\"image\\\/jpeg\",\"filesize\":91158},\"small\":{\"file\":\"image-2024-8-14_16-33-31-4-440x291.jpg\",\"width\":440,\"height\":291,\"mime-type\":\"image\\\/jpeg\",\"filesize\":37749},\"semi\":{\"file\":\"image-2024-8-14_16-33-31-4-580x384.jpg\",\"width\":580,\"height\":384,\"mime-type\":\"image\\\/jpeg\",\"filesize\":58168},\"mobile\":{\"file\":\"image-2024-8-14_16-33-31-4-720x477.jpg\",\"width\":720,\"height\":477,\"mime-type\":\"image\\\/jpeg\",\"filesize\":81525},\"original\":{\"file\":\"image-2024-8-14_16-33-31-4.jpg\",\"width\":1024,\"height\":678}},\n\t\t\t\t\"alt\" : \"Group of people on stairs, joyfully raising their hands and smiling in an urban setting.\",\n\t\t\t\t\"path\" : \"\\\/wp-content\\\/uploads\\\/2024\\\/02\\\/\",\n\t\t\t\t\"video\" : null,\n\t\t\t\t\"autoplay\" : null,\n\t\t\t\t\"youtube\" : null,\n\t\t\t\t\"youtubelabel\" : \"Play video\",\n\t\t\t\t\"brightness\" : 100,\n\t\t\t\t\"crop\" : null,\n\t\t\t\t\"background\" : true,\n\t\t\t\t\"scale\" : 2\t\t\t\t}\n\t\t\t<\/script>\n\n\t\t\t<div class=\"height-container\" style=\"padding-bottom:66.2109375%;\" v-if=\"sizes\">\n\t\t\t\t\t\t\t\t<lazy-media :inline=\"true\" :alt=\"alt\" :sizes=\"sizes\" :scale=\"scale\" :brightness=\"brightness\" :path=\"path\" :video=\"video\" :autoplay=\"autoplay\" :youtube=\"youtube\" :crop=\"crop\" :youtubelabel=\"youtubelabel\" :background=\"background\" media-id=\"desc_media_69f2147d51fd8\"><\/lazy-media>\n\t\t\t\t\t\t\t<\/div>\n\n\t\t\t\t\t\t\t<figcaption class=\"\" id=\"desc_media_69f2147d51fd8\">\n\t\t\t\t\t<div class=\"lazy-media-info-body-content\">\n\t\t\t\t\t\t\t\t\t\t\t\t\t<div>QuerChorallen <\/div>\n\t\t\t\t\t\t\t\t\t\t\t\t\t\t\t\t\t\t\t\t\t\t\t\t\t<div class=\"insignificant\">\u00a9 QuerChorallen <\/div>\n\t\t\t\t\t\t\t\t\t\t\t<\/div>\n\t\t\t\t<\/figcaption>\n\t\t\t\t\t\t\t\t\t<\/figure>\n\t<\/lazy-media-inline>\n\t\t\t\t\t\t\t\t\t\t\t\t\t<\/div>\n\t\t\t\t\t\t\t\t\t\t\t\t<\/div>\n\t\t\t\t\t\t\t\t\t\t\t<\/div>\n\n\t\t\t\t\t\t\t\t\t\t\t\t\t\t\t\t\t\t\t\t\t<\/div>\n\t\t\t\t\t\t\t\t\t<\/div>\n\t\t\t\t\t\t\t\t<\/div>\n\t\t\t\t\t\t\t\t<\/block-accordion-item>\n\t\t\t\t\t\t\t\t\t\t\t\t\t\t<block-accordion-item inline-template item-headline=\"Liedertafel Bianca Castafiore\">\n\t\t\t\t\t\t\t\t<div ref=\"item\" data-id=\"LiedertafelBiancaCastafiore\" class=\"block-accordion-item active vue-initialize\" aria-expanded=\"true\" :aria-expanded=\"active ? 'true' : 'false'\">\n\t\t\t\t\t\t\t\t\t<button class=\"accordion-button-with-icon block-accordion-item-head\" :class=\"{'button-active': active}\" ref=\"head\" aria-controls=\"acc_69f2147d521bc\" id=\"acc_title_69f2147d521be\" @click=\"toggle\" @keydown=\"key\">\n\t\t\t\t\t\t\t\t\t<div><span class=\"button-label\">Liedertafel Bianca Castafiore<\/span><\/div><span class=\"button-icon icon-plus\" aria-hidden=\"true\"><\/span>\n\t\t\t\t\t\t\t\t<\/button>\n\t\t\t\t\t\t\t\t\t<div ref=\"body\" class=\"block-accordion-item-content\" id=\"acc_69f2147d521bc\" role=\"region\">\n\t\t\t\t\t\t\t\t\t\t<div class=\"wrapper copy\">\n\t\t\t\t\t\t\t\t\t\t\t<p>The Liedertafel Bianca Castafiore is a four-part a cappella ensemble under the direction of Eddi Kroll. It is named after the busty diva of the same name from the comic series \u2018Tintin and Snowy\u2019 by Belgian illustrator Herg\u00e9. The choir sings songs that are first selected in a grassroots democratic selection process and then arranged by the choirmaster. Under his direction, the choir has become so emancipated that it is no longer conducted and no longer needs sheet music. The choir now sings its songs itself. Liedertafel Bianca Castafiore loves \u2018fluffy\u2019, exciting harmonies, lively rhythms, catchy choreography and colourful costumes in the style of the 1960s. With a broad, always German repertoire of 1970s hits, songs by \u2018Wir sind Helden\u2019, Peter Fox, Manfred Krug, Roland Kaiser and Dionne Warwick, the Liedertafel cultivates the beauty and deeper layers of popular songs.<\/p>\n<p>&nbsp;<\/p>\n\n\t\t\t\t\t\t\t\t\t\t\t\t\t\t\t\t\t\t\t\t\t\t\t\t\t\t\t\t\t\t\t\t\t\n\t\t\t\t\t\t\t\t\t\t\t<div class=\"row\">\n\t\t\t\t\t\t\t\t\t\t\t\t<div class=\"col-xs-9 col-md-9\">\n\t\t\t\t\t\t\t\t\t\t\t\t\t<div class=\"box\">\n\t\t\t\t\t\t\t\t\t\t\t\t\t\t\n\t<lazy-media-inline inline-template>\n\t\t<figure itemscope itemtype=\"http:\/\/schema.org\/ImageObject\" class=\"lazy-media-inline \" role=\"group\" id=\"media_69f2147d52622\" aria-labelledby=\"desc_media_69f2147d52622\">\n\t\t\t<script type=\"application\/json\" ref=\"data\">\n\t\t\t\t{\n\t\t\t\t\"sizes\" : {\"medium\":{\"file\":\"SHF_eb00229848-300x225.jpg\",\"width\":300,\"height\":225,\"mime-type\":\"image\\\/jpeg\",\"filesize\":25889},\"large\":{\"file\":\"SHF_eb00229848-1024x768.jpg\",\"width\":1024,\"height\":768,\"mime-type\":\"image\\\/jpeg\",\"filesize\":216499},\"thumbnail\":{\"file\":\"SHF_eb00229848-150x150.jpg\",\"width\":150,\"height\":150,\"mime-type\":\"image\\\/jpeg\",\"filesize\":9908},\"medium_large\":{\"file\":\"SHF_eb00229848-768x576.jpg\",\"width\":768,\"height\":576,\"mime-type\":\"image\\\/jpeg\",\"filesize\":131928},\"small\":{\"file\":\"SHF_eb00229848-440x330.jpg\",\"width\":440,\"height\":330,\"mime-type\":\"image\\\/jpeg\",\"filesize\":50387},\"semi\":{\"file\":\"SHF_eb00229848-580x435.jpg\",\"width\":580,\"height\":435,\"mime-type\":\"image\\\/jpeg\",\"filesize\":82222},\"mobile\":{\"file\":\"SHF_eb00229848-720x540.jpg\",\"width\":720,\"height\":540,\"mime-type\":\"image\\\/jpeg\",\"filesize\":118529},\"hd\":{\"file\":\"SHF_eb00229848-1280x960.jpg\",\"width\":1280,\"height\":960,\"mime-type\":\"image\\\/jpeg\",\"filesize\":314118},\"full\":{\"file\":\"SHF_eb00229848-1920x1440.jpg\",\"width\":1920,\"height\":1440,\"mime-type\":\"image\\\/jpeg\",\"filesize\":606026},\"1536x1536\":{\"file\":\"SHF_eb00229848-1536x1152.jpg\",\"width\":1536,\"height\":1152,\"mime-type\":\"image\\\/jpeg\",\"filesize\":423055},\"2048x2048\":{\"file\":\"SHF_eb00229848-2048x1536.jpg\",\"width\":2048,\"height\":1536,\"mime-type\":\"image\\\/jpeg\",\"filesize\":671497},\"original\":{\"file\":\"SHF_eb00229848.jpg\",\"width\":2328,\"height\":1746}},\n\t\t\t\t\"alt\" : \"A group of people in colorful outfits sits around a table in an artistic, green courtyard.\",\n\t\t\t\t\"path\" : \"\\\/wp-content\\\/uploads\\\/2024\\\/02\\\/\",\n\t\t\t\t\"video\" : null,\n\t\t\t\t\"autoplay\" : null,\n\t\t\t\t\"youtube\" : null,\n\t\t\t\t\"youtubelabel\" : \"Play video\",\n\t\t\t\t\"brightness\" : 100,\n\t\t\t\t\"crop\" : null,\n\t\t\t\t\"background\" : true,\n\t\t\t\t\"scale\" : 2\t\t\t\t}\n\t\t\t<\/script>\n\n\t\t\t<div class=\"height-container\" style=\"padding-bottom:75%;\" v-if=\"sizes\">\n\t\t\t\t\t\t\t\t<lazy-media :inline=\"true\" :alt=\"alt\" :sizes=\"sizes\" :scale=\"scale\" :brightness=\"brightness\" :path=\"path\" :video=\"video\" :autoplay=\"autoplay\" :youtube=\"youtube\" :crop=\"crop\" :youtubelabel=\"youtubelabel\" :background=\"background\" media-id=\"desc_media_69f2147d52622\"><\/lazy-media>\n\t\t\t\t\t\t\t<\/div>\n\n\t\t\t\t\t\t\t<figcaption class=\"\" id=\"desc_media_69f2147d52622\">\n\t\t\t\t\t<div class=\"lazy-media-info-body-content\">\n\t\t\t\t\t\t\t\t\t\t\t\t\t<div>Liedertafel<\/div>\n\t\t\t\t\t\t\t\t\t\t\t\t\t\t\t\t\t\t\t\t\t\t\t\t\t<div class=\"insignificant\">\u00a9 Olaf Kripke<\/div>\n\t\t\t\t\t\t\t\t\t\t\t<\/div>\n\t\t\t\t<\/figcaption>\n\t\t\t\t\t\t\t\t\t<\/figure>\n\t<\/lazy-media-inline>\n\t\t\t\t\t\t\t\t\t\t\t\t\t<\/div>\n\t\t\t\t\t\t\t\t\t\t\t\t<\/div>\n\t\t\t\t\t\t\t\t\t\t\t<\/div>\n\n\t\t\t\t\t\t\t\t\t\t\t\t\t\t\t\t\t\t\t\t\t<\/div>\n\t\t\t\t\t\t\t\t\t<\/div>\n\t\t\t\t\t\t\t\t<\/div>\n\t\t\t\t\t\t\t\t<\/block-accordion-item>\n\t\t\t\t\t\t\t\t\t\t\t\t\t\t<block-accordion-item inline-template item-headline=\"Fugatonale\">\n\t\t\t\t\t\t\t\t<div ref=\"item\" data-id=\"Fugatonale\" class=\"block-accordion-item active vue-initialize\" aria-expanded=\"true\" :aria-expanded=\"active ? 'true' : 'false'\">\n\t\t\t\t\t\t\t\t\t<button class=\"accordion-button-with-icon block-accordion-item-head\" :class=\"{'button-active': active}\" ref=\"head\" aria-controls=\"acc_69f2147d527fe\" id=\"acc_title_69f2147d527ff\" @click=\"toggle\" @keydown=\"key\">\n\t\t\t\t\t\t\t\t\t<div><span class=\"button-label\">Fugatonale<\/span><\/div><span class=\"button-icon icon-plus\" aria-hidden=\"true\"><\/span>\n\t\t\t\t\t\t\t\t<\/button>\n\t\t\t\t\t\t\t\t\t<div ref=\"body\" class=\"block-accordion-item-content\" id=\"acc_69f2147d527fe\" role=\"region\">\n\t\t\t\t\t\t\t\t\t\t<div class=\"wrapper copy\">\n\t\t\t\t\t\t\t\t\t\t\t<p>Founded in 2009 by Franziska G\u00fcnther, the vocal ensemble Fugatonale is dedicated to challenging choral literature and usually performs without a conductor. Fugatonale&#8217;s repertoire includes works from many eras as well as world premieres. The choir develops conceptual programmes for its performances in order to make unusual contexts audible to the audience. This is also the explicit aim of the programme that the choir is preparing for its performance at the Humboldt Forum. Early music is a particular focus of the choir&#8217;s work. A cappella fuga music-making in the sense of old and new polyphonic music plays just as much a role as the organisation of homophonic music from different centuries or contemporary atonal music, which is also reflected in the name of the ensemble. The choir&#8217;s repertoire includes a wide range of international music, which also reflects the choir&#8217;s multinational identity.<\/p>\n<p><a href=\"http:\/\/www.fugatonale.com\/\">Website<\/a><\/p>\n<p><a href=\"https:\/\/www.youtube.com\/@fugatonale\">Youtube<\/a><\/p>\n<p><a href=\"https:\/\/www.facebook.com\/EnsembleFugatonale\">Facebook<\/a><\/p>\n<p><a href=\"https:\/\/www.instagram.com\/fugatonale\/\">Instagram<\/a><\/p>\n\n\t\t\t\t\t\t\t\t\t\t\t\t\t\t\t\t\t\t\t\t\t\t\t\t\t\t\t\t\t\t\t\t\t\n\t\t\t\t\t\t\t\t\t\t\t<div class=\"row\">\n\t\t\t\t\t\t\t\t\t\t\t\t<div class=\"col-xs-9 col-md-9\">\n\t\t\t\t\t\t\t\t\t\t\t\t\t<div class=\"box\">\n\t\t\t\t\t\t\t\t\t\t\t\t\t\t\n\t<lazy-media-inline inline-template>\n\t\t<figure itemscope itemtype=\"http:\/\/schema.org\/ImageObject\" class=\"lazy-media-inline \" role=\"group\" id=\"media_69f2147d52be3\" aria-labelledby=\"desc_media_69f2147d52be3\">\n\t\t\t<script type=\"application\/json\" ref=\"data\">\n\t\t\t\t{\n\t\t\t\t\"sizes\" : {\"medium\":{\"file\":\"SHF_eb00229850_-300x200.jpg\",\"width\":300,\"height\":200,\"mime-type\":\"image\\\/jpeg\",\"filesize\":19008},\"large\":{\"file\":\"SHF_eb00229850_-1024x683.jpg\",\"width\":1024,\"height\":683,\"mime-type\":\"image\\\/jpeg\",\"filesize\":161528},\"thumbnail\":{\"file\":\"SHF_eb00229850_-150x150.jpg\",\"width\":150,\"height\":150,\"mime-type\":\"image\\\/jpeg\",\"filesize\":8490},\"medium_large\":{\"file\":\"SHF_eb00229850_-768x512.jpg\",\"width\":768,\"height\":512,\"mime-type\":\"image\\\/jpeg\",\"filesize\":96481},\"small\":{\"file\":\"SHF_eb00229850_-440x293.jpg\",\"width\":440,\"height\":293,\"mime-type\":\"image\\\/jpeg\",\"filesize\":36666},\"semi\":{\"file\":\"SHF_eb00229850_-580x387.jpg\",\"width\":580,\"height\":387,\"mime-type\":\"image\\\/jpeg\",\"filesize\":60269},\"mobile\":{\"file\":\"SHF_eb00229850_-720x480.jpg\",\"width\":720,\"height\":480,\"mime-type\":\"image\\\/jpeg\",\"filesize\":86412},\"hd\":{\"file\":\"SHF_eb00229850_-1280x853.jpg\",\"width\":1280,\"height\":853,\"mime-type\":\"image\\\/jpeg\",\"filesize\":237797},\"full\":{\"file\":\"SHF_eb00229850_-1920x1280.jpg\",\"width\":1920,\"height\":1280,\"mime-type\":\"image\\\/jpeg\",\"filesize\":471819},\"1536x1536\":{\"file\":\"SHF_eb00229850_-1536x1024.jpg\",\"width\":1536,\"height\":1024,\"mime-type\":\"image\\\/jpeg\",\"filesize\":323978},\"2048x2048\":{\"file\":\"SHF_eb00229850_-2048x1365.jpg\",\"width\":2048,\"height\":1365,\"mime-type\":\"image\\\/jpeg\",\"filesize\":526558},\"original\":{\"file\":\"SHF_eb00229850_.jpg\",\"width\":3000,\"height\":2000}},\n\t\t\t\t\"alt\" : \"Group of 15 people in green clothing, posing under classic columns in a garden.\",\n\t\t\t\t\"path\" : \"\\\/wp-content\\\/uploads\\\/2024\\\/02\\\/\",\n\t\t\t\t\"video\" : null,\n\t\t\t\t\"autoplay\" : null,\n\t\t\t\t\"youtube\" : null,\n\t\t\t\t\"youtubelabel\" : \"Play video\",\n\t\t\t\t\"brightness\" : 100,\n\t\t\t\t\"crop\" : null,\n\t\t\t\t\"background\" : true,\n\t\t\t\t\"scale\" : 2\t\t\t\t}\n\t\t\t<\/script>\n\n\t\t\t<div class=\"height-container\" style=\"padding-bottom:66.666666666667%;\" v-if=\"sizes\">\n\t\t\t\t\t\t\t\t<lazy-media :inline=\"true\" :alt=\"alt\" :sizes=\"sizes\" :scale=\"scale\" :brightness=\"brightness\" :path=\"path\" :video=\"video\" :autoplay=\"autoplay\" :youtube=\"youtube\" :crop=\"crop\" :youtubelabel=\"youtubelabel\" :background=\"background\" media-id=\"desc_media_69f2147d52be3\"><\/lazy-media>\n\t\t\t\t\t\t\t<\/div>\n\n\t\t\t\t\t\t\t<figcaption class=\"\" id=\"desc_media_69f2147d52be3\">\n\t\t\t\t\t<div class=\"lazy-media-info-body-content\">\n\t\t\t\t\t\t\t\t\t\t\t\t\t<div>Fugatonale<\/div>\n\t\t\t\t\t\t\t\t\t\t\t\t\t\t\t\t\t\t\t\t\t\t\t\t\t<div class=\"insignificant\">\u00a9 Fugatonale<\/div>\n\t\t\t\t\t\t\t\t\t\t\t<\/div>\n\t\t\t\t<\/figcaption>\n\t\t\t\t\t\t\t\t\t<\/figure>\n\t<\/lazy-media-inline>\n\t\t\t\t\t\t\t\t\t\t\t\t\t<\/div>\n\t\t\t\t\t\t\t\t\t\t\t\t<\/div>\n\t\t\t\t\t\t\t\t\t\t\t<\/div>\n\n\t\t\t\t\t\t\t\t\t\t\t\t\t\t\t\t\t\t\t\t\t<\/div>\n\t\t\t\t\t\t\t\t\t<\/div>\n\t\t\t\t\t\t\t\t<\/div>\n\t\t\t\t\t\t\t\t<\/block-accordion-item>\n\t\t\t\t\t\t\t\t\t\t\t\t\t\t<block-accordion-item inline-template item-headline=\"Intergenerational choir Fr\u00f6Si\">\n\t\t\t\t\t\t\t\t<div ref=\"item\" data-id=\"IntergenerationalchoirFrSi\" class=\"block-accordion-item active vue-initialize\" aria-expanded=\"true\" :aria-expanded=\"active ? 'true' : 'false'\">\n\t\t\t\t\t\t\t\t\t<button class=\"accordion-button-with-icon block-accordion-item-head\" :class=\"{'button-active': active}\" ref=\"head\" aria-controls=\"acc_69f2147d52dc1\" id=\"acc_title_69f2147d52dc2\" @click=\"toggle\" @keydown=\"key\">\n\t\t\t\t\t\t\t\t\t<div><span class=\"button-label\">Intergenerational choir Fr\u00f6Si<\/span><\/div><span class=\"button-icon icon-plus\" aria-hidden=\"true\"><\/span>\n\t\t\t\t\t\t\t\t<\/button>\n\t\t\t\t\t\t\t\t\t<div ref=\"body\" class=\"block-accordion-item-content\" id=\"acc_69f2147d52dc1\" role=\"region\">\n\t\t\t\t\t\t\t\t\t\t<div class=\"wrapper copy\">\n\t\t\t\t\t\t\t\t\t\t\t<p>The Fr\u00f6Si intergenerational choir was founded in Berlin-Lichtenberg in 2016 and initially consisted of just three participants. Today, the choir is part of the leisure activities offered by the \u2018RoBertO\u2019 meeting centre run by RBO-Inmitten gGmbH and brings together around 40 people aged between 9 and 85 with and without disabilities to sing together. They sing a colourful mix of German-language hits and international classics translated into German. Neither origin nor age or singing ability are important for participation in the Fr\u00f6Si intergenerational choir. What counts is the joy of singing together. Led with great commitment by Sebastian Sellheim with the support of J\u00f6rg Hempel, the Fr\u00f6Si generation choir puts a smile on the faces of audiences, now on ever larger stages. The Fr\u00f6Si generation choir wants to set a musical example for inclusion and cultural participation in Berlin-Lichtenberg and beyond.<\/p>\n<p><a href=\"https:\/\/www.instagram.com\/rbo_inmitten?igsh=MW03djNzbmt3ZDQ2aA==\">Instagram<\/a><\/p>\n<p><a href=\"https:\/\/www.youtube.com\/watch?v=NMmfODVunKA ab 44:30\">Youtube<\/a><\/p>\n<p>&nbsp;<\/p>\n\n\t\t\t\t\t\t\t\t\t\t\t\t\t\t\t\t\t\t\t\t\t\t\t\t\t\t\t\t\t\t\t\t\t\n\t\t\t\t\t\t\t\t\t\t\t<div class=\"row\">\n\t\t\t\t\t\t\t\t\t\t\t\t<div class=\"col-xs-9 col-md-9\">\n\t\t\t\t\t\t\t\t\t\t\t\t\t<div class=\"box\">\n\t\t\t\t\t\t\t\t\t\t\t\t\t\t\n\t<lazy-media-inline inline-template>\n\t\t<figure itemscope itemtype=\"http:\/\/schema.org\/ImageObject\" class=\"lazy-media-inline \" role=\"group\" id=\"media_69f2147d532bc\" aria-labelledby=\"desc_media_69f2147d532bc\">\n\t\t\t<script type=\"application\/json\" ref=\"data\">\n\t\t\t\t{\n\t\t\t\t\"sizes\" : {\"medium\":{\"file\":\"SHF_eb00229853-300x200.jpg\",\"width\":300,\"height\":200,\"mime-type\":\"image\\\/jpeg\",\"filesize\":15048},\"large\":{\"file\":\"SHF_eb00229853-1024x682.jpg\",\"width\":1024,\"height\":682,\"mime-type\":\"image\\\/jpeg\",\"filesize\":89851},\"thumbnail\":{\"file\":\"SHF_eb00229853-150x150.jpg\",\"width\":150,\"height\":150,\"mime-type\":\"image\\\/jpeg\",\"filesize\":7572},\"medium_large\":{\"file\":\"SHF_eb00229853-768x512.jpg\",\"width\":768,\"height\":512,\"mime-type\":\"image\\\/jpeg\",\"filesize\":58805},\"small\":{\"file\":\"SHF_eb00229853-440x293.jpg\",\"width\":440,\"height\":293,\"mime-type\":\"image\\\/jpeg\",\"filesize\":26415},\"semi\":{\"file\":\"SHF_eb00229853-580x387.jpg\",\"width\":580,\"height\":387,\"mime-type\":\"image\\\/jpeg\",\"filesize\":39882},\"mobile\":{\"file\":\"SHF_eb00229853-720x480.jpg\",\"width\":720,\"height\":480,\"mime-type\":\"image\\\/jpeg\",\"filesize\":53656},\"hd\":{\"file\":\"SHF_eb00229853-1280x853.jpg\",\"width\":1280,\"height\":853,\"mime-type\":\"image\\\/jpeg\",\"filesize\":124286},\"original\":{\"file\":\"SHF_eb00229853.jpg\",\"width\":1400,\"height\":933}},\n\t\t\t\t\"alt\" : \"A group of people sits in a room, attentively looking forward while holding documents in their hands.\",\n\t\t\t\t\"path\" : \"\\\/wp-content\\\/uploads\\\/2024\\\/02\\\/\",\n\t\t\t\t\"video\" : null,\n\t\t\t\t\"autoplay\" : null,\n\t\t\t\t\"youtube\" : null,\n\t\t\t\t\"youtubelabel\" : \"Play video\",\n\t\t\t\t\"brightness\" : 100,\n\t\t\t\t\"crop\" : null,\n\t\t\t\t\"background\" : true,\n\t\t\t\t\"scale\" : 2\t\t\t\t}\n\t\t\t<\/script>\n\n\t\t\t<div class=\"height-container\" style=\"padding-bottom:66.642857142857%;\" v-if=\"sizes\">\n\t\t\t\t\t\t\t\t<lazy-media :inline=\"true\" :alt=\"alt\" :sizes=\"sizes\" :scale=\"scale\" :brightness=\"brightness\" :path=\"path\" :video=\"video\" :autoplay=\"autoplay\" :youtube=\"youtube\" :crop=\"crop\" :youtubelabel=\"youtubelabel\" :background=\"background\" media-id=\"desc_media_69f2147d532bc\"><\/lazy-media>\n\t\t\t\t\t\t\t<\/div>\n\n\t\t\t\t\t\t\t<figcaption class=\"\" id=\"desc_media_69f2147d532bc\">\n\t\t\t\t\t<div class=\"lazy-media-info-body-content\">\n\t\t\t\t\t\t\t\t\t\t\t\t\t<div>Fr&ouml;Si<\/div>\n\t\t\t\t\t\t\t\t\t\t\t\t\t\t\t\t\t\t\t\t\t\t\t\t\t<div class=\"insignificant\">\u00a9 RBO Inmitten, Photo: Ksenia Porechina<\/div>\n\t\t\t\t\t\t\t\t\t\t\t<\/div>\n\t\t\t\t<\/figcaption>\n\t\t\t\t\t\t\t\t\t<\/figure>\n\t<\/lazy-media-inline>\n\t\t\t\t\t\t\t\t\t\t\t\t\t<\/div>\n\t\t\t\t\t\t\t\t\t\t\t\t<\/div>\n\t\t\t\t\t\t\t\t\t\t\t<\/div>\n\n\t\t\t\t\t\t\t\t\t\t\t\t\t\t\t\t\t\t\t\t\t<\/div>\n\t\t\t\t\t\t\t\t\t<\/div>\n\t\t\t\t\t\t\t\t<\/div>\n\t\t\t\t\t\t\t\t<\/block-accordion-item>\n\t\t\t\t\t\t\t\t\t\t\t\t\t<\/div>\n\t\t\t\t\t\t<\/block-accordion>\n\t\t\t\t\t\t\t\t\t<\/div>\n\t\t\t<\/div>\n\t\t<\/div>\n\t<\/div>\n<\/section>\n\n\n<section class=\"block block-header\" >\n\t<block-header inline-template>\n\t\t<figure role=\"group\" aria-labelledby=\"desc_m_69f2147d53726\">\n\n\t\t\t<script type=\"application\/json\" ref=\"data\">\n\t\t\t\t{\n\t\t\t\t\"sizes_d\" : {\"medium\":{\"file\":\"SHF_eb00235694-300x200.jpg\",\"width\":300,\"height\":200,\"mime-type\":\"image\\\/jpeg\",\"filesize\":19942},\"large\":{\"file\":\"SHF_eb00235694-1024x682.jpg\",\"width\":1024,\"height\":682,\"mime-type\":\"image\\\/jpeg\",\"filesize\":112506},\"thumbnail\":{\"file\":\"SHF_eb00235694-150x150.jpg\",\"width\":150,\"height\":150,\"mime-type\":\"image\\\/jpeg\",\"filesize\":9114},\"medium_large\":{\"file\":\"SHF_eb00235694-768x512.jpg\",\"width\":768,\"height\":512,\"mime-type\":\"image\\\/jpeg\",\"filesize\":76563},\"small\":{\"file\":\"SHF_eb00235694-440x293.jpg\",\"width\":440,\"height\":293,\"mime-type\":\"image\\\/jpeg\",\"filesize\":34991},\"semi\":{\"file\":\"SHF_eb00235694-580x387.jpg\",\"width\":580,\"height\":387,\"mime-type\":\"image\\\/jpeg\",\"filesize\":52388},\"mobile\":{\"file\":\"SHF_eb00235694-720x480.jpg\",\"width\":720,\"height\":480,\"mime-type\":\"image\\\/jpeg\",\"filesize\":69737},\"original\":{\"file\":\"SHF_eb00235694.jpg\",\"width\":1280,\"height\":853}},\n\t\t\t\t\"alt_d\" : \"Choir with women in traditional dresses singing, led by a conductor, in a bright room.\",\n\t\t\t\t\"path_d\" : \"\\\/wp-content\\\/uploads\\\/2024\\\/12\\\/\",\n\t\t\t\t\"autoplay_d\" : null,\n\t\t\t\t\"crop_d\" : null,\n\t\t\t\t\"background_d\" : true,\n\t\t\t\t\"scale_d\" : 1,\n\n\t\t\t\t\"sizes_m\" : [],\n\t\t\t\t\"alt_m\" : null,\n\t\t\t\t\"path_m\" : null,\n\t\t\t\t\"autoplay_m\" : null,\n\t\t\t\t\"crop_m\" : null,\n\t\t\t\t\"background_m\" : true,\n\t\t\t\t\"scale_m\" : 1,\n\n\t\t\t\t\"has_mobile_format\" : false,\n\t\t\t\t\"has_ad\" : false,\n\t\t\t\t\"audio_description_yt\" : null\t\t\t\t}\n\t\t\t<\/script>\n\t\t\t<div class=\"height-container\" style=\"padding-bottom:66.640625%;\" v-if=\"sizes\" data-motion-parallax='{\"child\":\".image-wrapper\",\"mask\":\".lazy-media\",\"tween\":{\"yPercent\": [-15,15]}}'>\n\t\t\t\t<lazy-media :inline=\"true\" :scale=\"scale\" :alt=\"alt\" :sizes=\"sizes\" :brightness=\"brightness\" :path=\"path\" :video=\"video\" :autoplay=\"autoplay\" :youtube=\"youtube\" :crop=\"crop\" :youtubelabel=\"youtubelabel\" :background=\"background\" media-id=\"desc_m_69f2147d53726\"><\/lazy-media>\n\t\t\t\t<button class=\"autoplay-audio-description-btn icon-background icon-audio-describtions\" @click=\"audioDescriptionPlay\" v-if=\"hasAudioDescription\" aria-label=\"Audiodeskription aufrufen\"><\/button>\n\t\t\t<\/div>\n\t\t\t\t\t\t<div class=\"lazy-media-info-container-fluid\">\n\t\t\t\t<div class=\"lazy-media-info-row end-xs\">\n\t\t\t\t\t<div class=\"lazy-media-info-col\">\n\t\t\t\t\t\t<div class=\"lazy-media-info\" aria-expanded=\"false\" :aria-expanded=\"isOpen ? 'true' : 'false'\">\n\t\t\t\t\t\t\t<button class=\"lazy-media-info-head button-tiny insignificant\" :class=\"{'button-active': isOpen}\" @click=\"toggle\" ref=\"head\"><span class=\"button-label insignificant\">Image info<\/span><\/button>\n\t\t\t\t\t\t\t<figcaption class=\"lazy-media-info-body\" ref=\"body\" id=\"desc_m_69f2147d53726\">\n\t\t\t\t\t\t\t\t<div class=\"lazy-media-info-body-content\">\n\t\t\t\t\t\t\t\t\t<div>Chinesischer Akademikerchor at &quot;Diversity of Voices II&quot;<\/div>\t\t\t\t\t\t\t\t\t\t\t\t\t\t\t\t\t\t<div class=\"insignificant\">\u00a9 Stiftung Humboldt Forum im Berliner Schloss, Foto: Stefanie Loos<\/div>\t\t\t\t\t\t\t\t<\/div>\n\t\t\t\t\t\t\t<\/figcaption>\n\t\t\t\t\t\t\t<div class=\"lazy-media-info-head-border\"><\/div>\n\t\t\t\t\t\t<\/div>\n\t\t\t\t\t<\/div>\n\t\t\t\t<\/div>\n\t\t\t<\/div>\n\t\t\t\t\t<\/figure>\n\t<\/block-header>\n<\/section>\n\n<section class=\"block block-copy block-no-margin\" >\n    <div class=\"container-fluid\">\n\t\t<div class=\"row \">\n            <div class=\"col-xs-12 col-md-offset-2 col-md-8\">\n                <div class=\"box\">\n                    <div class=\"copy\"><p><strong>The rights to the three community songs are held by:<\/strong><\/p>\n<p><strong>Albatros:<br \/>\n<\/strong>K: SWILLMS, ULRICH<br \/>\nT: KAISER, NORBERT<br \/>\n\u00a9 HARTH MV PRO MUSICA MV EDITION c\/o ROBA MUSIC VERLAG GMBH<br \/>\nNewly arranged for VIELSTIMMIG 2024 by Anna-Lena Bolz<\/p>\n<p><strong>Paradiesv\u00f6gel:<br \/>\n<\/strong>Text: Gerhard Gundermann, Tamara Danz<br \/>\nMusic: R\u00fcdiger Barton, Tamara Danz<br \/>\n\u00a9 Musik Edition Discoton GmbH<br \/>\nNewly arranged for VIELSTIMMIG 2024 by Winnie Br\u00fcckner<\/p>\n<p><strong>Sonderzug nach Pankow<br \/>\n<\/strong>-Harry Warren, Mack Gordon-<br \/>\n\u00a9 EMI Feist Catalog Inc. \/ WC Music Corp<br \/>\nWith kind permission of EMI Partnership Musikverlag GmbH<br \/>\nNewly arranged for VIELSTIMMIG 2024 by Lena Sundermeyer<\/p>\n<p>&nbsp;<\/p>\n<p>&nbsp;<\/p>\n<\/div>\n                <\/div>\n            <\/div>\n\t\t<\/div>\n\t\t    <\/div>\n<\/section>\n\n<section class=\"block block-copy block-no-margin\" >\n    <div class=\"container-fluid\">\n\t\t<div class=\"row \">\n            <div class=\"col-xs-12 col-md-offset-2 col-md-8\">\n                <div class=\"box\">\n                    <div class=\"copy\"><p><strong>A co-operation with the Chorverband Berlin<\/strong><\/p>\n<p>The Chorverband Berlin e.V. is the largest amateur music organization in the capital and the most important forum for Berlin&#8217;s amateur choir scene.<\/p>\n<p>With its diverse activities as a professional association, organizer and sponsor, it provides intensive basic, popular and youth work and creates the necessary conditions for top performances from its own ranks.<\/p>\n<p>&nbsp;<\/p>\n<\/div>\n                <\/div>\n            <\/div>\n\t\t<\/div>\n\t\t    <\/div>\n<\/section>\n\n<section class=\"block block-logos\" >\n    <div class=\"container-fluid\">\n\t\t<div class=\"row\">\n\t\t\t<div class=\"col-xs-12 col-sm-8 col-sm-offset-2\">\n\t\t\t\t<div class=\"box\">\n\t\t\t\t\t<div class=\"row  middle-xs\">\n\t\t\t\t\t\t\n\t\t\t\t\t\t<div class=\"col-xs-4 col-sm-3 col-sm-2\">\n\t\t\t\t\t\t\t<div class=\"box margin-sixth-top\">\n\t\t\t\t\t\t\t\t<img decoding=\"async\" alt=\"Chorverband Berlin\" src=\"https:\/\/www.humboldtforum.org\/wp-content\/uploads\/2022\/12\/SHF_eb00170043.jpg\" style=\"display: inline-block; width: 100%\" \/>\n\t\t\t\t\t\t\t<\/div>\n\t\t\t\t\t\t<\/div>\n\t\t\t\t\t\t\t\t\t\t\t<\/div>\n\t\t\t\t<\/div>\n\t\t\t<\/div>\n        <\/div>\n    <\/div>\n<\/section>\n\n\n<section class=\"block block-CTA block-CTA-long leftgradient\">\n\t<div class=\"container-fluid\">\n\t\t<div class=\"row center-xs\">\n\t\t\t<div class=\"col-xs-12\">\n\t\t\t\t<div class=\"box\">\n\t\t\t\t\t<a href=\"https:\/\/www.humboldtforum.org\/en\/newsletter-2\/\" aria-label=\"Stay up to date.\" class=\"teaser teaser-cta-wide \">\n\t\t\t\t\t\t<div class=\"teaser-image\">\n\t\t\t\t\t\t\t\n\t<lazy-media-inline inline-template>\n\t\t<figure itemscope itemtype=\"http:\/\/schema.org\/ImageObject\" class=\"lazy-media-inline \" role=\"group\" id=\"media_69f2147d58cb1\" aria-labelledby=\"desc_media_69f2147d58cb1\">\n\t\t\t<script type=\"application\/json\" ref=\"data\">\n\t\t\t\t{\n\t\t\t\t\"sizes\" : {\"medium\":{\"file\":\"HF_eb00061823-scaled-300x200.jpg\",\"width\":300,\"height\":200,\"mime-type\":\"image\\\/jpeg\",\"filesize\":19186},\"large\":{\"file\":\"HF_eb00061823-scaled-1024x683.jpg\",\"width\":1024,\"height\":683,\"mime-type\":\"image\\\/jpeg\",\"filesize\":138597},\"thumbnail\":{\"file\":\"HF_eb00061823-scaled-150x150.jpg\",\"width\":150,\"height\":150,\"mime-type\":\"image\\\/jpeg\",\"filesize\":8481},\"medium_large\":{\"file\":\"HF_eb00061823-scaled-768x512.jpg\",\"width\":768,\"height\":512,\"mime-type\":\"image\\\/jpeg\",\"filesize\":86200},\"small\":{\"file\":\"HF_eb00061823-scaled-440x293.jpg\",\"width\":440,\"height\":293,\"mime-type\":\"image\\\/jpeg\",\"filesize\":35525},\"semi\":{\"file\":\"HF_eb00061823-scaled-580x387.jpg\",\"width\":580,\"height\":387,\"mime-type\":\"image\\\/jpeg\",\"filesize\":55724},\"mobile\":{\"file\":\"HF_eb00061823-scaled-720x480.jpg\",\"width\":720,\"height\":480,\"mime-type\":\"image\\\/jpeg\",\"filesize\":77971},\"hd\":{\"file\":\"HF_eb00061823-scaled-1280x854.jpg\",\"width\":1280,\"height\":854,\"mime-type\":\"image\\\/jpeg\",\"filesize\":202477},\"full\":{\"file\":\"HF_eb00061823-scaled-1920x1280.jpg\",\"width\":1920,\"height\":1280,\"mime-type\":\"image\\\/jpeg\",\"filesize\":386736},\"1536x1536\":{\"file\":\"HF_eb00061823-scaled-1536x1024.jpg\",\"width\":1536,\"height\":1024,\"mime-type\":\"image\\\/jpeg\",\"filesize\":266197},\"2048x2048\":{\"file\":\"HF_eb00061823-scaled-2048x1366.jpg\",\"width\":2048,\"height\":1366,\"mime-type\":\"image\\\/jpeg\",\"filesize\":430206},\"original\":{\"file\":\"HF_eb00061823-scaled.jpg\",\"width\":2560,\"height\":1707}},\n\t\t\t\t\"alt\" : \"The brightly lit foyer and the Infopoint, DJ booth, the Cosmograph media tower and many visitors milling about\",\n\t\t\t\t\"path\" : \"\\\/wp-content\\\/uploads\\\/2020\\\/04\\\/\",\n\t\t\t\t\"video\" : null,\n\t\t\t\t\"autoplay\" : null,\n\t\t\t\t\"youtube\" : null,\n\t\t\t\t\"youtubelabel\" : \"Play video\",\n\t\t\t\t\"brightness\" : \"70\",\n\t\t\t\t\"crop\" : {\"top\":\"90.17\",\"left\":\"40.27\"},\n\t\t\t\t\"background\" : true,\n\t\t\t\t\"scale\" : 2\t\t\t\t}\n\t\t\t<\/script>\n\n\t\t\t<div class=\"height-container\" style=\"padding-bottom:66.6796875%;\" v-if=\"sizes\">\n\t\t\t\t\t\t\t\t<lazy-media :inline=\"true\" :alt=\"alt\" :sizes=\"sizes\" :scale=\"scale\" :brightness=\"brightness\" :path=\"path\" :video=\"video\" :autoplay=\"autoplay\" :youtube=\"youtube\" :crop=\"crop\" :youtubelabel=\"youtubelabel\" :background=\"background\" media-id=\"desc_media_69f2147d58cb1\"><\/lazy-media>\n\t\t\t\t\t\t\t<\/div>\n\n\t\t\t\t\t\t\t<figcaption class=\"sr-only\" ref=\"body\" id=\"desc_media_69f2147d58cb1\">\n\t\t\t\t\t\t\t\t\t\t\t<div>In the Humboldt Forum&#039;s foyer there is a 17 meter high media tower, called &quot;cosmograph&quot;. It gives visitors comprehensive information about their visit and can transform into an art and light installation.<\/div>\n\t\t\t\t\t\t\t\t\t\t\t\t\t\t\t\t\t\t\t\t\t<div class=\"insignificant\">\u00a9 SHF \/ David von Becker<\/div>\n\t\t\t\t\t\t\t\t\t<\/figcaption>\n\t\t\t\t\t<\/figure>\n\t<\/lazy-media-inline>\n\t\t\t\t\t\t<\/div>\n\t\t\t\t\t\t<div class=\"teaser-content \">\n\t\t\t\t\t\t\t<div>\n\t\t\t\t\t\t\t\t\t\t\t\t\t\t\t\t<div class=\"teaser-header\"><span class=\"h3\">Stay up to date.<\/span><\/div>\n\t\t\t\t\t\t\t\t<div class=\"teaser-subline\"><span class=\"font-decoration\">Subscribe to our newsletter<\/span><\/div>\t\t\t\t\t\t\t\t<button tabindex=\"-1\" class=\"border\">Click here<\/button>\n\t\t\t\t\t\t\t<\/div>\n\t\t\t\t\t\t<\/div>\n\t\t\t\t\t<\/a>\n\t\t\t\t<\/div>\n\t\t\t<\/div>\n\t\t<\/div>\n\t<\/div>\n<\/section>\n","protected":false},"template":"","genre":[569],"digital":[],"topic":[],"stakeholder":[595],"editorial":[],"editorialfilter":[],"targetgroup":[],"language":[],"accessability":[],"age":[],"school":[],"groupsize":[],"place":[597],"class_list":["post-136562","event-period","type-event-period","status-publish","has-post-thumbnail","hentry","genre-concert","stakeholder-stiftung-humboldt-forum-im-berliner-schloss-en","place-humboldt-forum-en"],"acf":[],"_links":{"self":[{"href":"https:\/\/www.humboldtforum.org\/en\/wp-json\/wp\/v2\/event-period\/136562","targetHints":{"allow":["GET"]}}],"collection":[{"href":"https:\/\/www.humboldtforum.org\/en\/wp-json\/wp\/v2\/event-period"}],"about":[{"href":"https:\/\/www.humboldtforum.org\/en\/wp-json\/wp\/v2\/types\/event-period"}],"version-history":[{"count":11,"href":"https:\/\/www.humboldtforum.org\/en\/wp-json\/wp\/v2\/event-period\/136562\/revisions"}],"predecessor-version":[{"id":140952,"href":"https:\/\/www.humboldtforum.org\/en\/wp-json\/wp\/v2\/event-period\/136562\/revisions\/140952"}],"wp:featuredmedia":[{"embeddable":true,"href":"https:\/\/www.humboldtforum.org\/en\/wp-json\/wp\/v2\/media\/86409"}],"wp:attachment":[{"href":"https:\/\/www.humboldtforum.org\/en\/wp-json\/wp\/v2\/media?parent=136562"}],"wp:term":[{"taxonomy":"genre","embeddable":true,"href":"https:\/\/www.humboldtforum.org\/en\/wp-json\/wp\/v2\/genre?post=136562"},{"taxonomy":"digital","embeddable":true,"href":"https:\/\/www.humboldtforum.org\/en\/wp-json\/wp\/v2\/digital?post=136562"},{"taxonomy":"topic","embeddable":true,"href":"https:\/\/www.humboldtforum.org\/en\/wp-json\/wp\/v2\/topic?post=136562"},{"taxonomy":"stakeholder","embeddable":true,"href":"https:\/\/www.humboldtforum.org\/en\/wp-json\/wp\/v2\/stakeholder?post=136562"},{"taxonomy":"editorial","embeddable":true,"href":"https:\/\/www.humboldtforum.org\/en\/wp-json\/wp\/v2\/editorial?post=136562"},{"taxonomy":"editorialfilter","embeddable":true,"href":"https:\/\/www.humboldtforum.org\/en\/wp-json\/wp\/v2\/editorialfilter?post=136562"},{"taxonomy":"targetgroup","embeddable":true,"href":"https:\/\/www.humboldtforum.org\/en\/wp-json\/wp\/v2\/targetgroup?post=136562"},{"taxonomy":"language","embeddable":true,"href":"https:\/\/www.humboldtforum.org\/en\/wp-json\/wp\/v2\/language?post=136562"},{"taxonomy":"accessability","embeddable":true,"href":"https:\/\/www.humboldtforum.org\/en\/wp-json\/wp\/v2\/accessability?post=136562"},{"taxonomy":"age","embeddable":true,"href":"https:\/\/www.humboldtforum.org\/en\/wp-json\/wp\/v2\/age?post=136562"},{"taxonomy":"school","embeddable":true,"href":"https:\/\/www.humboldtforum.org\/en\/wp-json\/wp\/v2\/school?post=136562"},{"taxonomy":"groupsize","embeddable":true,"href":"https:\/\/www.humboldtforum.org\/en\/wp-json\/wp\/v2\/groupsize?post=136562"},{"taxonomy":"place","embeddable":true,"href":"https:\/\/www.humboldtforum.org\/en\/wp-json\/wp\/v2\/place?post=136562"}],"curies":[{"name":"wp","href":"https:\/\/api.w.org\/{rel}","templated":true}]}}