{"id":16440,"date":"2020-10-23T08:52:54","date_gmt":"2020-10-23T06:52:54","guid":{"rendered":"https:\/\/www.humboldtforum.org\/programm\/dauerangebot\/other-en-2\/dauerangebot\/videopanorama-16440\/"},"modified":"2026-03-12T15:40:44","modified_gmt":"2026-03-12T14:40:44","slug":"videopanorama","status":"publish","type":"event-permanent","link":"https:\/\/www.humboldtforum.org\/en\/programm\/dauerangebot\/must-see-en\/videopanorama-16440\/","title":{"rendered":"Video Panorama"},"content":{"rendered":"<section class=\"block block-headline  hyph-disable\" >\n\t<div class=\"container-fluid\">\n\t\t<div class=\"row\">\n\t\t\t\t\t\t\t<div class=\"col-xs-12 col-md-offset-2 col-md-8\">\n\t\t\t\t\t<div class=\"box\">\n\t\t\t\t\t\t<h2 class=\".h2\">Go on a visual time journey from the 13th century to the present day<\/h2>\n\t\t\t\t\t<\/div>\n\t\t\t\t<\/div>\n\t\t\t\t\t<\/div>\n\t<\/div>\n<\/section>\n\n\n\n\n\n<section class=\"block block-gallery-moderated\" >\n\t<block-gallery-moderated inline-template>\n\t\t<div>\n\t\t\t<div class=\"block-gallery-moderated-video\" :class=\"{ firstLoaded: firstLoaded }\">\n\t<script type=\"application\/json\" ref=\"data\">\n\t\t{\n\t\t\t\"images\" : [{\"id\":0,\"width\":2000,\"height\":1333,\"alt\":\"Modern architecture of an exhibition space featuring a large digital wall and stair steps.\",\"title\":\"\",\"description\":\"\",\"label\":\"Video Panorama\",\"copyright\":\"Stiftung Humboldt Forum im Berliner Schloss \\\/ Andreas K\\u00f6nig\",\"path\":\"\\\/wp-content\\\/uploads\\\/2020\\\/10\\\/\",\"sizes\":{\"medium\":{\"file\":\"SHF_eb00101428-300x200.jpg\",\"width\":300,\"height\":200,\"mime-type\":\"image\\\/jpeg\"},\"large\":{\"file\":\"SHF_eb00101428-1024x682.jpg\",\"width\":1024,\"height\":682,\"mime-type\":\"image\\\/jpeg\"},\"thumbnail\":{\"file\":\"SHF_eb00101428-150x150.jpg\",\"width\":150,\"height\":150,\"mime-type\":\"image\\\/jpeg\"},\"medium_large\":{\"file\":\"SHF_eb00101428-768x512.jpg\",\"width\":768,\"height\":512,\"mime-type\":\"image\\\/jpeg\"},\"small\":{\"file\":\"SHF_eb00101428-440x293.jpg\",\"width\":440,\"height\":293,\"mime-type\":\"image\\\/jpeg\"},\"semi\":{\"file\":\"SHF_eb00101428-580x387.jpg\",\"width\":580,\"height\":387,\"mime-type\":\"image\\\/jpeg\"},\"mobile\":{\"file\":\"SHF_eb00101428-720x480.jpg\",\"width\":720,\"height\":480,\"mime-type\":\"image\\\/jpeg\"},\"hd\":{\"file\":\"SHF_eb00101428-1280x853.jpg\",\"width\":1280,\"height\":853,\"mime-type\":\"image\\\/jpeg\"},\"full\":{\"file\":\"SHF_eb00101428-1920x1280.jpg\",\"width\":1920,\"height\":1280,\"mime-type\":\"image\\\/jpeg\"},\"1536x1536\":{\"file\":\"SHF_eb00101428-1536x1024.jpg\",\"width\":1536,\"height\":1024,\"mime-type\":\"image\\\/jpeg\"},\"original\":{\"file\":\"SHF_eb00101428.jpg\",\"width\":2000,\"height\":1333}},\"autoplay\":false},{\"id\":1,\"width\":2000,\"height\":1250,\"alt\":\"Two people are looking at old city views on a screen in an exhibition.\",\"title\":\"\",\"description\":\"\",\"label\":\"Video Panorama\",\"copyright\":\"Stiftung Humboldt Forum im Berliner Schloss \\\/ Harry Schnitger\",\"path\":\"\\\/wp-content\\\/uploads\\\/2020\\\/10\\\/\",\"sizes\":{\"medium\":{\"file\":\"SHF_eb00101665-300x188.jpg\",\"width\":300,\"height\":188,\"mime-type\":\"image\\\/jpeg\"},\"large\":{\"file\":\"SHF_eb00101665-1024x640.jpg\",\"width\":1024,\"height\":640,\"mime-type\":\"image\\\/jpeg\"},\"thumbnail\":{\"file\":\"SHF_eb00101665-150x150.jpg\",\"width\":150,\"height\":150,\"mime-type\":\"image\\\/jpeg\"},\"medium_large\":{\"file\":\"SHF_eb00101665-768x480.jpg\",\"width\":768,\"height\":480,\"mime-type\":\"image\\\/jpeg\"},\"small\":{\"file\":\"SHF_eb00101665-440x275.jpg\",\"width\":440,\"height\":275,\"mime-type\":\"image\\\/jpeg\"},\"semi\":{\"file\":\"SHF_eb00101665-580x363.jpg\",\"width\":580,\"height\":363,\"mime-type\":\"image\\\/jpeg\"},\"mobile\":{\"file\":\"SHF_eb00101665-720x450.jpg\",\"width\":720,\"height\":450,\"mime-type\":\"image\\\/jpeg\"},\"hd\":{\"file\":\"SHF_eb00101665-1280x800.jpg\",\"width\":1280,\"height\":800,\"mime-type\":\"image\\\/jpeg\"},\"full\":{\"file\":\"SHF_eb00101665-1920x1200.jpg\",\"width\":1920,\"height\":1200,\"mime-type\":\"image\\\/jpeg\"},\"1536x1536\":{\"file\":\"SHF_eb00101665-1536x960.jpg\",\"width\":1536,\"height\":960,\"mime-type\":\"image\\\/jpeg\"},\"original\":{\"file\":\"SHF_eb00101665.jpg\",\"width\":2000,\"height\":1250}},\"autoplay\":false},{\"id\":2,\"width\":2000,\"height\":1125,\"alt\":\"Hands holding antique masks in front of a black-and-white ruins landscape.\",\"title\":\"\",\"description\":\"\",\"label\":\"Clip from the Video Panorama\",\"copyright\":\"Stiftung Humboldt Forum im Berliner Schloss \\\/ chezweitz GmbH\",\"path\":\"\\\/wp-content\\\/uploads\\\/2020\\\/10\\\/\",\"sizes\":{\"medium\":{\"file\":\"SHF_eb00101624_16_9-300x169.jpg\",\"width\":300,\"height\":169,\"mime-type\":\"image\\\/jpeg\"},\"large\":{\"file\":\"SHF_eb00101624_16_9-1024x576.jpg\",\"width\":1024,\"height\":576,\"mime-type\":\"image\\\/jpeg\"},\"thumbnail\":{\"file\":\"SHF_eb00101624_16_9-150x150.jpg\",\"width\":150,\"height\":150,\"mime-type\":\"image\\\/jpeg\"},\"medium_large\":{\"file\":\"SHF_eb00101624_16_9-768x432.jpg\",\"width\":768,\"height\":432,\"mime-type\":\"image\\\/jpeg\"},\"small\":{\"file\":\"SHF_eb00101624_16_9-440x248.jpg\",\"width\":440,\"height\":248,\"mime-type\":\"image\\\/jpeg\"},\"semi\":{\"file\":\"SHF_eb00101624_16_9-580x326.jpg\",\"width\":580,\"height\":326,\"mime-type\":\"image\\\/jpeg\"},\"mobile\":{\"file\":\"SHF_eb00101624_16_9-720x405.jpg\",\"width\":720,\"height\":405,\"mime-type\":\"image\\\/jpeg\"},\"hd\":{\"file\":\"SHF_eb00101624_16_9-1280x720.jpg\",\"width\":1280,\"height\":720,\"mime-type\":\"image\\\/jpeg\"},\"full\":{\"file\":\"SHF_eb00101624_16_9-1920x1080.jpg\",\"width\":1920,\"height\":1080,\"mime-type\":\"image\\\/jpeg\"},\"1536x1536\":{\"file\":\"SHF_eb00101624_16_9-1536x864.jpg\",\"width\":1536,\"height\":864,\"mime-type\":\"image\\\/jpeg\"},\"original\":{\"file\":\"SHF_eb00101624_16_9.jpg\",\"width\":2000,\"height\":1125}},\"autoplay\":false}],\n\t\t\t\"mobileImages\" : [{\"id\":0,\"width\":2000,\"height\":1333,\"alt\":\"Modern architecture of an exhibition space featuring a large digital wall and stair steps.\",\"title\":\"\",\"description\":\"\",\"label\":\"Video Panorama\",\"copyright\":\"Stiftung Humboldt Forum im Berliner Schloss \\\/ Andreas K\\u00f6nig\",\"path\":\"\\\/wp-content\\\/uploads\\\/2020\\\/10\\\/\",\"sizes\":{\"medium\":{\"file\":\"SHF_eb00101428-300x200.jpg\",\"width\":300,\"height\":200,\"mime-type\":\"image\\\/jpeg\"},\"large\":{\"file\":\"SHF_eb00101428-1024x682.jpg\",\"width\":1024,\"height\":682,\"mime-type\":\"image\\\/jpeg\"},\"thumbnail\":{\"file\":\"SHF_eb00101428-150x150.jpg\",\"width\":150,\"height\":150,\"mime-type\":\"image\\\/jpeg\"},\"medium_large\":{\"file\":\"SHF_eb00101428-768x512.jpg\",\"width\":768,\"height\":512,\"mime-type\":\"image\\\/jpeg\"},\"small\":{\"file\":\"SHF_eb00101428-440x293.jpg\",\"width\":440,\"height\":293,\"mime-type\":\"image\\\/jpeg\"},\"semi\":{\"file\":\"SHF_eb00101428-580x387.jpg\",\"width\":580,\"height\":387,\"mime-type\":\"image\\\/jpeg\"},\"mobile\":{\"file\":\"SHF_eb00101428-720x480.jpg\",\"width\":720,\"height\":480,\"mime-type\":\"image\\\/jpeg\"},\"hd\":{\"file\":\"SHF_eb00101428-1280x853.jpg\",\"width\":1280,\"height\":853,\"mime-type\":\"image\\\/jpeg\"},\"full\":{\"file\":\"SHF_eb00101428-1920x1280.jpg\",\"width\":1920,\"height\":1280,\"mime-type\":\"image\\\/jpeg\"},\"1536x1536\":{\"file\":\"SHF_eb00101428-1536x1024.jpg\",\"width\":1536,\"height\":1024,\"mime-type\":\"image\\\/jpeg\"},\"original\":{\"file\":\"SHF_eb00101428.jpg\",\"width\":2000,\"height\":1333}},\"autoplay\":false},{\"id\":1,\"width\":2000,\"height\":1250,\"alt\":\"Two people are looking at old city views on a screen in an exhibition.\",\"title\":\"\",\"description\":\"\",\"label\":\"Video Panorama\",\"copyright\":\"Stiftung Humboldt Forum im Berliner Schloss \\\/ Harry Schnitger\",\"path\":\"\\\/wp-content\\\/uploads\\\/2020\\\/10\\\/\",\"sizes\":{\"medium\":{\"file\":\"SHF_eb00101665-300x188.jpg\",\"width\":300,\"height\":188,\"mime-type\":\"image\\\/jpeg\"},\"large\":{\"file\":\"SHF_eb00101665-1024x640.jpg\",\"width\":1024,\"height\":640,\"mime-type\":\"image\\\/jpeg\"},\"thumbnail\":{\"file\":\"SHF_eb00101665-150x150.jpg\",\"width\":150,\"height\":150,\"mime-type\":\"image\\\/jpeg\"},\"medium_large\":{\"file\":\"SHF_eb00101665-768x480.jpg\",\"width\":768,\"height\":480,\"mime-type\":\"image\\\/jpeg\"},\"small\":{\"file\":\"SHF_eb00101665-440x275.jpg\",\"width\":440,\"height\":275,\"mime-type\":\"image\\\/jpeg\"},\"semi\":{\"file\":\"SHF_eb00101665-580x363.jpg\",\"width\":580,\"height\":363,\"mime-type\":\"image\\\/jpeg\"},\"mobile\":{\"file\":\"SHF_eb00101665-720x450.jpg\",\"width\":720,\"height\":450,\"mime-type\":\"image\\\/jpeg\"},\"hd\":{\"file\":\"SHF_eb00101665-1280x800.jpg\",\"width\":1280,\"height\":800,\"mime-type\":\"image\\\/jpeg\"},\"full\":{\"file\":\"SHF_eb00101665-1920x1200.jpg\",\"width\":1920,\"height\":1200,\"mime-type\":\"image\\\/jpeg\"},\"1536x1536\":{\"file\":\"SHF_eb00101665-1536x960.jpg\",\"width\":1536,\"height\":960,\"mime-type\":\"image\\\/jpeg\"},\"original\":{\"file\":\"SHF_eb00101665.jpg\",\"width\":2000,\"height\":1250}},\"autoplay\":false},{\"id\":2,\"width\":2000,\"height\":1125,\"alt\":\"Hands holding antique masks in front of a black-and-white ruins landscape.\",\"title\":\"\",\"description\":\"\",\"label\":\"Clip from the Video Panorama\",\"copyright\":\"Stiftung Humboldt Forum im Berliner Schloss \\\/ chezweitz GmbH\",\"path\":\"\\\/wp-content\\\/uploads\\\/2020\\\/10\\\/\",\"sizes\":{\"medium\":{\"file\":\"SHF_eb00101624_16_9-300x169.jpg\",\"width\":300,\"height\":169,\"mime-type\":\"image\\\/jpeg\"},\"large\":{\"file\":\"SHF_eb00101624_16_9-1024x576.jpg\",\"width\":1024,\"height\":576,\"mime-type\":\"image\\\/jpeg\"},\"thumbnail\":{\"file\":\"SHF_eb00101624_16_9-150x150.jpg\",\"width\":150,\"height\":150,\"mime-type\":\"image\\\/jpeg\"},\"medium_large\":{\"file\":\"SHF_eb00101624_16_9-768x432.jpg\",\"width\":768,\"height\":432,\"mime-type\":\"image\\\/jpeg\"},\"small\":{\"file\":\"SHF_eb00101624_16_9-440x248.jpg\",\"width\":440,\"height\":248,\"mime-type\":\"image\\\/jpeg\"},\"semi\":{\"file\":\"SHF_eb00101624_16_9-580x326.jpg\",\"width\":580,\"height\":326,\"mime-type\":\"image\\\/jpeg\"},\"mobile\":{\"file\":\"SHF_eb00101624_16_9-720x405.jpg\",\"width\":720,\"height\":405,\"mime-type\":\"image\\\/jpeg\"},\"hd\":{\"file\":\"SHF_eb00101624_16_9-1280x720.jpg\",\"width\":1280,\"height\":720,\"mime-type\":\"image\\\/jpeg\"},\"full\":{\"file\":\"SHF_eb00101624_16_9-1920x1080.jpg\",\"width\":1920,\"height\":1080,\"mime-type\":\"image\\\/jpeg\"},\"1536x1536\":{\"file\":\"SHF_eb00101624_16_9-1536x864.jpg\",\"width\":1536,\"height\":864,\"mime-type\":\"image\\\/jpeg\"},\"original\":{\"file\":\"SHF_eb00101624_16_9.jpg\",\"width\":2000,\"height\":1125}},\"autoplay\":false}]\t\t}\n\t<\/script>\n\n\t<swiper :options=\"swiperVideoOptions\" ref=\"swiperVideo\">\n\t\t<div class=\"swiper-slide\" :key=\"image.id\" v-for=\"image in images\">\n\t\t\t<div class=\"width-container\">\n\t\t\t\t<div class=\"wrapper\">\n\t\t\t\t\t<img :src=\"image.src\" :alt=\"image.alt\" v-if=\"image.id < 1\">\n\t\t\t\t\t<img :src=\"image.src\" :alt=\"image.alt\" v-else-if=\"firstLoaded\">\n\t\t\t\t\t<div class=\"swiper-slide-autoplay\" v-if=\"image.autoplay\" :data-autoplay=\"image.autoplay\"><\/div>\n\t\t\t\t<\/div>\n\t\t\t<\/div>\n\t\t<\/div>\n\t<\/swiper>\n<\/div>\t\t\t<div class=\"block-gallery-moderated-copy\">\n\t<swiper :options=\"swiperCopyOptions\" ref=\"swiperCopy\">\n\t\t\n\t\t\t\t<div class=\"swiper-slide swiper-slide-active\">\n\t\t\t\t\t\t\t\t\t\t<div class=\"block-gallery-moderated-copy-item\">\n\t\t\t\t\t\t<div class=\"block-gallery-moderated-copy-item-dot\"><\/div>\n\t\t\t\t\t\t<div class=\"Teaser-subinfo-small uppercase overline\">\n\t\t\t\t\t\t\t\t\t\t\t\t\t<\/div>\n\t\t\t\t\t\t<h6 class=\"H6 H6-copy headline\">The twenty-seven-metre-wide panoramic video screen \u2026<\/h6>\n\t\t\t\t\t<\/div>\n\t\t\t\t\t\t\t\t\t<\/div>\n\t\t\t\n\t\t\t\t<div class=\"swiper-slide\">\n\t\t\t\t\t\t\t\t\t\t<div class=\"block-gallery-moderated-copy-item\">\n\t\t\t\t\t\t<div class=\"block-gallery-moderated-copy-item-dot\"><\/div>\n\t\t\t\t\t\t<div class=\"Teaser-subinfo-small uppercase overline\">\n\t\t\t\t\t\t\t\t\t\t\t\t\t<\/div>\n\t\t\t\t\t\t<h6 class=\"H6 H6-copy headline\">&#8230;offering a concise introduction to the site\u2019s eventful history.<\/h6>\n\t\t\t\t\t<\/div>\n\t\t\t\t\t\t\t\t\t<\/div>\n\t\t\t\n\t\t\t\t<div class=\"swiper-slide\">\n\t\t\t\t\t\t\t\t\t\t<div class=\"block-gallery-moderated-copy-item\">\n\t\t\t\t\t\t<div class=\"block-gallery-moderated-copy-item-dot\"><\/div>\n\t\t\t\t\t\t<div class=\"Teaser-subinfo-small uppercase overline\">\n\t\t\t\t\t\t\t\t\t\t\t\t\t<\/div>\n\t\t\t\t\t\t<h6 class=\"H6 H6-copy headline\">800 years of history in just 14 minutes!<\/h6>\n\t\t\t\t\t<\/div>\n\t\t\t\t\t\t\t\t\t<\/div>\n\t\t\t\t<\/swiper>\n<\/div>\n\n\t\t\t<div class=\"block-gallery-moderated-nav\">\n\t\t<div class=\"block-gallery-moderated-nav-shadow\"><\/div>\n\t<div class=\"swiper-progress-pos\" v-html=\"(currentSlide+1)\">1<\/div>\n\t<div class=\"swiper-progress-count\">3<\/div>\n\n\t<div class=\"swiper-progress\" ref=\"progress\">\n\t\t\t\t\t<div class=\"swiper-progress-item swiper-progress-item-0\" data-index=\"0\">\n\t\t\t\t<div class=\"swiper-progress-item-progress\"><\/div>\n\t\t\t<\/div>\n\t\t\t\t\t<div class=\"swiper-progress-item swiper-progress-item-1\" data-index=\"1\">\n\t\t\t\t<div class=\"swiper-progress-item-progress\"><\/div>\n\t\t\t<\/div>\n\t\t\t\t\t<div class=\"swiper-progress-item swiper-progress-item-2\" data-index=\"2\">\n\t\t\t\t<div class=\"swiper-progress-item-progress\"><\/div>\n\t\t\t<\/div>\n\t\t\t<\/div>\n\n\t<button class=\"icon-background-white swiper-button-prev  swiper-button-disabled\" slot=\"button-prev\" @click=\"prevVideo\" aria-label=\"Last images\">\n\t\t<span class=\"icon-arrow-rechts\"><\/span>\n\t<\/button>\n\n\t<button class=\"icon-background-white swiper-button-next\" slot=\"button-next\" @click=\"nextVideo\" aria-label=\"Next image\">\n\t\t<span class=\"icon-arrow-rechts\"><\/span>\n\t<\/button>\n\n\n\t<button class=\"swiper-toggle-btn icon-background icon-play\" @click=\"toggle\" v-if=\"!isPlaying\" aria-label=\"play video\"><\/button>\n\t<button class=\"swiper-toggle-btn icon-background icon-pause\" @click=\"toggle\" v-if=\"isPlaying\" aria-label=\"pause\"><\/button>\n\t<\/div>\t\t<\/div>\n\t<\/block-gallery-moderated>\n<\/section>\n\n<section class=\"block block-lazy-media-info\">\n\t<div class=\"container-fluid\">\n\t\t<div class=\"row end-xs\">\n\t\t\t<div class=\"col-xs-12\">\n\t\t\t\t<lazy-media-info-as-block inline-template>\n\t\t\t\t\t<div class=\"lazy-media-info\" aria-expanded=\"false\" :aria-expanded=\"isOpen ? 'true' : 'false'\">\n\t\t\t\t\t\t<button class=\"lazy-media-info-head button-tiny\" :class=\"{'button-active': isOpen}\" @click=\"toggle\" ref=\"head\"><span class=\"button-label insignificant\">Image info<\/span><\/button>\n\t\t\t\t\t\t<figcaption class=\"lazy-media-info-body\" ref=\"body\">\n\t\t\t\t\t\t\t\n\t\t\t\t\t\t\t<div class=\"lazy-media-info-body-content\">\n\t\t\t\t\t\t\t\t<div><strong>image 1:<\/strong><\/div>\n\t\t\t\t\t\t\t\t\t\t\t\t\t\t\t\t\t<div>Video Panorama<\/div>\n\t\t\t\t\t\t\t\t\t\t\t\t\t\t\t\t\t\t\t\t\t\t\t\t\t\t\t\t\t\t\t\t\t<div class=\"insignificant\">\u00a9 Stiftung Humboldt Forum im Berliner Schloss \/ Andreas K\u00f6nig<\/div>\n\t\t\t\t\t\t\t\t\t\t\t\t\t\t\t<\/div>\n\t\t\t\t\t\t\t\n\t\t\t\t\t\t\t<div class=\"lazy-media-info-body-content\">\n\t\t\t\t\t\t\t\t<div><strong>image 2:<\/strong><\/div>\n\t\t\t\t\t\t\t\t\t\t\t\t\t\t\t\t\t<div>Video Panorama<\/div>\n\t\t\t\t\t\t\t\t\t\t\t\t\t\t\t\t\t\t\t\t\t\t\t\t\t\t\t\t\t\t\t\t\t<div class=\"insignificant\">\u00a9 Stiftung Humboldt Forum im Berliner Schloss \/ Harry Schnitger<\/div>\n\t\t\t\t\t\t\t\t\t\t\t\t\t\t\t<\/div>\n\t\t\t\t\t\t\t\n\t\t\t\t\t\t\t<div class=\"lazy-media-info-body-content\">\n\t\t\t\t\t\t\t\t<div><strong>image 3:<\/strong><\/div>\n\t\t\t\t\t\t\t\t\t\t\t\t\t\t\t\t\t<div>Clip from the Video Panorama<\/div>\n\t\t\t\t\t\t\t\t\t\t\t\t\t\t\t\t\t\t\t\t\t\t\t\t\t\t\t\t\t\t\t\t\t<div class=\"insignificant\">\u00a9 Stiftung Humboldt Forum im Berliner Schloss \/ chezweitz GmbH<\/div>\n\t\t\t\t\t\t\t\t\t\t\t\t\t\t\t<\/div>\n\t\t\t\t\t\t\t\t\t\t\t\t\t<\/figcaption>\n\t\t\t\t\t\t<div class=\"lazy-media-info-head-border\"><\/div>\n\t\t\t\t\t<\/div>\n\t\t\t\t<\/lazy-media-info-as-block>\n\t\t\t<\/div>\n\t\t<\/div>\n\t<\/div>\n<\/section>\n\n<section class=\"block block-copy\" >\n    <div class=\"container-fluid\">\n\t\t<div class=\"row margin-bottom-sixth\">\n            <div class=\"col-xs-12 col-md-offset-2 col-md-8\">\n                <div class=\"box\">\n                    <div class=\"copy\"><h5><strong>What to expect<\/strong><\/h5>\n<p class=\"p1\"><span lang=\"EN-US\">A collage of still images and films shows not only the history and function of the buildings that once stood on this site, it also highlights the important events that took place here. It proves that the site served as a prestigious, symbolically charged and often controversial centre of power for centuries<\/span><span lang=\"EN-US\">.<\/span><\/p>\n<\/div>\n                <\/div>\n            <\/div>\n\t\t<\/div>\n\t\t\t\t\t<div class=\"row margin-bottom-sixth\">\n\t\t\t\t<div class=\"col-xs-12 col-md-offset-2 col-md-8\">\n\t\t\t\t\t<div class=\"box\">\n\t\t\t\t\t\t<read-more inline-template>\n\t\t\t\t\t\t\t<div class=\"copy margin-bottom-sixth\">\n\t\t\t\t\t\t\t\t<div ref=\"body\" style=\"height:0;overflow: hidden;display: none;\">\n\t\t\t\t\t\t\t\t\t<div class=\"margin-bottom-sixth\"><p>Princes and politicians tore down, converted and rebuilt structures in order to express their political ambitions and visions. The design of the exhibition room too, with its raw concrete walls, alludes to the fact that the site has always been a work in progress in the service of power.<\/p>\n<\/div>\n\t\t\t\t\t\t\t\t<\/div>\n\t\t\t\t\t\t\t\t<a ref=\"toggleButton\" class=\"Button\" @click=\"toggle\">\n\t\t\t\t\t\t\t\t\t<span v-if=\"!active\">read more<\/span>\n\t\t\t\t\t\t\t\t\t<span v-else>read less<\/span>\n\t\t\t\t\t\t\t\t<\/a>\n\t\t\t\t\t\t\t<\/div>\n\t\t\t\t\t\t<\/read-mode>\n\t\t\t\t\t<\/div>\n\t\t\t\t<\/div>\n\t\t\t<\/div>\n\t\t    <\/div>\n<\/section>\n\n<section class=\"block block-copy block-no-margin\" >\n    <div class=\"container-fluid\">\n\t\t<div class=\"row \">\n            <div class=\"col-xs-12 col-md-offset-2 col-md-8\">\n                <div class=\"box\">\n                    <div class=\"copy\"><p>If you have any suggestions or questions please feel free to write an e-mail to geschichte@humboldtforum.org.<\/p>\n<\/div>\n                <\/div>\n            <\/div>\n\t\t<\/div>\n\t\t    <\/div>\n<\/section>\n\n<section class=\"block block-copy\" >\n    <div class=\"container-fluid\">\n\t\t<div class=\"row \">\n            <div class=\"col-xs-12 col-md-offset-2 col-md-8\">\n                <div class=\"box\">\n                    <div class=\"copy\"><p><center><span class=\"anleser\" style=\"font-weight: bolder;\"><strong>\u25a0<\/strong><\/span><\/center><\/p>\n<\/div>\n                <\/div>\n            <\/div>\n\t\t<\/div>\n\t\t    <\/div>\n<\/section>\n\n<section class=\"block block-CTA block-CTA-long leftgradient\">\n\t<div class=\"container-fluid\">\n\t\t<div class=\"row center-xs\">\n\t\t\t<div class=\"col-xs-12\">\n\t\t\t\t<div class=\"box\">\n\t\t\t\t\t<a href=\"https:\/\/www.humboldtforum.org\/en\/programm\/feature\/geschichte-des-ortes-31309\/\" aria-label=\"History of the site\" class=\"teaser teaser-cta-wide \">\n\t\t\t\t\t\t<div class=\"teaser-image\">\n\t\t\t\t\t\t\t\n\t<lazy-media-inline inline-template>\n\t\t<figure itemscope itemtype=\"http:\/\/schema.org\/ImageObject\" class=\"lazy-media-inline \" role=\"group\" id=\"media_69f3e88e4df43\" aria-labelledby=\"desc_media_69f3e88e4df43\">\n\t\t\t<script type=\"application\/json\" ref=\"data\">\n\t\t\t\t{\n\t\t\t\t\"sizes\" : {\"medium\":{\"file\":\"SHF_eb00020197-300x200.jpg\",\"width\":300,\"height\":200,\"mime-type\":\"image\\\/jpeg\"},\"large\":{\"file\":\"SHF_eb00020197-1024x682.jpg\",\"width\":1024,\"height\":682,\"mime-type\":\"image\\\/jpeg\"},\"thumbnail\":{\"file\":\"SHF_eb00020197-150x150.jpg\",\"width\":150,\"height\":150,\"mime-type\":\"image\\\/jpeg\"},\"medium_large\":{\"file\":\"SHF_eb00020197-768x512.jpg\",\"width\":768,\"height\":512,\"mime-type\":\"image\\\/jpeg\"},\"small\":{\"file\":\"SHF_eb00020197-440x293.jpg\",\"width\":440,\"height\":293,\"mime-type\":\"image\\\/jpeg\"},\"semi\":{\"file\":\"SHF_eb00020197-580x387.jpg\",\"width\":580,\"height\":387,\"mime-type\":\"image\\\/jpeg\"},\"mobile\":{\"file\":\"SHF_eb00020197-720x480.jpg\",\"width\":720,\"height\":480,\"mime-type\":\"image\\\/jpeg\"},\"hd\":{\"file\":\"SHF_eb00020197-1280x853.jpg\",\"width\":1280,\"height\":853,\"mime-type\":\"image\\\/jpeg\"},\"full\":{\"file\":\"SHF_eb00020197-1920x1280.jpg\",\"width\":1920,\"height\":1280,\"mime-type\":\"image\\\/jpeg\"},\"1536x1536\":{\"file\":\"SHF_eb00020197-1536x1024.jpg\",\"width\":1536,\"height\":1024,\"mime-type\":\"image\\\/jpeg\"},\"original\":{\"file\":\"SHF_eb00020197.jpg\",\"width\":2000,\"height\":1333}},\n\t\t\t\t\"alt\" : \"Archaeological excavation in Berlin with a view of the TV tower and historic buildings in the background.\",\n\t\t\t\t\"path\" : \"\\\/wp-content\\\/uploads\\\/2020\\\/11\\\/\",\n\t\t\t\t\"video\" : null,\n\t\t\t\t\"autoplay\" : null,\n\t\t\t\t\"youtube\" : null,\n\t\t\t\t\"youtubelabel\" : \"Play video\",\n\t\t\t\t\"brightness\" : \"80\",\n\t\t\t\t\"crop\" : {\"top\":\"50.00\",\"left\":\"45.00\"},\n\t\t\t\t\"background\" : true,\n\t\t\t\t\"scale\" : 2\t\t\t\t}\n\t\t\t<\/script>\n\n\t\t\t<div class=\"height-container\" style=\"padding-bottom:66.65%;\" v-if=\"sizes\">\n\t\t\t\t\t\t\t\t<lazy-media :inline=\"true\" :alt=\"alt\" :sizes=\"sizes\" :scale=\"scale\" :brightness=\"brightness\" :path=\"path\" :video=\"video\" :autoplay=\"autoplay\" :youtube=\"youtube\" :crop=\"crop\" :youtubelabel=\"youtubelabel\" :background=\"background\" media-id=\"desc_media_69f3e88e4df43\"><\/lazy-media>\n\t\t\t\t\t\t\t<\/div>\n\n\t\t\t\t\t\t\t<figcaption class=\"sr-only\" ref=\"body\" id=\"desc_media_69f3e88e4df43\">\n\t\t\t\t\t\t\t\t\t\t\t<div>Excavations in the palace area, 2009.<\/div>\n\t\t\t\t\t\t\t\t\t\t\t\t\t\t\t\t\t\t\t\t\t<div class=\"insignificant\">\u00a9 Steffen Jaenicke<\/div>\n\t\t\t\t\t\t\t\t\t<\/figcaption>\n\t\t\t\t\t<\/figure>\n\t<\/lazy-media-inline>\n\t\t\t\t\t\t<\/div>\n\t\t\t\t\t\t<div class=\"teaser-content \">\n\t\t\t\t\t\t\t<div>\n\t\t\t\t\t\t\t\t<div class=\"teaser-overline subline\">Subject<\/div>\t\t\t\t\t\t\t\t<div class=\"teaser-header\"><span class=\"h3\">History of the site<\/span><\/div>\n\t\t\t\t\t\t\t\t\t\t\t\t\t\t\t\t<button tabindex=\"-1\" class=\"border\">Learn more<\/button>\n\t\t\t\t\t\t\t<\/div>\n\t\t\t\t\t\t<\/div>\n\t\t\t\t\t<\/a>\n\t\t\t\t<\/div>\n\t\t\t<\/div>\n\t\t<\/div>\n\t<\/div>\n<\/section>\n\n\n<section class=\"block block-teaser col-lane \" style=\"\">\n\t<lazy-component :fixed-min-height=\"400\">\n\t\n\t\t\t\t\t<teaser-lane-with-buttons inline-template tracking-label=\"History of the Site\">\n\t\t\t\t<div class=\"teaser-lane-with-buttons\">\n\t\t\t\t\t<div class=\"container-fluid\">\n\t\t\t\t\t\t<div class=\"row bottom-xs\">\n\t\t\t\t\t\t\t<div class=\"col-xs-12 col-md-8\">\n\t\t\t\t\t\t\t\t\t\t\t\t\t\t\t\t\t<h4>History of the Site<\/h4>\t\t\t\t\t\t\t\t\t\t\t\t\t\t\t\t\t\t\t\t\t\t\t\t<\/div>\n\t\t\t\t\t\t\t<div class=\"col-xs-12 col-md-4 start-xs end-md margin-bottom-sixth teaser-lane-buttons-wrapper teaser-lane-buttons-wrapper-with-tax\">\n\t\t\t\t\t\t\t\t<a href=\"https:\/\/www.humboldtforum.org\/en\/programm\/thema\/history-and-architecture-of-the-site\/\" class=\"normalcase small noborder\" role=\"button\">Show all (24)<\/a>\t\t\t\t\t\t\t\t<teaser-lane-buttons :visible_prev=\"visible_prev\" :visible_next=\"visible_next\" @prev=\"prev\" @next=\"next\"><\/teaser-lane-buttons>\n\t\t\t\t\t\t\t<\/div>\n\t\t\t\t\t\t<\/div>\n\t\t\t\t\t<\/div>\n\t\t\t\t\t<div class=\"teaser-lane-wrapper\">\n\t\t\t\t\t\t<ul class=\"teaser-lane\">\n\t\t\t\t\t\t\t\t\t\t\t\t\t\t<li class=\"teaser-lane-slide col-xs-9 col-sm-4 col-md-3 teaser-wrapper col-padding-remove\">\n\t<calendarteaser key=\"1644512030\" rawitem='{&quot;postId&quot;:16445,&quot;title&quot;:&quot;Sculpture Hall&quot;,&quot;excerpt&quot;:&quot;Up close: explore the historic sculptures of the Berlin Palace. On display here are fragments of the Palace from several centuries. Many of them were part of the Baroque facade decoration designed by the palace architect Andreas Schl\\u00fcter (1634\\u20131714).&quot;,&quot;slug&quot;:&quot;sculpture-hall&quot;,&quot;post_date&quot;:&quot;2020-10-22T08:49&quot;,&quot;type&quot;:&quot;event-permanent&quot;,&quot;permalink&quot;:&quot;https:\\\/\\\/www.humboldtforum.org\\\/en\\\/programm\\\/dauerangebot\\\/exhibition\\\/sculpture-hall-16445\\\/&quot;,&quot;genre&quot;:[552],&quot;genre_details&quot;:[{&quot;text&quot;:&quot;Exhibition&quot;,&quot;id&quot;:552,&quot;icon&quot;:null,&quot;parent&quot;:0}],&quot;topic&quot;:[590],&quot;topic_details&quot;:[{&quot;text&quot;:&quot;History and Architecture of the Site&quot;,&quot;id&quot;:590,&quot;icon&quot;:null,&quot;parent&quot;:0}],&quot;stakeholder&quot;:[595],&quot;stakeholder_details&quot;:[{&quot;text&quot;:&quot;Stiftung Humboldt Forum im Berliner Schloss&quot;,&quot;id&quot;:595,&quot;icon&quot;:null,&quot;parent&quot;:0}],&quot;editorial&quot;:[1358,614,1359,615],&quot;editorial_details&quot;:[{&quot;text&quot;:&quot;colossal&quot;,&quot;id&quot;:1358,&quot;icon&quot;:null,&quot;parent&quot;:0},{&quot;text&quot;:&quot;historic&quot;,&quot;id&quot;:614,&quot;icon&quot;:null,&quot;parent&quot;:0},{&quot;text&quot;:&quot;historical&quot;,&quot;id&quot;:1359,&quot;icon&quot;:null,&quot;parent&quot;:0},{&quot;text&quot;:&quot;original&quot;,&quot;id&quot;:615,&quot;icon&quot;:null,&quot;parent&quot;:0}],&quot;targetgroup&quot;:[585],&quot;targetgroup_details&quot;:[{&quot;text&quot;:&quot;Adults&quot;,&quot;id&quot;:585,&quot;icon&quot;:null,&quot;parent&quot;:0}],&quot;language&quot;:[580,579],&quot;language_details&quot;:[{&quot;text&quot;:&quot;English&quot;,&quot;id&quot;:580,&quot;icon&quot;:null,&quot;parent&quot;:0},{&quot;text&quot;:&quot;German&quot;,&quot;id&quot;:579,&quot;icon&quot;:null,&quot;parent&quot;:0}],&quot;accessability&quot;:[596],&quot;accessability_details&quot;:[{&quot;text&quot;:&quot;Accessible for wheelchairs&quot;,&quot;id&quot;:596,&quot;icon&quot;:null,&quot;parent&quot;:0}],&quot;place&quot;:[608],&quot;place_details&quot;:{&quot;place&quot;:&quot;Humboldt Forum&quot;,&quot;map&quot;:&quot;Humboldt Forum, Schlossplatz, Berlin&quot;,&quot;room&quot;:&quot;GF, Sculpture Hall&quot;},&quot;icon_overwrite&quot;:&quot;&quot;,&quot;acf&quot;:{&quot;shorturl&quot;:&quot;sculpture-hall&quot;,&quot;subline&quot;:&quot;History of the Site&quot;,&quot;marketing_text&quot;:&quot;Up close: the sculptures of the Berlin Palace&quot;,&quot;highlight_header&quot;:true,&quot;highlight_header_image&quot;:14090,&quot;has_mobile_format&quot;:true,&quot;tipp&quot;:false,&quot;joker&quot;:false,&quot;live&quot;:false,&quot;highlight_header_image_mobile&quot;:14095,&quot;featured_images&quot;:[16172,14357,16178,16180],&quot;display_as_single&quot;:false,&quot;hyphenation&quot;:false,&quot;planning&quot;:{&quot;price&quot;:&quot;Free admission&quot;,&quot;status&quot;:&quot;JOIN&quot;,&quot;info&quot;:&quot;&quot;,&quot;shop&quot;:&quot;&quot;,&quot;can_purchase&quot;:false},&quot;periods&quot;:[{&quot;label&quot;:&quot;&quot;,&quot;dates&quot;:[{&quot;start&quot;:&quot;202107200000&quot;,&quot;end&quot;:&quot;204601020000&quot;,&quot;has_end&quot;:false,&quot;start_HRFSHORT&quot;:&quot;20\\\/07\\\/21&quot;,&quot;start_HRFSHORT_WD&quot;:&quot;Tue 20\\\/07\\\/2021&quot;}],&quot;monday&quot;:[{&quot;start&quot;:&quot;10:30&quot;,&quot;end&quot;:&quot;18:30&quot;,&quot;closed&quot;:false}],&quot;tuesday&quot;:[{&quot;start&quot;:&quot;10:00&quot;,&quot;end&quot;:&quot;18:00&quot;,&quot;closed&quot;:true}],&quot;wednesday&quot;:[{&quot;start&quot;:&quot;10:30&quot;,&quot;end&quot;:&quot;18:30&quot;,&quot;closed&quot;:false}],&quot;thursday&quot;:[{&quot;start&quot;:&quot;10:30&quot;,&quot;end&quot;:&quot;18:30&quot;,&quot;closed&quot;:false}],&quot;friday&quot;:[{&quot;start&quot;:&quot;10:30&quot;,&quot;end&quot;:&quot;18:30&quot;,&quot;closed&quot;:false}],&quot;saturday&quot;:[{&quot;start&quot;:&quot;10:30&quot;,&quot;end&quot;:&quot;18:30&quot;,&quot;closed&quot;:false}],&quot;sunday&quot;:[{&quot;start&quot;:&quot;10:30&quot;,&quot;end&quot;:&quot;18:30&quot;,&quot;closed&quot;:false}],&quot;info&quot;:&quot;&quot;,&quot;description&quot;:&quot;&quot;}],&quot;period_exception&quot;:[{&quot;label&quot;:&quot;&quot;,&quot;date&quot;:&quot;202404030000&quot;,&quot;closed&quot;:false,&quot;start&quot;:&quot;10:30&quot;,&quot;end&quot;:&quot;13:00&quot;,&quot;date_HRFSHORT&quot;:&quot;03\\\/04\\\/24&quot;},{&quot;label&quot;:&quot;&quot;,&quot;date&quot;:&quot;202404030000&quot;,&quot;closed&quot;:false,&quot;start&quot;:&quot;17:00&quot;,&quot;end&quot;:&quot;18:30&quot;,&quot;date_HRFSHORT&quot;:&quot;03\\\/04\\\/24&quot;}],&quot;noindex&quot;:false,&quot;keywords&quot;:&quot;&quot;,&quot;use_opening_hours_of_the_house&quot;:false,&quot;additional_info&quot;:{&quot;icon&quot;:&quot;icon-bullet_active&quot;,&quot;text&quot;:&quot;&quot;},&quot;use_video_in_teasers&quot;:false,&quot;hide_event_in_program&quot;:false,&quot;events&quot;:[146411,75189,160800]},&quot;period_list&quot;:&quot;&lt;strong&gt;Opening hours&lt;\\\/strong&gt;\\nMon, Wed, Thu, Fri, Sat, Sun: 10:30 am \\u2013 6:30 pm  \\nTue: closed\\n\\n&quot;,&quot;period_exception&quot;:&quot;&quot;,&quot;date&quot;:{&quot;infinite&quot;:true,&quot;from_DATE&quot;:202107200000,&quot;from&quot;:1626775200,&quot;from_TIME&quot;:&quot;10:00&quot;,&quot;to&quot;:1809140400,&quot;to_DATE&quot;:202704300830,&quot;to_TIME&quot;:&quot;18:30&quot;,&quot;from_HRFSHORT&quot;:&quot;20 Jul 2021&quot;,&quot;from_HRFSHORT_WD&quot;:&quot;Tue 20\\\/07\\\/2021&quot;,&quot;from_HRF&quot;:&quot;Tue, 20 July 2021&quot;,&quot;to_HRF&quot;:&quot;Sat,  1 May 2027&quot;,&quot;to_HRFSHORT&quot;:&quot; 1 May 2027&quot;,&quot;to_HRFSHORT_WD&quot;:&quot;Sat 01\\\/05\\\/2027&quot;,&quot;from_to_HRF&quot;:&quot;Tue, 20 July 2021 \\u2013 Sat,  1 May 2027&quot;,&quot;from_to_HRFSHORT&quot;:&quot;20 Jul 2021 \\u2013  1 May 2027&quot;,&quot;NXX&quot;:&quot;202604300830&quot;,&quot;NLAST&quot;:&quot;202705010300&quot;,&quot;NX&quot;:&quot;20260430&quot;},&quot;alert&quot;:&quot;Highlight&quot;,&quot;partof&quot;:[],&quot;marketing_topic&quot;:&quot;&quot;}' inline-template>\n\t<a href=\"https:\/\/www.humboldtforum.org\/en\/programm\/dauerangebot\/exhibition\/sculpture-hall-16445\/\" class=\"teaser teaser-event-permanent teaser-event-standard\">\n\t\t<div class=\"row\">\n\t\t\t<div class=\"col-xs-12 teaser-event-image\">\n\t\t\t\t<div class=\"teaser-image teaser-image-no-alternate\">\n\t\t\t\t\t\t\t\t\t\t\t\t\t<span class=\"alert\">Highlight<\/span>\n\t\t\t\t\t\t\t\t\t\t\t\n\t<lazy-media-inline inline-template>\n\t\t<figure itemscope itemtype=\"http:\/\/schema.org\/ImageObject\" class=\"lazy-media-inline \" role=\"group\" id=\"media_69f3e88e5d000\" aria-labelledby=\"desc_media_69f3e88e5d000\">\n\t\t\t<script type=\"application\/json\" ref=\"data\">\n\t\t\t\t{\n\t\t\t\t\"sizes\" : {\"medium\":{\"file\":\"Skulpturensaal_95297_mobile-214x300.jpg\",\"width\":214,\"height\":300,\"mime-type\":\"image\\\/jpeg\",\"filesize\":9672},\"thumbnail\":{\"file\":\"Skulpturensaal_95297_mobile-150x150.jpg\",\"width\":150,\"height\":150,\"mime-type\":\"image\\\/jpeg\",\"filesize\":4635},\"small\":{\"file\":\"Skulpturensaal_95297_mobile-314x440.jpg\",\"width\":314,\"height\":440,\"mime-type\":\"image\\\/jpeg\",\"filesize\":17570},\"semi\":{\"file\":\"Skulpturensaal_95297_mobile-414x580.jpg\",\"width\":414,\"height\":580,\"mime-type\":\"image\\\/jpeg\",\"filesize\":26891},\"mobile\":{\"file\":\"Skulpturensaal_95297_mobile-514x720.jpg\",\"width\":514,\"height\":720,\"mime-type\":\"image\\\/jpeg\",\"filesize\":37714},\"original\":{\"file\":\"Skulpturensaal_95297_mobile.jpg\",\"width\":714,\"height\":1000}},\n\t\t\t\t\"alt\" : \"Three figure statues on pedestals symbolizing different activities, set against a neutral background.\",\n\t\t\t\t\"path\" : \"\\\/wp-content\\\/uploads\\\/2020\\\/10\\\/\",\n\t\t\t\t\"video\" : null,\n\t\t\t\t\"autoplay\" : null,\n\t\t\t\t\"youtube\" : null,\n\t\t\t\t\"youtubelabel\" : \"Play video\",\n\t\t\t\t\"brightness\" : 100,\n\t\t\t\t\"crop\" : null,\n\t\t\t\t\"background\" : true,\n\t\t\t\t\"scale\" : 1\t\t\t\t}\n\t\t\t<\/script>\n\n\t\t\t<div class=\"height-container\" style=\"padding-bottom:140.05602240896%;\" v-if=\"sizes\">\n\t\t\t\t\t\t\t\t<lazy-media :inline=\"true\" :alt=\"alt\" :sizes=\"sizes\" :scale=\"scale\" :brightness=\"brightness\" :path=\"path\" :video=\"video\" :autoplay=\"autoplay\" :youtube=\"youtube\" :crop=\"crop\" :youtubelabel=\"youtubelabel\" :background=\"background\" media-id=\"desc_media_69f3e88e5d000\"><\/lazy-media>\n\t\t\t\t\t\t\t<\/div>\n\n\t\t\t\t\t\t\t<figcaption class=\"sr-only\" ref=\"body\" id=\"desc_media_69f3e88e5d000\">\n\t\t\t\t\t\t\t\t\t\t\t<div>Colossal figures at the Sculpture Hall<\/div>\n\t\t\t\t\t\t\t\t\t\t\t\t\t\t\t\t<div>Colossal figures at the Sculpture Hall <\/div>\n\t\t\t\t\t\t\t\t\t\t\t\t\t\t\t\t<div class=\"insignificant\">\u00a9 Stiftung Humboldt Forum im Berliner Schloss \/ David von Becker<\/div>\n\t\t\t\t\t\t\t\t\t<\/figcaption>\n\t\t\t\t\t<\/figure>\n\t<\/lazy-media-inline>\n\t\t\t\t<\/div>\n\t\t\t<\/div>\n\t\t\t<div class=\"col-xs-12 teaser-event-text Infos\">\n\t\t\t\t<div class=\"teaser-event-standard-text\">\n\t\t\t\t\t<div class=\"margin-bottom-atom\">\n\t\t\t\t\t\t<div class=\"subline clamp-1\" v-html=\"maingenre\"><\/div>\n\t\t\t\t\t\t\t\t\t\t\t<\/div>\n\t\t\t\t\n\t\t\t\t\t<strong class=\"margin-bottom-atom\">Sculpture Hall<\/strong>\n\n\t\t\t\t\t\t\t\t\t\t\t<div class=\"\">Up close: the sculptures of the Berlin Palace<\/div>\n\t\t\t\t\t\t\t\t\t<\/div>\n\t\t\t\t<div class=\"teaser-bottom border-bottom\">\n\t\t\t\t<calendardateline :rawitem='item' :show-icon=\"true\"><\/calendardateline>\n\t\t\t\t\t<hr>\n\t\t\t\t<\/div>\n\t\t\t<\/div>\n\t\t<\/div>\n\t<\/a>\n\t<\/calendarteaser>\n<\/li>\n\n<li class=\"teaser-lane-slide col-xs-9 col-sm-4 col-md-3 teaser-wrapper col-padding-remove\">\n\t<calendarteaser key=\"1643112536\" rawitem='{&quot;postId&quot;:16431,&quot;title&quot;:&quot;Palace Cellar&quot;,&quot;excerpt&quot;:&quot;Descend to the historic wall remains of the Berlin Palace. Here you will find the first traces of the site\\u2019s history. The archaeological cellar, the only surviving part of the original Berlin Palace, takes you on a tour from the middle ages to the present day.&quot;,&quot;slug&quot;:&quot;palace-cellar&quot;,&quot;post_date&quot;:&quot;2020-10-22T19:05&quot;,&quot;type&quot;:&quot;event-permanent&quot;,&quot;permalink&quot;:&quot;https:\\\/\\\/www.humboldtforum.org\\\/en\\\/programm\\\/dauerangebot\\\/exhibition\\\/palace-cellar-16431\\\/&quot;,&quot;genre&quot;:[552,1538],&quot;genre_details&quot;:[{&quot;text&quot;:&quot;Exhibition&quot;,&quot;id&quot;:552,&quot;icon&quot;:null,&quot;parent&quot;:0},{&quot;text&quot;:&quot;Must see&quot;,&quot;id&quot;:1538,&quot;icon&quot;:null,&quot;parent&quot;:0}],&quot;topic&quot;:[590],&quot;topic_details&quot;:[{&quot;text&quot;:&quot;History and Architecture of the Site&quot;,&quot;id&quot;:590,&quot;icon&quot;:null,&quot;parent&quot;:0}],&quot;stakeholder&quot;:[595],&quot;stakeholder_details&quot;:[{&quot;text&quot;:&quot;Stiftung Humboldt Forum im Berliner Schloss&quot;,&quot;id&quot;:595,&quot;icon&quot;:null,&quot;parent&quot;:0}],&quot;editorial&quot;:[1359,1356,615,1355,616],&quot;editorial_details&quot;:[{&quot;text&quot;:&quot;historical&quot;,&quot;id&quot;:1359,&quot;icon&quot;:null,&quot;parent&quot;:0},{&quot;text&quot;:&quot;historisch&quot;,&quot;id&quot;:1356,&quot;icon&quot;:null,&quot;parent&quot;:0},{&quot;text&quot;:&quot;original&quot;,&quot;id&quot;:615,&quot;icon&quot;:null,&quot;parent&quot;:0},{&quot;text&quot;:&quot;unerwartet&quot;,&quot;id&quot;:1355,&quot;icon&quot;:null,&quot;parent&quot;:0},{&quot;text&quot;:&quot;unexpected&quot;,&quot;id&quot;:616,&quot;icon&quot;:null,&quot;parent&quot;:0}],&quot;targetgroup&quot;:[585],&quot;targetgroup_details&quot;:[{&quot;text&quot;:&quot;Adults&quot;,&quot;id&quot;:585,&quot;icon&quot;:null,&quot;parent&quot;:0}],&quot;language&quot;:[580,579],&quot;language_details&quot;:[{&quot;text&quot;:&quot;English&quot;,&quot;id&quot;:580,&quot;icon&quot;:null,&quot;parent&quot;:0},{&quot;text&quot;:&quot;German&quot;,&quot;id&quot;:579,&quot;icon&quot;:null,&quot;parent&quot;:0}],&quot;accessability&quot;:[596],&quot;accessability_details&quot;:[{&quot;text&quot;:&quot;Accessible for wheelchairs&quot;,&quot;id&quot;:596,&quot;icon&quot;:null,&quot;parent&quot;:0}],&quot;place&quot;:[606],&quot;place_details&quot;:{&quot;place&quot;:&quot;Humboldt Forum&quot;,&quot;map&quot;:&quot;Humboldt Forum, Schlossplatz, Berlin&quot;,&quot;room&quot;:&quot;Basement&quot;},&quot;icon_overwrite&quot;:&quot;&quot;,&quot;acf&quot;:{&quot;shorturl&quot;:&quot;palace-cellar&quot;,&quot;subline&quot;:&quot;History of the Site&quot;,&quot;marketing_text&quot;:&quot;Descend to the historic wall remains of the Berlin Palace&quot;,&quot;highlight_header&quot;:true,&quot;highlight_header_image&quot;:142337,&quot;has_mobile_format&quot;:false,&quot;tipp&quot;:false,&quot;joker&quot;:false,&quot;live&quot;:false,&quot;display_as_single&quot;:false,&quot;featured_images&quot;:[14884,14878],&quot;hyphenation&quot;:true,&quot;planning&quot;:{&quot;price&quot;:&quot;Free admission&quot;,&quot;status&quot;:&quot;JOIN&quot;,&quot;info&quot;:&quot;Free admission&quot;,&quot;shop&quot;:&quot;&quot;,&quot;can_purchase&quot;:false},&quot;noindex&quot;:false,&quot;keywords&quot;:&quot;&quot;,&quot;use_opening_hours_of_the_house&quot;:true,&quot;additional_info&quot;:{&quot;icon&quot;:&quot;0&quot;,&quot;text&quot;:&quot;&quot;},&quot;use_video_in_teasers&quot;:false,&quot;hide_event_in_program&quot;:false,&quot;periods&quot;:[{&quot;label&quot;:&quot;&quot;,&quot;dates&quot;:[{&quot;start&quot;:&quot;202301020000&quot;,&quot;end&quot;:&quot;202212310000&quot;,&quot;has_end&quot;:false,&quot;start_HRFSHORT&quot;:&quot;02\\\/01\\\/23&quot;,&quot;start_HRFSHORT_WD&quot;:&quot;Mon 02\\\/01\\\/2023&quot;}],&quot;monday&quot;:[{&quot;start&quot;:&quot;10:30&quot;,&quot;end&quot;:&quot;18:30&quot;,&quot;closed&quot;:false}],&quot;tuesday&quot;:[{&quot;start&quot;:null,&quot;end&quot;:null,&quot;closed&quot;:true}],&quot;wednesday&quot;:[{&quot;start&quot;:&quot;10:30&quot;,&quot;end&quot;:&quot;18:30&quot;,&quot;closed&quot;:false}],&quot;thursday&quot;:[{&quot;start&quot;:&quot;10:30&quot;,&quot;end&quot;:&quot;18:30&quot;,&quot;closed&quot;:false}],&quot;friday&quot;:[{&quot;start&quot;:&quot;10:30&quot;,&quot;end&quot;:&quot;18:30&quot;,&quot;closed&quot;:false}],&quot;saturday&quot;:[{&quot;start&quot;:&quot;10:30&quot;,&quot;end&quot;:&quot;18:30&quot;,&quot;closed&quot;:false}],&quot;sunday&quot;:[{&quot;start&quot;:&quot;10:30&quot;,&quot;end&quot;:&quot;18:30&quot;,&quot;closed&quot;:false}],&quot;info&quot;:&quot;&quot;,&quot;description&quot;:&quot;&quot;}],&quot;events&quot;:[75150],&quot;infotext&quot;:&quot;&quot;,&quot;period_exception&quot;:[{&quot;label&quot;:&quot;&quot;,&quot;date&quot;:&quot;202512240000&quot;,&quot;closed&quot;:true,&quot;start&quot;:null,&quot;end&quot;:null,&quot;date_HRFSHORT&quot;:&quot;24\\\/12\\\/25&quot;},{&quot;label&quot;:&quot;&quot;,&quot;date&quot;:&quot;202512250000&quot;,&quot;closed&quot;:false,&quot;start&quot;:&quot;12:00&quot;,&quot;end&quot;:&quot;18:00&quot;,&quot;date_HRFSHORT&quot;:&quot;25\\\/12\\\/25&quot;},{&quot;label&quot;:&quot;&quot;,&quot;date&quot;:&quot;202412260000&quot;,&quot;closed&quot;:false,&quot;start&quot;:&quot;12:00&quot;,&quot;end&quot;:&quot;18:00&quot;,&quot;date_HRFSHORT&quot;:&quot;26\\\/12\\\/24&quot;},{&quot;label&quot;:&quot;&quot;,&quot;date&quot;:&quot;202512300000&quot;,&quot;closed&quot;:false,&quot;start&quot;:&quot;10:30&quot;,&quot;end&quot;:&quot;18:30&quot;,&quot;date_HRFSHORT&quot;:&quot;30\\\/12\\\/25&quot;},{&quot;label&quot;:&quot;&quot;,&quot;date&quot;:&quot;202512310000&quot;,&quot;closed&quot;:false,&quot;start&quot;:&quot;10:30&quot;,&quot;end&quot;:&quot;16:30&quot;,&quot;date_HRFSHORT&quot;:&quot;31\\\/12\\\/25&quot;},{&quot;label&quot;:&quot;&quot;,&quot;date&quot;:&quot;202601010000&quot;,&quot;closed&quot;:false,&quot;start&quot;:&quot;12:00&quot;,&quot;end&quot;:&quot;18:00&quot;,&quot;date_HRFSHORT&quot;:&quot;01\\\/01\\\/26&quot;}]},&quot;period_list&quot;:&quot;&lt;strong&gt;Opening hours&lt;\\\/strong&gt;\\nMon, Wed, Thu, Fri, Sat, Sun: 10:30 am \\u2013 6:30 pm  \\nTue: closed\\n\\n&quot;,&quot;period_exception&quot;:&quot;&quot;,&quot;date&quot;:{&quot;infinite&quot;:true,&quot;from_DATE&quot;:202301020000,&quot;from&quot;:1672655400,&quot;from_TIME&quot;:&quot;10:30&quot;,&quot;to&quot;:1809140400,&quot;to_DATE&quot;:202704300830,&quot;to_TIME&quot;:&quot;18:30&quot;,&quot;from_HRFSHORT&quot;:&quot; 2 Jan 2023&quot;,&quot;from_HRFSHORT_WD&quot;:&quot;Mon 02\\\/01\\\/2023&quot;,&quot;from_HRF&quot;:&quot;Mon,  2 January 2023&quot;,&quot;to_HRF&quot;:&quot;Sat,  1 May 2027&quot;,&quot;to_HRFSHORT&quot;:&quot; 1 May 2027&quot;,&quot;to_HRFSHORT_WD&quot;:&quot;Sat 01\\\/05\\\/2027&quot;,&quot;from_to_HRF&quot;:&quot;Mon,  2 January 2023 \\u2013 Sat,  1 May 2027&quot;,&quot;from_to_HRFSHORT&quot;:&quot; 2 Jan 2023 \\u2013  1 May 2027&quot;,&quot;NXX&quot;:&quot;202604300830&quot;,&quot;NLAST&quot;:&quot;202705010300&quot;,&quot;NX&quot;:&quot;20260430&quot;},&quot;alert&quot;:&quot;Highlight&quot;,&quot;partof&quot;:[],&quot;marketing_topic&quot;:&quot;&quot;}' inline-template>\n\t<a href=\"https:\/\/www.humboldtforum.org\/en\/programm\/dauerangebot\/exhibition\/palace-cellar-16431\/\" class=\"teaser teaser-event-permanent teaser-event-standard\">\n\t\t<div class=\"row\">\n\t\t\t<div class=\"col-xs-12 teaser-event-image\">\n\t\t\t\t<div class=\"teaser-image teaser-image-no-alternate\">\n\t\t\t\t\t\t\t\t\t\t\t\t\t<span class=\"alert\">Highlight<\/span>\n\t\t\t\t\t\t\t\t\t\t\t\n\t<lazy-media-inline inline-template>\n\t\t<figure itemscope itemtype=\"http:\/\/schema.org\/ImageObject\" class=\"lazy-media-inline \" role=\"group\" id=\"media_69f3e88e5e98f\" aria-labelledby=\"desc_media_69f3e88e5e98f\">\n\t\t\t<script type=\"application\/json\" ref=\"data\">\n\t\t\t\t{\n\t\t\t\t\"sizes\" : {\"medium\":{\"file\":\"SHF_eb00112679-300x225.jpg\",\"width\":300,\"height\":225,\"mime-type\":\"image\\\/jpeg\",\"filesize\":17829},\"large\":{\"file\":\"SHF_eb00112679-1024x768.jpg\",\"width\":1024,\"height\":768,\"mime-type\":\"image\\\/jpeg\",\"filesize\":152677},\"thumbnail\":{\"file\":\"SHF_eb00112679-150x150.jpg\",\"width\":150,\"height\":150,\"mime-type\":\"image\\\/jpeg\",\"filesize\":7052},\"medium_large\":{\"file\":\"SHF_eb00112679-768x576.jpg\",\"width\":768,\"height\":576,\"mime-type\":\"image\\\/jpeg\",\"filesize\":91072},\"small\":{\"file\":\"SHF_eb00112679-440x330.jpg\",\"width\":440,\"height\":330,\"mime-type\":\"image\\\/jpeg\",\"filesize\":34336},\"semi\":{\"file\":\"SHF_eb00112679-580x435.jpg\",\"width\":580,\"height\":435,\"mime-type\":\"image\\\/jpeg\",\"filesize\":55992},\"mobile\":{\"file\":\"SHF_eb00112679-720x540.jpg\",\"width\":720,\"height\":540,\"mime-type\":\"image\\\/jpeg\",\"filesize\":81597},\"hd\":{\"file\":\"SHF_eb00112679-1280x960.jpg\",\"width\":1280,\"height\":960,\"mime-type\":\"image\\\/jpeg\",\"filesize\":228603},\"full\":{\"file\":\"SHF_eb00112679-1920x1440.jpg\",\"width\":1920,\"height\":1440,\"mime-type\":\"image\\\/jpeg\",\"filesize\":481658},\"xxl\":{\"file\":\"SHF_eb00112679-4048x3037.jpg\",\"width\":4048,\"height\":3037,\"mime-type\":\"image\\\/jpeg\",\"filesize\":1955811},\"1536x1536\":{\"file\":\"SHF_eb00112679-1536x1152.jpg\",\"width\":1536,\"height\":1152,\"mime-type\":\"image\\\/jpeg\",\"filesize\":318994},\"2048x2048\":{\"file\":\"SHF_eb00112679-2048x1536.jpg\",\"width\":2048,\"height\":1536,\"mime-type\":\"image\\\/jpeg\",\"filesize\":542017},\"original\":{\"file\":\"SHF_eb00112679.jpg\",\"width\":11608,\"height\":8708}},\n\t\t\t\t\"alt\" : \"Archaeological excavations in a museum room with historical photographs in the background.\",\n\t\t\t\t\"path\" : \"\\\/wp-content\\\/uploads\\\/2020\\\/10\\\/\",\n\t\t\t\t\"video\" : null,\n\t\t\t\t\"autoplay\" : null,\n\t\t\t\t\"youtube\" : null,\n\t\t\t\t\"youtubelabel\" : \"Play video\",\n\t\t\t\t\"brightness\" : 100,\n\t\t\t\t\"crop\" : null,\n\t\t\t\t\"background\" : true,\n\t\t\t\t\"scale\" : 1\t\t\t\t}\n\t\t\t<\/script>\n\n\t\t\t<div class=\"height-container\" style=\"padding-bottom:75.017229496899%;\" v-if=\"sizes\">\n\t\t\t\t\t\t\t\t<lazy-media :inline=\"true\" :alt=\"alt\" :sizes=\"sizes\" :scale=\"scale\" :brightness=\"brightness\" :path=\"path\" :video=\"video\" :autoplay=\"autoplay\" :youtube=\"youtube\" :crop=\"crop\" :youtubelabel=\"youtubelabel\" :background=\"background\" media-id=\"desc_media_69f3e88e5e98f\"><\/lazy-media>\n\t\t\t\t\t\t\t<\/div>\n\n\t\t\t\t\t\t\t<figcaption class=\"sr-only\" ref=\"body\" id=\"desc_media_69f3e88e5e98f\">\n\t\t\t\t\t\t\t\t\t\t\t\t\t\t\t\t\t\t\t\t\t<div class=\"insignificant\">\u00a9 Stiftung Humboldt Forum im Berliner Schloss, Foto: Alexander Schippel<\/div>\n\t\t\t\t\t\t\t\t\t<\/figcaption>\n\t\t\t\t\t<\/figure>\n\t<\/lazy-media-inline>\n\t\t\t\t<\/div>\n\t\t\t<\/div>\n\t\t\t<div class=\"col-xs-12 teaser-event-text Infos\">\n\t\t\t\t<div class=\"teaser-event-standard-text\">\n\t\t\t\t\t<div class=\"margin-bottom-atom\">\n\t\t\t\t\t\t<div class=\"subline clamp-1\" v-html=\"maingenre\"><\/div>\n\t\t\t\t\t\t\t\t\t\t\t<\/div>\n\t\t\t\t\n\t\t\t\t\t<strong class=\"margin-bottom-atom\">Palace Cellar<\/strong>\n\n\t\t\t\t\t\t\t\t\t\t\t<div class=\"\">Descend to the historic wall remains of the Berlin Palace<\/div>\n\t\t\t\t\t\t\t\t\t<\/div>\n\t\t\t\t<div class=\"teaser-bottom border-bottom\">\n\t\t\t\t<calendardateline :rawitem='item' :show-icon=\"true\"><\/calendardateline>\n\t\t\t\t\t<hr>\n\t\t\t\t<\/div>\n\t\t\t<\/div>\n\t\t<\/div>\n\t<\/a>\n\t<\/calendarteaser>\n<\/li>\n\n<li class=\"teaser-lane-slide col-xs-9 col-sm-4 col-md-3 teaser-wrapper col-padding-remove\">\n\t<calendarteaser key=\"1642814627\" rawitem='{&quot;postId&quot;:16428,&quot;title&quot;:&quot;Flashbacks&quot;,&quot;excerpt&quot;:&quot;Thirty-six objects are distributed throughout the entire Humboldt Forum, recalling important events and past uses as well as unusual and everyday moments in the history of the site.&quot;,&quot;slug&quot;:&quot;flashbacks&quot;,&quot;post_date&quot;:&quot;2020-10-23T15:02&quot;,&quot;type&quot;:&quot;event-permanent&quot;,&quot;permalink&quot;:&quot;https:\\\/\\\/www.humboldtforum.org\\\/en\\\/programm\\\/dauerangebot\\\/exhibition\\\/flashbacks-16428\\\/&quot;,&quot;genre&quot;:[552],&quot;genre_details&quot;:[{&quot;text&quot;:&quot;Exhibition&quot;,&quot;id&quot;:552,&quot;icon&quot;:null,&quot;parent&quot;:0}],&quot;topic&quot;:[590],&quot;topic_details&quot;:[{&quot;text&quot;:&quot;History and Architecture of the Site&quot;,&quot;id&quot;:590,&quot;icon&quot;:null,&quot;parent&quot;:0}],&quot;stakeholder&quot;:[595],&quot;stakeholder_details&quot;:[{&quot;text&quot;:&quot;Stiftung Humboldt Forum im Berliner Schloss&quot;,&quot;id&quot;:595,&quot;icon&quot;:null,&quot;parent&quot;:0}],&quot;editorial&quot;:[614,1359,616,799],&quot;editorial_details&quot;:[{&quot;text&quot;:&quot;historic&quot;,&quot;id&quot;:614,&quot;icon&quot;:null,&quot;parent&quot;:0},{&quot;text&quot;:&quot;historical&quot;,&quot;id&quot;:1359,&quot;icon&quot;:null,&quot;parent&quot;:0},{&quot;text&quot;:&quot;unexpected&quot;,&quot;id&quot;:616,&quot;icon&quot;:null,&quot;parent&quot;:0},{&quot;text&quot;:&quot;varied&quot;,&quot;id&quot;:799,&quot;icon&quot;:null,&quot;parent&quot;:0}],&quot;language&quot;:[580,579],&quot;language_details&quot;:[{&quot;text&quot;:&quot;English&quot;,&quot;id&quot;:580,&quot;icon&quot;:null,&quot;parent&quot;:0},{&quot;text&quot;:&quot;German&quot;,&quot;id&quot;:579,&quot;icon&quot;:null,&quot;parent&quot;:0}],&quot;accessability&quot;:[596],&quot;accessability_details&quot;:[{&quot;text&quot;:&quot;Accessible for wheelchairs&quot;,&quot;id&quot;:596,&quot;icon&quot;:null,&quot;parent&quot;:0}],&quot;icon_overwrite&quot;:&quot;&quot;,&quot;acf&quot;:{&quot;shorturl&quot;:&quot;flashbacks&quot;,&quot;subline&quot;:&quot;History of the Site&quot;,&quot;marketing_text&quot;:&quot;Discover 36 history flashbacks throughout the Humboldt Forum&quot;,&quot;highlight_header&quot;:false,&quot;featured_images&quot;:[16197,116831],&quot;tipp&quot;:false,&quot;joker&quot;:false,&quot;live&quot;:false,&quot;display_as_single&quot;:false,&quot;hyphenation&quot;:false,&quot;planning&quot;:{&quot;price&quot;:&quot;&quot;,&quot;status&quot;:&quot;JOIN&quot;,&quot;info&quot;:&quot;...&quot;,&quot;shop&quot;:&quot;&quot;,&quot;can_purchase&quot;:false},&quot;periods&quot;:[{&quot;label&quot;:&quot;&quot;,&quot;dates&quot;:[{&quot;start&quot;:&quot;202301020000&quot;,&quot;end&quot;:&quot;202212310000&quot;,&quot;has_end&quot;:false,&quot;start_HRFSHORT&quot;:&quot;02\\\/01\\\/23&quot;,&quot;start_HRFSHORT_WD&quot;:&quot;Mon 02\\\/01\\\/2023&quot;}],&quot;monday&quot;:[{&quot;start&quot;:&quot;10:30&quot;,&quot;end&quot;:&quot;18:30&quot;,&quot;closed&quot;:false}],&quot;tuesday&quot;:[{&quot;start&quot;:null,&quot;end&quot;:null,&quot;closed&quot;:true}],&quot;wednesday&quot;:[{&quot;start&quot;:&quot;10:30&quot;,&quot;end&quot;:&quot;18:30&quot;,&quot;closed&quot;:false}],&quot;thursday&quot;:[{&quot;start&quot;:&quot;10:30&quot;,&quot;end&quot;:&quot;18:30&quot;,&quot;closed&quot;:false}],&quot;friday&quot;:[{&quot;start&quot;:&quot;10:30&quot;,&quot;end&quot;:&quot;18:30&quot;,&quot;closed&quot;:false}],&quot;saturday&quot;:[{&quot;start&quot;:&quot;10:30&quot;,&quot;end&quot;:&quot;18:30&quot;,&quot;closed&quot;:false}],&quot;sunday&quot;:[{&quot;start&quot;:&quot;10:30&quot;,&quot;end&quot;:&quot;18:30&quot;,&quot;closed&quot;:false}],&quot;info&quot;:&quot;&quot;,&quot;description&quot;:&quot;&quot;}],&quot;period_exception&quot;:[{&quot;label&quot;:&quot;New Year&#039;s Eve&quot;,&quot;date&quot;:&quot;202012310000&quot;,&quot;closed&quot;:false,&quot;start&quot;:null,&quot;end&quot;:null,&quot;date_HRFSHORT&quot;:&quot;31\\\/12\\\/20&quot;},{&quot;label&quot;:&quot;&quot;,&quot;date&quot;:&quot;202512240000&quot;,&quot;closed&quot;:true,&quot;start&quot;:null,&quot;end&quot;:null,&quot;date_HRFSHORT&quot;:&quot;24\\\/12\\\/25&quot;},{&quot;label&quot;:&quot;&quot;,&quot;date&quot;:&quot;202512250000&quot;,&quot;closed&quot;:false,&quot;start&quot;:&quot;12:00&quot;,&quot;end&quot;:&quot;18:00&quot;,&quot;date_HRFSHORT&quot;:&quot;25\\\/12\\\/25&quot;},{&quot;label&quot;:&quot;&quot;,&quot;date&quot;:&quot;202412260000&quot;,&quot;closed&quot;:false,&quot;start&quot;:&quot;12:00&quot;,&quot;end&quot;:&quot;18:00&quot;,&quot;date_HRFSHORT&quot;:&quot;26\\\/12\\\/24&quot;},{&quot;label&quot;:&quot;&quot;,&quot;date&quot;:&quot;202512300000&quot;,&quot;closed&quot;:false,&quot;start&quot;:&quot;10:30&quot;,&quot;end&quot;:&quot;18:30&quot;,&quot;date_HRFSHORT&quot;:&quot;30\\\/12\\\/25&quot;},{&quot;label&quot;:&quot;&quot;,&quot;date&quot;:&quot;202512310000&quot;,&quot;closed&quot;:false,&quot;start&quot;:&quot;10:30&quot;,&quot;end&quot;:&quot;16:30&quot;,&quot;date_HRFSHORT&quot;:&quot;31\\\/12\\\/25&quot;},{&quot;label&quot;:&quot;&quot;,&quot;date&quot;:&quot;202601010000&quot;,&quot;closed&quot;:false,&quot;start&quot;:&quot;12:00&quot;,&quot;end&quot;:&quot;18:00&quot;,&quot;date_HRFSHORT&quot;:&quot;01\\\/01\\\/26&quot;}],&quot;noindex&quot;:false,&quot;keywords&quot;:&quot;&quot;,&quot;use_opening_hours_of_the_house&quot;:true,&quot;additional_info&quot;:{&quot;icon&quot;:&quot;0&quot;,&quot;text&quot;:&quot;&quot;},&quot;use_video_in_teasers&quot;:false,&quot;hide_event_in_program&quot;:false},&quot;period_list&quot;:&quot;&lt;strong&gt;Opening hours&lt;\\\/strong&gt;\\nMon, Wed, Thu, Fri, Sat, Sun: 10:30 am \\u2013 6:30 pm  \\nTue: closed\\n\\n&quot;,&quot;period_exception&quot;:&quot;&quot;,&quot;date&quot;:{&quot;infinite&quot;:true,&quot;from_DATE&quot;:202301020000,&quot;from&quot;:1672655400,&quot;from_TIME&quot;:&quot;10:30&quot;,&quot;to&quot;:1809140400,&quot;to_DATE&quot;:202704300830,&quot;to_TIME&quot;:&quot;18:30&quot;,&quot;from_HRFSHORT&quot;:&quot; 2 Jan 2023&quot;,&quot;from_HRFSHORT_WD&quot;:&quot;Mon 02\\\/01\\\/2023&quot;,&quot;from_HRF&quot;:&quot;Mon,  2 January 2023&quot;,&quot;to_HRF&quot;:&quot;Sat,  1 May 2027&quot;,&quot;to_HRFSHORT&quot;:&quot; 1 May 2027&quot;,&quot;to_HRFSHORT_WD&quot;:&quot;Sat 01\\\/05\\\/2027&quot;,&quot;from_to_HRF&quot;:&quot;Mon,  2 January 2023 \\u2013 Sat,  1 May 2027&quot;,&quot;from_to_HRFSHORT&quot;:&quot; 2 Jan 2023 \\u2013  1 May 2027&quot;,&quot;NXX&quot;:&quot;202604300830&quot;,&quot;NLAST&quot;:&quot;202705010300&quot;,&quot;NX&quot;:&quot;20260430&quot;},&quot;alert&quot;:null,&quot;partof&quot;:[],&quot;marketing_topic&quot;:&quot;&quot;}' inline-template>\n\t<a href=\"https:\/\/www.humboldtforum.org\/en\/programm\/dauerangebot\/exhibition\/flashbacks-16428\/\" class=\"teaser teaser-event-permanent teaser-event-standard\">\n\t\t<div class=\"row\">\n\t\t\t<div class=\"col-xs-12 teaser-event-image\">\n\t\t\t\t<div class=\"teaser-image teaser-image-no-alternate\">\n\t\t\t\t\t\t\t\t\t\t\t\n\t<lazy-media-inline inline-template>\n\t\t<figure itemscope itemtype=\"http:\/\/schema.org\/ImageObject\" class=\"lazy-media-inline \" role=\"group\" id=\"media_69f3e88e606f4\" aria-labelledby=\"desc_media_69f3e88e606f4\">\n\t\t\t<script type=\"application\/json\" ref=\"data\">\n\t\t\t\t{\n\t\t\t\t\"sizes\" : {\"medium\":{\"file\":\"SHF_eb00062405-300x264.jpg\",\"width\":300,\"height\":264,\"mime-type\":\"image\\\/jpeg\"},\"large\":{\"file\":\"SHF_eb00062405-1024x903.jpg\",\"width\":1024,\"height\":903,\"mime-type\":\"image\\\/jpeg\"},\"thumbnail\":{\"file\":\"SHF_eb00062405-150x150.jpg\",\"width\":150,\"height\":150,\"mime-type\":\"image\\\/jpeg\"},\"medium_large\":{\"file\":\"SHF_eb00062405-768x677.jpg\",\"width\":768,\"height\":677,\"mime-type\":\"image\\\/jpeg\"},\"small\":{\"file\":\"SHF_eb00062405-440x388.jpg\",\"width\":440,\"height\":388,\"mime-type\":\"image\\\/jpeg\"},\"semi\":{\"file\":\"SHF_eb00062405-580x511.jpg\",\"width\":580,\"height\":511,\"mime-type\":\"image\\\/jpeg\"},\"mobile\":{\"file\":\"SHF_eb00062405-720x635.jpg\",\"width\":720,\"height\":635,\"mime-type\":\"image\\\/jpeg\"},\"hd\":{\"file\":\"SHF_eb00062405-1280x1128.jpg\",\"width\":1280,\"height\":1128,\"mime-type\":\"image\\\/jpeg\"},\"full\":{\"file\":\"SHF_eb00062405-1920x1692.jpg\",\"width\":1920,\"height\":1692,\"mime-type\":\"image\\\/jpeg\"},\"1536x1536\":{\"file\":\"SHF_eb00062405-1536x1354.jpg\",\"width\":1536,\"height\":1354,\"mime-type\":\"image\\\/jpeg\"},\"original\":{\"file\":\"SHF_eb00062405.jpg\",\"width\":2000,\"height\":1763}},\n\t\t\t\t\"alt\" : \"Model of a silver ship with detailed sails and fine decorations.\",\n\t\t\t\t\"path\" : \"\\\/wp-content\\\/uploads\\\/2020\\\/10\\\/\",\n\t\t\t\t\"video\" : null,\n\t\t\t\t\"autoplay\" : null,\n\t\t\t\t\"youtube\" : null,\n\t\t\t\t\"youtubelabel\" : \"Play video\",\n\t\t\t\t\"brightness\" : 100,\n\t\t\t\t\"crop\" : {\"top\":\"40.00\",\"left\":\"50.00\"},\n\t\t\t\t\"background\" : true,\n\t\t\t\t\"scale\" : 2\t\t\t\t}\n\t\t\t<\/script>\n\n\t\t\t<div class=\"height-container\" style=\"padding-bottom:88.15%;\" v-if=\"sizes\">\n\t\t\t\t\t\t\t\t<lazy-media :inline=\"true\" :alt=\"alt\" :sizes=\"sizes\" :scale=\"scale\" :brightness=\"brightness\" :path=\"path\" :video=\"video\" :autoplay=\"autoplay\" :youtube=\"youtube\" :crop=\"crop\" :youtubelabel=\"youtubelabel\" :background=\"background\" media-id=\"desc_media_69f3e88e606f4\"><\/lazy-media>\n\t\t\t\t\t\t\t<\/div>\n\n\t\t\t\t\t\t\t<figcaption class=\"sr-only\" ref=\"body\" id=\"desc_media_69f3e88e606f4\">\n\t\t\t\t\t\t\t\t\t\t\t<div>Silver model of the flagship &quot;HMS Victory&quot; for Kaiser Wilhelm II, c. 1906.<\/div>\n\t\t\t\t\t\t\t\t\t\t\t\t\t\t\t\t\t\t\t\t\t<div class=\"insignificant\">\u00a9 Modell der HMS Victory aus dem Berliner Schloss, HM 5063 \/ Stiftung Hohenzollernscher Kunstbesitz \/ \u00a9 Stiftung Preu\u00dfische Schl\u00f6sser und G\u00e4rten Berlin-Brandenburg \/ Stiftung Humboldt Forum im Berliner Schloss, Foto: Philipp Jester | Jens Blank<\/div>\n\t\t\t\t\t\t\t\t\t<\/figcaption>\n\t\t\t\t\t<\/figure>\n\t<\/lazy-media-inline>\n\t\t\t\t<\/div>\n\t\t\t<\/div>\n\t\t\t<div class=\"col-xs-12 teaser-event-text Infos\">\n\t\t\t\t<div class=\"teaser-event-standard-text\">\n\t\t\t\t\t<div class=\"margin-bottom-atom\">\n\t\t\t\t\t\t<div class=\"subline clamp-1\" v-html=\"maingenre\"><\/div>\n\t\t\t\t\t\t\t\t\t\t\t<\/div>\n\t\t\t\t\n\t\t\t\t\t<strong class=\"margin-bottom-atom\">Flashbacks<\/strong>\n\n\t\t\t\t\t\t\t\t\t\t\t<div class=\"\">Discover 36 history flashbacks throughout the Humboldt Forum<\/div>\n\t\t\t\t\t\t\t\t\t<\/div>\n\t\t\t\t<div class=\"teaser-bottom border-bottom\">\n\t\t\t\t<calendardateline :rawitem='item' :show-icon=\"true\"><\/calendardateline>\n\t\t\t\t\t<hr>\n\t\t\t\t<\/div>\n\t\t\t<\/div>\n\t\t<\/div>\n\t<\/a>\n\t<\/calendarteaser>\n<\/li>\n\n<li class=\"teaser-lane-slide col-xs-9 col-sm-4 col-md-3 teaser-wrapper col-padding-remove\">\n\t<calendarteaser key=\"4146416188\" rawitem='{&quot;postId&quot;:41464,&quot;title&quot;:&quot;On the traces of history&quot;,&quot;excerpt&quot;:&quot;Die Vorgeschichte des Humboldt Forums ist lang und wechselvoll. Die Kurator*innen der Ausstellungsr\\u00e4ume zur Geschichte des Ortes standen vor besonderen Fragen: Wie wird der Charakter dieses Ortes erfahrbar? Wie r\\u00fcckt man l\\u00e4ngst zerst\\u00f6rte Geb\\u00e4ude wieder ins Bewusstsein?&quot;,&quot;slug&quot;:&quot;on-the-traces-of-history-2&quot;,&quot;post_date&quot;:&quot;2022-04-01T12:27&quot;,&quot;type&quot;:&quot;event&quot;,&quot;permalink&quot;:&quot;https:\\\/\\\/www.humboldtforum.org\\\/en\\\/programm\\\/termin\\\/guided-tour\\\/on-the-traces-of-history-2-41464\\\/&quot;,&quot;genre&quot;:[822],&quot;genre_details&quot;:[{&quot;text&quot;:&quot;Guided Tour&quot;,&quot;id&quot;:822,&quot;icon&quot;:null,&quot;parent&quot;:0}],&quot;topic&quot;:[590],&quot;topic_details&quot;:[{&quot;text&quot;:&quot;History and Architecture of the Site&quot;,&quot;id&quot;:590,&quot;icon&quot;:null,&quot;parent&quot;:0}],&quot;stakeholder&quot;:[595],&quot;stakeholder_details&quot;:[{&quot;text&quot;:&quot;Stiftung Humboldt Forum im Berliner Schloss&quot;,&quot;id&quot;:595,&quot;icon&quot;:null,&quot;parent&quot;:0}],&quot;targetgroup&quot;:[585,715],&quot;targetgroup_details&quot;:[{&quot;text&quot;:&quot;Adults&quot;,&quot;id&quot;:585,&quot;icon&quot;:null,&quot;parent&quot;:0},{&quot;text&quot;:&quot;Teenager&quot;,&quot;id&quot;:715,&quot;icon&quot;:null,&quot;parent&quot;:0}],&quot;language&quot;:[580],&quot;language_details&quot;:[{&quot;text&quot;:&quot;English&quot;,&quot;id&quot;:580,&quot;icon&quot;:null,&quot;parent&quot;:0}],&quot;age&quot;:[711],&quot;age_details&quot;:[{&quot;text&quot;:&quot;14 years and older&quot;,&quot;id&quot;:711,&quot;icon&quot;:null,&quot;parent&quot;:0}],&quot;groupsize&quot;:[1092],&quot;groupsize_details&quot;:[{&quot;text&quot;:&quot;max. 25 persons&quot;,&quot;id&quot;:1092,&quot;icon&quot;:null,&quot;parent&quot;:0}],&quot;icon_overwrite&quot;:&quot;&quot;,&quot;acf&quot;:{&quot;noindex&quot;:false,&quot;keywords&quot;:&quot;&quot;,&quot;hashtag&quot;:&quot;HumboldtForum&quot;,&quot;belongsto&quot;:false,&quot;shorturl&quot;:&quot;&quot;,&quot;times&quot;:[{&quot;start&quot;:&quot;20260503 13:00&quot;,&quot;end&quot;:&quot;14:00&quot;,&quot;status&quot;:&quot;BUY&quot;,&quot;info&quot;:&quot;Guided Tour in English - 9 EUR&quot;,&quot;shop&quot;:&quot;https:\\\/\\\/tickets.humboldtforum.org\\\/#\\\/product\\\/event\\\/241?date=2026-05-03&amp;date_id=28347&amp;lang=en&quot;,&quot;i&quot;:2,&quot;start_hour&quot;:&quot;01:00 pm&quot;,&quot;start_HRF&quot;:&quot;Sun,  3 May 2026&quot;,&quot;_date&quot;:{&quot;date&quot;:&quot;2026-05-03 14:00:00.000000&quot;,&quot;timezone_type&quot;:3,&quot;timezone&quot;:&quot;Europe\\\/Berlin&quot;},&quot;_fromdate&quot;:&quot;20260503 13:00&quot;,&quot;start_TS&quot;:1777806000,&quot;start_HRFSHORT&quot;:&quot;03\\\/05\\\/26&quot;,&quot;start_HRFSHORT_WD&quot;:&quot;Sun 03\\\/05\\\/2026&quot;,&quot;end_TS&quot;:1777809600,&quot;can_purchase&quot;:true},{&quot;start&quot;:&quot;20260517 13:00&quot;,&quot;end&quot;:&quot;14:00&quot;,&quot;status&quot;:&quot;BUY&quot;,&quot;info&quot;:&quot;Guided Tour in English - 9 EUR&quot;,&quot;shop&quot;:&quot;https:\\\/\\\/tickets.humboldtforum.org\\\/#\\\/product\\\/event\\\/241?date=2026-05-17&amp;date_id=28348&amp;lang=en&quot;,&quot;i&quot;:3,&quot;start_hour&quot;:&quot;01:00 pm&quot;,&quot;start_HRF&quot;:&quot;Sun, 17 May 2026&quot;,&quot;_date&quot;:{&quot;date&quot;:&quot;2026-05-17 14:00:00.000000&quot;,&quot;timezone_type&quot;:3,&quot;timezone&quot;:&quot;Europe\\\/Berlin&quot;},&quot;_fromdate&quot;:&quot;20260517 13:00&quot;,&quot;start_TS&quot;:1779015600,&quot;start_HRFSHORT&quot;:&quot;17\\\/05\\\/26&quot;,&quot;start_HRFSHORT_WD&quot;:&quot;Sun 17\\\/05\\\/2026&quot;,&quot;end_TS&quot;:1779019200,&quot;can_purchase&quot;:true},{&quot;start&quot;:&quot;20260531 13:00&quot;,&quot;end&quot;:&quot;14:00&quot;,&quot;status&quot;:&quot;BUY&quot;,&quot;info&quot;:&quot;Guided Tour in English - 9 EUR&quot;,&quot;shop&quot;:&quot;https:\\\/\\\/tickets.humboldtforum.org\\\/#\\\/product\\\/event\\\/241?date=2026-05-31&amp;date_id=28349&amp;lang=en&quot;,&quot;i&quot;:4,&quot;start_hour&quot;:&quot;01:00 pm&quot;,&quot;start_HRF&quot;:&quot;Sun, 31 May 2026&quot;,&quot;_date&quot;:{&quot;date&quot;:&quot;2026-05-31 14:00:00.000000&quot;,&quot;timezone_type&quot;:3,&quot;timezone&quot;:&quot;Europe\\\/Berlin&quot;},&quot;_fromdate&quot;:&quot;20260531 13:00&quot;,&quot;start_TS&quot;:1780225200,&quot;start_HRFSHORT&quot;:&quot;31\\\/05\\\/26&quot;,&quot;start_HRFSHORT_WD&quot;:&quot;Sun 31\\\/05\\\/2026&quot;,&quot;end_TS&quot;:1780228800,&quot;can_purchase&quot;:true},{&quot;start&quot;:&quot;20260614 13:00&quot;,&quot;end&quot;:&quot;14:00&quot;,&quot;status&quot;:&quot;BUY&quot;,&quot;info&quot;:&quot;Guided Tour in English - 9 EUR&quot;,&quot;shop&quot;:&quot;https:\\\/\\\/tickets.humboldtforum.org\\\/#\\\/product\\\/event\\\/241?date=2026-06-14&amp;date_id=28505&amp;lang=en&quot;,&quot;i&quot;:0,&quot;start_hour&quot;:&quot;01:00 pm&quot;,&quot;start_HRF&quot;:&quot;Sun, 14 June 2026&quot;,&quot;_date&quot;:{&quot;date&quot;:&quot;2026-06-14 14:00:00.000000&quot;,&quot;timezone_type&quot;:3,&quot;timezone&quot;:&quot;Europe\\\/Berlin&quot;},&quot;_fromdate&quot;:&quot;20260614 13:00&quot;,&quot;start_TS&quot;:1781434800,&quot;start_HRFSHORT&quot;:&quot;14\\\/06\\\/26&quot;,&quot;start_HRFSHORT_WD&quot;:&quot;Sun 14\\\/06\\\/2026&quot;,&quot;end_TS&quot;:1781438400,&quot;can_purchase&quot;:true},{&quot;start&quot;:&quot;20260628 13:00&quot;,&quot;end&quot;:&quot;14:00&quot;,&quot;status&quot;:&quot;BUY&quot;,&quot;info&quot;:&quot;Guided Tour in English - 9 EUR&quot;,&quot;shop&quot;:&quot;https:\\\/\\\/tickets.humboldtforum.org\\\/#\\\/product\\\/event\\\/241?date=2026-06-28&amp;date_id=28506&amp;lang=en&quot;,&quot;i&quot;:1,&quot;start_hour&quot;:&quot;01:00 pm&quot;,&quot;start_HRF&quot;:&quot;Sun, 28 June 2026&quot;,&quot;_date&quot;:{&quot;date&quot;:&quot;2026-06-28 14:00:00.000000&quot;,&quot;timezone_type&quot;:3,&quot;timezone&quot;:&quot;Europe\\\/Berlin&quot;},&quot;_fromdate&quot;:&quot;20260628 13:00&quot;,&quot;start_TS&quot;:1782644400,&quot;start_HRFSHORT&quot;:&quot;28\\\/06\\\/26&quot;,&quot;start_HRFSHORT_WD&quot;:&quot;Sun 28\\\/06\\\/2026&quot;,&quot;end_TS&quot;:1782648000,&quot;can_purchase&quot;:true}],&quot;planning&quot;:{&quot;price&quot;:&quot;9 EUR pro Person&quot;,&quot;admission&quot;:&quot;&quot;,&quot;pause&quot;:&quot;&quot;,&quot;duration&quot;:&quot;60&quot;},&quot;subline&quot;:&quot;Guided tour of the history of the place&quot;,&quot;tickettext&quot;:&quot;Please book your ticket in advance online or at the box office in the foyer.&quot;,&quot;additional_info&quot;:{&quot;icon&quot;:&quot;icon-uhr&quot;,&quot;text&quot;:&quot;Dates and ticket booking for the coming month will be activated at the end of the previous month.&quot;},&quot;highlight_header&quot;:false,&quot;featured_images&quot;:[41453],&quot;use_video_in_teasers&quot;:false,&quot;hyphenation&quot;:true,&quot;tipp&quot;:false,&quot;alert_text&quot;:&quot;EN&quot;,&quot;joker&quot;:false,&quot;live&quot;:false,&quot;hide_event_in_program&quot;:false,&quot;shorttext&quot;:&quot;Die Vorgeschichte des Humboldt Forums ist lang und wechselvoll. Die Kurator*innen der Ausstellungsr\\u00e4ume zur Geschichte des Ortes standen vor besonderen Fragen: Wie wird der Charakter dieses Ortes erfahrbar? Wie r\\u00fcckt man l\\u00e4ngst zerst\\u00f6rte Geb\\u00e4ude wieder ins Bewusstsein?&quot;,&quot;hm_id&quot;:&quot;&quot;,&quot;gomus_id&quot;:&quot;&quot;},&quot;date&quot;:{&quot;NX&quot;:&quot;20260503&quot;,&quot;NXX&quot;:&quot;202605031300&quot;,&quot;NLAST&quot;:&quot;202606280900&quot;,&quot;from_DATE&quot;:&quot;20260503 13:00&quot;,&quot;from&quot;:1777798800,&quot;to&quot;:1782637200,&quot;to_DATE&quot;:&quot;20260628 13:00&quot;,&quot;from_HRFSHORT&quot;:&quot; 3 May 2026&quot;,&quot;from_HRFSHORT_WD&quot;:&quot;Sun 03\\\/05\\\/2026&quot;,&quot;to_HRFSHORT&quot;:&quot;28 Jun 2026&quot;,&quot;to_HRFSHORT_WD&quot;:&quot;Sun 28\\\/06\\\/2026&quot;,&quot;from_HRF&quot;:&quot;Sun,  3 May 2026&quot;,&quot;to_HRF&quot;:&quot;Sun, 28 June 2026&quot;,&quot;from_to_HRF&quot;:&quot;Sun,  3 May \\u2013 Sun, 28 June 2026&quot;,&quot;from_to_HRFSHORT&quot;:&quot; 3 May \\u2013 28 Jun 2026&quot;},&quot;alert&quot;:&quot;EN&quot;,&quot;partof&quot;:[],&quot;marketing_topic&quot;:{&quot;title&quot;:&quot;History and Architecture of the Site&quot;,&quot;0&quot;:&quot;topic&quot;}}' inline-template>\n\t<a href=\"https:\/\/www.humboldtforum.org\/en\/programm\/termin\/guided-tour\/on-the-traces-of-history-2-41464\/\" class=\"teaser teaser-event teaser-event-standard\">\n\t\t<div class=\"row\">\n\t\t\t<div class=\"col-xs-12 teaser-event-image\">\n\t\t\t\t<div class=\"teaser-image teaser-image-no-alternate\">\n\t\t\t\t\t\t\t\t\t\t\t\t\t<span class=\"alert\">EN<\/span>\n\t\t\t\t\t\t\t\t\t\t\t\n\t<lazy-media-inline inline-template>\n\t\t<figure itemscope itemtype=\"http:\/\/schema.org\/ImageObject\" class=\"lazy-media-inline \" role=\"group\" id=\"media_69f3e88e61afa\" aria-labelledby=\"desc_media_69f3e88e61afa\">\n\t\t\t<script type=\"application\/json\" ref=\"data\">\n\t\t\t\t{\n\t\t\t\t\"sizes\" : {\"medium\":{\"file\":\"SHF_eb00129465-300x200.jpg\",\"width\":300,\"height\":200,\"mime-type\":\"image\\\/jpeg\"},\"large\":{\"file\":\"SHF_eb00129465-1024x683.jpg\",\"width\":1024,\"height\":683,\"mime-type\":\"image\\\/jpeg\"},\"thumbnail\":{\"file\":\"SHF_eb00129465-150x150.jpg\",\"width\":150,\"height\":150,\"mime-type\":\"image\\\/jpeg\"},\"medium_large\":{\"file\":\"SHF_eb00129465-768x512.jpg\",\"width\":768,\"height\":512,\"mime-type\":\"image\\\/jpeg\"},\"small\":{\"file\":\"SHF_eb00129465-440x293.jpg\",\"width\":440,\"height\":293,\"mime-type\":\"image\\\/jpeg\"},\"semi\":{\"file\":\"SHF_eb00129465-580x387.jpg\",\"width\":580,\"height\":387,\"mime-type\":\"image\\\/jpeg\"},\"mobile\":{\"file\":\"SHF_eb00129465-720x480.jpg\",\"width\":720,\"height\":480,\"mime-type\":\"image\\\/jpeg\"},\"hd\":{\"file\":\"SHF_eb00129465-1280x853.jpg\",\"width\":1280,\"height\":853,\"mime-type\":\"image\\\/jpeg\"},\"full\":{\"file\":\"SHF_eb00129465-1920x1280.jpg\",\"width\":1920,\"height\":1280,\"mime-type\":\"image\\\/jpeg\"},\"xxl\":{\"file\":\"SHF_eb00129465-4048x2699.jpg\",\"width\":4048,\"height\":2699,\"mime-type\":\"image\\\/jpeg\"},\"1536x1536\":{\"file\":\"SHF_eb00129465-1536x1024.jpg\",\"width\":1536,\"height\":1024,\"mime-type\":\"image\\\/jpeg\"},\"2048x2048\":{\"file\":\"SHF_eb00129465-2048x1365.jpg\",\"width\":2048,\"height\":1365,\"mime-type\":\"image\\\/jpeg\"},\"original\":{\"file\":\"SHF_eb00129465.jpg\",\"width\":6532,\"height\":4355}},\n\t\t\t\t\"alt\" : \"Two masked women are focused on working at a table with various objects in a modern room.\",\n\t\t\t\t\"path\" : \"\\\/wp-content\\\/uploads\\\/2022\\\/04\\\/\",\n\t\t\t\t\"video\" : null,\n\t\t\t\t\"autoplay\" : null,\n\t\t\t\t\"youtube\" : null,\n\t\t\t\t\"youtubelabel\" : \"Play video\",\n\t\t\t\t\"brightness\" : 100,\n\t\t\t\t\"crop\" : null,\n\t\t\t\t\"background\" : true,\n\t\t\t\t\"scale\" : 2\t\t\t\t}\n\t\t\t<\/script>\n\n\t\t\t<div class=\"height-container\" style=\"padding-bottom:66.671769748928%;\" v-if=\"sizes\">\n\t\t\t\t\t\t\t\t<lazy-media :inline=\"true\" :alt=\"alt\" :sizes=\"sizes\" :scale=\"scale\" :brightness=\"brightness\" :path=\"path\" :video=\"video\" :autoplay=\"autoplay\" :youtube=\"youtube\" :crop=\"crop\" :youtubelabel=\"youtubelabel\" :background=\"background\" media-id=\"desc_media_69f3e88e61afa\"><\/lazy-media>\n\t\t\t\t\t\t\t<\/div>\n\n\t\t\t\t\t\t\t<figcaption class=\"sr-only\" ref=\"body\" id=\"desc_media_69f3e88e61afa\">\n\t\t\t\t\t\t\t\t\t\t\t<div>On the basis of selected stations and objects the guided tour offers an insight into the history of the place<\/div>\n\t\t\t\t\t\t\t\t\t\t\t\t\t\t\t\t\t\t\t\t\t<div class=\"insignificant\">\u00a9 Stiftung Humboldt Forum im Berliner Schloss \/ Image: Frank Sperling<\/div>\n\t\t\t\t\t\t\t\t\t<\/figcaption>\n\t\t\t\t\t<\/figure>\n\t<\/lazy-media-inline>\n\t\t\t\t<\/div>\n\t\t\t<\/div>\n\t\t\t<div class=\"col-xs-12 teaser-event-text Infos\">\n\t\t\t\t<div class=\"teaser-event-standard-text\">\n\t\t\t\t\t<div class=\"margin-bottom-atom\">\n\t\t\t\t\t\t<div class=\"subline clamp-1\" v-html=\"maingenre\"><\/div>\n\t\t\t\t\t\t\t\t\t\t\t\t\t<div class=\"insignificant clamp-2\">History and Architecture of the Site<\/div>\n\t\t\t\t\t\t\t\t\t\t\t<\/div>\n\t\t\t\t\n\t\t\t\t\t<strong class=\"margin-bottom-atom\">On the traces of history<\/strong>\n\n\t\t\t\t\t\t\t\t\t\t\t<div class=\"\">Guided tour of the history of the place<\/div>\n\t\t\t\t\t\t\t\t\t<\/div>\n\t\t\t\t<div class=\"teaser-bottom border-bottom\">\n\t\t\t\t<calendardateline :rawitem='item' :show-icon=\"true\"><\/calendardateline>\n\t\t\t\t\t<hr>\n\t\t\t\t<\/div>\n\t\t\t<\/div>\n\t\t<\/div>\n\t<\/a>\n\t<\/calendarteaser>\n<\/li>\n\n<li class=\"teaser-lane-slide col-xs-9 col-sm-4 col-md-3 teaser-wrapper col-padding-remove\">\n\t<calendarteaser key=\"41461143\" rawitem='{&quot;postId&quot;:41461,&quot;title&quot;:&quot;On the traces of history&quot;,&quot;excerpt&quot;:&quot;Die Vorgeschichte des Humboldt Forums ist lang und wechselvoll. Die Kurator*innen der Ausstellungsr\\u00e4ume zur Geschichte des Ortes standen vor besonderen Fragen: Wie wird der Charakter dieses Ortes erfahrbar? Wie r\\u00fcckt man l\\u00e4ngst zerst\\u00f6rte Geb\\u00e4ude wieder ins Bewusstsein?&quot;,&quot;slug&quot;:&quot;on-the-traces-of-history&quot;,&quot;post_date&quot;:&quot;2022-04-01T12:16&quot;,&quot;type&quot;:&quot;event&quot;,&quot;permalink&quot;:&quot;https:\\\/\\\/www.humboldtforum.org\\\/en\\\/programm\\\/termin\\\/guided-tour\\\/on-the-traces-of-history-41461\\\/&quot;,&quot;genre&quot;:[822],&quot;genre_details&quot;:[{&quot;text&quot;:&quot;Guided Tour&quot;,&quot;id&quot;:822,&quot;icon&quot;:null,&quot;parent&quot;:0}],&quot;topic&quot;:[590],&quot;topic_details&quot;:[{&quot;text&quot;:&quot;History and Architecture of the Site&quot;,&quot;id&quot;:590,&quot;icon&quot;:null,&quot;parent&quot;:0}],&quot;stakeholder&quot;:[595],&quot;stakeholder_details&quot;:[{&quot;text&quot;:&quot;Stiftung Humboldt Forum im Berliner Schloss&quot;,&quot;id&quot;:595,&quot;icon&quot;:null,&quot;parent&quot;:0}],&quot;targetgroup&quot;:[585,715],&quot;targetgroup_details&quot;:[{&quot;text&quot;:&quot;Adults&quot;,&quot;id&quot;:585,&quot;icon&quot;:null,&quot;parent&quot;:0},{&quot;text&quot;:&quot;Teenager&quot;,&quot;id&quot;:715,&quot;icon&quot;:null,&quot;parent&quot;:0}],&quot;language&quot;:[579],&quot;language_details&quot;:[{&quot;text&quot;:&quot;German&quot;,&quot;id&quot;:579,&quot;icon&quot;:null,&quot;parent&quot;:0}],&quot;age&quot;:[711],&quot;age_details&quot;:[{&quot;text&quot;:&quot;14 years and older&quot;,&quot;id&quot;:711,&quot;icon&quot;:null,&quot;parent&quot;:0}],&quot;groupsize&quot;:[1092],&quot;groupsize_details&quot;:[{&quot;text&quot;:&quot;max. 25 persons&quot;,&quot;id&quot;:1092,&quot;icon&quot;:null,&quot;parent&quot;:0}],&quot;icon_overwrite&quot;:&quot;&quot;,&quot;acf&quot;:{&quot;noindex&quot;:false,&quot;keywords&quot;:&quot;&quot;,&quot;hashtag&quot;:&quot;HumboldtForum&quot;,&quot;belongsto&quot;:false,&quot;shorturl&quot;:&quot;&quot;,&quot;times&quot;:[{&quot;start&quot;:&quot;20260503 15:00&quot;,&quot;end&quot;:&quot;16:00&quot;,&quot;status&quot;:&quot;BUY&quot;,&quot;info&quot;:&quot;Guided Tour in German - 9 EUR&quot;,&quot;shop&quot;:&quot;https:\\\/\\\/tickets.humboldtforum.org\\\/#\\\/product\\\/event\\\/241?date=2026-05-03&amp;date_id=28344&amp;lang=en&quot;,&quot;i&quot;:11,&quot;start_hour&quot;:&quot;03:00 pm&quot;,&quot;start_HRF&quot;:&quot;Sun,  3 May 2026&quot;,&quot;_date&quot;:{&quot;date&quot;:&quot;2026-05-03 16:00:00.000000&quot;,&quot;timezone_type&quot;:3,&quot;timezone&quot;:&quot;Europe\\\/Berlin&quot;},&quot;_fromdate&quot;:&quot;20260503 15:00&quot;,&quot;start_TS&quot;:1777813200,&quot;start_HRFSHORT&quot;:&quot;03\\\/05\\\/26&quot;,&quot;start_HRFSHORT_WD&quot;:&quot;Sun 03\\\/05\\\/2026&quot;,&quot;end_TS&quot;:1777816800,&quot;can_purchase&quot;:true},{&quot;start&quot;:&quot;20260506 17:00&quot;,&quot;end&quot;:&quot;18:00&quot;,&quot;status&quot;:&quot;BUY&quot;,&quot;info&quot;:&quot;Guided Tour in German - 9 EUR&quot;,&quot;shop&quot;:&quot;https:\\\/\\\/tickets.humboldtforum.org\\\/#\\\/product\\\/event\\\/241?date=2026-05-06&amp;date_id=28120&amp;lang=en&quot;,&quot;i&quot;:7,&quot;start_hour&quot;:&quot;05:00 pm&quot;,&quot;start_HRF&quot;:&quot;Wed,  6 May 2026&quot;,&quot;_date&quot;:{&quot;date&quot;:&quot;2026-05-06 18:00:00.000000&quot;,&quot;timezone_type&quot;:3,&quot;timezone&quot;:&quot;Europe\\\/Berlin&quot;},&quot;_fromdate&quot;:&quot;20260506 17:00&quot;,&quot;start_TS&quot;:1778079600,&quot;start_HRFSHORT&quot;:&quot;06\\\/05\\\/26&quot;,&quot;start_HRFSHORT_WD&quot;:&quot;Wed 06\\\/05\\\/2026&quot;,&quot;end_TS&quot;:1778083200,&quot;can_purchase&quot;:true},{&quot;start&quot;:&quot;20260513 17:00&quot;,&quot;end&quot;:&quot;18:00&quot;,&quot;status&quot;:&quot;BUY&quot;,&quot;info&quot;:&quot;Guided Tour in German - 9 EUR&quot;,&quot;shop&quot;:&quot;https:\\\/\\\/tickets.humboldtforum.org\\\/#\\\/product\\\/event\\\/241?date=2026-05-13&amp;date_id=28121&amp;lang=en&quot;,&quot;i&quot;:8,&quot;start_hour&quot;:&quot;05:00 pm&quot;,&quot;start_HRF&quot;:&quot;Wed, 13 May 2026&quot;,&quot;_date&quot;:{&quot;date&quot;:&quot;2026-05-13 18:00:00.000000&quot;,&quot;timezone_type&quot;:3,&quot;timezone&quot;:&quot;Europe\\\/Berlin&quot;},&quot;_fromdate&quot;:&quot;20260513 17:00&quot;,&quot;start_TS&quot;:1778684400,&quot;start_HRFSHORT&quot;:&quot;13\\\/05\\\/26&quot;,&quot;start_HRFSHORT_WD&quot;:&quot;Wed 13\\\/05\\\/2026&quot;,&quot;end_TS&quot;:1778688000,&quot;can_purchase&quot;:true},{&quot;start&quot;:&quot;20260517 15:00&quot;,&quot;end&quot;:&quot;16:00&quot;,&quot;status&quot;:&quot;BUY&quot;,&quot;info&quot;:&quot;Guided Tour in German - 9 EUR&quot;,&quot;shop&quot;:&quot;https:\\\/\\\/tickets.humboldtforum.org\\\/#\\\/product\\\/event\\\/241?date=2026-05-17&amp;date_id=28345&amp;lang=en&quot;,&quot;i&quot;:12,&quot;start_hour&quot;:&quot;03:00 pm&quot;,&quot;start_HRF&quot;:&quot;Sun, 17 May 2026&quot;,&quot;_date&quot;:{&quot;date&quot;:&quot;2026-05-17 16:00:00.000000&quot;,&quot;timezone_type&quot;:3,&quot;timezone&quot;:&quot;Europe\\\/Berlin&quot;},&quot;_fromdate&quot;:&quot;20260517 15:00&quot;,&quot;start_TS&quot;:1779022800,&quot;start_HRFSHORT&quot;:&quot;17\\\/05\\\/26&quot;,&quot;start_HRFSHORT_WD&quot;:&quot;Sun 17\\\/05\\\/2026&quot;,&quot;end_TS&quot;:1779026400,&quot;can_purchase&quot;:true},{&quot;start&quot;:&quot;20260520 17:00&quot;,&quot;end&quot;:&quot;18:00&quot;,&quot;status&quot;:&quot;BUY&quot;,&quot;info&quot;:&quot;Guided Tour in German - 9 EUR&quot;,&quot;shop&quot;:&quot;https:\\\/\\\/tickets.humboldtforum.org\\\/#\\\/product\\\/event\\\/241?date=2026-05-20&amp;date_id=28122&amp;lang=en&quot;,&quot;i&quot;:9,&quot;start_hour&quot;:&quot;05:00 pm&quot;,&quot;start_HRF&quot;:&quot;Wed, 20 May 2026&quot;,&quot;_date&quot;:{&quot;date&quot;:&quot;2026-05-20 18:00:00.000000&quot;,&quot;timezone_type&quot;:3,&quot;timezone&quot;:&quot;Europe\\\/Berlin&quot;},&quot;_fromdate&quot;:&quot;20260520 17:00&quot;,&quot;start_TS&quot;:1779289200,&quot;start_HRFSHORT&quot;:&quot;20\\\/05\\\/26&quot;,&quot;start_HRFSHORT_WD&quot;:&quot;Wed 20\\\/05\\\/2026&quot;,&quot;end_TS&quot;:1779292800,&quot;can_purchase&quot;:true}],&quot;planning&quot;:{&quot;price&quot;:&quot;9 EUR per person&quot;,&quot;admission&quot;:&quot;&quot;,&quot;pause&quot;:&quot;&quot;,&quot;duration&quot;:&quot;60&quot;},&quot;subline&quot;:&quot;Guided tour of the history of the place&quot;,&quot;tickettext&quot;:&quot;Please book your ticket in advance online or at the box office in the foyer.&quot;,&quot;additional_info&quot;:{&quot;icon&quot;:&quot;icon-uhr&quot;,&quot;text&quot;:&quot;Dates and ticket booking for the coming month will be activated at the end of the previous month.&quot;},&quot;highlight_header&quot;:false,&quot;use_video_in_teasers&quot;:false,&quot;hyphenation&quot;:true,&quot;tipp&quot;:false,&quot;joker&quot;:false,&quot;live&quot;:false,&quot;hide_event_in_program&quot;:false,&quot;featured_images&quot;:[117220],&quot;shorttext&quot;:&quot;Die Vorgeschichte des Humboldt Forums ist lang und wechselvoll. Die Kurator*innen der Ausstellungsr\\u00e4ume zur Geschichte des Ortes standen vor besonderen Fragen: Wie wird der Charakter dieses Ortes erfahrbar? Wie r\\u00fcckt man l\\u00e4ngst zerst\\u00f6rte Geb\\u00e4ude wieder ins Bewusstsein?&quot;,&quot;alert_text&quot;:&quot;DE&quot;,&quot;hm_id&quot;:&quot;&quot;,&quot;gomus_id&quot;:&quot;&quot;},&quot;date&quot;:{&quot;NX&quot;:&quot;20260503&quot;,&quot;NXX&quot;:&quot;202605031500&quot;,&quot;NLAST&quot;:&quot;202606281100&quot;,&quot;from_DATE&quot;:&quot;20260429 17:00&quot;,&quot;from&quot;:1777467600,&quot;to&quot;:1782644400,&quot;to_DATE&quot;:&quot;20260628 15:00&quot;,&quot;from_HRFSHORT&quot;:&quot;29 Apr 2026&quot;,&quot;from_HRFSHORT_WD&quot;:&quot;Wed 29\\\/04\\\/2026&quot;,&quot;to_HRFSHORT&quot;:&quot;28 Jun 2026&quot;,&quot;to_HRFSHORT_WD&quot;:&quot;Sun 28\\\/06\\\/2026&quot;,&quot;from_HRF&quot;:&quot;Wed, 29 April 2026&quot;,&quot;to_HRF&quot;:&quot;Sun, 28 June 2026&quot;,&quot;from_to_HRF&quot;:&quot;Wed, 29 April \\u2013 Sun, 28 June 2026&quot;,&quot;from_to_HRFSHORT&quot;:&quot;29 Apr \\u2013 28 Jun 2026&quot;},&quot;alert&quot;:&quot;DE&quot;,&quot;partof&quot;:[],&quot;marketing_topic&quot;:{&quot;title&quot;:&quot;History and Architecture of the Site&quot;,&quot;0&quot;:&quot;topic&quot;}}' inline-template>\n\t<a href=\"https:\/\/www.humboldtforum.org\/en\/programm\/termin\/guided-tour\/on-the-traces-of-history-41461\/\" class=\"teaser teaser-event teaser-event-standard\">\n\t\t<div class=\"row\">\n\t\t\t<div class=\"col-xs-12 teaser-event-image\">\n\t\t\t\t<div class=\"teaser-image teaser-image-no-alternate\">\n\t\t\t\t\t\t\t\t\t\t\t\t\t<span class=\"alert\">DE<\/span>\n\t\t\t\t\t\t\t\t\t\t\t\n\t<lazy-media-inline inline-template>\n\t\t<figure itemscope itemtype=\"http:\/\/schema.org\/ImageObject\" class=\"lazy-media-inline \" role=\"group\" id=\"media_69f3e88e6330c\" aria-labelledby=\"desc_media_69f3e88e6330c\">\n\t\t\t<script type=\"application\/json\" ref=\"data\">\n\t\t\t\t{\n\t\t\t\t\"sizes\" : {\"medium\":{\"file\":\"SHF_eb00212854-300x200.jpeg\",\"width\":300,\"height\":200,\"mime-type\":\"image\\\/jpeg\",\"filesize\":14927},\"large\":{\"file\":\"SHF_eb00212854-1024x683.jpeg\",\"width\":1024,\"height\":683,\"mime-type\":\"image\\\/jpeg\",\"filesize\":96388},\"thumbnail\":{\"file\":\"SHF_eb00212854-150x150.jpeg\",\"width\":150,\"height\":150,\"mime-type\":\"image\\\/jpeg\",\"filesize\":7491},\"medium_large\":{\"file\":\"SHF_eb00212854-768x512.jpeg\",\"width\":768,\"height\":512,\"mime-type\":\"image\\\/jpeg\",\"filesize\":62716},\"small\":{\"file\":\"SHF_eb00212854-440x293.jpeg\",\"width\":440,\"height\":293,\"mime-type\":\"image\\\/jpeg\",\"filesize\":26989},\"semi\":{\"file\":\"SHF_eb00212854-580x387.jpeg\",\"width\":580,\"height\":387,\"mime-type\":\"image\\\/jpeg\",\"filesize\":41439},\"mobile\":{\"file\":\"SHF_eb00212854-720x480.jpeg\",\"width\":720,\"height\":480,\"mime-type\":\"image\\\/jpeg\",\"filesize\":56752},\"hd\":{\"file\":\"SHF_eb00212854-1280x854.jpeg\",\"width\":1280,\"height\":854,\"mime-type\":\"image\\\/jpeg\",\"filesize\":133511},\"full\":{\"file\":\"SHF_eb00212854-1920x1281.jpeg\",\"width\":1920,\"height\":1281,\"mime-type\":\"image\\\/jpeg\",\"filesize\":240643},\"1536x1536\":{\"file\":\"SHF_eb00212854-1536x1025.jpeg\",\"width\":1536,\"height\":1025,\"mime-type\":\"image\\\/jpeg\",\"filesize\":174870},\"original\":{\"file\":\"SHF_eb00212854.jpeg\",\"width\":2000,\"height\":1334}},\n\t\t\t\t\"alt\" : \"Visitors are viewing an exhibition in a modern museum.\",\n\t\t\t\t\"path\" : \"\\\/wp-content\\\/uploads\\\/2023\\\/12\\\/\",\n\t\t\t\t\"video\" : null,\n\t\t\t\t\"autoplay\" : null,\n\t\t\t\t\"youtube\" : null,\n\t\t\t\t\"youtubelabel\" : \"Play video\",\n\t\t\t\t\"brightness\" : 100,\n\t\t\t\t\"crop\" : null,\n\t\t\t\t\"background\" : true,\n\t\t\t\t\"scale\" : 2\t\t\t\t}\n\t\t\t<\/script>\n\n\t\t\t<div class=\"height-container\" style=\"padding-bottom:66.7%;\" v-if=\"sizes\">\n\t\t\t\t\t\t\t\t<lazy-media :inline=\"true\" :alt=\"alt\" :sizes=\"sizes\" :scale=\"scale\" :brightness=\"brightness\" :path=\"path\" :video=\"video\" :autoplay=\"autoplay\" :youtube=\"youtube\" :crop=\"crop\" :youtubelabel=\"youtubelabel\" :background=\"background\" media-id=\"desc_media_69f3e88e6330c\"><\/lazy-media>\n\t\t\t\t\t\t\t<\/div>\n\n\t\t\t\t\t\t\t<figcaption class=\"sr-only\" ref=\"body\" id=\"desc_media_69f3e88e6330c\">\n\t\t\t\t\t\t\t\t\t\t\t<div>Visitors in front of the history of the site Track 27 &ldquo;Art transports to the exile of Wilhelm II&rdquo;\n<\/div>\n\t\t\t\t\t\t\t\t\t\t\t\t\t\t\t\t\t\t\t\t\t<div class=\"insignificant\">\u00a9 Stiftung Humboldt Forum im Berliner Schloss, Foto: Andreas K\u00f6nig<\/div>\n\t\t\t\t\t\t\t\t\t<\/figcaption>\n\t\t\t\t\t<\/figure>\n\t<\/lazy-media-inline>\n\t\t\t\t<\/div>\n\t\t\t<\/div>\n\t\t\t<div class=\"col-xs-12 teaser-event-text Infos\">\n\t\t\t\t<div class=\"teaser-event-standard-text\">\n\t\t\t\t\t<div class=\"margin-bottom-atom\">\n\t\t\t\t\t\t<div class=\"subline clamp-1\" v-html=\"maingenre\"><\/div>\n\t\t\t\t\t\t\t\t\t\t\t\t\t<div class=\"insignificant clamp-2\">History and Architecture of the Site<\/div>\n\t\t\t\t\t\t\t\t\t\t\t<\/div>\n\t\t\t\t\n\t\t\t\t\t<strong class=\"margin-bottom-atom\">On the traces of history<\/strong>\n\n\t\t\t\t\t\t\t\t\t\t\t<div class=\"\">Guided tour of the history of the place<\/div>\n\t\t\t\t\t\t\t\t\t<\/div>\n\t\t\t\t<div class=\"teaser-bottom border-bottom\">\n\t\t\t\t<calendardateline :rawitem='item' :show-icon=\"true\"><\/calendardateline>\n\t\t\t\t\t<hr>\n\t\t\t\t<\/div>\n\t\t\t<\/div>\n\t\t<\/div>\n\t<\/a>\n\t<\/calendarteaser>\n<\/li>\n\n<li class=\"teaser-lane-slide col-xs-9 col-sm-4 col-md-3 teaser-wrapper col-padding-remove\">\n\t<calendarteaser key=\"3066112546\" rawitem='{&quot;postId&quot;:30661,&quot;title&quot;:&quot;Just a facade?&quot;,&quot;excerpt&quot;:&quot;This tour of the building\\u2019s interior and exterior will provide an insight into Franco Stella&#039;s architecture, the examples he followed and how he combines old and new. The contrasting design language of baroque and contemporary architecture is just as much an issue as the chequered history of the buildings that have occupied this site and the political ideals associated with them.&quot;,&quot;slug&quot;:&quot;just-a-facade&quot;,&quot;post_date&quot;:&quot;2021-08-17T15:01&quot;,&quot;type&quot;:&quot;event&quot;,&quot;permalink&quot;:&quot;https:\\\/\\\/www.humboldtforum.org\\\/en\\\/programm\\\/termin\\\/guided-tour\\\/just-a-facade-30661\\\/&quot;,&quot;genre&quot;:[822],&quot;genre_details&quot;:[{&quot;text&quot;:&quot;Guided Tour&quot;,&quot;id&quot;:822,&quot;icon&quot;:null,&quot;parent&quot;:0}],&quot;topic&quot;:[590],&quot;topic_details&quot;:[{&quot;text&quot;:&quot;History and Architecture of the Site&quot;,&quot;id&quot;:590,&quot;icon&quot;:null,&quot;parent&quot;:0}],&quot;stakeholder&quot;:[595],&quot;stakeholder_details&quot;:[{&quot;text&quot;:&quot;Stiftung Humboldt Forum im Berliner Schloss&quot;,&quot;id&quot;:595,&quot;icon&quot;:null,&quot;parent&quot;:0}],&quot;targetgroup&quot;:[585,715],&quot;targetgroup_details&quot;:[{&quot;text&quot;:&quot;Adults&quot;,&quot;id&quot;:585,&quot;icon&quot;:null,&quot;parent&quot;:0},{&quot;text&quot;:&quot;Teenager&quot;,&quot;id&quot;:715,&quot;icon&quot;:null,&quot;parent&quot;:0}],&quot;language&quot;:[580],&quot;language_details&quot;:[{&quot;text&quot;:&quot;English&quot;,&quot;id&quot;:580,&quot;icon&quot;:null,&quot;parent&quot;:0}],&quot;accessability&quot;:[596],&quot;accessability_details&quot;:[{&quot;text&quot;:&quot;Accessible for wheelchairs&quot;,&quot;id&quot;:596,&quot;icon&quot;:null,&quot;parent&quot;:0}],&quot;groupsize&quot;:[1090],&quot;groupsize_details&quot;:[{&quot;text&quot;:&quot;max. 15 persons&quot;,&quot;id&quot;:1090,&quot;icon&quot;:null,&quot;parent&quot;:0}],&quot;icon_overwrite&quot;:&quot;&quot;,&quot;acf&quot;:{&quot;hashtag&quot;:&quot;HumboldtForum&quot;,&quot;keywords&quot;:&quot;&quot;,&quot;shorturl&quot;:&quot;&quot;,&quot;planning&quot;:{&quot;price&quot;:&quot;9 EUR&quot;,&quot;admission&quot;:&quot;&quot;,&quot;pause&quot;:&quot;&quot;,&quot;duration&quot;:&quot;60&quot;},&quot;tickettext&quot;:&quot;Book your ticket in advance online or at the box office in the Foyer.&quot;,&quot;use_video_in_teasers&quot;:false,&quot;hide_event_in_program&quot;:false,&quot;belongsto&quot;:false,&quot;noindex&quot;:false,&quot;times&quot;:[{&quot;start&quot;:&quot;20260508 11:00&quot;,&quot;end&quot;:&quot;12:00&quot;,&quot;status&quot;:&quot;BUY&quot;,&quot;info&quot;:&quot;Guided Tour in English - 9 EUR&quot;,&quot;shop&quot;:&quot;https:\\\/\\\/tickets.humboldtforum.org\\\/#\\\/product\\\/event\\\/6?date=2026-05-08&amp;date_id=28114&amp;lang=en&quot;,&quot;i&quot;:4,&quot;start_hour&quot;:&quot;11:00 am&quot;,&quot;start_HRF&quot;:&quot;Fri,  8 May 2026&quot;,&quot;_date&quot;:{&quot;date&quot;:&quot;2026-05-08 12:00:00.000000&quot;,&quot;timezone_type&quot;:3,&quot;timezone&quot;:&quot;Europe\\\/Berlin&quot;},&quot;_fromdate&quot;:&quot;20260508 11:00&quot;,&quot;start_TS&quot;:1778230800,&quot;start_HRFSHORT&quot;:&quot;08\\\/05\\\/26&quot;,&quot;start_HRFSHORT_WD&quot;:&quot;Fri 08\\\/05\\\/2026&quot;,&quot;end_TS&quot;:1778234400,&quot;can_purchase&quot;:true},{&quot;start&quot;:&quot;20260515 11:00&quot;,&quot;end&quot;:&quot;12:00&quot;,&quot;status&quot;:&quot;BUY&quot;,&quot;info&quot;:&quot;Guided Tour in English - 9 EUR&quot;,&quot;shop&quot;:&quot;https:\\\/\\\/tickets.humboldtforum.org\\\/#\\\/product\\\/event\\\/6?date=2026-05-15&amp;date_id=28115&amp;lang=en&quot;,&quot;i&quot;:5,&quot;start_hour&quot;:&quot;11:00 am&quot;,&quot;start_HRF&quot;:&quot;Fri, 15 May 2026&quot;,&quot;_date&quot;:{&quot;date&quot;:&quot;2026-05-15 12:00:00.000000&quot;,&quot;timezone_type&quot;:3,&quot;timezone&quot;:&quot;Europe\\\/Berlin&quot;},&quot;_fromdate&quot;:&quot;20260515 11:00&quot;,&quot;start_TS&quot;:1778835600,&quot;start_HRFSHORT&quot;:&quot;15\\\/05\\\/26&quot;,&quot;start_HRFSHORT_WD&quot;:&quot;Fri 15\\\/05\\\/2026&quot;,&quot;end_TS&quot;:1778839200,&quot;can_purchase&quot;:true},{&quot;start&quot;:&quot;20260522 11:00&quot;,&quot;end&quot;:&quot;12:00&quot;,&quot;status&quot;:&quot;BUY&quot;,&quot;info&quot;:&quot;Guided Tour in English - 9 EUR&quot;,&quot;shop&quot;:&quot;https:\\\/\\\/tickets.humboldtforum.org\\\/#\\\/product\\\/event\\\/6?date=2026-05-22&amp;date_id=28116&amp;lang=en&quot;,&quot;i&quot;:6,&quot;start_hour&quot;:&quot;11:00 am&quot;,&quot;start_HRF&quot;:&quot;Fri, 22 May 2026&quot;,&quot;_date&quot;:{&quot;date&quot;:&quot;2026-05-22 12:00:00.000000&quot;,&quot;timezone_type&quot;:3,&quot;timezone&quot;:&quot;Europe\\\/Berlin&quot;},&quot;_fromdate&quot;:&quot;20260522 11:00&quot;,&quot;start_TS&quot;:1779440400,&quot;start_HRFSHORT&quot;:&quot;22\\\/05\\\/26&quot;,&quot;start_HRFSHORT_WD&quot;:&quot;Fri 22\\\/05\\\/2026&quot;,&quot;end_TS&quot;:1779444000,&quot;can_purchase&quot;:true},{&quot;start&quot;:&quot;20260529 11:00&quot;,&quot;end&quot;:&quot;12:00&quot;,&quot;status&quot;:&quot;BUY&quot;,&quot;info&quot;:&quot;Guided Tour in English - 9 EUR&quot;,&quot;shop&quot;:&quot;https:\\\/\\\/tickets.humboldtforum.org\\\/#\\\/product\\\/event\\\/6?date=2026-05-29&amp;date_id=28117&amp;lang=en&quot;,&quot;i&quot;:7,&quot;start_hour&quot;:&quot;11:00 am&quot;,&quot;start_HRF&quot;:&quot;Fri, 29 May 2026&quot;,&quot;_date&quot;:{&quot;date&quot;:&quot;2026-05-29 12:00:00.000000&quot;,&quot;timezone_type&quot;:3,&quot;timezone&quot;:&quot;Europe\\\/Berlin&quot;},&quot;_fromdate&quot;:&quot;20260529 11:00&quot;,&quot;start_TS&quot;:1780045200,&quot;start_HRFSHORT&quot;:&quot;29\\\/05\\\/26&quot;,&quot;start_HRFSHORT_WD&quot;:&quot;Fri 29\\\/05\\\/2026&quot;,&quot;end_TS&quot;:1780048800,&quot;can_purchase&quot;:true},{&quot;start&quot;:&quot;20260605 11:00&quot;,&quot;end&quot;:&quot;12:00&quot;,&quot;status&quot;:&quot;BUY&quot;,&quot;info&quot;:&quot;Guided Tour in English - 9 EUR&quot;,&quot;shop&quot;:&quot;https:\\\/\\\/tickets.humboldtforum.org\\\/#\\\/product\\\/event\\\/6?date=2026-06-05&amp;date_id=28494&amp;lang=en&quot;,&quot;i&quot;:0,&quot;start_hour&quot;:&quot;11:00 am&quot;,&quot;start_HRF&quot;:&quot;Fri,  5 June 2026&quot;,&quot;_date&quot;:{&quot;date&quot;:&quot;2026-06-05 12:00:00.000000&quot;,&quot;timezone_type&quot;:3,&quot;timezone&quot;:&quot;Europe\\\/Berlin&quot;},&quot;_fromdate&quot;:&quot;20260605 11:00&quot;,&quot;start_TS&quot;:1780650000,&quot;start_HRFSHORT&quot;:&quot;05\\\/06\\\/26&quot;,&quot;start_HRFSHORT_WD&quot;:&quot;Fri 05\\\/06\\\/2026&quot;,&quot;end_TS&quot;:1780653600,&quot;can_purchase&quot;:true}],&quot;subline&quot;:&quot;Architecture Tour&quot;,&quot;additional_info&quot;:{&quot;icon&quot;:&quot;icon-uhr&quot;,&quot;text&quot;:&quot;Dates and ticket booking for the coming month are released at the end of the previous month.&quot;},&quot;highlight_header&quot;:false,&quot;featured_images&quot;:[154933],&quot;hyphenation&quot;:true,&quot;tipp&quot;:false,&quot;joker&quot;:true,&quot;live&quot;:false,&quot;shorttext&quot;:&quot;This tour of the building\\u2019s interior and exterior will provide an insight into Franco Stella&#039;s architecture, the examples he followed and how he combines old and new. The contrasting design language of baroque and contemporary architecture is just as much an issue as the chequered history of the buildings that have occupied this site and the political ideals associated with them.&quot;,&quot;alert_text&quot;:&quot;EN&quot;,&quot;hm_id&quot;:&quot;&quot;,&quot;gomus_id&quot;:&quot;&quot;},&quot;date&quot;:{&quot;NX&quot;:&quot;20260508&quot;,&quot;NXX&quot;:&quot;202605081100&quot;,&quot;NLAST&quot;:&quot;202606260700&quot;,&quot;from_DATE&quot;:&quot;20260508 11:00&quot;,&quot;from&quot;:1778223600,&quot;to&quot;:1782457200,&quot;to_DATE&quot;:&quot;20260626 11:00&quot;,&quot;from_HRFSHORT&quot;:&quot; 8 May 2026&quot;,&quot;from_HRFSHORT_WD&quot;:&quot;Fri 08\\\/05\\\/2026&quot;,&quot;to_HRFSHORT&quot;:&quot;26 Jun 2026&quot;,&quot;to_HRFSHORT_WD&quot;:&quot;Fri 26\\\/06\\\/2026&quot;,&quot;from_HRF&quot;:&quot;Fri,  8 May 2026&quot;,&quot;to_HRF&quot;:&quot;Fri, 26 June 2026&quot;,&quot;from_to_HRF&quot;:&quot;Fri,  8 May \\u2013 Fri, 26 June 2026&quot;,&quot;from_to_HRFSHORT&quot;:&quot; 8 May \\u2013 26 Jun 2026&quot;},&quot;alert&quot;:&quot;EN&quot;,&quot;partof&quot;:[],&quot;marketing_topic&quot;:{&quot;title&quot;:&quot;History and Architecture of the Site&quot;,&quot;0&quot;:&quot;topic&quot;}}' inline-template>\n\t<a href=\"https:\/\/www.humboldtforum.org\/en\/programm\/termin\/guided-tour\/just-a-facade-30661\/\" class=\"teaser teaser-event teaser-event-standard\">\n\t\t<div class=\"row\">\n\t\t\t<div class=\"col-xs-12 teaser-event-image\">\n\t\t\t\t<div class=\"teaser-image teaser-image-no-alternate\">\n\t\t\t\t\t\t\t\t\t\t\t\t\t<span class=\"alert\">EN<\/span>\n\t\t\t\t\t\t\t\t\t\t\t\n\t<lazy-media-inline inline-template>\n\t\t<figure itemscope itemtype=\"http:\/\/schema.org\/ImageObject\" class=\"lazy-media-inline \" role=\"group\" id=\"media_69f3e88e644bf\" aria-labelledby=\"desc_media_69f3e88e644bf\">\n\t\t\t<script type=\"application\/json\" ref=\"data\">\n\t\t\t\t{\n\t\t\t\t\"sizes\" : {\"medium\":{\"file\":\"SHF_eb00063549-300x169.jpg\",\"width\":300,\"height\":169,\"mime-type\":\"image\\\/jpeg\",\"filesize\":16412},\"large\":{\"file\":\"SHF_eb00063549-1024x575.jpg\",\"width\":1024,\"height\":575,\"mime-type\":\"image\\\/jpeg\",\"filesize\":134208},\"thumbnail\":{\"file\":\"SHF_eb00063549-150x150.jpg\",\"width\":150,\"height\":150,\"mime-type\":\"image\\\/jpeg\",\"filesize\":7882},\"medium_large\":{\"file\":\"SHF_eb00063549-768x432.jpg\",\"width\":768,\"height\":432,\"mime-type\":\"image\\\/jpeg\",\"filesize\":81902},\"small\":{\"file\":\"SHF_eb00063549-440x247.jpg\",\"width\":440,\"height\":247,\"mime-type\":\"image\\\/jpeg\",\"filesize\":31494},\"semi\":{\"file\":\"SHF_eb00063549-580x326.jpg\",\"width\":580,\"height\":326,\"mime-type\":\"image\\\/jpeg\",\"filesize\":51788},\"mobile\":{\"file\":\"SHF_eb00063549-720x405.jpg\",\"width\":720,\"height\":405,\"mime-type\":\"image\\\/jpeg\",\"filesize\":73409},\"hd\":{\"file\":\"SHF_eb00063549-1280x719.jpg\",\"width\":1280,\"height\":719,\"mime-type\":\"image\\\/jpeg\",\"filesize\":194238},\"full\":{\"file\":\"SHF_eb00063549-1920x1079.jpg\",\"width\":1920,\"height\":1079,\"mime-type\":\"image\\\/jpeg\",\"filesize\":370489},\"1536x1536\":{\"file\":\"SHF_eb00063549-1536x863.jpg\",\"width\":1536,\"height\":863,\"mime-type\":\"image\\\/jpeg\",\"filesize\":260665},\"original\":{\"file\":\"SHF_eb00063549.jpg\",\"width\":2000,\"height\":1124}},\n\t\t\t\t\"alt\" : \"Historic fa\\u00e7ade of a building contrasts with modern architectural style, under a blue sky with clouds.\",\n\t\t\t\t\"path\" : \"\\\/wp-content\\\/uploads\\\/2021\\\/08\\\/\",\n\t\t\t\t\"video\" : null,\n\t\t\t\t\"autoplay\" : null,\n\t\t\t\t\"youtube\" : null,\n\t\t\t\t\"youtubelabel\" : \"Play video\",\n\t\t\t\t\"brightness\" : 100,\n\t\t\t\t\"crop\" : null,\n\t\t\t\t\"background\" : true,\n\t\t\t\t\"scale\" : 2\t\t\t\t}\n\t\t\t<\/script>\n\n\t\t\t<div class=\"height-container\" style=\"padding-bottom:56.2%;\" v-if=\"sizes\">\n\t\t\t\t\t\t\t\t<lazy-media :inline=\"true\" :alt=\"alt\" :sizes=\"sizes\" :scale=\"scale\" :brightness=\"brightness\" :path=\"path\" :video=\"video\" :autoplay=\"autoplay\" :youtube=\"youtube\" :crop=\"crop\" :youtubelabel=\"youtubelabel\" :background=\"background\" media-id=\"desc_media_69f3e88e644bf\"><\/lazy-media>\n\t\t\t\t\t\t\t<\/div>\n\n\t\t\t\t\t\t\t<figcaption class=\"sr-only\" ref=\"body\" id=\"desc_media_69f3e88e644bf\">\n\t\t\t\t\t\t\t\t\t\t\t<div>Humboldt Forum &#8211; Schl&uuml;ter Courtyard, Gallery, Facade 05<\/div>\n\t\t\t\t\t\t\t\t\t\t\t\t\t\t\t\t\t\t\t\t\t<div class=\"insignificant\">\u00a9 Stiftung Humboldt Forum im Berliner Schloss \/ Stephan Falk<\/div>\n\t\t\t\t\t\t\t\t\t<\/figcaption>\n\t\t\t\t\t<\/figure>\n\t<\/lazy-media-inline>\n\t\t\t\t<\/div>\n\t\t\t<\/div>\n\t\t\t<div class=\"col-xs-12 teaser-event-text Infos\">\n\t\t\t\t<div class=\"teaser-event-standard-text\">\n\t\t\t\t\t<div class=\"margin-bottom-atom\">\n\t\t\t\t\t\t<div class=\"subline clamp-1\" v-html=\"maingenre\"><\/div>\n\t\t\t\t\t\t\t\t\t\t\t\t\t<div class=\"insignificant clamp-2\">History and Architecture of the Site<\/div>\n\t\t\t\t\t\t\t\t\t\t\t<\/div>\n\t\t\t\t\n\t\t\t\t\t<strong class=\"margin-bottom-atom\">Just a facade?<\/strong>\n\n\t\t\t\t\t\t\t\t\t\t\t<div class=\"\">Architecture Tour<\/div>\n\t\t\t\t\t\t\t\t\t<\/div>\n\t\t\t\t<div class=\"teaser-bottom border-bottom\">\n\t\t\t\t<calendardateline :rawitem='item' :show-icon=\"true\"><\/calendardateline>\n\t\t\t\t\t<hr>\n\t\t\t\t<\/div>\n\t\t\t<\/div>\n\t\t<\/div>\n\t<\/a>\n\t<\/calendarteaser>\n<\/li>\n\n<li class=\"teaser-lane-slide col-xs-9 col-sm-4 col-md-3 teaser-wrapper col-padding-remove\">\n\t<calendarteaser key=\"4881313716\" rawitem='{&quot;postId&quot;:48813,&quot;title&quot;:&quot;Just a facade?&quot;,&quot;excerpt&quot;:&quot;&quot;,&quot;slug&quot;:&quot;alles-fassade&quot;,&quot;post_date&quot;:&quot;2021-08-17T14:44&quot;,&quot;type&quot;:&quot;event&quot;,&quot;permalink&quot;:&quot;https:\\\/\\\/www.humboldtforum.org\\\/en\\\/programm\\\/termin\\\/guided-tour\\\/alles-fassade-48813\\\/&quot;,&quot;genre&quot;:[822],&quot;genre_details&quot;:[{&quot;text&quot;:&quot;Guided Tour&quot;,&quot;id&quot;:822,&quot;icon&quot;:null,&quot;parent&quot;:0}],&quot;topic&quot;:[590],&quot;topic_details&quot;:[{&quot;text&quot;:&quot;History and Architecture of the Site&quot;,&quot;id&quot;:590,&quot;icon&quot;:null,&quot;parent&quot;:0}],&quot;stakeholder&quot;:[595],&quot;stakeholder_details&quot;:[{&quot;text&quot;:&quot;Stiftung Humboldt Forum im Berliner Schloss&quot;,&quot;id&quot;:595,&quot;icon&quot;:null,&quot;parent&quot;:0}],&quot;targetgroup&quot;:[585,715],&quot;targetgroup_details&quot;:[{&quot;text&quot;:&quot;Adults&quot;,&quot;id&quot;:585,&quot;icon&quot;:null,&quot;parent&quot;:0},{&quot;text&quot;:&quot;Teenager&quot;,&quot;id&quot;:715,&quot;icon&quot;:null,&quot;parent&quot;:0}],&quot;language&quot;:[579],&quot;language_details&quot;:[{&quot;text&quot;:&quot;German&quot;,&quot;id&quot;:579,&quot;icon&quot;:null,&quot;parent&quot;:0}],&quot;accessability&quot;:[596],&quot;accessability_details&quot;:[{&quot;text&quot;:&quot;Accessible for wheelchairs&quot;,&quot;id&quot;:596,&quot;icon&quot;:null,&quot;parent&quot;:0}],&quot;groupsize&quot;:[1090],&quot;groupsize_details&quot;:[{&quot;text&quot;:&quot;max. 15 persons&quot;,&quot;id&quot;:1090,&quot;icon&quot;:null,&quot;parent&quot;:0}],&quot;icon_overwrite&quot;:&quot;&quot;,&quot;acf&quot;:{&quot;hashtag&quot;:&quot;HumboldtForum&quot;,&quot;times&quot;:[{&quot;start&quot;:&quot;20260508 17:00&quot;,&quot;end&quot;:&quot;18:00&quot;,&quot;status&quot;:&quot;BUY&quot;,&quot;info&quot;:&quot;Guided Tour in German - 9 EUR&quot;,&quot;shop&quot;:&quot;https:\\\/\\\/tickets.humboldtforum.org\\\/#\\\/product\\\/event\\\/6?date=2026-05-08&amp;date_id=28110&amp;lang=en&quot;,&quot;i&quot;:4,&quot;start_hour&quot;:&quot;05:00 pm&quot;,&quot;start_HRF&quot;:&quot;Fri,  8 May 2026&quot;,&quot;_date&quot;:{&quot;date&quot;:&quot;2026-05-08 18:00:00.000000&quot;,&quot;timezone_type&quot;:3,&quot;timezone&quot;:&quot;Europe\\\/Berlin&quot;},&quot;_fromdate&quot;:&quot;20260508 17:00&quot;,&quot;start_TS&quot;:1778252400,&quot;start_HRFSHORT&quot;:&quot;08\\\/05\\\/26&quot;,&quot;start_HRFSHORT_WD&quot;:&quot;Fri 08\\\/05\\\/2026&quot;,&quot;end_TS&quot;:1778256000,&quot;can_purchase&quot;:true},{&quot;start&quot;:&quot;20260515 17:00&quot;,&quot;end&quot;:&quot;18:00&quot;,&quot;status&quot;:&quot;BUY&quot;,&quot;info&quot;:&quot;Guided Tour in German - 9 EUR&quot;,&quot;shop&quot;:&quot;https:\\\/\\\/tickets.humboldtforum.org\\\/#\\\/product\\\/event\\\/6?date=2026-05-15&amp;date_id=28111&amp;lang=en&quot;,&quot;i&quot;:5,&quot;start_hour&quot;:&quot;05:00 pm&quot;,&quot;start_HRF&quot;:&quot;Fri, 15 May 2026&quot;,&quot;_date&quot;:{&quot;date&quot;:&quot;2026-05-15 18:00:00.000000&quot;,&quot;timezone_type&quot;:3,&quot;timezone&quot;:&quot;Europe\\\/Berlin&quot;},&quot;_fromdate&quot;:&quot;20260515 17:00&quot;,&quot;start_TS&quot;:1778857200,&quot;start_HRFSHORT&quot;:&quot;15\\\/05\\\/26&quot;,&quot;start_HRFSHORT_WD&quot;:&quot;Fri 15\\\/05\\\/2026&quot;,&quot;end_TS&quot;:1778860800,&quot;can_purchase&quot;:true},{&quot;start&quot;:&quot;20260522 17:00&quot;,&quot;end&quot;:&quot;18:00&quot;,&quot;status&quot;:&quot;BUY&quot;,&quot;info&quot;:&quot;Guided Tour in German - 9 EUR&quot;,&quot;shop&quot;:&quot;https:\\\/\\\/tickets.humboldtforum.org\\\/#\\\/product\\\/event\\\/6?date=2026-05-22&amp;date_id=28112&amp;lang=en&quot;,&quot;i&quot;:6,&quot;start_hour&quot;:&quot;05:00 pm&quot;,&quot;start_HRF&quot;:&quot;Fri, 22 May 2026&quot;,&quot;_date&quot;:{&quot;date&quot;:&quot;2026-05-22 18:00:00.000000&quot;,&quot;timezone_type&quot;:3,&quot;timezone&quot;:&quot;Europe\\\/Berlin&quot;},&quot;_fromdate&quot;:&quot;20260522 17:00&quot;,&quot;start_TS&quot;:1779462000,&quot;start_HRFSHORT&quot;:&quot;22\\\/05\\\/26&quot;,&quot;start_HRFSHORT_WD&quot;:&quot;Fri 22\\\/05\\\/2026&quot;,&quot;end_TS&quot;:1779465600,&quot;can_purchase&quot;:true},{&quot;start&quot;:&quot;20260529 17:00&quot;,&quot;end&quot;:&quot;18:00&quot;,&quot;status&quot;:&quot;BUY&quot;,&quot;info&quot;:&quot;Guided Tour in German - 9 EUR&quot;,&quot;shop&quot;:&quot;https:\\\/\\\/tickets.humboldtforum.org\\\/#\\\/product\\\/event\\\/6?date=2026-05-29&amp;date_id=28113&amp;lang=en&quot;,&quot;i&quot;:7,&quot;start_hour&quot;:&quot;05:00 pm&quot;,&quot;start_HRF&quot;:&quot;Fri, 29 May 2026&quot;,&quot;_date&quot;:{&quot;date&quot;:&quot;2026-05-29 18:00:00.000000&quot;,&quot;timezone_type&quot;:3,&quot;timezone&quot;:&quot;Europe\\\/Berlin&quot;},&quot;_fromdate&quot;:&quot;20260529 17:00&quot;,&quot;start_TS&quot;:1780066800,&quot;start_HRFSHORT&quot;:&quot;29\\\/05\\\/26&quot;,&quot;start_HRFSHORT_WD&quot;:&quot;Fri 29\\\/05\\\/2026&quot;,&quot;end_TS&quot;:1780070400,&quot;can_purchase&quot;:true},{&quot;start&quot;:&quot;20260605 17:00&quot;,&quot;end&quot;:&quot;18:00&quot;,&quot;status&quot;:&quot;BUY&quot;,&quot;info&quot;:&quot;Guided Tour in German - 9 EUR&quot;,&quot;shop&quot;:&quot;https:\\\/\\\/tickets.humboldtforum.org\\\/#\\\/product\\\/event\\\/6?date=2026-06-05&amp;date_id=28490&amp;lang=en&quot;,&quot;i&quot;:0,&quot;start_hour&quot;:&quot;05:00 pm&quot;,&quot;start_HRF&quot;:&quot;Fri,  5 June 2026&quot;,&quot;_date&quot;:{&quot;date&quot;:&quot;2026-06-05 18:00:00.000000&quot;,&quot;timezone_type&quot;:3,&quot;timezone&quot;:&quot;Europe\\\/Berlin&quot;},&quot;_fromdate&quot;:&quot;20260605 17:00&quot;,&quot;start_TS&quot;:1780671600,&quot;start_HRFSHORT&quot;:&quot;05\\\/06\\\/26&quot;,&quot;start_HRFSHORT_WD&quot;:&quot;Fri 05\\\/06\\\/2026&quot;,&quot;end_TS&quot;:1780675200,&quot;can_purchase&quot;:true}],&quot;planning&quot;:{&quot;price&quot;:&quot;9 EUR&quot;,&quot;admission&quot;:&quot;&quot;,&quot;pause&quot;:&quot;&quot;,&quot;duration&quot;:&quot;60&quot;},&quot;subline&quot;:&quot;Architecture Tour&quot;,&quot;additional_info&quot;:{&quot;icon&quot;:&quot;icon-uhr&quot;,&quot;text&quot;:&quot;Dates and ticket booking for the coming month are released at the end of the previous month.&quot;},&quot;highlight_header&quot;:false,&quot;featured_images&quot;:[154933],&quot;use_video_in_teasers&quot;:false,&quot;hyphenation&quot;:true,&quot;tipp&quot;:false,&quot;joker&quot;:false,&quot;live&quot;:false,&quot;hide_event_in_program&quot;:false,&quot;alert_text&quot;:&quot;DE&quot;,&quot;noindex&quot;:false,&quot;keywords&quot;:&quot;&quot;,&quot;shorturl&quot;:&quot;&quot;,&quot;belongsto&quot;:false,&quot;hm_id&quot;:&quot;&quot;,&quot;gomus_id&quot;:&quot;&quot;,&quot;tickettext&quot;:&quot;Book your ticket in advance online or at the box office in the Foyer.&quot;},&quot;date&quot;:{&quot;NX&quot;:&quot;20260508&quot;,&quot;NXX&quot;:&quot;202605081700&quot;,&quot;NLAST&quot;:&quot;202606261300&quot;,&quot;from_DATE&quot;:&quot;20260508 17:00&quot;,&quot;from&quot;:1778245200,&quot;to&quot;:1782478800,&quot;to_DATE&quot;:&quot;20260626 17:00&quot;,&quot;from_HRFSHORT&quot;:&quot; 8 May 2026&quot;,&quot;from_HRFSHORT_WD&quot;:&quot;Fri 08\\\/05\\\/2026&quot;,&quot;to_HRFSHORT&quot;:&quot;26 Jun 2026&quot;,&quot;to_HRFSHORT_WD&quot;:&quot;Fri 26\\\/06\\\/2026&quot;,&quot;from_HRF&quot;:&quot;Fri,  8 May 2026&quot;,&quot;to_HRF&quot;:&quot;Fri, 26 June 2026&quot;,&quot;from_to_HRF&quot;:&quot;Fri,  8 May \\u2013 Fri, 26 June 2026&quot;,&quot;from_to_HRFSHORT&quot;:&quot; 8 May \\u2013 26 Jun 2026&quot;},&quot;alert&quot;:&quot;DE&quot;,&quot;partof&quot;:[],&quot;marketing_topic&quot;:{&quot;title&quot;:&quot;History and Architecture of the Site&quot;,&quot;0&quot;:&quot;topic&quot;}}' inline-template>\n\t<a href=\"https:\/\/www.humboldtforum.org\/en\/programm\/termin\/guided-tour\/alles-fassade-48813\/\" class=\"teaser teaser-event teaser-event-standard\">\n\t\t<div class=\"row\">\n\t\t\t<div class=\"col-xs-12 teaser-event-image\">\n\t\t\t\t<div class=\"teaser-image teaser-image-no-alternate\">\n\t\t\t\t\t\t\t\t\t\t\t\t\t<span class=\"alert\">DE<\/span>\n\t\t\t\t\t\t\t\t\t\t\t\n\t<lazy-media-inline inline-template>\n\t\t<figure itemscope itemtype=\"http:\/\/schema.org\/ImageObject\" class=\"lazy-media-inline \" role=\"group\" id=\"media_69f3e88e66037\" aria-labelledby=\"desc_media_69f3e88e66037\">\n\t\t\t<script type=\"application\/json\" ref=\"data\">\n\t\t\t\t{\n\t\t\t\t\"sizes\" : {\"medium\":{\"file\":\"SHF_eb00063549-300x169.jpg\",\"width\":300,\"height\":169,\"mime-type\":\"image\\\/jpeg\",\"filesize\":16412},\"large\":{\"file\":\"SHF_eb00063549-1024x575.jpg\",\"width\":1024,\"height\":575,\"mime-type\":\"image\\\/jpeg\",\"filesize\":134208},\"thumbnail\":{\"file\":\"SHF_eb00063549-150x150.jpg\",\"width\":150,\"height\":150,\"mime-type\":\"image\\\/jpeg\",\"filesize\":7882},\"medium_large\":{\"file\":\"SHF_eb00063549-768x432.jpg\",\"width\":768,\"height\":432,\"mime-type\":\"image\\\/jpeg\",\"filesize\":81902},\"small\":{\"file\":\"SHF_eb00063549-440x247.jpg\",\"width\":440,\"height\":247,\"mime-type\":\"image\\\/jpeg\",\"filesize\":31494},\"semi\":{\"file\":\"SHF_eb00063549-580x326.jpg\",\"width\":580,\"height\":326,\"mime-type\":\"image\\\/jpeg\",\"filesize\":51788},\"mobile\":{\"file\":\"SHF_eb00063549-720x405.jpg\",\"width\":720,\"height\":405,\"mime-type\":\"image\\\/jpeg\",\"filesize\":73409},\"hd\":{\"file\":\"SHF_eb00063549-1280x719.jpg\",\"width\":1280,\"height\":719,\"mime-type\":\"image\\\/jpeg\",\"filesize\":194238},\"full\":{\"file\":\"SHF_eb00063549-1920x1079.jpg\",\"width\":1920,\"height\":1079,\"mime-type\":\"image\\\/jpeg\",\"filesize\":370489},\"1536x1536\":{\"file\":\"SHF_eb00063549-1536x863.jpg\",\"width\":1536,\"height\":863,\"mime-type\":\"image\\\/jpeg\",\"filesize\":260665},\"original\":{\"file\":\"SHF_eb00063549.jpg\",\"width\":2000,\"height\":1124}},\n\t\t\t\t\"alt\" : \"Historic fa\\u00e7ade of a building contrasts with modern architectural style, under a blue sky with clouds.\",\n\t\t\t\t\"path\" : \"\\\/wp-content\\\/uploads\\\/2021\\\/08\\\/\",\n\t\t\t\t\"video\" : null,\n\t\t\t\t\"autoplay\" : null,\n\t\t\t\t\"youtube\" : null,\n\t\t\t\t\"youtubelabel\" : \"Play video\",\n\t\t\t\t\"brightness\" : 100,\n\t\t\t\t\"crop\" : null,\n\t\t\t\t\"background\" : true,\n\t\t\t\t\"scale\" : 2\t\t\t\t}\n\t\t\t<\/script>\n\n\t\t\t<div class=\"height-container\" style=\"padding-bottom:56.2%;\" v-if=\"sizes\">\n\t\t\t\t\t\t\t\t<lazy-media :inline=\"true\" :alt=\"alt\" :sizes=\"sizes\" :scale=\"scale\" :brightness=\"brightness\" :path=\"path\" :video=\"video\" :autoplay=\"autoplay\" :youtube=\"youtube\" :crop=\"crop\" :youtubelabel=\"youtubelabel\" :background=\"background\" media-id=\"desc_media_69f3e88e66037\"><\/lazy-media>\n\t\t\t\t\t\t\t<\/div>\n\n\t\t\t\t\t\t\t<figcaption class=\"sr-only\" ref=\"body\" id=\"desc_media_69f3e88e66037\">\n\t\t\t\t\t\t\t\t\t\t\t<div>Humboldt Forum &#8211; Schl&uuml;ter Courtyard, Gallery, Facade 05<\/div>\n\t\t\t\t\t\t\t\t\t\t\t\t\t\t\t\t\t\t\t\t\t<div class=\"insignificant\">\u00a9 Stiftung Humboldt Forum im Berliner Schloss \/ Stephan Falk<\/div>\n\t\t\t\t\t\t\t\t\t<\/figcaption>\n\t\t\t\t\t<\/figure>\n\t<\/lazy-media-inline>\n\t\t\t\t<\/div>\n\t\t\t<\/div>\n\t\t\t<div class=\"col-xs-12 teaser-event-text Infos\">\n\t\t\t\t<div class=\"teaser-event-standard-text\">\n\t\t\t\t\t<div class=\"margin-bottom-atom\">\n\t\t\t\t\t\t<div class=\"subline clamp-1\" v-html=\"maingenre\"><\/div>\n\t\t\t\t\t\t\t\t\t\t\t\t\t<div class=\"insignificant clamp-2\">History and Architecture of the Site<\/div>\n\t\t\t\t\t\t\t\t\t\t\t<\/div>\n\t\t\t\t\n\t\t\t\t\t<strong class=\"margin-bottom-atom\">Just a facade?<\/strong>\n\n\t\t\t\t\t\t\t\t\t\t\t<div class=\"\">Architecture Tour<\/div>\n\t\t\t\t\t\t\t\t\t<\/div>\n\t\t\t\t<div class=\"teaser-bottom border-bottom\">\n\t\t\t\t<calendardateline :rawitem='item' :show-icon=\"true\"><\/calendardateline>\n\t\t\t\t\t<hr>\n\t\t\t\t<\/div>\n\t\t\t<\/div>\n\t\t<\/div>\n\t<\/a>\n\t<\/calendarteaser>\n<\/li>\n\n<li class=\"teaser-lane-slide col-xs-9 col-sm-4 col-md-3 teaser-wrapper col-padding-remove\">\n\t<calendarteaser key=\"3851516281\" rawitem='{&quot;postId&quot;:38515,&quot;title&quot;:&quot;Forum or Palace?&quot;,&quot;excerpt&quot;:&quot;&quot;,&quot;slug&quot;:&quot;forum-oder-schloss&quot;,&quot;post_date&quot;:&quot;2021-08-18T08:54&quot;,&quot;type&quot;:&quot;event&quot;,&quot;permalink&quot;:&quot;https:\\\/\\\/www.humboldtforum.org\\\/en\\\/programm\\\/termin\\\/guided-tour\\\/forum-oder-schloss-38515\\\/&quot;,&quot;genre&quot;:[822],&quot;genre_details&quot;:[{&quot;text&quot;:&quot;Guided Tour&quot;,&quot;id&quot;:822,&quot;icon&quot;:null,&quot;parent&quot;:0}],&quot;topic&quot;:[590],&quot;topic_details&quot;:[{&quot;text&quot;:&quot;History and Architecture of the Site&quot;,&quot;id&quot;:590,&quot;icon&quot;:null,&quot;parent&quot;:0}],&quot;stakeholder&quot;:[595],&quot;stakeholder_details&quot;:[{&quot;text&quot;:&quot;Stiftung Humboldt Forum im Berliner Schloss&quot;,&quot;id&quot;:595,&quot;icon&quot;:null,&quot;parent&quot;:0}],&quot;targetgroup&quot;:[714],&quot;targetgroup_details&quot;:[{&quot;text&quot;:&quot;Children and families&quot;,&quot;id&quot;:714,&quot;icon&quot;:null,&quot;parent&quot;:0}],&quot;language&quot;:[579],&quot;language_details&quot;:[{&quot;text&quot;:&quot;German&quot;,&quot;id&quot;:579,&quot;icon&quot;:null,&quot;parent&quot;:0}],&quot;accessability&quot;:[596],&quot;accessability_details&quot;:[{&quot;text&quot;:&quot;Accessible for wheelchairs&quot;,&quot;id&quot;:596,&quot;icon&quot;:null,&quot;parent&quot;:0}],&quot;groupsize&quot;:[1091],&quot;groupsize_details&quot;:[{&quot;text&quot;:&quot;max. 20 persons&quot;,&quot;id&quot;:1091,&quot;icon&quot;:null,&quot;parent&quot;:0}],&quot;icon_overwrite&quot;:&quot;&quot;,&quot;acf&quot;:{&quot;hashtag&quot;:&quot;HumboldtForum&quot;,&quot;keywords&quot;:&quot;&quot;,&quot;planning&quot;:{&quot;price&quot;:&quot;5 EUR per Person&quot;,&quot;admission&quot;:&quot;&quot;,&quot;pause&quot;:&quot;&quot;,&quot;duration&quot;:&quot;60&quot;},&quot;tickettext&quot;:&quot;Please book your ticket in advance online or at the box office in the foyer.&quot;,&quot;use_video_in_teasers&quot;:false,&quot;hide_event_in_program&quot;:false,&quot;noindex&quot;:false,&quot;belongsto&quot;:false,&quot;shorturl&quot;:&quot;&quot;,&quot;times&quot;:[{&quot;start&quot;:&quot;20260509 11:30&quot;,&quot;end&quot;:&quot;12:30&quot;,&quot;status&quot;:&quot;BUY&quot;,&quot;info&quot;:&quot;Guided Tour in German - 5 EUR&quot;,&quot;shop&quot;:&quot;https:\\\/\\\/tickets.humboldtforum.org\\\/#\\\/product\\\/event\\\/24?date=2026-05-09&amp;date_id=28125&amp;lang=en&quot;,&quot;i&quot;:2,&quot;start_hour&quot;:&quot;11:30 am&quot;,&quot;start_HRF&quot;:&quot;Sat,  9 May 2026&quot;,&quot;_date&quot;:{&quot;date&quot;:&quot;2026-05-09 12:30:00.000000&quot;,&quot;timezone_type&quot;:3,&quot;timezone&quot;:&quot;Europe\\\/Berlin&quot;},&quot;_fromdate&quot;:&quot;20260509 11:30&quot;,&quot;start_TS&quot;:1778319000,&quot;start_HRFSHORT&quot;:&quot;09\\\/05\\\/26&quot;,&quot;start_HRFSHORT_WD&quot;:&quot;Sat 09\\\/05\\\/2026&quot;,&quot;end_TS&quot;:1778322600,&quot;can_purchase&quot;:true},{&quot;start&quot;:&quot;20260517 14:00&quot;,&quot;end&quot;:&quot;15:00&quot;,&quot;status&quot;:&quot;BUY&quot;,&quot;info&quot;:&quot;Guided Tour in German - 5 EUR&quot;,&quot;shop&quot;:&quot;https:\\\/\\\/tickets.humboldtforum.org\\\/#\\\/product\\\/event\\\/24?date=2026-05-17&amp;date_id=28126&amp;lang=en&quot;,&quot;i&quot;:3,&quot;start_hour&quot;:&quot;02:00 pm&quot;,&quot;start_HRF&quot;:&quot;Sun, 17 May 2026&quot;,&quot;_date&quot;:{&quot;date&quot;:&quot;2026-05-17 15:00:00.000000&quot;,&quot;timezone_type&quot;:3,&quot;timezone&quot;:&quot;Europe\\\/Berlin&quot;},&quot;_fromdate&quot;:&quot;20260517 14:00&quot;,&quot;start_TS&quot;:1779019200,&quot;start_HRFSHORT&quot;:&quot;17\\\/05\\\/26&quot;,&quot;start_HRFSHORT_WD&quot;:&quot;Sun 17\\\/05\\\/2026&quot;,&quot;end_TS&quot;:1779022800,&quot;can_purchase&quot;:true},{&quot;start&quot;:&quot;20260606 11:30&quot;,&quot;end&quot;:&quot;12:30&quot;,&quot;status&quot;:&quot;BUY&quot;,&quot;info&quot;:&quot;Guided Tour in German - 5 EUR&quot;,&quot;shop&quot;:&quot;https:\\\/\\\/tickets.humboldtforum.org\\\/#\\\/product\\\/event\\\/24?date=2026-06-06&amp;date_id=28508&amp;lang=en&quot;,&quot;i&quot;:0,&quot;start_hour&quot;:&quot;11:30 am&quot;,&quot;start_HRF&quot;:&quot;Sat,  6 June 2026&quot;,&quot;_date&quot;:{&quot;date&quot;:&quot;2026-06-06 12:30:00.000000&quot;,&quot;timezone_type&quot;:3,&quot;timezone&quot;:&quot;Europe\\\/Berlin&quot;},&quot;_fromdate&quot;:&quot;20260606 11:30&quot;,&quot;start_TS&quot;:1780738200,&quot;start_HRFSHORT&quot;:&quot;06\\\/06\\\/26&quot;,&quot;start_HRFSHORT_WD&quot;:&quot;Sat 06\\\/06\\\/2026&quot;,&quot;end_TS&quot;:1780741800,&quot;can_purchase&quot;:true},{&quot;start&quot;:&quot;20260614 14:00&quot;,&quot;end&quot;:&quot;15:00&quot;,&quot;status&quot;:&quot;BUY&quot;,&quot;info&quot;:&quot;Guided Tour in German - 5 EUR&quot;,&quot;shop&quot;:&quot;https:\\\/\\\/tickets.humboldtforum.org\\\/#\\\/product\\\/event\\\/24?date=2026-06-14&amp;date_id=28509&amp;lang=en&quot;,&quot;i&quot;:1,&quot;start_hour&quot;:&quot;02:00 pm&quot;,&quot;start_HRF&quot;:&quot;Sun, 14 June 2026&quot;,&quot;_date&quot;:{&quot;date&quot;:&quot;2026-06-14 15:00:00.000000&quot;,&quot;timezone_type&quot;:3,&quot;timezone&quot;:&quot;Europe\\\/Berlin&quot;},&quot;_fromdate&quot;:&quot;20260614 14:00&quot;,&quot;start_TS&quot;:1781438400,&quot;start_HRFSHORT&quot;:&quot;14\\\/06\\\/26&quot;,&quot;start_HRFSHORT_WD&quot;:&quot;Sun 14\\\/06\\\/2026&quot;,&quot;end_TS&quot;:1781442000,&quot;can_purchase&quot;:true}],&quot;subline&quot;:&quot;Family guided tour&quot;,&quot;additional_info&quot;:{&quot;icon&quot;:&quot;icon-uhr&quot;,&quot;text&quot;:&quot;Dates and ticket booking for the coming month are activated at the end of the previous month.&quot;},&quot;highlight_header&quot;:false,&quot;featured_images&quot;:[38527],&quot;hyphenation&quot;:true,&quot;tipp&quot;:false,&quot;joker&quot;:true,&quot;live&quot;:false,&quot;alert_text&quot;:&quot;DE&quot;,&quot;hm_id&quot;:&quot;&quot;,&quot;gomus_id&quot;:&quot;&quot;},&quot;date&quot;:{&quot;NX&quot;:&quot;20260509&quot;,&quot;NXX&quot;:&quot;202605091130&quot;,&quot;NLAST&quot;:&quot;202606141000&quot;,&quot;from_DATE&quot;:&quot;20260509 11:30&quot;,&quot;from&quot;:1778311800,&quot;to&quot;:1781431200,&quot;to_DATE&quot;:&quot;20260614 14:00&quot;,&quot;from_HRFSHORT&quot;:&quot; 9 May 2026&quot;,&quot;from_HRFSHORT_WD&quot;:&quot;Sat 09\\\/05\\\/2026&quot;,&quot;to_HRFSHORT&quot;:&quot;14 Jun 2026&quot;,&quot;to_HRFSHORT_WD&quot;:&quot;Sun 14\\\/06\\\/2026&quot;,&quot;from_HRF&quot;:&quot;Sat,  9 May 2026&quot;,&quot;to_HRF&quot;:&quot;Sun, 14 June 2026&quot;,&quot;from_to_HRF&quot;:&quot;Sat,  9 May \\u2013 Sun, 14 June 2026&quot;,&quot;from_to_HRFSHORT&quot;:&quot; 9 May \\u2013 14 Jun 2026&quot;},&quot;alert&quot;:&quot;DE&quot;,&quot;partof&quot;:[],&quot;marketing_topic&quot;:{&quot;title&quot;:&quot;History and Architecture of the Site&quot;,&quot;0&quot;:&quot;topic&quot;}}' inline-template>\n\t<a href=\"https:\/\/www.humboldtforum.org\/en\/programm\/termin\/guided-tour\/forum-oder-schloss-38515\/\" class=\"teaser teaser-event teaser-event-standard\">\n\t\t<div class=\"row\">\n\t\t\t<div class=\"col-xs-12 teaser-event-image\">\n\t\t\t\t<div class=\"teaser-image teaser-image-no-alternate\">\n\t\t\t\t\t\t\t\t\t\t\t\t\t<span class=\"alert\">DE<\/span>\n\t\t\t\t\t\t\t\t\t\t\t\n\t<lazy-media-inline inline-template>\n\t\t<figure itemscope itemtype=\"http:\/\/schema.org\/ImageObject\" class=\"lazy-media-inline \" role=\"group\" id=\"media_69f3e88e67caf\" aria-labelledby=\"desc_media_69f3e88e67caf\">\n\t\t\t<script type=\"application\/json\" ref=\"data\">\n\t\t\t\t{\n\t\t\t\t\"sizes\" : {\"medium\":{\"file\":\"SHF_eb00104448-225x300.jpg\",\"width\":225,\"height\":300,\"mime-type\":\"image\\\/jpeg\"},\"large\":{\"file\":\"SHF_eb00104448-769x1024.jpg\",\"width\":769,\"height\":1024,\"mime-type\":\"image\\\/jpeg\"},\"thumbnail\":{\"file\":\"SHF_eb00104448-150x150.jpg\",\"width\":150,\"height\":150,\"mime-type\":\"image\\\/jpeg\"},\"medium_large\":{\"file\":\"SHF_eb00104448-768x1023.jpg\",\"width\":768,\"height\":1023,\"mime-type\":\"image\\\/jpeg\"},\"small\":{\"file\":\"SHF_eb00104448-330x440.jpg\",\"width\":330,\"height\":440,\"mime-type\":\"image\\\/jpeg\"},\"semi\":{\"file\":\"SHF_eb00104448-435x580.jpg\",\"width\":435,\"height\":580,\"mime-type\":\"image\\\/jpeg\"},\"mobile\":{\"file\":\"SHF_eb00104448-540x720.jpg\",\"width\":540,\"height\":720,\"mime-type\":\"image\\\/jpeg\"},\"hd\":{\"file\":\"SHF_eb00104448-961x1280.jpg\",\"width\":961,\"height\":1280,\"mime-type\":\"image\\\/jpeg\"},\"full\":{\"file\":\"SHF_eb00104448-1441x1920.jpg\",\"width\":1441,\"height\":1920,\"mime-type\":\"image\\\/jpeg\"},\"1536x1536\":{\"file\":\"SHF_eb00104448-1153x1536.jpg\",\"width\":1153,\"height\":1536,\"mime-type\":\"image\\\/jpeg\"},\"original\":{\"file\":\"SHF_eb00104448.jpg\",\"width\":1537,\"height\":2048}},\n\t\t\t\t\"alt\" : \"Modern and historical architecture by a body of water, featuring concrete and brick facades and a small tree in the foreground.\",\n\t\t\t\t\"path\" : \"\\\/wp-content\\\/uploads\\\/2021\\\/08\\\/\",\n\t\t\t\t\"video\" : null,\n\t\t\t\t\"autoplay\" : null,\n\t\t\t\t\"youtube\" : null,\n\t\t\t\t\"youtubelabel\" : \"Play video\",\n\t\t\t\t\"brightness\" : 100,\n\t\t\t\t\"crop\" : {\"top\":\"50.00\",\"left\":\"50.00\"},\n\t\t\t\t\"background\" : true,\n\t\t\t\t\"scale\" : 2\t\t\t\t}\n\t\t\t<\/script>\n\n\t\t\t<div class=\"height-container\" style=\"padding-bottom:133.24658425504%;\" v-if=\"sizes\">\n\t\t\t\t\t\t\t\t<lazy-media :inline=\"true\" :alt=\"alt\" :sizes=\"sizes\" :scale=\"scale\" :brightness=\"brightness\" :path=\"path\" :video=\"video\" :autoplay=\"autoplay\" :youtube=\"youtube\" :crop=\"crop\" :youtubelabel=\"youtubelabel\" :background=\"background\" media-id=\"desc_media_69f3e88e67caf\"><\/lazy-media>\n\t\t\t\t\t\t\t<\/div>\n\n\t\t\t\t\t\t\t<figcaption class=\"sr-only\" ref=\"body\" id=\"desc_media_69f3e88e67caf\">\n\t\t\t\t\t\t\t\t\t\t\t\t\t\t\t\t<div>Blick auf die Ostfassade und das Eckrondell, Treppen- und Rampenanlage <\/div>\n\t\t\t\t\t\t\t\t\t\t\t\t\t\t\t\t<div class=\"insignificant\">\u00a9 Stiftung Humboldt Forum im Berliner Schloss \/ Foto: Alexander Schippel<\/div>\n\t\t\t\t\t\t\t\t\t<\/figcaption>\n\t\t\t\t\t<\/figure>\n\t<\/lazy-media-inline>\n\t\t\t\t<\/div>\n\t\t\t<\/div>\n\t\t\t<div class=\"col-xs-12 teaser-event-text Infos\">\n\t\t\t\t<div class=\"teaser-event-standard-text\">\n\t\t\t\t\t<div class=\"margin-bottom-atom\">\n\t\t\t\t\t\t<div class=\"subline clamp-1\" v-html=\"maingenre\"><\/div>\n\t\t\t\t\t\t\t\t\t\t\t\t\t<div class=\"insignificant clamp-2\">History and Architecture of the Site<\/div>\n\t\t\t\t\t\t\t\t\t\t\t<\/div>\n\t\t\t\t\n\t\t\t\t\t<strong class=\"margin-bottom-atom\">Forum or Palace?<\/strong>\n\n\t\t\t\t\t\t\t\t\t\t\t<div class=\"\">Family guided tour<\/div>\n\t\t\t\t\t\t\t\t\t<\/div>\n\t\t\t\t<div class=\"teaser-bottom border-bottom\">\n\t\t\t\t<calendardateline :rawitem='item' :show-icon=\"true\"><\/calendardateline>\n\t\t\t\t\t<hr>\n\t\t\t\t<\/div>\n\t\t\t<\/div>\n\t\t<\/div>\n\t<\/a>\n\t<\/calendarteaser>\n<\/li>\n\n\t\t\t\t\t\t<\/ul>\n\t\t\t\t\t<\/div>\n\t\t\t\t<\/div>\n\t\t\t<\/teaser-lane-with-buttons>\n\t\t\t\t<\/lazy-component>\n<\/section>\n\n\n\n<section class=\"block block-CTA block-CTA-long leftgradient\">\n\t<div class=\"container-fluid\">\n\t\t<div class=\"row center-xs\">\n\t\t\t<div class=\"col-xs-12\">\n\t\t\t\t<div class=\"box\">\n\t\t\t\t\t<a href=\"https:\/\/www.humboldtforum.org\/en\/newsletter-2\/\" aria-label=\"Stay up to date.\" class=\"teaser teaser-cta-wide \">\n\t\t\t\t\t\t<div class=\"teaser-image\">\n\t\t\t\t\t\t\t\n\t<lazy-media-inline inline-template>\n\t\t<figure itemscope itemtype=\"http:\/\/schema.org\/ImageObject\" class=\"lazy-media-inline \" role=\"group\" id=\"media_69f3e88e68f31\" aria-labelledby=\"desc_media_69f3e88e68f31\">\n\t\t\t<script type=\"application\/json\" ref=\"data\">\n\t\t\t\t{\n\t\t\t\t\"sizes\" : {\"medium\":{\"file\":\"HF_eb00061823-scaled-300x200.jpg\",\"width\":300,\"height\":200,\"mime-type\":\"image\\\/jpeg\",\"filesize\":19186},\"large\":{\"file\":\"HF_eb00061823-scaled-1024x683.jpg\",\"width\":1024,\"height\":683,\"mime-type\":\"image\\\/jpeg\",\"filesize\":138597},\"thumbnail\":{\"file\":\"HF_eb00061823-scaled-150x150.jpg\",\"width\":150,\"height\":150,\"mime-type\":\"image\\\/jpeg\",\"filesize\":8481},\"medium_large\":{\"file\":\"HF_eb00061823-scaled-768x512.jpg\",\"width\":768,\"height\":512,\"mime-type\":\"image\\\/jpeg\",\"filesize\":86200},\"small\":{\"file\":\"HF_eb00061823-scaled-440x293.jpg\",\"width\":440,\"height\":293,\"mime-type\":\"image\\\/jpeg\",\"filesize\":35525},\"semi\":{\"file\":\"HF_eb00061823-scaled-580x387.jpg\",\"width\":580,\"height\":387,\"mime-type\":\"image\\\/jpeg\",\"filesize\":55724},\"mobile\":{\"file\":\"HF_eb00061823-scaled-720x480.jpg\",\"width\":720,\"height\":480,\"mime-type\":\"image\\\/jpeg\",\"filesize\":77971},\"hd\":{\"file\":\"HF_eb00061823-scaled-1280x854.jpg\",\"width\":1280,\"height\":854,\"mime-type\":\"image\\\/jpeg\",\"filesize\":202477},\"full\":{\"file\":\"HF_eb00061823-scaled-1920x1280.jpg\",\"width\":1920,\"height\":1280,\"mime-type\":\"image\\\/jpeg\",\"filesize\":386736},\"1536x1536\":{\"file\":\"HF_eb00061823-scaled-1536x1024.jpg\",\"width\":1536,\"height\":1024,\"mime-type\":\"image\\\/jpeg\",\"filesize\":266197},\"2048x2048\":{\"file\":\"HF_eb00061823-scaled-2048x1366.jpg\",\"width\":2048,\"height\":1366,\"mime-type\":\"image\\\/jpeg\",\"filesize\":430206},\"original\":{\"file\":\"HF_eb00061823-scaled.jpg\",\"width\":2560,\"height\":1707}},\n\t\t\t\t\"alt\" : \"The brightly lit foyer and the Infopoint, DJ booth, the Cosmograph media tower and many visitors milling about\",\n\t\t\t\t\"path\" : \"\\\/wp-content\\\/uploads\\\/2020\\\/04\\\/\",\n\t\t\t\t\"video\" : null,\n\t\t\t\t\"autoplay\" : null,\n\t\t\t\t\"youtube\" : null,\n\t\t\t\t\"youtubelabel\" : \"Play video\",\n\t\t\t\t\"brightness\" : \"70\",\n\t\t\t\t\"crop\" : {\"top\":\"90.17\",\"left\":\"40.27\"},\n\t\t\t\t\"background\" : true,\n\t\t\t\t\"scale\" : 2\t\t\t\t}\n\t\t\t<\/script>\n\n\t\t\t<div class=\"height-container\" style=\"padding-bottom:66.6796875%;\" v-if=\"sizes\">\n\t\t\t\t\t\t\t\t<lazy-media :inline=\"true\" :alt=\"alt\" :sizes=\"sizes\" :scale=\"scale\" :brightness=\"brightness\" :path=\"path\" :video=\"video\" :autoplay=\"autoplay\" :youtube=\"youtube\" :crop=\"crop\" :youtubelabel=\"youtubelabel\" :background=\"background\" media-id=\"desc_media_69f3e88e68f31\"><\/lazy-media>\n\t\t\t\t\t\t\t<\/div>\n\n\t\t\t\t\t\t\t<figcaption class=\"sr-only\" ref=\"body\" id=\"desc_media_69f3e88e68f31\">\n\t\t\t\t\t\t\t\t\t\t\t<div>In the Humboldt Forum&#039;s foyer there is a 17 meter high media tower, called &quot;cosmograph&quot;. It gives visitors comprehensive information about their visit and can transform into an art and light installation.<\/div>\n\t\t\t\t\t\t\t\t\t\t\t\t\t\t\t\t\t\t\t\t\t<div class=\"insignificant\">\u00a9 SHF \/ David von Becker<\/div>\n\t\t\t\t\t\t\t\t\t<\/figcaption>\n\t\t\t\t\t<\/figure>\n\t<\/lazy-media-inline>\n\t\t\t\t\t\t<\/div>\n\t\t\t\t\t\t<div class=\"teaser-content \">\n\t\t\t\t\t\t\t<div>\n\t\t\t\t\t\t\t\t\t\t\t\t\t\t\t\t<div class=\"teaser-header\"><span class=\"h3\">Stay up to date.<\/span><\/div>\n\t\t\t\t\t\t\t\t<div class=\"teaser-subline\"><span class=\"font-decoration\">Subscribe to our newsletter<\/span><\/div>\t\t\t\t\t\t\t\t<button tabindex=\"-1\" class=\"border\">Click here<\/button>\n\t\t\t\t\t\t\t<\/div>\n\t\t\t\t\t\t<\/div>\n\t\t\t\t\t<\/a>\n\t\t\t\t<\/div>\n\t\t\t<\/div>\n\t\t<\/div>\n\t<\/div>\n<\/section>\n","protected":false},"template":"","genre":[1538],"digital":[],"topic":[590],"stakeholder":[595],"editorial":[629,614,1359,1361,1360],"editorialfilter":[],"targetgroup":[585],"language":[580,579],"accessability":[596],"age":[],"school":[],"groupsize":[],"place":[607],"class_list":["post-16440","event-permanent","type-event-permanent","status-publish","has-post-thumbnail","hentry","genre-must-see-en","topic-history-and-architecture-of-the-site","stakeholder-stiftung-humboldt-forum-im-berliner-schloss-en","editorial-exploratory","editorial-historic","editorial-historical","editorial-impressive","editorial-informative","targetgroup-adults","language-english","language-german","accessability-accessible-for-wheelchairs","place-ground-floor-video-panorama"],"acf":[],"_links":{"self":[{"href":"https:\/\/www.humboldtforum.org\/en\/wp-json\/wp\/v2\/event-permanent\/16440","targetHints":{"allow":["GET"]}}],"collection":[{"href":"https:\/\/www.humboldtforum.org\/en\/wp-json\/wp\/v2\/event-permanent"}],"about":[{"href":"https:\/\/www.humboldtforum.org\/en\/wp-json\/wp\/v2\/types\/event-permanent"}],"version-history":[{"count":9,"href":"https:\/\/www.humboldtforum.org\/en\/wp-json\/wp\/v2\/event-permanent\/16440\/revisions"}],"predecessor-version":[{"id":108736,"href":"https:\/\/www.humboldtforum.org\/en\/wp-json\/wp\/v2\/event-permanent\/16440\/revisions\/108736"}],"wp:featuredmedia":[{"embeddable":true,"href":"https:\/\/www.humboldtforum.org\/en\/wp-json\/wp\/v2\/media\/16684"}],"wp:attachment":[{"href":"https:\/\/www.humboldtforum.org\/en\/wp-json\/wp\/v2\/media?parent=16440"}],"wp:term":[{"taxonomy":"genre","embeddable":true,"href":"https:\/\/www.humboldtforum.org\/en\/wp-json\/wp\/v2\/genre?post=16440"},{"taxonomy":"digital","embeddable":true,"href":"https:\/\/www.humboldtforum.org\/en\/wp-json\/wp\/v2\/digital?post=16440"},{"taxonomy":"topic","embeddable":true,"href":"https:\/\/www.humboldtforum.org\/en\/wp-json\/wp\/v2\/topic?post=16440"},{"taxonomy":"stakeholder","embeddable":true,"href":"https:\/\/www.humboldtforum.org\/en\/wp-json\/wp\/v2\/stakeholder?post=16440"},{"taxonomy":"editorial","embeddable":true,"href":"https:\/\/www.humboldtforum.org\/en\/wp-json\/wp\/v2\/editorial?post=16440"},{"taxonomy":"editorialfilter","embeddable":true,"href":"https:\/\/www.humboldtforum.org\/en\/wp-json\/wp\/v2\/editorialfilter?post=16440"},{"taxonomy":"targetgroup","embeddable":true,"href":"https:\/\/www.humboldtforum.org\/en\/wp-json\/wp\/v2\/targetgroup?post=16440"},{"taxonomy":"language","embeddable":true,"href":"https:\/\/www.humboldtforum.org\/en\/wp-json\/wp\/v2\/language?post=16440"},{"taxonomy":"accessability","embeddable":true,"href":"https:\/\/www.humboldtforum.org\/en\/wp-json\/wp\/v2\/accessability?post=16440"},{"taxonomy":"age","embeddable":true,"href":"https:\/\/www.humboldtforum.org\/en\/wp-json\/wp\/v2\/age?post=16440"},{"taxonomy":"school","embeddable":true,"href":"https:\/\/www.humboldtforum.org\/en\/wp-json\/wp\/v2\/school?post=16440"},{"taxonomy":"groupsize","embeddable":true,"href":"https:\/\/www.humboldtforum.org\/en\/wp-json\/wp\/v2\/groupsize?post=16440"},{"taxonomy":"place","embeddable":true,"href":"https:\/\/www.humboldtforum.org\/en\/wp-json\/wp\/v2\/place?post=16440"}],"curies":[{"name":"wp","href":"https:\/\/api.w.org\/{rel}","templated":true}]}}