{"id":16445,"date":"2020-10-22T08:49:54","date_gmt":"2020-10-22T06:49:54","guid":{"rendered":"https:\/\/www.humboldtforum.org\/programm\/dauerangebot\/other-en-2\/dauerangebot\/skulpturensaal-16445\/"},"modified":"2026-03-12T15:36:43","modified_gmt":"2026-03-12T14:36:43","slug":"sculpture-hall","status":"publish","type":"event-permanent","link":"https:\/\/www.humboldtforum.org\/en\/programm\/dauerangebot\/exhibition\/sculpture-hall-16445\/","title":{"rendered":"Sculpture Hall"},"content":{"rendered":"<section class=\"block block-headline  hyph-disable\" >\n\t<div class=\"container-fluid\">\n\t\t<div class=\"row\">\n\t\t\t\t\t\t\t<div class=\"col-xs-12 col-md-offset-2 col-md-8\">\n\t\t\t\t\t<div class=\"box\">\n\t\t\t\t\t\t<h2 class=\".h2\">Explore the historic sculptures of the Berlin Palace<\/h2>\n\t\t\t\t\t<\/div>\n\t\t\t\t<\/div>\n\t\t\t\t\t<\/div>\n\t<\/div>\n<\/section>\n\n\n\n\n\n<section class=\"block block-gallery\">\n\t<div class=\"container-fluid\">\n\t\t<div class=\"row center-xs\">\n\t\t\t<div class=\"col-xs-12\">\n\t\t\t\t<div class=\"box text-align-left\">\n\t\t\t\t\t<block-gallery inline-template>\n\t\t\t\t\t\t<div :class=\"{ firstLoaded: firstLoaded }\">\n\t\t\t\t\t\t\t<script type=\"application\/json\" ref=\"data\">\n\t\t\t\t\t\t\t{\n\t\t\t\t\t\t\t\t\"images\" : [{\"id\":0,\"width\":2048,\"height\":1365,\"alt\":\"View of a staircase with two people looking up at wall statues and a light-filled ceiling.\",\"title\":\"\",\"description\":\"\",\"label\":\"Visitors in the Sculpture Hall.\",\"copyright\":\"Staatliche Museen zu Berlin, Skulpturensammlung und Museum f\\u00fcr Byzantinische Kunst \\\/ Stiftung Humboldt Forum im Berliner Schloss \\\/ Stefanie Loos\",\"path\":\"\\\/wp-content\\\/uploads\\\/2020\\\/10\\\/\",\"sizes\":{\"medium\":{\"file\":\"SHF_eb00118184-300x200.jpg\",\"width\":300,\"height\":200,\"mime-type\":\"image\\\/jpeg\"},\"large\":{\"file\":\"SHF_eb00118184-1024x683.jpg\",\"width\":1024,\"height\":683,\"mime-type\":\"image\\\/jpeg\"},\"thumbnail\":{\"file\":\"SHF_eb00118184-150x150.jpg\",\"width\":150,\"height\":150,\"mime-type\":\"image\\\/jpeg\"},\"medium_large\":{\"file\":\"SHF_eb00118184-768x512.jpg\",\"width\":768,\"height\":512,\"mime-type\":\"image\\\/jpeg\"},\"small\":{\"file\":\"SHF_eb00118184-440x293.jpg\",\"width\":440,\"height\":293,\"mime-type\":\"image\\\/jpeg\"},\"semi\":{\"file\":\"SHF_eb00118184-580x387.jpg\",\"width\":580,\"height\":387,\"mime-type\":\"image\\\/jpeg\"},\"mobile\":{\"file\":\"SHF_eb00118184-720x480.jpg\",\"width\":720,\"height\":480,\"mime-type\":\"image\\\/jpeg\"},\"hd\":{\"file\":\"SHF_eb00118184-1280x853.jpg\",\"width\":1280,\"height\":853,\"mime-type\":\"image\\\/jpeg\"},\"full\":{\"file\":\"SHF_eb00118184-1920x1280.jpg\",\"width\":1920,\"height\":1280,\"mime-type\":\"image\\\/jpeg\"},\"1536x1536\":{\"file\":\"SHF_eb00118184-1536x1024.jpg\",\"width\":1536,\"height\":1024,\"mime-type\":\"image\\\/jpeg\"},\"original\":{\"file\":\"SHF_eb00118184.jpg\",\"width\":2048,\"height\":1365}}},{\"id\":1,\"width\":1365,\"height\":2048,\"alt\":\"Ancient sculpture of a muscular man with a beard holding a blade, surrounded by a second figure.\",\"title\":\"\",\"description\":\"\",\"label\":\"Hercules from Portal 6 at Schl&uuml;terhof courtyard, c. 1706.\",\"copyright\":\"Staatliche Museen zu Berlin, Skulpturensammlung und Museum f\\u00fcr Byzantinische Kunst \\\/ Stiftung Humboldt Forum im Berliner Schloss, digitale Reproduktion: Jester Blank GbR\",\"path\":\"\\\/wp-content\\\/uploads\\\/2020\\\/10\\\/\",\"sizes\":{\"medium\":{\"file\":\"SHF_eb00022353_SS.OG_.O-005-1-200x300.jpg\",\"width\":200,\"height\":300,\"mime-type\":\"image\\\/jpeg\",\"filesize\":9836},\"large\":{\"file\":\"SHF_eb00022353_SS.OG_.O-005-1-683x1024.jpg\",\"width\":683,\"height\":1024,\"mime-type\":\"image\\\/jpeg\",\"filesize\":81319},\"thumbnail\":{\"file\":\"SHF_eb00022353_SS.OG_.O-005-1-150x150.jpg\",\"width\":150,\"height\":150,\"mime-type\":\"image\\\/jpeg\",\"filesize\":4649},\"medium_large\":{\"file\":\"SHF_eb00022353_SS.OG_.O-005-1-768x1152.jpg\",\"width\":768,\"height\":1152,\"mime-type\":\"image\\\/jpeg\",\"filesize\":99020},\"small\":{\"file\":\"SHF_eb00022353_SS.OG_.O-005-1-293x440.jpg\",\"width\":293,\"height\":440,\"mime-type\":\"image\\\/jpeg\",\"filesize\":18326},\"semi\":{\"file\":\"SHF_eb00022353_SS.OG_.O-005-1-387x580.jpg\",\"width\":387,\"height\":580,\"mime-type\":\"image\\\/jpeg\",\"filesize\":29590},\"mobile\":{\"file\":\"SHF_eb00022353_SS.OG_.O-005-1-480x720.jpg\",\"width\":480,\"height\":720,\"mime-type\":\"image\\\/jpeg\",\"filesize\":42874},\"hd\":{\"file\":\"SHF_eb00022353_SS.OG_.O-005-1-853x1280.jpg\",\"width\":853,\"height\":1280,\"mime-type\":\"image\\\/jpeg\",\"filesize\":119618},\"full\":{\"file\":\"SHF_eb00022353_SS.OG_.O-005-1-1280x1920.jpg\",\"width\":1280,\"height\":1920,\"mime-type\":\"image\\\/jpeg\",\"filesize\":247349},\"1536x1536\":{\"file\":\"SHF_eb00022353_SS.OG_.O-005-1-1024x1536.jpg\",\"width\":1024,\"height\":1536,\"mime-type\":\"image\\\/jpeg\",\"filesize\":165579},\"original\":{\"file\":\"SHF_eb00022353_SS.OG_.O-005-1.jpg\",\"width\":1365,\"height\":2048}}},{\"id\":2,\"width\":2048,\"height\":1365,\"alt\":\"Relief of two figures, a woman and a child, with a lion&#039;s head, detailed depiction in bright tones.\",\"title\":\"\",\"description\":\"\",\"label\":\"Personification of Strength from Portal 5 of the Berlin Palace, c. 1702. \",\"copyright\":\"Staatliche Museen zu Berlin, Skulpturensammlung und Museum f\\u00fcr Byzantinische Kunst \\\/ Stiftung Humboldt Forum im Berliner Schloss, digitale Reproduktion: Jester Blank GbR\",\"path\":\"\\\/wp-content\\\/uploads\\\/2020\\\/10\\\/\",\"sizes\":{\"medium\":{\"file\":\"SHF_eb00022364_SS.EG_.N-010-1-300x200.jpg\",\"width\":300,\"height\":200,\"mime-type\":\"image\\\/jpeg\",\"filesize\":10558},\"large\":{\"file\":\"SHF_eb00022364_SS.EG_.N-010-1-1024x683.jpg\",\"width\":1024,\"height\":683,\"mime-type\":\"image\\\/jpeg\",\"filesize\":77747},\"thumbnail\":{\"file\":\"SHF_eb00022364_SS.EG_.N-010-1-150x150.jpg\",\"width\":150,\"height\":150,\"mime-type\":\"image\\\/jpeg\",\"filesize\":5550},\"medium_large\":{\"file\":\"SHF_eb00022364_SS.EG_.N-010-1-768x512.jpg\",\"width\":768,\"height\":512,\"mime-type\":\"image\\\/jpeg\",\"filesize\":47268},\"small\":{\"file\":\"SHF_eb00022364_SS.EG_.N-010-1-440x293.jpg\",\"width\":440,\"height\":293,\"mime-type\":\"image\\\/jpeg\",\"filesize\":19191},\"semi\":{\"file\":\"SHF_eb00022364_SS.EG_.N-010-1-580x387.jpg\",\"width\":580,\"height\":387,\"mime-type\":\"image\\\/jpeg\",\"filesize\":30186},\"mobile\":{\"file\":\"SHF_eb00022364_SS.EG_.N-010-1-720x480.jpg\",\"width\":720,\"height\":480,\"mime-type\":\"image\\\/jpeg\",\"filesize\":42490},\"hd\":{\"file\":\"SHF_eb00022364_SS.EG_.N-010-1-1280x853.jpg\",\"width\":1280,\"height\":853,\"mime-type\":\"image\\\/jpeg\",\"filesize\":113010},\"full\":{\"file\":\"SHF_eb00022364_SS.EG_.N-010-1-1920x1280.jpg\",\"width\":1920,\"height\":1280,\"mime-type\":\"image\\\/jpeg\",\"filesize\":232872},\"1536x1536\":{\"file\":\"SHF_eb00022364_SS.EG_.N-010-1-1536x1024.jpg\",\"width\":1536,\"height\":1024,\"mime-type\":\"image\\\/jpeg\",\"filesize\":155977},\"original\":{\"file\":\"SHF_eb00022364_SS.EG_.N-010-1.jpg\",\"width\":2048,\"height\":1365}}},{\"id\":3,\"width\":2048,\"height\":1365,\"alt\":\"Visitors in a museum view ancient sculptures and reliefs on a dark gray wall.\",\"title\":\"\",\"description\":\"\",\"label\":\"View of the North Cabinet of the Sculpture Hall.\",\"copyright\":\"Stiftung Stadtmuseum Berlin \\\/ Staatliche Museen zu Berlin, Skulpturensammlung und Museum f\\u00fcr Byzantinische Kunst \\\/ Stiftung Humboldt Forum im Berliner Schloss, Foto: Stefanie Loos\\r\\n\",\"path\":\"\\\/wp-content\\\/uploads\\\/2020\\\/10\\\/\",\"sizes\":{\"medium\":{\"file\":\"SHF_eb00118186-300x200.jpg\",\"width\":300,\"height\":200,\"mime-type\":\"image\\\/jpeg\"},\"large\":{\"file\":\"SHF_eb00118186-1024x683.jpg\",\"width\":1024,\"height\":683,\"mime-type\":\"image\\\/jpeg\"},\"thumbnail\":{\"file\":\"SHF_eb00118186-150x150.jpg\",\"width\":150,\"height\":150,\"mime-type\":\"image\\\/jpeg\"},\"medium_large\":{\"file\":\"SHF_eb00118186-768x512.jpg\",\"width\":768,\"height\":512,\"mime-type\":\"image\\\/jpeg\"},\"small\":{\"file\":\"SHF_eb00118186-440x293.jpg\",\"width\":440,\"height\":293,\"mime-type\":\"image\\\/jpeg\"},\"semi\":{\"file\":\"SHF_eb00118186-580x387.jpg\",\"width\":580,\"height\":387,\"mime-type\":\"image\\\/jpeg\"},\"mobile\":{\"file\":\"SHF_eb00118186-720x480.jpg\",\"width\":720,\"height\":480,\"mime-type\":\"image\\\/jpeg\"},\"hd\":{\"file\":\"SHF_eb00118186-1280x853.jpg\",\"width\":1280,\"height\":853,\"mime-type\":\"image\\\/jpeg\"},\"full\":{\"file\":\"SHF_eb00118186-1920x1280.jpg\",\"width\":1920,\"height\":1280,\"mime-type\":\"image\\\/jpeg\"},\"1536x1536\":{\"file\":\"SHF_eb00118186-1536x1024.jpg\",\"width\":1536,\"height\":1024,\"mime-type\":\"image\\\/jpeg\"},\"original\":{\"file\":\"SHF_eb00118186.jpg\",\"width\":2048,\"height\":1365}}},{\"id\":4,\"width\":2048,\"height\":1365,\"alt\":\"Relief of a reclining human body in a natural pose, with preserved details and signs of aging.\",\"title\":\"\",\"description\":\"\",\"label\":\"Relief of a tumbling warrior from Portal 1 of the Berlin Palace, c. 1701.\",\"copyright\":\"Staatliche Museen zu Berlin, Skulpturensammlung und Museum f\\u00fcr Byzantinische Kunst \\\/ Stiftung Humboldt Forum im Berliner Schloss, digitale Reproduktion: Jester Blank GbR\",\"path\":\"\\\/wp-content\\\/uploads\\\/2020\\\/10\\\/\",\"sizes\":{\"medium\":{\"file\":\"SHF_eb00022320_K.EG_.N-008-1-300x200.jpg\",\"width\":300,\"height\":200,\"mime-type\":\"image\\\/jpeg\",\"filesize\":10008},\"large\":{\"file\":\"SHF_eb00022320_K.EG_.N-008-1-1024x683.jpg\",\"width\":1024,\"height\":683,\"mime-type\":\"image\\\/jpeg\",\"filesize\":91765},\"thumbnail\":{\"file\":\"SHF_eb00022320_K.EG_.N-008-1-150x150.jpg\",\"width\":150,\"height\":150,\"mime-type\":\"image\\\/jpeg\",\"filesize\":5559},\"medium_large\":{\"file\":\"SHF_eb00022320_K.EG_.N-008-1-768x512.jpg\",\"width\":768,\"height\":512,\"mime-type\":\"image\\\/jpeg\",\"filesize\":52212},\"small\":{\"file\":\"SHF_eb00022320_K.EG_.N-008-1-440x293.jpg\",\"width\":440,\"height\":293,\"mime-type\":\"image\\\/jpeg\",\"filesize\":19207},\"semi\":{\"file\":\"SHF_eb00022320_K.EG_.N-008-1-580x387.jpg\",\"width\":580,\"height\":387,\"mime-type\":\"image\\\/jpeg\",\"filesize\":31400},\"mobile\":{\"file\":\"SHF_eb00022320_K.EG_.N-008-1-720x480.jpg\",\"width\":720,\"height\":480,\"mime-type\":\"image\\\/jpeg\",\"filesize\":46122},\"hd\":{\"file\":\"SHF_eb00022320_K.EG_.N-008-1-1280x853.jpg\",\"width\":1280,\"height\":853,\"mime-type\":\"image\\\/jpeg\",\"filesize\":138598},\"full\":{\"file\":\"SHF_eb00022320_K.EG_.N-008-1-1920x1280.jpg\",\"width\":1920,\"height\":1280,\"mime-type\":\"image\\\/jpeg\",\"filesize\":311630},\"1536x1536\":{\"file\":\"SHF_eb00022320_K.EG_.N-008-1-1536x1024.jpg\",\"width\":1536,\"height\":1024,\"mime-type\":\"image\\\/jpeg\",\"filesize\":199682},\"original\":{\"file\":\"SHF_eb00022320_K.EG_.N-008-1.jpg\",\"width\":2048,\"height\":1365}}}]\t\t\t\t\t\t\t}\n\t\t\t\t\t\t\t<\/script>\n\n\t\t\t\t\t\t\t<swiper :options=\"options\" @slide-change=\"track\">\n\t\t\t\t\t\t\t\t<div class=\"swiper-slide\" :key=\"image.id\" v-for=\"image in images\">\n\t\t\t\t\t\t\t\t\t<block-gallery-item inline-template :image=\"image\">\n\t\t\t\t\t\t\t\t\t\t<figure class=\"swiper-slide-image-wrapper\" ref=\"parent\">\n\t\t\t\t\t\t\t\t\t\t\t<div class=\"width-container\" ref=\"container\" :style=\"style\">\n\t\t\t\t\t\t\t\t\t\t\t\t<div data-swiper-parallax-x=\"50%\">\n\t\t\t\t\t\t\t\t\t\t\t\t<img :src=\"image.src\" :alt=\"image.alt\" v-if=\"image.id < 2\">\n\t\t\t\t\t\t\t\t\t\t\t\t<img class=\"swiper-lazy\" :data-src=\"image.src\" :alt=\"image.alt\" v-else>\n\t\t\t\t\t\t\t\t\t\t\t\t<\/div>\n\t\t\t\t\t\t\t\t\t\t\t<\/div>\n\t\t\t\t\t\t\t\t\t\t<\/figure>\n\t\t\t\t\t\t\t\t\t<\/block-gallery-item>\n\n\t\t\t\t\t\t\t\t\t<figcaption>\n\t\t\t\t\t\t\t\t\t\t<div class=\"lazy-media-info-body-content\">\n\t\t\t\t\t\t\t\t\t\t\t<div v-html=\"image.label\"><\/div>\n\t\t\t\t\t\t\t\t\t\t\t<div v-html=\"image.description\"><\/div>\n\t\t\t\t\t\t\t\t\t\t\t<div class=\"insignificant\" v-if=\"image.copyright\" v-html=\"'\u00a9 '+image.copyright\"><\/div>\n\t\t\t\t\t\t\t\t\t\t<\/div>\n\t\t\t\t\t\t\t\t\t<\/figcaption>\n\t\t\t\t\t\t\t\t<\/div>\n\n\t\t\t\t\t\t\t\t<div class=\"swiper-pagination\"  slot=\"pagination\"><\/div>\n\n\t\t\t\t\t\t\t\t<button class=\"icon-round swiper-button-prev\" slot=\"button-prev\" aria-label=\"Last images\">\n\t\t\t\t\t\t\t\t\t<span class=\"icon-next\" aria-hidden=\"true\"><\/span>\n\t\t\t\t\t\t\t\t<\/button>\n\n\t\t\t\t\t\t\t\t<button class=\"icon-round swiper-button-next\" slot=\"button-next\" aria-label=\"Next image\">\n\t\t\t\t\t\t\t\t\t<span class=\"icon-next\" aria-hidden=\"true\"><\/span>\n\t\t\t\t\t\t\t\t<\/button>\n\t\t\t\t\t\t\t<\/swiper>\n\t\t\t\t\t\t<\/div>\n\t\t\t\t\t<\/block-gallery>\n\t\t\t\t<\/div>\n\t\t\t<\/div>\n\t\t<\/div>\n\t<\/div>\n<\/section>\n\n<section class=\"block block-copy\" >\n    <div class=\"container-fluid\">\n\t\t<div class=\"row margin-bottom-sixth\">\n            <div class=\"col-xs-12 col-md-offset-2 col-md-8\">\n                <div class=\"box\">\n                    <div class=\"copy\"><h5>What to expect<\/h5>\n<p class=\"p1\">The dimensions of the Sculpture Hall, designed by Italian architect Franco Stella, correspond to those of the Berlin Palace\u2019s large Baroque staircase hall that once stood on this site. On display here are fragments of the Palace from several centuries. Many of them were part of the Baroque facade decoration designed by the palace architect Andreas Schl\u00fcter (1634\u20131714), who came from Danzig (now Gda\u0144sk in Poland).<\/p>\n<\/div>\n                <\/div>\n            <\/div>\n\t\t<\/div>\n\t\t\t\t\t<div class=\"row margin-bottom-sixth\">\n\t\t\t\t<div class=\"col-xs-12 col-md-offset-2 col-md-8\">\n\t\t\t\t\t<div class=\"box\">\n\t\t\t\t\t\t<read-more inline-template>\n\t\t\t\t\t\t\t<div class=\"copy margin-bottom-sixth\">\n\t\t\t\t\t\t\t\t<div ref=\"body\" style=\"height:0;overflow: hidden;display: none;\">\n\t\t\t\t\t\t\t\t\t<div class=\"margin-bottom-sixth\"><p class=\"p1\">They include six colossal figures that once crowned the main gateway to the courtyard. In their splendour and symbolism they illustrate the growing claim to power of the House of Hohenzollern within Europe around 1700. The exhibition offers insights into the fascinating history of the origins of the historical sculptures as well as their replicas.<\/p>\n<\/div>\n\t\t\t\t\t\t\t\t<\/div>\n\t\t\t\t\t\t\t\t<a ref=\"toggleButton\" class=\"Button\" @click=\"toggle\">\n\t\t\t\t\t\t\t\t\t<span v-if=\"!active\">read more<\/span>\n\t\t\t\t\t\t\t\t\t<span v-else>read less<\/span>\n\t\t\t\t\t\t\t\t<\/a>\n\t\t\t\t\t\t\t<\/div>\n\t\t\t\t\t\t<\/read-mode>\n\t\t\t\t\t<\/div>\n\t\t\t\t<\/div>\n\t\t\t<\/div>\n\t\t    <\/div>\n<\/section>\n\n<section class=\"block block-copy block-no-margin\" >\n    <div class=\"container-fluid\">\n\t\t<div class=\"row \">\n            <div class=\"col-xs-12 col-md-offset-2 col-md-8\">\n                <div class=\"box\">\n                    <div class=\"copy\"><p>If you have any suggestions or questions please feel free to write an e-mail to geschichte@humboldtforum.org.<\/p>\n<\/div>\n                <\/div>\n            <\/div>\n\t\t<\/div>\n\t\t    <\/div>\n<\/section>\n\n<section class=\"block block-copy\" >\n    <div class=\"container-fluid\">\n\t\t<div class=\"row \">\n            <div class=\"col-xs-12 col-md-offset-2 col-md-8\">\n                <div class=\"box\">\n                    <div class=\"copy\"><p><center><span class=\"anleser\" style=\"font-weight: bolder;\"><strong>\u25a0<\/strong><\/span><\/center><\/p>\n<\/div>\n                <\/div>\n            <\/div>\n\t\t<\/div>\n\t\t    <\/div>\n<\/section>\n\n<section class=\"block block-CTA block-CTA-long leftgradient\">\n\t<div class=\"container-fluid\">\n\t\t<div class=\"row center-xs\">\n\t\t\t<div class=\"col-xs-12\">\n\t\t\t\t<div class=\"box\">\n\t\t\t\t\t<a href=\"https:\/\/www.humboldtforum.org\/en\/programm\/feature\/geschichte-des-ortes-31309\/\" aria-label=\"History of the site\" class=\"teaser teaser-cta-wide \">\n\t\t\t\t\t\t<div class=\"teaser-image\">\n\t\t\t\t\t\t\t\n\t<lazy-media-inline inline-template>\n\t\t<figure itemscope itemtype=\"http:\/\/schema.org\/ImageObject\" class=\"lazy-media-inline \" role=\"group\" id=\"media_69ee4cb7ba202\" aria-labelledby=\"desc_media_69ee4cb7ba202\">\n\t\t\t<script type=\"application\/json\" ref=\"data\">\n\t\t\t\t{\n\t\t\t\t\"sizes\" : {\"medium\":{\"file\":\"SHF_eb00020197-300x200.jpg\",\"width\":300,\"height\":200,\"mime-type\":\"image\\\/jpeg\"},\"large\":{\"file\":\"SHF_eb00020197-1024x682.jpg\",\"width\":1024,\"height\":682,\"mime-type\":\"image\\\/jpeg\"},\"thumbnail\":{\"file\":\"SHF_eb00020197-150x150.jpg\",\"width\":150,\"height\":150,\"mime-type\":\"image\\\/jpeg\"},\"medium_large\":{\"file\":\"SHF_eb00020197-768x512.jpg\",\"width\":768,\"height\":512,\"mime-type\":\"image\\\/jpeg\"},\"small\":{\"file\":\"SHF_eb00020197-440x293.jpg\",\"width\":440,\"height\":293,\"mime-type\":\"image\\\/jpeg\"},\"semi\":{\"file\":\"SHF_eb00020197-580x387.jpg\",\"width\":580,\"height\":387,\"mime-type\":\"image\\\/jpeg\"},\"mobile\":{\"file\":\"SHF_eb00020197-720x480.jpg\",\"width\":720,\"height\":480,\"mime-type\":\"image\\\/jpeg\"},\"hd\":{\"file\":\"SHF_eb00020197-1280x853.jpg\",\"width\":1280,\"height\":853,\"mime-type\":\"image\\\/jpeg\"},\"full\":{\"file\":\"SHF_eb00020197-1920x1280.jpg\",\"width\":1920,\"height\":1280,\"mime-type\":\"image\\\/jpeg\"},\"1536x1536\":{\"file\":\"SHF_eb00020197-1536x1024.jpg\",\"width\":1536,\"height\":1024,\"mime-type\":\"image\\\/jpeg\"},\"original\":{\"file\":\"SHF_eb00020197.jpg\",\"width\":2000,\"height\":1333}},\n\t\t\t\t\"alt\" : \"Archaeological excavation in Berlin with a view of the TV tower and historic buildings in the background.\",\n\t\t\t\t\"path\" : \"\\\/wp-content\\\/uploads\\\/2020\\\/11\\\/\",\n\t\t\t\t\"video\" : null,\n\t\t\t\t\"autoplay\" : null,\n\t\t\t\t\"youtube\" : null,\n\t\t\t\t\"youtubelabel\" : \"Play video\",\n\t\t\t\t\"brightness\" : \"80\",\n\t\t\t\t\"crop\" : {\"top\":\"50.00\",\"left\":\"45.00\"},\n\t\t\t\t\"background\" : true,\n\t\t\t\t\"scale\" : 2\t\t\t\t}\n\t\t\t<\/script>\n\n\t\t\t<div class=\"height-container\" style=\"padding-bottom:66.65%;\" v-if=\"sizes\">\n\t\t\t\t\t\t\t\t<lazy-media :inline=\"true\" :alt=\"alt\" :sizes=\"sizes\" :scale=\"scale\" :brightness=\"brightness\" :path=\"path\" :video=\"video\" :autoplay=\"autoplay\" :youtube=\"youtube\" :crop=\"crop\" :youtubelabel=\"youtubelabel\" :background=\"background\" media-id=\"desc_media_69ee4cb7ba202\"><\/lazy-media>\n\t\t\t\t\t\t\t<\/div>\n\n\t\t\t\t\t\t\t<figcaption class=\"sr-only\" ref=\"body\" id=\"desc_media_69ee4cb7ba202\">\n\t\t\t\t\t\t\t\t\t\t\t<div>Excavations in the palace area, 2009.<\/div>\n\t\t\t\t\t\t\t\t\t\t\t\t\t\t\t\t\t\t\t\t\t<div class=\"insignificant\">\u00a9 Steffen Jaenicke<\/div>\n\t\t\t\t\t\t\t\t\t<\/figcaption>\n\t\t\t\t\t<\/figure>\n\t<\/lazy-media-inline>\n\t\t\t\t\t\t<\/div>\n\t\t\t\t\t\t<div class=\"teaser-content \">\n\t\t\t\t\t\t\t<div>\n\t\t\t\t\t\t\t\t<div class=\"teaser-overline subline\">Subject<\/div>\t\t\t\t\t\t\t\t<div class=\"teaser-header\"><span class=\"h3\">History of the site<\/span><\/div>\n\t\t\t\t\t\t\t\t\t\t\t\t\t\t\t\t<button tabindex=\"-1\" class=\"border\">Learn more<\/button>\n\t\t\t\t\t\t\t<\/div>\n\t\t\t\t\t\t<\/div>\n\t\t\t\t\t<\/a>\n\t\t\t\t<\/div>\n\t\t\t<\/div>\n\t\t<\/div>\n\t<\/div>\n<\/section>\n\n\n<section class=\"block block-CTA block-CTA-long-right rightgradient\">\n\t<div class=\"container-fluid\">\n\t\t<div class=\"row center-xs\">\n\t\t\t<div class=\"col-xs-12\">\n\t\t\t\t<div class=\"box\">\n\t\t\t\t\t<a href=\"https:\/\/guide.humboldtforum.org\/explore\/tours\/1\" aria-label=\"Ein besonderer Ort Medienguide Tour\" class=\"teaser teaser-cta-wide \">\n\t\t\t\t\t\t<div class=\"teaser-image\">\n\t\t\t\t\t\t\t\n\t<lazy-media-inline inline-template>\n\t\t<figure itemscope itemtype=\"http:\/\/schema.org\/ImageObject\" class=\"lazy-media-inline \" role=\"group\" id=\"media_69ee4cb7bb640\" aria-labelledby=\"desc_media_69ee4cb7bb640\">\n\t\t\t<script type=\"application\/json\" ref=\"data\">\n\t\t\t\t{\n\t\t\t\t\"sizes\" : {\"medium\":{\"file\":\"SHF_eb00112643_BessondereOrt-300x200.jpg\",\"width\":300,\"height\":200,\"mime-type\":\"image\\\/jpeg\",\"filesize\":9687},\"large\":{\"file\":\"SHF_eb00112643_BessondereOrt-1024x683.jpg\",\"width\":1024,\"height\":683,\"mime-type\":\"image\\\/jpeg\",\"filesize\":55193},\"thumbnail\":{\"file\":\"SHF_eb00112643_BessondereOrt-150x150.jpg\",\"width\":150,\"height\":150,\"mime-type\":\"image\\\/jpeg\",\"filesize\":5053},\"medium_large\":{\"file\":\"SHF_eb00112643_BessondereOrt-768x512.jpg\",\"width\":768,\"height\":512,\"mime-type\":\"image\\\/jpeg\",\"filesize\":36152},\"small\":{\"file\":\"SHF_eb00112643_BessondereOrt-440x294.jpg\",\"width\":440,\"height\":294,\"mime-type\":\"image\\\/jpeg\",\"filesize\":16429},\"semi\":{\"file\":\"SHF_eb00112643_BessondereOrt-580x387.jpg\",\"width\":580,\"height\":387,\"mime-type\":\"image\\\/jpeg\",\"filesize\":24606},\"mobile\":{\"file\":\"SHF_eb00112643_BessondereOrt-720x480.jpg\",\"width\":720,\"height\":480,\"mime-type\":\"image\\\/jpeg\",\"filesize\":32878},\"hd\":{\"file\":\"SHF_eb00112643_BessondereOrt-1280x854.jpg\",\"width\":1280,\"height\":854,\"mime-type\":\"image\\\/jpeg\",\"filesize\":76706},\"full\":{\"file\":\"SHF_eb00112643_BessondereOrt-1920x1281.jpg\",\"width\":1920,\"height\":1281,\"mime-type\":\"image\\\/jpeg\",\"filesize\":140401},\"xxl\":{\"file\":\"SHF_eb00112643_BessondereOrt-4048x2700.jpg\",\"width\":4048,\"height\":2700,\"mime-type\":\"image\\\/jpeg\",\"filesize\":461480},\"1536x1536\":{\"file\":\"SHF_eb00112643_BessondereOrt-1536x1025.jpg\",\"width\":1536,\"height\":1025,\"mime-type\":\"image\\\/jpeg\",\"filesize\":100761},\"2048x2048\":{\"file\":\"SHF_eb00112643_BessondereOrt-2048x1366.jpg\",\"width\":2048,\"height\":1366,\"mime-type\":\"image\\\/jpeg\",\"filesize\":154776},\"original\":{\"file\":\"SHF_eb00112643_BessondereOrt.jpg\",\"width\":8290,\"height\":5530}},\n\t\t\t\t\"alt\" : \"A person holds a smartphone displaying a city view, with modern buildings in the background.\",\n\t\t\t\t\"path\" : \"\\\/wp-content\\\/uploads\\\/2021\\\/09\\\/\",\n\t\t\t\t\"video\" : null,\n\t\t\t\t\"autoplay\" : null,\n\t\t\t\t\"youtube\" : null,\n\t\t\t\t\"youtubelabel\" : \"Play video\",\n\t\t\t\t\"brightness\" : \"90\",\n\t\t\t\t\"crop\" : null,\n\t\t\t\t\"background\" : true,\n\t\t\t\t\"scale\" : 1\t\t\t\t}\n\t\t\t<\/script>\n\n\t\t\t<div class=\"height-container\" style=\"padding-bottom:66.70687575392%;\" v-if=\"sizes\">\n\t\t\t\t\t\t\t\t<lazy-media :inline=\"true\" :alt=\"alt\" :sizes=\"sizes\" :scale=\"scale\" :brightness=\"brightness\" :path=\"path\" :video=\"video\" :autoplay=\"autoplay\" :youtube=\"youtube\" :crop=\"crop\" :youtubelabel=\"youtubelabel\" :background=\"background\" media-id=\"desc_media_69ee4cb7bb640\"><\/lazy-media>\n\t\t\t\t\t\t\t<\/div>\n\n\t\t\t\t\t\t\t<figcaption class=\"sr-only\" ref=\"body\" id=\"desc_media_69ee4cb7bb640\">\n\t\t\t\t\t\t\t\t\t\t\t\t\t\t\t\t\t\t\t\t\t<div class=\"insignificant\">\u00a9 Stiftung Humboldt Forum im Berliner Schloss \/ Andreas K\u00f6nig<\/div>\n\t\t\t\t\t\t\t\t\t<\/figcaption>\n\t\t\t\t\t<\/figure>\n\t<\/lazy-media-inline>\n\t\t\t\t\t\t<\/div>\n\t\t\t\t\t\t<div class=\"teaser-content teaser-content-right\">\n\t\t\t\t\t\t\t<div>\n\t\t\t\t\t\t\t\t\t\t\t\t\t\t\t\t<div class=\"teaser-header\"><span class=\"h3\">Ein besonderer Ort Medienguide Tour<\/span><\/div>\n\t\t\t\t\t\t\t\t\t\t\t\t\t\t\t\t<button tabindex=\"-1\" class=\"border\">Click Here<\/button>\n\t\t\t\t\t\t\t<\/div>\n\t\t\t\t\t\t<\/div>\n\t\t\t\t\t<\/a>\n\t\t\t\t<\/div>\n\t\t\t<\/div>\n\t\t<\/div>\n\t<\/div>\n<\/section>\n\n\n<section class=\"block block-CTA block-CTA-long leftgradient\">\n\t<div class=\"container-fluid\">\n\t\t<div class=\"row center-xs\">\n\t\t\t<div class=\"col-xs-12\">\n\t\t\t\t<div class=\"box\">\n\t\t\t\t\t<a href=\"https:\/\/guide.humboldtforum.org\/explore\/tours\/2\" aria-label=\"Architektur Medienguide Tour\" class=\"teaser teaser-cta-wide \">\n\t\t\t\t\t\t<div class=\"teaser-image\">\n\t\t\t\t\t\t\t\n\t<lazy-media-inline inline-template>\n\t\t<figure itemscope itemtype=\"http:\/\/schema.org\/ImageObject\" class=\"lazy-media-inline \" role=\"group\" id=\"media_69ee4cb7bc81f\" aria-labelledby=\"desc_media_69ee4cb7bc81f\">\n\t\t\t<script type=\"application\/json\" ref=\"data\">\n\t\t\t\t{\n\t\t\t\t\"sizes\" : {\"medium\":{\"file\":\"SHF_eb00112643_Architektur-300x200.jpg\",\"width\":300,\"height\":200,\"mime-type\":\"image\\\/jpeg\",\"filesize\":9626},\"large\":{\"file\":\"SHF_eb00112643_Architektur-1024x683.jpg\",\"width\":1024,\"height\":683,\"mime-type\":\"image\\\/jpeg\",\"filesize\":53565},\"thumbnail\":{\"file\":\"SHF_eb00112643_Architektur-150x150.jpg\",\"width\":150,\"height\":150,\"mime-type\":\"image\\\/jpeg\",\"filesize\":5023},\"medium_large\":{\"file\":\"SHF_eb00112643_Architektur-768x512.jpg\",\"width\":768,\"height\":512,\"mime-type\":\"image\\\/jpeg\",\"filesize\":35147},\"small\":{\"file\":\"SHF_eb00112643_Architektur-440x294.jpg\",\"width\":440,\"height\":294,\"mime-type\":\"image\\\/jpeg\",\"filesize\":16117},\"semi\":{\"file\":\"SHF_eb00112643_Architektur-580x387.jpg\",\"width\":580,\"height\":387,\"mime-type\":\"image\\\/jpeg\",\"filesize\":24044},\"mobile\":{\"file\":\"SHF_eb00112643_Architektur-720x480.jpg\",\"width\":720,\"height\":480,\"mime-type\":\"image\\\/jpeg\",\"filesize\":31973},\"hd\":{\"file\":\"SHF_eb00112643_Architektur-1280x854.jpg\",\"width\":1280,\"height\":854,\"mime-type\":\"image\\\/jpeg\",\"filesize\":74557},\"full\":{\"file\":\"SHF_eb00112643_Architektur-1920x1281.jpg\",\"width\":1920,\"height\":1281,\"mime-type\":\"image\\\/jpeg\",\"filesize\":136392},\"xxl\":{\"file\":\"SHF_eb00112643_Architektur-4048x2700.jpg\",\"width\":4048,\"height\":2700,\"mime-type\":\"image\\\/jpeg\",\"filesize\":451660},\"1536x1536\":{\"file\":\"SHF_eb00112643_Architektur-1536x1025.jpg\",\"width\":1536,\"height\":1025,\"mime-type\":\"image\\\/jpeg\",\"filesize\":97758},\"2048x2048\":{\"file\":\"SHF_eb00112643_Architektur-2048x1366.jpg\",\"width\":2048,\"height\":1366,\"mime-type\":\"image\\\/jpeg\",\"filesize\":150229},\"original\":{\"file\":\"SHF_eb00112643_Architektur.jpg\",\"width\":8290,\"height\":5530}},\n\t\t\t\t\"alt\" : \"A hand holds a smartphone displaying a building, with a blurred urban environment in the background.\",\n\t\t\t\t\"path\" : \"\\\/wp-content\\\/uploads\\\/2021\\\/09\\\/\",\n\t\t\t\t\"video\" : null,\n\t\t\t\t\"autoplay\" : null,\n\t\t\t\t\"youtube\" : null,\n\t\t\t\t\"youtubelabel\" : \"Play video\",\n\t\t\t\t\"brightness\" : \"90\",\n\t\t\t\t\"crop\" : null,\n\t\t\t\t\"background\" : true,\n\t\t\t\t\"scale\" : 1\t\t\t\t}\n\t\t\t<\/script>\n\n\t\t\t<div class=\"height-container\" style=\"padding-bottom:66.70687575392%;\" v-if=\"sizes\">\n\t\t\t\t\t\t\t\t<lazy-media :inline=\"true\" :alt=\"alt\" :sizes=\"sizes\" :scale=\"scale\" :brightness=\"brightness\" :path=\"path\" :video=\"video\" :autoplay=\"autoplay\" :youtube=\"youtube\" :crop=\"crop\" :youtubelabel=\"youtubelabel\" :background=\"background\" media-id=\"desc_media_69ee4cb7bc81f\"><\/lazy-media>\n\t\t\t\t\t\t\t<\/div>\n\n\t\t\t\t\t\t\t<figcaption class=\"sr-only\" ref=\"body\" id=\"desc_media_69ee4cb7bc81f\">\n\t\t\t\t\t\t\t\t\t\t\t\t\t\t\t\t\t\t\t\t\t<div class=\"insignificant\">\u00a9 Stiftung Humboldt Forum im Berliner Schloss \/ Andreas K\u00f6nig<\/div>\n\t\t\t\t\t\t\t\t\t<\/figcaption>\n\t\t\t\t\t<\/figure>\n\t<\/lazy-media-inline>\n\t\t\t\t\t\t<\/div>\n\t\t\t\t\t\t<div class=\"teaser-content \">\n\t\t\t\t\t\t\t<div>\n\t\t\t\t\t\t\t\t\t\t\t\t\t\t\t\t<div class=\"teaser-header\"><span class=\"h3\">Architektur Medienguide Tour<\/span><\/div>\n\t\t\t\t\t\t\t\t\t\t\t\t\t\t\t\t<button tabindex=\"-1\" class=\"border\">Click here<\/button>\n\t\t\t\t\t\t\t<\/div>\n\t\t\t\t\t\t<\/div>\n\t\t\t\t\t<\/a>\n\t\t\t\t<\/div>\n\t\t\t<\/div>\n\t\t<\/div>\n\t<\/div>\n<\/section>\n\n\n<section class=\"block block-teaser col-lane \" style=\"\">\n\t<lazy-component :fixed-min-height=\"400\">\n\t\n\t\t\t\t\t<teaser-lane-with-buttons inline-template tracking-label=\"History of the Site\">\n\t\t\t\t<div class=\"teaser-lane-with-buttons\">\n\t\t\t\t\t<div class=\"container-fluid\">\n\t\t\t\t\t\t<div class=\"row bottom-xs\">\n\t\t\t\t\t\t\t<div class=\"col-xs-12 col-md-8\">\n\t\t\t\t\t\t\t\t\t\t\t\t\t\t\t\t\t<h4>History of the Site<\/h4>\t\t\t\t\t\t\t\t\t\t\t\t\t\t\t\t\t\t\t\t\t\t\t\t<\/div>\n\t\t\t\t\t\t\t<div class=\"col-xs-12 col-md-4 start-xs end-md margin-bottom-sixth teaser-lane-buttons-wrapper teaser-lane-buttons-wrapper-with-tax\">\n\t\t\t\t\t\t\t\t<a href=\"https:\/\/www.humboldtforum.org\/en\/programm\/thema\/history-and-architecture-of-the-site\/\" class=\"normalcase small noborder\" role=\"button\">Show all (23)<\/a>\t\t\t\t\t\t\t\t<teaser-lane-buttons :visible_prev=\"visible_prev\" :visible_next=\"visible_next\" @prev=\"prev\" @next=\"next\"><\/teaser-lane-buttons>\n\t\t\t\t\t\t\t<\/div>\n\t\t\t\t\t\t<\/div>\n\t\t\t\t\t<\/div>\n\t\t\t\t\t<div class=\"teaser-lane-wrapper\">\n\t\t\t\t\t\t<ul class=\"teaser-lane\">\n\t\t\t\t\t\t\t\t\t\t\t\t\t\t<li class=\"teaser-lane-slide col-xs-9 col-sm-4 col-md-3 teaser-wrapper col-padding-remove\">\n\t<calendarteaser key=\"1643116792\" rawitem='{&quot;postId&quot;:16431,&quot;title&quot;:&quot;Palace Cellar&quot;,&quot;excerpt&quot;:&quot;Descend to the historic wall remains of the Berlin Palace. Here you will find the first traces of the site\\u2019s history. The archaeological cellar, the only surviving part of the original Berlin Palace, takes you on a tour from the middle ages to the present day.&quot;,&quot;slug&quot;:&quot;palace-cellar&quot;,&quot;post_date&quot;:&quot;2020-10-22T19:05&quot;,&quot;type&quot;:&quot;event-permanent&quot;,&quot;permalink&quot;:&quot;https:\\\/\\\/www.humboldtforum.org\\\/en\\\/programm\\\/dauerangebot\\\/exhibition\\\/palace-cellar-16431\\\/&quot;,&quot;genre&quot;:[552,1538],&quot;genre_details&quot;:[{&quot;text&quot;:&quot;Exhibition&quot;,&quot;id&quot;:552,&quot;icon&quot;:null,&quot;parent&quot;:0},{&quot;text&quot;:&quot;Must see&quot;,&quot;id&quot;:1538,&quot;icon&quot;:null,&quot;parent&quot;:0}],&quot;topic&quot;:[590],&quot;topic_details&quot;:[{&quot;text&quot;:&quot;History and Architecture of the Site&quot;,&quot;id&quot;:590,&quot;icon&quot;:null,&quot;parent&quot;:0}],&quot;stakeholder&quot;:[595],&quot;stakeholder_details&quot;:[{&quot;text&quot;:&quot;Stiftung Humboldt Forum im Berliner Schloss&quot;,&quot;id&quot;:595,&quot;icon&quot;:null,&quot;parent&quot;:0}],&quot;editorial&quot;:[1359,1356,615,1355,616],&quot;editorial_details&quot;:[{&quot;text&quot;:&quot;historical&quot;,&quot;id&quot;:1359,&quot;icon&quot;:null,&quot;parent&quot;:0},{&quot;text&quot;:&quot;historisch&quot;,&quot;id&quot;:1356,&quot;icon&quot;:null,&quot;parent&quot;:0},{&quot;text&quot;:&quot;original&quot;,&quot;id&quot;:615,&quot;icon&quot;:null,&quot;parent&quot;:0},{&quot;text&quot;:&quot;unerwartet&quot;,&quot;id&quot;:1355,&quot;icon&quot;:null,&quot;parent&quot;:0},{&quot;text&quot;:&quot;unexpected&quot;,&quot;id&quot;:616,&quot;icon&quot;:null,&quot;parent&quot;:0}],&quot;targetgroup&quot;:[585],&quot;targetgroup_details&quot;:[{&quot;text&quot;:&quot;Adults&quot;,&quot;id&quot;:585,&quot;icon&quot;:null,&quot;parent&quot;:0}],&quot;language&quot;:[580,579],&quot;language_details&quot;:[{&quot;text&quot;:&quot;English&quot;,&quot;id&quot;:580,&quot;icon&quot;:null,&quot;parent&quot;:0},{&quot;text&quot;:&quot;German&quot;,&quot;id&quot;:579,&quot;icon&quot;:null,&quot;parent&quot;:0}],&quot;accessability&quot;:[596],&quot;accessability_details&quot;:[{&quot;text&quot;:&quot;Accessible for wheelchairs&quot;,&quot;id&quot;:596,&quot;icon&quot;:null,&quot;parent&quot;:0}],&quot;place&quot;:[606],&quot;place_details&quot;:{&quot;place&quot;:&quot;Humboldt Forum&quot;,&quot;map&quot;:&quot;Humboldt Forum, Schlossplatz, Berlin&quot;,&quot;room&quot;:&quot;Basement&quot;},&quot;icon_overwrite&quot;:&quot;&quot;,&quot;acf&quot;:{&quot;shorturl&quot;:&quot;palace-cellar&quot;,&quot;subline&quot;:&quot;History of the Site&quot;,&quot;marketing_text&quot;:&quot;Descend to the historic wall remains of the Berlin Palace&quot;,&quot;highlight_header&quot;:true,&quot;highlight_header_image&quot;:142337,&quot;has_mobile_format&quot;:false,&quot;tipp&quot;:false,&quot;joker&quot;:false,&quot;live&quot;:false,&quot;display_as_single&quot;:false,&quot;featured_images&quot;:[14884,14878],&quot;hyphenation&quot;:true,&quot;planning&quot;:{&quot;price&quot;:&quot;Free admission&quot;,&quot;status&quot;:&quot;JOIN&quot;,&quot;info&quot;:&quot;Free admission&quot;,&quot;shop&quot;:&quot;&quot;,&quot;can_purchase&quot;:false},&quot;noindex&quot;:false,&quot;keywords&quot;:&quot;&quot;,&quot;use_opening_hours_of_the_house&quot;:true,&quot;additional_info&quot;:{&quot;icon&quot;:&quot;0&quot;,&quot;text&quot;:&quot;&quot;},&quot;use_video_in_teasers&quot;:false,&quot;hide_event_in_program&quot;:false,&quot;periods&quot;:[{&quot;label&quot;:&quot;&quot;,&quot;dates&quot;:[{&quot;start&quot;:&quot;202301020000&quot;,&quot;end&quot;:&quot;202212310000&quot;,&quot;has_end&quot;:false,&quot;start_HRFSHORT&quot;:&quot;02\\\/01\\\/23&quot;,&quot;start_HRFSHORT_WD&quot;:&quot;Mon 02\\\/01\\\/2023&quot;}],&quot;monday&quot;:[{&quot;start&quot;:&quot;10:30&quot;,&quot;end&quot;:&quot;18:30&quot;,&quot;closed&quot;:false}],&quot;tuesday&quot;:[{&quot;start&quot;:null,&quot;end&quot;:null,&quot;closed&quot;:true}],&quot;wednesday&quot;:[{&quot;start&quot;:&quot;10:30&quot;,&quot;end&quot;:&quot;18:30&quot;,&quot;closed&quot;:false}],&quot;thursday&quot;:[{&quot;start&quot;:&quot;10:30&quot;,&quot;end&quot;:&quot;18:30&quot;,&quot;closed&quot;:false}],&quot;friday&quot;:[{&quot;start&quot;:&quot;10:30&quot;,&quot;end&quot;:&quot;18:30&quot;,&quot;closed&quot;:false}],&quot;saturday&quot;:[{&quot;start&quot;:&quot;10:30&quot;,&quot;end&quot;:&quot;18:30&quot;,&quot;closed&quot;:false}],&quot;sunday&quot;:[{&quot;start&quot;:&quot;10:30&quot;,&quot;end&quot;:&quot;18:30&quot;,&quot;closed&quot;:false}],&quot;info&quot;:&quot;&quot;,&quot;description&quot;:&quot;&quot;}],&quot;events&quot;:[75150],&quot;infotext&quot;:&quot;&quot;,&quot;period_exception&quot;:[{&quot;label&quot;:&quot;&quot;,&quot;date&quot;:&quot;202512240000&quot;,&quot;closed&quot;:true,&quot;start&quot;:null,&quot;end&quot;:null,&quot;date_HRFSHORT&quot;:&quot;24\\\/12\\\/25&quot;},{&quot;label&quot;:&quot;&quot;,&quot;date&quot;:&quot;202512250000&quot;,&quot;closed&quot;:false,&quot;start&quot;:&quot;12:00&quot;,&quot;end&quot;:&quot;18:00&quot;,&quot;date_HRFSHORT&quot;:&quot;25\\\/12\\\/25&quot;},{&quot;label&quot;:&quot;&quot;,&quot;date&quot;:&quot;202412260000&quot;,&quot;closed&quot;:false,&quot;start&quot;:&quot;12:00&quot;,&quot;end&quot;:&quot;18:00&quot;,&quot;date_HRFSHORT&quot;:&quot;26\\\/12\\\/24&quot;},{&quot;label&quot;:&quot;&quot;,&quot;date&quot;:&quot;202512300000&quot;,&quot;closed&quot;:false,&quot;start&quot;:&quot;10:30&quot;,&quot;end&quot;:&quot;18:30&quot;,&quot;date_HRFSHORT&quot;:&quot;30\\\/12\\\/25&quot;},{&quot;label&quot;:&quot;&quot;,&quot;date&quot;:&quot;202512310000&quot;,&quot;closed&quot;:false,&quot;start&quot;:&quot;10:30&quot;,&quot;end&quot;:&quot;16:30&quot;,&quot;date_HRFSHORT&quot;:&quot;31\\\/12\\\/25&quot;},{&quot;label&quot;:&quot;&quot;,&quot;date&quot;:&quot;202601010000&quot;,&quot;closed&quot;:false,&quot;start&quot;:&quot;12:00&quot;,&quot;end&quot;:&quot;18:00&quot;,&quot;date_HRFSHORT&quot;:&quot;01\\\/01\\\/26&quot;}]},&quot;period_list&quot;:&quot;&lt;strong&gt;Opening hours&lt;\\\/strong&gt;\\nMon, Wed, Thu, Fri, Sat, Sun: 10:30 am \\u2013 6:30 pm  \\nTue: closed\\n\\n&quot;,&quot;period_exception&quot;:&quot;&quot;,&quot;date&quot;:{&quot;infinite&quot;:true,&quot;from_DATE&quot;:202301020000,&quot;from&quot;:1672655400,&quot;from_TIME&quot;:&quot;10:30&quot;,&quot;to&quot;:1808796960,&quot;to_DATE&quot;:202704260906,&quot;to_TIME&quot;:&quot;18:30&quot;,&quot;from_HRFSHORT&quot;:&quot; 2 Jan 2023&quot;,&quot;from_HRFSHORT_WD&quot;:&quot;Mon 02\\\/01\\\/2023&quot;,&quot;from_HRF&quot;:&quot;Mon,  2 January 2023&quot;,&quot;to_HRF&quot;:&quot;Tue, 27 April 2027&quot;,&quot;to_HRFSHORT&quot;:&quot;27 Apr 2027&quot;,&quot;to_HRFSHORT_WD&quot;:&quot;Tue 27\\\/04\\\/2027&quot;,&quot;from_to_HRF&quot;:&quot;Mon,  2 January 2023 \\u2013 Tue, 27 April 2027&quot;,&quot;from_to_HRFSHORT&quot;:&quot; 2 Jan 2023 \\u2013 27 Apr 2027&quot;,&quot;NXX&quot;:&quot;202604260906&quot;,&quot;NLAST&quot;:&quot;202704270336&quot;,&quot;NX&quot;:&quot;20260426&quot;},&quot;alert&quot;:&quot;Highlight&quot;,&quot;partof&quot;:[],&quot;marketing_topic&quot;:&quot;&quot;}' inline-template>\n\t<a href=\"https:\/\/www.humboldtforum.org\/en\/programm\/dauerangebot\/exhibition\/palace-cellar-16431\/\" class=\"teaser teaser-event-permanent teaser-event-standard\">\n\t\t<div class=\"row\">\n\t\t\t<div class=\"col-xs-12 teaser-event-image\">\n\t\t\t\t<div class=\"teaser-image teaser-image-no-alternate\">\n\t\t\t\t\t\t\t\t\t\t\t\t\t<span class=\"alert\">Highlight<\/span>\n\t\t\t\t\t\t\t\t\t\t\t\n\t<lazy-media-inline inline-template>\n\t\t<figure itemscope itemtype=\"http:\/\/schema.org\/ImageObject\" class=\"lazy-media-inline \" role=\"group\" id=\"media_69ee4cb7ced93\" aria-labelledby=\"desc_media_69ee4cb7ced93\">\n\t\t\t<script type=\"application\/json\" ref=\"data\">\n\t\t\t\t{\n\t\t\t\t\"sizes\" : {\"medium\":{\"file\":\"SHF_eb00112679-300x225.jpg\",\"width\":300,\"height\":225,\"mime-type\":\"image\\\/jpeg\",\"filesize\":17829},\"large\":{\"file\":\"SHF_eb00112679-1024x768.jpg\",\"width\":1024,\"height\":768,\"mime-type\":\"image\\\/jpeg\",\"filesize\":152677},\"thumbnail\":{\"file\":\"SHF_eb00112679-150x150.jpg\",\"width\":150,\"height\":150,\"mime-type\":\"image\\\/jpeg\",\"filesize\":7052},\"medium_large\":{\"file\":\"SHF_eb00112679-768x576.jpg\",\"width\":768,\"height\":576,\"mime-type\":\"image\\\/jpeg\",\"filesize\":91072},\"small\":{\"file\":\"SHF_eb00112679-440x330.jpg\",\"width\":440,\"height\":330,\"mime-type\":\"image\\\/jpeg\",\"filesize\":34336},\"semi\":{\"file\":\"SHF_eb00112679-580x435.jpg\",\"width\":580,\"height\":435,\"mime-type\":\"image\\\/jpeg\",\"filesize\":55992},\"mobile\":{\"file\":\"SHF_eb00112679-720x540.jpg\",\"width\":720,\"height\":540,\"mime-type\":\"image\\\/jpeg\",\"filesize\":81597},\"hd\":{\"file\":\"SHF_eb00112679-1280x960.jpg\",\"width\":1280,\"height\":960,\"mime-type\":\"image\\\/jpeg\",\"filesize\":228603},\"full\":{\"file\":\"SHF_eb00112679-1920x1440.jpg\",\"width\":1920,\"height\":1440,\"mime-type\":\"image\\\/jpeg\",\"filesize\":481658},\"xxl\":{\"file\":\"SHF_eb00112679-4048x3037.jpg\",\"width\":4048,\"height\":3037,\"mime-type\":\"image\\\/jpeg\",\"filesize\":1955811},\"1536x1536\":{\"file\":\"SHF_eb00112679-1536x1152.jpg\",\"width\":1536,\"height\":1152,\"mime-type\":\"image\\\/jpeg\",\"filesize\":318994},\"2048x2048\":{\"file\":\"SHF_eb00112679-2048x1536.jpg\",\"width\":2048,\"height\":1536,\"mime-type\":\"image\\\/jpeg\",\"filesize\":542017},\"original\":{\"file\":\"SHF_eb00112679.jpg\",\"width\":11608,\"height\":8708}},\n\t\t\t\t\"alt\" : \"Archaeological excavations in a museum room with historical photographs in the background.\",\n\t\t\t\t\"path\" : \"\\\/wp-content\\\/uploads\\\/2020\\\/10\\\/\",\n\t\t\t\t\"video\" : null,\n\t\t\t\t\"autoplay\" : null,\n\t\t\t\t\"youtube\" : null,\n\t\t\t\t\"youtubelabel\" : \"Play video\",\n\t\t\t\t\"brightness\" : 100,\n\t\t\t\t\"crop\" : null,\n\t\t\t\t\"background\" : true,\n\t\t\t\t\"scale\" : 1\t\t\t\t}\n\t\t\t<\/script>\n\n\t\t\t<div class=\"height-container\" style=\"padding-bottom:75.017229496899%;\" v-if=\"sizes\">\n\t\t\t\t\t\t\t\t<lazy-media :inline=\"true\" :alt=\"alt\" :sizes=\"sizes\" :scale=\"scale\" :brightness=\"brightness\" :path=\"path\" :video=\"video\" :autoplay=\"autoplay\" :youtube=\"youtube\" :crop=\"crop\" :youtubelabel=\"youtubelabel\" :background=\"background\" media-id=\"desc_media_69ee4cb7ced93\"><\/lazy-media>\n\t\t\t\t\t\t\t<\/div>\n\n\t\t\t\t\t\t\t<figcaption class=\"sr-only\" ref=\"body\" id=\"desc_media_69ee4cb7ced93\">\n\t\t\t\t\t\t\t\t\t\t\t\t\t\t\t\t\t\t\t\t\t<div class=\"insignificant\">\u00a9 Stiftung Humboldt Forum im Berliner Schloss, Foto: Alexander Schippel<\/div>\n\t\t\t\t\t\t\t\t\t<\/figcaption>\n\t\t\t\t\t<\/figure>\n\t<\/lazy-media-inline>\n\t\t\t\t<\/div>\n\t\t\t<\/div>\n\t\t\t<div class=\"col-xs-12 teaser-event-text Infos\">\n\t\t\t\t<div class=\"teaser-event-standard-text\">\n\t\t\t\t\t<div class=\"margin-bottom-atom\">\n\t\t\t\t\t\t<div class=\"subline clamp-1\" v-html=\"maingenre\"><\/div>\n\t\t\t\t\t\t\t\t\t\t\t<\/div>\n\t\t\t\t\n\t\t\t\t\t<strong class=\"margin-bottom-atom\">Palace Cellar<\/strong>\n\n\t\t\t\t\t\t\t\t\t\t\t<div class=\"\">Descend to the historic wall remains of the Berlin Palace<\/div>\n\t\t\t\t\t\t\t\t\t<\/div>\n\t\t\t\t<div class=\"teaser-bottom border-bottom\">\n\t\t\t\t<calendardateline :rawitem='item' :show-icon=\"true\"><\/calendardateline>\n\t\t\t\t\t<hr>\n\t\t\t\t<\/div>\n\t\t\t<\/div>\n\t\t<\/div>\n\t<\/a>\n\t<\/calendarteaser>\n<\/li>\n\n<li class=\"teaser-lane-slide col-xs-9 col-sm-4 col-md-3 teaser-wrapper col-padding-remove\">\n\t<calendarteaser key=\"1642813418\" rawitem='{&quot;postId&quot;:16428,&quot;title&quot;:&quot;Flashbacks&quot;,&quot;excerpt&quot;:&quot;Thirty-six objects are distributed throughout the entire Humboldt Forum, recalling important events and past uses as well as unusual and everyday moments in the history of the site.&quot;,&quot;slug&quot;:&quot;flashbacks&quot;,&quot;post_date&quot;:&quot;2020-10-23T15:02&quot;,&quot;type&quot;:&quot;event-permanent&quot;,&quot;permalink&quot;:&quot;https:\\\/\\\/www.humboldtforum.org\\\/en\\\/programm\\\/dauerangebot\\\/exhibition\\\/flashbacks-16428\\\/&quot;,&quot;genre&quot;:[552],&quot;genre_details&quot;:[{&quot;text&quot;:&quot;Exhibition&quot;,&quot;id&quot;:552,&quot;icon&quot;:null,&quot;parent&quot;:0}],&quot;topic&quot;:[590],&quot;topic_details&quot;:[{&quot;text&quot;:&quot;History and Architecture of the Site&quot;,&quot;id&quot;:590,&quot;icon&quot;:null,&quot;parent&quot;:0}],&quot;stakeholder&quot;:[595],&quot;stakeholder_details&quot;:[{&quot;text&quot;:&quot;Stiftung Humboldt Forum im Berliner Schloss&quot;,&quot;id&quot;:595,&quot;icon&quot;:null,&quot;parent&quot;:0}],&quot;editorial&quot;:[614,1359,616,799],&quot;editorial_details&quot;:[{&quot;text&quot;:&quot;historic&quot;,&quot;id&quot;:614,&quot;icon&quot;:null,&quot;parent&quot;:0},{&quot;text&quot;:&quot;historical&quot;,&quot;id&quot;:1359,&quot;icon&quot;:null,&quot;parent&quot;:0},{&quot;text&quot;:&quot;unexpected&quot;,&quot;id&quot;:616,&quot;icon&quot;:null,&quot;parent&quot;:0},{&quot;text&quot;:&quot;varied&quot;,&quot;id&quot;:799,&quot;icon&quot;:null,&quot;parent&quot;:0}],&quot;language&quot;:[580,579],&quot;language_details&quot;:[{&quot;text&quot;:&quot;English&quot;,&quot;id&quot;:580,&quot;icon&quot;:null,&quot;parent&quot;:0},{&quot;text&quot;:&quot;German&quot;,&quot;id&quot;:579,&quot;icon&quot;:null,&quot;parent&quot;:0}],&quot;accessability&quot;:[596],&quot;accessability_details&quot;:[{&quot;text&quot;:&quot;Accessible for wheelchairs&quot;,&quot;id&quot;:596,&quot;icon&quot;:null,&quot;parent&quot;:0}],&quot;icon_overwrite&quot;:&quot;&quot;,&quot;acf&quot;:{&quot;shorturl&quot;:&quot;flashbacks&quot;,&quot;subline&quot;:&quot;History of the Site&quot;,&quot;marketing_text&quot;:&quot;Discover 36 history flashbacks throughout the Humboldt Forum&quot;,&quot;highlight_header&quot;:false,&quot;featured_images&quot;:[16197,116831],&quot;tipp&quot;:false,&quot;joker&quot;:false,&quot;live&quot;:false,&quot;display_as_single&quot;:false,&quot;hyphenation&quot;:false,&quot;planning&quot;:{&quot;price&quot;:&quot;&quot;,&quot;status&quot;:&quot;JOIN&quot;,&quot;info&quot;:&quot;...&quot;,&quot;shop&quot;:&quot;&quot;,&quot;can_purchase&quot;:false},&quot;periods&quot;:[{&quot;label&quot;:&quot;&quot;,&quot;dates&quot;:[{&quot;start&quot;:&quot;202301020000&quot;,&quot;end&quot;:&quot;202212310000&quot;,&quot;has_end&quot;:false,&quot;start_HRFSHORT&quot;:&quot;02\\\/01\\\/23&quot;,&quot;start_HRFSHORT_WD&quot;:&quot;Mon 02\\\/01\\\/2023&quot;}],&quot;monday&quot;:[{&quot;start&quot;:&quot;10:30&quot;,&quot;end&quot;:&quot;18:30&quot;,&quot;closed&quot;:false}],&quot;tuesday&quot;:[{&quot;start&quot;:null,&quot;end&quot;:null,&quot;closed&quot;:true}],&quot;wednesday&quot;:[{&quot;start&quot;:&quot;10:30&quot;,&quot;end&quot;:&quot;18:30&quot;,&quot;closed&quot;:false}],&quot;thursday&quot;:[{&quot;start&quot;:&quot;10:30&quot;,&quot;end&quot;:&quot;18:30&quot;,&quot;closed&quot;:false}],&quot;friday&quot;:[{&quot;start&quot;:&quot;10:30&quot;,&quot;end&quot;:&quot;18:30&quot;,&quot;closed&quot;:false}],&quot;saturday&quot;:[{&quot;start&quot;:&quot;10:30&quot;,&quot;end&quot;:&quot;18:30&quot;,&quot;closed&quot;:false}],&quot;sunday&quot;:[{&quot;start&quot;:&quot;10:30&quot;,&quot;end&quot;:&quot;18:30&quot;,&quot;closed&quot;:false}],&quot;info&quot;:&quot;&quot;,&quot;description&quot;:&quot;&quot;}],&quot;period_exception&quot;:[{&quot;label&quot;:&quot;New Year&#039;s Eve&quot;,&quot;date&quot;:&quot;202012310000&quot;,&quot;closed&quot;:false,&quot;start&quot;:null,&quot;end&quot;:null,&quot;date_HRFSHORT&quot;:&quot;31\\\/12\\\/20&quot;},{&quot;label&quot;:&quot;&quot;,&quot;date&quot;:&quot;202512240000&quot;,&quot;closed&quot;:true,&quot;start&quot;:null,&quot;end&quot;:null,&quot;date_HRFSHORT&quot;:&quot;24\\\/12\\\/25&quot;},{&quot;label&quot;:&quot;&quot;,&quot;date&quot;:&quot;202512250000&quot;,&quot;closed&quot;:false,&quot;start&quot;:&quot;12:00&quot;,&quot;end&quot;:&quot;18:00&quot;,&quot;date_HRFSHORT&quot;:&quot;25\\\/12\\\/25&quot;},{&quot;label&quot;:&quot;&quot;,&quot;date&quot;:&quot;202412260000&quot;,&quot;closed&quot;:false,&quot;start&quot;:&quot;12:00&quot;,&quot;end&quot;:&quot;18:00&quot;,&quot;date_HRFSHORT&quot;:&quot;26\\\/12\\\/24&quot;},{&quot;label&quot;:&quot;&quot;,&quot;date&quot;:&quot;202512300000&quot;,&quot;closed&quot;:false,&quot;start&quot;:&quot;10:30&quot;,&quot;end&quot;:&quot;18:30&quot;,&quot;date_HRFSHORT&quot;:&quot;30\\\/12\\\/25&quot;},{&quot;label&quot;:&quot;&quot;,&quot;date&quot;:&quot;202512310000&quot;,&quot;closed&quot;:false,&quot;start&quot;:&quot;10:30&quot;,&quot;end&quot;:&quot;16:30&quot;,&quot;date_HRFSHORT&quot;:&quot;31\\\/12\\\/25&quot;},{&quot;label&quot;:&quot;&quot;,&quot;date&quot;:&quot;202601010000&quot;,&quot;closed&quot;:false,&quot;start&quot;:&quot;12:00&quot;,&quot;end&quot;:&quot;18:00&quot;,&quot;date_HRFSHORT&quot;:&quot;01\\\/01\\\/26&quot;}],&quot;noindex&quot;:false,&quot;keywords&quot;:&quot;&quot;,&quot;use_opening_hours_of_the_house&quot;:true,&quot;additional_info&quot;:{&quot;icon&quot;:&quot;0&quot;,&quot;text&quot;:&quot;&quot;},&quot;use_video_in_teasers&quot;:false,&quot;hide_event_in_program&quot;:false},&quot;period_list&quot;:&quot;&lt;strong&gt;Opening hours&lt;\\\/strong&gt;\\nMon, Wed, Thu, Fri, Sat, Sun: 10:30 am \\u2013 6:30 pm  \\nTue: closed\\n\\n&quot;,&quot;period_exception&quot;:&quot;&quot;,&quot;date&quot;:{&quot;infinite&quot;:true,&quot;from_DATE&quot;:202301020000,&quot;from&quot;:1672655400,&quot;from_TIME&quot;:&quot;10:30&quot;,&quot;to&quot;:1808796960,&quot;to_DATE&quot;:202704260906,&quot;to_TIME&quot;:&quot;18:30&quot;,&quot;from_HRFSHORT&quot;:&quot; 2 Jan 2023&quot;,&quot;from_HRFSHORT_WD&quot;:&quot;Mon 02\\\/01\\\/2023&quot;,&quot;from_HRF&quot;:&quot;Mon,  2 January 2023&quot;,&quot;to_HRF&quot;:&quot;Tue, 27 April 2027&quot;,&quot;to_HRFSHORT&quot;:&quot;27 Apr 2027&quot;,&quot;to_HRFSHORT_WD&quot;:&quot;Tue 27\\\/04\\\/2027&quot;,&quot;from_to_HRF&quot;:&quot;Mon,  2 January 2023 \\u2013 Tue, 27 April 2027&quot;,&quot;from_to_HRFSHORT&quot;:&quot; 2 Jan 2023 \\u2013 27 Apr 2027&quot;,&quot;NXX&quot;:&quot;202604260906&quot;,&quot;NLAST&quot;:&quot;202704270336&quot;,&quot;NX&quot;:&quot;20260426&quot;},&quot;alert&quot;:null,&quot;partof&quot;:[],&quot;marketing_topic&quot;:&quot;&quot;}' inline-template>\n\t<a href=\"https:\/\/www.humboldtforum.org\/en\/programm\/dauerangebot\/exhibition\/flashbacks-16428\/\" class=\"teaser teaser-event-permanent teaser-event-standard\">\n\t\t<div class=\"row\">\n\t\t\t<div class=\"col-xs-12 teaser-event-image\">\n\t\t\t\t<div class=\"teaser-image teaser-image-no-alternate\">\n\t\t\t\t\t\t\t\t\t\t\t\n\t<lazy-media-inline inline-template>\n\t\t<figure itemscope itemtype=\"http:\/\/schema.org\/ImageObject\" class=\"lazy-media-inline \" role=\"group\" id=\"media_69ee4cb7d0de1\" aria-labelledby=\"desc_media_69ee4cb7d0de1\">\n\t\t\t<script type=\"application\/json\" ref=\"data\">\n\t\t\t\t{\n\t\t\t\t\"sizes\" : {\"medium\":{\"file\":\"SHF_eb00062405-300x264.jpg\",\"width\":300,\"height\":264,\"mime-type\":\"image\\\/jpeg\"},\"large\":{\"file\":\"SHF_eb00062405-1024x903.jpg\",\"width\":1024,\"height\":903,\"mime-type\":\"image\\\/jpeg\"},\"thumbnail\":{\"file\":\"SHF_eb00062405-150x150.jpg\",\"width\":150,\"height\":150,\"mime-type\":\"image\\\/jpeg\"},\"medium_large\":{\"file\":\"SHF_eb00062405-768x677.jpg\",\"width\":768,\"height\":677,\"mime-type\":\"image\\\/jpeg\"},\"small\":{\"file\":\"SHF_eb00062405-440x388.jpg\",\"width\":440,\"height\":388,\"mime-type\":\"image\\\/jpeg\"},\"semi\":{\"file\":\"SHF_eb00062405-580x511.jpg\",\"width\":580,\"height\":511,\"mime-type\":\"image\\\/jpeg\"},\"mobile\":{\"file\":\"SHF_eb00062405-720x635.jpg\",\"width\":720,\"height\":635,\"mime-type\":\"image\\\/jpeg\"},\"hd\":{\"file\":\"SHF_eb00062405-1280x1128.jpg\",\"width\":1280,\"height\":1128,\"mime-type\":\"image\\\/jpeg\"},\"full\":{\"file\":\"SHF_eb00062405-1920x1692.jpg\",\"width\":1920,\"height\":1692,\"mime-type\":\"image\\\/jpeg\"},\"1536x1536\":{\"file\":\"SHF_eb00062405-1536x1354.jpg\",\"width\":1536,\"height\":1354,\"mime-type\":\"image\\\/jpeg\"},\"original\":{\"file\":\"SHF_eb00062405.jpg\",\"width\":2000,\"height\":1763}},\n\t\t\t\t\"alt\" : \"Model of a silver ship with detailed sails and fine decorations.\",\n\t\t\t\t\"path\" : \"\\\/wp-content\\\/uploads\\\/2020\\\/10\\\/\",\n\t\t\t\t\"video\" : null,\n\t\t\t\t\"autoplay\" : null,\n\t\t\t\t\"youtube\" : null,\n\t\t\t\t\"youtubelabel\" : \"Play video\",\n\t\t\t\t\"brightness\" : 100,\n\t\t\t\t\"crop\" : {\"top\":\"40.00\",\"left\":\"50.00\"},\n\t\t\t\t\"background\" : true,\n\t\t\t\t\"scale\" : 2\t\t\t\t}\n\t\t\t<\/script>\n\n\t\t\t<div class=\"height-container\" style=\"padding-bottom:88.15%;\" v-if=\"sizes\">\n\t\t\t\t\t\t\t\t<lazy-media :inline=\"true\" :alt=\"alt\" :sizes=\"sizes\" :scale=\"scale\" :brightness=\"brightness\" :path=\"path\" :video=\"video\" :autoplay=\"autoplay\" :youtube=\"youtube\" :crop=\"crop\" :youtubelabel=\"youtubelabel\" :background=\"background\" media-id=\"desc_media_69ee4cb7d0de1\"><\/lazy-media>\n\t\t\t\t\t\t\t<\/div>\n\n\t\t\t\t\t\t\t<figcaption class=\"sr-only\" ref=\"body\" id=\"desc_media_69ee4cb7d0de1\">\n\t\t\t\t\t\t\t\t\t\t\t<div>Silver model of the flagship &quot;HMS Victory&quot; for Kaiser Wilhelm II, c. 1906.<\/div>\n\t\t\t\t\t\t\t\t\t\t\t\t\t\t\t\t\t\t\t\t\t<div class=\"insignificant\">\u00a9 Modell der HMS Victory aus dem Berliner Schloss, HM 5063 \/ Stiftung Hohenzollernscher Kunstbesitz \/ \u00a9 Stiftung Preu\u00dfische Schl\u00f6sser und G\u00e4rten Berlin-Brandenburg \/ Stiftung Humboldt Forum im Berliner Schloss, Foto: Philipp Jester | Jens Blank<\/div>\n\t\t\t\t\t\t\t\t\t<\/figcaption>\n\t\t\t\t\t<\/figure>\n\t<\/lazy-media-inline>\n\t\t\t\t<\/div>\n\t\t\t<\/div>\n\t\t\t<div class=\"col-xs-12 teaser-event-text Infos\">\n\t\t\t\t<div class=\"teaser-event-standard-text\">\n\t\t\t\t\t<div class=\"margin-bottom-atom\">\n\t\t\t\t\t\t<div class=\"subline clamp-1\" v-html=\"maingenre\"><\/div>\n\t\t\t\t\t\t\t\t\t\t\t<\/div>\n\t\t\t\t\n\t\t\t\t\t<strong class=\"margin-bottom-atom\">Flashbacks<\/strong>\n\n\t\t\t\t\t\t\t\t\t\t\t<div class=\"\">Discover 36 history flashbacks throughout the Humboldt Forum<\/div>\n\t\t\t\t\t\t\t\t\t<\/div>\n\t\t\t\t<div class=\"teaser-bottom border-bottom\">\n\t\t\t\t<calendardateline :rawitem='item' :show-icon=\"true\"><\/calendardateline>\n\t\t\t\t\t<hr>\n\t\t\t\t<\/div>\n\t\t\t<\/div>\n\t\t<\/div>\n\t<\/a>\n\t<\/calendarteaser>\n<\/li>\n\n<li class=\"teaser-lane-slide col-xs-9 col-sm-4 col-md-3 teaser-wrapper col-padding-remove\">\n\t<calendarteaser key=\"1644013663\" rawitem='{&quot;postId&quot;:16440,&quot;title&quot;:&quot;Video Panorama&quot;,&quot;excerpt&quot;:&quot;Go on a visual time journey from the 12th century to the present day. A collage of still images and films shows not only the history and function of the buildings that once stood on this site, it also highlights the important events that took place here.&quot;,&quot;slug&quot;:&quot;videopanorama&quot;,&quot;post_date&quot;:&quot;2020-10-23T08:52&quot;,&quot;type&quot;:&quot;event-permanent&quot;,&quot;permalink&quot;:&quot;https:\\\/\\\/www.humboldtforum.org\\\/en\\\/programm\\\/dauerangebot\\\/must-see-en\\\/videopanorama-16440\\\/&quot;,&quot;genre&quot;:[1538],&quot;genre_details&quot;:[{&quot;text&quot;:&quot;Must see&quot;,&quot;id&quot;:1538,&quot;icon&quot;:null,&quot;parent&quot;:0}],&quot;topic&quot;:[590],&quot;topic_details&quot;:[{&quot;text&quot;:&quot;History and Architecture of the Site&quot;,&quot;id&quot;:590,&quot;icon&quot;:null,&quot;parent&quot;:0}],&quot;stakeholder&quot;:[595],&quot;stakeholder_details&quot;:[{&quot;text&quot;:&quot;Stiftung Humboldt Forum im Berliner Schloss&quot;,&quot;id&quot;:595,&quot;icon&quot;:null,&quot;parent&quot;:0}],&quot;editorial&quot;:[629,614,1359,1361,1360],&quot;editorial_details&quot;:[{&quot;text&quot;:&quot;exploratory&quot;,&quot;id&quot;:629,&quot;icon&quot;:null,&quot;parent&quot;:0},{&quot;text&quot;:&quot;historic&quot;,&quot;id&quot;:614,&quot;icon&quot;:null,&quot;parent&quot;:0},{&quot;text&quot;:&quot;historical&quot;,&quot;id&quot;:1359,&quot;icon&quot;:null,&quot;parent&quot;:0},{&quot;text&quot;:&quot;impressive&quot;,&quot;id&quot;:1361,&quot;icon&quot;:null,&quot;parent&quot;:0},{&quot;text&quot;:&quot;informative&quot;,&quot;id&quot;:1360,&quot;icon&quot;:null,&quot;parent&quot;:0}],&quot;targetgroup&quot;:[585],&quot;targetgroup_details&quot;:[{&quot;text&quot;:&quot;Adults&quot;,&quot;id&quot;:585,&quot;icon&quot;:null,&quot;parent&quot;:0}],&quot;language&quot;:[580,579],&quot;language_details&quot;:[{&quot;text&quot;:&quot;English&quot;,&quot;id&quot;:580,&quot;icon&quot;:null,&quot;parent&quot;:0},{&quot;text&quot;:&quot;German&quot;,&quot;id&quot;:579,&quot;icon&quot;:null,&quot;parent&quot;:0}],&quot;accessability&quot;:[596],&quot;accessability_details&quot;:[{&quot;text&quot;:&quot;Accessible for wheelchairs&quot;,&quot;id&quot;:596,&quot;icon&quot;:null,&quot;parent&quot;:0}],&quot;place&quot;:[607],&quot;place_details&quot;:{&quot;place&quot;:&quot;Humboldt Forum&quot;,&quot;map&quot;:&quot;Humboldt Forum, Schlossplatz, Berlin&quot;,&quot;room&quot;:&quot;Ground floor, Video Panorama&quot;},&quot;icon_overwrite&quot;:&quot;&quot;,&quot;acf&quot;:{&quot;shorturl&quot;:&quot;videopanorama&quot;,&quot;subline&quot;:&quot;History of the Site&quot;,&quot;marketing_text&quot;:&quot;A visual time journey through 800 years of history&quot;,&quot;highlight_header&quot;:true,&quot;highlight_header_image&quot;:16684,&quot;has_mobile_format&quot;:true,&quot;tipp&quot;:false,&quot;joker&quot;:true,&quot;live&quot;:false,&quot;display_as_single&quot;:false,&quot;hyphenation&quot;:true,&quot;planning&quot;:{&quot;price&quot;:&quot;Free admission &quot;,&quot;status&quot;:&quot;JOIN&quot;,&quot;info&quot;:&quot;&quot;,&quot;shop&quot;:&quot;&quot;,&quot;can_purchase&quot;:false},&quot;periods&quot;:[{&quot;label&quot;:&quot;&quot;,&quot;dates&quot;:[{&quot;start&quot;:&quot;202301020000&quot;,&quot;end&quot;:&quot;202212310000&quot;,&quot;has_end&quot;:false,&quot;start_HRFSHORT&quot;:&quot;02\\\/01\\\/23&quot;,&quot;start_HRFSHORT_WD&quot;:&quot;Mon 02\\\/01\\\/2023&quot;}],&quot;monday&quot;:[{&quot;start&quot;:&quot;10:30&quot;,&quot;end&quot;:&quot;18:30&quot;,&quot;closed&quot;:false}],&quot;tuesday&quot;:[{&quot;start&quot;:null,&quot;end&quot;:null,&quot;closed&quot;:true}],&quot;wednesday&quot;:[{&quot;start&quot;:&quot;10:30&quot;,&quot;end&quot;:&quot;18:30&quot;,&quot;closed&quot;:false}],&quot;thursday&quot;:[{&quot;start&quot;:&quot;10:30&quot;,&quot;end&quot;:&quot;18:30&quot;,&quot;closed&quot;:false}],&quot;friday&quot;:[{&quot;start&quot;:&quot;10:30&quot;,&quot;end&quot;:&quot;18:30&quot;,&quot;closed&quot;:false}],&quot;saturday&quot;:[{&quot;start&quot;:&quot;10:30&quot;,&quot;end&quot;:&quot;18:30&quot;,&quot;closed&quot;:false}],&quot;sunday&quot;:[{&quot;start&quot;:&quot;10:30&quot;,&quot;end&quot;:&quot;18:30&quot;,&quot;closed&quot;:false}],&quot;info&quot;:&quot;&quot;,&quot;description&quot;:&quot;&quot;}],&quot;period_exception&quot;:[{&quot;label&quot;:&quot;New Year&#039;s Eve&quot;,&quot;date&quot;:&quot;202112310000&quot;,&quot;closed&quot;:true,&quot;start&quot;:null,&quot;end&quot;:null,&quot;date_HRFSHORT&quot;:&quot;31\\\/12\\\/21&quot;},{&quot;label&quot;:&quot;&quot;,&quot;date&quot;:&quot;202512240000&quot;,&quot;closed&quot;:true,&quot;start&quot;:null,&quot;end&quot;:null,&quot;date_HRFSHORT&quot;:&quot;24\\\/12\\\/25&quot;},{&quot;label&quot;:&quot;&quot;,&quot;date&quot;:&quot;202512250000&quot;,&quot;closed&quot;:false,&quot;start&quot;:&quot;12:00&quot;,&quot;end&quot;:&quot;18:00&quot;,&quot;date_HRFSHORT&quot;:&quot;25\\\/12\\\/25&quot;},{&quot;label&quot;:&quot;&quot;,&quot;date&quot;:&quot;202412260000&quot;,&quot;closed&quot;:false,&quot;start&quot;:&quot;12:00&quot;,&quot;end&quot;:&quot;18:00&quot;,&quot;date_HRFSHORT&quot;:&quot;26\\\/12\\\/24&quot;},{&quot;label&quot;:&quot;&quot;,&quot;date&quot;:&quot;202512300000&quot;,&quot;closed&quot;:false,&quot;start&quot;:&quot;10:30&quot;,&quot;end&quot;:&quot;18:30&quot;,&quot;date_HRFSHORT&quot;:&quot;30\\\/12\\\/25&quot;},{&quot;label&quot;:&quot;&quot;,&quot;date&quot;:&quot;202512310000&quot;,&quot;closed&quot;:false,&quot;start&quot;:&quot;10:30&quot;,&quot;end&quot;:&quot;16:30&quot;,&quot;date_HRFSHORT&quot;:&quot;31\\\/12\\\/25&quot;},{&quot;label&quot;:&quot;&quot;,&quot;date&quot;:&quot;202601010000&quot;,&quot;closed&quot;:false,&quot;start&quot;:&quot;12:00&quot;,&quot;end&quot;:&quot;18:00&quot;,&quot;date_HRFSHORT&quot;:&quot;01\\\/01\\\/26&quot;}],&quot;highlight_header_image_mobile&quot;:16751,&quot;noindex&quot;:false,&quot;keywords&quot;:&quot;&quot;,&quot;use_opening_hours_of_the_house&quot;:true,&quot;tickettext&quot;:&quot;No timed ticket required&quot;,&quot;additional_info&quot;:{&quot;icon&quot;:&quot;icon-bullet_active&quot;,&quot;text&quot;:&quot;&quot;},&quot;use_video_in_teasers&quot;:false,&quot;hide_event_in_program&quot;:false},&quot;period_list&quot;:&quot;&lt;strong&gt;Opening hours&lt;\\\/strong&gt;\\nMon, Wed, Thu, Fri, Sat, Sun: 10:30 am \\u2013 6:30 pm  \\nTue: closed\\n\\n&quot;,&quot;period_exception&quot;:&quot;&quot;,&quot;date&quot;:{&quot;infinite&quot;:true,&quot;from_DATE&quot;:202301020000,&quot;from&quot;:1672655400,&quot;from_TIME&quot;:&quot;10:30&quot;,&quot;to&quot;:1808797320,&quot;to_DATE&quot;:202704260912,&quot;to_TIME&quot;:&quot;18:30&quot;,&quot;from_HRFSHORT&quot;:&quot; 2 Jan 2023&quot;,&quot;from_HRFSHORT_WD&quot;:&quot;Mon 02\\\/01\\\/2023&quot;,&quot;from_HRF&quot;:&quot;Mon,  2 January 2023&quot;,&quot;to_HRF&quot;:&quot;Tue, 27 April 2027&quot;,&quot;to_HRFSHORT&quot;:&quot;27 Apr 2027&quot;,&quot;to_HRFSHORT_WD&quot;:&quot;Tue 27\\\/04\\\/2027&quot;,&quot;from_to_HRF&quot;:&quot;Mon,  2 January 2023 \\u2013 Tue, 27 April 2027&quot;,&quot;from_to_HRFSHORT&quot;:&quot; 2 Jan 2023 \\u2013 27 Apr 2027&quot;,&quot;NXX&quot;:&quot;202604260912&quot;,&quot;NLAST&quot;:&quot;202704270342&quot;,&quot;NX&quot;:&quot;20260426&quot;},&quot;alert&quot;:&quot;Highlight&quot;,&quot;partof&quot;:[],&quot;marketing_topic&quot;:&quot;&quot;}' inline-template>\n\t<a href=\"https:\/\/www.humboldtforum.org\/en\/programm\/dauerangebot\/must-see-en\/videopanorama-16440\/\" class=\"teaser teaser-event-permanent teaser-event-standard\">\n\t\t<div class=\"row\">\n\t\t\t<div class=\"col-xs-12 teaser-event-image\">\n\t\t\t\t<div class=\"teaser-image teaser-image-no-alternate\">\n\t\t\t\t\t\t\t\t\t\t\t\t\t<span class=\"alert\">Highlight<\/span>\n\t\t\t\t\t\t\t\t\t\t\t\n\t<lazy-media-inline inline-template>\n\t\t<figure itemscope itemtype=\"http:\/\/schema.org\/ImageObject\" class=\"lazy-media-inline \" role=\"group\" id=\"media_69ee4cb7d2ae8\" aria-labelledby=\"desc_media_69ee4cb7d2ae8\">\n\t\t\t<script type=\"application\/json\" ref=\"data\">\n\t\t\t\t{\n\t\t\t\t\"sizes\" : {\"medium\":{\"file\":\"Videopanorama_Mobile-169x300.jpg\",\"width\":169,\"height\":300,\"mime-type\":\"image\\\/jpeg\"},\"large\":{\"file\":\"Videopanorama_Mobile-576x1024.jpg\",\"width\":576,\"height\":1024,\"mime-type\":\"image\\\/jpeg\"},\"thumbnail\":{\"file\":\"Videopanorama_Mobile-150x150.jpg\",\"width\":150,\"height\":150,\"mime-type\":\"image\\\/jpeg\"},\"small\":{\"file\":\"Videopanorama_Mobile-248x440.jpg\",\"width\":248,\"height\":440,\"mime-type\":\"image\\\/jpeg\"},\"semi\":{\"file\":\"Videopanorama_Mobile-326x580.jpg\",\"width\":326,\"height\":580,\"mime-type\":\"image\\\/jpeg\"},\"mobile\":{\"file\":\"Videopanorama_Mobile-405x720.jpg\",\"width\":405,\"height\":720,\"mime-type\":\"image\\\/jpeg\"},\"original\":{\"file\":\"Videopanorama_Mobile.jpg\",\"width\":632,\"height\":1123}},\n\t\t\t\t\"alt\" : \"People are viewing a presentation featuring images of architecture and individuals in a modern exhibition space.\",\n\t\t\t\t\"path\" : \"\\\/wp-content\\\/uploads\\\/2020\\\/10\\\/\",\n\t\t\t\t\"video\" : null,\n\t\t\t\t\"autoplay\" : null,\n\t\t\t\t\"youtube\" : null,\n\t\t\t\t\"youtubelabel\" : \"Play video\",\n\t\t\t\t\"brightness\" : 100,\n\t\t\t\t\"crop\" : {\"top\":\"10.00\",\"left\":\"50.00\"},\n\t\t\t\t\"background\" : true,\n\t\t\t\t\"scale\" : 2\t\t\t\t}\n\t\t\t<\/script>\n\n\t\t\t<div class=\"height-container\" style=\"padding-bottom:177.68987341772%;\" v-if=\"sizes\">\n\t\t\t\t\t\t\t\t<lazy-media :inline=\"true\" :alt=\"alt\" :sizes=\"sizes\" :scale=\"scale\" :brightness=\"brightness\" :path=\"path\" :video=\"video\" :autoplay=\"autoplay\" :youtube=\"youtube\" :crop=\"crop\" :youtubelabel=\"youtubelabel\" :background=\"background\" media-id=\"desc_media_69ee4cb7d2ae8\"><\/lazy-media>\n\t\t\t\t\t\t\t<\/div>\n\n\t\t\t\t\t\t\t<figcaption class=\"sr-only\" ref=\"body\" id=\"desc_media_69ee4cb7d2ae8\">\n\t\t\t\t\t\t\t\t\t\t\t<div>Video Panorama<\/div>\n\t\t\t\t\t\t\t\t\t\t\t\t\t\t\t\t\t\t\t\t\t<div class=\"insignificant\">\u00a9 Stiftung Humboldt Forum im Berliner Schloss \/ Harry Schnitger<\/div>\n\t\t\t\t\t\t\t\t\t<\/figcaption>\n\t\t\t\t\t<\/figure>\n\t<\/lazy-media-inline>\n\t\t\t\t<\/div>\n\t\t\t<\/div>\n\t\t\t<div class=\"col-xs-12 teaser-event-text Infos\">\n\t\t\t\t<div class=\"teaser-event-standard-text\">\n\t\t\t\t\t<div class=\"margin-bottom-atom\">\n\t\t\t\t\t\t<div class=\"subline clamp-1\" v-html=\"maingenre\"><\/div>\n\t\t\t\t\t\t\t\t\t\t\t<\/div>\n\t\t\t\t\n\t\t\t\t\t<strong class=\"margin-bottom-atom\">Video Panorama<\/strong>\n\n\t\t\t\t\t\t\t\t\t\t\t<div class=\"\">A visual time journey through 800 years of history<\/div>\n\t\t\t\t\t\t\t\t\t<\/div>\n\t\t\t\t<div class=\"teaser-bottom border-bottom\">\n\t\t\t\t<calendardateline :rawitem='item' :show-icon=\"true\"><\/calendardateline>\n\t\t\t\t\t<hr>\n\t\t\t\t<\/div>\n\t\t\t<\/div>\n\t\t<\/div>\n\t<\/a>\n\t<\/calendarteaser>\n<\/li>\n\n<li class=\"teaser-lane-slide col-xs-9 col-sm-4 col-md-3 teaser-wrapper col-padding-remove\">\n\t<calendarteaser key=\"4146118682\" rawitem='{&quot;postId&quot;:41461,&quot;title&quot;:&quot;On the traces of history&quot;,&quot;excerpt&quot;:&quot;Die Vorgeschichte des Humboldt Forums ist lang und wechselvoll. Die Kurator*innen der Ausstellungsr\\u00e4ume zur Geschichte des Ortes standen vor besonderen Fragen: Wie wird der Charakter dieses Ortes erfahrbar? Wie r\\u00fcckt man l\\u00e4ngst zerst\\u00f6rte Geb\\u00e4ude wieder ins Bewusstsein?&quot;,&quot;slug&quot;:&quot;on-the-traces-of-history&quot;,&quot;post_date&quot;:&quot;2022-04-01T12:16&quot;,&quot;type&quot;:&quot;event&quot;,&quot;permalink&quot;:&quot;https:\\\/\\\/www.humboldtforum.org\\\/en\\\/programm\\\/termin\\\/guided-tour\\\/on-the-traces-of-history-41461\\\/&quot;,&quot;genre&quot;:[822],&quot;genre_details&quot;:[{&quot;text&quot;:&quot;Guided Tour&quot;,&quot;id&quot;:822,&quot;icon&quot;:null,&quot;parent&quot;:0}],&quot;topic&quot;:[590],&quot;topic_details&quot;:[{&quot;text&quot;:&quot;History and Architecture of the Site&quot;,&quot;id&quot;:590,&quot;icon&quot;:null,&quot;parent&quot;:0}],&quot;stakeholder&quot;:[595],&quot;stakeholder_details&quot;:[{&quot;text&quot;:&quot;Stiftung Humboldt Forum im Berliner Schloss&quot;,&quot;id&quot;:595,&quot;icon&quot;:null,&quot;parent&quot;:0}],&quot;targetgroup&quot;:[585,715],&quot;targetgroup_details&quot;:[{&quot;text&quot;:&quot;Adults&quot;,&quot;id&quot;:585,&quot;icon&quot;:null,&quot;parent&quot;:0},{&quot;text&quot;:&quot;Teenager&quot;,&quot;id&quot;:715,&quot;icon&quot;:null,&quot;parent&quot;:0}],&quot;language&quot;:[579],&quot;language_details&quot;:[{&quot;text&quot;:&quot;German&quot;,&quot;id&quot;:579,&quot;icon&quot;:null,&quot;parent&quot;:0}],&quot;age&quot;:[711],&quot;age_details&quot;:[{&quot;text&quot;:&quot;14 years and older&quot;,&quot;id&quot;:711,&quot;icon&quot;:null,&quot;parent&quot;:0}],&quot;groupsize&quot;:[1092],&quot;groupsize_details&quot;:[{&quot;text&quot;:&quot;max. 25 persons&quot;,&quot;id&quot;:1092,&quot;icon&quot;:null,&quot;parent&quot;:0}],&quot;icon_overwrite&quot;:&quot;&quot;,&quot;acf&quot;:{&quot;noindex&quot;:false,&quot;keywords&quot;:&quot;&quot;,&quot;hashtag&quot;:&quot;HumboldtForum&quot;,&quot;belongsto&quot;:false,&quot;shorturl&quot;:&quot;&quot;,&quot;times&quot;:[{&quot;start&quot;:&quot;20260429 17:00&quot;,&quot;end&quot;:&quot;18:00&quot;,&quot;status&quot;:&quot;BUY&quot;,&quot;info&quot;:&quot;Guided Tour in German - 9 EUR&quot;,&quot;shop&quot;:&quot;https:\\\/\\\/tickets.humboldtforum.org\\\/#\\\/product\\\/event\\\/241?date=2026-04-29&amp;date_id=27669&amp;lang=en&quot;,&quot;i&quot;:4,&quot;start_hour&quot;:&quot;05:00 pm&quot;,&quot;start_HRF&quot;:&quot;Wed, 29 April 2026&quot;,&quot;_date&quot;:{&quot;date&quot;:&quot;2026-04-29 18:00:00.000000&quot;,&quot;timezone_type&quot;:3,&quot;timezone&quot;:&quot;Europe\\\/Berlin&quot;},&quot;_fromdate&quot;:&quot;20260429 17:00&quot;,&quot;start_TS&quot;:1777474800,&quot;start_HRFSHORT&quot;:&quot;29\\\/04\\\/26&quot;,&quot;start_HRFSHORT_WD&quot;:&quot;Wed 29\\\/04\\\/2026&quot;,&quot;end_TS&quot;:1777478400,&quot;can_purchase&quot;:true},{&quot;start&quot;:&quot;20260503 15:00&quot;,&quot;end&quot;:&quot;16:00&quot;,&quot;status&quot;:&quot;BUY&quot;,&quot;info&quot;:&quot;Guided Tour in German - 9 EUR&quot;,&quot;shop&quot;:&quot;https:\\\/\\\/tickets.humboldtforum.org\\\/#\\\/product\\\/event\\\/241?date=2026-05-03&amp;date_id=28344&amp;lang=en&quot;,&quot;i&quot;:11,&quot;start_hour&quot;:&quot;03:00 pm&quot;,&quot;start_HRF&quot;:&quot;Sun,  3 May 2026&quot;,&quot;_date&quot;:{&quot;date&quot;:&quot;2026-05-03 16:00:00.000000&quot;,&quot;timezone_type&quot;:3,&quot;timezone&quot;:&quot;Europe\\\/Berlin&quot;},&quot;_fromdate&quot;:&quot;20260503 15:00&quot;,&quot;start_TS&quot;:1777813200,&quot;start_HRFSHORT&quot;:&quot;03\\\/05\\\/26&quot;,&quot;start_HRFSHORT_WD&quot;:&quot;Sun 03\\\/05\\\/2026&quot;,&quot;end_TS&quot;:1777816800,&quot;can_purchase&quot;:true},{&quot;start&quot;:&quot;20260506 17:00&quot;,&quot;end&quot;:&quot;18:00&quot;,&quot;status&quot;:&quot;BUY&quot;,&quot;info&quot;:&quot;Guided Tour in German - 9 EUR&quot;,&quot;shop&quot;:&quot;https:\\\/\\\/tickets.humboldtforum.org\\\/#\\\/product\\\/event\\\/241?date=2026-05-06&amp;date_id=28120&amp;lang=en&quot;,&quot;i&quot;:7,&quot;start_hour&quot;:&quot;05:00 pm&quot;,&quot;start_HRF&quot;:&quot;Wed,  6 May 2026&quot;,&quot;_date&quot;:{&quot;date&quot;:&quot;2026-05-06 18:00:00.000000&quot;,&quot;timezone_type&quot;:3,&quot;timezone&quot;:&quot;Europe\\\/Berlin&quot;},&quot;_fromdate&quot;:&quot;20260506 17:00&quot;,&quot;start_TS&quot;:1778079600,&quot;start_HRFSHORT&quot;:&quot;06\\\/05\\\/26&quot;,&quot;start_HRFSHORT_WD&quot;:&quot;Wed 06\\\/05\\\/2026&quot;,&quot;end_TS&quot;:1778083200,&quot;can_purchase&quot;:true},{&quot;start&quot;:&quot;20260513 17:00&quot;,&quot;end&quot;:&quot;18:00&quot;,&quot;status&quot;:&quot;BUY&quot;,&quot;info&quot;:&quot;Guided Tour in German - 9 EUR&quot;,&quot;shop&quot;:&quot;https:\\\/\\\/tickets.humboldtforum.org\\\/#\\\/product\\\/event\\\/241?date=2026-05-13&amp;date_id=28121&amp;lang=en&quot;,&quot;i&quot;:8,&quot;start_hour&quot;:&quot;05:00 pm&quot;,&quot;start_HRF&quot;:&quot;Wed, 13 May 2026&quot;,&quot;_date&quot;:{&quot;date&quot;:&quot;2026-05-13 18:00:00.000000&quot;,&quot;timezone_type&quot;:3,&quot;timezone&quot;:&quot;Europe\\\/Berlin&quot;},&quot;_fromdate&quot;:&quot;20260513 17:00&quot;,&quot;start_TS&quot;:1778684400,&quot;start_HRFSHORT&quot;:&quot;13\\\/05\\\/26&quot;,&quot;start_HRFSHORT_WD&quot;:&quot;Wed 13\\\/05\\\/2026&quot;,&quot;end_TS&quot;:1778688000,&quot;can_purchase&quot;:true},{&quot;start&quot;:&quot;20260517 15:00&quot;,&quot;end&quot;:&quot;16:00&quot;,&quot;status&quot;:&quot;BUY&quot;,&quot;info&quot;:&quot;Guided Tour in German - 9 EUR&quot;,&quot;shop&quot;:&quot;https:\\\/\\\/tickets.humboldtforum.org\\\/#\\\/product\\\/event\\\/241?date=2026-05-17&amp;date_id=28345&amp;lang=en&quot;,&quot;i&quot;:12,&quot;start_hour&quot;:&quot;03:00 pm&quot;,&quot;start_HRF&quot;:&quot;Sun, 17 May 2026&quot;,&quot;_date&quot;:{&quot;date&quot;:&quot;2026-05-17 16:00:00.000000&quot;,&quot;timezone_type&quot;:3,&quot;timezone&quot;:&quot;Europe\\\/Berlin&quot;},&quot;_fromdate&quot;:&quot;20260517 15:00&quot;,&quot;start_TS&quot;:1779022800,&quot;start_HRFSHORT&quot;:&quot;17\\\/05\\\/26&quot;,&quot;start_HRFSHORT_WD&quot;:&quot;Sun 17\\\/05\\\/2026&quot;,&quot;end_TS&quot;:1779026400,&quot;can_purchase&quot;:true}],&quot;planning&quot;:{&quot;price&quot;:&quot;9 EUR per person&quot;,&quot;admission&quot;:&quot;&quot;,&quot;pause&quot;:&quot;&quot;,&quot;duration&quot;:&quot;60&quot;},&quot;subline&quot;:&quot;Guided tour of the history of the place&quot;,&quot;tickettext&quot;:&quot;Please book your ticket in advance online or at the box office in the foyer.&quot;,&quot;additional_info&quot;:{&quot;icon&quot;:&quot;icon-uhr&quot;,&quot;text&quot;:&quot;Dates and ticket booking for the coming month will be activated at the end of the previous month.&quot;},&quot;highlight_header&quot;:false,&quot;use_video_in_teasers&quot;:false,&quot;hyphenation&quot;:true,&quot;tipp&quot;:false,&quot;joker&quot;:false,&quot;live&quot;:false,&quot;hide_event_in_program&quot;:false,&quot;featured_images&quot;:[117220],&quot;shorttext&quot;:&quot;Die Vorgeschichte des Humboldt Forums ist lang und wechselvoll. Die Kurator*innen der Ausstellungsr\\u00e4ume zur Geschichte des Ortes standen vor besonderen Fragen: Wie wird der Charakter dieses Ortes erfahrbar? Wie r\\u00fcckt man l\\u00e4ngst zerst\\u00f6rte Geb\\u00e4ude wieder ins Bewusstsein?&quot;,&quot;alert_text&quot;:&quot;DE&quot;,&quot;hm_id&quot;:&quot;&quot;,&quot;gomus_id&quot;:&quot;&quot;},&quot;date&quot;:{&quot;NX&quot;:&quot;20260429&quot;,&quot;NXX&quot;:&quot;202604291700&quot;,&quot;NLAST&quot;:&quot;202605311100&quot;,&quot;from_DATE&quot;:&quot;20260401 17:00&quot;,&quot;from&quot;:1775048400,&quot;to&quot;:1780225200,&quot;to_DATE&quot;:&quot;20260531 15:00&quot;,&quot;from_HRFSHORT&quot;:&quot; 1 Apr 2026&quot;,&quot;from_HRFSHORT_WD&quot;:&quot;Wed 01\\\/04\\\/2026&quot;,&quot;to_HRFSHORT&quot;:&quot;31 May 2026&quot;,&quot;to_HRFSHORT_WD&quot;:&quot;Sun 31\\\/05\\\/2026&quot;,&quot;from_HRF&quot;:&quot;Wed,  1 April 2026&quot;,&quot;to_HRF&quot;:&quot;Sun, 31 May 2026&quot;,&quot;from_to_HRF&quot;:&quot;Wed,  1 April \\u2013 Sun, 31 May 2026&quot;,&quot;from_to_HRFSHORT&quot;:&quot; 1 Apr \\u2013 31 May 2026&quot;},&quot;alert&quot;:&quot;DE&quot;,&quot;partof&quot;:[],&quot;marketing_topic&quot;:{&quot;title&quot;:&quot;History and Architecture of the Site&quot;,&quot;0&quot;:&quot;topic&quot;}}' inline-template>\n\t<a href=\"https:\/\/www.humboldtforum.org\/en\/programm\/termin\/guided-tour\/on-the-traces-of-history-41461\/\" class=\"teaser teaser-event teaser-event-standard\">\n\t\t<div class=\"row\">\n\t\t\t<div class=\"col-xs-12 teaser-event-image\">\n\t\t\t\t<div class=\"teaser-image teaser-image-no-alternate\">\n\t\t\t\t\t\t\t\t\t\t\t\t\t<span class=\"alert\">DE<\/span>\n\t\t\t\t\t\t\t\t\t\t\t\n\t<lazy-media-inline inline-template>\n\t\t<figure itemscope itemtype=\"http:\/\/schema.org\/ImageObject\" class=\"lazy-media-inline \" role=\"group\" id=\"media_69ee4cb7d48ce\" aria-labelledby=\"desc_media_69ee4cb7d48ce\">\n\t\t\t<script type=\"application\/json\" ref=\"data\">\n\t\t\t\t{\n\t\t\t\t\"sizes\" : {\"medium\":{\"file\":\"SHF_eb00212854-300x200.jpeg\",\"width\":300,\"height\":200,\"mime-type\":\"image\\\/jpeg\",\"filesize\":14927},\"large\":{\"file\":\"SHF_eb00212854-1024x683.jpeg\",\"width\":1024,\"height\":683,\"mime-type\":\"image\\\/jpeg\",\"filesize\":96388},\"thumbnail\":{\"file\":\"SHF_eb00212854-150x150.jpeg\",\"width\":150,\"height\":150,\"mime-type\":\"image\\\/jpeg\",\"filesize\":7491},\"medium_large\":{\"file\":\"SHF_eb00212854-768x512.jpeg\",\"width\":768,\"height\":512,\"mime-type\":\"image\\\/jpeg\",\"filesize\":62716},\"small\":{\"file\":\"SHF_eb00212854-440x293.jpeg\",\"width\":440,\"height\":293,\"mime-type\":\"image\\\/jpeg\",\"filesize\":26989},\"semi\":{\"file\":\"SHF_eb00212854-580x387.jpeg\",\"width\":580,\"height\":387,\"mime-type\":\"image\\\/jpeg\",\"filesize\":41439},\"mobile\":{\"file\":\"SHF_eb00212854-720x480.jpeg\",\"width\":720,\"height\":480,\"mime-type\":\"image\\\/jpeg\",\"filesize\":56752},\"hd\":{\"file\":\"SHF_eb00212854-1280x854.jpeg\",\"width\":1280,\"height\":854,\"mime-type\":\"image\\\/jpeg\",\"filesize\":133511},\"full\":{\"file\":\"SHF_eb00212854-1920x1281.jpeg\",\"width\":1920,\"height\":1281,\"mime-type\":\"image\\\/jpeg\",\"filesize\":240643},\"1536x1536\":{\"file\":\"SHF_eb00212854-1536x1025.jpeg\",\"width\":1536,\"height\":1025,\"mime-type\":\"image\\\/jpeg\",\"filesize\":174870},\"original\":{\"file\":\"SHF_eb00212854.jpeg\",\"width\":2000,\"height\":1334}},\n\t\t\t\t\"alt\" : \"Visitors are viewing an exhibition in a modern museum.\",\n\t\t\t\t\"path\" : \"\\\/wp-content\\\/uploads\\\/2023\\\/12\\\/\",\n\t\t\t\t\"video\" : null,\n\t\t\t\t\"autoplay\" : null,\n\t\t\t\t\"youtube\" : null,\n\t\t\t\t\"youtubelabel\" : \"Play video\",\n\t\t\t\t\"brightness\" : 100,\n\t\t\t\t\"crop\" : null,\n\t\t\t\t\"background\" : true,\n\t\t\t\t\"scale\" : 2\t\t\t\t}\n\t\t\t<\/script>\n\n\t\t\t<div class=\"height-container\" style=\"padding-bottom:66.7%;\" v-if=\"sizes\">\n\t\t\t\t\t\t\t\t<lazy-media :inline=\"true\" :alt=\"alt\" :sizes=\"sizes\" :scale=\"scale\" :brightness=\"brightness\" :path=\"path\" :video=\"video\" :autoplay=\"autoplay\" :youtube=\"youtube\" :crop=\"crop\" :youtubelabel=\"youtubelabel\" :background=\"background\" media-id=\"desc_media_69ee4cb7d48ce\"><\/lazy-media>\n\t\t\t\t\t\t\t<\/div>\n\n\t\t\t\t\t\t\t<figcaption class=\"sr-only\" ref=\"body\" id=\"desc_media_69ee4cb7d48ce\">\n\t\t\t\t\t\t\t\t\t\t\t<div>Visitors in front of the history of the site Track 27 &ldquo;Art transports to the exile of Wilhelm II&rdquo;\n<\/div>\n\t\t\t\t\t\t\t\t\t\t\t\t\t\t\t\t\t\t\t\t\t<div class=\"insignificant\">\u00a9 Stiftung Humboldt Forum im Berliner Schloss, Foto: Andreas K\u00f6nig<\/div>\n\t\t\t\t\t\t\t\t\t<\/figcaption>\n\t\t\t\t\t<\/figure>\n\t<\/lazy-media-inline>\n\t\t\t\t<\/div>\n\t\t\t<\/div>\n\t\t\t<div class=\"col-xs-12 teaser-event-text Infos\">\n\t\t\t\t<div class=\"teaser-event-standard-text\">\n\t\t\t\t\t<div class=\"margin-bottom-atom\">\n\t\t\t\t\t\t<div class=\"subline clamp-1\" v-html=\"maingenre\"><\/div>\n\t\t\t\t\t\t\t\t\t\t\t\t\t<div class=\"insignificant clamp-2\">History and Architecture of the Site<\/div>\n\t\t\t\t\t\t\t\t\t\t\t<\/div>\n\t\t\t\t\n\t\t\t\t\t<strong class=\"margin-bottom-atom\">On the traces of history<\/strong>\n\n\t\t\t\t\t\t\t\t\t\t\t<div class=\"\">Guided tour of the history of the place<\/div>\n\t\t\t\t\t\t\t\t\t<\/div>\n\t\t\t\t<div class=\"teaser-bottom border-bottom\">\n\t\t\t\t<calendardateline :rawitem='item' :show-icon=\"true\"><\/calendardateline>\n\t\t\t\t\t<hr>\n\t\t\t\t<\/div>\n\t\t\t<\/div>\n\t\t<\/div>\n\t<\/a>\n\t<\/calendarteaser>\n<\/li>\n\n<li class=\"teaser-lane-slide col-xs-9 col-sm-4 col-md-3 teaser-wrapper col-padding-remove\">\n\t<calendarteaser key=\"4146411578\" rawitem='{&quot;postId&quot;:41464,&quot;title&quot;:&quot;On the traces of history&quot;,&quot;excerpt&quot;:&quot;Die Vorgeschichte des Humboldt Forums ist lang und wechselvoll. Die Kurator*innen der Ausstellungsr\\u00e4ume zur Geschichte des Ortes standen vor besonderen Fragen: Wie wird der Charakter dieses Ortes erfahrbar? Wie r\\u00fcckt man l\\u00e4ngst zerst\\u00f6rte Geb\\u00e4ude wieder ins Bewusstsein?&quot;,&quot;slug&quot;:&quot;on-the-traces-of-history-2&quot;,&quot;post_date&quot;:&quot;2022-04-01T12:27&quot;,&quot;type&quot;:&quot;event&quot;,&quot;permalink&quot;:&quot;https:\\\/\\\/www.humboldtforum.org\\\/en\\\/programm\\\/termin\\\/guided-tour\\\/on-the-traces-of-history-2-41464\\\/&quot;,&quot;genre&quot;:[822],&quot;genre_details&quot;:[{&quot;text&quot;:&quot;Guided Tour&quot;,&quot;id&quot;:822,&quot;icon&quot;:null,&quot;parent&quot;:0}],&quot;topic&quot;:[590],&quot;topic_details&quot;:[{&quot;text&quot;:&quot;History and Architecture of the Site&quot;,&quot;id&quot;:590,&quot;icon&quot;:null,&quot;parent&quot;:0}],&quot;stakeholder&quot;:[595],&quot;stakeholder_details&quot;:[{&quot;text&quot;:&quot;Stiftung Humboldt Forum im Berliner Schloss&quot;,&quot;id&quot;:595,&quot;icon&quot;:null,&quot;parent&quot;:0}],&quot;targetgroup&quot;:[585,715],&quot;targetgroup_details&quot;:[{&quot;text&quot;:&quot;Adults&quot;,&quot;id&quot;:585,&quot;icon&quot;:null,&quot;parent&quot;:0},{&quot;text&quot;:&quot;Teenager&quot;,&quot;id&quot;:715,&quot;icon&quot;:null,&quot;parent&quot;:0}],&quot;language&quot;:[580],&quot;language_details&quot;:[{&quot;text&quot;:&quot;English&quot;,&quot;id&quot;:580,&quot;icon&quot;:null,&quot;parent&quot;:0}],&quot;age&quot;:[711],&quot;age_details&quot;:[{&quot;text&quot;:&quot;14 years and older&quot;,&quot;id&quot;:711,&quot;icon&quot;:null,&quot;parent&quot;:0}],&quot;groupsize&quot;:[1092],&quot;groupsize_details&quot;:[{&quot;text&quot;:&quot;max. 25 persons&quot;,&quot;id&quot;:1092,&quot;icon&quot;:null,&quot;parent&quot;:0}],&quot;icon_overwrite&quot;:&quot;&quot;,&quot;acf&quot;:{&quot;noindex&quot;:false,&quot;keywords&quot;:&quot;&quot;,&quot;hashtag&quot;:&quot;HumboldtForum&quot;,&quot;belongsto&quot;:false,&quot;shorturl&quot;:&quot;&quot;,&quot;times&quot;:[{&quot;start&quot;:&quot;20260503 13:00&quot;,&quot;end&quot;:&quot;14:00&quot;,&quot;status&quot;:&quot;BUY&quot;,&quot;info&quot;:&quot;Guided Tour in English - 9 EUR&quot;,&quot;shop&quot;:&quot;https:\\\/\\\/tickets.humboldtforum.org\\\/#\\\/product\\\/event\\\/241?date=2026-05-03&amp;date_id=28347&amp;lang=en&quot;,&quot;i&quot;:3,&quot;start_hour&quot;:&quot;01:00 pm&quot;,&quot;start_HRF&quot;:&quot;Sun,  3 May 2026&quot;,&quot;_date&quot;:{&quot;date&quot;:&quot;2026-05-03 14:00:00.000000&quot;,&quot;timezone_type&quot;:3,&quot;timezone&quot;:&quot;Europe\\\/Berlin&quot;},&quot;_fromdate&quot;:&quot;20260503 13:00&quot;,&quot;start_TS&quot;:1777806000,&quot;start_HRFSHORT&quot;:&quot;03\\\/05\\\/26&quot;,&quot;start_HRFSHORT_WD&quot;:&quot;Sun 03\\\/05\\\/2026&quot;,&quot;end_TS&quot;:1777809600,&quot;can_purchase&quot;:true},{&quot;start&quot;:&quot;20260517 13:00&quot;,&quot;end&quot;:&quot;14:00&quot;,&quot;status&quot;:&quot;BUY&quot;,&quot;info&quot;:&quot;Guided Tour in English - 9 EUR&quot;,&quot;shop&quot;:&quot;https:\\\/\\\/tickets.humboldtforum.org\\\/#\\\/product\\\/event\\\/241?date=2026-05-17&amp;date_id=28348&amp;lang=en&quot;,&quot;i&quot;:4,&quot;start_hour&quot;:&quot;01:00 pm&quot;,&quot;start_HRF&quot;:&quot;Sun, 17 May 2026&quot;,&quot;_date&quot;:{&quot;date&quot;:&quot;2026-05-17 14:00:00.000000&quot;,&quot;timezone_type&quot;:3,&quot;timezone&quot;:&quot;Europe\\\/Berlin&quot;},&quot;_fromdate&quot;:&quot;20260517 13:00&quot;,&quot;start_TS&quot;:1779015600,&quot;start_HRFSHORT&quot;:&quot;17\\\/05\\\/26&quot;,&quot;start_HRFSHORT_WD&quot;:&quot;Sun 17\\\/05\\\/2026&quot;,&quot;end_TS&quot;:1779019200,&quot;can_purchase&quot;:true},{&quot;start&quot;:&quot;20260531 13:00&quot;,&quot;end&quot;:&quot;14:00&quot;,&quot;status&quot;:&quot;BUY&quot;,&quot;info&quot;:&quot;Guided Tour in English - 9 EUR&quot;,&quot;shop&quot;:&quot;https:\\\/\\\/tickets.humboldtforum.org\\\/#\\\/product\\\/event\\\/241?date=2026-05-31&amp;date_id=28349&amp;lang=en&quot;,&quot;i&quot;:5,&quot;start_hour&quot;:&quot;01:00 pm&quot;,&quot;start_HRF&quot;:&quot;Sun, 31 May 2026&quot;,&quot;_date&quot;:{&quot;date&quot;:&quot;2026-05-31 14:00:00.000000&quot;,&quot;timezone_type&quot;:3,&quot;timezone&quot;:&quot;Europe\\\/Berlin&quot;},&quot;_fromdate&quot;:&quot;20260531 13:00&quot;,&quot;start_TS&quot;:1780225200,&quot;start_HRFSHORT&quot;:&quot;31\\\/05\\\/26&quot;,&quot;start_HRFSHORT_WD&quot;:&quot;Sun 31\\\/05\\\/2026&quot;,&quot;end_TS&quot;:1780228800,&quot;can_purchase&quot;:true}],&quot;planning&quot;:{&quot;price&quot;:&quot;9 EUR pro Person&quot;,&quot;admission&quot;:&quot;&quot;,&quot;pause&quot;:&quot;&quot;,&quot;duration&quot;:&quot;60&quot;},&quot;subline&quot;:&quot;Guided tour of the history of the place&quot;,&quot;tickettext&quot;:&quot;Please book your ticket in advance online or at the box office in the foyer.&quot;,&quot;additional_info&quot;:{&quot;icon&quot;:&quot;icon-uhr&quot;,&quot;text&quot;:&quot;Dates and ticket booking for the coming month will be activated at the end of the previous month.&quot;},&quot;highlight_header&quot;:false,&quot;featured_images&quot;:[41453],&quot;use_video_in_teasers&quot;:false,&quot;hyphenation&quot;:true,&quot;tipp&quot;:false,&quot;alert_text&quot;:&quot;EN&quot;,&quot;joker&quot;:false,&quot;live&quot;:false,&quot;hide_event_in_program&quot;:false,&quot;shorttext&quot;:&quot;Die Vorgeschichte des Humboldt Forums ist lang und wechselvoll. Die Kurator*innen der Ausstellungsr\\u00e4ume zur Geschichte des Ortes standen vor besonderen Fragen: Wie wird der Charakter dieses Ortes erfahrbar? Wie r\\u00fcckt man l\\u00e4ngst zerst\\u00f6rte Geb\\u00e4ude wieder ins Bewusstsein?&quot;,&quot;hm_id&quot;:&quot;&quot;,&quot;gomus_id&quot;:&quot;&quot;},&quot;date&quot;:{&quot;NX&quot;:&quot;20260503&quot;,&quot;NXX&quot;:&quot;202605031300&quot;,&quot;NLAST&quot;:&quot;202605311000&quot;,&quot;from_DATE&quot;:&quot;20260322 13:00&quot;,&quot;from&quot;:1774177200,&quot;to&quot;:1780221600,&quot;to_DATE&quot;:&quot;20260531 13:00&quot;,&quot;from_HRFSHORT&quot;:&quot;22 Mar 2026&quot;,&quot;from_HRFSHORT_WD&quot;:&quot;Sun 22\\\/03\\\/2026&quot;,&quot;to_HRFSHORT&quot;:&quot;31 May 2026&quot;,&quot;to_HRFSHORT_WD&quot;:&quot;Sun 31\\\/05\\\/2026&quot;,&quot;from_HRF&quot;:&quot;Sun, 22 March 2026&quot;,&quot;to_HRF&quot;:&quot;Sun, 31 May 2026&quot;,&quot;from_to_HRF&quot;:&quot;Sun, 22 March \\u2013 Sun, 31 May 2026&quot;,&quot;from_to_HRFSHORT&quot;:&quot;22 Mar \\u2013 31 May 2026&quot;},&quot;alert&quot;:&quot;EN&quot;,&quot;partof&quot;:[],&quot;marketing_topic&quot;:{&quot;title&quot;:&quot;History and Architecture of the Site&quot;,&quot;0&quot;:&quot;topic&quot;}}' inline-template>\n\t<a href=\"https:\/\/www.humboldtforum.org\/en\/programm\/termin\/guided-tour\/on-the-traces-of-history-2-41464\/\" class=\"teaser teaser-event teaser-event-standard\">\n\t\t<div class=\"row\">\n\t\t\t<div class=\"col-xs-12 teaser-event-image\">\n\t\t\t\t<div class=\"teaser-image teaser-image-no-alternate\">\n\t\t\t\t\t\t\t\t\t\t\t\t\t<span class=\"alert\">EN<\/span>\n\t\t\t\t\t\t\t\t\t\t\t\n\t<lazy-media-inline inline-template>\n\t\t<figure itemscope itemtype=\"http:\/\/schema.org\/ImageObject\" class=\"lazy-media-inline \" role=\"group\" id=\"media_69ee4cb7d655f\" aria-labelledby=\"desc_media_69ee4cb7d655f\">\n\t\t\t<script type=\"application\/json\" ref=\"data\">\n\t\t\t\t{\n\t\t\t\t\"sizes\" : {\"medium\":{\"file\":\"SHF_eb00129465-300x200.jpg\",\"width\":300,\"height\":200,\"mime-type\":\"image\\\/jpeg\"},\"large\":{\"file\":\"SHF_eb00129465-1024x683.jpg\",\"width\":1024,\"height\":683,\"mime-type\":\"image\\\/jpeg\"},\"thumbnail\":{\"file\":\"SHF_eb00129465-150x150.jpg\",\"width\":150,\"height\":150,\"mime-type\":\"image\\\/jpeg\"},\"medium_large\":{\"file\":\"SHF_eb00129465-768x512.jpg\",\"width\":768,\"height\":512,\"mime-type\":\"image\\\/jpeg\"},\"small\":{\"file\":\"SHF_eb00129465-440x293.jpg\",\"width\":440,\"height\":293,\"mime-type\":\"image\\\/jpeg\"},\"semi\":{\"file\":\"SHF_eb00129465-580x387.jpg\",\"width\":580,\"height\":387,\"mime-type\":\"image\\\/jpeg\"},\"mobile\":{\"file\":\"SHF_eb00129465-720x480.jpg\",\"width\":720,\"height\":480,\"mime-type\":\"image\\\/jpeg\"},\"hd\":{\"file\":\"SHF_eb00129465-1280x853.jpg\",\"width\":1280,\"height\":853,\"mime-type\":\"image\\\/jpeg\"},\"full\":{\"file\":\"SHF_eb00129465-1920x1280.jpg\",\"width\":1920,\"height\":1280,\"mime-type\":\"image\\\/jpeg\"},\"xxl\":{\"file\":\"SHF_eb00129465-4048x2699.jpg\",\"width\":4048,\"height\":2699,\"mime-type\":\"image\\\/jpeg\"},\"1536x1536\":{\"file\":\"SHF_eb00129465-1536x1024.jpg\",\"width\":1536,\"height\":1024,\"mime-type\":\"image\\\/jpeg\"},\"2048x2048\":{\"file\":\"SHF_eb00129465-2048x1365.jpg\",\"width\":2048,\"height\":1365,\"mime-type\":\"image\\\/jpeg\"},\"original\":{\"file\":\"SHF_eb00129465.jpg\",\"width\":6532,\"height\":4355}},\n\t\t\t\t\"alt\" : \"Two masked women are focused on working at a table with various objects in a modern room.\",\n\t\t\t\t\"path\" : \"\\\/wp-content\\\/uploads\\\/2022\\\/04\\\/\",\n\t\t\t\t\"video\" : null,\n\t\t\t\t\"autoplay\" : null,\n\t\t\t\t\"youtube\" : null,\n\t\t\t\t\"youtubelabel\" : \"Play video\",\n\t\t\t\t\"brightness\" : 100,\n\t\t\t\t\"crop\" : null,\n\t\t\t\t\"background\" : true,\n\t\t\t\t\"scale\" : 2\t\t\t\t}\n\t\t\t<\/script>\n\n\t\t\t<div class=\"height-container\" style=\"padding-bottom:66.671769748928%;\" v-if=\"sizes\">\n\t\t\t\t\t\t\t\t<lazy-media :inline=\"true\" :alt=\"alt\" :sizes=\"sizes\" :scale=\"scale\" :brightness=\"brightness\" :path=\"path\" :video=\"video\" :autoplay=\"autoplay\" :youtube=\"youtube\" :crop=\"crop\" :youtubelabel=\"youtubelabel\" :background=\"background\" media-id=\"desc_media_69ee4cb7d655f\"><\/lazy-media>\n\t\t\t\t\t\t\t<\/div>\n\n\t\t\t\t\t\t\t<figcaption class=\"sr-only\" ref=\"body\" id=\"desc_media_69ee4cb7d655f\">\n\t\t\t\t\t\t\t\t\t\t\t<div>On the basis of selected stations and objects the guided tour offers an insight into the history of the place<\/div>\n\t\t\t\t\t\t\t\t\t\t\t\t\t\t\t\t\t\t\t\t\t<div class=\"insignificant\">\u00a9 Stiftung Humboldt Forum im Berliner Schloss \/ Image: Frank Sperling<\/div>\n\t\t\t\t\t\t\t\t\t<\/figcaption>\n\t\t\t\t\t<\/figure>\n\t<\/lazy-media-inline>\n\t\t\t\t<\/div>\n\t\t\t<\/div>\n\t\t\t<div class=\"col-xs-12 teaser-event-text Infos\">\n\t\t\t\t<div class=\"teaser-event-standard-text\">\n\t\t\t\t\t<div class=\"margin-bottom-atom\">\n\t\t\t\t\t\t<div class=\"subline clamp-1\" v-html=\"maingenre\"><\/div>\n\t\t\t\t\t\t\t\t\t\t\t\t\t<div class=\"insignificant clamp-2\">History and Architecture of the Site<\/div>\n\t\t\t\t\t\t\t\t\t\t\t<\/div>\n\t\t\t\t\n\t\t\t\t\t<strong class=\"margin-bottom-atom\">On the traces of history<\/strong>\n\n\t\t\t\t\t\t\t\t\t\t\t<div class=\"\">Guided tour of the history of the place<\/div>\n\t\t\t\t\t\t\t\t\t<\/div>\n\t\t\t\t<div class=\"teaser-bottom border-bottom\">\n\t\t\t\t<calendardateline :rawitem='item' :show-icon=\"true\"><\/calendardateline>\n\t\t\t\t\t<hr>\n\t\t\t\t<\/div>\n\t\t\t<\/div>\n\t\t<\/div>\n\t<\/a>\n\t<\/calendarteaser>\n<\/li>\n\n<li class=\"teaser-lane-slide col-xs-9 col-sm-4 col-md-3 teaser-wrapper col-padding-remove\">\n\t<calendarteaser key=\"306615060\" rawitem='{&quot;postId&quot;:30661,&quot;title&quot;:&quot;Just a facade?&quot;,&quot;excerpt&quot;:&quot;This tour of the building\\u2019s interior and exterior will provide an insight into Franco Stella&#039;s architecture, the examples he followed and how he combines old and new. The contrasting design language of baroque and contemporary architecture is just as much an issue as the chequered history of the buildings that have occupied this site and the political ideals associated with them.&quot;,&quot;slug&quot;:&quot;just-a-facade&quot;,&quot;post_date&quot;:&quot;2021-08-17T15:01&quot;,&quot;type&quot;:&quot;event&quot;,&quot;permalink&quot;:&quot;https:\\\/\\\/www.humboldtforum.org\\\/en\\\/programm\\\/termin\\\/guided-tour\\\/just-a-facade-30661\\\/&quot;,&quot;genre&quot;:[822],&quot;genre_details&quot;:[{&quot;text&quot;:&quot;Guided Tour&quot;,&quot;id&quot;:822,&quot;icon&quot;:null,&quot;parent&quot;:0}],&quot;topic&quot;:[590],&quot;topic_details&quot;:[{&quot;text&quot;:&quot;History and Architecture of the Site&quot;,&quot;id&quot;:590,&quot;icon&quot;:null,&quot;parent&quot;:0}],&quot;stakeholder&quot;:[595],&quot;stakeholder_details&quot;:[{&quot;text&quot;:&quot;Stiftung Humboldt Forum im Berliner Schloss&quot;,&quot;id&quot;:595,&quot;icon&quot;:null,&quot;parent&quot;:0}],&quot;targetgroup&quot;:[585,715],&quot;targetgroup_details&quot;:[{&quot;text&quot;:&quot;Adults&quot;,&quot;id&quot;:585,&quot;icon&quot;:null,&quot;parent&quot;:0},{&quot;text&quot;:&quot;Teenager&quot;,&quot;id&quot;:715,&quot;icon&quot;:null,&quot;parent&quot;:0}],&quot;language&quot;:[580],&quot;language_details&quot;:[{&quot;text&quot;:&quot;English&quot;,&quot;id&quot;:580,&quot;icon&quot;:null,&quot;parent&quot;:0}],&quot;accessability&quot;:[596],&quot;accessability_details&quot;:[{&quot;text&quot;:&quot;Accessible for wheelchairs&quot;,&quot;id&quot;:596,&quot;icon&quot;:null,&quot;parent&quot;:0}],&quot;groupsize&quot;:[1090],&quot;groupsize_details&quot;:[{&quot;text&quot;:&quot;max. 15 persons&quot;,&quot;id&quot;:1090,&quot;icon&quot;:null,&quot;parent&quot;:0}],&quot;icon_overwrite&quot;:&quot;&quot;,&quot;acf&quot;:{&quot;hashtag&quot;:&quot;HumboldtForum&quot;,&quot;keywords&quot;:&quot;&quot;,&quot;shorturl&quot;:&quot;&quot;,&quot;planning&quot;:{&quot;price&quot;:&quot;9 EUR&quot;,&quot;admission&quot;:&quot;&quot;,&quot;pause&quot;:&quot;&quot;,&quot;duration&quot;:&quot;60&quot;},&quot;tickettext&quot;:&quot;Book your ticket in advance online or at the box office in the Foyer.&quot;,&quot;use_video_in_teasers&quot;:false,&quot;hide_event_in_program&quot;:false,&quot;belongsto&quot;:false,&quot;noindex&quot;:false,&quot;times&quot;:[{&quot;start&quot;:&quot;20260508 11:00&quot;,&quot;end&quot;:&quot;12:00&quot;,&quot;status&quot;:&quot;BUY&quot;,&quot;info&quot;:&quot;Guided Tour in English - 9 EUR&quot;,&quot;shop&quot;:&quot;https:\\\/\\\/tickets.humboldtforum.org\\\/#\\\/product\\\/event\\\/6?date=2026-05-08&amp;date_id=28114&amp;lang=en&quot;,&quot;i&quot;:8,&quot;start_hour&quot;:&quot;11:00 am&quot;,&quot;start_HRF&quot;:&quot;Fri,  8 May 2026&quot;,&quot;_date&quot;:{&quot;date&quot;:&quot;2026-05-08 12:00:00.000000&quot;,&quot;timezone_type&quot;:3,&quot;timezone&quot;:&quot;Europe\\\/Berlin&quot;},&quot;_fromdate&quot;:&quot;20260508 11:00&quot;,&quot;start_TS&quot;:1778230800,&quot;start_HRFSHORT&quot;:&quot;08\\\/05\\\/26&quot;,&quot;start_HRFSHORT_WD&quot;:&quot;Fri 08\\\/05\\\/2026&quot;,&quot;end_TS&quot;:1778234400,&quot;can_purchase&quot;:true},{&quot;start&quot;:&quot;20260515 11:00&quot;,&quot;end&quot;:&quot;12:00&quot;,&quot;status&quot;:&quot;BUY&quot;,&quot;info&quot;:&quot;Guided Tour in English - 9 EUR&quot;,&quot;shop&quot;:&quot;https:\\\/\\\/tickets.humboldtforum.org\\\/#\\\/product\\\/event\\\/6?date=2026-05-15&amp;date_id=28115&amp;lang=en&quot;,&quot;i&quot;:9,&quot;start_hour&quot;:&quot;11:00 am&quot;,&quot;start_HRF&quot;:&quot;Fri, 15 May 2026&quot;,&quot;_date&quot;:{&quot;date&quot;:&quot;2026-05-15 12:00:00.000000&quot;,&quot;timezone_type&quot;:3,&quot;timezone&quot;:&quot;Europe\\\/Berlin&quot;},&quot;_fromdate&quot;:&quot;20260515 11:00&quot;,&quot;start_TS&quot;:1778835600,&quot;start_HRFSHORT&quot;:&quot;15\\\/05\\\/26&quot;,&quot;start_HRFSHORT_WD&quot;:&quot;Fri 15\\\/05\\\/2026&quot;,&quot;end_TS&quot;:1778839200,&quot;can_purchase&quot;:true},{&quot;start&quot;:&quot;20260522 11:00&quot;,&quot;end&quot;:&quot;12:00&quot;,&quot;status&quot;:&quot;BUY&quot;,&quot;info&quot;:&quot;Guided Tour in English - 9 EUR&quot;,&quot;shop&quot;:&quot;https:\\\/\\\/tickets.humboldtforum.org\\\/#\\\/product\\\/event\\\/6?date=2026-05-22&amp;date_id=28116&amp;lang=en&quot;,&quot;i&quot;:10,&quot;start_hour&quot;:&quot;11:00 am&quot;,&quot;start_HRF&quot;:&quot;Fri, 22 May 2026&quot;,&quot;_date&quot;:{&quot;date&quot;:&quot;2026-05-22 12:00:00.000000&quot;,&quot;timezone_type&quot;:3,&quot;timezone&quot;:&quot;Europe\\\/Berlin&quot;},&quot;_fromdate&quot;:&quot;20260522 11:00&quot;,&quot;start_TS&quot;:1779440400,&quot;start_HRFSHORT&quot;:&quot;22\\\/05\\\/26&quot;,&quot;start_HRFSHORT_WD&quot;:&quot;Fri 22\\\/05\\\/2026&quot;,&quot;end_TS&quot;:1779444000,&quot;can_purchase&quot;:true},{&quot;start&quot;:&quot;20260529 11:00&quot;,&quot;end&quot;:&quot;12:00&quot;,&quot;status&quot;:&quot;BUY&quot;,&quot;info&quot;:&quot;Guided Tour in English - 9 EUR&quot;,&quot;shop&quot;:&quot;https:\\\/\\\/tickets.humboldtforum.org\\\/#\\\/product\\\/event\\\/6?date=2026-05-29&amp;date_id=28117&amp;lang=en&quot;,&quot;i&quot;:11,&quot;start_hour&quot;:&quot;11:00 am&quot;,&quot;start_HRF&quot;:&quot;Fri, 29 May 2026&quot;,&quot;_date&quot;:{&quot;date&quot;:&quot;2026-05-29 12:00:00.000000&quot;,&quot;timezone_type&quot;:3,&quot;timezone&quot;:&quot;Europe\\\/Berlin&quot;},&quot;_fromdate&quot;:&quot;20260529 11:00&quot;,&quot;start_TS&quot;:1780045200,&quot;start_HRFSHORT&quot;:&quot;29\\\/05\\\/26&quot;,&quot;start_HRFSHORT_WD&quot;:&quot;Fri 29\\\/05\\\/2026&quot;,&quot;end_TS&quot;:1780048800,&quot;can_purchase&quot;:true}],&quot;subline&quot;:&quot;Architecture Tour&quot;,&quot;additional_info&quot;:{&quot;icon&quot;:&quot;icon-uhr&quot;,&quot;text&quot;:&quot;Dates and ticket booking for the coming month are released at the end of the previous month.&quot;},&quot;highlight_header&quot;:false,&quot;featured_images&quot;:[154933],&quot;hyphenation&quot;:true,&quot;tipp&quot;:false,&quot;joker&quot;:true,&quot;live&quot;:false,&quot;shorttext&quot;:&quot;This tour of the building\\u2019s interior and exterior will provide an insight into Franco Stella&#039;s architecture, the examples he followed and how he combines old and new. The contrasting design language of baroque and contemporary architecture is just as much an issue as the chequered history of the buildings that have occupied this site and the political ideals associated with them.&quot;,&quot;alert_text&quot;:&quot;EN&quot;,&quot;hm_id&quot;:&quot;&quot;,&quot;gomus_id&quot;:&quot;&quot;},&quot;date&quot;:{&quot;NX&quot;:&quot;20260508&quot;,&quot;NXX&quot;:&quot;202605081100&quot;,&quot;NLAST&quot;:&quot;202605290800&quot;,&quot;from_DATE&quot;:&quot;20260306 11:00&quot;,&quot;from&quot;:1772787600,&quot;to&quot;:1780041600,&quot;to_DATE&quot;:&quot;20260529 11:00&quot;,&quot;from_HRFSHORT&quot;:&quot; 6 Mar 2026&quot;,&quot;from_HRFSHORT_WD&quot;:&quot;Fri 06\\\/03\\\/2026&quot;,&quot;to_HRFSHORT&quot;:&quot;29 May 2026&quot;,&quot;to_HRFSHORT_WD&quot;:&quot;Fri 29\\\/05\\\/2026&quot;,&quot;from_HRF&quot;:&quot;Fri,  6 March 2026&quot;,&quot;to_HRF&quot;:&quot;Fri, 29 May 2026&quot;,&quot;from_to_HRF&quot;:&quot;Fri,  6 March \\u2013 Fri, 29 May 2026&quot;,&quot;from_to_HRFSHORT&quot;:&quot; 6 Mar \\u2013 29 May 2026&quot;},&quot;alert&quot;:&quot;EN&quot;,&quot;partof&quot;:[],&quot;marketing_topic&quot;:{&quot;title&quot;:&quot;History and Architecture of the Site&quot;,&quot;0&quot;:&quot;topic&quot;}}' inline-template>\n\t<a href=\"https:\/\/www.humboldtforum.org\/en\/programm\/termin\/guided-tour\/just-a-facade-30661\/\" class=\"teaser teaser-event teaser-event-standard\">\n\t\t<div class=\"row\">\n\t\t\t<div class=\"col-xs-12 teaser-event-image\">\n\t\t\t\t<div class=\"teaser-image teaser-image-no-alternate\">\n\t\t\t\t\t\t\t\t\t\t\t\t\t<span class=\"alert\">EN<\/span>\n\t\t\t\t\t\t\t\t\t\t\t\n\t<lazy-media-inline inline-template>\n\t\t<figure itemscope itemtype=\"http:\/\/schema.org\/ImageObject\" class=\"lazy-media-inline \" role=\"group\" id=\"media_69ee4cb7d8181\" aria-labelledby=\"desc_media_69ee4cb7d8181\">\n\t\t\t<script type=\"application\/json\" ref=\"data\">\n\t\t\t\t{\n\t\t\t\t\"sizes\" : {\"medium\":{\"file\":\"SHF_eb00063549-300x169.jpg\",\"width\":300,\"height\":169,\"mime-type\":\"image\\\/jpeg\",\"filesize\":16412},\"large\":{\"file\":\"SHF_eb00063549-1024x575.jpg\",\"width\":1024,\"height\":575,\"mime-type\":\"image\\\/jpeg\",\"filesize\":134208},\"thumbnail\":{\"file\":\"SHF_eb00063549-150x150.jpg\",\"width\":150,\"height\":150,\"mime-type\":\"image\\\/jpeg\",\"filesize\":7882},\"medium_large\":{\"file\":\"SHF_eb00063549-768x432.jpg\",\"width\":768,\"height\":432,\"mime-type\":\"image\\\/jpeg\",\"filesize\":81902},\"small\":{\"file\":\"SHF_eb00063549-440x247.jpg\",\"width\":440,\"height\":247,\"mime-type\":\"image\\\/jpeg\",\"filesize\":31494},\"semi\":{\"file\":\"SHF_eb00063549-580x326.jpg\",\"width\":580,\"height\":326,\"mime-type\":\"image\\\/jpeg\",\"filesize\":51788},\"mobile\":{\"file\":\"SHF_eb00063549-720x405.jpg\",\"width\":720,\"height\":405,\"mime-type\":\"image\\\/jpeg\",\"filesize\":73409},\"hd\":{\"file\":\"SHF_eb00063549-1280x719.jpg\",\"width\":1280,\"height\":719,\"mime-type\":\"image\\\/jpeg\",\"filesize\":194238},\"full\":{\"file\":\"SHF_eb00063549-1920x1079.jpg\",\"width\":1920,\"height\":1079,\"mime-type\":\"image\\\/jpeg\",\"filesize\":370489},\"1536x1536\":{\"file\":\"SHF_eb00063549-1536x863.jpg\",\"width\":1536,\"height\":863,\"mime-type\":\"image\\\/jpeg\",\"filesize\":260665},\"original\":{\"file\":\"SHF_eb00063549.jpg\",\"width\":2000,\"height\":1124}},\n\t\t\t\t\"alt\" : \"Historic fa\\u00e7ade of a building contrasts with modern architectural style, under a blue sky with clouds.\",\n\t\t\t\t\"path\" : \"\\\/wp-content\\\/uploads\\\/2021\\\/08\\\/\",\n\t\t\t\t\"video\" : null,\n\t\t\t\t\"autoplay\" : null,\n\t\t\t\t\"youtube\" : null,\n\t\t\t\t\"youtubelabel\" : \"Play video\",\n\t\t\t\t\"brightness\" : 100,\n\t\t\t\t\"crop\" : null,\n\t\t\t\t\"background\" : true,\n\t\t\t\t\"scale\" : 2\t\t\t\t}\n\t\t\t<\/script>\n\n\t\t\t<div class=\"height-container\" style=\"padding-bottom:56.2%;\" v-if=\"sizes\">\n\t\t\t\t\t\t\t\t<lazy-media :inline=\"true\" :alt=\"alt\" :sizes=\"sizes\" :scale=\"scale\" :brightness=\"brightness\" :path=\"path\" :video=\"video\" :autoplay=\"autoplay\" :youtube=\"youtube\" :crop=\"crop\" :youtubelabel=\"youtubelabel\" :background=\"background\" media-id=\"desc_media_69ee4cb7d8181\"><\/lazy-media>\n\t\t\t\t\t\t\t<\/div>\n\n\t\t\t\t\t\t\t<figcaption class=\"sr-only\" ref=\"body\" id=\"desc_media_69ee4cb7d8181\">\n\t\t\t\t\t\t\t\t\t\t\t<div>Humboldt Forum &#8211; Schl&uuml;ter Courtyard, Gallery, Facade 05<\/div>\n\t\t\t\t\t\t\t\t\t\t\t\t\t\t\t\t\t\t\t\t\t<div class=\"insignificant\">\u00a9 Stiftung Humboldt Forum im Berliner Schloss \/ Stephan Falk<\/div>\n\t\t\t\t\t\t\t\t\t<\/figcaption>\n\t\t\t\t\t<\/figure>\n\t<\/lazy-media-inline>\n\t\t\t\t<\/div>\n\t\t\t<\/div>\n\t\t\t<div class=\"col-xs-12 teaser-event-text Infos\">\n\t\t\t\t<div class=\"teaser-event-standard-text\">\n\t\t\t\t\t<div class=\"margin-bottom-atom\">\n\t\t\t\t\t\t<div class=\"subline clamp-1\" v-html=\"maingenre\"><\/div>\n\t\t\t\t\t\t\t\t\t\t\t\t\t<div class=\"insignificant clamp-2\">History and Architecture of the Site<\/div>\n\t\t\t\t\t\t\t\t\t\t\t<\/div>\n\t\t\t\t\n\t\t\t\t\t<strong class=\"margin-bottom-atom\">Just a facade?<\/strong>\n\n\t\t\t\t\t\t\t\t\t\t\t<div class=\"\">Architecture Tour<\/div>\n\t\t\t\t\t\t\t\t\t<\/div>\n\t\t\t\t<div class=\"teaser-bottom border-bottom\">\n\t\t\t\t<calendardateline :rawitem='item' :show-icon=\"true\"><\/calendardateline>\n\t\t\t\t\t<hr>\n\t\t\t\t<\/div>\n\t\t\t<\/div>\n\t\t<\/div>\n\t<\/a>\n\t<\/calendarteaser>\n<\/li>\n\n<li class=\"teaser-lane-slide col-xs-9 col-sm-4 col-md-3 teaser-wrapper col-padding-remove\">\n\t<calendarteaser key=\"4881312303\" rawitem='{&quot;postId&quot;:48813,&quot;title&quot;:&quot;Just a facade?&quot;,&quot;excerpt&quot;:&quot;&quot;,&quot;slug&quot;:&quot;alles-fassade&quot;,&quot;post_date&quot;:&quot;2021-08-17T14:44&quot;,&quot;type&quot;:&quot;event&quot;,&quot;permalink&quot;:&quot;https:\\\/\\\/www.humboldtforum.org\\\/en\\\/programm\\\/termin\\\/guided-tour\\\/alles-fassade-48813\\\/&quot;,&quot;genre&quot;:[822],&quot;genre_details&quot;:[{&quot;text&quot;:&quot;Guided Tour&quot;,&quot;id&quot;:822,&quot;icon&quot;:null,&quot;parent&quot;:0}],&quot;topic&quot;:[590],&quot;topic_details&quot;:[{&quot;text&quot;:&quot;History and Architecture of the Site&quot;,&quot;id&quot;:590,&quot;icon&quot;:null,&quot;parent&quot;:0}],&quot;stakeholder&quot;:[595],&quot;stakeholder_details&quot;:[{&quot;text&quot;:&quot;Stiftung Humboldt Forum im Berliner Schloss&quot;,&quot;id&quot;:595,&quot;icon&quot;:null,&quot;parent&quot;:0}],&quot;targetgroup&quot;:[585,715],&quot;targetgroup_details&quot;:[{&quot;text&quot;:&quot;Adults&quot;,&quot;id&quot;:585,&quot;icon&quot;:null,&quot;parent&quot;:0},{&quot;text&quot;:&quot;Teenager&quot;,&quot;id&quot;:715,&quot;icon&quot;:null,&quot;parent&quot;:0}],&quot;language&quot;:[579],&quot;language_details&quot;:[{&quot;text&quot;:&quot;German&quot;,&quot;id&quot;:579,&quot;icon&quot;:null,&quot;parent&quot;:0}],&quot;accessability&quot;:[596],&quot;accessability_details&quot;:[{&quot;text&quot;:&quot;Accessible for wheelchairs&quot;,&quot;id&quot;:596,&quot;icon&quot;:null,&quot;parent&quot;:0}],&quot;groupsize&quot;:[1090],&quot;groupsize_details&quot;:[{&quot;text&quot;:&quot;max. 15 persons&quot;,&quot;id&quot;:1090,&quot;icon&quot;:null,&quot;parent&quot;:0}],&quot;icon_overwrite&quot;:&quot;&quot;,&quot;acf&quot;:{&quot;hashtag&quot;:&quot;HumboldtForum&quot;,&quot;times&quot;:[{&quot;start&quot;:&quot;20260508 17:00&quot;,&quot;end&quot;:&quot;18:00&quot;,&quot;status&quot;:&quot;BUY&quot;,&quot;info&quot;:&quot;Guided Tour in German - 9 EUR&quot;,&quot;shop&quot;:&quot;https:\\\/\\\/tickets.humboldtforum.org\\\/#\\\/product\\\/event\\\/6?date=2026-05-08&amp;date_id=28110&amp;lang=en&quot;,&quot;i&quot;:8,&quot;start_hour&quot;:&quot;05:00 pm&quot;,&quot;start_HRF&quot;:&quot;Fri,  8 May 2026&quot;,&quot;_date&quot;:{&quot;date&quot;:&quot;2026-05-08 18:00:00.000000&quot;,&quot;timezone_type&quot;:3,&quot;timezone&quot;:&quot;Europe\\\/Berlin&quot;},&quot;_fromdate&quot;:&quot;20260508 17:00&quot;,&quot;start_TS&quot;:1778252400,&quot;start_HRFSHORT&quot;:&quot;08\\\/05\\\/26&quot;,&quot;start_HRFSHORT_WD&quot;:&quot;Fri 08\\\/05\\\/2026&quot;,&quot;end_TS&quot;:1778256000,&quot;can_purchase&quot;:true},{&quot;start&quot;:&quot;20260515 17:00&quot;,&quot;end&quot;:&quot;18:00&quot;,&quot;status&quot;:&quot;BUY&quot;,&quot;info&quot;:&quot;Guided Tour in German - 9 EUR&quot;,&quot;shop&quot;:&quot;https:\\\/\\\/tickets.humboldtforum.org\\\/#\\\/product\\\/event\\\/6?date=2026-05-15&amp;date_id=28111&amp;lang=en&quot;,&quot;i&quot;:9,&quot;start_hour&quot;:&quot;05:00 pm&quot;,&quot;start_HRF&quot;:&quot;Fri, 15 May 2026&quot;,&quot;_date&quot;:{&quot;date&quot;:&quot;2026-05-15 18:00:00.000000&quot;,&quot;timezone_type&quot;:3,&quot;timezone&quot;:&quot;Europe\\\/Berlin&quot;},&quot;_fromdate&quot;:&quot;20260515 17:00&quot;,&quot;start_TS&quot;:1778857200,&quot;start_HRFSHORT&quot;:&quot;15\\\/05\\\/26&quot;,&quot;start_HRFSHORT_WD&quot;:&quot;Fri 15\\\/05\\\/2026&quot;,&quot;end_TS&quot;:1778860800,&quot;can_purchase&quot;:true},{&quot;start&quot;:&quot;20260522 17:00&quot;,&quot;end&quot;:&quot;18:00&quot;,&quot;status&quot;:&quot;BUY&quot;,&quot;info&quot;:&quot;Guided Tour in German - 9 EUR&quot;,&quot;shop&quot;:&quot;https:\\\/\\\/tickets.humboldtforum.org\\\/#\\\/product\\\/event\\\/6?date=2026-05-22&amp;date_id=28112&amp;lang=en&quot;,&quot;i&quot;:10,&quot;start_hour&quot;:&quot;05:00 pm&quot;,&quot;start_HRF&quot;:&quot;Fri, 22 May 2026&quot;,&quot;_date&quot;:{&quot;date&quot;:&quot;2026-05-22 18:00:00.000000&quot;,&quot;timezone_type&quot;:3,&quot;timezone&quot;:&quot;Europe\\\/Berlin&quot;},&quot;_fromdate&quot;:&quot;20260522 17:00&quot;,&quot;start_TS&quot;:1779462000,&quot;start_HRFSHORT&quot;:&quot;22\\\/05\\\/26&quot;,&quot;start_HRFSHORT_WD&quot;:&quot;Fri 22\\\/05\\\/2026&quot;,&quot;end_TS&quot;:1779465600,&quot;can_purchase&quot;:true},{&quot;start&quot;:&quot;20260529 17:00&quot;,&quot;end&quot;:&quot;18:00&quot;,&quot;status&quot;:&quot;BUY&quot;,&quot;info&quot;:&quot;Guided Tour in German - 9 EUR&quot;,&quot;shop&quot;:&quot;https:\\\/\\\/tickets.humboldtforum.org\\\/#\\\/product\\\/event\\\/6?date=2026-05-29&amp;date_id=28113&amp;lang=en&quot;,&quot;i&quot;:11,&quot;start_hour&quot;:&quot;05:00 pm&quot;,&quot;start_HRF&quot;:&quot;Fri, 29 May 2026&quot;,&quot;_date&quot;:{&quot;date&quot;:&quot;2026-05-29 18:00:00.000000&quot;,&quot;timezone_type&quot;:3,&quot;timezone&quot;:&quot;Europe\\\/Berlin&quot;},&quot;_fromdate&quot;:&quot;20260529 17:00&quot;,&quot;start_TS&quot;:1780066800,&quot;start_HRFSHORT&quot;:&quot;29\\\/05\\\/26&quot;,&quot;start_HRFSHORT_WD&quot;:&quot;Fri 29\\\/05\\\/2026&quot;,&quot;end_TS&quot;:1780070400,&quot;can_purchase&quot;:true}],&quot;planning&quot;:{&quot;price&quot;:&quot;9 EUR&quot;,&quot;admission&quot;:&quot;&quot;,&quot;pause&quot;:&quot;&quot;,&quot;duration&quot;:&quot;60&quot;},&quot;subline&quot;:&quot;Architecture Tour&quot;,&quot;additional_info&quot;:{&quot;icon&quot;:&quot;icon-uhr&quot;,&quot;text&quot;:&quot;Dates and ticket booking for the coming month are released at the end of the previous month.&quot;},&quot;highlight_header&quot;:false,&quot;featured_images&quot;:[154933],&quot;use_video_in_teasers&quot;:false,&quot;hyphenation&quot;:true,&quot;tipp&quot;:false,&quot;joker&quot;:false,&quot;live&quot;:false,&quot;hide_event_in_program&quot;:false,&quot;alert_text&quot;:&quot;DE&quot;,&quot;noindex&quot;:false,&quot;keywords&quot;:&quot;&quot;,&quot;shorturl&quot;:&quot;&quot;,&quot;belongsto&quot;:false,&quot;hm_id&quot;:&quot;&quot;,&quot;gomus_id&quot;:&quot;&quot;,&quot;tickettext&quot;:&quot;Book your ticket in advance online or at the box office in the Foyer.&quot;},&quot;date&quot;:{&quot;NX&quot;:&quot;20260508&quot;,&quot;NXX&quot;:&quot;202605081700&quot;,&quot;NLAST&quot;:&quot;202605291400&quot;,&quot;from_DATE&quot;:&quot;20260306 17:00&quot;,&quot;from&quot;:1772809200,&quot;to&quot;:1780063200,&quot;to_DATE&quot;:&quot;20260529 17:00&quot;,&quot;from_HRFSHORT&quot;:&quot; 6 Mar 2026&quot;,&quot;from_HRFSHORT_WD&quot;:&quot;Fri 06\\\/03\\\/2026&quot;,&quot;to_HRFSHORT&quot;:&quot;29 May 2026&quot;,&quot;to_HRFSHORT_WD&quot;:&quot;Fri 29\\\/05\\\/2026&quot;,&quot;from_HRF&quot;:&quot;Fri,  6 March 2026&quot;,&quot;to_HRF&quot;:&quot;Fri, 29 May 2026&quot;,&quot;from_to_HRF&quot;:&quot;Fri,  6 March \\u2013 Fri, 29 May 2026&quot;,&quot;from_to_HRFSHORT&quot;:&quot; 6 Mar \\u2013 29 May 2026&quot;},&quot;alert&quot;:&quot;DE&quot;,&quot;partof&quot;:[],&quot;marketing_topic&quot;:{&quot;title&quot;:&quot;History and Architecture of the Site&quot;,&quot;0&quot;:&quot;topic&quot;}}' inline-template>\n\t<a href=\"https:\/\/www.humboldtforum.org\/en\/programm\/termin\/guided-tour\/alles-fassade-48813\/\" class=\"teaser teaser-event teaser-event-standard\">\n\t\t<div class=\"row\">\n\t\t\t<div class=\"col-xs-12 teaser-event-image\">\n\t\t\t\t<div class=\"teaser-image teaser-image-no-alternate\">\n\t\t\t\t\t\t\t\t\t\t\t\t\t<span class=\"alert\">DE<\/span>\n\t\t\t\t\t\t\t\t\t\t\t\n\t<lazy-media-inline inline-template>\n\t\t<figure itemscope itemtype=\"http:\/\/schema.org\/ImageObject\" class=\"lazy-media-inline \" role=\"group\" id=\"media_69ee4cb7d96fc\" aria-labelledby=\"desc_media_69ee4cb7d96fc\">\n\t\t\t<script type=\"application\/json\" ref=\"data\">\n\t\t\t\t{\n\t\t\t\t\"sizes\" : {\"medium\":{\"file\":\"SHF_eb00063549-300x169.jpg\",\"width\":300,\"height\":169,\"mime-type\":\"image\\\/jpeg\",\"filesize\":16412},\"large\":{\"file\":\"SHF_eb00063549-1024x575.jpg\",\"width\":1024,\"height\":575,\"mime-type\":\"image\\\/jpeg\",\"filesize\":134208},\"thumbnail\":{\"file\":\"SHF_eb00063549-150x150.jpg\",\"width\":150,\"height\":150,\"mime-type\":\"image\\\/jpeg\",\"filesize\":7882},\"medium_large\":{\"file\":\"SHF_eb00063549-768x432.jpg\",\"width\":768,\"height\":432,\"mime-type\":\"image\\\/jpeg\",\"filesize\":81902},\"small\":{\"file\":\"SHF_eb00063549-440x247.jpg\",\"width\":440,\"height\":247,\"mime-type\":\"image\\\/jpeg\",\"filesize\":31494},\"semi\":{\"file\":\"SHF_eb00063549-580x326.jpg\",\"width\":580,\"height\":326,\"mime-type\":\"image\\\/jpeg\",\"filesize\":51788},\"mobile\":{\"file\":\"SHF_eb00063549-720x405.jpg\",\"width\":720,\"height\":405,\"mime-type\":\"image\\\/jpeg\",\"filesize\":73409},\"hd\":{\"file\":\"SHF_eb00063549-1280x719.jpg\",\"width\":1280,\"height\":719,\"mime-type\":\"image\\\/jpeg\",\"filesize\":194238},\"full\":{\"file\":\"SHF_eb00063549-1920x1079.jpg\",\"width\":1920,\"height\":1079,\"mime-type\":\"image\\\/jpeg\",\"filesize\":370489},\"1536x1536\":{\"file\":\"SHF_eb00063549-1536x863.jpg\",\"width\":1536,\"height\":863,\"mime-type\":\"image\\\/jpeg\",\"filesize\":260665},\"original\":{\"file\":\"SHF_eb00063549.jpg\",\"width\":2000,\"height\":1124}},\n\t\t\t\t\"alt\" : \"Historic fa\\u00e7ade of a building contrasts with modern architectural style, under a blue sky with clouds.\",\n\t\t\t\t\"path\" : \"\\\/wp-content\\\/uploads\\\/2021\\\/08\\\/\",\n\t\t\t\t\"video\" : null,\n\t\t\t\t\"autoplay\" : null,\n\t\t\t\t\"youtube\" : null,\n\t\t\t\t\"youtubelabel\" : \"Play video\",\n\t\t\t\t\"brightness\" : 100,\n\t\t\t\t\"crop\" : null,\n\t\t\t\t\"background\" : true,\n\t\t\t\t\"scale\" : 2\t\t\t\t}\n\t\t\t<\/script>\n\n\t\t\t<div class=\"height-container\" style=\"padding-bottom:56.2%;\" v-if=\"sizes\">\n\t\t\t\t\t\t\t\t<lazy-media :inline=\"true\" :alt=\"alt\" :sizes=\"sizes\" :scale=\"scale\" :brightness=\"brightness\" :path=\"path\" :video=\"video\" :autoplay=\"autoplay\" :youtube=\"youtube\" :crop=\"crop\" :youtubelabel=\"youtubelabel\" :background=\"background\" media-id=\"desc_media_69ee4cb7d96fc\"><\/lazy-media>\n\t\t\t\t\t\t\t<\/div>\n\n\t\t\t\t\t\t\t<figcaption class=\"sr-only\" ref=\"body\" id=\"desc_media_69ee4cb7d96fc\">\n\t\t\t\t\t\t\t\t\t\t\t<div>Humboldt Forum &#8211; Schl&uuml;ter Courtyard, Gallery, Facade 05<\/div>\n\t\t\t\t\t\t\t\t\t\t\t\t\t\t\t\t\t\t\t\t\t<div class=\"insignificant\">\u00a9 Stiftung Humboldt Forum im Berliner Schloss \/ Stephan Falk<\/div>\n\t\t\t\t\t\t\t\t\t<\/figcaption>\n\t\t\t\t\t<\/figure>\n\t<\/lazy-media-inline>\n\t\t\t\t<\/div>\n\t\t\t<\/div>\n\t\t\t<div class=\"col-xs-12 teaser-event-text Infos\">\n\t\t\t\t<div class=\"teaser-event-standard-text\">\n\t\t\t\t\t<div class=\"margin-bottom-atom\">\n\t\t\t\t\t\t<div class=\"subline clamp-1\" v-html=\"maingenre\"><\/div>\n\t\t\t\t\t\t\t\t\t\t\t\t\t<div class=\"insignificant clamp-2\">History and Architecture of the Site<\/div>\n\t\t\t\t\t\t\t\t\t\t\t<\/div>\n\t\t\t\t\n\t\t\t\t\t<strong class=\"margin-bottom-atom\">Just a facade?<\/strong>\n\n\t\t\t\t\t\t\t\t\t\t\t<div class=\"\">Architecture Tour<\/div>\n\t\t\t\t\t\t\t\t\t<\/div>\n\t\t\t\t<div class=\"teaser-bottom border-bottom\">\n\t\t\t\t<calendardateline :rawitem='item' :show-icon=\"true\"><\/calendardateline>\n\t\t\t\t\t<hr>\n\t\t\t\t<\/div>\n\t\t\t<\/div>\n\t\t<\/div>\n\t<\/a>\n\t<\/calendarteaser>\n<\/li>\n\n<li class=\"teaser-lane-slide col-xs-9 col-sm-4 col-md-3 teaser-wrapper col-padding-remove\">\n\t<calendarteaser key=\"3851517373\" rawitem='{&quot;postId&quot;:38515,&quot;title&quot;:&quot;Forum or Palace?&quot;,&quot;excerpt&quot;:&quot;&quot;,&quot;slug&quot;:&quot;forum-oder-schloss&quot;,&quot;post_date&quot;:&quot;2021-08-18T08:54&quot;,&quot;type&quot;:&quot;event&quot;,&quot;permalink&quot;:&quot;https:\\\/\\\/www.humboldtforum.org\\\/en\\\/programm\\\/termin\\\/guided-tour\\\/forum-oder-schloss-38515\\\/&quot;,&quot;genre&quot;:[822],&quot;genre_details&quot;:[{&quot;text&quot;:&quot;Guided Tour&quot;,&quot;id&quot;:822,&quot;icon&quot;:null,&quot;parent&quot;:0}],&quot;topic&quot;:[590],&quot;topic_details&quot;:[{&quot;text&quot;:&quot;History and Architecture of the Site&quot;,&quot;id&quot;:590,&quot;icon&quot;:null,&quot;parent&quot;:0}],&quot;stakeholder&quot;:[595],&quot;stakeholder_details&quot;:[{&quot;text&quot;:&quot;Stiftung Humboldt Forum im Berliner Schloss&quot;,&quot;id&quot;:595,&quot;icon&quot;:null,&quot;parent&quot;:0}],&quot;targetgroup&quot;:[714],&quot;targetgroup_details&quot;:[{&quot;text&quot;:&quot;Children and families&quot;,&quot;id&quot;:714,&quot;icon&quot;:null,&quot;parent&quot;:0}],&quot;language&quot;:[579],&quot;language_details&quot;:[{&quot;text&quot;:&quot;German&quot;,&quot;id&quot;:579,&quot;icon&quot;:null,&quot;parent&quot;:0}],&quot;accessability&quot;:[596],&quot;accessability_details&quot;:[{&quot;text&quot;:&quot;Accessible for wheelchairs&quot;,&quot;id&quot;:596,&quot;icon&quot;:null,&quot;parent&quot;:0}],&quot;groupsize&quot;:[1091],&quot;groupsize_details&quot;:[{&quot;text&quot;:&quot;max. 20 persons&quot;,&quot;id&quot;:1091,&quot;icon&quot;:null,&quot;parent&quot;:0}],&quot;icon_overwrite&quot;:&quot;&quot;,&quot;acf&quot;:{&quot;hashtag&quot;:&quot;HumboldtForum&quot;,&quot;keywords&quot;:&quot;&quot;,&quot;planning&quot;:{&quot;price&quot;:&quot;5 EUR per Person&quot;,&quot;admission&quot;:&quot;&quot;,&quot;pause&quot;:&quot;&quot;,&quot;duration&quot;:&quot;60&quot;},&quot;tickettext&quot;:&quot;Please book your ticket in advance online or at the box office in the foyer.&quot;,&quot;use_video_in_teasers&quot;:false,&quot;hide_event_in_program&quot;:false,&quot;noindex&quot;:false,&quot;belongsto&quot;:false,&quot;shorturl&quot;:&quot;&quot;,&quot;times&quot;:[{&quot;start&quot;:&quot;20260509 11:30&quot;,&quot;end&quot;:&quot;12:30&quot;,&quot;status&quot;:&quot;BUY&quot;,&quot;info&quot;:&quot;Guided Tour in German - 5 EUR&quot;,&quot;shop&quot;:&quot;https:\\\/\\\/tickets.humboldtforum.org\\\/#\\\/product\\\/event\\\/24?date=2026-05-09&amp;date_id=28125&amp;lang=en&quot;,&quot;i&quot;:4,&quot;start_hour&quot;:&quot;11:30 am&quot;,&quot;start_HRF&quot;:&quot;Sat,  9 May 2026&quot;,&quot;_date&quot;:{&quot;date&quot;:&quot;2026-05-09 12:30:00.000000&quot;,&quot;timezone_type&quot;:3,&quot;timezone&quot;:&quot;Europe\\\/Berlin&quot;},&quot;_fromdate&quot;:&quot;20260509 11:30&quot;,&quot;start_TS&quot;:1778319000,&quot;start_HRFSHORT&quot;:&quot;09\\\/05\\\/26&quot;,&quot;start_HRFSHORT_WD&quot;:&quot;Sat 09\\\/05\\\/2026&quot;,&quot;end_TS&quot;:1778322600,&quot;can_purchase&quot;:true},{&quot;start&quot;:&quot;20260517 14:00&quot;,&quot;end&quot;:&quot;15:00&quot;,&quot;status&quot;:&quot;BUY&quot;,&quot;info&quot;:&quot;Guided Tour in German - 5 EUR&quot;,&quot;shop&quot;:&quot;https:\\\/\\\/tickets.humboldtforum.org\\\/#\\\/product\\\/event\\\/24?date=2026-05-17&amp;date_id=28126&amp;lang=en&quot;,&quot;i&quot;:5,&quot;start_hour&quot;:&quot;02:00 pm&quot;,&quot;start_HRF&quot;:&quot;Sun, 17 May 2026&quot;,&quot;_date&quot;:{&quot;date&quot;:&quot;2026-05-17 15:00:00.000000&quot;,&quot;timezone_type&quot;:3,&quot;timezone&quot;:&quot;Europe\\\/Berlin&quot;},&quot;_fromdate&quot;:&quot;20260517 14:00&quot;,&quot;start_TS&quot;:1779019200,&quot;start_HRFSHORT&quot;:&quot;17\\\/05\\\/26&quot;,&quot;start_HRFSHORT_WD&quot;:&quot;Sun 17\\\/05\\\/2026&quot;,&quot;end_TS&quot;:1779022800,&quot;can_purchase&quot;:true}],&quot;subline&quot;:&quot;Family guided tour&quot;,&quot;additional_info&quot;:{&quot;icon&quot;:&quot;icon-uhr&quot;,&quot;text&quot;:&quot;Dates and ticket booking for the coming month are activated at the end of the previous month.&quot;},&quot;highlight_header&quot;:false,&quot;featured_images&quot;:[38527],&quot;hyphenation&quot;:true,&quot;tipp&quot;:false,&quot;joker&quot;:true,&quot;live&quot;:false,&quot;alert_text&quot;:&quot;DE&quot;,&quot;hm_id&quot;:&quot;&quot;,&quot;gomus_id&quot;:&quot;&quot;},&quot;date&quot;:{&quot;NX&quot;:&quot;20260509&quot;,&quot;NXX&quot;:&quot;202605091130&quot;,&quot;NLAST&quot;:&quot;202605171100&quot;,&quot;from_DATE&quot;:&quot;20260314 11:30&quot;,&quot;from&quot;:1773480600,&quot;to&quot;:1779015600,&quot;to_DATE&quot;:&quot;20260517 14:00&quot;,&quot;from_HRFSHORT&quot;:&quot;14 Mar 2026&quot;,&quot;from_HRFSHORT_WD&quot;:&quot;Sat 14\\\/03\\\/2026&quot;,&quot;to_HRFSHORT&quot;:&quot;17 May 2026&quot;,&quot;to_HRFSHORT_WD&quot;:&quot;Sun 17\\\/05\\\/2026&quot;,&quot;from_HRF&quot;:&quot;Sat, 14 March 2026&quot;,&quot;to_HRF&quot;:&quot;Sun, 17 May 2026&quot;,&quot;from_to_HRF&quot;:&quot;Sat, 14 March \\u2013 Sun, 17 May 2026&quot;,&quot;from_to_HRFSHORT&quot;:&quot;14 Mar \\u2013 17 May 2026&quot;},&quot;alert&quot;:&quot;DE&quot;,&quot;partof&quot;:[],&quot;marketing_topic&quot;:{&quot;title&quot;:&quot;History and Architecture of the Site&quot;,&quot;0&quot;:&quot;topic&quot;}}' inline-template>\n\t<a href=\"https:\/\/www.humboldtforum.org\/en\/programm\/termin\/guided-tour\/forum-oder-schloss-38515\/\" class=\"teaser teaser-event teaser-event-standard\">\n\t\t<div class=\"row\">\n\t\t\t<div class=\"col-xs-12 teaser-event-image\">\n\t\t\t\t<div class=\"teaser-image teaser-image-no-alternate\">\n\t\t\t\t\t\t\t\t\t\t\t\t\t<span class=\"alert\">DE<\/span>\n\t\t\t\t\t\t\t\t\t\t\t\n\t<lazy-media-inline inline-template>\n\t\t<figure itemscope itemtype=\"http:\/\/schema.org\/ImageObject\" class=\"lazy-media-inline \" role=\"group\" id=\"media_69ee4cb7db2cc\" aria-labelledby=\"desc_media_69ee4cb7db2cc\">\n\t\t\t<script type=\"application\/json\" ref=\"data\">\n\t\t\t\t{\n\t\t\t\t\"sizes\" : {\"medium\":{\"file\":\"SHF_eb00104448-225x300.jpg\",\"width\":225,\"height\":300,\"mime-type\":\"image\\\/jpeg\"},\"large\":{\"file\":\"SHF_eb00104448-769x1024.jpg\",\"width\":769,\"height\":1024,\"mime-type\":\"image\\\/jpeg\"},\"thumbnail\":{\"file\":\"SHF_eb00104448-150x150.jpg\",\"width\":150,\"height\":150,\"mime-type\":\"image\\\/jpeg\"},\"medium_large\":{\"file\":\"SHF_eb00104448-768x1023.jpg\",\"width\":768,\"height\":1023,\"mime-type\":\"image\\\/jpeg\"},\"small\":{\"file\":\"SHF_eb00104448-330x440.jpg\",\"width\":330,\"height\":440,\"mime-type\":\"image\\\/jpeg\"},\"semi\":{\"file\":\"SHF_eb00104448-435x580.jpg\",\"width\":435,\"height\":580,\"mime-type\":\"image\\\/jpeg\"},\"mobile\":{\"file\":\"SHF_eb00104448-540x720.jpg\",\"width\":540,\"height\":720,\"mime-type\":\"image\\\/jpeg\"},\"hd\":{\"file\":\"SHF_eb00104448-961x1280.jpg\",\"width\":961,\"height\":1280,\"mime-type\":\"image\\\/jpeg\"},\"full\":{\"file\":\"SHF_eb00104448-1441x1920.jpg\",\"width\":1441,\"height\":1920,\"mime-type\":\"image\\\/jpeg\"},\"1536x1536\":{\"file\":\"SHF_eb00104448-1153x1536.jpg\",\"width\":1153,\"height\":1536,\"mime-type\":\"image\\\/jpeg\"},\"original\":{\"file\":\"SHF_eb00104448.jpg\",\"width\":1537,\"height\":2048}},\n\t\t\t\t\"alt\" : \"Modern and historical architecture by a body of water, featuring concrete and brick facades and a small tree in the foreground.\",\n\t\t\t\t\"path\" : \"\\\/wp-content\\\/uploads\\\/2021\\\/08\\\/\",\n\t\t\t\t\"video\" : null,\n\t\t\t\t\"autoplay\" : null,\n\t\t\t\t\"youtube\" : null,\n\t\t\t\t\"youtubelabel\" : \"Play video\",\n\t\t\t\t\"brightness\" : 100,\n\t\t\t\t\"crop\" : {\"top\":\"50.00\",\"left\":\"50.00\"},\n\t\t\t\t\"background\" : true,\n\t\t\t\t\"scale\" : 2\t\t\t\t}\n\t\t\t<\/script>\n\n\t\t\t<div class=\"height-container\" style=\"padding-bottom:133.24658425504%;\" v-if=\"sizes\">\n\t\t\t\t\t\t\t\t<lazy-media :inline=\"true\" :alt=\"alt\" :sizes=\"sizes\" :scale=\"scale\" :brightness=\"brightness\" :path=\"path\" :video=\"video\" :autoplay=\"autoplay\" :youtube=\"youtube\" :crop=\"crop\" :youtubelabel=\"youtubelabel\" :background=\"background\" media-id=\"desc_media_69ee4cb7db2cc\"><\/lazy-media>\n\t\t\t\t\t\t\t<\/div>\n\n\t\t\t\t\t\t\t<figcaption class=\"sr-only\" ref=\"body\" id=\"desc_media_69ee4cb7db2cc\">\n\t\t\t\t\t\t\t\t\t\t\t\t\t\t\t\t<div>Blick auf die Ostfassade und das Eckrondell, Treppen- und Rampenanlage <\/div>\n\t\t\t\t\t\t\t\t\t\t\t\t\t\t\t\t<div class=\"insignificant\">\u00a9 Stiftung Humboldt Forum im Berliner Schloss \/ Foto: Alexander Schippel<\/div>\n\t\t\t\t\t\t\t\t\t<\/figcaption>\n\t\t\t\t\t<\/figure>\n\t<\/lazy-media-inline>\n\t\t\t\t<\/div>\n\t\t\t<\/div>\n\t\t\t<div class=\"col-xs-12 teaser-event-text Infos\">\n\t\t\t\t<div class=\"teaser-event-standard-text\">\n\t\t\t\t\t<div class=\"margin-bottom-atom\">\n\t\t\t\t\t\t<div class=\"subline clamp-1\" v-html=\"maingenre\"><\/div>\n\t\t\t\t\t\t\t\t\t\t\t\t\t<div class=\"insignificant clamp-2\">History and Architecture of the Site<\/div>\n\t\t\t\t\t\t\t\t\t\t\t<\/div>\n\t\t\t\t\n\t\t\t\t\t<strong class=\"margin-bottom-atom\">Forum or Palace?<\/strong>\n\n\t\t\t\t\t\t\t\t\t\t\t<div class=\"\">Family guided tour<\/div>\n\t\t\t\t\t\t\t\t\t<\/div>\n\t\t\t\t<div class=\"teaser-bottom border-bottom\">\n\t\t\t\t<calendardateline :rawitem='item' :show-icon=\"true\"><\/calendardateline>\n\t\t\t\t\t<hr>\n\t\t\t\t<\/div>\n\t\t\t<\/div>\n\t\t<\/div>\n\t<\/a>\n\t<\/calendarteaser>\n<\/li>\n\n\t\t\t\t\t\t<\/ul>\n\t\t\t\t\t<\/div>\n\t\t\t\t<\/div>\n\t\t\t<\/teaser-lane-with-buttons>\n\t\t\t\t<\/lazy-component>\n<\/section>\n\n","protected":false},"template":"","genre":[552],"digital":[],"topic":[590],"stakeholder":[595],"editorial":[1358,614,1359,615],"editorialfilter":[],"targetgroup":[585],"language":[580,579],"accessability":[596],"age":[],"school":[],"groupsize":[],"place":[608],"class_list":["post-16445","event-permanent","type-event-permanent","status-publish","has-post-thumbnail","hentry","genre-exhibition","topic-history-and-architecture-of-the-site","stakeholder-stiftung-humboldt-forum-im-berliner-schloss-en","editorial-colossal","editorial-historic","editorial-historical","editorial-original-en","targetgroup-adults","language-english","language-german","accessability-accessible-for-wheelchairs","place-gf-sculpture-hall"],"acf":[],"_links":{"self":[{"href":"https:\/\/www.humboldtforum.org\/en\/wp-json\/wp\/v2\/event-permanent\/16445","targetHints":{"allow":["GET"]}}],"collection":[{"href":"https:\/\/www.humboldtforum.org\/en\/wp-json\/wp\/v2\/event-permanent"}],"about":[{"href":"https:\/\/www.humboldtforum.org\/en\/wp-json\/wp\/v2\/types\/event-permanent"}],"version-history":[{"count":5,"href":"https:\/\/www.humboldtforum.org\/en\/wp-json\/wp\/v2\/event-permanent\/16445\/revisions"}],"predecessor-version":[{"id":74242,"href":"https:\/\/www.humboldtforum.org\/en\/wp-json\/wp\/v2\/event-permanent\/16445\/revisions\/74242"}],"wp:featuredmedia":[{"embeddable":true,"href":"https:\/\/www.humboldtforum.org\/en\/wp-json\/wp\/v2\/media\/14090"}],"wp:attachment":[{"href":"https:\/\/www.humboldtforum.org\/en\/wp-json\/wp\/v2\/media?parent=16445"}],"wp:term":[{"taxonomy":"genre","embeddable":true,"href":"https:\/\/www.humboldtforum.org\/en\/wp-json\/wp\/v2\/genre?post=16445"},{"taxonomy":"digital","embeddable":true,"href":"https:\/\/www.humboldtforum.org\/en\/wp-json\/wp\/v2\/digital?post=16445"},{"taxonomy":"topic","embeddable":true,"href":"https:\/\/www.humboldtforum.org\/en\/wp-json\/wp\/v2\/topic?post=16445"},{"taxonomy":"stakeholder","embeddable":true,"href":"https:\/\/www.humboldtforum.org\/en\/wp-json\/wp\/v2\/stakeholder?post=16445"},{"taxonomy":"editorial","embeddable":true,"href":"https:\/\/www.humboldtforum.org\/en\/wp-json\/wp\/v2\/editorial?post=16445"},{"taxonomy":"editorialfilter","embeddable":true,"href":"https:\/\/www.humboldtforum.org\/en\/wp-json\/wp\/v2\/editorialfilter?post=16445"},{"taxonomy":"targetgroup","embeddable":true,"href":"https:\/\/www.humboldtforum.org\/en\/wp-json\/wp\/v2\/targetgroup?post=16445"},{"taxonomy":"language","embeddable":true,"href":"https:\/\/www.humboldtforum.org\/en\/wp-json\/wp\/v2\/language?post=16445"},{"taxonomy":"accessability","embeddable":true,"href":"https:\/\/www.humboldtforum.org\/en\/wp-json\/wp\/v2\/accessability?post=16445"},{"taxonomy":"age","embeddable":true,"href":"https:\/\/www.humboldtforum.org\/en\/wp-json\/wp\/v2\/age?post=16445"},{"taxonomy":"school","embeddable":true,"href":"https:\/\/www.humboldtforum.org\/en\/wp-json\/wp\/v2\/school?post=16445"},{"taxonomy":"groupsize","embeddable":true,"href":"https:\/\/www.humboldtforum.org\/en\/wp-json\/wp\/v2\/groupsize?post=16445"},{"taxonomy":"place","embeddable":true,"href":"https:\/\/www.humboldtforum.org\/en\/wp-json\/wp\/v2\/place?post=16445"}],"curies":[{"name":"wp","href":"https:\/\/api.w.org\/{rel}","templated":true}]}}