{"id":32405,"date":"2021-09-16T14:31:28","date_gmt":"2021-09-16T12:31:28","guid":{"rendered":"https:\/\/www.humboldtforum.org\/programm\/event-reihe\/other-en\/bilderbuchkino-32405\/"},"modified":"2026-03-25T15:46:09","modified_gmt":"2026-03-25T14:46:09","slug":"bilderbuchkino","status":"publish","type":"event-sequence","link":"https:\/\/www.humboldtforum.org\/en\/programm\/event-reihe\/reading\/bilderbuchkino-32405\/","title":{"rendered":"Picture Book Cinema"},"content":{"rendered":"<section class=\"block block-copy\" >\n    <div class=\"container-fluid\">\n\t\t<div class=\"row \">\n            <div class=\"col-xs-12 col-md-offset-2 col-md-8\">\n                <div class=\"box\">\n                    <div class=\"copy\"><p><span class=\"anleser\" style=\"font-weight: bolder;\">Can you plant a whole forest? Could you put out a forest fire alone? What happens if you have a snake as your best friend? What if a rat stands on the mat, and refuses to go away? <\/span><\/p>\n<p>All these questions and more will be answered in the picture-book cinema. Every weekend, different picture-books will be read out by actors, as well as projected onto a screen. Suitable for children 3+ and their families. We ask for your understanding: adults are only permitted to take part in the programme if accompanied by children.<\/p>\n<p>&nbsp;<\/p>\n<\/div>\n                <\/div>\n            <\/div>\n\t\t<\/div>\n\t\t    <\/div>\n<\/section>\n\n<section class=\"block block-headline block-no-margin \" >\n\t<div class=\"container-fluid\">\n\t\t<div class=\"row\">\n\t\t\t\t\t\t\t<div class=\"col-xs-12 col-md-offset-2 col-md-8\">\n\t\t\t\t\t<div class=\"box\">\n\t\t\t\t\t\t<h2 class=\".h4\">The actors<\/h2>\n\t\t\t\t\t<\/div>\n\t\t\t\t<\/div>\n\t\t\t\t\t<\/div>\n\t<\/div>\n<\/section>\n\n\n\n\n\n<section class=\"block block-accordion\">\n\t<div class=\"container-fluid\">\n\t\t<div class=\"row\">\n\t\t\t<div class=\"col-xs-12 col-md-offset-2 col-md-8\">\n\t\t\t\t<div class=\"box\">\n\t\t\t\t\t\t\t\t\t\t\t<block-accordion inline-template>\n\t\t\t\t\t\t\t<div class=\"accordion\">\n\t\t\t\t\t\t\t\t\t\t\t\t\t\t\t<block-accordion-item inline-template item-headline=\"Joyce Ferse\">\n\t\t\t\t\t\t\t\t<div ref=\"item\" data-id=\"JoyceFerse\" class=\"block-accordion-item vue-initialize\" aria-expanded=\"false\" :aria-expanded=\"active ? 'true' : 'false'\">\n\t\t\t\t\t\t\t\t\t<button class=\"accordion-button-with-icon block-accordion-item-head\" :class=\"{'button-active': active}\" ref=\"head\" aria-controls=\"acc_69ee02e155183\" id=\"acc_title_69ee02e155185\" @click=\"toggle\" @keydown=\"key\">\n\t\t\t\t\t\t\t\t\t<div><span class=\"button-label\">Joyce Ferse<\/span><\/div><span class=\"button-icon icon-plus\" aria-hidden=\"true\"><\/span>\n\t\t\t\t\t\t\t\t<\/button>\n\t\t\t\t\t\t\t\t\t<div ref=\"body\" class=\"block-accordion-item-content\" id=\"acc_69ee02e155183\" role=\"region\">\n\t\t\t\t\t\t\t\t\t\t<div class=\"wrapper copy\">\n\t\t\t\t\t\t\t\t\t\t\t<p>Joyce Ferse was born and grew up in Berlin Spandau. She studied Comparative Literature and Arts at the University of Potsdam and currently works as a freelance performer in Berlin and as a curator for the Stadtheater Spandau. She is also an audio descriptor for theater and opera productions. Most recently, she recorded the audio description for the production \u201cPython perfume and chocolates from Pirgendwo\u201d at the Theater an der Parkaue.<\/p>\n<p>In 2021, she performed in the open-air productions 12 ST\u00dcHLE by Carlos Manuel, DIE STANDPAUKE by Mathias Hinke and also realized the audio walk SPANDOVIA MAGICA for the Altstadt Spandau. In 2019 she was a performer in the live theater game PATROL by the media theater collective machina eX at HAU. She has been a bit player at the Komische Oper Berlin since 2015 and a member of the jugendtheaterwerkstatt spandau e.V. ensemble since 2018.<\/p>\n\n\t\t\t\t\t\t\t\t\t\t\t\t\t\t\t\t\t\t\t\t\t\t\t\t\t\t\t\t\t\t\t\t\t\n\t\t\t\t\t\t\t\t\t\t\t<div class=\"row\">\n\t\t\t\t\t\t\t\t\t\t\t\t<div class=\"col-xs-9 col-md-9\">\n\t\t\t\t\t\t\t\t\t\t\t\t\t<div class=\"box\">\n\t\t\t\t\t\t\t\t\t\t\t\t\t\t\t\t\t\t\t\t\t\t\t\t\t\t\t<\/div>\n\t\t\t\t\t\t\t\t\t\t\t\t<\/div>\n\t\t\t\t\t\t\t\t\t\t\t<\/div>\n\n\t\t\t\t\t\t\t\t\t\t\t\t\t\t\t\t\t\t\t\t\t<\/div>\n\t\t\t\t\t\t\t\t\t<\/div>\n\t\t\t\t\t\t\t\t<\/div>\n\t\t\t\t\t\t\t\t<\/block-accordion-item>\n\t\t\t\t\t\t\t\t\t\t\t\t\t\t<block-accordion-item inline-template item-headline=\"Andrea Magogi F\u00f6rster\">\n\t\t\t\t\t\t\t\t<div ref=\"item\" data-id=\"AndreaMagogiFrster\" class=\"block-accordion-item vue-initialize\" aria-expanded=\"false\" :aria-expanded=\"active ? 'true' : 'false'\">\n\t\t\t\t\t\t\t\t\t<button class=\"accordion-button-with-icon block-accordion-item-head\" :class=\"{'button-active': active}\" ref=\"head\" aria-controls=\"acc_69ee02e1554a5\" id=\"acc_title_69ee02e1554a7\" @click=\"toggle\" @keydown=\"key\">\n\t\t\t\t\t\t\t\t\t<div><span class=\"button-label\">Andrea Magogi F\u00f6rster<\/span><\/div><span class=\"button-icon icon-plus\" aria-hidden=\"true\"><\/span>\n\t\t\t\t\t\t\t\t<\/button>\n\t\t\t\t\t\t\t\t\t<div ref=\"body\" class=\"block-accordion-item-content\" id=\"acc_69ee02e1554a5\" role=\"region\">\n\t\t\t\t\t\t\t\t\t\t<div class=\"wrapper copy\">\n\t\t\t\t\t\t\t\t\t\t\t<p>Andrea Magogi F\u00f6rster\u00a0was born in the Democratic Republic of Congo, then called Zaire, and has lived in Berlin since the age of nine. She has worked as an actress in various theatre and film projects. She also completed a Bachelor&#8217;s degree in Regional Studies Asia\/Africa with a focus on films and theatre from East Africa and East Asia as well as a Master&#8217;s degree in African Studies with a focus on African literatures and cultures.<\/p>\n\n\t\t\t\t\t\t\t\t\t\t\t\t\t\t\t\t\t\t\t\t\t\t\t\t\t\t\t\t\t\t\t\t\t\n\t\t\t\t\t\t\t\t\t\t\t<div class=\"row\">\n\t\t\t\t\t\t\t\t\t\t\t\t<div class=\"col-xs-9 col-md-9\">\n\t\t\t\t\t\t\t\t\t\t\t\t\t<div class=\"box\">\n\t\t\t\t\t\t\t\t\t\t\t\t\t\t\n\t<lazy-media-inline inline-template>\n\t\t<figure itemscope itemtype=\"http:\/\/schema.org\/ImageObject\" class=\"lazy-media-inline \" role=\"group\" id=\"media_69ee02e155aa6\" aria-labelledby=\"desc_media_69ee02e155aa6\">\n\t\t\t<script type=\"application\/json\" ref=\"data\">\n\t\t\t\t{\n\t\t\t\t\"sizes\" : {\"medium\":{\"file\":\"image-2023-12-18_10-33-9-134x300.jpg\",\"width\":134,\"height\":300,\"mime-type\":\"image\\\/jpeg\",\"filesize\":11474},\"large\":{\"file\":\"image-2023-12-18_10-33-9-459x1024.jpg\",\"width\":459,\"height\":1024,\"mime-type\":\"image\\\/jpeg\",\"filesize\":79947},\"thumbnail\":{\"file\":\"image-2023-12-18_10-33-9-150x150.jpg\",\"width\":150,\"height\":150,\"mime-type\":\"image\\\/jpeg\",\"filesize\":7095},\"medium_large\":{\"file\":\"image-2023-12-18_10-33-9-768x1715.jpg\",\"width\":768,\"height\":1715,\"mime-type\":\"image\\\/jpeg\",\"filesize\":169079},\"small\":{\"file\":\"image-2023-12-18_10-33-9-197x440.jpg\",\"width\":197,\"height\":440,\"mime-type\":\"image\\\/jpeg\",\"filesize\":20965},\"semi\":{\"file\":\"image-2023-12-18_10-33-9-260x580.jpg\",\"width\":260,\"height\":580,\"mime-type\":\"image\\\/jpeg\",\"filesize\":32936},\"mobile\":{\"file\":\"image-2023-12-18_10-33-9-322x720.jpg\",\"width\":322,\"height\":720,\"mime-type\":\"image\\\/jpeg\",\"filesize\":45885},\"hd\":{\"file\":\"image-2023-12-18_10-33-9-573x1280.jpg\",\"width\":573,\"height\":1280,\"mime-type\":\"image\\\/jpeg\",\"filesize\":112696},\"full\":{\"file\":\"image-2023-12-18_10-33-9-860x1920.jpg\",\"width\":860,\"height\":1920,\"mime-type\":\"image\\\/jpeg\",\"filesize\":200195},\"1536x1536\":{\"file\":\"image-2023-12-18_10-33-9-688x1536.jpg\",\"width\":688,\"height\":1536,\"mime-type\":\"image\\\/jpeg\",\"filesize\":144409},\"original\":{\"file\":\"image-2023-12-18_10-33-9.jpg\",\"width\":917,\"height\":2048}},\n\t\t\t\t\"alt\" : \"Smiling woman with long braided hair in a pink top sitting outside.\",\n\t\t\t\t\"path\" : \"\\\/wp-content\\\/uploads\\\/2021\\\/09\\\/\",\n\t\t\t\t\"video\" : null,\n\t\t\t\t\"autoplay\" : null,\n\t\t\t\t\"youtube\" : null,\n\t\t\t\t\"youtubelabel\" : \"Play video\",\n\t\t\t\t\"brightness\" : 100,\n\t\t\t\t\"crop\" : null,\n\t\t\t\t\"background\" : false,\n\t\t\t\t\"scale\" : 1\t\t\t\t}\n\t\t\t<\/script>\n\n\t\t\t<div class=\"height-container\" style=\"padding-bottom:223.33696837514%;\" v-if=\"sizes\">\n\t\t\t\t\t\t\t\t<lazy-media :inline=\"true\" :alt=\"alt\" :sizes=\"sizes\" :scale=\"scale\" :brightness=\"brightness\" :path=\"path\" :video=\"video\" :autoplay=\"autoplay\" :youtube=\"youtube\" :crop=\"crop\" :youtubelabel=\"youtubelabel\" :background=\"background\" media-id=\"desc_media_69ee02e155aa6\"><\/lazy-media>\n\t\t\t\t\t\t\t<\/div>\n\n\t\t\t\t\t\t\t<figcaption class=\"\" id=\"desc_media_69ee02e155aa6\">\n\t\t\t\t\t<div class=\"lazy-media-info-body-content\">\n\t\t\t\t\t\t\t\t\t\t\t\t\t\t\t\t\t\t\t\t\t\t\t\t\t<div class=\"insignificant\">\u00a9 Andrea Magogi F\u00f6rster<\/div>\n\t\t\t\t\t\t\t\t\t\t\t<\/div>\n\t\t\t\t<\/figcaption>\n\t\t\t\t\t\t\t\t\t<\/figure>\n\t<\/lazy-media-inline>\n\t\t\t\t\t\t\t\t\t\t\t\t\t<\/div>\n\t\t\t\t\t\t\t\t\t\t\t\t<\/div>\n\t\t\t\t\t\t\t\t\t\t\t<\/div>\n\n\t\t\t\t\t\t\t\t\t\t\t\t\t\t\t\t\t\t\t\t\t<\/div>\n\t\t\t\t\t\t\t\t\t<\/div>\n\t\t\t\t\t\t\t\t<\/div>\n\t\t\t\t\t\t\t\t<\/block-accordion-item>\n\t\t\t\t\t\t\t\t\t\t\t\t\t\t<block-accordion-item inline-template item-headline=\"Celia Ib\u00e1\u00f1ez Lamu\u00f1o\">\n\t\t\t\t\t\t\t\t<div ref=\"item\" data-id=\"CeliaIbezLamuo\" class=\"block-accordion-item vue-initialize\" aria-expanded=\"false\" :aria-expanded=\"active ? 'true' : 'false'\">\n\t\t\t\t\t\t\t\t\t<button class=\"accordion-button-with-icon block-accordion-item-head\" :class=\"{'button-active': active}\" ref=\"head\" aria-controls=\"acc_69ee02e155d3d\" id=\"acc_title_69ee02e155d40\" @click=\"toggle\" @keydown=\"key\">\n\t\t\t\t\t\t\t\t\t<div><span class=\"button-label\">Celia Ib\u00e1\u00f1ez Lamu\u00f1o<\/span><\/div><span class=\"button-icon icon-plus\" aria-hidden=\"true\"><\/span>\n\t\t\t\t\t\t\t\t<\/button>\n\t\t\t\t\t\t\t\t\t<div ref=\"body\" class=\"block-accordion-item-content\" id=\"acc_69ee02e155d3d\" role=\"region\">\n\t\t\t\t\t\t\t\t\t\t<div class=\"wrapper copy\">\n\t\t\t\t\t\t\t\t\t\t\t<p>Celia Ib\u00e1\u00f1ez Lamu\u00f1o, born and raised in Berlin. Trained as an illustrator and print technician at the Escuela de Artediez in Madrid\/Spain.<\/p>\n<p>Currently a student at the Academy of Visual Arts Leipzig. Works as a freelance graphic designer, is part of the board of the cultural association Calaca e.V. in Berlin and a singer in various music projects in Leipzig.<\/p>\n\n\t\t\t\t\t\t\t\t\t\t\t\t\t\t\t\t\t\t\t\t\t\t\t\t\t\t\t\t\t\t\t\t\t\n\t\t\t\t\t\t\t\t\t\t\t<div class=\"row\">\n\t\t\t\t\t\t\t\t\t\t\t\t<div class=\"col-xs-9 col-md-9\">\n\t\t\t\t\t\t\t\t\t\t\t\t\t<div class=\"box\">\n\t\t\t\t\t\t\t\t\t\t\t\t\t\t\n\t<lazy-media-inline inline-template>\n\t\t<figure itemscope itemtype=\"http:\/\/schema.org\/ImageObject\" class=\"lazy-media-inline \" role=\"group\" id=\"media_69ee02e1562a2\" aria-labelledby=\"desc_media_69ee02e1562a2\">\n\t\t\t<script type=\"application\/json\" ref=\"data\">\n\t\t\t\t{\n\t\t\t\t\"sizes\" : {\"medium\":{\"file\":\"Celia-Ibanez-Lamuno_Foto-von-Manuel-Funk-262x300.jpg\",\"width\":262,\"height\":300,\"mime-type\":\"image\\\/jpeg\",\"filesize\":14098},\"large\":{\"file\":\"Celia-Ibanez-Lamuno_Foto-von-Manuel-Funk-894x1024.jpg\",\"width\":894,\"height\":1024,\"mime-type\":\"image\\\/jpeg\",\"filesize\":102157},\"thumbnail\":{\"file\":\"Celia-Ibanez-Lamuno_Foto-von-Manuel-Funk-150x150.jpg\",\"width\":150,\"height\":150,\"mime-type\":\"image\\\/jpeg\",\"filesize\":5720},\"medium_large\":{\"file\":\"Celia-Ibanez-Lamuno_Foto-von-Manuel-Funk-768x880.jpg\",\"width\":768,\"height\":880,\"mime-type\":\"image\\\/jpeg\",\"filesize\":78509},\"small\":{\"file\":\"Celia-Ibanez-Lamuno_Foto-von-Manuel-Funk-384x440.jpg\",\"width\":384,\"height\":440,\"mime-type\":\"image\\\/jpeg\",\"filesize\":25220},\"semi\":{\"file\":\"Celia-Ibanez-Lamuno_Foto-von-Manuel-Funk-506x580.jpg\",\"width\":506,\"height\":580,\"mime-type\":\"image\\\/jpeg\",\"filesize\":39581},\"mobile\":{\"file\":\"Celia-Ibanez-Lamuno_Foto-von-Manuel-Funk-629x720.jpg\",\"width\":629,\"height\":720,\"mime-type\":\"image\\\/jpeg\",\"filesize\":56265},\"original\":{\"file\":\"Celia-Ibanez-Lamuno_Foto-von-Manuel-Funk.jpg\",\"width\":1051,\"height\":1204}},\n\t\t\t\t\"alt\" : \"Young woman with long, dark hair sitting in profile in a bright room. Soft light illuminates her face.\",\n\t\t\t\t\"path\" : \"\\\/wp-content\\\/uploads\\\/2021\\\/09\\\/\",\n\t\t\t\t\"video\" : null,\n\t\t\t\t\"autoplay\" : null,\n\t\t\t\t\"youtube\" : null,\n\t\t\t\t\"youtubelabel\" : \"Play video\",\n\t\t\t\t\"brightness\" : 100,\n\t\t\t\t\"crop\" : null,\n\t\t\t\t\"background\" : false,\n\t\t\t\t\"scale\" : 1\t\t\t\t}\n\t\t\t<\/script>\n\n\t\t\t<div class=\"height-container\" style=\"padding-bottom:114.55756422455%;\" v-if=\"sizes\">\n\t\t\t\t\t\t\t\t<lazy-media :inline=\"true\" :alt=\"alt\" :sizes=\"sizes\" :scale=\"scale\" :brightness=\"brightness\" :path=\"path\" :video=\"video\" :autoplay=\"autoplay\" :youtube=\"youtube\" :crop=\"crop\" :youtubelabel=\"youtubelabel\" :background=\"background\" media-id=\"desc_media_69ee02e1562a2\"><\/lazy-media>\n\t\t\t\t\t\t\t<\/div>\n\n\t\t\t\t\t\t\t<figcaption class=\"\" id=\"desc_media_69ee02e1562a2\">\n\t\t\t\t\t<div class=\"lazy-media-info-body-content\">\n\t\t\t\t\t\t\t\t\t\t\t\t\t<div>Celia Iban\u0303ez Lamun\u0303o<\/div>\n\t\t\t\t\t\t\t\t\t\t\t\t\t\t\t\t\t\t\t\t\t\t\t\t\t<div class=\"insignificant\">\u00a9 Manuel Funk<\/div>\n\t\t\t\t\t\t\t\t\t\t\t<\/div>\n\t\t\t\t<\/figcaption>\n\t\t\t\t\t\t\t\t\t<\/figure>\n\t<\/lazy-media-inline>\n\t\t\t\t\t\t\t\t\t\t\t\t\t<\/div>\n\t\t\t\t\t\t\t\t\t\t\t\t<\/div>\n\t\t\t\t\t\t\t\t\t\t\t<\/div>\n\n\t\t\t\t\t\t\t\t\t\t\t\t\t\t\t\t\t\t\t\t\t<\/div>\n\t\t\t\t\t\t\t\t\t<\/div>\n\t\t\t\t\t\t\t\t<\/div>\n\t\t\t\t\t\t\t\t<\/block-accordion-item>\n\t\t\t\t\t\t\t\t\t\t\t\t\t\t<block-accordion-item inline-template item-headline=\"Franziska Krol\">\n\t\t\t\t\t\t\t\t<div ref=\"item\" data-id=\"FranziskaKrol\" class=\"block-accordion-item vue-initialize\" aria-expanded=\"false\" :aria-expanded=\"active ? 'true' : 'false'\">\n\t\t\t\t\t\t\t\t\t<button class=\"accordion-button-with-icon block-accordion-item-head\" :class=\"{'button-active': active}\" ref=\"head\" aria-controls=\"acc_69ee02e1564db\" id=\"acc_title_69ee02e1564dc\" @click=\"toggle\" @keydown=\"key\">\n\t\t\t\t\t\t\t\t\t<div><span class=\"button-label\">Franziska Krol<\/span><\/div><span class=\"button-icon icon-plus\" aria-hidden=\"true\"><\/span>\n\t\t\t\t\t\t\t\t<\/button>\n\t\t\t\t\t\t\t\t\t<div ref=\"body\" class=\"block-accordion-item-content\" id=\"acc_69ee02e1564db\" role=\"region\">\n\t\t\t\t\t\t\t\t\t\t<div class=\"wrapper copy\">\n\t\t\t\t\t\t\t\t\t\t\t<p>Born and raised in Berlin, Franziska Krol is a trained actress and narrator. After studying at the Theaterakademie Vorpommern, she was engaged by the Anhaltisches Theater Dessau, where she worked from 2007 to 2009, before moving to the Theater an der Parkaue, Berlin\u2019s youth theatre, where she stayed for 10 years as a member of the core ensemble, until 2019. They have created guest productions for theatres such as the Maxim Gorki Theater Berlin, the Vorpommersche Landesb\u00fchne and the Theater Chemnitz. She works as a voice artist in radio drama and advertising, for public readings, and as a dubbing artist. She is also a singer and dancer with the Balkan cabaret band \u2018Mc Natasha &amp; Friends&#8217;, a member of the bilingual performance collective \u2018Brigade Schnick Schnack\u2019, and a researcher into the Russian language. Franziska Krol lives in Berlin.<\/p>\n\n\t\t\t\t\t\t\t\t\t\t\t\t\t\t\t\t\t\t\t\t\t\t\t\t\t\t\t\t\t\t\t\t\t\n\t\t\t\t\t\t\t\t\t\t\t<div class=\"row\">\n\t\t\t\t\t\t\t\t\t\t\t\t<div class=\"col-xs-9 col-md-9\">\n\t\t\t\t\t\t\t\t\t\t\t\t\t<div class=\"box\">\n\t\t\t\t\t\t\t\t\t\t\t\t\t\t\n\t<lazy-media-inline inline-template>\n\t\t<figure itemscope itemtype=\"http:\/\/schema.org\/ImageObject\" class=\"lazy-media-inline \" role=\"group\" id=\"media_69ee02e156a72\" aria-labelledby=\"desc_media_69ee02e156a72\">\n\t\t\t<script type=\"application\/json\" ref=\"data\">\n\t\t\t\t{\n\t\t\t\t\"sizes\" : {\"medium\":{\"file\":\"SHF_eb00120449-200x300.jpg\",\"width\":200,\"height\":300,\"mime-type\":\"image\\\/jpeg\"},\"thumbnail\":{\"file\":\"SHF_eb00120449-150x150.jpg\",\"width\":150,\"height\":150,\"mime-type\":\"image\\\/jpeg\"},\"small\":{\"file\":\"SHF_eb00120449-293x440.jpg\",\"width\":293,\"height\":440,\"mime-type\":\"image\\\/jpeg\"},\"semi\":{\"file\":\"SHF_eb00120449-386x580.jpg\",\"width\":386,\"height\":580,\"mime-type\":\"image\\\/jpeg\"},\"mobile\":{\"file\":\"SHF_eb00120449-480x720.jpg\",\"width\":480,\"height\":720,\"mime-type\":\"image\\\/jpeg\"},\"original\":{\"file\":\"SHF_eb00120449.jpg\",\"width\":666,\"height\":1000}},\n\t\t\t\t\"alt\" : \"Portrait of a person with medium-length brown hair wearing a red top, looking directly at the camera.\",\n\t\t\t\t\"path\" : \"\\\/wp-content\\\/uploads\\\/2021\\\/09\\\/\",\n\t\t\t\t\"video\" : null,\n\t\t\t\t\"autoplay\" : null,\n\t\t\t\t\"youtube\" : null,\n\t\t\t\t\"youtubelabel\" : \"Play video\",\n\t\t\t\t\"brightness\" : 100,\n\t\t\t\t\"crop\" : null,\n\t\t\t\t\"background\" : false,\n\t\t\t\t\"scale\" : 1\t\t\t\t}\n\t\t\t<\/script>\n\n\t\t\t<div class=\"height-container\" style=\"padding-bottom:150.15015015015%;\" v-if=\"sizes\">\n\t\t\t\t\t\t\t\t<lazy-media :inline=\"true\" :alt=\"alt\" :sizes=\"sizes\" :scale=\"scale\" :brightness=\"brightness\" :path=\"path\" :video=\"video\" :autoplay=\"autoplay\" :youtube=\"youtube\" :crop=\"crop\" :youtubelabel=\"youtubelabel\" :background=\"background\" media-id=\"desc_media_69ee02e156a72\"><\/lazy-media>\n\t\t\t\t\t\t\t<\/div>\n\n\t\t\t\t\t\t\t<figcaption class=\"\" id=\"desc_media_69ee02e156a72\">\n\t\t\t\t\t<div class=\"lazy-media-info-body-content\">\n\t\t\t\t\t\t\t\t\t\t\t\t\t<div>Franziska Krol<\/div>\n\t\t\t\t\t\t\t\t\t\t\t\t\t\t\t\t\t\t\t\t\t\t\t\t\t<div class=\"insignificant\">\u00a9 Hannes Caspar in 2021<\/div>\n\t\t\t\t\t\t\t\t\t\t\t<\/div>\n\t\t\t\t<\/figcaption>\n\t\t\t\t\t\t\t\t\t<\/figure>\n\t<\/lazy-media-inline>\n\t\t\t\t\t\t\t\t\t\t\t\t\t<\/div>\n\t\t\t\t\t\t\t\t\t\t\t\t<\/div>\n\t\t\t\t\t\t\t\t\t\t\t<\/div>\n\n\t\t\t\t\t\t\t\t\t\t\t\t\t\t\t\t\t\t\t\t\t<\/div>\n\t\t\t\t\t\t\t\t\t<\/div>\n\t\t\t\t\t\t\t\t<\/div>\n\t\t\t\t\t\t\t\t<\/block-accordion-item>\n\t\t\t\t\t\t\t\t\t\t\t\t\t\t<block-accordion-item inline-template item-headline=\"Daria Lazarieva\">\n\t\t\t\t\t\t\t\t<div ref=\"item\" data-id=\"DariaLazarieva\" class=\"block-accordion-item vue-initialize\" aria-expanded=\"false\" :aria-expanded=\"active ? 'true' : 'false'\">\n\t\t\t\t\t\t\t\t\t<button class=\"accordion-button-with-icon block-accordion-item-head\" :class=\"{'button-active': active}\" ref=\"head\" aria-controls=\"acc_69ee02e156c61\" id=\"acc_title_69ee02e156c62\" @click=\"toggle\" @keydown=\"key\">\n\t\t\t\t\t\t\t\t\t<div><span class=\"button-label\">Daria Lazarieva<\/span><\/div><span class=\"button-icon icon-plus\" aria-hidden=\"true\"><\/span>\n\t\t\t\t\t\t\t\t<\/button>\n\t\t\t\t\t\t\t\t\t<div ref=\"body\" class=\"block-accordion-item-content\" id=\"acc_69ee02e156c61\" role=\"region\">\n\t\t\t\t\t\t\t\t\t\t<div class=\"wrapper copy\">\n\t\t\t\t\t\t\t\t\t\t\t<p>was born and raised in Ukraine. She has lived and worked in Berlin since 2013. After studying biology, she turned to the artistic-creative artistic and creative field. She worked on numerous theatre and film productions and completed further training courses in acting. In addition to her stage work, she can also be seen in front of the camera in advertising shoots and is training to be a coach. coach. At the Humboldt Forum, Daria brings the different characters in the picture books to life in Ukrainian.<\/p>\n\n\t\t\t\t\t\t\t\t\t\t\t\t\t\t\t\t\t\t\t\t\t\t\t\t\t\t\t\t\t\t\t\t\t\n\t\t\t\t\t\t\t\t\t\t\t<div class=\"row\">\n\t\t\t\t\t\t\t\t\t\t\t\t<div class=\"col-xs-9 col-md-9\">\n\t\t\t\t\t\t\t\t\t\t\t\t\t<div class=\"box\">\n\t\t\t\t\t\t\t\t\t\t\t\t\t\t\n\t<lazy-media-inline inline-template>\n\t\t<figure itemscope itemtype=\"http:\/\/schema.org\/ImageObject\" class=\"lazy-media-inline \" role=\"group\" id=\"media_69ee02e157148\" aria-labelledby=\"desc_media_69ee02e157148\">\n\t\t\t<script type=\"application\/json\" ref=\"data\">\n\t\t\t\t{\n\t\t\t\t\"sizes\" : {\"medium\":{\"file\":\"SHF_eb00133628-200x300.jpg\",\"width\":200,\"height\":300,\"mime-type\":\"image\\\/jpeg\"},\"large\":{\"file\":\"SHF_eb00133628-682x1024.jpg\",\"width\":682,\"height\":1024,\"mime-type\":\"image\\\/jpeg\"},\"thumbnail\":{\"file\":\"SHF_eb00133628-150x150.jpg\",\"width\":150,\"height\":150,\"mime-type\":\"image\\\/jpeg\"},\"medium_large\":{\"file\":\"SHF_eb00133628-768x1152.jpg\",\"width\":768,\"height\":1152,\"mime-type\":\"image\\\/jpeg\"},\"small\":{\"file\":\"SHF_eb00133628-293x440.jpg\",\"width\":293,\"height\":440,\"mime-type\":\"image\\\/jpeg\"},\"semi\":{\"file\":\"SHF_eb00133628-387x580.jpg\",\"width\":387,\"height\":580,\"mime-type\":\"image\\\/jpeg\"},\"mobile\":{\"file\":\"SHF_eb00133628-480x720.jpg\",\"width\":480,\"height\":720,\"mime-type\":\"image\\\/jpeg\"},\"original\":{\"file\":\"SHF_eb00133628.jpg\",\"width\":853,\"height\":1280}},\n\t\t\t\t\"alt\" : \"Daria Lazarieva\",\n\t\t\t\t\"path\" : \"\\\/wp-content\\\/uploads\\\/2021\\\/09\\\/\",\n\t\t\t\t\"video\" : null,\n\t\t\t\t\"autoplay\" : null,\n\t\t\t\t\"youtube\" : null,\n\t\t\t\t\"youtubelabel\" : \"Play video\",\n\t\t\t\t\"brightness\" : 100,\n\t\t\t\t\"crop\" : null,\n\t\t\t\t\"background\" : false,\n\t\t\t\t\"scale\" : 1\t\t\t\t}\n\t\t\t<\/script>\n\n\t\t\t<div class=\"height-container\" style=\"padding-bottom:150.05861664713%;\" v-if=\"sizes\">\n\t\t\t\t\t\t\t\t<lazy-media :inline=\"true\" :alt=\"alt\" :sizes=\"sizes\" :scale=\"scale\" :brightness=\"brightness\" :path=\"path\" :video=\"video\" :autoplay=\"autoplay\" :youtube=\"youtube\" :crop=\"crop\" :youtubelabel=\"youtubelabel\" :background=\"background\" media-id=\"desc_media_69ee02e157148\"><\/lazy-media>\n\t\t\t\t\t\t\t<\/div>\n\n\t\t\t\t\t\t\t<figcaption class=\"\" id=\"desc_media_69ee02e157148\">\n\t\t\t\t\t<div class=\"lazy-media-info-body-content\">\n\t\t\t\t\t\t\t\t\t\t\t\t\t\t\t\t\t\t\t\t\t\t\t\t\t<div class=\"insignificant\">\u00a9 Daria Lazarieva<\/div>\n\t\t\t\t\t\t\t\t\t\t\t<\/div>\n\t\t\t\t<\/figcaption>\n\t\t\t\t\t\t\t\t\t<\/figure>\n\t<\/lazy-media-inline>\n\t\t\t\t\t\t\t\t\t\t\t\t\t<\/div>\n\t\t\t\t\t\t\t\t\t\t\t\t<\/div>\n\t\t\t\t\t\t\t\t\t\t\t<\/div>\n\n\t\t\t\t\t\t\t\t\t\t\t\t\t\t\t\t\t\t\t\t\t<\/div>\n\t\t\t\t\t\t\t\t\t<\/div>\n\t\t\t\t\t\t\t\t<\/div>\n\t\t\t\t\t\t\t\t<\/block-accordion-item>\n\t\t\t\t\t\t\t\t\t\t\t\t\t\t<block-accordion-item inline-template item-headline=\"Franziska Ritter\">\n\t\t\t\t\t\t\t\t<div ref=\"item\" data-id=\"FranziskaRitter\" class=\"block-accordion-item vue-initialize\" aria-expanded=\"false\" :aria-expanded=\"active ? 'true' : 'false'\">\n\t\t\t\t\t\t\t\t\t<button class=\"accordion-button-with-icon block-accordion-item-head\" :class=\"{'button-active': active}\" ref=\"head\" aria-controls=\"acc_69ee02e1574e9\" id=\"acc_title_69ee02e1574ea\" @click=\"toggle\" @keydown=\"key\">\n\t\t\t\t\t\t\t\t\t<div><span class=\"button-label\">Franziska Ritter<\/span><\/div><span class=\"button-icon icon-plus\" aria-hidden=\"true\"><\/span>\n\t\t\t\t\t\t\t\t<\/button>\n\t\t\t\t\t\t\t\t\t<div ref=\"body\" class=\"block-accordion-item-content\" id=\"acc_69ee02e1574e9\" role=\"region\">\n\t\t\t\t\t\t\t\t\t\t<div class=\"wrapper copy\">\n\t\t\t\t\t\t\t\t\t\t\t<p>Born and raised in Berlin, Franziska Ritter studied drama at the Hochschule f\u00fcr Schauspielkunst Ernst Busch. During her studies, she acted in films by Rainer Simon, and appeared both at the Maxim Gorki Theatre, directed by Thomas Langhoff, and at the Deutsches Theater. Her first professional engagement took her to the Volkstheater Rostock, where she also served as director for the first time. In 1990, she was a founding member of the Freie Kammerspiele Magdeburg, and remained a member of the company until 2000. She then worked independently as a freelance actress and director. From 2005 to 2015, she was a member of the ensemble at the Theater an der Parkaue in Berlin. Since 2015, Franziska Ritter has worked as a freelance actress and director. She has directed productions in Rostock, Magdeburg, Erfurt, Halle, Gera, Leipzig, Senftenberg, Bautzen, G\u00f6ttingen, Wilhelmshaven and Berlin.<\/p>\n\n\t\t\t\t\t\t\t\t\t\t\t\t\t\t\t\t\t\t\t\t\t\t\t\t\t\t\t\t\t\t\t\t\t\n\t\t\t\t\t\t\t\t\t\t\t<div class=\"row\">\n\t\t\t\t\t\t\t\t\t\t\t\t<div class=\"col-xs-9 col-md-9\">\n\t\t\t\t\t\t\t\t\t\t\t\t\t<div class=\"box\">\n\t\t\t\t\t\t\t\t\t\t\t\t\t\t\n\t<lazy-media-inline inline-template>\n\t\t<figure itemscope itemtype=\"http:\/\/schema.org\/ImageObject\" class=\"lazy-media-inline \" role=\"group\" id=\"media_69ee02e157a21\" aria-labelledby=\"desc_media_69ee02e157a21\">\n\t\t\t<script type=\"application\/json\" ref=\"data\">\n\t\t\t\t{\n\t\t\t\t\"sizes\" : {\"medium\":{\"file\":\"SHF_eb00120450-300x200.jpg\",\"width\":300,\"height\":200,\"mime-type\":\"image\\\/jpeg\"},\"thumbnail\":{\"file\":\"SHF_eb00120450-150x150.jpg\",\"width\":150,\"height\":150,\"mime-type\":\"image\\\/jpeg\"},\"medium_large\":{\"file\":\"SHF_eb00120450-768x511.jpg\",\"width\":768,\"height\":511,\"mime-type\":\"image\\\/jpeg\"},\"small\":{\"file\":\"SHF_eb00120450-440x293.jpg\",\"width\":440,\"height\":293,\"mime-type\":\"image\\\/jpeg\"},\"semi\":{\"file\":\"SHF_eb00120450-580x386.jpg\",\"width\":580,\"height\":386,\"mime-type\":\"image\\\/jpeg\"},\"mobile\":{\"file\":\"SHF_eb00120450-720x479.jpg\",\"width\":720,\"height\":479,\"mime-type\":\"image\\\/jpeg\"},\"original\":{\"file\":\"SHF_eb00120450.jpg\",\"width\":1000,\"height\":665}},\n\t\t\t\t\"alt\" : \"A smiling woman with blonde hair stands in front of a blue tiled wall, wearing a dark blue top.\",\n\t\t\t\t\"path\" : \"\\\/wp-content\\\/uploads\\\/2021\\\/09\\\/\",\n\t\t\t\t\"video\" : null,\n\t\t\t\t\"autoplay\" : null,\n\t\t\t\t\"youtube\" : null,\n\t\t\t\t\"youtubelabel\" : \"Play video\",\n\t\t\t\t\"brightness\" : 100,\n\t\t\t\t\"crop\" : null,\n\t\t\t\t\"background\" : false,\n\t\t\t\t\"scale\" : 1\t\t\t\t}\n\t\t\t<\/script>\n\n\t\t\t<div class=\"height-container\" style=\"padding-bottom:66.5%;\" v-if=\"sizes\">\n\t\t\t\t\t\t\t\t<lazy-media :inline=\"true\" :alt=\"alt\" :sizes=\"sizes\" :scale=\"scale\" :brightness=\"brightness\" :path=\"path\" :video=\"video\" :autoplay=\"autoplay\" :youtube=\"youtube\" :crop=\"crop\" :youtubelabel=\"youtubelabel\" :background=\"background\" media-id=\"desc_media_69ee02e157a21\"><\/lazy-media>\n\t\t\t\t\t\t\t<\/div>\n\n\t\t\t\t\t\t\t<figcaption class=\"\" id=\"desc_media_69ee02e157a21\">\n\t\t\t\t\t<div class=\"lazy-media-info-body-content\">\n\t\t\t\t\t\t\t\t\t\t\t\t\t<div>Franziska Ritter<\/div>\n\t\t\t\t\t\t\t\t\t\t\t\t\t\t\t\t\t\t\t\t\t\t\t\t\t<div class=\"insignificant\">\u00a9 LAURA KALLENBACH \/ Schauspielerin<\/div>\n\t\t\t\t\t\t\t\t\t\t\t<\/div>\n\t\t\t\t<\/figcaption>\n\t\t\t\t\t\t\t\t\t<\/figure>\n\t<\/lazy-media-inline>\n\t\t\t\t\t\t\t\t\t\t\t\t\t<\/div>\n\t\t\t\t\t\t\t\t\t\t\t\t<\/div>\n\t\t\t\t\t\t\t\t\t\t\t<\/div>\n\n\t\t\t\t\t\t\t\t\t\t\t\t<a href=\"https:\/\/www.franziritter.de\/\" class=\"button-extern\" role=\"button\" target=\"_blank\">\n\t\t<span class=\"button-label\">To the website of Franziska Ritter<\/span>\n\t<\/a>\n\t\t\t\t\t\t\t\t\t\t<\/div>\n\t\t\t\t\t\t\t\t\t<\/div>\n\t\t\t\t\t\t\t\t<\/div>\n\t\t\t\t\t\t\t\t<\/block-accordion-item>\n\t\t\t\t\t\t\t\t\t\t\t\t\t\t<block-accordion-item inline-template item-headline=\"Alina Vimbai Str\u00e4hler\">\n\t\t\t\t\t\t\t\t<div ref=\"item\" data-id=\"AlinaVimbaiStrhler\" class=\"block-accordion-item vue-initialize\" aria-expanded=\"false\" :aria-expanded=\"active ? 'true' : 'false'\">\n\t\t\t\t\t\t\t\t\t<button class=\"accordion-button-with-icon block-accordion-item-head\" :class=\"{'button-active': active}\" ref=\"head\" aria-controls=\"acc_69ee02e157c39\" id=\"acc_title_69ee02e157c3b\" @click=\"toggle\" @keydown=\"key\">\n\t\t\t\t\t\t\t\t\t<div><span class=\"button-label\">Alina Vimbai Str\u00e4hler<\/span><\/div><span class=\"button-icon icon-plus\" aria-hidden=\"true\"><\/span>\n\t\t\t\t\t\t\t\t<\/button>\n\t\t\t\t\t\t\t\t\t<div ref=\"body\" class=\"block-accordion-item-content\" id=\"acc_69ee02e157c39\" role=\"region\">\n\t\t\t\t\t\t\t\t\t\t<div class=\"wrapper copy\">\n\t\t\t\t\t\t\t\t\t\t\t\n\t\t\t\t\t\t\t\t\t\t\t\t\t\t\t\t\t\t\t\t\t\t\t\t\t\t\t\t\t\t\t\t\t\n\t\t\t\t\t\t\t\t\t\t\t<div class=\"row\">\n\t\t\t\t\t\t\t\t\t\t\t\t<div class=\"col-xs-9 col-md-9\">\n\t\t\t\t\t\t\t\t\t\t\t\t\t<div class=\"box\">\n\t\t\t\t\t\t\t\t\t\t\t\t\t\t\n\t<lazy-media-inline inline-template>\n\t\t<figure itemscope itemtype=\"http:\/\/schema.org\/ImageObject\" class=\"lazy-media-inline \" role=\"group\" id=\"media_69ee02e15807b\" aria-labelledby=\"desc_media_69ee02e15807b\">\n\t\t\t<script type=\"application\/json\" ref=\"data\">\n\t\t\t\t{\n\t\t\t\t\"sizes\" : {\"medium\":{\"file\":\"SHF_eb00120447-236x300.jpg\",\"width\":236,\"height\":300,\"mime-type\":\"image\\\/jpeg\"},\"thumbnail\":{\"file\":\"SHF_eb00120447-150x150.jpg\",\"width\":150,\"height\":150,\"mime-type\":\"image\\\/jpeg\"},\"medium_large\":{\"file\":\"SHF_eb00120447-768x978.jpg\",\"width\":768,\"height\":978,\"mime-type\":\"image\\\/jpeg\"},\"small\":{\"file\":\"SHF_eb00120447-345x440.jpg\",\"width\":345,\"height\":440,\"mime-type\":\"image\\\/jpeg\"},\"semi\":{\"file\":\"SHF_eb00120447-455x580.jpg\",\"width\":455,\"height\":580,\"mime-type\":\"image\\\/jpeg\"},\"mobile\":{\"file\":\"SHF_eb00120447-565x720.jpg\",\"width\":565,\"height\":720,\"mime-type\":\"image\\\/jpeg\"},\"original\":{\"file\":\"SHF_eb00120447.jpg\",\"width\":785,\"height\":1000}},\n\t\t\t\t\"alt\" : \"A thoughtful woman with curly brown hair wears a black sweater and gestures with her hands.\",\n\t\t\t\t\"path\" : \"\\\/wp-content\\\/uploads\\\/2021\\\/09\\\/\",\n\t\t\t\t\"video\" : null,\n\t\t\t\t\"autoplay\" : null,\n\t\t\t\t\"youtube\" : null,\n\t\t\t\t\"youtubelabel\" : \"Play video\",\n\t\t\t\t\"brightness\" : 100,\n\t\t\t\t\"crop\" : null,\n\t\t\t\t\"background\" : false,\n\t\t\t\t\"scale\" : 1\t\t\t\t}\n\t\t\t<\/script>\n\n\t\t\t<div class=\"height-container\" style=\"padding-bottom:127.38853503185%;\" v-if=\"sizes\">\n\t\t\t\t\t\t\t\t<lazy-media :inline=\"true\" :alt=\"alt\" :sizes=\"sizes\" :scale=\"scale\" :brightness=\"brightness\" :path=\"path\" :video=\"video\" :autoplay=\"autoplay\" :youtube=\"youtube\" :crop=\"crop\" :youtubelabel=\"youtubelabel\" :background=\"background\" media-id=\"desc_media_69ee02e15807b\"><\/lazy-media>\n\t\t\t\t\t\t\t<\/div>\n\n\t\t\t\t\t\t\t<figcaption class=\"\" id=\"desc_media_69ee02e15807b\">\n\t\t\t\t\t<div class=\"lazy-media-info-body-content\">\n\t\t\t\t\t\t\t\t\t\t\t\t\t<div>Alina Vimbai Str&auml;hler<\/div>\n\t\t\t\t\t\t\t\t\t\t\t\t\t\t\t\t\t\t\t\t\t\t\t\t\t<div class=\"insignificant\">\u00a9 Linda Rosa Saal<\/div>\n\t\t\t\t\t\t\t\t\t\t\t<\/div>\n\t\t\t\t<\/figcaption>\n\t\t\t\t\t\t\t\t\t<\/figure>\n\t<\/lazy-media-inline>\n\t\t\t\t\t\t\t\t\t\t\t\t\t<\/div>\n\t\t\t\t\t\t\t\t\t\t\t\t<\/div>\n\t\t\t\t\t\t\t\t\t\t\t<\/div>\n\n\t\t\t\t\t\t\t\t\t\t\t\t\t\t\t\t\t\t\t\t\t<\/div>\n\t\t\t\t\t\t\t\t\t<\/div>\n\t\t\t\t\t\t\t\t<\/div>\n\t\t\t\t\t\t\t\t<\/block-accordion-item>\n\t\t\t\t\t\t\t\t\t\t\t\t\t<\/div>\n\t\t\t\t\t\t<\/block-accordion>\n\t\t\t\t\t\t\t\t\t<\/div>\n\t\t\t<\/div>\n\t\t<\/div>\n\t<\/div>\n<\/section>\n\n\n<section class=\"block block-teaser col-lane \" style=\"\">\n\t<lazy-component :fixed-min-height=\"400\">\n\t\n\t\t\t\t\t<teaser-lane-with-buttons inline-template tracking-label=\"The programme\">\n\t\t\t\t<div class=\"teaser-lane-with-buttons\">\n\t\t\t\t\t<div class=\"container-fluid\">\n\t\t\t\t\t\t<div class=\"row bottom-xs\">\n\t\t\t\t\t\t\t<div class=\"col-xs-12 col-md-8\">\n\t\t\t\t\t\t\t\t\t\t\t\t\t\t\t\t\t<h4>The programme<\/h4>\t\t\t\t\t\t\t\t\t\t\t\t\t\t\t\t\t\t\t\t\t\t\t\t<\/div>\n\t\t\t\t\t\t\t<div class=\"col-xs-12 col-md-4 start-xs end-md margin-bottom-sixth teaser-lane-buttons-wrapper teaser-lane-buttons-wrapper-with-tax\">\n\t\t\t\t\t\t\t\t<a href=\"https:\/\/www.humboldtforum.org\/en\/programme-2\/?belongsto=32405&#038;archive=1\" class=\"normalcase small noborder\" role=\"button\">Show all (19)<\/a>\t\t\t\t\t\t\t\t<teaser-lane-buttons :visible_prev=\"visible_prev\" :visible_next=\"visible_next\" @prev=\"prev\" @next=\"next\"><\/teaser-lane-buttons>\n\t\t\t\t\t\t\t<\/div>\n\t\t\t\t\t\t<\/div>\n\t\t\t\t\t<\/div>\n\t\t\t\t\t<div class=\"teaser-lane-wrapper\">\n\t\t\t\t\t\t<ul class=\"teaser-lane\">\n\t\t\t\t\t\t\t\t\t\t\t\t\t\t<li class=\"teaser-lane-slide col-xs-9 col-sm-4 col-md-3 teaser-wrapper col-padding-remove\">\n\t<calendarteaser key=\"4117913320\" rawitem='{&quot;postId&quot;:41179,&quot;title&quot;:&quot;Over Here, Over There, and Over the Wall&quot;,&quot;excerpt&quot;:&quot;The picture books \\&quot;H\\u00fcbendr\\u00fcben. Als deine Eltern noch klein und Deutschland noch zwei waren\\&quot; by Franziska Gehm and Horst Klein and \\&quot;Die Mauer. Eien Parabel\\&quot; by Giancarlo Macri and Carolina Zanotti with illustrations by Sacco &amp; Valleriano.&quot;,&quot;slug&quot;:&quot;over-here-over-there-and-over-the-wall&quot;,&quot;post_date&quot;:&quot;2022-03-29T09:23&quot;,&quot;type&quot;:&quot;event&quot;,&quot;permalink&quot;:&quot;https:\\\/\\\/www.humboldtforum.org\\\/en\\\/programm\\\/termin\\\/reading\\\/over-here-over-there-and-over-the-wall-41179\\\/&quot;,&quot;genre&quot;:[1162,824],&quot;genre_details&quot;:[{&quot;text&quot;:&quot;Reading&quot;,&quot;id&quot;:1162,&quot;icon&quot;:null,&quot;parent&quot;:0},{&quot;text&quot;:&quot;Theatre&quot;,&quot;id&quot;:824,&quot;icon&quot;:null,&quot;parent&quot;:0}],&quot;topic&quot;:[590],&quot;topic_details&quot;:[{&quot;text&quot;:&quot;History and Architecture of the Site&quot;,&quot;id&quot;:590,&quot;icon&quot;:null,&quot;parent&quot;:0}],&quot;stakeholder&quot;:[595],&quot;stakeholder_details&quot;:[{&quot;text&quot;:&quot;Stiftung Humboldt Forum im Berliner Schloss&quot;,&quot;id&quot;:595,&quot;icon&quot;:null,&quot;parent&quot;:0}],&quot;targetgroup&quot;:[714],&quot;targetgroup_details&quot;:[{&quot;text&quot;:&quot;Children and families&quot;,&quot;id&quot;:714,&quot;icon&quot;:null,&quot;parent&quot;:0}],&quot;language&quot;:[579],&quot;language_details&quot;:[{&quot;text&quot;:&quot;German&quot;,&quot;id&quot;:579,&quot;icon&quot;:null,&quot;parent&quot;:0}],&quot;accessability&quot;:[596],&quot;accessability_details&quot;:[{&quot;text&quot;:&quot;Accessible for wheelchairs&quot;,&quot;id&quot;:596,&quot;icon&quot;:null,&quot;parent&quot;:0}],&quot;age&quot;:[703],&quot;age_details&quot;:[{&quot;text&quot;:&quot;children (3-6 years)&quot;,&quot;id&quot;:703,&quot;icon&quot;:null,&quot;parent&quot;:0}],&quot;place&quot;:[604],&quot;place_details&quot;:{&quot;place&quot;:&quot;Humboldt Forum&quot;,&quot;map&quot;:&quot;Humboldt Forum, Schlossplatz, Berlin&quot;,&quot;room&quot;:&quot;Ground Floor, Hall 3&quot;},&quot;icon_overwrite&quot;:&quot;&quot;,&quot;acf&quot;:{&quot;noindex&quot;:false,&quot;keywords&quot;:&quot;&quot;,&quot;hashtag&quot;:&quot;HumboldtForum&quot;,&quot;shorturl&quot;:&quot;&quot;,&quot;times&quot;:[{&quot;start&quot;:&quot;20260516 13:00&quot;,&quot;end&quot;:&quot;13:30&quot;,&quot;status&quot;:&quot;BUY&quot;,&quot;info&quot;:&quot;4 EUR \\\/ reduced 2 EUR&quot;,&quot;shop&quot;:&quot;https:\\\/\\\/tickets.humboldtforum.org\\\/#\\\/product\\\/event\\\/142?date=2026-05-16&amp;date_id=27926&amp;lang=en&quot;,&quot;i&quot;:2,&quot;start_hour&quot;:&quot;01:00 pm&quot;,&quot;start_HRF&quot;:&quot;Sat, 16 May 2026&quot;,&quot;_date&quot;:{&quot;date&quot;:&quot;2026-05-16 13:30:00.000000&quot;,&quot;timezone_type&quot;:3,&quot;timezone&quot;:&quot;Europe\\\/Berlin&quot;},&quot;_fromdate&quot;:&quot;20260516 13:00&quot;,&quot;start_TS&quot;:1778929200,&quot;start_HRFSHORT&quot;:&quot;16\\\/05\\\/26&quot;,&quot;start_HRFSHORT_WD&quot;:&quot;Sat 16\\\/05\\\/2026&quot;,&quot;end_TS&quot;:1778931000,&quot;can_purchase&quot;:true}],&quot;planning&quot;:{&quot;price&quot;:&quot;4 EUR \\\/ reduced 2 EUR&quot;,&quot;admission&quot;:&quot;&quot;,&quot;pause&quot;:&quot;&quot;,&quot;duration&quot;:&quot;30&quot;},&quot;subline&quot;:&quot;The stories of two walls&quot;,&quot;additional_info&quot;:{&quot;icon&quot;:&quot;icon-pin&quot;,&quot;text&quot;:&quot;The entrance to Hall 3 is in the Schl\\u00fcterhof next to the Sculpture Hall.&quot;},&quot;highlight_header&quot;:false,&quot;use_video_in_teasers&quot;:false,&quot;hyphenation&quot;:true,&quot;tipp&quot;:false,&quot;joker&quot;:false,&quot;live&quot;:false,&quot;hide_event_in_program&quot;:false,&quot;featured_images&quot;:[134167,134172],&quot;infotext&quot;:&quot;We kindly ask for your understanding that adults are only permitted to participate in the program when accompanied by children.&quot;,&quot;shorttext&quot;:&quot;The picture books \\&quot;H\\u00fcbendr\\u00fcben. Als deine Eltern noch klein und Deutschland noch zwei waren\\&quot; by Franziska Gehm and Horst Klein and \\&quot;Die Mauer. Eien Parabel\\&quot; by Giancarlo Macri and Carolina Zanotti with illustrations by Sacco &amp; Valleriano.&quot;,&quot;tickettext&quot;:&quot;Please book your ticket in advance online or at the box office in the foyer.&quot;,&quot;hm_id&quot;:&quot;&quot;,&quot;gomus_id&quot;:&quot;&quot;,&quot;belongsto&quot;:[32405]},&quot;date&quot;:{&quot;NX&quot;:&quot;20260516&quot;,&quot;NXX&quot;:&quot;202605161300&quot;,&quot;NLAST&quot;:&quot;202605161000&quot;,&quot;from_DATE&quot;:&quot;20260315 13:00&quot;,&quot;from&quot;:1773572400,&quot;to&quot;:1778925600,&quot;to_DATE&quot;:&quot;20260516 13:00&quot;,&quot;from_HRFSHORT&quot;:&quot;15 Mar 2026&quot;,&quot;from_HRFSHORT_WD&quot;:&quot;Sun 15\\\/03\\\/2026&quot;,&quot;to_HRFSHORT&quot;:&quot;16 May 2026&quot;,&quot;to_HRFSHORT_WD&quot;:&quot;Sat 16\\\/05\\\/2026&quot;,&quot;from_HRF&quot;:&quot;Sun, 15 March 2026&quot;,&quot;to_HRF&quot;:&quot;Sat, 16 May 2026&quot;,&quot;from_to_HRF&quot;:&quot;Sun, 15 March \\u2013 Sat, 16 May 2026&quot;,&quot;from_to_HRFSHORT&quot;:&quot;15 Mar \\u2013 16 May 2026&quot;},&quot;alert&quot;:null,&quot;partof&quot;:[&quot;32405&quot;],&quot;marketing_topic&quot;:{&quot;title&quot;:&quot;Picture Book Cinema&quot;,&quot;ID&quot;:&quot;32405&quot;,&quot;reason&quot;:&quot;sequence&quot;}}' inline-template>\n\t<a href=\"https:\/\/www.humboldtforum.org\/en\/programm\/termin\/reading\/over-here-over-there-and-over-the-wall-41179\/\" class=\"teaser teaser-event teaser-event-standard\">\n\t\t<div class=\"row\">\n\t\t\t<div class=\"col-xs-12 teaser-event-image\">\n\t\t\t\t<div class=\"teaser-image teaser-image-no-alternate\">\n\t\t\t\t\t\t\t\t\t\t\t\n\t<lazy-media-inline inline-template>\n\t\t<figure itemscope itemtype=\"http:\/\/schema.org\/ImageObject\" class=\"lazy-media-inline \" role=\"group\" id=\"media_69ee02e278f29\" aria-labelledby=\"desc_media_69ee02e278f29\">\n\t\t\t<script type=\"application\/json\" ref=\"data\">\n\t\t\t\t{\n\t\t\t\t\"sizes\" : {\"medium\":{\"file\":\"SHF_eb00228638-233x300.jpg\",\"width\":233,\"height\":300,\"mime-type\":\"image\\\/jpeg\",\"filesize\":21074},\"large\":{\"file\":\"SHF_eb00228638-795x1024.jpg\",\"width\":795,\"height\":1024,\"mime-type\":\"image\\\/jpeg\",\"filesize\":174856},\"thumbnail\":{\"file\":\"SHF_eb00228638-150x150.jpg\",\"width\":150,\"height\":150,\"mime-type\":\"image\\\/jpeg\",\"filesize\":8866},\"medium_large\":{\"file\":\"SHF_eb00228638-768x989.jpg\",\"width\":768,\"height\":989,\"mime-type\":\"image\\\/jpeg\",\"filesize\":163990},\"small\":{\"file\":\"SHF_eb00228638-342x440.jpg\",\"width\":342,\"height\":440,\"mime-type\":\"image\\\/jpeg\",\"filesize\":39325},\"semi\":{\"file\":\"SHF_eb00228638-450x580.jpg\",\"width\":450,\"height\":580,\"mime-type\":\"image\\\/jpeg\",\"filesize\":64065},\"mobile\":{\"file\":\"SHF_eb00228638-559x720.jpg\",\"width\":559,\"height\":720,\"mime-type\":\"image\\\/jpeg\",\"filesize\":92250},\"hd\":{\"file\":\"SHF_eb00228638-994x1280.jpg\",\"width\":994,\"height\":1280,\"mime-type\":\"image\\\/jpeg\",\"filesize\":261029},\"1536x1536\":{\"file\":\"SHF_eb00228638-1193x1536.jpg\",\"width\":1193,\"height\":1536,\"mime-type\":\"image\\\/jpeg\",\"filesize\":361786},\"original\":{\"file\":\"SHF_eb00228638.jpg\",\"width\":1200,\"height\":1545}},\n\t\t\t\t\"alt\" : \"Illustration from the children's book \\\"The First Step\\\" by Pija Lindenbaum, featuring a dog in clothes and children in the background.\",\n\t\t\t\t\"path\" : \"\\\/wp-content\\\/uploads\\\/2022\\\/03\\\/\",\n\t\t\t\t\"video\" : null,\n\t\t\t\t\"autoplay\" : null,\n\t\t\t\t\"youtube\" : null,\n\t\t\t\t\"youtubelabel\" : \"Play video\",\n\t\t\t\t\"brightness\" : 100,\n\t\t\t\t\"crop\" : {\"top\":\"50.00\",\"left\":\"50.00\"},\n\t\t\t\t\"background\" : true,\n\t\t\t\t\"scale\" : 2\t\t\t\t}\n\t\t\t<\/script>\n\n\t\t\t<div class=\"height-container\" style=\"padding-bottom:128.75%;\" v-if=\"sizes\">\n\t\t\t\t\t\t\t\t<lazy-media :inline=\"true\" :alt=\"alt\" :sizes=\"sizes\" :scale=\"scale\" :brightness=\"brightness\" :path=\"path\" :video=\"video\" :autoplay=\"autoplay\" :youtube=\"youtube\" :crop=\"crop\" :youtubelabel=\"youtubelabel\" :background=\"background\" media-id=\"desc_media_69ee02e278f29\"><\/lazy-media>\n\t\t\t\t\t\t\t<\/div>\n\n\t\t\t\t\t\t\t<figcaption class=\"sr-only\" ref=\"body\" id=\"desc_media_69ee02e278f29\">\n\t\t\t\t\t\t\t\t\t\t\t<div>Book cover of&quot;Der erste Schritt&quot; by Pija Lindenbaum<\/div>\n\t\t\t\t\t\t\t\t\t\t\t\t\t\t\t\t\t\t\t\t\t<div class=\"insignificant\">\u00a9 Ernst Klett Verlag GmbH\r\n<\/div>\n\t\t\t\t\t\t\t\t\t<\/figcaption>\n\t\t\t\t\t<\/figure>\n\t<\/lazy-media-inline>\n\t\t\t\t<\/div>\n\t\t\t<\/div>\n\t\t\t<div class=\"col-xs-12 teaser-event-text Infos\">\n\t\t\t\t<div class=\"teaser-event-standard-text\">\n\t\t\t\t\t<div class=\"margin-bottom-atom\">\n\t\t\t\t\t\t<div class=\"subline clamp-1\" v-html=\"maingenre\"><\/div>\n\t\t\t\t\t\t\t\t\t\t\t\t\t<div class=\"insignificant clamp-2\">Picture Book Cinema<\/div>\n\t\t\t\t\t\t\t\t\t\t\t<\/div>\n\t\t\t\t\n\t\t\t\t\t<strong class=\"margin-bottom-atom\">Over Here, Over There, and Over the Wall<\/strong>\n\n\t\t\t\t\t\t\t\t\t\t\t<div class=\"\">The stories of two walls<\/div>\n\t\t\t\t\t\t\t\t\t<\/div>\n\t\t\t\t<div class=\"teaser-bottom border-bottom\">\n\t\t\t\t<calendardateline :rawitem='item' :show-icon=\"true\"><\/calendardateline>\n\t\t\t\t\t<hr>\n\t\t\t\t<\/div>\n\t\t\t<\/div>\n\t\t<\/div>\n\t<\/a>\n\t<\/calendarteaser>\n<\/li>\n\n<li class=\"teaser-lane-slide col-xs-9 col-sm-4 col-md-3 teaser-wrapper col-padding-remove\">\n\t<calendarteaser key=\"7753621531\" rawitem='{&quot;postId&quot;:77536,&quot;title&quot;:&quot;Memories don\\u2019t die&quot;,&quot;excerpt&quot;:&quot;&quot;,&quot;slug&quot;:&quot;__trashed-3&quot;,&quot;post_date&quot;:&quot;2023-03-31T11:42&quot;,&quot;type&quot;:&quot;event&quot;,&quot;permalink&quot;:&quot;https:\\\/\\\/www.humboldtforum.org\\\/en\\\/programm\\\/termin\\\/lesung\\\/__trashed-3-77536\\\/&quot;,&quot;genre&quot;:[1144,823],&quot;genre_details&quot;:[{&quot;text&quot;:&quot;Lesung&quot;,&quot;id&quot;:1144,&quot;icon&quot;:null,&quot;parent&quot;:0},{&quot;text&quot;:&quot;Schauspiel&quot;,&quot;id&quot;:823,&quot;icon&quot;:null,&quot;parent&quot;:0}],&quot;stakeholder&quot;:[382],&quot;stakeholder_details&quot;:[{&quot;text&quot;:&quot;Stiftung Humboldt Forum im Berliner Schloss&quot;,&quot;id&quot;:382,&quot;icon&quot;:null,&quot;parent&quot;:0}],&quot;language&quot;:[384],&quot;language_details&quot;:[{&quot;text&quot;:&quot;Deutsch&quot;,&quot;id&quot;:384,&quot;icon&quot;:null,&quot;parent&quot;:0}],&quot;accessability&quot;:[430],&quot;accessability_details&quot;:[{&quot;text&quot;:&quot;Rollstuhlgerecht&quot;,&quot;id&quot;:430,&quot;icon&quot;:null,&quot;parent&quot;:0}],&quot;age&quot;:[443],&quot;age_details&quot;:[{&quot;text&quot;:&quot;Kinder (3-6 Jahre)&quot;,&quot;id&quot;:443,&quot;icon&quot;:null,&quot;parent&quot;:0}],&quot;place&quot;:[424],&quot;place_details&quot;:{&quot;place&quot;:&quot;Humboldt Forum&quot;,&quot;map&quot;:&quot;Humboldt Forum, Schlossplatz, Berlin&quot;,&quot;room&quot;:&quot;Saal 3, EG&quot;},&quot;icon_overwrite&quot;:&quot;&quot;,&quot;acf&quot;:{&quot;noindex&quot;:false,&quot;keywords&quot;:&quot;&quot;,&quot;belongsto&quot;:[32405],&quot;shorturl&quot;:&quot;&quot;,&quot;hashtag&quot;:&quot;HumboldtForum&quot;,&quot;planning&quot;:{&quot;price&quot;:&quot;4 EUR, reduced 2 EUR&quot;,&quot;admission&quot;:&quot;&quot;,&quot;pause&quot;:&quot;&quot;,&quot;duration&quot;:&quot;&quot;},&quot;subline&quot;:&quot;A programme accompanying the exhibition in_finite. Living with Death&quot;,&quot;additional_info&quot;:{&quot;icon&quot;:&quot;icon-ort&quot;,&quot;text&quot;:&quot;The entrance to Hall 3 is in the Schl\\u00fcterhof next to the Sculpture Hall.&quot;},&quot;highlight_header&quot;:false,&quot;use_video_in_teasers&quot;:false,&quot;hyphenation&quot;:true,&quot;tipp&quot;:false,&quot;joker&quot;:false,&quot;live&quot;:false,&quot;hide_event_in_program&quot;:false,&quot;gomus_id&quot;:&quot;&quot;,&quot;featured_images&quot;:[77554,77558,77556],&quot;times&quot;:[{&quot;start&quot;:&quot;20260516 14:00&quot;,&quot;end&quot;:&quot;14:30&quot;,&quot;status&quot;:&quot;BUY&quot;,&quot;info&quot;:&quot;4 EUR, reduced 2 EUR&quot;,&quot;shop&quot;:&quot;https:\\\/\\\/tickets.humboldtforum.org\\\/#\\\/product\\\/event\\\/142?date=2026-05-16&amp;date_id=27927&amp;lang=en&quot;,&quot;i&quot;:2,&quot;start_hour&quot;:&quot;02:00 pm&quot;,&quot;start_HRF&quot;:&quot;Sat, 16 May 2026&quot;,&quot;_date&quot;:{&quot;date&quot;:&quot;2026-05-16 14:30:00.000000&quot;,&quot;timezone_type&quot;:3,&quot;timezone&quot;:&quot;Europe\\\/Berlin&quot;},&quot;_fromdate&quot;:&quot;20260516 14:00&quot;,&quot;start_TS&quot;:1778932800,&quot;start_HRFSHORT&quot;:&quot;16\\\/05\\\/26&quot;,&quot;start_HRFSHORT_WD&quot;:&quot;Sat 16\\\/05\\\/2026&quot;,&quot;end_TS&quot;:1778934600,&quot;can_purchase&quot;:true}],&quot;alert_text&quot;:&quot;DE&quot;,&quot;hm_id&quot;:&quot;&quot;,&quot;infotext&quot;:&quot;We kindly ask for your understanding that adults are only permitted to participate in the program when accompanied by children.&quot;},&quot;date&quot;:{&quot;NX&quot;:&quot;20260516&quot;,&quot;NXX&quot;:&quot;202605161400&quot;,&quot;NLAST&quot;:&quot;202605161100&quot;,&quot;from_DATE&quot;:&quot;20260215 14:00&quot;,&quot;from&quot;:1771156800,&quot;to&quot;:1778929200,&quot;to_DATE&quot;:&quot;20260516 14:00&quot;,&quot;from_HRFSHORT&quot;:&quot;15 Feb 2026&quot;,&quot;from_HRFSHORT_WD&quot;:&quot;Sun 15\\\/02\\\/2026&quot;,&quot;to_HRFSHORT&quot;:&quot;16 May 2026&quot;,&quot;to_HRFSHORT_WD&quot;:&quot;Sat 16\\\/05\\\/2026&quot;,&quot;from_HRF&quot;:&quot;Sun, 15 February 2026&quot;,&quot;to_HRF&quot;:&quot;Sat, 16 May 2026&quot;,&quot;from_to_HRF&quot;:&quot;Sun, 15 February \\u2013 Sat, 16 May 2026&quot;,&quot;from_to_HRFSHORT&quot;:&quot;15 Feb \\u2013 16 May 2026&quot;},&quot;alert&quot;:&quot;DE&quot;,&quot;partof&quot;:[32405],&quot;marketing_topic&quot;:{&quot;title&quot;:&quot;Picture Book Cinema&quot;,&quot;ID&quot;:32405,&quot;reason&quot;:&quot;sequence&quot;}}' inline-template>\n\t<a href=\"https:\/\/www.humboldtforum.org\/en\/programm\/termin\/lesung\/__trashed-3-77536\/\" class=\"teaser teaser-event teaser-event-standard\">\n\t\t<div class=\"row\">\n\t\t\t<div class=\"col-xs-12 teaser-event-image\">\n\t\t\t\t<div class=\"teaser-image teaser-image-no-alternate\">\n\t\t\t\t\t\t\t\t\t\t\t\t\t<span class=\"alert\">DE<\/span>\n\t\t\t\t\t\t\t\t\t\t\t\n\t<lazy-media-inline inline-template>\n\t\t<figure itemscope itemtype=\"http:\/\/schema.org\/ImageObject\" class=\"lazy-media-inline \" role=\"group\" id=\"media_69ee02e27ab8e\" aria-labelledby=\"desc_media_69ee02e27ab8e\">\n\t\t\t<script type=\"application\/json\" ref=\"data\">\n\t\t\t\t{\n\t\t\t\t\"sizes\" : {\"medium\":{\"file\":\"SHF_eb00189279-258x300.jpg\",\"width\":258,\"height\":300,\"mime-type\":\"image\\\/jpeg\",\"filesize\":13320},\"thumbnail\":{\"file\":\"SHF_eb00189279-150x150.jpg\",\"width\":150,\"height\":150,\"mime-type\":\"image\\\/jpeg\",\"filesize\":6014},\"small\":{\"file\":\"SHF_eb00189279-378x440.jpg\",\"width\":378,\"height\":440,\"mime-type\":\"image\\\/jpeg\",\"filesize\":21696},\"original\":{\"file\":\"SHF_eb00189279.jpg\",\"width\":400,\"height\":466}},\n\t\t\t\t\"alt\" : \"Book cover \\\"The Color of Lemons\\\" features a girl with braids surrounded by colorful shapes, about farewell and memory.\",\n\t\t\t\t\"path\" : \"\\\/wp-content\\\/uploads\\\/2023\\\/03\\\/\",\n\t\t\t\t\"video\" : null,\n\t\t\t\t\"autoplay\" : null,\n\t\t\t\t\"youtube\" : null,\n\t\t\t\t\"youtubelabel\" : \"Play video\",\n\t\t\t\t\"brightness\" : 100,\n\t\t\t\t\"crop\" : {\"top\":\"50.00\",\"left\":\"50.00\"},\n\t\t\t\t\"background\" : true,\n\t\t\t\t\"scale\" : 2\t\t\t\t}\n\t\t\t<\/script>\n\n\t\t\t<div class=\"height-container\" style=\"padding-bottom:116.5%;\" v-if=\"sizes\">\n\t\t\t\t\t\t\t\t<lazy-media :inline=\"true\" :alt=\"alt\" :sizes=\"sizes\" :scale=\"scale\" :brightness=\"brightness\" :path=\"path\" :video=\"video\" :autoplay=\"autoplay\" :youtube=\"youtube\" :crop=\"crop\" :youtubelabel=\"youtubelabel\" :background=\"background\" media-id=\"desc_media_69ee02e27ab8e\"><\/lazy-media>\n\t\t\t\t\t\t\t<\/div>\n\n\t\t\t\t\t\t\t<figcaption class=\"sr-only\" ref=\"body\" id=\"desc_media_69ee02e27ab8e\">\n\t\t\t\t\t\t\t\t\t\t\t<div>Cover zum Bilderbuch &quot;Die Farbe von Zitronen- Eine Geschichte &uuml;ber Abschied und Erinnerung&quot; von Kenesha Sneed<\/div>\n\t\t\t\t\t\t\t\t\t\t\t\t\t\t\t\t\t\t\t\t\t<div class=\"insignificant\">\u00a9 2021, Prestel Verlag, M\u00fcnchen, London, New York in der Penguin Penguin Random House Verlagsgruppe GmbH<\/div>\n\t\t\t\t\t\t\t\t\t<\/figcaption>\n\t\t\t\t\t<\/figure>\n\t<\/lazy-media-inline>\n\t\t\t\t<\/div>\n\t\t\t<\/div>\n\t\t\t<div class=\"col-xs-12 teaser-event-text Infos\">\n\t\t\t\t<div class=\"teaser-event-standard-text\">\n\t\t\t\t\t<div class=\"margin-bottom-atom\">\n\t\t\t\t\t\t<div class=\"subline clamp-1\" v-html=\"maingenre\"><\/div>\n\t\t\t\t\t\t\t\t\t\t\t\t\t<div class=\"insignificant clamp-2\">Picture Book Cinema<\/div>\n\t\t\t\t\t\t\t\t\t\t\t<\/div>\n\t\t\t\t\n\t\t\t\t\t<strong class=\"margin-bottom-atom\">Memories don\u2019t die<\/strong>\n\n\t\t\t\t\t\t\t\t\t\t\t<div class=\"\">A programme accompanying the exhibition in_finite. Living with Death<\/div>\n\t\t\t\t\t\t\t\t\t<\/div>\n\t\t\t\t<div class=\"teaser-bottom border-bottom\">\n\t\t\t\t<calendardateline :rawitem='item' :show-icon=\"true\"><\/calendardateline>\n\t\t\t\t\t<hr>\n\t\t\t\t<\/div>\n\t\t\t<\/div>\n\t\t<\/div>\n\t<\/a>\n\t<\/calendarteaser>\n<\/li>\n\n<li class=\"teaser-lane-slide col-xs-9 col-sm-4 col-md-3 teaser-wrapper col-padding-remove\">\n\t<calendarteaser key=\"434676902\" rawitem='{&quot;postId&quot;:43467,&quot;title&quot;:&quot;Sitting on the Mat, with Dog, Cat and Rat&quot;,&quot;excerpt&quot;:&quot;&quot;,&quot;slug&quot;:&quot;sitting-on-the-mat-with-dog-cat-and-rat-2&quot;,&quot;post_date&quot;:&quot;2022-05-24T08:35&quot;,&quot;type&quot;:&quot;event&quot;,&quot;permalink&quot;:&quot;https:\\\/\\\/www.humboldtforum.org\\\/en\\\/programm\\\/termin\\\/reading\\\/sitting-on-the-mat-with-dog-cat-and-rat-2-43467\\\/&quot;,&quot;genre&quot;:[1162,824],&quot;genre_details&quot;:[{&quot;text&quot;:&quot;Reading&quot;,&quot;id&quot;:1162,&quot;icon&quot;:null,&quot;parent&quot;:0},{&quot;text&quot;:&quot;Theatre&quot;,&quot;id&quot;:824,&quot;icon&quot;:null,&quot;parent&quot;:0}],&quot;stakeholder&quot;:[595],&quot;stakeholder_details&quot;:[{&quot;text&quot;:&quot;Stiftung Humboldt Forum im Berliner Schloss&quot;,&quot;id&quot;:595,&quot;icon&quot;:null,&quot;parent&quot;:0}],&quot;targetgroup&quot;:[714],&quot;targetgroup_details&quot;:[{&quot;text&quot;:&quot;Children and families&quot;,&quot;id&quot;:714,&quot;icon&quot;:null,&quot;parent&quot;:0}],&quot;language&quot;:[579,1420],&quot;language_details&quot;:[{&quot;text&quot;:&quot;German&quot;,&quot;id&quot;:579,&quot;icon&quot;:null,&quot;parent&quot;:0},{&quot;text&quot;:&quot;Ukrainian&quot;,&quot;id&quot;:1420,&quot;icon&quot;:null,&quot;parent&quot;:0}],&quot;accessability&quot;:[596],&quot;accessability_details&quot;:[{&quot;text&quot;:&quot;Accessible for wheelchairs&quot;,&quot;id&quot;:596,&quot;icon&quot;:null,&quot;parent&quot;:0}],&quot;age&quot;:[703],&quot;age_details&quot;:[{&quot;text&quot;:&quot;children (3-6 years)&quot;,&quot;id&quot;:703,&quot;icon&quot;:null,&quot;parent&quot;:0}],&quot;place&quot;:[604],&quot;place_details&quot;:{&quot;place&quot;:&quot;Humboldt Forum&quot;,&quot;map&quot;:&quot;Humboldt Forum, Schlossplatz, Berlin&quot;,&quot;room&quot;:&quot;Ground Floor, Hall 3&quot;},&quot;icon_overwrite&quot;:&quot;&quot;,&quot;acf&quot;:{&quot;noindex&quot;:false,&quot;keywords&quot;:&quot;&quot;,&quot;hashtag&quot;:&quot;HumboldtForum&quot;,&quot;shorturl&quot;:&quot;&quot;,&quot;times&quot;:[{&quot;start&quot;:&quot;20260516 15:00&quot;,&quot;end&quot;:&quot;15:30&quot;,&quot;status&quot;:&quot;BUY&quot;,&quot;info&quot;:&quot;4 EUR \\\/ reduced 2 EUR&quot;,&quot;shop&quot;:&quot;https:\\\/\\\/tickets.humboldtforum.org\\\/#\\\/product\\\/event\\\/142?date=2026-05-16&amp;date_id=27928&amp;lang=en&quot;,&quot;i&quot;:4,&quot;start_hour&quot;:&quot;03:00 pm&quot;,&quot;start_HRF&quot;:&quot;Sat, 16 May 2026&quot;,&quot;_date&quot;:{&quot;date&quot;:&quot;2026-05-16 15:30:00.000000&quot;,&quot;timezone_type&quot;:3,&quot;timezone&quot;:&quot;Europe\\\/Berlin&quot;},&quot;_fromdate&quot;:&quot;20260516 15:00&quot;,&quot;start_TS&quot;:1778936400,&quot;start_HRFSHORT&quot;:&quot;16\\\/05\\\/26&quot;,&quot;start_HRFSHORT_WD&quot;:&quot;Sat 16\\\/05\\\/2026&quot;,&quot;end_TS&quot;:1778938200,&quot;can_purchase&quot;:true}],&quot;planning&quot;:{&quot;price&quot;:&quot;4 EUR \\\/ reduced 2 EUR&quot;,&quot;admission&quot;:&quot;&quot;,&quot;pause&quot;:&quot;&quot;,&quot;duration&quot;:&quot;30&quot;},&quot;tickettext&quot;:&quot;Please book your ticket in advance online or at the box office in the foyer.&quot;,&quot;infotext&quot;:&quot;We kindly ask for your understanding that adults are only permitted to participate in the program when accompanied by children.&quot;,&quot;additional_info&quot;:{&quot;icon&quot;:&quot;icon-ort&quot;,&quot;text&quot;:&quot;The entrance to Hall 3 is in the Schl\\u00fcter Courtyard next to the Sculpture Hall.&quot;},&quot;highlight_header&quot;:false,&quot;use_video_in_teasers&quot;:false,&quot;hyphenation&quot;:true,&quot;tipp&quot;:false,&quot;joker&quot;:false,&quot;live&quot;:false,&quot;hide_event_in_program&quot;:false,&quot;featured_images&quot;:[68942],&quot;gomus_id&quot;:&quot;&quot;,&quot;hm_id&quot;:&quot;&quot;,&quot;belongsto&quot;:[32405]},&quot;date&quot;:{&quot;NX&quot;:&quot;20260516&quot;,&quot;NXX&quot;:&quot;202605161500&quot;,&quot;NLAST&quot;:&quot;202605161200&quot;,&quot;from_DATE&quot;:&quot;20260315 15:00&quot;,&quot;from&quot;:1773579600,&quot;to&quot;:1778932800,&quot;to_DATE&quot;:&quot;20260516 15:00&quot;,&quot;from_HRFSHORT&quot;:&quot;15 Mar 2026&quot;,&quot;from_HRFSHORT_WD&quot;:&quot;Sun 15\\\/03\\\/2026&quot;,&quot;to_HRFSHORT&quot;:&quot;16 May 2026&quot;,&quot;to_HRFSHORT_WD&quot;:&quot;Sat 16\\\/05\\\/2026&quot;,&quot;from_HRF&quot;:&quot;Sun, 15 March 2026&quot;,&quot;to_HRF&quot;:&quot;Sat, 16 May 2026&quot;,&quot;from_to_HRF&quot;:&quot;Sun, 15 March \\u2013 Sat, 16 May 2026&quot;,&quot;from_to_HRFSHORT&quot;:&quot;15 Mar \\u2013 16 May 2026&quot;},&quot;alert&quot;:null,&quot;partof&quot;:[&quot;32405&quot;],&quot;marketing_topic&quot;:{&quot;title&quot;:&quot;Picture Book Cinema&quot;,&quot;ID&quot;:&quot;32405&quot;,&quot;reason&quot;:&quot;sequence&quot;}}' inline-template>\n\t<a href=\"https:\/\/www.humboldtforum.org\/en\/programm\/termin\/reading\/sitting-on-the-mat-with-dog-cat-and-rat-2-43467\/\" class=\"teaser teaser-event teaser-event-standard\">\n\t\t<div class=\"row\">\n\t\t\t<div class=\"col-xs-12 teaser-event-image\">\n\t\t\t\t<div class=\"teaser-image teaser-image-no-alternate\">\n\t\t\t\t\t\t\t\t\t\t\t\n\t<lazy-media-inline inline-template>\n\t\t<figure itemscope itemtype=\"http:\/\/schema.org\/ImageObject\" class=\"lazy-media-inline \" role=\"group\" id=\"media_69ee02e27cbd5\" aria-labelledby=\"desc_media_69ee02e27cbd5\">\n\t\t\t<script type=\"application\/json\" ref=\"data\">\n\t\t\t\t{\n\t\t\t\t\"sizes\" : {\"medium\":{\"file\":\"1034396_Web-300x141.jpg\",\"width\":300,\"height\":141,\"mime-type\":\"image\\\/jpeg\",\"filesize\":8412},\"large\":{\"file\":\"1034396_Web-1024x480.jpg\",\"width\":1024,\"height\":480,\"mime-type\":\"image\\\/jpeg\",\"filesize\":60493},\"thumbnail\":{\"file\":\"1034396_Web-150x150.jpg\",\"width\":150,\"height\":150,\"mime-type\":\"image\\\/jpeg\",\"filesize\":5488},\"medium_large\":{\"file\":\"1034396_Web-768x360.jpg\",\"width\":768,\"height\":360,\"mime-type\":\"image\\\/jpeg\",\"filesize\":36628},\"small\":{\"file\":\"1034396_Web-440x206.jpg\",\"width\":440,\"height\":206,\"mime-type\":\"image\\\/jpeg\",\"filesize\":14673},\"semi\":{\"file\":\"1034396_Web-580x272.jpg\",\"width\":580,\"height\":272,\"mime-type\":\"image\\\/jpeg\",\"filesize\":23068},\"mobile\":{\"file\":\"1034396_Web-720x338.jpg\",\"width\":720,\"height\":338,\"mime-type\":\"image\\\/jpeg\",\"filesize\":32783},\"original\":{\"file\":\"1034396_Web.jpg\",\"width\":1280,\"height\":600}},\n\t\t\t\t\"alt\" : \"A children's book with a wizard scene, surrounded by toy figures, tree, and block elements on a table.\",\n\t\t\t\t\"path\" : \"\\\/wp-content\\\/uploads\\\/2022\\\/05\\\/\",\n\t\t\t\t\"video\" : null,\n\t\t\t\t\"autoplay\" : null,\n\t\t\t\t\"youtube\" : null,\n\t\t\t\t\"youtubelabel\" : \"Play video\",\n\t\t\t\t\"brightness\" : 100,\n\t\t\t\t\"crop\" : null,\n\t\t\t\t\"background\" : true,\n\t\t\t\t\"scale\" : 2\t\t\t\t}\n\t\t\t<\/script>\n\n\t\t\t<div class=\"height-container\" style=\"padding-bottom:46.875%;\" v-if=\"sizes\">\n\t\t\t\t\t\t\t\t<lazy-media :inline=\"true\" :alt=\"alt\" :sizes=\"sizes\" :scale=\"scale\" :brightness=\"brightness\" :path=\"path\" :video=\"video\" :autoplay=\"autoplay\" :youtube=\"youtube\" :crop=\"crop\" :youtubelabel=\"youtubelabel\" :background=\"background\" media-id=\"desc_media_69ee02e27cbd5\"><\/lazy-media>\n\t\t\t\t\t\t\t<\/div>\n\n\t\t\t\t\t\t\t<figcaption class=\"sr-only\" ref=\"body\" id=\"desc_media_69ee02e27cbd5\">\n\t\t\t\t\t\t\t\t\t\t\t\t\t\t\t\t<div>Cover of the picture book &quot;F&uuml;r Hund und Katz ist auch noch Platz&quot; by Axel Scheffler and Julia Donaldson <\/div>\n\t\t\t\t\t\t\t\t\t\t\t\t\t\t\t\t<div class=\"insignificant\">\u00a9 \u00a9 2001 Beltz &#038; Gelberg in der Verlagsgruppe Beltz \u2219 Weinheim Basel \/ Stiftung Humboldt Forum im Berliner Schloss, Foto: Andreas K\u00f6nig<\/div>\n\t\t\t\t\t\t\t\t\t<\/figcaption>\n\t\t\t\t\t<\/figure>\n\t<\/lazy-media-inline>\n\t\t\t\t<\/div>\n\t\t\t<\/div>\n\t\t\t<div class=\"col-xs-12 teaser-event-text Infos\">\n\t\t\t\t<div class=\"teaser-event-standard-text\">\n\t\t\t\t\t<div class=\"margin-bottom-atom\">\n\t\t\t\t\t\t<div class=\"subline clamp-1\" v-html=\"maingenre\"><\/div>\n\t\t\t\t\t\t\t\t\t\t\t\t\t<div class=\"insignificant clamp-2\">Picture Book Cinema<\/div>\n\t\t\t\t\t\t\t\t\t\t\t<\/div>\n\t\t\t\t\n\t\t\t\t\t<strong class=\"margin-bottom-atom\">Sitting on the Mat, with Dog, Cat and Rat<\/strong>\n\n\t\t\t\t\t\t\t\t\t\t\t<div class=\"\"><\/div>\n\t\t\t\t\t\t\t\t\t<\/div>\n\t\t\t\t<div class=\"teaser-bottom border-bottom\">\n\t\t\t\t<calendardateline :rawitem='item' :show-icon=\"true\"><\/calendardateline>\n\t\t\t\t\t<hr>\n\t\t\t\t<\/div>\n\t\t\t<\/div>\n\t\t<\/div>\n\t<\/a>\n\t<\/calendarteaser>\n<\/li>\n\n<li class=\"teaser-lane-slide col-xs-9 col-sm-4 col-md-3 teaser-wrapper col-padding-remove\">\n\t<calendarteaser key=\"357385774\" rawitem='{&quot;postId&quot;:35738,&quot;title&quot;:&quot;Role models for you and me&quot;,&quot;excerpt&quot;:&quot;Come and listen to a reading of the picture books \\&quot;The Little Hummingbird\\&quot; by Michael Nicoll Yahgulanaas, \\&quot;Im Garten von Oma Apo\\&quot; by Wei Tang, and \\&quot;Onkel Flores\\&quot; by Eymard Toledo.&quot;,&quot;slug&quot;:&quot;role-models-for-you-and-me&quot;,&quot;post_date&quot;:&quot;2021-12-13T06:00&quot;,&quot;type&quot;:&quot;event&quot;,&quot;permalink&quot;:&quot;https:\\\/\\\/www.humboldtforum.org\\\/en\\\/programm\\\/termin\\\/reading\\\/role-models-for-you-and-me-35738\\\/&quot;,&quot;genre&quot;:[1162,824],&quot;genre_details&quot;:[{&quot;text&quot;:&quot;Reading&quot;,&quot;id&quot;:1162,&quot;icon&quot;:null,&quot;parent&quot;:0},{&quot;text&quot;:&quot;Theatre&quot;,&quot;id&quot;:824,&quot;icon&quot;:null,&quot;parent&quot;:0}],&quot;topic&quot;:[783],&quot;topic_details&quot;:[{&quot;text&quot;:&quot;Colonialism and Coloniality&quot;,&quot;id&quot;:783,&quot;icon&quot;:null,&quot;parent&quot;:0}],&quot;stakeholder&quot;:[595],&quot;stakeholder_details&quot;:[{&quot;text&quot;:&quot;Stiftung Humboldt Forum im Berliner Schloss&quot;,&quot;id&quot;:595,&quot;icon&quot;:null,&quot;parent&quot;:0}],&quot;targetgroup&quot;:[714],&quot;targetgroup_details&quot;:[{&quot;text&quot;:&quot;Children and families&quot;,&quot;id&quot;:714,&quot;icon&quot;:null,&quot;parent&quot;:0}],&quot;language&quot;:[579],&quot;language_details&quot;:[{&quot;text&quot;:&quot;German&quot;,&quot;id&quot;:579,&quot;icon&quot;:null,&quot;parent&quot;:0}],&quot;accessability&quot;:[596],&quot;accessability_details&quot;:[{&quot;text&quot;:&quot;Accessible for wheelchairs&quot;,&quot;id&quot;:596,&quot;icon&quot;:null,&quot;parent&quot;:0}],&quot;age&quot;:[703],&quot;age_details&quot;:[{&quot;text&quot;:&quot;children (3-6 years)&quot;,&quot;id&quot;:703,&quot;icon&quot;:null,&quot;parent&quot;:0}],&quot;place&quot;:[604],&quot;place_details&quot;:{&quot;place&quot;:&quot;Humboldt Forum&quot;,&quot;map&quot;:&quot;Humboldt Forum, Schlossplatz, Berlin&quot;,&quot;room&quot;:&quot;Ground Floor, Hall 3&quot;},&quot;icon_overwrite&quot;:&quot;&quot;,&quot;acf&quot;:{&quot;times&quot;:[{&quot;start&quot;:&quot;20260517 13:00&quot;,&quot;end&quot;:&quot;13:30&quot;,&quot;status&quot;:&quot;BUY&quot;,&quot;info&quot;:&quot;4 EUR \\\/ reduced 2 EUR&quot;,&quot;shop&quot;:&quot;https:\\\/\\\/tickets.humboldtforum.org\\\/#\\\/product\\\/event\\\/142?date=2026-05-17&amp;date_id=27929&amp;lang=en&quot;,&quot;i&quot;:3,&quot;start_hour&quot;:&quot;01:00 pm&quot;,&quot;start_HRF&quot;:&quot;Sun, 17 May 2026&quot;,&quot;_date&quot;:{&quot;date&quot;:&quot;2026-05-17 13:30:00.000000&quot;,&quot;timezone_type&quot;:3,&quot;timezone&quot;:&quot;Europe\\\/Berlin&quot;},&quot;_fromdate&quot;:&quot;20260517 13:00&quot;,&quot;start_TS&quot;:1779015600,&quot;start_HRFSHORT&quot;:&quot;17\\\/05\\\/26&quot;,&quot;start_HRFSHORT_WD&quot;:&quot;Sun 17\\\/05\\\/2026&quot;,&quot;end_TS&quot;:1779017400,&quot;can_purchase&quot;:true},{&quot;start&quot;:&quot;20260531 13:00&quot;,&quot;end&quot;:&quot;13:30&quot;,&quot;status&quot;:&quot;BUY&quot;,&quot;info&quot;:&quot;4 EUR \\\/ reduced 2 EUR&quot;,&quot;shop&quot;:&quot;https:\\\/\\\/tickets.humboldtforum.org\\\/#\\\/product\\\/event\\\/142?date=2026-05-31&amp;date_id=27935&amp;lang=en&quot;,&quot;i&quot;:4,&quot;start_hour&quot;:&quot;01:00 pm&quot;,&quot;start_HRF&quot;:&quot;Sun, 31 May 2026&quot;,&quot;_date&quot;:{&quot;date&quot;:&quot;2026-05-31 13:30:00.000000&quot;,&quot;timezone_type&quot;:3,&quot;timezone&quot;:&quot;Europe\\\/Berlin&quot;},&quot;_fromdate&quot;:&quot;20260531 13:00&quot;,&quot;start_TS&quot;:1780225200,&quot;start_HRFSHORT&quot;:&quot;31\\\/05\\\/26&quot;,&quot;start_HRFSHORT_WD&quot;:&quot;Sun 31\\\/05\\\/2026&quot;,&quot;end_TS&quot;:1780227000,&quot;can_purchase&quot;:true}],&quot;planning&quot;:{&quot;price&quot;:&quot;4 EUR \\\/ 2 EUR&quot;,&quot;admission&quot;:&quot;&quot;,&quot;pause&quot;:&quot;&quot;,&quot;duration&quot;:&quot;30&quot;},&quot;subline&quot;:&quot;The Little Hummingbird, Grandma Apo &amp; Uncle Flores&quot;,&quot;shorttext&quot;:&quot;Come and listen to a reading of the picture books \\&quot;The Little Hummingbird\\&quot; by Michael Nicoll Yahgulanaas, \\&quot;Im Garten von Oma Apo\\&quot; by Wei Tang, and \\&quot;Onkel Flores\\&quot; by Eymard Toledo.&quot;,&quot;additional_info&quot;:{&quot;icon&quot;:&quot;icon-pin&quot;,&quot;text&quot;:&quot;The entrance to hall 3 is in the Schl\\u00fcterhof next to the sculpture hall.&quot;},&quot;highlight_header&quot;:false,&quot;featured_images&quot;:[46396],&quot;use_video_in_teasers&quot;:false,&quot;hyphenation&quot;:true,&quot;tipp&quot;:false,&quot;joker&quot;:false,&quot;live&quot;:false,&quot;hide_event_in_program&quot;:false,&quot;noindex&quot;:false,&quot;keywords&quot;:&quot;&quot;,&quot;hashtag&quot;:&quot;HumboldtForum&quot;,&quot;shorturl&quot;:&quot;&quot;,&quot;tickettext&quot;:&quot;Please book your ticket online in advance or at the service desk in the foyer.&quot;,&quot;infotext&quot;:&quot;We kindly ask for your understanding that adults are only permitted to participate in the program when accompanied by children.&quot;,&quot;hm_id&quot;:&quot;&quot;,&quot;gomus_id&quot;:&quot;&quot;,&quot;belongsto&quot;:[32405]},&quot;date&quot;:{&quot;NX&quot;:&quot;20260517&quot;,&quot;NXX&quot;:&quot;202605171300&quot;,&quot;NLAST&quot;:&quot;202605311000&quot;,&quot;from_DATE&quot;:&quot;20260314 13:00&quot;,&quot;from&quot;:1773486000,&quot;to&quot;:1780221600,&quot;to_DATE&quot;:&quot;20260531 13:00&quot;,&quot;from_HRFSHORT&quot;:&quot;14 Mar 2026&quot;,&quot;from_HRFSHORT_WD&quot;:&quot;Sat 14\\\/03\\\/2026&quot;,&quot;to_HRFSHORT&quot;:&quot;31 May 2026&quot;,&quot;to_HRFSHORT_WD&quot;:&quot;Sun 31\\\/05\\\/2026&quot;,&quot;from_HRF&quot;:&quot;Sat, 14 March 2026&quot;,&quot;to_HRF&quot;:&quot;Sun, 31 May 2026&quot;,&quot;from_to_HRF&quot;:&quot;Sat, 14 March \\u2013 Sun, 31 May 2026&quot;,&quot;from_to_HRFSHORT&quot;:&quot;14 Mar \\u2013 31 May 2026&quot;},&quot;alert&quot;:null,&quot;partof&quot;:[&quot;32405&quot;],&quot;marketing_topic&quot;:{&quot;title&quot;:&quot;Picture Book Cinema&quot;,&quot;ID&quot;:&quot;32405&quot;,&quot;reason&quot;:&quot;sequence&quot;}}' inline-template>\n\t<a href=\"https:\/\/www.humboldtforum.org\/en\/programm\/termin\/reading\/role-models-for-you-and-me-35738\/\" class=\"teaser teaser-event teaser-event-standard\">\n\t\t<div class=\"row\">\n\t\t\t<div class=\"col-xs-12 teaser-event-image\">\n\t\t\t\t<div class=\"teaser-image teaser-image-no-alternate\">\n\t\t\t\t\t\t\t\t\t\t\t\n\t<lazy-media-inline inline-template>\n\t\t<figure itemscope itemtype=\"http:\/\/schema.org\/ImageObject\" class=\"lazy-media-inline \" role=\"group\" id=\"media_69ee02e27e6b7\" aria-labelledby=\"desc_media_69ee02e27e6b7\">\n\t\t\t<script type=\"application\/json\" ref=\"data\">\n\t\t\t\t{\n\t\t\t\t\"sizes\" : {\"medium\":{\"file\":\"1034428_Capture_Onkel-flores-Test-300x221.jpg\",\"width\":300,\"height\":221,\"mime-type\":\"image\\\/jpeg\",\"filesize\":13437},\"large\":{\"file\":\"1034428_Capture_Onkel-flores-Test-1024x755.jpg\",\"width\":1024,\"height\":755,\"mime-type\":\"image\\\/jpeg\",\"filesize\":130675},\"thumbnail\":{\"file\":\"1034428_Capture_Onkel-flores-Test-150x150.jpg\",\"width\":150,\"height\":150,\"mime-type\":\"image\\\/jpeg\",\"filesize\":5832},\"medium_large\":{\"file\":\"1034428_Capture_Onkel-flores-Test-768x566.jpg\",\"width\":768,\"height\":566,\"mime-type\":\"image\\\/jpeg\",\"filesize\":73329},\"small\":{\"file\":\"1034428_Capture_Onkel-flores-Test-440x324.jpg\",\"width\":440,\"height\":324,\"mime-type\":\"image\\\/jpeg\",\"filesize\":26211},\"semi\":{\"file\":\"1034428_Capture_Onkel-flores-Test-580x427.jpg\",\"width\":580,\"height\":427,\"mime-type\":\"image\\\/jpeg\",\"filesize\":43106},\"mobile\":{\"file\":\"1034428_Capture_Onkel-flores-Test-720x531.jpg\",\"width\":720,\"height\":531,\"mime-type\":\"image\\\/jpeg\",\"filesize\":64799},\"hd\":{\"file\":\"1034428_Capture_Onkel-flores-Test-1280x943.jpg\",\"width\":1280,\"height\":943,\"mime-type\":\"image\\\/jpeg\",\"filesize\":204711},\"full\":{\"file\":\"1034428_Capture_Onkel-flores-Test-1920x1415.jpg\",\"width\":1920,\"height\":1415,\"mime-type\":\"image\\\/jpeg\",\"filesize\":467928},\"xxl\":{\"file\":\"1034428_Capture_Onkel-flores-Test-4048x2983.jpg\",\"width\":4048,\"height\":2983,\"mime-type\":\"image\\\/jpeg\",\"filesize\":1873259},\"1536x1536\":{\"file\":\"1034428_Capture_Onkel-flores-Test-1536x1132.jpg\",\"width\":1536,\"height\":1132,\"mime-type\":\"image\\\/jpeg\",\"filesize\":298800},\"2048x2048\":{\"file\":\"1034428_Capture_Onkel-flores-Test-2048x1509.jpg\",\"width\":2048,\"height\":1509,\"mime-type\":\"image\\\/jpeg\",\"filesize\":532664},\"original\":{\"file\":\"1034428_Capture_Onkel-flores-Test.jpg\",\"width\":5337,\"height\":3933}},\n\t\t\t\t\"alt\" : \"Illustration of a book cover with two characters holding a cloth, title: \\\"Uncle Flores.\\\"\",\n\t\t\t\t\"path\" : \"\\\/wp-content\\\/uploads\\\/2021\\\/12\\\/\",\n\t\t\t\t\"video\" : null,\n\t\t\t\t\"autoplay\" : null,\n\t\t\t\t\"youtube\" : null,\n\t\t\t\t\"youtubelabel\" : \"Play video\",\n\t\t\t\t\"brightness\" : 100,\n\t\t\t\t\"crop\" : null,\n\t\t\t\t\"background\" : true,\n\t\t\t\t\"scale\" : 2\t\t\t\t}\n\t\t\t<\/script>\n\n\t\t\t<div class=\"height-container\" style=\"padding-bottom:73.693086003373%;\" v-if=\"sizes\">\n\t\t\t\t\t\t\t\t<lazy-media :inline=\"true\" :alt=\"alt\" :sizes=\"sizes\" :scale=\"scale\" :brightness=\"brightness\" :path=\"path\" :video=\"video\" :autoplay=\"autoplay\" :youtube=\"youtube\" :crop=\"crop\" :youtubelabel=\"youtubelabel\" :background=\"background\" media-id=\"desc_media_69ee02e27e6b7\"><\/lazy-media>\n\t\t\t\t\t\t\t<\/div>\n\n\t\t\t\t\t\t\t<figcaption class=\"sr-only\" ref=\"body\" id=\"desc_media_69ee02e27e6b7\">\n\t\t\t\t\t\t\t\t\t\t\t\t\t\t\t\t<div>Cover zum Bilderbuch &quot;Onkel Flores. Eine ziemlich wahre Geschichte aus Brasilien&quot; von Eymard Toledo <\/div>\n\t\t\t\t\t\t\t\t\t\t\t\t\t\t<\/figcaption>\n\t\t\t\t\t<\/figure>\n\t<\/lazy-media-inline>\n\t\t\t\t<\/div>\n\t\t\t<\/div>\n\t\t\t<div class=\"col-xs-12 teaser-event-text Infos\">\n\t\t\t\t<div class=\"teaser-event-standard-text\">\n\t\t\t\t\t<div class=\"margin-bottom-atom\">\n\t\t\t\t\t\t<div class=\"subline clamp-1\" v-html=\"maingenre\"><\/div>\n\t\t\t\t\t\t\t\t\t\t\t\t\t<div class=\"insignificant clamp-2\">Picture Book Cinema<\/div>\n\t\t\t\t\t\t\t\t\t\t\t<\/div>\n\t\t\t\t\n\t\t\t\t\t<strong class=\"margin-bottom-atom\">Role models for you and me<\/strong>\n\n\t\t\t\t\t\t\t\t\t\t\t<div class=\"\">The Little Hummingbird, Grandma Apo &#038; Uncle Flores<\/div>\n\t\t\t\t\t\t\t\t\t<\/div>\n\t\t\t\t<div class=\"teaser-bottom border-bottom\">\n\t\t\t\t<calendardateline :rawitem='item' :show-icon=\"true\"><\/calendardateline>\n\t\t\t\t\t<hr>\n\t\t\t\t<\/div>\n\t\t\t<\/div>\n\t\t<\/div>\n\t<\/a>\n\t<\/calendarteaser>\n<\/li>\n\n<li class=\"teaser-lane-slide col-xs-9 col-sm-4 col-md-3 teaser-wrapper col-padding-remove\">\n\t<calendarteaser key=\"14957217386\" rawitem='{&quot;postId&quot;:149572,&quot;title&quot;:&quot;Dads, faraway grandmas, and grandmothers with green thumbs!&quot;,&quot;excerpt&quot;:&quot;&quot;,&quot;slug&quot;:&quot;dads-faraway-grandmas-and-grandmothers-with-green-thumbs&quot;,&quot;post_date&quot;:&quot;2025-07-22T15:37&quot;,&quot;type&quot;:&quot;event&quot;,&quot;permalink&quot;:&quot;https:\\\/\\\/www.humboldtforum.org\\\/en\\\/programm\\\/termin\\\/reading\\\/dads-faraway-grandmas-and-grandmothers-with-green-thumbs-149572\\\/&quot;,&quot;genre&quot;:[1162,824],&quot;genre_details&quot;:[{&quot;text&quot;:&quot;Reading&quot;,&quot;id&quot;:1162,&quot;icon&quot;:null,&quot;parent&quot;:0},{&quot;text&quot;:&quot;Theatre&quot;,&quot;id&quot;:824,&quot;icon&quot;:null,&quot;parent&quot;:0}],&quot;stakeholder&quot;:[595],&quot;stakeholder_details&quot;:[{&quot;text&quot;:&quot;Stiftung Humboldt Forum im Berliner Schloss&quot;,&quot;id&quot;:595,&quot;icon&quot;:null,&quot;parent&quot;:0}],&quot;targetgroup&quot;:[714],&quot;targetgroup_details&quot;:[{&quot;text&quot;:&quot;Children and families&quot;,&quot;id&quot;:714,&quot;icon&quot;:null,&quot;parent&quot;:0}],&quot;language&quot;:[579],&quot;language_details&quot;:[{&quot;text&quot;:&quot;German&quot;,&quot;id&quot;:579,&quot;icon&quot;:null,&quot;parent&quot;:0}],&quot;age&quot;:[703],&quot;age_details&quot;:[{&quot;text&quot;:&quot;children (3-6 years)&quot;,&quot;id&quot;:703,&quot;icon&quot;:null,&quot;parent&quot;:0}],&quot;place&quot;:[604],&quot;place_details&quot;:{&quot;place&quot;:&quot;Humboldt Forum&quot;,&quot;map&quot;:&quot;Humboldt Forum, Schlossplatz, Berlin&quot;,&quot;room&quot;:&quot;Ground Floor, Hall 3&quot;},&quot;icon_overwrite&quot;:&quot;&quot;,&quot;acf&quot;:{&quot;hashtag&quot;:&quot;HumboldtForum&quot;,&quot;planning&quot;:{&quot;price&quot;:&quot;4 EUR \\\/ 2 EUR&quot;,&quot;admission&quot;:&quot;&quot;,&quot;pause&quot;:&quot;&quot;,&quot;duration&quot;:&quot;30&quot;},&quot;tickettext&quot;:&quot;Please book your ticket in advance online or at the box office in the Foyer.&quot;,&quot;infotext&quot;:&quot;We kindly ask for your understanding that adults are only permitted to participate in the program when accompanied by children.&quot;,&quot;additional_info&quot;:{&quot;icon&quot;:&quot;icon-pin&quot;,&quot;text&quot;:&quot;The entrance to Hall 3 is in the Schl\\u00fcter Courtyard next to the Sculpture Hall.&quot;},&quot;highlight_header&quot;:false,&quot;use_video_in_teasers&quot;:false,&quot;hyphenation&quot;:false,&quot;tipp&quot;:false,&quot;joker&quot;:false,&quot;live&quot;:false,&quot;hide_event_in_program&quot;:false,&quot;gomus_id&quot;:&quot;&quot;,&quot;hm_id&quot;:&quot;&quot;,&quot;featured_images&quot;:[149570],&quot;noindex&quot;:false,&quot;keywords&quot;:&quot;&quot;,&quot;belongsto&quot;:[32405,148526,151129],&quot;shorturl&quot;:&quot;&quot;,&quot;times&quot;:[{&quot;start&quot;:&quot;20260517 14:00&quot;,&quot;end&quot;:&quot;14:30&quot;,&quot;status&quot;:&quot;BUY&quot;,&quot;info&quot;:&quot;4 EUR \\\/ reduced 2 EUR&quot;,&quot;shop&quot;:&quot;https:\\\/\\\/tickets.humboldtforum.org\\\/#\\\/product\\\/event\\\/142?date=2026-05-17&amp;date_id=27930&amp;lang=en&quot;,&quot;i&quot;:3,&quot;start_hour&quot;:&quot;02:00 pm&quot;,&quot;start_HRF&quot;:&quot;Sun, 17 May 2026&quot;,&quot;_date&quot;:{&quot;date&quot;:&quot;2026-05-17 14:30:00.000000&quot;,&quot;timezone_type&quot;:3,&quot;timezone&quot;:&quot;Europe\\\/Berlin&quot;},&quot;_fromdate&quot;:&quot;20260517 14:00&quot;,&quot;start_TS&quot;:1779019200,&quot;start_HRFSHORT&quot;:&quot;17\\\/05\\\/26&quot;,&quot;start_HRFSHORT_WD&quot;:&quot;Sun 17\\\/05\\\/2026&quot;,&quot;end_TS&quot;:1779021000,&quot;can_purchase&quot;:true},{&quot;start&quot;:&quot;20260531 14:00&quot;,&quot;end&quot;:&quot;14:30&quot;,&quot;status&quot;:&quot;BUY&quot;,&quot;info&quot;:&quot;4 EUR \\\/ reduced 2 EUR&quot;,&quot;shop&quot;:&quot;https:\\\/\\\/tickets.humboldtforum.org\\\/#\\\/product\\\/event\\\/142?date=2026-05-31&amp;date_id=27936&amp;lang=en&quot;,&quot;i&quot;:4,&quot;start_hour&quot;:&quot;02:00 pm&quot;,&quot;start_HRF&quot;:&quot;Sun, 31 May 2026&quot;,&quot;_date&quot;:{&quot;date&quot;:&quot;2026-05-31 14:30:00.000000&quot;,&quot;timezone_type&quot;:3,&quot;timezone&quot;:&quot;Europe\\\/Berlin&quot;},&quot;_fromdate&quot;:&quot;20260531 14:00&quot;,&quot;start_TS&quot;:1780228800,&quot;start_HRFSHORT&quot;:&quot;31\\\/05\\\/26&quot;,&quot;start_HRFSHORT_WD&quot;:&quot;Sun 31\\\/05\\\/2026&quot;,&quot;end_TS&quot;:1780230600,&quot;can_purchase&quot;:true}]},&quot;date&quot;:{&quot;NX&quot;:&quot;20260517&quot;,&quot;NXX&quot;:&quot;202605171400&quot;,&quot;NLAST&quot;:&quot;202605311100&quot;,&quot;from_DATE&quot;:&quot;20260314 14:00&quot;,&quot;from&quot;:1773489600,&quot;to&quot;:1780225200,&quot;to_DATE&quot;:&quot;20260531 14:00&quot;,&quot;from_HRFSHORT&quot;:&quot;14 Mar 2026&quot;,&quot;from_HRFSHORT_WD&quot;:&quot;Sat 14\\\/03\\\/2026&quot;,&quot;to_HRFSHORT&quot;:&quot;31 May 2026&quot;,&quot;to_HRFSHORT_WD&quot;:&quot;Sun 31\\\/05\\\/2026&quot;,&quot;from_HRF&quot;:&quot;Sat, 14 March 2026&quot;,&quot;to_HRF&quot;:&quot;Sun, 31 May 2026&quot;,&quot;from_to_HRF&quot;:&quot;Sat, 14 March \\u2013 Sun, 31 May 2026&quot;,&quot;from_to_HRFSHORT&quot;:&quot;14 Mar \\u2013 31 May 2026&quot;},&quot;alert&quot;:null,&quot;partof&quot;:[&quot;32405&quot;],&quot;marketing_topic&quot;:{&quot;title&quot;:&quot;Picture Book Cinema&quot;,&quot;ID&quot;:&quot;32405&quot;,&quot;reason&quot;:&quot;sequence&quot;}}' inline-template>\n\t<a href=\"https:\/\/www.humboldtforum.org\/en\/programm\/termin\/reading\/dads-faraway-grandmas-and-grandmothers-with-green-thumbs-149572\/\" class=\"teaser teaser-event teaser-event-standard\">\n\t\t<div class=\"row\">\n\t\t\t<div class=\"col-xs-12 teaser-event-image\">\n\t\t\t\t<div class=\"teaser-image teaser-image-no-alternate\">\n\t\t\t\t\t\t\t\t\t\t\t\n\t<lazy-media-inline inline-template>\n\t\t<figure itemscope itemtype=\"http:\/\/schema.org\/ImageObject\" class=\"lazy-media-inline \" role=\"group\" id=\"media_69ee02e28077b\" aria-labelledby=\"desc_media_69ee02e28077b\">\n\t\t\t<script type=\"application\/json\" ref=\"data\">\n\t\t\t\t{\n\t\t\t\t\"sizes\" : {\"medium\":{\"file\":\"SHF_eb00250524-251x300.jpg\",\"width\":251,\"height\":300,\"mime-type\":\"image\\\/jpeg\",\"filesize\":14703},\"large\":{\"file\":\"SHF_eb00250524-858x1024.jpg\",\"width\":858,\"height\":1024,\"mime-type\":\"image\\\/jpeg\",\"filesize\":84005},\"thumbnail\":{\"file\":\"SHF_eb00250524-150x150.jpg\",\"width\":150,\"height\":150,\"mime-type\":\"image\\\/jpeg\",\"filesize\":7003},\"medium_large\":{\"file\":\"SHF_eb00250524-768x916.jpg\",\"width\":768,\"height\":916,\"mime-type\":\"image\\\/jpeg\",\"filesize\":71878},\"small\":{\"file\":\"SHF_eb00250524-369x440.jpg\",\"width\":369,\"height\":440,\"mime-type\":\"image\\\/jpeg\",\"filesize\":25280},\"semi\":{\"file\":\"SHF_eb00250524-486x580.jpg\",\"width\":486,\"height\":580,\"mime-type\":\"image\\\/jpeg\",\"filesize\":37679},\"mobile\":{\"file\":\"SHF_eb00250524-603x720.jpg\",\"width\":603,\"height\":720,\"mime-type\":\"image\\\/jpeg\",\"filesize\":50930},\"hd\":{\"file\":\"SHF_eb00250524-1073x1280.jpg\",\"width\":1073,\"height\":1280,\"mime-type\":\"image\\\/jpeg\",\"filesize\":115799},\"original\":{\"file\":\"SHF_eb00250524.jpg\",\"width\":1257,\"height\":1500}},\n\t\t\t\t\"alt\" : \"Book cover \\\"Two Dads for Tango\\\" featuring a cheerful penguin swinging on a rope.\",\n\t\t\t\t\"path\" : \"\\\/wp-content\\\/uploads\\\/2025\\\/07\\\/\",\n\t\t\t\t\"video\" : null,\n\t\t\t\t\"autoplay\" : null,\n\t\t\t\t\"youtube\" : null,\n\t\t\t\t\"youtubelabel\" : \"Play video\",\n\t\t\t\t\"brightness\" : 100,\n\t\t\t\t\"crop\" : null,\n\t\t\t\t\"background\" : true,\n\t\t\t\t\"scale\" : 2\t\t\t\t}\n\t\t\t<\/script>\n\n\t\t\t<div class=\"height-container\" style=\"padding-bottom:119.33174224344%;\" v-if=\"sizes\">\n\t\t\t\t\t\t\t\t<lazy-media :inline=\"true\" :alt=\"alt\" :sizes=\"sizes\" :scale=\"scale\" :brightness=\"brightness\" :path=\"path\" :video=\"video\" :autoplay=\"autoplay\" :youtube=\"youtube\" :crop=\"crop\" :youtubelabel=\"youtubelabel\" :background=\"background\" media-id=\"desc_media_69ee02e28077b\"><\/lazy-media>\n\t\t\t\t\t\t\t<\/div>\n\n\t\t\t\t\t\t\t<figcaption class=\"sr-only\" ref=\"body\" id=\"desc_media_69ee02e28077b\">\n\t\t\t\t\t\t\t\t\t\t\t<div>Book cover &quot;Zwei Papas f&uuml;r Tango&quot; by Edith Schreiber-Wicke and Carola Holland<\/div>\n\t\t\t\t\t\t\t\t\t\t\t\t\t\t\t\t\t\t\t\t\t<div class=\"insignificant\">\u00a9 Thienemann-Esslinger Verlag GmbH<\/div>\n\t\t\t\t\t\t\t\t\t<\/figcaption>\n\t\t\t\t\t<\/figure>\n\t<\/lazy-media-inline>\n\t\t\t\t<\/div>\n\t\t\t<\/div>\n\t\t\t<div class=\"col-xs-12 teaser-event-text Infos\">\n\t\t\t\t<div class=\"teaser-event-standard-text\">\n\t\t\t\t\t<div class=\"margin-bottom-atom\">\n\t\t\t\t\t\t<div class=\"subline clamp-1\" v-html=\"maingenre\"><\/div>\n\t\t\t\t\t\t\t\t\t\t\t\t\t<div class=\"insignificant clamp-2\">Picture Book Cinema<\/div>\n\t\t\t\t\t\t\t\t\t\t\t<\/div>\n\t\t\t\t\n\t\t\t\t\t<strong class=\"margin-bottom-atom\">Dads, faraway grandmas, and grandmothers with green thumbs!<\/strong>\n\n\t\t\t\t\t\t\t\t\t\t\t<div class=\"\"><\/div>\n\t\t\t\t\t\t\t\t\t<\/div>\n\t\t\t\t<div class=\"teaser-bottom border-bottom\">\n\t\t\t\t<calendardateline :rawitem='item' :show-icon=\"true\"><\/calendardateline>\n\t\t\t\t\t<hr>\n\t\t\t\t<\/div>\n\t\t\t<\/div>\n\t\t<\/div>\n\t<\/a>\n\t<\/calendarteaser>\n<\/li>\n\n<li class=\"teaser-lane-slide col-xs-9 col-sm-4 col-md-3 teaser-wrapper col-padding-remove\">\n\t<calendarteaser key=\"14948120283\" rawitem='{&quot;postId&quot;:149481,&quot;title&quot;:&quot;Play, Imagination, and Family Magic&quot;,&quot;excerpt&quot;:&quot;&quot;,&quot;slug&quot;:&quot;play-imagination-and-family-magic&quot;,&quot;post_date&quot;:&quot;2025-07-22T15:39&quot;,&quot;type&quot;:&quot;event&quot;,&quot;permalink&quot;:&quot;https:\\\/\\\/www.humboldtforum.org\\\/en\\\/programm\\\/termin\\\/reading\\\/play-imagination-and-family-magic-149481\\\/&quot;,&quot;genre&quot;:[1162,824],&quot;genre_details&quot;:[{&quot;text&quot;:&quot;Reading&quot;,&quot;id&quot;:1162,&quot;icon&quot;:null,&quot;parent&quot;:0},{&quot;text&quot;:&quot;Theatre&quot;,&quot;id&quot;:824,&quot;icon&quot;:null,&quot;parent&quot;:0}],&quot;stakeholder&quot;:[595],&quot;stakeholder_details&quot;:[{&quot;text&quot;:&quot;Stiftung Humboldt Forum im Berliner Schloss&quot;,&quot;id&quot;:595,&quot;icon&quot;:null,&quot;parent&quot;:0}],&quot;targetgroup&quot;:[714],&quot;targetgroup_details&quot;:[{&quot;text&quot;:&quot;Children and families&quot;,&quot;id&quot;:714,&quot;icon&quot;:null,&quot;parent&quot;:0}],&quot;language&quot;:[579],&quot;language_details&quot;:[{&quot;text&quot;:&quot;German&quot;,&quot;id&quot;:579,&quot;icon&quot;:null,&quot;parent&quot;:0}],&quot;age&quot;:[703],&quot;age_details&quot;:[{&quot;text&quot;:&quot;children (3-6 years)&quot;,&quot;id&quot;:703,&quot;icon&quot;:null,&quot;parent&quot;:0}],&quot;place&quot;:[604],&quot;place_details&quot;:{&quot;place&quot;:&quot;Humboldt Forum&quot;,&quot;map&quot;:&quot;Humboldt Forum, Schlossplatz, Berlin&quot;,&quot;room&quot;:&quot;Ground Floor, Hall 3&quot;},&quot;icon_overwrite&quot;:&quot;&quot;,&quot;acf&quot;:{&quot;hashtag&quot;:&quot;HumboldtForum&quot;,&quot;planning&quot;:{&quot;price&quot;:&quot;4 EUR \\\/ 2 EUR&quot;,&quot;admission&quot;:&quot;&quot;,&quot;pause&quot;:&quot;&quot;,&quot;duration&quot;:&quot;30&quot;},&quot;tickettext&quot;:&quot;Please book your ticket in advance online or at the box office in the Foyer.&quot;,&quot;infotext&quot;:&quot;&quot;,&quot;additional_info&quot;:{&quot;icon&quot;:&quot;icon-pin&quot;,&quot;text&quot;:&quot;The entrance to Hall 3 is in the Schl\\u00fcter Courtyard next to the Sculpture Hall.&quot;},&quot;highlight_header&quot;:false,&quot;featured_images&quot;:[149454],&quot;use_video_in_teasers&quot;:false,&quot;hyphenation&quot;:true,&quot;tipp&quot;:false,&quot;joker&quot;:false,&quot;live&quot;:false,&quot;hide_event_in_program&quot;:false,&quot;gomus_id&quot;:&quot;&quot;,&quot;noindex&quot;:false,&quot;keywords&quot;:&quot;&quot;,&quot;belongsto&quot;:[32405,148526,151129],&quot;shorturl&quot;:&quot;&quot;,&quot;hm_id&quot;:&quot;&quot;,&quot;times&quot;:[{&quot;start&quot;:&quot;20260517 15:00&quot;,&quot;end&quot;:&quot;15:30&quot;,&quot;status&quot;:&quot;BUY&quot;,&quot;info&quot;:&quot;4 EUR \\\/ reduced 2 EUR&quot;,&quot;shop&quot;:&quot;https:\\\/\\\/tickets.humboldtforum.org\\\/#\\\/product\\\/event\\\/142?date=2026-05-17&amp;date_id=27931&amp;lang=en&quot;,&quot;i&quot;:3,&quot;start_hour&quot;:&quot;03:00 pm&quot;,&quot;start_HRF&quot;:&quot;Sun, 17 May 2026&quot;,&quot;_date&quot;:{&quot;date&quot;:&quot;2026-05-17 15:30:00.000000&quot;,&quot;timezone_type&quot;:3,&quot;timezone&quot;:&quot;Europe\\\/Berlin&quot;},&quot;_fromdate&quot;:&quot;20260517 15:00&quot;,&quot;start_TS&quot;:1779022800,&quot;start_HRFSHORT&quot;:&quot;17\\\/05\\\/26&quot;,&quot;start_HRFSHORT_WD&quot;:&quot;Sun 17\\\/05\\\/2026&quot;,&quot;end_TS&quot;:1779024600,&quot;can_purchase&quot;:true},{&quot;start&quot;:&quot;20260531 15:00&quot;,&quot;end&quot;:&quot;15:30&quot;,&quot;status&quot;:&quot;BUY&quot;,&quot;info&quot;:&quot;4 EUR \\\/ reduced 2 EUR&quot;,&quot;shop&quot;:&quot;https:\\\/\\\/tickets.humboldtforum.org\\\/#\\\/product\\\/event\\\/142?date=2026-05-31&amp;date_id=27937&amp;lang=en&quot;,&quot;i&quot;:4,&quot;start_hour&quot;:&quot;03:00 pm&quot;,&quot;start_HRF&quot;:&quot;Sun, 31 May 2026&quot;,&quot;_date&quot;:{&quot;date&quot;:&quot;2026-05-31 15:30:00.000000&quot;,&quot;timezone_type&quot;:3,&quot;timezone&quot;:&quot;Europe\\\/Berlin&quot;},&quot;_fromdate&quot;:&quot;20260531 15:00&quot;,&quot;start_TS&quot;:1780232400,&quot;start_HRFSHORT&quot;:&quot;31\\\/05\\\/26&quot;,&quot;start_HRFSHORT_WD&quot;:&quot;Sun 31\\\/05\\\/2026&quot;,&quot;end_TS&quot;:1780234200,&quot;can_purchase&quot;:true}]},&quot;date&quot;:{&quot;NX&quot;:&quot;20260517&quot;,&quot;NXX&quot;:&quot;202605171500&quot;,&quot;NLAST&quot;:&quot;202605311200&quot;,&quot;from_DATE&quot;:&quot;20260314 15:00&quot;,&quot;from&quot;:1773493200,&quot;to&quot;:1780228800,&quot;to_DATE&quot;:&quot;20260531 15:00&quot;,&quot;from_HRFSHORT&quot;:&quot;14 Mar 2026&quot;,&quot;from_HRFSHORT_WD&quot;:&quot;Sat 14\\\/03\\\/2026&quot;,&quot;to_HRFSHORT&quot;:&quot;31 May 2026&quot;,&quot;to_HRFSHORT_WD&quot;:&quot;Sun 31\\\/05\\\/2026&quot;,&quot;from_HRF&quot;:&quot;Sat, 14 March 2026&quot;,&quot;to_HRF&quot;:&quot;Sun, 31 May 2026&quot;,&quot;from_to_HRF&quot;:&quot;Sat, 14 March \\u2013 Sun, 31 May 2026&quot;,&quot;from_to_HRFSHORT&quot;:&quot;14 Mar \\u2013 31 May 2026&quot;},&quot;alert&quot;:null,&quot;partof&quot;:[&quot;32405&quot;],&quot;marketing_topic&quot;:{&quot;title&quot;:&quot;Picture Book Cinema&quot;,&quot;ID&quot;:&quot;32405&quot;,&quot;reason&quot;:&quot;sequence&quot;}}' inline-template>\n\t<a href=\"https:\/\/www.humboldtforum.org\/en\/programm\/termin\/reading\/play-imagination-and-family-magic-149481\/\" class=\"teaser teaser-event teaser-event-standard\">\n\t\t<div class=\"row\">\n\t\t\t<div class=\"col-xs-12 teaser-event-image\">\n\t\t\t\t<div class=\"teaser-image teaser-image-no-alternate\">\n\t\t\t\t\t\t\t\t\t\t\t\n\t<lazy-media-inline inline-template>\n\t\t<figure itemscope itemtype=\"http:\/\/schema.org\/ImageObject\" class=\"lazy-media-inline \" role=\"group\" id=\"media_69ee02e282bbd\" aria-labelledby=\"desc_media_69ee02e282bbd\">\n\t\t\t<script type=\"application\/json\" ref=\"data\">\n\t\t\t\t{\n\t\t\t\t\"sizes\" : {\"medium\":{\"file\":\"SHF_eb00250539-264x300.jpg\",\"width\":264,\"height\":300,\"mime-type\":\"image\\\/jpeg\",\"filesize\":25736},\"large\":{\"file\":\"SHF_eb00250539-902x1024.jpg\",\"width\":902,\"height\":1024,\"mime-type\":\"image\\\/jpeg\",\"filesize\":143700},\"thumbnail\":{\"file\":\"SHF_eb00250539-150x150.jpg\",\"width\":150,\"height\":150,\"mime-type\":\"image\\\/jpeg\",\"filesize\":9778},\"medium_large\":{\"file\":\"SHF_eb00250539-768x871.jpg\",\"width\":768,\"height\":871,\"mime-type\":\"image\\\/jpeg\",\"filesize\":114956},\"small\":{\"file\":\"SHF_eb00250539-388x440.jpg\",\"width\":388,\"height\":440,\"mime-type\":\"image\\\/jpeg\",\"filesize\":44962},\"semi\":{\"file\":\"SHF_eb00250539-511x580.jpg\",\"width\":511,\"height\":580,\"mime-type\":\"image\\\/jpeg\",\"filesize\":65860},\"mobile\":{\"file\":\"SHF_eb00250539-635x720.jpg\",\"width\":635,\"height\":720,\"mime-type\":\"image\\\/jpeg\",\"filesize\":87925},\"hd\":{\"file\":\"SHF_eb00250539-1128x1280.jpg\",\"width\":1128,\"height\":1280,\"mime-type\":\"image\\\/jpeg\",\"filesize\":194718},\"original\":{\"file\":\"SHF_eb00250539.jpg\",\"width\":1322,\"height\":1500}},\n\t\t\t\t\"alt\" : \"Book cover titled \\\"Mama's Magic Cloth,\\\" showcasing a mother with her baby surrounded by colorful, whimsical patterns.\",\n\t\t\t\t\"path\" : \"\\\/wp-content\\\/uploads\\\/2025\\\/07\\\/\",\n\t\t\t\t\"video\" : null,\n\t\t\t\t\"autoplay\" : null,\n\t\t\t\t\"youtube\" : null,\n\t\t\t\t\"youtubelabel\" : \"Play video\",\n\t\t\t\t\"brightness\" : 100,\n\t\t\t\t\"crop\" : {\"top\":\"70.42\",\"left\":\"36.68\"},\n\t\t\t\t\"background\" : true,\n\t\t\t\t\"scale\" : 2\t\t\t\t}\n\t\t\t<\/script>\n\n\t\t\t<div class=\"height-container\" style=\"padding-bottom:113.46444780635%;\" v-if=\"sizes\">\n\t\t\t\t\t\t\t\t<lazy-media :inline=\"true\" :alt=\"alt\" :sizes=\"sizes\" :scale=\"scale\" :brightness=\"brightness\" :path=\"path\" :video=\"video\" :autoplay=\"autoplay\" :youtube=\"youtube\" :crop=\"crop\" :youtubelabel=\"youtubelabel\" :background=\"background\" media-id=\"desc_media_69ee02e282bbd\"><\/lazy-media>\n\t\t\t\t\t\t\t<\/div>\n\n\t\t\t\t\t\t\t<figcaption class=\"sr-only\" ref=\"body\" id=\"desc_media_69ee02e282bbd\">\n\t\t\t\t\t\t\t\t\t\t\t<div>Book cover &quot;Mamas Zaubertuch&quot; by Chimamanda Ngozi Adichie<\/div>\n\t\t\t\t\t\t\t\t\t\t\t\t\t\t\t\t\t\t\t\t\t<div class=\"insignificant\">\u00a9 Fischer Sauerl\u00e4nder<\/div>\n\t\t\t\t\t\t\t\t\t<\/figcaption>\n\t\t\t\t\t<\/figure>\n\t<\/lazy-media-inline>\n\t\t\t\t<\/div>\n\t\t\t<\/div>\n\t\t\t<div class=\"col-xs-12 teaser-event-text Infos\">\n\t\t\t\t<div class=\"teaser-event-standard-text\">\n\t\t\t\t\t<div class=\"margin-bottom-atom\">\n\t\t\t\t\t\t<div class=\"subline clamp-1\" v-html=\"maingenre\"><\/div>\n\t\t\t\t\t\t\t\t\t\t\t\t\t<div class=\"insignificant clamp-2\">Picture Book Cinema<\/div>\n\t\t\t\t\t\t\t\t\t\t\t<\/div>\n\t\t\t\t\n\t\t\t\t\t<strong class=\"margin-bottom-atom\">Play, Imagination, and Family Magic<\/strong>\n\n\t\t\t\t\t\t\t\t\t\t\t<div class=\"\"><\/div>\n\t\t\t\t\t\t\t\t\t<\/div>\n\t\t\t\t<div class=\"teaser-bottom border-bottom\">\n\t\t\t\t<calendardateline :rawitem='item' :show-icon=\"true\"><\/calendardateline>\n\t\t\t\t\t<hr>\n\t\t\t\t<\/div>\n\t\t\t<\/div>\n\t\t<\/div>\n\t<\/a>\n\t<\/calendarteaser>\n<\/li>\n\n<li class=\"teaser-lane-slide col-xs-9 col-sm-4 col-md-3 teaser-wrapper col-padding-remove\">\n\t<calendarteaser key=\"423591177\" rawitem='{&quot;postId&quot;:42359,&quot;title&quot;:&quot;Colors for All - \\u041a\\u043e\\u043b\\u044c\\u043e\\u0440\\u0438 \\u0434\\u043b\\u044f \\u0432\\u0441\\u0456\\u0445&quot;,&quot;excerpt&quot;:&quot;Gelesen werden die Bilderb\\u00fccher \\&quot;Die Mauer. Eien Parabel\\&quot; von  Giancarlo Macri und Carolina Zanotti mit den Illustrationen von Sacco &amp; Valleriano sowie \\&quot;Alle sehen eine Katze\\&quot; von Brendan Wenzel und Thomas Bodmer.   \\u0427\\u0438\\u0442\\u0430\\u043d\\u043d\\u044f \\u043a\\u043d\\u0438\\u0436\\u043e\\u043a \\u0437 \\u043c\\u0430\\u043b\\u044e\\u043d\\u043a\\u0430\\u043c\\u0438 \\u00ab\\u0421\\u0442\\u0456\\u043d\\u0430. \\u041f\\u0440\\u0438\\u0442\\u0447\\u0430\\u00bb \\u0414\\u0436\\u0430\\u043d\\u043a\\u0430\\u0440\\u043b\\u043e \\u041c\\u0430\\u043a\\u0440\\u0456 \\u0442\\u0430 \\u041a\\u0430\\u0440\\u043e\\u043b\\u0456\\u043d\\u0438 \\u0417\\u0430\\u043d\\u043e\\u0442\\u0442\\u0456 \\u0437 \\u0456\\u043b\\u044e\\u0441\\u0442\\u0440\\u0430\\u0446\\u0456\\u044f\\u043c\\u0438 \\u0432\\u0456\\u0434 \\u0421\\u0430\\u043a\\u043a\\u043e &amp; \\u0412\\u0430\\u043b\\u043b\\u0430\\u0440\\u0456\\u043d\\u043e, \\u0430 \\u0442\\u0430\\u043a\\u043e\\u0436 \\u00ab\\u0423\\u0441\\u0456 \\u0431\\u0430\\u0447\\u0430\\u0442\\u044c \\u043a\\u0438\\u0446\\u044e\\u00bb von \\u0411\\u0440\\u0435\\u043d\\u0434\\u0430\\u043d\\u0430 \\u0412\\u0435\\u043d\\u0446\\u0435\\u043b\\u044f \\u0456 \\u0422\\u043e\\u043c\\u0430\\u0441\\u0430 \\u0411\\u043e\\u0434\\u043c\\u0435\\u0440\\u0430.&quot;,&quot;slug&quot;:&quot;colors-for-all-%d0%ba%d0%be%d0%bb%d1%8c%d0%be%d1%80%d0%b8-%d0%b4%d0%bb%d1%8f-%d0%b2%d1%81%d1%96%d1%85&quot;,&quot;post_date&quot;:&quot;2022-04-26T08:54&quot;,&quot;type&quot;:&quot;event&quot;,&quot;permalink&quot;:&quot;https:\\\/\\\/www.humboldtforum.org\\\/en\\\/programm\\\/termin\\\/reading\\\/colors-for-all-%d0%ba%d0%be%d0%bb%d1%8c%d0%be%d1%80%d0%b8-%d0%b4%d0%bb%d1%8f-%d0%b2%d1%81%d1%96%d1%85-42359\\\/&quot;,&quot;genre&quot;:[1162,824],&quot;genre_details&quot;:[{&quot;text&quot;:&quot;Reading&quot;,&quot;id&quot;:1162,&quot;icon&quot;:null,&quot;parent&quot;:0},{&quot;text&quot;:&quot;Theatre&quot;,&quot;id&quot;:824,&quot;icon&quot;:null,&quot;parent&quot;:0}],&quot;stakeholder&quot;:[595],&quot;stakeholder_details&quot;:[{&quot;text&quot;:&quot;Stiftung Humboldt Forum im Berliner Schloss&quot;,&quot;id&quot;:595,&quot;icon&quot;:null,&quot;parent&quot;:0}],&quot;targetgroup&quot;:[714],&quot;targetgroup_details&quot;:[{&quot;text&quot;:&quot;Children and families&quot;,&quot;id&quot;:714,&quot;icon&quot;:null,&quot;parent&quot;:0}],&quot;language&quot;:[579,1420],&quot;language_details&quot;:[{&quot;text&quot;:&quot;German&quot;,&quot;id&quot;:579,&quot;icon&quot;:null,&quot;parent&quot;:0},{&quot;text&quot;:&quot;Ukrainian&quot;,&quot;id&quot;:1420,&quot;icon&quot;:null,&quot;parent&quot;:0}],&quot;accessability&quot;:[596],&quot;accessability_details&quot;:[{&quot;text&quot;:&quot;Accessible for wheelchairs&quot;,&quot;id&quot;:596,&quot;icon&quot;:null,&quot;parent&quot;:0}],&quot;age&quot;:[703],&quot;age_details&quot;:[{&quot;text&quot;:&quot;children (3-6 years)&quot;,&quot;id&quot;:703,&quot;icon&quot;:null,&quot;parent&quot;:0}],&quot;place&quot;:[604],&quot;place_details&quot;:{&quot;place&quot;:&quot;Humboldt Forum&quot;,&quot;map&quot;:&quot;Humboldt Forum, Schlossplatz, Berlin&quot;,&quot;room&quot;:&quot;Ground Floor, Hall 3&quot;},&quot;icon_overwrite&quot;:&quot;&quot;,&quot;acf&quot;:{&quot;noindex&quot;:false,&quot;keywords&quot;:&quot;&quot;,&quot;hashtag&quot;:&quot;HumboldtForum&quot;,&quot;shorturl&quot;:&quot;&quot;,&quot;times&quot;:[{&quot;start&quot;:&quot;20260530 13:00&quot;,&quot;end&quot;:&quot;13:30&quot;,&quot;status&quot;:&quot;BUY&quot;,&quot;info&quot;:&quot;4 EUR \\\/ 2 EUR&quot;,&quot;shop&quot;:&quot;https:\\\/\\\/tickets.humboldtforum.org\\\/#\\\/product\\\/event\\\/142?date=2026-05-30&amp;date_id=27932&amp;lang=en&quot;,&quot;i&quot;:0,&quot;start_hour&quot;:&quot;01:00 pm&quot;,&quot;start_HRF&quot;:&quot;Sat, 30 May 2026&quot;,&quot;_date&quot;:{&quot;date&quot;:&quot;2026-05-30 13:30:00.000000&quot;,&quot;timezone_type&quot;:3,&quot;timezone&quot;:&quot;Europe\\\/Berlin&quot;},&quot;_fromdate&quot;:&quot;20260530 13:00&quot;,&quot;start_TS&quot;:1780138800,&quot;start_HRFSHORT&quot;:&quot;30\\\/05\\\/26&quot;,&quot;start_HRFSHORT_WD&quot;:&quot;Sat 30\\\/05\\\/2026&quot;,&quot;end_TS&quot;:1780140600,&quot;can_purchase&quot;:true}],&quot;planning&quot;:{&quot;price&quot;:&quot;4 EUR \\\/ 2 EUR&quot;,&quot;admission&quot;:&quot;&quot;,&quot;pause&quot;:&quot;&quot;,&quot;duration&quot;:&quot;&quot;},&quot;tickettext&quot;:&quot;Book your ticket in advance online or at the box office in the foyer.&quot;,&quot;infotext&quot;:&quot;We kindly ask for your understanding that adults are only permitted to participate in the program when accompanied by children.&quot;,&quot;additional_info&quot;:{&quot;icon&quot;:&quot;icon-pin&quot;,&quot;text&quot;:&quot;The entrance to Hall 3 is in the Schl\\u00fcter Courtyard next to the Sculpture Hall.&quot;},&quot;highlight_header&quot;:false,&quot;featured_images&quot;:[42361],&quot;use_video_in_teasers&quot;:false,&quot;hyphenation&quot;:true,&quot;tipp&quot;:false,&quot;joker&quot;:false,&quot;live&quot;:false,&quot;hide_event_in_program&quot;:false,&quot;subline&quot;:&quot;Colorful is always more fun - \\u0429\\u043e \\u0441\\u0442\\u0440\\u043e\\u043a\\u0430\\u0442\\u0456\\u0448\\u0435, \\u0442\\u043e \\u0432\\u0435\\u0441\\u0435\\u043b\\u0456\\u0448\\u0435&quot;,&quot;marketing_text&quot;:&quot;Stories about collections - \\u0406\\u0441\\u0442\\u043e\\u0440\\u0456\\u0457 \\u0442\\u0430 \\u043a\\u043e\\u043b\\u0435\\u043a\\u0446\\u0456\\u0457&quot;,&quot;shorttext&quot;:&quot;Gelesen werden die Bilderb\\u00fccher \\&quot;Die Mauer. Eien Parabel\\&quot; von  Giancarlo Macri und Carolina Zanotti mit den Illustrationen von Sacco &amp; Valleriano sowie \\&quot;Alle sehen eine Katze\\&quot; von Brendan Wenzel und Thomas Bodmer.   \\u0427\\u0438\\u0442\\u0430\\u043d\\u043d\\u044f \\u043a\\u043d\\u0438\\u0436\\u043e\\u043a \\u0437 \\u043c\\u0430\\u043b\\u044e\\u043d\\u043a\\u0430\\u043c\\u0438 \\u00ab\\u0421\\u0442\\u0456\\u043d\\u0430. \\u041f\\u0440\\u0438\\u0442\\u0447\\u0430\\u00bb \\u0414\\u0436\\u0430\\u043d\\u043a\\u0430\\u0440\\u043b\\u043e \\u041c\\u0430\\u043a\\u0440\\u0456 \\u0442\\u0430 \\u041a\\u0430\\u0440\\u043e\\u043b\\u0456\\u043d\\u0438 \\u0417\\u0430\\u043d\\u043e\\u0442\\u0442\\u0456 \\u0437 \\u0456\\u043b\\u044e\\u0441\\u0442\\u0440\\u0430\\u0446\\u0456\\u044f\\u043c\\u0438 \\u0432\\u0456\\u0434 \\u0421\\u0430\\u043a\\u043a\\u043e &amp; \\u0412\\u0430\\u043b\\u043b\\u0430\\u0440\\u0456\\u043d\\u043e, \\u0430 \\u0442\\u0430\\u043a\\u043e\\u0436 \\u00ab\\u0423\\u0441\\u0456 \\u0431\\u0430\\u0447\\u0430\\u0442\\u044c \\u043a\\u0438\\u0446\\u044e\\u00bb von \\u0411\\u0440\\u0435\\u043d\\u0434\\u0430\\u043d\\u0430 \\u0412\\u0435\\u043d\\u0446\\u0435\\u043b\\u044f \\u0456 \\u0422\\u043e\\u043c\\u0430\\u0441\\u0430 \\u0411\\u043e\\u0434\\u043c\\u0435\\u0440\\u0430.&quot;,&quot;hm_id&quot;:&quot;&quot;,&quot;gomus_id&quot;:&quot;&quot;,&quot;belongsto&quot;:[32405]},&quot;date&quot;:{&quot;NX&quot;:&quot;20260530&quot;,&quot;NXX&quot;:&quot;202605301300&quot;,&quot;NLAST&quot;:&quot;202605300900&quot;,&quot;from_DATE&quot;:&quot;20260530 13:00&quot;,&quot;from&quot;:1780131600,&quot;to&quot;:1780131600,&quot;to_DATE&quot;:&quot;20260530 13:00&quot;,&quot;from_HRFSHORT&quot;:&quot;30 May 2026&quot;,&quot;from_HRFSHORT_WD&quot;:&quot;Sat 30\\\/05\\\/2026&quot;,&quot;to_HRFSHORT&quot;:&quot;30 May 2026&quot;,&quot;to_HRFSHORT_WD&quot;:&quot;Sat 30\\\/05\\\/2026&quot;,&quot;from_HRF&quot;:&quot;Sat, 30 May 2026&quot;,&quot;to_HRF&quot;:&quot;Sat, 30 May 2026&quot;,&quot;from_to_HRF&quot;:&quot;Sat, 30 May \\u2013 Sat, 30 May 2026&quot;,&quot;from_to_HRFSHORT&quot;:&quot;30 May \\u2013 30 May 2026&quot;},&quot;alert&quot;:null,&quot;partof&quot;:[&quot;32405&quot;],&quot;marketing_topic&quot;:{&quot;title&quot;:&quot;Picture Book Cinema&quot;,&quot;ID&quot;:&quot;32405&quot;,&quot;reason&quot;:&quot;sequence&quot;}}' inline-template>\n\t<a href=\"https:\/\/www.humboldtforum.org\/en\/programm\/termin\/reading\/colors-for-all-%d0%ba%d0%be%d0%bb%d1%8c%d0%be%d1%80%d0%b8-%d0%b4%d0%bb%d1%8f-%d0%b2%d1%81%d1%96%d1%85-42359\/\" class=\"teaser teaser-event teaser-event-standard\">\n\t\t<div class=\"row\">\n\t\t\t<div class=\"col-xs-12 teaser-event-image\">\n\t\t\t\t<div class=\"teaser-image teaser-image-no-alternate\">\n\t\t\t\t\t\t\t\t\t\t\t\n\t<lazy-media-inline inline-template>\n\t\t<figure itemscope itemtype=\"http:\/\/schema.org\/ImageObject\" class=\"lazy-media-inline \" role=\"group\" id=\"media_69ee02e2846c2\" aria-labelledby=\"desc_media_69ee02e2846c2\">\n\t\t\t<script type=\"application\/json\" ref=\"data\">\n\t\t\t\t{\n\t\t\t\t\"sizes\" : {\"medium\":{\"file\":\"die-Mauer-Collage-1024x576-3-300x169.jpg\",\"width\":300,\"height\":169,\"mime-type\":\"image\\\/jpeg\"},\"large\":{\"file\":\"die-Mauer-Collage-1024x576-3-1024x576.jpg\",\"width\":1024,\"height\":576,\"mime-type\":\"image\\\/jpeg\"},\"thumbnail\":{\"file\":\"die-Mauer-Collage-1024x576-3-150x150.jpg\",\"width\":150,\"height\":150,\"mime-type\":\"image\\\/jpeg\"},\"medium_large\":{\"file\":\"die-Mauer-Collage-1024x576-3-768x432.jpg\",\"width\":768,\"height\":432,\"mime-type\":\"image\\\/jpeg\"},\"small\":{\"file\":\"die-Mauer-Collage-1024x576-3-440x248.jpg\",\"width\":440,\"height\":248,\"mime-type\":\"image\\\/jpeg\"},\"semi\":{\"file\":\"die-Mauer-Collage-1024x576-3-580x326.jpg\",\"width\":580,\"height\":326,\"mime-type\":\"image\\\/jpeg\"},\"mobile\":{\"file\":\"die-Mauer-Collage-1024x576-3-720x405.jpg\",\"width\":720,\"height\":405,\"mime-type\":\"image\\\/jpeg\"},\"hd\":{\"file\":\"die-Mauer-Collage-1024x576-3-1280x720.jpg\",\"width\":1280,\"height\":720,\"mime-type\":\"image\\\/jpeg\"},\"1536x1536\":{\"file\":\"die-Mauer-Collage-1024x576-3-1536x864.jpg\",\"width\":1536,\"height\":864,\"mime-type\":\"image\\\/jpeg\"},\"original\":{\"file\":\"die-Mauer-Collage-1024x576-3.jpg\",\"width\":1600,\"height\":900}},\n\t\t\t\t\"alt\" : \"Book cover: \\\"The Color\\\" with colorful illustrations and \\\"Everyone Sees a Cat\\\" featuring a drawing of a cat.\",\n\t\t\t\t\"path\" : \"\\\/wp-content\\\/uploads\\\/2022\\\/04\\\/\",\n\t\t\t\t\"video\" : null,\n\t\t\t\t\"autoplay\" : null,\n\t\t\t\t\"youtube\" : null,\n\t\t\t\t\"youtubelabel\" : \"Play video\",\n\t\t\t\t\"brightness\" : 100,\n\t\t\t\t\"crop\" : null,\n\t\t\t\t\"background\" : true,\n\t\t\t\t\"scale\" : 2\t\t\t\t}\n\t\t\t<\/script>\n\n\t\t\t<div class=\"height-container\" style=\"padding-bottom:56.25%;\" v-if=\"sizes\">\n\t\t\t\t\t\t\t\t<lazy-media :inline=\"true\" :alt=\"alt\" :sizes=\"sizes\" :scale=\"scale\" :brightness=\"brightness\" :path=\"path\" :video=\"video\" :autoplay=\"autoplay\" :youtube=\"youtube\" :crop=\"crop\" :youtubelabel=\"youtubelabel\" :background=\"background\" media-id=\"desc_media_69ee02e2846c2\"><\/lazy-media>\n\t\t\t\t\t\t\t<\/div>\n\n\t\t\t\t\t\t\t<figcaption class=\"sr-only\" ref=\"body\" id=\"desc_media_69ee02e2846c2\">\n\t\t\t\t\t\t\t\t\t\t\t\t\t\t\t\t\t\t\t\t\t<div class=\"insignificant\">\u00a9 &#8220;Die Mauer. Eine Parabel&#8221; 360 Grad Verlag, &#8220;Alle sehen eine Katze&#8221; NordS\u00fcd Verlag AG <\/div>\n\t\t\t\t\t\t\t\t\t<\/figcaption>\n\t\t\t\t\t<\/figure>\n\t<\/lazy-media-inline>\n\t\t\t\t<\/div>\n\t\t\t<\/div>\n\t\t\t<div class=\"col-xs-12 teaser-event-text Infos\">\n\t\t\t\t<div class=\"teaser-event-standard-text\">\n\t\t\t\t\t<div class=\"margin-bottom-atom\">\n\t\t\t\t\t\t<div class=\"subline clamp-1\" v-html=\"maingenre\"><\/div>\n\t\t\t\t\t\t\t\t\t\t\t\t\t<div class=\"insignificant clamp-2\">Picture Book Cinema<\/div>\n\t\t\t\t\t\t\t\t\t\t\t<\/div>\n\t\t\t\t\n\t\t\t\t\t<strong class=\"margin-bottom-atom\">Colors for All &#8211; \u041a\u043e\u043b\u044c\u043e\u0440\u0438 \u0434\u043b\u044f \u0432\u0441\u0456\u0445<\/strong>\n\n\t\t\t\t\t\t\t\t\t\t\t<div class=\"\">Stories about collections &#8211; \u0406\u0441\u0442\u043e\u0440\u0456\u0457 \u0442\u0430 \u043a\u043e\u043b\u0435\u043a\u0446\u0456\u0457<\/div>\n\t\t\t\t\t\t\t\t\t<\/div>\n\t\t\t\t<div class=\"teaser-bottom border-bottom\">\n\t\t\t\t<calendardateline :rawitem='item' :show-icon=\"true\"><\/calendardateline>\n\t\t\t\t\t<hr>\n\t\t\t\t<\/div>\n\t\t\t<\/div>\n\t\t<\/div>\n\t<\/a>\n\t<\/calendarteaser>\n<\/li>\n\n<li class=\"teaser-lane-slide col-xs-9 col-sm-4 col-md-3 teaser-wrapper col-padding-remove\">\n\t<calendarteaser key=\"423058537\" rawitem='{&quot;postId&quot;:42305,&quot;title&quot;:&quot;Ida sammelt. Du auch? - \\u0406\\u0434\\u0430 \\u043a\\u043e\\u043b\\u0435\\u043a\\u0446\\u0456\\u043e\\u043d\\u0443\\u0454. \\u0410 \\u0442\\u0438?&quot;,&quot;excerpt&quot;:&quot;Gelesen werden die Bilderb\\u00fccher \\&quot;Ida und die Welt hinterm Kaiserzipf\\&quot; von Linda Schwalbe sowie \\&quot;Ein Museum nur f\\u00fcr mich\\&quot; von Emma Lewis.&quot;,&quot;slug&quot;:&quot;ida-sammelt-du-auch-%d1%96%d0%b4%d0%b0-%d0%ba%d0%be%d0%bb%d0%b5%d0%ba%d1%86%d1%96%d0%be%d0%bd%d1%83%d1%94-%d0%b0-%d1%82%d0%b8&quot;,&quot;post_date&quot;:&quot;2022-04-25T11:28&quot;,&quot;type&quot;:&quot;event&quot;,&quot;permalink&quot;:&quot;https:\\\/\\\/www.humboldtforum.org\\\/en\\\/programm\\\/termin\\\/reading\\\/ida-sammelt-du-auch-%d1%96%d0%b4%d0%b0-%d0%ba%d0%be%d0%bb%d0%b5%d0%ba%d1%86%d1%96%d0%be%d0%bd%d1%83%d1%94-%d0%b0-%d1%82%d0%b8-42305\\\/&quot;,&quot;genre&quot;:[1162,824],&quot;genre_details&quot;:[{&quot;text&quot;:&quot;Reading&quot;,&quot;id&quot;:1162,&quot;icon&quot;:null,&quot;parent&quot;:0},{&quot;text&quot;:&quot;Theatre&quot;,&quot;id&quot;:824,&quot;icon&quot;:null,&quot;parent&quot;:0}],&quot;stakeholder&quot;:[595],&quot;stakeholder_details&quot;:[{&quot;text&quot;:&quot;Stiftung Humboldt Forum im Berliner Schloss&quot;,&quot;id&quot;:595,&quot;icon&quot;:null,&quot;parent&quot;:0}],&quot;targetgroup&quot;:[714],&quot;targetgroup_details&quot;:[{&quot;text&quot;:&quot;Children and families&quot;,&quot;id&quot;:714,&quot;icon&quot;:null,&quot;parent&quot;:0}],&quot;language&quot;:[579,1420],&quot;language_details&quot;:[{&quot;text&quot;:&quot;German&quot;,&quot;id&quot;:579,&quot;icon&quot;:null,&quot;parent&quot;:0},{&quot;text&quot;:&quot;Ukrainian&quot;,&quot;id&quot;:1420,&quot;icon&quot;:null,&quot;parent&quot;:0}],&quot;accessability&quot;:[596],&quot;accessability_details&quot;:[{&quot;text&quot;:&quot;Accessible for wheelchairs&quot;,&quot;id&quot;:596,&quot;icon&quot;:null,&quot;parent&quot;:0}],&quot;age&quot;:[703],&quot;age_details&quot;:[{&quot;text&quot;:&quot;children (3-6 years)&quot;,&quot;id&quot;:703,&quot;icon&quot;:null,&quot;parent&quot;:0}],&quot;place&quot;:[604],&quot;place_details&quot;:{&quot;place&quot;:&quot;Humboldt Forum&quot;,&quot;map&quot;:&quot;Humboldt Forum, Schlossplatz, Berlin&quot;,&quot;room&quot;:&quot;Ground Floor, Hall 3&quot;},&quot;icon_overwrite&quot;:&quot;&quot;,&quot;acf&quot;:{&quot;hashtag&quot;:&quot;HumboldtForum&quot;,&quot;times&quot;:[{&quot;start&quot;:&quot;20260530 14:00&quot;,&quot;end&quot;:&quot;14:30&quot;,&quot;status&quot;:&quot;BUY&quot;,&quot;info&quot;:&quot;4 EUR \\\/ reduced 2 EUR&quot;,&quot;shop&quot;:&quot;https:\\\/\\\/tickets.humboldtforum.org\\\/#\\\/product\\\/event\\\/142?date=2026-05-30&amp;date_id=27933&amp;lang=en&quot;,&quot;i&quot;:0,&quot;start_hour&quot;:&quot;02:00 pm&quot;,&quot;start_HRF&quot;:&quot;Sat, 30 May 2026&quot;,&quot;_date&quot;:{&quot;date&quot;:&quot;2026-05-30 14:30:00.000000&quot;,&quot;timezone_type&quot;:3,&quot;timezone&quot;:&quot;Europe\\\/Berlin&quot;},&quot;_fromdate&quot;:&quot;20260530 14:00&quot;,&quot;start_TS&quot;:1780142400,&quot;start_HRFSHORT&quot;:&quot;30\\\/05\\\/26&quot;,&quot;start_HRFSHORT_WD&quot;:&quot;Sat 30\\\/05\\\/2026&quot;,&quot;end_TS&quot;:1780144200,&quot;can_purchase&quot;:true}],&quot;planning&quot;:{&quot;price&quot;:&quot;4 EUR \\\/ reduced 2 EUR&quot;,&quot;admission&quot;:&quot;&quot;,&quot;pause&quot;:&quot;&quot;,&quot;duration&quot;:&quot;30&quot;},&quot;infotext&quot;:&quot;We kindly ask for your understanding that adults are only permitted to participate in the program when accompanied by children.&quot;,&quot;additional_info&quot;:{&quot;icon&quot;:&quot;icon-ort&quot;,&quot;text&quot;:&quot;The entrance to Hall 3 is in the Schl\\u00fcter Courtyard next to the Sculpture Hall.&quot;},&quot;highlight_header&quot;:false,&quot;featured_images&quot;:[42302],&quot;use_video_in_teasers&quot;:false,&quot;hyphenation&quot;:true,&quot;tipp&quot;:false,&quot;joker&quot;:false,&quot;live&quot;:false,&quot;hide_event_in_program&quot;:false,&quot;tickettext&quot;:&quot;Please book your ticket in advance online or at the box office in the foyer.&quot;,&quot;noindex&quot;:false,&quot;keywords&quot;:&quot;&quot;,&quot;shorturl&quot;:&quot;&quot;,&quot;subline&quot;:&quot;Geschichten \\u00fcber Sammlungen - \\u0406\\u0441\\u0442\\u043e\\u0440\\u0456\\u0457 \\u0442\\u0430 \\u043a\\u043e\\u043b\\u0435\\u043a\\u0446\\u0456\\u0457&quot;,&quot;marketing_text&quot;:&quot;Geschichten \\u00fcber Sammlungen - \\u0406\\u0441\\u0442\\u043e\\u0440\\u0456\\u0457 \\u0442\\u0430 \\u043a\\u043e\\u043b\\u0435\\u043a\\u0446\\u0456\\u0457&quot;,&quot;shorttext&quot;:&quot;Gelesen werden die Bilderb\\u00fccher \\&quot;Ida und die Welt hinterm Kaiserzipf\\&quot; von Linda Schwalbe sowie \\&quot;Ein Museum nur f\\u00fcr mich\\&quot; von Emma Lewis.&quot;,&quot;hm_id&quot;:&quot;&quot;,&quot;gomus_id&quot;:&quot;&quot;,&quot;belongsto&quot;:[32405]},&quot;date&quot;:{&quot;NX&quot;:&quot;20260530&quot;,&quot;NXX&quot;:&quot;202605301400&quot;,&quot;NLAST&quot;:&quot;202605301000&quot;,&quot;from_DATE&quot;:&quot;20260530 14:00&quot;,&quot;from&quot;:1780135200,&quot;to&quot;:1780135200,&quot;to_DATE&quot;:&quot;20260530 14:00&quot;,&quot;from_HRFSHORT&quot;:&quot;30 May 2026&quot;,&quot;from_HRFSHORT_WD&quot;:&quot;Sat 30\\\/05\\\/2026&quot;,&quot;to_HRFSHORT&quot;:&quot;30 May 2026&quot;,&quot;to_HRFSHORT_WD&quot;:&quot;Sat 30\\\/05\\\/2026&quot;,&quot;from_HRF&quot;:&quot;Sat, 30 May 2026&quot;,&quot;to_HRF&quot;:&quot;Sat, 30 May 2026&quot;,&quot;from_to_HRF&quot;:&quot;Sat, 30 May \\u2013 Sat, 30 May 2026&quot;,&quot;from_to_HRFSHORT&quot;:&quot;30 May \\u2013 30 May 2026&quot;},&quot;alert&quot;:null,&quot;partof&quot;:[&quot;32405&quot;],&quot;marketing_topic&quot;:{&quot;title&quot;:&quot;Picture Book Cinema&quot;,&quot;ID&quot;:&quot;32405&quot;,&quot;reason&quot;:&quot;sequence&quot;}}' inline-template>\n\t<a href=\"https:\/\/www.humboldtforum.org\/en\/programm\/termin\/reading\/ida-sammelt-du-auch-%d1%96%d0%b4%d0%b0-%d0%ba%d0%be%d0%bb%d0%b5%d0%ba%d1%86%d1%96%d0%be%d0%bd%d1%83%d1%94-%d0%b0-%d1%82%d0%b8-42305\/\" class=\"teaser teaser-event teaser-event-standard\">\n\t\t<div class=\"row\">\n\t\t\t<div class=\"col-xs-12 teaser-event-image\">\n\t\t\t\t<div class=\"teaser-image teaser-image-no-alternate\">\n\t\t\t\t\t\t\t\t\t\t\t\n\t<lazy-media-inline inline-template>\n\t\t<figure itemscope itemtype=\"http:\/\/schema.org\/ImageObject\" class=\"lazy-media-inline \" role=\"group\" id=\"media_69ee02e286609\" aria-labelledby=\"desc_media_69ee02e286609\">\n\t\t\t<script type=\"application\/json\" ref=\"data\">\n\t\t\t\t{\n\t\t\t\t\"sizes\" : {\"medium\":{\"file\":\"Ida-sammelt-Collage-300x169.jpg\",\"width\":300,\"height\":169,\"mime-type\":\"image\\\/jpeg\"},\"large\":{\"file\":\"Ida-sammelt-Collage-1024x576.jpg\",\"width\":1024,\"height\":576,\"mime-type\":\"image\\\/jpeg\"},\"thumbnail\":{\"file\":\"Ida-sammelt-Collage-150x150.jpg\",\"width\":150,\"height\":150,\"mime-type\":\"image\\\/jpeg\"},\"medium_large\":{\"file\":\"Ida-sammelt-Collage-768x432.jpg\",\"width\":768,\"height\":432,\"mime-type\":\"image\\\/jpeg\"},\"small\":{\"file\":\"Ida-sammelt-Collage-440x248.jpg\",\"width\":440,\"height\":248,\"mime-type\":\"image\\\/jpeg\"},\"semi\":{\"file\":\"Ida-sammelt-Collage-580x326.jpg\",\"width\":580,\"height\":326,\"mime-type\":\"image\\\/jpeg\"},\"mobile\":{\"file\":\"Ida-sammelt-Collage-720x405.jpg\",\"width\":720,\"height\":405,\"mime-type\":\"image\\\/jpeg\"},\"original\":{\"file\":\"Ida-sammelt-Collage.jpg\",\"width\":1280,\"height\":720}},\n\t\t\t\t\"alt\" : \"Two children\\u2019s book covers: \\\"A Museum Just for Me\\\" and \\\"I.D.A. - The Best Friend on a Journey.\\\"\",\n\t\t\t\t\"path\" : \"\\\/wp-content\\\/uploads\\\/2022\\\/04\\\/\",\n\t\t\t\t\"video\" : null,\n\t\t\t\t\"autoplay\" : null,\n\t\t\t\t\"youtube\" : null,\n\t\t\t\t\"youtubelabel\" : \"Play video\",\n\t\t\t\t\"brightness\" : 100,\n\t\t\t\t\"crop\" : null,\n\t\t\t\t\"background\" : true,\n\t\t\t\t\"scale\" : 2\t\t\t\t}\n\t\t\t<\/script>\n\n\t\t\t<div class=\"height-container\" style=\"padding-bottom:56.25%;\" v-if=\"sizes\">\n\t\t\t\t\t\t\t\t<lazy-media :inline=\"true\" :alt=\"alt\" :sizes=\"sizes\" :scale=\"scale\" :brightness=\"brightness\" :path=\"path\" :video=\"video\" :autoplay=\"autoplay\" :youtube=\"youtube\" :crop=\"crop\" :youtubelabel=\"youtubelabel\" :background=\"background\" media-id=\"desc_media_69ee02e286609\"><\/lazy-media>\n\t\t\t\t\t\t\t<\/div>\n\n\t\t\t\t\t\t\t<figcaption class=\"sr-only\" ref=\"body\" id=\"desc_media_69ee02e286609\">\n\t\t\t\t\t\t\t\t\t\t\t\t\t\t\t\t\t\t\t<\/figcaption>\n\t\t\t\t\t<\/figure>\n\t<\/lazy-media-inline>\n\t\t\t\t<\/div>\n\t\t\t<\/div>\n\t\t\t<div class=\"col-xs-12 teaser-event-text Infos\">\n\t\t\t\t<div class=\"teaser-event-standard-text\">\n\t\t\t\t\t<div class=\"margin-bottom-atom\">\n\t\t\t\t\t\t<div class=\"subline clamp-1\" v-html=\"maingenre\"><\/div>\n\t\t\t\t\t\t\t\t\t\t\t\t\t<div class=\"insignificant clamp-2\">Picture Book Cinema<\/div>\n\t\t\t\t\t\t\t\t\t\t\t<\/div>\n\t\t\t\t\n\t\t\t\t\t<strong class=\"margin-bottom-atom\">Ida sammelt. Du auch? &#8211; \u0406\u0434\u0430 \u043a\u043e\u043b\u0435\u043a\u0446\u0456\u043e\u043d\u0443\u0454. \u0410 \u0442\u0438?<\/strong>\n\n\t\t\t\t\t\t\t\t\t\t\t<div class=\"\">Geschichten \u00fcber Sammlungen &#8211; \u0406\u0441\u0442\u043e\u0440\u0456\u0457 \u0442\u0430 \u043a\u043e\u043b\u0435\u043a\u0446\u0456\u0457<\/div>\n\t\t\t\t\t\t\t\t\t<\/div>\n\t\t\t\t<div class=\"teaser-bottom border-bottom\">\n\t\t\t\t<calendardateline :rawitem='item' :show-icon=\"true\"><\/calendardateline>\n\t\t\t\t\t<hr>\n\t\t\t\t<\/div>\n\t\t\t<\/div>\n\t\t<\/div>\n\t<\/a>\n\t<\/calendarteaser>\n<\/li>\n\n<li class=\"teaser-lane-slide col-xs-9 col-sm-4 col-md-3 teaser-wrapper col-padding-remove\">\n\t<calendarteaser key=\"424255997\" rawitem='{&quot;postId&quot;:42425,&quot;title&quot;:&quot;About snakes and cats - \\u041f\\u0440\\u043e \\u0437\\u043c\\u0456\\u0439 \\u0456 \\u043a\\u043e\\u0442\\u0456\\u0432&quot;,&quot;excerpt&quot;:&quot;Gelesen werden die Bilderb\\u00fccher \\&quot;Anna und Otis\\&quot; von Maisie Paradise Shearring sowie \\&quot;Alle sehen eine Katze\\&quot; von Brendan Wenzel und Thomas Bodmer. &quot;,&quot;slug&quot;:&quot;about-snakes-and-cats-%d0%bf%d1%80%d0%be-%d0%b7%d0%bc%d1%96%d0%b9-%d1%96-%d0%ba%d0%be%d1%82%d1%96%d0%b2&quot;,&quot;post_date&quot;:&quot;2022-04-27T09:53&quot;,&quot;type&quot;:&quot;event&quot;,&quot;permalink&quot;:&quot;https:\\\/\\\/www.humboldtforum.org\\\/en\\\/programm\\\/termin\\\/reading\\\/about-snakes-and-cats-%d0%bf%d1%80%d0%be-%d0%b7%d0%bc%d1%96%d0%b9-%d1%96-%d0%ba%d0%be%d1%82%d1%96%d0%b2-42425\\\/&quot;,&quot;genre&quot;:[1162,824],&quot;genre_details&quot;:[{&quot;text&quot;:&quot;Reading&quot;,&quot;id&quot;:1162,&quot;icon&quot;:null,&quot;parent&quot;:0},{&quot;text&quot;:&quot;Theatre&quot;,&quot;id&quot;:824,&quot;icon&quot;:null,&quot;parent&quot;:0}],&quot;stakeholder&quot;:[595],&quot;stakeholder_details&quot;:[{&quot;text&quot;:&quot;Stiftung Humboldt Forum im Berliner Schloss&quot;,&quot;id&quot;:595,&quot;icon&quot;:null,&quot;parent&quot;:0}],&quot;targetgroup&quot;:[714],&quot;targetgroup_details&quot;:[{&quot;text&quot;:&quot;Children and families&quot;,&quot;id&quot;:714,&quot;icon&quot;:null,&quot;parent&quot;:0}],&quot;language&quot;:[579,1420],&quot;language_details&quot;:[{&quot;text&quot;:&quot;German&quot;,&quot;id&quot;:579,&quot;icon&quot;:null,&quot;parent&quot;:0},{&quot;text&quot;:&quot;Ukrainian&quot;,&quot;id&quot;:1420,&quot;icon&quot;:null,&quot;parent&quot;:0}],&quot;accessability&quot;:[596],&quot;accessability_details&quot;:[{&quot;text&quot;:&quot;Accessible for wheelchairs&quot;,&quot;id&quot;:596,&quot;icon&quot;:null,&quot;parent&quot;:0}],&quot;age&quot;:[703],&quot;age_details&quot;:[{&quot;text&quot;:&quot;children (3-6 years)&quot;,&quot;id&quot;:703,&quot;icon&quot;:null,&quot;parent&quot;:0}],&quot;place&quot;:[604],&quot;place_details&quot;:{&quot;place&quot;:&quot;Humboldt Forum&quot;,&quot;map&quot;:&quot;Humboldt Forum, Schlossplatz, Berlin&quot;,&quot;room&quot;:&quot;Ground Floor, Hall 3&quot;},&quot;icon_overwrite&quot;:&quot;&quot;,&quot;acf&quot;:{&quot;noindex&quot;:false,&quot;keywords&quot;:&quot;&quot;,&quot;hashtag&quot;:&quot;HumboldtForum&quot;,&quot;shorturl&quot;:&quot;&quot;,&quot;times&quot;:[{&quot;start&quot;:&quot;20260530 15:00&quot;,&quot;end&quot;:&quot;15:30&quot;,&quot;status&quot;:&quot;BUY&quot;,&quot;info&quot;:&quot;4 EUR \\\/ reduced 2 EUR&quot;,&quot;shop&quot;:&quot;https:\\\/\\\/tickets.humboldtforum.org\\\/#\\\/product\\\/event\\\/142?date=2026-05-30&amp;date_id=27934&amp;lang=en&quot;,&quot;i&quot;:0,&quot;start_hour&quot;:&quot;03:00 pm&quot;,&quot;start_HRF&quot;:&quot;Sat, 30 May 2026&quot;,&quot;_date&quot;:{&quot;date&quot;:&quot;2026-05-30 15:30:00.000000&quot;,&quot;timezone_type&quot;:3,&quot;timezone&quot;:&quot;Europe\\\/Berlin&quot;},&quot;_fromdate&quot;:&quot;20260530 15:00&quot;,&quot;start_TS&quot;:1780146000,&quot;start_HRFSHORT&quot;:&quot;30\\\/05\\\/26&quot;,&quot;start_HRFSHORT_WD&quot;:&quot;Sat 30\\\/05\\\/2026&quot;,&quot;end_TS&quot;:1780147800,&quot;can_purchase&quot;:true}],&quot;planning&quot;:{&quot;price&quot;:&quot;4 EUR \\\/ reduced 2 EUR&quot;,&quot;admission&quot;:&quot;&quot;,&quot;pause&quot;:&quot;&quot;,&quot;duration&quot;:&quot;&quot;},&quot;additional_info&quot;:{&quot;icon&quot;:&quot;icon-ort&quot;,&quot;text&quot;:&quot;The entrance to Hall 3 is in the Schl\\u00fcter Courtyard next to the Sculpture Hall.&quot;},&quot;highlight_header&quot;:false,&quot;use_video_in_teasers&quot;:false,&quot;hyphenation&quot;:true,&quot;tipp&quot;:false,&quot;joker&quot;:false,&quot;live&quot;:false,&quot;hide_event_in_program&quot;:false,&quot;subline&quot;:&quot;Friendship is not a matter of perspective - \\u0414\\u0440\\u0443\\u0436\\u0431\\u0430 \\u2013 \\u043d\\u0435 \\u043f\\u0438\\u0442\\u0430\\u043d\\u043d\\u044f \\u043f\\u0435\\u0440\\u0441\\u043f\\u0435\\u043a\\u0442\\u0438\\u0432\\u0438&quot;,&quot;marketing_text&quot;:&quot;Stories about collections - \\u0406\\u0441\\u0442\\u043e\\u0440\\u0456\\u0457 \\u0442\\u0430 \\u043a\\u043e\\u043b\\u0435\\u043a\\u0446\\u0456\\u0457&quot;,&quot;featured_images&quot;:[42424],&quot;tickettext&quot;:&quot;Please book your ticket in advance online or at the box office in the foyer.&quot;,&quot;infotext&quot;:&quot;We kindly ask for your understanding that adults are only permitted to participate in the program when accompanied by children.&quot;,&quot;shorttext&quot;:&quot;Gelesen werden die Bilderb\\u00fccher \\&quot;Anna und Otis\\&quot; von Maisie Paradise Shearring sowie \\&quot;Alle sehen eine Katze\\&quot; von Brendan Wenzel und Thomas Bodmer. &quot;,&quot;hm_id&quot;:&quot;&quot;,&quot;gomus_id&quot;:&quot;&quot;,&quot;belongsto&quot;:[32405]},&quot;date&quot;:{&quot;NX&quot;:&quot;20260530&quot;,&quot;NXX&quot;:&quot;202605301500&quot;,&quot;NLAST&quot;:&quot;202605301100&quot;,&quot;from_DATE&quot;:&quot;20260530 15:00&quot;,&quot;from&quot;:1780138800,&quot;to&quot;:1780138800,&quot;to_DATE&quot;:&quot;20260530 15:00&quot;,&quot;from_HRFSHORT&quot;:&quot;30 May 2026&quot;,&quot;from_HRFSHORT_WD&quot;:&quot;Sat 30\\\/05\\\/2026&quot;,&quot;to_HRFSHORT&quot;:&quot;30 May 2026&quot;,&quot;to_HRFSHORT_WD&quot;:&quot;Sat 30\\\/05\\\/2026&quot;,&quot;from_HRF&quot;:&quot;Sat, 30 May 2026&quot;,&quot;to_HRF&quot;:&quot;Sat, 30 May 2026&quot;,&quot;from_to_HRF&quot;:&quot;Sat, 30 May \\u2013 Sat, 30 May 2026&quot;,&quot;from_to_HRFSHORT&quot;:&quot;30 May \\u2013 30 May 2026&quot;},&quot;alert&quot;:null,&quot;partof&quot;:[&quot;32405&quot;],&quot;marketing_topic&quot;:{&quot;title&quot;:&quot;Picture Book Cinema&quot;,&quot;ID&quot;:&quot;32405&quot;,&quot;reason&quot;:&quot;sequence&quot;}}' inline-template>\n\t<a href=\"https:\/\/www.humboldtforum.org\/en\/programm\/termin\/reading\/about-snakes-and-cats-%d0%bf%d1%80%d0%be-%d0%b7%d0%bc%d1%96%d0%b9-%d1%96-%d0%ba%d0%be%d1%82%d1%96%d0%b2-42425\/\" class=\"teaser teaser-event teaser-event-standard\">\n\t\t<div class=\"row\">\n\t\t\t<div class=\"col-xs-12 teaser-event-image\">\n\t\t\t\t<div class=\"teaser-image teaser-image-no-alternate\">\n\t\t\t\t\t\t\t\t\t\t\t\n\t<lazy-media-inline inline-template>\n\t\t<figure itemscope itemtype=\"http:\/\/schema.org\/ImageObject\" class=\"lazy-media-inline \" role=\"group\" id=\"media_69ee02e28817c\" aria-labelledby=\"desc_media_69ee02e28817c\">\n\t\t\t<script type=\"application\/json\" ref=\"data\">\n\t\t\t\t{\n\t\t\t\t\"sizes\" : {\"medium\":{\"file\":\"Anna-Katze-Collage-300x169.jpg\",\"width\":300,\"height\":169,\"mime-type\":\"image\\\/jpeg\"},\"thumbnail\":{\"file\":\"Anna-Katze-Collage-150x150.jpg\",\"width\":150,\"height\":150,\"mime-type\":\"image\\\/jpeg\"},\"medium_large\":{\"file\":\"Anna-Katze-Collage-768x432.jpg\",\"width\":768,\"height\":432,\"mime-type\":\"image\\\/jpeg\"},\"small\":{\"file\":\"Anna-Katze-Collage-440x248.jpg\",\"width\":440,\"height\":248,\"mime-type\":\"image\\\/jpeg\"},\"semi\":{\"file\":\"Anna-Katze-Collage-580x326.jpg\",\"width\":580,\"height\":326,\"mime-type\":\"image\\\/jpeg\"},\"mobile\":{\"file\":\"Anna-Katze-Collage-720x405.jpg\",\"width\":720,\"height\":405,\"mime-type\":\"image\\\/jpeg\"},\"original\":{\"file\":\"Anna-Katze-Collage.jpg\",\"width\":1024,\"height\":576}},\n\t\t\t\t\"alt\" : \"Two children's book covers: \\\"Everyone Sees a Cat\\\" and \\\"Anna and Otis,\\\" featuring illustrations of animals and a girl.\",\n\t\t\t\t\"path\" : \"\\\/wp-content\\\/uploads\\\/2022\\\/04\\\/\",\n\t\t\t\t\"video\" : null,\n\t\t\t\t\"autoplay\" : null,\n\t\t\t\t\"youtube\" : null,\n\t\t\t\t\"youtubelabel\" : \"Play video\",\n\t\t\t\t\"brightness\" : 100,\n\t\t\t\t\"crop\" : null,\n\t\t\t\t\"background\" : true,\n\t\t\t\t\"scale\" : 2\t\t\t\t}\n\t\t\t<\/script>\n\n\t\t\t<div class=\"height-container\" style=\"padding-bottom:56.25%;\" v-if=\"sizes\">\n\t\t\t\t\t\t\t\t<lazy-media :inline=\"true\" :alt=\"alt\" :sizes=\"sizes\" :scale=\"scale\" :brightness=\"brightness\" :path=\"path\" :video=\"video\" :autoplay=\"autoplay\" :youtube=\"youtube\" :crop=\"crop\" :youtubelabel=\"youtubelabel\" :background=\"background\" media-id=\"desc_media_69ee02e28817c\"><\/lazy-media>\n\t\t\t\t\t\t\t<\/div>\n\n\t\t\t\t\t\t\t<figcaption class=\"sr-only\" ref=\"body\" id=\"desc_media_69ee02e28817c\">\n\t\t\t\t\t\t\t\t\t\t\t\t\t\t\t\t\t\t\t\t\t<div class=\"insignificant\">\u00a9 &#8220;Alle sehen eine Katze&#8221; NordS\u00fcd Verlag AG, &#8220;Anna und Otis&#8221; Text and Illustrations Maisie Paradise Shearring 2018<\/div>\n\t\t\t\t\t\t\t\t\t<\/figcaption>\n\t\t\t\t\t<\/figure>\n\t<\/lazy-media-inline>\n\t\t\t\t<\/div>\n\t\t\t<\/div>\n\t\t\t<div class=\"col-xs-12 teaser-event-text Infos\">\n\t\t\t\t<div class=\"teaser-event-standard-text\">\n\t\t\t\t\t<div class=\"margin-bottom-atom\">\n\t\t\t\t\t\t<div class=\"subline clamp-1\" v-html=\"maingenre\"><\/div>\n\t\t\t\t\t\t\t\t\t\t\t\t\t<div class=\"insignificant clamp-2\">Picture Book Cinema<\/div>\n\t\t\t\t\t\t\t\t\t\t\t<\/div>\n\t\t\t\t\n\t\t\t\t\t<strong class=\"margin-bottom-atom\">About snakes and cats &#8211; \u041f\u0440\u043e \u0437\u043c\u0456\u0439 \u0456 \u043a\u043e\u0442\u0456\u0432<\/strong>\n\n\t\t\t\t\t\t\t\t\t\t\t<div class=\"\">Stories about collections &#8211; \u0406\u0441\u0442\u043e\u0440\u0456\u0457 \u0442\u0430 \u043a\u043e\u043b\u0435\u043a\u0446\u0456\u0457<\/div>\n\t\t\t\t\t\t\t\t\t<\/div>\n\t\t\t\t<div class=\"teaser-bottom border-bottom\">\n\t\t\t\t<calendardateline :rawitem='item' :show-icon=\"true\"><\/calendardateline>\n\t\t\t\t\t<hr>\n\t\t\t\t<\/div>\n\t\t\t<\/div>\n\t\t<\/div>\n\t<\/a>\n\t<\/calendarteaser>\n<\/li>\n\n<li class=\"teaser-lane-slide col-xs-9 col-sm-4 col-md-3 teaser-wrapper col-padding-remove\">\n\t<calendarteaser key=\"4361515834\" rawitem='{&quot;postId&quot;:43615,&quot;title&quot;:&quot;Anyone can be a Museum&quot;,&quot;excerpt&quot;:&quot;Come and listen to a reading of the picture books \\&quot;Ein Museum nur f\\u00fcr mich\\&quot; by Emma Lewis, and \\&quot;Kubbes Museum\\&quot; by \\u00c5shild Kanstad Johnsen&quot;,&quot;slug&quot;:&quot;jeder-kann-museum&quot;,&quot;post_date&quot;:&quot;2022-05-30T11:35&quot;,&quot;type&quot;:&quot;event&quot;,&quot;permalink&quot;:&quot;https:\\\/\\\/www.humboldtforum.org\\\/en\\\/programm\\\/termin\\\/reading\\\/jeder-kann-museum-43615\\\/&quot;,&quot;genre&quot;:[1162,824],&quot;genre_details&quot;:[{&quot;text&quot;:&quot;Reading&quot;,&quot;id&quot;:1162,&quot;icon&quot;:null,&quot;parent&quot;:0},{&quot;text&quot;:&quot;Theatre&quot;,&quot;id&quot;:824,&quot;icon&quot;:null,&quot;parent&quot;:0}],&quot;stakeholder&quot;:[595],&quot;stakeholder_details&quot;:[{&quot;text&quot;:&quot;Stiftung Humboldt Forum im Berliner Schloss&quot;,&quot;id&quot;:595,&quot;icon&quot;:null,&quot;parent&quot;:0}],&quot;targetgroup&quot;:[714],&quot;targetgroup_details&quot;:[{&quot;text&quot;:&quot;Children and families&quot;,&quot;id&quot;:714,&quot;icon&quot;:null,&quot;parent&quot;:0}],&quot;language&quot;:[579,1420],&quot;language_details&quot;:[{&quot;text&quot;:&quot;German&quot;,&quot;id&quot;:579,&quot;icon&quot;:null,&quot;parent&quot;:0},{&quot;text&quot;:&quot;Ukrainian&quot;,&quot;id&quot;:1420,&quot;icon&quot;:null,&quot;parent&quot;:0}],&quot;accessability&quot;:[596],&quot;accessability_details&quot;:[{&quot;text&quot;:&quot;Accessible for wheelchairs&quot;,&quot;id&quot;:596,&quot;icon&quot;:null,&quot;parent&quot;:0}],&quot;age&quot;:[703],&quot;age_details&quot;:[{&quot;text&quot;:&quot;children (3-6 years)&quot;,&quot;id&quot;:703,&quot;icon&quot;:null,&quot;parent&quot;:0}],&quot;place&quot;:[604],&quot;place_details&quot;:{&quot;place&quot;:&quot;Humboldt Forum&quot;,&quot;map&quot;:&quot;Humboldt Forum, Schlossplatz, Berlin&quot;,&quot;room&quot;:&quot;Ground Floor, Hall 3&quot;},&quot;icon_overwrite&quot;:&quot;&quot;,&quot;acf&quot;:{&quot;hashtag&quot;:&quot;HumboldtForum&quot;,&quot;times&quot;:[],&quot;planning&quot;:{&quot;price&quot;:&quot;4 EUR \\\/ reduced 2 EUR&quot;,&quot;admission&quot;:&quot;&quot;,&quot;pause&quot;:&quot;&quot;,&quot;duration&quot;:&quot;30&quot;},&quot;subline&quot;:&quot;How I learn to collect and store things&quot;,&quot;marketing_text&quot;:&quot;How I learn to collect and store things&quot;,&quot;infotext&quot;:&quot;We kindly ask for your understanding that adults are only permitted to participate in the program when accompanied by children.&quot;,&quot;additional_info&quot;:{&quot;icon&quot;:&quot;icon-pin&quot;,&quot;text&quot;:&quot;The entrance to Hall 3 is in the Schl\\u00fcter Courtyard next to the Sculpture Hall.&quot;},&quot;highlight_header&quot;:false,&quot;featured_images&quot;:[43609],&quot;use_video_in_teasers&quot;:false,&quot;hyphenation&quot;:true,&quot;tipp&quot;:false,&quot;joker&quot;:false,&quot;live&quot;:false,&quot;hide_event_in_program&quot;:false,&quot;shorttext&quot;:&quot;Come and listen to a reading of the picture books \\&quot;Ein Museum nur f\\u00fcr mich\\&quot; by Emma Lewis, and \\&quot;Kubbes Museum\\&quot; by \\u00c5shild Kanstad Johnsen&quot;,&quot;tickettext&quot;:&quot;&quot;,&quot;noindex&quot;:false,&quot;keywords&quot;:&quot;&quot;,&quot;shorturl&quot;:&quot;&quot;,&quot;hm_id&quot;:&quot;&quot;,&quot;gomus_id&quot;:&quot;&quot;,&quot;belongsto&quot;:[32405]},&quot;date&quot;:{&quot;NX&quot;:null,&quot;NXX&quot;:null,&quot;NLAST&quot;:&quot;202604191000&quot;,&quot;from_DATE&quot;:&quot;20260419 14:00&quot;,&quot;from&quot;:1776592800,&quot;to&quot;:1776592800,&quot;to_DATE&quot;:&quot;20260419 14:00&quot;,&quot;from_HRFSHORT&quot;:&quot;19 Apr 2026&quot;,&quot;from_HRFSHORT_WD&quot;:&quot;Sun 19\\\/04\\\/2026&quot;,&quot;to_HRFSHORT&quot;:&quot;19 Apr 2026&quot;,&quot;to_HRFSHORT_WD&quot;:&quot;Sun 19\\\/04\\\/2026&quot;,&quot;from_HRF&quot;:&quot;Sun, 19 April 2026&quot;,&quot;to_HRF&quot;:&quot;Sun, 19 April 2026&quot;,&quot;from_to_HRF&quot;:&quot;Sun, 19 April \\u2013 Sun, 19 April 2026&quot;,&quot;from_to_HRFSHORT&quot;:&quot;19 Apr \\u2013 19 Apr 2026&quot;},&quot;alert&quot;:null,&quot;partof&quot;:[&quot;32405&quot;],&quot;marketing_topic&quot;:{&quot;title&quot;:&quot;Picture Book Cinema&quot;,&quot;ID&quot;:&quot;32405&quot;,&quot;reason&quot;:&quot;sequence&quot;}}' inline-template>\n\t<a href=\"https:\/\/www.humboldtforum.org\/en\/programm\/termin\/reading\/jeder-kann-museum-43615\/\" class=\"teaser teaser-event teaser-event-standard\">\n\t\t<div class=\"row\">\n\t\t\t<div class=\"col-xs-12 teaser-event-image\">\n\t\t\t\t<div class=\"teaser-image teaser-image-no-alternate\">\n\t\t\t\t\t\t\t\t\t\t\t\n\t<lazy-media-inline inline-template>\n\t\t<figure itemscope itemtype=\"http:\/\/schema.org\/ImageObject\" class=\"lazy-media-inline \" role=\"group\" id=\"media_69ee02e28a193\" aria-labelledby=\"desc_media_69ee02e28a193\">\n\t\t\t<script type=\"application\/json\" ref=\"data\">\n\t\t\t\t{\n\t\t\t\t\"sizes\" : {\"medium\":{\"file\":\"JederkannMuseum-Collage-300x169.jpg\",\"width\":300,\"height\":169,\"mime-type\":\"image\\\/jpeg\"},\"large\":{\"file\":\"JederkannMuseum-Collage-1024x576.jpg\",\"width\":1024,\"height\":576,\"mime-type\":\"image\\\/jpeg\"},\"thumbnail\":{\"file\":\"JederkannMuseum-Collage-150x150.jpg\",\"width\":150,\"height\":150,\"mime-type\":\"image\\\/jpeg\"},\"medium_large\":{\"file\":\"JederkannMuseum-Collage-768x432.jpg\",\"width\":768,\"height\":432,\"mime-type\":\"image\\\/jpeg\"},\"small\":{\"file\":\"JederkannMuseum-Collage-440x248.jpg\",\"width\":440,\"height\":248,\"mime-type\":\"image\\\/jpeg\"},\"semi\":{\"file\":\"JederkannMuseum-Collage-580x326.jpg\",\"width\":580,\"height\":326,\"mime-type\":\"image\\\/jpeg\"},\"mobile\":{\"file\":\"JederkannMuseum-Collage-720x405.jpg\",\"width\":720,\"height\":405,\"mime-type\":\"image\\\/jpeg\"},\"original\":{\"file\":\"JederkannMuseum-Collage.jpg\",\"width\":1280,\"height\":720}},\n\t\t\t\t\"alt\" : \"Two book covers: \\\"A Museum Just for Me\\\" and \\\"K\\u00fcbbes Museum,\\\" both in an illustrative style.\",\n\t\t\t\t\"path\" : \"\\\/wp-content\\\/uploads\\\/2022\\\/05\\\/\",\n\t\t\t\t\"video\" : null,\n\t\t\t\t\"autoplay\" : null,\n\t\t\t\t\"youtube\" : null,\n\t\t\t\t\"youtubelabel\" : \"Play video\",\n\t\t\t\t\"brightness\" : 100,\n\t\t\t\t\"crop\" : null,\n\t\t\t\t\"background\" : true,\n\t\t\t\t\"scale\" : 2\t\t\t\t}\n\t\t\t<\/script>\n\n\t\t\t<div class=\"height-container\" style=\"padding-bottom:56.25%;\" v-if=\"sizes\">\n\t\t\t\t\t\t\t\t<lazy-media :inline=\"true\" :alt=\"alt\" :sizes=\"sizes\" :scale=\"scale\" :brightness=\"brightness\" :path=\"path\" :video=\"video\" :autoplay=\"autoplay\" :youtube=\"youtube\" :crop=\"crop\" :youtubelabel=\"youtubelabel\" :background=\"background\" media-id=\"desc_media_69ee02e28a193\"><\/lazy-media>\n\t\t\t\t\t\t\t<\/div>\n\n\t\t\t\t\t\t\t<figcaption class=\"sr-only\" ref=\"body\" id=\"desc_media_69ee02e28a193\">\n\t\t\t\t\t\t\t\t\t\t\t\t\t\t\t\t\t\t\t\t\t<div class=\"insignificant\">\u00a9 2017, Prestel Verlag, M\u00fcnchen, London, New York in der Verlagsgruppe Random House GmbH, Neum\r\n2013 by ONKEL &#038; ONKEL Berlin<\/div>\n\t\t\t\t\t\t\t\t\t<\/figcaption>\n\t\t\t\t\t<\/figure>\n\t<\/lazy-media-inline>\n\t\t\t\t<\/div>\n\t\t\t<\/div>\n\t\t\t<div class=\"col-xs-12 teaser-event-text Infos\">\n\t\t\t\t<div class=\"teaser-event-standard-text\">\n\t\t\t\t\t<div class=\"margin-bottom-atom\">\n\t\t\t\t\t\t<div class=\"subline clamp-1\" v-html=\"maingenre\"><\/div>\n\t\t\t\t\t\t\t\t\t\t\t\t\t<div class=\"insignificant clamp-2\">Picture Book Cinema<\/div>\n\t\t\t\t\t\t\t\t\t\t\t<\/div>\n\t\t\t\t\n\t\t\t\t\t<strong class=\"margin-bottom-atom\">Anyone can be a Museum<\/strong>\n\n\t\t\t\t\t\t\t\t\t\t\t<div class=\"\">How I learn to collect and store things<\/div>\n\t\t\t\t\t\t\t\t\t<\/div>\n\t\t\t\t<div class=\"teaser-bottom border-bottom\">\n\t\t\t\t<calendardateline :rawitem='item' :show-icon=\"true\"><\/calendardateline>\n\t\t\t\t\t<hr>\n\t\t\t\t<\/div>\n\t\t\t<\/div>\n\t\t<\/div>\n\t<\/a>\n\t<\/calendarteaser>\n<\/li>\n\n<li class=\"teaser-lane-slide col-xs-9 col-sm-4 col-md-3 teaser-wrapper col-padding-remove\">\n\t<calendarteaser key=\"1344515385\" rawitem='{&quot;postId&quot;:134451,&quot;title&quot;:&quot;Speak out and become a leader&quot;,&quot;excerpt&quot;:&quot;&quot;,&quot;slug&quot;:&quot;speak-out-and-become-a-leader&quot;,&quot;post_date&quot;:&quot;2024-08-08T15:17&quot;,&quot;type&quot;:&quot;event&quot;,&quot;permalink&quot;:&quot;https:\\\/\\\/www.humboldtforum.org\\\/en\\\/programm\\\/termin\\\/reading\\\/speak-out-and-become-a-leader-134451\\\/&quot;,&quot;genre&quot;:[1162,824],&quot;genre_details&quot;:[{&quot;text&quot;:&quot;Reading&quot;,&quot;id&quot;:1162,&quot;icon&quot;:null,&quot;parent&quot;:0},{&quot;text&quot;:&quot;Theatre&quot;,&quot;id&quot;:824,&quot;icon&quot;:null,&quot;parent&quot;:0}],&quot;stakeholder&quot;:[595],&quot;stakeholder_details&quot;:[{&quot;text&quot;:&quot;Stiftung Humboldt Forum im Berliner Schloss&quot;,&quot;id&quot;:595,&quot;icon&quot;:null,&quot;parent&quot;:0}],&quot;targetgroup&quot;:[714],&quot;targetgroup_details&quot;:[{&quot;text&quot;:&quot;Children and families&quot;,&quot;id&quot;:714,&quot;icon&quot;:null,&quot;parent&quot;:0}],&quot;language&quot;:[579],&quot;language_details&quot;:[{&quot;text&quot;:&quot;German&quot;,&quot;id&quot;:579,&quot;icon&quot;:null,&quot;parent&quot;:0}],&quot;accessability&quot;:[596],&quot;accessability_details&quot;:[{&quot;text&quot;:&quot;Accessible for wheelchairs&quot;,&quot;id&quot;:596,&quot;icon&quot;:null,&quot;parent&quot;:0}],&quot;age&quot;:[703],&quot;age_details&quot;:[{&quot;text&quot;:&quot;children (3-6 years)&quot;,&quot;id&quot;:703,&quot;icon&quot;:null,&quot;parent&quot;:0}],&quot;place&quot;:[604],&quot;place_details&quot;:{&quot;place&quot;:&quot;Humboldt Forum&quot;,&quot;map&quot;:&quot;Humboldt Forum, Schlossplatz, Berlin&quot;,&quot;room&quot;:&quot;Ground Floor, Hall 3&quot;},&quot;icon_overwrite&quot;:&quot;&quot;,&quot;acf&quot;:{&quot;hashtag&quot;:&quot;HumboldtForum&quot;,&quot;planning&quot;:{&quot;price&quot;:&quot;4 EUR \\\/ reduced 2 EUR&quot;,&quot;admission&quot;:&quot;&quot;,&quot;pause&quot;:&quot;&quot;,&quot;duration&quot;:&quot;&quot;},&quot;subline&quot;:&quot;Codetermination is important!&quot;,&quot;additional_info&quot;:{&quot;icon&quot;:&quot;icon-pin&quot;,&quot;text&quot;:&quot;The entrance to Hall 3 is in the Schl\\u00fcter Courtyard next to the Sculpture Hall.&quot;},&quot;highlight_header&quot;:false,&quot;featured_images&quot;:[134431,134429,134433],&quot;use_video_in_teasers&quot;:false,&quot;hyphenation&quot;:true,&quot;tipp&quot;:false,&quot;joker&quot;:false,&quot;live&quot;:false,&quot;hide_event_in_program&quot;:false,&quot;gomus_id&quot;:&quot;&quot;,&quot;tickettext&quot;:&quot;Please book your ticket in advance online or at the box office in the Foyer.&quot;,&quot;infotext&quot;:&quot;We kindly ask for your understanding that adults are only permitted to participate in the program when accompanied by children.&quot;,&quot;noindex&quot;:false,&quot;keywords&quot;:&quot;&quot;,&quot;belongsto&quot;:[32405,119504],&quot;shorturl&quot;:&quot;&quot;,&quot;hm_id&quot;:&quot;&quot;,&quot;times&quot;:[]},&quot;date&quot;:{&quot;NX&quot;:null,&quot;NXX&quot;:null,&quot;NLAST&quot;:&quot;202604190900&quot;,&quot;from_DATE&quot;:&quot;20260419 13:00&quot;,&quot;from&quot;:1776589200,&quot;to&quot;:1776589200,&quot;to_DATE&quot;:&quot;20260419 13:00&quot;,&quot;from_HRFSHORT&quot;:&quot;19 Apr 2026&quot;,&quot;from_HRFSHORT_WD&quot;:&quot;Sun 19\\\/04\\\/2026&quot;,&quot;to_HRFSHORT&quot;:&quot;19 Apr 2026&quot;,&quot;to_HRFSHORT_WD&quot;:&quot;Sun 19\\\/04\\\/2026&quot;,&quot;from_HRF&quot;:&quot;Sun, 19 April 2026&quot;,&quot;to_HRF&quot;:&quot;Sun, 19 April 2026&quot;,&quot;from_to_HRF&quot;:&quot;Sun, 19 April \\u2013 Sun, 19 April 2026&quot;,&quot;from_to_HRFSHORT&quot;:&quot;19 Apr \\u2013 19 Apr 2026&quot;},&quot;alert&quot;:null,&quot;partof&quot;:[&quot;32405&quot;],&quot;marketing_topic&quot;:{&quot;title&quot;:&quot;Picture Book Cinema&quot;,&quot;ID&quot;:&quot;32405&quot;,&quot;reason&quot;:&quot;sequence&quot;}}' inline-template>\n\t<a href=\"https:\/\/www.humboldtforum.org\/en\/programm\/termin\/reading\/speak-out-and-become-a-leader-134451\/\" class=\"teaser teaser-event teaser-event-standard\">\n\t\t<div class=\"row\">\n\t\t\t<div class=\"col-xs-12 teaser-event-image\">\n\t\t\t\t<div class=\"teaser-image teaser-image-no-alternate\">\n\t\t\t\t\t\t\t\t\t\t\t\n\t<lazy-media-inline inline-template>\n\t\t<figure itemscope itemtype=\"http:\/\/schema.org\/ImageObject\" class=\"lazy-media-inline \" role=\"group\" id=\"media_69ee02e28c4aa\" aria-labelledby=\"desc_media_69ee02e28c4aa\">\n\t\t\t<script type=\"application\/json\" ref=\"data\">\n\t\t\t\t{\n\t\t\t\t\"sizes\" : {\"medium\":{\"file\":\"SHF_eb00228641-225x300.jpg\",\"width\":225,\"height\":300,\"mime-type\":\"image\\\/jpeg\",\"filesize\":20719},\"large\":{\"file\":\"SHF_eb00228641-768x1024.jpg\",\"width\":768,\"height\":1024,\"mime-type\":\"image\\\/jpeg\",\"filesize\":145546},\"thumbnail\":{\"file\":\"SHF_eb00228641-150x150.jpg\",\"width\":150,\"height\":150,\"mime-type\":\"image\\\/jpeg\",\"filesize\":8024},\"medium_large\":{\"file\":\"SHF_eb00228641-768x1024.jpg\",\"width\":768,\"height\":1024,\"mime-type\":\"image\\\/jpeg\",\"filesize\":145546},\"small\":{\"file\":\"SHF_eb00228641-330x440.jpg\",\"width\":330,\"height\":440,\"mime-type\":\"image\\\/jpeg\",\"filesize\":38297},\"semi\":{\"file\":\"SHF_eb00228641-435x580.jpg\",\"width\":435,\"height\":580,\"mime-type\":\"image\\\/jpeg\",\"filesize\":59472},\"mobile\":{\"file\":\"SHF_eb00228641-540x720.jpg\",\"width\":540,\"height\":720,\"mime-type\":\"image\\\/jpeg\",\"filesize\":83652},\"hd\":{\"file\":\"SHF_eb00228641-960x1280.jpg\",\"width\":960,\"height\":1280,\"mime-type\":\"image\\\/jpeg\",\"filesize\":208272},\"full\":{\"file\":\"SHF_eb00228641-1440x1920.jpg\",\"width\":1440,\"height\":1920,\"mime-type\":\"image\\\/jpeg\",\"filesize\":390089},\"1536x1536\":{\"file\":\"SHF_eb00228641-1152x1536.jpg\",\"width\":1152,\"height\":1536,\"mime-type\":\"image\\\/jpeg\",\"filesize\":276470},\"2048x2048\":{\"file\":\"SHF_eb00228641-1536x2048.jpg\",\"width\":1536,\"height\":2048,\"mime-type\":\"image\\\/jpeg\",\"filesize\":430175},\"original\":{\"file\":\"SHF_eb00228641.jpg\",\"width\":1600,\"height\":2133}},\n\t\t\t\t\"alt\" : \"Book cover: An elephant and animals in the jungle, with the title \\\"Being a Decider: How Elvis Invented Democracy.\\\"\",\n\t\t\t\t\"path\" : \"\\\/wp-content\\\/uploads\\\/2024\\\/08\\\/\",\n\t\t\t\t\"video\" : null,\n\t\t\t\t\"autoplay\" : null,\n\t\t\t\t\"youtube\" : null,\n\t\t\t\t\"youtubelabel\" : \"Play video\",\n\t\t\t\t\"brightness\" : 100,\n\t\t\t\t\"crop\" : {\"top\":\"73.65\",\"left\":\"49.27\"},\n\t\t\t\t\"background\" : true,\n\t\t\t\t\"scale\" : 2\t\t\t\t}\n\t\t\t<\/script>\n\n\t\t\t<div class=\"height-container\" style=\"padding-bottom:133.3125%;\" v-if=\"sizes\">\n\t\t\t\t\t\t\t\t<lazy-media :inline=\"true\" :alt=\"alt\" :sizes=\"sizes\" :scale=\"scale\" :brightness=\"brightness\" :path=\"path\" :video=\"video\" :autoplay=\"autoplay\" :youtube=\"youtube\" :crop=\"crop\" :youtubelabel=\"youtubelabel\" :background=\"background\" media-id=\"desc_media_69ee02e28c4aa\"><\/lazy-media>\n\t\t\t\t\t\t\t<\/div>\n\n\t\t\t\t\t\t\t<figcaption class=\"sr-only\" ref=\"body\" id=\"desc_media_69ee02e28c4aa\">\n\t\t\t\t\t\t\t\t\t\t\t<div>Book cover &quot;Bestimmer sein &ndash; Wie Elvis die Demokratie erfand&quot; by Katja Reider and Cornelia Haas<\/div>\n\t\t\t\t\t\t\t\t\t\t\t\t\t\t\t\t\t\t\t\t\t<div class=\"insignificant\">\u00a9 Hanser Literaturverlage<\/div>\n\t\t\t\t\t\t\t\t\t<\/figcaption>\n\t\t\t\t\t<\/figure>\n\t<\/lazy-media-inline>\n\t\t\t\t<\/div>\n\t\t\t<\/div>\n\t\t\t<div class=\"col-xs-12 teaser-event-text Infos\">\n\t\t\t\t<div class=\"teaser-event-standard-text\">\n\t\t\t\t\t<div class=\"margin-bottom-atom\">\n\t\t\t\t\t\t<div class=\"subline clamp-1\" v-html=\"maingenre\"><\/div>\n\t\t\t\t\t\t\t\t\t\t\t\t\t<div class=\"insignificant clamp-2\">Picture Book Cinema<\/div>\n\t\t\t\t\t\t\t\t\t\t\t<\/div>\n\t\t\t\t\n\t\t\t\t\t<strong class=\"margin-bottom-atom\">Speak out and become a leader<\/strong>\n\n\t\t\t\t\t\t\t\t\t\t\t<div class=\"\">Codetermination is important!<\/div>\n\t\t\t\t\t\t\t\t\t<\/div>\n\t\t\t\t<div class=\"teaser-bottom border-bottom\">\n\t\t\t\t<calendardateline :rawitem='item' :show-icon=\"true\"><\/calendardateline>\n\t\t\t\t\t<hr>\n\t\t\t\t<\/div>\n\t\t\t<\/div>\n\t\t<\/div>\n\t<\/a>\n\t<\/calendarteaser>\n<\/li>\n\n<li class=\"teaser-lane-slide col-xs-9 col-sm-4 col-md-3 teaser-wrapper col-padding-remove\">\n\t<calendarteaser key=\"324183125\" rawitem='{&quot;postId&quot;:32418,&quot;title&quot;:&quot;Poodles, Pigs or Cats?&quot;,&quot;excerpt&quot;:&quot;Come and listen to a reading of the picture books \\u2018Pudel mit Pommes\\u2019 by Pija Lindenbaum, \\u2018Alles Schweine oder was?!\\u2019 by Alice Bri\\u00e8re-Haquet and P\\u00e9n\\u00e9lope Paicheler, and \\u2018Alle sehen eine Katze\\u2019 by Brendan Wenzel and Thomas Bodmer. &quot;,&quot;slug&quot;:&quot;poodles-dogs-or-cats&quot;,&quot;post_date&quot;:&quot;2021-09-17T21:52&quot;,&quot;type&quot;:&quot;event&quot;,&quot;permalink&quot;:&quot;https:\\\/\\\/www.humboldtforum.org\\\/en\\\/programm\\\/termin\\\/reading\\\/poodles-dogs-or-cats-32418\\\/&quot;,&quot;genre&quot;:[1162,824],&quot;genre_details&quot;:[{&quot;text&quot;:&quot;Reading&quot;,&quot;id&quot;:1162,&quot;icon&quot;:null,&quot;parent&quot;:0},{&quot;text&quot;:&quot;Theatre&quot;,&quot;id&quot;:824,&quot;icon&quot;:null,&quot;parent&quot;:0}],&quot;stakeholder&quot;:[595],&quot;stakeholder_details&quot;:[{&quot;text&quot;:&quot;Stiftung Humboldt Forum im Berliner Schloss&quot;,&quot;id&quot;:595,&quot;icon&quot;:null,&quot;parent&quot;:0}],&quot;targetgroup&quot;:[714],&quot;targetgroup_details&quot;:[{&quot;text&quot;:&quot;Children and families&quot;,&quot;id&quot;:714,&quot;icon&quot;:null,&quot;parent&quot;:0}],&quot;language&quot;:[579],&quot;language_details&quot;:[{&quot;text&quot;:&quot;German&quot;,&quot;id&quot;:579,&quot;icon&quot;:null,&quot;parent&quot;:0}],&quot;accessability&quot;:[596],&quot;accessability_details&quot;:[{&quot;text&quot;:&quot;Accessible for wheelchairs&quot;,&quot;id&quot;:596,&quot;icon&quot;:null,&quot;parent&quot;:0}],&quot;age&quot;:[703],&quot;age_details&quot;:[{&quot;text&quot;:&quot;children (3-6 years)&quot;,&quot;id&quot;:703,&quot;icon&quot;:null,&quot;parent&quot;:0}],&quot;place&quot;:[604],&quot;place_details&quot;:{&quot;place&quot;:&quot;Humboldt Forum&quot;,&quot;map&quot;:&quot;Humboldt Forum, Schlossplatz, Berlin&quot;,&quot;room&quot;:&quot;Ground Floor, Hall 3&quot;},&quot;icon_overwrite&quot;:&quot;&quot;,&quot;acf&quot;:{&quot;hashtag&quot;:&quot;HumboldtForum&quot;,&quot;keywords&quot;:&quot;&quot;,&quot;shorturl&quot;:&quot;&quot;,&quot;planning&quot;:{&quot;price&quot;:&quot;4 EUR \\\/reduced 2 EUR&quot;,&quot;admission&quot;:&quot;&quot;,&quot;pause&quot;:&quot;&quot;,&quot;duration&quot;:&quot;30&quot;},&quot;marketing_text&quot;:&quot;Escape, tolerance and different perspectives&quot;,&quot;tickettext&quot;:&quot;Please book your ticket in advance online or at the service desk in the foyer.&quot;,&quot;infotext&quot;:&quot;We kindly ask for your understanding that adults are only permitted to participate in the program when accompanied by children.&quot;,&quot;use_video_in_teasers&quot;:false,&quot;hide_event_in_program&quot;:false,&quot;noindex&quot;:false,&quot;times&quot;:[],&quot;subline&quot;:&quot;Flight, tolerance and different perspectives&quot;,&quot;additional_info&quot;:{&quot;icon&quot;:&quot;icon-pin&quot;,&quot;text&quot;:&quot;The entrance to Hall 3 is in the Schl\\u00fcter Courtyard next to the Sculpture Hall.&quot;},&quot;highlight_header&quot;:false,&quot;featured_images&quot;:[36109],&quot;hyphenation&quot;:true,&quot;tipp&quot;:false,&quot;joker&quot;:false,&quot;live&quot;:false,&quot;alert_text&quot;:&quot;DE&quot;,&quot;hm_id&quot;:&quot;&quot;,&quot;gomus_id&quot;:&quot;&quot;,&quot;belongsto&quot;:[32405]},&quot;date&quot;:{&quot;NX&quot;:null,&quot;NXX&quot;:null,&quot;NLAST&quot;:&quot;202604051000&quot;,&quot;from_DATE&quot;:&quot;20260329 13:00&quot;,&quot;from&quot;:1774774800,&quot;to&quot;:1775383200,&quot;to_DATE&quot;:&quot;20260405 14:00&quot;,&quot;from_HRFSHORT&quot;:&quot;29 Mar 2026&quot;,&quot;from_HRFSHORT_WD&quot;:&quot;Sun 29\\\/03\\\/2026&quot;,&quot;to_HRFSHORT&quot;:&quot; 5 Apr 2026&quot;,&quot;to_HRFSHORT_WD&quot;:&quot;Sun 05\\\/04\\\/2026&quot;,&quot;from_HRF&quot;:&quot;Sun, 29 March 2026&quot;,&quot;to_HRF&quot;:&quot;Sun,  5 April 2026&quot;,&quot;from_to_HRF&quot;:&quot;Sun, 29 March \\u2013 Sun,  5 April 2026&quot;,&quot;from_to_HRFSHORT&quot;:&quot;29 Mar \\u2013  5 Apr 2026&quot;},&quot;alert&quot;:&quot;DE&quot;,&quot;partof&quot;:[&quot;32405&quot;],&quot;marketing_topic&quot;:{&quot;title&quot;:&quot;Picture Book Cinema&quot;,&quot;ID&quot;:&quot;32405&quot;,&quot;reason&quot;:&quot;sequence&quot;}}' inline-template>\n\t<a href=\"https:\/\/www.humboldtforum.org\/en\/programm\/termin\/reading\/poodles-dogs-or-cats-32418\/\" class=\"teaser teaser-event teaser-event-standard\">\n\t\t<div class=\"row\">\n\t\t\t<div class=\"col-xs-12 teaser-event-image\">\n\t\t\t\t<div class=\"teaser-image teaser-image-no-alternate\">\n\t\t\t\t\t\t\t\t\t\t\t\t\t<span class=\"alert\">DE<\/span>\n\t\t\t\t\t\t\t\t\t\t\t\n\t<lazy-media-inline inline-template>\n\t\t<figure itemscope itemtype=\"http:\/\/schema.org\/ImageObject\" class=\"lazy-media-inline \" role=\"group\" id=\"media_69ee02e28dee1\" aria-labelledby=\"desc_media_69ee02e28dee1\">\n\t\t\t<script type=\"application\/json\" ref=\"data\">\n\t\t\t\t{\n\t\t\t\t\"sizes\" : {\"medium\":{\"file\":\"book-cover-collage-bbk4-300x169.jpg\",\"width\":300,\"height\":169,\"mime-type\":\"image\\\/jpeg\"},\"large\":{\"file\":\"book-cover-collage-bbk4-1024x576.jpg\",\"width\":1024,\"height\":576,\"mime-type\":\"image\\\/jpeg\"},\"thumbnail\":{\"file\":\"book-cover-collage-bbk4-150x150.jpg\",\"width\":150,\"height\":150,\"mime-type\":\"image\\\/jpeg\"},\"medium_large\":{\"file\":\"book-cover-collage-bbk4-768x432.jpg\",\"width\":768,\"height\":432,\"mime-type\":\"image\\\/jpeg\"},\"small\":{\"file\":\"book-cover-collage-bbk4-440x248.jpg\",\"width\":440,\"height\":248,\"mime-type\":\"image\\\/jpeg\"},\"semi\":{\"file\":\"book-cover-collage-bbk4-580x326.jpg\",\"width\":580,\"height\":326,\"mime-type\":\"image\\\/jpeg\"},\"mobile\":{\"file\":\"book-cover-collage-bbk4-720x405.jpg\",\"width\":720,\"height\":405,\"mime-type\":\"image\\\/jpeg\"},\"original\":{\"file\":\"book-cover-collage-bbk4.jpg\",\"width\":1280,\"height\":720}},\n\t\t\t\t\"alt\" : \"Three colorful children's book covers: \\\"Poodle and Fries,\\\" \\\"Everyone Sees a Cat,\\\" and \\\"All Pigs, or What?!\\\"\",\n\t\t\t\t\"path\" : \"\\\/wp-content\\\/uploads\\\/2021\\\/12\\\/\",\n\t\t\t\t\"video\" : null,\n\t\t\t\t\"autoplay\" : null,\n\t\t\t\t\"youtube\" : null,\n\t\t\t\t\"youtubelabel\" : \"Play video\",\n\t\t\t\t\"brightness\" : 100,\n\t\t\t\t\"crop\" : {\"top\":\"50.00\",\"left\":\"50.00\"},\n\t\t\t\t\"background\" : true,\n\t\t\t\t\"scale\" : 2\t\t\t\t}\n\t\t\t<\/script>\n\n\t\t\t<div class=\"height-container\" style=\"padding-bottom:56.25%;\" v-if=\"sizes\">\n\t\t\t\t\t\t\t\t<lazy-media :inline=\"true\" :alt=\"alt\" :sizes=\"sizes\" :scale=\"scale\" :brightness=\"brightness\" :path=\"path\" :video=\"video\" :autoplay=\"autoplay\" :youtube=\"youtube\" :crop=\"crop\" :youtubelabel=\"youtubelabel\" :background=\"background\" media-id=\"desc_media_69ee02e28dee1\"><\/lazy-media>\n\t\t\t\t\t\t\t<\/div>\n\n\t\t\t\t\t\t\t<figcaption class=\"sr-only\" ref=\"body\" id=\"desc_media_69ee02e28dee1\">\n\t\t\t\t\t\t\t\t\t\t\t\t\t\t\t\t\t\t\t\t\t<div class=\"insignificant\">\u00a9 2018 Friedrich Oetinger, Pija Lindenbaum Verlag (Pudel mit Pommes); \u00a9 2018 NordS\u00fcd Verlag AG (Alle sehen eine Katze); \u00a9 2013 A. Bri\u00e8re-Haquet und P. Paicheler, Klett Verlag (Alles Schweine, oder was?!)<\/div>\n\t\t\t\t\t\t\t\t\t<\/figcaption>\n\t\t\t\t\t<\/figure>\n\t<\/lazy-media-inline>\n\t\t\t\t<\/div>\n\t\t\t<\/div>\n\t\t\t<div class=\"col-xs-12 teaser-event-text Infos\">\n\t\t\t\t<div class=\"teaser-event-standard-text\">\n\t\t\t\t\t<div class=\"margin-bottom-atom\">\n\t\t\t\t\t\t<div class=\"subline clamp-1\" v-html=\"maingenre\"><\/div>\n\t\t\t\t\t\t\t\t\t\t\t\t\t<div class=\"insignificant clamp-2\">Picture Book Cinema<\/div>\n\t\t\t\t\t\t\t\t\t\t\t<\/div>\n\t\t\t\t\n\t\t\t\t\t<strong class=\"margin-bottom-atom\">Poodles, Pigs or Cats?<\/strong>\n\n\t\t\t\t\t\t\t\t\t\t\t<div class=\"\">Escape, tolerance and different perspectives<\/div>\n\t\t\t\t\t\t\t\t\t<\/div>\n\t\t\t\t<div class=\"teaser-bottom border-bottom\">\n\t\t\t\t<calendardateline :rawitem='item' :show-icon=\"true\"><\/calendardateline>\n\t\t\t\t\t<hr>\n\t\t\t\t<\/div>\n\t\t\t<\/div>\n\t\t<\/div>\n\t<\/a>\n\t<\/calendarteaser>\n<\/li>\n\n<li class=\"teaser-lane-slide col-xs-9 col-sm-4 col-md-3 teaser-wrapper col-padding-remove\">\n\t<calendarteaser key=\"12828417554\" rawitem='{&quot;postId&quot;:128284,&quot;title&quot;:&quot;Ida, Ada and Sibylla.&quot;,&quot;excerpt&quot;:&quot;Come and listen to a reading of the picture books \\u2018Ada und die Zahlenknackmaschine\\u2019 by Benjamin Flouw, \\u2018Sibylla und der Tulpenraub\\u2019 by Benita Roth, and \\u2018Ida und die Welt hinterm Kaiserzipf\\u2019 by Linda Schwalbe. &quot;,&quot;slug&quot;:&quot;ida-ada-and-sibylla&quot;,&quot;post_date&quot;:&quot;2024-04-19T09:37&quot;,&quot;type&quot;:&quot;event&quot;,&quot;permalink&quot;:&quot;https:\\\/\\\/www.humboldtforum.org\\\/en\\\/programm\\\/termin\\\/reading\\\/ida-ada-and-sibylla-128284\\\/&quot;,&quot;genre&quot;:[1162,824],&quot;genre_details&quot;:[{&quot;text&quot;:&quot;Reading&quot;,&quot;id&quot;:1162,&quot;icon&quot;:null,&quot;parent&quot;:0},{&quot;text&quot;:&quot;Theatre&quot;,&quot;id&quot;:824,&quot;icon&quot;:null,&quot;parent&quot;:0}],&quot;stakeholder&quot;:[595],&quot;stakeholder_details&quot;:[{&quot;text&quot;:&quot;Stiftung Humboldt Forum im Berliner Schloss&quot;,&quot;id&quot;:595,&quot;icon&quot;:null,&quot;parent&quot;:0}],&quot;targetgroup&quot;:[714],&quot;targetgroup_details&quot;:[{&quot;text&quot;:&quot;Children and families&quot;,&quot;id&quot;:714,&quot;icon&quot;:null,&quot;parent&quot;:0}],&quot;language&quot;:[579],&quot;language_details&quot;:[{&quot;text&quot;:&quot;German&quot;,&quot;id&quot;:579,&quot;icon&quot;:null,&quot;parent&quot;:0}],&quot;accessability&quot;:[596],&quot;accessability_details&quot;:[{&quot;text&quot;:&quot;Accessible for wheelchairs&quot;,&quot;id&quot;:596,&quot;icon&quot;:null,&quot;parent&quot;:0}],&quot;age&quot;:[703],&quot;age_details&quot;:[{&quot;text&quot;:&quot;children (3-6 years)&quot;,&quot;id&quot;:703,&quot;icon&quot;:null,&quot;parent&quot;:0}],&quot;place&quot;:[604],&quot;place_details&quot;:{&quot;place&quot;:&quot;Humboldt Forum&quot;,&quot;map&quot;:&quot;Humboldt Forum, Schlossplatz, Berlin&quot;,&quot;room&quot;:&quot;Ground Floor, Hall 3&quot;},&quot;icon_overwrite&quot;:&quot;&quot;,&quot;acf&quot;:{&quot;hashtag&quot;:&quot;HumboldtForum&quot;,&quot;keywords&quot;:&quot;&quot;,&quot;shorturl&quot;:&quot;&quot;,&quot;planning&quot;:{&quot;price&quot;:&quot;4\\u20ac, reduced 2\\u20ac&quot;,&quot;admission&quot;:&quot;&quot;,&quot;pause&quot;:&quot;&quot;,&quot;duration&quot;:&quot;30&quot;},&quot;shorttext&quot;:&quot;Come and listen to a reading of the picture books \\u2018Ada und die Zahlenknackmaschine\\u2019 by Benjamin Flouw, \\u2018Sibylla und der Tulpenraub\\u2019 by Benita Roth, and \\u2018Ida und die Welt hinterm Kaiserzipf\\u2019 by Linda Schwalbe. &quot;,&quot;infotext&quot;:&quot;We kindly ask for your understanding that adults are only permitted to participate in the program when accompanied by children.&quot;,&quot;use_video_in_teasers&quot;:false,&quot;hide_event_in_program&quot;:false,&quot;noindex&quot;:false,&quot;times&quot;:[],&quot;subline&quot;:&quot;Famous female researchers&quot;,&quot;additional_info&quot;:{&quot;icon&quot;:&quot;icon-pin&quot;,&quot;text&quot;:&quot;The entrance to Hall 3 is in the Schl\\u00fcter Courtyard next to the Sculpture Hall.&quot;},&quot;highlight_header&quot;:false,&quot;featured_images&quot;:[134163,128289],&quot;hyphenation&quot;:true,&quot;tipp&quot;:false,&quot;joker&quot;:false,&quot;live&quot;:false,&quot;gomus_id&quot;:&quot;&quot;,&quot;belongsto&quot;:[32405],&quot;hm_id&quot;:&quot;&quot;,&quot;tickettext&quot;:&quot;Please book your ticket in advance online or at the box office in the Foyer.&quot;},&quot;date&quot;:{&quot;NX&quot;:null,&quot;NXX&quot;:null,&quot;NLAST&quot;:&quot;202604050900&quot;,&quot;from_DATE&quot;:&quot;20260405 13:00&quot;,&quot;from&quot;:1775379600,&quot;to&quot;:1775379600,&quot;to_DATE&quot;:&quot;20260405 13:00&quot;,&quot;from_HRFSHORT&quot;:&quot; 5 Apr 2026&quot;,&quot;from_HRFSHORT_WD&quot;:&quot;Sun 05\\\/04\\\/2026&quot;,&quot;to_HRFSHORT&quot;:&quot; 5 Apr 2026&quot;,&quot;to_HRFSHORT_WD&quot;:&quot;Sun 05\\\/04\\\/2026&quot;,&quot;from_HRF&quot;:&quot;Sun,  5 April 2026&quot;,&quot;to_HRF&quot;:&quot;Sun,  5 April 2026&quot;,&quot;from_to_HRF&quot;:&quot;Sun,  5 April \\u2013 Sun,  5 April 2026&quot;,&quot;from_to_HRFSHORT&quot;:&quot; 5 Apr \\u2013  5 Apr 2026&quot;},&quot;alert&quot;:null,&quot;partof&quot;:[32405],&quot;marketing_topic&quot;:{&quot;title&quot;:&quot;Picture Book Cinema&quot;,&quot;ID&quot;:32405,&quot;reason&quot;:&quot;sequence&quot;}}' inline-template>\n\t<a href=\"https:\/\/www.humboldtforum.org\/en\/programm\/termin\/reading\/ida-ada-and-sibylla-128284\/\" class=\"teaser teaser-event teaser-event-standard\">\n\t\t<div class=\"row\">\n\t\t\t<div class=\"col-xs-12 teaser-event-image\">\n\t\t\t\t<div class=\"teaser-image teaser-image-no-alternate\">\n\t\t\t\t\t\t\t\t\t\t\t\n\t<lazy-media-inline inline-template>\n\t\t<figure itemscope itemtype=\"http:\/\/schema.org\/ImageObject\" class=\"lazy-media-inline \" role=\"group\" id=\"media_69ee02e28fee0\" aria-labelledby=\"desc_media_69ee02e28fee0\">\n\t\t\t<script type=\"application\/json\" ref=\"data\">\n\t\t\t\t{\n\t\t\t\t\"sizes\" : {\"medium\":{\"file\":\"SHF_eb00228640-300x276.jpg\",\"width\":300,\"height\":276,\"mime-type\":\"image\\\/jpeg\",\"filesize\":15731},\"large\":{\"file\":\"SHF_eb00228640-1024x941.jpg\",\"width\":1024,\"height\":941,\"mime-type\":\"image\\\/jpeg\",\"filesize\":121968},\"thumbnail\":{\"file\":\"SHF_eb00228640-150x150.jpg\",\"width\":150,\"height\":150,\"mime-type\":\"image\\\/jpeg\",\"filesize\":6107},\"medium_large\":{\"file\":\"SHF_eb00228640-768x706.jpg\",\"width\":768,\"height\":706,\"mime-type\":\"image\\\/jpeg\",\"filesize\":75804},\"small\":{\"file\":\"SHF_eb00228640-440x404.jpg\",\"width\":440,\"height\":404,\"mime-type\":\"image\\\/jpeg\",\"filesize\":29709},\"semi\":{\"file\":\"SHF_eb00228640-580x533.jpg\",\"width\":580,\"height\":533,\"mime-type\":\"image\\\/jpeg\",\"filesize\":46498},\"mobile\":{\"file\":\"SHF_eb00228640-720x662.jpg\",\"width\":720,\"height\":662,\"mime-type\":\"image\\\/jpeg\",\"filesize\":67377},\"hd\":{\"file\":\"SHF_eb00228640-1280x1177.jpg\",\"width\":1280,\"height\":1177,\"mime-type\":\"image\\\/jpeg\",\"filesize\":182822},\"1536x1536\":{\"file\":\"SHF_eb00228640-1536x1412.jpg\",\"width\":1536,\"height\":1412,\"mime-type\":\"image\\\/jpeg\",\"filesize\":248638},\"original\":{\"file\":\"SHF_eb00228640.jpg\",\"width\":1880,\"height\":1728}},\n\t\t\t\t\"alt\" : \"A book cover titled \\\"Ada and the Number-Cracking Machine,\\\" featuring a drawn illustration of a girl with a machine.\",\n\t\t\t\t\"path\" : \"\\\/wp-content\\\/uploads\\\/2024\\\/04\\\/\",\n\t\t\t\t\"video\" : null,\n\t\t\t\t\"autoplay\" : null,\n\t\t\t\t\"youtube\" : null,\n\t\t\t\t\"youtubelabel\" : \"Play video\",\n\t\t\t\t\"brightness\" : 100,\n\t\t\t\t\"crop\" : {\"top\":\"50.00\",\"left\":\"50.00\"},\n\t\t\t\t\"background\" : true,\n\t\t\t\t\"scale\" : 2\t\t\t\t}\n\t\t\t<\/script>\n\n\t\t\t<div class=\"height-container\" style=\"padding-bottom:91.914893617021%;\" v-if=\"sizes\">\n\t\t\t\t\t\t\t\t<lazy-media :inline=\"true\" :alt=\"alt\" :sizes=\"sizes\" :scale=\"scale\" :brightness=\"brightness\" :path=\"path\" :video=\"video\" :autoplay=\"autoplay\" :youtube=\"youtube\" :crop=\"crop\" :youtubelabel=\"youtubelabel\" :background=\"background\" media-id=\"desc_media_69ee02e28fee0\"><\/lazy-media>\n\t\t\t\t\t\t\t<\/div>\n\n\t\t\t\t\t\t\t<figcaption class=\"sr-only\" ref=\"body\" id=\"desc_media_69ee02e28fee0\">\n\t\t\t\t\t\t\t\t\t\t\t<div>Book cover of over &quot;Ada und die Knack-Zahlen-Maschine&quot; by Rachel Katstaller und Zo&euml; Tucker<\/div>\n\t\t\t\t\t\t\t\t\t\t\t\t\t\t\t\t\t\t\t\t\t<div class=\"insignificant\">\u00a9 Nord S\u00fcd Verlag\r\n<\/div>\n\t\t\t\t\t\t\t\t\t<\/figcaption>\n\t\t\t\t\t<\/figure>\n\t<\/lazy-media-inline>\n\t\t\t\t<\/div>\n\t\t\t<\/div>\n\t\t\t<div class=\"col-xs-12 teaser-event-text Infos\">\n\t\t\t\t<div class=\"teaser-event-standard-text\">\n\t\t\t\t\t<div class=\"margin-bottom-atom\">\n\t\t\t\t\t\t<div class=\"subline clamp-1\" v-html=\"maingenre\"><\/div>\n\t\t\t\t\t\t\t\t\t\t\t\t\t<div class=\"insignificant clamp-2\">Picture Book Cinema<\/div>\n\t\t\t\t\t\t\t\t\t\t\t<\/div>\n\t\t\t\t\n\t\t\t\t\t<strong class=\"margin-bottom-atom\">Ida, Ada and Sibylla.<\/strong>\n\n\t\t\t\t\t\t\t\t\t\t\t<div class=\"\">Famous female researchers<\/div>\n\t\t\t\t\t\t\t\t\t<\/div>\n\t\t\t\t<div class=\"teaser-bottom border-bottom\">\n\t\t\t\t<calendardateline :rawitem='item' :show-icon=\"true\"><\/calendardateline>\n\t\t\t\t\t<hr>\n\t\t\t\t<\/div>\n\t\t\t<\/div>\n\t\t<\/div>\n\t<\/a>\n\t<\/calendarteaser>\n<\/li>\n\n<li class=\"teaser-lane-slide col-xs-9 col-sm-4 col-md-3 teaser-wrapper col-padding-remove\">\n\t<calendarteaser key=\"13444711340\" rawitem='{&quot;postId&quot;:134447,&quot;title&quot;:&quot;Disco son and demo what?&quot;,&quot;excerpt&quot;:&quot;&quot;,&quot;slug&quot;:&quot;disco-son-and-demo-what&quot;,&quot;post_date&quot;:&quot;2024-08-08T15:15&quot;,&quot;type&quot;:&quot;event&quot;,&quot;permalink&quot;:&quot;https:\\\/\\\/www.humboldtforum.org\\\/en\\\/programm\\\/termin\\\/reading\\\/disco-son-and-demo-what-134447\\\/&quot;,&quot;genre&quot;:[1162,824],&quot;genre_details&quot;:[{&quot;text&quot;:&quot;Reading&quot;,&quot;id&quot;:1162,&quot;icon&quot;:null,&quot;parent&quot;:0},{&quot;text&quot;:&quot;Theatre&quot;,&quot;id&quot;:824,&quot;icon&quot;:null,&quot;parent&quot;:0}],&quot;stakeholder&quot;:[595],&quot;stakeholder_details&quot;:[{&quot;text&quot;:&quot;Stiftung Humboldt Forum im Berliner Schloss&quot;,&quot;id&quot;:595,&quot;icon&quot;:null,&quot;parent&quot;:0}],&quot;targetgroup&quot;:[714],&quot;targetgroup_details&quot;:[{&quot;text&quot;:&quot;Children and families&quot;,&quot;id&quot;:714,&quot;icon&quot;:null,&quot;parent&quot;:0}],&quot;language&quot;:[579],&quot;language_details&quot;:[{&quot;text&quot;:&quot;German&quot;,&quot;id&quot;:579,&quot;icon&quot;:null,&quot;parent&quot;:0}],&quot;accessability&quot;:[596],&quot;accessability_details&quot;:[{&quot;text&quot;:&quot;Accessible for wheelchairs&quot;,&quot;id&quot;:596,&quot;icon&quot;:null,&quot;parent&quot;:0}],&quot;age&quot;:[703],&quot;age_details&quot;:[{&quot;text&quot;:&quot;children (3-6 years)&quot;,&quot;id&quot;:703,&quot;icon&quot;:null,&quot;parent&quot;:0}],&quot;place&quot;:[604],&quot;place_details&quot;:{&quot;place&quot;:&quot;Humboldt Forum&quot;,&quot;map&quot;:&quot;Humboldt Forum, Schlossplatz, Berlin&quot;,&quot;room&quot;:&quot;Ground Floor, Hall 3&quot;},&quot;icon_overwrite&quot;:&quot;&quot;,&quot;acf&quot;:{&quot;hashtag&quot;:&quot;HumboldtForum&quot;,&quot;planning&quot;:{&quot;price&quot;:&quot;4 EUR \\\/ reduced 2 EUR&quot;,&quot;admission&quot;:&quot;&quot;,&quot;pause&quot;:&quot;&quot;,&quot;duration&quot;:&quot;30&quot;},&quot;subline&quot;:&quot;How does democracy work?&quot;,&quot;additional_info&quot;:{&quot;icon&quot;:&quot;icon-pin&quot;,&quot;text&quot;:&quot;The entrance to Hall 3 is in the Schl\\u00fcter Courtyard next to the Sculpture Hall.&quot;},&quot;highlight_header&quot;:false,&quot;featured_images&quot;:[134440,134442],&quot;use_video_in_teasers&quot;:false,&quot;hyphenation&quot;:true,&quot;tipp&quot;:false,&quot;joker&quot;:false,&quot;live&quot;:false,&quot;hide_event_in_program&quot;:false,&quot;gomus_id&quot;:&quot;&quot;,&quot;tickettext&quot;:&quot;Please book your ticket in advance online or at the box office in the Foyer.&quot;,&quot;infotext&quot;:&quot;We kindly ask for your understanding that adults are only permitted to participate in the program when accompanied by children.&quot;,&quot;noindex&quot;:false,&quot;keywords&quot;:&quot;&quot;,&quot;belongsto&quot;:[32405],&quot;shorturl&quot;:&quot;&quot;,&quot;hm_id&quot;:&quot;&quot;,&quot;times&quot;:[]},&quot;date&quot;:{&quot;NX&quot;:null,&quot;NXX&quot;:null,&quot;NLAST&quot;:&quot;202604041000&quot;,&quot;from_DATE&quot;:&quot;20260329 14:00&quot;,&quot;from&quot;:1774778400,&quot;to&quot;:1775296800,&quot;to_DATE&quot;:&quot;20260404 14:00&quot;,&quot;from_HRFSHORT&quot;:&quot;29 Mar 2026&quot;,&quot;from_HRFSHORT_WD&quot;:&quot;Sun 29\\\/03\\\/2026&quot;,&quot;to_HRFSHORT&quot;:&quot; 4 Apr 2026&quot;,&quot;to_HRFSHORT_WD&quot;:&quot;Sat 04\\\/04\\\/2026&quot;,&quot;from_HRF&quot;:&quot;Sun, 29 March 2026&quot;,&quot;to_HRF&quot;:&quot;Sat,  4 April 2026&quot;,&quot;from_to_HRF&quot;:&quot;Sun, 29 March \\u2013 Sat,  4 April 2026&quot;,&quot;from_to_HRFSHORT&quot;:&quot;29 Mar \\u2013  4 Apr 2026&quot;},&quot;alert&quot;:null,&quot;partof&quot;:[&quot;32405&quot;],&quot;marketing_topic&quot;:{&quot;title&quot;:&quot;Picture Book Cinema&quot;,&quot;ID&quot;:&quot;32405&quot;,&quot;reason&quot;:&quot;sequence&quot;}}' inline-template>\n\t<a href=\"https:\/\/www.humboldtforum.org\/en\/programm\/termin\/reading\/disco-son-and-demo-what-134447\/\" class=\"teaser teaser-event teaser-event-standard\">\n\t\t<div class=\"row\">\n\t\t\t<div class=\"col-xs-12 teaser-event-image\">\n\t\t\t\t<div class=\"teaser-image teaser-image-no-alternate\">\n\t\t\t\t\t\t\t\t\t\t\t\n\t<lazy-media-inline inline-template>\n\t\t<figure itemscope itemtype=\"http:\/\/schema.org\/ImageObject\" class=\"lazy-media-inline \" role=\"group\" id=\"media_69ee02e291b10\" aria-labelledby=\"desc_media_69ee02e291b10\">\n\t\t\t<script type=\"application\/json\" ref=\"data\">\n\t\t\t\t{\n\t\t\t\t\"sizes\" : {\"medium\":{\"file\":\"SHF_eb00228644-235x300.jpg\",\"width\":235,\"height\":300,\"mime-type\":\"image\\\/jpeg\",\"filesize\":17666},\"large\":{\"file\":\"SHF_eb00228644-804x1024.jpg\",\"width\":804,\"height\":1024,\"mime-type\":\"image\\\/jpeg\",\"filesize\":117912},\"thumbnail\":{\"file\":\"SHF_eb00228644-150x150.jpg\",\"width\":150,\"height\":150,\"mime-type\":\"image\\\/jpeg\",\"filesize\":7416},\"medium_large\":{\"file\":\"SHF_eb00228644-768x978.jpg\",\"width\":768,\"height\":978,\"mime-type\":\"image\\\/jpeg\",\"filesize\":110471},\"small\":{\"file\":\"SHF_eb00228644-345x440.jpg\",\"width\":345,\"height\":440,\"mime-type\":\"image\\\/jpeg\",\"filesize\":31536},\"semi\":{\"file\":\"SHF_eb00228644-455x580.jpg\",\"width\":455,\"height\":580,\"mime-type\":\"image\\\/jpeg\",\"filesize\":49196},\"mobile\":{\"file\":\"SHF_eb00228644-565x720.jpg\",\"width\":565,\"height\":720,\"mime-type\":\"image\\\/jpeg\",\"filesize\":68467},\"original\":{\"file\":\"SHF_eb00228644.jpg\",\"width\":945,\"height\":1204}},\n\t\t\t\t\"alt\" : \"A cheerful lion holds a sign that reads \\\"I am for myself\\\" in a colorful landscape.\",\n\t\t\t\t\"path\" : \"\\\/wp-content\\\/uploads\\\/2024\\\/08\\\/\",\n\t\t\t\t\"video\" : null,\n\t\t\t\t\"autoplay\" : null,\n\t\t\t\t\"youtube\" : null,\n\t\t\t\t\"youtubelabel\" : \"Play video\",\n\t\t\t\t\"brightness\" : 100,\n\t\t\t\t\"crop\" : {\"top\":\"50.00\",\"left\":\"50.00\"},\n\t\t\t\t\"background\" : true,\n\t\t\t\t\"scale\" : 2\t\t\t\t}\n\t\t\t<\/script>\n\n\t\t\t<div class=\"height-container\" style=\"padding-bottom:127.40740740741%;\" v-if=\"sizes\">\n\t\t\t\t\t\t\t\t<lazy-media :inline=\"true\" :alt=\"alt\" :sizes=\"sizes\" :scale=\"scale\" :brightness=\"brightness\" :path=\"path\" :video=\"video\" :autoplay=\"autoplay\" :youtube=\"youtube\" :crop=\"crop\" :youtubelabel=\"youtubelabel\" :background=\"background\" media-id=\"desc_media_69ee02e291b10\"><\/lazy-media>\n\t\t\t\t\t\t\t<\/div>\n\n\t\t\t\t\t\t\t<figcaption class=\"sr-only\" ref=\"body\" id=\"desc_media_69ee02e291b10\">\n\t\t\t\t\t\t\t\t\t\t\t<div>Book cover &quot;Ich bin f&uuml;r mich&quot; by Martin Baltscheit and Christine Schwarz<\/div>\n\t\t\t\t\t\t\t\t\t\t\t\t\t\t\t\t\t\t\t\t\t<div class=\"insignificant\">\u00a9 Verlagsgruppe Beltz<\/div>\n\t\t\t\t\t\t\t\t\t<\/figcaption>\n\t\t\t\t\t<\/figure>\n\t<\/lazy-media-inline>\n\t\t\t\t<\/div>\n\t\t\t<\/div>\n\t\t\t<div class=\"col-xs-12 teaser-event-text Infos\">\n\t\t\t\t<div class=\"teaser-event-standard-text\">\n\t\t\t\t\t<div class=\"margin-bottom-atom\">\n\t\t\t\t\t\t<div class=\"subline clamp-1\" v-html=\"maingenre\"><\/div>\n\t\t\t\t\t\t\t\t\t\t\t\t\t<div class=\"insignificant clamp-2\">Picture Book Cinema<\/div>\n\t\t\t\t\t\t\t\t\t\t\t<\/div>\n\t\t\t\t\n\t\t\t\t\t<strong class=\"margin-bottom-atom\">Disco son and demo what?<\/strong>\n\n\t\t\t\t\t\t\t\t\t\t\t<div class=\"\">How does democracy work?<\/div>\n\t\t\t\t\t\t\t\t\t<\/div>\n\t\t\t\t<div class=\"teaser-bottom border-bottom\">\n\t\t\t\t<calendardateline :rawitem='item' :show-icon=\"true\"><\/calendardateline>\n\t\t\t\t\t<hr>\n\t\t\t\t<\/div>\n\t\t\t<\/div>\n\t\t<\/div>\n\t<\/a>\n\t<\/calendarteaser>\n<\/li>\n\n<li class=\"teaser-lane-slide col-xs-9 col-sm-4 col-md-3 teaser-wrapper col-padding-remove\">\n\t<calendarteaser key=\"3243313019\" rawitem='{&quot;postId&quot;:32433,&quot;title&quot;:&quot;Little Heroes and Heroines&quot;,&quot;excerpt&quot;:&quot;Come and listen to a reading of the picture books \\u2018Der kleine Kolibri\\u2019 by Michael Nicoll, \\u2018Kleine (gro\\u00dfe) Heldin\\u2019 by the Nader Etmenan Stiftung and Laura Bednarski as well as \\u2018Der Junge, der einen Wald pflanzte\\u2019 by Sophia Gholz und Kayla Harren.&quot;,&quot;slug&quot;:&quot;little-heroes-and-heroines&quot;,&quot;post_date&quot;:&quot;2021-09-16T15:09&quot;,&quot;type&quot;:&quot;event&quot;,&quot;permalink&quot;:&quot;https:\\\/\\\/www.humboldtforum.org\\\/en\\\/programm\\\/termin\\\/reading\\\/little-heroes-and-heroines-32433\\\/&quot;,&quot;genre&quot;:[1162,824],&quot;genre_details&quot;:[{&quot;text&quot;:&quot;Reading&quot;,&quot;id&quot;:1162,&quot;icon&quot;:null,&quot;parent&quot;:0},{&quot;text&quot;:&quot;Theatre&quot;,&quot;id&quot;:824,&quot;icon&quot;:null,&quot;parent&quot;:0}],&quot;stakeholder&quot;:[595],&quot;stakeholder_details&quot;:[{&quot;text&quot;:&quot;Stiftung Humboldt Forum im Berliner Schloss&quot;,&quot;id&quot;:595,&quot;icon&quot;:null,&quot;parent&quot;:0}],&quot;targetgroup&quot;:[714],&quot;targetgroup_details&quot;:[{&quot;text&quot;:&quot;Children and families&quot;,&quot;id&quot;:714,&quot;icon&quot;:null,&quot;parent&quot;:0}],&quot;language&quot;:[579],&quot;language_details&quot;:[{&quot;text&quot;:&quot;German&quot;,&quot;id&quot;:579,&quot;icon&quot;:null,&quot;parent&quot;:0}],&quot;accessability&quot;:[596],&quot;accessability_details&quot;:[{&quot;text&quot;:&quot;Accessible for wheelchairs&quot;,&quot;id&quot;:596,&quot;icon&quot;:null,&quot;parent&quot;:0}],&quot;age&quot;:[703],&quot;age_details&quot;:[{&quot;text&quot;:&quot;children (3-6 years)&quot;,&quot;id&quot;:703,&quot;icon&quot;:null,&quot;parent&quot;:0}],&quot;place&quot;:[604],&quot;place_details&quot;:{&quot;place&quot;:&quot;Humboldt Forum&quot;,&quot;map&quot;:&quot;Humboldt Forum, Schlossplatz, Berlin&quot;,&quot;room&quot;:&quot;Ground Floor, Hall 3&quot;},&quot;icon_overwrite&quot;:&quot;&quot;,&quot;acf&quot;:{&quot;hashtag&quot;:&quot;HumboldtForum&quot;,&quot;keywords&quot;:&quot;&quot;,&quot;shorturl&quot;:&quot;&quot;,&quot;planning&quot;:{&quot;price&quot;:&quot;4\\u20ac, reduced 2\\u20ac&quot;,&quot;admission&quot;:&quot;&quot;,&quot;pause&quot;:&quot;&quot;,&quot;duration&quot;:&quot;30&quot;},&quot;marketing_text&quot;:&quot;A shared reading experience for children aged three and above&quot;,&quot;tickettext&quot;:&quot;Book your ticket in advance online or at the box office in the Foyer.&quot;,&quot;use_video_in_teasers&quot;:false,&quot;hide_event_in_program&quot;:false,&quot;noindex&quot;:false,&quot;times&quot;:[],&quot;subline&quot;:&quot;This is how we make the world a little better&quot;,&quot;additional_info&quot;:{&quot;icon&quot;:&quot;icon-ort&quot;,&quot;text&quot;:&quot;The entrance to Hall 3 is in the Schl\\u00fcter Courtyard next to the Sculpture Hall.&quot;},&quot;highlight_header&quot;:false,&quot;featured_images&quot;:[36105],&quot;hyphenation&quot;:true,&quot;tipp&quot;:false,&quot;joker&quot;:false,&quot;live&quot;:false,&quot;hm_id&quot;:&quot;&quot;,&quot;gomus_id&quot;:&quot;&quot;,&quot;belongsto&quot;:[32405],&quot;infotext&quot;:&quot;We kindly ask for your understanding that adults are only permitted to participate in the program when accompanied by children.&quot;},&quot;date&quot;:{&quot;NX&quot;:null,&quot;NXX&quot;:null,&quot;NLAST&quot;:&quot;202512201000&quot;,&quot;from_DATE&quot;:&quot;20250503 13:00&quot;,&quot;from&quot;:1746262800,&quot;to&quot;:1766224800,&quot;to_DATE&quot;:&quot;20251220 13:00&quot;,&quot;from_HRFSHORT&quot;:&quot; 3 May 2025&quot;,&quot;from_HRFSHORT_WD&quot;:&quot;Sat 03\\\/05\\\/2025&quot;,&quot;to_HRFSHORT&quot;:&quot;20 Dec 2025&quot;,&quot;to_HRFSHORT_WD&quot;:&quot;Sat 20\\\/12\\\/2025&quot;,&quot;from_HRF&quot;:&quot;Sat,  3 May 2025&quot;,&quot;to_HRF&quot;:&quot;Sat, 20 December 2025&quot;,&quot;from_to_HRF&quot;:&quot;Sat,  3 May \\u2013 Sat, 20 December 2025&quot;,&quot;from_to_HRFSHORT&quot;:&quot; 3 May \\u2013 20 Dec 2025&quot;},&quot;alert&quot;:null,&quot;partof&quot;:[&quot;32405&quot;],&quot;marketing_topic&quot;:{&quot;title&quot;:&quot;Picture Book Cinema&quot;,&quot;ID&quot;:&quot;32405&quot;,&quot;reason&quot;:&quot;sequence&quot;}}' inline-template>\n\t<a href=\"https:\/\/www.humboldtforum.org\/en\/programm\/termin\/reading\/little-heroes-and-heroines-32433\/\" class=\"teaser teaser-event teaser-event-standard\">\n\t\t<div class=\"row\">\n\t\t\t<div class=\"col-xs-12 teaser-event-image\">\n\t\t\t\t<div class=\"teaser-image teaser-image-no-alternate\">\n\t\t\t\t\t\t\t\t\t\t\t\n\t<lazy-media-inline inline-template>\n\t\t<figure itemscope itemtype=\"http:\/\/schema.org\/ImageObject\" class=\"lazy-media-inline \" role=\"group\" id=\"media_69ee02e2938f0\" aria-labelledby=\"desc_media_69ee02e2938f0\">\n\t\t\t<script type=\"application\/json\" ref=\"data\">\n\t\t\t\t{\n\t\t\t\t\"sizes\" : {\"medium\":{\"file\":\"book-cover-collage-bbk2-300x169.jpg\",\"width\":300,\"height\":169,\"mime-type\":\"image\\\/jpeg\"},\"large\":{\"file\":\"book-cover-collage-bbk2-1024x576.jpg\",\"width\":1024,\"height\":576,\"mime-type\":\"image\\\/jpeg\"},\"thumbnail\":{\"file\":\"book-cover-collage-bbk2-150x150.jpg\",\"width\":150,\"height\":150,\"mime-type\":\"image\\\/jpeg\"},\"medium_large\":{\"file\":\"book-cover-collage-bbk2-768x432.jpg\",\"width\":768,\"height\":432,\"mime-type\":\"image\\\/jpeg\"},\"small\":{\"file\":\"book-cover-collage-bbk2-440x248.jpg\",\"width\":440,\"height\":248,\"mime-type\":\"image\\\/jpeg\"},\"semi\":{\"file\":\"book-cover-collage-bbk2-580x326.jpg\",\"width\":580,\"height\":326,\"mime-type\":\"image\\\/jpeg\"},\"mobile\":{\"file\":\"book-cover-collage-bbk2-720x405.jpg\",\"width\":720,\"height\":405,\"mime-type\":\"image\\\/jpeg\"},\"original\":{\"file\":\"book-cover-collage-bbk2.jpg\",\"width\":1280,\"height\":720}},\n\t\t\t\t\"alt\" : \"Three book covers with different illustrations and titles, including \\\"The Boy Who Planted a Forest.\\\"\",\n\t\t\t\t\"path\" : \"\\\/wp-content\\\/uploads\\\/2021\\\/12\\\/\",\n\t\t\t\t\"video\" : null,\n\t\t\t\t\"autoplay\" : null,\n\t\t\t\t\"youtube\" : null,\n\t\t\t\t\"youtubelabel\" : \"Play video\",\n\t\t\t\t\"brightness\" : 100,\n\t\t\t\t\"crop\" : {\"top\":\"50.00\",\"left\":\"46.00\"},\n\t\t\t\t\"background\" : true,\n\t\t\t\t\"scale\" : 2\t\t\t\t}\n\t\t\t<\/script>\n\n\t\t\t<div class=\"height-container\" style=\"padding-bottom:56.25%;\" v-if=\"sizes\">\n\t\t\t\t\t\t\t\t<lazy-media :inline=\"true\" :alt=\"alt\" :sizes=\"sizes\" :scale=\"scale\" :brightness=\"brightness\" :path=\"path\" :video=\"video\" :autoplay=\"autoplay\" :youtube=\"youtube\" :crop=\"crop\" :youtubelabel=\"youtubelabel\" :background=\"background\" media-id=\"desc_media_69ee02e2938f0\"><\/lazy-media>\n\t\t\t\t\t\t\t<\/div>\n\n\t\t\t\t\t\t\t<figcaption class=\"sr-only\" ref=\"body\" id=\"desc_media_69ee02e2938f0\">\n\t\t\t\t\t\t\t\t\t\t\t\t\t\t\t\t\t\t\t\t\t<div class=\"insignificant\">\u00a9 2010 by Michael Nicoll Yahgulanaas, Published by Greystone Books Ltd. (The little Hummingbird); Sophie Gholz und Kayla Harren, Zuckers\u00fc\u00df Verlag (Der Junge der einen Wald pflanzte); \u00a9 Laura Bednarski, Nader Etmenan Stiftung (Kleine (gro\u00dfe) Heldin)<\/div>\n\t\t\t\t\t\t\t\t\t<\/figcaption>\n\t\t\t\t\t<\/figure>\n\t<\/lazy-media-inline>\n\t\t\t\t<\/div>\n\t\t\t<\/div>\n\t\t\t<div class=\"col-xs-12 teaser-event-text Infos\">\n\t\t\t\t<div class=\"teaser-event-standard-text\">\n\t\t\t\t\t<div class=\"margin-bottom-atom\">\n\t\t\t\t\t\t<div class=\"subline clamp-1\" v-html=\"maingenre\"><\/div>\n\t\t\t\t\t\t\t\t\t\t\t\t\t<div class=\"insignificant clamp-2\">Picture Book Cinema<\/div>\n\t\t\t\t\t\t\t\t\t\t\t<\/div>\n\t\t\t\t\n\t\t\t\t\t<strong class=\"margin-bottom-atom\">Little Heroes and Heroines<\/strong>\n\n\t\t\t\t\t\t\t\t\t\t\t<div class=\"\">A shared reading experience for children aged three and above<\/div>\n\t\t\t\t\t\t\t\t\t<\/div>\n\t\t\t\t<div class=\"teaser-bottom border-bottom\">\n\t\t\t\t<calendardateline :rawitem='item' :show-icon=\"true\"><\/calendardateline>\n\t\t\t\t\t<hr>\n\t\t\t\t<\/div>\n\t\t\t<\/div>\n\t\t<\/div>\n\t<\/a>\n\t<\/calendarteaser>\n<\/li>\n\n<li class=\"teaser-lane-slide col-xs-9 col-sm-4 col-md-3 teaser-wrapper col-padding-remove\">\n\t<calendarteaser key=\"422768492\" rawitem='{&quot;postId&quot;:42276,&quot;title&quot;:&quot;Little Heroes and Heroines&quot;,&quot;excerpt&quot;:&quot;Come and listen to a reading of the picture books \\u2018Der kleine Kolibri\\u2019 by Michael Nicoll and \\u2018Kleine (gro\\u00dfe) Heldin\\u2019 by the Nader Etmenan Stiftung and Laura Bednarski.&quot;,&quot;slug&quot;:&quot;heldinnen-%d0%b3%d0%b5%d1%80%d0%be%d1%97-%d1%96-%d0%b3%d0%b5%d1%80%d0%be%d0%b9%d0%ba%d0%b8&quot;,&quot;post_date&quot;:&quot;2022-04-22T15:16&quot;,&quot;type&quot;:&quot;event&quot;,&quot;permalink&quot;:&quot;https:\\\/\\\/www.humboldtforum.org\\\/en\\\/programm\\\/termin\\\/reading\\\/heldinnen-%d0%b3%d0%b5%d1%80%d0%be%d1%97-%d1%96-%d0%b3%d0%b5%d1%80%d0%be%d0%b9%d0%ba%d0%b8-42276\\\/&quot;,&quot;genre&quot;:[1162,824],&quot;genre_details&quot;:[{&quot;text&quot;:&quot;Reading&quot;,&quot;id&quot;:1162,&quot;icon&quot;:null,&quot;parent&quot;:0},{&quot;text&quot;:&quot;Theatre&quot;,&quot;id&quot;:824,&quot;icon&quot;:null,&quot;parent&quot;:0}],&quot;stakeholder&quot;:[595],&quot;stakeholder_details&quot;:[{&quot;text&quot;:&quot;Stiftung Humboldt Forum im Berliner Schloss&quot;,&quot;id&quot;:595,&quot;icon&quot;:null,&quot;parent&quot;:0}],&quot;targetgroup&quot;:[714],&quot;targetgroup_details&quot;:[{&quot;text&quot;:&quot;Children and families&quot;,&quot;id&quot;:714,&quot;icon&quot;:null,&quot;parent&quot;:0}],&quot;language&quot;:[579,1420],&quot;language_details&quot;:[{&quot;text&quot;:&quot;German&quot;,&quot;id&quot;:579,&quot;icon&quot;:null,&quot;parent&quot;:0},{&quot;text&quot;:&quot;Ukrainian&quot;,&quot;id&quot;:1420,&quot;icon&quot;:null,&quot;parent&quot;:0}],&quot;accessability&quot;:[596],&quot;accessability_details&quot;:[{&quot;text&quot;:&quot;Accessible for wheelchairs&quot;,&quot;id&quot;:596,&quot;icon&quot;:null,&quot;parent&quot;:0}],&quot;age&quot;:[703],&quot;age_details&quot;:[{&quot;text&quot;:&quot;children (3-6 years)&quot;,&quot;id&quot;:703,&quot;icon&quot;:null,&quot;parent&quot;:0}],&quot;place&quot;:[604],&quot;place_details&quot;:{&quot;place&quot;:&quot;Humboldt Forum&quot;,&quot;map&quot;:&quot;Humboldt Forum, Schlossplatz, Berlin&quot;,&quot;room&quot;:&quot;Ground Floor, Hall 3&quot;},&quot;icon_overwrite&quot;:&quot;&quot;,&quot;acf&quot;:{&quot;hashtag&quot;:&quot;HumboldtForum&quot;,&quot;times&quot;:[],&quot;planning&quot;:{&quot;price&quot;:&quot;4\\u20ac, reduced 2\\u20ac&quot;,&quot;admission&quot;:&quot;&quot;,&quot;pause&quot;:&quot;&quot;,&quot;duration&quot;:&quot;&quot;},&quot;subline&quot;:&quot;They make the world a little better&quot;,&quot;marketing_text&quot;:&quot;They make the world a little better&quot;,&quot;infotext&quot;:&quot;We kindly ask for your understanding that adults are only permitted to participate in the program when accompanied by children.&quot;,&quot;additional_info&quot;:{&quot;icon&quot;:&quot;icon-pin&quot;,&quot;text&quot;:&quot;The entrance to Hall 3 is in the Schl\\u00fcter Courtyard next to the Sculpture Hall.&quot;},&quot;highlight_header&quot;:false,&quot;featured_images&quot;:[46400],&quot;use_video_in_teasers&quot;:false,&quot;hyphenation&quot;:true,&quot;tipp&quot;:false,&quot;joker&quot;:false,&quot;live&quot;:false,&quot;hide_event_in_program&quot;:false,&quot;shorttext&quot;:&quot;Come and listen to a reading of the picture books \\u2018Der kleine Kolibri\\u2019 by Michael Nicoll and \\u2018Kleine (gro\\u00dfe) Heldin\\u2019 by the Nader Etmenan Stiftung and Laura Bednarski.&quot;,&quot;tickettext&quot;:&quot;&quot;,&quot;noindex&quot;:false,&quot;keywords&quot;:&quot;&quot;,&quot;shorturl&quot;:&quot;&quot;,&quot;hm_id&quot;:&quot;&quot;,&quot;gomus_id&quot;:&quot;&quot;,&quot;belongsto&quot;:[32405]},&quot;date&quot;:{&quot;NX&quot;:null,&quot;NXX&quot;:null,&quot;NLAST&quot;:&quot;202511301100&quot;,&quot;from_DATE&quot;:&quot;20250316 13:00&quot;,&quot;from&quot;:1742122800,&quot;to&quot;:1764500400,&quot;to_DATE&quot;:&quot;20251130 13:00&quot;,&quot;from_HRFSHORT&quot;:&quot;16 Mar 2025&quot;,&quot;from_HRFSHORT_WD&quot;:&quot;Sun 16\\\/03\\\/2025&quot;,&quot;to_HRFSHORT&quot;:&quot;30 Nov 2025&quot;,&quot;to_HRFSHORT_WD&quot;:&quot;Sun 30\\\/11\\\/2025&quot;,&quot;from_HRF&quot;:&quot;Sun, 16 March 2025&quot;,&quot;to_HRF&quot;:&quot;Sun, 30 November 2025&quot;,&quot;from_to_HRF&quot;:&quot;Sun, 16 March \\u2013 Sun, 30 November 2025&quot;,&quot;from_to_HRFSHORT&quot;:&quot;16 Mar \\u2013 30 Nov 2025&quot;},&quot;alert&quot;:null,&quot;partof&quot;:[&quot;32405&quot;],&quot;marketing_topic&quot;:{&quot;title&quot;:&quot;Picture Book Cinema&quot;,&quot;ID&quot;:&quot;32405&quot;,&quot;reason&quot;:&quot;sequence&quot;}}' inline-template>\n\t<a href=\"https:\/\/www.humboldtforum.org\/en\/programm\/termin\/reading\/heldinnen-%d0%b3%d0%b5%d1%80%d0%be%d1%97-%d1%96-%d0%b3%d0%b5%d1%80%d0%be%d0%b9%d0%ba%d0%b8-42276\/\" class=\"teaser teaser-event teaser-event-standard\">\n\t\t<div class=\"row\">\n\t\t\t<div class=\"col-xs-12 teaser-event-image\">\n\t\t\t\t<div class=\"teaser-image teaser-image-no-alternate\">\n\t\t\t\t\t\t\t\t\t\t\t\n\t<lazy-media-inline inline-template>\n\t\t<figure itemscope itemtype=\"http:\/\/schema.org\/ImageObject\" class=\"lazy-media-inline \" role=\"group\" id=\"media_69ee02e29530d\" aria-labelledby=\"desc_media_69ee02e29530d\">\n\t\t\t<script type=\"application\/json\" ref=\"data\">\n\t\t\t\t{\n\t\t\t\t\"sizes\" : {\"medium\":{\"file\":\"1034428_Capture_hummingbird-Test-16-zu-9-300x169.jpg\",\"width\":300,\"height\":169,\"mime-type\":\"image\\\/jpeg\",\"filesize\":10042},\"large\":{\"file\":\"1034428_Capture_hummingbird-Test-16-zu-9-1024x576.jpg\",\"width\":1024,\"height\":576,\"mime-type\":\"image\\\/jpeg\",\"filesize\":71738},\"thumbnail\":{\"file\":\"1034428_Capture_hummingbird-Test-16-zu-9-150x150.jpg\",\"width\":150,\"height\":150,\"mime-type\":\"image\\\/jpeg\",\"filesize\":4250},\"medium_large\":{\"file\":\"1034428_Capture_hummingbird-Test-16-zu-9-768x432.jpg\",\"width\":768,\"height\":432,\"mime-type\":\"image\\\/jpeg\",\"filesize\":43749},\"small\":{\"file\":\"1034428_Capture_hummingbird-Test-16-zu-9-440x247.jpg\",\"width\":440,\"height\":247,\"mime-type\":\"image\\\/jpeg\",\"filesize\":17524},\"semi\":{\"file\":\"1034428_Capture_hummingbird-Test-16-zu-9-580x326.jpg\",\"width\":580,\"height\":326,\"mime-type\":\"image\\\/jpeg\",\"filesize\":27538},\"mobile\":{\"file\":\"1034428_Capture_hummingbird-Test-16-zu-9-720x405.jpg\",\"width\":720,\"height\":405,\"mime-type\":\"image\\\/jpeg\",\"filesize\":39112},\"hd\":{\"file\":\"1034428_Capture_hummingbird-Test-16-zu-9-1280x720.jpg\",\"width\":1280,\"height\":720,\"mime-type\":\"image\\\/jpeg\",\"filesize\":108639},\"full\":{\"file\":\"1034428_Capture_hummingbird-Test-16-zu-9-1920x1080.jpg\",\"width\":1920,\"height\":1080,\"mime-type\":\"image\\\/jpeg\",\"filesize\":240021},\"xxl\":{\"file\":\"1034428_Capture_hummingbird-Test-16-zu-9-4048x2277.jpg\",\"width\":4048,\"height\":2277,\"mime-type\":\"image\\\/jpeg\",\"filesize\":1014544},\"1536x1536\":{\"file\":\"1034428_Capture_hummingbird-Test-16-zu-9-1536x864.jpg\",\"width\":1536,\"height\":864,\"mime-type\":\"image\\\/jpeg\",\"filesize\":154476},\"2048x2048\":{\"file\":\"1034428_Capture_hummingbird-Test-16-zu-9-2048x1152.jpg\",\"width\":2048,\"height\":1152,\"mime-type\":\"image\\\/jpeg\",\"filesize\":272221},\"original\":{\"file\":\"1034428_Capture_hummingbird-Test-16-zu-9.jpg\",\"width\":7087,\"height\":3986}},\n\t\t\t\t\"alt\" : \"The image shows a children's book with a red cover and toys on a table.\",\n\t\t\t\t\"path\" : \"\\\/wp-content\\\/uploads\\\/2021\\\/09\\\/\",\n\t\t\t\t\"video\" : null,\n\t\t\t\t\"autoplay\" : null,\n\t\t\t\t\"youtube\" : null,\n\t\t\t\t\"youtubelabel\" : \"Play video\",\n\t\t\t\t\"brightness\" : 100,\n\t\t\t\t\"crop\" : null,\n\t\t\t\t\"background\" : true,\n\t\t\t\t\"scale\" : 2\t\t\t\t}\n\t\t\t<\/script>\n\n\t\t\t<div class=\"height-container\" style=\"padding-bottom:56.243826724989%;\" v-if=\"sizes\">\n\t\t\t\t\t\t\t\t<lazy-media :inline=\"true\" :alt=\"alt\" :sizes=\"sizes\" :scale=\"scale\" :brightness=\"brightness\" :path=\"path\" :video=\"video\" :autoplay=\"autoplay\" :youtube=\"youtube\" :crop=\"crop\" :youtubelabel=\"youtubelabel\" :background=\"background\" media-id=\"desc_media_69ee02e29530d\"><\/lazy-media>\n\t\t\t\t\t\t\t<\/div>\n\n\t\t\t\t\t\t\t<figcaption class=\"sr-only\" ref=\"body\" id=\"desc_media_69ee02e29530d\">\n\t\t\t\t\t\t\t\t\t\t\t\t\t\t\t\t\t\t\t<\/figcaption>\n\t\t\t\t\t<\/figure>\n\t<\/lazy-media-inline>\n\t\t\t\t<\/div>\n\t\t\t<\/div>\n\t\t\t<div class=\"col-xs-12 teaser-event-text Infos\">\n\t\t\t\t<div class=\"teaser-event-standard-text\">\n\t\t\t\t\t<div class=\"margin-bottom-atom\">\n\t\t\t\t\t\t<div class=\"subline clamp-1\" v-html=\"maingenre\"><\/div>\n\t\t\t\t\t\t\t\t\t\t\t\t\t<div class=\"insignificant clamp-2\">Picture Book Cinema<\/div>\n\t\t\t\t\t\t\t\t\t\t\t<\/div>\n\t\t\t\t\n\t\t\t\t\t<strong class=\"margin-bottom-atom\">Little Heroes and Heroines<\/strong>\n\n\t\t\t\t\t\t\t\t\t\t\t<div class=\"\">They make the world a little better<\/div>\n\t\t\t\t\t\t\t\t\t<\/div>\n\t\t\t\t<div class=\"teaser-bottom border-bottom\">\n\t\t\t\t<calendardateline :rawitem='item' :show-icon=\"true\"><\/calendardateline>\n\t\t\t\t\t<hr>\n\t\t\t\t<\/div>\n\t\t\t<\/div>\n\t\t<\/div>\n\t<\/a>\n\t<\/calendarteaser>\n<\/li>\n\n<li class=\"teaser-lane-slide col-xs-9 col-sm-4 col-md-3 teaser-wrapper col-padding-remove\">\n\t<calendarteaser key=\"3242611238\" rawitem='{&quot;postId&quot;:32426,&quot;title&quot;:&quot;Not just elephants in the house!&quot;,&quot;excerpt&quot;:&quot;Come and listen to a reading of the picture books \\u2018Zimmer frei im Haus der Tiere\\u2019 by Leah Goldberg, \\u2018Anna und Otis\\u2019 by Maisie Paradise Shearring and \\u2018Elefanten im Haus\\u2019 by Stephanie Schneider and Astrid Henn. &quot;,&quot;slug&quot;:&quot;not-just-elephants-in-the-house&quot;,&quot;post_date&quot;:&quot;2021-09-17T22:09&quot;,&quot;type&quot;:&quot;event&quot;,&quot;permalink&quot;:&quot;https:\\\/\\\/www.humboldtforum.org\\\/en\\\/programm\\\/termin\\\/reading\\\/not-just-elephants-in-the-house-32426\\\/&quot;,&quot;genre&quot;:[1162,824],&quot;genre_details&quot;:[{&quot;text&quot;:&quot;Reading&quot;,&quot;id&quot;:1162,&quot;icon&quot;:null,&quot;parent&quot;:0},{&quot;text&quot;:&quot;Theatre&quot;,&quot;id&quot;:824,&quot;icon&quot;:null,&quot;parent&quot;:0}],&quot;stakeholder&quot;:[595],&quot;stakeholder_details&quot;:[{&quot;text&quot;:&quot;Stiftung Humboldt Forum im Berliner Schloss&quot;,&quot;id&quot;:595,&quot;icon&quot;:null,&quot;parent&quot;:0}],&quot;targetgroup&quot;:[714],&quot;targetgroup_details&quot;:[{&quot;text&quot;:&quot;Children and families&quot;,&quot;id&quot;:714,&quot;icon&quot;:null,&quot;parent&quot;:0}],&quot;language&quot;:[579],&quot;language_details&quot;:[{&quot;text&quot;:&quot;German&quot;,&quot;id&quot;:579,&quot;icon&quot;:null,&quot;parent&quot;:0}],&quot;accessability&quot;:[596],&quot;accessability_details&quot;:[{&quot;text&quot;:&quot;Accessible for wheelchairs&quot;,&quot;id&quot;:596,&quot;icon&quot;:null,&quot;parent&quot;:0}],&quot;age&quot;:[703],&quot;age_details&quot;:[{&quot;text&quot;:&quot;children (3-6 years)&quot;,&quot;id&quot;:703,&quot;icon&quot;:null,&quot;parent&quot;:0}],&quot;place&quot;:[604],&quot;place_details&quot;:{&quot;place&quot;:&quot;Humboldt Forum&quot;,&quot;map&quot;:&quot;Humboldt Forum, Schlossplatz, Berlin&quot;,&quot;room&quot;:&quot;Ground Floor, Hall 3&quot;},&quot;icon_overwrite&quot;:&quot;&quot;,&quot;acf&quot;:{&quot;hashtag&quot;:&quot;HumboldtForum&quot;,&quot;keywords&quot;:&quot;&quot;,&quot;shorturl&quot;:&quot;&quot;,&quot;planning&quot;:{&quot;price&quot;:&quot;4 EUR, reduced 2 EUR&quot;,&quot;admission&quot;:&quot;&quot;,&quot;pause&quot;:&quot;&quot;,&quot;duration&quot;:&quot;30&quot;},&quot;marketing_text&quot;:&quot;For all those who like to have special animals in the house&quot;,&quot;tickettext&quot;:&quot;Please book your ticket in advance online or at the box office in the foyer.&quot;,&quot;use_video_in_teasers&quot;:false,&quot;hide_event_in_program&quot;:false,&quot;noindex&quot;:false,&quot;times&quot;:[],&quot;subline&quot;:&quot;For all those who like to have special animals in the house&quot;,&quot;additional_info&quot;:{&quot;icon&quot;:&quot;icon-ort&quot;,&quot;text&quot;:&quot;The entrance to Hall 3 is in the Schl\\u00fcter Courtyard next to the Sculpture Hall.&quot;},&quot;highlight_header&quot;:false,&quot;featured_images&quot;:[36113],&quot;hyphenation&quot;:true,&quot;tipp&quot;:false,&quot;joker&quot;:false,&quot;live&quot;:false,&quot;infotext&quot;:&quot;We kindly ask for your understanding that adults are only permitted to participate in the program when accompanied by children.&quot;,&quot;hm_id&quot;:&quot;&quot;,&quot;gomus_id&quot;:&quot;&quot;,&quot;belongsto&quot;:[32405]},&quot;date&quot;:{&quot;NX&quot;:null,&quot;NXX&quot;:null,&quot;NLAST&quot;:&quot;202505171100&quot;,&quot;from_DATE&quot;:&quot;20250517 15:00&quot;,&quot;from&quot;:1747479600,&quot;to&quot;:1747479600,&quot;to_DATE&quot;:&quot;20250517 15:00&quot;,&quot;from_HRFSHORT&quot;:&quot;17 May 2025&quot;,&quot;from_HRFSHORT_WD&quot;:&quot;Sat 17\\\/05\\\/2025&quot;,&quot;to_HRFSHORT&quot;:&quot;17 May 2025&quot;,&quot;to_HRFSHORT_WD&quot;:&quot;Sat 17\\\/05\\\/2025&quot;,&quot;from_HRF&quot;:&quot;Sat, 17 May 2025&quot;,&quot;to_HRF&quot;:&quot;Sat, 17 May 2025&quot;,&quot;from_to_HRF&quot;:&quot;Sat, 17 May \\u2013 Sat, 17 May 2025&quot;,&quot;from_to_HRFSHORT&quot;:&quot;17 May \\u2013 17 May 2025&quot;},&quot;alert&quot;:null,&quot;partof&quot;:[&quot;32405&quot;],&quot;marketing_topic&quot;:{&quot;title&quot;:&quot;Picture Book Cinema&quot;,&quot;ID&quot;:&quot;32405&quot;,&quot;reason&quot;:&quot;sequence&quot;}}' inline-template>\n\t<a href=\"https:\/\/www.humboldtforum.org\/en\/programm\/termin\/reading\/not-just-elephants-in-the-house-32426\/\" class=\"teaser teaser-event teaser-event-standard\">\n\t\t<div class=\"row\">\n\t\t\t<div class=\"col-xs-12 teaser-event-image\">\n\t\t\t\t<div class=\"teaser-image teaser-image-no-alternate\">\n\t\t\t\t\t\t\t\t\t\t\t\n\t<lazy-media-inline inline-template>\n\t\t<figure itemscope itemtype=\"http:\/\/schema.org\/ImageObject\" class=\"lazy-media-inline \" role=\"group\" id=\"media_69ee02e297088\" aria-labelledby=\"desc_media_69ee02e297088\">\n\t\t\t<script type=\"application\/json\" ref=\"data\">\n\t\t\t\t{\n\t\t\t\t\"sizes\" : {\"medium\":{\"file\":\"book-cover-collage-bbk6-300x169.jpg\",\"width\":300,\"height\":169,\"mime-type\":\"image\\\/jpeg\"},\"large\":{\"file\":\"book-cover-collage-bbk6-1024x576.jpg\",\"width\":1024,\"height\":576,\"mime-type\":\"image\\\/jpeg\"},\"thumbnail\":{\"file\":\"book-cover-collage-bbk6-150x150.jpg\",\"width\":150,\"height\":150,\"mime-type\":\"image\\\/jpeg\"},\"medium_large\":{\"file\":\"book-cover-collage-bbk6-768x432.jpg\",\"width\":768,\"height\":432,\"mime-type\":\"image\\\/jpeg\"},\"small\":{\"file\":\"book-cover-collage-bbk6-440x248.jpg\",\"width\":440,\"height\":248,\"mime-type\":\"image\\\/jpeg\"},\"semi\":{\"file\":\"book-cover-collage-bbk6-580x326.jpg\",\"width\":580,\"height\":326,\"mime-type\":\"image\\\/jpeg\"},\"mobile\":{\"file\":\"book-cover-collage-bbk6-720x405.jpg\",\"width\":720,\"height\":405,\"mime-type\":\"image\\\/jpeg\"},\"original\":{\"file\":\"book-cover-collage-bbk6.jpg\",\"width\":1280,\"height\":720}},\n\t\t\t\t\"alt\" : \"Three images of children's book covers: \\\"Animal Fun,\\\" \\\"Elephants' House,\\\" and \\\"Anna and Otis.\\\" Colorful and playful.\",\n\t\t\t\t\"path\" : \"\\\/wp-content\\\/uploads\\\/2021\\\/12\\\/\",\n\t\t\t\t\"video\" : null,\n\t\t\t\t\"autoplay\" : null,\n\t\t\t\t\"youtube\" : null,\n\t\t\t\t\"youtubelabel\" : \"Play video\",\n\t\t\t\t\"brightness\" : 100,\n\t\t\t\t\"crop\" : {\"top\":\"50.00\",\"left\":\"50.00\"},\n\t\t\t\t\"background\" : true,\n\t\t\t\t\"scale\" : 2\t\t\t\t}\n\t\t\t<\/script>\n\n\t\t\t<div class=\"height-container\" style=\"padding-bottom:56.25%;\" v-if=\"sizes\">\n\t\t\t\t\t\t\t\t<lazy-media :inline=\"true\" :alt=\"alt\" :sizes=\"sizes\" :scale=\"scale\" :brightness=\"brightness\" :path=\"path\" :video=\"video\" :autoplay=\"autoplay\" :youtube=\"youtube\" :crop=\"crop\" :youtubelabel=\"youtubelabel\" :background=\"background\" media-id=\"desc_media_69ee02e297088\"><\/lazy-media>\n\t\t\t\t\t\t\t<\/div>\n\n\t\t\t\t\t\t\t<figcaption class=\"sr-only\" ref=\"body\" id=\"desc_media_69ee02e297088\">\n\t\t\t\t\t\t\t\t\t\t\t\t\t\t\t\t\t\t\t\t\t<div class=\"insignificant\">\u00a9 Ariella Verlag\/Illustratorin: Nancy Cote (Zimmer frei im Haus der Tiere); \u00a9 2015 Stefanie Schneider \/ Astrid Henn, Ravensburger (Elefanten im Haus); \u00a9 2018 Maisie Paradise Shearring, Two Hoots, an imprint of Pan Macmillan, a division of Macmillan Publishers International Limited (Anna und Otis)<\/div>\n\t\t\t\t\t\t\t\t\t<\/figcaption>\n\t\t\t\t\t<\/figure>\n\t<\/lazy-media-inline>\n\t\t\t\t<\/div>\n\t\t\t<\/div>\n\t\t\t<div class=\"col-xs-12 teaser-event-text Infos\">\n\t\t\t\t<div class=\"teaser-event-standard-text\">\n\t\t\t\t\t<div class=\"margin-bottom-atom\">\n\t\t\t\t\t\t<div class=\"subline clamp-1\" v-html=\"maingenre\"><\/div>\n\t\t\t\t\t\t\t\t\t\t\t\t\t<div class=\"insignificant clamp-2\">Picture Book Cinema<\/div>\n\t\t\t\t\t\t\t\t\t\t\t<\/div>\n\t\t\t\t\n\t\t\t\t\t<strong class=\"margin-bottom-atom\">Not just elephants in the house!<\/strong>\n\n\t\t\t\t\t\t\t\t\t\t\t<div class=\"\">For all those who like to have special animals in the house<\/div>\n\t\t\t\t\t\t\t\t\t<\/div>\n\t\t\t\t<div class=\"teaser-bottom border-bottom\">\n\t\t\t\t<calendardateline :rawitem='item' :show-icon=\"true\"><\/calendardateline>\n\t\t\t\t\t<hr>\n\t\t\t\t<\/div>\n\t\t\t<\/div>\n\t\t<\/div>\n\t<\/a>\n\t<\/calendarteaser>\n<\/li>\n\n<li class=\"teaser-lane-slide col-xs-9 col-sm-4 col-md-3 teaser-wrapper col-padding-remove\">\n\t<calendarteaser key=\"7743518434\" rawitem='{&quot;postId&quot;:77435,&quot;title&quot;:&quot;Death is part of life&quot;,&quot;excerpt&quot;:&quot;&quot;,&quot;slug&quot;:&quot;der-tod-gehoert-zum-leben&quot;,&quot;post_date&quot;:&quot;2023-03-30T15:52&quot;,&quot;type&quot;:&quot;event&quot;,&quot;permalink&quot;:&quot;https:\\\/\\\/www.humboldtforum.org\\\/en\\\/programm\\\/termin\\\/reading\\\/der-tod-gehoert-zum-leben-77435\\\/&quot;,&quot;genre&quot;:[1162,824],&quot;genre_details&quot;:[{&quot;text&quot;:&quot;Reading&quot;,&quot;id&quot;:1162,&quot;icon&quot;:null,&quot;parent&quot;:0},{&quot;text&quot;:&quot;Theatre&quot;,&quot;id&quot;:824,&quot;icon&quot;:null,&quot;parent&quot;:0}],&quot;stakeholder&quot;:[595],&quot;stakeholder_details&quot;:[{&quot;text&quot;:&quot;Stiftung Humboldt Forum im Berliner Schloss&quot;,&quot;id&quot;:595,&quot;icon&quot;:null,&quot;parent&quot;:0}],&quot;targetgroup&quot;:[714],&quot;targetgroup_details&quot;:[{&quot;text&quot;:&quot;Children and families&quot;,&quot;id&quot;:714,&quot;icon&quot;:null,&quot;parent&quot;:0}],&quot;language&quot;:[579],&quot;language_details&quot;:[{&quot;text&quot;:&quot;German&quot;,&quot;id&quot;:579,&quot;icon&quot;:null,&quot;parent&quot;:0}],&quot;accessability&quot;:[596],&quot;accessability_details&quot;:[{&quot;text&quot;:&quot;Accessible for wheelchairs&quot;,&quot;id&quot;:596,&quot;icon&quot;:null,&quot;parent&quot;:0}],&quot;age&quot;:[703],&quot;age_details&quot;:[{&quot;text&quot;:&quot;children (3-6 years)&quot;,&quot;id&quot;:703,&quot;icon&quot;:null,&quot;parent&quot;:0}],&quot;place&quot;:[604],&quot;place_details&quot;:{&quot;place&quot;:&quot;Humboldt Forum&quot;,&quot;map&quot;:&quot;Humboldt Forum, Schlossplatz, Berlin&quot;,&quot;room&quot;:&quot;Ground Floor, Hall 3&quot;},&quot;icon_overwrite&quot;:&quot;&quot;,&quot;acf&quot;:{&quot;hashtag&quot;:&quot;HumboldtForum&quot;,&quot;planning&quot;:{&quot;price&quot;:&quot;4 EUR, reduced 2 EUR&quot;,&quot;admission&quot;:&quot;&quot;,&quot;pause&quot;:&quot;&quot;,&quot;duration&quot;:&quot;&quot;},&quot;subline&quot;:&quot;Picture-Book Cinema&quot;,&quot;additional_info&quot;:{&quot;icon&quot;:&quot;icon-ort&quot;,&quot;text&quot;:&quot;The entrance to Hall 3 is in the Schl\\u00fcterhof next to the Sculpture Hall.&quot;},&quot;highlight_header&quot;:false,&quot;use_video_in_teasers&quot;:false,&quot;hyphenation&quot;:true,&quot;tipp&quot;:false,&quot;joker&quot;:false,&quot;live&quot;:false,&quot;hide_event_in_program&quot;:false,&quot;gomus_id&quot;:&quot;&quot;,&quot;featured_images&quot;:[77501,77499,77497],&quot;hm_id&quot;:&quot;&quot;,&quot;times&quot;:[],&quot;noindex&quot;:false,&quot;keywords&quot;:&quot;&quot;,&quot;belongsto&quot;:[32405],&quot;shorturl&quot;:&quot;&quot;,&quot;alert_text&quot;:&quot;DE&quot;,&quot;infotext&quot;:&quot;We kindly ask for your understanding that adults are only permitted to participate in the program when accompanied by children.&quot;},&quot;date&quot;:{&quot;NX&quot;:null,&quot;NXX&quot;:null,&quot;NLAST&quot;:&quot;202405051000&quot;,&quot;from_DATE&quot;:&quot;20240421 14:00&quot;,&quot;from&quot;:1713693600,&quot;to&quot;:1714903200,&quot;to_DATE&quot;:&quot;20240505 14:00&quot;,&quot;from_HRFSHORT&quot;:&quot;21 Apr 2024&quot;,&quot;from_HRFSHORT_WD&quot;:&quot;Sun 21\\\/04\\\/2024&quot;,&quot;to_HRFSHORT&quot;:&quot; 5 May 2024&quot;,&quot;to_HRFSHORT_WD&quot;:&quot;Sun 05\\\/05\\\/2024&quot;,&quot;from_HRF&quot;:&quot;Sun, 21 April 2024&quot;,&quot;to_HRF&quot;:&quot;Sun,  5 May 2024&quot;,&quot;from_to_HRF&quot;:&quot;Sun, 21 April \\u2013 Sun,  5 May 2024&quot;,&quot;from_to_HRFSHORT&quot;:&quot;21 Apr \\u2013  5 May 2024&quot;},&quot;alert&quot;:&quot;DE&quot;,&quot;partof&quot;:[32405],&quot;marketing_topic&quot;:{&quot;title&quot;:&quot;Picture Book Cinema&quot;,&quot;ID&quot;:32405,&quot;reason&quot;:&quot;sequence&quot;}}' inline-template>\n\t<a href=\"https:\/\/www.humboldtforum.org\/en\/programm\/termin\/reading\/der-tod-gehoert-zum-leben-77435\/\" class=\"teaser teaser-event teaser-event-standard\">\n\t\t<div class=\"row\">\n\t\t\t<div class=\"col-xs-12 teaser-event-image\">\n\t\t\t\t<div class=\"teaser-image teaser-image-no-alternate\">\n\t\t\t\t\t\t\t\t\t\t\t\t\t<span class=\"alert\">DE<\/span>\n\t\t\t\t\t\t\t\t\t\t\t\n\t<lazy-media-inline inline-template>\n\t\t<figure itemscope itemtype=\"http:\/\/schema.org\/ImageObject\" class=\"lazy-media-inline \" role=\"group\" id=\"media_69ee02e298d52\" aria-labelledby=\"desc_media_69ee02e298d52\">\n\t\t\t<script type=\"application\/json\" ref=\"data\">\n\t\t\t\t{\n\t\t\t\t\"sizes\" : {\"medium\":{\"file\":\"SHF_eb00189280-300x234.jpg\",\"width\":300,\"height\":234,\"mime-type\":\"image\\\/jpeg\",\"filesize\":17041},\"thumbnail\":{\"file\":\"SHF_eb00189280-150x150.jpg\",\"width\":150,\"height\":150,\"mime-type\":\"image\\\/jpeg\",\"filesize\":7100},\"small\":{\"file\":\"SHF_eb00189280-440x342.jpg\",\"width\":440,\"height\":342,\"mime-type\":\"image\\\/jpeg\",\"filesize\":29426},\"semi\":{\"file\":\"SHF_eb00189280-580x451.jpg\",\"width\":580,\"height\":451,\"mime-type\":\"image\\\/jpeg\",\"filesize\":43985},\"original\":{\"file\":\"SHF_eb00189280.jpg\",\"width\":600,\"height\":467}},\n\t\t\t\t\"alt\" : \"Illustration from a children's book with a grandmother and kids heading to the harvest together. Title: \\\"Grandma Pea.\\\"\",\n\t\t\t\t\"path\" : \"\\\/wp-content\\\/uploads\\\/2023\\\/03\\\/\",\n\t\t\t\t\"video\" : null,\n\t\t\t\t\"autoplay\" : null,\n\t\t\t\t\"youtube\" : null,\n\t\t\t\t\"youtubelabel\" : \"Play video\",\n\t\t\t\t\"brightness\" : 100,\n\t\t\t\t\"crop\" : null,\n\t\t\t\t\"background\" : true,\n\t\t\t\t\"scale\" : 2\t\t\t\t}\n\t\t\t<\/script>\n\n\t\t\t<div class=\"height-container\" style=\"padding-bottom:77.833333333333%;\" v-if=\"sizes\">\n\t\t\t\t\t\t\t\t<lazy-media :inline=\"true\" :alt=\"alt\" :sizes=\"sizes\" :scale=\"scale\" :brightness=\"brightness\" :path=\"path\" :video=\"video\" :autoplay=\"autoplay\" :youtube=\"youtube\" :crop=\"crop\" :youtubelabel=\"youtubelabel\" :background=\"background\" media-id=\"desc_media_69ee02e298d52\"><\/lazy-media>\n\t\t\t\t\t\t\t<\/div>\n\n\t\t\t\t\t\t\t<figcaption class=\"sr-only\" ref=\"body\" id=\"desc_media_69ee02e298d52\">\n\t\t\t\t\t\t\t\t\t\t\t<div>Cover zum Bilderbuch &quot;&quot;Oma Erbse&quot; von Micha Friemel, mit Illustrationen von Jacky Gleich<\/div>\n\t\t\t\t\t\t\t\t\t\t\t\t\t\t\t\t\t\t\t\t\t<div class=\"insignificant\">\u00a9 2022 Carl Hanser Verlag GmbH &#038; Co. KG, M\u00fcnchen<\/div>\n\t\t\t\t\t\t\t\t\t<\/figcaption>\n\t\t\t\t\t<\/figure>\n\t<\/lazy-media-inline>\n\t\t\t\t<\/div>\n\t\t\t<\/div>\n\t\t\t<div class=\"col-xs-12 teaser-event-text Infos\">\n\t\t\t\t<div class=\"teaser-event-standard-text\">\n\t\t\t\t\t<div class=\"margin-bottom-atom\">\n\t\t\t\t\t\t<div class=\"subline clamp-1\" v-html=\"maingenre\"><\/div>\n\t\t\t\t\t\t\t\t\t\t\t\t\t<div class=\"insignificant clamp-2\">Picture Book Cinema<\/div>\n\t\t\t\t\t\t\t\t\t\t\t<\/div>\n\t\t\t\t\n\t\t\t\t\t<strong class=\"margin-bottom-atom\">Death is part of life<\/strong>\n\n\t\t\t\t\t\t\t\t\t\t\t<div class=\"\">Picture-Book Cinema<\/div>\n\t\t\t\t\t\t\t\t\t<\/div>\n\t\t\t\t<div class=\"teaser-bottom border-bottom\">\n\t\t\t\t<calendardateline :rawitem='item' :show-icon=\"true\"><\/calendardateline>\n\t\t\t\t\t<hr>\n\t\t\t\t<\/div>\n\t\t\t<\/div>\n\t\t<\/div>\n\t<\/a>\n\t<\/calendarteaser>\n<\/li>\n\n<li class=\"teaser-lane-slide col-xs-9 col-sm-4 col-md-3 teaser-wrapper col-padding-remove\">\n\t<calendarteaser key=\"3244111143\" rawitem='{&quot;postId&quot;:32441,&quot;title&quot;:&quot;Fact-Finding Fox and the Lady Explorers&quot;,&quot;excerpt&quot;:&quot;Come and listen to a reading of the picture books \\u2018Die goldene Funkelblume\\u2019 by Benjamin Flouw, \\u2018Sibylla und der Tulpenraub\\u2019 by Benita Roth, and \\u2018Ida und die Welt hinterm Kaiserzipf\\u2019 by Linda Schwalbe. &quot;,&quot;slug&quot;:&quot;fact-finding-fox-and-the-lady-explorers&quot;,&quot;post_date&quot;:&quot;2021-09-17T21:42&quot;,&quot;type&quot;:&quot;event&quot;,&quot;permalink&quot;:&quot;https:\\\/\\\/www.humboldtforum.org\\\/en\\\/programm\\\/termin\\\/reading\\\/fact-finding-fox-and-the-lady-explorers-32441\\\/&quot;,&quot;genre&quot;:[1162,824],&quot;genre_details&quot;:[{&quot;text&quot;:&quot;Reading&quot;,&quot;id&quot;:1162,&quot;icon&quot;:null,&quot;parent&quot;:0},{&quot;text&quot;:&quot;Theatre&quot;,&quot;id&quot;:824,&quot;icon&quot;:null,&quot;parent&quot;:0}],&quot;stakeholder&quot;:[595],&quot;stakeholder_details&quot;:[{&quot;text&quot;:&quot;Stiftung Humboldt Forum im Berliner Schloss&quot;,&quot;id&quot;:595,&quot;icon&quot;:null,&quot;parent&quot;:0}],&quot;targetgroup&quot;:[714],&quot;targetgroup_details&quot;:[{&quot;text&quot;:&quot;Children and families&quot;,&quot;id&quot;:714,&quot;icon&quot;:null,&quot;parent&quot;:0}],&quot;language&quot;:[579,736],&quot;language_details&quot;:[{&quot;text&quot;:&quot;German&quot;,&quot;id&quot;:579,&quot;icon&quot;:null,&quot;parent&quot;:0},{&quot;text&quot;:&quot;German Sign Language&quot;,&quot;id&quot;:736,&quot;icon&quot;:null,&quot;parent&quot;:0}],&quot;accessability&quot;:[596],&quot;accessability_details&quot;:[{&quot;text&quot;:&quot;Accessible for wheelchairs&quot;,&quot;id&quot;:596,&quot;icon&quot;:null,&quot;parent&quot;:0}],&quot;age&quot;:[703],&quot;age_details&quot;:[{&quot;text&quot;:&quot;children (3-6 years)&quot;,&quot;id&quot;:703,&quot;icon&quot;:null,&quot;parent&quot;:0}],&quot;place&quot;:[604],&quot;place_details&quot;:{&quot;place&quot;:&quot;Humboldt Forum&quot;,&quot;map&quot;:&quot;Humboldt Forum, Schlossplatz, Berlin&quot;,&quot;room&quot;:&quot;Ground Floor, Hall 3&quot;},&quot;icon_overwrite&quot;:&quot;&quot;,&quot;acf&quot;:{&quot;hashtag&quot;:&quot;HumboldtForum&quot;,&quot;keywords&quot;:&quot;&quot;,&quot;shorturl&quot;:&quot;&quot;,&quot;planning&quot;:{&quot;price&quot;:&quot;4 EUR, reduced 2 EUR&quot;,&quot;admission&quot;:&quot;&quot;,&quot;pause&quot;:&quot;&quot;,&quot;duration&quot;:&quot;30&quot;},&quot;shorttext&quot;:&quot;Come and listen to a reading of the picture books \\u2018Die goldene Funkelblume\\u2019 by Benjamin Flouw, \\u2018Sibylla und der Tulpenraub\\u2019 by Benita Roth, and \\u2018Ida und die Welt hinterm Kaiserzipf\\u2019 by Linda Schwalbe. &quot;,&quot;infotext&quot;:&quot;We kindly ask for your understanding that adults are only permitted to participate in the program when accompanied by children.&quot;,&quot;use_video_in_teasers&quot;:false,&quot;hide_event_in_program&quot;:false,&quot;noindex&quot;:false,&quot;times&quot;:[],&quot;subline&quot;:&quot;A shared reading experience for children aged three and above&quot;,&quot;additional_info&quot;:{&quot;icon&quot;:&quot;icon-pin&quot;,&quot;text&quot;:&quot;The entrance to Hall 3 is in the Schl\\u00fcter Courtyard next to the Sculpture Hall.&quot;},&quot;highlight_header&quot;:false,&quot;featured_images&quot;:[36107],&quot;hyphenation&quot;:true,&quot;tipp&quot;:false,&quot;joker&quot;:false,&quot;live&quot;:false,&quot;marketing_text&quot;:&quot;A shared reading experience for children aged three and above&quot;,&quot;hm_id&quot;:&quot;&quot;,&quot;gomus_id&quot;:&quot;&quot;,&quot;belongsto&quot;:[32405]},&quot;date&quot;:{&quot;NX&quot;:null,&quot;NXX&quot;:null,&quot;NLAST&quot;:&quot;202312161100&quot;,&quot;from_DATE&quot;:&quot;20231111 13:00&quot;,&quot;from&quot;:1699700400,&quot;to&quot;:1702724400,&quot;to_DATE&quot;:&quot;20231216 13:00&quot;,&quot;from_HRFSHORT&quot;:&quot;11 Nov 2023&quot;,&quot;from_HRFSHORT_WD&quot;:&quot;Sat 11\\\/11\\\/2023&quot;,&quot;to_HRFSHORT&quot;:&quot;16 Dec 2023&quot;,&quot;to_HRFSHORT_WD&quot;:&quot;Sat 16\\\/12\\\/2023&quot;,&quot;from_HRF&quot;:&quot;Sat, 11 November 2023&quot;,&quot;to_HRF&quot;:&quot;Sat, 16 December 2023&quot;,&quot;from_to_HRF&quot;:&quot;Sat, 11 November \\u2013 Sat, 16 December 2023&quot;,&quot;from_to_HRFSHORT&quot;:&quot;11 Nov \\u2013 16 Dec 2023&quot;},&quot;alert&quot;:null,&quot;partof&quot;:[&quot;32405&quot;],&quot;marketing_topic&quot;:{&quot;title&quot;:&quot;Picture Book Cinema&quot;,&quot;ID&quot;:&quot;32405&quot;,&quot;reason&quot;:&quot;sequence&quot;}}' inline-template>\n\t<a href=\"https:\/\/www.humboldtforum.org\/en\/programm\/termin\/reading\/fact-finding-fox-and-the-lady-explorers-32441\/\" class=\"teaser teaser-event teaser-event-standard\">\n\t\t<div class=\"row\">\n\t\t\t<div class=\"col-xs-12 teaser-event-image\">\n\t\t\t\t<div class=\"teaser-image teaser-image-no-alternate\">\n\t\t\t\t\t\t\t\t\t\t\t\n\t<lazy-media-inline inline-template>\n\t\t<figure itemscope itemtype=\"http:\/\/schema.org\/ImageObject\" class=\"lazy-media-inline \" role=\"group\" id=\"media_69ee02e29a51d\" aria-labelledby=\"desc_media_69ee02e29a51d\">\n\t\t\t<script type=\"application\/json\" ref=\"data\">\n\t\t\t\t{\n\t\t\t\t\"sizes\" : {\"medium\":{\"file\":\"book-cover-collage-bbk3-300x169.jpg\",\"width\":300,\"height\":169,\"mime-type\":\"image\\\/jpeg\"},\"large\":{\"file\":\"book-cover-collage-bbk3-1024x576.jpg\",\"width\":1024,\"height\":576,\"mime-type\":\"image\\\/jpeg\"},\"thumbnail\":{\"file\":\"book-cover-collage-bbk3-150x150.jpg\",\"width\":150,\"height\":150,\"mime-type\":\"image\\\/jpeg\"},\"medium_large\":{\"file\":\"book-cover-collage-bbk3-768x432.jpg\",\"width\":768,\"height\":432,\"mime-type\":\"image\\\/jpeg\"},\"small\":{\"file\":\"book-cover-collage-bbk3-440x248.jpg\",\"width\":440,\"height\":248,\"mime-type\":\"image\\\/jpeg\"},\"semi\":{\"file\":\"book-cover-collage-bbk3-580x326.jpg\",\"width\":580,\"height\":326,\"mime-type\":\"image\\\/jpeg\"},\"mobile\":{\"file\":\"book-cover-collage-bbk3-720x405.jpg\",\"width\":720,\"height\":405,\"mime-type\":\"image\\\/jpeg\"},\"original\":{\"file\":\"book-cover-collage-bbk3.jpg\",\"width\":1280,\"height\":720}},\n\t\t\t\t\"alt\" : \"Three book covers: \\\"Sybilla and the Targari,\\\" \\\"The Golden Sparkle Flower,\\\" \\\"I.D.A. and the World Behind Masks.\\\"\",\n\t\t\t\t\"path\" : \"\\\/wp-content\\\/uploads\\\/2021\\\/12\\\/\",\n\t\t\t\t\"video\" : null,\n\t\t\t\t\"autoplay\" : null,\n\t\t\t\t\"youtube\" : null,\n\t\t\t\t\"youtubelabel\" : \"Play video\",\n\t\t\t\t\"brightness\" : 100,\n\t\t\t\t\"crop\" : {\"top\":\"50.00\",\"left\":\"53.00\"},\n\t\t\t\t\"background\" : true,\n\t\t\t\t\"scale\" : 2\t\t\t\t}\n\t\t\t<\/script>\n\n\t\t\t<div class=\"height-container\" style=\"padding-bottom:56.25%;\" v-if=\"sizes\">\n\t\t\t\t\t\t\t\t<lazy-media :inline=\"true\" :alt=\"alt\" :sizes=\"sizes\" :scale=\"scale\" :brightness=\"brightness\" :path=\"path\" :video=\"video\" :autoplay=\"autoplay\" :youtube=\"youtube\" :crop=\"crop\" :youtubelabel=\"youtubelabel\" :background=\"background\" media-id=\"desc_media_69ee02e29a51d\"><\/lazy-media>\n\t\t\t\t\t\t\t<\/div>\n\n\t\t\t\t\t\t\t<figcaption class=\"sr-only\" ref=\"body\" id=\"desc_media_69ee02e29a51d\">\n\t\t\t\t\t\t\t\t\t\t\t\t\t\t\t\t\t\t\t\t\t<div class=\"insignificant\">\u00a9 2017 E.A. Seemann 2017 (Sibylla und der Tulpenraub); Kleine Gestalten (Die goldene Funkelblume); \u00a9 2020 Nord S\u00fcd Verlag (Ida und die Welt hinterm Kaiserzipf)<\/div>\n\t\t\t\t\t\t\t\t\t<\/figcaption>\n\t\t\t\t\t<\/figure>\n\t<\/lazy-media-inline>\n\t\t\t\t<\/div>\n\t\t\t<\/div>\n\t\t\t<div class=\"col-xs-12 teaser-event-text Infos\">\n\t\t\t\t<div class=\"teaser-event-standard-text\">\n\t\t\t\t\t<div class=\"margin-bottom-atom\">\n\t\t\t\t\t\t<div class=\"subline clamp-1\" v-html=\"maingenre\"><\/div>\n\t\t\t\t\t\t\t\t\t\t\t\t\t<div class=\"insignificant clamp-2\">Picture Book Cinema<\/div>\n\t\t\t\t\t\t\t\t\t\t\t<\/div>\n\t\t\t\t\n\t\t\t\t\t<strong class=\"margin-bottom-atom\">Fact-Finding Fox and the Lady Explorers<\/strong>\n\n\t\t\t\t\t\t\t\t\t\t\t<div class=\"\">A shared reading experience for children aged three and above<\/div>\n\t\t\t\t\t\t\t\t\t<\/div>\n\t\t\t\t<div class=\"teaser-bottom border-bottom\">\n\t\t\t\t<calendardateline :rawitem='item' :show-icon=\"true\"><\/calendardateline>\n\t\t\t\t\t<hr>\n\t\t\t\t<\/div>\n\t\t\t<\/div>\n\t\t<\/div>\n\t<\/a>\n\t<\/calendarteaser>\n<\/li>\n\n\t\t\t\t\t\t<\/ul>\n\t\t\t\t\t<\/div>\n\t\t\t\t<\/div>\n\t\t\t<\/teaser-lane-with-buttons>\n\t\t\t\t<\/lazy-component>\n<\/section>\n\n","protected":false},"template":"","genre":[1162,824],"digital":[],"topic":[],"stakeholder":[595],"editorial":[],"editorialfilter":[],"targetgroup":[714],"language":[579],"accessability":[596],"age":[703],"school":[],"groupsize":[],"place":[604],"class_list":["post-32405","event-sequence","type-event-sequence","status-publish","has-post-thumbnail","hentry","genre-reading","genre-theatre","stakeholder-stiftung-humboldt-forum-im-berliner-schloss-en","targetgroup-children","language-german","accessability-accessible-for-wheelchairs","age-children-3-6","place-ground-floor-hall-3"],"acf":[],"_links":{"self":[{"href":"https:\/\/www.humboldtforum.org\/en\/wp-json\/wp\/v2\/event-sequence\/32405","targetHints":{"allow":["GET"]}}],"collection":[{"href":"https:\/\/www.humboldtforum.org\/en\/wp-json\/wp\/v2\/event-sequence"}],"about":[{"href":"https:\/\/www.humboldtforum.org\/en\/wp-json\/wp\/v2\/types\/event-sequence"}],"version-history":[{"count":12,"href":"https:\/\/www.humboldtforum.org\/en\/wp-json\/wp\/v2\/event-sequence\/32405\/revisions"}],"predecessor-version":[{"id":161114,"href":"https:\/\/www.humboldtforum.org\/en\/wp-json\/wp\/v2\/event-sequence\/32405\/revisions\/161114"}],"wp:featuredmedia":[{"embeddable":true,"href":"https:\/\/www.humboldtforum.org\/en\/wp-json\/wp\/v2\/media\/45701"}],"wp:attachment":[{"href":"https:\/\/www.humboldtforum.org\/en\/wp-json\/wp\/v2\/media?parent=32405"}],"wp:term":[{"taxonomy":"genre","embeddable":true,"href":"https:\/\/www.humboldtforum.org\/en\/wp-json\/wp\/v2\/genre?post=32405"},{"taxonomy":"digital","embeddable":true,"href":"https:\/\/www.humboldtforum.org\/en\/wp-json\/wp\/v2\/digital?post=32405"},{"taxonomy":"topic","embeddable":true,"href":"https:\/\/www.humboldtforum.org\/en\/wp-json\/wp\/v2\/topic?post=32405"},{"taxonomy":"stakeholder","embeddable":true,"href":"https:\/\/www.humboldtforum.org\/en\/wp-json\/wp\/v2\/stakeholder?post=32405"},{"taxonomy":"editorial","embeddable":true,"href":"https:\/\/www.humboldtforum.org\/en\/wp-json\/wp\/v2\/editorial?post=32405"},{"taxonomy":"editorialfilter","embeddable":true,"href":"https:\/\/www.humboldtforum.org\/en\/wp-json\/wp\/v2\/editorialfilter?post=32405"},{"taxonomy":"targetgroup","embeddable":true,"href":"https:\/\/www.humboldtforum.org\/en\/wp-json\/wp\/v2\/targetgroup?post=32405"},{"taxonomy":"language","embeddable":true,"href":"https:\/\/www.humboldtforum.org\/en\/wp-json\/wp\/v2\/language?post=32405"},{"taxonomy":"accessability","embeddable":true,"href":"https:\/\/www.humboldtforum.org\/en\/wp-json\/wp\/v2\/accessability?post=32405"},{"taxonomy":"age","embeddable":true,"href":"https:\/\/www.humboldtforum.org\/en\/wp-json\/wp\/v2\/age?post=32405"},{"taxonomy":"school","embeddable":true,"href":"https:\/\/www.humboldtforum.org\/en\/wp-json\/wp\/v2\/school?post=32405"},{"taxonomy":"groupsize","embeddable":true,"href":"https:\/\/www.humboldtforum.org\/en\/wp-json\/wp\/v2\/groupsize?post=32405"},{"taxonomy":"place","embeddable":true,"href":"https:\/\/www.humboldtforum.org\/en\/wp-json\/wp\/v2\/place?post=32405"}],"curies":[{"name":"wp","href":"https:\/\/api.w.org\/{rel}","templated":true}]}}