{"id":121018,"date":"2024-01-23T12:54:40","date_gmt":"2024-01-23T11:54:40","guid":{"rendered":"https:\/\/www.humboldtforum.org\/programm\/termin\/other-en\/der-sohn-des-lebens-121018\/"},"modified":"2024-02-02T18:38:32","modified_gmt":"2024-02-02T17:38:32","slug":"der-sohn-des-lebens","status":"publish","type":"event","link":"https:\/\/www.humboldtforum.org\/en\/programm\/termin\/concert\/der-sohn-des-lebens-121018\/","title":{"rendered":"The Son of Life"},"content":{"rendered":"<section class=\"block block-copy\" >\n    <div class=\"container-fluid\">\n\t\t<div class=\"row margin-bottom-sixth\">\n            <div class=\"col-xs-12 col-md-offset-2 col-md-8\">\n                <div class=\"box\">\n                    <div class=\"copy\"><p><strong>Paul Ben-Haim (1897 \u2013 1984): String quartet op. 21<\/strong><\/p>\n<p>Con moto sereno<br \/>\nMolto vivace<br \/>\nLarge e molto sostenuto<br \/>\nRondo-Finale. Allegretto commodo<\/p>\n<p><strong>2 p. m. room 306<\/strong> Orient and occident<br \/>\nmovement 2 and 4<\/p>\n<p><strong>2.30 p. m. room 320<\/strong> China and Europe<br \/>\nmovement 3 and 4<\/p>\n<p><strong>3 p. m. room 320 <\/strong><br \/>\nmovement 2 and 4<\/p>\n<p><strong>3.30 p. m. room 306 <\/strong><br \/>\nmovement 3 and 4<\/p>\n<p><strong>Musicians<\/strong>:<br \/>\nErez Ofer, violin<br \/>\nNadine Contini, violin<br \/>\nAlejandro Regueira Caumel, viola<br \/>\nHans-Jakob Eschenburg, violoncello<\/p>\n<p>A dreamy coexistence of four voices of equal rank and yet for long stretches a searching dialogue in brittle fourth and fifth melodies: Paul Ben-Haim&#8217;s String Quartet op. 21 is both intriguing and puzzling. In his use of the two intervals fourth and fifth, the composer avoids the third, which generally defines the tonal gender and gives direction to tonal music &#8211; to which this work, composed in 1937, belongs.<\/p>\n<p>Paul Ben-Haim was born Paul Frankenburger in Munich in 1897. After graduating from high school in Munich, he studied composition with Friedrich Klose and Walter Courvoisier and piano with Berthold Kellermann at the Akademie der Tonkunst in his home city from 1915 to 1920. He began his musical career as assistant conductor to Hans Knappertsbusch and Bruno Walter at the Bavarian State Theatre. From 1924, he was Kapellmeister in Augsburg, a position he lost in 1931 due to increasing anti-Semitic hostility. Paul Frankenburger emigrated from Germany as early as 1933 and lived in Tel Aviv as a composer and conductor. In Palestine, he learnt Hebrew and chose the surname Ben-Haim: &#8220;son of life&#8221;.<\/p>\n<\/div>\n                <\/div>\n            <\/div>\n\t\t<\/div>\n\t\t\t\t\t<div class=\"row margin-bottom-sixth\">\n\t\t\t\t<div class=\"col-xs-12 col-md-offset-2 col-md-8\">\n\t\t\t\t\t<div class=\"box\">\n\t\t\t\t\t\t<read-more inline-template>\n\t\t\t\t\t\t\t<div class=\"copy margin-bottom-sixth\">\n\t\t\t\t\t\t\t\t<div ref=\"body\" style=\"height:0;overflow: hidden;display: none;\">\n\t\t\t\t\t\t\t\t\t<div class=\"margin-bottom-sixth\"><h3><strong>The turning point<\/strong><\/h3>\n<p>Even before his emigration to Palestine, Paul Frankenburger had composed more than 80 piano songs in the style of Franz Schubert, Johannes Brahms, Hugo Wolf and Gustav Mahler. His early chamber music and choral works also ranged stylistically between Mahler, Reger and Strauss. Immediately after arriving in the Middle East, Paul Ben-Haim realised that he would not find any interest in his music, which was based on German Romanticism. He reacted astonishingly quickly and flexibly to the new challenges, so that Paul Ben-Haim&#8217;s music differed fundamentally from that of Paul Frankenburger. While texts by Johann Wolfgang Goethe, Eduard M\u00f6rike, Heinrich Heine, Friedrich Nietzsche, Christian Morgenstern, Joseph von Eichendorff and Hugo von Hofmannsthal were his daily companions in Germany, Sephardic melodies, biblical texts and poems by contemporary Jewish writers found their way into his compositions in Palestine. The Yemenite singer Bracha Zephira taught him to understand Jewish and Arabic songs, so that the study of their melodies and rhythms influenced his works from then on.<\/p>\n<h3><strong>A string quartet speaks volumes<\/strong><\/h3>\n<p>The first work written in Palestine after four years of pianistic and conducting activity was the String Quartet op. 21. The new tone reflected the unmistakable distance from German traditions. &#8220;Instead of polyphony, there are parallel shifted sounds, instead of chromaticism, diatonicism, instead of development, order. Paul Ben-Haim was looking for a new synthesis of Western and Eastern musical styles&#8221; (Albrecht D\u00fcmling). The new string quartet immediately became one of the most popular chamber music works written in Palestine. At the same time, the composer ordered that all the music he had written before 1933 was to be destroyed &#8211; which fortunately did not happen and was later relativised by the composer himself.<\/p>\n<p>In his only string quartet meaning derives from a compositional style, which will later manifest itself in the two symphonies (1940 and 1945), the Piano Sonatina op. 38 (1946) and the symphonically conceived Piano Concerto op. 41 (1949): Oriental melodies merge with influences of French Impressionism, dance rhythms meet dreamy pauses. Prayer-like sequences are replaced by passages of percussive drama. This is particularly true of the quartet&#8217;s finale, where Jewish themes and dance rhythms form the substance. Delicately sad interludes abruptly interrupt the exuberance, only to shake off the gloom again and again &#8211; right up to the desperately defiant conclusion, which seems as if something precious has been broken.<\/p>\n<p>This is preceded by two movements: a Scherzo in an agitated gallop, which has several interruptions with an elegiac undertone, finally taking on ghostly dimensions before the music fades away with Mendelssohnian elegance, as if in a Midsummer Night&#8217;s Dream. And a Largo molto e sostenuto, whose basic pulse consists of extremely slow quarter notes (40 beats per minute, i.e. much slower than the resting pulse of a human being). Even this great song does not manage without a violent climax in the centre. The predominant melodic direction in all four movements is a permanent downward movement &#8211; known for 500 years in musical rhetoric for not necessarily confident messages.<\/p>\n<p>The string quartet echoes the bitter caesura of forced emigration. Paul Ben-Haim&#8217;s first symphony, composed in 1940, already recognises the catastrophe of the systematic persecution of the Jews and the horrors of the Second World War. Hurried marching rhythms and the brutal percussion depict the horror. But the symphony also contains resounding symbols of consolation and hope. European idioms merge with Israeli and Arabic ones, sacred with secular music, folk music with art music.<\/p>\n<p>Far beyond the artistic idea, Paul Ben-Haim pursues a social ideal &#8211; an equal coexistence in Palestine, where people of different origins and cultures can benefit from and interact with each other. This ethos qualifies Paul Ben-Haim as one of the founding fathers of Israeli musical life. Numerous students, including Tzvi Avni, Ben-Zion Orgad, Ami Maayani and Noam Sheriff, followed in his footsteps. Ben-Haim received the Order of Merit of the Federal Republic of Germany in 1972 and died in Tel Aviv in 1984.<\/p>\n<p><em>Steffen Georgi, concert dramaturge of the RSB<\/em><\/p>\n<p>Micro Concert #2 is part of a series of concerts in which RSB musicians engage into a dialogue with the exhibitions. The Humboldt Forum and the Rundfunk-Sinfonieorchester Berlin are jointly organising the Micro Concerts on Museum Sundays until June 2024 &#8211; as part of the RSB&#8217;s 100th anniversary.<\/p>\n<p>&nbsp;<\/p>\n<\/div>\n\t\t\t\t\t\t\t\t<\/div>\n\t\t\t\t\t\t\t\t<a ref=\"toggleButton\" class=\"Button\" @click=\"toggle\">\n\t\t\t\t\t\t\t\t\t<span v-if=\"!active\">read more<\/span>\n\t\t\t\t\t\t\t\t\t<span v-else>read less<\/span>\n\t\t\t\t\t\t\t\t<\/a>\n\t\t\t\t\t\t\t<\/div>\n\t\t\t\t\t\t<\/read-mode>\n\t\t\t\t\t<\/div>\n\t\t\t\t<\/div>\n\t\t\t<\/div>\n\t\t    <\/div>\n<\/section>\n\n<section class=\"block block-teaser col-1 has-bg\" style=\"--teaser-bg:#f2f2f2\">\n\t<lazy-component :fixed-min-height=\"400\">\n\t\n\t\t\t\t\t<div class=\"container-fluid\">\n\t\t\t\t<div class=\"row bottom-xs\">\n\t\t\t\t\t<div class=\"col-xs-12 col-sm-10 col-md-8 col-sm-offset-1 col-md-offset-2\">\n\t\t\t\t\t\t<h4>belongs to<\/h4>\t\t\t\t\t\t\t\t\t\t\t\t\t\t\t\t\t\t\t<\/div>\n\t\t\t\t\t<div class=\"col-xs-12 col-sm-10 col-md-8 col-sm-offset-1 col-md-offset-2 start-xs end-md margin-bottom-sixth\">\n\t\t\t\t\t\t\t\t\t\t\t<\/div>\n\t\t\t\t<\/div>\n\t\t\t\t<ul class=\"row\">\n\t\t\t\n<li class=\"col-xs-12 teaser-wrapper col-padding-remove\">\n\t<calendarteaser key=\"11972016461\" rawitem='{&quot;postId&quot;:119720,&quot;title&quot;:&quot;Micro Concerts of the Rundfunk-Sinfonieorchester Berlin&quot;,&quot;excerpt&quot;:&quot;&quot;,&quot;slug&quot;:&quot;micro-concerts-of-the-rundfunk-sinfonieorchester-berlin&quot;,&quot;type&quot;:&quot;event-sequence&quot;,&quot;post_date&quot;:&quot;2024-01-15T09:01&quot;,&quot;permalink&quot;:&quot;https:\\\/\\\/www.humboldtforum.org\\\/en\\\/programm\\\/event-reihe\\\/concert\\\/micro-concerts-of-the-rundfunk-sinfonieorchester-berlin-119720\\\/&quot;,&quot;genre&quot;:[569,563],&quot;genre_details&quot;:[{&quot;text&quot;:&quot;Concert&quot;,&quot;id&quot;:569,&quot;icon&quot;:null,&quot;parent&quot;:0},{&quot;text&quot;:&quot;Other&quot;,&quot;id&quot;:563,&quot;icon&quot;:null,&quot;parent&quot;:0}],&quot;stakeholder&quot;:[595],&quot;stakeholder_details&quot;:[{&quot;text&quot;:&quot;Stiftung Humboldt Forum im Berliner Schloss&quot;,&quot;id&quot;:595,&quot;icon&quot;:null,&quot;parent&quot;:0}],&quot;targetgroup&quot;:[585,714,715],&quot;targetgroup_details&quot;:[{&quot;text&quot;:&quot;Adults&quot;,&quot;id&quot;:585,&quot;icon&quot;:null,&quot;parent&quot;:0},{&quot;text&quot;:&quot;Children and families&quot;,&quot;id&quot;:714,&quot;icon&quot;:null,&quot;parent&quot;:0},{&quot;text&quot;:&quot;Teenager&quot;,&quot;id&quot;:715,&quot;icon&quot;:null,&quot;parent&quot;:0}],&quot;language&quot;:[581],&quot;language_details&quot;:[{&quot;text&quot;:&quot;No language skills required&quot;,&quot;id&quot;:581,&quot;icon&quot;:null,&quot;parent&quot;:0}],&quot;place&quot;:[597],&quot;place_details&quot;:{&quot;place&quot;:&quot;Humboldt Forum&quot;,&quot;map&quot;:&quot;Humboldt Forum, Schlossplatz, Berlin&quot;,&quot;room&quot;:&quot;&quot;},&quot;icon_overwrite&quot;:&quot;&quot;,&quot;acf&quot;:{&quot;noindex&quot;:false,&quot;keywords&quot;:&quot;&quot;,&quot;belongsto&quot;:false,&quot;shorturl&quot;:&quot;&quot;,&quot;additional_info&quot;:{&quot;icon&quot;:&quot;0&quot;,&quot;text&quot;:&quot;&quot;},&quot;highlight_header&quot;:false,&quot;featured_images&quot;:[119421],&quot;use_video_in_teasers&quot;:false,&quot;hyphenation&quot;:true,&quot;manual_period&quot;:false,&quot;tipp&quot;:false,&quot;joker&quot;:false,&quot;live&quot;:false,&quot;announcement&quot;:&quot;Event series&quot;,&quot;overwrite_date&quot;:&quot;Event series&quot;,&quot;hide_event_in_program&quot;:false,&quot;events&quot;:[126052,141040,142076,143391,154608,156559,157399,158853,160213,161944]},&quot;date&quot;:{&quot;NLAST&quot;:&quot;202604121500&quot;,&quot;NX&quot;:null,&quot;NXX&quot;:null,&quot;from_DATE&quot;:&quot;20240407 14:00&quot;,&quot;from&quot;:1712484000,&quot;to&quot;:1775991600,&quot;to_DATE&quot;:&quot;20260412 15:00&quot;,&quot;from_HRFSHORT&quot;:&quot; 7 Apr 2024&quot;,&quot;from_HRFSHORT_WD&quot;:&quot;Sun 07\\\/04\\\/2024&quot;,&quot;to_HRFSHORT&quot;:&quot;12 Apr 2026&quot;,&quot;to_HRFSHORT_WD&quot;:&quot;Sun 12\\\/04\\\/2026&quot;,&quot;from_HRF&quot;:&quot;Sun,  7 April 2024&quot;,&quot;to_HRF&quot;:&quot;Sun, 12 April 2026&quot;,&quot;from_to_HRF&quot;:&quot;Sun,  7 April 2024 \\u2013 Sun, 12 April 2026&quot;,&quot;from_to_HRFSHORT&quot;:&quot; 7 Apr 2024 \\u2013 12 Apr 2026&quot;},&quot;alert&quot;:null,&quot;partof&quot;:[],&quot;marketing_topic&quot;:&quot;&quot;}' inline-template>\n\t<a href=\"https:\/\/www.humboldtforum.org\/en\/programm\/event-reihe\/concert\/micro-concerts-of-the-rundfunk-sinfonieorchester-berlin-119720\/\" class=\"teaser teaser-event-sequence teaser-event-standard\">\n\t\t<div class=\"row\">\n\t\t\t<div class=\"col-xs-12 col-sm-6 col-md-5 col-sm-offset-1 col-md-offset-2 first-sm teaser-event-text Infos\">\n\t\t\t\t<div class=\"teaser-event-standard-text\">\n\t\t\t\t\t<div class=\"margin-bottom-atom\">\n\t\t\t\t\t\t<div class=\"subline clamp-1\" v-html=\"maingenre\"><\/div>\n\t\t\t\t\t\t\t\t\t\t\t<\/div>\n\t\t\t\t\n\t\t\t\t\t<strong class=\"margin-bottom-atom h5\">Micro Concerts of the Rundfunk-Sinfonieorchester Berlin<\/strong>\n\n\t\t\t\t\t\t\t\t\t<\/div>\n\t\t\t\t<div class=\"teaser-bottom border-bottom\">\n\t\t\t\t<calendardateline :rawitem='item' :show-icon=\"true\"><\/calendardateline>\n\t\t\t\t\t<hr>\n\t\t\t\t<\/div>\n\t\t\t<\/div>\n\t\t\t<div class=\"col-xs-12 col-sm-4 col-md-3 teaser-event-image bottom-xs first-xs\">\n\t\t\t\t<div class=\"teaser-image teaser-image-no-alternate\">\n\t\t\t\t\t\t\t\t\t\t\t\n\t<lazy-media-inline inline-template>\n\t\t<figure itemscope itemtype=\"http:\/\/schema.org\/ImageObject\" class=\"lazy-media-inline \" role=\"group\" id=\"media_69ee6bece4548\" aria-labelledby=\"desc_media_69ee6bece4548\">\n\t\t\t<script type=\"application\/json\" ref=\"data\">\n\t\t\t\t{\n\t\t\t\t\"sizes\" : {\"medium\":{\"file\":\"RSB_Landingpage-300x180.jpg\",\"width\":300,\"height\":180,\"mime-type\":\"image\\\/jpeg\",\"filesize\":10245},\"large\":{\"file\":\"RSB_Landingpage-1024x613.jpg\",\"width\":1024,\"height\":613,\"mime-type\":\"image\\\/jpeg\",\"filesize\":59365},\"thumbnail\":{\"file\":\"RSB_Landingpage-150x150.jpg\",\"width\":150,\"height\":150,\"mime-type\":\"image\\\/jpeg\",\"filesize\":5161},\"medium_large\":{\"file\":\"RSB_Landingpage-768x460.jpg\",\"width\":768,\"height\":460,\"mime-type\":\"image\\\/jpeg\",\"filesize\":39190},\"small\":{\"file\":\"RSB_Landingpage-440x264.jpg\",\"width\":440,\"height\":264,\"mime-type\":\"image\\\/jpeg\",\"filesize\":17909},\"semi\":{\"file\":\"RSB_Landingpage-580x347.jpg\",\"width\":580,\"height\":347,\"mime-type\":\"image\\\/jpeg\",\"filesize\":26860},\"mobile\":{\"file\":\"RSB_Landingpage-720x431.jpg\",\"width\":720,\"height\":431,\"mime-type\":\"image\\\/jpeg\",\"filesize\":35275},\"hd\":{\"file\":\"RSB_Landingpage-1280x767.jpg\",\"width\":1280,\"height\":767,\"mime-type\":\"image\\\/jpeg\",\"filesize\":81678},\"full\":{\"file\":\"RSB_Landingpage-1920x1150.jpg\",\"width\":1920,\"height\":1150,\"mime-type\":\"image\\\/jpeg\",\"filesize\":151128},\"1536x1536\":{\"file\":\"RSB_Landingpage-1536x920.jpg\",\"width\":1536,\"height\":920,\"mime-type\":\"image\\\/jpeg\",\"filesize\":106579},\"2048x2048\":{\"file\":\"RSB_Landingpage-2048x1227.jpg\",\"width\":2048,\"height\":1227,\"mime-type\":\"image\\\/jpeg\",\"filesize\":163391},\"original\":{\"file\":\"RSB_Landingpage.jpg\",\"width\":3840,\"height\":2300}},\n\t\t\t\t\"alt\" : \"Pattern of colorful geometric icons representing sports activities and fitness on a light blue background.\",\n\t\t\t\t\"path\" : \"\\\/wp-content\\\/uploads\\\/2024\\\/01\\\/\",\n\t\t\t\t\"video\" : null,\n\t\t\t\t\"autoplay\" : null,\n\t\t\t\t\"youtube\" : null,\n\t\t\t\t\"youtubelabel\" : \"Play video\",\n\t\t\t\t\"brightness\" : 100,\n\t\t\t\t\"crop\" : null,\n\t\t\t\t\"background\" : true,\n\t\t\t\t\"scale\" : 1\t\t\t\t}\n\t\t\t<\/script>\n\n\t\t\t<div class=\"height-container\" style=\"padding-bottom:59.895833333333%;\" v-if=\"sizes\">\n\t\t\t\t\t\t\t\t<lazy-media :inline=\"true\" :alt=\"alt\" :sizes=\"sizes\" :scale=\"scale\" :brightness=\"brightness\" :path=\"path\" :video=\"video\" :autoplay=\"autoplay\" :youtube=\"youtube\" :crop=\"crop\" :youtubelabel=\"youtubelabel\" :background=\"background\" media-id=\"desc_media_69ee6bece4548\"><\/lazy-media>\n\t\t\t\t\t\t\t<\/div>\n\n\t\t\t\t\t\t\t<figcaption class=\"sr-only\" ref=\"body\" id=\"desc_media_69ee6bece4548\">\n\t\t\t\t\t\t\t\t\t\t\t\t\t\t\t\t<div>Key visual for micro-concert series <\/div>\n\t\t\t\t\t\t\t\t\t\t\t\t\t\t\t\t<div class=\"insignificant\">\u00a9 \u00c1lvaro Vali\u00f1o<\/div>\n\t\t\t\t\t\t\t\t\t<\/figcaption>\n\t\t\t\t\t<\/figure>\n\t<\/lazy-media-inline>\n\t\t\t\t<\/div>\n\t\t\t<\/div>\n\t\t<\/div>\n\t<\/a>\n\t<\/calendarteaser>\n<\/li>\n\n\t\t\t\t<\/ul>\n\t\t\t<\/div>\n\t\t\t\t<\/lazy-component>\n<\/section>\n\n\n\n<section class=\"block block-headline block-no-margin \" >\n\t<div class=\"container-fluid\">\n\t\t<div class=\"row\">\n\t\t\t\t\t\t\t<div class=\"col-xs-12 col-md-offset-2 col-md-8\">\n\t\t\t\t\t<div class=\"box\">\n\t\t\t\t\t\t<h2 class=\".h4\">Participants<\/h2>\n\t\t\t\t\t<\/div>\n\t\t\t\t<\/div>\n\t\t\t\t\t<\/div>\n\t<\/div>\n<\/section>\n\n\n\n\n\n<section class=\"block block-accordion\">\n\t<div class=\"container-fluid\">\n\t\t<div class=\"row\">\n\t\t\t<div class=\"col-xs-12 col-md-offset-2 col-md-8\">\n\t\t\t\t<div class=\"box\">\n\t\t\t\t\t\t\t\t\t\t\t<block-accordion inline-template>\n\t\t\t\t\t\t\t<div class=\"accordion\">\n\t\t\t\t\t\t\t\t\t\t\t\t\t\t\t<block-accordion-item inline-template item-headline=\"Erez Ofer, Violine\">\n\t\t\t\t\t\t\t\t<div ref=\"item\" data-id=\"ErezOferVioline\" class=\"block-accordion-item active vue-initialize\" aria-expanded=\"true\" :aria-expanded=\"active ? 'true' : 'false'\">\n\t\t\t\t\t\t\t\t\t<button class=\"accordion-button-with-icon block-accordion-item-head\" :class=\"{'button-active': active}\" ref=\"head\" aria-controls=\"acc_69ee6becebd1f\" id=\"acc_title_69ee6becebd21\" @click=\"toggle\" @keydown=\"key\">\n\t\t\t\t\t\t\t\t\t<div><span class=\"button-label\">Erez Ofer, Violine<\/span><\/div><span class=\"button-icon icon-plus\" aria-hidden=\"true\"><\/span>\n\t\t\t\t\t\t\t\t<\/button>\n\t\t\t\t\t\t\t\t\t<div ref=\"body\" class=\"block-accordion-item-content\" id=\"acc_69ee6becebd1f\" role=\"region\">\n\t\t\t\t\t\t\t\t\t\t<div class=\"wrapper copy\">\n\t\t\t\t\t\t\t\t\t\t\t<p>Born in Israel, violinist Erez Ofer has been the first concertmaster of the Rundfunk-Sinfonieorchester Berlin since 2002.<\/p>\n<p>His musical career is flanked by several important successes in competitions: 1. Award at the ARD Competition in Munich, gold medal at the Zino Francescatti Competition in France, 1st prize at the Israeli Radio Competition, silver medal at the world-famous Queen Elisabeth Competition in Belgium and Paganini laureate at the University of Indiana and winner of the Tibor Varga Competition.<\/p>\n<p>Despite his involvement with the RSB, Erez Ofer continues to be an active soloist and chamber musician. As a soloist, he was enlisted by the Philadelphia Orchestra, the Israel Philharmonic, the Bavarian Radio Symphony Orchestra, the Belgian National Orchestra, the Orchestre Philharmonique de Monte-Carlo and the Jerusalem Symphony.<\/p>\n<p>Between 1993 and 1998, Erez Ofer was concertmaster of the Bavarian Radio Symphony Orchestra under Lorin Maazel and the Philadelphia Orchestra under\u00a0Wolfgang Sawallisch.<\/p>\n<p>Erez Ofer plays a violin made by Domenico Montagnana in 1729.<\/p>\n\n\t\t\t\t\t\t\t\t\t\t\t\t\t\t\t\t\t\t\t\t\t\t\t\t\t\t\t\t\t\t\t\t\t\n\t\t\t\t\t\t\t\t\t\t\t<div class=\"row\">\n\t\t\t\t\t\t\t\t\t\t\t\t<div class=\"col-xs-9 col-md-9\">\n\t\t\t\t\t\t\t\t\t\t\t\t\t<div class=\"box\">\n\t\t\t\t\t\t\t\t\t\t\t\t\t\t\n\t<lazy-media-inline inline-template>\n\t\t<figure itemscope itemtype=\"http:\/\/schema.org\/ImageObject\" class=\"lazy-media-inline \" role=\"group\" id=\"media_69ee6becec326\" aria-labelledby=\"desc_media_69ee6becec326\">\n\t\t\t<script type=\"application\/json\" ref=\"data\">\n\t\t\t\t{\n\t\t\t\t\"sizes\" : {\"medium\":{\"file\":\"SHF_eb00215554-300x300.jpg\",\"width\":300,\"height\":300,\"mime-type\":\"image\\\/jpeg\",\"filesize\":8262},\"large\":{\"file\":\"SHF_eb00215554-1024x1024.jpg\",\"width\":1024,\"height\":1024,\"mime-type\":\"image\\\/jpeg\",\"filesize\":54779},\"thumbnail\":{\"file\":\"SHF_eb00215554-150x150.jpg\",\"width\":150,\"height\":150,\"mime-type\":\"image\\\/jpeg\",\"filesize\":3311},\"medium_large\":{\"file\":\"SHF_eb00215554-768x768.jpg\",\"width\":768,\"height\":768,\"mime-type\":\"image\\\/jpeg\",\"filesize\":34103},\"small\":{\"file\":\"SHF_eb00215554-440x440.jpg\",\"width\":440,\"height\":440,\"mime-type\":\"image\\\/jpeg\",\"filesize\":14465},\"semi\":{\"file\":\"SHF_eb00215554-580x580.jpg\",\"width\":580,\"height\":580,\"mime-type\":\"image\\\/jpeg\",\"filesize\":22157},\"mobile\":{\"file\":\"SHF_eb00215554-720x720.jpg\",\"width\":720,\"height\":720,\"mime-type\":\"image\\\/jpeg\",\"filesize\":30494},\"original\":{\"file\":\"SHF_eb00215554.jpg\",\"width\":1280,\"height\":1280}},\n\t\t\t\t\"alt\" : \"Bald man holding a violin, smiling against a dark background.\",\n\t\t\t\t\"path\" : \"\\\/wp-content\\\/uploads\\\/2024\\\/01\\\/\",\n\t\t\t\t\"video\" : null,\n\t\t\t\t\"autoplay\" : null,\n\t\t\t\t\"youtube\" : null,\n\t\t\t\t\"youtubelabel\" : \"Play video\",\n\t\t\t\t\"brightness\" : 100,\n\t\t\t\t\"crop\" : null,\n\t\t\t\t\"background\" : false,\n\t\t\t\t\"scale\" : 1\t\t\t\t}\n\t\t\t<\/script>\n\n\t\t\t<div class=\"height-container\" style=\"padding-bottom:100%;\" v-if=\"sizes\">\n\t\t\t\t\t\t\t\t<lazy-media :inline=\"true\" :alt=\"alt\" :sizes=\"sizes\" :scale=\"scale\" :brightness=\"brightness\" :path=\"path\" :video=\"video\" :autoplay=\"autoplay\" :youtube=\"youtube\" :crop=\"crop\" :youtubelabel=\"youtubelabel\" :background=\"background\" media-id=\"desc_media_69ee6becec326\"><\/lazy-media>\n\t\t\t\t\t\t\t<\/div>\n\n\t\t\t\t\t\t\t<figcaption class=\"\" id=\"desc_media_69ee6becec326\">\n\t\t\t\t\t<div class=\"lazy-media-info-body-content\">\n\t\t\t\t\t\t\t\t\t\t\t\t\t<div>Portr&auml;t des Violinisten Erez Ofer<\/div>\n\t\t\t\t\t\t\t\t\t\t\t\t\t\t\t\t\t\t\t\t\t\t\t<\/div>\n\t\t\t\t<\/figcaption>\n\t\t\t\t\t\t\t\t\t<\/figure>\n\t<\/lazy-media-inline>\n\t\t\t\t\t\t\t\t\t\t\t\t\t<\/div>\n\t\t\t\t\t\t\t\t\t\t\t\t<\/div>\n\t\t\t\t\t\t\t\t\t\t\t<\/div>\n\n\t\t\t\t\t\t\t\t\t\t\t\t\t\t\t\t\t\t\t\t\t<\/div>\n\t\t\t\t\t\t\t\t\t<\/div>\n\t\t\t\t\t\t\t\t<\/div>\n\t\t\t\t\t\t\t\t<\/block-accordion-item>\n\t\t\t\t\t\t\t\t\t\t\t\t\t\t<block-accordion-item inline-template item-headline=\"Nadine Contini, Violine\">\n\t\t\t\t\t\t\t\t<div ref=\"item\" data-id=\"NadineContiniVioline\" class=\"block-accordion-item active vue-initialize\" aria-expanded=\"true\" :aria-expanded=\"active ? 'true' : 'false'\">\n\t\t\t\t\t\t\t\t\t<button class=\"accordion-button-with-icon block-accordion-item-head\" :class=\"{'button-active': active}\" ref=\"head\" aria-controls=\"acc_69ee6becec565\" id=\"acc_title_69ee6becec566\" @click=\"toggle\" @keydown=\"key\">\n\t\t\t\t\t\t\t\t\t<div><span class=\"button-label\">Nadine Contini, Violine<\/span><\/div><span class=\"button-icon icon-plus\" aria-hidden=\"true\"><\/span>\n\t\t\t\t\t\t\t\t<\/button>\n\t\t\t\t\t\t\t\t\t<div ref=\"body\" class=\"block-accordion-item-content\" id=\"acc_69ee6becec565\" role=\"region\">\n\t\t\t\t\t\t\t\t\t\t<div class=\"wrapper copy\">\n\t\t\t\t\t\t\t\t\t\t\t<p>Nadine Contini, principal second violin, has been a member of the Rundfunk-Sinfonieorchester Berlin since March 2005.<\/p>\n<p>She was born in 1979 in Saarbr\u00fccken and received her first violin lessons at the age of 5 years with Ms Christa Schmitt-Rink. Later she studied under Ulrieke Dierick. In 1996 she was admitted to the Pfl\u00fcger-Stiftung Freiburg and the Spohr-Akademie for the promotion of highly gifted young violinists, where she was trained by Wolfgang Marschner and Ariane Math\u00e4us. In 2000, she began her studies at the Musikhochschule \u201cHanns Eisler\u201d in Berlin with Antje Weithaas, where she graduated with the concert exam of 2008. She attended master classes with Antje Weithaas, Wolfgang Marschner, Christian Tetzlaff, Guy Braunstein, and Boris Pergamenchikov.<\/p>\n<p>Nadine Contini has won awards in numerous competitions: In 1998, she was awarded with the first \u201cYoung Musicians\u201d federal prize. In addition, she received a second prize at the International Max Reger Competition and a special prize for the best interpretation of a solo work by Max Reger. In 2004, she won the competition of Ibolyka-Gyarfas-Stiftung. She was awarded with prizes for cultural promotion by the Casino Gesellschaft Saarbr\u00fccken and the Saarl\u00e4ndischen Rundfunk. In addition, she was the prize winner and scholarship holder of the Deutsche Stiftung Musikleben.<\/p>\n<p>As a soloist, she has performed with the Landesjugendorchester of Saarland, the Cairo Chamber Orchestra, the Cairo Opera Orchestra, the Deutsche Spohr Philharmonie, the Symphonieorchester des Saarl\u00e4ndischen Rundfunks as part of the concerts of young artists, the Max Bruch Philharmonie and the Brandenburger Symphoniker.<\/p>\n<p>Nadine Contini plays a violin made by master violinmaker Stefan-Peter Greiner from Bonn and is involved as a mentor in the orchestra academy of the Rundfunk-Sinfonieorchester Berlin.<\/p>\n\n\t\t\t\t\t\t\t\t\t\t\t\t\t\t\t\t\t\t\t\t\t\t\t\t\t\t\t\t\t\t\t\t\t\n\t\t\t\t\t\t\t\t\t\t\t<div class=\"row\">\n\t\t\t\t\t\t\t\t\t\t\t\t<div class=\"col-xs-9 col-md-9\">\n\t\t\t\t\t\t\t\t\t\t\t\t\t<div class=\"box\">\n\t\t\t\t\t\t\t\t\t\t\t\t\t\t\n\t<lazy-media-inline inline-template>\n\t\t<figure itemscope itemtype=\"http:\/\/schema.org\/ImageObject\" class=\"lazy-media-inline \" role=\"group\" id=\"media_69ee6becec95d\" aria-labelledby=\"desc_media_69ee6becec95d\">\n\t\t\t<script type=\"application\/json\" ref=\"data\">\n\t\t\t\t{\n\t\t\t\t\"sizes\" : {\"medium\":{\"file\":\"SHF_eb00215555-300x300.jpg\",\"width\":300,\"height\":300,\"mime-type\":\"image\\\/jpeg\",\"filesize\":15757},\"large\":{\"file\":\"SHF_eb00215555-1024x1024.jpg\",\"width\":1024,\"height\":1024,\"mime-type\":\"image\\\/jpeg\",\"filesize\":115407},\"thumbnail\":{\"file\":\"SHF_eb00215555-150x150.jpg\",\"width\":150,\"height\":150,\"mime-type\":\"image\\\/jpeg\",\"filesize\":5658},\"medium_large\":{\"file\":\"SHF_eb00215555-768x768.jpg\",\"width\":768,\"height\":768,\"mime-type\":\"image\\\/jpeg\",\"filesize\":72509},\"small\":{\"file\":\"SHF_eb00215555-440x440.jpg\",\"width\":440,\"height\":440,\"mime-type\":\"image\\\/jpeg\",\"filesize\":29088},\"semi\":{\"file\":\"SHF_eb00215555-580x580.jpg\",\"width\":580,\"height\":580,\"mime-type\":\"image\\\/jpeg\",\"filesize\":46178},\"mobile\":{\"file\":\"SHF_eb00215555-720x720.jpg\",\"width\":720,\"height\":720,\"mime-type\":\"image\\\/jpeg\",\"filesize\":65060},\"original\":{\"file\":\"SHF_eb00215555.jpg\",\"width\":1280,\"height\":1280}},\n\t\t\t\t\"alt\" : \"Portrait of a woman with a violin, smiling at the camera, wearing an elegant black blouse in the background.\",\n\t\t\t\t\"path\" : \"\\\/wp-content\\\/uploads\\\/2024\\\/01\\\/\",\n\t\t\t\t\"video\" : null,\n\t\t\t\t\"autoplay\" : null,\n\t\t\t\t\"youtube\" : null,\n\t\t\t\t\"youtubelabel\" : \"Play video\",\n\t\t\t\t\"brightness\" : 100,\n\t\t\t\t\"crop\" : null,\n\t\t\t\t\"background\" : false,\n\t\t\t\t\"scale\" : 1\t\t\t\t}\n\t\t\t<\/script>\n\n\t\t\t<div class=\"height-container\" style=\"padding-bottom:100%;\" v-if=\"sizes\">\n\t\t\t\t\t\t\t\t<lazy-media :inline=\"true\" :alt=\"alt\" :sizes=\"sizes\" :scale=\"scale\" :brightness=\"brightness\" :path=\"path\" :video=\"video\" :autoplay=\"autoplay\" :youtube=\"youtube\" :crop=\"crop\" :youtubelabel=\"youtubelabel\" :background=\"background\" media-id=\"desc_media_69ee6becec95d\"><\/lazy-media>\n\t\t\t\t\t\t\t<\/div>\n\n\t\t\t\t\t\t\t<figcaption class=\"\" id=\"desc_media_69ee6becec95d\">\n\t\t\t\t\t<div class=\"lazy-media-info-body-content\">\n\t\t\t\t\t\t\t\t\t\t\t\t\t<div>Portr&auml;t der Violinistin Nadine Contini\n<\/div>\n\t\t\t\t\t\t\t\t\t\t\t\t\t\t\t\t\t\t\t\t\t\t\t<\/div>\n\t\t\t\t<\/figcaption>\n\t\t\t\t\t\t\t\t\t<\/figure>\n\t<\/lazy-media-inline>\n\t\t\t\t\t\t\t\t\t\t\t\t\t<\/div>\n\t\t\t\t\t\t\t\t\t\t\t\t<\/div>\n\t\t\t\t\t\t\t\t\t\t\t<\/div>\n\n\t\t\t\t\t\t\t\t\t\t\t\t\t\t\t\t\t\t\t\t\t<\/div>\n\t\t\t\t\t\t\t\t\t<\/div>\n\t\t\t\t\t\t\t\t<\/div>\n\t\t\t\t\t\t\t\t<\/block-accordion-item>\n\t\t\t\t\t\t\t\t\t\t\t\t\t\t<block-accordion-item inline-template item-headline=\"Alejandro Regueira Caumel, Bratsche\">\n\t\t\t\t\t\t\t\t<div ref=\"item\" data-id=\"AlejandroRegueiraCaumelBratsche\" class=\"block-accordion-item active vue-initialize\" aria-expanded=\"true\" :aria-expanded=\"active ? 'true' : 'false'\">\n\t\t\t\t\t\t\t\t\t<button class=\"accordion-button-with-icon block-accordion-item-head\" :class=\"{'button-active': active}\" ref=\"head\" aria-controls=\"acc_69ee6bececb40\" id=\"acc_title_69ee6bececb42\" @click=\"toggle\" @keydown=\"key\">\n\t\t\t\t\t\t\t\t\t<div><span class=\"button-label\">Alejandro Regueira Caumel, Bratsche<\/span><\/div><span class=\"button-icon icon-plus\" aria-hidden=\"true\"><\/span>\n\t\t\t\t\t\t\t\t<\/button>\n\t\t\t\t\t\t\t\t\t<div ref=\"body\" class=\"block-accordion-item-content\" id=\"acc_69ee6bececb40\" role=\"region\">\n\t\t\t\t\t\t\t\t\t\t<div class=\"wrapper copy\">\n\t\t\t\t\t\t\t\t\t\t\t<p>Alejandro Regueira Caumel, geboren 1991 in M\u00e1laga\/Spanien, begann als Sechsj\u00e4hriger mit dem Geigen- und Klavierspiel. In Madrid studierte er bei Anna Baget und wechselte 2008 als Bratschist zu Dionisio Rodr\u00edguez. 2009 kam er nach Deutschland und studierte an der Hochschule f\u00fcr Musik \u201eHanns Eisler\u201c bei Pauline Sachse und Tabea Zimmermann. Meisterklassen bei Wilfried Strehle, Andreas Willwohl, Roberto D\u00edaz, Felix Schwartz und Jean Sulem erg\u00e4nzten seine Ausbildung.<\/p>\n<p>Einen besonderen Schwerpunkt in seiner bisherigen Laufbahn stellt die Kammermusik dar. So nahm er am Kammermusik-Festival der \u201eKronberg Academy\u201c und an der \u201eSeiji Ozawa<\/p>\n<p>International Academy Switzerland\u201c teil, trat wiederholt mit dem Frielinghaus Ensemble auf und ist regelm\u00e4\u00dfig bei Kammermusik Festivals wie dem \u201eFestival Ribeira Sacra\u201c oder im Nikolaisaal Potsdam zu h\u00f6ren. Au\u00dferdem gewann er erste Preise bei verschiedenen Wettbewerben, darunter beim \u201eConcurso Ib\u00e9rico de M\u00fasica de C\u00e1mara con Arpa\u201c (im Duo mit der Harfenistin Maud Edenwald), beim XII. Internationalen Wettbewerb f\u00fcr Viola und Cello \u201eVilla de Llanes\u201c, beim \u201eConcurso Mar\u00eda Cristina\u201c f\u00fcr junge Solisten und beim Wettbewerb von \u201eJeunesses Musicales\u201c in Spanien.<\/p>\n<p>Alejandro Regueira Caumel sammelte Orchestererfahrung als Mitglied des Gustav-Mahler-Jugendorchesters und des Spanischen Nationalen Jugendorchesters, sowie durch Aushilfet\u00e4tigkeiten bei den Berliner Philharmonikern und als Solobratscher bei den Bamberger Symphonikern, bei der NDR Radiophilharmonie Hannover, im NDR Elbphilharmonie Orchester, im Philharmonia Orchestra London, im Orquestra de la Comunitat Valenciana und im Orquesta Nacional de Espa\u00f1a.<\/p>\n<p>Von 2010 bis 2012 war er Akademist beim Rundfunk-Sinfonieorchester Berlin und ist seit 2015 dessen Solobratscher.<\/p>\n\n\t\t\t\t\t\t\t\t\t\t\t\t\t\t\t\t\t\t\t\t\t\t\t\t\t\t\t\t\t\t\t\t\t\n\t\t\t\t\t\t\t\t\t\t\t<div class=\"row\">\n\t\t\t\t\t\t\t\t\t\t\t\t<div class=\"col-xs-9 col-md-9\">\n\t\t\t\t\t\t\t\t\t\t\t\t\t<div class=\"box\">\n\t\t\t\t\t\t\t\t\t\t\t\t\t\t\n\t<lazy-media-inline inline-template>\n\t\t<figure itemscope itemtype=\"http:\/\/schema.org\/ImageObject\" class=\"lazy-media-inline \" role=\"group\" id=\"media_69ee6bececfab\" aria-labelledby=\"desc_media_69ee6bececfab\">\n\t\t\t<script type=\"application\/json\" ref=\"data\">\n\t\t\t\t{\n\t\t\t\t\"sizes\" : {\"medium\":{\"file\":\"SHF_eb00215553-300x300.jpg\",\"width\":300,\"height\":300,\"mime-type\":\"image\\\/jpeg\",\"filesize\":17029},\"large\":{\"file\":\"SHF_eb00215553-1024x1024.jpg\",\"width\":1024,\"height\":1024,\"mime-type\":\"image\\\/jpeg\",\"filesize\":127195},\"thumbnail\":{\"file\":\"SHF_eb00215553-150x150.jpg\",\"width\":150,\"height\":150,\"mime-type\":\"image\\\/jpeg\",\"filesize\":6176},\"medium_large\":{\"file\":\"SHF_eb00215553-768x768.jpg\",\"width\":768,\"height\":768,\"mime-type\":\"image\\\/jpeg\",\"filesize\":77964},\"small\":{\"file\":\"SHF_eb00215553-440x440.jpg\",\"width\":440,\"height\":440,\"mime-type\":\"image\\\/jpeg\",\"filesize\":30996},\"semi\":{\"file\":\"SHF_eb00215553-580x580.jpg\",\"width\":580,\"height\":580,\"mime-type\":\"image\\\/jpeg\",\"filesize\":49235},\"mobile\":{\"file\":\"SHF_eb00215553-720x720.jpg\",\"width\":720,\"height\":720,\"mime-type\":\"image\\\/jpeg\",\"filesize\":69842},\"original\":{\"file\":\"SHF_eb00215553.jpg\",\"width\":1280,\"height\":1280}},\n\t\t\t\t\"alt\" : \"Young man with dark hair holding a violin and smiling in front of a warm wood background.\",\n\t\t\t\t\"path\" : \"\\\/wp-content\\\/uploads\\\/2024\\\/01\\\/\",\n\t\t\t\t\"video\" : null,\n\t\t\t\t\"autoplay\" : null,\n\t\t\t\t\"youtube\" : null,\n\t\t\t\t\"youtubelabel\" : \"Play video\",\n\t\t\t\t\"brightness\" : 100,\n\t\t\t\t\"crop\" : null,\n\t\t\t\t\"background\" : false,\n\t\t\t\t\"scale\" : 1\t\t\t\t}\n\t\t\t<\/script>\n\n\t\t\t<div class=\"height-container\" style=\"padding-bottom:100%;\" v-if=\"sizes\">\n\t\t\t\t\t\t\t\t<lazy-media :inline=\"true\" :alt=\"alt\" :sizes=\"sizes\" :scale=\"scale\" :brightness=\"brightness\" :path=\"path\" :video=\"video\" :autoplay=\"autoplay\" :youtube=\"youtube\" :crop=\"crop\" :youtubelabel=\"youtubelabel\" :background=\"background\" media-id=\"desc_media_69ee6bececfab\"><\/lazy-media>\n\t\t\t\t\t\t\t<\/div>\n\n\t\t\t\t\t\t\t<figcaption class=\"\" id=\"desc_media_69ee6bececfab\">\n\t\t\t\t\t<div class=\"lazy-media-info-body-content\">\n\t\t\t\t\t\t\t\t\t\t\t\t\t<div>Portr&auml;t des Solobratschisten Alejandro Regueira Caumel\n<\/div>\n\t\t\t\t\t\t\t\t\t\t\t\t\t\t\t\t\t\t\t\t\t\t\t\t\t<div class=\"insignificant\">\u00a9 Bettina St\u00f6\u00df<\/div>\n\t\t\t\t\t\t\t\t\t\t\t<\/div>\n\t\t\t\t<\/figcaption>\n\t\t\t\t\t\t\t\t\t<\/figure>\n\t<\/lazy-media-inline>\n\t\t\t\t\t\t\t\t\t\t\t\t\t<\/div>\n\t\t\t\t\t\t\t\t\t\t\t\t<\/div>\n\t\t\t\t\t\t\t\t\t\t\t<\/div>\n\n\t\t\t\t\t\t\t\t\t\t\t\t\t\t\t\t\t\t\t\t\t<\/div>\n\t\t\t\t\t\t\t\t\t<\/div>\n\t\t\t\t\t\t\t\t<\/div>\n\t\t\t\t\t\t\t\t<\/block-accordion-item>\n\t\t\t\t\t\t\t\t\t\t\t\t\t\t<block-accordion-item inline-template item-headline=\"Hans-Jakob Eschenburg - Violoncello\">\n\t\t\t\t\t\t\t\t<div ref=\"item\" data-id=\"Hans-JakobEschenburg-Violoncello\" class=\"block-accordion-item active vue-initialize\" aria-expanded=\"true\" :aria-expanded=\"active ? 'true' : 'false'\">\n\t\t\t\t\t\t\t\t\t<button class=\"accordion-button-with-icon block-accordion-item-head\" :class=\"{'button-active': active}\" ref=\"head\" aria-controls=\"acc_69ee6beced19e\" id=\"acc_title_69ee6beced19f\" @click=\"toggle\" @keydown=\"key\">\n\t\t\t\t\t\t\t\t\t<div><span class=\"button-label\">Hans-Jakob Eschenburg &#8211; Violoncello<\/span><\/div><span class=\"button-icon icon-plus\" aria-hidden=\"true\"><\/span>\n\t\t\t\t\t\t\t\t<\/button>\n\t\t\t\t\t\t\t\t\t<div ref=\"body\" class=\"block-accordion-item-content\" id=\"acc_69ee6beced19e\" role=\"region\">\n\t\t\t\t\t\t\t\t\t\t<div class=\"wrapper copy\">\n\t\t\t\t\t\t\t\t\t\t\t<p>Hans-Jakob Eschenburg received his first cello lessons at the Rostock Conservatory. After studying with Josef Schwab at the Hochschule f\u00fcr Musik \u201cHanns Eisler\u201d Berlin, he was principal cellist of the Leipzig Radio Symphony Orchestra from 1984 to 1988.<\/p>\n<p>With the renowned Petersen Quartet, of which he was a founding member until 2000, he won several international competitions (Prague, Evian, Florence, Munich) and appeared on the major concert stages and at numerous festivals in Europe, North and South America, Asia and Australia. Several of the Petersen Quartet\u2019s numerous CD recordings have won international awards.<\/p>\n<p>Since 1999 Hans-Jakob Eschenburg has been principal cellist of the Rundfunk-Sinfonieorchester Berlin. He held the same position in the chamber orchestra \u201cCarl Philipp Emanuel Bach\u201d. He frequently appears as a soloist and chamber musician, including as a member of various chamber ensembles such as the Gideon Klein Trio. Hans-Jakob Eschenburg teaches as an honorary professor at the Hochschule f\u00fcr Musik \u201cHanns Eisler\u201d Berlin. He is also involved as a mentor of the Orchestra Academy of the Rundfunk-Sinfonieorchester Berlin.<\/p>\n\n\t\t\t\t\t\t\t\t\t\t\t\t\t\t\t\t\t\t\t\t\t\t\t\t\t\t\t\t\t\t\t\t\t\n\t\t\t\t\t\t\t\t\t\t\t<div class=\"row\">\n\t\t\t\t\t\t\t\t\t\t\t\t<div class=\"col-xs-9 col-md-9\">\n\t\t\t\t\t\t\t\t\t\t\t\t\t<div class=\"box\">\n\t\t\t\t\t\t\t\t\t\t\t\t\t\t\n\t<lazy-media-inline inline-template>\n\t\t<figure itemscope itemtype=\"http:\/\/schema.org\/ImageObject\" class=\"lazy-media-inline \" role=\"group\" id=\"media_69ee6beced610\" aria-labelledby=\"desc_media_69ee6beced610\">\n\t\t\t<script type=\"application\/json\" ref=\"data\">\n\t\t\t\t{\n\t\t\t\t\"sizes\" : {\"medium\":{\"file\":\"SHF_eb00215556-300x300.jpg\",\"width\":300,\"height\":300,\"mime-type\":\"image\\\/jpeg\",\"filesize\":15135},\"large\":{\"file\":\"SHF_eb00215556-1024x1024.jpg\",\"width\":1024,\"height\":1024,\"mime-type\":\"image\\\/jpeg\",\"filesize\":111348},\"thumbnail\":{\"file\":\"SHF_eb00215556-150x150.jpg\",\"width\":150,\"height\":150,\"mime-type\":\"image\\\/jpeg\",\"filesize\":5417},\"medium_large\":{\"file\":\"SHF_eb00215556-768x768.jpg\",\"width\":768,\"height\":768,\"mime-type\":\"image\\\/jpeg\",\"filesize\":69295},\"small\":{\"file\":\"SHF_eb00215556-440x440.jpg\",\"width\":440,\"height\":440,\"mime-type\":\"image\\\/jpeg\",\"filesize\":27718},\"semi\":{\"file\":\"SHF_eb00215556-580x580.jpg\",\"width\":580,\"height\":580,\"mime-type\":\"image\\\/jpeg\",\"filesize\":43982},\"mobile\":{\"file\":\"SHF_eb00215556-720x720.jpg\",\"width\":720,\"height\":720,\"mime-type\":\"image\\\/jpeg\",\"filesize\":61972},\"original\":{\"file\":\"SHF_eb00215556.jpg\",\"width\":1280,\"height\":1280}},\n\t\t\t\t\"alt\" : \"Portrait of a man wearing glasses, smiling in a blue jacket, resting one hand on an instrument.\",\n\t\t\t\t\"path\" : \"\\\/wp-content\\\/uploads\\\/2024\\\/01\\\/\",\n\t\t\t\t\"video\" : null,\n\t\t\t\t\"autoplay\" : null,\n\t\t\t\t\"youtube\" : null,\n\t\t\t\t\"youtubelabel\" : \"Play video\",\n\t\t\t\t\"brightness\" : 100,\n\t\t\t\t\"crop\" : null,\n\t\t\t\t\"background\" : false,\n\t\t\t\t\"scale\" : 1\t\t\t\t}\n\t\t\t<\/script>\n\n\t\t\t<div class=\"height-container\" style=\"padding-bottom:100%;\" v-if=\"sizes\">\n\t\t\t\t\t\t\t\t<lazy-media :inline=\"true\" :alt=\"alt\" :sizes=\"sizes\" :scale=\"scale\" :brightness=\"brightness\" :path=\"path\" :video=\"video\" :autoplay=\"autoplay\" :youtube=\"youtube\" :crop=\"crop\" :youtubelabel=\"youtubelabel\" :background=\"background\" media-id=\"desc_media_69ee6beced610\"><\/lazy-media>\n\t\t\t\t\t\t\t<\/div>\n\n\t\t\t\t\t\t\t<figcaption class=\"\" id=\"desc_media_69ee6beced610\">\n\t\t\t\t\t<div class=\"lazy-media-info-body-content\">\n\t\t\t\t\t\t\t\t\t\t\t\t\t<div>Portr&auml;t des Solocellisten Professor Hans-Jakob Eschenburg\n<\/div>\n\t\t\t\t\t\t\t\t\t\t\t\t\t\t\t\t\t\t\t\t\t\t\t<\/div>\n\t\t\t\t<\/figcaption>\n\t\t\t\t\t\t\t\t\t<\/figure>\n\t<\/lazy-media-inline>\n\t\t\t\t\t\t\t\t\t\t\t\t\t<\/div>\n\t\t\t\t\t\t\t\t\t\t\t\t<\/div>\n\t\t\t\t\t\t\t\t\t\t\t<\/div>\n\n\t\t\t\t\t\t\t\t\t\t\t\t\t\t\t\t\t\t\t\t\t<\/div>\n\t\t\t\t\t\t\t\t\t<\/div>\n\t\t\t\t\t\t\t\t<\/div>\n\t\t\t\t\t\t\t\t<\/block-accordion-item>\n\t\t\t\t\t\t\t\t\t\t\t\t\t<\/div>\n\t\t\t\t\t\t<\/block-accordion>\n\t\t\t\t\t\t\t\t\t<\/div>\n\t\t\t<\/div>\n\t\t<\/div>\n\t<\/div>\n<\/section>\n\n\n<section class=\"block block-copy block-no-margin\" >\n    <div class=\"container-fluid\">\n\t\t<div class=\"row \">\n            <div class=\"col-xs-12 col-md-offset-2 col-md-8\">\n                <div class=\"box\">\n                    <div class=\"copy\"><p>Micro Concert #2 is part of a series of concerts in which RSB musicians engage into a dialogue with the exhibitions. The Humboldt Forum and the Rundfunk-Sinfonieorchester Berlin are jointly organising the Micro Concerts on Museum Sundays until June 2024 &#8211; as part of the RSB&#8217;s 100th anniversary. Further dates:<\/p>\n<p>Sun. 3 March, 14:00-16:00<br \/>\nSun. 7 April, 14:00-16:00<br \/>\nSun 2 June, 14:00-16:00<\/p>\n<p>&nbsp;<\/p>\n<\/div>\n                <\/div>\n            <\/div>\n\t\t<\/div>\n\t\t    <\/div>\n<\/section>\n\n<section class=\"block block-CTA block-CTA-long leftgradient\">\n\t<div class=\"container-fluid\">\n\t\t<div class=\"row center-xs\">\n\t\t\t<div class=\"col-xs-12\">\n\t\t\t\t<div class=\"box\">\n\t\t\t\t\t<a href=\"https:\/\/www.humboldtforum.org\/en\/newsletter-2\/\" aria-label=\"Stay up to date.\" class=\"teaser teaser-cta-wide \">\n\t\t\t\t\t\t<div class=\"teaser-image\">\n\t\t\t\t\t\t\t\n\t<lazy-media-inline inline-template>\n\t\t<figure itemscope itemtype=\"http:\/\/schema.org\/ImageObject\" class=\"lazy-media-inline \" role=\"group\" id=\"media_69ee6becef8e2\" aria-labelledby=\"desc_media_69ee6becef8e2\">\n\t\t\t<script type=\"application\/json\" ref=\"data\">\n\t\t\t\t{\n\t\t\t\t\"sizes\" : {\"medium\":{\"file\":\"HF_eb00061823-scaled-300x200.jpg\",\"width\":300,\"height\":200,\"mime-type\":\"image\\\/jpeg\",\"filesize\":19186},\"large\":{\"file\":\"HF_eb00061823-scaled-1024x683.jpg\",\"width\":1024,\"height\":683,\"mime-type\":\"image\\\/jpeg\",\"filesize\":138597},\"thumbnail\":{\"file\":\"HF_eb00061823-scaled-150x150.jpg\",\"width\":150,\"height\":150,\"mime-type\":\"image\\\/jpeg\",\"filesize\":8481},\"medium_large\":{\"file\":\"HF_eb00061823-scaled-768x512.jpg\",\"width\":768,\"height\":512,\"mime-type\":\"image\\\/jpeg\",\"filesize\":86200},\"small\":{\"file\":\"HF_eb00061823-scaled-440x293.jpg\",\"width\":440,\"height\":293,\"mime-type\":\"image\\\/jpeg\",\"filesize\":35525},\"semi\":{\"file\":\"HF_eb00061823-scaled-580x387.jpg\",\"width\":580,\"height\":387,\"mime-type\":\"image\\\/jpeg\",\"filesize\":55724},\"mobile\":{\"file\":\"HF_eb00061823-scaled-720x480.jpg\",\"width\":720,\"height\":480,\"mime-type\":\"image\\\/jpeg\",\"filesize\":77971},\"hd\":{\"file\":\"HF_eb00061823-scaled-1280x854.jpg\",\"width\":1280,\"height\":854,\"mime-type\":\"image\\\/jpeg\",\"filesize\":202477},\"full\":{\"file\":\"HF_eb00061823-scaled-1920x1280.jpg\",\"width\":1920,\"height\":1280,\"mime-type\":\"image\\\/jpeg\",\"filesize\":386736},\"1536x1536\":{\"file\":\"HF_eb00061823-scaled-1536x1024.jpg\",\"width\":1536,\"height\":1024,\"mime-type\":\"image\\\/jpeg\",\"filesize\":266197},\"2048x2048\":{\"file\":\"HF_eb00061823-scaled-2048x1366.jpg\",\"width\":2048,\"height\":1366,\"mime-type\":\"image\\\/jpeg\",\"filesize\":430206},\"original\":{\"file\":\"HF_eb00061823-scaled.jpg\",\"width\":2560,\"height\":1707}},\n\t\t\t\t\"alt\" : \"The brightly lit foyer and the Infopoint, DJ booth, the Cosmograph media tower and many visitors milling about\",\n\t\t\t\t\"path\" : \"\\\/wp-content\\\/uploads\\\/2020\\\/04\\\/\",\n\t\t\t\t\"video\" : null,\n\t\t\t\t\"autoplay\" : null,\n\t\t\t\t\"youtube\" : null,\n\t\t\t\t\"youtubelabel\" : \"Play video\",\n\t\t\t\t\"brightness\" : \"70\",\n\t\t\t\t\"crop\" : {\"top\":\"90.17\",\"left\":\"40.27\"},\n\t\t\t\t\"background\" : true,\n\t\t\t\t\"scale\" : 2\t\t\t\t}\n\t\t\t<\/script>\n\n\t\t\t<div class=\"height-container\" style=\"padding-bottom:66.6796875%;\" v-if=\"sizes\">\n\t\t\t\t\t\t\t\t<lazy-media :inline=\"true\" :alt=\"alt\" :sizes=\"sizes\" :scale=\"scale\" :brightness=\"brightness\" :path=\"path\" :video=\"video\" :autoplay=\"autoplay\" :youtube=\"youtube\" :crop=\"crop\" :youtubelabel=\"youtubelabel\" :background=\"background\" media-id=\"desc_media_69ee6becef8e2\"><\/lazy-media>\n\t\t\t\t\t\t\t<\/div>\n\n\t\t\t\t\t\t\t<figcaption class=\"sr-only\" ref=\"body\" id=\"desc_media_69ee6becef8e2\">\n\t\t\t\t\t\t\t\t\t\t\t<div>In the Humboldt Forum&#039;s foyer there is a 17 meter high media tower, called &quot;cosmograph&quot;. It gives visitors comprehensive information about their visit and can transform into an art and light installation.<\/div>\n\t\t\t\t\t\t\t\t\t\t\t\t\t\t\t\t\t\t\t\t\t<div class=\"insignificant\">\u00a9 SHF \/ David von Becker<\/div>\n\t\t\t\t\t\t\t\t\t<\/figcaption>\n\t\t\t\t\t<\/figure>\n\t<\/lazy-media-inline>\n\t\t\t\t\t\t<\/div>\n\t\t\t\t\t\t<div class=\"teaser-content \">\n\t\t\t\t\t\t\t<div>\n\t\t\t\t\t\t\t\t\t\t\t\t\t\t\t\t<div class=\"teaser-header\"><span class=\"h3\">Stay up to date.<\/span><\/div>\n\t\t\t\t\t\t\t\t<div class=\"teaser-subline\"><span class=\"font-decoration\">Subscribe to our newsletter<\/span><\/div>\t\t\t\t\t\t\t\t<button tabindex=\"-1\" class=\"border\">Click here<\/button>\n\t\t\t\t\t\t\t<\/div>\n\t\t\t\t\t\t<\/div>\n\t\t\t\t\t<\/a>\n\t\t\t\t<\/div>\n\t\t\t<\/div>\n\t\t<\/div>\n\t<\/div>\n<\/section>\n","protected":false},"template":"","genre":[569],"digital":[],"topic":[],"stakeholder":[595],"editorial":[],"editorialfilter":[],"targetgroup":[],"language":[581],"accessability":[],"age":[],"school":[],"groupsize":[],"place":[597],"class_list":["post-121018","event","type-event","status-publish","hentry","genre-concert","stakeholder-stiftung-humboldt-forum-im-berliner-schloss-en","language-no-language-skills-required","place-humboldt-forum-en"],"acf":[],"_links":{"self":[{"href":"https:\/\/www.humboldtforum.org\/en\/wp-json\/wp\/v2\/event\/121018","targetHints":{"allow":["GET"]}}],"collection":[{"href":"https:\/\/www.humboldtforum.org\/en\/wp-json\/wp\/v2\/event"}],"about":[{"href":"https:\/\/www.humboldtforum.org\/en\/wp-json\/wp\/v2\/types\/event"}],"version-history":[{"count":12,"href":"https:\/\/www.humboldtforum.org\/en\/wp-json\/wp\/v2\/event\/121018\/revisions"}],"predecessor-version":[{"id":121858,"href":"https:\/\/www.humboldtforum.org\/en\/wp-json\/wp\/v2\/event\/121018\/revisions\/121858"}],"wp:attachment":[{"href":"https:\/\/www.humboldtforum.org\/en\/wp-json\/wp\/v2\/media?parent=121018"}],"wp:term":[{"taxonomy":"genre","embeddable":true,"href":"https:\/\/www.humboldtforum.org\/en\/wp-json\/wp\/v2\/genre?post=121018"},{"taxonomy":"digital","embeddable":true,"href":"https:\/\/www.humboldtforum.org\/en\/wp-json\/wp\/v2\/digital?post=121018"},{"taxonomy":"topic","embeddable":true,"href":"https:\/\/www.humboldtforum.org\/en\/wp-json\/wp\/v2\/topic?post=121018"},{"taxonomy":"stakeholder","embeddable":true,"href":"https:\/\/www.humboldtforum.org\/en\/wp-json\/wp\/v2\/stakeholder?post=121018"},{"taxonomy":"editorial","embeddable":true,"href":"https:\/\/www.humboldtforum.org\/en\/wp-json\/wp\/v2\/editorial?post=121018"},{"taxonomy":"editorialfilter","embeddable":true,"href":"https:\/\/www.humboldtforum.org\/en\/wp-json\/wp\/v2\/editorialfilter?post=121018"},{"taxonomy":"targetgroup","embeddable":true,"href":"https:\/\/www.humboldtforum.org\/en\/wp-json\/wp\/v2\/targetgroup?post=121018"},{"taxonomy":"language","embeddable":true,"href":"https:\/\/www.humboldtforum.org\/en\/wp-json\/wp\/v2\/language?post=121018"},{"taxonomy":"accessability","embeddable":true,"href":"https:\/\/www.humboldtforum.org\/en\/wp-json\/wp\/v2\/accessability?post=121018"},{"taxonomy":"age","embeddable":true,"href":"https:\/\/www.humboldtforum.org\/en\/wp-json\/wp\/v2\/age?post=121018"},{"taxonomy":"school","embeddable":true,"href":"https:\/\/www.humboldtforum.org\/en\/wp-json\/wp\/v2\/school?post=121018"},{"taxonomy":"groupsize","embeddable":true,"href":"https:\/\/www.humboldtforum.org\/en\/wp-json\/wp\/v2\/groupsize?post=121018"},{"taxonomy":"place","embeddable":true,"href":"https:\/\/www.humboldtforum.org\/en\/wp-json\/wp\/v2\/place?post=121018"}],"curies":[{"name":"wp","href":"https:\/\/api.w.org\/{rel}","templated":true}]}}