{"id":122087,"date":"2024-02-12T15:44:23","date_gmt":"2024-02-12T14:44:23","guid":{"rendered":"https:\/\/www.humboldtforum.org\/?post_type=event&#038;p=122087"},"modified":"2025-05-15T16:17:01","modified_gmt":"2025-05-15T14:17:01","slug":"gong-and-circumstance","status":"publish","type":"event","link":"https:\/\/www.humboldtforum.org\/en\/programm\/termin\/concert\/gong-and-circumstance-122087\/","title":{"rendered":"Gong and Circumstance"},"content":{"rendered":"<section class=\"block block-copy\" >\n    <div class=\"container-fluid\">\n\t\t<div class=\"row \">\n            <div class=\"col-xs-12 col-md-offset-2 col-md-8\">\n                <div class=\"box\">\n                    <div class=\"copy\"><h3>RERUN DUE TO POPULAR DEMAND<\/h3>\n<p style=\"text-align: start\">With its new concert programme, the Resident Music Collective refers to the exhibition\u00a0<a href=\"https:\/\/www.humboldtforum.org\/en\/programm\/laufzeitangebot\/exhibition\/hin-und-weg-der-palast-der-republik-ist-gegenwart-119504\/\"><em>Blown Away: The Palace of the Republic<\/em><\/a>. Music has played a major role in the Palace of the Republic, from the laying of the foundation stone to its interim uses between 2003 and 2005. The Marstall building, where the administration \u2013 and surveillance \u2013 of the Palace of the Republic once sat, is now home to the Hochschule f\u00fcr Musik Hanns Eisler. For this reason, students and instruments from the university will be playing in the 15-piece ensemble, which will approach the phenomenon of the Kulturpalast in many voices. Palaces are characterised by a fa\u00e7ade that stands out in comparison to its urban surroundings; a palace fa\u00e7ade can be read like a musical score.<\/p>\n<p style=\"text-align: start\">Great Hall, Foyer with Glass Flower, Bowling Alley, Youth Club, Milk Bar, Theatre in the Palace &#8211; these places resonate in the memories of those who experienced them &#8211; and are unheard-of spaces of possibility for posterity. A cultural centre becomes a palace of the people through the possibility of participation, which the audience has in this unusual, transtraditional concert.<\/p>\n<p style=\"margin-left: 0px;text-align: start\">The Resident Music Collective, founded in summer 2021 for the opening of the Humboldt Forum by musicians from Berlin\u2019s diverse urban society and from many musical cultures, always invites you on a journey of discovery with music beyond tradition.<\/p>\n<p>&nbsp;<\/p>\n<\/div>\n                <\/div>\n            <\/div>\n\t\t<\/div>\n\t\t    <\/div>\n<\/section>\n\n<section class=\"block block-html\">\n\t<div class=\"container-fluid\">\n\t\t<div class=\"row center-xs\">\n\t\t\t<div class=\"col-xs-12 col-md-8\">\n\t\t\t\t<div class=\"box\">\n\t\t\t\t\t<div style=\"font-size: 10px;color: #cccccc;overflow: hidden;font-family: Interstate,Lucida Grande,Lucida Sans Unicode,Lucida Sans,Garuda,Verdana,Tahoma,sans-serif;font-weight: 100\"><a href=\"https:\/\/soundcloud.com\/florian-rynkowski\" title=\"florian rynkowski\" target=\"_blank\" style=\"color: #cccccc;text-decoration: none\">florian rynkowski<\/a> \u00b7 <a href=\"https:\/\/soundcloud.com\/florian-rynkowski\/gartenschon-resident-music-collective\" title=\"Gl\u00e4serne Blumen - Resident Music Collective - Humboldt Forum Berlin\" target=\"_blank\" style=\"color: #cccccc;text-decoration: none\">Gl\u00e4serne Blumen &#8211; Resident Music Collective &#8211; Humboldt Forum Berlin<\/a><\/div>\t\t\t\t<\/div>\n\t\t\t<\/div>\n\t\t<\/div>\n\t<\/div>\n<\/section>\n\n<section class=\"block block-copy block-no-margin\" >\n    <div class=\"container-fluid\">\n\t\t<div class=\"row \">\n            <div class=\"col-xs-12 col-md-offset-2 col-md-8\">\n                <div class=\"box\">\n                    <div class=\"copy\"><h3>Programme<\/h3>\n<p>Wir bauen einen sch\u00f6nen Garten<br \/>\nGl\u00e4serne Blumen<br \/>\nAufstieg<br \/>\nTuman<br \/>\nHydraulik<br \/>\nDer Alex ist ein Stern<br \/>\nMarie danses<br \/>\nAbstimmung<br \/>\nLuli<br \/>\nBurden of Memory<br \/>\nDisco der Weltjugend<br \/>\nPfade<br \/>\nEskalateur<br \/>\nBatnaya<br \/>\nMaloya<br \/>\nKosmonautenball<br \/>\nRolltreppen<br \/>\nKupala<\/p>\n<p>&nbsp;<\/p>\n<\/div>\n                <\/div>\n            <\/div>\n\t\t<\/div>\n\t\t    <\/div>\n<\/section>\n\n\n<section class=\"block block-gallery\">\n\t<div class=\"container-fluid\">\n\t\t<div class=\"row center-xs\">\n\t\t\t<div class=\"col-xs-12\">\n\t\t\t\t<div class=\"box text-align-left\">\n\t\t\t\t\t<block-gallery inline-template>\n\t\t\t\t\t\t<div :class=\"{ firstLoaded: firstLoaded }\">\n\t\t\t\t\t\t\t<script type=\"application\/json\" ref=\"data\">\n\t\t\t\t\t\t\t{\n\t\t\t\t\t\t\t\t\"images\" : [{\"id\":0,\"width\":1280,\"height\":853,\"alt\":\"Musicians are performing on stage, accompanied by a visual projection in the background.\",\"title\":\"\",\"description\":\"\",\"label\":\"Veranstaltung &quot;Mit Pauken und Pal&auml;sten&quot; - Das Resident Music Collective spielt Musik zum Programm &quot;Hin und weg. Der Palast der Republik ist Gegenwart&quot; am 28.03.2024\",\"copyright\":\"Stiftung Humboldt Forum im Berliner Schloss \\\/ Foto: Frank Sperling\",\"path\":\"\\\/wp-content\\\/uploads\\\/2024\\\/02\\\/\",\"sizes\":{\"medium\":{\"file\":\"SHF_eb00220295-300x200.jpg\",\"width\":300,\"height\":200,\"mime-type\":\"image\\\/jpeg\",\"filesize\":18636},\"large\":{\"file\":\"SHF_eb00220295-1024x682.jpg\",\"width\":1024,\"height\":682,\"mime-type\":\"image\\\/jpeg\",\"filesize\":133252},\"thumbnail\":{\"file\":\"SHF_eb00220295-150x150.jpg\",\"width\":150,\"height\":150,\"mime-type\":\"image\\\/jpeg\",\"filesize\":8260},\"medium_large\":{\"file\":\"SHF_eb00220295-768x512.jpg\",\"width\":768,\"height\":512,\"mime-type\":\"image\\\/jpeg\",\"filesize\":84889},\"small\":{\"file\":\"SHF_eb00220295-440x293.jpg\",\"width\":440,\"height\":293,\"mime-type\":\"image\\\/jpeg\",\"filesize\":34774},\"semi\":{\"file\":\"SHF_eb00220295-580x387.jpg\",\"width\":580,\"height\":387,\"mime-type\":\"image\\\/jpeg\",\"filesize\":54693},\"mobile\":{\"file\":\"SHF_eb00220295-720x480.jpg\",\"width\":720,\"height\":480,\"mime-type\":\"image\\\/jpeg\",\"filesize\":76255},\"original\":{\"file\":\"SHF_eb00220295.jpg\",\"width\":1280,\"height\":853}}},{\"id\":1,\"width\":1280,\"height\":853,\"alt\":\"A musician plays a xylophone while a colorful audiovisual display runs in the background.\",\"title\":\"\",\"description\":\"\",\"label\":\"\",\"copyright\":\"Stiftung Humboldt Forum im Berliner Schloss \\\/ Photo: Frank Sperling\",\"path\":\"\\\/wp-content\\\/uploads\\\/2024\\\/02\\\/\",\"sizes\":{\"medium\":{\"file\":\"SHF_eb00220197-300x200.jpg\",\"width\":300,\"height\":200,\"mime-type\":\"image\\\/jpeg\",\"filesize\":19679},\"large\":{\"file\":\"SHF_eb00220197-1024x682.jpg\",\"width\":1024,\"height\":682,\"mime-type\":\"image\\\/jpeg\",\"filesize\":117728},\"thumbnail\":{\"file\":\"SHF_eb00220197-150x150.jpg\",\"width\":150,\"height\":150,\"mime-type\":\"image\\\/jpeg\",\"filesize\":9508},\"medium_large\":{\"file\":\"SHF_eb00220197-768x512.jpg\",\"width\":768,\"height\":512,\"mime-type\":\"image\\\/jpeg\",\"filesize\":77722},\"small\":{\"file\":\"SHF_eb00220197-440x293.jpg\",\"width\":440,\"height\":293,\"mime-type\":\"image\\\/jpeg\",\"filesize\":34557},\"semi\":{\"file\":\"SHF_eb00220197-580x387.jpg\",\"width\":580,\"height\":387,\"mime-type\":\"image\\\/jpeg\",\"filesize\":52302},\"mobile\":{\"file\":\"SHF_eb00220197-720x480.jpg\",\"width\":720,\"height\":480,\"mime-type\":\"image\\\/jpeg\",\"filesize\":70878},\"original\":{\"file\":\"SHF_eb00220197.jpg\",\"width\":1280,\"height\":853}}},{\"id\":2,\"width\":1280,\"height\":854,\"alt\":\"Dancing performers in red light, with one person being lifted; instruments in the background.\",\"title\":\"\",\"description\":\"\",\"label\":\"Veranstaltung &quot;Mit Pauken und Pal&auml;sten&quot; - Das Resident Music Collective spielt Musik zum Programm &quot;Hin und weg. Der Palast der Republik ist Gegenwart&quot; am 28.03.2024\",\"copyright\":\"Stiftung Humboldt Forum im Berliner Schloss \\\/ Foto: Frank Sperling\",\"path\":\"\\\/wp-content\\\/uploads\\\/2024\\\/02\\\/\",\"sizes\":{\"medium\":{\"file\":\"SHF_eb00220200-300x200.jpg\",\"width\":300,\"height\":200,\"mime-type\":\"image\\\/jpeg\",\"filesize\":9507},\"large\":{\"file\":\"SHF_eb00220200-1024x683.jpg\",\"width\":1024,\"height\":683,\"mime-type\":\"image\\\/jpeg\",\"filesize\":71075},\"thumbnail\":{\"file\":\"SHF_eb00220200-150x150.jpg\",\"width\":150,\"height\":150,\"mime-type\":\"image\\\/jpeg\",\"filesize\":4438},\"medium_large\":{\"file\":\"SHF_eb00220200-768x512.jpg\",\"width\":768,\"height\":512,\"mime-type\":\"image\\\/jpeg\",\"filesize\":43794},\"small\":{\"file\":\"SHF_eb00220200-440x294.jpg\",\"width\":440,\"height\":294,\"mime-type\":\"image\\\/jpeg\",\"filesize\":17579},\"semi\":{\"file\":\"SHF_eb00220200-580x387.jpg\",\"width\":580,\"height\":387,\"mime-type\":\"image\\\/jpeg\",\"filesize\":28078},\"mobile\":{\"file\":\"SHF_eb00220200-720x480.jpg\",\"width\":720,\"height\":480,\"mime-type\":\"image\\\/jpeg\",\"filesize\":39371},\"original\":{\"file\":\"SHF_eb00220200.jpg\",\"width\":1280,\"height\":854}}},{\"id\":3,\"width\":1280,\"height\":853,\"alt\":\"Musician plays an instrument on stage, surrounded by visual projections and an audience.\",\"title\":\"\",\"description\":\"\",\"label\":\"Veranstaltung &quot;Mit Pauken und Pal&auml;sten&quot; - Das Resident Music Collective spielt Musik zum Programm &quot;Hin und weg. Der Palast der Republik ist Gegenwart&quot; am 28.03.2024\",\"copyright\":\"Stiftung Humboldt Forum im Berliner Schloss \\\/ Foto: Frank Sperling\",\"path\":\"\\\/wp-content\\\/uploads\\\/2024\\\/02\\\/\",\"sizes\":{\"medium\":{\"file\":\"SHF_eb00220276-300x200.jpg\",\"width\":300,\"height\":200,\"mime-type\":\"image\\\/jpeg\",\"filesize\":19324},\"large\":{\"file\":\"SHF_eb00220276-1024x682.jpg\",\"width\":1024,\"height\":682,\"mime-type\":\"image\\\/jpeg\",\"filesize\":116838},\"thumbnail\":{\"file\":\"SHF_eb00220276-150x150.jpg\",\"width\":150,\"height\":150,\"mime-type\":\"image\\\/jpeg\",\"filesize\":9627},\"medium_large\":{\"file\":\"SHF_eb00220276-768x512.jpg\",\"width\":768,\"height\":512,\"mime-type\":\"image\\\/jpeg\",\"filesize\":77167},\"small\":{\"file\":\"SHF_eb00220276-440x293.jpg\",\"width\":440,\"height\":293,\"mime-type\":\"image\\\/jpeg\",\"filesize\":34019},\"semi\":{\"file\":\"SHF_eb00220276-580x387.jpg\",\"width\":580,\"height\":387,\"mime-type\":\"image\\\/jpeg\",\"filesize\":51743},\"mobile\":{\"file\":\"SHF_eb00220276-720x480.jpg\",\"width\":720,\"height\":480,\"mime-type\":\"image\\\/jpeg\",\"filesize\":70222},\"original\":{\"file\":\"SHF_eb00220276.jpg\",\"width\":1280,\"height\":853}}},{\"id\":4,\"width\":854,\"height\":1280,\"alt\":\"A young musician plays saxophone on stage while other band members perform in the background. Colorful lights.\",\"title\":\"\",\"description\":\"\",\"label\":\"Veranstaltung &quot;Mit Pauken und Pal&auml;sten&quot; - Das Resident Music Collective spielt Musik zum Programm &quot;Hin und weg. Der Palast der Republik ist Gegenwart&quot; am 28.03.2024\",\"copyright\":\"Stiftung Humboldt Forum im Berliner Schloss \\\/ Foto: Frank Sperling\",\"path\":\"\\\/wp-content\\\/uploads\\\/2024\\\/02\\\/\",\"sizes\":{\"medium\":{\"file\":\"SHF_eb00220206-200x300.jpg\",\"width\":200,\"height\":300,\"mime-type\":\"image\\\/jpeg\",\"filesize\":16108},\"large\":{\"file\":\"SHF_eb00220206-683x1024.jpg\",\"width\":683,\"height\":1024,\"mime-type\":\"image\\\/jpeg\",\"filesize\":107792},\"thumbnail\":{\"file\":\"SHF_eb00220206-150x150.jpg\",\"width\":150,\"height\":150,\"mime-type\":\"image\\\/jpeg\",\"filesize\":8051},\"medium_large\":{\"file\":\"SHF_eb00220206-768x1151.jpg\",\"width\":768,\"height\":1151,\"mime-type\":\"image\\\/jpeg\",\"filesize\":130301},\"small\":{\"file\":\"SHF_eb00220206-294x440.jpg\",\"width\":294,\"height\":440,\"mime-type\":\"image\\\/jpeg\",\"filesize\":28954},\"semi\":{\"file\":\"SHF_eb00220206-387x580.jpg\",\"width\":387,\"height\":580,\"mime-type\":\"image\\\/jpeg\",\"filesize\":44782},\"mobile\":{\"file\":\"SHF_eb00220206-480x720.jpg\",\"width\":480,\"height\":720,\"mime-type\":\"image\\\/jpeg\",\"filesize\":61687},\"original\":{\"file\":\"SHF_eb00220206.jpg\",\"width\":854,\"height\":1280}}},{\"id\":5,\"width\":1280,\"height\":853,\"alt\":\"A woman happily plays a drum in a lively setting.\",\"title\":\"\",\"description\":\"\",\"label\":\"Veranstaltung &quot;Mit Pauken und Pal&auml;sten&quot; - Das Resident Music Collective spielt Musik zum Programm &quot;Hin und weg. Der Palast der Republik ist Gegenwart&quot; am 28.03.2024\",\"copyright\":\"Stiftung Humboldt Forum im Berliner Schloss \\\/ Foto: Frank Sperling\",\"path\":\"\\\/wp-content\\\/uploads\\\/2024\\\/02\\\/\",\"sizes\":{\"medium\":{\"file\":\"SHF_eb00220207-300x200.jpg\",\"width\":300,\"height\":200,\"mime-type\":\"image\\\/jpeg\",\"filesize\":13077},\"large\":{\"file\":\"SHF_eb00220207-1024x682.jpg\",\"width\":1024,\"height\":682,\"mime-type\":\"image\\\/jpeg\",\"filesize\":80484},\"thumbnail\":{\"file\":\"SHF_eb00220207-150x150.jpg\",\"width\":150,\"height\":150,\"mime-type\":\"image\\\/jpeg\",\"filesize\":6535},\"medium_large\":{\"file\":\"SHF_eb00220207-768x512.jpg\",\"width\":768,\"height\":512,\"mime-type\":\"image\\\/jpeg\",\"filesize\":50860},\"small\":{\"file\":\"SHF_eb00220207-440x293.jpg\",\"width\":440,\"height\":293,\"mime-type\":\"image\\\/jpeg\",\"filesize\":22635},\"semi\":{\"file\":\"SHF_eb00220207-580x387.jpg\",\"width\":580,\"height\":387,\"mime-type\":\"image\\\/jpeg\",\"filesize\":34124},\"mobile\":{\"file\":\"SHF_eb00220207-720x480.jpg\",\"width\":720,\"height\":480,\"mime-type\":\"image\\\/jpeg\",\"filesize\":46093},\"original\":{\"file\":\"SHF_eb00220207.jpg\",\"width\":1280,\"height\":853}}},{\"id\":6,\"width\":1280,\"height\":853,\"alt\":\"A musician passionately plays guitar on stage, illuminated by colorful spotlights, while the audience watches in the background.\",\"title\":\"\",\"description\":\"Ernesto Robles\",\"label\":\"Veranstaltung &quot;Mit Pauken und Pal&auml;sten&quot; - Das Resident Music Collective spielt Musik zum Programm &quot;Hin und weg. Der Palast der Republik ist Gegenwart&quot; am 28.03.2024\",\"copyright\":\"Stiftung Humboldt Forum im Berliner Schloss \\\/ Foto: Frank Sperling\",\"path\":\"\\\/wp-content\\\/uploads\\\/2024\\\/02\\\/\",\"sizes\":{\"medium\":{\"file\":\"SHF_eb00220208-300x200.jpg\",\"width\":300,\"height\":200,\"mime-type\":\"image\\\/jpeg\",\"filesize\":12544},\"large\":{\"file\":\"SHF_eb00220208-1024x682.jpg\",\"width\":1024,\"height\":682,\"mime-type\":\"image\\\/jpeg\",\"filesize\":76427},\"thumbnail\":{\"file\":\"SHF_eb00220208-150x150.jpg\",\"width\":150,\"height\":150,\"mime-type\":\"image\\\/jpeg\",\"filesize\":5832},\"medium_large\":{\"file\":\"SHF_eb00220208-768x512.jpg\",\"width\":768,\"height\":512,\"mime-type\":\"image\\\/jpeg\",\"filesize\":49389},\"small\":{\"file\":\"SHF_eb00220208-440x293.jpg\",\"width\":440,\"height\":293,\"mime-type\":\"image\\\/jpeg\",\"filesize\":21866},\"semi\":{\"file\":\"SHF_eb00220208-580x387.jpg\",\"width\":580,\"height\":387,\"mime-type\":\"image\\\/jpeg\",\"filesize\":33120},\"mobile\":{\"file\":\"SHF_eb00220208-720x480.jpg\",\"width\":720,\"height\":480,\"mime-type\":\"image\\\/jpeg\",\"filesize\":44808},\"original\":{\"file\":\"SHF_eb00220208.jpg\",\"width\":1280,\"height\":853}}},{\"id\":7,\"width\":1280,\"height\":853,\"alt\":\"Live music performance in a modern space with visual art projection in the background and an audience.\",\"title\":\"\",\"description\":\"\",\"label\":\"Veranstaltung &quot;Mit Pauken und Pal&auml;sten&quot; - Das Resident Music Collective spielt Musik zum Programm &quot;Hin und weg. Der Palast der Republik ist Gegenwart&quot; am 28.03.2024\",\"copyright\":\"Stiftung Humboldt Forum im Berliner Schloss \\\/ Foto: Frank Sperling\",\"path\":\"\\\/wp-content\\\/uploads\\\/2024\\\/02\\\/\",\"sizes\":{\"medium\":{\"file\":\"SHF_eb00220307-300x200.jpg\",\"width\":300,\"height\":200,\"mime-type\":\"image\\\/jpeg\",\"filesize\":15616},\"large\":{\"file\":\"SHF_eb00220307-1024x682.jpg\",\"width\":1024,\"height\":682,\"mime-type\":\"image\\\/jpeg\",\"filesize\":110968},\"thumbnail\":{\"file\":\"SHF_eb00220307-150x150.jpg\",\"width\":150,\"height\":150,\"mime-type\":\"image\\\/jpeg\",\"filesize\":7904},\"medium_large\":{\"file\":\"SHF_eb00220307-768x512.jpg\",\"width\":768,\"height\":512,\"mime-type\":\"image\\\/jpeg\",\"filesize\":71505},\"small\":{\"file\":\"SHF_eb00220307-440x293.jpg\",\"width\":440,\"height\":293,\"mime-type\":\"image\\\/jpeg\",\"filesize\":29387},\"semi\":{\"file\":\"SHF_eb00220307-580x387.jpg\",\"width\":580,\"height\":387,\"mime-type\":\"image\\\/jpeg\",\"filesize\":46008},\"mobile\":{\"file\":\"SHF_eb00220307-720x480.jpg\",\"width\":720,\"height\":480,\"mime-type\":\"image\\\/jpeg\",\"filesize\":64281},\"original\":{\"file\":\"SHF_eb00220307.jpg\",\"width\":1280,\"height\":853}}},{\"id\":8,\"width\":1280,\"height\":853,\"alt\":\"A woman passionately sings into a microphone while a man conducts in the background. The audience is visible.\",\"title\":\"\",\"description\":\"\",\"label\":\"Veranstaltung &quot;Mit Pauken und Pal&auml;sten&quot; - Das Resident Music Collective spielt Musik zum Programm &quot;Hin und weg. Der Palast der Republik ist Gegenwart&quot; am 28.03.2024\",\"copyright\":\"Stiftung Humboldt Forum im Berliner Schloss \\\/ Foto: Frank Sperling\",\"path\":\"\\\/wp-content\\\/uploads\\\/2024\\\/02\\\/\",\"sizes\":{\"medium\":{\"file\":\"SHF_eb00220309-300x200.jpg\",\"width\":300,\"height\":200,\"mime-type\":\"image\\\/jpeg\",\"filesize\":12622},\"large\":{\"file\":\"SHF_eb00220309-1024x682.jpg\",\"width\":1024,\"height\":682,\"mime-type\":\"image\\\/jpeg\",\"filesize\":75653},\"thumbnail\":{\"file\":\"SHF_eb00220309-150x150.jpg\",\"width\":150,\"height\":150,\"mime-type\":\"image\\\/jpeg\",\"filesize\":6236},\"medium_large\":{\"file\":\"SHF_eb00220309-768x512.jpg\",\"width\":768,\"height\":512,\"mime-type\":\"image\\\/jpeg\",\"filesize\":48800},\"small\":{\"file\":\"SHF_eb00220309-440x293.jpg\",\"width\":440,\"height\":293,\"mime-type\":\"image\\\/jpeg\",\"filesize\":22011},\"semi\":{\"file\":\"SHF_eb00220309-580x387.jpg\",\"width\":580,\"height\":387,\"mime-type\":\"image\\\/jpeg\",\"filesize\":33046},\"mobile\":{\"file\":\"SHF_eb00220309-720x480.jpg\",\"width\":720,\"height\":480,\"mime-type\":\"image\\\/jpeg\",\"filesize\":44253},\"original\":{\"file\":\"SHF_eb00220309.jpg\",\"width\":1280,\"height\":853}}},{\"id\":9,\"width\":1280,\"height\":853,\"alt\":\"A musician plays a theremin while conducting simultaneously in a concert hall.\",\"title\":\"\",\"description\":\"\",\"label\":\"Veranstaltung &quot;Mit Pauken und Pal&auml;sten&quot; - Das Resident Music Collective spielt Musik zum Programm &quot;Hin und weg. Der Palast der Republik ist Gegenwart&quot; am 28.03.2024\",\"copyright\":\"Stiftung Humboldt Forum im Berliner Schloss \\\/ Foto: Frank Sperling\",\"path\":\"\\\/wp-content\\\/uploads\\\/2024\\\/02\\\/\",\"sizes\":{\"medium\":{\"file\":\"SHF_eb00220228-300x200.jpg\",\"width\":300,\"height\":200,\"mime-type\":\"image\\\/jpeg\",\"filesize\":9911},\"large\":{\"file\":\"SHF_eb00220228-1024x682.jpg\",\"width\":1024,\"height\":682,\"mime-type\":\"image\\\/jpeg\",\"filesize\":58194},\"thumbnail\":{\"file\":\"SHF_eb00220228-150x150.jpg\",\"width\":150,\"height\":150,\"mime-type\":\"image\\\/jpeg\",\"filesize\":5149},\"medium_large\":{\"file\":\"SHF_eb00220228-768x512.jpg\",\"width\":768,\"height\":512,\"mime-type\":\"image\\\/jpeg\",\"filesize\":38371},\"small\":{\"file\":\"SHF_eb00220228-440x293.jpg\",\"width\":440,\"height\":293,\"mime-type\":\"image\\\/jpeg\",\"filesize\":17433},\"semi\":{\"file\":\"SHF_eb00220228-580x387.jpg\",\"width\":580,\"height\":387,\"mime-type\":\"image\\\/jpeg\",\"filesize\":26298},\"mobile\":{\"file\":\"SHF_eb00220228-720x480.jpg\",\"width\":720,\"height\":480,\"mime-type\":\"image\\\/jpeg\",\"filesize\":34787},\"original\":{\"file\":\"SHF_eb00220228.jpg\",\"width\":1280,\"height\":853}}},{\"id\":10,\"width\":1280,\"height\":853,\"alt\":\"A person in traditional clothing plays a percussion instrument, surrounded by blurry spectators.\",\"title\":\"\",\"description\":\"\",\"label\":\"Veranstaltung &quot;Mit Pauken und Pal&auml;sten&quot; - Das Resident Music Collective spielt Musik zum Programm &quot;Hin und weg. Der Palast der Republik ist Gegenwart&quot; am 28.03.2024\",\"copyright\":\"Stiftung Humboldt Forum im Berliner Schloss \\\/ Foto: Frank Sperling\",\"path\":\"\\\/wp-content\\\/uploads\\\/2024\\\/02\\\/\",\"sizes\":{\"medium\":{\"file\":\"SHF_eb00220233-300x200.jpg\",\"width\":300,\"height\":200,\"mime-type\":\"image\\\/jpeg\",\"filesize\":10126},\"large\":{\"file\":\"SHF_eb00220233-1024x682.jpg\",\"width\":1024,\"height\":682,\"mime-type\":\"image\\\/jpeg\",\"filesize\":61006},\"thumbnail\":{\"file\":\"SHF_eb00220233-150x150.jpg\",\"width\":150,\"height\":150,\"mime-type\":\"image\\\/jpeg\",\"filesize\":5129},\"medium_large\":{\"file\":\"SHF_eb00220233-768x512.jpg\",\"width\":768,\"height\":512,\"mime-type\":\"image\\\/jpeg\",\"filesize\":39104},\"small\":{\"file\":\"SHF_eb00220233-440x293.jpg\",\"width\":440,\"height\":293,\"mime-type\":\"image\\\/jpeg\",\"filesize\":17353},\"semi\":{\"file\":\"SHF_eb00220233-580x387.jpg\",\"width\":580,\"height\":387,\"mime-type\":\"image\\\/jpeg\",\"filesize\":26247},\"mobile\":{\"file\":\"SHF_eb00220233-720x480.jpg\",\"width\":720,\"height\":480,\"mime-type\":\"image\\\/jpeg\",\"filesize\":35361},\"original\":{\"file\":\"SHF_eb00220233.jpg\",\"width\":1280,\"height\":853}}},{\"id\":11,\"width\":1280,\"height\":854,\"alt\":\"Two people under dramatic lighting, interacting intensely in an artistic setting.\",\"title\":\"\",\"description\":\"\",\"label\":\"Veranstaltung &quot;Mit Pauken und Pal&auml;sten&quot; - Das Resident Music Collective spielt Musik zum Programm &quot;Hin und weg. Der Palast der Republik ist Gegenwart&quot; am 28.03.2024\",\"copyright\":\"Stiftung Humboldt Forum im Berliner Schloss \\\/ Foto: Frank Sperling\",\"path\":\"\\\/wp-content\\\/uploads\\\/2024\\\/02\\\/\",\"sizes\":{\"medium\":{\"file\":\"SHF_eb00220240-300x200.jpg\",\"width\":300,\"height\":200,\"mime-type\":\"image\\\/jpeg\",\"filesize\":6747},\"large\":{\"file\":\"SHF_eb00220240-1024x683.jpg\",\"width\":1024,\"height\":683,\"mime-type\":\"image\\\/jpeg\",\"filesize\":49596},\"thumbnail\":{\"file\":\"SHF_eb00220240-150x150.jpg\",\"width\":150,\"height\":150,\"mime-type\":\"image\\\/jpeg\",\"filesize\":3593},\"medium_large\":{\"file\":\"SHF_eb00220240-768x512.jpg\",\"width\":768,\"height\":512,\"mime-type\":\"image\\\/jpeg\",\"filesize\":29594},\"small\":{\"file\":\"SHF_eb00220240-440x294.jpg\",\"width\":440,\"height\":294,\"mime-type\":\"image\\\/jpeg\",\"filesize\":12069},\"semi\":{\"file\":\"SHF_eb00220240-580x387.jpg\",\"width\":580,\"height\":387,\"mime-type\":\"image\\\/jpeg\",\"filesize\":18870},\"mobile\":{\"file\":\"SHF_eb00220240-720x480.jpg\",\"width\":720,\"height\":480,\"mime-type\":\"image\\\/jpeg\",\"filesize\":26392},\"original\":{\"file\":\"SHF_eb00220240.jpg\",\"width\":1280,\"height\":854}}},{\"id\":12,\"width\":1280,\"height\":853,\"alt\":\"A musician plays a horn on stage, surrounded by instruments and an audience.\",\"title\":\"\",\"description\":\"\",\"label\":\"Veranstaltung &quot;Mit Pauken und Pal&auml;sten&quot; - Das Resident Music Collective spielt Musik zum Programm &quot;Hin und weg. Der Palast der Republik ist Gegenwart&quot; am 28.03.2024\",\"copyright\":\"Stiftung Humboldt Forum im Berliner Schloss \\\/ Foto: Frank Sperling\",\"path\":\"\\\/wp-content\\\/uploads\\\/2024\\\/02\\\/\",\"sizes\":{\"medium\":{\"file\":\"SHF_eb00220282-300x200.jpg\",\"width\":300,\"height\":200,\"mime-type\":\"image\\\/jpeg\",\"filesize\":15108},\"large\":{\"file\":\"SHF_eb00220282-1024x682.jpg\",\"width\":1024,\"height\":682,\"mime-type\":\"image\\\/jpeg\",\"filesize\":92504},\"thumbnail\":{\"file\":\"SHF_eb00220282-150x150.jpg\",\"width\":150,\"height\":150,\"mime-type\":\"image\\\/jpeg\",\"filesize\":7130},\"medium_large\":{\"file\":\"SHF_eb00220282-768x512.jpg\",\"width\":768,\"height\":512,\"mime-type\":\"image\\\/jpeg\",\"filesize\":60117},\"small\":{\"file\":\"SHF_eb00220282-440x293.jpg\",\"width\":440,\"height\":293,\"mime-type\":\"image\\\/jpeg\",\"filesize\":26711},\"semi\":{\"file\":\"SHF_eb00220282-580x387.jpg\",\"width\":580,\"height\":387,\"mime-type\":\"image\\\/jpeg\",\"filesize\":40550},\"mobile\":{\"file\":\"SHF_eb00220282-720x480.jpg\",\"width\":720,\"height\":480,\"mime-type\":\"image\\\/jpeg\",\"filesize\":54704},\"original\":{\"file\":\"SHF_eb00220282.jpg\",\"width\":1280,\"height\":853}}},{\"id\":13,\"width\":1280,\"height\":853,\"alt\":\"Musicians play drums on stage while an audience watches, creating an atmosphere at a live event.\",\"title\":\"\",\"description\":\"\",\"label\":\"Veranstaltung &quot;Mit Pauken und Pal&auml;sten&quot; - Das Resident Music Collective spielt Musik zum Programm &quot;Hin und weg. Der Palast der Republik ist Gegenwart&quot; am 28.03.2024\",\"copyright\":\"Stiftung Humboldt Forum im Berliner Schloss \\\/ Foto: Frank Sperling\",\"path\":\"\\\/wp-content\\\/uploads\\\/2024\\\/02\\\/\",\"sizes\":{\"medium\":{\"file\":\"SHF_eb00220284-300x200.jpg\",\"width\":300,\"height\":200,\"mime-type\":\"image\\\/jpeg\",\"filesize\":14252},\"large\":{\"file\":\"SHF_eb00220284-1024x682.jpg\",\"width\":1024,\"height\":682,\"mime-type\":\"image\\\/jpeg\",\"filesize\":90493},\"thumbnail\":{\"file\":\"SHF_eb00220284-150x150.jpg\",\"width\":150,\"height\":150,\"mime-type\":\"image\\\/jpeg\",\"filesize\":6827},\"medium_large\":{\"file\":\"SHF_eb00220284-768x512.jpg\",\"width\":768,\"height\":512,\"mime-type\":\"image\\\/jpeg\",\"filesize\":59125},\"small\":{\"file\":\"SHF_eb00220284-440x293.jpg\",\"width\":440,\"height\":293,\"mime-type\":\"image\\\/jpeg\",\"filesize\":25707},\"semi\":{\"file\":\"SHF_eb00220284-580x387.jpg\",\"width\":580,\"height\":387,\"mime-type\":\"image\\\/jpeg\",\"filesize\":39403},\"mobile\":{\"file\":\"SHF_eb00220284-720x480.jpg\",\"width\":720,\"height\":480,\"mime-type\":\"image\\\/jpeg\",\"filesize\":53447},\"original\":{\"file\":\"SHF_eb00220284.jpg\",\"width\":1280,\"height\":853}}},{\"id\":14,\"width\":1280,\"height\":853,\"alt\":\"Musician at a concert, a cellist plays while another musician operates electronic devices. Audience members are present.\",\"title\":\"\",\"description\":\"\",\"label\":\"Veranstaltung &quot;Mit Pauken und Pal&auml;sten&quot; - Das Resident Music Collective spielt Musik zum Programm &quot;Hin und weg. Der Palast der Republik ist Gegenwart&quot; am 28.03.2024\",\"copyright\":\"Stiftung Humboldt Forum im Berliner Schloss \\\/ Foto: Frank Sperling\",\"path\":\"\\\/wp-content\\\/uploads\\\/2024\\\/02\\\/\",\"sizes\":{\"medium\":{\"file\":\"SHF_eb00220298-300x200.jpg\",\"width\":300,\"height\":200,\"mime-type\":\"image\\\/jpeg\",\"filesize\":12423},\"large\":{\"file\":\"SHF_eb00220298-1024x682.jpg\",\"width\":1024,\"height\":682,\"mime-type\":\"image\\\/jpeg\",\"filesize\":77631},\"thumbnail\":{\"file\":\"SHF_eb00220298-150x150.jpg\",\"width\":150,\"height\":150,\"mime-type\":\"image\\\/jpeg\",\"filesize\":6150},\"medium_large\":{\"file\":\"SHF_eb00220298-768x512.jpg\",\"width\":768,\"height\":512,\"mime-type\":\"image\\\/jpeg\",\"filesize\":50497},\"small\":{\"file\":\"SHF_eb00220298-440x293.jpg\",\"width\":440,\"height\":293,\"mime-type\":\"image\\\/jpeg\",\"filesize\":22147},\"semi\":{\"file\":\"SHF_eb00220298-580x387.jpg\",\"width\":580,\"height\":387,\"mime-type\":\"image\\\/jpeg\",\"filesize\":34052},\"mobile\":{\"file\":\"SHF_eb00220298-720x480.jpg\",\"width\":720,\"height\":480,\"mime-type\":\"image\\\/jpeg\",\"filesize\":45744},\"original\":{\"file\":\"SHF_eb00220298.jpg\",\"width\":1280,\"height\":853}}},{\"id\":15,\"width\":1280,\"height\":853,\"alt\":\"Ensemble with many musicians playing various instruments in a modern, well-lit hall.\",\"title\":\"\",\"description\":\"\",\"label\":\"Veranstaltung &quot;Mit Pauken und Pal&auml;sten&quot; - Das Resident Music Collective spielt Musik zum Programm &quot;Hin und weg. Der Palast der Republik ist Gegenwart&quot; am 28.03.2024\",\"copyright\":\"Stiftung Humboldt Forum im Berliner Schloss \\\/ Foto: Frank Sperling\",\"path\":\"\\\/wp-content\\\/uploads\\\/2024\\\/02\\\/\",\"sizes\":{\"medium\":{\"file\":\"SHF_eb00220306-300x200.jpg\",\"width\":300,\"height\":200,\"mime-type\":\"image\\\/jpeg\",\"filesize\":16195},\"large\":{\"file\":\"SHF_eb00220306-1024x682.jpg\",\"width\":1024,\"height\":682,\"mime-type\":\"image\\\/jpeg\",\"filesize\":117351},\"thumbnail\":{\"file\":\"SHF_eb00220306-150x150.jpg\",\"width\":150,\"height\":150,\"mime-type\":\"image\\\/jpeg\",\"filesize\":7513},\"medium_large\":{\"file\":\"SHF_eb00220306-768x512.jpg\",\"width\":768,\"height\":512,\"mime-type\":\"image\\\/jpeg\",\"filesize\":73405},\"small\":{\"file\":\"SHF_eb00220306-440x293.jpg\",\"width\":440,\"height\":293,\"mime-type\":\"image\\\/jpeg\",\"filesize\":29977},\"semi\":{\"file\":\"SHF_eb00220306-580x387.jpg\",\"width\":580,\"height\":387,\"mime-type\":\"image\\\/jpeg\",\"filesize\":47323},\"mobile\":{\"file\":\"SHF_eb00220306-720x480.jpg\",\"width\":720,\"height\":480,\"mime-type\":\"image\\\/jpeg\",\"filesize\":66087},\"original\":{\"file\":\"SHF_eb00220306.jpg\",\"width\":1280,\"height\":853}}},{\"id\":16,\"width\":1280,\"height\":853,\"alt\":\"Group of 17 people on stage in various outfits, standing together and smiling, with backlighting.\",\"title\":\"\",\"description\":\"\",\"label\":\"Veranstaltung &quot;Mit Pauken und Pal&auml;sten&quot; - Das Resident Music Collective spielt Musik zum Programm &quot;Hin und weg. Der Palast der Republik ist Gegenwart&quot; am 28.03.2024\",\"copyright\":\"Stiftung Humboldt Forum im Berliner Schloss \\\/ Foto: Frank Sperling\",\"path\":\"\\\/wp-content\\\/uploads\\\/2024\\\/02\\\/\",\"sizes\":{\"medium\":{\"file\":\"SHF_eb00220301-300x200.jpg\",\"width\":300,\"height\":200,\"mime-type\":\"image\\\/jpeg\",\"filesize\":11146},\"large\":{\"file\":\"SHF_eb00220301-1024x682.jpg\",\"width\":1024,\"height\":682,\"mime-type\":\"image\\\/jpeg\",\"filesize\":74296},\"thumbnail\":{\"file\":\"SHF_eb00220301-150x150.jpg\",\"width\":150,\"height\":150,\"mime-type\":\"image\\\/jpeg\",\"filesize\":5205},\"medium_large\":{\"file\":\"SHF_eb00220301-768x512.jpg\",\"width\":768,\"height\":512,\"mime-type\":\"image\\\/jpeg\",\"filesize\":47614},\"small\":{\"file\":\"SHF_eb00220301-440x293.jpg\",\"width\":440,\"height\":293,\"mime-type\":\"image\\\/jpeg\",\"filesize\":20053},\"semi\":{\"file\":\"SHF_eb00220301-580x387.jpg\",\"width\":580,\"height\":387,\"mime-type\":\"image\\\/jpeg\",\"filesize\":31181},\"mobile\":{\"file\":\"SHF_eb00220301-720x480.jpg\",\"width\":720,\"height\":480,\"mime-type\":\"image\\\/jpeg\",\"filesize\":42948},\"original\":{\"file\":\"SHF_eb00220301.jpg\",\"width\":1280,\"height\":853}}}]\t\t\t\t\t\t\t}\n\t\t\t\t\t\t\t<\/script>\n\n\t\t\t\t\t\t\t<swiper :options=\"options\" @slide-change=\"track\">\n\t\t\t\t\t\t\t\t<div class=\"swiper-slide\" :key=\"image.id\" v-for=\"image in images\">\n\t\t\t\t\t\t\t\t\t<block-gallery-item inline-template :image=\"image\">\n\t\t\t\t\t\t\t\t\t\t<figure class=\"swiper-slide-image-wrapper\" ref=\"parent\">\n\t\t\t\t\t\t\t\t\t\t\t<div class=\"width-container\" ref=\"container\" :style=\"style\">\n\t\t\t\t\t\t\t\t\t\t\t\t<div data-swiper-parallax-x=\"50%\">\n\t\t\t\t\t\t\t\t\t\t\t\t<img :src=\"image.src\" :alt=\"image.alt\" v-if=\"image.id < 2\">\n\t\t\t\t\t\t\t\t\t\t\t\t<img class=\"swiper-lazy\" :data-src=\"image.src\" :alt=\"image.alt\" v-else>\n\t\t\t\t\t\t\t\t\t\t\t\t<\/div>\n\t\t\t\t\t\t\t\t\t\t\t<\/div>\n\t\t\t\t\t\t\t\t\t\t<\/figure>\n\t\t\t\t\t\t\t\t\t<\/block-gallery-item>\n\n\t\t\t\t\t\t\t\t\t<figcaption>\n\t\t\t\t\t\t\t\t\t\t<div class=\"lazy-media-info-body-content\">\n\t\t\t\t\t\t\t\t\t\t\t<div v-html=\"image.label\"><\/div>\n\t\t\t\t\t\t\t\t\t\t\t<div v-html=\"image.description\"><\/div>\n\t\t\t\t\t\t\t\t\t\t\t<div class=\"insignificant\" v-if=\"image.copyright\" v-html=\"'\u00a9 '+image.copyright\"><\/div>\n\t\t\t\t\t\t\t\t\t\t<\/div>\n\t\t\t\t\t\t\t\t\t<\/figcaption>\n\t\t\t\t\t\t\t\t<\/div>\n\n\t\t\t\t\t\t\t\t<div class=\"swiper-pagination\"  slot=\"pagination\"><\/div>\n\n\t\t\t\t\t\t\t\t<button class=\"icon-round swiper-button-prev\" slot=\"button-prev\" aria-label=\"Last images\">\n\t\t\t\t\t\t\t\t\t<span class=\"icon-next\" aria-hidden=\"true\"><\/span>\n\t\t\t\t\t\t\t\t<\/button>\n\n\t\t\t\t\t\t\t\t<button class=\"icon-round swiper-button-next\" slot=\"button-next\" aria-label=\"Next image\">\n\t\t\t\t\t\t\t\t\t<span class=\"icon-next\" aria-hidden=\"true\"><\/span>\n\t\t\t\t\t\t\t\t<\/button>\n\t\t\t\t\t\t\t<\/swiper>\n\t\t\t\t\t\t<\/div>\n\t\t\t\t\t<\/block-gallery>\n\t\t\t\t<\/div>\n\t\t\t<\/div>\n\t\t<\/div>\n\t<\/div>\n<\/section>\n\n<section class=\"block block-headline block-no-margin \" >\n\t<div class=\"container-fluid\">\n\t\t<div class=\"row\">\n\t\t\t\t\t\t\t<div class=\"col-xs-12 col-md-offset-2 col-md-8\">\n\t\t\t\t\t<div class=\"box\">\n\t\t\t\t\t\t<h2 class=\".h4\">Participants<\/h2>\n\t\t\t\t\t<\/div>\n\t\t\t\t<\/div>\n\t\t\t\t\t<\/div>\n\t<\/div>\n<\/section>\n\n\n\n\n\n<section class=\"block block-accordion\">\n\t<div class=\"container-fluid\">\n\t\t<div class=\"row\">\n\t\t\t<div class=\"col-xs-12 col-md-offset-2 col-md-8\">\n\t\t\t\t<div class=\"box\">\n\t\t\t\t\t\t\t\t\t\t\t<block-accordion inline-template>\n\t\t\t\t\t\t\t<div class=\"accordion\">\n\t\t\t\t\t\t\t\t\t\t\t\t\t\t\t<block-accordion-item inline-template item-headline=\"Theo Altmann - trumpet\">\n\t\t\t\t\t\t\t\t<div ref=\"item\" data-id=\"TheoAltmann-trumpet\" class=\"block-accordion-item vue-initialize\" aria-expanded=\"false\" :aria-expanded=\"active ? 'true' : 'false'\">\n\t\t\t\t\t\t\t\t\t<button class=\"accordion-button-with-icon block-accordion-item-head\" :class=\"{'button-active': active}\" ref=\"head\" aria-controls=\"acc_69f3757149769\" id=\"acc_title_69f375714976f\" @click=\"toggle\" @keydown=\"key\">\n\t\t\t\t\t\t\t\t\t<div><span class=\"button-label\">Theo Altmann &#8211; trumpet<\/span><\/div><span class=\"button-icon icon-plus\" aria-hidden=\"true\"><\/span>\n\t\t\t\t\t\t\t\t<\/button>\n\t\t\t\t\t\t\t\t\t<div ref=\"body\" class=\"block-accordion-item-content\" id=\"acc_69f3757149769\" role=\"region\">\n\t\t\t\t\t\t\t\t\t\t<div class=\"wrapper copy\">\n\t\t\t\t\t\t\t\t\t\t\t<p>(December 2024 only:) Theo Altmann (born 2001) grew up in Stuttgart Bad Cannstatt and studied jazz trumpet in Stuttgart, Paris and Berlin, where he will graduate in 2025. Concerts have taken him not only to Germany but also to international stages, such as France and Vietnam. He has shared the stage with musicians such as Wanja Slavin, Lucia Cadotsch, Sebastian Gille, Christian Weidner, Doug Weiss, Kathrin Pechloff, Peter Evans and Uli Kempendorff. In addition to his work in jazz and improvised music, he has participated in world premieres of new music, plays and performances. His compositions range from chamber music with an affinity to jazz tradition to electroacoustic settings.  Since 2023, he has led a trio together with Gal Golob (double bass) and Stevie Moser (drums). <\/p>\n\n\t\t\t\t\t\t\t\t\t\t\t\t\t\t\t\t\t\t\t\t\t\t\t\t\t\t\t\t\t\t\t\t\t\n\t\t\t\t\t\t\t\t\t\t\t<div class=\"row\">\n\t\t\t\t\t\t\t\t\t\t\t\t<div class=\"col-xs-9 col-md-9\">\n\t\t\t\t\t\t\t\t\t\t\t\t\t<div class=\"box\">\n\t\t\t\t\t\t\t\t\t\t\t\t\t\t\t\t\t\t\t\t\t\t\t\t\t\t\t<\/div>\n\t\t\t\t\t\t\t\t\t\t\t\t<\/div>\n\t\t\t\t\t\t\t\t\t\t\t<\/div>\n\n\t\t\t\t\t\t\t\t\t\t\t\t\t\t\t\t\t\t\t\t\t<\/div>\n\t\t\t\t\t\t\t\t\t<\/div>\n\t\t\t\t\t\t\t\t<\/div>\n\t\t\t\t\t\t\t\t<\/block-accordion-item>\n\t\t\t\t\t\t\t\t\t\t\t\t\t\t<block-accordion-item inline-template item-headline=\"Adri\u00e1n Artacho - live electronics \/ video \/ sonification\">\n\t\t\t\t\t\t\t\t<div ref=\"item\" data-id=\"AdrinArtacho-liveelectronicsvideosonification\" class=\"block-accordion-item vue-initialize\" aria-expanded=\"false\" :aria-expanded=\"active ? 'true' : 'false'\">\n\t\t\t\t\t\t\t\t\t<button class=\"accordion-button-with-icon block-accordion-item-head\" :class=\"{'button-active': active}\" ref=\"head\" aria-controls=\"acc_69f3757149c35\" id=\"acc_title_69f3757149c38\" @click=\"toggle\" @keydown=\"key\">\n\t\t\t\t\t\t\t\t\t<div><span class=\"button-label\">Adri\u00e1n Artacho &#8211; live electronics \/ video \/ sonification<\/span><\/div><span class=\"button-icon icon-plus\" aria-hidden=\"true\"><\/span>\n\t\t\t\t\t\t\t\t<\/button>\n\t\t\t\t\t\t\t\t\t<div ref=\"body\" class=\"block-accordion-item-content\" id=\"acc_69f3757149c35\" role=\"region\">\n\t\t\t\t\t\t\t\t\t\t<div class=\"wrapper copy\">\n\t\t\t\t\t\t\t\t\t\t\t<p>(March 2024 only:) Adri\u00e1n Artacho is a composer and an artistic researcher at the crossroads between movement and sound. He completed his master&#8217;s degree at Music and Arts Private University of Vienna with a thesis of Form Spaces, followed by a postgraduate course on Electroacoustic composition at the University of Music and Performing Arts Vienna. As a PhD candidate at the Institute for Composition and Electroacoustics, he researches the use of technology to augment performer capabilities. Additionally, Artacho holds a BA in translation, and as a certified cultural mediator he develops science communication projects on behalf of the University of Vienna. Artacho is currently working as artist researcher in the artistic research project \u201cAtlas of Smooth Spaces\u201d funded by the Austrian Science Fund (FWF) and is a lecturer for Transmedial Performance at the University of Music and Performing Arts Vienna.<\/p>\n<p>&nbsp;<\/p>\n\n\t\t\t\t\t\t\t\t\t\t\t\t\t\t\t\t\t\t\t\t\t\t\t\t\t\t\t\t\t\t\t\t\t\n\t\t\t\t\t\t\t\t\t\t\t<div class=\"row\">\n\t\t\t\t\t\t\t\t\t\t\t\t<div class=\"col-xs-9 col-md-9\">\n\t\t\t\t\t\t\t\t\t\t\t\t\t<div class=\"box\">\n\t\t\t\t\t\t\t\t\t\t\t\t\t\t\t\t\t\t\t\t\t\t\t\t\t\t\t<\/div>\n\t\t\t\t\t\t\t\t\t\t\t\t<\/div>\n\t\t\t\t\t\t\t\t\t\t\t<\/div>\n\n\t\t\t\t\t\t\t\t\t\t\t\t\t\t\t\t\t\t\t\t\t<\/div>\n\t\t\t\t\t\t\t\t\t<\/div>\n\t\t\t\t\t\t\t\t<\/div>\n\t\t\t\t\t\t\t\t<\/block-accordion-item>\n\t\t\t\t\t\t\t\t\t\t\t\t\t\t<block-accordion-item inline-template item-headline=\"Ali Hasan - frame drums\">\n\t\t\t\t\t\t\t\t<div ref=\"item\" data-id=\"AliHasan-framedrums\" class=\"block-accordion-item vue-initialize\" aria-expanded=\"false\" :aria-expanded=\"active ? 'true' : 'false'\">\n\t\t\t\t\t\t\t\t\t<button class=\"accordion-button-with-icon block-accordion-item-head\" :class=\"{'button-active': active}\" ref=\"head\" aria-controls=\"acc_69f375714a029\" id=\"acc_title_69f375714a02b\" @click=\"toggle\" @keydown=\"key\">\n\t\t\t\t\t\t\t\t\t<div><span class=\"button-label\">Ali Hasan &#8211; frame drums<\/span><\/div><span class=\"button-icon icon-plus\" aria-hidden=\"true\"><\/span>\n\t\t\t\t\t\t\t\t<\/button>\n\t\t\t\t\t\t\t\t\t<div ref=\"body\" class=\"block-accordion-item-content\" id=\"acc_69f375714a029\" role=\"region\">\n\t\t\t\t\t\t\t\t\t\t<div class=\"wrapper copy\">\n\t\t\t\t\t\t\t\t\t\t\t<p>The Berlin-based musician, percussionist and <em>healing artist <\/em>with roots in Syria creates lively rhythms, both as a solo artist and with groups such as the Pulsar Collective and a dabke group invited by Sasha Waltz &amp; Guests. He is co-founder of the first Arabic library BAYNATNA, for which he received awards such as &#8220;THE POWER OF THE ART 2020. transforming society.&#8221; Ali&#8217;s rhythmic art reverberates throughout Europe and has been recognised in the international press. He is a founding member of the Resident Music Collective at the Humboldt Forum and is curating a concert evening for the Airing Out festival in 2024.<\/p>\n\n\t\t\t\t\t\t\t\t\t\t\t\t\t\t\t\t\t\t\t\t\t\t\t\t\t\t\t\t\t\t\t\t\t\n\t\t\t\t\t\t\t\t\t\t\t<div class=\"row\">\n\t\t\t\t\t\t\t\t\t\t\t\t<div class=\"col-xs-9 col-md-9\">\n\t\t\t\t\t\t\t\t\t\t\t\t\t<div class=\"box\">\n\t\t\t\t\t\t\t\t\t\t\t\t\t\t\t\t\t\t\t\t\t\t\t\t\t\t\t<\/div>\n\t\t\t\t\t\t\t\t\t\t\t\t<\/div>\n\t\t\t\t\t\t\t\t\t\t\t<\/div>\n\n\t\t\t\t\t\t\t\t\t\t\t\t\t\t\t\t\t\t\t\t\t<\/div>\n\t\t\t\t\t\t\t\t\t<\/div>\n\t\t\t\t\t\t\t\t<\/div>\n\t\t\t\t\t\t\t\t<\/block-accordion-item>\n\t\t\t\t\t\t\t\t\t\t\t\t\t\t<block-accordion-item inline-template item-headline=\"Jakob Dinkelacker - self-made percussion \/ horn \/ electronics\">\n\t\t\t\t\t\t\t\t<div ref=\"item\" data-id=\"JakobDinkelacker-self-madepercussionhornelectronics\" class=\"block-accordion-item vue-initialize\" aria-expanded=\"false\" :aria-expanded=\"active ? 'true' : 'false'\">\n\t\t\t\t\t\t\t\t\t<button class=\"accordion-button-with-icon block-accordion-item-head\" :class=\"{'button-active': active}\" ref=\"head\" aria-controls=\"acc_69f375714a41e\" id=\"acc_title_69f375714a421\" @click=\"toggle\" @keydown=\"key\">\n\t\t\t\t\t\t\t\t\t<div><span class=\"button-label\">Jakob Dinkelacker &#8211; self-made percussion \/ horn \/ electronics<\/span><\/div><span class=\"button-icon icon-plus\" aria-hidden=\"true\"><\/span>\n\t\t\t\t\t\t\t\t<\/button>\n\t\t\t\t\t\t\t\t\t<div ref=\"body\" class=\"block-accordion-item-content\" id=\"acc_69f375714a41e\" role=\"region\">\n\t\t\t\t\t\t\t\t\t\t<div class=\"wrapper copy\">\n\t\t\t\t\t\t\t\t\t\t\t<p>(March 2024 only:) Jakob Dinkelacker grew up in a musical household, learned French horn as well as classical percussion and gained his first stage experiences in orchestras and theater. In 2014, he completed his music studies (jazz and popular music) at the HfMdK Mannheim. Since then he has worked mainly as a theater musician and performer in about 30 productions so far. As a drummer he plays with Fabian Simon&amp;The Moon Machine, Hotel Rimini, Bayuk, and others. In the &#8220;silent period&#8221; of the pandemic between 2020 and 2022, he was increasingly involved in the hybridization and preparation of electroacoustic instrumental setups and continued his education in the field of sound design. Dinkelacker is interested in sounds that are different but can be aestheticized into something that has already been there. In this search he builds or prepares instruments experimentally and intuitively. Most recently, this resulted in a drum and string construct made of metal and wood.<\/p>\n<p>&nbsp;<\/p>\n<p>&nbsp;<\/p>\n\n\t\t\t\t\t\t\t\t\t\t\t\t\t\t\t\t\t\t\t\t\t\t\t\t\t\t\t\t\t\t\t\t\t\n\t\t\t\t\t\t\t\t\t\t\t<div class=\"row\">\n\t\t\t\t\t\t\t\t\t\t\t\t<div class=\"col-xs-9 col-md-9\">\n\t\t\t\t\t\t\t\t\t\t\t\t\t<div class=\"box\">\n\t\t\t\t\t\t\t\t\t\t\t\t\t\t\t\t\t\t\t\t\t\t\t\t\t\t\t<\/div>\n\t\t\t\t\t\t\t\t\t\t\t\t<\/div>\n\t\t\t\t\t\t\t\t\t\t\t<\/div>\n\n\t\t\t\t\t\t\t\t\t\t\t\t\t\t\t\t\t\t\t\t\t<\/div>\n\t\t\t\t\t\t\t\t\t<\/div>\n\t\t\t\t\t\t\t\t<\/div>\n\t\t\t\t\t\t\t\t<\/block-accordion-item>\n\t\t\t\t\t\t\t\t\t\t\t\t\t\t<block-accordion-item inline-template item-headline=\"Gal Golob - cello\">\n\t\t\t\t\t\t\t\t<div ref=\"item\" data-id=\"GalGolob-cello\" class=\"block-accordion-item vue-initialize\" aria-expanded=\"false\" :aria-expanded=\"active ? 'true' : 'false'\">\n\t\t\t\t\t\t\t\t\t<button class=\"accordion-button-with-icon block-accordion-item-head\" :class=\"{'button-active': active}\" ref=\"head\" aria-controls=\"acc_69f375714a6d5\" id=\"acc_title_69f375714a6d6\" @click=\"toggle\" @keydown=\"key\">\n\t\t\t\t\t\t\t\t\t<div><span class=\"button-label\">Gal Golob &#8211; cello<\/span><\/div><span class=\"button-icon icon-plus\" aria-hidden=\"true\"><\/span>\n\t\t\t\t\t\t\t\t<\/button>\n\t\t\t\t\t\t\t\t\t<div ref=\"body\" class=\"block-accordion-item-content\" id=\"acc_69f375714a6d5\" role=\"region\">\n\t\t\t\t\t\t\t\t\t\t<div class=\"wrapper copy\">\n\t\t\t\t\t\t\t\t\t\t\t<p>Gal Golob finished his studies at the Conservatory for Music and Ballet Ljubljana as a classical cellist and jazz double bassist and continued his studies at the renowned\u00a0Jazz Institute Berlin. He has performed at many competitions (most recently he was awarded 2nd place at Jazzon 2022) and festivals such as Jazzopen Stuttgart, Druga Godba, Jazz Festival Ljubljana, Bayerisches Jazzweekend, Futurum Festival Leipzig, Festival MENT and others. He regularly performs with bands such as Fabia Mantwill Quintett, Nomadia, Gugutke, Kerida.<\/p>\n\n\t\t\t\t\t\t\t\t\t\t\t\t\t\t\t\t\t\t\t\t\t\t\t\t\t\t\t\t\t\t\t\t\t\n\t\t\t\t\t\t\t\t\t\t\t<div class=\"row\">\n\t\t\t\t\t\t\t\t\t\t\t\t<div class=\"col-xs-9 col-md-9\">\n\t\t\t\t\t\t\t\t\t\t\t\t\t<div class=\"box\">\n\t\t\t\t\t\t\t\t\t\t\t\t\t\t\t\t\t\t\t\t\t\t\t\t\t\t\t<\/div>\n\t\t\t\t\t\t\t\t\t\t\t\t<\/div>\n\t\t\t\t\t\t\t\t\t\t\t<\/div>\n\n\t\t\t\t\t\t\t\t\t\t\t\t\t\t\t\t\t\t\t\t\t<\/div>\n\t\t\t\t\t\t\t\t\t<\/div>\n\t\t\t\t\t\t\t\t<\/div>\n\t\t\t\t\t\t\t\t<\/block-accordion-item>\n\t\t\t\t\t\t\t\t\t\t\t\t\t\t<block-accordion-item inline-template item-headline=\"Ganna Gryniva - voice \/ electronics\">\n\t\t\t\t\t\t\t\t<div ref=\"item\" data-id=\"GannaGryniva-voiceelectronics\" class=\"block-accordion-item vue-initialize\" aria-expanded=\"false\" :aria-expanded=\"active ? 'true' : 'false'\">\n\t\t\t\t\t\t\t\t\t<button class=\"accordion-button-with-icon block-accordion-item-head\" :class=\"{'button-active': active}\" ref=\"head\" aria-controls=\"acc_69f375714a962\" id=\"acc_title_69f375714a963\" @click=\"toggle\" @keydown=\"key\">\n\t\t\t\t\t\t\t\t\t<div><span class=\"button-label\">Ganna Gryniva &#8211; voice \/ electronics<\/span><\/div><span class=\"button-icon icon-plus\" aria-hidden=\"true\"><\/span>\n\t\t\t\t\t\t\t\t<\/button>\n\t\t\t\t\t\t\t\t\t<div ref=\"body\" class=\"block-accordion-item-content\" id=\"acc_69f375714a962\" role=\"region\">\n\t\t\t\t\t\t\t\t\t\t<div class=\"wrapper copy\">\n\t\t\t\t\t\t\t\t\t\t\t<p style=\"text-align: left\">Ganna Gryniva is a Ukrainian jazz singer who came to Germany from Ukraine with her parents in 2002 at the age of 13. In her music she unfolds her different cultural roots: in her ethno-jazz quintet GANNA, performing for &#8220;Airing Out&#8221; in the\u00a0<span class=\"w-term-highlight\" style=\"color: inherit\">Schl\u00fcterhof<\/span>,\u00a0 and solo with loops\/electronics she combines Ukrainian folklore with jazz and improvised music. Inspired by research trips to different regions of Ukraine, Ganna is committed to spreading Ukraine&#8217;s cultural heritage internationally. Her new album HOME was celebrated by the music press as &#8220;Album of the Year&#8221; (Ulrich Habersetzer, DLF Kultur) and &#8220;Jazz Highlight of the Year&#8221; (Roland Spiegel, Bayerischer Rundfunk).<\/p>\n<p style=\"text-align: left\">Currently Ganna Gryniva lives in Berlin and tours regularly in various European countries with her own bands, as a sidewoman and as a lecturer for jazz and improvised voice.<\/p>\n<p style=\"text-align: left\"><a class=\"external-link\" href=\"http:\/\/www.ganna-gryniva.de\/\" rel=\"nofollow\">www.ganna-gryniva.de<\/a><\/p>\n<p>&nbsp;<\/p>\n<p>&nbsp;<\/p>\n\n\t\t\t\t\t\t\t\t\t\t\t\t\t\t\t\t\t\t\t\t\t\t\t\t\t\t\t\t\t\t\t\t\t\n\t\t\t\t\t\t\t\t\t\t\t<div class=\"row\">\n\t\t\t\t\t\t\t\t\t\t\t\t<div class=\"col-xs-9 col-md-9\">\n\t\t\t\t\t\t\t\t\t\t\t\t\t<div class=\"box\">\n\t\t\t\t\t\t\t\t\t\t\t\t\t\t\t\t\t\t\t\t\t\t\t\t\t\t\t<\/div>\n\t\t\t\t\t\t\t\t\t\t\t\t<\/div>\n\t\t\t\t\t\t\t\t\t\t\t<\/div>\n\n\t\t\t\t\t\t\t\t\t\t\t\t\t\t\t\t\t\t\t\t\t<\/div>\n\t\t\t\t\t\t\t\t\t<\/div>\n\t\t\t\t\t\t\t\t<\/div>\n\t\t\t\t\t\t\t\t<\/block-accordion-item>\n\t\t\t\t\t\t\t\t\t\t\t\t\t\t<block-accordion-item inline-template item-headline=\"Leonhard Huhn - saxophones\">\n\t\t\t\t\t\t\t\t<div ref=\"item\" data-id=\"LeonhardHuhn-saxophones\" class=\"block-accordion-item vue-initialize\" aria-expanded=\"false\" :aria-expanded=\"active ? 'true' : 'false'\">\n\t\t\t\t\t\t\t\t\t<button class=\"accordion-button-with-icon block-accordion-item-head\" :class=\"{'button-active': active}\" ref=\"head\" aria-controls=\"acc_69f375714ab95\" id=\"acc_title_69f375714ab96\" @click=\"toggle\" @keydown=\"key\">\n\t\t\t\t\t\t\t\t\t<div><span class=\"button-label\">Leonhard Huhn &#8211; saxophones<\/span><\/div><span class=\"button-icon icon-plus\" aria-hidden=\"true\"><\/span>\n\t\t\t\t\t\t\t\t<\/button>\n\t\t\t\t\t\t\t\t\t<div ref=\"body\" class=\"block-accordion-item-content\" id=\"acc_69f375714ab95\" role=\"region\">\n\t\t\t\t\t\t\t\t\t\t<div class=\"wrapper copy\">\n\t\t\t\t\t\t\t\t\t\t\t<p>The saxophonist Leonhard Huhn (born 1986 in Berlin) is active across genres in the German and European music scene and is well connected. His flexible, experimental and melodious approach to playing and performance combines jazz, contemporary music, electroacoustic sound performance, improvisation and Krautrock. He leads his own trio DIE FICHTEN, tours regularly internationally with, among others, the band C.A.R., composes for many ensembles and theatres. Huhn developed a new electronic, modular saxophone set-up and is part of the young music movement \u2018Krautjazz\u2019. As a sought-after sideman and guest musician, he works in many ensembles such as Fo[u]r Alto, Stefan Schultze Large Ensemble, Colonel Petrovs Good Judgement, among others, and he leads the collectives Impakt K\u00f6ln and Headless Society. He graduated from the HfMT Cologne in 2012 and has been awarded the Horst and Gretl Will Scholarship of the City of Cologne in 2015 and the scholarship of the SK Stiftung of the Sparkasse K\u00f6ln\/Bonn in 2018, among others. He has toured several times with the Goethe-Institute, including to India, Pakistan, China and Russia. He has worked with Simon Nabatov, J\u00fcrgen Friedrich, Frank Gratkowski, Morton Subotnick, Max Loderbauer, David Helm, Philip Zoubek, Stefan Schultze, Niels Klein, Steffen Schorn, Hayden Chisholm, Robert Landfermann, Carl Ludwig H\u00fcbsch, Florian Rynkowski and many others.<\/p>\n\n\t\t\t\t\t\t\t\t\t\t\t\t\t\t\t\t\t\t\t\t\t\t\t\t\t\t\t\t\t\t\t\t\t\n\t\t\t\t\t\t\t\t\t\t\t<div class=\"row\">\n\t\t\t\t\t\t\t\t\t\t\t\t<div class=\"col-xs-9 col-md-9\">\n\t\t\t\t\t\t\t\t\t\t\t\t\t<div class=\"box\">\n\t\t\t\t\t\t\t\t\t\t\t\t\t\t\t\t\t\t\t\t\t\t\t\t\t\t\t<\/div>\n\t\t\t\t\t\t\t\t\t\t\t\t<\/div>\n\t\t\t\t\t\t\t\t\t\t\t<\/div>\n\n\t\t\t\t\t\t\t\t\t\t\t\t\t\t\t\t\t\t\t\t\t<\/div>\n\t\t\t\t\t\t\t\t\t<\/div>\n\t\t\t\t\t\t\t\t<\/div>\n\t\t\t\t\t\t\t\t<\/block-accordion-item>\n\t\t\t\t\t\t\t\t\t\t\t\t\t\t<block-accordion-item inline-template item-headline=\"Xavier Kaeser - percussion\">\n\t\t\t\t\t\t\t\t<div ref=\"item\" data-id=\"XavierKaeser-percussion\" class=\"block-accordion-item vue-initialize\" aria-expanded=\"false\" :aria-expanded=\"active ? 'true' : 'false'\">\n\t\t\t\t\t\t\t\t\t<button class=\"accordion-button-with-icon block-accordion-item-head\" :class=\"{'button-active': active}\" ref=\"head\" aria-controls=\"acc_69f375714ade8\" id=\"acc_title_69f375714ade9\" @click=\"toggle\" @keydown=\"key\">\n\t\t\t\t\t\t\t\t\t<div><span class=\"button-label\">Xavier Kaeser &#8211; percussion<\/span><\/div><span class=\"button-icon icon-plus\" aria-hidden=\"true\"><\/span>\n\t\t\t\t\t\t\t\t<\/button>\n\t\t\t\t\t\t\t\t\t<div ref=\"body\" class=\"block-accordion-item-content\" id=\"acc_69f375714ade8\" role=\"region\">\n\t\t\t\t\t\t\t\t\t\t<div class=\"wrapper copy\">\n\t\t\t\t\t\t\t\t\t\t\t<p>(December 2024 only:) Xavier Kaeser is a Swiss drummer, composer and lives in Berlin. He gained his first musical experiences in jazz big bands, before taking a deeper musical direction at university. He completed a master&#8217;s degree in jazz performance at the Bern University of the Arts, where he perfected his instrument under the tutelage of Dejan Terzic, Julian Sartorius, Jim Black and Jeff Ballard. Xavier Kaeser has already performed on numerous European stages, including the More Than Jazz Festival (Udine), Philly Joe&#8217;s (Tallinn), Auditori Casa Cultura (Calp), Cully Jazz Festival (Cully), Jazz Onze + (Lausanne), Moods (Zurich), AMR (Geneva), BeJazz (Bern). He has already played live or recorded in the studio with artists such as Enrico Pieranunzi, Ralph Alessi, Django Bates, Bert Joris, Andreas Schaerer, Colin Vallon, Ronny Graupe, Rudi Mahall, Domenic Landolf, Moncef Genoud, Letieres Leite and Alexandra Grimal.<\/p>\n\n\t\t\t\t\t\t\t\t\t\t\t\t\t\t\t\t\t\t\t\t\t\t\t\t\t\t\t\t\t\t\t\t\t\n\t\t\t\t\t\t\t\t\t\t\t<div class=\"row\">\n\t\t\t\t\t\t\t\t\t\t\t\t<div class=\"col-xs-9 col-md-9\">\n\t\t\t\t\t\t\t\t\t\t\t\t\t<div class=\"box\">\n\t\t\t\t\t\t\t\t\t\t\t\t\t\t\t\t\t\t\t\t\t\t\t\t\t\t\t<\/div>\n\t\t\t\t\t\t\t\t\t\t\t\t<\/div>\n\t\t\t\t\t\t\t\t\t\t\t<\/div>\n\n\t\t\t\t\t\t\t\t\t\t\t\t\t\t\t\t\t\t\t\t\t<\/div>\n\t\t\t\t\t\t\t\t\t<\/div>\n\t\t\t\t\t\t\t\t<\/div>\n\t\t\t\t\t\t\t\t<\/block-accordion-item>\n\t\t\t\t\t\t\t\t\t\t\t\t\t\t<block-accordion-item inline-template item-headline=\"Aly Ke\u00efta - balafon\">\n\t\t\t\t\t\t\t\t<div ref=\"item\" data-id=\"AlyKeta-balafon\" class=\"block-accordion-item vue-initialize\" aria-expanded=\"false\" :aria-expanded=\"active ? 'true' : 'false'\">\n\t\t\t\t\t\t\t\t\t<button class=\"accordion-button-with-icon block-accordion-item-head\" :class=\"{'button-active': active}\" ref=\"head\" aria-controls=\"acc_69f375714b04b\" id=\"acc_title_69f375714b04c\" @click=\"toggle\" @keydown=\"key\">\n\t\t\t\t\t\t\t\t\t<div><span class=\"button-label\">Aly Ke\u00efta &#8211; balafon<\/span><\/div><span class=\"button-icon icon-plus\" aria-hidden=\"true\"><\/span>\n\t\t\t\t\t\t\t\t<\/button>\n\t\t\t\t\t\t\t\t\t<div ref=\"body\" class=\"block-accordion-item-content\" id=\"acc_69f375714b04b\" role=\"region\">\n\t\t\t\t\t\t\t\t\t\t<div class=\"wrapper copy\">\n\t\t\t\t\t\t\t\t\t\t\t<p>Aly Ke\u00efta descended from a family of musicians as he grew up surrounded by traditional instruments like the djembe and the kora. But his favorite instrument became the balafon, which he made with his own hands as a young man, and which he has played ever since. Aly Keita earned worldwide renowned for his mastery of the balafon. While rooted in tradition, Keita&#8217;s Afro-pop, funk-fueled rhythm section and taste for complex jazz-oriented arrangements set him far apart from most balafonists.\u00a0 At the Humboldt Forum Aly Ke\u00efta has performed on numerous occasions as part of the Resident Music Collective or as act at <em>Durchl\u00fcften<\/em>, the annual summer festival.<\/p>\n\n\t\t\t\t\t\t\t\t\t\t\t\t\t\t\t\t\t\t\t\t\t\t\t\t\t\t\t\t\t\t\t\t\t\n\t\t\t\t\t\t\t\t\t\t\t<div class=\"row\">\n\t\t\t\t\t\t\t\t\t\t\t\t<div class=\"col-xs-9 col-md-9\">\n\t\t\t\t\t\t\t\t\t\t\t\t\t<div class=\"box\">\n\t\t\t\t\t\t\t\t\t\t\t\t\t\t\t\t\t\t\t\t\t\t\t\t\t\t\t<\/div>\n\t\t\t\t\t\t\t\t\t\t\t\t<\/div>\n\t\t\t\t\t\t\t\t\t\t\t<\/div>\n\n\t\t\t\t\t\t\t\t\t\t\t\t\t\t\t\t\t\t\t\t\t<\/div>\n\t\t\t\t\t\t\t\t\t<\/div>\n\t\t\t\t\t\t\t\t<\/div>\n\t\t\t\t\t\t\t\t<\/block-accordion-item>\n\t\t\t\t\t\t\t\t\t\t\t\t\t\t<block-accordion-item inline-template item-headline=\"Bo-Sung Kim - Korean percussion (Gugak)\">\n\t\t\t\t\t\t\t\t<div ref=\"item\" data-id=\"Bo-SungKim-KoreanpercussionGugak\" class=\"block-accordion-item vue-initialize\" aria-expanded=\"false\" :aria-expanded=\"active ? 'true' : 'false'\">\n\t\t\t\t\t\t\t\t\t<button class=\"accordion-button-with-icon block-accordion-item-head\" :class=\"{'button-active': active}\" ref=\"head\" aria-controls=\"acc_69f375714b260\" id=\"acc_title_69f375714b261\" @click=\"toggle\" @keydown=\"key\">\n\t\t\t\t\t\t\t\t\t<div><span class=\"button-label\">Bo-Sung Kim &#8211; Korean percussion (Gugak)<\/span><\/div><span class=\"button-icon icon-plus\" aria-hidden=\"true\"><\/span>\n\t\t\t\t\t\t\t\t<\/button>\n\t\t\t\t\t\t\t\t\t<div ref=\"body\" class=\"block-accordion-item-content\" id=\"acc_69f375714b260\" role=\"region\">\n\t\t\t\t\t\t\t\t\t\t<div class=\"wrapper copy\">\n\t\t\t\t\t\t\t\t\t\t\t<p>Bo-Sung Kim was born in Seoul, South Korea and grew up in Berlin. She discovered her passion for Korean percussion as a child and went to Korea after finishing school to study traditional performing arts at the Korean National University of Arts in Seoul, with a focal point on percussion, mask dance and shamanic ritual music. She has played in various formations such as Ensemble AY, which is dedicated to discovering new worlds of sound through free improvisation, Ensemble GaMuAk with traditional Korean music and dance repertoires, Ensemble INklang, which develops new interpretations of traditional Korean music in a contemporary context, and Ensemble ~su, and works currently with musicians such as Laura Robles, Sol-I So, Gunda Gottschalk, Saadet T\u00fcrk\u00f6z, Peter Ehwald, Matthias Mainz, Oliver Potratz and others. Bo-Sung Kim teaches Korean percussion at the Hochschule f\u00fcr Musik und Theater Hamburg and the Korean Cultural Center Berlin, among others.<\/p>\n\n\t\t\t\t\t\t\t\t\t\t\t\t\t\t\t\t\t\t\t\t\t\t\t\t\t\t\t\t\t\t\t\t\t\n\t\t\t\t\t\t\t\t\t\t\t<div class=\"row\">\n\t\t\t\t\t\t\t\t\t\t\t\t<div class=\"col-xs-9 col-md-9\">\n\t\t\t\t\t\t\t\t\t\t\t\t\t<div class=\"box\">\n\t\t\t\t\t\t\t\t\t\t\t\t\t\t\t\t\t\t\t\t\t\t\t\t\t\t\t<\/div>\n\t\t\t\t\t\t\t\t\t\t\t\t<\/div>\n\t\t\t\t\t\t\t\t\t\t\t<\/div>\n\n\t\t\t\t\t\t\t\t\t\t\t\t\t\t\t\t\t\t\t\t\t<\/div>\n\t\t\t\t\t\t\t\t\t<\/div>\n\t\t\t\t\t\t\t\t<\/div>\n\t\t\t\t\t\t\t\t<\/block-accordion-item>\n\t\t\t\t\t\t\t\t\t\t\t\t\t\t<block-accordion-item inline-template item-headline=\"Shih-Che Lee - trombone\">\n\t\t\t\t\t\t\t\t<div ref=\"item\" data-id=\"Shih-CheLee-trombone\" class=\"block-accordion-item vue-initialize\" aria-expanded=\"false\" :aria-expanded=\"active ? 'true' : 'false'\">\n\t\t\t\t\t\t\t\t\t<button class=\"accordion-button-with-icon block-accordion-item-head\" :class=\"{'button-active': active}\" ref=\"head\" aria-controls=\"acc_69f375714b4b6\" id=\"acc_title_69f375714b4b7\" @click=\"toggle\" @keydown=\"key\">\n\t\t\t\t\t\t\t\t\t<div><span class=\"button-label\">Shih-Che Lee &#8211; trombone<\/span><\/div><span class=\"button-icon icon-plus\" aria-hidden=\"true\"><\/span>\n\t\t\t\t\t\t\t\t<\/button>\n\t\t\t\t\t\t\t\t\t<div ref=\"body\" class=\"block-accordion-item-content\" id=\"acc_69f375714b4b6\" role=\"region\">\n\t\t\t\t\t\t\t\t\t\t<div class=\"wrapper copy\">\n\t\t\t\t\t\t\t\t\t\t\t<p>Shih-Che Lee is a classical and jazz musician.\u00a0He was born in Taiwan and initially studied trombone with Prof. Ehrhard Wetz at the Mannheim State University of Music and Performing Arts. He then moved to the Jazz Institute Berlin, a cooperation between the Berlin University of the Arts and the &#8220;Hanns Eisler&#8221; Academy of Music. He has performed at international festivals such as the Fusion Festival and the International Trombone Festival. He has played in the Deutsche Oper Orchestra and the Jeju City Orchestra, Korea. He has been working with media artists Lien-Cheng Wang and Diana-Elena P\u0103un since 2023, including in the project &#8220;Architectures of Hearing&#8221;.<\/p>\n\n\t\t\t\t\t\t\t\t\t\t\t\t\t\t\t\t\t\t\t\t\t\t\t\t\t\t\t\t\t\t\t\t\t\n\t\t\t\t\t\t\t\t\t\t\t<div class=\"row\">\n\t\t\t\t\t\t\t\t\t\t\t\t<div class=\"col-xs-9 col-md-9\">\n\t\t\t\t\t\t\t\t\t\t\t\t\t<div class=\"box\">\n\t\t\t\t\t\t\t\t\t\t\t\t\t\t\t\t\t\t\t\t\t\t\t\t\t\t\t<\/div>\n\t\t\t\t\t\t\t\t\t\t\t\t<\/div>\n\t\t\t\t\t\t\t\t\t\t\t<\/div>\n\n\t\t\t\t\t\t\t\t\t\t\t\t\t\t\t\t\t\t\t\t\t<\/div>\n\t\t\t\t\t\t\t\t\t<\/div>\n\t\t\t\t\t\t\t\t<\/div>\n\t\t\t\t\t\t\t\t<\/block-accordion-item>\n\t\t\t\t\t\t\t\t\t\t\t\t\t\t<block-accordion-item inline-template item-headline=\"Khadim Ndome - vibraphone \/ timpani\">\n\t\t\t\t\t\t\t\t<div ref=\"item\" data-id=\"KhadimNdome-vibraphonetimpani\" class=\"block-accordion-item vue-initialize\" aria-expanded=\"false\" :aria-expanded=\"active ? 'true' : 'false'\">\n\t\t\t\t\t\t\t\t\t<button class=\"accordion-button-with-icon block-accordion-item-head\" :class=\"{'button-active': active}\" ref=\"head\" aria-controls=\"acc_69f375714b6d0\" id=\"acc_title_69f375714b6d1\" @click=\"toggle\" @keydown=\"key\">\n\t\t\t\t\t\t\t\t\t<div><span class=\"button-label\">Khadim Ndome &#8211; vibraphone \/ timpani<\/span><\/div><span class=\"button-icon icon-plus\" aria-hidden=\"true\"><\/span>\n\t\t\t\t\t\t\t\t<\/button>\n\t\t\t\t\t\t\t\t\t<div ref=\"body\" class=\"block-accordion-item-content\" id=\"acc_69f375714b6d0\" role=\"region\">\n\t\t\t\t\t\t\t\t\t\t<div class=\"wrapper copy\">\n\t\t\t\t\t\t\t\t\t\t\t<p>Khadim Ndome is an Italo-senegalese Vibraphonist and percussionist , currently based in Berlin, Germany. His musical journey starts with west-african percussions in his early childhood.<\/p>\n<p>The love for percussions led him then to pursue classical and orchestral studies at the Conservatory of Bolzano(Italy) meanwhile developing \u00a0a strong interest for the world of improvisation in the jazz genre, which then brings him to further develope in this direction by studying jazz vibraphone at the Jazz Institut of Berlin with David Friedman and Julius Heise. He is currently active as a vibraphonist, timpanist and percussionist both in jazz bands, contemporary music projects as well as in classical orchestras.<\/p>\n\n\t\t\t\t\t\t\t\t\t\t\t\t\t\t\t\t\t\t\t\t\t\t\t\t\t\t\t\t\t\t\t\t\t\n\t\t\t\t\t\t\t\t\t\t\t<div class=\"row\">\n\t\t\t\t\t\t\t\t\t\t\t\t<div class=\"col-xs-9 col-md-9\">\n\t\t\t\t\t\t\t\t\t\t\t\t\t<div class=\"box\">\n\t\t\t\t\t\t\t\t\t\t\t\t\t\t\t\t\t\t\t\t\t\t\t\t\t\t\t<\/div>\n\t\t\t\t\t\t\t\t\t\t\t\t<\/div>\n\t\t\t\t\t\t\t\t\t\t\t<\/div>\n\n\t\t\t\t\t\t\t\t\t\t\t\t\t\t\t\t\t\t\t\t\t<\/div>\n\t\t\t\t\t\t\t\t\t<\/div>\n\t\t\t\t\t\t\t\t<\/div>\n\t\t\t\t\t\t\t\t<\/block-accordion-item>\n\t\t\t\t\t\t\t\t\t\t\t\t\t\t<block-accordion-item inline-template item-headline=\"Joan Osca - saxophone\">\n\t\t\t\t\t\t\t\t<div ref=\"item\" data-id=\"JoanOsca-saxophone\" class=\"block-accordion-item vue-initialize\" aria-expanded=\"false\" :aria-expanded=\"active ? 'true' : 'false'\">\n\t\t\t\t\t\t\t\t\t<button class=\"accordion-button-with-icon block-accordion-item-head\" :class=\"{'button-active': active}\" ref=\"head\" aria-controls=\"acc_69f375714b925\" id=\"acc_title_69f375714b926\" @click=\"toggle\" @keydown=\"key\">\n\t\t\t\t\t\t\t\t\t<div><span class=\"button-label\">Joan Osca &#8211; saxophone<\/span><\/div><span class=\"button-icon icon-plus\" aria-hidden=\"true\"><\/span>\n\t\t\t\t\t\t\t\t<\/button>\n\t\t\t\t\t\t\t\t\t<div ref=\"body\" class=\"block-accordion-item-content\" id=\"acc_69f375714b925\" role=\"region\">\n\t\t\t\t\t\t\t\t\t\t<div class=\"wrapper copy\">\n\t\t\t\t\t\t\t\t\t\t\t<p>(March 2024 only:) Born and raised in Granada, Spain, Joan Osca realized at an early age that music would play an important role in his life. He got his first saxophone at the age of seven and began to take an interest in improvised music.\u00a0After leaving school, he moved to Berlin and completed a preparatory year at the Steglitz-Zehlendorf music school. In 2019, he won first prize for Best solo, composition and ensemble at the StuVo JazzContest with the Osca-Gottlob Standards Duo. In the same year, he began his bachelor&#8217;s degree at the Jazz Institute Berlin, where he has since been taught by Prof. Peter Weniger and Prof. Heinrich K\u00f6bberling, among others.\u00a0He plays in various bands of different styles such as DaddyLongLegs Big Band or Lars T\u00f6pperwien Sextett. He is currently devoting a lot of time to his new project &#8220;Joan Osca Quartet&#8221;, which plays exclusively his own compositions. He has also played under the direction of Randy Brecker and Dick Oatts and has performed on various stages such as the Berlin Philharmonie, A-trane Jazz Club and Jazztage Leipzig 2022.<\/p>\n\n\t\t\t\t\t\t\t\t\t\t\t\t\t\t\t\t\t\t\t\t\t\t\t\t\t\t\t\t\t\t\t\t\t\n\t\t\t\t\t\t\t\t\t\t\t<div class=\"row\">\n\t\t\t\t\t\t\t\t\t\t\t\t<div class=\"col-xs-9 col-md-9\">\n\t\t\t\t\t\t\t\t\t\t\t\t\t<div class=\"box\">\n\t\t\t\t\t\t\t\t\t\t\t\t\t\t\t\t\t\t\t\t\t\t\t\t\t\t\t<\/div>\n\t\t\t\t\t\t\t\t\t\t\t\t<\/div>\n\t\t\t\t\t\t\t\t\t\t\t<\/div>\n\n\t\t\t\t\t\t\t\t\t\t\t\t\t\t\t\t\t\t\t\t\t<\/div>\n\t\t\t\t\t\t\t\t\t<\/div>\n\t\t\t\t\t\t\t\t<\/div>\n\t\t\t\t\t\t\t\t<\/block-accordion-item>\n\t\t\t\t\t\t\t\t\t\t\t\t\t\t<block-accordion-item inline-template item-headline=\"Hanne Pilgrim - movement \/ sonification\">\n\t\t\t\t\t\t\t\t<div ref=\"item\" data-id=\"HannePilgrim-movementsonification\" class=\"block-accordion-item vue-initialize\" aria-expanded=\"false\" :aria-expanded=\"active ? 'true' : 'false'\">\n\t\t\t\t\t\t\t\t\t<button class=\"accordion-button-with-icon block-accordion-item-head\" :class=\"{'button-active': active}\" ref=\"head\" aria-controls=\"acc_69f375714bb45\" id=\"acc_title_69f375714bb46\" @click=\"toggle\" @keydown=\"key\">\n\t\t\t\t\t\t\t\t\t<div><span class=\"button-label\">Hanne Pilgrim &#8211; movement \/ sonification<\/span><\/div><span class=\"button-icon icon-plus\" aria-hidden=\"true\"><\/span>\n\t\t\t\t\t\t\t\t<\/button>\n\t\t\t\t\t\t\t\t\t<div ref=\"body\" class=\"block-accordion-item-content\" id=\"acc_69f375714bb45\" role=\"region\">\n\t\t\t\t\t\t\t\t\t\t<div class=\"wrapper copy\">\n\t\t\t\t\t\t\t\t\t\t\t<p>(March 2024 only:) Hanne Pilgrim is a rhythmician, pianist and performer who is currently focussing on her work as project leader and principal artistic investigator in the artistic research project \u201cAtlas of Smooth Spaces\u201d funded by the Austrian Science Fund (FWF). After her studies of piano and eurhythmics at the Universit\u00e4t der K\u00fcnste in Berlin and further education in contemporary dance practices, Hanne Pilgrim has worked in various artistic contexts in the fields of experimental music, music choroegraphy and chamber music. She was a lecturer at the Universit\u00e4t der K\u00fcnste Berlin and the Franz Liszt Hochschule in Weimar between 2007 and 2017 and subsequently professor for Music and Movement\/ Eurhythmics at the University of Music and Performing Arts Vienna where she lead the department of Music and Movement Education\/ Eurhythmics from 2017 to 2022.<\/p>\n<p>&nbsp;<\/p>\n\n\t\t\t\t\t\t\t\t\t\t\t\t\t\t\t\t\t\t\t\t\t\t\t\t\t\t\t\t\t\t\t\t\t\n\t\t\t\t\t\t\t\t\t\t\t<div class=\"row\">\n\t\t\t\t\t\t\t\t\t\t\t\t<div class=\"col-xs-9 col-md-9\">\n\t\t\t\t\t\t\t\t\t\t\t\t\t<div class=\"box\">\n\t\t\t\t\t\t\t\t\t\t\t\t\t\t\t\t\t\t\t\t\t\t\t\t\t\t\t<\/div>\n\t\t\t\t\t\t\t\t\t\t\t\t<\/div>\n\t\t\t\t\t\t\t\t\t\t\t<\/div>\n\n\t\t\t\t\t\t\t\t\t\t\t\t\t\t\t\t\t\t\t\t\t<\/div>\n\t\t\t\t\t\t\t\t\t<\/div>\n\t\t\t\t\t\t\t\t<\/div>\n\t\t\t\t\t\t\t\t<\/block-accordion-item>\n\t\t\t\t\t\t\t\t\t\t\t\t\t\t<block-accordion-item inline-template item-headline=\"Ernesto Robles - electric guitar\">\n\t\t\t\t\t\t\t\t<div ref=\"item\" data-id=\"ErnestoRobles-electricguitar\" class=\"block-accordion-item vue-initialize\" aria-expanded=\"false\" :aria-expanded=\"active ? 'true' : 'false'\">\n\t\t\t\t\t\t\t\t\t<button class=\"accordion-button-with-icon block-accordion-item-head\" :class=\"{'button-active': active}\" ref=\"head\" aria-controls=\"acc_69f375714bd61\" id=\"acc_title_69f375714bd62\" @click=\"toggle\" @keydown=\"key\">\n\t\t\t\t\t\t\t\t\t<div><span class=\"button-label\">Ernesto Robles &#8211; electric guitar<\/span><\/div><span class=\"button-icon icon-plus\" aria-hidden=\"true\"><\/span>\n\t\t\t\t\t\t\t\t<\/button>\n\t\t\t\t\t\t\t\t\t<div ref=\"body\" class=\"block-accordion-item-content\" id=\"acc_69f375714bd61\" role=\"region\">\n\t\t\t\t\t\t\t\t\t\t<div class=\"wrapper copy\">\n\t\t\t\t\t\t\t\t\t\t\t<p>Born in Isla de la Juventud, Cuba, Ernesto Robles is a passionate musician currently immersed in the world of jazz. He is dedicated to his craft, studying full-time at the EUJAM program at the Jazz Institute Berlin and currently participating in an Erasmus program at the Conservatory of Amsterdam. As a guitarist and tresero, Ernesto combines technical skill with a deep appreciation for musical expression, continually exploring new avenues of creativity and collaboration.<\/p>\n\n\t\t\t\t\t\t\t\t\t\t\t\t\t\t\t\t\t\t\t\t\t\t\t\t\t\t\t\t\t\t\t\t\t\n\t\t\t\t\t\t\t\t\t\t\t<div class=\"row\">\n\t\t\t\t\t\t\t\t\t\t\t\t<div class=\"col-xs-9 col-md-9\">\n\t\t\t\t\t\t\t\t\t\t\t\t\t<div class=\"box\">\n\t\t\t\t\t\t\t\t\t\t\t\t\t\t\t\t\t\t\t\t\t\t\t\t\t\t\t<\/div>\n\t\t\t\t\t\t\t\t\t\t\t\t<\/div>\n\t\t\t\t\t\t\t\t\t\t\t<\/div>\n\n\t\t\t\t\t\t\t\t\t\t\t\t\t\t\t\t\t\t\t\t\t<\/div>\n\t\t\t\t\t\t\t\t\t<\/div>\n\t\t\t\t\t\t\t\t<\/div>\n\t\t\t\t\t\t\t\t<\/block-accordion-item>\n\t\t\t\t\t\t\t\t\t\t\t\t\t\t<block-accordion-item inline-template item-headline=\"Laura Robles - caj\u00f3n\">\n\t\t\t\t\t\t\t\t<div ref=\"item\" data-id=\"LauraRobles-cajn\" class=\"block-accordion-item vue-initialize\" aria-expanded=\"false\" :aria-expanded=\"active ? 'true' : 'false'\">\n\t\t\t\t\t\t\t\t\t<button class=\"accordion-button-with-icon block-accordion-item-head\" :class=\"{'button-active': active}\" ref=\"head\" aria-controls=\"acc_69f375714bf94\" id=\"acc_title_69f375714bf95\" @click=\"toggle\" @keydown=\"key\">\n\t\t\t\t\t\t\t\t\t<div><span class=\"button-label\">Laura Robles &#8211; caj\u00f3n<\/span><\/div><span class=\"button-icon icon-plus\" aria-hidden=\"true\"><\/span>\n\t\t\t\t\t\t\t\t<\/button>\n\t\t\t\t\t\t\t\t\t<div ref=\"body\" class=\"block-accordion-item-content\" id=\"acc_69f375714bf94\" role=\"region\">\n\t\t\t\t\t\t\t\t\t\t<div class=\"wrapper copy\">\n\t\t\t\t\t\t\t\t\t\t\t<p>Laura Robles<span style=\"color: #000000\">\u00a0is an award-winning improviser, composer, multi-instrumentalist and researcher born in Eswatini and raised in Lima. She studied traditional Afro-Peruvian and Cuban music and shared a stage with renowned artists such as Amador Ballumbrosio, Juan Medrano Cotito, Nilo Borges, Laureano Rigol, Roberto Borrell, Susana Baca among others. Considered one of the most accomplished Caj\u00f3n players in the world, she has dedicated her career to the analysis of Folk rhythms with a strong focus on Afro-Peruvian folklore. Robles has continued experimenting and with rhythm and possibilities of expression in modern jazz and improvised music. In the last few years she has worked with artists and groups as diverse as American composer and Grammy Award winner Maria Schneider, Petros Klampanis, Bodek Janke, Lauer Large Orquestra, Pablo Held, Niels Klein, Ensemble Neue Musik Z\u00fcrich, WDR Big Band, Wanja Slavin, Steffen Schorn among others. Robles lives in Germany and is currently working on her first solo album.<\/span><\/p>\n<p>&nbsp;<\/p>\n\n\t\t\t\t\t\t\t\t\t\t\t\t\t\t\t\t\t\t\t\t\t\t\t\t\t\t\t\t\t\t\t\t\t\n\t\t\t\t\t\t\t\t\t\t\t<div class=\"row\">\n\t\t\t\t\t\t\t\t\t\t\t\t<div class=\"col-xs-9 col-md-9\">\n\t\t\t\t\t\t\t\t\t\t\t\t\t<div class=\"box\">\n\t\t\t\t\t\t\t\t\t\t\t\t\t\t\t\t\t\t\t\t\t\t\t\t\t\t\t<\/div>\n\t\t\t\t\t\t\t\t\t\t\t\t<\/div>\n\t\t\t\t\t\t\t\t\t\t\t<\/div>\n\n\t\t\t\t\t\t\t\t\t\t\t\t\t\t\t\t\t\t\t\t\t<\/div>\n\t\t\t\t\t\t\t\t\t<\/div>\n\t\t\t\t\t\t\t\t<\/div>\n\t\t\t\t\t\t\t\t<\/block-accordion-item>\n\t\t\t\t\t\t\t\t\t\t\t\t\t\t<block-accordion-item inline-template item-headline=\"Clemens Rynkowski - musical direction \/ theremin \/ keyboard instruments\">\n\t\t\t\t\t\t\t\t<div ref=\"item\" data-id=\"ClemensRynkowski-musicaldirectionthereminkeyboardinstruments\" class=\"block-accordion-item vue-initialize\" aria-expanded=\"false\" :aria-expanded=\"active ? 'true' : 'false'\">\n\t\t\t\t\t\t\t\t\t<button class=\"accordion-button-with-icon block-accordion-item-head\" :class=\"{'button-active': active}\" ref=\"head\" aria-controls=\"acc_69f375714c1e4\" id=\"acc_title_69f375714c1e5\" @click=\"toggle\" @keydown=\"key\">\n\t\t\t\t\t\t\t\t\t<div><span class=\"button-label\">Clemens Rynkowski &#8211; musical direction \/ theremin \/ keyboard instruments<\/span><\/div><span class=\"button-icon icon-plus\" aria-hidden=\"true\"><\/span>\n\t\t\t\t\t\t\t\t<\/button>\n\t\t\t\t\t\t\t\t\t<div ref=\"body\" class=\"block-accordion-item-content\" id=\"acc_69f375714c1e4\" role=\"region\">\n\t\t\t\t\t\t\t\t\t\t<div class=\"wrapper copy\">\n\t\t\t\t\t\t\t\t\t\t\t<p>Clemens Rynkowski<span style=\"color: #000000\">\u00a0is a composer, thereminist and musical director. He lives in Berlin and works transdisciplinary for orchestra, chamber ensembles, film, dance, theater and music theater. Previous positions: Berliner Ensemble, Bavarian State Opera Munich, Orchestre Philharmonique du Luxembourg, Badisches Staatstheater Karlsruhe, Saarl\u00e4ndisches Staatstheater Saarbr\u00fccken, Nationaltheater Weimar, Staatstheater Braunschweig, Goethe-Institut Ramallah. He is lecturing at the art universities of Berlin (Ernst\u00a0<span class=\"w-term-highlight\" style=\"color: inherit\">Busch<\/span>), Weimar, Rostock, Erfurt. In addition to being the musical director of the Resident Music Collective, he is also the musical director for &#8220;Build up! Tear down! Theatre Spectacle about the Palace of the Republic&#8221; at the Humboldt Forum.<\/span><\/p>\n<p>&nbsp;<\/p>\n<p>&nbsp;<\/p>\n\n\t\t\t\t\t\t\t\t\t\t\t\t\t\t\t\t\t\t\t\t\t\t\t\t\t\t\t\t\t\t\t\t\t\n\t\t\t\t\t\t\t\t\t\t\t<div class=\"row\">\n\t\t\t\t\t\t\t\t\t\t\t\t<div class=\"col-xs-9 col-md-9\">\n\t\t\t\t\t\t\t\t\t\t\t\t\t<div class=\"box\">\n\t\t\t\t\t\t\t\t\t\t\t\t\t\t\t\t\t\t\t\t\t\t\t\t\t\t\t<\/div>\n\t\t\t\t\t\t\t\t\t\t\t\t<\/div>\n\t\t\t\t\t\t\t\t\t\t\t<\/div>\n\n\t\t\t\t\t\t\t\t\t\t\t\t\t\t\t\t\t\t\t\t\t<\/div>\n\t\t\t\t\t\t\t\t\t<\/div>\n\t\t\t\t\t\t\t\t<\/div>\n\t\t\t\t\t\t\t\t<\/block-accordion-item>\n\t\t\t\t\t\t\t\t\t\t\t\t\t\t<block-accordion-item inline-template item-headline=\"Florian Rynkowski - bass \/ viola da gamba \/ stringed instruments, electronics\">\n\t\t\t\t\t\t\t\t<div ref=\"item\" data-id=\"FlorianRynkowski-bassvioladagambastringedinstrumentselectronics\" class=\"block-accordion-item vue-initialize\" aria-expanded=\"false\" :aria-expanded=\"active ? 'true' : 'false'\">\n\t\t\t\t\t\t\t\t\t<button class=\"accordion-button-with-icon block-accordion-item-head\" :class=\"{'button-active': active}\" ref=\"head\" aria-controls=\"acc_69f375714c469\" id=\"acc_title_69f375714c46a\" @click=\"toggle\" @keydown=\"key\">\n\t\t\t\t\t\t\t\t\t<div><span class=\"button-label\">Florian Rynkowski &#8211; bass \/ viola da gamba \/ stringed instruments, electronics<\/span><\/div><span class=\"button-icon icon-plus\" aria-hidden=\"true\"><\/span>\n\t\t\t\t\t\t\t\t<\/button>\n\t\t\t\t\t\t\t\t\t<div ref=\"body\" class=\"block-accordion-item-content\" id=\"acc_69f375714c469\" role=\"region\">\n\t\t\t\t\t\t\t\t\t\t<div class=\"wrapper copy\">\n\t\t\t\t\t\t\t\t\t\t\t<p>Florian Rynkowski, born in Dresden and raised in Weimar, studied electric bass, double bass and composition in Weimar, Helsinki, Ghana and Cologne.<br \/>\nHe is a member of various ensembles that move between jazz, early music, minimal music and pop. In his work, he primarily pursues interdisciplinary and programmatic approaches. For his project momentum, he brings together new and old instruments, improvisations and compositions in the church space. Since 2012, he has arranged, composed and rehearsed numerous stage scores for various theatres and opera houses. He writes film scores and works with dance and light art. Preparing and building instruments is a recurring theme in his work.<br \/>\nIn 2017, he won the New German Jazz Award as the bassist of the Philipp Br\u00e4mswig Trio.<br \/>\nIn 2019, he was nominated for the German Record Critics&#8217; Award with &#8220;Luciel &#8211; &#8230;and that&#8217;s all I remember&#8221;.<\/p>\n<p>www.florianrynkowski.de<\/p>\n<p>&nbsp;<\/p>\n<p>&nbsp;<\/p>\n\n\t\t\t\t\t\t\t\t\t\t\t\t\t\t\t\t\t\t\t\t\t\t\t\t\t\t\t\t\t\t\t\t\t\n\t\t\t\t\t\t\t\t\t\t\t<div class=\"row\">\n\t\t\t\t\t\t\t\t\t\t\t\t<div class=\"col-xs-9 col-md-9\">\n\t\t\t\t\t\t\t\t\t\t\t\t\t<div class=\"box\">\n\t\t\t\t\t\t\t\t\t\t\t\t\t\t\t\t\t\t\t\t\t\t\t\t\t\t\t<\/div>\n\t\t\t\t\t\t\t\t\t\t\t\t<\/div>\n\t\t\t\t\t\t\t\t\t\t\t<\/div>\n\n\t\t\t\t\t\t\t\t\t\t\t\t\t\t\t\t\t\t\t\t\t<\/div>\n\t\t\t\t\t\t\t\t\t<\/div>\n\t\t\t\t\t\t\t\t<\/div>\n\t\t\t\t\t\t\t\t<\/block-accordion-item>\n\t\t\t\t\t\t\t\t\t\t\t\t\t\t<block-accordion-item inline-template item-headline=\"Junjian Wang \u2013 dance \/ sonification\">\n\t\t\t\t\t\t\t\t<div ref=\"item\" data-id=\"JunjianWangdancesonification\" class=\"block-accordion-item vue-initialize\" aria-expanded=\"false\" :aria-expanded=\"active ? 'true' : 'false'\">\n\t\t\t\t\t\t\t\t\t<button class=\"accordion-button-with-icon block-accordion-item-head\" :class=\"{'button-active': active}\" ref=\"head\" aria-controls=\"acc_69f375714c6dd\" id=\"acc_title_69f375714c6de\" @click=\"toggle\" @keydown=\"key\">\n\t\t\t\t\t\t\t\t\t<div><span class=\"button-label\">Junjian Wang \u2013 dance \/ sonification<\/span><\/div><span class=\"button-icon icon-plus\" aria-hidden=\"true\"><\/span>\n\t\t\t\t\t\t\t\t<\/button>\n\t\t\t\t\t\t\t\t\t<div ref=\"body\" class=\"block-accordion-item-content\" id=\"acc_69f375714c6dd\" role=\"region\">\n\t\t\t\t\t\t\t\t\t\t<div class=\"wrapper copy\">\n\t\t\t\t\t\t\t\t\t\t\t<p>(March 2024 only:) Junjian Wang is a dancer, choreographer and dramatic actor. After having completed his Bachelor of Fine Arts in Dance at Shaanxi Normal University China, he went on to complete a master&#8217;s degree in Performance Practices at De Montfort University, England. Currently, he is dedicated to movement and dance research as part of the MA in Movement Research at the Institute of Dance Arts in Linz. In this project he cooperates with the choreographer and dance researcher Rose Breuss. Junjian has worked as a dancer and choreographer in numerous dance companies and institutions, including the Ballet Department of the Xi&#8217;an Academy of Music and Dance, the Xi&#8217;an Meilitong Drama Company, the Xi&#8217;an Tang Dynasty Body Theatre Modern Dance Troupe, Beijing International Dance Camp among others.<\/p>\n<p>&nbsp;<\/p>\n<p>&nbsp;<\/p>\n\n\t\t\t\t\t\t\t\t\t\t\t\t\t\t\t\t\t\t\t\t\t\t\t\t\t\t\t\t\t\t\t\t\t\n\t\t\t\t\t\t\t\t\t\t\t<div class=\"row\">\n\t\t\t\t\t\t\t\t\t\t\t\t<div class=\"col-xs-9 col-md-9\">\n\t\t\t\t\t\t\t\t\t\t\t\t\t<div class=\"box\">\n\t\t\t\t\t\t\t\t\t\t\t\t\t\t\t\t\t\t\t\t\t\t\t\t\t\t\t<\/div>\n\t\t\t\t\t\t\t\t\t\t\t\t<\/div>\n\t\t\t\t\t\t\t\t\t\t\t<\/div>\n\n\t\t\t\t\t\t\t\t\t\t\t\t\t\t\t\t\t\t\t\t\t<\/div>\n\t\t\t\t\t\t\t\t\t<\/div>\n\t\t\t\t\t\t\t\t<\/div>\n\t\t\t\t\t\t\t\t<\/block-accordion-item>\n\t\t\t\t\t\t\t\t\t\t\t\t\t<\/div>\n\t\t\t\t\t\t<\/block-accordion>\n\t\t\t\t\t\t\t\t\t<\/div>\n\t\t\t<\/div>\n\t\t<\/div>\n\t<\/div>\n<\/section>\n\n\n<section class=\"block block-headline block-no-margin \" >\n\t<div class=\"container-fluid\">\n\t\t<div class=\"row\">\n\t\t\t\t\t<\/div>\n\t<\/div>\n<\/section>\n\n\n\n\n<section class=\"block block-copy block-no-margin\" >\n    <div class=\"container-fluid\">\n\t\t<div class=\"row \">\n            <div class=\"col-xs-12 col-md-offset-2 col-md-8\">\n                <div class=\"box\">\n                    <div class=\"copy\"><p>The artistic research by \u00a0Hanne Pilgrim, Adri\u00e1n Artacho and Junjian Wang was funded in part by the Austrian Science Fund (FWF), project number AR640. Special thanks to Rose Breus for the choreographic eye.<\/p>\n<\/div>\n                <\/div>\n            <\/div>\n\t\t<\/div>\n\t\t    <\/div>\n<\/section>\n\n<section class=\"block block-header-headline\" >\n    <div class=\"container-fluid\">\n        <div class=\"row\">\n\t\t\t\n                    <\/div>\n    <\/div>\n<\/section>\n\n\n\n\n<section class=\"block block-teaser col-1 has-bg\" style=\"--teaser-bg:#f2f2f2\">\n\t<lazy-component :fixed-min-height=\"400\">\n\t\n\t\t\t\t\t<div class=\"container-fluid\">\n\t\t\t\t<div class=\"row bottom-xs\">\n\t\t\t\t\t<div class=\"col-xs-12 col-sm-10 col-md-8 col-sm-offset-1 col-md-offset-2\">\n\t\t\t\t\t\t<h4>belongs to<\/h4>\t\t\t\t\t\t\t\t\t\t\t\t\t\t\t\t\t\t\t<\/div>\n\t\t\t\t\t<div class=\"col-xs-12 col-sm-10 col-md-8 col-sm-offset-1 col-md-offset-2 start-xs end-md margin-bottom-sixth\">\n\t\t\t\t\t\t\t\t\t\t\t<\/div>\n\t\t\t\t<\/div>\n\t\t\t\t<ul class=\"row\">\n\t\t\t\n<li class=\"col-xs-12 teaser-wrapper col-padding-remove\">\n\t<calendarteaser key=\"11950418268\" rawitem='{&quot;postId&quot;:119504,&quot;title&quot;:&quot;Blown Away: The Palace of the Republic&quot;,&quot;excerpt&quot;:&quot;&quot;,&quot;slug&quot;:&quot;hin-und-weg-der-palast-der-republik-ist-gegenwart&quot;,&quot;post_date&quot;:&quot;2023-12-18T15:27&quot;,&quot;type&quot;:&quot;event-period&quot;,&quot;permalink&quot;:&quot;https:\\\/\\\/www.humboldtforum.org\\\/en\\\/programm\\\/laufzeitangebot\\\/exhibition\\\/hin-und-weg-der-palast-der-republik-ist-gegenwart-119504\\\/&quot;,&quot;genre&quot;:[552,880],&quot;genre_details&quot;:[{&quot;text&quot;:&quot;Exhibition&quot;,&quot;id&quot;:552,&quot;icon&quot;:null,&quot;parent&quot;:0},{&quot;text&quot;:&quot;Programme&quot;,&quot;id&quot;:880,&quot;icon&quot;:null,&quot;parent&quot;:0}],&quot;language&quot;:[580,579],&quot;language_details&quot;:[{&quot;text&quot;:&quot;English&quot;,&quot;id&quot;:580,&quot;icon&quot;:null,&quot;parent&quot;:0},{&quot;text&quot;:&quot;German&quot;,&quot;id&quot;:579,&quot;icon&quot;:null,&quot;parent&quot;:0}],&quot;accessability&quot;:[596],&quot;accessability_details&quot;:[{&quot;text&quot;:&quot;Accessible for wheelchairs&quot;,&quot;id&quot;:596,&quot;icon&quot;:null,&quot;parent&quot;:0}],&quot;place&quot;:[1455],&quot;place_details&quot;:{&quot;place&quot;:&quot;Humboldt Forum&quot;,&quot;map&quot;:&quot;Humboldt Forum, Schlossplatz, Berlin&quot;,&quot;room&quot;:&quot;Special Exhibition 1 + 2, Ground Floor&quot;},&quot;icon_overwrite&quot;:&quot;&quot;,&quot;acf&quot;:{&quot;planning&quot;:{&quot;price&quot;:&quot;12 \\u20ac \\\/ 6 \\u20ac&quot;,&quot;status&quot;:&quot;BUY&quot;,&quot;info&quot;:&quot;&quot;,&quot;shop&quot;:&quot;https:\\\/\\\/tickets.humboldtforum.org\\\/#\\\/tickets\\\/time?museum_id=1&amp;exhibition_id=16&amp;group=day&amp;date=2024-05-17&quot;,&quot;can_purchase&quot;:true},&quot;periods&quot;:[{&quot;label&quot;:&quot;&quot;,&quot;dates&quot;:[{&quot;start&quot;:&quot;202405170000&quot;,&quot;end&quot;:&quot;202502160000&quot;,&quot;has_end&quot;:true,&quot;start_HRFSHORT&quot;:&quot;17\\\/05\\\/24&quot;,&quot;start_HRFSHORT_WD&quot;:&quot;Fri 17\\\/05\\\/2024&quot;,&quot;end_HRFSHORT&quot;:&quot;16\\\/02\\\/25&quot;}],&quot;monday&quot;:[{&quot;start&quot;:&quot;10:30&quot;,&quot;end&quot;:&quot;18:30&quot;,&quot;closed&quot;:false}],&quot;tuesday&quot;:[{&quot;start&quot;:null,&quot;end&quot;:null,&quot;closed&quot;:true}],&quot;wednesday&quot;:[{&quot;start&quot;:&quot;10:30&quot;,&quot;end&quot;:&quot;18:30&quot;,&quot;closed&quot;:false}],&quot;thursday&quot;:[{&quot;start&quot;:&quot;10:30&quot;,&quot;end&quot;:&quot;18:30&quot;,&quot;closed&quot;:false}],&quot;friday&quot;:[{&quot;start&quot;:&quot;10:30&quot;,&quot;end&quot;:&quot;18:30&quot;,&quot;closed&quot;:false}],&quot;saturday&quot;:[{&quot;start&quot;:&quot;10:30&quot;,&quot;end&quot;:&quot;18:30&quot;,&quot;closed&quot;:false}],&quot;sunday&quot;:[{&quot;start&quot;:&quot;10:30&quot;,&quot;end&quot;:&quot;18:30&quot;,&quot;closed&quot;:false}],&quot;info&quot;:&quot;Am Samstag, den 15.6.2024 ist die Ausstellung \\&quot;Hin und weg. Der Palast der Republik ist Gegenwart\\&quot; bis 21:00 ge\\u00f6ffnet&quot;,&quot;description&quot;:&quot;&quot;}],&quot;display_as_single&quot;:false,&quot;additional_info&quot;:{&quot;icon&quot;:&quot;icon-plus&quot;,&quot;text&quot;:&quot;02.02.2025 - Freier Eintritt zur Ausstellung&quot;},&quot;highlight_header&quot;:true,&quot;use_video_in_teasers&quot;:false,&quot;hyphenation&quot;:true,&quot;tipp&quot;:false,&quot;joker&quot;:false,&quot;live&quot;:false,&quot;hide_event_in_program&quot;:false,&quot;featured_images&quot;:[116565],&quot;highlight_header_image&quot;:121964,&quot;has_mobile_format&quot;:false,&quot;noindex&quot;:false,&quot;keywords&quot;:&quot;&quot;,&quot;shorturl&quot;:&quot;pdr_en&quot;,&quot;highlight_header_image_mobile&quot;:121973,&quot;events&quot;:{&quot;0&quot;:122087,&quot;1&quot;:126220,&quot;2&quot;:126444,&quot;3&quot;:126482,&quot;4&quot;:125151,&quot;5&quot;:126838,&quot;6&quot;:126843,&quot;7&quot;:126849,&quot;8&quot;:126863,&quot;9&quot;:126887,&quot;10&quot;:126891,&quot;11&quot;:126916,&quot;12&quot;:126948,&quot;13&quot;:126954,&quot;15&quot;:128047,&quot;16&quot;:127807,&quot;17&quot;:128092,&quot;18&quot;:129227,&quot;19&quot;:129460,&quot;20&quot;:128844,&quot;21&quot;:86152,&quot;22&quot;:132021,&quot;23&quot;:132333,&quot;24&quot;:132520,&quot;27&quot;:134451,&quot;28&quot;:135801,&quot;29&quot;:136030,&quot;30&quot;:136452,&quot;31&quot;:136666,&quot;32&quot;:137475,&quot;33&quot;:137507,&quot;34&quot;:137611,&quot;35&quot;:137652,&quot;36&quot;:137863,&quot;37&quot;:137881,&quot;38&quot;:139386,&quot;39&quot;:139596,&quot;40&quot;:140170,&quot;41&quot;:141231,&quot;42&quot;:141280,&quot;43&quot;:141318,&quot;44&quot;:141374,&quot;45&quot;:141535,&quot;46&quot;:142025,&quot;47&quot;:142031,&quot;48&quot;:142256},&quot;video&quot;:124299,&quot;tickettext&quot;:&quot;Day ticket required&quot;,&quot;infotext&quot;:&quot;Last admission 17:30&quot;,&quot;use_opening_hours_of_the_house&quot;:false,&quot;period_exception&quot;:[{&quot;label&quot;:&quot;&quot;,&quot;date&quot;:&quot;202412240000&quot;,&quot;closed&quot;:true,&quot;start&quot;:null,&quot;end&quot;:null,&quot;date_HRFSHORT&quot;:&quot;24\\\/12\\\/24&quot;},{&quot;label&quot;:&quot;&quot;,&quot;date&quot;:&quot;202412250000&quot;,&quot;closed&quot;:false,&quot;start&quot;:&quot;12:00&quot;,&quot;end&quot;:&quot;18:00&quot;,&quot;date_HRFSHORT&quot;:&quot;25\\\/12\\\/24&quot;},{&quot;label&quot;:&quot;&quot;,&quot;date&quot;:&quot;202412260000&quot;,&quot;closed&quot;:false,&quot;start&quot;:&quot;12:00&quot;,&quot;end&quot;:&quot;18:00&quot;,&quot;date_HRFSHORT&quot;:&quot;26\\\/12\\\/24&quot;},{&quot;label&quot;:&quot;&quot;,&quot;date&quot;:&quot;202412310000&quot;,&quot;closed&quot;:false,&quot;start&quot;:&quot;10:30&quot;,&quot;end&quot;:&quot;16:30&quot;,&quot;date_HRFSHORT&quot;:&quot;31\\\/12\\\/24&quot;},{&quot;label&quot;:&quot;&quot;,&quot;date&quot;:&quot;202501010000&quot;,&quot;closed&quot;:false,&quot;start&quot;:&quot;12:00&quot;,&quot;end&quot;:&quot;18:00&quot;,&quot;date_HRFSHORT&quot;:&quot;01\\\/01\\\/25&quot;},{&quot;label&quot;:&quot;&quot;,&quot;date&quot;:&quot;202410030000&quot;,&quot;closed&quot;:false,&quot;start&quot;:&quot;10:30&quot;,&quot;end&quot;:&quot;21:00&quot;,&quot;date_HRFSHORT&quot;:&quot;03\\\/10\\\/24&quot;},{&quot;label&quot;:&quot;&quot;,&quot;date&quot;:&quot;202410040000&quot;,&quot;closed&quot;:false,&quot;start&quot;:&quot;10:30&quot;,&quot;end&quot;:&quot;21:00&quot;,&quot;date_HRFSHORT&quot;:&quot;04\\\/10\\\/24&quot;},{&quot;label&quot;:&quot;&quot;,&quot;date&quot;:&quot;202410050000&quot;,&quot;closed&quot;:false,&quot;start&quot;:&quot;10:30&quot;,&quot;end&quot;:&quot;21:00&quot;,&quot;date_HRFSHORT&quot;:&quot;05\\\/10\\\/24&quot;}]},&quot;period_list&quot;:&quot;&quot;,&quot;period_exception&quot;:&quot;&quot;,&quot;date&quot;:{&quot;infinite&quot;:false,&quot;from_DATE&quot;:202405170000,&quot;from&quot;:1715941800,&quot;from_TIME&quot;:&quot;10:30&quot;,&quot;to&quot;:1739730600,&quot;to_DATE&quot;:202502160000,&quot;to_TIME&quot;:&quot;18:30&quot;,&quot;from_HRFSHORT&quot;:&quot;17 May 2024&quot;,&quot;from_HRFSHORT_WD&quot;:&quot;Fri 17\\\/05\\\/2024&quot;,&quot;from_HRF&quot;:&quot;Fri, 17 May 2024&quot;,&quot;to_HRF&quot;:&quot;Sun, 16 February 2025&quot;,&quot;to_HRFSHORT&quot;:&quot;16 Feb 2025&quot;,&quot;to_HRFSHORT_WD&quot;:&quot;Sun 16\\\/02\\\/2025&quot;,&quot;from_to_HRF&quot;:&quot;Fri, 17 May 2024 \\u2013 Sun, 16 February 2025&quot;,&quot;from_to_HRFSHORT&quot;:&quot;17 May 2024 \\u2013 16 Feb 2025&quot;,&quot;NXX&quot;:null,&quot;NLAST&quot;:&quot;202502161830&quot;},&quot;alert&quot;:&quot;Highlight&quot;,&quot;partof&quot;:[],&quot;marketing_topic&quot;:&quot;&quot;}' inline-template>\n\t<a href=\"https:\/\/www.humboldtforum.org\/en\/programm\/laufzeitangebot\/exhibition\/hin-und-weg-der-palast-der-republik-ist-gegenwart-119504\/\" class=\"teaser teaser-event-period teaser-event-standard\">\n\t\t<div class=\"row\">\n\t\t\t<div class=\"col-xs-12 col-sm-6 col-md-5 col-sm-offset-1 col-md-offset-2 first-sm teaser-event-text Infos\">\n\t\t\t\t<div class=\"teaser-event-standard-text\">\n\t\t\t\t\t<div class=\"margin-bottom-atom\">\n\t\t\t\t\t\t<div class=\"subline clamp-1\" v-html=\"maingenre\"><\/div>\n\t\t\t\t\t\t\t\t\t\t\t<\/div>\n\t\t\t\t\n\t\t\t\t\t<strong class=\"margin-bottom-atom h5\">Blown Away: The Palace of the Republic<\/strong>\n\n\t\t\t\t\t\t\t\t\t<\/div>\n\t\t\t\t<div class=\"teaser-bottom border-bottom\">\n\t\t\t\t<calendardateline :rawitem='item' :show-icon=\"true\"><\/calendardateline>\n\t\t\t\t\t<hr>\n\t\t\t\t<\/div>\n\t\t\t<\/div>\n\t\t\t<div class=\"col-xs-12 col-sm-4 col-md-3 teaser-event-image bottom-xs first-xs\">\n\t\t\t\t<div class=\"teaser-image teaser-image-no-alternate\">\n\t\t\t\t\t\t\t\t\t\t\t\t\t<span class=\"alert\">Highlight<\/span>\n\t\t\t\t\t\t\t\t\t\t\t\n\t<lazy-media-inline inline-template>\n\t\t<figure itemscope itemtype=\"http:\/\/schema.org\/ImageObject\" class=\"lazy-media-inline \" role=\"group\" id=\"media_69f375716996b\" aria-labelledby=\"desc_media_69f375716996b\">\n\t\t\t<script type=\"application\/json\" ref=\"data\">\n\t\t\t\t{\n\t\t\t\t\"sizes\" : {\"medium\":{\"file\":\"SHF_eb00216226-176x300.jpg\",\"width\":176,\"height\":300,\"mime-type\":\"image\\\/jpeg\",\"filesize\":15787},\"large\":{\"file\":\"SHF_eb00216226-599x1024.jpg\",\"width\":599,\"height\":1024,\"mime-type\":\"image\\\/jpeg\",\"filesize\":106669},\"thumbnail\":{\"file\":\"SHF_eb00216226-150x150.jpg\",\"width\":150,\"height\":150,\"mime-type\":\"image\\\/jpeg\",\"filesize\":7748},\"medium_large\":{\"file\":\"SHF_eb00216226-768x1312.jpg\",\"width\":768,\"height\":1312,\"mime-type\":\"image\\\/jpeg\",\"filesize\":157569},\"small\":{\"file\":\"SHF_eb00216226-258x440.jpg\",\"width\":258,\"height\":440,\"mime-type\":\"image\\\/jpeg\",\"filesize\":29161},\"semi\":{\"file\":\"SHF_eb00216226-339x580.jpg\",\"width\":339,\"height\":580,\"mime-type\":\"image\\\/jpeg\",\"filesize\":44726},\"mobile\":{\"file\":\"SHF_eb00216226-421x720.jpg\",\"width\":421,\"height\":720,\"mime-type\":\"image\\\/jpeg\",\"filesize\":61905},\"hd\":{\"file\":\"SHF_eb00216226-749x1280.jpg\",\"width\":749,\"height\":1280,\"mime-type\":\"image\\\/jpeg\",\"filesize\":151325},\"original\":{\"file\":\"SHF_eb00216226.jpg\",\"width\":878,\"height\":1500}},\n\t\t\t\t\"alt\" : \"Modern design featuring a large symbol in the center, surrounded by stylish lamps and two people in the foreground.\",\n\t\t\t\t\"path\" : \"\\\/wp-content\\\/uploads\\\/2024\\\/02\\\/\",\n\t\t\t\t\"video\" : null,\n\t\t\t\t\"autoplay\" : null,\n\t\t\t\t\"youtube\" : null,\n\t\t\t\t\"youtubelabel\" : \"Play video\",\n\t\t\t\t\"brightness\" : 100,\n\t\t\t\t\"crop\" : null,\n\t\t\t\t\"background\" : true,\n\t\t\t\t\"scale\" : 1\t\t\t\t}\n\t\t\t<\/script>\n\n\t\t\t<div class=\"height-container\" style=\"padding-bottom:170.84282460137%;\" v-if=\"sizes\">\n\t\t\t\t\t\t\t\t<lazy-media :inline=\"true\" :alt=\"alt\" :sizes=\"sizes\" :scale=\"scale\" :brightness=\"brightness\" :path=\"path\" :video=\"video\" :autoplay=\"autoplay\" :youtube=\"youtube\" :crop=\"crop\" :youtubelabel=\"youtubelabel\" :background=\"background\" media-id=\"desc_media_69f375716996b\"><\/lazy-media>\n\t\t\t\t\t\t\t<\/div>\n\n\t\t\t\t\t\t\t<figcaption class=\"sr-only\" ref=\"body\" id=\"desc_media_69f375716996b\">\n\t\t\t\t\t\t\t\t\t\t\t\t\t\t\t\t\t\t\t<\/figcaption>\n\t\t\t\t\t<\/figure>\n\t<\/lazy-media-inline>\n\t\t\t\t<\/div>\n\t\t\t<\/div>\n\t\t<\/div>\n\t<\/a>\n\t<\/calendarteaser>\n<\/li>\n\n\t\t\t\t<\/ul>\n\t\t\t<\/div>\n\t\t\t\t<\/lazy-component>\n<\/section>\n\n\n\n<section class=\"block block-CTA block-CTA-long leftgradient\">\n\t<div class=\"container-fluid\">\n\t\t<div class=\"row center-xs\">\n\t\t\t<div class=\"col-xs-12\">\n\t\t\t\t<div class=\"box\">\n\t\t\t\t\t<a href=\"https:\/\/www.humboldtforum.org\/en\/newsletter-2\/\" aria-label=\"Stay up to date.\" class=\"teaser teaser-cta-wide \">\n\t\t\t\t\t\t<div class=\"teaser-image\">\n\t\t\t\t\t\t\t\n\t<lazy-media-inline inline-template>\n\t\t<figure itemscope itemtype=\"http:\/\/schema.org\/ImageObject\" class=\"lazy-media-inline \" role=\"group\" id=\"media_69f375716b5d9\" aria-labelledby=\"desc_media_69f375716b5d9\">\n\t\t\t<script type=\"application\/json\" ref=\"data\">\n\t\t\t\t{\n\t\t\t\t\"sizes\" : {\"medium\":{\"file\":\"HF_eb00061823-scaled-300x200.jpg\",\"width\":300,\"height\":200,\"mime-type\":\"image\\\/jpeg\",\"filesize\":19186},\"large\":{\"file\":\"HF_eb00061823-scaled-1024x683.jpg\",\"width\":1024,\"height\":683,\"mime-type\":\"image\\\/jpeg\",\"filesize\":138597},\"thumbnail\":{\"file\":\"HF_eb00061823-scaled-150x150.jpg\",\"width\":150,\"height\":150,\"mime-type\":\"image\\\/jpeg\",\"filesize\":8481},\"medium_large\":{\"file\":\"HF_eb00061823-scaled-768x512.jpg\",\"width\":768,\"height\":512,\"mime-type\":\"image\\\/jpeg\",\"filesize\":86200},\"small\":{\"file\":\"HF_eb00061823-scaled-440x293.jpg\",\"width\":440,\"height\":293,\"mime-type\":\"image\\\/jpeg\",\"filesize\":35525},\"semi\":{\"file\":\"HF_eb00061823-scaled-580x387.jpg\",\"width\":580,\"height\":387,\"mime-type\":\"image\\\/jpeg\",\"filesize\":55724},\"mobile\":{\"file\":\"HF_eb00061823-scaled-720x480.jpg\",\"width\":720,\"height\":480,\"mime-type\":\"image\\\/jpeg\",\"filesize\":77971},\"hd\":{\"file\":\"HF_eb00061823-scaled-1280x854.jpg\",\"width\":1280,\"height\":854,\"mime-type\":\"image\\\/jpeg\",\"filesize\":202477},\"full\":{\"file\":\"HF_eb00061823-scaled-1920x1280.jpg\",\"width\":1920,\"height\":1280,\"mime-type\":\"image\\\/jpeg\",\"filesize\":386736},\"1536x1536\":{\"file\":\"HF_eb00061823-scaled-1536x1024.jpg\",\"width\":1536,\"height\":1024,\"mime-type\":\"image\\\/jpeg\",\"filesize\":266197},\"2048x2048\":{\"file\":\"HF_eb00061823-scaled-2048x1366.jpg\",\"width\":2048,\"height\":1366,\"mime-type\":\"image\\\/jpeg\",\"filesize\":430206},\"original\":{\"file\":\"HF_eb00061823-scaled.jpg\",\"width\":2560,\"height\":1707}},\n\t\t\t\t\"alt\" : \"The brightly lit foyer and the Infopoint, DJ booth, the Cosmograph media tower and many visitors milling about\",\n\t\t\t\t\"path\" : \"\\\/wp-content\\\/uploads\\\/2020\\\/04\\\/\",\n\t\t\t\t\"video\" : null,\n\t\t\t\t\"autoplay\" : null,\n\t\t\t\t\"youtube\" : null,\n\t\t\t\t\"youtubelabel\" : \"Play video\",\n\t\t\t\t\"brightness\" : \"70\",\n\t\t\t\t\"crop\" : {\"top\":\"90.17\",\"left\":\"40.27\"},\n\t\t\t\t\"background\" : true,\n\t\t\t\t\"scale\" : 2\t\t\t\t}\n\t\t\t<\/script>\n\n\t\t\t<div class=\"height-container\" style=\"padding-bottom:66.6796875%;\" v-if=\"sizes\">\n\t\t\t\t\t\t\t\t<lazy-media :inline=\"true\" :alt=\"alt\" :sizes=\"sizes\" :scale=\"scale\" :brightness=\"brightness\" :path=\"path\" :video=\"video\" :autoplay=\"autoplay\" :youtube=\"youtube\" :crop=\"crop\" :youtubelabel=\"youtubelabel\" :background=\"background\" media-id=\"desc_media_69f375716b5d9\"><\/lazy-media>\n\t\t\t\t\t\t\t<\/div>\n\n\t\t\t\t\t\t\t<figcaption class=\"sr-only\" ref=\"body\" id=\"desc_media_69f375716b5d9\">\n\t\t\t\t\t\t\t\t\t\t\t<div>In the Humboldt Forum&#039;s foyer there is a 17 meter high media tower, called &quot;cosmograph&quot;. It gives visitors comprehensive information about their visit and can transform into an art and light installation.<\/div>\n\t\t\t\t\t\t\t\t\t\t\t\t\t\t\t\t\t\t\t\t\t<div class=\"insignificant\">\u00a9 SHF \/ David von Becker<\/div>\n\t\t\t\t\t\t\t\t\t<\/figcaption>\n\t\t\t\t\t<\/figure>\n\t<\/lazy-media-inline>\n\t\t\t\t\t\t<\/div>\n\t\t\t\t\t\t<div class=\"teaser-content \">\n\t\t\t\t\t\t\t<div>\n\t\t\t\t\t\t\t\t\t\t\t\t\t\t\t\t<div class=\"teaser-header\"><span class=\"h3\">Stay up to date.<\/span><\/div>\n\t\t\t\t\t\t\t\t<div class=\"teaser-subline\"><span class=\"font-decoration\">Subscribe to our newsletter<\/span><\/div>\t\t\t\t\t\t\t\t<button tabindex=\"-1\" class=\"border\">Click here<\/button>\n\t\t\t\t\t\t\t<\/div>\n\t\t\t\t\t\t<\/div>\n\t\t\t\t\t<\/a>\n\t\t\t\t<\/div>\n\t\t\t<\/div>\n\t\t<\/div>\n\t<\/div>\n<\/section>\n","protected":false},"template":"","genre":[569],"digital":[],"topic":[],"stakeholder":[595],"editorial":[],"editorialfilter":[],"targetgroup":[],"language":[580,579],"accessability":[],"age":[1602],"school":[],"groupsize":[],"place":[1180],"class_list":["post-122087","event","type-event","status-publish","hentry","genre-concert","stakeholder-stiftung-humboldt-forum-im-berliner-schloss-en","language-english","language-german","age-12-years-and-older","place-hall-1-ground-floor"],"acf":[],"_links":{"self":[{"href":"https:\/\/www.humboldtforum.org\/en\/wp-json\/wp\/v2\/event\/122087","targetHints":{"allow":["GET"]}}],"collection":[{"href":"https:\/\/www.humboldtforum.org\/en\/wp-json\/wp\/v2\/event"}],"about":[{"href":"https:\/\/www.humboldtforum.org\/en\/wp-json\/wp\/v2\/types\/event"}],"version-history":[{"count":12,"href":"https:\/\/www.humboldtforum.org\/en\/wp-json\/wp\/v2\/event\/122087\/revisions"}],"predecessor-version":[{"id":146190,"href":"https:\/\/www.humboldtforum.org\/en\/wp-json\/wp\/v2\/event\/122087\/revisions\/146190"}],"wp:attachment":[{"href":"https:\/\/www.humboldtforum.org\/en\/wp-json\/wp\/v2\/media?parent=122087"}],"wp:term":[{"taxonomy":"genre","embeddable":true,"href":"https:\/\/www.humboldtforum.org\/en\/wp-json\/wp\/v2\/genre?post=122087"},{"taxonomy":"digital","embeddable":true,"href":"https:\/\/www.humboldtforum.org\/en\/wp-json\/wp\/v2\/digital?post=122087"},{"taxonomy":"topic","embeddable":true,"href":"https:\/\/www.humboldtforum.org\/en\/wp-json\/wp\/v2\/topic?post=122087"},{"taxonomy":"stakeholder","embeddable":true,"href":"https:\/\/www.humboldtforum.org\/en\/wp-json\/wp\/v2\/stakeholder?post=122087"},{"taxonomy":"editorial","embeddable":true,"href":"https:\/\/www.humboldtforum.org\/en\/wp-json\/wp\/v2\/editorial?post=122087"},{"taxonomy":"editorialfilter","embeddable":true,"href":"https:\/\/www.humboldtforum.org\/en\/wp-json\/wp\/v2\/editorialfilter?post=122087"},{"taxonomy":"targetgroup","embeddable":true,"href":"https:\/\/www.humboldtforum.org\/en\/wp-json\/wp\/v2\/targetgroup?post=122087"},{"taxonomy":"language","embeddable":true,"href":"https:\/\/www.humboldtforum.org\/en\/wp-json\/wp\/v2\/language?post=122087"},{"taxonomy":"accessability","embeddable":true,"href":"https:\/\/www.humboldtforum.org\/en\/wp-json\/wp\/v2\/accessability?post=122087"},{"taxonomy":"age","embeddable":true,"href":"https:\/\/www.humboldtforum.org\/en\/wp-json\/wp\/v2\/age?post=122087"},{"taxonomy":"school","embeddable":true,"href":"https:\/\/www.humboldtforum.org\/en\/wp-json\/wp\/v2\/school?post=122087"},{"taxonomy":"groupsize","embeddable":true,"href":"https:\/\/www.humboldtforum.org\/en\/wp-json\/wp\/v2\/groupsize?post=122087"},{"taxonomy":"place","embeddable":true,"href":"https:\/\/www.humboldtforum.org\/en\/wp-json\/wp\/v2\/place?post=122087"}],"curies":[{"name":"wp","href":"https:\/\/api.w.org\/{rel}","templated":true}]}}