{"id":125151,"date":"2024-03-07T10:37:33","date_gmt":"2024-03-07T09:37:33","guid":{"rendered":"https:\/\/www.humboldtforum.org\/?post_type=event&#038;p=125151"},"modified":"2024-05-21T11:00:10","modified_gmt":"2024-05-21T09:00:10","slug":"build-up-tear-down","status":"publish","type":"event","link":"https:\/\/www.humboldtforum.org\/en\/programm\/termin\/theatre\/build-up-tear-down-125151\/","title":{"rendered":"Build up! Tear down!"},"content":{"rendered":"\n<section class=\"block block-gallery\">\n\t<div class=\"container-fluid\">\n\t\t<div class=\"row center-xs\">\n\t\t\t<div class=\"col-xs-12\">\n\t\t\t\t<div class=\"box text-align-left\">\n\t\t\t\t\t<block-gallery inline-template>\n\t\t\t\t\t\t<div :class=\"{ firstLoaded: firstLoaded }\">\n\t\t\t\t\t\t\t<script type=\"application\/json\" ref=\"data\">\n\t\t\t\t\t\t\t{\n\t\t\t\t\t\t\t\t\"images\" : [{\"id\":0,\"width\":6000,\"height\":4000,\"alt\":\"Women in traditional attire sing together, surrounded by a festive atmosphere.\",\"title\":\"\",\"description\":\"\",\"label\":\"Second final rehearsal for the theater spectacle &quot;Build up! Tear down!&quot; at Humboldt Forum on May 14, 2024\",\"copyright\":\"Stiftung Humboldt Forum im Berliner Schloss, Foto: Stefanie Loos\",\"path\":\"\\\/wp-content\\\/uploads\\\/2023\\\/12\\\/\",\"sizes\":{\"medium\":{\"file\":\"StefanieLoos_SL20240514p2315-300x200.jpg\",\"width\":300,\"height\":200,\"mime-type\":\"image\\\/jpeg\",\"filesize\":16510},\"large\":{\"file\":\"StefanieLoos_SL20240514p2315-1024x683.jpg\",\"width\":1024,\"height\":683,\"mime-type\":\"image\\\/jpeg\",\"filesize\":109026},\"thumbnail\":{\"file\":\"StefanieLoos_SL20240514p2315-150x150.jpg\",\"width\":150,\"height\":150,\"mime-type\":\"image\\\/jpeg\",\"filesize\":7843},\"medium_large\":{\"file\":\"StefanieLoos_SL20240514p2315-768x512.jpg\",\"width\":768,\"height\":512,\"mime-type\":\"image\\\/jpeg\",\"filesize\":70388},\"small\":{\"file\":\"StefanieLoos_SL20240514p2315-440x293.jpg\",\"width\":440,\"height\":293,\"mime-type\":\"image\\\/jpeg\",\"filesize\":30161},\"semi\":{\"file\":\"StefanieLoos_SL20240514p2315-580x387.jpg\",\"width\":580,\"height\":387,\"mime-type\":\"image\\\/jpeg\",\"filesize\":46614},\"mobile\":{\"file\":\"StefanieLoos_SL20240514p2315-720x480.jpg\",\"width\":720,\"height\":480,\"mime-type\":\"image\\\/jpeg\",\"filesize\":63555},\"hd\":{\"file\":\"StefanieLoos_SL20240514p2315-1280x853.jpg\",\"width\":1280,\"height\":853,\"mime-type\":\"image\\\/jpeg\",\"filesize\":153268},\"full\":{\"file\":\"StefanieLoos_SL20240514p2315-1920x1280.jpg\",\"width\":1920,\"height\":1280,\"mime-type\":\"image\\\/jpeg\",\"filesize\":284436},\"xxl\":{\"file\":\"StefanieLoos_SL20240514p2315-4048x2699.jpg\",\"width\":4048,\"height\":2699,\"mime-type\":\"image\\\/jpeg\",\"filesize\":942594},\"1536x1536\":{\"file\":\"StefanieLoos_SL20240514p2315-1536x1024.jpg\",\"width\":1536,\"height\":1024,\"mime-type\":\"image\\\/jpeg\",\"filesize\":201815},\"2048x2048\":{\"file\":\"StefanieLoos_SL20240514p2315-2048x1365.jpg\",\"width\":2048,\"height\":1365,\"mime-type\":\"image\\\/jpeg\",\"filesize\":316191},\"original\":{\"file\":\"StefanieLoos_SL20240514p2315.jpg\",\"width\":6000,\"height\":4000}}},{\"id\":1,\"width\":6000,\"height\":4000,\"alt\":\"Dancing artists in square copper costumes, surrounded by floating cubes in a modern exhibition space.\",\"title\":\"\",\"description\":\"\",\"label\":\"Second final rehearsal for the theater spectacle &quot;Build up! Tear down!&quot; at Humboldt Forum on May 14, 2024\",\"copyright\":\"\",\"path\":\"\\\/wp-content\\\/uploads\\\/2023\\\/12\\\/\",\"sizes\":{\"medium\":{\"file\":\"StefanieLoos_SL20240514p2175-300x200.jpg\",\"width\":300,\"height\":200,\"mime-type\":\"image\\\/jpeg\",\"filesize\":15102},\"large\":{\"file\":\"StefanieLoos_SL20240514p2175-1024x683.jpg\",\"width\":1024,\"height\":683,\"mime-type\":\"image\\\/jpeg\",\"filesize\":104219},\"thumbnail\":{\"file\":\"StefanieLoos_SL20240514p2175-150x150.jpg\",\"width\":150,\"height\":150,\"mime-type\":\"image\\\/jpeg\",\"filesize\":7101},\"medium_large\":{\"file\":\"StefanieLoos_SL20240514p2175-768x512.jpg\",\"width\":768,\"height\":512,\"mime-type\":\"image\\\/jpeg\",\"filesize\":65711},\"small\":{\"file\":\"StefanieLoos_SL20240514p2175-440x293.jpg\",\"width\":440,\"height\":293,\"mime-type\":\"image\\\/jpeg\",\"filesize\":27591},\"semi\":{\"file\":\"StefanieLoos_SL20240514p2175-580x387.jpg\",\"width\":580,\"height\":387,\"mime-type\":\"image\\\/jpeg\",\"filesize\":42696},\"mobile\":{\"file\":\"StefanieLoos_SL20240514p2175-720x480.jpg\",\"width\":720,\"height\":480,\"mime-type\":\"image\\\/jpeg\",\"filesize\":59408},\"hd\":{\"file\":\"StefanieLoos_SL20240514p2175-1280x853.jpg\",\"width\":1280,\"height\":853,\"mime-type\":\"image\\\/jpeg\",\"filesize\":147211},\"full\":{\"file\":\"StefanieLoos_SL20240514p2175-1920x1280.jpg\",\"width\":1920,\"height\":1280,\"mime-type\":\"image\\\/jpeg\",\"filesize\":277645},\"xxl\":{\"file\":\"StefanieLoos_SL20240514p2175-4048x2699.jpg\",\"width\":4048,\"height\":2699,\"mime-type\":\"image\\\/jpeg\",\"filesize\":934596},\"1536x1536\":{\"file\":\"StefanieLoos_SL20240514p2175-1536x1024.jpg\",\"width\":1536,\"height\":1024,\"mime-type\":\"image\\\/jpeg\",\"filesize\":195467},\"2048x2048\":{\"file\":\"StefanieLoos_SL20240514p2175-2048x1365.jpg\",\"width\":2048,\"height\":1365,\"mime-type\":\"image\\\/jpeg\",\"filesize\":309071},\"original\":{\"file\":\"StefanieLoos_SL20240514p2175.jpg\",\"width\":6000,\"height\":4000}}},{\"id\":2,\"width\":6000,\"height\":4000,\"alt\":\"People in a modern event space sitting at tables and communicating with each other. Background with text.\",\"title\":\"\",\"description\":\"\",\"label\":\"Second final rehearsal for the theater spectacle &quot;Build up! Tear down!&quot; at Humboldt Forum on May 14, 2024\",\"copyright\":\"Stiftung Humboldt Forum im Berliner Schloss, Foto: Stefanie Loos\",\"path\":\"\\\/wp-content\\\/uploads\\\/2023\\\/12\\\/\",\"sizes\":{\"medium\":{\"file\":\"StefanieLoos_SL20240514p2025-300x200.jpg\",\"width\":300,\"height\":200,\"mime-type\":\"image\\\/jpeg\",\"filesize\":13487},\"large\":{\"file\":\"StefanieLoos_SL20240514p2025-1024x683.jpg\",\"width\":1024,\"height\":683,\"mime-type\":\"image\\\/jpeg\",\"filesize\":78757},\"thumbnail\":{\"file\":\"StefanieLoos_SL20240514p2025-150x150.jpg\",\"width\":150,\"height\":150,\"mime-type\":\"image\\\/jpeg\",\"filesize\":6806},\"medium_large\":{\"file\":\"StefanieLoos_SL20240514p2025-768x512.jpg\",\"width\":768,\"height\":512,\"mime-type\":\"image\\\/jpeg\",\"filesize\":51867},\"small\":{\"file\":\"StefanieLoos_SL20240514p2025-440x293.jpg\",\"width\":440,\"height\":293,\"mime-type\":\"image\\\/jpeg\",\"filesize\":23537},\"semi\":{\"file\":\"StefanieLoos_SL20240514p2025-580x387.jpg\",\"width\":580,\"height\":387,\"mime-type\":\"image\\\/jpeg\",\"filesize\":35144},\"mobile\":{\"file\":\"StefanieLoos_SL20240514p2025-720x480.jpg\",\"width\":720,\"height\":480,\"mime-type\":\"image\\\/jpeg\",\"filesize\":47359},\"hd\":{\"file\":\"StefanieLoos_SL20240514p2025-1280x853.jpg\",\"width\":1280,\"height\":853,\"mime-type\":\"image\\\/jpeg\",\"filesize\":109118},\"full\":{\"file\":\"StefanieLoos_SL20240514p2025-1920x1280.jpg\",\"width\":1920,\"height\":1280,\"mime-type\":\"image\\\/jpeg\",\"filesize\":198641},\"xxl\":{\"file\":\"StefanieLoos_SL20240514p2025-4048x2699.jpg\",\"width\":4048,\"height\":2699,\"mime-type\":\"image\\\/jpeg\",\"filesize\":630698},\"1536x1536\":{\"file\":\"StefanieLoos_SL20240514p2025-1536x1024.jpg\",\"width\":1536,\"height\":1024,\"mime-type\":\"image\\\/jpeg\",\"filesize\":142460},\"2048x2048\":{\"file\":\"StefanieLoos_SL20240514p2025-2048x1365.jpg\",\"width\":2048,\"height\":1365,\"mime-type\":\"image\\\/jpeg\",\"filesize\":219302},\"original\":{\"file\":\"StefanieLoos_SL20240514p2025.jpg\",\"width\":6000,\"height\":4000}}},{\"id\":3,\"width\":6000,\"height\":4000,\"alt\":\"Smiling man in a suit with outstretched arm, speaking at a table surrounded by people.\",\"title\":\"\",\"description\":\"\",\"label\":\"Second final rehearsal for the theater spectacle &quot;Build up! Tear down!&quot; at Humboldt Forum on May 14, 2024\",\"copyright\":\"Stiftung Humboldt Forum im Berliner Schloss, Photo: Stefanie Loos\",\"path\":\"\\\/wp-content\\\/uploads\\\/2023\\\/12\\\/\",\"sizes\":{\"medium\":{\"file\":\"StefanieLoos_SL20240514p2001-300x200.jpg\",\"width\":300,\"height\":200,\"mime-type\":\"image\\\/jpeg\",\"filesize\":13421},\"large\":{\"file\":\"StefanieLoos_SL20240514p2001-1024x683.jpg\",\"width\":1024,\"height\":683,\"mime-type\":\"image\\\/jpeg\",\"filesize\":82581},\"thumbnail\":{\"file\":\"StefanieLoos_SL20240514p2001-150x150.jpg\",\"width\":150,\"height\":150,\"mime-type\":\"image\\\/jpeg\",\"filesize\":6852},\"medium_large\":{\"file\":\"StefanieLoos_SL20240514p2001-768x512.jpg\",\"width\":768,\"height\":512,\"mime-type\":\"image\\\/jpeg\",\"filesize\":52285},\"small\":{\"file\":\"StefanieLoos_SL20240514p2001-440x293.jpg\",\"width\":440,\"height\":293,\"mime-type\":\"image\\\/jpeg\",\"filesize\":23164},\"semi\":{\"file\":\"StefanieLoos_SL20240514p2001-580x387.jpg\",\"width\":580,\"height\":387,\"mime-type\":\"image\\\/jpeg\",\"filesize\":35016},\"mobile\":{\"file\":\"StefanieLoos_SL20240514p2001-720x480.jpg\",\"width\":720,\"height\":480,\"mime-type\":\"image\\\/jpeg\",\"filesize\":47339},\"hd\":{\"file\":\"StefanieLoos_SL20240514p2001-1280x853.jpg\",\"width\":1280,\"height\":853,\"mime-type\":\"image\\\/jpeg\",\"filesize\":120763},\"full\":{\"file\":\"StefanieLoos_SL20240514p2001-1920x1280.jpg\",\"width\":1920,\"height\":1280,\"mime-type\":\"image\\\/jpeg\",\"filesize\":265554},\"xxl\":{\"file\":\"StefanieLoos_SL20240514p2001-4048x2699.jpg\",\"width\":4048,\"height\":2699,\"mime-type\":\"image\\\/jpeg\",\"filesize\":1397419},\"1536x1536\":{\"file\":\"StefanieLoos_SL20240514p2001-1536x1024.jpg\",\"width\":1536,\"height\":1024,\"mime-type\":\"image\\\/jpeg\",\"filesize\":168663},\"2048x2048\":{\"file\":\"StefanieLoos_SL20240514p2001-2048x1365.jpg\",\"width\":2048,\"height\":1365,\"mime-type\":\"image\\\/jpeg\",\"filesize\":302928},\"original\":{\"file\":\"StefanieLoos_SL20240514p2001.jpg\",\"width\":6000,\"height\":4000}}},{\"id\":4,\"width\":6000,\"height\":4000,\"alt\":\"Person with headphones in the foreground while an event with participants takes place in the background.\",\"title\":\"\",\"description\":\"\",\"label\":\"Second final rehearsal for the theater spectacle &quot;Build up! Tear down!&quot; at Humboldt Forum on May 14, 2024\",\"copyright\":\"Stiftung Humboldt Forum im Berliner Schloss, Photo: Stefanie Loos\",\"path\":\"\\\/wp-content\\\/uploads\\\/2023\\\/12\\\/\",\"sizes\":{\"medium\":{\"file\":\"StefanieLoos_SL20240514p1950-300x200.jpg\",\"width\":300,\"height\":200,\"mime-type\":\"image\\\/jpeg\",\"filesize\":9927},\"large\":{\"file\":\"StefanieLoos_SL20240514p1950-1024x683.jpg\",\"width\":1024,\"height\":683,\"mime-type\":\"image\\\/jpeg\",\"filesize\":52715},\"thumbnail\":{\"file\":\"StefanieLoos_SL20240514p1950-150x150.jpg\",\"width\":150,\"height\":150,\"mime-type\":\"image\\\/jpeg\",\"filesize\":5229},\"medium_large\":{\"file\":\"StefanieLoos_SL20240514p1950-768x512.jpg\",\"width\":768,\"height\":512,\"mime-type\":\"image\\\/jpeg\",\"filesize\":35016},\"small\":{\"file\":\"StefanieLoos_SL20240514p1950-440x293.jpg\",\"width\":440,\"height\":293,\"mime-type\":\"image\\\/jpeg\",\"filesize\":16550},\"semi\":{\"file\":\"StefanieLoos_SL20240514p1950-580x387.jpg\",\"width\":580,\"height\":387,\"mime-type\":\"image\\\/jpeg\",\"filesize\":24132},\"mobile\":{\"file\":\"StefanieLoos_SL20240514p1950-720x480.jpg\",\"width\":720,\"height\":480,\"mime-type\":\"image\\\/jpeg\",\"filesize\":31988},\"hd\":{\"file\":\"StefanieLoos_SL20240514p1950-1280x853.jpg\",\"width\":1280,\"height\":853,\"mime-type\":\"image\\\/jpeg\",\"filesize\":72327},\"full\":{\"file\":\"StefanieLoos_SL20240514p1950-1920x1280.jpg\",\"width\":1920,\"height\":1280,\"mime-type\":\"image\\\/jpeg\",\"filesize\":131182},\"xxl\":{\"file\":\"StefanieLoos_SL20240514p1950-4048x2699.jpg\",\"width\":4048,\"height\":2699,\"mime-type\":\"image\\\/jpeg\",\"filesize\":435978},\"1536x1536\":{\"file\":\"StefanieLoos_SL20240514p1950-1536x1024.jpg\",\"width\":1536,\"height\":1024,\"mime-type\":\"image\\\/jpeg\",\"filesize\":94238},\"2048x2048\":{\"file\":\"StefanieLoos_SL20240514p1950-2048x1365.jpg\",\"width\":2048,\"height\":1365,\"mime-type\":\"image\\\/jpeg\",\"filesize\":145432},\"original\":{\"file\":\"StefanieLoos_SL20240514p1950.jpg\",\"width\":6000,\"height\":4000}}},{\"id\":5,\"width\":6000,\"height\":4000,\"alt\":\"A tour of a historical site with three people in protective gear and a guide explaining.\",\"title\":\"\",\"description\":\"\",\"label\":\"Second final rehearsal for the theater spectacle &quot;Build up! Tear down!&quot; at Humboldt Forum on May 14, 2024\",\"copyright\":\"Stiftung Humboldt Forum im Berliner Schloss, Photo: Stefanie Loos\",\"path\":\"\\\/wp-content\\\/uploads\\\/2023\\\/12\\\/\",\"sizes\":{\"medium\":{\"file\":\"StefanieLoos_SL20240514p1574-300x200.jpg\",\"width\":300,\"height\":200,\"mime-type\":\"image\\\/jpeg\",\"filesize\":10679},\"large\":{\"file\":\"StefanieLoos_SL20240514p1574-1024x683.jpg\",\"width\":1024,\"height\":683,\"mime-type\":\"image\\\/jpeg\",\"filesize\":72578},\"thumbnail\":{\"file\":\"StefanieLoos_SL20240514p1574-150x150.jpg\",\"width\":150,\"height\":150,\"mime-type\":\"image\\\/jpeg\",\"filesize\":5484},\"medium_large\":{\"file\":\"StefanieLoos_SL20240514p1574-768x512.jpg\",\"width\":768,\"height\":512,\"mime-type\":\"image\\\/jpeg\",\"filesize\":45493},\"small\":{\"file\":\"StefanieLoos_SL20240514p1574-440x293.jpg\",\"width\":440,\"height\":293,\"mime-type\":\"image\\\/jpeg\",\"filesize\":18996},\"semi\":{\"file\":\"StefanieLoos_SL20240514p1574-580x387.jpg\",\"width\":580,\"height\":387,\"mime-type\":\"image\\\/jpeg\",\"filesize\":29654},\"mobile\":{\"file\":\"StefanieLoos_SL20240514p1574-720x480.jpg\",\"width\":720,\"height\":480,\"mime-type\":\"image\\\/jpeg\",\"filesize\":41167},\"hd\":{\"file\":\"StefanieLoos_SL20240514p1574-1280x853.jpg\",\"width\":1280,\"height\":853,\"mime-type\":\"image\\\/jpeg\",\"filesize\":104040},\"full\":{\"file\":\"StefanieLoos_SL20240514p1574-1920x1280.jpg\",\"width\":1920,\"height\":1280,\"mime-type\":\"image\\\/jpeg\",\"filesize\":202749},\"xxl\":{\"file\":\"StefanieLoos_SL20240514p1574-4048x2699.jpg\",\"width\":4048,\"height\":2699,\"mime-type\":\"image\\\/jpeg\",\"filesize\":744565},\"1536x1536\":{\"file\":\"StefanieLoos_SL20240514p1574-1536x1024.jpg\",\"width\":1536,\"height\":1024,\"mime-type\":\"image\\\/jpeg\",\"filesize\":139763},\"2048x2048\":{\"file\":\"StefanieLoos_SL20240514p1574-2048x1365.jpg\",\"width\":2048,\"height\":1365,\"mime-type\":\"image\\\/jpeg\",\"filesize\":226659},\"original\":{\"file\":\"StefanieLoos_SL20240514p1574.jpg\",\"width\":6000,\"height\":4000}}},{\"id\":6,\"width\":6000,\"height\":4000,\"alt\":\"Choir in blue overalls and helmets sings while musicians play the piano and drums.\",\"title\":\"\",\"description\":\"\",\"label\":\"Second final rehearsal for the theater spectacle &quot;Build up! Tear down!&quot; at Humboldt Forum on May 14, 2024\",\"copyright\":\"Stiftung Humboldt Forum im Berliner Schloss, Photo: Stefanie Loos\",\"path\":\"\\\/wp-content\\\/uploads\\\/2023\\\/12\\\/\",\"sizes\":{\"medium\":{\"file\":\"StefanieLoos_SL20240514p1317-300x200.jpg\",\"width\":300,\"height\":200,\"mime-type\":\"image\\\/jpeg\",\"filesize\":19310},\"large\":{\"file\":\"StefanieLoos_SL20240514p1317-1024x683.jpg\",\"width\":1024,\"height\":683,\"mime-type\":\"image\\\/jpeg\",\"filesize\":134132},\"thumbnail\":{\"file\":\"StefanieLoos_SL20240514p1317-150x150.jpg\",\"width\":150,\"height\":150,\"mime-type\":\"image\\\/jpeg\",\"filesize\":8452},\"medium_large\":{\"file\":\"StefanieLoos_SL20240514p1317-768x512.jpg\",\"width\":768,\"height\":512,\"mime-type\":\"image\\\/jpeg\",\"filesize\":85551},\"small\":{\"file\":\"StefanieLoos_SL20240514p1317-440x293.jpg\",\"width\":440,\"height\":293,\"mime-type\":\"image\\\/jpeg\",\"filesize\":35782},\"semi\":{\"file\":\"StefanieLoos_SL20240514p1317-580x387.jpg\",\"width\":580,\"height\":387,\"mime-type\":\"image\\\/jpeg\",\"filesize\":55941},\"mobile\":{\"file\":\"StefanieLoos_SL20240514p1317-720x480.jpg\",\"width\":720,\"height\":480,\"mime-type\":\"image\\\/jpeg\",\"filesize\":77669},\"hd\":{\"file\":\"StefanieLoos_SL20240514p1317-1280x853.jpg\",\"width\":1280,\"height\":853,\"mime-type\":\"image\\\/jpeg\",\"filesize\":188416},\"full\":{\"file\":\"StefanieLoos_SL20240514p1317-1920x1280.jpg\",\"width\":1920,\"height\":1280,\"mime-type\":\"image\\\/jpeg\",\"filesize\":347592},\"xxl\":{\"file\":\"StefanieLoos_SL20240514p1317-4048x2699.jpg\",\"width\":4048,\"height\":2699,\"mime-type\":\"image\\\/jpeg\",\"filesize\":1117046},\"1536x1536\":{\"file\":\"StefanieLoos_SL20240514p1317-1536x1024.jpg\",\"width\":1536,\"height\":1024,\"mime-type\":\"image\\\/jpeg\",\"filesize\":247000},\"2048x2048\":{\"file\":\"StefanieLoos_SL20240514p1317-2048x1365.jpg\",\"width\":2048,\"height\":1365,\"mime-type\":\"image\\\/jpeg\",\"filesize\":385055},\"original\":{\"file\":\"StefanieLoos_SL20240514p1317.jpg\",\"width\":6000,\"height\":4000}}},{\"id\":7,\"width\":6000,\"height\":4000,\"alt\":\"Group of people in blue jackets on a rooftop with a city view in the background.\",\"title\":\"\",\"description\":\"\",\"label\":\"Second final rehearsal for the theater spectacle &quot;Build up! Tear down!&quot; at Humboldt Forum on May 14, 2024\",\"copyright\":\"Stiftung Humboldt Forum im Berliner Schloss, Photo: Stefanie Loos\",\"path\":\"\\\/wp-content\\\/uploads\\\/2023\\\/12\\\/\",\"sizes\":{\"medium\":{\"file\":\"StefanieLoos_SL20240514p1220-300x200.jpg\",\"width\":300,\"height\":200,\"mime-type\":\"image\\\/jpeg\",\"filesize\":12936},\"large\":{\"file\":\"StefanieLoos_SL20240514p1220-1024x683.jpg\",\"width\":1024,\"height\":683,\"mime-type\":\"image\\\/jpeg\",\"filesize\":98861},\"thumbnail\":{\"file\":\"StefanieLoos_SL20240514p1220-150x150.jpg\",\"width\":150,\"height\":150,\"mime-type\":\"image\\\/jpeg\",\"filesize\":5729},\"medium_large\":{\"file\":\"StefanieLoos_SL20240514p1220-768x512.jpg\",\"width\":768,\"height\":512,\"mime-type\":\"image\\\/jpeg\",\"filesize\":61028},\"small\":{\"file\":\"StefanieLoos_SL20240514p1220-440x293.jpg\",\"width\":440,\"height\":293,\"mime-type\":\"image\\\/jpeg\",\"filesize\":24318},\"semi\":{\"file\":\"StefanieLoos_SL20240514p1220-580x387.jpg\",\"width\":580,\"height\":387,\"mime-type\":\"image\\\/jpeg\",\"filesize\":38755},\"mobile\":{\"file\":\"StefanieLoos_SL20240514p1220-720x480.jpg\",\"width\":720,\"height\":480,\"mime-type\":\"image\\\/jpeg\",\"filesize\":54919},\"hd\":{\"file\":\"StefanieLoos_SL20240514p1220-1280x853.jpg\",\"width\":1280,\"height\":853,\"mime-type\":\"image\\\/jpeg\",\"filesize\":142958},\"full\":{\"file\":\"StefanieLoos_SL20240514p1220-1920x1280.jpg\",\"width\":1920,\"height\":1280,\"mime-type\":\"image\\\/jpeg\",\"filesize\":279333},\"xxl\":{\"file\":\"StefanieLoos_SL20240514p1220-4048x2699.jpg\",\"width\":4048,\"height\":2699,\"mime-type\":\"image\\\/jpeg\",\"filesize\":958058},\"1536x1536\":{\"file\":\"StefanieLoos_SL20240514p1220-1536x1024.jpg\",\"width\":1536,\"height\":1024,\"mime-type\":\"image\\\/jpeg\",\"filesize\":193319},\"2048x2048\":{\"file\":\"StefanieLoos_SL20240514p1220-2048x1365.jpg\",\"width\":2048,\"height\":1365,\"mime-type\":\"image\\\/jpeg\",\"filesize\":312007},\"original\":{\"file\":\"StefanieLoos_SL20240514p1220.jpg\",\"width\":6000,\"height\":4000}}},{\"id\":8,\"width\":6000,\"height\":4000,\"alt\":\"Dancer on a roof with a historic building and several guests in the background, under a bright sky.\",\"title\":\"\",\"description\":\"\",\"label\":\"Second final rehearsal for the theater spectacle &quot;Build up! Tear down!&quot; at Humboldt Forum on May 14, 2024\",\"copyright\":\"Stiftung Humboldt Forum im Berliner Schloss, Photo: Stefanie Loos\",\"path\":\"\\\/wp-content\\\/uploads\\\/2023\\\/12\\\/\",\"sizes\":{\"medium\":{\"file\":\"StefanieLoos_SL20240514p1178-300x200.jpg\",\"width\":300,\"height\":200,\"mime-type\":\"image\\\/jpeg\",\"filesize\":15109},\"large\":{\"file\":\"StefanieLoos_SL20240514p1178-1024x683.jpg\",\"width\":1024,\"height\":683,\"mime-type\":\"image\\\/jpeg\",\"filesize\":114687},\"thumbnail\":{\"file\":\"StefanieLoos_SL20240514p1178-150x150.jpg\",\"width\":150,\"height\":150,\"mime-type\":\"image\\\/jpeg\",\"filesize\":7147},\"medium_large\":{\"file\":\"StefanieLoos_SL20240514p1178-768x512.jpg\",\"width\":768,\"height\":512,\"mime-type\":\"image\\\/jpeg\",\"filesize\":71587},\"small\":{\"file\":\"StefanieLoos_SL20240514p1178-440x293.jpg\",\"width\":440,\"height\":293,\"mime-type\":\"image\\\/jpeg\",\"filesize\":28685},\"semi\":{\"file\":\"StefanieLoos_SL20240514p1178-580x387.jpg\",\"width\":580,\"height\":387,\"mime-type\":\"image\\\/jpeg\",\"filesize\":45451},\"mobile\":{\"file\":\"StefanieLoos_SL20240514p1178-720x480.jpg\",\"width\":720,\"height\":480,\"mime-type\":\"image\\\/jpeg\",\"filesize\":64309},\"hd\":{\"file\":\"StefanieLoos_SL20240514p1178-1280x853.jpg\",\"width\":1280,\"height\":853,\"mime-type\":\"image\\\/jpeg\",\"filesize\":163254},\"full\":{\"file\":\"StefanieLoos_SL20240514p1178-1920x1280.jpg\",\"width\":1920,\"height\":1280,\"mime-type\":\"image\\\/jpeg\",\"filesize\":307192},\"xxl\":{\"file\":\"StefanieLoos_SL20240514p1178-4048x2699.jpg\",\"width\":4048,\"height\":2699,\"mime-type\":\"image\\\/jpeg\",\"filesize\":1008434},\"1536x1536\":{\"file\":\"StefanieLoos_SL20240514p1178-1536x1024.jpg\",\"width\":1536,\"height\":1024,\"mime-type\":\"image\\\/jpeg\",\"filesize\":216104},\"2048x2048\":{\"file\":\"StefanieLoos_SL20240514p1178-2048x1365.jpg\",\"width\":2048,\"height\":1365,\"mime-type\":\"image\\\/jpeg\",\"filesize\":339796},\"original\":{\"file\":\"StefanieLoos_SL20240514p1178.jpg\",\"width\":6000,\"height\":4000}}},{\"id\":9,\"width\":6000,\"height\":4000,\"alt\":\"People stand in front of a large domed building at sunset, creating a festive atmosphere.\",\"title\":\"\",\"description\":\"\",\"label\":\"Second final rehearsal for the theater spectacle &quot;Build up! Tear down!&quot; at Humboldt Forum on May 14, 2024\",\"copyright\":\"Stiftung Humboldt Forum im Berliner Schloss, Photo: Stefanie Loos\",\"path\":\"\\\/wp-content\\\/uploads\\\/2023\\\/12\\\/\",\"sizes\":{\"medium\":{\"file\":\"StefanieLoos_SL20240514p1071-300x200.jpg\",\"width\":300,\"height\":200,\"mime-type\":\"image\\\/jpeg\",\"filesize\":11288},\"large\":{\"file\":\"StefanieLoos_SL20240514p1071-1024x683.jpg\",\"width\":1024,\"height\":683,\"mime-type\":\"image\\\/jpeg\",\"filesize\":88510},\"thumbnail\":{\"file\":\"StefanieLoos_SL20240514p1071-150x150.jpg\",\"width\":150,\"height\":150,\"mime-type\":\"image\\\/jpeg\",\"filesize\":5663},\"medium_large\":{\"file\":\"StefanieLoos_SL20240514p1071-768x512.jpg\",\"width\":768,\"height\":512,\"mime-type\":\"image\\\/jpeg\",\"filesize\":53863},\"small\":{\"file\":\"StefanieLoos_SL20240514p1071-440x293.jpg\",\"width\":440,\"height\":293,\"mime-type\":\"image\\\/jpeg\",\"filesize\":21206},\"semi\":{\"file\":\"StefanieLoos_SL20240514p1071-580x387.jpg\",\"width\":580,\"height\":387,\"mime-type\":\"image\\\/jpeg\",\"filesize\":33922},\"mobile\":{\"file\":\"StefanieLoos_SL20240514p1071-720x480.jpg\",\"width\":720,\"height\":480,\"mime-type\":\"image\\\/jpeg\",\"filesize\":48414},\"hd\":{\"file\":\"StefanieLoos_SL20240514p1071-1280x853.jpg\",\"width\":1280,\"height\":853,\"mime-type\":\"image\\\/jpeg\",\"filesize\":128728},\"full\":{\"file\":\"StefanieLoos_SL20240514p1071-1920x1280.jpg\",\"width\":1920,\"height\":1280,\"mime-type\":\"image\\\/jpeg\",\"filesize\":253831},\"xxl\":{\"file\":\"StefanieLoos_SL20240514p1071-4048x2699.jpg\",\"width\":4048,\"height\":2699,\"mime-type\":\"image\\\/jpeg\",\"filesize\":879800},\"1536x1536\":{\"file\":\"StefanieLoos_SL20240514p1071-1536x1024.jpg\",\"width\":1536,\"height\":1024,\"mime-type\":\"image\\\/jpeg\",\"filesize\":174811},\"2048x2048\":{\"file\":\"StefanieLoos_SL20240514p1071-2048x1365.jpg\",\"width\":2048,\"height\":1365,\"mime-type\":\"image\\\/jpeg\",\"filesize\":284077},\"original\":{\"file\":\"StefanieLoos_SL20240514p1071.jpg\",\"width\":6000,\"height\":4000}}},{\"id\":10,\"width\":6000,\"height\":4000,\"alt\":\"Three people in blue shirts look at a large floating cube with the word &quot;BAU&quot; in a brightly lit hall.\",\"title\":\"\",\"description\":\"\",\"label\":\"Second final rehearsal for the theater spectacle &quot;Build up! Tear down!&quot; at Humboldt Forum on May 14, 2024\",\"copyright\":\"Stiftung Humboldt Forum im Berliner Schloss, Photo: Stefanie Loos\",\"path\":\"\\\/wp-content\\\/uploads\\\/2023\\\/12\\\/\",\"sizes\":{\"medium\":{\"file\":\"StefanieLoos_SL20240514p0846-300x200.jpg\",\"width\":300,\"height\":200,\"mime-type\":\"image\\\/jpeg\",\"filesize\":15061},\"large\":{\"file\":\"StefanieLoos_SL20240514p0846-1024x683.jpg\",\"width\":1024,\"height\":683,\"mime-type\":\"image\\\/jpeg\",\"filesize\":93327},\"thumbnail\":{\"file\":\"StefanieLoos_SL20240514p0846-150x150.jpg\",\"width\":150,\"height\":150,\"mime-type\":\"image\\\/jpeg\",\"filesize\":7245},\"medium_large\":{\"file\":\"StefanieLoos_SL20240514p0846-768x512.jpg\",\"width\":768,\"height\":512,\"mime-type\":\"image\\\/jpeg\",\"filesize\":61146},\"small\":{\"file\":\"StefanieLoos_SL20240514p0846-440x293.jpg\",\"width\":440,\"height\":293,\"mime-type\":\"image\\\/jpeg\",\"filesize\":26952},\"semi\":{\"file\":\"StefanieLoos_SL20240514p0846-580x387.jpg\",\"width\":580,\"height\":387,\"mime-type\":\"image\\\/jpeg\",\"filesize\":40941},\"mobile\":{\"file\":\"StefanieLoos_SL20240514p0846-720x480.jpg\",\"width\":720,\"height\":480,\"mime-type\":\"image\\\/jpeg\",\"filesize\":55554},\"hd\":{\"file\":\"StefanieLoos_SL20240514p0846-1280x853.jpg\",\"width\":1280,\"height\":853,\"mime-type\":\"image\\\/jpeg\",\"filesize\":129284},\"full\":{\"file\":\"StefanieLoos_SL20240514p0846-1920x1280.jpg\",\"width\":1920,\"height\":1280,\"mime-type\":\"image\\\/jpeg\",\"filesize\":238727},\"xxl\":{\"file\":\"StefanieLoos_SL20240514p0846-4048x2699.jpg\",\"width\":4048,\"height\":2699,\"mime-type\":\"image\\\/jpeg\",\"filesize\":981620},\"1536x1536\":{\"file\":\"StefanieLoos_SL20240514p0846-1536x1024.jpg\",\"width\":1536,\"height\":1024,\"mime-type\":\"image\\\/jpeg\",\"filesize\":168775},\"2048x2048\":{\"file\":\"StefanieLoos_SL20240514p0846-2048x1365.jpg\",\"width\":2048,\"height\":1365,\"mime-type\":\"image\\\/jpeg\",\"filesize\":264989},\"original\":{\"file\":\"StefanieLoos_SL20240514p0846.jpg\",\"width\":6000,\"height\":4000}}},{\"id\":11,\"width\":6000,\"height\":4000,\"alt\":\"A group of people in elegant suits stands on a stage, surrounded by spectators in blue jackets.\",\"title\":\"\",\"description\":\"\",\"label\":\"Second final rehearsal for the theater spectacle &quot;Build up! Tear down!&quot; at Humboldt Forum on May 14, 2024\",\"copyright\":\"\",\"path\":\"\\\/wp-content\\\/uploads\\\/2023\\\/12\\\/\",\"sizes\":{\"medium\":{\"file\":\"StefanieLoos_SL20240514p0677-300x200.jpg\",\"width\":300,\"height\":200,\"mime-type\":\"image\\\/jpeg\",\"filesize\":14123},\"large\":{\"file\":\"StefanieLoos_SL20240514p0677-1024x683.jpg\",\"width\":1024,\"height\":683,\"mime-type\":\"image\\\/jpeg\",\"filesize\":106147},\"thumbnail\":{\"file\":\"StefanieLoos_SL20240514p0677-150x150.jpg\",\"width\":150,\"height\":150,\"mime-type\":\"image\\\/jpeg\",\"filesize\":6987},\"medium_large\":{\"file\":\"StefanieLoos_SL20240514p0677-768x512.jpg\",\"width\":768,\"height\":512,\"mime-type\":\"image\\\/jpeg\",\"filesize\":65863},\"small\":{\"file\":\"StefanieLoos_SL20240514p0677-440x293.jpg\",\"width\":440,\"height\":293,\"mime-type\":\"image\\\/jpeg\",\"filesize\":26523},\"semi\":{\"file\":\"StefanieLoos_SL20240514p0677-580x387.jpg\",\"width\":580,\"height\":387,\"mime-type\":\"image\\\/jpeg\",\"filesize\":41992},\"mobile\":{\"file\":\"StefanieLoos_SL20240514p0677-720x480.jpg\",\"width\":720,\"height\":480,\"mime-type\":\"image\\\/jpeg\",\"filesize\":59333},\"hd\":{\"file\":\"StefanieLoos_SL20240514p0677-1280x853.jpg\",\"width\":1280,\"height\":853,\"mime-type\":\"image\\\/jpeg\",\"filesize\":151901},\"full\":{\"file\":\"StefanieLoos_SL20240514p0677-1920x1280.jpg\",\"width\":1920,\"height\":1280,\"mime-type\":\"image\\\/jpeg\",\"filesize\":292097},\"xxl\":{\"file\":\"StefanieLoos_SL20240514p0677-4048x2699.jpg\",\"width\":4048,\"height\":2699,\"mime-type\":\"image\\\/jpeg\",\"filesize\":944957},\"1536x1536\":{\"file\":\"StefanieLoos_SL20240514p0677-1536x1024.jpg\",\"width\":1536,\"height\":1024,\"mime-type\":\"image\\\/jpeg\",\"filesize\":203527},\"2048x2048\":{\"file\":\"StefanieLoos_SL20240514p0677-2048x1365.jpg\",\"width\":2048,\"height\":1365,\"mime-type\":\"image\\\/jpeg\",\"filesize\":326431},\"original\":{\"file\":\"StefanieLoos_SL20240514p0677.jpg\",\"width\":6000,\"height\":4000}}},{\"id\":12,\"width\":6000,\"height\":4000,\"alt\":\"Dance group in blue outfits performs a choreographed routine in a modern space.\",\"title\":\"\",\"description\":\"\",\"label\":\"Second final rehearsal for the theater spectacle &quot;Build up! Tear down!&quot; at Humboldt Forum on May 14, 2024\",\"copyright\":\"Stiftung Humboldt Forum im Berliner Schloss, Photo: Stefanie Loos\",\"path\":\"\\\/wp-content\\\/uploads\\\/2023\\\/12\\\/\",\"sizes\":{\"medium\":{\"file\":\"StefanieLoos_SL20240514p0573-300x200.jpg\",\"width\":300,\"height\":200,\"mime-type\":\"image\\\/jpeg\",\"filesize\":12171},\"large\":{\"file\":\"StefanieLoos_SL20240514p0573-1024x683.jpg\",\"width\":1024,\"height\":683,\"mime-type\":\"image\\\/jpeg\",\"filesize\":86578},\"thumbnail\":{\"file\":\"StefanieLoos_SL20240514p0573-150x150.jpg\",\"width\":150,\"height\":150,\"mime-type\":\"image\\\/jpeg\",\"filesize\":5947},\"medium_large\":{\"file\":\"StefanieLoos_SL20240514p0573-768x512.jpg\",\"width\":768,\"height\":512,\"mime-type\":\"image\\\/jpeg\",\"filesize\":54790},\"small\":{\"file\":\"StefanieLoos_SL20240514p0573-440x293.jpg\",\"width\":440,\"height\":293,\"mime-type\":\"image\\\/jpeg\",\"filesize\":22471},\"semi\":{\"file\":\"StefanieLoos_SL20240514p0573-580x387.jpg\",\"width\":580,\"height\":387,\"mime-type\":\"image\\\/jpeg\",\"filesize\":35107},\"mobile\":{\"file\":\"StefanieLoos_SL20240514p0573-720x480.jpg\",\"width\":720,\"height\":480,\"mime-type\":\"image\\\/jpeg\",\"filesize\":48832},\"hd\":{\"file\":\"StefanieLoos_SL20240514p0573-1280x853.jpg\",\"width\":1280,\"height\":853,\"mime-type\":\"image\\\/jpeg\",\"filesize\":123426},\"full\":{\"file\":\"StefanieLoos_SL20240514p0573-1920x1280.jpg\",\"width\":1920,\"height\":1280,\"mime-type\":\"image\\\/jpeg\",\"filesize\":239012},\"xxl\":{\"file\":\"StefanieLoos_SL20240514p0573-4048x2699.jpg\",\"width\":4048,\"height\":2699,\"mime-type\":\"image\\\/jpeg\",\"filesize\":942398},\"1536x1536\":{\"file\":\"StefanieLoos_SL20240514p0573-1536x1024.jpg\",\"width\":1536,\"height\":1024,\"mime-type\":\"image\\\/jpeg\",\"filesize\":166383},\"2048x2048\":{\"file\":\"StefanieLoos_SL20240514p0573-2048x1365.jpg\",\"width\":2048,\"height\":1365,\"mime-type\":\"image\\\/jpeg\",\"filesize\":266946},\"original\":{\"file\":\"StefanieLoos_SL20240514p0573.jpg\",\"width\":6000,\"height\":4000}}},{\"id\":13,\"width\":4000,\"height\":6000,\"alt\":\"Modern interior with floating cubes and projected letters forming an artistic installation.\",\"title\":\"\",\"description\":\"\",\"label\":\"Second final rehearsal for the theater spectacle &quot;Build up! Tear down!&quot; at Humboldt Forum on May 14, 2024\",\"copyright\":\"\",\"path\":\"\\\/wp-content\\\/uploads\\\/2023\\\/12\\\/\",\"sizes\":{\"medium\":{\"file\":\"StefanieLoos_SL20240514p0410-200x300.jpg\",\"width\":200,\"height\":300,\"mime-type\":\"image\\\/jpeg\",\"filesize\":16437},\"large\":{\"file\":\"StefanieLoos_SL20240514p0410-683x1024.jpg\",\"width\":683,\"height\":1024,\"mime-type\":\"image\\\/jpeg\",\"filesize\":122458},\"thumbnail\":{\"file\":\"StefanieLoos_SL20240514p0410-150x150.jpg\",\"width\":150,\"height\":150,\"mime-type\":\"image\\\/jpeg\",\"filesize\":7336},\"medium_large\":{\"file\":\"StefanieLoos_SL20240514p0410-768x1152.jpg\",\"width\":768,\"height\":1152,\"mime-type\":\"image\\\/jpeg\",\"filesize\":147653},\"small\":{\"file\":\"StefanieLoos_SL20240514p0410-293x440.jpg\",\"width\":293,\"height\":440,\"mime-type\":\"image\\\/jpeg\",\"filesize\":30951},\"semi\":{\"file\":\"StefanieLoos_SL20240514p0410-387x580.jpg\",\"width\":387,\"height\":580,\"mime-type\":\"image\\\/jpeg\",\"filesize\":49188},\"mobile\":{\"file\":\"StefanieLoos_SL20240514p0410-480x720.jpg\",\"width\":480,\"height\":720,\"mime-type\":\"image\\\/jpeg\",\"filesize\":69001},\"hd\":{\"file\":\"StefanieLoos_SL20240514p0410-853x1280.jpg\",\"width\":853,\"height\":1280,\"mime-type\":\"image\\\/jpeg\",\"filesize\":175629},\"full\":{\"file\":\"StefanieLoos_SL20240514p0410-1280x1920.jpg\",\"width\":1280,\"height\":1920,\"mime-type\":\"image\\\/jpeg\",\"filesize\":342037},\"xxl\":{\"file\":\"StefanieLoos_SL20240514p0410-2699x4048.jpg\",\"width\":2699,\"height\":4048,\"mime-type\":\"image\\\/jpeg\",\"filesize\":1335606},\"1536x1536\":{\"file\":\"StefanieLoos_SL20240514p0410-1024x1536.jpg\",\"width\":1024,\"height\":1536,\"mime-type\":\"image\\\/jpeg\",\"filesize\":236080},\"2048x2048\":{\"file\":\"StefanieLoos_SL20240514p0410-1365x2048.jpg\",\"width\":1365,\"height\":2048,\"mime-type\":\"image\\\/jpeg\",\"filesize\":382443},\"original\":{\"file\":\"StefanieLoos_SL20240514p0410.jpg\",\"width\":4000,\"height\":6000}}},{\"id\":14,\"width\":6000,\"height\":4000,\"alt\":\"Modern interior design with hanging boxes and a digital display in a bright, open space.\",\"title\":\"\",\"description\":\"\",\"label\":\"Second final rehearsal for the theater spectacle &quot;Build up! Tear down!&quot; at Humboldt Forum on May 14, 2024\",\"copyright\":\"Stiftung Humboldt Forum im Berliner Schloss, Photo: Stefanie Loos\",\"path\":\"\\\/wp-content\\\/uploads\\\/2023\\\/12\\\/\",\"sizes\":{\"medium\":{\"file\":\"StefanieLoos_SL20240514p0140-300x200.jpg\",\"width\":300,\"height\":200,\"mime-type\":\"image\\\/jpeg\",\"filesize\":15989},\"large\":{\"file\":\"StefanieLoos_SL20240514p0140-1024x683.jpg\",\"width\":1024,\"height\":683,\"mime-type\":\"image\\\/jpeg\",\"filesize\":110155},\"thumbnail\":{\"file\":\"StefanieLoos_SL20240514p0140-150x150.jpg\",\"width\":150,\"height\":150,\"mime-type\":\"image\\\/jpeg\",\"filesize\":6751},\"medium_large\":{\"file\":\"StefanieLoos_SL20240514p0140-768x512.jpg\",\"width\":768,\"height\":512,\"mime-type\":\"image\\\/jpeg\",\"filesize\":69552},\"small\":{\"file\":\"StefanieLoos_SL20240514p0140-440x293.jpg\",\"width\":440,\"height\":293,\"mime-type\":\"image\\\/jpeg\",\"filesize\":29180},\"semi\":{\"file\":\"StefanieLoos_SL20240514p0140-580x387.jpg\",\"width\":580,\"height\":387,\"mime-type\":\"image\\\/jpeg\",\"filesize\":45425},\"mobile\":{\"file\":\"StefanieLoos_SL20240514p0140-720x480.jpg\",\"width\":720,\"height\":480,\"mime-type\":\"image\\\/jpeg\",\"filesize\":63053},\"hd\":{\"file\":\"StefanieLoos_SL20240514p0140-1280x853.jpg\",\"width\":1280,\"height\":853,\"mime-type\":\"image\\\/jpeg\",\"filesize\":158504},\"full\":{\"file\":\"StefanieLoos_SL20240514p0140-1920x1280.jpg\",\"width\":1920,\"height\":1280,\"mime-type\":\"image\\\/jpeg\",\"filesize\":317775},\"xxl\":{\"file\":\"StefanieLoos_SL20240514p0140-4048x2699.jpg\",\"width\":4048,\"height\":2699,\"mime-type\":\"image\\\/jpeg\",\"filesize\":1396935},\"1536x1536\":{\"file\":\"StefanieLoos_SL20240514p0140-1536x1024.jpg\",\"width\":1536,\"height\":1024,\"mime-type\":\"image\\\/jpeg\",\"filesize\":212941},\"2048x2048\":{\"file\":\"StefanieLoos_SL20240514p0140-2048x1365.jpg\",\"width\":2048,\"height\":1365,\"mime-type\":\"image\\\/jpeg\",\"filesize\":356163},\"original\":{\"file\":\"StefanieLoos_SL20240514p0140.jpg\",\"width\":6000,\"height\":4000}}}]\t\t\t\t\t\t\t}\n\t\t\t\t\t\t\t<\/script>\n\n\t\t\t\t\t\t\t<swiper :options=\"options\" @slide-change=\"track\">\n\t\t\t\t\t\t\t\t<div class=\"swiper-slide\" :key=\"image.id\" v-for=\"image in images\">\n\t\t\t\t\t\t\t\t\t<block-gallery-item inline-template :image=\"image\">\n\t\t\t\t\t\t\t\t\t\t<figure class=\"swiper-slide-image-wrapper\" ref=\"parent\">\n\t\t\t\t\t\t\t\t\t\t\t<div class=\"width-container\" ref=\"container\" :style=\"style\">\n\t\t\t\t\t\t\t\t\t\t\t\t<div data-swiper-parallax-x=\"50%\">\n\t\t\t\t\t\t\t\t\t\t\t\t<img :src=\"image.src\" :alt=\"image.alt\" v-if=\"image.id < 2\">\n\t\t\t\t\t\t\t\t\t\t\t\t<img class=\"swiper-lazy\" :data-src=\"image.src\" :alt=\"image.alt\" v-else>\n\t\t\t\t\t\t\t\t\t\t\t\t<\/div>\n\t\t\t\t\t\t\t\t\t\t\t<\/div>\n\t\t\t\t\t\t\t\t\t\t<\/figure>\n\t\t\t\t\t\t\t\t\t<\/block-gallery-item>\n\n\t\t\t\t\t\t\t\t\t<figcaption>\n\t\t\t\t\t\t\t\t\t\t<div class=\"lazy-media-info-body-content\">\n\t\t\t\t\t\t\t\t\t\t\t<div v-html=\"image.label\"><\/div>\n\t\t\t\t\t\t\t\t\t\t\t<div v-html=\"image.description\"><\/div>\n\t\t\t\t\t\t\t\t\t\t\t<div class=\"insignificant\" v-if=\"image.copyright\" v-html=\"'\u00a9 '+image.copyright\"><\/div>\n\t\t\t\t\t\t\t\t\t\t<\/div>\n\t\t\t\t\t\t\t\t\t<\/figcaption>\n\t\t\t\t\t\t\t\t<\/div>\n\n\t\t\t\t\t\t\t\t<div class=\"swiper-pagination\"  slot=\"pagination\"><\/div>\n\n\t\t\t\t\t\t\t\t<button class=\"icon-round swiper-button-prev\" slot=\"button-prev\" aria-label=\"Last images\">\n\t\t\t\t\t\t\t\t\t<span class=\"icon-next\" aria-hidden=\"true\"><\/span>\n\t\t\t\t\t\t\t\t<\/button>\n\n\t\t\t\t\t\t\t\t<button class=\"icon-round swiper-button-next\" slot=\"button-next\" aria-label=\"Next image\">\n\t\t\t\t\t\t\t\t\t<span class=\"icon-next\" aria-hidden=\"true\"><\/span>\n\t\t\t\t\t\t\t\t<\/button>\n\t\t\t\t\t\t\t<\/swiper>\n\t\t\t\t\t\t<\/div>\n\t\t\t\t\t<\/block-gallery>\n\t\t\t\t<\/div>\n\t\t\t<\/div>\n\t\t<\/div>\n\t<\/div>\n<\/section>\n\n<section class=\"block block-copy block-no-margin\" >\n    <div class=\"container-fluid\">\n\t\t<div class=\"row \">\n            <div class=\"col-xs-12 col-md-offset-2 col-md-8\">\n                <div class=\"box\">\n                    <div class=\"copy\"><p>Alongside the widely visible reconstructed fa\u00e7ade of the Humboldt Forum at the site of prestigious architecture in the historic centre of Berlin, a second, almost completely blurred trace leads back into recent history: it is the short history of the Palace of the Republic, which lasted from laying the foundation stone in 1973 until the demolition of the building in 2008.<\/p>\n<p>The approximately 30 years of existence of this GDR prestige building are at the centre of a theatrical journey through time in which the history of the &#8220;Palace for the People&#8221; comes to life. The theatre piece BUILD UP! TEAR DOWN! explores its significance as a cultural, political and identity-forming place.<\/p>\n<p>100 Berliners bring the Palace of the Republic back to life at its historical location. An ensemble of citizens, contemporary witnesses and choirs in cooperation with the Ernst Busch University of the Performing Arts and the Hanns Eisler School of Music resurrect the building in a sensual theatre happening and vividly bear witness to the traces that this vanished place has left behind.<\/p>\n<p>&nbsp;<\/p>\n<p>&nbsp;<\/p>\n<p>&nbsp;<\/p>\n<\/div>\n                <\/div>\n            <\/div>\n\t\t<\/div>\n\t\t    <\/div>\n<\/section>\n\n\n<section class=\"block block-gallery\">\n\t<div class=\"container-fluid\">\n\t\t<div class=\"row center-xs\">\n\t\t\t<div class=\"col-xs-12\">\n\t\t\t\t<div class=\"box text-align-left\">\n\t\t\t\t\t<block-gallery inline-template>\n\t\t\t\t\t\t<div :class=\"{ firstLoaded: firstLoaded }\">\n\t\t\t\t\t\t\t<script type=\"application\/json\" ref=\"data\">\n\t\t\t\t\t\t\t{\n\t\t\t\t\t\t\t\t\"images\" : [{\"id\":0,\"width\":6000,\"height\":4000,\"alt\":\"Four people are sitting at a beautifully set table in a restaurant, engaged in conversation.\",\"title\":\"\",\"description\":\"\",\"label\":\"Performers of the Play &quot;Build Up! Tear Down!&quot;\",\"copyright\":\"Ludwig Zepner, Peter Strang, Rudi Stolle, Heinz Werner \\\/ Staatliche Porzellan-Manufaktur Meissen \\\/ Stiftung Humboldt Forum im Berliner Schloss, Foto: Stefanie Loos \",\"path\":\"\\\/wp-content\\\/uploads\\\/2024\\\/03\\\/\",\"sizes\":{\"medium\":{\"file\":\"StefanieLoos_SL20240306a3059-300x200.jpg\",\"width\":300,\"height\":200,\"mime-type\":\"image\\\/jpeg\",\"filesize\":15466},\"large\":{\"file\":\"StefanieLoos_SL20240306a3059-1024x683.jpg\",\"width\":1024,\"height\":683,\"mime-type\":\"image\\\/jpeg\",\"filesize\":97250},\"thumbnail\":{\"file\":\"StefanieLoos_SL20240306a3059-150x150.jpg\",\"width\":150,\"height\":150,\"mime-type\":\"image\\\/jpeg\",\"filesize\":7527},\"medium_large\":{\"file\":\"StefanieLoos_SL20240306a3059-768x512.jpg\",\"width\":768,\"height\":512,\"mime-type\":\"image\\\/jpeg\",\"filesize\":63260},\"small\":{\"file\":\"StefanieLoos_SL20240306a3059-440x293.jpg\",\"width\":440,\"height\":293,\"mime-type\":\"image\\\/jpeg\",\"filesize\":28028},\"semi\":{\"file\":\"StefanieLoos_SL20240306a3059-580x387.jpg\",\"width\":580,\"height\":387,\"mime-type\":\"image\\\/jpeg\",\"filesize\":42128},\"mobile\":{\"file\":\"StefanieLoos_SL20240306a3059-720x480.jpg\",\"width\":720,\"height\":480,\"mime-type\":\"image\\\/jpeg\",\"filesize\":57547},\"hd\":{\"file\":\"StefanieLoos_SL20240306a3059-1280x853.jpg\",\"width\":1280,\"height\":853,\"mime-type\":\"image\\\/jpeg\",\"filesize\":137313},\"full\":{\"file\":\"StefanieLoos_SL20240306a3059-1920x1280.jpg\",\"width\":1920,\"height\":1280,\"mime-type\":\"image\\\/jpeg\",\"filesize\":280382},\"xxl\":{\"file\":\"StefanieLoos_SL20240306a3059-4048x2699.jpg\",\"width\":4048,\"height\":2699,\"mime-type\":\"image\\\/jpeg\",\"filesize\":1419375},\"1536x1536\":{\"file\":\"StefanieLoos_SL20240306a3059-1536x1024.jpg\",\"width\":1536,\"height\":1024,\"mime-type\":\"image\\\/jpeg\",\"filesize\":185566},\"2048x2048\":{\"file\":\"StefanieLoos_SL20240306a3059-2048x1365.jpg\",\"width\":2048,\"height\":1365,\"mime-type\":\"image\\\/jpeg\",\"filesize\":317540},\"original\":{\"file\":\"StefanieLoos_SL20240306a3059.jpg\",\"width\":6000,\"height\":4000}}},{\"id\":1,\"width\":4000,\"height\":2666,\"alt\":\"Group meeting on a red sofa, surrounded by large windows and modern lamps, with friendly people.\",\"title\":\"\",\"description\":\"\",\"label\":\"Performers of the Play &quot;Build Up! Tear Down!&quot;\",\"copyright\":\"Stiftung Humboldt Forum im Berliner Schloss, Foto: Stefanie Loos\",\"path\":\"\\\/wp-content\\\/uploads\\\/2024\\\/03\\\/\",\"sizes\":{\"medium\":{\"file\":\"StefanieLoos_SL20240306a1342-300x200.jpg\",\"width\":300,\"height\":200,\"mime-type\":\"image\\\/jpeg\",\"filesize\":13724},\"large\":{\"file\":\"StefanieLoos_SL20240306a1342-1024x682.jpg\",\"width\":1024,\"height\":682,\"mime-type\":\"image\\\/jpeg\",\"filesize\":98058},\"thumbnail\":{\"file\":\"StefanieLoos_SL20240306a1342-150x150.jpg\",\"width\":150,\"height\":150,\"mime-type\":\"image\\\/jpeg\",\"filesize\":6408},\"medium_large\":{\"file\":\"StefanieLoos_SL20240306a1342-768x512.jpg\",\"width\":768,\"height\":512,\"mime-type\":\"image\\\/jpeg\",\"filesize\":60527},\"small\":{\"file\":\"StefanieLoos_SL20240306a1342-440x293.jpg\",\"width\":440,\"height\":293,\"mime-type\":\"image\\\/jpeg\",\"filesize\":25521},\"semi\":{\"file\":\"StefanieLoos_SL20240306a1342-580x387.jpg\",\"width\":580,\"height\":387,\"mime-type\":\"image\\\/jpeg\",\"filesize\":38714},\"mobile\":{\"file\":\"StefanieLoos_SL20240306a1342-720x480.jpg\",\"width\":720,\"height\":480,\"mime-type\":\"image\\\/jpeg\",\"filesize\":54956},\"hd\":{\"file\":\"StefanieLoos_SL20240306a1342-1280x853.jpg\",\"width\":1280,\"height\":853,\"mime-type\":\"image\\\/jpeg\",\"filesize\":142973},\"full\":{\"file\":\"StefanieLoos_SL20240306a1342-1920x1280.jpg\",\"width\":1920,\"height\":1280,\"mime-type\":\"image\\\/jpeg\",\"filesize\":299600},\"1536x1536\":{\"file\":\"StefanieLoos_SL20240306a1342-1536x1024.jpg\",\"width\":1536,\"height\":1024,\"mime-type\":\"image\\\/jpeg\",\"filesize\":196905},\"2048x2048\":{\"file\":\"StefanieLoos_SL20240306a1342-2048x1365.jpg\",\"width\":2048,\"height\":1365,\"mime-type\":\"image\\\/jpeg\",\"filesize\":340244},\"original\":{\"file\":\"StefanieLoos_SL20240306a1342.jpg\",\"width\":4000,\"height\":2666}}},{\"id\":2,\"width\":6000,\"height\":4000,\"alt\":\"Young craftsman with a hammer and helmet, thoughtfully standing among steel beams. Modern construction site in the background.\",\"title\":\"\",\"description\":\"\",\"label\":\"Performers of the Play &quot;Build Up! Tear Down!&quot;\",\"copyright\":\"Stiftung Humboldt Forum im Berliner Schloss, Foto: Stefanie Loos\",\"path\":\"\\\/wp-content\\\/uploads\\\/2024\\\/03\\\/\",\"sizes\":{\"medium\":{\"file\":\"StefanieLoos_SL20240306a1203-300x200.jpg\",\"width\":300,\"height\":200,\"mime-type\":\"image\\\/jpeg\",\"filesize\":13938},\"large\":{\"file\":\"StefanieLoos_SL20240306a1203-1024x683.jpg\",\"width\":1024,\"height\":683,\"mime-type\":\"image\\\/jpeg\",\"filesize\":85221},\"thumbnail\":{\"file\":\"StefanieLoos_SL20240306a1203-150x150.jpg\",\"width\":150,\"height\":150,\"mime-type\":\"image\\\/jpeg\",\"filesize\":6459},\"medium_large\":{\"file\":\"StefanieLoos_SL20240306a1203-768x512.jpg\",\"width\":768,\"height\":512,\"mime-type\":\"image\\\/jpeg\",\"filesize\":54672},\"small\":{\"file\":\"StefanieLoos_SL20240306a1203-440x293.jpg\",\"width\":440,\"height\":293,\"mime-type\":\"image\\\/jpeg\",\"filesize\":24434},\"semi\":{\"file\":\"StefanieLoos_SL20240306a1203-580x387.jpg\",\"width\":580,\"height\":387,\"mime-type\":\"image\\\/jpeg\",\"filesize\":36873},\"mobile\":{\"file\":\"StefanieLoos_SL20240306a1203-720x480.jpg\",\"width\":720,\"height\":480,\"mime-type\":\"image\\\/jpeg\",\"filesize\":49940},\"hd\":{\"file\":\"StefanieLoos_SL20240306a1203-1280x853.jpg\",\"width\":1280,\"height\":853,\"mime-type\":\"image\\\/jpeg\",\"filesize\":120274},\"full\":{\"file\":\"StefanieLoos_SL20240306a1203-1920x1280.jpg\",\"width\":1920,\"height\":1280,\"mime-type\":\"image\\\/jpeg\",\"filesize\":249109},\"xxl\":{\"file\":\"StefanieLoos_SL20240306a1203-4048x2699.jpg\",\"width\":4048,\"height\":2699,\"mime-type\":\"image\\\/jpeg\",\"filesize\":1208419},\"1536x1536\":{\"file\":\"StefanieLoos_SL20240306a1203-1536x1024.jpg\",\"width\":1536,\"height\":1024,\"mime-type\":\"image\\\/jpeg\",\"filesize\":163210},\"2048x2048\":{\"file\":\"StefanieLoos_SL20240306a1203-2048x1365.jpg\",\"width\":2048,\"height\":1365,\"mime-type\":\"image\\\/jpeg\",\"filesize\":284854},\"original\":{\"file\":\"StefanieLoos_SL20240306a1203.jpg\",\"width\":6000,\"height\":4000}}},{\"id\":3,\"width\":6000,\"height\":4000,\"alt\":\"Three people are working at a modern mixing console in a recording studio.\",\"title\":\"\",\"description\":\"\",\"label\":\"Performers of the Play &quot;Build Up! Tear Down!&quot;\",\"copyright\":\"Stiftung Humboldt Forum im Berliner Schloss, Foto: Stefanie Loos\",\"path\":\"\\\/wp-content\\\/uploads\\\/2024\\\/03\\\/\",\"sizes\":{\"medium\":{\"file\":\"StefanieLoos_SL20240306a4365-300x200.jpg\",\"width\":300,\"height\":200,\"mime-type\":\"image\\\/jpeg\",\"filesize\":13803},\"large\":{\"file\":\"StefanieLoos_SL20240306a4365-1024x683.jpg\",\"width\":1024,\"height\":683,\"mime-type\":\"image\\\/jpeg\",\"filesize\":92303},\"thumbnail\":{\"file\":\"StefanieLoos_SL20240306a4365-150x150.jpg\",\"width\":150,\"height\":150,\"mime-type\":\"image\\\/jpeg\",\"filesize\":7097},\"medium_large\":{\"file\":\"StefanieLoos_SL20240306a4365-768x512.jpg\",\"width\":768,\"height\":512,\"mime-type\":\"image\\\/jpeg\",\"filesize\":57466},\"small\":{\"file\":\"StefanieLoos_SL20240306a4365-440x293.jpg\",\"width\":440,\"height\":293,\"mime-type\":\"image\\\/jpeg\",\"filesize\":24765},\"semi\":{\"file\":\"StefanieLoos_SL20240306a4365-580x387.jpg\",\"width\":580,\"height\":387,\"mime-type\":\"image\\\/jpeg\",\"filesize\":37997},\"mobile\":{\"file\":\"StefanieLoos_SL20240306a4365-720x480.jpg\",\"width\":720,\"height\":480,\"mime-type\":\"image\\\/jpeg\",\"filesize\":51954},\"hd\":{\"file\":\"StefanieLoos_SL20240306a4365-1280x853.jpg\",\"width\":1280,\"height\":853,\"mime-type\":\"image\\\/jpeg\",\"filesize\":135924},\"full\":{\"file\":\"StefanieLoos_SL20240306a4365-1920x1280.jpg\",\"width\":1920,\"height\":1280,\"mime-type\":\"image\\\/jpeg\",\"filesize\":298858},\"xxl\":{\"file\":\"StefanieLoos_SL20240306a4365-4048x2699.jpg\",\"width\":4048,\"height\":2699,\"mime-type\":\"image\\\/jpeg\",\"filesize\":1547038},\"1536x1536\":{\"file\":\"StefanieLoos_SL20240306a4365-1536x1024.jpg\",\"width\":1536,\"height\":1024,\"mime-type\":\"image\\\/jpeg\",\"filesize\":190189},\"2048x2048\":{\"file\":\"StefanieLoos_SL20240306a4365-2048x1365.jpg\",\"width\":2048,\"height\":1365,\"mime-type\":\"image\\\/jpeg\",\"filesize\":341518},\"original\":{\"file\":\"StefanieLoos_SL20240306a4365.jpg\",\"width\":6000,\"height\":4000}}},{\"id\":4,\"width\":3000,\"height\":4500,\"alt\":\"An older woman looks at a modern hanging art installation in a bright indoor space.\",\"title\":\"\",\"description\":\"\",\"label\":\"Performers of the Play &quot;Build Up! Tear Down!&quot;\",\"copyright\":\"Stiftung Humboldt Forum im Berliner Schloss, Foto: Stefanie Loos\",\"path\":\"\\\/wp-content\\\/uploads\\\/2024\\\/03\\\/\",\"sizes\":{\"medium\":{\"file\":\"StefanieLoos_SL20240306a3982-200x300.jpg\",\"width\":200,\"height\":300,\"mime-type\":\"image\\\/jpeg\",\"filesize\":15610},\"large\":{\"file\":\"StefanieLoos_SL20240306a3982-683x1024.jpg\",\"width\":683,\"height\":1024,\"mime-type\":\"image\\\/jpeg\",\"filesize\":106373},\"thumbnail\":{\"file\":\"StefanieLoos_SL20240306a3982-150x150.jpg\",\"width\":150,\"height\":150,\"mime-type\":\"image\\\/jpeg\",\"filesize\":7318},\"medium_large\":{\"file\":\"StefanieLoos_SL20240306a3982-768x1152.jpg\",\"width\":768,\"height\":1152,\"mime-type\":\"image\\\/jpeg\",\"filesize\":128227},\"small\":{\"file\":\"StefanieLoos_SL20240306a3982-293x440.jpg\",\"width\":293,\"height\":440,\"mime-type\":\"image\\\/jpeg\",\"filesize\":28383},\"semi\":{\"file\":\"StefanieLoos_SL20240306a3982-387x580.jpg\",\"width\":387,\"height\":580,\"mime-type\":\"image\\\/jpeg\",\"filesize\":44047},\"mobile\":{\"file\":\"StefanieLoos_SL20240306a3982-480x720.jpg\",\"width\":480,\"height\":720,\"mime-type\":\"image\\\/jpeg\",\"filesize\":60785},\"hd\":{\"file\":\"StefanieLoos_SL20240306a3982-853x1280.jpg\",\"width\":853,\"height\":1280,\"mime-type\":\"image\\\/jpeg\",\"filesize\":152474},\"full\":{\"file\":\"StefanieLoos_SL20240306a3982-1280x1920.jpg\",\"width\":1280,\"height\":1920,\"mime-type\":\"image\\\/jpeg\",\"filesize\":313279},\"xxl\":{\"file\":\"StefanieLoos_SL20240306a3982-2699x4048.jpg\",\"width\":2699,\"height\":4048,\"mime-type\":\"image\\\/jpeg\",\"filesize\":1511032},\"1536x1536\":{\"file\":\"StefanieLoos_SL20240306a3982-1024x1536.jpg\",\"width\":1024,\"height\":1536,\"mime-type\":\"image\\\/jpeg\",\"filesize\":207885},\"2048x2048\":{\"file\":\"StefanieLoos_SL20240306a3982-1365x2048.jpg\",\"width\":1365,\"height\":2048,\"mime-type\":\"image\\\/jpeg\",\"filesize\":354696},\"original\":{\"file\":\"StefanieLoos_SL20240306a3982.jpg\",\"width\":3000,\"height\":4500}}},{\"id\":5,\"width\":6000,\"height\":4000,\"alt\":\"A waitress in historical clothing serves a woman a cup of coffee in an elegant caf&eacute;.\",\"title\":\"\",\"description\":\"\",\"label\":\"Performers of the Play &quot;Build Up! Tear Down!&quot;\",\"copyright\":\"Stiftung Humboldt Forum im Berliner Schloss, Foto: Stefanie Loos\",\"path\":\"\\\/wp-content\\\/uploads\\\/2024\\\/03\\\/\",\"sizes\":{\"medium\":{\"file\":\"StefanieLoos_SL20240306a2868-300x200.jpg\",\"width\":300,\"height\":200,\"mime-type\":\"image\\\/jpeg\",\"filesize\":16123},\"large\":{\"file\":\"StefanieLoos_SL20240306a2868-1024x683.jpg\",\"width\":1024,\"height\":683,\"mime-type\":\"image\\\/jpeg\",\"filesize\":102541},\"thumbnail\":{\"file\":\"StefanieLoos_SL20240306a2868-150x150.jpg\",\"width\":150,\"height\":150,\"mime-type\":\"image\\\/jpeg\",\"filesize\":7489},\"medium_large\":{\"file\":\"StefanieLoos_SL20240306a2868-768x512.jpg\",\"width\":768,\"height\":512,\"mime-type\":\"image\\\/jpeg\",\"filesize\":65074},\"small\":{\"file\":\"StefanieLoos_SL20240306a2868-440x293.jpg\",\"width\":440,\"height\":293,\"mime-type\":\"image\\\/jpeg\",\"filesize\":28284},\"semi\":{\"file\":\"StefanieLoos_SL20240306a2868-580x387.jpg\",\"width\":580,\"height\":387,\"mime-type\":\"image\\\/jpeg\",\"filesize\":43771},\"mobile\":{\"file\":\"StefanieLoos_SL20240306a2868-720x480.jpg\",\"width\":720,\"height\":480,\"mime-type\":\"image\\\/jpeg\",\"filesize\":59071},\"hd\":{\"file\":\"StefanieLoos_SL20240306a2868-1280x853.jpg\",\"width\":1280,\"height\":853,\"mime-type\":\"image\\\/jpeg\",\"filesize\":146530},\"full\":{\"file\":\"StefanieLoos_SL20240306a2868-1920x1280.jpg\",\"width\":1920,\"height\":1280,\"mime-type\":\"image\\\/jpeg\",\"filesize\":311435},\"xxl\":{\"file\":\"StefanieLoos_SL20240306a2868-4048x2699.jpg\",\"width\":4048,\"height\":2699,\"mime-type\":\"image\\\/jpeg\",\"filesize\":1623456},\"1536x1536\":{\"file\":\"StefanieLoos_SL20240306a2868-1536x1024.jpg\",\"width\":1536,\"height\":1024,\"mime-type\":\"image\\\/jpeg\",\"filesize\":201076},\"2048x2048\":{\"file\":\"StefanieLoos_SL20240306a2868-2048x1365.jpg\",\"width\":2048,\"height\":1365,\"mime-type\":\"image\\\/jpeg\",\"filesize\":353036},\"original\":{\"file\":\"StefanieLoos_SL20240306a2868.jpg\",\"width\":6000,\"height\":4000}}},{\"id\":6,\"width\":6000,\"height\":4000,\"alt\":\"Three people in suits sit in a modern setting reading newspapers.\",\"title\":\"\",\"description\":\"\",\"label\":\"Performers of the Play &quot;Build Up! Tear Down!&quot;\",\"copyright\":\"Stiftung Humboldt Forum im Berliner Schloss, Foto: Stefanie Loos\",\"path\":\"\\\/wp-content\\\/uploads\\\/2024\\\/03\\\/\",\"sizes\":{\"medium\":{\"file\":\"StefanieLoos_SL20240306a1470-300x200.jpg\",\"width\":300,\"height\":200,\"mime-type\":\"image\\\/jpeg\",\"filesize\":14994},\"large\":{\"file\":\"StefanieLoos_SL20240306a1470-1024x683.jpg\",\"width\":1024,\"height\":683,\"mime-type\":\"image\\\/jpeg\",\"filesize\":99756},\"thumbnail\":{\"file\":\"StefanieLoos_SL20240306a1470-150x150.jpg\",\"width\":150,\"height\":150,\"mime-type\":\"image\\\/jpeg\",\"filesize\":7871},\"medium_large\":{\"file\":\"StefanieLoos_SL20240306a1470-768x512.jpg\",\"width\":768,\"height\":512,\"mime-type\":\"image\\\/jpeg\",\"filesize\":63031},\"small\":{\"file\":\"StefanieLoos_SL20240306a1470-440x293.jpg\",\"width\":440,\"height\":293,\"mime-type\":\"image\\\/jpeg\",\"filesize\":26932},\"semi\":{\"file\":\"StefanieLoos_SL20240306a1470-580x387.jpg\",\"width\":580,\"height\":387,\"mime-type\":\"image\\\/jpeg\",\"filesize\":41212},\"mobile\":{\"file\":\"StefanieLoos_SL20240306a1470-720x480.jpg\",\"width\":720,\"height\":480,\"mime-type\":\"image\\\/jpeg\",\"filesize\":56838},\"hd\":{\"file\":\"StefanieLoos_SL20240306a1470-1280x853.jpg\",\"width\":1280,\"height\":853,\"mime-type\":\"image\\\/jpeg\",\"filesize\":143832},\"full\":{\"file\":\"StefanieLoos_SL20240306a1470-1920x1280.jpg\",\"width\":1920,\"height\":1280,\"mime-type\":\"image\\\/jpeg\",\"filesize\":290931},\"xxl\":{\"file\":\"StefanieLoos_SL20240306a1470-4048x2699.jpg\",\"width\":4048,\"height\":2699,\"mime-type\":\"image\\\/jpeg\",\"filesize\":1338778},\"1536x1536\":{\"file\":\"StefanieLoos_SL20240306a1470-1536x1024.jpg\",\"width\":1536,\"height\":1024,\"mime-type\":\"image\\\/jpeg\",\"filesize\":195523},\"2048x2048\":{\"file\":\"StefanieLoos_SL20240306a1470-2048x1365.jpg\",\"width\":2048,\"height\":1365,\"mime-type\":\"image\\\/jpeg\",\"filesize\":328211},\"original\":{\"file\":\"StefanieLoos_SL20240306a1470.jpg\",\"width\":6000,\"height\":4000}}},{\"id\":7,\"width\":6000,\"height\":4000,\"alt\":\"Two women sit at a bar, having a heartfelt conversation in a modern caf&eacute;.\",\"title\":\"\",\"description\":\"\",\"label\":\"Performers of the Play &quot;Build Up! Tear Down!&quot;\",\"copyright\":\"Stiftung Humboldt Forum im Berliner Schloss, Foto: Stefanie Loos\",\"path\":\"\\\/wp-content\\\/uploads\\\/2024\\\/03\\\/\",\"sizes\":{\"medium\":{\"file\":\"StefanieLoos_SL20240306a2369-300x200.jpg\",\"width\":300,\"height\":200,\"mime-type\":\"image\\\/jpeg\",\"filesize\":17867},\"large\":{\"file\":\"StefanieLoos_SL20240306a2369-1024x683.jpg\",\"width\":1024,\"height\":683,\"mime-type\":\"image\\\/jpeg\",\"filesize\":129712},\"thumbnail\":{\"file\":\"StefanieLoos_SL20240306a2369-150x150.jpg\",\"width\":150,\"height\":150,\"mime-type\":\"image\\\/jpeg\",\"filesize\":8322},\"medium_large\":{\"file\":\"StefanieLoos_SL20240306a2369-768x512.jpg\",\"width\":768,\"height\":512,\"mime-type\":\"image\\\/jpeg\",\"filesize\":80447},\"small\":{\"file\":\"StefanieLoos_SL20240306a2369-440x293.jpg\",\"width\":440,\"height\":293,\"mime-type\":\"image\\\/jpeg\",\"filesize\":33039},\"semi\":{\"file\":\"StefanieLoos_SL20240306a2369-580x387.jpg\",\"width\":580,\"height\":387,\"mime-type\":\"image\\\/jpeg\",\"filesize\":52554},\"mobile\":{\"file\":\"StefanieLoos_SL20240306a2369-720x480.jpg\",\"width\":720,\"height\":480,\"mime-type\":\"image\\\/jpeg\",\"filesize\":72230},\"hd\":{\"file\":\"StefanieLoos_SL20240306a2369-1280x853.jpg\",\"width\":1280,\"height\":853,\"mime-type\":\"image\\\/jpeg\",\"filesize\":189458},\"full\":{\"file\":\"StefanieLoos_SL20240306a2369-1920x1280.jpg\",\"width\":1920,\"height\":1280,\"mime-type\":\"image\\\/jpeg\",\"filesize\":407657},\"xxl\":{\"file\":\"StefanieLoos_SL20240306a2369-4048x2699.jpg\",\"width\":4048,\"height\":2699,\"mime-type\":\"image\\\/jpeg\",\"filesize\":2076120},\"1536x1536\":{\"file\":\"StefanieLoos_SL20240306a2369-1536x1024.jpg\",\"width\":1536,\"height\":1024,\"mime-type\":\"image\\\/jpeg\",\"filesize\":263900},\"2048x2048\":{\"file\":\"StefanieLoos_SL20240306a2369-2048x1365.jpg\",\"width\":2048,\"height\":1365,\"mime-type\":\"image\\\/jpeg\",\"filesize\":465549},\"original\":{\"file\":\"StefanieLoos_SL20240306a2369.jpg\",\"width\":6000,\"height\":4000}}},{\"id\":8,\"width\":6000,\"height\":4000,\"alt\":\"Wedding photo of a couple in front of a historic building, while a person with a camera is taking pictures in the background.\",\"title\":\"\",\"description\":\"\",\"label\":\"Performers of the Play &quot;Build Up! Tear Down!&quot;\",\"copyright\":\"Stiftung Humboldt Forum im Berliner Schloss, Foto: Stefanie Loos\",\"path\":\"\\\/wp-content\\\/uploads\\\/2024\\\/03\\\/\",\"sizes\":{\"medium\":{\"file\":\"StefanieLoos_SL20240306a2240-300x200.jpg\",\"width\":300,\"height\":200,\"mime-type\":\"image\\\/jpeg\",\"filesize\":14124},\"large\":{\"file\":\"StefanieLoos_SL20240306a2240-1024x683.jpg\",\"width\":1024,\"height\":683,\"mime-type\":\"image\\\/jpeg\",\"filesize\":95652},\"thumbnail\":{\"file\":\"StefanieLoos_SL20240306a2240-150x150.jpg\",\"width\":150,\"height\":150,\"mime-type\":\"image\\\/jpeg\",\"filesize\":6744},\"medium_large\":{\"file\":\"StefanieLoos_SL20240306a2240-768x512.jpg\",\"width\":768,\"height\":512,\"mime-type\":\"image\\\/jpeg\",\"filesize\":60685},\"small\":{\"file\":\"StefanieLoos_SL20240306a2240-440x293.jpg\",\"width\":440,\"height\":293,\"mime-type\":\"image\\\/jpeg\",\"filesize\":25788},\"semi\":{\"file\":\"StefanieLoos_SL20240306a2240-580x387.jpg\",\"width\":580,\"height\":387,\"mime-type\":\"image\\\/jpeg\",\"filesize\":40047},\"mobile\":{\"file\":\"StefanieLoos_SL20240306a2240-720x480.jpg\",\"width\":720,\"height\":480,\"mime-type\":\"image\\\/jpeg\",\"filesize\":55109},\"hd\":{\"file\":\"StefanieLoos_SL20240306a2240-1280x853.jpg\",\"width\":1280,\"height\":853,\"mime-type\":\"image\\\/jpeg\",\"filesize\":134752},\"full\":{\"file\":\"StefanieLoos_SL20240306a2240-1920x1280.jpg\",\"width\":1920,\"height\":1280,\"mime-type\":\"image\\\/jpeg\",\"filesize\":252825},\"xxl\":{\"file\":\"StefanieLoos_SL20240306a2240-4048x2699.jpg\",\"width\":4048,\"height\":2699,\"mime-type\":\"image\\\/jpeg\",\"filesize\":951836},\"1536x1536\":{\"file\":\"StefanieLoos_SL20240306a2240-1536x1024.jpg\",\"width\":1536,\"height\":1024,\"mime-type\":\"image\\\/jpeg\",\"filesize\":177725},\"2048x2048\":{\"file\":\"StefanieLoos_SL20240306a2240-2048x1365.jpg\",\"width\":2048,\"height\":1365,\"mime-type\":\"image\\\/jpeg\",\"filesize\":280956},\"original\":{\"file\":\"StefanieLoos_SL20240306a2240.jpg\",\"width\":6000,\"height\":4000}}},{\"id\":9,\"width\":6000,\"height\":4000,\"alt\":\"A group of people in blue jackets is applauding in a bright, modern room.\",\"title\":\"\",\"description\":\"\",\"label\":\"Performers of the Play &quot;Build Up! Tear Down!&quot;\",\"copyright\":\"Stiftung Humboldt Forum im Berliner Schloss, Foto: Stefanie Loos\",\"path\":\"\\\/wp-content\\\/uploads\\\/2024\\\/03\\\/\",\"sizes\":{\"medium\":{\"file\":\"StefanieLoos_SL20240306a0693-300x200.jpg\",\"width\":300,\"height\":200,\"mime-type\":\"image\\\/jpeg\",\"filesize\":16271},\"large\":{\"file\":\"StefanieLoos_SL20240306a0693-1024x683.jpg\",\"width\":1024,\"height\":683,\"mime-type\":\"image\\\/jpeg\",\"filesize\":110193},\"thumbnail\":{\"file\":\"StefanieLoos_SL20240306a0693-150x150.jpg\",\"width\":150,\"height\":150,\"mime-type\":\"image\\\/jpeg\",\"filesize\":7825},\"medium_large\":{\"file\":\"StefanieLoos_SL20240306a0693-768x512.jpg\",\"width\":768,\"height\":512,\"mime-type\":\"image\\\/jpeg\",\"filesize\":69857},\"small\":{\"file\":\"StefanieLoos_SL20240306a0693-440x293.jpg\",\"width\":440,\"height\":293,\"mime-type\":\"image\\\/jpeg\",\"filesize\":29536},\"semi\":{\"file\":\"StefanieLoos_SL20240306a0693-580x387.jpg\",\"width\":580,\"height\":387,\"mime-type\":\"image\\\/jpeg\",\"filesize\":45731},\"mobile\":{\"file\":\"StefanieLoos_SL20240306a0693-720x480.jpg\",\"width\":720,\"height\":480,\"mime-type\":\"image\\\/jpeg\",\"filesize\":63130},\"hd\":{\"file\":\"StefanieLoos_SL20240306a0693-1280x853.jpg\",\"width\":1280,\"height\":853,\"mime-type\":\"image\\\/jpeg\",\"filesize\":157105},\"full\":{\"file\":\"StefanieLoos_SL20240306a0693-1920x1280.jpg\",\"width\":1920,\"height\":1280,\"mime-type\":\"image\\\/jpeg\",\"filesize\":309338},\"xxl\":{\"file\":\"StefanieLoos_SL20240306a0693-4048x2699.jpg\",\"width\":4048,\"height\":2699,\"mime-type\":\"image\\\/jpeg\",\"filesize\":1329189},\"1536x1536\":{\"file\":\"StefanieLoos_SL20240306a0693-1536x1024.jpg\",\"width\":1536,\"height\":1024,\"mime-type\":\"image\\\/jpeg\",\"filesize\":210964},\"2048x2048\":{\"file\":\"StefanieLoos_SL20240306a0693-2048x1365.jpg\",\"width\":2048,\"height\":1365,\"mime-type\":\"image\\\/jpeg\",\"filesize\":347783},\"original\":{\"file\":\"StefanieLoos_SL20240306a0693.jpg\",\"width\":6000,\"height\":4000}}},{\"id\":10,\"width\":6000,\"height\":4000,\"alt\":\"An older man sweeps the floor in a courtyard with architectural details in the background.\",\"title\":\"\",\"description\":\"\",\"label\":\"Performers of the Play &quot;Build Up! Tear Down!&quot;\",\"copyright\":\"Stiftung Humboldt Forum im Berliner Schloss, Foto: Stefanie Loos\",\"path\":\"\\\/wp-content\\\/uploads\\\/2024\\\/03\\\/\",\"sizes\":{\"medium\":{\"file\":\"StefanieLoos_SL20240306a2136-300x200.jpg\",\"width\":300,\"height\":200,\"mime-type\":\"image\\\/jpeg\",\"filesize\":17763},\"large\":{\"file\":\"StefanieLoos_SL20240306a2136-1024x683.jpg\",\"width\":1024,\"height\":683,\"mime-type\":\"image\\\/jpeg\",\"filesize\":139517},\"thumbnail\":{\"file\":\"StefanieLoos_SL20240306a2136-150x150.jpg\",\"width\":150,\"height\":150,\"mime-type\":\"image\\\/jpeg\",\"filesize\":7831},\"medium_large\":{\"file\":\"StefanieLoos_SL20240306a2136-768x512.jpg\",\"width\":768,\"height\":512,\"mime-type\":\"image\\\/jpeg\",\"filesize\":86133},\"small\":{\"file\":\"StefanieLoos_SL20240306a2136-440x293.jpg\",\"width\":440,\"height\":293,\"mime-type\":\"image\\\/jpeg\",\"filesize\":34149},\"semi\":{\"file\":\"StefanieLoos_SL20240306a2136-580x387.jpg\",\"width\":580,\"height\":387,\"mime-type\":\"image\\\/jpeg\",\"filesize\":54651},\"mobile\":{\"file\":\"StefanieLoos_SL20240306a2136-720x480.jpg\",\"width\":720,\"height\":480,\"mime-type\":\"image\\\/jpeg\",\"filesize\":77351},\"hd\":{\"file\":\"StefanieLoos_SL20240306a2136-1280x853.jpg\",\"width\":1280,\"height\":853,\"mime-type\":\"image\\\/jpeg\",\"filesize\":200168},\"full\":{\"file\":\"StefanieLoos_SL20240306a2136-1920x1280.jpg\",\"width\":1920,\"height\":1280,\"mime-type\":\"image\\\/jpeg\",\"filesize\":388586},\"xxl\":{\"file\":\"StefanieLoos_SL20240306a2136-4048x2699.jpg\",\"width\":4048,\"height\":2699,\"mime-type\":\"image\\\/jpeg\",\"filesize\":1419522},\"1536x1536\":{\"file\":\"StefanieLoos_SL20240306a2136-1536x1024.jpg\",\"width\":1536,\"height\":1024,\"mime-type\":\"image\\\/jpeg\",\"filesize\":269678},\"2048x2048\":{\"file\":\"StefanieLoos_SL20240306a2136-2048x1365.jpg\",\"width\":2048,\"height\":1365,\"mime-type\":\"image\\\/jpeg\",\"filesize\":433941},\"original\":{\"file\":\"StefanieLoos_SL20240306a2136.jpg\",\"width\":6000,\"height\":4000}}},{\"id\":11,\"width\":6000,\"height\":4000,\"alt\":\"Two women in elegant dresses admire intricate architecture from a balcony.\",\"title\":\"\",\"description\":\"\",\"label\":\"Performers of the Play &quot;Build Up! Tear Down!&quot;\",\"copyright\":\"Stiftung Humboldt Forum im Berliner Schloss, Foto: Stefanie Loos\",\"path\":\"\\\/wp-content\\\/uploads\\\/2024\\\/03\\\/\",\"sizes\":{\"medium\":{\"file\":\"StefanieLoos_SL20240306a1555-300x200.jpg\",\"width\":300,\"height\":200,\"mime-type\":\"image\\\/jpeg\",\"filesize\":11655},\"large\":{\"file\":\"StefanieLoos_SL20240306a1555-1024x683.jpg\",\"width\":1024,\"height\":683,\"mime-type\":\"image\\\/jpeg\",\"filesize\":85411},\"thumbnail\":{\"file\":\"StefanieLoos_SL20240306a1555-150x150.jpg\",\"width\":150,\"height\":150,\"mime-type\":\"image\\\/jpeg\",\"filesize\":5852},\"medium_large\":{\"file\":\"StefanieLoos_SL20240306a1555-768x512.jpg\",\"width\":768,\"height\":512,\"mime-type\":\"image\\\/jpeg\",\"filesize\":52823},\"small\":{\"file\":\"StefanieLoos_SL20240306a1555-440x293.jpg\",\"width\":440,\"height\":293,\"mime-type\":\"image\\\/jpeg\",\"filesize\":21842},\"semi\":{\"file\":\"StefanieLoos_SL20240306a1555-580x387.jpg\",\"width\":580,\"height\":387,\"mime-type\":\"image\\\/jpeg\",\"filesize\":34238},\"mobile\":{\"file\":\"StefanieLoos_SL20240306a1555-720x480.jpg\",\"width\":720,\"height\":480,\"mime-type\":\"image\\\/jpeg\",\"filesize\":47732},\"hd\":{\"file\":\"StefanieLoos_SL20240306a1555-1280x853.jpg\",\"width\":1280,\"height\":853,\"mime-type\":\"image\\\/jpeg\",\"filesize\":123370},\"full\":{\"file\":\"StefanieLoos_SL20240306a1555-1920x1280.jpg\",\"width\":1920,\"height\":1280,\"mime-type\":\"image\\\/jpeg\",\"filesize\":251134},\"xxl\":{\"file\":\"StefanieLoos_SL20240306a1555-4048x2699.jpg\",\"width\":4048,\"height\":2699,\"mime-type\":\"image\\\/jpeg\",\"filesize\":1128773},\"1536x1536\":{\"file\":\"StefanieLoos_SL20240306a1555-1536x1024.jpg\",\"width\":1536,\"height\":1024,\"mime-type\":\"image\\\/jpeg\",\"filesize\":169026},\"2048x2048\":{\"file\":\"StefanieLoos_SL20240306a1555-2048x1365.jpg\",\"width\":2048,\"height\":1365,\"mime-type\":\"image\\\/jpeg\",\"filesize\":283586},\"original\":{\"file\":\"StefanieLoos_SL20240306a1555.jpg\",\"width\":6000,\"height\":4000}}},{\"id\":12,\"width\":6000,\"height\":4000,\"alt\":\"A man and woman at a coat rack, with the woman handing over a coat, and clothing racks visible in the background.\",\"title\":\"\",\"description\":\"\",\"label\":\"Performers of the Play &quot;Build Up! Tear Down!&quot;\",\"copyright\":\"Stiftung Humboldt Forum im Berliner Schloss, Foto: Stefanie Loos\",\"path\":\"\\\/wp-content\\\/uploads\\\/2024\\\/03\\\/\",\"sizes\":{\"medium\":{\"file\":\"StefanieLoos_SL20240306a0219-300x200.jpg\",\"width\":300,\"height\":200,\"mime-type\":\"image\\\/jpeg\",\"filesize\":13146},\"large\":{\"file\":\"StefanieLoos_SL20240306a0219-1024x683.jpg\",\"width\":1024,\"height\":683,\"mime-type\":\"image\\\/jpeg\",\"filesize\":88673},\"thumbnail\":{\"file\":\"StefanieLoos_SL20240306a0219-150x150.jpg\",\"width\":150,\"height\":150,\"mime-type\":\"image\\\/jpeg\",\"filesize\":7320},\"medium_large\":{\"file\":\"StefanieLoos_SL20240306a0219-768x512.jpg\",\"width\":768,\"height\":512,\"mime-type\":\"image\\\/jpeg\",\"filesize\":54743},\"small\":{\"file\":\"StefanieLoos_SL20240306a0219-440x293.jpg\",\"width\":440,\"height\":293,\"mime-type\":\"image\\\/jpeg\",\"filesize\":23213},\"semi\":{\"file\":\"StefanieLoos_SL20240306a0219-580x387.jpg\",\"width\":580,\"height\":387,\"mime-type\":\"image\\\/jpeg\",\"filesize\":35803},\"mobile\":{\"file\":\"StefanieLoos_SL20240306a0219-720x480.jpg\",\"width\":720,\"height\":480,\"mime-type\":\"image\\\/jpeg\",\"filesize\":49715},\"hd\":{\"file\":\"StefanieLoos_SL20240306a0219-1280x853.jpg\",\"width\":1280,\"height\":853,\"mime-type\":\"image\\\/jpeg\",\"filesize\":130760},\"full\":{\"file\":\"StefanieLoos_SL20240306a0219-1920x1280.jpg\",\"width\":1920,\"height\":1280,\"mime-type\":\"image\\\/jpeg\",\"filesize\":282192},\"xxl\":{\"file\":\"StefanieLoos_SL20240306a0219-4048x2699.jpg\",\"width\":4048,\"height\":2699,\"mime-type\":\"image\\\/jpeg\",\"filesize\":1434629},\"1536x1536\":{\"file\":\"StefanieLoos_SL20240306a0219-1536x1024.jpg\",\"width\":1536,\"height\":1024,\"mime-type\":\"image\\\/jpeg\",\"filesize\":181486},\"2048x2048\":{\"file\":\"StefanieLoos_SL20240306a0219-2048x1365.jpg\",\"width\":2048,\"height\":1365,\"mime-type\":\"image\\\/jpeg\",\"filesize\":320712},\"original\":{\"file\":\"StefanieLoos_SL20240306a0219.jpg\",\"width\":6000,\"height\":4000}}},{\"id\":13,\"width\":5944,\"height\":3963,\"alt\":\"A person with curly hair is bowling in a modern interior.\",\"title\":\"\",\"description\":\"\",\"label\":\"Performers of the Play &quot;Build Up! Tear Down!&quot;\",\"copyright\":\"Stiftung Humboldt Forum im Berliner Schloss, Foto: Stefanie Loos\",\"path\":\"\\\/wp-content\\\/uploads\\\/2024\\\/03\\\/\",\"sizes\":{\"medium\":{\"file\":\"StefanieLoos_SL20240306a4100_-300x200.jpg\",\"width\":300,\"height\":200,\"mime-type\":\"image\\\/jpeg\",\"filesize\":13841},\"large\":{\"file\":\"StefanieLoos_SL20240306a4100_-1024x683.jpg\",\"width\":1024,\"height\":683,\"mime-type\":\"image\\\/jpeg\",\"filesize\":86212},\"thumbnail\":{\"file\":\"StefanieLoos_SL20240306a4100_-150x150.jpg\",\"width\":150,\"height\":150,\"mime-type\":\"image\\\/jpeg\",\"filesize\":6836},\"medium_large\":{\"file\":\"StefanieLoos_SL20240306a4100_-768x512.jpg\",\"width\":768,\"height\":512,\"mime-type\":\"image\\\/jpeg\",\"filesize\":55836},\"small\":{\"file\":\"StefanieLoos_SL20240306a4100_-440x293.jpg\",\"width\":440,\"height\":293,\"mime-type\":\"image\\\/jpeg\",\"filesize\":24335},\"semi\":{\"file\":\"StefanieLoos_SL20240306a4100_-580x387.jpg\",\"width\":580,\"height\":387,\"mime-type\":\"image\\\/jpeg\",\"filesize\":37299},\"mobile\":{\"file\":\"StefanieLoos_SL20240306a4100_-720x480.jpg\",\"width\":720,\"height\":480,\"mime-type\":\"image\\\/jpeg\",\"filesize\":50498},\"hd\":{\"file\":\"StefanieLoos_SL20240306a4100_-1280x853.jpg\",\"width\":1280,\"height\":853,\"mime-type\":\"image\\\/jpeg\",\"filesize\":123008},\"full\":{\"file\":\"StefanieLoos_SL20240306a4100_-1920x1280.jpg\",\"width\":1920,\"height\":1280,\"mime-type\":\"image\\\/jpeg\",\"filesize\":255783},\"xxl\":{\"file\":\"StefanieLoos_SL20240306a4100_-4048x2699.jpg\",\"width\":4048,\"height\":2699,\"mime-type\":\"image\\\/jpeg\",\"filesize\":1390770},\"1536x1536\":{\"file\":\"StefanieLoos_SL20240306a4100_-1536x1024.jpg\",\"width\":1536,\"height\":1024,\"mime-type\":\"image\\\/jpeg\",\"filesize\":167841},\"2048x2048\":{\"file\":\"StefanieLoos_SL20240306a4100_-2048x1365.jpg\",\"width\":2048,\"height\":1365,\"mime-type\":\"image\\\/jpeg\",\"filesize\":293153},\"original\":{\"file\":\"StefanieLoos_SL20240306a4100_.jpg\",\"width\":5944,\"height\":3963}}},{\"id\":14,\"width\":4000,\"height\":6000,\"alt\":\"A person examines a large, relief-style artwork featuring numerous human figures in a gallery.\",\"title\":\"\",\"description\":\"\",\"label\":\"Performers of the Play &quot;Build Up! Tear Down!&quot;\",\"copyright\":\"Jo Jastram \\\/ Bundesrepublik Deutschland \\\/ Stiftung Humboldt Forum im Berliner Schloss, Foto: Stefanie Loos\",\"path\":\"\\\/wp-content\\\/uploads\\\/2024\\\/03\\\/\",\"sizes\":{\"medium\":{\"file\":\"StefanieLoos_SL20240306a3223-200x300.jpg\",\"width\":200,\"height\":300,\"mime-type\":\"image\\\/jpeg\",\"filesize\":12943},\"large\":{\"file\":\"StefanieLoos_SL20240306a3223-683x1024.jpg\",\"width\":683,\"height\":1024,\"mime-type\":\"image\\\/jpeg\",\"filesize\":101113},\"thumbnail\":{\"file\":\"StefanieLoos_SL20240306a3223-150x150.jpg\",\"width\":150,\"height\":150,\"mime-type\":\"image\\\/jpeg\",\"filesize\":6314},\"medium_large\":{\"file\":\"StefanieLoos_SL20240306a3223-768x1152.jpg\",\"width\":768,\"height\":1152,\"mime-type\":\"image\\\/jpeg\",\"filesize\":123497},\"small\":{\"file\":\"StefanieLoos_SL20240306a3223-293x440.jpg\",\"width\":293,\"height\":440,\"mime-type\":\"image\\\/jpeg\",\"filesize\":23998},\"semi\":{\"file\":\"StefanieLoos_SL20240306a3223-387x580.jpg\",\"width\":387,\"height\":580,\"mime-type\":\"image\\\/jpeg\",\"filesize\":38484},\"mobile\":{\"file\":\"StefanieLoos_SL20240306a3223-480x720.jpg\",\"width\":480,\"height\":720,\"mime-type\":\"image\\\/jpeg\",\"filesize\":55762},\"hd\":{\"file\":\"StefanieLoos_SL20240306a3223-853x1280.jpg\",\"width\":853,\"height\":1280,\"mime-type\":\"image\\\/jpeg\",\"filesize\":149893},\"full\":{\"file\":\"StefanieLoos_SL20240306a3223-1280x1920.jpg\",\"width\":1280,\"height\":1920,\"mime-type\":\"image\\\/jpeg\",\"filesize\":309391},\"xxl\":{\"file\":\"StefanieLoos_SL20240306a3223-2699x4048.jpg\",\"width\":2699,\"height\":4048,\"mime-type\":\"image\\\/jpeg\",\"filesize\":1466496},\"1536x1536\":{\"file\":\"StefanieLoos_SL20240306a3223-1024x1536.jpg\",\"width\":1024,\"height\":1536,\"mime-type\":\"image\\\/jpeg\",\"filesize\":204544},\"2048x2048\":{\"file\":\"StefanieLoos_SL20240306a3223-1365x2048.jpg\",\"width\":1365,\"height\":2048,\"mime-type\":\"image\\\/jpeg\",\"filesize\":350561},\"original\":{\"file\":\"StefanieLoos_SL20240306a3223.jpg\",\"width\":4000,\"height\":6000}}}]\t\t\t\t\t\t\t}\n\t\t\t\t\t\t\t<\/script>\n\n\t\t\t\t\t\t\t<swiper :options=\"options\" @slide-change=\"track\">\n\t\t\t\t\t\t\t\t<div class=\"swiper-slide\" :key=\"image.id\" v-for=\"image in images\">\n\t\t\t\t\t\t\t\t\t<block-gallery-item inline-template :image=\"image\">\n\t\t\t\t\t\t\t\t\t\t<figure class=\"swiper-slide-image-wrapper\" ref=\"parent\">\n\t\t\t\t\t\t\t\t\t\t\t<div class=\"width-container\" ref=\"container\" :style=\"style\">\n\t\t\t\t\t\t\t\t\t\t\t\t<div data-swiper-parallax-x=\"50%\">\n\t\t\t\t\t\t\t\t\t\t\t\t<img :src=\"image.src\" :alt=\"image.alt\" v-if=\"image.id < 2\">\n\t\t\t\t\t\t\t\t\t\t\t\t<img class=\"swiper-lazy\" :data-src=\"image.src\" :alt=\"image.alt\" v-else>\n\t\t\t\t\t\t\t\t\t\t\t\t<\/div>\n\t\t\t\t\t\t\t\t\t\t\t<\/div>\n\t\t\t\t\t\t\t\t\t\t<\/figure>\n\t\t\t\t\t\t\t\t\t<\/block-gallery-item>\n\n\t\t\t\t\t\t\t\t\t<figcaption>\n\t\t\t\t\t\t\t\t\t\t<div class=\"lazy-media-info-body-content\">\n\t\t\t\t\t\t\t\t\t\t\t<div v-html=\"image.label\"><\/div>\n\t\t\t\t\t\t\t\t\t\t\t<div v-html=\"image.description\"><\/div>\n\t\t\t\t\t\t\t\t\t\t\t<div class=\"insignificant\" v-if=\"image.copyright\" v-html=\"'\u00a9 '+image.copyright\"><\/div>\n\t\t\t\t\t\t\t\t\t\t<\/div>\n\t\t\t\t\t\t\t\t\t<\/figcaption>\n\t\t\t\t\t\t\t\t<\/div>\n\n\t\t\t\t\t\t\t\t<div class=\"swiper-pagination\"  slot=\"pagination\"><\/div>\n\n\t\t\t\t\t\t\t\t<button class=\"icon-round swiper-button-prev\" slot=\"button-prev\" aria-label=\"Last images\">\n\t\t\t\t\t\t\t\t\t<span class=\"icon-next\" aria-hidden=\"true\"><\/span>\n\t\t\t\t\t\t\t\t<\/button>\n\n\t\t\t\t\t\t\t\t<button class=\"icon-round swiper-button-next\" slot=\"button-next\" aria-label=\"Next image\">\n\t\t\t\t\t\t\t\t\t<span class=\"icon-next\" aria-hidden=\"true\"><\/span>\n\t\t\t\t\t\t\t\t<\/button>\n\t\t\t\t\t\t\t<\/swiper>\n\t\t\t\t\t\t<\/div>\n\t\t\t\t\t<\/block-gallery>\n\t\t\t\t<\/div>\n\t\t\t<\/div>\n\t\t<\/div>\n\t<\/div>\n<\/section>\n\n\n\n<section class=\"block block-headline block-no-margin \" >\n\t<div class=\"container-fluid\">\n\t\t<div class=\"row\">\n\t\t\t\t\t\t\t<div class=\"col-xs-12 col-md-offset-2 col-md-8\">\n\t\t\t\t\t<div class=\"box\">\n\t\t\t\t\t\t<h2 class=\".h3\">Artistic management team<\/h2>\n\t\t\t\t\t<\/div>\n\t\t\t\t<\/div>\n\t\t\t\t\t<\/div>\n\t<\/div>\n<\/section>\n\n\n\n\n<section class=\"block block-copy block-no-margin\" >\n    <div class=\"container-fluid\">\n\t\t<div class=\"row \">\n            <div class=\"col-xs-12 col-md-offset-2 col-md-8\">\n                <div class=\"box\">\n                    <div class=\"copy\"><p>Montserrat Borreda (Mass Choreography), Meier Eden (Choreography Roof), Tanja Liebermann (Costume Design), Stefanie Loos (Photographer), Yupanqui Ramos (Costume Assistant), Marie Reineke (Production Assistant), Letycia Rossi (Spacial Concept), Clemens Rynkowski (Musical Direction), Tim Sch\u00fcler (Speech Choir Management), Melina von Gagern (Text Dramaturgy), Ron Zimmering (Director)<\/p>\n<p>&nbsp;<\/p>\n<\/div>\n                <\/div>\n            <\/div>\n\t\t<\/div>\n\t\t    <\/div>\n<\/section>\n\n\n<section class=\"block block-accordion\">\n\t<div class=\"container-fluid\">\n\t\t<div class=\"row\">\n\t\t\t<div class=\"col-xs-12 col-md-offset-2 col-md-8\">\n\t\t\t\t<div class=\"box\">\n\t\t\t\t\t\t\t\t\t\t\t<block-accordion inline-template>\n\t\t\t\t\t\t\t<div class=\"accordion\">\n\t\t\t\t\t\t\t\t\t\t\t\t\t\t\t<block-accordion-item inline-template item-headline=\"Montserrat Borred\u00e1\">\n\t\t\t\t\t\t\t\t<div ref=\"item\" data-id=\"MontserratBorred\" class=\"block-accordion-item vue-initialize\" aria-expanded=\"false\" :aria-expanded=\"active ? 'true' : 'false'\">\n\t\t\t\t\t\t\t\t\t<button class=\"accordion-button-with-icon block-accordion-item-head\" :class=\"{'button-active': active}\" ref=\"head\" aria-controls=\"acc_69f2e8f474ddb\" id=\"acc_title_69f2e8f474ddd\" @click=\"toggle\" @keydown=\"key\">\n\t\t\t\t\t\t\t\t\t<div><span class=\"button-label\">Montserrat Borred\u00e1<\/span><\/div><span class=\"button-icon icon-plus\" aria-hidden=\"true\"><\/span>\n\t\t\t\t\t\t\t\t<\/button>\n\t\t\t\t\t\t\t\t\t<div ref=\"body\" class=\"block-accordion-item-content\" id=\"acc_69f2e8f474ddb\" role=\"region\">\n\t\t\t\t\t\t\t\t\t\t<div class=\"wrapper copy\">\n\t\t\t\t\t\t\t\t\t\t\t<p>Montserrat Borred\u00e1 was born in Barcelona and is a choreographer and body director. She trained in dance technique and choreography at the London Contemporary Dance School and at the Cunningham Dance Foundation and Martha Graham School in New York. She has worked on numerous choreographic productions in Barcelona, Gerona, Valencia and Brazil. She has lived in Hamburg since 1988, where she was a lecturer at the Schule f\u00fcr Schauspiel Hamburg and held a guest professorship at the Hochschule f\u00fcr Musik und Theater Hamburg. From 1996 to 2023 she was a lecturer at the H.f.M.T.Hamburg (since 2005 called Theater Akademie) in the department of drama directing and music theatre directing. She supervised numerous diploma and bachelor theses at Kampnagel and received the Hamburg Teaching Award from the Ministry of Science, Research and Equality for outstanding achievements in university teaching in 2016.<\/p>\n<p>&nbsp;<\/p>\n<p>&nbsp;<\/p>\n\n\t\t\t\t\t\t\t\t\t\t\t\t\t\t\t\t\t\t\t\t\t\t\t\t\t\t\t\t\t\t\t\t\t\n\t\t\t\t\t\t\t\t\t\t\t<div class=\"row\">\n\t\t\t\t\t\t\t\t\t\t\t\t<div class=\"col-xs-9 col-md-9\">\n\t\t\t\t\t\t\t\t\t\t\t\t\t<div class=\"box\">\n\t\t\t\t\t\t\t\t\t\t\t\t\t\t\n\t<lazy-media-inline inline-template>\n\t\t<figure itemscope itemtype=\"http:\/\/schema.org\/ImageObject\" class=\"lazy-media-inline \" role=\"group\" id=\"media_69f2e8f4755c4\" aria-labelledby=\"desc_media_69f2e8f4755c4\">\n\t\t\t<script type=\"application\/json\" ref=\"data\">\n\t\t\t\t{\n\t\t\t\t\"sizes\" : {\"medium\":{\"file\":\"SHF_eb00215628-225x300.jpg\",\"width\":225,\"height\":300,\"mime-type\":\"image\\\/jpeg\",\"filesize\":11178},\"thumbnail\":{\"file\":\"SHF_eb00215628-150x150.jpg\",\"width\":150,\"height\":150,\"mime-type\":\"image\\\/jpeg\",\"filesize\":5255},\"small\":{\"file\":\"SHF_eb00215628-330x440.jpg\",\"width\":330,\"height\":440,\"mime-type\":\"image\\\/jpeg\",\"filesize\":19834},\"semi\":{\"file\":\"SHF_eb00215628-435x580.jpg\",\"width\":435,\"height\":580,\"mime-type\":\"image\\\/jpeg\",\"filesize\":30523},\"mobile\":{\"file\":\"SHF_eb00215628-540x720.jpg\",\"width\":540,\"height\":720,\"mime-type\":\"image\\\/jpeg\",\"filesize\":42157},\"original\":{\"file\":\"SHF_eb00215628.jpg\",\"width\":768,\"height\":1024}},\n\t\t\t\t\"alt\" : \"Portrait of a woman with gray hair and glasses, in a thoughtful pose against a neutral background.\",\n\t\t\t\t\"path\" : \"\\\/wp-content\\\/uploads\\\/2023\\\/12\\\/\",\n\t\t\t\t\"video\" : null,\n\t\t\t\t\"autoplay\" : null,\n\t\t\t\t\"youtube\" : null,\n\t\t\t\t\"youtubelabel\" : \"Play video\",\n\t\t\t\t\"brightness\" : 100,\n\t\t\t\t\"crop\" : null,\n\t\t\t\t\"background\" : false,\n\t\t\t\t\"scale\" : 1\t\t\t\t}\n\t\t\t<\/script>\n\n\t\t\t<div class=\"height-container\" style=\"padding-bottom:133.33333333333%;\" v-if=\"sizes\">\n\t\t\t\t\t\t\t\t<lazy-media :inline=\"true\" :alt=\"alt\" :sizes=\"sizes\" :scale=\"scale\" :brightness=\"brightness\" :path=\"path\" :video=\"video\" :autoplay=\"autoplay\" :youtube=\"youtube\" :crop=\"crop\" :youtubelabel=\"youtubelabel\" :background=\"background\" media-id=\"desc_media_69f2e8f4755c4\"><\/lazy-media>\n\t\t\t\t\t\t\t<\/div>\n\n\t\t\t\t\t\t\t<figcaption class=\"\" id=\"desc_media_69f2e8f4755c4\">\n\t\t\t\t\t<div class=\"lazy-media-info-body-content\">\n\t\t\t\t\t\t\t\t\t\t\t\t\t<div>Montserrat Borred&aacute;<\/div>\n\t\t\t\t\t\t\t\t\t\t\t\t\t\t\t\t\t\t\t\t\t\t\t\t\t<div class=\"insignificant\">\u00a9 privat<\/div>\n\t\t\t\t\t\t\t\t\t\t\t<\/div>\n\t\t\t\t<\/figcaption>\n\t\t\t\t\t\t\t\t\t<\/figure>\n\t<\/lazy-media-inline>\n\t\t\t\t\t\t\t\t\t\t\t\t\t<\/div>\n\t\t\t\t\t\t\t\t\t\t\t\t<\/div>\n\t\t\t\t\t\t\t\t\t\t\t<\/div>\n\n\t\t\t\t\t\t\t\t\t\t\t\t\t\t\t\t\t\t\t\t\t<\/div>\n\t\t\t\t\t\t\t\t\t<\/div>\n\t\t\t\t\t\t\t\t<\/div>\n\t\t\t\t\t\t\t\t<\/block-accordion-item>\n\t\t\t\t\t\t\t\t\t\t\t\t\t\t<block-accordion-item inline-template item-headline=\"Melina von Gagern\">\n\t\t\t\t\t\t\t\t<div ref=\"item\" data-id=\"MelinavonGagern\" class=\"block-accordion-item vue-initialize\" aria-expanded=\"false\" :aria-expanded=\"active ? 'true' : 'false'\">\n\t\t\t\t\t\t\t\t\t<button class=\"accordion-button-with-icon block-accordion-item-head\" :class=\"{'button-active': active}\" ref=\"head\" aria-controls=\"acc_69f2e8f475862\" id=\"acc_title_69f2e8f475864\" @click=\"toggle\" @keydown=\"key\">\n\t\t\t\t\t\t\t\t\t<div><span class=\"button-label\">Melina von Gagern<\/span><\/div><span class=\"button-icon icon-plus\" aria-hidden=\"true\"><\/span>\n\t\t\t\t\t\t\t\t<\/button>\n\t\t\t\t\t\t\t\t\t<div ref=\"body\" class=\"block-accordion-item-content\" id=\"acc_69f2e8f475862\" role=\"region\">\n\t\t\t\t\t\t\t\t\t\t<div class=\"wrapper copy\">\n\t\t\t\t\t\t\t\t\t\t\t<p>Melina von Gagern is a director, author and actress. She was born in Switzerland in 1978, grew up in Norway and Germany, completed her acting training in Berlin and subsequently had various guest and permanent engagements, including at the Theater Chemnitz, the Thalia Theater Halle, the Schleswig-Holsteinisches Landestheater, the Theater Vorpommern in Greifswald and Stralsund, as well as the Theater Rampe in Stuttgart.<\/p>\n<p>She has developed and directed play projects and formats for various theatres, including HUMANKAPITAL &#8211; a play development on unconditional basic income, KANALBANAL and 2MAL2 SCHWESTERN. She works as a director and author of radio plays and features for radio (including DAS PATENT &#8211; an eight-part series about the act of inventing (SWR), STELLT DEN SARG HOCHKANT UND TANZT &#8211; diary of a hundred-year-old woman (DLFKultur). Her feature BLAUBLUTBILD (SWR) was nominated for the Prix Europa 2019 in the Radio Documentary category.<\/p>\n<p>She is the mother of three children.<\/p>\n<p>&nbsp;<\/p>\n<p>&nbsp;<\/p>\n\n\t\t\t\t\t\t\t\t\t\t\t\t\t\t\t\t\t\t\t\t\t\t\t\t\t\t\t\t\t\t\t\t\t\n\t\t\t\t\t\t\t\t\t\t\t<div class=\"row\">\n\t\t\t\t\t\t\t\t\t\t\t\t<div class=\"col-xs-9 col-md-9\">\n\t\t\t\t\t\t\t\t\t\t\t\t\t<div class=\"box\">\n\t\t\t\t\t\t\t\t\t\t\t\t\t\t\n\t<lazy-media-inline inline-template>\n\t\t<figure itemscope itemtype=\"http:\/\/schema.org\/ImageObject\" class=\"lazy-media-inline \" role=\"group\" id=\"media_69f2e8f475d6f\" aria-labelledby=\"desc_media_69f2e8f475d6f\">\n\t\t\t<script type=\"application\/json\" ref=\"data\">\n\t\t\t\t{\n\t\t\t\t\"sizes\" : {\"medium\":{\"file\":\"SHF_eb00215428-300x200.jpg\",\"width\":300,\"height\":200,\"mime-type\":\"image\\\/jpeg\",\"filesize\":10955},\"thumbnail\":{\"file\":\"SHF_eb00215428-150x150.jpg\",\"width\":150,\"height\":150,\"mime-type\":\"image\\\/jpeg\",\"filesize\":5459},\"medium_large\":{\"file\":\"SHF_eb00215428-768x513.jpg\",\"width\":768,\"height\":513,\"mime-type\":\"image\\\/jpeg\",\"filesize\":40051},\"small\":{\"file\":\"SHF_eb00215428-440x294.jpg\",\"width\":440,\"height\":294,\"mime-type\":\"image\\\/jpeg\",\"filesize\":18680},\"semi\":{\"file\":\"SHF_eb00215428-580x387.jpg\",\"width\":580,\"height\":387,\"mime-type\":\"image\\\/jpeg\",\"filesize\":27875},\"mobile\":{\"file\":\"SHF_eb00215428-720x481.jpg\",\"width\":720,\"height\":481,\"mime-type\":\"image\\\/jpeg\",\"filesize\":36597},\"original\":{\"file\":\"SHF_eb00215428.jpg\",\"width\":981,\"height\":655}},\n\t\t\t\t\"alt\" : \"Woman with dark hair and red lipstick stands on a tree-lined street in the sunlight.\",\n\t\t\t\t\"path\" : \"\\\/wp-content\\\/uploads\\\/2023\\\/12\\\/\",\n\t\t\t\t\"video\" : null,\n\t\t\t\t\"autoplay\" : null,\n\t\t\t\t\"youtube\" : null,\n\t\t\t\t\"youtubelabel\" : \"Play video\",\n\t\t\t\t\"brightness\" : 100,\n\t\t\t\t\"crop\" : null,\n\t\t\t\t\"background\" : false,\n\t\t\t\t\"scale\" : 1\t\t\t\t}\n\t\t\t<\/script>\n\n\t\t\t<div class=\"height-container\" style=\"padding-bottom:66.768603465851%;\" v-if=\"sizes\">\n\t\t\t\t\t\t\t\t<lazy-media :inline=\"true\" :alt=\"alt\" :sizes=\"sizes\" :scale=\"scale\" :brightness=\"brightness\" :path=\"path\" :video=\"video\" :autoplay=\"autoplay\" :youtube=\"youtube\" :crop=\"crop\" :youtubelabel=\"youtubelabel\" :background=\"background\" media-id=\"desc_media_69f2e8f475d6f\"><\/lazy-media>\n\t\t\t\t\t\t\t<\/div>\n\n\t\t\t\t\t\t\t<figcaption class=\"\" id=\"desc_media_69f2e8f475d6f\">\n\t\t\t\t\t<div class=\"lazy-media-info-body-content\">\n\t\t\t\t\t\t\t\t\t\t\t\t\t<div>Melina von Gagern<\/div>\n\t\t\t\t\t\t\t\t\t\t\t\t\t\t\t\t\t\t\t\t\t\t\t\t\t<div class=\"insignificant\">\u00a9 Melina von Gagern<\/div>\n\t\t\t\t\t\t\t\t\t\t\t<\/div>\n\t\t\t\t<\/figcaption>\n\t\t\t\t\t\t\t\t\t<\/figure>\n\t<\/lazy-media-inline>\n\t\t\t\t\t\t\t\t\t\t\t\t\t<\/div>\n\t\t\t\t\t\t\t\t\t\t\t\t<\/div>\n\t\t\t\t\t\t\t\t\t\t\t<\/div>\n\n\t\t\t\t\t\t\t\t\t\t\t\t\t\t\t\t\t\t\t\t\t<\/div>\n\t\t\t\t\t\t\t\t\t<\/div>\n\t\t\t\t\t\t\t\t<\/div>\n\t\t\t\t\t\t\t\t<\/block-accordion-item>\n\t\t\t\t\t\t\t\t\t\t\t\t\t\t<block-accordion-item inline-template item-headline=\"Tanja Liebermann\">\n\t\t\t\t\t\t\t\t<div ref=\"item\" data-id=\"TanjaLiebermann\" class=\"block-accordion-item vue-initialize\" aria-expanded=\"false\" :aria-expanded=\"active ? 'true' : 'false'\">\n\t\t\t\t\t\t\t\t\t<button class=\"accordion-button-with-icon block-accordion-item-head\" :class=\"{'button-active': active}\" ref=\"head\" aria-controls=\"acc_69f2e8f475f7b\" id=\"acc_title_69f2e8f475f7c\" @click=\"toggle\" @keydown=\"key\">\n\t\t\t\t\t\t\t\t\t<div><span class=\"button-label\">Tanja Liebermann<\/span><\/div><span class=\"button-icon icon-plus\" aria-hidden=\"true\"><\/span>\n\t\t\t\t\t\t\t\t<\/button>\n\t\t\t\t\t\t\t\t\t<div ref=\"body\" class=\"block-accordion-item-content\" id=\"acc_69f2e8f475f7b\" role=\"region\">\n\t\t\t\t\t\t\t\t\t\t<div class=\"wrapper copy\">\n\t\t\t\t\t\t\t\t\t\t\t<p>Tanja Liebermann was born in Baden-W\u00fcrttemberg and lives in Berlin. After studying fashion design, she worked as a costume assistant and then as a freelance costume designer from 2004.<\/p>\n<p>Since then, she has worked in a wide variety of fields for theatre, opera, dance and musicals. Her work has taken her to the Deutsches Theater Berlin, the Berliner Ensemble, Volkstheater and the Volksoper Vienna, the D\u00fcsseldorfer Schauspielhaus, the Staatstheater am G\u00e4rtnerplatz Munich, the Opernhaus Z\u00fcrich and the Staatstheater Karlsruhe, Saarbr\u00fccken, Braunschweig, Wiesbaden as well as the theatres and opera houses in Freiburg, L\u00fcbeck, Lucerne, Bern, Montpellier and, in the current season, the Netherlands Reisopera.<\/p>\n<p>She also regularly creates costume designs for television, cinema and series formats (currently an ARD &#8220;Tatort&#8221; and the ZDFneo series &#8220;Becoming Charlie&#8221;).<\/p>\n<p>&nbsp;<\/p>\n\n\t\t\t\t\t\t\t\t\t\t\t\t\t\t\t\t\t\t\t\t\t\t\t\t\t\t\t\t\t\t\t\t\t\n\t\t\t\t\t\t\t\t\t\t\t<div class=\"row\">\n\t\t\t\t\t\t\t\t\t\t\t\t<div class=\"col-xs-9 col-md-9\">\n\t\t\t\t\t\t\t\t\t\t\t\t\t<div class=\"box\">\n\t\t\t\t\t\t\t\t\t\t\t\t\t\t\n\t<lazy-media-inline inline-template>\n\t\t<figure itemscope itemtype=\"http:\/\/schema.org\/ImageObject\" class=\"lazy-media-inline \" role=\"group\" id=\"media_69f2e8f4764d3\" aria-labelledby=\"desc_media_69f2e8f4764d3\">\n\t\t\t<script type=\"application\/json\" ref=\"data\">\n\t\t\t\t{\n\t\t\t\t\"sizes\" : {\"medium\":{\"file\":\"SHF_eb00215423-226x300.jpg\",\"width\":226,\"height\":300,\"mime-type\":\"image\\\/jpeg\",\"filesize\":9811},\"large\":{\"file\":\"SHF_eb00215423-772x1024.jpg\",\"width\":772,\"height\":1024,\"mime-type\":\"image\\\/jpeg\",\"filesize\":71791},\"thumbnail\":{\"file\":\"SHF_eb00215423-150x150.jpg\",\"width\":150,\"height\":150,\"mime-type\":\"image\\\/jpeg\",\"filesize\":4567},\"medium_large\":{\"file\":\"SHF_eb00215423-768x1019.jpg\",\"width\":768,\"height\":1019,\"mime-type\":\"image\\\/jpeg\",\"filesize\":71018},\"small\":{\"file\":\"SHF_eb00215423-332x440.jpg\",\"width\":332,\"height\":440,\"mime-type\":\"image\\\/jpeg\",\"filesize\":17487},\"semi\":{\"file\":\"SHF_eb00215423-437x580.jpg\",\"width\":437,\"height\":580,\"mime-type\":\"image\\\/jpeg\",\"filesize\":27563},\"mobile\":{\"file\":\"SHF_eb00215423-543x720.jpg\",\"width\":543,\"height\":720,\"mime-type\":\"image\\\/jpeg\",\"filesize\":39270},\"original\":{\"file\":\"SHF_eb00215423.jpg\",\"width\":965,\"height\":1280}},\n\t\t\t\t\"alt\" : \"Portrait of a smiling woman with short hair, dressed in an elegant, patterned top.\",\n\t\t\t\t\"path\" : \"\\\/wp-content\\\/uploads\\\/2023\\\/12\\\/\",\n\t\t\t\t\"video\" : null,\n\t\t\t\t\"autoplay\" : null,\n\t\t\t\t\"youtube\" : null,\n\t\t\t\t\"youtubelabel\" : \"Play video\",\n\t\t\t\t\"brightness\" : 100,\n\t\t\t\t\"crop\" : null,\n\t\t\t\t\"background\" : false,\n\t\t\t\t\"scale\" : 1\t\t\t\t}\n\t\t\t<\/script>\n\n\t\t\t<div class=\"height-container\" style=\"padding-bottom:132.64248704663%;\" v-if=\"sizes\">\n\t\t\t\t\t\t\t\t<lazy-media :inline=\"true\" :alt=\"alt\" :sizes=\"sizes\" :scale=\"scale\" :brightness=\"brightness\" :path=\"path\" :video=\"video\" :autoplay=\"autoplay\" :youtube=\"youtube\" :crop=\"crop\" :youtubelabel=\"youtubelabel\" :background=\"background\" media-id=\"desc_media_69f2e8f4764d3\"><\/lazy-media>\n\t\t\t\t\t\t\t<\/div>\n\n\t\t\t\t\t\t\t<figcaption class=\"\" id=\"desc_media_69f2e8f4764d3\">\n\t\t\t\t\t<div class=\"lazy-media-info-body-content\">\n\t\t\t\t\t\t\t\t\t\t\t\t\t<div>Tanja Liebermann<\/div>\n\t\t\t\t\t\t\t\t\t\t\t\t\t\t\t\t\t\t\t\t\t\t\t\t\t<div class=\"insignificant\">\u00a9 Tanja Liebermann<\/div>\n\t\t\t\t\t\t\t\t\t\t\t<\/div>\n\t\t\t\t<\/figcaption>\n\t\t\t\t\t\t\t\t\t<\/figure>\n\t<\/lazy-media-inline>\n\t\t\t\t\t\t\t\t\t\t\t\t\t<\/div>\n\t\t\t\t\t\t\t\t\t\t\t\t<\/div>\n\t\t\t\t\t\t\t\t\t\t\t<\/div>\n\n\t\t\t\t\t\t\t\t\t\t\t\t\t\t\t\t\t\t\t\t\t<\/div>\n\t\t\t\t\t\t\t\t\t<\/div>\n\t\t\t\t\t\t\t\t<\/div>\n\t\t\t\t\t\t\t\t<\/block-accordion-item>\n\t\t\t\t\t\t\t\t\t\t\t\t\t\t<block-accordion-item inline-template item-headline=\"Letycia Rossi\">\n\t\t\t\t\t\t\t\t<div ref=\"item\" data-id=\"LetyciaRossi\" class=\"block-accordion-item vue-initialize\" aria-expanded=\"false\" :aria-expanded=\"active ? 'true' : 'false'\">\n\t\t\t\t\t\t\t\t\t<button class=\"accordion-button-with-icon block-accordion-item-head\" :class=\"{'button-active': active}\" ref=\"head\" aria-controls=\"acc_69f2e8f4766fa\" id=\"acc_title_69f2e8f4766fc\" @click=\"toggle\" @keydown=\"key\">\n\t\t\t\t\t\t\t\t\t<div><span class=\"button-label\">Letycia Rossi<\/span><\/div><span class=\"button-icon icon-plus\" aria-hidden=\"true\"><\/span>\n\t\t\t\t\t\t\t\t<\/button>\n\t\t\t\t\t\t\t\t\t<div ref=\"body\" class=\"block-accordion-item-content\" id=\"acc_69f2e8f4766fa\" role=\"region\">\n\t\t\t\t\t\t\t\t\t\t<div class=\"wrapper copy\">\n\t\t\t\t\t\t\t\t\t\t\t<p>Letycia Rossi was born in Brazil and has lived in Hamburg since 2010. Her work is characterised by the creative combination of architecture, set design and lighting design. As an architect and interior designer, she has built and designed residential and public buildings. In the field of lighting design, she has worked for the renowned company Andres + Partner.<\/p>\n<p>She has worked as a set designer for film, theatre and dance theatre for many years. She creates spaces in which the boundaries between installation and architecture, between narration and abstraction become blurred. Her collaboration with the internationally successful dance theatre company Quasar Cia de Dan\u00e7a has resulted in innovative stage and costume designs.<\/p>\n<p>In March 2023, she founded Studio Rossi as part of the Studio Besau-Marguerre office partnership in order to further develop her own vision of combining architecture, interior design, lighting design, visual communication and art.<\/p>\n<p>&nbsp;<\/p>\n<p>&nbsp;<\/p>\n\n\t\t\t\t\t\t\t\t\t\t\t\t\t\t\t\t\t\t\t\t\t\t\t\t\t\t\t\t\t\t\t\t\t\n\t\t\t\t\t\t\t\t\t\t\t<div class=\"row\">\n\t\t\t\t\t\t\t\t\t\t\t\t<div class=\"col-xs-9 col-md-9\">\n\t\t\t\t\t\t\t\t\t\t\t\t\t<div class=\"box\">\n\t\t\t\t\t\t\t\t\t\t\t\t\t\t\n\t<lazy-media-inline inline-template>\n\t\t<figure itemscope itemtype=\"http:\/\/schema.org\/ImageObject\" class=\"lazy-media-inline \" role=\"group\" id=\"media_69f2e8f476d35\" aria-labelledby=\"desc_media_69f2e8f476d35\">\n\t\t\t<script type=\"application\/json\" ref=\"data\">\n\t\t\t\t{\n\t\t\t\t\"sizes\" : {\"medium\":{\"file\":\"SHF_eb00215425-200x300.jpg\",\"width\":200,\"height\":300,\"mime-type\":\"image\\\/jpeg\",\"filesize\":10918},\"large\":{\"file\":\"SHF_eb00215425-682x1024.jpg\",\"width\":682,\"height\":1024,\"mime-type\":\"image\\\/jpeg\",\"filesize\":58276},\"thumbnail\":{\"file\":\"SHF_eb00215425-150x150.jpg\",\"width\":150,\"height\":150,\"mime-type\":\"image\\\/jpeg\",\"filesize\":5739},\"medium_large\":{\"file\":\"SHF_eb00215425-768x1152.jpg\",\"width\":768,\"height\":1152,\"mime-type\":\"image\\\/jpeg\",\"filesize\":69786},\"small\":{\"file\":\"SHF_eb00215425-293x440.jpg\",\"width\":293,\"height\":440,\"mime-type\":\"image\\\/jpeg\",\"filesize\":18063},\"semi\":{\"file\":\"SHF_eb00215425-387x580.jpg\",\"width\":387,\"height\":580,\"mime-type\":\"image\\\/jpeg\",\"filesize\":26394},\"mobile\":{\"file\":\"SHF_eb00215425-480x720.jpg\",\"width\":480,\"height\":720,\"mime-type\":\"image\\\/jpeg\",\"filesize\":34782},\"original\":{\"file\":\"SHF_eb00215425.jpg\",\"width\":853,\"height\":1280}},\n\t\t\t\t\"alt\" : \"Woman in a black top sits relaxed in front of plants in a bright room.\",\n\t\t\t\t\"path\" : \"\\\/wp-content\\\/uploads\\\/2023\\\/12\\\/\",\n\t\t\t\t\"video\" : null,\n\t\t\t\t\"autoplay\" : null,\n\t\t\t\t\"youtube\" : null,\n\t\t\t\t\"youtubelabel\" : \"Play video\",\n\t\t\t\t\"brightness\" : 100,\n\t\t\t\t\"crop\" : null,\n\t\t\t\t\"background\" : false,\n\t\t\t\t\"scale\" : 1\t\t\t\t}\n\t\t\t<\/script>\n\n\t\t\t<div class=\"height-container\" style=\"padding-bottom:150.05861664713%;\" v-if=\"sizes\">\n\t\t\t\t\t\t\t\t<lazy-media :inline=\"true\" :alt=\"alt\" :sizes=\"sizes\" :scale=\"scale\" :brightness=\"brightness\" :path=\"path\" :video=\"video\" :autoplay=\"autoplay\" :youtube=\"youtube\" :crop=\"crop\" :youtubelabel=\"youtubelabel\" :background=\"background\" media-id=\"desc_media_69f2e8f476d35\"><\/lazy-media>\n\t\t\t\t\t\t\t<\/div>\n\n\t\t\t\t\t\t\t<figcaption class=\"\" id=\"desc_media_69f2e8f476d35\">\n\t\t\t\t\t<div class=\"lazy-media-info-body-content\">\n\t\t\t\t\t\t\t\t\t\t\t\t\t<div>Letycia Rossi<\/div>\n\t\t\t\t\t\t\t\t\t\t\t\t\t\t\t\t\t\t\t\t\t\t\t\t\t<div class=\"insignificant\">\u00a9 Yvonne Schmedemann<\/div>\n\t\t\t\t\t\t\t\t\t\t\t<\/div>\n\t\t\t\t<\/figcaption>\n\t\t\t\t\t\t\t\t\t<\/figure>\n\t<\/lazy-media-inline>\n\t\t\t\t\t\t\t\t\t\t\t\t\t<\/div>\n\t\t\t\t\t\t\t\t\t\t\t\t<\/div>\n\t\t\t\t\t\t\t\t\t\t\t<\/div>\n\n\t\t\t\t\t\t\t\t\t\t\t\t\t\t\t\t\t\t\t\t\t<\/div>\n\t\t\t\t\t\t\t\t\t<\/div>\n\t\t\t\t\t\t\t\t<\/div>\n\t\t\t\t\t\t\t\t<\/block-accordion-item>\n\t\t\t\t\t\t\t\t\t\t\t\t\t\t<block-accordion-item inline-template item-headline=\"Clemens Rynkowski\">\n\t\t\t\t\t\t\t\t<div ref=\"item\" data-id=\"ClemensRynkowski\" class=\"block-accordion-item vue-initialize\" aria-expanded=\"false\" :aria-expanded=\"active ? 'true' : 'false'\">\n\t\t\t\t\t\t\t\t\t<button class=\"accordion-button-with-icon block-accordion-item-head\" :class=\"{'button-active': active}\" ref=\"head\" aria-controls=\"acc_69f2e8f476fa3\" id=\"acc_title_69f2e8f476fa5\" @click=\"toggle\" @keydown=\"key\">\n\t\t\t\t\t\t\t\t\t<div><span class=\"button-label\">Clemens Rynkowski<\/span><\/div><span class=\"button-icon icon-plus\" aria-hidden=\"true\"><\/span>\n\t\t\t\t\t\t\t\t<\/button>\n\t\t\t\t\t\t\t\t\t<div ref=\"body\" class=\"block-accordion-item-content\" id=\"acc_69f2e8f476fa3\" role=\"region\">\n\t\t\t\t\t\t\t\t\t\t<div class=\"wrapper copy\">\n\t\t\t\t\t\t\t\t\t\t\t<p>Clemens Rynkowski\u00a0is a composer, thereminist and musical director. He lives in Berlin and works transdisciplinary for orchestra, chamber ensembles, film, dance, theater and music theater. Previous positions: Berliner Ensemble, Bavarian State Opera Munich, Orchestre Philharmonique du Luxembourg, Badisches Staatstheater Karlsruhe, Saarl\u00e4ndisches Staatstheater Saarbr\u00fccken, Nationaltheater Weimar, Staatstheater Braunschweig, Goethe-Institut Ramallah. He is lecturing at the art universities of Berlin (Ernst\u00a0<span class=\"w-term-highlight\">Busch<\/span>), Weimar, Rostock, Erfurt. In addition to being the musical director of the Resident Music Collective, he is also the musical director for &#8220;Build up! Tear down! Theatre Spectacle about the Palace of the Republic&#8221; at the Humboldt Forum.<\/p>\n<p>&nbsp;<\/p>\n\n\t\t\t\t\t\t\t\t\t\t\t\t\t\t\t\t\t\t\t\t\t\t\t\t\t\t\t\t\t\t\t\t\t\n\t\t\t\t\t\t\t\t\t\t\t<div class=\"row\">\n\t\t\t\t\t\t\t\t\t\t\t\t<div class=\"col-xs-9 col-md-9\">\n\t\t\t\t\t\t\t\t\t\t\t\t\t<div class=\"box\">\n\t\t\t\t\t\t\t\t\t\t\t\t\t\t\n\t<lazy-media-inline inline-template>\n\t\t<figure itemscope itemtype=\"http:\/\/schema.org\/ImageObject\" class=\"lazy-media-inline \" role=\"group\" id=\"media_69f2e8f4774ce\" aria-labelledby=\"desc_media_69f2e8f4774ce\">\n\t\t\t<script type=\"application\/json\" ref=\"data\">\n\t\t\t\t{\n\t\t\t\t\"sizes\" : {\"medium\":{\"file\":\"SHF_eb00102982-300x201.jpg\",\"width\":300,\"height\":201,\"mime-type\":\"image\\\/jpeg\",\"filesize\":12021},\"large\":{\"file\":\"SHF_eb00102982-1024x686.jpg\",\"width\":1024,\"height\":686,\"mime-type\":\"image\\\/jpeg\",\"filesize\":68957},\"thumbnail\":{\"file\":\"SHF_eb00102982-150x150.jpg\",\"width\":150,\"height\":150,\"mime-type\":\"image\\\/jpeg\",\"filesize\":6434},\"medium_large\":{\"file\":\"SHF_eb00102982-768x514.jpg\",\"width\":768,\"height\":514,\"mime-type\":\"image\\\/jpeg\",\"filesize\":45680},\"small\":{\"file\":\"SHF_eb00102982-440x295.jpg\",\"width\":440,\"height\":295,\"mime-type\":\"image\\\/jpeg\",\"filesize\":20523},\"semi\":{\"file\":\"SHF_eb00102982-580x388.jpg\",\"width\":580,\"height\":388,\"mime-type\":\"image\\\/jpeg\",\"filesize\":30538},\"mobile\":{\"file\":\"SHF_eb00102982-720x482.jpg\",\"width\":720,\"height\":482,\"mime-type\":\"image\\\/jpeg\",\"filesize\":41582},\"original\":{\"file\":\"SHF_eb00102982.jpg\",\"width\":1280,\"height\":857}},\n\t\t\t\t\"alt\" : \"A man sits in a music studio with a computer and speakers, wearing a striped top and glasses.\",\n\t\t\t\t\"path\" : \"\\\/wp-content\\\/uploads\\\/2023\\\/12\\\/\",\n\t\t\t\t\"video\" : null,\n\t\t\t\t\"autoplay\" : null,\n\t\t\t\t\"youtube\" : null,\n\t\t\t\t\"youtubelabel\" : \"Play video\",\n\t\t\t\t\"brightness\" : 100,\n\t\t\t\t\"crop\" : null,\n\t\t\t\t\"background\" : false,\n\t\t\t\t\"scale\" : 1\t\t\t\t}\n\t\t\t<\/script>\n\n\t\t\t<div class=\"height-container\" style=\"padding-bottom:66.953125%;\" v-if=\"sizes\">\n\t\t\t\t\t\t\t\t<lazy-media :inline=\"true\" :alt=\"alt\" :sizes=\"sizes\" :scale=\"scale\" :brightness=\"brightness\" :path=\"path\" :video=\"video\" :autoplay=\"autoplay\" :youtube=\"youtube\" :crop=\"crop\" :youtubelabel=\"youtubelabel\" :background=\"background\" media-id=\"desc_media_69f2e8f4774ce\"><\/lazy-media>\n\t\t\t\t\t\t\t<\/div>\n\n\t\t\t\t\t\t\t<figcaption class=\"\" id=\"desc_media_69f2e8f4774ce\">\n\t\t\t\t\t<div class=\"lazy-media-info-body-content\">\n\t\t\t\t\t\t\t\t\t\t\t\t\t<div>Musiker fuer die Stiftung Humboldt Forum. 13.11.2020, Copyright: Thomas Koehler\/photothek.de<\/div>\n\t\t\t\t\t\t\t\t\t\t\t\t\t\t\t\t\t\t\t\t\t\t\t\t\t<div class=\"insignificant\">\u00a9 Thomas Koehler\/photothek.de<\/div>\n\t\t\t\t\t\t\t\t\t\t\t<\/div>\n\t\t\t\t<\/figcaption>\n\t\t\t\t\t\t\t\t\t<\/figure>\n\t<\/lazy-media-inline>\n\t\t\t\t\t\t\t\t\t\t\t\t\t<\/div>\n\t\t\t\t\t\t\t\t\t\t\t\t<\/div>\n\t\t\t\t\t\t\t\t\t\t\t<\/div>\n\n\t\t\t\t\t\t\t\t\t\t\t\t\t\t\t\t\t\t\t\t\t<\/div>\n\t\t\t\t\t\t\t\t\t<\/div>\n\t\t\t\t\t\t\t\t<\/div>\n\t\t\t\t\t\t\t\t<\/block-accordion-item>\n\t\t\t\t\t\t\t\t\t\t\t\t\t\t<block-accordion-item inline-template item-headline=\"Tim Sch\u00fcler\">\n\t\t\t\t\t\t\t\t<div ref=\"item\" data-id=\"TimSchler\" class=\"block-accordion-item vue-initialize\" aria-expanded=\"false\" :aria-expanded=\"active ? 'true' : 'false'\">\n\t\t\t\t\t\t\t\t\t<button class=\"accordion-button-with-icon block-accordion-item-head\" :class=\"{'button-active': active}\" ref=\"head\" aria-controls=\"acc_69f2e8f4776d8\" id=\"acc_title_69f2e8f4776d9\" @click=\"toggle\" @keydown=\"key\">\n\t\t\t\t\t\t\t\t\t<div><span class=\"button-label\">Tim Sch\u00fcler<\/span><\/div><span class=\"button-icon icon-plus\" aria-hidden=\"true\"><\/span>\n\t\t\t\t\t\t\t\t<\/button>\n\t\t\t\t\t\t\t\t\t<div ref=\"body\" class=\"block-accordion-item-content\" id=\"acc_69f2e8f4776d8\" role=\"region\">\n\t\t\t\t\t\t\t\t\t\t<div class=\"wrapper copy\">\n\t\t\t\t\t\t\t\t\t\t\t<p>Tim Sch\u00fcler is a voice, speech and rhetoric coach. He teaches speech at the Ernst Busch Academy of Dramatic Arts. For the 2023\/24 season, he is the in-house voice coach for the Theater an der Parkaue &#8211; Junges Staatstheater Berlin.<br \/>\nHe regularly gives seminars and coaching sessions for journalists, speakers and managers.<br \/>\nSpeech choirs are Tim Sch\u00fcler&#8217;s favorite subject. He has developed several large and small speaking choirs for radio and theater (e.g. Berliner Ensemble, Universit\u00e4t der K\u00fcnste). For him, working on speaking choirs means developing speaking scores, rhythmizing speaking styles and sharpening the thoughts of choir members.<\/p>\n<p>&nbsp;<\/p>\n\n\t\t\t\t\t\t\t\t\t\t\t\t\t\t\t\t\t\t\t\t\t\t\t\t\t\t\t\t\t\t\t\t\t\n\t\t\t\t\t\t\t\t\t\t\t<div class=\"row\">\n\t\t\t\t\t\t\t\t\t\t\t\t<div class=\"col-xs-9 col-md-9\">\n\t\t\t\t\t\t\t\t\t\t\t\t\t<div class=\"box\">\n\t\t\t\t\t\t\t\t\t\t\t\t\t\t\n\t<lazy-media-inline inline-template>\n\t\t<figure itemscope itemtype=\"http:\/\/schema.org\/ImageObject\" class=\"lazy-media-inline \" role=\"group\" id=\"media_69f2e8f477c50\" aria-labelledby=\"desc_media_69f2e8f477c50\">\n\t\t\t<script type=\"application\/json\" ref=\"data\">\n\t\t\t\t{\n\t\t\t\t\"sizes\" : {\"medium\":{\"file\":\"SHF_eb00217414-200x300.jpg\",\"width\":200,\"height\":300,\"mime-type\":\"image\\\/jpeg\",\"filesize\":7230},\"large\":{\"file\":\"SHF_eb00217414-682x1024.jpg\",\"width\":682,\"height\":1024,\"mime-type\":\"image\\\/jpeg\",\"filesize\":54405},\"thumbnail\":{\"file\":\"SHF_eb00217414-150x150.jpg\",\"width\":150,\"height\":150,\"mime-type\":\"image\\\/jpeg\",\"filesize\":3947},\"medium_large\":{\"file\":\"SHF_eb00217414-768x1152.jpg\",\"width\":768,\"height\":1152,\"mime-type\":\"image\\\/jpeg\",\"filesize\":66956},\"small\":{\"file\":\"SHF_eb00217414-293x440.jpg\",\"width\":293,\"height\":440,\"mime-type\":\"image\\\/jpeg\",\"filesize\":12951},\"semi\":{\"file\":\"SHF_eb00217414-387x580.jpg\",\"width\":387,\"height\":580,\"mime-type\":\"image\\\/jpeg\",\"filesize\":20465},\"mobile\":{\"file\":\"SHF_eb00217414-480x720.jpg\",\"width\":480,\"height\":720,\"mime-type\":\"image\\\/jpeg\",\"filesize\":28949},\"original\":{\"file\":\"SHF_eb00217414.jpg\",\"width\":853,\"height\":1280}},\n\t\t\t\t\"alt\" : \"Portrait of a bearded man looking at the camera, set against a neutral background. He is wearing a black top.\",\n\t\t\t\t\"path\" : \"\\\/wp-content\\\/uploads\\\/2023\\\/12\\\/\",\n\t\t\t\t\"video\" : null,\n\t\t\t\t\"autoplay\" : null,\n\t\t\t\t\"youtube\" : null,\n\t\t\t\t\"youtubelabel\" : \"Play video\",\n\t\t\t\t\"brightness\" : 100,\n\t\t\t\t\"crop\" : null,\n\t\t\t\t\"background\" : false,\n\t\t\t\t\"scale\" : 1\t\t\t\t}\n\t\t\t<\/script>\n\n\t\t\t<div class=\"height-container\" style=\"padding-bottom:150.05861664713%;\" v-if=\"sizes\">\n\t\t\t\t\t\t\t\t<lazy-media :inline=\"true\" :alt=\"alt\" :sizes=\"sizes\" :scale=\"scale\" :brightness=\"brightness\" :path=\"path\" :video=\"video\" :autoplay=\"autoplay\" :youtube=\"youtube\" :crop=\"crop\" :youtubelabel=\"youtubelabel\" :background=\"background\" media-id=\"desc_media_69f2e8f477c50\"><\/lazy-media>\n\t\t\t\t\t\t\t<\/div>\n\n\t\t\t\t\t\t\t<figcaption class=\"\" id=\"desc_media_69f2e8f477c50\">\n\t\t\t\t\t<div class=\"lazy-media-info-body-content\">\n\t\t\t\t\t\t\t\t\t\t\t\t\t<div>Tim Sch&uuml;ler<\/div>\n\t\t\t\t\t\t\t\t\t\t\t\t\t\t\t\t\t\t\t\t\t\t\t\t\t<div class=\"insignificant\">\u00a9 Tim Sch\u00fcler, Foto: Gabi Calvo<\/div>\n\t\t\t\t\t\t\t\t\t\t\t<\/div>\n\t\t\t\t<\/figcaption>\n\t\t\t\t\t\t\t\t\t<\/figure>\n\t<\/lazy-media-inline>\n\t\t\t\t\t\t\t\t\t\t\t\t\t<\/div>\n\t\t\t\t\t\t\t\t\t\t\t\t<\/div>\n\t\t\t\t\t\t\t\t\t\t\t<\/div>\n\n\t\t\t\t\t\t\t\t\t\t\t\t\t\t\t\t\t\t\t\t\t<\/div>\n\t\t\t\t\t\t\t\t\t<\/div>\n\t\t\t\t\t\t\t\t<\/div>\n\t\t\t\t\t\t\t\t<\/block-accordion-item>\n\t\t\t\t\t\t\t\t\t\t\t\t\t\t<block-accordion-item inline-template item-headline=\"Ron Zimmering\">\n\t\t\t\t\t\t\t\t<div ref=\"item\" data-id=\"RonZimmering\" class=\"block-accordion-item vue-initialize\" aria-expanded=\"false\" :aria-expanded=\"active ? 'true' : 'false'\">\n\t\t\t\t\t\t\t\t\t<button class=\"accordion-button-with-icon block-accordion-item-head\" :class=\"{'button-active': active}\" ref=\"head\" aria-controls=\"acc_69f2e8f477e29\" id=\"acc_title_69f2e8f477e2a\" @click=\"toggle\" @keydown=\"key\">\n\t\t\t\t\t\t\t\t\t<div><span class=\"button-label\">Ron Zimmering<\/span><\/div><span class=\"button-icon icon-plus\" aria-hidden=\"true\"><\/span>\n\t\t\t\t\t\t\t\t<\/button>\n\t\t\t\t\t\t\t\t\t<div ref=\"body\" class=\"block-accordion-item-content\" id=\"acc_69f2e8f477e29\" role=\"region\">\n\t\t\t\t\t\t\t\t\t\t<div class=\"wrapper copy\">\n\t\t\t\t\t\t\t\t\t\t\t<p>Born in Dresden in 1984, Ron Zimmering studied acting at the Hochschule f\u00fcr Musik und Theater Leipzig and was a permanent member of the ensemble at the Staatstheater Saarbr\u00fccken for four years. He later studied directing at the Theaterakademie Hamburg (HFMT). His work is characterised by the combination of classical material with documentary and biographical elements. He has directed at the Deutsches Schauspielhaus Hamburg, the Hamburg Staatsoper, the Deutsche Oper am Rhein, Theater Heidelberg, Theater Osnabr\u00fcck and Kampnagel, among others. He also teaches acting at the Hochschule f\u00fcr Musik und Theater Hamburg.<br \/>\n<a class=\"external-link\" href=\"http:\/\/www.ronzimmering.de\/\" rel=\"nofollow\">www.ronzimmering.de<\/a><\/p>\n<p>&nbsp;<\/p>\n\n\t\t\t\t\t\t\t\t\t\t\t\t\t\t\t\t\t\t\t\t\t\t\t\t\t\t\t\t\t\t\t\t\t\n\t\t\t\t\t\t\t\t\t\t\t<div class=\"row\">\n\t\t\t\t\t\t\t\t\t\t\t\t<div class=\"col-xs-9 col-md-9\">\n\t\t\t\t\t\t\t\t\t\t\t\t\t<div class=\"box\">\n\t\t\t\t\t\t\t\t\t\t\t\t\t\t\n\t<lazy-media-inline inline-template>\n\t\t<figure itemscope itemtype=\"http:\/\/schema.org\/ImageObject\" class=\"lazy-media-inline \" role=\"group\" id=\"media_69f2e8f4782a8\" aria-labelledby=\"desc_media_69f2e8f4782a8\">\n\t\t\t<script type=\"application\/json\" ref=\"data\">\n\t\t\t\t{\n\t\t\t\t\"sizes\" : {\"medium\":{\"file\":\"SHF_eb00215630-235x300.jpg\",\"width\":235,\"height\":300,\"mime-type\":\"image\\\/jpeg\",\"filesize\":12022},\"large\":{\"file\":\"SHF_eb00215630-802x1024.jpg\",\"width\":802,\"height\":1024,\"mime-type\":\"image\\\/jpeg\",\"filesize\":80934},\"thumbnail\":{\"file\":\"SHF_eb00215630-150x150.jpg\",\"width\":150,\"height\":150,\"mime-type\":\"image\\\/jpeg\",\"filesize\":5222},\"medium_large\":{\"file\":\"SHF_eb00215630-768x981.jpg\",\"width\":768,\"height\":981,\"mime-type\":\"image\\\/jpeg\",\"filesize\":75740},\"small\":{\"file\":\"SHF_eb00215630-344x440.jpg\",\"width\":344,\"height\":440,\"mime-type\":\"image\\\/jpeg\",\"filesize\":21011},\"semi\":{\"file\":\"SHF_eb00215630-454x580.jpg\",\"width\":454,\"height\":580,\"mime-type\":\"image\\\/jpeg\",\"filesize\":32698},\"mobile\":{\"file\":\"SHF_eb00215630-564x720.jpg\",\"width\":564,\"height\":720,\"mime-type\":\"image\\\/jpeg\",\"filesize\":45864},\"original\":{\"file\":\"SHF_eb00215630.jpg\",\"width\":1002,\"height\":1280}},\n\t\t\t\t\"alt\" : \"Young man with short hair in a light blue shirt stands with arms crossed in front of a dark background.\",\n\t\t\t\t\"path\" : \"\\\/wp-content\\\/uploads\\\/2023\\\/12\\\/\",\n\t\t\t\t\"video\" : null,\n\t\t\t\t\"autoplay\" : null,\n\t\t\t\t\"youtube\" : null,\n\t\t\t\t\"youtubelabel\" : \"Play video\",\n\t\t\t\t\"brightness\" : 100,\n\t\t\t\t\"crop\" : null,\n\t\t\t\t\"background\" : false,\n\t\t\t\t\"scale\" : 1\t\t\t\t}\n\t\t\t<\/script>\n\n\t\t\t<div class=\"height-container\" style=\"padding-bottom:127.74451097804%;\" v-if=\"sizes\">\n\t\t\t\t\t\t\t\t<lazy-media :inline=\"true\" :alt=\"alt\" :sizes=\"sizes\" :scale=\"scale\" :brightness=\"brightness\" :path=\"path\" :video=\"video\" :autoplay=\"autoplay\" :youtube=\"youtube\" :crop=\"crop\" :youtubelabel=\"youtubelabel\" :background=\"background\" media-id=\"desc_media_69f2e8f4782a8\"><\/lazy-media>\n\t\t\t\t\t\t\t<\/div>\n\n\t\t\t\t\t\t\t<figcaption class=\"\" id=\"desc_media_69f2e8f4782a8\">\n\t\t\t\t\t<div class=\"lazy-media-info-body-content\">\n\t\t\t\t\t\t\t\t\t\t\t\t\t<div>Ron Zimmering<\/div>\n\t\t\t\t\t\t\t\t\t\t\t\t\t\t\t\t\t\t\t\t\t\t\t\t\t<div class=\"insignificant\">\u00a9 privat<\/div>\n\t\t\t\t\t\t\t\t\t\t\t<\/div>\n\t\t\t\t<\/figcaption>\n\t\t\t\t\t\t\t\t\t<\/figure>\n\t<\/lazy-media-inline>\n\t\t\t\t\t\t\t\t\t\t\t\t\t<\/div>\n\t\t\t\t\t\t\t\t\t\t\t\t<\/div>\n\t\t\t\t\t\t\t\t\t\t\t<\/div>\n\n\t\t\t\t\t\t\t\t\t\t\t\t\t\t\t\t\t\t\t\t\t<\/div>\n\t\t\t\t\t\t\t\t\t<\/div>\n\t\t\t\t\t\t\t\t<\/div>\n\t\t\t\t\t\t\t\t<\/block-accordion-item>\n\t\t\t\t\t\t\t\t\t\t\t\t\t<\/div>\n\t\t\t\t\t\t<\/block-accordion>\n\t\t\t\t\t\t\t\t\t<\/div>\n\t\t\t<\/div>\n\t\t<\/div>\n\t<\/div>\n<\/section>\n\n\n<section class=\"block block-headline block-no-margin \" >\n\t<div class=\"container-fluid\">\n\t\t<div class=\"row\">\n\t\t\t\t\t\t\t<div class=\"col-xs-12 col-md-offset-2 col-md-8\">\n\t\t\t\t\t<div class=\"box\">\n\t\t\t\t\t\t<h2 class=\".h3\">With<\/h2>\n\t\t\t\t\t<\/div>\n\t\t\t\t<\/div>\n\t\t\t\t\t<\/div>\n\t<\/div>\n<\/section>\n\n\n\n\n\n<section class=\"block block-accordion\">\n\t<div class=\"container-fluid\">\n\t\t<div class=\"row\">\n\t\t\t<div class=\"col-xs-12 col-md-offset-2 col-md-8\">\n\t\t\t\t<div class=\"box\">\n\t\t\t\t\t\t\t\t\t\t\t<block-accordion inline-template>\n\t\t\t\t\t\t\t<div class=\"accordion\">\n\t\t\t\t\t\t\t\t\t\t\t\t\t\t\t<block-accordion-item inline-template item-headline=\"Drama Students Hochschule f\u00fcr Schauspielkunst Ernst Busch\">\n\t\t\t\t\t\t\t\t<div ref=\"item\" data-id=\"DramaStudentsHochschulefrSchauspielkunstErnstBusch\" class=\"block-accordion-item vue-initialize\" aria-expanded=\"false\" :aria-expanded=\"active ? 'true' : 'false'\">\n\t\t\t\t\t\t\t\t\t<button class=\"accordion-button-with-icon block-accordion-item-head\" :class=\"{'button-active': active}\" ref=\"head\" aria-controls=\"acc_69f2e8f47993e\" id=\"acc_title_69f2e8f479940\" @click=\"toggle\" @keydown=\"key\">\n\t\t\t\t\t\t\t\t\t<div><span class=\"button-label\">Drama Students Hochschule f\u00fcr Schauspielkunst Ernst Busch<\/span><\/div><span class=\"button-icon icon-plus\" aria-hidden=\"true\"><\/span>\n\t\t\t\t\t\t\t\t<\/button>\n\t\t\t\t\t\t\t\t\t<div ref=\"body\" class=\"block-accordion-item-content\" id=\"acc_69f2e8f47993e\" role=\"region\">\n\t\t\t\t\t\t\t\t\t\t<div class=\"wrapper copy\">\n\t\t\t\t\t\t\t\t\t\t\t<p>Aaron Blanck, Helena Bohndorf, Johann Born, Eszter Demecs, Juliane Ebner, Greta Geyer, Elias Nuriel Kohl, Maxim Kurze, Flavia Lovric-Caparin, Ella Morgen, Antonia Siems, Markus \u00dccker, Elina Vildanova, Emma Zeisberger<\/p>\n\n\t\t\t\t\t\t\t\t\t\t\t\t\t\t\t\t\t\t\t\t\t\t\t\t\t\t\t\t\t\t\t\t\t\n\t\t\t\t\t\t\t\t\t\t\t<div class=\"row\">\n\t\t\t\t\t\t\t\t\t\t\t\t<div class=\"col-xs-9 col-md-9\">\n\t\t\t\t\t\t\t\t\t\t\t\t\t<div class=\"box\">\n\t\t\t\t\t\t\t\t\t\t\t\t\t\t\t\t\t\t\t\t\t\t\t\t\t\t\t<\/div>\n\t\t\t\t\t\t\t\t\t\t\t\t<\/div>\n\t\t\t\t\t\t\t\t\t\t\t<\/div>\n\n\t\t\t\t\t\t\t\t\t\t\t\t\t\t\t\t\t\t\t\t\t<\/div>\n\t\t\t\t\t\t\t\t\t<\/div>\n\t\t\t\t\t\t\t\t<\/div>\n\t\t\t\t\t\t\t\t<\/block-accordion-item>\n\t\t\t\t\t\t\t\t\t\t\t\t\t\t<block-accordion-item inline-template item-headline=\"Musicians Management\">\n\t\t\t\t\t\t\t\t<div ref=\"item\" data-id=\"MusiciansManagement\" class=\"block-accordion-item vue-initialize\" aria-expanded=\"false\" :aria-expanded=\"active ? 'true' : 'false'\">\n\t\t\t\t\t\t\t\t\t<button class=\"accordion-button-with-icon block-accordion-item-head\" :class=\"{'button-active': active}\" ref=\"head\" aria-controls=\"acc_69f2e8f479bb1\" id=\"acc_title_69f2e8f479bb2\" @click=\"toggle\" @keydown=\"key\">\n\t\t\t\t\t\t\t\t\t<div><span class=\"button-label\">Musicians Management<\/span><\/div><span class=\"button-icon icon-plus\" aria-hidden=\"true\"><\/span>\n\t\t\t\t\t\t\t\t<\/button>\n\t\t\t\t\t\t\t\t\t<div ref=\"body\" class=\"block-accordion-item-content\" id=\"acc_69f2e8f479bb1\" role=\"region\">\n\t\t\t\t\t\t\t\t\t\t<div class=\"wrapper copy\">\n\t\t\t\t\t\t\t\t\t\t\t<p>Jakob Dinkelacker (Drums), Florian Rynkowski (Bass\/Stringed instruments), Clemens Rynkowski (Theremin), David Rynkowski (Keyboard instruments\/Percussion\/Vocals)<\/p>\n\n\t\t\t\t\t\t\t\t\t\t\t\t\t\t\t\t\t\t\t\t\t\t\t\t\t\t\t\t\t\t\t\t\t\n\t\t\t\t\t\t\t\t\t\t\t<div class=\"row\">\n\t\t\t\t\t\t\t\t\t\t\t\t<div class=\"col-xs-9 col-md-9\">\n\t\t\t\t\t\t\t\t\t\t\t\t\t<div class=\"box\">\n\t\t\t\t\t\t\t\t\t\t\t\t\t\t\t\t\t\t\t\t\t\t\t\t\t\t\t<\/div>\n\t\t\t\t\t\t\t\t\t\t\t\t<\/div>\n\t\t\t\t\t\t\t\t\t\t\t<\/div>\n\n\t\t\t\t\t\t\t\t\t\t\t\t\t\t\t\t\t\t\t\t\t<\/div>\n\t\t\t\t\t\t\t\t\t<\/div>\n\t\t\t\t\t\t\t\t<\/div>\n\t\t\t\t\t\t\t\t<\/block-accordion-item>\n\t\t\t\t\t\t\t\t\t\t\t\t\t\t<block-accordion-item inline-template item-headline=\"Music Students Hochschule f\u00fcr Musik Hanns Eisler and Universit\u00e4t der K\u00fcnste\">\n\t\t\t\t\t\t\t\t<div ref=\"item\" data-id=\"MusicStudentsHochschulefrMusikHannsEislerandUniversittderKnste\" class=\"block-accordion-item vue-initialize\" aria-expanded=\"false\" :aria-expanded=\"active ? 'true' : 'false'\">\n\t\t\t\t\t\t\t\t\t<button class=\"accordion-button-with-icon block-accordion-item-head\" :class=\"{'button-active': active}\" ref=\"head\" aria-controls=\"acc_69f2e8f479dd9\" id=\"acc_title_69f2e8f479dda\" @click=\"toggle\" @keydown=\"key\">\n\t\t\t\t\t\t\t\t\t<div><span class=\"button-label\">Music Students Hochschule f\u00fcr Musik Hanns Eisler and Universit\u00e4t der K\u00fcnste<\/span><\/div><span class=\"button-icon icon-plus\" aria-hidden=\"true\"><\/span>\n\t\t\t\t\t\t\t\t<\/button>\n\t\t\t\t\t\t\t\t\t<div ref=\"body\" class=\"block-accordion-item-content\" id=\"acc_69f2e8f479dd9\" role=\"region\">\n\t\t\t\t\t\t\t\t\t\t<div class=\"wrapper copy\">\n\t\t\t\t\t\t\t\t\t\t\t<p>Theo Altmann (Trumpet), Lucie Beaufils (Flute), Santa Circene (Viola), <span class=\"ui-provider a b c d e f g h i j k l m n o p q r s t u v w x y z ab ac ae af ag ah ai aj ak\" dir=\"ltr\">Salom\u00e9 Guimbreti\u00e8re<\/span> (Clarinet\/Bass Clarinet), Shih-Che Lee (Trombone), David Millan (Percussion), Khadim Ndome (Vibraphone\/Timpani\/Percussion), Joan Osca (Saxophone), Yejin Park (Bassoon\/Contrabassoon), El\u00e9onore Rannou (Cello), Ernesto Robles (E-Guitar)<\/p>\n\n\t\t\t\t\t\t\t\t\t\t\t\t\t\t\t\t\t\t\t\t\t\t\t\t\t\t\t\t\t\t\t\t\t\n\t\t\t\t\t\t\t\t\t\t\t<div class=\"row\">\n\t\t\t\t\t\t\t\t\t\t\t\t<div class=\"col-xs-9 col-md-9\">\n\t\t\t\t\t\t\t\t\t\t\t\t\t<div class=\"box\">\n\t\t\t\t\t\t\t\t\t\t\t\t\t\t\t\t\t\t\t\t\t\t\t\t\t\t\t<\/div>\n\t\t\t\t\t\t\t\t\t\t\t\t<\/div>\n\t\t\t\t\t\t\t\t\t\t\t<\/div>\n\n\t\t\t\t\t\t\t\t\t\t\t\t\t\t\t\t\t\t\t\t\t<\/div>\n\t\t\t\t\t\t\t\t\t<\/div>\n\t\t\t\t\t\t\t\t<\/div>\n\t\t\t\t\t\t\t\t<\/block-accordion-item>\n\t\t\t\t\t\t\t\t\t\t\t\t\t\t<block-accordion-item inline-template item-headline=\"Citizens\">\n\t\t\t\t\t\t\t\t<div ref=\"item\" data-id=\"Citizens\" class=\"block-accordion-item vue-initialize\" aria-expanded=\"false\" :aria-expanded=\"active ? 'true' : 'false'\">\n\t\t\t\t\t\t\t\t\t<button class=\"accordion-button-with-icon block-accordion-item-head\" :class=\"{'button-active': active}\" ref=\"head\" aria-controls=\"acc_69f2e8f47a027\" id=\"acc_title_69f2e8f47a028\" @click=\"toggle\" @keydown=\"key\">\n\t\t\t\t\t\t\t\t\t<div><span class=\"button-label\">Citizens<\/span><\/div><span class=\"button-icon icon-plus\" aria-hidden=\"true\"><\/span>\n\t\t\t\t\t\t\t\t<\/button>\n\t\t\t\t\t\t\t\t\t<div ref=\"body\" class=\"block-accordion-item-content\" id=\"acc_69f2e8f47a027\" role=\"region\">\n\t\t\t\t\t\t\t\t\t\t<div class=\"wrapper copy\">\n\t\t\t\t\t\t\t\t\t\t\t<p>Petra Berndt, Carla Bethge, Aino Leena Betram, Constanze Brandorff Senna, Renate Br\u00e4uninger, <span class=\"ui-provider a b c d e f g h i j k l m n o p q r s t u v w x y z ab ac ae af ag ah ai aj ak\" dir=\"ltr\">J\u00f6rg Br\u00fcckner, <\/span>Rachel Clarke, Tillmann Drews, Michael Fendt, Wolfgang G\u00e4rtner, Erna Gfrerer, Ulrike Gollnow, Christine Hildebrandt, Lars Jolig, Amal Kebaier, Beate Keydel, Malak Khamis, Peter Kube, Samantha Mathieu, Sabine Mehwald, Gabriele Metten-Haumann, Magdalene Niggemeyer, Silvio Nohke, Algisa Peschel, Karin Pragal, Peter Pragal, Horst-Michael Prasser, Ursula Raschke, Anja Re\u00dfmer, Lydia R\u00f6der, Svenja R\u00fcttgers, Angelika Sydow, Oliver Valk, Amyli-Gabriele von Gersdorff, Monika Zimmering<\/p>\n\n\t\t\t\t\t\t\t\t\t\t\t\t\t\t\t\t\t\t\t\t\t\t\t\t\t\t\t\t\t\t\t\t\t\n\t\t\t\t\t\t\t\t\t\t\t<div class=\"row\">\n\t\t\t\t\t\t\t\t\t\t\t\t<div class=\"col-xs-9 col-md-9\">\n\t\t\t\t\t\t\t\t\t\t\t\t\t<div class=\"box\">\n\t\t\t\t\t\t\t\t\t\t\t\t\t\t\t\t\t\t\t\t\t\t\t\t\t\t\t<\/div>\n\t\t\t\t\t\t\t\t\t\t\t\t<\/div>\n\t\t\t\t\t\t\t\t\t\t\t<\/div>\n\n\t\t\t\t\t\t\t\t\t\t\t\t\t\t\t\t\t\t\t\t\t<\/div>\n\t\t\t\t\t\t\t\t\t<\/div>\n\t\t\t\t\t\t\t\t<\/div>\n\t\t\t\t\t\t\t\t<\/block-accordion-item>\n\t\t\t\t\t\t\t\t\t\t\t\t\t\t<block-accordion-item inline-template item-headline=\"Bulgarian Voices Berlin\">\n\t\t\t\t\t\t\t\t<div ref=\"item\" data-id=\"BulgarianVoicesBerlin\" class=\"block-accordion-item vue-initialize\" aria-expanded=\"false\" :aria-expanded=\"active ? 'true' : 'false'\">\n\t\t\t\t\t\t\t\t\t<button class=\"accordion-button-with-icon block-accordion-item-head\" :class=\"{'button-active': active}\" ref=\"head\" aria-controls=\"acc_69f2e8f47a261\" id=\"acc_title_69f2e8f47a262\" @click=\"toggle\" @keydown=\"key\">\n\t\t\t\t\t\t\t\t\t<div><span class=\"button-label\">Bulgarian Voices Berlin<\/span><\/div><span class=\"button-icon icon-plus\" aria-hidden=\"true\"><\/span>\n\t\t\t\t\t\t\t\t<\/button>\n\t\t\t\t\t\t\t\t\t<div ref=\"body\" class=\"block-accordion-item-content\" id=\"acc_69f2e8f47a261\" role=\"region\">\n\t\t\t\t\t\t\t\t\t\t<div class=\"wrapper copy\">\n\t\t\t\t\t\t\t\t\t\t\t<p>Franziska B\u00f6hm, Denitsa Kortsanova, Stela Lalova, Mariia Naumovets, Ruslana Oniscuka, Ekaterina Tsenkova, Irmina Velichkova<\/p>\n\n\t\t\t\t\t\t\t\t\t\t\t\t\t\t\t\t\t\t\t\t\t\t\t\t\t\t\t\t\t\t\t\t\t\n\t\t\t\t\t\t\t\t\t\t\t<div class=\"row\">\n\t\t\t\t\t\t\t\t\t\t\t\t<div class=\"col-xs-9 col-md-9\">\n\t\t\t\t\t\t\t\t\t\t\t\t\t<div class=\"box\">\n\t\t\t\t\t\t\t\t\t\t\t\t\t\t\t\t\t\t\t\t\t\t\t\t\t\t\t<\/div>\n\t\t\t\t\t\t\t\t\t\t\t\t<\/div>\n\t\t\t\t\t\t\t\t\t\t\t<\/div>\n\n\t\t\t\t\t\t\t\t\t\t\t\t\t\t\t\t\t\t\t\t\t<\/div>\n\t\t\t\t\t\t\t\t\t<\/div>\n\t\t\t\t\t\t\t\t<\/div>\n\t\t\t\t\t\t\t\t<\/block-accordion-item>\n\t\t\t\t\t\t\t\t\t\t\t\t\t\t<block-accordion-item inline-template item-headline=\"The Dreamers\">\n\t\t\t\t\t\t\t\t<div ref=\"item\" data-id=\"TheDreamers\" class=\"block-accordion-item vue-initialize\" aria-expanded=\"false\" :aria-expanded=\"active ? 'true' : 'false'\">\n\t\t\t\t\t\t\t\t\t<button class=\"accordion-button-with-icon block-accordion-item-head\" :class=\"{'button-active': active}\" ref=\"head\" aria-controls=\"acc_69f2e8f47a481\" id=\"acc_title_69f2e8f47a482\" @click=\"toggle\" @keydown=\"key\">\n\t\t\t\t\t\t\t\t\t<div><span class=\"button-label\">The Dreamers<\/span><\/div><span class=\"button-icon icon-plus\" aria-hidden=\"true\"><\/span>\n\t\t\t\t\t\t\t\t<\/button>\n\t\t\t\t\t\t\t\t\t<div ref=\"body\" class=\"block-accordion-item-content\" id=\"acc_69f2e8f47a481\" role=\"region\">\n\t\t\t\t\t\t\t\t\t\t<div class=\"wrapper copy\">\n\t\t\t\t\t\t\t\t\t\t\t<p>Alicia Akakpo, Meier Eden Akakpo (Choreography), Daria Baron, Dennis C\u00fcrsgen, Marlin Desho, Sara-Meryem Efe, Jennifer Filippi, Nele Henson, Gina-Loraine Hoy, Dustin Sankowski, Tammy Tietz, Emilia Triwanto, Angelina Vogel<\/p>\n<p>&nbsp;<\/p>\n\n\t\t\t\t\t\t\t\t\t\t\t\t\t\t\t\t\t\t\t\t\t\t\t\t\t\t\t\t\t\t\t\t\t\n\t\t\t\t\t\t\t\t\t\t\t<div class=\"row\">\n\t\t\t\t\t\t\t\t\t\t\t\t<div class=\"col-xs-9 col-md-9\">\n\t\t\t\t\t\t\t\t\t\t\t\t\t<div class=\"box\">\n\t\t\t\t\t\t\t\t\t\t\t\t\t\t\t\t\t\t\t\t\t\t\t\t\t\t\t<\/div>\n\t\t\t\t\t\t\t\t\t\t\t\t<\/div>\n\t\t\t\t\t\t\t\t\t\t\t<\/div>\n\n\t\t\t\t\t\t\t\t\t\t\t\t\t\t\t\t\t\t\t\t\t<\/div>\n\t\t\t\t\t\t\t\t\t<\/div>\n\t\t\t\t\t\t\t\t<\/div>\n\t\t\t\t\t\t\t\t<\/block-accordion-item>\n\t\t\t\t\t\t\t\t\t\t\t\t\t\t<block-accordion-item inline-template item-headline=\"Ernst Busch Choir Berlin\">\n\t\t\t\t\t\t\t\t<div ref=\"item\" data-id=\"ErnstBuschChoirBerlin\" class=\"block-accordion-item vue-initialize\" aria-expanded=\"false\" :aria-expanded=\"active ? 'true' : 'false'\">\n\t\t\t\t\t\t\t\t\t<button class=\"accordion-button-with-icon block-accordion-item-head\" :class=\"{'button-active': active}\" ref=\"head\" aria-controls=\"acc_69f2e8f47a73a\" id=\"acc_title_69f2e8f47a73c\" @click=\"toggle\" @keydown=\"key\">\n\t\t\t\t\t\t\t\t\t<div><span class=\"button-label\">Ernst Busch Choir Berlin<\/span><\/div><span class=\"button-icon icon-plus\" aria-hidden=\"true\"><\/span>\n\t\t\t\t\t\t\t\t<\/button>\n\t\t\t\t\t\t\t\t\t<div ref=\"body\" class=\"block-accordion-item-content\" id=\"acc_69f2e8f47a73a\" role=\"region\">\n\t\t\t\t\t\t\t\t\t\t<div class=\"wrapper copy\">\n\t\t\t\t\t\t\t\t\t\t\t<p>Alina Domr\u00f6s, Anne Erchembajar, Marina Garbusowa, Sonja Gl\u00fcck, Lothar Gl\u00fcck, Inge Haack, Udo Helmbold, Ute Hoffmann, Renate Jahn, Reinhard Koch, Gabriele Krapka, Birgit Lohmann-Rosenbaum, Katrin Mocker, Renate Morchutt, Gisela M\u00fchlbauer, Petra M\u00fcller, Bodo Papke, Anja Schindler, Gerwin Schweiger, Dieter Voigt, Sigilda Wahl, Ingrid Zander, Ursula Zippel<\/p>\n<p>Choir director: Daniel Selke<\/p>\n<p>The Ernst Busch Choir is a mixed Berlin seniors&#8217; choir with around 55 singers that has been in existence since 1973. Since its beginnings as a veterans&#8217; choir, it has cultivated the tradition of the labour singers&#8217; movement, which has its roots in the liberation struggles of previous centuries. Against this background, the choir was named after the singer and actor Ernst Busch in 1983. With his haunting, convincing art of performance and his humanist commitment, he is both a role model and an incentive for the choir singers. Since 1995, a major concert has been held annually in January to mark the birthday of the man who gave the choir its name.<\/p>\n<p>Ernst Busch&#8217;s songs &#8211; many of which were written by Bertolt Brecht and Hanns Eisler &#8211; are an integral part of the repertoire, which now includes almost 300 songs from all over the world and is performed in around 15 concerts each year. The choir sings in around ten languages about peace and solidarity, hope, outrage, grief and the fight for social justice. But it also includes contemporary songs of joie de vivre and classical music.<\/p>\n<p>&nbsp;<\/p>\n\n\t\t\t\t\t\t\t\t\t\t\t\t\t\t\t\t\t\t\t\t\t\t\t\t\t\t\t\t\t\t\t\t\t\n\t\t\t\t\t\t\t\t\t\t\t<div class=\"row\">\n\t\t\t\t\t\t\t\t\t\t\t\t<div class=\"col-xs-9 col-md-9\">\n\t\t\t\t\t\t\t\t\t\t\t\t\t<div class=\"box\">\n\t\t\t\t\t\t\t\t\t\t\t\t\t\t\n\t<lazy-media-inline inline-template>\n\t\t<figure itemscope itemtype=\"http:\/\/schema.org\/ImageObject\" class=\"lazy-media-inline \" role=\"group\" id=\"media_69f2e8f47ad1a\" aria-labelledby=\"desc_media_69f2e8f47ad1a\">\n\t\t\t<script type=\"application\/json\" ref=\"data\">\n\t\t\t\t{\n\t\t\t\t\"sizes\" : {\"medium\":{\"file\":\"SHF_eb00215424-212x300.jpg\",\"width\":212,\"height\":300,\"mime-type\":\"image\\\/jpeg\",\"filesize\":16106},\"large\":{\"file\":\"SHF_eb00215424-724x1024.jpg\",\"width\":724,\"height\":1024,\"mime-type\":\"image\\\/jpeg\",\"filesize\":160204},\"thumbnail\":{\"file\":\"SHF_eb00215424-150x150.jpg\",\"width\":150,\"height\":150,\"mime-type\":\"image\\\/jpeg\",\"filesize\":7303},\"medium_large\":{\"file\":\"SHF_eb00215424-768x1086.jpg\",\"width\":768,\"height\":1086,\"mime-type\":\"image\\\/jpeg\",\"filesize\":175662},\"small\":{\"file\":\"SHF_eb00215424-311x440.jpg\",\"width\":311,\"height\":440,\"mime-type\":\"image\\\/jpeg\",\"filesize\":31791},\"semi\":{\"file\":\"SHF_eb00215424-410x580.jpg\",\"width\":410,\"height\":580,\"mime-type\":\"image\\\/jpeg\",\"filesize\":55377},\"mobile\":{\"file\":\"SHF_eb00215424-509x720.jpg\",\"width\":509,\"height\":720,\"mime-type\":\"image\\\/jpeg\",\"filesize\":81660},\"original\":{\"file\":\"SHF_eb00215424.jpg\",\"width\":905,\"height\":1280}},\n\t\t\t\t\"alt\" : \"Choir group in red outfits, alongside a portrait of Ernst Busch, in an artistic design.\",\n\t\t\t\t\"path\" : \"\\\/wp-content\\\/uploads\\\/2023\\\/12\\\/\",\n\t\t\t\t\"video\" : null,\n\t\t\t\t\"autoplay\" : null,\n\t\t\t\t\"youtube\" : null,\n\t\t\t\t\"youtubelabel\" : \"Play video\",\n\t\t\t\t\"brightness\" : 100,\n\t\t\t\t\"crop\" : null,\n\t\t\t\t\"background\" : false,\n\t\t\t\t\"scale\" : 1\t\t\t\t}\n\t\t\t<\/script>\n\n\t\t\t<div class=\"height-container\" style=\"padding-bottom:141.4364640884%;\" v-if=\"sizes\">\n\t\t\t\t\t\t\t\t<lazy-media :inline=\"true\" :alt=\"alt\" :sizes=\"sizes\" :scale=\"scale\" :brightness=\"brightness\" :path=\"path\" :video=\"video\" :autoplay=\"autoplay\" :youtube=\"youtube\" :crop=\"crop\" :youtubelabel=\"youtubelabel\" :background=\"background\" media-id=\"desc_media_69f2e8f47ad1a\"><\/lazy-media>\n\t\t\t\t\t\t\t<\/div>\n\n\t\t\t\t\t\t\t<figcaption class=\"\" id=\"desc_media_69f2e8f47ad1a\">\n\t\t\t\t\t<div class=\"lazy-media-info-body-content\">\n\t\t\t\t\t\t\t\t\t\t\t\t\t<div>Ernst-Busch-Chor Berlin<\/div>\n\t\t\t\t\t\t\t\t\t\t\t\t\t\t\t\t\t\t\t\t\t\t\t\t\t<div class=\"insignificant\">\u00a9 Ernst-Busch-Chor Berlin<\/div>\n\t\t\t\t\t\t\t\t\t\t\t<\/div>\n\t\t\t\t<\/figcaption>\n\t\t\t\t\t\t\t\t\t<\/figure>\n\t<\/lazy-media-inline>\n\t\t\t\t\t\t\t\t\t\t\t\t\t<\/div>\n\t\t\t\t\t\t\t\t\t\t\t\t<\/div>\n\t\t\t\t\t\t\t\t\t\t\t<\/div>\n\n\t\t\t\t\t\t\t\t\t\t\t\t\t\t\t\t\t\t\t\t\t<\/div>\n\t\t\t\t\t\t\t\t\t<\/div>\n\t\t\t\t\t\t\t\t<\/div>\n\t\t\t\t\t\t\t\t<\/block-accordion-item>\n\t\t\t\t\t\t\t\t\t\t\t\t\t<\/div>\n\t\t\t\t\t\t<\/block-accordion>\n\t\t\t\t\t\t\t\t\t<\/div>\n\t\t\t<\/div>\n\t\t<\/div>\n\t<\/div>\n<\/section>\n\n\n<section class=\"block block-header\" >\n\t<block-header inline-template>\n\t\t<figure role=\"group\" aria-labelledby=\"desc_m_69f2e8f47b132\">\n\n\t\t\t<script type=\"application\/json\" ref=\"data\">\n\t\t\t\t{\n\t\t\t\t\"sizes_d\" : {\"medium\":{\"file\":\"StefanieLoos_SL20240306a3592-200x300.jpg\",\"width\":200,\"height\":300,\"mime-type\":\"image\\\/jpeg\",\"filesize\":13861},\"large\":{\"file\":\"StefanieLoos_SL20240306a3592-683x1024.jpg\",\"width\":683,\"height\":1024,\"mime-type\":\"image\\\/jpeg\",\"filesize\":84021},\"thumbnail\":{\"file\":\"StefanieLoos_SL20240306a3592-150x150.jpg\",\"width\":150,\"height\":150,\"mime-type\":\"image\\\/jpeg\",\"filesize\":6087},\"medium_large\":{\"file\":\"StefanieLoos_SL20240306a3592-768x1152.jpg\",\"width\":768,\"height\":1152,\"mime-type\":\"image\\\/jpeg\",\"filesize\":100734},\"small\":{\"file\":\"StefanieLoos_SL20240306a3592-293x440.jpg\",\"width\":293,\"height\":440,\"mime-type\":\"image\\\/jpeg\",\"filesize\":24291},\"semi\":{\"file\":\"StefanieLoos_SL20240306a3592-387x580.jpg\",\"width\":387,\"height\":580,\"mime-type\":\"image\\\/jpeg\",\"filesize\":36536},\"mobile\":{\"file\":\"StefanieLoos_SL20240306a3592-480x720.jpg\",\"width\":480,\"height\":720,\"mime-type\":\"image\\\/jpeg\",\"filesize\":49925},\"hd\":{\"file\":\"StefanieLoos_SL20240306a3592-853x1280.jpg\",\"width\":853,\"height\":1280,\"mime-type\":\"image\\\/jpeg\",\"filesize\":119196},\"full\":{\"file\":\"StefanieLoos_SL20240306a3592-1280x1920.jpg\",\"width\":1280,\"height\":1920,\"mime-type\":\"image\\\/jpeg\",\"filesize\":247296},\"xxl\":{\"file\":\"StefanieLoos_SL20240306a3592-2699x4048.jpg\",\"width\":2699,\"height\":4048,\"mime-type\":\"image\\\/jpeg\",\"filesize\":1278734},\"1536x1536\":{\"file\":\"StefanieLoos_SL20240306a3592-1024x1536.jpg\",\"width\":1024,\"height\":1536,\"mime-type\":\"image\\\/jpeg\",\"filesize\":162510},\"2048x2048\":{\"file\":\"StefanieLoos_SL20240306a3592-1365x2048.jpg\",\"width\":1365,\"height\":2048,\"mime-type\":\"image\\\/jpeg\",\"filesize\":278656},\"original\":{\"file\":\"StefanieLoos_SL20240306a3592.jpg\",\"width\":4000,\"height\":6000}},\n\t\t\t\t\"alt_d\" : \"A person on a ladder points to various traffic signs on a wall in a modern interior.\",\n\t\t\t\t\"path_d\" : \"\\\/wp-content\\\/uploads\\\/2024\\\/03\\\/\",\n\t\t\t\t\"autoplay_d\" : null,\n\t\t\t\t\"crop_d\" : {\"top\":\"22.88\",\"left\":\"50.00\"},\n\t\t\t\t\"background_d\" : true,\n\t\t\t\t\"scale_d\" : 2,\n\n\t\t\t\t\"sizes_m\" : [],\n\t\t\t\t\"alt_m\" : null,\n\t\t\t\t\"path_m\" : null,\n\t\t\t\t\"autoplay_m\" : null,\n\t\t\t\t\"crop_m\" : null,\n\t\t\t\t\"background_m\" : true,\n\t\t\t\t\"scale_m\" : 1,\n\n\t\t\t\t\"has_mobile_format\" : false,\n\t\t\t\t\"has_ad\" : false,\n\t\t\t\t\"audio_description_yt\" : null\t\t\t\t}\n\t\t\t<\/script>\n\t\t\t<div class=\"height-container\" style=\"padding-bottom:150%;\" v-if=\"sizes\" data-motion-parallax='{\"child\":\".image-wrapper\",\"mask\":\".lazy-media\",\"tween\":{\"yPercent\": [-15,15]}}'>\n\t\t\t\t<lazy-media :inline=\"true\" :scale=\"scale\" :alt=\"alt\" :sizes=\"sizes\" :brightness=\"brightness\" :path=\"path\" :video=\"video\" :autoplay=\"autoplay\" :youtube=\"youtube\" :crop=\"crop\" :youtubelabel=\"youtubelabel\" :background=\"background\" media-id=\"desc_m_69f2e8f47b132\"><\/lazy-media>\n\t\t\t\t<button class=\"autoplay-audio-description-btn icon-background icon-audio-describtions\" @click=\"audioDescriptionPlay\" v-if=\"hasAudioDescription\" aria-label=\"Audiodeskription aufrufen\"><\/button>\n\t\t\t<\/div>\n\t\t\t\t\t\t<div class=\"lazy-media-info-container-fluid\">\n\t\t\t\t<div class=\"lazy-media-info-row end-xs\">\n\t\t\t\t\t<div class=\"lazy-media-info-col\">\n\t\t\t\t\t\t<div class=\"lazy-media-info\" aria-expanded=\"false\" :aria-expanded=\"isOpen ? 'true' : 'false'\">\n\t\t\t\t\t\t\t<button class=\"lazy-media-info-head button-tiny insignificant\" :class=\"{'button-active': isOpen}\" @click=\"toggle\" ref=\"head\"><span class=\"button-label insignificant\">Image info<\/span><\/button>\n\t\t\t\t\t\t\t<figcaption class=\"lazy-media-info-body\" ref=\"body\" id=\"desc_m_69f2e8f47b132\">\n\t\t\t\t\t\t\t\t<div class=\"lazy-media-info-body-content\">\n\t\t\t\t\t\t\t\t\t<div>Performer of &quot;Build up! Tear down!&quot;<\/div>\t\t\t\t\t\t\t\t\t\t\t\t\t\t\t\t\t\t<div class=\"insignificant\">\u00a9 Stiftung Humboldt Forum im Berliner Schloss, Foto: Stefanie Loos<\/div>\t\t\t\t\t\t\t\t<\/div>\n\t\t\t\t\t\t\t<\/figcaption>\n\t\t\t\t\t\t\t<div class=\"lazy-media-info-head-border\"><\/div>\n\t\t\t\t\t\t<\/div>\n\t\t\t\t\t<\/div>\n\t\t\t\t<\/div>\n\t\t\t<\/div>\n\t\t\t\t\t<\/figure>\n\t<\/block-header>\n<\/section>\n\n<section class=\"block block-headline block-no-margin \" >\n\t<div class=\"container-fluid\">\n\t\t<div class=\"row\">\n\t\t\t\t\t\t\t<div class=\"col-xs-12 col-md-offset-2 col-md-8\">\n\t\t\t\t\t<div class=\"box\">\n\t\t\t\t\t\t<h2 class=\".h3\">In cooperation with<\/h2>\n\t\t\t\t\t<\/div>\n\t\t\t\t<\/div>\n\t\t\t\t\t<\/div>\n\t<\/div>\n<\/section>\n\n\n\n\n<section class=\"block block-logos\" >\n    <div class=\"container-fluid\">\n\t\t<div class=\"row\">\n\t\t\t<div class=\"col-xs-12 col-sm-8 col-sm-offset-2\">\n\t\t\t\t<div class=\"box\">\n\t\t\t\t\t<div class=\"row  middle-xs\">\n\t\t\t\t\t\t\n\t\t\t\t\t\t<div class=\"col-xs-4 col-sm-3 col-sm-2\">\n\t\t\t\t\t\t\t<div class=\"box margin-sixth-top\">\n\t\t\t\t\t\t\t\t<img decoding=\"async\" alt=\"Hochschule f\u00fcr Musik Hanns Eisler Berlin\" src=\"https:\/\/www.humboldtforum.org\/wp-content\/uploads\/2024\/04\/SHF_eb00219309.jpg\" style=\"display: inline-block; width: 80%\" \/>\n\t\t\t\t\t\t\t<\/div>\n\t\t\t\t\t\t<\/div>\n\t\t\t\t\t\t\n\t\t\t\t\t\t<div class=\"col-xs-4 col-sm-3 col-sm-2\">\n\t\t\t\t\t\t\t<div class=\"box margin-sixth-top\">\n\t\t\t\t\t\t\t\t<img decoding=\"async\" alt=\"Hochschule f\u00fcr Schauspielkunst Ernst Busch\" src=\"https:\/\/www.humboldtforum.org\/wp-content\/uploads\/2023\/01\/SHF_eb00172801.png\" style=\"display: inline-block; width: 150%\" \/>\n\t\t\t\t\t\t\t<\/div>\n\t\t\t\t\t\t<\/div>\n\t\t\t\t\t\t\t\t\t\t\t<\/div>\n\t\t\t\t<\/div>\n\t\t\t<\/div>\n        <\/div>\n    <\/div>\n<\/section>\n\n\n<section class=\"block block-headline block-no-margin \" >\n\t<div class=\"container-fluid\">\n\t\t<div class=\"row\">\n\t\t\t\t\t\t\t<div class=\"col-xs-12 col-md-offset-2 col-md-8\">\n\t\t\t\t\t<div class=\"box\">\n\t\t\t\t\t\t<h2 class=\".h3\">with<\/h2>\n\t\t\t\t\t<\/div>\n\t\t\t\t<\/div>\n\t\t\t\t\t<\/div>\n\t<\/div>\n<\/section>\n\n\n\n\n<section class=\"block block-logos\" >\n    <div class=\"container-fluid\">\n\t\t<div class=\"row\">\n\t\t\t<div class=\"col-xs-12 col-sm-8 col-sm-offset-2\">\n\t\t\t\t<div class=\"box\">\n\t\t\t\t\t<div class=\"row  middle-xs\">\n\t\t\t\t\t\t\n\t\t\t\t\t\t<div class=\"col-xs-4 col-sm-3 col-sm-2\">\n\t\t\t\t\t\t\t<div class=\"box margin-sixth-top\">\n\t\t\t\t\t\t\t\t<img decoding=\"async\" alt=\"Bulgarian Voices\" src=\"https:\/\/www.humboldtforum.org\/wp-content\/uploads\/2024\/04\/SHF_eb00219307.jpg\" style=\"display: inline-block; width: 80%\" \/>\n\t\t\t\t\t\t\t<\/div>\n\t\t\t\t\t\t<\/div>\n\t\t\t\t\t\t\n\t\t\t\t\t\t<div class=\"col-xs-4 col-sm-3 col-sm-2\">\n\t\t\t\t\t\t\t<div class=\"box margin-sixth-top\">\n\t\t\t\t\t\t\t\t<img decoding=\"async\" alt=\"Dreamers\" src=\"https:\/\/www.humboldtforum.org\/wp-content\/uploads\/2024\/04\/SHF_eb00219321.jpeg\" style=\"display: inline-block; width: 80%\" \/>\n\t\t\t\t\t\t\t<\/div>\n\t\t\t\t\t\t<\/div>\n\t\t\t\t\t\t\n\t\t\t\t\t\t<div class=\"col-xs-4 col-sm-3 col-sm-2\">\n\t\t\t\t\t\t\t<div class=\"box margin-sixth-top\">\n\t\t\t\t\t\t\t\t<img decoding=\"async\" alt=\"Ernst-Busch Chor\" src=\"https:\/\/www.humboldtforum.org\/wp-content\/uploads\/2024\/04\/SHF_eb00215431.jpg\" style=\"display: inline-block; width: 80%\" \/>\n\t\t\t\t\t\t\t<\/div>\n\t\t\t\t\t\t<\/div>\n\t\t\t\t\t\t\t\t\t\t\t<\/div>\n\t\t\t\t<\/div>\n\t\t\t<\/div>\n        <\/div>\n    <\/div>\n<\/section>\n\n\n<section class=\"block block-CTA block-CTA-long leftgradient\">\n\t<div class=\"container-fluid\">\n\t\t<div class=\"row center-xs\">\n\t\t\t<div class=\"col-xs-12\">\n\t\t\t\t<div class=\"box\">\n\t\t\t\t\t<a href=\"https:\/\/www.humboldtforum.org\/en\/programm\/laufzeitangebot\/exhibition\/hin-und-weg-der-palast-der-republik-ist-gegenwart-119504\/\" aria-label=\"Blown Away\" class=\"teaser teaser-cta-wide teaser-cta-wide-and-high\">\n\t\t\t\t\t\t<div class=\"teaser-image\">\n\t\t\t\t\t\t\t\n\t<lazy-media-inline inline-template>\n\t\t<figure itemscope itemtype=\"http:\/\/schema.org\/ImageObject\" class=\"lazy-media-inline \" role=\"group\" id=\"media_69f2e8f482b5b\" aria-labelledby=\"desc_media_69f2e8f482b5b\">\n\t\t\t<script type=\"application\/json\" ref=\"data\">\n\t\t\t\t{\n\t\t\t\t\"sizes\" : {\"medium\":{\"file\":\"SHF_eb00216212-1-300x176.jpg\",\"width\":300,\"height\":176,\"mime-type\":\"image\\\/jpeg\",\"filesize\":15697},\"large\":{\"file\":\"SHF_eb00216212-1-1024x600.jpg\",\"width\":1024,\"height\":600,\"mime-type\":\"image\\\/jpeg\",\"filesize\":113424},\"thumbnail\":{\"file\":\"SHF_eb00216212-1-150x150.jpg\",\"width\":150,\"height\":150,\"mime-type\":\"image\\\/jpeg\",\"filesize\":8318},\"medium_large\":{\"file\":\"SHF_eb00216212-1-768x450.jpg\",\"width\":768,\"height\":450,\"mime-type\":\"image\\\/jpeg\",\"filesize\":73176},\"small\":{\"file\":\"SHF_eb00216212-1-440x258.jpg\",\"width\":440,\"height\":258,\"mime-type\":\"image\\\/jpeg\",\"filesize\":29869},\"semi\":{\"file\":\"SHF_eb00216212-1-580x340.jpg\",\"width\":580,\"height\":340,\"mime-type\":\"image\\\/jpeg\",\"filesize\":47012},\"mobile\":{\"file\":\"SHF_eb00216212-1-720x422.jpg\",\"width\":720,\"height\":422,\"mime-type\":\"image\\\/jpeg\",\"filesize\":66174},\"hd\":{\"file\":\"SHF_eb00216212-1-1280x749.jpg\",\"width\":1280,\"height\":749,\"mime-type\":\"image\\\/jpeg\",\"filesize\":161899},\"full\":{\"file\":\"SHF_eb00216212-1-1920x1124.jpg\",\"width\":1920,\"height\":1124,\"mime-type\":\"image\\\/jpeg\",\"filesize\":317807},\"1536x1536\":{\"file\":\"SHF_eb00216212-1-1536x899.jpg\",\"width\":1536,\"height\":899,\"mime-type\":\"image\\\/jpeg\",\"filesize\":219224},\"2048x2048\":{\"file\":\"SHF_eb00216212-1-2048x1199.jpg\",\"width\":2048,\"height\":1199,\"mime-type\":\"image\\\/jpeg\",\"filesize\":353308},\"original\":{\"file\":\"SHF_eb00216212-1.jpg\",\"width\":3040,\"height\":1780}},\n\t\t\t\t\"alt\" : \"Symbolic representation of an emblem in orange and blue, surrounded by stylized elements.\",\n\t\t\t\t\"path\" : \"\\\/wp-content\\\/uploads\\\/2024\\\/02\\\/\",\n\t\t\t\t\"video\" : null,\n\t\t\t\t\"autoplay\" : null,\n\t\t\t\t\"youtube\" : null,\n\t\t\t\t\"youtubelabel\" : \"Play video\",\n\t\t\t\t\"brightness\" : \"80\",\n\t\t\t\t\"crop\" : {\"top\":\"50.00\",\"left\":\"50.00\"},\n\t\t\t\t\"background\" : true,\n\t\t\t\t\"scale\" : 2\t\t\t\t}\n\t\t\t<\/script>\n\n\t\t\t<div class=\"height-container\" style=\"padding-bottom:58.552631578947%;\" v-if=\"sizes\">\n\t\t\t\t\t\t\t\t<lazy-media :inline=\"true\" :alt=\"alt\" :sizes=\"sizes\" :scale=\"scale\" :brightness=\"brightness\" :path=\"path\" :video=\"video\" :autoplay=\"autoplay\" :youtube=\"youtube\" :crop=\"crop\" :youtubelabel=\"youtubelabel\" :background=\"background\" media-id=\"desc_media_69f2e8f482b5b\"><\/lazy-media>\n\t\t\t\t\t\t\t<\/div>\n\n\t\t\t\t\t\t\t<figcaption class=\"sr-only\" ref=\"body\" id=\"desc_media_69f2e8f482b5b\">\n\t\t\t\t\t\t\t\t\t\t\t<div>Visual der Ausstellung &quot;Hin und Weg. Der Palast der Republik ist Gegenwart&quot;, welche 2024 im Humboldt Forum er&ouml;ffnet<\/div>\n\t\t\t\t\t\t\t\t\t\t\t\t\t\t\t\t\t\t\t\t\t<div class=\"insignificant\">\u00a9 Stiftung Humboldt Forum im Berliner Schloss; bpk \/ Gerhard Kiesling<\/div>\n\t\t\t\t\t\t\t\t\t<\/figcaption>\n\t\t\t\t\t<\/figure>\n\t<\/lazy-media-inline>\n\t\t\t\t\t\t<\/div>\n\t\t\t\t\t\t<div class=\"teaser-content \">\n\t\t\t\t\t\t\t<div>\n\t\t\t\t\t\t\t\t<div class=\"teaser-overline subline\">Belongs to<\/div>\t\t\t\t\t\t\t\t<div class=\"teaser-header\"><span class=\"h3\">Blown Away<\/span><\/div>\n\t\t\t\t\t\t\t\t<div class=\"teaser-subline\"><span class=\"font-decoration\">The Palace of the Republic<\/span><\/div>\t\t\t\t\t\t\t\t<button tabindex=\"-1\" class=\"border\">To the programme<\/button>\n\t\t\t\t\t\t\t<\/div>\n\t\t\t\t\t\t<\/div>\n\t\t\t\t\t<\/a>\n\t\t\t\t<\/div>\n\t\t\t<\/div>\n\t\t<\/div>\n\t<\/div>\n<\/section>\n\n\n<section class=\"block block-CTA block-CTA-long leftgradient\">\n\t<div class=\"container-fluid\">\n\t\t<div class=\"row center-xs\">\n\t\t\t<div class=\"col-xs-12\">\n\t\t\t\t<div class=\"box\">\n\t\t\t\t\t<a href=\"https:\/\/www.humboldtforum.org\/en\/newsletter-2\/\" aria-label=\"Stay up to date.\" class=\"teaser teaser-cta-wide \">\n\t\t\t\t\t\t<div class=\"teaser-image\">\n\t\t\t\t\t\t\t\n\t<lazy-media-inline inline-template>\n\t\t<figure itemscope itemtype=\"http:\/\/schema.org\/ImageObject\" class=\"lazy-media-inline \" role=\"group\" id=\"media_69f2e8f483975\" aria-labelledby=\"desc_media_69f2e8f483975\">\n\t\t\t<script type=\"application\/json\" ref=\"data\">\n\t\t\t\t{\n\t\t\t\t\"sizes\" : {\"medium\":{\"file\":\"HF_eb00061823-scaled-300x200.jpg\",\"width\":300,\"height\":200,\"mime-type\":\"image\\\/jpeg\",\"filesize\":19186},\"large\":{\"file\":\"HF_eb00061823-scaled-1024x683.jpg\",\"width\":1024,\"height\":683,\"mime-type\":\"image\\\/jpeg\",\"filesize\":138597},\"thumbnail\":{\"file\":\"HF_eb00061823-scaled-150x150.jpg\",\"width\":150,\"height\":150,\"mime-type\":\"image\\\/jpeg\",\"filesize\":8481},\"medium_large\":{\"file\":\"HF_eb00061823-scaled-768x512.jpg\",\"width\":768,\"height\":512,\"mime-type\":\"image\\\/jpeg\",\"filesize\":86200},\"small\":{\"file\":\"HF_eb00061823-scaled-440x293.jpg\",\"width\":440,\"height\":293,\"mime-type\":\"image\\\/jpeg\",\"filesize\":35525},\"semi\":{\"file\":\"HF_eb00061823-scaled-580x387.jpg\",\"width\":580,\"height\":387,\"mime-type\":\"image\\\/jpeg\",\"filesize\":55724},\"mobile\":{\"file\":\"HF_eb00061823-scaled-720x480.jpg\",\"width\":720,\"height\":480,\"mime-type\":\"image\\\/jpeg\",\"filesize\":77971},\"hd\":{\"file\":\"HF_eb00061823-scaled-1280x854.jpg\",\"width\":1280,\"height\":854,\"mime-type\":\"image\\\/jpeg\",\"filesize\":202477},\"full\":{\"file\":\"HF_eb00061823-scaled-1920x1280.jpg\",\"width\":1920,\"height\":1280,\"mime-type\":\"image\\\/jpeg\",\"filesize\":386736},\"1536x1536\":{\"file\":\"HF_eb00061823-scaled-1536x1024.jpg\",\"width\":1536,\"height\":1024,\"mime-type\":\"image\\\/jpeg\",\"filesize\":266197},\"2048x2048\":{\"file\":\"HF_eb00061823-scaled-2048x1366.jpg\",\"width\":2048,\"height\":1366,\"mime-type\":\"image\\\/jpeg\",\"filesize\":430206},\"original\":{\"file\":\"HF_eb00061823-scaled.jpg\",\"width\":2560,\"height\":1707}},\n\t\t\t\t\"alt\" : \"The brightly lit foyer and the Infopoint, DJ booth, the Cosmograph media tower and many visitors milling about\",\n\t\t\t\t\"path\" : \"\\\/wp-content\\\/uploads\\\/2020\\\/04\\\/\",\n\t\t\t\t\"video\" : null,\n\t\t\t\t\"autoplay\" : null,\n\t\t\t\t\"youtube\" : null,\n\t\t\t\t\"youtubelabel\" : \"Play video\",\n\t\t\t\t\"brightness\" : \"70\",\n\t\t\t\t\"crop\" : {\"top\":\"90.17\",\"left\":\"40.27\"},\n\t\t\t\t\"background\" : true,\n\t\t\t\t\"scale\" : 2\t\t\t\t}\n\t\t\t<\/script>\n\n\t\t\t<div class=\"height-container\" style=\"padding-bottom:66.6796875%;\" v-if=\"sizes\">\n\t\t\t\t\t\t\t\t<lazy-media :inline=\"true\" :alt=\"alt\" :sizes=\"sizes\" :scale=\"scale\" :brightness=\"brightness\" :path=\"path\" :video=\"video\" :autoplay=\"autoplay\" :youtube=\"youtube\" :crop=\"crop\" :youtubelabel=\"youtubelabel\" :background=\"background\" media-id=\"desc_media_69f2e8f483975\"><\/lazy-media>\n\t\t\t\t\t\t\t<\/div>\n\n\t\t\t\t\t\t\t<figcaption class=\"sr-only\" ref=\"body\" id=\"desc_media_69f2e8f483975\">\n\t\t\t\t\t\t\t\t\t\t\t<div>In the Humboldt Forum&#039;s foyer there is a 17 meter high media tower, called &quot;cosmograph&quot;. It gives visitors comprehensive information about their visit and can transform into an art and light installation.<\/div>\n\t\t\t\t\t\t\t\t\t\t\t\t\t\t\t\t\t\t\t\t\t<div class=\"insignificant\">\u00a9 SHF \/ David von Becker<\/div>\n\t\t\t\t\t\t\t\t\t<\/figcaption>\n\t\t\t\t\t<\/figure>\n\t<\/lazy-media-inline>\n\t\t\t\t\t\t<\/div>\n\t\t\t\t\t\t<div class=\"teaser-content \">\n\t\t\t\t\t\t\t<div>\n\t\t\t\t\t\t\t\t\t\t\t\t\t\t\t\t<div class=\"teaser-header\"><span class=\"h3\">Stay up to date.<\/span><\/div>\n\t\t\t\t\t\t\t\t<div class=\"teaser-subline\"><span class=\"font-decoration\">Subscribe to our newsletter<\/span><\/div>\t\t\t\t\t\t\t\t<button tabindex=\"-1\" class=\"border\">Click here<\/button>\n\t\t\t\t\t\t\t<\/div>\n\t\t\t\t\t\t<\/div>\n\t\t\t\t\t<\/a>\n\t\t\t\t<\/div>\n\t\t\t<\/div>\n\t\t<\/div>\n\t<\/div>\n<\/section>\n","protected":false},"template":"","genre":[824],"digital":[],"topic":[],"stakeholder":[595],"editorial":[],"editorialfilter":[],"targetgroup":[],"language":[579],"accessability":[],"age":[],"school":[],"groupsize":[],"place":[597],"class_list":["post-125151","event","type-event","status-publish","hentry","genre-theatre","stakeholder-stiftung-humboldt-forum-im-berliner-schloss-en","language-german","place-humboldt-forum-en"],"acf":[],"_links":{"self":[{"href":"https:\/\/www.humboldtforum.org\/en\/wp-json\/wp\/v2\/event\/125151","targetHints":{"allow":["GET"]}}],"collection":[{"href":"https:\/\/www.humboldtforum.org\/en\/wp-json\/wp\/v2\/event"}],"about":[{"href":"https:\/\/www.humboldtforum.org\/en\/wp-json\/wp\/v2\/types\/event"}],"version-history":[{"count":11,"href":"https:\/\/www.humboldtforum.org\/en\/wp-json\/wp\/v2\/event\/125151\/revisions"}],"predecessor-version":[{"id":129522,"href":"https:\/\/www.humboldtforum.org\/en\/wp-json\/wp\/v2\/event\/125151\/revisions\/129522"}],"wp:attachment":[{"href":"https:\/\/www.humboldtforum.org\/en\/wp-json\/wp\/v2\/media?parent=125151"}],"wp:term":[{"taxonomy":"genre","embeddable":true,"href":"https:\/\/www.humboldtforum.org\/en\/wp-json\/wp\/v2\/genre?post=125151"},{"taxonomy":"digital","embeddable":true,"href":"https:\/\/www.humboldtforum.org\/en\/wp-json\/wp\/v2\/digital?post=125151"},{"taxonomy":"topic","embeddable":true,"href":"https:\/\/www.humboldtforum.org\/en\/wp-json\/wp\/v2\/topic?post=125151"},{"taxonomy":"stakeholder","embeddable":true,"href":"https:\/\/www.humboldtforum.org\/en\/wp-json\/wp\/v2\/stakeholder?post=125151"},{"taxonomy":"editorial","embeddable":true,"href":"https:\/\/www.humboldtforum.org\/en\/wp-json\/wp\/v2\/editorial?post=125151"},{"taxonomy":"editorialfilter","embeddable":true,"href":"https:\/\/www.humboldtforum.org\/en\/wp-json\/wp\/v2\/editorialfilter?post=125151"},{"taxonomy":"targetgroup","embeddable":true,"href":"https:\/\/www.humboldtforum.org\/en\/wp-json\/wp\/v2\/targetgroup?post=125151"},{"taxonomy":"language","embeddable":true,"href":"https:\/\/www.humboldtforum.org\/en\/wp-json\/wp\/v2\/language?post=125151"},{"taxonomy":"accessability","embeddable":true,"href":"https:\/\/www.humboldtforum.org\/en\/wp-json\/wp\/v2\/accessability?post=125151"},{"taxonomy":"age","embeddable":true,"href":"https:\/\/www.humboldtforum.org\/en\/wp-json\/wp\/v2\/age?post=125151"},{"taxonomy":"school","embeddable":true,"href":"https:\/\/www.humboldtforum.org\/en\/wp-json\/wp\/v2\/school?post=125151"},{"taxonomy":"groupsize","embeddable":true,"href":"https:\/\/www.humboldtforum.org\/en\/wp-json\/wp\/v2\/groupsize?post=125151"},{"taxonomy":"place","embeddable":true,"href":"https:\/\/www.humboldtforum.org\/en\/wp-json\/wp\/v2\/place?post=125151"}],"curies":[{"name":"wp","href":"https:\/\/api.w.org\/{rel}","templated":true}]}}