{"id":133644,"date":"2024-07-22T11:33:43","date_gmt":"2024-07-22T09:33:43","guid":{"rendered":"https:\/\/www.humboldtforum.org\/?post_type=event&#038;p=133644"},"modified":"2025-03-03T12:59:09","modified_gmt":"2025-03-03T11:59:09","slug":"eine-stunde-history-live","status":"publish","type":"event","link":"https:\/\/www.humboldtforum.org\/en\/programm\/termin\/talk\/eine-stunde-history-live-133644\/","title":{"rendered":"One Hour of History live"},"content":{"rendered":"<section class=\"block block-copy\" >\n    <div class=\"container-fluid\">\n\t\t<div class=\"row \">\n            <div class=\"col-xs-12 col-md-offset-2 col-md-8\">\n                <div class=\"box\">\n                    <div class=\"copy\"><p>This year marks the 75th anniversary of the Basic Law. And two German states that are now one. The West German Federal Republic was founded on 23 May 1949, followed by the German Democratic Republic in East Germany on 7 October. Over the next four decades, both German states developed into model pupils in the political system of their former wartime enemies.<\/p>\n<p>The borderline between East and West, between the political and economic systems of the Cold War, was drawn on German soil. Crises in German-German relations had an impact on the relationship between the superpowers USA and USSR. The construction of the Berlin Wall in August 1961 was a high point in the Cold War, which was gradually defused by a policy of rapprochement between the FRG and the GDR that began soon afterwards.<\/p>\n<p>The reconciliation policy of the social-liberal coalition and the ageing of the GDR leadership marked the beginning of a process that lasted two decades, culminating in the opening of the German-German border in November 1989 and the reunification of the two German states in October 1990.<\/p>\n<p>Eine Stunde History illuminates the path of the Germans from the founding of the two states in 1949 to German unity. Presenters Steffi Orbach and Markus Dichmann, co-host Matthias von Hellfeld and singer-songwriter and GDR dissident Stephan Krawczyk will be joined by Prof Sabine B\u00f6hne-Di Leo, Prof Dierk Hoffmann, Prof Hedwig Richter and Prof Andreas R\u00f6dder to explain the historical process from the division to the unification of Germany.<\/p>\n<p><a href=\"https:\/\/www.ardaudiothek.de\/episode\/eine-stunde-history-deutschlandfunk-nova\/doppelte-staatsgruendung-die-brd-und-ddr-entstehen\/deutschlandfunk-nova\/13769865\/\">Link<\/a> to the program recording<\/p>\n<\/div>\n                <\/div>\n            <\/div>\n\t\t<\/div>\n\t\t    <\/div>\n<\/section>\n\n\n<section class=\"block block-gallery\">\n\t<div class=\"container-fluid\">\n\t\t<div class=\"row center-xs\">\n\t\t\t<div class=\"col-xs-12\">\n\t\t\t\t<div class=\"box text-align-left\">\n\t\t\t\t\t<block-gallery inline-template>\n\t\t\t\t\t\t<div :class=\"{ firstLoaded: firstLoaded }\">\n\t\t\t\t\t\t\t<script type=\"application\/json\" ref=\"data\">\n\t\t\t\t\t\t\t{\n\t\t\t\t\t\t\t\t\"images\" : [{\"id\":0,\"width\":1280,\"height\":853,\"alt\":\"Man with glasses and a hat reads at a table with a microphone, lamp, and notes in a well-lit room.\",\"title\":\"\",\"description\":\"\",\"label\":\"Eine Stunde History live on the theme day &lsquo;Ohne Ende Palast&rsquo;, June 2024\",\"copyright\":\"Stiftung Humboldt Forum im Berliner Schloss, Foto: Stefanie Loos\",\"path\":\"\\\/wp-content\\\/uploads\\\/2024\\\/07\\\/\",\"sizes\":{\"medium\":{\"file\":\"SHF_eb00226600-300x200.jpg\",\"width\":300,\"height\":200,\"mime-type\":\"image\\\/jpeg\",\"filesize\":10887},\"large\":{\"file\":\"SHF_eb00226600-1024x682.jpg\",\"width\":1024,\"height\":682,\"mime-type\":\"image\\\/jpeg\",\"filesize\":63836},\"thumbnail\":{\"file\":\"SHF_eb00226600-150x150.jpg\",\"width\":150,\"height\":150,\"mime-type\":\"image\\\/jpeg\",\"filesize\":5453},\"medium_large\":{\"file\":\"SHF_eb00226600-768x512.jpg\",\"width\":768,\"height\":512,\"mime-type\":\"image\\\/jpeg\",\"filesize\":41187},\"small\":{\"file\":\"SHF_eb00226600-440x293.jpg\",\"width\":440,\"height\":293,\"mime-type\":\"image\\\/jpeg\",\"filesize\":18745},\"semi\":{\"file\":\"SHF_eb00226600-580x387.jpg\",\"width\":580,\"height\":387,\"mime-type\":\"image\\\/jpeg\",\"filesize\":27621},\"mobile\":{\"file\":\"SHF_eb00226600-720x480.jpg\",\"width\":720,\"height\":480,\"mime-type\":\"image\\\/jpeg\",\"filesize\":37391},\"original\":{\"file\":\"SHF_eb00226600.jpg\",\"width\":1280,\"height\":853}}},{\"id\":1,\"width\":1280,\"height\":853,\"alt\":\"Two speakers on a stage present a historical photograph to an audience.\",\"title\":\"\",\"description\":\"\",\"label\":\"Eine Stunde History live on the theme day &lsquo;Ohne Ende Palast&rsquo;, June 2024\",\"copyright\":\"Stiftung Humboldt Forum im Berliner Schloss, Foto: Stefanie Loos\",\"path\":\"\\\/wp-content\\\/uploads\\\/2024\\\/07\\\/\",\"sizes\":{\"medium\":{\"file\":\"SHF_eb00226603-300x200.jpg\",\"width\":300,\"height\":200,\"mime-type\":\"image\\\/jpeg\",\"filesize\":16054},\"large\":{\"file\":\"SHF_eb00226603-1024x682.jpg\",\"width\":1024,\"height\":682,\"mime-type\":\"image\\\/jpeg\",\"filesize\":106427},\"thumbnail\":{\"file\":\"SHF_eb00226603-150x150.jpg\",\"width\":150,\"height\":150,\"mime-type\":\"image\\\/jpeg\",\"filesize\":7896},\"medium_large\":{\"file\":\"SHF_eb00226603-768x512.jpg\",\"width\":768,\"height\":512,\"mime-type\":\"image\\\/jpeg\",\"filesize\":69365},\"small\":{\"file\":\"SHF_eb00226603-440x293.jpg\",\"width\":440,\"height\":293,\"mime-type\":\"image\\\/jpeg\",\"filesize\":29495},\"semi\":{\"file\":\"SHF_eb00226603-580x387.jpg\",\"width\":580,\"height\":387,\"mime-type\":\"image\\\/jpeg\",\"filesize\":45337},\"mobile\":{\"file\":\"SHF_eb00226603-720x480.jpg\",\"width\":720,\"height\":480,\"mime-type\":\"image\\\/jpeg\",\"filesize\":62799},\"original\":{\"file\":\"SHF_eb00226603.jpg\",\"width\":1280,\"height\":853}}},{\"id\":2,\"width\":1280,\"height\":853,\"alt\":\"Steffi Orbach in a green jumper on stage next to Matthias von Hellfeld in a suit. Both are holding green microphones and are engaged in conversation.\",\"title\":\"\",\"description\":\"\",\"label\":\"Steffi Orbach and Matthias von Hellfeld at &lsquo;One Hour of History live&rsquo; on the topic of &lsquo;Lying Pictures &ndash; How We Are Lied to by Propaganda&rsquo; at the Humboldt Forum, June 2024\",\"copyright\":\"Stiftung Humboldt Forum im Berliner Schloss, Foto: Stefanie Loos\",\"path\":\"\\\/wp-content\\\/uploads\\\/2024\\\/07\\\/\",\"sizes\":{\"medium\":{\"file\":\"SHF_eb00226235-300x200.jpg\",\"width\":300,\"height\":200,\"mime-type\":\"image\\\/jpeg\",\"filesize\":10535},\"large\":{\"file\":\"SHF_eb00226235-1024x682.jpg\",\"width\":1024,\"height\":682,\"mime-type\":\"image\\\/jpeg\",\"filesize\":63079},\"thumbnail\":{\"file\":\"SHF_eb00226235-150x150.jpg\",\"width\":150,\"height\":150,\"mime-type\":\"image\\\/jpeg\",\"filesize\":5740},\"medium_large\":{\"file\":\"SHF_eb00226235-768x512.jpg\",\"width\":768,\"height\":512,\"mime-type\":\"image\\\/jpeg\",\"filesize\":40695},\"small\":{\"file\":\"SHF_eb00226235-440x293.jpg\",\"width\":440,\"height\":293,\"mime-type\":\"image\\\/jpeg\",\"filesize\":18218},\"semi\":{\"file\":\"SHF_eb00226235-580x387.jpg\",\"width\":580,\"height\":387,\"mime-type\":\"image\\\/jpeg\",\"filesize\":27166},\"mobile\":{\"file\":\"SHF_eb00226235-720x480.jpg\",\"width\":720,\"height\":480,\"mime-type\":\"image\\\/jpeg\",\"filesize\":36962},\"original\":{\"file\":\"SHF_eb00226235.jpg\",\"width\":1280,\"height\":853}}},{\"id\":3,\"width\":1280,\"height\":853,\"alt\":\"People are discussing on a stage while holding microphones and standing at a table.\",\"title\":\"\",\"description\":\"Steffi Orbach, Steffen Siegel, Annette Vowinckel, Jochen Spangenberg, Benno Nietzel, Matthias von Hellfeld (from left to right) at Eine Stunde History live on the theme day &lsquo;Ohne Ende Palast&rsquo;, June 2024\",\"label\":\"\",\"copyright\":\"Stiftung Humboldt Forum im Berliner Schloss, Foto: Stefanie Loos\",\"path\":\"\\\/wp-content\\\/uploads\\\/2024\\\/07\\\/\",\"sizes\":{\"medium\":{\"file\":\"SHF_eb00226589-300x200.jpg\",\"width\":300,\"height\":200,\"mime-type\":\"image\\\/jpeg\",\"filesize\":11470},\"large\":{\"file\":\"SHF_eb00226589-1024x682.jpg\",\"width\":1024,\"height\":682,\"mime-type\":\"image\\\/jpeg\",\"filesize\":69437},\"thumbnail\":{\"file\":\"SHF_eb00226589-150x150.jpg\",\"width\":150,\"height\":150,\"mime-type\":\"image\\\/jpeg\",\"filesize\":5509},\"medium_large\":{\"file\":\"SHF_eb00226589-768x512.jpg\",\"width\":768,\"height\":512,\"mime-type\":\"image\\\/jpeg\",\"filesize\":45079},\"small\":{\"file\":\"SHF_eb00226589-440x293.jpg\",\"width\":440,\"height\":293,\"mime-type\":\"image\\\/jpeg\",\"filesize\":20122},\"semi\":{\"file\":\"SHF_eb00226589-580x387.jpg\",\"width\":580,\"height\":387,\"mime-type\":\"image\\\/jpeg\",\"filesize\":30248},\"mobile\":{\"file\":\"SHF_eb00226589-720x480.jpg\",\"width\":720,\"height\":480,\"mime-type\":\"image\\\/jpeg\",\"filesize\":41007},\"original\":{\"file\":\"SHF_eb00226589.jpg\",\"width\":1280,\"height\":853}}}]\t\t\t\t\t\t\t}\n\t\t\t\t\t\t\t<\/script>\n\n\t\t\t\t\t\t\t<swiper :options=\"options\" @slide-change=\"track\">\n\t\t\t\t\t\t\t\t<div class=\"swiper-slide\" :key=\"image.id\" v-for=\"image in images\">\n\t\t\t\t\t\t\t\t\t<block-gallery-item inline-template :image=\"image\">\n\t\t\t\t\t\t\t\t\t\t<figure class=\"swiper-slide-image-wrapper\" ref=\"parent\">\n\t\t\t\t\t\t\t\t\t\t\t<div class=\"width-container\" ref=\"container\" :style=\"style\">\n\t\t\t\t\t\t\t\t\t\t\t\t<div data-swiper-parallax-x=\"50%\">\n\t\t\t\t\t\t\t\t\t\t\t\t<img :src=\"image.src\" :alt=\"image.alt\" v-if=\"image.id < 2\">\n\t\t\t\t\t\t\t\t\t\t\t\t<img class=\"swiper-lazy\" :data-src=\"image.src\" :alt=\"image.alt\" v-else>\n\t\t\t\t\t\t\t\t\t\t\t\t<\/div>\n\t\t\t\t\t\t\t\t\t\t\t<\/div>\n\t\t\t\t\t\t\t\t\t\t<\/figure>\n\t\t\t\t\t\t\t\t\t<\/block-gallery-item>\n\n\t\t\t\t\t\t\t\t\t<figcaption>\n\t\t\t\t\t\t\t\t\t\t<div class=\"lazy-media-info-body-content\">\n\t\t\t\t\t\t\t\t\t\t\t<div v-html=\"image.label\"><\/div>\n\t\t\t\t\t\t\t\t\t\t\t<div v-html=\"image.description\"><\/div>\n\t\t\t\t\t\t\t\t\t\t\t<div class=\"insignificant\" v-if=\"image.copyright\" v-html=\"'\u00a9 '+image.copyright\"><\/div>\n\t\t\t\t\t\t\t\t\t\t<\/div>\n\t\t\t\t\t\t\t\t\t<\/figcaption>\n\t\t\t\t\t\t\t\t<\/div>\n\n\t\t\t\t\t\t\t\t<div class=\"swiper-pagination\"  slot=\"pagination\"><\/div>\n\n\t\t\t\t\t\t\t\t<button class=\"icon-round swiper-button-prev\" slot=\"button-prev\" aria-label=\"Last images\">\n\t\t\t\t\t\t\t\t\t<span class=\"icon-next\" aria-hidden=\"true\"><\/span>\n\t\t\t\t\t\t\t\t<\/button>\n\n\t\t\t\t\t\t\t\t<button class=\"icon-round swiper-button-next\" slot=\"button-next\" aria-label=\"Next image\">\n\t\t\t\t\t\t\t\t\t<span class=\"icon-next\" aria-hidden=\"true\"><\/span>\n\t\t\t\t\t\t\t\t<\/button>\n\t\t\t\t\t\t\t<\/swiper>\n\t\t\t\t\t\t<\/div>\n\t\t\t\t\t<\/block-gallery>\n\t\t\t\t<\/div>\n\t\t\t<\/div>\n\t\t<\/div>\n\t<\/div>\n<\/section>\n\n<section class=\"block block-headline block-no-margin \" >\n\t<div class=\"container-fluid\">\n\t\t<div class=\"row\">\n\t\t\t\t\t\t\t<div class=\"col-xs-12 col-md-offset-2 col-md-8\">\n\t\t\t\t\t<div class=\"box\">\n\t\t\t\t\t\t<h2 class=\".h4\">Contributors<\/h2>\n\t\t\t\t\t<\/div>\n\t\t\t\t<\/div>\n\t\t\t\t\t<\/div>\n\t<\/div>\n<\/section>\n\n\n\n\n\n<section class=\"block block-accordion\">\n\t<div class=\"container-fluid\">\n\t\t<div class=\"row\">\n\t\t\t<div class=\"col-xs-12 col-md-offset-2 col-md-8\">\n\t\t\t\t<div class=\"box\">\n\t\t\t\t\t\t\t\t\t\t\t<block-accordion inline-template>\n\t\t\t\t\t\t\t<div class=\"accordion\">\n\t\t\t\t\t\t\t\t\t\t\t\t\t\t\t<block-accordion-item inline-template item-headline=\"Prof. Sabine B\u00f6hne-Di Leo\">\n\t\t\t\t\t\t\t\t<div ref=\"item\" data-id=\"ProfSabineBhne-DiLeo\" class=\"block-accordion-item vue-initialize\" aria-expanded=\"false\" :aria-expanded=\"active ? 'true' : 'false'\">\n\t\t\t\t\t\t\t\t\t<button class=\"accordion-button-with-icon block-accordion-item-head\" :class=\"{'button-active': active}\" ref=\"head\" aria-controls=\"acc_69f17beb377bc\" id=\"acc_title_69f17beb377be\" @click=\"toggle\" @keydown=\"key\">\n\t\t\t\t\t\t\t\t\t<div><span class=\"button-label\">Prof. Sabine B\u00f6hne-Di Leo<\/span><\/div><span class=\"button-icon icon-plus\" aria-hidden=\"true\"><\/span>\n\t\t\t\t\t\t\t\t<\/button>\n\t\t\t\t\t\t\t\t\t<div ref=\"body\" class=\"block-accordion-item-content\" id=\"acc_69f17beb377bc\" role=\"region\">\n\t\t\t\t\t\t\t\t\t\t<div class=\"wrapper copy\">\n\t\t\t\t\t\t\t\t\t\t\t<p>Sabine B\u00f6hne-Di Leo studied political science in M\u00fcnster and Perugia. She has worked as a reporter and author for magazines such as Stern and Geo. She has been Professor of Journalism and Politics at Ansbach University of Applied Sciences since 2009.<\/p>\n<p><strong>\u00a0<\/strong><\/p>\n\n\t\t\t\t\t\t\t\t\t\t\t\t\t\t\t\t\t\t\t\t\t\t\t\t\t\t\t\t\t\t\t\t\t\n\t\t\t\t\t\t\t\t\t\t\t<div class=\"row\">\n\t\t\t\t\t\t\t\t\t\t\t\t<div class=\"col-xs-9 col-md-9\">\n\t\t\t\t\t\t\t\t\t\t\t\t\t<div class=\"box\">\n\t\t\t\t\t\t\t\t\t\t\t\t\t\t\t\t\t\t\t\t\t\t\t\t\t\t\t<\/div>\n\t\t\t\t\t\t\t\t\t\t\t\t<\/div>\n\t\t\t\t\t\t\t\t\t\t\t<\/div>\n\n\t\t\t\t\t\t\t\t\t\t\t\t\t\t\t\t\t\t\t\t\t<\/div>\n\t\t\t\t\t\t\t\t\t<\/div>\n\t\t\t\t\t\t\t\t<\/div>\n\t\t\t\t\t\t\t\t<\/block-accordion-item>\n\t\t\t\t\t\t\t\t\t\t\t\t\t\t<block-accordion-item inline-template item-headline=\"Prof. Dierk Hoffmann\">\n\t\t\t\t\t\t\t\t<div ref=\"item\" data-id=\"ProfDierkHoffmann\" class=\"block-accordion-item vue-initialize\" aria-expanded=\"false\" :aria-expanded=\"active ? 'true' : 'false'\">\n\t\t\t\t\t\t\t\t\t<button class=\"accordion-button-with-icon block-accordion-item-head\" :class=\"{'button-active': active}\" ref=\"head\" aria-controls=\"acc_69f17beb37afd\" id=\"acc_title_69f17beb37aff\" @click=\"toggle\" @keydown=\"key\">\n\t\t\t\t\t\t\t\t\t<div><span class=\"button-label\">Prof. Dierk Hoffmann<\/span><\/div><span class=\"button-icon icon-plus\" aria-hidden=\"true\"><\/span>\n\t\t\t\t\t\t\t\t<\/button>\n\t\t\t\t\t\t\t\t\t<div ref=\"body\" class=\"block-accordion-item-content\" id=\"acc_69f17beb37afd\" role=\"region\">\n\t\t\t\t\t\t\t\t\t\t<div class=\"wrapper copy\">\n\t\t\t\t\t\t\t\t\t\t\t<p>Dierk Hoffmann is Deputy Head of the Berlin Department of the Institute of Contemporary History Munich-Berlin (IfZ) and Associate Professor of Modern and Contemporary History at the University of Potsdam. From 2011 to 2016, he was a member of the Commission for the Reappraisal of the History of the Federal Ministry of Economics and Technology and its predecessor institutions. Hoffmann has been head of the project on the history of the Treuhandanstalt at the IfZ since 2017. His work focuses on the history of social policy in the 19th and 20th centuries, German-German post-war history and transformation research.<\/p>\n\n\t\t\t\t\t\t\t\t\t\t\t\t\t\t\t\t\t\t\t\t\t\t\t\t\t\t\t\t\t\t\t\t\t\n\t\t\t\t\t\t\t\t\t\t\t<div class=\"row\">\n\t\t\t\t\t\t\t\t\t\t\t\t<div class=\"col-xs-9 col-md-9\">\n\t\t\t\t\t\t\t\t\t\t\t\t\t<div class=\"box\">\n\t\t\t\t\t\t\t\t\t\t\t\t\t\t\t\t\t\t\t\t\t\t\t\t\t\t\t<\/div>\n\t\t\t\t\t\t\t\t\t\t\t\t<\/div>\n\t\t\t\t\t\t\t\t\t\t\t<\/div>\n\n\t\t\t\t\t\t\t\t\t\t\t\t\t\t\t\t\t\t\t\t\t<\/div>\n\t\t\t\t\t\t\t\t\t<\/div>\n\t\t\t\t\t\t\t\t<\/div>\n\t\t\t\t\t\t\t\t<\/block-accordion-item>\n\t\t\t\t\t\t\t\t\t\t\t\t\t\t<block-accordion-item inline-template item-headline=\"Stephan Krawczyk\">\n\t\t\t\t\t\t\t\t<div ref=\"item\" data-id=\"StephanKrawczyk\" class=\"block-accordion-item vue-initialize\" aria-expanded=\"false\" :aria-expanded=\"active ? 'true' : 'false'\">\n\t\t\t\t\t\t\t\t\t<button class=\"accordion-button-with-icon block-accordion-item-head\" :class=\"{'button-active': active}\" ref=\"head\" aria-controls=\"acc_69f17beb37dad\" id=\"acc_title_69f17beb37daf\" @click=\"toggle\" @keydown=\"key\">\n\t\t\t\t\t\t\t\t\t<div><span class=\"button-label\">Stephan Krawczyk<\/span><\/div><span class=\"button-icon icon-plus\" aria-hidden=\"true\"><\/span>\n\t\t\t\t\t\t\t\t<\/button>\n\t\t\t\t\t\t\t\t\t<div ref=\"body\" class=\"block-accordion-item-content\" id=\"acc_69f17beb37dad\" role=\"region\">\n\t\t\t\t\t\t\t\t\t\t<div class=\"wrapper copy\">\n\t\t\t\t\t\t\t\t\t\t\t<p>Stephan Krawczyk was born on New Year&#8217;s Eve 1955 in Weida, Thuringia. After graduating from high school and studying concert guitar at the Franz Liszt Academy in Weimar, he has been a freelance singer since 1980. In 1981, he won the National Chanson Competition of the GDR and moved to Berlin in 1984. In the same year he began to write, and the following year he was banned from his profession. Together with Freya Klier, he performs in churches and becomes a symbolic figure of the GDR citizens&#8217; movement. On 17 January 1988, the Stasi arrested the opposition artist and deported him to the West 16 days later.<\/p>\n<p>In the same year, now in West Berlin, Krawczyk founded the citizens&#8217; initiative \u201cCFC Stop! Every day counts\u201d. Concert tours take him through German-speaking Western Europe, to North America, France, Spain and Italy. He writes the book \u2018SCH\u00d6NE WUNDE WELT\u2019, which is published in the year of reunification.<\/p>\n<p>In addition to his ongoing concert activities, he writes his first novel \u2018Das irdische Kind\u2019, which is published in 1996. Since then, various publications in the musical and literary field, travelling, tours.<\/p>\n\n\t\t\t\t\t\t\t\t\t\t\t\t\t\t\t\t\t\t\t\t\t\t\t\t\t\t\t\t\t\t\t\t\t\n\t\t\t\t\t\t\t\t\t\t\t<div class=\"row\">\n\t\t\t\t\t\t\t\t\t\t\t\t<div class=\"col-xs-9 col-md-9\">\n\t\t\t\t\t\t\t\t\t\t\t\t\t<div class=\"box\">\n\t\t\t\t\t\t\t\t\t\t\t\t\t\t\t\t\t\t\t\t\t\t\t\t\t\t\t<\/div>\n\t\t\t\t\t\t\t\t\t\t\t\t<\/div>\n\t\t\t\t\t\t\t\t\t\t\t<\/div>\n\n\t\t\t\t\t\t\t\t\t\t\t\t\t\t\t\t\t\t\t\t\t<\/div>\n\t\t\t\t\t\t\t\t\t<\/div>\n\t\t\t\t\t\t\t\t<\/div>\n\t\t\t\t\t\t\t\t<\/block-accordion-item>\n\t\t\t\t\t\t\t\t\t\t\t\t\t\t<block-accordion-item inline-template item-headline=\"Prof. Hedwig Richter \">\n\t\t\t\t\t\t\t\t<div ref=\"item\" data-id=\"ProfHedwigRichter\" class=\"block-accordion-item vue-initialize\" aria-expanded=\"false\" :aria-expanded=\"active ? 'true' : 'false'\">\n\t\t\t\t\t\t\t\t\t<button class=\"accordion-button-with-icon block-accordion-item-head\" :class=\"{'button-active': active}\" ref=\"head\" aria-controls=\"acc_69f17beb3810b\" id=\"acc_title_69f17beb3810d\" @click=\"toggle\" @keydown=\"key\">\n\t\t\t\t\t\t\t\t\t<div><span class=\"button-label\">Prof. Hedwig Richter <\/span><\/div><span class=\"button-icon icon-plus\" aria-hidden=\"true\"><\/span>\n\t\t\t\t\t\t\t\t<\/button>\n\t\t\t\t\t\t\t\t\t<div ref=\"body\" class=\"block-accordion-item-content\" id=\"acc_69f17beb3810b\" role=\"region\">\n\t\t\t\t\t\t\t\t\t\t<div class=\"wrapper copy\">\n\t\t\t\t\t\t\t\t\t\t\t<p>Hedwig Richter is Professor of Modern and Contemporary History at the University of the Federal Armed Forces in Munich. She has received numerous awards for her research, including the Democracy Foundation Prize and the Anna Kr\u00fcger Prize of the Wissenschaftskolleg zu Berlin. Her books and regular contributions to various newspapers (including SZ and FAZ) have made her well-known to a large readership.<\/p>\n\n\t\t\t\t\t\t\t\t\t\t\t\t\t\t\t\t\t\t\t\t\t\t\t\t\t\t\t\t\t\t\t\t\t\n\t\t\t\t\t\t\t\t\t\t\t<div class=\"row\">\n\t\t\t\t\t\t\t\t\t\t\t\t<div class=\"col-xs-9 col-md-9\">\n\t\t\t\t\t\t\t\t\t\t\t\t\t<div class=\"box\">\n\t\t\t\t\t\t\t\t\t\t\t\t\t\t\t\t\t\t\t\t\t\t\t\t\t\t\t<\/div>\n\t\t\t\t\t\t\t\t\t\t\t\t<\/div>\n\t\t\t\t\t\t\t\t\t\t\t<\/div>\n\n\t\t\t\t\t\t\t\t\t\t\t\t\t\t\t\t\t\t\t\t\t<\/div>\n\t\t\t\t\t\t\t\t\t<\/div>\n\t\t\t\t\t\t\t\t<\/div>\n\t\t\t\t\t\t\t\t<\/block-accordion-item>\n\t\t\t\t\t\t\t\t\t\t\t\t\t\t<block-accordion-item inline-template item-headline=\"Prof. Andreas R\u00f6dder\">\n\t\t\t\t\t\t\t\t<div ref=\"item\" data-id=\"ProfAndreasRdder\" class=\"block-accordion-item vue-initialize\" aria-expanded=\"false\" :aria-expanded=\"active ? 'true' : 'false'\">\n\t\t\t\t\t\t\t\t\t<button class=\"accordion-button-with-icon block-accordion-item-head\" :class=\"{'button-active': active}\" ref=\"head\" aria-controls=\"acc_69f17beb3846c\" id=\"acc_title_69f17beb3846e\" @click=\"toggle\" @keydown=\"key\">\n\t\t\t\t\t\t\t\t\t<div><span class=\"button-label\">Prof. Andreas R\u00f6dder<\/span><\/div><span class=\"button-icon icon-plus\" aria-hidden=\"true\"><\/span>\n\t\t\t\t\t\t\t\t<\/button>\n\t\t\t\t\t\t\t\t\t<div ref=\"body\" class=\"block-accordion-item-content\" id=\"acc_69f17beb3846c\" role=\"region\">\n\t\t\t\t\t\t\t\t\t\t<div class=\"wrapper copy\">\n\t\t\t\t\t\t\t\t\t\t\t<p>Andreas R\u00f6dder is Professor of Modern History at Johannes Gutenberg University Mainz and Director of the R21 think tank. He is currently Helmut Schmidt Distinguished Visiting Professor at Johns Hopkins University in Washington. He was a fellow at the Historisches Kolleg in Munich and a visiting professor at Brandeis University near Boston, Mass., and at the London School of Economics. R\u00f6dder has published six monographs, including \u201821.0. A Brief History of the Present\u2019 (2015) and \u2018Wer hat Angst vor Deutschland? Geschichte eines europ\u00e4ischen Problems\u2019 (2018), as well as the political pamphlet \u201cKonservativ 21.0. Eine Agenda f\u00fcr Deutschland\u201d (2019). Andreas R\u00f6dder regularly comments on social and political issues as a talk show guest, interview partner and author in national and international media; he is a member of the board of the Konrad Adenauer Foundation and President of the Stresemann Society.<\/p>\n\n\t\t\t\t\t\t\t\t\t\t\t\t\t\t\t\t\t\t\t\t\t\t\t\t\t\t\t\t\t\t\t\t\t\n\t\t\t\t\t\t\t\t\t\t\t<div class=\"row\">\n\t\t\t\t\t\t\t\t\t\t\t\t<div class=\"col-xs-9 col-md-9\">\n\t\t\t\t\t\t\t\t\t\t\t\t\t<div class=\"box\">\n\t\t\t\t\t\t\t\t\t\t\t\t\t\t\t\t\t\t\t\t\t\t\t\t\t\t\t<\/div>\n\t\t\t\t\t\t\t\t\t\t\t\t<\/div>\n\t\t\t\t\t\t\t\t\t\t\t<\/div>\n\n\t\t\t\t\t\t\t\t\t\t\t\t\t\t\t\t\t\t\t\t\t<\/div>\n\t\t\t\t\t\t\t\t\t<\/div>\n\t\t\t\t\t\t\t\t<\/div>\n\t\t\t\t\t\t\t\t<\/block-accordion-item>\n\t\t\t\t\t\t\t\t\t\t\t\t\t\t<block-accordion-item inline-template item-headline=\"Markus Dichmann \u2013 Moderation\">\n\t\t\t\t\t\t\t\t<div ref=\"item\" data-id=\"MarkusDichmannModeration\" class=\"block-accordion-item vue-initialize\" aria-expanded=\"false\" :aria-expanded=\"active ? 'true' : 'false'\">\n\t\t\t\t\t\t\t\t\t<button class=\"accordion-button-with-icon block-accordion-item-head\" :class=\"{'button-active': active}\" ref=\"head\" aria-controls=\"acc_69f17beb387da\" id=\"acc_title_69f17beb387dc\" @click=\"toggle\" @keydown=\"key\">\n\t\t\t\t\t\t\t\t\t<div><span class=\"button-label\">Markus Dichmann \u2013 Moderation<\/span><\/div><span class=\"button-icon icon-plus\" aria-hidden=\"true\"><\/span>\n\t\t\t\t\t\t\t\t<\/button>\n\t\t\t\t\t\t\t\t\t<div ref=\"body\" class=\"block-accordion-item-content\" id=\"acc_69f17beb387da\" role=\"region\">\n\t\t\t\t\t\t\t\t\t\t<div class=\"wrapper copy\">\n\t\t\t\t\t\t\t\t\t\t\t<p>Markus Dichmann, born in 1987, is a freelance author, reporter and presenter on Deutschlandradio programmes. He presents the weekly magazine programme \u2018Eine Stunde History\u2019 for Deutschlandfunk Nova, which won the German Podcast Award in 2019 and was nominated for the German Radio Award in 2017. For his work as an author and reporter, often on historical topics, he won the Franco-German Journalism Prize and was nominated for the German-Polish Tadeusz Mazowiecki Prize. As a Johannes Rau scholarship holder, he worked as a freelance correspondent in Istanbul. He completed a traineeship at Deutschlandradio, studied Communication Science, Politics &amp; Law at the Westf\u00e4lische Wilhelms-Universit\u00e4t M\u00fcnster, and has previously worked in print, radio and television (WAZ, ZDF, Deutschlandfunk).<\/p>\n\n\t\t\t\t\t\t\t\t\t\t\t\t\t\t\t\t\t\t\t\t\t\t\t\t\t\t\t\t\t\t\t\t\t\n\t\t\t\t\t\t\t\t\t\t\t<div class=\"row\">\n\t\t\t\t\t\t\t\t\t\t\t\t<div class=\"col-xs-9 col-md-9\">\n\t\t\t\t\t\t\t\t\t\t\t\t\t<div class=\"box\">\n\t\t\t\t\t\t\t\t\t\t\t\t\t\t\n\t<lazy-media-inline inline-template>\n\t\t<figure itemscope itemtype=\"http:\/\/schema.org\/ImageObject\" class=\"lazy-media-inline \" role=\"group\" id=\"media_69f17beb38f13\" aria-labelledby=\"desc_media_69f17beb38f13\">\n\t\t\t<script type=\"application\/json\" ref=\"data\">\n\t\t\t\t{\n\t\t\t\t\"sizes\" : {\"medium\":{\"file\":\"SHF_eb00227347-300x200.jpg\",\"width\":300,\"height\":200,\"mime-type\":\"image\\\/jpeg\",\"filesize\":6264},\"large\":{\"file\":\"SHF_eb00227347-1024x682.jpg\",\"width\":1024,\"height\":682,\"mime-type\":\"image\\\/jpeg\",\"filesize\":45649},\"thumbnail\":{\"file\":\"SHF_eb00227347-150x150.jpg\",\"width\":150,\"height\":150,\"mime-type\":\"image\\\/jpeg\",\"filesize\":3906},\"medium_large\":{\"file\":\"SHF_eb00227347-768x512.jpg\",\"width\":768,\"height\":512,\"mime-type\":\"image\\\/jpeg\",\"filesize\":27621},\"small\":{\"file\":\"SHF_eb00227347-440x293.jpg\",\"width\":440,\"height\":293,\"mime-type\":\"image\\\/jpeg\",\"filesize\":11276},\"semi\":{\"file\":\"SHF_eb00227347-580x387.jpg\",\"width\":580,\"height\":387,\"mime-type\":\"image\\\/jpeg\",\"filesize\":17537},\"mobile\":{\"file\":\"SHF_eb00227347-720x480.jpg\",\"width\":720,\"height\":480,\"mime-type\":\"image\\\/jpeg\",\"filesize\":24758},\"original\":{\"file\":\"SHF_eb00227347.jpg\",\"width\":1280,\"height\":853}},\n\t\t\t\t\"alt\" : \"Portr\\u00e4t Markus Dichmann\",\n\t\t\t\t\"path\" : \"\\\/wp-content\\\/uploads\\\/2024\\\/07\\\/\",\n\t\t\t\t\"video\" : null,\n\t\t\t\t\"autoplay\" : null,\n\t\t\t\t\"youtube\" : null,\n\t\t\t\t\"youtubelabel\" : \"Play video\",\n\t\t\t\t\"brightness\" : 100,\n\t\t\t\t\"crop\" : null,\n\t\t\t\t\"background\" : false,\n\t\t\t\t\"scale\" : 1\t\t\t\t}\n\t\t\t<\/script>\n\n\t\t\t<div class=\"height-container\" style=\"padding-bottom:66.640625%;\" v-if=\"sizes\">\n\t\t\t\t\t\t\t\t<lazy-media :inline=\"true\" :alt=\"alt\" :sizes=\"sizes\" :scale=\"scale\" :brightness=\"brightness\" :path=\"path\" :video=\"video\" :autoplay=\"autoplay\" :youtube=\"youtube\" :crop=\"crop\" :youtubelabel=\"youtubelabel\" :background=\"background\" media-id=\"desc_media_69f17beb38f13\"><\/lazy-media>\n\t\t\t\t\t\t\t<\/div>\n\n\t\t\t\t\t\t\t<figcaption class=\"\" id=\"desc_media_69f17beb38f13\">\n\t\t\t\t\t<div class=\"lazy-media-info-body-content\">\n\t\t\t\t\t\t\t\t\t\t\t\t\t<div>MARKUS DICHMANN, Funkhaus K&ouml;ln, 27.07.2017<\/div>\n\t\t\t\t\t\t\t\t\t\t\t\t\t\t\t\t\t\t\t<div>Markus Dichmann <\/div>\n\t\t\t\t\t\t\t\t\t\t\t\t\t\t\t\t\t\t\t<div class=\"insignificant\">\u00a9 Bettina F\u00fcrst-Fastr\u00e9<\/div>\n\t\t\t\t\t\t\t\t\t\t\t<\/div>\n\t\t\t\t<\/figcaption>\n\t\t\t\t\t\t\t\t\t<\/figure>\n\t<\/lazy-media-inline>\n\t\t\t\t\t\t\t\t\t\t\t\t\t<\/div>\n\t\t\t\t\t\t\t\t\t\t\t\t<\/div>\n\t\t\t\t\t\t\t\t\t\t\t<\/div>\n\n\t\t\t\t\t\t\t\t\t\t\t\t\t\t\t\t\t\t\t\t\t<\/div>\n\t\t\t\t\t\t\t\t\t<\/div>\n\t\t\t\t\t\t\t\t<\/div>\n\t\t\t\t\t\t\t\t<\/block-accordion-item>\n\t\t\t\t\t\t\t\t\t\t\t\t\t\t<block-accordion-item inline-template item-headline=\"Dr. Matthias von Hellfeld \u2013 Moderation\">\n\t\t\t\t\t\t\t\t<div ref=\"item\" data-id=\"DrMatthiasvonHellfeldModeration\" class=\"block-accordion-item vue-initialize\" aria-expanded=\"false\" :aria-expanded=\"active ? 'true' : 'false'\">\n\t\t\t\t\t\t\t\t\t<button class=\"accordion-button-with-icon block-accordion-item-head\" :class=\"{'button-active': active}\" ref=\"head\" aria-controls=\"acc_69f17beb3917d\" id=\"acc_title_69f17beb3917f\" @click=\"toggle\" @keydown=\"key\">\n\t\t\t\t\t\t\t\t\t<div><span class=\"button-label\">Dr. Matthias von Hellfeld \u2013 Moderation<\/span><\/div><span class=\"button-icon icon-plus\" aria-hidden=\"true\"><\/span>\n\t\t\t\t\t\t\t\t<\/button>\n\t\t\t\t\t\t\t\t\t<div ref=\"body\" class=\"block-accordion-item-content\" id=\"acc_69f17beb3917d\" role=\"region\">\n\t\t\t\t\t\t\t\t\t\t<div class=\"wrapper copy\">\n\t\t\t\t\t\t\t\t\t\t\t<p>Dr Matthias von Hellfeld, born in 1954, has been a freelance journalist and historian since 1978. He works as a presenter and editor at ARD and is currently the editor in charge of the magazine programme \u2018Eine Stunde History\u2019 at Deutschlandfunk Nova. Von Hellfeld has worked on numerous radio features and TV documentaries. He is also a lecturer at various universities and training academies and the author of more than 25 non-fiction books on European and German history. In 1984, he won the Carl von Ossietzky Prize of the City of Oldenburg, was nominated for the German Radio Prize in 2017 and received the German Podcast Prize in 2019.<\/p>\n\n\t\t\t\t\t\t\t\t\t\t\t\t\t\t\t\t\t\t\t\t\t\t\t\t\t\t\t\t\t\t\t\t\t\n\t\t\t\t\t\t\t\t\t\t\t<div class=\"row\">\n\t\t\t\t\t\t\t\t\t\t\t\t<div class=\"col-xs-9 col-md-9\">\n\t\t\t\t\t\t\t\t\t\t\t\t\t<div class=\"box\">\n\t\t\t\t\t\t\t\t\t\t\t\t\t\t\t\t\t\t\t\t\t\t\t\t\t\t\t<\/div>\n\t\t\t\t\t\t\t\t\t\t\t\t<\/div>\n\t\t\t\t\t\t\t\t\t\t\t<\/div>\n\n\t\t\t\t\t\t\t\t\t\t\t\t\t\t\t\t\t\t\t\t\t<\/div>\n\t\t\t\t\t\t\t\t\t<\/div>\n\t\t\t\t\t\t\t\t<\/div>\n\t\t\t\t\t\t\t\t<\/block-accordion-item>\n\t\t\t\t\t\t\t\t\t\t\t\t\t\t<block-accordion-item inline-template item-headline=\"Steffi Orbach \u2013 Moderation\">\n\t\t\t\t\t\t\t\t<div ref=\"item\" data-id=\"SteffiOrbachModeration\" class=\"block-accordion-item vue-initialize\" aria-expanded=\"false\" :aria-expanded=\"active ? 'true' : 'false'\">\n\t\t\t\t\t\t\t\t\t<button class=\"accordion-button-with-icon block-accordion-item-head\" :class=\"{'button-active': active}\" ref=\"head\" aria-controls=\"acc_69f17beb394b6\" id=\"acc_title_69f17beb394b8\" @click=\"toggle\" @keydown=\"key\">\n\t\t\t\t\t\t\t\t\t<div><span class=\"button-label\">Steffi Orbach \u2013 Moderation<\/span><\/div><span class=\"button-icon icon-plus\" aria-hidden=\"true\"><\/span>\n\t\t\t\t\t\t\t\t<\/button>\n\t\t\t\t\t\t\t\t\t<div ref=\"body\" class=\"block-accordion-item-content\" id=\"acc_69f17beb394b6\" role=\"region\">\n\t\t\t\t\t\t\t\t\t\t<div class=\"wrapper copy\">\n\t\t\t\t\t\t\t\t\t\t\t<p>Steffi Orbach was lucky enough to realise early on that she wanted to work as a journalist. After starting out in print journalism, she worked in various positions in radio and television before joining WDR as a trainee. She worked for ZDF&#8217;s children&#8217;s news programme \u2018logo!\u2019 for several years, has been writing and broadcasting news for all WDR channels for more than 20 years and presents the media magazine \u2018T\u00f6ne, Texte, Bilder\u2019 on WDR 5. She was a presenter on Deutschlandfunk Nova&#8217;s daily programme for many years. Today she presents \u2018Deutschland heute\u2019 on DLF and has hosted the podcast \u2018Eine Stunde History\u2019 since 2023.<\/p>\n<p>She lives in Cologne with her husband, two children and dachshund Toni.<\/p>\n\n\t\t\t\t\t\t\t\t\t\t\t\t\t\t\t\t\t\t\t\t\t\t\t\t\t\t\t\t\t\t\t\t\t\n\t\t\t\t\t\t\t\t\t\t\t<div class=\"row\">\n\t\t\t\t\t\t\t\t\t\t\t\t<div class=\"col-xs-9 col-md-9\">\n\t\t\t\t\t\t\t\t\t\t\t\t\t<div class=\"box\">\n\t\t\t\t\t\t\t\t\t\t\t\t\t\t\n\t<lazy-media-inline inline-template>\n\t\t<figure itemscope itemtype=\"http:\/\/schema.org\/ImageObject\" class=\"lazy-media-inline \" role=\"group\" id=\"media_69f17beb39a8d\" aria-labelledby=\"desc_media_69f17beb39a8d\">\n\t\t\t<script type=\"application\/json\" ref=\"data\">\n\t\t\t\t{\n\t\t\t\t\"sizes\" : {\"medium\":{\"file\":\"SHF_eb00228189-300x300.jpg\",\"width\":300,\"height\":300,\"mime-type\":\"image\\\/jpeg\",\"filesize\":11956},\"large\":{\"file\":\"SHF_eb00228189-1021x1024.jpg\",\"width\":1021,\"height\":1024,\"mime-type\":\"image\\\/jpeg\",\"filesize\":88948},\"thumbnail\":{\"file\":\"SHF_eb00228189-150x150.jpg\",\"width\":150,\"height\":150,\"mime-type\":\"image\\\/jpeg\",\"filesize\":4602},\"medium_large\":{\"file\":\"SHF_eb00228189-768x770.jpg\",\"width\":768,\"height\":770,\"mime-type\":\"image\\\/jpeg\",\"filesize\":55462},\"small\":{\"file\":\"SHF_eb00228189-440x440.jpg\",\"width\":440,\"height\":440,\"mime-type\":\"image\\\/jpeg\",\"filesize\":21855},\"semi\":{\"file\":\"SHF_eb00228189-578x580.jpg\",\"width\":578,\"height\":580,\"mime-type\":\"image\\\/jpeg\",\"filesize\":34635},\"mobile\":{\"file\":\"SHF_eb00228189-718x720.jpg\",\"width\":718,\"height\":720,\"mime-type\":\"image\\\/jpeg\",\"filesize\":49274},\"original\":{\"file\":\"SHF_eb00228189.jpg\",\"width\":1276,\"height\":1280}},\n\t\t\t\t\"alt\" : \"Portrait \",\n\t\t\t\t\"path\" : \"\\\/wp-content\\\/uploads\\\/2024\\\/07\\\/\",\n\t\t\t\t\"video\" : null,\n\t\t\t\t\"autoplay\" : null,\n\t\t\t\t\"youtube\" : null,\n\t\t\t\t\"youtubelabel\" : \"Play video\",\n\t\t\t\t\"brightness\" : 100,\n\t\t\t\t\"crop\" : null,\n\t\t\t\t\"background\" : false,\n\t\t\t\t\"scale\" : 1\t\t\t\t}\n\t\t\t<\/script>\n\n\t\t\t<div class=\"height-container\" style=\"padding-bottom:100.31347962382%;\" v-if=\"sizes\">\n\t\t\t\t\t\t\t\t<lazy-media :inline=\"true\" :alt=\"alt\" :sizes=\"sizes\" :scale=\"scale\" :brightness=\"brightness\" :path=\"path\" :video=\"video\" :autoplay=\"autoplay\" :youtube=\"youtube\" :crop=\"crop\" :youtubelabel=\"youtubelabel\" :background=\"background\" media-id=\"desc_media_69f17beb39a8d\"><\/lazy-media>\n\t\t\t\t\t\t\t<\/div>\n\n\t\t\t\t\t\t\t<figcaption class=\"\" id=\"desc_media_69f17beb39a8d\">\n\t\t\t\t\t<div class=\"lazy-media-info-body-content\">\n\t\t\t\t\t\t\t\t\t\t\t\t\t<div>Steffi Orbach<\/div>\n\t\t\t\t\t\t\t\t\t\t\t\t\t\t\t\t\t\t\t<div>Steffi Orbach <\/div>\n\t\t\t\t\t\t\t\t\t\t\t\t\t\t\t\t\t\t\t<div class=\"insignificant\">\u00a9 Steffi Orbach<\/div>\n\t\t\t\t\t\t\t\t\t\t\t<\/div>\n\t\t\t\t<\/figcaption>\n\t\t\t\t\t\t\t\t\t<\/figure>\n\t<\/lazy-media-inline>\n\t\t\t\t\t\t\t\t\t\t\t\t\t<\/div>\n\t\t\t\t\t\t\t\t\t\t\t\t<\/div>\n\t\t\t\t\t\t\t\t\t\t\t<\/div>\n\n\t\t\t\t\t\t\t\t\t\t\t\t\t\t\t\t\t\t\t\t\t<\/div>\n\t\t\t\t\t\t\t\t\t<\/div>\n\t\t\t\t\t\t\t\t<\/div>\n\t\t\t\t\t\t\t\t<\/block-accordion-item>\n\t\t\t\t\t\t\t\t\t\t\t\t\t<\/div>\n\t\t\t\t\t\t<\/block-accordion>\n\t\t\t\t\t\t\t\t\t<\/div>\n\t\t\t<\/div>\n\t\t<\/div>\n\t<\/div>\n<\/section>\n\n\n<section class=\"block block-headline block-no-margin \" >\n\t<div class=\"container-fluid\">\n\t\t<div class=\"row\">\n\t\t\t\t\t\t\t<div class=\"col-xs-12 col-md-offset-2 col-md-8\">\n\t\t\t\t\t<div class=\"box\">\n\t\t\t\t\t\t<h2 class=\".h4\">Partner<\/h2>\n\t\t\t\t\t<\/div>\n\t\t\t\t<\/div>\n\t\t\t\t\t<\/div>\n\t<\/div>\n<\/section>\n\n\n\n\n<section class=\"block block-logos\" >\n    <div class=\"container-fluid\">\n\t\t<div class=\"row\">\n\t\t\t<div class=\"col-xs-12 col-sm-8 col-sm-offset-2\">\n\t\t\t\t<div class=\"box\">\n\t\t\t\t\t<div class=\"row  middle-xs\">\n\t\t\t\t\t\t\n\t\t\t\t\t\t<div class=\"col-xs-4 col-sm-3 col-sm-2\">\n\t\t\t\t\t\t\t<div class=\"box margin-sixth-top\">\n\t\t\t\t\t\t\t\t<img decoding=\"async\" alt=\"DLF Nova Eine Stunde History\" src=\"https:\/\/www.humboldtforum.org\/wp-content\/uploads\/2024\/05\/SHF_eb00224016.jpg\" style=\"display: inline-block; width: 100%\" \/>\n\t\t\t\t\t\t\t<\/div>\n\t\t\t\t\t\t<\/div>\n\t\t\t\t\t\t\t\t\t\t\t<\/div>\n\t\t\t\t<\/div>\n\t\t\t<\/div>\n        <\/div>\n    <\/div>\n<\/section>\n\n\n<section class=\"block block-teaser col-1 has-bg\" style=\"--teaser-bg:#f2f2f2\">\n\t<lazy-component :fixed-min-height=\"400\">\n\t\n\t\t\t\t\t<div class=\"container-fluid\">\n\t\t\t\t<div class=\"row bottom-xs\">\n\t\t\t\t\t<div class=\"col-xs-12 col-sm-10 col-md-8 col-sm-offset-1 col-md-offset-2\">\n\t\t\t\t\t\t<h4>part of<\/h4>\t\t\t\t\t\t\t\t\t\t\t\t\t\t\t\t\t\t\t<\/div>\n\t\t\t\t\t<div class=\"col-xs-12 col-sm-10 col-md-8 col-sm-offset-1 col-md-offset-2 start-xs end-md margin-bottom-sixth\">\n\t\t\t\t\t\t\t\t\t\t\t<\/div>\n\t\t\t\t<\/div>\n\t\t\t\t<ul class=\"row\">\n\t\t\t\n<li class=\"col-xs-12 teaser-wrapper col-padding-remove\">\n\t<calendarteaser key=\"13233322075\" rawitem='{&quot;postId&quot;:132333,&quot;title&quot;:&quot;Transform!&quot;,&quot;excerpt&quot;:&quot;&quot;,&quot;slug&quot;:&quot;transform&quot;,&quot;post_date&quot;:&quot;2024-03-15T15:10&quot;,&quot;type&quot;:&quot;event-multi&quot;,&quot;permalink&quot;:&quot;https:\\\/\\\/www.humboldtforum.org\\\/en\\\/programm\\\/event\\\/themed-day\\\/transform-132333\\\/&quot;,&quot;genre&quot;:[1418],&quot;genre_details&quot;:[{&quot;text&quot;:&quot;Themed day&quot;,&quot;id&quot;:1418,&quot;icon&quot;:null,&quot;parent&quot;:0}],&quot;stakeholder&quot;:[595],&quot;stakeholder_details&quot;:[{&quot;text&quot;:&quot;Stiftung Humboldt Forum im Berliner Schloss&quot;,&quot;id&quot;:595,&quot;icon&quot;:null,&quot;parent&quot;:0}],&quot;language&quot;:[579],&quot;language_details&quot;:[{&quot;text&quot;:&quot;German&quot;,&quot;id&quot;:579,&quot;icon&quot;:null,&quot;parent&quot;:0}],&quot;place&quot;:[1045,884,1180,1559],&quot;place_details&quot;:{&quot;place&quot;:&quot;Humboldt Forum&quot;,&quot;map&quot;:&quot;Humboldt Forum, Schlossplatz, Berlin&quot;,&quot;room&quot;:&quot;Foyer, Ground Floor, Hall 2, Hall 1, Ground Floor&quot;},&quot;icon_overwrite&quot;:&quot;&quot;,&quot;acf&quot;:{&quot;times&quot;:[],&quot;planning&quot;:{&quot;price&quot;:&quot;Various offers free of charge&quot;,&quot;admission&quot;:&quot;&quot;,&quot;pause&quot;:&quot;&quot;,&quot;duration&quot;:&quot;&quot;,&quot;status&quot;:&quot;BUY&quot;,&quot;info&quot;:&quot;&quot;,&quot;shop&quot;:&quot;&quot;,&quot;can_purchase&quot;:false},&quot;additional_info&quot;:{&quot;icon&quot;:&quot;0&quot;,&quot;text&quot;:&quot;W\\u00e4hrend der Thementage: 50% Erm\\u00e4\\u00dfigung auf das Tagesticket f\\u00fcr die Ausstellung \\&quot;Hin und Weg. Der Palast der Republik ist Gegenwart\\&quot;&quot;},&quot;highlight_header&quot;:true,&quot;use_video_in_teasers&quot;:false,&quot;hyphenation&quot;:true,&quot;tipp&quot;:false,&quot;joker&quot;:false,&quot;live&quot;:false,&quot;hide_event_in_program&quot;:false,&quot;has_mobile_format&quot;:true,&quot;highlight_header_image&quot;:135113,&quot;noindex&quot;:false,&quot;keywords&quot;:&quot;&quot;,&quot;belongsto&quot;:[119504],&quot;shorturl&quot;:&quot;&quot;,&quot;events&quot;:{&quot;0&quot;:128815,&quot;1&quot;:135212,&quot;2&quot;:135218,&quot;3&quot;:135228,&quot;4&quot;:135240,&quot;5&quot;:135245,&quot;6&quot;:135254,&quot;7&quot;:133775,&quot;8&quot;:135622,&quot;9&quot;:135660,&quot;10&quot;:135672,&quot;11&quot;:136030,&quot;12&quot;:136452,&quot;16&quot;:137475,&quot;17&quot;:137507,&quot;18&quot;:137611,&quot;19&quot;:137652,&quot;20&quot;:137863,&quot;21&quot;:137881},&quot;highlight_header_image_mobile&quot;:135116,&quot;tickettext&quot;:&quot;Tickets are required for some events. The prices are noted in the respective program offers.&quot;,&quot;subline&quot;:&quot;Talking about Post-1989 Germany&quot;},&quot;date&quot;:{&quot;NX&quot;:null,&quot;NXX&quot;:null,&quot;NLAST&quot;:&quot;202410060700&quot;,&quot;from_DATE&quot;:&quot;20241003 15:00&quot;,&quot;from&quot;:1727953200,&quot;to&quot;:1728198000,&quot;to_DATE&quot;:&quot;20241006 11:00&quot;,&quot;from_HRFSHORT&quot;:&quot; 3 Oct 2024&quot;,&quot;from_HRFSHORT_WD&quot;:&quot;Thu 03\\\/10\\\/2024&quot;,&quot;to_HRFSHORT&quot;:&quot; 6 Oct 2024&quot;,&quot;to_HRFSHORT_WD&quot;:&quot;Sun 06\\\/10\\\/2024&quot;,&quot;from_HRF&quot;:&quot;Thu,  3 October 2024&quot;,&quot;to_HRF&quot;:&quot;Sun,  6 October 2024&quot;,&quot;from_to_HRF&quot;:&quot;Thu,  3 October \\u2013 Sun,  6 October 2024&quot;,&quot;from_to_HRFSHORT&quot;:&quot; 3 Oct \\u2013  6 Oct 2024&quot;},&quot;alert&quot;:&quot;Highlight&quot;,&quot;partof&quot;:[],&quot;marketing_topic&quot;:{&quot;title&quot;:&quot;Blown Away: The Palace of the Republic&quot;,&quot;ID&quot;:119504,&quot;reason&quot;:&quot;belongsto&quot;}}' inline-template>\n\t<a href=\"https:\/\/www.humboldtforum.org\/en\/programm\/event\/themed-day\/transform-132333\/\" class=\"teaser teaser-event-multi teaser-event-standard\">\n\t\t<div class=\"row\">\n\t\t\t<div class=\"col-xs-12 col-sm-6 col-md-5 col-sm-offset-1 col-md-offset-2 first-sm teaser-event-text Infos\">\n\t\t\t\t<div class=\"teaser-event-standard-text\">\n\t\t\t\t\t<div class=\"margin-bottom-atom\">\n\t\t\t\t\t\t<div class=\"subline clamp-1\" v-html=\"maingenre\"><\/div>\n\t\t\t\t\t\t\t\t\t\t\t\t\t<div class=\"insignificant clamp-2\">Blown Away: The Palace of the Republic<\/div>\n\t\t\t\t\t\t\t\t\t\t\t<\/div>\n\t\t\t\t\n\t\t\t\t\t<strong class=\"margin-bottom-atom h5\">Transform!<\/strong>\n\n\t\t\t\t\t\t\t\t\t\t\t<div class=\"\">Talking about Post-1989 Germany<\/div>\n\t\t\t\t\t\t\t\t\t<\/div>\n\t\t\t\t<div class=\"teaser-bottom border-bottom\">\n\t\t\t\t<calendardateline :rawitem='item' :show-icon=\"true\"><\/calendardateline>\n\t\t\t\t\t<hr>\n\t\t\t\t<\/div>\n\t\t\t<\/div>\n\t\t\t<div class=\"col-xs-12 col-sm-4 col-md-3 teaser-event-image bottom-xs first-xs\">\n\t\t\t\t<div class=\"teaser-image teaser-image-no-alternate\">\n\t\t\t\t\t\t\t\t\t\t\t\t\t<span class=\"alert\">Highlight<\/span>\n\t\t\t\t\t\t\t\t\t\t\t\n\t<lazy-media-inline inline-template>\n\t\t<figure itemscope itemtype=\"http:\/\/schema.org\/ImageObject\" class=\"lazy-media-inline \" role=\"group\" id=\"media_69f17beb5aee5\" aria-labelledby=\"desc_media_69f17beb5aee5\">\n\t\t\t<script type=\"application\/json\" ref=\"data\">\n\t\t\t\t{\n\t\t\t\t\"sizes\" : {\"medium\":{\"file\":\"SHF_eb00228711-176x300.jpg\",\"width\":176,\"height\":300,\"mime-type\":\"image\\\/jpeg\",\"filesize\":16764},\"large\":{\"file\":\"SHF_eb00228711-600x1024.jpg\",\"width\":600,\"height\":1024,\"mime-type\":\"image\\\/jpeg\",\"filesize\":140024},\"thumbnail\":{\"file\":\"SHF_eb00228711-150x150.jpg\",\"width\":150,\"height\":150,\"mime-type\":\"image\\\/jpeg\",\"filesize\":8837},\"medium_large\":{\"file\":\"SHF_eb00228711-768x1312.jpg\",\"width\":768,\"height\":1312,\"mime-type\":\"image\\\/jpeg\",\"filesize\":211010},\"small\":{\"file\":\"SHF_eb00228711-258x440.jpg\",\"width\":258,\"height\":440,\"mime-type\":\"image\\\/jpeg\",\"filesize\":33278},\"semi\":{\"file\":\"SHF_eb00228711-340x580.jpg\",\"width\":340,\"height\":580,\"mime-type\":\"image\\\/jpeg\",\"filesize\":53974},\"mobile\":{\"file\":\"SHF_eb00228711-422x720.jpg\",\"width\":422,\"height\":720,\"mime-type\":\"image\\\/jpeg\",\"filesize\":77287},\"hd\":{\"file\":\"SHF_eb00228711-749x1280.jpg\",\"width\":749,\"height\":1280,\"mime-type\":\"image\\\/jpeg\",\"filesize\":203401},\"full\":{\"file\":\"SHF_eb00228711-1124x1920.jpg\",\"width\":1124,\"height\":1920,\"mime-type\":\"image\\\/jpeg\",\"filesize\":393586},\"1536x1536\":{\"file\":\"SHF_eb00228711-899x1536.jpg\",\"width\":899,\"height\":1536,\"mime-type\":\"image\\\/jpeg\",\"filesize\":275356},\"original\":{\"file\":\"SHF_eb00228711.jpg\",\"width\":1171,\"height\":2000}},\n\t\t\t\t\"alt\" : \"Graffiti of a car appearing to break out from a shattered wall, featuring bright colors and highlighted details.\",\n\t\t\t\t\"path\" : \"\\\/wp-content\\\/uploads\\\/2024\\\/03\\\/\",\n\t\t\t\t\"video\" : null,\n\t\t\t\t\"autoplay\" : null,\n\t\t\t\t\"youtube\" : null,\n\t\t\t\t\"youtubelabel\" : \"Play video\",\n\t\t\t\t\"brightness\" : 100,\n\t\t\t\t\"crop\" : null,\n\t\t\t\t\"background\" : true,\n\t\t\t\t\"scale\" : 1\t\t\t\t}\n\t\t\t<\/script>\n\n\t\t\t<div class=\"height-container\" style=\"padding-bottom:170.79419299744%;\" v-if=\"sizes\">\n\t\t\t\t\t\t\t\t<lazy-media :inline=\"true\" :alt=\"alt\" :sizes=\"sizes\" :scale=\"scale\" :brightness=\"brightness\" :path=\"path\" :video=\"video\" :autoplay=\"autoplay\" :youtube=\"youtube\" :crop=\"crop\" :youtubelabel=\"youtubelabel\" :background=\"background\" media-id=\"desc_media_69f17beb5aee5\"><\/lazy-media>\n\t\t\t\t\t\t\t<\/div>\n\n\t\t\t\t\t\t\t<figcaption class=\"sr-only\" ref=\"body\" id=\"desc_media_69f17beb5aee5\">\n\t\t\t\t\t\t\t\t\t\t\t\t\t\t\t\t<div>Keyvisual Thementag &#8211; East Side Gallery Berlin: &quot;Test The Best&quot; von Birgit Kinder <\/div>\n\t\t\t\t\t\t\t\t\t\t\t\t\t\t\t\t<div class=\"insignificant\">\u00a9 Stiftung Humboldt Forum im Berliner Schloss, Foto: picture alliance \/ Hubert Link<\/div>\n\t\t\t\t\t\t\t\t\t<\/figcaption>\n\t\t\t\t\t<\/figure>\n\t<\/lazy-media-inline>\n\t\t\t\t<\/div>\n\t\t\t<\/div>\n\t\t<\/div>\n\t<\/a>\n\t<\/calendarteaser>\n<\/li>\n\n\n<li class=\"col-xs-12 teaser-wrapper col-padding-remove\">\n\t<calendarteaser key=\"1195044740\" rawitem='{&quot;postId&quot;:119504,&quot;title&quot;:&quot;Blown Away: The Palace of the Republic&quot;,&quot;excerpt&quot;:&quot;&quot;,&quot;slug&quot;:&quot;hin-und-weg-der-palast-der-republik-ist-gegenwart&quot;,&quot;post_date&quot;:&quot;2023-12-18T15:27&quot;,&quot;type&quot;:&quot;event-period&quot;,&quot;permalink&quot;:&quot;https:\\\/\\\/www.humboldtforum.org\\\/en\\\/programm\\\/laufzeitangebot\\\/exhibition\\\/hin-und-weg-der-palast-der-republik-ist-gegenwart-119504\\\/&quot;,&quot;genre&quot;:[552,880],&quot;genre_details&quot;:[{&quot;text&quot;:&quot;Exhibition&quot;,&quot;id&quot;:552,&quot;icon&quot;:null,&quot;parent&quot;:0},{&quot;text&quot;:&quot;Programme&quot;,&quot;id&quot;:880,&quot;icon&quot;:null,&quot;parent&quot;:0}],&quot;language&quot;:[580,579],&quot;language_details&quot;:[{&quot;text&quot;:&quot;English&quot;,&quot;id&quot;:580,&quot;icon&quot;:null,&quot;parent&quot;:0},{&quot;text&quot;:&quot;German&quot;,&quot;id&quot;:579,&quot;icon&quot;:null,&quot;parent&quot;:0}],&quot;accessability&quot;:[596],&quot;accessability_details&quot;:[{&quot;text&quot;:&quot;Accessible for wheelchairs&quot;,&quot;id&quot;:596,&quot;icon&quot;:null,&quot;parent&quot;:0}],&quot;place&quot;:[1455],&quot;place_details&quot;:{&quot;place&quot;:&quot;Humboldt Forum&quot;,&quot;map&quot;:&quot;Humboldt Forum, Schlossplatz, Berlin&quot;,&quot;room&quot;:&quot;Special Exhibition 1 + 2, Ground Floor&quot;},&quot;icon_overwrite&quot;:&quot;&quot;,&quot;acf&quot;:{&quot;planning&quot;:{&quot;price&quot;:&quot;12 \\u20ac \\\/ 6 \\u20ac&quot;,&quot;status&quot;:&quot;BUY&quot;,&quot;info&quot;:&quot;&quot;,&quot;shop&quot;:&quot;https:\\\/\\\/tickets.humboldtforum.org\\\/#\\\/tickets\\\/time?museum_id=1&amp;exhibition_id=16&amp;group=day&amp;date=2024-05-17&quot;,&quot;can_purchase&quot;:true},&quot;periods&quot;:[{&quot;label&quot;:&quot;&quot;,&quot;dates&quot;:[{&quot;start&quot;:&quot;202405170000&quot;,&quot;end&quot;:&quot;202502160000&quot;,&quot;has_end&quot;:true,&quot;start_HRFSHORT&quot;:&quot;17\\\/05\\\/24&quot;,&quot;start_HRFSHORT_WD&quot;:&quot;Fri 17\\\/05\\\/2024&quot;,&quot;end_HRFSHORT&quot;:&quot;16\\\/02\\\/25&quot;}],&quot;monday&quot;:[{&quot;start&quot;:&quot;10:30&quot;,&quot;end&quot;:&quot;18:30&quot;,&quot;closed&quot;:false}],&quot;tuesday&quot;:[{&quot;start&quot;:null,&quot;end&quot;:null,&quot;closed&quot;:true}],&quot;wednesday&quot;:[{&quot;start&quot;:&quot;10:30&quot;,&quot;end&quot;:&quot;18:30&quot;,&quot;closed&quot;:false}],&quot;thursday&quot;:[{&quot;start&quot;:&quot;10:30&quot;,&quot;end&quot;:&quot;18:30&quot;,&quot;closed&quot;:false}],&quot;friday&quot;:[{&quot;start&quot;:&quot;10:30&quot;,&quot;end&quot;:&quot;18:30&quot;,&quot;closed&quot;:false}],&quot;saturday&quot;:[{&quot;start&quot;:&quot;10:30&quot;,&quot;end&quot;:&quot;18:30&quot;,&quot;closed&quot;:false}],&quot;sunday&quot;:[{&quot;start&quot;:&quot;10:30&quot;,&quot;end&quot;:&quot;18:30&quot;,&quot;closed&quot;:false}],&quot;info&quot;:&quot;Am Samstag, den 15.6.2024 ist die Ausstellung \\&quot;Hin und weg. Der Palast der Republik ist Gegenwart\\&quot; bis 21:00 ge\\u00f6ffnet&quot;,&quot;description&quot;:&quot;&quot;}],&quot;display_as_single&quot;:false,&quot;additional_info&quot;:{&quot;icon&quot;:&quot;icon-plus&quot;,&quot;text&quot;:&quot;02.02.2025 - Freier Eintritt zur Ausstellung&quot;},&quot;highlight_header&quot;:true,&quot;use_video_in_teasers&quot;:false,&quot;hyphenation&quot;:true,&quot;tipp&quot;:false,&quot;joker&quot;:false,&quot;live&quot;:false,&quot;hide_event_in_program&quot;:false,&quot;featured_images&quot;:[116565],&quot;highlight_header_image&quot;:121964,&quot;has_mobile_format&quot;:false,&quot;noindex&quot;:false,&quot;keywords&quot;:&quot;&quot;,&quot;shorturl&quot;:&quot;pdr_en&quot;,&quot;highlight_header_image_mobile&quot;:121973,&quot;events&quot;:{&quot;0&quot;:122087,&quot;1&quot;:126220,&quot;2&quot;:126444,&quot;3&quot;:126482,&quot;4&quot;:125151,&quot;5&quot;:126838,&quot;6&quot;:126843,&quot;7&quot;:126849,&quot;8&quot;:126863,&quot;9&quot;:126887,&quot;10&quot;:126891,&quot;11&quot;:126916,&quot;12&quot;:126948,&quot;13&quot;:126954,&quot;15&quot;:128047,&quot;16&quot;:127807,&quot;17&quot;:128092,&quot;18&quot;:129227,&quot;19&quot;:129460,&quot;20&quot;:128844,&quot;21&quot;:86152,&quot;22&quot;:132021,&quot;23&quot;:132333,&quot;24&quot;:132520,&quot;27&quot;:134451,&quot;28&quot;:135801,&quot;29&quot;:136030,&quot;30&quot;:136452,&quot;31&quot;:136666,&quot;32&quot;:137475,&quot;33&quot;:137507,&quot;34&quot;:137611,&quot;35&quot;:137652,&quot;36&quot;:137863,&quot;37&quot;:137881,&quot;38&quot;:139386,&quot;39&quot;:139596,&quot;40&quot;:140170,&quot;41&quot;:141231,&quot;42&quot;:141280,&quot;43&quot;:141318,&quot;44&quot;:141374,&quot;45&quot;:141535,&quot;46&quot;:142025,&quot;47&quot;:142031,&quot;48&quot;:142256},&quot;video&quot;:124299,&quot;tickettext&quot;:&quot;Day ticket required&quot;,&quot;infotext&quot;:&quot;Last admission 17:30&quot;,&quot;use_opening_hours_of_the_house&quot;:false,&quot;period_exception&quot;:[{&quot;label&quot;:&quot;&quot;,&quot;date&quot;:&quot;202412240000&quot;,&quot;closed&quot;:true,&quot;start&quot;:null,&quot;end&quot;:null,&quot;date_HRFSHORT&quot;:&quot;24\\\/12\\\/24&quot;},{&quot;label&quot;:&quot;&quot;,&quot;date&quot;:&quot;202412250000&quot;,&quot;closed&quot;:false,&quot;start&quot;:&quot;12:00&quot;,&quot;end&quot;:&quot;18:00&quot;,&quot;date_HRFSHORT&quot;:&quot;25\\\/12\\\/24&quot;},{&quot;label&quot;:&quot;&quot;,&quot;date&quot;:&quot;202412260000&quot;,&quot;closed&quot;:false,&quot;start&quot;:&quot;12:00&quot;,&quot;end&quot;:&quot;18:00&quot;,&quot;date_HRFSHORT&quot;:&quot;26\\\/12\\\/24&quot;},{&quot;label&quot;:&quot;&quot;,&quot;date&quot;:&quot;202412310000&quot;,&quot;closed&quot;:false,&quot;start&quot;:&quot;10:30&quot;,&quot;end&quot;:&quot;16:30&quot;,&quot;date_HRFSHORT&quot;:&quot;31\\\/12\\\/24&quot;},{&quot;label&quot;:&quot;&quot;,&quot;date&quot;:&quot;202501010000&quot;,&quot;closed&quot;:false,&quot;start&quot;:&quot;12:00&quot;,&quot;end&quot;:&quot;18:00&quot;,&quot;date_HRFSHORT&quot;:&quot;01\\\/01\\\/25&quot;},{&quot;label&quot;:&quot;&quot;,&quot;date&quot;:&quot;202410030000&quot;,&quot;closed&quot;:false,&quot;start&quot;:&quot;10:30&quot;,&quot;end&quot;:&quot;21:00&quot;,&quot;date_HRFSHORT&quot;:&quot;03\\\/10\\\/24&quot;},{&quot;label&quot;:&quot;&quot;,&quot;date&quot;:&quot;202410040000&quot;,&quot;closed&quot;:false,&quot;start&quot;:&quot;10:30&quot;,&quot;end&quot;:&quot;21:00&quot;,&quot;date_HRFSHORT&quot;:&quot;04\\\/10\\\/24&quot;},{&quot;label&quot;:&quot;&quot;,&quot;date&quot;:&quot;202410050000&quot;,&quot;closed&quot;:false,&quot;start&quot;:&quot;10:30&quot;,&quot;end&quot;:&quot;21:00&quot;,&quot;date_HRFSHORT&quot;:&quot;05\\\/10\\\/24&quot;}]},&quot;period_list&quot;:&quot;&quot;,&quot;period_exception&quot;:&quot;&quot;,&quot;date&quot;:{&quot;infinite&quot;:false,&quot;from_DATE&quot;:202405170000,&quot;from&quot;:1715941800,&quot;from_TIME&quot;:&quot;10:30&quot;,&quot;to&quot;:1739730600,&quot;to_DATE&quot;:202502160000,&quot;to_TIME&quot;:&quot;18:30&quot;,&quot;from_HRFSHORT&quot;:&quot;17 May 2024&quot;,&quot;from_HRFSHORT_WD&quot;:&quot;Fri 17\\\/05\\\/2024&quot;,&quot;from_HRF&quot;:&quot;Fri, 17 May 2024&quot;,&quot;to_HRF&quot;:&quot;Sun, 16 February 2025&quot;,&quot;to_HRFSHORT&quot;:&quot;16 Feb 2025&quot;,&quot;to_HRFSHORT_WD&quot;:&quot;Sun 16\\\/02\\\/2025&quot;,&quot;from_to_HRF&quot;:&quot;Fri, 17 May 2024 \\u2013 Sun, 16 February 2025&quot;,&quot;from_to_HRFSHORT&quot;:&quot;17 May 2024 \\u2013 16 Feb 2025&quot;,&quot;NXX&quot;:null,&quot;NLAST&quot;:&quot;202502161830&quot;},&quot;alert&quot;:&quot;Highlight&quot;,&quot;partof&quot;:[],&quot;marketing_topic&quot;:&quot;&quot;}' inline-template>\n\t<a href=\"https:\/\/www.humboldtforum.org\/en\/programm\/laufzeitangebot\/exhibition\/hin-und-weg-der-palast-der-republik-ist-gegenwart-119504\/\" class=\"teaser teaser-event-period teaser-event-standard\">\n\t\t<div class=\"row\">\n\t\t\t<div class=\"col-xs-12 col-sm-6 col-md-5 col-sm-offset-1 col-md-offset-2 first-sm teaser-event-text Infos\">\n\t\t\t\t<div class=\"teaser-event-standard-text\">\n\t\t\t\t\t<div class=\"margin-bottom-atom\">\n\t\t\t\t\t\t<div class=\"subline clamp-1\" v-html=\"maingenre\"><\/div>\n\t\t\t\t\t\t\t\t\t\t\t<\/div>\n\t\t\t\t\n\t\t\t\t\t<strong class=\"margin-bottom-atom h5\">Blown Away: The Palace of the Republic<\/strong>\n\n\t\t\t\t\t\t\t\t\t<\/div>\n\t\t\t\t<div class=\"teaser-bottom border-bottom\">\n\t\t\t\t<calendardateline :rawitem='item' :show-icon=\"true\"><\/calendardateline>\n\t\t\t\t\t<hr>\n\t\t\t\t<\/div>\n\t\t\t<\/div>\n\t\t\t<div class=\"col-xs-12 col-sm-4 col-md-3 teaser-event-image bottom-xs first-xs\">\n\t\t\t\t<div class=\"teaser-image teaser-image-no-alternate\">\n\t\t\t\t\t\t\t\t\t\t\t\t\t<span class=\"alert\">Highlight<\/span>\n\t\t\t\t\t\t\t\t\t\t\t\n\t<lazy-media-inline inline-template>\n\t\t<figure itemscope itemtype=\"http:\/\/schema.org\/ImageObject\" class=\"lazy-media-inline \" role=\"group\" id=\"media_69f17beb5bac4\" aria-labelledby=\"desc_media_69f17beb5bac4\">\n\t\t\t<script type=\"application\/json\" ref=\"data\">\n\t\t\t\t{\n\t\t\t\t\"sizes\" : {\"medium\":{\"file\":\"SHF_eb00216226-176x300.jpg\",\"width\":176,\"height\":300,\"mime-type\":\"image\\\/jpeg\",\"filesize\":15787},\"large\":{\"file\":\"SHF_eb00216226-599x1024.jpg\",\"width\":599,\"height\":1024,\"mime-type\":\"image\\\/jpeg\",\"filesize\":106669},\"thumbnail\":{\"file\":\"SHF_eb00216226-150x150.jpg\",\"width\":150,\"height\":150,\"mime-type\":\"image\\\/jpeg\",\"filesize\":7748},\"medium_large\":{\"file\":\"SHF_eb00216226-768x1312.jpg\",\"width\":768,\"height\":1312,\"mime-type\":\"image\\\/jpeg\",\"filesize\":157569},\"small\":{\"file\":\"SHF_eb00216226-258x440.jpg\",\"width\":258,\"height\":440,\"mime-type\":\"image\\\/jpeg\",\"filesize\":29161},\"semi\":{\"file\":\"SHF_eb00216226-339x580.jpg\",\"width\":339,\"height\":580,\"mime-type\":\"image\\\/jpeg\",\"filesize\":44726},\"mobile\":{\"file\":\"SHF_eb00216226-421x720.jpg\",\"width\":421,\"height\":720,\"mime-type\":\"image\\\/jpeg\",\"filesize\":61905},\"hd\":{\"file\":\"SHF_eb00216226-749x1280.jpg\",\"width\":749,\"height\":1280,\"mime-type\":\"image\\\/jpeg\",\"filesize\":151325},\"original\":{\"file\":\"SHF_eb00216226.jpg\",\"width\":878,\"height\":1500}},\n\t\t\t\t\"alt\" : \"Modern design featuring a large symbol in the center, surrounded by stylish lamps and two people in the foreground.\",\n\t\t\t\t\"path\" : \"\\\/wp-content\\\/uploads\\\/2024\\\/02\\\/\",\n\t\t\t\t\"video\" : null,\n\t\t\t\t\"autoplay\" : null,\n\t\t\t\t\"youtube\" : null,\n\t\t\t\t\"youtubelabel\" : \"Play video\",\n\t\t\t\t\"brightness\" : 100,\n\t\t\t\t\"crop\" : null,\n\t\t\t\t\"background\" : true,\n\t\t\t\t\"scale\" : 1\t\t\t\t}\n\t\t\t<\/script>\n\n\t\t\t<div class=\"height-container\" style=\"padding-bottom:170.84282460137%;\" v-if=\"sizes\">\n\t\t\t\t\t\t\t\t<lazy-media :inline=\"true\" :alt=\"alt\" :sizes=\"sizes\" :scale=\"scale\" :brightness=\"brightness\" :path=\"path\" :video=\"video\" :autoplay=\"autoplay\" :youtube=\"youtube\" :crop=\"crop\" :youtubelabel=\"youtubelabel\" :background=\"background\" media-id=\"desc_media_69f17beb5bac4\"><\/lazy-media>\n\t\t\t\t\t\t\t<\/div>\n\n\t\t\t\t\t\t\t<figcaption class=\"sr-only\" ref=\"body\" id=\"desc_media_69f17beb5bac4\">\n\t\t\t\t\t\t\t\t\t\t\t\t\t\t\t\t\t\t\t<\/figcaption>\n\t\t\t\t\t<\/figure>\n\t<\/lazy-media-inline>\n\t\t\t\t<\/div>\n\t\t\t<\/div>\n\t\t<\/div>\n\t<\/a>\n\t<\/calendarteaser>\n<\/li>\n\n\t\t\t\t<\/ul>\n\t\t\t<\/div>\n\t\t\t\t<\/lazy-component>\n<\/section>\n\n\n\n<section class=\"block block-CTA block-CTA-long leftgradient\">\n\t<div class=\"container-fluid\">\n\t\t<div class=\"row center-xs\">\n\t\t\t<div class=\"col-xs-12\">\n\t\t\t\t<div class=\"box\">\n\t\t\t\t\t<a href=\"https:\/\/www.humboldtforum.org\/en\/newsletter-2\/\" aria-label=\"Stay up to date.\" class=\"teaser teaser-cta-wide \">\n\t\t\t\t\t\t<div class=\"teaser-image\">\n\t\t\t\t\t\t\t\n\t<lazy-media-inline inline-template>\n\t\t<figure itemscope itemtype=\"http:\/\/schema.org\/ImageObject\" class=\"lazy-media-inline \" role=\"group\" id=\"media_69f17beb5d616\" aria-labelledby=\"desc_media_69f17beb5d616\">\n\t\t\t<script type=\"application\/json\" ref=\"data\">\n\t\t\t\t{\n\t\t\t\t\"sizes\" : {\"medium\":{\"file\":\"HF_eb00061823-scaled-300x200.jpg\",\"width\":300,\"height\":200,\"mime-type\":\"image\\\/jpeg\",\"filesize\":19186},\"large\":{\"file\":\"HF_eb00061823-scaled-1024x683.jpg\",\"width\":1024,\"height\":683,\"mime-type\":\"image\\\/jpeg\",\"filesize\":138597},\"thumbnail\":{\"file\":\"HF_eb00061823-scaled-150x150.jpg\",\"width\":150,\"height\":150,\"mime-type\":\"image\\\/jpeg\",\"filesize\":8481},\"medium_large\":{\"file\":\"HF_eb00061823-scaled-768x512.jpg\",\"width\":768,\"height\":512,\"mime-type\":\"image\\\/jpeg\",\"filesize\":86200},\"small\":{\"file\":\"HF_eb00061823-scaled-440x293.jpg\",\"width\":440,\"height\":293,\"mime-type\":\"image\\\/jpeg\",\"filesize\":35525},\"semi\":{\"file\":\"HF_eb00061823-scaled-580x387.jpg\",\"width\":580,\"height\":387,\"mime-type\":\"image\\\/jpeg\",\"filesize\":55724},\"mobile\":{\"file\":\"HF_eb00061823-scaled-720x480.jpg\",\"width\":720,\"height\":480,\"mime-type\":\"image\\\/jpeg\",\"filesize\":77971},\"hd\":{\"file\":\"HF_eb00061823-scaled-1280x854.jpg\",\"width\":1280,\"height\":854,\"mime-type\":\"image\\\/jpeg\",\"filesize\":202477},\"full\":{\"file\":\"HF_eb00061823-scaled-1920x1280.jpg\",\"width\":1920,\"height\":1280,\"mime-type\":\"image\\\/jpeg\",\"filesize\":386736},\"1536x1536\":{\"file\":\"HF_eb00061823-scaled-1536x1024.jpg\",\"width\":1536,\"height\":1024,\"mime-type\":\"image\\\/jpeg\",\"filesize\":266197},\"2048x2048\":{\"file\":\"HF_eb00061823-scaled-2048x1366.jpg\",\"width\":2048,\"height\":1366,\"mime-type\":\"image\\\/jpeg\",\"filesize\":430206},\"original\":{\"file\":\"HF_eb00061823-scaled.jpg\",\"width\":2560,\"height\":1707}},\n\t\t\t\t\"alt\" : \"The brightly lit foyer and the Infopoint, DJ booth, the Cosmograph media tower and many visitors milling about\",\n\t\t\t\t\"path\" : \"\\\/wp-content\\\/uploads\\\/2020\\\/04\\\/\",\n\t\t\t\t\"video\" : null,\n\t\t\t\t\"autoplay\" : null,\n\t\t\t\t\"youtube\" : null,\n\t\t\t\t\"youtubelabel\" : \"Play video\",\n\t\t\t\t\"brightness\" : \"70\",\n\t\t\t\t\"crop\" : {\"top\":\"90.17\",\"left\":\"40.27\"},\n\t\t\t\t\"background\" : true,\n\t\t\t\t\"scale\" : 2\t\t\t\t}\n\t\t\t<\/script>\n\n\t\t\t<div class=\"height-container\" style=\"padding-bottom:66.6796875%;\" v-if=\"sizes\">\n\t\t\t\t\t\t\t\t<lazy-media :inline=\"true\" :alt=\"alt\" :sizes=\"sizes\" :scale=\"scale\" :brightness=\"brightness\" :path=\"path\" :video=\"video\" :autoplay=\"autoplay\" :youtube=\"youtube\" :crop=\"crop\" :youtubelabel=\"youtubelabel\" :background=\"background\" media-id=\"desc_media_69f17beb5d616\"><\/lazy-media>\n\t\t\t\t\t\t\t<\/div>\n\n\t\t\t\t\t\t\t<figcaption class=\"sr-only\" ref=\"body\" id=\"desc_media_69f17beb5d616\">\n\t\t\t\t\t\t\t\t\t\t\t<div>In the Humboldt Forum&#039;s foyer there is a 17 meter high media tower, called &quot;cosmograph&quot;. It gives visitors comprehensive information about their visit and can transform into an art and light installation.<\/div>\n\t\t\t\t\t\t\t\t\t\t\t\t\t\t\t\t\t\t\t\t\t<div class=\"insignificant\">\u00a9 SHF \/ David von Becker<\/div>\n\t\t\t\t\t\t\t\t\t<\/figcaption>\n\t\t\t\t\t<\/figure>\n\t<\/lazy-media-inline>\n\t\t\t\t\t\t<\/div>\n\t\t\t\t\t\t<div class=\"teaser-content \">\n\t\t\t\t\t\t\t<div>\n\t\t\t\t\t\t\t\t\t\t\t\t\t\t\t\t<div class=\"teaser-header\"><span class=\"h3\">Stay up to date.<\/span><\/div>\n\t\t\t\t\t\t\t\t<div class=\"teaser-subline\"><span class=\"font-decoration\">Subscribe to our newsletter<\/span><\/div>\t\t\t\t\t\t\t\t<button tabindex=\"-1\" class=\"border\">Click here<\/button>\n\t\t\t\t\t\t\t<\/div>\n\t\t\t\t\t\t<\/div>\n\t\t\t\t\t<\/a>\n\t\t\t\t<\/div>\n\t\t\t<\/div>\n\t\t<\/div>\n\t<\/div>\n<\/section>\n","protected":false},"template":"","genre":[1079],"digital":[],"topic":[],"stakeholder":[595],"editorial":[],"editorialfilter":[],"targetgroup":[],"language":[579],"accessability":[],"age":[1602],"school":[],"groupsize":[],"place":[1180],"class_list":["post-133644","event","type-event","status-publish","hentry","genre-talk","stakeholder-stiftung-humboldt-forum-im-berliner-schloss-en","language-german","age-12-years-and-older","place-hall-1-ground-floor"],"acf":[],"_links":{"self":[{"href":"https:\/\/www.humboldtforum.org\/en\/wp-json\/wp\/v2\/event\/133644","targetHints":{"allow":["GET"]}}],"collection":[{"href":"https:\/\/www.humboldtforum.org\/en\/wp-json\/wp\/v2\/event"}],"about":[{"href":"https:\/\/www.humboldtforum.org\/en\/wp-json\/wp\/v2\/types\/event"}],"version-history":[{"count":11,"href":"https:\/\/www.humboldtforum.org\/en\/wp-json\/wp\/v2\/event\/133644\/revisions"}],"predecessor-version":[{"id":143730,"href":"https:\/\/www.humboldtforum.org\/en\/wp-json\/wp\/v2\/event\/133644\/revisions\/143730"}],"wp:attachment":[{"href":"https:\/\/www.humboldtforum.org\/en\/wp-json\/wp\/v2\/media?parent=133644"}],"wp:term":[{"taxonomy":"genre","embeddable":true,"href":"https:\/\/www.humboldtforum.org\/en\/wp-json\/wp\/v2\/genre?post=133644"},{"taxonomy":"digital","embeddable":true,"href":"https:\/\/www.humboldtforum.org\/en\/wp-json\/wp\/v2\/digital?post=133644"},{"taxonomy":"topic","embeddable":true,"href":"https:\/\/www.humboldtforum.org\/en\/wp-json\/wp\/v2\/topic?post=133644"},{"taxonomy":"stakeholder","embeddable":true,"href":"https:\/\/www.humboldtforum.org\/en\/wp-json\/wp\/v2\/stakeholder?post=133644"},{"taxonomy":"editorial","embeddable":true,"href":"https:\/\/www.humboldtforum.org\/en\/wp-json\/wp\/v2\/editorial?post=133644"},{"taxonomy":"editorialfilter","embeddable":true,"href":"https:\/\/www.humboldtforum.org\/en\/wp-json\/wp\/v2\/editorialfilter?post=133644"},{"taxonomy":"targetgroup","embeddable":true,"href":"https:\/\/www.humboldtforum.org\/en\/wp-json\/wp\/v2\/targetgroup?post=133644"},{"taxonomy":"language","embeddable":true,"href":"https:\/\/www.humboldtforum.org\/en\/wp-json\/wp\/v2\/language?post=133644"},{"taxonomy":"accessability","embeddable":true,"href":"https:\/\/www.humboldtforum.org\/en\/wp-json\/wp\/v2\/accessability?post=133644"},{"taxonomy":"age","embeddable":true,"href":"https:\/\/www.humboldtforum.org\/en\/wp-json\/wp\/v2\/age?post=133644"},{"taxonomy":"school","embeddable":true,"href":"https:\/\/www.humboldtforum.org\/en\/wp-json\/wp\/v2\/school?post=133644"},{"taxonomy":"groupsize","embeddable":true,"href":"https:\/\/www.humboldtforum.org\/en\/wp-json\/wp\/v2\/groupsize?post=133644"},{"taxonomy":"place","embeddable":true,"href":"https:\/\/www.humboldtforum.org\/en\/wp-json\/wp\/v2\/place?post=133644"}],"curies":[{"name":"wp","href":"https:\/\/api.w.org\/{rel}","templated":true}]}}