{"id":134260,"date":"2024-07-30T12:50:47","date_gmt":"2024-07-30T10:50:47","guid":{"rendered":"https:\/\/www.humboldtforum.org\/?post_type=event&#038;p=134260"},"modified":"2024-08-01T14:31:51","modified_gmt":"2024-08-01T12:31:51","slug":"film-premiere-the-rise-and-fall-of-zygmunt-blask","status":"publish","type":"event","link":"https:\/\/www.humboldtforum.org\/en\/programm\/termin\/film-video-en\/film-premiere-the-rise-and-fall-of-zygmunt-blask-134260\/","title":{"rendered":"Film premiere: \u201cThe Rise and Fall of Zygmunt Blask\u201d"},"content":{"rendered":"<section class=\"block block-copy\" >\n    <div class=\"container-fluid\">\n\t\t<div class=\"row \">\n            <div class=\"col-xs-12 col-md-offset-2 col-md-8\">\n                <div class=\"box\">\n                    <div class=\"copy\"><p>Set in Poland\u2019s underground queer scene in the 1970s and 1980s, \u201cThe Rise and Fall of Zygmunt Blask\u201d tells the story of glam rock superstar Zygmunt Blask. The fictional character was created by Polish musician Jemek Jemowit, who released his rock opera \u201cLegenda Zygmunt Blask\u201d in 2021. In the film by Krzysztof Honowski and Jemek Jemowit, artists Ewa Maria Slaska and Leon Dziemaszkiewicz trace the life of the pop icon, whose rise and fall exemplifies many fleeting existences\u00a0 between censorship, self-determination, emigration and exile.<\/p>\n<p>Based on their personal experiences and memories, Slaska and Dziemaszkiewicz describe an alternative European history of the East and West. Part musical, part documentary, part queer-feminist agitprop, the film combines collages of home videos from communist Poland with interviews and staged re-enactments shot in Berlin and Zielona G\u00f3ra.<\/p>\n<p>\u201cThe Rise and Fall of Zygmunt Blask\u201d is an unsparing tribute to hard-fought battles for the right to self-determination, which have been waged over the years in former Soviet countries and are being fought today with renewed vigour.<\/p>\n<p>The event is part of the programme accompanying the Open Space \u201c<a class=\"external-link\" href=\"https:\/\/www.stadtmuseum.de\/en\/exhibition\/liberty-equality-solidarnosc-polish-viewpoints-in-berlin\" rel=\"nofollow\">Liberty, Equality, Solidarno\u015b\u0107<\/a>\u201d by Ewa Maria Slaska, Anna Krenz and Jemek Jemowit.<\/p>\n<\/div>\n                <\/div>\n            <\/div>\n\t\t<\/div>\n\t\t    <\/div>\n<\/section>\n\n\n<section class=\"block block-accordion\">\n\t<div class=\"container-fluid\">\n\t\t<div class=\"row\">\n\t\t\t<div class=\"col-xs-12 col-md-offset-2 col-md-8\">\n\t\t\t\t<div class=\"box\">\n\t\t\t\t\t\t\t\t\t\t\t<block-accordion inline-template>\n\t\t\t\t\t\t\t<div class=\"accordion\">\n\t\t\t\t\t\t\t\t\t\t\t\t\t\t\t<block-accordion-item inline-template item-headline=\"Programme\">\n\t\t\t\t\t\t\t\t<div ref=\"item\" data-id=\"Programme\" class=\"block-accordion-item vue-initialize\" aria-expanded=\"false\" :aria-expanded=\"active ? 'true' : 'false'\">\n\t\t\t\t\t\t\t\t\t<button class=\"accordion-button-with-icon block-accordion-item-head\" :class=\"{'button-active': active}\" ref=\"head\" aria-controls=\"acc_69f29ff29ca04\" id=\"acc_title_69f29ff29ca08\" @click=\"toggle\" @keydown=\"key\">\n\t\t\t\t\t\t\t\t\t<div><span class=\"button-label\">Programme<\/span><\/div><span class=\"button-icon icon-plus\" aria-hidden=\"true\"><\/span>\n\t\t\t\t\t\t\t\t<\/button>\n\t\t\t\t\t\t\t\t\t<div ref=\"body\" class=\"block-accordion-item-content\" id=\"acc_69f29ff29ca04\" role=\"region\">\n\t\t\t\t\t\t\t\t\t\t<div class=\"wrapper copy\">\n\t\t\t\t\t\t\t\t\t\t\t<p><strong>6 pm<\/strong><\/p>\n<p>Tape listening session of the studio album \u201cLegenda Zygmunta Blask\u201d by Jemek Jemowit. Released in 2021, the music raises questions about the socio-political situation in the\u00a0<span class=\"w-term-highlight\">country<\/span>\u00a0under\u00a0<span class=\"w-term-highlight\">the Law<\/span>\u00a0and Justice government (Prawo i Sprawiedliwo\u015b\u0107, PiS), in particular the difficult situation faced by the LGBTIQ community.<\/p>\n<p><strong>7 pm<\/strong><\/p>\n<p>Premiere screening of the film \u201cThe Rise and Fall of Zygmunt Blask\u201d. The film will be shown in Polish, German and English with English subtitles.<\/p>\n<p><strong>7.35 pm<\/strong><\/p>\n<p>Q&amp;A with the filmmakers and actors, moderated by Joanna Ratajczak. The discussion will be held in German with simultaneous English interpretation.<\/p>\n\n\t\t\t\t\t\t\t\t\t\t\t\t\t\t\t\t\t\t\t\t\t\t\t\t\t\t\t\t\t\t\t\t\t\n\t\t\t\t\t\t\t\t\t\t\t<div class=\"row\">\n\t\t\t\t\t\t\t\t\t\t\t\t<div class=\"col-xs-9 col-md-9\">\n\t\t\t\t\t\t\t\t\t\t\t\t\t<div class=\"box\">\n\t\t\t\t\t\t\t\t\t\t\t\t\t\t\t\t\t\t\t\t\t\t\t\t\t\t\t<\/div>\n\t\t\t\t\t\t\t\t\t\t\t\t<\/div>\n\t\t\t\t\t\t\t\t\t\t\t<\/div>\n\n\t\t\t\t\t\t\t\t\t\t\t\t\t\t\t\t\t\t\t\t\t<\/div>\n\t\t\t\t\t\t\t\t\t<\/div>\n\t\t\t\t\t\t\t\t<\/div>\n\t\t\t\t\t\t\t\t<\/block-accordion-item>\n\t\t\t\t\t\t\t\t\t\t\t\t\t<\/div>\n\t\t\t\t\t\t<\/block-accordion>\n\t\t\t\t\t\t\t\t\t<\/div>\n\t\t\t<\/div>\n\t\t<\/div>\n\t<\/div>\n<\/section>\n\n\n<section class=\"block block-copy\" >\n    <div class=\"container-fluid\">\n\t\t<div class=\"row \">\n            <div class=\"col-xs-12 col-md-offset-2 col-md-8\">\n                <div class=\"box\">\n                    <div class=\"copy\"><p>\u201cThe Rise and Fall of Zygmunt Blask\u201d (2021-24) is a film by Krzysztof Honowski and Jemek Jemowit, with Ewa Maria Slaska, Leon Krzysztof Dziemaszkiewicz, Roland Owsnitzki and Jemek Jemowit. The film received funding from the Berlin Senate Department for Culture and Europe as part of the Oder Partnership.<\/p>\n<\/div>\n                <\/div>\n            <\/div>\n\t\t<\/div>\n\t\t    <\/div>\n<\/section>\n\n\n<section class=\"block block-gallery\">\n\t<div class=\"container-fluid\">\n\t\t<div class=\"row center-xs\">\n\t\t\t<div class=\"col-xs-12\">\n\t\t\t\t<div class=\"box text-align-left\">\n\t\t\t\t\t<block-gallery inline-template>\n\t\t\t\t\t\t<div :class=\"{ firstLoaded: firstLoaded }\">\n\t\t\t\t\t\t\t<script type=\"application\/json\" ref=\"data\">\n\t\t\t\t\t\t\t{\n\t\t\t\t\t\t\t\t\"images\" : [{\"id\":0,\"width\":595,\"height\":842,\"alt\":\"Movie poster for &quot;The Rise &amp; Fall of Zygmunt Blask,&quot; about Poland&#039;s first glam rocker, featuring colorful characters and a guitar.\",\"title\":\"\",\"description\":\"\",\"label\":\"Filmposter for &bdquo;The Rise and Fall of Zygmunt Blask&ldquo;\\r\\n\",\"copyright\":\"Krzysztof Honowski & Jemek Jemowit\\r\\n\",\"path\":\"\\\/wp-content\\\/uploads\\\/2024\\\/07\\\/\",\"sizes\":{\"medium\":{\"file\":\"SHF_eb00228655-212x300.jpg\",\"width\":212,\"height\":300,\"mime-type\":\"image\\\/jpeg\",\"filesize\":17549},\"thumbnail\":{\"file\":\"SHF_eb00228655-150x150.jpg\",\"width\":150,\"height\":150,\"mime-type\":\"image\\\/jpeg\",\"filesize\":8315},\"small\":{\"file\":\"SHF_eb00228655-311x440.jpg\",\"width\":311,\"height\":440,\"mime-type\":\"image\\\/jpeg\",\"filesize\":31368},\"semi\":{\"file\":\"SHF_eb00228655-410x580.jpg\",\"width\":410,\"height\":580,\"mime-type\":\"image\\\/jpeg\",\"filesize\":45655},\"mobile\":{\"file\":\"SHF_eb00228655-509x720.jpg\",\"width\":509,\"height\":720,\"mime-type\":\"image\\\/jpeg\",\"filesize\":62893},\"original\":{\"file\":\"SHF_eb00228655.jpg\",\"width\":595,\"height\":842}}},{\"id\":1,\"width\":1920,\"height\":1080,\"alt\":\"Man in colorful outfit sits in a room with bookshelves and a lamp.\",\"title\":\"\",\"description\":\"\",\"label\":\"Leon Dziemaszkiewicz in &bdquo;The Rise and Fall of Zygmunt Blask&ldquo;\\r\\n\",\"copyright\":\"Krzysztof Honowski & Jemek Jemowit\\r\\n\",\"path\":\"\\\/wp-content\\\/uploads\\\/2024\\\/07\\\/\",\"sizes\":{\"medium\":{\"file\":\"SHF_eb00228656-300x169.jpg\",\"width\":300,\"height\":169,\"mime-type\":\"image\\\/jpeg\",\"filesize\":16766},\"large\":{\"file\":\"SHF_eb00228656-1024x576.jpg\",\"width\":1024,\"height\":576,\"mime-type\":\"image\\\/jpeg\",\"filesize\":130566},\"thumbnail\":{\"file\":\"SHF_eb00228656-150x150.jpg\",\"width\":150,\"height\":150,\"mime-type\":\"image\\\/jpeg\",\"filesize\":8558},\"medium_large\":{\"file\":\"SHF_eb00228656-768x432.jpg\",\"width\":768,\"height\":432,\"mime-type\":\"image\\\/jpeg\",\"filesize\":80043},\"small\":{\"file\":\"SHF_eb00228656-440x248.jpg\",\"width\":440,\"height\":248,\"mime-type\":\"image\\\/jpeg\",\"filesize\":31113},\"semi\":{\"file\":\"SHF_eb00228656-580x326.jpg\",\"width\":580,\"height\":326,\"mime-type\":\"image\\\/jpeg\",\"filesize\":49718},\"mobile\":{\"file\":\"SHF_eb00228656-720x405.jpg\",\"width\":720,\"height\":405,\"mime-type\":\"image\\\/jpeg\",\"filesize\":72287},\"hd\":{\"file\":\"SHF_eb00228656-1280x720.jpg\",\"width\":1280,\"height\":720,\"mime-type\":\"image\\\/jpeg\",\"filesize\":194186},\"1536x1536\":{\"file\":\"SHF_eb00228656-1536x864.jpg\",\"width\":1536,\"height\":864,\"mime-type\":\"image\\\/jpeg\",\"filesize\":261053},\"original\":{\"file\":\"SHF_eb00228656.jpg\",\"width\":1920,\"height\":1080}}},{\"id\":2,\"width\":1920,\"height\":1080,\"alt\":\"Blurry image of people holding their hands to their faces, surrounded by colorful neon lights.\",\"title\":\"\",\"description\":\"\",\"label\":\"Scene from the film&bdquo;The Rise and Fall of Zygmunt Blask&ldquo;\\r\\n\",\"copyright\":\"Krzysztof Honowski & Jemek Jemowit\\r\\n\",\"path\":\"\\\/wp-content\\\/uploads\\\/2024\\\/07\\\/\",\"sizes\":{\"medium\":{\"file\":\"SHF_eb00228657-300x169.jpg\",\"width\":300,\"height\":169,\"mime-type\":\"image\\\/jpeg\",\"filesize\":8936},\"large\":{\"file\":\"SHF_eb00228657-1024x576.jpg\",\"width\":1024,\"height\":576,\"mime-type\":\"image\\\/jpeg\",\"filesize\":53334},\"thumbnail\":{\"file\":\"SHF_eb00228657-150x150.jpg\",\"width\":150,\"height\":150,\"mime-type\":\"image\\\/jpeg\",\"filesize\":5714},\"medium_large\":{\"file\":\"SHF_eb00228657-768x432.jpg\",\"width\":768,\"height\":432,\"mime-type\":\"image\\\/jpeg\",\"filesize\":33811},\"small\":{\"file\":\"SHF_eb00228657-440x248.jpg\",\"width\":440,\"height\":248,\"mime-type\":\"image\\\/jpeg\",\"filesize\":14985},\"semi\":{\"file\":\"SHF_eb00228657-580x326.jpg\",\"width\":580,\"height\":326,\"mime-type\":\"image\\\/jpeg\",\"filesize\":22162},\"mobile\":{\"file\":\"SHF_eb00228657-720x405.jpg\",\"width\":720,\"height\":405,\"mime-type\":\"image\\\/jpeg\",\"filesize\":30907},\"hd\":{\"file\":\"SHF_eb00228657-1280x720.jpg\",\"width\":1280,\"height\":720,\"mime-type\":\"image\\\/jpeg\",\"filesize\":76508},\"1536x1536\":{\"file\":\"SHF_eb00228657-1536x864.jpg\",\"width\":1536,\"height\":864,\"mime-type\":\"image\\\/jpeg\",\"filesize\":102594},\"original\":{\"file\":\"SHF_eb00228657.jpg\",\"width\":1920,\"height\":1080}}},{\"id\":3,\"width\":2048,\"height\":1530,\"alt\":\"Blurry portrait of a person wearing a fur hat, with a blurred landscape in the background.\",\"title\":\"\",\"description\":\"\",\"label\":\"Jemek Jemowit in &bdquo;The Rise and Fall of Zygmunt Blask&ldquo;\\r\\n\",\"copyright\":\"Krzysztof Honowski & Jemek Jemowit\\r\\n\",\"path\":\"\\\/wp-content\\\/uploads\\\/2024\\\/07\\\/\",\"sizes\":{\"medium\":{\"file\":\"SHF_eb00228658-300x224.jpg\",\"width\":300,\"height\":224,\"mime-type\":\"image\\\/jpeg\",\"filesize\":6667},\"large\":{\"file\":\"SHF_eb00228658-1024x765.jpg\",\"width\":1024,\"height\":765,\"mime-type\":\"image\\\/jpeg\",\"filesize\":85560},\"thumbnail\":{\"file\":\"SHF_eb00228658-150x150.jpg\",\"width\":150,\"height\":150,\"mime-type\":\"image\\\/jpeg\",\"filesize\":2714},\"medium_large\":{\"file\":\"SHF_eb00228658-768x574.jpg\",\"width\":768,\"height\":574,\"mime-type\":\"image\\\/jpeg\",\"filesize\":43000},\"small\":{\"file\":\"SHF_eb00228658-440x329.jpg\",\"width\":440,\"height\":329,\"mime-type\":\"image\\\/jpeg\",\"filesize\":13537},\"semi\":{\"file\":\"SHF_eb00228658-580x433.jpg\",\"width\":580,\"height\":433,\"mime-type\":\"image\\\/jpeg\",\"filesize\":23787},\"mobile\":{\"file\":\"SHF_eb00228658-720x538.jpg\",\"width\":720,\"height\":538,\"mime-type\":\"image\\\/jpeg\",\"filesize\":37460},\"hd\":{\"file\":\"SHF_eb00228658-1280x956.jpg\",\"width\":1280,\"height\":956,\"mime-type\":\"image\\\/jpeg\",\"filesize\":138239},\"full\":{\"file\":\"SHF_eb00228658-1920x1434.jpg\",\"width\":1920,\"height\":1434,\"mime-type\":\"image\\\/jpeg\",\"filesize\":336763},\"1536x1536\":{\"file\":\"SHF_eb00228658-1536x1148.jpg\",\"width\":1536,\"height\":1148,\"mime-type\":\"image\\\/jpeg\",\"filesize\":209895},\"original\":{\"file\":\"SHF_eb00228658.jpg\",\"width\":2048,\"height\":1530}}},{\"id\":4,\"width\":1779,\"height\":1187,\"alt\":\"An older woman with gray hair, smiling in a sparkling environment, wearing a black leather jacket.\",\"title\":\"\",\"description\":\"\",\"label\":\"Ewa Maria Slaska in &bdquo;The Rise and Fall of Zygmunt Blask&ldquo;\\r\\n\",\"copyright\":\"Krzysztof Honowski & Jemek Jemowit\\r\\n\",\"path\":\"\\\/wp-content\\\/uploads\\\/2024\\\/07\\\/\",\"sizes\":{\"medium\":{\"file\":\"SHF_eb00228659-300x200.jpg\",\"width\":300,\"height\":200,\"mime-type\":\"image\\\/jpeg\",\"filesize\":22836},\"large\":{\"file\":\"SHF_eb00228659-1024x683.jpg\",\"width\":1024,\"height\":683,\"mime-type\":\"image\\\/jpeg\",\"filesize\":240204},\"thumbnail\":{\"file\":\"SHF_eb00228659-150x150.jpg\",\"width\":150,\"height\":150,\"mime-type\":\"image\\\/jpeg\",\"filesize\":9012},\"medium_large\":{\"file\":\"SHF_eb00228659-768x512.jpg\",\"width\":768,\"height\":512,\"mime-type\":\"image\\\/jpeg\",\"filesize\":141078},\"small\":{\"file\":\"SHF_eb00228659-440x294.jpg\",\"width\":440,\"height\":294,\"mime-type\":\"image\\\/jpeg\",\"filesize\":48268},\"semi\":{\"file\":\"SHF_eb00228659-580x387.jpg\",\"width\":580,\"height\":387,\"mime-type\":\"image\\\/jpeg\",\"filesize\":83201},\"mobile\":{\"file\":\"SHF_eb00228659-720x480.jpg\",\"width\":720,\"height\":480,\"mime-type\":\"image\\\/jpeg\",\"filesize\":124650},\"hd\":{\"file\":\"SHF_eb00228659-1280x854.jpg\",\"width\":1280,\"height\":854,\"mime-type\":\"image\\\/jpeg\",\"filesize\":352797},\"1536x1536\":{\"file\":\"SHF_eb00228659-1536x1025.jpg\",\"width\":1536,\"height\":1025,\"mime-type\":\"image\\\/jpeg\",\"filesize\":478084},\"original\":{\"file\":\"SHF_eb00228659.jpg\",\"width\":1779,\"height\":1187}}}]\t\t\t\t\t\t\t}\n\t\t\t\t\t\t\t<\/script>\n\n\t\t\t\t\t\t\t<swiper :options=\"options\" @slide-change=\"track\">\n\t\t\t\t\t\t\t\t<div class=\"swiper-slide\" :key=\"image.id\" v-for=\"image in images\">\n\t\t\t\t\t\t\t\t\t<block-gallery-item inline-template :image=\"image\">\n\t\t\t\t\t\t\t\t\t\t<figure class=\"swiper-slide-image-wrapper\" ref=\"parent\">\n\t\t\t\t\t\t\t\t\t\t\t<div class=\"width-container\" ref=\"container\" :style=\"style\">\n\t\t\t\t\t\t\t\t\t\t\t\t<div data-swiper-parallax-x=\"50%\">\n\t\t\t\t\t\t\t\t\t\t\t\t<img :src=\"image.src\" :alt=\"image.alt\" v-if=\"image.id < 2\">\n\t\t\t\t\t\t\t\t\t\t\t\t<img class=\"swiper-lazy\" :data-src=\"image.src\" :alt=\"image.alt\" v-else>\n\t\t\t\t\t\t\t\t\t\t\t\t<\/div>\n\t\t\t\t\t\t\t\t\t\t\t<\/div>\n\t\t\t\t\t\t\t\t\t\t<\/figure>\n\t\t\t\t\t\t\t\t\t<\/block-gallery-item>\n\n\t\t\t\t\t\t\t\t\t<figcaption>\n\t\t\t\t\t\t\t\t\t\t<div class=\"lazy-media-info-body-content\">\n\t\t\t\t\t\t\t\t\t\t\t<div v-html=\"image.label\"><\/div>\n\t\t\t\t\t\t\t\t\t\t\t<div v-html=\"image.description\"><\/div>\n\t\t\t\t\t\t\t\t\t\t\t<div class=\"insignificant\" v-if=\"image.copyright\" v-html=\"'\u00a9 '+image.copyright\"><\/div>\n\t\t\t\t\t\t\t\t\t\t<\/div>\n\t\t\t\t\t\t\t\t\t<\/figcaption>\n\t\t\t\t\t\t\t\t<\/div>\n\n\t\t\t\t\t\t\t\t<div class=\"swiper-pagination\"  slot=\"pagination\"><\/div>\n\n\t\t\t\t\t\t\t\t<button class=\"icon-round swiper-button-prev\" slot=\"button-prev\" aria-label=\"Last images\">\n\t\t\t\t\t\t\t\t\t<span class=\"icon-next\" aria-hidden=\"true\"><\/span>\n\t\t\t\t\t\t\t\t<\/button>\n\n\t\t\t\t\t\t\t\t<button class=\"icon-round swiper-button-next\" slot=\"button-next\" aria-label=\"Next image\">\n\t\t\t\t\t\t\t\t\t<span class=\"icon-next\" aria-hidden=\"true\"><\/span>\n\t\t\t\t\t\t\t\t<\/button>\n\t\t\t\t\t\t\t<\/swiper>\n\t\t\t\t\t\t<\/div>\n\t\t\t\t\t<\/block-gallery>\n\t\t\t\t<\/div>\n\t\t\t<\/div>\n\t\t<\/div>\n\t<\/div>\n<\/section>\n\n<section class=\"block block-headline block-no-margin \" >\n\t<div class=\"container-fluid\">\n\t\t<div class=\"row\">\n\t\t\t\t\t\t\t<div class=\"col-xs-12 col-md-offset-2 col-md-8\">\n\t\t\t\t\t<div class=\"box\">\n\t\t\t\t\t\t<h2 class=\".h5\">Participants<\/h2>\n\t\t\t\t\t<\/div>\n\t\t\t\t<\/div>\n\t\t\t\t\t<\/div>\n\t<\/div>\n<\/section>\n\n\n\n\n\n<section class=\"block block-accordion\">\n\t<div class=\"container-fluid\">\n\t\t<div class=\"row\">\n\t\t\t<div class=\"col-xs-12 col-md-offset-2 col-md-8\">\n\t\t\t\t<div class=\"box\">\n\t\t\t\t\t\t\t\t\t\t\t<block-accordion inline-template>\n\t\t\t\t\t\t\t<div class=\"accordion\">\n\t\t\t\t\t\t\t\t\t\t\t\t\t\t\t<block-accordion-item inline-template item-headline=\"Krzysztof Honowski\">\n\t\t\t\t\t\t\t\t<div ref=\"item\" data-id=\"KrzysztofHonowski\" class=\"block-accordion-item vue-initialize\" aria-expanded=\"false\" :aria-expanded=\"active ? 'true' : 'false'\">\n\t\t\t\t\t\t\t\t\t<button class=\"accordion-button-with-icon block-accordion-item-head\" :class=\"{'button-active': active}\" ref=\"head\" aria-controls=\"acc_69f29ff2a0f1e\" id=\"acc_title_69f29ff2a0f20\" @click=\"toggle\" @keydown=\"key\">\n\t\t\t\t\t\t\t\t\t<div><span class=\"button-label\">Krzysztof Honowski<\/span><\/div><span class=\"button-icon icon-plus\" aria-hidden=\"true\"><\/span>\n\t\t\t\t\t\t\t\t<\/button>\n\t\t\t\t\t\t\t\t\t<div ref=\"body\" class=\"block-accordion-item-content\" id=\"acc_69f29ff2a0f1e\" role=\"region\">\n\t\t\t\t\t\t\t\t\t\t<div class=\"wrapper copy\">\n\t\t\t\t\t\t\t\t\t\t\t<p>Media artist Krzysztof Honowski (born 1986 in London) studied at the University of Cambridge, the Slade School of Fine Art and the Academy of Media Arts in Cologne. Since 2009, he has organised performances, screenings and exhibitions worldwide, including at the Jewish Museum Berlin, the Oberhausen Short Film Festival, PACT Zollverein, Ruhrtriennale 2019, ISSUE Project Room New York, Nordic House Reykjavik, and Barbican London. His upcoming exhibitions include presentations at Kunstverein Leverkusen and LALA Athens. Honowski lives and works in Cologne.<\/p>\n\n\t\t\t\t\t\t\t\t\t\t\t\t\t\t\t\t\t\t\t\t\t\t\t\t\t\t\t\t\t\t\t\t\t\n\t\t\t\t\t\t\t\t\t\t\t<div class=\"row\">\n\t\t\t\t\t\t\t\t\t\t\t\t<div class=\"col-xs-9 col-md-9\">\n\t\t\t\t\t\t\t\t\t\t\t\t\t<div class=\"box\">\n\t\t\t\t\t\t\t\t\t\t\t\t\t\t\t\t\t\t\t\t\t\t\t\t\t\t\t<\/div>\n\t\t\t\t\t\t\t\t\t\t\t\t<\/div>\n\t\t\t\t\t\t\t\t\t\t\t<\/div>\n\n\t\t\t\t\t\t\t\t\t\t\t\t\t\t\t\t\t\t\t\t\t<\/div>\n\t\t\t\t\t\t\t\t\t<\/div>\n\t\t\t\t\t\t\t\t<\/div>\n\t\t\t\t\t\t\t\t<\/block-accordion-item>\n\t\t\t\t\t\t\t\t\t\t\t\t\t\t<block-accordion-item inline-template item-headline=\"Jemek Jemowit\">\n\t\t\t\t\t\t\t\t<div ref=\"item\" data-id=\"JemekJemowit\" class=\"block-accordion-item vue-initialize\" aria-expanded=\"false\" :aria-expanded=\"active ? 'true' : 'false'\">\n\t\t\t\t\t\t\t\t\t<button class=\"accordion-button-with-icon block-accordion-item-head\" :class=\"{'button-active': active}\" ref=\"head\" aria-controls=\"acc_69f29ff2a11e7\" id=\"acc_title_69f29ff2a11e9\" @click=\"toggle\" @keydown=\"key\">\n\t\t\t\t\t\t\t\t\t<div><span class=\"button-label\">Jemek Jemowit<\/span><\/div><span class=\"button-icon icon-plus\" aria-hidden=\"true\"><\/span>\n\t\t\t\t\t\t\t\t<\/button>\n\t\t\t\t\t\t\t\t\t<div ref=\"body\" class=\"block-accordion-item-content\" id=\"acc_69f29ff2a11e7\" role=\"region\">\n\t\t\t\t\t\t\t\t\t\t<div class=\"wrapper copy\">\n\t\t\t\t\t\t\t\t\t\t\t<p>Born in 1986 in Gdynia, Poland, Ziemowit Nowak is better known as his alter ego, goth-glam musician Jemek Jemowit. His artistic journey has spanned various genres since 2009, and he has helped to shape the musical landscape with his political and conceptual approach. His album \u201cLegenda Zygmunt Blask\u201d (2021), which accompanies the film shown here, concludes his Polish trilogy after \u201cTEKKNO POLO\u201d (2013) and \u201cwr\u00f3g publiczny no. 1\u201d (2016). In addition to his work as a performer and musician, Nowak has been running the art and culture venue<em>\u00a0TROPEZ<\/em>\u00a0at Sommerbad Humboldthain in Berlin\u2019s Wedding district since 2019. Together with Ewa Maria Slaska and Anna Krenz, he conceived of and realised the Open Space \u201cLiberty, Equality, Solidarno\u015b\u0107\u201d at BERLIN GLOBAL.<\/p>\n\n\t\t\t\t\t\t\t\t\t\t\t\t\t\t\t\t\t\t\t\t\t\t\t\t\t\t\t\t\t\t\t\t\t\n\t\t\t\t\t\t\t\t\t\t\t<div class=\"row\">\n\t\t\t\t\t\t\t\t\t\t\t\t<div class=\"col-xs-9 col-md-9\">\n\t\t\t\t\t\t\t\t\t\t\t\t\t<div class=\"box\">\n\t\t\t\t\t\t\t\t\t\t\t\t\t\t\t\t\t\t\t\t\t\t\t\t\t\t\t<\/div>\n\t\t\t\t\t\t\t\t\t\t\t\t<\/div>\n\t\t\t\t\t\t\t\t\t\t\t<\/div>\n\n\t\t\t\t\t\t\t\t\t\t\t\t\t\t\t\t\t\t\t\t\t<\/div>\n\t\t\t\t\t\t\t\t\t<\/div>\n\t\t\t\t\t\t\t\t<\/div>\n\t\t\t\t\t\t\t\t<\/block-accordion-item>\n\t\t\t\t\t\t\t\t\t\t\t\t\t\t<block-accordion-item inline-template item-headline=\"Ewa Maria Slaska\">\n\t\t\t\t\t\t\t\t<div ref=\"item\" data-id=\"EwaMariaSlaska\" class=\"block-accordion-item vue-initialize\" aria-expanded=\"false\" :aria-expanded=\"active ? 'true' : 'false'\">\n\t\t\t\t\t\t\t\t\t<button class=\"accordion-button-with-icon block-accordion-item-head\" :class=\"{'button-active': active}\" ref=\"head\" aria-controls=\"acc_69f29ff2a142e\" id=\"acc_title_69f29ff2a142f\" @click=\"toggle\" @keydown=\"key\">\n\t\t\t\t\t\t\t\t\t<div><span class=\"button-label\">Ewa Maria Slaska<\/span><\/div><span class=\"button-icon icon-plus\" aria-hidden=\"true\"><\/span>\n\t\t\t\t\t\t\t\t<\/button>\n\t\t\t\t\t\t\t\t\t<div ref=\"body\" class=\"block-accordion-item-content\" id=\"acc_69f29ff2a142e\" role=\"region\">\n\t\t\t\t\t\t\t\t\t\t<div class=\"wrapper copy\">\n\t\t\t\t\t\t\t\t\t\t\t<p>Born in Sopot, Poland in 1949. A writer, editor, publicist, blogger, project manager, translator, teacher and curator, Ewa Maria Slaska also sees herself as a mediator between German and Polish realities. She fled to Berlin in 1985 as an activist of the\u00a0<em>Solidarno\u015b\u0107\u00a0<\/em>movement. She has since been involved in refugee aid and numerous cultural and political projects. Together with Anna Krenz and Jemek Jemowit, she conceived of and realised the Open Space \u201cLiberty, Equality, Solidarno\u015b\u0107\u201d at BERLIN GLOBAL.<\/p>\n\n\t\t\t\t\t\t\t\t\t\t\t\t\t\t\t\t\t\t\t\t\t\t\t\t\t\t\t\t\t\t\t\t\t\n\t\t\t\t\t\t\t\t\t\t\t<div class=\"row\">\n\t\t\t\t\t\t\t\t\t\t\t\t<div class=\"col-xs-9 col-md-9\">\n\t\t\t\t\t\t\t\t\t\t\t\t\t<div class=\"box\">\n\t\t\t\t\t\t\t\t\t\t\t\t\t\t\t\t\t\t\t\t\t\t\t\t\t\t\t<\/div>\n\t\t\t\t\t\t\t\t\t\t\t\t<\/div>\n\t\t\t\t\t\t\t\t\t\t\t<\/div>\n\n\t\t\t\t\t\t\t\t\t\t\t\t\t\t\t\t\t\t\t\t\t<\/div>\n\t\t\t\t\t\t\t\t\t<\/div>\n\t\t\t\t\t\t\t\t<\/div>\n\t\t\t\t\t\t\t\t<\/block-accordion-item>\n\t\t\t\t\t\t\t\t\t\t\t\t\t\t<block-accordion-item inline-template item-headline=\"Leon Dziemaszkiewicz\">\n\t\t\t\t\t\t\t\t<div ref=\"item\" data-id=\"LeonDziemaszkiewicz\" class=\"block-accordion-item vue-initialize\" aria-expanded=\"false\" :aria-expanded=\"active ? 'true' : 'false'\">\n\t\t\t\t\t\t\t\t\t<button class=\"accordion-button-with-icon block-accordion-item-head\" :class=\"{'button-active': active}\" ref=\"head\" aria-controls=\"acc_69f29ff2a1698\" id=\"acc_title_69f29ff2a1699\" @click=\"toggle\" @keydown=\"key\">\n\t\t\t\t\t\t\t\t\t<div><span class=\"button-label\">Leon Dziemaszkiewicz<\/span><\/div><span class=\"button-icon icon-plus\" aria-hidden=\"true\"><\/span>\n\t\t\t\t\t\t\t\t<\/button>\n\t\t\t\t\t\t\t\t\t<div ref=\"body\" class=\"block-accordion-item-content\" id=\"acc_69f29ff2a1698\" role=\"region\">\n\t\t\t\t\t\t\t\t\t\t<div class=\"wrapper copy\">\n\t\t\t\t\t\t\t\t\t\t\t<p>Krzysztof \u201cLeon\u201d Dziemaszkiewicz (born 1963 in Poland) is a Berlin-based performer and visual artist. He began his career as a dancer and choreographer at the Teatr Ekspresji in Gdansk in the early 1990s. In 1995 he founded his own company, Read My Lips Theatre. He has lived and worked in Berlin and Gdansk since 1998. His art has been shown in the USA, France, Germany, Turkey, Brazil, Canada, Italy and many other countries.<\/p>\n\n\t\t\t\t\t\t\t\t\t\t\t\t\t\t\t\t\t\t\t\t\t\t\t\t\t\t\t\t\t\t\t\t\t\n\t\t\t\t\t\t\t\t\t\t\t<div class=\"row\">\n\t\t\t\t\t\t\t\t\t\t\t\t<div class=\"col-xs-9 col-md-9\">\n\t\t\t\t\t\t\t\t\t\t\t\t\t<div class=\"box\">\n\t\t\t\t\t\t\t\t\t\t\t\t\t\t\t\t\t\t\t\t\t\t\t\t\t\t\t<\/div>\n\t\t\t\t\t\t\t\t\t\t\t\t<\/div>\n\t\t\t\t\t\t\t\t\t\t\t<\/div>\n\n\t\t\t\t\t\t\t\t\t\t\t\t\t\t\t\t\t\t\t\t\t<\/div>\n\t\t\t\t\t\t\t\t\t<\/div>\n\t\t\t\t\t\t\t\t<\/div>\n\t\t\t\t\t\t\t\t<\/block-accordion-item>\n\t\t\t\t\t\t\t\t\t\t\t\t\t\t<block-accordion-item inline-template item-headline=\"Joanna Ratajczak\">\n\t\t\t\t\t\t\t\t<div ref=\"item\" data-id=\"JoannaRatajczak\" class=\"block-accordion-item vue-initialize\" aria-expanded=\"false\" :aria-expanded=\"active ? 'true' : 'false'\">\n\t\t\t\t\t\t\t\t\t<button class=\"accordion-button-with-icon block-accordion-item-head\" :class=\"{'button-active': active}\" ref=\"head\" aria-controls=\"acc_69f29ff2a1945\" id=\"acc_title_69f29ff2a1946\" @click=\"toggle\" @keydown=\"key\">\n\t\t\t\t\t\t\t\t\t<div><span class=\"button-label\">Joanna Ratajczak<\/span><\/div><span class=\"button-icon icon-plus\" aria-hidden=\"true\"><\/span>\n\t\t\t\t\t\t\t\t<\/button>\n\t\t\t\t\t\t\t\t\t<div ref=\"body\" class=\"block-accordion-item-content\" id=\"acc_69f29ff2a1945\" role=\"region\">\n\t\t\t\t\t\t\t\t\t\t<div class=\"wrapper copy\">\n\t\t\t\t\t\t\t\t\t\t\t<p>Joanna Ratajczak is a Polish-German radio and TV journalist, producer and filmmaker. After studying political science and journalism in Pozna\u0144, she moved to Berlin in 2001. There she became known at JazzRadio Berlin, presenting and producing various programmes, including the well-known \u2018JazzRio!\u2019. Her career was honoured with a bronze medal at the New York International Radio Programming Awards in 2014. Ratajczak is also active as a DJ in Berlin and has been working intensively with RBB since 2011, where she produces articles, reports and documentaries. In 2018, she returned to Poland to further develop her skills in film. She studied at the Wajda Film School in Warsaw and the W\u0142adys\u0142aw \u015alesicki Film Foundation. Her debut documentary \u2018TRUST ME\u2019, made in collaboration with HBO, will premiere at the DOK\u00a0<span class=\"w-term-highlight\">FEST<\/span>\u00a0Munich Film Festival in May 2024.<\/p>\n\n\t\t\t\t\t\t\t\t\t\t\t\t\t\t\t\t\t\t\t\t\t\t\t\t\t\t\t\t\t\t\t\t\t\n\t\t\t\t\t\t\t\t\t\t\t<div class=\"row\">\n\t\t\t\t\t\t\t\t\t\t\t\t<div class=\"col-xs-9 col-md-9\">\n\t\t\t\t\t\t\t\t\t\t\t\t\t<div class=\"box\">\n\t\t\t\t\t\t\t\t\t\t\t\t\t\t\t\t\t\t\t\t\t\t\t\t\t\t\t<\/div>\n\t\t\t\t\t\t\t\t\t\t\t\t<\/div>\n\t\t\t\t\t\t\t\t\t\t\t<\/div>\n\n\t\t\t\t\t\t\t\t\t\t\t\t\t\t\t\t\t\t\t\t\t<\/div>\n\t\t\t\t\t\t\t\t\t<\/div>\n\t\t\t\t\t\t\t\t<\/div>\n\t\t\t\t\t\t\t\t<\/block-accordion-item>\n\t\t\t\t\t\t\t\t\t\t\t\t\t<\/div>\n\t\t\t\t\t\t<\/block-accordion>\n\t\t\t\t\t\t\t\t\t<\/div>\n\t\t\t<\/div>\n\t\t<\/div>\n\t<\/div>\n<\/section>\n\n\n<section class=\"block block-headline block-no-margin \" >\n\t<div class=\"container-fluid\">\n\t\t<div class=\"row\">\n\t\t\t\t\t\t\t<div class=\"col-xs-12 col-md-offset-2 col-md-8\">\n\t\t\t\t\t<div class=\"box\">\n\t\t\t\t\t\t<h2 class=\".h5\">Meda Partners<\/h2>\n\t\t\t\t\t<\/div>\n\t\t\t\t<\/div>\n\t\t\t\t\t<\/div>\n\t<\/div>\n<\/section>\n\n\n\n\n<section class=\"block block-logos\" >\n    <div class=\"container-fluid\">\n\t\t<div class=\"row\">\n\t\t\t<div class=\"col-xs-12 col-sm-8 col-sm-offset-2\">\n\t\t\t\t<div class=\"box\">\n\t\t\t\t\t<div class=\"row  middle-xs\">\n\t\t\t\t\t\t\n\t\t\t\t\t\t<div class=\"col-xs-4 col-sm-3 col-sm-2\">\n\t\t\t\t\t\t\t<div class=\"box margin-sixth-top\">\n\t\t\t\t\t\t\t\t<img decoding=\"async\" alt=\"Arts of the Working Class\" src=\"https:\/\/www.humboldtforum.org\/wp-content\/uploads\/2024\/04\/SHF_eb00223308.jpg\" style=\"display: inline-block; width: 100%\" \/>\n\t\t\t\t\t\t\t<\/div>\n\t\t\t\t\t\t<\/div>\n\t\t\t\t\t\t\n\t\t\t\t\t\t<div class=\"col-xs-4 col-sm-3 col-sm-2\">\n\t\t\t\t\t\t\t<div class=\"box margin-sixth-top\">\n\t\t\t\t\t\t\t\t<img decoding=\"async\" alt=\"tipBerlin\" src=\"https:\/\/www.humboldtforum.org\/wp-content\/uploads\/2024\/04\/SHF_eb00223321.jpg\" style=\"display: inline-block; width: 100%\" \/>\n\t\t\t\t\t\t\t<\/div>\n\t\t\t\t\t\t<\/div>\n\t\t\t\t\t\t\n\t\t\t\t\t\t<div class=\"col-xs-4 col-sm-3 col-sm-2\">\n\t\t\t\t\t\t\t<div class=\"box margin-sixth-top\">\n\t\t\t\t\t\t\t\t<img decoding=\"async\" alt=\"TheBerliner\" src=\"https:\/\/www.humboldtforum.org\/wp-content\/uploads\/2024\/04\/SHF_eb00223320.jpg\" style=\"display: inline-block; width: 100%\" \/>\n\t\t\t\t\t\t\t<\/div>\n\t\t\t\t\t\t<\/div>\n\t\t\t\t\t\t\t\t\t\t\t<\/div>\n\t\t\t\t<\/div>\n\t\t\t<\/div>\n        <\/div>\n    <\/div>\n<\/section>\n\n\n<section class=\"block block-teaser col-1 has-bg\" style=\"--teaser-bg:#f2f2f2\">\n\t<lazy-component :fixed-min-height=\"400\">\n\t\n\t\t\t\t\t<div class=\"container-fluid\">\n\t\t\t\t<div class=\"row bottom-xs\">\n\t\t\t\t\t<div class=\"col-xs-12 col-sm-10 col-md-8 col-sm-offset-1 col-md-offset-2\">\n\t\t\t\t\t\t<h4>belongs to<\/h4>\t\t\t\t\t\t\t\t\t\t\t\t\t\t\t\t\t\t\t<\/div>\n\t\t\t\t\t<div class=\"col-xs-12 col-sm-10 col-md-8 col-sm-offset-1 col-md-offset-2 start-xs end-md margin-bottom-sixth\">\n\t\t\t\t\t\t\t\t\t\t\t<\/div>\n\t\t\t\t<\/div>\n\t\t\t\t<ul class=\"row\">\n\t\t\t\n<li class=\"col-xs-12 teaser-wrapper col-padding-remove\">\n\t<calendarteaser key=\"1647120114\" rawitem='{&quot;postId&quot;:16471,&quot;title&quot;:&quot;BERLIN GLOBAL&quot;,&quot;excerpt&quot;:&quot;Past, present and future: much of what happens in Berlin has an impact on the world. And much of what happens in the world affects Berlin. BERLIN GLOBAL, an exhibition on 4,000 square metres of space at the Humboldt Forum, shows how the city and its people are connected with the world. &quot;,&quot;slug&quot;:&quot;berlin-global&quot;,&quot;post_date&quot;:&quot;2020-10-23T08:36&quot;,&quot;type&quot;:&quot;event-permanent&quot;,&quot;permalink&quot;:&quot;https:\\\/\\\/www.humboldtforum.org\\\/en\\\/programm\\\/dauerangebot\\\/exhibition\\\/berlin-global-16471\\\/&quot;,&quot;genre&quot;:[552],&quot;genre_details&quot;:[{&quot;text&quot;:&quot;Exhibition&quot;,&quot;id&quot;:552,&quot;icon&quot;:null,&quot;parent&quot;:0}],&quot;stakeholder&quot;:[593],&quot;stakeholder_details&quot;:[{&quot;text&quot;:&quot;Kulturprojekte Berlin \\\/ Stadtmuseum Berlin&quot;,&quot;id&quot;:593,&quot;icon&quot;:null,&quot;parent&quot;:0}],&quot;editorial&quot;:[647,637,638],&quot;editorial_details&quot;:[{&quot;text&quot;:&quot;diverse&quot;,&quot;id&quot;:647,&quot;icon&quot;:null,&quot;parent&quot;:0},{&quot;text&quot;:&quot;engaging&quot;,&quot;id&quot;:637,&quot;icon&quot;:null,&quot;parent&quot;:0},{&quot;text&quot;:&quot;interactive&quot;,&quot;id&quot;:638,&quot;icon&quot;:null,&quot;parent&quot;:0}],&quot;targetgroup&quot;:[585],&quot;targetgroup_details&quot;:[{&quot;text&quot;:&quot;Adults&quot;,&quot;id&quot;:585,&quot;icon&quot;:null,&quot;parent&quot;:0}],&quot;language&quot;:[580,579],&quot;language_details&quot;:[{&quot;text&quot;:&quot;English&quot;,&quot;id&quot;:580,&quot;icon&quot;:null,&quot;parent&quot;:0},{&quot;text&quot;:&quot;German&quot;,&quot;id&quot;:579,&quot;icon&quot;:null,&quot;parent&quot;:0}],&quot;accessability&quot;:[596],&quot;accessability_details&quot;:[{&quot;text&quot;:&quot;Accessible for wheelchairs&quot;,&quot;id&quot;:596,&quot;icon&quot;:null,&quot;parent&quot;:0}],&quot;place&quot;:[598],&quot;place_details&quot;:{&quot;place&quot;:&quot;Humboldt Forum&quot;,&quot;map&quot;:&quot;Humboldt Forum, Schlossplatz, Berlin&quot;,&quot;room&quot;:&quot;Berlin Exhibition, 1st floor&quot;},&quot;icon_overwrite&quot;:&quot;&quot;,&quot;acf&quot;:{&quot;shorturl&quot;:&quot;&quot;,&quot;subline&quot;:&quot;Berlin Exhibition at the Humboldt Forum&quot;,&quot;marketing_text&quot;:&quot;Experience how the city and its people are connected with the world. &quot;,&quot;shorttext&quot;:&quot;Past, present and future: much of what happens in Berlin has an impact on the world. And much of what happens in the world affects Berlin. BERLIN GLOBAL, an exhibition on 4,000 square metres of space at the Humboldt Forum, shows how the city and its people are connected with the world. &quot;,&quot;longtext&quot;:&quot;Past, present and future: much of what happens in Berlin has an impact on the world. And much of what happens in the world affects Berlin. BERLIN GLOBAL, an exhibition on 4,000 square metres of space at the Humboldt Forum, shows how the city and its people are connected with the world. Visitors start in a room called Thinking the World and move on to an introductory space entitled Berlin Images. Rooms with individual themes then follow: Revolution, Free Space, Boundaries, Entertainment, War, Fashion and Interconnection. These aspects also feature in other metropolises, but the constellation captures the essence of the city.&quot;,&quot;highlight_header&quot;:true,&quot;highlight_header_image&quot;:66325,&quot;has_mobile_format&quot;:true,&quot;highlight_header_image_mobile&quot;:66323,&quot;tipp&quot;:false,&quot;joker&quot;:false,&quot;live&quot;:false,&quot;display_as_single&quot;:false,&quot;hyphenation&quot;:false,&quot;planning&quot;:{&quot;price&quot;:&quot;9 EUR \\\/ 0 EUR&quot;,&quot;status&quot;:&quot;BUY&quot;,&quot;info&quot;:&quot;9 EUR, red. 0 EUR&quot;,&quot;shop&quot;:&quot;https:\\\/\\\/tickets.humboldtforum.org\\\/#\\\/tickets\\\/time?museum_id=1&amp;exhibition_id=1&amp;group=day&quot;,&quot;can_purchase&quot;:true},&quot;periods&quot;:[{&quot;label&quot;:&quot;&quot;,&quot;dates&quot;:[{&quot;start&quot;:&quot;202302131320&quot;,&quot;end&quot;:&quot;204601020000&quot;,&quot;has_end&quot;:false,&quot;start_HRFSHORT&quot;:&quot;13\\\/02\\\/23&quot;,&quot;start_HRFSHORT_WD&quot;:&quot;Mon 13\\\/02\\\/2023&quot;}],&quot;monday&quot;:[{&quot;start&quot;:&quot;10:30&quot;,&quot;end&quot;:&quot;18:30&quot;,&quot;closed&quot;:false}],&quot;tuesday&quot;:[{&quot;start&quot;:&quot;10:00&quot;,&quot;end&quot;:&quot;20:00&quot;,&quot;closed&quot;:true}],&quot;wednesday&quot;:[{&quot;start&quot;:&quot;10:30&quot;,&quot;end&quot;:&quot;18:30&quot;,&quot;closed&quot;:false}],&quot;thursday&quot;:[{&quot;start&quot;:&quot;10:30&quot;,&quot;end&quot;:&quot;18:30&quot;,&quot;closed&quot;:false}],&quot;friday&quot;:[{&quot;start&quot;:&quot;10:30&quot;,&quot;end&quot;:&quot;18:30&quot;,&quot;closed&quot;:false}],&quot;saturday&quot;:[{&quot;start&quot;:&quot;10:30&quot;,&quot;end&quot;:&quot;18:30&quot;,&quot;closed&quot;:false}],&quot;sunday&quot;:[{&quot;start&quot;:&quot;10:30&quot;,&quot;end&quot;:&quot;18:30&quot;,&quot;closed&quot;:false}],&quot;info&quot;:&quot;&quot;,&quot;description&quot;:&quot;&quot;}],&quot;period_exception&quot;:[{&quot;label&quot;:&quot;&quot;,&quot;date&quot;:&quot;202512240000&quot;,&quot;closed&quot;:true,&quot;start&quot;:&quot;10:30&quot;,&quot;end&quot;:&quot;13:30&quot;,&quot;date_HRFSHORT&quot;:&quot;24\\\/12\\\/25&quot;},{&quot;label&quot;:&quot;&quot;,&quot;date&quot;:&quot;202512250000&quot;,&quot;closed&quot;:false,&quot;start&quot;:&quot;12:00&quot;,&quot;end&quot;:&quot;18:00&quot;,&quot;date_HRFSHORT&quot;:&quot;25\\\/12\\\/25&quot;},{&quot;label&quot;:&quot;&quot;,&quot;date&quot;:&quot;202512260000&quot;,&quot;closed&quot;:false,&quot;start&quot;:&quot;12:00&quot;,&quot;end&quot;:&quot;18:00&quot;,&quot;date_HRFSHORT&quot;:&quot;26\\\/12\\\/25&quot;},{&quot;label&quot;:&quot;&quot;,&quot;date&quot;:&quot;202512300000&quot;,&quot;closed&quot;:false,&quot;start&quot;:&quot;10:30&quot;,&quot;end&quot;:&quot;18:30&quot;,&quot;date_HRFSHORT&quot;:&quot;30\\\/12\\\/25&quot;},{&quot;label&quot;:&quot;&quot;,&quot;date&quot;:&quot;202512310000&quot;,&quot;closed&quot;:true,&quot;start&quot;:&quot;12:00&quot;,&quot;end&quot;:&quot;18:00&quot;,&quot;date_HRFSHORT&quot;:&quot;31\\\/12\\\/25&quot;},{&quot;label&quot;:&quot;&quot;,&quot;date&quot;:&quot;202601010000&quot;,&quot;closed&quot;:false,&quot;start&quot;:&quot;12:00&quot;,&quot;end&quot;:&quot;18:00&quot;,&quot;date_HRFSHORT&quot;:&quot;01\\\/01\\\/26&quot;}],&quot;noindex&quot;:false,&quot;keywords&quot;:&quot;&quot;,&quot;use_opening_hours_of_the_house&quot;:false,&quot;additional_info&quot;:{&quot;icon&quot;:&quot;icon-bullet_active&quot;,&quot;text&quot;:&quot;Maintenance work: The BERLIN GLOBAL exhibition will be closed from 4 to 6 May 2026.&quot;},&quot;use_video_in_teasers&quot;:false,&quot;hide_event_in_program&quot;:false,&quot;infotext&quot;:&quot;last admission 5:30 pm.&quot;,&quot;events&quot;:[38535,49606,126194,126797,128681,132203,132268,132355,86710,133084,133088,135867,135871,135878,135883,135888,135892,136672,136678,136682,137235,137715,136840,120493,140366,147932,148714,149605,153809,154675,157010,157050,157745,157756,158483,142934,161507,163231],&quot;tickettext&quot;:&quot;BERLIN GLOBAL can also be visited with a Humboldt Forum ticket, see Visit &gt; Admission &amp; Tickets&quot;},&quot;period_list&quot;:&quot;&lt;strong&gt;Opening hours&lt;\\\/strong&gt;\\nMon, Wed, Thu, Fri, Sat, Sun: 10:30 am \\u2013 6:30 pm  \\nTue: closed\\n\\n&quot;,&quot;period_exception&quot;:&quot;&quot;,&quot;date&quot;:{&quot;infinite&quot;:true,&quot;from_DATE&quot;:202302131320,&quot;from&quot;:1676332200,&quot;from_TIME&quot;:&quot;10:30&quot;,&quot;to&quot;:1809110880,&quot;to_DATE&quot;:202704300018,&quot;to_TIME&quot;:&quot;18:30&quot;,&quot;from_HRFSHORT&quot;:&quot;13 Feb 2023&quot;,&quot;from_HRFSHORT_WD&quot;:&quot;Mon 13\\\/02\\\/2023&quot;,&quot;from_HRF&quot;:&quot;Mon, 13 February 2023&quot;,&quot;to_HRF&quot;:&quot;Fri, 30 April 2027&quot;,&quot;to_HRFSHORT&quot;:&quot;30 Apr 2027&quot;,&quot;to_HRFSHORT_WD&quot;:&quot;Fri 30\\\/04\\\/2027&quot;,&quot;from_to_HRF&quot;:&quot;Mon, 13 February 2023 \\u2013 Fri, 30 April 2027&quot;,&quot;from_to_HRFSHORT&quot;:&quot;13 Feb 2023 \\u2013 30 Apr 2027&quot;,&quot;NXX&quot;:&quot;202604300018&quot;,&quot;NLAST&quot;:&quot;202704301848&quot;,&quot;NX&quot;:&quot;20260430&quot;},&quot;alert&quot;:&quot;Highlight&quot;,&quot;partof&quot;:[],&quot;marketing_topic&quot;:&quot;&quot;}' inline-template>\n\t<a href=\"https:\/\/www.humboldtforum.org\/en\/programm\/dauerangebot\/exhibition\/berlin-global-16471\/\" class=\"teaser teaser-event-permanent teaser-event-standard\">\n\t\t<div class=\"row\">\n\t\t\t<div class=\"col-xs-12 col-sm-6 col-md-5 col-sm-offset-1 col-md-offset-2 first-sm teaser-event-text Infos\">\n\t\t\t\t<div class=\"teaser-event-standard-text\">\n\t\t\t\t\t<div class=\"margin-bottom-atom\">\n\t\t\t\t\t\t<div class=\"subline clamp-1\" v-html=\"maingenre\"><\/div>\n\t\t\t\t\t\t\t\t\t\t\t<\/div>\n\t\t\t\t\n\t\t\t\t\t<strong class=\"margin-bottom-atom h5\">BERLIN GLOBAL<\/strong>\n\n\t\t\t\t\t\t\t\t\t\t\t<div class=\"\">Experience how the city and its people are connected with the world. <\/div>\n\t\t\t\t\t\t\t\t\t<\/div>\n\t\t\t\t<div class=\"teaser-bottom border-bottom\">\n\t\t\t\t<calendardateline :rawitem='item' :show-icon=\"true\"><\/calendardateline>\n\t\t\t\t\t<hr>\n\t\t\t\t<\/div>\n\t\t\t<\/div>\n\t\t\t<div class=\"col-xs-12 col-sm-4 col-md-3 teaser-event-image bottom-xs first-xs\">\n\t\t\t\t<div class=\"teaser-image teaser-image-no-alternate\">\n\t\t\t\t\t\t\t\t\t\t\t\t\t<span class=\"alert\">Highlight<\/span>\n\t\t\t\t\t\t\t\t\t\t\t\n\t<lazy-media-inline inline-template>\n\t\t<figure itemscope itemtype=\"http:\/\/schema.org\/ImageObject\" class=\"lazy-media-inline \" role=\"group\" id=\"media_69f29ff2c61de\" aria-labelledby=\"desc_media_69f29ff2c61de\">\n\t\t\t<script type=\"application\/json\" ref=\"data\">\n\t\t\t\t{\n\t\t\t\t\"sizes\" : {\"medium\":{\"file\":\"BG-Visual-2-176x300.jpg\",\"width\":176,\"height\":300,\"mime-type\":\"image\\\/jpeg\",\"filesize\":10918},\"large\":{\"file\":\"BG-Visual-2-600x1024.jpg\",\"width\":600,\"height\":1024,\"mime-type\":\"image\\\/jpeg\",\"filesize\":51578},\"thumbnail\":{\"file\":\"BG-Visual-2-150x150.jpg\",\"width\":150,\"height\":150,\"mime-type\":\"image\\\/jpeg\",\"filesize\":7184},\"medium_large\":{\"file\":\"BG-Visual-2-768x1312.jpg\",\"width\":768,\"height\":1312,\"mime-type\":\"image\\\/jpeg\",\"filesize\":71401},\"small\":{\"file\":\"BG-Visual-2-258x440.jpg\",\"width\":258,\"height\":440,\"mime-type\":\"image\\\/jpeg\",\"filesize\":17917},\"semi\":{\"file\":\"BG-Visual-2-340x580.jpg\",\"width\":340,\"height\":580,\"mime-type\":\"image\\\/jpeg\",\"filesize\":24870},\"mobile\":{\"file\":\"BG-Visual-2-422x720.jpg\",\"width\":422,\"height\":720,\"mime-type\":\"image\\\/jpeg\",\"filesize\":32315},\"hd\":{\"file\":\"BG-Visual-2-749x1280.jpg\",\"width\":749,\"height\":1280,\"mime-type\":\"image\\\/jpeg\",\"filesize\":68644},\"full\":{\"file\":\"BG-Visual-2-1124x1920.jpg\",\"width\":1124,\"height\":1920,\"mime-type\":\"image\\\/jpeg\",\"filesize\":120736},\"1536x1536\":{\"file\":\"BG-Visual-2-899x1536.jpg\",\"width\":899,\"height\":1536,\"mime-type\":\"image\\\/jpeg\",\"filesize\":87922},\"2048x2048\":{\"file\":\"BG-Visual-2-1199x2048.jpg\",\"width\":1199,\"height\":2048,\"mime-type\":\"image\\\/jpeg\",\"filesize\":131087},\"original\":{\"file\":\"BG-Visual-2.jpg\",\"width\":1780,\"height\":3040}},\n\t\t\t\t\"alt\" : \"Colorful graphic with the text \\\"BERLIN GLOBAL\\\" in large yellow letters on a pink background.\",\n\t\t\t\t\"path\" : \"\\\/wp-content\\\/uploads\\\/2022\\\/12\\\/\",\n\t\t\t\t\"video\" : null,\n\t\t\t\t\"autoplay\" : null,\n\t\t\t\t\"youtube\" : null,\n\t\t\t\t\"youtubelabel\" : \"Play video\",\n\t\t\t\t\"brightness\" : 100,\n\t\t\t\t\"crop\" : {\"top\":\"16.07\",\"left\":\"49.69\"},\n\t\t\t\t\"background\" : true,\n\t\t\t\t\"scale\" : 2\t\t\t\t}\n\t\t\t<\/script>\n\n\t\t\t<div class=\"height-container\" style=\"padding-bottom:170.78651685393%;\" v-if=\"sizes\">\n\t\t\t\t\t\t\t\t<lazy-media :inline=\"true\" :alt=\"alt\" :sizes=\"sizes\" :scale=\"scale\" :brightness=\"brightness\" :path=\"path\" :video=\"video\" :autoplay=\"autoplay\" :youtube=\"youtube\" :crop=\"crop\" :youtubelabel=\"youtubelabel\" :background=\"background\" media-id=\"desc_media_69f29ff2c61de\"><\/lazy-media>\n\t\t\t\t\t\t\t<\/div>\n\n\t\t\t\t\t\t\t<figcaption class=\"sr-only\" ref=\"body\" id=\"desc_media_69f29ff2c61de\">\n\t\t\t\t\t\t\t\t\t\t\t\t\t\t\t\t<div>Key Visual Berlin Global Bisky Kampagne 2022  <\/div>\n\t\t\t\t\t\t\t\t\t\t\t\t\t\t\t\t<div class=\"insignificant\">\u00a9  Stiftung Stadtmuseum Berlin und Kulturprojekte Berlin \/ caromarta Studio<\/div>\n\t\t\t\t\t\t\t\t\t<\/figcaption>\n\t\t\t\t\t<\/figure>\n\t<\/lazy-media-inline>\n\t\t\t\t<\/div>\n\t\t\t<\/div>\n\t\t<\/div>\n\t<\/a>\n\t<\/calendarteaser>\n<\/li>\n\n\n<li class=\"col-xs-12 teaser-wrapper col-padding-remove\">\n\t<calendarteaser key=\"12866020785\" rawitem='{&quot;postId&quot;:128660,&quot;title&quot;:&quot;Liberty, Equality, Solidarno\\u015b\\u0107&quot;,&quot;excerpt&quot;:&quot;&quot;,&quot;slug&quot;:&quot;liberty-equality-solidarnosc&quot;,&quot;post_date&quot;:&quot;2024-04-29T09:41&quot;,&quot;type&quot;:&quot;event-period&quot;,&quot;permalink&quot;:&quot;https:\\\/\\\/www.humboldtforum.org\\\/en\\\/programm\\\/laufzeitangebot\\\/exhibition\\\/liberty-equality-solidarnosc-128660\\\/&quot;,&quot;genre&quot;:[552],&quot;genre_details&quot;:[{&quot;text&quot;:&quot;Exhibition&quot;,&quot;id&quot;:552,&quot;icon&quot;:null,&quot;parent&quot;:0}],&quot;stakeholder&quot;:[593],&quot;stakeholder_details&quot;:[{&quot;text&quot;:&quot;Kulturprojekte Berlin \\\/ Stadtmuseum Berlin&quot;,&quot;id&quot;:593,&quot;icon&quot;:null,&quot;parent&quot;:0}],&quot;language&quot;:[580,579,864],&quot;language_details&quot;:[{&quot;text&quot;:&quot;English&quot;,&quot;id&quot;:580,&quot;icon&quot;:null,&quot;parent&quot;:0},{&quot;text&quot;:&quot;German&quot;,&quot;id&quot;:579,&quot;icon&quot;:null,&quot;parent&quot;:0},{&quot;text&quot;:&quot;Polish&quot;,&quot;id&quot;:864,&quot;icon&quot;:null,&quot;parent&quot;:0}],&quot;place&quot;:[1920,1902],&quot;place_details&quot;:{&quot;place&quot;:&quot;Humboldt Forum&quot;,&quot;map&quot;:&quot;Humboldt Forum, Schlossplatz, Berlin&quot;,&quot;room&quot;:&quot;1st Floor, Room 110, Room 110&quot;},&quot;icon_overwrite&quot;:&quot;&quot;,&quot;acf&quot;:{&quot;planning&quot;:{&quot;price&quot;:&quot;9 EUR \\\/ 0 EUR&quot;,&quot;status&quot;:&quot;BUY&quot;,&quot;info&quot;:&quot;The open space is part of the BERLIN GLOBAL exhibition.&quot;,&quot;shop&quot;:&quot;https:\\\/\\\/tickets.humboldtforum.org\\\/#\\\/tickets\\\/time?museum_id=1&amp;exhibition_id=1&amp;group=day&quot;,&quot;can_purchase&quot;:true},&quot;use_opening_hours_of_the_house&quot;:false,&quot;periods&quot;:[{&quot;label&quot;:&quot;&quot;,&quot;dates&quot;:[{&quot;start&quot;:&quot;202406010000&quot;,&quot;end&quot;:&quot;202603160000&quot;,&quot;has_end&quot;:true,&quot;start_HRFSHORT&quot;:&quot;01\\\/06\\\/24&quot;,&quot;start_HRFSHORT_WD&quot;:&quot;Sat 01\\\/06\\\/2024&quot;,&quot;end_HRFSHORT&quot;:&quot;16\\\/03\\\/26&quot;}],&quot;monday&quot;:[{&quot;start&quot;:&quot;10:30&quot;,&quot;end&quot;:&quot;18:30&quot;,&quot;closed&quot;:false}],&quot;tuesday&quot;:[{&quot;start&quot;:null,&quot;end&quot;:null,&quot;closed&quot;:true}],&quot;wednesday&quot;:[{&quot;start&quot;:&quot;10:30&quot;,&quot;end&quot;:&quot;18:30&quot;,&quot;closed&quot;:false}],&quot;thursday&quot;:[{&quot;start&quot;:&quot;10:30&quot;,&quot;end&quot;:&quot;18:30&quot;,&quot;closed&quot;:false}],&quot;friday&quot;:[{&quot;start&quot;:&quot;10:30&quot;,&quot;end&quot;:&quot;18:30&quot;,&quot;closed&quot;:false}],&quot;saturday&quot;:[{&quot;start&quot;:&quot;10:30&quot;,&quot;end&quot;:&quot;18:30&quot;,&quot;closed&quot;:false}],&quot;sunday&quot;:[{&quot;start&quot;:&quot;10:30&quot;,&quot;end&quot;:&quot;18:30&quot;,&quot;closed&quot;:false}],&quot;info&quot;:&quot;&quot;,&quot;description&quot;:&quot;&quot;}],&quot;display_as_single&quot;:false,&quot;subline&quot;:&quot;Polish Viewpoints in Berlin&quot;,&quot;tickettext&quot;:&quot;From 3 October 2025, BERLIN GLOBAL can also be visited with a Humboldt Forum ticket, see Visit &gt; Admission &amp; Tickets&quot;,&quot;additional_info&quot;:{&quot;icon&quot;:&quot;icon-pin&quot;,&quot;text&quot;:&quot;The open space is part of the BERLIN GLOBAL exhibition in the \\u2018Vergn\\u00fcgen\\u2019 room.&quot;},&quot;highlight_header&quot;:false,&quot;use_video_in_teasers&quot;:false,&quot;hyphenation&quot;:true,&quot;tipp&quot;:false,&quot;joker&quot;:false,&quot;live&quot;:false,&quot;hide_event_in_program&quot;:false,&quot;featured_images&quot;:[130942,130938],&quot;events&quot;:[128606,128673,132203,137715,70398],&quot;noindex&quot;:false,&quot;keywords&quot;:&quot;&quot;,&quot;shorturl&quot;:&quot;&quot;,&quot;overwrite_date&quot;:&quot;Sat, 1 June 2024 \\u2013 extended until Mon, 16 March 2026&quot;,&quot;infotext&quot;:&quot;&quot;,&quot;period_exception&quot;:[]},&quot;period_list&quot;:&quot;&quot;,&quot;period_exception&quot;:&quot;&quot;,&quot;date&quot;:{&quot;infinite&quot;:false,&quot;from_DATE&quot;:202406010000,&quot;from&quot;:1717237800,&quot;from_TIME&quot;:&quot;10:30&quot;,&quot;to&quot;:1773685800,&quot;to_DATE&quot;:202603160000,&quot;to_TIME&quot;:&quot;18:30&quot;,&quot;from_HRFSHORT&quot;:&quot; 1 Jun 2024&quot;,&quot;from_HRFSHORT_WD&quot;:&quot;Sat 01\\\/06\\\/2024&quot;,&quot;from_HRF&quot;:&quot;Sat,  1 June 2024&quot;,&quot;to_HRF&quot;:&quot;Mon, 16 March 2026&quot;,&quot;to_HRFSHORT&quot;:&quot;16 Mar 2026&quot;,&quot;to_HRFSHORT_WD&quot;:&quot;Mon 16\\\/03\\\/2026&quot;,&quot;from_to_HRF&quot;:&quot;Sat,  1 June 2024 \\u2013 Mon, 16 March 2026&quot;,&quot;from_to_HRFSHORT&quot;:&quot; 1 Jun 2024 \\u2013 16 Mar 2026&quot;,&quot;NXX&quot;:null,&quot;NLAST&quot;:&quot;202603161830&quot;},&quot;alert&quot;:null,&quot;partof&quot;:[],&quot;marketing_topic&quot;:&quot;&quot;}' inline-template>\n\t<a href=\"https:\/\/www.humboldtforum.org\/en\/programm\/laufzeitangebot\/exhibition\/liberty-equality-solidarnosc-128660\/\" class=\"teaser teaser-event-period teaser-event-standard\">\n\t\t<div class=\"row\">\n\t\t\t<div class=\"col-xs-12 col-sm-6 col-md-5 col-sm-offset-1 col-md-offset-2 first-sm teaser-event-text Infos\">\n\t\t\t\t<div class=\"teaser-event-standard-text\">\n\t\t\t\t\t<div class=\"margin-bottom-atom\">\n\t\t\t\t\t\t<div class=\"subline clamp-1\" v-html=\"maingenre\"><\/div>\n\t\t\t\t\t\t\t\t\t\t\t<\/div>\n\t\t\t\t\n\t\t\t\t\t<strong class=\"margin-bottom-atom h5\">Liberty, Equality, Solidarno\u015b\u0107<\/strong>\n\n\t\t\t\t\t\t\t\t\t\t\t<div class=\"\">Polish Viewpoints in Berlin<\/div>\n\t\t\t\t\t\t\t\t\t<\/div>\n\t\t\t\t<div class=\"teaser-bottom border-bottom\">\n\t\t\t\t<calendardateline :rawitem='item' :show-icon=\"true\"><\/calendardateline>\n\t\t\t\t\t<hr>\n\t\t\t\t<\/div>\n\t\t\t<\/div>\n\t\t\t<div class=\"col-xs-12 col-sm-4 col-md-3 teaser-event-image bottom-xs first-xs\">\n\t\t\t\t<div class=\"teaser-image teaser-image-no-alternate\">\n\t\t\t\t\t\t\t\t\t\t\t\n\t<lazy-media-inline inline-template>\n\t\t<figure itemscope itemtype=\"http:\/\/schema.org\/ImageObject\" class=\"lazy-media-inline \" role=\"group\" id=\"media_69f29ff2c70c4\" aria-labelledby=\"desc_media_69f29ff2c70c4\">\n\t\t\t<script type=\"application\/json\" ref=\"data\">\n\t\t\t\t{\n\t\t\t\t\"sizes\" : {\"medium\":{\"file\":\"SHF_eb00225787-300x300.jpg\",\"width\":300,\"height\":300,\"mime-type\":\"image\\\/jpeg\",\"filesize\":22561},\"large\":{\"file\":\"SHF_eb00225787-1024x1024.jpg\",\"width\":1024,\"height\":1024,\"mime-type\":\"image\\\/jpeg\",\"filesize\":150291},\"thumbnail\":{\"file\":\"SHF_eb00225787-150x150.jpg\",\"width\":150,\"height\":150,\"mime-type\":\"image\\\/jpeg\",\"filesize\":7771},\"medium_large\":{\"file\":\"SHF_eb00225787-768x768.jpg\",\"width\":768,\"height\":768,\"mime-type\":\"image\\\/jpeg\",\"filesize\":97181},\"small\":{\"file\":\"SHF_eb00225787-440x440.jpg\",\"width\":440,\"height\":440,\"mime-type\":\"image\\\/jpeg\",\"filesize\":41039},\"semi\":{\"file\":\"SHF_eb00225787-580x580.jpg\",\"width\":580,\"height\":580,\"mime-type\":\"image\\\/jpeg\",\"filesize\":63300},\"mobile\":{\"file\":\"SHF_eb00225787-720x720.jpg\",\"width\":720,\"height\":720,\"mime-type\":\"image\\\/jpeg\",\"filesize\":89008},\"original\":{\"file\":\"SHF_eb00225787.jpg\",\"width\":1080,\"height\":1080}},\n\t\t\t\t\"alt\" : \"Cup on a plate with a red sugar cube, pink background with the words: Freedom, Equality, Solidarity.\",\n\t\t\t\t\"path\" : \"\\\/wp-content\\\/uploads\\\/2024\\\/06\\\/\",\n\t\t\t\t\"video\" : null,\n\t\t\t\t\"autoplay\" : null,\n\t\t\t\t\"youtube\" : null,\n\t\t\t\t\"youtubelabel\" : \"Play video\",\n\t\t\t\t\"brightness\" : 100,\n\t\t\t\t\"crop\" : null,\n\t\t\t\t\"background\" : true,\n\t\t\t\t\"scale\" : 2\t\t\t\t}\n\t\t\t<\/script>\n\n\t\t\t<div class=\"height-container\" style=\"padding-bottom:100%;\" v-if=\"sizes\">\n\t\t\t\t\t\t\t\t<lazy-media :inline=\"true\" :alt=\"alt\" :sizes=\"sizes\" :scale=\"scale\" :brightness=\"brightness\" :path=\"path\" :video=\"video\" :autoplay=\"autoplay\" :youtube=\"youtube\" :crop=\"crop\" :youtubelabel=\"youtubelabel\" :background=\"background\" media-id=\"desc_media_69f29ff2c70c4\"><\/lazy-media>\n\t\t\t\t\t\t\t<\/div>\n\n\t\t\t\t\t\t\t<figcaption class=\"sr-only\" ref=\"body\" id=\"desc_media_69f29ff2c70c4\">\n\t\t\t\t\t\t\t\t\t\t\t\t\t\t\t\t\t\t\t<\/figcaption>\n\t\t\t\t\t<\/figure>\n\t<\/lazy-media-inline>\n\t\t\t\t<\/div>\n\t\t\t<\/div>\n\t\t<\/div>\n\t<\/a>\n\t<\/calendarteaser>\n<\/li>\n\n\t\t\t\t<\/ul>\n\t\t\t<\/div>\n\t\t\t\t<\/lazy-component>\n<\/section>\n\n\n\n<section class=\"block block-CTA block-CTA-long leftgradient\">\n\t<div class=\"container-fluid\">\n\t\t<div class=\"row center-xs\">\n\t\t\t<div class=\"col-xs-12\">\n\t\t\t\t<div class=\"box\">\n\t\t\t\t\t<a href=\"https:\/\/www.humboldtforum.org\/en\/newsletter-2\/\" aria-label=\"Stay up to date.\" class=\"teaser teaser-cta-wide \">\n\t\t\t\t\t\t<div class=\"teaser-image\">\n\t\t\t\t\t\t\t\n\t<lazy-media-inline inline-template>\n\t\t<figure itemscope itemtype=\"http:\/\/schema.org\/ImageObject\" class=\"lazy-media-inline \" role=\"group\" id=\"media_69f29ff2c9982\" aria-labelledby=\"desc_media_69f29ff2c9982\">\n\t\t\t<script type=\"application\/json\" ref=\"data\">\n\t\t\t\t{\n\t\t\t\t\"sizes\" : {\"medium\":{\"file\":\"HF_eb00061823-scaled-300x200.jpg\",\"width\":300,\"height\":200,\"mime-type\":\"image\\\/jpeg\",\"filesize\":19186},\"large\":{\"file\":\"HF_eb00061823-scaled-1024x683.jpg\",\"width\":1024,\"height\":683,\"mime-type\":\"image\\\/jpeg\",\"filesize\":138597},\"thumbnail\":{\"file\":\"HF_eb00061823-scaled-150x150.jpg\",\"width\":150,\"height\":150,\"mime-type\":\"image\\\/jpeg\",\"filesize\":8481},\"medium_large\":{\"file\":\"HF_eb00061823-scaled-768x512.jpg\",\"width\":768,\"height\":512,\"mime-type\":\"image\\\/jpeg\",\"filesize\":86200},\"small\":{\"file\":\"HF_eb00061823-scaled-440x293.jpg\",\"width\":440,\"height\":293,\"mime-type\":\"image\\\/jpeg\",\"filesize\":35525},\"semi\":{\"file\":\"HF_eb00061823-scaled-580x387.jpg\",\"width\":580,\"height\":387,\"mime-type\":\"image\\\/jpeg\",\"filesize\":55724},\"mobile\":{\"file\":\"HF_eb00061823-scaled-720x480.jpg\",\"width\":720,\"height\":480,\"mime-type\":\"image\\\/jpeg\",\"filesize\":77971},\"hd\":{\"file\":\"HF_eb00061823-scaled-1280x854.jpg\",\"width\":1280,\"height\":854,\"mime-type\":\"image\\\/jpeg\",\"filesize\":202477},\"full\":{\"file\":\"HF_eb00061823-scaled-1920x1280.jpg\",\"width\":1920,\"height\":1280,\"mime-type\":\"image\\\/jpeg\",\"filesize\":386736},\"1536x1536\":{\"file\":\"HF_eb00061823-scaled-1536x1024.jpg\",\"width\":1536,\"height\":1024,\"mime-type\":\"image\\\/jpeg\",\"filesize\":266197},\"2048x2048\":{\"file\":\"HF_eb00061823-scaled-2048x1366.jpg\",\"width\":2048,\"height\":1366,\"mime-type\":\"image\\\/jpeg\",\"filesize\":430206},\"original\":{\"file\":\"HF_eb00061823-scaled.jpg\",\"width\":2560,\"height\":1707}},\n\t\t\t\t\"alt\" : \"The brightly lit foyer and the Infopoint, DJ booth, the Cosmograph media tower and many visitors milling about\",\n\t\t\t\t\"path\" : \"\\\/wp-content\\\/uploads\\\/2020\\\/04\\\/\",\n\t\t\t\t\"video\" : null,\n\t\t\t\t\"autoplay\" : null,\n\t\t\t\t\"youtube\" : null,\n\t\t\t\t\"youtubelabel\" : \"Play video\",\n\t\t\t\t\"brightness\" : \"70\",\n\t\t\t\t\"crop\" : {\"top\":\"90.17\",\"left\":\"40.27\"},\n\t\t\t\t\"background\" : true,\n\t\t\t\t\"scale\" : 2\t\t\t\t}\n\t\t\t<\/script>\n\n\t\t\t<div class=\"height-container\" style=\"padding-bottom:66.6796875%;\" v-if=\"sizes\">\n\t\t\t\t\t\t\t\t<lazy-media :inline=\"true\" :alt=\"alt\" :sizes=\"sizes\" :scale=\"scale\" :brightness=\"brightness\" :path=\"path\" :video=\"video\" :autoplay=\"autoplay\" :youtube=\"youtube\" :crop=\"crop\" :youtubelabel=\"youtubelabel\" :background=\"background\" media-id=\"desc_media_69f29ff2c9982\"><\/lazy-media>\n\t\t\t\t\t\t\t<\/div>\n\n\t\t\t\t\t\t\t<figcaption class=\"sr-only\" ref=\"body\" id=\"desc_media_69f29ff2c9982\">\n\t\t\t\t\t\t\t\t\t\t\t<div>In the Humboldt Forum&#039;s foyer there is a 17 meter high media tower, called &quot;cosmograph&quot;. It gives visitors comprehensive information about their visit and can transform into an art and light installation.<\/div>\n\t\t\t\t\t\t\t\t\t\t\t\t\t\t\t\t\t\t\t\t\t<div class=\"insignificant\">\u00a9 SHF \/ David von Becker<\/div>\n\t\t\t\t\t\t\t\t\t<\/figcaption>\n\t\t\t\t\t<\/figure>\n\t<\/lazy-media-inline>\n\t\t\t\t\t\t<\/div>\n\t\t\t\t\t\t<div class=\"teaser-content \">\n\t\t\t\t\t\t\t<div>\n\t\t\t\t\t\t\t\t\t\t\t\t\t\t\t\t<div class=\"teaser-header\"><span class=\"h3\">Stay up to date.<\/span><\/div>\n\t\t\t\t\t\t\t\t<div class=\"teaser-subline\"><span class=\"font-decoration\">Subscribe to our newsletter<\/span><\/div>\t\t\t\t\t\t\t\t<button tabindex=\"-1\" class=\"border\">Click here<\/button>\n\t\t\t\t\t\t\t<\/div>\n\t\t\t\t\t\t<\/div>\n\t\t\t\t\t<\/a>\n\t\t\t\t<\/div>\n\t\t\t<\/div>\n\t\t<\/div>\n\t<\/div>\n<\/section>\n","protected":false},"template":"","genre":[803],"digital":[],"topic":[],"stakeholder":[593],"editorial":[],"editorialfilter":[],"targetgroup":[],"language":[580,579,864],"accessability":[],"age":[1602],"school":[],"groupsize":[],"place":[1871],"class_list":["post-134260","event","type-event","status-publish","hentry","genre-film-video-en","stakeholder-kulturprojekte-berlin-stadtmuseum-berlin-en","language-english","language-german","language-polish","age-12-years-and-older","place-hall-5-berlin-room"],"acf":[],"_links":{"self":[{"href":"https:\/\/www.humboldtforum.org\/en\/wp-json\/wp\/v2\/event\/134260","targetHints":{"allow":["GET"]}}],"collection":[{"href":"https:\/\/www.humboldtforum.org\/en\/wp-json\/wp\/v2\/event"}],"about":[{"href":"https:\/\/www.humboldtforum.org\/en\/wp-json\/wp\/v2\/types\/event"}],"version-history":[{"count":2,"href":"https:\/\/www.humboldtforum.org\/en\/wp-json\/wp\/v2\/event\/134260\/revisions"}],"predecessor-version":[{"id":134262,"href":"https:\/\/www.humboldtforum.org\/en\/wp-json\/wp\/v2\/event\/134260\/revisions\/134262"}],"wp:attachment":[{"href":"https:\/\/www.humboldtforum.org\/en\/wp-json\/wp\/v2\/media?parent=134260"}],"wp:term":[{"taxonomy":"genre","embeddable":true,"href":"https:\/\/www.humboldtforum.org\/en\/wp-json\/wp\/v2\/genre?post=134260"},{"taxonomy":"digital","embeddable":true,"href":"https:\/\/www.humboldtforum.org\/en\/wp-json\/wp\/v2\/digital?post=134260"},{"taxonomy":"topic","embeddable":true,"href":"https:\/\/www.humboldtforum.org\/en\/wp-json\/wp\/v2\/topic?post=134260"},{"taxonomy":"stakeholder","embeddable":true,"href":"https:\/\/www.humboldtforum.org\/en\/wp-json\/wp\/v2\/stakeholder?post=134260"},{"taxonomy":"editorial","embeddable":true,"href":"https:\/\/www.humboldtforum.org\/en\/wp-json\/wp\/v2\/editorial?post=134260"},{"taxonomy":"editorialfilter","embeddable":true,"href":"https:\/\/www.humboldtforum.org\/en\/wp-json\/wp\/v2\/editorialfilter?post=134260"},{"taxonomy":"targetgroup","embeddable":true,"href":"https:\/\/www.humboldtforum.org\/en\/wp-json\/wp\/v2\/targetgroup?post=134260"},{"taxonomy":"language","embeddable":true,"href":"https:\/\/www.humboldtforum.org\/en\/wp-json\/wp\/v2\/language?post=134260"},{"taxonomy":"accessability","embeddable":true,"href":"https:\/\/www.humboldtforum.org\/en\/wp-json\/wp\/v2\/accessability?post=134260"},{"taxonomy":"age","embeddable":true,"href":"https:\/\/www.humboldtforum.org\/en\/wp-json\/wp\/v2\/age?post=134260"},{"taxonomy":"school","embeddable":true,"href":"https:\/\/www.humboldtforum.org\/en\/wp-json\/wp\/v2\/school?post=134260"},{"taxonomy":"groupsize","embeddable":true,"href":"https:\/\/www.humboldtforum.org\/en\/wp-json\/wp\/v2\/groupsize?post=134260"},{"taxonomy":"place","embeddable":true,"href":"https:\/\/www.humboldtforum.org\/en\/wp-json\/wp\/v2\/place?post=134260"}],"curies":[{"name":"wp","href":"https:\/\/api.w.org\/{rel}","templated":true}]}}