{"id":138407,"date":"2024-10-01T18:28:31","date_gmt":"2024-10-01T16:28:31","guid":{"rendered":"https:\/\/www.humboldtforum.org\/programm\/termin\/other-en\/mentiras-aplaudidas-138407\/"},"modified":"2025-03-27T14:58:40","modified_gmt":"2025-03-27T13:58:40","slug":"cheered-lies","status":"publish","type":"event","link":"https:\/\/www.humboldtforum.org\/en\/programm\/termin\/dance\/cheered-lies-138407\/","title":{"rendered":"Cheered Lies"},"content":{"rendered":"<section class=\"block block-copy\" >\n    <div class=\"container-fluid\">\n\t\t<div class=\"row \">\n            <div class=\"col-xs-12 col-md-offset-2 col-md-8\">\n                <div class=\"box\">\n                    <div class=\"copy\"><p><strong>In Cheered Lies (<em>Mentiras aplaudidas)<\/em>, three performers and two musicians from Mozambique take the audience on a journey through today&#8217;s urgent topics, cultural struggles, fears and ideologies. The connecting lines reach from history to the present and further into a post-colonial utopia.<\/strong><\/p>\n<p><em>Mentiras aplaudidas<\/em> looks at (colonial) history and the economic and political division of Africa before and after the 1884 Berlin Conference through the filter of historical effects, thus creating a \u00a0critical historiography \u00a0to contrast existing power systems and their narratives. The production critically questions, in a brilliant and entertaining way, historical narratives and looks at today&#8217;s world, in which fake news has become commonplace, catapulting the game of manipulation to the next level. Which side of history are we on? Where do we come from? What kind of people have we become today?<\/p>\n<p>The performers invite us to look at received wisdom from different perspectives, to deal with different ideas of nationality, cultural affiliation and identity. They ask us to re-evaluate historiography, to see it no longer as an objective collection of data and facts or, as a linear sequence of clear events, but instead to be aware that authors write \u00a0history within their own political contexts. They invite us to look at our traditional knowledge of human civilizations from polyphonic perspectives, and they make it clear that social systems in African countries often function differently than in Europe.<\/p>\n<p>&#8220;Who told you that Pablo Picasso invented cubism? And if I tell you that the cubist movement has been influenced by the distortions of the African carving in African masks and engravings! &#8230; Is there another truth that your mind can access? Would you believe in intuition, in instincts, in dreams, in supernatural powers, in the universe, in feelings and myths?&#8221; (Mentiras aplaudidas)<\/p>\n<h5>Panaibra Gabriel Canda<\/h5>\n<p>Panaibra Gabriel Canda, born in Maputo, Mozambique, is one of the most important choreographers on the African continent whose work clearly reflects the post-colonial upheavals of his <span class=\"w-term-highlight\">country<\/span>. The connection between dance and socio-political aspects plays a crucial role in his work.. He studied theater, dance and music in Mozambique and Portugal. Since 1993, Panaibra has been developing his own artistic style and projects, touring the world as a dancer and choreographer and winning numerous awards. In 1998, he founded the cultural center CulturArte in Maputo, a production studio for contemporary dance in Mozambique. As artistic director and choreographer, he has successfully devoted himself to advancing the regional dance scene through training programs. At his numerous festival appearances across Europe, he shows how dynamic and humorous dance can be.<\/p>\n<\/div>\n                <\/div>\n            <\/div>\n\t\t<\/div>\n\t\t    <\/div>\n<\/section>\n\n\n<section class=\"block block-gallery\">\n\t<div class=\"container-fluid\">\n\t\t<div class=\"row center-xs\">\n\t\t\t<div class=\"col-xs-12\">\n\t\t\t\t<div class=\"box text-align-left\">\n\t\t\t\t\t<block-gallery inline-template>\n\t\t\t\t\t\t<div :class=\"{ firstLoaded: firstLoaded }\">\n\t\t\t\t\t\t\t<script type=\"application\/json\" ref=\"data\">\n\t\t\t\t\t\t\t{\n\t\t\t\t\t\t\t\t\"images\" : [{\"id\":0,\"width\":5525,\"height\":3683,\"alt\":\"Three dancers in black clothing with white collars perform a powerful act on stage.\",\"title\":\"\",\"description\":\"Mentiras Aplaudidas \\\/ Opening &quot;Transkontinentale&quot; \",\"label\":\"\",\"copyright\":\"Stiftung Humboldt Forum im Berliner Schloss, Photo: Frank Sperling\",\"path\":\"\\\/wp-content\\\/uploads\\\/2024\\\/10\\\/\",\"sizes\":{\"medium\":{\"file\":\"SHF_eb00235104-300x200.jpg\",\"width\":300,\"height\":200,\"mime-type\":\"image\\\/jpeg\",\"filesize\":8632},\"large\":{\"file\":\"SHF_eb00235104-1024x683.jpg\",\"width\":1024,\"height\":683,\"mime-type\":\"image\\\/jpeg\",\"filesize\":52883},\"thumbnail\":{\"file\":\"SHF_eb00235104-150x150.jpg\",\"width\":150,\"height\":150,\"mime-type\":\"image\\\/jpeg\",\"filesize\":5128},\"medium_large\":{\"file\":\"SHF_eb00235104-768x512.jpg\",\"width\":768,\"height\":512,\"mime-type\":\"image\\\/jpeg\",\"filesize\":33978},\"small\":{\"file\":\"SHF_eb00235104-440x293.jpg\",\"width\":440,\"height\":293,\"mime-type\":\"image\\\/jpeg\",\"filesize\":15002},\"semi\":{\"file\":\"SHF_eb00235104-580x387.jpg\",\"width\":580,\"height\":387,\"mime-type\":\"image\\\/jpeg\",\"filesize\":22617},\"mobile\":{\"file\":\"SHF_eb00235104-720x480.jpg\",\"width\":720,\"height\":480,\"mime-type\":\"image\\\/jpeg\",\"filesize\":30829},\"hd\":{\"file\":\"SHF_eb00235104-1280x853.jpg\",\"width\":1280,\"height\":853,\"mime-type\":\"image\\\/jpeg\",\"filesize\":76071},\"full\":{\"file\":\"SHF_eb00235104-1920x1280.jpg\",\"width\":1920,\"height\":1280,\"mime-type\":\"image\\\/jpeg\",\"filesize\":163100},\"xxl\":{\"file\":\"SHF_eb00235104-4048x2698.jpg\",\"width\":4048,\"height\":2698,\"mime-type\":\"image\\\/jpeg\",\"filesize\":953074},\"1536x1536\":{\"file\":\"SHF_eb00235104-1536x1024.jpg\",\"width\":1536,\"height\":1024,\"mime-type\":\"image\\\/jpeg\",\"filesize\":104984},\"2048x2048\":{\"file\":\"SHF_eb00235104-2048x1365.jpg\",\"width\":2048,\"height\":1365,\"mime-type\":\"image\\\/jpeg\",\"filesize\":187472},\"original\":{\"file\":\"SHF_eb00235104.jpg\",\"width\":5525,\"height\":3683}}},{\"id\":1,\"width\":7990,\"height\":5329,\"alt\":\"Two dancers on a stage with light effects and fog, performing a show.\",\"title\":\"\",\"description\":\"Mentiras Aplaudidas \\\/ Opening &quot;Transkontinentale&quot; \",\"label\":\"\",\"copyright\":\"Stiftung Humboldt Forum im Berliner Schloss, Photo: Frank Sperling\",\"path\":\"\\\/wp-content\\\/uploads\\\/2024\\\/10\\\/\",\"sizes\":{\"medium\":{\"file\":\"SHF_eb00235110-300x200.jpg\",\"width\":300,\"height\":200,\"mime-type\":\"image\\\/jpeg\",\"filesize\":11241},\"large\":{\"file\":\"SHF_eb00235110-1024x683.jpg\",\"width\":1024,\"height\":683,\"mime-type\":\"image\\\/jpeg\",\"filesize\":63550},\"thumbnail\":{\"file\":\"SHF_eb00235110-150x150.jpg\",\"width\":150,\"height\":150,\"mime-type\":\"image\\\/jpeg\",\"filesize\":6052},\"medium_large\":{\"file\":\"SHF_eb00235110-768x512.jpg\",\"width\":768,\"height\":512,\"mime-type\":\"image\\\/jpeg\",\"filesize\":41734},\"small\":{\"file\":\"SHF_eb00235110-440x293.jpg\",\"width\":440,\"height\":293,\"mime-type\":\"image\\\/jpeg\",\"filesize\":19301},\"semi\":{\"file\":\"SHF_eb00235110-580x387.jpg\",\"width\":580,\"height\":387,\"mime-type\":\"image\\\/jpeg\",\"filesize\":28636},\"mobile\":{\"file\":\"SHF_eb00235110-720x480.jpg\",\"width\":720,\"height\":480,\"mime-type\":\"image\\\/jpeg\",\"filesize\":38142},\"hd\":{\"file\":\"SHF_eb00235110-1280x854.jpg\",\"width\":1280,\"height\":854,\"mime-type\":\"image\\\/jpeg\",\"filesize\":88516},\"full\":{\"file\":\"SHF_eb00235110-1920x1281.jpg\",\"width\":1920,\"height\":1281,\"mime-type\":\"image\\\/jpeg\",\"filesize\":168132},\"xxl\":{\"file\":\"SHF_eb00235110-4048x2700.jpg\",\"width\":4048,\"height\":2700,\"mime-type\":\"image\\\/jpeg\",\"filesize\":737303},\"1536x1536\":{\"file\":\"SHF_eb00235110-1536x1024.jpg\",\"width\":1536,\"height\":1024,\"mime-type\":\"image\\\/jpeg\",\"filesize\":116219},\"2048x2048\":{\"file\":\"SHF_eb00235110-2048x1366.jpg\",\"width\":2048,\"height\":1366,\"mime-type\":\"image\\\/jpeg\",\"filesize\":186380},\"original\":{\"file\":\"SHF_eb00235110.jpg\",\"width\":7990,\"height\":5329}}},{\"id\":2,\"width\":5997,\"height\":4000,\"alt\":\"Two people in animal masks interact at a table in a dark room.\",\"title\":\"\",\"description\":\"Mentiras Aplaudidas \\\/ Opening &quot;Transkontinentale&quot; \",\"label\":\"\",\"copyright\":\"Stiftung Humboldt Forum im Berliner Schloss, Photo: Frank Sperling\",\"path\":\"\\\/wp-content\\\/uploads\\\/2024\\\/10\\\/\",\"sizes\":{\"medium\":{\"file\":\"SHF_eb00235054-300x200.jpg\",\"width\":300,\"height\":200,\"mime-type\":\"image\\\/jpeg\",\"filesize\":7535},\"large\":{\"file\":\"SHF_eb00235054-1024x683.jpg\",\"width\":1024,\"height\":683,\"mime-type\":\"image\\\/jpeg\",\"filesize\":42058},\"thumbnail\":{\"file\":\"SHF_eb00235054-150x150.jpg\",\"width\":150,\"height\":150,\"mime-type\":\"image\\\/jpeg\",\"filesize\":4186},\"medium_large\":{\"file\":\"SHF_eb00235054-768x512.jpg\",\"width\":768,\"height\":512,\"mime-type\":\"image\\\/jpeg\",\"filesize\":27329},\"small\":{\"file\":\"SHF_eb00235054-440x293.jpg\",\"width\":440,\"height\":293,\"mime-type\":\"image\\\/jpeg\",\"filesize\":12500},\"semi\":{\"file\":\"SHF_eb00235054-580x387.jpg\",\"width\":580,\"height\":387,\"mime-type\":\"image\\\/jpeg\",\"filesize\":18450},\"mobile\":{\"file\":\"SHF_eb00235054-720x480.jpg\",\"width\":720,\"height\":480,\"mime-type\":\"image\\\/jpeg\",\"filesize\":24766},\"hd\":{\"file\":\"SHF_eb00235054-1280x854.jpg\",\"width\":1280,\"height\":854,\"mime-type\":\"image\\\/jpeg\",\"filesize\":59086},\"full\":{\"file\":\"SHF_eb00235054-1920x1281.jpg\",\"width\":1920,\"height\":1281,\"mime-type\":\"image\\\/jpeg\",\"filesize\":115819},\"xxl\":{\"file\":\"SHF_eb00235054-4048x2700.jpg\",\"width\":4048,\"height\":2700,\"mime-type\":\"image\\\/jpeg\",\"filesize\":527663},\"1536x1536\":{\"file\":\"SHF_eb00235054-1536x1025.jpg\",\"width\":1536,\"height\":1025,\"mime-type\":\"image\\\/jpeg\",\"filesize\":79254},\"2048x2048\":{\"file\":\"SHF_eb00235054-2048x1366.jpg\",\"width\":2048,\"height\":1366,\"mime-type\":\"image\\\/jpeg\",\"filesize\":129133},\"original\":{\"file\":\"SHF_eb00235054.jpg\",\"width\":5997,\"height\":4000}}},{\"id\":3,\"width\":6000,\"height\":4000,\"alt\":\"A singer with a microphone passionately performing on a dark stage.\",\"title\":\"\",\"description\":\"Mentiras Aplaudidas \\\/ Opening &quot;Transkontinentale&quot; \",\"label\":\"\",\"copyright\":\"Stiftung Humboldt Forum im Berliner Schloss, Photo: Frank Sperling\",\"path\":\"\\\/wp-content\\\/uploads\\\/2024\\\/10\\\/\",\"sizes\":{\"medium\":{\"file\":\"SHF_eb00235178-300x200.jpg\",\"width\":300,\"height\":200,\"mime-type\":\"image\\\/jpeg\",\"filesize\":5610},\"large\":{\"file\":\"SHF_eb00235178-1024x683.jpg\",\"width\":1024,\"height\":683,\"mime-type\":\"image\\\/jpeg\",\"filesize\":46991},\"thumbnail\":{\"file\":\"SHF_eb00235178-150x150.jpg\",\"width\":150,\"height\":150,\"mime-type\":\"image\\\/jpeg\",\"filesize\":3433},\"medium_large\":{\"file\":\"SHF_eb00235178-768x512.jpg\",\"width\":768,\"height\":512,\"mime-type\":\"image\\\/jpeg\",\"filesize\":25651},\"small\":{\"file\":\"SHF_eb00235178-440x293.jpg\",\"width\":440,\"height\":293,\"mime-type\":\"image\\\/jpeg\",\"filesize\":9906},\"semi\":{\"file\":\"SHF_eb00235178-580x387.jpg\",\"width\":580,\"height\":387,\"mime-type\":\"image\\\/jpeg\",\"filesize\":15631},\"mobile\":{\"file\":\"SHF_eb00235178-720x480.jpg\",\"width\":720,\"height\":480,\"mime-type\":\"image\\\/jpeg\",\"filesize\":22737},\"hd\":{\"file\":\"SHF_eb00235178-1280x853.jpg\",\"width\":1280,\"height\":853,\"mime-type\":\"image\\\/jpeg\",\"filesize\":78201},\"full\":{\"file\":\"SHF_eb00235178-1920x1280.jpg\",\"width\":1920,\"height\":1280,\"mime-type\":\"image\\\/jpeg\",\"filesize\":207131},\"xxl\":{\"file\":\"SHF_eb00235178-4048x2699.jpg\",\"width\":4048,\"height\":2699,\"mime-type\":\"image\\\/jpeg\",\"filesize\":1216845},\"1536x1536\":{\"file\":\"SHF_eb00235178-1536x1024.jpg\",\"width\":1536,\"height\":1024,\"mime-type\":\"image\\\/jpeg\",\"filesize\":119918},\"2048x2048\":{\"file\":\"SHF_eb00235178-2048x1365.jpg\",\"width\":2048,\"height\":1365,\"mime-type\":\"image\\\/jpeg\",\"filesize\":242221},\"original\":{\"file\":\"SHF_eb00235178.jpg\",\"width\":6000,\"height\":4000}}},{\"id\":4,\"width\":4000,\"height\":5997,\"alt\":\"A performative presentation in front of a projection of the Earth featuring a person in a creative costume.\",\"title\":\"\",\"description\":\"Mentiras Aplaudidas \\\/ Opening &quot;Transkontinentale&quot; \",\"label\":\"\",\"copyright\":\"Stiftung Humboldt Forum im Berliner Schloss, Photo: Frank Sperling\",\"path\":\"\\\/wp-content\\\/uploads\\\/2024\\\/10\\\/\",\"sizes\":{\"medium\":{\"file\":\"SHF_eb00235061-200x300.jpg\",\"width\":200,\"height\":300,\"mime-type\":\"image\\\/jpeg\",\"filesize\":7291},\"large\":{\"file\":\"SHF_eb00235061-683x1024.jpg\",\"width\":683,\"height\":1024,\"mime-type\":\"image\\\/jpeg\",\"filesize\":39887},\"thumbnail\":{\"file\":\"SHF_eb00235061-150x150.jpg\",\"width\":150,\"height\":150,\"mime-type\":\"image\\\/jpeg\",\"filesize\":3837},\"medium_large\":{\"file\":\"SHF_eb00235061-768x1151.jpg\",\"width\":768,\"height\":1151,\"mime-type\":\"image\\\/jpeg\",\"filesize\":47518},\"small\":{\"file\":\"SHF_eb00235061-293x440.jpg\",\"width\":293,\"height\":440,\"mime-type\":\"image\\\/jpeg\",\"filesize\":12160},\"semi\":{\"file\":\"SHF_eb00235061-387x580.jpg\",\"width\":387,\"height\":580,\"mime-type\":\"image\\\/jpeg\",\"filesize\":17999},\"mobile\":{\"file\":\"SHF_eb00235061-480x720.jpg\",\"width\":480,\"height\":720,\"mime-type\":\"image\\\/jpeg\",\"filesize\":23993},\"hd\":{\"file\":\"SHF_eb00235061-854x1280.jpg\",\"width\":854,\"height\":1280,\"mime-type\":\"image\\\/jpeg\",\"filesize\":55952},\"full\":{\"file\":\"SHF_eb00235061-1281x1920.jpg\",\"width\":1281,\"height\":1920,\"mime-type\":\"image\\\/jpeg\",\"filesize\":111180},\"xxl\":{\"file\":\"SHF_eb00235061-2700x4048.jpg\",\"width\":2700,\"height\":4048,\"mime-type\":\"image\\\/jpeg\",\"filesize\":603630},\"1536x1536\":{\"file\":\"SHF_eb00235061-1025x1536.jpg\",\"width\":1025,\"height\":1536,\"mime-type\":\"image\\\/jpeg\",\"filesize\":75253},\"2048x2048\":{\"file\":\"SHF_eb00235061-1366x2048.jpg\",\"width\":1366,\"height\":2048,\"mime-type\":\"image\\\/jpeg\",\"filesize\":124982},\"original\":{\"file\":\"SHF_eb00235061.jpg\",\"width\":4000,\"height\":5997}}},{\"id\":5,\"width\":8029,\"height\":5355,\"alt\":\"Performance scene with an artist at a table, while a hand and an object are visible on a screen.\",\"title\":\"\",\"description\":\"Mentiras Aplaudidas \\\/ Opening &quot;Transkontinentale&quot; \",\"label\":\"\",\"copyright\":\"Stiftung Humboldt Forum im Berliner Schloss, Photo: Frank Sperling\",\"path\":\"\\\/wp-content\\\/uploads\\\/2024\\\/10\\\/\",\"sizes\":{\"medium\":{\"file\":\"SHF_eb00235131-300x200.jpg\",\"width\":300,\"height\":200,\"mime-type\":\"image\\\/jpeg\",\"filesize\":7902},\"large\":{\"file\":\"SHF_eb00235131-1024x683.jpg\",\"width\":1024,\"height\":683,\"mime-type\":\"image\\\/jpeg\",\"filesize\":49716},\"thumbnail\":{\"file\":\"SHF_eb00235131-150x150.jpg\",\"width\":150,\"height\":150,\"mime-type\":\"image\\\/jpeg\",\"filesize\":4218},\"medium_large\":{\"file\":\"SHF_eb00235131-768x512.jpg\",\"width\":768,\"height\":512,\"mime-type\":\"image\\\/jpeg\",\"filesize\":31327},\"small\":{\"file\":\"SHF_eb00235131-440x293.jpg\",\"width\":440,\"height\":293,\"mime-type\":\"image\\\/jpeg\",\"filesize\":13635},\"semi\":{\"file\":\"SHF_eb00235131-580x387.jpg\",\"width\":580,\"height\":387,\"mime-type\":\"image\\\/jpeg\",\"filesize\":20734},\"mobile\":{\"file\":\"SHF_eb00235131-720x480.jpg\",\"width\":720,\"height\":480,\"mime-type\":\"image\\\/jpeg\",\"filesize\":28136},\"hd\":{\"file\":\"SHF_eb00235131-1280x854.jpg\",\"width\":1280,\"height\":854,\"mime-type\":\"image\\\/jpeg\",\"filesize\":71579},\"full\":{\"file\":\"SHF_eb00235131-1920x1281.jpg\",\"width\":1920,\"height\":1281,\"mime-type\":\"image\\\/jpeg\",\"filesize\":149651},\"xxl\":{\"file\":\"SHF_eb00235131-4048x2700.jpg\",\"width\":4048,\"height\":2700,\"mime-type\":\"image\\\/jpeg\",\"filesize\":746475},\"1536x1536\":{\"file\":\"SHF_eb00235131-1536x1024.jpg\",\"width\":1536,\"height\":1024,\"mime-type\":\"image\\\/jpeg\",\"filesize\":98215},\"2048x2048\":{\"file\":\"SHF_eb00235131-2048x1366.jpg\",\"width\":2048,\"height\":1366,\"mime-type\":\"image\\\/jpeg\",\"filesize\":169045},\"original\":{\"file\":\"SHF_eb00235131.jpg\",\"width\":8029,\"height\":5355}}},{\"id\":6,\"width\":8131,\"height\":5423,\"alt\":\"Man on canvas during a presentation, with date and email contact on the topic &quot;African Unity.&quot;\",\"title\":\"\",\"description\":\"Mentiras Aplaudidas \\\/ Opening &quot;Transkontinentale&quot; \",\"label\":\"\",\"copyright\":\"Stiftung Humboldt Forum im Berliner Schloss, Photo: Frank Sperling\",\"path\":\"\\\/wp-content\\\/uploads\\\/2024\\\/10\\\/\",\"sizes\":{\"medium\":{\"file\":\"SHF_eb00235112-300x200.jpg\",\"width\":300,\"height\":200,\"mime-type\":\"image\\\/jpeg\",\"filesize\":8678},\"large\":{\"file\":\"SHF_eb00235112-1024x683.jpg\",\"width\":1024,\"height\":683,\"mime-type\":\"image\\\/jpeg\",\"filesize\":58486},\"thumbnail\":{\"file\":\"SHF_eb00235112-150x150.jpg\",\"width\":150,\"height\":150,\"mime-type\":\"image\\\/jpeg\",\"filesize\":4060},\"medium_large\":{\"file\":\"SHF_eb00235112-768x512.jpg\",\"width\":768,\"height\":512,\"mime-type\":\"image\\\/jpeg\",\"filesize\":35952},\"small\":{\"file\":\"SHF_eb00235112-440x293.jpg\",\"width\":440,\"height\":293,\"mime-type\":\"image\\\/jpeg\",\"filesize\":15517},\"semi\":{\"file\":\"SHF_eb00235112-580x387.jpg\",\"width\":580,\"height\":387,\"mime-type\":\"image\\\/jpeg\",\"filesize\":23646},\"mobile\":{\"file\":\"SHF_eb00235112-720x480.jpg\",\"width\":720,\"height\":480,\"mime-type\":\"image\\\/jpeg\",\"filesize\":32476},\"hd\":{\"file\":\"SHF_eb00235112-1280x854.jpg\",\"width\":1280,\"height\":854,\"mime-type\":\"image\\\/jpeg\",\"filesize\":87428},\"full\":{\"file\":\"SHF_eb00235112-1920x1281.jpg\",\"width\":1920,\"height\":1281,\"mime-type\":\"image\\\/jpeg\",\"filesize\":205941},\"xxl\":{\"file\":\"SHF_eb00235112-4048x2700.jpg\",\"width\":4048,\"height\":2700,\"mime-type\":\"image\\\/jpeg\",\"filesize\":1322438},\"1536x1536\":{\"file\":\"SHF_eb00235112-1536x1024.jpg\",\"width\":1536,\"height\":1024,\"mime-type\":\"image\\\/jpeg\",\"filesize\":125105},\"2048x2048\":{\"file\":\"SHF_eb00235112-2048x1366.jpg\",\"width\":2048,\"height\":1366,\"mime-type\":\"image\\\/jpeg\",\"filesize\":238592},\"original\":{\"file\":\"SHF_eb00235112.jpg\",\"width\":8131,\"height\":5423}}},{\"id\":7,\"width\":6000,\"height\":4000,\"alt\":\"Dancer in a vibrant outfit performing on stage, surrounded by colorful lights and other dancers.\",\"title\":\"\",\"description\":\"\",\"label\":\"\",\"copyright\":\"\",\"path\":\"\\\/wp-content\\\/uploads\\\/2024\\\/10\\\/\",\"sizes\":{\"medium\":{\"file\":\"SHF_eb00235119-300x200.jpg\",\"width\":300,\"height\":200,\"mime-type\":\"image\\\/jpeg\",\"filesize\":14379},\"large\":{\"file\":\"SHF_eb00235119-1024x683.jpg\",\"width\":1024,\"height\":683,\"mime-type\":\"image\\\/jpeg\",\"filesize\":88892},\"thumbnail\":{\"file\":\"SHF_eb00235119-150x150.jpg\",\"width\":150,\"height\":150,\"mime-type\":\"image\\\/jpeg\",\"filesize\":6998},\"medium_large\":{\"file\":\"SHF_eb00235119-768x512.jpg\",\"width\":768,\"height\":512,\"mime-type\":\"image\\\/jpeg\",\"filesize\":57300},\"small\":{\"file\":\"SHF_eb00235119-440x293.jpg\",\"width\":440,\"height\":293,\"mime-type\":\"image\\\/jpeg\",\"filesize\":25435},\"semi\":{\"file\":\"SHF_eb00235119-580x387.jpg\",\"width\":580,\"height\":387,\"mime-type\":\"image\\\/jpeg\",\"filesize\":38224},\"mobile\":{\"file\":\"SHF_eb00235119-720x480.jpg\",\"width\":720,\"height\":480,\"mime-type\":\"image\\\/jpeg\",\"filesize\":52020},\"hd\":{\"file\":\"SHF_eb00235119-1280x853.jpg\",\"width\":1280,\"height\":853,\"mime-type\":\"image\\\/jpeg\",\"filesize\":125524},\"full\":{\"file\":\"SHF_eb00235119-1920x1280.jpg\",\"width\":1920,\"height\":1280,\"mime-type\":\"image\\\/jpeg\",\"filesize\":245102},\"xxl\":{\"file\":\"SHF_eb00235119-4048x2699.jpg\",\"width\":4048,\"height\":2699,\"mime-type\":\"image\\\/jpeg\",\"filesize\":1046060},\"1536x1536\":{\"file\":\"SHF_eb00235119-1536x1024.jpg\",\"width\":1536,\"height\":1024,\"mime-type\":\"image\\\/jpeg\",\"filesize\":167757},\"2048x2048\":{\"file\":\"SHF_eb00235119-2048x1365.jpg\",\"width\":2048,\"height\":1365,\"mime-type\":\"image\\\/jpeg\",\"filesize\":274616},\"original\":{\"file\":\"SHF_eb00235119.jpg\",\"width\":6000,\"height\":4000}}},{\"id\":8,\"width\":6000,\"height\":4000,\"alt\":\"Two dancers in creative costumes on a stage, surrounded by fruit and a projected background scene.\",\"title\":\"\",\"description\":\"Mentiras Aplaudidas \\\/ Opening &quot;Transkontinentale&quot; \",\"label\":\"\",\"copyright\":\"Stiftung Humboldt Forum im Berliner Schloss, Photo: Frank Sperling\",\"path\":\"\\\/wp-content\\\/uploads\\\/2024\\\/10\\\/\",\"sizes\":{\"medium\":{\"file\":\"SHF_eb00235129-300x200.jpg\",\"width\":300,\"height\":200,\"mime-type\":\"image\\\/jpeg\",\"filesize\":13821},\"large\":{\"file\":\"SHF_eb00235129-1024x683.jpg\",\"width\":1024,\"height\":683,\"mime-type\":\"image\\\/jpeg\",\"filesize\":96272},\"thumbnail\":{\"file\":\"SHF_eb00235129-150x150.jpg\",\"width\":150,\"height\":150,\"mime-type\":\"image\\\/jpeg\",\"filesize\":7851},\"medium_large\":{\"file\":\"SHF_eb00235129-768x512.jpg\",\"width\":768,\"height\":512,\"mime-type\":\"image\\\/jpeg\",\"filesize\":57797},\"small\":{\"file\":\"SHF_eb00235129-440x293.jpg\",\"width\":440,\"height\":293,\"mime-type\":\"image\\\/jpeg\",\"filesize\":24611},\"semi\":{\"file\":\"SHF_eb00235129-580x387.jpg\",\"width\":580,\"height\":387,\"mime-type\":\"image\\\/jpeg\",\"filesize\":37581},\"mobile\":{\"file\":\"SHF_eb00235129-720x480.jpg\",\"width\":720,\"height\":480,\"mime-type\":\"image\\\/jpeg\",\"filesize\":52330},\"hd\":{\"file\":\"SHF_eb00235129-1280x853.jpg\",\"width\":1280,\"height\":853,\"mime-type\":\"image\\\/jpeg\",\"filesize\":144874},\"full\":{\"file\":\"SHF_eb00235129-1920x1280.jpg\",\"width\":1920,\"height\":1280,\"mime-type\":\"image\\\/jpeg\",\"filesize\":322162},\"xxl\":{\"file\":\"SHF_eb00235129-4048x2699.jpg\",\"width\":4048,\"height\":2699,\"mime-type\":\"image\\\/jpeg\",\"filesize\":1576224},\"1536x1536\":{\"file\":\"SHF_eb00235129-1536x1024.jpg\",\"width\":1536,\"height\":1024,\"mime-type\":\"image\\\/jpeg\",\"filesize\":204953},\"2048x2048\":{\"file\":\"SHF_eb00235129-2048x1365.jpg\",\"width\":2048,\"height\":1365,\"mime-type\":\"image\\\/jpeg\",\"filesize\":368992},\"original\":{\"file\":\"SHF_eb00235129.jpg\",\"width\":6000,\"height\":4000}}},{\"id\":9,\"width\":5430,\"height\":3620,\"alt\":\"A person stands in focus on stage while the word &quot;Liar?&quot; is projected in large letters in the background.\",\"title\":\"\",\"description\":\"Mentiras Aplaudidas \\\/ Opening &quot;Transkontinentale&quot; \",\"label\":\"\",\"copyright\":\"Stiftung Humboldt Forum im Berliner Schloss, Photo: Frank Sperling\",\"path\":\"\\\/wp-content\\\/uploads\\\/2024\\\/10\\\/\",\"sizes\":{\"medium\":{\"file\":\"SHF_eb00235173-300x200.jpg\",\"width\":300,\"height\":200,\"mime-type\":\"image\\\/jpeg\",\"filesize\":5796},\"large\":{\"file\":\"SHF_eb00235173-1024x683.jpg\",\"width\":1024,\"height\":683,\"mime-type\":\"image\\\/jpeg\",\"filesize\":35000},\"thumbnail\":{\"file\":\"SHF_eb00235173-150x150.jpg\",\"width\":150,\"height\":150,\"mime-type\":\"image\\\/jpeg\",\"filesize\":3552},\"medium_large\":{\"file\":\"SHF_eb00235173-768x512.jpg\",\"width\":768,\"height\":512,\"mime-type\":\"image\\\/jpeg\",\"filesize\":21450},\"small\":{\"file\":\"SHF_eb00235173-440x293.jpg\",\"width\":440,\"height\":293,\"mime-type\":\"image\\\/jpeg\",\"filesize\":10022},\"semi\":{\"file\":\"SHF_eb00235173-580x387.jpg\",\"width\":580,\"height\":387,\"mime-type\":\"image\\\/jpeg\",\"filesize\":14496},\"mobile\":{\"file\":\"SHF_eb00235173-720x480.jpg\",\"width\":720,\"height\":480,\"mime-type\":\"image\\\/jpeg\",\"filesize\":19597},\"hd\":{\"file\":\"SHF_eb00235173-1280x853.jpg\",\"width\":1280,\"height\":853,\"mime-type\":\"image\\\/jpeg\",\"filesize\":53928},\"full\":{\"file\":\"SHF_eb00235173-1920x1280.jpg\",\"width\":1920,\"height\":1280,\"mime-type\":\"image\\\/jpeg\",\"filesize\":133350},\"xxl\":{\"file\":\"SHF_eb00235173-4048x2699.jpg\",\"width\":4048,\"height\":2699,\"mime-type\":\"image\\\/jpeg\",\"filesize\":828205},\"1536x1536\":{\"file\":\"SHF_eb00235173-1536x1024.jpg\",\"width\":1536,\"height\":1024,\"mime-type\":\"image\\\/jpeg\",\"filesize\":79126},\"2048x2048\":{\"file\":\"SHF_eb00235173-2048x1365.jpg\",\"width\":2048,\"height\":1365,\"mime-type\":\"image\\\/jpeg\",\"filesize\":156187},\"original\":{\"file\":\"SHF_eb00235173.jpg\",\"width\":5430,\"height\":3620}}},{\"id\":10,\"width\":6000,\"height\":4000,\"alt\":\"Two people in animal masks stand on a stage with colorful lights. The masks resemble a dog and a bird.\",\"title\":\"\",\"description\":\"Mentiras Aplaudidas \\\/ Opening &quot;Transkontinentale&quot; \",\"label\":\"\",\"copyright\":\"Stiftung Humboldt Forum im Berliner Schloss, Photo: Frank Sperling\",\"path\":\"\\\/wp-content\\\/uploads\\\/2024\\\/10\\\/\",\"sizes\":{\"medium\":{\"file\":\"SHF_eb00235053-300x200.jpg\",\"width\":300,\"height\":200,\"mime-type\":\"image\\\/jpeg\",\"filesize\":12190},\"large\":{\"file\":\"SHF_eb00235053-1024x683.jpg\",\"width\":1024,\"height\":683,\"mime-type\":\"image\\\/jpeg\",\"filesize\":76112},\"thumbnail\":{\"file\":\"SHF_eb00235053-150x150.jpg\",\"width\":150,\"height\":150,\"mime-type\":\"image\\\/jpeg\",\"filesize\":5227},\"medium_large\":{\"file\":\"SHF_eb00235053-768x512.jpg\",\"width\":768,\"height\":512,\"mime-type\":\"image\\\/jpeg\",\"filesize\":47438},\"small\":{\"file\":\"SHF_eb00235053-440x293.jpg\",\"width\":440,\"height\":293,\"mime-type\":\"image\\\/jpeg\",\"filesize\":20774},\"semi\":{\"file\":\"SHF_eb00235053-580x387.jpg\",\"width\":580,\"height\":387,\"mime-type\":\"image\\\/jpeg\",\"filesize\":30964},\"mobile\":{\"file\":\"SHF_eb00235053-720x480.jpg\",\"width\":720,\"height\":480,\"mime-type\":\"image\\\/jpeg\",\"filesize\":42342},\"hd\":{\"file\":\"SHF_eb00235053-1280x853.jpg\",\"width\":1280,\"height\":853,\"mime-type\":\"image\\\/jpeg\",\"filesize\":114040},\"full\":{\"file\":\"SHF_eb00235053-1920x1280.jpg\",\"width\":1920,\"height\":1280,\"mime-type\":\"image\\\/jpeg\",\"filesize\":254348},\"xxl\":{\"file\":\"SHF_eb00235053-4048x2699.jpg\",\"width\":4048,\"height\":2699,\"mime-type\":\"image\\\/jpeg\",\"filesize\":1255709},\"1536x1536\":{\"file\":\"SHF_eb00235053-1536x1024.jpg\",\"width\":1536,\"height\":1024,\"mime-type\":\"image\\\/jpeg\",\"filesize\":162253},\"2048x2048\":{\"file\":\"SHF_eb00235053-2048x1365.jpg\",\"width\":2048,\"height\":1365,\"mime-type\":\"image\\\/jpeg\",\"filesize\":291392},\"original\":{\"file\":\"SHF_eb00235053.jpg\",\"width\":6000,\"height\":4000}}}]\t\t\t\t\t\t\t}\n\t\t\t\t\t\t\t<\/script>\n\n\t\t\t\t\t\t\t<swiper :options=\"options\" @slide-change=\"track\">\n\t\t\t\t\t\t\t\t<div class=\"swiper-slide\" :key=\"image.id\" v-for=\"image in images\">\n\t\t\t\t\t\t\t\t\t<block-gallery-item inline-template :image=\"image\">\n\t\t\t\t\t\t\t\t\t\t<figure class=\"swiper-slide-image-wrapper\" ref=\"parent\">\n\t\t\t\t\t\t\t\t\t\t\t<div class=\"width-container\" ref=\"container\" :style=\"style\">\n\t\t\t\t\t\t\t\t\t\t\t\t<div data-swiper-parallax-x=\"50%\">\n\t\t\t\t\t\t\t\t\t\t\t\t<img :src=\"image.src\" :alt=\"image.alt\" v-if=\"image.id < 2\">\n\t\t\t\t\t\t\t\t\t\t\t\t<img class=\"swiper-lazy\" :data-src=\"image.src\" :alt=\"image.alt\" v-else>\n\t\t\t\t\t\t\t\t\t\t\t\t<\/div>\n\t\t\t\t\t\t\t\t\t\t\t<\/div>\n\t\t\t\t\t\t\t\t\t\t<\/figure>\n\t\t\t\t\t\t\t\t\t<\/block-gallery-item>\n\n\t\t\t\t\t\t\t\t\t<figcaption>\n\t\t\t\t\t\t\t\t\t\t<div class=\"lazy-media-info-body-content\">\n\t\t\t\t\t\t\t\t\t\t\t<div v-html=\"image.label\"><\/div>\n\t\t\t\t\t\t\t\t\t\t\t<div v-html=\"image.description\"><\/div>\n\t\t\t\t\t\t\t\t\t\t\t<div class=\"insignificant\" v-if=\"image.copyright\" v-html=\"'\u00a9 '+image.copyright\"><\/div>\n\t\t\t\t\t\t\t\t\t\t<\/div>\n\t\t\t\t\t\t\t\t\t<\/figcaption>\n\t\t\t\t\t\t\t\t<\/div>\n\n\t\t\t\t\t\t\t\t<div class=\"swiper-pagination\"  slot=\"pagination\"><\/div>\n\n\t\t\t\t\t\t\t\t<button class=\"icon-round swiper-button-prev\" slot=\"button-prev\" aria-label=\"Last images\">\n\t\t\t\t\t\t\t\t\t<span class=\"icon-next\" aria-hidden=\"true\"><\/span>\n\t\t\t\t\t\t\t\t<\/button>\n\n\t\t\t\t\t\t\t\t<button class=\"icon-round swiper-button-next\" slot=\"button-next\" aria-label=\"Next image\">\n\t\t\t\t\t\t\t\t\t<span class=\"icon-next\" aria-hidden=\"true\"><\/span>\n\t\t\t\t\t\t\t\t<\/button>\n\t\t\t\t\t\t\t<\/swiper>\n\t\t\t\t\t\t<\/div>\n\t\t\t\t\t<\/block-gallery>\n\t\t\t\t<\/div>\n\t\t\t<\/div>\n\t\t<\/div>\n\t<\/div>\n<\/section>\n\n<section class=\"block block-headline block-no-margin \" >\n\t<div class=\"container-fluid\">\n\t\t<div class=\"row\">\n\t\t\t\t\t\t\t<div class=\"col-xs-12 col-md-offset-2 col-md-8\">\n\t\t\t\t\t<div class=\"box\">\n\t\t\t\t\t\t<h2 class=\".h4\">Participants<\/h2>\n\t\t\t\t\t<\/div>\n\t\t\t\t<\/div>\n\t\t\t\t\t<\/div>\n\t<\/div>\n<\/section>\n\n\n\n\n<section class=\"block block-copy\" >\n    <div class=\"container-fluid\">\n\t\t<div class=\"row \">\n            <div class=\"col-xs-12 col-md-offset-2 col-md-8\">\n                <div class=\"box\">\n                    <div class=\"copy\"><p><strong>Concept \/ Choreography<\/strong><br \/>\nPanaibra Gabriel Canda<\/p>\n<p><strong>By and with<\/strong><br \/>\nAm\u00e9lia Socovinho, Jos\u00e9 Jalane, Panaibra Gabriel Canda<\/p>\n<p><strong>Music concept \/<\/strong> <strong>Live music<\/strong><br \/>\nSimba Sit\u00f2e, D\u00e9rcio Gomate Lighting Caldino Jos\u00e9 Alberto<\/p>\n<p><strong>Video design<\/strong><br \/>\nElton David<\/p>\n<p><strong>Costumes<\/strong><br \/>\nCarlota Lagido<\/p>\n<p><strong>Production \/ Distribution<br \/>\n<\/strong>Plan B \u2013 Creative Agency for Performing Arts.<\/p>\n<p><em>A dance project by Panaibra Gabriel Canda \/ CulturArte.<\/em><\/p>\n<p><em>In coproduction with tanzhaus nrw, euro-scene Leipzig and Mercat de les Flors Barcelona. With support from crl-central el\u00e9trica\/InResidence Porto, Africa Moment and Pumpenhaus M\u00fcnster.<\/em><\/p>\n<\/div>\n                <\/div>\n            <\/div>\n\t\t<\/div>\n\t\t    <\/div>\n<\/section>\n\n<section class=\"block block-teaser col-1 has-bg\" style=\"--teaser-bg:#f2f2f2\">\n\t<lazy-component :fixed-min-height=\"400\">\n\t\n\t\t\t\t\t<div class=\"container-fluid\">\n\t\t\t\t<div class=\"row bottom-xs\">\n\t\t\t\t\t<div class=\"col-xs-12 col-sm-10 col-md-8 col-sm-offset-1 col-md-offset-2\">\n\t\t\t\t\t\t<h4>part of<\/h4>\t\t\t\t\t\t\t\t\t\t\t\t\t\t\t\t\t\t\t<\/div>\n\t\t\t\t\t<div class=\"col-xs-12 col-sm-10 col-md-8 col-sm-offset-1 col-md-offset-2 start-xs end-md margin-bottom-sixth\">\n\t\t\t\t\t\t\t\t\t\t\t<\/div>\n\t\t\t\t<\/div>\n\t\t\t\t<ul class=\"row\">\n\t\t\t\n<li class=\"col-xs-12 teaser-wrapper col-padding-remove\">\n\t<calendarteaser key=\"1382595483\" rawitem='{&quot;postId&quot;:138259,&quot;title&quot;:&quot;Transkontinentale 2024&quot;,&quot;excerpt&quot;:&quot;&quot;,&quot;slug&quot;:&quot;transkontinentale&quot;,&quot;post_date&quot;:&quot;2024-10-01T18:28&quot;,&quot;type&quot;:&quot;event-period&quot;,&quot;permalink&quot;:&quot;https:\\\/\\\/www.humboldtforum.org\\\/en\\\/programm\\\/laufzeitangebot\\\/festival-en\\\/transkontinentale-138259\\\/&quot;,&quot;genre&quot;:[846],&quot;genre_details&quot;:[{&quot;text&quot;:&quot;Festival&quot;,&quot;id&quot;:846,&quot;icon&quot;:null,&quot;parent&quot;:0}],&quot;stakeholder&quot;:[595],&quot;stakeholder_details&quot;:[{&quot;text&quot;:&quot;Stiftung Humboldt Forum im Berliner Schloss&quot;,&quot;id&quot;:595,&quot;icon&quot;:null,&quot;parent&quot;:0}],&quot;language&quot;:[581],&quot;language_details&quot;:[{&quot;text&quot;:&quot;No language skills required&quot;,&quot;id&quot;:581,&quot;icon&quot;:null,&quot;parent&quot;:0}],&quot;place&quot;:[1045,884,604,1180,1559],&quot;place_details&quot;:{&quot;place&quot;:&quot;Humboldt Forum&quot;,&quot;map&quot;:&quot;Humboldt Forum, Schlossplatz, Berlin&quot;,&quot;room&quot;:&quot;Foyer, Ground Floor, Hall 2, Ground Floor, Hall 3, Hall 1, Ground Floor&quot;},&quot;icon_overwrite&quot;:&quot;&quot;,&quot;acf&quot;:{&quot;planning&quot;:{&quot;price&quot;:&quot;&quot;,&quot;status&quot;:&quot;BUY&quot;,&quot;info&quot;:&quot;Tickets now available (s. Programme)&quot;,&quot;shop&quot;:&quot;&quot;,&quot;can_purchase&quot;:false},&quot;use_opening_hours_of_the_house&quot;:false,&quot;display_as_single&quot;:false,&quot;subline&quot;:&quot;Dance, theatre, performance art and poetry from Cameroon, Rep. Congo, Mozambique, Namibia, Nigeria, Rwanda and South Africa&quot;,&quot;additional_info&quot;:{&quot;icon&quot;:&quot;0&quot;,&quot;text&quot;:&quot;&quot;},&quot;highlight_header&quot;:true,&quot;use_video_in_teasers&quot;:false,&quot;hyphenation&quot;:true,&quot;tipp&quot;:false,&quot;joker&quot;:false,&quot;live&quot;:false,&quot;hide_event_in_program&quot;:false,&quot;periods&quot;:[{&quot;label&quot;:&quot;&quot;,&quot;dates&quot;:[{&quot;start&quot;:&quot;202411070000&quot;,&quot;end&quot;:&quot;202411100000&quot;,&quot;has_end&quot;:true,&quot;start_HRFSHORT&quot;:&quot;07\\\/11\\\/24&quot;,&quot;start_HRFSHORT_WD&quot;:&quot;Thu 07\\\/11\\\/2024&quot;,&quot;end_HRFSHORT&quot;:&quot;10\\\/11\\\/24&quot;}],&quot;monday&quot;:[{&quot;start&quot;:null,&quot;end&quot;:null,&quot;closed&quot;:false}],&quot;tuesday&quot;:[{&quot;start&quot;:null,&quot;end&quot;:null,&quot;closed&quot;:true}],&quot;wednesday&quot;:[{&quot;start&quot;:null,&quot;end&quot;:null,&quot;closed&quot;:false}],&quot;thursday&quot;:[{&quot;start&quot;:null,&quot;end&quot;:null,&quot;closed&quot;:false}],&quot;friday&quot;:[{&quot;start&quot;:null,&quot;end&quot;:null,&quot;closed&quot;:false}],&quot;saturday&quot;:[{&quot;start&quot;:&quot;&quot;,&quot;end&quot;:&quot;&quot;,&quot;closed&quot;:false}],&quot;sunday&quot;:[{&quot;start&quot;:null,&quot;end&quot;:null,&quot;closed&quot;:false}],&quot;info&quot;:&quot;&quot;,&quot;description&quot;:&quot;&quot;}],&quot;highlight_header_image&quot;:138607,&quot;has_mobile_format&quot;:true,&quot;events&quot;:[137854,138309,138392,138407,138427,138451,138624],&quot;noindex&quot;:false,&quot;keywords&quot;:&quot;&quot;,&quot;shorturl&quot;:&quot;&quot;,&quot;highlight_header_image_mobile&quot;:138609,&quot;period_exception&quot;:[]},&quot;period_list&quot;:&quot;&quot;,&quot;period_exception&quot;:&quot;&quot;,&quot;date&quot;:{&quot;infinite&quot;:false,&quot;from_DATE&quot;:202411070000,&quot;from&quot;:1730937600,&quot;from_TIME&quot;:&quot;00:00&quot;,&quot;to&quot;:1731196800,&quot;to_DATE&quot;:202411100000,&quot;to_TIME&quot;:&quot;00:00&quot;,&quot;from_HRFSHORT&quot;:&quot; 7 Nov 2024&quot;,&quot;from_HRFSHORT_WD&quot;:&quot;Thu 07\\\/11\\\/2024&quot;,&quot;from_HRF&quot;:&quot;Thu,  7 November 2024&quot;,&quot;to_HRF&quot;:&quot;Sun, 10 November 2024&quot;,&quot;to_HRFSHORT&quot;:&quot;10 Nov 2024&quot;,&quot;to_HRFSHORT_WD&quot;:&quot;Sun 10\\\/11\\\/2024&quot;,&quot;from_to_HRF&quot;:&quot;Thu,  7 November \\u2013 Sun, 10 November 2024&quot;,&quot;from_to_HRFSHORT&quot;:&quot; 7 Nov \\u2013 10 Nov 2024&quot;,&quot;NXX&quot;:null,&quot;NLAST&quot;:&quot;202411100000&quot;},&quot;alert&quot;:&quot;Highlight&quot;,&quot;partof&quot;:[],&quot;marketing_topic&quot;:&quot;&quot;}' inline-template>\n\t<a href=\"https:\/\/www.humboldtforum.org\/en\/programm\/laufzeitangebot\/festival-en\/transkontinentale-138259\/\" class=\"teaser teaser-event-period teaser-event-standard\">\n\t\t<div class=\"row\">\n\t\t\t<div class=\"col-xs-12 col-sm-6 col-md-5 col-sm-offset-1 col-md-offset-2 first-sm teaser-event-text Infos\">\n\t\t\t\t<div class=\"teaser-event-standard-text\">\n\t\t\t\t\t<div class=\"margin-bottom-atom\">\n\t\t\t\t\t\t<div class=\"subline clamp-1\" v-html=\"maingenre\"><\/div>\n\t\t\t\t\t\t\t\t\t\t\t<\/div>\n\t\t\t\t\n\t\t\t\t\t<strong class=\"margin-bottom-atom h5\">Transkontinentale 2024<\/strong>\n\n\t\t\t\t\t\t\t\t\t\t\t<div class=\"\">Dance, theatre, performance art and poetry from Cameroon, Rep. Congo, Mozambique, Namibia, Nigeria, Rwanda and South Africa<\/div>\n\t\t\t\t\t\t\t\t\t<\/div>\n\t\t\t\t<div class=\"teaser-bottom border-bottom\">\n\t\t\t\t<calendardateline :rawitem='item' :show-icon=\"true\"><\/calendardateline>\n\t\t\t\t\t<hr>\n\t\t\t\t<\/div>\n\t\t\t<\/div>\n\t\t\t<div class=\"col-xs-12 col-sm-4 col-md-3 teaser-event-image bottom-xs first-xs\">\n\t\t\t\t<div class=\"teaser-image teaser-image-no-alternate\">\n\t\t\t\t\t\t\t\t\t\t\t\t\t<span class=\"alert\">Highlight<\/span>\n\t\t\t\t\t\t\t\t\t\t\t\n\t<lazy-media-inline inline-template>\n\t\t<figure itemscope itemtype=\"http:\/\/schema.org\/ImageObject\" class=\"lazy-media-inline \" role=\"group\" id=\"media_69ee47c1ac6f8\" aria-labelledby=\"desc_media_69ee47c1ac6f8\">\n\t\t\t<script type=\"application\/json\" ref=\"data\">\n\t\t\t\t{\n\t\t\t\t\"sizes\" : {\"medium\":{\"file\":\"Transkontinentale_Webteaser_hoch_1780x3040px-176x300.jpg\",\"width\":176,\"height\":300,\"mime-type\":\"image\\\/jpeg\",\"filesize\":14306},\"large\":{\"file\":\"Transkontinentale_Webteaser_hoch_1780x3040px-600x1024.jpg\",\"width\":600,\"height\":1024,\"mime-type\":\"image\\\/jpeg\",\"filesize\":128636},\"thumbnail\":{\"file\":\"Transkontinentale_Webteaser_hoch_1780x3040px-150x150.jpg\",\"width\":150,\"height\":150,\"mime-type\":\"image\\\/jpeg\",\"filesize\":7031},\"medium_large\":{\"file\":\"Transkontinentale_Webteaser_hoch_1780x3040px-768x1312.jpg\",\"width\":768,\"height\":1312,\"mime-type\":\"image\\\/jpeg\",\"filesize\":197433},\"small\":{\"file\":\"Transkontinentale_Webteaser_hoch_1780x3040px-258x440.jpg\",\"width\":258,\"height\":440,\"mime-type\":\"image\\\/jpeg\",\"filesize\":28609},\"semi\":{\"file\":\"Transkontinentale_Webteaser_hoch_1780x3040px-340x580.jpg\",\"width\":340,\"height\":580,\"mime-type\":\"image\\\/jpeg\",\"filesize\":47340},\"mobile\":{\"file\":\"Transkontinentale_Webteaser_hoch_1780x3040px-422x720.jpg\",\"width\":422,\"height\":720,\"mime-type\":\"image\\\/jpeg\",\"filesize\":69149},\"hd\":{\"file\":\"Transkontinentale_Webteaser_hoch_1780x3040px-749x1280.jpg\",\"width\":749,\"height\":1280,\"mime-type\":\"image\\\/jpeg\",\"filesize\":189429},\"full\":{\"file\":\"Transkontinentale_Webteaser_hoch_1780x3040px-1124x1920.jpg\",\"width\":1124,\"height\":1920,\"mime-type\":\"image\\\/jpeg\",\"filesize\":374899},\"1536x1536\":{\"file\":\"Transkontinentale_Webteaser_hoch_1780x3040px-899x1536.jpg\",\"width\":899,\"height\":1536,\"mime-type\":\"image\\\/jpeg\",\"filesize\":258788},\"2048x2048\":{\"file\":\"Transkontinentale_Webteaser_hoch_1780x3040px-1199x2048.jpg\",\"width\":1199,\"height\":2048,\"mime-type\":\"image\\\/jpeg\",\"filesize\":415459},\"original\":{\"file\":\"Transkontinentale_Webteaser_hoch_1780x3040px.jpg\",\"width\":1780,\"height\":3040}},\n\t\t\t\t\"alt\" : \"A striking person in eye-catching clothing displaying intense emotion. Shades of red and orange.\",\n\t\t\t\t\"path\" : \"\\\/wp-content\\\/uploads\\\/2024\\\/10\\\/\",\n\t\t\t\t\"video\" : null,\n\t\t\t\t\"autoplay\" : null,\n\t\t\t\t\"youtube\" : null,\n\t\t\t\t\"youtubelabel\" : \"Play video\",\n\t\t\t\t\"brightness\" : 100,\n\t\t\t\t\"crop\" : null,\n\t\t\t\t\"background\" : true,\n\t\t\t\t\"scale\" : 1\t\t\t\t}\n\t\t\t<\/script>\n\n\t\t\t<div class=\"height-container\" style=\"padding-bottom:170.78651685393%;\" v-if=\"sizes\">\n\t\t\t\t\t\t\t\t<lazy-media :inline=\"true\" :alt=\"alt\" :sizes=\"sizes\" :scale=\"scale\" :brightness=\"brightness\" :path=\"path\" :video=\"video\" :autoplay=\"autoplay\" :youtube=\"youtube\" :crop=\"crop\" :youtubelabel=\"youtubelabel\" :background=\"background\" media-id=\"desc_media_69ee47c1ac6f8\"><\/lazy-media>\n\t\t\t\t\t\t\t<\/div>\n\n\t\t\t\t\t\t\t<figcaption class=\"sr-only\" ref=\"body\" id=\"desc_media_69ee47c1ac6f8\">\n\t\t\t\t\t\t\t\t\t\t\t\t\t\t\t\t\t\t\t\t\t<div class=\"insignificant\">\u00a9 Stiftung Humboldt Forum im Berliner Schloss, Foto: Sanele Thusi<\/div>\n\t\t\t\t\t\t\t\t\t<\/figcaption>\n\t\t\t\t\t<\/figure>\n\t<\/lazy-media-inline>\n\t\t\t\t<\/div>\n\t\t\t<\/div>\n\t\t<\/div>\n\t<\/a>\n\t<\/calendarteaser>\n<\/li>\n\n\t\t\t\t<\/ul>\n\t\t\t<\/div>\n\t\t\t\t<\/lazy-component>\n<\/section>\n\n\n\n<section class=\"block block-CTA block-CTA-long leftgradient\">\n\t<div class=\"container-fluid\">\n\t\t<div class=\"row center-xs\">\n\t\t\t<div class=\"col-xs-12\">\n\t\t\t\t<div class=\"box\">\n\t\t\t\t\t<a href=\"https:\/\/www.humboldtforum.org\/en\/newsletter-2\/\" aria-label=\"Stay up to date.\" class=\"teaser teaser-cta-wide \">\n\t\t\t\t\t\t<div class=\"teaser-image\">\n\t\t\t\t\t\t\t\n\t<lazy-media-inline inline-template>\n\t\t<figure itemscope itemtype=\"http:\/\/schema.org\/ImageObject\" class=\"lazy-media-inline \" role=\"group\" id=\"media_69ee47c1ae0ed\" aria-labelledby=\"desc_media_69ee47c1ae0ed\">\n\t\t\t<script type=\"application\/json\" ref=\"data\">\n\t\t\t\t{\n\t\t\t\t\"sizes\" : {\"medium\":{\"file\":\"HF_eb00061823-scaled-300x200.jpg\",\"width\":300,\"height\":200,\"mime-type\":\"image\\\/jpeg\",\"filesize\":19186},\"large\":{\"file\":\"HF_eb00061823-scaled-1024x683.jpg\",\"width\":1024,\"height\":683,\"mime-type\":\"image\\\/jpeg\",\"filesize\":138597},\"thumbnail\":{\"file\":\"HF_eb00061823-scaled-150x150.jpg\",\"width\":150,\"height\":150,\"mime-type\":\"image\\\/jpeg\",\"filesize\":8481},\"medium_large\":{\"file\":\"HF_eb00061823-scaled-768x512.jpg\",\"width\":768,\"height\":512,\"mime-type\":\"image\\\/jpeg\",\"filesize\":86200},\"small\":{\"file\":\"HF_eb00061823-scaled-440x293.jpg\",\"width\":440,\"height\":293,\"mime-type\":\"image\\\/jpeg\",\"filesize\":35525},\"semi\":{\"file\":\"HF_eb00061823-scaled-580x387.jpg\",\"width\":580,\"height\":387,\"mime-type\":\"image\\\/jpeg\",\"filesize\":55724},\"mobile\":{\"file\":\"HF_eb00061823-scaled-720x480.jpg\",\"width\":720,\"height\":480,\"mime-type\":\"image\\\/jpeg\",\"filesize\":77971},\"hd\":{\"file\":\"HF_eb00061823-scaled-1280x854.jpg\",\"width\":1280,\"height\":854,\"mime-type\":\"image\\\/jpeg\",\"filesize\":202477},\"full\":{\"file\":\"HF_eb00061823-scaled-1920x1280.jpg\",\"width\":1920,\"height\":1280,\"mime-type\":\"image\\\/jpeg\",\"filesize\":386736},\"1536x1536\":{\"file\":\"HF_eb00061823-scaled-1536x1024.jpg\",\"width\":1536,\"height\":1024,\"mime-type\":\"image\\\/jpeg\",\"filesize\":266197},\"2048x2048\":{\"file\":\"HF_eb00061823-scaled-2048x1366.jpg\",\"width\":2048,\"height\":1366,\"mime-type\":\"image\\\/jpeg\",\"filesize\":430206},\"original\":{\"file\":\"HF_eb00061823-scaled.jpg\",\"width\":2560,\"height\":1707}},\n\t\t\t\t\"alt\" : \"The brightly lit foyer and the Infopoint, DJ booth, the Cosmograph media tower and many visitors milling about\",\n\t\t\t\t\"path\" : \"\\\/wp-content\\\/uploads\\\/2020\\\/04\\\/\",\n\t\t\t\t\"video\" : null,\n\t\t\t\t\"autoplay\" : null,\n\t\t\t\t\"youtube\" : null,\n\t\t\t\t\"youtubelabel\" : \"Play video\",\n\t\t\t\t\"brightness\" : \"70\",\n\t\t\t\t\"crop\" : {\"top\":\"90.17\",\"left\":\"40.27\"},\n\t\t\t\t\"background\" : true,\n\t\t\t\t\"scale\" : 2\t\t\t\t}\n\t\t\t<\/script>\n\n\t\t\t<div class=\"height-container\" style=\"padding-bottom:66.6796875%;\" v-if=\"sizes\">\n\t\t\t\t\t\t\t\t<lazy-media :inline=\"true\" :alt=\"alt\" :sizes=\"sizes\" :scale=\"scale\" :brightness=\"brightness\" :path=\"path\" :video=\"video\" :autoplay=\"autoplay\" :youtube=\"youtube\" :crop=\"crop\" :youtubelabel=\"youtubelabel\" :background=\"background\" media-id=\"desc_media_69ee47c1ae0ed\"><\/lazy-media>\n\t\t\t\t\t\t\t<\/div>\n\n\t\t\t\t\t\t\t<figcaption class=\"sr-only\" ref=\"body\" id=\"desc_media_69ee47c1ae0ed\">\n\t\t\t\t\t\t\t\t\t\t\t<div>In the Humboldt Forum&#039;s foyer there is a 17 meter high media tower, called &quot;cosmograph&quot;. It gives visitors comprehensive information about their visit and can transform into an art and light installation.<\/div>\n\t\t\t\t\t\t\t\t\t\t\t\t\t\t\t\t\t\t\t\t\t<div class=\"insignificant\">\u00a9 SHF \/ David von Becker<\/div>\n\t\t\t\t\t\t\t\t\t<\/figcaption>\n\t\t\t\t\t<\/figure>\n\t<\/lazy-media-inline>\n\t\t\t\t\t\t<\/div>\n\t\t\t\t\t\t<div class=\"teaser-content \">\n\t\t\t\t\t\t\t<div>\n\t\t\t\t\t\t\t\t\t\t\t\t\t\t\t\t<div class=\"teaser-header\"><span class=\"h3\">Stay up to date.<\/span><\/div>\n\t\t\t\t\t\t\t\t<div class=\"teaser-subline\"><span class=\"font-decoration\">Subscribe to our newsletter<\/span><\/div>\t\t\t\t\t\t\t\t<button tabindex=\"-1\" class=\"border\">Click here<\/button>\n\t\t\t\t\t\t\t<\/div>\n\t\t\t\t\t\t<\/div>\n\t\t\t\t\t<\/a>\n\t\t\t\t<\/div>\n\t\t\t<\/div>\n\t\t<\/div>\n\t<\/div>\n<\/section>\n","protected":false},"template":"","genre":[570],"digital":[],"topic":[],"stakeholder":[595],"editorial":[],"editorialfilter":[],"targetgroup":[],"language":[580,1199],"accessability":[],"age":[1602],"school":[],"groupsize":[],"place":[884],"class_list":["post-138407","event","type-event","status-publish","hentry","genre-dance","stakeholder-stiftung-humboldt-forum-im-berliner-schloss-en","language-english","language-portuguese","age-12-years-and-older","place-ground-floor-hall-2"],"acf":[],"_links":{"self":[{"href":"https:\/\/www.humboldtforum.org\/en\/wp-json\/wp\/v2\/event\/138407","targetHints":{"allow":["GET"]}}],"collection":[{"href":"https:\/\/www.humboldtforum.org\/en\/wp-json\/wp\/v2\/event"}],"about":[{"href":"https:\/\/www.humboldtforum.org\/en\/wp-json\/wp\/v2\/types\/event"}],"version-history":[{"count":5,"href":"https:\/\/www.humboldtforum.org\/en\/wp-json\/wp\/v2\/event\/138407\/revisions"}],"predecessor-version":[{"id":144921,"href":"https:\/\/www.humboldtforum.org\/en\/wp-json\/wp\/v2\/event\/138407\/revisions\/144921"}],"wp:attachment":[{"href":"https:\/\/www.humboldtforum.org\/en\/wp-json\/wp\/v2\/media?parent=138407"}],"wp:term":[{"taxonomy":"genre","embeddable":true,"href":"https:\/\/www.humboldtforum.org\/en\/wp-json\/wp\/v2\/genre?post=138407"},{"taxonomy":"digital","embeddable":true,"href":"https:\/\/www.humboldtforum.org\/en\/wp-json\/wp\/v2\/digital?post=138407"},{"taxonomy":"topic","embeddable":true,"href":"https:\/\/www.humboldtforum.org\/en\/wp-json\/wp\/v2\/topic?post=138407"},{"taxonomy":"stakeholder","embeddable":true,"href":"https:\/\/www.humboldtforum.org\/en\/wp-json\/wp\/v2\/stakeholder?post=138407"},{"taxonomy":"editorial","embeddable":true,"href":"https:\/\/www.humboldtforum.org\/en\/wp-json\/wp\/v2\/editorial?post=138407"},{"taxonomy":"editorialfilter","embeddable":true,"href":"https:\/\/www.humboldtforum.org\/en\/wp-json\/wp\/v2\/editorialfilter?post=138407"},{"taxonomy":"targetgroup","embeddable":true,"href":"https:\/\/www.humboldtforum.org\/en\/wp-json\/wp\/v2\/targetgroup?post=138407"},{"taxonomy":"language","embeddable":true,"href":"https:\/\/www.humboldtforum.org\/en\/wp-json\/wp\/v2\/language?post=138407"},{"taxonomy":"accessability","embeddable":true,"href":"https:\/\/www.humboldtforum.org\/en\/wp-json\/wp\/v2\/accessability?post=138407"},{"taxonomy":"age","embeddable":true,"href":"https:\/\/www.humboldtforum.org\/en\/wp-json\/wp\/v2\/age?post=138407"},{"taxonomy":"school","embeddable":true,"href":"https:\/\/www.humboldtforum.org\/en\/wp-json\/wp\/v2\/school?post=138407"},{"taxonomy":"groupsize","embeddable":true,"href":"https:\/\/www.humboldtforum.org\/en\/wp-json\/wp\/v2\/groupsize?post=138407"},{"taxonomy":"place","embeddable":true,"href":"https:\/\/www.humboldtforum.org\/en\/wp-json\/wp\/v2\/place?post=138407"}],"curies":[{"name":"wp","href":"https:\/\/api.w.org\/{rel}","templated":true}]}}