{"id":149472,"date":"2025-07-17T17:22:22","date_gmt":"2025-07-17T15:22:22","guid":{"rendered":"https:\/\/www.humboldtforum.org\/?post_type=event&#038;p=149472"},"modified":"2026-04-09T12:05:09","modified_gmt":"2026-04-09T10:05:09","slug":"tejedoras-de-vida","status":"publish","type":"event","link":"https:\/\/www.humboldtforum.org\/en\/programm\/termin\/guided-tour\/tejedoras-de-vida-149472\/","title":{"rendered":"Tejedoras de vida"},"content":{"rendered":"<section class=\"block block-copy\" >\n    <div class=\"container-fluid\">\n\t\t<div class=\"row \">\n            <div class=\"col-xs-12 col-md-offset-2 col-md-8\">\n                <div class=\"box\">\n                    <div class=\"copy\"><p>En una visita guiada interactiva, la historiadora del arte y especialista en Am\u00e9rica precolombina Carolina Pretell y la investigadora cultural Romina Tello le invitan a descubrir las colecciones de Am\u00e9rica, Ocean\u00eda, \u00c1frica y Asia del Ethnologisches Museum y del Museum f\u00fcr Asiatische Kunst desde una perspectiva femenina:<\/p>\n<p>A lo largo de la historia de la humanidad, las mujeres han sido entendidas en distintas culturas como portadoras de v\u00ednculo, conocimiento y fuerza vital. Como diosas, sacerdotisas, sanadoras y parteras \u2014como guardianas de la vida\u2014 moldearon las estructuras sociales, religiosas y pol\u00edticas de sus comunidades.<\/p>\n<p>\u00bfC\u00f3mo se reflejaron estas concepciones en la cultura material? \u00bfC\u00f3mo se interpret\u00f3 el cuerpo femenino como fuente de vida, poder y transformaci\u00f3n en diferentes culturas y tiempos?<\/p>\n<p>Las exposiciones ofrecen ejemplos impresionantes de la creatividad femenina y sus formas de expresi\u00f3n en diferentes \u00e9pocas y culturas, y las mediadoras le guiar\u00e1n a trav\u00e9s de ellas.<\/p>\n<\/div>\n                <\/div>\n            <\/div>\n\t\t<\/div>\n\t\t    <\/div>\n<\/section>\n\n\n<section class=\"block block-accordion\">\n\t<div class=\"container-fluid\">\n\t\t<div class=\"row\">\n\t\t\t<div class=\"col-xs-12 col-md-offset-2 col-md-8\">\n\t\t\t\t<div class=\"box\">\n\t\t\t\t\t\t\t\t\t\t\t<block-accordion inline-template>\n\t\t\t\t\t\t\t<div class=\"accordion\">\n\t\t\t\t\t\t\t\t\t\t\t\t\t\t\t<block-accordion-item inline-template item-headline=\"Romina Tello Astudillo de Beer\">\n\t\t\t\t\t\t\t\t<div ref=\"item\" data-id=\"RominaTelloAstudillodeBeer\" class=\"block-accordion-item vue-initialize\" aria-expanded=\"false\" :aria-expanded=\"active ? 'true' : 'false'\">\n\t\t\t\t\t\t\t\t\t<button class=\"accordion-button-with-icon block-accordion-item-head\" :class=\"{'button-active': active}\" ref=\"head\" aria-controls=\"acc_69f1c4b575da0\" id=\"acc_title_69f1c4b575da2\" @click=\"toggle\" @keydown=\"key\">\n\t\t\t\t\t\t\t\t\t<div><span class=\"button-label\">Romina Tello Astudillo de Beer<\/span><\/div><span class=\"button-icon icon-plus\" aria-hidden=\"true\"><\/span>\n\t\t\t\t\t\t\t\t<\/button>\n\t\t\t\t\t\t\t\t\t<div ref=\"body\" class=\"block-accordion-item-content\" id=\"acc_69f1c4b575da0\" role=\"region\">\n\t\t\t\t\t\t\t\t\t\t<div class=\"wrapper copy\">\n\t\t\t\t\t\t\t\t\t\t\t<div class=\"read-speaker\">\n<p>Romina Tello Astudillo de Beer naci\u00f3 en Huancayo, Per\u00fa. Como cient\u00edfica cultural y etn\u00f3loga, se dedica a las constelaciones culturales y sociales del antiguo mundo andino. Su trabajo acad\u00e9mico se centra en los procesos de descolonizaci\u00f3n en regiones latinoamericanas y la investigaci\u00f3n de procedencia de artefactos culturales precolombinos. Desde 2021 trabaja en mediaci\u00f3n ling\u00fc\u00edstica y cultural en el \u00e1mbito de la integraci\u00f3n social. Actualmente es nueva mediadora freelance para el Museo Etnol\u00f3gico del Foro Humboldt de Berl\u00edn.<\/p>\n<\/div>\n<div class=\"row\">\n<div class=\"col-xs-9 col-md-9\">\n<div class=\"box\">\n<figure id=\"media_6879042da78f3\" class=\"lazy-media-inline \" role=\"group\">\n<div class=\"height-container\">\n<div class=\"lazy-media inline\">\n<div class=\"image-wrapper\">\n<div class=\"image\" role=\"img\" aria-label=\"\"><\/div>\n<\/div>\n<\/div>\n<\/div>\n<\/figure>\n<\/div>\n<\/div>\n<\/div>\n\n\t\t\t\t\t\t\t\t\t\t\t\t\t\t\t\t\t\t\t\t\t\t\t\t\t\t\t\t\t\t\t\t\t\n\t\t\t\t\t\t\t\t\t\t\t<div class=\"row\">\n\t\t\t\t\t\t\t\t\t\t\t\t<div class=\"col-xs-9 col-md-9\">\n\t\t\t\t\t\t\t\t\t\t\t\t\t<div class=\"box\">\n\t\t\t\t\t\t\t\t\t\t\t\t\t\t\n\t<lazy-media-inline inline-template>\n\t\t<figure itemscope itemtype=\"http:\/\/schema.org\/ImageObject\" class=\"lazy-media-inline \" role=\"group\" id=\"media_69f1c4b5763c4\" aria-labelledby=\"desc_media_69f1c4b5763c4\">\n\t\t\t<script type=\"application\/json\" ref=\"data\">\n\t\t\t\t{\n\t\t\t\t\"sizes\" : {\"medium\":{\"file\":\"SHF_eb00228636-227x300.jpg\",\"width\":227,\"height\":300,\"mime-type\":\"image\\\/jpeg\",\"filesize\":15664},\"large\":{\"file\":\"SHF_eb00228636-776x1024.jpg\",\"width\":776,\"height\":1024,\"mime-type\":\"image\\\/jpeg\",\"filesize\":109585},\"thumbnail\":{\"file\":\"SHF_eb00228636-150x150.jpg\",\"width\":150,\"height\":150,\"mime-type\":\"image\\\/jpeg\",\"filesize\":6588},\"medium_large\":{\"file\":\"SHF_eb00228636-768x1014.jpg\",\"width\":768,\"height\":1014,\"mime-type\":\"image\\\/jpeg\",\"filesize\":108181},\"small\":{\"file\":\"SHF_eb00228636-333x440.jpg\",\"width\":333,\"height\":440,\"mime-type\":\"image\\\/jpeg\",\"filesize\":28020},\"semi\":{\"file\":\"SHF_eb00228636-439x580.jpg\",\"width\":439,\"height\":580,\"mime-type\":\"image\\\/jpeg\",\"filesize\":43703},\"mobile\":{\"file\":\"SHF_eb00228636-545x720.jpg\",\"width\":545,\"height\":720,\"mime-type\":\"image\\\/jpeg\",\"filesize\":61974},\"hd\":{\"file\":\"SHF_eb00228636-970x1280.jpg\",\"width\":970,\"height\":1280,\"mime-type\":\"image\\\/jpeg\",\"filesize\":157970},\"original\":{\"file\":\"SHF_eb00228636.jpg\",\"width\":1125,\"height\":1485}},\n\t\t\t\t\"alt\" : \"Smiling woman with long dark hair and earrings stands in front of a wooden blind.\",\n\t\t\t\t\"path\" : \"\\\/wp-content\\\/uploads\\\/2024\\\/07\\\/\",\n\t\t\t\t\"video\" : null,\n\t\t\t\t\"autoplay\" : null,\n\t\t\t\t\"youtube\" : null,\n\t\t\t\t\"youtubelabel\" : \"Play video\",\n\t\t\t\t\"brightness\" : 100,\n\t\t\t\t\"crop\" : {\"top\":\"50.00\",\"left\":\"50.00\"},\n\t\t\t\t\"background\" : true,\n\t\t\t\t\"scale\" : 2\t\t\t\t}\n\t\t\t<\/script>\n\n\t\t\t<div class=\"height-container\" style=\"padding-bottom:132%;\" v-if=\"sizes\">\n\t\t\t\t\t\t\t\t<lazy-media :inline=\"true\" :alt=\"alt\" :sizes=\"sizes\" :scale=\"scale\" :brightness=\"brightness\" :path=\"path\" :video=\"video\" :autoplay=\"autoplay\" :youtube=\"youtube\" :crop=\"crop\" :youtubelabel=\"youtubelabel\" :background=\"background\" media-id=\"desc_media_69f1c4b5763c4\"><\/lazy-media>\n\t\t\t\t\t\t\t<\/div>\n\n\t\t\t\t\t\t\t<figcaption class=\"\" id=\"desc_media_69f1c4b5763c4\">\n\t\t\t\t\t<div class=\"lazy-media-info-body-content\">\n\t\t\t\t\t\t\t\t\t\t\t\t\t<div>Portrait of the cultural scientist and ethnologist Romina Tello Astudillo de Beer\n<\/div>\n\t\t\t\t\t\t\t\t\t\t\t\t\t\t\t\t\t\t\t\t\t\t\t\t\t<div class=\"insignificant\">\u00a9 Valery Medalith<\/div>\n\t\t\t\t\t\t\t\t\t\t\t<\/div>\n\t\t\t\t<\/figcaption>\n\t\t\t\t\t\t\t\t\t<\/figure>\n\t<\/lazy-media-inline>\n\t\t\t\t\t\t\t\t\t\t\t\t\t<\/div>\n\t\t\t\t\t\t\t\t\t\t\t\t<\/div>\n\t\t\t\t\t\t\t\t\t\t\t<\/div>\n\n\t\t\t\t\t\t\t\t\t\t\t\t\t\t\t\t\t\t\t\t\t<\/div>\n\t\t\t\t\t\t\t\t\t<\/div>\n\t\t\t\t\t\t\t\t<\/div>\n\t\t\t\t\t\t\t\t<\/block-accordion-item>\n\t\t\t\t\t\t\t\t\t\t\t\t\t\t<block-accordion-item inline-template item-headline=\"Carolina Pretell\">\n\t\t\t\t\t\t\t\t<div ref=\"item\" data-id=\"CarolinaPretell\" class=\"block-accordion-item vue-initialize\" aria-expanded=\"false\" :aria-expanded=\"active ? 'true' : 'false'\">\n\t\t\t\t\t\t\t\t\t<button class=\"accordion-button-with-icon block-accordion-item-head\" :class=\"{'button-active': active}\" ref=\"head\" aria-controls=\"acc_69f1c4b576639\" id=\"acc_title_69f1c4b57663a\" @click=\"toggle\" @keydown=\"key\">\n\t\t\t\t\t\t\t\t\t<div><span class=\"button-label\">Carolina Pretell<\/span><\/div><span class=\"button-icon icon-plus\" aria-hidden=\"true\"><\/span>\n\t\t\t\t\t\t\t\t<\/button>\n\t\t\t\t\t\t\t\t\t<div ref=\"body\" class=\"block-accordion-item-content\" id=\"acc_69f1c4b576639\" role=\"region\">\n\t\t\t\t\t\t\t\t\t\t<div class=\"wrapper copy\">\n\t\t\t\t\t\t\t\t\t\t\t<div class=\"read-speaker\">\n<p>Carolina Pretell, nacida y criada en Argentina, estudi\u00f3 Bellas Artes en Argentina e Historia del Arte\/Estudios de la Am\u00e9rica Antigua en Berl\u00edn. Trabaja como mediadora independiente para el Museo Etnol\u00f3gico \/ Museo de Arte Asi\u00e1tico.<\/p>\n<\/div>\n\n\t\t\t\t\t\t\t\t\t\t\t\t\t\t\t\t\t\t\t\t\t\t\t\t\t\t\t\t\t\t\t\t\t\n\t\t\t\t\t\t\t\t\t\t\t<div class=\"row\">\n\t\t\t\t\t\t\t\t\t\t\t\t<div class=\"col-xs-9 col-md-9\">\n\t\t\t\t\t\t\t\t\t\t\t\t\t<div class=\"box\">\n\t\t\t\t\t\t\t\t\t\t\t\t\t\t\n\t<lazy-media-inline inline-template>\n\t\t<figure itemscope itemtype=\"http:\/\/schema.org\/ImageObject\" class=\"lazy-media-inline \" role=\"group\" id=\"media_69f1c4b576c35\" aria-labelledby=\"desc_media_69f1c4b576c35\">\n\t\t\t<script type=\"application\/json\" ref=\"data\">\n\t\t\t\t{\n\t\t\t\t\"sizes\" : {\"medium\":{\"file\":\"SHF_eb00196904-210x300.jpg\",\"width\":210,\"height\":300,\"mime-type\":\"image\\\/jpeg\",\"filesize\":9605},\"large\":{\"file\":\"SHF_eb00196904-717x1024.jpg\",\"width\":717,\"height\":1024,\"mime-type\":\"image\\\/jpeg\",\"filesize\":59879},\"thumbnail\":{\"file\":\"SHF_eb00196904-150x150.jpg\",\"width\":150,\"height\":150,\"mime-type\":\"image\\\/jpeg\",\"filesize\":5139},\"medium_large\":{\"file\":\"SHF_eb00196904-768x1097.jpg\",\"width\":768,\"height\":1097,\"mime-type\":\"image\\\/jpeg\",\"filesize\":66397},\"small\":{\"file\":\"SHF_eb00196904-308x440.jpg\",\"width\":308,\"height\":440,\"mime-type\":\"image\\\/jpeg\",\"filesize\":16659},\"semi\":{\"file\":\"SHF_eb00196904-406x580.jpg\",\"width\":406,\"height\":580,\"mime-type\":\"image\\\/jpeg\",\"filesize\":25340},\"mobile\":{\"file\":\"SHF_eb00196904-504x720.jpg\",\"width\":504,\"height\":720,\"mime-type\":\"image\\\/jpeg\",\"filesize\":35046},\"hd\":{\"file\":\"SHF_eb00196904-896x1280.jpg\",\"width\":896,\"height\":1280,\"mime-type\":\"image\\\/jpeg\",\"filesize\":83575},\"full\":{\"file\":\"SHF_eb00196904-1345x1920.jpg\",\"width\":1345,\"height\":1920,\"mime-type\":\"image\\\/jpeg\",\"filesize\":154423},\"1536x1536\":{\"file\":\"SHF_eb00196904-1076x1536.jpg\",\"width\":1076,\"height\":1536,\"mime-type\":\"image\\\/jpeg\",\"filesize\":110459},\"2048x2048\":{\"file\":\"SHF_eb00196904-1434x2048.jpg\",\"width\":1434,\"height\":2048,\"mime-type\":\"image\\\/jpeg\",\"filesize\":169479},\"original\":{\"file\":\"SHF_eb00196904.jpg\",\"width\":2000,\"height\":2856}},\n\t\t\t\t\"alt\" : \"Portrait of a woman with long dark hair, looking neutrally at the camera against a light background.\",\n\t\t\t\t\"path\" : \"\\\/wp-content\\\/uploads\\\/2022\\\/07\\\/\",\n\t\t\t\t\"video\" : null,\n\t\t\t\t\"autoplay\" : null,\n\t\t\t\t\"youtube\" : null,\n\t\t\t\t\"youtubelabel\" : \"Play video\",\n\t\t\t\t\"brightness\" : 100,\n\t\t\t\t\"crop\" : {\"top\":\"50.00\",\"left\":\"50.00\"},\n\t\t\t\t\"background\" : true,\n\t\t\t\t\"scale\" : 2\t\t\t\t}\n\t\t\t<\/script>\n\n\t\t\t<div class=\"height-container\" style=\"padding-bottom:142.8%;\" v-if=\"sizes\">\n\t\t\t\t\t\t\t\t<lazy-media :inline=\"true\" :alt=\"alt\" :sizes=\"sizes\" :scale=\"scale\" :brightness=\"brightness\" :path=\"path\" :video=\"video\" :autoplay=\"autoplay\" :youtube=\"youtube\" :crop=\"crop\" :youtubelabel=\"youtubelabel\" :background=\"background\" media-id=\"desc_media_69f1c4b576c35\"><\/lazy-media>\n\t\t\t\t\t\t\t<\/div>\n\n\t\t\t\t\t\t\t<figcaption class=\"\" id=\"desc_media_69f1c4b576c35\">\n\t\t\t\t\t<div class=\"lazy-media-info-body-content\">\n\t\t\t\t\t\t\t\t\t\t\t\t\t<div>Portrait of the artist and art historian Carolina Pretell<\/div>\n\t\t\t\t\t\t\t\t\t\t\t\t\t\t\t\t\t\t\t\t\t\t\t\t\t<div class=\"insignificant\">\u00a9 Photo: Susan Paufler<\/div>\n\t\t\t\t\t\t\t\t\t\t\t<\/div>\n\t\t\t\t<\/figcaption>\n\t\t\t\t\t\t\t\t\t<\/figure>\n\t<\/lazy-media-inline>\n\t\t\t\t\t\t\t\t\t\t\t\t\t<\/div>\n\t\t\t\t\t\t\t\t\t\t\t\t<\/div>\n\t\t\t\t\t\t\t\t\t\t\t<\/div>\n\n\t\t\t\t\t\t\t\t\t\t\t\t\t\t\t\t\t\t\t\t\t<\/div>\n\t\t\t\t\t\t\t\t\t<\/div>\n\t\t\t\t\t\t\t\t<\/div>\n\t\t\t\t\t\t\t\t<\/block-accordion-item>\n\t\t\t\t\t\t\t\t\t\t\t\t\t<\/div>\n\t\t\t\t\t\t<\/block-accordion>\n\t\t\t\t\t\t\t\t\t<\/div>\n\t\t\t<\/div>\n\t\t<\/div>\n\t<\/div>\n<\/section>\n\n\n<section class=\"block block-teaser col-1 has-bg\" style=\"--teaser-bg:#f2f2f2\">\n\t<lazy-component :fixed-min-height=\"400\">\n\t\n\t\t\t\t\t<div class=\"container-fluid\">\n\t\t\t\t<div class=\"row bottom-xs\">\n\t\t\t\t\t<div class=\"col-xs-12 col-sm-10 col-md-8 col-sm-offset-1 col-md-offset-2\">\n\t\t\t\t\t\t<h4>part of<\/h4>\t\t\t\t\t\t\t\t\t\t\t\t\t\t\t\t\t\t\t<\/div>\n\t\t\t\t\t<div class=\"col-xs-12 col-sm-10 col-md-8 col-sm-offset-1 col-md-offset-2 start-xs end-md margin-bottom-sixth\">\n\t\t\t\t\t\t\t\t\t\t\t<\/div>\n\t\t\t\t<\/div>\n\t\t\t\t<ul class=\"row\">\n\t\t\t\n<li class=\"col-xs-12 teaser-wrapper col-padding-remove\">\n\t<calendarteaser key=\"520389707\" rawitem='{&quot;postId&quot;:52038,&quot;title&quot;:&quot;Ethnological Collections and Asian Art&quot;,&quot;excerpt&quot;:&quot;Newly curated, right in the centre of Berlin&quot;,&quot;slug&quot;:&quot;ethnological-collection-and-asian-art&quot;,&quot;post_date&quot;:&quot;2022-07-12T18:45&quot;,&quot;type&quot;:&quot;event-permanent&quot;,&quot;permalink&quot;:&quot;https:\\\/\\\/www.humboldtforum.org\\\/en\\\/programm\\\/dauerangebot\\\/exhibition\\\/ethnological-collection-and-asian-art-52038\\\/&quot;,&quot;genre&quot;:[552],&quot;genre_details&quot;:[{&quot;text&quot;:&quot;Exhibition&quot;,&quot;id&quot;:552,&quot;icon&quot;:null,&quot;parent&quot;:0}],&quot;stakeholder&quot;:[594],&quot;stakeholder_details&quot;:[{&quot;text&quot;:&quot;Staatliche Museen zu Berlin&quot;,&quot;id&quot;:594,&quot;icon&quot;:null,&quot;parent&quot;:0}],&quot;editorial&quot;:[1138,1139,1010],&quot;editorial_details&quot;:[{&quot;text&quot;:&quot;multifaceted&quot;,&quot;id&quot;:1138,&quot;icon&quot;:null,&quot;parent&quot;:0},{&quot;text&quot;:&quot;spacious&quot;,&quot;id&quot;:1139,&quot;icon&quot;:null,&quot;parent&quot;:0},{&quot;text&quot;:&quot;surprising&quot;,&quot;id&quot;:1010,&quot;icon&quot;:null,&quot;parent&quot;:0}],&quot;targetgroup&quot;:[585],&quot;targetgroup_details&quot;:[{&quot;text&quot;:&quot;Adults&quot;,&quot;id&quot;:585,&quot;icon&quot;:null,&quot;parent&quot;:0}],&quot;language&quot;:[580,579],&quot;language_details&quot;:[{&quot;text&quot;:&quot;English&quot;,&quot;id&quot;:580,&quot;icon&quot;:null,&quot;parent&quot;:0},{&quot;text&quot;:&quot;German&quot;,&quot;id&quot;:579,&quot;icon&quot;:null,&quot;parent&quot;:0}],&quot;accessability&quot;:[596],&quot;accessability_details&quot;:[{&quot;text&quot;:&quot;Accessible for wheelchairs&quot;,&quot;id&quot;:596,&quot;icon&quot;:null,&quot;parent&quot;:0}],&quot;place&quot;:[900,897,902],&quot;place_details&quot;:{&quot;place&quot;:&quot;Humboldt Forum&quot;,&quot;map&quot;:&quot;Humboldt Forum, Schlossplatz, Berlin&quot;,&quot;room&quot;:&quot;Africa, 2nd floor, Asia, 3rd floor, Oceania, 2nd floor&quot;},&quot;icon_overwrite&quot;:&quot;&quot;,&quot;acf&quot;:{&quot;planning&quot;:{&quot;price&quot;:&quot;14 \\u20ac \\\/ 7\\u20ac&quot;,&quot;status&quot;:&quot;BUY&quot;,&quot;info&quot;:&quot;Exhibition ticket required&quot;,&quot;shop&quot;:&quot;https:\\\/\\\/tickets.humboldtforum.org\\\/#\\\/tickets\\\/time?museum_id=1&amp;exhibition_id=17&amp;group=day&amp;date=2025-10-03&quot;,&quot;can_purchase&quot;:true},&quot;periods&quot;:[{&quot;label&quot;:&quot;&quot;,&quot;dates&quot;:[{&quot;start&quot;:&quot;202301020000&quot;,&quot;end&quot;:&quot;202212310000&quot;,&quot;has_end&quot;:false,&quot;start_HRFSHORT&quot;:&quot;02\\\/01\\\/23&quot;,&quot;start_HRFSHORT_WD&quot;:&quot;Mon 02\\\/01\\\/2023&quot;}],&quot;monday&quot;:[{&quot;start&quot;:&quot;10:30&quot;,&quot;end&quot;:&quot;18:30&quot;,&quot;closed&quot;:false}],&quot;tuesday&quot;:[{&quot;start&quot;:null,&quot;end&quot;:null,&quot;closed&quot;:true}],&quot;wednesday&quot;:[{&quot;start&quot;:&quot;10:30&quot;,&quot;end&quot;:&quot;18:30&quot;,&quot;closed&quot;:false}],&quot;thursday&quot;:[{&quot;start&quot;:&quot;10:30&quot;,&quot;end&quot;:&quot;18:30&quot;,&quot;closed&quot;:false}],&quot;friday&quot;:[{&quot;start&quot;:&quot;10:30&quot;,&quot;end&quot;:&quot;18:30&quot;,&quot;closed&quot;:false}],&quot;saturday&quot;:[{&quot;start&quot;:&quot;10:30&quot;,&quot;end&quot;:&quot;18:30&quot;,&quot;closed&quot;:false}],&quot;sunday&quot;:[{&quot;start&quot;:&quot;10:30&quot;,&quot;end&quot;:&quot;18:30&quot;,&quot;closed&quot;:false}],&quot;info&quot;:&quot;&quot;,&quot;description&quot;:&quot;&quot;}],&quot;display_as_single&quot;:false,&quot;marketing_text&quot;:&quot;New presentation of the collections&quot;,&quot;shorttext&quot;:&quot;Newly curated, right in the centre of Berlin&quot;,&quot;highlight_header&quot;:true,&quot;highlight_header_image&quot;:139469,&quot;has_mobile_format&quot;:true,&quot;highlight_header_image_mobile&quot;:139467,&quot;hyphenation&quot;:false,&quot;tipp&quot;:false,&quot;joker&quot;:false,&quot;live&quot;:false,&quot;use_opening_hours_of_the_house&quot;:true,&quot;additional_info&quot;:{&quot;icon&quot;:&quot;0&quot;,&quot;text&quot;:&quot;&quot;},&quot;use_video_in_teasers&quot;:false,&quot;hide_event_in_program&quot;:false,&quot;video_brightness&quot;:&quot;80&quot;,&quot;noindex&quot;:false,&quot;keywords&quot;:&quot;&quot;,&quot;shorturl&quot;:&quot;&quot;,&quot;subline&quot;:&quot;New presentation of the collections&quot;,&quot;period_exception&quot;:[{&quot;label&quot;:&quot;&quot;,&quot;date&quot;:&quot;202209150000&quot;,&quot;closed&quot;:true,&quot;start&quot;:null,&quot;end&quot;:null,&quot;date_HRFSHORT&quot;:&quot;15\\\/09\\\/22&quot;},{&quot;label&quot;:&quot;&quot;,&quot;date&quot;:&quot;202209160000&quot;,&quot;closed&quot;:true,&quot;start&quot;:null,&quot;end&quot;:null,&quot;date_HRFSHORT&quot;:&quot;16\\\/09\\\/22&quot;},{&quot;label&quot;:&quot;&quot;,&quot;date&quot;:&quot;202512240000&quot;,&quot;closed&quot;:true,&quot;start&quot;:null,&quot;end&quot;:null,&quot;date_HRFSHORT&quot;:&quot;24\\\/12\\\/25&quot;},{&quot;label&quot;:&quot;&quot;,&quot;date&quot;:&quot;202512250000&quot;,&quot;closed&quot;:false,&quot;start&quot;:&quot;12:00&quot;,&quot;end&quot;:&quot;18:00&quot;,&quot;date_HRFSHORT&quot;:&quot;25\\\/12\\\/25&quot;},{&quot;label&quot;:&quot;&quot;,&quot;date&quot;:&quot;202412260000&quot;,&quot;closed&quot;:false,&quot;start&quot;:&quot;12:00&quot;,&quot;end&quot;:&quot;18:00&quot;,&quot;date_HRFSHORT&quot;:&quot;26\\\/12\\\/24&quot;},{&quot;label&quot;:&quot;&quot;,&quot;date&quot;:&quot;202512300000&quot;,&quot;closed&quot;:false,&quot;start&quot;:&quot;10:30&quot;,&quot;end&quot;:&quot;18:30&quot;,&quot;date_HRFSHORT&quot;:&quot;30\\\/12\\\/25&quot;},{&quot;label&quot;:&quot;&quot;,&quot;date&quot;:&quot;202512310000&quot;,&quot;closed&quot;:false,&quot;start&quot;:&quot;10:30&quot;,&quot;end&quot;:&quot;16:30&quot;,&quot;date_HRFSHORT&quot;:&quot;31\\\/12\\\/25&quot;},{&quot;label&quot;:&quot;&quot;,&quot;date&quot;:&quot;202601010000&quot;,&quot;closed&quot;:false,&quot;start&quot;:&quot;12:00&quot;,&quot;end&quot;:&quot;18:00&quot;,&quot;date_HRFSHORT&quot;:&quot;01\\\/01\\\/26&quot;}],&quot;events&quot;:[121002,124118,124825,126201,126281,126490,126634,67787,127902,129605,131803,132015,132103,128805,135469,135642,136009,141150,142768,145374,148366,148655,149472,151066,153330,154815,156980,158179,158755,159669,161060],&quot;infotext&quot;:&quot;A few specific areas may be temporarily closed due to technical and organisational requirements. The exhibition areas on the 3rd floor will be closed for maintenance work from 27 to 30 April 2026.&quot;},&quot;period_list&quot;:&quot;&lt;strong&gt;Opening hours&lt;\\\/strong&gt;\\nMon, Wed, Thu, Fri, Sat, Sun: 10:30 am \\u2013 6:30 pm  \\nTue: closed\\n\\n&quot;,&quot;period_exception&quot;:&quot;&quot;,&quot;date&quot;:{&quot;infinite&quot;:true,&quot;from_DATE&quot;:202301020000,&quot;from&quot;:1672655400,&quot;from_TIME&quot;:&quot;10:30&quot;,&quot;to&quot;:1809054780,&quot;to_DATE&quot;:202704290843,&quot;to_TIME&quot;:&quot;18:30&quot;,&quot;from_HRFSHORT&quot;:&quot; 2 Jan 2023&quot;,&quot;from_HRFSHORT_WD&quot;:&quot;Mon 02\\\/01\\\/2023&quot;,&quot;from_HRF&quot;:&quot;Mon,  2 January 2023&quot;,&quot;to_HRF&quot;:&quot;Fri, 30 April 2027&quot;,&quot;to_HRFSHORT&quot;:&quot;30 Apr 2027&quot;,&quot;to_HRFSHORT_WD&quot;:&quot;Fri 30\\\/04\\\/2027&quot;,&quot;from_to_HRF&quot;:&quot;Mon,  2 January 2023 \\u2013 Fri, 30 April 2027&quot;,&quot;from_to_HRFSHORT&quot;:&quot; 2 Jan 2023 \\u2013 30 Apr 2027&quot;,&quot;NXX&quot;:&quot;202604290843&quot;,&quot;NLAST&quot;:&quot;202704300313&quot;,&quot;NX&quot;:&quot;20260429&quot;},&quot;alert&quot;:&quot;Highlight&quot;,&quot;partof&quot;:[],&quot;marketing_topic&quot;:&quot;&quot;}' inline-template>\n\t<a href=\"https:\/\/www.humboldtforum.org\/en\/programm\/dauerangebot\/exhibition\/ethnological-collection-and-asian-art-52038\/\" class=\"teaser teaser-event-permanent teaser-event-standard\">\n\t\t<div class=\"row\">\n\t\t\t<div class=\"col-xs-12 col-sm-6 col-md-5 col-sm-offset-1 col-md-offset-2 first-sm teaser-event-text Infos\">\n\t\t\t\t<div class=\"teaser-event-standard-text\">\n\t\t\t\t\t<div class=\"margin-bottom-atom\">\n\t\t\t\t\t\t<div class=\"subline clamp-1\" v-html=\"maingenre\"><\/div>\n\t\t\t\t\t\t\t\t\t\t\t<\/div>\n\t\t\t\t\n\t\t\t\t\t<strong class=\"margin-bottom-atom h5\">Ethnological Collections and Asian Art<\/strong>\n\n\t\t\t\t\t\t\t\t\t\t\t<div class=\"\">New presentation of the collections<\/div>\n\t\t\t\t\t\t\t\t\t<\/div>\n\t\t\t\t<div class=\"teaser-bottom border-bottom\">\n\t\t\t\t<calendardateline :rawitem='item' :show-icon=\"true\"><\/calendardateline>\n\t\t\t\t\t<hr>\n\t\t\t\t<\/div>\n\t\t\t<\/div>\n\t\t\t<div class=\"col-xs-12 col-sm-4 col-md-3 teaser-event-image bottom-xs first-xs\">\n\t\t\t\t<div class=\"teaser-image teaser-image-no-alternate\">\n\t\t\t\t\t\t\t\t\t\t\t\t\t<span class=\"alert\">Highlight<\/span>\n\t\t\t\t\t\t\t\t\t\t\t\n\t<lazy-media-inline inline-template>\n\t\t<figure itemscope itemtype=\"http:\/\/schema.org\/ImageObject\" class=\"lazy-media-inline \" role=\"group\" id=\"media_69f1c4b594e23\" aria-labelledby=\"desc_media_69f1c4b594e23\">\n\t\t\t<script type=\"application\/json\" ref=\"data\">\n\t\t\t\t{\n\t\t\t\t\"sizes\" : {\"medium\":{\"file\":\"SHF_eb00226127-176x300.jpg\",\"width\":176,\"height\":300,\"mime-type\":\"image\\\/jpeg\",\"filesize\":10736},\"large\":{\"file\":\"SHF_eb00226127-600x1024.jpg\",\"width\":600,\"height\":1024,\"mime-type\":\"image\\\/jpeg\",\"filesize\":91736},\"thumbnail\":{\"file\":\"SHF_eb00226127-150x150.jpg\",\"width\":150,\"height\":150,\"mime-type\":\"image\\\/jpeg\",\"filesize\":5912},\"medium_large\":{\"file\":\"SHF_eb00226127-768x1311.jpg\",\"width\":768,\"height\":1311,\"mime-type\":\"image\\\/jpeg\",\"filesize\":143600},\"small\":{\"file\":\"SHF_eb00226127-258x440.jpg\",\"width\":258,\"height\":440,\"mime-type\":\"image\\\/jpeg\",\"filesize\":20778},\"semi\":{\"file\":\"SHF_eb00226127-340x580.jpg\",\"width\":340,\"height\":580,\"mime-type\":\"image\\\/jpeg\",\"filesize\":33486},\"mobile\":{\"file\":\"SHF_eb00226127-422x720.jpg\",\"width\":422,\"height\":720,\"mime-type\":\"image\\\/jpeg\",\"filesize\":48702},\"hd\":{\"file\":\"SHF_eb00226127-750x1280.jpg\",\"width\":750,\"height\":1280,\"mime-type\":\"image\\\/jpeg\",\"filesize\":137620},\"full\":{\"file\":\"SHF_eb00226127-1124x1920.jpg\",\"width\":1124,\"height\":1920,\"mime-type\":\"image\\\/jpeg\",\"filesize\":286887},\"1536x1536\":{\"file\":\"SHF_eb00226127-899x1536.jpg\",\"width\":899,\"height\":1536,\"mime-type\":\"image\\\/jpeg\",\"filesize\":191741},\"2048x2048\":{\"file\":\"SHF_eb00226127-1199x2048.jpg\",\"width\":1199,\"height\":2048,\"mime-type\":\"image\\\/jpeg\",\"filesize\":321534},\"original\":{\"file\":\"SHF_eb00226127.jpg\",\"width\":1464,\"height\":2500}},\n\t\t\t\t\"alt\" : \"Two statues stand side by side: a Hindu deity and a traditional figure, depicted in bold shades of red.\",\n\t\t\t\t\"path\" : \"\\\/wp-content\\\/uploads\\\/2024\\\/11\\\/\",\n\t\t\t\t\"video\" : null,\n\t\t\t\t\"autoplay\" : null,\n\t\t\t\t\"youtube\" : null,\n\t\t\t\t\"youtubelabel\" : \"Play video\",\n\t\t\t\t\"brightness\" : 100,\n\t\t\t\t\"crop\" : null,\n\t\t\t\t\"background\" : true,\n\t\t\t\t\"scale\" : 1\t\t\t\t}\n\t\t\t<\/script>\n\n\t\t\t<div class=\"height-container\" style=\"padding-bottom:170.7650273224%;\" v-if=\"sizes\">\n\t\t\t\t\t\t\t\t<lazy-media :inline=\"true\" :alt=\"alt\" :sizes=\"sizes\" :scale=\"scale\" :brightness=\"brightness\" :path=\"path\" :video=\"video\" :autoplay=\"autoplay\" :youtube=\"youtube\" :crop=\"crop\" :youtubelabel=\"youtubelabel\" :background=\"background\" media-id=\"desc_media_69f1c4b594e23\"><\/lazy-media>\n\t\t\t\t\t\t\t<\/div>\n\n\t\t\t\t\t\t\t<figcaption class=\"sr-only\" ref=\"body\" id=\"desc_media_69f1c4b594e23\">\n\t\t\t\t\t\t\t\t\t\t\t\t\t\t\t\t<div>Power figure &ldquo;mangaaka&ldquo; <\/div>\n\t\t\t\t\t\t\t\t\t\t\t\t\t\t\t\t<div class=\"insignificant\">\u00a9 Stiftung Humboldt Forum im Berliner Schloss \/ Staatliche Museen zu Berlin, Museum f\u00fcr Asiatische Kunst und Ethnologisches Museum \/ Fotos: Philipp Jester | Jens Blank<\/div>\n\t\t\t\t\t\t\t\t\t<\/figcaption>\n\t\t\t\t\t<\/figure>\n\t<\/lazy-media-inline>\n\t\t\t\t<\/div>\n\t\t\t<\/div>\n\t\t<\/div>\n\t<\/a>\n\t<\/calendarteaser>\n<\/li>\n\n\t\t\t\t<\/ul>\n\t\t\t<\/div>\n\t\t\t\t<\/lazy-component>\n<\/section>\n\n","protected":false},"template":"","genre":[822],"digital":[],"topic":[],"stakeholder":[595],"editorial":[],"editorialfilter":[],"targetgroup":[],"language":[612],"accessability":[],"age":[],"school":[],"groupsize":[1092],"place":[600],"class_list":["post-149472","event","type-event","status-publish","hentry","genre-guided-tour","stakeholder-stiftung-humboldt-forum-im-berliner-schloss-en","language-spanish","groupsize-max-25-persons","place-2nd-floor"],"acf":[],"_links":{"self":[{"href":"https:\/\/www.humboldtforum.org\/en\/wp-json\/wp\/v2\/event\/149472","targetHints":{"allow":["GET"]}}],"collection":[{"href":"https:\/\/www.humboldtforum.org\/en\/wp-json\/wp\/v2\/event"}],"about":[{"href":"https:\/\/www.humboldtforum.org\/en\/wp-json\/wp\/v2\/types\/event"}],"version-history":[{"count":4,"href":"https:\/\/www.humboldtforum.org\/en\/wp-json\/wp\/v2\/event\/149472\/revisions"}],"predecessor-version":[{"id":160711,"href":"https:\/\/www.humboldtforum.org\/en\/wp-json\/wp\/v2\/event\/149472\/revisions\/160711"}],"wp:attachment":[{"href":"https:\/\/www.humboldtforum.org\/en\/wp-json\/wp\/v2\/media?parent=149472"}],"wp:term":[{"taxonomy":"genre","embeddable":true,"href":"https:\/\/www.humboldtforum.org\/en\/wp-json\/wp\/v2\/genre?post=149472"},{"taxonomy":"digital","embeddable":true,"href":"https:\/\/www.humboldtforum.org\/en\/wp-json\/wp\/v2\/digital?post=149472"},{"taxonomy":"topic","embeddable":true,"href":"https:\/\/www.humboldtforum.org\/en\/wp-json\/wp\/v2\/topic?post=149472"},{"taxonomy":"stakeholder","embeddable":true,"href":"https:\/\/www.humboldtforum.org\/en\/wp-json\/wp\/v2\/stakeholder?post=149472"},{"taxonomy":"editorial","embeddable":true,"href":"https:\/\/www.humboldtforum.org\/en\/wp-json\/wp\/v2\/editorial?post=149472"},{"taxonomy":"editorialfilter","embeddable":true,"href":"https:\/\/www.humboldtforum.org\/en\/wp-json\/wp\/v2\/editorialfilter?post=149472"},{"taxonomy":"targetgroup","embeddable":true,"href":"https:\/\/www.humboldtforum.org\/en\/wp-json\/wp\/v2\/targetgroup?post=149472"},{"taxonomy":"language","embeddable":true,"href":"https:\/\/www.humboldtforum.org\/en\/wp-json\/wp\/v2\/language?post=149472"},{"taxonomy":"accessability","embeddable":true,"href":"https:\/\/www.humboldtforum.org\/en\/wp-json\/wp\/v2\/accessability?post=149472"},{"taxonomy":"age","embeddable":true,"href":"https:\/\/www.humboldtforum.org\/en\/wp-json\/wp\/v2\/age?post=149472"},{"taxonomy":"school","embeddable":true,"href":"https:\/\/www.humboldtforum.org\/en\/wp-json\/wp\/v2\/school?post=149472"},{"taxonomy":"groupsize","embeddable":true,"href":"https:\/\/www.humboldtforum.org\/en\/wp-json\/wp\/v2\/groupsize?post=149472"},{"taxonomy":"place","embeddable":true,"href":"https:\/\/www.humboldtforum.org\/en\/wp-json\/wp\/v2\/place?post=149472"}],"curies":[{"name":"wp","href":"https:\/\/api.w.org\/{rel}","templated":true}]}}