{"id":155257,"date":"2025-11-04T18:46:04","date_gmt":"2025-11-04T17:46:04","guid":{"rendered":"https:\/\/www.humboldtforum.org\/?post_type=event&#038;p=155257"},"modified":"2025-11-05T17:41:39","modified_gmt":"2025-11-05T16:41:39","slug":"die-rechte-der-natur-vom-gesetz-zur-aktion","status":"publish","type":"event","link":"https:\/\/www.humboldtforum.org\/en\/programm\/termin\/workshop-en\/die-rechte-der-natur-vom-gesetz-zur-aktion-155257\/","title":{"rendered":"Rights of Nature: From Law to Action"},"content":{"rendered":"<section class=\"block block-copy block-no-margin\" >\n    <div class=\"container-fluid\">\n\t\t<div class=\"row \">\n            <div class=\"col-xs-12 col-md-offset-2 col-md-8\">\n                <div class=\"box\">\n                    <div class=\"copy\"><p>What rights should nature have? Who can represent ecosystems in Europe? How can we turn legal ideas into action and collective imagination Join us for a 2-day event uniting experts, activists, artists &amp; the public to explore Rights of Nature through dialogue, mapping, workshops &amp; creative action, turning ideas into visions for change.<\/p>\n<p>Together with experts, activists, artists, and the public, we\u2019ll tackle some of the most pressing questions of our time.<\/p>\n<h5 id=\"id-2025.11.08.\/09.\u2013RightsofNature:FromLawtoAction-Whyjoin?\"><strong>Why join?<\/strong><\/h5>\n<p>Because the Rights of Nature are not only a legal question \u2014 they are a collective challenge, a cultural shift, and a call for new forms of activism. Together, we imagine how law can serve the planet.<\/p>\n<p><em>Organised by the Young Environmental Research and Advocacy Hub Europe (YERA Hub).<\/em><\/p>\n<p>&nbsp;<\/p>\n<p>&nbsp;<\/p>\n<\/div>\n                <\/div>\n            <\/div>\n\t\t<\/div>\n\t\t    <\/div>\n<\/section>\n\n<section class=\"block block-schedule\">\n\t<div class=\"container-fluid\">\n\t\t<div class=\"row\">\n\t\t\t\t\t\t<div class=\"col-xs-12 col-sm-8 col-sm-offset-2\">\n\t\t\t\t<div class=\"margin-bottom-third\">\n\t\t\t\t\t<h2>Day 1: Dialogue &amp; Mapping<\/h2>\n\t\t\t\t\t\t\t\t\t\t\t<div class=\"copy\"><h3 id=\"id-2025.11.08.\/09.\u2013RightsofNature:FromLawtoAction-Sunday,8.11.1\u20136pm:\"><strong>Saturday, 8.11. 1\u20136 pm<\/strong><\/h3>\n<p>Open roundtables with leading scholars, practitioners, and activists invite deep reflection on the concept and potential of Rights of Nature. The day closes with a participatory mapping exercise of how Rights of Nature fit within broader value systems and protect ecosystems like the Spree River.<\/p>\n<\/div>\n\t\t\t\t\t\t\t\t\t<\/div>\n\t\t\t<\/div>\n\t\t\t\t\t\t<div class=\"col-xs-12 col-sm-8 col-sm-offset-2 schedule-all margin-bottom-third\">\n\t\t\t\t<div class=\"schedule-linebox\"><\/div>\n\t\t\t\t<div class=\"box\">\n\t\t\t\t\t\t\t\t\t<div class=\"schedule-container margin-bottom-two-thirds\">\n\t\t\t\t\t\t<h6 class=\"margin-bottom-atom\"><img loading=\"lazy\" decoding=\"async\" width=\"18\" height=\"18\" class=\"schedule-bullet\" src=\"\/assets\/icons\/bullet.svg\">13:00\u201313:30<\/h6>\n\t\t\t\t\t\t<h3>Welcome Coffee &amp; Opening Words<\/h3>\n\n\t\t\t\t\t\t\t\t\t\t\t<\/div>\n\t\t\t\t\t\t\t\t\t<div class=\"schedule-container margin-bottom-two-thirds\">\n\t\t\t\t\t\t<h6 class=\"margin-bottom-atom\"><img loading=\"lazy\" decoding=\"async\" width=\"18\" height=\"18\" class=\"schedule-bullet\" src=\"\/assets\/icons\/bullet.svg\">13:30\u201314:30<\/h6>\n\t\t\t\t\t\t<h3>Roundtable Part 1: Which substantive rights should nature have and how do we define natural entities?<\/h3>\n\n\t\t\t\t\t\t\t\t\t\t\t\t\t<read-more inline-template>\n\t\t\t\t\t\t\t\t<div>\n\t\t\t\t\t\t\t\t\t<div ref=\"body\" style=\"height:0;overflow: hidden;display: none;\">\n\t\t\t\t\t\t\t\t\t\t<div class=\"schedule-container-more margin-bottom-third\">\n\t\t\t\t\t\t\t\t\t\t\t\t\t\t\t\t\t\t\t\t\t\t\t<div class=\"copy\"><p><em>with Milton Almonacid, Simon Handy, Anja Popp and Emmanuel Schlichter. Moderation: Anna Hatzius Sarramona<\/em><\/p>\n<\/div>\n\t\t\t\t\t\t\t\t\t\t\t\t\t\t\t\t\t\t\t\t\t\t\n\t\t\t\t\t\t\t\t\t\t\t\t\t\t\t\t\t\t\t\t\t<\/div>\n\t\t\t\t\t\t\t\t\t<\/div>\n\t\t\t\t\t\t\t\t\t<div class=\"copy\">\n\t\t\t\t\t\t\t\t\t\t<a ref=\"toggleButton\" class=\"Button\" @click=\"toggle\">\n\t\t\t\t\t\t\t\t\t\t\t<span v-if=\"!active\">read more<\/span>\n\t\t\t\t\t\t\t\t\t\t\t<span v-else>read less<\/span>\n\t\t\t\t\t\t\t\t\t\t<\/a>\n\t\t\t\t\t\t\t\t\t<\/div>\n\t\t\t\t\t\t\t\t<\/div>\n\t\t\t\t\t\t\t<\/read-mode>\n\t\t\t\t\t\t\t\t\t\t\t<\/div>\n\t\t\t\t\t\t\t\t\t<div class=\"schedule-container margin-bottom-two-thirds\">\n\t\t\t\t\t\t<h6 class=\"margin-bottom-atom\"><img loading=\"lazy\" decoding=\"async\" width=\"18\" height=\"18\" class=\"schedule-bullet\" src=\"\/assets\/icons\/bullet.svg\">14:30\u201315:00<\/h6>\n\t\t\t\t\t\t<h3>Coffee Break<\/h3>\n\n\t\t\t\t\t\t\t\t\t\t\t<\/div>\n\t\t\t\t\t\t\t\t\t<div class=\"schedule-container margin-bottom-two-thirds\">\n\t\t\t\t\t\t<h6 class=\"margin-bottom-atom\"><img loading=\"lazy\" decoding=\"async\" width=\"18\" height=\"18\" class=\"schedule-bullet\" src=\"\/assets\/icons\/bullet.svg\">15:00\u201316:00<\/h6>\n\t\t\t\t\t\t<h3>Roundtable Part 2: Who can represent European natural entities? Finding consensus<\/h3>\n\n\t\t\t\t\t\t\t\t\t\t\t\t\t<read-more inline-template>\n\t\t\t\t\t\t\t\t<div>\n\t\t\t\t\t\t\t\t\t<div ref=\"body\" style=\"height:0;overflow: hidden;display: none;\">\n\t\t\t\t\t\t\t\t\t\t<div class=\"schedule-container-more margin-bottom-third\">\n\t\t\t\t\t\t\t\t\t\t\t\t\t\t\t\t\t\t\t\t\t\t\t<div class=\"copy\"><p><em>with Milton Almonacid, Simon Handy, Anja Popp and Emmanuel Schlichter. Moderation: Anna Hatzius Sarramona<\/em><\/p>\n<\/div>\n\t\t\t\t\t\t\t\t\t\t\t\t\t\t\t\t\t\t\t\t\t\t\n\t\t\t\t\t\t\t\t\t\t\t\t\t\t\t\t\t\t\t\t\t<\/div>\n\t\t\t\t\t\t\t\t\t<\/div>\n\t\t\t\t\t\t\t\t\t<div class=\"copy\">\n\t\t\t\t\t\t\t\t\t\t<a ref=\"toggleButton\" class=\"Button\" @click=\"toggle\">\n\t\t\t\t\t\t\t\t\t\t\t<span v-if=\"!active\">read more<\/span>\n\t\t\t\t\t\t\t\t\t\t\t<span v-else>read less<\/span>\n\t\t\t\t\t\t\t\t\t\t<\/a>\n\t\t\t\t\t\t\t\t\t<\/div>\n\t\t\t\t\t\t\t\t<\/div>\n\t\t\t\t\t\t\t<\/read-mode>\n\t\t\t\t\t\t\t\t\t\t\t<\/div>\n\t\t\t\t\t\t\t\t\t<div class=\"schedule-container margin-bottom-two-thirds\">\n\t\t\t\t\t\t<h6 class=\"margin-bottom-atom\"><img loading=\"lazy\" decoding=\"async\" width=\"18\" height=\"18\" class=\"schedule-bullet\" src=\"\/assets\/icons\/bullet.svg\">16:00\u201317:00<\/h6>\n\t\t\t\t\t\t<h3>Break<\/h3>\n\n\t\t\t\t\t\t\t\t\t\t\t<\/div>\n\t\t\t\t\t\t\t\t\t<div class=\"schedule-container margin-bottom-two-thirds\">\n\t\t\t\t\t\t<h6 class=\"margin-bottom-atom\"><img loading=\"lazy\" decoding=\"async\" width=\"18\" height=\"18\" class=\"schedule-bullet\" src=\"\/assets\/icons\/bullet.svg\">17:30\u201318:00<\/h6>\n\t\t\t\t\t\t<h3>Participatory Mapping and Closure<\/h3>\n\n\t\t\t\t\t\t\t\t\t\t\t<\/div>\n\t\t\t\t\t\t\t\t<br>\n\t\t\t\t<img loading=\"lazy\" decoding=\"async\" width=\"18\" height=\"18\" class=\"schedule-bullet schedule-bullet-end\" src=\"\/assets\/icons\/bullet.svg\">\n\t\t\t<\/div><\/div>\n\t\t<\/div>\n\t<\/div>\n<\/section>\n\n<section class=\"block block-schedule\">\n\t<div class=\"container-fluid\">\n\t\t<div class=\"row\">\n\t\t\t\t\t\t<div class=\"col-xs-12 col-sm-8 col-sm-offset-2\">\n\t\t\t\t<div class=\"margin-bottom-third\">\n\t\t\t\t\t<h2>Day 2: Tools &amp; Transformation<\/h2>\n\t\t\t\t\t\t\t\t\t\t\t<div class=\"copy\"><h3 id=\"id-2025.11.08.\/09.\u2013RightsofNature:FromLawtoAction-Sunday,8.11.1\u20136pm:\"><strong>Sunday, 9.11. 11 am\u20134:30 pm<\/strong><\/h3>\n<p>\u20134 pmFrom philosophical dialogues on indigenous and cosmological perspectives to a hands-on legal protest workshop on protest, campaigning, and creative activism, this day bridges theory and practice. We\u2019ll co-create visions, strategies, and even protest banners \u2014 turning concepts into action.<\/p>\n<\/div>\n\t\t\t\t\t\t\t\t\t<\/div>\n\t\t\t<\/div>\n\t\t\t\t\t\t<div class=\"col-xs-12 col-sm-8 col-sm-offset-2 schedule-all margin-bottom-third\">\n\t\t\t\t<div class=\"schedule-linebox\"><\/div>\n\t\t\t\t<div class=\"box\">\n\t\t\t\t\t\t\t\t\t<div class=\"schedule-container margin-bottom-two-thirds\">\n\t\t\t\t\t\t<h6 class=\"margin-bottom-atom\"><img loading=\"lazy\" decoding=\"async\" width=\"18\" height=\"18\" class=\"schedule-bullet\" src=\"\/assets\/icons\/bullet.svg\">11:00\u201311:30<\/h6>\n\t\t\t\t\t\t<h3>Welcome Coffee &amp; Opening Words<\/h3>\n\n\t\t\t\t\t\t\t\t\t\t\t<\/div>\n\t\t\t\t\t\t\t\t\t<div class=\"schedule-container margin-bottom-two-thirds\">\n\t\t\t\t\t\t<h6 class=\"margin-bottom-atom\"><img loading=\"lazy\" decoding=\"async\" width=\"18\" height=\"18\" class=\"schedule-bullet\" src=\"\/assets\/icons\/bullet.svg\">11:30\u201313:00<\/h6>\n\t\t\t\t\t\t<h3>Philosophical &amp; Cosmological Workshop: Collaborating with Collapse<\/h3>\n\n\t\t\t\t\t\t\t\t\t\t\t\t\t<read-more inline-template>\n\t\t\t\t\t\t\t\t<div>\n\t\t\t\t\t\t\t\t\t<div ref=\"body\" style=\"height:0;overflow: hidden;display: none;\">\n\t\t\t\t\t\t\t\t\t\t<div class=\"schedule-container-more margin-bottom-third\">\n\t\t\t\t\t\t\t\t\t\t\t\t\t\t\t\t\t\t\t\t\t\t\t<div class=\"copy\"><p><em>with Milton Almonacid<\/em><\/p>\n<\/div>\n\t\t\t\t\t\t\t\t\t\t\t\t\t\t\t\t\t\t\t\t\t\t\n\t\t\t\t\t\t\t\t\t\t\t\t\t\t\t\t\t\t\t\t\t<\/div>\n\t\t\t\t\t\t\t\t\t<\/div>\n\t\t\t\t\t\t\t\t\t<div class=\"copy\">\n\t\t\t\t\t\t\t\t\t\t<a ref=\"toggleButton\" class=\"Button\" @click=\"toggle\">\n\t\t\t\t\t\t\t\t\t\t\t<span v-if=\"!active\">read more<\/span>\n\t\t\t\t\t\t\t\t\t\t\t<span v-else>read less<\/span>\n\t\t\t\t\t\t\t\t\t\t<\/a>\n\t\t\t\t\t\t\t\t\t<\/div>\n\t\t\t\t\t\t\t\t<\/div>\n\t\t\t\t\t\t\t<\/read-mode>\n\t\t\t\t\t\t\t\t\t\t\t<\/div>\n\t\t\t\t\t\t\t\t\t<div class=\"schedule-container margin-bottom-two-thirds\">\n\t\t\t\t\t\t<h6 class=\"margin-bottom-atom\"><img loading=\"lazy\" decoding=\"async\" width=\"18\" height=\"18\" class=\"schedule-bullet\" src=\"\/assets\/icons\/bullet.svg\">13:00\u201314:00<\/h6>\n\t\t\t\t\t\t<h3>Lunch Break<\/h3>\n\n\t\t\t\t\t\t\t\t\t\t\t<\/div>\n\t\t\t\t\t\t\t\t\t<div class=\"schedule-container margin-bottom-two-thirds\">\n\t\t\t\t\t\t<h6 class=\"margin-bottom-atom\"><img loading=\"lazy\" decoding=\"async\" width=\"18\" height=\"18\" class=\"schedule-bullet\" src=\"\/assets\/icons\/bullet.svg\">14:00\u201315:45<\/h6>\n\t\t\t\t\t\t<h3>Legal Strategy Workshop: From Rights of Nature to the Streets<\/h3>\n\n\t\t\t\t\t\t\t\t\t\t\t\t\t<read-more inline-template>\n\t\t\t\t\t\t\t\t<div>\n\t\t\t\t\t\t\t\t\t<div ref=\"body\" style=\"height:0;overflow: hidden;display: none;\">\n\t\t\t\t\t\t\t\t\t\t<div class=\"schedule-container-more margin-bottom-third\">\n\t\t\t\t\t\t\t\t\t\t\t\t\t\t\t\t\t\t\t\t\t\t\t<div class=\"copy\"><p><em>with Margaux Duillet and Andr\u00e9 Horenburg<\/em><\/p>\n<\/div>\n\t\t\t\t\t\t\t\t\t\t\t\t\t\t\t\t\t\t\t\t\t\t\n\t\t\t\t\t\t\t\t\t\t\t\t\t\t\t\t\t\t\t\t\t<\/div>\n\t\t\t\t\t\t\t\t\t<\/div>\n\t\t\t\t\t\t\t\t\t<div class=\"copy\">\n\t\t\t\t\t\t\t\t\t\t<a ref=\"toggleButton\" class=\"Button\" @click=\"toggle\">\n\t\t\t\t\t\t\t\t\t\t\t<span v-if=\"!active\">read more<\/span>\n\t\t\t\t\t\t\t\t\t\t\t<span v-else>read less<\/span>\n\t\t\t\t\t\t\t\t\t\t<\/a>\n\t\t\t\t\t\t\t\t\t<\/div>\n\t\t\t\t\t\t\t\t<\/div>\n\t\t\t\t\t\t\t<\/read-mode>\n\t\t\t\t\t\t\t\t\t\t\t<\/div>\n\t\t\t\t\t\t\t\t\t<div class=\"schedule-container margin-bottom-two-thirds\">\n\t\t\t\t\t\t<h6 class=\"margin-bottom-atom\"><img loading=\"lazy\" decoding=\"async\" width=\"18\" height=\"18\" class=\"schedule-bullet\" src=\"\/assets\/icons\/bullet.svg\">15:45\u201316:00<\/h6>\n\t\t\t\t\t\t<h3>Break<\/h3>\n\n\t\t\t\t\t\t\t\t\t\t\t<\/div>\n\t\t\t\t\t\t\t\t\t<div class=\"schedule-container margin-bottom-two-thirds\">\n\t\t\t\t\t\t<h6 class=\"margin-bottom-atom\"><img loading=\"lazy\" decoding=\"async\" width=\"18\" height=\"18\" class=\"schedule-bullet\" src=\"\/assets\/icons\/bullet.svg\">16:00\u201316:30<\/h6>\n\t\t\t\t\t\t<h3>Closing Circle<\/h3>\n\n\t\t\t\t\t\t\t\t\t\t\t<\/div>\n\t\t\t\t\t\t\t\t<br>\n\t\t\t\t<img loading=\"lazy\" decoding=\"async\" width=\"18\" height=\"18\" class=\"schedule-bullet schedule-bullet-end\" src=\"\/assets\/icons\/bullet.svg\">\n\t\t\t<\/div><\/div>\n\t\t<\/div>\n\t<\/div>\n<\/section>\n\n<section class=\"block block-copy block-no-margin\" >\n    <div class=\"container-fluid\">\n\t\t<div class=\"row \">\n            <div class=\"col-xs-12 col-md-offset-2 col-md-8\">\n                <div class=\"box\">\n                    <div class=\"copy\"><h3>Participants<\/h3>\n<\/div>\n                <\/div>\n            <\/div>\n\t\t<\/div>\n\t\t    <\/div>\n<\/section>\n\n\n<section class=\"block block-accordion\">\n\t<div class=\"container-fluid\">\n\t\t<div class=\"row\">\n\t\t\t<div class=\"col-xs-12 col-md-offset-2 col-md-8\">\n\t\t\t\t<div class=\"box\">\n\t\t\t\t\t\t\t\t\t\t\t<block-accordion inline-template>\n\t\t\t\t\t\t\t<div class=\"accordion\">\n\t\t\t\t\t\t\t\t\t\t\t\t\t\t\t<block-accordion-item inline-template item-headline=\"Milton Almonacid\">\n\t\t\t\t\t\t\t\t<div ref=\"item\" data-id=\"MiltonAlmonacid\" class=\"block-accordion-item vue-initialize\" aria-expanded=\"false\" :aria-expanded=\"active ? 'true' : 'false'\">\n\t\t\t\t\t\t\t\t\t<button class=\"accordion-button-with-icon block-accordion-item-head\" :class=\"{'button-active': active}\" ref=\"head\" aria-controls=\"acc_69f3f4d5b2969\" id=\"acc_title_69f3f4d5b296d\" @click=\"toggle\" @keydown=\"key\">\n\t\t\t\t\t\t\t\t\t<div><span class=\"button-label\">Milton Almonacid<\/span><\/div><span class=\"button-icon icon-plus\" aria-hidden=\"true\"><\/span>\n\t\t\t\t\t\t\t\t<\/button>\n\t\t\t\t\t\t\t\t\t<div ref=\"body\" class=\"block-accordion-item-content\" id=\"acc_69f3f4d5b2969\" role=\"region\">\n\t\t\t\t\t\t\t\t\t\t<div class=\"wrapper copy\">\n\t\t\t\t\t\t\t\t\t\t\t<p>Milton Almonacid is a cultural philosopher at the intersection of society, science, and technology. His extensive expertise encompasses Indigenous epistemologies, Epistemology of sciences, Decolonization of knowledge, Speculative Futures and Transition design. Currently pursuing a Ph.D. in Transnational Studies at the University of Copenhagen, Milton is dedicated to addressing issues related to decolonization of knowledge based on Mapuche epistemology. Specifically, he explores possible pluralistic futures beyond western narratives.<\/p>\n\n\t\t\t\t\t\t\t\t\t\t\t\t\t\t\t\t\t\t\t\t\t\t\t\t\t\t\t\t\t\t\t\t\t\n\t\t\t\t\t\t\t\t\t\t\t<div class=\"row\">\n\t\t\t\t\t\t\t\t\t\t\t\t<div class=\"col-xs-9 col-md-9\">\n\t\t\t\t\t\t\t\t\t\t\t\t\t<div class=\"box\">\n\t\t\t\t\t\t\t\t\t\t\t\t\t\t\t\t\t\t\t\t\t\t\t\t\t\t\t<\/div>\n\t\t\t\t\t\t\t\t\t\t\t\t<\/div>\n\t\t\t\t\t\t\t\t\t\t\t<\/div>\n\n\t\t\t\t\t\t\t\t\t\t\t\t\t\t\t\t\t\t\t\t\t<\/div>\n\t\t\t\t\t\t\t\t\t<\/div>\n\t\t\t\t\t\t\t\t<\/div>\n\t\t\t\t\t\t\t\t<\/block-accordion-item>\n\t\t\t\t\t\t\t\t\t\t\t\t\t\t<block-accordion-item inline-template item-headline=\"Margaux Duillet\">\n\t\t\t\t\t\t\t\t<div ref=\"item\" data-id=\"MargauxDuillet\" class=\"block-accordion-item vue-initialize\" aria-expanded=\"false\" :aria-expanded=\"active ? 'true' : 'false'\">\n\t\t\t\t\t\t\t\t\t<button class=\"accordion-button-with-icon block-accordion-item-head\" :class=\"{'button-active': active}\" ref=\"head\" aria-controls=\"acc_69f3f4d5b2c73\" id=\"acc_title_69f3f4d5b2c75\" @click=\"toggle\" @keydown=\"key\">\n\t\t\t\t\t\t\t\t\t<div><span class=\"button-label\">Margaux Duillet<\/span><\/div><span class=\"button-icon icon-plus\" aria-hidden=\"true\"><\/span>\n\t\t\t\t\t\t\t\t<\/button>\n\t\t\t\t\t\t\t\t\t<div ref=\"body\" class=\"block-accordion-item-content\" id=\"acc_69f3f4d5b2c73\" role=\"region\">\n\t\t\t\t\t\t\t\t\t\t<div class=\"wrapper copy\">\n\t\t\t\t\t\t\t\t\t\t\t<p>Margaux Duillet is a law graduate (LL.M.) specializing in public international law. She is the co-founder of Let Us Speak, a Dutch youth-led initiative that works to remove legal and social barriers to protest by translating complex laws into clear and practical tools. She will be representing Let Us Speak and leading the activist workshop during the exhibition.<\/p>\n\n\t\t\t\t\t\t\t\t\t\t\t\t\t\t\t\t\t\t\t\t\t\t\t\t\t\t\t\t\t\t\t\t\t\n\t\t\t\t\t\t\t\t\t\t\t<div class=\"row\">\n\t\t\t\t\t\t\t\t\t\t\t\t<div class=\"col-xs-9 col-md-9\">\n\t\t\t\t\t\t\t\t\t\t\t\t\t<div class=\"box\">\n\t\t\t\t\t\t\t\t\t\t\t\t\t\t\t\t\t\t\t\t\t\t\t\t\t\t\t<\/div>\n\t\t\t\t\t\t\t\t\t\t\t\t<\/div>\n\t\t\t\t\t\t\t\t\t\t\t<\/div>\n\n\t\t\t\t\t\t\t\t\t\t\t\t\t\t\t\t\t\t\t\t\t<\/div>\n\t\t\t\t\t\t\t\t\t<\/div>\n\t\t\t\t\t\t\t\t<\/div>\n\t\t\t\t\t\t\t\t<\/block-accordion-item>\n\t\t\t\t\t\t\t\t\t\t\t\t\t\t<block-accordion-item inline-template item-headline=\"Alina Friedrich\">\n\t\t\t\t\t\t\t\t<div ref=\"item\" data-id=\"AlinaFriedrich\" class=\"block-accordion-item vue-initialize\" aria-expanded=\"false\" :aria-expanded=\"active ? 'true' : 'false'\">\n\t\t\t\t\t\t\t\t\t<button class=\"accordion-button-with-icon block-accordion-item-head\" :class=\"{'button-active': active}\" ref=\"head\" aria-controls=\"acc_69f3f4d5b2e8e\" id=\"acc_title_69f3f4d5b2e8f\" @click=\"toggle\" @keydown=\"key\">\n\t\t\t\t\t\t\t\t\t<div><span class=\"button-label\">Alina Friedrich<\/span><\/div><span class=\"button-icon icon-plus\" aria-hidden=\"true\"><\/span>\n\t\t\t\t\t\t\t\t<\/button>\n\t\t\t\t\t\t\t\t\t<div ref=\"body\" class=\"block-accordion-item-content\" id=\"acc_69f3f4d5b2e8e\" role=\"region\">\n\t\t\t\t\t\t\t\t\t\t<div class=\"wrapper copy\">\n\t\t\t\t\t\t\t\t\t\t\t<p>Alina Friedrich has been leading the organization of the Rights of Nature: From Law to Action event. As the co-founder and advocacy team lead, she works around creating impact based on the research findings of the YERA researchers. She has an interdisciplinary background from politics, psychology and economics with a focus on environmental law (LL.M candidate) and has co-authored a publication about the EU Carbon Border Adjustment Mechanism.<\/p>\n\n\t\t\t\t\t\t\t\t\t\t\t\t\t\t\t\t\t\t\t\t\t\t\t\t\t\t\t\t\t\t\t\t\t\n\t\t\t\t\t\t\t\t\t\t\t<div class=\"row\">\n\t\t\t\t\t\t\t\t\t\t\t\t<div class=\"col-xs-9 col-md-9\">\n\t\t\t\t\t\t\t\t\t\t\t\t\t<div class=\"box\">\n\t\t\t\t\t\t\t\t\t\t\t\t\t\t\t\t\t\t\t\t\t\t\t\t\t\t\t<\/div>\n\t\t\t\t\t\t\t\t\t\t\t\t<\/div>\n\t\t\t\t\t\t\t\t\t\t\t<\/div>\n\n\t\t\t\t\t\t\t\t\t\t\t\t\t\t\t\t\t\t\t\t\t<\/div>\n\t\t\t\t\t\t\t\t\t<\/div>\n\t\t\t\t\t\t\t\t<\/div>\n\t\t\t\t\t\t\t\t<\/block-accordion-item>\n\t\t\t\t\t\t\t\t\t\t\t\t\t\t<block-accordion-item inline-template item-headline=\"Simon Handy\">\n\t\t\t\t\t\t\t\t<div ref=\"item\" data-id=\"SimonHandy\" class=\"block-accordion-item vue-initialize\" aria-expanded=\"false\" :aria-expanded=\"active ? 'true' : 'false'\">\n\t\t\t\t\t\t\t\t\t<button class=\"accordion-button-with-icon block-accordion-item-head\" :class=\"{'button-active': active}\" ref=\"head\" aria-controls=\"acc_69f3f4d5b30df\" id=\"acc_title_69f3f4d5b30e0\" @click=\"toggle\" @keydown=\"key\">\n\t\t\t\t\t\t\t\t\t<div><span class=\"button-label\">Simon Handy<\/span><\/div><span class=\"button-icon icon-plus\" aria-hidden=\"true\"><\/span>\n\t\t\t\t\t\t\t\t<\/button>\n\t\t\t\t\t\t\t\t\t<div ref=\"body\" class=\"block-accordion-item-content\" id=\"acc_69f3f4d5b30df\" role=\"region\">\n\t\t\t\t\t\t\t\t\t\t<div class=\"wrapper copy\">\n\t\t\t\t\t\t\t\t\t\t\t<p>Simon is an ecological artist, agroforester, and transdisciplinary researcher from the UK. In his work for the institute for environmental security, YERA Hub, and the Alliance for Sustainable Pathways in Africa &#8211; in addition to his full time role as a regenerative farmer &#8211; he brings together expertise from disciplines ranging from sustainable agriculture to ecological philosophy to the study of complex adaptive systems. Particularly he draws from social-ecological systems science and process-relational ontologies to devise novel approaches to tackling wicked problems in a range of different fields (including literal fields). In this context, Simon will be providing a critical ecological perspective, bringing to light developments from theoretical biology, evolution, complex systems, and quantum physics to challenge our modern scientific and legal paradigm.<\/p>\n\n\t\t\t\t\t\t\t\t\t\t\t\t\t\t\t\t\t\t\t\t\t\t\t\t\t\t\t\t\t\t\t\t\t\n\t\t\t\t\t\t\t\t\t\t\t<div class=\"row\">\n\t\t\t\t\t\t\t\t\t\t\t\t<div class=\"col-xs-9 col-md-9\">\n\t\t\t\t\t\t\t\t\t\t\t\t\t<div class=\"box\">\n\t\t\t\t\t\t\t\t\t\t\t\t\t\t\t\t\t\t\t\t\t\t\t\t\t\t\t<\/div>\n\t\t\t\t\t\t\t\t\t\t\t\t<\/div>\n\t\t\t\t\t\t\t\t\t\t\t<\/div>\n\n\t\t\t\t\t\t\t\t\t\t\t\t\t\t\t\t\t\t\t\t\t<\/div>\n\t\t\t\t\t\t\t\t\t<\/div>\n\t\t\t\t\t\t\t\t<\/div>\n\t\t\t\t\t\t\t\t<\/block-accordion-item>\n\t\t\t\t\t\t\t\t\t\t\t\t\t\t<block-accordion-item inline-template item-headline=\"Andr\u00e9 Horenburg\">\n\t\t\t\t\t\t\t\t<div ref=\"item\" data-id=\"AndrHorenburg\" class=\"block-accordion-item vue-initialize\" aria-expanded=\"false\" :aria-expanded=\"active ? 'true' : 'false'\">\n\t\t\t\t\t\t\t\t\t<button class=\"accordion-button-with-icon block-accordion-item-head\" :class=\"{'button-active': active}\" ref=\"head\" aria-controls=\"acc_69f3f4d5b3312\" id=\"acc_title_69f3f4d5b3313\" @click=\"toggle\" @keydown=\"key\">\n\t\t\t\t\t\t\t\t\t<div><span class=\"button-label\">Andr\u00e9 Horenburg<\/span><\/div><span class=\"button-icon icon-plus\" aria-hidden=\"true\"><\/span>\n\t\t\t\t\t\t\t\t<\/button>\n\t\t\t\t\t\t\t\t\t<div ref=\"body\" class=\"block-accordion-item-content\" id=\"acc_69f3f4d5b3312\" role=\"region\">\n\t\t\t\t\t\t\t\t\t\t<div class=\"wrapper copy\">\n\t\t\t\t\t\t\t\t\t\t\t<p>Andr\u00e9 Horenburg is a partner at the Hamburg-based law firm Rechtsanw\u00e4lte G\u00fcnther and has longstanding experience in defending protestors and activists. He works in public, environmental and assembly law, advising municipalities, NGOs, citizens\u2019 initiatives and individuals. He also has a degree in fine arts. He will take part in the activist workshop in collaboration with Let Us Speak, contributing his expertise on German protest and assembly law.<\/p>\n\n\t\t\t\t\t\t\t\t\t\t\t\t\t\t\t\t\t\t\t\t\t\t\t\t\t\t\t\t\t\t\t\t\t\n\t\t\t\t\t\t\t\t\t\t\t<div class=\"row\">\n\t\t\t\t\t\t\t\t\t\t\t\t<div class=\"col-xs-9 col-md-9\">\n\t\t\t\t\t\t\t\t\t\t\t\t\t<div class=\"box\">\n\t\t\t\t\t\t\t\t\t\t\t\t\t\t\t\t\t\t\t\t\t\t\t\t\t\t\t<\/div>\n\t\t\t\t\t\t\t\t\t\t\t\t<\/div>\n\t\t\t\t\t\t\t\t\t\t\t<\/div>\n\n\t\t\t\t\t\t\t\t\t\t\t\t\t\t\t\t\t\t\t\t\t<\/div>\n\t\t\t\t\t\t\t\t\t<\/div>\n\t\t\t\t\t\t\t\t<\/div>\n\t\t\t\t\t\t\t\t<\/block-accordion-item>\n\t\t\t\t\t\t\t\t\t\t\t\t\t\t<block-accordion-item inline-template item-headline=\"Anna Hatzius Sarramona\">\n\t\t\t\t\t\t\t\t<div ref=\"item\" data-id=\"AnnaHatziusSarramona\" class=\"block-accordion-item vue-initialize\" aria-expanded=\"false\" :aria-expanded=\"active ? 'true' : 'false'\">\n\t\t\t\t\t\t\t\t\t<button class=\"accordion-button-with-icon block-accordion-item-head\" :class=\"{'button-active': active}\" ref=\"head\" aria-controls=\"acc_69f3f4d5b352c\" id=\"acc_title_69f3f4d5b352d\" @click=\"toggle\" @keydown=\"key\">\n\t\t\t\t\t\t\t\t\t<div><span class=\"button-label\">Anna Hatzius Sarramona<\/span><\/div><span class=\"button-icon icon-plus\" aria-hidden=\"true\"><\/span>\n\t\t\t\t\t\t\t\t<\/button>\n\t\t\t\t\t\t\t\t\t<div ref=\"body\" class=\"block-accordion-item-content\" id=\"acc_69f3f4d5b352c\" role=\"region\">\n\t\t\t\t\t\t\t\t\t\t<div class=\"wrapper copy\">\n\t\t\t\t\t\t\t\t\t\t\t<p>Anna Hatzuis Sarramona\u00a0is a legal researcher with an interdisciplinary background. As a co-founder of the YERA Hub, she has led the organization\u2019s research cycle on Rights of Nature. Her work focuses on developing interdisciplinary methodologies to address complex legal questions. Beyond YERA, Anna researches environmental criminal law and its intersections with Rights of Nature.<\/p>\n\n\t\t\t\t\t\t\t\t\t\t\t\t\t\t\t\t\t\t\t\t\t\t\t\t\t\t\t\t\t\t\t\t\t\n\t\t\t\t\t\t\t\t\t\t\t<div class=\"row\">\n\t\t\t\t\t\t\t\t\t\t\t\t<div class=\"col-xs-9 col-md-9\">\n\t\t\t\t\t\t\t\t\t\t\t\t\t<div class=\"box\">\n\t\t\t\t\t\t\t\t\t\t\t\t\t\t\t\t\t\t\t\t\t\t\t\t\t\t\t<\/div>\n\t\t\t\t\t\t\t\t\t\t\t\t<\/div>\n\t\t\t\t\t\t\t\t\t\t\t<\/div>\n\n\t\t\t\t\t\t\t\t\t\t\t\t\t\t\t\t\t\t\t\t\t<\/div>\n\t\t\t\t\t\t\t\t\t<\/div>\n\t\t\t\t\t\t\t\t<\/div>\n\t\t\t\t\t\t\t\t<\/block-accordion-item>\n\t\t\t\t\t\t\t\t\t\t\t\t\t\t<block-accordion-item inline-template item-headline=\"Anja Popp\">\n\t\t\t\t\t\t\t\t<div ref=\"item\" data-id=\"AnjaPopp\" class=\"block-accordion-item vue-initialize\" aria-expanded=\"false\" :aria-expanded=\"active ? 'true' : 'false'\">\n\t\t\t\t\t\t\t\t\t<button class=\"accordion-button-with-icon block-accordion-item-head\" :class=\"{'button-active': active}\" ref=\"head\" aria-controls=\"acc_69f3f4d5b3787\" id=\"acc_title_69f3f4d5b3789\" @click=\"toggle\" @keydown=\"key\">\n\t\t\t\t\t\t\t\t\t<div><span class=\"button-label\">Anja Popp<\/span><\/div><span class=\"button-icon icon-plus\" aria-hidden=\"true\"><\/span>\n\t\t\t\t\t\t\t\t<\/button>\n\t\t\t\t\t\t\t\t\t<div ref=\"body\" class=\"block-accordion-item-content\" id=\"acc_69f3f4d5b3787\" role=\"region\">\n\t\t\t\t\t\t\t\t\t\t<div class=\"wrapper copy\">\n\t\t\t\t\t\t\t\t\t\t\t<p>Anja Popp studied law in Heidelberg and Dublin. She completed her legal clerkship at the Mannheim Regional Court. Since the end of 2023, she has been working as a lawyer at <span class=\"w-term-highlight\">the law<\/span> firm \u201eG\u00fcnther Rechtsanw\u00e4lte\u201c in Hamburg. Her main focus is animal welfare law. She represents animal welfare associations and environmental protection organizations in criminal, administrative, and freedom of expression law.<\/p>\n\n\t\t\t\t\t\t\t\t\t\t\t\t\t\t\t\t\t\t\t\t\t\t\t\t\t\t\t\t\t\t\t\t\t\n\t\t\t\t\t\t\t\t\t\t\t<div class=\"row\">\n\t\t\t\t\t\t\t\t\t\t\t\t<div class=\"col-xs-9 col-md-9\">\n\t\t\t\t\t\t\t\t\t\t\t\t\t<div class=\"box\">\n\t\t\t\t\t\t\t\t\t\t\t\t\t\t\t\t\t\t\t\t\t\t\t\t\t\t\t<\/div>\n\t\t\t\t\t\t\t\t\t\t\t\t<\/div>\n\t\t\t\t\t\t\t\t\t\t\t<\/div>\n\n\t\t\t\t\t\t\t\t\t\t\t\t\t\t\t\t\t\t\t\t\t<\/div>\n\t\t\t\t\t\t\t\t\t<\/div>\n\t\t\t\t\t\t\t\t<\/div>\n\t\t\t\t\t\t\t\t<\/block-accordion-item>\n\t\t\t\t\t\t\t\t\t\t\t\t\t\t<block-accordion-item inline-template item-headline=\"Emmanuel Schlichter\">\n\t\t\t\t\t\t\t\t<div ref=\"item\" data-id=\"EmmanuelSchlichter\" class=\"block-accordion-item vue-initialize\" aria-expanded=\"false\" :aria-expanded=\"active ? 'true' : 'false'\">\n\t\t\t\t\t\t\t\t\t<button class=\"accordion-button-with-icon block-accordion-item-head\" :class=\"{'button-active': active}\" ref=\"head\" aria-controls=\"acc_69f3f4d5b39df\" id=\"acc_title_69f3f4d5b39e0\" @click=\"toggle\" @keydown=\"key\">\n\t\t\t\t\t\t\t\t\t<div><span class=\"button-label\">Emmanuel Schlichter<\/span><\/div><span class=\"button-icon icon-plus\" aria-hidden=\"true\"><\/span>\n\t\t\t\t\t\t\t\t<\/button>\n\t\t\t\t\t\t\t\t\t<div ref=\"body\" class=\"block-accordion-item-content\" id=\"acc_69f3f4d5b39df\" role=\"region\">\n\t\t\t\t\t\t\t\t\t\t<div class=\"wrapper copy\">\n\t\t\t\t\t\t\t\t\t\t\t<p>Emmanuel Schlichter, LL.M. (Kent), is a qualified lawyer who studied law at Ludwig Maximilian University of Munich (LMU) and earned a Master\u2019s degree in International Political Economy from the University of Kent. He applies his legal expertise in diverse and innovative ways to promote systemic and sustainable transformation. As the founder of Rechte der Natur e.V., he works to anchor the rights of nature in European law. Through the project \u201cRechte der Spree\u201d (Rights of the Spree), he is also pursuing a concrete example of how the rights of ecosystems can be legally recognized and made effective in German society.<\/p>\n\n\t\t\t\t\t\t\t\t\t\t\t\t\t\t\t\t\t\t\t\t\t\t\t\t\t\t\t\t\t\t\t\t\t\n\t\t\t\t\t\t\t\t\t\t\t<div class=\"row\">\n\t\t\t\t\t\t\t\t\t\t\t\t<div class=\"col-xs-9 col-md-9\">\n\t\t\t\t\t\t\t\t\t\t\t\t\t<div class=\"box\">\n\t\t\t\t\t\t\t\t\t\t\t\t\t\t\t\t\t\t\t\t\t\t\t\t\t\t\t<\/div>\n\t\t\t\t\t\t\t\t\t\t\t\t<\/div>\n\t\t\t\t\t\t\t\t\t\t\t<\/div>\n\n\t\t\t\t\t\t\t\t\t\t\t\t\t\t\t\t\t\t\t\t\t<\/div>\n\t\t\t\t\t\t\t\t\t<\/div>\n\t\t\t\t\t\t\t\t<\/div>\n\t\t\t\t\t\t\t\t<\/block-accordion-item>\n\t\t\t\t\t\t\t\t\t\t\t\t\t<\/div>\n\t\t\t\t\t\t<\/block-accordion>\n\t\t\t\t\t\t\t\t\t<\/div>\n\t\t\t<\/div>\n\t\t<\/div>\n\t<\/div>\n<\/section>\n\n\n<section class=\"block block-logos\" >\n    <div class=\"container-fluid\">\n\t\t<div class=\"row\">\n\t\t\t<div class=\"col-xs-12 col-sm-8 col-sm-offset-2\">\n\t\t\t\t<div class=\"box\">\n\t\t\t\t\t<div class=\"row center-xs middle-xs\">\n\t\t\t\t\t\t\n\t\t\t\t\t\t<div class=\"col-xs-4 col-sm-3 col-sm-2\">\n\t\t\t\t\t\t\t<div class=\"box margin-sixth-top\">\n\t\t\t\t\t\t\t\t<img decoding=\"async\" alt=\"Berlin Science Week\" src=\"https:\/\/www.humboldtforum.org\/wp-content\/uploads\/2022\/09\/SHF_eb00256921.png\" style=\"display: inline-block; width: 100%\" \/>\n\t\t\t\t\t\t\t<\/div>\n\t\t\t\t\t\t<\/div>\n\t\t\t\t\t\t\n\t\t\t\t\t\t<div class=\"col-xs-4 col-sm-3 col-sm-2\">\n\t\t\t\t\t\t\t<div class=\"box margin-sixth-top\">\n\t\t\t\t\t\t\t\t<img decoding=\"async\" alt=\"Rechte der Natur e. V.\" src=\"https:\/\/www.humboldtforum.org\/wp-content\/uploads\/2025\/09\/SHF_eb00254501_1.jpg\" style=\"display: inline-block; width: 100%\" \/>\n\t\t\t\t\t\t\t<\/div>\n\t\t\t\t\t\t<\/div>\n\t\t\t\t\t\t\n\t\t\t\t\t\t<div class=\"col-xs-4 col-sm-3 col-sm-2\">\n\t\t\t\t\t\t\t<div class=\"box margin-sixth-top\">\n\t\t\t\t\t\t\t\t<img decoding=\"async\" alt=\"Let us Speak\" src=\"https:\/\/www.humboldtforum.org\/wp-content\/uploads\/2025\/11\/SHF_eb00256713.jpg\" style=\"display: inline-block; width: 100%\" \/>\n\t\t\t\t\t\t\t<\/div>\n\t\t\t\t\t\t<\/div>\n\t\t\t\t\t\t\n\t\t\t\t\t\t<div class=\"col-xs-4 col-sm-3 col-sm-2\">\n\t\t\t\t\t\t\t<div class=\"box margin-sixth-top\">\n\t\t\t\t\t\t\t\t<img decoding=\"async\" alt=\"Stop Ecocide Deutschland\" src=\"https:\/\/www.humboldtforum.org\/wp-content\/uploads\/2025\/11\/SHF_eb00256715.png\" style=\"display: inline-block; width: 100%\" \/>\n\t\t\t\t\t\t\t<\/div>\n\t\t\t\t\t\t<\/div>\n\t\t\t\t\t\t\n\t\t\t\t\t\t<div class=\"col-xs-4 col-sm-3 col-sm-2\">\n\t\t\t\t\t\t\t<div class=\"box margin-sixth-top\">\n\t\t\t\t\t\t\t\t<img decoding=\"async\" alt=\"Protect the Planet\" src=\"https:\/\/www.humboldtforum.org\/wp-content\/uploads\/2025\/11\/SHF_eb00256714.png\" style=\"display: inline-block; width: 100%\" \/>\n\t\t\t\t\t\t\t<\/div>\n\t\t\t\t\t\t<\/div>\n\t\t\t\t\t\t\n\t\t\t\t\t\t<div class=\"col-xs-4 col-sm-3 col-sm-2\">\n\t\t\t\t\t\t\t<div class=\"box margin-sixth-top\">\n\t\t\t\t\t\t\t\t<img decoding=\"async\" alt=\"Yera Young Environmental Research &#038; Advocacy Hub\" src=\"https:\/\/www.humboldtforum.org\/wp-content\/uploads\/2025\/11\/SHF_eb00256712.png\" style=\"display: inline-block; width: 100%\" \/>\n\t\t\t\t\t\t\t<\/div>\n\t\t\t\t\t\t<\/div>\n\t\t\t\t\t\t\n\t\t\t\t\t\t<div class=\"col-xs-4 col-sm-3 col-sm-2\">\n\t\t\t\t\t\t\t<div class=\"box margin-sixth-top\">\n\t\t\t\t\t\t\t\t<img decoding=\"async\" alt=\"Chile Sin Ecocidio Fundaci\u00f3n\" src=\"https:\/\/www.humboldtforum.org\/wp-content\/uploads\/2025\/11\/SHF_eb00256922.jpg\" style=\"display: inline-block; width: 100%\" \/>\n\t\t\t\t\t\t\t<\/div>\n\t\t\t\t\t\t<\/div>\n\t\t\t\t\t\t\n\t\t\t\t\t\t<div class=\"col-xs-4 col-sm-3 col-sm-2\">\n\t\t\t\t\t\t\t<div class=\"box margin-sixth-top\">\n\t\t\t\t\t\t\t\t<img decoding=\"async\" alt=\"Logo Ecojustice . Earth\" src=\"https:\/\/www.humboldtforum.org\/wp-content\/uploads\/2025\/11\/SHF_eb00256923.png\" style=\"display: inline-block; width: 100%\" \/>\n\t\t\t\t\t\t\t<\/div>\n\t\t\t\t\t\t<\/div>\n\t\t\t\t\t\t\n\t\t\t\t\t\t<div class=\"col-xs-4 col-sm-3 col-sm-2\">\n\t\t\t\t\t\t\t<div class=\"box margin-sixth-top\">\n\t\t\t\t\t\t\t\t<img decoding=\"async\" alt=\"Amsterdam Law Hub\" src=\"https:\/\/www.humboldtforum.org\/wp-content\/uploads\/2025\/11\/SHF_eb00256924.png\" style=\"display: inline-block; width: 100%\" \/>\n\t\t\t\t\t\t\t<\/div>\n\t\t\t\t\t\t<\/div>\n\t\t\t\t\t\t\n\t\t\t\t\t\t<div class=\"col-xs-4 col-sm-3 col-sm-2\">\n\t\t\t\t\t\t\t<div class=\"box margin-sixth-top\">\n\t\t\t\t\t\t\t\t<img decoding=\"async\" alt=\"Netzwerk Rechte der Natur\" src=\"https:\/\/www.humboldtforum.org\/wp-content\/uploads\/2025\/11\/SHF_eb00256925.png\" style=\"display: inline-block; width: 100%\" \/>\n\t\t\t\t\t\t\t<\/div>\n\t\t\t\t\t\t<\/div>\n\t\t\t\t\t\t\t\t\t\t\t<\/div>\n\t\t\t\t<\/div>\n\t\t\t<\/div>\n        <\/div>\n    <\/div>\n<\/section>\n\n\n<section class=\"block block-teaser col-1 has-bg\" style=\"--teaser-bg:#f2f2f2\">\n\t<lazy-component :fixed-min-height=\"400\">\n\t\n\t\t\t\t\t<div class=\"container-fluid\">\n\t\t\t\t<div class=\"row bottom-xs\">\n\t\t\t\t\t<div class=\"col-xs-12 col-sm-10 col-md-8 col-sm-offset-1 col-md-offset-2\">\n\t\t\t\t\t\t<h4>belongs to<\/h4>\t\t\t\t\t\t\t\t\t\t\t\t\t\t\t\t\t\t\t<\/div>\n\t\t\t\t\t<div class=\"col-xs-12 col-sm-10 col-md-8 col-sm-offset-1 col-md-offset-2 start-xs end-md margin-bottom-sixth\">\n\t\t\t\t\t\t\t\t\t\t\t<\/div>\n\t\t\t\t<\/div>\n\t\t\t\t<ul class=\"row\">\n\t\t\t\n<li class=\"col-xs-12 teaser-wrapper col-padding-remove\">\n\t<calendarteaser key=\"14924620581\" rawitem='{&quot;postId&quot;:149246,&quot;title&quot;:&quot;On Water&quot;,&quot;excerpt&quot;:&quot;&quot;,&quot;slug&quot;:&quot;on-water-waterknowledge-in-berlin&quot;,&quot;post_date&quot;:&quot;2025-07-14T15:11&quot;,&quot;type&quot;:&quot;event-period&quot;,&quot;permalink&quot;:&quot;https:\\\/\\\/www.humboldtforum.org\\\/en\\\/programm\\\/laufzeitangebot\\\/exhibition\\\/on-water-waterknowledge-in-berlin-149246\\\/&quot;,&quot;genre&quot;:[552],&quot;genre_details&quot;:[{&quot;text&quot;:&quot;Exhibition&quot;,&quot;id&quot;:552,&quot;icon&quot;:null,&quot;parent&quot;:0}],&quot;stakeholder&quot;:[592],&quot;stakeholder_details&quot;:[{&quot;text&quot;:&quot;Humboldt-Universit\\u00e4t zu Berlin&quot;,&quot;id&quot;:592,&quot;icon&quot;:null,&quot;parent&quot;:0}],&quot;targetgroup&quot;:[585,715],&quot;targetgroup_details&quot;:[{&quot;text&quot;:&quot;Adults&quot;,&quot;id&quot;:585,&quot;icon&quot;:null,&quot;parent&quot;:0},{&quot;text&quot;:&quot;Teenager&quot;,&quot;id&quot;:715,&quot;icon&quot;:null,&quot;parent&quot;:0}],&quot;language&quot;:[580,579],&quot;language_details&quot;:[{&quot;text&quot;:&quot;English&quot;,&quot;id&quot;:580,&quot;icon&quot;:null,&quot;parent&quot;:0},{&quot;text&quot;:&quot;German&quot;,&quot;id&quot;:579,&quot;icon&quot;:null,&quot;parent&quot;:0}],&quot;accessability&quot;:[596],&quot;accessability_details&quot;:[{&quot;text&quot;:&quot;Accessible for wheelchairs&quot;,&quot;id&quot;:596,&quot;icon&quot;:null,&quot;parent&quot;:0}],&quot;place&quot;:[599],&quot;place_details&quot;:{&quot;place&quot;:&quot;Humboldt Forum&quot;,&quot;map&quot;:&quot;Humboldt Forum, Schlossplatz, Berlin&quot;,&quot;room&quot;:&quot;Humboldt Lab, 1st floor&quot;},&quot;icon_overwrite&quot;:&quot;&quot;,&quot;acf&quot;:{&quot;planning&quot;:{&quot;price&quot;:&quot;&quot;,&quot;status&quot;:&quot;JOIN&quot;,&quot;info&quot;:&quot;free admission&quot;,&quot;shop&quot;:&quot;&quot;,&quot;can_purchase&quot;:false},&quot;use_opening_hours_of_the_house&quot;:false,&quot;periods&quot;:[{&quot;label&quot;:&quot;&quot;,&quot;dates&quot;:[{&quot;start&quot;:&quot;202510100000&quot;,&quot;end&quot;:&quot;202709270000&quot;,&quot;has_end&quot;:true,&quot;start_HRFSHORT&quot;:&quot;10\\\/10\\\/25&quot;,&quot;start_HRFSHORT_WD&quot;:&quot;Fri 10\\\/10\\\/2025&quot;,&quot;end_HRFSHORT&quot;:&quot;27\\\/09\\\/27&quot;}],&quot;monday&quot;:[{&quot;start&quot;:&quot;10:30&quot;,&quot;end&quot;:&quot;18:30&quot;,&quot;closed&quot;:false}],&quot;tuesday&quot;:[{&quot;start&quot;:null,&quot;end&quot;:null,&quot;closed&quot;:true}],&quot;wednesday&quot;:[{&quot;start&quot;:&quot;10:30&quot;,&quot;end&quot;:&quot;18:30&quot;,&quot;closed&quot;:false}],&quot;thursday&quot;:[{&quot;start&quot;:&quot;10:30&quot;,&quot;end&quot;:&quot;18:30&quot;,&quot;closed&quot;:false}],&quot;friday&quot;:[{&quot;start&quot;:&quot;10:30&quot;,&quot;end&quot;:&quot;18:30&quot;,&quot;closed&quot;:false}],&quot;saturday&quot;:[{&quot;start&quot;:&quot;10:30&quot;,&quot;end&quot;:&quot;18:30&quot;,&quot;closed&quot;:false}],&quot;sunday&quot;:[{&quot;start&quot;:&quot;10:30&quot;,&quot;end&quot;:&quot;18:30&quot;,&quot;closed&quot;:false}],&quot;info&quot;:&quot;&quot;,&quot;description&quot;:&quot;&quot;}],&quot;display_as_single&quot;:false,&quot;additional_info&quot;:{&quot;icon&quot;:&quot;icon-bullet_active&quot;,&quot;text&quot;:&quot;Maintenance work: The On Water exhibition will be closed on April 22, 2026, and May 11, 2026.&quot;},&quot;highlight_header&quot;:true,&quot;has_mobile_format&quot;:true,&quot;use_video_in_teasers&quot;:false,&quot;hyphenation&quot;:false,&quot;tipp&quot;:false,&quot;joker&quot;:false,&quot;live&quot;:false,&quot;hide_event_in_program&quot;:false,&quot;highlight_header_image&quot;:151531,&quot;noindex&quot;:false,&quot;keywords&quot;:&quot;&quot;,&quot;shorturl&quot;:&quot;&quot;,&quot;subline&quot;:&quot;WasserWissen in Berlin&quot;,&quot;highlight_header_image_mobile&quot;:151548,&quot;events&quot;:[151674,151680,151688,152111,152498,152509,152207,153206,153411,153438,154463,154962,155257,155811,157353,157713,34384,123046,159142,159230,160748,160747,161172,161700,162981,162980,163493],&quot;period_exception&quot;:[{&quot;label&quot;:&quot;&quot;,&quot;date&quot;:&quot;202511050000&quot;,&quot;closed&quot;:false,&quot;start&quot;:&quot;11:30&quot;,&quot;end&quot;:&quot;18:30&quot;,&quot;date_HRFSHORT&quot;:&quot;05\\\/11\\\/25&quot;}],&quot;infotext&quot;:&quot;On Thursday, April 23, 2026, \\u201cOn Water\\u201d will close at 4 p.m. &quot;},&quot;period_list&quot;:&quot;&lt;strong&gt;Opening hours&lt;\\\/strong&gt;\\nMon, Wed, Thu, Fri, Sat, Sun: 10:30 am \\u2013 6:30 pm  \\nTue: closed\\n\\n&quot;,&quot;period_exception&quot;:&quot;&quot;,&quot;date&quot;:{&quot;infinite&quot;:false,&quot;from_DATE&quot;:202510100000,&quot;from&quot;:1760092200,&quot;from_TIME&quot;:&quot;10:30&quot;,&quot;to&quot;:1822069800,&quot;to_DATE&quot;:202709270000,&quot;to_TIME&quot;:&quot;18:30&quot;,&quot;from_HRFSHORT&quot;:&quot;10 Oct 2025&quot;,&quot;from_HRFSHORT_WD&quot;:&quot;Fri 10\\\/10\\\/2025&quot;,&quot;from_HRF&quot;:&quot;Fri, 10 October 2025&quot;,&quot;to_HRF&quot;:&quot;Mon, 27 September 2027&quot;,&quot;to_HRFSHORT&quot;:&quot;27 Sep 2027&quot;,&quot;to_HRFSHORT_WD&quot;:&quot;Mon 27\\\/09\\\/2027&quot;,&quot;from_to_HRF&quot;:&quot;Fri, 10 October 2025 \\u2013 Mon, 27 September 2027&quot;,&quot;from_to_HRFSHORT&quot;:&quot;10 Oct 2025 \\u2013 27 Sep 2027&quot;,&quot;NXX&quot;:&quot;202605010033&quot;,&quot;NLAST&quot;:&quot;202709271830&quot;,&quot;NX&quot;:&quot;20260501&quot;},&quot;alert&quot;:&quot;Highlight&quot;,&quot;partof&quot;:[],&quot;marketing_topic&quot;:&quot;&quot;}' inline-template>\n\t<a href=\"https:\/\/www.humboldtforum.org\/en\/programm\/laufzeitangebot\/exhibition\/on-water-waterknowledge-in-berlin-149246\/\" class=\"teaser teaser-event-period teaser-event-standard\">\n\t\t<div class=\"row\">\n\t\t\t<div class=\"col-xs-12 col-sm-6 col-md-5 col-sm-offset-1 col-md-offset-2 first-sm teaser-event-text Infos\">\n\t\t\t\t<div class=\"teaser-event-standard-text\">\n\t\t\t\t\t<div class=\"margin-bottom-atom\">\n\t\t\t\t\t\t<div class=\"subline clamp-1\" v-html=\"maingenre\"><\/div>\n\t\t\t\t\t\t\t\t\t\t\t<\/div>\n\t\t\t\t\n\t\t\t\t\t<strong class=\"margin-bottom-atom h5\">On Water<\/strong>\n\n\t\t\t\t\t\t\t\t\t\t\t<div class=\"\">WasserWissen in Berlin<\/div>\n\t\t\t\t\t\t\t\t\t<\/div>\n\t\t\t\t<div class=\"teaser-bottom border-bottom\">\n\t\t\t\t<calendardateline :rawitem='item' :show-icon=\"true\"><\/calendardateline>\n\t\t\t\t\t<hr>\n\t\t\t\t<\/div>\n\t\t\t<\/div>\n\t\t\t<div class=\"col-xs-12 col-sm-4 col-md-3 teaser-event-image bottom-xs first-xs\">\n\t\t\t\t<div class=\"teaser-image teaser-image-no-alternate\">\n\t\t\t\t\t\t\t\t\t\t\t\t\t<span class=\"alert\">Highlight<\/span>\n\t\t\t\t\t\t\t\t\t\t\t\n\t<lazy-media-inline inline-template>\n\t\t<figure itemscope itemtype=\"http:\/\/schema.org\/ImageObject\" class=\"lazy-media-inline \" role=\"group\" id=\"media_69f3f4d5d28ab\" aria-labelledby=\"desc_media_69f3f4d5d28ab\">\n\t\t\t<script type=\"application\/json\" ref=\"data\">\n\t\t\t\t{\n\t\t\t\t\"sizes\" : {\"medium\":{\"file\":\"HumboldtLabor-Webteaser-hoch-1780x3040px-DU-176x300.jpg\",\"width\":176,\"height\":300,\"mime-type\":\"image\\\/jpeg\",\"filesize\":11839},\"large\":{\"file\":\"HumboldtLabor-Webteaser-hoch-1780x3040px-DU-600x1024.jpg\",\"width\":600,\"height\":1024,\"mime-type\":\"image\\\/jpeg\",\"filesize\":102604},\"thumbnail\":{\"file\":\"HumboldtLabor-Webteaser-hoch-1780x3040px-DU-150x150.jpg\",\"width\":150,\"height\":150,\"mime-type\":\"image\\\/jpeg\",\"filesize\":6439},\"medium_large\":{\"file\":\"HumboldtLabor-Webteaser-hoch-1780x3040px-DU-768x1312.jpg\",\"width\":768,\"height\":1312,\"mime-type\":\"image\\\/jpeg\",\"filesize\":160237},\"small\":{\"file\":\"HumboldtLabor-Webteaser-hoch-1780x3040px-DU-258x440.jpg\",\"width\":258,\"height\":440,\"mime-type\":\"image\\\/jpeg\",\"filesize\":23435},\"semi\":{\"file\":\"HumboldtLabor-Webteaser-hoch-1780x3040px-DU-340x580.jpg\",\"width\":340,\"height\":580,\"mime-type\":\"image\\\/jpeg\",\"filesize\":37945},\"mobile\":{\"file\":\"HumboldtLabor-Webteaser-hoch-1780x3040px-DU-422x720.jpg\",\"width\":422,\"height\":720,\"mime-type\":\"image\\\/jpeg\",\"filesize\":55046},\"hd\":{\"file\":\"HumboldtLabor-Webteaser-hoch-1780x3040px-DU-749x1280.jpg\",\"width\":749,\"height\":1280,\"mime-type\":\"image\\\/jpeg\",\"filesize\":153753},\"full\":{\"file\":\"HumboldtLabor-Webteaser-hoch-1780x3040px-DU-1124x1920.jpg\",\"width\":1124,\"height\":1920,\"mime-type\":\"image\\\/jpeg\",\"filesize\":326299},\"1536x1536\":{\"file\":\"HumboldtLabor-Webteaser-hoch-1780x3040px-DU-899x1536.jpg\",\"width\":899,\"height\":1536,\"mime-type\":\"image\\\/jpeg\",\"filesize\":215295},\"2048x2048\":{\"file\":\"HumboldtLabor-Webteaser-hoch-1780x3040px-DU-1199x2048.jpg\",\"width\":1199,\"height\":2048,\"mime-type\":\"image\\\/jpeg\",\"filesize\":368152},\"original\":{\"file\":\"HumboldtLabor-Webteaser-hoch-1780x3040px-DU.jpg\",\"width\":1780,\"height\":3040}},\n\t\t\t\t\"alt\" : \"Key Visual Exhibition On Water. Wasserwissen in Berlin\",\n\t\t\t\t\"path\" : \"\\\/wp-content\\\/uploads\\\/2025\\\/07\\\/\",\n\t\t\t\t\"video\" : null,\n\t\t\t\t\"autoplay\" : null,\n\t\t\t\t\"youtube\" : null,\n\t\t\t\t\"youtubelabel\" : \"Play video\",\n\t\t\t\t\"brightness\" : 100,\n\t\t\t\t\"crop\" : null,\n\t\t\t\t\"background\" : true,\n\t\t\t\t\"scale\" : 1\t\t\t\t}\n\t\t\t<\/script>\n\n\t\t\t<div class=\"height-container\" style=\"padding-bottom:170.78651685393%;\" v-if=\"sizes\">\n\t\t\t\t\t\t\t\t<lazy-media :inline=\"true\" :alt=\"alt\" :sizes=\"sizes\" :scale=\"scale\" :brightness=\"brightness\" :path=\"path\" :video=\"video\" :autoplay=\"autoplay\" :youtube=\"youtube\" :crop=\"crop\" :youtubelabel=\"youtubelabel\" :background=\"background\" media-id=\"desc_media_69f3f4d5d28ab\"><\/lazy-media>\n\t\t\t\t\t\t\t<\/div>\n\n\t\t\t\t\t\t\t<figcaption class=\"sr-only\" ref=\"body\" id=\"desc_media_69f3f4d5d28ab\">\n\t\t\t\t\t\t\t\t\t\t\t\t\t\t\t\t<div>Key Visual Exhibition On Water. Wasserwissen in Berlin <\/div>\n\t\t\t\t\t\t\t\t\t\t\t\t\t\t\t\t<div class=\"insignificant\">\u00a9 Stiftung Humboldt Forum im Berliner Schloss, photo: AI generated, Observism<\/div>\n\t\t\t\t\t\t\t\t\t<\/figcaption>\n\t\t\t\t\t<\/figure>\n\t<\/lazy-media-inline>\n\t\t\t\t<\/div>\n\t\t\t<\/div>\n\t\t<\/div>\n\t<\/a>\n\t<\/calendarteaser>\n<\/li>\n\n\t\t\t\t<\/ul>\n\t\t\t<\/div>\n\t\t\t\t<\/lazy-component>\n<\/section>\n\n","protected":false},"template":"","genre":[838],"digital":[],"topic":[],"stakeholder":[592],"editorial":[],"editorialfilter":[],"targetgroup":[],"language":[580],"accessability":[],"age":[1331],"school":[],"groupsize":[],"place":[599],"class_list":["post-155257","event","type-event","status-publish","hentry","genre-workshop-en","stakeholder-humboldt-universitat-zu-berlin","language-english","age-16-en","place-humboldt-lab-1st-floor"],"acf":[],"_links":{"self":[{"href":"https:\/\/www.humboldtforum.org\/en\/wp-json\/wp\/v2\/event\/155257","targetHints":{"allow":["GET"]}}],"collection":[{"href":"https:\/\/www.humboldtforum.org\/en\/wp-json\/wp\/v2\/event"}],"about":[{"href":"https:\/\/www.humboldtforum.org\/en\/wp-json\/wp\/v2\/types\/event"}],"version-history":[{"count":11,"href":"https:\/\/www.humboldtforum.org\/en\/wp-json\/wp\/v2\/event\/155257\/revisions"}],"predecessor-version":[{"id":155370,"href":"https:\/\/www.humboldtforum.org\/en\/wp-json\/wp\/v2\/event\/155257\/revisions\/155370"}],"wp:attachment":[{"href":"https:\/\/www.humboldtforum.org\/en\/wp-json\/wp\/v2\/media?parent=155257"}],"wp:term":[{"taxonomy":"genre","embeddable":true,"href":"https:\/\/www.humboldtforum.org\/en\/wp-json\/wp\/v2\/genre?post=155257"},{"taxonomy":"digital","embeddable":true,"href":"https:\/\/www.humboldtforum.org\/en\/wp-json\/wp\/v2\/digital?post=155257"},{"taxonomy":"topic","embeddable":true,"href":"https:\/\/www.humboldtforum.org\/en\/wp-json\/wp\/v2\/topic?post=155257"},{"taxonomy":"stakeholder","embeddable":true,"href":"https:\/\/www.humboldtforum.org\/en\/wp-json\/wp\/v2\/stakeholder?post=155257"},{"taxonomy":"editorial","embeddable":true,"href":"https:\/\/www.humboldtforum.org\/en\/wp-json\/wp\/v2\/editorial?post=155257"},{"taxonomy":"editorialfilter","embeddable":true,"href":"https:\/\/www.humboldtforum.org\/en\/wp-json\/wp\/v2\/editorialfilter?post=155257"},{"taxonomy":"targetgroup","embeddable":true,"href":"https:\/\/www.humboldtforum.org\/en\/wp-json\/wp\/v2\/targetgroup?post=155257"},{"taxonomy":"language","embeddable":true,"href":"https:\/\/www.humboldtforum.org\/en\/wp-json\/wp\/v2\/language?post=155257"},{"taxonomy":"accessability","embeddable":true,"href":"https:\/\/www.humboldtforum.org\/en\/wp-json\/wp\/v2\/accessability?post=155257"},{"taxonomy":"age","embeddable":true,"href":"https:\/\/www.humboldtforum.org\/en\/wp-json\/wp\/v2\/age?post=155257"},{"taxonomy":"school","embeddable":true,"href":"https:\/\/www.humboldtforum.org\/en\/wp-json\/wp\/v2\/school?post=155257"},{"taxonomy":"groupsize","embeddable":true,"href":"https:\/\/www.humboldtforum.org\/en\/wp-json\/wp\/v2\/groupsize?post=155257"},{"taxonomy":"place","embeddable":true,"href":"https:\/\/www.humboldtforum.org\/en\/wp-json\/wp\/v2\/place?post=155257"}],"curies":[{"name":"wp","href":"https:\/\/api.w.org\/{rel}","templated":true}]}}