{"id":157406,"date":"2025-12-29T11:47:15","date_gmt":"2025-12-29T10:47:15","guid":{"rendered":"https:\/\/www.humboldtforum.org\/?post_type=event&#038;p=157406"},"modified":"2026-02-09T10:32:30","modified_gmt":"2026-02-09T09:32:30","slug":"desperado","status":"publish","type":"event","link":"https:\/\/www.humboldtforum.org\/en\/programm\/termin\/dance\/desperado-157406\/","title":{"rendered":"Desperado"},"content":{"rendered":"<section class=\"block block-copy\" >\n    <div class=\"container-fluid\">\n\t\t<div class=\"row \">\n            <div class=\"col-xs-12 col-md-offset-2 col-md-8\">\n                <div class=\"box\">\n                    <div class=\"copy\"><p data-renderer-start-pos=\"4348\" data-local-id=\"c3c9a0ae-82e4-469f-82f1-6f927ab0db3f\">Dance that touches the heart<\/p>\n<p data-renderer-start-pos=\"4378\" data-local-id=\"4fd1af30-53ec-4a25-b99b-9004c633b6fb\">Around 40 young dancers transform the foyer of the Humboldt Forum into a vibrant stage. This performance focuses on inner awakening and the pursuit of greatness and individuality. At the same time, it deals with the struggle with doubts and the fear of standing alone. The dancers make all these tensions visible \u2013 with powerful music and choreography that oscillates between self-assertion and vulnerability.<\/p>\n<p data-renderer-start-pos=\"4789\" data-local-id=\"342146c0-71af-4963-b2b1-3e512b9124e3\">The tension between individuality and integration creates a pull that is almost impossible to resist: every movement becomes an individual message and reveals the personality of each performer.<\/p>\n<p data-renderer-start-pos=\"4984\" data-local-id=\"2b5c3fbc-a6ad-495d-97f6-867fdb50c407\">Renowned US-American choreographer Nicholas Palmquist devised this performance especially for the Humboldt Forum. Dancers from Germany and five other European countries come together for the first time to make an impressive statement of young artistic strength \u2013 courageous, passionate and full of life. Desperado, based on a song by the Eagles, is being created as part of the 10th Federal Competition <a href=\"https:\/\/biennale-tanzausbildung.de\/en\/10-biennale-tanszausbildung\/\" target=\"_blank\" rel=\"noopener\">Biennale Tanzausbildung<\/a> hosted in 2026 by the <a href=\"https:\/\/sbuas.berlin\/start.html\">Staatliche Ballett- und Artistikschule Berlin<\/a>.<\/p>\n<p data-renderer-start-pos=\"4984\" data-local-id=\"2b5c3fbc-a6ad-495d-97f6-867fdb50c407\">Please note: The performances last approximately 5 minutes each and can also be viewed from the gallery on the 1st floor.<\/p>\n<\/div>\n                <\/div>\n            <\/div>\n\t\t<\/div>\n\t\t    <\/div>\n<\/section>\n\n<section class=\"block block-headline block-no-margin \" >\n\t<div class=\"container-fluid\">\n\t\t<div class=\"row\">\n\t\t\t\t\t\t\t<div class=\"col-xs-12 col-md-offset-2 col-md-8\">\n\t\t\t\t\t<div class=\"box\">\n\t\t\t\t\t\t<h2 class=\".h2\">Participants<\/h2>\n\t\t\t\t\t<\/div>\n\t\t\t\t<\/div>\n\t\t\t\t\t<\/div>\n\t<\/div>\n<\/section>\n\n\n\n\n\n<section class=\"block block-accordion\">\n\t<div class=\"container-fluid\">\n\t\t<div class=\"row\">\n\t\t\t<div class=\"col-xs-12 col-md-offset-2 col-md-8\">\n\t\t\t\t<div class=\"box\">\n\t\t\t\t\t\t\t\t\t\t\t<block-accordion inline-template>\n\t\t\t\t\t\t\t<div class=\"accordion\">\n\t\t\t\t\t\t\t\t\t\t\t\t\t\t\t<block-accordion-item inline-template item-headline=\"Nicholas Palmquist, Choreographer\">\n\t\t\t\t\t\t\t\t<div ref=\"item\" data-id=\"NicholasPalmquistChoreographer\" class=\"block-accordion-item active vue-initialize\" aria-expanded=\"true\" :aria-expanded=\"active ? 'true' : 'false'\">\n\t\t\t\t\t\t\t\t\t<button class=\"accordion-button-with-icon block-accordion-item-head\" :class=\"{'button-active': active}\" ref=\"head\" aria-controls=\"acc_69f4d8de12e3c\" id=\"acc_title_69f4d8de12e3f\" @click=\"toggle\" @keydown=\"key\">\n\t\t\t\t\t\t\t\t\t<div><span class=\"button-label\">Nicholas Palmquist, Choreographer<\/span><\/div><span class=\"button-icon icon-plus\" aria-hidden=\"true\"><\/span>\n\t\t\t\t\t\t\t\t<\/button>\n\t\t\t\t\t\t\t\t\t<div ref=\"body\" class=\"block-accordion-item-content\" id=\"acc_69f4d8de12e3c\" role=\"region\">\n\t\t\t\t\t\t\t\t\t\t<div class=\"wrapper copy\">\n\t\t\t\t\t\t\t\t\t\t\t<p data-renderer-start-pos=\"6599\" data-local-id=\"eae80abc-01ab-4e9e-bbe8-995135b93ae7\">Nicholas Palmquist is an internationally recognised teacher and choreographer. As a freelance dancer in New York City, his work includes films such as <em>In the Heights<\/em>, <em>SNL<\/em>, <em>The Tonight Show<\/em> and Netflix series, as well as live shows with the American Dance Machine, the Tony Awards and the Radio City Rockettes.<\/p>\n<p data-renderer-start-pos=\"6911\" data-local-id=\"7ed5ab0c-e0c4-45bb-90de-feffcbb15daa\">He has been featured in Vogue, Dance Magazine, Pointe, Numero China, and brands such as Kenzo, Nordstrom, and Zalando. Nicholas has taught masterclasses at Juilliard, ABT, the Mozarteum Salzburg, and Orsolina 28. Known for his cross-genre style, he teaches worldwide\u2014in Italy, France, Japan, Brazil, and other countries. He has created works with the Semperoper Ballet, Ballet x Schwerin and the Palucca University of Dance, and has taught at the Berlin State Ballet.<\/p>\n\n\t\t\t\t\t\t\t\t\t\t\t\t\t\t\t\t\t\t\t\t\t\t\t\t\t\t\t\t\t\t\t\t\t\n\t\t\t\t\t\t\t\t\t\t\t<div class=\"row\">\n\t\t\t\t\t\t\t\t\t\t\t\t<div class=\"col-xs-9 col-md-9\">\n\t\t\t\t\t\t\t\t\t\t\t\t\t<div class=\"box\">\n\t\t\t\t\t\t\t\t\t\t\t\t\t\t\t\t\t\t\t\t\t\t\t\t\t\t\t<\/div>\n\t\t\t\t\t\t\t\t\t\t\t\t<\/div>\n\t\t\t\t\t\t\t\t\t\t\t<\/div>\n\n\t\t\t\t\t\t\t\t\t\t\t\t\t\t\t\t\t\t\t\t\t<\/div>\n\t\t\t\t\t\t\t\t\t<\/div>\n\t\t\t\t\t\t\t\t<\/div>\n\t\t\t\t\t\t\t\t<\/block-accordion-item>\n\t\t\t\t\t\t\t\t\t\t\t\t\t\t<block-accordion-item inline-template item-headline=\"Schools\">\n\t\t\t\t\t\t\t\t<div ref=\"item\" data-id=\"Schools\" class=\"block-accordion-item vue-initialize\" aria-expanded=\"false\" :aria-expanded=\"active ? 'true' : 'false'\">\n\t\t\t\t\t\t\t\t\t<button class=\"accordion-button-with-icon block-accordion-item-head\" :class=\"{'button-active': active}\" ref=\"head\" aria-controls=\"acc_69f4d8de131fd\" id=\"acc_title_69f4d8de131fe\" @click=\"toggle\" @keydown=\"key\">\n\t\t\t\t\t\t\t\t\t<div><span class=\"button-label\">Schools<\/span><\/div><span class=\"button-icon icon-plus\" aria-hidden=\"true\"><\/span>\n\t\t\t\t\t\t\t\t<\/button>\n\t\t\t\t\t\t\t\t\t<div ref=\"body\" class=\"block-accordion-item-content\" id=\"acc_69f4d8de131fd\" role=\"region\">\n\t\t\t\t\t\t\t\t\t\t<div class=\"wrapper copy\">\n\t\t\t\t\t\t\t\t\t\t\t<p class=\"x_MsoNormal\" data-olk-copy-source=\"MessageBody\">\u00b7\u00a0 Acad\u00e9mie Princesse Grace Monaco<\/p>\n<p class=\"x_MsoNormal\">\u00b7\u00a0 \u00c9cole sup\u00e9rieure de danse de Cannes Rosella Hightower<\/p>\n<p class=\"x_MsoNormal\">\u00b7\u00a0 Folkwang Universit\u00e4t der K\u00fcnste Essen<\/p>\n<p class=\"x_MsoNormal\">\u00b7\u00a0 Hochschule f\u00fcr Musik und Darstellende Kunst Frankfurt am Main<\/p>\n<p class=\"x_MsoNormal\">\u00b7\u00a0 Hochschule f\u00fcr Musik und Tanz K\u00f6ln \u2013 Zentrum f\u00fcr Zeitgen\u00f6ssischen Tanz<\/p>\n<p class=\"x_MsoNormal\">\u00b7\u00a0 Hochschule f\u00fcr Musik und Theater M\u00fcnchen \u2013 Ballett-Akademie<\/p>\n<p class=\"x_MsoNormal\">\u00b7\u00a0 Hochschul\u00fcbergreifendes Zentrum Tanz Berlin (HZT)<\/p>\n<p class=\"x_MsoNormal\">\u00b7\u00a0 Palucca Hochschule f\u00fcr Tanz Dresden<\/p>\n<p class=\"x_MsoNormal\">\u00b7\u00a0 Rambert School of Ballet and Contemporary Dance London<\/p>\n<p class=\"x_MsoNormal\">\u00b7\u00a0 Staatliche Ballettschule Berlin<\/p>\n<p class=\"x_MsoNormal\">\u00b7\u00a0 Staatliche Hochschule f\u00fcr Musik und Darstellende Kunst Mannheim \/ Akademie des Tanzes<\/p>\n<p class=\"x_MsoNormal\">\u00b7\u00a0 The Royal Ballet School London<\/p>\n<p class=\"x_MsoNormal\">\u00b7\u00a0 The Royal Danish Ballet School Copenhagen<\/p>\n\n\t\t\t\t\t\t\t\t\t\t\t\t\t\t\t\t\t\t\t\t\t\t\t\t\t\t\t\t\t\t\t\t\t\n\t\t\t\t\t\t\t\t\t\t\t<div class=\"row\">\n\t\t\t\t\t\t\t\t\t\t\t\t<div class=\"col-xs-9 col-md-9\">\n\t\t\t\t\t\t\t\t\t\t\t\t\t<div class=\"box\">\n\t\t\t\t\t\t\t\t\t\t\t\t\t\t\t\t\t\t\t\t\t\t\t\t\t\t\t<\/div>\n\t\t\t\t\t\t\t\t\t\t\t\t<\/div>\n\t\t\t\t\t\t\t\t\t\t\t<\/div>\n\n\t\t\t\t\t\t\t\t\t\t\t\t\t\t\t\t\t\t\t\t\t<\/div>\n\t\t\t\t\t\t\t\t\t<\/div>\n\t\t\t\t\t\t\t\t<\/div>\n\t\t\t\t\t\t\t\t<\/block-accordion-item>\n\t\t\t\t\t\t\t\t\t\t\t\t\t\t<block-accordion-item inline-template item-headline=\"Dancers\">\n\t\t\t\t\t\t\t\t<div ref=\"item\" data-id=\"Dancers\" class=\"block-accordion-item vue-initialize\" aria-expanded=\"false\" :aria-expanded=\"active ? 'true' : 'false'\">\n\t\t\t\t\t\t\t\t\t<button class=\"accordion-button-with-icon block-accordion-item-head\" :class=\"{'button-active': active}\" ref=\"head\" aria-controls=\"acc_69f4d8de1348e\" id=\"acc_title_69f4d8de1348f\" @click=\"toggle\" @keydown=\"key\">\n\t\t\t\t\t\t\t\t\t<div><span class=\"button-label\">Dancers<\/span><\/div><span class=\"button-icon icon-plus\" aria-hidden=\"true\"><\/span>\n\t\t\t\t\t\t\t\t<\/button>\n\t\t\t\t\t\t\t\t\t<div ref=\"body\" class=\"block-accordion-item-content\" id=\"acc_69f4d8de1348e\" role=\"region\">\n\t\t\t\t\t\t\t\t\t\t<div class=\"wrapper copy\">\n\t\t\t\t\t\t\t\t\t\t\t<p>Diego Aparicio Goz\u00e1<br \/>\nMar\u00eda Arenas Romero<br \/>\nEmilie Aschmann<br \/>\nMohamed Assem Abdou<br \/>\nAlica Raphaela B\u00e4hr<br \/>\nSara Bartolli<br \/>\nSophia Beier<br \/>\nValeria Bobke<br \/>\nSappho Bogataj<br \/>\nClara B\u00f6hm<br \/>\nAlba Johanna Boixad\u00f3s Meinhard<br \/>\nBlandine Bonnin<br \/>\nPaula B\u00f6ttger<br \/>\nJoy Brueren<br \/>\nMatilda Cantoni<br \/>\nPaula Castelli<br \/>\nOlesia Chyzh<br \/>\nFrancesco Corsi<br \/>\nLe-hiep Mia De Almeida<br \/>\nLavinia De Gaetano<br \/>\nJule Denzin<br \/>\nEvelien Ekers<br \/>\nHarrison Fletcher<br \/>\nYuriko Fujioka<br \/>\nJiaqi Gao<br \/>\nNiels Gradelet<br \/>\nMaria Heinrich<br \/>\nNatalia Higuita Velasquez<br \/>\nYane Marlene Hobin<br \/>\nSvenja Hoffeller<br \/>\nSmila Vita Hoppe<br \/>\nWakana Iida<br \/>\nSastre Ignacio Ill\u00e1n<br \/>\nEla Kaner<br \/>\nEmilie Mai Kargaard Svendsen<br \/>\nDiana Karpekova<br \/>\nMiJung Kim<br \/>\nHenri Klein<br \/>\nTer\u0113ze Klein<br \/>\nNadine Kribbe<br \/>\nLib\u00f3rio Ana Lib\u00f3rio<br \/>\nKarol Mancusi<br \/>\nMattia Merlanti<br \/>\nLaura Mill\u00e1n Bodn\u00e1r<br \/>\nJ\u00falia Montedeoca Queralt<br \/>\nKanna Mori<br \/>\nNaia Nieto Villanueva<br \/>\nNils Nils<br \/>\nYuko Oba<br \/>\nVittoria Pennacchini<br \/>\nAnastasiia Pilo<br \/>\nSofia Pinho<br \/>\nErnesto Polack Young<br \/>\nAna Prevoznik<br \/>\nSofija Radovanovic<br \/>\nMichela Ranghiero<br \/>\nNoah Rees<br \/>\nHarry Riedel<br \/>\nFreya Mathilda Joergensen Rodgers<br \/>\nLena R\u00f6thlisberger<br \/>\nOriel Santoso<br \/>\nGiorgia Sassone<br \/>\nArroyo Samuel Schepers<br \/>\nJona Bo Schlotbohm<br \/>\nLuca Sch\u00fcssler<br \/>\nSvitlana Shuhailo<br \/>\nAnna \u0160im\u016fnkov\u00e1<br \/>\nElias Stefanescu<br \/>\nTom Stratz<br \/>\nSae Takeuchi<br \/>\nPetra Tettamanti<br \/>\nMariia Tolubenko<br \/>\nRoy Tsukada<br \/>\nBence Ungvari<br \/>\nLeda Wa\u00dfong<br \/>\nKonstantin Wloch<br \/>\nWai Kin Wong<br \/>\nToranosuke Yamaguchi<br \/>\nYeowon Yoon<br \/>\nAnton\u00edn Zdr\u00e1hal<\/p>\n\n\t\t\t\t\t\t\t\t\t\t\t\t\t\t\t\t\t\t\t\t\t\t\t\t\t\t\t\t\t\t\t\t\t\n\t\t\t\t\t\t\t\t\t\t\t<div class=\"row\">\n\t\t\t\t\t\t\t\t\t\t\t\t<div class=\"col-xs-9 col-md-9\">\n\t\t\t\t\t\t\t\t\t\t\t\t\t<div class=\"box\">\n\t\t\t\t\t\t\t\t\t\t\t\t\t\t\t\t\t\t\t\t\t\t\t\t\t\t\t<\/div>\n\t\t\t\t\t\t\t\t\t\t\t\t<\/div>\n\t\t\t\t\t\t\t\t\t\t\t<\/div>\n\n\t\t\t\t\t\t\t\t\t\t\t\t\t\t\t\t\t\t\t\t\t<\/div>\n\t\t\t\t\t\t\t\t\t<\/div>\n\t\t\t\t\t\t\t\t<\/div>\n\t\t\t\t\t\t\t\t<\/block-accordion-item>\n\t\t\t\t\t\t\t\t\t\t\t\t\t<\/div>\n\t\t\t\t\t\t<\/block-accordion>\n\t\t\t\t\t\t\t\t\t<\/div>\n\t\t\t<\/div>\n\t\t<\/div>\n\t<\/div>\n<\/section>\n\n\n<section class=\"block block-headline block-no-margin \" >\n\t<div class=\"container-fluid\">\n\t\t<div class=\"row\">\n\t\t\t\t\t\t\t<div class=\"col-xs-12 col-md-offset-2 col-md-8\">\n\t\t\t\t\t<div class=\"box\">\n\t\t\t\t\t\t<h2 class=\".h2\">Partner<\/h2>\n\t\t\t\t\t<\/div>\n\t\t\t\t<\/div>\n\t\t\t\t\t<\/div>\n\t<\/div>\n<\/section>\n\n\n\n\n<section class=\"block block-logos\" >\n    <div class=\"container-fluid\">\n\t\t<div class=\"row\">\n\t\t\t<div class=\"col-xs-12 col-sm-8 col-sm-offset-2\">\n\t\t\t\t<div class=\"box\">\n\t\t\t\t\t<div class=\"row  middle-xs\">\n\t\t\t\t\t\t\n\t\t\t\t\t\t<div class=\"col-xs-4 col-sm-3 col-sm-2\">\n\t\t\t\t\t\t\t<div class=\"box margin-sixth-top\">\n\t\t\t\t\t\t\t\t<img decoding=\"async\" alt=\"Biennale Tanzausbildung\" src=\"https:\/\/www.humboldtforum.org\/wp-content\/uploads\/2025\/12\/Logo_Biennale_Berlin_RGB.jpg\" style=\"display: inline-block; width: 100%\" \/>\n\t\t\t\t\t\t\t<\/div>\n\t\t\t\t\t\t<\/div>\n\t\t\t\t\t\t\t\t\t\t\t<\/div>\n\t\t\t\t<\/div>\n\t\t\t<\/div>\n        <\/div>\n    <\/div>\n<\/section>\n\n\n<section class=\"block block-CTA block-CTA-long leftgradient\">\n\t<div class=\"container-fluid\">\n\t\t<div class=\"row center-xs\">\n\t\t\t<div class=\"col-xs-12\">\n\t\t\t\t<div class=\"box\">\n\t\t\t\t\t<a href=\"https:\/\/www.humboldtforum.org\/en\/newsletter-2\/\" aria-label=\"Stay up to date.\" class=\"teaser teaser-cta-wide \">\n\t\t\t\t\t\t<div class=\"teaser-image\">\n\t\t\t\t\t\t\t\n\t<lazy-media-inline inline-template>\n\t\t<figure itemscope itemtype=\"http:\/\/schema.org\/ImageObject\" class=\"lazy-media-inline \" role=\"group\" id=\"media_69f4d8de16ec5\" aria-labelledby=\"desc_media_69f4d8de16ec5\">\n\t\t\t<script type=\"application\/json\" ref=\"data\">\n\t\t\t\t{\n\t\t\t\t\"sizes\" : {\"medium\":{\"file\":\"HF_eb00061823-scaled-300x200.jpg\",\"width\":300,\"height\":200,\"mime-type\":\"image\\\/jpeg\",\"filesize\":19186},\"large\":{\"file\":\"HF_eb00061823-scaled-1024x683.jpg\",\"width\":1024,\"height\":683,\"mime-type\":\"image\\\/jpeg\",\"filesize\":138597},\"thumbnail\":{\"file\":\"HF_eb00061823-scaled-150x150.jpg\",\"width\":150,\"height\":150,\"mime-type\":\"image\\\/jpeg\",\"filesize\":8481},\"medium_large\":{\"file\":\"HF_eb00061823-scaled-768x512.jpg\",\"width\":768,\"height\":512,\"mime-type\":\"image\\\/jpeg\",\"filesize\":86200},\"small\":{\"file\":\"HF_eb00061823-scaled-440x293.jpg\",\"width\":440,\"height\":293,\"mime-type\":\"image\\\/jpeg\",\"filesize\":35525},\"semi\":{\"file\":\"HF_eb00061823-scaled-580x387.jpg\",\"width\":580,\"height\":387,\"mime-type\":\"image\\\/jpeg\",\"filesize\":55724},\"mobile\":{\"file\":\"HF_eb00061823-scaled-720x480.jpg\",\"width\":720,\"height\":480,\"mime-type\":\"image\\\/jpeg\",\"filesize\":77971},\"hd\":{\"file\":\"HF_eb00061823-scaled-1280x854.jpg\",\"width\":1280,\"height\":854,\"mime-type\":\"image\\\/jpeg\",\"filesize\":202477},\"full\":{\"file\":\"HF_eb00061823-scaled-1920x1280.jpg\",\"width\":1920,\"height\":1280,\"mime-type\":\"image\\\/jpeg\",\"filesize\":386736},\"1536x1536\":{\"file\":\"HF_eb00061823-scaled-1536x1024.jpg\",\"width\":1536,\"height\":1024,\"mime-type\":\"image\\\/jpeg\",\"filesize\":266197},\"2048x2048\":{\"file\":\"HF_eb00061823-scaled-2048x1366.jpg\",\"width\":2048,\"height\":1366,\"mime-type\":\"image\\\/jpeg\",\"filesize\":430206},\"original\":{\"file\":\"HF_eb00061823-scaled.jpg\",\"width\":2560,\"height\":1707}},\n\t\t\t\t\"alt\" : \"The brightly lit foyer and the Infopoint, DJ booth, the Cosmograph media tower and many visitors milling about\",\n\t\t\t\t\"path\" : \"\\\/wp-content\\\/uploads\\\/2020\\\/04\\\/\",\n\t\t\t\t\"video\" : null,\n\t\t\t\t\"autoplay\" : null,\n\t\t\t\t\"youtube\" : null,\n\t\t\t\t\"youtubelabel\" : \"Play video\",\n\t\t\t\t\"brightness\" : \"70\",\n\t\t\t\t\"crop\" : {\"top\":\"90.17\",\"left\":\"40.27\"},\n\t\t\t\t\"background\" : true,\n\t\t\t\t\"scale\" : 2\t\t\t\t}\n\t\t\t<\/script>\n\n\t\t\t<div class=\"height-container\" style=\"padding-bottom:66.6796875%;\" v-if=\"sizes\">\n\t\t\t\t\t\t\t\t<lazy-media :inline=\"true\" :alt=\"alt\" :sizes=\"sizes\" :scale=\"scale\" :brightness=\"brightness\" :path=\"path\" :video=\"video\" :autoplay=\"autoplay\" :youtube=\"youtube\" :crop=\"crop\" :youtubelabel=\"youtubelabel\" :background=\"background\" media-id=\"desc_media_69f4d8de16ec5\"><\/lazy-media>\n\t\t\t\t\t\t\t<\/div>\n\n\t\t\t\t\t\t\t<figcaption class=\"sr-only\" ref=\"body\" id=\"desc_media_69f4d8de16ec5\">\n\t\t\t\t\t\t\t\t\t\t\t<div>In the Humboldt Forum&#039;s foyer there is a 17 meter high media tower, called &quot;cosmograph&quot;. It gives visitors comprehensive information about their visit and can transform into an art and light installation.<\/div>\n\t\t\t\t\t\t\t\t\t\t\t\t\t\t\t\t\t\t\t\t\t<div class=\"insignificant\">\u00a9 SHF \/ David von Becker<\/div>\n\t\t\t\t\t\t\t\t\t<\/figcaption>\n\t\t\t\t\t<\/figure>\n\t<\/lazy-media-inline>\n\t\t\t\t\t\t<\/div>\n\t\t\t\t\t\t<div class=\"teaser-content \">\n\t\t\t\t\t\t\t<div>\n\t\t\t\t\t\t\t\t\t\t\t\t\t\t\t\t<div class=\"teaser-header\"><span class=\"h3\">Stay up to date.<\/span><\/div>\n\t\t\t\t\t\t\t\t<div class=\"teaser-subline\"><span class=\"font-decoration\">Subscribe to our newsletter<\/span><\/div>\t\t\t\t\t\t\t\t<button tabindex=\"-1\" class=\"border\">Click here<\/button>\n\t\t\t\t\t\t\t<\/div>\n\t\t\t\t\t\t<\/div>\n\t\t\t\t\t<\/a>\n\t\t\t\t<\/div>\n\t\t\t<\/div>\n\t\t<\/div>\n\t<\/div>\n<\/section>\n","protected":false},"template":"","genre":[570],"digital":[],"topic":[],"stakeholder":[595],"editorial":[],"editorialfilter":[],"targetgroup":[],"language":[581],"accessability":[],"age":[712],"school":[],"groupsize":[],"place":[1045,602],"class_list":["post-157406","event","type-event","status-publish","hentry","genre-dance","stakeholder-stiftung-humboldt-forum-im-berliner-schloss-en","language-no-language-skills-required","age-0-99_en","place-foyer-en","place-ground-floor"],"acf":[],"_links":{"self":[{"href":"https:\/\/www.humboldtforum.org\/en\/wp-json\/wp\/v2\/event\/157406","targetHints":{"allow":["GET"]}}],"collection":[{"href":"https:\/\/www.humboldtforum.org\/en\/wp-json\/wp\/v2\/event"}],"about":[{"href":"https:\/\/www.humboldtforum.org\/en\/wp-json\/wp\/v2\/types\/event"}],"version-history":[{"count":11,"href":"https:\/\/www.humboldtforum.org\/en\/wp-json\/wp\/v2\/event\/157406\/revisions"}],"predecessor-version":[{"id":159130,"href":"https:\/\/www.humboldtforum.org\/en\/wp-json\/wp\/v2\/event\/157406\/revisions\/159130"}],"wp:attachment":[{"href":"https:\/\/www.humboldtforum.org\/en\/wp-json\/wp\/v2\/media?parent=157406"}],"wp:term":[{"taxonomy":"genre","embeddable":true,"href":"https:\/\/www.humboldtforum.org\/en\/wp-json\/wp\/v2\/genre?post=157406"},{"taxonomy":"digital","embeddable":true,"href":"https:\/\/www.humboldtforum.org\/en\/wp-json\/wp\/v2\/digital?post=157406"},{"taxonomy":"topic","embeddable":true,"href":"https:\/\/www.humboldtforum.org\/en\/wp-json\/wp\/v2\/topic?post=157406"},{"taxonomy":"stakeholder","embeddable":true,"href":"https:\/\/www.humboldtforum.org\/en\/wp-json\/wp\/v2\/stakeholder?post=157406"},{"taxonomy":"editorial","embeddable":true,"href":"https:\/\/www.humboldtforum.org\/en\/wp-json\/wp\/v2\/editorial?post=157406"},{"taxonomy":"editorialfilter","embeddable":true,"href":"https:\/\/www.humboldtforum.org\/en\/wp-json\/wp\/v2\/editorialfilter?post=157406"},{"taxonomy":"targetgroup","embeddable":true,"href":"https:\/\/www.humboldtforum.org\/en\/wp-json\/wp\/v2\/targetgroup?post=157406"},{"taxonomy":"language","embeddable":true,"href":"https:\/\/www.humboldtforum.org\/en\/wp-json\/wp\/v2\/language?post=157406"},{"taxonomy":"accessability","embeddable":true,"href":"https:\/\/www.humboldtforum.org\/en\/wp-json\/wp\/v2\/accessability?post=157406"},{"taxonomy":"age","embeddable":true,"href":"https:\/\/www.humboldtforum.org\/en\/wp-json\/wp\/v2\/age?post=157406"},{"taxonomy":"school","embeddable":true,"href":"https:\/\/www.humboldtforum.org\/en\/wp-json\/wp\/v2\/school?post=157406"},{"taxonomy":"groupsize","embeddable":true,"href":"https:\/\/www.humboldtforum.org\/en\/wp-json\/wp\/v2\/groupsize?post=157406"},{"taxonomy":"place","embeddable":true,"href":"https:\/\/www.humboldtforum.org\/en\/wp-json\/wp\/v2\/place?post=157406"}],"curies":[{"name":"wp","href":"https:\/\/api.w.org\/{rel}","templated":true}]}}