{"id":158853,"date":"2026-02-02T17:09:42","date_gmt":"2026-02-02T16:09:42","guid":{"rendered":"https:\/\/www.humboldtforum.org\/?post_type=event&#038;p=158853"},"modified":"2026-03-04T10:01:51","modified_gmt":"2026-03-04T09:01:51","slug":"grasp-and-let-go","status":"publish","type":"event","link":"https:\/\/www.humboldtforum.org\/en\/programm\/termin\/concert\/grasp-and-let-go-158853\/","title":{"rendered":"grasp and let go"},"content":{"rendered":"<section class=\"block block-copy\" >\n    <div class=\"container-fluid\">\n\t\t<div class=\"row \">\n            <div class=\"col-xs-12 col-md-offset-2 col-md-8\">\n                <div class=\"box\">\n                    <div class=\"copy\"><p data-renderer-start-pos=\"4757\" data-local-id=\"4c75618d-01a8-4a01-84c2-36e3a3b7710b\">Maurice Ravel (1875 \u2013 1937)<\/p>\n<p data-renderer-start-pos=\"4786\" data-local-id=\"cf4afb33-bcdc-421c-9fc9-aaa170455b7f\">String Quartet in F major<\/p>\n<ol class=\"ak-ol\" start=\"1\" data-local-id=\"52002766-0a45-485d-b86a-a7f7602e4b7b\" data-indent-level=\"1\">\n<li>\n<p data-renderer-start-pos=\"4815\" data-local-id=\"9002a9a8-c404-4113-a5f8-c48a85d499f2\"><em data-renderer-mark=\"true\">Allegro moderato. Tr\u00e8s doux<\/em><\/p>\n<\/li>\n<\/ol>\n<ol class=\"ak-ol\" start=\"2\" data-local-id=\"16693e34-a95c-4500-bf5f-9d99c52b9148\" data-indent-level=\"1\">\n<li>\n<p data-renderer-start-pos=\"4848\" data-local-id=\"c4f1a93e-adb2-45ed-aeda-e99233bc3a08\"><em data-renderer-mark=\"true\">Assez vif. Tr\u00e8s rythm\u00e9<\/em><\/p>\n<\/li>\n<\/ol>\n<ol class=\"ak-ol\" start=\"3\" data-local-id=\"569b2398-0ae7-4812-9a17-4ff4ddaca8b7\" data-indent-level=\"1\">\n<li>\n<p data-renderer-start-pos=\"4876\" data-local-id=\"f4e9431a-00ff-4ca1-95fd-173ca8cadab6\"><em data-renderer-mark=\"true\">Tr\u00e8s lent<\/em><\/p>\n<\/li>\n<\/ol>\n<ol class=\"ak-ol\" start=\"4\" data-local-id=\"d0cb7626-59fd-4ec4-b891-193f6fa881e8\" data-indent-level=\"1\">\n<li>\n<p data-renderer-start-pos=\"4891\" data-local-id=\"9f0495d0-7d02-4ed8-beb9-bc9ff442fe2a\"><em data-renderer-mark=\"true\">Vif et agit\u00e9<\/em><\/p>\n<\/li>\n<\/ol>\n<p data-renderer-start-pos=\"4907\" data-local-id=\"c056c465-e8da-4ea8-a725-39ba065fbce2\">\n<p data-renderer-start-pos=\"4909\" data-local-id=\"ac6303e4-9952-4fae-9781-23f12623afff\">Maurice Ravel&#8217;s masterful string quartet, premiered on 5 March 1904, is now regarded as one of the most brilliant chamber music works of the young Mendelssohn due to the brilliance of its musical flashes of inspiration. All four instruments are involved in the sonically sophisticated, playful search for lightness in intensity, for elegant gentleness despite all the atmospheric density. Without ever becoming coarse, the performance marking \u2018anim\u00e9\u2019 (lively), which is common in French music, occasionally reveals its proximity to the animalistic, to the lustful animal in man, especially in Ravel.<\/p>\n<p data-renderer-start-pos=\"5512\" data-local-id=\"e96527b4-1510-41a0-8cfc-301f6bfac132\">The son of a Swiss railway engineer and a Catalan woman, he is strongly reminiscent of the music beyond the Pyrenees \u2013 from a French perspective. In an underlying glow and restrained fire, as is often characteristic of Spanish music, instrumental singing and rhythm form a striking combination. The finale requires quick reflexes, both from the performers and the listeners. Even though it is often compared to impressionist watercolours, this music has nothing to do with blurriness.<\/p>\n<\/div>\n                <\/div>\n            <\/div>\n\t\t<\/div>\n\t\t    <\/div>\n<\/section>\n\n<section class=\"block block-headline block-no-margin \" >\n\t<div class=\"container-fluid\">\n\t\t<div class=\"row\">\n\t\t\t\t\t\t\t<div class=\"col-xs-12 col-md-offset-2 col-md-8\">\n\t\t\t\t\t<div class=\"box\">\n\t\t\t\t\t\t<h2 class=\".h2\">Participants<\/h2>\n\t\t\t\t\t<\/div>\n\t\t\t\t<\/div>\n\t\t\t\t\t<\/div>\n\t<\/div>\n<\/section>\n\n\n\n\n\n<section class=\"block block-accordion\">\n\t<div class=\"container-fluid\">\n\t\t<div class=\"row\">\n\t\t\t<div class=\"col-xs-12 col-md-offset-2 col-md-8\">\n\t\t\t\t<div class=\"box\">\n\t\t\t\t\t\t\t\t\t\t\t<block-accordion inline-template>\n\t\t\t\t\t\t\t<div class=\"accordion\">\n\t\t\t\t\t\t\t\t\t\t\t\t\t\t\t<block-accordion-item inline-template item-headline=\"Hans-Jakob Eschenburg, cello\">\n\t\t\t\t\t\t\t\t<div ref=\"item\" data-id=\"Hans-JakobEschenburgcello\" class=\"block-accordion-item vue-initialize\" aria-expanded=\"false\" :aria-expanded=\"active ? 'true' : 'false'\">\n\t\t\t\t\t\t\t\t\t<button class=\"accordion-button-with-icon block-accordion-item-head\" :class=\"{'button-active': active}\" ref=\"head\" aria-controls=\"acc_69edf8d418a51\" id=\"acc_title_69edf8d418a56\" @click=\"toggle\" @keydown=\"key\">\n\t\t\t\t\t\t\t\t\t<div><span class=\"button-label\">Hans-Jakob Eschenburg, cello<\/span><\/div><span class=\"button-icon icon-plus\" aria-hidden=\"true\"><\/span>\n\t\t\t\t\t\t\t\t<\/button>\n\t\t\t\t\t\t\t\t\t<div ref=\"body\" class=\"block-accordion-item-content\" id=\"acc_69edf8d418a51\" role=\"region\">\n\t\t\t\t\t\t\t\t\t\t<div class=\"wrapper copy\">\n\t\t\t\t\t\t\t\t\t\t\t<p data-renderer-start-pos=\"12232\" data-local-id=\"2e06ed25-934c-4c5b-bc4d-cfbd6a7d8ace\">Hans-Jakob Eschenburg received his first cello lessons at the Rostock Conservatory. After studying with Josef Schwab at the Hanns Eisler Academy of Music in Berlin, he was principal cellist of the Leipzig Radio Symphony Orchestra from 1984 to 1988.<\/p>\n<p data-renderer-start-pos=\"12482\" data-local-id=\"f729679a-d246-41eb-adb9-eaf550be0b83\">With the renowned Petersen Quartet, of which he was a founding member and to which he belonged until 2000, he won several international competitions (Prague, Evian, Florence, Munich) and performed at major concert venues and numerous festivals in Europe, North and South America, Asia, and Australia. Several of the Petersen Quartet&#8217;s numerous CD recordings have won international awards.<\/p>\n<p data-renderer-start-pos=\"12872\" data-local-id=\"5fd71c1d-7033-4169-866c-317bfa9b787c\">Since 1999, Hans-Jakob Eschenburg has been principal cellist of the Berlin Radio Symphony Orchestra. He held the same position in the Carl Philipp Emanuel Bach Chamber Orchestra. He regularly performs as a soloist and chamber musician, including as a member of various chamber music ensembles such as the Gideon Klein Trio. Hans-Jakob Eschenburg teaches as an honorary professor at the Hanns Eisler Academy of Music in Berlin. He is also involved as a mentor at the Orchestra Academy of the Berlin Radio Symphony Orchestra.<\/p>\n\n\t\t\t\t\t\t\t\t\t\t\t\t\t\t\t\t\t\t\t\t\t\t\t\t\t\t\t\t\t\t\t\t\t\n\t\t\t\t\t\t\t\t\t\t\t<div class=\"row\">\n\t\t\t\t\t\t\t\t\t\t\t\t<div class=\"col-xs-9 col-md-9\">\n\t\t\t\t\t\t\t\t\t\t\t\t\t<div class=\"box\">\n\t\t\t\t\t\t\t\t\t\t\t\t\t\t\t\t\t\t\t\t\t\t\t\t\t\t\t<\/div>\n\t\t\t\t\t\t\t\t\t\t\t\t<\/div>\n\t\t\t\t\t\t\t\t\t\t\t<\/div>\n\n\t\t\t\t\t\t\t\t\t\t\t\t\t\t\t\t\t\t\t\t\t<\/div>\n\t\t\t\t\t\t\t\t\t<\/div>\n\t\t\t\t\t\t\t\t<\/div>\n\t\t\t\t\t\t\t\t<\/block-accordion-item>\n\t\t\t\t\t\t\t\t\t\t\t\t\t\t<block-accordion-item inline-template item-headline=\"Yugo Inoue, viola\">\n\t\t\t\t\t\t\t\t<div ref=\"item\" data-id=\"YugoInoueviola\" class=\"block-accordion-item vue-initialize\" aria-expanded=\"false\" :aria-expanded=\"active ? 'true' : 'false'\">\n\t\t\t\t\t\t\t\t\t<button class=\"accordion-button-with-icon block-accordion-item-head\" :class=\"{'button-active': active}\" ref=\"head\" aria-controls=\"acc_69edf8d418d8e\" id=\"acc_title_69edf8d418d90\" @click=\"toggle\" @keydown=\"key\">\n\t\t\t\t\t\t\t\t\t<div><span class=\"button-label\">Yugo Inoue, viola<\/span><\/div><span class=\"button-icon icon-plus\" aria-hidden=\"true\"><\/span>\n\t\t\t\t\t\t\t\t<\/button>\n\t\t\t\t\t\t\t\t\t<div ref=\"body\" class=\"block-accordion-item-content\" id=\"acc_69edf8d418d8e\" role=\"region\">\n\t\t\t\t\t\t\t\t\t\t<div class=\"wrapper copy\">\n\t\t\t\t\t\t\t\t\t\t\t<p data-renderer-start-pos=\"13412\" data-local-id=\"cd0675f5-7929-40e5-98f7-1d2f924468f1\">Yugo Inoue was born in Tokyo in 1995. He began playing the violin at the age of five and switched to the viola at 16. He studied at Tokyo University of the Arts with Toshihiko Ichitsubo and, since 2020, under Veit Hertenstein at the Detmold University of Music.<\/p>\n<p data-renderer-start-pos=\"13675\" data-local-id=\"2b36eb93-7442-4db3-b721-cb574d1825a1\">He gained orchestral experience from 2021 to 2023 as an academician with the WDR Symphony Orchestra, as well as through temporary positions with the Frankfurt Radio Symphony Orchestra. He received further inspiration from masterclasses with Hariolf Schlichtig, Tabea Zimmermann, and Nobuko Imai. Since 2023, he has been playing in the viola section of the Berlin Radio Symphony Orchestra.<\/p>\n\n\t\t\t\t\t\t\t\t\t\t\t\t\t\t\t\t\t\t\t\t\t\t\t\t\t\t\t\t\t\t\t\t\t\n\t\t\t\t\t\t\t\t\t\t\t<div class=\"row\">\n\t\t\t\t\t\t\t\t\t\t\t\t<div class=\"col-xs-9 col-md-9\">\n\t\t\t\t\t\t\t\t\t\t\t\t\t<div class=\"box\">\n\t\t\t\t\t\t\t\t\t\t\t\t\t\t\t\t\t\t\t\t\t\t\t\t\t\t\t<\/div>\n\t\t\t\t\t\t\t\t\t\t\t\t<\/div>\n\t\t\t\t\t\t\t\t\t\t\t<\/div>\n\n\t\t\t\t\t\t\t\t\t\t\t\t\t\t\t\t\t\t\t\t\t<\/div>\n\t\t\t\t\t\t\t\t\t<\/div>\n\t\t\t\t\t\t\t\t<\/div>\n\t\t\t\t\t\t\t\t<\/block-accordion-item>\n\t\t\t\t\t\t\t\t\t\t\t\t\t\t<block-accordion-item inline-template item-headline=\"Richard Polle, violin\">\n\t\t\t\t\t\t\t\t<div ref=\"item\" data-id=\"RichardPolleviolin\" class=\"block-accordion-item vue-initialize\" aria-expanded=\"false\" :aria-expanded=\"active ? 'true' : 'false'\">\n\t\t\t\t\t\t\t\t\t<button class=\"accordion-button-with-icon block-accordion-item-head\" :class=\"{'button-active': active}\" ref=\"head\" aria-controls=\"acc_69edf8d419087\" id=\"acc_title_69edf8d419089\" @click=\"toggle\" @keydown=\"key\">\n\t\t\t\t\t\t\t\t\t<div><span class=\"button-label\">Richard Polle, violin<\/span><\/div><span class=\"button-icon icon-plus\" aria-hidden=\"true\"><\/span>\n\t\t\t\t\t\t\t\t<\/button>\n\t\t\t\t\t\t\t\t\t<div ref=\"body\" class=\"block-accordion-item-content\" id=\"acc_69edf8d419087\" role=\"region\">\n\t\t\t\t\t\t\t\t\t\t<div class=\"wrapper copy\">\n\t\t\t\t\t\t\t\t\t\t\t<p data-renderer-start-pos=\"14099\" data-local-id=\"80569d4b-653a-4205-95a0-61931b1fc23b\">Richard Polle was born into a family of musicians. At the age of six, he received his first violin lessons from his mother. At the age of 12, Richard began his training as a junior student at the University of Music Franz Liszt Weimar with Jost Witter and continued two years later at the Music High School Schloss Belvedere Weimar. He completed his bachelor&#8217;s degree with Josef Rissin at the University of Music Karlsruhe with honors and his master&#8217;s degree with Antje Weithaas at the University of Music \u201cHanns Eisler\u201d Berlin.<\/p>\n<p data-renderer-start-pos=\"14629\" data-local-id=\"5930dbb2-4268-46a9-acc9-e2fb2bafdf3b\">He has won numerous national and international competitions. He won first prizes and special prizes in the solo and duo categories at the German national competition \u201cJugend musiziert,\u201d at the international violin competition \u201cPostacchini\u201d in Fermo (Italy), \u201cVilla de Llanes\u201d in Llanes (Spain), and was a prize winner at the international violin competition \u201cKocian\u201d in \u00dast\u00ed nad Orlic\u00ed (Czech Republic), at the international Lake Constance violin competition, and at the competition of the Kulturfonds Baden e.V.<\/p>\n<p data-renderer-start-pos=\"15143\" data-local-id=\"d185f742-bcf0-4f47-bfc7-0a9023c4e28c\">He has performed with the Chamber Orchestra of the Rheinische Philharmonie Koblenz, the Th\u00fcringen Philharmonie Gotha-Suhl, the Philharmonic Orchestra Erfurt, the Philharmonic Orchestra of the City of Kirov (Russia), the Berlin Youth Symphony Orchestra, the Southwest German Chamber Orchestra Pforzheim, and the Kurpf\u00e4lzisches Chamber Orchestra Mannheim, and has participated in several master classes with Thomas Christian, Olga Parkhomenko, Roman Nodel, Ana Chumachenko, Boris Garlitsky, J\u00f6rg Widmann, and others.<\/p>\n<p data-renderer-start-pos=\"15659\" data-local-id=\"39846449-e413-4290-ae5c-4818d0d9126b\">Richard Polle was a scholarship holder of the Thuringian Ministry of Culture, the Sparkassenstiftung Erfurt, the Friends of the Karlsruhe University of Music, and the Musical Instrument Fund of the German Foundation for Musical Life, and received the Gerd Bucerius Scholarship from the ZEIT Foundation in the German Foundation for Musical Life.<\/p>\n<p data-renderer-start-pos=\"16005\" data-local-id=\"00d64746-d481-48f6-bf94-5573e3a5fec8\">From 2014 to 2016, he was a scholarship holder at the Orchestra Academy of the Berlin Radio Symphony Orchestra, and since 2016 he has been a permanent member of the first violins.<\/p>\n\n\t\t\t\t\t\t\t\t\t\t\t\t\t\t\t\t\t\t\t\t\t\t\t\t\t\t\t\t\t\t\t\t\t\n\t\t\t\t\t\t\t\t\t\t\t<div class=\"row\">\n\t\t\t\t\t\t\t\t\t\t\t\t<div class=\"col-xs-9 col-md-9\">\n\t\t\t\t\t\t\t\t\t\t\t\t\t<div class=\"box\">\n\t\t\t\t\t\t\t\t\t\t\t\t\t\t\t\t\t\t\t\t\t\t\t\t\t\t\t<\/div>\n\t\t\t\t\t\t\t\t\t\t\t\t<\/div>\n\t\t\t\t\t\t\t\t\t\t\t<\/div>\n\n\t\t\t\t\t\t\t\t\t\t\t\t\t\t\t\t\t\t\t\t\t<\/div>\n\t\t\t\t\t\t\t\t\t<\/div>\n\t\t\t\t\t\t\t\t<\/div>\n\t\t\t\t\t\t\t\t<\/block-accordion-item>\n\t\t\t\t\t\t\t\t\t\t\t\t\t\t<block-accordion-item inline-template item-headline=\"Christa-Maria Stangorra, violin\">\n\t\t\t\t\t\t\t\t<div ref=\"item\" data-id=\"Christa-MariaStangorraviolin\" class=\"block-accordion-item vue-initialize\" aria-expanded=\"false\" :aria-expanded=\"active ? 'true' : 'false'\">\n\t\t\t\t\t\t\t\t\t<button class=\"accordion-button-with-icon block-accordion-item-head\" :class=\"{'button-active': active}\" ref=\"head\" aria-controls=\"acc_69edf8d41937a\" id=\"acc_title_69edf8d41937b\" @click=\"toggle\" @keydown=\"key\">\n\t\t\t\t\t\t\t\t\t<div><span class=\"button-label\">Christa-Maria Stangorra, violin<\/span><\/div><span class=\"button-icon icon-plus\" aria-hidden=\"true\"><\/span>\n\t\t\t\t\t\t\t\t<\/button>\n\t\t\t\t\t\t\t\t\t<div ref=\"body\" class=\"block-accordion-item-content\" id=\"acc_69edf8d41937a\" role=\"region\">\n\t\t\t\t\t\t\t\t\t\t<div class=\"wrapper copy\">\n\t\t\t\t\t\t\t\t\t\t\t<p data-renderer-start-pos=\"16212\" data-local-id=\"295eaec9ade6\">Christa-Maria Stangorra (*1995\/ Germany) received her first violin lessons at the age of four. She studied in London, Hamburg (Prof. Tanja Becker-Bender), Sion and Florence (Pavel Vernikov), and finished her Master degree under Ning Feng at the Hochschule f\u00fcr Musik Hanns Eisler Berlin in 2022. In 2021 she became a member of the Karajan Academy of the Berlin Philharmonic, one year later she won a permanent position in the same orchestra in the 2nd violins. As for the 2024\/25 season she changed into the 1st violin section of the Berlin Radio Symphony Orchestra.<\/p>\n<p data-renderer-start-pos=\"16779\" data-local-id=\"03060f22b0f0\">Christa-Maria received prizes at various national and international competitions and participated in numerous masterclasses. Christa-Maria appeared several times at London\u2019s Wigmore Hall and Madrid\u2019s Ateneo. She gave solo performances with orchestras including the Polish Chamber Philharmonic, North German Philharmonic Orchestra and Asian Chamber Orchestra of Hongkong. As a member of the LGT Young Soloists she was featured at concert venues such as Tonhalle Z\u00fcrich, Rheingau Musik Festival and Victoria Hall in Singapore. Several CDs with the LGT Young Soloists\u2018 were released for Sony\/ RCA Red Seal.<\/p>\n<p data-renderer-start-pos=\"17384\" data-local-id=\"08c41863e410\">As a very passionate chamber musician Christa-Maria has appeared at London\u2019s Wignore Hall, Madrid\u2019d Ateneo as well as several chamber music festivals, namely \u201eThy Chamber Music Festival\u201c in Denmark or Clasclas Festival in Vilagarcia where she shared the stage with sought-after artists such as M\u00e1t\u00e9 Sz\u00fccs, Guy Braunstein, Alena Baeva and Vadim Kholodenko. She took part in the Zermatt Festival &amp; Academy launched by the Scharoun Ensemble of the Berlin Philharmonic.<\/p>\n\n\t\t\t\t\t\t\t\t\t\t\t\t\t\t\t\t\t\t\t\t\t\t\t\t\t\t\t\t\t\t\t\t\t\n\t\t\t\t\t\t\t\t\t\t\t<div class=\"row\">\n\t\t\t\t\t\t\t\t\t\t\t\t<div class=\"col-xs-9 col-md-9\">\n\t\t\t\t\t\t\t\t\t\t\t\t\t<div class=\"box\">\n\t\t\t\t\t\t\t\t\t\t\t\t\t\t\t\t\t\t\t\t\t\t\t\t\t\t\t<\/div>\n\t\t\t\t\t\t\t\t\t\t\t\t<\/div>\n\t\t\t\t\t\t\t\t\t\t\t<\/div>\n\n\t\t\t\t\t\t\t\t\t\t\t\t\t\t\t\t\t\t\t\t\t<\/div>\n\t\t\t\t\t\t\t\t\t<\/div>\n\t\t\t\t\t\t\t\t<\/div>\n\t\t\t\t\t\t\t\t<\/block-accordion-item>\n\t\t\t\t\t\t\t\t\t\t\t\t\t\t<block-accordion-item inline-template item-headline=\"Jan Linders, host\">\n\t\t\t\t\t\t\t\t<div ref=\"item\" data-id=\"JanLindershost\" class=\"block-accordion-item vue-initialize\" aria-expanded=\"false\" :aria-expanded=\"active ? 'true' : 'false'\">\n\t\t\t\t\t\t\t\t\t<button class=\"accordion-button-with-icon block-accordion-item-head\" :class=\"{'button-active': active}\" ref=\"head\" aria-controls=\"acc_69edf8d419569\" id=\"acc_title_69edf8d41956a\" @click=\"toggle\" @keydown=\"key\">\n\t\t\t\t\t\t\t\t\t<div><span class=\"button-label\">Jan Linders, host<\/span><\/div><span class=\"button-icon icon-plus\" aria-hidden=\"true\"><\/span>\n\t\t\t\t\t\t\t\t<\/button>\n\t\t\t\t\t\t\t\t\t<div ref=\"body\" class=\"block-accordion-item-content\" id=\"acc_69edf8d419569\" role=\"region\">\n\t\t\t\t\t\t\t\t\t\t<div class=\"wrapper copy\">\n\t\t\t\t\t\t\t\t\t\t\t\n\t\t\t\t\t\t\t\t\t\t\t\t\t\t\t\t\t\t\t\t\t\t\t\t\t\t\t\t\t\t\t\t\t\n\t\t\t\t\t\t\t\t\t\t\t<div class=\"row\">\n\t\t\t\t\t\t\t\t\t\t\t\t<div class=\"col-xs-9 col-md-9\">\n\t\t\t\t\t\t\t\t\t\t\t\t\t<div class=\"box\">\n\t\t\t\t\t\t\t\t\t\t\t\t\t\t\t\t\t\t\t\t\t\t\t\t\t\t\t<\/div>\n\t\t\t\t\t\t\t\t\t\t\t\t<\/div>\n\t\t\t\t\t\t\t\t\t\t\t<\/div>\n\n\t\t\t\t\t\t\t\t\t\t\t\t\t\t\t\t\t\t\t\t\t<\/div>\n\t\t\t\t\t\t\t\t\t<\/div>\n\t\t\t\t\t\t\t\t<\/div>\n\t\t\t\t\t\t\t\t<\/block-accordion-item>\n\t\t\t\t\t\t\t\t\t\t\t\t\t<\/div>\n\t\t\t\t\t\t<\/block-accordion>\n\t\t\t\t\t\t\t\t\t<\/div>\n\t\t\t<\/div>\n\t\t<\/div>\n\t<\/div>\n<\/section>\n\n\n<section class=\"block block-teaser col-1 \" style=\"\">\n\t<lazy-component :fixed-min-height=\"400\">\n\t\n\t\t\t\t\t<div class=\"container-fluid\">\n\t\t\t\t<div class=\"row bottom-xs\">\n\t\t\t\t\t<div class=\"col-xs-12 col-sm-10 col-md-8 col-sm-offset-1 col-md-offset-2\">\n\t\t\t\t\t\t<h4>belongs to<\/h4>\t\t\t\t\t\t\t\t\t\t\t\t\t\t\t\t\t\t\t<\/div>\n\t\t\t\t\t<div class=\"col-xs-12 col-sm-10 col-md-8 col-sm-offset-1 col-md-offset-2 start-xs end-md margin-bottom-sixth\">\n\t\t\t\t\t\t\t\t\t\t\t<\/div>\n\t\t\t\t<\/div>\n\t\t\t\t<ul class=\"row\">\n\t\t\t\n<li class=\"col-xs-12 teaser-wrapper col-padding-remove\">\n\t<calendarteaser key=\"11972017055\" rawitem='{&quot;postId&quot;:119720,&quot;title&quot;:&quot;Micro Concerts of the Rundfunk-Sinfonieorchester Berlin&quot;,&quot;excerpt&quot;:&quot;&quot;,&quot;slug&quot;:&quot;micro-concerts-of-the-rundfunk-sinfonieorchester-berlin&quot;,&quot;type&quot;:&quot;event-sequence&quot;,&quot;post_date&quot;:&quot;2024-01-15T09:01&quot;,&quot;permalink&quot;:&quot;https:\\\/\\\/www.humboldtforum.org\\\/en\\\/programm\\\/event-reihe\\\/concert\\\/micro-concerts-of-the-rundfunk-sinfonieorchester-berlin-119720\\\/&quot;,&quot;genre&quot;:[569,563],&quot;genre_details&quot;:[{&quot;text&quot;:&quot;Concert&quot;,&quot;id&quot;:569,&quot;icon&quot;:null,&quot;parent&quot;:0},{&quot;text&quot;:&quot;Other&quot;,&quot;id&quot;:563,&quot;icon&quot;:null,&quot;parent&quot;:0}],&quot;stakeholder&quot;:[595],&quot;stakeholder_details&quot;:[{&quot;text&quot;:&quot;Stiftung Humboldt Forum im Berliner Schloss&quot;,&quot;id&quot;:595,&quot;icon&quot;:null,&quot;parent&quot;:0}],&quot;targetgroup&quot;:[585,714,715],&quot;targetgroup_details&quot;:[{&quot;text&quot;:&quot;Adults&quot;,&quot;id&quot;:585,&quot;icon&quot;:null,&quot;parent&quot;:0},{&quot;text&quot;:&quot;Children and families&quot;,&quot;id&quot;:714,&quot;icon&quot;:null,&quot;parent&quot;:0},{&quot;text&quot;:&quot;Teenager&quot;,&quot;id&quot;:715,&quot;icon&quot;:null,&quot;parent&quot;:0}],&quot;language&quot;:[581],&quot;language_details&quot;:[{&quot;text&quot;:&quot;No language skills required&quot;,&quot;id&quot;:581,&quot;icon&quot;:null,&quot;parent&quot;:0}],&quot;place&quot;:[597],&quot;place_details&quot;:{&quot;place&quot;:&quot;Humboldt Forum&quot;,&quot;map&quot;:&quot;Humboldt Forum, Schlossplatz, Berlin&quot;,&quot;room&quot;:&quot;&quot;},&quot;icon_overwrite&quot;:&quot;&quot;,&quot;acf&quot;:{&quot;noindex&quot;:false,&quot;keywords&quot;:&quot;&quot;,&quot;belongsto&quot;:false,&quot;shorturl&quot;:&quot;&quot;,&quot;additional_info&quot;:{&quot;icon&quot;:&quot;0&quot;,&quot;text&quot;:&quot;&quot;},&quot;highlight_header&quot;:false,&quot;featured_images&quot;:[119421],&quot;use_video_in_teasers&quot;:false,&quot;hyphenation&quot;:true,&quot;manual_period&quot;:false,&quot;tipp&quot;:false,&quot;joker&quot;:false,&quot;live&quot;:false,&quot;announcement&quot;:&quot;Event series&quot;,&quot;overwrite_date&quot;:&quot;Event series&quot;,&quot;hide_event_in_program&quot;:false,&quot;events&quot;:[126052,141040,142076,143391,154608,156559,157399,158853,160213,161944]},&quot;date&quot;:{&quot;NLAST&quot;:&quot;202604121500&quot;,&quot;NX&quot;:null,&quot;NXX&quot;:null,&quot;from_DATE&quot;:&quot;20240407 14:00&quot;,&quot;from&quot;:1712484000,&quot;to&quot;:1775991600,&quot;to_DATE&quot;:&quot;20260412 15:00&quot;,&quot;from_HRFSHORT&quot;:&quot; 7 Apr 2024&quot;,&quot;from_HRFSHORT_WD&quot;:&quot;Sun 07\\\/04\\\/2024&quot;,&quot;to_HRFSHORT&quot;:&quot;12 Apr 2026&quot;,&quot;to_HRFSHORT_WD&quot;:&quot;Sun 12\\\/04\\\/2026&quot;,&quot;from_HRF&quot;:&quot;Sun,  7 April 2024&quot;,&quot;to_HRF&quot;:&quot;Sun, 12 April 2026&quot;,&quot;from_to_HRF&quot;:&quot;Sun,  7 April 2024 \\u2013 Sun, 12 April 2026&quot;,&quot;from_to_HRFSHORT&quot;:&quot; 7 Apr 2024 \\u2013 12 Apr 2026&quot;},&quot;alert&quot;:null,&quot;partof&quot;:[],&quot;marketing_topic&quot;:&quot;&quot;}' inline-template>\n\t<a href=\"https:\/\/www.humboldtforum.org\/en\/programm\/event-reihe\/concert\/micro-concerts-of-the-rundfunk-sinfonieorchester-berlin-119720\/\" class=\"teaser teaser-event-sequence teaser-event-standard\">\n\t\t<div class=\"row\">\n\t\t\t<div class=\"col-xs-12 col-sm-6 col-md-5 col-sm-offset-1 col-md-offset-2 first-sm teaser-event-text Infos\">\n\t\t\t\t<div class=\"teaser-event-standard-text\">\n\t\t\t\t\t<div class=\"margin-bottom-atom\">\n\t\t\t\t\t\t<div class=\"subline clamp-1\" v-html=\"maingenre\"><\/div>\n\t\t\t\t\t\t\t\t\t\t\t<\/div>\n\t\t\t\t\n\t\t\t\t\t<strong class=\"margin-bottom-atom h5\">Micro Concerts of the Rundfunk-Sinfonieorchester Berlin<\/strong>\n\n\t\t\t\t\t\t\t\t\t<\/div>\n\t\t\t\t<div class=\"teaser-bottom border-bottom\">\n\t\t\t\t<calendardateline :rawitem='item' :show-icon=\"true\"><\/calendardateline>\n\t\t\t\t\t<hr>\n\t\t\t\t<\/div>\n\t\t\t<\/div>\n\t\t\t<div class=\"col-xs-12 col-sm-4 col-md-3 teaser-event-image bottom-xs first-xs\">\n\t\t\t\t<div class=\"teaser-image teaser-image-no-alternate\">\n\t\t\t\t\t\t\t\t\t\t\t\n\t<lazy-media-inline inline-template>\n\t\t<figure itemscope itemtype=\"http:\/\/schema.org\/ImageObject\" class=\"lazy-media-inline \" role=\"group\" id=\"media_69edf8d4443a0\" aria-labelledby=\"desc_media_69edf8d4443a0\">\n\t\t\t<script type=\"application\/json\" ref=\"data\">\n\t\t\t\t{\n\t\t\t\t\"sizes\" : {\"medium\":{\"file\":\"RSB_Landingpage-300x180.jpg\",\"width\":300,\"height\":180,\"mime-type\":\"image\\\/jpeg\",\"filesize\":10245},\"large\":{\"file\":\"RSB_Landingpage-1024x613.jpg\",\"width\":1024,\"height\":613,\"mime-type\":\"image\\\/jpeg\",\"filesize\":59365},\"thumbnail\":{\"file\":\"RSB_Landingpage-150x150.jpg\",\"width\":150,\"height\":150,\"mime-type\":\"image\\\/jpeg\",\"filesize\":5161},\"medium_large\":{\"file\":\"RSB_Landingpage-768x460.jpg\",\"width\":768,\"height\":460,\"mime-type\":\"image\\\/jpeg\",\"filesize\":39190},\"small\":{\"file\":\"RSB_Landingpage-440x264.jpg\",\"width\":440,\"height\":264,\"mime-type\":\"image\\\/jpeg\",\"filesize\":17909},\"semi\":{\"file\":\"RSB_Landingpage-580x347.jpg\",\"width\":580,\"height\":347,\"mime-type\":\"image\\\/jpeg\",\"filesize\":26860},\"mobile\":{\"file\":\"RSB_Landingpage-720x431.jpg\",\"width\":720,\"height\":431,\"mime-type\":\"image\\\/jpeg\",\"filesize\":35275},\"hd\":{\"file\":\"RSB_Landingpage-1280x767.jpg\",\"width\":1280,\"height\":767,\"mime-type\":\"image\\\/jpeg\",\"filesize\":81678},\"full\":{\"file\":\"RSB_Landingpage-1920x1150.jpg\",\"width\":1920,\"height\":1150,\"mime-type\":\"image\\\/jpeg\",\"filesize\":151128},\"1536x1536\":{\"file\":\"RSB_Landingpage-1536x920.jpg\",\"width\":1536,\"height\":920,\"mime-type\":\"image\\\/jpeg\",\"filesize\":106579},\"2048x2048\":{\"file\":\"RSB_Landingpage-2048x1227.jpg\",\"width\":2048,\"height\":1227,\"mime-type\":\"image\\\/jpeg\",\"filesize\":163391},\"original\":{\"file\":\"RSB_Landingpage.jpg\",\"width\":3840,\"height\":2300}},\n\t\t\t\t\"alt\" : \"Pattern of colorful geometric icons representing sports activities and fitness on a light blue background.\",\n\t\t\t\t\"path\" : \"\\\/wp-content\\\/uploads\\\/2024\\\/01\\\/\",\n\t\t\t\t\"video\" : null,\n\t\t\t\t\"autoplay\" : null,\n\t\t\t\t\"youtube\" : null,\n\t\t\t\t\"youtubelabel\" : \"Play video\",\n\t\t\t\t\"brightness\" : 100,\n\t\t\t\t\"crop\" : null,\n\t\t\t\t\"background\" : true,\n\t\t\t\t\"scale\" : 1\t\t\t\t}\n\t\t\t<\/script>\n\n\t\t\t<div class=\"height-container\" style=\"padding-bottom:59.895833333333%;\" v-if=\"sizes\">\n\t\t\t\t\t\t\t\t<lazy-media :inline=\"true\" :alt=\"alt\" :sizes=\"sizes\" :scale=\"scale\" :brightness=\"brightness\" :path=\"path\" :video=\"video\" :autoplay=\"autoplay\" :youtube=\"youtube\" :crop=\"crop\" :youtubelabel=\"youtubelabel\" :background=\"background\" media-id=\"desc_media_69edf8d4443a0\"><\/lazy-media>\n\t\t\t\t\t\t\t<\/div>\n\n\t\t\t\t\t\t\t<figcaption class=\"sr-only\" ref=\"body\" id=\"desc_media_69edf8d4443a0\">\n\t\t\t\t\t\t\t\t\t\t\t\t\t\t\t\t<div>Key visual for micro-concert series <\/div>\n\t\t\t\t\t\t\t\t\t\t\t\t\t\t\t\t<div class=\"insignificant\">\u00a9 \u00c1lvaro Vali\u00f1o<\/div>\n\t\t\t\t\t\t\t\t\t<\/figcaption>\n\t\t\t\t\t<\/figure>\n\t<\/lazy-media-inline>\n\t\t\t\t<\/div>\n\t\t\t<\/div>\n\t\t<\/div>\n\t<\/a>\n\t<\/calendarteaser>\n<\/li>\n\n\t\t\t\t<\/ul>\n\t\t\t<\/div>\n\t\t\t\t<\/lazy-component>\n<\/section>\n\n\n\n<section class=\"block block-headline block-no-margin \" >\n\t<div class=\"container-fluid\">\n\t\t<div class=\"row\">\n\t\t\t\t\t\t\t<div class=\"col-xs-12 col-md-offset-2 col-md-8\">\n\t\t\t\t\t<div class=\"box\">\n\t\t\t\t\t\t<h2 class=\".h2\">Partner<\/h2>\n\t\t\t\t\t<\/div>\n\t\t\t\t<\/div>\n\t\t\t\t\t<\/div>\n\t<\/div>\n<\/section>\n\n\n\n\n<section class=\"block block-logos\" >\n    <div class=\"container-fluid\">\n\t\t<div class=\"row\">\n\t\t\t<div class=\"col-xs-12 col-sm-8 col-sm-offset-2\">\n\t\t\t\t<div class=\"box\">\n\t\t\t\t\t<div class=\"row  middle-xs\">\n\t\t\t\t\t\t\n\t\t\t\t\t\t<div class=\"col-xs-4 col-sm-3 col-sm-2\">\n\t\t\t\t\t\t\t<div class=\"box margin-sixth-top\">\n\t\t\t\t\t\t\t\t<img decoding=\"async\" alt=\"RSB\" src=\"https:\/\/www.humboldtforum.org\/wp-content\/uploads\/2023\/07\/logos100B.png\" style=\"display: inline-block; width: 80%\" \/>\n\t\t\t\t\t\t\t<\/div>\n\t\t\t\t\t\t<\/div>\n\t\t\t\t\t\t\t\t\t\t\t<\/div>\n\t\t\t\t<\/div>\n\t\t\t<\/div>\n        <\/div>\n    <\/div>\n<\/section>\n\n\n<section class=\"block block-CTA block-CTA-long leftgradient\">\n\t<div class=\"container-fluid\">\n\t\t<div class=\"row center-xs\">\n\t\t\t<div class=\"col-xs-12\">\n\t\t\t\t<div class=\"box\">\n\t\t\t\t\t<a href=\"https:\/\/www.humboldtforum.org\/en\/newsletter-2\/\" aria-label=\"Stay up to date.\" class=\"teaser teaser-cta-wide \">\n\t\t\t\t\t\t<div class=\"teaser-image\">\n\t\t\t\t\t\t\t\n\t<lazy-media-inline inline-template>\n\t\t<figure itemscope itemtype=\"http:\/\/schema.org\/ImageObject\" class=\"lazy-media-inline \" role=\"group\" id=\"media_69edf8d446f3e\" aria-labelledby=\"desc_media_69edf8d446f3e\">\n\t\t\t<script type=\"application\/json\" ref=\"data\">\n\t\t\t\t{\n\t\t\t\t\"sizes\" : {\"medium\":{\"file\":\"HF_eb00061823-scaled-300x200.jpg\",\"width\":300,\"height\":200,\"mime-type\":\"image\\\/jpeg\",\"filesize\":19186},\"large\":{\"file\":\"HF_eb00061823-scaled-1024x683.jpg\",\"width\":1024,\"height\":683,\"mime-type\":\"image\\\/jpeg\",\"filesize\":138597},\"thumbnail\":{\"file\":\"HF_eb00061823-scaled-150x150.jpg\",\"width\":150,\"height\":150,\"mime-type\":\"image\\\/jpeg\",\"filesize\":8481},\"medium_large\":{\"file\":\"HF_eb00061823-scaled-768x512.jpg\",\"width\":768,\"height\":512,\"mime-type\":\"image\\\/jpeg\",\"filesize\":86200},\"small\":{\"file\":\"HF_eb00061823-scaled-440x293.jpg\",\"width\":440,\"height\":293,\"mime-type\":\"image\\\/jpeg\",\"filesize\":35525},\"semi\":{\"file\":\"HF_eb00061823-scaled-580x387.jpg\",\"width\":580,\"height\":387,\"mime-type\":\"image\\\/jpeg\",\"filesize\":55724},\"mobile\":{\"file\":\"HF_eb00061823-scaled-720x480.jpg\",\"width\":720,\"height\":480,\"mime-type\":\"image\\\/jpeg\",\"filesize\":77971},\"hd\":{\"file\":\"HF_eb00061823-scaled-1280x854.jpg\",\"width\":1280,\"height\":854,\"mime-type\":\"image\\\/jpeg\",\"filesize\":202477},\"full\":{\"file\":\"HF_eb00061823-scaled-1920x1280.jpg\",\"width\":1920,\"height\":1280,\"mime-type\":\"image\\\/jpeg\",\"filesize\":386736},\"1536x1536\":{\"file\":\"HF_eb00061823-scaled-1536x1024.jpg\",\"width\":1536,\"height\":1024,\"mime-type\":\"image\\\/jpeg\",\"filesize\":266197},\"2048x2048\":{\"file\":\"HF_eb00061823-scaled-2048x1366.jpg\",\"width\":2048,\"height\":1366,\"mime-type\":\"image\\\/jpeg\",\"filesize\":430206},\"original\":{\"file\":\"HF_eb00061823-scaled.jpg\",\"width\":2560,\"height\":1707}},\n\t\t\t\t\"alt\" : \"The brightly lit foyer and the Infopoint, DJ booth, the Cosmograph media tower and many visitors milling about\",\n\t\t\t\t\"path\" : \"\\\/wp-content\\\/uploads\\\/2020\\\/04\\\/\",\n\t\t\t\t\"video\" : null,\n\t\t\t\t\"autoplay\" : null,\n\t\t\t\t\"youtube\" : null,\n\t\t\t\t\"youtubelabel\" : \"Play video\",\n\t\t\t\t\"brightness\" : \"70\",\n\t\t\t\t\"crop\" : {\"top\":\"90.17\",\"left\":\"40.27\"},\n\t\t\t\t\"background\" : true,\n\t\t\t\t\"scale\" : 2\t\t\t\t}\n\t\t\t<\/script>\n\n\t\t\t<div class=\"height-container\" style=\"padding-bottom:66.6796875%;\" v-if=\"sizes\">\n\t\t\t\t\t\t\t\t<lazy-media :inline=\"true\" :alt=\"alt\" :sizes=\"sizes\" :scale=\"scale\" :brightness=\"brightness\" :path=\"path\" :video=\"video\" :autoplay=\"autoplay\" :youtube=\"youtube\" :crop=\"crop\" :youtubelabel=\"youtubelabel\" :background=\"background\" media-id=\"desc_media_69edf8d446f3e\"><\/lazy-media>\n\t\t\t\t\t\t\t<\/div>\n\n\t\t\t\t\t\t\t<figcaption class=\"sr-only\" ref=\"body\" id=\"desc_media_69edf8d446f3e\">\n\t\t\t\t\t\t\t\t\t\t\t<div>In the Humboldt Forum&#039;s foyer there is a 17 meter high media tower, called &quot;cosmograph&quot;. It gives visitors comprehensive information about their visit and can transform into an art and light installation.<\/div>\n\t\t\t\t\t\t\t\t\t\t\t\t\t\t\t\t\t\t\t\t\t<div class=\"insignificant\">\u00a9 SHF \/ David von Becker<\/div>\n\t\t\t\t\t\t\t\t\t<\/figcaption>\n\t\t\t\t\t<\/figure>\n\t<\/lazy-media-inline>\n\t\t\t\t\t\t<\/div>\n\t\t\t\t\t\t<div class=\"teaser-content \">\n\t\t\t\t\t\t\t<div>\n\t\t\t\t\t\t\t\t\t\t\t\t\t\t\t\t<div class=\"teaser-header\"><span class=\"h3\">Stay up to date.<\/span><\/div>\n\t\t\t\t\t\t\t\t<div class=\"teaser-subline\"><span class=\"font-decoration\">Subscribe to our newsletter<\/span><\/div>\t\t\t\t\t\t\t\t<button tabindex=\"-1\" class=\"border\">Click here<\/button>\n\t\t\t\t\t\t\t<\/div>\n\t\t\t\t\t\t<\/div>\n\t\t\t\t\t<\/a>\n\t\t\t\t<\/div>\n\t\t\t<\/div>\n\t\t<\/div>\n\t<\/div>\n<\/section>\n","protected":false},"template":"","genre":[569],"digital":[],"topic":[],"stakeholder":[595],"editorial":[],"editorialfilter":[],"targetgroup":[],"language":[581],"accessability":[],"age":[1526],"school":[],"groupsize":[],"place":[],"class_list":["post-158853","event","type-event","status-publish","hentry","genre-concert","stakeholder-stiftung-humboldt-forum-im-berliner-schloss-en","language-no-language-skills-required","age-6-years-and-older"],"acf":[],"_links":{"self":[{"href":"https:\/\/www.humboldtforum.org\/en\/wp-json\/wp\/v2\/event\/158853","targetHints":{"allow":["GET"]}}],"collection":[{"href":"https:\/\/www.humboldtforum.org\/en\/wp-json\/wp\/v2\/event"}],"about":[{"href":"https:\/\/www.humboldtforum.org\/en\/wp-json\/wp\/v2\/types\/event"}],"version-history":[{"count":2,"href":"https:\/\/www.humboldtforum.org\/en\/wp-json\/wp\/v2\/event\/158853\/revisions"}],"predecessor-version":[{"id":158856,"href":"https:\/\/www.humboldtforum.org\/en\/wp-json\/wp\/v2\/event\/158853\/revisions\/158856"}],"wp:attachment":[{"href":"https:\/\/www.humboldtforum.org\/en\/wp-json\/wp\/v2\/media?parent=158853"}],"wp:term":[{"taxonomy":"genre","embeddable":true,"href":"https:\/\/www.humboldtforum.org\/en\/wp-json\/wp\/v2\/genre?post=158853"},{"taxonomy":"digital","embeddable":true,"href":"https:\/\/www.humboldtforum.org\/en\/wp-json\/wp\/v2\/digital?post=158853"},{"taxonomy":"topic","embeddable":true,"href":"https:\/\/www.humboldtforum.org\/en\/wp-json\/wp\/v2\/topic?post=158853"},{"taxonomy":"stakeholder","embeddable":true,"href":"https:\/\/www.humboldtforum.org\/en\/wp-json\/wp\/v2\/stakeholder?post=158853"},{"taxonomy":"editorial","embeddable":true,"href":"https:\/\/www.humboldtforum.org\/en\/wp-json\/wp\/v2\/editorial?post=158853"},{"taxonomy":"editorialfilter","embeddable":true,"href":"https:\/\/www.humboldtforum.org\/en\/wp-json\/wp\/v2\/editorialfilter?post=158853"},{"taxonomy":"targetgroup","embeddable":true,"href":"https:\/\/www.humboldtforum.org\/en\/wp-json\/wp\/v2\/targetgroup?post=158853"},{"taxonomy":"language","embeddable":true,"href":"https:\/\/www.humboldtforum.org\/en\/wp-json\/wp\/v2\/language?post=158853"},{"taxonomy":"accessability","embeddable":true,"href":"https:\/\/www.humboldtforum.org\/en\/wp-json\/wp\/v2\/accessability?post=158853"},{"taxonomy":"age","embeddable":true,"href":"https:\/\/www.humboldtforum.org\/en\/wp-json\/wp\/v2\/age?post=158853"},{"taxonomy":"school","embeddable":true,"href":"https:\/\/www.humboldtforum.org\/en\/wp-json\/wp\/v2\/school?post=158853"},{"taxonomy":"groupsize","embeddable":true,"href":"https:\/\/www.humboldtforum.org\/en\/wp-json\/wp\/v2\/groupsize?post=158853"},{"taxonomy":"place","embeddable":true,"href":"https:\/\/www.humboldtforum.org\/en\/wp-json\/wp\/v2\/place?post=158853"}],"curies":[{"name":"wp","href":"https:\/\/api.w.org\/{rel}","templated":true}]}}