{"id":20435,"date":"2020-10-23T16:23:53","date_gmt":"2020-10-23T14:23:53","guid":{"rendered":"https:\/\/www.humboldtforum.org\/programm\/termin\/other-en\/vom-kloster-zum-humboldt-forum-20435\/"},"modified":"2021-05-07T13:54:58","modified_gmt":"2021-05-07T11:54:58","slug":"vom-kloster-zum-humboldt-forum","status":"publish","type":"event","link":"https:\/\/www.humboldtforum.org\/en\/programm\/termin\/discourse\/vom-kloster-zum-humboldt-forum-20435\/","title":{"rendered":"Look, Listen and Feel"},"content":{"rendered":"<section class=\"block block-copy\" >\n    <div class=\"container-fluid\">\n\t\t<div class=\"row margin-bottom-sixth\">\n            <div class=\"col-xs-12 col-md-offset-2 col-md-8\">\n                <div class=\"box\">\n                    <div class=\"copy\"><p><span class=\"anleser\" style=\"font-weight: bolder;\"><span class=\"anleser\">In conjunction with the Humboldt Forum&#8217;s first inclusive publication &#8220;<a href=\"https:\/\/www.humboldtforum.org\/de\/programm\/publikation\/publikation\/vom-kloster-zum-humboldt-forum-20612\/\">From Monastery to Humboldt Forum. 700 Years of History<\/a><\/span><span class=\"anleser\"> an<\/span><span class=\"anleser\">d<\/span><span class=\"anleser\"> Architecture. A look, listen and feel book&#8221; (available in German), J\u00fcrgen Dusel, Federal Government Commissioner for Matters Relating to Persons with Disabilities, in conversation with consultant Friedrun Portele-Anyangbe, discusses inclusion generally in cultural and museum environments, and specifically at the Humboldt Forum.<\/span><\/span><\/p>\n<p>This inclusive book tells the story of the site on which the newly-built Humboldt Forum now stands. Here in the centre of Berlin, time and time again the people in power have built, rebuilt, torn down and planned anew. 700 years of history and architecture \u2013 monastery and palace, parade ground and Palace of the Republic, open space and Humboldt Forum \u2013 are all waiting to be discovered, whether with eyes, ears or fingertips.<\/p>\n<\/div>\n                <\/div>\n            <\/div>\n\t\t<\/div>\n\t\t\t\t\t<div class=\"row margin-bottom-sixth\">\n\t\t\t\t<div class=\"col-xs-12 col-md-offset-2 col-md-8\">\n\t\t\t\t\t<div class=\"box\">\n\t\t\t\t\t\t<read-more inline-template>\n\t\t\t\t\t\t\t<div class=\"copy margin-bottom-sixth\">\n\t\t\t\t\t\t\t\t<div ref=\"body\" style=\"height:0;overflow: hidden;display: none;\">\n\t\t\t\t\t\t\t\t\t<div class=\"margin-bottom-sixth\"><p>This <em>SITE SPECIFICS<\/em>\u00a0introduces the Humboldt Forum\u2019s collaboration with the focus group, and the development of our inclusion concept. The book will be presented by Katja Gimpel, publication project manager from the History of the Site team, along with Christine Rieger, member of Arbeitskreis Kultur und Freizeit des ABSV | Allgemeiner Blinden- und Sehbehindertenverein Berlin gegr. 1874 e. V., and co-editor of the publication.<\/p>\n<p><strong>Welcome address<br \/>\n<\/strong>Hartmut Dorgerloh, Director of the Humboldt Forum<\/p>\n<p><strong>Moderation<br \/>\n<\/strong>Shary Reeves<\/p>\n<p><strong>Musical highlight<br \/>\n<\/strong>Jonas Hauer (theremin), accompanied by Ariane Je\u00dfulat (piano)<\/p>\n<p><em><span lang=\"en-US\">If interested, participants can receive two 3D tactile prints with illustrations from the book by post. Please register for this at +49 30 99 211 89 89\u00a0<b>by 15 April 2021 at the latest<\/b>. During the event, the experience of feeling the tactile prints with be supplemented by audio descriptions. A transmission in German Sign Language and an audio track in plain language (Leichte Sprache) as well as live subtitles will be an integral part of the SITE SPECIFICS event.<\/span><\/em><\/p>\n<\/div>\n\t\t\t\t\t\t\t\t<\/div>\n\t\t\t\t\t\t\t\t<a ref=\"toggleButton\" class=\"Button\" @click=\"toggle\">\n\t\t\t\t\t\t\t\t\t<span v-if=\"!active\">read more<\/span>\n\t\t\t\t\t\t\t\t\t<span v-else>read less<\/span>\n\t\t\t\t\t\t\t\t<\/a>\n\t\t\t\t\t\t\t<\/div>\n\t\t\t\t\t\t<\/read-mode>\n\t\t\t\t\t<\/div>\n\t\t\t\t<\/div>\n\t\t\t<\/div>\n\t\t    <\/div>\n<\/section>\n\n<section class=\"block block-copy\" >\n    <div class=\"container-fluid\">\n\t\t<div class=\"row \">\n            <div class=\"col-xs-12 col-md-offset-2 col-md-8\">\n                <div class=\"box\">\n                    <div class=\"copy\"><\/div>\n                <\/div>\n            <\/div>\n\t\t<\/div>\n\t\t    <\/div>\n<\/section>\n\n<section class=\"block block-headline block-no-margin  hyph-disable\" >\n\t<div class=\"container-fluid\">\n\t\t<div class=\"row\">\n\t\t\t\t\t\t\t<div class=\"col-xs-12 col-md-offset-2 col-md-8\">\n\t\t\t\t\t<div class=\"box\">\n\t\t\t\t\t\t<h2 class=\".h4\">Podium<\/h2>\n\t\t\t\t\t<\/div>\n\t\t\t\t<\/div>\n\t\t\t\t\t<\/div>\n\t<\/div>\n<\/section>\n\n\n\n\n\n<section class=\"block block-accordion\">\n\t<div class=\"container-fluid\">\n\t\t<div class=\"row\">\n\t\t\t<div class=\"col-xs-12 col-md-offset-2 col-md-8\">\n\t\t\t\t<div class=\"box\">\n\t\t\t\t\t\t\t\t\t\t\t<block-accordion inline-template>\n\t\t\t\t\t\t\t<div class=\"accordion\">\n\t\t\t\t\t\t\t\t\t\t\t\t\t\t\t<block-accordion-item inline-template item-headline=\"J\u00fcrgen Dusel\">\n\t\t\t\t\t\t\t\t<div ref=\"item\" data-id=\"JrgenDusel\" class=\"block-accordion-item vue-initialize\" aria-expanded=\"false\" :aria-expanded=\"active ? 'true' : 'false'\">\n\t\t\t\t\t\t\t\t\t<button class=\"accordion-button-with-icon block-accordion-item-head\" :class=\"{'button-active': active}\" ref=\"head\" aria-controls=\"acc_69f4889b79ab7\" id=\"acc_title_69f4889b79ab9\" @click=\"toggle\" @keydown=\"key\">\n\t\t\t\t\t\t\t\t\t<div><span class=\"button-label\">J\u00fcrgen Dusel<\/span><\/div><span class=\"button-icon icon-plus\" aria-hidden=\"true\"><\/span>\n\t\t\t\t\t\t\t\t<\/button>\n\t\t\t\t\t\t\t\t\t<div ref=\"body\" class=\"block-accordion-item-content\" id=\"acc_69f4889b79ab7\" role=\"region\">\n\t\t\t\t\t\t\t\t\t\t<div class=\"wrapper copy\">\n\t\t\t\t\t\t\t\t\t\t\t<p class=\"p1\">J\u00fcrgen Dusel is a lawyer and Federal Government Commissioner for Matters Relating to Persons with Disabilities during the 19th parliamentary period. He has previously served in Brandenburg as Regional Commissioner for Matters Relating to Persons with Disabilities. Since completing his first and second state law examinations, his work has included serving as head of the Department for Inclusivity at the Brandenburg State Office for Care and Social Provision and as head of the Department for Regulation and Accommodation under the Brandenburg Mental Health Act. He himself is severely visually impaired since birth.<\/p>\n\n\t\t\t\t\t\t\t\t\t\t\t\t\t\t\t\t\t\t\t\t\t\t\t\t\t\t\t\t\t\t\t\t\t\n\t\t\t\t\t\t\t\t\t\t\t<div class=\"row\">\n\t\t\t\t\t\t\t\t\t\t\t\t<div class=\"col-xs-9 col-md-9\">\n\t\t\t\t\t\t\t\t\t\t\t\t\t<div class=\"box\">\n\t\t\t\t\t\t\t\t\t\t\t\t\t\t\n\t<lazy-media-inline inline-template>\n\t\t<figure itemscope itemtype=\"http:\/\/schema.org\/ImageObject\" class=\"lazy-media-inline \" role=\"group\" id=\"media_69f4889b7a21f\" aria-labelledby=\"desc_media_69f4889b7a21f\">\n\t\t\t<script type=\"application\/json\" ref=\"data\">\n\t\t\t\t{\n\t\t\t\t\"sizes\" : {\"medium\":{\"file\":\"Juergen-Dusel-Foto_Henning-Schacht_web-297x300.jpg\",\"width\":297,\"height\":300,\"mime-type\":\"image\\\/jpeg\"},\"large\":{\"file\":\"Juergen-Dusel-Foto_Henning-Schacht_web-1014x1024.jpg\",\"width\":1014,\"height\":1024,\"mime-type\":\"image\\\/jpeg\"},\"thumbnail\":{\"file\":\"Juergen-Dusel-Foto_Henning-Schacht_web-150x150.jpg\",\"width\":150,\"height\":150,\"mime-type\":\"image\\\/jpeg\"},\"medium_large\":{\"file\":\"Juergen-Dusel-Foto_Henning-Schacht_web-768x776.jpg\",\"width\":768,\"height\":776,\"mime-type\":\"image\\\/jpeg\"},\"small\":{\"file\":\"Juergen-Dusel-Foto_Henning-Schacht_web-436x440.jpg\",\"width\":436,\"height\":440,\"mime-type\":\"image\\\/jpeg\"},\"semi\":{\"file\":\"Juergen-Dusel-Foto_Henning-Schacht_web-574x580.jpg\",\"width\":574,\"height\":580,\"mime-type\":\"image\\\/jpeg\"},\"mobile\":{\"file\":\"Juergen-Dusel-Foto_Henning-Schacht_web-713x720.jpg\",\"width\":713,\"height\":720,\"mime-type\":\"image\\\/jpeg\"},\"hd\":{\"file\":\"Juergen-Dusel-Foto_Henning-Schacht_web-1267x1280.jpg\",\"width\":1267,\"height\":1280,\"mime-type\":\"image\\\/jpeg\"},\"full\":{\"file\":\"Juergen-Dusel-Foto_Henning-Schacht_web-1901x1920.jpg\",\"width\":1901,\"height\":1920,\"mime-type\":\"image\\\/jpeg\"},\"1536x1536\":{\"file\":\"Juergen-Dusel-Foto_Henning-Schacht_web-1521x1536.jpg\",\"width\":1521,\"height\":1536,\"mime-type\":\"image\\\/jpeg\"},\"original\":{\"file\":\"Juergen-Dusel-Foto_Henning-Schacht_web.jpg\",\"width\":2000,\"height\":2020}},\n\t\t\t\t\"alt\" : \"Businessman in a suit with a tie, smiling in front of an elegant staircase.\",\n\t\t\t\t\"path\" : \"\\\/wp-content\\\/uploads\\\/2020\\\/10\\\/\",\n\t\t\t\t\"video\" : null,\n\t\t\t\t\"autoplay\" : null,\n\t\t\t\t\"youtube\" : null,\n\t\t\t\t\"youtubelabel\" : \"Play video\",\n\t\t\t\t\"brightness\" : 100,\n\t\t\t\t\"crop\" : null,\n\t\t\t\t\"background\" : false,\n\t\t\t\t\"scale\" : 1\t\t\t\t}\n\t\t\t<\/script>\n\n\t\t\t<div class=\"height-container\" style=\"padding-bottom:101%;\" v-if=\"sizes\">\n\t\t\t\t\t\t\t\t<lazy-media :inline=\"true\" :alt=\"alt\" :sizes=\"sizes\" :scale=\"scale\" :brightness=\"brightness\" :path=\"path\" :video=\"video\" :autoplay=\"autoplay\" :youtube=\"youtube\" :crop=\"crop\" :youtubelabel=\"youtubelabel\" :background=\"background\" media-id=\"desc_media_69f4889b7a21f\"><\/lazy-media>\n\t\t\t\t\t\t\t<\/div>\n\n\t\t\t\t\t\t\t<figcaption class=\"\" id=\"desc_media_69f4889b7a21f\">\n\t\t\t\t\t<div class=\"lazy-media-info-body-content\">\n\t\t\t\t\t\t\t\t\t\t\t\t\t<div>J&uuml;rgen Dusel <\/div>\n\t\t\t\t\t\t\t\t\t\t\t\t\t\t\t\t\t\t\t\t\t\t\t<\/div>\n\t\t\t\t<\/figcaption>\n\t\t\t\t\t\t\t\t\t<\/figure>\n\t<\/lazy-media-inline>\n\t\t\t\t\t\t\t\t\t\t\t\t\t<\/div>\n\t\t\t\t\t\t\t\t\t\t\t\t<\/div>\n\t\t\t\t\t\t\t\t\t\t\t<\/div>\n\n\t\t\t\t\t\t\t\t\t\t\t\t\t\t\t\t\t\t\t\t\t<\/div>\n\t\t\t\t\t\t\t\t\t<\/div>\n\t\t\t\t\t\t\t\t<\/div>\n\t\t\t\t\t\t\t\t<\/block-accordion-item>\n\t\t\t\t\t\t\t\t\t\t\t\t\t\t<block-accordion-item inline-template item-headline=\"Katja Gimpel\">\n\t\t\t\t\t\t\t\t<div ref=\"item\" data-id=\"KatjaGimpel\" class=\"block-accordion-item vue-initialize\" aria-expanded=\"false\" :aria-expanded=\"active ? 'true' : 'false'\">\n\t\t\t\t\t\t\t\t\t<button class=\"accordion-button-with-icon block-accordion-item-head\" :class=\"{'button-active': active}\" ref=\"head\" aria-controls=\"acc_69f4889b7a56b\" id=\"acc_title_69f4889b7a56c\" @click=\"toggle\" @keydown=\"key\">\n\t\t\t\t\t\t\t\t\t<div><span class=\"button-label\">Katja Gimpel<\/span><\/div><span class=\"button-icon icon-plus\" aria-hidden=\"true\"><\/span>\n\t\t\t\t\t\t\t\t<\/button>\n\t\t\t\t\t\t\t\t\t<div ref=\"body\" class=\"block-accordion-item-content\" id=\"acc_69f4889b7a56b\" role=\"region\">\n\t\t\t\t\t\t\t\t\t\t<div class=\"wrapper copy\">\n\t\t\t\t\t\t\t\t\t\t\t<p class=\"p1\">Katja Gimpel has worked since 2017 as part of the History of the Site team for the Stiftung Humboldt Forum im Berliner Schloss, and acted as project manager for the creation of the inclusive publication on the Humboldt Forum. She has previously worked as an editor, been responsible for the implementation of a variety of cultural projects, and has worked in the field of communication of the sciences. She studied cultural and German studies at Leipzig University, majoring in cultural history.<\/p>\n\n\t\t\t\t\t\t\t\t\t\t\t\t\t\t\t\t\t\t\t\t\t\t\t\t\t\t\t\t\t\t\t\t\t\n\t\t\t\t\t\t\t\t\t\t\t<div class=\"row\">\n\t\t\t\t\t\t\t\t\t\t\t\t<div class=\"col-xs-9 col-md-9\">\n\t\t\t\t\t\t\t\t\t\t\t\t\t<div class=\"box\">\n\t\t\t\t\t\t\t\t\t\t\t\t\t\t\n\t<lazy-media-inline inline-template>\n\t\t<figure itemscope itemtype=\"http:\/\/schema.org\/ImageObject\" class=\"lazy-media-inline \" role=\"group\" id=\"media_69f4889b7aab9\" aria-labelledby=\"desc_media_69f4889b7aab9\">\n\t\t\t<script type=\"application\/json\" ref=\"data\">\n\t\t\t\t{\n\t\t\t\t\"sizes\" : {\"medium\":{\"file\":\"Katja-Gimpel_web-300x300.jpg\",\"width\":300,\"height\":300,\"mime-type\":\"image\\\/jpeg\"},\"large\":{\"file\":\"Katja-Gimpel_web-1024x1022.jpg\",\"width\":1024,\"height\":1022,\"mime-type\":\"image\\\/jpeg\"},\"thumbnail\":{\"file\":\"Katja-Gimpel_web-150x150.jpg\",\"width\":150,\"height\":150,\"mime-type\":\"image\\\/jpeg\"},\"medium_large\":{\"file\":\"Katja-Gimpel_web-768x766.jpg\",\"width\":768,\"height\":766,\"mime-type\":\"image\\\/jpeg\"},\"small\":{\"file\":\"Katja-Gimpel_web-440x440.jpg\",\"width\":440,\"height\":440,\"mime-type\":\"image\\\/jpeg\"},\"semi\":{\"file\":\"Katja-Gimpel_web-580x580.jpg\",\"width\":580,\"height\":580,\"mime-type\":\"image\\\/jpeg\"},\"mobile\":{\"file\":\"Katja-Gimpel_web-720x720.jpg\",\"width\":720,\"height\":720,\"mime-type\":\"image\\\/jpeg\"},\"hd\":{\"file\":\"Katja-Gimpel_web-1280x1277.jpg\",\"width\":1280,\"height\":1277,\"mime-type\":\"image\\\/jpeg\"},\"full\":{\"file\":\"Katja-Gimpel_web-1920x1916.jpg\",\"width\":1920,\"height\":1916,\"mime-type\":\"image\\\/jpeg\"},\"1536x1536\":{\"file\":\"Katja-Gimpel_web-1536x1533.jpg\",\"width\":1536,\"height\":1533,\"mime-type\":\"image\\\/jpeg\"},\"2048x2048\":{\"file\":\"Katja-Gimpel_web-2048x2044.jpg\",\"width\":2048,\"height\":2044,\"mime-type\":\"image\\\/jpeg\"},\"original\":{\"file\":\"Katja-Gimpel_web.jpg\",\"width\":2463,\"height\":2458}},\n\t\t\t\t\"alt\" : \"Portrait of a woman with long brown hair standing in an autumn setting, wearing orange earrings and a pink cardigan.\",\n\t\t\t\t\"path\" : \"\\\/wp-content\\\/uploads\\\/2020\\\/10\\\/\",\n\t\t\t\t\"video\" : null,\n\t\t\t\t\"autoplay\" : null,\n\t\t\t\t\"youtube\" : null,\n\t\t\t\t\"youtubelabel\" : \"Play video\",\n\t\t\t\t\"brightness\" : 100,\n\t\t\t\t\"crop\" : null,\n\t\t\t\t\"background\" : false,\n\t\t\t\t\"scale\" : 1\t\t\t\t}\n\t\t\t<\/script>\n\n\t\t\t<div class=\"height-container\" style=\"padding-bottom:99.796995533902%;\" v-if=\"sizes\">\n\t\t\t\t\t\t\t\t<lazy-media :inline=\"true\" :alt=\"alt\" :sizes=\"sizes\" :scale=\"scale\" :brightness=\"brightness\" :path=\"path\" :video=\"video\" :autoplay=\"autoplay\" :youtube=\"youtube\" :crop=\"crop\" :youtubelabel=\"youtubelabel\" :background=\"background\" media-id=\"desc_media_69f4889b7aab9\"><\/lazy-media>\n\t\t\t\t\t\t\t<\/div>\n\n\t\t\t\t\t\t\t<figcaption class=\"\" id=\"desc_media_69f4889b7aab9\">\n\t\t\t\t\t<div class=\"lazy-media-info-body-content\">\n\t\t\t\t\t\t\t\t\t\t\t\t\t<div>Katja Gimpel<\/div>\n\t\t\t\t\t\t\t\t\t\t\t\t\t\t\t\t\t\t\t\t\t\t\t<\/div>\n\t\t\t\t<\/figcaption>\n\t\t\t\t\t\t\t\t\t<\/figure>\n\t<\/lazy-media-inline>\n\t\t\t\t\t\t\t\t\t\t\t\t\t<\/div>\n\t\t\t\t\t\t\t\t\t\t\t\t<\/div>\n\t\t\t\t\t\t\t\t\t\t\t<\/div>\n\n\t\t\t\t\t\t\t\t\t\t\t\t\t\t\t\t\t\t\t\t\t<\/div>\n\t\t\t\t\t\t\t\t\t<\/div>\n\t\t\t\t\t\t\t\t<\/div>\n\t\t\t\t\t\t\t\t<\/block-accordion-item>\n\t\t\t\t\t\t\t\t\t\t\t\t\t\t<block-accordion-item inline-template item-headline=\"Jonas Hauer\">\n\t\t\t\t\t\t\t\t<div ref=\"item\" data-id=\"JonasHauer\" class=\"block-accordion-item vue-initialize\" aria-expanded=\"false\" :aria-expanded=\"active ? 'true' : 'false'\">\n\t\t\t\t\t\t\t\t\t<button class=\"accordion-button-with-icon block-accordion-item-head\" :class=\"{'button-active': active}\" ref=\"head\" aria-controls=\"acc_69f4889b7ad67\" id=\"acc_title_69f4889b7ad69\" @click=\"toggle\" @keydown=\"key\">\n\t\t\t\t\t\t\t\t\t<div><span class=\"button-label\">Jonas Hauer<\/span><\/div><span class=\"button-icon icon-plus\" aria-hidden=\"true\"><\/span>\n\t\t\t\t\t\t\t\t<\/button>\n\t\t\t\t\t\t\t\t\t<div ref=\"body\" class=\"block-accordion-item-content\" id=\"acc_69f4889b7ad67\" role=\"region\">\n\t\t\t\t\t\t\t\t\t\t<div class=\"wrapper copy\">\n\t\t\t\t\t\t\t\t\t\t\t<p class=\"p1\">Jonas Hauer is a pianist, accordion player, and a composer and arranger of music. Blind since the age of two, by the age of five he had already begun experimenting with the piano and other instruments. He graduated in piano studies from the Universit\u00e4t der K\u00fcnste Berlin in 2005, and has since worked both as a solo artist and across Germany with bands and ensembles playing in a variety of musical styles.<\/p>\n\n\t\t\t\t\t\t\t\t\t\t\t\t\t\t\t\t\t\t\t\t\t\t\t\t\t\t\t\t\t\t\t\t\t\n\t\t\t\t\t\t\t\t\t\t\t<div class=\"row\">\n\t\t\t\t\t\t\t\t\t\t\t\t<div class=\"col-xs-9 col-md-9\">\n\t\t\t\t\t\t\t\t\t\t\t\t\t<div class=\"box\">\n\t\t\t\t\t\t\t\t\t\t\t\t\t\t\n\t<lazy-media-inline inline-template>\n\t\t<figure itemscope itemtype=\"http:\/\/schema.org\/ImageObject\" class=\"lazy-media-inline \" role=\"group\" id=\"media_69f4889b7b271\" aria-labelledby=\"desc_media_69f4889b7b271\">\n\t\t\t<script type=\"application\/json\" ref=\"data\">\n\t\t\t\t{\n\t\t\t\t\"sizes\" : {\"medium\":{\"file\":\"Jonas-Hauer_copyright_Jonas-Hauer_web-300x254.jpg\",\"width\":300,\"height\":254,\"mime-type\":\"image\\\/jpeg\"},\"large\":{\"file\":\"Jonas-Hauer_copyright_Jonas-Hauer_web-1024x869.jpg\",\"width\":1024,\"height\":869,\"mime-type\":\"image\\\/jpeg\"},\"thumbnail\":{\"file\":\"Jonas-Hauer_copyright_Jonas-Hauer_web-150x150.jpg\",\"width\":150,\"height\":150,\"mime-type\":\"image\\\/jpeg\"},\"medium_large\":{\"file\":\"Jonas-Hauer_copyright_Jonas-Hauer_web-768x651.jpg\",\"width\":768,\"height\":651,\"mime-type\":\"image\\\/jpeg\"},\"small\":{\"file\":\"Jonas-Hauer_copyright_Jonas-Hauer_web-440x373.jpg\",\"width\":440,\"height\":373,\"mime-type\":\"image\\\/jpeg\"},\"semi\":{\"file\":\"Jonas-Hauer_copyright_Jonas-Hauer_web-580x492.jpg\",\"width\":580,\"height\":492,\"mime-type\":\"image\\\/jpeg\"},\"mobile\":{\"file\":\"Jonas-Hauer_copyright_Jonas-Hauer_web-720x611.jpg\",\"width\":720,\"height\":611,\"mime-type\":\"image\\\/jpeg\"},\"original\":{\"file\":\"Jonas-Hauer_copyright_Jonas-Hauer_web.jpg\",\"width\":1120,\"height\":950}},\n\t\t\t\t\"alt\" : \"A man with glasses sits next to a piano in front of a gray curtain.\",\n\t\t\t\t\"path\" : \"\\\/wp-content\\\/uploads\\\/2020\\\/10\\\/\",\n\t\t\t\t\"video\" : null,\n\t\t\t\t\"autoplay\" : null,\n\t\t\t\t\"youtube\" : null,\n\t\t\t\t\"youtubelabel\" : \"Play video\",\n\t\t\t\t\"brightness\" : 100,\n\t\t\t\t\"crop\" : null,\n\t\t\t\t\"background\" : false,\n\t\t\t\t\"scale\" : 1\t\t\t\t}\n\t\t\t<\/script>\n\n\t\t\t<div class=\"height-container\" style=\"padding-bottom:84.821428571429%;\" v-if=\"sizes\">\n\t\t\t\t\t\t\t\t<lazy-media :inline=\"true\" :alt=\"alt\" :sizes=\"sizes\" :scale=\"scale\" :brightness=\"brightness\" :path=\"path\" :video=\"video\" :autoplay=\"autoplay\" :youtube=\"youtube\" :crop=\"crop\" :youtubelabel=\"youtubelabel\" :background=\"background\" media-id=\"desc_media_69f4889b7b271\"><\/lazy-media>\n\t\t\t\t\t\t\t<\/div>\n\n\t\t\t\t\t\t\t<figcaption class=\"\" id=\"desc_media_69f4889b7b271\">\n\t\t\t\t\t<div class=\"lazy-media-info-body-content\">\n\t\t\t\t\t\t\t\t\t\t\t\t\t<div>Jonas Hauer<\/div>\n\t\t\t\t\t\t\t\t\t\t\t\t\t\t\t\t\t\t\t\t\t\t\t<\/div>\n\t\t\t\t<\/figcaption>\n\t\t\t\t\t\t\t\t\t<\/figure>\n\t<\/lazy-media-inline>\n\t\t\t\t\t\t\t\t\t\t\t\t\t<\/div>\n\t\t\t\t\t\t\t\t\t\t\t\t<\/div>\n\t\t\t\t\t\t\t\t\t\t\t<\/div>\n\n\t\t\t\t\t\t\t\t\t\t\t\t\t\t\t\t\t\t\t\t\t<\/div>\n\t\t\t\t\t\t\t\t\t<\/div>\n\t\t\t\t\t\t\t\t<\/div>\n\t\t\t\t\t\t\t\t<\/block-accordion-item>\n\t\t\t\t\t\t\t\t\t\t\t\t\t\t<block-accordion-item inline-template item-headline=\"Ariane Je\u00dfulat\">\n\t\t\t\t\t\t\t\t<div ref=\"item\" data-id=\"ArianeJeulat\" class=\"block-accordion-item vue-initialize\" aria-expanded=\"false\" :aria-expanded=\"active ? 'true' : 'false'\">\n\t\t\t\t\t\t\t\t\t<button class=\"accordion-button-with-icon block-accordion-item-head\" :class=\"{'button-active': active}\" ref=\"head\" aria-controls=\"acc_69f4889b7b4fd\" id=\"acc_title_69f4889b7b4ff\" @click=\"toggle\" @keydown=\"key\">\n\t\t\t\t\t\t\t\t\t<div><span class=\"button-label\">Ariane Je\u00dfulat<\/span><\/div><span class=\"button-icon icon-plus\" aria-hidden=\"true\"><\/span>\n\t\t\t\t\t\t\t\t<\/button>\n\t\t\t\t\t\t\t\t\t<div ref=\"body\" class=\"block-accordion-item-content\" id=\"acc_69f4889b7b4fd\" role=\"region\">\n\t\t\t\t\t\t\t\t\t\t<div class=\"wrapper copy\">\n\t\t\t\t\t\t\t\t\t\t\t<p>Ariane Je\u00dfulat studied at the Universit\u00e4t der K\u00fcnste Berlin, where she has been teaching music theory since 2015. Since the late 1980s, she has performed contemporary and traditional repertoire as a pianist and singer in the experimental music ensemble\u00a0<i>die maulwerker<\/i>, founded by Dieter Schnebel.<\/p>\n\n\t\t\t\t\t\t\t\t\t\t\t\t\t\t\t\t\t\t\t\t\t\t\t\t\t\t\t\t\t\t\t\t\t\n\t\t\t\t\t\t\t\t\t\t\t<div class=\"row\">\n\t\t\t\t\t\t\t\t\t\t\t\t<div class=\"col-xs-9 col-md-9\">\n\t\t\t\t\t\t\t\t\t\t\t\t\t<div class=\"box\">\n\t\t\t\t\t\t\t\t\t\t\t\t\t\t\t\t\t\t\t\t\t\t\t\t\t\t\t<\/div>\n\t\t\t\t\t\t\t\t\t\t\t\t<\/div>\n\t\t\t\t\t\t\t\t\t\t\t<\/div>\n\n\t\t\t\t\t\t\t\t\t\t\t\t<a href=\"www.maulwerker.de\" class=\"button-extern\" role=\"button\" target=\"_blank\">\n\t\t<span class=\"button-label\">Maulwerker website<\/span>\n\t<\/a>\n\t\t\t\t\t\t\t\t\t\t<\/div>\n\t\t\t\t\t\t\t\t\t<\/div>\n\t\t\t\t\t\t\t\t<\/div>\n\t\t\t\t\t\t\t\t<\/block-accordion-item>\n\t\t\t\t\t\t\t\t\t\t\t\t\t\t<block-accordion-item inline-template item-headline=\"Friedrun Portele-Anyangbe\">\n\t\t\t\t\t\t\t\t<div ref=\"item\" data-id=\"FriedrunPortele-Anyangbe\" class=\"block-accordion-item vue-initialize\" aria-expanded=\"false\" :aria-expanded=\"active ? 'true' : 'false'\">\n\t\t\t\t\t\t\t\t\t<button class=\"accordion-button-with-icon block-accordion-item-head\" :class=\"{'button-active': active}\" ref=\"head\" aria-controls=\"acc_69f4889b7b85a\" id=\"acc_title_69f4889b7b85b\" @click=\"toggle\" @keydown=\"key\">\n\t\t\t\t\t\t\t\t\t<div><span class=\"button-label\">Friedrun Portele-Anyangbe<\/span><\/div><span class=\"button-icon icon-plus\" aria-hidden=\"true\"><\/span>\n\t\t\t\t\t\t\t\t<\/button>\n\t\t\t\t\t\t\t\t\t<div ref=\"body\" class=\"block-accordion-item-content\" id=\"acc_69f4889b7b85a\" role=\"region\">\n\t\t\t\t\t\t\t\t\t\t<div class=\"wrapper copy\">\n\t\t\t\t\t\t\t\t\t\t\t<p class=\"p1\">Friedrun Portele-Anyangbe\u00a0is a historian, an expert in Jewish studies, and an intercultural trainer. Since 2005, she has been working as a facilitator at various Berlin museums. Since 2015, her main focus has been on the development and implementation of accessibility and inclusion. She acts as an adviser for numerous institutions, including currently acting as external consultant for the four partners at the Humboldt Forum.<\/p>\n\n\t\t\t\t\t\t\t\t\t\t\t\t\t\t\t\t\t\t\t\t\t\t\t\t\t\t\t\t\t\t\t\t\t\n\t\t\t\t\t\t\t\t\t\t\t<div class=\"row\">\n\t\t\t\t\t\t\t\t\t\t\t\t<div class=\"col-xs-9 col-md-9\">\n\t\t\t\t\t\t\t\t\t\t\t\t\t<div class=\"box\">\n\t\t\t\t\t\t\t\t\t\t\t\t\t\t\n\t<lazy-media-inline inline-template>\n\t\t<figure itemscope itemtype=\"http:\/\/schema.org\/ImageObject\" class=\"lazy-media-inline \" role=\"group\" id=\"media_69f4889b7bcab\" aria-labelledby=\"desc_media_69f4889b7bcab\">\n\t\t\t<script type=\"application\/json\" ref=\"data\">\n\t\t\t\t{\n\t\t\t\t\"sizes\" : {\"medium\":{\"file\":\"Friedrun-Portele-Anyangbe_copyright_privat_web-300x285.jpg\",\"width\":300,\"height\":285,\"mime-type\":\"image\\\/jpeg\"},\"large\":{\"file\":\"Friedrun-Portele-Anyangbe_copyright_privat_web-1024x972.jpg\",\"width\":1024,\"height\":972,\"mime-type\":\"image\\\/jpeg\"},\"thumbnail\":{\"file\":\"Friedrun-Portele-Anyangbe_copyright_privat_web-150x150.jpg\",\"width\":150,\"height\":150,\"mime-type\":\"image\\\/jpeg\"},\"medium_large\":{\"file\":\"Friedrun-Portele-Anyangbe_copyright_privat_web-768x729.jpg\",\"width\":768,\"height\":729,\"mime-type\":\"image\\\/jpeg\"},\"small\":{\"file\":\"Friedrun-Portele-Anyangbe_copyright_privat_web-440x418.jpg\",\"width\":440,\"height\":418,\"mime-type\":\"image\\\/jpeg\"},\"semi\":{\"file\":\"Friedrun-Portele-Anyangbe_copyright_privat_web-580x551.jpg\",\"width\":580,\"height\":551,\"mime-type\":\"image\\\/jpeg\"},\"mobile\":{\"file\":\"Friedrun-Portele-Anyangbe_copyright_privat_web-720x684.jpg\",\"width\":720,\"height\":684,\"mime-type\":\"image\\\/jpeg\"},\"hd\":{\"file\":\"Friedrun-Portele-Anyangbe_copyright_privat_web-1280x1215.jpg\",\"width\":1280,\"height\":1215,\"mime-type\":\"image\\\/jpeg\"},\"full\":{\"file\":\"Friedrun-Portele-Anyangbe_copyright_privat_web-1920x1823.jpg\",\"width\":1920,\"height\":1823,\"mime-type\":\"image\\\/jpeg\"},\"1536x1536\":{\"file\":\"Friedrun-Portele-Anyangbe_copyright_privat_web-1536x1458.jpg\",\"width\":1536,\"height\":1458,\"mime-type\":\"image\\\/jpeg\"},\"original\":{\"file\":\"Friedrun-Portele-Anyangbe_copyright_privat_web.jpg\",\"width\":2000,\"height\":1899}},\n\t\t\t\t\"alt\" : \"Smiling woman with curly hair and earrings, wearing a dark shirt, against a gray background.\",\n\t\t\t\t\"path\" : \"\\\/wp-content\\\/uploads\\\/2020\\\/10\\\/\",\n\t\t\t\t\"video\" : null,\n\t\t\t\t\"autoplay\" : null,\n\t\t\t\t\"youtube\" : null,\n\t\t\t\t\"youtubelabel\" : \"Play video\",\n\t\t\t\t\"brightness\" : 100,\n\t\t\t\t\"crop\" : null,\n\t\t\t\t\"background\" : false,\n\t\t\t\t\"scale\" : 1\t\t\t\t}\n\t\t\t<\/script>\n\n\t\t\t<div class=\"height-container\" style=\"padding-bottom:94.95%;\" v-if=\"sizes\">\n\t\t\t\t\t\t\t\t<lazy-media :inline=\"true\" :alt=\"alt\" :sizes=\"sizes\" :scale=\"scale\" :brightness=\"brightness\" :path=\"path\" :video=\"video\" :autoplay=\"autoplay\" :youtube=\"youtube\" :crop=\"crop\" :youtubelabel=\"youtubelabel\" :background=\"background\" media-id=\"desc_media_69f4889b7bcab\"><\/lazy-media>\n\t\t\t\t\t\t\t<\/div>\n\n\t\t\t\t\t\t\t<figcaption class=\"\" id=\"desc_media_69f4889b7bcab\">\n\t\t\t\t\t<div class=\"lazy-media-info-body-content\">\n\t\t\t\t\t\t\t\t\t\t\t\t\t<div>Friedrun Portele Anyangbe<\/div>\n\t\t\t\t\t\t\t\t\t\t\t\t\t\t\t\t\t\t\t\t\t\t\t<\/div>\n\t\t\t\t<\/figcaption>\n\t\t\t\t\t\t\t\t\t<\/figure>\n\t<\/lazy-media-inline>\n\t\t\t\t\t\t\t\t\t\t\t\t\t<\/div>\n\t\t\t\t\t\t\t\t\t\t\t\t<\/div>\n\t\t\t\t\t\t\t\t\t\t\t<\/div>\n\n\t\t\t\t\t\t\t\t\t\t\t\t\t\t\t\t\t\t\t\t\t<\/div>\n\t\t\t\t\t\t\t\t\t<\/div>\n\t\t\t\t\t\t\t\t<\/div>\n\t\t\t\t\t\t\t\t<\/block-accordion-item>\n\t\t\t\t\t\t\t\t\t\t\t\t\t\t<block-accordion-item inline-template item-headline=\"Shary Reeves\">\n\t\t\t\t\t\t\t\t<div ref=\"item\" data-id=\"SharyReeves\" class=\"block-accordion-item vue-initialize\" aria-expanded=\"false\" :aria-expanded=\"active ? 'true' : 'false'\">\n\t\t\t\t\t\t\t\t\t<button class=\"accordion-button-with-icon block-accordion-item-head\" :class=\"{'button-active': active}\" ref=\"head\" aria-controls=\"acc_69f4889b7be71\" id=\"acc_title_69f4889b7be72\" @click=\"toggle\" @keydown=\"key\">\n\t\t\t\t\t\t\t\t\t<div><span class=\"button-label\">Shary Reeves<\/span><\/div><span class=\"button-icon icon-plus\" aria-hidden=\"true\"><\/span>\n\t\t\t\t\t\t\t\t<\/button>\n\t\t\t\t\t\t\t\t\t<div ref=\"body\" class=\"block-accordion-item-content\" id=\"acc_69f4889b7be71\" role=\"region\">\n\t\t\t\t\t\t\t\t\t\t<div class=\"wrapper copy\">\n\t\t\t\t\t\t\t\t\t\t\t\n\t\t\t\t\t\t\t\t\t\t\t\t\t\t\t\t\t\t\t\t\t\t\t\t\t\t\t\t\t\t\t\t\t\n\t\t\t\t\t\t\t\t\t\t\t<div class=\"row\">\n\t\t\t\t\t\t\t\t\t\t\t\t<div class=\"col-xs-9 col-md-9\">\n\t\t\t\t\t\t\t\t\t\t\t\t\t<div class=\"box\">\n\t\t\t\t\t\t\t\t\t\t\t\t\t\t\n\t<lazy-media-inline inline-template>\n\t\t<figure itemscope itemtype=\"http:\/\/schema.org\/ImageObject\" class=\"lazy-media-inline \" role=\"group\" id=\"media_69f4889b7c3cc\" aria-labelledby=\"desc_media_69f4889b7c3cc\">\n\t\t\t<script type=\"application\/json\" ref=\"data\">\n\t\t\t\t{\n\t\t\t\t\"sizes\" : {\"medium\":{\"file\":\"Shary-Reeves_web-300x191.jpg\",\"width\":300,\"height\":191,\"mime-type\":\"image\\\/jpeg\"},\"thumbnail\":{\"file\":\"Shary-Reeves_web-150x150.jpg\",\"width\":150,\"height\":150,\"mime-type\":\"image\\\/jpeg\"},\"medium_large\":{\"file\":\"Shary-Reeves_web-768x490.jpg\",\"width\":768,\"height\":490,\"mime-type\":\"image\\\/jpeg\"},\"small\":{\"file\":\"Shary-Reeves_web-440x281.jpg\",\"width\":440,\"height\":281,\"mime-type\":\"image\\\/jpeg\"},\"semi\":{\"file\":\"Shary-Reeves_web-580x370.jpg\",\"width\":580,\"height\":370,\"mime-type\":\"image\\\/jpeg\"},\"mobile\":{\"file\":\"Shary-Reeves_web-720x459.jpg\",\"width\":720,\"height\":459,\"mime-type\":\"image\\\/jpeg\"},\"original\":{\"file\":\"Shary-Reeves_web.jpg\",\"width\":1000,\"height\":638}},\n\t\t\t\t\"alt\" : \"Smiling woman with braided hair, wearing a white top, in front of a neutral background.\",\n\t\t\t\t\"path\" : \"\\\/wp-content\\\/uploads\\\/2020\\\/10\\\/\",\n\t\t\t\t\"video\" : null,\n\t\t\t\t\"autoplay\" : null,\n\t\t\t\t\"youtube\" : null,\n\t\t\t\t\"youtubelabel\" : \"Play video\",\n\t\t\t\t\"brightness\" : 100,\n\t\t\t\t\"crop\" : {\"top\":\"47.55\",\"left\":\"52.33\"},\n\t\t\t\t\"background\" : true,\n\t\t\t\t\"scale\" : 2\t\t\t\t}\n\t\t\t<\/script>\n\n\t\t\t<div class=\"height-container\" style=\"padding-bottom:63.8%;\" v-if=\"sizes\">\n\t\t\t\t\t\t\t\t<lazy-media :inline=\"true\" :alt=\"alt\" :sizes=\"sizes\" :scale=\"scale\" :brightness=\"brightness\" :path=\"path\" :video=\"video\" :autoplay=\"autoplay\" :youtube=\"youtube\" :crop=\"crop\" :youtubelabel=\"youtubelabel\" :background=\"background\" media-id=\"desc_media_69f4889b7c3cc\"><\/lazy-media>\n\t\t\t\t\t\t\t<\/div>\n\n\t\t\t\t\t\t\t<figcaption class=\"\" id=\"desc_media_69f4889b7c3cc\">\n\t\t\t\t\t<div class=\"lazy-media-info-body-content\">\n\t\t\t\t\t\t\t\t\t\t\t\t\t<div>Shary Reeves<\/div>\n\t\t\t\t\t\t\t\t\t\t\t\t\t\t\t\t\t\t\t\t\t\t\t\t\t<div class=\"insignificant\">\u00a9 Jochen Manz<\/div>\n\t\t\t\t\t\t\t\t\t\t\t<\/div>\n\t\t\t\t<\/figcaption>\n\t\t\t\t\t\t\t\t\t<\/figure>\n\t<\/lazy-media-inline>\n\t\t\t\t\t\t\t\t\t\t\t\t\t<\/div>\n\t\t\t\t\t\t\t\t\t\t\t\t<\/div>\n\t\t\t\t\t\t\t\t\t\t\t<\/div>\n\n\t\t\t\t\t\t\t\t\t\t\t\t<a href=\"https:\/\/sharyreeves.de\/\" class=\"button-extern\" role=\"button\" target=\"_blank\">\n\t\t<span class=\"button-label\">Website Shary Reeves<\/span>\n\t<\/a>\n\t\t\t\t\t\t\t\t\t\t<\/div>\n\t\t\t\t\t\t\t\t\t<\/div>\n\t\t\t\t\t\t\t\t<\/div>\n\t\t\t\t\t\t\t\t<\/block-accordion-item>\n\t\t\t\t\t\t\t\t\t\t\t\t\t\t<block-accordion-item inline-template item-headline=\"Christine Rieger\">\n\t\t\t\t\t\t\t\t<div ref=\"item\" data-id=\"ChristineRieger\" class=\"block-accordion-item vue-initialize\" aria-expanded=\"false\" :aria-expanded=\"active ? 'true' : 'false'\">\n\t\t\t\t\t\t\t\t\t<button class=\"accordion-button-with-icon block-accordion-item-head\" :class=\"{'button-active': active}\" ref=\"head\" aria-controls=\"acc_69f4889b7c669\" id=\"acc_title_69f4889b7c66b\" @click=\"toggle\" @keydown=\"key\">\n\t\t\t\t\t\t\t\t\t<div><span class=\"button-label\">Christine Rieger<\/span><\/div><span class=\"button-icon icon-plus\" aria-hidden=\"true\"><\/span>\n\t\t\t\t\t\t\t\t<\/button>\n\t\t\t\t\t\t\t\t\t<div ref=\"body\" class=\"block-accordion-item-content\" id=\"acc_69f4889b7c669\" role=\"region\">\n\t\t\t\t\t\t\t\t\t\t<div class=\"wrapper copy\">\n\t\t\t\t\t\t\t\t\t\t\t<p>Christine Rieger studied Art Education in Dresden and has worked as an art teacher for many years, while also becoming more familiar with other fields in the sciences. Visually impaired herself, she has for many years been involved as a freelancer and volunteer in facilitating access to art and culture for blind and visually impaired people. Her areas of expertise are guided tours, workshops and audio description for adults and children. Particular career highlights include collaborating on the\u00a0<em>Art With All Your Senses<\/em>\u00a0project at the Berlinische Galerie, and her project entitled\u00a0<em>Meeting Art<\/em>\u00a0with children from the Johann-August-Zeune-Schule, as well as her collaboration on the Humboldt Forum\u2019s inclusive publication.<\/p>\n\n\t\t\t\t\t\t\t\t\t\t\t\t\t\t\t\t\t\t\t\t\t\t\t\t\t\t\t\t\t\t\t\t\t\n\t\t\t\t\t\t\t\t\t\t\t<div class=\"row\">\n\t\t\t\t\t\t\t\t\t\t\t\t<div class=\"col-xs-9 col-md-9\">\n\t\t\t\t\t\t\t\t\t\t\t\t\t<div class=\"box\">\n\t\t\t\t\t\t\t\t\t\t\t\t\t\t\n\t<lazy-media-inline inline-template>\n\t\t<figure itemscope itemtype=\"http:\/\/schema.org\/ImageObject\" class=\"lazy-media-inline \" role=\"group\" id=\"media_69f4889b7cabe\" aria-labelledby=\"desc_media_69f4889b7cabe\">\n\t\t\t<script type=\"application\/json\" ref=\"data\">\n\t\t\t\t{\n\t\t\t\t\"sizes\" : {\"medium\":{\"file\":\"Christine-Rieger_copyright_privat_web-300x298.jpg\",\"width\":300,\"height\":298,\"mime-type\":\"image\\\/jpeg\"},\"large\":{\"file\":\"Christine-Rieger_copyright_privat_web-1024x1018.jpg\",\"width\":1024,\"height\":1018,\"mime-type\":\"image\\\/jpeg\"},\"thumbnail\":{\"file\":\"Christine-Rieger_copyright_privat_web-150x150.jpg\",\"width\":150,\"height\":150,\"mime-type\":\"image\\\/jpeg\"},\"medium_large\":{\"file\":\"Christine-Rieger_copyright_privat_web-768x764.jpg\",\"width\":768,\"height\":764,\"mime-type\":\"image\\\/jpeg\"},\"small\":{\"file\":\"Christine-Rieger_copyright_privat_web-440x438.jpg\",\"width\":440,\"height\":438,\"mime-type\":\"image\\\/jpeg\"},\"semi\":{\"file\":\"Christine-Rieger_copyright_privat_web-580x577.jpg\",\"width\":580,\"height\":577,\"mime-type\":\"image\\\/jpeg\"},\"mobile\":{\"file\":\"Christine-Rieger_copyright_privat_web-720x716.jpg\",\"width\":720,\"height\":716,\"mime-type\":\"image\\\/jpeg\"},\"hd\":{\"file\":\"Christine-Rieger_copyright_privat_web-1280x1273.jpg\",\"width\":1280,\"height\":1273,\"mime-type\":\"image\\\/jpeg\"},\"full\":{\"file\":\"Christine-Rieger_copyright_privat_web-1920x1909.jpg\",\"width\":1920,\"height\":1909,\"mime-type\":\"image\\\/jpeg\"},\"1536x1536\":{\"file\":\"Christine-Rieger_copyright_privat_web-1536x1527.jpg\",\"width\":1536,\"height\":1527,\"mime-type\":\"image\\\/jpeg\"},\"2048x2048\":{\"file\":\"Christine-Rieger_copyright_privat_web-2048x2036.jpg\",\"width\":2048,\"height\":2036,\"mime-type\":\"image\\\/jpeg\"},\"original\":{\"file\":\"Christine-Rieger_copyright_privat_web.jpg\",\"width\":2816,\"height\":2800}},\n\t\t\t\t\"alt\" : \"Portrait of a smiling woman with black hair and glasses, wearing a polka dot top against a green background.\",\n\t\t\t\t\"path\" : \"\\\/wp-content\\\/uploads\\\/2020\\\/10\\\/\",\n\t\t\t\t\"video\" : null,\n\t\t\t\t\"autoplay\" : null,\n\t\t\t\t\"youtube\" : null,\n\t\t\t\t\"youtubelabel\" : \"Play video\",\n\t\t\t\t\"brightness\" : 100,\n\t\t\t\t\"crop\" : null,\n\t\t\t\t\"background\" : true,\n\t\t\t\t\"scale\" : 2\t\t\t\t}\n\t\t\t<\/script>\n\n\t\t\t<div class=\"height-container\" style=\"padding-bottom:99.431818181818%;\" v-if=\"sizes\">\n\t\t\t\t\t\t\t\t<lazy-media :inline=\"true\" :alt=\"alt\" :sizes=\"sizes\" :scale=\"scale\" :brightness=\"brightness\" :path=\"path\" :video=\"video\" :autoplay=\"autoplay\" :youtube=\"youtube\" :crop=\"crop\" :youtubelabel=\"youtubelabel\" :background=\"background\" media-id=\"desc_media_69f4889b7cabe\"><\/lazy-media>\n\t\t\t\t\t\t\t<\/div>\n\n\t\t\t\t\t\t\t<figcaption class=\"\" id=\"desc_media_69f4889b7cabe\">\n\t\t\t\t\t<div class=\"lazy-media-info-body-content\">\n\t\t\t\t\t\t\t\t\t\t\t\t\t<div>Christine Rieger<\/div>\n\t\t\t\t\t\t\t\t\t\t\t\t\t\t\t\t\t\t\t\t\t\t\t<\/div>\n\t\t\t\t<\/figcaption>\n\t\t\t\t\t\t\t\t\t<\/figure>\n\t<\/lazy-media-inline>\n\t\t\t\t\t\t\t\t\t\t\t\t\t<\/div>\n\t\t\t\t\t\t\t\t\t\t\t\t<\/div>\n\t\t\t\t\t\t\t\t\t\t\t<\/div>\n\n\t\t\t\t\t\t\t\t\t\t\t\t\t\t\t\t\t\t\t\t\t<\/div>\n\t\t\t\t\t\t\t\t\t<\/div>\n\t\t\t\t\t\t\t\t<\/div>\n\t\t\t\t\t\t\t\t<\/block-accordion-item>\n\t\t\t\t\t\t\t\t\t\t\t\t\t<\/div>\n\t\t\t\t\t\t<\/block-accordion>\n\t\t\t\t\t\t\t\t\t<\/div>\n\t\t\t<\/div>\n\t\t<\/div>\n\t<\/div>\n<\/section>\n\n\n<calendardetail inline-template :appear-before=\"0\" :appear-after=\"0\" :live-stream-appears=\"10\" youtube-label-inactive=\"Livestream\" youtube-label-live=\"Start livestream\" youtube-label-after=\"Watch ReLive\">\n\t<section class=\"block-live-section\">\n\t\t<script type=\"application\/json\" ref=\"eventdata\">{\"postId\":20435,\"title\":\"Look, Listen and Feel\",\"excerpt\":\"J\\u00fcrgen Dusel, Federal Government Commissioner for Matters Relating to Persons with Disabilities, in conversation with consultant Friedrun Portele-Anyangbe, discusses inclusion generally in cultural and museum environments, and specifically at the Humboldt Forum.\",\"slug\":\"vom-kloster-zum-humboldt-forum\",\"post_date\":\"2020-10-23T16:23\",\"type\":\"event\",\"permalink\":\"https:\\\/\\\/www.humboldtforum.org\\\/en\\\/programm\\\/termin\\\/discourse\\\/vom-kloster-zum-humboldt-forum-20435\\\/\",\"genre\":[566,574],\"genre_details\":[{\"text\":\"Discourse\",\"id\":566,\"icon\":null,\"parent\":0},{\"text\":\"Literature\",\"id\":574,\"icon\":null,\"parent\":0}],\"digital\":[873],\"digital_details\":[{\"text\":\"Livestream\",\"id\":873,\"icon\":null,\"parent\":0}],\"topic\":[590],\"topic_details\":[{\"text\":\"History and Architecture of the Site\",\"id\":590,\"icon\":null,\"parent\":0}],\"stakeholder\":[595],\"stakeholder_details\":[{\"text\":\"Stiftung Humboldt Forum im Berliner Schloss\",\"id\":595,\"icon\":null,\"parent\":0}],\"editorialfilter\":[735],\"editorialfilter_details\":[{\"text\":\"inklusiv\",\"id\":735,\"icon\":null,\"parent\":0}],\"targetgroup\":[585],\"targetgroup_details\":[{\"text\":\"Adults\",\"id\":585,\"icon\":null,\"parent\":0}],\"language\":[579,736,749,1196],\"language_details\":[{\"text\":\"German\",\"id\":579,\"icon\":null,\"parent\":0},{\"text\":\"German Sign Language\",\"id\":736,\"icon\":null,\"parent\":0},{\"text\":\"Live subtitles\",\"id\":749,\"icon\":null,\"parent\":0},{\"text\":\"Plain German\",\"id\":1196,\"icon\":null,\"parent\":0}],\"accessability\":[1466],\"accessability_details\":[{\"text\":\"Einfache Sprache\",\"id\":1466,\"icon\":null,\"parent\":0}],\"place\":[605],\"place_details\":{\"place\":\"Humboldt Forum\",\"map\":\"Humboldt Forum, Schlossplatz, Berlin\",\"room\":\"Online event\"},\"icon_overwrite\":\"\",\"acf\":{\"hashtag\":\"HumboldtForum\",\"subline\":\"An inclusive book, and much more\",\"subline_feature\":\"\",\"marketing_text\":\"An inclusive book and much more\",\"shorttext\":\"J\\u00fcrgen Dusel, Federal Government Commissioner for Matters Relating to Persons with Disabilities, in conversation with consultant Friedrun Portele-Anyangbe, discusses inclusion generally in cultural and museum environments, and specifically at the Humboldt Forum.\",\"longtext\":\"\",\"highlight_header\":false,\"featured_images\":[18141],\"video\":false,\"tipp\":false,\"alert_text\":\"\",\"joker\":false,\"live\":true,\"announcement\":\"\",\"shorturl\":\"\",\"hyphenation\":true,\"yt\":\"https:\\\/\\\/www.youtube.com\\\/watch?v=pNDAopwcoX8\",\"overwrite_date\":\"\",\"times\":[{\"start\":\"20210422 19:00\",\"end\":\"20:30\",\"status\":\"JOIN\",\"info\":\"\",\"shop\":\"\",\"i\":0,\"start_hour\":\"07:00 pm\",\"start_HRF\":\"Thu, 22 April 2021\",\"_date\":{\"date\":\"2021-04-22 20:30:00.000000\",\"timezone_type\":3,\"timezone\":\"Europe\\\/Berlin\"},\"_fromdate\":\"20210422 19:00\",\"start_TS\":1619110800,\"start_HRFSHORT\":\"22\\\/04\\\/21\",\"start_HRFSHORT_WD\":\"Thu 22\\\/04\\\/2021\",\"end_TS\":1619116200,\"can_purchase\":false}],\"planning\":{\"price\":\"Free online event\",\"admission\":\"\",\"pause\":\"c. 90 min\",\"duration\":\"\"},\"noindex\":false,\"keywords\":\"\",\"belongsto\":[20432],\"highlight_header_image\":18141,\"has_mobile_format\":false},\"thumbnail\":{\"width\":2000,\"height\":1125,\"sizes\":{\"medium\":{\"file\":\"Tastlbuch-0-01-07-24-300x169.jpg\",\"width\":300,\"height\":169,\"mime-type\":\"image\\\/jpeg\"},\"large\":{\"file\":\"Tastlbuch-0-01-07-24-1024x576.jpg\",\"width\":1024,\"height\":576,\"mime-type\":\"image\\\/jpeg\"},\"thumbnail\":{\"file\":\"Tastlbuch-0-01-07-24-150x150.jpg\",\"width\":150,\"height\":150,\"mime-type\":\"image\\\/jpeg\"},\"medium_large\":{\"file\":\"Tastlbuch-0-01-07-24-768x432.jpg\",\"width\":768,\"height\":432,\"mime-type\":\"image\\\/jpeg\"},\"small\":{\"file\":\"Tastlbuch-0-01-07-24-440x248.jpg\",\"width\":440,\"height\":248,\"mime-type\":\"image\\\/jpeg\"},\"semi\":{\"file\":\"Tastlbuch-0-01-07-24-580x326.jpg\",\"width\":580,\"height\":326,\"mime-type\":\"image\\\/jpeg\"},\"mobile\":{\"file\":\"Tastlbuch-0-01-07-24-720x405.jpg\",\"width\":720,\"height\":405,\"mime-type\":\"image\\\/jpeg\"},\"hd\":{\"file\":\"Tastlbuch-0-01-07-24-1280x720.jpg\",\"width\":1280,\"height\":720,\"mime-type\":\"image\\\/jpeg\"},\"full\":{\"file\":\"Tastlbuch-0-01-07-24-1920x1080.jpg\",\"width\":1920,\"height\":1080,\"mime-type\":\"image\\\/jpeg\"},\"1536x1536\":{\"file\":\"Tastlbuch-0-01-07-24-1536x864.jpg\",\"width\":1536,\"height\":864,\"mime-type\":\"image\\\/jpeg\"},\"original\":{\"file\":\"Tastlbuch-0-01-07-24.jpg\",\"width\":2000,\"height\":1125}},\"alt\":\"\",\"label\":\"\",\"description\":\"\",\"ratio\":56.25,\"url\":\"\\\/wp-content\\\/uploads\\\/2020\\\/12\\\/\",\"webp\":0,\"crop\":{\"top\":\"50.00\",\"left\":\"50.00\"},\"ID\":18141},\"date\":{\"NX\":null,\"NXX\":null,\"NLAST\":\"202104221500\",\"from_DATE\":\"20210422 19:00\",\"from\":1619103600,\"to\":1619103600,\"to_DATE\":\"20210422 19:00\",\"from_HRFSHORT\":\"22 Apr 2021\",\"from_HRFSHORT_WD\":\"Thu 22\\\/04\\\/2021\",\"to_HRFSHORT\":\"22 Apr 2021\",\"to_HRFSHORT_WD\":\"Thu 22\\\/04\\\/2021\",\"from_HRF\":\"Thu, 22 April 2021\",\"to_HRF\":\"Thu, 22 April 2021\",\"from_to_HRF\":\"Thu, 22 April \\u2013 Thu, 22 April 2021\",\"from_to_HRFSHORT\":\"22 Apr \\u2013 22 Apr 2021\"},\"alert\":\"Livestream\",\"partof\":[\"20432\"],\"marketing_topic\":{\"title\":\"SITE SPECIFICS\",\"ID\":\"20432\",\"reason\":\"sequence\"}}<\/script>\n\t\t<div class=\"container-fluid block-live\" v-if=\"doAppear\" v-bind:class=\"{'isLive': isLive}\">\n\t\t\t<section class=\"block block-event-header-highlight block-fullscreen-first\">\n\t<div class=\"block-event-header-highlight-image\">\n\t\t\t\t<block-header inline-template>\n\t\t\t<div>\n\t\t\t<figure role=\"group\" aria-labelledby=\"m_69f4889b8b34d\">\n<script type=\"application\/json\" ref=\"data\">\n{\n\"sizes_d\" : {\"medium\":{\"file\":\"Tastlbuch-0-01-07-24-300x169.jpg\",\"width\":300,\"height\":169,\"mime-type\":\"image\\\/jpeg\"},\"large\":{\"file\":\"Tastlbuch-0-01-07-24-1024x576.jpg\",\"width\":1024,\"height\":576,\"mime-type\":\"image\\\/jpeg\"},\"thumbnail\":{\"file\":\"Tastlbuch-0-01-07-24-150x150.jpg\",\"width\":150,\"height\":150,\"mime-type\":\"image\\\/jpeg\"},\"medium_large\":{\"file\":\"Tastlbuch-0-01-07-24-768x432.jpg\",\"width\":768,\"height\":432,\"mime-type\":\"image\\\/jpeg\"},\"small\":{\"file\":\"Tastlbuch-0-01-07-24-440x248.jpg\",\"width\":440,\"height\":248,\"mime-type\":\"image\\\/jpeg\"},\"semi\":{\"file\":\"Tastlbuch-0-01-07-24-580x326.jpg\",\"width\":580,\"height\":326,\"mime-type\":\"image\\\/jpeg\"},\"mobile\":{\"file\":\"Tastlbuch-0-01-07-24-720x405.jpg\",\"width\":720,\"height\":405,\"mime-type\":\"image\\\/jpeg\"},\"hd\":{\"file\":\"Tastlbuch-0-01-07-24-1280x720.jpg\",\"width\":1280,\"height\":720,\"mime-type\":\"image\\\/jpeg\"},\"full\":{\"file\":\"Tastlbuch-0-01-07-24-1920x1080.jpg\",\"width\":1920,\"height\":1080,\"mime-type\":\"image\\\/jpeg\"},\"1536x1536\":{\"file\":\"Tastlbuch-0-01-07-24-1536x864.jpg\",\"width\":1536,\"height\":864,\"mime-type\":\"image\\\/jpeg\"},\"original\":{\"file\":\"Tastlbuch-0-01-07-24.jpg\",\"width\":2000,\"height\":1125}},\n\"alt_d\" : \"\",\n\"path_d\" : \"\\\/wp-content\\\/uploads\\\/2020\\\/12\\\/\",\n\"autoplay_d\" : null,\n\"crop_d\" : {\"top\":\"50.00\",\"left\":\"50.00\"},\n\"background_d\" : true,\n\n\"sizes_m\" : [],\n\"alt_m\" : null,\n\"path_m\" : null,\n\"autoplay_m\" : null,\n\"crop_m\" : null,\n\"background_m\" : true,\n\n\"has_mobile_format\" : false,\n\n\"youtube\" : \"https:\/\/www.youtube.com\/watch?v=pNDAopwcoX8\",\n\"autoplay\" : true,\n\"video\" : \"youtube\"\n}\n<\/script>\n\t\t\t\t<div class=\"height-container\" style=\"padding-bottom:56.25%;\" v-if=\"sizes\" data-motion-parallax='{\"child\":\".image-wrapper\",\"tween\":{\"yPercent\": [-15,15]}}'>\n\t\t\t\t\t<lazy-media v-bind:class=\"{'inactive-play-button' : $parent.eventTime === 'before'}\" :inline=\"true\" :alt=\"alt\" :sizes=\"sizes\" :brightness=\"brightness\" :path=\"path\" :video=\"$parent.video\" :autoplay=\"autoplay\" :youtube=\"$parent.youtube\" :crop=\"crop\" :youtubelabel=\"$parent.youtubelabel\" :background=\"background\" media-id=\"m_69f4889b8b34d\"><\/lazy-media>\n\t\t\t\t<\/div>\n\t\t\t\t\n\t\t\t\t\t\t\t\t\t<calendardateline v-if=\"$parent.item\" :rawitem='$parent.item' :show-icon=\"true\" template=\"alert\" :force-countdown=\"true\" force-date=\"Livestream\"><\/calendardateline>\n\t\t\t\t\n\t\t\t\t<div class=\"block-event-header-highlight-shadow\"><\/div>\n\t\t\t\t<div class=\"container-fluid block-event-header-highlight-text\">\n\t\t\t\t\t<div class=\"row center-xs bottom-xs\">\n\t\t\t\t\t\t<div class=\"col-xs-12 col-md-8\">\n\t\t\t\t\t\t\t<div class=\"box no-link-style-area\">\n\t\t\t\t\t\t\t\t\t<div class=\"subline\">Discourse, Literature<\/div>\n\t<a href=\"https:\/\/www.humboldtforum.org\/en\/programm\/termin\/discourse\/vom-kloster-zum-humboldt-forum-20435\/\"><h1 class=\"h1 \">Look, Listen and Feel<\/h1><\/a>\n\n\n\n<div class=\"Untertitel margin-bottom-sixth\">\n\t\t\tAn inclusive book, and much more\t\t\n\n\t\n\t\t\t\t\t<\/div>\n\n\n\t\t\t\t\t\t\t<\/div>\n\t\t\t\t\t\t<\/div>\n\t\t\t\t\t<\/div>\n\t\t\t\t<\/div>\n\t\t\t<\/figure>\n\n\t\t\t\t\n\t\t\t<\/div>\n\t\t<\/block-header>\n\t<\/div>\n<\/section>\t\t<\/div>\n\t<\/section>\n<\/calendardetail>\n\n\n<section class=\"block block-nba\">\n    <div class=\"container-fluid\">\n        <div class=\"row\">\n            <div class=\"col-xs-12\">\n                <div class=\"box\">\n\t\t\t\t\t\t\t\t\t\t\t\t\t<a href=\"https:\/\/www.youtube.com\/watch?v=z8hCSn11TkI\" class=\"nba-button\" role=\"button\" target=\"_blank\">\n\t\t\t\t\t\t\t\t\t<div class=\"subline\">DGS<\/div>\n\t\t\t\t\t\t\t\t\t<div class=\"button-label\">Watch in German Sign Language<\/div>\n\t\t\t\t\t\t\t\t<\/a>\n\t\t\t\t\t\t\t\t\t\t\t\t\t\t\t<a href=\"https:\/\/www.youtube.com\/watch?v=xnLGFxz3k58\" class=\"nba-button\" role=\"button\" target=\"_blank\">\n\t\t\t\t\t\t\t\t\t<div class=\"subline\">LS<\/div>\n\t\t\t\t\t\t\t\t\t<div class=\"button-label\">Watch in German Leichte Sprache<\/div>\n\t\t\t\t\t\t\t\t<\/a>\n\t\t\t\t\t\t\t\t\t\t\t\t\t\t\t<a href=\"https:\/\/www.youtube.com\/watch?v=9P2qTyqJobE\" class=\"nba-button\" role=\"button\" target=\"_blank\">\n\t\t\t\t\t\t\t\t\t<div class=\"subline\">CC<\/div>\n\t\t\t\t\t\t\t\t\t<div class=\"button-label\">Watch with German closed captions<\/div>\n\t\t\t\t\t\t\t\t<\/a>\n\t\t\t\t\t\t\t                <\/div>\n            <\/div>\n        <\/div>\n    <\/div>\n<\/section>\n\n<section class=\"block block-teaser col-lane33 \" style=\"\">\n\t\t\t\t\t\t<teaser-lane-with-buttons inline-template tracking-label=\"\">\n\t\t\t\t<div>\n\t\t\t\t\t<div class=\"container-fluid\">\n\t\t\t\t\t\t<div class=\"row middle-xs\">\n\t\t\t\t\t\t\t<div class=\"col-xs-10 col-sm-8\">\n\t\t\t\t\t\t\t\t\t\t\t\t\t\t\t<\/div>\n\t\t\t\t\t\t\t<div class=\"col-xs-2 col-sm-4 end-xs margin-bottom-sixth\">\n\t\t\t\t\t\t\t\t<teaser-lane-buttons :visible_prev=\"visible_prev\" :visible_next=\"visible_next\" @prev=\"prev\" @next=\"next\"><\/teaser-lane-buttons>\n\t\t\t\t\t\t\t<\/div>\n\t\t\t\t\t\t<\/div>\n\t\t\t\t\t<\/div>\n\t\t\t\t\t<div class=\"teaser-lane-wrapper\">\n\t\t\t\t\t\t<ul class=\"teaser-lane\">\n\t\t\t\t\t\t<li class=\"teaser-lane-slide col-xs-10 col-sm-8 col-md-4 teaser-wrapper col-padding-remove\">\n\t<div class=\"box\">\n\t\t<div class=\"teaser teaser-info\">\n\t\t\t<div class=\"box teaser-info-box\">\n\t\t\t\t<div>\n\t\t\t\t\t\t\t\t\t\t\t<div class=\"teaser-info-image\">\n\t\t\t\t\t\t\t<img decoding=\"async\" class=\"teaser-inline-svg\" alt=\"Piktogramm Join the discussion\" src=\"https:\/\/www.humboldtforum.org\/wp-content\/uploads\/2020\/12\/comment.svg\">\n\t\t\t\t\t\t<\/div>\n\t\t\t\t\t\t\t\t\t\t<div class=\"teaser-header h6\">Join the discussion<\/div>\n\t\t\t\t\t<div class=\"teaser-info-copy Teaser-copy\"><p>As soon as the event has started you can easily pose a question online directly in your browser on your smartphone, tablet or computer.<\/p>\n<\/div>\n\t\t\t\t<\/div>\n\t\t\t\t\n\t\t\t\t\t\t\t\t\t<div class=\"copy\">\n\t\t\t\t\t\t<a class=\"Button\" href=\"https:\/\/voxr.com\/humboldtforum\"><span>Ask question<\/span><\/a>\n\t\t\t\t\t<\/div>\n\t\t\t\t\t\t\t<\/div>\n\t\t<\/div>\n\t<\/div>\n<\/li><li class=\"teaser-lane-slide col-xs-10 col-sm-8 col-md-4 teaser-wrapper col-padding-remove\">\n\t<div class=\"box\">\n\t\t<div class=\"teaser teaser-info\">\n\t\t\t<div class=\"box teaser-info-box\">\n\t\t\t\t<div>\n\t\t\t\t\t\t\t\t\t\t\t<div class=\"teaser-info-image\">\n\t\t\t\t\t\t\t<img decoding=\"async\" class=\"teaser-inline-svg\" alt=\"Piktogramm Live broadcast\" src=\"https:\/\/www.humboldtforum.org\/wp-content\/uploads\/2021\/04\/play.svg\">\n\t\t\t\t\t\t<\/div>\n\t\t\t\t\t\t\t\t\t\t<div class=\"teaser-header h6\">Live broadcast<\/div>\n\t\t\t\t\t<div class=\"teaser-info-copy Teaser-copy\"><p>The livestream starts ten minutes before the event and can be accessed afterwards as a video. If the livestream does not start, you can also follow the event live on our YouTube channel.<\/p>\n<\/div>\n\t\t\t\t<\/div>\n\t\t\t\t\n\t\t\t\t\t\t\t\t\t<div class=\"copy\">\n\t\t\t\t\t\t<a class=\"Button\" href=\"https:\/\/www.youtube.com\/channel\/UCmEctwtyMRN_o6cILZDczXw\"><span>Watch livestream on YouTube<\/span><\/a>\n\t\t\t\t\t<\/div>\n\t\t\t\t\t\t\t<\/div>\n\t\t<\/div>\n\t<\/div>\n<\/li><li class=\"teaser-lane-slide col-xs-10 col-sm-8 col-md-4 teaser-wrapper col-padding-remove\">\n\t<div class=\"box\">\n\t\t<div class=\"teaser teaser-info\">\n\t\t\t<div class=\"box teaser-info-box\">\n\t\t\t\t<div>\n\t\t\t\t\t\t\t\t\t\t\t<div class=\"teaser-info-image\">\n\t\t\t\t\t\t\t<img decoding=\"async\" class=\"teaser-inline-svg\" alt=\"Piktogramm YouTube\" src=\"https:\/\/www.humboldtforum.org\/wp-content\/uploads\/2020\/12\/youtube.svg\">\n\t\t\t\t\t\t<\/div>\n\t\t\t\t\t\t\t\t\t\t<div class=\"teaser-header h6\">YouTube<\/div>\n\t\t\t\t\t<div class=\"teaser-info-copy Teaser-copy\"><p>Subscribe to our YouTube channel and never miss out on the latest Humboldt Forum videos.<\/p>\n<\/div>\n\t\t\t\t<\/div>\n\t\t\t\t\n\t\t\t\t\t\t\t\t\t<div class=\"copy\">\n\t\t\t\t\t\t<a class=\"Button\" href=\"https:\/\/www.youtube.com\/channel\/UCmEctwtyMRN_o6cILZDczXw\"><span>Subscribe now<\/span><\/a>\n\t\t\t\t\t<\/div>\n\t\t\t\t\t\t\t<\/div>\n\t\t<\/div>\n\t<\/div>\n<\/li><li class=\"teaser-lane-slide col-xs-10 col-sm-8 col-md-4 teaser-wrapper col-padding-remove\">\n\t<div class=\"box\">\n\t\t<div class=\"teaser teaser-info\">\n\t\t\t<div class=\"box teaser-info-box\">\n\t\t\t\t<div>\n\t\t\t\t\t\t\t\t\t\t\t<div class=\"teaser-info-image\">\n\t\t\t\t\t\t\t<img decoding=\"async\" class=\"teaser-inline-svg\" alt=\"Piktogramm Newsletter\" src=\"https:\/\/www.humboldtforum.org\/wp-content\/uploads\/2020\/11\/mail.svg\">\n\t\t\t\t\t\t<\/div>\n\t\t\t\t\t\t\t\t\t\t<div class=\"teaser-header h6\">Newsletter<\/div>\n\t\t\t\t\t<div class=\"teaser-info-copy Teaser-copy\"><div>\n<div class=\"teaser-info-copy Teaser-copy\">\n<p>Stay up-to-date with our newsletter.<\/p>\n<\/div>\n<\/div>\n<\/div>\n\t\t\t\t<\/div>\n\t\t\t\t\n\t\t\t\t\t\t\t\t\t<div class=\"copy\">\n\t\t\t\t\t\t<a class=\"Button\" href=\"https:\/\/www.humboldtforum.org\/en\/newsletter\/\"><span>Subscribe now<\/span><\/a>\n\t\t\t\t\t<\/div>\n\t\t\t\t\t\t\t<\/div>\n\t\t<\/div>\n\t<\/div>\n<\/li>\t\t\t\t\t\t<\/ul>\n\t\t\t\t\t<\/div>\n\t\t\t\t<\/div>\n\t\t\t<\/teaser-lane-with-buttons>\n\t\t\t<\/section>\n\n<section class=\"block block-teaser col-lane33 \" style=\"\">\n\t<lazy-component :fixed-min-height=\"400\">\n\t\n\t\t\t\t\t<teaser-lane-with-buttons inline-template tracking-label=\"Part of\">\n\t\t\t\t<div class=\"teaser-lane-with-buttons\">\n\t\t\t\t\t<div class=\"container-fluid\">\n\t\t\t\t\t\t<div class=\"row bottom-xs\">\n\t\t\t\t\t\t\t<div class=\"col-xs-12 col-md-8\">\n\t\t\t\t\t\t\t\t\t\t\t\t\t\t\t\t\t<h4>Part of<\/h4>\t\t\t\t\t\t\t\t\t\t\t\t\t\t\t\t\t\t\t\t\t\t\t\t<\/div>\n\t\t\t\t\t\t\t<div class=\"col-xs-12 col-md-4 start-xs end-md margin-bottom-sixth teaser-lane-buttons-wrapper \">\n\t\t\t\t\t\t\t\t\t\t\t\t\t\t\t\t<teaser-lane-buttons :visible_prev=\"visible_prev\" :visible_next=\"visible_next\" @prev=\"prev\" @next=\"next\"><\/teaser-lane-buttons>\n\t\t\t\t\t\t\t<\/div>\n\t\t\t\t\t\t<\/div>\n\t\t\t\t\t<\/div>\n\t\t\t\t\t<div class=\"teaser-lane-wrapper\">\n\t\t\t\t\t\t<ul class=\"teaser-lane\">\n\t\t\t\t\t\t\t\t\t\t\t\t\t\t<li class=\"teaser-lane-slide col-xs-9 col-sm-4 col-md-4 teaser-wrapper col-padding-remove\">\n\t<calendarteaser key=\"2043218102\" rawitem='{&quot;postId&quot;:20432,&quot;title&quot;:&quot;SITE SPECIFICS&quot;,&quot;excerpt&quot;:&quot;&quot;,&quot;slug&quot;:&quot;sight-specifics&quot;,&quot;type&quot;:&quot;event-sequence&quot;,&quot;post_date&quot;:&quot;2020-10-23T16:33&quot;,&quot;permalink&quot;:&quot;https:\\\/\\\/www.humboldtforum.org\\\/en\\\/programm\\\/event-reihe\\\/discourse\\\/sight-specifics-20432\\\/&quot;,&quot;genre&quot;:[566],&quot;genre_details&quot;:[{&quot;text&quot;:&quot;Discourse&quot;,&quot;id&quot;:566,&quot;icon&quot;:null,&quot;parent&quot;:0}],&quot;topic&quot;:[590],&quot;topic_details&quot;:[{&quot;text&quot;:&quot;History and Architecture of the Site&quot;,&quot;id&quot;:590,&quot;icon&quot;:null,&quot;parent&quot;:0}],&quot;stakeholder&quot;:[595],&quot;stakeholder_details&quot;:[{&quot;text&quot;:&quot;Stiftung Humboldt Forum im Berliner Schloss&quot;,&quot;id&quot;:595,&quot;icon&quot;:null,&quot;parent&quot;:0}],&quot;targetgroup&quot;:[585],&quot;targetgroup_details&quot;:[{&quot;text&quot;:&quot;Adults&quot;,&quot;id&quot;:585,&quot;icon&quot;:null,&quot;parent&quot;:0}],&quot;icon_overwrite&quot;:&quot;&quot;,&quot;acf&quot;:{&quot;shorturl&quot;:&quot;sight-specifics&quot;,&quot;marketing_text&quot;:&quot;Learn more about the history of the site&quot;,&quot;shorttext&quot;:&quot;Since 2016, the SITE SPECIFICS event series has focused on the complex history and architecture of the site where the Humboldt Forum now stands.&quot;,&quot;highlight_header&quot;:false,&quot;featured_images&quot;:[163368],&quot;events&quot;:[35067,20435,128844,135801,140335,147300,149824,157291,163314],&quot;tipp&quot;:false,&quot;joker&quot;:false,&quot;live&quot;:false,&quot;announcement&quot;:&quot;Event series&quot;,&quot;hyphenation&quot;:true,&quot;overwrite_date&quot;:&quot;Event series&quot;,&quot;belongsto&quot;:false,&quot;noindex&quot;:false,&quot;keywords&quot;:&quot;&quot;,&quot;additional_info&quot;:{&quot;icon&quot;:&quot;0&quot;,&quot;text&quot;:&quot;&quot;},&quot;use_video_in_teasers&quot;:false,&quot;manual_period&quot;:false,&quot;hide_event_in_program&quot;:false},&quot;date&quot;:{&quot;NLAST&quot;:&quot;202606111900&quot;,&quot;NX&quot;:&quot;20260611&quot;,&quot;NXX&quot;:&quot;202606111900&quot;,&quot;from_DATE&quot;:&quot;20210422 19:00&quot;,&quot;from&quot;:1619103600,&quot;to&quot;:1781190000,&quot;to_DATE&quot;:&quot;20260611 19:00&quot;,&quot;from_HRFSHORT&quot;:&quot;22 Apr 2021&quot;,&quot;from_HRFSHORT_WD&quot;:&quot;Thu 22\\\/04\\\/2021&quot;,&quot;to_HRFSHORT&quot;:&quot;11 Jun 2026&quot;,&quot;to_HRFSHORT_WD&quot;:&quot;Thu 11\\\/06\\\/2026&quot;,&quot;from_HRF&quot;:&quot;Thu, 22 April 2021&quot;,&quot;to_HRF&quot;:&quot;Thu, 11 June 2026&quot;,&quot;from_to_HRF&quot;:&quot;Thu, 22 April 2021 \\u2013 Thu, 11 June 2026&quot;,&quot;from_to_HRFSHORT&quot;:&quot;22 Apr 2021 \\u2013 11 Jun 2026&quot;},&quot;alert&quot;:null,&quot;partof&quot;:[],&quot;marketing_topic&quot;:&quot;&quot;}' inline-template>\n\t<a href=\"https:\/\/www.humboldtforum.org\/en\/programm\/event-reihe\/discourse\/sight-specifics-20432\/\" class=\"teaser teaser-event-sequence teaser-event-standard\">\n\t\t<div class=\"row\">\n\t\t\t<div class=\"col-xs-12 teaser-event-image\">\n\t\t\t\t<div class=\"teaser-image teaser-image-no-alternate\">\n\t\t\t\t\t\t\t\t\t\t\t\n\t<lazy-media-inline inline-template>\n\t\t<figure itemscope itemtype=\"http:\/\/schema.org\/ImageObject\" class=\"lazy-media-inline \" role=\"group\" id=\"media_69f4889bc5f4b\" aria-labelledby=\"desc_media_69f4889bc5f4b\">\n\t\t\t<script type=\"application\/json\" ref=\"data\">\n\t\t\t\t{\n\t\t\t\t\"sizes\" : {\"medium\":{\"file\":\"SHF_eb00257461-300x300.jpg\",\"width\":300,\"height\":300,\"mime-type\":\"image\\\/jpeg\",\"filesize\":22677},\"large\":{\"file\":\"SHF_eb00257461-1024x1024.jpg\",\"width\":1024,\"height\":1024,\"mime-type\":\"image\\\/jpeg\",\"filesize\":226553},\"thumbnail\":{\"file\":\"SHF_eb00257461-150x150.jpg\",\"width\":150,\"height\":150,\"mime-type\":\"image\\\/jpeg\",\"filesize\":7111},\"medium_large\":{\"file\":\"SHF_eb00257461-768x768.jpg\",\"width\":768,\"height\":768,\"mime-type\":\"image\\\/jpeg\",\"filesize\":125308},\"small\":{\"file\":\"SHF_eb00257461-440x440.jpg\",\"width\":440,\"height\":440,\"mime-type\":\"image\\\/jpeg\",\"filesize\":43982},\"semi\":{\"file\":\"SHF_eb00257461-580x580.jpg\",\"width\":580,\"height\":580,\"mime-type\":\"image\\\/jpeg\",\"filesize\":73797},\"mobile\":{\"file\":\"SHF_eb00257461-720x720.jpg\",\"width\":720,\"height\":720,\"mime-type\":\"image\\\/jpeg\",\"filesize\":110325},\"hd\":{\"file\":\"SHF_eb00257461-1280x1280.jpg\",\"width\":1280,\"height\":1280,\"mime-type\":\"image\\\/jpeg\",\"filesize\":369582},\"full\":{\"file\":\"SHF_eb00257461-1920x1920.jpg\",\"width\":1920,\"height\":1920,\"mime-type\":\"image\\\/jpeg\",\"filesize\":918499},\"1536x1536\":{\"file\":\"SHF_eb00257461-1536x1536.jpg\",\"width\":1536,\"height\":1536,\"mime-type\":\"image\\\/jpeg\",\"filesize\":558444},\"2048x2048\":{\"file\":\"SHF_eb00257461-2048x2048.jpg\",\"width\":2048,\"height\":2048,\"mime-type\":\"image\\\/jpeg\",\"filesize\":1057597},\"original\":{\"file\":\"SHF_eb00257461.jpg\",\"width\":3551,\"height\":3551}},\n\t\t\t\t\"alt\" : \"Three ancient statues stand in front of a modern building with the Berlin TV Tower in the background. Black-and-white photo.\",\n\t\t\t\t\"path\" : \"\\\/wp-content\\\/uploads\\\/2020\\\/10\\\/\",\n\t\t\t\t\"video\" : null,\n\t\t\t\t\"autoplay\" : null,\n\t\t\t\t\"youtube\" : null,\n\t\t\t\t\"youtubelabel\" : \"Play video\",\n\t\t\t\t\"brightness\" : 100,\n\t\t\t\t\"crop\" : null,\n\t\t\t\t\"background\" : true,\n\t\t\t\t\"scale\" : 1\t\t\t\t}\n\t\t\t<\/script>\n\n\t\t\t<div class=\"height-container\" style=\"padding-bottom:100%;\" v-if=\"sizes\">\n\t\t\t\t\t\t\t\t<lazy-media :inline=\"true\" :alt=\"alt\" :sizes=\"sizes\" :scale=\"scale\" :brightness=\"brightness\" :path=\"path\" :video=\"video\" :autoplay=\"autoplay\" :youtube=\"youtube\" :crop=\"crop\" :youtubelabel=\"youtubelabel\" :background=\"background\" media-id=\"desc_media_69f4889bc5f4b\"><\/lazy-media>\n\t\t\t\t\t\t\t<\/div>\n\n\t\t\t\t\t\t\t<figcaption class=\"sr-only\" ref=\"body\" id=\"desc_media_69f4889bc5f4b\">\n\t\t\t\t\t\t\t\t\t\t\t<div>Palastskulpturen, 1994\n<\/div>\n\t\t\t\t\t\t\t\t\t\t\t\t\t\t\t\t\t\t\t\t\t<div class=\"insignificant\">\u00a9 Christian von Steffelin<\/div>\n\t\t\t\t\t\t\t\t\t<\/figcaption>\n\t\t\t\t\t<\/figure>\n\t<\/lazy-media-inline>\n\t\t\t\t<\/div>\n\t\t\t<\/div>\n\t\t\t<div class=\"col-xs-12 teaser-event-text Infos\">\n\t\t\t\t<div class=\"teaser-event-standard-text\">\n\t\t\t\t\t<div class=\"margin-bottom-atom\">\n\t\t\t\t\t\t<div class=\"subline clamp-1\" v-html=\"maingenre\"><\/div>\n\t\t\t\t\t\t\t\t\t\t\t<\/div>\n\t\t\t\t\n\t\t\t\t\t<strong class=\"margin-bottom-atom\">SITE SPECIFICS<\/strong>\n\n\t\t\t\t\t\t\t\t\t\t\t<div class=\"\">Learn more about the history of the site<\/div>\n\t\t\t\t\t\t\t\t\t<\/div>\n\t\t\t\t<div class=\"teaser-bottom border-bottom\">\n\t\t\t\t<calendardateline :rawitem='item' :show-icon=\"true\"><\/calendardateline>\n\t\t\t\t\t<hr>\n\t\t\t\t<\/div>\n\t\t\t<\/div>\n\t\t<\/div>\n\t<\/a>\n\t<\/calendarteaser>\n<\/li>\n\n\t\t\t\t\t\t<\/ul>\n\t\t\t\t\t<\/div>\n\t\t\t\t<\/div>\n\t\t\t<\/teaser-lane-with-buttons>\n\t\t\t\t<\/lazy-component>\n<\/section>\n\n","protected":false},"template":"","genre":[566,574],"digital":[873],"topic":[590],"stakeholder":[595],"editorial":[],"editorialfilter":[735],"targetgroup":[585],"language":[579,736,749,1196],"accessability":[1466],"age":[],"school":[],"groupsize":[],"place":[605],"class_list":["post-20435","event","type-event","status-publish","has-post-thumbnail","hentry","genre-discourse","genre-literature","digital-livestream-en","topic-history-and-architecture-of-the-site","stakeholder-stiftung-humboldt-forum-im-berliner-schloss-en","editorialfilter-inklusiv-en","targetgroup-adults","language-german","language-german-sign-language","language-live-subtitles","language-plain-german","accessability-einfache-sprache-en","place-online-event"],"acf":[],"_links":{"self":[{"href":"https:\/\/www.humboldtforum.org\/en\/wp-json\/wp\/v2\/event\/20435","targetHints":{"allow":["GET"]}}],"collection":[{"href":"https:\/\/www.humboldtforum.org\/en\/wp-json\/wp\/v2\/event"}],"about":[{"href":"https:\/\/www.humboldtforum.org\/en\/wp-json\/wp\/v2\/types\/event"}],"version-history":[{"count":0,"href":"https:\/\/www.humboldtforum.org\/en\/wp-json\/wp\/v2\/event\/20435\/revisions"}],"wp:featuredmedia":[{"embeddable":true,"href":"https:\/\/www.humboldtforum.org\/en\/wp-json\/wp\/v2\/media\/16112"}],"wp:attachment":[{"href":"https:\/\/www.humboldtforum.org\/en\/wp-json\/wp\/v2\/media?parent=20435"}],"wp:term":[{"taxonomy":"genre","embeddable":true,"href":"https:\/\/www.humboldtforum.org\/en\/wp-json\/wp\/v2\/genre?post=20435"},{"taxonomy":"digital","embeddable":true,"href":"https:\/\/www.humboldtforum.org\/en\/wp-json\/wp\/v2\/digital?post=20435"},{"taxonomy":"topic","embeddable":true,"href":"https:\/\/www.humboldtforum.org\/en\/wp-json\/wp\/v2\/topic?post=20435"},{"taxonomy":"stakeholder","embeddable":true,"href":"https:\/\/www.humboldtforum.org\/en\/wp-json\/wp\/v2\/stakeholder?post=20435"},{"taxonomy":"editorial","embeddable":true,"href":"https:\/\/www.humboldtforum.org\/en\/wp-json\/wp\/v2\/editorial?post=20435"},{"taxonomy":"editorialfilter","embeddable":true,"href":"https:\/\/www.humboldtforum.org\/en\/wp-json\/wp\/v2\/editorialfilter?post=20435"},{"taxonomy":"targetgroup","embeddable":true,"href":"https:\/\/www.humboldtforum.org\/en\/wp-json\/wp\/v2\/targetgroup?post=20435"},{"taxonomy":"language","embeddable":true,"href":"https:\/\/www.humboldtforum.org\/en\/wp-json\/wp\/v2\/language?post=20435"},{"taxonomy":"accessability","embeddable":true,"href":"https:\/\/www.humboldtforum.org\/en\/wp-json\/wp\/v2\/accessability?post=20435"},{"taxonomy":"age","embeddable":true,"href":"https:\/\/www.humboldtforum.org\/en\/wp-json\/wp\/v2\/age?post=20435"},{"taxonomy":"school","embeddable":true,"href":"https:\/\/www.humboldtforum.org\/en\/wp-json\/wp\/v2\/school?post=20435"},{"taxonomy":"groupsize","embeddable":true,"href":"https:\/\/www.humboldtforum.org\/en\/wp-json\/wp\/v2\/groupsize?post=20435"},{"taxonomy":"place","embeddable":true,"href":"https:\/\/www.humboldtforum.org\/en\/wp-json\/wp\/v2\/place?post=20435"}],"curies":[{"name":"wp","href":"https:\/\/api.w.org\/{rel}","templated":true}]}}