{"id":24469,"date":"2021-06-14T11:22:48","date_gmt":"2021-06-14T09:22:48","guid":{"rendered":"https:\/\/www.humboldtforum.org\/programm\/termin\/other-en\/endlich-offen-24469\/"},"modified":"2021-07-23T09:49:37","modified_gmt":"2021-07-23T07:49:37","slug":"finally-open","status":"publish","type":"event","link":"https:\/\/www.humboldtforum.org\/en\/programm\/termin\/opening\/finally-open-24469\/","title":{"rendered":"Finally open!"},"content":{"rendered":"<section class=\"block block-headline \" >\n\t<div class=\"container-fluid\">\n\t\t<div class=\"row\">\n\t\t\t\t\t\t\t<div class=\"col-xs-12 col-md-offset-2 col-md-8\">\n\t\t\t\t\t<div class=\"box\">\n\t\t\t\t\t\t<h2 class=\".h2\">One forum \u2013 six exhibitions: Starting 20 July 2021 the Humboldt Forum will be open!<\/h2>\n\t\t\t\t\t<\/div>\n\t\t\t\t<\/div>\n\t\t\t\t\t<\/div>\n\t<\/div>\n<\/section>\n\n\n\n\n\n<section class=\"block block-gallery-moderated\" >\n\t<block-gallery-moderated inline-template>\n\t\t<div>\n\t\t\t<div class=\"block-gallery-moderated-video\" :class=\"{ firstLoaded: firstLoaded }\">\n\t<script type=\"application\/json\" ref=\"data\">\n\t\t{\n\t\t\t\"images\" : [{\"id\":0,\"width\":1920,\"height\":1080,\"alt\":\"A fully illuminated room with blue curtains and colorful light projections.\",\"title\":\"\",\"description\":\"\",\"label\":\"\",\"copyright\":\"Humboldt-Universit\\u00e4t zu Berlin, schnellebuntebilder \\\/ Video: Philipp Plum\",\"path\":\"\\\/wp-content\\\/uploads\\\/2020\\\/10\\\/\",\"sizes\":{\"medium\":{\"file\":\"HU-Fischschwarm-WEB-300x169.jpg\",\"width\":300,\"height\":169,\"mime-type\":\"image\\\/jpeg\"},\"large\":{\"file\":\"HU-Fischschwarm-WEB-1024x576.jpg\",\"width\":1024,\"height\":576,\"mime-type\":\"image\\\/jpeg\"},\"thumbnail\":{\"file\":\"HU-Fischschwarm-WEB-150x150.jpg\",\"width\":150,\"height\":150,\"mime-type\":\"image\\\/jpeg\"},\"medium_large\":{\"file\":\"HU-Fischschwarm-WEB-768x432.jpg\",\"width\":768,\"height\":432,\"mime-type\":\"image\\\/jpeg\"},\"small\":{\"file\":\"HU-Fischschwarm-WEB-440x248.jpg\",\"width\":440,\"height\":248,\"mime-type\":\"image\\\/jpeg\"},\"semi\":{\"file\":\"HU-Fischschwarm-WEB-580x326.jpg\",\"width\":580,\"height\":326,\"mime-type\":\"image\\\/jpeg\"},\"mobile\":{\"file\":\"HU-Fischschwarm-WEB-720x405.jpg\",\"width\":720,\"height\":405,\"mime-type\":\"image\\\/jpeg\"},\"hd\":{\"file\":\"HU-Fischschwarm-WEB-1280x720.jpg\",\"width\":1280,\"height\":720,\"mime-type\":\"image\\\/jpeg\"},\"1536x1536\":{\"file\":\"HU-Fischschwarm-WEB-1536x864.jpg\",\"width\":1536,\"height\":864,\"mime-type\":\"image\\\/jpeg\"},\"original\":{\"file\":\"HU-Fischschwarm-WEB.jpg\",\"width\":1920,\"height\":1080}},\"autoplay\":\"https:\\\/\\\/www.humboldtforum.org\\\/wp-content\\\/uploads\\\/2020\\\/10\\\/HU-Fischschwarm-desktop.mp4\"},{\"id\":1,\"width\":1536,\"height\":864,\"alt\":\"A child plays at a table with yellow decorative wooden figures and shapes.\",\"title\":\"\",\"description\":\"\",\"label\":\"\",\"copyright\":\"Stiftung Humboldt Forum im Berliner Schloss \\\/ Photo: Alexander Schippel\",\"path\":\"\\\/wp-content\\\/uploads\\\/2020\\\/11\\\/\",\"sizes\":{\"medium\":{\"file\":\"SHF_eb00110309_desktop-300x169.jpg\",\"width\":300,\"height\":169,\"mime-type\":\"image\\\/jpeg\"},\"large\":{\"file\":\"SHF_eb00110309_desktop-1024x576.jpg\",\"width\":1024,\"height\":576,\"mime-type\":\"image\\\/jpeg\"},\"thumbnail\":{\"file\":\"SHF_eb00110309_desktop-150x150.jpg\",\"width\":150,\"height\":150,\"mime-type\":\"image\\\/jpeg\"},\"medium_large\":{\"file\":\"SHF_eb00110309_desktop-768x432.jpg\",\"width\":768,\"height\":432,\"mime-type\":\"image\\\/jpeg\"},\"small\":{\"file\":\"SHF_eb00110309_desktop-440x248.jpg\",\"width\":440,\"height\":248,\"mime-type\":\"image\\\/jpeg\"},\"semi\":{\"file\":\"SHF_eb00110309_desktop-580x326.jpg\",\"width\":580,\"height\":326,\"mime-type\":\"image\\\/jpeg\"},\"mobile\":{\"file\":\"SHF_eb00110309_desktop-720x405.jpg\",\"width\":720,\"height\":405,\"mime-type\":\"image\\\/jpeg\"},\"hd\":{\"file\":\"SHF_eb00110309_desktop-1280x720.jpg\",\"width\":1280,\"height\":720,\"mime-type\":\"image\\\/jpeg\"},\"original\":{\"file\":\"SHF_eb00110309_desktop.jpg\",\"width\":1536,\"height\":864}},\"autoplay\":false},{\"id\":2,\"width\":2048,\"height\":1366,\"alt\":\"Modern exhibition with orange walls, displays, and visitors in an interior.\",\"title\":\"\",\"description\":\"\",\"label\":\"\",\"copyright\":\"Stiftung Humboldt Forum im Berliner Schloss \\\/ Photo: Florian Gaertner, photothek.de\",\"path\":\"\\\/wp-content\\\/uploads\\\/2021\\\/07\\\/\",\"sizes\":{\"medium\":{\"file\":\"SHF_eb00112209-300x200.jpg\",\"width\":300,\"height\":200,\"mime-type\":\"image\\\/jpeg\"},\"large\":{\"file\":\"SHF_eb00112209-1024x683.jpg\",\"width\":1024,\"height\":683,\"mime-type\":\"image\\\/jpeg\"},\"thumbnail\":{\"file\":\"SHF_eb00112209-150x150.jpg\",\"width\":150,\"height\":150,\"mime-type\":\"image\\\/jpeg\"},\"medium_large\":{\"file\":\"SHF_eb00112209-768x512.jpg\",\"width\":768,\"height\":512,\"mime-type\":\"image\\\/jpeg\"},\"small\":{\"file\":\"SHF_eb00112209-440x293.jpg\",\"width\":440,\"height\":293,\"mime-type\":\"image\\\/jpeg\"},\"semi\":{\"file\":\"SHF_eb00112209-580x387.jpg\",\"width\":580,\"height\":387,\"mime-type\":\"image\\\/jpeg\"},\"mobile\":{\"file\":\"SHF_eb00112209-720x480.jpg\",\"width\":720,\"height\":480,\"mime-type\":\"image\\\/jpeg\"},\"hd\":{\"file\":\"SHF_eb00112209-1280x854.jpg\",\"width\":1280,\"height\":854,\"mime-type\":\"image\\\/jpeg\"},\"full\":{\"file\":\"SHF_eb00112209-1920x1281.jpg\",\"width\":1920,\"height\":1281,\"mime-type\":\"image\\\/jpeg\"},\"1536x1536\":{\"file\":\"SHF_eb00112209-1536x1025.jpg\",\"width\":1536,\"height\":1025,\"mime-type\":\"image\\\/jpeg\"},\"original\":{\"file\":\"SHF_eb00112209.jpg\",\"width\":2048,\"height\":1366}},\"autoplay\":false},{\"id\":3,\"width\":1563,\"height\":1000,\"alt\":\"Colorful mural featuring various figures and scenes in vivid colors and artistic elements.\",\"title\":\"\",\"description\":\"\",\"label\":\"\",\"copyright\":\"\",\"path\":\"\\\/wp-content\\\/uploads\\\/2020\\\/04\\\/\",\"sizes\":{\"medium\":{\"file\":\"202002_HUF_Weltdenken_Raumansicht_02-300x192.jpg\",\"width\":300,\"height\":192,\"mime-type\":\"image\\\/jpeg\"},\"large\":{\"file\":\"202002_HUF_Weltdenken_Raumansicht_02-1024x655.jpg\",\"width\":1024,\"height\":655,\"mime-type\":\"image\\\/jpeg\"},\"thumbnail\":{\"file\":\"202002_HUF_Weltdenken_Raumansicht_02-150x150.jpg\",\"width\":150,\"height\":150,\"mime-type\":\"image\\\/jpeg\"},\"medium_large\":{\"file\":\"202002_HUF_Weltdenken_Raumansicht_02-768x491.jpg\",\"width\":768,\"height\":491,\"mime-type\":\"image\\\/jpeg\"},\"1536x1536\":{\"file\":\"202002_HUF_Weltdenken_Raumansicht_02-1536x983.jpg\",\"width\":1536,\"height\":983,\"mime-type\":\"image\\\/jpeg\"},\"original\":{\"file\":\"202002_HUF_Weltdenken_Raumansicht_02.jpg\",\"width\":1563,\"height\":1000}},\"autoplay\":false},{\"id\":4,\"width\":2000,\"height\":1152,\"alt\":\"Modern exhibition with exposed historic brick walls and a well-lit interior.\",\"title\":\"\",\"description\":\"\",\"label\":\"\",\"copyright\":\"Stiftung Humboldt Forum im Berliner Schloss \\\/ David von Becker\",\"path\":\"\\\/wp-content\\\/uploads\\\/2020\\\/10\\\/\",\"sizes\":{\"medium\":{\"file\":\"SHF_eb00101756-300x173.jpg\",\"width\":300,\"height\":173,\"mime-type\":\"image\\\/jpeg\"},\"large\":{\"file\":\"SHF_eb00101756-1024x590.jpg\",\"width\":1024,\"height\":590,\"mime-type\":\"image\\\/jpeg\"},\"thumbnail\":{\"file\":\"SHF_eb00101756-150x150.jpg\",\"width\":150,\"height\":150,\"mime-type\":\"image\\\/jpeg\"},\"medium_large\":{\"file\":\"SHF_eb00101756-768x442.jpg\",\"width\":768,\"height\":442,\"mime-type\":\"image\\\/jpeg\"},\"small\":{\"file\":\"SHF_eb00101756-440x253.jpg\",\"width\":440,\"height\":253,\"mime-type\":\"image\\\/jpeg\"},\"semi\":{\"file\":\"SHF_eb00101756-580x334.jpg\",\"width\":580,\"height\":334,\"mime-type\":\"image\\\/jpeg\"},\"mobile\":{\"file\":\"SHF_eb00101756-720x415.jpg\",\"width\":720,\"height\":415,\"mime-type\":\"image\\\/jpeg\"},\"hd\":{\"file\":\"SHF_eb00101756-1280x737.jpg\",\"width\":1280,\"height\":737,\"mime-type\":\"image\\\/jpeg\"},\"full\":{\"file\":\"SHF_eb00101756-1920x1106.jpg\",\"width\":1920,\"height\":1106,\"mime-type\":\"image\\\/jpeg\"},\"1536x1536\":{\"file\":\"SHF_eb00101756-1536x885.jpg\",\"width\":1536,\"height\":885,\"mime-type\":\"image\\\/jpeg\"},\"original\":{\"file\":\"SHF_eb00101756.jpg\",\"width\":2000,\"height\":1152}},\"autoplay\":false},{\"id\":5,\"width\":2000,\"height\":1123,\"alt\":\"Visitors stand in front of a large, creative exhibition featuring images of architecture and construction projects.\",\"title\":\"\",\"description\":\"\",\"label\":\"Video Panorama\",\"copyright\":\"Stiftung Humboldt Forum im Berliner Schloss \\\/ Harry Schnitger\",\"path\":\"\\\/wp-content\\\/uploads\\\/2020\\\/10\\\/\",\"sizes\":{\"medium\":{\"file\":\"Videopanorama-300x168.jpg\",\"width\":300,\"height\":168,\"mime-type\":\"image\\\/jpeg\"},\"large\":{\"file\":\"Videopanorama-1024x575.jpg\",\"width\":1024,\"height\":575,\"mime-type\":\"image\\\/jpeg\"},\"thumbnail\":{\"file\":\"Videopanorama-150x150.jpg\",\"width\":150,\"height\":150,\"mime-type\":\"image\\\/jpeg\"},\"medium_large\":{\"file\":\"Videopanorama-768x431.jpg\",\"width\":768,\"height\":431,\"mime-type\":\"image\\\/jpeg\"},\"small\":{\"file\":\"Videopanorama-440x247.jpg\",\"width\":440,\"height\":247,\"mime-type\":\"image\\\/jpeg\"},\"semi\":{\"file\":\"Videopanorama-580x326.jpg\",\"width\":580,\"height\":326,\"mime-type\":\"image\\\/jpeg\"},\"mobile\":{\"file\":\"Videopanorama-720x404.jpg\",\"width\":720,\"height\":404,\"mime-type\":\"image\\\/jpeg\"},\"hd\":{\"file\":\"Videopanorama-1280x719.jpg\",\"width\":1280,\"height\":719,\"mime-type\":\"image\\\/jpeg\"},\"full\":{\"file\":\"Videopanorama-1920x1078.jpg\",\"width\":1920,\"height\":1078,\"mime-type\":\"image\\\/jpeg\"},\"1536x1536\":{\"file\":\"Videopanorama-1536x862.jpg\",\"width\":1536,\"height\":862,\"mime-type\":\"image\\\/jpeg\"},\"original\":{\"file\":\"Videopanorama.jpg\",\"width\":2000,\"height\":1123}},\"autoplay\":false},{\"id\":6,\"width\":2000,\"height\":1429,\"alt\":\"Four sculptures in a modern exhibition, displayed on pedestals, show different figures.\",\"title\":\"\",\"description\":\"\",\"label\":\"&hellip;Meleager, Hercules, and Hermes.\",\"copyright\":\"Stiftung Humboldt Forum im Berliner Schloss \\\/ David von Becker\",\"path\":\"\\\/wp-content\\\/uploads\\\/2020\\\/10\\\/\",\"sizes\":{\"medium\":{\"file\":\"SHF_eb00095300-300x214.jpg\",\"width\":300,\"height\":214,\"mime-type\":\"image\\\/jpeg\"},\"large\":{\"file\":\"SHF_eb00095300-1024x732.jpg\",\"width\":1024,\"height\":732,\"mime-type\":\"image\\\/jpeg\"},\"thumbnail\":{\"file\":\"SHF_eb00095300-150x150.jpg\",\"width\":150,\"height\":150,\"mime-type\":\"image\\\/jpeg\"},\"medium_large\":{\"file\":\"SHF_eb00095300-768x549.jpg\",\"width\":768,\"height\":549,\"mime-type\":\"image\\\/jpeg\"},\"small\":{\"file\":\"SHF_eb00095300-440x314.jpg\",\"width\":440,\"height\":314,\"mime-type\":\"image\\\/jpeg\"},\"semi\":{\"file\":\"SHF_eb00095300-580x414.jpg\",\"width\":580,\"height\":414,\"mime-type\":\"image\\\/jpeg\"},\"mobile\":{\"file\":\"SHF_eb00095300-720x514.jpg\",\"width\":720,\"height\":514,\"mime-type\":\"image\\\/jpeg\"},\"hd\":{\"file\":\"SHF_eb00095300-1280x915.jpg\",\"width\":1280,\"height\":915,\"mime-type\":\"image\\\/jpeg\"},\"full\":{\"file\":\"SHF_eb00095300-1920x1372.jpg\",\"width\":1920,\"height\":1372,\"mime-type\":\"image\\\/jpeg\"},\"1536x1536\":{\"file\":\"SHF_eb00095300-1536x1097.jpg\",\"width\":1536,\"height\":1097,\"mime-type\":\"image\\\/jpeg\"},\"original\":{\"file\":\"SHF_eb00095300.jpg\",\"width\":2000,\"height\":1429}},\"autoplay\":false},{\"id\":7,\"width\":2000,\"height\":1198,\"alt\":\"Artful collage featuring historical scenes, figures, and landscapes in a retro style.\",\"title\":\"\",\"description\":\"\",\"label\":\"\",\"copyright\":\"\",\"path\":\"\\\/wp-content\\\/uploads\\\/2020\\\/10\\\/\",\"sizes\":{\"medium\":{\"file\":\"201215_Einblicke_Teaser2-300x180.jpg\",\"width\":300,\"height\":180,\"mime-type\":\"image\\\/jpeg\"},\"large\":{\"file\":\"201215_Einblicke_Teaser2-1024x613.jpg\",\"width\":1024,\"height\":613,\"mime-type\":\"image\\\/jpeg\"},\"thumbnail\":{\"file\":\"201215_Einblicke_Teaser2-150x150.jpg\",\"width\":150,\"height\":150,\"mime-type\":\"image\\\/jpeg\"},\"medium_large\":{\"file\":\"201215_Einblicke_Teaser2-768x460.jpg\",\"width\":768,\"height\":460,\"mime-type\":\"image\\\/jpeg\"},\"small\":{\"file\":\"201215_Einblicke_Teaser2-440x264.jpg\",\"width\":440,\"height\":264,\"mime-type\":\"image\\\/jpeg\"},\"semi\":{\"file\":\"201215_Einblicke_Teaser2-580x347.jpg\",\"width\":580,\"height\":347,\"mime-type\":\"image\\\/jpeg\"},\"mobile\":{\"file\":\"201215_Einblicke_Teaser2-720x431.jpg\",\"width\":720,\"height\":431,\"mime-type\":\"image\\\/jpeg\"},\"hd\":{\"file\":\"201215_Einblicke_Teaser2-1280x767.jpg\",\"width\":1280,\"height\":767,\"mime-type\":\"image\\\/jpeg\"},\"full\":{\"file\":\"201215_Einblicke_Teaser2-1920x1150.jpg\",\"width\":1920,\"height\":1150,\"mime-type\":\"image\\\/jpeg\"},\"1536x1536\":{\"file\":\"201215_Einblicke_Teaser2-1536x920.jpg\",\"width\":1536,\"height\":920,\"mime-type\":\"image\\\/jpeg\"},\"original\":{\"file\":\"201215_Einblicke_Teaser2.jpg\",\"width\":2000,\"height\":1198}},\"autoplay\":false},{\"id\":8,\"width\":2000,\"height\":1600,\"alt\":\"An exhibition area with a glass display case and a labeled panel next to a photo of people at a presentation.\",\"title\":\"\",\"description\":\"\",\"label\":\"Flashback 4 Glass ballot of the People&rsquo;s Chamber in the Palace of the Republic, 1989, on display in the Sculpture Hall.\",\"copyright\":\"Stiftung Haus der Geschichte der Bundesrepublik Deutschland \\\/ Stiftung Humboldt Forum im Berliner Schloss, Alexander Hartmann\",\"path\":\"\\\/wp-content\\\/uploads\\\/2020\\\/10\\\/\",\"sizes\":{\"medium\":{\"file\":\"SHF_eb00102035-300x240.jpg\",\"width\":300,\"height\":240,\"mime-type\":\"image\\\/jpeg\"},\"large\":{\"file\":\"SHF_eb00102035-1024x819.jpg\",\"width\":1024,\"height\":819,\"mime-type\":\"image\\\/jpeg\"},\"thumbnail\":{\"file\":\"SHF_eb00102035-150x150.jpg\",\"width\":150,\"height\":150,\"mime-type\":\"image\\\/jpeg\"},\"medium_large\":{\"file\":\"SHF_eb00102035-768x614.jpg\",\"width\":768,\"height\":614,\"mime-type\":\"image\\\/jpeg\"},\"small\":{\"file\":\"SHF_eb00102035-440x352.jpg\",\"width\":440,\"height\":352,\"mime-type\":\"image\\\/jpeg\"},\"semi\":{\"file\":\"SHF_eb00102035-580x464.jpg\",\"width\":580,\"height\":464,\"mime-type\":\"image\\\/jpeg\"},\"mobile\":{\"file\":\"SHF_eb00102035-720x576.jpg\",\"width\":720,\"height\":576,\"mime-type\":\"image\\\/jpeg\"},\"hd\":{\"file\":\"SHF_eb00102035-1280x1024.jpg\",\"width\":1280,\"height\":1024,\"mime-type\":\"image\\\/jpeg\"},\"full\":{\"file\":\"SHF_eb00102035-1920x1536.jpg\",\"width\":1920,\"height\":1536,\"mime-type\":\"image\\\/jpeg\"},\"1536x1536\":{\"file\":\"SHF_eb00102035-1536x1229.jpg\",\"width\":1536,\"height\":1229,\"mime-type\":\"image\\\/jpeg\"},\"original\":{\"file\":\"SHF_eb00102035.jpg\",\"width\":2000,\"height\":1600}},\"autoplay\":false}],\n\t\t\t\"mobileImages\" : [{\"id\":0,\"width\":767,\"height\":1365,\"alt\":\"Person looks at a colorful, abstract play of light on a curtain in a modern room.\",\"title\":\"\",\"description\":\"\",\"label\":\"Installation &quot;Fischschwarm&quot; im Humboldt Labor\",\"copyright\":\"Stiftung Humboldt Forum im Berliner Schloss \\\/ Photo: David von Becker\",\"path\":\"\\\/wp-content\\\/uploads\\\/2020\\\/10\\\/\",\"sizes\":{\"medium\":{\"file\":\"SHF_eb00104141_mobile-169x300.jpg\",\"width\":169,\"height\":300,\"mime-type\":\"image\\\/jpeg\"},\"large\":{\"file\":\"SHF_eb00104141_mobile-575x1024.jpg\",\"width\":575,\"height\":1024,\"mime-type\":\"image\\\/jpeg\"},\"thumbnail\":{\"file\":\"SHF_eb00104141_mobile-150x150.jpg\",\"width\":150,\"height\":150,\"mime-type\":\"image\\\/jpeg\"},\"small\":{\"file\":\"SHF_eb00104141_mobile-247x440.jpg\",\"width\":247,\"height\":440,\"mime-type\":\"image\\\/jpeg\"},\"semi\":{\"file\":\"SHF_eb00104141_mobile-326x580.jpg\",\"width\":326,\"height\":580,\"mime-type\":\"image\\\/jpeg\"},\"mobile\":{\"file\":\"SHF_eb00104141_mobile-405x720.jpg\",\"width\":405,\"height\":720,\"mime-type\":\"image\\\/jpeg\"},\"hd\":{\"file\":\"SHF_eb00104141_mobile-719x1280.jpg\",\"width\":719,\"height\":1280,\"mime-type\":\"image\\\/jpeg\"},\"original\":{\"file\":\"SHF_eb00104141_mobile.jpg\",\"width\":767,\"height\":1365}},\"autoplay\":false},{\"id\":1,\"width\":709,\"height\":1262,\"alt\":\"A table decorated with yellow elements, while a child in a striped sweater sets the table.\",\"title\":\"\",\"description\":\"\",\"label\":\"\",\"copyright\":\"Stiftung Humboldt Forum im Berliner Schloss \\\/ Photo: Alexander Schippel\",\"path\":\"\\\/wp-content\\\/uploads\\\/2020\\\/11\\\/\",\"sizes\":{\"medium\":{\"file\":\"SHF_eb00110309_mobile-169x300.jpg\",\"width\":169,\"height\":300,\"mime-type\":\"image\\\/jpeg\"},\"large\":{\"file\":\"SHF_eb00110309_mobile-575x1024.jpg\",\"width\":575,\"height\":1024,\"mime-type\":\"image\\\/jpeg\"},\"thumbnail\":{\"file\":\"SHF_eb00110309_mobile-150x150.jpg\",\"width\":150,\"height\":150,\"mime-type\":\"image\\\/jpeg\"},\"small\":{\"file\":\"SHF_eb00110309_mobile-247x440.jpg\",\"width\":247,\"height\":440,\"mime-type\":\"image\\\/jpeg\"},\"semi\":{\"file\":\"SHF_eb00110309_mobile-326x580.jpg\",\"width\":326,\"height\":580,\"mime-type\":\"image\\\/jpeg\"},\"mobile\":{\"file\":\"SHF_eb00110309_mobile-405x720.jpg\",\"width\":405,\"height\":720,\"mime-type\":\"image\\\/jpeg\"},\"original\":{\"file\":\"SHF_eb00110309_mobile.jpg\",\"width\":709,\"height\":1262}},\"autoplay\":false},{\"id\":2,\"width\":1152,\"height\":2048,\"alt\":\"Close-up of an elephant with prominent ears and tusks, presented in black and white.\",\"title\":\"\",\"description\":\"\",\"label\":\"African elephant (Loxodonta africana) with broken tusk, Chobe National Park, Botswana\",\"copyright\":\"Okapia \\\/ imageBROKER \\\/ Marc Rasmus\",\"path\":\"\\\/wp-content\\\/uploads\\\/2021\\\/06\\\/\",\"sizes\":{\"medium\":{\"file\":\"SHF_eb00108311_mobile-169x300.jpg\",\"width\":169,\"height\":300,\"mime-type\":\"image\\\/jpeg\"},\"large\":{\"file\":\"SHF_eb00108311_mobile-576x1024.jpg\",\"width\":576,\"height\":1024,\"mime-type\":\"image\\\/jpeg\"},\"thumbnail\":{\"file\":\"SHF_eb00108311_mobile-150x150.jpg\",\"width\":150,\"height\":150,\"mime-type\":\"image\\\/jpeg\"},\"medium_large\":{\"file\":\"SHF_eb00108311_mobile-768x1365.jpg\",\"width\":768,\"height\":1365,\"mime-type\":\"image\\\/jpeg\"},\"small\":{\"file\":\"SHF_eb00108311_mobile-248x440.jpg\",\"width\":248,\"height\":440,\"mime-type\":\"image\\\/jpeg\"},\"semi\":{\"file\":\"SHF_eb00108311_mobile-326x580.jpg\",\"width\":326,\"height\":580,\"mime-type\":\"image\\\/jpeg\"},\"mobile\":{\"file\":\"SHF_eb00108311_mobile-405x720.jpg\",\"width\":405,\"height\":720,\"mime-type\":\"image\\\/jpeg\"},\"hd\":{\"file\":\"SHF_eb00108311_mobile-720x1280.jpg\",\"width\":720,\"height\":1280,\"mime-type\":\"image\\\/jpeg\"},\"full\":{\"file\":\"SHF_eb00108311_mobile-1080x1920.jpg\",\"width\":1080,\"height\":1920,\"mime-type\":\"image\\\/jpeg\"},\"1536x1536\":{\"file\":\"SHF_eb00108311_mobile-864x1536.jpg\",\"width\":864,\"height\":1536,\"mime-type\":\"image\\\/jpeg\"},\"original\":{\"file\":\"SHF_eb00108311_mobile.jpg\",\"width\":1152,\"height\":2048}},\"autoplay\":false},{\"id\":3,\"width\":1563,\"height\":1000,\"alt\":\"Colorful mural featuring various figures and scenes in vivid colors and artistic elements.\",\"title\":\"\",\"description\":\"\",\"label\":\"\",\"copyright\":\"\",\"path\":\"\\\/wp-content\\\/uploads\\\/2020\\\/04\\\/\",\"sizes\":{\"medium\":{\"file\":\"202002_HUF_Weltdenken_Raumansicht_02-300x192.jpg\",\"width\":300,\"height\":192,\"mime-type\":\"image\\\/jpeg\"},\"large\":{\"file\":\"202002_HUF_Weltdenken_Raumansicht_02-1024x655.jpg\",\"width\":1024,\"height\":655,\"mime-type\":\"image\\\/jpeg\"},\"thumbnail\":{\"file\":\"202002_HUF_Weltdenken_Raumansicht_02-150x150.jpg\",\"width\":150,\"height\":150,\"mime-type\":\"image\\\/jpeg\"},\"medium_large\":{\"file\":\"202002_HUF_Weltdenken_Raumansicht_02-768x491.jpg\",\"width\":768,\"height\":491,\"mime-type\":\"image\\\/jpeg\"},\"1536x1536\":{\"file\":\"202002_HUF_Weltdenken_Raumansicht_02-1536x983.jpg\",\"width\":1536,\"height\":983,\"mime-type\":\"image\\\/jpeg\"},\"original\":{\"file\":\"202002_HUF_Weltdenken_Raumansicht_02.jpg\",\"width\":1563,\"height\":1000}},\"autoplay\":false},{\"id\":4,\"width\":2000,\"height\":2400,\"alt\":\"A rustic metal exhibit piece stands on a modern pedestal against a wall in the museum.\",\"title\":\"\",\"description\":\"\",\"label\":\"\",\"copyright\":\"Stiftung Humboldt Forum im Berliner Schloss \\\/ David von Becker\",\"path\":\"\\\/wp-content\\\/uploads\\\/2020\\\/10\\\/\",\"sizes\":{\"medium\":{\"file\":\"SHF_eb00101755-250x300.jpg\",\"width\":250,\"height\":300,\"mime-type\":\"image\\\/jpeg\"},\"large\":{\"file\":\"SHF_eb00101755-853x1024.jpg\",\"width\":853,\"height\":1024,\"mime-type\":\"image\\\/jpeg\"},\"thumbnail\":{\"file\":\"SHF_eb00101755-150x150.jpg\",\"width\":150,\"height\":150,\"mime-type\":\"image\\\/jpeg\"},\"medium_large\":{\"file\":\"SHF_eb00101755-768x922.jpg\",\"width\":768,\"height\":922,\"mime-type\":\"image\\\/jpeg\"},\"small\":{\"file\":\"SHF_eb00101755-367x440.jpg\",\"width\":367,\"height\":440,\"mime-type\":\"image\\\/jpeg\"},\"semi\":{\"file\":\"SHF_eb00101755-483x580.jpg\",\"width\":483,\"height\":580,\"mime-type\":\"image\\\/jpeg\"},\"mobile\":{\"file\":\"SHF_eb00101755-600x720.jpg\",\"width\":600,\"height\":720,\"mime-type\":\"image\\\/jpeg\"},\"hd\":{\"file\":\"SHF_eb00101755-1067x1280.jpg\",\"width\":1067,\"height\":1280,\"mime-type\":\"image\\\/jpeg\"},\"full\":{\"file\":\"SHF_eb00101755-1600x1920.jpg\",\"width\":1600,\"height\":1920,\"mime-type\":\"image\\\/jpeg\"},\"1536x1536\":{\"file\":\"SHF_eb00101755-1280x1536.jpg\",\"width\":1280,\"height\":1536,\"mime-type\":\"image\\\/jpeg\"},\"2048x2048\":{\"file\":\"SHF_eb00101755-1707x2048.jpg\",\"width\":1707,\"height\":2048,\"mime-type\":\"image\\\/jpeg\"},\"original\":{\"file\":\"SHF_eb00101755.jpg\",\"width\":2000,\"height\":2400}},\"autoplay\":false},{\"id\":5,\"width\":632,\"height\":1123,\"alt\":\"People are viewing a presentation featuring images of architecture and individuals in a modern exhibition space.\",\"title\":\"\",\"description\":\"\",\"label\":\"Video Panorama\",\"copyright\":\"Stiftung Humboldt Forum im Berliner Schloss \\\/ Harry Schnitger\",\"path\":\"\\\/wp-content\\\/uploads\\\/2020\\\/10\\\/\",\"sizes\":{\"medium\":{\"file\":\"Videopanorama_Mobile-169x300.jpg\",\"width\":169,\"height\":300,\"mime-type\":\"image\\\/jpeg\"},\"large\":{\"file\":\"Videopanorama_Mobile-576x1024.jpg\",\"width\":576,\"height\":1024,\"mime-type\":\"image\\\/jpeg\"},\"thumbnail\":{\"file\":\"Videopanorama_Mobile-150x150.jpg\",\"width\":150,\"height\":150,\"mime-type\":\"image\\\/jpeg\"},\"small\":{\"file\":\"Videopanorama_Mobile-248x440.jpg\",\"width\":248,\"height\":440,\"mime-type\":\"image\\\/jpeg\"},\"semi\":{\"file\":\"Videopanorama_Mobile-326x580.jpg\",\"width\":326,\"height\":580,\"mime-type\":\"image\\\/jpeg\"},\"mobile\":{\"file\":\"Videopanorama_Mobile-405x720.jpg\",\"width\":405,\"height\":720,\"mime-type\":\"image\\\/jpeg\"},\"original\":{\"file\":\"Videopanorama_Mobile.jpg\",\"width\":632,\"height\":1123}},\"autoplay\":false},{\"id\":6,\"width\":1536,\"height\":2048,\"alt\":\"Sculpture in a modern space, illuminated by side light, surrounded by columns and windows.\",\"title\":\"\",\"description\":\"\",\"label\":\"\",\"copyright\":\"Stiftung Humboldt Forum im Berliner Schloss \\\/ Foto: Alexander Schippel\",\"path\":\"\\\/wp-content\\\/uploads\\\/2021\\\/06\\\/\",\"sizes\":{\"medium\":{\"file\":\"SHF_eb00110194-225x300.jpeg\",\"width\":225,\"height\":300,\"mime-type\":\"image\\\/jpeg\"},\"large\":{\"file\":\"SHF_eb00110194-768x1024.jpeg\",\"width\":768,\"height\":1024,\"mime-type\":\"image\\\/jpeg\"},\"thumbnail\":{\"file\":\"SHF_eb00110194-150x150.jpeg\",\"width\":150,\"height\":150,\"mime-type\":\"image\\\/jpeg\"},\"medium_large\":{\"file\":\"SHF_eb00110194-768x1024.jpeg\",\"width\":768,\"height\":1024,\"mime-type\":\"image\\\/jpeg\"},\"small\":{\"file\":\"SHF_eb00110194-330x440.jpeg\",\"width\":330,\"height\":440,\"mime-type\":\"image\\\/jpeg\"},\"semi\":{\"file\":\"SHF_eb00110194-435x580.jpeg\",\"width\":435,\"height\":580,\"mime-type\":\"image\\\/jpeg\"},\"mobile\":{\"file\":\"SHF_eb00110194-540x720.jpeg\",\"width\":540,\"height\":720,\"mime-type\":\"image\\\/jpeg\"},\"hd\":{\"file\":\"SHF_eb00110194-960x1280.jpeg\",\"width\":960,\"height\":1280,\"mime-type\":\"image\\\/jpeg\"},\"full\":{\"file\":\"SHF_eb00110194-1440x1920.jpeg\",\"width\":1440,\"height\":1920,\"mime-type\":\"image\\\/jpeg\"},\"1536x1536\":{\"file\":\"SHF_eb00110194-1152x1536.jpeg\",\"width\":1152,\"height\":1536,\"mime-type\":\"image\\\/jpeg\"},\"original\":{\"file\":\"SHF_eb00110194.jpeg\",\"width\":1536,\"height\":2048}},\"autoplay\":false},{\"id\":7,\"width\":1171,\"height\":2000,\"alt\":\"Artistic collage featuring historical figures and landscapes, combining various styles and eras.\",\"title\":\"\",\"description\":\"\",\"label\":\"\",\"copyright\":\"\",\"path\":\"\\\/wp-content\\\/uploads\\\/2020\\\/10\\\/\",\"sizes\":{\"medium\":{\"file\":\"201215_Einblicke_Teaser3-176x300.jpg\",\"width\":176,\"height\":300,\"mime-type\":\"image\\\/jpeg\"},\"large\":{\"file\":\"201215_Einblicke_Teaser3-600x1024.jpg\",\"width\":600,\"height\":1024,\"mime-type\":\"image\\\/jpeg\"},\"thumbnail\":{\"file\":\"201215_Einblicke_Teaser3-150x150.jpg\",\"width\":150,\"height\":150,\"mime-type\":\"image\\\/jpeg\"},\"medium_large\":{\"file\":\"201215_Einblicke_Teaser3-768x1312.jpg\",\"width\":768,\"height\":1312,\"mime-type\":\"image\\\/jpeg\"},\"small\":{\"file\":\"201215_Einblicke_Teaser3-258x440.jpg\",\"width\":258,\"height\":440,\"mime-type\":\"image\\\/jpeg\"},\"semi\":{\"file\":\"201215_Einblicke_Teaser3-340x580.jpg\",\"width\":340,\"height\":580,\"mime-type\":\"image\\\/jpeg\"},\"mobile\":{\"file\":\"201215_Einblicke_Teaser3-422x720.jpg\",\"width\":422,\"height\":720,\"mime-type\":\"image\\\/jpeg\"},\"hd\":{\"file\":\"201215_Einblicke_Teaser3-749x1280.jpg\",\"width\":749,\"height\":1280,\"mime-type\":\"image\\\/jpeg\"},\"full\":{\"file\":\"201215_Einblicke_Teaser3-1124x1920.jpg\",\"width\":1124,\"height\":1920,\"mime-type\":\"image\\\/jpeg\"},\"1536x1536\":{\"file\":\"201215_Einblicke_Teaser3-899x1536.jpg\",\"width\":899,\"height\":1536,\"mime-type\":\"image\\\/jpeg\"},\"original\":{\"file\":\"201215_Einblicke_Teaser3.jpg\",\"width\":1171,\"height\":2000}},\"autoplay\":false},{\"id\":8,\"width\":1600,\"height\":2000,\"alt\":\"Transparent glass display case on a black pedestal, empty, against a neutral background.\",\"title\":\"\",\"description\":\"\",\"label\":\"Glass ballot box of the People&#039;s Chamber in the Palace of the Republic, 1989.\",\"copyright\":\"Stiftung Haus der Geschichte der Bundesrepublik Deutschland \\\/ Stiftung Humboldt Forum im Berliner Schloss, digitale Reproduktion: Jester Blank GbR\",\"path\":\"\\\/wp-content\\\/uploads\\\/2020\\\/10\\\/\",\"sizes\":{\"medium\":{\"file\":\"SHF_eb00025486_DA01-0072-240x300.jpg\",\"width\":240,\"height\":300,\"mime-type\":\"image\\\/jpeg\"},\"large\":{\"file\":\"SHF_eb00025486_DA01-0072-819x1024.jpg\",\"width\":819,\"height\":1024,\"mime-type\":\"image\\\/jpeg\"},\"thumbnail\":{\"file\":\"SHF_eb00025486_DA01-0072-150x150.jpg\",\"width\":150,\"height\":150,\"mime-type\":\"image\\\/jpeg\"},\"medium_large\":{\"file\":\"SHF_eb00025486_DA01-0072-768x960.jpg\",\"width\":768,\"height\":960,\"mime-type\":\"image\\\/jpeg\"},\"small\":{\"file\":\"SHF_eb00025486_DA01-0072-352x440.jpg\",\"width\":352,\"height\":440,\"mime-type\":\"image\\\/jpeg\"},\"semi\":{\"file\":\"SHF_eb00025486_DA01-0072-464x580.jpg\",\"width\":464,\"height\":580,\"mime-type\":\"image\\\/jpeg\"},\"mobile\":{\"file\":\"SHF_eb00025486_DA01-0072-576x720.jpg\",\"width\":576,\"height\":720,\"mime-type\":\"image\\\/jpeg\"},\"hd\":{\"file\":\"SHF_eb00025486_DA01-0072-1024x1280.jpg\",\"width\":1024,\"height\":1280,\"mime-type\":\"image\\\/jpeg\"},\"full\":{\"file\":\"SHF_eb00025486_DA01-0072-1536x1920.jpg\",\"width\":1536,\"height\":1920,\"mime-type\":\"image\\\/jpeg\"},\"1536x1536\":{\"file\":\"SHF_eb00025486_DA01-0072-1229x1536.jpg\",\"width\":1229,\"height\":1536,\"mime-type\":\"image\\\/jpeg\"},\"original\":{\"file\":\"SHF_eb00025486_DA01-0072.jpg\",\"width\":1600,\"height\":2000}},\"autoplay\":false}]\t\t}\n\t<\/script>\n\n\t<swiper :options=\"swiperVideoOptions\" ref=\"swiperVideo\">\n\t\t<div class=\"swiper-slide\" :key=\"image.id\" v-for=\"image in images\">\n\t\t\t<div class=\"width-container\">\n\t\t\t\t<div class=\"wrapper\">\n\t\t\t\t\t<img :src=\"image.src\" :alt=\"image.alt\" v-if=\"image.id < 1\">\n\t\t\t\t\t<img :src=\"image.src\" :alt=\"image.alt\" v-else-if=\"firstLoaded\">\n\t\t\t\t\t<div class=\"swiper-slide-autoplay\" v-if=\"image.autoplay\" :data-autoplay=\"image.autoplay\"><\/div>\n\t\t\t\t<\/div>\n\t\t\t<\/div>\n\t\t<\/div>\n\t<\/swiper>\n<\/div>\t\t\t<div class=\"block-gallery-moderated-copy\">\n\t<swiper :options=\"swiperCopyOptions\" ref=\"swiperCopy\">\n\t\t\n\t\t\t\t<div class=\"swiper-slide swiper-slide-active\">\n\t\t\t\t\t\t\t\t\t\t\t<div class=\"block-gallery-moderated-copy-item teaser\">\n\t\t\t\t\t\t\t<div class=\"block-gallery-moderated-copy-item-wrapper\">\n\t\t\t\t\t\t\t\t\t\t\t\t\t\t\t\t<div class=\"block-gallery-moderated-copy-item-counter Metadaten\">1 \/ <span class=\"not\">9<\/span><\/div>\n\t\t\t\t\t\t\t\t\t\t\t\t\t\t\t\t<h5 class=\"uppercase headline\">After Nature<\/h4>\n\t\t\t\t\t\t\t\t<p class=\"small\">Get to know what climate change and species extinction have to do with the crisis of democracy.<\/p>\n\t\t\t\t\t\t\t\t<div class=\"block-gallery-moderated-copy-item-button\">\n\t\t\t\t\t\t\t\t\t\t<a href=\"https:\/\/www.humboldtforum.org\/en\/programm\/dauerangebot\/exhibition\/after-nature-16464\/\" class=\"button-intern\" role=\"button\" target=\"_self\">\n\t\t<span class=\"button-label\">To the exhibition<\/span>\n\t<\/a>\n\t\t\t\t\t\t\t\t<\/div>\n\t\t\t\t\t\t\t<\/div>\n\t\t\t\t\t\t<\/div>\n\t\t\t\t\t\t\t\t\t<\/div>\n\t\t\t\n\t\t\t\t<div class=\"swiper-slide\">\n\t\t\t\t\t\t\t\t\t\t\t<div class=\"block-gallery-moderated-copy-item teaser\">\n\t\t\t\t\t\t\t<div class=\"block-gallery-moderated-copy-item-wrapper\">\n\t\t\t\t\t\t\t\t\t\t\t\t\t\t\t\t<div class=\"block-gallery-moderated-copy-item-counter Metadaten\">2 \/ <span class=\"not\">9<\/span><\/div>\n\t\t\t\t\t\t\t\t\t\t\t\t\t\t\t\t<h5 class=\"uppercase headline\">Have a Seat!<\/h4>\n\t\t\t\t\t\t\t\t<p class=\"small\">An exhibition about sitting, taking a seat and making space for children and families.<\/p>\n\t\t\t\t\t\t\t\t<div class=\"block-gallery-moderated-copy-item-button\">\n\t\t\t\t\t\t\t\t\t\t<a href=\"https:\/\/www.humboldtforum.org\/en\/programm\/laufzeitangebot\/exhibition\/have-a-seat-16478\/\" class=\"button-intern\" role=\"button\" target=\"_self\">\n\t\t<span class=\"button-label\">To the exhibition<\/span>\n\t<\/a>\n\t\t\t\t\t\t\t\t<\/div>\n\t\t\t\t\t\t\t<\/div>\n\t\t\t\t\t\t<\/div>\n\t\t\t\t\t\t\t\t\t<\/div>\n\t\t\t\n\t\t\t\t<div class=\"swiper-slide\">\n\t\t\t\t\t\t\t\t\t\t\t<div class=\"block-gallery-moderated-copy-item teaser\">\n\t\t\t\t\t\t\t<div class=\"block-gallery-moderated-copy-item-wrapper\">\n\t\t\t\t\t\t\t\t\t\t\t\t\t\t\t\t<div class=\"block-gallery-moderated-copy-item-counter Metadaten\">3 \/ <span class=\"not\">9<\/span><\/div>\n\t\t\t\t\t\t\t\t\t\t\t\t\t\t\t\t<h5 class=\"uppercase headline\">Terrible Beauty <\/h4>\n\t\t\t\t\t\t\t\t<p class=\"small\">The special exhibition presents the intriguing interconnection of elephant, human and ivory.<\/p>\n\t\t\t\t\t\t\t\t<div class=\"block-gallery-moderated-copy-item-button\">\n\t\t\t\t\t\t\t\t\t\t<a href=\"https:\/\/www.humboldtforum.org\/en\/programm\/laufzeitangebot\/exhibition\/terrible-beauty-elephant-human-ivory-24823\/\" class=\"button-intern\" role=\"button\" target=\"_self\">\n\t\t<span class=\"button-label\">To the exhibition<\/span>\n\t<\/a>\n\t\t\t\t\t\t\t\t<\/div>\n\t\t\t\t\t\t\t<\/div>\n\t\t\t\t\t\t<\/div>\n\t\t\t\t\t\t\t\t\t<\/div>\n\t\t\t\n\t\t\t\t<div class=\"swiper-slide\">\n\t\t\t\t\t\t\t\t\t\t\t<div class=\"block-gallery-moderated-copy-item teaser\">\n\t\t\t\t\t\t\t<div class=\"block-gallery-moderated-copy-item-wrapper\">\n\t\t\t\t\t\t\t\t\t\t\t\t\t\t\t\t<div class=\"block-gallery-moderated-copy-item-counter Metadaten\">4 \/ <span class=\"not\">9<\/span><\/div>\n\t\t\t\t\t\t\t\t\t\t\t\t\t\t\t\t<h5 class=\"uppercase headline\">BERLIN GLOBAL<\/h4>\n\t\t\t\t\t\t\t\t<p class=\"small\">Experience the network of relationships between Berlin and the world in BERLIN GLOBAL.<\/p>\n\t\t\t\t\t\t\t\t<div class=\"block-gallery-moderated-copy-item-button\">\n\t\t\t\t\t\t\t\t\t\t<a href=\"https:\/\/www.humboldtforum.org\/en\/programm\/dauerangebot\/exhibition\/berlin-global-16471\/\" class=\"button-intern\" role=\"button\" target=\"_self\">\n\t\t<span class=\"button-label\">To the exhibition<\/span>\n\t<\/a>\n\t\t\t\t\t\t\t\t<\/div>\n\t\t\t\t\t\t\t<\/div>\n\t\t\t\t\t\t<\/div>\n\t\t\t\t\t\t\t\t\t<\/div>\n\t\t\t\n\t\t\t\t<div class=\"swiper-slide\">\n\t\t\t\t\t\t\t\t\t\t\t<div class=\"block-gallery-moderated-copy-item teaser\">\n\t\t\t\t\t\t\t<div class=\"block-gallery-moderated-copy-item-wrapper\">\n\t\t\t\t\t\t\t\t\t\t\t\t\t\t\t\t<div class=\"block-gallery-moderated-copy-item-counter Metadaten\">5 \/ <span class=\"not\">9<\/span><\/div>\n\t\t\t\t\t\t\t\t\t\t\t\t\t\t\t\t<h5 class=\"uppercase headline\">Palace Cellar<\/h4>\n\t\t\t\t\t\t\t\t<p class=\"small\">Descend to the historic wall remains of the Berlin Palace.<\/p>\n\t\t\t\t\t\t\t\t<div class=\"block-gallery-moderated-copy-item-button\">\n\t\t\t\t\t\t\t\t\t\t<a href=\"https:\/\/www.humboldtforum.org\/en\/programm\/dauerangebot\/exhibition\/palace-cellar-16431\/\" class=\"button-intern\" role=\"button\" target=\"_self\">\n\t\t<span class=\"button-label\">To the exhibition<\/span>\n\t<\/a>\n\t\t\t\t\t\t\t\t<\/div>\n\t\t\t\t\t\t\t<\/div>\n\t\t\t\t\t\t<\/div>\n\t\t\t\t\t\t\t\t\t<\/div>\n\t\t\t\n\t\t\t\t<div class=\"swiper-slide\">\n\t\t\t\t\t\t\t\t\t\t\t<div class=\"block-gallery-moderated-copy-item teaser\">\n\t\t\t\t\t\t\t<div class=\"block-gallery-moderated-copy-item-wrapper\">\n\t\t\t\t\t\t\t\t\t\t\t\t\t\t\t\t<div class=\"block-gallery-moderated-copy-item-counter Metadaten\">6 \/ <span class=\"not\">9<\/span><\/div>\n\t\t\t\t\t\t\t\t\t\t\t\t\t\t\t\t<h5 class=\"uppercase headline\">Video Panorama<\/h4>\n\t\t\t\t\t\t\t\t<p class=\"small\">Go on a visual time journey from the 12th century to the present day.<\/p>\n\t\t\t\t\t\t\t\t<div class=\"block-gallery-moderated-copy-item-button\">\n\t\t\t\t\t\t\t\t\t\t<a href=\"https:\/\/www.humboldtforum.org\/en\/programm\/dauerangebot\/must-see-en\/videopanorama-16440\/\" class=\"button-intern\" role=\"button\" target=\"_self\">\n\t\t<span class=\"button-label\">To the exhibition<\/span>\n\t<\/a>\n\t\t\t\t\t\t\t\t<\/div>\n\t\t\t\t\t\t\t<\/div>\n\t\t\t\t\t\t<\/div>\n\t\t\t\t\t\t\t\t\t<\/div>\n\t\t\t\n\t\t\t\t<div class=\"swiper-slide\">\n\t\t\t\t\t\t\t\t\t\t\t<div class=\"block-gallery-moderated-copy-item teaser\">\n\t\t\t\t\t\t\t<div class=\"block-gallery-moderated-copy-item-wrapper\">\n\t\t\t\t\t\t\t\t\t\t\t\t\t\t\t\t<div class=\"block-gallery-moderated-copy-item-counter Metadaten\">7 \/ <span class=\"not\">9<\/span><\/div>\n\t\t\t\t\t\t\t\t\t\t\t\t\t\t\t\t<h5 class=\"uppercase headline\">Sculpture Hall<\/h4>\n\t\t\t\t\t\t\t\t<p class=\"small\">Up close: explore the historic sculptures of the Berlin Palace.<\/p>\n\t\t\t\t\t\t\t\t<div class=\"block-gallery-moderated-copy-item-button\">\n\t\t\t\t\t\t\t\t\t\t<a href=\"\" class=\"button-intern\" role=\"button\" target=\"_self\">\n\t\t<span class=\"button-label\">To the exhibition<\/span>\n\t<\/a>\n\t\t\t\t\t\t\t\t<\/div>\n\t\t\t\t\t\t\t<\/div>\n\t\t\t\t\t\t<\/div>\n\t\t\t\t\t\t\t\t\t<\/div>\n\t\t\t\n\t\t\t\t<div class=\"swiper-slide\">\n\t\t\t\t\t\t\t\t\t\t\t<div class=\"block-gallery-moderated-copy-item teaser\">\n\t\t\t\t\t\t\t<div class=\"block-gallery-moderated-copy-item-wrapper\">\n\t\t\t\t\t\t\t\t\t\t\t\t\t\t\t\t<div class=\"block-gallery-moderated-copy-item-counter Metadaten\">8 \/ <span class=\"not\">9<\/span><\/div>\n\t\t\t\t\t\t\t\t\t\t\t\t\t\t\t\t<h5 class=\"uppercase headline\">Impressions. The Humboldt Brothers<\/h4>\n\t\t\t\t\t\t\t\t<p class=\"small\">Who were Alexander and Wilhelm von Humboldt? Explore their work and the circumstances of their time.<\/p>\n\t\t\t\t\t\t\t\t<div class=\"block-gallery-moderated-copy-item-button\">\n\t\t\t\t\t\t\t\t\t\t<a href=\"https:\/\/www.humboldtforum.org\/en\/programm\/dauerangebot\/exhibition\/impressions-16646\/\" class=\"button-intern\" role=\"button\" target=\"_self\">\n\t\t<span class=\"button-label\">To the exhibition<\/span>\n\t<\/a>\n\t\t\t\t\t\t\t\t<\/div>\n\t\t\t\t\t\t\t<\/div>\n\t\t\t\t\t\t<\/div>\n\t\t\t\t\t\t\t\t\t<\/div>\n\t\t\t\n\t\t\t\t<div class=\"swiper-slide\">\n\t\t\t\t\t\t\t\t\t\t\t<div class=\"block-gallery-moderated-copy-item teaser\">\n\t\t\t\t\t\t\t<div class=\"block-gallery-moderated-copy-item-wrapper\">\n\t\t\t\t\t\t\t\t\t\t\t\t\t\t\t\t<div class=\"block-gallery-moderated-copy-item-counter Metadaten\">9 \/ <span class=\"not\">9<\/span><\/div>\n\t\t\t\t\t\t\t\t\t\t\t\t\t\t\t\t<h5 class=\"uppercase headline\">Flashbacks<\/h4>\n\t\t\t\t\t\t\t\t<p class=\"small\">Discover 35 history flashbacks throughout the Humboldt Forum!<\/p>\n\t\t\t\t\t\t\t\t<div class=\"block-gallery-moderated-copy-item-button\">\n\t\t\t\t\t\t\t\t\t\t<a href=\"https:\/\/www.humboldtforum.org\/en\/programm\/dauerangebot\/exhibition\/flashbacks-16428\/\" class=\"button-intern\" role=\"button\" target=\"_self\">\n\t\t<span class=\"button-label\">To the exhibition<\/span>\n\t<\/a>\n\t\t\t\t\t\t\t\t<\/div>\n\t\t\t\t\t\t\t<\/div>\n\t\t\t\t\t\t<\/div>\n\t\t\t\t\t\t\t\t\t<\/div>\n\t\t\t\t<\/swiper>\n<\/div>\n\n\t\t\t<div class=\"block-gallery-moderated-nav\">\n\t\t<div class=\"block-gallery-moderated-nav-shadow\"><\/div>\n\t<div class=\"swiper-progress-pos\" v-html=\"(currentSlide+1)\">1<\/div>\n\t<div class=\"swiper-progress-count\">9<\/div>\n\n\t<div class=\"swiper-progress\" ref=\"progress\">\n\t\t\t\t\t<div class=\"swiper-progress-item swiper-progress-item-0\" data-index=\"0\">\n\t\t\t\t<div class=\"swiper-progress-item-progress\"><\/div>\n\t\t\t<\/div>\n\t\t\t\t\t<div class=\"swiper-progress-item swiper-progress-item-1\" data-index=\"1\">\n\t\t\t\t<div class=\"swiper-progress-item-progress\"><\/div>\n\t\t\t<\/div>\n\t\t\t\t\t<div class=\"swiper-progress-item swiper-progress-item-2\" data-index=\"2\">\n\t\t\t\t<div class=\"swiper-progress-item-progress\"><\/div>\n\t\t\t<\/div>\n\t\t\t\t\t<div class=\"swiper-progress-item swiper-progress-item-3\" data-index=\"3\">\n\t\t\t\t<div class=\"swiper-progress-item-progress\"><\/div>\n\t\t\t<\/div>\n\t\t\t\t\t<div class=\"swiper-progress-item swiper-progress-item-4\" data-index=\"4\">\n\t\t\t\t<div class=\"swiper-progress-item-progress\"><\/div>\n\t\t\t<\/div>\n\t\t\t\t\t<div class=\"swiper-progress-item swiper-progress-item-5\" data-index=\"5\">\n\t\t\t\t<div class=\"swiper-progress-item-progress\"><\/div>\n\t\t\t<\/div>\n\t\t\t\t\t<div class=\"swiper-progress-item swiper-progress-item-6\" data-index=\"6\">\n\t\t\t\t<div class=\"swiper-progress-item-progress\"><\/div>\n\t\t\t<\/div>\n\t\t\t\t\t<div class=\"swiper-progress-item swiper-progress-item-7\" data-index=\"7\">\n\t\t\t\t<div class=\"swiper-progress-item-progress\"><\/div>\n\t\t\t<\/div>\n\t\t\t\t\t<div class=\"swiper-progress-item swiper-progress-item-8\" data-index=\"8\">\n\t\t\t\t<div class=\"swiper-progress-item-progress\"><\/div>\n\t\t\t<\/div>\n\t\t\t<\/div>\n\n\t<button class=\"icon-background-white swiper-button-prev  swiper-button-disabled\" slot=\"button-prev\" @click=\"prevVideo\" aria-label=\"Last images\">\n\t\t<span class=\"icon-arrow-rechts\"><\/span>\n\t<\/button>\n\n\t<button class=\"icon-background-white swiper-button-next\" slot=\"button-next\" @click=\"nextVideo\" aria-label=\"Next image\">\n\t\t<span class=\"icon-arrow-rechts\"><\/span>\n\t<\/button>\n\n\n\t<button class=\"swiper-toggle-btn icon-background icon-play\" @click=\"toggle\" v-if=\"!isPlaying\" aria-label=\"play video\"><\/button>\n\t<button class=\"swiper-toggle-btn icon-background icon-pause\" @click=\"toggle\" v-if=\"isPlaying\" aria-label=\"pause\"><\/button>\n\t<\/div>\t\t<\/div>\n\t<\/block-gallery-moderated>\n<\/section>\n\n<section class=\"block block-lazy-media-info\">\n\t<div class=\"container-fluid\">\n\t\t<div class=\"row end-xs\">\n\t\t\t<div class=\"col-xs-12\">\n\t\t\t\t<lazy-media-info-as-block inline-template>\n\t\t\t\t\t<div class=\"lazy-media-info\" aria-expanded=\"false\" :aria-expanded=\"isOpen ? 'true' : 'false'\">\n\t\t\t\t\t\t<button class=\"lazy-media-info-head button-tiny\" :class=\"{'button-active': isOpen}\" @click=\"toggle\" ref=\"head\"><span class=\"button-label insignificant\">Image info<\/span><\/button>\n\t\t\t\t\t\t<figcaption class=\"lazy-media-info-body\" ref=\"body\">\n\t\t\t\t\t\t\t\n\t\t\t\t\t\t\t<div class=\"lazy-media-info-body-content\">\n\t\t\t\t\t\t\t\t<div><strong>image 1:<\/strong><\/div>\n\t\t\t\t\t\t\t\t\t\t\t\t\t\t\t\t\t\t\t\t\t\t\t\t\t\t\t\t\t\t\t\t\t<div class=\"insignificant\">\u00a9 Humboldt-Universit\u00e4t zu Berlin, schnellebuntebilder \/ Video: Philipp Plum<\/div>\n\t\t\t\t\t\t\t\t\t\t\t\t\t\t\t<\/div>\n\t\t\t\t\t\t\t\n\t\t\t\t\t\t\t<div class=\"lazy-media-info-body-content\">\n\t\t\t\t\t\t\t\t<div><strong>image 2:<\/strong><\/div>\n\t\t\t\t\t\t\t\t\t\t\t\t\t\t\t\t\t\t\t\t\t\t\t\t\t\t\t\t\t\t\t\t\t<div class=\"insignificant\">\u00a9 Stiftung Humboldt Forum im Berliner Schloss \/ Photo: Alexander Schippel<\/div>\n\t\t\t\t\t\t\t\t\t\t\t\t\t\t\t<\/div>\n\t\t\t\t\t\t\t\n\t\t\t\t\t\t\t<div class=\"lazy-media-info-body-content\">\n\t\t\t\t\t\t\t\t<div><strong>image 3:<\/strong><\/div>\n\t\t\t\t\t\t\t\t\t\t\t\t\t\t\t\t\t\t\t\t\t\t\t\t\t\t\t\t\t\t\t\t\t<div class=\"insignificant\">\u00a9 Stiftung Humboldt Forum im Berliner Schloss \/ Photo: Florian Gaertner, photothek.de<\/div>\n\t\t\t\t\t\t\t\t\t\t\t\t\t\t\t<\/div>\n\t\t\t\t\t\t\t\n\t\t\t\t\t\t\t<div class=\"lazy-media-info-body-content\">\n\t\t\t\t\t\t\t\t<div><strong>image 5:<\/strong><\/div>\n\t\t\t\t\t\t\t\t\t\t\t\t\t\t\t\t\t\t\t\t\t\t\t\t\t\t\t\t\t\t\t\t\t<div class=\"insignificant\">\u00a9 Stiftung Humboldt Forum im Berliner Schloss \/ David von Becker<\/div>\n\t\t\t\t\t\t\t\t\t\t\t\t\t\t\t<\/div>\n\t\t\t\t\t\t\t\n\t\t\t\t\t\t\t<div class=\"lazy-media-info-body-content\">\n\t\t\t\t\t\t\t\t<div><strong>image 6:<\/strong><\/div>\n\t\t\t\t\t\t\t\t\t\t\t\t\t\t\t\t\t<div>Video Panorama<\/div>\n\t\t\t\t\t\t\t\t\t\t\t\t\t\t\t\t\t\t\t\t\t\t\t\t\t\t\t\t\t\t\t\t\t<div class=\"insignificant\">\u00a9 Stiftung Humboldt Forum im Berliner Schloss \/ Harry Schnitger<\/div>\n\t\t\t\t\t\t\t\t\t\t\t\t\t\t\t<\/div>\n\t\t\t\t\t\t\t\n\t\t\t\t\t\t\t<div class=\"lazy-media-info-body-content\">\n\t\t\t\t\t\t\t\t<div><strong>image 7:<\/strong><\/div>\n\t\t\t\t\t\t\t\t\t\t\t\t\t\t\t\t\t<div>&hellip;Meleager, Hercules, and Hermes.<\/div>\n\t\t\t\t\t\t\t\t\t\t\t\t\t\t\t\t\t\t\t\t\t\t\t\t\t\t\t\t\t\t\t\t\t<div class=\"insignificant\">\u00a9 Stiftung Humboldt Forum im Berliner Schloss \/ David von Becker<\/div>\n\t\t\t\t\t\t\t\t\t\t\t\t\t\t\t<\/div>\n\t\t\t\t\t\t\t\n\t\t\t\t\t\t\t<div class=\"lazy-media-info-body-content\">\n\t\t\t\t\t\t\t\t<div><strong>image 9:<\/strong><\/div>\n\t\t\t\t\t\t\t\t\t\t\t\t\t\t\t\t\t<div>Flashback 4 Glass ballot of the People&rsquo;s Chamber in the Palace of the Republic, 1989, on display in the Sculpture Hall.<\/div>\n\t\t\t\t\t\t\t\t\t\t\t\t\t\t\t\t\t\t\t\t\t\t\t\t\t\t\t\t\t\t\t\t\t<div class=\"insignificant\">\u00a9 Stiftung Haus der Geschichte der Bundesrepublik Deutschland \/ Stiftung Humboldt Forum im Berliner Schloss, Alexander Hartmann<\/div>\n\t\t\t\t\t\t\t\t\t\t\t\t\t\t\t<\/div>\n\t\t\t\t\t\t\t\t\t\t\t\t\t<\/figcaption>\n\t\t\t\t\t\t<div class=\"lazy-media-info-head-border\"><\/div>\n\t\t\t\t\t<\/div>\n\t\t\t\t<\/lazy-media-info-as-block>\n\t\t\t<\/div>\n\t\t<\/div>\n\t<\/div>\n<\/section>\n\n<section class=\"block block-copy\" >\n    <div class=\"container-fluid\">\n\t\t<div class=\"row margin-bottom-sixth\">\n            <div class=\"col-xs-12 col-md-offset-2 col-md-8\">\n                <div class=\"box\">\n                    <div class=\"copy\"><h5><strong>What to expect<\/strong><\/h5>\n<p>Finally, the time has come! Following many discussions, years of construction, and delays caused by the pandemic, the Humboldt Forum is gradually opening its doors behind the reconstructed fa\u00e7ade of the Berlin Palace this summer. The architecture alone re\ufb02ects the thrilling diversity of the building \u2013 both classically baroque and truly modern at the same time. It is a place that unites differences. A place for art, culture, and education, but also a place of leisure, of peace, and of adventure. In the coming months, we will take this place and its changing history, its courtyards, terraces and foyers, its exhibition galleries, event halls, restaurants, and bring them to life in order to spark new ideas, discussions and insights.<\/p>\n<p>On Tuesday <strong>20 July 2021 at 2pm<\/strong>, things will finally get underway. In a celebratory ceremony, Minister of State for Culture Monika Gr\u00fctters, Berlin&#8217;s Governing Mayor Michael M\u00fcller and General Director Hartmut Dorgerloh, as well as invited guests from Berlin\u2019s urban community, will open the Humboldt Forum. The celebration will be accompanied by a small programme of street musicians, food trucks as well as participatory performances and activities. Together with 60 Berlin residents, the sound artist <em>katrinem<\/em> will transform the cultural practice of sweeping, an act symbolically associated with moving house in many regions of the world, into a choreographed composition. Unter den Linden will be closed to car traffic \u2013 why not stroll by and experience some of the artistic action on our opening day, or enjoy a refreshing drink at the pop-up bar in the Schl\u00fcter Courtyard!<\/p>\n<p>You are warmly invited to explore the Palace Cellar, ground floor and first floor from <strong>4.30pm<\/strong>. Six different exhibitions will kick off the programme.<\/p>\n<\/div>\n                <\/div>\n            <\/div>\n\t\t<\/div>\n\t\t\t\t\t<div class=\"row margin-bottom-sixth\">\n\t\t\t\t<div class=\"col-xs-12 col-md-offset-2 col-md-8\">\n\t\t\t\t\t<div class=\"box\">\n\t\t\t\t\t\t<read-more inline-template>\n\t\t\t\t\t\t\t<div class=\"copy margin-bottom-sixth\">\n\t\t\t\t\t\t\t\t<div ref=\"body\" style=\"height:0;overflow: hidden;display: none;\">\n\t\t\t\t\t\t\t\t\t<div class=\"margin-bottom-sixth\"><p>In the Passage and the adjacent staircase, the exhibition <em>Impressions. The Humboldt Brothers<\/em> highlights the work of Wilhelm and Alexander von Humboldt, the circumstances of their time, and creates links to the principles of the Humboldt Forum.<\/p>\n<p>On the Ground Floor there will be changing special exhibitions with various institutions and international cooperation partners. Two special exhibitions will kick things off: <em>Have a Seat!<\/em> An exhibition for children from three to ten years of age with their adult companions playfully approaches the everyday phenomenon of sitting. The special exhibition <em>Terrible Beauty: Elephant \u2013 Human \u2013 Ivory<\/em> takes a look at the relationship between man and ivory in a comprehensive, critical examination \u2013 including a discourse and film programme.<\/p>\n<p>On a total of 1,500 square metres, you can experience the eventful history of the site in the Palace Cellar. The exhibitions can be seen in the Video Panorama room, in the Palace Cellar and Sculpture Hall as well as on the basis of 35 <em>Flahbacks<\/em> scattered throughout the building.<\/p>\n<p>On the First Floor, the exhibitions <em>After Nature<\/em> by Humboldt-Universit\u00e4t zu Berlin and <em>BERLIN GLOBAL<\/em> by Kulturprojekte Berlin and Stadtmuseum Berlin will open. The Humboldt Lab&#8217;s inaugural show <em>After Nature<\/em> uses a variety of voices from scientific research to address the violent effects of man-made global environmental change. The interactive exhibition <em>BERLIN GLOBAL<\/em> shows in seven thematic rooms \u2013 Revolution, Free Space, Boundaries, Entertainment, War, Fashion and Interconnection \u2013 a network of relationships between Berlin and the world.<\/p>\n<\/div>\n\t\t\t\t\t\t\t\t<\/div>\n\t\t\t\t\t\t\t\t<a ref=\"toggleButton\" class=\"Button\" @click=\"toggle\">\n\t\t\t\t\t\t\t\t\t<span v-if=\"!active\">read more<\/span>\n\t\t\t\t\t\t\t\t\t<span v-else>read less<\/span>\n\t\t\t\t\t\t\t\t<\/a>\n\t\t\t\t\t\t\t<\/div>\n\t\t\t\t\t\t<\/read-mode>\n\t\t\t\t\t<\/div>\n\t\t\t\t<\/div>\n\t\t\t<\/div>\n\t\t    <\/div>\n<\/section>\n\n<section class=\"block block-button\">\n    <div class=\"container-fluid\">\n\t\t<div class=\"row\">\n            <div class=\"col-xs-12 col-md-offset-2 col-md-8\">\n                <div class=\"box text-align-center\">\n                 \t\t<a href=\"https:\/\/tickets.humboldtforum.org\/#\/tickets\/time?group=timeSlot\" class=\"button-extern\" role=\"button\" target=\"_blank\">\n\t\t<span class=\"button-label\">Book your time slot now<\/span>\n\t<\/a>\n                <\/div>\n            <\/div>\n        <\/div>\n    <\/div>\n<\/section>\n\n<section class=\"block block-teaser col-4 \" style=\"\">\n\t<lazy-component :fixed-min-height=\"400\">\n\t\n\t\t\t\t\t<div class=\"container-fluid\">\n\t\t\t\t<div class=\"row bottom-xs\">\n\t\t\t\t\t<div class=\"col-xs-12 col-md-8\">\n\t\t\t\t\t\t\t\t\t\t\t\t\t\t\t\t\t\t\t\t\t\t\t\t\t<\/div>\n\t\t\t\t\t<div class=\"col-xs-12 col-md-4 start-xs end-md margin-bottom-sixth\">\n\t\t\t\t\t\t\t\t\t\t\t<\/div>\n\t\t\t\t<\/div>\n\t\t\t\t<ul class=\"row\"> <li class=\"col-xs-6 col-sm-4 col-md-3 teaser-wrapper col-padding-remove\">\n\t<calendarteaser key=\"248236543\" rawitem='{&quot;postId&quot;:24823,&quot;title&quot;:&quot;Terrible Beauty&quot;,&quot;excerpt&quot;:&quot;From an ivory artwork, to the image of the tusk, to the entire animal: an exhibition on the connection between elephant, human and ivory&quot;,&quot;slug&quot;:&quot;terrible-beauty-elephant-human-ivory&quot;,&quot;post_date&quot;:&quot;2021-06-16T09:07&quot;,&quot;type&quot;:&quot;event-period&quot;,&quot;permalink&quot;:&quot;https:\\\/\\\/www.humboldtforum.org\\\/en\\\/programm\\\/laufzeitangebot\\\/exhibition\\\/terrible-beauty-elephant-human-ivory-24823\\\/&quot;,&quot;genre&quot;:[552],&quot;genre_details&quot;:[{&quot;text&quot;:&quot;Exhibition&quot;,&quot;id&quot;:552,&quot;icon&quot;:null,&quot;parent&quot;:0}],&quot;stakeholder&quot;:[595],&quot;stakeholder_details&quot;:[{&quot;text&quot;:&quot;Stiftung Humboldt Forum im Berliner Schloss&quot;,&quot;id&quot;:595,&quot;icon&quot;:null,&quot;parent&quot;:0}],&quot;language&quot;:[580,579],&quot;language_details&quot;:[{&quot;text&quot;:&quot;English&quot;,&quot;id&quot;:580,&quot;icon&quot;:null,&quot;parent&quot;:0},{&quot;text&quot;:&quot;German&quot;,&quot;id&quot;:579,&quot;icon&quot;:null,&quot;parent&quot;:0}],&quot;accessability&quot;:[596],&quot;accessability_details&quot;:[{&quot;text&quot;:&quot;Accessible for wheelchairs&quot;,&quot;id&quot;:596,&quot;icon&quot;:null,&quot;parent&quot;:0}],&quot;place&quot;:[602,597],&quot;place_details&quot;:{&quot;place&quot;:&quot;Humboldt Forum&quot;,&quot;map&quot;:&quot;Humboldt Forum, Schlossplatz, Berlin&quot;,&quot;room&quot;:&quot;Ground Floor&quot;},&quot;icon_overwrite&quot;:&quot;&quot;,&quot;acf&quot;:{&quot;keywords&quot;:&quot;&quot;,&quot;shorturl&quot;:&quot;&quot;,&quot;noindex&quot;:false,&quot;planning&quot;:{&quot;price&quot;:&quot;12 EUR \\\/ red. 6 EUR&quot;,&quot;status&quot;:&quot;TIMEFRAME&quot;,&quot;info&quot;:&quot;12 EUR, red. 6 EUR&quot;,&quot;shop&quot;:&quot;https:\\\/\\\/tickets.humboldtforum.org\\\/#\\\/tickets\\\/time?exhibition_id=5&amp;group=timeSlot&quot;,&quot;can_purchase&quot;:true},&quot;display_as_single&quot;:false,&quot;subline&quot;:&quot;Elephant \\u2013 Human \\u2013 Ivory&quot;,&quot;subline_feature&quot;:&quot;&quot;,&quot;marketing_text&quot;:&quot;Elephant \\u2013 Human \\u2013 Ivory&quot;,&quot;shorttext&quot;:&quot;From an ivory artwork, to the image of the tusk, to the entire animal: an exhibition on the connection between elephant, human and ivory&quot;,&quot;longtext&quot;:&quot;&quot;,&quot;highlight_header&quot;:true,&quot;featured_images&quot;:[21515,21503],&quot;video&quot;:false,&quot;hyphenation&quot;:true,&quot;tipp&quot;:false,&quot;alert_text&quot;:&quot;extended until 23.01.2022&quot;,&quot;joker&quot;:true,&quot;live&quot;:false,&quot;overwrite_date&quot;:&quot;&quot;,&quot;period_exception&quot;:[{&quot;label&quot;:&quot;Er\\u00f6ffnung&quot;,&quot;date&quot;:&quot;202107200000&quot;,&quot;closed&quot;:false,&quot;start&quot;:&quot;16:30&quot;,&quot;end&quot;:&quot;20:00&quot;,&quot;date_HRFSHORT&quot;:&quot;20\\\/07\\\/21&quot;},{&quot;label&quot;:&quot;&quot;,&quot;date&quot;:&quot;202109220000&quot;,&quot;closed&quot;:true,&quot;start&quot;:null,&quot;end&quot;:null,&quot;date_HRFSHORT&quot;:&quot;22\\\/09\\\/21&quot;}],&quot;periods&quot;:[{&quot;label&quot;:&quot;&quot;,&quot;dates&quot;:[{&quot;start&quot;:&quot;202107200000&quot;,&quot;end&quot;:&quot;202201230000&quot;,&quot;has_end&quot;:true,&quot;start_HRFSHORT&quot;:&quot;20\\\/07\\\/21&quot;,&quot;start_HRFSHORT_WD&quot;:&quot;Tue 20\\\/07\\\/2021&quot;,&quot;end_HRFSHORT&quot;:&quot;23\\\/01\\\/22&quot;}],&quot;monday&quot;:[{&quot;start&quot;:&quot;10:00&quot;,&quot;end&quot;:&quot;20:00&quot;,&quot;closed&quot;:false}],&quot;tuesday&quot;:[{&quot;start&quot;:&quot;&quot;,&quot;end&quot;:&quot;&quot;,&quot;closed&quot;:true}],&quot;wednesday&quot;:[{&quot;start&quot;:&quot;10:00&quot;,&quot;end&quot;:&quot;20:00&quot;,&quot;closed&quot;:false}],&quot;thursday&quot;:[{&quot;start&quot;:&quot;10:00&quot;,&quot;end&quot;:&quot;20:00&quot;,&quot;closed&quot;:false}],&quot;friday&quot;:[{&quot;start&quot;:&quot;10:00&quot;,&quot;end&quot;:&quot;22:00&quot;,&quot;closed&quot;:false}],&quot;saturday&quot;:[{&quot;start&quot;:&quot;10:00&quot;,&quot;end&quot;:&quot;22:00&quot;,&quot;closed&quot;:false}],&quot;sunday&quot;:[{&quot;start&quot;:&quot;10:00&quot;,&quot;end&quot;:&quot;20:00&quot;,&quot;closed&quot;:false}],&quot;info&quot;:&quot;&quot;,&quot;description&quot;:&quot;&quot;}],&quot;use_opening_hours_of_the_house&quot;:false,&quot;highlight_header_image&quot;:24722,&quot;has_mobile_format&quot;:true,&quot;highlight_header_image_mobile&quot;:24720,&quot;mobile_video&quot;:false,&quot;tickettext&quot;:&quot;Timed ticket required&quot;,&quot;additional_info&quot;:{&quot;icon&quot;:&quot;0&quot;,&quot;text&quot;:&quot;&quot;},&quot;use_video_in_teasers&quot;:false,&quot;hide_event_in_program&quot;:false,&quot;infotext&quot;:&quot;Book your ticket in advance online or at the box office in the Foyer.&quot;},&quot;period_list&quot;:&quot;&quot;,&quot;period_exception&quot;:&quot;&quot;,&quot;date&quot;:{&quot;infinite&quot;:false,&quot;from_DATE&quot;:202107200000,&quot;from&quot;:1626739200,&quot;from_TIME&quot;:&quot;00:00&quot;,&quot;to&quot;:1642968000,&quot;to_DATE&quot;:202201230000,&quot;to_TIME&quot;:&quot;20:00&quot;,&quot;from_HRFSHORT&quot;:&quot;20 Jul 2021&quot;,&quot;from_HRFSHORT_WD&quot;:&quot;Tue 20\\\/07\\\/2021&quot;,&quot;from_HRF&quot;:&quot;Tue, 20 July 2021&quot;,&quot;to_HRF&quot;:&quot;Sun, 23 January 2022&quot;,&quot;to_HRFSHORT&quot;:&quot;23 Jan 2022&quot;,&quot;to_HRFSHORT_WD&quot;:&quot;Sun 23\\\/01\\\/2022&quot;,&quot;from_to_HRF&quot;:&quot;Tue, 20 July 2021 \\u2013 Sun, 23 January 2022&quot;,&quot;from_to_HRFSHORT&quot;:&quot;20 Jul 2021 \\u2013 23 Jan 2022&quot;,&quot;NXX&quot;:null,&quot;NLAST&quot;:&quot;202201232000&quot;},&quot;alert&quot;:&quot;extended until 23.01.2022&quot;,&quot;partof&quot;:[],&quot;marketing_topic&quot;:&quot;&quot;}' inline-template>\n\t<a href=\"https:\/\/www.humboldtforum.org\/en\/programm\/laufzeitangebot\/exhibition\/terrible-beauty-elephant-human-ivory-24823\/\" class=\"teaser teaser-event-period teaser-event-standard\">\n\t\t<div class=\"row\">\n\t\t\t<div class=\"col-xs-12 teaser-event-image\">\n\t\t\t\t<div class=\"teaser-image teaser-image-no-alternate\">\n\t\t\t\t\t\t\t\t\t\t\t\t\t<span class=\"alert\">extended until 23.01.2022<\/span>\n\t\t\t\t\t\t\t\t\t\t\t\n\t<lazy-media-inline inline-template>\n\t\t<figure itemscope itemtype=\"http:\/\/schema.org\/ImageObject\" class=\"lazy-media-inline \" role=\"group\" id=\"media_69ee59e6c7445\" aria-labelledby=\"desc_media_69ee59e6c7445\">\n\t\t\t<script type=\"application\/json\" ref=\"data\">\n\t\t\t\t{\n\t\t\t\t\"sizes\" : {\"medium\":{\"file\":\"SHF_eb00110733_Key-Visual-Schrecklich-scho\\u0308n-176x300.jpg\",\"width\":176,\"height\":300,\"mime-type\":\"image\\\/jpeg\"},\"large\":{\"file\":\"SHF_eb00110733_Key-Visual-Schrecklich-scho\\u0308n-600x1024.jpg\",\"width\":600,\"height\":1024,\"mime-type\":\"image\\\/jpeg\"},\"thumbnail\":{\"file\":\"SHF_eb00110733_Key-Visual-Schrecklich-scho\\u0308n-150x150.jpg\",\"width\":150,\"height\":150,\"mime-type\":\"image\\\/jpeg\"},\"medium_large\":{\"file\":\"SHF_eb00110733_Key-Visual-Schrecklich-scho\\u0308n-768x1312.jpg\",\"width\":768,\"height\":1312,\"mime-type\":\"image\\\/jpeg\"},\"small\":{\"file\":\"SHF_eb00110733_Key-Visual-Schrecklich-scho\\u0308n-258x440.jpg\",\"width\":258,\"height\":440,\"mime-type\":\"image\\\/jpeg\"},\"semi\":{\"file\":\"SHF_eb00110733_Key-Visual-Schrecklich-scho\\u0308n-340x580.jpg\",\"width\":340,\"height\":580,\"mime-type\":\"image\\\/jpeg\"},\"mobile\":{\"file\":\"SHF_eb00110733_Key-Visual-Schrecklich-scho\\u0308n-422x720.jpg\",\"width\":422,\"height\":720,\"mime-type\":\"image\\\/jpeg\"},\"hd\":{\"file\":\"SHF_eb00110733_Key-Visual-Schrecklich-scho\\u0308n-749x1280.jpg\",\"width\":749,\"height\":1280,\"mime-type\":\"image\\\/jpeg\"},\"full\":{\"file\":\"SHF_eb00110733_Key-Visual-Schrecklich-scho\\u0308n-1124x1920.jpg\",\"width\":1124,\"height\":1920,\"mime-type\":\"image\\\/jpeg\"},\"1536x1536\":{\"file\":\"SHF_eb00110733_Key-Visual-Schrecklich-scho\\u0308n-899x1536.jpg\",\"width\":899,\"height\":1536,\"mime-type\":\"image\\\/jpeg\"},\"original\":{\"file\":\"SHF_eb00110733_Key-Visual-Schrecklich-scho\\u0308n.jpg\",\"width\":1171,\"height\":2000}},\n\t\t\t\t\"alt\" : \"Creative depiction of elephant eyes within a decorative frame on a black background.\",\n\t\t\t\t\"path\" : \"\\\/wp-content\\\/uploads\\\/2021\\\/06\\\/\",\n\t\t\t\t\"video\" : null,\n\t\t\t\t\"autoplay\" : null,\n\t\t\t\t\"youtube\" : null,\n\t\t\t\t\"youtubelabel\" : \"Play video\",\n\t\t\t\t\"brightness\" : 100,\n\t\t\t\t\"crop\" : {\"top\":\"38.34\",\"left\":\"49.46\"},\n\t\t\t\t\"background\" : true,\n\t\t\t\t\"scale\" : 2\t\t\t\t}\n\t\t\t<\/script>\n\n\t\t\t<div class=\"height-container\" style=\"padding-bottom:170.79419299744%;\" v-if=\"sizes\">\n\t\t\t\t\t\t\t\t<lazy-media :inline=\"true\" :alt=\"alt\" :sizes=\"sizes\" :scale=\"scale\" :brightness=\"brightness\" :path=\"path\" :video=\"video\" :autoplay=\"autoplay\" :youtube=\"youtube\" :crop=\"crop\" :youtubelabel=\"youtubelabel\" :background=\"background\" media-id=\"desc_media_69ee59e6c7445\"><\/lazy-media>\n\t\t\t\t\t\t\t<\/div>\n\n\t\t\t\t\t\t\t<figcaption class=\"sr-only\" ref=\"body\" id=\"desc_media_69ee59e6c7445\">\n\t\t\t\t\t\t\t\t\t\t\t\t\t\t\t\t\t\t\t\t\t<div class=\"insignificant\">\u00a9 Stiftung Humboldt Forum im Berliner Schloss; Getty Images \/ Parimal Bansode; bpk \/ Museum f\u00fcr Asiatische Kunst, SMB \/ Ute Franz-Scarciglia; bpk \/ Museum f\u00fcr Islamische Kunst, SMB \/ J\u00fcrgen Liepe; Getty Images \/ Stockbyte\r\n<\/div>\n\t\t\t\t\t\t\t\t\t<\/figcaption>\n\t\t\t\t\t<\/figure>\n\t<\/lazy-media-inline>\n\t\t\t\t<\/div>\n\t\t\t<\/div>\n\t\t\t<div class=\"col-xs-12 teaser-event-text Infos\">\n\t\t\t\t<div class=\"teaser-event-standard-text\">\n\t\t\t\t\t<div class=\"margin-bottom-atom\">\n\t\t\t\t\t\t<div class=\"subline clamp-1\" v-html=\"maingenre\"><\/div>\n\t\t\t\t\t\t\t\t\t\t\t<\/div>\n\t\t\t\t\n\t\t\t\t\t<strong class=\"margin-bottom-atom\">Terrible Beauty<\/strong>\n\n\t\t\t\t\t\t\t\t\t\t\t<div class=\"\">Elephant \u2013 Human \u2013 Ivory<\/div>\n\t\t\t\t\t\t\t\t\t<\/div>\n\t\t\t\t<div class=\"teaser-bottom border-bottom\">\n\t\t\t\t<calendardateline :rawitem='item' :show-icon=\"true\"><\/calendardateline>\n\t\t\t\t\t<hr>\n\t\t\t\t<\/div>\n\t\t\t<\/div>\n\t\t<\/div>\n\t<\/a>\n\t<\/calendarteaser>\n<\/li>\n\n<li class=\"col-xs-6 col-sm-4 col-md-3 teaser-wrapper col-padding-remove\">\n\t<calendarteaser key=\"1647817774\" rawitem='{&quot;postId&quot;:16478,&quot;title&quot;:&quot;Have a Seat!&quot;,&quot;excerpt&quot;:&quot;When, where, why and how do we sit? An exhibition about sitting, taking a seat and making space for children and families.&quot;,&quot;slug&quot;:&quot;have-a-seat&quot;,&quot;post_date&quot;:&quot;2020-11-29T21:54&quot;,&quot;type&quot;:&quot;event-period&quot;,&quot;permalink&quot;:&quot;https:\\\/\\\/www.humboldtforum.org\\\/en\\\/programm\\\/laufzeitangebot\\\/exhibition\\\/have-a-seat-16478\\\/&quot;,&quot;genre&quot;:[552],&quot;genre_details&quot;:[{&quot;text&quot;:&quot;Exhibition&quot;,&quot;id&quot;:552,&quot;icon&quot;:null,&quot;parent&quot;:0}],&quot;stakeholder&quot;:[595],&quot;stakeholder_details&quot;:[{&quot;text&quot;:&quot;Stiftung Humboldt Forum im Berliner Schloss&quot;,&quot;id&quot;:595,&quot;icon&quot;:null,&quot;parent&quot;:0}],&quot;editorial&quot;:[643,638,634],&quot;editorial_details&quot;:[{&quot;text&quot;:&quot;educational&quot;,&quot;id&quot;:643,&quot;icon&quot;:null,&quot;parent&quot;:0},{&quot;text&quot;:&quot;interactive&quot;,&quot;id&quot;:638,&quot;icon&quot;:null,&quot;parent&quot;:0},{&quot;text&quot;:&quot;playful&quot;,&quot;id&quot;:634,&quot;icon&quot;:null,&quot;parent&quot;:0}],&quot;targetgroup&quot;:[714],&quot;targetgroup_details&quot;:[{&quot;text&quot;:&quot;Children and families&quot;,&quot;id&quot;:714,&quot;icon&quot;:null,&quot;parent&quot;:0}],&quot;language&quot;:[581],&quot;language_details&quot;:[{&quot;text&quot;:&quot;No language skills required&quot;,&quot;id&quot;:581,&quot;icon&quot;:null,&quot;parent&quot;:0}],&quot;accessability&quot;:[596],&quot;accessability_details&quot;:[{&quot;text&quot;:&quot;Accessible for wheelchairs&quot;,&quot;id&quot;:596,&quot;icon&quot;:null,&quot;parent&quot;:0}],&quot;place&quot;:[602,597],&quot;place_details&quot;:{&quot;place&quot;:&quot;Humboldt Forum&quot;,&quot;map&quot;:&quot;Humboldt Forum, Schlossplatz, Berlin&quot;,&quot;room&quot;:&quot;Ground Floor&quot;},&quot;icon_overwrite&quot;:&quot;&quot;,&quot;acf&quot;:{&quot;shorturl&quot;:&quot;&quot;,&quot;planning&quot;:{&quot;price&quot;:&quot;10 EUR \\\/ red. 5 EUR \\\/ children: free admission&quot;,&quot;status&quot;:&quot;TIMEFRAME&quot;,&quot;info&quot;:&quot;Free admission&quot;,&quot;shop&quot;:&quot;https:\\\/\\\/tickets.humboldtforum.org\\\/#\\\/tickets\\\/time?exhibition_id=4&amp;group=timeSlot&quot;,&quot;can_purchase&quot;:true},&quot;periods&quot;:[{&quot;label&quot;:&quot;&quot;,&quot;dates&quot;:[{&quot;start&quot;:&quot;202107200000&quot;,&quot;end&quot;:&quot;202203270000&quot;,&quot;has_end&quot;:true,&quot;start_HRFSHORT&quot;:&quot;20\\\/07\\\/21&quot;,&quot;start_HRFSHORT_WD&quot;:&quot;Tue 20\\\/07\\\/2021&quot;,&quot;end_HRFSHORT&quot;:&quot;27\\\/03\\\/22&quot;}],&quot;monday&quot;:[{&quot;start&quot;:&quot;10:00&quot;,&quot;end&quot;:&quot;18:00&quot;,&quot;closed&quot;:false}],&quot;tuesday&quot;:[{&quot;start&quot;:&quot;&quot;,&quot;end&quot;:&quot;&quot;,&quot;closed&quot;:true}],&quot;wednesday&quot;:[{&quot;start&quot;:&quot;10:00&quot;,&quot;end&quot;:&quot;18:00&quot;,&quot;closed&quot;:false}],&quot;thursday&quot;:[{&quot;start&quot;:&quot;10:00&quot;,&quot;end&quot;:&quot;18:00&quot;,&quot;closed&quot;:false}],&quot;friday&quot;:[{&quot;start&quot;:&quot;10:00&quot;,&quot;end&quot;:&quot;18:00&quot;,&quot;closed&quot;:false}],&quot;saturday&quot;:[{&quot;start&quot;:&quot;10:00&quot;,&quot;end&quot;:&quot;18:00&quot;,&quot;closed&quot;:false}],&quot;sunday&quot;:[{&quot;start&quot;:&quot;10:00&quot;,&quot;end&quot;:&quot;18:00&quot;,&quot;closed&quot;:false}],&quot;info&quot;:&quot;&quot;,&quot;description&quot;:&quot;&quot;},{&quot;label&quot;:&quot;&quot;,&quot;dates&quot;:[{&quot;start&quot;:&quot;202202070000&quot;,&quot;end&quot;:&quot;202202280000&quot;,&quot;has_end&quot;:true,&quot;start_HRFSHORT&quot;:&quot;07\\\/02\\\/22&quot;,&quot;start_HRFSHORT_WD&quot;:&quot;Mon 07\\\/02\\\/2022&quot;,&quot;end_HRFSHORT&quot;:&quot;28\\\/02\\\/22&quot;}],&quot;monday&quot;:[{&quot;start&quot;:&quot;11:00&quot;,&quot;end&quot;:&quot;18:00&quot;,&quot;closed&quot;:false}],&quot;tuesday&quot;:[{&quot;start&quot;:null,&quot;end&quot;:null,&quot;closed&quot;:true}],&quot;wednesday&quot;:[{&quot;start&quot;:&quot;11:00&quot;,&quot;end&quot;:&quot;18:00&quot;,&quot;closed&quot;:false}],&quot;thursday&quot;:[{&quot;start&quot;:&quot;11:00&quot;,&quot;end&quot;:&quot;18:00&quot;,&quot;closed&quot;:false}],&quot;friday&quot;:[{&quot;start&quot;:&quot;11:00&quot;,&quot;end&quot;:&quot;18:00&quot;,&quot;closed&quot;:false}],&quot;saturday&quot;:[{&quot;start&quot;:&quot;12:00&quot;,&quot;end&quot;:&quot;18:00&quot;,&quot;closed&quot;:false}],&quot;sunday&quot;:[{&quot;start&quot;:&quot;12:00&quot;,&quot;end&quot;:&quot;18:00&quot;,&quot;closed&quot;:false}],&quot;info&quot;:&quot;&quot;,&quot;description&quot;:&quot;&quot;}],&quot;display_as_single&quot;:false,&quot;subline&quot;:&quot;For children and families&quot;,&quot;marketing_text&quot;:&quot;An exhibition for children and families&quot;,&quot;shorttext&quot;:&quot;When, where, why and how do we sit? An exhibition about sitting, taking a seat and making space for children and families.&quot;,&quot;highlight_header&quot;:true,&quot;featured_images&quot;:false,&quot;hyphenation&quot;:true,&quot;tipp&quot;:false,&quot;joker&quot;:false,&quot;live&quot;:false,&quot;has_mobile_format&quot;:true,&quot;highlight_header_image&quot;:26138,&quot;highlight_header_image_mobile&quot;:26134,&quot;noindex&quot;:false,&quot;keywords&quot;:&quot;&quot;,&quot;use_opening_hours_of_the_house&quot;:false,&quot;tickettext&quot;:&quot;Timed ticket required: 12noon\\\/2pm\\\/4pm&quot;,&quot;additional_info&quot;:{&quot;icon&quot;:&quot;0&quot;,&quot;text&quot;:&quot;&quot;},&quot;use_video_in_teasers&quot;:false,&quot;hide_event_in_program&quot;:false,&quot;infotext&quot;:&quot;Admission for adults only when accompanied by children&quot;,&quot;period_exception&quot;:[]},&quot;period_list&quot;:&quot;&quot;,&quot;period_exception&quot;:&quot;&quot;,&quot;date&quot;:{&quot;infinite&quot;:false,&quot;from_DATE&quot;:202107200000,&quot;from&quot;:1626739200,&quot;from_TIME&quot;:&quot;00:00&quot;,&quot;to&quot;:1648404000,&quot;to_DATE&quot;:202203270000,&quot;to_TIME&quot;:&quot;18:00&quot;,&quot;from_HRFSHORT&quot;:&quot;20 Jul 2021&quot;,&quot;from_HRFSHORT_WD&quot;:&quot;Tue 20\\\/07\\\/2021&quot;,&quot;from_HRF&quot;:&quot;Tue, 20 July 2021&quot;,&quot;to_HRF&quot;:&quot;Sun, 27 March 2022&quot;,&quot;to_HRFSHORT&quot;:&quot;27 Mar 2022&quot;,&quot;to_HRFSHORT_WD&quot;:&quot;Sun 27\\\/03\\\/2022&quot;,&quot;from_to_HRF&quot;:&quot;Tue, 20 July 2021 \\u2013 Sun, 27 March 2022&quot;,&quot;from_to_HRFSHORT&quot;:&quot;20 Jul 2021 \\u2013 27 Mar 2022&quot;,&quot;NXX&quot;:null,&quot;NLAST&quot;:&quot;202203271800&quot;},&quot;alert&quot;:&quot;Highlight&quot;,&quot;partof&quot;:[],&quot;marketing_topic&quot;:&quot;&quot;}' inline-template>\n\t<a href=\"https:\/\/www.humboldtforum.org\/en\/programm\/laufzeitangebot\/exhibition\/have-a-seat-16478\/\" class=\"teaser teaser-event-period teaser-event-standard\">\n\t\t<div class=\"row\">\n\t\t\t<div class=\"col-xs-12 teaser-event-image\">\n\t\t\t\t<div class=\"teaser-image teaser-image-no-alternate\">\n\t\t\t\t\t\t\t\t\t\t\t\t\t<span class=\"alert\">Highlight<\/span>\n\t\t\t\t\t\t\t\t\t\t\t\n\t<lazy-media-inline inline-template>\n\t\t<figure itemscope itemtype=\"http:\/\/schema.org\/ImageObject\" class=\"lazy-media-inline \" role=\"group\" id=\"media_69ee59e6c7fde\" aria-labelledby=\"desc_media_69ee59e6c7fde\">\n\t\t\t<script type=\"application\/json\" ref=\"data\">\n\t\t\t\t{\n\t\t\t\t\"sizes\" : {\"medium\":{\"file\":\"SHF_eb00111626-176x300.jpg\",\"width\":176,\"height\":300,\"mime-type\":\"image\\\/jpeg\"},\"large\":{\"file\":\"SHF_eb00111626-600x1024.jpg\",\"width\":600,\"height\":1024,\"mime-type\":\"image\\\/jpeg\"},\"thumbnail\":{\"file\":\"SHF_eb00111626-150x150.jpg\",\"width\":150,\"height\":150,\"mime-type\":\"image\\\/jpeg\"},\"medium_large\":{\"file\":\"SHF_eb00111626-768x1312.jpg\",\"width\":768,\"height\":1312,\"mime-type\":\"image\\\/jpeg\"},\"small\":{\"file\":\"SHF_eb00111626-258x440.jpg\",\"width\":258,\"height\":440,\"mime-type\":\"image\\\/jpeg\"},\"semi\":{\"file\":\"SHF_eb00111626-340x580.jpg\",\"width\":340,\"height\":580,\"mime-type\":\"image\\\/jpeg\"},\"mobile\":{\"file\":\"SHF_eb00111626-422x720.jpg\",\"width\":422,\"height\":720,\"mime-type\":\"image\\\/jpeg\"},\"hd\":{\"file\":\"SHF_eb00111626-749x1280.jpg\",\"width\":749,\"height\":1280,\"mime-type\":\"image\\\/jpeg\"},\"full\":{\"file\":\"SHF_eb00111626-1124x1920.jpg\",\"width\":1124,\"height\":1920,\"mime-type\":\"image\\\/jpeg\"},\"1536x1536\":{\"file\":\"SHF_eb00111626-899x1536.jpg\",\"width\":899,\"height\":1536,\"mime-type\":\"image\\\/jpeg\"},\"original\":{\"file\":\"SHF_eb00111626.jpg\",\"width\":1199,\"height\":2048}},\n\t\t\t\t\"alt\" : \"Illustration with a colorful background, text \\\"Have a Seat!\\\", and stylized figures around a building.\",\n\t\t\t\t\"path\" : \"\\\/wp-content\\\/uploads\\\/2020\\\/11\\\/\",\n\t\t\t\t\"video\" : null,\n\t\t\t\t\"autoplay\" : null,\n\t\t\t\t\"youtube\" : null,\n\t\t\t\t\"youtubelabel\" : \"Play video\",\n\t\t\t\t\"brightness\" : 100,\n\t\t\t\t\"crop\" : {\"top\":\"41.00\",\"left\":\"50.00\"},\n\t\t\t\t\"background\" : true,\n\t\t\t\t\"scale\" : 2\t\t\t\t}\n\t\t\t<\/script>\n\n\t\t\t<div class=\"height-container\" style=\"padding-bottom:170.80900750626%;\" v-if=\"sizes\">\n\t\t\t\t\t\t\t\t<lazy-media :inline=\"true\" :alt=\"alt\" :sizes=\"sizes\" :scale=\"scale\" :brightness=\"brightness\" :path=\"path\" :video=\"video\" :autoplay=\"autoplay\" :youtube=\"youtube\" :crop=\"crop\" :youtubelabel=\"youtubelabel\" :background=\"background\" media-id=\"desc_media_69ee59e6c7fde\"><\/lazy-media>\n\t\t\t\t\t\t\t<\/div>\n\n\t\t\t\t\t\t\t<figcaption class=\"sr-only\" ref=\"body\" id=\"desc_media_69ee59e6c7fde\">\n\t\t\t\t\t\t\t\t\t\t\t\t\t\t\t\t\t\t\t\t\t<div class=\"insignificant\">\u00a9 Stiftung Humboldt Forum im Berliner Schloss \/ Larissa Cerny<\/div>\n\t\t\t\t\t\t\t\t\t<\/figcaption>\n\t\t\t\t\t<\/figure>\n\t<\/lazy-media-inline>\n\t\t\t\t<\/div>\n\t\t\t<\/div>\n\t\t\t<div class=\"col-xs-12 teaser-event-text Infos\">\n\t\t\t\t<div class=\"teaser-event-standard-text\">\n\t\t\t\t\t<div class=\"margin-bottom-atom\">\n\t\t\t\t\t\t<div class=\"subline clamp-1\" v-html=\"maingenre\"><\/div>\n\t\t\t\t\t\t\t\t\t\t\t<\/div>\n\t\t\t\t\n\t\t\t\t\t<strong class=\"margin-bottom-atom\">Have a Seat!<\/strong>\n\n\t\t\t\t\t\t\t\t\t\t\t<div class=\"\">An exhibition for children and families<\/div>\n\t\t\t\t\t\t\t\t\t<\/div>\n\t\t\t\t<div class=\"teaser-bottom border-bottom\">\n\t\t\t\t<calendardateline :rawitem='item' :show-icon=\"true\"><\/calendardateline>\n\t\t\t\t\t<hr>\n\t\t\t\t<\/div>\n\t\t\t<\/div>\n\t\t<\/div>\n\t<\/a>\n\t<\/calendarteaser>\n<\/li>\n\n<li class=\"col-xs-6 col-sm-4 col-md-3 teaser-wrapper col-padding-remove\">\n\t<calendarteaser key=\"164311779\" rawitem='{&quot;postId&quot;:16431,&quot;title&quot;:&quot;Palace Cellar&quot;,&quot;excerpt&quot;:&quot;Descend to the historic wall remains of the Berlin Palace. Here you will find the first traces of the site\\u2019s history. The archaeological cellar, the only surviving part of the original Berlin Palace, takes you on a tour from the middle ages to the present day.&quot;,&quot;slug&quot;:&quot;palace-cellar&quot;,&quot;post_date&quot;:&quot;2020-10-22T19:05&quot;,&quot;type&quot;:&quot;event-permanent&quot;,&quot;permalink&quot;:&quot;https:\\\/\\\/www.humboldtforum.org\\\/en\\\/programm\\\/dauerangebot\\\/exhibition\\\/palace-cellar-16431\\\/&quot;,&quot;genre&quot;:[552,1538],&quot;genre_details&quot;:[{&quot;text&quot;:&quot;Exhibition&quot;,&quot;id&quot;:552,&quot;icon&quot;:null,&quot;parent&quot;:0},{&quot;text&quot;:&quot;Must see&quot;,&quot;id&quot;:1538,&quot;icon&quot;:null,&quot;parent&quot;:0}],&quot;topic&quot;:[590],&quot;topic_details&quot;:[{&quot;text&quot;:&quot;History and Architecture of the Site&quot;,&quot;id&quot;:590,&quot;icon&quot;:null,&quot;parent&quot;:0}],&quot;stakeholder&quot;:[595],&quot;stakeholder_details&quot;:[{&quot;text&quot;:&quot;Stiftung Humboldt Forum im Berliner Schloss&quot;,&quot;id&quot;:595,&quot;icon&quot;:null,&quot;parent&quot;:0}],&quot;editorial&quot;:[1359,1356,615,1355,616],&quot;editorial_details&quot;:[{&quot;text&quot;:&quot;historical&quot;,&quot;id&quot;:1359,&quot;icon&quot;:null,&quot;parent&quot;:0},{&quot;text&quot;:&quot;historisch&quot;,&quot;id&quot;:1356,&quot;icon&quot;:null,&quot;parent&quot;:0},{&quot;text&quot;:&quot;original&quot;,&quot;id&quot;:615,&quot;icon&quot;:null,&quot;parent&quot;:0},{&quot;text&quot;:&quot;unerwartet&quot;,&quot;id&quot;:1355,&quot;icon&quot;:null,&quot;parent&quot;:0},{&quot;text&quot;:&quot;unexpected&quot;,&quot;id&quot;:616,&quot;icon&quot;:null,&quot;parent&quot;:0}],&quot;targetgroup&quot;:[585],&quot;targetgroup_details&quot;:[{&quot;text&quot;:&quot;Adults&quot;,&quot;id&quot;:585,&quot;icon&quot;:null,&quot;parent&quot;:0}],&quot;language&quot;:[580,579],&quot;language_details&quot;:[{&quot;text&quot;:&quot;English&quot;,&quot;id&quot;:580,&quot;icon&quot;:null,&quot;parent&quot;:0},{&quot;text&quot;:&quot;German&quot;,&quot;id&quot;:579,&quot;icon&quot;:null,&quot;parent&quot;:0}],&quot;accessability&quot;:[596],&quot;accessability_details&quot;:[{&quot;text&quot;:&quot;Accessible for wheelchairs&quot;,&quot;id&quot;:596,&quot;icon&quot;:null,&quot;parent&quot;:0}],&quot;place&quot;:[606],&quot;place_details&quot;:{&quot;place&quot;:&quot;Humboldt Forum&quot;,&quot;map&quot;:&quot;Humboldt Forum, Schlossplatz, Berlin&quot;,&quot;room&quot;:&quot;Basement&quot;},&quot;icon_overwrite&quot;:&quot;&quot;,&quot;acf&quot;:{&quot;shorturl&quot;:&quot;palace-cellar&quot;,&quot;subline&quot;:&quot;History of the Site&quot;,&quot;marketing_text&quot;:&quot;Descend to the historic wall remains of the Berlin Palace&quot;,&quot;highlight_header&quot;:true,&quot;highlight_header_image&quot;:142337,&quot;has_mobile_format&quot;:false,&quot;tipp&quot;:false,&quot;joker&quot;:false,&quot;live&quot;:false,&quot;display_as_single&quot;:false,&quot;featured_images&quot;:[14884,14878],&quot;hyphenation&quot;:true,&quot;planning&quot;:{&quot;price&quot;:&quot;Free admission&quot;,&quot;status&quot;:&quot;JOIN&quot;,&quot;info&quot;:&quot;Free admission&quot;,&quot;shop&quot;:&quot;&quot;,&quot;can_purchase&quot;:false},&quot;noindex&quot;:false,&quot;keywords&quot;:&quot;&quot;,&quot;use_opening_hours_of_the_house&quot;:true,&quot;additional_info&quot;:{&quot;icon&quot;:&quot;0&quot;,&quot;text&quot;:&quot;&quot;},&quot;use_video_in_teasers&quot;:false,&quot;hide_event_in_program&quot;:false,&quot;periods&quot;:[{&quot;label&quot;:&quot;&quot;,&quot;dates&quot;:[{&quot;start&quot;:&quot;202301020000&quot;,&quot;end&quot;:&quot;202212310000&quot;,&quot;has_end&quot;:false,&quot;start_HRFSHORT&quot;:&quot;02\\\/01\\\/23&quot;,&quot;start_HRFSHORT_WD&quot;:&quot;Mon 02\\\/01\\\/2023&quot;}],&quot;monday&quot;:[{&quot;start&quot;:&quot;10:30&quot;,&quot;end&quot;:&quot;18:30&quot;,&quot;closed&quot;:false}],&quot;tuesday&quot;:[{&quot;start&quot;:null,&quot;end&quot;:null,&quot;closed&quot;:true}],&quot;wednesday&quot;:[{&quot;start&quot;:&quot;10:30&quot;,&quot;end&quot;:&quot;18:30&quot;,&quot;closed&quot;:false}],&quot;thursday&quot;:[{&quot;start&quot;:&quot;10:30&quot;,&quot;end&quot;:&quot;18:30&quot;,&quot;closed&quot;:false}],&quot;friday&quot;:[{&quot;start&quot;:&quot;10:30&quot;,&quot;end&quot;:&quot;18:30&quot;,&quot;closed&quot;:false}],&quot;saturday&quot;:[{&quot;start&quot;:&quot;10:30&quot;,&quot;end&quot;:&quot;18:30&quot;,&quot;closed&quot;:false}],&quot;sunday&quot;:[{&quot;start&quot;:&quot;10:30&quot;,&quot;end&quot;:&quot;18:30&quot;,&quot;closed&quot;:false}],&quot;info&quot;:&quot;&quot;,&quot;description&quot;:&quot;&quot;}],&quot;events&quot;:[75150],&quot;infotext&quot;:&quot;&quot;,&quot;period_exception&quot;:[{&quot;label&quot;:&quot;&quot;,&quot;date&quot;:&quot;202512240000&quot;,&quot;closed&quot;:true,&quot;start&quot;:null,&quot;end&quot;:null,&quot;date_HRFSHORT&quot;:&quot;24\\\/12\\\/25&quot;},{&quot;label&quot;:&quot;&quot;,&quot;date&quot;:&quot;202512250000&quot;,&quot;closed&quot;:false,&quot;start&quot;:&quot;12:00&quot;,&quot;end&quot;:&quot;18:00&quot;,&quot;date_HRFSHORT&quot;:&quot;25\\\/12\\\/25&quot;},{&quot;label&quot;:&quot;&quot;,&quot;date&quot;:&quot;202412260000&quot;,&quot;closed&quot;:false,&quot;start&quot;:&quot;12:00&quot;,&quot;end&quot;:&quot;18:00&quot;,&quot;date_HRFSHORT&quot;:&quot;26\\\/12\\\/24&quot;},{&quot;label&quot;:&quot;&quot;,&quot;date&quot;:&quot;202512300000&quot;,&quot;closed&quot;:false,&quot;start&quot;:&quot;10:30&quot;,&quot;end&quot;:&quot;18:30&quot;,&quot;date_HRFSHORT&quot;:&quot;30\\\/12\\\/25&quot;},{&quot;label&quot;:&quot;&quot;,&quot;date&quot;:&quot;202512310000&quot;,&quot;closed&quot;:false,&quot;start&quot;:&quot;10:30&quot;,&quot;end&quot;:&quot;16:30&quot;,&quot;date_HRFSHORT&quot;:&quot;31\\\/12\\\/25&quot;},{&quot;label&quot;:&quot;&quot;,&quot;date&quot;:&quot;202601010000&quot;,&quot;closed&quot;:false,&quot;start&quot;:&quot;12:00&quot;,&quot;end&quot;:&quot;18:00&quot;,&quot;date_HRFSHORT&quot;:&quot;01\\\/01\\\/26&quot;}]},&quot;period_list&quot;:&quot;&lt;strong&gt;Opening hours&lt;\\\/strong&gt;\\nMon, Wed, Thu, Fri, Sat, Sun: 10:30 am \\u2013 6:30 pm  \\nTue: closed\\n\\n&quot;,&quot;period_exception&quot;:&quot;&quot;,&quot;date&quot;:{&quot;infinite&quot;:true,&quot;from_DATE&quot;:202301020000,&quot;from&quot;:1672655400,&quot;from_TIME&quot;:&quot;10:30&quot;,&quot;to&quot;:1808830860,&quot;to_DATE&quot;:202704261831,&quot;to_TIME&quot;:&quot;18:30&quot;,&quot;from_HRFSHORT&quot;:&quot; 2 Jan 2023&quot;,&quot;from_HRFSHORT_WD&quot;:&quot;Mon 02\\\/01\\\/2023&quot;,&quot;from_HRF&quot;:&quot;Mon,  2 January 2023&quot;,&quot;to_HRF&quot;:&quot;Tue, 27 April 2027&quot;,&quot;to_HRFSHORT&quot;:&quot;27 Apr 2027&quot;,&quot;to_HRFSHORT_WD&quot;:&quot;Tue 27\\\/04\\\/2027&quot;,&quot;from_to_HRF&quot;:&quot;Mon,  2 January 2023 \\u2013 Tue, 27 April 2027&quot;,&quot;from_to_HRFSHORT&quot;:&quot; 2 Jan 2023 \\u2013 27 Apr 2027&quot;,&quot;NXX&quot;:&quot;202604261831&quot;,&quot;NLAST&quot;:&quot;202704271301&quot;,&quot;NX&quot;:&quot;20260426&quot;},&quot;alert&quot;:&quot;Highlight&quot;,&quot;partof&quot;:[],&quot;marketing_topic&quot;:&quot;&quot;}' inline-template>\n\t<a href=\"https:\/\/www.humboldtforum.org\/en\/programm\/dauerangebot\/exhibition\/palace-cellar-16431\/\" class=\"teaser teaser-event-permanent teaser-event-standard\">\n\t\t<div class=\"row\">\n\t\t\t<div class=\"col-xs-12 teaser-event-image\">\n\t\t\t\t<div class=\"teaser-image teaser-image-no-alternate\">\n\t\t\t\t\t\t\t\t\t\t\t\t\t<span class=\"alert\">Highlight<\/span>\n\t\t\t\t\t\t\t\t\t\t\t\n\t<lazy-media-inline inline-template>\n\t\t<figure itemscope itemtype=\"http:\/\/schema.org\/ImageObject\" class=\"lazy-media-inline \" role=\"group\" id=\"media_69ee59e6c8b0f\" aria-labelledby=\"desc_media_69ee59e6c8b0f\">\n\t\t\t<script type=\"application\/json\" ref=\"data\">\n\t\t\t\t{\n\t\t\t\t\"sizes\" : {\"medium\":{\"file\":\"SHF_eb00112679-300x225.jpg\",\"width\":300,\"height\":225,\"mime-type\":\"image\\\/jpeg\",\"filesize\":17829},\"large\":{\"file\":\"SHF_eb00112679-1024x768.jpg\",\"width\":1024,\"height\":768,\"mime-type\":\"image\\\/jpeg\",\"filesize\":152677},\"thumbnail\":{\"file\":\"SHF_eb00112679-150x150.jpg\",\"width\":150,\"height\":150,\"mime-type\":\"image\\\/jpeg\",\"filesize\":7052},\"medium_large\":{\"file\":\"SHF_eb00112679-768x576.jpg\",\"width\":768,\"height\":576,\"mime-type\":\"image\\\/jpeg\",\"filesize\":91072},\"small\":{\"file\":\"SHF_eb00112679-440x330.jpg\",\"width\":440,\"height\":330,\"mime-type\":\"image\\\/jpeg\",\"filesize\":34336},\"semi\":{\"file\":\"SHF_eb00112679-580x435.jpg\",\"width\":580,\"height\":435,\"mime-type\":\"image\\\/jpeg\",\"filesize\":55992},\"mobile\":{\"file\":\"SHF_eb00112679-720x540.jpg\",\"width\":720,\"height\":540,\"mime-type\":\"image\\\/jpeg\",\"filesize\":81597},\"hd\":{\"file\":\"SHF_eb00112679-1280x960.jpg\",\"width\":1280,\"height\":960,\"mime-type\":\"image\\\/jpeg\",\"filesize\":228603},\"full\":{\"file\":\"SHF_eb00112679-1920x1440.jpg\",\"width\":1920,\"height\":1440,\"mime-type\":\"image\\\/jpeg\",\"filesize\":481658},\"xxl\":{\"file\":\"SHF_eb00112679-4048x3037.jpg\",\"width\":4048,\"height\":3037,\"mime-type\":\"image\\\/jpeg\",\"filesize\":1955811},\"1536x1536\":{\"file\":\"SHF_eb00112679-1536x1152.jpg\",\"width\":1536,\"height\":1152,\"mime-type\":\"image\\\/jpeg\",\"filesize\":318994},\"2048x2048\":{\"file\":\"SHF_eb00112679-2048x1536.jpg\",\"width\":2048,\"height\":1536,\"mime-type\":\"image\\\/jpeg\",\"filesize\":542017},\"original\":{\"file\":\"SHF_eb00112679.jpg\",\"width\":11608,\"height\":8708}},\n\t\t\t\t\"alt\" : \"Archaeological excavations in a museum room with historical photographs in the background.\",\n\t\t\t\t\"path\" : \"\\\/wp-content\\\/uploads\\\/2020\\\/10\\\/\",\n\t\t\t\t\"video\" : null,\n\t\t\t\t\"autoplay\" : null,\n\t\t\t\t\"youtube\" : null,\n\t\t\t\t\"youtubelabel\" : \"Play video\",\n\t\t\t\t\"brightness\" : 100,\n\t\t\t\t\"crop\" : null,\n\t\t\t\t\"background\" : true,\n\t\t\t\t\"scale\" : 2\t\t\t\t}\n\t\t\t<\/script>\n\n\t\t\t<div class=\"height-container\" style=\"padding-bottom:75.017229496899%;\" v-if=\"sizes\">\n\t\t\t\t\t\t\t\t<lazy-media :inline=\"true\" :alt=\"alt\" :sizes=\"sizes\" :scale=\"scale\" :brightness=\"brightness\" :path=\"path\" :video=\"video\" :autoplay=\"autoplay\" :youtube=\"youtube\" :crop=\"crop\" :youtubelabel=\"youtubelabel\" :background=\"background\" media-id=\"desc_media_69ee59e6c8b0f\"><\/lazy-media>\n\t\t\t\t\t\t\t<\/div>\n\n\t\t\t\t\t\t\t<figcaption class=\"sr-only\" ref=\"body\" id=\"desc_media_69ee59e6c8b0f\">\n\t\t\t\t\t\t\t\t\t\t\t\t\t\t\t\t\t\t\t\t\t<div class=\"insignificant\">\u00a9 Stiftung Humboldt Forum im Berliner Schloss, Foto: Alexander Schippel<\/div>\n\t\t\t\t\t\t\t\t\t<\/figcaption>\n\t\t\t\t\t<\/figure>\n\t<\/lazy-media-inline>\n\t\t\t\t<\/div>\n\t\t\t<\/div>\n\t\t\t<div class=\"col-xs-12 teaser-event-text Infos\">\n\t\t\t\t<div class=\"teaser-event-standard-text\">\n\t\t\t\t\t<div class=\"margin-bottom-atom\">\n\t\t\t\t\t\t<div class=\"subline clamp-1\" v-html=\"maingenre\"><\/div>\n\t\t\t\t\t\t\t\t\t\t\t<\/div>\n\t\t\t\t\n\t\t\t\t\t<strong class=\"margin-bottom-atom\">Palace Cellar<\/strong>\n\n\t\t\t\t\t\t\t\t\t\t\t<div class=\"\">Descend to the historic wall remains of the Berlin Palace<\/div>\n\t\t\t\t\t\t\t\t\t<\/div>\n\t\t\t\t<div class=\"teaser-bottom border-bottom\">\n\t\t\t\t<calendardateline :rawitem='item' :show-icon=\"true\"><\/calendardateline>\n\t\t\t\t\t<hr>\n\t\t\t\t<\/div>\n\t\t\t<\/div>\n\t\t<\/div>\n\t<\/a>\n\t<\/calendarteaser>\n<\/li>\n\n<li class=\"col-xs-6 col-sm-4 col-md-3 teaser-wrapper col-padding-remove\">\n\t<calendarteaser key=\"1664611098\" rawitem='{&quot;postId&quot;:16646,&quot;title&quot;:&quot;Impressions. The Humboldt Brothers&quot;,&quot;excerpt&quot;:&quot;&quot;,&quot;slug&quot;:&quot;impressions&quot;,&quot;post_date&quot;:&quot;2020-10-23T15:07&quot;,&quot;type&quot;:&quot;event-permanent&quot;,&quot;permalink&quot;:&quot;https:\\\/\\\/www.humboldtforum.org\\\/en\\\/programm\\\/dauerangebot\\\/exhibition\\\/impressions-16646\\\/&quot;,&quot;genre&quot;:[552],&quot;genre_details&quot;:[{&quot;text&quot;:&quot;Exhibition&quot;,&quot;id&quot;:552,&quot;icon&quot;:null,&quot;parent&quot;:0}],&quot;topic&quot;:[589],&quot;topic_details&quot;:[{&quot;text&quot;:&quot;The Humboldt Brothers&quot;,&quot;id&quot;:589,&quot;icon&quot;:null,&quot;parent&quot;:0}],&quot;stakeholder&quot;:[595],&quot;stakeholder_details&quot;:[{&quot;text&quot;:&quot;Stiftung Humboldt Forum im Berliner Schloss&quot;,&quot;id&quot;:595,&quot;icon&quot;:null,&quot;parent&quot;:0}],&quot;editorial&quot;:[652,637,651],&quot;editorial_details&quot;:[{&quot;text&quot;:&quot;close&quot;,&quot;id&quot;:652,&quot;icon&quot;:null,&quot;parent&quot;:0},{&quot;text&quot;:&quot;engaging&quot;,&quot;id&quot;:637,&quot;icon&quot;:null,&quot;parent&quot;:0},{&quot;text&quot;:&quot;insightful&quot;,&quot;id&quot;:651,&quot;icon&quot;:null,&quot;parent&quot;:0}],&quot;targetgroup&quot;:[585],&quot;targetgroup_details&quot;:[{&quot;text&quot;:&quot;Adults&quot;,&quot;id&quot;:585,&quot;icon&quot;:null,&quot;parent&quot;:0}],&quot;language&quot;:[580,579],&quot;language_details&quot;:[{&quot;text&quot;:&quot;English&quot;,&quot;id&quot;:580,&quot;icon&quot;:null,&quot;parent&quot;:0},{&quot;text&quot;:&quot;German&quot;,&quot;id&quot;:579,&quot;icon&quot;:null,&quot;parent&quot;:0}],&quot;accessability&quot;:[596],&quot;accessability_details&quot;:[{&quot;text&quot;:&quot;Accessible for wheelchairs&quot;,&quot;id&quot;:596,&quot;icon&quot;:null,&quot;parent&quot;:0}],&quot;place&quot;:[1937,1510],&quot;place_details&quot;:{&quot;place&quot;:&quot;Stair Hall Ground floor&quot;,&quot;map&quot;:&quot;Humboldt Forum, Schlossplatz, Berlin&quot;,&quot;room&quot;:&quot;Treppenhalle, EG&quot;},&quot;icon_overwrite&quot;:&quot;&quot;,&quot;acf&quot;:{&quot;shorturl&quot;:&quot;&quot;,&quot;marketing_text&quot;:&quot;Who were Alexander and Wilhelm von Humboldt?&quot;,&quot;highlight_header&quot;:false,&quot;highlight_header_image&quot;:18121,&quot;has_mobile_format&quot;:true,&quot;tipp&quot;:false,&quot;joker&quot;:false,&quot;live&quot;:false,&quot;display_as_single&quot;:false,&quot;highlight_header_image_mobile&quot;:18123,&quot;mobile_video&quot;:false,&quot;hyphenation&quot;:false,&quot;planning&quot;:{&quot;price&quot;:&quot;Free admission&quot;,&quot;status&quot;:&quot;JOIN&quot;,&quot;info&quot;:&quot;Reopening in January 2026&quot;,&quot;shop&quot;:&quot;&quot;,&quot;can_purchase&quot;:false},&quot;periods&quot;:[{&quot;label&quot;:&quot;&quot;,&quot;dates&quot;:[{&quot;start&quot;:&quot;202301020000&quot;,&quot;end&quot;:&quot;202212310000&quot;,&quot;has_end&quot;:false,&quot;start_HRFSHORT&quot;:&quot;02\\\/01\\\/23&quot;,&quot;start_HRFSHORT_WD&quot;:&quot;Mon 02\\\/01\\\/2023&quot;}],&quot;monday&quot;:[{&quot;start&quot;:&quot;10:30&quot;,&quot;end&quot;:&quot;18:30&quot;,&quot;closed&quot;:false}],&quot;tuesday&quot;:[{&quot;start&quot;:null,&quot;end&quot;:null,&quot;closed&quot;:true}],&quot;wednesday&quot;:[{&quot;start&quot;:&quot;10:30&quot;,&quot;end&quot;:&quot;18:30&quot;,&quot;closed&quot;:false}],&quot;thursday&quot;:[{&quot;start&quot;:&quot;10:30&quot;,&quot;end&quot;:&quot;18:30&quot;,&quot;closed&quot;:false}],&quot;friday&quot;:[{&quot;start&quot;:&quot;10:30&quot;,&quot;end&quot;:&quot;18:30&quot;,&quot;closed&quot;:false}],&quot;saturday&quot;:[{&quot;start&quot;:&quot;10:30&quot;,&quot;end&quot;:&quot;18:30&quot;,&quot;closed&quot;:false}],&quot;sunday&quot;:[{&quot;start&quot;:&quot;10:30&quot;,&quot;end&quot;:&quot;18:30&quot;,&quot;closed&quot;:false}],&quot;info&quot;:&quot;&quot;,&quot;description&quot;:&quot;&quot;}],&quot;period_exception&quot;:[{&quot;label&quot;:&quot;New Year&#039;s Eve&quot;,&quot;date&quot;:&quot;202112310000&quot;,&quot;closed&quot;:false,&quot;start&quot;:null,&quot;end&quot;:null,&quot;date_HRFSHORT&quot;:&quot;31\\\/12\\\/21&quot;},{&quot;label&quot;:&quot;&quot;,&quot;date&quot;:&quot;202512240000&quot;,&quot;closed&quot;:true,&quot;start&quot;:null,&quot;end&quot;:null,&quot;date_HRFSHORT&quot;:&quot;24\\\/12\\\/25&quot;},{&quot;label&quot;:&quot;&quot;,&quot;date&quot;:&quot;202512250000&quot;,&quot;closed&quot;:false,&quot;start&quot;:&quot;12:00&quot;,&quot;end&quot;:&quot;18:00&quot;,&quot;date_HRFSHORT&quot;:&quot;25\\\/12\\\/25&quot;},{&quot;label&quot;:&quot;&quot;,&quot;date&quot;:&quot;202412260000&quot;,&quot;closed&quot;:false,&quot;start&quot;:&quot;12:00&quot;,&quot;end&quot;:&quot;18:00&quot;,&quot;date_HRFSHORT&quot;:&quot;26\\\/12\\\/24&quot;},{&quot;label&quot;:&quot;&quot;,&quot;date&quot;:&quot;202512300000&quot;,&quot;closed&quot;:false,&quot;start&quot;:&quot;10:30&quot;,&quot;end&quot;:&quot;18:30&quot;,&quot;date_HRFSHORT&quot;:&quot;30\\\/12\\\/25&quot;},{&quot;label&quot;:&quot;&quot;,&quot;date&quot;:&quot;202512310000&quot;,&quot;closed&quot;:false,&quot;start&quot;:&quot;10:30&quot;,&quot;end&quot;:&quot;16:30&quot;,&quot;date_HRFSHORT&quot;:&quot;31\\\/12\\\/25&quot;},{&quot;label&quot;:&quot;&quot;,&quot;date&quot;:&quot;202601010000&quot;,&quot;closed&quot;:false,&quot;start&quot;:&quot;12:00&quot;,&quot;end&quot;:&quot;18:00&quot;,&quot;date_HRFSHORT&quot;:&quot;01\\\/01\\\/26&quot;}],&quot;noindex&quot;:false,&quot;keywords&quot;:&quot;&quot;,&quot;featured_images&quot;:[24162,24160],&quot;use_opening_hours_of_the_house&quot;:true,&quot;additional_info&quot;:{&quot;icon&quot;:&quot;0&quot;,&quot;text&quot;:&quot;&quot;},&quot;use_video_in_teasers&quot;:false,&quot;hide_event_in_program&quot;:false},&quot;period_list&quot;:&quot;&lt;strong&gt;Opening hours&lt;\\\/strong&gt;\\nMon, Wed, Thu, Fri, Sat, Sun: 10:30 am \\u2013 6:30 pm  \\nTue: closed\\n\\n&quot;,&quot;period_exception&quot;:&quot;&quot;,&quot;date&quot;:{&quot;infinite&quot;:true,&quot;from_DATE&quot;:202301020000,&quot;from&quot;:1672655400,&quot;from_TIME&quot;:&quot;10:30&quot;,&quot;to&quot;:1808830860,&quot;to_DATE&quot;:202704261831,&quot;to_TIME&quot;:&quot;18:30&quot;,&quot;from_HRFSHORT&quot;:&quot; 2 Jan 2023&quot;,&quot;from_HRFSHORT_WD&quot;:&quot;Mon 02\\\/01\\\/2023&quot;,&quot;from_HRF&quot;:&quot;Mon,  2 January 2023&quot;,&quot;to_HRF&quot;:&quot;Tue, 27 April 2027&quot;,&quot;to_HRFSHORT&quot;:&quot;27 Apr 2027&quot;,&quot;to_HRFSHORT_WD&quot;:&quot;Tue 27\\\/04\\\/2027&quot;,&quot;from_to_HRF&quot;:&quot;Mon,  2 January 2023 \\u2013 Tue, 27 April 2027&quot;,&quot;from_to_HRFSHORT&quot;:&quot; 2 Jan 2023 \\u2013 27 Apr 2027&quot;,&quot;NXX&quot;:&quot;202604261831&quot;,&quot;NLAST&quot;:&quot;202704271301&quot;,&quot;NX&quot;:&quot;20260426&quot;},&quot;alert&quot;:null,&quot;partof&quot;:[],&quot;marketing_topic&quot;:&quot;&quot;}' inline-template>\n\t<a href=\"https:\/\/www.humboldtforum.org\/en\/programm\/dauerangebot\/exhibition\/impressions-16646\/\" class=\"teaser teaser-event-permanent teaser-event-standard\">\n\t\t<div class=\"row\">\n\t\t\t<div class=\"col-xs-12 teaser-event-image\">\n\t\t\t\t<div class=\"teaser-image teaser-image-no-alternate\">\n\t\t\t\t\t\t\t\t\t\t\t\n\t<lazy-media-inline inline-template>\n\t\t<figure itemscope itemtype=\"http:\/\/schema.org\/ImageObject\" class=\"lazy-media-inline \" role=\"group\" id=\"media_69ee59e6c9579\" aria-labelledby=\"desc_media_69ee59e6c9579\">\n\t\t\t<script type=\"application\/json\" ref=\"data\">\n\t\t\t\t{\n\t\t\t\t\"sizes\" : {\"medium\":{\"file\":\"SHF_eb00108795-300x225.jpg\",\"width\":300,\"height\":225,\"mime-type\":\"image\\\/jpeg\"},\"large\":{\"file\":\"SHF_eb00108795-1024x768.jpg\",\"width\":1024,\"height\":768,\"mime-type\":\"image\\\/jpeg\"},\"thumbnail\":{\"file\":\"SHF_eb00108795-150x150.jpg\",\"width\":150,\"height\":150,\"mime-type\":\"image\\\/jpeg\"},\"medium_large\":{\"file\":\"SHF_eb00108795-768x576.jpg\",\"width\":768,\"height\":576,\"mime-type\":\"image\\\/jpeg\"},\"small\":{\"file\":\"SHF_eb00108795-440x330.jpg\",\"width\":440,\"height\":330,\"mime-type\":\"image\\\/jpeg\"},\"semi\":{\"file\":\"SHF_eb00108795-580x435.jpg\",\"width\":580,\"height\":435,\"mime-type\":\"image\\\/jpeg\"},\"mobile\":{\"file\":\"SHF_eb00108795-720x540.jpg\",\"width\":720,\"height\":540,\"mime-type\":\"image\\\/jpeg\"},\"hd\":{\"file\":\"SHF_eb00108795-1280x960.jpg\",\"width\":1280,\"height\":960,\"mime-type\":\"image\\\/jpeg\"},\"full\":{\"file\":\"SHF_eb00108795-1920x1440.jpg\",\"width\":1920,\"height\":1440,\"mime-type\":\"image\\\/jpeg\"},\"1536x1536\":{\"file\":\"SHF_eb00108795-1536x1152.jpg\",\"width\":1536,\"height\":1152,\"mime-type\":\"image\\\/jpeg\"},\"original\":{\"file\":\"SHF_eb00108795.jpg\",\"width\":2000,\"height\":1500}},\n\t\t\t\t\"alt\" : \"Modern architecture with large windows displaying colorful artworks and informative labels.\",\n\t\t\t\t\"path\" : \"\\\/wp-content\\\/uploads\\\/2021\\\/06\\\/\",\n\t\t\t\t\"video\" : null,\n\t\t\t\t\"autoplay\" : null,\n\t\t\t\t\"youtube\" : null,\n\t\t\t\t\"youtubelabel\" : \"Play video\",\n\t\t\t\t\"brightness\" : 100,\n\t\t\t\t\"crop\" : {\"top\":\"50.00\",\"left\":\"50.00\"},\n\t\t\t\t\"background\" : true,\n\t\t\t\t\"scale\" : 2\t\t\t\t}\n\t\t\t<\/script>\n\n\t\t\t<div class=\"height-container\" style=\"padding-bottom:75%;\" v-if=\"sizes\">\n\t\t\t\t\t\t\t\t<lazy-media :inline=\"true\" :alt=\"alt\" :sizes=\"sizes\" :scale=\"scale\" :brightness=\"brightness\" :path=\"path\" :video=\"video\" :autoplay=\"autoplay\" :youtube=\"youtube\" :crop=\"crop\" :youtubelabel=\"youtubelabel\" :background=\"background\" media-id=\"desc_media_69ee59e6c9579\"><\/lazy-media>\n\t\t\t\t\t\t\t<\/div>\n\n\t\t\t\t\t\t\t<figcaption class=\"sr-only\" ref=\"body\" id=\"desc_media_69ee59e6c9579\">\n\t\t\t\t\t\t\t\t\t\t\t\t\t\t\t\t\t\t\t\t\t<div class=\"insignificant\">\u00a9 Stiftung Humboldt Forum im Berliner Schloss \/ Photo: Alexander Schippel<\/div>\n\t\t\t\t\t\t\t\t\t<\/figcaption>\n\t\t\t\t\t<\/figure>\n\t<\/lazy-media-inline>\n\t\t\t\t<\/div>\n\t\t\t<\/div>\n\t\t\t<div class=\"col-xs-12 teaser-event-text Infos\">\n\t\t\t\t<div class=\"teaser-event-standard-text\">\n\t\t\t\t\t<div class=\"margin-bottom-atom\">\n\t\t\t\t\t\t<div class=\"subline clamp-1\" v-html=\"maingenre\"><\/div>\n\t\t\t\t\t\t\t\t\t\t\t<\/div>\n\t\t\t\t\n\t\t\t\t\t<strong class=\"margin-bottom-atom\">Impressions. The Humboldt Brothers<\/strong>\n\n\t\t\t\t\t\t\t\t\t\t\t<div class=\"\">Who were Alexander and Wilhelm von Humboldt?<\/div>\n\t\t\t\t\t\t\t\t\t<\/div>\n\t\t\t\t<div class=\"teaser-bottom border-bottom\">\n\t\t\t\t<calendardateline :rawitem='item' :show-icon=\"true\"><\/calendardateline>\n\t\t\t\t\t<hr>\n\t\t\t\t<\/div>\n\t\t\t<\/div>\n\t\t<\/div>\n\t<\/a>\n\t<\/calendarteaser>\n<\/li>\n\n<li class=\"col-xs-6 col-sm-4 col-md-3 teaser-wrapper col-padding-remove\">\n\t<calendarteaser key=\"1644017547\" rawitem='{&quot;postId&quot;:16440,&quot;title&quot;:&quot;Video Panorama&quot;,&quot;excerpt&quot;:&quot;Go on a visual time journey from the 12th century to the present day. A collage of still images and films shows not only the history and function of the buildings that once stood on this site, it also highlights the important events that took place here.&quot;,&quot;slug&quot;:&quot;videopanorama&quot;,&quot;post_date&quot;:&quot;2020-10-23T08:52&quot;,&quot;type&quot;:&quot;event-permanent&quot;,&quot;permalink&quot;:&quot;https:\\\/\\\/www.humboldtforum.org\\\/en\\\/programm\\\/dauerangebot\\\/must-see-en\\\/videopanorama-16440\\\/&quot;,&quot;genre&quot;:[1538],&quot;genre_details&quot;:[{&quot;text&quot;:&quot;Must see&quot;,&quot;id&quot;:1538,&quot;icon&quot;:null,&quot;parent&quot;:0}],&quot;topic&quot;:[590],&quot;topic_details&quot;:[{&quot;text&quot;:&quot;History and Architecture of the Site&quot;,&quot;id&quot;:590,&quot;icon&quot;:null,&quot;parent&quot;:0}],&quot;stakeholder&quot;:[595],&quot;stakeholder_details&quot;:[{&quot;text&quot;:&quot;Stiftung Humboldt Forum im Berliner Schloss&quot;,&quot;id&quot;:595,&quot;icon&quot;:null,&quot;parent&quot;:0}],&quot;editorial&quot;:[629,614,1359,1361,1360],&quot;editorial_details&quot;:[{&quot;text&quot;:&quot;exploratory&quot;,&quot;id&quot;:629,&quot;icon&quot;:null,&quot;parent&quot;:0},{&quot;text&quot;:&quot;historic&quot;,&quot;id&quot;:614,&quot;icon&quot;:null,&quot;parent&quot;:0},{&quot;text&quot;:&quot;historical&quot;,&quot;id&quot;:1359,&quot;icon&quot;:null,&quot;parent&quot;:0},{&quot;text&quot;:&quot;impressive&quot;,&quot;id&quot;:1361,&quot;icon&quot;:null,&quot;parent&quot;:0},{&quot;text&quot;:&quot;informative&quot;,&quot;id&quot;:1360,&quot;icon&quot;:null,&quot;parent&quot;:0}],&quot;targetgroup&quot;:[585],&quot;targetgroup_details&quot;:[{&quot;text&quot;:&quot;Adults&quot;,&quot;id&quot;:585,&quot;icon&quot;:null,&quot;parent&quot;:0}],&quot;language&quot;:[580,579],&quot;language_details&quot;:[{&quot;text&quot;:&quot;English&quot;,&quot;id&quot;:580,&quot;icon&quot;:null,&quot;parent&quot;:0},{&quot;text&quot;:&quot;German&quot;,&quot;id&quot;:579,&quot;icon&quot;:null,&quot;parent&quot;:0}],&quot;accessability&quot;:[596],&quot;accessability_details&quot;:[{&quot;text&quot;:&quot;Accessible for wheelchairs&quot;,&quot;id&quot;:596,&quot;icon&quot;:null,&quot;parent&quot;:0}],&quot;place&quot;:[607],&quot;place_details&quot;:{&quot;place&quot;:&quot;Humboldt Forum&quot;,&quot;map&quot;:&quot;Humboldt Forum, Schlossplatz, Berlin&quot;,&quot;room&quot;:&quot;Ground floor, Video Panorama&quot;},&quot;icon_overwrite&quot;:&quot;&quot;,&quot;acf&quot;:{&quot;shorturl&quot;:&quot;videopanorama&quot;,&quot;subline&quot;:&quot;History of the Site&quot;,&quot;marketing_text&quot;:&quot;A visual time journey through 800 years of history&quot;,&quot;highlight_header&quot;:true,&quot;highlight_header_image&quot;:16684,&quot;has_mobile_format&quot;:true,&quot;tipp&quot;:false,&quot;joker&quot;:true,&quot;live&quot;:false,&quot;display_as_single&quot;:false,&quot;hyphenation&quot;:true,&quot;planning&quot;:{&quot;price&quot;:&quot;Free admission &quot;,&quot;status&quot;:&quot;JOIN&quot;,&quot;info&quot;:&quot;&quot;,&quot;shop&quot;:&quot;&quot;,&quot;can_purchase&quot;:false},&quot;periods&quot;:[{&quot;label&quot;:&quot;&quot;,&quot;dates&quot;:[{&quot;start&quot;:&quot;202301020000&quot;,&quot;end&quot;:&quot;202212310000&quot;,&quot;has_end&quot;:false,&quot;start_HRFSHORT&quot;:&quot;02\\\/01\\\/23&quot;,&quot;start_HRFSHORT_WD&quot;:&quot;Mon 02\\\/01\\\/2023&quot;}],&quot;monday&quot;:[{&quot;start&quot;:&quot;10:30&quot;,&quot;end&quot;:&quot;18:30&quot;,&quot;closed&quot;:false}],&quot;tuesday&quot;:[{&quot;start&quot;:null,&quot;end&quot;:null,&quot;closed&quot;:true}],&quot;wednesday&quot;:[{&quot;start&quot;:&quot;10:30&quot;,&quot;end&quot;:&quot;18:30&quot;,&quot;closed&quot;:false}],&quot;thursday&quot;:[{&quot;start&quot;:&quot;10:30&quot;,&quot;end&quot;:&quot;18:30&quot;,&quot;closed&quot;:false}],&quot;friday&quot;:[{&quot;start&quot;:&quot;10:30&quot;,&quot;end&quot;:&quot;18:30&quot;,&quot;closed&quot;:false}],&quot;saturday&quot;:[{&quot;start&quot;:&quot;10:30&quot;,&quot;end&quot;:&quot;18:30&quot;,&quot;closed&quot;:false}],&quot;sunday&quot;:[{&quot;start&quot;:&quot;10:30&quot;,&quot;end&quot;:&quot;18:30&quot;,&quot;closed&quot;:false}],&quot;info&quot;:&quot;&quot;,&quot;description&quot;:&quot;&quot;}],&quot;period_exception&quot;:[{&quot;label&quot;:&quot;New Year&#039;s Eve&quot;,&quot;date&quot;:&quot;202112310000&quot;,&quot;closed&quot;:true,&quot;start&quot;:null,&quot;end&quot;:null,&quot;date_HRFSHORT&quot;:&quot;31\\\/12\\\/21&quot;},{&quot;label&quot;:&quot;&quot;,&quot;date&quot;:&quot;202512240000&quot;,&quot;closed&quot;:true,&quot;start&quot;:null,&quot;end&quot;:null,&quot;date_HRFSHORT&quot;:&quot;24\\\/12\\\/25&quot;},{&quot;label&quot;:&quot;&quot;,&quot;date&quot;:&quot;202512250000&quot;,&quot;closed&quot;:false,&quot;start&quot;:&quot;12:00&quot;,&quot;end&quot;:&quot;18:00&quot;,&quot;date_HRFSHORT&quot;:&quot;25\\\/12\\\/25&quot;},{&quot;label&quot;:&quot;&quot;,&quot;date&quot;:&quot;202412260000&quot;,&quot;closed&quot;:false,&quot;start&quot;:&quot;12:00&quot;,&quot;end&quot;:&quot;18:00&quot;,&quot;date_HRFSHORT&quot;:&quot;26\\\/12\\\/24&quot;},{&quot;label&quot;:&quot;&quot;,&quot;date&quot;:&quot;202512300000&quot;,&quot;closed&quot;:false,&quot;start&quot;:&quot;10:30&quot;,&quot;end&quot;:&quot;18:30&quot;,&quot;date_HRFSHORT&quot;:&quot;30\\\/12\\\/25&quot;},{&quot;label&quot;:&quot;&quot;,&quot;date&quot;:&quot;202512310000&quot;,&quot;closed&quot;:false,&quot;start&quot;:&quot;10:30&quot;,&quot;end&quot;:&quot;16:30&quot;,&quot;date_HRFSHORT&quot;:&quot;31\\\/12\\\/25&quot;},{&quot;label&quot;:&quot;&quot;,&quot;date&quot;:&quot;202601010000&quot;,&quot;closed&quot;:false,&quot;start&quot;:&quot;12:00&quot;,&quot;end&quot;:&quot;18:00&quot;,&quot;date_HRFSHORT&quot;:&quot;01\\\/01\\\/26&quot;}],&quot;highlight_header_image_mobile&quot;:16751,&quot;noindex&quot;:false,&quot;keywords&quot;:&quot;&quot;,&quot;use_opening_hours_of_the_house&quot;:true,&quot;tickettext&quot;:&quot;No timed ticket required&quot;,&quot;additional_info&quot;:{&quot;icon&quot;:&quot;icon-bullet_active&quot;,&quot;text&quot;:&quot;&quot;},&quot;use_video_in_teasers&quot;:false,&quot;hide_event_in_program&quot;:false},&quot;period_list&quot;:&quot;&lt;strong&gt;Opening hours&lt;\\\/strong&gt;\\nMon, Wed, Thu, Fri, Sat, Sun: 10:30 am \\u2013 6:30 pm  \\nTue: closed\\n\\n&quot;,&quot;period_exception&quot;:&quot;&quot;,&quot;date&quot;:{&quot;infinite&quot;:true,&quot;from_DATE&quot;:202301020000,&quot;from&quot;:1672655400,&quot;from_TIME&quot;:&quot;10:30&quot;,&quot;to&quot;:1808830860,&quot;to_DATE&quot;:202704261831,&quot;to_TIME&quot;:&quot;18:30&quot;,&quot;from_HRFSHORT&quot;:&quot; 2 Jan 2023&quot;,&quot;from_HRFSHORT_WD&quot;:&quot;Mon 02\\\/01\\\/2023&quot;,&quot;from_HRF&quot;:&quot;Mon,  2 January 2023&quot;,&quot;to_HRF&quot;:&quot;Tue, 27 April 2027&quot;,&quot;to_HRFSHORT&quot;:&quot;27 Apr 2027&quot;,&quot;to_HRFSHORT_WD&quot;:&quot;Tue 27\\\/04\\\/2027&quot;,&quot;from_to_HRF&quot;:&quot;Mon,  2 January 2023 \\u2013 Tue, 27 April 2027&quot;,&quot;from_to_HRFSHORT&quot;:&quot; 2 Jan 2023 \\u2013 27 Apr 2027&quot;,&quot;NXX&quot;:&quot;202604261831&quot;,&quot;NLAST&quot;:&quot;202704271301&quot;,&quot;NX&quot;:&quot;20260426&quot;},&quot;alert&quot;:&quot;Highlight&quot;,&quot;partof&quot;:[],&quot;marketing_topic&quot;:&quot;&quot;}' inline-template>\n\t<a href=\"https:\/\/www.humboldtforum.org\/en\/programm\/dauerangebot\/must-see-en\/videopanorama-16440\/\" class=\"teaser teaser-event-permanent teaser-event-standard\">\n\t\t<div class=\"row\">\n\t\t\t<div class=\"col-xs-12 teaser-event-image\">\n\t\t\t\t<div class=\"teaser-image teaser-image-no-alternate\">\n\t\t\t\t\t\t\t\t\t\t\t\t\t<span class=\"alert\">Highlight<\/span>\n\t\t\t\t\t\t\t\t\t\t\t\n\t<lazy-media-inline inline-template>\n\t\t<figure itemscope itemtype=\"http:\/\/schema.org\/ImageObject\" class=\"lazy-media-inline \" role=\"group\" id=\"media_69ee59e6ca029\" aria-labelledby=\"desc_media_69ee59e6ca029\">\n\t\t\t<script type=\"application\/json\" ref=\"data\">\n\t\t\t\t{\n\t\t\t\t\"sizes\" : {\"medium\":{\"file\":\"Videopanorama_Mobile-169x300.jpg\",\"width\":169,\"height\":300,\"mime-type\":\"image\\\/jpeg\"},\"large\":{\"file\":\"Videopanorama_Mobile-576x1024.jpg\",\"width\":576,\"height\":1024,\"mime-type\":\"image\\\/jpeg\"},\"thumbnail\":{\"file\":\"Videopanorama_Mobile-150x150.jpg\",\"width\":150,\"height\":150,\"mime-type\":\"image\\\/jpeg\"},\"small\":{\"file\":\"Videopanorama_Mobile-248x440.jpg\",\"width\":248,\"height\":440,\"mime-type\":\"image\\\/jpeg\"},\"semi\":{\"file\":\"Videopanorama_Mobile-326x580.jpg\",\"width\":326,\"height\":580,\"mime-type\":\"image\\\/jpeg\"},\"mobile\":{\"file\":\"Videopanorama_Mobile-405x720.jpg\",\"width\":405,\"height\":720,\"mime-type\":\"image\\\/jpeg\"},\"original\":{\"file\":\"Videopanorama_Mobile.jpg\",\"width\":632,\"height\":1123}},\n\t\t\t\t\"alt\" : \"People are viewing a presentation featuring images of architecture and individuals in a modern exhibition space.\",\n\t\t\t\t\"path\" : \"\\\/wp-content\\\/uploads\\\/2020\\\/10\\\/\",\n\t\t\t\t\"video\" : null,\n\t\t\t\t\"autoplay\" : null,\n\t\t\t\t\"youtube\" : null,\n\t\t\t\t\"youtubelabel\" : \"Play video\",\n\t\t\t\t\"brightness\" : 100,\n\t\t\t\t\"crop\" : {\"top\":\"10.00\",\"left\":\"50.00\"},\n\t\t\t\t\"background\" : true,\n\t\t\t\t\"scale\" : 2\t\t\t\t}\n\t\t\t<\/script>\n\n\t\t\t<div class=\"height-container\" style=\"padding-bottom:177.68987341772%;\" v-if=\"sizes\">\n\t\t\t\t\t\t\t\t<lazy-media :inline=\"true\" :alt=\"alt\" :sizes=\"sizes\" :scale=\"scale\" :brightness=\"brightness\" :path=\"path\" :video=\"video\" :autoplay=\"autoplay\" :youtube=\"youtube\" :crop=\"crop\" :youtubelabel=\"youtubelabel\" :background=\"background\" media-id=\"desc_media_69ee59e6ca029\"><\/lazy-media>\n\t\t\t\t\t\t\t<\/div>\n\n\t\t\t\t\t\t\t<figcaption class=\"sr-only\" ref=\"body\" id=\"desc_media_69ee59e6ca029\">\n\t\t\t\t\t\t\t\t\t\t\t<div>Video Panorama<\/div>\n\t\t\t\t\t\t\t\t\t\t\t\t\t\t\t\t\t\t\t\t\t<div class=\"insignificant\">\u00a9 Stiftung Humboldt Forum im Berliner Schloss \/ Harry Schnitger<\/div>\n\t\t\t\t\t\t\t\t\t<\/figcaption>\n\t\t\t\t\t<\/figure>\n\t<\/lazy-media-inline>\n\t\t\t\t<\/div>\n\t\t\t<\/div>\n\t\t\t<div class=\"col-xs-12 teaser-event-text Infos\">\n\t\t\t\t<div class=\"teaser-event-standard-text\">\n\t\t\t\t\t<div class=\"margin-bottom-atom\">\n\t\t\t\t\t\t<div class=\"subline clamp-1\" v-html=\"maingenre\"><\/div>\n\t\t\t\t\t\t\t\t\t\t\t<\/div>\n\t\t\t\t\n\t\t\t\t\t<strong class=\"margin-bottom-atom\">Video Panorama<\/strong>\n\n\t\t\t\t\t\t\t\t\t\t\t<div class=\"\">A visual time journey through 800 years of history<\/div>\n\t\t\t\t\t\t\t\t\t<\/div>\n\t\t\t\t<div class=\"teaser-bottom border-bottom\">\n\t\t\t\t<calendardateline :rawitem='item' :show-icon=\"true\"><\/calendardateline>\n\t\t\t\t\t<hr>\n\t\t\t\t<\/div>\n\t\t\t<\/div>\n\t\t<\/div>\n\t<\/a>\n\t<\/calendarteaser>\n<\/li>\n\n<li class=\"col-xs-6 col-sm-4 col-md-3 teaser-wrapper col-padding-remove\">\n\t<calendarteaser key=\"1644512445\" rawitem='{&quot;postId&quot;:16445,&quot;title&quot;:&quot;Sculpture Hall&quot;,&quot;excerpt&quot;:&quot;Up close: explore the historic sculptures of the Berlin Palace. On display here are fragments of the Palace from several centuries. Many of them were part of the Baroque facade decoration designed by the palace architect Andreas Schl\\u00fcter (1634\\u20131714).&quot;,&quot;slug&quot;:&quot;sculpture-hall&quot;,&quot;post_date&quot;:&quot;2020-10-22T08:49&quot;,&quot;type&quot;:&quot;event-permanent&quot;,&quot;permalink&quot;:&quot;https:\\\/\\\/www.humboldtforum.org\\\/en\\\/programm\\\/dauerangebot\\\/exhibition\\\/sculpture-hall-16445\\\/&quot;,&quot;genre&quot;:[552],&quot;genre_details&quot;:[{&quot;text&quot;:&quot;Exhibition&quot;,&quot;id&quot;:552,&quot;icon&quot;:null,&quot;parent&quot;:0}],&quot;topic&quot;:[590],&quot;topic_details&quot;:[{&quot;text&quot;:&quot;History and Architecture of the Site&quot;,&quot;id&quot;:590,&quot;icon&quot;:null,&quot;parent&quot;:0}],&quot;stakeholder&quot;:[595],&quot;stakeholder_details&quot;:[{&quot;text&quot;:&quot;Stiftung Humboldt Forum im Berliner Schloss&quot;,&quot;id&quot;:595,&quot;icon&quot;:null,&quot;parent&quot;:0}],&quot;editorial&quot;:[1358,614,1359,615],&quot;editorial_details&quot;:[{&quot;text&quot;:&quot;colossal&quot;,&quot;id&quot;:1358,&quot;icon&quot;:null,&quot;parent&quot;:0},{&quot;text&quot;:&quot;historic&quot;,&quot;id&quot;:614,&quot;icon&quot;:null,&quot;parent&quot;:0},{&quot;text&quot;:&quot;historical&quot;,&quot;id&quot;:1359,&quot;icon&quot;:null,&quot;parent&quot;:0},{&quot;text&quot;:&quot;original&quot;,&quot;id&quot;:615,&quot;icon&quot;:null,&quot;parent&quot;:0}],&quot;targetgroup&quot;:[585],&quot;targetgroup_details&quot;:[{&quot;text&quot;:&quot;Adults&quot;,&quot;id&quot;:585,&quot;icon&quot;:null,&quot;parent&quot;:0}],&quot;language&quot;:[580,579],&quot;language_details&quot;:[{&quot;text&quot;:&quot;English&quot;,&quot;id&quot;:580,&quot;icon&quot;:null,&quot;parent&quot;:0},{&quot;text&quot;:&quot;German&quot;,&quot;id&quot;:579,&quot;icon&quot;:null,&quot;parent&quot;:0}],&quot;accessability&quot;:[596],&quot;accessability_details&quot;:[{&quot;text&quot;:&quot;Accessible for wheelchairs&quot;,&quot;id&quot;:596,&quot;icon&quot;:null,&quot;parent&quot;:0}],&quot;place&quot;:[608],&quot;place_details&quot;:{&quot;place&quot;:&quot;Humboldt Forum&quot;,&quot;map&quot;:&quot;Humboldt Forum, Schlossplatz, Berlin&quot;,&quot;room&quot;:&quot;GF, Sculpture Hall&quot;},&quot;icon_overwrite&quot;:&quot;&quot;,&quot;acf&quot;:{&quot;shorturl&quot;:&quot;sculpture-hall&quot;,&quot;subline&quot;:&quot;History of the Site&quot;,&quot;marketing_text&quot;:&quot;Up close: the sculptures of the Berlin Palace&quot;,&quot;highlight_header&quot;:true,&quot;highlight_header_image&quot;:14090,&quot;has_mobile_format&quot;:true,&quot;tipp&quot;:false,&quot;joker&quot;:false,&quot;live&quot;:false,&quot;highlight_header_image_mobile&quot;:14095,&quot;featured_images&quot;:[16172,14357,16178,16180],&quot;display_as_single&quot;:false,&quot;hyphenation&quot;:false,&quot;planning&quot;:{&quot;price&quot;:&quot;Free admission&quot;,&quot;status&quot;:&quot;JOIN&quot;,&quot;info&quot;:&quot;&quot;,&quot;shop&quot;:&quot;&quot;,&quot;can_purchase&quot;:false},&quot;periods&quot;:[{&quot;label&quot;:&quot;&quot;,&quot;dates&quot;:[{&quot;start&quot;:&quot;202107200000&quot;,&quot;end&quot;:&quot;204601020000&quot;,&quot;has_end&quot;:false,&quot;start_HRFSHORT&quot;:&quot;20\\\/07\\\/21&quot;,&quot;start_HRFSHORT_WD&quot;:&quot;Tue 20\\\/07\\\/2021&quot;}],&quot;monday&quot;:[{&quot;start&quot;:&quot;10:30&quot;,&quot;end&quot;:&quot;18:30&quot;,&quot;closed&quot;:false}],&quot;tuesday&quot;:[{&quot;start&quot;:&quot;10:00&quot;,&quot;end&quot;:&quot;18:00&quot;,&quot;closed&quot;:true}],&quot;wednesday&quot;:[{&quot;start&quot;:&quot;10:30&quot;,&quot;end&quot;:&quot;18:30&quot;,&quot;closed&quot;:false}],&quot;thursday&quot;:[{&quot;start&quot;:&quot;10:30&quot;,&quot;end&quot;:&quot;18:30&quot;,&quot;closed&quot;:false}],&quot;friday&quot;:[{&quot;start&quot;:&quot;10:30&quot;,&quot;end&quot;:&quot;18:30&quot;,&quot;closed&quot;:false}],&quot;saturday&quot;:[{&quot;start&quot;:&quot;10:30&quot;,&quot;end&quot;:&quot;18:30&quot;,&quot;closed&quot;:false}],&quot;sunday&quot;:[{&quot;start&quot;:&quot;10:30&quot;,&quot;end&quot;:&quot;18:30&quot;,&quot;closed&quot;:false}],&quot;info&quot;:&quot;&quot;,&quot;description&quot;:&quot;&quot;}],&quot;period_exception&quot;:[{&quot;label&quot;:&quot;&quot;,&quot;date&quot;:&quot;202404030000&quot;,&quot;closed&quot;:false,&quot;start&quot;:&quot;10:30&quot;,&quot;end&quot;:&quot;13:00&quot;,&quot;date_HRFSHORT&quot;:&quot;03\\\/04\\\/24&quot;},{&quot;label&quot;:&quot;&quot;,&quot;date&quot;:&quot;202404030000&quot;,&quot;closed&quot;:false,&quot;start&quot;:&quot;17:00&quot;,&quot;end&quot;:&quot;18:30&quot;,&quot;date_HRFSHORT&quot;:&quot;03\\\/04\\\/24&quot;}],&quot;noindex&quot;:false,&quot;keywords&quot;:&quot;&quot;,&quot;use_opening_hours_of_the_house&quot;:false,&quot;additional_info&quot;:{&quot;icon&quot;:&quot;icon-bullet_active&quot;,&quot;text&quot;:&quot;&quot;},&quot;use_video_in_teasers&quot;:false,&quot;hide_event_in_program&quot;:false,&quot;events&quot;:[146411,75189,160800]},&quot;period_list&quot;:&quot;&lt;strong&gt;Opening hours&lt;\\\/strong&gt;\\nMon, Wed, Thu, Fri, Sat, Sun: 10:30 am \\u2013 6:30 pm  \\nTue: closed\\n\\n&quot;,&quot;period_exception&quot;:&quot;&quot;,&quot;date&quot;:{&quot;infinite&quot;:true,&quot;from_DATE&quot;:202107200000,&quot;from&quot;:1626775200,&quot;from_TIME&quot;:&quot;10:00&quot;,&quot;to&quot;:1808830860,&quot;to_DATE&quot;:202704261831,&quot;to_TIME&quot;:&quot;18:30&quot;,&quot;from_HRFSHORT&quot;:&quot;20 Jul 2021&quot;,&quot;from_HRFSHORT_WD&quot;:&quot;Tue 20\\\/07\\\/2021&quot;,&quot;from_HRF&quot;:&quot;Tue, 20 July 2021&quot;,&quot;to_HRF&quot;:&quot;Tue, 27 April 2027&quot;,&quot;to_HRFSHORT&quot;:&quot;27 Apr 2027&quot;,&quot;to_HRFSHORT_WD&quot;:&quot;Tue 27\\\/04\\\/2027&quot;,&quot;from_to_HRF&quot;:&quot;Tue, 20 July 2021 \\u2013 Tue, 27 April 2027&quot;,&quot;from_to_HRFSHORT&quot;:&quot;20 Jul 2021 \\u2013 27 Apr 2027&quot;,&quot;NXX&quot;:&quot;202604261831&quot;,&quot;NLAST&quot;:&quot;202704271301&quot;,&quot;NX&quot;:&quot;20260426&quot;},&quot;alert&quot;:&quot;Highlight&quot;,&quot;partof&quot;:[],&quot;marketing_topic&quot;:&quot;&quot;}' inline-template>\n\t<a href=\"https:\/\/www.humboldtforum.org\/en\/programm\/dauerangebot\/exhibition\/sculpture-hall-16445\/\" class=\"teaser teaser-event-permanent teaser-event-standard\">\n\t\t<div class=\"row\">\n\t\t\t<div class=\"col-xs-12 teaser-event-image\">\n\t\t\t\t<div class=\"teaser-image teaser-image-no-alternate\">\n\t\t\t\t\t\t\t\t\t\t\t\t\t<span class=\"alert\">Highlight<\/span>\n\t\t\t\t\t\t\t\t\t\t\t\n\t<lazy-media-inline inline-template>\n\t\t<figure itemscope itemtype=\"http:\/\/schema.org\/ImageObject\" class=\"lazy-media-inline \" role=\"group\" id=\"media_69ee59e6caa8e\" aria-labelledby=\"desc_media_69ee59e6caa8e\">\n\t\t\t<script type=\"application\/json\" ref=\"data\">\n\t\t\t\t{\n\t\t\t\t\"sizes\" : {\"medium\":{\"file\":\"Skulpturensaal_95297_mobile-214x300.jpg\",\"width\":214,\"height\":300,\"mime-type\":\"image\\\/jpeg\",\"filesize\":9672},\"thumbnail\":{\"file\":\"Skulpturensaal_95297_mobile-150x150.jpg\",\"width\":150,\"height\":150,\"mime-type\":\"image\\\/jpeg\",\"filesize\":4635},\"small\":{\"file\":\"Skulpturensaal_95297_mobile-314x440.jpg\",\"width\":314,\"height\":440,\"mime-type\":\"image\\\/jpeg\",\"filesize\":17570},\"semi\":{\"file\":\"Skulpturensaal_95297_mobile-414x580.jpg\",\"width\":414,\"height\":580,\"mime-type\":\"image\\\/jpeg\",\"filesize\":26891},\"mobile\":{\"file\":\"Skulpturensaal_95297_mobile-514x720.jpg\",\"width\":514,\"height\":720,\"mime-type\":\"image\\\/jpeg\",\"filesize\":37714},\"original\":{\"file\":\"Skulpturensaal_95297_mobile.jpg\",\"width\":714,\"height\":1000}},\n\t\t\t\t\"alt\" : \"Three figure statues on pedestals symbolizing different activities, set against a neutral background.\",\n\t\t\t\t\"path\" : \"\\\/wp-content\\\/uploads\\\/2020\\\/10\\\/\",\n\t\t\t\t\"video\" : null,\n\t\t\t\t\"autoplay\" : null,\n\t\t\t\t\"youtube\" : null,\n\t\t\t\t\"youtubelabel\" : \"Play video\",\n\t\t\t\t\"brightness\" : 100,\n\t\t\t\t\"crop\" : null,\n\t\t\t\t\"background\" : true,\n\t\t\t\t\"scale\" : 2\t\t\t\t}\n\t\t\t<\/script>\n\n\t\t\t<div class=\"height-container\" style=\"padding-bottom:140.05602240896%;\" v-if=\"sizes\">\n\t\t\t\t\t\t\t\t<lazy-media :inline=\"true\" :alt=\"alt\" :sizes=\"sizes\" :scale=\"scale\" :brightness=\"brightness\" :path=\"path\" :video=\"video\" :autoplay=\"autoplay\" :youtube=\"youtube\" :crop=\"crop\" :youtubelabel=\"youtubelabel\" :background=\"background\" media-id=\"desc_media_69ee59e6caa8e\"><\/lazy-media>\n\t\t\t\t\t\t\t<\/div>\n\n\t\t\t\t\t\t\t<figcaption class=\"sr-only\" ref=\"body\" id=\"desc_media_69ee59e6caa8e\">\n\t\t\t\t\t\t\t\t\t\t\t<div>Colossal figures at the Sculpture Hall<\/div>\n\t\t\t\t\t\t\t\t\t\t\t\t\t\t\t\t<div>Colossal figures at the Sculpture Hall <\/div>\n\t\t\t\t\t\t\t\t\t\t\t\t\t\t\t\t<div class=\"insignificant\">\u00a9 Stiftung Humboldt Forum im Berliner Schloss \/ David von Becker<\/div>\n\t\t\t\t\t\t\t\t\t<\/figcaption>\n\t\t\t\t\t<\/figure>\n\t<\/lazy-media-inline>\n\t\t\t\t<\/div>\n\t\t\t<\/div>\n\t\t\t<div class=\"col-xs-12 teaser-event-text Infos\">\n\t\t\t\t<div class=\"teaser-event-standard-text\">\n\t\t\t\t\t<div class=\"margin-bottom-atom\">\n\t\t\t\t\t\t<div class=\"subline clamp-1\" v-html=\"maingenre\"><\/div>\n\t\t\t\t\t\t\t\t\t\t\t<\/div>\n\t\t\t\t\n\t\t\t\t\t<strong class=\"margin-bottom-atom\">Sculpture Hall<\/strong>\n\n\t\t\t\t\t\t\t\t\t\t\t<div class=\"\">Up close: the sculptures of the Berlin Palace<\/div>\n\t\t\t\t\t\t\t\t\t<\/div>\n\t\t\t\t<div class=\"teaser-bottom border-bottom\">\n\t\t\t\t<calendardateline :rawitem='item' :show-icon=\"true\"><\/calendardateline>\n\t\t\t\t\t<hr>\n\t\t\t\t<\/div>\n\t\t\t<\/div>\n\t\t<\/div>\n\t<\/a>\n\t<\/calendarteaser>\n<\/li>\n\n<li class=\"col-xs-6 col-sm-4 col-md-3 teaser-wrapper col-padding-remove\">\n\t<calendarteaser key=\"1647115191\" rawitem='{&quot;postId&quot;:16471,&quot;title&quot;:&quot;BERLIN GLOBAL&quot;,&quot;excerpt&quot;:&quot;Past, present and future: much of what happens in Berlin has an impact on the world. And much of what happens in the world affects Berlin. BERLIN GLOBAL, an exhibition on 4,000 square metres of space at the Humboldt Forum, shows how the city and its people are connected with the world. &quot;,&quot;slug&quot;:&quot;berlin-global&quot;,&quot;post_date&quot;:&quot;2020-10-23T08:36&quot;,&quot;type&quot;:&quot;event-permanent&quot;,&quot;permalink&quot;:&quot;https:\\\/\\\/www.humboldtforum.org\\\/en\\\/programm\\\/dauerangebot\\\/exhibition\\\/berlin-global-16471\\\/&quot;,&quot;genre&quot;:[552],&quot;genre_details&quot;:[{&quot;text&quot;:&quot;Exhibition&quot;,&quot;id&quot;:552,&quot;icon&quot;:null,&quot;parent&quot;:0}],&quot;stakeholder&quot;:[593],&quot;stakeholder_details&quot;:[{&quot;text&quot;:&quot;Kulturprojekte Berlin \\\/ Stadtmuseum Berlin&quot;,&quot;id&quot;:593,&quot;icon&quot;:null,&quot;parent&quot;:0}],&quot;editorial&quot;:[647,637,638],&quot;editorial_details&quot;:[{&quot;text&quot;:&quot;diverse&quot;,&quot;id&quot;:647,&quot;icon&quot;:null,&quot;parent&quot;:0},{&quot;text&quot;:&quot;engaging&quot;,&quot;id&quot;:637,&quot;icon&quot;:null,&quot;parent&quot;:0},{&quot;text&quot;:&quot;interactive&quot;,&quot;id&quot;:638,&quot;icon&quot;:null,&quot;parent&quot;:0}],&quot;targetgroup&quot;:[585],&quot;targetgroup_details&quot;:[{&quot;text&quot;:&quot;Adults&quot;,&quot;id&quot;:585,&quot;icon&quot;:null,&quot;parent&quot;:0}],&quot;language&quot;:[580,579],&quot;language_details&quot;:[{&quot;text&quot;:&quot;English&quot;,&quot;id&quot;:580,&quot;icon&quot;:null,&quot;parent&quot;:0},{&quot;text&quot;:&quot;German&quot;,&quot;id&quot;:579,&quot;icon&quot;:null,&quot;parent&quot;:0}],&quot;accessability&quot;:[596],&quot;accessability_details&quot;:[{&quot;text&quot;:&quot;Accessible for wheelchairs&quot;,&quot;id&quot;:596,&quot;icon&quot;:null,&quot;parent&quot;:0}],&quot;place&quot;:[598],&quot;place_details&quot;:{&quot;place&quot;:&quot;Humboldt Forum&quot;,&quot;map&quot;:&quot;Humboldt Forum, Schlossplatz, Berlin&quot;,&quot;room&quot;:&quot;Berlin Exhibition, 1st floor&quot;},&quot;icon_overwrite&quot;:&quot;&quot;,&quot;acf&quot;:{&quot;shorturl&quot;:&quot;&quot;,&quot;subline&quot;:&quot;Berlin Exhibition at the Humboldt Forum&quot;,&quot;marketing_text&quot;:&quot;Experience how the city and its people are connected with the world. &quot;,&quot;shorttext&quot;:&quot;Past, present and future: much of what happens in Berlin has an impact on the world. And much of what happens in the world affects Berlin. BERLIN GLOBAL, an exhibition on 4,000 square metres of space at the Humboldt Forum, shows how the city and its people are connected with the world. &quot;,&quot;longtext&quot;:&quot;Past, present and future: much of what happens in Berlin has an impact on the world. And much of what happens in the world affects Berlin. BERLIN GLOBAL, an exhibition on 4,000 square metres of space at the Humboldt Forum, shows how the city and its people are connected with the world. Visitors start in a room called Thinking the World and move on to an introductory space entitled Berlin Images. Rooms with individual themes then follow: Revolution, Free Space, Boundaries, Entertainment, War, Fashion and Interconnection. These aspects also feature in other metropolises, but the constellation captures the essence of the city.&quot;,&quot;highlight_header&quot;:true,&quot;highlight_header_image&quot;:66325,&quot;has_mobile_format&quot;:true,&quot;highlight_header_image_mobile&quot;:66323,&quot;tipp&quot;:false,&quot;joker&quot;:false,&quot;live&quot;:false,&quot;display_as_single&quot;:false,&quot;hyphenation&quot;:false,&quot;planning&quot;:{&quot;price&quot;:&quot;9 EUR \\\/ 0 EUR&quot;,&quot;status&quot;:&quot;BUY&quot;,&quot;info&quot;:&quot;9 EUR, red. 0 EUR&quot;,&quot;shop&quot;:&quot;https:\\\/\\\/tickets.humboldtforum.org\\\/#\\\/tickets\\\/time?museum_id=1&amp;exhibition_id=1&amp;group=day&quot;,&quot;can_purchase&quot;:true},&quot;periods&quot;:[{&quot;label&quot;:&quot;&quot;,&quot;dates&quot;:[{&quot;start&quot;:&quot;202302131320&quot;,&quot;end&quot;:&quot;204601020000&quot;,&quot;has_end&quot;:false,&quot;start_HRFSHORT&quot;:&quot;13\\\/02\\\/23&quot;,&quot;start_HRFSHORT_WD&quot;:&quot;Mon 13\\\/02\\\/2023&quot;}],&quot;monday&quot;:[{&quot;start&quot;:&quot;10:30&quot;,&quot;end&quot;:&quot;18:30&quot;,&quot;closed&quot;:false}],&quot;tuesday&quot;:[{&quot;start&quot;:&quot;10:00&quot;,&quot;end&quot;:&quot;20:00&quot;,&quot;closed&quot;:true}],&quot;wednesday&quot;:[{&quot;start&quot;:&quot;10:30&quot;,&quot;end&quot;:&quot;18:30&quot;,&quot;closed&quot;:false}],&quot;thursday&quot;:[{&quot;start&quot;:&quot;10:30&quot;,&quot;end&quot;:&quot;18:30&quot;,&quot;closed&quot;:false}],&quot;friday&quot;:[{&quot;start&quot;:&quot;10:30&quot;,&quot;end&quot;:&quot;18:30&quot;,&quot;closed&quot;:false}],&quot;saturday&quot;:[{&quot;start&quot;:&quot;10:30&quot;,&quot;end&quot;:&quot;18:30&quot;,&quot;closed&quot;:false}],&quot;sunday&quot;:[{&quot;start&quot;:&quot;10:30&quot;,&quot;end&quot;:&quot;18:30&quot;,&quot;closed&quot;:false}],&quot;info&quot;:&quot;&quot;,&quot;description&quot;:&quot;&quot;}],&quot;period_exception&quot;:[{&quot;label&quot;:&quot;&quot;,&quot;date&quot;:&quot;202512240000&quot;,&quot;closed&quot;:true,&quot;start&quot;:&quot;10:30&quot;,&quot;end&quot;:&quot;13:30&quot;,&quot;date_HRFSHORT&quot;:&quot;24\\\/12\\\/25&quot;},{&quot;label&quot;:&quot;&quot;,&quot;date&quot;:&quot;202512250000&quot;,&quot;closed&quot;:false,&quot;start&quot;:&quot;12:00&quot;,&quot;end&quot;:&quot;18:00&quot;,&quot;date_HRFSHORT&quot;:&quot;25\\\/12\\\/25&quot;},{&quot;label&quot;:&quot;&quot;,&quot;date&quot;:&quot;202512260000&quot;,&quot;closed&quot;:false,&quot;start&quot;:&quot;12:00&quot;,&quot;end&quot;:&quot;18:00&quot;,&quot;date_HRFSHORT&quot;:&quot;26\\\/12\\\/25&quot;},{&quot;label&quot;:&quot;&quot;,&quot;date&quot;:&quot;202512300000&quot;,&quot;closed&quot;:false,&quot;start&quot;:&quot;10:30&quot;,&quot;end&quot;:&quot;18:30&quot;,&quot;date_HRFSHORT&quot;:&quot;30\\\/12\\\/25&quot;},{&quot;label&quot;:&quot;&quot;,&quot;date&quot;:&quot;202512310000&quot;,&quot;closed&quot;:true,&quot;start&quot;:&quot;12:00&quot;,&quot;end&quot;:&quot;18:00&quot;,&quot;date_HRFSHORT&quot;:&quot;31\\\/12\\\/25&quot;},{&quot;label&quot;:&quot;&quot;,&quot;date&quot;:&quot;202601010000&quot;,&quot;closed&quot;:false,&quot;start&quot;:&quot;12:00&quot;,&quot;end&quot;:&quot;18:00&quot;,&quot;date_HRFSHORT&quot;:&quot;01\\\/01\\\/26&quot;}],&quot;noindex&quot;:false,&quot;keywords&quot;:&quot;&quot;,&quot;use_opening_hours_of_the_house&quot;:false,&quot;additional_info&quot;:{&quot;icon&quot;:&quot;icon-bullet_active&quot;,&quot;text&quot;:&quot;Maintenance work: The BERLIN GLOBAL exhibition will be closed from 4 to 6 May 2026.&quot;},&quot;use_video_in_teasers&quot;:false,&quot;hide_event_in_program&quot;:false,&quot;infotext&quot;:&quot;last admission 5:30 pm.&quot;,&quot;events&quot;:[38535,49606,126194,126797,128681,132203,132268,132355,86710,133084,133088,135867,135871,135878,135883,135888,135892,136672,136678,136682,137235,137715,136840,120493,140366,147932,148714,149605,153809,154675,157010,157050,157745,157756,158483,142934,161507,163231],&quot;tickettext&quot;:&quot;BERLIN GLOBAL can also be visited with a Humboldt Forum ticket, see Visit &gt; Admission &amp; Tickets&quot;},&quot;period_list&quot;:&quot;&lt;strong&gt;Opening hours&lt;\\\/strong&gt;\\nMon, Wed, Thu, Fri, Sat, Sun: 10:30 am \\u2013 6:30 pm  \\nTue: closed\\n\\n&quot;,&quot;period_exception&quot;:&quot;&quot;,&quot;date&quot;:{&quot;infinite&quot;:true,&quot;from_DATE&quot;:202302131320,&quot;from&quot;:1676332200,&quot;from_TIME&quot;:&quot;10:30&quot;,&quot;to&quot;:1808830860,&quot;to_DATE&quot;:202704261831,&quot;to_TIME&quot;:&quot;18:30&quot;,&quot;from_HRFSHORT&quot;:&quot;13 Feb 2023&quot;,&quot;from_HRFSHORT_WD&quot;:&quot;Mon 13\\\/02\\\/2023&quot;,&quot;from_HRF&quot;:&quot;Mon, 13 February 2023&quot;,&quot;to_HRF&quot;:&quot;Tue, 27 April 2027&quot;,&quot;to_HRFSHORT&quot;:&quot;27 Apr 2027&quot;,&quot;to_HRFSHORT_WD&quot;:&quot;Tue 27\\\/04\\\/2027&quot;,&quot;from_to_HRF&quot;:&quot;Mon, 13 February 2023 \\u2013 Tue, 27 April 2027&quot;,&quot;from_to_HRFSHORT&quot;:&quot;13 Feb 2023 \\u2013 27 Apr 2027&quot;,&quot;NXX&quot;:&quot;202604261831&quot;,&quot;NLAST&quot;:&quot;202704271301&quot;,&quot;NX&quot;:&quot;20260426&quot;},&quot;alert&quot;:&quot;Highlight&quot;,&quot;partof&quot;:[],&quot;marketing_topic&quot;:&quot;&quot;}' inline-template>\n\t<a href=\"https:\/\/www.humboldtforum.org\/en\/programm\/dauerangebot\/exhibition\/berlin-global-16471\/\" class=\"teaser teaser-event-permanent teaser-event-standard\">\n\t\t<div class=\"row\">\n\t\t\t<div class=\"col-xs-12 teaser-event-image\">\n\t\t\t\t<div class=\"teaser-image teaser-image-no-alternate\">\n\t\t\t\t\t\t\t\t\t\t\t\t\t<span class=\"alert\">Highlight<\/span>\n\t\t\t\t\t\t\t\t\t\t\t\n\t<lazy-media-inline inline-template>\n\t\t<figure itemscope itemtype=\"http:\/\/schema.org\/ImageObject\" class=\"lazy-media-inline \" role=\"group\" id=\"media_69ee59e6cb532\" aria-labelledby=\"desc_media_69ee59e6cb532\">\n\t\t\t<script type=\"application\/json\" ref=\"data\">\n\t\t\t\t{\n\t\t\t\t\"sizes\" : {\"medium\":{\"file\":\"BG-Visual-2-176x300.jpg\",\"width\":176,\"height\":300,\"mime-type\":\"image\\\/jpeg\",\"filesize\":10918},\"large\":{\"file\":\"BG-Visual-2-600x1024.jpg\",\"width\":600,\"height\":1024,\"mime-type\":\"image\\\/jpeg\",\"filesize\":51578},\"thumbnail\":{\"file\":\"BG-Visual-2-150x150.jpg\",\"width\":150,\"height\":150,\"mime-type\":\"image\\\/jpeg\",\"filesize\":7184},\"medium_large\":{\"file\":\"BG-Visual-2-768x1312.jpg\",\"width\":768,\"height\":1312,\"mime-type\":\"image\\\/jpeg\",\"filesize\":71401},\"small\":{\"file\":\"BG-Visual-2-258x440.jpg\",\"width\":258,\"height\":440,\"mime-type\":\"image\\\/jpeg\",\"filesize\":17917},\"semi\":{\"file\":\"BG-Visual-2-340x580.jpg\",\"width\":340,\"height\":580,\"mime-type\":\"image\\\/jpeg\",\"filesize\":24870},\"mobile\":{\"file\":\"BG-Visual-2-422x720.jpg\",\"width\":422,\"height\":720,\"mime-type\":\"image\\\/jpeg\",\"filesize\":32315},\"hd\":{\"file\":\"BG-Visual-2-749x1280.jpg\",\"width\":749,\"height\":1280,\"mime-type\":\"image\\\/jpeg\",\"filesize\":68644},\"full\":{\"file\":\"BG-Visual-2-1124x1920.jpg\",\"width\":1124,\"height\":1920,\"mime-type\":\"image\\\/jpeg\",\"filesize\":120736},\"1536x1536\":{\"file\":\"BG-Visual-2-899x1536.jpg\",\"width\":899,\"height\":1536,\"mime-type\":\"image\\\/jpeg\",\"filesize\":87922},\"2048x2048\":{\"file\":\"BG-Visual-2-1199x2048.jpg\",\"width\":1199,\"height\":2048,\"mime-type\":\"image\\\/jpeg\",\"filesize\":131087},\"original\":{\"file\":\"BG-Visual-2.jpg\",\"width\":1780,\"height\":3040}},\n\t\t\t\t\"alt\" : \"Colorful graphic with the text \\\"BERLIN GLOBAL\\\" in large yellow letters on a pink background.\",\n\t\t\t\t\"path\" : \"\\\/wp-content\\\/uploads\\\/2022\\\/12\\\/\",\n\t\t\t\t\"video\" : null,\n\t\t\t\t\"autoplay\" : null,\n\t\t\t\t\"youtube\" : null,\n\t\t\t\t\"youtubelabel\" : \"Play video\",\n\t\t\t\t\"brightness\" : 100,\n\t\t\t\t\"crop\" : {\"top\":\"16.07\",\"left\":\"49.69\"},\n\t\t\t\t\"background\" : true,\n\t\t\t\t\"scale\" : 2\t\t\t\t}\n\t\t\t<\/script>\n\n\t\t\t<div class=\"height-container\" style=\"padding-bottom:170.78651685393%;\" v-if=\"sizes\">\n\t\t\t\t\t\t\t\t<lazy-media :inline=\"true\" :alt=\"alt\" :sizes=\"sizes\" :scale=\"scale\" :brightness=\"brightness\" :path=\"path\" :video=\"video\" :autoplay=\"autoplay\" :youtube=\"youtube\" :crop=\"crop\" :youtubelabel=\"youtubelabel\" :background=\"background\" media-id=\"desc_media_69ee59e6cb532\"><\/lazy-media>\n\t\t\t\t\t\t\t<\/div>\n\n\t\t\t\t\t\t\t<figcaption class=\"sr-only\" ref=\"body\" id=\"desc_media_69ee59e6cb532\">\n\t\t\t\t\t\t\t\t\t\t\t\t\t\t\t\t<div>Key Visual Berlin Global Bisky Kampagne 2022  <\/div>\n\t\t\t\t\t\t\t\t\t\t\t\t\t\t\t\t<div class=\"insignificant\">\u00a9  Stiftung Stadtmuseum Berlin und Kulturprojekte Berlin \/ caromarta Studio<\/div>\n\t\t\t\t\t\t\t\t\t<\/figcaption>\n\t\t\t\t\t<\/figure>\n\t<\/lazy-media-inline>\n\t\t\t\t<\/div>\n\t\t\t<\/div>\n\t\t\t<div class=\"col-xs-12 teaser-event-text Infos\">\n\t\t\t\t<div class=\"teaser-event-standard-text\">\n\t\t\t\t\t<div class=\"margin-bottom-atom\">\n\t\t\t\t\t\t<div class=\"subline clamp-1\" v-html=\"maingenre\"><\/div>\n\t\t\t\t\t\t\t\t\t\t\t<\/div>\n\t\t\t\t\n\t\t\t\t\t<strong class=\"margin-bottom-atom\">BERLIN GLOBAL<\/strong>\n\n\t\t\t\t\t\t\t\t\t\t\t<div class=\"\">Experience how the city and its people are connected with the world. <\/div>\n\t\t\t\t\t\t\t\t\t<\/div>\n\t\t\t\t<div class=\"teaser-bottom border-bottom\">\n\t\t\t\t<calendardateline :rawitem='item' :show-icon=\"true\"><\/calendardateline>\n\t\t\t\t\t<hr>\n\t\t\t\t<\/div>\n\t\t\t<\/div>\n\t\t<\/div>\n\t<\/a>\n\t<\/calendarteaser>\n<\/li>\n\n<li class=\"col-xs-6 col-sm-4 col-md-3 teaser-wrapper col-padding-remove\">\n\t<calendarteaser key=\"1646417526\" rawitem='{&quot;postId&quot;:16464,&quot;title&quot;:&quot;After Nature&quot;,&quot;excerpt&quot;:&quot;&quot;,&quot;slug&quot;:&quot;after-nature&quot;,&quot;post_date&quot;:&quot;2020-10-23T09:05&quot;,&quot;type&quot;:&quot;event-permanent&quot;,&quot;permalink&quot;:&quot;https:\\\/\\\/www.humboldtforum.org\\\/en\\\/programm\\\/dauerangebot\\\/exhibition\\\/after-nature-16464\\\/&quot;,&quot;genre&quot;:[552],&quot;genre_details&quot;:[{&quot;text&quot;:&quot;Exhibition&quot;,&quot;id&quot;:552,&quot;icon&quot;:null,&quot;parent&quot;:0}],&quot;stakeholder&quot;:[592],&quot;stakeholder_details&quot;:[{&quot;text&quot;:&quot;Humboldt-Universit\\u00e4t zu Berlin&quot;,&quot;id&quot;:592,&quot;icon&quot;:null,&quot;parent&quot;:0}],&quot;editorial&quot;:[626,638,639],&quot;editorial_details&quot;:[{&quot;text&quot;:&quot;experimental&quot;,&quot;id&quot;:626,&quot;icon&quot;:null,&quot;parent&quot;:0},{&quot;text&quot;:&quot;interactive&quot;,&quot;id&quot;:638,&quot;icon&quot;:null,&quot;parent&quot;:0},{&quot;text&quot;:&quot;scientific&quot;,&quot;id&quot;:639,&quot;icon&quot;:null,&quot;parent&quot;:0}],&quot;targetgroup&quot;:[585],&quot;targetgroup_details&quot;:[{&quot;text&quot;:&quot;Adults&quot;,&quot;id&quot;:585,&quot;icon&quot;:null,&quot;parent&quot;:0}],&quot;language&quot;:[580,579],&quot;language_details&quot;:[{&quot;text&quot;:&quot;English&quot;,&quot;id&quot;:580,&quot;icon&quot;:null,&quot;parent&quot;:0},{&quot;text&quot;:&quot;German&quot;,&quot;id&quot;:579,&quot;icon&quot;:null,&quot;parent&quot;:0}],&quot;accessability&quot;:[596],&quot;accessability_details&quot;:[{&quot;text&quot;:&quot;Accessible for wheelchairs&quot;,&quot;id&quot;:596,&quot;icon&quot;:null,&quot;parent&quot;:0}],&quot;place&quot;:[599],&quot;place_details&quot;:{&quot;place&quot;:&quot;Humboldt Forum&quot;,&quot;map&quot;:&quot;Humboldt Forum, Schlossplatz, Berlin&quot;,&quot;room&quot;:&quot;Humboldt Lab, 1st floor&quot;},&quot;icon_overwrite&quot;:&quot;&quot;,&quot;acf&quot;:{&quot;shorturl&quot;:&quot;&quot;,&quot;subline&quot;:&quot;The Humboldt Lab\\u2019s inaugural exhibition&quot;,&quot;marketing_text&quot;:&quot;The Humboldt Lab\\u2019s inaugural exhibition&quot;,&quot;highlight_header&quot;:true,&quot;highlight_header_image&quot;:139473,&quot;has_mobile_format&quot;:true,&quot;highlight_header_image_mobile&quot;:139471,&quot;tipp&quot;:false,&quot;joker&quot;:false,&quot;live&quot;:false,&quot;display_as_single&quot;:false,&quot;hyphenation&quot;:false,&quot;yt&quot;:&quot;&quot;,&quot;planning&quot;:{&quot;price&quot;:&quot;Free admission&quot;,&quot;status&quot;:&quot;TIMEFRAME&quot;,&quot;info&quot;:&quot;Free admission&quot;,&quot;shop&quot;:&quot;&quot;,&quot;can_purchase&quot;:false},&quot;noindex&quot;:false,&quot;keywords&quot;:&quot;&quot;,&quot;use_opening_hours_of_the_house&quot;:true,&quot;tickettext&quot;:&quot;Timed ticket required&quot;,&quot;additional_info&quot;:{&quot;icon&quot;:&quot;0&quot;,&quot;text&quot;:&quot;&quot;},&quot;use_video_in_teasers&quot;:false,&quot;hide_event_in_program&quot;:false,&quot;periods&quot;:[{&quot;label&quot;:&quot;&quot;,&quot;dates&quot;:[{&quot;start&quot;:&quot;202301020000&quot;,&quot;end&quot;:&quot;202212310000&quot;,&quot;has_end&quot;:false,&quot;start_HRFSHORT&quot;:&quot;02\\\/01\\\/23&quot;,&quot;start_HRFSHORT_WD&quot;:&quot;Mon 02\\\/01\\\/2023&quot;}],&quot;monday&quot;:[{&quot;start&quot;:&quot;10:30&quot;,&quot;end&quot;:&quot;18:30&quot;,&quot;closed&quot;:false}],&quot;tuesday&quot;:[{&quot;start&quot;:null,&quot;end&quot;:null,&quot;closed&quot;:true}],&quot;wednesday&quot;:[{&quot;start&quot;:&quot;10:30&quot;,&quot;end&quot;:&quot;18:30&quot;,&quot;closed&quot;:false}],&quot;thursday&quot;:[{&quot;start&quot;:&quot;10:30&quot;,&quot;end&quot;:&quot;18:30&quot;,&quot;closed&quot;:false}],&quot;friday&quot;:[{&quot;start&quot;:&quot;10:30&quot;,&quot;end&quot;:&quot;18:30&quot;,&quot;closed&quot;:false}],&quot;saturday&quot;:[{&quot;start&quot;:&quot;10:30&quot;,&quot;end&quot;:&quot;18:30&quot;,&quot;closed&quot;:false}],&quot;sunday&quot;:[{&quot;start&quot;:&quot;10:30&quot;,&quot;end&quot;:&quot;18:30&quot;,&quot;closed&quot;:false}],&quot;info&quot;:&quot;&quot;,&quot;description&quot;:&quot;&quot;}],&quot;events&quot;:[97738,76862,124714,127921,129590,130011,83221,131937,134495,135180,135450,136443,136657,137427,137512,138809,138835,139336,139456,139965,140216,141597,142760,143528,143847,145853,145882,146870],&quot;period_exception&quot;:[{&quot;label&quot;:&quot;&quot;,&quot;date&quot;:&quot;202406260000&quot;,&quot;closed&quot;:true,&quot;start&quot;:&quot;15:00&quot;,&quot;end&quot;:&quot;20:00&quot;,&quot;date_HRFSHORT&quot;:&quot;26\\\/06\\\/24&quot;},{&quot;label&quot;:&quot;&quot;,&quot;date&quot;:&quot;202406270000&quot;,&quot;closed&quot;:true,&quot;start&quot;:null,&quot;end&quot;:null,&quot;date_HRFSHORT&quot;:&quot;27\\\/06\\\/24&quot;},{&quot;label&quot;:&quot;&quot;,&quot;date&quot;:&quot;202406280000&quot;,&quot;closed&quot;:true,&quot;start&quot;:null,&quot;end&quot;:null,&quot;date_HRFSHORT&quot;:&quot;28\\\/06\\\/24&quot;},{&quot;label&quot;:&quot;&quot;,&quot;date&quot;:&quot;202409200000&quot;,&quot;closed&quot;:false,&quot;start&quot;:&quot;10:30&quot;,&quot;end&quot;:&quot;16:00&quot;,&quot;date_HRFSHORT&quot;:&quot;20\\\/09\\\/24&quot;},{&quot;label&quot;:&quot;&quot;,&quot;date&quot;:&quot;202410160000&quot;,&quot;closed&quot;:false,&quot;start&quot;:&quot;10:30&quot;,&quot;end&quot;:&quot;14:00&quot;,&quot;date_HRFSHORT&quot;:&quot;16\\\/10\\\/24&quot;},{&quot;label&quot;:&quot;&quot;,&quot;date&quot;:&quot;202512240000&quot;,&quot;closed&quot;:true,&quot;start&quot;:null,&quot;end&quot;:null,&quot;date_HRFSHORT&quot;:&quot;24\\\/12\\\/25&quot;},{&quot;label&quot;:&quot;&quot;,&quot;date&quot;:&quot;202512250000&quot;,&quot;closed&quot;:false,&quot;start&quot;:&quot;12:00&quot;,&quot;end&quot;:&quot;18:00&quot;,&quot;date_HRFSHORT&quot;:&quot;25\\\/12\\\/25&quot;},{&quot;label&quot;:&quot;&quot;,&quot;date&quot;:&quot;202412260000&quot;,&quot;closed&quot;:false,&quot;start&quot;:&quot;12:00&quot;,&quot;end&quot;:&quot;18:00&quot;,&quot;date_HRFSHORT&quot;:&quot;26\\\/12\\\/24&quot;},{&quot;label&quot;:&quot;&quot;,&quot;date&quot;:&quot;202512300000&quot;,&quot;closed&quot;:false,&quot;start&quot;:&quot;10:30&quot;,&quot;end&quot;:&quot;18:30&quot;,&quot;date_HRFSHORT&quot;:&quot;30\\\/12\\\/25&quot;},{&quot;label&quot;:&quot;&quot;,&quot;date&quot;:&quot;202512310000&quot;,&quot;closed&quot;:false,&quot;start&quot;:&quot;10:30&quot;,&quot;end&quot;:&quot;16:30&quot;,&quot;date_HRFSHORT&quot;:&quot;31\\\/12\\\/25&quot;},{&quot;label&quot;:&quot;&quot;,&quot;date&quot;:&quot;202601010000&quot;,&quot;closed&quot;:false,&quot;start&quot;:&quot;12:00&quot;,&quot;end&quot;:&quot;18:00&quot;,&quot;date_HRFSHORT&quot;:&quot;01\\\/01\\\/26&quot;}],&quot;overwrite_date&quot;:&quot;Until 22.6.2025&quot;,&quot;alert_text&quot;:&quot;Bis 22.6.2025&quot;},&quot;period_list&quot;:&quot;&lt;strong&gt;Opening hours&lt;\\\/strong&gt;\\nMon, Wed, Thu, Fri, Sat, Sun: 10:30 am \\u2013 6:30 pm  \\nTue: closed\\n\\n&quot;,&quot;period_exception&quot;:&quot;&quot;,&quot;date&quot;:{&quot;infinite&quot;:true,&quot;from_DATE&quot;:202301020000,&quot;from&quot;:1672655400,&quot;from_TIME&quot;:&quot;10:30&quot;,&quot;to&quot;:1808830860,&quot;to_DATE&quot;:202704261831,&quot;to_TIME&quot;:&quot;18:30&quot;,&quot;from_HRFSHORT&quot;:&quot; 2 Jan 2023&quot;,&quot;from_HRFSHORT_WD&quot;:&quot;Mon 02\\\/01\\\/2023&quot;,&quot;from_HRF&quot;:&quot;Mon,  2 January 2023&quot;,&quot;to_HRF&quot;:&quot;Tue, 27 April 2027&quot;,&quot;to_HRFSHORT&quot;:&quot;27 Apr 2027&quot;,&quot;to_HRFSHORT_WD&quot;:&quot;Tue 27\\\/04\\\/2027&quot;,&quot;from_to_HRF&quot;:&quot;Mon,  2 January 2023 \\u2013 Tue, 27 April 2027&quot;,&quot;from_to_HRFSHORT&quot;:&quot; 2 Jan 2023 \\u2013 27 Apr 2027&quot;,&quot;NXX&quot;:&quot;202604261831&quot;,&quot;NLAST&quot;:&quot;202704271301&quot;,&quot;NX&quot;:&quot;20260426&quot;},&quot;alert&quot;:&quot;Highlight&quot;,&quot;partof&quot;:[],&quot;marketing_topic&quot;:&quot;&quot;}' inline-template>\n\t<a href=\"https:\/\/www.humboldtforum.org\/en\/programm\/dauerangebot\/exhibition\/after-nature-16464\/\" class=\"teaser teaser-event-permanent teaser-event-standard\">\n\t\t<div class=\"row\">\n\t\t\t<div class=\"col-xs-12 teaser-event-image\">\n\t\t\t\t<div class=\"teaser-image teaser-image-no-alternate\">\n\t\t\t\t\t\t\t\t\t\t\t\t\t<span class=\"alert\">Highlight<\/span>\n\t\t\t\t\t\t\t\t\t\t\t\n\t<lazy-media-inline inline-template>\n\t\t<figure itemscope itemtype=\"http:\/\/schema.org\/ImageObject\" class=\"lazy-media-inline \" role=\"group\" id=\"media_69ee59e6cc02a\" aria-labelledby=\"desc_media_69ee59e6cc02a\">\n\t\t\t<script type=\"application\/json\" ref=\"data\">\n\t\t\t\t{\n\t\t\t\t\"sizes\" : {\"medium\":{\"file\":\"SHF_eb00233700-176x300.jpg\",\"width\":176,\"height\":300,\"mime-type\":\"image\\\/jpeg\",\"filesize\":14578},\"large\":{\"file\":\"SHF_eb00233700-600x1024.jpg\",\"width\":600,\"height\":1024,\"mime-type\":\"image\\\/jpeg\",\"filesize\":118556},\"thumbnail\":{\"file\":\"SHF_eb00233700-150x150.jpg\",\"width\":150,\"height\":150,\"mime-type\":\"image\\\/jpeg\",\"filesize\":7808},\"medium_large\":{\"file\":\"SHF_eb00233700-768x1311.jpg\",\"width\":768,\"height\":1311,\"mime-type\":\"image\\\/jpeg\",\"filesize\":175678},\"small\":{\"file\":\"SHF_eb00233700-258x440.jpg\",\"width\":258,\"height\":440,\"mime-type\":\"image\\\/jpeg\",\"filesize\":28834},\"semi\":{\"file\":\"SHF_eb00233700-340x580.jpg\",\"width\":340,\"height\":580,\"mime-type\":\"image\\\/jpeg\",\"filesize\":46307},\"mobile\":{\"file\":\"SHF_eb00233700-422x720.jpg\",\"width\":422,\"height\":720,\"mime-type\":\"image\\\/jpeg\",\"filesize\":66378},\"hd\":{\"file\":\"SHF_eb00233700-750x1280.jpg\",\"width\":750,\"height\":1280,\"mime-type\":\"image\\\/jpeg\",\"filesize\":169475},\"full\":{\"file\":\"SHF_eb00233700-1124x1920.jpg\",\"width\":1124,\"height\":1920,\"mime-type\":\"image\\\/jpeg\",\"filesize\":318585},\"1536x1536\":{\"file\":\"SHF_eb00233700-899x1536.jpg\",\"width\":899,\"height\":1536,\"mime-type\":\"image\\\/jpeg\",\"filesize\":226343},\"2048x2048\":{\"file\":\"SHF_eb00233700-1199x2048.jpg\",\"width\":1199,\"height\":2048,\"mime-type\":\"image\\\/jpeg\",\"filesize\":350861},\"original\":{\"file\":\"SHF_eb00233700.jpg\",\"width\":1464,\"height\":2500}},\n\t\t\t\t\"alt\" : \"Fish swarm in water surrounded by bottles, against a blue background.\",\n\t\t\t\t\"path\" : \"\\\/wp-content\\\/uploads\\\/2024\\\/11\\\/\",\n\t\t\t\t\"video\" : null,\n\t\t\t\t\"autoplay\" : null,\n\t\t\t\t\"youtube\" : null,\n\t\t\t\t\"youtubelabel\" : \"Play video\",\n\t\t\t\t\"brightness\" : 100,\n\t\t\t\t\"crop\" : null,\n\t\t\t\t\"background\" : true,\n\t\t\t\t\"scale\" : 2\t\t\t\t}\n\t\t\t<\/script>\n\n\t\t\t<div class=\"height-container\" style=\"padding-bottom:170.7650273224%;\" v-if=\"sizes\">\n\t\t\t\t\t\t\t\t<lazy-media :inline=\"true\" :alt=\"alt\" :sizes=\"sizes\" :scale=\"scale\" :brightness=\"brightness\" :path=\"path\" :video=\"video\" :autoplay=\"autoplay\" :youtube=\"youtube\" :crop=\"crop\" :youtubelabel=\"youtubelabel\" :background=\"background\" media-id=\"desc_media_69ee59e6cc02a\"><\/lazy-media>\n\t\t\t\t\t\t\t<\/div>\n\n\t\t\t\t\t\t\t<figcaption class=\"sr-only\" ref=\"body\" id=\"desc_media_69ee59e6cc02a\">\n\t\t\t\t\t\t\t\t\t\t\t\t\t\t\t\t\t\t\t\t\t<div class=\"insignificant\">\u00a9 Stiftung Humboldt Forum im Berliner Schloss, Fotos: iStockphoto \/ armiblue; solarseven<\/div>\n\t\t\t\t\t\t\t\t\t<\/figcaption>\n\t\t\t\t\t<\/figure>\n\t<\/lazy-media-inline>\n\t\t\t\t<\/div>\n\t\t\t<\/div>\n\t\t\t<div class=\"col-xs-12 teaser-event-text Infos\">\n\t\t\t\t<div class=\"teaser-event-standard-text\">\n\t\t\t\t\t<div class=\"margin-bottom-atom\">\n\t\t\t\t\t\t<div class=\"subline clamp-1\" v-html=\"maingenre\"><\/div>\n\t\t\t\t\t\t\t\t\t\t\t<\/div>\n\t\t\t\t\n\t\t\t\t\t<strong class=\"margin-bottom-atom\">After Nature<\/strong>\n\n\t\t\t\t\t\t\t\t\t\t\t<div class=\"\">The Humboldt Lab\u2019s inaugural exhibition<\/div>\n\t\t\t\t\t\t\t\t\t<\/div>\n\t\t\t\t<div class=\"teaser-bottom border-bottom\">\n\t\t\t\t<calendardateline :rawitem='item' :show-icon=\"true\"><\/calendardateline>\n\t\t\t\t\t<hr>\n\t\t\t\t<\/div>\n\t\t\t<\/div>\n\t\t<\/div>\n\t<\/a>\n\t<\/calendarteaser>\n<\/li>\n\n<li class=\"col-xs-6 col-sm-4 col-md-3 teaser-wrapper col-padding-remove\">\n\t<calendarteaser key=\"2337613899\" rawitem='{&quot;postId&quot;:23376,&quot;title&quot;:&quot;Lebenswelten Bistro&quot;,&quot;excerpt&quot;:&quot;Our stylish urban bistro is open all day long, serving culinary delights for groups, families and individual visitors.&quot;,&quot;slug&quot;:&quot;lebenswelten-bistro&quot;,&quot;post_date&quot;:&quot;2021-05-12T16:20&quot;,&quot;type&quot;:&quot;event-permanent&quot;,&quot;permalink&quot;:&quot;https:\\\/\\\/www.humboldtforum.org\\\/en\\\/programm\\\/dauerangebot\\\/food-and-drink\\\/lebenswelten-bistro-23376\\\/&quot;,&quot;genre&quot;:[753],&quot;genre_details&quot;:[{&quot;text&quot;:&quot;Food and Drink&quot;,&quot;id&quot;:753,&quot;icon&quot;:null,&quot;parent&quot;:0}],&quot;editorial&quot;:[798,797,799],&quot;editorial_details&quot;:[{&quot;text&quot;:&quot;sustainable&quot;,&quot;id&quot;:798,&quot;icon&quot;:null,&quot;parent&quot;:0},{&quot;text&quot;:&quot;tasty&quot;,&quot;id&quot;:797,&quot;icon&quot;:null,&quot;parent&quot;:0},{&quot;text&quot;:&quot;varied&quot;,&quot;id&quot;:799,&quot;icon&quot;:null,&quot;parent&quot;:0}],&quot;accessability&quot;:[596],&quot;accessability_details&quot;:[{&quot;text&quot;:&quot;Accessible for wheelchairs&quot;,&quot;id&quot;:596,&quot;icon&quot;:null,&quot;parent&quot;:0}],&quot;place&quot;:[603],&quot;place_details&quot;:{&quot;place&quot;:&quot;Humboldt Forum&quot;,&quot;map&quot;:&quot;Humboldt Forum, Schlossplatz, Berlin&quot;,&quot;room&quot;:&quot;Ground floor, Passage&quot;},&quot;icon_overwrite&quot;:&quot;&quot;,&quot;acf&quot;:{&quot;keywords&quot;:&quot;&quot;,&quot;shorturl&quot;:&quot;&quot;,&quot;subline&quot;:&quot;Enjoying culinary diversity&quot;,&quot;hyphenation&quot;:true,&quot;noindex&quot;:false,&quot;planning&quot;:{&quot;price&quot;:&quot;&quot;,&quot;status&quot;:&quot;BUY&quot;,&quot;info&quot;:&quot;&quot;,&quot;shop&quot;:&quot;&quot;,&quot;can_purchase&quot;:false},&quot;periods&quot;:[{&quot;label&quot;:&quot;&quot;,&quot;dates&quot;:[{&quot;start&quot;:&quot;202106091000&quot;,&quot;end&quot;:&quot;&quot;,&quot;has_end&quot;:false,&quot;start_HRFSHORT&quot;:&quot;09\\\/06\\\/21&quot;,&quot;start_HRFSHORT_WD&quot;:&quot;Wed 09\\\/06\\\/2021&quot;}],&quot;monday&quot;:[{&quot;start&quot;:&quot;10:00&quot;,&quot;end&quot;:&quot;19:00&quot;,&quot;closed&quot;:false}],&quot;tuesday&quot;:[{&quot;start&quot;:&quot;10:00&quot;,&quot;end&quot;:&quot;19:00&quot;,&quot;closed&quot;:false}],&quot;wednesday&quot;:[{&quot;start&quot;:&quot;10:00&quot;,&quot;end&quot;:&quot;19:00&quot;,&quot;closed&quot;:false}],&quot;thursday&quot;:[{&quot;start&quot;:&quot;10:00&quot;,&quot;end&quot;:&quot;19:00&quot;,&quot;closed&quot;:false}],&quot;friday&quot;:[{&quot;start&quot;:&quot;10:00&quot;,&quot;end&quot;:&quot;19:00&quot;,&quot;closed&quot;:false}],&quot;saturday&quot;:[{&quot;start&quot;:&quot;10:00&quot;,&quot;end&quot;:&quot;19:00&quot;,&quot;closed&quot;:false}],&quot;sunday&quot;:[{&quot;start&quot;:&quot;10:00&quot;,&quot;end&quot;:&quot;19:00&quot;,&quot;closed&quot;:false}],&quot;info&quot;:&quot;&quot;,&quot;description&quot;:&quot;&quot;}],&quot;display_as_single&quot;:false,&quot;shorttext&quot;:&quot;Our stylish urban bistro is open all day long, serving culinary delights for groups, families and individual visitors.&quot;,&quot;highlight_header&quot;:false,&quot;featured_images&quot;:[22198,22204,22208,23186],&quot;tipp&quot;:false,&quot;joker&quot;:false,&quot;live&quot;:false,&quot;announcement&quot;:&quot;on the first floor&quot;,&quot;use_opening_hours_of_the_house&quot;:false,&quot;additional_info&quot;:{&quot;icon&quot;:&quot;0&quot;,&quot;text&quot;:&quot;&quot;},&quot;use_video_in_teasers&quot;:false,&quot;hide_event_in_program&quot;:false,&quot;period_exception&quot;:[{&quot;label&quot;:&quot;&quot;,&quot;date&quot;:&quot;202501100000&quot;,&quot;closed&quot;:false,&quot;start&quot;:&quot;10:00&quot;,&quot;end&quot;:&quot;14:00&quot;,&quot;date_HRFSHORT&quot;:&quot;10\\\/01\\\/25&quot;}],&quot;marketing_text&quot;:&quot;\\u00d6kologisch nachhaltig, vegetarisch und vegan&quot;},&quot;period_list&quot;:&quot;&lt;strong&gt;Opening hours&lt;\\\/strong&gt;\\ndaily: 10:00 am \\u2013 7:00 pm  \\n\\n&quot;,&quot;period_exception&quot;:&quot;&quot;,&quot;date&quot;:{&quot;infinite&quot;:true,&quot;from_DATE&quot;:202106091000,&quot;from&quot;:1623268800,&quot;from_TIME&quot;:&quot;10:00&quot;,&quot;to&quot;:1808832660,&quot;to_DATE&quot;:202704261831,&quot;to_TIME&quot;:&quot;19:00&quot;,&quot;from_HRFSHORT&quot;:&quot; 9 Jun 2021&quot;,&quot;from_HRFSHORT_WD&quot;:&quot;Wed 09\\\/06\\\/2021&quot;,&quot;from_HRF&quot;:&quot;Wed,  9 June 2021&quot;,&quot;to_HRF&quot;:&quot;Tue, 27 April 2027&quot;,&quot;to_HRFSHORT&quot;:&quot;27 Apr 2027&quot;,&quot;to_HRFSHORT_WD&quot;:&quot;Tue 27\\\/04\\\/2027&quot;,&quot;from_to_HRF&quot;:&quot;Wed,  9 June 2021 \\u2013 Tue, 27 April 2027&quot;,&quot;from_to_HRFSHORT&quot;:&quot; 9 Jun 2021 \\u2013 27 Apr 2027&quot;,&quot;NXX&quot;:&quot;202604261831&quot;,&quot;NLAST&quot;:&quot;202704271331&quot;,&quot;NX&quot;:&quot;20260426&quot;},&quot;alert&quot;:null,&quot;partof&quot;:[],&quot;marketing_topic&quot;:&quot;&quot;}' inline-template>\n\t<a href=\"https:\/\/www.humboldtforum.org\/en\/programm\/dauerangebot\/food-and-drink\/lebenswelten-bistro-23376\/\" class=\"teaser teaser-event-permanent teaser-event-standard\">\n\t\t<div class=\"row\">\n\t\t\t<div class=\"col-xs-12 teaser-event-image\">\n\t\t\t\t<div class=\"teaser-image teaser-image-no-alternate\">\n\t\t\t\t\t\t\t\t\t\t\t\n\t<lazy-media-inline inline-template>\n\t\t<figure itemscope itemtype=\"http:\/\/schema.org\/ImageObject\" class=\"lazy-media-inline \" role=\"group\" id=\"media_69ee59e6ccd0c\" aria-labelledby=\"desc_media_69ee59e6ccd0c\">\n\t\t\t<script type=\"application\/json\" ref=\"data\">\n\t\t\t\t{\n\t\t\t\t\"sizes\" : {\"medium\":{\"file\":\"IMG_0964-Bearbeitet-300x200.jpeg\",\"width\":300,\"height\":200,\"mime-type\":\"image\\\/jpeg\"},\"large\":{\"file\":\"IMG_0964-Bearbeitet-1024x683.jpeg\",\"width\":1024,\"height\":683,\"mime-type\":\"image\\\/jpeg\"},\"thumbnail\":{\"file\":\"IMG_0964-Bearbeitet-150x150.jpeg\",\"width\":150,\"height\":150,\"mime-type\":\"image\\\/jpeg\"},\"medium_large\":{\"file\":\"IMG_0964-Bearbeitet-768x512.jpeg\",\"width\":768,\"height\":512,\"mime-type\":\"image\\\/jpeg\"},\"small\":{\"file\":\"IMG_0964-Bearbeitet-440x293.jpeg\",\"width\":440,\"height\":293,\"mime-type\":\"image\\\/jpeg\"},\"semi\":{\"file\":\"IMG_0964-Bearbeitet-580x387.jpeg\",\"width\":580,\"height\":387,\"mime-type\":\"image\\\/jpeg\"},\"mobile\":{\"file\":\"IMG_0964-Bearbeitet-720x480.jpeg\",\"width\":720,\"height\":480,\"mime-type\":\"image\\\/jpeg\"},\"hd\":{\"file\":\"IMG_0964-Bearbeitet-1280x853.jpeg\",\"width\":1280,\"height\":853,\"mime-type\":\"image\\\/jpeg\"},\"1536x1536\":{\"file\":\"IMG_0964-Bearbeitet-1536x1024.jpeg\",\"width\":1536,\"height\":1024,\"mime-type\":\"image\\\/jpeg\"},\"original\":{\"file\":\"IMG_0964-Bearbeitet.jpeg\",\"width\":1620,\"height\":1080}},\n\t\t\t\t\"alt\" : \"Buffet with cakes, tarts, and desserts in a modern caf\\u00e9, neon sign reading \\\"Berlin\\\" in the background.\",\n\t\t\t\t\"path\" : \"\\\/wp-content\\\/uploads\\\/2021\\\/05\\\/\",\n\t\t\t\t\"video\" : null,\n\t\t\t\t\"autoplay\" : null,\n\t\t\t\t\"youtube\" : null,\n\t\t\t\t\"youtubelabel\" : \"Play video\",\n\t\t\t\t\"brightness\" : 100,\n\t\t\t\t\"crop\" : {\"top\":\"50.00\",\"left\":\"50.00\"},\n\t\t\t\t\"background\" : true,\n\t\t\t\t\"scale\" : 2\t\t\t\t}\n\t\t\t<\/script>\n\n\t\t\t<div class=\"height-container\" style=\"padding-bottom:66.666666666667%;\" v-if=\"sizes\">\n\t\t\t\t\t\t\t\t<lazy-media :inline=\"true\" :alt=\"alt\" :sizes=\"sizes\" :scale=\"scale\" :brightness=\"brightness\" :path=\"path\" :video=\"video\" :autoplay=\"autoplay\" :youtube=\"youtube\" :crop=\"crop\" :youtubelabel=\"youtubelabel\" :background=\"background\" media-id=\"desc_media_69ee59e6ccd0c\"><\/lazy-media>\n\t\t\t\t\t\t\t<\/div>\n\n\t\t\t\t\t\t\t<figcaption class=\"sr-only\" ref=\"body\" id=\"desc_media_69ee59e6ccd0c\">\n\t\t\t\t\t\t\t\t\t\t\t\t\t\t\t\t\t\t\t\t\t<div class=\"insignificant\">\u00a9 Roger Schorries<\/div>\n\t\t\t\t\t\t\t\t\t<\/figcaption>\n\t\t\t\t\t<\/figure>\n\t<\/lazy-media-inline>\n\t\t\t\t<\/div>\n\t\t\t<\/div>\n\t\t\t<div class=\"col-xs-12 teaser-event-text Infos\">\n\t\t\t\t<div class=\"teaser-event-standard-text\">\n\t\t\t\t\t<div class=\"margin-bottom-atom\">\n\t\t\t\t\t\t<div class=\"subline clamp-1\" v-html=\"maingenre\"><\/div>\n\t\t\t\t\t\t\t\t\t\t\t<\/div>\n\t\t\t\t\n\t\t\t\t\t<strong class=\"margin-bottom-atom\">Lebenswelten Bistro<\/strong>\n\n\t\t\t\t\t\t\t\t\t\t\t<div class=\"\">\u00d6kologisch nachhaltig, vegetarisch und vegan<\/div>\n\t\t\t\t\t\t\t\t\t<\/div>\n\t\t\t\t<div class=\"teaser-bottom border-bottom\">\n\t\t\t\t<calendardateline :rawitem='item' :show-icon=\"true\"><\/calendardateline>\n\t\t\t\t\t<hr>\n\t\t\t\t<\/div>\n\t\t\t<\/div>\n\t\t<\/div>\n\t<\/a>\n\t<\/calendarteaser>\n<\/li>\n\n<li class=\"col-xs-6 col-sm-4 col-md-3 teaser-wrapper col-padding-remove\">\n\t<calendarteaser key=\"166926962\" rawitem='{&quot;postId&quot;:16692,&quot;title&quot;:&quot;Mixture&quot;,&quot;excerpt&quot;:&quot;&quot;,&quot;slug&quot;:&quot;mixture&quot;,&quot;post_date&quot;:&quot;2020-10-23T15:47&quot;,&quot;type&quot;:&quot;event-period&quot;,&quot;permalink&quot;:&quot;https:\\\/\\\/www.humboldtforum.org\\\/en\\\/programm\\\/laufzeitangebot\\\/installation-en\\\/mixture-16692\\\/&quot;,&quot;genre&quot;:[575],&quot;genre_details&quot;:[{&quot;text&quot;:&quot;Installation&quot;,&quot;id&quot;:575,&quot;icon&quot;:null,&quot;parent&quot;:0}],&quot;stakeholder&quot;:[595],&quot;stakeholder_details&quot;:[{&quot;text&quot;:&quot;Stiftung Humboldt Forum im Berliner Schloss&quot;,&quot;id&quot;:595,&quot;icon&quot;:null,&quot;parent&quot;:0}],&quot;editorial&quot;:[635,625,623],&quot;editorial_details&quot;:[{&quot;text&quot;:&quot;atmospheric&quot;,&quot;id&quot;:635,&quot;icon&quot;:null,&quot;parent&quot;:0},{&quot;text&quot;:&quot;inviting&quot;,&quot;id&quot;:625,&quot;icon&quot;:null,&quot;parent&quot;:0},{&quot;text&quot;:&quot;open air&quot;,&quot;id&quot;:623,&quot;icon&quot;:null,&quot;parent&quot;:0}],&quot;targetgroup&quot;:[585],&quot;targetgroup_details&quot;:[{&quot;text&quot;:&quot;Adults&quot;,&quot;id&quot;:585,&quot;icon&quot;:null,&quot;parent&quot;:0}],&quot;language&quot;:[581],&quot;language_details&quot;:[{&quot;text&quot;:&quot;No language skills required&quot;,&quot;id&quot;:581,&quot;icon&quot;:null,&quot;parent&quot;:0}],&quot;accessability&quot;:[596],&quot;accessability_details&quot;:[{&quot;text&quot;:&quot;Accessible for wheelchairs&quot;,&quot;id&quot;:596,&quot;icon&quot;:null,&quot;parent&quot;:0}],&quot;place&quot;:[609],&quot;place_details&quot;:{&quot;place&quot;:&quot;Humboldt Forum&quot;,&quot;map&quot;:&quot;Humboldt Forum, Schlossplatz, Berlin&quot;,&quot;room&quot;:&quot;Ground Floor, Schl\\u00fcter Courtyard&quot;},&quot;icon_overwrite&quot;:&quot;&quot;,&quot;acf&quot;:{&quot;shorturl&quot;:&quot;&quot;,&quot;subline&quot;:&quot;A sound voyage into the diversity of the world&quot;,&quot;subline_feature&quot;:&quot;&quot;,&quot;marketing_text&quot;:&quot;A sound journey into the world&#039;s diversity&quot;,&quot;shorttext&quot;:&quot;&quot;,&quot;longtext&quot;:&quot;&quot;,&quot;highlight_header&quot;:false,&quot;highlight_header_image&quot;:10062,&quot;video&quot;:false,&quot;has_mobile_format&quot;:false,&quot;tipp&quot;:false,&quot;alert_text&quot;:&quot;&quot;,&quot;joker&quot;:false,&quot;live&quot;:false,&quot;announcement&quot;:&quot;&quot;,&quot;featured_images&quot;:[16754],&quot;display_as_single&quot;:false,&quot;hyphenation&quot;:true,&quot;overwrite_date&quot;:&quot;&quot;,&quot;planning&quot;:{&quot;price&quot;:&quot;Free entry&quot;,&quot;status&quot;:&quot;JOIN&quot;,&quot;info&quot;:&quot;&quot;,&quot;shop&quot;:&quot;&quot;,&quot;can_purchase&quot;:false},&quot;noindex&quot;:false,&quot;keywords&quot;:&quot;&quot;,&quot;periods&quot;:[{&quot;label&quot;:&quot;&quot;,&quot;dates&quot;:[{&quot;start&quot;:&quot;202105010000&quot;,&quot;end&quot;:&quot;202106080000&quot;,&quot;has_end&quot;:true,&quot;start_HRFSHORT&quot;:&quot;01\\\/05\\\/21&quot;,&quot;start_HRFSHORT_WD&quot;:&quot;Sat 01\\\/05\\\/2021&quot;,&quot;end_HRFSHORT&quot;:&quot;08\\\/06\\\/21&quot;}],&quot;monday&quot;:[{&quot;start&quot;:&quot;17:00&quot;,&quot;end&quot;:&quot;21:30&quot;,&quot;closed&quot;:false}],&quot;tuesday&quot;:[{&quot;start&quot;:&quot;17:00&quot;,&quot;end&quot;:&quot;21:30&quot;,&quot;closed&quot;:false}],&quot;wednesday&quot;:[{&quot;start&quot;:&quot;17:00&quot;,&quot;end&quot;:&quot;21:30&quot;,&quot;closed&quot;:false}],&quot;thursday&quot;:[{&quot;start&quot;:&quot;17:00&quot;,&quot;end&quot;:&quot;21:30&quot;,&quot;closed&quot;:false}],&quot;friday&quot;:[{&quot;start&quot;:&quot;17:00&quot;,&quot;end&quot;:&quot;21:30&quot;,&quot;closed&quot;:false}],&quot;saturday&quot;:[{&quot;start&quot;:&quot;17:00&quot;,&quot;end&quot;:&quot;21:30&quot;,&quot;closed&quot;:false}],&quot;sunday&quot;:[{&quot;start&quot;:&quot;17:00&quot;,&quot;end&quot;:&quot;21:30&quot;,&quot;closed&quot;:false}],&quot;info&quot;:&quot;&quot;,&quot;description&quot;:&quot;&quot;},{&quot;label&quot;:&quot;&quot;,&quot;dates&quot;:[{&quot;start&quot;:&quot;202106090000&quot;,&quot;end&quot;:&quot;202109260000&quot;,&quot;has_end&quot;:true,&quot;start_HRFSHORT&quot;:&quot;09\\\/06\\\/21&quot;,&quot;start_HRFSHORT_WD&quot;:&quot;Wed 09\\\/06\\\/2021&quot;,&quot;end_HRFSHORT&quot;:&quot;26\\\/09\\\/21&quot;}],&quot;monday&quot;:[{&quot;start&quot;:&quot;10:00&quot;,&quot;end&quot;:&quot;22:00&quot;,&quot;closed&quot;:false}],&quot;tuesday&quot;:[{&quot;start&quot;:&quot;10:00&quot;,&quot;end&quot;:&quot;22:00&quot;,&quot;closed&quot;:false}],&quot;wednesday&quot;:[{&quot;start&quot;:&quot;10:00&quot;,&quot;end&quot;:&quot;22:00&quot;,&quot;closed&quot;:false}],&quot;thursday&quot;:[{&quot;start&quot;:&quot;10:00&quot;,&quot;end&quot;:&quot;22:00&quot;,&quot;closed&quot;:false}],&quot;friday&quot;:[{&quot;start&quot;:&quot;10:00&quot;,&quot;end&quot;:&quot;22:00&quot;,&quot;closed&quot;:false}],&quot;saturday&quot;:[{&quot;start&quot;:&quot;10:00&quot;,&quot;end&quot;:&quot;22:00&quot;,&quot;closed&quot;:false}],&quot;sunday&quot;:[{&quot;start&quot;:&quot;10:00&quot;,&quot;end&quot;:&quot;22:00&quot;,&quot;closed&quot;:false}],&quot;info&quot;:&quot;&quot;,&quot;description&quot;:&quot;&quot;}],&quot;use_opening_hours_of_the_house&quot;:false,&quot;additional_info&quot;:{&quot;icon&quot;:&quot;0&quot;,&quot;text&quot;:&quot;&quot;},&quot;use_video_in_teasers&quot;:false,&quot;hide_event_in_program&quot;:false,&quot;period_exception&quot;:[]},&quot;period_list&quot;:&quot;&quot;,&quot;period_exception&quot;:&quot;&quot;,&quot;date&quot;:{&quot;infinite&quot;:false,&quot;from_DATE&quot;:202105010000,&quot;from&quot;:1619888400,&quot;from_TIME&quot;:&quot;17:00&quot;,&quot;to&quot;:1632693600,&quot;to_DATE&quot;:202109260000,&quot;to_TIME&quot;:&quot;22:00&quot;,&quot;from_HRFSHORT&quot;:&quot; 1 May 2021&quot;,&quot;from_HRFSHORT_WD&quot;:&quot;Sat 01\\\/05\\\/2021&quot;,&quot;from_HRF&quot;:&quot;Sat,  1 May 2021&quot;,&quot;to_HRF&quot;:&quot;Sun, 26 September 2021&quot;,&quot;to_HRFSHORT&quot;:&quot;26 Sep 2021&quot;,&quot;to_HRFSHORT_WD&quot;:&quot;Sun 26\\\/09\\\/2021&quot;,&quot;from_to_HRF&quot;:&quot;Sat,  1 May \\u2013 Sun, 26 September 2021&quot;,&quot;from_to_HRFSHORT&quot;:&quot; 1 May \\u2013 26 Sep 2021&quot;,&quot;NXX&quot;:null,&quot;NLAST&quot;:&quot;202109262200&quot;},&quot;alert&quot;:null,&quot;partof&quot;:[],&quot;marketing_topic&quot;:&quot;&quot;}' inline-template>\n\t<a href=\"https:\/\/www.humboldtforum.org\/en\/programm\/laufzeitangebot\/installation-en\/mixture-16692\/\" class=\"teaser teaser-event-period teaser-event-standard\">\n\t\t<div class=\"row\">\n\t\t\t<div class=\"col-xs-12 teaser-event-image\">\n\t\t\t\t<div class=\"teaser-image teaser-image-no-alternate\">\n\t\t\t\t\t\t\t\t\t\t\t\n\t<lazy-media-inline inline-template>\n\t\t<figure itemscope itemtype=\"http:\/\/schema.org\/ImageObject\" class=\"lazy-media-inline \" role=\"group\" id=\"media_69ee59e6cd73f\" aria-labelledby=\"desc_media_69ee59e6cd73f\">\n\t\t\t<script type=\"application\/json\" ref=\"data\">\n\t\t\t\t{\n\t\t\t\t\"sizes\" : {\"medium\":{\"file\":\"201130_Webteaser_Klanginstallationen2-300x180.jpg\",\"width\":300,\"height\":180,\"mime-type\":\"image\\\/jpeg\"},\"large\":{\"file\":\"201130_Webteaser_Klanginstallationen2-1024x613.jpg\",\"width\":1024,\"height\":613,\"mime-type\":\"image\\\/jpeg\"},\"thumbnail\":{\"file\":\"201130_Webteaser_Klanginstallationen2-150x150.jpg\",\"width\":150,\"height\":150,\"mime-type\":\"image\\\/jpeg\"},\"medium_large\":{\"file\":\"201130_Webteaser_Klanginstallationen2-768x460.jpg\",\"width\":768,\"height\":460,\"mime-type\":\"image\\\/jpeg\"},\"small\":{\"file\":\"201130_Webteaser_Klanginstallationen2-440x264.jpg\",\"width\":440,\"height\":264,\"mime-type\":\"image\\\/jpeg\"},\"semi\":{\"file\":\"201130_Webteaser_Klanginstallationen2-580x347.jpg\",\"width\":580,\"height\":347,\"mime-type\":\"image\\\/jpeg\"},\"mobile\":{\"file\":\"201130_Webteaser_Klanginstallationen2-720x431.jpg\",\"width\":720,\"height\":431,\"mime-type\":\"image\\\/jpeg\"},\"hd\":{\"file\":\"201130_Webteaser_Klanginstallationen2-1280x767.jpg\",\"width\":1280,\"height\":767,\"mime-type\":\"image\\\/jpeg\"},\"full\":{\"file\":\"201130_Webteaser_Klanginstallationen2-1920x1150.jpg\",\"width\":1920,\"height\":1150,\"mime-type\":\"image\\\/jpeg\"},\"1536x1536\":{\"file\":\"201130_Webteaser_Klanginstallationen2-1536x920.jpg\",\"width\":1536,\"height\":920,\"mime-type\":\"image\\\/jpeg\"},\"original\":{\"file\":\"201130_Webteaser_Klanginstallationen2.jpg\",\"width\":2000,\"height\":1198}},\n\t\t\t\t\"alt\" : \"Hands on a calabash, surrounded by wooden slats and musical instruments.\",\n\t\t\t\t\"path\" : \"\\\/wp-content\\\/uploads\\\/2020\\\/10\\\/\",\n\t\t\t\t\"video\" : null,\n\t\t\t\t\"autoplay\" : null,\n\t\t\t\t\"youtube\" : null,\n\t\t\t\t\"youtubelabel\" : \"Play video\",\n\t\t\t\t\"brightness\" : 100,\n\t\t\t\t\"crop\" : {\"top\":\"50.00\",\"left\":\"50.00\"},\n\t\t\t\t\"background\" : true,\n\t\t\t\t\"scale\" : 2\t\t\t\t}\n\t\t\t<\/script>\n\n\t\t\t<div class=\"height-container\" style=\"padding-bottom:59.9%;\" v-if=\"sizes\">\n\t\t\t\t\t\t\t\t<lazy-media :inline=\"true\" :alt=\"alt\" :sizes=\"sizes\" :scale=\"scale\" :brightness=\"brightness\" :path=\"path\" :video=\"video\" :autoplay=\"autoplay\" :youtube=\"youtube\" :crop=\"crop\" :youtubelabel=\"youtubelabel\" :background=\"background\" media-id=\"desc_media_69ee59e6cd73f\"><\/lazy-media>\n\t\t\t\t\t\t\t<\/div>\n\n\t\t\t\t\t\t\t<figcaption class=\"sr-only\" ref=\"body\" id=\"desc_media_69ee59e6cd73f\">\n\t\t\t\t\t\t\t\t\t\t\t\t\t\t\t\t\t\t\t\t\t<div class=\"insignificant\">\u00a9 Thomas Koehler, photothek.de \/ Ariane F\u00f6rschler \/ Clay banks  on Unsplash<\/div>\n\t\t\t\t\t\t\t\t\t<\/figcaption>\n\t\t\t\t\t<\/figure>\n\t<\/lazy-media-inline>\n\t\t\t\t<\/div>\n\t\t\t<\/div>\n\t\t\t<div class=\"col-xs-12 teaser-event-text Infos\">\n\t\t\t\t<div class=\"teaser-event-standard-text\">\n\t\t\t\t\t<div class=\"margin-bottom-atom\">\n\t\t\t\t\t\t<div class=\"subline clamp-1\" v-html=\"maingenre\"><\/div>\n\t\t\t\t\t\t\t\t\t\t\t<\/div>\n\t\t\t\t\n\t\t\t\t\t<strong class=\"margin-bottom-atom\">Mixture<\/strong>\n\n\t\t\t\t\t\t\t\t\t\t\t<div class=\"\">A sound journey into the world&#8217;s diversity<\/div>\n\t\t\t\t\t\t\t\t\t<\/div>\n\t\t\t\t<div class=\"teaser-bottom border-bottom\">\n\t\t\t\t<calendardateline :rawitem='item' :show-icon=\"true\"><\/calendardateline>\n\t\t\t\t\t<hr>\n\t\t\t\t<\/div>\n\t\t\t<\/div>\n\t\t<\/div>\n\t<\/a>\n\t<\/calendarteaser>\n<\/li>\n\n<li class=\"col-xs-6 col-sm-4 col-md-3 teaser-wrapper col-padding-remove\">\n\t<calendarteaser key=\"2342313279\" rawitem='{&quot;postId&quot;:23423,&quot;title&quot;:&quot;Shop at the Passage&quot;,&quot;excerpt&quot;:&quot;The shop offers a diverse selection of books, souvenirs and accessories to complement the ideas found in the Humboldt Forum. A short guide and other current in-house publications are available here.&quot;,&quot;slug&quot;:&quot;shop&quot;,&quot;post_date&quot;:&quot;2021-05-20T07:48&quot;,&quot;type&quot;:&quot;event-permanent&quot;,&quot;permalink&quot;:&quot;https:\\\/\\\/www.humboldtforum.org\\\/en\\\/programm\\\/dauerangebot\\\/shopping\\\/shop-23423\\\/&quot;,&quot;genre&quot;:[754],&quot;genre_details&quot;:[{&quot;text&quot;:&quot;Shopping&quot;,&quot;id&quot;:754,&quot;icon&quot;:null,&quot;parent&quot;:0}],&quot;accessability&quot;:[596],&quot;accessability_details&quot;:[{&quot;text&quot;:&quot;Accessible for wheelchairs&quot;,&quot;id&quot;:596,&quot;icon&quot;:null,&quot;parent&quot;:0}],&quot;place&quot;:[603],&quot;place_details&quot;:{&quot;place&quot;:&quot;Humboldt Forum&quot;,&quot;map&quot;:&quot;Humboldt Forum, Schlossplatz, Berlin&quot;,&quot;room&quot;:&quot;Ground floor, Passage&quot;},&quot;icon_overwrite&quot;:&quot;&quot;,&quot;acf&quot;:{&quot;keywords&quot;:&quot;&quot;,&quot;shorturl&quot;:&quot;&quot;,&quot;subline&quot;:&quot;Books, Souvenirs and much more&quot;,&quot;hyphenation&quot;:false,&quot;planning&quot;:{&quot;price&quot;:&quot;&quot;,&quot;status&quot;:&quot;JOIN&quot;,&quot;info&quot;:&quot;Ground Floor&quot;,&quot;shop&quot;:&quot;https:\\\/\\\/shop.humboldtforum.org\\\/&quot;,&quot;can_purchase&quot;:false},&quot;display_as_single&quot;:false,&quot;shorttext&quot;:&quot;The shop offers a diverse selection of books, souvenirs and accessories to complement the ideas found in the Humboldt Forum. A short guide and other current in-house publications are available here.&quot;,&quot;highlight_header&quot;:false,&quot;featured_images&quot;:[28156],&quot;tipp&quot;:false,&quot;joker&quot;:false,&quot;live&quot;:false,&quot;announcement&quot;:&quot;on the first floor&quot;,&quot;noindex&quot;:false,&quot;use_opening_hours_of_the_house&quot;:false,&quot;additional_info&quot;:{&quot;icon&quot;:&quot;0&quot;,&quot;text&quot;:&quot;&quot;},&quot;use_video_in_teasers&quot;:false,&quot;hide_event_in_program&quot;:false,&quot;period_exception&quot;:[{&quot;label&quot;:&quot;&quot;,&quot;date&quot;:&quot;202412240000&quot;,&quot;closed&quot;:true,&quot;start&quot;:&quot;10:00&quot;,&quot;end&quot;:&quot;21:00&quot;,&quot;date_HRFSHORT&quot;:&quot;24\\\/12\\\/24&quot;},{&quot;label&quot;:&quot;&quot;,&quot;date&quot;:&quot;202412250000&quot;,&quot;closed&quot;:false,&quot;start&quot;:&quot;10:00&quot;,&quot;end&quot;:&quot;20:00&quot;,&quot;date_HRFSHORT&quot;:&quot;25\\\/12\\\/24&quot;},{&quot;label&quot;:&quot;&quot;,&quot;date&quot;:&quot;202412260000&quot;,&quot;closed&quot;:false,&quot;start&quot;:&quot;10:00&quot;,&quot;end&quot;:&quot;21:00&quot;,&quot;date_HRFSHORT&quot;:&quot;26\\\/12\\\/24&quot;},{&quot;label&quot;:&quot;&quot;,&quot;date&quot;:&quot;202412270000&quot;,&quot;closed&quot;:false,&quot;start&quot;:&quot;10:00&quot;,&quot;end&quot;:&quot;22:00&quot;,&quot;date_HRFSHORT&quot;:&quot;27\\\/12\\\/24&quot;},{&quot;label&quot;:&quot;&quot;,&quot;date&quot;:&quot;202412280000&quot;,&quot;closed&quot;:false,&quot;start&quot;:&quot;10:00&quot;,&quot;end&quot;:&quot;22:00&quot;,&quot;date_HRFSHORT&quot;:&quot;28\\\/12\\\/24&quot;},{&quot;label&quot;:&quot;&quot;,&quot;date&quot;:&quot;202412290000&quot;,&quot;closed&quot;:false,&quot;start&quot;:&quot;10:00&quot;,&quot;end&quot;:&quot;21:00&quot;,&quot;date_HRFSHORT&quot;:&quot;29\\\/12\\\/24&quot;},{&quot;label&quot;:&quot;&quot;,&quot;date&quot;:&quot;202412300000&quot;,&quot;closed&quot;:false,&quot;start&quot;:&quot;10:00&quot;,&quot;end&quot;:&quot;20:00&quot;,&quot;date_HRFSHORT&quot;:&quot;30\\\/12\\\/24&quot;},{&quot;label&quot;:&quot;&quot;,&quot;date&quot;:&quot;202412310000&quot;,&quot;closed&quot;:false,&quot;start&quot;:&quot;10:00&quot;,&quot;end&quot;:&quot;20:00&quot;,&quot;date_HRFSHORT&quot;:&quot;31\\\/12\\\/24&quot;},{&quot;label&quot;:&quot;&quot;,&quot;date&quot;:&quot;202501010000&quot;,&quot;closed&quot;:false,&quot;start&quot;:&quot;10:00&quot;,&quot;end&quot;:&quot;20:00&quot;,&quot;date_HRFSHORT&quot;:&quot;01\\\/01\\\/25&quot;}],&quot;periods&quot;:[{&quot;label&quot;:&quot;&quot;,&quot;dates&quot;:[{&quot;start&quot;:&quot;202411280000&quot;,&quot;end&quot;:&quot;202410310000&quot;,&quot;has_end&quot;:false,&quot;start_HRFSHORT&quot;:&quot;28\\\/11\\\/24&quot;,&quot;start_HRFSHORT_WD&quot;:&quot;Thu 28\\\/11\\\/2024&quot;}],&quot;monday&quot;:[{&quot;start&quot;:&quot;10:00&quot;,&quot;end&quot;:&quot;20:00&quot;,&quot;closed&quot;:false}],&quot;tuesday&quot;:[{&quot;start&quot;:&quot;10:00&quot;,&quot;end&quot;:&quot;18:00&quot;,&quot;closed&quot;:true}],&quot;wednesday&quot;:[{&quot;start&quot;:&quot;10:00&quot;,&quot;end&quot;:&quot;20:00&quot;,&quot;closed&quot;:false}],&quot;thursday&quot;:[{&quot;start&quot;:&quot;10:00&quot;,&quot;end&quot;:&quot;21:00&quot;,&quot;closed&quot;:false}],&quot;friday&quot;:[{&quot;start&quot;:&quot;10:00&quot;,&quot;end&quot;:&quot;22:00&quot;,&quot;closed&quot;:false}],&quot;saturday&quot;:[{&quot;start&quot;:&quot;10:00&quot;,&quot;end&quot;:&quot;22:00&quot;,&quot;closed&quot;:false}],&quot;sunday&quot;:[{&quot;start&quot;:&quot;10:00&quot;,&quot;end&quot;:&quot;21:00&quot;,&quot;closed&quot;:false}],&quot;info&quot;:&quot;&quot;,&quot;description&quot;:&quot;&quot;}],&quot;infotext&quot;:&quot;During the winter market, opening hours may be extended spontaneously if necessary.&quot;,&quot;marketing_text&quot;:&quot;B\\u00fccher, Souvenirs und mehr&quot;},&quot;period_list&quot;:&quot;&lt;strong&gt;Opening hours&lt;\\\/strong&gt;\\nMon, Wed: 10:00 am \\u2013 8:00 pm  \\nThu, Sun: 10:00 am \\u2013 9:00 pm  \\nFri, Sat: 10:00 am \\u2013 10:00 pm  \\nTue: closed\\n\\n&quot;,&quot;period_exception&quot;:&quot;&quot;,&quot;date&quot;:{&quot;infinite&quot;:true,&quot;from_DATE&quot;:202411280000,&quot;from&quot;:1732788000,&quot;from_TIME&quot;:&quot;10:00&quot;,&quot;to&quot;:1808836260,&quot;to_DATE&quot;:202704261831,&quot;to_TIME&quot;:&quot;20:00&quot;,&quot;from_HRFSHORT&quot;:&quot;28 Nov 2024&quot;,&quot;from_HRFSHORT_WD&quot;:&quot;Thu 28\\\/11\\\/2024&quot;,&quot;from_HRF&quot;:&quot;Thu, 28 November 2024&quot;,&quot;to_HRF&quot;:&quot;Tue, 27 April 2027&quot;,&quot;to_HRFSHORT&quot;:&quot;27 Apr 2027&quot;,&quot;to_HRFSHORT_WD&quot;:&quot;Tue 27\\\/04\\\/2027&quot;,&quot;from_to_HRF&quot;:&quot;Thu, 28 November 2024 \\u2013 Tue, 27 April 2027&quot;,&quot;from_to_HRFSHORT&quot;:&quot;28 Nov 2024 \\u2013 27 Apr 2027&quot;,&quot;NXX&quot;:&quot;202604261831&quot;,&quot;NLAST&quot;:&quot;202704271431&quot;,&quot;NX&quot;:&quot;20260426&quot;},&quot;alert&quot;:null,&quot;partof&quot;:[],&quot;marketing_topic&quot;:&quot;&quot;}' inline-template>\n\t<a href=\"https:\/\/www.humboldtforum.org\/en\/programm\/dauerangebot\/shopping\/shop-23423\/\" class=\"teaser teaser-event-permanent teaser-event-standard\">\n\t\t<div class=\"row\">\n\t\t\t<div class=\"col-xs-12 teaser-event-image\">\n\t\t\t\t<div class=\"teaser-image teaser-image-no-alternate\">\n\t\t\t\t\t\t\t\t\t\t\t\n\t<lazy-media-inline inline-template>\n\t\t<figure itemscope itemtype=\"http:\/\/schema.org\/ImageObject\" class=\"lazy-media-inline \" role=\"group\" id=\"media_69ee59e6ce29e\" aria-labelledby=\"desc_media_69ee59e6ce29e\">\n\t\t\t<script type=\"application\/json\" ref=\"data\">\n\t\t\t\t{\n\t\t\t\t\"sizes\" : {\"medium\":{\"file\":\"SHF_eb00112204_Shop-an-der-Passage-1-300x215.jpg\",\"width\":300,\"height\":215,\"mime-type\":\"image\\\/jpeg\"},\"thumbnail\":{\"file\":\"SHF_eb00112204_Shop-an-der-Passage-1-150x150.jpg\",\"width\":150,\"height\":150,\"mime-type\":\"image\\\/jpeg\"},\"medium_large\":{\"file\":\"SHF_eb00112204_Shop-an-der-Passage-1-768x551.jpg\",\"width\":768,\"height\":551,\"mime-type\":\"image\\\/jpeg\"},\"small\":{\"file\":\"SHF_eb00112204_Shop-an-der-Passage-1-440x315.jpg\",\"width\":440,\"height\":315,\"mime-type\":\"image\\\/jpeg\"},\"semi\":{\"file\":\"SHF_eb00112204_Shop-an-der-Passage-1-580x416.jpg\",\"width\":580,\"height\":416,\"mime-type\":\"image\\\/jpeg\"},\"mobile\":{\"file\":\"SHF_eb00112204_Shop-an-der-Passage-1-720x516.jpg\",\"width\":720,\"height\":516,\"mime-type\":\"image\\\/jpeg\"},\"original\":{\"file\":\"SHF_eb00112204_Shop-an-der-Passage-1.jpg\",\"width\":1000,\"height\":717}},\n\t\t\t\t\"alt\" : \"Modern store with round lamps, stylish design, and various products, with a person busy at work.\",\n\t\t\t\t\"path\" : \"\\\/wp-content\\\/uploads\\\/2021\\\/05\\\/\",\n\t\t\t\t\"video\" : null,\n\t\t\t\t\"autoplay\" : null,\n\t\t\t\t\"youtube\" : null,\n\t\t\t\t\"youtubelabel\" : \"Play video\",\n\t\t\t\t\"brightness\" : 100,\n\t\t\t\t\"crop\" : {\"top\":\"64.55\",\"left\":\"50.00\"},\n\t\t\t\t\"background\" : true,\n\t\t\t\t\"scale\" : 2\t\t\t\t}\n\t\t\t<\/script>\n\n\t\t\t<div class=\"height-container\" style=\"padding-bottom:71.7%;\" v-if=\"sizes\">\n\t\t\t\t\t\t\t\t<lazy-media :inline=\"true\" :alt=\"alt\" :sizes=\"sizes\" :scale=\"scale\" :brightness=\"brightness\" :path=\"path\" :video=\"video\" :autoplay=\"autoplay\" :youtube=\"youtube\" :crop=\"crop\" :youtubelabel=\"youtubelabel\" :background=\"background\" media-id=\"desc_media_69ee59e6ce29e\"><\/lazy-media>\n\t\t\t\t\t\t\t<\/div>\n\n\t\t\t\t\t\t\t<figcaption class=\"sr-only\" ref=\"body\" id=\"desc_media_69ee59e6ce29e\">\n\t\t\t\t\t\t\t\t\t\t\t\t\t\t\t\t\t\t\t\t\t<div class=\"insignificant\">\u00a9 Stiftung Humboldt Forum im Berliner Schloss \/ Foto: Alexander Schippel<\/div>\n\t\t\t\t\t\t\t\t\t<\/figcaption>\n\t\t\t\t\t<\/figure>\n\t<\/lazy-media-inline>\n\t\t\t\t<\/div>\n\t\t\t<\/div>\n\t\t\t<div class=\"col-xs-12 teaser-event-text Infos\">\n\t\t\t\t<div class=\"teaser-event-standard-text\">\n\t\t\t\t\t<div class=\"margin-bottom-atom\">\n\t\t\t\t\t\t<div class=\"subline clamp-1\" v-html=\"maingenre\"><\/div>\n\t\t\t\t\t\t\t\t\t\t\t<\/div>\n\t\t\t\t\n\t\t\t\t\t<strong class=\"margin-bottom-atom\">Shop at the Passage<\/strong>\n\n\t\t\t\t\t\t\t\t\t\t\t<div class=\"\">B\u00fccher, Souvenirs und mehr<\/div>\n\t\t\t\t\t\t\t\t\t<\/div>\n\t\t\t\t<div class=\"teaser-bottom border-bottom\">\n\t\t\t\t<calendardateline :rawitem='item' :show-icon=\"true\"><\/calendardateline>\n\t\t\t\t\t<hr>\n\t\t\t\t<\/div>\n\t\t\t<\/div>\n\t\t<\/div>\n\t<\/a>\n\t<\/calendarteaser>\n<\/li>\n\n<li class=\"col-xs-6 col-sm-4 col-md-3 teaser-wrapper col-padding-remove\">\n\t<calendarteaser key=\"164286749\" rawitem='{&quot;postId&quot;:16428,&quot;title&quot;:&quot;Flashbacks&quot;,&quot;excerpt&quot;:&quot;Thirty-six objects are distributed throughout the entire Humboldt Forum, recalling important events and past uses as well as unusual and everyday moments in the history of the site.&quot;,&quot;slug&quot;:&quot;flashbacks&quot;,&quot;post_date&quot;:&quot;2020-10-23T15:02&quot;,&quot;type&quot;:&quot;event-permanent&quot;,&quot;permalink&quot;:&quot;https:\\\/\\\/www.humboldtforum.org\\\/en\\\/programm\\\/dauerangebot\\\/exhibition\\\/flashbacks-16428\\\/&quot;,&quot;genre&quot;:[552],&quot;genre_details&quot;:[{&quot;text&quot;:&quot;Exhibition&quot;,&quot;id&quot;:552,&quot;icon&quot;:null,&quot;parent&quot;:0}],&quot;topic&quot;:[590],&quot;topic_details&quot;:[{&quot;text&quot;:&quot;History and Architecture of the Site&quot;,&quot;id&quot;:590,&quot;icon&quot;:null,&quot;parent&quot;:0}],&quot;stakeholder&quot;:[595],&quot;stakeholder_details&quot;:[{&quot;text&quot;:&quot;Stiftung Humboldt Forum im Berliner Schloss&quot;,&quot;id&quot;:595,&quot;icon&quot;:null,&quot;parent&quot;:0}],&quot;editorial&quot;:[614,1359,616,799],&quot;editorial_details&quot;:[{&quot;text&quot;:&quot;historic&quot;,&quot;id&quot;:614,&quot;icon&quot;:null,&quot;parent&quot;:0},{&quot;text&quot;:&quot;historical&quot;,&quot;id&quot;:1359,&quot;icon&quot;:null,&quot;parent&quot;:0},{&quot;text&quot;:&quot;unexpected&quot;,&quot;id&quot;:616,&quot;icon&quot;:null,&quot;parent&quot;:0},{&quot;text&quot;:&quot;varied&quot;,&quot;id&quot;:799,&quot;icon&quot;:null,&quot;parent&quot;:0}],&quot;language&quot;:[580,579],&quot;language_details&quot;:[{&quot;text&quot;:&quot;English&quot;,&quot;id&quot;:580,&quot;icon&quot;:null,&quot;parent&quot;:0},{&quot;text&quot;:&quot;German&quot;,&quot;id&quot;:579,&quot;icon&quot;:null,&quot;parent&quot;:0}],&quot;accessability&quot;:[596],&quot;accessability_details&quot;:[{&quot;text&quot;:&quot;Accessible for wheelchairs&quot;,&quot;id&quot;:596,&quot;icon&quot;:null,&quot;parent&quot;:0}],&quot;icon_overwrite&quot;:&quot;&quot;,&quot;acf&quot;:{&quot;shorturl&quot;:&quot;flashbacks&quot;,&quot;subline&quot;:&quot;History of the Site&quot;,&quot;marketing_text&quot;:&quot;Discover 36 history flashbacks throughout the Humboldt Forum&quot;,&quot;highlight_header&quot;:false,&quot;featured_images&quot;:[16197,116831],&quot;tipp&quot;:false,&quot;joker&quot;:false,&quot;live&quot;:false,&quot;display_as_single&quot;:false,&quot;hyphenation&quot;:false,&quot;planning&quot;:{&quot;price&quot;:&quot;&quot;,&quot;status&quot;:&quot;JOIN&quot;,&quot;info&quot;:&quot;...&quot;,&quot;shop&quot;:&quot;&quot;,&quot;can_purchase&quot;:false},&quot;periods&quot;:[{&quot;label&quot;:&quot;&quot;,&quot;dates&quot;:[{&quot;start&quot;:&quot;202301020000&quot;,&quot;end&quot;:&quot;202212310000&quot;,&quot;has_end&quot;:false,&quot;start_HRFSHORT&quot;:&quot;02\\\/01\\\/23&quot;,&quot;start_HRFSHORT_WD&quot;:&quot;Mon 02\\\/01\\\/2023&quot;}],&quot;monday&quot;:[{&quot;start&quot;:&quot;10:30&quot;,&quot;end&quot;:&quot;18:30&quot;,&quot;closed&quot;:false}],&quot;tuesday&quot;:[{&quot;start&quot;:null,&quot;end&quot;:null,&quot;closed&quot;:true}],&quot;wednesday&quot;:[{&quot;start&quot;:&quot;10:30&quot;,&quot;end&quot;:&quot;18:30&quot;,&quot;closed&quot;:false}],&quot;thursday&quot;:[{&quot;start&quot;:&quot;10:30&quot;,&quot;end&quot;:&quot;18:30&quot;,&quot;closed&quot;:false}],&quot;friday&quot;:[{&quot;start&quot;:&quot;10:30&quot;,&quot;end&quot;:&quot;18:30&quot;,&quot;closed&quot;:false}],&quot;saturday&quot;:[{&quot;start&quot;:&quot;10:30&quot;,&quot;end&quot;:&quot;18:30&quot;,&quot;closed&quot;:false}],&quot;sunday&quot;:[{&quot;start&quot;:&quot;10:30&quot;,&quot;end&quot;:&quot;18:30&quot;,&quot;closed&quot;:false}],&quot;info&quot;:&quot;&quot;,&quot;description&quot;:&quot;&quot;}],&quot;period_exception&quot;:[{&quot;label&quot;:&quot;New Year&#039;s Eve&quot;,&quot;date&quot;:&quot;202012310000&quot;,&quot;closed&quot;:false,&quot;start&quot;:null,&quot;end&quot;:null,&quot;date_HRFSHORT&quot;:&quot;31\\\/12\\\/20&quot;},{&quot;label&quot;:&quot;&quot;,&quot;date&quot;:&quot;202512240000&quot;,&quot;closed&quot;:true,&quot;start&quot;:null,&quot;end&quot;:null,&quot;date_HRFSHORT&quot;:&quot;24\\\/12\\\/25&quot;},{&quot;label&quot;:&quot;&quot;,&quot;date&quot;:&quot;202512250000&quot;,&quot;closed&quot;:false,&quot;start&quot;:&quot;12:00&quot;,&quot;end&quot;:&quot;18:00&quot;,&quot;date_HRFSHORT&quot;:&quot;25\\\/12\\\/25&quot;},{&quot;label&quot;:&quot;&quot;,&quot;date&quot;:&quot;202412260000&quot;,&quot;closed&quot;:false,&quot;start&quot;:&quot;12:00&quot;,&quot;end&quot;:&quot;18:00&quot;,&quot;date_HRFSHORT&quot;:&quot;26\\\/12\\\/24&quot;},{&quot;label&quot;:&quot;&quot;,&quot;date&quot;:&quot;202512300000&quot;,&quot;closed&quot;:false,&quot;start&quot;:&quot;10:30&quot;,&quot;end&quot;:&quot;18:30&quot;,&quot;date_HRFSHORT&quot;:&quot;30\\\/12\\\/25&quot;},{&quot;label&quot;:&quot;&quot;,&quot;date&quot;:&quot;202512310000&quot;,&quot;closed&quot;:false,&quot;start&quot;:&quot;10:30&quot;,&quot;end&quot;:&quot;16:30&quot;,&quot;date_HRFSHORT&quot;:&quot;31\\\/12\\\/25&quot;},{&quot;label&quot;:&quot;&quot;,&quot;date&quot;:&quot;202601010000&quot;,&quot;closed&quot;:false,&quot;start&quot;:&quot;12:00&quot;,&quot;end&quot;:&quot;18:00&quot;,&quot;date_HRFSHORT&quot;:&quot;01\\\/01\\\/26&quot;}],&quot;noindex&quot;:false,&quot;keywords&quot;:&quot;&quot;,&quot;use_opening_hours_of_the_house&quot;:true,&quot;additional_info&quot;:{&quot;icon&quot;:&quot;0&quot;,&quot;text&quot;:&quot;&quot;},&quot;use_video_in_teasers&quot;:false,&quot;hide_event_in_program&quot;:false},&quot;period_list&quot;:&quot;&lt;strong&gt;Opening hours&lt;\\\/strong&gt;\\nMon, Wed, Thu, Fri, Sat, Sun: 10:30 am \\u2013 6:30 pm  \\nTue: closed\\n\\n&quot;,&quot;period_exception&quot;:&quot;&quot;,&quot;date&quot;:{&quot;infinite&quot;:true,&quot;from_DATE&quot;:202301020000,&quot;from&quot;:1672655400,&quot;from_TIME&quot;:&quot;10:30&quot;,&quot;to&quot;:1808830860,&quot;to_DATE&quot;:202704261831,&quot;to_TIME&quot;:&quot;18:30&quot;,&quot;from_HRFSHORT&quot;:&quot; 2 Jan 2023&quot;,&quot;from_HRFSHORT_WD&quot;:&quot;Mon 02\\\/01\\\/2023&quot;,&quot;from_HRF&quot;:&quot;Mon,  2 January 2023&quot;,&quot;to_HRF&quot;:&quot;Tue, 27 April 2027&quot;,&quot;to_HRFSHORT&quot;:&quot;27 Apr 2027&quot;,&quot;to_HRFSHORT_WD&quot;:&quot;Tue 27\\\/04\\\/2027&quot;,&quot;from_to_HRF&quot;:&quot;Mon,  2 January 2023 \\u2013 Tue, 27 April 2027&quot;,&quot;from_to_HRFSHORT&quot;:&quot; 2 Jan 2023 \\u2013 27 Apr 2027&quot;,&quot;NXX&quot;:&quot;202604261831&quot;,&quot;NLAST&quot;:&quot;202704271301&quot;,&quot;NX&quot;:&quot;20260426&quot;},&quot;alert&quot;:null,&quot;partof&quot;:[],&quot;marketing_topic&quot;:&quot;&quot;}' inline-template>\n\t<a href=\"https:\/\/www.humboldtforum.org\/en\/programm\/dauerangebot\/exhibition\/flashbacks-16428\/\" class=\"teaser teaser-event-permanent teaser-event-standard\">\n\t\t<div class=\"row\">\n\t\t\t<div class=\"col-xs-12 teaser-event-image\">\n\t\t\t\t<div class=\"teaser-image teaser-image-no-alternate\">\n\t\t\t\t\t\t\t\t\t\t\t\n\t<lazy-media-inline inline-template>\n\t\t<figure itemscope itemtype=\"http:\/\/schema.org\/ImageObject\" class=\"lazy-media-inline \" role=\"group\" id=\"media_69ee59e6cecfa\" aria-labelledby=\"desc_media_69ee59e6cecfa\">\n\t\t\t<script type=\"application\/json\" ref=\"data\">\n\t\t\t\t{\n\t\t\t\t\"sizes\" : {\"medium\":{\"file\":\"SHF_eb00062405-300x264.jpg\",\"width\":300,\"height\":264,\"mime-type\":\"image\\\/jpeg\"},\"large\":{\"file\":\"SHF_eb00062405-1024x903.jpg\",\"width\":1024,\"height\":903,\"mime-type\":\"image\\\/jpeg\"},\"thumbnail\":{\"file\":\"SHF_eb00062405-150x150.jpg\",\"width\":150,\"height\":150,\"mime-type\":\"image\\\/jpeg\"},\"medium_large\":{\"file\":\"SHF_eb00062405-768x677.jpg\",\"width\":768,\"height\":677,\"mime-type\":\"image\\\/jpeg\"},\"small\":{\"file\":\"SHF_eb00062405-440x388.jpg\",\"width\":440,\"height\":388,\"mime-type\":\"image\\\/jpeg\"},\"semi\":{\"file\":\"SHF_eb00062405-580x511.jpg\",\"width\":580,\"height\":511,\"mime-type\":\"image\\\/jpeg\"},\"mobile\":{\"file\":\"SHF_eb00062405-720x635.jpg\",\"width\":720,\"height\":635,\"mime-type\":\"image\\\/jpeg\"},\"hd\":{\"file\":\"SHF_eb00062405-1280x1128.jpg\",\"width\":1280,\"height\":1128,\"mime-type\":\"image\\\/jpeg\"},\"full\":{\"file\":\"SHF_eb00062405-1920x1692.jpg\",\"width\":1920,\"height\":1692,\"mime-type\":\"image\\\/jpeg\"},\"1536x1536\":{\"file\":\"SHF_eb00062405-1536x1354.jpg\",\"width\":1536,\"height\":1354,\"mime-type\":\"image\\\/jpeg\"},\"original\":{\"file\":\"SHF_eb00062405.jpg\",\"width\":2000,\"height\":1763}},\n\t\t\t\t\"alt\" : \"Model of a silver ship with detailed sails and fine decorations.\",\n\t\t\t\t\"path\" : \"\\\/wp-content\\\/uploads\\\/2020\\\/10\\\/\",\n\t\t\t\t\"video\" : null,\n\t\t\t\t\"autoplay\" : null,\n\t\t\t\t\"youtube\" : null,\n\t\t\t\t\"youtubelabel\" : \"Play video\",\n\t\t\t\t\"brightness\" : 100,\n\t\t\t\t\"crop\" : {\"top\":\"40.00\",\"left\":\"50.00\"},\n\t\t\t\t\"background\" : true,\n\t\t\t\t\"scale\" : 2\t\t\t\t}\n\t\t\t<\/script>\n\n\t\t\t<div class=\"height-container\" style=\"padding-bottom:88.15%;\" v-if=\"sizes\">\n\t\t\t\t\t\t\t\t<lazy-media :inline=\"true\" :alt=\"alt\" :sizes=\"sizes\" :scale=\"scale\" :brightness=\"brightness\" :path=\"path\" :video=\"video\" :autoplay=\"autoplay\" :youtube=\"youtube\" :crop=\"crop\" :youtubelabel=\"youtubelabel\" :background=\"background\" media-id=\"desc_media_69ee59e6cecfa\"><\/lazy-media>\n\t\t\t\t\t\t\t<\/div>\n\n\t\t\t\t\t\t\t<figcaption class=\"sr-only\" ref=\"body\" id=\"desc_media_69ee59e6cecfa\">\n\t\t\t\t\t\t\t\t\t\t\t<div>Silver model of the flagship &quot;HMS Victory&quot; for Kaiser Wilhelm II, c. 1906.<\/div>\n\t\t\t\t\t\t\t\t\t\t\t\t\t\t\t\t\t\t\t\t\t<div class=\"insignificant\">\u00a9 Modell der HMS Victory aus dem Berliner Schloss, HM 5063 \/ Stiftung Hohenzollernscher Kunstbesitz \/ \u00a9 Stiftung Preu\u00dfische Schl\u00f6sser und G\u00e4rten Berlin-Brandenburg \/ Stiftung Humboldt Forum im Berliner Schloss, Foto: Philipp Jester | Jens Blank<\/div>\n\t\t\t\t\t\t\t\t\t<\/figcaption>\n\t\t\t\t\t<\/figure>\n\t<\/lazy-media-inline>\n\t\t\t\t<\/div>\n\t\t\t<\/div>\n\t\t\t<div class=\"col-xs-12 teaser-event-text Infos\">\n\t\t\t\t<div class=\"teaser-event-standard-text\">\n\t\t\t\t\t<div class=\"margin-bottom-atom\">\n\t\t\t\t\t\t<div class=\"subline clamp-1\" v-html=\"maingenre\"><\/div>\n\t\t\t\t\t\t\t\t\t\t\t<\/div>\n\t\t\t\t\n\t\t\t\t\t<strong class=\"margin-bottom-atom\">Flashbacks<\/strong>\n\n\t\t\t\t\t\t\t\t\t\t\t<div class=\"\">Discover 36 history flashbacks throughout the Humboldt Forum<\/div>\n\t\t\t\t\t\t\t\t\t<\/div>\n\t\t\t\t<div class=\"teaser-bottom border-bottom\">\n\t\t\t\t<calendardateline :rawitem='item' :show-icon=\"true\"><\/calendardateline>\n\t\t\t\t\t<hr>\n\t\t\t\t<\/div>\n\t\t\t<\/div>\n\t\t<\/div>\n\t<\/a>\n\t<\/calendarteaser>\n<\/li>\n\n<\/ul>\n\t\t\t<\/div>\n\t\t\t\t<\/lazy-component>\n<\/section>\n\n\n\n\n<section class=\"block block-accordion\">\n\t<div class=\"container-fluid\">\n\t\t<div class=\"row\">\n\t\t\t<div class=\"col-xs-12 col-md-offset-2 col-md-8\">\n\t\t\t\t<div class=\"box\">\n\t\t\t\t\t\t\t\t\t\t\t<block-accordion inline-template>\n\t\t\t\t\t\t\t<div class=\"accordion\">\n\t\t\t\t\t\t\t\t\t\t\t\t\t\t\t<block-accordion-item inline-template item-headline=\"Preview 2021\/2022\">\n\t\t\t\t\t\t\t\t<div ref=\"item\" data-id=\"Preview20212022\" class=\"block-accordion-item vue-initialize\" aria-expanded=\"false\" :aria-expanded=\"active ? 'true' : 'false'\">\n\t\t\t\t\t\t\t\t\t<button class=\"accordion-button-with-icon block-accordion-item-head\" :class=\"{'button-active': active}\" ref=\"head\" aria-controls=\"acc_69ee59e6dfc23\" id=\"acc_title_69ee59e6dfc25\" @click=\"toggle\" @keydown=\"key\">\n\t\t\t\t\t\t\t\t\t<div><span class=\"button-label\">Preview 2021\/2022<\/span><\/div><span class=\"button-icon icon-plus\" aria-hidden=\"true\"><\/span>\n\t\t\t\t\t\t\t\t<\/button>\n\t\t\t\t\t\t\t\t\t<div ref=\"body\" class=\"block-accordion-item-content\" id=\"acc_69ee59e6dfc23\" role=\"region\">\n\t\t\t\t\t\t\t\t\t\t<div class=\"wrapper copy\">\n\t\t\t\t\t\t\t\t\t\t\t<p>Starting in August, we celebrate summer in the Schl\u00fcter Courtyard with the open-air festival <em>Durchl\u00fcften<\/em> and open the workrooms for cultural education with a family festival. Dancers will conquer the <a href=\"https:\/\/www.humboldtforum.org\/en\/programm\/event-reihe\/dance\/moving-the-forum-19249\/\" target=\"_blank\" rel=\"noopener\">Forum as a stage<\/a> and invite the public to join them. In September 2021, the west wing of the Second and Third Floor will open with the <a href=\"https:\/\/www.humboldtforum.org\/en\/programm\/dauerangebot\/exhibition\/ethnological-collections-and-asian-art-16454\/\" target=\"_blank\" rel=\"noopener\">Ethnologisches Museum (Ethnological Museum) and Museum f\u00fcr Asiatische Kunst (Asian Art Museum)<\/a> and, last but not least, the roof terrace with restaurant and view over Berlin.<\/p>\n<p>In addition, further events and educational programme offers will start; the digital discourse series<a href=\"https:\/\/www.humboldtforum.org\/en\/programm\/event-reihe\/discourse\/99-questions-20100\/\" target=\"_blank\" rel=\"noopener\"><em> 99 Question<\/em><\/a>s, <a href=\"https:\/\/www.humboldtforum.org\/en\/programm\/event-reihe\/discourse\/counterquestions-20494\/\" target=\"_blank\" rel=\"noopener\"><em>Counterquestions<\/em><\/a>, <a href=\"https:\/\/www.humboldtforum.org\/en\/programm\/event-reihe\/science-and-humanities\/wesearch-20455\/\" target=\"_blank\" rel=\"noopener\"><em>WeSearch<\/em><\/a> and <a href=\"https:\/\/www.humboldtforum.org\/en\/programm\/event-reihe\/discourse\/sight-specifics-20432\/\" target=\"_blank\" rel=\"noopener\"><em>SITE SPECIFICS<\/em><\/a> will continue from October. Over the opening year of the house, almost <a href=\"https:\/\/www.humboldtforum.org\/en\/programm\/event-reihe\/dance\/moving-the-forum-19249\/\" target=\"_blank\" rel=\"noopener\">40 Berlin dance artists will be in residence<\/a> in the controversial spaces of the Humboldt Forum. Using their bodies, they will position themselves within the context of not only the architecture, but also the history and exhibition content.<\/p>\n<p>Finally, in the first half of 2022, the entire house with all it has to offer will be open to you on around 30,000 square metres. In the East wings of the Second and Third Floor, the second part of the collection presentations of the <a href=\"https:\/\/www.humboldtforum.org\/en\/programm\/dauerangebot\/exhibition\/ethnological-collections-and-asian-art-16454\/\" target=\"_blank\" rel=\"noopener\">Ethnologisches Museum (Ethnological Museum) and the Museum f\u00fcr Asiatische (Asian Art Museum)<\/a> will then also be open.<\/p>\n\n\t\t\t\t\t\t\t\t\t\t\t\t\t\t\t\t\t\t\t\t\t\t\t\t\t\t\t\t\t\t\t\t\t\n\t\t\t\t\t\t\t\t\t\t\t<div class=\"row\">\n\t\t\t\t\t\t\t\t\t\t\t\t<div class=\"col-xs-9 col-md-9\">\n\t\t\t\t\t\t\t\t\t\t\t\t\t<div class=\"box\">\n\t\t\t\t\t\t\t\t\t\t\t\t\t\t\t\t\t\t\t\t\t\t\t\t\t\t\t<\/div>\n\t\t\t\t\t\t\t\t\t\t\t\t<\/div>\n\t\t\t\t\t\t\t\t\t\t\t<\/div>\n\n\t\t\t\t\t\t\t\t\t\t\t\t\t\t\t\t\t\t\t\t\t<\/div>\n\t\t\t\t\t\t\t\t\t<\/div>\n\t\t\t\t\t\t\t\t<\/div>\n\t\t\t\t\t\t\t\t<\/block-accordion-item>\n\t\t\t\t\t\t\t\t\t\t\t\t\t<\/div>\n\t\t\t\t\t\t<\/block-accordion>\n\t\t\t\t\t\t\t\t\t<\/div>\n\t\t\t<\/div>\n\t\t<\/div>\n\t<\/div>\n<\/section>\n","protected":false},"template":"","genre":[568],"digital":[],"topic":[],"stakeholder":[592,593,594,595],"editorial":[],"editorialfilter":[],"targetgroup":[585,714,715],"language":[],"accessability":[596],"age":[],"school":[],"groupsize":[],"place":[597],"class_list":["post-24469","event","type-event","status-publish","has-post-thumbnail","hentry","genre-opening","stakeholder-humboldt-universitat-zu-berlin","stakeholder-kulturprojekte-berlin-stadtmuseum-berlin-en","stakeholder-staatliche-museen-zu-berlin-en","stakeholder-stiftung-humboldt-forum-im-berliner-schloss-en","targetgroup-adults","targetgroup-children","targetgroup-teenager","accessability-accessible-for-wheelchairs","place-humboldt-forum-en"],"acf":[],"_links":{"self":[{"href":"https:\/\/www.humboldtforum.org\/en\/wp-json\/wp\/v2\/event\/24469","targetHints":{"allow":["GET"]}}],"collection":[{"href":"https:\/\/www.humboldtforum.org\/en\/wp-json\/wp\/v2\/event"}],"about":[{"href":"https:\/\/www.humboldtforum.org\/en\/wp-json\/wp\/v2\/types\/event"}],"version-history":[{"count":0,"href":"https:\/\/www.humboldtforum.org\/en\/wp-json\/wp\/v2\/event\/24469\/revisions"}],"wp:featuredmedia":[{"embeddable":true,"href":"https:\/\/www.humboldtforum.org\/en\/wp-json\/wp\/v2\/media\/23797"}],"wp:attachment":[{"href":"https:\/\/www.humboldtforum.org\/en\/wp-json\/wp\/v2\/media?parent=24469"}],"wp:term":[{"taxonomy":"genre","embeddable":true,"href":"https:\/\/www.humboldtforum.org\/en\/wp-json\/wp\/v2\/genre?post=24469"},{"taxonomy":"digital","embeddable":true,"href":"https:\/\/www.humboldtforum.org\/en\/wp-json\/wp\/v2\/digital?post=24469"},{"taxonomy":"topic","embeddable":true,"href":"https:\/\/www.humboldtforum.org\/en\/wp-json\/wp\/v2\/topic?post=24469"},{"taxonomy":"stakeholder","embeddable":true,"href":"https:\/\/www.humboldtforum.org\/en\/wp-json\/wp\/v2\/stakeholder?post=24469"},{"taxonomy":"editorial","embeddable":true,"href":"https:\/\/www.humboldtforum.org\/en\/wp-json\/wp\/v2\/editorial?post=24469"},{"taxonomy":"editorialfilter","embeddable":true,"href":"https:\/\/www.humboldtforum.org\/en\/wp-json\/wp\/v2\/editorialfilter?post=24469"},{"taxonomy":"targetgroup","embeddable":true,"href":"https:\/\/www.humboldtforum.org\/en\/wp-json\/wp\/v2\/targetgroup?post=24469"},{"taxonomy":"language","embeddable":true,"href":"https:\/\/www.humboldtforum.org\/en\/wp-json\/wp\/v2\/language?post=24469"},{"taxonomy":"accessability","embeddable":true,"href":"https:\/\/www.humboldtforum.org\/en\/wp-json\/wp\/v2\/accessability?post=24469"},{"taxonomy":"age","embeddable":true,"href":"https:\/\/www.humboldtforum.org\/en\/wp-json\/wp\/v2\/age?post=24469"},{"taxonomy":"school","embeddable":true,"href":"https:\/\/www.humboldtforum.org\/en\/wp-json\/wp\/v2\/school?post=24469"},{"taxonomy":"groupsize","embeddable":true,"href":"https:\/\/www.humboldtforum.org\/en\/wp-json\/wp\/v2\/groupsize?post=24469"},{"taxonomy":"place","embeddable":true,"href":"https:\/\/www.humboldtforum.org\/en\/wp-json\/wp\/v2\/place?post=24469"}],"curies":[{"name":"wp","href":"https:\/\/api.w.org\/{rel}","templated":true}]}}