{"id":34377,"date":"2021-10-19T20:59:38","date_gmt":"2021-10-19T18:59:38","guid":{"rendered":"https:\/\/www.humboldtforum.org\/?post_type=event&#038;p=34377"},"modified":"2026-02-06T09:22:41","modified_gmt":"2026-02-06T08:22:41","slug":"japanese-tea-ceremony","status":"publish","type":"event","link":"https:\/\/www.humboldtforum.org\/en\/programm\/termin\/demonstration\/japanese-tea-ceremony-34377\/","title":{"rendered":"Chanoyu. The Japanese Way of Tea"},"content":{"rendered":"<section class=\"block block-copy\" >\n    <div class=\"container-fluid\">\n\t\t<div class=\"row \">\n            <div class=\"col-xs-12 col-md-offset-2 col-md-8\">\n                <div class=\"box\">\n                    <div class=\"copy\"><h5>1 pm<br \/>\nPreparation of Usucha &#8211; whipped, light tea.<\/h5>\n<h5>3 pm<br \/>\nPreparation of Koicha &#8211; stirred, strong tea.<\/h5>\n<p>&nbsp;<\/p>\n<\/div>\n                <\/div>\n            <\/div>\n\t\t<\/div>\n\t\t    <\/div>\n<\/section>\n\n<section class=\"block block-copy\" >\n    <div class=\"container-fluid\">\n\t\t<div class=\"row \">\n            <div class=\"col-xs-12 col-md-offset-2 col-md-8\">\n                <div class=\"box\">\n                    <div class=\"copy\"><p>B\u014dki literally means &#8220;forgetting everyday matters&#8221;. This is possible at the Museum f\u00fcr Asiatische Kunst. In the B\u014dki-an Tea House, specially designed for the Humboldt Forum, the Chad\u014d Urasenke Teeweg-Verein Berlin provides an insight into traditional tea ceremonies. Between outstanding works of painting, graphic art, ceramics and lacquer work, culture of the tea path can be experienced.<\/p>\n<p>&nbsp;<\/p>\n<\/div>\n                <\/div>\n            <\/div>\n\t\t<\/div>\n\t\t    <\/div>\n<\/section>\n\n<section class=\"block block-teaser col-1 has-bg\" style=\"--teaser-bg:#f2f2f2\">\n\t<lazy-component :fixed-min-height=\"400\">\n\t\n\t\t\t\t\t<div class=\"container-fluid\">\n\t\t\t\t<div class=\"row bottom-xs\">\n\t\t\t\t\t<div class=\"col-xs-12 col-sm-10 col-md-8 col-sm-offset-1 col-md-offset-2\">\n\t\t\t\t\t\t<h4>Belongs to<\/h4>\t\t\t\t\t\t\t\t\t\t\t\t\t\t\t\t\t\t\t<\/div>\n\t\t\t\t\t<div class=\"col-xs-12 col-sm-10 col-md-8 col-sm-offset-1 col-md-offset-2 start-xs end-md margin-bottom-sixth\">\n\t\t\t\t\t\t\t\t\t\t\t<\/div>\n\t\t\t\t<\/div>\n\t\t\t\t<ul class=\"row\">\n\t\t\t\n<li class=\"col-xs-12 teaser-wrapper col-padding-remove\">\n\t<calendarteaser key=\"5203816615\" rawitem='{&quot;postId&quot;:52038,&quot;title&quot;:&quot;Ethnological Collections and Asian Art&quot;,&quot;excerpt&quot;:&quot;Newly curated, right in the centre of Berlin&quot;,&quot;slug&quot;:&quot;ethnological-collection-and-asian-art&quot;,&quot;post_date&quot;:&quot;2022-07-12T18:45&quot;,&quot;type&quot;:&quot;event-permanent&quot;,&quot;permalink&quot;:&quot;https:\\\/\\\/www.humboldtforum.org\\\/en\\\/programm\\\/dauerangebot\\\/exhibition\\\/ethnological-collection-and-asian-art-52038\\\/&quot;,&quot;genre&quot;:[552],&quot;genre_details&quot;:[{&quot;text&quot;:&quot;Exhibition&quot;,&quot;id&quot;:552,&quot;icon&quot;:null,&quot;parent&quot;:0}],&quot;stakeholder&quot;:[594],&quot;stakeholder_details&quot;:[{&quot;text&quot;:&quot;Staatliche Museen zu Berlin&quot;,&quot;id&quot;:594,&quot;icon&quot;:null,&quot;parent&quot;:0}],&quot;editorial&quot;:[1138,1139,1010],&quot;editorial_details&quot;:[{&quot;text&quot;:&quot;multifaceted&quot;,&quot;id&quot;:1138,&quot;icon&quot;:null,&quot;parent&quot;:0},{&quot;text&quot;:&quot;spacious&quot;,&quot;id&quot;:1139,&quot;icon&quot;:null,&quot;parent&quot;:0},{&quot;text&quot;:&quot;surprising&quot;,&quot;id&quot;:1010,&quot;icon&quot;:null,&quot;parent&quot;:0}],&quot;targetgroup&quot;:[585],&quot;targetgroup_details&quot;:[{&quot;text&quot;:&quot;Adults&quot;,&quot;id&quot;:585,&quot;icon&quot;:null,&quot;parent&quot;:0}],&quot;language&quot;:[580,579],&quot;language_details&quot;:[{&quot;text&quot;:&quot;English&quot;,&quot;id&quot;:580,&quot;icon&quot;:null,&quot;parent&quot;:0},{&quot;text&quot;:&quot;German&quot;,&quot;id&quot;:579,&quot;icon&quot;:null,&quot;parent&quot;:0}],&quot;accessability&quot;:[596],&quot;accessability_details&quot;:[{&quot;text&quot;:&quot;Accessible for wheelchairs&quot;,&quot;id&quot;:596,&quot;icon&quot;:null,&quot;parent&quot;:0}],&quot;place&quot;:[900,897,902],&quot;place_details&quot;:{&quot;place&quot;:&quot;Humboldt Forum&quot;,&quot;map&quot;:&quot;Humboldt Forum, Schlossplatz, Berlin&quot;,&quot;room&quot;:&quot;Africa, 2nd floor, Asia, 3rd floor, Oceania, 2nd floor&quot;},&quot;icon_overwrite&quot;:&quot;&quot;,&quot;acf&quot;:{&quot;planning&quot;:{&quot;price&quot;:&quot;14 \\u20ac \\\/ 7\\u20ac&quot;,&quot;status&quot;:&quot;BUY&quot;,&quot;info&quot;:&quot;Exhibition ticket required&quot;,&quot;shop&quot;:&quot;https:\\\/\\\/tickets.humboldtforum.org\\\/#\\\/tickets\\\/time?museum_id=1&amp;exhibition_id=17&amp;group=day&amp;date=2025-10-03&quot;,&quot;can_purchase&quot;:true},&quot;periods&quot;:[{&quot;label&quot;:&quot;&quot;,&quot;dates&quot;:[{&quot;start&quot;:&quot;202301020000&quot;,&quot;end&quot;:&quot;202212310000&quot;,&quot;has_end&quot;:false,&quot;start_HRFSHORT&quot;:&quot;02\\\/01\\\/23&quot;,&quot;start_HRFSHORT_WD&quot;:&quot;Mon 02\\\/01\\\/2023&quot;}],&quot;monday&quot;:[{&quot;start&quot;:&quot;10:30&quot;,&quot;end&quot;:&quot;18:30&quot;,&quot;closed&quot;:false}],&quot;tuesday&quot;:[{&quot;start&quot;:null,&quot;end&quot;:null,&quot;closed&quot;:true}],&quot;wednesday&quot;:[{&quot;start&quot;:&quot;10:30&quot;,&quot;end&quot;:&quot;18:30&quot;,&quot;closed&quot;:false}],&quot;thursday&quot;:[{&quot;start&quot;:&quot;10:30&quot;,&quot;end&quot;:&quot;18:30&quot;,&quot;closed&quot;:false}],&quot;friday&quot;:[{&quot;start&quot;:&quot;10:30&quot;,&quot;end&quot;:&quot;18:30&quot;,&quot;closed&quot;:false}],&quot;saturday&quot;:[{&quot;start&quot;:&quot;10:30&quot;,&quot;end&quot;:&quot;18:30&quot;,&quot;closed&quot;:false}],&quot;sunday&quot;:[{&quot;start&quot;:&quot;10:30&quot;,&quot;end&quot;:&quot;18:30&quot;,&quot;closed&quot;:false}],&quot;info&quot;:&quot;&quot;,&quot;description&quot;:&quot;&quot;}],&quot;display_as_single&quot;:false,&quot;marketing_text&quot;:&quot;New presentation of the collections&quot;,&quot;shorttext&quot;:&quot;Newly curated, right in the centre of Berlin&quot;,&quot;highlight_header&quot;:true,&quot;highlight_header_image&quot;:139469,&quot;has_mobile_format&quot;:true,&quot;highlight_header_image_mobile&quot;:139467,&quot;hyphenation&quot;:false,&quot;tipp&quot;:false,&quot;joker&quot;:false,&quot;live&quot;:false,&quot;use_opening_hours_of_the_house&quot;:true,&quot;additional_info&quot;:{&quot;icon&quot;:&quot;0&quot;,&quot;text&quot;:&quot;&quot;},&quot;use_video_in_teasers&quot;:false,&quot;hide_event_in_program&quot;:false,&quot;video_brightness&quot;:&quot;80&quot;,&quot;noindex&quot;:false,&quot;keywords&quot;:&quot;&quot;,&quot;shorturl&quot;:&quot;&quot;,&quot;subline&quot;:&quot;New presentation of the collections&quot;,&quot;period_exception&quot;:[{&quot;label&quot;:&quot;&quot;,&quot;date&quot;:&quot;202209150000&quot;,&quot;closed&quot;:true,&quot;start&quot;:null,&quot;end&quot;:null,&quot;date_HRFSHORT&quot;:&quot;15\\\/09\\\/22&quot;},{&quot;label&quot;:&quot;&quot;,&quot;date&quot;:&quot;202209160000&quot;,&quot;closed&quot;:true,&quot;start&quot;:null,&quot;end&quot;:null,&quot;date_HRFSHORT&quot;:&quot;16\\\/09\\\/22&quot;},{&quot;label&quot;:&quot;&quot;,&quot;date&quot;:&quot;202512240000&quot;,&quot;closed&quot;:true,&quot;start&quot;:null,&quot;end&quot;:null,&quot;date_HRFSHORT&quot;:&quot;24\\\/12\\\/25&quot;},{&quot;label&quot;:&quot;&quot;,&quot;date&quot;:&quot;202512250000&quot;,&quot;closed&quot;:false,&quot;start&quot;:&quot;12:00&quot;,&quot;end&quot;:&quot;18:00&quot;,&quot;date_HRFSHORT&quot;:&quot;25\\\/12\\\/25&quot;},{&quot;label&quot;:&quot;&quot;,&quot;date&quot;:&quot;202412260000&quot;,&quot;closed&quot;:false,&quot;start&quot;:&quot;12:00&quot;,&quot;end&quot;:&quot;18:00&quot;,&quot;date_HRFSHORT&quot;:&quot;26\\\/12\\\/24&quot;},{&quot;label&quot;:&quot;&quot;,&quot;date&quot;:&quot;202512300000&quot;,&quot;closed&quot;:false,&quot;start&quot;:&quot;10:30&quot;,&quot;end&quot;:&quot;18:30&quot;,&quot;date_HRFSHORT&quot;:&quot;30\\\/12\\\/25&quot;},{&quot;label&quot;:&quot;&quot;,&quot;date&quot;:&quot;202512310000&quot;,&quot;closed&quot;:false,&quot;start&quot;:&quot;10:30&quot;,&quot;end&quot;:&quot;16:30&quot;,&quot;date_HRFSHORT&quot;:&quot;31\\\/12\\\/25&quot;},{&quot;label&quot;:&quot;&quot;,&quot;date&quot;:&quot;202601010000&quot;,&quot;closed&quot;:false,&quot;start&quot;:&quot;12:00&quot;,&quot;end&quot;:&quot;18:00&quot;,&quot;date_HRFSHORT&quot;:&quot;01\\\/01\\\/26&quot;}],&quot;events&quot;:[121002,124118,124825,126201,126281,126490,126634,67787,127902,129605,131803,132015,132103,128805,135469,135642,136009,141150,142768,145374,148366,148655,149472,151066,153330,154815,156980,158179,158755,159669,161060],&quot;infotext&quot;:&quot;A few specific areas may be temporarily closed due to technical and organisational requirements. The exhibition areas on the 3rd floor will be closed for maintenance work from 27 to 30 April 2026.&quot;},&quot;period_list&quot;:&quot;&lt;strong&gt;Opening hours&lt;\\\/strong&gt;\\nMon, Wed, Thu, Fri, Sat, Sun: 10:30 am \\u2013 6:30 pm  \\nTue: closed\\n\\n&quot;,&quot;period_exception&quot;:&quot;&quot;,&quot;date&quot;:{&quot;infinite&quot;:true,&quot;from_DATE&quot;:202301020000,&quot;from&quot;:1672655400,&quot;from_TIME&quot;:&quot;10:30&quot;,&quot;to&quot;:1809292320,&quot;to_DATE&quot;:202705020242,&quot;to_TIME&quot;:&quot;18:30&quot;,&quot;from_HRFSHORT&quot;:&quot; 2 Jan 2023&quot;,&quot;from_HRFSHORT_WD&quot;:&quot;Mon 02\\\/01\\\/2023&quot;,&quot;from_HRF&quot;:&quot;Mon,  2 January 2023&quot;,&quot;to_HRF&quot;:&quot;Sun,  2 May 2027&quot;,&quot;to_HRFSHORT&quot;:&quot; 2 May 2027&quot;,&quot;to_HRFSHORT_WD&quot;:&quot;Sun 02\\\/05\\\/2027&quot;,&quot;from_to_HRF&quot;:&quot;Mon,  2 January 2023 \\u2013 Sun,  2 May 2027&quot;,&quot;from_to_HRFSHORT&quot;:&quot; 2 Jan 2023 \\u2013  2 May 2027&quot;,&quot;NXX&quot;:&quot;202605020242&quot;,&quot;NLAST&quot;:&quot;202705022112&quot;,&quot;NX&quot;:&quot;20260502&quot;},&quot;alert&quot;:&quot;Highlight&quot;,&quot;partof&quot;:[],&quot;marketing_topic&quot;:&quot;&quot;}' inline-template>\n\t<a href=\"https:\/\/www.humboldtforum.org\/en\/programm\/dauerangebot\/exhibition\/ethnological-collection-and-asian-art-52038\/\" class=\"teaser teaser-event-permanent teaser-event-standard\">\n\t\t<div class=\"row\">\n\t\t\t<div class=\"col-xs-12 col-sm-6 col-md-5 col-sm-offset-1 col-md-offset-2 first-sm teaser-event-text Infos\">\n\t\t\t\t<div class=\"teaser-event-standard-text\">\n\t\t\t\t\t<div class=\"margin-bottom-atom\">\n\t\t\t\t\t\t<div class=\"subline clamp-1\" v-html=\"maingenre\"><\/div>\n\t\t\t\t\t\t\t\t\t\t\t<\/div>\n\t\t\t\t\n\t\t\t\t\t<strong class=\"margin-bottom-atom h5\">Ethnological Collections and Asian Art<\/strong>\n\n\t\t\t\t\t\t\t\t\t\t\t<div class=\"\">New presentation of the collections<\/div>\n\t\t\t\t\t\t\t\t\t<\/div>\n\t\t\t\t<div class=\"teaser-bottom border-bottom\">\n\t\t\t\t<calendardateline :rawitem='item' :show-icon=\"true\"><\/calendardateline>\n\t\t\t\t\t<hr>\n\t\t\t\t<\/div>\n\t\t\t<\/div>\n\t\t\t<div class=\"col-xs-12 col-sm-4 col-md-3 teaser-event-image bottom-xs first-xs\">\n\t\t\t\t<div class=\"teaser-image teaser-image-no-alternate\">\n\t\t\t\t\t\t\t\t\t\t\t\t\t<span class=\"alert\">Highlight<\/span>\n\t\t\t\t\t\t\t\t\t\t\t\n\t<lazy-media-inline inline-template>\n\t\t<figure itemscope itemtype=\"http:\/\/schema.org\/ImageObject\" class=\"lazy-media-inline \" role=\"group\" id=\"media_69f56483eda80\" aria-labelledby=\"desc_media_69f56483eda80\">\n\t\t\t<script type=\"application\/json\" ref=\"data\">\n\t\t\t\t{\n\t\t\t\t\"sizes\" : {\"medium\":{\"file\":\"SHF_eb00226127-176x300.jpg\",\"width\":176,\"height\":300,\"mime-type\":\"image\\\/jpeg\",\"filesize\":10736},\"large\":{\"file\":\"SHF_eb00226127-600x1024.jpg\",\"width\":600,\"height\":1024,\"mime-type\":\"image\\\/jpeg\",\"filesize\":91736},\"thumbnail\":{\"file\":\"SHF_eb00226127-150x150.jpg\",\"width\":150,\"height\":150,\"mime-type\":\"image\\\/jpeg\",\"filesize\":5912},\"medium_large\":{\"file\":\"SHF_eb00226127-768x1311.jpg\",\"width\":768,\"height\":1311,\"mime-type\":\"image\\\/jpeg\",\"filesize\":143600},\"small\":{\"file\":\"SHF_eb00226127-258x440.jpg\",\"width\":258,\"height\":440,\"mime-type\":\"image\\\/jpeg\",\"filesize\":20778},\"semi\":{\"file\":\"SHF_eb00226127-340x580.jpg\",\"width\":340,\"height\":580,\"mime-type\":\"image\\\/jpeg\",\"filesize\":33486},\"mobile\":{\"file\":\"SHF_eb00226127-422x720.jpg\",\"width\":422,\"height\":720,\"mime-type\":\"image\\\/jpeg\",\"filesize\":48702},\"hd\":{\"file\":\"SHF_eb00226127-750x1280.jpg\",\"width\":750,\"height\":1280,\"mime-type\":\"image\\\/jpeg\",\"filesize\":137620},\"full\":{\"file\":\"SHF_eb00226127-1124x1920.jpg\",\"width\":1124,\"height\":1920,\"mime-type\":\"image\\\/jpeg\",\"filesize\":286887},\"1536x1536\":{\"file\":\"SHF_eb00226127-899x1536.jpg\",\"width\":899,\"height\":1536,\"mime-type\":\"image\\\/jpeg\",\"filesize\":191741},\"2048x2048\":{\"file\":\"SHF_eb00226127-1199x2048.jpg\",\"width\":1199,\"height\":2048,\"mime-type\":\"image\\\/jpeg\",\"filesize\":321534},\"original\":{\"file\":\"SHF_eb00226127.jpg\",\"width\":1464,\"height\":2500}},\n\t\t\t\t\"alt\" : \"Two statues stand side by side: a Hindu deity and a traditional figure, depicted in bold shades of red.\",\n\t\t\t\t\"path\" : \"\\\/wp-content\\\/uploads\\\/2024\\\/11\\\/\",\n\t\t\t\t\"video\" : null,\n\t\t\t\t\"autoplay\" : null,\n\t\t\t\t\"youtube\" : null,\n\t\t\t\t\"youtubelabel\" : \"Play video\",\n\t\t\t\t\"brightness\" : 100,\n\t\t\t\t\"crop\" : null,\n\t\t\t\t\"background\" : true,\n\t\t\t\t\"scale\" : 1\t\t\t\t}\n\t\t\t<\/script>\n\n\t\t\t<div class=\"height-container\" style=\"padding-bottom:170.7650273224%;\" v-if=\"sizes\">\n\t\t\t\t\t\t\t\t<lazy-media :inline=\"true\" :alt=\"alt\" :sizes=\"sizes\" :scale=\"scale\" :brightness=\"brightness\" :path=\"path\" :video=\"video\" :autoplay=\"autoplay\" :youtube=\"youtube\" :crop=\"crop\" :youtubelabel=\"youtubelabel\" :background=\"background\" media-id=\"desc_media_69f56483eda80\"><\/lazy-media>\n\t\t\t\t\t\t\t<\/div>\n\n\t\t\t\t\t\t\t<figcaption class=\"sr-only\" ref=\"body\" id=\"desc_media_69f56483eda80\">\n\t\t\t\t\t\t\t\t\t\t\t\t\t\t\t\t<div>Power figure &ldquo;mangaaka&ldquo; <\/div>\n\t\t\t\t\t\t\t\t\t\t\t\t\t\t\t\t<div class=\"insignificant\">\u00a9 Stiftung Humboldt Forum im Berliner Schloss \/ Staatliche Museen zu Berlin, Museum f\u00fcr Asiatische Kunst und Ethnologisches Museum \/ Fotos: Philipp Jester | Jens Blank<\/div>\n\t\t\t\t\t\t\t\t\t<\/figcaption>\n\t\t\t\t\t<\/figure>\n\t<\/lazy-media-inline>\n\t\t\t\t<\/div>\n\t\t\t<\/div>\n\t\t<\/div>\n\t<\/a>\n\t<\/calendarteaser>\n<\/li>\n\n\t\t\t\t<\/ul>\n\t\t\t<\/div>\n\t\t\t\t<\/lazy-component>\n<\/section>\n\n\n\n<section class=\"block block-CTA block-CTA-long leftgradient\">\n\t<div class=\"container-fluid\">\n\t\t<div class=\"row center-xs\">\n\t\t\t<div class=\"col-xs-12\">\n\t\t\t\t<div class=\"box\">\n\t\t\t\t\t<a href=\"https:\/\/www.humboldtforum.org\/en\/newsletter-2\/\" aria-label=\"Stay up to date.\" class=\"teaser teaser-cta-wide \">\n\t\t\t\t\t\t<div class=\"teaser-image\">\n\t\t\t\t\t\t\t\n\t<lazy-media-inline inline-template>\n\t\t<figure itemscope itemtype=\"http:\/\/schema.org\/ImageObject\" class=\"lazy-media-inline \" role=\"group\" id=\"media_69f56483ef25d\" aria-labelledby=\"desc_media_69f56483ef25d\">\n\t\t\t<script type=\"application\/json\" ref=\"data\">\n\t\t\t\t{\n\t\t\t\t\"sizes\" : {\"medium\":{\"file\":\"HF_eb00061823-scaled-300x200.jpg\",\"width\":300,\"height\":200,\"mime-type\":\"image\\\/jpeg\",\"filesize\":19186},\"large\":{\"file\":\"HF_eb00061823-scaled-1024x683.jpg\",\"width\":1024,\"height\":683,\"mime-type\":\"image\\\/jpeg\",\"filesize\":138597},\"thumbnail\":{\"file\":\"HF_eb00061823-scaled-150x150.jpg\",\"width\":150,\"height\":150,\"mime-type\":\"image\\\/jpeg\",\"filesize\":8481},\"medium_large\":{\"file\":\"HF_eb00061823-scaled-768x512.jpg\",\"width\":768,\"height\":512,\"mime-type\":\"image\\\/jpeg\",\"filesize\":86200},\"small\":{\"file\":\"HF_eb00061823-scaled-440x293.jpg\",\"width\":440,\"height\":293,\"mime-type\":\"image\\\/jpeg\",\"filesize\":35525},\"semi\":{\"file\":\"HF_eb00061823-scaled-580x387.jpg\",\"width\":580,\"height\":387,\"mime-type\":\"image\\\/jpeg\",\"filesize\":55724},\"mobile\":{\"file\":\"HF_eb00061823-scaled-720x480.jpg\",\"width\":720,\"height\":480,\"mime-type\":\"image\\\/jpeg\",\"filesize\":77971},\"hd\":{\"file\":\"HF_eb00061823-scaled-1280x854.jpg\",\"width\":1280,\"height\":854,\"mime-type\":\"image\\\/jpeg\",\"filesize\":202477},\"full\":{\"file\":\"HF_eb00061823-scaled-1920x1280.jpg\",\"width\":1920,\"height\":1280,\"mime-type\":\"image\\\/jpeg\",\"filesize\":386736},\"1536x1536\":{\"file\":\"HF_eb00061823-scaled-1536x1024.jpg\",\"width\":1536,\"height\":1024,\"mime-type\":\"image\\\/jpeg\",\"filesize\":266197},\"2048x2048\":{\"file\":\"HF_eb00061823-scaled-2048x1366.jpg\",\"width\":2048,\"height\":1366,\"mime-type\":\"image\\\/jpeg\",\"filesize\":430206},\"original\":{\"file\":\"HF_eb00061823-scaled.jpg\",\"width\":2560,\"height\":1707}},\n\t\t\t\t\"alt\" : \"The brightly lit foyer and the Infopoint, DJ booth, the Cosmograph media tower and many visitors milling about\",\n\t\t\t\t\"path\" : \"\\\/wp-content\\\/uploads\\\/2020\\\/04\\\/\",\n\t\t\t\t\"video\" : null,\n\t\t\t\t\"autoplay\" : null,\n\t\t\t\t\"youtube\" : null,\n\t\t\t\t\"youtubelabel\" : \"Play video\",\n\t\t\t\t\"brightness\" : \"70\",\n\t\t\t\t\"crop\" : {\"top\":\"90.17\",\"left\":\"40.27\"},\n\t\t\t\t\"background\" : true,\n\t\t\t\t\"scale\" : 2\t\t\t\t}\n\t\t\t<\/script>\n\n\t\t\t<div class=\"height-container\" style=\"padding-bottom:66.6796875%;\" v-if=\"sizes\">\n\t\t\t\t\t\t\t\t<lazy-media :inline=\"true\" :alt=\"alt\" :sizes=\"sizes\" :scale=\"scale\" :brightness=\"brightness\" :path=\"path\" :video=\"video\" :autoplay=\"autoplay\" :youtube=\"youtube\" :crop=\"crop\" :youtubelabel=\"youtubelabel\" :background=\"background\" media-id=\"desc_media_69f56483ef25d\"><\/lazy-media>\n\t\t\t\t\t\t\t<\/div>\n\n\t\t\t\t\t\t\t<figcaption class=\"sr-only\" ref=\"body\" id=\"desc_media_69f56483ef25d\">\n\t\t\t\t\t\t\t\t\t\t\t<div>In the Humboldt Forum&#039;s foyer there is a 17 meter high media tower, called &quot;cosmograph&quot;. It gives visitors comprehensive information about their visit and can transform into an art and light installation.<\/div>\n\t\t\t\t\t\t\t\t\t\t\t\t\t\t\t\t\t\t\t\t\t<div class=\"insignificant\">\u00a9 SHF \/ David von Becker<\/div>\n\t\t\t\t\t\t\t\t\t<\/figcaption>\n\t\t\t\t\t<\/figure>\n\t<\/lazy-media-inline>\n\t\t\t\t\t\t<\/div>\n\t\t\t\t\t\t<div class=\"teaser-content \">\n\t\t\t\t\t\t\t<div>\n\t\t\t\t\t\t\t\t\t\t\t\t\t\t\t\t<div class=\"teaser-header\"><span class=\"h3\">Stay up to date.<\/span><\/div>\n\t\t\t\t\t\t\t\t<div class=\"teaser-subline\"><span class=\"font-decoration\">Subscribe to our newsletter<\/span><\/div>\t\t\t\t\t\t\t\t<button tabindex=\"-1\" class=\"border\">Click here<\/button>\n\t\t\t\t\t\t\t<\/div>\n\t\t\t\t\t\t<\/div>\n\t\t\t\t\t<\/a>\n\t\t\t\t<\/div>\n\t\t\t<\/div>\n\t\t<\/div>\n\t<\/div>\n<\/section>\n","protected":false},"template":"","genre":[1457],"digital":[],"topic":[],"stakeholder":[594,595],"editorial":[],"editorialfilter":[],"targetgroup":[585],"language":[],"accessability":[],"age":[],"school":[],"groupsize":[],"place":[],"class_list":["post-34377","event","type-event","status-publish","has-post-thumbnail","hentry","genre-demonstration","stakeholder-staatliche-museen-zu-berlin-en","stakeholder-stiftung-humboldt-forum-im-berliner-schloss-en","targetgroup-adults"],"acf":[],"_links":{"self":[{"href":"https:\/\/www.humboldtforum.org\/en\/wp-json\/wp\/v2\/event\/34377","targetHints":{"allow":["GET"]}}],"collection":[{"href":"https:\/\/www.humboldtforum.org\/en\/wp-json\/wp\/v2\/event"}],"about":[{"href":"https:\/\/www.humboldtforum.org\/en\/wp-json\/wp\/v2\/types\/event"}],"version-history":[{"count":13,"href":"https:\/\/www.humboldtforum.org\/en\/wp-json\/wp\/v2\/event\/34377\/revisions"}],"predecessor-version":[{"id":159020,"href":"https:\/\/www.humboldtforum.org\/en\/wp-json\/wp\/v2\/event\/34377\/revisions\/159020"}],"wp:featuredmedia":[{"embeddable":true,"href":"https:\/\/www.humboldtforum.org\/en\/wp-json\/wp\/v2\/media\/43646"}],"wp:attachment":[{"href":"https:\/\/www.humboldtforum.org\/en\/wp-json\/wp\/v2\/media?parent=34377"}],"wp:term":[{"taxonomy":"genre","embeddable":true,"href":"https:\/\/www.humboldtforum.org\/en\/wp-json\/wp\/v2\/genre?post=34377"},{"taxonomy":"digital","embeddable":true,"href":"https:\/\/www.humboldtforum.org\/en\/wp-json\/wp\/v2\/digital?post=34377"},{"taxonomy":"topic","embeddable":true,"href":"https:\/\/www.humboldtforum.org\/en\/wp-json\/wp\/v2\/topic?post=34377"},{"taxonomy":"stakeholder","embeddable":true,"href":"https:\/\/www.humboldtforum.org\/en\/wp-json\/wp\/v2\/stakeholder?post=34377"},{"taxonomy":"editorial","embeddable":true,"href":"https:\/\/www.humboldtforum.org\/en\/wp-json\/wp\/v2\/editorial?post=34377"},{"taxonomy":"editorialfilter","embeddable":true,"href":"https:\/\/www.humboldtforum.org\/en\/wp-json\/wp\/v2\/editorialfilter?post=34377"},{"taxonomy":"targetgroup","embeddable":true,"href":"https:\/\/www.humboldtforum.org\/en\/wp-json\/wp\/v2\/targetgroup?post=34377"},{"taxonomy":"language","embeddable":true,"href":"https:\/\/www.humboldtforum.org\/en\/wp-json\/wp\/v2\/language?post=34377"},{"taxonomy":"accessability","embeddable":true,"href":"https:\/\/www.humboldtforum.org\/en\/wp-json\/wp\/v2\/accessability?post=34377"},{"taxonomy":"age","embeddable":true,"href":"https:\/\/www.humboldtforum.org\/en\/wp-json\/wp\/v2\/age?post=34377"},{"taxonomy":"school","embeddable":true,"href":"https:\/\/www.humboldtforum.org\/en\/wp-json\/wp\/v2\/school?post=34377"},{"taxonomy":"groupsize","embeddable":true,"href":"https:\/\/www.humboldtforum.org\/en\/wp-json\/wp\/v2\/groupsize?post=34377"},{"taxonomy":"place","embeddable":true,"href":"https:\/\/www.humboldtforum.org\/en\/wp-json\/wp\/v2\/place?post=34377"}],"curies":[{"name":"wp","href":"https:\/\/api.w.org\/{rel}","templated":true}]}}