{"id":36621,"date":"2022-01-10T10:56:40","date_gmt":"2022-01-10T09:56:40","guid":{"rendered":"https:\/\/www.humboldtforum.org\/programm\/termin\/other-en\/am-anfang-36621\/"},"modified":"2022-01-25T12:39:48","modified_gmt":"2022-01-25T11:39:48","slug":"am-anfang","status":"publish","type":"event","link":"https:\/\/www.humboldtforum.org\/en\/programm\/termin\/performance-art-and-installations\/am-anfang-36621\/","title":{"rendered":"At First"},"content":{"rendered":"<section class=\"block block-copy\" >\n    <div class=\"container-fluid\">\n\t\t<div class=\"row \">\n            <div class=\"col-xs-12 col-md-offset-2 col-md-8\">\n                <div class=\"box\">\n                    <div class=\"copy\"><p>Traditional music from Mali meets contemporary European music: <em>At first<\/em> is a Malian-German project in which choreographer and dancer Kettly No\u00ebl and composer and musician Marc Sinan explore creation myths from West Africa and Europe alongside scientific accounts of the creation of the world. The storytelling will unfold using dance and song, as well as performance and video art. <em>At First<\/em> brings together the Djiguiya Orchestra from Bamako, the Neue Vocalsolisten Stuttgart, and the international Marc Sinan Company.<\/p>\n<p><em>At first<\/em> can be experienced in two different ways: <strong>During the day, Hall 2 will be open, with a video installation (free entry).<\/strong> In the evening, musicians and dancers from Mali and Germany will perform live in the installation.<\/p>\n<\/div>\n                <\/div>\n            <\/div>\n\t\t<\/div>\n\t\t    <\/div>\n<\/section>\n\n<section class=\"block block-media\">\n\t\t<div class=\"container-fluid\">\n\t\t<div class=\"row\">\n\t\t\t<div class=\"col-xs-12 col-md-12\">\n\t\t\t\t<h5>At First<\/h5>\n\t\t\t<\/div>\n\t\t<\/div>\n\t<\/div>\n\t\t<div class=\"container-fluid\">\n\t\t<div class=\"row\">\n\t\t\t<div class=\"col-xs-12 col-md-12\">\n\t\t\t\n\t<lazy-media-inline inline-template>\n\t\t<figure itemscope itemtype=\"http:\/\/schema.org\/ImageObject\" class=\"lazy-media-inline \" role=\"group\" id=\"media_69f574459921f\" aria-labelledby=\"desc_media_69f574459921f\">\n\t\t\t<script type=\"application\/json\" ref=\"data\">\n\t\t\t\t{\n\t\t\t\t\"sizes\" : {\"medium\":{\"file\":\"amanfang_preview-300x169.jpg\",\"width\":300,\"height\":169,\"mime-type\":\"image\\\/jpeg\"},\"thumbnail\":{\"file\":\"amanfang_preview-150x150.jpg\",\"width\":150,\"height\":150,\"mime-type\":\"image\\\/jpeg\"},\"medium_large\":{\"file\":\"amanfang_preview-768x434.jpg\",\"width\":768,\"height\":434,\"mime-type\":\"image\\\/jpeg\"},\"small\":{\"file\":\"amanfang_preview-440x248.jpg\",\"width\":440,\"height\":248,\"mime-type\":\"image\\\/jpeg\"},\"semi\":{\"file\":\"amanfang_preview-580x327.jpg\",\"width\":580,\"height\":327,\"mime-type\":\"image\\\/jpeg\"},\"mobile\":{\"file\":\"amanfang_preview-720x406.jpg\",\"width\":720,\"height\":406,\"mime-type\":\"image\\\/jpeg\"},\"original\":{\"file\":\"amanfang_preview.jpg\",\"width\":1022,\"height\":577}},\n\t\t\t\t\"alt\" : \"Silhouette of a couple in front of a large screen displaying the face of an older man.\",\n\t\t\t\t\"path\" : \"\\\/wp-content\\\/uploads\\\/2022\\\/01\\\/\",\n\t\t\t\t\"video\" : \"https:\\\/\\\/www.humboldtforum.org\\\/wp-content\\\/uploads\\\/2022\\\/01\\\/AmAnfang_Trailer_v01.mp4\",\n\t\t\t\t\"autoplay\" : null,\n\t\t\t\t\"youtube\" : null,\n\t\t\t\t\"youtubelabel\" : \"Play video\",\n\t\t\t\t\"brightness\" : \"70\",\n\t\t\t\t\"crop\" : null,\n\t\t\t\t\"background\" : false,\n\t\t\t\t\"scale\" : 1\t\t\t\t}\n\t\t\t<\/script>\n\n\t\t\t<div class=\"height-container\" style=\"padding-bottom:56.457925636008%;\" v-if=\"sizes\">\n\t\t\t\t\t\t\t\t<lazy-media :inline=\"true\" :alt=\"alt\" :sizes=\"sizes\" :scale=\"scale\" :brightness=\"brightness\" :path=\"path\" :video=\"video\" :autoplay=\"autoplay\" :youtube=\"youtube\" :crop=\"crop\" :youtubelabel=\"youtubelabel\" :background=\"background\" media-id=\"desc_media_69f574459921f\"><\/lazy-media>\n\t\t\t\t\t\t\t<\/div>\n\n\t\t\t\t\t\t\t\t<\/figure>\n\t<\/lazy-media-inline>\n\t\t\t<\/div>\n\t\t<\/div>\n\t<\/div>\n<\/section>\n\n\n<section class=\"block block-accordion\">\n\t<div class=\"container-fluid\">\n\t\t<div class=\"row\">\n\t\t\t<div class=\"col-xs-12 col-md-offset-2 col-md-8\">\n\t\t\t\t<div class=\"box\">\n\t\t\t\t\t\t\t\t\t\t\t<block-accordion inline-template>\n\t\t\t\t\t\t\t<div class=\"accordion\">\n\t\t\t\t\t\t\t\t\t\t\t\t\t\t\t<block-accordion-item inline-template item-headline=\"Marc Sinan \u2013 artistic direction, composition, guitar\">\n\t\t\t\t\t\t\t\t<div ref=\"item\" data-id=\"MarcSinanartisticdirectioncompositionguitar\" class=\"block-accordion-item vue-initialize\" aria-expanded=\"false\" :aria-expanded=\"active ? 'true' : 'false'\">\n\t\t\t\t\t\t\t\t\t<button class=\"accordion-button-with-icon block-accordion-item-head\" :class=\"{'button-active': active}\" ref=\"head\" aria-controls=\"acc_69f574459f2fa\" id=\"acc_title_69f574459f2fe\" @click=\"toggle\" @keydown=\"key\">\n\t\t\t\t\t\t\t\t\t<div><span class=\"button-label\">Marc Sinan \u2013 artistic direction, composition, guitar<\/span><\/div><span class=\"button-icon icon-plus\" aria-hidden=\"true\"><\/span>\n\t\t\t\t\t\t\t\t<\/button>\n\t\t\t\t\t\t\t\t\t<div ref=\"body\" class=\"block-accordion-item-content\" id=\"acc_69f574459f2fa\" role=\"region\">\n\t\t\t\t\t\t\t\t\t\t<div class=\"wrapper copy\">\n\t\t\t\t\t\t\t\t\t\t\t<p>Marc Sinan\u2019s work explores new collaboration methods between artists in a transcultural and transmedial context. He regularly works both as composer and artistic director, guitarist and producer with his own ensemble, the Marc Sinan Company, as well as an ever-changing line-up of international guests and institutional partners. Recordings of his works are released by ECM Records. He lives and works in Berlin.<br \/>\nHis works address current socio-political issues. They are performed internationally, and have made guest appearances at festivals such as the Schleswig-Holstein Musikfestival, Istanbul Festival, and MaerzMusik, as well as at venues such as the Oper Halle, Oper Wuppertal, Theater Bremen, Humboldt Forum Berlin, the Gorki Theater and the Wiener Konzerthaus. Sinan has worked on collaborations with the Royal Philharmonic Orchestra, the Badische Staatstheater Karlsruhe, Philharmonie Jena, Staatskapelle Weimar, Staatsphilharmonie N\u00fcrnberg, Dresdner Sinfoniker, No Borders Orchestra, Ensemble ConTempo Beijing, the Belgrade ensemble Metamorphosis, Sonar Quartett, the Neue Vocalsolisten Stuttgart, the schnellebuntebilder media collective, Iva Bittov\u00e1, O\u011fuz B\u00fcy\u00fckberber, J\u00f6rg Widmann, Kayhan Kalhor and numerous other ensembles and musicians from Europe, Asia, Africa and North America.<\/p>\n\n\t\t\t\t\t\t\t\t\t\t\t\t\t\t\t\t\t\t\t\t\t\t\t\t\t\t\t\t\t\t\t\t\t\n\t\t\t\t\t\t\t\t\t\t\t<div class=\"row\">\n\t\t\t\t\t\t\t\t\t\t\t\t<div class=\"col-xs-9 col-md-9\">\n\t\t\t\t\t\t\t\t\t\t\t\t\t<div class=\"box\">\n\t\t\t\t\t\t\t\t\t\t\t\t\t\t\t\t\t\t\t\t\t\t\t\t\t\t\t<\/div>\n\t\t\t\t\t\t\t\t\t\t\t\t<\/div>\n\t\t\t\t\t\t\t\t\t\t\t<\/div>\n\n\t\t\t\t\t\t\t\t\t\t\t\t\t\t\t\t\t\t\t\t\t<\/div>\n\t\t\t\t\t\t\t\t\t<\/div>\n\t\t\t\t\t\t\t\t<\/div>\n\t\t\t\t\t\t\t\t<\/block-accordion-item>\n\t\t\t\t\t\t\t\t\t\t\t\t\t\t<block-accordion-item inline-template item-headline=\"Kettly No\u00ebl - choreography, dance \">\n\t\t\t\t\t\t\t\t<div ref=\"item\" data-id=\"KettlyNol-choreographydance\" class=\"block-accordion-item vue-initialize\" aria-expanded=\"false\" :aria-expanded=\"active ? 'true' : 'false'\">\n\t\t\t\t\t\t\t\t\t<button class=\"accordion-button-with-icon block-accordion-item-head\" :class=\"{'button-active': active}\" ref=\"head\" aria-controls=\"acc_69f574459f614\" id=\"acc_title_69f574459f616\" @click=\"toggle\" @keydown=\"key\">\n\t\t\t\t\t\t\t\t\t<div><span class=\"button-label\">Kettly No\u00ebl &#8211; choreography, dance <\/span><\/div><span class=\"button-icon icon-plus\" aria-hidden=\"true\"><\/span>\n\t\t\t\t\t\t\t\t<\/button>\n\t\t\t\t\t\t\t\t\t<div ref=\"body\" class=\"block-accordion-item-content\" id=\"acc_69f574459f614\" role=\"region\">\n\t\t\t\t\t\t\t\t\t\t<div class=\"wrapper copy\">\n\t\t\t\t\t\t\t\t\t\t\t<p>Born in Haiti, Kettly has lived in Bamako, Mali since 1999. She is a dancer, choreographer, and actress, and tours internationally with her work. Her first creation, <em>Dans Lacour<\/em>, from 1996 \u2013 a seminal piece steeped in Haitian voodoo culture \u2013 delves into the animistic universe of the island, while simultaneously exploring the roots of modern African dance. Kettly No\u00ebl currently directs the international contemporary dance festival Dense Bamako Danse, which she founded in 2003, as well as the Donko Seko Cultural Centre, a space for training, choreographic creativity and development of contemporary dance as a tool for socialisation. She was invited to perform at documenta 14 in 2017, where she created the installation and performance <em>Zombification<\/em>.<\/p>\n\n\t\t\t\t\t\t\t\t\t\t\t\t\t\t\t\t\t\t\t\t\t\t\t\t\t\t\t\t\t\t\t\t\t\n\t\t\t\t\t\t\t\t\t\t\t<div class=\"row\">\n\t\t\t\t\t\t\t\t\t\t\t\t<div class=\"col-xs-9 col-md-9\">\n\t\t\t\t\t\t\t\t\t\t\t\t\t<div class=\"box\">\n\t\t\t\t\t\t\t\t\t\t\t\t\t\t\t\t\t\t\t\t\t\t\t\t\t\t\t<\/div>\n\t\t\t\t\t\t\t\t\t\t\t\t<\/div>\n\t\t\t\t\t\t\t\t\t\t\t<\/div>\n\n\t\t\t\t\t\t\t\t\t\t\t\t\t\t\t\t\t\t\t\t\t<\/div>\n\t\t\t\t\t\t\t\t\t<\/div>\n\t\t\t\t\t\t\t\t<\/div>\n\t\t\t\t\t\t\t\t<\/block-accordion-item>\n\t\t\t\t\t\t\t\t\t\t\t\t\t\t<block-accordion-item inline-template item-headline=\"Djiguiya Orchestra\">\n\t\t\t\t\t\t\t\t<div ref=\"item\" data-id=\"DjiguiyaOrchestra\" class=\"block-accordion-item vue-initialize\" aria-expanded=\"false\" :aria-expanded=\"active ? 'true' : 'false'\">\n\t\t\t\t\t\t\t\t\t<button class=\"accordion-button-with-icon block-accordion-item-head\" :class=\"{'button-active': active}\" ref=\"head\" aria-controls=\"acc_69f574459f840\" id=\"acc_title_69f574459f841\" @click=\"toggle\" @keydown=\"key\">\n\t\t\t\t\t\t\t\t\t<div><span class=\"button-label\">Djiguiya Orchestra<\/span><\/div><span class=\"button-icon icon-plus\" aria-hidden=\"true\"><\/span>\n\t\t\t\t\t\t\t\t<\/button>\n\t\t\t\t\t\t\t\t\t<div ref=\"body\" class=\"block-accordion-item-content\" id=\"acc_69f574459f840\" role=\"region\">\n\t\t\t\t\t\t\t\t\t\t<div class=\"wrapper copy\">\n\t\t\t\t\t\t\t\t\t\t\t<p>Founded in 2019, this orchestra from Bamako combines traditional instruments from Mali with European music to create a unique transcultural interplay. Singer and kamale n\u2019goni player Lassine Kon\u00e9, together with Habib Sangar\u00e9 on bolon and calabash, and balafon virtuoso Joel Diarra, form an extraordinary ensemble.<\/p>\n\n\t\t\t\t\t\t\t\t\t\t\t\t\t\t\t\t\t\t\t\t\t\t\t\t\t\t\t\t\t\t\t\t\t\n\t\t\t\t\t\t\t\t\t\t\t<div class=\"row\">\n\t\t\t\t\t\t\t\t\t\t\t\t<div class=\"col-xs-9 col-md-9\">\n\t\t\t\t\t\t\t\t\t\t\t\t\t<div class=\"box\">\n\t\t\t\t\t\t\t\t\t\t\t\t\t\t\t\t\t\t\t\t\t\t\t\t\t\t\t<\/div>\n\t\t\t\t\t\t\t\t\t\t\t\t<\/div>\n\t\t\t\t\t\t\t\t\t\t\t<\/div>\n\n\t\t\t\t\t\t\t\t\t\t\t\t\t\t\t\t\t\t\t\t\t<\/div>\n\t\t\t\t\t\t\t\t\t<\/div>\n\t\t\t\t\t\t\t\t<\/div>\n\t\t\t\t\t\t\t\t<\/block-accordion-item>\n\t\t\t\t\t\t\t\t\t\t\t\t\t\t<block-accordion-item inline-template item-headline=\"Marc Sinan Company\">\n\t\t\t\t\t\t\t\t<div ref=\"item\" data-id=\"MarcSinanCompany\" class=\"block-accordion-item vue-initialize\" aria-expanded=\"false\" :aria-expanded=\"active ? 'true' : 'false'\">\n\t\t\t\t\t\t\t\t\t<button class=\"accordion-button-with-icon block-accordion-item-head\" :class=\"{'button-active': active}\" ref=\"head\" aria-controls=\"acc_69f574459fa6b\" id=\"acc_title_69f574459fa6c\" @click=\"toggle\" @keydown=\"key\">\n\t\t\t\t\t\t\t\t\t<div><span class=\"button-label\">Marc Sinan Company<\/span><\/div><span class=\"button-icon icon-plus\" aria-hidden=\"true\"><\/span>\n\t\t\t\t\t\t\t\t<\/button>\n\t\t\t\t\t\t\t\t\t<div ref=\"body\" class=\"block-accordion-item-content\" id=\"acc_69f574459fa6b\" role=\"region\">\n\t\t\t\t\t\t\t\t\t\t<div class=\"wrapper copy\">\n\t\t\t\t\t\t\t\t\t\t\t<p>Founded in 2008, the Marc Sinan Company (MS\\C) has established a strong profile and a global network. Led by composer and guitarist Marc Sinan, this independent ensemble creates its award-winning transmedial, transcultural projects thanks to an interdisciplinary team and international guests. Permanent ensemble members include clarinettist and electronic musician Oguz B\u00fcy\u00fckberber, drummer Daniel Eichholz, author Maike Wetzel, producer Eric Nikodym, dramaturge Holger Kuhla and sound designer Karsten Lipp. Their acclaimed guests include Iva Bittov\u00e1, Kettly No\u00ebl (Mali), Ulzhan Baibussynova (Kazakhstan), Ensemble ConTempo Beijing (China), the Djiguiya Orchestra (Mali), Damian and Delaine Le Bas (UK) and the schnellebuntebilder media collective. The company regularly appears with a varying line-up at top-class festivals and venues \u2013 most recently in India, Turkey and the USA. Collaboration partners have included the Badische Staatstheater Karlsruhe, the B\u00fchnen Halle, the Dresdner Sinfoniker and the Humboldt Forum Berlin. Projects created by the MS\\C have received numerous awards, including from UNESCO.<\/p>\n\n\t\t\t\t\t\t\t\t\t\t\t\t\t\t\t\t\t\t\t\t\t\t\t\t\t\t\t\t\t\t\t\t\t\n\t\t\t\t\t\t\t\t\t\t\t<div class=\"row\">\n\t\t\t\t\t\t\t\t\t\t\t\t<div class=\"col-xs-9 col-md-9\">\n\t\t\t\t\t\t\t\t\t\t\t\t\t<div class=\"box\">\n\t\t\t\t\t\t\t\t\t\t\t\t\t\t\t\t\t\t\t\t\t\t\t\t\t\t\t<\/div>\n\t\t\t\t\t\t\t\t\t\t\t\t<\/div>\n\t\t\t\t\t\t\t\t\t\t\t<\/div>\n\n\t\t\t\t\t\t\t\t\t\t\t\t\t\t\t\t\t\t\t\t\t<\/div>\n\t\t\t\t\t\t\t\t\t<\/div>\n\t\t\t\t\t\t\t\t<\/div>\n\t\t\t\t\t\t\t\t<\/block-accordion-item>\n\t\t\t\t\t\t\t\t\t\t\t\t\t\t<block-accordion-item inline-template item-headline=\"Neue Vocalsolisten Stuttgart\">\n\t\t\t\t\t\t\t\t<div ref=\"item\" data-id=\"NeueVocalsolistenStuttgart\" class=\"block-accordion-item vue-initialize\" aria-expanded=\"false\" :aria-expanded=\"active ? 'true' : 'false'\">\n\t\t\t\t\t\t\t\t\t<button class=\"accordion-button-with-icon block-accordion-item-head\" :class=\"{'button-active': active}\" ref=\"head\" aria-controls=\"acc_69f574459fc88\" id=\"acc_title_69f574459fc89\" @click=\"toggle\" @keydown=\"key\">\n\t\t\t\t\t\t\t\t\t<div><span class=\"button-label\">Neue Vocalsolisten Stuttgart<\/span><\/div><span class=\"button-icon icon-plus\" aria-hidden=\"true\"><\/span>\n\t\t\t\t\t\t\t\t<\/button>\n\t\t\t\t\t\t\t\t\t<div ref=\"body\" class=\"block-accordion-item-content\" id=\"acc_69f574459fc88\" role=\"region\">\n\t\t\t\t\t\t\t\t\t\t<div class=\"wrapper copy\">\n\t\t\t\t\t\t\t\t\t\t\t<p>The Neue Vocalsolisten see themselves first and foremost as explorers and discoverers. In order to pave the way for the new, they regularly work together with both established and young composers. Over the past 20 years, this has resulted in a repertoire of vocal chamber music that is unique the world over. The Neue Vocalsolisten work particularly within the area of contemporary music theatre with its characteristic electronic media, video and conceptual art. Against this interdisciplinary background, they have formed the genre of vocal chamber music theatre, including works by Georges Aperghis, Carola Bauckholt, Luciano Berio, Luca Francesconi, Lucia Ronchetti, Oscar Strasnoy and Claude Vivier. The ensemble consistently partners with top-class specialist ensembles and orchestras, international opera houses, the independent theatre scene, electronic studios and numerous organisers of festivals and concert series of new music across the globe.<\/p>\n\n\t\t\t\t\t\t\t\t\t\t\t\t\t\t\t\t\t\t\t\t\t\t\t\t\t\t\t\t\t\t\t\t\t\n\t\t\t\t\t\t\t\t\t\t\t<div class=\"row\">\n\t\t\t\t\t\t\t\t\t\t\t\t<div class=\"col-xs-9 col-md-9\">\n\t\t\t\t\t\t\t\t\t\t\t\t\t<div class=\"box\">\n\t\t\t\t\t\t\t\t\t\t\t\t\t\t\t\t\t\t\t\t\t\t\t\t\t\t\t<\/div>\n\t\t\t\t\t\t\t\t\t\t\t\t<\/div>\n\t\t\t\t\t\t\t\t\t\t\t<\/div>\n\n\t\t\t\t\t\t\t\t\t\t\t\t\t\t\t\t\t\t\t\t\t<\/div>\n\t\t\t\t\t\t\t\t\t<\/div>\n\t\t\t\t\t\t\t\t<\/div>\n\t\t\t\t\t\t\t\t<\/block-accordion-item>\n\t\t\t\t\t\t\t\t\t\t\t\t\t<\/div>\n\t\t\t\t\t\t<\/block-accordion>\n\t\t\t\t\t\t\t\t\t<\/div>\n\t\t\t<\/div>\n\t\t<\/div>\n\t<\/div>\n<\/section>\n","protected":false},"template":"","genre":[834],"digital":[],"topic":[],"stakeholder":[595],"editorial":[],"editorialfilter":[],"targetgroup":[585,715],"language":[581],"accessability":[],"age":[1265,1263],"school":[],"groupsize":[],"place":[884],"class_list":["post-36621","event","type-event","status-publish","has-post-thumbnail","hentry","genre-performance-art-and-installations","stakeholder-stiftung-humboldt-forum-im-berliner-schloss-en","targetgroup-adults","targetgroup-teenager","language-no-language-skills-required","age-adults","age-youth","place-ground-floor-hall-2"],"acf":[],"_links":{"self":[{"href":"https:\/\/www.humboldtforum.org\/en\/wp-json\/wp\/v2\/event\/36621","targetHints":{"allow":["GET"]}}],"collection":[{"href":"https:\/\/www.humboldtforum.org\/en\/wp-json\/wp\/v2\/event"}],"about":[{"href":"https:\/\/www.humboldtforum.org\/en\/wp-json\/wp\/v2\/types\/event"}],"version-history":[{"count":0,"href":"https:\/\/www.humboldtforum.org\/en\/wp-json\/wp\/v2\/event\/36621\/revisions"}],"wp:featuredmedia":[{"embeddable":true,"href":"https:\/\/www.humboldtforum.org\/en\/wp-json\/wp\/v2\/media\/36641"}],"wp:attachment":[{"href":"https:\/\/www.humboldtforum.org\/en\/wp-json\/wp\/v2\/media?parent=36621"}],"wp:term":[{"taxonomy":"genre","embeddable":true,"href":"https:\/\/www.humboldtforum.org\/en\/wp-json\/wp\/v2\/genre?post=36621"},{"taxonomy":"digital","embeddable":true,"href":"https:\/\/www.humboldtforum.org\/en\/wp-json\/wp\/v2\/digital?post=36621"},{"taxonomy":"topic","embeddable":true,"href":"https:\/\/www.humboldtforum.org\/en\/wp-json\/wp\/v2\/topic?post=36621"},{"taxonomy":"stakeholder","embeddable":true,"href":"https:\/\/www.humboldtforum.org\/en\/wp-json\/wp\/v2\/stakeholder?post=36621"},{"taxonomy":"editorial","embeddable":true,"href":"https:\/\/www.humboldtforum.org\/en\/wp-json\/wp\/v2\/editorial?post=36621"},{"taxonomy":"editorialfilter","embeddable":true,"href":"https:\/\/www.humboldtforum.org\/en\/wp-json\/wp\/v2\/editorialfilter?post=36621"},{"taxonomy":"targetgroup","embeddable":true,"href":"https:\/\/www.humboldtforum.org\/en\/wp-json\/wp\/v2\/targetgroup?post=36621"},{"taxonomy":"language","embeddable":true,"href":"https:\/\/www.humboldtforum.org\/en\/wp-json\/wp\/v2\/language?post=36621"},{"taxonomy":"accessability","embeddable":true,"href":"https:\/\/www.humboldtforum.org\/en\/wp-json\/wp\/v2\/accessability?post=36621"},{"taxonomy":"age","embeddable":true,"href":"https:\/\/www.humboldtforum.org\/en\/wp-json\/wp\/v2\/age?post=36621"},{"taxonomy":"school","embeddable":true,"href":"https:\/\/www.humboldtforum.org\/en\/wp-json\/wp\/v2\/school?post=36621"},{"taxonomy":"groupsize","embeddable":true,"href":"https:\/\/www.humboldtforum.org\/en\/wp-json\/wp\/v2\/groupsize?post=36621"},{"taxonomy":"place","embeddable":true,"href":"https:\/\/www.humboldtforum.org\/en\/wp-json\/wp\/v2\/place?post=36621"}],"curies":[{"name":"wp","href":"https:\/\/api.w.org\/{rel}","templated":true}]}}