{"id":45565,"date":"2022-07-04T10:27:56","date_gmt":"2022-07-04T08:27:56","guid":{"rendered":"https:\/\/www.humboldtforum.org\/programm\/termin\/other-en\/ein-objekt-viele-fragen-7-45565\/"},"modified":"2023-05-25T10:11:45","modified_gmt":"2023-05-25T08:11:45","slug":"one-object-many-questions-7","status":"publish","type":"event","link":"https:\/\/www.humboldtforum.org\/en\/programm\/termin\/discourse\/one-object-many-questions-7-45565\/","title":{"rendered":"Bisexual Ancestral Spirits &#8211; Or are we misunderstanding something?"},"content":{"rendered":"<section class=\"block block-copy block-no-margin\" >\n    <div class=\"container-fluid\">\n\t\t<div class=\"row \">\n            <div class=\"col-xs-12 col-md-offset-2 col-md-8\">\n                <div class=\"box\">\n                    <div class=\"copy\"><p>The series of events &#8220;One Object &#8211; Many Questions&#8221; focuses on a special exhibit on each event, whose history and stories will be explored in conversation with experts.<\/p>\n<p>The clearly bisexual representation of the figure of an ancestral spirit from Papua New Guinea invites speculation. Is this a transsexual spirit being? What cultural concepts of gender roles and gender ascriptions existed and exist there today? In this dialogue-based lecture format, the aim is to get to know new perspectives on these topics and at the same time to question our own categorisations of &#8220;gender&#8221; and thus also our concepts of persons in general.<\/p>\n<\/div>\n                <\/div>\n            <\/div>\n\t\t<\/div>\n\t\t    <\/div>\n<\/section>\n\n\n<section class=\"block block-accordion\">\n\t<div class=\"container-fluid\">\n\t\t<div class=\"row\">\n\t\t\t<div class=\"col-xs-12 col-md-offset-2 col-md-8\">\n\t\t\t\t<div class=\"box\">\n\t\t\t\t\t\t\t\t\t\t\t<block-accordion inline-template>\n\t\t\t\t\t\t\t<div class=\"accordion\">\n\t\t\t\t\t\t\t\t\t\t\t\t\t\t\t<block-accordion-item inline-template item-headline=\"Gina Knapp\">\n\t\t\t\t\t\t\t\t<div ref=\"item\" data-id=\"GinaKnapp\" class=\"block-accordion-item vue-initialize\" aria-expanded=\"false\" :aria-expanded=\"active ? 'true' : 'false'\">\n\t\t\t\t\t\t\t\t\t<button class=\"accordion-button-with-icon block-accordion-item-head\" :class=\"{'button-active': active}\" ref=\"head\" aria-controls=\"acc_69f09334abafa\" id=\"acc_title_69f09334abafc\" @click=\"toggle\" @keydown=\"key\">\n\t\t\t\t\t\t\t\t\t<div><span class=\"button-label\">Gina Knapp<\/span><\/div><span class=\"button-icon icon-plus\" aria-hidden=\"true\"><\/span>\n\t\t\t\t\t\t\t\t<\/button>\n\t\t\t\t\t\t\t\t\t<div ref=\"body\" class=\"block-accordion-item-content\" id=\"acc_69f09334abafa\" role=\"region\">\n\t\t\t\t\t\t\t\t\t\t<div class=\"wrapper copy\">\n\t\t\t\t\t\t\t\t\t\t\t<p>Dr. Gina Knapp is an anthropologist, filmmaker and researcher. She works as a curator for visual anthropology at the Ethnological Museum Berlin.<\/p>\n\n\t\t\t\t\t\t\t\t\t\t\t\t\t\t\t\t\t\t\t\t\t\t\t\t\t\t\t\t\t\t\t\t\t\n\t\t\t\t\t\t\t\t\t\t\t<div class=\"row\">\n\t\t\t\t\t\t\t\t\t\t\t\t<div class=\"col-xs-9 col-md-9\">\n\t\t\t\t\t\t\t\t\t\t\t\t\t<div class=\"box\">\n\t\t\t\t\t\t\t\t\t\t\t\t\t\t\n\t<lazy-media-inline inline-template>\n\t\t<figure itemscope itemtype=\"http:\/\/schema.org\/ImageObject\" class=\"lazy-media-inline \" role=\"group\" id=\"media_69f09334ac2fd\" aria-labelledby=\"desc_media_69f09334ac2fd\">\n\t\t\t<script type=\"application\/json\" ref=\"data\">\n\t\t\t\t{\n\t\t\t\t\"sizes\" : {\"medium\":{\"file\":\"SHF_eb00134295-200x300.jpg\",\"width\":200,\"height\":300,\"mime-type\":\"image\\\/jpeg\"},\"large\":{\"file\":\"SHF_eb00134295-682x1024.jpg\",\"width\":682,\"height\":1024,\"mime-type\":\"image\\\/jpeg\"},\"thumbnail\":{\"file\":\"SHF_eb00134295-150x150.jpg\",\"width\":150,\"height\":150,\"mime-type\":\"image\\\/jpeg\"},\"medium_large\":{\"file\":\"SHF_eb00134295-768x1152.jpg\",\"width\":768,\"height\":1152,\"mime-type\":\"image\\\/jpeg\"},\"small\":{\"file\":\"SHF_eb00134295-293x440.jpg\",\"width\":293,\"height\":440,\"mime-type\":\"image\\\/jpeg\"},\"semi\":{\"file\":\"SHF_eb00134295-387x580.jpg\",\"width\":387,\"height\":580,\"mime-type\":\"image\\\/jpeg\"},\"mobile\":{\"file\":\"SHF_eb00134295-480x720.jpg\",\"width\":480,\"height\":720,\"mime-type\":\"image\\\/jpeg\"},\"original\":{\"file\":\"SHF_eb00134295.jpg\",\"width\":853,\"height\":1280}},\n\t\t\t\t\"alt\" : \"A woman in a hat sits relaxed on a bench, surrounded by nature, smiling and gesturing kindly.\",\n\t\t\t\t\"path\" : \"\\\/wp-content\\\/uploads\\\/2022\\\/04\\\/\",\n\t\t\t\t\"video\" : null,\n\t\t\t\t\"autoplay\" : null,\n\t\t\t\t\"youtube\" : null,\n\t\t\t\t\"youtubelabel\" : \"Play video\",\n\t\t\t\t\"brightness\" : 100,\n\t\t\t\t\"crop\" : null,\n\t\t\t\t\"background\" : false,\n\t\t\t\t\"scale\" : 1\t\t\t\t}\n\t\t\t<\/script>\n\n\t\t\t<div class=\"height-container\" style=\"padding-bottom:150.05861664713%;\" v-if=\"sizes\">\n\t\t\t\t\t\t\t\t<lazy-media :inline=\"true\" :alt=\"alt\" :sizes=\"sizes\" :scale=\"scale\" :brightness=\"brightness\" :path=\"path\" :video=\"video\" :autoplay=\"autoplay\" :youtube=\"youtube\" :crop=\"crop\" :youtubelabel=\"youtubelabel\" :background=\"background\" media-id=\"desc_media_69f09334ac2fd\"><\/lazy-media>\n\t\t\t\t\t\t\t<\/div>\n\n\t\t\t\t\t\t\t<figcaption class=\"\" id=\"desc_media_69f09334ac2fd\">\n\t\t\t\t\t<div class=\"lazy-media-info-body-content\">\n\t\t\t\t\t\t\t\t\t\t\t\t\t\t\t\t\t\t\t<div>Gina Knapp <\/div>\n\t\t\t\t\t\t\t\t\t\t\t\t\t\t\t\t\t\t\t<div class=\"insignificant\">\u00a9 Yumi Piksa<\/div>\n\t\t\t\t\t\t\t\t\t\t\t<\/div>\n\t\t\t\t<\/figcaption>\n\t\t\t\t\t\t\t\t\t<\/figure>\n\t<\/lazy-media-inline>\n\t\t\t\t\t\t\t\t\t\t\t\t\t<\/div>\n\t\t\t\t\t\t\t\t\t\t\t\t<\/div>\n\t\t\t\t\t\t\t\t\t\t\t<\/div>\n\n\t\t\t\t\t\t\t\t\t\t\t\t\t\t\t\t\t\t\t\t\t<\/div>\n\t\t\t\t\t\t\t\t\t<\/div>\n\t\t\t\t\t\t\t\t<\/div>\n\t\t\t\t\t\t\t\t<\/block-accordion-item>\n\t\t\t\t\t\t\t\t\t\t\t\t\t<\/div>\n\t\t\t\t\t\t<\/block-accordion>\n\t\t\t\t\t\t\t\t\t<\/div>\n\t\t\t<\/div>\n\t\t<\/div>\n\t<\/div>\n<\/section>\n\n\n<section class=\"block block-teaser col-1 has-bg\" style=\"--teaser-bg:#f2f2f2\">\n\t<lazy-component :fixed-min-height=\"400\">\n\t\n\t\t\t\t\t<div class=\"container-fluid\">\n\t\t\t\t<div class=\"row bottom-xs\">\n\t\t\t\t\t<div class=\"col-xs-12 col-sm-10 col-md-8 col-sm-offset-1 col-md-offset-2\">\n\t\t\t\t\t\t\t\t\t\t\t\t\t\t\t\t\t\t\t\t\t\t\t\t\t<\/div>\n\t\t\t\t\t<div class=\"col-xs-12 col-sm-10 col-md-8 col-sm-offset-1 col-md-offset-2 start-xs end-md margin-bottom-sixth\">\n\t\t\t\t\t\t\t\t\t\t\t<\/div>\n\t\t\t\t<\/div>\n\t\t\t\t<ul class=\"row\">\n\t\t\t\n<li class=\"col-xs-12 teaser-wrapper col-padding-remove\">\n\t<calendarteaser key=\"3156811915\" rawitem='{&quot;postId&quot;:31568,&quot;title&quot;:&quot;Ethnologisches Museum and Museum f\\u00fcr Asiatische Kunst&quot;,&quot;excerpt&quot;:&quot;Newly curated, in the middle of Berlin: the exhibitions from the Ethnologisches Museum and the Museum f\\u00fcr Asiatische Kunst of the Staatliche Museen zu Berlin in the Humboldt Forum offer an eclectic view into the past and present cultures of Africa, America, Asia and Oceania.&quot;,&quot;slug&quot;:&quot;ethnologisches-museum-und-museum-fuer-asiatische-kunst&quot;,&quot;post_date&quot;:&quot;2021-09-07T11:24&quot;,&quot;type&quot;:&quot;event-permanent&quot;,&quot;permalink&quot;:&quot;https:\\\/\\\/www.humboldtforum.org\\\/en\\\/programm\\\/dauerangebot\\\/exhibition\\\/ethnologisches-museum-und-museum-fuer-asiatische-kunst-31568\\\/&quot;,&quot;genre&quot;:[552],&quot;genre_details&quot;:[{&quot;text&quot;:&quot;Exhibition&quot;,&quot;id&quot;:552,&quot;icon&quot;:null,&quot;parent&quot;:0}],&quot;stakeholder&quot;:[594],&quot;stakeholder_details&quot;:[{&quot;text&quot;:&quot;Staatliche Museen zu Berlin&quot;,&quot;id&quot;:594,&quot;icon&quot;:null,&quot;parent&quot;:0}],&quot;editorial&quot;:[1138,1139,1010],&quot;editorial_details&quot;:[{&quot;text&quot;:&quot;multifaceted&quot;,&quot;id&quot;:1138,&quot;icon&quot;:null,&quot;parent&quot;:0},{&quot;text&quot;:&quot;spacious&quot;,&quot;id&quot;:1139,&quot;icon&quot;:null,&quot;parent&quot;:0},{&quot;text&quot;:&quot;surprising&quot;,&quot;id&quot;:1010,&quot;icon&quot;:null,&quot;parent&quot;:0}],&quot;targetgroup&quot;:[585],&quot;targetgroup_details&quot;:[{&quot;text&quot;:&quot;Adults&quot;,&quot;id&quot;:585,&quot;icon&quot;:null,&quot;parent&quot;:0}],&quot;language&quot;:[580,579],&quot;language_details&quot;:[{&quot;text&quot;:&quot;English&quot;,&quot;id&quot;:580,&quot;icon&quot;:null,&quot;parent&quot;:0},{&quot;text&quot;:&quot;German&quot;,&quot;id&quot;:579,&quot;icon&quot;:null,&quot;parent&quot;:0}],&quot;accessability&quot;:[596],&quot;accessability_details&quot;:[{&quot;text&quot;:&quot;Accessible for wheelchairs&quot;,&quot;id&quot;:596,&quot;icon&quot;:null,&quot;parent&quot;:0}],&quot;place&quot;:[900,897,902],&quot;place_details&quot;:{&quot;place&quot;:&quot;Humboldt Forum&quot;,&quot;map&quot;:&quot;Humboldt Forum, Schlossplatz, Berlin&quot;,&quot;room&quot;:&quot;Africa, 2nd floor, Asia, 3rd floor, Oceania, 2nd floor&quot;},&quot;icon_overwrite&quot;:&quot;&quot;,&quot;acf&quot;:{&quot;shorturl&quot;:&quot;museums&quot;,&quot;planning&quot;:{&quot;price&quot;:&quot;Free admission&quot;,&quot;status&quot;:&quot;JOIN&quot;,&quot;info&quot;:&quot;Free admission&quot;,&quot;shop&quot;:&quot;&quot;,&quot;can_purchase&quot;:false},&quot;display_as_single&quot;:false,&quot;marketing_text&quot;:&quot;New Presentation of the Collections&quot;,&quot;shorttext&quot;:&quot;Newly curated, in the middle of Berlin: the exhibitions from the Ethnologisches Museum and the Museum f\\u00fcr Asiatische Kunst of the Staatliche Museen zu Berlin in the Humboldt Forum offer an eclectic view into the past and present cultures of Africa, America, Asia and Oceania.&quot;,&quot;has_mobile_format&quot;:true,&quot;keywords&quot;:&quot;&quot;,&quot;use_video_in_teasers&quot;:false,&quot;hide_event_in_program&quot;:false,&quot;tickettext&quot;:&quot;No timed ticket required&quot;,&quot;video_brightness&quot;:&quot;80&quot;,&quot;noindex&quot;:false,&quot;subline&quot;:&quot;New Presentation of the Collections&quot;,&quot;additional_info&quot;:{&quot;icon&quot;:&quot;0&quot;,&quot;text&quot;:&quot;&quot;},&quot;highlight_header&quot;:true,&quot;highlight_header_image&quot;:31398,&quot;video&quot;:31396,&quot;hyphenation&quot;:true,&quot;tipp&quot;:false,&quot;joker&quot;:false,&quot;live&quot;:false,&quot;highlight_header_image_mobile&quot;:33350,&quot;use_opening_hours_of_the_house&quot;:false,&quot;periods&quot;:[{&quot;label&quot;:&quot;&quot;,&quot;dates&quot;:[{&quot;start&quot;:&quot;202208100000&quot;,&quot;end&quot;:&quot;202208240000&quot;,&quot;has_end&quot;:false,&quot;start_HRFSHORT&quot;:&quot;10\\\/08\\\/22&quot;,&quot;start_HRFSHORT_WD&quot;:&quot;Wed 10\\\/08\\\/2022&quot;}],&quot;monday&quot;:[{&quot;start&quot;:&quot;10:00&quot;,&quot;end&quot;:&quot;20:00&quot;,&quot;closed&quot;:false}],&quot;tuesday&quot;:[{&quot;start&quot;:null,&quot;end&quot;:null,&quot;closed&quot;:true}],&quot;wednesday&quot;:[{&quot;start&quot;:&quot;10:00&quot;,&quot;end&quot;:&quot;20:00&quot;,&quot;closed&quot;:false}],&quot;thursday&quot;:[{&quot;start&quot;:&quot;10:00&quot;,&quot;end&quot;:&quot;20:00&quot;,&quot;closed&quot;:false}],&quot;friday&quot;:[{&quot;start&quot;:&quot;10:00&quot;,&quot;end&quot;:&quot;22:00&quot;,&quot;closed&quot;:false}],&quot;saturday&quot;:[{&quot;start&quot;:&quot;10:00&quot;,&quot;end&quot;:&quot;22:00&quot;,&quot;closed&quot;:false}],&quot;sunday&quot;:[{&quot;start&quot;:&quot;10:00&quot;,&quot;end&quot;:&quot;20:00&quot;,&quot;closed&quot;:false}],&quot;info&quot;:&quot;&quot;,&quot;description&quot;:&quot;&quot;}],&quot;alert_text&quot;:&quot;&quot;,&quot;events&quot;:[133854,134121,159642,159652,161583],&quot;period_exception&quot;:[]},&quot;period_list&quot;:&quot;&lt;strong&gt;Opening hours&lt;\\\/strong&gt;\\nMon, Wed, Thu, Sun: 10:00 am \\u2013 8:00 pm  \\nFri, Sat: 10:00 am \\u2013 10:00 pm  \\nTue: closed\\n\\n&quot;,&quot;period_exception&quot;:&quot;&quot;,&quot;date&quot;:{&quot;infinite&quot;:true,&quot;from_DATE&quot;:202208100000,&quot;from&quot;:1660125600,&quot;from_TIME&quot;:&quot;10:00&quot;,&quot;to&quot;:1808982000,&quot;to_DATE&quot;:202704281100,&quot;to_TIME&quot;:&quot;20:00&quot;,&quot;from_HRFSHORT&quot;:&quot;10 Aug 2022&quot;,&quot;from_HRFSHORT_WD&quot;:&quot;Wed 10\\\/08\\\/2022&quot;,&quot;from_HRF&quot;:&quot;Wed, 10 August 2022&quot;,&quot;to_HRF&quot;:&quot;Thu, 29 April 2027&quot;,&quot;to_HRFSHORT&quot;:&quot;29 Apr 2027&quot;,&quot;to_HRFSHORT_WD&quot;:&quot;Thu 29\\\/04\\\/2027&quot;,&quot;from_to_HRF&quot;:&quot;Wed, 10 August 2022 \\u2013 Thu, 29 April 2027&quot;,&quot;from_to_HRFSHORT&quot;:&quot;10 Aug 2022 \\u2013 29 Apr 2027&quot;,&quot;NXX&quot;:&quot;202604291100&quot;,&quot;NLAST&quot;:&quot;202704290700&quot;,&quot;NX&quot;:&quot;20260429&quot;},&quot;alert&quot;:&quot;Highlight&quot;,&quot;partof&quot;:[],&quot;marketing_topic&quot;:&quot;&quot;}' inline-template>\n\t<a href=\"https:\/\/www.humboldtforum.org\/en\/programm\/dauerangebot\/exhibition\/ethnologisches-museum-und-museum-fuer-asiatische-kunst-31568\/\" class=\"teaser teaser-event-permanent teaser-event-standard\">\n\t\t<div class=\"row\">\n\t\t\t<div class=\"col-xs-12 col-sm-6 col-md-5 col-sm-offset-1 col-md-offset-2 first-sm teaser-event-text Infos\">\n\t\t\t\t<div class=\"teaser-event-standard-text\">\n\t\t\t\t\t<div class=\"margin-bottom-atom\">\n\t\t\t\t\t\t<div class=\"subline clamp-1\" v-html=\"maingenre\"><\/div>\n\t\t\t\t\t\t\t\t\t\t\t<\/div>\n\t\t\t\t\n\t\t\t\t\t<strong class=\"margin-bottom-atom h5\">Ethnologisches Museum and Museum f\u00fcr Asiatische Kunst<\/strong>\n\n\t\t\t\t\t\t\t\t\t\t\t<div class=\"\">New Presentation of the Collections<\/div>\n\t\t\t\t\t\t\t\t\t<\/div>\n\t\t\t\t<div class=\"teaser-bottom border-bottom\">\n\t\t\t\t<calendardateline :rawitem='item' :show-icon=\"true\"><\/calendardateline>\n\t\t\t\t\t<hr>\n\t\t\t\t<\/div>\n\t\t\t<\/div>\n\t\t\t<div class=\"col-xs-12 col-sm-4 col-md-3 teaser-event-image bottom-xs first-xs\">\n\t\t\t\t<div class=\"teaser-image teaser-image-no-alternate\">\n\t\t\t\t\t\t\t\t\t\t\t\t\t<span class=\"alert\">Highlight<\/span>\n\t\t\t\t\t\t\t\t\t\t\t\n\t<lazy-media-inline inline-template>\n\t\t<figure itemscope itemtype=\"http:\/\/schema.org\/ImageObject\" class=\"lazy-media-inline \" role=\"group\" id=\"media_69f09334ce865\" aria-labelledby=\"desc_media_69f09334ce865\">\n\t\t\t<script type=\"application\/json\" ref=\"data\">\n\t\t\t\t{\n\t\t\t\t\"sizes\" : {\"medium\":{\"file\":\"SHF_eb00120379-176x300.jpg\",\"width\":176,\"height\":300,\"mime-type\":\"image\\\/jpeg\"},\"large\":{\"file\":\"SHF_eb00120379-600x1024.jpg\",\"width\":600,\"height\":1024,\"mime-type\":\"image\\\/jpeg\"},\"thumbnail\":{\"file\":\"SHF_eb00120379-150x150.jpg\",\"width\":150,\"height\":150,\"mime-type\":\"image\\\/jpeg\"},\"medium_large\":{\"file\":\"SHF_eb00120379-768x1312.jpg\",\"width\":768,\"height\":1312,\"mime-type\":\"image\\\/jpeg\"},\"small\":{\"file\":\"SHF_eb00120379-258x440.jpg\",\"width\":258,\"height\":440,\"mime-type\":\"image\\\/jpeg\"},\"semi\":{\"file\":\"SHF_eb00120379-340x580.jpg\",\"width\":340,\"height\":580,\"mime-type\":\"image\\\/jpeg\"},\"mobile\":{\"file\":\"SHF_eb00120379-422x720.jpg\",\"width\":422,\"height\":720,\"mime-type\":\"image\\\/jpeg\"},\"hd\":{\"file\":\"SHF_eb00120379-749x1280.jpg\",\"width\":749,\"height\":1280,\"mime-type\":\"image\\\/jpeg\"},\"full\":{\"file\":\"SHF_eb00120379-1124x1920.jpg\",\"width\":1124,\"height\":1920,\"mime-type\":\"image\\\/jpeg\"},\"1536x1536\":{\"file\":\"SHF_eb00120379-899x1536.jpg\",\"width\":899,\"height\":1536,\"mime-type\":\"image\\\/jpeg\"},\"2048x2048\":{\"file\":\"SHF_eb00120379-1199x2048.jpg\",\"width\":1199,\"height\":2048,\"mime-type\":\"image\\\/jpeg\"},\"original\":{\"file\":\"SHF_eb00120379.jpg\",\"width\":1780,\"height\":3040}},\n\t\t\t\t\"alt\" : \"Sculpture of a god-like figure in front of a colorful geometric background.\",\n\t\t\t\t\"path\" : \"\\\/wp-content\\\/uploads\\\/2021\\\/09\\\/\",\n\t\t\t\t\"video\" : null,\n\t\t\t\t\"autoplay\" : null,\n\t\t\t\t\"youtube\" : null,\n\t\t\t\t\"youtubelabel\" : \"Play video\",\n\t\t\t\t\"brightness\" : 100,\n\t\t\t\t\"crop\" : {\"top\":\"41.00\",\"left\":\"50.00\"},\n\t\t\t\t\"background\" : true,\n\t\t\t\t\"scale\" : 2\t\t\t\t}\n\t\t\t<\/script>\n\n\t\t\t<div class=\"height-container\" style=\"padding-bottom:170.78651685393%;\" v-if=\"sizes\">\n\t\t\t\t\t\t\t\t<lazy-media :inline=\"true\" :alt=\"alt\" :sizes=\"sizes\" :scale=\"scale\" :brightness=\"brightness\" :path=\"path\" :video=\"video\" :autoplay=\"autoplay\" :youtube=\"youtube\" :crop=\"crop\" :youtubelabel=\"youtubelabel\" :background=\"background\" media-id=\"desc_media_69f09334ce865\"><\/lazy-media>\n\t\t\t\t\t\t\t<\/div>\n\n\t\t\t\t\t\t\t<figcaption class=\"sr-only\" ref=\"body\" id=\"desc_media_69f09334ce865\">\n\t\t\t\t\t\t\t\t\t\t\t\t\t\t\t\t\t\t\t\t\t<div class=\"insignificant\">\u00a9 Staatliche Museen zu Berlin, Museum f\u00fcr Asiatische Kunst; Stiftung Humboldt Forum im Berliner Schloss \/ digital reproduction: Jester Blank GbR<\/div>\n\t\t\t\t\t\t\t\t\t<\/figcaption>\n\t\t\t\t\t<\/figure>\n\t<\/lazy-media-inline>\n\t\t\t\t<\/div>\n\t\t\t<\/div>\n\t\t<\/div>\n\t<\/a>\n\t<\/calendarteaser>\n<\/li>\n\n\t\t\t\t<\/ul>\n\t\t\t<\/div>\n\t\t\t\t<\/lazy-component>\n<\/section>\n\n\n\n<section class=\"block block-teaser col-lane33 \" style=\"\">\n\t\t\t\t\t\t<teaser-lane-with-buttons inline-template tracking-label=\"Organistorische Hinweise\">\n\t\t\t\t<div>\n\t\t\t\t\t<div class=\"container-fluid\">\n\t\t\t\t\t\t<div class=\"row middle-xs\">\n\t\t\t\t\t\t\t<div class=\"col-xs-10 col-sm-8\">\n\t\t\t\t\t\t\t\t<h3 class=\"h4 topline\">Organistorische Hinweise<\/h3>\t\t\t\t\t\t\t<\/div>\n\t\t\t\t\t\t\t<div class=\"col-xs-2 col-sm-4 end-xs margin-bottom-sixth\">\n\t\t\t\t\t\t\t\t<teaser-lane-buttons :visible_prev=\"visible_prev\" :visible_next=\"visible_next\" @prev=\"prev\" @next=\"next\"><\/teaser-lane-buttons>\n\t\t\t\t\t\t\t<\/div>\n\t\t\t\t\t\t<\/div>\n\t\t\t\t\t<\/div>\n\t\t\t\t\t<div class=\"teaser-lane-wrapper\">\n\t\t\t\t\t\t<ul class=\"teaser-lane\">\n\t\t\t\t\t\t<li class=\"teaser-lane-slide col-xs-10 col-sm-8 col-md-4 teaser-wrapper col-padding-remove\">\n\t<div class=\"box\">\n\t\t<div class=\"teaser teaser-info\">\n\t\t\t<div class=\"box teaser-info-box\">\n\t\t\t\t<div>\n\t\t\t\t\t\t\t\t\t\t\t<div class=\"teaser-info-image\">\n\t\t\t\t\t\t\t<img decoding=\"async\" class=\"teaser-inline-svg\" alt=\"Piktogramm Treffpunkt &#038; Uhrzeit\" src=\"https:\/\/www.humboldtforum.org\/wp-content\/uploads\/2021\/06\/Meetingpoint.svg\">\n\t\t\t\t\t\t<\/div>\n\t\t\t\t\t\t\t\t\t\t<div class=\"teaser-header h6\">Treffpunkt &#038; Uhrzeit<\/div>\n\t\t\t\t\t<div class=\"teaser-info-copy Teaser-copy\"><p>Den Treffpunkt f\u00fcr F\u00fchrungen und den Ort f\u00fcr Workshops finden Sie auf Ihrer Buchungsbest\u00e4tigung. Damit die F\u00fchrung p\u00fcnktlich beginnen kann, bitten wir Sie, 15 Minuten vor Programmbeginn im Humboldt Forum einzutreffen. Ber\u00fccksichtigen Sie bitte unbedingt diese zus\u00e4tzliche Viertelstunde bei Ihrer Planung. Vielen Dank!<\/p>\n<\/div>\n\t\t\t\t<\/div>\n\t\t\t\t\n\t\t\t\t\t\t\t<\/div>\n\t\t<\/div>\n\t<\/div>\n<\/li>\t\t\t\t\t\t<\/ul>\n\t\t\t\t\t<\/div>\n\t\t\t\t<\/div>\n\t\t\t<\/teaser-lane-with-buttons>\n\t\t\t<\/section>","protected":false},"template":"","genre":[566],"digital":[],"topic":[],"stakeholder":[594],"editorial":[],"editorialfilter":[],"targetgroup":[585],"language":[579],"accessability":[596],"age":[],"school":[],"groupsize":[1091],"place":[600],"class_list":["post-45565","event","type-event","status-publish","has-post-thumbnail","hentry","genre-discourse","stakeholder-staatliche-museen-zu-berlin-en","targetgroup-adults","language-german","accessability-accessible-for-wheelchairs","groupsize-max-20-persons","place-2nd-floor"],"acf":[],"_links":{"self":[{"href":"https:\/\/www.humboldtforum.org\/en\/wp-json\/wp\/v2\/event\/45565","targetHints":{"allow":["GET"]}}],"collection":[{"href":"https:\/\/www.humboldtforum.org\/en\/wp-json\/wp\/v2\/event"}],"about":[{"href":"https:\/\/www.humboldtforum.org\/en\/wp-json\/wp\/v2\/types\/event"}],"version-history":[{"count":3,"href":"https:\/\/www.humboldtforum.org\/en\/wp-json\/wp\/v2\/event\/45565\/revisions"}],"predecessor-version":[{"id":83679,"href":"https:\/\/www.humboldtforum.org\/en\/wp-json\/wp\/v2\/event\/45565\/revisions\/83679"}],"wp:featuredmedia":[{"embeddable":true,"href":"https:\/\/www.humboldtforum.org\/en\/wp-json\/wp\/v2\/media\/45526"}],"wp:attachment":[{"href":"https:\/\/www.humboldtforum.org\/en\/wp-json\/wp\/v2\/media?parent=45565"}],"wp:term":[{"taxonomy":"genre","embeddable":true,"href":"https:\/\/www.humboldtforum.org\/en\/wp-json\/wp\/v2\/genre?post=45565"},{"taxonomy":"digital","embeddable":true,"href":"https:\/\/www.humboldtforum.org\/en\/wp-json\/wp\/v2\/digital?post=45565"},{"taxonomy":"topic","embeddable":true,"href":"https:\/\/www.humboldtforum.org\/en\/wp-json\/wp\/v2\/topic?post=45565"},{"taxonomy":"stakeholder","embeddable":true,"href":"https:\/\/www.humboldtforum.org\/en\/wp-json\/wp\/v2\/stakeholder?post=45565"},{"taxonomy":"editorial","embeddable":true,"href":"https:\/\/www.humboldtforum.org\/en\/wp-json\/wp\/v2\/editorial?post=45565"},{"taxonomy":"editorialfilter","embeddable":true,"href":"https:\/\/www.humboldtforum.org\/en\/wp-json\/wp\/v2\/editorialfilter?post=45565"},{"taxonomy":"targetgroup","embeddable":true,"href":"https:\/\/www.humboldtforum.org\/en\/wp-json\/wp\/v2\/targetgroup?post=45565"},{"taxonomy":"language","embeddable":true,"href":"https:\/\/www.humboldtforum.org\/en\/wp-json\/wp\/v2\/language?post=45565"},{"taxonomy":"accessability","embeddable":true,"href":"https:\/\/www.humboldtforum.org\/en\/wp-json\/wp\/v2\/accessability?post=45565"},{"taxonomy":"age","embeddable":true,"href":"https:\/\/www.humboldtforum.org\/en\/wp-json\/wp\/v2\/age?post=45565"},{"taxonomy":"school","embeddable":true,"href":"https:\/\/www.humboldtforum.org\/en\/wp-json\/wp\/v2\/school?post=45565"},{"taxonomy":"groupsize","embeddable":true,"href":"https:\/\/www.humboldtforum.org\/en\/wp-json\/wp\/v2\/groupsize?post=45565"},{"taxonomy":"place","embeddable":true,"href":"https:\/\/www.humboldtforum.org\/en\/wp-json\/wp\/v2\/place?post=45565"}],"curies":[{"name":"wp","href":"https:\/\/api.w.org\/{rel}","templated":true}]}}