{"id":63607,"date":"2022-11-18T14:01:23","date_gmt":"2022-11-18T13:01:23","guid":{"rendered":"https:\/\/www.humboldtforum.org\/programm\/termin\/sonstige\/spaeti-ukraine-special-ii-63607\/"},"modified":"2022-12-01T13:02:32","modified_gmt":"2022-12-01T12:02:32","slug":"spaeti-ukraine-special-ii","status":"publish","type":"event","link":"https:\/\/www.humboldtforum.org\/en\/programm\/termin\/dj-set-en\/spaeti-ukraine-special-ii-63607\/","title":{"rendered":"SP\u00c4TI &#8211; Ukraine Special II"},"content":{"rendered":"<section class=\"block block-copy block-no-margin\" >\n    <div class=\"container-fluid\">\n\t\t<div class=\"row \">\n            <div class=\"col-xs-12 col-md-offset-2 col-md-8\">\n                <div class=\"box\">\n                    <div class=\"copy\"><p>For the second edition of SP\u00c4TI with a focus on Ukraine, we invited all ten fellows from Ukraine to introduce them to the visitors of the Humboldt Forum. After a short talk with the fellows, we will give you a visual and interactive experience of some of their projects: on the Cosmograph in the foyer Sasha Kurmaz, a well-known Ukrainian video artist, will show his recent work; Olha Andronova will make individual buttons together with you and Iryna Lavrova and Olha Sarajeva invite you to a game about Ukrainian cultural heritage.<\/p>\n<p>After 6 p.m. DJne Helleroid will fill the room with Ukrainian beats, the bar will offer drinks and we will invite you to seize the opportunity and talk to the curator Kateryna Rietz-Rakul and the Ukrainian fellows.<\/p>\n<p>&nbsp;<\/p>\n<\/div>\n                <\/div>\n            <\/div>\n\t\t<\/div>\n\t\t    <\/div>\n<\/section>\n\n<section class=\"block block-standard-image-copy rev2nd\"> \n\t<div class=\"container-fluid\">\n\t\t<div class=\"row middle-sm\">\n\t\t\t<div class=\"col-xs-10 col-sm-6 margin-bottom-sixth\" data-motion-parallax='{\"child\":\".image-wrapper\",\"mask\":\".lazy-media\",\"tween\":{\"yPercent\": [-15,15]}}'>\n\t\t\t\t\n\t<lazy-media-inline inline-template>\n\t\t<figure itemscope itemtype=\"http:\/\/schema.org\/ImageObject\" class=\"lazy-media-inline lazy-max-height-exception\" role=\"group\" id=\"media_69f103b556982\" aria-labelledby=\"desc_media_69f103b556982\">\n\t\t\t<script type=\"application\/json\" ref=\"data\">\n\t\t\t\t{\n\t\t\t\t\"sizes\" : {\"medium\":{\"file\":\"SHF_eb00158638-200x300.jpg\",\"width\":200,\"height\":300,\"mime-type\":\"image\\\/jpeg\",\"filesize\":7270},\"large\":{\"file\":\"SHF_eb00158638-682x1024.jpg\",\"width\":682,\"height\":1024,\"mime-type\":\"image\\\/jpeg\",\"filesize\":51645},\"thumbnail\":{\"file\":\"SHF_eb00158638-150x150.jpg\",\"width\":150,\"height\":150,\"mime-type\":\"image\\\/jpeg\",\"filesize\":4218},\"medium_large\":{\"file\":\"SHF_eb00158638-768x1152.jpg\",\"width\":768,\"height\":1152,\"mime-type\":\"image\\\/jpeg\",\"filesize\":63248},\"small\":{\"file\":\"SHF_eb00158638-293x440.jpg\",\"width\":293,\"height\":440,\"mime-type\":\"image\\\/jpeg\",\"filesize\":12838},\"semi\":{\"file\":\"SHF_eb00158638-387x580.jpg\",\"width\":387,\"height\":580,\"mime-type\":\"image\\\/jpeg\",\"filesize\":20032},\"mobile\":{\"file\":\"SHF_eb00158638-480x720.jpg\",\"width\":480,\"height\":720,\"mime-type\":\"image\\\/jpeg\",\"filesize\":28243},\"original\":{\"file\":\"SHF_eb00158638.jpg\",\"width\":853,\"height\":1280}},\n\t\t\t\t\"alt\" : \"Portrait of a bearded man with short hair looking at the camera against a blue background.\",\n\t\t\t\t\"path\" : \"\\\/wp-content\\\/uploads\\\/2022\\\/11\\\/\",\n\t\t\t\t\"video\" : null,\n\t\t\t\t\"autoplay\" : null,\n\t\t\t\t\"youtube\" : null,\n\t\t\t\t\"youtubelabel\" : \"Play video\",\n\t\t\t\t\"brightness\" : 100,\n\t\t\t\t\"crop\" : null,\n\t\t\t\t\"background\" : false,\n\t\t\t\t\"scale\" : 1\t\t\t\t}\n\t\t\t<\/script>\n\n\t\t\t<div class=\"height-container\" style=\"padding-bottom:150.05861664713%;\" v-if=\"sizes\">\n\t\t\t\t\t\t\t\t<lazy-media :inline=\"true\" :alt=\"alt\" :sizes=\"sizes\" :scale=\"scale\" :brightness=\"brightness\" :path=\"path\" :video=\"video\" :autoplay=\"autoplay\" :youtube=\"youtube\" :crop=\"crop\" :youtubelabel=\"youtubelabel\" :background=\"background\" media-id=\"desc_media_69f103b556982\"><\/lazy-media>\n\t\t\t\t\t\t\t<\/div>\n\n\t\t\t\t\t\t\t<div class=\"lazy-media-info-container-fluid\">\n\t\t\t\t<div class=\"lazy-media-info-row end-xs\">\n\t\t\t\t\t<div class=\"lazy-media-info-col\">\n\t\t\t\t\t\t<div class=\"lazy-media-info\" aria-expanded=\"false\" :aria-expanded=\"isOpen ? 'true' : 'false'\">\n\t\t\t\t\t\t\t<button class=\"lazy-media-info-head button-tiny\" :class=\"{'button-active': isOpen}\" @click=\"toggle\" ref=\"head\"><span class=\"button-label insignificant\">Image info<\/span><\/button>\n\t\t\t\t\t\t\t<figcaption class=\"lazy-media-info-body\" ref=\"body\" id=\"desc_media_69f103b556982\">\n\t\t\t\t\t\t\t\t<div class=\"lazy-media-info-body-content\">\n\t\t\t\t\t\t\t\t\t\t\t\t\t\t\t\t\t\t\t\t\t\t\t\t\t\t\t\t<div>Sasha Kurmaz <\/div>\n\t\t\t\t\t\t\t\t\t\t\t\t\t\t\t\t\t\t\t\t\t\t\t\t\t\t<\/div>\n\t\t\t\t\t\t\t<\/figcaption>\n\t\t\t\t\t\t\t<div class=\"lazy-media-info-head-border\"><\/div>\n\t\t\t\t\t\t<\/div>\n\t\t\t\t\t<\/div>\n\t\t\t\t<\/div>\n\t\t\t<\/div>\n\t\t\t\t\t\t\t\t\t<\/figure>\n\t<\/lazy-media-inline>\n\t\t\t<\/div>\n\t\t\t<div class=\"col-xs-10 col-sm-6 col-md-5 copy margin-bottom-half\"><p class=\"contentpasted0\"><strong>Sasha Kurmaz\u00a0<\/strong>(*1986, Kyiv) currently lives and works in Kyiv, Ukraine.<\/p>\n<p>Sasha is an interdisciplinary artist. In his artistic practice, he uses different media and approaches such as photography, video, public interventions, and performative situations. The focus of his work is on social and political issues, as well as global challenges faced by Ukrainian society in recent years.<\/p>\n<p>Kurmaz has participated in many international exhibitions and festivals, including exhibitions at ZKM Museum of Contemporary Art, Akademie der K\u00fcnste (Berlin), NRW-Forum D\u00fcsseldorf, K\u00fcnstlerhaus Vienna, Skovde Art Museum, Zamek Ujazdowski, Forum Stadtpark, C\/O Berlin, and many others.<\/p>\n<\/div>\n\t\t<\/div>\n\t<\/div>\n<\/section>\n\n<section class=\"block block-standard-image-copy rev2nd\"> \n\t<div class=\"container-fluid\">\n\t\t<div class=\"row middle-sm\">\n\t\t\t<div class=\"col-xs-10 col-sm-6 margin-bottom-sixth\" data-motion-parallax='{\"child\":\".image-wrapper\",\"mask\":\".lazy-media\",\"tween\":{\"yPercent\": [-15,15]}}'>\n\t\t\t\t\n\t<lazy-media-inline inline-template>\n\t\t<figure itemscope itemtype=\"http:\/\/schema.org\/ImageObject\" class=\"lazy-media-inline lazy-max-height-exception\" role=\"group\" id=\"media_69f103b558659\" aria-labelledby=\"desc_media_69f103b558659\">\n\t\t\t<script type=\"application\/json\" ref=\"data\">\n\t\t\t\t{\n\t\t\t\t\"sizes\" : {\"medium\":{\"file\":\"SHF_eb00158637-225x300.jpg\",\"width\":225,\"height\":300,\"mime-type\":\"image\\\/jpeg\",\"filesize\":12415},\"large\":{\"file\":\"SHF_eb00158637-768x1024.jpg\",\"width\":768,\"height\":1024,\"mime-type\":\"image\\\/jpeg\",\"filesize\":103453},\"thumbnail\":{\"file\":\"SHF_eb00158637-150x150.jpg\",\"width\":150,\"height\":150,\"mime-type\":\"image\\\/jpeg\",\"filesize\":5562},\"medium_large\":{\"file\":\"SHF_eb00158637-768x1024.jpg\",\"width\":768,\"height\":1024,\"mime-type\":\"image\\\/jpeg\",\"filesize\":103453},\"small\":{\"file\":\"SHF_eb00158637-330x440.jpg\",\"width\":330,\"height\":440,\"mime-type\":\"image\\\/jpeg\",\"filesize\":23740},\"semi\":{\"file\":\"SHF_eb00158637-435x580.jpg\",\"width\":435,\"height\":580,\"mime-type\":\"image\\\/jpeg\",\"filesize\":38498},\"mobile\":{\"file\":\"SHF_eb00158637-540x720.jpg\",\"width\":540,\"height\":720,\"mime-type\":\"image\\\/jpeg\",\"filesize\":55362},\"original\":{\"file\":\"SHF_eb00158637.jpg\",\"width\":960,\"height\":1280}},\n\t\t\t\t\"alt\" : \"Young man in black and white standing in an urban field with raised hand. Architecture in the background.\",\n\t\t\t\t\"path\" : \"\\\/wp-content\\\/uploads\\\/2022\\\/11\\\/\",\n\t\t\t\t\"video\" : null,\n\t\t\t\t\"autoplay\" : null,\n\t\t\t\t\"youtube\" : null,\n\t\t\t\t\"youtubelabel\" : \"Play video\",\n\t\t\t\t\"brightness\" : 100,\n\t\t\t\t\"crop\" : null,\n\t\t\t\t\"background\" : false,\n\t\t\t\t\"scale\" : 1\t\t\t\t}\n\t\t\t<\/script>\n\n\t\t\t<div class=\"height-container\" style=\"padding-bottom:133.33333333333%;\" v-if=\"sizes\">\n\t\t\t\t\t\t\t\t<lazy-media :inline=\"true\" :alt=\"alt\" :sizes=\"sizes\" :scale=\"scale\" :brightness=\"brightness\" :path=\"path\" :video=\"video\" :autoplay=\"autoplay\" :youtube=\"youtube\" :crop=\"crop\" :youtubelabel=\"youtubelabel\" :background=\"background\" media-id=\"desc_media_69f103b558659\"><\/lazy-media>\n\t\t\t\t\t\t\t<\/div>\n\n\t\t\t\t\t\t\t<div class=\"lazy-media-info-container-fluid\">\n\t\t\t\t<div class=\"lazy-media-info-row end-xs\">\n\t\t\t\t\t<div class=\"lazy-media-info-col\">\n\t\t\t\t\t\t<div class=\"lazy-media-info\" aria-expanded=\"false\" :aria-expanded=\"isOpen ? 'true' : 'false'\">\n\t\t\t\t\t\t\t<button class=\"lazy-media-info-head button-tiny\" :class=\"{'button-active': isOpen}\" @click=\"toggle\" ref=\"head\"><span class=\"button-label insignificant\">Image info<\/span><\/button>\n\t\t\t\t\t\t\t<figcaption class=\"lazy-media-info-body\" ref=\"body\" id=\"desc_media_69f103b558659\">\n\t\t\t\t\t\t\t\t<div class=\"lazy-media-info-body-content\">\n\t\t\t\t\t\t\t\t\t\t\t\t\t\t\t\t\t\t\t\t\t\t\t\t\t\t\t\t<div>Vasyl Cherenpanyn <\/div>\n\t\t\t\t\t\t\t\t\t\t\t\t\t\t\t\t\t\t\t\t\t\t\t\t\t\t<\/div>\n\t\t\t\t\t\t\t<\/figcaption>\n\t\t\t\t\t\t\t<div class=\"lazy-media-info-head-border\"><\/div>\n\t\t\t\t\t\t<\/div>\n\t\t\t\t\t<\/div>\n\t\t\t\t<\/div>\n\t\t\t<\/div>\n\t\t\t\t\t\t\t\t\t<\/figure>\n\t<\/lazy-media-inline>\n\t\t\t<\/div>\n\t\t\t<div class=\"col-xs-10 col-sm-6 col-md-5 copy margin-bottom-half\"><p><strong>Vasyl Cherepanyn<\/strong>\u00a0(*Ukraine, 1980)\u00a0is Head of the<a class=\"external-link\" href=\"http:\/\/vcrc.org.ua\/en\/\" rel=\"nofollow\">\u00a0Visual Culture Research Center<\/a>\u00a0(VCRC), an institution he cofounded in Kyiv in 2008 as a platform for collaboration among academic, artistic, and activist communities. He holds a PhD in philosophy (aesthetics) and has lectured at the National University of Kyiv-Mohyla Academy, European University Viadrina in Frankfurt (Oder), University of Helsinki, Free University of Berlin, Merz Akademie in Stuttgart, University of Vienna, Institute for Advanced Studies of the Political Critique in Warsaw, and University of Greifswald.<\/p>\n<p>He was a visiting fellow at the Institute for Human Sciences in Vienna in 2016. He coedited\u00a0Guidebook of the Kyiv International\u00a0(Medusa Books, 2018) and\u00a0\u201968 NOW\u00a0(Archive Books, 2019), and curated\u00a0The European International\u00a0(Rijksakademie van beeldende kunsten, Amsterdam, 2018),\u00a0Hybrid Peace\u00a0(Stroom, The Hague, 2019), and\u00a0<em>Armed Democracy<\/em>\u00a0(2nd edition of Biennale Warszawa, 2022), among others. VCRC is the organizer of the<a class=\"external-link\" href=\"https:\/\/2021.kyivbiennial.org\/en\" rel=\"nofollow\">\u00a0Kyiv Biennial<\/a>\u00a0(The School of Kyiv, 2015;\u00a0The Kyiv International, 2017; The\u00a0Kyiv International\u2014\u201968 NOW, 2018;\u00a0Black Cloud, 2019;\u00a0Allied, 2021) and a founding member of the<a class=\"external-link\" href=\"https:\/\/eeba.art\/en\" rel=\"nofollow\">\u00a0East Europe Biennial Alliance<\/a>. VCRC received the European Cultural Foundation Princess Margriet Award for Culture in 2015 and the Igor Zabel Award Grant for Culture and Theory in 2018.<\/p>\n<p>While receiving the Humboldt Forum fellowship, Vasyl Cherepanyn was able to work on topics such as decolonization in Eastern Europe in Ukrainian and post-Soviet dimensions and memory politics and memory culture in Eastern Europe and Ukraine after the collapse of the USSR in light of decolonization processes.<\/p>\n<p>Furthermore, he is interested in working with the archives, collections, and exhibition materials of the Humboldt Forum and its actors, reviewing its planned programs, recommending possible topics, and expanding thematic areas in the field of decolonization and the politics of memory for the future. His goal is to develop a discourse\/exhibition project on anti-colonialism, war, and memory in post-Soviet Eastern Europe with the aim of public institutional representation of the relevant issues.<\/p>\n<\/div>\n\t\t<\/div>\n\t<\/div>\n<\/section>\n\n<section class=\"block block-standard-image-copy rev2nd\"> \n\t<div class=\"container-fluid\">\n\t\t<div class=\"row middle-sm\">\n\t\t\t<div class=\"col-xs-10 col-sm-6 margin-bottom-sixth\" data-motion-parallax='{\"child\":\".image-wrapper\",\"mask\":\".lazy-media\",\"tween\":{\"yPercent\": [-15,15]}}'>\n\t\t\t\t\n\t<lazy-media-inline inline-template>\n\t\t<figure itemscope itemtype=\"http:\/\/schema.org\/ImageObject\" class=\"lazy-media-inline lazy-max-height-exception\" role=\"group\" id=\"media_69f103b559828\" aria-labelledby=\"desc_media_69f103b559828\">\n\t\t\t<script type=\"application\/json\" ref=\"data\">\n\t\t\t\t{\n\t\t\t\t\"sizes\" : {\"medium\":{\"file\":\"SHF_eb00158639-147x300.jpg\",\"width\":147,\"height\":300,\"mime-type\":\"image\\\/jpeg\",\"filesize\":7027},\"thumbnail\":{\"file\":\"SHF_eb00158639-150x150.jpg\",\"width\":150,\"height\":150,\"mime-type\":\"image\\\/jpeg\",\"filesize\":4586},\"small\":{\"file\":\"SHF_eb00158639-215x440.jpg\",\"width\":215,\"height\":440,\"mime-type\":\"image\\\/jpeg\",\"filesize\":12226},\"semi\":{\"file\":\"SHF_eb00158639-284x580.jpg\",\"width\":284,\"height\":580,\"mime-type\":\"image\\\/jpeg\",\"filesize\":19137},\"mobile\":{\"file\":\"SHF_eb00158639-352x720.jpg\",\"width\":352,\"height\":720,\"mime-type\":\"image\\\/jpeg\",\"filesize\":26941},\"original\":{\"file\":\"SHF_eb00158639.jpg\",\"width\":469,\"height\":958}},\n\t\t\t\t\"alt\" : \"Woman with long dark hair in a red dress, sitting with a relaxed expression and wearing a name tag.\",\n\t\t\t\t\"path\" : \"\\\/wp-content\\\/uploads\\\/2022\\\/11\\\/\",\n\t\t\t\t\"video\" : null,\n\t\t\t\t\"autoplay\" : null,\n\t\t\t\t\"youtube\" : null,\n\t\t\t\t\"youtubelabel\" : \"Play video\",\n\t\t\t\t\"brightness\" : 100,\n\t\t\t\t\"crop\" : null,\n\t\t\t\t\"background\" : false,\n\t\t\t\t\"scale\" : 1\t\t\t\t}\n\t\t\t<\/script>\n\n\t\t\t<div class=\"height-container\" style=\"padding-bottom:204.26439232409%;\" v-if=\"sizes\">\n\t\t\t\t\t\t\t\t<lazy-media :inline=\"true\" :alt=\"alt\" :sizes=\"sizes\" :scale=\"scale\" :brightness=\"brightness\" :path=\"path\" :video=\"video\" :autoplay=\"autoplay\" :youtube=\"youtube\" :crop=\"crop\" :youtubelabel=\"youtubelabel\" :background=\"background\" media-id=\"desc_media_69f103b559828\"><\/lazy-media>\n\t\t\t\t\t\t\t<\/div>\n\n\t\t\t\t\t\t\t<div class=\"lazy-media-info-container-fluid\">\n\t\t\t\t<div class=\"lazy-media-info-row end-xs\">\n\t\t\t\t\t<div class=\"lazy-media-info-col\">\n\t\t\t\t\t\t<div class=\"lazy-media-info\" aria-expanded=\"false\" :aria-expanded=\"isOpen ? 'true' : 'false'\">\n\t\t\t\t\t\t\t<button class=\"lazy-media-info-head button-tiny\" :class=\"{'button-active': isOpen}\" @click=\"toggle\" ref=\"head\"><span class=\"button-label insignificant\">Image info<\/span><\/button>\n\t\t\t\t\t\t\t<figcaption class=\"lazy-media-info-body\" ref=\"body\" id=\"desc_media_69f103b559828\">\n\t\t\t\t\t\t\t\t<div class=\"lazy-media-info-body-content\">\n\t\t\t\t\t\t\t\t\t\t\t\t\t\t\t\t\t\t\t\t\t\t\t\t\t\t\t\t<div>Olha Sarayeva\n <\/div>\n\t\t\t\t\t\t\t\t\t\t\t\t\t\t\t\t\t\t\t\t\t\t\t\t\t\t<\/div>\n\t\t\t\t\t\t\t<\/figcaption>\n\t\t\t\t\t\t\t<div class=\"lazy-media-info-head-border\"><\/div>\n\t\t\t\t\t\t<\/div>\n\t\t\t\t\t<\/div>\n\t\t\t\t<\/div>\n\t\t\t<\/div>\n\t\t\t\t\t\t\t\t\t<\/figure>\n\t<\/lazy-media-inline>\n\t\t\t<\/div>\n\t\t\t<div class=\"col-xs-10 col-sm-6 col-md-5 copy margin-bottom-half\"><p><strong>Olha Sarayeva<\/strong>, Ph.D. historian, and professor at the Department of Philosophy and History of Ukraine, Priazovsky State Technical University (Mariupol). Before leaving Mariupol to escape the Russian invasion, Olha Sarayeva was engaged in scientific research in the field of Ukrainian history and local history, focusing on such areas as sociology, law, and the introduction of gaming technologies into the educational process.<\/p>\n<p>She is particularly interested in the activity of local self-government bodies (city councils and offices) \u0425\u0406\u0425 &#8211; early \u0425\u0425 century in the south and east of Ukraine. This research has a current value for Ukraine, as it can support the decentralization reform with further knowledge.<\/p>\n<p>For her research on the history of local self-government bodies, Olha Sarayeva has searched the archives of the cities of Dnipro, Kyiv, Odesa, Bakhmut, Mariupol, Kharkiv, Donetsk, etc. (the latter before the beginning of the Russian war in 2014). More than 90 scientific articles on the above topics appeared in Ukrainian and international publications, as well as three monographs.<\/p>\n<p>With the support of the Humboldt Forum, Olha Sarajeva would like to continue her research, in particular, the source material on the history of local self-government in Ukraine at the end of the 19th and beginning of the 20th centuries, with special attention to the colonial policy of the Russian Empire in Ukraine. The cooperation with the Humboldt Forum opens up the possibility to work with archival collections of Ukraine and tap their information potential. Scientists of the Humboldt Forum also support alternative forms of education, especially the introduction of game technologies into the educational process. Therefore, the experience of German scientists in the development, improvement, and testing of original games is very valuable.<\/p>\n<\/div>\n\t\t<\/div>\n\t<\/div>\n<\/section>\n\n<section class=\"block block-standard-image-copy rev2nd\"> \n\t<div class=\"container-fluid\">\n\t\t<div class=\"row middle-sm\">\n\t\t\t<div class=\"col-xs-10 col-sm-6 margin-bottom-sixth\" data-motion-parallax='{\"child\":\".image-wrapper\",\"mask\":\".lazy-media\",\"tween\":{\"yPercent\": [-15,15]}}'>\n\t\t\t\t\n\t<lazy-media-inline inline-template>\n\t\t<figure itemscope itemtype=\"http:\/\/schema.org\/ImageObject\" class=\"lazy-media-inline lazy-max-height-exception\" role=\"group\" id=\"media_69f103b55aab8\" aria-labelledby=\"desc_media_69f103b55aab8\">\n\t\t\t<script type=\"application\/json\" ref=\"data\">\n\t\t\t\t{\n\t\t\t\t\"sizes\" : {\"medium\":{\"file\":\"SHF_eb00158640-225x300.jpg\",\"width\":225,\"height\":300,\"mime-type\":\"image\\\/jpeg\",\"filesize\":14058},\"large\":{\"file\":\"SHF_eb00158640-768x1024.jpg\",\"width\":768,\"height\":1024,\"mime-type\":\"image\\\/jpeg\",\"filesize\":96223},\"thumbnail\":{\"file\":\"SHF_eb00158640-150x150.jpg\",\"width\":150,\"height\":150,\"mime-type\":\"image\\\/jpeg\",\"filesize\":6213},\"medium_large\":{\"file\":\"SHF_eb00158640-768x1024.jpg\",\"width\":768,\"height\":1024,\"mime-type\":\"image\\\/jpeg\",\"filesize\":96223},\"small\":{\"file\":\"SHF_eb00158640-330x440.jpg\",\"width\":330,\"height\":440,\"mime-type\":\"image\\\/jpeg\",\"filesize\":24752},\"semi\":{\"file\":\"SHF_eb00158640-435x580.jpg\",\"width\":435,\"height\":580,\"mime-type\":\"image\\\/jpeg\",\"filesize\":38450},\"mobile\":{\"file\":\"SHF_eb00158640-540x720.jpg\",\"width\":540,\"height\":720,\"mime-type\":\"image\\\/jpeg\",\"filesize\":54117},\"original\":{\"file\":\"SHF_eb00158640.jpg\",\"width\":960,\"height\":1280}},\n\t\t\t\t\"alt\" : \"Young man with short hair, pearl necklace, on a busy street with people and cafes visible in the background.\",\n\t\t\t\t\"path\" : \"\\\/wp-content\\\/uploads\\\/2022\\\/11\\\/\",\n\t\t\t\t\"video\" : null,\n\t\t\t\t\"autoplay\" : null,\n\t\t\t\t\"youtube\" : null,\n\t\t\t\t\"youtubelabel\" : \"Play video\",\n\t\t\t\t\"brightness\" : 100,\n\t\t\t\t\"crop\" : null,\n\t\t\t\t\"background\" : false,\n\t\t\t\t\"scale\" : 1\t\t\t\t}\n\t\t\t<\/script>\n\n\t\t\t<div class=\"height-container\" style=\"padding-bottom:133.33333333333%;\" v-if=\"sizes\">\n\t\t\t\t\t\t\t\t<lazy-media :inline=\"true\" :alt=\"alt\" :sizes=\"sizes\" :scale=\"scale\" :brightness=\"brightness\" :path=\"path\" :video=\"video\" :autoplay=\"autoplay\" :youtube=\"youtube\" :crop=\"crop\" :youtubelabel=\"youtubelabel\" :background=\"background\" media-id=\"desc_media_69f103b55aab8\"><\/lazy-media>\n\t\t\t\t\t\t\t<\/div>\n\n\t\t\t\t\t\t\t<div class=\"lazy-media-info-container-fluid\">\n\t\t\t\t<div class=\"lazy-media-info-row end-xs\">\n\t\t\t\t\t<div class=\"lazy-media-info-col\">\n\t\t\t\t\t\t<div class=\"lazy-media-info\" aria-expanded=\"false\" :aria-expanded=\"isOpen ? 'true' : 'false'\">\n\t\t\t\t\t\t\t<button class=\"lazy-media-info-head button-tiny\" :class=\"{'button-active': isOpen}\" @click=\"toggle\" ref=\"head\"><span class=\"button-label insignificant\">Image info<\/span><\/button>\n\t\t\t\t\t\t\t<figcaption class=\"lazy-media-info-body\" ref=\"body\" id=\"desc_media_69f103b55aab8\">\n\t\t\t\t\t\t\t\t<div class=\"lazy-media-info-body-content\">\n\t\t\t\t\t\t\t\t\t\t\t\t\t\t\t\t\t\t\t\t\t\t\t\t\t\t\t\t<div>Pavlo Koryaga <\/div>\n\t\t\t\t\t\t\t\t\t\t\t\t\t\t\t\t\t\t\t\t\t\t\t\t\t\t<\/div>\n\t\t\t\t\t\t\t<\/figcaption>\n\t\t\t\t\t\t\t<div class=\"lazy-media-info-head-border\"><\/div>\n\t\t\t\t\t\t<\/div>\n\t\t\t\t\t<\/div>\n\t\t\t\t<\/div>\n\t\t\t<\/div>\n\t\t\t\t\t\t\t\t\t<\/figure>\n\t<\/lazy-media-inline>\n\t\t\t<\/div>\n\t\t\t<div class=\"col-xs-10 col-sm-6 col-md-5 copy margin-bottom-half\"><p><strong>Pavlo Koryaha\u00a0<\/strong>is a culturologist, cultural manager, and researcher of Ukrainian architecture and urban space of the Soviet period. He is a Ph.D. student at the National Ivan Franko University of Lviv, Department of Theory and History of Culture, where he researches the cultural landscape, urban space of the Soviet period, and its impact on people. Pavlo Koriaha also works as a project manager in the international office &#8220;Lviv &#8211; UNESCO City of Literature&#8221; and on the projects of the NGO &#8220;Ukrainian Association of Cultural Studies &#8211; Lviv&#8221;.<\/p>\n<p>Pavlo Koryaga is convinced that &#8220;the examples of Ukrainian architectural modernism are the heritage of Ukrainian and world culture, and it is important to conduct a dialogue in society about their historical and artistic value. In Ukraine, and in Lviv in particular, there are many valuable buildings of late modernism, brutalism, and postmodernism that capture the imagination and attention of the public.&#8221;<\/p>\n<p>Thanks to support from the Humbold Forum Foundation, it was possible to conduct a study on the impact of Soviet colonialism on Ukrainian culture, especially in terms of urban space, place names, and architecture. The results of the study could be published in the framework of the public presentation at the IV International Scientific and Practical Conference &#8220;Discussion and Development of Modern Scientific Research&#8221;, October 18-21, 2022 in Helsinki, Finland (online format) with subsequent publication of abstracts in the conference proceedings. There was also a published scientific article on the &#8220;Ukrainian dimension of &#8220;Soviet modernism&#8221; in shaping the socio-cultural space of Lviv&#8221; in the scientific journal of Lviv University. Further cooperation with the Humboldt Forum Foundation would allow continuing the research of urban space and architecture of the Soviet period in the context of the analysis of sources and architectural patterns of the Soviet occupation of parts of Germany and Ukraine.<\/p>\n<\/div>\n\t\t<\/div>\n\t<\/div>\n<\/section>\n\n<section class=\"block block-standard-image-copy rev2nd\"> \n\t<div class=\"container-fluid\">\n\t\t<div class=\"row middle-sm\">\n\t\t\t<div class=\"col-xs-10 col-sm-6 margin-bottom-sixth\" data-motion-parallax='{\"child\":\".image-wrapper\",\"mask\":\".lazy-media\",\"tween\":{\"yPercent\": [-15,15]}}'>\n\t\t\t\t\n\t<lazy-media-inline inline-template>\n\t\t<figure itemscope itemtype=\"http:\/\/schema.org\/ImageObject\" class=\"lazy-media-inline lazy-max-height-exception\" role=\"group\" id=\"media_69f103b55bd54\" aria-labelledby=\"desc_media_69f103b55bd54\">\n\t\t\t<script type=\"application\/json\" ref=\"data\">\n\t\t\t\t{\n\t\t\t\t\"sizes\" : {\"medium\":{\"file\":\"SHF_eb00158641-200x300.jpg\",\"width\":200,\"height\":300,\"mime-type\":\"image\\\/jpeg\",\"filesize\":6354},\"large\":{\"file\":\"SHF_eb00158641-682x1024.jpg\",\"width\":682,\"height\":1024,\"mime-type\":\"image\\\/jpeg\",\"filesize\":67765},\"thumbnail\":{\"file\":\"SHF_eb00158641-150x150.jpg\",\"width\":150,\"height\":150,\"mime-type\":\"image\\\/jpeg\",\"filesize\":3415},\"medium_large\":{\"file\":\"SHF_eb00158641-768x1152.jpg\",\"width\":768,\"height\":1152,\"mime-type\":\"image\\\/jpeg\",\"filesize\":85642},\"small\":{\"file\":\"SHF_eb00158641-293x440.jpg\",\"width\":293,\"height\":440,\"mime-type\":\"image\\\/jpeg\",\"filesize\":12466},\"semi\":{\"file\":\"SHF_eb00158641-387x580.jpg\",\"width\":387,\"height\":580,\"mime-type\":\"image\\\/jpeg\",\"filesize\":21414},\"mobile\":{\"file\":\"SHF_eb00158641-480x720.jpg\",\"width\":480,\"height\":720,\"mime-type\":\"image\\\/jpeg\",\"filesize\":32697},\"original\":{\"file\":\"SHF_eb00158641.jpg\",\"width\":853,\"height\":1280}},\n\t\t\t\t\"alt\" : \"Portrait of a smiling person in a green top with crossed arms against a dark background.\",\n\t\t\t\t\"path\" : \"\\\/wp-content\\\/uploads\\\/2022\\\/11\\\/\",\n\t\t\t\t\"video\" : null,\n\t\t\t\t\"autoplay\" : null,\n\t\t\t\t\"youtube\" : null,\n\t\t\t\t\"youtubelabel\" : \"Play video\",\n\t\t\t\t\"brightness\" : 100,\n\t\t\t\t\"crop\" : null,\n\t\t\t\t\"background\" : false,\n\t\t\t\t\"scale\" : 1\t\t\t\t}\n\t\t\t<\/script>\n\n\t\t\t<div class=\"height-container\" style=\"padding-bottom:150.05861664713%;\" v-if=\"sizes\">\n\t\t\t\t\t\t\t\t<lazy-media :inline=\"true\" :alt=\"alt\" :sizes=\"sizes\" :scale=\"scale\" :brightness=\"brightness\" :path=\"path\" :video=\"video\" :autoplay=\"autoplay\" :youtube=\"youtube\" :crop=\"crop\" :youtubelabel=\"youtubelabel\" :background=\"background\" media-id=\"desc_media_69f103b55bd54\"><\/lazy-media>\n\t\t\t\t\t\t\t<\/div>\n\n\t\t\t\t\t\t\t<div class=\"lazy-media-info-container-fluid\">\n\t\t\t\t<div class=\"lazy-media-info-row end-xs\">\n\t\t\t\t\t<div class=\"lazy-media-info-col\">\n\t\t\t\t\t\t<div class=\"lazy-media-info\" aria-expanded=\"false\" :aria-expanded=\"isOpen ? 'true' : 'false'\">\n\t\t\t\t\t\t\t<button class=\"lazy-media-info-head button-tiny\" :class=\"{'button-active': isOpen}\" @click=\"toggle\" ref=\"head\"><span class=\"button-label insignificant\">Image info<\/span><\/button>\n\t\t\t\t\t\t\t<figcaption class=\"lazy-media-info-body\" ref=\"body\" id=\"desc_media_69f103b55bd54\">\n\t\t\t\t\t\t\t\t<div class=\"lazy-media-info-body-content\">\n\t\t\t\t\t\t\t\t\t\t\t\t\t\t\t\t\t\t\t\t\t\t\t\t\t\t\t\t<div>Olha Honchar <\/div>\n\t\t\t\t\t\t\t\t\t\t\t\t\t\t\t\t\t\t\t\t\t\t\t\t\t\t\t\t<div class=\"insignificant\">\u00a9 Nastya Telikova<\/div>\n\t\t\t\t\t\t\t\t\t\t\t\t\t\t\t\t\t<\/div>\n\t\t\t\t\t\t\t<\/figcaption>\n\t\t\t\t\t\t\t<div class=\"lazy-media-info-head-border\"><\/div>\n\t\t\t\t\t\t<\/div>\n\t\t\t\t\t<\/div>\n\t\t\t\t<\/div>\n\t\t\t<\/div>\n\t\t\t\t\t\t\t\t\t<\/figure>\n\t<\/lazy-media-inline>\n\t\t\t<\/div>\n\t\t\t<div class=\"col-xs-10 col-sm-6 col-md-5 copy margin-bottom-half\"><p><strong>Olha Honchar<\/strong>\u00a0is a cultural curator and crisis manager, she works as a director of the Memorial Museum of Totalitarian Regimes &#8220;Territory of Terror&#8221; in Lviv, and as a curator of interdisciplinary projects in the field of historical memory and trauma.<\/p>\n<p>Olha Honchar researches the peculiarities of PR, cultural and museum management in Ukraine, especially in the peripheral regions. She is a communicator for, among others, the following projects: &#8220;Cultural diplomacy between the regions of Ukraine&#8221;, &#8220;Museum is open for renovation&#8221; in frontline and liberated cities of Donetsk and Luhansk regions, expedition &#8220;Here and there&#8221;, etc.<\/p>\n<p>Olha is the co-curator of the experimental exhibition &#8220;Antiterrorist operation&#8221; of the Luhansk Regional Museum of Local History in Starobilsk (2020).<\/p>\n<p>She is also the executive director of the initiative &#8220;Crisis Center Museum&#8221;, created in the first days of the Russian war against Ukraine, and co-founder of the NGO &#8220;New Museum&#8221; and the charity &#8220;Fund of Cultural Heritage of Ukraine&#8221;.<\/p>\n<p>To the Humboldt Forum, Olha Honchar shares her expertise in dealing with the heritage of Ukrainian Soviet monumental art in contemporary Ukrainian museums and offers the possibility of networking with Ukrainian institutions.<\/p>\n<\/div>\n\t\t<\/div>\n\t<\/div>\n<\/section>\n\n<section class=\"block block-standard-image-copy rev2nd\"> \n\t<div class=\"container-fluid\">\n\t\t<div class=\"row middle-sm\">\n\t\t\t<div class=\"col-xs-10 col-sm-6 margin-bottom-sixth\" data-motion-parallax='{\"child\":\".image-wrapper\",\"mask\":\".lazy-media\",\"tween\":{\"yPercent\": [-15,15]}}'>\n\t\t\t\t\n\t<lazy-media-inline inline-template>\n\t\t<figure itemscope itemtype=\"http:\/\/schema.org\/ImageObject\" class=\"lazy-media-inline \" role=\"group\" id=\"media_69f103b55cfc3\" aria-labelledby=\"desc_media_69f103b55cfc3\">\n\t\t\t<script type=\"application\/json\" ref=\"data\">\n\t\t\t\t{\n\t\t\t\t\"sizes\" : {\"medium\":{\"file\":\"SHF_eb00169703-1-300x295.jpg\",\"width\":300,\"height\":295,\"mime-type\":\"image\\\/jpeg\",\"filesize\":11575},\"large\":{\"file\":\"SHF_eb00169703-1-1024x1006.jpg\",\"width\":1024,\"height\":1006,\"mime-type\":\"image\\\/jpeg\",\"filesize\":68374},\"thumbnail\":{\"file\":\"SHF_eb00169703-1-150x150.jpg\",\"width\":150,\"height\":150,\"mime-type\":\"image\\\/jpeg\",\"filesize\":4639},\"medium_large\":{\"file\":\"SHF_eb00169703-1-768x754.jpg\",\"width\":768,\"height\":754,\"mime-type\":\"image\\\/jpeg\",\"filesize\":45217},\"small\":{\"file\":\"SHF_eb00169703-1-440x432.jpg\",\"width\":440,\"height\":432,\"mime-type\":\"image\\\/jpeg\",\"filesize\":19913},\"semi\":{\"file\":\"SHF_eb00169703-1-580x570.jpg\",\"width\":580,\"height\":570,\"mime-type\":\"image\\\/jpeg\",\"filesize\":30211},\"mobile\":{\"file\":\"SHF_eb00169703-1-720x707.jpg\",\"width\":720,\"height\":707,\"mime-type\":\"image\\\/jpeg\",\"filesize\":41253},\"hd\":{\"file\":\"SHF_eb00169703-1-1280x1257.jpg\",\"width\":1280,\"height\":1257,\"mime-type\":\"image\\\/jpeg\",\"filesize\":95966},\"original\":{\"file\":\"SHF_eb00169703-1.jpg\",\"width\":1341,\"height\":1317}},\n\t\t\t\t\"alt\" : \"Woman with a red collar, smiling, wearing a patterned top, against a bright background.\",\n\t\t\t\t\"path\" : \"\\\/wp-content\\\/uploads\\\/2022\\\/11\\\/\",\n\t\t\t\t\"video\" : null,\n\t\t\t\t\"autoplay\" : null,\n\t\t\t\t\"youtube\" : null,\n\t\t\t\t\"youtubelabel\" : \"Play video\",\n\t\t\t\t\"brightness\" : 100,\n\t\t\t\t\"crop\" : null,\n\t\t\t\t\"background\" : false,\n\t\t\t\t\"scale\" : 1\t\t\t\t}\n\t\t\t<\/script>\n\n\t\t\t<div class=\"height-container\" style=\"padding-bottom:98.21029082774%;\" v-if=\"sizes\">\n\t\t\t\t\t\t\t\t<lazy-media :inline=\"true\" :alt=\"alt\" :sizes=\"sizes\" :scale=\"scale\" :brightness=\"brightness\" :path=\"path\" :video=\"video\" :autoplay=\"autoplay\" :youtube=\"youtube\" :crop=\"crop\" :youtubelabel=\"youtubelabel\" :background=\"background\" media-id=\"desc_media_69f103b55cfc3\"><\/lazy-media>\n\t\t\t\t\t\t\t<\/div>\n\n\t\t\t\t\t\t\t<div class=\"lazy-media-info-container-fluid\">\n\t\t\t\t<div class=\"lazy-media-info-row end-xs\">\n\t\t\t\t\t<div class=\"lazy-media-info-col\">\n\t\t\t\t\t\t<div class=\"lazy-media-info\" aria-expanded=\"false\" :aria-expanded=\"isOpen ? 'true' : 'false'\">\n\t\t\t\t\t\t\t<button class=\"lazy-media-info-head button-tiny\" :class=\"{'button-active': isOpen}\" @click=\"toggle\" ref=\"head\"><span class=\"button-label insignificant\">Image info<\/span><\/button>\n\t\t\t\t\t\t\t<figcaption class=\"lazy-media-info-body\" ref=\"body\" id=\"desc_media_69f103b55cfc3\">\n\t\t\t\t\t\t\t\t<div class=\"lazy-media-info-body-content\">\n\t\t\t\t\t\t\t\t\t\t\t\t\t\t\t\t\t\t\t\t\t\t\t\t\t\t\t\t<div>Iryna Lavrova <\/div>\n\t\t\t\t\t\t\t\t\t\t\t\t\t\t\t\t\t\t\t\t\t\t\t\t\t\t<\/div>\n\t\t\t\t\t\t\t<\/figcaption>\n\t\t\t\t\t\t\t<div class=\"lazy-media-info-head-border\"><\/div>\n\t\t\t\t\t\t<\/div>\n\t\t\t\t\t<\/div>\n\t\t\t\t<\/div>\n\t\t\t<\/div>\n\t\t\t\t\t\t\t\t\t<\/figure>\n\t<\/lazy-media-inline>\n\t\t\t<\/div>\n\t\t\t<div class=\"col-xs-10 col-sm-6 col-md-5 copy margin-bottom-half\"><p><strong>Iryna Lavrova,\u00a0<\/strong>PhD World History, author of games on the history of Ukrainian culture. Her areas of interest are education, culture, history, and game technology, the most exciting ideas and projects are born at the intersection of different branches. This is also how the Cultural History Games, which Iryna conducts with schoolchildren and students, came into being.<\/p>\n<p>After graduation, Iryna worked as a history teacher and later as a lecturer at Priazov University (Ukraine) for more than 20 years, teaching Ukrainian history and culture. In recent years (2019-2022), she has been advocating for gaming technologies in education, developing and conducting educational games on Ukrainian cultural history with children and young adults.<\/p>\n<p>In cooperation with German colleagues from Humboldt Forum, Iryna Lavrova is interested in exploring new ways of communication and modern methods of organizing educational activities, especially through game activities. She is aware of the great demand of young people for useful intellectual free time and she believes common intercultural games for German and Ukrainian youth are very meaningful today. Through such games, they can get to know each other better and communicate effectively.<\/p>\n<\/div>\n\t\t<\/div>\n\t<\/div>\n<\/section>\n\n<section class=\"block block-standard-image-copy rev2nd\"> \n\t<div class=\"container-fluid\">\n\t\t<div class=\"row middle-sm\">\n\t\t\t<div class=\"col-xs-10 col-sm-6 margin-bottom-sixth\" data-motion-parallax='{\"child\":\".image-wrapper\",\"mask\":\".lazy-media\",\"tween\":{\"yPercent\": [-15,15]}}'>\n\t\t\t\t\n\t<lazy-media-inline inline-template>\n\t\t<figure itemscope itemtype=\"http:\/\/schema.org\/ImageObject\" class=\"lazy-media-inline lazy-max-height-exception\" role=\"group\" id=\"media_69f103b55e0f4\" aria-labelledby=\"desc_media_69f103b55e0f4\">\n\t\t\t<script type=\"application\/json\" ref=\"data\">\n\t\t\t\t{\n\t\t\t\t\"sizes\" : {\"medium\":{\"file\":\"SHF_eb00169704_1-289x300.jpg\",\"width\":289,\"height\":300,\"mime-type\":\"image\\\/jpeg\",\"filesize\":25921},\"thumbnail\":{\"file\":\"SHF_eb00169704_1-150x150.jpg\",\"width\":150,\"height\":150,\"mime-type\":\"image\\\/jpeg\",\"filesize\":9422},\"small\":{\"file\":\"SHF_eb00169704_1-423x440.jpg\",\"width\":423,\"height\":440,\"mime-type\":\"image\\\/jpeg\",\"filesize\":45314},\"semi\":{\"file\":\"SHF_eb00169704_1-558x580.jpg\",\"width\":558,\"height\":580,\"mime-type\":\"image\\\/jpeg\",\"filesize\":68757},\"original\":{\"file\":\"SHF_eb00169704_1.jpg\",\"width\":631,\"height\":656}},\n\t\t\t\t\"alt\" : \"Artist with painted face working on a painting, surrounded by vibrant colors.\",\n\t\t\t\t\"path\" : \"\\\/wp-content\\\/uploads\\\/2022\\\/11\\\/\",\n\t\t\t\t\"video\" : null,\n\t\t\t\t\"autoplay\" : null,\n\t\t\t\t\"youtube\" : null,\n\t\t\t\t\"youtubelabel\" : \"Play video\",\n\t\t\t\t\"brightness\" : 100,\n\t\t\t\t\"crop\" : null,\n\t\t\t\t\"background\" : false,\n\t\t\t\t\"scale\" : 1\t\t\t\t}\n\t\t\t<\/script>\n\n\t\t\t<div class=\"height-container\" style=\"padding-bottom:103.96196513471%;\" v-if=\"sizes\">\n\t\t\t\t\t\t\t\t<lazy-media :inline=\"true\" :alt=\"alt\" :sizes=\"sizes\" :scale=\"scale\" :brightness=\"brightness\" :path=\"path\" :video=\"video\" :autoplay=\"autoplay\" :youtube=\"youtube\" :crop=\"crop\" :youtubelabel=\"youtubelabel\" :background=\"background\" media-id=\"desc_media_69f103b55e0f4\"><\/lazy-media>\n\t\t\t\t\t\t\t<\/div>\n\n\t\t\t\t\t\t\t<div class=\"lazy-media-info-container-fluid\">\n\t\t\t\t<div class=\"lazy-media-info-row end-xs\">\n\t\t\t\t\t<div class=\"lazy-media-info-col\">\n\t\t\t\t\t\t<div class=\"lazy-media-info\" aria-expanded=\"false\" :aria-expanded=\"isOpen ? 'true' : 'false'\">\n\t\t\t\t\t\t\t<button class=\"lazy-media-info-head button-tiny\" :class=\"{'button-active': isOpen}\" @click=\"toggle\" ref=\"head\"><span class=\"button-label insignificant\">Image info<\/span><\/button>\n\t\t\t\t\t\t\t<figcaption class=\"lazy-media-info-body\" ref=\"body\" id=\"desc_media_69f103b55e0f4\">\n\t\t\t\t\t\t\t\t<div class=\"lazy-media-info-body-content\">\n\t\t\t\t\t\t\t\t\t\t\t\t\t\t\t\t\t\t\t\t\t\t\t\t\t\t\t\t<div>Olha Andronova\n <\/div>\n\t\t\t\t\t\t\t\t\t\t\t\t\t\t\t\t\t\t\t\t\t\t\t\t\t\t<\/div>\n\t\t\t\t\t\t\t<\/figcaption>\n\t\t\t\t\t\t\t<div class=\"lazy-media-info-head-border\"><\/div>\n\t\t\t\t\t\t<\/div>\n\t\t\t\t\t<\/div>\n\t\t\t\t<\/div>\n\t\t\t<\/div>\n\t\t\t\t\t\t\t\t\t<\/figure>\n\t<\/lazy-media-inline>\n\t\t\t<\/div>\n\t\t\t<div class=\"col-xs-10 col-sm-6 col-md-5 copy margin-bottom-half\"><p><strong>Olha Andronova\u00a0<\/strong>(*1988 Mariupol), lives and works in Kyiv.<br \/>\nIn 2010 she received a bachelor&#8217;s degree in painting from the State Academy of Arts, continued her studies at the Academy of Culture and Art Management, and received a master&#8217;s degree in art history in 2012. Since then she has been working as an artist. Later on, Olha received a diploma in psychology in 2017 and ran her own psychological practice.<\/p>\n<p>At the Humboldt Forum, she would like to organize an art master class for children and adults and show an exhibition of works by Ukrainian artists &#8220;Artists against the war!&#8221;. Since her childhood, she was surrounded by art and artists* and learned a lot from her mentors &#8211; Oleksandr Zhivotkov, Matviy Vaisberg, Tiberii Silvashy, Vyacheslav Sherishevskyi, Anatoly Kryvolap, Petro Lebedynets. She dreams to present their art and their vision of war in the\u00a0Humboldt Forum and also bring Ukrainian art and artists&#8217; emotions closer to the German public.<\/p>\n<\/div>\n\t\t<\/div>\n\t<\/div>\n<\/section>\n\n<section class=\"block block-standard-image-copy rev2nd\"> \n\t<div class=\"container-fluid\">\n\t\t<div class=\"row middle-sm\">\n\t\t\t<div class=\"col-xs-10 col-sm-6 margin-bottom-sixth\" data-motion-parallax='{\"child\":\".image-wrapper\",\"mask\":\".lazy-media\",\"tween\":{\"yPercent\": [-15,15]}}'>\n\t\t\t\t\n\t<lazy-media-inline inline-template>\n\t\t<figure itemscope itemtype=\"http:\/\/schema.org\/ImageObject\" class=\"lazy-media-inline \" role=\"group\" id=\"media_69f103b55f1a4\" aria-labelledby=\"desc_media_69f103b55f1a4\">\n\t\t\t<script type=\"application\/json\" ref=\"data\">\n\t\t\t\t{\n\t\t\t\t\"sizes\" : {\"medium\":{\"file\":\"Dana-Brezhnieva-300x200.jpg\",\"width\":300,\"height\":200,\"mime-type\":\"image\\\/jpeg\",\"filesize\":9791},\"large\":{\"file\":\"Dana-Brezhnieva-1024x683.jpg\",\"width\":1024,\"height\":683,\"mime-type\":\"image\\\/jpeg\",\"filesize\":72726},\"thumbnail\":{\"file\":\"Dana-Brezhnieva-150x150.jpg\",\"width\":150,\"height\":150,\"mime-type\":\"image\\\/jpeg\",\"filesize\":5228},\"medium_large\":{\"file\":\"Dana-Brezhnieva-768x512.jpg\",\"width\":768,\"height\":512,\"mime-type\":\"image\\\/jpeg\",\"filesize\":42467},\"small\":{\"file\":\"Dana-Brezhnieva-440x293.jpg\",\"width\":440,\"height\":293,\"mime-type\":\"image\\\/jpeg\",\"filesize\":17513},\"semi\":{\"file\":\"Dana-Brezhnieva-580x387.jpg\",\"width\":580,\"height\":387,\"mime-type\":\"image\\\/jpeg\",\"filesize\":27164},\"mobile\":{\"file\":\"Dana-Brezhnieva-720x480.jpg\",\"width\":720,\"height\":480,\"mime-type\":\"image\\\/jpeg\",\"filesize\":38007},\"hd\":{\"file\":\"Dana-Brezhnieva-1280x853.jpg\",\"width\":1280,\"height\":853,\"mime-type\":\"image\\\/jpeg\",\"filesize\":109265},\"full\":{\"file\":\"Dana-Brezhnieva-1920x1280.jpg\",\"width\":1920,\"height\":1280,\"mime-type\":\"image\\\/jpeg\",\"filesize\":240209},\"1536x1536\":{\"file\":\"Dana-Brezhnieva-1536x1024.jpg\",\"width\":1536,\"height\":1024,\"mime-type\":\"image\\\/jpeg\",\"filesize\":155829},\"original\":{\"file\":\"Dana-Brezhnieva.jpg\",\"width\":2048,\"height\":1365}},\n\t\t\t\t\"alt\" : \"Thoughtful person with long hair sits in a room with blue chairs, observing the surroundings.\",\n\t\t\t\t\"path\" : \"\\\/wp-content\\\/uploads\\\/2022\\\/11\\\/\",\n\t\t\t\t\"video\" : null,\n\t\t\t\t\"autoplay\" : null,\n\t\t\t\t\"youtube\" : null,\n\t\t\t\t\"youtubelabel\" : \"Play video\",\n\t\t\t\t\"brightness\" : 100,\n\t\t\t\t\"crop\" : null,\n\t\t\t\t\"background\" : false,\n\t\t\t\t\"scale\" : 1\t\t\t\t}\n\t\t\t<\/script>\n\n\t\t\t<div class=\"height-container\" style=\"padding-bottom:66.650390625%;\" v-if=\"sizes\">\n\t\t\t\t\t\t\t\t<lazy-media :inline=\"true\" :alt=\"alt\" :sizes=\"sizes\" :scale=\"scale\" :brightness=\"brightness\" :path=\"path\" :video=\"video\" :autoplay=\"autoplay\" :youtube=\"youtube\" :crop=\"crop\" :youtubelabel=\"youtubelabel\" :background=\"background\" media-id=\"desc_media_69f103b55f1a4\"><\/lazy-media>\n\t\t\t\t\t\t\t<\/div>\n\n\t\t\t\t\t\t\t<div class=\"lazy-media-info-container-fluid\">\n\t\t\t\t<div class=\"lazy-media-info-row end-xs\">\n\t\t\t\t\t<div class=\"lazy-media-info-col\">\n\t\t\t\t\t\t<div class=\"lazy-media-info\" aria-expanded=\"false\" :aria-expanded=\"isOpen ? 'true' : 'false'\">\n\t\t\t\t\t\t\t<button class=\"lazy-media-info-head button-tiny\" :class=\"{'button-active': isOpen}\" @click=\"toggle\" ref=\"head\"><span class=\"button-label insignificant\">Image info<\/span><\/button>\n\t\t\t\t\t\t\t<figcaption class=\"lazy-media-info-body\" ref=\"body\" id=\"desc_media_69f103b55f1a4\">\n\t\t\t\t\t\t\t\t<div class=\"lazy-media-info-body-content\">\n\t\t\t\t\t\t\t\t\t\t\t\t\t\t\t\t\t\t\t\t\t\t\t\t\t\t\t\t<div>Dana Brezhmieva  <\/div>\n\t\t\t\t\t\t\t\t\t\t\t\t\t\t\t\t\t\t\t\t\t\t\t\t\t\t<\/div>\n\t\t\t\t\t\t\t<\/figcaption>\n\t\t\t\t\t\t\t<div class=\"lazy-media-info-head-border\"><\/div>\n\t\t\t\t\t\t<\/div>\n\t\t\t\t\t<\/div>\n\t\t\t\t<\/div>\n\t\t\t<\/div>\n\t\t\t\t\t\t\t\t\t<\/figure>\n\t<\/lazy-media-inline>\n\t\t\t<\/div>\n\t\t\t<div class=\"col-xs-10 col-sm-6 col-md-5 copy margin-bottom-half\"><p><strong>Dana Brezhnieva<\/strong>, curator and researcher. Studied in Taras Shevchenko National University in Kyiv. Five years worked as curator of Mala gallery of National Museum complex Mystersky Arsenal. Since 2017 till now active participant of the art initiative\u00a0DE NE DE, which focuses on urban transformations during decommunization and promotes creative rethinking of the Soviet heritage. Also, curator in the project Under Construction: Museum Open, networking of Ukrainians museums.<\/p>\n<\/div>\n\t\t<\/div>\n\t<\/div>\n<\/section>\n\n<section class=\"block block-standard-image-copy rev2nd\"> \n\t<div class=\"container-fluid\">\n\t\t<div class=\"row middle-sm\">\n\t\t\t<div class=\"col-xs-10 col-sm-6 margin-bottom-sixth\" data-motion-parallax='{\"child\":\".image-wrapper\",\"mask\":\".lazy-media\",\"tween\":{\"yPercent\": [-15,15]}}'>\n\t\t\t\t\n\t<lazy-media-inline inline-template>\n\t\t<figure itemscope itemtype=\"http:\/\/schema.org\/ImageObject\" class=\"lazy-media-inline \" role=\"group\" id=\"media_69f103b5600f6\" aria-labelledby=\"desc_media_69f103b5600f6\">\n\t\t\t<script type=\"application\/json\" ref=\"data\">\n\t\t\t\t{\n\t\t\t\t\"sizes\" : {\"medium\":{\"file\":\"Zhenia-Moliar-300x225.jpg\",\"width\":300,\"height\":225,\"mime-type\":\"image\\\/jpeg\",\"filesize\":24974},\"thumbnail\":{\"file\":\"Zhenia-Moliar-150x150.jpg\",\"width\":150,\"height\":150,\"mime-type\":\"image\\\/jpeg\",\"filesize\":9269},\"medium_large\":{\"file\":\"Zhenia-Moliar-768x576.jpg\",\"width\":768,\"height\":576,\"mime-type\":\"image\\\/jpeg\",\"filesize\":116294},\"small\":{\"file\":\"Zhenia-Moliar-440x330.jpg\",\"width\":440,\"height\":330,\"mime-type\":\"image\\\/jpeg\",\"filesize\":48110},\"semi\":{\"file\":\"Zhenia-Moliar-580x435.jpg\",\"width\":580,\"height\":435,\"mime-type\":\"image\\\/jpeg\",\"filesize\":76286},\"mobile\":{\"file\":\"Zhenia-Moliar-720x540.jpg\",\"width\":720,\"height\":540,\"mime-type\":\"image\\\/jpeg\",\"filesize\":108396},\"original\":{\"file\":\"Zhenia-Moliar.jpg\",\"width\":960,\"height\":720}},\n\t\t\t\t\"alt\" : \"A woman with glasses takes a selfie in front of a colorful wall mosaic featuring fish-like designs.\",\n\t\t\t\t\"path\" : \"\\\/wp-content\\\/uploads\\\/2022\\\/12\\\/\",\n\t\t\t\t\"video\" : null,\n\t\t\t\t\"autoplay\" : null,\n\t\t\t\t\"youtube\" : null,\n\t\t\t\t\"youtubelabel\" : \"Play video\",\n\t\t\t\t\"brightness\" : 100,\n\t\t\t\t\"crop\" : null,\n\t\t\t\t\"background\" : false,\n\t\t\t\t\"scale\" : 1\t\t\t\t}\n\t\t\t<\/script>\n\n\t\t\t<div class=\"height-container\" style=\"padding-bottom:75%;\" v-if=\"sizes\">\n\t\t\t\t\t\t\t\t<lazy-media :inline=\"true\" :alt=\"alt\" :sizes=\"sizes\" :scale=\"scale\" :brightness=\"brightness\" :path=\"path\" :video=\"video\" :autoplay=\"autoplay\" :youtube=\"youtube\" :crop=\"crop\" :youtubelabel=\"youtubelabel\" :background=\"background\" media-id=\"desc_media_69f103b5600f6\"><\/lazy-media>\n\t\t\t\t\t\t\t<\/div>\n\n\t\t\t\t\t\t\t<div class=\"lazy-media-info-container-fluid\">\n\t\t\t\t<div class=\"lazy-media-info-row end-xs\">\n\t\t\t\t\t<div class=\"lazy-media-info-col\">\n\t\t\t\t\t\t<div class=\"lazy-media-info\" aria-expanded=\"false\" :aria-expanded=\"isOpen ? 'true' : 'false'\">\n\t\t\t\t\t\t\t<button class=\"lazy-media-info-head button-tiny\" :class=\"{'button-active': isOpen}\" @click=\"toggle\" ref=\"head\"><span class=\"button-label insignificant\">Image info<\/span><\/button>\n\t\t\t\t\t\t\t<figcaption class=\"lazy-media-info-body\" ref=\"body\" id=\"desc_media_69f103b5600f6\">\n\t\t\t\t\t\t\t\t<div class=\"lazy-media-info-body-content\">\n\t\t\t\t\t\t\t\t\t\t\t\t\t\t\t\t\t\t\t\t\t\t\t\t\t\t\t\t<div>Zhenia Moliar <\/div>\n\t\t\t\t\t\t\t\t\t\t\t\t\t\t\t\t\t\t\t\t\t\t\t\t\t\t<\/div>\n\t\t\t\t\t\t\t<\/figcaption>\n\t\t\t\t\t\t\t<div class=\"lazy-media-info-head-border\"><\/div>\n\t\t\t\t\t\t<\/div>\n\t\t\t\t\t<\/div>\n\t\t\t\t<\/div>\n\t\t\t<\/div>\n\t\t\t\t\t\t\t\t\t<\/figure>\n\t<\/lazy-media-inline>\n\t\t\t<\/div>\n\t\t\t<div class=\"col-xs-10 col-sm-6 col-md-5 copy margin-bottom-half\"><p><strong>Zhenia Moliar<\/strong>\u00a0is an art historian. Studied at the National Academy of Fine Arts and Architecture in Kyiv. Works on the cultural heritage of the Soviet period, in particular monumental art. Curated a project called SOVIET MOSAICS IN UKRAINE.<\/p>\n<p>As member of the self-organized initiative DE NE DE\u00a0 study and preserve uncomfortable cultural heritage in the context of ideological shifts.<\/p>\n<p>Predoctoral fellow in The Bibliotheca Hertziana \u2013 Max Planck Institute for Art History in Rome. Researching the practices of contemporary Ukrainian art which turn to cultural heritage of the Soviet period<\/p>\n<\/div>\n\t\t<\/div>\n\t<\/div>\n<\/section>\n\n<section class=\"block block-teaser col-1 has-bg\" style=\"--teaser-bg:#e8e8e8\">\n\t<lazy-component :fixed-min-height=\"400\">\n\t\n\t\t\t\t\t<div class=\"container-fluid\">\n\t\t\t\t<div class=\"row bottom-xs\">\n\t\t\t\t\t<div class=\"col-xs-12 col-sm-10 col-md-8 col-sm-offset-1 col-md-offset-2\">\n\t\t\t\t\t\t<h4>geh\u00f6rt zu<\/h4>\t\t\t\t\t\t\t\t\t\t\t\t\t\t\t\t\t\t\t<\/div>\n\t\t\t\t\t<div class=\"col-xs-12 col-sm-10 col-md-8 col-sm-offset-1 col-md-offset-2 start-xs end-md margin-bottom-sixth\">\n\t\t\t\t\t\t\t\t\t\t\t<\/div>\n\t\t\t\t<\/div>\n\t\t\t\t<ul class=\"row\">\n\t\t\t\n<li class=\"col-xs-12 teaser-wrapper col-padding-remove\">\n\t<calendarteaser key=\"674765284\" rawitem='{&quot;postId&quot;:67476,&quot;title&quot;:&quot;SP\\u00c4TI&quot;,&quot;excerpt&quot;:&quot;&quot;,&quot;slug&quot;:&quot;spaeti&quot;,&quot;type&quot;:&quot;event-sequence&quot;,&quot;post_date&quot;:&quot;2022-11-10T13:48&quot;,&quot;permalink&quot;:&quot;https:\\\/\\\/www.humboldtforum.org\\\/en\\\/programm\\\/event-reihe\\\/other-en\\\/spaeti-67476\\\/&quot;,&quot;genre&quot;:[573],&quot;genre_details&quot;:[{&quot;text&quot;:&quot;Other&quot;,&quot;id&quot;:573,&quot;icon&quot;:null,&quot;parent&quot;:0}],&quot;stakeholder&quot;:[595],&quot;stakeholder_details&quot;:[{&quot;text&quot;:&quot;Stiftung Humboldt Forum im Berliner Schloss&quot;,&quot;id&quot;:595,&quot;icon&quot;:null,&quot;parent&quot;:0}],&quot;language&quot;:[580,579],&quot;language_details&quot;:[{&quot;text&quot;:&quot;English&quot;,&quot;id&quot;:580,&quot;icon&quot;:null,&quot;parent&quot;:0},{&quot;text&quot;:&quot;German&quot;,&quot;id&quot;:579,&quot;icon&quot;:null,&quot;parent&quot;:0}],&quot;place&quot;:[1045],&quot;place_details&quot;:{&quot;place&quot;:&quot;Humboldt Forum&quot;,&quot;map&quot;:&quot;Humboldt Forum, Schlossplatz, Berlin&quot;,&quot;room&quot;:&quot;Foyer&quot;},&quot;icon_overwrite&quot;:&quot;&quot;,&quot;acf&quot;:{&quot;additional_info&quot;:{&quot;icon&quot;:&quot;icon-serientermin&quot;,&quot;text&quot;:&quot;twice a month in the foyer&quot;},&quot;highlight_header&quot;:false,&quot;featured_images&quot;:[61612],&quot;use_video_in_teasers&quot;:false,&quot;hyphenation&quot;:true,&quot;manual_period&quot;:false,&quot;tipp&quot;:false,&quot;joker&quot;:false,&quot;live&quot;:false,&quot;hide_event_in_program&quot;:false,&quot;tickettext&quot;:&quot;free of charge&quot;,&quot;events&quot;:[58372,63607,67287,123694,127532,127866,129907,135450,142058,144101,144617,151424,154011,154184,155998,156357,158056,161191],&quot;noindex&quot;:false,&quot;keywords&quot;:&quot;&quot;,&quot;shorturl&quot;:&quot;&quot;,&quot;belongsto&quot;:false,&quot;overwrite_date&quot;:&quot;Event series&quot;,&quot;announcement&quot;:&quot;Event series&quot;},&quot;date&quot;:{&quot;NLAST&quot;:&quot;202604241630&quot;,&quot;NX&quot;:null,&quot;NXX&quot;:null,&quot;from_DATE&quot;:&quot;20221104 18:00&quot;,&quot;from&quot;:1667577600,&quot;to&quot;:1777037400,&quot;to_DATE&quot;:&quot;20260424 16:30&quot;,&quot;from_HRFSHORT&quot;:&quot; 4 Nov 2022&quot;,&quot;from_HRFSHORT_WD&quot;:&quot;Fri 04\\\/11\\\/2022&quot;,&quot;to_HRFSHORT&quot;:&quot;24 Apr 2026&quot;,&quot;to_HRFSHORT_WD&quot;:&quot;Fri 24\\\/04\\\/2026&quot;,&quot;from_HRF&quot;:&quot;Fri,  4 November 2022&quot;,&quot;to_HRF&quot;:&quot;Fri, 24 April 2026&quot;,&quot;from_to_HRF&quot;:&quot;Fri,  4 November 2022 \\u2013 Fri, 24 April 2026&quot;,&quot;from_to_HRFSHORT&quot;:&quot; 4 Nov 2022 \\u2013 24 Apr 2026&quot;},&quot;alert&quot;:null,&quot;partof&quot;:[],&quot;marketing_topic&quot;:&quot;&quot;}' inline-template>\n\t<a href=\"https:\/\/www.humboldtforum.org\/en\/programm\/event-reihe\/other-en\/spaeti-67476\/\" class=\"teaser teaser-event-sequence teaser-event-standard\">\n\t\t<div class=\"row\">\n\t\t\t<div class=\"col-xs-12 col-sm-6 col-md-5 col-sm-offset-1 col-md-offset-2 first-sm teaser-event-text Infos\">\n\t\t\t\t<div class=\"teaser-event-standard-text\">\n\t\t\t\t\t<div class=\"margin-bottom-atom\">\n\t\t\t\t\t\t<div class=\"subline clamp-1\" v-html=\"maingenre\"><\/div>\n\t\t\t\t\t\t\t\t\t\t\t<\/div>\n\t\t\t\t\n\t\t\t\t\t<strong class=\"margin-bottom-atom h5\">SP\u00c4TI<\/strong>\n\n\t\t\t\t\t\t\t\t\t<\/div>\n\t\t\t\t<div class=\"teaser-bottom border-bottom\">\n\t\t\t\t<calendardateline :rawitem='item' :show-icon=\"true\"><\/calendardateline>\n\t\t\t\t\t<hr>\n\t\t\t\t<\/div>\n\t\t\t<\/div>\n\t\t\t<div class=\"col-xs-12 col-sm-4 col-md-3 teaser-event-image bottom-xs first-xs\">\n\t\t\t\t<div class=\"teaser-image teaser-image-no-alternate\">\n\t\t\t\t\t\t\t\t\t\t\t\n\t<lazy-media-inline inline-template>\n\t\t<figure itemscope itemtype=\"http:\/\/schema.org\/ImageObject\" class=\"lazy-media-inline \" role=\"group\" id=\"media_69f103b5ebd27\" aria-labelledby=\"desc_media_69f103b5ebd27\">\n\t\t\t<script type=\"application\/json\" ref=\"data\">\n\t\t\t\t{\n\t\t\t\t\"sizes\" : {\"medium\":{\"file\":\"HF_Spati_Schildmontage_221110-215x300.jpg\",\"width\":215,\"height\":300,\"mime-type\":\"image\\\/jpeg\",\"filesize\":22291},\"large\":{\"file\":\"HF_Spati_Schildmontage_221110-733x1024.jpg\",\"width\":733,\"height\":1024,\"mime-type\":\"image\\\/jpeg\",\"filesize\":196369},\"thumbnail\":{\"file\":\"HF_Spati_Schildmontage_221110-150x150.jpg\",\"width\":150,\"height\":150,\"mime-type\":\"image\\\/jpeg\",\"filesize\":8602},\"medium_large\":{\"file\":\"HF_Spati_Schildmontage_221110-768x1073.jpg\",\"width\":768,\"height\":1073,\"mime-type\":\"image\\\/jpeg\",\"filesize\":214032},\"small\":{\"file\":\"HF_Spati_Schildmontage_221110-315x440.jpg\",\"width\":315,\"height\":440,\"mime-type\":\"image\\\/jpeg\",\"filesize\":44323},\"semi\":{\"file\":\"HF_Spati_Schildmontage_221110-415x580.jpg\",\"width\":415,\"height\":580,\"mime-type\":\"image\\\/jpeg\",\"filesize\":72063},\"mobile\":{\"file\":\"HF_Spati_Schildmontage_221110-516x720.jpg\",\"width\":516,\"height\":720,\"mime-type\":\"image\\\/jpeg\",\"filesize\":105210},\"hd\":{\"file\":\"HF_Spati_Schildmontage_221110-917x1280.jpg\",\"width\":917,\"height\":1280,\"mime-type\":\"image\\\/jpeg\",\"filesize\":289751},\"1536x1536\":{\"file\":\"HF_Spati_Schildmontage_221110-1100x1536.jpg\",\"width\":1100,\"height\":1536,\"mime-type\":\"image\\\/jpeg\",\"filesize\":394011},\"original\":{\"file\":\"HF_Spati_Schildmontage_221110.jpg\",\"width\":1324,\"height\":1849}},\n\t\t\t\t\"alt\" : \"Entrance of a historic building with a sign reading \\\"Sp\\u00e4tkauf\\\" and pedestrians in the foreground.\",\n\t\t\t\t\"path\" : \"\\\/wp-content\\\/uploads\\\/2022\\\/11\\\/\",\n\t\t\t\t\"video\" : null,\n\t\t\t\t\"autoplay\" : null,\n\t\t\t\t\"youtube\" : null,\n\t\t\t\t\"youtubelabel\" : \"Play video\",\n\t\t\t\t\"brightness\" : 100,\n\t\t\t\t\"crop\" : {\"top\":\"75.53\",\"left\":\"50.51\"},\n\t\t\t\t\"background\" : true,\n\t\t\t\t\"scale\" : 2\t\t\t\t}\n\t\t\t<\/script>\n\n\t\t\t<div class=\"height-container\" style=\"padding-bottom:139.65256797583%;\" v-if=\"sizes\">\n\t\t\t\t\t\t\t\t<lazy-media :inline=\"true\" :alt=\"alt\" :sizes=\"sizes\" :scale=\"scale\" :brightness=\"brightness\" :path=\"path\" :video=\"video\" :autoplay=\"autoplay\" :youtube=\"youtube\" :crop=\"crop\" :youtubelabel=\"youtubelabel\" :background=\"background\" media-id=\"desc_media_69f103b5ebd27\"><\/lazy-media>\n\t\t\t\t\t\t\t<\/div>\n\n\t\t\t\t\t\t\t<figcaption class=\"sr-only\" ref=\"body\" id=\"desc_media_69f103b5ebd27\">\n\t\t\t\t\t\t\t\t\t\t\t\t\t\t\t\t\t\t\t\t\t<div class=\"insignificant\">\u00a9 Stiftung Humboldt Forum im Berliner Schloss, Foto: Alexander Schippel<\/div>\n\t\t\t\t\t\t\t\t\t<\/figcaption>\n\t\t\t\t\t<\/figure>\n\t<\/lazy-media-inline>\n\t\t\t\t<\/div>\n\t\t\t<\/div>\n\t\t<\/div>\n\t<\/a>\n\t<\/calendarteaser>\n<\/li>\n\n\t\t\t\t<\/ul>\n\t\t\t<\/div>\n\t\t\t\t<\/lazy-component>\n<\/section>\n\n\n\n","protected":false},"template":"","genre":[1022,830],"digital":[],"topic":[],"stakeholder":[595],"editorial":[],"editorialfilter":[],"targetgroup":[],"language":[580],"accessability":[],"age":[711],"school":[],"groupsize":[],"place":[1559],"class_list":["post-63607","event","type-event","status-publish","has-post-thumbnail","hentry","genre-dj-set-en","genre-entertainment-en","stakeholder-stiftung-humboldt-forum-im-berliner-schloss-en","language-english","age-14_en","place-mechanical-arena-in-the-foyer"],"acf":[],"_links":{"self":[{"href":"https:\/\/www.humboldtforum.org\/en\/wp-json\/wp\/v2\/event\/63607","targetHints":{"allow":["GET"]}}],"collection":[{"href":"https:\/\/www.humboldtforum.org\/en\/wp-json\/wp\/v2\/event"}],"about":[{"href":"https:\/\/www.humboldtforum.org\/en\/wp-json\/wp\/v2\/types\/event"}],"version-history":[{"count":12,"href":"https:\/\/www.humboldtforum.org\/en\/wp-json\/wp\/v2\/event\/63607\/revisions"}],"predecessor-version":[{"id":64065,"href":"https:\/\/www.humboldtforum.org\/en\/wp-json\/wp\/v2\/event\/63607\/revisions\/64065"}],"wp:featuredmedia":[{"embeddable":true,"href":"https:\/\/www.humboldtforum.org\/en\/wp-json\/wp\/v2\/media\/62480"}],"wp:attachment":[{"href":"https:\/\/www.humboldtforum.org\/en\/wp-json\/wp\/v2\/media?parent=63607"}],"wp:term":[{"taxonomy":"genre","embeddable":true,"href":"https:\/\/www.humboldtforum.org\/en\/wp-json\/wp\/v2\/genre?post=63607"},{"taxonomy":"digital","embeddable":true,"href":"https:\/\/www.humboldtforum.org\/en\/wp-json\/wp\/v2\/digital?post=63607"},{"taxonomy":"topic","embeddable":true,"href":"https:\/\/www.humboldtforum.org\/en\/wp-json\/wp\/v2\/topic?post=63607"},{"taxonomy":"stakeholder","embeddable":true,"href":"https:\/\/www.humboldtforum.org\/en\/wp-json\/wp\/v2\/stakeholder?post=63607"},{"taxonomy":"editorial","embeddable":true,"href":"https:\/\/www.humboldtforum.org\/en\/wp-json\/wp\/v2\/editorial?post=63607"},{"taxonomy":"editorialfilter","embeddable":true,"href":"https:\/\/www.humboldtforum.org\/en\/wp-json\/wp\/v2\/editorialfilter?post=63607"},{"taxonomy":"targetgroup","embeddable":true,"href":"https:\/\/www.humboldtforum.org\/en\/wp-json\/wp\/v2\/targetgroup?post=63607"},{"taxonomy":"language","embeddable":true,"href":"https:\/\/www.humboldtforum.org\/en\/wp-json\/wp\/v2\/language?post=63607"},{"taxonomy":"accessability","embeddable":true,"href":"https:\/\/www.humboldtforum.org\/en\/wp-json\/wp\/v2\/accessability?post=63607"},{"taxonomy":"age","embeddable":true,"href":"https:\/\/www.humboldtforum.org\/en\/wp-json\/wp\/v2\/age?post=63607"},{"taxonomy":"school","embeddable":true,"href":"https:\/\/www.humboldtforum.org\/en\/wp-json\/wp\/v2\/school?post=63607"},{"taxonomy":"groupsize","embeddable":true,"href":"https:\/\/www.humboldtforum.org\/en\/wp-json\/wp\/v2\/groupsize?post=63607"},{"taxonomy":"place","embeddable":true,"href":"https:\/\/www.humboldtforum.org\/en\/wp-json\/wp\/v2\/place?post=63607"}],"curies":[{"name":"wp","href":"https:\/\/api.w.org\/{rel}","templated":true}]}}