{"id":86024,"date":"2023-06-09T10:48:14","date_gmt":"2023-06-09T08:48:14","guid":{"rendered":"https:\/\/www.humboldtforum.org\/?post_type=event&#038;p=86024"},"modified":"2026-04-29T09:04:16","modified_gmt":"2026-04-29T07:04:16","slug":"the-exhibition-of-missing-vibes","status":"publish","type":"event","link":"https:\/\/www.humboldtforum.org\/en\/programm\/termin\/installation-en\/the-exhibition-of-missing-vibes-86024\/","title":{"rendered":"The Exhibition of Missing Vibes"},"content":{"rendered":"<section class=\"block block-copy\" >\n    <div class=\"container-fluid\">\n\t\t<div class=\"row \">\n            <div class=\"col-xs-12 col-md-offset-2 col-md-8\">\n                <div class=\"box\">\n                    <div class=\"copy\"><p><strong>What are vibes? What determines or changes a mood or atmosphere? What vibes are there in the Humboldt Forum? And above all: which ones are missing? Some people say of museums that they are boring and not particularly inviting places. What does a young audience want to see and experience in a museum?<\/strong><\/p>\n<p>And what happens when young people create their own art installation? For this part of the project, the pupils of the Thomas-Mann-Gymnasium have taken on a special challenge: they observe what feelings different spaces in the Humboldt Forum trigger in them and thus investigate their vibes. In collaboration with director Mirah Laline, set designer Sarah Seini and sound designer Fabiano Lima aka K&#8217;Boko, the students create four interactive installations that invite the audience to a shared experience of the <strong>missing vibes<\/strong>.<\/p>\n<p>Sun, ice cream and deck chairs create <strong>summer vibes<\/strong> on the roof terrace of the Humboldt Forum. In the Mechanical Arena in the foyer, the students go in search of a <strong>spiritual vibe<\/strong> and investigate the meaning of ritual practices from different religions, which are thematised in the Humboldt Forum through objects. What is art allowed to do? What boundaries are there and should there be between exhibits and audience? In the Werkraum, a <strong>creative vibe<\/strong> is created together with the audience to blur these boundaries.<\/p>\n<p>In the final part of the installation in Room 2, everyone is invited to experience the diversity of <strong>living vibes<\/strong>: what does it mean to feel alive in a museum?<\/p>\n<p>After a joint welcome in the foyer, all visitors are invited to look at the individual stations one after the other in three groups \u2013 and where they want \u2013 to actively participate.<\/p>\n<\/div>\n                <\/div>\n            <\/div>\n\t\t<\/div>\n\t\t    <\/div>\n<\/section>\n\n<section class=\"block block-header\" >\n\t<block-header inline-template>\n\t\t<figure role=\"group\" aria-labelledby=\"desc_m_69f4d3c94edc0\">\n\n\t\t\t<script type=\"application\/json\" ref=\"data\">\n\t\t\t\t{\n\t\t\t\t\"sizes_d\" : {\"medium\":{\"file\":\"SHF_eb00194436-300x199.jpg\",\"width\":300,\"height\":199,\"mime-type\":\"image\\\/jpeg\",\"filesize\":18950},\"large\":{\"file\":\"SHF_eb00194436-1024x681.jpg\",\"width\":1024,\"height\":681,\"mime-type\":\"image\\\/jpeg\",\"filesize\":146026},\"thumbnail\":{\"file\":\"SHF_eb00194436-150x150.jpg\",\"width\":150,\"height\":150,\"mime-type\":\"image\\\/jpeg\",\"filesize\":8454},\"medium_large\":{\"file\":\"SHF_eb00194436-768x511.jpg\",\"width\":768,\"height\":511,\"mime-type\":\"image\\\/jpeg\",\"filesize\":92102},\"small\":{\"file\":\"SHF_eb00194436-440x293.jpg\",\"width\":440,\"height\":293,\"mime-type\":\"image\\\/jpeg\",\"filesize\":36723},\"semi\":{\"file\":\"SHF_eb00194436-580x386.jpg\",\"width\":580,\"height\":386,\"mime-type\":\"image\\\/jpeg\",\"filesize\":58610},\"mobile\":{\"file\":\"SHF_eb00194436-720x479.jpg\",\"width\":720,\"height\":479,\"mime-type\":\"image\\\/jpeg\",\"filesize\":82451},\"original\":{\"file\":\"SHF_eb00194436.jpg\",\"width\":1280,\"height\":851}},\n\t\t\t\t\"alt_d\" : \"Group of happy people with colorful balloons in front of a historic building on a sunny day.\",\n\t\t\t\t\"path_d\" : \"\\\/wp-content\\\/uploads\\\/2023\\\/06\\\/\",\n\t\t\t\t\"autoplay_d\" : null,\n\t\t\t\t\"crop_d\" : null,\n\t\t\t\t\"background_d\" : true,\n\t\t\t\t\"scale_d\" : 1,\n\n\t\t\t\t\"sizes_m\" : [],\n\t\t\t\t\"alt_m\" : null,\n\t\t\t\t\"path_m\" : null,\n\t\t\t\t\"autoplay_m\" : null,\n\t\t\t\t\"crop_m\" : null,\n\t\t\t\t\"background_m\" : true,\n\t\t\t\t\"scale_m\" : 1,\n\n\t\t\t\t\"has_mobile_format\" : false,\n\t\t\t\t\"has_ad\" : false,\n\t\t\t\t\"audio_description_yt\" : null\t\t\t\t}\n\t\t\t<\/script>\n\t\t\t<div class=\"height-container\" style=\"padding-bottom:66.484375%;\" v-if=\"sizes\" data-motion-parallax='{\"child\":\".image-wrapper\",\"mask\":\".lazy-media\",\"tween\":{\"yPercent\": [-15,15]}}'>\n\t\t\t\t<lazy-media :inline=\"true\" :scale=\"scale\" :alt=\"alt\" :sizes=\"sizes\" :brightness=\"brightness\" :path=\"path\" :video=\"video\" :autoplay=\"autoplay\" :youtube=\"youtube\" :crop=\"crop\" :youtubelabel=\"youtubelabel\" :background=\"background\" media-id=\"desc_m_69f4d3c94edc0\"><\/lazy-media>\n\t\t\t\t<button class=\"autoplay-audio-description-btn icon-background icon-audio-describtions\" @click=\"audioDescriptionPlay\" v-if=\"hasAudioDescription\" aria-label=\"Audiodeskription aufrufen\"><\/button>\n\t\t\t<\/div>\n\t\t\t\t\t\t<div class=\"lazy-media-info-container-fluid\">\n\t\t\t\t<div class=\"lazy-media-info-row end-xs\">\n\t\t\t\t\t<div class=\"lazy-media-info-col\">\n\t\t\t\t\t\t<div class=\"lazy-media-info\" aria-expanded=\"false\" :aria-expanded=\"isOpen ? 'true' : 'false'\">\n\t\t\t\t\t\t\t<button class=\"lazy-media-info-head button-tiny insignificant\" :class=\"{'button-active': isOpen}\" @click=\"toggle\" ref=\"head\"><span class=\"button-label insignificant\">Image info<\/span><\/button>\n\t\t\t\t\t\t\t<figcaption class=\"lazy-media-info-body\" ref=\"body\" id=\"desc_m_69f4d3c94edc0\">\n\t\t\t\t\t\t\t\t<div class=\"lazy-media-info-body-content\">\n\t\t\t\t\t\t\t\t\t<div>Foto: David von Becker<\/div>\t\t\t\t\t\t\t\t\t\t\t\t\t\t\t\t\t\t\t\t\t\t\t\t\t\t<\/div>\n\t\t\t\t\t\t\t<\/figcaption>\n\t\t\t\t\t\t\t<div class=\"lazy-media-info-head-border\"><\/div>\n\t\t\t\t\t\t<\/div>\n\t\t\t\t\t<\/div>\n\t\t\t\t<\/div>\n\t\t\t<\/div>\n\t\t\t\t\t<\/figure>\n\t<\/block-header>\n<\/section>\n\n<section class=\"block block-headline block-no-margin \" >\n\t<div class=\"container-fluid\">\n\t\t<div class=\"row\">\n\t\t\t\t\t\t\t<div class=\"col-xs-12 col-md-offset-2 col-md-8\">\n\t\t\t\t\t<div class=\"box\">\n\t\t\t\t\t\t<h2 class=\".h4\">Biographies<\/h2>\n\t\t\t\t\t<\/div>\n\t\t\t\t<\/div>\n\t\t\t\t\t<\/div>\n\t<\/div>\n<\/section>\n\n\n\n\n\n<section class=\"block block-accordion\">\n\t<div class=\"container-fluid\">\n\t\t<div class=\"row\">\n\t\t\t<div class=\"col-xs-12 col-md-offset-2 col-md-8\">\n\t\t\t\t<div class=\"box\">\n\t\t\t\t\t\t\t\t\t\t\t<block-accordion inline-template>\n\t\t\t\t\t\t\t<div class=\"accordion\">\n\t\t\t\t\t\t\t\t\t\t\t\t\t\t\t<block-accordion-item inline-template item-headline=\"Mirah Laline\">\n\t\t\t\t\t\t\t\t<div ref=\"item\" data-id=\"MirahLaline\" class=\"block-accordion-item vue-initialize\" aria-expanded=\"false\" :aria-expanded=\"active ? 'true' : 'false'\">\n\t\t\t\t\t\t\t\t\t<button class=\"accordion-button-with-icon block-accordion-item-head\" :class=\"{'button-active': active}\" ref=\"head\" aria-controls=\"acc_69f4d3c957047\" id=\"acc_title_69f4d3c95704b\" @click=\"toggle\" @keydown=\"key\">\n\t\t\t\t\t\t\t\t\t<div><span class=\"button-label\">Mirah Laline<\/span><\/div><span class=\"button-icon icon-plus\" aria-hidden=\"true\"><\/span>\n\t\t\t\t\t\t\t\t<\/button>\n\t\t\t\t\t\t\t\t\t<div ref=\"body\" class=\"block-accordion-item-content\" id=\"acc_69f4d3c957047\" role=\"region\">\n\t\t\t\t\t\t\t\t\t\t<div class=\"wrapper copy\">\n\t\t\t\t\t\t\t\t\t\t\t<p><strong>Mirah Laline<\/strong> was born in 1988 in Bel\u00e9m, in northern Brazil. She studied directing in southern Brazil. A DAAD scholarship led her to study directing at the Hochschule f\u00fcr Schauspielkunst Ernst <span class=\"w-term-highlight\">Busch<\/span> Berlin in 2015. In 2011 she founded the group ATO CIA.C\u00caNICA and won several awards for the productions <em>Der H\u00e4ssliche<\/em> by Marius von Mayenburg.<\/p>\n<p>She also worked in the site-specific, spoken word and musical theatre Trago Sorte Mentira e Morte, directed by Isandria Fermiano and Kalisy Cabeda. In 2015, Mirah staged the street theatre piece for children <em>Puli-pul\u00e1<\/em> with the group CERCO, which received the Tibicuera Award for Play of the Year and Best Dramaturgy, among others. From 2012 to 2015, Mirah Laline was a performer and founding member of the theatre carnival group BLOCO DA LAJE.<\/p>\n<p>In 2019, Mirah wins the prestigious Braskem Award for Best Director for the guest performance of the play <em>The Ugly One<\/em>, at the 14th International Festival Porto Alegre em Cena. She currently lives and works in Berlin. Since 2019, she has been part of the Berlin Candombl\u00e9 temple IL\u00ca OB\u00c1 SILEK\u00c9. In the same year, she performed <em>The Magic of Healing<\/em>, a work that took place as part of the <em>Rituals of Care, Connected BTS<\/em> event at Gropius Bau, directed and choreographed by Baba Murah Soares. Also in 2019, the Candombl\u00e9 group is developing the women&#8217;s project <em>\u00ccya Agb\u00e1ra<\/em>, Strenght of the Mothers, which was presented at the 11th Berlin Biennale. 2020 she directs the single <em>Yomma<\/em> by Displaced Ideas Crew feat. Amon, sung in Arabic and Kurdish, a tribute to mothers from a personal as well as global perspective.<\/p>\n<p>In 2021, as an actress, dramaturge and director, she developed the theatre project <em>Juntos\/ B\u00ee Hevra<\/em>, an atmospheric Kurdish-Brazilian wedding celebration that weaves a web of migration and family stories and invites guests to become part of a new community. In 2022, she worked with the Humboldt Forum and the Berlin-Brandenburg Academy of Sciences and Humanities on a series of performative lectures on Alexander von Humboldt. Beginning in the 2023\/24 season, she will work as a theater pedagogue and cultural mediator at the Deutsches Theater Berlin.<\/p>\n\n\t\t\t\t\t\t\t\t\t\t\t\t\t\t\t\t\t\t\t\t\t\t\t\t\t\t\t\t\t\t\t\t\t\n\t\t\t\t\t\t\t\t\t\t\t<div class=\"row\">\n\t\t\t\t\t\t\t\t\t\t\t\t<div class=\"col-xs-9 col-md-9\">\n\t\t\t\t\t\t\t\t\t\t\t\t\t<div class=\"box\">\n\t\t\t\t\t\t\t\t\t\t\t\t\t\t\t\t\t\t\t\t\t\t\t\t\t\t\t<\/div>\n\t\t\t\t\t\t\t\t\t\t\t\t<\/div>\n\t\t\t\t\t\t\t\t\t\t\t<\/div>\n\n\t\t\t\t\t\t\t\t\t\t\t\t\t\t\t\t\t\t\t\t\t<\/div>\n\t\t\t\t\t\t\t\t\t<\/div>\n\t\t\t\t\t\t\t\t<\/div>\n\t\t\t\t\t\t\t\t<\/block-accordion-item>\n\t\t\t\t\t\t\t\t\t\t\t\t\t\t<block-accordion-item inline-template item-headline=\"Sarah Seini\">\n\t\t\t\t\t\t\t\t<div ref=\"item\" data-id=\"SarahSeini\" class=\"block-accordion-item vue-initialize\" aria-expanded=\"false\" :aria-expanded=\"active ? 'true' : 'false'\">\n\t\t\t\t\t\t\t\t\t<button class=\"accordion-button-with-icon block-accordion-item-head\" :class=\"{'button-active': active}\" ref=\"head\" aria-controls=\"acc_69f4d3c957350\" id=\"acc_title_69f4d3c957351\" @click=\"toggle\" @keydown=\"key\">\n\t\t\t\t\t\t\t\t\t<div><span class=\"button-label\">Sarah Seini<\/span><\/div><span class=\"button-icon icon-plus\" aria-hidden=\"true\"><\/span>\n\t\t\t\t\t\t\t\t<\/button>\n\t\t\t\t\t\t\t\t\t<div ref=\"body\" class=\"block-accordion-item-content\" id=\"acc_69f4d3c957350\" role=\"region\">\n\t\t\t\t\t\t\t\t\t\t<div class=\"wrapper copy\">\n\t\t\t\t\t\t\t\t\t\t\t<p><span class=\"texteditor-inline-color\"><strong>Sarah Seini<\/strong> is queer emerging artist of Nigerian and Polish descent living in Berlin, who studied costume design at Universit\u00e4t der K\u00fcnste, Berlin. Sarah has worked in film, theater and performances as a costume and stage designer. Sarah&#8217;s artwork centers on the expression of fragmented intersectional, identities, postcolonial aesthetics and queerness. In Sarah&#8217;s interdisciplinary artwork mediums such as postcolonial aesthetics and non-binary forms of expression, sculptural and fragmented textile design are combined. Furthermore, as an artistic director Sarah has directed two performances.<\/span><\/p>\n\n\t\t\t\t\t\t\t\t\t\t\t\t\t\t\t\t\t\t\t\t\t\t\t\t\t\t\t\t\t\t\t\t\t\n\t\t\t\t\t\t\t\t\t\t\t<div class=\"row\">\n\t\t\t\t\t\t\t\t\t\t\t\t<div class=\"col-xs-9 col-md-9\">\n\t\t\t\t\t\t\t\t\t\t\t\t\t<div class=\"box\">\n\t\t\t\t\t\t\t\t\t\t\t\t\t\t\t\t\t\t\t\t\t\t\t\t\t\t\t<\/div>\n\t\t\t\t\t\t\t\t\t\t\t\t<\/div>\n\t\t\t\t\t\t\t\t\t\t\t<\/div>\n\n\t\t\t\t\t\t\t\t\t\t\t\t\t\t\t\t\t\t\t\t\t<\/div>\n\t\t\t\t\t\t\t\t\t<\/div>\n\t\t\t\t\t\t\t\t<\/div>\n\t\t\t\t\t\t\t\t<\/block-accordion-item>\n\t\t\t\t\t\t\t\t\t\t\t\t\t\t<block-accordion-item inline-template item-headline=\"Fabiano Lima\">\n\t\t\t\t\t\t\t\t<div ref=\"item\" data-id=\"FabianoLima\" class=\"block-accordion-item vue-initialize\" aria-expanded=\"false\" :aria-expanded=\"active ? 'true' : 'false'\">\n\t\t\t\t\t\t\t\t\t<button class=\"accordion-button-with-icon block-accordion-item-head\" :class=\"{'button-active': active}\" ref=\"head\" aria-controls=\"acc_69f4d3c957658\" id=\"acc_title_69f4d3c957659\" @click=\"toggle\" @keydown=\"key\">\n\t\t\t\t\t\t\t\t\t<div><span class=\"button-label\">Fabiano Lima<\/span><\/div><span class=\"button-icon icon-plus\" aria-hidden=\"true\"><\/span>\n\t\t\t\t\t\t\t\t<\/button>\n\t\t\t\t\t\t\t\t\t<div ref=\"body\" class=\"block-accordion-item-content\" id=\"acc_69f4d3c957658\" role=\"region\">\n\t\t\t\t\t\t\t\t\t\t<div class=\"wrapper copy\">\n\t\t\t\t\t\t\t\t\t\t\t<p><strong>Fabiano Lima<\/strong> is a Brazilian percussionist, researcher and music educator, who has been living in Europe for over 15 years. He conducts research, teaches and disseminates traditional Afro-Brazilian rhythms at workshops and at schools around the world (Brazil, Europe, Asia, Caribbean, and Africa). In Europe he has worked in international percussion festivals such as &#8220;Samba Syndrom&#8221;, &#8220;Musik am Ohr der Welt&#8221; and &#8220;Klangwelten&#8221;, as well as in the music schools Musikschule City West, Global Music Academy and Landsmusikakademie in Berlin.<\/p>\n<p>He is the founder of the groups &#8220;Baque Forte Berlin&#8221; for percussive music from the northeast of Brazil (Maracatu) and &#8220;Afro Diaspora Groovez&#8221;.<\/p>\n<p>As a musician he had the opportunity to play in the biggest festivals in Europe and worked alongside names like Vitor da Trindade (Brazil), Dudu Tucci (Brazil), Guy One (Ghana), Gentleman ( GER )Alemayehu Eshete (Ethiopia), Karol Konka (Brazil), Xenia Franca (Brazil) Yarah Bravo (Germany) among others.<\/p>\n<p>In his current project <em>K&#8217;boko<\/em> he experiments with with electronic music and Afrodiasporic rhythms. Besides his musical work in Berlin, Biano Lima also develops social projects with refugees where he uses rhythm as a therapeutic and inclusion tool.<\/p>\n\n\t\t\t\t\t\t\t\t\t\t\t\t\t\t\t\t\t\t\t\t\t\t\t\t\t\t\t\t\t\t\t\t\t\n\t\t\t\t\t\t\t\t\t\t\t<div class=\"row\">\n\t\t\t\t\t\t\t\t\t\t\t\t<div class=\"col-xs-9 col-md-9\">\n\t\t\t\t\t\t\t\t\t\t\t\t\t<div class=\"box\">\n\t\t\t\t\t\t\t\t\t\t\t\t\t\t\t\t\t\t\t\t\t\t\t\t\t\t\t<\/div>\n\t\t\t\t\t\t\t\t\t\t\t\t<\/div>\n\t\t\t\t\t\t\t\t\t\t\t<\/div>\n\n\t\t\t\t\t\t\t\t\t\t\t\t\t\t\t\t\t\t\t\t\t<\/div>\n\t\t\t\t\t\t\t\t\t<\/div>\n\t\t\t\t\t\t\t\t<\/div>\n\t\t\t\t\t\t\t\t<\/block-accordion-item>\n\t\t\t\t\t\t\t\t\t\t\t\t\t<\/div>\n\t\t\t\t\t\t<\/block-accordion>\n\t\t\t\t\t\t\t\t\t<\/div>\n\t\t\t<\/div>\n\t\t<\/div>\n\t<\/div>\n<\/section>\n\n\n<section class=\"block block-copy block-no-margin\" >\n    <div class=\"container-fluid\">\n\t\t<div class=\"row \">\n            <div class=\"col-xs-12 col-md-offset-2 col-md-8\">\n                <div class=\"box\">\n                    <div class=\"copy\"><p>The Exhibition of Missing Vibes is part of <a href=\"https:\/\/www.humboldtforum.org\/en\/programm\/event-reihe\/education\/humboldting-41375\/\">Humboldting!<\/a>, a long-term project of the Stiftung Humboldt Forum im Berliner Schloss at the intersection of education and art. Artistic direction: Alice Fleming und Darren O&#8217;Donnell.<\/p>\n<p>&nbsp;<\/p>\n<\/div>\n                <\/div>\n            <\/div>\n\t\t<\/div>\n\t\t    <\/div>\n<\/section>\n\n<section class=\"block block-teaser col-1 has-bg\" style=\"--teaser-bg:#f2f2f2\">\n\t<lazy-component :fixed-min-height=\"400\">\n\t\n\t\t\t\t\t<div class=\"container-fluid\">\n\t\t\t\t<div class=\"row bottom-xs\">\n\t\t\t\t\t<div class=\"col-xs-12 col-sm-10 col-md-8 col-sm-offset-1 col-md-offset-2\">\n\t\t\t\t\t\t<h4>Part of<\/h4>\t\t\t\t\t\t\t\t\t\t\t\t\t\t\t\t\t\t\t<\/div>\n\t\t\t\t\t<div class=\"col-xs-12 col-sm-10 col-md-8 col-sm-offset-1 col-md-offset-2 start-xs end-md margin-bottom-sixth\">\n\t\t\t\t\t\t\t\t\t\t\t<\/div>\n\t\t\t\t<\/div>\n\t\t\t\t<ul class=\"row\">\n\t\t\t\n<li class=\"col-xs-12 teaser-wrapper col-padding-remove\">\n\t<calendarteaser key=\"413754956\" rawitem='{&quot;postId&quot;:41375,&quot;title&quot;:&quot;Humboldting!&quot;,&quot;excerpt&quot;:&quot;&quot;,&quot;slug&quot;:&quot;humboldting&quot;,&quot;type&quot;:&quot;event-sequence&quot;,&quot;post_date&quot;:&quot;2022-03-30T13:42&quot;,&quot;permalink&quot;:&quot;https:\\\/\\\/www.humboldtforum.org\\\/en\\\/programm\\\/event-reihe\\\/education\\\/humboldting-41375\\\/&quot;,&quot;genre&quot;:[836,830,1028],&quot;genre_details&quot;:[{&quot;text&quot;:&quot;Education&quot;,&quot;id&quot;:836,&quot;icon&quot;:null,&quot;parent&quot;:0},{&quot;text&quot;:&quot;Entertainment&quot;,&quot;id&quot;:830,&quot;icon&quot;:null,&quot;parent&quot;:0},{&quot;text&quot;:&quot;Performance&quot;,&quot;id&quot;:1028,&quot;icon&quot;:null,&quot;parent&quot;:0}],&quot;stakeholder&quot;:[595],&quot;stakeholder_details&quot;:[{&quot;text&quot;:&quot;Stiftung Humboldt Forum im Berliner Schloss&quot;,&quot;id&quot;:595,&quot;icon&quot;:null,&quot;parent&quot;:0}],&quot;place&quot;:[1180],&quot;place_details&quot;:{&quot;place&quot;:&quot;Humboldt Forum&quot;,&quot;map&quot;:&quot;Humboldt Forum, Schlossplatz, Berlin&quot;,&quot;room&quot;:&quot;Hall 1, Ground Floor&quot;},&quot;icon_overwrite&quot;:&quot;&quot;,&quot;acf&quot;:{&quot;dark_mode&quot;:false,&quot;subline&quot;:&quot;A school research project&quot;,&quot;hyphenation&quot;:true,&quot;has_mobile_format&quot;:false,&quot;highlight_header_image&quot;:36677,&quot;featured_images&quot;:[36677],&quot;highlight_header&quot;:false,&quot;tipp&quot;:false,&quot;joker&quot;:false,&quot;live&quot;:false,&quot;announcement&quot;:&quot;August 2021 \\u2013 Juli 2026&quot;,&quot;overwrite_date&quot;:&quot;August 2021 \\u2013 July 2026&quot;,&quot;highlight_header_image_mobile&quot;:33353,&quot;mobile_video&quot;:false,&quot;hide_event_in_program&quot;:false,&quot;use_video_in_teasers&quot;:false,&quot;additional_info&quot;:{&quot;icon&quot;:&quot;0&quot;,&quot;text&quot;:&quot;&quot;},&quot;manual_period&quot;:false,&quot;noindex&quot;:false,&quot;keywords&quot;:&quot;&quot;,&quot;belongsto&quot;:false,&quot;shorturl&quot;:&quot;&quot;,&quot;events&quot;:[130753,141067,147552,163561]},&quot;date&quot;:{&quot;NLAST&quot;:&quot;202606201700&quot;,&quot;NX&quot;:&quot;20260619&quot;,&quot;NXX&quot;:&quot;202606191800&quot;,&quot;from_DATE&quot;:&quot;20240628 11:00&quot;,&quot;from&quot;:1719558000,&quot;to&quot;:1781960400,&quot;to_DATE&quot;:&quot;20260620 17:00&quot;,&quot;from_HRFSHORT&quot;:&quot;28 Jun 2024&quot;,&quot;from_HRFSHORT_WD&quot;:&quot;Fri 28\\\/06\\\/2024&quot;,&quot;to_HRFSHORT&quot;:&quot;20 Jun 2026&quot;,&quot;to_HRFSHORT_WD&quot;:&quot;Sat 20\\\/06\\\/2026&quot;,&quot;from_HRF&quot;:&quot;Fri, 28 June 2024&quot;,&quot;to_HRF&quot;:&quot;Sat, 20 June 2026&quot;,&quot;from_to_HRF&quot;:&quot;Fri, 28 June 2024 \\u2013 Sat, 20 June 2026&quot;,&quot;from_to_HRFSHORT&quot;:&quot;28 Jun 2024 \\u2013 20 Jun 2026&quot;},&quot;alert&quot;:null,&quot;partof&quot;:[],&quot;marketing_topic&quot;:&quot;&quot;}' inline-template>\n\t<a href=\"https:\/\/www.humboldtforum.org\/en\/programm\/event-reihe\/education\/humboldting-41375\/\" class=\"teaser teaser-event-sequence teaser-event-standard\">\n\t\t<div class=\"row\">\n\t\t\t<div class=\"col-xs-12 col-sm-6 col-md-5 col-sm-offset-1 col-md-offset-2 first-sm teaser-event-text Infos\">\n\t\t\t\t<div class=\"teaser-event-standard-text\">\n\t\t\t\t\t<div class=\"margin-bottom-atom\">\n\t\t\t\t\t\t<div class=\"subline clamp-1\" v-html=\"maingenre\"><\/div>\n\t\t\t\t\t\t\t\t\t\t\t<\/div>\n\t\t\t\t\n\t\t\t\t\t<strong class=\"margin-bottom-atom h5\">Humboldting!<\/strong>\n\n\t\t\t\t\t\t\t\t\t\t\t<div class=\"\">A school research project<\/div>\n\t\t\t\t\t\t\t\t\t<\/div>\n\t\t\t\t<div class=\"teaser-bottom border-bottom\">\n\t\t\t\t<calendardateline :rawitem='item' :show-icon=\"true\"><\/calendardateline>\n\t\t\t\t\t<hr>\n\t\t\t\t<\/div>\n\t\t\t<\/div>\n\t\t\t<div class=\"col-xs-12 col-sm-4 col-md-3 teaser-event-image bottom-xs first-xs\">\n\t\t\t\t<div class=\"teaser-image teaser-image-no-alternate\">\n\t\t\t\t\t\t\t\t\t\t\t\n\t<lazy-media-inline inline-template>\n\t\t<figure itemscope itemtype=\"http:\/\/schema.org\/ImageObject\" class=\"lazy-media-inline \" role=\"group\" id=\"media_69f4d3c97b7fa\" aria-labelledby=\"desc_media_69f4d3c97b7fa\">\n\t\t\t<script type=\"application\/json\" ref=\"data\">\n\t\t\t\t{\n\t\t\t\t\"sizes\" : {\"medium\":{\"file\":\"SHF_eb00120655-300x200.jpg\",\"width\":300,\"height\":200,\"mime-type\":\"image\\\/jpeg\"},\"large\":{\"file\":\"SHF_eb00120655-1024x683.jpg\",\"width\":1024,\"height\":683,\"mime-type\":\"image\\\/jpeg\"},\"thumbnail\":{\"file\":\"SHF_eb00120655-150x150.jpg\",\"width\":150,\"height\":150,\"mime-type\":\"image\\\/jpeg\"},\"medium_large\":{\"file\":\"SHF_eb00120655-768x512.jpg\",\"width\":768,\"height\":512,\"mime-type\":\"image\\\/jpeg\"},\"small\":{\"file\":\"SHF_eb00120655-440x293.jpg\",\"width\":440,\"height\":293,\"mime-type\":\"image\\\/jpeg\"},\"semi\":{\"file\":\"SHF_eb00120655-580x387.jpg\",\"width\":580,\"height\":387,\"mime-type\":\"image\\\/jpeg\"},\"mobile\":{\"file\":\"SHF_eb00120655-720x480.jpg\",\"width\":720,\"height\":480,\"mime-type\":\"image\\\/jpeg\"},\"hd\":{\"file\":\"SHF_eb00120655-1280x853.jpg\",\"width\":1280,\"height\":853,\"mime-type\":\"image\\\/jpeg\"},\"full\":{\"file\":\"SHF_eb00120655-1920x1280.jpg\",\"width\":1920,\"height\":1280,\"mime-type\":\"image\\\/jpeg\"},\"1536x1536\":{\"file\":\"SHF_eb00120655-1536x1024.jpg\",\"width\":1536,\"height\":1024,\"mime-type\":\"image\\\/jpeg\"},\"original\":{\"file\":\"SHF_eb00120655.jpg\",\"width\":2048,\"height\":1365}},\n\t\t\t\t\"alt\" : \"People in a lively courtyard with colorful boxes and palm trees, cheerful atmosphere and clear skies.\",\n\t\t\t\t\"path\" : \"\\\/wp-content\\\/uploads\\\/2022\\\/01\\\/\",\n\t\t\t\t\"video\" : null,\n\t\t\t\t\"autoplay\" : null,\n\t\t\t\t\"youtube\" : null,\n\t\t\t\t\"youtubelabel\" : \"Play video\",\n\t\t\t\t\"brightness\" : 100,\n\t\t\t\t\"crop\" : null,\n\t\t\t\t\"background\" : true,\n\t\t\t\t\"scale\" : 1\t\t\t\t}\n\t\t\t<\/script>\n\n\t\t\t<div class=\"height-container\" style=\"padding-bottom:66.650390625%;\" v-if=\"sizes\">\n\t\t\t\t\t\t\t\t<lazy-media :inline=\"true\" :alt=\"alt\" :sizes=\"sizes\" :scale=\"scale\" :brightness=\"brightness\" :path=\"path\" :video=\"video\" :autoplay=\"autoplay\" :youtube=\"youtube\" :crop=\"crop\" :youtubelabel=\"youtubelabel\" :background=\"background\" media-id=\"desc_media_69f4d3c97b7fa\"><\/lazy-media>\n\t\t\t\t\t\t\t<\/div>\n\n\t\t\t\t\t\t\t<figcaption class=\"sr-only\" ref=\"body\" id=\"desc_media_69f4d3c97b7fa\">\n\t\t\t\t\t\t\t\t\t\t\t<div>Photo: David von Becker<\/div>\n\t\t\t\t\t\t\t\t\t\t\t\t\t\t\t\t\t\t\t\t\t<div class=\"insignificant\">\u00a9 Stiftung Humboldt Forum im Berliner Schloss<\/div>\n\t\t\t\t\t\t\t\t\t<\/figcaption>\n\t\t\t\t\t<\/figure>\n\t<\/lazy-media-inline>\n\t\t\t\t<\/div>\n\t\t\t<\/div>\n\t\t<\/div>\n\t<\/a>\n\t<\/calendarteaser>\n<\/li>\n\n\t\t\t\t<\/ul>\n\t\t\t<\/div>\n\t\t\t\t<\/lazy-component>\n<\/section>\n\n\n\n<section class=\"block block-CTA block-CTA-long leftgradient\">\n\t<div class=\"container-fluid\">\n\t\t<div class=\"row center-xs\">\n\t\t\t<div class=\"col-xs-12\">\n\t\t\t\t<div class=\"box\">\n\t\t\t\t\t<a href=\"https:\/\/www.humboldtforum.org\/en\/newsletter-2\/\" aria-label=\"Stay up to date.\" class=\"teaser teaser-cta-wide \">\n\t\t\t\t\t\t<div class=\"teaser-image\">\n\t\t\t\t\t\t\t\n\t<lazy-media-inline inline-template>\n\t\t<figure itemscope itemtype=\"http:\/\/schema.org\/ImageObject\" class=\"lazy-media-inline \" role=\"group\" id=\"media_69f4d3c97d2cc\" aria-labelledby=\"desc_media_69f4d3c97d2cc\">\n\t\t\t<script type=\"application\/json\" ref=\"data\">\n\t\t\t\t{\n\t\t\t\t\"sizes\" : {\"medium\":{\"file\":\"HF_eb00061823-scaled-300x200.jpg\",\"width\":300,\"height\":200,\"mime-type\":\"image\\\/jpeg\",\"filesize\":19186},\"large\":{\"file\":\"HF_eb00061823-scaled-1024x683.jpg\",\"width\":1024,\"height\":683,\"mime-type\":\"image\\\/jpeg\",\"filesize\":138597},\"thumbnail\":{\"file\":\"HF_eb00061823-scaled-150x150.jpg\",\"width\":150,\"height\":150,\"mime-type\":\"image\\\/jpeg\",\"filesize\":8481},\"medium_large\":{\"file\":\"HF_eb00061823-scaled-768x512.jpg\",\"width\":768,\"height\":512,\"mime-type\":\"image\\\/jpeg\",\"filesize\":86200},\"small\":{\"file\":\"HF_eb00061823-scaled-440x293.jpg\",\"width\":440,\"height\":293,\"mime-type\":\"image\\\/jpeg\",\"filesize\":35525},\"semi\":{\"file\":\"HF_eb00061823-scaled-580x387.jpg\",\"width\":580,\"height\":387,\"mime-type\":\"image\\\/jpeg\",\"filesize\":55724},\"mobile\":{\"file\":\"HF_eb00061823-scaled-720x480.jpg\",\"width\":720,\"height\":480,\"mime-type\":\"image\\\/jpeg\",\"filesize\":77971},\"hd\":{\"file\":\"HF_eb00061823-scaled-1280x854.jpg\",\"width\":1280,\"height\":854,\"mime-type\":\"image\\\/jpeg\",\"filesize\":202477},\"full\":{\"file\":\"HF_eb00061823-scaled-1920x1280.jpg\",\"width\":1920,\"height\":1280,\"mime-type\":\"image\\\/jpeg\",\"filesize\":386736},\"1536x1536\":{\"file\":\"HF_eb00061823-scaled-1536x1024.jpg\",\"width\":1536,\"height\":1024,\"mime-type\":\"image\\\/jpeg\",\"filesize\":266197},\"2048x2048\":{\"file\":\"HF_eb00061823-scaled-2048x1366.jpg\",\"width\":2048,\"height\":1366,\"mime-type\":\"image\\\/jpeg\",\"filesize\":430206},\"original\":{\"file\":\"HF_eb00061823-scaled.jpg\",\"width\":2560,\"height\":1707}},\n\t\t\t\t\"alt\" : \"The brightly lit foyer and the Infopoint, DJ booth, the Cosmograph media tower and many visitors milling about\",\n\t\t\t\t\"path\" : \"\\\/wp-content\\\/uploads\\\/2020\\\/04\\\/\",\n\t\t\t\t\"video\" : null,\n\t\t\t\t\"autoplay\" : null,\n\t\t\t\t\"youtube\" : null,\n\t\t\t\t\"youtubelabel\" : \"Play video\",\n\t\t\t\t\"brightness\" : \"70\",\n\t\t\t\t\"crop\" : {\"top\":\"90.17\",\"left\":\"40.27\"},\n\t\t\t\t\"background\" : true,\n\t\t\t\t\"scale\" : 2\t\t\t\t}\n\t\t\t<\/script>\n\n\t\t\t<div class=\"height-container\" style=\"padding-bottom:66.6796875%;\" v-if=\"sizes\">\n\t\t\t\t\t\t\t\t<lazy-media :inline=\"true\" :alt=\"alt\" :sizes=\"sizes\" :scale=\"scale\" :brightness=\"brightness\" :path=\"path\" :video=\"video\" :autoplay=\"autoplay\" :youtube=\"youtube\" :crop=\"crop\" :youtubelabel=\"youtubelabel\" :background=\"background\" media-id=\"desc_media_69f4d3c97d2cc\"><\/lazy-media>\n\t\t\t\t\t\t\t<\/div>\n\n\t\t\t\t\t\t\t<figcaption class=\"sr-only\" ref=\"body\" id=\"desc_media_69f4d3c97d2cc\">\n\t\t\t\t\t\t\t\t\t\t\t<div>In the Humboldt Forum&#039;s foyer there is a 17 meter high media tower, called &quot;cosmograph&quot;. It gives visitors comprehensive information about their visit and can transform into an art and light installation.<\/div>\n\t\t\t\t\t\t\t\t\t\t\t\t\t\t\t\t\t\t\t\t\t<div class=\"insignificant\">\u00a9 SHF \/ David von Becker<\/div>\n\t\t\t\t\t\t\t\t\t<\/figcaption>\n\t\t\t\t\t<\/figure>\n\t<\/lazy-media-inline>\n\t\t\t\t\t\t<\/div>\n\t\t\t\t\t\t<div class=\"teaser-content \">\n\t\t\t\t\t\t\t<div>\n\t\t\t\t\t\t\t\t\t\t\t\t\t\t\t\t<div class=\"teaser-header\"><span class=\"h3\">Stay up to date.<\/span><\/div>\n\t\t\t\t\t\t\t\t<div class=\"teaser-subline\"><span class=\"font-decoration\">Subscribe to our newsletter<\/span><\/div>\t\t\t\t\t\t\t\t<button tabindex=\"-1\" class=\"border\">Click here<\/button>\n\t\t\t\t\t\t\t<\/div>\n\t\t\t\t\t\t<\/div>\n\t\t\t\t\t<\/a>\n\t\t\t\t<\/div>\n\t\t\t<\/div>\n\t\t<\/div>\n\t<\/div>\n<\/section>\n","protected":false},"template":"","genre":[575,1028],"digital":[],"topic":[],"stakeholder":[595],"editorial":[],"editorialfilter":[],"targetgroup":[585,714,715],"language":[579],"accessability":[],"age":[],"school":[],"groupsize":[],"place":[1045,1559],"class_list":["post-86024","event","type-event","status-publish","has-post-thumbnail","hentry","genre-installation-en","genre-performance-en","stakeholder-stiftung-humboldt-forum-im-berliner-schloss-en","targetgroup-adults","targetgroup-children","targetgroup-teenager","language-german","place-foyer-en","place-mechanical-arena-in-the-foyer"],"acf":[],"_links":{"self":[{"href":"https:\/\/www.humboldtforum.org\/en\/wp-json\/wp\/v2\/event\/86024","targetHints":{"allow":["GET"]}}],"collection":[{"href":"https:\/\/www.humboldtforum.org\/en\/wp-json\/wp\/v2\/event"}],"about":[{"href":"https:\/\/www.humboldtforum.org\/en\/wp-json\/wp\/v2\/types\/event"}],"version-history":[{"count":12,"href":"https:\/\/www.humboldtforum.org\/en\/wp-json\/wp\/v2\/event\/86024\/revisions"}],"predecessor-version":[{"id":89226,"href":"https:\/\/www.humboldtforum.org\/en\/wp-json\/wp\/v2\/event\/86024\/revisions\/89226"}],"wp:featuredmedia":[{"embeddable":true,"href":"https:\/\/www.humboldtforum.org\/en\/wp-json\/wp\/v2\/media\/87960"}],"wp:attachment":[{"href":"https:\/\/www.humboldtforum.org\/en\/wp-json\/wp\/v2\/media?parent=86024"}],"wp:term":[{"taxonomy":"genre","embeddable":true,"href":"https:\/\/www.humboldtforum.org\/en\/wp-json\/wp\/v2\/genre?post=86024"},{"taxonomy":"digital","embeddable":true,"href":"https:\/\/www.humboldtforum.org\/en\/wp-json\/wp\/v2\/digital?post=86024"},{"taxonomy":"topic","embeddable":true,"href":"https:\/\/www.humboldtforum.org\/en\/wp-json\/wp\/v2\/topic?post=86024"},{"taxonomy":"stakeholder","embeddable":true,"href":"https:\/\/www.humboldtforum.org\/en\/wp-json\/wp\/v2\/stakeholder?post=86024"},{"taxonomy":"editorial","embeddable":true,"href":"https:\/\/www.humboldtforum.org\/en\/wp-json\/wp\/v2\/editorial?post=86024"},{"taxonomy":"editorialfilter","embeddable":true,"href":"https:\/\/www.humboldtforum.org\/en\/wp-json\/wp\/v2\/editorialfilter?post=86024"},{"taxonomy":"targetgroup","embeddable":true,"href":"https:\/\/www.humboldtforum.org\/en\/wp-json\/wp\/v2\/targetgroup?post=86024"},{"taxonomy":"language","embeddable":true,"href":"https:\/\/www.humboldtforum.org\/en\/wp-json\/wp\/v2\/language?post=86024"},{"taxonomy":"accessability","embeddable":true,"href":"https:\/\/www.humboldtforum.org\/en\/wp-json\/wp\/v2\/accessability?post=86024"},{"taxonomy":"age","embeddable":true,"href":"https:\/\/www.humboldtforum.org\/en\/wp-json\/wp\/v2\/age?post=86024"},{"taxonomy":"school","embeddable":true,"href":"https:\/\/www.humboldtforum.org\/en\/wp-json\/wp\/v2\/school?post=86024"},{"taxonomy":"groupsize","embeddable":true,"href":"https:\/\/www.humboldtforum.org\/en\/wp-json\/wp\/v2\/groupsize?post=86024"},{"taxonomy":"place","embeddable":true,"href":"https:\/\/www.humboldtforum.org\/en\/wp-json\/wp\/v2\/place?post=86024"}],"curies":[{"name":"wp","href":"https:\/\/api.w.org\/{rel}","templated":true}]}}