{"id":136321,"date":"2024-09-11T15:44:58","date_gmt":"2024-09-11T13:44:58","guid":{"rendered":"https:\/\/www.humboldtforum.org\/?page_id=136321"},"modified":"2024-10-04T15:38:50","modified_gmt":"2024-10-04T13:38:50","slug":"south-to-south","status":"publish","type":"page","link":"https:\/\/www.humboldtforum.org\/en\/south-to-south\/","title":{"rendered":"South-to-South"},"content":{"rendered":"<section class=\"block block-header\" >\n\t<block-header inline-template>\n\t\t<figure role=\"group\" aria-labelledby=\"desc_m_69ee1c8521943\">\n\n\t\t\t<script type=\"application\/json\" ref=\"data\">\n\t\t\t\t{\n\t\t\t\t\"sizes_d\" : {\"medium\":{\"file\":\"SHF_eb00230079__Souh-to-South_-Treffen-in-Lubumbashi-300x225.jpg\",\"width\":300,\"height\":225,\"mime-type\":\"image\\\/jpeg\",\"filesize\":16707},\"large\":{\"file\":\"SHF_eb00230079__Souh-to-South_-Treffen-in-Lubumbashi-1024x768.jpg\",\"width\":1024,\"height\":768,\"mime-type\":\"image\\\/jpeg\",\"filesize\":147772},\"thumbnail\":{\"file\":\"SHF_eb00230079__Souh-to-South_-Treffen-in-Lubumbashi-150x150.jpg\",\"width\":150,\"height\":150,\"mime-type\":\"image\\\/jpeg\",\"filesize\":6625},\"medium_large\":{\"file\":\"SHF_eb00230079__Souh-to-South_-Treffen-in-Lubumbashi-768x576.jpg\",\"width\":768,\"height\":576,\"mime-type\":\"image\\\/jpeg\",\"filesize\":89471},\"small\":{\"file\":\"SHF_eb00230079__Souh-to-South_-Treffen-in-Lubumbashi-440x330.jpg\",\"width\":440,\"height\":330,\"mime-type\":\"image\\\/jpeg\",\"filesize\":32814},\"semi\":{\"file\":\"SHF_eb00230079__Souh-to-South_-Treffen-in-Lubumbashi-580x435.jpg\",\"width\":580,\"height\":435,\"mime-type\":\"image\\\/jpeg\",\"filesize\":54329},\"mobile\":{\"file\":\"SHF_eb00230079__Souh-to-South_-Treffen-in-Lubumbashi-720x540.jpg\",\"width\":720,\"height\":540,\"mime-type\":\"image\\\/jpeg\",\"filesize\":79462},\"original\":{\"file\":\"SHF_eb00230079__Souh-to-South_-Treffen-in-Lubumbashi.jpg\",\"width\":1280,\"height\":960}},\n\t\t\t\t\"alt_d\" : \"Group of people walking on a path in nature, surrounded by hills and plants.\",\n\t\t\t\t\"path_d\" : \"\\\/wp-content\\\/uploads\\\/2024\\\/09\\\/\",\n\t\t\t\t\"autoplay_d\" : null,\n\t\t\t\t\"crop_d\" : null,\n\t\t\t\t\"background_d\" : true,\n\t\t\t\t\"scale_d\" : 1,\n\n\t\t\t\t\"sizes_m\" : [],\n\t\t\t\t\"alt_m\" : null,\n\t\t\t\t\"path_m\" : null,\n\t\t\t\t\"autoplay_m\" : null,\n\t\t\t\t\"crop_m\" : null,\n\t\t\t\t\"background_m\" : true,\n\t\t\t\t\"scale_m\" : 1,\n\n\t\t\t\t\"has_mobile_format\" : false,\n\t\t\t\t\"has_ad\" : false,\n\t\t\t\t\"audio_description_yt\" : null\t\t\t\t}\n\t\t\t<\/script>\n\t\t\t<div class=\"height-container\" style=\"padding-bottom:75%;\" v-if=\"sizes\" data-motion-parallax='{\"child\":\".image-wrapper\",\"mask\":\".lazy-media\",\"tween\":{\"yPercent\": [-15,15]}}'>\n\t\t\t\t<lazy-media :inline=\"true\" :scale=\"scale\" :alt=\"alt\" :sizes=\"sizes\" :brightness=\"brightness\" :path=\"path\" :video=\"video\" :autoplay=\"autoplay\" :youtube=\"youtube\" :crop=\"crop\" :youtubelabel=\"youtubelabel\" :background=\"background\" media-id=\"desc_m_69ee1c8521943\"><\/lazy-media>\n\t\t\t\t<button class=\"autoplay-audio-description-btn icon-background icon-audio-describtions\" @click=\"audioDescriptionPlay\" v-if=\"hasAudioDescription\" aria-label=\"Audiodeskription aufrufen\"><\/button>\n\t\t\t<\/div>\n\t\t\t\t\t\t<div class=\"lazy-media-info-container-fluid\">\n\t\t\t\t<div class=\"lazy-media-info-row end-xs\">\n\t\t\t\t\t<div class=\"lazy-media-info-col\">\n\t\t\t\t\t\t<div class=\"lazy-media-info\" aria-expanded=\"false\" :aria-expanded=\"isOpen ? 'true' : 'false'\">\n\t\t\t\t\t\t\t<button class=\"lazy-media-info-head button-tiny insignificant\" :class=\"{'button-active': isOpen}\" @click=\"toggle\" ref=\"head\"><span class=\"button-label insignificant\">Image info<\/span><\/button>\n\t\t\t\t\t\t\t<figcaption class=\"lazy-media-info-body\" ref=\"body\" id=\"desc_m_69ee1c8521943\">\n\t\t\t\t\t\t\t\t<div class=\"lazy-media-info-body-content\">\n\t\t\t\t\t\t\t\t\t<div>&ldquo;South-to-South&rdquo;, &lsquo;99 Questions&rsquo; Research Node, Lubumbashi, D.R. Congo, in collaboration with Centre d&#039;Art Waza<\/div>\t\t\t\t\t\t\t\t\t\t\t\t\t\t\t\t\t\t<div class=\"insignificant\">\u00a9 Nathan Bushiru<\/div>\t\t\t\t\t\t\t\t<\/div>\n\t\t\t\t\t\t\t<\/figcaption>\n\t\t\t\t\t\t\t<div class=\"lazy-media-info-head-border\"><\/div>\n\t\t\t\t\t\t<\/div>\n\t\t\t\t\t<\/div>\n\t\t\t\t<\/div>\n\t\t\t<\/div>\n\t\t\t\t\t<\/figure>\n\t<\/block-header>\n<\/section>\n\n<section class=\"block block-header-headline\" >\n    <div class=\"container-fluid\">\n        <div class=\"row\">\n\t\t\t\n                            <div class=\"col-xs-12 col-md-offset-2 col-md-8\">\n                    <div class=\"box\">\n                        <h1>South-to-South<\/h1>\n                    <\/div>\n                <\/div>\n                    <\/div>\n    <\/div>\n<\/section>\n\n\n\n\n<section class=\"block block-headline block-no-margin \" >\n\t<div class=\"container-fluid\">\n\t\t<div class=\"row\">\n\t\t\t\t\t\t\t<div class=\"col-xs-12 col-md-offset-2 col-md-8\">\n\t\t\t\t\t<div class=\"box\">\n\t\t\t\t\t\t<h2 class=\".h5\">A Meeting on African and Afro-Diasporic Technologies<\/h2>\n\t\t\t\t\t<\/div>\n\t\t\t\t<\/div>\n\t\t\t\t\t<\/div>\n\t<\/div>\n<\/section>\n\n\n\n\n<section class=\"block block-copy\" >\n    <div class=\"container-fluid\">\n\t\t<div class=\"row \">\n            <div class=\"col-xs-12 col-md-offset-2 col-md-8\">\n                <div class=\"box\">\n                    <div class=\"copy\"><p>The <em>South-to-South<\/em> project is an initiative that seeks to reframe and (re)connect the technological, artistic, and cosmological knowledge of the Global South. During two gatherings, one in Salvador de Bahia, Brazil, and another in Lubumbashi, Democratic Republic of Congo, in collaboration with Piv\u00f4 Art and Research, Brazil, and Centre d&#8217;art Waza, DRC, this project has brought together a diverse group of artists, thinkers, and community organizers. Through a blend of talks, workshops, experimental lectures, and immersive activities like walks and cooking sessions, <em>South-to-South<\/em> fosters a rich exchange of ideas and practices that challenge conventional Western paradigms of technology and progress.<\/p>\n<p>The first meeting, that took place in Salvador de Bahia, focused on the critical role of African cosmologies and the revival of ancient land-based practices. This gathering emphasized the need for alternative definitions of technology, grounded in the lived experiences and ancestral knowledge of African and Afro-diasporic communities. Inspired by Martinican artist Ren\u00e9 Louise\u2019s <em>Manifiesto del Cimarronismo Moderno<\/em>, and Brazilian philosopher and quilombola leader<em>\u00a0<\/em>Ant\u00f4nio Bispo dos Santos\u2018s <em>A terra d\u00e1, a terra quer<\/em>, the participants explored how maroonism and quilombismo\u2014a practice of anti-colonial defiance and resilience\u2014can inform modern technological practices, from robotics to biotechnology. This reimagining of technology as a tool for resistance, but also for global coexistence, set the stage for the ongoing dialogue and collaboration.<\/p>\n<\/div>\n                <\/div>\n            <\/div>\n\t\t<\/div>\n\t\t    <\/div>\n<\/section>\n\n\n<section class=\"block block-gallery\">\n\t<div class=\"container-fluid\">\n\t\t<div class=\"row center-xs\">\n\t\t\t<div class=\"col-xs-12\">\n\t\t\t\t<div class=\"box text-align-left\">\n\t\t\t\t\t<block-gallery inline-template>\n\t\t\t\t\t\t<div :class=\"{ firstLoaded: firstLoaded }\">\n\t\t\t\t\t\t\t<script type=\"application\/json\" ref=\"data\">\n\t\t\t\t\t\t\t{\n\t\t\t\t\t\t\t\t\"images\" : [{\"id\":0,\"width\":1280,\"height\":854,\"alt\":\"Crowd at a musical performance in a green, tropical garden.\",\"title\":\"\",\"description\":\"\",\"label\":\"Performance \\\/ activation by Vanessa Orew&aacute; at the Piv&ocirc; Art &amp; Research Center in Salvador de Bahia, Brazil. In collaboration with the organizer of the Caretas do Mingau group, Guiomar.\",\"copyright\":\"Ricardo Prado\",\"path\":\"\\\/wp-content\\\/uploads\\\/2024\\\/09\\\/\",\"sizes\":{\"medium\":{\"file\":\"SHF_eb00230072-300x200.jpg\",\"width\":300,\"height\":200,\"mime-type\":\"image\\\/jpeg\",\"filesize\":20510},\"large\":{\"file\":\"SHF_eb00230072-1024x683.jpg\",\"width\":1024,\"height\":683,\"mime-type\":\"image\\\/jpeg\",\"filesize\":158128},\"thumbnail\":{\"file\":\"SHF_eb00230072-150x150.jpg\",\"width\":150,\"height\":150,\"mime-type\":\"image\\\/jpeg\",\"filesize\":9454},\"medium_large\":{\"file\":\"SHF_eb00230072-768x512.jpg\",\"width\":768,\"height\":512,\"mime-type\":\"image\\\/jpeg\",\"filesize\":99909},\"small\":{\"file\":\"SHF_eb00230072-440x294.jpg\",\"width\":440,\"height\":294,\"mime-type\":\"image\\\/jpeg\",\"filesize\":39479},\"semi\":{\"file\":\"SHF_eb00230072-580x387.jpg\",\"width\":580,\"height\":387,\"mime-type\":\"image\\\/jpeg\",\"filesize\":63049},\"mobile\":{\"file\":\"SHF_eb00230072-720x480.jpg\",\"width\":720,\"height\":480,\"mime-type\":\"image\\\/jpeg\",\"filesize\":89554},\"original\":{\"file\":\"SHF_eb00230072.jpg\",\"width\":1280,\"height\":854}}},{\"id\":1,\"width\":1280,\"height\":854,\"alt\":\"Women in traditional clothing exchange food and drinks at a celebration, surrounded by a lively crowd.\",\"title\":\"\",\"description\":\"\",\"label\":\"Performance \\\/ activation by Vanessa Orew&aacute; at the Piv&ocirc; Art &amp; Research Center in Salvador de Bahia, Brazil. In collaboration with the organizer of the Caretas do Mingau group, Guiomar.\",\"copyright\":\"Ricardo Prado\",\"path\":\"\\\/wp-content\\\/uploads\\\/2024\\\/09\\\/\",\"sizes\":{\"medium\":{\"file\":\"SHF_eb00230071-300x200.jpg\",\"width\":300,\"height\":200,\"mime-type\":\"image\\\/jpeg\",\"filesize\":17772},\"large\":{\"file\":\"SHF_eb00230071-1024x683.jpg\",\"width\":1024,\"height\":683,\"mime-type\":\"image\\\/jpeg\",\"filesize\":131784},\"thumbnail\":{\"file\":\"SHF_eb00230071-150x150.jpg\",\"width\":150,\"height\":150,\"mime-type\":\"image\\\/jpeg\",\"filesize\":8094},\"medium_large\":{\"file\":\"SHF_eb00230071-768x512.jpg\",\"width\":768,\"height\":512,\"mime-type\":\"image\\\/jpeg\",\"filesize\":83926},\"small\":{\"file\":\"SHF_eb00230071-440x294.jpg\",\"width\":440,\"height\":294,\"mime-type\":\"image\\\/jpeg\",\"filesize\":33838},\"semi\":{\"file\":\"SHF_eb00230071-580x387.jpg\",\"width\":580,\"height\":387,\"mime-type\":\"image\\\/jpeg\",\"filesize\":53806},\"mobile\":{\"file\":\"SHF_eb00230071-720x480.jpg\",\"width\":720,\"height\":480,\"mime-type\":\"image\\\/jpeg\",\"filesize\":75340},\"original\":{\"file\":\"SHF_eb00230071.jpg\",\"width\":1280,\"height\":854}}},{\"id\":2,\"width\":1280,\"height\":854,\"alt\":\"A group of people sits attentively together, listening to a lecture or event.\",\"title\":\"\",\"description\":\"\",\"label\":\"Visitors during a performance \\\/ activation by Vanessa Orew&aacute; at the Piv&ocirc; Art &amp; Research Center in Salvador de Bahia, Brazil. In collaboration with the organizer of the Caretas do Mingau group, Guioma\",\"copyright\":\"Ricardo Prado\",\"path\":\"\\\/wp-content\\\/uploads\\\/2024\\\/09\\\/\",\"sizes\":{\"medium\":{\"file\":\"SHF_eb00230081-300x200.jpg\",\"width\":300,\"height\":200,\"mime-type\":\"image\\\/jpeg\",\"filesize\":18400},\"large\":{\"file\":\"SHF_eb00230081-1024x683.jpg\",\"width\":1024,\"height\":683,\"mime-type\":\"image\\\/jpeg\",\"filesize\":117418},\"thumbnail\":{\"file\":\"SHF_eb00230081-150x150.jpg\",\"width\":150,\"height\":150,\"mime-type\":\"image\\\/jpeg\",\"filesize\":8121},\"medium_large\":{\"file\":\"SHF_eb00230081-768x512.jpg\",\"width\":768,\"height\":512,\"mime-type\":\"image\\\/jpeg\",\"filesize\":77062},\"small\":{\"file\":\"SHF_eb00230081-440x294.jpg\",\"width\":440,\"height\":294,\"mime-type\":\"image\\\/jpeg\",\"filesize\":33414},\"semi\":{\"file\":\"SHF_eb00230081-580x387.jpg\",\"width\":580,\"height\":387,\"mime-type\":\"image\\\/jpeg\",\"filesize\":51500},\"mobile\":{\"file\":\"SHF_eb00230081-720x480.jpg\",\"width\":720,\"height\":480,\"mime-type\":\"image\\\/jpeg\",\"filesize\":69861},\"original\":{\"file\":\"SHF_eb00230081.jpg\",\"width\":1280,\"height\":854}}},{\"id\":3,\"width\":1280,\"height\":854,\"alt\":\"Hands of people peeling and preparing vegetables together, surrounded by bowls and fresh ingredients.\",\"title\":\"\",\"description\":\"\",\"label\":\"Participants of the South-to-South project during a visit to chef, artist and activist Jorge Washington\",\"copyright\":\"Ricardo Prado\",\"path\":\"\\\/wp-content\\\/uploads\\\/2024\\\/09\\\/\",\"sizes\":{\"medium\":{\"file\":\"SHF_eb00230073-300x200.jpg\",\"width\":300,\"height\":200,\"mime-type\":\"image\\\/jpeg\",\"filesize\":12754},\"large\":{\"file\":\"SHF_eb00230073-1024x683.jpg\",\"width\":1024,\"height\":683,\"mime-type\":\"image\\\/jpeg\",\"filesize\":75062},\"thumbnail\":{\"file\":\"SHF_eb00230073-150x150.jpg\",\"width\":150,\"height\":150,\"mime-type\":\"image\\\/jpeg\",\"filesize\":6379},\"medium_large\":{\"file\":\"SHF_eb00230073-768x512.jpg\",\"width\":768,\"height\":512,\"mime-type\":\"image\\\/jpeg\",\"filesize\":49398},\"small\":{\"file\":\"SHF_eb00230073-440x294.jpg\",\"width\":440,\"height\":294,\"mime-type\":\"image\\\/jpeg\",\"filesize\":22204},\"semi\":{\"file\":\"SHF_eb00230073-580x387.jpg\",\"width\":580,\"height\":387,\"mime-type\":\"image\\\/jpeg\",\"filesize\":33243},\"mobile\":{\"file\":\"SHF_eb00230073-720x480.jpg\",\"width\":720,\"height\":480,\"mime-type\":\"image\\\/jpeg\",\"filesize\":44954},\"original\":{\"file\":\"SHF_eb00230073.jpg\",\"width\":1280,\"height\":854}}}]\t\t\t\t\t\t\t}\n\t\t\t\t\t\t\t<\/script>\n\n\t\t\t\t\t\t\t<swiper :options=\"options\" @slide-change=\"track\">\n\t\t\t\t\t\t\t\t<div class=\"swiper-slide\" :key=\"image.id\" v-for=\"image in images\">\n\t\t\t\t\t\t\t\t\t<block-gallery-item inline-template :image=\"image\">\n\t\t\t\t\t\t\t\t\t\t<figure class=\"swiper-slide-image-wrapper\" ref=\"parent\">\n\t\t\t\t\t\t\t\t\t\t\t<div class=\"width-container\" ref=\"container\" :style=\"style\">\n\t\t\t\t\t\t\t\t\t\t\t\t<div data-swiper-parallax-x=\"50%\">\n\t\t\t\t\t\t\t\t\t\t\t\t<img :src=\"image.src\" :alt=\"image.alt\" v-if=\"image.id < 2\">\n\t\t\t\t\t\t\t\t\t\t\t\t<img class=\"swiper-lazy\" :data-src=\"image.src\" :alt=\"image.alt\" v-else>\n\t\t\t\t\t\t\t\t\t\t\t\t<\/div>\n\t\t\t\t\t\t\t\t\t\t\t<\/div>\n\t\t\t\t\t\t\t\t\t\t<\/figure>\n\t\t\t\t\t\t\t\t\t<\/block-gallery-item>\n\n\t\t\t\t\t\t\t\t\t<figcaption>\n\t\t\t\t\t\t\t\t\t\t<div class=\"lazy-media-info-body-content\">\n\t\t\t\t\t\t\t\t\t\t\t<div v-html=\"image.label\"><\/div>\n\t\t\t\t\t\t\t\t\t\t\t<div v-html=\"image.description\"><\/div>\n\t\t\t\t\t\t\t\t\t\t\t<div class=\"insignificant\" v-if=\"image.copyright\" v-html=\"'\u00a9 '+image.copyright\"><\/div>\n\t\t\t\t\t\t\t\t\t\t<\/div>\n\t\t\t\t\t\t\t\t\t<\/figcaption>\n\t\t\t\t\t\t\t\t<\/div>\n\n\t\t\t\t\t\t\t\t<div class=\"swiper-pagination\"  slot=\"pagination\"><\/div>\n\n\t\t\t\t\t\t\t\t<button class=\"icon-round swiper-button-prev\" slot=\"button-prev\" aria-label=\"Last images\">\n\t\t\t\t\t\t\t\t\t<span class=\"icon-next\" aria-hidden=\"true\"><\/span>\n\t\t\t\t\t\t\t\t<\/button>\n\n\t\t\t\t\t\t\t\t<button class=\"icon-round swiper-button-next\" slot=\"button-next\" aria-label=\"Next image\">\n\t\t\t\t\t\t\t\t\t<span class=\"icon-next\" aria-hidden=\"true\"><\/span>\n\t\t\t\t\t\t\t\t<\/button>\n\t\t\t\t\t\t\t<\/swiper>\n\t\t\t\t\t\t<\/div>\n\t\t\t\t\t<\/block-gallery>\n\t\t\t\t<\/div>\n\t\t\t<\/div>\n\t\t<\/div>\n\t<\/div>\n<\/section>\n\n<section class=\"block block-copy\" >\n    <div class=\"container-fluid\">\n\t\t<div class=\"row \">\n            <div class=\"col-xs-12 col-md-offset-2 col-md-8\">\n                <div class=\"box\">\n                    <div class=\"copy\"><p>The second gathering, which took place in Lubumbashi, delved deeper into the interplay between traditional land-based knowledge and cosmological understandings of technology. Here, participants explored how local technological systems can be reoriented towards the materialization of the Pluriverse\u2014a world of many worlds where diverse futures and multispecies realities can flourish. This meeting underscored the importance of epistemological solidarity in addressing our planetary condition, proposing alternative pedagogical forms and methodologies that resonate with Achille Mbembe\u2019s call for a Pluriversity. This concept advocates for a space where knowledge exchange and dissemination are rooted in the pluralities and diversities of the Global South.<\/p>\n<\/div>\n                <\/div>\n            <\/div>\n\t\t<\/div>\n\t\t    <\/div>\n<\/section>\n\n\n<section class=\"block block-gallery\">\n\t<div class=\"container-fluid\">\n\t\t<div class=\"row center-xs\">\n\t\t\t<div class=\"col-xs-12\">\n\t\t\t\t<div class=\"box text-align-left\">\n\t\t\t\t\t<block-gallery inline-template>\n\t\t\t\t\t\t<div :class=\"{ firstLoaded: firstLoaded }\">\n\t\t\t\t\t\t\t<script type=\"application\/json\" ref=\"data\">\n\t\t\t\t\t\t\t{\n\t\t\t\t\t\t\t\t\"images\" : [{\"id\":0,\"width\":1280,\"height\":855,\"alt\":\"Group of four people in a garden, deeply engaged in a discussion.\",\"title\":\"\",\"description\":\"\",\"label\":\"f.l.t.r.: Ryan Inouye, Michael Dieminger, Jean Kamba, Russel Hlongwane, Patrick Mudekereza, project partners of &ldquo;South-to-South&rdquo;, &ldquo;99 Questions&rdquo; Research Node, Lubumbashi, D.R. Congo, in collaboration with Centre d&#039;Art Waza.\",\"copyright\":\"Nathan Bushiru\",\"path\":\"\\\/wp-content\\\/uploads\\\/2024\\\/09\\\/\",\"sizes\":{\"medium\":{\"file\":\"SHF_eb00230082__Souh-to-South_-Treffen-in-Lubumbashi-300x200.jpg\",\"width\":300,\"height\":200,\"mime-type\":\"image\\\/jpeg\",\"filesize\":23269},\"large\":{\"file\":\"SHF_eb00230082__Souh-to-South_-Treffen-in-Lubumbashi-1024x684.jpg\",\"width\":1024,\"height\":684,\"mime-type\":\"image\\\/jpeg\",\"filesize\":181156},\"thumbnail\":{\"file\":\"SHF_eb00230082__Souh-to-South_-Treffen-in-Lubumbashi-150x150.jpg\",\"width\":150,\"height\":150,\"mime-type\":\"image\\\/jpeg\",\"filesize\":10425},\"medium_large\":{\"file\":\"SHF_eb00230082__Souh-to-South_-Treffen-in-Lubumbashi-768x513.jpg\",\"width\":768,\"height\":513,\"mime-type\":\"image\\\/jpeg\",\"filesize\":116774},\"small\":{\"file\":\"SHF_eb00230082__Souh-to-South_-Treffen-in-Lubumbashi-440x294.jpg\",\"width\":440,\"height\":294,\"mime-type\":\"image\\\/jpeg\",\"filesize\":45549},\"semi\":{\"file\":\"SHF_eb00230082__Souh-to-South_-Treffen-in-Lubumbashi-580x387.jpg\",\"width\":580,\"height\":387,\"mime-type\":\"image\\\/jpeg\",\"filesize\":73303},\"mobile\":{\"file\":\"SHF_eb00230082__Souh-to-South_-Treffen-in-Lubumbashi-720x481.jpg\",\"width\":720,\"height\":481,\"mime-type\":\"image\\\/jpeg\",\"filesize\":104527},\"original\":{\"file\":\"SHF_eb00230082__Souh-to-South_-Treffen-in-Lubumbashi.jpg\",\"width\":1280,\"height\":855}}},{\"id\":1,\"width\":1280,\"height\":855,\"alt\":\"A woman speaks in a classroom while others listen attentively; creatively designed environment.\",\"title\":\"\",\"description\":\"\",\"label\":\"&ldquo;South-to-South&rdquo;, &lsquo;99 Questions&rsquo; Research Node, Lubumbashi, D.R. Congo, in collaboration with Centre d&#039;Art Waza\",\"copyright\":\"Nathan Bushiru\",\"path\":\"\\\/wp-content\\\/uploads\\\/2024\\\/09\\\/\",\"sizes\":{\"medium\":{\"file\":\"SHF_eb00230078__Souh-to-South_-Treffen-in-Lubumbashi-300x200.jpg\",\"width\":300,\"height\":200,\"mime-type\":\"image\\\/jpeg\",\"filesize\":16210},\"large\":{\"file\":\"SHF_eb00230078__Souh-to-South_-Treffen-in-Lubumbashi-1024x684.jpg\",\"width\":1024,\"height\":684,\"mime-type\":\"image\\\/jpeg\",\"filesize\":118960},\"thumbnail\":{\"file\":\"SHF_eb00230078__Souh-to-South_-Treffen-in-Lubumbashi-150x150.jpg\",\"width\":150,\"height\":150,\"mime-type\":\"image\\\/jpeg\",\"filesize\":7826},\"medium_large\":{\"file\":\"SHF_eb00230078__Souh-to-South_-Treffen-in-Lubumbashi-768x513.jpg\",\"width\":768,\"height\":513,\"mime-type\":\"image\\\/jpeg\",\"filesize\":76819},\"small\":{\"file\":\"SHF_eb00230078__Souh-to-South_-Treffen-in-Lubumbashi-440x294.jpg\",\"width\":440,\"height\":294,\"mime-type\":\"image\\\/jpeg\",\"filesize\":30740},\"semi\":{\"file\":\"SHF_eb00230078__Souh-to-South_-Treffen-in-Lubumbashi-580x387.jpg\",\"width\":580,\"height\":387,\"mime-type\":\"image\\\/jpeg\",\"filesize\":48766},\"mobile\":{\"file\":\"SHF_eb00230078__Souh-to-South_-Treffen-in-Lubumbashi-720x481.jpg\",\"width\":720,\"height\":481,\"mime-type\":\"image\\\/jpeg\",\"filesize\":69000},\"original\":{\"file\":\"SHF_eb00230078__Souh-to-South_-Treffen-in-Lubumbashi.jpg\",\"width\":1280,\"height\":855}}},{\"id\":2,\"width\":1280,\"height\":855,\"alt\":\"A person holds a painting of a landscape with an animal in a room full of books.\",\"title\":\"\",\"description\":\"\",\"label\":\"&ldquo;South-to-South&rdquo;, &lsquo;99 Questions&rsquo;-Research Node, Lubumbashi, D.R. Congo, in collaboration with Centre d&#039;Art Waza\",\"copyright\":\"Nathan Bushiru\",\"path\":\"\\\/wp-content\\\/uploads\\\/2024\\\/09\\\/\",\"sizes\":{\"medium\":{\"file\":\"SHF_eb00230080__Souh-to-South_-Treffen-in-Lubumbashi-300x200.jpg\",\"width\":300,\"height\":200,\"mime-type\":\"image\\\/jpeg\",\"filesize\":11364},\"large\":{\"file\":\"SHF_eb00230080__Souh-to-South_-Treffen-in-Lubumbashi-1024x684.jpg\",\"width\":1024,\"height\":684,\"mime-type\":\"image\\\/jpeg\",\"filesize\":89012},\"thumbnail\":{\"file\":\"SHF_eb00230080__Souh-to-South_-Treffen-in-Lubumbashi-150x150.jpg\",\"width\":150,\"height\":150,\"mime-type\":\"image\\\/jpeg\",\"filesize\":5493},\"medium_large\":{\"file\":\"SHF_eb00230080__Souh-to-South_-Treffen-in-Lubumbashi-768x513.jpg\",\"width\":768,\"height\":513,\"mime-type\":\"image\\\/jpeg\",\"filesize\":54756},\"small\":{\"file\":\"SHF_eb00230080__Souh-to-South_-Treffen-in-Lubumbashi-440x294.jpg\",\"width\":440,\"height\":294,\"mime-type\":\"image\\\/jpeg\",\"filesize\":20963},\"semi\":{\"file\":\"SHF_eb00230080__Souh-to-South_-Treffen-in-Lubumbashi-580x387.jpg\",\"width\":580,\"height\":387,\"mime-type\":\"image\\\/jpeg\",\"filesize\":33697},\"mobile\":{\"file\":\"SHF_eb00230080__Souh-to-South_-Treffen-in-Lubumbashi-720x481.jpg\",\"width\":720,\"height\":481,\"mime-type\":\"image\\\/jpeg\",\"filesize\":48589},\"original\":{\"file\":\"SHF_eb00230080__Souh-to-South_-Treffen-in-Lubumbashi.jpg\",\"width\":1280,\"height\":855}}},{\"id\":3,\"width\":1280,\"height\":855,\"alt\":\"Two people embrace in a relaxed outdoor setting, with others visible in the background.\",\"title\":\"\",\"description\":\"\",\"label\":\"&ldquo;South-to-South&rdquo;, &lsquo;99 Questions&rsquo;-Research Node, Lubumbashi, D.R. Congo, in collaboration with Centre d&#039;Art Waza\",\"copyright\":\"Nathan Bushiru\",\"path\":\"\\\/wp-content\\\/uploads\\\/2024\\\/09\\\/\",\"sizes\":{\"medium\":{\"file\":\"SHF_eb00230083__South-to-South_-Treffen-in-Lubumbashi-300x200.jpg\",\"width\":300,\"height\":200,\"mime-type\":\"image\\\/jpeg\",\"filesize\":13204},\"large\":{\"file\":\"SHF_eb00230083__South-to-South_-Treffen-in-Lubumbashi-1024x684.jpg\",\"width\":1024,\"height\":684,\"mime-type\":\"image\\\/jpeg\",\"filesize\":75842},\"thumbnail\":{\"file\":\"SHF_eb00230083__South-to-South_-Treffen-in-Lubumbashi-150x150.jpg\",\"width\":150,\"height\":150,\"mime-type\":\"image\\\/jpeg\",\"filesize\":6266},\"medium_large\":{\"file\":\"SHF_eb00230083__South-to-South_-Treffen-in-Lubumbashi-768x513.jpg\",\"width\":768,\"height\":513,\"mime-type\":\"image\\\/jpeg\",\"filesize\":50471},\"small\":{\"file\":\"SHF_eb00230083__South-to-South_-Treffen-in-Lubumbashi-440x294.jpg\",\"width\":440,\"height\":294,\"mime-type\":\"image\\\/jpeg\",\"filesize\":22802},\"semi\":{\"file\":\"SHF_eb00230083__South-to-South_-Treffen-in-Lubumbashi-580x387.jpg\",\"width\":580,\"height\":387,\"mime-type\":\"image\\\/jpeg\",\"filesize\":33826},\"mobile\":{\"file\":\"SHF_eb00230083__South-to-South_-Treffen-in-Lubumbashi-720x481.jpg\",\"width\":720,\"height\":481,\"mime-type\":\"image\\\/jpeg\",\"filesize\":45920},\"original\":{\"file\":\"SHF_eb00230083__South-to-South_-Treffen-in-Lubumbashi.jpg\",\"width\":1280,\"height\":855}}},{\"id\":4,\"width\":1280,\"height\":855,\"alt\":\"Two people are sitting outdoors; one is speaking and gesturing while the other listens attentively. Books and a laptop are scattered around.\",\"title\":\"\",\"description\":\"\",\"label\":\"&ldquo;South-to-South&rdquo;, &lsquo;99 Questions&rsquo;-Research Node, Lubumbashi, D.R. Congo, in collaboration with Centre d&#039;Art Waza\",\"copyright\":\"Nathan Bushiru\",\"path\":\"\\\/wp-content\\\/uploads\\\/2024\\\/09\\\/\",\"sizes\":{\"medium\":{\"file\":\"SHF_eb00230084__Souh-to-South_-Treffen-in-Lubumbashi-300x200.jpg\",\"width\":300,\"height\":200,\"mime-type\":\"image\\\/jpeg\",\"filesize\":20410},\"large\":{\"file\":\"SHF_eb00230084__Souh-to-South_-Treffen-in-Lubumbashi-1024x684.jpg\",\"width\":1024,\"height\":684,\"mime-type\":\"image\\\/jpeg\",\"filesize\":157203},\"thumbnail\":{\"file\":\"SHF_eb00230084__Souh-to-South_-Treffen-in-Lubumbashi-150x150.jpg\",\"width\":150,\"height\":150,\"mime-type\":\"image\\\/jpeg\",\"filesize\":8766},\"medium_large\":{\"file\":\"SHF_eb00230084__Souh-to-South_-Treffen-in-Lubumbashi-768x513.jpg\",\"width\":768,\"height\":513,\"mime-type\":\"image\\\/jpeg\",\"filesize\":100241},\"small\":{\"file\":\"SHF_eb00230084__Souh-to-South_-Treffen-in-Lubumbashi-440x294.jpg\",\"width\":440,\"height\":294,\"mime-type\":\"image\\\/jpeg\",\"filesize\":39359},\"semi\":{\"file\":\"SHF_eb00230084__Souh-to-South_-Treffen-in-Lubumbashi-580x387.jpg\",\"width\":580,\"height\":387,\"mime-type\":\"image\\\/jpeg\",\"filesize\":62898},\"mobile\":{\"file\":\"SHF_eb00230084__Souh-to-South_-Treffen-in-Lubumbashi-720x481.jpg\",\"width\":720,\"height\":481,\"mime-type\":\"image\\\/jpeg\",\"filesize\":89527},\"original\":{\"file\":\"SHF_eb00230084__Souh-to-South_-Treffen-in-Lubumbashi.jpg\",\"width\":1280,\"height\":855}}}]\t\t\t\t\t\t\t}\n\t\t\t\t\t\t\t<\/script>\n\n\t\t\t\t\t\t\t<swiper :options=\"options\" @slide-change=\"track\">\n\t\t\t\t\t\t\t\t<div class=\"swiper-slide\" :key=\"image.id\" v-for=\"image in images\">\n\t\t\t\t\t\t\t\t\t<block-gallery-item inline-template :image=\"image\">\n\t\t\t\t\t\t\t\t\t\t<figure class=\"swiper-slide-image-wrapper\" ref=\"parent\">\n\t\t\t\t\t\t\t\t\t\t\t<div class=\"width-container\" ref=\"container\" :style=\"style\">\n\t\t\t\t\t\t\t\t\t\t\t\t<div data-swiper-parallax-x=\"50%\">\n\t\t\t\t\t\t\t\t\t\t\t\t<img :src=\"image.src\" :alt=\"image.alt\" v-if=\"image.id < 2\">\n\t\t\t\t\t\t\t\t\t\t\t\t<img class=\"swiper-lazy\" :data-src=\"image.src\" :alt=\"image.alt\" v-else>\n\t\t\t\t\t\t\t\t\t\t\t\t<\/div>\n\t\t\t\t\t\t\t\t\t\t\t<\/div>\n\t\t\t\t\t\t\t\t\t\t<\/figure>\n\t\t\t\t\t\t\t\t\t<\/block-gallery-item>\n\n\t\t\t\t\t\t\t\t\t<figcaption>\n\t\t\t\t\t\t\t\t\t\t<div class=\"lazy-media-info-body-content\">\n\t\t\t\t\t\t\t\t\t\t\t<div v-html=\"image.label\"><\/div>\n\t\t\t\t\t\t\t\t\t\t\t<div v-html=\"image.description\"><\/div>\n\t\t\t\t\t\t\t\t\t\t\t<div class=\"insignificant\" v-if=\"image.copyright\" v-html=\"'\u00a9 '+image.copyright\"><\/div>\n\t\t\t\t\t\t\t\t\t\t<\/div>\n\t\t\t\t\t\t\t\t\t<\/figcaption>\n\t\t\t\t\t\t\t\t<\/div>\n\n\t\t\t\t\t\t\t\t<div class=\"swiper-pagination\"  slot=\"pagination\"><\/div>\n\n\t\t\t\t\t\t\t\t<button class=\"icon-round swiper-button-prev\" slot=\"button-prev\" aria-label=\"Last images\">\n\t\t\t\t\t\t\t\t\t<span class=\"icon-next\" aria-hidden=\"true\"><\/span>\n\t\t\t\t\t\t\t\t<\/button>\n\n\t\t\t\t\t\t\t\t<button class=\"icon-round swiper-button-next\" slot=\"button-next\" aria-label=\"Next image\">\n\t\t\t\t\t\t\t\t\t<span class=\"icon-next\" aria-hidden=\"true\"><\/span>\n\t\t\t\t\t\t\t\t<\/button>\n\t\t\t\t\t\t\t<\/swiper>\n\t\t\t\t\t\t<\/div>\n\t\t\t\t\t<\/block-gallery>\n\t\t\t\t<\/div>\n\t\t\t<\/div>\n\t\t<\/div>\n\t<\/div>\n<\/section>\n\n<section class=\"block block-headline block-no-margin \" >\n\t<div class=\"container-fluid\">\n\t\t<div class=\"row\">\n\t\t\t\t\t\t\t<div class=\"col-xs-12 col-md-offset-2 col-md-8\">\n\t\t\t\t\t<div class=\"box\">\n\t\t\t\t\t\t<h2 class=\".h4\">Participants<\/h2>\n\t\t\t\t\t<\/div>\n\t\t\t\t<\/div>\n\t\t\t\t\t<\/div>\n\t<\/div>\n<\/section>\n\n\n\n\n\n<section class=\"block block-accordion\">\n\t<div class=\"container-fluid\">\n\t\t<div class=\"row\">\n\t\t\t<div class=\"col-xs-12 col-md-offset-2 col-md-8\">\n\t\t\t\t<div class=\"box\">\n\t\t\t\t\t\t\t\t\t\t\t<block-accordion inline-template>\n\t\t\t\t\t\t\t<div class=\"accordion\">\n\t\t\t\t\t\t\t\t\t\t\t\t\t\t\t<block-accordion-item inline-template item-headline=\"With\">\n\t\t\t\t\t\t\t\t<div ref=\"item\" data-id=\"With\" class=\"block-accordion-item active vue-initialize\" aria-expanded=\"true\" :aria-expanded=\"active ? 'true' : 'false'\">\n\t\t\t\t\t\t\t\t\t<button class=\"accordion-button-with-icon block-accordion-item-head\" :class=\"{'button-active': active}\" ref=\"head\" aria-controls=\"acc_69ee1c85307a7\" id=\"acc_title_69ee1c85307ab\" @click=\"toggle\" @keydown=\"key\">\n\t\t\t\t\t\t\t\t\t<div><span class=\"button-label\">With<\/span><\/div><span class=\"button-icon icon-plus\" aria-hidden=\"true\"><\/span>\n\t\t\t\t\t\t\t\t<\/button>\n\t\t\t\t\t\t\t\t\t<div ref=\"body\" class=\"block-accordion-item-content\" id=\"acc_69ee1c85307a7\" role=\"region\">\n\t\t\t\t\t\t\t\t\t\t<div class=\"wrapper copy\">\n\t\t\t\t\t\t\t\t\t\t\t<div>\n<div class=\"margin-bottom-sixth\">\n<p>Oulimata Gueye, Russel Hlongwane, Lo-Def Film Factory, Gabriela de Matos, Walla Capelobo, Vanessa Orew\u00e1 Pereira, Elsa M\u2019Bala, Biarritzzz, Buhlebezwe Siwani, Sarah Ndele, Sara Garz\u00f3n, Jorge Washington, Acervo da Laje, Casa do Benin, Museu de Arte Contempor\u00e2nea da Bahia, Anne Rodrigues, Patrick Mudekereza, Christian Nyampeta, Michael Dieminger, Bodil Furu, Ba Taonga Julia Kaunda-Kaseka, Desir\u00e9 Lumuna, Diane Cescutti, Joseph Kasau, Rita Mukebo, Mr. Makonga<\/p>\n<\/div>\n<\/div>\n\n\t\t\t\t\t\t\t\t\t\t\t\t\t\t\t\t\t\t\t\t\t\t\t\t\t\t\t\t\t\t\t\t\t\n\t\t\t\t\t\t\t\t\t\t\t<div class=\"row\">\n\t\t\t\t\t\t\t\t\t\t\t\t<div class=\"col-xs-9 col-md-9\">\n\t\t\t\t\t\t\t\t\t\t\t\t\t<div class=\"box\">\n\t\t\t\t\t\t\t\t\t\t\t\t\t\t\t\t\t\t\t\t\t\t\t\t\t\t\t<\/div>\n\t\t\t\t\t\t\t\t\t\t\t\t<\/div>\n\t\t\t\t\t\t\t\t\t\t\t<\/div>\n\n\t\t\t\t\t\t\t\t\t\t\t\t\t\t\t\t\t\t\t\t\t<\/div>\n\t\t\t\t\t\t\t\t\t<\/div>\n\t\t\t\t\t\t\t\t<\/div>\n\t\t\t\t\t\t\t\t<\/block-accordion-item>\n\t\t\t\t\t\t\t\t\t\t\t\t\t\t<block-accordion-item inline-template item-headline=\"Curatorial team\">\n\t\t\t\t\t\t\t\t<div ref=\"item\" data-id=\"Curatorialteam\" class=\"block-accordion-item vue-initialize\" aria-expanded=\"false\" :aria-expanded=\"active ? 'true' : 'false'\">\n\t\t\t\t\t\t\t\t\t<button class=\"accordion-button-with-icon block-accordion-item-head\" :class=\"{'button-active': active}\" ref=\"head\" aria-controls=\"acc_69ee1c8530b1d\" id=\"acc_title_69ee1c8530b1e\" @click=\"toggle\" @keydown=\"key\">\n\t\t\t\t\t\t\t\t\t<div><span class=\"button-label\">Curatorial team<\/span><\/div><span class=\"button-icon icon-plus\" aria-hidden=\"true\"><\/span>\n\t\t\t\t\t\t\t\t<\/button>\n\t\t\t\t\t\t\t\t\t<div ref=\"body\" class=\"block-accordion-item-content\" id=\"acc_69ee1c8530b1d\" role=\"region\">\n\t\t\t\t\t\t\t\t\t\t<div class=\"wrapper copy\">\n\t\t\t\t\t\t\t\t\t\t\t<p>Sara Garz\u00f3n, Michael Dieminger, M\u00f4nica Hoff and Ana Roman (Piv\u00f4), Christian Nyampeta and Patrick Mudekereza (Waza)<\/p>\n\n\t\t\t\t\t\t\t\t\t\t\t\t\t\t\t\t\t\t\t\t\t\t\t\t\t\t\t\t\t\t\t\t\t\n\t\t\t\t\t\t\t\t\t\t\t<div class=\"row\">\n\t\t\t\t\t\t\t\t\t\t\t\t<div class=\"col-xs-9 col-md-9\">\n\t\t\t\t\t\t\t\t\t\t\t\t\t<div class=\"box\">\n\t\t\t\t\t\t\t\t\t\t\t\t\t\t\t\t\t\t\t\t\t\t\t\t\t\t\t<\/div>\n\t\t\t\t\t\t\t\t\t\t\t\t<\/div>\n\t\t\t\t\t\t\t\t\t\t\t<\/div>\n\n\t\t\t\t\t\t\t\t\t\t\t\t\t\t\t\t\t\t\t\t\t<\/div>\n\t\t\t\t\t\t\t\t\t<\/div>\n\t\t\t\t\t\t\t\t<\/div>\n\t\t\t\t\t\t\t\t<\/block-accordion-item>\n\t\t\t\t\t\t\t\t\t\t\t\t\t\t<block-accordion-item inline-template item-headline=\"Sara Garz\u00f3n\">\n\t\t\t\t\t\t\t\t<div ref=\"item\" data-id=\"SaraGarzn\" class=\"block-accordion-item vue-initialize\" aria-expanded=\"false\" :aria-expanded=\"active ? 'true' : 'false'\">\n\t\t\t\t\t\t\t\t\t<button class=\"accordion-button-with-icon block-accordion-item-head\" :class=\"{'button-active': active}\" ref=\"head\" aria-controls=\"acc_69ee1c8530e1e\" id=\"acc_title_69ee1c8530e20\" @click=\"toggle\" @keydown=\"key\">\n\t\t\t\t\t\t\t\t\t<div><span class=\"button-label\">Sara Garz\u00f3n<\/span><\/div><span class=\"button-icon icon-plus\" aria-hidden=\"true\"><\/span>\n\t\t\t\t\t\t\t\t<\/button>\n\t\t\t\t\t\t\t\t\t<div ref=\"body\" class=\"block-accordion-item-content\" id=\"acc_69ee1c8530e1e\" role=\"region\">\n\t\t\t\t\t\t\t\t\t\t<div class=\"wrapper copy\">\n\t\t\t\t\t\t\t\t\t\t\t<p><strong>Sara Garz\u00f3n<\/strong> is a Colombian curator and writer based in New York City. She specializes in contemporary Latin American art focusing specifically on issues relating to Decoloniality, Indigenous technologies, Ecocriticism, and Global South solidarity politics. Sara earned her M.A. in Art History and Archaeology from The Institute of Fine Arts, NYU (2015), and her Ph.D in the History of Art and Visual Studies at Cornell University (2022). Sara has been the recipient of numerous grants and fellowships including the Andrew Harris Postdoctoral Fellowship at the University of Vermont (2021-2022), the Jane and Morgan Whitney Curatorial Fellowship (2020-2021), and the Lifchez-Stronach Curatorial Internship (2014-2015) both at the Metropolitan Museum of Art. Sara has curated exhibitions in the US, Europe, and Latin America, and is currently the curator of the interdisciplinary project <em>South-to-South: A Meeting on African and Afro-Diasporic Technologies<\/em> (2023-2024), which is organized in collaboration with Piv\u00f4 in S\u00e3o Paulo, Centre d\u2019art Waza in Congo, and the Humboldt Forum in Berlin. Prior to that, Sara served as guest curator of <em>The Rise of the Coyote<\/em> (2022), a practice and research-based program that looked at Indigenous technologies, futurity, and plant intelligence. Sara has contributed to peer-reviewed journals, art magazines, and exhibition catalogs. Her article <em>Manuel Amaru Cholango: Decolonizing Technology and the Construction of Indigenous Futures<\/em> was awarded best essay in Visual Culture Studies 2020 by the Latin American Studies Association (LASA).<\/p>\n\n\t\t\t\t\t\t\t\t\t\t\t\t\t\t\t\t\t\t\t\t\t\t\t\t\t\t\t\t\t\t\t\t\t\n\t\t\t\t\t\t\t\t\t\t\t<div class=\"row\">\n\t\t\t\t\t\t\t\t\t\t\t\t<div class=\"col-xs-9 col-md-9\">\n\t\t\t\t\t\t\t\t\t\t\t\t\t<div class=\"box\">\n\t\t\t\t\t\t\t\t\t\t\t\t\t\t\t\t\t\t\t\t\t\t\t\t\t\t\t<\/div>\n\t\t\t\t\t\t\t\t\t\t\t\t<\/div>\n\t\t\t\t\t\t\t\t\t\t\t<\/div>\n\n\t\t\t\t\t\t\t\t\t\t\t\t\t\t\t\t\t\t\t\t\t<\/div>\n\t\t\t\t\t\t\t\t\t<\/div>\n\t\t\t\t\t\t\t\t<\/div>\n\t\t\t\t\t\t\t\t<\/block-accordion-item>\n\t\t\t\t\t\t\t\t\t\t\t\t\t\t<block-accordion-item inline-template item-headline=\"Centre d\u2019art Waza\u00a0\">\n\t\t\t\t\t\t\t\t<div ref=\"item\" data-id=\"CentredartWaza\" class=\"block-accordion-item vue-initialize\" aria-expanded=\"false\" :aria-expanded=\"active ? 'true' : 'false'\">\n\t\t\t\t\t\t\t\t\t<button class=\"accordion-button-with-icon block-accordion-item-head\" :class=\"{'button-active': active}\" ref=\"head\" aria-controls=\"acc_69ee1c85310cb\" id=\"acc_title_69ee1c85310cc\" @click=\"toggle\" @keydown=\"key\">\n\t\t\t\t\t\t\t\t\t<div><span class=\"button-label\">Centre d\u2019art Waza\u00a0<\/span><\/div><span class=\"button-icon icon-plus\" aria-hidden=\"true\"><\/span>\n\t\t\t\t\t\t\t\t<\/button>\n\t\t\t\t\t\t\t\t\t<div ref=\"body\" class=\"block-accordion-item-content\" id=\"acc_69ee1c85310cb\" role=\"region\">\n\t\t\t\t\t\t\t\t\t\t<div class=\"wrapper copy\">\n\t\t\t\t\t\t\t\t\t\t\t<p><strong>Centre d\u2019art Waza<\/strong> is an art center founded in 2010 by a group of artists and cultural operators from Lubumbashi, R.D. Congo. Waza develops exhibitions, publications, and other cultural productions that promote experimentation in local artistic practices, alternative modes of knowledge sharing, and social emancipation. Waza&#8217;s projects deal with a broad range subjects, including the restitution of African cultural assets (such as <em>Disolo<\/em>, convers(at)ions with museum collections in collaboration with the University of the Witwatersrand), commons (<em>Power to the commons<\/em> in collaboration with Ker Thiossane, Platohedro, and SALTS), artistic education (<em>Another Roadmap School<\/em>, <em>Africa Cluster<\/em>), emancipation from paternalism in salaried work (<em>Revolution Room<\/em>), cyberspace, and the circulation of thoughts and works of art in the Global South (<em>AfricaTube<\/em> in collaboration with the AfricaMuseum, Tervuren, Boda Boda Lounge video art festival).<\/p>\n\n\t\t\t\t\t\t\t\t\t\t\t\t\t\t\t\t\t\t\t\t\t\t\t\t\t\t\t\t\t\t\t\t\t\n\t\t\t\t\t\t\t\t\t\t\t<div class=\"row\">\n\t\t\t\t\t\t\t\t\t\t\t\t<div class=\"col-xs-9 col-md-9\">\n\t\t\t\t\t\t\t\t\t\t\t\t\t<div class=\"box\">\n\t\t\t\t\t\t\t\t\t\t\t\t\t\t\t\t\t\t\t\t\t\t\t\t\t\t\t<\/div>\n\t\t\t\t\t\t\t\t\t\t\t\t<\/div>\n\t\t\t\t\t\t\t\t\t\t\t<\/div>\n\n\t\t\t\t\t\t\t\t\t\t\t\t\t\t\t\t\t\t\t\t\t<\/div>\n\t\t\t\t\t\t\t\t\t<\/div>\n\t\t\t\t\t\t\t\t<\/div>\n\t\t\t\t\t\t\t\t<\/block-accordion-item>\n\t\t\t\t\t\t\t\t\t\t\t\t\t\t<block-accordion-item inline-template item-headline=\"Piv\u00f4 \u2013 Art and Research\">\n\t\t\t\t\t\t\t\t<div ref=\"item\" data-id=\"PivArtandResearch\" class=\"block-accordion-item vue-initialize\" aria-expanded=\"false\" :aria-expanded=\"active ? 'true' : 'false'\">\n\t\t\t\t\t\t\t\t\t<button class=\"accordion-button-with-icon block-accordion-item-head\" :class=\"{'button-active': active}\" ref=\"head\" aria-controls=\"acc_69ee1c8531383\" id=\"acc_title_69ee1c8531384\" @click=\"toggle\" @keydown=\"key\">\n\t\t\t\t\t\t\t\t\t<div><span class=\"button-label\">Piv\u00f4 \u2013 Art and Research<\/span><\/div><span class=\"button-icon icon-plus\" aria-hidden=\"true\"><\/span>\n\t\t\t\t\t\t\t\t<\/button>\n\t\t\t\t\t\t\t\t\t<div ref=\"body\" class=\"block-accordion-item-content\" id=\"acc_69ee1c8531383\" role=\"region\">\n\t\t\t\t\t\t\t\t\t\t<div class=\"wrapper copy\">\n\t\t\t\t\t\t\t\t\t\t\t<p><strong>Piv\u00f4<\/strong>\u00a0is a non-profit cultural association founded in 2012 that acts as a platform for exchange and artistic experimentation. The main objective of the institution is to promote and disseminate local artistic production and create a free and open space for dialogue between different agents in the field of contemporary culture, both nationally and internationally. The Piv\u00f4 Salvador Residency Program is based on Piv\u00f4 Research\u2019s conception of an artistic residency: it proposes to generate a platform for exchange and experimention between artists. The Residency is a research space, in which Piv\u00f4 takes the role of an intermediary agent of possible interlocutions.<\/p>\n\n\t\t\t\t\t\t\t\t\t\t\t\t\t\t\t\t\t\t\t\t\t\t\t\t\t\t\t\t\t\t\t\t\t\n\t\t\t\t\t\t\t\t\t\t\t<div class=\"row\">\n\t\t\t\t\t\t\t\t\t\t\t\t<div class=\"col-xs-9 col-md-9\">\n\t\t\t\t\t\t\t\t\t\t\t\t\t<div class=\"box\">\n\t\t\t\t\t\t\t\t\t\t\t\t\t\t\t\t\t\t\t\t\t\t\t\t\t\t\t<\/div>\n\t\t\t\t\t\t\t\t\t\t\t\t<\/div>\n\t\t\t\t\t\t\t\t\t\t\t<\/div>\n\n\t\t\t\t\t\t\t\t\t\t\t\t\t\t\t\t\t\t\t\t\t<\/div>\n\t\t\t\t\t\t\t\t\t<\/div>\n\t\t\t\t\t\t\t\t<\/div>\n\t\t\t\t\t\t\t\t<\/block-accordion-item>\n\t\t\t\t\t\t\t\t\t\t\t\t\t<\/div>\n\t\t\t\t\t\t<\/block-accordion>\n\t\t\t\t\t\t\t\t\t<\/div>\n\t\t\t<\/div>\n\t\t<\/div>\n\t<\/div>\n<\/section>\n\n\n<section class=\"block block-teaser col-1 has-bg\" style=\"--teaser-bg:#f2f2f2\">\n\t<lazy-component :fixed-min-height=\"400\">\n\t\n\t\t\t\t\t<div class=\"container-fluid\">\n\t\t\t\t<div class=\"row bottom-xs\">\n\t\t\t\t\t<div class=\"col-xs-12 col-sm-10 col-md-8 col-sm-offset-1 col-md-offset-2\">\n\t\t\t\t\t\t<h4>related<\/h4>\t\t\t\t\t\t\t\t\t\t\t\t\t\t\t\t\t\t\t<\/div>\n\t\t\t\t\t<div class=\"col-xs-12 col-sm-10 col-md-8 col-sm-offset-1 col-md-offset-2 start-xs end-md margin-bottom-sixth\">\n\t\t\t\t\t\t\t\t\t\t\t<\/div>\n\t\t\t\t<\/div>\n\t\t\t\t<ul class=\"row\">\n\t\t\t\n<li class=\"col-xs-12 teaser-wrapper col-padding-remove\">\n\t<calendarteaser key=\"20100422\" rawitem='{&quot;postId&quot;:20100,&quot;title&quot;:&quot;99 Questions&quot;,&quot;excerpt&quot;:&quot;&quot;,&quot;slug&quot;:&quot;99-questions&quot;,&quot;type&quot;:&quot;event-sequence&quot;,&quot;post_date&quot;:&quot;2020-10-23T16:09&quot;,&quot;permalink&quot;:&quot;https:\\\/\\\/www.humboldtforum.org\\\/en\\\/programm\\\/event-reihe\\\/discourse\\\/99-questions-20100\\\/&quot;,&quot;genre&quot;:[566,567],&quot;genre_details&quot;:[{&quot;text&quot;:&quot;Discourse&quot;,&quot;id&quot;:566,&quot;icon&quot;:null,&quot;parent&quot;:0},{&quot;text&quot;:&quot;Science and Humanities&quot;,&quot;id&quot;:567,&quot;icon&quot;:null,&quot;parent&quot;:0}],&quot;topic&quot;:[783],&quot;topic_details&quot;:[{&quot;text&quot;:&quot;Colonialism and Coloniality&quot;,&quot;id&quot;:783,&quot;icon&quot;:null,&quot;parent&quot;:0}],&quot;stakeholder&quot;:[595],&quot;stakeholder_details&quot;:[{&quot;text&quot;:&quot;Stiftung Humboldt Forum im Berliner Schloss&quot;,&quot;id&quot;:595,&quot;icon&quot;:null,&quot;parent&quot;:0}],&quot;icon_overwrite&quot;:&quot;&quot;,&quot;acf&quot;:{&quot;shorturl&quot;:&quot;99questions&quot;,&quot;highlight_header&quot;:false,&quot;featured_images&quot;:[17912],&quot;tipp&quot;:false,&quot;joker&quot;:false,&quot;live&quot;:false,&quot;hyphenation&quot;:true,&quot;yt&quot;:&quot;&quot;,&quot;belongsto&quot;:false,&quot;noindex&quot;:false,&quot;keywords&quot;:&quot;&quot;,&quot;additional_info&quot;:{&quot;icon&quot;:&quot;0&quot;,&quot;text&quot;:&quot;&quot;},&quot;use_video_in_teasers&quot;:false,&quot;manual_period&quot;:false,&quot;hide_event_in_program&quot;:false,&quot;has_mobile_format&quot;:false,&quot;announcement&quot;:&quot;A research led platform&quot;,&quot;overwrite_date&quot;:&quot;A research led platform&quot;,&quot;events&quot;:[127853]},&quot;date&quot;:{&quot;NLAST&quot;:&quot;202404251900&quot;,&quot;NX&quot;:null,&quot;NXX&quot;:null,&quot;from_DATE&quot;:&quot;20240425 19:00&quot;,&quot;from&quot;:1714057200,&quot;to&quot;:1714057200,&quot;to_DATE&quot;:&quot;20240425 19:00&quot;,&quot;from_HRFSHORT&quot;:&quot;25 Apr 2024&quot;,&quot;from_HRFSHORT_WD&quot;:&quot;Thu 25\\\/04\\\/2024&quot;,&quot;to_HRFSHORT&quot;:&quot;25 Apr 2024&quot;,&quot;to_HRFSHORT_WD&quot;:&quot;Thu 25\\\/04\\\/2024&quot;,&quot;from_HRF&quot;:&quot;Thu, 25 April 2024&quot;,&quot;to_HRF&quot;:&quot;Thu, 25 April 2024&quot;,&quot;from_to_HRF&quot;:&quot;Thu, 25 April \\u2013 Thu, 25 April 2024&quot;,&quot;from_to_HRFSHORT&quot;:&quot;25 Apr \\u2013 25 Apr 2024&quot;},&quot;alert&quot;:null,&quot;partof&quot;:[],&quot;marketing_topic&quot;:&quot;&quot;}' inline-template>\n\t<a href=\"https:\/\/www.humboldtforum.org\/en\/programm\/event-reihe\/discourse\/99-questions-20100\/\" class=\"teaser teaser-event-sequence teaser-event-standard\">\n\t\t<div class=\"row\">\n\t\t\t<div class=\"col-xs-12 col-sm-6 col-md-5 col-sm-offset-1 col-md-offset-2 first-sm teaser-event-text Infos\">\n\t\t\t\t<div class=\"teaser-event-standard-text\">\n\t\t\t\t\t<div class=\"margin-bottom-atom\">\n\t\t\t\t\t\t<div class=\"subline clamp-1\" v-html=\"maingenre\"><\/div>\n\t\t\t\t\t\t\t\t\t\t\t<\/div>\n\t\t\t\t\n\t\t\t\t\t<strong class=\"margin-bottom-atom h5\">99 Questions<\/strong>\n\n\t\t\t\t\t\t\t\t\t<\/div>\n\t\t\t\t<div class=\"teaser-bottom border-bottom\">\n\t\t\t\t<calendardateline :rawitem='item' :show-icon=\"true\"><\/calendardateline>\n\t\t\t\t\t<hr>\n\t\t\t\t<\/div>\n\t\t\t<\/div>\n\t\t\t<div class=\"col-xs-12 col-sm-4 col-md-3 teaser-event-image bottom-xs first-xs\">\n\t\t\t\t<div class=\"teaser-image teaser-image-no-alternate\">\n\t\t\t\t\t\t\t\t\t\t\t\n\t<lazy-media-inline inline-template>\n\t\t<figure itemscope itemtype=\"http:\/\/schema.org\/ImageObject\" class=\"lazy-media-inline \" role=\"group\" id=\"media_69ee1c854f94d\" aria-labelledby=\"desc_media_69ee1c854f94d\">\n\t\t\t<script type=\"application\/json\" ref=\"data\">\n\t\t\t\t{\n\t\t\t\t\"sizes\" : {\"medium\":{\"file\":\"201130_LOS_55_Webteaser_Studio3_99Fragen2-300x180.jpg\",\"width\":300,\"height\":180,\"mime-type\":\"image\\\/jpeg\"},\"large\":{\"file\":\"201130_LOS_55_Webteaser_Studio3_99Fragen2-1024x613.jpg\",\"width\":1024,\"height\":613,\"mime-type\":\"image\\\/jpeg\"},\"thumbnail\":{\"file\":\"201130_LOS_55_Webteaser_Studio3_99Fragen2-150x150.jpg\",\"width\":150,\"height\":150,\"mime-type\":\"image\\\/jpeg\"},\"medium_large\":{\"file\":\"201130_LOS_55_Webteaser_Studio3_99Fragen2-768x460.jpg\",\"width\":768,\"height\":460,\"mime-type\":\"image\\\/jpeg\"},\"small\":{\"file\":\"201130_LOS_55_Webteaser_Studio3_99Fragen2-440x264.jpg\",\"width\":440,\"height\":264,\"mime-type\":\"image\\\/jpeg\"},\"semi\":{\"file\":\"201130_LOS_55_Webteaser_Studio3_99Fragen2-580x347.jpg\",\"width\":580,\"height\":347,\"mime-type\":\"image\\\/jpeg\"},\"mobile\":{\"file\":\"201130_LOS_55_Webteaser_Studio3_99Fragen2-720x431.jpg\",\"width\":720,\"height\":431,\"mime-type\":\"image\\\/jpeg\"},\"hd\":{\"file\":\"201130_LOS_55_Webteaser_Studio3_99Fragen2-1280x767.jpg\",\"width\":1280,\"height\":767,\"mime-type\":\"image\\\/jpeg\"},\"full\":{\"file\":\"201130_LOS_55_Webteaser_Studio3_99Fragen2-1920x1150.jpg\",\"width\":1920,\"height\":1150,\"mime-type\":\"image\\\/jpeg\"},\"1536x1536\":{\"file\":\"201130_LOS_55_Webteaser_Studio3_99Fragen2-1536x920.jpg\",\"width\":1536,\"height\":920,\"mime-type\":\"image\\\/jpeg\"},\"original\":{\"file\":\"201130_LOS_55_Webteaser_Studio3_99Fragen2.jpg\",\"width\":2000,\"height\":1198}},\n\t\t\t\t\"alt\" : \"An exhibition space with an inclined square, in which the number \\u201c99\\u201d and two other photos are located in the center\",\n\t\t\t\t\"path\" : \"\\\/wp-content\\\/uploads\\\/2020\\\/10\\\/\",\n\t\t\t\t\"video\" : null,\n\t\t\t\t\"autoplay\" : null,\n\t\t\t\t\"youtube\" : null,\n\t\t\t\t\"youtubelabel\" : \"Play video\",\n\t\t\t\t\"brightness\" : 100,\n\t\t\t\t\"crop\" : {\"top\":\"50.00\",\"left\":\"50.00\"},\n\t\t\t\t\"background\" : true,\n\t\t\t\t\"scale\" : 2\t\t\t\t}\n\t\t\t<\/script>\n\n\t\t\t<div class=\"height-container\" style=\"padding-bottom:59.9%;\" v-if=\"sizes\">\n\t\t\t\t\t\t\t\t<lazy-media :inline=\"true\" :alt=\"alt\" :sizes=\"sizes\" :scale=\"scale\" :brightness=\"brightness\" :path=\"path\" :video=\"video\" :autoplay=\"autoplay\" :youtube=\"youtube\" :crop=\"crop\" :youtubelabel=\"youtubelabel\" :background=\"background\" media-id=\"desc_media_69ee1c854f94d\"><\/lazy-media>\n\t\t\t\t\t\t\t<\/div>\n\n\t\t\t\t\t\t\t<figcaption class=\"sr-only\" ref=\"body\" id=\"desc_media_69ee1c854f94d\">\n\t\t\t\t\t\t\t\t\t\t\t\t\t\t\t\t\t\t\t\t\t<div class=\"insignificant\">\u00a9 Stiftung Humboldt Forum im Berliner Schloss \/ Collage: Museum f\u00fcr Asiatische Kunst, Ethnologisches Museum \/ Staatliche Museen zu Berlin<\/div>\n\t\t\t\t\t\t\t\t\t<\/figcaption>\n\t\t\t\t\t<\/figure>\n\t<\/lazy-media-inline>\n\t\t\t\t<\/div>\n\t\t\t<\/div>\n\t\t<\/div>\n\t<\/a>\n\t<\/calendarteaser>\n<\/li>\n\n\n<li class=\"col-xs-12 teaser-wrapper col-padding-remove\">\n\t<calendarteaser key=\"13643211644\" rawitem='{&quot;postId&quot;:136432,&quot;title&quot;:&quot;On the Poetics of Loose Ends&quot;,&quot;excerpt&quot;:&quot;&quot;,&quot;slug&quot;:&quot;99-questions-gathering&quot;,&quot;post_date&quot;:&quot;2024-09-12T19:47&quot;,&quot;type&quot;:&quot;event-multi&quot;,&quot;permalink&quot;:&quot;https:\\\/\\\/www.humboldtforum.org\\\/en\\\/programm\\\/event\\\/conference-symposium\\\/99-questions-gathering-136432\\\/&quot;,&quot;genre&quot;:[844],&quot;genre_details&quot;:[{&quot;text&quot;:&quot;Conference\\\/Symposium&quot;,&quot;id&quot;:844,&quot;icon&quot;:null,&quot;parent&quot;:0}],&quot;stakeholder&quot;:[595],&quot;stakeholder_details&quot;:[{&quot;text&quot;:&quot;Stiftung Humboldt Forum im Berliner Schloss&quot;,&quot;id&quot;:595,&quot;icon&quot;:null,&quot;parent&quot;:0}],&quot;targetgroup&quot;:[585,715],&quot;targetgroup_details&quot;:[{&quot;text&quot;:&quot;Adults&quot;,&quot;id&quot;:585,&quot;icon&quot;:null,&quot;parent&quot;:0},{&quot;text&quot;:&quot;Teenager&quot;,&quot;id&quot;:715,&quot;icon&quot;:null,&quot;parent&quot;:0}],&quot;language&quot;:[580,1199,612],&quot;language_details&quot;:[{&quot;text&quot;:&quot;English&quot;,&quot;id&quot;:580,&quot;icon&quot;:null,&quot;parent&quot;:0},{&quot;text&quot;:&quot;Portuguese&quot;,&quot;id&quot;:1199,&quot;icon&quot;:null,&quot;parent&quot;:0},{&quot;text&quot;:&quot;Spanish&quot;,&quot;id&quot;:612,&quot;icon&quot;:null,&quot;parent&quot;:0}],&quot;place&quot;:[1045,884],&quot;place_details&quot;:{&quot;place&quot;:&quot;Humboldt Forum&quot;,&quot;map&quot;:&quot;Humboldt Forum, Schlossplatz, Berlin&quot;,&quot;room&quot;:&quot;Foyer, Ground Floor, Hall 2&quot;},&quot;icon_overwrite&quot;:&quot;&quot;,&quot;acf&quot;:{&quot;planning&quot;:{&quot;price&quot;:&quot;free admission&quot;,&quot;admission&quot;:&quot;&quot;,&quot;pause&quot;:&quot;&quot;,&quot;duration&quot;:&quot;&quot;,&quot;status&quot;:&quot;BUY&quot;,&quot;info&quot;:&quot;&quot;,&quot;shop&quot;:&quot;&quot;,&quot;can_purchase&quot;:false},&quot;additional_info&quot;:{&quot;icon&quot;:&quot;0&quot;,&quot;text&quot;:&quot;&quot;},&quot;highlight_header&quot;:true,&quot;use_video_in_teasers&quot;:false,&quot;hyphenation&quot;:false,&quot;tipp&quot;:false,&quot;joker&quot;:false,&quot;live&quot;:false,&quot;hide_event_in_program&quot;:false,&quot;featured_images&quot;:[138138],&quot;subline&quot;:&quot;99 Questions Gathering&quot;,&quot;times&quot;:[],&quot;noindex&quot;:false,&quot;keywords&quot;:&quot;&quot;,&quot;belongsto&quot;:[20100],&quot;shorturl&quot;:&quot;&quot;,&quot;highlight_header_image&quot;:138138,&quot;has_mobile_format&quot;:true,&quot;highlight_header_image_mobile&quot;:138140},&quot;date&quot;:{&quot;NX&quot;:null,&quot;NXX&quot;:null,&quot;NLAST&quot;:&quot;202411020730&quot;,&quot;from_DATE&quot;:&quot;20241025 17:30&quot;,&quot;from&quot;:1729863000,&quot;to&quot;:1730532600,&quot;to_DATE&quot;:&quot;20241102 10:30&quot;,&quot;from_HRFSHORT&quot;:&quot;25 Oct 2024&quot;,&quot;from_HRFSHORT_WD&quot;:&quot;Fri 25\\\/10\\\/2024&quot;,&quot;to_HRFSHORT&quot;:&quot; 2 Nov 2024&quot;,&quot;to_HRFSHORT_WD&quot;:&quot;Sat 02\\\/11\\\/2024&quot;,&quot;from_HRF&quot;:&quot;Fri, 25 October 2024&quot;,&quot;to_HRF&quot;:&quot;Sat,  2 November 2024&quot;,&quot;from_to_HRF&quot;:&quot;Fri, 25 October \\u2013 Sat,  2 November 2024&quot;,&quot;from_to_HRFSHORT&quot;:&quot;25 Oct \\u2013  2 Nov 2024&quot;},&quot;alert&quot;:&quot;Highlight&quot;,&quot;partof&quot;:[20100],&quot;marketing_topic&quot;:{&quot;title&quot;:&quot;99 Questions&quot;,&quot;ID&quot;:20100,&quot;reason&quot;:&quot;sequence&quot;}}' inline-template>\n\t<a href=\"https:\/\/www.humboldtforum.org\/en\/programm\/event\/conference-symposium\/99-questions-gathering-136432\/\" class=\"teaser teaser-event-multi teaser-event-standard\">\n\t\t<div class=\"row\">\n\t\t\t<div class=\"col-xs-12 col-sm-6 col-md-5 col-sm-offset-1 col-md-offset-2 first-sm teaser-event-text Infos\">\n\t\t\t\t<div class=\"teaser-event-standard-text\">\n\t\t\t\t\t<div class=\"margin-bottom-atom\">\n\t\t\t\t\t\t<div class=\"subline clamp-1\" v-html=\"maingenre\"><\/div>\n\t\t\t\t\t\t\t\t\t\t\t\t\t<div class=\"insignificant clamp-2\">99 Questions<\/div>\n\t\t\t\t\t\t\t\t\t\t\t<\/div>\n\t\t\t\t\n\t\t\t\t\t<strong class=\"margin-bottom-atom h5\">On the Poetics of Loose Ends<\/strong>\n\n\t\t\t\t\t\t\t\t\t\t\t<div class=\"\">99 Questions Gathering<\/div>\n\t\t\t\t\t\t\t\t\t<\/div>\n\t\t\t\t<div class=\"teaser-bottom border-bottom\">\n\t\t\t\t<calendardateline :rawitem='item' :show-icon=\"true\"><\/calendardateline>\n\t\t\t\t\t<hr>\n\t\t\t\t<\/div>\n\t\t\t<\/div>\n\t\t\t<div class=\"col-xs-12 col-sm-4 col-md-3 teaser-event-image bottom-xs first-xs\">\n\t\t\t\t<div class=\"teaser-image teaser-image-no-alternate\">\n\t\t\t\t\t\t\t\t\t\t\t\t\t<span class=\"alert\">Highlight<\/span>\n\t\t\t\t\t\t\t\t\t\t\t\n\t<lazy-media-inline inline-template>\n\t\t<figure itemscope itemtype=\"http:\/\/schema.org\/ImageObject\" class=\"lazy-media-inline \" role=\"group\" id=\"media_69ee1c85502e0\" aria-labelledby=\"desc_media_69ee1c85502e0\">\n\t\t\t<script type=\"application\/json\" ref=\"data\">\n\t\t\t\t{\n\t\t\t\t\"sizes\" : {\"medium\":{\"file\":\"SHF_eb00232447-169x300.jpg\",\"width\":169,\"height\":300,\"mime-type\":\"image\\\/jpeg\",\"filesize\":10953},\"large\":{\"file\":\"SHF_eb00232447-576x1024.jpg\",\"width\":576,\"height\":1024,\"mime-type\":\"image\\\/jpeg\",\"filesize\":101381},\"thumbnail\":{\"file\":\"SHF_eb00232447-150x150.jpg\",\"width\":150,\"height\":150,\"mime-type\":\"image\\\/jpeg\",\"filesize\":5275},\"medium_large\":{\"file\":\"SHF_eb00232447-768x1365.jpg\",\"width\":768,\"height\":1365,\"mime-type\":\"image\\\/jpeg\",\"filesize\":169632},\"small\":{\"file\":\"SHF_eb00232447-248x440.jpg\",\"width\":248,\"height\":440,\"mime-type\":\"image\\\/jpeg\",\"filesize\":20987},\"semi\":{\"file\":\"SHF_eb00232447-326x580.jpg\",\"width\":326,\"height\":580,\"mime-type\":\"image\\\/jpeg\",\"filesize\":35787},\"mobile\":{\"file\":\"SHF_eb00232447-405x720.jpg\",\"width\":405,\"height\":720,\"mime-type\":\"image\\\/jpeg\",\"filesize\":53626},\"hd\":{\"file\":\"SHF_eb00232447-720x1280.jpg\",\"width\":720,\"height\":1280,\"mime-type\":\"image\\\/jpeg\",\"filesize\":152919},\"1536x1536\":{\"file\":\"SHF_eb00232447-864x1536.jpg\",\"width\":864,\"height\":1536,\"mime-type\":\"image\\\/jpeg\",\"filesize\":205084},\"original\":{\"file\":\"SHF_eb00232447.jpg\",\"width\":1080,\"height\":1920}},\n\t\t\t\t\"alt\" : \"Hands working on a loom to weave fabric, depicted in a green hue.\",\n\t\t\t\t\"path\" : \"\\\/wp-content\\\/uploads\\\/2024\\\/10\\\/\",\n\t\t\t\t\"video\" : null,\n\t\t\t\t\"autoplay\" : null,\n\t\t\t\t\"youtube\" : null,\n\t\t\t\t\"youtubelabel\" : \"Play video\",\n\t\t\t\t\"brightness\" : 100,\n\t\t\t\t\"crop\" : null,\n\t\t\t\t\"background\" : true,\n\t\t\t\t\"scale\" : 2\t\t\t\t}\n\t\t\t<\/script>\n\n\t\t\t<div class=\"height-container\" style=\"padding-bottom:177.77777777778%;\" v-if=\"sizes\">\n\t\t\t\t\t\t\t\t<lazy-media :inline=\"true\" :alt=\"alt\" :sizes=\"sizes\" :scale=\"scale\" :brightness=\"brightness\" :path=\"path\" :video=\"video\" :autoplay=\"autoplay\" :youtube=\"youtube\" :crop=\"crop\" :youtubelabel=\"youtubelabel\" :background=\"background\" media-id=\"desc_media_69ee1c85502e0\"><\/lazy-media>\n\t\t\t\t\t\t\t<\/div>\n\n\t\t\t\t\t\t\t<figcaption class=\"sr-only\" ref=\"body\" id=\"desc_media_69ee1c85502e0\">\n\t\t\t\t\t\t\t\t\t\t\t\t\t\t\t\t\t\t\t\t\t<div class=\"insignificant\">\u00a9 Stiftung Humboldtforum im Berliner Schloss, Foto: Elvira Espejo Ayca<\/div>\n\t\t\t\t\t\t\t\t\t<\/figcaption>\n\t\t\t\t\t<\/figure>\n\t<\/lazy-media-inline>\n\t\t\t\t<\/div>\n\t\t\t<\/div>\n\t\t<\/div>\n\t<\/a>\n\t<\/calendarteaser>\n<\/li>\n\n\t\t\t\t<\/ul>\n\t\t\t<\/div>\n\t\t\t\t<\/lazy-component>\n<\/section>\n\n\n\n<section class=\"block block-headline block-no-margin \" >\n\t<div class=\"container-fluid\">\n\t\t<div class=\"row\">\n\t\t\t\t\t\t\t<div class=\"col-xs-12 col-md-offset-2 col-md-8\">\n\t\t\t\t\t<div class=\"box\">\n\t\t\t\t\t\t<h2 class=\".h4\">Further Projects<\/h2>\n\t\t\t\t\t<\/div>\n\t\t\t\t<\/div>\n\t\t\t\t\t<\/div>\n\t<\/div>\n<\/section>\n\n\n\n\n<section class=\"block block-teaser col-4 \" style=\"\">\n\t\t\t\t\t\t<div class=\"container-fluid\">\n\t\t\t\t\t\t\t\t<ul class=\"row\">\n\n\t\t\t\t<li class=\"col-xs-6 col-md-3 col-padding-remove teaser-wrapper teaser-wrapper-tight\">\n\t<div class=\"box\">\n\t\t<a href=\"https:\/\/www.humboldtforum.org\/en\/textiles-semillas\/\" class=\"teaser teaser-page\">\n\t\t\t<div class=\"teaser-image teaser-image-full footer-gradient\">\n\t\t\t\t\n\t<lazy-media-inline inline-template>\n\t\t<figure itemscope itemtype=\"http:\/\/schema.org\/ImageObject\" class=\"lazy-media-inline \" role=\"group\" id=\"media_69ee1c8552721\" aria-labelledby=\"desc_media_69ee1c8552721\">\n\t\t\t<script type=\"application\/json\" ref=\"data\">\n\t\t\t\t{\n\t\t\t\t\"sizes\" : {\"medium\":{\"file\":\"SHF_eb00230742_Textil-Scan-Textiles-Semillas-300x218.jpg\",\"width\":300,\"height\":218,\"mime-type\":\"image\\\/jpeg\",\"filesize\":18393},\"large\":{\"file\":\"SHF_eb00230742_Textil-Scan-Textiles-Semillas-1024x743.jpg\",\"width\":1024,\"height\":743,\"mime-type\":\"image\\\/jpeg\",\"filesize\":129907},\"thumbnail\":{\"file\":\"SHF_eb00230742_Textil-Scan-Textiles-Semillas-150x150.jpg\",\"width\":150,\"height\":150,\"mime-type\":\"image\\\/jpeg\",\"filesize\":7691},\"medium_large\":{\"file\":\"SHF_eb00230742_Textil-Scan-Textiles-Semillas-768x557.jpg\",\"width\":768,\"height\":557,\"mime-type\":\"image\\\/jpeg\",\"filesize\":82843},\"small\":{\"file\":\"SHF_eb00230742_Textil-Scan-Textiles-Semillas-440x319.jpg\",\"width\":440,\"height\":319,\"mime-type\":\"image\\\/jpeg\",\"filesize\":34059},\"semi\":{\"file\":\"SHF_eb00230742_Textil-Scan-Textiles-Semillas-580x421.jpg\",\"width\":580,\"height\":421,\"mime-type\":\"image\\\/jpeg\",\"filesize\":53425},\"mobile\":{\"file\":\"SHF_eb00230742_Textil-Scan-Textiles-Semillas-720x523.jpg\",\"width\":720,\"height\":523,\"mime-type\":\"image\\\/jpeg\",\"filesize\":74926},\"original\":{\"file\":\"SHF_eb00230742_Textil-Scan-Textiles-Semillas.jpg\",\"width\":1280,\"height\":929}},\n\t\t\t\t\"alt\" : \"Colorful yarn and textile patterns on a fabric background, featuring various woven pieces and threads.\",\n\t\t\t\t\"path\" : \"\\\/wp-content\\\/uploads\\\/2024\\\/09\\\/\",\n\t\t\t\t\"video\" : null,\n\t\t\t\t\"autoplay\" : null,\n\t\t\t\t\"youtube\" : null,\n\t\t\t\t\"youtubelabel\" : \"Play video\",\n\t\t\t\t\"brightness\" : 100,\n\t\t\t\t\"crop\" : null,\n\t\t\t\t\"background\" : true,\n\t\t\t\t\"scale\" : 4\t\t\t\t}\n\t\t\t<\/script>\n\n\t\t\t<div class=\"height-container\" style=\"padding-bottom:72.578125%;\" v-if=\"sizes\">\n\t\t\t\t\t\t\t\t<lazy-media :inline=\"true\" :alt=\"alt\" :sizes=\"sizes\" :scale=\"scale\" :brightness=\"brightness\" :path=\"path\" :video=\"video\" :autoplay=\"autoplay\" :youtube=\"youtube\" :crop=\"crop\" :youtubelabel=\"youtubelabel\" :background=\"background\" media-id=\"desc_media_69ee1c8552721\"><\/lazy-media>\n\t\t\t\t\t\t\t<\/div>\n\n\t\t\t\t\t\t\t<figcaption class=\"sr-only\" ref=\"body\" id=\"desc_media_69ee1c8552721\">\n\t\t\t\t\t\t\t\t\t\t\t<div>Textile scan from a meeting of &ldquo;Textiles Semillas&rdquo;<\/div>\n\t\t\t\t\t\t\t\t\t\t\t\t\t\t\t\t\t\t\t\t\t<div class=\"insignificant\">\u00a9 Textiles Semillas<\/div>\n\t\t\t\t\t\t\t\t\t<\/figcaption>\n\t\t\t\t\t<\/figure>\n\t<\/lazy-media-inline>\n\t\t\t<\/div>\n\t\t\t<div class=\"teaser-header\"><div>\n\t\t\t\t\n\t\t\t\t\t\t<span class=\"h4 mobile-smaller-headline\">Textiles Semillas<\/span>\n\t\t\t\t\t\t\t\t<\/div><\/div>\n\t\t<\/a>\n\t<\/div>\n<\/li>\t\t\t\t<\/ul>\n\t\t\t<\/div>\n\t\t\t<\/section>\n\n<section class=\"block block-CTA block-CTA-long leftgradient\">\n\t<div class=\"container-fluid\">\n\t\t<div class=\"row center-xs\">\n\t\t\t<div class=\"col-xs-12\">\n\t\t\t\t<div class=\"box\">\n\t\t\t\t\t<a href=\"https:\/\/www.humboldtforum.org\/en\/newsletter-2\/\" aria-label=\"Stay up to date.\" class=\"teaser teaser-cta-wide \">\n\t\t\t\t\t\t<div class=\"teaser-image\">\n\t\t\t\t\t\t\t\n\t<lazy-media-inline inline-template>\n\t\t<figure itemscope itemtype=\"http:\/\/schema.org\/ImageObject\" class=\"lazy-media-inline \" role=\"group\" id=\"media_69ee1c8554741\" aria-labelledby=\"desc_media_69ee1c8554741\">\n\t\t\t<script type=\"application\/json\" ref=\"data\">\n\t\t\t\t{\n\t\t\t\t\"sizes\" : {\"medium\":{\"file\":\"HF_eb00061823-scaled-300x200.jpg\",\"width\":300,\"height\":200,\"mime-type\":\"image\\\/jpeg\",\"filesize\":19186},\"large\":{\"file\":\"HF_eb00061823-scaled-1024x683.jpg\",\"width\":1024,\"height\":683,\"mime-type\":\"image\\\/jpeg\",\"filesize\":138597},\"thumbnail\":{\"file\":\"HF_eb00061823-scaled-150x150.jpg\",\"width\":150,\"height\":150,\"mime-type\":\"image\\\/jpeg\",\"filesize\":8481},\"medium_large\":{\"file\":\"HF_eb00061823-scaled-768x512.jpg\",\"width\":768,\"height\":512,\"mime-type\":\"image\\\/jpeg\",\"filesize\":86200},\"small\":{\"file\":\"HF_eb00061823-scaled-440x293.jpg\",\"width\":440,\"height\":293,\"mime-type\":\"image\\\/jpeg\",\"filesize\":35525},\"semi\":{\"file\":\"HF_eb00061823-scaled-580x387.jpg\",\"width\":580,\"height\":387,\"mime-type\":\"image\\\/jpeg\",\"filesize\":55724},\"mobile\":{\"file\":\"HF_eb00061823-scaled-720x480.jpg\",\"width\":720,\"height\":480,\"mime-type\":\"image\\\/jpeg\",\"filesize\":77971},\"hd\":{\"file\":\"HF_eb00061823-scaled-1280x854.jpg\",\"width\":1280,\"height\":854,\"mime-type\":\"image\\\/jpeg\",\"filesize\":202477},\"full\":{\"file\":\"HF_eb00061823-scaled-1920x1280.jpg\",\"width\":1920,\"height\":1280,\"mime-type\":\"image\\\/jpeg\",\"filesize\":386736},\"1536x1536\":{\"file\":\"HF_eb00061823-scaled-1536x1024.jpg\",\"width\":1536,\"height\":1024,\"mime-type\":\"image\\\/jpeg\",\"filesize\":266197},\"2048x2048\":{\"file\":\"HF_eb00061823-scaled-2048x1366.jpg\",\"width\":2048,\"height\":1366,\"mime-type\":\"image\\\/jpeg\",\"filesize\":430206},\"original\":{\"file\":\"HF_eb00061823-scaled.jpg\",\"width\":2560,\"height\":1707}},\n\t\t\t\t\"alt\" : \"The brightly lit foyer and the Infopoint, DJ booth, the Cosmograph media tower and many visitors milling about\",\n\t\t\t\t\"path\" : \"\\\/wp-content\\\/uploads\\\/2020\\\/04\\\/\",\n\t\t\t\t\"video\" : null,\n\t\t\t\t\"autoplay\" : null,\n\t\t\t\t\"youtube\" : null,\n\t\t\t\t\"youtubelabel\" : \"Play video\",\n\t\t\t\t\"brightness\" : \"70\",\n\t\t\t\t\"crop\" : {\"top\":\"90.17\",\"left\":\"40.27\"},\n\t\t\t\t\"background\" : true,\n\t\t\t\t\"scale\" : 2\t\t\t\t}\n\t\t\t<\/script>\n\n\t\t\t<div class=\"height-container\" style=\"padding-bottom:66.6796875%;\" v-if=\"sizes\">\n\t\t\t\t\t\t\t\t<lazy-media :inline=\"true\" :alt=\"alt\" :sizes=\"sizes\" :scale=\"scale\" :brightness=\"brightness\" :path=\"path\" :video=\"video\" :autoplay=\"autoplay\" :youtube=\"youtube\" :crop=\"crop\" :youtubelabel=\"youtubelabel\" :background=\"background\" media-id=\"desc_media_69ee1c8554741\"><\/lazy-media>\n\t\t\t\t\t\t\t<\/div>\n\n\t\t\t\t\t\t\t<figcaption class=\"sr-only\" ref=\"body\" id=\"desc_media_69ee1c8554741\">\n\t\t\t\t\t\t\t\t\t\t\t<div>In the Humboldt Forum&#039;s foyer there is a 17 meter high media tower, called &quot;cosmograph&quot;. It gives visitors comprehensive information about their visit and can transform into an art and light installation.<\/div>\n\t\t\t\t\t\t\t\t\t\t\t\t\t\t\t\t\t\t\t\t\t<div class=\"insignificant\">\u00a9 SHF \/ David von Becker<\/div>\n\t\t\t\t\t\t\t\t\t<\/figcaption>\n\t\t\t\t\t<\/figure>\n\t<\/lazy-media-inline>\n\t\t\t\t\t\t<\/div>\n\t\t\t\t\t\t<div class=\"teaser-content \">\n\t\t\t\t\t\t\t<div>\n\t\t\t\t\t\t\t\t\t\t\t\t\t\t\t\t<div class=\"teaser-header\"><span class=\"h3\">Stay up to date.<\/span><\/div>\n\t\t\t\t\t\t\t\t<div class=\"teaser-subline\"><span class=\"font-decoration\">Subscribe to our newsletter<\/span><\/div>\t\t\t\t\t\t\t\t<button tabindex=\"-1\" class=\"border\">Click here<\/button>\n\t\t\t\t\t\t\t<\/div>\n\t\t\t\t\t\t<\/div>\n\t\t\t\t\t<\/a>\n\t\t\t\t<\/div>\n\t\t\t<\/div>\n\t\t<\/div>\n\t<\/div>\n<\/section>\n","protected":false},"excerpt":{"rendered":"","protected":false},"author":78,"featured_media":136269,"parent":0,"menu_order":0,"comment_status":"closed","ping_status":"closed","template":"","meta":{"_acf_changed":false,"footnotes":""},"class_list":["post-136321","page","type-page","status-publish","has-post-thumbnail","hentry"],"acf":[],"_links":{"self":[{"href":"https:\/\/www.humboldtforum.org\/en\/wp-json\/wp\/v2\/pages\/136321","targetHints":{"allow":["GET"]}}],"collection":[{"href":"https:\/\/www.humboldtforum.org\/en\/wp-json\/wp\/v2\/pages"}],"about":[{"href":"https:\/\/www.humboldtforum.org\/en\/wp-json\/wp\/v2\/types\/page"}],"author":[{"embeddable":true,"href":"https:\/\/www.humboldtforum.org\/en\/wp-json\/wp\/v2\/users\/78"}],"replies":[{"embeddable":true,"href":"https:\/\/www.humboldtforum.org\/en\/wp-json\/wp\/v2\/comments?post=136321"}],"version-history":[{"count":10,"href":"https:\/\/www.humboldtforum.org\/en\/wp-json\/wp\/v2\/pages\/136321\/revisions"}],"predecessor-version":[{"id":136998,"href":"https:\/\/www.humboldtforum.org\/en\/wp-json\/wp\/v2\/pages\/136321\/revisions\/136998"}],"wp:featuredmedia":[{"embeddable":true,"href":"https:\/\/www.humboldtforum.org\/en\/wp-json\/wp\/v2\/media\/136269"}],"wp:attachment":[{"href":"https:\/\/www.humboldtforum.org\/en\/wp-json\/wp\/v2\/media?parent=136321"}],"curies":[{"name":"wp","href":"https:\/\/api.w.org\/{rel}","templated":true}]}}