{"id":15921,"date":"2020-11-27T07:15:51","date_gmt":"2020-11-27T06:15:51","guid":{"rendered":"https:\/\/www.humboldtforum.org\/?page_id=15921"},"modified":"2026-07-14T17:44:40","modified_gmt":"2026-07-14T15:44:40","slug":"programme-2","status":"publish","type":"page","link":"https:\/\/www.humboldtforum.org\/en\/programme-2\/","title":{"rendered":"Programme"},"content":{"rendered":"<section class=\"block block-taxes block-teaser\">\n\t<teaser-lane-with-buttons inline-template tracking-label=\"Program - Topics\">\n\t<div class=\"teaser-lane-with-buttons\">\n\t\t<div class=\"container-fluid\">\n\t\t\t<div class=\"row middle-xs\">\n\t\t\t\t<div class=\"col-xs-10 col-sm-8\">\n\t\t\t\t<\/div>\n\t\t\t\t<div class=\"col-xs-2 col-sm-4 end-xs margin-bottom-sixth\">\n\t\t\t\t\t<teaser-lane-buttons :visible_prev=\"visible_prev\" :visible_next=\"visible_next\" @prev=\"prev\" @next=\"next\"><\/teaser-lane-buttons>\n\t\t\t\t<\/div>\n\t\t\t<\/div>\n\t\t<\/div>\n\t\t\n\t\t<div class=\"teaser-lane-wrapper\">\n\t\t\t<ul class=\"teaser-lane\">\n\t\t\t\t\t<li class=\"tax-teaser-lane-slide\">\n\t<a href=\"https:\/\/www.humboldtforum.org\/en\/offers\/suitable-for\/groups\/\" class=\"teaser\">\n\t\t<div class=\"tax-teaser tabbed-border \">\n\t\t\t\t\t\t<span>All Visitor groups<\/span>\n\t\t<\/div>\n\t<\/a>\n<\/li>\n\t\t\t\t\t\t<li class=\"tax-teaser-lane-slide\">\n\t<a href=\"https:\/\/www.humboldtforum.org\/en\/offers\/suitable-for\/children\/\" class=\"teaser\">\n\t\t<div class=\"tax-teaser tabbed-border \">\n\t\t\t\t\t\t\t<span class=\"tax-icon icon-alterfreigabe\"><\/span>\n\t\t\t\t\t\t<span>Children &#038; Families<\/span>\n\t\t<\/div>\n\t<\/a>\n<\/li>\n\t\t\t\t\t\t<li class=\"tax-teaser-lane-slide\">\n\t<a href=\"https:\/\/www.humboldtforum.org\/en\/offers\/genre\/guided-tour\/\" class=\"teaser\">\n\t\t<div class=\"tax-teaser tabbed-border tax-teaser-with-icon\">\n\t\t\t\t\t\t\t<img decoding=\"async\" class=\"tax-svg\" src=\"https:\/\/www.humboldtforum.org\/wp-content\/uploads\/2021\/07\/Guided-Tour-1.svg\" alt=\"Symbol\" >\n\t\t\t\t\t\t\t<span>Guided tours<\/span>\n\t\t<\/div>\n\t<\/a>\n<\/li>\n\t\t\t\t\t\t<li class=\"tax-teaser-lane-slide\">\n\t<a href=\"https:\/\/www.humboldtforum.org\/en\/offers\/suitable-for\/k-13-school-groups\/\" class=\"teaser\">\n\t\t<div class=\"tax-teaser tabbed-border \">\n\t\t\t\t\t\t<span>K\u201313 School Groups<\/span>\n\t\t<\/div>\n\t<\/a>\n<\/li>\n\t\t\t\t\t\t<li class=\"tax-teaser-lane-slide\">\n\t<a href=\"https:\/\/www.humboldtforum.org\/en\/offers\/genre\/exhibition\/\" class=\"teaser\">\n\t\t<div class=\"tax-teaser tabbed-border \">\n\t\t\t\t\t\t<span>Exhibition<\/span>\n\t\t<\/div>\n\t<\/a>\n<\/li>\n\t\t\t\t\t\t<\/ul>\n\t\t\t<\/div>\n\t\t<\/div>\n\t<\/teaser-lane-with-buttons>\n<\/section>\n\n<section class=\"block block-teaser col-lane \" style=\"\">\n\t<lazy-component :fixed-min-height=\"400\">\n\t\n\t\t\t\t\t<teaser-lane-with-buttons inline-template tracking-label=\"exhibitions\">\n\t\t\t\t<div class=\"teaser-lane-with-buttons\">\n\t\t\t\t\t<div class=\"container-fluid\">\n\t\t\t\t\t\t<div class=\"row bottom-xs\">\n\t\t\t\t\t\t\t<div class=\"col-xs-12 col-md-8\">\n\t\t\t\t\t\t\t\t\t\t\t\t\t\t\t\t\t<h4>exhibitions<\/h4>\t\t\t\t\t\t\t\t\t\t\t\t\t\t\t\t\t\t\t\t\t\t\t\t<\/div>\n\t\t\t\t\t\t\t<div class=\"col-xs-12 col-md-4 start-xs end-md margin-bottom-sixth teaser-lane-buttons-wrapper teaser-lane-buttons-wrapper-with-tax\">\n\t\t\t\t\t\t\t\t<a href=\"https:\/\/www.humboldtforum.org\/en\/offers\/genre\/exhibition\/\" class=\"normalcase small noborder\" role=\"button\">Show all (22)<\/a>\t\t\t\t\t\t\t\t<teaser-lane-buttons :visible_prev=\"visible_prev\" :visible_next=\"visible_next\" @prev=\"prev\" @next=\"next\"><\/teaser-lane-buttons>\n\t\t\t\t\t\t\t<\/div>\n\t\t\t\t\t\t<\/div>\n\t\t\t\t\t<\/div>\n\t\t\t\t\t<div class=\"teaser-lane-wrapper\">\n\t\t\t\t\t\t<ul class=\"teaser-lane\">\n\t\t\t\t\t\t\t\t\t\t\t\t\t\t<li class=\"teaser-lane-slide col-xs-9 col-sm-4 col-md-3 teaser-wrapper col-padding-remove\">\n\t<calendarteaser key=\"164457608\" rawitem='{&quot;postId&quot;:16445,&quot;title&quot;:&quot;Sculpture Hall&quot;,&quot;excerpt&quot;:&quot;Up close: explore the historic sculptures of the Berlin Palace. On display here are fragments of the Palace from several centuries. Many of them were part of the Baroque facade decoration designed by the palace architect Andreas Schl\\u00fcter (1634\\u20131714).&quot;,&quot;slug&quot;:&quot;sculpture-hall&quot;,&quot;post_date&quot;:&quot;2020-10-22T08:49&quot;,&quot;type&quot;:&quot;event-permanent&quot;,&quot;permalink&quot;:&quot;https:\\\/\\\/www.humboldtforum.org\\\/en\\\/programm\\\/dauerangebot\\\/exhibition\\\/sculpture-hall-16445\\\/&quot;,&quot;genre&quot;:[552],&quot;genre_details&quot;:[{&quot;text&quot;:&quot;Exhibition&quot;,&quot;id&quot;:552,&quot;icon&quot;:null,&quot;parent&quot;:0}],&quot;topic&quot;:[590],&quot;topic_details&quot;:[{&quot;text&quot;:&quot;History and Architecture of the Site&quot;,&quot;id&quot;:590,&quot;icon&quot;:null,&quot;parent&quot;:0}],&quot;stakeholder&quot;:[595],&quot;stakeholder_details&quot;:[{&quot;text&quot;:&quot;Stiftung Humboldt Forum im Berliner Schloss&quot;,&quot;id&quot;:595,&quot;icon&quot;:null,&quot;parent&quot;:0}],&quot;editorial&quot;:[1358,614,1359,615],&quot;editorial_details&quot;:[{&quot;text&quot;:&quot;colossal&quot;,&quot;id&quot;:1358,&quot;icon&quot;:null,&quot;parent&quot;:0},{&quot;text&quot;:&quot;historic&quot;,&quot;id&quot;:614,&quot;icon&quot;:null,&quot;parent&quot;:0},{&quot;text&quot;:&quot;historical&quot;,&quot;id&quot;:1359,&quot;icon&quot;:null,&quot;parent&quot;:0},{&quot;text&quot;:&quot;original&quot;,&quot;id&quot;:615,&quot;icon&quot;:null,&quot;parent&quot;:0}],&quot;targetgroup&quot;:[585],&quot;targetgroup_details&quot;:[{&quot;text&quot;:&quot;Adults&quot;,&quot;id&quot;:585,&quot;icon&quot;:null,&quot;parent&quot;:0}],&quot;language&quot;:[580,579],&quot;language_details&quot;:[{&quot;text&quot;:&quot;English&quot;,&quot;id&quot;:580,&quot;icon&quot;:null,&quot;parent&quot;:0},{&quot;text&quot;:&quot;German&quot;,&quot;id&quot;:579,&quot;icon&quot;:null,&quot;parent&quot;:0}],&quot;accessability&quot;:[596],&quot;accessability_details&quot;:[{&quot;text&quot;:&quot;Accessible for wheelchairs&quot;,&quot;id&quot;:596,&quot;icon&quot;:null,&quot;parent&quot;:0}],&quot;place&quot;:[608],&quot;place_details&quot;:{&quot;place&quot;:&quot;Humboldt Forum&quot;,&quot;map&quot;:&quot;Humboldt Forum, Schlossplatz, Berlin&quot;,&quot;room&quot;:&quot;GF, Sculpture Hall&quot;},&quot;icon_overwrite&quot;:&quot;&quot;,&quot;acf&quot;:{&quot;shorturl&quot;:&quot;sculpture-hall&quot;,&quot;subline&quot;:&quot;History of the Site&quot;,&quot;marketing_text&quot;:&quot;Up close: the sculptures of the Berlin Palace&quot;,&quot;highlight_header&quot;:true,&quot;highlight_header_image&quot;:14090,&quot;has_mobile_format&quot;:true,&quot;tipp&quot;:false,&quot;joker&quot;:false,&quot;live&quot;:false,&quot;highlight_header_image_mobile&quot;:14095,&quot;featured_images&quot;:[16172,14357,16178,16180],&quot;display_as_single&quot;:false,&quot;hyphenation&quot;:false,&quot;planning&quot;:{&quot;price&quot;:&quot;Free admission&quot;,&quot;status&quot;:&quot;JOIN&quot;,&quot;info&quot;:&quot;&quot;,&quot;shop&quot;:&quot;&quot;,&quot;can_purchase&quot;:false},&quot;periods&quot;:[{&quot;label&quot;:&quot;&quot;,&quot;dates&quot;:[{&quot;start&quot;:&quot;202107200000&quot;,&quot;end&quot;:&quot;204601020000&quot;,&quot;has_end&quot;:false,&quot;start_HRFSHORT&quot;:&quot;20 Jul 2021&quot;,&quot;start_HRFSHORT_WD&quot;:&quot;Tue, 20 Jul 2021&quot;}],&quot;monday&quot;:[{&quot;start&quot;:&quot;10:30&quot;,&quot;end&quot;:&quot;18:30&quot;,&quot;closed&quot;:false}],&quot;tuesday&quot;:[{&quot;start&quot;:&quot;10:00&quot;,&quot;end&quot;:&quot;18:00&quot;,&quot;closed&quot;:true}],&quot;wednesday&quot;:[{&quot;start&quot;:&quot;10:30&quot;,&quot;end&quot;:&quot;18:30&quot;,&quot;closed&quot;:false}],&quot;thursday&quot;:[{&quot;start&quot;:&quot;10:30&quot;,&quot;end&quot;:&quot;18:30&quot;,&quot;closed&quot;:false}],&quot;friday&quot;:[{&quot;start&quot;:&quot;10:30&quot;,&quot;end&quot;:&quot;18:30&quot;,&quot;closed&quot;:false}],&quot;saturday&quot;:[{&quot;start&quot;:&quot;10:30&quot;,&quot;end&quot;:&quot;18:30&quot;,&quot;closed&quot;:false}],&quot;sunday&quot;:[{&quot;start&quot;:&quot;10:30&quot;,&quot;end&quot;:&quot;18:30&quot;,&quot;closed&quot;:false}],&quot;info&quot;:&quot;&quot;,&quot;description&quot;:&quot;&quot;}],&quot;period_exception&quot;:[{&quot;label&quot;:&quot;&quot;,&quot;date&quot;:&quot;202404030000&quot;,&quot;closed&quot;:false,&quot;start&quot;:&quot;10:30&quot;,&quot;end&quot;:&quot;13:00&quot;,&quot;date_HRFSHORT&quot;:&quot; 3 Apr 2024&quot;},{&quot;label&quot;:&quot;&quot;,&quot;date&quot;:&quot;202404030000&quot;,&quot;closed&quot;:false,&quot;start&quot;:&quot;17:00&quot;,&quot;end&quot;:&quot;18:30&quot;,&quot;date_HRFSHORT&quot;:&quot; 3 Apr 2024&quot;}],&quot;noindex&quot;:false,&quot;keywords&quot;:&quot;&quot;,&quot;use_opening_hours_of_the_house&quot;:false,&quot;additional_info&quot;:{&quot;icon&quot;:&quot;icon-bullet_active&quot;,&quot;text&quot;:&quot;&quot;},&quot;use_video_in_teasers&quot;:false,&quot;hide_event_in_program&quot;:false,&quot;events&quot;:[146411,75189,160800]},&quot;period_list&quot;:&quot;&lt;strong&gt;Opening hours&lt;\\\/strong&gt;\\nMon, Wed, Thu, Fri, Sat, Sun: 10:30 \\u2013 18:30  \\nTue: closed\\n\\n&quot;,&quot;period_exception&quot;:&quot;&quot;,&quot;date&quot;:{&quot;infinite&quot;:true,&quot;from_DATE&quot;:202107200000,&quot;from&quot;:1626775200,&quot;from_TIME&quot;:&quot;10:00&quot;,&quot;to&quot;:1820200200,&quot;to_DATE&quot;:202709050840,&quot;to_TIME&quot;:&quot;18:30&quot;,&quot;from_HRFSHORT&quot;:&quot;20 Jul 2021&quot;,&quot;from_HRFSHORT_WD&quot;:&quot;Tue, 20 Jul 2021&quot;,&quot;from_HRF&quot;:&quot;Tue, 20 July 2021&quot;,&quot;to_HRF&quot;:&quot;Mon,  6 September 2027&quot;,&quot;to_HRFSHORT&quot;:&quot; 6 Sep 2027&quot;,&quot;to_HRFSHORT_WD&quot;:&quot;Mon,  6 Sep 2027&quot;,&quot;from_to_HRF&quot;:&quot;Tue, 20 July 2021 \\u2013 Mon,  6 September 2027&quot;,&quot;from_to_HRFSHORT&quot;:&quot;20 Jul 2021 \\u2013  6 Sep 2027&quot;,&quot;NXX&quot;:&quot;202609050840&quot;,&quot;NLAST&quot;:&quot;202709060310&quot;,&quot;NX&quot;:&quot;20260905&quot;},&quot;alert&quot;:&quot;Highlight&quot;,&quot;partof&quot;:[],&quot;marketing_topic&quot;:&quot;&quot;}' inline-template>\n\t<a href=\"https:\/\/www.humboldtforum.org\/en\/programm\/dauerangebot\/exhibition\/sculpture-hall-16445\/\" class=\"teaser teaser-event-permanent teaser-event-standard\">\n\t\t<div class=\"row\">\n\t\t\t<div class=\"col-xs-12 teaser-event-image\">\n\t\t\t\t<div class=\"teaser-image teaser-image-no-alternate\">\n\t\t\t\t\t\t\t\t\t\t\t\t\t<span class=\"alert\">Highlight<\/span>\n\t\t\t\t\t\t\t\t\t\t\t\n\t<lazy-media-inline inline-template>\n\t\t<figure itemscope itemtype=\"http:\/\/schema.org\/ImageObject\" class=\"lazy-media-inline \" role=\"group\" id=\"media_6a9c896fbad09\" aria-labelledby=\"desc_media_6a9c896fbad09\">\n\t\t\t<script type=\"application\/json\" ref=\"data\">\n\t\t\t\t{\n\t\t\t\t\"sizes\" : {\"medium\":{\"file\":\"Skulpturensaal_95297_mobile-214x300.jpg\",\"width\":214,\"height\":300,\"mime-type\":\"image\\\/jpeg\",\"filesize\":9672},\"thumbnail\":{\"file\":\"Skulpturensaal_95297_mobile-150x150.jpg\",\"width\":150,\"height\":150,\"mime-type\":\"image\\\/jpeg\",\"filesize\":4635},\"small\":{\"file\":\"Skulpturensaal_95297_mobile-314x440.jpg\",\"width\":314,\"height\":440,\"mime-type\":\"image\\\/jpeg\",\"filesize\":17570},\"semi\":{\"file\":\"Skulpturensaal_95297_mobile-414x580.jpg\",\"width\":414,\"height\":580,\"mime-type\":\"image\\\/jpeg\",\"filesize\":26891},\"mobile\":{\"file\":\"Skulpturensaal_95297_mobile-514x720.jpg\",\"width\":514,\"height\":720,\"mime-type\":\"image\\\/jpeg\",\"filesize\":37714},\"original\":{\"file\":\"Skulpturensaal_95297_mobile.jpg\",\"width\":714,\"height\":1000}},\n\t\t\t\t\"alt\" : \"Three figure statues on pedestals symbolizing different activities, set against a neutral background.\",\n\t\t\t\t\"path\" : \"\\\/wp-content\\\/uploads\\\/2020\\\/10\\\/\",\n\t\t\t\t\"video\" : null,\n\t\t\t\t\"autoplay\" : null,\n\t\t\t\t\"youtube\" : null,\n\t\t\t\t\"youtubelabel\" : \"Play video\",\n\t\t\t\t\"brightness\" : 100,\n\t\t\t\t\"crop\" : null,\n\t\t\t\t\"background\" : true,\n\t\t\t\t\"scale\" : 1\t\t\t\t}\n\t\t\t<\/script>\n\n\t\t\t<div class=\"height-container\" style=\"padding-bottom:140.05602240896%;\" v-if=\"sizes\">\n\t\t\t\t\t\t\t\t<lazy-media :inline=\"true\" :alt=\"alt\" :sizes=\"sizes\" :scale=\"scale\" :brightness=\"brightness\" :path=\"path\" :video=\"video\" :autoplay=\"autoplay\" :youtube=\"youtube\" :crop=\"crop\" :youtubelabel=\"youtubelabel\" :background=\"background\" media-id=\"desc_media_6a9c896fbad09\"><\/lazy-media>\n\t\t\t\t\t\t\t<\/div>\n\n\t\t\t\t\t\t\t<figcaption class=\"sr-only\" ref=\"body\" id=\"desc_media_6a9c896fbad09\">\n\t\t\t\t\t\t\t\t\t\t\t<div>Colossal figures at the Sculpture Hall<\/div>\n\t\t\t\t\t\t\t\t\t\t\t\t\t\t\t\t<div>Colossal figures at the Sculpture Hall <\/div>\n\t\t\t\t\t\t\t\t\t\t\t\t\t\t\t\t<div class=\"insignificant\">\u00a9 Stiftung Humboldt Forum im Berliner Schloss \/ David von Becker<\/div>\n\t\t\t\t\t\t\t\t\t<\/figcaption>\n\t\t\t\t\t<\/figure>\n\t<\/lazy-media-inline>\n\t\t\t\t<\/div>\n\t\t\t<\/div>\n\t\t\t<div class=\"col-xs-12 teaser-event-text Infos\">\n\t\t\t\t<div class=\"teaser-event-standard-text\">\n\t\t\t\t\t<div class=\"margin-bottom-atom\">\n\t\t\t\t\t\t<div class=\"subline clamp-1\" v-html=\"maingenre\"><\/div>\n\t\t\t\t\t\t\t\t\t\t\t<\/div>\n\t\t\t\t\n\t\t\t\t\t<strong class=\"margin-bottom-atom\">Sculpture Hall<\/strong>\n\n\t\t\t\t\t\t\t\t\t\t\t<div class=\"\">Up close: the sculptures of the Berlin Palace<\/div>\n\t\t\t\t\t\t\t\t\t<\/div>\n\t\t\t\t<div class=\"teaser-bottom border-bottom\">\n\t\t\t\t<calendardateline :rawitem='item' :show-icon=\"true\"><\/calendardateline>\n\t\t\t\t\t<hr>\n\t\t\t\t<\/div>\n\t\t\t<\/div>\n\t\t<\/div>\n\t<\/a>\n\t<\/calendarteaser>\n<\/li>\n\n<li class=\"teaser-lane-slide col-xs-9 col-sm-4 col-md-3 teaser-wrapper col-padding-remove\">\n\t<calendarteaser key=\"1643121720\" rawitem='{&quot;postId&quot;:16431,&quot;title&quot;:&quot;Palace Cellar&quot;,&quot;excerpt&quot;:&quot;Descend to the historic wall remains of the Berlin Palace. Here you will find the first traces of the site\\u2019s history. The archaeological cellar, the only surviving part of the original Berlin Palace, takes you on a tour from the middle ages to the present day.&quot;,&quot;slug&quot;:&quot;palace-cellar&quot;,&quot;post_date&quot;:&quot;2020-10-22T19:05&quot;,&quot;type&quot;:&quot;event-permanent&quot;,&quot;permalink&quot;:&quot;https:\\\/\\\/www.humboldtforum.org\\\/en\\\/programm\\\/dauerangebot\\\/exhibition\\\/palace-cellar-16431\\\/&quot;,&quot;genre&quot;:[552,1538],&quot;genre_details&quot;:[{&quot;text&quot;:&quot;Exhibition&quot;,&quot;id&quot;:552,&quot;icon&quot;:null,&quot;parent&quot;:0},{&quot;text&quot;:&quot;Must see&quot;,&quot;id&quot;:1538,&quot;icon&quot;:null,&quot;parent&quot;:0}],&quot;topic&quot;:[590],&quot;topic_details&quot;:[{&quot;text&quot;:&quot;History and Architecture of the Site&quot;,&quot;id&quot;:590,&quot;icon&quot;:null,&quot;parent&quot;:0}],&quot;stakeholder&quot;:[595],&quot;stakeholder_details&quot;:[{&quot;text&quot;:&quot;Stiftung Humboldt Forum im Berliner Schloss&quot;,&quot;id&quot;:595,&quot;icon&quot;:null,&quot;parent&quot;:0}],&quot;editorial&quot;:[1359,1356,615,1355,616],&quot;editorial_details&quot;:[{&quot;text&quot;:&quot;historical&quot;,&quot;id&quot;:1359,&quot;icon&quot;:null,&quot;parent&quot;:0},{&quot;text&quot;:&quot;historisch&quot;,&quot;id&quot;:1356,&quot;icon&quot;:null,&quot;parent&quot;:0},{&quot;text&quot;:&quot;original&quot;,&quot;id&quot;:615,&quot;icon&quot;:null,&quot;parent&quot;:0},{&quot;text&quot;:&quot;unerwartet&quot;,&quot;id&quot;:1355,&quot;icon&quot;:null,&quot;parent&quot;:0},{&quot;text&quot;:&quot;unexpected&quot;,&quot;id&quot;:616,&quot;icon&quot;:null,&quot;parent&quot;:0}],&quot;targetgroup&quot;:[585],&quot;targetgroup_details&quot;:[{&quot;text&quot;:&quot;Adults&quot;,&quot;id&quot;:585,&quot;icon&quot;:null,&quot;parent&quot;:0}],&quot;language&quot;:[580,579],&quot;language_details&quot;:[{&quot;text&quot;:&quot;English&quot;,&quot;id&quot;:580,&quot;icon&quot;:null,&quot;parent&quot;:0},{&quot;text&quot;:&quot;German&quot;,&quot;id&quot;:579,&quot;icon&quot;:null,&quot;parent&quot;:0}],&quot;accessability&quot;:[596],&quot;accessability_details&quot;:[{&quot;text&quot;:&quot;Accessible for wheelchairs&quot;,&quot;id&quot;:596,&quot;icon&quot;:null,&quot;parent&quot;:0}],&quot;place&quot;:[606],&quot;place_details&quot;:{&quot;place&quot;:&quot;Humboldt Forum&quot;,&quot;map&quot;:&quot;Humboldt Forum, Schlossplatz, Berlin&quot;,&quot;room&quot;:&quot;Basement&quot;},&quot;icon_overwrite&quot;:&quot;&quot;,&quot;acf&quot;:{&quot;shorturl&quot;:&quot;palace-cellar&quot;,&quot;subline&quot;:&quot;History of the Site&quot;,&quot;marketing_text&quot;:&quot;Descend to the historic wall remains of the Berlin Palace&quot;,&quot;highlight_header&quot;:true,&quot;highlight_header_image&quot;:142337,&quot;has_mobile_format&quot;:false,&quot;tipp&quot;:false,&quot;joker&quot;:false,&quot;live&quot;:false,&quot;display_as_single&quot;:false,&quot;featured_images&quot;:[14884,14878],&quot;hyphenation&quot;:true,&quot;planning&quot;:{&quot;price&quot;:&quot;Free admission&quot;,&quot;status&quot;:&quot;JOIN&quot;,&quot;info&quot;:&quot;Free admission&quot;,&quot;shop&quot;:&quot;&quot;,&quot;can_purchase&quot;:false},&quot;noindex&quot;:false,&quot;keywords&quot;:&quot;&quot;,&quot;use_opening_hours_of_the_house&quot;:true,&quot;additional_info&quot;:{&quot;icon&quot;:&quot;0&quot;,&quot;text&quot;:&quot;&quot;},&quot;use_video_in_teasers&quot;:false,&quot;hide_event_in_program&quot;:false,&quot;periods&quot;:[{&quot;label&quot;:&quot;&quot;,&quot;dates&quot;:[{&quot;start&quot;:&quot;202301020000&quot;,&quot;end&quot;:&quot;202212310000&quot;,&quot;has_end&quot;:false,&quot;start_HRFSHORT&quot;:&quot; 2 Jan 2023&quot;,&quot;start_HRFSHORT_WD&quot;:&quot;Mon,  2 Jan 2023&quot;}],&quot;monday&quot;:[{&quot;start&quot;:&quot;10:30&quot;,&quot;end&quot;:&quot;18:30&quot;,&quot;closed&quot;:false}],&quot;tuesday&quot;:[{&quot;start&quot;:null,&quot;end&quot;:null,&quot;closed&quot;:true}],&quot;wednesday&quot;:[{&quot;start&quot;:&quot;10:30&quot;,&quot;end&quot;:&quot;18:30&quot;,&quot;closed&quot;:false}],&quot;thursday&quot;:[{&quot;start&quot;:&quot;10:30&quot;,&quot;end&quot;:&quot;18:30&quot;,&quot;closed&quot;:false}],&quot;friday&quot;:[{&quot;start&quot;:&quot;10:30&quot;,&quot;end&quot;:&quot;18:30&quot;,&quot;closed&quot;:false}],&quot;saturday&quot;:[{&quot;start&quot;:&quot;10:30&quot;,&quot;end&quot;:&quot;18:30&quot;,&quot;closed&quot;:false}],&quot;sunday&quot;:[{&quot;start&quot;:&quot;10:30&quot;,&quot;end&quot;:&quot;18:30&quot;,&quot;closed&quot;:false}],&quot;info&quot;:&quot;&quot;,&quot;description&quot;:&quot;&quot;}],&quot;events&quot;:[75150],&quot;infotext&quot;:&quot;&quot;,&quot;period_exception&quot;:[{&quot;label&quot;:&quot;&quot;,&quot;date&quot;:&quot;202512240000&quot;,&quot;closed&quot;:true,&quot;start&quot;:null,&quot;end&quot;:null,&quot;date_HRFSHORT&quot;:&quot;24 Dec 2025&quot;},{&quot;label&quot;:&quot;&quot;,&quot;date&quot;:&quot;202512250000&quot;,&quot;closed&quot;:false,&quot;start&quot;:&quot;12:00&quot;,&quot;end&quot;:&quot;18:00&quot;,&quot;date_HRFSHORT&quot;:&quot;25 Dec 2025&quot;},{&quot;label&quot;:&quot;&quot;,&quot;date&quot;:&quot;202412260000&quot;,&quot;closed&quot;:false,&quot;start&quot;:&quot;12:00&quot;,&quot;end&quot;:&quot;18:00&quot;,&quot;date_HRFSHORT&quot;:&quot;26 Dec 2024&quot;},{&quot;label&quot;:&quot;&quot;,&quot;date&quot;:&quot;202512300000&quot;,&quot;closed&quot;:false,&quot;start&quot;:&quot;10:30&quot;,&quot;end&quot;:&quot;18:30&quot;,&quot;date_HRFSHORT&quot;:&quot;30 Dec 2025&quot;},{&quot;label&quot;:&quot;&quot;,&quot;date&quot;:&quot;202512310000&quot;,&quot;closed&quot;:false,&quot;start&quot;:&quot;10:30&quot;,&quot;end&quot;:&quot;16:30&quot;,&quot;date_HRFSHORT&quot;:&quot;31 Dec 2025&quot;},{&quot;label&quot;:&quot;&quot;,&quot;date&quot;:&quot;202601010000&quot;,&quot;closed&quot;:false,&quot;start&quot;:&quot;12:00&quot;,&quot;end&quot;:&quot;18:00&quot;,&quot;date_HRFSHORT&quot;:&quot; 1 Jan 2026&quot;}]},&quot;period_list&quot;:&quot;&lt;strong&gt;Opening hours&lt;\\\/strong&gt;\\nMon, Wed, Thu, Fri, Sat, Sun: 10:30 \\u2013 18:30  \\nTue: closed\\n\\n&quot;,&quot;period_exception&quot;:&quot;&quot;,&quot;date&quot;:{&quot;infinite&quot;:true,&quot;from_DATE&quot;:202301020000,&quot;from&quot;:1672655400,&quot;from_TIME&quot;:&quot;10:30&quot;,&quot;to&quot;:1820200200,&quot;to_DATE&quot;:202709050840,&quot;to_TIME&quot;:&quot;18:30&quot;,&quot;from_HRFSHORT&quot;:&quot; 2 Jan 2023&quot;,&quot;from_HRFSHORT_WD&quot;:&quot;Mon,  2 Jan 2023&quot;,&quot;from_HRF&quot;:&quot;Mon,  2 January 2023&quot;,&quot;to_HRF&quot;:&quot;Mon,  6 September 2027&quot;,&quot;to_HRFSHORT&quot;:&quot; 6 Sep 2027&quot;,&quot;to_HRFSHORT_WD&quot;:&quot;Mon,  6 Sep 2027&quot;,&quot;from_to_HRF&quot;:&quot;Mon,  2 January 2023 \\u2013 Mon,  6 September 2027&quot;,&quot;from_to_HRFSHORT&quot;:&quot; 2 Jan 2023 \\u2013  6 Sep 2027&quot;,&quot;NXX&quot;:&quot;202609050840&quot;,&quot;NLAST&quot;:&quot;202709060310&quot;,&quot;NX&quot;:&quot;20260905&quot;},&quot;alert&quot;:&quot;Highlight&quot;,&quot;partof&quot;:[],&quot;marketing_topic&quot;:&quot;&quot;}' inline-template>\n\t<a href=\"https:\/\/www.humboldtforum.org\/en\/programm\/dauerangebot\/exhibition\/palace-cellar-16431\/\" class=\"teaser teaser-event-permanent teaser-event-standard\">\n\t\t<div class=\"row\">\n\t\t\t<div class=\"col-xs-12 teaser-event-image\">\n\t\t\t\t<div class=\"teaser-image teaser-image-no-alternate\">\n\t\t\t\t\t\t\t\t\t\t\t\t\t<span class=\"alert\">Highlight<\/span>\n\t\t\t\t\t\t\t\t\t\t\t\n\t<lazy-media-inline inline-template>\n\t\t<figure itemscope itemtype=\"http:\/\/schema.org\/ImageObject\" class=\"lazy-media-inline \" role=\"group\" id=\"media_6a9c896fbd795\" aria-labelledby=\"desc_media_6a9c896fbd795\">\n\t\t\t<script type=\"application\/json\" ref=\"data\">\n\t\t\t\t{\n\t\t\t\t\"sizes\" : {\"medium\":{\"file\":\"SHF_eb00112679-300x225.jpg\",\"width\":300,\"height\":225,\"mime-type\":\"image\\\/jpeg\",\"filesize\":17829},\"large\":{\"file\":\"SHF_eb00112679-1024x768.jpg\",\"width\":1024,\"height\":768,\"mime-type\":\"image\\\/jpeg\",\"filesize\":152677},\"thumbnail\":{\"file\":\"SHF_eb00112679-150x150.jpg\",\"width\":150,\"height\":150,\"mime-type\":\"image\\\/jpeg\",\"filesize\":7052},\"medium_large\":{\"file\":\"SHF_eb00112679-768x576.jpg\",\"width\":768,\"height\":576,\"mime-type\":\"image\\\/jpeg\",\"filesize\":91072},\"small\":{\"file\":\"SHF_eb00112679-440x330.jpg\",\"width\":440,\"height\":330,\"mime-type\":\"image\\\/jpeg\",\"filesize\":34336},\"semi\":{\"file\":\"SHF_eb00112679-580x435.jpg\",\"width\":580,\"height\":435,\"mime-type\":\"image\\\/jpeg\",\"filesize\":55992},\"mobile\":{\"file\":\"SHF_eb00112679-720x540.jpg\",\"width\":720,\"height\":540,\"mime-type\":\"image\\\/jpeg\",\"filesize\":81597},\"hd\":{\"file\":\"SHF_eb00112679-1280x960.jpg\",\"width\":1280,\"height\":960,\"mime-type\":\"image\\\/jpeg\",\"filesize\":228603},\"full\":{\"file\":\"SHF_eb00112679-1920x1440.jpg\",\"width\":1920,\"height\":1440,\"mime-type\":\"image\\\/jpeg\",\"filesize\":481658},\"xxl\":{\"file\":\"SHF_eb00112679-4048x3037.jpg\",\"width\":4048,\"height\":3037,\"mime-type\":\"image\\\/jpeg\",\"filesize\":1955811},\"1536x1536\":{\"file\":\"SHF_eb00112679-1536x1152.jpg\",\"width\":1536,\"height\":1152,\"mime-type\":\"image\\\/jpeg\",\"filesize\":318994},\"2048x2048\":{\"file\":\"SHF_eb00112679-2048x1536.jpg\",\"width\":2048,\"height\":1536,\"mime-type\":\"image\\\/jpeg\",\"filesize\":542017},\"original\":{\"file\":\"SHF_eb00112679.jpg\",\"width\":11608,\"height\":8708}},\n\t\t\t\t\"alt\" : \"Archaeological excavations in a museum room with historical photographs in the background.\",\n\t\t\t\t\"path\" : \"\\\/wp-content\\\/uploads\\\/2020\\\/10\\\/\",\n\t\t\t\t\"video\" : null,\n\t\t\t\t\"autoplay\" : null,\n\t\t\t\t\"youtube\" : null,\n\t\t\t\t\"youtubelabel\" : \"Play video\",\n\t\t\t\t\"brightness\" : 100,\n\t\t\t\t\"crop\" : null,\n\t\t\t\t\"background\" : true,\n\t\t\t\t\"scale\" : 1\t\t\t\t}\n\t\t\t<\/script>\n\n\t\t\t<div class=\"height-container\" style=\"padding-bottom:75.017229496899%;\" v-if=\"sizes\">\n\t\t\t\t\t\t\t\t<lazy-media :inline=\"true\" :alt=\"alt\" :sizes=\"sizes\" :scale=\"scale\" :brightness=\"brightness\" :path=\"path\" :video=\"video\" :autoplay=\"autoplay\" :youtube=\"youtube\" :crop=\"crop\" :youtubelabel=\"youtubelabel\" :background=\"background\" media-id=\"desc_media_6a9c896fbd795\"><\/lazy-media>\n\t\t\t\t\t\t\t<\/div>\n\n\t\t\t\t\t\t\t<figcaption class=\"sr-only\" ref=\"body\" id=\"desc_media_6a9c896fbd795\">\n\t\t\t\t\t\t\t\t\t\t\t\t\t\t\t\t\t\t\t\t\t<div class=\"insignificant\">\u00a9 Stiftung Humboldt Forum im Berliner Schloss, Foto: Alexander Schippel<\/div>\n\t\t\t\t\t\t\t\t\t<\/figcaption>\n\t\t\t\t\t<\/figure>\n\t<\/lazy-media-inline>\n\t\t\t\t<\/div>\n\t\t\t<\/div>\n\t\t\t<div class=\"col-xs-12 teaser-event-text Infos\">\n\t\t\t\t<div class=\"teaser-event-standard-text\">\n\t\t\t\t\t<div class=\"margin-bottom-atom\">\n\t\t\t\t\t\t<div class=\"subline clamp-1\" v-html=\"maingenre\"><\/div>\n\t\t\t\t\t\t\t\t\t\t\t<\/div>\n\t\t\t\t\n\t\t\t\t\t<strong class=\"margin-bottom-atom\">Palace Cellar<\/strong>\n\n\t\t\t\t\t\t\t\t\t\t\t<div class=\"\">Descend to the historic wall remains of the Berlin Palace<\/div>\n\t\t\t\t\t\t\t\t\t<\/div>\n\t\t\t\t<div class=\"teaser-bottom border-bottom\">\n\t\t\t\t<calendardateline :rawitem='item' :show-icon=\"true\"><\/calendardateline>\n\t\t\t\t\t<hr>\n\t\t\t\t<\/div>\n\t\t\t<\/div>\n\t\t<\/div>\n\t<\/a>\n\t<\/calendarteaser>\n<\/li>\n\n<li class=\"teaser-lane-slide col-xs-9 col-sm-4 col-md-3 teaser-wrapper col-padding-remove\">\n\t<calendarteaser key=\"1642810047\" rawitem='{&quot;postId&quot;:16428,&quot;title&quot;:&quot;Flashbacks&quot;,&quot;excerpt&quot;:&quot;Thirty-six objects are distributed throughout the entire Humboldt Forum, recalling important events and past uses as well as unusual and everyday moments in the history of the site.&quot;,&quot;slug&quot;:&quot;flashbacks&quot;,&quot;post_date&quot;:&quot;2020-10-23T15:02&quot;,&quot;type&quot;:&quot;event-permanent&quot;,&quot;permalink&quot;:&quot;https:\\\/\\\/www.humboldtforum.org\\\/en\\\/programm\\\/dauerangebot\\\/exhibition\\\/flashbacks-16428\\\/&quot;,&quot;genre&quot;:[552],&quot;genre_details&quot;:[{&quot;text&quot;:&quot;Exhibition&quot;,&quot;id&quot;:552,&quot;icon&quot;:null,&quot;parent&quot;:0}],&quot;topic&quot;:[590],&quot;topic_details&quot;:[{&quot;text&quot;:&quot;History and Architecture of the Site&quot;,&quot;id&quot;:590,&quot;icon&quot;:null,&quot;parent&quot;:0}],&quot;stakeholder&quot;:[595],&quot;stakeholder_details&quot;:[{&quot;text&quot;:&quot;Stiftung Humboldt Forum im Berliner Schloss&quot;,&quot;id&quot;:595,&quot;icon&quot;:null,&quot;parent&quot;:0}],&quot;editorial&quot;:[614,1359,616,799],&quot;editorial_details&quot;:[{&quot;text&quot;:&quot;historic&quot;,&quot;id&quot;:614,&quot;icon&quot;:null,&quot;parent&quot;:0},{&quot;text&quot;:&quot;historical&quot;,&quot;id&quot;:1359,&quot;icon&quot;:null,&quot;parent&quot;:0},{&quot;text&quot;:&quot;unexpected&quot;,&quot;id&quot;:616,&quot;icon&quot;:null,&quot;parent&quot;:0},{&quot;text&quot;:&quot;varied&quot;,&quot;id&quot;:799,&quot;icon&quot;:null,&quot;parent&quot;:0}],&quot;language&quot;:[580,579],&quot;language_details&quot;:[{&quot;text&quot;:&quot;English&quot;,&quot;id&quot;:580,&quot;icon&quot;:null,&quot;parent&quot;:0},{&quot;text&quot;:&quot;German&quot;,&quot;id&quot;:579,&quot;icon&quot;:null,&quot;parent&quot;:0}],&quot;accessability&quot;:[596],&quot;accessability_details&quot;:[{&quot;text&quot;:&quot;Accessible for wheelchairs&quot;,&quot;id&quot;:596,&quot;icon&quot;:null,&quot;parent&quot;:0}],&quot;icon_overwrite&quot;:&quot;&quot;,&quot;acf&quot;:{&quot;shorturl&quot;:&quot;flashbacks&quot;,&quot;subline&quot;:&quot;History of the Site&quot;,&quot;marketing_text&quot;:&quot;Discover 36 history flashbacks throughout the Humboldt Forum&quot;,&quot;highlight_header&quot;:false,&quot;featured_images&quot;:[16197,116831],&quot;tipp&quot;:false,&quot;joker&quot;:false,&quot;live&quot;:false,&quot;display_as_single&quot;:false,&quot;hyphenation&quot;:false,&quot;planning&quot;:{&quot;price&quot;:&quot;EUR 0 \\u2013 exhibition ticket partially required&quot;,&quot;status&quot;:&quot;JOIN&quot;,&quot;info&quot;:&quot;EUR 0 \\u2013 exhibition ticket partially required&quot;,&quot;shop&quot;:&quot;&quot;,&quot;can_purchase&quot;:false},&quot;periods&quot;:[{&quot;label&quot;:&quot;&quot;,&quot;dates&quot;:[{&quot;start&quot;:&quot;202301020000&quot;,&quot;end&quot;:&quot;202212310000&quot;,&quot;has_end&quot;:false,&quot;start_HRFSHORT&quot;:&quot; 2 Jan 2023&quot;,&quot;start_HRFSHORT_WD&quot;:&quot;Mon,  2 Jan 2023&quot;}],&quot;monday&quot;:[{&quot;start&quot;:&quot;10:30&quot;,&quot;end&quot;:&quot;18:30&quot;,&quot;closed&quot;:false}],&quot;tuesday&quot;:[{&quot;start&quot;:null,&quot;end&quot;:null,&quot;closed&quot;:true}],&quot;wednesday&quot;:[{&quot;start&quot;:&quot;10:30&quot;,&quot;end&quot;:&quot;18:30&quot;,&quot;closed&quot;:false}],&quot;thursday&quot;:[{&quot;start&quot;:&quot;10:30&quot;,&quot;end&quot;:&quot;18:30&quot;,&quot;closed&quot;:false}],&quot;friday&quot;:[{&quot;start&quot;:&quot;10:30&quot;,&quot;end&quot;:&quot;18:30&quot;,&quot;closed&quot;:false}],&quot;saturday&quot;:[{&quot;start&quot;:&quot;10:30&quot;,&quot;end&quot;:&quot;18:30&quot;,&quot;closed&quot;:false}],&quot;sunday&quot;:[{&quot;start&quot;:&quot;10:30&quot;,&quot;end&quot;:&quot;18:30&quot;,&quot;closed&quot;:false}],&quot;info&quot;:&quot;&quot;,&quot;description&quot;:&quot;&quot;}],&quot;period_exception&quot;:[{&quot;label&quot;:&quot;New Year&#039;s Eve&quot;,&quot;date&quot;:&quot;202012310000&quot;,&quot;closed&quot;:false,&quot;start&quot;:null,&quot;end&quot;:null,&quot;date_HRFSHORT&quot;:&quot;31 Dec 2020&quot;},{&quot;label&quot;:&quot;&quot;,&quot;date&quot;:&quot;202512240000&quot;,&quot;closed&quot;:true,&quot;start&quot;:null,&quot;end&quot;:null,&quot;date_HRFSHORT&quot;:&quot;24 Dec 2025&quot;},{&quot;label&quot;:&quot;&quot;,&quot;date&quot;:&quot;202512250000&quot;,&quot;closed&quot;:false,&quot;start&quot;:&quot;12:00&quot;,&quot;end&quot;:&quot;18:00&quot;,&quot;date_HRFSHORT&quot;:&quot;25 Dec 2025&quot;},{&quot;label&quot;:&quot;&quot;,&quot;date&quot;:&quot;202412260000&quot;,&quot;closed&quot;:false,&quot;start&quot;:&quot;12:00&quot;,&quot;end&quot;:&quot;18:00&quot;,&quot;date_HRFSHORT&quot;:&quot;26 Dec 2024&quot;},{&quot;label&quot;:&quot;&quot;,&quot;date&quot;:&quot;202512300000&quot;,&quot;closed&quot;:false,&quot;start&quot;:&quot;10:30&quot;,&quot;end&quot;:&quot;18:30&quot;,&quot;date_HRFSHORT&quot;:&quot;30 Dec 2025&quot;},{&quot;label&quot;:&quot;&quot;,&quot;date&quot;:&quot;202512310000&quot;,&quot;closed&quot;:false,&quot;start&quot;:&quot;10:30&quot;,&quot;end&quot;:&quot;16:30&quot;,&quot;date_HRFSHORT&quot;:&quot;31 Dec 2025&quot;},{&quot;label&quot;:&quot;&quot;,&quot;date&quot;:&quot;202601010000&quot;,&quot;closed&quot;:false,&quot;start&quot;:&quot;12:00&quot;,&quot;end&quot;:&quot;18:00&quot;,&quot;date_HRFSHORT&quot;:&quot; 1 Jan 2026&quot;}],&quot;noindex&quot;:false,&quot;keywords&quot;:&quot;&quot;,&quot;use_opening_hours_of_the_house&quot;:true,&quot;additional_info&quot;:{&quot;icon&quot;:&quot;0&quot;,&quot;text&quot;:&quot;&quot;},&quot;use_video_in_teasers&quot;:false,&quot;hide_event_in_program&quot;:false},&quot;period_list&quot;:&quot;&lt;strong&gt;Opening hours&lt;\\\/strong&gt;\\nMon, Wed, Thu, Fri, Sat, Sun: 10:30 \\u2013 18:30  \\nTue: closed\\n\\n&quot;,&quot;period_exception&quot;:&quot;&quot;,&quot;date&quot;:{&quot;infinite&quot;:true,&quot;from_DATE&quot;:202301020000,&quot;from&quot;:1672655400,&quot;from_TIME&quot;:&quot;10:30&quot;,&quot;to&quot;:1820200200,&quot;to_DATE&quot;:202709050840,&quot;to_TIME&quot;:&quot;18:30&quot;,&quot;from_HRFSHORT&quot;:&quot; 2 Jan 2023&quot;,&quot;from_HRFSHORT_WD&quot;:&quot;Mon,  2 Jan 2023&quot;,&quot;from_HRF&quot;:&quot;Mon,  2 January 2023&quot;,&quot;to_HRF&quot;:&quot;Mon,  6 September 2027&quot;,&quot;to_HRFSHORT&quot;:&quot; 6 Sep 2027&quot;,&quot;to_HRFSHORT_WD&quot;:&quot;Mon,  6 Sep 2027&quot;,&quot;from_to_HRF&quot;:&quot;Mon,  2 January 2023 \\u2013 Mon,  6 September 2027&quot;,&quot;from_to_HRFSHORT&quot;:&quot; 2 Jan 2023 \\u2013  6 Sep 2027&quot;,&quot;NXX&quot;:&quot;202609050840&quot;,&quot;NLAST&quot;:&quot;202709060310&quot;,&quot;NX&quot;:&quot;20260905&quot;},&quot;alert&quot;:null,&quot;partof&quot;:[],&quot;marketing_topic&quot;:&quot;&quot;}' inline-template>\n\t<a href=\"https:\/\/www.humboldtforum.org\/en\/programm\/dauerangebot\/exhibition\/flashbacks-16428\/\" class=\"teaser teaser-event-permanent teaser-event-standard\">\n\t\t<div class=\"row\">\n\t\t\t<div class=\"col-xs-12 teaser-event-image\">\n\t\t\t\t<div class=\"teaser-image teaser-image-no-alternate\">\n\t\t\t\t\t\t\t\t\t\t\t\n\t<lazy-media-inline inline-template>\n\t\t<figure itemscope itemtype=\"http:\/\/schema.org\/ImageObject\" class=\"lazy-media-inline \" role=\"group\" id=\"media_6a9c896fbf486\" aria-labelledby=\"desc_media_6a9c896fbf486\">\n\t\t\t<script type=\"application\/json\" ref=\"data\">\n\t\t\t\t{\n\t\t\t\t\"sizes\" : {\"medium\":{\"file\":\"SHF_eb00062405-300x264.jpg\",\"width\":300,\"height\":264,\"mime-type\":\"image\\\/jpeg\"},\"large\":{\"file\":\"SHF_eb00062405-1024x903.jpg\",\"width\":1024,\"height\":903,\"mime-type\":\"image\\\/jpeg\"},\"thumbnail\":{\"file\":\"SHF_eb00062405-150x150.jpg\",\"width\":150,\"height\":150,\"mime-type\":\"image\\\/jpeg\"},\"medium_large\":{\"file\":\"SHF_eb00062405-768x677.jpg\",\"width\":768,\"height\":677,\"mime-type\":\"image\\\/jpeg\"},\"small\":{\"file\":\"SHF_eb00062405-440x388.jpg\",\"width\":440,\"height\":388,\"mime-type\":\"image\\\/jpeg\"},\"semi\":{\"file\":\"SHF_eb00062405-580x511.jpg\",\"width\":580,\"height\":511,\"mime-type\":\"image\\\/jpeg\"},\"mobile\":{\"file\":\"SHF_eb00062405-720x635.jpg\",\"width\":720,\"height\":635,\"mime-type\":\"image\\\/jpeg\"},\"hd\":{\"file\":\"SHF_eb00062405-1280x1128.jpg\",\"width\":1280,\"height\":1128,\"mime-type\":\"image\\\/jpeg\"},\"full\":{\"file\":\"SHF_eb00062405-1920x1692.jpg\",\"width\":1920,\"height\":1692,\"mime-type\":\"image\\\/jpeg\"},\"1536x1536\":{\"file\":\"SHF_eb00062405-1536x1354.jpg\",\"width\":1536,\"height\":1354,\"mime-type\":\"image\\\/jpeg\"},\"original\":{\"file\":\"SHF_eb00062405.jpg\",\"width\":2000,\"height\":1763}},\n\t\t\t\t\"alt\" : \"Model of a silver ship with detailed sails and fine decorations.\",\n\t\t\t\t\"path\" : \"\\\/wp-content\\\/uploads\\\/2020\\\/10\\\/\",\n\t\t\t\t\"video\" : null,\n\t\t\t\t\"autoplay\" : null,\n\t\t\t\t\"youtube\" : null,\n\t\t\t\t\"youtubelabel\" : \"Play video\",\n\t\t\t\t\"brightness\" : 100,\n\t\t\t\t\"crop\" : {\"top\":\"40.00\",\"left\":\"50.00\"},\n\t\t\t\t\"background\" : true,\n\t\t\t\t\"scale\" : 2\t\t\t\t}\n\t\t\t<\/script>\n\n\t\t\t<div class=\"height-container\" style=\"padding-bottom:88.15%;\" v-if=\"sizes\">\n\t\t\t\t\t\t\t\t<lazy-media :inline=\"true\" :alt=\"alt\" :sizes=\"sizes\" :scale=\"scale\" :brightness=\"brightness\" :path=\"path\" :video=\"video\" :autoplay=\"autoplay\" :youtube=\"youtube\" :crop=\"crop\" :youtubelabel=\"youtubelabel\" :background=\"background\" media-id=\"desc_media_6a9c896fbf486\"><\/lazy-media>\n\t\t\t\t\t\t\t<\/div>\n\n\t\t\t\t\t\t\t<figcaption class=\"sr-only\" ref=\"body\" id=\"desc_media_6a9c896fbf486\">\n\t\t\t\t\t\t\t\t\t\t\t<div>Silver model of the flagship &quot;HMS Victory&quot; for Kaiser Wilhelm II, c. 1906.<\/div>\n\t\t\t\t\t\t\t\t\t\t\t\t\t\t\t\t\t\t\t\t\t<div class=\"insignificant\">\u00a9 Modell der HMS Victory aus dem Berliner Schloss, HM 5063 \/ Stiftung Hohenzollernscher Kunstbesitz \/ \u00a9 Stiftung Preu\u00dfische Schl\u00f6sser und G\u00e4rten Berlin-Brandenburg \/ Stiftung Humboldt Forum im Berliner Schloss, Foto: Philipp Jester | Jens Blank<\/div>\n\t\t\t\t\t\t\t\t\t<\/figcaption>\n\t\t\t\t\t<\/figure>\n\t<\/lazy-media-inline>\n\t\t\t\t<\/div>\n\t\t\t<\/div>\n\t\t\t<div class=\"col-xs-12 teaser-event-text Infos\">\n\t\t\t\t<div class=\"teaser-event-standard-text\">\n\t\t\t\t\t<div class=\"margin-bottom-atom\">\n\t\t\t\t\t\t<div class=\"subline clamp-1\" v-html=\"maingenre\"><\/div>\n\t\t\t\t\t\t\t\t\t\t\t<\/div>\n\t\t\t\t\n\t\t\t\t\t<strong class=\"margin-bottom-atom\">Flashbacks<\/strong>\n\n\t\t\t\t\t\t\t\t\t\t\t<div class=\"\">Discover 36 history flashbacks throughout the Humboldt Forum<\/div>\n\t\t\t\t\t\t\t\t\t<\/div>\n\t\t\t\t<div class=\"teaser-bottom border-bottom\">\n\t\t\t\t<calendardateline :rawitem='item' :show-icon=\"true\"><\/calendardateline>\n\t\t\t\t\t<hr>\n\t\t\t\t<\/div>\n\t\t\t<\/div>\n\t\t<\/div>\n\t<\/a>\n\t<\/calendarteaser>\n<\/li>\n\n<li class=\"teaser-lane-slide col-xs-9 col-sm-4 col-md-3 teaser-wrapper col-padding-remove\">\n\t<calendarteaser key=\"5163817826\" rawitem='{&quot;postId&quot;:51638,&quot;title&quot;:&quot;Matter(s) of Perspective&quot;,&quot;excerpt&quot;:&quot;&quot;,&quot;slug&quot;:&quot;ansichtssachen&quot;,&quot;post_date&quot;:&quot;2022-08-29T09:21&quot;,&quot;type&quot;:&quot;event-permanent&quot;,&quot;permalink&quot;:&quot;https:\\\/\\\/www.humboldtforum.org\\\/en\\\/programm\\\/dauerangebot\\\/exhibition\\\/ansichtssachen-51638\\\/&quot;,&quot;genre&quot;:[552],&quot;genre_details&quot;:[{&quot;text&quot;:&quot;Exhibition&quot;,&quot;id&quot;:552,&quot;icon&quot;:null,&quot;parent&quot;:0}],&quot;icon_overwrite&quot;:&quot;&quot;,&quot;acf&quot;:{&quot;planning&quot;:{&quot;price&quot;:&quot;9 EUR - Exhibition ticket for Ethnologische Sammlungen und Museum f\\u00fcr Asiatische Kunst required&quot;,&quot;status&quot;:&quot;BUY&quot;,&quot;info&quot;:&quot;9 EUR - Exhibition ticket for Ethnologische Sammlungen und Museum f\\u00fcr Asiatische Kunst required&quot;,&quot;shop&quot;:&quot;https:\\\/\\\/tickets.humboldtforum.org\\\/#\\\/tickets\\\/time?museum_id=1&amp;exhibition_id=17&amp;group=day&amp;date=2025-10-03&quot;,&quot;can_purchase&quot;:true},&quot;use_opening_hours_of_the_house&quot;:true,&quot;display_as_single&quot;:false,&quot;additional_info&quot;:{&quot;icon&quot;:&quot;icon-ort&quot;,&quot;text&quot;:&quot;2nd floor, room 214&quot;},&quot;highlight_header&quot;:false,&quot;featured_images&quot;:[49343],&quot;use_video_in_teasers&quot;:false,&quot;hyphenation&quot;:true,&quot;tipp&quot;:false,&quot;joker&quot;:false,&quot;live&quot;:false,&quot;hide_event_in_program&quot;:false,&quot;noindex&quot;:false,&quot;keywords&quot;:&quot;&quot;,&quot;shorturl&quot;:&quot;&quot;,&quot;periods&quot;:[{&quot;label&quot;:&quot;&quot;,&quot;dates&quot;:[{&quot;start&quot;:&quot;202301020000&quot;,&quot;end&quot;:&quot;202212310000&quot;,&quot;has_end&quot;:false,&quot;start_HRFSHORT&quot;:&quot; 2 Jan 2023&quot;,&quot;start_HRFSHORT_WD&quot;:&quot;Mon,  2 Jan 2023&quot;}],&quot;monday&quot;:[{&quot;start&quot;:&quot;10:30&quot;,&quot;end&quot;:&quot;18:30&quot;,&quot;closed&quot;:false}],&quot;tuesday&quot;:[{&quot;start&quot;:null,&quot;end&quot;:null,&quot;closed&quot;:true}],&quot;wednesday&quot;:[{&quot;start&quot;:&quot;10:30&quot;,&quot;end&quot;:&quot;18:30&quot;,&quot;closed&quot;:false}],&quot;thursday&quot;:[{&quot;start&quot;:&quot;10:30&quot;,&quot;end&quot;:&quot;18:30&quot;,&quot;closed&quot;:false}],&quot;friday&quot;:[{&quot;start&quot;:&quot;10:30&quot;,&quot;end&quot;:&quot;18:30&quot;,&quot;closed&quot;:false}],&quot;saturday&quot;:[{&quot;start&quot;:&quot;10:30&quot;,&quot;end&quot;:&quot;18:30&quot;,&quot;closed&quot;:false}],&quot;sunday&quot;:[{&quot;start&quot;:&quot;10:30&quot;,&quot;end&quot;:&quot;18:30&quot;,&quot;closed&quot;:false}],&quot;info&quot;:&quot;&quot;,&quot;description&quot;:&quot;&quot;}],&quot;period_exception&quot;:[{&quot;label&quot;:&quot;&quot;,&quot;date&quot;:&quot;202512240000&quot;,&quot;closed&quot;:true,&quot;start&quot;:null,&quot;end&quot;:null,&quot;date_HRFSHORT&quot;:&quot;24 Dec 2025&quot;},{&quot;label&quot;:&quot;&quot;,&quot;date&quot;:&quot;202512250000&quot;,&quot;closed&quot;:false,&quot;start&quot;:&quot;12:00&quot;,&quot;end&quot;:&quot;18:00&quot;,&quot;date_HRFSHORT&quot;:&quot;25 Dec 2025&quot;},{&quot;label&quot;:&quot;&quot;,&quot;date&quot;:&quot;202412260000&quot;,&quot;closed&quot;:false,&quot;start&quot;:&quot;12:00&quot;,&quot;end&quot;:&quot;18:00&quot;,&quot;date_HRFSHORT&quot;:&quot;26 Dec 2024&quot;},{&quot;label&quot;:&quot;&quot;,&quot;date&quot;:&quot;202512300000&quot;,&quot;closed&quot;:false,&quot;start&quot;:&quot;10:30&quot;,&quot;end&quot;:&quot;18:30&quot;,&quot;date_HRFSHORT&quot;:&quot;30 Dec 2025&quot;},{&quot;label&quot;:&quot;&quot;,&quot;date&quot;:&quot;202512310000&quot;,&quot;closed&quot;:false,&quot;start&quot;:&quot;10:30&quot;,&quot;end&quot;:&quot;16:30&quot;,&quot;date_HRFSHORT&quot;:&quot;31 Dec 2025&quot;},{&quot;label&quot;:&quot;&quot;,&quot;date&quot;:&quot;202601010000&quot;,&quot;closed&quot;:false,&quot;start&quot;:&quot;12:00&quot;,&quot;end&quot;:&quot;18:00&quot;,&quot;date_HRFSHORT&quot;:&quot; 1 Jan 2026&quot;}]},&quot;period_list&quot;:&quot;&lt;strong&gt;Opening hours&lt;\\\/strong&gt;\\nMon, Wed, Thu, Fri, Sat, Sun: 10:30 \\u2013 18:30  \\nTue: closed\\n\\n&quot;,&quot;period_exception&quot;:&quot;&quot;,&quot;date&quot;:{&quot;infinite&quot;:true,&quot;from_DATE&quot;:202301020000,&quot;from&quot;:1672655400,&quot;from_TIME&quot;:&quot;10:30&quot;,&quot;to&quot;:1820202120,&quot;to_DATE&quot;:202709050912,&quot;to_TIME&quot;:&quot;18:30&quot;,&quot;from_HRFSHORT&quot;:&quot; 2 Jan 2023&quot;,&quot;from_HRFSHORT_WD&quot;:&quot;Mon,  2 Jan 2023&quot;,&quot;from_HRF&quot;:&quot;Mon,  2 January 2023&quot;,&quot;to_HRF&quot;:&quot;Mon,  6 September 2027&quot;,&quot;to_HRFSHORT&quot;:&quot; 6 Sep 2027&quot;,&quot;to_HRFSHORT_WD&quot;:&quot;Mon,  6 Sep 2027&quot;,&quot;from_to_HRF&quot;:&quot;Mon,  2 January 2023 \\u2013 Mon,  6 September 2027&quot;,&quot;from_to_HRFSHORT&quot;:&quot; 2 Jan 2023 \\u2013  6 Sep 2027&quot;,&quot;NXX&quot;:&quot;202609050912&quot;,&quot;NLAST&quot;:&quot;202709060342&quot;,&quot;NX&quot;:&quot;20260905&quot;},&quot;alert&quot;:null,&quot;partof&quot;:[],&quot;marketing_topic&quot;:&quot;&quot;}' inline-template>\n\t<a href=\"https:\/\/www.humboldtforum.org\/en\/programm\/dauerangebot\/exhibition\/ansichtssachen-51638\/\" class=\"teaser teaser-event-permanent teaser-event-standard\">\n\t\t<div class=\"row\">\n\t\t\t<div class=\"col-xs-12 teaser-event-image\">\n\t\t\t\t<div class=\"teaser-image teaser-image-no-alternate\">\n\t\t\t\t\t\t\t\t\t\t\t\n\t<lazy-media-inline inline-template>\n\t\t<figure itemscope itemtype=\"http:\/\/schema.org\/ImageObject\" class=\"lazy-media-inline \" role=\"group\" id=\"media_6a9c896fc1d9b\" aria-labelledby=\"desc_media_6a9c896fc1d9b\">\n\t\t\t<script type=\"application\/json\" ref=\"data\">\n\t\t\t\t{\n\t\t\t\t\"sizes\" : {\"medium\":{\"file\":\"SHF_eb00119705-300x225.jpg\",\"width\":300,\"height\":225,\"mime-type\":\"image\\\/jpeg\",\"filesize\":19051},\"large\":{\"file\":\"SHF_eb00119705-1024x766.jpg\",\"width\":1024,\"height\":766,\"mime-type\":\"image\\\/jpeg\",\"filesize\":140610},\"thumbnail\":{\"file\":\"SHF_eb00119705-150x150.jpg\",\"width\":150,\"height\":150,\"mime-type\":\"image\\\/jpeg\",\"filesize\":8009},\"medium_large\":{\"file\":\"SHF_eb00119705-768x575.jpg\",\"width\":768,\"height\":575,\"mime-type\":\"image\\\/jpeg\",\"filesize\":90822},\"small\":{\"file\":\"SHF_eb00119705-440x329.jpg\",\"width\":440,\"height\":329,\"mime-type\":\"image\\\/jpeg\",\"filesize\":36405},\"semi\":{\"file\":\"SHF_eb00119705-580x434.jpg\",\"width\":580,\"height\":434,\"mime-type\":\"image\\\/jpeg\",\"filesize\":57614},\"mobile\":{\"file\":\"SHF_eb00119705-720x539.jpg\",\"width\":720,\"height\":539,\"mime-type\":\"image\\\/jpeg\",\"filesize\":82524},\"original\":{\"file\":\"SHF_eb00119705.jpg\",\"width\":1280,\"height\":958}},\n\t\t\t\t\"alt\" : \"Modern gallery with a black open shelf design and minimalist aesthetic in a bright room.\",\n\t\t\t\t\"path\" : \"\\\/wp-content\\\/uploads\\\/2022\\\/08\\\/\",\n\t\t\t\t\"video\" : null,\n\t\t\t\t\"autoplay\" : null,\n\t\t\t\t\"youtube\" : null,\n\t\t\t\t\"youtubelabel\" : \"Play video\",\n\t\t\t\t\"brightness\" : 100,\n\t\t\t\t\"crop\" : null,\n\t\t\t\t\"background\" : true,\n\t\t\t\t\"scale\" : 2\t\t\t\t}\n\t\t\t<\/script>\n\n\t\t\t<div class=\"height-container\" style=\"padding-bottom:74.84375%;\" v-if=\"sizes\">\n\t\t\t\t\t\t\t\t<lazy-media :inline=\"true\" :alt=\"alt\" :sizes=\"sizes\" :scale=\"scale\" :brightness=\"brightness\" :path=\"path\" :video=\"video\" :autoplay=\"autoplay\" :youtube=\"youtube\" :crop=\"crop\" :youtubelabel=\"youtubelabel\" :background=\"background\" media-id=\"desc_media_6a9c896fc1d9b\"><\/lazy-media>\n\t\t\t\t\t\t\t<\/div>\n\n\t\t\t\t\t\t\t<figcaption class=\"sr-only\" ref=\"body\" id=\"desc_media_6a9c896fc1d9b\">\n\t\t\t\t\t\t\t\t\t\t\t\t\t\t\t\t<div>Tempor&auml;re Ausstellung &quot;Ansichtssache(n)&quot; im Ethnologischen Museum <\/div>\n\t\t\t\t\t\t\t\t\t\t\t\t\t\t<\/figcaption>\n\t\t\t\t\t<\/figure>\n\t<\/lazy-media-inline>\n\t\t\t\t<\/div>\n\t\t\t<\/div>\n\t\t\t<div class=\"col-xs-12 teaser-event-text Infos\">\n\t\t\t\t<div class=\"teaser-event-standard-text\">\n\t\t\t\t\t<div class=\"margin-bottom-atom\">\n\t\t\t\t\t\t<div class=\"subline clamp-1\" v-html=\"maingenre\"><\/div>\n\t\t\t\t\t\t\t\t\t\t\t<\/div>\n\t\t\t\t\n\t\t\t\t\t<strong class=\"margin-bottom-atom\">Matter(s) of Perspective<\/strong>\n\n\t\t\t\t\t\t\t\t\t\t\t<div class=\"\"><\/div>\n\t\t\t\t\t\t\t\t\t<\/div>\n\t\t\t\t<div class=\"teaser-bottom border-bottom\">\n\t\t\t\t<calendardateline :rawitem='item' :show-icon=\"true\"><\/calendardateline>\n\t\t\t\t\t<hr>\n\t\t\t\t<\/div>\n\t\t\t<\/div>\n\t\t<\/div>\n\t<\/a>\n\t<\/calendarteaser>\n<\/li>\n\n<li class=\"teaser-lane-slide col-xs-9 col-sm-4 col-md-3 teaser-wrapper col-padding-remove\">\n\t<calendarteaser key=\"14583119057\" rawitem='{&quot;postId&quot;:145831,&quot;title&quot;:&quot;Manatunga&quot;,&quot;excerpt&quot;:&quot;&quot;,&quot;slug&quot;:&quot;manatunga&quot;,&quot;post_date&quot;:&quot;2025-04-30T11:28&quot;,&quot;type&quot;:&quot;event-period&quot;,&quot;permalink&quot;:&quot;https:\\\/\\\/www.humboldtforum.org\\\/en\\\/programm\\\/laufzeitangebot\\\/exhibition\\\/manatunga-145831\\\/&quot;,&quot;genre&quot;:[552],&quot;genre_details&quot;:[{&quot;text&quot;:&quot;Exhibition&quot;,&quot;id&quot;:552,&quot;icon&quot;:null,&quot;parent&quot;:0}],&quot;stakeholder&quot;:[594],&quot;stakeholder_details&quot;:[{&quot;text&quot;:&quot;Staatliche Museen zu Berlin&quot;,&quot;id&quot;:594,&quot;icon&quot;:null,&quot;parent&quot;:0}],&quot;targetgroup&quot;:[585,715],&quot;targetgroup_details&quot;:[{&quot;text&quot;:&quot;Adults&quot;,&quot;id&quot;:585,&quot;icon&quot;:null,&quot;parent&quot;:0},{&quot;text&quot;:&quot;Teenager&quot;,&quot;id&quot;:715,&quot;icon&quot;:null,&quot;parent&quot;:0}],&quot;language&quot;:[580,579],&quot;language_details&quot;:[{&quot;text&quot;:&quot;English&quot;,&quot;id&quot;:580,&quot;icon&quot;:null,&quot;parent&quot;:0},{&quot;text&quot;:&quot;German&quot;,&quot;id&quot;:579,&quot;icon&quot;:null,&quot;parent&quot;:0}],&quot;place&quot;:[1748,1955],&quot;place_details&quot;:{&quot;place&quot;:&quot;Ethnologisches Museum, 2. OG&quot;,&quot;map&quot;:&quot;Humboldt Forum, Schlossplatz, Berlin&quot;,&quot;room&quot;:&quot;&quot;},&quot;icon_overwrite&quot;:&quot;&quot;,&quot;acf&quot;:{&quot;planning&quot;:{&quot;price&quot;:&quot;regular 14 EUR, from 13.7.2026: 9 EUR, exhibition ticket for the Ethnologische Sammlungen und Asiatische Kunst is required&quot;,&quot;status&quot;:&quot;BUY&quot;,&quot;info&quot;:&quot; regular 14 EUR, from 13.7.2026: 9 EUR&quot;,&quot;shop&quot;:&quot;https:\\\/\\\/tickets.humboldtforum.org\\\/#\\\/tickets\\\/time?museum_id=1&amp;exhibition_id=17&amp;group=day&quot;,&quot;can_purchase&quot;:true},&quot;use_opening_hours_of_the_house&quot;:true,&quot;periods&quot;:[{&quot;label&quot;:&quot;&quot;,&quot;dates&quot;:[{&quot;start&quot;:&quot;202301020000&quot;,&quot;end&quot;:&quot;202212310000&quot;,&quot;has_end&quot;:false,&quot;start_HRFSHORT&quot;:&quot; 2 Jan 2023&quot;,&quot;start_HRFSHORT_WD&quot;:&quot;Mon,  2 Jan 2023&quot;}],&quot;monday&quot;:[{&quot;start&quot;:&quot;10:30&quot;,&quot;end&quot;:&quot;18:30&quot;,&quot;closed&quot;:false}],&quot;tuesday&quot;:[{&quot;start&quot;:null,&quot;end&quot;:null,&quot;closed&quot;:true}],&quot;wednesday&quot;:[{&quot;start&quot;:&quot;10:30&quot;,&quot;end&quot;:&quot;18:30&quot;,&quot;closed&quot;:false}],&quot;thursday&quot;:[{&quot;start&quot;:&quot;10:30&quot;,&quot;end&quot;:&quot;18:30&quot;,&quot;closed&quot;:false}],&quot;friday&quot;:[{&quot;start&quot;:&quot;10:30&quot;,&quot;end&quot;:&quot;18:30&quot;,&quot;closed&quot;:false}],&quot;saturday&quot;:[{&quot;start&quot;:&quot;10:30&quot;,&quot;end&quot;:&quot;18:30&quot;,&quot;closed&quot;:false}],&quot;sunday&quot;:[{&quot;start&quot;:&quot;10:30&quot;,&quot;end&quot;:&quot;18:30&quot;,&quot;closed&quot;:false}],&quot;info&quot;:&quot;&quot;,&quot;description&quot;:&quot;&quot;}],&quot;display_as_single&quot;:false,&quot;subline&quot;:&quot;Artistic Interventions by George Nuku&quot;,&quot;additional_info&quot;:{&quot;icon&quot;:&quot;0&quot;,&quot;text&quot;:&quot;&quot;},&quot;highlight_header&quot;:false,&quot;use_video_in_teasers&quot;:false,&quot;hyphenation&quot;:true,&quot;tipp&quot;:false,&quot;joker&quot;:false,&quot;live&quot;:false,&quot;hide_event_in_program&quot;:false,&quot;featured_images&quot;:[145817,145823],&quot;noindex&quot;:false,&quot;keywords&quot;:&quot;&quot;,&quot;shorturl&quot;:&quot;&quot;,&quot;events&quot;:[40461],&quot;overwrite_date&quot;:&quot;Sun, 18 May \\u2013 extended till Fr, 31 August 2026&quot;,&quot;period_exception&quot;:[{&quot;label&quot;:&quot;&quot;,&quot;date&quot;:&quot;202512240000&quot;,&quot;closed&quot;:true,&quot;start&quot;:null,&quot;end&quot;:null,&quot;date_HRFSHORT&quot;:&quot;24 Dec 2025&quot;},{&quot;label&quot;:&quot;&quot;,&quot;date&quot;:&quot;202512250000&quot;,&quot;closed&quot;:false,&quot;start&quot;:&quot;12:00&quot;,&quot;end&quot;:&quot;18:00&quot;,&quot;date_HRFSHORT&quot;:&quot;25 Dec 2025&quot;},{&quot;label&quot;:&quot;&quot;,&quot;date&quot;:&quot;202412260000&quot;,&quot;closed&quot;:false,&quot;start&quot;:&quot;12:00&quot;,&quot;end&quot;:&quot;18:00&quot;,&quot;date_HRFSHORT&quot;:&quot;26 Dec 2024&quot;},{&quot;label&quot;:&quot;&quot;,&quot;date&quot;:&quot;202512300000&quot;,&quot;closed&quot;:false,&quot;start&quot;:&quot;10:30&quot;,&quot;end&quot;:&quot;18:30&quot;,&quot;date_HRFSHORT&quot;:&quot;30 Dec 2025&quot;},{&quot;label&quot;:&quot;&quot;,&quot;date&quot;:&quot;202512310000&quot;,&quot;closed&quot;:false,&quot;start&quot;:&quot;10:30&quot;,&quot;end&quot;:&quot;16:30&quot;,&quot;date_HRFSHORT&quot;:&quot;31 Dec 2025&quot;},{&quot;label&quot;:&quot;&quot;,&quot;date&quot;:&quot;202601010000&quot;,&quot;closed&quot;:false,&quot;start&quot;:&quot;12:00&quot;,&quot;end&quot;:&quot;18:00&quot;,&quot;date_HRFSHORT&quot;:&quot; 1 Jan 2026&quot;}]},&quot;period_list&quot;:&quot;&lt;strong&gt;Opening hours&lt;\\\/strong&gt;\\nMon, Wed, Thu, Fri, Sat, Sun: 10:30 \\u2013 18:30  \\nTue: closed\\n\\n&quot;,&quot;period_exception&quot;:&quot;&quot;,&quot;date&quot;:{&quot;infinite&quot;:true,&quot;from_DATE&quot;:202301020000,&quot;from&quot;:1672655400,&quot;from_TIME&quot;:&quot;10:30&quot;,&quot;to&quot;:1820202120,&quot;to_DATE&quot;:202709050912,&quot;to_TIME&quot;:&quot;18:30&quot;,&quot;from_HRFSHORT&quot;:&quot; 2 Jan 2023&quot;,&quot;from_HRFSHORT_WD&quot;:&quot;Mon,  2 Jan 2023&quot;,&quot;from_HRF&quot;:&quot;Mon,  2 January 2023&quot;,&quot;to_HRF&quot;:&quot;Mon,  6 September 2027&quot;,&quot;to_HRFSHORT&quot;:&quot; 6 Sep 2027&quot;,&quot;to_HRFSHORT_WD&quot;:&quot;Mon,  6 Sep 2027&quot;,&quot;from_to_HRF&quot;:&quot;Mon,  2 January 2023 \\u2013 Mon,  6 September 2027&quot;,&quot;from_to_HRFSHORT&quot;:&quot; 2 Jan 2023 \\u2013  6 Sep 2027&quot;,&quot;NXX&quot;:&quot;202609050912&quot;,&quot;NLAST&quot;:&quot;202709060342&quot;,&quot;NX&quot;:&quot;20260905&quot;},&quot;alert&quot;:null,&quot;partof&quot;:[],&quot;marketing_topic&quot;:&quot;&quot;}' inline-template>\n\t<a href=\"https:\/\/www.humboldtforum.org\/en\/programm\/laufzeitangebot\/exhibition\/manatunga-145831\/\" class=\"teaser teaser-event-period teaser-event-standard\">\n\t\t<div class=\"row\">\n\t\t\t<div class=\"col-xs-12 teaser-event-image\">\n\t\t\t\t<div class=\"teaser-image teaser-image-no-alternate\">\n\t\t\t\t\t\t\t\t\t\t\t\n\t<lazy-media-inline inline-template>\n\t\t<figure itemscope itemtype=\"http:\/\/schema.org\/ImageObject\" class=\"lazy-media-inline \" role=\"group\" id=\"media_6a9c896fc453f\" aria-labelledby=\"desc_media_6a9c896fc453f\">\n\t\t\t<script type=\"application\/json\" ref=\"data\">\n\t\t\t\t{\n\t\t\t\t\"sizes\" : {\"medium\":{\"file\":\"SHF_eb00247048-1-300x133.jpg\",\"width\":300,\"height\":133,\"mime-type\":\"image\\\/jpeg\",\"filesize\":7021},\"large\":{\"file\":\"SHF_eb00247048-1-1024x455.jpg\",\"width\":1024,\"height\":455,\"mime-type\":\"image\\\/jpeg\",\"filesize\":44204},\"thumbnail\":{\"file\":\"SHF_eb00247048-1-150x150.jpg\",\"width\":150,\"height\":150,\"mime-type\":\"image\\\/jpeg\",\"filesize\":5385},\"medium_large\":{\"file\":\"SHF_eb00247048-1-768x341.jpg\",\"width\":768,\"height\":341,\"mime-type\":\"image\\\/jpeg\",\"filesize\":27897},\"small\":{\"file\":\"SHF_eb00247048-1-440x195.jpg\",\"width\":440,\"height\":195,\"mime-type\":\"image\\\/jpeg\",\"filesize\":12171},\"semi\":{\"file\":\"SHF_eb00247048-1-580x258.jpg\",\"width\":580,\"height\":258,\"mime-type\":\"image\\\/jpeg\",\"filesize\":18353},\"mobile\":{\"file\":\"SHF_eb00247048-1-720x320.jpg\",\"width\":720,\"height\":320,\"mime-type\":\"image\\\/jpeg\",\"filesize\":24906},\"hd\":{\"file\":\"SHF_eb00247048-1-1280x569.jpg\",\"width\":1280,\"height\":569,\"mime-type\":\"image\\\/jpeg\",\"filesize\":64395},\"1536x1536\":{\"file\":\"SHF_eb00247048-1-1536x682.jpg\",\"width\":1536,\"height\":682,\"mime-type\":\"image\\\/jpeg\",\"filesize\":87321},\"original\":{\"file\":\"SHF_eb00247048-1.jpg\",\"width\":1920,\"height\":853}},\n\t\t\t\t\"alt\" : \"Man with face tattoos stands in front of wooden sculptures in a bright room.\",\n\t\t\t\t\"path\" : \"\\\/wp-content\\\/uploads\\\/2025\\\/04\\\/\",\n\t\t\t\t\"video\" : null,\n\t\t\t\t\"autoplay\" : null,\n\t\t\t\t\"youtube\" : null,\n\t\t\t\t\"youtubelabel\" : \"Play video\",\n\t\t\t\t\"brightness\" : 100,\n\t\t\t\t\"crop\" : {\"top\":\"50.00\",\"left\":\"50.00\"},\n\t\t\t\t\"background\" : true,\n\t\t\t\t\"scale\" : 2\t\t\t\t}\n\t\t\t<\/script>\n\n\t\t\t<div class=\"height-container\" style=\"padding-bottom:44.427083333333%;\" v-if=\"sizes\">\n\t\t\t\t\t\t\t\t<lazy-media :inline=\"true\" :alt=\"alt\" :sizes=\"sizes\" :scale=\"scale\" :brightness=\"brightness\" :path=\"path\" :video=\"video\" :autoplay=\"autoplay\" :youtube=\"youtube\" :crop=\"crop\" :youtubelabel=\"youtubelabel\" :background=\"background\" media-id=\"desc_media_6a9c896fc453f\"><\/lazy-media>\n\t\t\t\t\t\t\t<\/div>\n\n\t\t\t\t\t\t\t<figcaption class=\"sr-only\" ref=\"body\" id=\"desc_media_6a9c896fc453f\">\n\t\t\t\t\t\t\t\t\t\t\t<div>George Nuku in the Oceania exhibition of the Ethnologisches Museums at the Humboldt Forum<\/div>\n\t\t\t\t\t\t\t\t\t\t\t\t\t\t\t\t\t\t\t\t\t<div class=\"insignificant\">\u00a9  Staatliche Museen zu Berlin, Ethnologisches Museum \/ Pierre Adenis<\/div>\n\t\t\t\t\t\t\t\t\t<\/figcaption>\n\t\t\t\t\t<\/figure>\n\t<\/lazy-media-inline>\n\t\t\t\t<\/div>\n\t\t\t<\/div>\n\t\t\t<div class=\"col-xs-12 teaser-event-text Infos\">\n\t\t\t\t<div class=\"teaser-event-standard-text\">\n\t\t\t\t\t<div class=\"margin-bottom-atom\">\n\t\t\t\t\t\t<div class=\"subline clamp-1\" v-html=\"maingenre\"><\/div>\n\t\t\t\t\t\t\t\t\t\t\t<\/div>\n\t\t\t\t\n\t\t\t\t\t<strong class=\"margin-bottom-atom\">Manatunga<\/strong>\n\n\t\t\t\t\t\t\t\t\t\t\t<div class=\"\">Artistic Interventions by George Nuku<\/div>\n\t\t\t\t\t\t\t\t\t<\/div>\n\t\t\t\t<div class=\"teaser-bottom border-bottom\">\n\t\t\t\t<calendardateline :rawitem='item' :show-icon=\"true\"><\/calendardateline>\n\t\t\t\t\t<hr>\n\t\t\t\t<\/div>\n\t\t\t<\/div>\n\t\t<\/div>\n\t<\/a>\n\t<\/calendarteaser>\n<\/li>\n\n<li class=\"teaser-lane-slide col-xs-9 col-sm-4 col-md-3 teaser-wrapper col-padding-remove\">\n\t<calendarteaser key=\"141294480\" rawitem='{&quot;postId&quot;:141294,&quot;title&quot;:&quot;Jinshixue: The Study of Ancient Artifacts and the Material Residues of the Past, Part 1&quot;,&quot;excerpt&quot;:&quot;&quot;,&quot;slug&quot;:&quot;jinshixue-the-study-of-ancient-artifacts-and-the-material-residues-of-the-past-part-1&quot;,&quot;post_date&quot;:&quot;2024-12-13T09:59&quot;,&quot;type&quot;:&quot;event-period&quot;,&quot;permalink&quot;:&quot;https:\\\/\\\/www.humboldtforum.org\\\/en\\\/programm\\\/laufzeitangebot\\\/exhibition\\\/jinshixue-the-study-of-ancient-artifacts-and-the-material-residues-of-the-past-part-1-141294\\\/&quot;,&quot;genre&quot;:[552],&quot;genre_details&quot;:[{&quot;text&quot;:&quot;Exhibition&quot;,&quot;id&quot;:552,&quot;icon&quot;:null,&quot;parent&quot;:0}],&quot;targetgroup&quot;:[585,715],&quot;targetgroup_details&quot;:[{&quot;text&quot;:&quot;Adults&quot;,&quot;id&quot;:585,&quot;icon&quot;:null,&quot;parent&quot;:0},{&quot;text&quot;:&quot;Teenager&quot;,&quot;id&quot;:715,&quot;icon&quot;:null,&quot;parent&quot;:0}],&quot;language&quot;:[580,579],&quot;language_details&quot;:[{&quot;text&quot;:&quot;English&quot;,&quot;id&quot;:580,&quot;icon&quot;:null,&quot;parent&quot;:0},{&quot;text&quot;:&quot;German&quot;,&quot;id&quot;:579,&quot;icon&quot;:null,&quot;parent&quot;:0}],&quot;place&quot;:[897],&quot;place_details&quot;:{&quot;place&quot;:&quot;Humboldt Forum&quot;,&quot;map&quot;:&quot;Humboldt Forum, Schlossplatz, Berlin&quot;,&quot;room&quot;:&quot;Asia, 3rd floor&quot;},&quot;icon_overwrite&quot;:&quot;&quot;,&quot;acf&quot;:{&quot;planning&quot;:{&quot;price&quot;:&quot;&quot;,&quot;status&quot;:&quot;BUY&quot;,&quot;info&quot;:&quot;&quot;,&quot;shop&quot;:&quot;&quot;,&quot;can_purchase&quot;:false},&quot;use_opening_hours_of_the_house&quot;:true,&quot;display_as_single&quot;:false,&quot;additional_info&quot;:{&quot;icon&quot;:&quot;icon-pin&quot;,&quot;text&quot;:&quot;Room 319, \\u201cArtists and Connoisseurs\\u201d&quot;},&quot;highlight_header&quot;:false,&quot;use_video_in_teasers&quot;:false,&quot;hyphenation&quot;:true,&quot;tipp&quot;:false,&quot;joker&quot;:false,&quot;live&quot;:false,&quot;hide_event_in_program&quot;:false,&quot;periods&quot;:[{&quot;label&quot;:&quot;&quot;,&quot;dates&quot;:[{&quot;start&quot;:&quot;202301020000&quot;,&quot;end&quot;:&quot;202212310000&quot;,&quot;has_end&quot;:false,&quot;start_HRFSHORT&quot;:&quot; 2 Jan 2023&quot;,&quot;start_HRFSHORT_WD&quot;:&quot;Mon,  2 Jan 2023&quot;}],&quot;monday&quot;:[{&quot;start&quot;:&quot;10:30&quot;,&quot;end&quot;:&quot;18:30&quot;,&quot;closed&quot;:false}],&quot;tuesday&quot;:[{&quot;start&quot;:null,&quot;end&quot;:null,&quot;closed&quot;:true}],&quot;wednesday&quot;:[{&quot;start&quot;:&quot;10:30&quot;,&quot;end&quot;:&quot;18:30&quot;,&quot;closed&quot;:false}],&quot;thursday&quot;:[{&quot;start&quot;:&quot;10:30&quot;,&quot;end&quot;:&quot;18:30&quot;,&quot;closed&quot;:false}],&quot;friday&quot;:[{&quot;start&quot;:&quot;10:30&quot;,&quot;end&quot;:&quot;18:30&quot;,&quot;closed&quot;:false}],&quot;saturday&quot;:[{&quot;start&quot;:&quot;10:30&quot;,&quot;end&quot;:&quot;18:30&quot;,&quot;closed&quot;:false}],&quot;sunday&quot;:[{&quot;start&quot;:&quot;10:30&quot;,&quot;end&quot;:&quot;18:30&quot;,&quot;closed&quot;:false}],&quot;info&quot;:&quot;&quot;,&quot;description&quot;:&quot;&quot;}],&quot;tickettext&quot;:&quot;no ticket required&quot;,&quot;overwrite_date&quot;:&quot;Wed, 18\\\/09\\\/2024 \\u2013 Sat, 15\\\/03\\\/2025&quot;,&quot;featured_images&quot;:[141290],&quot;noindex&quot;:false,&quot;keywords&quot;:&quot;&quot;,&quot;shorturl&quot;:&quot;&quot;,&quot;period_exception&quot;:[{&quot;label&quot;:&quot;&quot;,&quot;date&quot;:&quot;202512240000&quot;,&quot;closed&quot;:true,&quot;start&quot;:null,&quot;end&quot;:null,&quot;date_HRFSHORT&quot;:&quot;24 Dec 2025&quot;},{&quot;label&quot;:&quot;&quot;,&quot;date&quot;:&quot;202512250000&quot;,&quot;closed&quot;:false,&quot;start&quot;:&quot;12:00&quot;,&quot;end&quot;:&quot;18:00&quot;,&quot;date_HRFSHORT&quot;:&quot;25 Dec 2025&quot;},{&quot;label&quot;:&quot;&quot;,&quot;date&quot;:&quot;202412260000&quot;,&quot;closed&quot;:false,&quot;start&quot;:&quot;12:00&quot;,&quot;end&quot;:&quot;18:00&quot;,&quot;date_HRFSHORT&quot;:&quot;26 Dec 2024&quot;},{&quot;label&quot;:&quot;&quot;,&quot;date&quot;:&quot;202512300000&quot;,&quot;closed&quot;:false,&quot;start&quot;:&quot;10:30&quot;,&quot;end&quot;:&quot;18:30&quot;,&quot;date_HRFSHORT&quot;:&quot;30 Dec 2025&quot;},{&quot;label&quot;:&quot;&quot;,&quot;date&quot;:&quot;202512310000&quot;,&quot;closed&quot;:false,&quot;start&quot;:&quot;10:30&quot;,&quot;end&quot;:&quot;16:30&quot;,&quot;date_HRFSHORT&quot;:&quot;31 Dec 2025&quot;},{&quot;label&quot;:&quot;&quot;,&quot;date&quot;:&quot;202601010000&quot;,&quot;closed&quot;:false,&quot;start&quot;:&quot;12:00&quot;,&quot;end&quot;:&quot;18:00&quot;,&quot;date_HRFSHORT&quot;:&quot; 1 Jan 2026&quot;}]},&quot;period_list&quot;:&quot;&lt;strong&gt;Opening hours&lt;\\\/strong&gt;\\nMon, Wed, Thu, Fri, Sat, Sun: 10:30 \\u2013 18:30  \\nTue: closed\\n\\n&quot;,&quot;period_exception&quot;:&quot;&quot;,&quot;date&quot;:{&quot;infinite&quot;:true,&quot;from_DATE&quot;:202301020000,&quot;from&quot;:1672655400,&quot;from_TIME&quot;:&quot;10:30&quot;,&quot;to&quot;:1820202120,&quot;to_DATE&quot;:202709050912,&quot;to_TIME&quot;:&quot;18:30&quot;,&quot;from_HRFSHORT&quot;:&quot; 2 Jan 2023&quot;,&quot;from_HRFSHORT_WD&quot;:&quot;Mon,  2 Jan 2023&quot;,&quot;from_HRF&quot;:&quot;Mon,  2 January 2023&quot;,&quot;to_HRF&quot;:&quot;Mon,  6 September 2027&quot;,&quot;to_HRFSHORT&quot;:&quot; 6 Sep 2027&quot;,&quot;to_HRFSHORT_WD&quot;:&quot;Mon,  6 Sep 2027&quot;,&quot;from_to_HRF&quot;:&quot;Mon,  2 January 2023 \\u2013 Mon,  6 September 2027&quot;,&quot;from_to_HRFSHORT&quot;:&quot; 2 Jan 2023 \\u2013  6 Sep 2027&quot;,&quot;NXX&quot;:&quot;202609050912&quot;,&quot;NLAST&quot;:&quot;202709060342&quot;,&quot;NX&quot;:&quot;20260905&quot;},&quot;alert&quot;:null,&quot;partof&quot;:[],&quot;marketing_topic&quot;:&quot;&quot;}' inline-template>\n\t<a href=\"https:\/\/www.humboldtforum.org\/en\/programm\/laufzeitangebot\/exhibition\/jinshixue-the-study-of-ancient-artifacts-and-the-material-residues-of-the-past-part-1-141294\/\" class=\"teaser teaser-event-period teaser-event-standard\">\n\t\t<div class=\"row\">\n\t\t\t<div class=\"col-xs-12 teaser-event-image\">\n\t\t\t\t<div class=\"teaser-image teaser-image-no-alternate\">\n\t\t\t\t\t\t\t\t\t\t\t\n\t<lazy-media-inline inline-template>\n\t\t<figure itemscope itemtype=\"http:\/\/schema.org\/ImageObject\" class=\"lazy-media-inline \" role=\"group\" id=\"media_6a9c896fc6c21\" aria-labelledby=\"desc_media_6a9c896fc6c21\">\n\t\t\t<script type=\"application\/json\" ref=\"data\">\n\t\t\t\t{\n\t\t\t\t\"sizes\" : {\"medium\":{\"file\":\"SHF_eb00237799-300x186.jpg\",\"width\":300,\"height\":186,\"mime-type\":\"image\\\/jpeg\",\"filesize\":14018},\"large\":{\"file\":\"SHF_eb00237799-1024x633.jpg\",\"width\":1024,\"height\":633,\"mime-type\":\"image\\\/jpeg\",\"filesize\":136239},\"thumbnail\":{\"file\":\"SHF_eb00237799-150x150.jpg\",\"width\":150,\"height\":150,\"mime-type\":\"image\\\/jpeg\",\"filesize\":6540},\"medium_large\":{\"file\":\"SHF_eb00237799-768x475.jpg\",\"width\":768,\"height\":475,\"mime-type\":\"image\\\/jpeg\",\"filesize\":79385},\"small\":{\"file\":\"SHF_eb00237799-440x272.jpg\",\"width\":440,\"height\":272,\"mime-type\":\"image\\\/jpeg\",\"filesize\":27836},\"semi\":{\"file\":\"SHF_eb00237799-580x359.jpg\",\"width\":580,\"height\":359,\"mime-type\":\"image\\\/jpeg\",\"filesize\":46405},\"mobile\":{\"file\":\"SHF_eb00237799-720x445.jpg\",\"width\":720,\"height\":445,\"mime-type\":\"image\\\/jpeg\",\"filesize\":69733},\"hd\":{\"file\":\"SHF_eb00237799-1280x792.jpg\",\"width\":1280,\"height\":792,\"mime-type\":\"image\\\/jpeg\",\"filesize\":208403},\"original\":{\"file\":\"SHF_eb00237799.jpg\",\"width\":1400,\"height\":866}},\n\t\t\t\t\"alt\" : \"Atmospheric landscape with mountains, clusters of trees, and a traditional house in the foreground.\",\n\t\t\t\t\"path\" : \"\\\/wp-content\\\/uploads\\\/2024\\\/12\\\/\",\n\t\t\t\t\"video\" : null,\n\t\t\t\t\"autoplay\" : null,\n\t\t\t\t\"youtube\" : null,\n\t\t\t\t\"youtubelabel\" : \"Play video\",\n\t\t\t\t\"brightness\" : 100,\n\t\t\t\t\"crop\" : null,\n\t\t\t\t\"background\" : true,\n\t\t\t\t\"scale\" : 2\t\t\t\t}\n\t\t\t<\/script>\n\n\t\t\t<div class=\"height-container\" style=\"padding-bottom:61.857142857143%;\" v-if=\"sizes\">\n\t\t\t\t\t\t\t\t<lazy-media :inline=\"true\" :alt=\"alt\" :sizes=\"sizes\" :scale=\"scale\" :brightness=\"brightness\" :path=\"path\" :video=\"video\" :autoplay=\"autoplay\" :youtube=\"youtube\" :crop=\"crop\" :youtubelabel=\"youtubelabel\" :background=\"background\" media-id=\"desc_media_6a9c896fc6c21\"><\/lazy-media>\n\t\t\t\t\t\t\t<\/div>\n\n\t\t\t\t\t\t\t<figcaption class=\"sr-only\" ref=\"body\" id=\"desc_media_6a9c896fc6c21\">\n\t\t\t\t\t\t\t\t\t\t\t<div>Signed Wang Fu (1362&thinsp;&ndash;&thinsp;1416), Filial love of Zou Wensheng, Qing dynasty (1644&thinsp;&ndash;&thinsp;1911), 18th c., detail of a handscroll<\/div>\n\t\t\t\t\t\t\t\t\t\t\t\t\t\t\t\t\t\t\t\t\t<div class=\"insignificant\">\u00a9 Staatliche Museen zu Berlin, Museum f\u00fcr Asiatische Kunst \/ Foto: J\u00f6rg von Bruchhausen<\/div>\n\t\t\t\t\t\t\t\t\t<\/figcaption>\n\t\t\t\t\t<\/figure>\n\t<\/lazy-media-inline>\n\t\t\t\t<\/div>\n\t\t\t<\/div>\n\t\t\t<div class=\"col-xs-12 teaser-event-text Infos\">\n\t\t\t\t<div class=\"teaser-event-standard-text\">\n\t\t\t\t\t<div class=\"margin-bottom-atom\">\n\t\t\t\t\t\t<div class=\"subline clamp-1\" v-html=\"maingenre\"><\/div>\n\t\t\t\t\t\t\t\t\t\t\t<\/div>\n\t\t\t\t\n\t\t\t\t\t<strong class=\"margin-bottom-atom\">Jinshixue: The Study of Ancient Artifacts and the Material Residues of the Past, Part 1<\/strong>\n\n\t\t\t\t\t\t\t\t\t\t\t<div class=\"\"><\/div>\n\t\t\t\t\t\t\t\t\t<\/div>\n\t\t\t\t<div class=\"teaser-bottom border-bottom\">\n\t\t\t\t<calendardateline :rawitem='item' :show-icon=\"true\"><\/calendardateline>\n\t\t\t\t\t<hr>\n\t\t\t\t<\/div>\n\t\t\t<\/div>\n\t\t<\/div>\n\t<\/a>\n\t<\/calendarteaser>\n<\/li>\n\n<li class=\"teaser-lane-slide col-xs-9 col-sm-4 col-md-3 teaser-wrapper col-padding-remove\">\n\t<calendarteaser key=\"14924612973\" rawitem='{&quot;postId&quot;:149246,&quot;title&quot;:&quot;On Water&quot;,&quot;excerpt&quot;:&quot;&quot;,&quot;slug&quot;:&quot;on-water-waterknowledge-in-berlin&quot;,&quot;post_date&quot;:&quot;2025-07-14T15:11&quot;,&quot;type&quot;:&quot;event-period&quot;,&quot;permalink&quot;:&quot;https:\\\/\\\/www.humboldtforum.org\\\/en\\\/programm\\\/laufzeitangebot\\\/exhibition\\\/on-water-waterknowledge-in-berlin-149246\\\/&quot;,&quot;genre&quot;:[552],&quot;genre_details&quot;:[{&quot;text&quot;:&quot;Exhibition&quot;,&quot;id&quot;:552,&quot;icon&quot;:null,&quot;parent&quot;:0}],&quot;stakeholder&quot;:[592],&quot;stakeholder_details&quot;:[{&quot;text&quot;:&quot;Humboldt-Universit\\u00e4t zu Berlin&quot;,&quot;id&quot;:592,&quot;icon&quot;:null,&quot;parent&quot;:0}],&quot;targetgroup&quot;:[585,715],&quot;targetgroup_details&quot;:[{&quot;text&quot;:&quot;Adults&quot;,&quot;id&quot;:585,&quot;icon&quot;:null,&quot;parent&quot;:0},{&quot;text&quot;:&quot;Teenager&quot;,&quot;id&quot;:715,&quot;icon&quot;:null,&quot;parent&quot;:0}],&quot;language&quot;:[580,579],&quot;language_details&quot;:[{&quot;text&quot;:&quot;English&quot;,&quot;id&quot;:580,&quot;icon&quot;:null,&quot;parent&quot;:0},{&quot;text&quot;:&quot;German&quot;,&quot;id&quot;:579,&quot;icon&quot;:null,&quot;parent&quot;:0}],&quot;accessability&quot;:[596],&quot;accessability_details&quot;:[{&quot;text&quot;:&quot;Accessible for wheelchairs&quot;,&quot;id&quot;:596,&quot;icon&quot;:null,&quot;parent&quot;:0}],&quot;place&quot;:[599],&quot;place_details&quot;:{&quot;place&quot;:&quot;Humboldt Forum&quot;,&quot;map&quot;:&quot;Humboldt Forum, Schlossplatz, Berlin&quot;,&quot;room&quot;:&quot;Humboldt Lab, 1st floor&quot;},&quot;icon_overwrite&quot;:&quot;&quot;,&quot;acf&quot;:{&quot;planning&quot;:{&quot;price&quot;:&quot;0 EUR&quot;,&quot;status&quot;:&quot;JOIN&quot;,&quot;info&quot;:&quot;&quot;,&quot;shop&quot;:&quot;&quot;,&quot;can_purchase&quot;:false},&quot;use_opening_hours_of_the_house&quot;:false,&quot;periods&quot;:[{&quot;label&quot;:&quot;&quot;,&quot;dates&quot;:[{&quot;start&quot;:&quot;202510100000&quot;,&quot;end&quot;:&quot;202709270000&quot;,&quot;has_end&quot;:true,&quot;start_HRFSHORT&quot;:&quot;10 Oct 2025&quot;,&quot;start_HRFSHORT_WD&quot;:&quot;Fri, 10 Oct 2025&quot;,&quot;end_HRFSHORT&quot;:&quot;27 Sep 2027&quot;}],&quot;monday&quot;:[{&quot;start&quot;:&quot;10:30&quot;,&quot;end&quot;:&quot;18:30&quot;,&quot;closed&quot;:false}],&quot;tuesday&quot;:[{&quot;start&quot;:null,&quot;end&quot;:null,&quot;closed&quot;:true}],&quot;wednesday&quot;:[{&quot;start&quot;:&quot;10:30&quot;,&quot;end&quot;:&quot;18:30&quot;,&quot;closed&quot;:false}],&quot;thursday&quot;:[{&quot;start&quot;:&quot;10:30&quot;,&quot;end&quot;:&quot;18:30&quot;,&quot;closed&quot;:false}],&quot;friday&quot;:[{&quot;start&quot;:&quot;10:30&quot;,&quot;end&quot;:&quot;18:30&quot;,&quot;closed&quot;:false}],&quot;saturday&quot;:[{&quot;start&quot;:&quot;10:30&quot;,&quot;end&quot;:&quot;18:30&quot;,&quot;closed&quot;:false}],&quot;sunday&quot;:[{&quot;start&quot;:&quot;10:30&quot;,&quot;end&quot;:&quot;18:30&quot;,&quot;closed&quot;:false}],&quot;info&quot;:&quot;&quot;,&quot;description&quot;:&quot;&quot;}],&quot;display_as_single&quot;:false,&quot;additional_info&quot;:{&quot;icon&quot;:&quot;icon-bullet_active&quot;,&quot;text&quot;:&quot;&quot;},&quot;highlight_header&quot;:true,&quot;has_mobile_format&quot;:true,&quot;use_video_in_teasers&quot;:false,&quot;hyphenation&quot;:false,&quot;tipp&quot;:false,&quot;joker&quot;:false,&quot;live&quot;:false,&quot;hide_event_in_program&quot;:false,&quot;highlight_header_image&quot;:151531,&quot;noindex&quot;:false,&quot;keywords&quot;:&quot;&quot;,&quot;shorturl&quot;:&quot;&quot;,&quot;subline&quot;:&quot;WasserWissen in Berlin&quot;,&quot;highlight_header_image_mobile&quot;:151548,&quot;events&quot;:[151674,151680,151688,152111,152498,152509,152207,153206,153411,153438,154463,154962,155257,155811,157353,157713,34384,123046,159142,159230,160748,160747,161172,161700,162981,162980,163493,164035,139965,164377,164879,167319,168402,168413,168424,168435],&quot;period_exception&quot;:[{&quot;label&quot;:&quot;&quot;,&quot;date&quot;:&quot;202511050000&quot;,&quot;closed&quot;:false,&quot;start&quot;:&quot;11:30&quot;,&quot;end&quot;:&quot;18:30&quot;,&quot;date_HRFSHORT&quot;:&quot; 5 Nov 2025&quot;}]},&quot;period_list&quot;:&quot;&lt;strong&gt;Opening hours&lt;\\\/strong&gt;\\nMon, Wed, Thu, Fri, Sat, Sun: 10:30 \\u2013 18:30  \\nTue: closed\\n\\n&quot;,&quot;period_exception&quot;:&quot;&quot;,&quot;date&quot;:{&quot;infinite&quot;:false,&quot;from_DATE&quot;:202510100000,&quot;from&quot;:1760092200,&quot;from_TIME&quot;:&quot;10:30&quot;,&quot;to&quot;:1822069800,&quot;to_DATE&quot;:202709270000,&quot;to_TIME&quot;:&quot;18:30&quot;,&quot;from_HRFSHORT&quot;:&quot;10 Oct 2025&quot;,&quot;from_HRFSHORT_WD&quot;:&quot;Fri, 10 Oct 2025&quot;,&quot;from_HRF&quot;:&quot;Fri, 10 October 2025&quot;,&quot;to_HRF&quot;:&quot;Mon, 27 September 2027&quot;,&quot;to_HRFSHORT&quot;:&quot;27 Sep 2027&quot;,&quot;to_HRFSHORT_WD&quot;:&quot;Mon, 27 Sep 2027&quot;,&quot;from_to_HRF&quot;:&quot;Fri, 10 October 2025 \\u2013 Mon, 27 September 2027&quot;,&quot;from_to_HRFSHORT&quot;:&quot;10 Oct 2025 \\u2013 27 Sep 2027&quot;,&quot;NXX&quot;:&quot;202609050912&quot;,&quot;NLAST&quot;:&quot;202709271830&quot;,&quot;NX&quot;:&quot;20260905&quot;},&quot;alert&quot;:&quot;Highlight&quot;,&quot;partof&quot;:[],&quot;marketing_topic&quot;:&quot;&quot;}' inline-template>\n\t<a href=\"https:\/\/www.humboldtforum.org\/en\/programm\/laufzeitangebot\/exhibition\/on-water-waterknowledge-in-berlin-149246\/\" class=\"teaser teaser-event-period teaser-event-standard\">\n\t\t<div class=\"row\">\n\t\t\t<div class=\"col-xs-12 teaser-event-image\">\n\t\t\t\t<div class=\"teaser-image teaser-image-no-alternate\">\n\t\t\t\t\t\t\t\t\t\t\t\t\t<span class=\"alert\">Highlight<\/span>\n\t\t\t\t\t\t\t\t\t\t\t\n\t<lazy-media-inline inline-template>\n\t\t<figure itemscope itemtype=\"http:\/\/schema.org\/ImageObject\" class=\"lazy-media-inline \" role=\"group\" id=\"media_6a9c896fc8b6b\" aria-labelledby=\"desc_media_6a9c896fc8b6b\">\n\t\t\t<script type=\"application\/json\" ref=\"data\">\n\t\t\t\t{\n\t\t\t\t\"sizes\" : {\"medium\":{\"file\":\"HumboldtLabor-Webteaser-hoch-1780x3040px-DU-176x300.jpg\",\"width\":176,\"height\":300,\"mime-type\":\"image\\\/jpeg\",\"filesize\":11839},\"large\":{\"file\":\"HumboldtLabor-Webteaser-hoch-1780x3040px-DU-600x1024.jpg\",\"width\":600,\"height\":1024,\"mime-type\":\"image\\\/jpeg\",\"filesize\":102604},\"thumbnail\":{\"file\":\"HumboldtLabor-Webteaser-hoch-1780x3040px-DU-150x150.jpg\",\"width\":150,\"height\":150,\"mime-type\":\"image\\\/jpeg\",\"filesize\":6439},\"medium_large\":{\"file\":\"HumboldtLabor-Webteaser-hoch-1780x3040px-DU-768x1312.jpg\",\"width\":768,\"height\":1312,\"mime-type\":\"image\\\/jpeg\",\"filesize\":160237},\"small\":{\"file\":\"HumboldtLabor-Webteaser-hoch-1780x3040px-DU-258x440.jpg\",\"width\":258,\"height\":440,\"mime-type\":\"image\\\/jpeg\",\"filesize\":23435},\"semi\":{\"file\":\"HumboldtLabor-Webteaser-hoch-1780x3040px-DU-340x580.jpg\",\"width\":340,\"height\":580,\"mime-type\":\"image\\\/jpeg\",\"filesize\":37945},\"mobile\":{\"file\":\"HumboldtLabor-Webteaser-hoch-1780x3040px-DU-422x720.jpg\",\"width\":422,\"height\":720,\"mime-type\":\"image\\\/jpeg\",\"filesize\":55046},\"hd\":{\"file\":\"HumboldtLabor-Webteaser-hoch-1780x3040px-DU-749x1280.jpg\",\"width\":749,\"height\":1280,\"mime-type\":\"image\\\/jpeg\",\"filesize\":153753},\"full\":{\"file\":\"HumboldtLabor-Webteaser-hoch-1780x3040px-DU-1124x1920.jpg\",\"width\":1124,\"height\":1920,\"mime-type\":\"image\\\/jpeg\",\"filesize\":326299},\"1536x1536\":{\"file\":\"HumboldtLabor-Webteaser-hoch-1780x3040px-DU-899x1536.jpg\",\"width\":899,\"height\":1536,\"mime-type\":\"image\\\/jpeg\",\"filesize\":215295},\"2048x2048\":{\"file\":\"HumboldtLabor-Webteaser-hoch-1780x3040px-DU-1199x2048.jpg\",\"width\":1199,\"height\":2048,\"mime-type\":\"image\\\/jpeg\",\"filesize\":368152},\"original\":{\"file\":\"HumboldtLabor-Webteaser-hoch-1780x3040px-DU.jpg\",\"width\":1780,\"height\":3040}},\n\t\t\t\t\"alt\" : \"Key Visual Exhibition On Water. Wasserwissen in Berlin\",\n\t\t\t\t\"path\" : \"\\\/wp-content\\\/uploads\\\/2025\\\/07\\\/\",\n\t\t\t\t\"video\" : null,\n\t\t\t\t\"autoplay\" : null,\n\t\t\t\t\"youtube\" : null,\n\t\t\t\t\"youtubelabel\" : \"Play video\",\n\t\t\t\t\"brightness\" : 100,\n\t\t\t\t\"crop\" : null,\n\t\t\t\t\"background\" : true,\n\t\t\t\t\"scale\" : 2\t\t\t\t}\n\t\t\t<\/script>\n\n\t\t\t<div class=\"height-container\" style=\"padding-bottom:170.78651685393%;\" v-if=\"sizes\">\n\t\t\t\t\t\t\t\t<lazy-media :inline=\"true\" :alt=\"alt\" :sizes=\"sizes\" :scale=\"scale\" :brightness=\"brightness\" :path=\"path\" :video=\"video\" :autoplay=\"autoplay\" :youtube=\"youtube\" :crop=\"crop\" :youtubelabel=\"youtubelabel\" :background=\"background\" media-id=\"desc_media_6a9c896fc8b6b\"><\/lazy-media>\n\t\t\t\t\t\t\t<\/div>\n\n\t\t\t\t\t\t\t<figcaption class=\"sr-only\" ref=\"body\" id=\"desc_media_6a9c896fc8b6b\">\n\t\t\t\t\t\t\t\t\t\t\t\t\t\t\t\t<div>Key Visual Exhibition On Water. Wasserwissen in Berlin <\/div>\n\t\t\t\t\t\t\t\t\t\t\t\t\t\t\t\t<div class=\"insignificant\">\u00a9 Stiftung Humboldt Forum im Berliner Schloss, photo: AI generated, Observism<\/div>\n\t\t\t\t\t\t\t\t\t<\/figcaption>\n\t\t\t\t\t<\/figure>\n\t<\/lazy-media-inline>\n\t\t\t\t<\/div>\n\t\t\t<\/div>\n\t\t\t<div class=\"col-xs-12 teaser-event-text Infos\">\n\t\t\t\t<div class=\"teaser-event-standard-text\">\n\t\t\t\t\t<div class=\"margin-bottom-atom\">\n\t\t\t\t\t\t<div class=\"subline clamp-1\" v-html=\"maingenre\"><\/div>\n\t\t\t\t\t\t\t\t\t\t\t<\/div>\n\t\t\t\t\n\t\t\t\t\t<strong class=\"margin-bottom-atom\">On Water<\/strong>\n\n\t\t\t\t\t\t\t\t\t\t\t<div class=\"\">WasserWissen in Berlin<\/div>\n\t\t\t\t\t\t\t\t\t<\/div>\n\t\t\t\t<div class=\"teaser-bottom border-bottom\">\n\t\t\t\t<calendardateline :rawitem='item' :show-icon=\"true\"><\/calendardateline>\n\t\t\t\t\t<hr>\n\t\t\t\t<\/div>\n\t\t\t<\/div>\n\t\t<\/div>\n\t<\/a>\n\t<\/calendarteaser>\n<\/li>\n\n<li class=\"teaser-lane-slide col-xs-9 col-sm-4 col-md-3 teaser-wrapper col-padding-remove\">\n\t<calendarteaser key=\"13735010681\" rawitem='{&quot;postId&quot;:137350,&quot;title&quot;:&quot;Histories of Tanzania&quot;,&quot;excerpt&quot;:&quot;&quot;,&quot;slug&quot;:&quot;geschichten-tansanias&quot;,&quot;post_date&quot;:&quot;2024-09-17T16:36&quot;,&quot;type&quot;:&quot;event-permanent&quot;,&quot;permalink&quot;:&quot;https:\\\/\\\/www.humboldtforum.org\\\/en\\\/programm\\\/dauerangebot\\\/exhibition\\\/geschichten-tansanias-137350\\\/&quot;,&quot;genre&quot;:[552,880],&quot;genre_details&quot;:[{&quot;text&quot;:&quot;Exhibition&quot;,&quot;id&quot;:552,&quot;icon&quot;:null,&quot;parent&quot;:0},{&quot;text&quot;:&quot;Programme&quot;,&quot;id&quot;:880,&quot;icon&quot;:null,&quot;parent&quot;:0}],&quot;stakeholder&quot;:[595],&quot;stakeholder_details&quot;:[{&quot;text&quot;:&quot;Stiftung Humboldt Forum im Berliner Schloss&quot;,&quot;id&quot;:595,&quot;icon&quot;:null,&quot;parent&quot;:0}],&quot;place&quot;:[1748,1955],&quot;place_details&quot;:{&quot;place&quot;:&quot;Ethnologisches Museum, 2. OG&quot;,&quot;map&quot;:&quot;Humboldt Forum, Schlossplatz, Berlin&quot;,&quot;room&quot;:&quot;&quot;},&quot;icon_overwrite&quot;:&quot;&quot;,&quot;acf&quot;:{&quot;planning&quot;:{&quot;price&quot;:&quot;9 EUR - Exhibition ticket for Ethnologische Sammlungen und Museum f\\u00fcr Asiatische Kunst required&quot;,&quot;status&quot;:&quot;BUY&quot;,&quot;info&quot;:&quot;9 EUR - Exhibition ticket for Ethnologische Sammlungen und Museum f\\u00fcr Asiatische Kunst required&quot;,&quot;shop&quot;:&quot;https:\\\/\\\/tickets.humboldtforum.org\\\/#\\\/tickets\\\/time?museum_id=1&amp;exhibition_id=17&amp;group=day&amp;date=2025-10-03&quot;,&quot;can_purchase&quot;:true},&quot;use_opening_hours_of_the_house&quot;:false,&quot;periods&quot;:[{&quot;label&quot;:&quot;&quot;,&quot;dates&quot;:[{&quot;start&quot;:&quot;202411290000&quot;,&quot;end&quot;:&quot;202511240000&quot;,&quot;has_end&quot;:false,&quot;start_HRFSHORT&quot;:&quot;29 Nov 2024&quot;,&quot;start_HRFSHORT_WD&quot;:&quot;Fri, 29 Nov 2024&quot;}],&quot;monday&quot;:[{&quot;start&quot;:&quot;10:30&quot;,&quot;end&quot;:&quot;18:30&quot;,&quot;closed&quot;:false}],&quot;tuesday&quot;:[{&quot;start&quot;:null,&quot;end&quot;:null,&quot;closed&quot;:true}],&quot;wednesday&quot;:[{&quot;start&quot;:&quot;10:30&quot;,&quot;end&quot;:&quot;18:30&quot;,&quot;closed&quot;:false}],&quot;thursday&quot;:[{&quot;start&quot;:&quot;10:30&quot;,&quot;end&quot;:&quot;18:30&quot;,&quot;closed&quot;:false}],&quot;friday&quot;:[{&quot;start&quot;:&quot;10:30&quot;,&quot;end&quot;:&quot;18:30&quot;,&quot;closed&quot;:false}],&quot;saturday&quot;:[{&quot;start&quot;:&quot;10:30&quot;,&quot;end&quot;:&quot;18:30&quot;,&quot;closed&quot;:false}],&quot;sunday&quot;:[{&quot;start&quot;:&quot;10:30&quot;,&quot;end&quot;:&quot;18:30&quot;,&quot;closed&quot;:false}],&quot;info&quot;:&quot;&quot;,&quot;description&quot;:&quot;&quot;}],&quot;display_as_single&quot;:false,&quot;additional_info&quot;:{&quot;icon&quot;:&quot;0&quot;,&quot;text&quot;:&quot;&quot;},&quot;highlight_header&quot;:true,&quot;use_video_in_teasers&quot;:false,&quot;hyphenation&quot;:true,&quot;tipp&quot;:false,&quot;joker&quot;:false,&quot;live&quot;:false,&quot;hide_event_in_program&quot;:false,&quot;highlight_header_image&quot;:138151,&quot;has_mobile_format&quot;:true,&quot;events&quot;:[136687,138142,136854,138744,138864,138876,138885,51643,138999,139031,139833,139840,139941,140196,140222,140346],&quot;noindex&quot;:false,&quot;keywords&quot;:&quot;&quot;,&quot;shorturl&quot;:&quot;&quot;,&quot;highlight_header_image_mobile&quot;:138153,&quot;announcement&quot;:&quot;For the time being until 30.11.2026&quot;,&quot;overwrite_date&quot;:&quot;For the time being until 30.11.2026&quot;,&quot;period_exception&quot;:[]},&quot;period_list&quot;:&quot;&lt;strong&gt;Opening hours&lt;\\\/strong&gt;\\nMon, Wed, Thu, Fri, Sat, Sun: 10:30 \\u2013 18:30  \\nTue: closed\\n\\n&quot;,&quot;period_exception&quot;:&quot;&quot;,&quot;date&quot;:{&quot;infinite&quot;:true,&quot;from_DATE&quot;:202411290000,&quot;from&quot;:1732876200,&quot;from_TIME&quot;:&quot;10:30&quot;,&quot;to&quot;:1820202120,&quot;to_DATE&quot;:202709050912,&quot;to_TIME&quot;:&quot;18:30&quot;,&quot;from_HRFSHORT&quot;:&quot;29 Nov 2024&quot;,&quot;from_HRFSHORT_WD&quot;:&quot;Fri, 29 Nov 2024&quot;,&quot;from_HRF&quot;:&quot;Fri, 29 November 2024&quot;,&quot;to_HRF&quot;:&quot;Mon,  6 September 2027&quot;,&quot;to_HRFSHORT&quot;:&quot; 6 Sep 2027&quot;,&quot;to_HRFSHORT_WD&quot;:&quot;Mon,  6 Sep 2027&quot;,&quot;from_to_HRF&quot;:&quot;Fri, 29 November 2024 \\u2013 Mon,  6 September 2027&quot;,&quot;from_to_HRFSHORT&quot;:&quot;29 Nov 2024 \\u2013  6 Sep 2027&quot;,&quot;NXX&quot;:&quot;202609050912&quot;,&quot;NLAST&quot;:&quot;202709060342&quot;,&quot;NX&quot;:&quot;20260905&quot;},&quot;alert&quot;:&quot;Highlight&quot;,&quot;partof&quot;:[],&quot;marketing_topic&quot;:&quot;&quot;}' inline-template>\n\t<a href=\"https:\/\/www.humboldtforum.org\/en\/programm\/dauerangebot\/exhibition\/geschichten-tansanias-137350\/\" class=\"teaser teaser-event-permanent teaser-event-standard\">\n\t\t<div class=\"row\">\n\t\t\t<div class=\"col-xs-12 teaser-event-image\">\n\t\t\t\t<div class=\"teaser-image teaser-image-no-alternate\">\n\t\t\t\t\t\t\t\t\t\t\t\t\t<span class=\"alert\">Highlight<\/span>\n\t\t\t\t\t\t\t\t\t\t\t\n\t<lazy-media-inline inline-template>\n\t\t<figure itemscope itemtype=\"http:\/\/schema.org\/ImageObject\" class=\"lazy-media-inline \" role=\"group\" id=\"media_6a9c896fcabad\" aria-labelledby=\"desc_media_6a9c896fcabad\">\n\t\t\t<script type=\"application\/json\" ref=\"data\">\n\t\t\t\t{\n\t\t\t\t\"sizes\" : {\"medium\":{\"file\":\"Tansania_Webteaser_hoch_1780x3040px-176x300.jpg\",\"width\":176,\"height\":300,\"mime-type\":\"image\\\/jpeg\",\"filesize\":16271},\"large\":{\"file\":\"Tansania_Webteaser_hoch_1780x3040px-600x1024.jpg\",\"width\":600,\"height\":1024,\"mime-type\":\"image\\\/jpeg\",\"filesize\":152663},\"thumbnail\":{\"file\":\"Tansania_Webteaser_hoch_1780x3040px-150x150.jpg\",\"width\":150,\"height\":150,\"mime-type\":\"image\\\/jpeg\",\"filesize\":8474},\"medium_large\":{\"file\":\"Tansania_Webteaser_hoch_1780x3040px-768x1312.jpg\",\"width\":768,\"height\":1312,\"mime-type\":\"image\\\/jpeg\",\"filesize\":228777},\"small\":{\"file\":\"Tansania_Webteaser_hoch_1780x3040px-258x440.jpg\",\"width\":258,\"height\":440,\"mime-type\":\"image\\\/jpeg\",\"filesize\":34378},\"semi\":{\"file\":\"Tansania_Webteaser_hoch_1780x3040px-340x580.jpg\",\"width\":340,\"height\":580,\"mime-type\":\"image\\\/jpeg\",\"filesize\":56797},\"mobile\":{\"file\":\"Tansania_Webteaser_hoch_1780x3040px-422x720.jpg\",\"width\":422,\"height\":720,\"mime-type\":\"image\\\/jpeg\",\"filesize\":83284},\"hd\":{\"file\":\"Tansania_Webteaser_hoch_1780x3040px-749x1280.jpg\",\"width\":749,\"height\":1280,\"mime-type\":\"image\\\/jpeg\",\"filesize\":220242},\"full\":{\"file\":\"Tansania_Webteaser_hoch_1780x3040px-1124x1920.jpg\",\"width\":1124,\"height\":1920,\"mime-type\":\"image\\\/jpeg\",\"filesize\":418014},\"1536x1536\":{\"file\":\"Tansania_Webteaser_hoch_1780x3040px-899x1536.jpg\",\"width\":899,\"height\":1536,\"mime-type\":\"image\\\/jpeg\",\"filesize\":295833},\"2048x2048\":{\"file\":\"Tansania_Webteaser_hoch_1780x3040px-1199x2048.jpg\",\"width\":1199,\"height\":2048,\"mime-type\":\"image\\\/jpeg\",\"filesize\":458877},\"original\":{\"file\":\"Tansania_Webteaser_hoch_1780x3040px.jpg\",\"width\":1780,\"height\":3040}},\n\t\t\t\t\"alt\" : \"Abstract geometric structures in bright yellow and blue tones that overlap and intertwine.\",\n\t\t\t\t\"path\" : \"\\\/wp-content\\\/uploads\\\/2024\\\/09\\\/\",\n\t\t\t\t\"video\" : null,\n\t\t\t\t\"autoplay\" : null,\n\t\t\t\t\"youtube\" : null,\n\t\t\t\t\"youtubelabel\" : \"Play video\",\n\t\t\t\t\"brightness\" : 100,\n\t\t\t\t\"crop\" : null,\n\t\t\t\t\"background\" : true,\n\t\t\t\t\"scale\" : 2\t\t\t\t}\n\t\t\t<\/script>\n\n\t\t\t<div class=\"height-container\" style=\"padding-bottom:170.78651685393%;\" v-if=\"sizes\">\n\t\t\t\t\t\t\t\t<lazy-media :inline=\"true\" :alt=\"alt\" :sizes=\"sizes\" :scale=\"scale\" :brightness=\"brightness\" :path=\"path\" :video=\"video\" :autoplay=\"autoplay\" :youtube=\"youtube\" :crop=\"crop\" :youtubelabel=\"youtubelabel\" :background=\"background\" media-id=\"desc_media_6a9c896fcabad\"><\/lazy-media>\n\t\t\t\t\t\t\t<\/div>\n\n\t\t\t\t\t\t\t<figcaption class=\"sr-only\" ref=\"body\" id=\"desc_media_6a9c896fcabad\">\n\t\t\t\t\t\t\t\t\t\t\t<div>View of the exhibition installation<\/div>\n\t\t\t\t\t\t\t\t\t\t\t\t\t\t\t\t\t\t\t\t\t<div class=\"insignificant\">\u00a9 Stiftung Humboldtforum im Berliner Schloss \/ Studio Gr\u00fcnder Kirfel, Foto: Michael Degener<\/div>\n\t\t\t\t\t\t\t\t\t<\/figcaption>\n\t\t\t\t\t<\/figure>\n\t<\/lazy-media-inline>\n\t\t\t\t<\/div>\n\t\t\t<\/div>\n\t\t\t<div class=\"col-xs-12 teaser-event-text Infos\">\n\t\t\t\t<div class=\"teaser-event-standard-text\">\n\t\t\t\t\t<div class=\"margin-bottom-atom\">\n\t\t\t\t\t\t<div class=\"subline clamp-1\" v-html=\"maingenre\"><\/div>\n\t\t\t\t\t\t\t\t\t\t\t<\/div>\n\t\t\t\t\n\t\t\t\t\t<strong class=\"margin-bottom-atom\">Histories of Tanzania<\/strong>\n\n\t\t\t\t\t\t\t\t\t\t\t<div class=\"\"><\/div>\n\t\t\t\t\t\t\t\t\t<\/div>\n\t\t\t\t<div class=\"teaser-bottom border-bottom\">\n\t\t\t\t<calendardateline :rawitem='item' :show-icon=\"true\"><\/calendardateline>\n\t\t\t\t\t<hr>\n\t\t\t\t<\/div>\n\t\t\t<\/div>\n\t\t<\/div>\n\t<\/a>\n\t<\/calendarteaser>\n<\/li>\n\n\t\t\t\t\t\t<\/ul>\n\t\t\t\t\t<\/div>\n\t\t\t\t<\/div>\n\t\t\t<\/teaser-lane-with-buttons>\n\t\t\t\t<\/lazy-component>\n<\/section>\n\n\n\n<section class=\"block block-teaser col-lane \" style=\"\">\n\t<lazy-component :fixed-min-height=\"400\">\n\t\n\t\t\t\t\t<teaser-lane-with-buttons inline-template tracking-label=\"events\">\n\t\t\t\t<div class=\"teaser-lane-with-buttons\">\n\t\t\t\t\t<div class=\"container-fluid\">\n\t\t\t\t\t\t<div class=\"row bottom-xs\">\n\t\t\t\t\t\t\t<div class=\"col-xs-12 col-md-8\">\n\t\t\t\t\t\t\t\t\t\t\t\t\t\t\t\t\t<h4>events<\/h4>\t\t\t\t\t\t\t\t\t\t\t\t\t\t\t\t\t\t\t\t\t\t\t\t<\/div>\n\t\t\t\t\t\t\t<div class=\"col-xs-12 col-md-4 start-xs end-md margin-bottom-sixth teaser-lane-buttons-wrapper teaser-lane-buttons-wrapper-with-tax\">\n\t\t\t\t\t\t\t\t<a href=\"https:\/\/www.humboldtforum.org\/en\/programme-2\/?&#038;genre=566,567,832,848,569,844,570,576,1079,1022,840,1300,830,846,826,803,574,1162,828,872,850,1028,834,1023,824,855,838\" class=\"normalcase small noborder\" role=\"button\">Show all (53)<\/a>\t\t\t\t\t\t\t\t<teaser-lane-buttons :visible_prev=\"visible_prev\" :visible_next=\"visible_next\" @prev=\"prev\" @next=\"next\"><\/teaser-lane-buttons>\n\t\t\t\t\t\t\t<\/div>\n\t\t\t\t\t\t<\/div>\n\t\t\t\t\t<\/div>\n\t\t\t\t\t<div class=\"teaser-lane-wrapper\">\n\t\t\t\t\t\t<ul class=\"teaser-lane\">\n\t\t\t\t\t\t\t\t\t\t\t\t\t\t<li class=\"teaser-lane-slide col-xs-9 col-sm-4 col-md-3 teaser-wrapper col-padding-remove\">\n\t<calendarteaser key=\"1344518518\" rawitem='{&quot;postId&quot;:134451,&quot;title&quot;:&quot;Speak out and become a leader&quot;,&quot;excerpt&quot;:&quot;&quot;,&quot;slug&quot;:&quot;speak-out-and-become-a-leader&quot;,&quot;post_date&quot;:&quot;2024-08-08T15:17&quot;,&quot;type&quot;:&quot;event&quot;,&quot;permalink&quot;:&quot;https:\\\/\\\/www.humboldtforum.org\\\/en\\\/programm\\\/termin\\\/reading\\\/speak-out-and-become-a-leader-134451\\\/&quot;,&quot;genre&quot;:[1162,824],&quot;genre_details&quot;:[{&quot;text&quot;:&quot;Reading&quot;,&quot;id&quot;:1162,&quot;icon&quot;:null,&quot;parent&quot;:0},{&quot;text&quot;:&quot;Theatre&quot;,&quot;id&quot;:824,&quot;icon&quot;:null,&quot;parent&quot;:0}],&quot;stakeholder&quot;:[595],&quot;stakeholder_details&quot;:[{&quot;text&quot;:&quot;Stiftung Humboldt Forum im Berliner Schloss&quot;,&quot;id&quot;:595,&quot;icon&quot;:null,&quot;parent&quot;:0}],&quot;targetgroup&quot;:[714],&quot;targetgroup_details&quot;:[{&quot;text&quot;:&quot;Children and families&quot;,&quot;id&quot;:714,&quot;icon&quot;:null,&quot;parent&quot;:0}],&quot;language&quot;:[579],&quot;language_details&quot;:[{&quot;text&quot;:&quot;German&quot;,&quot;id&quot;:579,&quot;icon&quot;:null,&quot;parent&quot;:0}],&quot;accessability&quot;:[596],&quot;accessability_details&quot;:[{&quot;text&quot;:&quot;Accessible for wheelchairs&quot;,&quot;id&quot;:596,&quot;icon&quot;:null,&quot;parent&quot;:0}],&quot;age&quot;:[703],&quot;age_details&quot;:[{&quot;text&quot;:&quot;children (3-6 years)&quot;,&quot;id&quot;:703,&quot;icon&quot;:null,&quot;parent&quot;:0}],&quot;place&quot;:[604],&quot;place_details&quot;:{&quot;place&quot;:&quot;Humboldt Forum&quot;,&quot;map&quot;:&quot;Humboldt Forum, Schlossplatz, Berlin&quot;,&quot;room&quot;:&quot;Ground Floor, Hall 3&quot;},&quot;icon_overwrite&quot;:&quot;&quot;,&quot;acf&quot;:{&quot;hashtag&quot;:&quot;HumboldtForum&quot;,&quot;planning&quot;:{&quot;price&quot;:&quot;4 EUR \\\/ reduced 2 EUR&quot;,&quot;admission&quot;:&quot;&quot;,&quot;pause&quot;:&quot;&quot;,&quot;duration&quot;:&quot;&quot;},&quot;subline&quot;:&quot;Codetermination is important!&quot;,&quot;additional_info&quot;:{&quot;icon&quot;:&quot;icon-pin&quot;,&quot;text&quot;:&quot;The entrance to Hall 3 is in the Schl\\u00fcter Courtyard next to the Sculpture Hall.&quot;},&quot;highlight_header&quot;:false,&quot;featured_images&quot;:[134431,134429,134433],&quot;use_video_in_teasers&quot;:false,&quot;hyphenation&quot;:true,&quot;tipp&quot;:false,&quot;joker&quot;:false,&quot;live&quot;:false,&quot;hide_event_in_program&quot;:false,&quot;gomus_id&quot;:&quot;&quot;,&quot;tickettext&quot;:&quot;Please book your ticket in advance online or at the box office in the Foyer.&quot;,&quot;infotext&quot;:&quot;We kindly ask for your understanding that adults are only permitted to participate in the program when accompanied by children.&quot;,&quot;noindex&quot;:false,&quot;keywords&quot;:&quot;&quot;,&quot;belongsto&quot;:[32405,119504],&quot;shorturl&quot;:&quot;&quot;,&quot;hm_id&quot;:&quot;&quot;,&quot;times&quot;:[{&quot;start&quot;:&quot;20260905 13:00&quot;,&quot;end&quot;:&quot;13:30&quot;,&quot;status&quot;:&quot;BUY&quot;,&quot;info&quot;:&quot;4 EUR \\\/ reduced 2 EUR&quot;,&quot;shop&quot;:&quot;https:\\\/\\\/tickets.humboldtforum.org\\\/#\\\/product\\\/event\\\/142?date=2026-09-05&amp;date_id=29554&amp;lang=en&quot;,&quot;i&quot;:0,&quot;start_hour&quot;:&quot;13:00&quot;,&quot;start_HRF&quot;:&quot;Sat,  5 September 2026&quot;,&quot;_date&quot;:{&quot;date&quot;:&quot;2026-09-05 13:30:00.000000&quot;,&quot;timezone_type&quot;:3,&quot;timezone&quot;:&quot;Europe\\\/Berlin&quot;},&quot;_fromdate&quot;:&quot;20260905 13:00&quot;,&quot;start_TS&quot;:1788606000,&quot;start_HRFSHORT&quot;:&quot;05 Sep 2026&quot;,&quot;start_HRFSHORT_WD&quot;:&quot;Sat, 05 Sep 2026&quot;,&quot;end_TS&quot;:1788607800,&quot;can_purchase&quot;:true},{&quot;start&quot;:&quot;20261017 15:00&quot;,&quot;end&quot;:&quot;15:30&quot;,&quot;status&quot;:&quot;BUY&quot;,&quot;info&quot;:&quot;4 EUR \\\/ reduced 2 EUR&quot;,&quot;shop&quot;:&quot;https:\\\/\\\/tickets.humboldtforum.org\\\/#\\\/product\\\/event\\\/142?date=2026-10-17&amp;date_id=29830&amp;lang=en&quot;,&quot;i&quot;:1,&quot;start_hour&quot;:&quot;15:00&quot;,&quot;start_HRF&quot;:&quot;Sat, 17 October 2026&quot;,&quot;_date&quot;:{&quot;date&quot;:&quot;2026-10-17 15:30:00.000000&quot;,&quot;timezone_type&quot;:3,&quot;timezone&quot;:&quot;Europe\\\/Berlin&quot;},&quot;_fromdate&quot;:&quot;20261017 15:00&quot;,&quot;start_TS&quot;:1792242000,&quot;start_HRFSHORT&quot;:&quot;17 Oct 2026&quot;,&quot;start_HRFSHORT_WD&quot;:&quot;Sat, 17 Oct 2026&quot;,&quot;end_TS&quot;:1792243800,&quot;can_purchase&quot;:true}]},&quot;date&quot;:{&quot;NX&quot;:&quot;20260905&quot;,&quot;NXX&quot;:&quot;202609051300&quot;,&quot;NLAST&quot;:&quot;202610171100&quot;,&quot;from_DATE&quot;:&quot;20260905 13:00&quot;,&quot;from&quot;:1788598800,&quot;to&quot;:1792234800,&quot;to_DATE&quot;:&quot;20261017 15:00&quot;,&quot;from_HRFSHORT&quot;:&quot; 5 Sep 2026&quot;,&quot;from_HRFSHORT_WD&quot;:&quot;05 Sep 2026&quot;,&quot;to_HRFSHORT&quot;:&quot;17 Oct 2026&quot;,&quot;to_HRFSHORT_WD&quot;:&quot;17 Oct 2026&quot;,&quot;from_HRF&quot;:&quot;Sat,  5 September 2026&quot;,&quot;to_HRF&quot;:&quot;Sat, 17 October 2026&quot;,&quot;from_to_HRF&quot;:&quot;Sat,  5 September \\u2013 Sat, 17 October 2026&quot;,&quot;from_to_HRFSHORT&quot;:&quot; 5 Sep \\u2013 17 Oct 2026&quot;},&quot;alert&quot;:null,&quot;partof&quot;:[&quot;32405&quot;],&quot;marketing_topic&quot;:{&quot;title&quot;:&quot;Picture Book Cinema&quot;,&quot;ID&quot;:&quot;32405&quot;,&quot;reason&quot;:&quot;sequence&quot;}}' inline-template>\n\t<a href=\"https:\/\/www.humboldtforum.org\/en\/programm\/termin\/reading\/speak-out-and-become-a-leader-134451\/\" class=\"teaser teaser-event teaser-event-standard\">\n\t\t<div class=\"row\">\n\t\t\t<div class=\"col-xs-12 teaser-event-image\">\n\t\t\t\t<div class=\"teaser-image teaser-image-no-alternate\">\n\t\t\t\t\t\t\t\t\t\t\t\n\t<lazy-media-inline inline-template>\n\t\t<figure itemscope itemtype=\"http:\/\/schema.org\/ImageObject\" class=\"lazy-media-inline \" role=\"group\" id=\"media_6a9c8970267a0\" aria-labelledby=\"desc_media_6a9c8970267a0\">\n\t\t\t<script type=\"application\/json\" ref=\"data\">\n\t\t\t\t{\n\t\t\t\t\"sizes\" : {\"medium\":{\"file\":\"SHF_eb00228641-225x300.jpg\",\"width\":225,\"height\":300,\"mime-type\":\"image\\\/jpeg\",\"filesize\":20719},\"large\":{\"file\":\"SHF_eb00228641-768x1024.jpg\",\"width\":768,\"height\":1024,\"mime-type\":\"image\\\/jpeg\",\"filesize\":145546},\"thumbnail\":{\"file\":\"SHF_eb00228641-150x150.jpg\",\"width\":150,\"height\":150,\"mime-type\":\"image\\\/jpeg\",\"filesize\":8024},\"medium_large\":{\"file\":\"SHF_eb00228641-768x1024.jpg\",\"width\":768,\"height\":1024,\"mime-type\":\"image\\\/jpeg\",\"filesize\":145546},\"small\":{\"file\":\"SHF_eb00228641-330x440.jpg\",\"width\":330,\"height\":440,\"mime-type\":\"image\\\/jpeg\",\"filesize\":38297},\"semi\":{\"file\":\"SHF_eb00228641-435x580.jpg\",\"width\":435,\"height\":580,\"mime-type\":\"image\\\/jpeg\",\"filesize\":59472},\"mobile\":{\"file\":\"SHF_eb00228641-540x720.jpg\",\"width\":540,\"height\":720,\"mime-type\":\"image\\\/jpeg\",\"filesize\":83652},\"hd\":{\"file\":\"SHF_eb00228641-960x1280.jpg\",\"width\":960,\"height\":1280,\"mime-type\":\"image\\\/jpeg\",\"filesize\":208272},\"full\":{\"file\":\"SHF_eb00228641-1440x1920.jpg\",\"width\":1440,\"height\":1920,\"mime-type\":\"image\\\/jpeg\",\"filesize\":390089},\"1536x1536\":{\"file\":\"SHF_eb00228641-1152x1536.jpg\",\"width\":1152,\"height\":1536,\"mime-type\":\"image\\\/jpeg\",\"filesize\":276470},\"2048x2048\":{\"file\":\"SHF_eb00228641-1536x2048.jpg\",\"width\":1536,\"height\":2048,\"mime-type\":\"image\\\/jpeg\",\"filesize\":430175},\"original\":{\"file\":\"SHF_eb00228641.jpg\",\"width\":1600,\"height\":2133}},\n\t\t\t\t\"alt\" : \"Book cover: An elephant and animals in the jungle, with the title \\\"Being a Decider: How Elvis Invented Democracy.\\\"\",\n\t\t\t\t\"path\" : \"\\\/wp-content\\\/uploads\\\/2024\\\/08\\\/\",\n\t\t\t\t\"video\" : null,\n\t\t\t\t\"autoplay\" : null,\n\t\t\t\t\"youtube\" : null,\n\t\t\t\t\"youtubelabel\" : \"Play video\",\n\t\t\t\t\"brightness\" : 100,\n\t\t\t\t\"crop\" : {\"top\":\"73.65\",\"left\":\"49.27\"},\n\t\t\t\t\"background\" : true,\n\t\t\t\t\"scale\" : 2\t\t\t\t}\n\t\t\t<\/script>\n\n\t\t\t<div class=\"height-container\" style=\"padding-bottom:133.3125%;\" v-if=\"sizes\">\n\t\t\t\t\t\t\t\t<lazy-media :inline=\"true\" :alt=\"alt\" :sizes=\"sizes\" :scale=\"scale\" :brightness=\"brightness\" :path=\"path\" :video=\"video\" :autoplay=\"autoplay\" :youtube=\"youtube\" :crop=\"crop\" :youtubelabel=\"youtubelabel\" :background=\"background\" media-id=\"desc_media_6a9c8970267a0\"><\/lazy-media>\n\t\t\t\t\t\t\t<\/div>\n\n\t\t\t\t\t\t\t<figcaption class=\"sr-only\" ref=\"body\" id=\"desc_media_6a9c8970267a0\">\n\t\t\t\t\t\t\t\t\t\t\t<div>Book cover &quot;Bestimmer sein &ndash; Wie Elvis die Demokratie erfand&quot; by Katja Reider and Cornelia Haas<\/div>\n\t\t\t\t\t\t\t\t\t\t\t\t\t\t\t\t\t\t\t\t\t<div class=\"insignificant\">\u00a9 Hanser Literaturverlage<\/div>\n\t\t\t\t\t\t\t\t\t<\/figcaption>\n\t\t\t\t\t<\/figure>\n\t<\/lazy-media-inline>\n\t\t\t\t<\/div>\n\t\t\t<\/div>\n\t\t\t<div class=\"col-xs-12 teaser-event-text Infos\">\n\t\t\t\t<div class=\"teaser-event-standard-text\">\n\t\t\t\t\t<div class=\"margin-bottom-atom\">\n\t\t\t\t\t\t<div class=\"subline clamp-1\" v-html=\"maingenre\"><\/div>\n\t\t\t\t\t\t\t\t\t\t\t\t\t<div class=\"insignificant clamp-2\">Picture Book Cinema<\/div>\n\t\t\t\t\t\t\t\t\t\t\t<\/div>\n\t\t\t\t\n\t\t\t\t\t<strong class=\"margin-bottom-atom\">Speak out and become a leader<\/strong>\n\n\t\t\t\t\t\t\t\t\t\t\t<div class=\"\">Codetermination is important!<\/div>\n\t\t\t\t\t\t\t\t\t<\/div>\n\t\t\t\t<div class=\"teaser-bottom border-bottom\">\n\t\t\t\t<calendardateline :rawitem='item' :show-icon=\"true\"><\/calendardateline>\n\t\t\t\t\t<hr>\n\t\t\t\t<\/div>\n\t\t\t<\/div>\n\t\t<\/div>\n\t<\/a>\n\t<\/calendarteaser>\n<\/li>\n\n<li class=\"teaser-lane-slide col-xs-9 col-sm-4 col-md-3 teaser-wrapper col-padding-remove\">\n\t<calendarteaser key=\"13444711148\" rawitem='{&quot;postId&quot;:134447,&quot;title&quot;:&quot;Disco son and demo what?&quot;,&quot;excerpt&quot;:&quot;&quot;,&quot;slug&quot;:&quot;disco-son-and-demo-what&quot;,&quot;post_date&quot;:&quot;2024-08-08T15:15&quot;,&quot;type&quot;:&quot;event&quot;,&quot;permalink&quot;:&quot;https:\\\/\\\/www.humboldtforum.org\\\/en\\\/programm\\\/termin\\\/reading\\\/disco-son-and-demo-what-134447\\\/&quot;,&quot;genre&quot;:[1162,824],&quot;genre_details&quot;:[{&quot;text&quot;:&quot;Reading&quot;,&quot;id&quot;:1162,&quot;icon&quot;:null,&quot;parent&quot;:0},{&quot;text&quot;:&quot;Theatre&quot;,&quot;id&quot;:824,&quot;icon&quot;:null,&quot;parent&quot;:0}],&quot;stakeholder&quot;:[595],&quot;stakeholder_details&quot;:[{&quot;text&quot;:&quot;Stiftung Humboldt Forum im Berliner Schloss&quot;,&quot;id&quot;:595,&quot;icon&quot;:null,&quot;parent&quot;:0}],&quot;targetgroup&quot;:[714],&quot;targetgroup_details&quot;:[{&quot;text&quot;:&quot;Children and families&quot;,&quot;id&quot;:714,&quot;icon&quot;:null,&quot;parent&quot;:0}],&quot;language&quot;:[579],&quot;language_details&quot;:[{&quot;text&quot;:&quot;German&quot;,&quot;id&quot;:579,&quot;icon&quot;:null,&quot;parent&quot;:0}],&quot;accessability&quot;:[596],&quot;accessability_details&quot;:[{&quot;text&quot;:&quot;Accessible for wheelchairs&quot;,&quot;id&quot;:596,&quot;icon&quot;:null,&quot;parent&quot;:0}],&quot;age&quot;:[703],&quot;age_details&quot;:[{&quot;text&quot;:&quot;children (3-6 years)&quot;,&quot;id&quot;:703,&quot;icon&quot;:null,&quot;parent&quot;:0}],&quot;place&quot;:[604],&quot;place_details&quot;:{&quot;place&quot;:&quot;Humboldt Forum&quot;,&quot;map&quot;:&quot;Humboldt Forum, Schlossplatz, Berlin&quot;,&quot;room&quot;:&quot;Ground Floor, Hall 3&quot;},&quot;icon_overwrite&quot;:&quot;&quot;,&quot;acf&quot;:{&quot;hashtag&quot;:&quot;HumboldtForum&quot;,&quot;planning&quot;:{&quot;price&quot;:&quot;4 EUR \\\/ reduced 2 EUR&quot;,&quot;admission&quot;:&quot;&quot;,&quot;pause&quot;:&quot;&quot;,&quot;duration&quot;:&quot;30&quot;},&quot;subline&quot;:&quot;How does democracy work?&quot;,&quot;additional_info&quot;:{&quot;icon&quot;:&quot;icon-pin&quot;,&quot;text&quot;:&quot;The entrance to Hall 3 is in the Schl\\u00fcter Courtyard next to the Sculpture Hall.&quot;},&quot;highlight_header&quot;:false,&quot;featured_images&quot;:[134440,134442],&quot;use_video_in_teasers&quot;:false,&quot;hyphenation&quot;:true,&quot;tipp&quot;:false,&quot;joker&quot;:false,&quot;live&quot;:false,&quot;hide_event_in_program&quot;:false,&quot;gomus_id&quot;:&quot;&quot;,&quot;tickettext&quot;:&quot;Please book your ticket in advance online or at the box office in the Foyer.&quot;,&quot;infotext&quot;:&quot;We kindly ask for your understanding that adults are only permitted to participate in the program when accompanied by children.&quot;,&quot;noindex&quot;:false,&quot;keywords&quot;:&quot;&quot;,&quot;belongsto&quot;:[32405],&quot;shorturl&quot;:&quot;&quot;,&quot;hm_id&quot;:&quot;&quot;,&quot;times&quot;:[{&quot;start&quot;:&quot;20260905 14:00&quot;,&quot;end&quot;:&quot;14:30&quot;,&quot;status&quot;:&quot;BUY&quot;,&quot;info&quot;:&quot;4 EUR \\\/ reduced 2 EUR&quot;,&quot;shop&quot;:&quot;https:\\\/\\\/tickets.humboldtforum.org\\\/#\\\/product\\\/event\\\/142?date=2026-09-05&amp;date_id=29555&amp;lang=en&quot;,&quot;i&quot;:1,&quot;start_hour&quot;:&quot;14:00&quot;,&quot;start_HRF&quot;:&quot;Sat,  5 September 2026&quot;,&quot;_date&quot;:{&quot;date&quot;:&quot;2026-09-05 14:30:00.000000&quot;,&quot;timezone_type&quot;:3,&quot;timezone&quot;:&quot;Europe\\\/Berlin&quot;},&quot;_fromdate&quot;:&quot;20260905 14:00&quot;,&quot;start_TS&quot;:1788609600,&quot;start_HRFSHORT&quot;:&quot;05 Sep 2026&quot;,&quot;start_HRFSHORT_WD&quot;:&quot;Sat, 05 Sep 2026&quot;,&quot;end_TS&quot;:1788611400,&quot;can_purchase&quot;:true}]},&quot;date&quot;:{&quot;NX&quot;:&quot;20260905&quot;,&quot;NXX&quot;:&quot;202609051400&quot;,&quot;NLAST&quot;:&quot;202609051000&quot;,&quot;from_DATE&quot;:&quot;20260404 14:00&quot;,&quot;from&quot;:1775296800,&quot;to&quot;:1788602400,&quot;to_DATE&quot;:&quot;20260905 14:00&quot;,&quot;from_HRFSHORT&quot;:&quot; 4 Apr 2026&quot;,&quot;from_HRFSHORT_WD&quot;:&quot;04 Apr 2026&quot;,&quot;to_HRFSHORT&quot;:&quot; 5 Sep 2026&quot;,&quot;to_HRFSHORT_WD&quot;:&quot;05 Sep 2026&quot;,&quot;from_HRF&quot;:&quot;Sat,  4 April 2026&quot;,&quot;to_HRF&quot;:&quot;Sat,  5 September 2026&quot;,&quot;from_to_HRF&quot;:&quot;Sat,  4 April \\u2013 Sat,  5 September 2026&quot;,&quot;from_to_HRFSHORT&quot;:&quot; 4 Apr \\u2013  5 Sep 2026&quot;},&quot;alert&quot;:null,&quot;partof&quot;:[&quot;32405&quot;],&quot;marketing_topic&quot;:{&quot;title&quot;:&quot;Picture Book Cinema&quot;,&quot;ID&quot;:&quot;32405&quot;,&quot;reason&quot;:&quot;sequence&quot;}}' inline-template>\n\t<a href=\"https:\/\/www.humboldtforum.org\/en\/programm\/termin\/reading\/disco-son-and-demo-what-134447\/\" class=\"teaser teaser-event teaser-event-standard\">\n\t\t<div class=\"row\">\n\t\t\t<div class=\"col-xs-12 teaser-event-image\">\n\t\t\t\t<div class=\"teaser-image teaser-image-no-alternate\">\n\t\t\t\t\t\t\t\t\t\t\t\n\t<lazy-media-inline inline-template>\n\t\t<figure itemscope itemtype=\"http:\/\/schema.org\/ImageObject\" class=\"lazy-media-inline \" role=\"group\" id=\"media_6a9c897028224\" aria-labelledby=\"desc_media_6a9c897028224\">\n\t\t\t<script type=\"application\/json\" ref=\"data\">\n\t\t\t\t{\n\t\t\t\t\"sizes\" : {\"medium\":{\"file\":\"SHF_eb00228644-235x300.jpg\",\"width\":235,\"height\":300,\"mime-type\":\"image\\\/jpeg\",\"filesize\":17666},\"large\":{\"file\":\"SHF_eb00228644-804x1024.jpg\",\"width\":804,\"height\":1024,\"mime-type\":\"image\\\/jpeg\",\"filesize\":117912},\"thumbnail\":{\"file\":\"SHF_eb00228644-150x150.jpg\",\"width\":150,\"height\":150,\"mime-type\":\"image\\\/jpeg\",\"filesize\":7416},\"medium_large\":{\"file\":\"SHF_eb00228644-768x978.jpg\",\"width\":768,\"height\":978,\"mime-type\":\"image\\\/jpeg\",\"filesize\":110471},\"small\":{\"file\":\"SHF_eb00228644-345x440.jpg\",\"width\":345,\"height\":440,\"mime-type\":\"image\\\/jpeg\",\"filesize\":31536},\"semi\":{\"file\":\"SHF_eb00228644-455x580.jpg\",\"width\":455,\"height\":580,\"mime-type\":\"image\\\/jpeg\",\"filesize\":49196},\"mobile\":{\"file\":\"SHF_eb00228644-565x720.jpg\",\"width\":565,\"height\":720,\"mime-type\":\"image\\\/jpeg\",\"filesize\":68467},\"original\":{\"file\":\"SHF_eb00228644.jpg\",\"width\":945,\"height\":1204}},\n\t\t\t\t\"alt\" : \"A cheerful lion holds a sign that reads \\\"I am for myself\\\" in a colorful landscape.\",\n\t\t\t\t\"path\" : \"\\\/wp-content\\\/uploads\\\/2024\\\/08\\\/\",\n\t\t\t\t\"video\" : null,\n\t\t\t\t\"autoplay\" : null,\n\t\t\t\t\"youtube\" : null,\n\t\t\t\t\"youtubelabel\" : \"Play video\",\n\t\t\t\t\"brightness\" : 100,\n\t\t\t\t\"crop\" : {\"top\":\"50.00\",\"left\":\"50.00\"},\n\t\t\t\t\"background\" : true,\n\t\t\t\t\"scale\" : 2\t\t\t\t}\n\t\t\t<\/script>\n\n\t\t\t<div class=\"height-container\" style=\"padding-bottom:127.40740740741%;\" v-if=\"sizes\">\n\t\t\t\t\t\t\t\t<lazy-media :inline=\"true\" :alt=\"alt\" :sizes=\"sizes\" :scale=\"scale\" :brightness=\"brightness\" :path=\"path\" :video=\"video\" :autoplay=\"autoplay\" :youtube=\"youtube\" :crop=\"crop\" :youtubelabel=\"youtubelabel\" :background=\"background\" media-id=\"desc_media_6a9c897028224\"><\/lazy-media>\n\t\t\t\t\t\t\t<\/div>\n\n\t\t\t\t\t\t\t<figcaption class=\"sr-only\" ref=\"body\" id=\"desc_media_6a9c897028224\">\n\t\t\t\t\t\t\t\t\t\t\t<div>Book cover &quot;Ich bin f&uuml;r mich&quot; by Martin Baltscheit and Christine Schwarz<\/div>\n\t\t\t\t\t\t\t\t\t\t\t\t\t\t\t\t\t\t\t\t\t<div class=\"insignificant\">\u00a9 Verlagsgruppe Beltz<\/div>\n\t\t\t\t\t\t\t\t\t<\/figcaption>\n\t\t\t\t\t<\/figure>\n\t<\/lazy-media-inline>\n\t\t\t\t<\/div>\n\t\t\t<\/div>\n\t\t\t<div class=\"col-xs-12 teaser-event-text Infos\">\n\t\t\t\t<div class=\"teaser-event-standard-text\">\n\t\t\t\t\t<div class=\"margin-bottom-atom\">\n\t\t\t\t\t\t<div class=\"subline clamp-1\" v-html=\"maingenre\"><\/div>\n\t\t\t\t\t\t\t\t\t\t\t\t\t<div class=\"insignificant clamp-2\">Picture Book Cinema<\/div>\n\t\t\t\t\t\t\t\t\t\t\t<\/div>\n\t\t\t\t\n\t\t\t\t\t<strong class=\"margin-bottom-atom\">Disco son and demo what?<\/strong>\n\n\t\t\t\t\t\t\t\t\t\t\t<div class=\"\">How does democracy work?<\/div>\n\t\t\t\t\t\t\t\t\t<\/div>\n\t\t\t\t<div class=\"teaser-bottom border-bottom\">\n\t\t\t\t<calendardateline :rawitem='item' :show-icon=\"true\"><\/calendardateline>\n\t\t\t\t\t<hr>\n\t\t\t\t<\/div>\n\t\t\t<\/div>\n\t\t<\/div>\n\t<\/a>\n\t<\/calendarteaser>\n<\/li>\n\n<li class=\"teaser-lane-slide col-xs-9 col-sm-4 col-md-3 teaser-wrapper col-padding-remove\">\n\t<calendarteaser key=\"3856113647\" rawitem='{&quot;postId&quot;:38561,&quot;title&quot;:&quot;Colourful Palaces&quot;,&quot;excerpt&quot;:&quot;&quot;,&quot;slug&quot;:&quot;bunte-palaeste&quot;,&quot;post_date&quot;:&quot;2022-01-14T12:33&quot;,&quot;type&quot;:&quot;event&quot;,&quot;permalink&quot;:&quot;https:\\\/\\\/www.humboldtforum.org\\\/en\\\/programm\\\/termin\\\/drop-in-en\\\/bunte-palaeste-38561\\\/&quot;,&quot;genre&quot;:[840],&quot;genre_details&quot;:[{&quot;text&quot;:&quot;Drop-In&quot;,&quot;id&quot;:840,&quot;icon&quot;:null,&quot;parent&quot;:0}],&quot;topic&quot;:[590],&quot;topic_details&quot;:[{&quot;text&quot;:&quot;History and Architecture of the Site&quot;,&quot;id&quot;:590,&quot;icon&quot;:null,&quot;parent&quot;:0}],&quot;stakeholder&quot;:[595],&quot;stakeholder_details&quot;:[{&quot;text&quot;:&quot;Stiftung Humboldt Forum im Berliner Schloss&quot;,&quot;id&quot;:595,&quot;icon&quot;:null,&quot;parent&quot;:0}],&quot;targetgroup&quot;:[714],&quot;targetgroup_details&quot;:[{&quot;text&quot;:&quot;Children and families&quot;,&quot;id&quot;:714,&quot;icon&quot;:null,&quot;parent&quot;:0}],&quot;language&quot;:[580,579],&quot;language_details&quot;:[{&quot;text&quot;:&quot;English&quot;,&quot;id&quot;:580,&quot;icon&quot;:null,&quot;parent&quot;:0},{&quot;text&quot;:&quot;German&quot;,&quot;id&quot;:579,&quot;icon&quot;:null,&quot;parent&quot;:0}],&quot;place&quot;:[1729,1035],&quot;place_details&quot;:{&quot;place&quot;:&quot;Werkraum 2, 1. OG&quot;,&quot;map&quot;:&quot;Humboldt Forum, Schlossplatz, Berlin&quot;,&quot;room&quot;:&quot;Workshops, First Floor&quot;},&quot;icon_overwrite&quot;:&quot;&quot;,&quot;acf&quot;:{&quot;keywords&quot;:&quot;&quot;,&quot;hashtag&quot;:&quot;HumboldtForum&quot;,&quot;planning&quot;:{&quot;price&quot;:&quot;free admission&quot;,&quot;admission&quot;:&quot;&quot;,&quot;pause&quot;:&quot;&quot;,&quot;duration&quot;:&quot;&quot;},&quot;marketing_text&quot;:&quot;Drop-In for Children &amp; Families&quot;,&quot;use_video_in_teasers&quot;:false,&quot;hide_event_in_program&quot;:false,&quot;noindex&quot;:false,&quot;belongsto&quot;:false,&quot;shorturl&quot;:&quot;&quot;,&quot;times&quot;:[{&quot;start&quot;:&quot;20260905 14:00&quot;,&quot;end&quot;:&quot;17:00&quot;,&quot;status&quot;:&quot;JOIN&quot;,&quot;info&quot;:&quot;free admission&quot;,&quot;shop&quot;:&quot;&quot;,&quot;i&quot;:0,&quot;start_hour&quot;:&quot;14:00&quot;,&quot;start_HRF&quot;:&quot;Sat,  5 September 2026&quot;,&quot;_date&quot;:{&quot;date&quot;:&quot;2026-09-05 17:00:00.000000&quot;,&quot;timezone_type&quot;:3,&quot;timezone&quot;:&quot;Europe\\\/Berlin&quot;},&quot;_fromdate&quot;:&quot;20260905 14:00&quot;,&quot;start_TS&quot;:1788609600,&quot;start_HRFSHORT&quot;:&quot;05 Sep 2026&quot;,&quot;start_HRFSHORT_WD&quot;:&quot;Sat, 05 Sep 2026&quot;,&quot;end_TS&quot;:1788620400,&quot;can_purchase&quot;:false},{&quot;start&quot;:&quot;20261003 14:00&quot;,&quot;end&quot;:&quot;17:00&quot;,&quot;status&quot;:&quot;JOIN&quot;,&quot;info&quot;:&quot;free admission&quot;,&quot;shop&quot;:&quot;&quot;,&quot;i&quot;:1,&quot;start_hour&quot;:&quot;14:00&quot;,&quot;start_HRF&quot;:&quot;Sat,  3 October 2026&quot;,&quot;_date&quot;:{&quot;date&quot;:&quot;2026-10-03 17:00:00.000000&quot;,&quot;timezone_type&quot;:3,&quot;timezone&quot;:&quot;Europe\\\/Berlin&quot;},&quot;_fromdate&quot;:&quot;20261003 14:00&quot;,&quot;start_TS&quot;:1791028800,&quot;start_HRFSHORT&quot;:&quot;03 Oct 2026&quot;,&quot;start_HRFSHORT_WD&quot;:&quot;Sat, 03 Oct 2026&quot;,&quot;end_TS&quot;:1791039600,&quot;can_purchase&quot;:false},{&quot;start&quot;:&quot;20261031 14:00&quot;,&quot;end&quot;:&quot;17:00&quot;,&quot;status&quot;:&quot;JOIN&quot;,&quot;info&quot;:&quot;free admission&quot;,&quot;shop&quot;:&quot;&quot;,&quot;i&quot;:2,&quot;start_hour&quot;:&quot;14:00&quot;,&quot;start_HRF&quot;:&quot;Sat, 31 October 2026&quot;,&quot;_date&quot;:{&quot;date&quot;:&quot;2026-10-31 17:00:00.000000&quot;,&quot;timezone_type&quot;:3,&quot;timezone&quot;:&quot;Europe\\\/Berlin&quot;},&quot;_fromdate&quot;:&quot;20261031 14:00&quot;,&quot;start_TS&quot;:1793451600,&quot;start_HRFSHORT&quot;:&quot;31 Oct 2026&quot;,&quot;start_HRFSHORT_WD&quot;:&quot;Sat, 31 Oct 2026&quot;,&quot;end_TS&quot;:1793462400,&quot;can_purchase&quot;:false}],&quot;additional_info&quot;:{&quot;icon&quot;:&quot;icon-alterfreigabe&quot;,&quot;text&quot;:&quot;3 to 103 years&quot;},&quot;highlight_header&quot;:false,&quot;featured_images&quot;:[133040],&quot;hyphenation&quot;:true,&quot;tipp&quot;:false,&quot;joker&quot;:false,&quot;live&quot;:false,&quot;tickettext&quot;:&quot;It is not necessary to book a ticket in advance. Feel free to come directly to the workrooms on the 1st floor.&quot;,&quot;hm_id&quot;:&quot;&quot;,&quot;gomus_id&quot;:&quot;&quot;},&quot;date&quot;:{&quot;NX&quot;:&quot;20260905&quot;,&quot;NXX&quot;:&quot;202609051400&quot;,&quot;NLAST&quot;:&quot;202610311100&quot;,&quot;from_DATE&quot;:&quot;20260905 14:00&quot;,&quot;from&quot;:1788602400,&quot;to&quot;:1793444400,&quot;to_DATE&quot;:&quot;20261031 14:00&quot;,&quot;from_HRFSHORT&quot;:&quot; 5 Sep 2026&quot;,&quot;from_HRFSHORT_WD&quot;:&quot;05 Sep 2026&quot;,&quot;to_HRFSHORT&quot;:&quot;31 Oct 2026&quot;,&quot;to_HRFSHORT_WD&quot;:&quot;31 Oct 2026&quot;,&quot;from_HRF&quot;:&quot;Sat,  5 September 2026&quot;,&quot;to_HRF&quot;:&quot;Sat, 31 October 2026&quot;,&quot;from_to_HRF&quot;:&quot;Sat,  5 September \\u2013 Sat, 31 October 2026&quot;,&quot;from_to_HRFSHORT&quot;:&quot; 5 Sep \\u2013 31 Oct 2026&quot;},&quot;alert&quot;:null,&quot;partof&quot;:[],&quot;marketing_topic&quot;:{&quot;title&quot;:&quot;History and Architecture of the Site&quot;,&quot;0&quot;:&quot;topic&quot;}}' inline-template>\n\t<a href=\"https:\/\/www.humboldtforum.org\/en\/programm\/termin\/drop-in-en\/bunte-palaeste-38561\/\" class=\"teaser teaser-event teaser-event-standard\">\n\t\t<div class=\"row\">\n\t\t\t<div class=\"col-xs-12 teaser-event-image\">\n\t\t\t\t<div class=\"teaser-image teaser-image-no-alternate\">\n\t\t\t\t\t\t\t\t\t\t\t\n\t<lazy-media-inline inline-template>\n\t\t<figure itemscope itemtype=\"http:\/\/schema.org\/ImageObject\" class=\"lazy-media-inline \" role=\"group\" id=\"media_6a9c897029950\" aria-labelledby=\"desc_media_6a9c897029950\">\n\t\t\t<script type=\"application\/json\" ref=\"data\">\n\t\t\t\t{\n\t\t\t\t\"sizes\" : {\"medium\":{\"file\":\"SHF_eb00226162-300x200.jpg\",\"width\":300,\"height\":200,\"mime-type\":\"image\\\/jpeg\",\"filesize\":14332},\"large\":{\"file\":\"SHF_eb00226162-1024x683.jpg\",\"width\":1024,\"height\":683,\"mime-type\":\"image\\\/jpeg\",\"filesize\":91792},\"thumbnail\":{\"file\":\"SHF_eb00226162-150x150.jpg\",\"width\":150,\"height\":150,\"mime-type\":\"image\\\/jpeg\",\"filesize\":6909},\"medium_large\":{\"file\":\"SHF_eb00226162-768x512.jpg\",\"width\":768,\"height\":512,\"mime-type\":\"image\\\/jpeg\",\"filesize\":58542},\"small\":{\"file\":\"SHF_eb00226162-440x293.jpg\",\"width\":440,\"height\":293,\"mime-type\":\"image\\\/jpeg\",\"filesize\":25360},\"semi\":{\"file\":\"SHF_eb00226162-580x387.jpg\",\"width\":580,\"height\":387,\"mime-type\":\"image\\\/jpeg\",\"filesize\":38692},\"mobile\":{\"file\":\"SHF_eb00226162-720x480.jpg\",\"width\":720,\"height\":480,\"mime-type\":\"image\\\/jpeg\",\"filesize\":53106},\"hd\":{\"file\":\"SHF_eb00226162-1280x854.jpg\",\"width\":1280,\"height\":854,\"mime-type\":\"image\\\/jpeg\",\"filesize\":129161},\"full\":{\"file\":\"SHF_eb00226162-1920x1280.jpg\",\"width\":1920,\"height\":1280,\"mime-type\":\"image\\\/jpeg\",\"filesize\":241805},\"1536x1536\":{\"file\":\"SHF_eb00226162-1536x1024.jpg\",\"width\":1536,\"height\":1024,\"mime-type\":\"image\\\/jpeg\",\"filesize\":170441},\"2048x2048\":{\"file\":\"SHF_eb00226162-2048x1366.jpg\",\"width\":2048,\"height\":1366,\"mime-type\":\"image\\\/jpeg\",\"filesize\":268373},\"original\":{\"file\":\"SHF_eb00226162.jpg\",\"width\":2500,\"height\":1667}},\n\t\t\t\t\"alt\" : \"A child builds a model from cardboard and craft materials in a creative workshop.\",\n\t\t\t\t\"path\" : \"\\\/wp-content\\\/uploads\\\/2022\\\/01\\\/\",\n\t\t\t\t\"video\" : null,\n\t\t\t\t\"autoplay\" : null,\n\t\t\t\t\"youtube\" : null,\n\t\t\t\t\"youtubelabel\" : \"Play video\",\n\t\t\t\t\"brightness\" : 100,\n\t\t\t\t\"crop\" : null,\n\t\t\t\t\"background\" : true,\n\t\t\t\t\"scale\" : 2\t\t\t\t}\n\t\t\t<\/script>\n\n\t\t\t<div class=\"height-container\" style=\"padding-bottom:66.68%;\" v-if=\"sizes\">\n\t\t\t\t\t\t\t\t<lazy-media :inline=\"true\" :alt=\"alt\" :sizes=\"sizes\" :scale=\"scale\" :brightness=\"brightness\" :path=\"path\" :video=\"video\" :autoplay=\"autoplay\" :youtube=\"youtube\" :crop=\"crop\" :youtubelabel=\"youtubelabel\" :background=\"background\" media-id=\"desc_media_6a9c897029950\"><\/lazy-media>\n\t\t\t\t\t\t\t<\/div>\n\n\t\t\t\t\t\t\t<figcaption class=\"sr-only\" ref=\"body\" id=\"desc_media_6a9c897029950\">\n\t\t\t\t\t\t\t\t\t\t\t<div>Themed day &quot;Endless Palace&quot;<\/div>\n\t\t\t\t\t\t\t\t\t\t\t\t\t\t\t\t\t\t\t\t\t<div class=\"insignificant\">\u00a9 Stiftung Humboldt Forum im Berliner Schloss, Foto: Stefanie Loos<\/div>\n\t\t\t\t\t\t\t\t\t<\/figcaption>\n\t\t\t\t\t<\/figure>\n\t<\/lazy-media-inline>\n\t\t\t\t<\/div>\n\t\t\t<\/div>\n\t\t\t<div class=\"col-xs-12 teaser-event-text Infos\">\n\t\t\t\t<div class=\"teaser-event-standard-text\">\n\t\t\t\t\t<div class=\"margin-bottom-atom\">\n\t\t\t\t\t\t<div class=\"subline clamp-1\" v-html=\"maingenre\"><\/div>\n\t\t\t\t\t\t\t\t\t\t\t\t\t<div class=\"insignificant clamp-2\">History and Architecture of the Site<\/div>\n\t\t\t\t\t\t\t\t\t\t\t<\/div>\n\t\t\t\t\n\t\t\t\t\t<strong class=\"margin-bottom-atom\">Colourful Palaces<\/strong>\n\n\t\t\t\t\t\t\t\t\t\t\t<div class=\"\">Drop-In for Children &#038; Families<\/div>\n\t\t\t\t\t\t\t\t\t<\/div>\n\t\t\t\t<div class=\"teaser-bottom border-bottom\">\n\t\t\t\t<calendardateline :rawitem='item' :show-icon=\"true\"><\/calendardateline>\n\t\t\t\t\t<hr>\n\t\t\t\t<\/div>\n\t\t\t<\/div>\n\t\t<\/div>\n\t<\/a>\n\t<\/calendarteaser>\n<\/li>\n\n<li class=\"teaser-lane-slide col-xs-9 col-sm-4 col-md-3 teaser-wrapper col-padding-remove\">\n\t<calendarteaser key=\"436153961\" rawitem='{&quot;postId&quot;:43615,&quot;title&quot;:&quot;Anyone can be a Museum&quot;,&quot;excerpt&quot;:&quot;Come and listen to a reading of the picture books \\&quot;Ein Museum nur f\\u00fcr mich\\&quot; by Emma Lewis, and \\&quot;Kubbes Museum\\&quot; by \\u00c5shild Kanstad Johnsen&quot;,&quot;slug&quot;:&quot;jeder-kann-museum&quot;,&quot;post_date&quot;:&quot;2022-05-30T11:35&quot;,&quot;type&quot;:&quot;event&quot;,&quot;permalink&quot;:&quot;https:\\\/\\\/www.humboldtforum.org\\\/en\\\/programm\\\/termin\\\/reading\\\/jeder-kann-museum-43615\\\/&quot;,&quot;genre&quot;:[1162,824],&quot;genre_details&quot;:[{&quot;text&quot;:&quot;Reading&quot;,&quot;id&quot;:1162,&quot;icon&quot;:null,&quot;parent&quot;:0},{&quot;text&quot;:&quot;Theatre&quot;,&quot;id&quot;:824,&quot;icon&quot;:null,&quot;parent&quot;:0}],&quot;stakeholder&quot;:[595],&quot;stakeholder_details&quot;:[{&quot;text&quot;:&quot;Stiftung Humboldt Forum im Berliner Schloss&quot;,&quot;id&quot;:595,&quot;icon&quot;:null,&quot;parent&quot;:0}],&quot;targetgroup&quot;:[714],&quot;targetgroup_details&quot;:[{&quot;text&quot;:&quot;Children and families&quot;,&quot;id&quot;:714,&quot;icon&quot;:null,&quot;parent&quot;:0}],&quot;language&quot;:[579,1420],&quot;language_details&quot;:[{&quot;text&quot;:&quot;German&quot;,&quot;id&quot;:579,&quot;icon&quot;:null,&quot;parent&quot;:0},{&quot;text&quot;:&quot;Ukrainian&quot;,&quot;id&quot;:1420,&quot;icon&quot;:null,&quot;parent&quot;:0}],&quot;accessability&quot;:[596],&quot;accessability_details&quot;:[{&quot;text&quot;:&quot;Accessible for wheelchairs&quot;,&quot;id&quot;:596,&quot;icon&quot;:null,&quot;parent&quot;:0}],&quot;age&quot;:[703],&quot;age_details&quot;:[{&quot;text&quot;:&quot;children (3-6 years)&quot;,&quot;id&quot;:703,&quot;icon&quot;:null,&quot;parent&quot;:0}],&quot;place&quot;:[604],&quot;place_details&quot;:{&quot;place&quot;:&quot;Humboldt Forum&quot;,&quot;map&quot;:&quot;Humboldt Forum, Schlossplatz, Berlin&quot;,&quot;room&quot;:&quot;Ground Floor, Hall 3&quot;},&quot;icon_overwrite&quot;:&quot;&quot;,&quot;acf&quot;:{&quot;hashtag&quot;:&quot;HumboldtForum&quot;,&quot;times&quot;:[{&quot;start&quot;:&quot;20260905 15:00&quot;,&quot;end&quot;:&quot;15:30&quot;,&quot;status&quot;:&quot;BUY&quot;,&quot;info&quot;:&quot;4 EUR \\\/ reduced 2 EUR&quot;,&quot;shop&quot;:&quot;https:\\\/\\\/tickets.humboldtforum.org\\\/#\\\/product\\\/event\\\/142?date=2026-09-05&amp;date_id=29556&amp;lang=en&quot;,&quot;i&quot;:0,&quot;start_hour&quot;:&quot;15:00&quot;,&quot;start_HRF&quot;:&quot;Sat,  5 September 2026&quot;,&quot;_date&quot;:{&quot;date&quot;:&quot;2026-09-05 15:30:00.000000&quot;,&quot;timezone_type&quot;:3,&quot;timezone&quot;:&quot;Europe\\\/Berlin&quot;},&quot;_fromdate&quot;:&quot;20260905 15:00&quot;,&quot;start_TS&quot;:1788613200,&quot;start_HRFSHORT&quot;:&quot;05 Sep 2026&quot;,&quot;start_HRFSHORT_WD&quot;:&quot;Sat, 05 Sep 2026&quot;,&quot;end_TS&quot;:1788615000,&quot;can_purchase&quot;:true},{&quot;start&quot;:&quot;20261018 15:00&quot;,&quot;end&quot;:&quot;15:30&quot;,&quot;status&quot;:&quot;BUY&quot;,&quot;info&quot;:&quot;4 EUR \\\/ reduced 2 EUR&quot;,&quot;shop&quot;:&quot;https:\\\/\\\/tickets.humboldtforum.org\\\/#\\\/product\\\/event\\\/142?date=2026-10-18&amp;date_id=29833&amp;lang=en&quot;,&quot;i&quot;:1,&quot;start_hour&quot;:&quot;15:00&quot;,&quot;start_HRF&quot;:&quot;Sun, 18 October 2026&quot;,&quot;_date&quot;:{&quot;date&quot;:&quot;2026-10-18 15:30:00.000000&quot;,&quot;timezone_type&quot;:3,&quot;timezone&quot;:&quot;Europe\\\/Berlin&quot;},&quot;_fromdate&quot;:&quot;20261018 15:00&quot;,&quot;start_TS&quot;:1792328400,&quot;start_HRFSHORT&quot;:&quot;18 Oct 2026&quot;,&quot;start_HRFSHORT_WD&quot;:&quot;Sun, 18 Oct 2026&quot;,&quot;end_TS&quot;:1792330200,&quot;can_purchase&quot;:true}],&quot;planning&quot;:{&quot;price&quot;:&quot;4 EUR \\\/ reduced 2 EUR&quot;,&quot;admission&quot;:&quot;&quot;,&quot;pause&quot;:&quot;&quot;,&quot;duration&quot;:&quot;30&quot;},&quot;subline&quot;:&quot;How I learn to collect and store things&quot;,&quot;marketing_text&quot;:&quot;How I learn to collect and store things&quot;,&quot;infotext&quot;:&quot;We kindly ask for your understanding that adults are only permitted to participate in the program when accompanied by children.&quot;,&quot;additional_info&quot;:{&quot;icon&quot;:&quot;icon-pin&quot;,&quot;text&quot;:&quot;The entrance to Hall 3 is in the Schl\\u00fcter Courtyard next to the Sculpture Hall.&quot;},&quot;highlight_header&quot;:false,&quot;featured_images&quot;:[43609],&quot;use_video_in_teasers&quot;:false,&quot;hyphenation&quot;:true,&quot;tipp&quot;:false,&quot;joker&quot;:false,&quot;live&quot;:false,&quot;hide_event_in_program&quot;:false,&quot;shorttext&quot;:&quot;Come and listen to a reading of the picture books \\&quot;Ein Museum nur f\\u00fcr mich\\&quot; by Emma Lewis, and \\&quot;Kubbes Museum\\&quot; by \\u00c5shild Kanstad Johnsen&quot;,&quot;noindex&quot;:false,&quot;keywords&quot;:&quot;&quot;,&quot;shorturl&quot;:&quot;&quot;,&quot;hm_id&quot;:&quot;&quot;,&quot;gomus_id&quot;:&quot;&quot;,&quot;belongsto&quot;:[32405]},&quot;date&quot;:{&quot;NX&quot;:&quot;20260905&quot;,&quot;NXX&quot;:&quot;202609051500&quot;,&quot;NLAST&quot;:&quot;202610181100&quot;,&quot;from_DATE&quot;:&quot;20260905 15:00&quot;,&quot;from&quot;:1788606000,&quot;to&quot;:1792321200,&quot;to_DATE&quot;:&quot;20261018 15:00&quot;,&quot;from_HRFSHORT&quot;:&quot; 5 Sep 2026&quot;,&quot;from_HRFSHORT_WD&quot;:&quot;05 Sep 2026&quot;,&quot;to_HRFSHORT&quot;:&quot;18 Oct 2026&quot;,&quot;to_HRFSHORT_WD&quot;:&quot;18 Oct 2026&quot;,&quot;from_HRF&quot;:&quot;Sat,  5 September 2026&quot;,&quot;to_HRF&quot;:&quot;Sun, 18 October 2026&quot;,&quot;from_to_HRF&quot;:&quot;Sat,  5 September \\u2013 Sun, 18 October 2026&quot;,&quot;from_to_HRFSHORT&quot;:&quot; 5 Sep \\u2013 18 Oct 2026&quot;},&quot;alert&quot;:null,&quot;partof&quot;:[&quot;32405&quot;],&quot;marketing_topic&quot;:{&quot;title&quot;:&quot;Picture Book Cinema&quot;,&quot;ID&quot;:&quot;32405&quot;,&quot;reason&quot;:&quot;sequence&quot;}}' inline-template>\n\t<a href=\"https:\/\/www.humboldtforum.org\/en\/programm\/termin\/reading\/jeder-kann-museum-43615\/\" class=\"teaser teaser-event teaser-event-standard\">\n\t\t<div class=\"row\">\n\t\t\t<div class=\"col-xs-12 teaser-event-image\">\n\t\t\t\t<div class=\"teaser-image teaser-image-no-alternate\">\n\t\t\t\t\t\t\t\t\t\t\t\n\t<lazy-media-inline inline-template>\n\t\t<figure itemscope itemtype=\"http:\/\/schema.org\/ImageObject\" class=\"lazy-media-inline \" role=\"group\" id=\"media_6a9c89702b2c9\" aria-labelledby=\"desc_media_6a9c89702b2c9\">\n\t\t\t<script type=\"application\/json\" ref=\"data\">\n\t\t\t\t{\n\t\t\t\t\"sizes\" : {\"medium\":{\"file\":\"JederkannMuseum-Collage-300x169.jpg\",\"width\":300,\"height\":169,\"mime-type\":\"image\\\/jpeg\"},\"large\":{\"file\":\"JederkannMuseum-Collage-1024x576.jpg\",\"width\":1024,\"height\":576,\"mime-type\":\"image\\\/jpeg\"},\"thumbnail\":{\"file\":\"JederkannMuseum-Collage-150x150.jpg\",\"width\":150,\"height\":150,\"mime-type\":\"image\\\/jpeg\"},\"medium_large\":{\"file\":\"JederkannMuseum-Collage-768x432.jpg\",\"width\":768,\"height\":432,\"mime-type\":\"image\\\/jpeg\"},\"small\":{\"file\":\"JederkannMuseum-Collage-440x248.jpg\",\"width\":440,\"height\":248,\"mime-type\":\"image\\\/jpeg\"},\"semi\":{\"file\":\"JederkannMuseum-Collage-580x326.jpg\",\"width\":580,\"height\":326,\"mime-type\":\"image\\\/jpeg\"},\"mobile\":{\"file\":\"JederkannMuseum-Collage-720x405.jpg\",\"width\":720,\"height\":405,\"mime-type\":\"image\\\/jpeg\"},\"original\":{\"file\":\"JederkannMuseum-Collage.jpg\",\"width\":1280,\"height\":720}},\n\t\t\t\t\"alt\" : \"Two book covers: \\\"A Museum Just for Me\\\" and \\\"K\\u00fcbbes Museum,\\\" both in an illustrative style.\",\n\t\t\t\t\"path\" : \"\\\/wp-content\\\/uploads\\\/2022\\\/05\\\/\",\n\t\t\t\t\"video\" : null,\n\t\t\t\t\"autoplay\" : null,\n\t\t\t\t\"youtube\" : null,\n\t\t\t\t\"youtubelabel\" : \"Play video\",\n\t\t\t\t\"brightness\" : 100,\n\t\t\t\t\"crop\" : null,\n\t\t\t\t\"background\" : true,\n\t\t\t\t\"scale\" : 2\t\t\t\t}\n\t\t\t<\/script>\n\n\t\t\t<div class=\"height-container\" style=\"padding-bottom:56.25%;\" v-if=\"sizes\">\n\t\t\t\t\t\t\t\t<lazy-media :inline=\"true\" :alt=\"alt\" :sizes=\"sizes\" :scale=\"scale\" :brightness=\"brightness\" :path=\"path\" :video=\"video\" :autoplay=\"autoplay\" :youtube=\"youtube\" :crop=\"crop\" :youtubelabel=\"youtubelabel\" :background=\"background\" media-id=\"desc_media_6a9c89702b2c9\"><\/lazy-media>\n\t\t\t\t\t\t\t<\/div>\n\n\t\t\t\t\t\t\t<figcaption class=\"sr-only\" ref=\"body\" id=\"desc_media_6a9c89702b2c9\">\n\t\t\t\t\t\t\t\t\t\t\t\t\t\t\t\t\t\t\t\t\t<div class=\"insignificant\">\u00a9 2017, Prestel Verlag, M\u00fcnchen, London, New York in der Verlagsgruppe Random House GmbH, Neum\r\n2013 by ONKEL &#038; ONKEL Berlin<\/div>\n\t\t\t\t\t\t\t\t\t<\/figcaption>\n\t\t\t\t\t<\/figure>\n\t<\/lazy-media-inline>\n\t\t\t\t<\/div>\n\t\t\t<\/div>\n\t\t\t<div class=\"col-xs-12 teaser-event-text Infos\">\n\t\t\t\t<div class=\"teaser-event-standard-text\">\n\t\t\t\t\t<div class=\"margin-bottom-atom\">\n\t\t\t\t\t\t<div class=\"subline clamp-1\" v-html=\"maingenre\"><\/div>\n\t\t\t\t\t\t\t\t\t\t\t\t\t<div class=\"insignificant clamp-2\">Picture Book Cinema<\/div>\n\t\t\t\t\t\t\t\t\t\t\t<\/div>\n\t\t\t\t\n\t\t\t\t\t<strong class=\"margin-bottom-atom\">Anyone can be a Museum<\/strong>\n\n\t\t\t\t\t\t\t\t\t\t\t<div class=\"\">How I learn to collect and store things<\/div>\n\t\t\t\t\t\t\t\t\t<\/div>\n\t\t\t\t<div class=\"teaser-bottom border-bottom\">\n\t\t\t\t<calendardateline :rawitem='item' :show-icon=\"true\"><\/calendardateline>\n\t\t\t\t\t<hr>\n\t\t\t\t<\/div>\n\t\t\t<\/div>\n\t\t<\/div>\n\t<\/a>\n\t<\/calendarteaser>\n<\/li>\n\n<li class=\"teaser-lane-slide col-xs-9 col-sm-4 col-md-3 teaser-wrapper col-padding-remove\">\n\t<calendarteaser key=\"7278220832\" rawitem='{&quot;postId&quot;:72782,&quot;title&quot;:&quot;Mystical dimensions&quot;,&quot;excerpt&quot;:&quot;&quot;,&quot;slug&quot;:&quot;rumis-treasury-of-love&quot;,&quot;post_date&quot;:&quot;2023-02-21T11:38&quot;,&quot;type&quot;:&quot;event&quot;,&quot;permalink&quot;:&quot;https:\\\/\\\/www.humboldtforum.org\\\/en\\\/programm\\\/termin\\\/literature\\\/rumis-treasury-of-love-72782\\\/&quot;,&quot;genre&quot;:[574,1162],&quot;genre_details&quot;:[{&quot;text&quot;:&quot;Literature&quot;,&quot;id&quot;:574,&quot;icon&quot;:null,&quot;parent&quot;:0},{&quot;text&quot;:&quot;Reading&quot;,&quot;id&quot;:1162,&quot;icon&quot;:null,&quot;parent&quot;:0}],&quot;stakeholder&quot;:[595],&quot;stakeholder_details&quot;:[{&quot;text&quot;:&quot;Stiftung Humboldt Forum im Berliner Schloss&quot;,&quot;id&quot;:595,&quot;icon&quot;:null,&quot;parent&quot;:0}],&quot;place&quot;:[601],&quot;place_details&quot;:{&quot;place&quot;:&quot;Humboldt Forum&quot;,&quot;map&quot;:&quot;Humboldt Forum, Schlossplatz, Berlin&quot;,&quot;room&quot;:&quot;3rd floor&quot;},&quot;icon_overwrite&quot;:&quot;&quot;,&quot;acf&quot;:{&quot;hashtag&quot;:&quot;HumboldtForum&quot;,&quot;times&quot;:[{&quot;start&quot;:&quot;20260905 17:00&quot;,&quot;end&quot;:&quot;18:00&quot;,&quot;status&quot;:&quot;BUY&quot;,&quot;info&quot;:&quot;Admission with an exhibition ticket for the Ethnological Collections and the Museum f\\u00fcr Asiatische Kunst \\u2013 9 EUR&quot;,&quot;shop&quot;:&quot;https:\\\/\\\/tickets.humboldtforum.org\\\/#\\\/tickets\\\/time?museum_id=1&amp;exhibition_id=17&amp;group=day&amp;date=2025-12-06&quot;,&quot;i&quot;:11,&quot;start_hour&quot;:&quot;17:00&quot;,&quot;start_HRF&quot;:&quot;Sat,  5 September 2026&quot;,&quot;_date&quot;:{&quot;date&quot;:&quot;2026-09-05 18:00:00.000000&quot;,&quot;timezone_type&quot;:3,&quot;timezone&quot;:&quot;Europe\\\/Berlin&quot;},&quot;_fromdate&quot;:&quot;20260905 17:00&quot;,&quot;start_TS&quot;:1788620400,&quot;start_HRFSHORT&quot;:&quot;05 Sep 2026&quot;,&quot;start_HRFSHORT_WD&quot;:&quot;Sat, 05 Sep 2026&quot;,&quot;end_TS&quot;:1788624000,&quot;can_purchase&quot;:true},{&quot;start&quot;:&quot;20261003 17:00&quot;,&quot;end&quot;:&quot;18:00&quot;,&quot;status&quot;:&quot;BUY&quot;,&quot;info&quot;:&quot;Admission with an exhibition ticket for the Ethnological Collections and the Museum f\\u00fcr Asiatische Kunst \\u2013 9 EUR&quot;,&quot;shop&quot;:&quot;https:\\\/\\\/tickets.humboldtforum.org\\\/#\\\/tickets\\\/time?museum_id=1&amp;exhibition_id=17&amp;group=day&amp;date=2025-12-06&quot;,&quot;i&quot;:12,&quot;start_hour&quot;:&quot;17:00&quot;,&quot;start_HRF&quot;:&quot;Sat,  3 October 2026&quot;,&quot;_date&quot;:{&quot;date&quot;:&quot;2026-10-03 18:00:00.000000&quot;,&quot;timezone_type&quot;:3,&quot;timezone&quot;:&quot;Europe\\\/Berlin&quot;},&quot;_fromdate&quot;:&quot;20261003 17:00&quot;,&quot;start_TS&quot;:1791039600,&quot;start_HRFSHORT&quot;:&quot;03 Oct 2026&quot;,&quot;start_HRFSHORT_WD&quot;:&quot;Sat, 03 Oct 2026&quot;,&quot;end_TS&quot;:1791043200,&quot;can_purchase&quot;:true},{&quot;start&quot;:&quot;20261107 17:00&quot;,&quot;end&quot;:&quot;18:00&quot;,&quot;status&quot;:&quot;BUY&quot;,&quot;info&quot;:&quot;Admission with an exhibition ticket for the Ethnological Collections and the Museum f\\u00fcr Asiatische Kunst \\u2013 9 EUR&quot;,&quot;shop&quot;:&quot;https:\\\/\\\/tickets.humboldtforum.org\\\/#\\\/tickets\\\/time?museum_id=1&amp;exhibition_id=17&amp;group=day&amp;date=2025-12-06&quot;,&quot;i&quot;:13,&quot;start_hour&quot;:&quot;17:00&quot;,&quot;start_HRF&quot;:&quot;Sat,  7 November 2026&quot;,&quot;_date&quot;:{&quot;date&quot;:&quot;2026-11-07 18:00:00.000000&quot;,&quot;timezone_type&quot;:3,&quot;timezone&quot;:&quot;Europe\\\/Berlin&quot;},&quot;_fromdate&quot;:&quot;20261107 17:00&quot;,&quot;start_TS&quot;:1794067200,&quot;start_HRFSHORT&quot;:&quot;07 Nov 2026&quot;,&quot;start_HRFSHORT_WD&quot;:&quot;Sat, 07 Nov 2026&quot;,&quot;end_TS&quot;:1794070800,&quot;can_purchase&quot;:true},{&quot;start&quot;:&quot;20261205 17:00&quot;,&quot;end&quot;:&quot;18:00&quot;,&quot;status&quot;:&quot;BUY&quot;,&quot;info&quot;:&quot;Admission with an exhibition ticket for the Ethnological Collections and the Museum f\\u00fcr Asiatische Kunst \\u2013 9 EUR&quot;,&quot;shop&quot;:&quot;https:\\\/\\\/tickets.humboldtforum.org\\\/#\\\/tickets\\\/time?museum_id=1&amp;exhibition_id=17&amp;group=day&amp;date=2025-12-06&quot;,&quot;i&quot;:14,&quot;start_hour&quot;:&quot;17:00&quot;,&quot;start_HRF&quot;:&quot;Sat,  5 December 2026&quot;,&quot;_date&quot;:{&quot;date&quot;:&quot;2026-12-05 18:00:00.000000&quot;,&quot;timezone_type&quot;:3,&quot;timezone&quot;:&quot;Europe\\\/Berlin&quot;},&quot;_fromdate&quot;:&quot;20261205 17:00&quot;,&quot;start_TS&quot;:1796486400,&quot;start_HRFSHORT&quot;:&quot;05 Dec 2026&quot;,&quot;start_HRFSHORT_WD&quot;:&quot;Sat, 05 Dec 2026&quot;,&quot;end_TS&quot;:1796490000,&quot;can_purchase&quot;:true}],&quot;planning&quot;:{&quot;price&quot;:&quot;&quot;,&quot;admission&quot;:&quot;&quot;,&quot;pause&quot;:&quot;&quot;,&quot;duration&quot;:&quot;60&quot;},&quot;subline&quot;:&quot;On the trail of famous Sufis&quot;,&quot;additional_info&quot;:{&quot;icon&quot;:&quot;0&quot;,&quot;text&quot;:&quot;&quot;},&quot;highlight_header&quot;:false,&quot;use_video_in_teasers&quot;:false,&quot;hyphenation&quot;:true,&quot;tipp&quot;:false,&quot;joker&quot;:false,&quot;live&quot;:false,&quot;hide_event_in_program&quot;:false,&quot;gomus_id&quot;:&quot;&quot;,&quot;hm_id&quot;:&quot;&quot;,&quot;featured_images&quot;:[139672],&quot;belongsto&quot;:[52038],&quot;noindex&quot;:false,&quot;keywords&quot;:&quot;&quot;,&quot;shorturl&quot;:&quot;&quot;},&quot;date&quot;:{&quot;NX&quot;:&quot;20260905&quot;,&quot;NXX&quot;:&quot;202609051700&quot;,&quot;NLAST&quot;:&quot;202612051400&quot;,&quot;from_DATE&quot;:&quot;20251004 17:00&quot;,&quot;from&quot;:1759582800,&quot;to&quot;:1796479200,&quot;to_DATE&quot;:&quot;20261205 17:00&quot;,&quot;from_HRFSHORT&quot;:&quot; 4 Oct 2025&quot;,&quot;from_HRFSHORT_WD&quot;:&quot;04 Oct 2025&quot;,&quot;to_HRFSHORT&quot;:&quot; 5 Dec 2026&quot;,&quot;to_HRFSHORT_WD&quot;:&quot;05 Dec 2026&quot;,&quot;from_HRF&quot;:&quot;Sat,  4 October 2025&quot;,&quot;to_HRF&quot;:&quot;Sat,  5 December 2026&quot;,&quot;from_to_HRF&quot;:&quot;Sat,  4 October 2025 \\u2013 Sat,  5 December 2026&quot;,&quot;from_to_HRFSHORT&quot;:&quot; 4 Oct 2025 \\u2013  5 Dec 2026&quot;},&quot;alert&quot;:null,&quot;partof&quot;:[],&quot;marketing_topic&quot;:{&quot;title&quot;:&quot;Ethnological Collections and Asian Art&quot;,&quot;ID&quot;:52038,&quot;reason&quot;:&quot;belongsto&quot;}}' inline-template>\n\t<a href=\"https:\/\/www.humboldtforum.org\/en\/programm\/termin\/literature\/rumis-treasury-of-love-72782\/\" class=\"teaser teaser-event teaser-event-standard\">\n\t\t<div class=\"row\">\n\t\t\t<div class=\"col-xs-12 teaser-event-image\">\n\t\t\t\t<div class=\"teaser-image teaser-image-no-alternate\">\n\t\t\t\t\t\t\t\t\t\t\t\n\t<lazy-media-inline inline-template>\n\t\t<figure itemscope itemtype=\"http:\/\/schema.org\/ImageObject\" class=\"lazy-media-inline \" role=\"group\" id=\"media_6a9c89702cf18\" aria-labelledby=\"desc_media_6a9c89702cf18\">\n\t\t\t<script type=\"application\/json\" ref=\"data\">\n\t\t\t\t{\n\t\t\t\t\"sizes\" : {\"medium\":{\"file\":\"SHF_eb00234312-300x200.jpg\",\"width\":300,\"height\":200,\"mime-type\":\"image\\\/jpeg\",\"filesize\":12902},\"large\":{\"file\":\"SHF_eb00234312-1024x682.jpg\",\"width\":1024,\"height\":682,\"mime-type\":\"image\\\/jpeg\",\"filesize\":78290},\"thumbnail\":{\"file\":\"SHF_eb00234312-150x150.jpg\",\"width\":150,\"height\":150,\"mime-type\":\"image\\\/jpeg\",\"filesize\":6077},\"medium_large\":{\"file\":\"SHF_eb00234312-768x512.jpg\",\"width\":768,\"height\":512,\"mime-type\":\"image\\\/jpeg\",\"filesize\":50619},\"small\":{\"file\":\"SHF_eb00234312-440x293.jpg\",\"width\":440,\"height\":293,\"mime-type\":\"image\\\/jpeg\",\"filesize\":22376},\"semi\":{\"file\":\"SHF_eb00234312-580x387.jpg\",\"width\":580,\"height\":387,\"mime-type\":\"image\\\/jpeg\",\"filesize\":33583},\"mobile\":{\"file\":\"SHF_eb00234312-720x480.jpg\",\"width\":720,\"height\":480,\"mime-type\":\"image\\\/jpeg\",\"filesize\":45709},\"original\":{\"file\":\"SHF_eb00234312.jpg\",\"width\":1280,\"height\":853}},\n\t\t\t\t\"alt\" : \"Dancers in traditional white garments perform a Sufi whirling dance in a modern interior.\",\n\t\t\t\t\"path\" : \"\\\/wp-content\\\/uploads\\\/2023\\\/02\\\/\",\n\t\t\t\t\"video\" : null,\n\t\t\t\t\"autoplay\" : null,\n\t\t\t\t\"youtube\" : null,\n\t\t\t\t\"youtubelabel\" : \"Play video\",\n\t\t\t\t\"brightness\" : 100,\n\t\t\t\t\"crop\" : {\"top\":\"17.95\",\"left\":\"39.15\"},\n\t\t\t\t\"background\" : true,\n\t\t\t\t\"scale\" : 2\t\t\t\t}\n\t\t\t<\/script>\n\n\t\t\t<div class=\"height-container\" style=\"padding-bottom:66.640625%;\" v-if=\"sizes\">\n\t\t\t\t\t\t\t\t<lazy-media :inline=\"true\" :alt=\"alt\" :sizes=\"sizes\" :scale=\"scale\" :brightness=\"brightness\" :path=\"path\" :video=\"video\" :autoplay=\"autoplay\" :youtube=\"youtube\" :crop=\"crop\" :youtubelabel=\"youtubelabel\" :background=\"background\" media-id=\"desc_media_6a9c89702cf18\"><\/lazy-media>\n\t\t\t\t\t\t\t<\/div>\n\n\t\t\t\t\t\t\t<figcaption class=\"sr-only\" ref=\"body\" id=\"desc_media_6a9c89702cf18\">\n\t\t\t\t\t\t\t\t\t\t\t<div>Veranstaltung &bdquo;Mystische Dimensionen &#8211; Auf den Spuren ber&uuml;hmter Sufis&quot; im Humboldt Forum<\/div>\n\t\t\t\t\t\t\t\t\t\t\t\t\t\t\t\t\t\t\t\t\t<div class=\"insignificant\">\u00a9 Michaela Weber<\/div>\n\t\t\t\t\t\t\t\t\t<\/figcaption>\n\t\t\t\t\t<\/figure>\n\t<\/lazy-media-inline>\n\t\t\t\t<\/div>\n\t\t\t<\/div>\n\t\t\t<div class=\"col-xs-12 teaser-event-text Infos\">\n\t\t\t\t<div class=\"teaser-event-standard-text\">\n\t\t\t\t\t<div class=\"margin-bottom-atom\">\n\t\t\t\t\t\t<div class=\"subline clamp-1\" v-html=\"maingenre\"><\/div>\n\t\t\t\t\t\t\t\t\t\t\t\t\t<div class=\"insignificant clamp-2\">Ethnological Collections and Asian Art<\/div>\n\t\t\t\t\t\t\t\t\t\t\t<\/div>\n\t\t\t\t\n\t\t\t\t\t<strong class=\"margin-bottom-atom\">Mystical dimensions<\/strong>\n\n\t\t\t\t\t\t\t\t\t\t\t<div class=\"\">On the trail of famous Sufis<\/div>\n\t\t\t\t\t\t\t\t\t<\/div>\n\t\t\t\t<div class=\"teaser-bottom border-bottom\">\n\t\t\t\t<calendardateline :rawitem='item' :show-icon=\"true\"><\/calendardateline>\n\t\t\t\t\t<hr>\n\t\t\t\t<\/div>\n\t\t\t<\/div>\n\t\t<\/div>\n\t<\/a>\n\t<\/calendarteaser>\n<\/li>\n\n<li class=\"teaser-lane-slide col-xs-9 col-sm-4 col-md-3 teaser-wrapper col-padding-remove\">\n\t<calendarteaser key=\"1439146024\" rawitem='{&quot;postId&quot;:143914,&quot;title&quot;:&quot;Treasure box&quot;,&quot;excerpt&quot;:&quot;&quot;,&quot;slug&quot;:&quot;treasure-box&quot;,&quot;post_date&quot;:&quot;2025-03-06T11:56&quot;,&quot;type&quot;:&quot;event&quot;,&quot;permalink&quot;:&quot;https:\\\/\\\/www.humboldtforum.org\\\/en\\\/programm\\\/termin\\\/drop-in-en\\\/treasure-box-143914\\\/&quot;,&quot;genre&quot;:[840],&quot;genre_details&quot;:[{&quot;text&quot;:&quot;Drop-In&quot;,&quot;id&quot;:840,&quot;icon&quot;:null,&quot;parent&quot;:0}],&quot;stakeholder&quot;:[595],&quot;stakeholder_details&quot;:[{&quot;text&quot;:&quot;Stiftung Humboldt Forum im Berliner Schloss&quot;,&quot;id&quot;:595,&quot;icon&quot;:null,&quot;parent&quot;:0}],&quot;targetgroup&quot;:[714],&quot;targetgroup_details&quot;:[{&quot;text&quot;:&quot;Children and families&quot;,&quot;id&quot;:714,&quot;icon&quot;:null,&quot;parent&quot;:0}],&quot;language&quot;:[580,579],&quot;language_details&quot;:[{&quot;text&quot;:&quot;English&quot;,&quot;id&quot;:580,&quot;icon&quot;:null,&quot;parent&quot;:0},{&quot;text&quot;:&quot;German&quot;,&quot;id&quot;:579,&quot;icon&quot;:null,&quot;parent&quot;:0}],&quot;place&quot;:[1035],&quot;place_details&quot;:{&quot;place&quot;:&quot;Humboldt Forum&quot;,&quot;map&quot;:&quot;Humboldt Forum, Schlossplatz, Berlin&quot;,&quot;room&quot;:&quot;Workshops, First Floor&quot;},&quot;icon_overwrite&quot;:&quot;&quot;,&quot;acf&quot;:{&quot;hashtag&quot;:&quot;HumboldtForum&quot;,&quot;times&quot;:[{&quot;start&quot;:&quot;20260906 12:00&quot;,&quot;end&quot;:&quot;15:00&quot;,&quot;status&quot;:&quot;JOIN&quot;,&quot;info&quot;:&quot;free admission&quot;,&quot;shop&quot;:&quot;&quot;,&quot;i&quot;:0,&quot;start_hour&quot;:&quot;12:00&quot;,&quot;start_HRF&quot;:&quot;Sun,  6 September 2026&quot;,&quot;_date&quot;:{&quot;date&quot;:&quot;2026-09-06 15:00:00.000000&quot;,&quot;timezone_type&quot;:3,&quot;timezone&quot;:&quot;Europe\\\/Berlin&quot;},&quot;_fromdate&quot;:&quot;20260906 12:00&quot;,&quot;start_TS&quot;:1788688800,&quot;start_HRFSHORT&quot;:&quot;06 Sep 2026&quot;,&quot;start_HRFSHORT_WD&quot;:&quot;Sun, 06 Sep 2026&quot;,&quot;end_TS&quot;:1788699600,&quot;can_purchase&quot;:false},{&quot;start&quot;:&quot;20260920 12:00&quot;,&quot;end&quot;:&quot;15:00&quot;,&quot;status&quot;:&quot;JOIN&quot;,&quot;info&quot;:&quot;free admission&quot;,&quot;shop&quot;:&quot;&quot;,&quot;i&quot;:1,&quot;start_hour&quot;:&quot;12:00&quot;,&quot;start_HRF&quot;:&quot;Sun, 20 September 2026&quot;,&quot;_date&quot;:{&quot;date&quot;:&quot;2026-09-20 15:00:00.000000&quot;,&quot;timezone_type&quot;:3,&quot;timezone&quot;:&quot;Europe\\\/Berlin&quot;},&quot;_fromdate&quot;:&quot;20260920 12:00&quot;,&quot;start_TS&quot;:1789898400,&quot;start_HRFSHORT&quot;:&quot;20 Sep 2026&quot;,&quot;start_HRFSHORT_WD&quot;:&quot;Sun, 20 Sep 2026&quot;,&quot;end_TS&quot;:1789909200,&quot;can_purchase&quot;:false},{&quot;start&quot;:&quot;20261004 12:00&quot;,&quot;end&quot;:&quot;15:00&quot;,&quot;status&quot;:&quot;JOIN&quot;,&quot;info&quot;:&quot;free admission&quot;,&quot;shop&quot;:&quot;&quot;,&quot;i&quot;:2,&quot;start_hour&quot;:&quot;12:00&quot;,&quot;start_HRF&quot;:&quot;Sun,  4 October 2026&quot;,&quot;_date&quot;:{&quot;date&quot;:&quot;2026-10-04 15:00:00.000000&quot;,&quot;timezone_type&quot;:3,&quot;timezone&quot;:&quot;Europe\\\/Berlin&quot;},&quot;_fromdate&quot;:&quot;20261004 12:00&quot;,&quot;start_TS&quot;:1791108000,&quot;start_HRFSHORT&quot;:&quot;04 Oct 2026&quot;,&quot;start_HRFSHORT_WD&quot;:&quot;Sun, 04 Oct 2026&quot;,&quot;end_TS&quot;:1791118800,&quot;can_purchase&quot;:false},{&quot;start&quot;:&quot;20261018 12:00&quot;,&quot;end&quot;:&quot;15:00&quot;,&quot;status&quot;:&quot;JOIN&quot;,&quot;info&quot;:&quot;free admission&quot;,&quot;shop&quot;:&quot;&quot;,&quot;i&quot;:3,&quot;start_hour&quot;:&quot;12:00&quot;,&quot;start_HRF&quot;:&quot;Sun, 18 October 2026&quot;,&quot;_date&quot;:{&quot;date&quot;:&quot;2026-10-18 15:00:00.000000&quot;,&quot;timezone_type&quot;:3,&quot;timezone&quot;:&quot;Europe\\\/Berlin&quot;},&quot;_fromdate&quot;:&quot;20261018 12:00&quot;,&quot;start_TS&quot;:1792317600,&quot;start_HRFSHORT&quot;:&quot;18 Oct 2026&quot;,&quot;start_HRFSHORT_WD&quot;:&quot;Sun, 18 Oct 2026&quot;,&quot;end_TS&quot;:1792328400,&quot;can_purchase&quot;:false}],&quot;planning&quot;:{&quot;price&quot;:&quot;free admission&quot;,&quot;admission&quot;:&quot;&quot;,&quot;pause&quot;:&quot;&quot;,&quot;duration&quot;:&quot;&quot;},&quot;additional_info&quot;:{&quot;icon&quot;:&quot;icon-alterfreigabe&quot;,&quot;text&quot;:&quot;3 to 103 years&quot;},&quot;highlight_header&quot;:false,&quot;featured_images&quot;:[143907],&quot;use_video_in_teasers&quot;:false,&quot;hyphenation&quot;:true,&quot;tipp&quot;:false,&quot;joker&quot;:false,&quot;live&quot;:false,&quot;hide_event_in_program&quot;:false,&quot;gomus_id&quot;:&quot;&quot;,&quot;noindex&quot;:false,&quot;keywords&quot;:&quot;&quot;,&quot;belongsto&quot;:false,&quot;shorturl&quot;:&quot;&quot;,&quot;hm_id&quot;:&quot;&quot;},&quot;date&quot;:{&quot;NX&quot;:&quot;20260906&quot;,&quot;NXX&quot;:&quot;202609061200&quot;,&quot;NLAST&quot;:&quot;202610180800&quot;,&quot;from_DATE&quot;:&quot;20260906 12:00&quot;,&quot;from&quot;:1788681600,&quot;to&quot;:1792310400,&quot;to_DATE&quot;:&quot;20261018 12:00&quot;,&quot;from_HRFSHORT&quot;:&quot; 6 Sep 2026&quot;,&quot;from_HRFSHORT_WD&quot;:&quot;06 Sep 2026&quot;,&quot;to_HRFSHORT&quot;:&quot;18 Oct 2026&quot;,&quot;to_HRFSHORT_WD&quot;:&quot;18 Oct 2026&quot;,&quot;from_HRF&quot;:&quot;Sun,  6 September 2026&quot;,&quot;to_HRF&quot;:&quot;Sun, 18 October 2026&quot;,&quot;from_to_HRF&quot;:&quot;Sun,  6 September \\u2013 Sun, 18 October 2026&quot;,&quot;from_to_HRFSHORT&quot;:&quot; 6 Sep \\u2013 18 Oct 2026&quot;},&quot;alert&quot;:null,&quot;partof&quot;:[],&quot;marketing_topic&quot;:&quot;&quot;}' inline-template>\n\t<a href=\"https:\/\/www.humboldtforum.org\/en\/programm\/termin\/drop-in-en\/treasure-box-143914\/\" class=\"teaser teaser-event teaser-event-standard\">\n\t\t<div class=\"row\">\n\t\t\t<div class=\"col-xs-12 teaser-event-image\">\n\t\t\t\t<div class=\"teaser-image teaser-image-no-alternate\">\n\t\t\t\t\t\t\t\t\t\t\t\n\t<lazy-media-inline inline-template>\n\t\t<figure itemscope itemtype=\"http:\/\/schema.org\/ImageObject\" class=\"lazy-media-inline \" role=\"group\" id=\"media_6a9c89702e998\" aria-labelledby=\"desc_media_6a9c89702e998\">\n\t\t\t<script type=\"application\/json\" ref=\"data\">\n\t\t\t\t{\n\t\t\t\t\"sizes\" : {\"medium\":{\"file\":\"SHF_eb00244826-300x249.jpg\",\"width\":300,\"height\":249,\"mime-type\":\"image\\\/jpeg\",\"filesize\":13397},\"large\":{\"file\":\"SHF_eb00244826-1024x849.jpg\",\"width\":1024,\"height\":849,\"mime-type\":\"image\\\/jpeg\",\"filesize\":103309},\"thumbnail\":{\"file\":\"SHF_eb00244826-150x150.jpg\",\"width\":150,\"height\":150,\"mime-type\":\"image\\\/jpeg\",\"filesize\":5920},\"medium_large\":{\"file\":\"SHF_eb00244826-768x637.jpg\",\"width\":768,\"height\":637,\"mime-type\":\"image\\\/jpeg\",\"filesize\":63999},\"small\":{\"file\":\"SHF_eb00244826-440x365.jpg\",\"width\":440,\"height\":365,\"mime-type\":\"image\\\/jpeg\",\"filesize\":25131},\"semi\":{\"file\":\"SHF_eb00244826-580x481.jpg\",\"width\":580,\"height\":481,\"mime-type\":\"image\\\/jpeg\",\"filesize\":40331},\"mobile\":{\"file\":\"SHF_eb00244826-720x597.jpg\",\"width\":720,\"height\":597,\"mime-type\":\"image\\\/jpeg\",\"filesize\":57499},\"hd\":{\"file\":\"SHF_eb00244826-1280x1061.jpg\",\"width\":1280,\"height\":1061,\"mime-type\":\"image\\\/jpeg\",\"filesize\":148427},\"full\":{\"file\":\"SHF_eb00244826-1920x1592.jpg\",\"width\":1920,\"height\":1592,\"mime-type\":\"image\\\/jpeg\",\"filesize\":288189},\"1536x1536\":{\"file\":\"SHF_eb00244826-1536x1274.jpg\",\"width\":1536,\"height\":1274,\"mime-type\":\"image\\\/jpeg\",\"filesize\":199942},\"2048x2048\":{\"file\":\"SHF_eb00244826-2048x1698.jpg\",\"width\":2048,\"height\":1698,\"mime-type\":\"image\\\/jpeg\",\"filesize\":321270},\"original\":{\"file\":\"SHF_eb00244826.jpg\",\"width\":2681,\"height\":2223}},\n\t\t\t\t\"alt\" : \"Colorful box with a turquoise cloth and a drawing of two Minions on it.\",\n\t\t\t\t\"path\" : \"\\\/wp-content\\\/uploads\\\/2025\\\/03\\\/\",\n\t\t\t\t\"video\" : null,\n\t\t\t\t\"autoplay\" : null,\n\t\t\t\t\"youtube\" : null,\n\t\t\t\t\"youtubelabel\" : \"Play video\",\n\t\t\t\t\"brightness\" : 100,\n\t\t\t\t\"crop\" : {\"top\":\"18.18\",\"left\":\"43.57\"},\n\t\t\t\t\"background\" : true,\n\t\t\t\t\"scale\" : 2\t\t\t\t}\n\t\t\t<\/script>\n\n\t\t\t<div class=\"height-container\" style=\"padding-bottom:82.916822081313%;\" v-if=\"sizes\">\n\t\t\t\t\t\t\t\t<lazy-media :inline=\"true\" :alt=\"alt\" :sizes=\"sizes\" :scale=\"scale\" :brightness=\"brightness\" :path=\"path\" :video=\"video\" :autoplay=\"autoplay\" :youtube=\"youtube\" :crop=\"crop\" :youtubelabel=\"youtubelabel\" :background=\"background\" media-id=\"desc_media_6a9c89702e998\"><\/lazy-media>\n\t\t\t\t\t\t\t<\/div>\n\n\t\t\t\t\t\t\t<figcaption class=\"sr-only\" ref=\"body\" id=\"desc_media_6a9c89702e998\">\n\t\t\t\t\t\t\t\t\t\t\t<div>&lsquo;Minions treasure box&rsquo; for the &ldquo;Havee a seat!&rdquo; exhibition<\/div>\n\t\t\t\t\t\t\t\t\t\t\t\t\t\t\t\t\t\t\t\t\t<div class=\"insignificant\">\u00a9 Stiftung Humboldt Forum im Berliner Schloss \/ Foto: Martina Schilling<\/div>\n\t\t\t\t\t\t\t\t\t<\/figcaption>\n\t\t\t\t\t<\/figure>\n\t<\/lazy-media-inline>\n\t\t\t\t<\/div>\n\t\t\t<\/div>\n\t\t\t<div class=\"col-xs-12 teaser-event-text Infos\">\n\t\t\t\t<div class=\"teaser-event-standard-text\">\n\t\t\t\t\t<div class=\"margin-bottom-atom\">\n\t\t\t\t\t\t<div class=\"subline clamp-1\" v-html=\"maingenre\"><\/div>\n\t\t\t\t\t\t\t\t\t\t\t<\/div>\n\t\t\t\t\n\t\t\t\t\t<strong class=\"margin-bottom-atom\">Treasure box<\/strong>\n\n\t\t\t\t\t\t\t\t\t\t\t<div class=\"\"><\/div>\n\t\t\t\t\t\t\t\t\t<\/div>\n\t\t\t\t<div class=\"teaser-bottom border-bottom\">\n\t\t\t\t<calendardateline :rawitem='item' :show-icon=\"true\"><\/calendardateline>\n\t\t\t\t\t<hr>\n\t\t\t\t<\/div>\n\t\t\t<\/div>\n\t\t<\/div>\n\t<\/a>\n\t<\/calendarteaser>\n<\/li>\n\n<li class=\"teaser-lane-slide col-xs-9 col-sm-4 col-md-3 teaser-wrapper col-padding-remove\">\n\t<calendarteaser key=\"1282848426\" rawitem='{&quot;postId&quot;:128284,&quot;title&quot;:&quot;Ida, Ada and Sibylla.&quot;,&quot;excerpt&quot;:&quot;Come and listen to a reading of the picture books \\u2018Ada und die Zahlenknackmaschine\\u2019 by Benjamin Flouw, \\u2018Sibylla und der Tulpenraub\\u2019 by Benita Roth, and \\u2018Ida und die Welt hinterm Kaiserzipf\\u2019 by Linda Schwalbe. &quot;,&quot;slug&quot;:&quot;ida-ada-and-sibylla&quot;,&quot;post_date&quot;:&quot;2024-04-19T09:37&quot;,&quot;type&quot;:&quot;event&quot;,&quot;permalink&quot;:&quot;https:\\\/\\\/www.humboldtforum.org\\\/en\\\/programm\\\/termin\\\/reading\\\/ida-ada-and-sibylla-128284\\\/&quot;,&quot;genre&quot;:[1162,824],&quot;genre_details&quot;:[{&quot;text&quot;:&quot;Reading&quot;,&quot;id&quot;:1162,&quot;icon&quot;:null,&quot;parent&quot;:0},{&quot;text&quot;:&quot;Theatre&quot;,&quot;id&quot;:824,&quot;icon&quot;:null,&quot;parent&quot;:0}],&quot;stakeholder&quot;:[595],&quot;stakeholder_details&quot;:[{&quot;text&quot;:&quot;Stiftung Humboldt Forum im Berliner Schloss&quot;,&quot;id&quot;:595,&quot;icon&quot;:null,&quot;parent&quot;:0}],&quot;targetgroup&quot;:[714],&quot;targetgroup_details&quot;:[{&quot;text&quot;:&quot;Children and families&quot;,&quot;id&quot;:714,&quot;icon&quot;:null,&quot;parent&quot;:0}],&quot;language&quot;:[579],&quot;language_details&quot;:[{&quot;text&quot;:&quot;German&quot;,&quot;id&quot;:579,&quot;icon&quot;:null,&quot;parent&quot;:0}],&quot;accessability&quot;:[596],&quot;accessability_details&quot;:[{&quot;text&quot;:&quot;Accessible for wheelchairs&quot;,&quot;id&quot;:596,&quot;icon&quot;:null,&quot;parent&quot;:0}],&quot;age&quot;:[703],&quot;age_details&quot;:[{&quot;text&quot;:&quot;children (3-6 years)&quot;,&quot;id&quot;:703,&quot;icon&quot;:null,&quot;parent&quot;:0}],&quot;place&quot;:[604],&quot;place_details&quot;:{&quot;place&quot;:&quot;Humboldt Forum&quot;,&quot;map&quot;:&quot;Humboldt Forum, Schlossplatz, Berlin&quot;,&quot;room&quot;:&quot;Ground Floor, Hall 3&quot;},&quot;icon_overwrite&quot;:&quot;&quot;,&quot;acf&quot;:{&quot;hashtag&quot;:&quot;HumboldtForum&quot;,&quot;keywords&quot;:&quot;&quot;,&quot;shorturl&quot;:&quot;&quot;,&quot;planning&quot;:{&quot;price&quot;:&quot;4\\u20ac, reduced 2\\u20ac&quot;,&quot;admission&quot;:&quot;&quot;,&quot;pause&quot;:&quot;&quot;,&quot;duration&quot;:&quot;30&quot;},&quot;shorttext&quot;:&quot;Come and listen to a reading of the picture books \\u2018Ada und die Zahlenknackmaschine\\u2019 by Benjamin Flouw, \\u2018Sibylla und der Tulpenraub\\u2019 by Benita Roth, and \\u2018Ida und die Welt hinterm Kaiserzipf\\u2019 by Linda Schwalbe. &quot;,&quot;infotext&quot;:&quot;We kindly ask for your understanding that adults are only permitted to participate in the program when accompanied by children.&quot;,&quot;use_video_in_teasers&quot;:false,&quot;hide_event_in_program&quot;:false,&quot;noindex&quot;:false,&quot;times&quot;:[{&quot;start&quot;:&quot;20260906 13:00&quot;,&quot;end&quot;:&quot;13:30&quot;,&quot;status&quot;:&quot;BUY&quot;,&quot;info&quot;:&quot;4 EUR \\\/ reduced 2 EUR&quot;,&quot;shop&quot;:&quot;https:\\\/\\\/tickets.humboldtforum.org\\\/#\\\/product\\\/event\\\/142?date=2026-09-06&amp;date_id=29557&amp;lang=en&quot;,&quot;i&quot;:0,&quot;start_hour&quot;:&quot;13:00&quot;,&quot;start_HRF&quot;:&quot;Sun,  6 September 2026&quot;,&quot;_date&quot;:{&quot;date&quot;:&quot;2026-09-06 13:30:00.000000&quot;,&quot;timezone_type&quot;:3,&quot;timezone&quot;:&quot;Europe\\\/Berlin&quot;},&quot;_fromdate&quot;:&quot;20260906 13:00&quot;,&quot;start_TS&quot;:1788692400,&quot;start_HRFSHORT&quot;:&quot;06 Sep 2026&quot;,&quot;start_HRFSHORT_WD&quot;:&quot;Sun, 06 Sep 2026&quot;,&quot;end_TS&quot;:1788694200,&quot;can_purchase&quot;:true},{&quot;start&quot;:&quot;20261017 13:00&quot;,&quot;end&quot;:&quot;13:30&quot;,&quot;status&quot;:&quot;BUY&quot;,&quot;info&quot;:&quot;4 EUR \\\/ reduced 2 EUR&quot;,&quot;shop&quot;:&quot;https:\\\/\\\/tickets.humboldtforum.org\\\/#\\\/product\\\/event\\\/142?date=2026-10-17&amp;date_id=29828&amp;lang=en&quot;,&quot;i&quot;:1,&quot;start_hour&quot;:&quot;13:00&quot;,&quot;start_HRF&quot;:&quot;Sat, 17 October 2026&quot;,&quot;_date&quot;:{&quot;date&quot;:&quot;2026-10-17 13:30:00.000000&quot;,&quot;timezone_type&quot;:3,&quot;timezone&quot;:&quot;Europe\\\/Berlin&quot;},&quot;_fromdate&quot;:&quot;20261017 13:00&quot;,&quot;start_TS&quot;:1792234800,&quot;start_HRFSHORT&quot;:&quot;17 Oct 2026&quot;,&quot;start_HRFSHORT_WD&quot;:&quot;Sat, 17 Oct 2026&quot;,&quot;end_TS&quot;:1792236600,&quot;can_purchase&quot;:true},{&quot;start&quot;:&quot;20261031 13:00&quot;,&quot;end&quot;:&quot;13:30&quot;,&quot;status&quot;:&quot;BUY&quot;,&quot;info&quot;:&quot;4 EUR \\\/ reduced 2 EUR&quot;,&quot;shop&quot;:&quot;https:\\\/\\\/tickets.humboldtforum.org\\\/#\\\/product\\\/event\\\/142?date=2026-10-31&amp;date_id=29834&amp;lang=en&quot;,&quot;i&quot;:2,&quot;start_hour&quot;:&quot;13:00&quot;,&quot;start_HRF&quot;:&quot;Sat, 31 October 2026&quot;,&quot;_date&quot;:{&quot;date&quot;:&quot;2026-10-31 13:30:00.000000&quot;,&quot;timezone_type&quot;:3,&quot;timezone&quot;:&quot;Europe\\\/Berlin&quot;},&quot;_fromdate&quot;:&quot;20261031 13:00&quot;,&quot;start_TS&quot;:1793448000,&quot;start_HRFSHORT&quot;:&quot;31 Oct 2026&quot;,&quot;start_HRFSHORT_WD&quot;:&quot;Sat, 31 Oct 2026&quot;,&quot;end_TS&quot;:1793449800,&quot;can_purchase&quot;:true}],&quot;subline&quot;:&quot;Famous female researchers&quot;,&quot;additional_info&quot;:{&quot;icon&quot;:&quot;icon-pin&quot;,&quot;text&quot;:&quot;The entrance to Hall 3 is in the Schl\\u00fcter Courtyard next to the Sculpture Hall.&quot;},&quot;highlight_header&quot;:false,&quot;featured_images&quot;:[134163,128289],&quot;hyphenation&quot;:true,&quot;tipp&quot;:false,&quot;joker&quot;:false,&quot;live&quot;:false,&quot;gomus_id&quot;:&quot;&quot;,&quot;belongsto&quot;:[32405],&quot;hm_id&quot;:&quot;&quot;,&quot;tickettext&quot;:&quot;Please book your ticket in advance online or at the box office in the Foyer.&quot;},&quot;date&quot;:{&quot;NX&quot;:&quot;20260906&quot;,&quot;NXX&quot;:&quot;202609061300&quot;,&quot;NLAST&quot;:&quot;202610311000&quot;,&quot;from_DATE&quot;:&quot;20260906 13:00&quot;,&quot;from&quot;:1788685200,&quot;to&quot;:1793440800,&quot;to_DATE&quot;:&quot;20261031 13:00&quot;,&quot;from_HRFSHORT&quot;:&quot; 6 Sep 2026&quot;,&quot;from_HRFSHORT_WD&quot;:&quot;06 Sep 2026&quot;,&quot;to_HRFSHORT&quot;:&quot;31 Oct 2026&quot;,&quot;to_HRFSHORT_WD&quot;:&quot;31 Oct 2026&quot;,&quot;from_HRF&quot;:&quot;Sun,  6 September 2026&quot;,&quot;to_HRF&quot;:&quot;Sat, 31 October 2026&quot;,&quot;from_to_HRF&quot;:&quot;Sun,  6 September \\u2013 Sat, 31 October 2026&quot;,&quot;from_to_HRFSHORT&quot;:&quot; 6 Sep \\u2013 31 Oct 2026&quot;},&quot;alert&quot;:null,&quot;partof&quot;:[32405],&quot;marketing_topic&quot;:{&quot;title&quot;:&quot;Picture Book Cinema&quot;,&quot;ID&quot;:32405,&quot;reason&quot;:&quot;sequence&quot;}}' inline-template>\n\t<a href=\"https:\/\/www.humboldtforum.org\/en\/programm\/termin\/reading\/ida-ada-and-sibylla-128284\/\" class=\"teaser teaser-event teaser-event-standard\">\n\t\t<div class=\"row\">\n\t\t\t<div class=\"col-xs-12 teaser-event-image\">\n\t\t\t\t<div class=\"teaser-image teaser-image-no-alternate\">\n\t\t\t\t\t\t\t\t\t\t\t\n\t<lazy-media-inline inline-template>\n\t\t<figure itemscope itemtype=\"http:\/\/schema.org\/ImageObject\" class=\"lazy-media-inline \" role=\"group\" id=\"media_6a9c897030671\" aria-labelledby=\"desc_media_6a9c897030671\">\n\t\t\t<script type=\"application\/json\" ref=\"data\">\n\t\t\t\t{\n\t\t\t\t\"sizes\" : {\"medium\":{\"file\":\"SHF_eb00228640-300x276.jpg\",\"width\":300,\"height\":276,\"mime-type\":\"image\\\/jpeg\",\"filesize\":15731},\"large\":{\"file\":\"SHF_eb00228640-1024x941.jpg\",\"width\":1024,\"height\":941,\"mime-type\":\"image\\\/jpeg\",\"filesize\":121968},\"thumbnail\":{\"file\":\"SHF_eb00228640-150x150.jpg\",\"width\":150,\"height\":150,\"mime-type\":\"image\\\/jpeg\",\"filesize\":6107},\"medium_large\":{\"file\":\"SHF_eb00228640-768x706.jpg\",\"width\":768,\"height\":706,\"mime-type\":\"image\\\/jpeg\",\"filesize\":75804},\"small\":{\"file\":\"SHF_eb00228640-440x404.jpg\",\"width\":440,\"height\":404,\"mime-type\":\"image\\\/jpeg\",\"filesize\":29709},\"semi\":{\"file\":\"SHF_eb00228640-580x533.jpg\",\"width\":580,\"height\":533,\"mime-type\":\"image\\\/jpeg\",\"filesize\":46498},\"mobile\":{\"file\":\"SHF_eb00228640-720x662.jpg\",\"width\":720,\"height\":662,\"mime-type\":\"image\\\/jpeg\",\"filesize\":67377},\"hd\":{\"file\":\"SHF_eb00228640-1280x1177.jpg\",\"width\":1280,\"height\":1177,\"mime-type\":\"image\\\/jpeg\",\"filesize\":182822},\"1536x1536\":{\"file\":\"SHF_eb00228640-1536x1412.jpg\",\"width\":1536,\"height\":1412,\"mime-type\":\"image\\\/jpeg\",\"filesize\":248638},\"original\":{\"file\":\"SHF_eb00228640.jpg\",\"width\":1880,\"height\":1728}},\n\t\t\t\t\"alt\" : \"A book cover titled \\\"Ada and the Number-Cracking Machine,\\\" featuring a drawn illustration of a girl with a machine.\",\n\t\t\t\t\"path\" : \"\\\/wp-content\\\/uploads\\\/2024\\\/04\\\/\",\n\t\t\t\t\"video\" : null,\n\t\t\t\t\"autoplay\" : null,\n\t\t\t\t\"youtube\" : null,\n\t\t\t\t\"youtubelabel\" : \"Play video\",\n\t\t\t\t\"brightness\" : 100,\n\t\t\t\t\"crop\" : {\"top\":\"50.00\",\"left\":\"50.00\"},\n\t\t\t\t\"background\" : true,\n\t\t\t\t\"scale\" : 2\t\t\t\t}\n\t\t\t<\/script>\n\n\t\t\t<div class=\"height-container\" style=\"padding-bottom:91.914893617021%;\" v-if=\"sizes\">\n\t\t\t\t\t\t\t\t<lazy-media :inline=\"true\" :alt=\"alt\" :sizes=\"sizes\" :scale=\"scale\" :brightness=\"brightness\" :path=\"path\" :video=\"video\" :autoplay=\"autoplay\" :youtube=\"youtube\" :crop=\"crop\" :youtubelabel=\"youtubelabel\" :background=\"background\" media-id=\"desc_media_6a9c897030671\"><\/lazy-media>\n\t\t\t\t\t\t\t<\/div>\n\n\t\t\t\t\t\t\t<figcaption class=\"sr-only\" ref=\"body\" id=\"desc_media_6a9c897030671\">\n\t\t\t\t\t\t\t\t\t\t\t<div>Book cover of over &quot;Ada und die Knack-Zahlen-Maschine&quot; by Rachel Katstaller und Zo&euml; Tucker<\/div>\n\t\t\t\t\t\t\t\t\t\t\t\t\t\t\t\t\t\t\t\t\t<div class=\"insignificant\">\u00a9 Nord S\u00fcd Verlag\r\n<\/div>\n\t\t\t\t\t\t\t\t\t<\/figcaption>\n\t\t\t\t\t<\/figure>\n\t<\/lazy-media-inline>\n\t\t\t\t<\/div>\n\t\t\t<\/div>\n\t\t\t<div class=\"col-xs-12 teaser-event-text Infos\">\n\t\t\t\t<div class=\"teaser-event-standard-text\">\n\t\t\t\t\t<div class=\"margin-bottom-atom\">\n\t\t\t\t\t\t<div class=\"subline clamp-1\" v-html=\"maingenre\"><\/div>\n\t\t\t\t\t\t\t\t\t\t\t\t\t<div class=\"insignificant clamp-2\">Picture Book Cinema<\/div>\n\t\t\t\t\t\t\t\t\t\t\t<\/div>\n\t\t\t\t\n\t\t\t\t\t<strong class=\"margin-bottom-atom\">Ida, Ada and Sibylla.<\/strong>\n\n\t\t\t\t\t\t\t\t\t\t\t<div class=\"\">Famous female researchers<\/div>\n\t\t\t\t\t\t\t\t\t<\/div>\n\t\t\t\t<div class=\"teaser-bottom border-bottom\">\n\t\t\t\t<calendardateline :rawitem='item' :show-icon=\"true\"><\/calendardateline>\n\t\t\t\t\t<hr>\n\t\t\t\t<\/div>\n\t\t\t<\/div>\n\t\t<\/div>\n\t<\/a>\n\t<\/calendarteaser>\n<\/li>\n\n<li class=\"teaser-lane-slide col-xs-9 col-sm-4 col-md-3 teaser-wrapper col-padding-remove\">\n\t<calendarteaser key=\"3241812112\" rawitem='{&quot;postId&quot;:32418,&quot;title&quot;:&quot;Poodles, Pigs or Cats?&quot;,&quot;excerpt&quot;:&quot;Come and listen to a reading of the picture books \\u2018Pudel mit Pommes\\u2019 by Pija Lindenbaum, \\u2018Alles Schweine oder was?!\\u2019 by Alice Bri\\u00e8re-Haquet and P\\u00e9n\\u00e9lope Paicheler, and \\u2018Alle sehen eine Katze\\u2019 by Brendan Wenzel and Thomas Bodmer. &quot;,&quot;slug&quot;:&quot;poodles-dogs-or-cats&quot;,&quot;post_date&quot;:&quot;2021-09-17T21:52&quot;,&quot;type&quot;:&quot;event&quot;,&quot;permalink&quot;:&quot;https:\\\/\\\/www.humboldtforum.org\\\/en\\\/programm\\\/termin\\\/reading\\\/poodles-dogs-or-cats-32418\\\/&quot;,&quot;genre&quot;:[1162,824],&quot;genre_details&quot;:[{&quot;text&quot;:&quot;Reading&quot;,&quot;id&quot;:1162,&quot;icon&quot;:null,&quot;parent&quot;:0},{&quot;text&quot;:&quot;Theatre&quot;,&quot;id&quot;:824,&quot;icon&quot;:null,&quot;parent&quot;:0}],&quot;stakeholder&quot;:[595],&quot;stakeholder_details&quot;:[{&quot;text&quot;:&quot;Stiftung Humboldt Forum im Berliner Schloss&quot;,&quot;id&quot;:595,&quot;icon&quot;:null,&quot;parent&quot;:0}],&quot;targetgroup&quot;:[714],&quot;targetgroup_details&quot;:[{&quot;text&quot;:&quot;Children and families&quot;,&quot;id&quot;:714,&quot;icon&quot;:null,&quot;parent&quot;:0}],&quot;language&quot;:[579],&quot;language_details&quot;:[{&quot;text&quot;:&quot;German&quot;,&quot;id&quot;:579,&quot;icon&quot;:null,&quot;parent&quot;:0}],&quot;accessability&quot;:[596],&quot;accessability_details&quot;:[{&quot;text&quot;:&quot;Accessible for wheelchairs&quot;,&quot;id&quot;:596,&quot;icon&quot;:null,&quot;parent&quot;:0}],&quot;age&quot;:[703],&quot;age_details&quot;:[{&quot;text&quot;:&quot;children (3-6 years)&quot;,&quot;id&quot;:703,&quot;icon&quot;:null,&quot;parent&quot;:0}],&quot;place&quot;:[604],&quot;place_details&quot;:{&quot;place&quot;:&quot;Humboldt Forum&quot;,&quot;map&quot;:&quot;Humboldt Forum, Schlossplatz, Berlin&quot;,&quot;room&quot;:&quot;Ground Floor, Hall 3&quot;},&quot;icon_overwrite&quot;:&quot;&quot;,&quot;acf&quot;:{&quot;hashtag&quot;:&quot;HumboldtForum&quot;,&quot;keywords&quot;:&quot;&quot;,&quot;shorturl&quot;:&quot;&quot;,&quot;planning&quot;:{&quot;price&quot;:&quot;4 EUR \\\/reduced 2 EUR&quot;,&quot;admission&quot;:&quot;&quot;,&quot;pause&quot;:&quot;&quot;,&quot;duration&quot;:&quot;30&quot;},&quot;marketing_text&quot;:&quot;Escape, tolerance and different perspectives&quot;,&quot;tickettext&quot;:&quot;Please book your ticket in advance online or at the service desk in the foyer.&quot;,&quot;infotext&quot;:&quot;We kindly ask for your understanding that adults are only permitted to participate in the program when accompanied by children.&quot;,&quot;use_video_in_teasers&quot;:false,&quot;hide_event_in_program&quot;:false,&quot;noindex&quot;:false,&quot;times&quot;:[{&quot;start&quot;:&quot;20260906 14:00&quot;,&quot;end&quot;:&quot;14:30&quot;,&quot;status&quot;:&quot;BUY&quot;,&quot;info&quot;:&quot;4 EUR \\\/ reduced 2 EUR&quot;,&quot;shop&quot;:&quot;https:\\\/\\\/tickets.humboldtforum.org\\\/#\\\/product\\\/event\\\/142?date=2026-09-06&amp;date_id=29558&amp;lang=en&quot;,&quot;i&quot;:0,&quot;start_hour&quot;:&quot;14:00&quot;,&quot;start_HRF&quot;:&quot;Sun,  6 September 2026&quot;,&quot;_date&quot;:{&quot;date&quot;:&quot;2026-09-06 14:30:00.000000&quot;,&quot;timezone_type&quot;:3,&quot;timezone&quot;:&quot;Europe\\\/Berlin&quot;},&quot;_fromdate&quot;:&quot;20260906 14:00&quot;,&quot;start_TS&quot;:1788696000,&quot;start_HRFSHORT&quot;:&quot;06 Sep 2026&quot;,&quot;start_HRFSHORT_WD&quot;:&quot;Sun, 06 Sep 2026&quot;,&quot;end_TS&quot;:1788697800,&quot;can_purchase&quot;:true},{&quot;start&quot;:&quot;20261018 13:00&quot;,&quot;end&quot;:&quot;13:30&quot;,&quot;status&quot;:&quot;BUY&quot;,&quot;info&quot;:&quot;4 EUR \\\/ reduced 2 EUR&quot;,&quot;shop&quot;:&quot;https:\\\/\\\/tickets.humboldtforum.org\\\/#\\\/product\\\/event\\\/142?date=2026-10-18&amp;date_id=29831&amp;lang=en&quot;,&quot;i&quot;:1,&quot;start_hour&quot;:&quot;13:00&quot;,&quot;start_HRF&quot;:&quot;Sun, 18 October 2026&quot;,&quot;_date&quot;:{&quot;date&quot;:&quot;2026-10-18 13:30:00.000000&quot;,&quot;timezone_type&quot;:3,&quot;timezone&quot;:&quot;Europe\\\/Berlin&quot;},&quot;_fromdate&quot;:&quot;20261018 13:00&quot;,&quot;start_TS&quot;:1792321200,&quot;start_HRFSHORT&quot;:&quot;18 Oct 2026&quot;,&quot;start_HRFSHORT_WD&quot;:&quot;Sun, 18 Oct 2026&quot;,&quot;end_TS&quot;:1792323000,&quot;can_purchase&quot;:true},{&quot;start&quot;:&quot;20261031 14:00&quot;,&quot;end&quot;:&quot;14:30&quot;,&quot;status&quot;:&quot;BUY&quot;,&quot;info&quot;:&quot;4 EUR \\\/ reduced 2 EUR&quot;,&quot;shop&quot;:&quot;https:\\\/\\\/tickets.humboldtforum.org\\\/#\\\/product\\\/event\\\/142?date=2026-10-31&amp;date_id=29835&amp;lang=en&quot;,&quot;i&quot;:2,&quot;start_hour&quot;:&quot;14:00&quot;,&quot;start_HRF&quot;:&quot;Sat, 31 October 2026&quot;,&quot;_date&quot;:{&quot;date&quot;:&quot;2026-10-31 14:30:00.000000&quot;,&quot;timezone_type&quot;:3,&quot;timezone&quot;:&quot;Europe\\\/Berlin&quot;},&quot;_fromdate&quot;:&quot;20261031 14:00&quot;,&quot;start_TS&quot;:1793451600,&quot;start_HRFSHORT&quot;:&quot;31 Oct 2026&quot;,&quot;start_HRFSHORT_WD&quot;:&quot;Sat, 31 Oct 2026&quot;,&quot;end_TS&quot;:1793453400,&quot;can_purchase&quot;:true}],&quot;subline&quot;:&quot;Flight, tolerance and different perspectives&quot;,&quot;additional_info&quot;:{&quot;icon&quot;:&quot;icon-pin&quot;,&quot;text&quot;:&quot;The entrance to Hall 3 is in the Schl\\u00fcter Courtyard next to the Sculpture Hall.&quot;},&quot;highlight_header&quot;:false,&quot;featured_images&quot;:[36109],&quot;hyphenation&quot;:true,&quot;tipp&quot;:false,&quot;joker&quot;:false,&quot;live&quot;:false,&quot;alert_text&quot;:&quot;DE&quot;,&quot;hm_id&quot;:&quot;&quot;,&quot;gomus_id&quot;:&quot;&quot;,&quot;belongsto&quot;:[32405]},&quot;date&quot;:{&quot;NX&quot;:&quot;20260906&quot;,&quot;NXX&quot;:&quot;202609061400&quot;,&quot;NLAST&quot;:&quot;202610311100&quot;,&quot;from_DATE&quot;:&quot;20260906 14:00&quot;,&quot;from&quot;:1788688800,&quot;to&quot;:1793444400,&quot;to_DATE&quot;:&quot;20261031 14:00&quot;,&quot;from_HRFSHORT&quot;:&quot; 6 Sep 2026&quot;,&quot;from_HRFSHORT_WD&quot;:&quot;06 Sep 2026&quot;,&quot;to_HRFSHORT&quot;:&quot;31 Oct 2026&quot;,&quot;to_HRFSHORT_WD&quot;:&quot;31 Oct 2026&quot;,&quot;from_HRF&quot;:&quot;Sun,  6 September 2026&quot;,&quot;to_HRF&quot;:&quot;Sat, 31 October 2026&quot;,&quot;from_to_HRF&quot;:&quot;Sun,  6 September \\u2013 Sat, 31 October 2026&quot;,&quot;from_to_HRFSHORT&quot;:&quot; 6 Sep \\u2013 31 Oct 2026&quot;},&quot;alert&quot;:&quot;DE&quot;,&quot;partof&quot;:[&quot;32405&quot;],&quot;marketing_topic&quot;:{&quot;title&quot;:&quot;Picture Book Cinema&quot;,&quot;ID&quot;:&quot;32405&quot;,&quot;reason&quot;:&quot;sequence&quot;}}' inline-template>\n\t<a href=\"https:\/\/www.humboldtforum.org\/en\/programm\/termin\/reading\/poodles-dogs-or-cats-32418\/\" class=\"teaser teaser-event teaser-event-standard\">\n\t\t<div class=\"row\">\n\t\t\t<div class=\"col-xs-12 teaser-event-image\">\n\t\t\t\t<div class=\"teaser-image teaser-image-no-alternate\">\n\t\t\t\t\t\t\t\t\t\t\t\t\t<span class=\"alert\">DE<\/span>\n\t\t\t\t\t\t\t\t\t\t\t\n\t<lazy-media-inline inline-template>\n\t\t<figure itemscope itemtype=\"http:\/\/schema.org\/ImageObject\" class=\"lazy-media-inline \" role=\"group\" id=\"media_6a9c8970322e1\" aria-labelledby=\"desc_media_6a9c8970322e1\">\n\t\t\t<script type=\"application\/json\" ref=\"data\">\n\t\t\t\t{\n\t\t\t\t\"sizes\" : {\"medium\":{\"file\":\"book-cover-collage-bbk4-300x169.jpg\",\"width\":300,\"height\":169,\"mime-type\":\"image\\\/jpeg\"},\"large\":{\"file\":\"book-cover-collage-bbk4-1024x576.jpg\",\"width\":1024,\"height\":576,\"mime-type\":\"image\\\/jpeg\"},\"thumbnail\":{\"file\":\"book-cover-collage-bbk4-150x150.jpg\",\"width\":150,\"height\":150,\"mime-type\":\"image\\\/jpeg\"},\"medium_large\":{\"file\":\"book-cover-collage-bbk4-768x432.jpg\",\"width\":768,\"height\":432,\"mime-type\":\"image\\\/jpeg\"},\"small\":{\"file\":\"book-cover-collage-bbk4-440x248.jpg\",\"width\":440,\"height\":248,\"mime-type\":\"image\\\/jpeg\"},\"semi\":{\"file\":\"book-cover-collage-bbk4-580x326.jpg\",\"width\":580,\"height\":326,\"mime-type\":\"image\\\/jpeg\"},\"mobile\":{\"file\":\"book-cover-collage-bbk4-720x405.jpg\",\"width\":720,\"height\":405,\"mime-type\":\"image\\\/jpeg\"},\"original\":{\"file\":\"book-cover-collage-bbk4.jpg\",\"width\":1280,\"height\":720}},\n\t\t\t\t\"alt\" : \"Three colorful children's book covers: \\\"Poodle and Fries,\\\" \\\"Everyone Sees a Cat,\\\" and \\\"All Pigs, or What?!\\\"\",\n\t\t\t\t\"path\" : \"\\\/wp-content\\\/uploads\\\/2021\\\/12\\\/\",\n\t\t\t\t\"video\" : null,\n\t\t\t\t\"autoplay\" : null,\n\t\t\t\t\"youtube\" : null,\n\t\t\t\t\"youtubelabel\" : \"Play video\",\n\t\t\t\t\"brightness\" : 100,\n\t\t\t\t\"crop\" : {\"top\":\"50.00\",\"left\":\"50.00\"},\n\t\t\t\t\"background\" : true,\n\t\t\t\t\"scale\" : 2\t\t\t\t}\n\t\t\t<\/script>\n\n\t\t\t<div class=\"height-container\" style=\"padding-bottom:56.25%;\" v-if=\"sizes\">\n\t\t\t\t\t\t\t\t<lazy-media :inline=\"true\" :alt=\"alt\" :sizes=\"sizes\" :scale=\"scale\" :brightness=\"brightness\" :path=\"path\" :video=\"video\" :autoplay=\"autoplay\" :youtube=\"youtube\" :crop=\"crop\" :youtubelabel=\"youtubelabel\" :background=\"background\" media-id=\"desc_media_6a9c8970322e1\"><\/lazy-media>\n\t\t\t\t\t\t\t<\/div>\n\n\t\t\t\t\t\t\t<figcaption class=\"sr-only\" ref=\"body\" id=\"desc_media_6a9c8970322e1\">\n\t\t\t\t\t\t\t\t\t\t\t\t\t\t\t\t\t\t\t\t\t<div class=\"insignificant\">\u00a9 2018 Friedrich Oetinger, Pija Lindenbaum Verlag (Pudel mit Pommes); \u00a9 2018 NordS\u00fcd Verlag AG (Alle sehen eine Katze); \u00a9 2013 A. Bri\u00e8re-Haquet und P. Paicheler, Klett Verlag (Alles Schweine, oder was?!)<\/div>\n\t\t\t\t\t\t\t\t\t<\/figcaption>\n\t\t\t\t\t<\/figure>\n\t<\/lazy-media-inline>\n\t\t\t\t<\/div>\n\t\t\t<\/div>\n\t\t\t<div class=\"col-xs-12 teaser-event-text Infos\">\n\t\t\t\t<div class=\"teaser-event-standard-text\">\n\t\t\t\t\t<div class=\"margin-bottom-atom\">\n\t\t\t\t\t\t<div class=\"subline clamp-1\" v-html=\"maingenre\"><\/div>\n\t\t\t\t\t\t\t\t\t\t\t\t\t<div class=\"insignificant clamp-2\">Picture Book Cinema<\/div>\n\t\t\t\t\t\t\t\t\t\t\t<\/div>\n\t\t\t\t\n\t\t\t\t\t<strong class=\"margin-bottom-atom\">Poodles, Pigs or Cats?<\/strong>\n\n\t\t\t\t\t\t\t\t\t\t\t<div class=\"\">Escape, tolerance and different perspectives<\/div>\n\t\t\t\t\t\t\t\t\t<\/div>\n\t\t\t\t<div class=\"teaser-bottom border-bottom\">\n\t\t\t\t<calendardateline :rawitem='item' :show-icon=\"true\"><\/calendardateline>\n\t\t\t\t\t<hr>\n\t\t\t\t<\/div>\n\t\t\t<\/div>\n\t\t<\/div>\n\t<\/a>\n\t<\/calendarteaser>\n<\/li>\n\n<li class=\"teaser-lane-slide col-xs-9 col-sm-4 col-md-3 teaser-wrapper col-padding-remove\">\n\t<calendarteaser key=\"15830813814\" rawitem='{&quot;postId&quot;:158308,&quot;title&quot;:&quot;Protective beings. Superpowers of nature&quot;,&quot;excerpt&quot;:&quot;&quot;,&quot;slug&quot;:&quot;protective-beings-superpowers-of-nature&quot;,&quot;post_date&quot;:&quot;2026-01-22T10:53&quot;,&quot;type&quot;:&quot;event&quot;,&quot;permalink&quot;:&quot;https:\\\/\\\/www.humboldtforum.org\\\/en\\\/programm\\\/termin\\\/drop-in-en\\\/protective-beings-superpowers-of-nature-158308\\\/&quot;,&quot;genre&quot;:[840],&quot;genre_details&quot;:[{&quot;text&quot;:&quot;Drop-In&quot;,&quot;id&quot;:840,&quot;icon&quot;:null,&quot;parent&quot;:0}],&quot;language&quot;:[579],&quot;language_details&quot;:[{&quot;text&quot;:&quot;German&quot;,&quot;id&quot;:579,&quot;icon&quot;:null,&quot;parent&quot;:0}],&quot;age&quot;:[1526],&quot;age_details&quot;:[{&quot;text&quot;:&quot;6 years and older&quot;,&quot;id&quot;:1526,&quot;icon&quot;:null,&quot;parent&quot;:0}],&quot;icon_overwrite&quot;:&quot;&quot;,&quot;acf&quot;:{&quot;hashtag&quot;:&quot;HumboldtForum&quot;,&quot;planning&quot;:{&quot;price&quot;:&quot;0 EUR plus exhibition ticket&quot;,&quot;admission&quot;:&quot;&quot;,&quot;pause&quot;:&quot;&quot;,&quot;duration&quot;:&quot;&quot;},&quot;additional_info&quot;:{&quot;icon&quot;:&quot;icon-ort&quot;,&quot;text&quot;:&quot;2nd Floor, Room 212, Staircase Foyer near Benin&quot;},&quot;highlight_header&quot;:false,&quot;use_video_in_teasers&quot;:false,&quot;hyphenation&quot;:true,&quot;tipp&quot;:false,&quot;joker&quot;:false,&quot;live&quot;:false,&quot;hide_event_in_program&quot;:false,&quot;gomus_id&quot;:&quot;&quot;,&quot;featured_images&quot;:[148362],&quot;times&quot;:[{&quot;start&quot;:&quot;20260906 15:00&quot;,&quot;end&quot;:&quot;18:00&quot;,&quot;status&quot;:&quot;BUY&quot;,&quot;info&quot;:&quot;0 EUR plus exhibition ticket&quot;,&quot;shop&quot;:&quot;https:\\\/\\\/tickets.humboldtforum.org\\\/#\\\/tickets\\\/time?museum_id=1&amp;exhibition_id=17&amp;group=day&amp;date=2026-09-06&quot;,&quot;i&quot;:0,&quot;start_hour&quot;:&quot;15:00&quot;,&quot;start_HRF&quot;:&quot;Sun,  6 September 2026&quot;,&quot;_date&quot;:{&quot;date&quot;:&quot;2026-09-06 18:00:00.000000&quot;,&quot;timezone_type&quot;:3,&quot;timezone&quot;:&quot;Europe\\\/Berlin&quot;},&quot;_fromdate&quot;:&quot;20260906 15:00&quot;,&quot;start_TS&quot;:1788699600,&quot;start_HRFSHORT&quot;:&quot;06 Sep 2026&quot;,&quot;start_HRFSHORT_WD&quot;:&quot;Sun, 06 Sep 2026&quot;,&quot;end_TS&quot;:1788710400,&quot;can_purchase&quot;:true},{&quot;start&quot;:&quot;20260920 15:00&quot;,&quot;end&quot;:&quot;18:00&quot;,&quot;status&quot;:&quot;BUY&quot;,&quot;info&quot;:&quot;0 EUR plus exhibition ticket&quot;,&quot;shop&quot;:&quot;https:\\\/\\\/tickets.humboldtforum.org\\\/#\\\/tickets\\\/time?museum_id=1&amp;exhibition_id=17&amp;group=day&amp;date=2026-09-20&quot;,&quot;i&quot;:1,&quot;start_hour&quot;:&quot;15:00&quot;,&quot;start_HRF&quot;:&quot;Sun, 20 September 2026&quot;,&quot;_date&quot;:{&quot;date&quot;:&quot;2026-09-20 18:00:00.000000&quot;,&quot;timezone_type&quot;:3,&quot;timezone&quot;:&quot;Europe\\\/Berlin&quot;},&quot;_fromdate&quot;:&quot;20260920 15:00&quot;,&quot;start_TS&quot;:1789909200,&quot;start_HRFSHORT&quot;:&quot;20 Sep 2026&quot;,&quot;start_HRFSHORT_WD&quot;:&quot;Sun, 20 Sep 2026&quot;,&quot;end_TS&quot;:1789920000,&quot;can_purchase&quot;:true},{&quot;start&quot;:&quot;20261004 15:00&quot;,&quot;end&quot;:&quot;18:00&quot;,&quot;status&quot;:&quot;BUY&quot;,&quot;info&quot;:&quot;0 EUR plus exhibition ticket&quot;,&quot;shop&quot;:&quot;https:\\\/\\\/tickets.humboldtforum.org\\\/#\\\/tickets\\\/time?museum_id=1&amp;exhibition_id=17&amp;group=day&amp;date=2026-10-04&quot;,&quot;i&quot;:2,&quot;start_hour&quot;:&quot;15:00&quot;,&quot;start_HRF&quot;:&quot;Sun,  4 October 2026&quot;,&quot;_date&quot;:{&quot;date&quot;:&quot;2026-10-04 18:00:00.000000&quot;,&quot;timezone_type&quot;:3,&quot;timezone&quot;:&quot;Europe\\\/Berlin&quot;},&quot;_fromdate&quot;:&quot;20261004 15:00&quot;,&quot;start_TS&quot;:1791118800,&quot;start_HRFSHORT&quot;:&quot;04 Oct 2026&quot;,&quot;start_HRFSHORT_WD&quot;:&quot;Sun, 04 Oct 2026&quot;,&quot;end_TS&quot;:1791129600,&quot;can_purchase&quot;:true},{&quot;start&quot;:&quot;20261018 15:00&quot;,&quot;end&quot;:&quot;18:00&quot;,&quot;status&quot;:&quot;BUY&quot;,&quot;info&quot;:&quot;0 EUR plus exhibition ticket&quot;,&quot;shop&quot;:&quot;https:\\\/\\\/tickets.humboldtforum.org\\\/#\\\/tickets\\\/time?museum_id=1&amp;exhibition_id=17&amp;group=day&amp;date=2026-10-18&quot;,&quot;i&quot;:3,&quot;start_hour&quot;:&quot;15:00&quot;,&quot;start_HRF&quot;:&quot;Sun, 18 October 2026&quot;,&quot;_date&quot;:{&quot;date&quot;:&quot;2026-10-18 18:00:00.000000&quot;,&quot;timezone_type&quot;:3,&quot;timezone&quot;:&quot;Europe\\\/Berlin&quot;},&quot;_fromdate&quot;:&quot;20261018 15:00&quot;,&quot;start_TS&quot;:1792328400,&quot;start_HRFSHORT&quot;:&quot;18 Oct 2026&quot;,&quot;start_HRFSHORT_WD&quot;:&quot;Sun, 18 Oct 2026&quot;,&quot;end_TS&quot;:1792339200,&quot;can_purchase&quot;:true}],&quot;hm_id&quot;:&quot;&quot;,&quot;noindex&quot;:false,&quot;keywords&quot;:&quot;&quot;,&quot;belongsto&quot;:false,&quot;shorturl&quot;:&quot;&quot;},&quot;date&quot;:{&quot;NX&quot;:&quot;20260906&quot;,&quot;NXX&quot;:&quot;202609061500&quot;,&quot;NLAST&quot;:&quot;202610181100&quot;,&quot;from_DATE&quot;:&quot;20260906 15:00&quot;,&quot;from&quot;:1788692400,&quot;to&quot;:1792321200,&quot;to_DATE&quot;:&quot;20261018 15:00&quot;,&quot;from_HRFSHORT&quot;:&quot; 6 Sep 2026&quot;,&quot;from_HRFSHORT_WD&quot;:&quot;06 Sep 2026&quot;,&quot;to_HRFSHORT&quot;:&quot;18 Oct 2026&quot;,&quot;to_HRFSHORT_WD&quot;:&quot;18 Oct 2026&quot;,&quot;from_HRF&quot;:&quot;Sun,  6 September 2026&quot;,&quot;to_HRF&quot;:&quot;Sun, 18 October 2026&quot;,&quot;from_to_HRF&quot;:&quot;Sun,  6 September \\u2013 Sun, 18 October 2026&quot;,&quot;from_to_HRFSHORT&quot;:&quot; 6 Sep \\u2013 18 Oct 2026&quot;},&quot;alert&quot;:null,&quot;partof&quot;:[],&quot;marketing_topic&quot;:&quot;&quot;}' inline-template>\n\t<a href=\"https:\/\/www.humboldtforum.org\/en\/programm\/termin\/drop-in-en\/protective-beings-superpowers-of-nature-158308\/\" class=\"teaser teaser-event teaser-event-standard\">\n\t\t<div class=\"row\">\n\t\t\t<div class=\"col-xs-12 teaser-event-image\">\n\t\t\t\t<div class=\"teaser-image teaser-image-no-alternate\">\n\t\t\t\t\t\t\t\t\t\t\t\n\t<lazy-media-inline inline-template>\n\t\t<figure itemscope itemtype=\"http:\/\/schema.org\/ImageObject\" class=\"lazy-media-inline \" role=\"group\" id=\"media_6a9c897033d04\" aria-labelledby=\"desc_media_6a9c897033d04\">\n\t\t\t<script type=\"application\/json\" ref=\"data\">\n\t\t\t\t{\n\t\t\t\t\"sizes\" : {\"medium\":{\"file\":\"SHF_eb00248690-300x200.jpg\",\"width\":300,\"height\":200,\"mime-type\":\"image\\\/jpeg\",\"filesize\":16850},\"large\":{\"file\":\"SHF_eb00248690-1024x682.jpg\",\"width\":1024,\"height\":682,\"mime-type\":\"image\\\/jpeg\",\"filesize\":127439},\"thumbnail\":{\"file\":\"SHF_eb00248690-150x150.jpg\",\"width\":150,\"height\":150,\"mime-type\":\"image\\\/jpeg\",\"filesize\":7515},\"medium_large\":{\"file\":\"SHF_eb00248690-768x512.jpg\",\"width\":768,\"height\":512,\"mime-type\":\"image\\\/jpeg\",\"filesize\":79269},\"small\":{\"file\":\"SHF_eb00248690-440x293.jpg\",\"width\":440,\"height\":293,\"mime-type\":\"image\\\/jpeg\",\"filesize\":32078},\"semi\":{\"file\":\"SHF_eb00248690-580x387.jpg\",\"width\":580,\"height\":387,\"mime-type\":\"image\\\/jpeg\",\"filesize\":50806},\"mobile\":{\"file\":\"SHF_eb00248690-720x480.jpg\",\"width\":720,\"height\":480,\"mime-type\":\"image\\\/jpeg\",\"filesize\":71413},\"hd\":{\"file\":\"SHF_eb00248690-1280x853.jpg\",\"width\":1280,\"height\":853,\"mime-type\":\"image\\\/jpeg\",\"filesize\":181789},\"full\":{\"file\":\"SHF_eb00248690-1920x1280.jpg\",\"width\":1920,\"height\":1280,\"mime-type\":\"image\\\/jpeg\",\"filesize\":344326},\"1536x1536\":{\"file\":\"SHF_eb00248690-1536x1024.jpg\",\"width\":1536,\"height\":1024,\"mime-type\":\"image\\\/jpeg\",\"filesize\":241479},\"original\":{\"file\":\"SHF_eb00248690.jpg\",\"width\":2000,\"height\":1333}},\n\t\t\t\t\"alt\" : \"A woman displays an artistic diorama featuring a landscape and mystical elements in a bright room.\",\n\t\t\t\t\"path\" : \"\\\/wp-content\\\/uploads\\\/2025\\\/06\\\/\",\n\t\t\t\t\"video\" : null,\n\t\t\t\t\"autoplay\" : null,\n\t\t\t\t\"youtube\" : null,\n\t\t\t\t\"youtubelabel\" : \"Play video\",\n\t\t\t\t\"brightness\" : 100,\n\t\t\t\t\"crop\" : {\"top\":\"51.67\",\"left\":\"85.05\"},\n\t\t\t\t\"background\" : true,\n\t\t\t\t\"scale\" : 2\t\t\t\t}\n\t\t\t<\/script>\n\n\t\t\t<div class=\"height-container\" style=\"padding-bottom:66.65%;\" v-if=\"sizes\">\n\t\t\t\t\t\t\t\t<lazy-media :inline=\"true\" :alt=\"alt\" :sizes=\"sizes\" :scale=\"scale\" :brightness=\"brightness\" :path=\"path\" :video=\"video\" :autoplay=\"autoplay\" :youtube=\"youtube\" :crop=\"crop\" :youtubelabel=\"youtubelabel\" :background=\"background\" media-id=\"desc_media_6a9c897033d04\"><\/lazy-media>\n\t\t\t\t\t\t\t<\/div>\n\n\t\t\t\t\t\t\t<figcaption class=\"sr-only\" ref=\"body\" id=\"desc_media_6a9c897033d04\">\n\t\t\t\t\t\t\t\t\t\t\t<div>Yorleny Cardozo Pe&ntilde;a in front of her artistic intervention &lsquo;Die Stimme der Berge \/ La voz de la Monta&ntilde;a&rsquo;<\/div>\n\t\t\t\t\t\t\t\t\t\t\t\t\t\t\t\t\t\t\t\t\t<div class=\"insignificant\">\u00a9 Staatliche Museen zu Berlin, Foto: Pierre Adenis<\/div>\n\t\t\t\t\t\t\t\t\t<\/figcaption>\n\t\t\t\t\t<\/figure>\n\t<\/lazy-media-inline>\n\t\t\t\t<\/div>\n\t\t\t<\/div>\n\t\t\t<div class=\"col-xs-12 teaser-event-text Infos\">\n\t\t\t\t<div class=\"teaser-event-standard-text\">\n\t\t\t\t\t<div class=\"margin-bottom-atom\">\n\t\t\t\t\t\t<div class=\"subline clamp-1\" v-html=\"maingenre\"><\/div>\n\t\t\t\t\t\t\t\t\t\t\t<\/div>\n\t\t\t\t\n\t\t\t\t\t<strong class=\"margin-bottom-atom\">Protective beings. Superpowers of nature<\/strong>\n\n\t\t\t\t\t\t\t\t\t\t\t<div class=\"\"><\/div>\n\t\t\t\t\t\t\t\t\t<\/div>\n\t\t\t\t<div class=\"teaser-bottom border-bottom\">\n\t\t\t\t<calendardateline :rawitem='item' :show-icon=\"true\"><\/calendardateline>\n\t\t\t\t\t<hr>\n\t\t\t\t<\/div>\n\t\t\t<\/div>\n\t\t<\/div>\n\t<\/a>\n\t<\/calendarteaser>\n<\/li>\n\n<li class=\"teaser-lane-slide col-xs-9 col-sm-4 col-md-3 teaser-wrapper col-padding-remove\">\n\t<calendarteaser key=\"434672945\" rawitem='{&quot;postId&quot;:43467,&quot;title&quot;:&quot;Sitting on the Mat, with Dog, Cat and Rat&quot;,&quot;excerpt&quot;:&quot;&quot;,&quot;slug&quot;:&quot;sitting-on-the-mat-with-dog-cat-and-rat-2&quot;,&quot;post_date&quot;:&quot;2022-05-24T08:35&quot;,&quot;type&quot;:&quot;event&quot;,&quot;permalink&quot;:&quot;https:\\\/\\\/www.humboldtforum.org\\\/en\\\/programm\\\/termin\\\/reading\\\/sitting-on-the-mat-with-dog-cat-and-rat-2-43467\\\/&quot;,&quot;genre&quot;:[1162,824],&quot;genre_details&quot;:[{&quot;text&quot;:&quot;Reading&quot;,&quot;id&quot;:1162,&quot;icon&quot;:null,&quot;parent&quot;:0},{&quot;text&quot;:&quot;Theatre&quot;,&quot;id&quot;:824,&quot;icon&quot;:null,&quot;parent&quot;:0}],&quot;stakeholder&quot;:[595],&quot;stakeholder_details&quot;:[{&quot;text&quot;:&quot;Stiftung Humboldt Forum im Berliner Schloss&quot;,&quot;id&quot;:595,&quot;icon&quot;:null,&quot;parent&quot;:0}],&quot;targetgroup&quot;:[714],&quot;targetgroup_details&quot;:[{&quot;text&quot;:&quot;Children and families&quot;,&quot;id&quot;:714,&quot;icon&quot;:null,&quot;parent&quot;:0}],&quot;language&quot;:[579,1420],&quot;language_details&quot;:[{&quot;text&quot;:&quot;German&quot;,&quot;id&quot;:579,&quot;icon&quot;:null,&quot;parent&quot;:0},{&quot;text&quot;:&quot;Ukrainian&quot;,&quot;id&quot;:1420,&quot;icon&quot;:null,&quot;parent&quot;:0}],&quot;accessability&quot;:[596],&quot;accessability_details&quot;:[{&quot;text&quot;:&quot;Accessible for wheelchairs&quot;,&quot;id&quot;:596,&quot;icon&quot;:null,&quot;parent&quot;:0}],&quot;age&quot;:[703],&quot;age_details&quot;:[{&quot;text&quot;:&quot;children (3-6 years)&quot;,&quot;id&quot;:703,&quot;icon&quot;:null,&quot;parent&quot;:0}],&quot;place&quot;:[604],&quot;place_details&quot;:{&quot;place&quot;:&quot;Humboldt Forum&quot;,&quot;map&quot;:&quot;Humboldt Forum, Schlossplatz, Berlin&quot;,&quot;room&quot;:&quot;Ground Floor, Hall 3&quot;},&quot;icon_overwrite&quot;:&quot;&quot;,&quot;acf&quot;:{&quot;noindex&quot;:false,&quot;keywords&quot;:&quot;&quot;,&quot;hashtag&quot;:&quot;HumboldtForum&quot;,&quot;shorturl&quot;:&quot;&quot;,&quot;times&quot;:[{&quot;start&quot;:&quot;20260906 15:00&quot;,&quot;end&quot;:&quot;15:30&quot;,&quot;status&quot;:&quot;BUY&quot;,&quot;info&quot;:&quot;4 EUR \\\/ reduced 2 EUR&quot;,&quot;shop&quot;:&quot;https:\\\/\\\/tickets.humboldtforum.org\\\/#\\\/product\\\/event\\\/142?date=2026-09-06&amp;date_id=29559&amp;lang=en&quot;,&quot;i&quot;:0,&quot;start_hour&quot;:&quot;15:00&quot;,&quot;start_HRF&quot;:&quot;Sun,  6 September 2026&quot;,&quot;_date&quot;:{&quot;date&quot;:&quot;2026-09-06 15:30:00.000000&quot;,&quot;timezone_type&quot;:3,&quot;timezone&quot;:&quot;Europe\\\/Berlin&quot;},&quot;_fromdate&quot;:&quot;20260906 15:00&quot;,&quot;start_TS&quot;:1788699600,&quot;start_HRFSHORT&quot;:&quot;06 Sep 2026&quot;,&quot;start_HRFSHORT_WD&quot;:&quot;Sun, 06 Sep 2026&quot;,&quot;end_TS&quot;:1788701400,&quot;can_purchase&quot;:true},{&quot;start&quot;:&quot;20261031 15:00&quot;,&quot;end&quot;:&quot;15:30&quot;,&quot;status&quot;:&quot;BUY&quot;,&quot;info&quot;:&quot;4 EUR \\\/ reduced 2 EUR&quot;,&quot;shop&quot;:&quot;https:\\\/\\\/tickets.humboldtforum.org\\\/#\\\/product\\\/event\\\/142?date=2026-10-31&amp;date_id=29836&amp;lang=en&quot;,&quot;i&quot;:1,&quot;start_hour&quot;:&quot;15:00&quot;,&quot;start_HRF&quot;:&quot;Sat, 31 October 2026&quot;,&quot;_date&quot;:{&quot;date&quot;:&quot;2026-10-31 15:30:00.000000&quot;,&quot;timezone_type&quot;:3,&quot;timezone&quot;:&quot;Europe\\\/Berlin&quot;},&quot;_fromdate&quot;:&quot;20261031 15:00&quot;,&quot;start_TS&quot;:1793455200,&quot;start_HRFSHORT&quot;:&quot;31 Oct 2026&quot;,&quot;start_HRFSHORT_WD&quot;:&quot;Sat, 31 Oct 2026&quot;,&quot;end_TS&quot;:1793457000,&quot;can_purchase&quot;:true}],&quot;planning&quot;:{&quot;price&quot;:&quot;4 EUR \\\/ reduced 2 EUR&quot;,&quot;admission&quot;:&quot;&quot;,&quot;pause&quot;:&quot;&quot;,&quot;duration&quot;:&quot;30&quot;},&quot;tickettext&quot;:&quot;Please book your ticket in advance online or at the box office in the foyer.&quot;,&quot;infotext&quot;:&quot;We kindly ask for your understanding that adults are only permitted to participate in the program when accompanied by children.&quot;,&quot;additional_info&quot;:{&quot;icon&quot;:&quot;icon-ort&quot;,&quot;text&quot;:&quot;The entrance to Hall 3 is in the Schl\\u00fcter Courtyard next to the Sculpture Hall.&quot;},&quot;highlight_header&quot;:false,&quot;use_video_in_teasers&quot;:false,&quot;hyphenation&quot;:true,&quot;tipp&quot;:false,&quot;joker&quot;:false,&quot;live&quot;:false,&quot;hide_event_in_program&quot;:false,&quot;featured_images&quot;:[68942],&quot;gomus_id&quot;:&quot;&quot;,&quot;hm_id&quot;:&quot;&quot;,&quot;belongsto&quot;:[32405]},&quot;date&quot;:{&quot;NX&quot;:&quot;20260906&quot;,&quot;NXX&quot;:&quot;202609061500&quot;,&quot;NLAST&quot;:&quot;202610311200&quot;,&quot;from_DATE&quot;:&quot;20260906 15:00&quot;,&quot;from&quot;:1788692400,&quot;to&quot;:1793448000,&quot;to_DATE&quot;:&quot;20261031 15:00&quot;,&quot;from_HRFSHORT&quot;:&quot; 6 Sep 2026&quot;,&quot;from_HRFSHORT_WD&quot;:&quot;06 Sep 2026&quot;,&quot;to_HRFSHORT&quot;:&quot;31 Oct 2026&quot;,&quot;to_HRFSHORT_WD&quot;:&quot;31 Oct 2026&quot;,&quot;from_HRF&quot;:&quot;Sun,  6 September 2026&quot;,&quot;to_HRF&quot;:&quot;Sat, 31 October 2026&quot;,&quot;from_to_HRF&quot;:&quot;Sun,  6 September \\u2013 Sat, 31 October 2026&quot;,&quot;from_to_HRFSHORT&quot;:&quot; 6 Sep \\u2013 31 Oct 2026&quot;},&quot;alert&quot;:null,&quot;partof&quot;:[&quot;32405&quot;],&quot;marketing_topic&quot;:{&quot;title&quot;:&quot;Picture Book Cinema&quot;,&quot;ID&quot;:&quot;32405&quot;,&quot;reason&quot;:&quot;sequence&quot;}}' inline-template>\n\t<a href=\"https:\/\/www.humboldtforum.org\/en\/programm\/termin\/reading\/sitting-on-the-mat-with-dog-cat-and-rat-2-43467\/\" class=\"teaser teaser-event teaser-event-standard\">\n\t\t<div class=\"row\">\n\t\t\t<div class=\"col-xs-12 teaser-event-image\">\n\t\t\t\t<div class=\"teaser-image teaser-image-no-alternate\">\n\t\t\t\t\t\t\t\t\t\t\t\n\t<lazy-media-inline inline-template>\n\t\t<figure itemscope itemtype=\"http:\/\/schema.org\/ImageObject\" class=\"lazy-media-inline \" role=\"group\" id=\"media_6a9c8970356e9\" aria-labelledby=\"desc_media_6a9c8970356e9\">\n\t\t\t<script type=\"application\/json\" ref=\"data\">\n\t\t\t\t{\n\t\t\t\t\"sizes\" : {\"medium\":{\"file\":\"1034396_Web-300x141.jpg\",\"width\":300,\"height\":141,\"mime-type\":\"image\\\/jpeg\",\"filesize\":8412},\"large\":{\"file\":\"1034396_Web-1024x480.jpg\",\"width\":1024,\"height\":480,\"mime-type\":\"image\\\/jpeg\",\"filesize\":60493},\"thumbnail\":{\"file\":\"1034396_Web-150x150.jpg\",\"width\":150,\"height\":150,\"mime-type\":\"image\\\/jpeg\",\"filesize\":5488},\"medium_large\":{\"file\":\"1034396_Web-768x360.jpg\",\"width\":768,\"height\":360,\"mime-type\":\"image\\\/jpeg\",\"filesize\":36628},\"small\":{\"file\":\"1034396_Web-440x206.jpg\",\"width\":440,\"height\":206,\"mime-type\":\"image\\\/jpeg\",\"filesize\":14673},\"semi\":{\"file\":\"1034396_Web-580x272.jpg\",\"width\":580,\"height\":272,\"mime-type\":\"image\\\/jpeg\",\"filesize\":23068},\"mobile\":{\"file\":\"1034396_Web-720x338.jpg\",\"width\":720,\"height\":338,\"mime-type\":\"image\\\/jpeg\",\"filesize\":32783},\"original\":{\"file\":\"1034396_Web.jpg\",\"width\":1280,\"height\":600}},\n\t\t\t\t\"alt\" : \"A children's book with a wizard scene, surrounded by toy figures, tree, and block elements on a table.\",\n\t\t\t\t\"path\" : \"\\\/wp-content\\\/uploads\\\/2022\\\/05\\\/\",\n\t\t\t\t\"video\" : null,\n\t\t\t\t\"autoplay\" : null,\n\t\t\t\t\"youtube\" : null,\n\t\t\t\t\"youtubelabel\" : \"Play video\",\n\t\t\t\t\"brightness\" : 100,\n\t\t\t\t\"crop\" : null,\n\t\t\t\t\"background\" : true,\n\t\t\t\t\"scale\" : 2\t\t\t\t}\n\t\t\t<\/script>\n\n\t\t\t<div class=\"height-container\" style=\"padding-bottom:46.875%;\" v-if=\"sizes\">\n\t\t\t\t\t\t\t\t<lazy-media :inline=\"true\" :alt=\"alt\" :sizes=\"sizes\" :scale=\"scale\" :brightness=\"brightness\" :path=\"path\" :video=\"video\" :autoplay=\"autoplay\" :youtube=\"youtube\" :crop=\"crop\" :youtubelabel=\"youtubelabel\" :background=\"background\" media-id=\"desc_media_6a9c8970356e9\"><\/lazy-media>\n\t\t\t\t\t\t\t<\/div>\n\n\t\t\t\t\t\t\t<figcaption class=\"sr-only\" ref=\"body\" id=\"desc_media_6a9c8970356e9\">\n\t\t\t\t\t\t\t\t\t\t\t\t\t\t\t\t<div>Cover of the picture book &quot;F&uuml;r Hund und Katz ist auch noch Platz&quot; by Axel Scheffler and Julia Donaldson <\/div>\n\t\t\t\t\t\t\t\t\t\t\t\t\t\t\t\t<div class=\"insignificant\">\u00a9 \u00a9 2001 Beltz &#038; Gelberg in der Verlagsgruppe Beltz \u2219 Weinheim Basel \/ Stiftung Humboldt Forum im Berliner Schloss, Foto: Andreas K\u00f6nig<\/div>\n\t\t\t\t\t\t\t\t\t<\/figcaption>\n\t\t\t\t\t<\/figure>\n\t<\/lazy-media-inline>\n\t\t\t\t<\/div>\n\t\t\t<\/div>\n\t\t\t<div class=\"col-xs-12 teaser-event-text Infos\">\n\t\t\t\t<div class=\"teaser-event-standard-text\">\n\t\t\t\t\t<div class=\"margin-bottom-atom\">\n\t\t\t\t\t\t<div class=\"subline clamp-1\" v-html=\"maingenre\"><\/div>\n\t\t\t\t\t\t\t\t\t\t\t\t\t<div class=\"insignificant clamp-2\">Picture Book Cinema<\/div>\n\t\t\t\t\t\t\t\t\t\t\t<\/div>\n\t\t\t\t\n\t\t\t\t\t<strong class=\"margin-bottom-atom\">Sitting on the Mat, with Dog, Cat and Rat<\/strong>\n\n\t\t\t\t\t\t\t\t\t\t\t<div class=\"\"><\/div>\n\t\t\t\t\t\t\t\t\t<\/div>\n\t\t\t\t<div class=\"teaser-bottom border-bottom\">\n\t\t\t\t<calendardateline :rawitem='item' :show-icon=\"true\"><\/calendardateline>\n\t\t\t\t\t<hr>\n\t\t\t\t<\/div>\n\t\t\t<\/div>\n\t\t<\/div>\n\t<\/a>\n\t<\/calendarteaser>\n<\/li>\n\n\t\t\t\t\t\t<\/ul>\n\t\t\t\t\t<\/div>\n\t\t\t\t<\/div>\n\t\t\t<\/teaser-lane-with-buttons>\n\t\t\t\t<\/lazy-component>\n<\/section>\n\n\n\n<section class=\"block block-teaser col-multitimes-lane25 \" style=\"\">\n\t<lazy-component :fixed-min-height=\"400\">\n\t\n\t\t\t\t\t<teaser-lane-with-buttons inline-template tracking-label=\"guided tours\">\n\t\t\t\t<div class=\"teaser-lane-with-buttons\">\n\t\t\t\t\t<div class=\"container-fluid\">\n\t\t\t\t\t\t<div class=\"row bottom-xs\">\n\t\t\t\t\t\t\t<div class=\"col-xs-12 col-md-8\">\n\t\t\t\t\t\t\t\t\t\t\t\t\t\t\t\t\t<h4>guided tours<\/h4>\t\t\t\t\t\t\t\t\t\t\t\t\t\t\t\t\t\t\t\t\t\t\t\t<\/div>\n\t\t\t\t\t\t\t<div class=\"col-xs-12 col-md-4 start-xs end-md margin-bottom-sixth teaser-lane-buttons-wrapper \">\n\t\t\t\t\t\t\t\t\t\t\t\t\t\t\t\t<teaser-lane-buttons :visible_prev=\"visible_prev\" :visible_next=\"visible_next\" @prev=\"prev\" @next=\"next\"><\/teaser-lane-buttons>\n\t\t\t\t\t\t\t<\/div>\n\t\t\t\t\t\t<\/div>\n\t\t\t\t\t<\/div>\n\t\t\t\t\t<div class=\"teaser-lane-wrapper\">\n\t\t\t\t\t\t<ul class=\"teaser-lane\">\n\t\t\t\t\t\t\t\t\t\t\t\t\t\t<li class=\"teaser-lane-slide col-xs-9 col-sm-4 col-md-3 teaser-wrapper col-padding-remove\">\n\t<calendarteaser key=\"306551864\" rawitem='{&quot;postId&quot;:30655,&quot;title&quot;:&quot;The Humboldt Forum for Newbies&quot;,&quot;excerpt&quot;:&quot;What is in the Humboldt Forum? What do the brothers Alexander and Wilhelm von Humboldt have to do with the building? Apart from the Berlin Palace, what other examples inspired architect Franco Stella? What traces of the site&#039;s chequered history can still be seen today?&quot;,&quot;slug&quot;:&quot;the-humboldt-forum-for-newbies&quot;,&quot;post_date&quot;:&quot;2021-08-12T17:52&quot;,&quot;type&quot;:&quot;event&quot;,&quot;permalink&quot;:&quot;https:\\\/\\\/www.humboldtforum.org\\\/en\\\/programm\\\/termin\\\/guided-tour\\\/the-humboldt-forum-for-newbies-30655\\\/&quot;,&quot;genre&quot;:[822],&quot;genre_details&quot;:[{&quot;text&quot;:&quot;Guided Tour&quot;,&quot;id&quot;:822,&quot;icon&quot;:null,&quot;parent&quot;:0}],&quot;stakeholder&quot;:[595],&quot;stakeholder_details&quot;:[{&quot;text&quot;:&quot;Stiftung Humboldt Forum im Berliner Schloss&quot;,&quot;id&quot;:595,&quot;icon&quot;:null,&quot;parent&quot;:0}],&quot;targetgroup&quot;:[585],&quot;targetgroup_details&quot;:[{&quot;text&quot;:&quot;Adults&quot;,&quot;id&quot;:585,&quot;icon&quot;:null,&quot;parent&quot;:0}],&quot;language&quot;:[580],&quot;language_details&quot;:[{&quot;text&quot;:&quot;English&quot;,&quot;id&quot;:580,&quot;icon&quot;:null,&quot;parent&quot;:0}],&quot;accessability&quot;:[596],&quot;accessability_details&quot;:[{&quot;text&quot;:&quot;Accessible for wheelchairs&quot;,&quot;id&quot;:596,&quot;icon&quot;:null,&quot;parent&quot;:0}],&quot;groupsize&quot;:[1090],&quot;groupsize_details&quot;:[{&quot;text&quot;:&quot;max. 15 persons&quot;,&quot;id&quot;:1090,&quot;icon&quot;:null,&quot;parent&quot;:0}],&quot;icon_overwrite&quot;:&quot;&quot;,&quot;acf&quot;:{&quot;hashtag&quot;:&quot;HumboldtForum&quot;,&quot;shorturl&quot;:&quot;&quot;,&quot;keywords&quot;:&quot;&quot;,&quot;planning&quot;:{&quot;price&quot;:&quot;9 EUR&quot;,&quot;admission&quot;:&quot;&quot;,&quot;pause&quot;:&quot;&quot;,&quot;duration&quot;:&quot;60&quot;},&quot;shorttext&quot;:&quot;What is in the Humboldt Forum? What do the brothers Alexander and Wilhelm von Humboldt have to do with the building? Apart from the Berlin Palace, what other examples inspired architect Franco Stella? What traces of the site&#039;s chequered history can still be seen today?&quot;,&quot;use_video_in_teasers&quot;:false,&quot;hide_event_in_program&quot;:false,&quot;tickettext&quot;:&quot;Book your ticket in advance online or at the box office in the Foyer. &quot;,&quot;belongsto&quot;:false,&quot;noindex&quot;:false,&quot;times&quot;:[{&quot;start&quot;:&quot;20260905 11:00&quot;,&quot;end&quot;:&quot;12:00&quot;,&quot;status&quot;:&quot;BUY&quot;,&quot;info&quot;:&quot;Guided Tour in English - 9 EUR&quot;,&quot;shop&quot;:&quot;https:\\\/\\\/tickets.humboldtforum.org\\\/#\\\/product\\\/event\\\/38?date=2026-09-05&amp;date_id=29644&amp;lang=en&quot;,&quot;i&quot;:2,&quot;start_hour&quot;:&quot;11:00&quot;,&quot;start_HRF&quot;:&quot;Sat,  5 September 2026&quot;,&quot;_date&quot;:{&quot;date&quot;:&quot;2026-09-05 12:00:00.000000&quot;,&quot;timezone_type&quot;:3,&quot;timezone&quot;:&quot;Europe\\\/Berlin&quot;},&quot;_fromdate&quot;:&quot;20260905 11:00&quot;,&quot;start_TS&quot;:1788598800,&quot;start_HRFSHORT&quot;:&quot;05 Sep 2026&quot;,&quot;start_HRFSHORT_WD&quot;:&quot;Sat, 05 Sep 2026&quot;,&quot;end_TS&quot;:1788602400,&quot;can_purchase&quot;:true},{&quot;start&quot;:&quot;20260907 11:00&quot;,&quot;end&quot;:&quot;12:00&quot;,&quot;status&quot;:&quot;BUY&quot;,&quot;info&quot;:&quot;Guided Tour in English - 9 EUR&quot;,&quot;shop&quot;:&quot;https:\\\/\\\/tickets.humboldtforum.org\\\/#\\\/product\\\/event\\\/38?date=2026-09-07&amp;date_id=29645&amp;lang=en&quot;,&quot;i&quot;:3,&quot;start_hour&quot;:&quot;11:00&quot;,&quot;start_HRF&quot;:&quot;Mon,  7 September 2026&quot;,&quot;_date&quot;:{&quot;date&quot;:&quot;2026-09-07 12:00:00.000000&quot;,&quot;timezone_type&quot;:3,&quot;timezone&quot;:&quot;Europe\\\/Berlin&quot;},&quot;_fromdate&quot;:&quot;20260907 11:00&quot;,&quot;start_TS&quot;:1788771600,&quot;start_HRFSHORT&quot;:&quot;07 Sep 2026&quot;,&quot;start_HRFSHORT_WD&quot;:&quot;Mon, 07 Sep 2026&quot;,&quot;end_TS&quot;:1788775200,&quot;can_purchase&quot;:true},{&quot;start&quot;:&quot;20260910 17:00&quot;,&quot;end&quot;:&quot;18:00&quot;,&quot;status&quot;:&quot;BUY&quot;,&quot;info&quot;:&quot;Guided Tour in English - 9 EUR&quot;,&quot;shop&quot;:&quot;https:\\\/\\\/tickets.humboldtforum.org\\\/#\\\/product\\\/event\\\/38?date=2026-09-10&amp;date_id=29653&amp;lang=en&quot;,&quot;i&quot;:11,&quot;start_hour&quot;:&quot;17:00&quot;,&quot;start_HRF&quot;:&quot;Thu, 10 September 2026&quot;,&quot;_date&quot;:{&quot;date&quot;:&quot;2026-09-10 18:00:00.000000&quot;,&quot;timezone_type&quot;:3,&quot;timezone&quot;:&quot;Europe\\\/Berlin&quot;},&quot;_fromdate&quot;:&quot;20260910 17:00&quot;,&quot;start_TS&quot;:1789052400,&quot;start_HRFSHORT&quot;:&quot;10 Sep 2026&quot;,&quot;start_HRFSHORT_WD&quot;:&quot;Thu, 10 Sep 2026&quot;,&quot;end_TS&quot;:1789056000,&quot;can_purchase&quot;:true},{&quot;start&quot;:&quot;20260912 11:00&quot;,&quot;end&quot;:&quot;12:00&quot;,&quot;status&quot;:&quot;BUY&quot;,&quot;info&quot;:&quot;Guided Tour in English - 9 EUR&quot;,&quot;shop&quot;:&quot;https:\\\/\\\/tickets.humboldtforum.org\\\/#\\\/product\\\/event\\\/38?date=2026-09-12&amp;date_id=29646&amp;lang=en&quot;,&quot;i&quot;:4,&quot;start_hour&quot;:&quot;11:00&quot;,&quot;start_HRF&quot;:&quot;Sat, 12 September 2026&quot;,&quot;_date&quot;:{&quot;date&quot;:&quot;2026-09-12 12:00:00.000000&quot;,&quot;timezone_type&quot;:3,&quot;timezone&quot;:&quot;Europe\\\/Berlin&quot;},&quot;_fromdate&quot;:&quot;20260912 11:00&quot;,&quot;start_TS&quot;:1789203600,&quot;start_HRFSHORT&quot;:&quot;12 Sep 2026&quot;,&quot;start_HRFSHORT_WD&quot;:&quot;Sat, 12 Sep 2026&quot;,&quot;end_TS&quot;:1789207200,&quot;can_purchase&quot;:true},{&quot;start&quot;:&quot;20260914 11:00&quot;,&quot;end&quot;:&quot;12:00&quot;,&quot;status&quot;:&quot;BUY&quot;,&quot;info&quot;:&quot;Guided Tour in English - 9 EUR&quot;,&quot;shop&quot;:&quot;https:\\\/\\\/tickets.humboldtforum.org\\\/#\\\/product\\\/event\\\/38?date=2026-09-14&amp;date_id=29647&amp;lang=en&quot;,&quot;i&quot;:5,&quot;start_hour&quot;:&quot;11:00&quot;,&quot;start_HRF&quot;:&quot;Mon, 14 September 2026&quot;,&quot;_date&quot;:{&quot;date&quot;:&quot;2026-09-14 12:00:00.000000&quot;,&quot;timezone_type&quot;:3,&quot;timezone&quot;:&quot;Europe\\\/Berlin&quot;},&quot;_fromdate&quot;:&quot;20260914 11:00&quot;,&quot;start_TS&quot;:1789376400,&quot;start_HRFSHORT&quot;:&quot;14 Sep 2026&quot;,&quot;start_HRFSHORT_WD&quot;:&quot;Mon, 14 Sep 2026&quot;,&quot;end_TS&quot;:1789380000,&quot;can_purchase&quot;:true},{&quot;start&quot;:&quot;20260917 17:00&quot;,&quot;end&quot;:&quot;18:00&quot;,&quot;status&quot;:&quot;BUY&quot;,&quot;info&quot;:&quot;Guided Tour in English - 9 EUR&quot;,&quot;shop&quot;:&quot;https:\\\/\\\/tickets.humboldtforum.org\\\/#\\\/product\\\/event\\\/38?date=2026-09-17&amp;date_id=29654&amp;lang=en&quot;,&quot;i&quot;:12,&quot;start_hour&quot;:&quot;17:00&quot;,&quot;start_HRF&quot;:&quot;Thu, 17 September 2026&quot;,&quot;_date&quot;:{&quot;date&quot;:&quot;2026-09-17 18:00:00.000000&quot;,&quot;timezone_type&quot;:3,&quot;timezone&quot;:&quot;Europe\\\/Berlin&quot;},&quot;_fromdate&quot;:&quot;20260917 17:00&quot;,&quot;start_TS&quot;:1789657200,&quot;start_HRFSHORT&quot;:&quot;17 Sep 2026&quot;,&quot;start_HRFSHORT_WD&quot;:&quot;Thu, 17 Sep 2026&quot;,&quot;end_TS&quot;:1789660800,&quot;can_purchase&quot;:true},{&quot;start&quot;:&quot;20260919 11:00&quot;,&quot;end&quot;:&quot;12:00&quot;,&quot;status&quot;:&quot;BUY&quot;,&quot;info&quot;:&quot;Guided Tour in English - 9 EUR&quot;,&quot;shop&quot;:&quot;https:\\\/\\\/tickets.humboldtforum.org\\\/#\\\/product\\\/event\\\/38?date=2026-09-19&amp;date_id=29648&amp;lang=en&quot;,&quot;i&quot;:6,&quot;start_hour&quot;:&quot;11:00&quot;,&quot;start_HRF&quot;:&quot;Sat, 19 September 2026&quot;,&quot;_date&quot;:{&quot;date&quot;:&quot;2026-09-19 12:00:00.000000&quot;,&quot;timezone_type&quot;:3,&quot;timezone&quot;:&quot;Europe\\\/Berlin&quot;},&quot;_fromdate&quot;:&quot;20260919 11:00&quot;,&quot;start_TS&quot;:1789808400,&quot;start_HRFSHORT&quot;:&quot;19 Sep 2026&quot;,&quot;start_HRFSHORT_WD&quot;:&quot;Sat, 19 Sep 2026&quot;,&quot;end_TS&quot;:1789812000,&quot;can_purchase&quot;:true},{&quot;start&quot;:&quot;20260921 11:00&quot;,&quot;end&quot;:&quot;12:00&quot;,&quot;status&quot;:&quot;BUY&quot;,&quot;info&quot;:&quot;Guided Tour in English - 9 EUR&quot;,&quot;shop&quot;:&quot;https:\\\/\\\/tickets.humboldtforum.org\\\/#\\\/product\\\/event\\\/38?date=2026-09-21&amp;date_id=29649&amp;lang=en&quot;,&quot;i&quot;:7,&quot;start_hour&quot;:&quot;11:00&quot;,&quot;start_HRF&quot;:&quot;Mon, 21 September 2026&quot;,&quot;_date&quot;:{&quot;date&quot;:&quot;2026-09-21 12:00:00.000000&quot;,&quot;timezone_type&quot;:3,&quot;timezone&quot;:&quot;Europe\\\/Berlin&quot;},&quot;_fromdate&quot;:&quot;20260921 11:00&quot;,&quot;start_TS&quot;:1789981200,&quot;start_HRFSHORT&quot;:&quot;21 Sep 2026&quot;,&quot;start_HRFSHORT_WD&quot;:&quot;Mon, 21 Sep 2026&quot;,&quot;end_TS&quot;:1789984800,&quot;can_purchase&quot;:true},{&quot;start&quot;:&quot;20260924 17:00&quot;,&quot;end&quot;:&quot;18:00&quot;,&quot;status&quot;:&quot;BUY&quot;,&quot;info&quot;:&quot;Guided Tour in English - 9 EUR&quot;,&quot;shop&quot;:&quot;https:\\\/\\\/tickets.humboldtforum.org\\\/#\\\/product\\\/event\\\/38?date=2026-09-24&amp;date_id=29655&amp;lang=en&quot;,&quot;i&quot;:13,&quot;start_hour&quot;:&quot;17:00&quot;,&quot;start_HRF&quot;:&quot;Thu, 24 September 2026&quot;,&quot;_date&quot;:{&quot;date&quot;:&quot;2026-09-24 18:00:00.000000&quot;,&quot;timezone_type&quot;:3,&quot;timezone&quot;:&quot;Europe\\\/Berlin&quot;},&quot;_fromdate&quot;:&quot;20260924 17:00&quot;,&quot;start_TS&quot;:1790262000,&quot;start_HRFSHORT&quot;:&quot;24 Sep 2026&quot;,&quot;start_HRFSHORT_WD&quot;:&quot;Thu, 24 Sep 2026&quot;,&quot;end_TS&quot;:1790265600,&quot;can_purchase&quot;:true},{&quot;start&quot;:&quot;20260926 11:00&quot;,&quot;end&quot;:&quot;12:00&quot;,&quot;status&quot;:&quot;BUY&quot;,&quot;info&quot;:&quot;Guided Tour in English - 9 EUR&quot;,&quot;shop&quot;:&quot;https:\\\/\\\/tickets.humboldtforum.org\\\/#\\\/product\\\/event\\\/38?date=2026-09-26&amp;date_id=29650&amp;lang=en&quot;,&quot;i&quot;:8,&quot;start_hour&quot;:&quot;11:00&quot;,&quot;start_HRF&quot;:&quot;Sat, 26 September 2026&quot;,&quot;_date&quot;:{&quot;date&quot;:&quot;2026-09-26 12:00:00.000000&quot;,&quot;timezone_type&quot;:3,&quot;timezone&quot;:&quot;Europe\\\/Berlin&quot;},&quot;_fromdate&quot;:&quot;20260926 11:00&quot;,&quot;start_TS&quot;:1790413200,&quot;start_HRFSHORT&quot;:&quot;26 Sep 2026&quot;,&quot;start_HRFSHORT_WD&quot;:&quot;Sat, 26 Sep 2026&quot;,&quot;end_TS&quot;:1790416800,&quot;can_purchase&quot;:true},{&quot;start&quot;:&quot;20260928 11:00&quot;,&quot;end&quot;:&quot;12:00&quot;,&quot;status&quot;:&quot;BUY&quot;,&quot;info&quot;:&quot;Guided Tour in English - 9 EUR&quot;,&quot;shop&quot;:&quot;https:\\\/\\\/tickets.humboldtforum.org\\\/#\\\/product\\\/event\\\/38?date=2026-09-28&amp;date_id=29651&amp;lang=en&quot;,&quot;i&quot;:9,&quot;start_hour&quot;:&quot;11:00&quot;,&quot;start_HRF&quot;:&quot;Mon, 28 September 2026&quot;,&quot;_date&quot;:{&quot;date&quot;:&quot;2026-09-28 12:00:00.000000&quot;,&quot;timezone_type&quot;:3,&quot;timezone&quot;:&quot;Europe\\\/Berlin&quot;},&quot;_fromdate&quot;:&quot;20260928 11:00&quot;,&quot;start_TS&quot;:1790586000,&quot;start_HRFSHORT&quot;:&quot;28 Sep 2026&quot;,&quot;start_HRFSHORT_WD&quot;:&quot;Mon, 28 Sep 2026&quot;,&quot;end_TS&quot;:1790589600,&quot;can_purchase&quot;:true},{&quot;start&quot;:&quot;20261001 17:00&quot;,&quot;end&quot;:&quot;18:00&quot;,&quot;status&quot;:&quot;BUY&quot;,&quot;info&quot;:&quot;Guided Tour in English - 9 EUR&quot;,&quot;shop&quot;:&quot;https:\\\/\\\/tickets.humboldtforum.org\\\/#\\\/product\\\/event\\\/38?date=2026-10-01&amp;date_id=29961&amp;lang=en&quot;,&quot;i&quot;:14,&quot;start_hour&quot;:&quot;17:00&quot;,&quot;start_HRF&quot;:&quot;Thu,  1 October 2026&quot;,&quot;_date&quot;:{&quot;date&quot;:&quot;2026-10-01 18:00:00.000000&quot;,&quot;timezone_type&quot;:3,&quot;timezone&quot;:&quot;Europe\\\/Berlin&quot;},&quot;_fromdate&quot;:&quot;20261001 17:00&quot;,&quot;start_TS&quot;:1790866800,&quot;start_HRFSHORT&quot;:&quot;01 Oct 2026&quot;,&quot;start_HRFSHORT_WD&quot;:&quot;Thu, 01 Oct 2026&quot;,&quot;end_TS&quot;:1790870400,&quot;can_purchase&quot;:true},{&quot;start&quot;:&quot;20261003 11:00&quot;,&quot;end&quot;:&quot;12:00&quot;,&quot;status&quot;:&quot;BUY&quot;,&quot;info&quot;:&quot;Guided Tour in English - 9 EUR&quot;,&quot;shop&quot;:&quot;https:\\\/\\\/tickets.humboldtforum.org\\\/#\\\/product\\\/event\\\/38?date=2026-10-03&amp;date_id=29966&amp;lang=en&quot;,&quot;i&quot;:19,&quot;start_hour&quot;:&quot;11:00&quot;,&quot;start_HRF&quot;:&quot;Sat,  3 October 2026&quot;,&quot;_date&quot;:{&quot;date&quot;:&quot;2026-10-03 12:00:00.000000&quot;,&quot;timezone_type&quot;:3,&quot;timezone&quot;:&quot;Europe\\\/Berlin&quot;},&quot;_fromdate&quot;:&quot;20261003 11:00&quot;,&quot;start_TS&quot;:1791018000,&quot;start_HRFSHORT&quot;:&quot;03 Oct 2026&quot;,&quot;start_HRFSHORT_WD&quot;:&quot;Sat, 03 Oct 2026&quot;,&quot;end_TS&quot;:1791021600,&quot;can_purchase&quot;:true},{&quot;start&quot;:&quot;20261005 11:00&quot;,&quot;end&quot;:&quot;12:00&quot;,&quot;status&quot;:&quot;BUY&quot;,&quot;info&quot;:&quot;Guided Tour in English - 9 EUR&quot;,&quot;shop&quot;:&quot;https:\\\/\\\/tickets.humboldtforum.org\\\/#\\\/product\\\/event\\\/38?date=2026-10-05&amp;date_id=29967&amp;lang=en&quot;,&quot;i&quot;:20,&quot;start_hour&quot;:&quot;11:00&quot;,&quot;start_HRF&quot;:&quot;Mon,  5 October 2026&quot;,&quot;_date&quot;:{&quot;date&quot;:&quot;2026-10-05 12:00:00.000000&quot;,&quot;timezone_type&quot;:3,&quot;timezone&quot;:&quot;Europe\\\/Berlin&quot;},&quot;_fromdate&quot;:&quot;20261005 11:00&quot;,&quot;start_TS&quot;:1791190800,&quot;start_HRFSHORT&quot;:&quot;05 Oct 2026&quot;,&quot;start_HRFSHORT_WD&quot;:&quot;Mon, 05 Oct 2026&quot;,&quot;end_TS&quot;:1791194400,&quot;can_purchase&quot;:true},{&quot;start&quot;:&quot;20261008 17:00&quot;,&quot;end&quot;:&quot;18:00&quot;,&quot;status&quot;:&quot;BUY&quot;,&quot;info&quot;:&quot;Guided Tour in English - 9 EUR&quot;,&quot;shop&quot;:&quot;https:\\\/\\\/tickets.humboldtforum.org\\\/#\\\/product\\\/event\\\/38?date=2026-10-08&amp;date_id=29962&amp;lang=en&quot;,&quot;i&quot;:15,&quot;start_hour&quot;:&quot;17:00&quot;,&quot;start_HRF&quot;:&quot;Thu,  8 October 2026&quot;,&quot;_date&quot;:{&quot;date&quot;:&quot;2026-10-08 18:00:00.000000&quot;,&quot;timezone_type&quot;:3,&quot;timezone&quot;:&quot;Europe\\\/Berlin&quot;},&quot;_fromdate&quot;:&quot;20261008 17:00&quot;,&quot;start_TS&quot;:1791471600,&quot;start_HRFSHORT&quot;:&quot;08 Oct 2026&quot;,&quot;start_HRFSHORT_WD&quot;:&quot;Thu, 08 Oct 2026&quot;,&quot;end_TS&quot;:1791475200,&quot;can_purchase&quot;:true},{&quot;start&quot;:&quot;20261010 11:00&quot;,&quot;end&quot;:&quot;12:00&quot;,&quot;status&quot;:&quot;BUY&quot;,&quot;info&quot;:&quot;Guided Tour in English - 9 EUR&quot;,&quot;shop&quot;:&quot;https:\\\/\\\/tickets.humboldtforum.org\\\/#\\\/product\\\/event\\\/38?date=2026-10-10&amp;date_id=29968&amp;lang=en&quot;,&quot;i&quot;:21,&quot;start_hour&quot;:&quot;11:00&quot;,&quot;start_HRF&quot;:&quot;Sat, 10 October 2026&quot;,&quot;_date&quot;:{&quot;date&quot;:&quot;2026-10-10 12:00:00.000000&quot;,&quot;timezone_type&quot;:3,&quot;timezone&quot;:&quot;Europe\\\/Berlin&quot;},&quot;_fromdate&quot;:&quot;20261010 11:00&quot;,&quot;start_TS&quot;:1791622800,&quot;start_HRFSHORT&quot;:&quot;10 Oct 2026&quot;,&quot;start_HRFSHORT_WD&quot;:&quot;Sat, 10 Oct 2026&quot;,&quot;end_TS&quot;:1791626400,&quot;can_purchase&quot;:true},{&quot;start&quot;:&quot;20261012 11:00&quot;,&quot;end&quot;:&quot;12:00&quot;,&quot;status&quot;:&quot;BUY&quot;,&quot;info&quot;:&quot;Guided Tour in English - 9 EUR&quot;,&quot;shop&quot;:&quot;https:\\\/\\\/tickets.humboldtforum.org\\\/#\\\/product\\\/event\\\/38?date=2026-10-12&amp;date_id=29969&amp;lang=en&quot;,&quot;i&quot;:22,&quot;start_hour&quot;:&quot;11:00&quot;,&quot;start_HRF&quot;:&quot;Mon, 12 October 2026&quot;,&quot;_date&quot;:{&quot;date&quot;:&quot;2026-10-12 12:00:00.000000&quot;,&quot;timezone_type&quot;:3,&quot;timezone&quot;:&quot;Europe\\\/Berlin&quot;},&quot;_fromdate&quot;:&quot;20261012 11:00&quot;,&quot;start_TS&quot;:1791795600,&quot;start_HRFSHORT&quot;:&quot;12 Oct 2026&quot;,&quot;start_HRFSHORT_WD&quot;:&quot;Mon, 12 Oct 2026&quot;,&quot;end_TS&quot;:1791799200,&quot;can_purchase&quot;:true},{&quot;start&quot;:&quot;20261015 17:00&quot;,&quot;end&quot;:&quot;18:00&quot;,&quot;status&quot;:&quot;BUY&quot;,&quot;info&quot;:&quot;Guided Tour in English - 9 EUR&quot;,&quot;shop&quot;:&quot;https:\\\/\\\/tickets.humboldtforum.org\\\/#\\\/product\\\/event\\\/38?date=2026-10-15&amp;date_id=29963&amp;lang=en&quot;,&quot;i&quot;:16,&quot;start_hour&quot;:&quot;17:00&quot;,&quot;start_HRF&quot;:&quot;Thu, 15 October 2026&quot;,&quot;_date&quot;:{&quot;date&quot;:&quot;2026-10-15 18:00:00.000000&quot;,&quot;timezone_type&quot;:3,&quot;timezone&quot;:&quot;Europe\\\/Berlin&quot;},&quot;_fromdate&quot;:&quot;20261015 17:00&quot;,&quot;start_TS&quot;:1792076400,&quot;start_HRFSHORT&quot;:&quot;15 Oct 2026&quot;,&quot;start_HRFSHORT_WD&quot;:&quot;Thu, 15 Oct 2026&quot;,&quot;end_TS&quot;:1792080000,&quot;can_purchase&quot;:true},{&quot;start&quot;:&quot;20261017 11:00&quot;,&quot;end&quot;:&quot;12:00&quot;,&quot;status&quot;:&quot;BUY&quot;,&quot;info&quot;:&quot;Guided Tour in English - 9 EUR&quot;,&quot;shop&quot;:&quot;https:\\\/\\\/tickets.humboldtforum.org\\\/#\\\/product\\\/event\\\/38?date=2026-10-17&amp;date_id=29970&amp;lang=en&quot;,&quot;i&quot;:23,&quot;start_hour&quot;:&quot;11:00&quot;,&quot;start_HRF&quot;:&quot;Sat, 17 October 2026&quot;,&quot;_date&quot;:{&quot;date&quot;:&quot;2026-10-17 12:00:00.000000&quot;,&quot;timezone_type&quot;:3,&quot;timezone&quot;:&quot;Europe\\\/Berlin&quot;},&quot;_fromdate&quot;:&quot;20261017 11:00&quot;,&quot;start_TS&quot;:1792227600,&quot;start_HRFSHORT&quot;:&quot;17 Oct 2026&quot;,&quot;start_HRFSHORT_WD&quot;:&quot;Sat, 17 Oct 2026&quot;,&quot;end_TS&quot;:1792231200,&quot;can_purchase&quot;:true},{&quot;start&quot;:&quot;20261019 11:00&quot;,&quot;end&quot;:&quot;12:00&quot;,&quot;status&quot;:&quot;BUY&quot;,&quot;info&quot;:&quot;Guided Tour in English - 9 EUR&quot;,&quot;shop&quot;:&quot;https:\\\/\\\/tickets.humboldtforum.org\\\/#\\\/product\\\/event\\\/38?date=2026-10-19&amp;date_id=29971&amp;lang=en&quot;,&quot;i&quot;:24,&quot;start_hour&quot;:&quot;11:00&quot;,&quot;start_HRF&quot;:&quot;Mon, 19 October 2026&quot;,&quot;_date&quot;:{&quot;date&quot;:&quot;2026-10-19 12:00:00.000000&quot;,&quot;timezone_type&quot;:3,&quot;timezone&quot;:&quot;Europe\\\/Berlin&quot;},&quot;_fromdate&quot;:&quot;20261019 11:00&quot;,&quot;start_TS&quot;:1792400400,&quot;start_HRFSHORT&quot;:&quot;19 Oct 2026&quot;,&quot;start_HRFSHORT_WD&quot;:&quot;Mon, 19 Oct 2026&quot;,&quot;end_TS&quot;:1792404000,&quot;can_purchase&quot;:true},{&quot;start&quot;:&quot;20261022 17:00&quot;,&quot;end&quot;:&quot;18:00&quot;,&quot;status&quot;:&quot;BUY&quot;,&quot;info&quot;:&quot;Guided Tour in English - 9 EUR&quot;,&quot;shop&quot;:&quot;https:\\\/\\\/tickets.humboldtforum.org\\\/#\\\/product\\\/event\\\/38?date=2026-10-22&amp;date_id=29964&amp;lang=en&quot;,&quot;i&quot;:17,&quot;start_hour&quot;:&quot;17:00&quot;,&quot;start_HRF&quot;:&quot;Thu, 22 October 2026&quot;,&quot;_date&quot;:{&quot;date&quot;:&quot;2026-10-22 18:00:00.000000&quot;,&quot;timezone_type&quot;:3,&quot;timezone&quot;:&quot;Europe\\\/Berlin&quot;},&quot;_fromdate&quot;:&quot;20261022 17:00&quot;,&quot;start_TS&quot;:1792681200,&quot;start_HRFSHORT&quot;:&quot;22 Oct 2026&quot;,&quot;start_HRFSHORT_WD&quot;:&quot;Thu, 22 Oct 2026&quot;,&quot;end_TS&quot;:1792684800,&quot;can_purchase&quot;:true},{&quot;start&quot;:&quot;20261024 11:00&quot;,&quot;end&quot;:&quot;12:00&quot;,&quot;status&quot;:&quot;BUY&quot;,&quot;info&quot;:&quot;Guided Tour in English - 9 EUR&quot;,&quot;shop&quot;:&quot;https:\\\/\\\/tickets.humboldtforum.org\\\/#\\\/product\\\/event\\\/38?date=2026-10-24&amp;date_id=29972&amp;lang=en&quot;,&quot;i&quot;:25,&quot;start_hour&quot;:&quot;11:00&quot;,&quot;start_HRF&quot;:&quot;Sat, 24 October 2026&quot;,&quot;_date&quot;:{&quot;date&quot;:&quot;2026-10-24 12:00:00.000000&quot;,&quot;timezone_type&quot;:3,&quot;timezone&quot;:&quot;Europe\\\/Berlin&quot;},&quot;_fromdate&quot;:&quot;20261024 11:00&quot;,&quot;start_TS&quot;:1792832400,&quot;start_HRFSHORT&quot;:&quot;24 Oct 2026&quot;,&quot;start_HRFSHORT_WD&quot;:&quot;Sat, 24 Oct 2026&quot;,&quot;end_TS&quot;:1792836000,&quot;can_purchase&quot;:true},{&quot;start&quot;:&quot;20261026 11:00&quot;,&quot;end&quot;:&quot;12:00&quot;,&quot;status&quot;:&quot;BUY&quot;,&quot;info&quot;:&quot;Guided Tour in English - 9 EUR&quot;,&quot;shop&quot;:&quot;https:\\\/\\\/tickets.humboldtforum.org\\\/#\\\/product\\\/event\\\/38?date=2026-10-26&amp;date_id=29973&amp;lang=en&quot;,&quot;i&quot;:26,&quot;start_hour&quot;:&quot;11:00&quot;,&quot;start_HRF&quot;:&quot;Mon, 26 October 2026&quot;,&quot;_date&quot;:{&quot;date&quot;:&quot;2026-10-26 12:00:00.000000&quot;,&quot;timezone_type&quot;:3,&quot;timezone&quot;:&quot;Europe\\\/Berlin&quot;},&quot;_fromdate&quot;:&quot;20261026 11:00&quot;,&quot;start_TS&quot;:1793008800,&quot;start_HRFSHORT&quot;:&quot;26 Oct 2026&quot;,&quot;start_HRFSHORT_WD&quot;:&quot;Mon, 26 Oct 2026&quot;,&quot;end_TS&quot;:1793012400,&quot;can_purchase&quot;:true},{&quot;start&quot;:&quot;20261029 17:00&quot;,&quot;end&quot;:&quot;18:00&quot;,&quot;status&quot;:&quot;BUY&quot;,&quot;info&quot;:&quot;Guided Tour in English - 9 EUR&quot;,&quot;shop&quot;:&quot;https:\\\/\\\/tickets.humboldtforum.org\\\/#\\\/product\\\/event\\\/38?date=2026-10-29&amp;date_id=29965&amp;lang=en&quot;,&quot;i&quot;:18,&quot;start_hour&quot;:&quot;17:00&quot;,&quot;start_HRF&quot;:&quot;Thu, 29 October 2026&quot;,&quot;_date&quot;:{&quot;date&quot;:&quot;2026-10-29 18:00:00.000000&quot;,&quot;timezone_type&quot;:3,&quot;timezone&quot;:&quot;Europe\\\/Berlin&quot;},&quot;_fromdate&quot;:&quot;20261029 17:00&quot;,&quot;start_TS&quot;:1793289600,&quot;start_HRFSHORT&quot;:&quot;29 Oct 2026&quot;,&quot;start_HRFSHORT_WD&quot;:&quot;Thu, 29 Oct 2026&quot;,&quot;end_TS&quot;:1793293200,&quot;can_purchase&quot;:true},{&quot;start&quot;:&quot;20261031 11:00&quot;,&quot;end&quot;:&quot;12:00&quot;,&quot;status&quot;:&quot;BUY&quot;,&quot;info&quot;:&quot;Guided Tour in English - 9 EUR&quot;,&quot;shop&quot;:&quot;https:\\\/\\\/tickets.humboldtforum.org\\\/#\\\/product\\\/event\\\/38?date=2026-10-31&amp;date_id=29974&amp;lang=en&quot;,&quot;i&quot;:27,&quot;start_hour&quot;:&quot;11:00&quot;,&quot;start_HRF&quot;:&quot;Sat, 31 October 2026&quot;,&quot;_date&quot;:{&quot;date&quot;:&quot;2026-10-31 12:00:00.000000&quot;,&quot;timezone_type&quot;:3,&quot;timezone&quot;:&quot;Europe\\\/Berlin&quot;},&quot;_fromdate&quot;:&quot;20261031 11:00&quot;,&quot;start_TS&quot;:1793440800,&quot;start_HRFSHORT&quot;:&quot;31 Oct 2026&quot;,&quot;start_HRFSHORT_WD&quot;:&quot;Sat, 31 Oct 2026&quot;,&quot;end_TS&quot;:1793444400,&quot;can_purchase&quot;:true}],&quot;subline&quot;:&quot;Introductory tour&quot;,&quot;additional_info&quot;:{&quot;icon&quot;:&quot;icon-uhr&quot;,&quot;text&quot;:&quot;Dates and ticket booking for the coming month are released at the end of the previous month.&quot;},&quot;highlight_header&quot;:false,&quot;featured_images&quot;:[30816],&quot;hyphenation&quot;:true,&quot;tipp&quot;:false,&quot;joker&quot;:false,&quot;live&quot;:false,&quot;alert_text&quot;:&quot;EN&quot;,&quot;hm_id&quot;:&quot;&quot;,&quot;gomus_id&quot;:&quot;&quot;},&quot;date&quot;:{&quot;NX&quot;:&quot;20260905&quot;,&quot;NXX&quot;:&quot;202609051100&quot;,&quot;NLAST&quot;:&quot;202610310800&quot;,&quot;from_DATE&quot;:&quot;20260829 11:00&quot;,&quot;from&quot;:1787986800,&quot;to&quot;:1793433600,&quot;to_DATE&quot;:&quot;20261031 11:00&quot;,&quot;from_HRFSHORT&quot;:&quot;29 Aug 2026&quot;,&quot;from_HRFSHORT_WD&quot;:&quot;29 Aug 2026&quot;,&quot;to_HRFSHORT&quot;:&quot;31 Oct 2026&quot;,&quot;to_HRFSHORT_WD&quot;:&quot;31 Oct 2026&quot;,&quot;from_HRF&quot;:&quot;Sat, 29 August 2026&quot;,&quot;to_HRF&quot;:&quot;Sat, 31 October 2026&quot;,&quot;from_to_HRF&quot;:&quot;Sat, 29 August \\u2013 Sat, 31 October 2026&quot;,&quot;from_to_HRFSHORT&quot;:&quot;29 Aug \\u2013 31 Oct 2026&quot;},&quot;alert&quot;:&quot;EN&quot;,&quot;partof&quot;:[],&quot;marketing_topic&quot;:&quot;&quot;}' inline-template>\n\t<a href=\"https:\/\/www.humboldtforum.org\/en\/programm\/termin\/guided-tour\/the-humboldt-forum-for-newbies-30655\/\" class=\"teaser teaser-event teaser-event-standard\">\n\t\t<div class=\"row row-stretch\">\n\t\t\t<div class=\"col-xs-12\">\n\t\t\t\t<div class=\"teaser-event-image\">\n\t\t\t\t\t<div class=\"teaser-image teaser-image-no-alternate\">\n\t\t\t\t\t\t\t\t\t\t\t\t\t\t\t<span class=\"alert\">EN<\/span>\n\t\t\t\t\t\t\t\t\t\t\t\t\t\n\t<lazy-media-inline inline-template>\n\t\t<figure itemscope itemtype=\"http:\/\/schema.org\/ImageObject\" class=\"lazy-media-inline \" role=\"group\" id=\"media_6a9c89703e29e\" aria-labelledby=\"desc_media_6a9c89703e29e\">\n\t\t\t<script type=\"application\/json\" ref=\"data\">\n\t\t\t\t{\n\t\t\t\t\"sizes\" : {\"medium\":{\"file\":\"210819_Humboldt-Forum-FSP_0783_LQ-300x200.jpg\",\"width\":300,\"height\":200,\"mime-type\":\"image\\\/jpeg\"},\"large\":{\"file\":\"210819_Humboldt-Forum-FSP_0783_LQ-1024x683.jpg\",\"width\":1024,\"height\":683,\"mime-type\":\"image\\\/jpeg\"},\"thumbnail\":{\"file\":\"210819_Humboldt-Forum-FSP_0783_LQ-150x150.jpg\",\"width\":150,\"height\":150,\"mime-type\":\"image\\\/jpeg\"},\"medium_large\":{\"file\":\"210819_Humboldt-Forum-FSP_0783_LQ-768x512.jpg\",\"width\":768,\"height\":512,\"mime-type\":\"image\\\/jpeg\"},\"small\":{\"file\":\"210819_Humboldt-Forum-FSP_0783_LQ-440x294.jpg\",\"width\":440,\"height\":294,\"mime-type\":\"image\\\/jpeg\"},\"semi\":{\"file\":\"210819_Humboldt-Forum-FSP_0783_LQ-580x387.jpg\",\"width\":580,\"height\":387,\"mime-type\":\"image\\\/jpeg\"},\"mobile\":{\"file\":\"210819_Humboldt-Forum-FSP_0783_LQ-720x480.jpg\",\"width\":720,\"height\":480,\"mime-type\":\"image\\\/jpeg\"},\"hd\":{\"file\":\"210819_Humboldt-Forum-FSP_0783_LQ-1280x854.jpg\",\"width\":1280,\"height\":854,\"mime-type\":\"image\\\/jpeg\"},\"full\":{\"file\":\"210819_Humboldt-Forum-FSP_0783_LQ-1920x1281.jpg\",\"width\":1920,\"height\":1281,\"mime-type\":\"image\\\/jpeg\"},\"1536x1536\":{\"file\":\"210819_Humboldt-Forum-FSP_0783_LQ-1536x1025.jpg\",\"width\":1536,\"height\":1025,\"mime-type\":\"image\\\/jpeg\"},\"original\":{\"file\":\"210819_Humboldt-Forum-FSP_0783_LQ.jpg\",\"width\":2049,\"height\":1367}},\n\t\t\t\t\"alt\" : \"A group of people is looking at a building while one person in a red blazer points at something. Historical architecture in the background.\",\n\t\t\t\t\"path\" : \"\\\/wp-content\\\/uploads\\\/2021\\\/08\\\/\",\n\t\t\t\t\"video\" : null,\n\t\t\t\t\"autoplay\" : null,\n\t\t\t\t\"youtube\" : null,\n\t\t\t\t\"youtubelabel\" : \"Play video\",\n\t\t\t\t\"brightness\" : 100,\n\t\t\t\t\"crop\" : {\"top\":\"71.74\",\"left\":\"45.91\"},\n\t\t\t\t\"background\" : true,\n\t\t\t\t\"scale\" : 2\t\t\t\t}\n\t\t\t<\/script>\n\n\t\t\t<div class=\"height-container\" style=\"padding-bottom:66.715470961445%;\" v-if=\"sizes\">\n\t\t\t\t\t\t\t\t<lazy-media :inline=\"true\" :alt=\"alt\" :sizes=\"sizes\" :scale=\"scale\" :brightness=\"brightness\" :path=\"path\" :video=\"video\" :autoplay=\"autoplay\" :youtube=\"youtube\" :crop=\"crop\" :youtubelabel=\"youtubelabel\" :background=\"background\" media-id=\"desc_media_6a9c89703e29e\"><\/lazy-media>\n\t\t\t\t\t\t\t<\/div>\n\n\t\t\t\t\t\t\t<figcaption class=\"sr-only\" ref=\"body\" id=\"desc_media_6a9c89703e29e\">\n\t\t\t\t\t\t\t\t\t\t\t\t\t\t\t\t<div>Opening of the workrooms for the professional public. Guided tour in the Schl&uuml;terhof <\/div>\n\t\t\t\t\t\t\t\t\t\t\t\t\t\t\t\t<div class=\"insignificant\">\u00a9 Stiftung Humboldt Forum im Berliner Schloss \/ Photo: Frank Sperling<\/div>\n\t\t\t\t\t\t\t\t\t<\/figcaption>\n\t\t\t\t\t<\/figure>\n\t<\/lazy-media-inline>\n\t\t\t\t\t<\/div>\n\t\t\t\t<\/div>\n\t\t\t\t<div class=\"teaser-event-text Infos\">\n\t\t\t\t\t<div class=\"margin-bottom-sixth\">\n\t\t\t\t\t\t<div class=\"margin-bottom-atom\">\n\t\t\t\t\t\t\t<div class=\"subline clamp-1\" v-html=\"maingenre\"><\/div>\n\t\t\t\t\t\t\t\t\t\t\t\t\t<\/div>\n\t\t\t\t\t\n\t\t\t\t\t\t<strong class=\"margin-bottom-atom\">The Humboldt Forum for Newbies<\/strong>\n\n\t\t\t\t\t\t\t\t\t\t\t\t\t<div class=\"\">Introductory tour<\/div>\n\t\t\t\t\t\t\t\t\t\t\t<\/div>\n\t\t\t\t<\/div>\n\t\t\t<\/div>\n\t\t\t<div class=\"col-xs-12 Infos\">\n\t\t\t\t<div class=\"border-bottom \">\n\t\t\t\t\t\t\t\t\t\t\t\t\t\t<calendardateline :rawitem=\"{&quot;postId&quot;:30655,&quot;title&quot;:&quot;The Humboldt Forum for Newbies&quot;,&quot;excerpt&quot;:&quot;What is in the Humboldt Forum? What do the brothers Alexander and Wilhelm von Humboldt have to do with the building? Apart from the Berlin Palace, what other examples inspired architect Franco Stella? What traces of the site&#039;s chequered history can still be seen today?&quot;,&quot;slug&quot;:&quot;the-humboldt-forum-for-newbies&quot;,&quot;post_date&quot;:&quot;2021-08-12T17:52&quot;,&quot;type&quot;:&quot;event&quot;,&quot;permalink&quot;:&quot;https:\\\/\\\/www.humboldtforum.org\\\/en\\\/programm\\\/termin\\\/guided-tour\\\/the-humboldt-forum-for-newbies-30655\\\/&quot;,&quot;genre&quot;:[822],&quot;genre_details&quot;:[{&quot;text&quot;:&quot;Guided Tour&quot;,&quot;id&quot;:822,&quot;icon&quot;:null,&quot;parent&quot;:0}],&quot;stakeholder&quot;:[595],&quot;stakeholder_details&quot;:[{&quot;text&quot;:&quot;Stiftung Humboldt Forum im Berliner Schloss&quot;,&quot;id&quot;:595,&quot;icon&quot;:null,&quot;parent&quot;:0}],&quot;targetgroup&quot;:[585],&quot;targetgroup_details&quot;:[{&quot;text&quot;:&quot;Adults&quot;,&quot;id&quot;:585,&quot;icon&quot;:null,&quot;parent&quot;:0}],&quot;language&quot;:[580],&quot;language_details&quot;:[{&quot;text&quot;:&quot;English&quot;,&quot;id&quot;:580,&quot;icon&quot;:null,&quot;parent&quot;:0}],&quot;accessability&quot;:[596],&quot;accessability_details&quot;:[{&quot;text&quot;:&quot;Accessible for wheelchairs&quot;,&quot;id&quot;:596,&quot;icon&quot;:null,&quot;parent&quot;:0}],&quot;groupsize&quot;:[1090],&quot;groupsize_details&quot;:[{&quot;text&quot;:&quot;max. 15 persons&quot;,&quot;id&quot;:1090,&quot;icon&quot;:null,&quot;parent&quot;:0}],&quot;icon_overwrite&quot;:&quot;&quot;,&quot;acf&quot;:{&quot;hashtag&quot;:&quot;HumboldtForum&quot;,&quot;shorturl&quot;:&quot;&quot;,&quot;keywords&quot;:&quot;&quot;,&quot;planning&quot;:{&quot;price&quot;:&quot;9 EUR&quot;,&quot;admission&quot;:&quot;&quot;,&quot;pause&quot;:&quot;&quot;,&quot;duration&quot;:&quot;60&quot;},&quot;shorttext&quot;:&quot;What is in the Humboldt Forum? What do the brothers Alexander and Wilhelm von Humboldt have to do with the building? Apart from the Berlin Palace, what other examples inspired architect Franco Stella? What traces of the site&#039;s chequered history can still be seen today?&quot;,&quot;use_video_in_teasers&quot;:false,&quot;hide_event_in_program&quot;:false,&quot;tickettext&quot;:&quot;Book your ticket in advance online or at the box office in the Foyer. &quot;,&quot;belongsto&quot;:false,&quot;noindex&quot;:false,&quot;times&quot;:[{&quot;start&quot;:&quot;20260905 11:00&quot;,&quot;end&quot;:&quot;12:00&quot;,&quot;status&quot;:&quot;BUY&quot;,&quot;info&quot;:&quot;Guided Tour in English - 9 EUR&quot;,&quot;shop&quot;:&quot;https:\\\/\\\/tickets.humboldtforum.org\\\/#\\\/product\\\/event\\\/38?date=2026-09-05&amp;date_id=29644&amp;lang=en&quot;,&quot;i&quot;:2,&quot;start_hour&quot;:&quot;11:00&quot;,&quot;start_HRF&quot;:&quot;Sat,  5 September 2026&quot;,&quot;_date&quot;:{&quot;date&quot;:&quot;2026-09-05 12:00:00.000000&quot;,&quot;timezone_type&quot;:3,&quot;timezone&quot;:&quot;Europe\\\/Berlin&quot;},&quot;_fromdate&quot;:&quot;20260905 11:00&quot;,&quot;start_TS&quot;:1788598800,&quot;start_HRFSHORT&quot;:&quot;05 Sep 2026&quot;,&quot;start_HRFSHORT_WD&quot;:&quot;Sat, 05 Sep 2026&quot;,&quot;end_TS&quot;:1788602400,&quot;can_purchase&quot;:true}],&quot;subline&quot;:&quot;Introductory tour&quot;,&quot;additional_info&quot;:{&quot;icon&quot;:&quot;icon-uhr&quot;,&quot;text&quot;:&quot;Dates and ticket booking for the coming month are released at the end of the previous month.&quot;},&quot;highlight_header&quot;:false,&quot;featured_images&quot;:[30816],&quot;hyphenation&quot;:true,&quot;tipp&quot;:false,&quot;joker&quot;:false,&quot;live&quot;:false,&quot;alert_text&quot;:&quot;EN&quot;,&quot;hm_id&quot;:&quot;&quot;,&quot;gomus_id&quot;:&quot;&quot;},&quot;date&quot;:{&quot;NX&quot;:&quot;20260905&quot;,&quot;NXX&quot;:&quot;202609051100&quot;,&quot;NLAST&quot;:&quot;202610310800&quot;,&quot;from_DATE&quot;:&quot;20260829 11:00&quot;,&quot;from&quot;:1787986800,&quot;to&quot;:1793433600,&quot;to_DATE&quot;:&quot;20261031 11:00&quot;,&quot;from_HRFSHORT&quot;:&quot;29 Aug 2026&quot;,&quot;from_HRFSHORT_WD&quot;:&quot;29 Aug 2026&quot;,&quot;to_HRFSHORT&quot;:&quot;31 Oct 2026&quot;,&quot;to_HRFSHORT_WD&quot;:&quot;31 Oct 2026&quot;,&quot;from_HRF&quot;:&quot;Sat, 29 August 2026&quot;,&quot;to_HRF&quot;:&quot;Sat, 31 October 2026&quot;,&quot;from_to_HRF&quot;:&quot;Sat, 29 August \\u2013 Sat, 31 October 2026&quot;,&quot;from_to_HRFSHORT&quot;:&quot;29 Aug \\u2013 31 Oct 2026&quot;},&quot;alert&quot;:&quot;EN&quot;,&quot;partof&quot;:[],&quot;marketing_topic&quot;:&quot;&quot;}\" :force-first=\"true\" :show-icon=\"true\"><\/calendardateline>\n\t\t\t\t\t\t\t\t\t<div class=\"margin-bottom-atom\"><hr><\/div>\n\t\t\t\t\t\t\t\t\t\t\t\t\t\t\t\t\t<calendardateline :rawitem=\"{&quot;postId&quot;:30655,&quot;title&quot;:&quot;The Humboldt Forum for Newbies&quot;,&quot;excerpt&quot;:&quot;What is in the Humboldt Forum? What do the brothers Alexander and Wilhelm von Humboldt have to do with the building? Apart from the Berlin Palace, what other examples inspired architect Franco Stella? What traces of the site&#039;s chequered history can still be seen today?&quot;,&quot;slug&quot;:&quot;the-humboldt-forum-for-newbies&quot;,&quot;post_date&quot;:&quot;2021-08-12T17:52&quot;,&quot;type&quot;:&quot;event&quot;,&quot;permalink&quot;:&quot;https:\\\/\\\/www.humboldtforum.org\\\/en\\\/programm\\\/termin\\\/guided-tour\\\/the-humboldt-forum-for-newbies-30655\\\/&quot;,&quot;genre&quot;:[822],&quot;genre_details&quot;:[{&quot;text&quot;:&quot;Guided Tour&quot;,&quot;id&quot;:822,&quot;icon&quot;:null,&quot;parent&quot;:0}],&quot;stakeholder&quot;:[595],&quot;stakeholder_details&quot;:[{&quot;text&quot;:&quot;Stiftung Humboldt Forum im Berliner Schloss&quot;,&quot;id&quot;:595,&quot;icon&quot;:null,&quot;parent&quot;:0}],&quot;targetgroup&quot;:[585],&quot;targetgroup_details&quot;:[{&quot;text&quot;:&quot;Adults&quot;,&quot;id&quot;:585,&quot;icon&quot;:null,&quot;parent&quot;:0}],&quot;language&quot;:[580],&quot;language_details&quot;:[{&quot;text&quot;:&quot;English&quot;,&quot;id&quot;:580,&quot;icon&quot;:null,&quot;parent&quot;:0}],&quot;accessability&quot;:[596],&quot;accessability_details&quot;:[{&quot;text&quot;:&quot;Accessible for wheelchairs&quot;,&quot;id&quot;:596,&quot;icon&quot;:null,&quot;parent&quot;:0}],&quot;groupsize&quot;:[1090],&quot;groupsize_details&quot;:[{&quot;text&quot;:&quot;max. 15 persons&quot;,&quot;id&quot;:1090,&quot;icon&quot;:null,&quot;parent&quot;:0}],&quot;icon_overwrite&quot;:&quot;&quot;,&quot;acf&quot;:{&quot;hashtag&quot;:&quot;HumboldtForum&quot;,&quot;shorturl&quot;:&quot;&quot;,&quot;keywords&quot;:&quot;&quot;,&quot;planning&quot;:{&quot;price&quot;:&quot;9 EUR&quot;,&quot;admission&quot;:&quot;&quot;,&quot;pause&quot;:&quot;&quot;,&quot;duration&quot;:&quot;60&quot;},&quot;shorttext&quot;:&quot;What is in the Humboldt Forum? What do the brothers Alexander and Wilhelm von Humboldt have to do with the building? Apart from the Berlin Palace, what other examples inspired architect Franco Stella? What traces of the site&#039;s chequered history can still be seen today?&quot;,&quot;use_video_in_teasers&quot;:false,&quot;hide_event_in_program&quot;:false,&quot;tickettext&quot;:&quot;Book your ticket in advance online or at the box office in the Foyer. &quot;,&quot;belongsto&quot;:false,&quot;noindex&quot;:false,&quot;times&quot;:[{&quot;start&quot;:&quot;20260907 11:00&quot;,&quot;end&quot;:&quot;12:00&quot;,&quot;status&quot;:&quot;BUY&quot;,&quot;info&quot;:&quot;Guided Tour in English - 9 EUR&quot;,&quot;shop&quot;:&quot;https:\\\/\\\/tickets.humboldtforum.org\\\/#\\\/product\\\/event\\\/38?date=2026-09-07&amp;date_id=29645&amp;lang=en&quot;,&quot;i&quot;:3,&quot;start_hour&quot;:&quot;11:00&quot;,&quot;start_HRF&quot;:&quot;Mon,  7 September 2026&quot;,&quot;_date&quot;:{&quot;date&quot;:&quot;2026-09-07 12:00:00.000000&quot;,&quot;timezone_type&quot;:3,&quot;timezone&quot;:&quot;Europe\\\/Berlin&quot;},&quot;_fromdate&quot;:&quot;20260907 11:00&quot;,&quot;start_TS&quot;:1788771600,&quot;start_HRFSHORT&quot;:&quot;07 Sep 2026&quot;,&quot;start_HRFSHORT_WD&quot;:&quot;Mon, 07 Sep 2026&quot;,&quot;end_TS&quot;:1788775200,&quot;can_purchase&quot;:true}],&quot;subline&quot;:&quot;Introductory tour&quot;,&quot;additional_info&quot;:{&quot;icon&quot;:&quot;icon-uhr&quot;,&quot;text&quot;:&quot;Dates and ticket booking for the coming month are released at the end of the previous month.&quot;},&quot;highlight_header&quot;:false,&quot;featured_images&quot;:[30816],&quot;hyphenation&quot;:true,&quot;tipp&quot;:false,&quot;joker&quot;:false,&quot;live&quot;:false,&quot;alert_text&quot;:&quot;EN&quot;,&quot;hm_id&quot;:&quot;&quot;,&quot;gomus_id&quot;:&quot;&quot;},&quot;date&quot;:{&quot;NX&quot;:&quot;20260905&quot;,&quot;NXX&quot;:&quot;202609051100&quot;,&quot;NLAST&quot;:&quot;202610310800&quot;,&quot;from_DATE&quot;:&quot;20260829 11:00&quot;,&quot;from&quot;:1787986800,&quot;to&quot;:1793433600,&quot;to_DATE&quot;:&quot;20261031 11:00&quot;,&quot;from_HRFSHORT&quot;:&quot;29 Aug 2026&quot;,&quot;from_HRFSHORT_WD&quot;:&quot;29 Aug 2026&quot;,&quot;to_HRFSHORT&quot;:&quot;31 Oct 2026&quot;,&quot;to_HRFSHORT_WD&quot;:&quot;31 Oct 2026&quot;,&quot;from_HRF&quot;:&quot;Sat, 29 August 2026&quot;,&quot;to_HRF&quot;:&quot;Sat, 31 October 2026&quot;,&quot;from_to_HRF&quot;:&quot;Sat, 29 August \\u2013 Sat, 31 October 2026&quot;,&quot;from_to_HRFSHORT&quot;:&quot;29 Aug \\u2013 31 Oct 2026&quot;},&quot;alert&quot;:&quot;EN&quot;,&quot;partof&quot;:[],&quot;marketing_topic&quot;:&quot;&quot;}\" :force-first=\"true\" :show-icon=\"true\"><\/calendardateline>\n\t\t\t\t\t\t\t\t\t<div class=\"margin-bottom-atom\"><hr><\/div>\n\t\t\t\t\t\t\t\t<div class=\"event-times-fadeout center-xs\">&#8230;<\/div>\t\t\t\t\t\n\t\t\t\t<\/div>\n\t\t\t<\/div>\n\t\t<\/div>\n\t<\/a>\n\t<\/calendarteaser>\n<\/li>\n<li class=\"teaser-lane-slide col-xs-9 col-sm-4 col-md-3 teaser-wrapper col-padding-remove\">\n\t<calendarteaser key=\"5507411367\" rawitem='{&quot;postId&quot;:55074,&quot;title&quot;:&quot;One Hour Ethnologisches Museum&quot;,&quot;excerpt&quot;:&quot;&quot;,&quot;slug&quot;:&quot;one-hour-ethnologisches-museum-2&quot;,&quot;post_date&quot;:&quot;2022-09-21T10:56&quot;,&quot;type&quot;:&quot;event&quot;,&quot;permalink&quot;:&quot;https:\\\/\\\/www.humboldtforum.org\\\/en\\\/programm\\\/termin\\\/guided-tour\\\/one-hour-ethnologisches-museum-2-55074\\\/&quot;,&quot;genre&quot;:[822],&quot;genre_details&quot;:[{&quot;text&quot;:&quot;Guided Tour&quot;,&quot;id&quot;:822,&quot;icon&quot;:null,&quot;parent&quot;:0}],&quot;stakeholder&quot;:[594],&quot;stakeholder_details&quot;:[{&quot;text&quot;:&quot;Staatliche Museen zu Berlin&quot;,&quot;id&quot;:594,&quot;icon&quot;:null,&quot;parent&quot;:0}],&quot;targetgroup&quot;:[585],&quot;targetgroup_details&quot;:[{&quot;text&quot;:&quot;Adults&quot;,&quot;id&quot;:585,&quot;icon&quot;:null,&quot;parent&quot;:0}],&quot;language&quot;:[580],&quot;language_details&quot;:[{&quot;text&quot;:&quot;English&quot;,&quot;id&quot;:580,&quot;icon&quot;:null,&quot;parent&quot;:0}],&quot;groupsize&quot;:[1168],&quot;groupsize_details&quot;:[{&quot;text&quot;:&quot;max. 10 persons&quot;,&quot;id&quot;:1168,&quot;icon&quot;:null,&quot;parent&quot;:0}],&quot;icon_overwrite&quot;:&quot;&quot;,&quot;acf&quot;:{&quot;noindex&quot;:false,&quot;keywords&quot;:&quot;&quot;,&quot;hashtag&quot;:&quot;HumboldtForum&quot;,&quot;belongsto&quot;:false,&quot;shorturl&quot;:&quot;&quot;,&quot;planning&quot;:{&quot;price&quot;:&quot;9 EUR plus exhibition admission&quot;,&quot;admission&quot;:&quot;&quot;,&quot;pause&quot;:&quot;&quot;,&quot;duration&quot;:&quot;60&quot;},&quot;subline&quot;:&quot;Overview tour&quot;,&quot;infotext&quot;:&quot;Dates and ticket booking for the coming month will be activated at the end of the previous month.&quot;,&quot;additional_info&quot;:{&quot;icon&quot;:&quot;0&quot;,&quot;text&quot;:&quot;Termine und Ticketbuchung f\\u00fcr den kommenden Monat werden jeweils zum Ende des Vormonats freigeschaltet.&quot;},&quot;highlight_header&quot;:false,&quot;featured_images&quot;:[35984],&quot;use_video_in_teasers&quot;:false,&quot;hyphenation&quot;:true,&quot;tipp&quot;:false,&quot;joker&quot;:true,&quot;live&quot;:false,&quot;hide_event_in_program&quot;:false,&quot;times&quot;:[{&quot;start&quot;:&quot;20260905 14:00&quot;,&quot;end&quot;:&quot;15:00&quot;,&quot;status&quot;:&quot;BUY&quot;,&quot;info&quot;:&quot;Guided Tour in English - 9 EUR plus exhibition admission&quot;,&quot;shop&quot;:&quot;https:\\\/\\\/tickets.humboldtforum.org\\\/#\\\/product\\\/event\\\/104?date=2026-09-05&amp;date_id=29754&amp;lang=en&quot;,&quot;i&quot;:0,&quot;start_hour&quot;:&quot;14:00&quot;,&quot;start_HRF&quot;:&quot;Sat,  5 September 2026&quot;,&quot;_date&quot;:{&quot;date&quot;:&quot;2026-09-05 15:00:00.000000&quot;,&quot;timezone_type&quot;:3,&quot;timezone&quot;:&quot;Europe\\\/Berlin&quot;},&quot;_fromdate&quot;:&quot;20260905 14:00&quot;,&quot;start_TS&quot;:1788609600,&quot;start_HRFSHORT&quot;:&quot;05 Sep 2026&quot;,&quot;start_HRFSHORT_WD&quot;:&quot;Sat, 05 Sep 2026&quot;,&quot;end_TS&quot;:1788613200,&quot;can_purchase&quot;:true},{&quot;start&quot;:&quot;20260912 14:00&quot;,&quot;end&quot;:&quot;15:00&quot;,&quot;status&quot;:&quot;BUY&quot;,&quot;info&quot;:&quot;Guided Tour in English - 9 EUR plus exhibition admission&quot;,&quot;shop&quot;:&quot;https:\\\/\\\/tickets.humboldtforum.org\\\/#\\\/product\\\/event\\\/104?date=2026-09-12&amp;date_id=29755&amp;lang=en&quot;,&quot;i&quot;:1,&quot;start_hour&quot;:&quot;14:00&quot;,&quot;start_HRF&quot;:&quot;Sat, 12 September 2026&quot;,&quot;_date&quot;:{&quot;date&quot;:&quot;2026-09-12 15:00:00.000000&quot;,&quot;timezone_type&quot;:3,&quot;timezone&quot;:&quot;Europe\\\/Berlin&quot;},&quot;_fromdate&quot;:&quot;20260912 14:00&quot;,&quot;start_TS&quot;:1789214400,&quot;start_HRFSHORT&quot;:&quot;12 Sep 2026&quot;,&quot;start_HRFSHORT_WD&quot;:&quot;Sat, 12 Sep 2026&quot;,&quot;end_TS&quot;:1789218000,&quot;can_purchase&quot;:true},{&quot;start&quot;:&quot;20260919 14:00&quot;,&quot;end&quot;:&quot;15:00&quot;,&quot;status&quot;:&quot;BUY&quot;,&quot;info&quot;:&quot;Guided Tour in English - 9 EUR plus exhibition admission&quot;,&quot;shop&quot;:&quot;https:\\\/\\\/tickets.humboldtforum.org\\\/#\\\/product\\\/event\\\/104?date=2026-09-19&amp;date_id=29756&amp;lang=en&quot;,&quot;i&quot;:2,&quot;start_hour&quot;:&quot;14:00&quot;,&quot;start_HRF&quot;:&quot;Sat, 19 September 2026&quot;,&quot;_date&quot;:{&quot;date&quot;:&quot;2026-09-19 15:00:00.000000&quot;,&quot;timezone_type&quot;:3,&quot;timezone&quot;:&quot;Europe\\\/Berlin&quot;},&quot;_fromdate&quot;:&quot;20260919 14:00&quot;,&quot;start_TS&quot;:1789819200,&quot;start_HRFSHORT&quot;:&quot;19 Sep 2026&quot;,&quot;start_HRFSHORT_WD&quot;:&quot;Sat, 19 Sep 2026&quot;,&quot;end_TS&quot;:1789822800,&quot;can_purchase&quot;:true},{&quot;start&quot;:&quot;20260926 14:00&quot;,&quot;end&quot;:&quot;15:00&quot;,&quot;status&quot;:&quot;BUY&quot;,&quot;info&quot;:&quot;Guided Tour in English - 9 EUR plus exhibition admission&quot;,&quot;shop&quot;:&quot;https:\\\/\\\/tickets.humboldtforum.org\\\/#\\\/product\\\/event\\\/104?date=2026-09-26&amp;date_id=29757&amp;lang=en&quot;,&quot;i&quot;:3,&quot;start_hour&quot;:&quot;14:00&quot;,&quot;start_HRF&quot;:&quot;Sat, 26 September 2026&quot;,&quot;_date&quot;:{&quot;date&quot;:&quot;2026-09-26 15:00:00.000000&quot;,&quot;timezone_type&quot;:3,&quot;timezone&quot;:&quot;Europe\\\/Berlin&quot;},&quot;_fromdate&quot;:&quot;20260926 14:00&quot;,&quot;start_TS&quot;:1790424000,&quot;start_HRFSHORT&quot;:&quot;26 Sep 2026&quot;,&quot;start_HRFSHORT_WD&quot;:&quot;Sat, 26 Sep 2026&quot;,&quot;end_TS&quot;:1790427600,&quot;can_purchase&quot;:true},{&quot;start&quot;:&quot;20261003 14:00&quot;,&quot;end&quot;:&quot;15:00&quot;,&quot;status&quot;:&quot;BUY&quot;,&quot;info&quot;:&quot;Guided Tour in English - 9 EUR plus exhibition admission&quot;,&quot;shop&quot;:&quot;https:\\\/\\\/tickets.humboldtforum.org\\\/#\\\/product\\\/event\\\/104?date=2026-10-03&amp;date_id=30091&amp;lang=en&quot;,&quot;i&quot;:4,&quot;start_hour&quot;:&quot;14:00&quot;,&quot;start_HRF&quot;:&quot;Sat,  3 October 2026&quot;,&quot;_date&quot;:{&quot;date&quot;:&quot;2026-10-03 15:00:00.000000&quot;,&quot;timezone_type&quot;:3,&quot;timezone&quot;:&quot;Europe\\\/Berlin&quot;},&quot;_fromdate&quot;:&quot;20261003 14:00&quot;,&quot;start_TS&quot;:1791028800,&quot;start_HRFSHORT&quot;:&quot;03 Oct 2026&quot;,&quot;start_HRFSHORT_WD&quot;:&quot;Sat, 03 Oct 2026&quot;,&quot;end_TS&quot;:1791032400,&quot;can_purchase&quot;:true},{&quot;start&quot;:&quot;20261010 14:00&quot;,&quot;end&quot;:&quot;15:00&quot;,&quot;status&quot;:&quot;BUY&quot;,&quot;info&quot;:&quot;Guided Tour in English - 9 EUR plus exhibition admission&quot;,&quot;shop&quot;:&quot;https:\\\/\\\/tickets.humboldtforum.org\\\/#\\\/product\\\/event\\\/104?date=2026-10-10&amp;date_id=30092&amp;lang=en&quot;,&quot;i&quot;:5,&quot;start_hour&quot;:&quot;14:00&quot;,&quot;start_HRF&quot;:&quot;Sat, 10 October 2026&quot;,&quot;_date&quot;:{&quot;date&quot;:&quot;2026-10-10 15:00:00.000000&quot;,&quot;timezone_type&quot;:3,&quot;timezone&quot;:&quot;Europe\\\/Berlin&quot;},&quot;_fromdate&quot;:&quot;20261010 14:00&quot;,&quot;start_TS&quot;:1791633600,&quot;start_HRFSHORT&quot;:&quot;10 Oct 2026&quot;,&quot;start_HRFSHORT_WD&quot;:&quot;Sat, 10 Oct 2026&quot;,&quot;end_TS&quot;:1791637200,&quot;can_purchase&quot;:true},{&quot;start&quot;:&quot;20261017 14:00&quot;,&quot;end&quot;:&quot;15:00&quot;,&quot;status&quot;:&quot;BUY&quot;,&quot;info&quot;:&quot;Guided Tour in English - 9 EUR plus exhibition admission&quot;,&quot;shop&quot;:&quot;https:\\\/\\\/tickets.humboldtforum.org\\\/#\\\/product\\\/event\\\/104?date=2026-10-17&amp;date_id=30093&amp;lang=en&quot;,&quot;i&quot;:6,&quot;start_hour&quot;:&quot;14:00&quot;,&quot;start_HRF&quot;:&quot;Sat, 17 October 2026&quot;,&quot;_date&quot;:{&quot;date&quot;:&quot;2026-10-17 15:00:00.000000&quot;,&quot;timezone_type&quot;:3,&quot;timezone&quot;:&quot;Europe\\\/Berlin&quot;},&quot;_fromdate&quot;:&quot;20261017 14:00&quot;,&quot;start_TS&quot;:1792238400,&quot;start_HRFSHORT&quot;:&quot;17 Oct 2026&quot;,&quot;start_HRFSHORT_WD&quot;:&quot;Sat, 17 Oct 2026&quot;,&quot;end_TS&quot;:1792242000,&quot;can_purchase&quot;:true},{&quot;start&quot;:&quot;20261024 14:00&quot;,&quot;end&quot;:&quot;15:00&quot;,&quot;status&quot;:&quot;BUY&quot;,&quot;info&quot;:&quot;Guided Tour in English - 9 EUR plus exhibition admission&quot;,&quot;shop&quot;:&quot;https:\\\/\\\/tickets.humboldtforum.org\\\/#\\\/product\\\/event\\\/104?date=2026-10-24&amp;date_id=30094&amp;lang=en&quot;,&quot;i&quot;:7,&quot;start_hour&quot;:&quot;14:00&quot;,&quot;start_HRF&quot;:&quot;Sat, 24 October 2026&quot;,&quot;_date&quot;:{&quot;date&quot;:&quot;2026-10-24 15:00:00.000000&quot;,&quot;timezone_type&quot;:3,&quot;timezone&quot;:&quot;Europe\\\/Berlin&quot;},&quot;_fromdate&quot;:&quot;20261024 14:00&quot;,&quot;start_TS&quot;:1792843200,&quot;start_HRFSHORT&quot;:&quot;24 Oct 2026&quot;,&quot;start_HRFSHORT_WD&quot;:&quot;Sat, 24 Oct 2026&quot;,&quot;end_TS&quot;:1792846800,&quot;can_purchase&quot;:true},{&quot;start&quot;:&quot;20261031 14:00&quot;,&quot;end&quot;:&quot;15:00&quot;,&quot;status&quot;:&quot;BUY&quot;,&quot;info&quot;:&quot;Guided Tour in English - 9 EUR plus exhibition admission&quot;,&quot;shop&quot;:&quot;https:\\\/\\\/tickets.humboldtforum.org\\\/#\\\/product\\\/event\\\/104?date=2026-10-31&amp;date_id=30095&amp;lang=en&quot;,&quot;i&quot;:8,&quot;start_hour&quot;:&quot;14:00&quot;,&quot;start_HRF&quot;:&quot;Sat, 31 October 2026&quot;,&quot;_date&quot;:{&quot;date&quot;:&quot;2026-10-31 15:00:00.000000&quot;,&quot;timezone_type&quot;:3,&quot;timezone&quot;:&quot;Europe\\\/Berlin&quot;},&quot;_fromdate&quot;:&quot;20261031 14:00&quot;,&quot;start_TS&quot;:1793451600,&quot;start_HRFSHORT&quot;:&quot;31 Oct 2026&quot;,&quot;start_HRFSHORT_WD&quot;:&quot;Sat, 31 Oct 2026&quot;,&quot;end_TS&quot;:1793455200,&quot;can_purchase&quot;:true}],&quot;alert_text&quot;:&quot;EN&quot;,&quot;hm_id&quot;:&quot;&quot;,&quot;gomus_id&quot;:&quot;&quot;},&quot;date&quot;:{&quot;NX&quot;:&quot;20260905&quot;,&quot;NXX&quot;:&quot;202609051400&quot;,&quot;NLAST&quot;:&quot;202610311100&quot;,&quot;from_DATE&quot;:&quot;20260905 14:00&quot;,&quot;from&quot;:1788602400,&quot;to&quot;:1793444400,&quot;to_DATE&quot;:&quot;20261031 14:00&quot;,&quot;from_HRFSHORT&quot;:&quot; 5 Sep 2026&quot;,&quot;from_HRFSHORT_WD&quot;:&quot;05 Sep 2026&quot;,&quot;to_HRFSHORT&quot;:&quot;31 Oct 2026&quot;,&quot;to_HRFSHORT_WD&quot;:&quot;31 Oct 2026&quot;,&quot;from_HRF&quot;:&quot;Sat,  5 September 2026&quot;,&quot;to_HRF&quot;:&quot;Sat, 31 October 2026&quot;,&quot;from_to_HRF&quot;:&quot;Sat,  5 September \\u2013 Sat, 31 October 2026&quot;,&quot;from_to_HRFSHORT&quot;:&quot; 5 Sep \\u2013 31 Oct 2026&quot;},&quot;alert&quot;:&quot;EN&quot;,&quot;partof&quot;:[],&quot;marketing_topic&quot;:&quot;&quot;}' inline-template>\n\t<a href=\"https:\/\/www.humboldtforum.org\/en\/programm\/termin\/guided-tour\/one-hour-ethnologisches-museum-2-55074\/\" class=\"teaser teaser-event teaser-event-standard\">\n\t\t<div class=\"row row-stretch\">\n\t\t\t<div class=\"col-xs-12\">\n\t\t\t\t<div class=\"teaser-event-image\">\n\t\t\t\t\t<div class=\"teaser-image teaser-image-no-alternate\">\n\t\t\t\t\t\t\t\t\t\t\t\t\t\t\t<span class=\"alert\">EN<\/span>\n\t\t\t\t\t\t\t\t\t\t\t\t\t\n\t<lazy-media-inline inline-template>\n\t\t<figure itemscope itemtype=\"http:\/\/schema.org\/ImageObject\" class=\"lazy-media-inline \" role=\"group\" id=\"media_6a9c89703fa9b\" aria-labelledby=\"desc_media_6a9c89703fa9b\">\n\t\t\t<script type=\"application\/json\" ref=\"data\">\n\t\t\t\t{\n\t\t\t\t\"sizes\" : {\"medium\":{\"file\":\"SHF_eb00116274-2-300x225.jpg\",\"width\":300,\"height\":225,\"mime-type\":\"image\\\/jpeg\"},\"large\":{\"file\":\"SHF_eb00116274-2-1024x768.jpg\",\"width\":1024,\"height\":768,\"mime-type\":\"image\\\/jpeg\"},\"thumbnail\":{\"file\":\"SHF_eb00116274-2-150x150.jpg\",\"width\":150,\"height\":150,\"mime-type\":\"image\\\/jpeg\"},\"medium_large\":{\"file\":\"SHF_eb00116274-2-768x576.jpg\",\"width\":768,\"height\":576,\"mime-type\":\"image\\\/jpeg\"},\"small\":{\"file\":\"SHF_eb00116274-2-440x330.jpg\",\"width\":440,\"height\":330,\"mime-type\":\"image\\\/jpeg\"},\"semi\":{\"file\":\"SHF_eb00116274-2-580x435.jpg\",\"width\":580,\"height\":435,\"mime-type\":\"image\\\/jpeg\"},\"mobile\":{\"file\":\"SHF_eb00116274-2-720x540.jpg\",\"width\":720,\"height\":540,\"mime-type\":\"image\\\/jpeg\"},\"hd\":{\"file\":\"SHF_eb00116274-2-1280x960.jpg\",\"width\":1280,\"height\":960,\"mime-type\":\"image\\\/jpeg\"},\"full\":{\"file\":\"SHF_eb00116274-2-1920x1440.jpg\",\"width\":1920,\"height\":1440,\"mime-type\":\"image\\\/jpeg\"},\"1536x1536\":{\"file\":\"SHF_eb00116274-2-1536x1152.jpg\",\"width\":1536,\"height\":1152,\"mime-type\":\"image\\\/jpeg\"},\"original\":{\"file\":\"SHF_eb00116274-2.jpg\",\"width\":2000,\"height\":1500}},\n\t\t\t\t\"alt\" : \"Traditional sailing ship with large sails displayed in a museum against a dramatic backdrop.\",\n\t\t\t\t\"path\" : \"\\\/wp-content\\\/uploads\\\/2021\\\/09\\\/\",\n\t\t\t\t\"video\" : null,\n\t\t\t\t\"autoplay\" : null,\n\t\t\t\t\"youtube\" : null,\n\t\t\t\t\"youtubelabel\" : \"Play video\",\n\t\t\t\t\"brightness\" : 100,\n\t\t\t\t\"crop\" : null,\n\t\t\t\t\"background\" : true,\n\t\t\t\t\"scale\" : 2\t\t\t\t}\n\t\t\t<\/script>\n\n\t\t\t<div class=\"height-container\" style=\"padding-bottom:75%;\" v-if=\"sizes\">\n\t\t\t\t\t\t\t\t<lazy-media :inline=\"true\" :alt=\"alt\" :sizes=\"sizes\" :scale=\"scale\" :brightness=\"brightness\" :path=\"path\" :video=\"video\" :autoplay=\"autoplay\" :youtube=\"youtube\" :crop=\"crop\" :youtubelabel=\"youtubelabel\" :background=\"background\" media-id=\"desc_media_6a9c89703fa9b\"><\/lazy-media>\n\t\t\t\t\t\t\t<\/div>\n\n\t\t\t\t\t\t\t<figcaption class=\"sr-only\" ref=\"body\" id=\"desc_media_6a9c89703fa9b\">\n\t\t\t\t\t\t\t\t\t\t\t<div>Large outrigger boat from Luf Island (Bismarck Archipelago, Papua New Guinea) in the module Oceania: Man and the Sea. A Sea of Islands of the Ethnologisches Museum at the Humboldt Forum<\/div>\n\t\t\t\t\t\t\t\t\t\t\t\t\t\t\t\t\t\t\t\t\t<div class=\"insignificant\">\u00a9 Staatliche Museen zu Berlin, Ethnologisches Museum \/ Stiftung Humboldt Forum im Berliner Schloss, Image: Alexander Schippel<\/div>\n\t\t\t\t\t\t\t\t\t<\/figcaption>\n\t\t\t\t\t<\/figure>\n\t<\/lazy-media-inline>\n\t\t\t\t\t<\/div>\n\t\t\t\t<\/div>\n\t\t\t\t<div class=\"teaser-event-text Infos\">\n\t\t\t\t\t<div class=\"margin-bottom-sixth\">\n\t\t\t\t\t\t<div class=\"margin-bottom-atom\">\n\t\t\t\t\t\t\t<div class=\"subline clamp-1\" v-html=\"maingenre\"><\/div>\n\t\t\t\t\t\t\t\t\t\t\t\t\t<\/div>\n\t\t\t\t\t\n\t\t\t\t\t\t<strong class=\"margin-bottom-atom\">One Hour Ethnologisches Museum<\/strong>\n\n\t\t\t\t\t\t\t\t\t\t\t\t\t<div class=\"\">Overview tour<\/div>\n\t\t\t\t\t\t\t\t\t\t\t<\/div>\n\t\t\t\t<\/div>\n\t\t\t<\/div>\n\t\t\t<div class=\"col-xs-12 Infos\">\n\t\t\t\t<div class=\"border-bottom \">\n\t\t\t\t\t\t\t\t\t\t\t\t\t\t<calendardateline :rawitem=\"{&quot;postId&quot;:55074,&quot;title&quot;:&quot;One Hour Ethnologisches Museum&quot;,&quot;excerpt&quot;:&quot;&quot;,&quot;slug&quot;:&quot;one-hour-ethnologisches-museum-2&quot;,&quot;post_date&quot;:&quot;2022-09-21T10:56&quot;,&quot;type&quot;:&quot;event&quot;,&quot;permalink&quot;:&quot;https:\\\/\\\/www.humboldtforum.org\\\/en\\\/programm\\\/termin\\\/guided-tour\\\/one-hour-ethnologisches-museum-2-55074\\\/&quot;,&quot;genre&quot;:[822],&quot;genre_details&quot;:[{&quot;text&quot;:&quot;Guided Tour&quot;,&quot;id&quot;:822,&quot;icon&quot;:null,&quot;parent&quot;:0}],&quot;stakeholder&quot;:[594],&quot;stakeholder_details&quot;:[{&quot;text&quot;:&quot;Staatliche Museen zu Berlin&quot;,&quot;id&quot;:594,&quot;icon&quot;:null,&quot;parent&quot;:0}],&quot;targetgroup&quot;:[585],&quot;targetgroup_details&quot;:[{&quot;text&quot;:&quot;Adults&quot;,&quot;id&quot;:585,&quot;icon&quot;:null,&quot;parent&quot;:0}],&quot;language&quot;:[580],&quot;language_details&quot;:[{&quot;text&quot;:&quot;English&quot;,&quot;id&quot;:580,&quot;icon&quot;:null,&quot;parent&quot;:0}],&quot;groupsize&quot;:[1168],&quot;groupsize_details&quot;:[{&quot;text&quot;:&quot;max. 10 persons&quot;,&quot;id&quot;:1168,&quot;icon&quot;:null,&quot;parent&quot;:0}],&quot;icon_overwrite&quot;:&quot;&quot;,&quot;acf&quot;:{&quot;noindex&quot;:false,&quot;keywords&quot;:&quot;&quot;,&quot;hashtag&quot;:&quot;HumboldtForum&quot;,&quot;belongsto&quot;:false,&quot;shorturl&quot;:&quot;&quot;,&quot;planning&quot;:{&quot;price&quot;:&quot;9 EUR plus exhibition admission&quot;,&quot;admission&quot;:&quot;&quot;,&quot;pause&quot;:&quot;&quot;,&quot;duration&quot;:&quot;60&quot;},&quot;subline&quot;:&quot;Overview tour&quot;,&quot;infotext&quot;:&quot;Dates and ticket booking for the coming month will be activated at the end of the previous month.&quot;,&quot;additional_info&quot;:{&quot;icon&quot;:&quot;0&quot;,&quot;text&quot;:&quot;Termine und Ticketbuchung f\\u00fcr den kommenden Monat werden jeweils zum Ende des Vormonats freigeschaltet.&quot;},&quot;highlight_header&quot;:false,&quot;featured_images&quot;:[35984],&quot;use_video_in_teasers&quot;:false,&quot;hyphenation&quot;:true,&quot;tipp&quot;:false,&quot;joker&quot;:true,&quot;live&quot;:false,&quot;hide_event_in_program&quot;:false,&quot;times&quot;:[{&quot;start&quot;:&quot;20260905 14:00&quot;,&quot;end&quot;:&quot;15:00&quot;,&quot;status&quot;:&quot;BUY&quot;,&quot;info&quot;:&quot;Guided Tour in English - 9 EUR plus exhibition admission&quot;,&quot;shop&quot;:&quot;https:\\\/\\\/tickets.humboldtforum.org\\\/#\\\/product\\\/event\\\/104?date=2026-09-05&amp;date_id=29754&amp;lang=en&quot;,&quot;i&quot;:0,&quot;start_hour&quot;:&quot;14:00&quot;,&quot;start_HRF&quot;:&quot;Sat,  5 September 2026&quot;,&quot;_date&quot;:{&quot;date&quot;:&quot;2026-09-05 15:00:00.000000&quot;,&quot;timezone_type&quot;:3,&quot;timezone&quot;:&quot;Europe\\\/Berlin&quot;},&quot;_fromdate&quot;:&quot;20260905 14:00&quot;,&quot;start_TS&quot;:1788609600,&quot;start_HRFSHORT&quot;:&quot;05 Sep 2026&quot;,&quot;start_HRFSHORT_WD&quot;:&quot;Sat, 05 Sep 2026&quot;,&quot;end_TS&quot;:1788613200,&quot;can_purchase&quot;:true}],&quot;alert_text&quot;:&quot;EN&quot;,&quot;hm_id&quot;:&quot;&quot;,&quot;gomus_id&quot;:&quot;&quot;},&quot;date&quot;:{&quot;NX&quot;:&quot;20260905&quot;,&quot;NXX&quot;:&quot;202609051400&quot;,&quot;NLAST&quot;:&quot;202610311100&quot;,&quot;from_DATE&quot;:&quot;20260905 14:00&quot;,&quot;from&quot;:1788602400,&quot;to&quot;:1793444400,&quot;to_DATE&quot;:&quot;20261031 14:00&quot;,&quot;from_HRFSHORT&quot;:&quot; 5 Sep 2026&quot;,&quot;from_HRFSHORT_WD&quot;:&quot;05 Sep 2026&quot;,&quot;to_HRFSHORT&quot;:&quot;31 Oct 2026&quot;,&quot;to_HRFSHORT_WD&quot;:&quot;31 Oct 2026&quot;,&quot;from_HRF&quot;:&quot;Sat,  5 September 2026&quot;,&quot;to_HRF&quot;:&quot;Sat, 31 October 2026&quot;,&quot;from_to_HRF&quot;:&quot;Sat,  5 September \\u2013 Sat, 31 October 2026&quot;,&quot;from_to_HRFSHORT&quot;:&quot; 5 Sep \\u2013 31 Oct 2026&quot;},&quot;alert&quot;:&quot;EN&quot;,&quot;partof&quot;:[],&quot;marketing_topic&quot;:&quot;&quot;}\" :force-first=\"true\" :show-icon=\"true\"><\/calendardateline>\n\t\t\t\t\t\t\t\t\t<div class=\"margin-bottom-atom\"><hr><\/div>\n\t\t\t\t\t\t\t\t\t\t\t\t\t\t\t\t\t<calendardateline :rawitem=\"{&quot;postId&quot;:55074,&quot;title&quot;:&quot;One Hour Ethnologisches Museum&quot;,&quot;excerpt&quot;:&quot;&quot;,&quot;slug&quot;:&quot;one-hour-ethnologisches-museum-2&quot;,&quot;post_date&quot;:&quot;2022-09-21T10:56&quot;,&quot;type&quot;:&quot;event&quot;,&quot;permalink&quot;:&quot;https:\\\/\\\/www.humboldtforum.org\\\/en\\\/programm\\\/termin\\\/guided-tour\\\/one-hour-ethnologisches-museum-2-55074\\\/&quot;,&quot;genre&quot;:[822],&quot;genre_details&quot;:[{&quot;text&quot;:&quot;Guided Tour&quot;,&quot;id&quot;:822,&quot;icon&quot;:null,&quot;parent&quot;:0}],&quot;stakeholder&quot;:[594],&quot;stakeholder_details&quot;:[{&quot;text&quot;:&quot;Staatliche Museen zu Berlin&quot;,&quot;id&quot;:594,&quot;icon&quot;:null,&quot;parent&quot;:0}],&quot;targetgroup&quot;:[585],&quot;targetgroup_details&quot;:[{&quot;text&quot;:&quot;Adults&quot;,&quot;id&quot;:585,&quot;icon&quot;:null,&quot;parent&quot;:0}],&quot;language&quot;:[580],&quot;language_details&quot;:[{&quot;text&quot;:&quot;English&quot;,&quot;id&quot;:580,&quot;icon&quot;:null,&quot;parent&quot;:0}],&quot;groupsize&quot;:[1168],&quot;groupsize_details&quot;:[{&quot;text&quot;:&quot;max. 10 persons&quot;,&quot;id&quot;:1168,&quot;icon&quot;:null,&quot;parent&quot;:0}],&quot;icon_overwrite&quot;:&quot;&quot;,&quot;acf&quot;:{&quot;noindex&quot;:false,&quot;keywords&quot;:&quot;&quot;,&quot;hashtag&quot;:&quot;HumboldtForum&quot;,&quot;belongsto&quot;:false,&quot;shorturl&quot;:&quot;&quot;,&quot;planning&quot;:{&quot;price&quot;:&quot;9 EUR plus exhibition admission&quot;,&quot;admission&quot;:&quot;&quot;,&quot;pause&quot;:&quot;&quot;,&quot;duration&quot;:&quot;60&quot;},&quot;subline&quot;:&quot;Overview tour&quot;,&quot;infotext&quot;:&quot;Dates and ticket booking for the coming month will be activated at the end of the previous month.&quot;,&quot;additional_info&quot;:{&quot;icon&quot;:&quot;0&quot;,&quot;text&quot;:&quot;Termine und Ticketbuchung f\\u00fcr den kommenden Monat werden jeweils zum Ende des Vormonats freigeschaltet.&quot;},&quot;highlight_header&quot;:false,&quot;featured_images&quot;:[35984],&quot;use_video_in_teasers&quot;:false,&quot;hyphenation&quot;:true,&quot;tipp&quot;:false,&quot;joker&quot;:true,&quot;live&quot;:false,&quot;hide_event_in_program&quot;:false,&quot;times&quot;:[{&quot;start&quot;:&quot;20260912 14:00&quot;,&quot;end&quot;:&quot;15:00&quot;,&quot;status&quot;:&quot;BUY&quot;,&quot;info&quot;:&quot;Guided Tour in English - 9 EUR plus exhibition admission&quot;,&quot;shop&quot;:&quot;https:\\\/\\\/tickets.humboldtforum.org\\\/#\\\/product\\\/event\\\/104?date=2026-09-12&amp;date_id=29755&amp;lang=en&quot;,&quot;i&quot;:1,&quot;start_hour&quot;:&quot;14:00&quot;,&quot;start_HRF&quot;:&quot;Sat, 12 September 2026&quot;,&quot;_date&quot;:{&quot;date&quot;:&quot;2026-09-12 15:00:00.000000&quot;,&quot;timezone_type&quot;:3,&quot;timezone&quot;:&quot;Europe\\\/Berlin&quot;},&quot;_fromdate&quot;:&quot;20260912 14:00&quot;,&quot;start_TS&quot;:1789214400,&quot;start_HRFSHORT&quot;:&quot;12 Sep 2026&quot;,&quot;start_HRFSHORT_WD&quot;:&quot;Sat, 12 Sep 2026&quot;,&quot;end_TS&quot;:1789218000,&quot;can_purchase&quot;:true}],&quot;alert_text&quot;:&quot;EN&quot;,&quot;hm_id&quot;:&quot;&quot;,&quot;gomus_id&quot;:&quot;&quot;},&quot;date&quot;:{&quot;NX&quot;:&quot;20260905&quot;,&quot;NXX&quot;:&quot;202609051400&quot;,&quot;NLAST&quot;:&quot;202610311100&quot;,&quot;from_DATE&quot;:&quot;20260905 14:00&quot;,&quot;from&quot;:1788602400,&quot;to&quot;:1793444400,&quot;to_DATE&quot;:&quot;20261031 14:00&quot;,&quot;from_HRFSHORT&quot;:&quot; 5 Sep 2026&quot;,&quot;from_HRFSHORT_WD&quot;:&quot;05 Sep 2026&quot;,&quot;to_HRFSHORT&quot;:&quot;31 Oct 2026&quot;,&quot;to_HRFSHORT_WD&quot;:&quot;31 Oct 2026&quot;,&quot;from_HRF&quot;:&quot;Sat,  5 September 2026&quot;,&quot;to_HRF&quot;:&quot;Sat, 31 October 2026&quot;,&quot;from_to_HRF&quot;:&quot;Sat,  5 September \\u2013 Sat, 31 October 2026&quot;,&quot;from_to_HRFSHORT&quot;:&quot; 5 Sep \\u2013 31 Oct 2026&quot;},&quot;alert&quot;:&quot;EN&quot;,&quot;partof&quot;:[],&quot;marketing_topic&quot;:&quot;&quot;}\" :force-first=\"true\" :show-icon=\"true\"><\/calendardateline>\n\t\t\t\t\t\t\t\t\t<div class=\"margin-bottom-atom\"><hr><\/div>\n\t\t\t\t\t\t\t\t<div class=\"event-times-fadeout center-xs\">&#8230;<\/div>\t\t\t\t\t\n\t\t\t\t<\/div>\n\t\t\t<\/div>\n\t\t<\/div>\n\t<\/a>\n\t<\/calendarteaser>\n<\/li>\n<li class=\"teaser-lane-slide col-xs-9 col-sm-4 col-md-3 teaser-wrapper col-padding-remove\">\n\t<calendarteaser key=\"15073221959\" rawitem='{&quot;postId&quot;:150732,&quot;title&quot;:&quot;Dancing Generations&quot;,&quot;excerpt&quot;:&quot;&quot;,&quot;slug&quot;:&quot;dancing-generations&quot;,&quot;post_date&quot;:&quot;2025-08-26T13:56&quot;,&quot;type&quot;:&quot;event&quot;,&quot;permalink&quot;:&quot;https:\\\/\\\/www.humboldtforum.org\\\/en\\\/programm\\\/termin\\\/guided-tour\\\/dancing-generations-150732\\\/&quot;,&quot;genre&quot;:[822],&quot;genre_details&quot;:[{&quot;text&quot;:&quot;Guided Tour&quot;,&quot;id&quot;:822,&quot;icon&quot;:null,&quot;parent&quot;:0}],&quot;stakeholder&quot;:[594],&quot;stakeholder_details&quot;:[{&quot;text&quot;:&quot;Staatliche Museen zu Berlin&quot;,&quot;id&quot;:594,&quot;icon&quot;:null,&quot;parent&quot;:0}],&quot;targetgroup&quot;:[714],&quot;targetgroup_details&quot;:[{&quot;text&quot;:&quot;Children and families&quot;,&quot;id&quot;:714,&quot;icon&quot;:null,&quot;parent&quot;:0}],&quot;language&quot;:[580,579],&quot;language_details&quot;:[{&quot;text&quot;:&quot;English&quot;,&quot;id&quot;:580,&quot;icon&quot;:null,&quot;parent&quot;:0},{&quot;text&quot;:&quot;German&quot;,&quot;id&quot;:579,&quot;icon&quot;:null,&quot;parent&quot;:0}],&quot;groupsize&quot;:[1092],&quot;groupsize_details&quot;:[{&quot;text&quot;:&quot;max. 25 persons&quot;,&quot;id&quot;:1092,&quot;icon&quot;:null,&quot;parent&quot;:0}],&quot;icon_overwrite&quot;:&quot;&quot;,&quot;acf&quot;:{&quot;hashtag&quot;:&quot;HumboldtForum&quot;,&quot;times&quot;:[{&quot;start&quot;:&quot;20260905 15:00&quot;,&quot;end&quot;:&quot;16:00&quot;,&quot;status&quot;:&quot;CANCELED&quot;,&quot;info&quot;:&quot;5 EUR plus exhibition ticket&quot;,&quot;shop&quot;:&quot;https:\\\/\\\/tickets.humboldtforum.org\\\/#\\\/product\\\/event\\\/538?date=2026-09-05&amp;date_id=29793&amp;lang=en&quot;,&quot;i&quot;:0,&quot;start_hour&quot;:&quot;15:00&quot;,&quot;start_HRF&quot;:&quot;Sat,  5 September 2026&quot;,&quot;_date&quot;:{&quot;date&quot;:&quot;2026-09-05 16:00:00.000000&quot;,&quot;timezone_type&quot;:3,&quot;timezone&quot;:&quot;Europe\\\/Berlin&quot;},&quot;_fromdate&quot;:&quot;20260905 15:00&quot;,&quot;start_TS&quot;:1788613200,&quot;start_HRFSHORT&quot;:&quot;05 Sep 2026&quot;,&quot;start_HRFSHORT_WD&quot;:&quot;Sat, 05 Sep 2026&quot;,&quot;end_TS&quot;:1788616800,&quot;can_purchase&quot;:false},{&quot;start&quot;:&quot;20260919 15:00&quot;,&quot;end&quot;:&quot;16:00&quot;,&quot;status&quot;:&quot;BUY&quot;,&quot;info&quot;:&quot;5 EUR plus exhibition ticket&quot;,&quot;shop&quot;:&quot;https:\\\/\\\/tickets.humboldtforum.org\\\/#\\\/product\\\/event\\\/538?date=2026-09-19&amp;date_id=29794&amp;lang=en&quot;,&quot;i&quot;:1,&quot;start_hour&quot;:&quot;15:00&quot;,&quot;start_HRF&quot;:&quot;Sat, 19 September 2026&quot;,&quot;_date&quot;:{&quot;date&quot;:&quot;2026-09-19 16:00:00.000000&quot;,&quot;timezone_type&quot;:3,&quot;timezone&quot;:&quot;Europe\\\/Berlin&quot;},&quot;_fromdate&quot;:&quot;20260919 15:00&quot;,&quot;start_TS&quot;:1789822800,&quot;start_HRFSHORT&quot;:&quot;19 Sep 2026&quot;,&quot;start_HRFSHORT_WD&quot;:&quot;Sat, 19 Sep 2026&quot;,&quot;end_TS&quot;:1789826400,&quot;can_purchase&quot;:true},{&quot;start&quot;:&quot;20261003 15:00&quot;,&quot;end&quot;:&quot;16:00&quot;,&quot;status&quot;:&quot;BUY&quot;,&quot;info&quot;:&quot;5 EUR plus exhibition ticket&quot;,&quot;shop&quot;:&quot;https:\\\/\\\/tickets.humboldtforum.org\\\/#\\\/product\\\/event\\\/538?date=2026-10-03&amp;date_id=30106&amp;lang=en&quot;,&quot;i&quot;:2,&quot;start_hour&quot;:&quot;15:00&quot;,&quot;start_HRF&quot;:&quot;Sat,  3 October 2026&quot;,&quot;_date&quot;:{&quot;date&quot;:&quot;2026-10-03 16:00:00.000000&quot;,&quot;timezone_type&quot;:3,&quot;timezone&quot;:&quot;Europe\\\/Berlin&quot;},&quot;_fromdate&quot;:&quot;20261003 15:00&quot;,&quot;start_TS&quot;:1791032400,&quot;start_HRFSHORT&quot;:&quot;03 Oct 2026&quot;,&quot;start_HRFSHORT_WD&quot;:&quot;Sat, 03 Oct 2026&quot;,&quot;end_TS&quot;:1791036000,&quot;can_purchase&quot;:true},{&quot;start&quot;:&quot;20261017 15:00&quot;,&quot;end&quot;:&quot;16:00&quot;,&quot;status&quot;:&quot;BUY&quot;,&quot;info&quot;:&quot;5 EUR plus exhibition ticket&quot;,&quot;shop&quot;:&quot;https:\\\/\\\/tickets.humboldtforum.org\\\/#\\\/product\\\/event\\\/538?date=2026-10-17&amp;date_id=30107&amp;lang=en&quot;,&quot;i&quot;:3,&quot;start_hour&quot;:&quot;15:00&quot;,&quot;start_HRF&quot;:&quot;Sat, 17 October 2026&quot;,&quot;_date&quot;:{&quot;date&quot;:&quot;2026-10-17 16:00:00.000000&quot;,&quot;timezone_type&quot;:3,&quot;timezone&quot;:&quot;Europe\\\/Berlin&quot;},&quot;_fromdate&quot;:&quot;20261017 15:00&quot;,&quot;start_TS&quot;:1792242000,&quot;start_HRFSHORT&quot;:&quot;17 Oct 2026&quot;,&quot;start_HRFSHORT_WD&quot;:&quot;Sat, 17 Oct 2026&quot;,&quot;end_TS&quot;:1792245600,&quot;can_purchase&quot;:true},{&quot;start&quot;:&quot;20261031 15:00&quot;,&quot;end&quot;:&quot;16:00&quot;,&quot;status&quot;:&quot;BUY&quot;,&quot;info&quot;:&quot;5 EUR plus exhibition ticket&quot;,&quot;shop&quot;:&quot;https:\\\/\\\/tickets.humboldtforum.org\\\/#\\\/product\\\/event\\\/538?date=2026-10-31&amp;date_id=30108&amp;lang=en&quot;,&quot;i&quot;:4,&quot;start_hour&quot;:&quot;15:00&quot;,&quot;start_HRF&quot;:&quot;Sat, 31 October 2026&quot;,&quot;_date&quot;:{&quot;date&quot;:&quot;2026-10-31 16:00:00.000000&quot;,&quot;timezone_type&quot;:3,&quot;timezone&quot;:&quot;Europe\\\/Berlin&quot;},&quot;_fromdate&quot;:&quot;20261031 15:00&quot;,&quot;start_TS&quot;:1793455200,&quot;start_HRFSHORT&quot;:&quot;31 Oct 2026&quot;,&quot;start_HRFSHORT_WD&quot;:&quot;Sat, 31 Oct 2026&quot;,&quot;end_TS&quot;:1793458800,&quot;can_purchase&quot;:true}],&quot;planning&quot;:{&quot;price&quot;:&quot;5 EUR plus exhibition ticket&quot;,&quot;admission&quot;:&quot;&quot;,&quot;pause&quot;:&quot;&quot;,&quot;duration&quot;:&quot;&quot;},&quot;subline&quot;:&quot;Make wind in the museum!&quot;,&quot;additional_info&quot;:{&quot;icon&quot;:&quot;0&quot;,&quot;text&quot;:&quot;&quot;},&quot;highlight_header&quot;:false,&quot;use_video_in_teasers&quot;:false,&quot;hyphenation&quot;:true,&quot;tipp&quot;:false,&quot;joker&quot;:false,&quot;live&quot;:false,&quot;hide_event_in_program&quot;:false,&quot;gomus_id&quot;:&quot;&quot;,&quot;hm_id&quot;:&quot;&quot;,&quot;noindex&quot;:false,&quot;keywords&quot;:&quot;&quot;,&quot;belongsto&quot;:[148526,151129],&quot;shorturl&quot;:&quot;&quot;,&quot;featured_images&quot;:[150735],&quot;tickettext&quot;:&quot;Please book your ticket in advance online or at the box office in the Foyer.&quot;},&quot;date&quot;:{&quot;NX&quot;:&quot;20260905&quot;,&quot;NXX&quot;:&quot;202609051500&quot;,&quot;NLAST&quot;:&quot;202610311200&quot;,&quot;from_DATE&quot;:&quot;20260905 15:00&quot;,&quot;from&quot;:1788606000,&quot;to&quot;:1793448000,&quot;to_DATE&quot;:&quot;20261031 15:00&quot;,&quot;from_HRFSHORT&quot;:&quot; 5 Sep 2026&quot;,&quot;from_HRFSHORT_WD&quot;:&quot;05 Sep 2026&quot;,&quot;to_HRFSHORT&quot;:&quot;31 Oct 2026&quot;,&quot;to_HRFSHORT_WD&quot;:&quot;31 Oct 2026&quot;,&quot;from_HRF&quot;:&quot;Sat,  5 September 2026&quot;,&quot;to_HRF&quot;:&quot;Sat, 31 October 2026&quot;,&quot;from_to_HRF&quot;:&quot;Sat,  5 September \\u2013 Sat, 31 October 2026&quot;,&quot;from_to_HRFSHORT&quot;:&quot; 5 Sep \\u2013 31 Oct 2026&quot;},&quot;alert&quot;:null,&quot;partof&quot;:[],&quot;marketing_topic&quot;:{&quot;title&quot;:&quot;Family Matters&quot;,&quot;ID&quot;:148526,&quot;reason&quot;:&quot;belongsto&quot;}}' inline-template>\n\t<a href=\"https:\/\/www.humboldtforum.org\/en\/programm\/termin\/guided-tour\/dancing-generations-150732\/\" class=\"teaser teaser-event teaser-event-standard\">\n\t\t<div class=\"row row-stretch\">\n\t\t\t<div class=\"col-xs-12\">\n\t\t\t\t<div class=\"teaser-event-image\">\n\t\t\t\t\t<div class=\"teaser-image teaser-image-no-alternate\">\n\t\t\t\t\t\t\t\t\t\t\t\t\t\n\t<lazy-media-inline inline-template>\n\t\t<figure itemscope itemtype=\"http:\/\/schema.org\/ImageObject\" class=\"lazy-media-inline \" role=\"group\" id=\"media_6a9c8970413cf\" aria-labelledby=\"desc_media_6a9c8970413cf\">\n\t\t\t<script type=\"application\/json\" ref=\"data\">\n\t\t\t\t{\n\t\t\t\t\"sizes\" : {\"medium\":{\"file\":\"SHF_eb00253141-300x128.jpg\",\"width\":300,\"height\":128,\"mime-type\":\"image\\\/jpeg\",\"filesize\":10626},\"large\":{\"file\":\"SHF_eb00253141-1024x437.jpg\",\"width\":1024,\"height\":437,\"mime-type\":\"image\\\/jpeg\",\"filesize\":69702},\"thumbnail\":{\"file\":\"SHF_eb00253141-150x150.jpg\",\"width\":150,\"height\":150,\"mime-type\":\"image\\\/jpeg\",\"filesize\":6848},\"medium_large\":{\"file\":\"SHF_eb00253141-768x328.jpg\",\"width\":768,\"height\":328,\"mime-type\":\"image\\\/jpeg\",\"filesize\":44029},\"small\":{\"file\":\"SHF_eb00253141-440x188.jpg\",\"width\":440,\"height\":188,\"mime-type\":\"image\\\/jpeg\",\"filesize\":19003},\"semi\":{\"file\":\"SHF_eb00253141-580x247.jpg\",\"width\":580,\"height\":247,\"mime-type\":\"image\\\/jpeg\",\"filesize\":28546},\"mobile\":{\"file\":\"SHF_eb00253141-720x307.jpg\",\"width\":720,\"height\":307,\"mime-type\":\"image\\\/jpeg\",\"filesize\":39990},\"hd\":{\"file\":\"SHF_eb00253141-1280x546.jpg\",\"width\":1280,\"height\":546,\"mime-type\":\"image\\\/jpeg\",\"filesize\":101211},\"full\":{\"file\":\"SHF_eb00253141-1920x819.jpg\",\"width\":1920,\"height\":819,\"mime-type\":\"image\\\/jpeg\",\"filesize\":201769},\"1536x1536\":{\"file\":\"SHF_eb00253141-1536x655.jpg\",\"width\":1536,\"height\":655,\"mime-type\":\"image\\\/jpeg\",\"filesize\":136482},\"2048x2048\":{\"file\":\"SHF_eb00253141-2048x873.jpg\",\"width\":2048,\"height\":873,\"mime-type\":\"image\\\/jpeg\",\"filesize\":224661},\"original\":{\"file\":\"SHF_eb00253141.jpg\",\"width\":2659,\"height\":1134}},\n\t\t\t\t\"alt\" : \"Three different portraits: a geisha, a dance lesson, and an elderly woman in traditional clothing.\",\n\t\t\t\t\"path\" : \"\\\/wp-content\\\/uploads\\\/2025\\\/08\\\/\",\n\t\t\t\t\"video\" : null,\n\t\t\t\t\"autoplay\" : null,\n\t\t\t\t\"youtube\" : null,\n\t\t\t\t\"youtubelabel\" : \"Play video\",\n\t\t\t\t\"brightness\" : 100,\n\t\t\t\t\"crop\" : {\"top\":\"50.00\",\"left\":\"50.00\"},\n\t\t\t\t\"background\" : true,\n\t\t\t\t\"scale\" : 2\t\t\t\t}\n\t\t\t<\/script>\n\n\t\t\t<div class=\"height-container\" style=\"padding-bottom:42.647611884167%;\" v-if=\"sizes\">\n\t\t\t\t\t\t\t\t<lazy-media :inline=\"true\" :alt=\"alt\" :sizes=\"sizes\" :scale=\"scale\" :brightness=\"brightness\" :path=\"path\" :video=\"video\" :autoplay=\"autoplay\" :youtube=\"youtube\" :crop=\"crop\" :youtubelabel=\"youtubelabel\" :background=\"background\" media-id=\"desc_media_6a9c8970413cf\"><\/lazy-media>\n\t\t\t\t\t\t\t<\/div>\n\n\t\t\t\t\t\t\t<figcaption class=\"sr-only\" ref=\"body\" id=\"desc_media_6a9c8970413cf\">\n\t\t\t\t\t\t\t\t\t\t\t<div>Left: Michiko Umemura (grandmother of Yuko Matsuyama), centre: Hans-Werner Klohe and Yuko Matsuyama, right: Frieda K&ouml;&szlig;ler (great-grandmother of Hans-Werner Klohe)<\/div>\n\t\t\t\t\t\t\t\t\t\t\t\t\t\t\t\t\t\t\t\t\t<div class=\"insignificant\">\u00a9 Staatliche Museen zu Berlin, Ethnologisches Museum \/ Photos: Yuko Matsuyama (left), Valerie von Stillfried (middle), Hans-Werner Klohe (right)<\/div>\n\t\t\t\t\t\t\t\t\t<\/figcaption>\n\t\t\t\t\t<\/figure>\n\t<\/lazy-media-inline>\n\t\t\t\t\t<\/div>\n\t\t\t\t<\/div>\n\t\t\t\t<div class=\"teaser-event-text Infos\">\n\t\t\t\t\t<div class=\"margin-bottom-sixth\">\n\t\t\t\t\t\t<div class=\"margin-bottom-atom\">\n\t\t\t\t\t\t\t<div class=\"subline clamp-1\" v-html=\"maingenre\"><\/div>\n\t\t\t\t\t\t\t\t\t\t\t\t\t\t\t<div class=\"insignificant clamp-2\">Family Matters<\/div>\n\t\t\t\t\t\t\t\t\t\t\t\t\t<\/div>\n\t\t\t\t\t\n\t\t\t\t\t\t<strong class=\"margin-bottom-atom\">Dancing Generations<\/strong>\n\n\t\t\t\t\t\t\t\t\t\t\t\t\t<div class=\"\">Make wind in the museum!<\/div>\n\t\t\t\t\t\t\t\t\t\t\t<\/div>\n\t\t\t\t<\/div>\n\t\t\t<\/div>\n\t\t\t<div class=\"col-xs-12 Infos\">\n\t\t\t\t<div class=\"border-bottom \">\n\t\t\t\t\t\t\t\t\t\t\t\t\t\t<calendardateline :rawitem=\"{&quot;postId&quot;:150732,&quot;title&quot;:&quot;Dancing Generations&quot;,&quot;excerpt&quot;:&quot;&quot;,&quot;slug&quot;:&quot;dancing-generations&quot;,&quot;post_date&quot;:&quot;2025-08-26T13:56&quot;,&quot;type&quot;:&quot;event&quot;,&quot;permalink&quot;:&quot;https:\\\/\\\/www.humboldtforum.org\\\/en\\\/programm\\\/termin\\\/guided-tour\\\/dancing-generations-150732\\\/&quot;,&quot;genre&quot;:[822],&quot;genre_details&quot;:[{&quot;text&quot;:&quot;Guided Tour&quot;,&quot;id&quot;:822,&quot;icon&quot;:null,&quot;parent&quot;:0}],&quot;stakeholder&quot;:[594],&quot;stakeholder_details&quot;:[{&quot;text&quot;:&quot;Staatliche Museen zu Berlin&quot;,&quot;id&quot;:594,&quot;icon&quot;:null,&quot;parent&quot;:0}],&quot;targetgroup&quot;:[714],&quot;targetgroup_details&quot;:[{&quot;text&quot;:&quot;Children and families&quot;,&quot;id&quot;:714,&quot;icon&quot;:null,&quot;parent&quot;:0}],&quot;language&quot;:[580,579],&quot;language_details&quot;:[{&quot;text&quot;:&quot;English&quot;,&quot;id&quot;:580,&quot;icon&quot;:null,&quot;parent&quot;:0},{&quot;text&quot;:&quot;German&quot;,&quot;id&quot;:579,&quot;icon&quot;:null,&quot;parent&quot;:0}],&quot;groupsize&quot;:[1092],&quot;groupsize_details&quot;:[{&quot;text&quot;:&quot;max. 25 persons&quot;,&quot;id&quot;:1092,&quot;icon&quot;:null,&quot;parent&quot;:0}],&quot;icon_overwrite&quot;:&quot;&quot;,&quot;acf&quot;:{&quot;hashtag&quot;:&quot;HumboldtForum&quot;,&quot;times&quot;:[{&quot;start&quot;:&quot;20260905 15:00&quot;,&quot;end&quot;:&quot;16:00&quot;,&quot;status&quot;:&quot;CANCELED&quot;,&quot;info&quot;:&quot;5 EUR plus exhibition ticket&quot;,&quot;shop&quot;:&quot;https:\\\/\\\/tickets.humboldtforum.org\\\/#\\\/product\\\/event\\\/538?date=2026-09-05&amp;date_id=29793&amp;lang=en&quot;,&quot;i&quot;:0,&quot;start_hour&quot;:&quot;15:00&quot;,&quot;start_HRF&quot;:&quot;Sat,  5 September 2026&quot;,&quot;_date&quot;:{&quot;date&quot;:&quot;2026-09-05 16:00:00.000000&quot;,&quot;timezone_type&quot;:3,&quot;timezone&quot;:&quot;Europe\\\/Berlin&quot;},&quot;_fromdate&quot;:&quot;20260905 15:00&quot;,&quot;start_TS&quot;:1788613200,&quot;start_HRFSHORT&quot;:&quot;05 Sep 2026&quot;,&quot;start_HRFSHORT_WD&quot;:&quot;Sat, 05 Sep 2026&quot;,&quot;end_TS&quot;:1788616800,&quot;can_purchase&quot;:false}],&quot;planning&quot;:{&quot;price&quot;:&quot;5 EUR plus exhibition ticket&quot;,&quot;admission&quot;:&quot;&quot;,&quot;pause&quot;:&quot;&quot;,&quot;duration&quot;:&quot;&quot;},&quot;subline&quot;:&quot;Make wind in the museum!&quot;,&quot;additional_info&quot;:{&quot;icon&quot;:&quot;0&quot;,&quot;text&quot;:&quot;&quot;},&quot;highlight_header&quot;:false,&quot;use_video_in_teasers&quot;:false,&quot;hyphenation&quot;:true,&quot;tipp&quot;:false,&quot;joker&quot;:false,&quot;live&quot;:false,&quot;hide_event_in_program&quot;:false,&quot;gomus_id&quot;:&quot;&quot;,&quot;hm_id&quot;:&quot;&quot;,&quot;noindex&quot;:false,&quot;keywords&quot;:&quot;&quot;,&quot;belongsto&quot;:[148526,151129],&quot;shorturl&quot;:&quot;&quot;,&quot;featured_images&quot;:[150735],&quot;tickettext&quot;:&quot;Please book your ticket in advance online or at the box office in the Foyer.&quot;},&quot;date&quot;:{&quot;NX&quot;:&quot;20260905&quot;,&quot;NXX&quot;:&quot;202609051500&quot;,&quot;NLAST&quot;:&quot;202610311200&quot;,&quot;from_DATE&quot;:&quot;20260905 15:00&quot;,&quot;from&quot;:1788606000,&quot;to&quot;:1793448000,&quot;to_DATE&quot;:&quot;20261031 15:00&quot;,&quot;from_HRFSHORT&quot;:&quot; 5 Sep 2026&quot;,&quot;from_HRFSHORT_WD&quot;:&quot;05 Sep 2026&quot;,&quot;to_HRFSHORT&quot;:&quot;31 Oct 2026&quot;,&quot;to_HRFSHORT_WD&quot;:&quot;31 Oct 2026&quot;,&quot;from_HRF&quot;:&quot;Sat,  5 September 2026&quot;,&quot;to_HRF&quot;:&quot;Sat, 31 October 2026&quot;,&quot;from_to_HRF&quot;:&quot;Sat,  5 September \\u2013 Sat, 31 October 2026&quot;,&quot;from_to_HRFSHORT&quot;:&quot; 5 Sep \\u2013 31 Oct 2026&quot;},&quot;alert&quot;:null,&quot;partof&quot;:[],&quot;marketing_topic&quot;:{&quot;title&quot;:&quot;Family Matters&quot;,&quot;ID&quot;:148526,&quot;reason&quot;:&quot;belongsto&quot;}}\" :force-first=\"true\" :show-icon=\"true\"><\/calendardateline>\n\t\t\t\t\t\t\t\t\t<div class=\"margin-bottom-atom\"><hr><\/div>\n\t\t\t\t\t\t\t\t\t\t\t\t\t\t\t\t\t<calendardateline :rawitem=\"{&quot;postId&quot;:150732,&quot;title&quot;:&quot;Dancing Generations&quot;,&quot;excerpt&quot;:&quot;&quot;,&quot;slug&quot;:&quot;dancing-generations&quot;,&quot;post_date&quot;:&quot;2025-08-26T13:56&quot;,&quot;type&quot;:&quot;event&quot;,&quot;permalink&quot;:&quot;https:\\\/\\\/www.humboldtforum.org\\\/en\\\/programm\\\/termin\\\/guided-tour\\\/dancing-generations-150732\\\/&quot;,&quot;genre&quot;:[822],&quot;genre_details&quot;:[{&quot;text&quot;:&quot;Guided Tour&quot;,&quot;id&quot;:822,&quot;icon&quot;:null,&quot;parent&quot;:0}],&quot;stakeholder&quot;:[594],&quot;stakeholder_details&quot;:[{&quot;text&quot;:&quot;Staatliche Museen zu Berlin&quot;,&quot;id&quot;:594,&quot;icon&quot;:null,&quot;parent&quot;:0}],&quot;targetgroup&quot;:[714],&quot;targetgroup_details&quot;:[{&quot;text&quot;:&quot;Children and families&quot;,&quot;id&quot;:714,&quot;icon&quot;:null,&quot;parent&quot;:0}],&quot;language&quot;:[580,579],&quot;language_details&quot;:[{&quot;text&quot;:&quot;English&quot;,&quot;id&quot;:580,&quot;icon&quot;:null,&quot;parent&quot;:0},{&quot;text&quot;:&quot;German&quot;,&quot;id&quot;:579,&quot;icon&quot;:null,&quot;parent&quot;:0}],&quot;groupsize&quot;:[1092],&quot;groupsize_details&quot;:[{&quot;text&quot;:&quot;max. 25 persons&quot;,&quot;id&quot;:1092,&quot;icon&quot;:null,&quot;parent&quot;:0}],&quot;icon_overwrite&quot;:&quot;&quot;,&quot;acf&quot;:{&quot;hashtag&quot;:&quot;HumboldtForum&quot;,&quot;times&quot;:[{&quot;start&quot;:&quot;20260919 15:00&quot;,&quot;end&quot;:&quot;16:00&quot;,&quot;status&quot;:&quot;BUY&quot;,&quot;info&quot;:&quot;5 EUR plus exhibition ticket&quot;,&quot;shop&quot;:&quot;https:\\\/\\\/tickets.humboldtforum.org\\\/#\\\/product\\\/event\\\/538?date=2026-09-19&amp;date_id=29794&amp;lang=en&quot;,&quot;i&quot;:1,&quot;start_hour&quot;:&quot;15:00&quot;,&quot;start_HRF&quot;:&quot;Sat, 19 September 2026&quot;,&quot;_date&quot;:{&quot;date&quot;:&quot;2026-09-19 16:00:00.000000&quot;,&quot;timezone_type&quot;:3,&quot;timezone&quot;:&quot;Europe\\\/Berlin&quot;},&quot;_fromdate&quot;:&quot;20260919 15:00&quot;,&quot;start_TS&quot;:1789822800,&quot;start_HRFSHORT&quot;:&quot;19 Sep 2026&quot;,&quot;start_HRFSHORT_WD&quot;:&quot;Sat, 19 Sep 2026&quot;,&quot;end_TS&quot;:1789826400,&quot;can_purchase&quot;:true}],&quot;planning&quot;:{&quot;price&quot;:&quot;5 EUR plus exhibition ticket&quot;,&quot;admission&quot;:&quot;&quot;,&quot;pause&quot;:&quot;&quot;,&quot;duration&quot;:&quot;&quot;},&quot;subline&quot;:&quot;Make wind in the museum!&quot;,&quot;additional_info&quot;:{&quot;icon&quot;:&quot;0&quot;,&quot;text&quot;:&quot;&quot;},&quot;highlight_header&quot;:false,&quot;use_video_in_teasers&quot;:false,&quot;hyphenation&quot;:true,&quot;tipp&quot;:false,&quot;joker&quot;:false,&quot;live&quot;:false,&quot;hide_event_in_program&quot;:false,&quot;gomus_id&quot;:&quot;&quot;,&quot;hm_id&quot;:&quot;&quot;,&quot;noindex&quot;:false,&quot;keywords&quot;:&quot;&quot;,&quot;belongsto&quot;:[148526,151129],&quot;shorturl&quot;:&quot;&quot;,&quot;featured_images&quot;:[150735],&quot;tickettext&quot;:&quot;Please book your ticket in advance online or at the box office in the Foyer.&quot;},&quot;date&quot;:{&quot;NX&quot;:&quot;20260905&quot;,&quot;NXX&quot;:&quot;202609051500&quot;,&quot;NLAST&quot;:&quot;202610311200&quot;,&quot;from_DATE&quot;:&quot;20260905 15:00&quot;,&quot;from&quot;:1788606000,&quot;to&quot;:1793448000,&quot;to_DATE&quot;:&quot;20261031 15:00&quot;,&quot;from_HRFSHORT&quot;:&quot; 5 Sep 2026&quot;,&quot;from_HRFSHORT_WD&quot;:&quot;05 Sep 2026&quot;,&quot;to_HRFSHORT&quot;:&quot;31 Oct 2026&quot;,&quot;to_HRFSHORT_WD&quot;:&quot;31 Oct 2026&quot;,&quot;from_HRF&quot;:&quot;Sat,  5 September 2026&quot;,&quot;to_HRF&quot;:&quot;Sat, 31 October 2026&quot;,&quot;from_to_HRF&quot;:&quot;Sat,  5 September \\u2013 Sat, 31 October 2026&quot;,&quot;from_to_HRFSHORT&quot;:&quot; 5 Sep \\u2013 31 Oct 2026&quot;},&quot;alert&quot;:null,&quot;partof&quot;:[],&quot;marketing_topic&quot;:{&quot;title&quot;:&quot;Family Matters&quot;,&quot;ID&quot;:148526,&quot;reason&quot;:&quot;belongsto&quot;}}\" :force-first=\"true\" :show-icon=\"true\"><\/calendardateline>\n\t\t\t\t\t\t\t\t\t<div class=\"margin-bottom-atom\"><hr><\/div>\n\t\t\t\t\t\t\t\t<div class=\"event-times-fadeout center-xs\">&#8230;<\/div>\t\t\t\t\t\n\t\t\t\t<\/div>\n\t\t\t<\/div>\n\t\t<\/div>\n\t<\/a>\n\t<\/calendarteaser>\n<\/li>\n<li class=\"teaser-lane-slide col-xs-9 col-sm-4 col-md-3 teaser-wrapper col-padding-remove\">\n\t<calendarteaser key=\"306945932\" rawitem='{&quot;postId&quot;:30694,&quot;title&quot;:&quot;BERLIN GLOBAL in 60 minutes&quot;,&quot;excerpt&quot;:&quot;&quot;,&quot;slug&quot;:&quot;berlin-global-in-60-minutes&quot;,&quot;post_date&quot;:&quot;2021-08-04T12:14&quot;,&quot;type&quot;:&quot;event&quot;,&quot;permalink&quot;:&quot;https:\\\/\\\/www.humboldtforum.org\\\/en\\\/programm\\\/termin\\\/guided-tour\\\/berlin-global-in-60-minutes-30694\\\/&quot;,&quot;genre&quot;:[822],&quot;genre_details&quot;:[{&quot;text&quot;:&quot;Guided Tour&quot;,&quot;id&quot;:822,&quot;icon&quot;:null,&quot;parent&quot;:0}],&quot;stakeholder&quot;:[593],&quot;stakeholder_details&quot;:[{&quot;text&quot;:&quot;Berlin Museum&quot;,&quot;id&quot;:593,&quot;icon&quot;:null,&quot;parent&quot;:0}],&quot;targetgroup&quot;:[585],&quot;targetgroup_details&quot;:[{&quot;text&quot;:&quot;Adults&quot;,&quot;id&quot;:585,&quot;icon&quot;:null,&quot;parent&quot;:0}],&quot;language&quot;:[580],&quot;language_details&quot;:[{&quot;text&quot;:&quot;English&quot;,&quot;id&quot;:580,&quot;icon&quot;:null,&quot;parent&quot;:0}],&quot;groupsize&quot;:[1091],&quot;groupsize_details&quot;:[{&quot;text&quot;:&quot;max. 20 persons&quot;,&quot;id&quot;:1091,&quot;icon&quot;:null,&quot;parent&quot;:0}],&quot;icon_overwrite&quot;:&quot;&quot;,&quot;acf&quot;:{&quot;hashtag&quot;:&quot;HumboldtForum&quot;,&quot;shorturl&quot;:&quot;&quot;,&quot;keywords&quot;:&quot;&quot;,&quot;planning&quot;:{&quot;price&quot;:&quot;16 EUR \\\/ reduced 9 EUR&quot;,&quot;admission&quot;:&quot;&quot;,&quot;pause&quot;:&quot;&quot;,&quot;duration&quot;:&quot;60&quot;},&quot;marketing_text&quot;:&quot;Public tour in the Berlin Exhibition&quot;,&quot;use_video_in_teasers&quot;:false,&quot;hide_event_in_program&quot;:false,&quot;belongsto&quot;:[16471],&quot;noindex&quot;:false,&quot;times&quot;:[{&quot;start&quot;:&quot;20260906 11:00&quot;,&quot;end&quot;:&quot;12:00&quot;,&quot;status&quot;:&quot;BUY&quot;,&quot;info&quot;:&quot;Guided Tour in English - 16 EUR \\\/ 9 EUR&quot;,&quot;shop&quot;:&quot;https:\\\/\\\/tickets.humboldtforum.org\\\/#\\\/product\\\/event\\\/63?date=2026-09-06&amp;date_id=29704&amp;lang=en&quot;,&quot;i&quot;:1,&quot;start_hour&quot;:&quot;11:00&quot;,&quot;start_HRF&quot;:&quot;Sun,  6 September 2026&quot;,&quot;_date&quot;:{&quot;date&quot;:&quot;2026-09-06 12:00:00.000000&quot;,&quot;timezone_type&quot;:3,&quot;timezone&quot;:&quot;Europe\\\/Berlin&quot;},&quot;_fromdate&quot;:&quot;20260906 11:00&quot;,&quot;start_TS&quot;:1788685200,&quot;start_HRFSHORT&quot;:&quot;06 Sep 2026&quot;,&quot;start_HRFSHORT_WD&quot;:&quot;Sun, 06 Sep 2026&quot;,&quot;end_TS&quot;:1788688800,&quot;can_purchase&quot;:true},{&quot;start&quot;:&quot;20260913 11:00&quot;,&quot;end&quot;:&quot;12:00&quot;,&quot;status&quot;:&quot;BUY&quot;,&quot;info&quot;:&quot;Guided Tour in English - 16 EUR \\\/ 9 EUR&quot;,&quot;shop&quot;:&quot;https:\\\/\\\/tickets.humboldtforum.org\\\/#\\\/product\\\/event\\\/63?date=2026-09-13&amp;date_id=29705&amp;lang=en&quot;,&quot;i&quot;:2,&quot;start_hour&quot;:&quot;11:00&quot;,&quot;start_HRF&quot;:&quot;Sun, 13 September 2026&quot;,&quot;_date&quot;:{&quot;date&quot;:&quot;2026-09-13 12:00:00.000000&quot;,&quot;timezone_type&quot;:3,&quot;timezone&quot;:&quot;Europe\\\/Berlin&quot;},&quot;_fromdate&quot;:&quot;20260913 11:00&quot;,&quot;start_TS&quot;:1789290000,&quot;start_HRFSHORT&quot;:&quot;13 Sep 2026&quot;,&quot;start_HRFSHORT_WD&quot;:&quot;Sun, 13 Sep 2026&quot;,&quot;end_TS&quot;:1789293600,&quot;can_purchase&quot;:true},{&quot;start&quot;:&quot;20260920 11:00&quot;,&quot;end&quot;:&quot;12:00&quot;,&quot;status&quot;:&quot;BUY&quot;,&quot;info&quot;:&quot;Guided Tour in English - 16 EUR \\\/ 9 EUR&quot;,&quot;shop&quot;:&quot;https:\\\/\\\/tickets.humboldtforum.org\\\/#\\\/product\\\/event\\\/63?date=2026-09-20&amp;date_id=29706&amp;lang=en&quot;,&quot;i&quot;:3,&quot;start_hour&quot;:&quot;11:00&quot;,&quot;start_HRF&quot;:&quot;Sun, 20 September 2026&quot;,&quot;_date&quot;:{&quot;date&quot;:&quot;2026-09-20 12:00:00.000000&quot;,&quot;timezone_type&quot;:3,&quot;timezone&quot;:&quot;Europe\\\/Berlin&quot;},&quot;_fromdate&quot;:&quot;20260920 11:00&quot;,&quot;start_TS&quot;:1789894800,&quot;start_HRFSHORT&quot;:&quot;20 Sep 2026&quot;,&quot;start_HRFSHORT_WD&quot;:&quot;Sun, 20 Sep 2026&quot;,&quot;end_TS&quot;:1789898400,&quot;can_purchase&quot;:true},{&quot;start&quot;:&quot;20260927 11:00&quot;,&quot;end&quot;:&quot;12:00&quot;,&quot;status&quot;:&quot;BUY&quot;,&quot;info&quot;:&quot;Guided Tour in English - 16 EUR \\\/ 9 EUR&quot;,&quot;shop&quot;:&quot;https:\\\/\\\/tickets.humboldtforum.org\\\/#\\\/product\\\/event\\\/63?date=2026-09-27&amp;date_id=29707&amp;lang=en&quot;,&quot;i&quot;:4,&quot;start_hour&quot;:&quot;11:00&quot;,&quot;start_HRF&quot;:&quot;Sun, 27 September 2026&quot;,&quot;_date&quot;:{&quot;date&quot;:&quot;2026-09-27 12:00:00.000000&quot;,&quot;timezone_type&quot;:3,&quot;timezone&quot;:&quot;Europe\\\/Berlin&quot;},&quot;_fromdate&quot;:&quot;20260927 11:00&quot;,&quot;start_TS&quot;:1790499600,&quot;start_HRFSHORT&quot;:&quot;27 Sep 2026&quot;,&quot;start_HRFSHORT_WD&quot;:&quot;Sun, 27 Sep 2026&quot;,&quot;end_TS&quot;:1790503200,&quot;can_purchase&quot;:true},{&quot;start&quot;:&quot;20261004 11:00&quot;,&quot;end&quot;:&quot;12:00&quot;,&quot;status&quot;:&quot;BUY&quot;,&quot;info&quot;:&quot;Guided Tour in English - 16 EUR \\\/ 9 EUR&quot;,&quot;shop&quot;:&quot;https:\\\/\\\/tickets.humboldtforum.org\\\/#\\\/product\\\/event\\\/63?date=2026-10-04&amp;date_id=30048&amp;lang=en&quot;,&quot;i&quot;:5,&quot;start_hour&quot;:&quot;11:00&quot;,&quot;start_HRF&quot;:&quot;Sun,  4 October 2026&quot;,&quot;_date&quot;:{&quot;date&quot;:&quot;2026-10-04 12:00:00.000000&quot;,&quot;timezone_type&quot;:3,&quot;timezone&quot;:&quot;Europe\\\/Berlin&quot;},&quot;_fromdate&quot;:&quot;20261004 11:00&quot;,&quot;start_TS&quot;:1791104400,&quot;start_HRFSHORT&quot;:&quot;04 Oct 2026&quot;,&quot;start_HRFSHORT_WD&quot;:&quot;Sun, 04 Oct 2026&quot;,&quot;end_TS&quot;:1791108000,&quot;can_purchase&quot;:true},{&quot;start&quot;:&quot;20261011 11:00&quot;,&quot;end&quot;:&quot;12:00&quot;,&quot;status&quot;:&quot;BUY&quot;,&quot;info&quot;:&quot;Guided Tour in English - 16 EUR \\\/ 9 EUR&quot;,&quot;shop&quot;:&quot;https:\\\/\\\/tickets.humboldtforum.org\\\/#\\\/product\\\/event\\\/63?date=2026-10-11&amp;date_id=30049&amp;lang=en&quot;,&quot;i&quot;:6,&quot;start_hour&quot;:&quot;11:00&quot;,&quot;start_HRF&quot;:&quot;Sun, 11 October 2026&quot;,&quot;_date&quot;:{&quot;date&quot;:&quot;2026-10-11 12:00:00.000000&quot;,&quot;timezone_type&quot;:3,&quot;timezone&quot;:&quot;Europe\\\/Berlin&quot;},&quot;_fromdate&quot;:&quot;20261011 11:00&quot;,&quot;start_TS&quot;:1791709200,&quot;start_HRFSHORT&quot;:&quot;11 Oct 2026&quot;,&quot;start_HRFSHORT_WD&quot;:&quot;Sun, 11 Oct 2026&quot;,&quot;end_TS&quot;:1791712800,&quot;can_purchase&quot;:true},{&quot;start&quot;:&quot;20261018 11:00&quot;,&quot;end&quot;:&quot;12:00&quot;,&quot;status&quot;:&quot;BUY&quot;,&quot;info&quot;:&quot;Guided Tour in English - 16 EUR \\\/ 9 EUR&quot;,&quot;shop&quot;:&quot;https:\\\/\\\/tickets.humboldtforum.org\\\/#\\\/product\\\/event\\\/63?date=2026-10-18&amp;date_id=30050&amp;lang=en&quot;,&quot;i&quot;:7,&quot;start_hour&quot;:&quot;11:00&quot;,&quot;start_HRF&quot;:&quot;Sun, 18 October 2026&quot;,&quot;_date&quot;:{&quot;date&quot;:&quot;2026-10-18 12:00:00.000000&quot;,&quot;timezone_type&quot;:3,&quot;timezone&quot;:&quot;Europe\\\/Berlin&quot;},&quot;_fromdate&quot;:&quot;20261018 11:00&quot;,&quot;start_TS&quot;:1792314000,&quot;start_HRFSHORT&quot;:&quot;18 Oct 2026&quot;,&quot;start_HRFSHORT_WD&quot;:&quot;Sun, 18 Oct 2026&quot;,&quot;end_TS&quot;:1792317600,&quot;can_purchase&quot;:true},{&quot;start&quot;:&quot;20261025 11:00&quot;,&quot;end&quot;:&quot;12:00&quot;,&quot;status&quot;:&quot;BUY&quot;,&quot;info&quot;:&quot;Guided Tour in English - 16 EUR \\\/ 9 EUR&quot;,&quot;shop&quot;:&quot;https:\\\/\\\/tickets.humboldtforum.org\\\/#\\\/product\\\/event\\\/63?date=2026-10-25&amp;date_id=30051&amp;lang=en&quot;,&quot;i&quot;:8,&quot;start_hour&quot;:&quot;11:00&quot;,&quot;start_HRF&quot;:&quot;Sun, 25 October 2026&quot;,&quot;_date&quot;:{&quot;date&quot;:&quot;2026-10-25 12:00:00.000000&quot;,&quot;timezone_type&quot;:3,&quot;timezone&quot;:&quot;Europe\\\/Berlin&quot;},&quot;_fromdate&quot;:&quot;20261025 11:00&quot;,&quot;start_TS&quot;:1792922400,&quot;start_HRFSHORT&quot;:&quot;25 Oct 2026&quot;,&quot;start_HRFSHORT_WD&quot;:&quot;Sun, 25 Oct 2026&quot;,&quot;end_TS&quot;:1792926000,&quot;can_purchase&quot;:true}],&quot;subline&quot;:&quot;Public tour&quot;,&quot;additional_info&quot;:{&quot;icon&quot;:&quot;icon-uhr&quot;,&quot;text&quot;:&quot;Dates and ticket booking for the coming month are released at the end of the previous month.&quot;},&quot;highlight_header&quot;:false,&quot;featured_images&quot;:[30351],&quot;hyphenation&quot;:true,&quot;tipp&quot;:false,&quot;joker&quot;:false,&quot;live&quot;:false,&quot;alert_text&quot;:&quot;EN&quot;,&quot;hm_id&quot;:&quot;&quot;,&quot;gomus_id&quot;:&quot;&quot;},&quot;date&quot;:{&quot;NX&quot;:&quot;20260906&quot;,&quot;NXX&quot;:&quot;202609061100&quot;,&quot;NLAST&quot;:&quot;202610250800&quot;,&quot;from_DATE&quot;:&quot;20260830 11:00&quot;,&quot;from&quot;:1788073200,&quot;to&quot;:1792915200,&quot;to_DATE&quot;:&quot;20261025 11:00&quot;,&quot;from_HRFSHORT&quot;:&quot;30 Aug 2026&quot;,&quot;from_HRFSHORT_WD&quot;:&quot;30 Aug 2026&quot;,&quot;to_HRFSHORT&quot;:&quot;25 Oct 2026&quot;,&quot;to_HRFSHORT_WD&quot;:&quot;25 Oct 2026&quot;,&quot;from_HRF&quot;:&quot;Sun, 30 August 2026&quot;,&quot;to_HRF&quot;:&quot;Sun, 25 October 2026&quot;,&quot;from_to_HRF&quot;:&quot;Sun, 30 August \\u2013 Sun, 25 October 2026&quot;,&quot;from_to_HRFSHORT&quot;:&quot;30 Aug \\u2013 25 Oct 2026&quot;},&quot;alert&quot;:&quot;EN&quot;,&quot;partof&quot;:[],&quot;marketing_topic&quot;:{&quot;title&quot;:&quot;BERLIN GLOBAL&quot;,&quot;ID&quot;:16471,&quot;reason&quot;:&quot;belongsto&quot;}}' inline-template>\n\t<a href=\"https:\/\/www.humboldtforum.org\/en\/programm\/termin\/guided-tour\/berlin-global-in-60-minutes-30694\/\" class=\"teaser teaser-event teaser-event-standard\">\n\t\t<div class=\"row row-stretch\">\n\t\t\t<div class=\"col-xs-12\">\n\t\t\t\t<div class=\"teaser-event-image\">\n\t\t\t\t\t<div class=\"teaser-image teaser-image-no-alternate\">\n\t\t\t\t\t\t\t\t\t\t\t\t\t\t\t<span class=\"alert\">EN<\/span>\n\t\t\t\t\t\t\t\t\t\t\t\t\t\n\t<lazy-media-inline inline-template>\n\t\t<figure itemscope itemtype=\"http:\/\/schema.org\/ImageObject\" class=\"lazy-media-inline \" role=\"group\" id=\"media_6a9c89704305b\" aria-labelledby=\"desc_media_6a9c89704305b\">\n\t\t\t<script type=\"application\/json\" ref=\"data\">\n\t\t\t\t{\n\t\t\t\t\"sizes\" : {\"medium\":{\"file\":\"SHF_eb00115718-300x200.jpg\",\"width\":300,\"height\":200,\"mime-type\":\"image\\\/jpeg\"},\"large\":{\"file\":\"SHF_eb00115718-1024x683.jpg\",\"width\":1024,\"height\":683,\"mime-type\":\"image\\\/jpeg\"},\"thumbnail\":{\"file\":\"SHF_eb00115718-150x150.jpg\",\"width\":150,\"height\":150,\"mime-type\":\"image\\\/jpeg\"},\"medium_large\":{\"file\":\"SHF_eb00115718-768x512.jpg\",\"width\":768,\"height\":512,\"mime-type\":\"image\\\/jpeg\"},\"small\":{\"file\":\"SHF_eb00115718-440x293.jpg\",\"width\":440,\"height\":293,\"mime-type\":\"image\\\/jpeg\"},\"semi\":{\"file\":\"SHF_eb00115718-580x387.jpg\",\"width\":580,\"height\":387,\"mime-type\":\"image\\\/jpeg\"},\"mobile\":{\"file\":\"SHF_eb00115718-720x480.jpg\",\"width\":720,\"height\":480,\"mime-type\":\"image\\\/jpeg\"},\"hd\":{\"file\":\"SHF_eb00115718-1280x853.jpg\",\"width\":1280,\"height\":853,\"mime-type\":\"image\\\/jpeg\"},\"1536x1536\":{\"file\":\"SHF_eb00115718-1536x1024.jpg\",\"width\":1536,\"height\":1024,\"mime-type\":\"image\\\/jpeg\"},\"original\":{\"file\":\"SHF_eb00115718.jpg\",\"width\":1800,\"height\":1200}},\n\t\t\t\t\"alt\" : \"A group of young people watches a teacher at a table, full of curiosity and enthusiasm.\",\n\t\t\t\t\"path\" : \"\\\/wp-content\\\/uploads\\\/2021\\\/08\\\/\",\n\t\t\t\t\"video\" : null,\n\t\t\t\t\"autoplay\" : null,\n\t\t\t\t\"youtube\" : null,\n\t\t\t\t\"youtubelabel\" : \"Play video\",\n\t\t\t\t\"brightness\" : 100,\n\t\t\t\t\"crop\" : {\"top\":\"33.83\",\"left\":\"37.88\"},\n\t\t\t\t\"background\" : true,\n\t\t\t\t\"scale\" : 2\t\t\t\t}\n\t\t\t<\/script>\n\n\t\t\t<div class=\"height-container\" style=\"padding-bottom:66.666666666667%;\" v-if=\"sizes\">\n\t\t\t\t\t\t\t\t<lazy-media :inline=\"true\" :alt=\"alt\" :sizes=\"sizes\" :scale=\"scale\" :brightness=\"brightness\" :path=\"path\" :video=\"video\" :autoplay=\"autoplay\" :youtube=\"youtube\" :crop=\"crop\" :youtubelabel=\"youtubelabel\" :background=\"background\" media-id=\"desc_media_6a9c89704305b\"><\/lazy-media>\n\t\t\t\t\t\t\t<\/div>\n\n\t\t\t\t\t\t\t<figcaption class=\"sr-only\" ref=\"body\" id=\"desc_media_6a9c89704305b\">\n\t\t\t\t\t\t\t\t\t\t\t\t\t\t\t\t\t\t\t\t\t<div class=\"insignificant\">\u00a9 Stiftung Stadtmuseum Berlin, Photo: Anne Preussel<\/div>\n\t\t\t\t\t\t\t\t\t<\/figcaption>\n\t\t\t\t\t<\/figure>\n\t<\/lazy-media-inline>\n\t\t\t\t\t<\/div>\n\t\t\t\t<\/div>\n\t\t\t\t<div class=\"teaser-event-text Infos\">\n\t\t\t\t\t<div class=\"margin-bottom-sixth\">\n\t\t\t\t\t\t<div class=\"margin-bottom-atom\">\n\t\t\t\t\t\t\t<div class=\"subline clamp-1\" v-html=\"maingenre\"><\/div>\n\t\t\t\t\t\t\t\t\t\t\t\t\t\t\t<div class=\"insignificant clamp-2\">BERLIN GLOBAL<\/div>\n\t\t\t\t\t\t\t\t\t\t\t\t\t<\/div>\n\t\t\t\t\t\n\t\t\t\t\t\t<strong class=\"margin-bottom-atom\">BERLIN GLOBAL in 60 minutes<\/strong>\n\n\t\t\t\t\t\t\t\t\t\t\t\t\t<div class=\"\">Public tour in the Berlin Exhibition<\/div>\n\t\t\t\t\t\t\t\t\t\t\t<\/div>\n\t\t\t\t<\/div>\n\t\t\t<\/div>\n\t\t\t<div class=\"col-xs-12 Infos\">\n\t\t\t\t<div class=\"border-bottom \">\n\t\t\t\t\t\t\t\t\t\t\t\t\t\t<calendardateline :rawitem=\"{&quot;postId&quot;:30694,&quot;title&quot;:&quot;BERLIN GLOBAL in 60 minutes&quot;,&quot;excerpt&quot;:&quot;&quot;,&quot;slug&quot;:&quot;berlin-global-in-60-minutes&quot;,&quot;post_date&quot;:&quot;2021-08-04T12:14&quot;,&quot;type&quot;:&quot;event&quot;,&quot;permalink&quot;:&quot;https:\\\/\\\/www.humboldtforum.org\\\/en\\\/programm\\\/termin\\\/guided-tour\\\/berlin-global-in-60-minutes-30694\\\/&quot;,&quot;genre&quot;:[822],&quot;genre_details&quot;:[{&quot;text&quot;:&quot;Guided Tour&quot;,&quot;id&quot;:822,&quot;icon&quot;:null,&quot;parent&quot;:0}],&quot;stakeholder&quot;:[593],&quot;stakeholder_details&quot;:[{&quot;text&quot;:&quot;Berlin Museum&quot;,&quot;id&quot;:593,&quot;icon&quot;:null,&quot;parent&quot;:0}],&quot;targetgroup&quot;:[585],&quot;targetgroup_details&quot;:[{&quot;text&quot;:&quot;Adults&quot;,&quot;id&quot;:585,&quot;icon&quot;:null,&quot;parent&quot;:0}],&quot;language&quot;:[580],&quot;language_details&quot;:[{&quot;text&quot;:&quot;English&quot;,&quot;id&quot;:580,&quot;icon&quot;:null,&quot;parent&quot;:0}],&quot;groupsize&quot;:[1091],&quot;groupsize_details&quot;:[{&quot;text&quot;:&quot;max. 20 persons&quot;,&quot;id&quot;:1091,&quot;icon&quot;:null,&quot;parent&quot;:0}],&quot;icon_overwrite&quot;:&quot;&quot;,&quot;acf&quot;:{&quot;hashtag&quot;:&quot;HumboldtForum&quot;,&quot;shorturl&quot;:&quot;&quot;,&quot;keywords&quot;:&quot;&quot;,&quot;planning&quot;:{&quot;price&quot;:&quot;16 EUR \\\/ reduced 9 EUR&quot;,&quot;admission&quot;:&quot;&quot;,&quot;pause&quot;:&quot;&quot;,&quot;duration&quot;:&quot;60&quot;},&quot;marketing_text&quot;:&quot;Public tour in the Berlin Exhibition&quot;,&quot;use_video_in_teasers&quot;:false,&quot;hide_event_in_program&quot;:false,&quot;belongsto&quot;:[16471],&quot;noindex&quot;:false,&quot;times&quot;:[{&quot;start&quot;:&quot;20260906 11:00&quot;,&quot;end&quot;:&quot;12:00&quot;,&quot;status&quot;:&quot;BUY&quot;,&quot;info&quot;:&quot;Guided Tour in English - 16 EUR \\\/ 9 EUR&quot;,&quot;shop&quot;:&quot;https:\\\/\\\/tickets.humboldtforum.org\\\/#\\\/product\\\/event\\\/63?date=2026-09-06&amp;date_id=29704&amp;lang=en&quot;,&quot;i&quot;:1,&quot;start_hour&quot;:&quot;11:00&quot;,&quot;start_HRF&quot;:&quot;Sun,  6 September 2026&quot;,&quot;_date&quot;:{&quot;date&quot;:&quot;2026-09-06 12:00:00.000000&quot;,&quot;timezone_type&quot;:3,&quot;timezone&quot;:&quot;Europe\\\/Berlin&quot;},&quot;_fromdate&quot;:&quot;20260906 11:00&quot;,&quot;start_TS&quot;:1788685200,&quot;start_HRFSHORT&quot;:&quot;06 Sep 2026&quot;,&quot;start_HRFSHORT_WD&quot;:&quot;Sun, 06 Sep 2026&quot;,&quot;end_TS&quot;:1788688800,&quot;can_purchase&quot;:true}],&quot;subline&quot;:&quot;Public tour&quot;,&quot;additional_info&quot;:{&quot;icon&quot;:&quot;icon-uhr&quot;,&quot;text&quot;:&quot;Dates and ticket booking for the coming month are released at the end of the previous month.&quot;},&quot;highlight_header&quot;:false,&quot;featured_images&quot;:[30351],&quot;hyphenation&quot;:true,&quot;tipp&quot;:false,&quot;joker&quot;:false,&quot;live&quot;:false,&quot;alert_text&quot;:&quot;EN&quot;,&quot;hm_id&quot;:&quot;&quot;,&quot;gomus_id&quot;:&quot;&quot;},&quot;date&quot;:{&quot;NX&quot;:&quot;20260906&quot;,&quot;NXX&quot;:&quot;202609061100&quot;,&quot;NLAST&quot;:&quot;202610250800&quot;,&quot;from_DATE&quot;:&quot;20260830 11:00&quot;,&quot;from&quot;:1788073200,&quot;to&quot;:1792915200,&quot;to_DATE&quot;:&quot;20261025 11:00&quot;,&quot;from_HRFSHORT&quot;:&quot;30 Aug 2026&quot;,&quot;from_HRFSHORT_WD&quot;:&quot;30 Aug 2026&quot;,&quot;to_HRFSHORT&quot;:&quot;25 Oct 2026&quot;,&quot;to_HRFSHORT_WD&quot;:&quot;25 Oct 2026&quot;,&quot;from_HRF&quot;:&quot;Sun, 30 August 2026&quot;,&quot;to_HRF&quot;:&quot;Sun, 25 October 2026&quot;,&quot;from_to_HRF&quot;:&quot;Sun, 30 August \\u2013 Sun, 25 October 2026&quot;,&quot;from_to_HRFSHORT&quot;:&quot;30 Aug \\u2013 25 Oct 2026&quot;},&quot;alert&quot;:&quot;EN&quot;,&quot;partof&quot;:[],&quot;marketing_topic&quot;:{&quot;title&quot;:&quot;BERLIN GLOBAL&quot;,&quot;ID&quot;:16471,&quot;reason&quot;:&quot;belongsto&quot;}}\" :force-first=\"true\" :show-icon=\"true\"><\/calendardateline>\n\t\t\t\t\t\t\t\t\t<div class=\"margin-bottom-atom\"><hr><\/div>\n\t\t\t\t\t\t\t\t\t\t\t\t\t\t\t\t\t<calendardateline :rawitem=\"{&quot;postId&quot;:30694,&quot;title&quot;:&quot;BERLIN GLOBAL in 60 minutes&quot;,&quot;excerpt&quot;:&quot;&quot;,&quot;slug&quot;:&quot;berlin-global-in-60-minutes&quot;,&quot;post_date&quot;:&quot;2021-08-04T12:14&quot;,&quot;type&quot;:&quot;event&quot;,&quot;permalink&quot;:&quot;https:\\\/\\\/www.humboldtforum.org\\\/en\\\/programm\\\/termin\\\/guided-tour\\\/berlin-global-in-60-minutes-30694\\\/&quot;,&quot;genre&quot;:[822],&quot;genre_details&quot;:[{&quot;text&quot;:&quot;Guided Tour&quot;,&quot;id&quot;:822,&quot;icon&quot;:null,&quot;parent&quot;:0}],&quot;stakeholder&quot;:[593],&quot;stakeholder_details&quot;:[{&quot;text&quot;:&quot;Berlin Museum&quot;,&quot;id&quot;:593,&quot;icon&quot;:null,&quot;parent&quot;:0}],&quot;targetgroup&quot;:[585],&quot;targetgroup_details&quot;:[{&quot;text&quot;:&quot;Adults&quot;,&quot;id&quot;:585,&quot;icon&quot;:null,&quot;parent&quot;:0}],&quot;language&quot;:[580],&quot;language_details&quot;:[{&quot;text&quot;:&quot;English&quot;,&quot;id&quot;:580,&quot;icon&quot;:null,&quot;parent&quot;:0}],&quot;groupsize&quot;:[1091],&quot;groupsize_details&quot;:[{&quot;text&quot;:&quot;max. 20 persons&quot;,&quot;id&quot;:1091,&quot;icon&quot;:null,&quot;parent&quot;:0}],&quot;icon_overwrite&quot;:&quot;&quot;,&quot;acf&quot;:{&quot;hashtag&quot;:&quot;HumboldtForum&quot;,&quot;shorturl&quot;:&quot;&quot;,&quot;keywords&quot;:&quot;&quot;,&quot;planning&quot;:{&quot;price&quot;:&quot;16 EUR \\\/ reduced 9 EUR&quot;,&quot;admission&quot;:&quot;&quot;,&quot;pause&quot;:&quot;&quot;,&quot;duration&quot;:&quot;60&quot;},&quot;marketing_text&quot;:&quot;Public tour in the Berlin Exhibition&quot;,&quot;use_video_in_teasers&quot;:false,&quot;hide_event_in_program&quot;:false,&quot;belongsto&quot;:[16471],&quot;noindex&quot;:false,&quot;times&quot;:[{&quot;start&quot;:&quot;20260913 11:00&quot;,&quot;end&quot;:&quot;12:00&quot;,&quot;status&quot;:&quot;BUY&quot;,&quot;info&quot;:&quot;Guided Tour in English - 16 EUR \\\/ 9 EUR&quot;,&quot;shop&quot;:&quot;https:\\\/\\\/tickets.humboldtforum.org\\\/#\\\/product\\\/event\\\/63?date=2026-09-13&amp;date_id=29705&amp;lang=en&quot;,&quot;i&quot;:2,&quot;start_hour&quot;:&quot;11:00&quot;,&quot;start_HRF&quot;:&quot;Sun, 13 September 2026&quot;,&quot;_date&quot;:{&quot;date&quot;:&quot;2026-09-13 12:00:00.000000&quot;,&quot;timezone_type&quot;:3,&quot;timezone&quot;:&quot;Europe\\\/Berlin&quot;},&quot;_fromdate&quot;:&quot;20260913 11:00&quot;,&quot;start_TS&quot;:1789290000,&quot;start_HRFSHORT&quot;:&quot;13 Sep 2026&quot;,&quot;start_HRFSHORT_WD&quot;:&quot;Sun, 13 Sep 2026&quot;,&quot;end_TS&quot;:1789293600,&quot;can_purchase&quot;:true}],&quot;subline&quot;:&quot;Public tour&quot;,&quot;additional_info&quot;:{&quot;icon&quot;:&quot;icon-uhr&quot;,&quot;text&quot;:&quot;Dates and ticket booking for the coming month are released at the end of the previous month.&quot;},&quot;highlight_header&quot;:false,&quot;featured_images&quot;:[30351],&quot;hyphenation&quot;:true,&quot;tipp&quot;:false,&quot;joker&quot;:false,&quot;live&quot;:false,&quot;alert_text&quot;:&quot;EN&quot;,&quot;hm_id&quot;:&quot;&quot;,&quot;gomus_id&quot;:&quot;&quot;},&quot;date&quot;:{&quot;NX&quot;:&quot;20260906&quot;,&quot;NXX&quot;:&quot;202609061100&quot;,&quot;NLAST&quot;:&quot;202610250800&quot;,&quot;from_DATE&quot;:&quot;20260830 11:00&quot;,&quot;from&quot;:1788073200,&quot;to&quot;:1792915200,&quot;to_DATE&quot;:&quot;20261025 11:00&quot;,&quot;from_HRFSHORT&quot;:&quot;30 Aug 2026&quot;,&quot;from_HRFSHORT_WD&quot;:&quot;30 Aug 2026&quot;,&quot;to_HRFSHORT&quot;:&quot;25 Oct 2026&quot;,&quot;to_HRFSHORT_WD&quot;:&quot;25 Oct 2026&quot;,&quot;from_HRF&quot;:&quot;Sun, 30 August 2026&quot;,&quot;to_HRF&quot;:&quot;Sun, 25 October 2026&quot;,&quot;from_to_HRF&quot;:&quot;Sun, 30 August \\u2013 Sun, 25 October 2026&quot;,&quot;from_to_HRFSHORT&quot;:&quot;30 Aug \\u2013 25 Oct 2026&quot;},&quot;alert&quot;:&quot;EN&quot;,&quot;partof&quot;:[],&quot;marketing_topic&quot;:{&quot;title&quot;:&quot;BERLIN GLOBAL&quot;,&quot;ID&quot;:16471,&quot;reason&quot;:&quot;belongsto&quot;}}\" :force-first=\"true\" :show-icon=\"true\"><\/calendardateline>\n\t\t\t\t\t\t\t\t\t<div class=\"margin-bottom-atom\"><hr><\/div>\n\t\t\t\t\t\t\t\t<div class=\"event-times-fadeout center-xs\">&#8230;<\/div>\t\t\t\t\t\n\t\t\t\t<\/div>\n\t\t\t<\/div>\n\t\t<\/div>\n\t<\/a>\n\t<\/calendarteaser>\n<\/li>\n<li class=\"teaser-lane-slide col-xs-9 col-sm-4 col-md-3 teaser-wrapper col-padding-remove\">\n\t<calendarteaser key=\"15247915362\" rawitem='{&quot;postId&quot;:152479,&quot;title&quot;:&quot;On Water \\u2013 WasserWissen in Berlin&quot;,&quot;excerpt&quot;:&quot;&quot;,&quot;slug&quot;:&quot;on-water-waterknowledge-in-berlin-2&quot;,&quot;post_date&quot;:&quot;2025-09-26T10:45&quot;,&quot;type&quot;:&quot;event&quot;,&quot;permalink&quot;:&quot;https:\\\/\\\/www.humboldtforum.org\\\/en\\\/programm\\\/termin\\\/guided-tour\\\/on-water-waterknowledge-in-berlin-2-152479\\\/&quot;,&quot;genre&quot;:[822],&quot;genre_details&quot;:[{&quot;text&quot;:&quot;Guided Tour&quot;,&quot;id&quot;:822,&quot;icon&quot;:null,&quot;parent&quot;:0}],&quot;stakeholder&quot;:[592],&quot;stakeholder_details&quot;:[{&quot;text&quot;:&quot;Humboldt-Universit\\u00e4t zu Berlin&quot;,&quot;id&quot;:592,&quot;icon&quot;:null,&quot;parent&quot;:0}],&quot;language&quot;:[580],&quot;language_details&quot;:[{&quot;text&quot;:&quot;English&quot;,&quot;id&quot;:580,&quot;icon&quot;:null,&quot;parent&quot;:0}],&quot;age&quot;:[711],&quot;age_details&quot;:[{&quot;text&quot;:&quot;14 years and older&quot;,&quot;id&quot;:711,&quot;icon&quot;:null,&quot;parent&quot;:0}],&quot;groupsize&quot;:[1090],&quot;groupsize_details&quot;:[{&quot;text&quot;:&quot;max. 15 persons&quot;,&quot;id&quot;:1090,&quot;icon&quot;:null,&quot;parent&quot;:0}],&quot;place&quot;:[599],&quot;place_details&quot;:{&quot;place&quot;:&quot;Humboldt Forum&quot;,&quot;map&quot;:&quot;Humboldt Forum, Schlossplatz, Berlin&quot;,&quot;room&quot;:&quot;Humboldt Lab, 1st floor&quot;},&quot;icon_overwrite&quot;:&quot;&quot;,&quot;acf&quot;:{&quot;hashtag&quot;:&quot;HumboldtForum&quot;,&quot;times&quot;:[{&quot;start&quot;:&quot;20260906 12:30&quot;,&quot;end&quot;:&quot;13:30&quot;,&quot;status&quot;:&quot;BUY&quot;,&quot;info&quot;:&quot;Guided tour in English - 9 EUR&quot;,&quot;shop&quot;:&quot;https:\\\/\\\/tickets.humboldtforum.org\\\/#\\\/product\\\/event\\\/545?date=2026-09-06&amp;date_id=29713&amp;lang=en&quot;,&quot;i&quot;:1,&quot;start_hour&quot;:&quot;12:30&quot;,&quot;start_HRF&quot;:&quot;Sun,  6 September 2026&quot;,&quot;_date&quot;:{&quot;date&quot;:&quot;2026-09-06 13:30:00.000000&quot;,&quot;timezone_type&quot;:3,&quot;timezone&quot;:&quot;Europe\\\/Berlin&quot;},&quot;_fromdate&quot;:&quot;20260906 12:30&quot;,&quot;start_TS&quot;:1788690600,&quot;start_HRFSHORT&quot;:&quot;06 Sep 2026&quot;,&quot;start_HRFSHORT_WD&quot;:&quot;Sun, 06 Sep 2026&quot;,&quot;end_TS&quot;:1788694200,&quot;can_purchase&quot;:true},{&quot;start&quot;:&quot;20260913 12:30&quot;,&quot;end&quot;:&quot;13:30&quot;,&quot;status&quot;:&quot;BUY&quot;,&quot;info&quot;:&quot;Guided tour in English - 9 EUR&quot;,&quot;shop&quot;:&quot;https:\\\/\\\/tickets.humboldtforum.org\\\/#\\\/product\\\/event\\\/545?date=2026-09-13&amp;date_id=29714&amp;lang=en&quot;,&quot;i&quot;:2,&quot;start_hour&quot;:&quot;12:30&quot;,&quot;start_HRF&quot;:&quot;Sun, 13 September 2026&quot;,&quot;_date&quot;:{&quot;date&quot;:&quot;2026-09-13 13:30:00.000000&quot;,&quot;timezone_type&quot;:3,&quot;timezone&quot;:&quot;Europe\\\/Berlin&quot;},&quot;_fromdate&quot;:&quot;20260913 12:30&quot;,&quot;start_TS&quot;:1789295400,&quot;start_HRFSHORT&quot;:&quot;13 Sep 2026&quot;,&quot;start_HRFSHORT_WD&quot;:&quot;Sun, 13 Sep 2026&quot;,&quot;end_TS&quot;:1789299000,&quot;can_purchase&quot;:true},{&quot;start&quot;:&quot;20260920 12:30&quot;,&quot;end&quot;:&quot;13:30&quot;,&quot;status&quot;:&quot;BUY&quot;,&quot;info&quot;:&quot;Guided tour in English - 9 EUR&quot;,&quot;shop&quot;:&quot;https:\\\/\\\/tickets.humboldtforum.org\\\/#\\\/product\\\/event\\\/545?date=2026-09-20&amp;date_id=29715&amp;lang=en&quot;,&quot;i&quot;:3,&quot;start_hour&quot;:&quot;12:30&quot;,&quot;start_HRF&quot;:&quot;Sun, 20 September 2026&quot;,&quot;_date&quot;:{&quot;date&quot;:&quot;2026-09-20 13:30:00.000000&quot;,&quot;timezone_type&quot;:3,&quot;timezone&quot;:&quot;Europe\\\/Berlin&quot;},&quot;_fromdate&quot;:&quot;20260920 12:30&quot;,&quot;start_TS&quot;:1789900200,&quot;start_HRFSHORT&quot;:&quot;20 Sep 2026&quot;,&quot;start_HRFSHORT_WD&quot;:&quot;Sun, 20 Sep 2026&quot;,&quot;end_TS&quot;:1789903800,&quot;can_purchase&quot;:true},{&quot;start&quot;:&quot;20260927 12:30&quot;,&quot;end&quot;:&quot;13:30&quot;,&quot;status&quot;:&quot;BUY&quot;,&quot;info&quot;:&quot;Guided tour in English - 9 EUR&quot;,&quot;shop&quot;:&quot;https:\\\/\\\/tickets.humboldtforum.org\\\/#\\\/product\\\/event\\\/545?date=2026-09-27&amp;date_id=29716&amp;lang=en&quot;,&quot;i&quot;:4,&quot;start_hour&quot;:&quot;12:30&quot;,&quot;start_HRF&quot;:&quot;Sun, 27 September 2026&quot;,&quot;_date&quot;:{&quot;date&quot;:&quot;2026-09-27 13:30:00.000000&quot;,&quot;timezone_type&quot;:3,&quot;timezone&quot;:&quot;Europe\\\/Berlin&quot;},&quot;_fromdate&quot;:&quot;20260927 12:30&quot;,&quot;start_TS&quot;:1790505000,&quot;start_HRFSHORT&quot;:&quot;27 Sep 2026&quot;,&quot;start_HRFSHORT_WD&quot;:&quot;Sun, 27 Sep 2026&quot;,&quot;end_TS&quot;:1790508600,&quot;can_purchase&quot;:true},{&quot;start&quot;:&quot;20261004 12:30&quot;,&quot;end&quot;:&quot;13:30&quot;,&quot;status&quot;:&quot;BUY&quot;,&quot;info&quot;:&quot;Guided tour in English - 9 EUR&quot;,&quot;shop&quot;:&quot;https:\\\/\\\/tickets.humboldtforum.org\\\/#\\\/product\\\/event\\\/545?date=2026-10-04&amp;date_id=30019&amp;lang=en&quot;,&quot;i&quot;:5,&quot;start_hour&quot;:&quot;12:30&quot;,&quot;start_HRF&quot;:&quot;Sun,  4 October 2026&quot;,&quot;_date&quot;:{&quot;date&quot;:&quot;2026-10-04 13:30:00.000000&quot;,&quot;timezone_type&quot;:3,&quot;timezone&quot;:&quot;Europe\\\/Berlin&quot;},&quot;_fromdate&quot;:&quot;20261004 12:30&quot;,&quot;start_TS&quot;:1791109800,&quot;start_HRFSHORT&quot;:&quot;04 Oct 2026&quot;,&quot;start_HRFSHORT_WD&quot;:&quot;Sun, 04 Oct 2026&quot;,&quot;end_TS&quot;:1791113400,&quot;can_purchase&quot;:true},{&quot;start&quot;:&quot;20261011 12:30&quot;,&quot;end&quot;:&quot;13:30&quot;,&quot;status&quot;:&quot;BUY&quot;,&quot;info&quot;:&quot;Guided tour in English - 9 EUR&quot;,&quot;shop&quot;:&quot;https:\\\/\\\/tickets.humboldtforum.org\\\/#\\\/product\\\/event\\\/545?date=2026-10-11&amp;date_id=30020&amp;lang=en&quot;,&quot;i&quot;:6,&quot;start_hour&quot;:&quot;12:30&quot;,&quot;start_HRF&quot;:&quot;Sun, 11 October 2026&quot;,&quot;_date&quot;:{&quot;date&quot;:&quot;2026-10-11 13:30:00.000000&quot;,&quot;timezone_type&quot;:3,&quot;timezone&quot;:&quot;Europe\\\/Berlin&quot;},&quot;_fromdate&quot;:&quot;20261011 12:30&quot;,&quot;start_TS&quot;:1791714600,&quot;start_HRFSHORT&quot;:&quot;11 Oct 2026&quot;,&quot;start_HRFSHORT_WD&quot;:&quot;Sun, 11 Oct 2026&quot;,&quot;end_TS&quot;:1791718200,&quot;can_purchase&quot;:true},{&quot;start&quot;:&quot;20261018 12:30&quot;,&quot;end&quot;:&quot;13:30&quot;,&quot;status&quot;:&quot;BUY&quot;,&quot;info&quot;:&quot;Guided tour in English - 9 EUR&quot;,&quot;shop&quot;:&quot;https:\\\/\\\/tickets.humboldtforum.org\\\/#\\\/product\\\/event\\\/545?date=2026-10-18&amp;date_id=30021&amp;lang=en&quot;,&quot;i&quot;:7,&quot;start_hour&quot;:&quot;12:30&quot;,&quot;start_HRF&quot;:&quot;Sun, 18 October 2026&quot;,&quot;_date&quot;:{&quot;date&quot;:&quot;2026-10-18 13:30:00.000000&quot;,&quot;timezone_type&quot;:3,&quot;timezone&quot;:&quot;Europe\\\/Berlin&quot;},&quot;_fromdate&quot;:&quot;20261018 12:30&quot;,&quot;start_TS&quot;:1792319400,&quot;start_HRFSHORT&quot;:&quot;18 Oct 2026&quot;,&quot;start_HRFSHORT_WD&quot;:&quot;Sun, 18 Oct 2026&quot;,&quot;end_TS&quot;:1792323000,&quot;can_purchase&quot;:true},{&quot;start&quot;:&quot;20261025 12:30&quot;,&quot;end&quot;:&quot;13:30&quot;,&quot;status&quot;:&quot;BUY&quot;,&quot;info&quot;:&quot;Guided tour in English - 9 EUR&quot;,&quot;shop&quot;:&quot;https:\\\/\\\/tickets.humboldtforum.org\\\/#\\\/product\\\/event\\\/545?date=2026-10-25&amp;date_id=30022&amp;lang=en&quot;,&quot;i&quot;:8,&quot;start_hour&quot;:&quot;12:30&quot;,&quot;start_HRF&quot;:&quot;Sun, 25 October 2026&quot;,&quot;_date&quot;:{&quot;date&quot;:&quot;2026-10-25 13:30:00.000000&quot;,&quot;timezone_type&quot;:3,&quot;timezone&quot;:&quot;Europe\\\/Berlin&quot;},&quot;_fromdate&quot;:&quot;20261025 12:30&quot;,&quot;start_TS&quot;:1792927800,&quot;start_HRFSHORT&quot;:&quot;25 Oct 2026&quot;,&quot;start_HRFSHORT_WD&quot;:&quot;Sun, 25 Oct 2026&quot;,&quot;end_TS&quot;:1792931400,&quot;can_purchase&quot;:true}],&quot;planning&quot;:{&quot;price&quot;:&quot;9 EUR per person&quot;,&quot;admission&quot;:&quot;&quot;,&quot;pause&quot;:&quot;&quot;,&quot;duration&quot;:&quot;60&quot;},&quot;subline&quot;:&quot;Public Overview tour&quot;,&quot;tickettext&quot;:&quot;Book your ticket in advance online or at the box office in the Foyer.&quot;,&quot;additional_info&quot;:{&quot;icon&quot;:&quot;0&quot;,&quot;text&quot;:&quot;&quot;},&quot;highlight_header&quot;:false,&quot;featured_images&quot;:[163885],&quot;use_video_in_teasers&quot;:false,&quot;hyphenation&quot;:true,&quot;tipp&quot;:false,&quot;alert_text&quot;:&quot;EN&quot;,&quot;joker&quot;:false,&quot;live&quot;:false,&quot;hide_event_in_program&quot;:false,&quot;gomus_id&quot;:&quot;&quot;,&quot;noindex&quot;:false,&quot;keywords&quot;:&quot;&quot;,&quot;belongsto&quot;:false,&quot;shorturl&quot;:&quot;&quot;,&quot;hm_id&quot;:&quot;&quot;},&quot;date&quot;:{&quot;NX&quot;:&quot;20260906&quot;,&quot;NXX&quot;:&quot;202609061230&quot;,&quot;NLAST&quot;:&quot;202610250930&quot;,&quot;from_DATE&quot;:&quot;20260830 12:30&quot;,&quot;from&quot;:1788078600,&quot;to&quot;:1792920600,&quot;to_DATE&quot;:&quot;20261025 12:30&quot;,&quot;from_HRFSHORT&quot;:&quot;30 Aug 2026&quot;,&quot;from_HRFSHORT_WD&quot;:&quot;30 Aug 2026&quot;,&quot;to_HRFSHORT&quot;:&quot;25 Oct 2026&quot;,&quot;to_HRFSHORT_WD&quot;:&quot;25 Oct 2026&quot;,&quot;from_HRF&quot;:&quot;Sun, 30 August 2026&quot;,&quot;to_HRF&quot;:&quot;Sun, 25 October 2026&quot;,&quot;from_to_HRF&quot;:&quot;Sun, 30 August \\u2013 Sun, 25 October 2026&quot;,&quot;from_to_HRFSHORT&quot;:&quot;30 Aug \\u2013 25 Oct 2026&quot;},&quot;alert&quot;:&quot;EN&quot;,&quot;partof&quot;:[],&quot;marketing_topic&quot;:&quot;&quot;}' inline-template>\n\t<a href=\"https:\/\/www.humboldtforum.org\/en\/programm\/termin\/guided-tour\/on-water-waterknowledge-in-berlin-2-152479\/\" class=\"teaser teaser-event teaser-event-standard\">\n\t\t<div class=\"row row-stretch\">\n\t\t\t<div class=\"col-xs-12\">\n\t\t\t\t<div class=\"teaser-event-image\">\n\t\t\t\t\t<div class=\"teaser-image teaser-image-no-alternate\">\n\t\t\t\t\t\t\t\t\t\t\t\t\t\t\t<span class=\"alert\">EN<\/span>\n\t\t\t\t\t\t\t\t\t\t\t\t\t\n\t<lazy-media-inline inline-template>\n\t\t<figure itemscope itemtype=\"http:\/\/schema.org\/ImageObject\" class=\"lazy-media-inline \" role=\"group\" id=\"media_6a9c8970444fc\" aria-labelledby=\"desc_media_6a9c8970444fc\">\n\t\t\t<script type=\"application\/json\" ref=\"data\">\n\t\t\t\t{\n\t\t\t\t\"sizes\" : {\"medium\":{\"file\":\"SHF_eb00267109-300x200.jpg\",\"width\":300,\"height\":200,\"mime-type\":\"image\\\/jpeg\",\"filesize\":17626},\"large\":{\"file\":\"SHF_eb00267109-1024x683.jpg\",\"width\":1024,\"height\":683,\"mime-type\":\"image\\\/jpeg\",\"filesize\":115349},\"thumbnail\":{\"file\":\"SHF_eb00267109-150x150.jpg\",\"width\":150,\"height\":150,\"mime-type\":\"image\\\/jpeg\",\"filesize\":8150},\"medium_large\":{\"file\":\"SHF_eb00267109-768x512.jpg\",\"width\":768,\"height\":512,\"mime-type\":\"image\\\/jpeg\",\"filesize\":74452},\"small\":{\"file\":\"SHF_eb00267109-440x293.jpg\",\"width\":440,\"height\":293,\"mime-type\":\"image\\\/jpeg\",\"filesize\":32137},\"semi\":{\"file\":\"SHF_eb00267109-580x387.jpg\",\"width\":580,\"height\":387,\"mime-type\":\"image\\\/jpeg\",\"filesize\":49024},\"mobile\":{\"file\":\"SHF_eb00267109-720x480.jpg\",\"width\":720,\"height\":480,\"mime-type\":\"image\\\/jpeg\",\"filesize\":67399},\"hd\":{\"file\":\"SHF_eb00267109-1280x854.jpg\",\"width\":1280,\"height\":854,\"mime-type\":\"image\\\/jpeg\",\"filesize\":162454},\"full\":{\"file\":\"SHF_eb00267109-1920x1281.jpg\",\"width\":1920,\"height\":1281,\"mime-type\":\"image\\\/jpeg\",\"filesize\":312642},\"1536x1536\":{\"file\":\"SHF_eb00267109-1536x1024.jpg\",\"width\":1536,\"height\":1024,\"mime-type\":\"image\\\/jpeg\",\"filesize\":215677},\"2048x2048\":{\"file\":\"SHF_eb00267109-2048x1366.jpg\",\"width\":2048,\"height\":1366,\"mime-type\":\"image\\\/jpeg\",\"filesize\":348506},\"original\":{\"file\":\"SHF_eb00267109.jpg\",\"width\":3543,\"height\":2363}},\n\t\t\t\t\"alt\" : \"A group of people listens attentively as one person gives a presentation in a modern exhibition space.\",\n\t\t\t\t\"path\" : \"\\\/wp-content\\\/uploads\\\/2025\\\/09\\\/\",\n\t\t\t\t\"video\" : null,\n\t\t\t\t\"autoplay\" : null,\n\t\t\t\t\"youtube\" : null,\n\t\t\t\t\"youtubelabel\" : \"Play video\",\n\t\t\t\t\"brightness\" : 100,\n\t\t\t\t\"crop\" : {\"top\":\"36.87\",\"left\":\"61.47\"},\n\t\t\t\t\"background\" : true,\n\t\t\t\t\"scale\" : 2\t\t\t\t}\n\t\t\t<\/script>\n\n\t\t\t<div class=\"height-container\" style=\"padding-bottom:66.694891335027%;\" v-if=\"sizes\">\n\t\t\t\t\t\t\t\t<lazy-media :inline=\"true\" :alt=\"alt\" :sizes=\"sizes\" :scale=\"scale\" :brightness=\"brightness\" :path=\"path\" :video=\"video\" :autoplay=\"autoplay\" :youtube=\"youtube\" :crop=\"crop\" :youtubelabel=\"youtubelabel\" :background=\"background\" media-id=\"desc_media_6a9c8970444fc\"><\/lazy-media>\n\t\t\t\t\t\t\t<\/div>\n\n\t\t\t\t\t\t\t<figcaption class=\"sr-only\" ref=\"body\" id=\"desc_media_6a9c8970444fc\">\n\t\t\t\t\t\t\t\t\t\t\t\t\t\t\t\t<div>Guided tour in the exhibition &quot;On Water &#8211; WasserWissen in Berlin&quot; in the Humboldt Lab <\/div>\n\t\t\t\t\t\t\t\t\t\t\t\t\t\t\t\t<div class=\"insignificant\">\u00a9 Humboldt-Universit\u00e4t zu Berlin, Photo: Philipp Plum<\/div>\n\t\t\t\t\t\t\t\t\t<\/figcaption>\n\t\t\t\t\t<\/figure>\n\t<\/lazy-media-inline>\n\t\t\t\t\t<\/div>\n\t\t\t\t<\/div>\n\t\t\t\t<div class=\"teaser-event-text Infos\">\n\t\t\t\t\t<div class=\"margin-bottom-sixth\">\n\t\t\t\t\t\t<div class=\"margin-bottom-atom\">\n\t\t\t\t\t\t\t<div class=\"subline clamp-1\" v-html=\"maingenre\"><\/div>\n\t\t\t\t\t\t\t\t\t\t\t\t\t<\/div>\n\t\t\t\t\t\n\t\t\t\t\t\t<strong class=\"margin-bottom-atom\">On Water \u2013 WasserWissen in Berlin<\/strong>\n\n\t\t\t\t\t\t\t\t\t\t\t\t\t<div class=\"\">Public Overview tour<\/div>\n\t\t\t\t\t\t\t\t\t\t\t<\/div>\n\t\t\t\t<\/div>\n\t\t\t<\/div>\n\t\t\t<div class=\"col-xs-12 Infos\">\n\t\t\t\t<div class=\"border-bottom \">\n\t\t\t\t\t\t\t\t\t\t\t\t\t\t<calendardateline :rawitem=\"{&quot;postId&quot;:152479,&quot;title&quot;:&quot;On Water \\u2013 WasserWissen in Berlin&quot;,&quot;excerpt&quot;:&quot;&quot;,&quot;slug&quot;:&quot;on-water-waterknowledge-in-berlin-2&quot;,&quot;post_date&quot;:&quot;2025-09-26T10:45&quot;,&quot;type&quot;:&quot;event&quot;,&quot;permalink&quot;:&quot;https:\\\/\\\/www.humboldtforum.org\\\/en\\\/programm\\\/termin\\\/guided-tour\\\/on-water-waterknowledge-in-berlin-2-152479\\\/&quot;,&quot;genre&quot;:[822],&quot;genre_details&quot;:[{&quot;text&quot;:&quot;Guided Tour&quot;,&quot;id&quot;:822,&quot;icon&quot;:null,&quot;parent&quot;:0}],&quot;stakeholder&quot;:[592],&quot;stakeholder_details&quot;:[{&quot;text&quot;:&quot;Humboldt-Universit\\u00e4t zu Berlin&quot;,&quot;id&quot;:592,&quot;icon&quot;:null,&quot;parent&quot;:0}],&quot;language&quot;:[580],&quot;language_details&quot;:[{&quot;text&quot;:&quot;English&quot;,&quot;id&quot;:580,&quot;icon&quot;:null,&quot;parent&quot;:0}],&quot;age&quot;:[711],&quot;age_details&quot;:[{&quot;text&quot;:&quot;14 years and older&quot;,&quot;id&quot;:711,&quot;icon&quot;:null,&quot;parent&quot;:0}],&quot;groupsize&quot;:[1090],&quot;groupsize_details&quot;:[{&quot;text&quot;:&quot;max. 15 persons&quot;,&quot;id&quot;:1090,&quot;icon&quot;:null,&quot;parent&quot;:0}],&quot;place&quot;:[599],&quot;place_details&quot;:{&quot;place&quot;:&quot;Humboldt Forum&quot;,&quot;map&quot;:&quot;Humboldt Forum, Schlossplatz, Berlin&quot;,&quot;room&quot;:&quot;Humboldt Lab, 1st floor&quot;},&quot;icon_overwrite&quot;:&quot;&quot;,&quot;acf&quot;:{&quot;hashtag&quot;:&quot;HumboldtForum&quot;,&quot;times&quot;:[{&quot;start&quot;:&quot;20260906 12:30&quot;,&quot;end&quot;:&quot;13:30&quot;,&quot;status&quot;:&quot;BUY&quot;,&quot;info&quot;:&quot;Guided tour in English - 9 EUR&quot;,&quot;shop&quot;:&quot;https:\\\/\\\/tickets.humboldtforum.org\\\/#\\\/product\\\/event\\\/545?date=2026-09-06&amp;date_id=29713&amp;lang=en&quot;,&quot;i&quot;:1,&quot;start_hour&quot;:&quot;12:30&quot;,&quot;start_HRF&quot;:&quot;Sun,  6 September 2026&quot;,&quot;_date&quot;:{&quot;date&quot;:&quot;2026-09-06 13:30:00.000000&quot;,&quot;timezone_type&quot;:3,&quot;timezone&quot;:&quot;Europe\\\/Berlin&quot;},&quot;_fromdate&quot;:&quot;20260906 12:30&quot;,&quot;start_TS&quot;:1788690600,&quot;start_HRFSHORT&quot;:&quot;06 Sep 2026&quot;,&quot;start_HRFSHORT_WD&quot;:&quot;Sun, 06 Sep 2026&quot;,&quot;end_TS&quot;:1788694200,&quot;can_purchase&quot;:true}],&quot;planning&quot;:{&quot;price&quot;:&quot;9 EUR per person&quot;,&quot;admission&quot;:&quot;&quot;,&quot;pause&quot;:&quot;&quot;,&quot;duration&quot;:&quot;60&quot;},&quot;subline&quot;:&quot;Public Overview tour&quot;,&quot;tickettext&quot;:&quot;Book your ticket in advance online or at the box office in the Foyer.&quot;,&quot;additional_info&quot;:{&quot;icon&quot;:&quot;0&quot;,&quot;text&quot;:&quot;&quot;},&quot;highlight_header&quot;:false,&quot;featured_images&quot;:[163885],&quot;use_video_in_teasers&quot;:false,&quot;hyphenation&quot;:true,&quot;tipp&quot;:false,&quot;alert_text&quot;:&quot;EN&quot;,&quot;joker&quot;:false,&quot;live&quot;:false,&quot;hide_event_in_program&quot;:false,&quot;gomus_id&quot;:&quot;&quot;,&quot;noindex&quot;:false,&quot;keywords&quot;:&quot;&quot;,&quot;belongsto&quot;:false,&quot;shorturl&quot;:&quot;&quot;,&quot;hm_id&quot;:&quot;&quot;},&quot;date&quot;:{&quot;NX&quot;:&quot;20260906&quot;,&quot;NXX&quot;:&quot;202609061230&quot;,&quot;NLAST&quot;:&quot;202610250930&quot;,&quot;from_DATE&quot;:&quot;20260830 12:30&quot;,&quot;from&quot;:1788078600,&quot;to&quot;:1792920600,&quot;to_DATE&quot;:&quot;20261025 12:30&quot;,&quot;from_HRFSHORT&quot;:&quot;30 Aug 2026&quot;,&quot;from_HRFSHORT_WD&quot;:&quot;30 Aug 2026&quot;,&quot;to_HRFSHORT&quot;:&quot;25 Oct 2026&quot;,&quot;to_HRFSHORT_WD&quot;:&quot;25 Oct 2026&quot;,&quot;from_HRF&quot;:&quot;Sun, 30 August 2026&quot;,&quot;to_HRF&quot;:&quot;Sun, 25 October 2026&quot;,&quot;from_to_HRF&quot;:&quot;Sun, 30 August \\u2013 Sun, 25 October 2026&quot;,&quot;from_to_HRFSHORT&quot;:&quot;30 Aug \\u2013 25 Oct 2026&quot;},&quot;alert&quot;:&quot;EN&quot;,&quot;partof&quot;:[],&quot;marketing_topic&quot;:&quot;&quot;}\" :force-first=\"true\" :show-icon=\"true\"><\/calendardateline>\n\t\t\t\t\t\t\t\t\t<div class=\"margin-bottom-atom\"><hr><\/div>\n\t\t\t\t\t\t\t\t\t\t\t\t\t\t\t\t\t<calendardateline :rawitem=\"{&quot;postId&quot;:152479,&quot;title&quot;:&quot;On Water \\u2013 WasserWissen in Berlin&quot;,&quot;excerpt&quot;:&quot;&quot;,&quot;slug&quot;:&quot;on-water-waterknowledge-in-berlin-2&quot;,&quot;post_date&quot;:&quot;2025-09-26T10:45&quot;,&quot;type&quot;:&quot;event&quot;,&quot;permalink&quot;:&quot;https:\\\/\\\/www.humboldtforum.org\\\/en\\\/programm\\\/termin\\\/guided-tour\\\/on-water-waterknowledge-in-berlin-2-152479\\\/&quot;,&quot;genre&quot;:[822],&quot;genre_details&quot;:[{&quot;text&quot;:&quot;Guided Tour&quot;,&quot;id&quot;:822,&quot;icon&quot;:null,&quot;parent&quot;:0}],&quot;stakeholder&quot;:[592],&quot;stakeholder_details&quot;:[{&quot;text&quot;:&quot;Humboldt-Universit\\u00e4t zu Berlin&quot;,&quot;id&quot;:592,&quot;icon&quot;:null,&quot;parent&quot;:0}],&quot;language&quot;:[580],&quot;language_details&quot;:[{&quot;text&quot;:&quot;English&quot;,&quot;id&quot;:580,&quot;icon&quot;:null,&quot;parent&quot;:0}],&quot;age&quot;:[711],&quot;age_details&quot;:[{&quot;text&quot;:&quot;14 years and older&quot;,&quot;id&quot;:711,&quot;icon&quot;:null,&quot;parent&quot;:0}],&quot;groupsize&quot;:[1090],&quot;groupsize_details&quot;:[{&quot;text&quot;:&quot;max. 15 persons&quot;,&quot;id&quot;:1090,&quot;icon&quot;:null,&quot;parent&quot;:0}],&quot;place&quot;:[599],&quot;place_details&quot;:{&quot;place&quot;:&quot;Humboldt Forum&quot;,&quot;map&quot;:&quot;Humboldt Forum, Schlossplatz, Berlin&quot;,&quot;room&quot;:&quot;Humboldt Lab, 1st floor&quot;},&quot;icon_overwrite&quot;:&quot;&quot;,&quot;acf&quot;:{&quot;hashtag&quot;:&quot;HumboldtForum&quot;,&quot;times&quot;:[{&quot;start&quot;:&quot;20260913 12:30&quot;,&quot;end&quot;:&quot;13:30&quot;,&quot;status&quot;:&quot;BUY&quot;,&quot;info&quot;:&quot;Guided tour in English - 9 EUR&quot;,&quot;shop&quot;:&quot;https:\\\/\\\/tickets.humboldtforum.org\\\/#\\\/product\\\/event\\\/545?date=2026-09-13&amp;date_id=29714&amp;lang=en&quot;,&quot;i&quot;:2,&quot;start_hour&quot;:&quot;12:30&quot;,&quot;start_HRF&quot;:&quot;Sun, 13 September 2026&quot;,&quot;_date&quot;:{&quot;date&quot;:&quot;2026-09-13 13:30:00.000000&quot;,&quot;timezone_type&quot;:3,&quot;timezone&quot;:&quot;Europe\\\/Berlin&quot;},&quot;_fromdate&quot;:&quot;20260913 12:30&quot;,&quot;start_TS&quot;:1789295400,&quot;start_HRFSHORT&quot;:&quot;13 Sep 2026&quot;,&quot;start_HRFSHORT_WD&quot;:&quot;Sun, 13 Sep 2026&quot;,&quot;end_TS&quot;:1789299000,&quot;can_purchase&quot;:true}],&quot;planning&quot;:{&quot;price&quot;:&quot;9 EUR per person&quot;,&quot;admission&quot;:&quot;&quot;,&quot;pause&quot;:&quot;&quot;,&quot;duration&quot;:&quot;60&quot;},&quot;subline&quot;:&quot;Public Overview tour&quot;,&quot;tickettext&quot;:&quot;Book your ticket in advance online or at the box office in the Foyer.&quot;,&quot;additional_info&quot;:{&quot;icon&quot;:&quot;0&quot;,&quot;text&quot;:&quot;&quot;},&quot;highlight_header&quot;:false,&quot;featured_images&quot;:[163885],&quot;use_video_in_teasers&quot;:false,&quot;hyphenation&quot;:true,&quot;tipp&quot;:false,&quot;alert_text&quot;:&quot;EN&quot;,&quot;joker&quot;:false,&quot;live&quot;:false,&quot;hide_event_in_program&quot;:false,&quot;gomus_id&quot;:&quot;&quot;,&quot;noindex&quot;:false,&quot;keywords&quot;:&quot;&quot;,&quot;belongsto&quot;:false,&quot;shorturl&quot;:&quot;&quot;,&quot;hm_id&quot;:&quot;&quot;},&quot;date&quot;:{&quot;NX&quot;:&quot;20260906&quot;,&quot;NXX&quot;:&quot;202609061230&quot;,&quot;NLAST&quot;:&quot;202610250930&quot;,&quot;from_DATE&quot;:&quot;20260830 12:30&quot;,&quot;from&quot;:1788078600,&quot;to&quot;:1792920600,&quot;to_DATE&quot;:&quot;20261025 12:30&quot;,&quot;from_HRFSHORT&quot;:&quot;30 Aug 2026&quot;,&quot;from_HRFSHORT_WD&quot;:&quot;30 Aug 2026&quot;,&quot;to_HRFSHORT&quot;:&quot;25 Oct 2026&quot;,&quot;to_HRFSHORT_WD&quot;:&quot;25 Oct 2026&quot;,&quot;from_HRF&quot;:&quot;Sun, 30 August 2026&quot;,&quot;to_HRF&quot;:&quot;Sun, 25 October 2026&quot;,&quot;from_to_HRF&quot;:&quot;Sun, 30 August \\u2013 Sun, 25 October 2026&quot;,&quot;from_to_HRFSHORT&quot;:&quot;30 Aug \\u2013 25 Oct 2026&quot;},&quot;alert&quot;:&quot;EN&quot;,&quot;partof&quot;:[],&quot;marketing_topic&quot;:&quot;&quot;}\" :force-first=\"true\" :show-icon=\"true\"><\/calendardateline>\n\t\t\t\t\t\t\t\t\t<div class=\"margin-bottom-atom\"><hr><\/div>\n\t\t\t\t\t\t\t\t<div class=\"event-times-fadeout center-xs\">&#8230;<\/div>\t\t\t\t\t\n\t\t\t\t<\/div>\n\t\t\t<\/div>\n\t\t<\/div>\n\t<\/a>\n\t<\/calendarteaser>\n<\/li>\n<li class=\"teaser-lane-slide col-xs-9 col-sm-4 col-md-3 teaser-wrapper col-padding-remove\">\n\t<calendarteaser key=\"4146414392\" rawitem='{&quot;postId&quot;:41464,&quot;title&quot;:&quot;On the traces of history&quot;,&quot;excerpt&quot;:&quot;Die Vorgeschichte des Humboldt Forums ist lang und wechselvoll. Die Kurator*innen der Ausstellungsr\\u00e4ume zur Geschichte des Ortes standen vor besonderen Fragen: Wie wird der Charakter dieses Ortes erfahrbar? Wie r\\u00fcckt man l\\u00e4ngst zerst\\u00f6rte Geb\\u00e4ude wieder ins Bewusstsein?&quot;,&quot;slug&quot;:&quot;on-the-traces-of-history-2&quot;,&quot;post_date&quot;:&quot;2022-04-01T12:27&quot;,&quot;type&quot;:&quot;event&quot;,&quot;permalink&quot;:&quot;https:\\\/\\\/www.humboldtforum.org\\\/en\\\/programm\\\/termin\\\/guided-tour\\\/on-the-traces-of-history-2-41464\\\/&quot;,&quot;genre&quot;:[822],&quot;genre_details&quot;:[{&quot;text&quot;:&quot;Guided Tour&quot;,&quot;id&quot;:822,&quot;icon&quot;:null,&quot;parent&quot;:0}],&quot;topic&quot;:[590],&quot;topic_details&quot;:[{&quot;text&quot;:&quot;History and Architecture of the Site&quot;,&quot;id&quot;:590,&quot;icon&quot;:null,&quot;parent&quot;:0}],&quot;stakeholder&quot;:[595],&quot;stakeholder_details&quot;:[{&quot;text&quot;:&quot;Stiftung Humboldt Forum im Berliner Schloss&quot;,&quot;id&quot;:595,&quot;icon&quot;:null,&quot;parent&quot;:0}],&quot;targetgroup&quot;:[585,715],&quot;targetgroup_details&quot;:[{&quot;text&quot;:&quot;Adults&quot;,&quot;id&quot;:585,&quot;icon&quot;:null,&quot;parent&quot;:0},{&quot;text&quot;:&quot;Teenager&quot;,&quot;id&quot;:715,&quot;icon&quot;:null,&quot;parent&quot;:0}],&quot;language&quot;:[580],&quot;language_details&quot;:[{&quot;text&quot;:&quot;English&quot;,&quot;id&quot;:580,&quot;icon&quot;:null,&quot;parent&quot;:0}],&quot;age&quot;:[711],&quot;age_details&quot;:[{&quot;text&quot;:&quot;14 years and older&quot;,&quot;id&quot;:711,&quot;icon&quot;:null,&quot;parent&quot;:0}],&quot;groupsize&quot;:[1092],&quot;groupsize_details&quot;:[{&quot;text&quot;:&quot;max. 25 persons&quot;,&quot;id&quot;:1092,&quot;icon&quot;:null,&quot;parent&quot;:0}],&quot;icon_overwrite&quot;:&quot;&quot;,&quot;acf&quot;:{&quot;noindex&quot;:false,&quot;keywords&quot;:&quot;&quot;,&quot;hashtag&quot;:&quot;HumboldtForum&quot;,&quot;belongsto&quot;:false,&quot;shorturl&quot;:&quot;&quot;,&quot;times&quot;:[{&quot;start&quot;:&quot;20260906 13:00&quot;,&quot;end&quot;:&quot;14:00&quot;,&quot;status&quot;:&quot;BUY&quot;,&quot;info&quot;:&quot;Guided Tour in English - 9 EUR&quot;,&quot;shop&quot;:&quot;https:\\\/\\\/tickets.humboldtforum.org\\\/#\\\/product\\\/event\\\/241?date=2026-09-06&amp;date_id=29665&amp;lang=en&quot;,&quot;i&quot;:0,&quot;start_hour&quot;:&quot;13:00&quot;,&quot;start_HRF&quot;:&quot;Sun,  6 September 2026&quot;,&quot;_date&quot;:{&quot;date&quot;:&quot;2026-09-06 14:00:00.000000&quot;,&quot;timezone_type&quot;:3,&quot;timezone&quot;:&quot;Europe\\\/Berlin&quot;},&quot;_fromdate&quot;:&quot;20260906 13:00&quot;,&quot;start_TS&quot;:1788692400,&quot;start_HRFSHORT&quot;:&quot;06 Sep 2026&quot;,&quot;start_HRFSHORT_WD&quot;:&quot;Sun, 06 Sep 2026&quot;,&quot;end_TS&quot;:1788696000,&quot;can_purchase&quot;:true},{&quot;start&quot;:&quot;20260920 13:00&quot;,&quot;end&quot;:&quot;14:00&quot;,&quot;status&quot;:&quot;BUY&quot;,&quot;info&quot;:&quot;Guided Tour in English - 9 EUR&quot;,&quot;shop&quot;:&quot;https:\\\/\\\/tickets.humboldtforum.org\\\/#\\\/product\\\/event\\\/241?date=2026-09-20&amp;date_id=29666&amp;lang=en&quot;,&quot;i&quot;:1,&quot;start_hour&quot;:&quot;13:00&quot;,&quot;start_HRF&quot;:&quot;Sun, 20 September 2026&quot;,&quot;_date&quot;:{&quot;date&quot;:&quot;2026-09-20 14:00:00.000000&quot;,&quot;timezone_type&quot;:3,&quot;timezone&quot;:&quot;Europe\\\/Berlin&quot;},&quot;_fromdate&quot;:&quot;20260920 13:00&quot;,&quot;start_TS&quot;:1789902000,&quot;start_HRFSHORT&quot;:&quot;20 Sep 2026&quot;,&quot;start_HRFSHORT_WD&quot;:&quot;Sun, 20 Sep 2026&quot;,&quot;end_TS&quot;:1789905600,&quot;can_purchase&quot;:true},{&quot;start&quot;:&quot;20261004 13:00&quot;,&quot;end&quot;:&quot;14:00&quot;,&quot;status&quot;:&quot;BUY&quot;,&quot;info&quot;:&quot;Guided Tour in English - 9 EUR&quot;,&quot;shop&quot;:&quot;https:\\\/\\\/tickets.humboldtforum.org\\\/#\\\/product\\\/event\\\/241?date=2026-10-04&amp;date_id=29988&amp;lang=en&quot;,&quot;i&quot;:2,&quot;start_hour&quot;:&quot;13:00&quot;,&quot;start_HRF&quot;:&quot;Sun,  4 October 2026&quot;,&quot;_date&quot;:{&quot;date&quot;:&quot;2026-10-04 14:00:00.000000&quot;,&quot;timezone_type&quot;:3,&quot;timezone&quot;:&quot;Europe\\\/Berlin&quot;},&quot;_fromdate&quot;:&quot;20261004 13:00&quot;,&quot;start_TS&quot;:1791111600,&quot;start_HRFSHORT&quot;:&quot;04 Oct 2026&quot;,&quot;start_HRFSHORT_WD&quot;:&quot;Sun, 04 Oct 2026&quot;,&quot;end_TS&quot;:1791115200,&quot;can_purchase&quot;:true},{&quot;start&quot;:&quot;20261018 13:00&quot;,&quot;end&quot;:&quot;14:00&quot;,&quot;status&quot;:&quot;BUY&quot;,&quot;info&quot;:&quot;Guided Tour in English - 9 EUR&quot;,&quot;shop&quot;:&quot;https:\\\/\\\/tickets.humboldtforum.org\\\/#\\\/product\\\/event\\\/241?date=2026-10-18&amp;date_id=29989&amp;lang=en&quot;,&quot;i&quot;:3,&quot;start_hour&quot;:&quot;13:00&quot;,&quot;start_HRF&quot;:&quot;Sun, 18 October 2026&quot;,&quot;_date&quot;:{&quot;date&quot;:&quot;2026-10-18 14:00:00.000000&quot;,&quot;timezone_type&quot;:3,&quot;timezone&quot;:&quot;Europe\\\/Berlin&quot;},&quot;_fromdate&quot;:&quot;20261018 13:00&quot;,&quot;start_TS&quot;:1792321200,&quot;start_HRFSHORT&quot;:&quot;18 Oct 2026&quot;,&quot;start_HRFSHORT_WD&quot;:&quot;Sun, 18 Oct 2026&quot;,&quot;end_TS&quot;:1792324800,&quot;can_purchase&quot;:true}],&quot;planning&quot;:{&quot;price&quot;:&quot;9 EUR per person&quot;,&quot;admission&quot;:&quot;&quot;,&quot;pause&quot;:&quot;&quot;,&quot;duration&quot;:&quot;60&quot;},&quot;subline&quot;:&quot;Guided tour of the history of the place&quot;,&quot;tickettext&quot;:&quot;Please book your ticket in advance online or at the box office in the foyer.&quot;,&quot;additional_info&quot;:{&quot;icon&quot;:&quot;icon-uhr&quot;,&quot;text&quot;:&quot;Dates and ticket booking for the coming month will be activated at the end of the previous month.&quot;},&quot;highlight_header&quot;:false,&quot;featured_images&quot;:[41453],&quot;use_video_in_teasers&quot;:false,&quot;hyphenation&quot;:true,&quot;tipp&quot;:false,&quot;alert_text&quot;:&quot;EN&quot;,&quot;joker&quot;:false,&quot;live&quot;:false,&quot;hide_event_in_program&quot;:false,&quot;shorttext&quot;:&quot;Die Vorgeschichte des Humboldt Forums ist lang und wechselvoll. Die Kurator*innen der Ausstellungsr\\u00e4ume zur Geschichte des Ortes standen vor besonderen Fragen: Wie wird der Charakter dieses Ortes erfahrbar? Wie r\\u00fcckt man l\\u00e4ngst zerst\\u00f6rte Geb\\u00e4ude wieder ins Bewusstsein?&quot;,&quot;hm_id&quot;:&quot;&quot;,&quot;gomus_id&quot;:&quot;&quot;},&quot;date&quot;:{&quot;NX&quot;:&quot;20260906&quot;,&quot;NXX&quot;:&quot;202609061300&quot;,&quot;NLAST&quot;:&quot;202610180900&quot;,&quot;from_DATE&quot;:&quot;20260906 13:00&quot;,&quot;from&quot;:1788685200,&quot;to&quot;:1792314000,&quot;to_DATE&quot;:&quot;20261018 13:00&quot;,&quot;from_HRFSHORT&quot;:&quot; 6 Sep 2026&quot;,&quot;from_HRFSHORT_WD&quot;:&quot;06 Sep 2026&quot;,&quot;to_HRFSHORT&quot;:&quot;18 Oct 2026&quot;,&quot;to_HRFSHORT_WD&quot;:&quot;18 Oct 2026&quot;,&quot;from_HRF&quot;:&quot;Sun,  6 September 2026&quot;,&quot;to_HRF&quot;:&quot;Sun, 18 October 2026&quot;,&quot;from_to_HRF&quot;:&quot;Sun,  6 September \\u2013 Sun, 18 October 2026&quot;,&quot;from_to_HRFSHORT&quot;:&quot; 6 Sep \\u2013 18 Oct 2026&quot;},&quot;alert&quot;:&quot;EN&quot;,&quot;partof&quot;:[],&quot;marketing_topic&quot;:{&quot;title&quot;:&quot;History and Architecture of the Site&quot;,&quot;0&quot;:&quot;topic&quot;}}' inline-template>\n\t<a href=\"https:\/\/www.humboldtforum.org\/en\/programm\/termin\/guided-tour\/on-the-traces-of-history-2-41464\/\" class=\"teaser teaser-event teaser-event-standard\">\n\t\t<div class=\"row row-stretch\">\n\t\t\t<div class=\"col-xs-12\">\n\t\t\t\t<div class=\"teaser-event-image\">\n\t\t\t\t\t<div class=\"teaser-image teaser-image-no-alternate\">\n\t\t\t\t\t\t\t\t\t\t\t\t\t\t\t<span class=\"alert\">EN<\/span>\n\t\t\t\t\t\t\t\t\t\t\t\t\t\n\t<lazy-media-inline inline-template>\n\t\t<figure itemscope itemtype=\"http:\/\/schema.org\/ImageObject\" class=\"lazy-media-inline \" role=\"group\" id=\"media_6a9c8970460eb\" aria-labelledby=\"desc_media_6a9c8970460eb\">\n\t\t\t<script type=\"application\/json\" ref=\"data\">\n\t\t\t\t{\n\t\t\t\t\"sizes\" : {\"medium\":{\"file\":\"SHF_eb00129465-300x200.jpg\",\"width\":300,\"height\":200,\"mime-type\":\"image\\\/jpeg\"},\"large\":{\"file\":\"SHF_eb00129465-1024x683.jpg\",\"width\":1024,\"height\":683,\"mime-type\":\"image\\\/jpeg\"},\"thumbnail\":{\"file\":\"SHF_eb00129465-150x150.jpg\",\"width\":150,\"height\":150,\"mime-type\":\"image\\\/jpeg\"},\"medium_large\":{\"file\":\"SHF_eb00129465-768x512.jpg\",\"width\":768,\"height\":512,\"mime-type\":\"image\\\/jpeg\"},\"small\":{\"file\":\"SHF_eb00129465-440x293.jpg\",\"width\":440,\"height\":293,\"mime-type\":\"image\\\/jpeg\"},\"semi\":{\"file\":\"SHF_eb00129465-580x387.jpg\",\"width\":580,\"height\":387,\"mime-type\":\"image\\\/jpeg\"},\"mobile\":{\"file\":\"SHF_eb00129465-720x480.jpg\",\"width\":720,\"height\":480,\"mime-type\":\"image\\\/jpeg\"},\"hd\":{\"file\":\"SHF_eb00129465-1280x853.jpg\",\"width\":1280,\"height\":853,\"mime-type\":\"image\\\/jpeg\"},\"full\":{\"file\":\"SHF_eb00129465-1920x1280.jpg\",\"width\":1920,\"height\":1280,\"mime-type\":\"image\\\/jpeg\"},\"xxl\":{\"file\":\"SHF_eb00129465-4048x2699.jpg\",\"width\":4048,\"height\":2699,\"mime-type\":\"image\\\/jpeg\"},\"1536x1536\":{\"file\":\"SHF_eb00129465-1536x1024.jpg\",\"width\":1536,\"height\":1024,\"mime-type\":\"image\\\/jpeg\"},\"2048x2048\":{\"file\":\"SHF_eb00129465-2048x1365.jpg\",\"width\":2048,\"height\":1365,\"mime-type\":\"image\\\/jpeg\"},\"original\":{\"file\":\"SHF_eb00129465.jpg\",\"width\":6532,\"height\":4355}},\n\t\t\t\t\"alt\" : \"Two masked women are focused on working at a table with various objects in a modern room.\",\n\t\t\t\t\"path\" : \"\\\/wp-content\\\/uploads\\\/2022\\\/04\\\/\",\n\t\t\t\t\"video\" : null,\n\t\t\t\t\"autoplay\" : null,\n\t\t\t\t\"youtube\" : null,\n\t\t\t\t\"youtubelabel\" : \"Play video\",\n\t\t\t\t\"brightness\" : 100,\n\t\t\t\t\"crop\" : null,\n\t\t\t\t\"background\" : true,\n\t\t\t\t\"scale\" : 2\t\t\t\t}\n\t\t\t<\/script>\n\n\t\t\t<div class=\"height-container\" style=\"padding-bottom:66.671769748928%;\" v-if=\"sizes\">\n\t\t\t\t\t\t\t\t<lazy-media :inline=\"true\" :alt=\"alt\" :sizes=\"sizes\" :scale=\"scale\" :brightness=\"brightness\" :path=\"path\" :video=\"video\" :autoplay=\"autoplay\" :youtube=\"youtube\" :crop=\"crop\" :youtubelabel=\"youtubelabel\" :background=\"background\" media-id=\"desc_media_6a9c8970460eb\"><\/lazy-media>\n\t\t\t\t\t\t\t<\/div>\n\n\t\t\t\t\t\t\t<figcaption class=\"sr-only\" ref=\"body\" id=\"desc_media_6a9c8970460eb\">\n\t\t\t\t\t\t\t\t\t\t\t<div>On the basis of selected stations and objects the guided tour offers an insight into the history of the place<\/div>\n\t\t\t\t\t\t\t\t\t\t\t\t\t\t\t\t\t\t\t\t\t<div class=\"insignificant\">\u00a9 Stiftung Humboldt Forum im Berliner Schloss \/ Image: Frank Sperling<\/div>\n\t\t\t\t\t\t\t\t\t<\/figcaption>\n\t\t\t\t\t<\/figure>\n\t<\/lazy-media-inline>\n\t\t\t\t\t<\/div>\n\t\t\t\t<\/div>\n\t\t\t\t<div class=\"teaser-event-text Infos\">\n\t\t\t\t\t<div class=\"margin-bottom-sixth\">\n\t\t\t\t\t\t<div class=\"margin-bottom-atom\">\n\t\t\t\t\t\t\t<div class=\"subline clamp-1\" v-html=\"maingenre\"><\/div>\n\t\t\t\t\t\t\t\t\t\t\t\t\t\t\t<div class=\"insignificant clamp-2\">History and Architecture of the Site<\/div>\n\t\t\t\t\t\t\t\t\t\t\t\t\t<\/div>\n\t\t\t\t\t\n\t\t\t\t\t\t<strong class=\"margin-bottom-atom\">On the traces of history<\/strong>\n\n\t\t\t\t\t\t\t\t\t\t\t\t\t<div class=\"\">Guided tour of the history of the place<\/div>\n\t\t\t\t\t\t\t\t\t\t\t<\/div>\n\t\t\t\t<\/div>\n\t\t\t<\/div>\n\t\t\t<div class=\"col-xs-12 Infos\">\n\t\t\t\t<div class=\"border-bottom \">\n\t\t\t\t\t\t\t\t\t\t\t\t\t\t<calendardateline :rawitem=\"{&quot;postId&quot;:41464,&quot;title&quot;:&quot;On the traces of history&quot;,&quot;excerpt&quot;:&quot;Die Vorgeschichte des Humboldt Forums ist lang und wechselvoll. Die Kurator*innen der Ausstellungsr\\u00e4ume zur Geschichte des Ortes standen vor besonderen Fragen: Wie wird der Charakter dieses Ortes erfahrbar? Wie r\\u00fcckt man l\\u00e4ngst zerst\\u00f6rte Geb\\u00e4ude wieder ins Bewusstsein?&quot;,&quot;slug&quot;:&quot;on-the-traces-of-history-2&quot;,&quot;post_date&quot;:&quot;2022-04-01T12:27&quot;,&quot;type&quot;:&quot;event&quot;,&quot;permalink&quot;:&quot;https:\\\/\\\/www.humboldtforum.org\\\/en\\\/programm\\\/termin\\\/guided-tour\\\/on-the-traces-of-history-2-41464\\\/&quot;,&quot;genre&quot;:[822],&quot;genre_details&quot;:[{&quot;text&quot;:&quot;Guided Tour&quot;,&quot;id&quot;:822,&quot;icon&quot;:null,&quot;parent&quot;:0}],&quot;topic&quot;:[590],&quot;topic_details&quot;:[{&quot;text&quot;:&quot;History and Architecture of the Site&quot;,&quot;id&quot;:590,&quot;icon&quot;:null,&quot;parent&quot;:0}],&quot;stakeholder&quot;:[595],&quot;stakeholder_details&quot;:[{&quot;text&quot;:&quot;Stiftung Humboldt Forum im Berliner Schloss&quot;,&quot;id&quot;:595,&quot;icon&quot;:null,&quot;parent&quot;:0}],&quot;targetgroup&quot;:[585,715],&quot;targetgroup_details&quot;:[{&quot;text&quot;:&quot;Adults&quot;,&quot;id&quot;:585,&quot;icon&quot;:null,&quot;parent&quot;:0},{&quot;text&quot;:&quot;Teenager&quot;,&quot;id&quot;:715,&quot;icon&quot;:null,&quot;parent&quot;:0}],&quot;language&quot;:[580],&quot;language_details&quot;:[{&quot;text&quot;:&quot;English&quot;,&quot;id&quot;:580,&quot;icon&quot;:null,&quot;parent&quot;:0}],&quot;age&quot;:[711],&quot;age_details&quot;:[{&quot;text&quot;:&quot;14 years and older&quot;,&quot;id&quot;:711,&quot;icon&quot;:null,&quot;parent&quot;:0}],&quot;groupsize&quot;:[1092],&quot;groupsize_details&quot;:[{&quot;text&quot;:&quot;max. 25 persons&quot;,&quot;id&quot;:1092,&quot;icon&quot;:null,&quot;parent&quot;:0}],&quot;icon_overwrite&quot;:&quot;&quot;,&quot;acf&quot;:{&quot;noindex&quot;:false,&quot;keywords&quot;:&quot;&quot;,&quot;hashtag&quot;:&quot;HumboldtForum&quot;,&quot;belongsto&quot;:false,&quot;shorturl&quot;:&quot;&quot;,&quot;times&quot;:[{&quot;start&quot;:&quot;20260906 13:00&quot;,&quot;end&quot;:&quot;14:00&quot;,&quot;status&quot;:&quot;BUY&quot;,&quot;info&quot;:&quot;Guided Tour in English - 9 EUR&quot;,&quot;shop&quot;:&quot;https:\\\/\\\/tickets.humboldtforum.org\\\/#\\\/product\\\/event\\\/241?date=2026-09-06&amp;date_id=29665&amp;lang=en&quot;,&quot;i&quot;:0,&quot;start_hour&quot;:&quot;13:00&quot;,&quot;start_HRF&quot;:&quot;Sun,  6 September 2026&quot;,&quot;_date&quot;:{&quot;date&quot;:&quot;2026-09-06 14:00:00.000000&quot;,&quot;timezone_type&quot;:3,&quot;timezone&quot;:&quot;Europe\\\/Berlin&quot;},&quot;_fromdate&quot;:&quot;20260906 13:00&quot;,&quot;start_TS&quot;:1788692400,&quot;start_HRFSHORT&quot;:&quot;06 Sep 2026&quot;,&quot;start_HRFSHORT_WD&quot;:&quot;Sun, 06 Sep 2026&quot;,&quot;end_TS&quot;:1788696000,&quot;can_purchase&quot;:true}],&quot;planning&quot;:{&quot;price&quot;:&quot;9 EUR per person&quot;,&quot;admission&quot;:&quot;&quot;,&quot;pause&quot;:&quot;&quot;,&quot;duration&quot;:&quot;60&quot;},&quot;subline&quot;:&quot;Guided tour of the history of the place&quot;,&quot;tickettext&quot;:&quot;Please book your ticket in advance online or at the box office in the foyer.&quot;,&quot;additional_info&quot;:{&quot;icon&quot;:&quot;icon-uhr&quot;,&quot;text&quot;:&quot;Dates and ticket booking for the coming month will be activated at the end of the previous month.&quot;},&quot;highlight_header&quot;:false,&quot;featured_images&quot;:[41453],&quot;use_video_in_teasers&quot;:false,&quot;hyphenation&quot;:true,&quot;tipp&quot;:false,&quot;alert_text&quot;:&quot;EN&quot;,&quot;joker&quot;:false,&quot;live&quot;:false,&quot;hide_event_in_program&quot;:false,&quot;shorttext&quot;:&quot;Die Vorgeschichte des Humboldt Forums ist lang und wechselvoll. Die Kurator*innen der Ausstellungsr\\u00e4ume zur Geschichte des Ortes standen vor besonderen Fragen: Wie wird der Charakter dieses Ortes erfahrbar? Wie r\\u00fcckt man l\\u00e4ngst zerst\\u00f6rte Geb\\u00e4ude wieder ins Bewusstsein?&quot;,&quot;hm_id&quot;:&quot;&quot;,&quot;gomus_id&quot;:&quot;&quot;},&quot;date&quot;:{&quot;NX&quot;:&quot;20260906&quot;,&quot;NXX&quot;:&quot;202609061300&quot;,&quot;NLAST&quot;:&quot;202610180900&quot;,&quot;from_DATE&quot;:&quot;20260906 13:00&quot;,&quot;from&quot;:1788685200,&quot;to&quot;:1792314000,&quot;to_DATE&quot;:&quot;20261018 13:00&quot;,&quot;from_HRFSHORT&quot;:&quot; 6 Sep 2026&quot;,&quot;from_HRFSHORT_WD&quot;:&quot;06 Sep 2026&quot;,&quot;to_HRFSHORT&quot;:&quot;18 Oct 2026&quot;,&quot;to_HRFSHORT_WD&quot;:&quot;18 Oct 2026&quot;,&quot;from_HRF&quot;:&quot;Sun,  6 September 2026&quot;,&quot;to_HRF&quot;:&quot;Sun, 18 October 2026&quot;,&quot;from_to_HRF&quot;:&quot;Sun,  6 September \\u2013 Sun, 18 October 2026&quot;,&quot;from_to_HRFSHORT&quot;:&quot; 6 Sep \\u2013 18 Oct 2026&quot;},&quot;alert&quot;:&quot;EN&quot;,&quot;partof&quot;:[],&quot;marketing_topic&quot;:{&quot;title&quot;:&quot;History and Architecture of the Site&quot;,&quot;0&quot;:&quot;topic&quot;}}\" :force-first=\"true\" :show-icon=\"true\"><\/calendardateline>\n\t\t\t\t\t\t\t\t\t<div class=\"margin-bottom-atom\"><hr><\/div>\n\t\t\t\t\t\t\t\t\t\t\t\t\t\t\t\t\t<calendardateline :rawitem=\"{&quot;postId&quot;:41464,&quot;title&quot;:&quot;On the traces of history&quot;,&quot;excerpt&quot;:&quot;Die Vorgeschichte des Humboldt Forums ist lang und wechselvoll. Die Kurator*innen der Ausstellungsr\\u00e4ume zur Geschichte des Ortes standen vor besonderen Fragen: Wie wird der Charakter dieses Ortes erfahrbar? Wie r\\u00fcckt man l\\u00e4ngst zerst\\u00f6rte Geb\\u00e4ude wieder ins Bewusstsein?&quot;,&quot;slug&quot;:&quot;on-the-traces-of-history-2&quot;,&quot;post_date&quot;:&quot;2022-04-01T12:27&quot;,&quot;type&quot;:&quot;event&quot;,&quot;permalink&quot;:&quot;https:\\\/\\\/www.humboldtforum.org\\\/en\\\/programm\\\/termin\\\/guided-tour\\\/on-the-traces-of-history-2-41464\\\/&quot;,&quot;genre&quot;:[822],&quot;genre_details&quot;:[{&quot;text&quot;:&quot;Guided Tour&quot;,&quot;id&quot;:822,&quot;icon&quot;:null,&quot;parent&quot;:0}],&quot;topic&quot;:[590],&quot;topic_details&quot;:[{&quot;text&quot;:&quot;History and Architecture of the Site&quot;,&quot;id&quot;:590,&quot;icon&quot;:null,&quot;parent&quot;:0}],&quot;stakeholder&quot;:[595],&quot;stakeholder_details&quot;:[{&quot;text&quot;:&quot;Stiftung Humboldt Forum im Berliner Schloss&quot;,&quot;id&quot;:595,&quot;icon&quot;:null,&quot;parent&quot;:0}],&quot;targetgroup&quot;:[585,715],&quot;targetgroup_details&quot;:[{&quot;text&quot;:&quot;Adults&quot;,&quot;id&quot;:585,&quot;icon&quot;:null,&quot;parent&quot;:0},{&quot;text&quot;:&quot;Teenager&quot;,&quot;id&quot;:715,&quot;icon&quot;:null,&quot;parent&quot;:0}],&quot;language&quot;:[580],&quot;language_details&quot;:[{&quot;text&quot;:&quot;English&quot;,&quot;id&quot;:580,&quot;icon&quot;:null,&quot;parent&quot;:0}],&quot;age&quot;:[711],&quot;age_details&quot;:[{&quot;text&quot;:&quot;14 years and older&quot;,&quot;id&quot;:711,&quot;icon&quot;:null,&quot;parent&quot;:0}],&quot;groupsize&quot;:[1092],&quot;groupsize_details&quot;:[{&quot;text&quot;:&quot;max. 25 persons&quot;,&quot;id&quot;:1092,&quot;icon&quot;:null,&quot;parent&quot;:0}],&quot;icon_overwrite&quot;:&quot;&quot;,&quot;acf&quot;:{&quot;noindex&quot;:false,&quot;keywords&quot;:&quot;&quot;,&quot;hashtag&quot;:&quot;HumboldtForum&quot;,&quot;belongsto&quot;:false,&quot;shorturl&quot;:&quot;&quot;,&quot;times&quot;:[{&quot;start&quot;:&quot;20260920 13:00&quot;,&quot;end&quot;:&quot;14:00&quot;,&quot;status&quot;:&quot;BUY&quot;,&quot;info&quot;:&quot;Guided Tour in English - 9 EUR&quot;,&quot;shop&quot;:&quot;https:\\\/\\\/tickets.humboldtforum.org\\\/#\\\/product\\\/event\\\/241?date=2026-09-20&amp;date_id=29666&amp;lang=en&quot;,&quot;i&quot;:1,&quot;start_hour&quot;:&quot;13:00&quot;,&quot;start_HRF&quot;:&quot;Sun, 20 September 2026&quot;,&quot;_date&quot;:{&quot;date&quot;:&quot;2026-09-20 14:00:00.000000&quot;,&quot;timezone_type&quot;:3,&quot;timezone&quot;:&quot;Europe\\\/Berlin&quot;},&quot;_fromdate&quot;:&quot;20260920 13:00&quot;,&quot;start_TS&quot;:1789902000,&quot;start_HRFSHORT&quot;:&quot;20 Sep 2026&quot;,&quot;start_HRFSHORT_WD&quot;:&quot;Sun, 20 Sep 2026&quot;,&quot;end_TS&quot;:1789905600,&quot;can_purchase&quot;:true}],&quot;planning&quot;:{&quot;price&quot;:&quot;9 EUR per person&quot;,&quot;admission&quot;:&quot;&quot;,&quot;pause&quot;:&quot;&quot;,&quot;duration&quot;:&quot;60&quot;},&quot;subline&quot;:&quot;Guided tour of the history of the place&quot;,&quot;tickettext&quot;:&quot;Please book your ticket in advance online or at the box office in the foyer.&quot;,&quot;additional_info&quot;:{&quot;icon&quot;:&quot;icon-uhr&quot;,&quot;text&quot;:&quot;Dates and ticket booking for the coming month will be activated at the end of the previous month.&quot;},&quot;highlight_header&quot;:false,&quot;featured_images&quot;:[41453],&quot;use_video_in_teasers&quot;:false,&quot;hyphenation&quot;:true,&quot;tipp&quot;:false,&quot;alert_text&quot;:&quot;EN&quot;,&quot;joker&quot;:false,&quot;live&quot;:false,&quot;hide_event_in_program&quot;:false,&quot;shorttext&quot;:&quot;Die Vorgeschichte des Humboldt Forums ist lang und wechselvoll. Die Kurator*innen der Ausstellungsr\\u00e4ume zur Geschichte des Ortes standen vor besonderen Fragen: Wie wird der Charakter dieses Ortes erfahrbar? Wie r\\u00fcckt man l\\u00e4ngst zerst\\u00f6rte Geb\\u00e4ude wieder ins Bewusstsein?&quot;,&quot;hm_id&quot;:&quot;&quot;,&quot;gomus_id&quot;:&quot;&quot;},&quot;date&quot;:{&quot;NX&quot;:&quot;20260906&quot;,&quot;NXX&quot;:&quot;202609061300&quot;,&quot;NLAST&quot;:&quot;202610180900&quot;,&quot;from_DATE&quot;:&quot;20260906 13:00&quot;,&quot;from&quot;:1788685200,&quot;to&quot;:1792314000,&quot;to_DATE&quot;:&quot;20261018 13:00&quot;,&quot;from_HRFSHORT&quot;:&quot; 6 Sep 2026&quot;,&quot;from_HRFSHORT_WD&quot;:&quot;06 Sep 2026&quot;,&quot;to_HRFSHORT&quot;:&quot;18 Oct 2026&quot;,&quot;to_HRFSHORT_WD&quot;:&quot;18 Oct 2026&quot;,&quot;from_HRF&quot;:&quot;Sun,  6 September 2026&quot;,&quot;to_HRF&quot;:&quot;Sun, 18 October 2026&quot;,&quot;from_to_HRF&quot;:&quot;Sun,  6 September \\u2013 Sun, 18 October 2026&quot;,&quot;from_to_HRFSHORT&quot;:&quot; 6 Sep \\u2013 18 Oct 2026&quot;},&quot;alert&quot;:&quot;EN&quot;,&quot;partof&quot;:[],&quot;marketing_topic&quot;:{&quot;title&quot;:&quot;History and Architecture of the Site&quot;,&quot;0&quot;:&quot;topic&quot;}}\" :force-first=\"true\" :show-icon=\"true\"><\/calendardateline>\n\t\t\t\t\t\t\t\t\t<div class=\"margin-bottom-atom\"><hr><\/div>\n\t\t\t\t\t\t\t\t<div class=\"event-times-fadeout center-xs\">&#8230;<\/div>\t\t\t\t\t\n\t\t\t\t<\/div>\n\t\t\t<\/div>\n\t\t<\/div>\n\t<\/a>\n\t<\/calendarteaser>\n<\/li>\n<li class=\"teaser-lane-slide col-xs-9 col-sm-4 col-md-3 teaser-wrapper col-padding-remove\">\n\t<calendarteaser key=\"32739225\" rawitem='{&quot;postId&quot;:32739,&quot;title&quot;:&quot;One Hour Museum f\\u00fcr Asiatische Kunst&quot;,&quot;excerpt&quot;:&quot;&quot;,&quot;slug&quot;:&quot;one-hour-museum-fur-asiatische-kunst&quot;,&quot;post_date&quot;:&quot;2021-09-28T16:12&quot;,&quot;type&quot;:&quot;event&quot;,&quot;permalink&quot;:&quot;https:\\\/\\\/www.humboldtforum.org\\\/en\\\/programm\\\/termin\\\/guided-tour\\\/one-hour-museum-fur-asiatische-kunst-32739\\\/&quot;,&quot;genre&quot;:[822],&quot;genre_details&quot;:[{&quot;text&quot;:&quot;Guided Tour&quot;,&quot;id&quot;:822,&quot;icon&quot;:null,&quot;parent&quot;:0}],&quot;stakeholder&quot;:[594],&quot;stakeholder_details&quot;:[{&quot;text&quot;:&quot;Staatliche Museen zu Berlin&quot;,&quot;id&quot;:594,&quot;icon&quot;:null,&quot;parent&quot;:0}],&quot;targetgroup&quot;:[585],&quot;targetgroup_details&quot;:[{&quot;text&quot;:&quot;Adults&quot;,&quot;id&quot;:585,&quot;icon&quot;:null,&quot;parent&quot;:0}],&quot;language&quot;:[580,580],&quot;language_details&quot;:[{&quot;text&quot;:&quot;English&quot;,&quot;id&quot;:580,&quot;icon&quot;:null,&quot;parent&quot;:0}],&quot;groupsize&quot;:[1168],&quot;groupsize_details&quot;:[{&quot;text&quot;:&quot;max. 10 persons&quot;,&quot;id&quot;:1168,&quot;icon&quot;:null,&quot;parent&quot;:0}],&quot;icon_overwrite&quot;:&quot;&quot;,&quot;acf&quot;:{&quot;keywords&quot;:&quot;&quot;,&quot;hashtag&quot;:&quot;HumboldtForum&quot;,&quot;shorturl&quot;:&quot;&quot;,&quot;planning&quot;:{&quot;price&quot;:&quot;9 EUR plus exhibition ticket&quot;,&quot;admission&quot;:&quot;&quot;,&quot;pause&quot;:&quot;&quot;,&quot;duration&quot;:&quot;60&quot;},&quot;tickettext&quot;:&quot;Please book your ticket in advance online or at the box office in the foyer.&quot;,&quot;use_video_in_teasers&quot;:false,&quot;hide_event_in_program&quot;:false,&quot;belongsto&quot;:[52038],&quot;noindex&quot;:false,&quot;times&quot;:[{&quot;start&quot;:&quot;20260906 16:00&quot;,&quot;end&quot;:&quot;17:00&quot;,&quot;status&quot;:&quot;BUY&quot;,&quot;info&quot;:&quot;Guided Tour in English - 9 EUR plus exhibition ticket&quot;,&quot;shop&quot;:&quot;https:\\\/\\\/tickets.humboldtforum.org\\\/#\\\/product\\\/event\\\/105?date=2026-09-06&amp;date_id=29787&amp;lang=en&quot;,&quot;i&quot;:0,&quot;start_hour&quot;:&quot;16:00&quot;,&quot;start_HRF&quot;:&quot;Sun,  6 September 2026&quot;,&quot;_date&quot;:{&quot;date&quot;:&quot;2026-09-06 17:00:00.000000&quot;,&quot;timezone_type&quot;:3,&quot;timezone&quot;:&quot;Europe\\\/Berlin&quot;},&quot;_fromdate&quot;:&quot;20260906 16:00&quot;,&quot;start_TS&quot;:1788703200,&quot;start_HRFSHORT&quot;:&quot;06 Sep 2026&quot;,&quot;start_HRFSHORT_WD&quot;:&quot;Sun, 06 Sep 2026&quot;,&quot;end_TS&quot;:1788706800,&quot;can_purchase&quot;:true},{&quot;start&quot;:&quot;20260913 16:00&quot;,&quot;end&quot;:&quot;17:00&quot;,&quot;status&quot;:&quot;BUY&quot;,&quot;info&quot;:&quot;Guided Tour in English - 9 EUR plus exhibition ticket&quot;,&quot;shop&quot;:&quot;https:\\\/\\\/tickets.humboldtforum.org\\\/#\\\/product\\\/event\\\/105?date=2026-09-13&amp;date_id=29788&amp;lang=en&quot;,&quot;i&quot;:1,&quot;start_hour&quot;:&quot;16:00&quot;,&quot;start_HRF&quot;:&quot;Sun, 13 September 2026&quot;,&quot;_date&quot;:{&quot;date&quot;:&quot;2026-09-13 17:00:00.000000&quot;,&quot;timezone_type&quot;:3,&quot;timezone&quot;:&quot;Europe\\\/Berlin&quot;},&quot;_fromdate&quot;:&quot;20260913 16:00&quot;,&quot;start_TS&quot;:1789308000,&quot;start_HRFSHORT&quot;:&quot;13 Sep 2026&quot;,&quot;start_HRFSHORT_WD&quot;:&quot;Sun, 13 Sep 2026&quot;,&quot;end_TS&quot;:1789311600,&quot;can_purchase&quot;:true},{&quot;start&quot;:&quot;20260920 16:00&quot;,&quot;end&quot;:&quot;17:00&quot;,&quot;status&quot;:&quot;BUY&quot;,&quot;info&quot;:&quot;Guided Tour in English - 9 EUR plus exhibition ticket&quot;,&quot;shop&quot;:&quot;https:\\\/\\\/tickets.humboldtforum.org\\\/#\\\/product\\\/event\\\/105?date=2026-09-20&amp;date_id=29789&amp;lang=en&quot;,&quot;i&quot;:2,&quot;start_hour&quot;:&quot;16:00&quot;,&quot;start_HRF&quot;:&quot;Sun, 20 September 2026&quot;,&quot;_date&quot;:{&quot;date&quot;:&quot;2026-09-20 17:00:00.000000&quot;,&quot;timezone_type&quot;:3,&quot;timezone&quot;:&quot;Europe\\\/Berlin&quot;},&quot;_fromdate&quot;:&quot;20260920 16:00&quot;,&quot;start_TS&quot;:1789912800,&quot;start_HRFSHORT&quot;:&quot;20 Sep 2026&quot;,&quot;start_HRFSHORT_WD&quot;:&quot;Sun, 20 Sep 2026&quot;,&quot;end_TS&quot;:1789916400,&quot;can_purchase&quot;:true},{&quot;start&quot;:&quot;20260927 16:00&quot;,&quot;end&quot;:&quot;17:00&quot;,&quot;status&quot;:&quot;BUY&quot;,&quot;info&quot;:&quot;Guided Tour in English - 9 EUR plus exhibition ticket&quot;,&quot;shop&quot;:&quot;https:\\\/\\\/tickets.humboldtforum.org\\\/#\\\/product\\\/event\\\/105?date=2026-09-27&amp;date_id=29790&amp;lang=en&quot;,&quot;i&quot;:3,&quot;start_hour&quot;:&quot;16:00&quot;,&quot;start_HRF&quot;:&quot;Sun, 27 September 2026&quot;,&quot;_date&quot;:{&quot;date&quot;:&quot;2026-09-27 17:00:00.000000&quot;,&quot;timezone_type&quot;:3,&quot;timezone&quot;:&quot;Europe\\\/Berlin&quot;},&quot;_fromdate&quot;:&quot;20260927 16:00&quot;,&quot;start_TS&quot;:1790517600,&quot;start_HRFSHORT&quot;:&quot;27 Sep 2026&quot;,&quot;start_HRFSHORT_WD&quot;:&quot;Sun, 27 Sep 2026&quot;,&quot;end_TS&quot;:1790521200,&quot;can_purchase&quot;:true},{&quot;start&quot;:&quot;20261004 16:00&quot;,&quot;end&quot;:&quot;17:00&quot;,&quot;status&quot;:&quot;BUY&quot;,&quot;info&quot;:&quot;Guided Tour in English - 9 EUR plus exhibition ticket&quot;,&quot;shop&quot;:&quot;https:\\\/\\\/tickets.humboldtforum.org\\\/#\\\/product\\\/event\\\/105?date=2026-10-04&amp;date_id=30127&amp;lang=en&quot;,&quot;i&quot;:4,&quot;start_hour&quot;:&quot;16:00&quot;,&quot;start_HRF&quot;:&quot;Sun,  4 October 2026&quot;,&quot;_date&quot;:{&quot;date&quot;:&quot;2026-10-04 17:00:00.000000&quot;,&quot;timezone_type&quot;:3,&quot;timezone&quot;:&quot;Europe\\\/Berlin&quot;},&quot;_fromdate&quot;:&quot;20261004 16:00&quot;,&quot;start_TS&quot;:1791122400,&quot;start_HRFSHORT&quot;:&quot;04 Oct 2026&quot;,&quot;start_HRFSHORT_WD&quot;:&quot;Sun, 04 Oct 2026&quot;,&quot;end_TS&quot;:1791126000,&quot;can_purchase&quot;:true},{&quot;start&quot;:&quot;20261011 16:00&quot;,&quot;end&quot;:&quot;17:00&quot;,&quot;status&quot;:&quot;BUY&quot;,&quot;info&quot;:&quot;Guided Tour in English - 9 EUR plus exhibition ticket&quot;,&quot;shop&quot;:&quot;https:\\\/\\\/tickets.humboldtforum.org\\\/#\\\/product\\\/event\\\/105?date=2026-10-11&amp;date_id=30128&amp;lang=en&quot;,&quot;i&quot;:5,&quot;start_hour&quot;:&quot;16:00&quot;,&quot;start_HRF&quot;:&quot;Sun, 11 October 2026&quot;,&quot;_date&quot;:{&quot;date&quot;:&quot;2026-10-11 17:00:00.000000&quot;,&quot;timezone_type&quot;:3,&quot;timezone&quot;:&quot;Europe\\\/Berlin&quot;},&quot;_fromdate&quot;:&quot;20261011 16:00&quot;,&quot;start_TS&quot;:1791727200,&quot;start_HRFSHORT&quot;:&quot;11 Oct 2026&quot;,&quot;start_HRFSHORT_WD&quot;:&quot;Sun, 11 Oct 2026&quot;,&quot;end_TS&quot;:1791730800,&quot;can_purchase&quot;:true},{&quot;start&quot;:&quot;20261018 16:00&quot;,&quot;end&quot;:&quot;17:00&quot;,&quot;status&quot;:&quot;BUY&quot;,&quot;info&quot;:&quot;Guided Tour in English - 9 EUR plus exhibition ticket&quot;,&quot;shop&quot;:&quot;https:\\\/\\\/tickets.humboldtforum.org\\\/#\\\/product\\\/event\\\/105?date=2026-10-18&amp;date_id=30129&amp;lang=en&quot;,&quot;i&quot;:6,&quot;start_hour&quot;:&quot;16:00&quot;,&quot;start_HRF&quot;:&quot;Sun, 18 October 2026&quot;,&quot;_date&quot;:{&quot;date&quot;:&quot;2026-10-18 17:00:00.000000&quot;,&quot;timezone_type&quot;:3,&quot;timezone&quot;:&quot;Europe\\\/Berlin&quot;},&quot;_fromdate&quot;:&quot;20261018 16:00&quot;,&quot;start_TS&quot;:1792332000,&quot;start_HRFSHORT&quot;:&quot;18 Oct 2026&quot;,&quot;start_HRFSHORT_WD&quot;:&quot;Sun, 18 Oct 2026&quot;,&quot;end_TS&quot;:1792335600,&quot;can_purchase&quot;:true},{&quot;start&quot;:&quot;20261025 16:00&quot;,&quot;end&quot;:&quot;17:00&quot;,&quot;status&quot;:&quot;BUY&quot;,&quot;info&quot;:&quot;Guided Tour in English - 9 EUR plus exhibition ticket&quot;,&quot;shop&quot;:&quot;https:\\\/\\\/tickets.humboldtforum.org\\\/#\\\/product\\\/event\\\/105?date=2026-10-25&amp;date_id=30130&amp;lang=en&quot;,&quot;i&quot;:7,&quot;start_hour&quot;:&quot;16:00&quot;,&quot;start_HRF&quot;:&quot;Sun, 25 October 2026&quot;,&quot;_date&quot;:{&quot;date&quot;:&quot;2026-10-25 17:00:00.000000&quot;,&quot;timezone_type&quot;:3,&quot;timezone&quot;:&quot;Europe\\\/Berlin&quot;},&quot;_fromdate&quot;:&quot;20261025 16:00&quot;,&quot;start_TS&quot;:1792940400,&quot;start_HRFSHORT&quot;:&quot;25 Oct 2026&quot;,&quot;start_HRFSHORT_WD&quot;:&quot;Sun, 25 Oct 2026&quot;,&quot;end_TS&quot;:1792944000,&quot;can_purchase&quot;:true}],&quot;subline&quot;:&quot;Overview tour&quot;,&quot;additional_info&quot;:{&quot;icon&quot;:&quot;icon-uhr&quot;,&quot;text&quot;:&quot;Dates and ticket booking for the coming month will be released at the end of the previous month.&quot;},&quot;highlight_header&quot;:false,&quot;hyphenation&quot;:false,&quot;tipp&quot;:false,&quot;joker&quot;:false,&quot;live&quot;:false,&quot;alert_text&quot;:&quot;EN&quot;,&quot;featured_images&quot;:[32641],&quot;hm_id&quot;:&quot;&quot;,&quot;gomus_id&quot;:&quot;&quot;},&quot;date&quot;:{&quot;NX&quot;:&quot;20260906&quot;,&quot;NXX&quot;:&quot;202609061600&quot;,&quot;NLAST&quot;:&quot;202610251300&quot;,&quot;from_DATE&quot;:&quot;20260906 16:00&quot;,&quot;from&quot;:1788696000,&quot;to&quot;:1792933200,&quot;to_DATE&quot;:&quot;20261025 16:00&quot;,&quot;from_HRFSHORT&quot;:&quot; 6 Sep 2026&quot;,&quot;from_HRFSHORT_WD&quot;:&quot;06 Sep 2026&quot;,&quot;to_HRFSHORT&quot;:&quot;25 Oct 2026&quot;,&quot;to_HRFSHORT_WD&quot;:&quot;25 Oct 2026&quot;,&quot;from_HRF&quot;:&quot;Sun,  6 September 2026&quot;,&quot;to_HRF&quot;:&quot;Sun, 25 October 2026&quot;,&quot;from_to_HRF&quot;:&quot;Sun,  6 September \\u2013 Sun, 25 October 2026&quot;,&quot;from_to_HRFSHORT&quot;:&quot; 6 Sep \\u2013 25 Oct 2026&quot;},&quot;alert&quot;:&quot;EN&quot;,&quot;partof&quot;:[],&quot;marketing_topic&quot;:{&quot;title&quot;:&quot;Ethnological Collections and Asian Art&quot;,&quot;ID&quot;:52038,&quot;reason&quot;:&quot;belongsto&quot;}}' inline-template>\n\t<a href=\"https:\/\/www.humboldtforum.org\/en\/programm\/termin\/guided-tour\/one-hour-museum-fur-asiatische-kunst-32739\/\" class=\"teaser teaser-event teaser-event-standard\">\n\t\t<div class=\"row row-stretch\">\n\t\t\t<div class=\"col-xs-12\">\n\t\t\t\t<div class=\"teaser-event-image\">\n\t\t\t\t\t<div class=\"teaser-image teaser-image-no-alternate\">\n\t\t\t\t\t\t\t\t\t\t\t\t\t\t\t<span class=\"alert\">EN<\/span>\n\t\t\t\t\t\t\t\t\t\t\t\t\t\n\t<lazy-media-inline inline-template>\n\t\t<figure itemscope itemtype=\"http:\/\/schema.org\/ImageObject\" class=\"lazy-media-inline \" role=\"group\" id=\"media_6a9c897048109\" aria-labelledby=\"desc_media_6a9c897048109\">\n\t\t\t<script type=\"application\/json\" ref=\"data\">\n\t\t\t\t{\n\t\t\t\t\"sizes\" : {\"medium\":{\"file\":\"SHF_eb00116276-300x225.jpg\",\"width\":300,\"height\":225,\"mime-type\":\"image\\\/jpeg\"},\"large\":{\"file\":\"SHF_eb00116276-1024x768.jpg\",\"width\":1024,\"height\":768,\"mime-type\":\"image\\\/jpeg\"},\"thumbnail\":{\"file\":\"SHF_eb00116276-150x150.jpg\",\"width\":150,\"height\":150,\"mime-type\":\"image\\\/jpeg\"},\"medium_large\":{\"file\":\"SHF_eb00116276-768x576.jpg\",\"width\":768,\"height\":576,\"mime-type\":\"image\\\/jpeg\"},\"small\":{\"file\":\"SHF_eb00116276-440x330.jpg\",\"width\":440,\"height\":330,\"mime-type\":\"image\\\/jpeg\"},\"semi\":{\"file\":\"SHF_eb00116276-580x435.jpg\",\"width\":580,\"height\":435,\"mime-type\":\"image\\\/jpeg\"},\"mobile\":{\"file\":\"SHF_eb00116276-720x540.jpg\",\"width\":720,\"height\":540,\"mime-type\":\"image\\\/jpeg\"},\"hd\":{\"file\":\"SHF_eb00116276-1280x960.jpg\",\"width\":1280,\"height\":960,\"mime-type\":\"image\\\/jpeg\"},\"full\":{\"file\":\"SHF_eb00116276-1920x1440.jpg\",\"width\":1920,\"height\":1440,\"mime-type\":\"image\\\/jpeg\"},\"1536x1536\":{\"file\":\"SHF_eb00116276-1536x1152.jpg\",\"width\":1536,\"height\":1152,\"mime-type\":\"image\\\/jpeg\"},\"original\":{\"file\":\"SHF_eb00116276.jpg\",\"width\":2048,\"height\":1536}},\n\t\t\t\t\"alt\" : \"Buddhist statue on pedestal in a museum, surrounded by artworks on walls in a modern, bright exhibition space.\",\n\t\t\t\t\"path\" : \"\\\/wp-content\\\/uploads\\\/2021\\\/09\\\/\",\n\t\t\t\t\"video\" : null,\n\t\t\t\t\"autoplay\" : null,\n\t\t\t\t\"youtube\" : null,\n\t\t\t\t\"youtubelabel\" : \"Play video\",\n\t\t\t\t\"brightness\" : 100,\n\t\t\t\t\"crop\" : null,\n\t\t\t\t\"background\" : true,\n\t\t\t\t\"scale\" : 2\t\t\t\t}\n\t\t\t<\/script>\n\n\t\t\t<div class=\"height-container\" style=\"padding-bottom:75%;\" v-if=\"sizes\">\n\t\t\t\t\t\t\t\t<lazy-media :inline=\"true\" :alt=\"alt\" :sizes=\"sizes\" :scale=\"scale\" :brightness=\"brightness\" :path=\"path\" :video=\"video\" :autoplay=\"autoplay\" :youtube=\"youtube\" :crop=\"crop\" :youtubelabel=\"youtubelabel\" :background=\"background\" media-id=\"desc_media_6a9c897048109\"><\/lazy-media>\n\t\t\t\t\t\t\t<\/div>\n\n\t\t\t\t\t\t\t<figcaption class=\"sr-only\" ref=\"body\" id=\"desc_media_6a9c897048109\">\n\t\t\t\t\t\t\t\t\t\t\t<div>Exhibition view of the module &quot;Art and Cult. Sacred Art in China and Japan&quot; of the Museum f&uuml;r Asiatische Kunst in the Humboldt Forum.<\/div>\n\t\t\t\t\t\t\t\t\t\t\t\t\t\t\t\t\t\t\t\t\t<div class=\"insignificant\">\u00a9 Staatliche Museen zu Berlin \/ Stiftung Humboldt Forum im Berliner Schloss \/ Image: Alexander Schippel<\/div>\n\t\t\t\t\t\t\t\t\t<\/figcaption>\n\t\t\t\t\t<\/figure>\n\t<\/lazy-media-inline>\n\t\t\t\t\t<\/div>\n\t\t\t\t<\/div>\n\t\t\t\t<div class=\"teaser-event-text Infos\">\n\t\t\t\t\t<div class=\"margin-bottom-sixth\">\n\t\t\t\t\t\t<div class=\"margin-bottom-atom\">\n\t\t\t\t\t\t\t<div class=\"subline clamp-1\" v-html=\"maingenre\"><\/div>\n\t\t\t\t\t\t\t\t\t\t\t\t\t\t\t<div class=\"insignificant clamp-2\">Ethnological Collections and Asian Art<\/div>\n\t\t\t\t\t\t\t\t\t\t\t\t\t<\/div>\n\t\t\t\t\t\n\t\t\t\t\t\t<strong class=\"margin-bottom-atom\">One Hour Museum f\u00fcr Asiatische Kunst<\/strong>\n\n\t\t\t\t\t\t\t\t\t\t\t\t\t<div class=\"\">Overview tour<\/div>\n\t\t\t\t\t\t\t\t\t\t\t<\/div>\n\t\t\t\t<\/div>\n\t\t\t<\/div>\n\t\t\t<div class=\"col-xs-12 Infos\">\n\t\t\t\t<div class=\"border-bottom \">\n\t\t\t\t\t\t\t\t\t\t\t\t\t\t<calendardateline :rawitem=\"{&quot;postId&quot;:32739,&quot;title&quot;:&quot;One Hour Museum f\\u00fcr Asiatische Kunst&quot;,&quot;excerpt&quot;:&quot;&quot;,&quot;slug&quot;:&quot;one-hour-museum-fur-asiatische-kunst&quot;,&quot;post_date&quot;:&quot;2021-09-28T16:12&quot;,&quot;type&quot;:&quot;event&quot;,&quot;permalink&quot;:&quot;https:\\\/\\\/www.humboldtforum.org\\\/en\\\/programm\\\/termin\\\/guided-tour\\\/one-hour-museum-fur-asiatische-kunst-32739\\\/&quot;,&quot;genre&quot;:[822],&quot;genre_details&quot;:[{&quot;text&quot;:&quot;Guided Tour&quot;,&quot;id&quot;:822,&quot;icon&quot;:null,&quot;parent&quot;:0}],&quot;stakeholder&quot;:[594],&quot;stakeholder_details&quot;:[{&quot;text&quot;:&quot;Staatliche Museen zu Berlin&quot;,&quot;id&quot;:594,&quot;icon&quot;:null,&quot;parent&quot;:0}],&quot;targetgroup&quot;:[585],&quot;targetgroup_details&quot;:[{&quot;text&quot;:&quot;Adults&quot;,&quot;id&quot;:585,&quot;icon&quot;:null,&quot;parent&quot;:0}],&quot;language&quot;:[580,580],&quot;language_details&quot;:[{&quot;text&quot;:&quot;English&quot;,&quot;id&quot;:580,&quot;icon&quot;:null,&quot;parent&quot;:0}],&quot;groupsize&quot;:[1168],&quot;groupsize_details&quot;:[{&quot;text&quot;:&quot;max. 10 persons&quot;,&quot;id&quot;:1168,&quot;icon&quot;:null,&quot;parent&quot;:0}],&quot;icon_overwrite&quot;:&quot;&quot;,&quot;acf&quot;:{&quot;keywords&quot;:&quot;&quot;,&quot;hashtag&quot;:&quot;HumboldtForum&quot;,&quot;shorturl&quot;:&quot;&quot;,&quot;planning&quot;:{&quot;price&quot;:&quot;9 EUR plus exhibition ticket&quot;,&quot;admission&quot;:&quot;&quot;,&quot;pause&quot;:&quot;&quot;,&quot;duration&quot;:&quot;60&quot;},&quot;tickettext&quot;:&quot;Please book your ticket in advance online or at the box office in the foyer.&quot;,&quot;use_video_in_teasers&quot;:false,&quot;hide_event_in_program&quot;:false,&quot;belongsto&quot;:[52038],&quot;noindex&quot;:false,&quot;times&quot;:[{&quot;start&quot;:&quot;20260906 16:00&quot;,&quot;end&quot;:&quot;17:00&quot;,&quot;status&quot;:&quot;BUY&quot;,&quot;info&quot;:&quot;Guided Tour in English - 9 EUR plus exhibition ticket&quot;,&quot;shop&quot;:&quot;https:\\\/\\\/tickets.humboldtforum.org\\\/#\\\/product\\\/event\\\/105?date=2026-09-06&amp;date_id=29787&amp;lang=en&quot;,&quot;i&quot;:0,&quot;start_hour&quot;:&quot;16:00&quot;,&quot;start_HRF&quot;:&quot;Sun,  6 September 2026&quot;,&quot;_date&quot;:{&quot;date&quot;:&quot;2026-09-06 17:00:00.000000&quot;,&quot;timezone_type&quot;:3,&quot;timezone&quot;:&quot;Europe\\\/Berlin&quot;},&quot;_fromdate&quot;:&quot;20260906 16:00&quot;,&quot;start_TS&quot;:1788703200,&quot;start_HRFSHORT&quot;:&quot;06 Sep 2026&quot;,&quot;start_HRFSHORT_WD&quot;:&quot;Sun, 06 Sep 2026&quot;,&quot;end_TS&quot;:1788706800,&quot;can_purchase&quot;:true}],&quot;subline&quot;:&quot;Overview tour&quot;,&quot;additional_info&quot;:{&quot;icon&quot;:&quot;icon-uhr&quot;,&quot;text&quot;:&quot;Dates and ticket booking for the coming month will be released at the end of the previous month.&quot;},&quot;highlight_header&quot;:false,&quot;hyphenation&quot;:false,&quot;tipp&quot;:false,&quot;joker&quot;:false,&quot;live&quot;:false,&quot;alert_text&quot;:&quot;EN&quot;,&quot;featured_images&quot;:[32641],&quot;hm_id&quot;:&quot;&quot;,&quot;gomus_id&quot;:&quot;&quot;},&quot;date&quot;:{&quot;NX&quot;:&quot;20260906&quot;,&quot;NXX&quot;:&quot;202609061600&quot;,&quot;NLAST&quot;:&quot;202610251300&quot;,&quot;from_DATE&quot;:&quot;20260906 16:00&quot;,&quot;from&quot;:1788696000,&quot;to&quot;:1792933200,&quot;to_DATE&quot;:&quot;20261025 16:00&quot;,&quot;from_HRFSHORT&quot;:&quot; 6 Sep 2026&quot;,&quot;from_HRFSHORT_WD&quot;:&quot;06 Sep 2026&quot;,&quot;to_HRFSHORT&quot;:&quot;25 Oct 2026&quot;,&quot;to_HRFSHORT_WD&quot;:&quot;25 Oct 2026&quot;,&quot;from_HRF&quot;:&quot;Sun,  6 September 2026&quot;,&quot;to_HRF&quot;:&quot;Sun, 25 October 2026&quot;,&quot;from_to_HRF&quot;:&quot;Sun,  6 September \\u2013 Sun, 25 October 2026&quot;,&quot;from_to_HRFSHORT&quot;:&quot; 6 Sep \\u2013 25 Oct 2026&quot;},&quot;alert&quot;:&quot;EN&quot;,&quot;partof&quot;:[],&quot;marketing_topic&quot;:{&quot;title&quot;:&quot;Ethnological Collections and Asian Art&quot;,&quot;ID&quot;:52038,&quot;reason&quot;:&quot;belongsto&quot;}}\" :force-first=\"true\" :show-icon=\"true\"><\/calendardateline>\n\t\t\t\t\t\t\t\t\t<div class=\"margin-bottom-atom\"><hr><\/div>\n\t\t\t\t\t\t\t\t\t\t\t\t\t\t\t\t\t<calendardateline :rawitem=\"{&quot;postId&quot;:32739,&quot;title&quot;:&quot;One Hour Museum f\\u00fcr Asiatische Kunst&quot;,&quot;excerpt&quot;:&quot;&quot;,&quot;slug&quot;:&quot;one-hour-museum-fur-asiatische-kunst&quot;,&quot;post_date&quot;:&quot;2021-09-28T16:12&quot;,&quot;type&quot;:&quot;event&quot;,&quot;permalink&quot;:&quot;https:\\\/\\\/www.humboldtforum.org\\\/en\\\/programm\\\/termin\\\/guided-tour\\\/one-hour-museum-fur-asiatische-kunst-32739\\\/&quot;,&quot;genre&quot;:[822],&quot;genre_details&quot;:[{&quot;text&quot;:&quot;Guided Tour&quot;,&quot;id&quot;:822,&quot;icon&quot;:null,&quot;parent&quot;:0}],&quot;stakeholder&quot;:[594],&quot;stakeholder_details&quot;:[{&quot;text&quot;:&quot;Staatliche Museen zu Berlin&quot;,&quot;id&quot;:594,&quot;icon&quot;:null,&quot;parent&quot;:0}],&quot;targetgroup&quot;:[585],&quot;targetgroup_details&quot;:[{&quot;text&quot;:&quot;Adults&quot;,&quot;id&quot;:585,&quot;icon&quot;:null,&quot;parent&quot;:0}],&quot;language&quot;:[580,580],&quot;language_details&quot;:[{&quot;text&quot;:&quot;English&quot;,&quot;id&quot;:580,&quot;icon&quot;:null,&quot;parent&quot;:0}],&quot;groupsize&quot;:[1168],&quot;groupsize_details&quot;:[{&quot;text&quot;:&quot;max. 10 persons&quot;,&quot;id&quot;:1168,&quot;icon&quot;:null,&quot;parent&quot;:0}],&quot;icon_overwrite&quot;:&quot;&quot;,&quot;acf&quot;:{&quot;keywords&quot;:&quot;&quot;,&quot;hashtag&quot;:&quot;HumboldtForum&quot;,&quot;shorturl&quot;:&quot;&quot;,&quot;planning&quot;:{&quot;price&quot;:&quot;9 EUR plus exhibition ticket&quot;,&quot;admission&quot;:&quot;&quot;,&quot;pause&quot;:&quot;&quot;,&quot;duration&quot;:&quot;60&quot;},&quot;tickettext&quot;:&quot;Please book your ticket in advance online or at the box office in the foyer.&quot;,&quot;use_video_in_teasers&quot;:false,&quot;hide_event_in_program&quot;:false,&quot;belongsto&quot;:[52038],&quot;noindex&quot;:false,&quot;times&quot;:[{&quot;start&quot;:&quot;20260913 16:00&quot;,&quot;end&quot;:&quot;17:00&quot;,&quot;status&quot;:&quot;BUY&quot;,&quot;info&quot;:&quot;Guided Tour in English - 9 EUR plus exhibition ticket&quot;,&quot;shop&quot;:&quot;https:\\\/\\\/tickets.humboldtforum.org\\\/#\\\/product\\\/event\\\/105?date=2026-09-13&amp;date_id=29788&amp;lang=en&quot;,&quot;i&quot;:1,&quot;start_hour&quot;:&quot;16:00&quot;,&quot;start_HRF&quot;:&quot;Sun, 13 September 2026&quot;,&quot;_date&quot;:{&quot;date&quot;:&quot;2026-09-13 17:00:00.000000&quot;,&quot;timezone_type&quot;:3,&quot;timezone&quot;:&quot;Europe\\\/Berlin&quot;},&quot;_fromdate&quot;:&quot;20260913 16:00&quot;,&quot;start_TS&quot;:1789308000,&quot;start_HRFSHORT&quot;:&quot;13 Sep 2026&quot;,&quot;start_HRFSHORT_WD&quot;:&quot;Sun, 13 Sep 2026&quot;,&quot;end_TS&quot;:1789311600,&quot;can_purchase&quot;:true}],&quot;subline&quot;:&quot;Overview tour&quot;,&quot;additional_info&quot;:{&quot;icon&quot;:&quot;icon-uhr&quot;,&quot;text&quot;:&quot;Dates and ticket booking for the coming month will be released at the end of the previous month.&quot;},&quot;highlight_header&quot;:false,&quot;hyphenation&quot;:false,&quot;tipp&quot;:false,&quot;joker&quot;:false,&quot;live&quot;:false,&quot;alert_text&quot;:&quot;EN&quot;,&quot;featured_images&quot;:[32641],&quot;hm_id&quot;:&quot;&quot;,&quot;gomus_id&quot;:&quot;&quot;},&quot;date&quot;:{&quot;NX&quot;:&quot;20260906&quot;,&quot;NXX&quot;:&quot;202609061600&quot;,&quot;NLAST&quot;:&quot;202610251300&quot;,&quot;from_DATE&quot;:&quot;20260906 16:00&quot;,&quot;from&quot;:1788696000,&quot;to&quot;:1792933200,&quot;to_DATE&quot;:&quot;20261025 16:00&quot;,&quot;from_HRFSHORT&quot;:&quot; 6 Sep 2026&quot;,&quot;from_HRFSHORT_WD&quot;:&quot;06 Sep 2026&quot;,&quot;to_HRFSHORT&quot;:&quot;25 Oct 2026&quot;,&quot;to_HRFSHORT_WD&quot;:&quot;25 Oct 2026&quot;,&quot;from_HRF&quot;:&quot;Sun,  6 September 2026&quot;,&quot;to_HRF&quot;:&quot;Sun, 25 October 2026&quot;,&quot;from_to_HRF&quot;:&quot;Sun,  6 September \\u2013 Sun, 25 October 2026&quot;,&quot;from_to_HRFSHORT&quot;:&quot; 6 Sep \\u2013 25 Oct 2026&quot;},&quot;alert&quot;:&quot;EN&quot;,&quot;partof&quot;:[],&quot;marketing_topic&quot;:{&quot;title&quot;:&quot;Ethnological Collections and Asian Art&quot;,&quot;ID&quot;:52038,&quot;reason&quot;:&quot;belongsto&quot;}}\" :force-first=\"true\" :show-icon=\"true\"><\/calendardateline>\n\t\t\t\t\t\t\t\t\t<div class=\"margin-bottom-atom\"><hr><\/div>\n\t\t\t\t\t\t\t\t<div class=\"event-times-fadeout center-xs\">&#8230;<\/div>\t\t\t\t\t\n\t\t\t\t<\/div>\n\t\t\t<\/div>\n\t\t<\/div>\n\t<\/a>\n\t<\/calendarteaser>\n<\/li>\n<li class=\"teaser-lane-slide col-xs-9 col-sm-4 col-md-3 teaser-wrapper col-padding-remove\">\n\t<calendarteaser key=\"306611485\" rawitem='{&quot;postId&quot;:30661,&quot;title&quot;:&quot;Just a facade?&quot;,&quot;excerpt&quot;:&quot;This tour of the building\\u2019s interior and exterior will provide an insight into Franco Stella&#039;s architecture, the examples he followed and how he combines old and new. The contrasting design language of baroque and contemporary architecture is just as much an issue as the chequered history of the buildings that have occupied this site and the political ideals associated with them.&quot;,&quot;slug&quot;:&quot;just-a-facade&quot;,&quot;post_date&quot;:&quot;2021-08-17T15:01&quot;,&quot;type&quot;:&quot;event&quot;,&quot;permalink&quot;:&quot;https:\\\/\\\/www.humboldtforum.org\\\/en\\\/programm\\\/termin\\\/guided-tour\\\/just-a-facade-30661\\\/&quot;,&quot;genre&quot;:[822],&quot;genre_details&quot;:[{&quot;text&quot;:&quot;Guided Tour&quot;,&quot;id&quot;:822,&quot;icon&quot;:null,&quot;parent&quot;:0}],&quot;topic&quot;:[590],&quot;topic_details&quot;:[{&quot;text&quot;:&quot;History and Architecture of the Site&quot;,&quot;id&quot;:590,&quot;icon&quot;:null,&quot;parent&quot;:0}],&quot;stakeholder&quot;:[595],&quot;stakeholder_details&quot;:[{&quot;text&quot;:&quot;Stiftung Humboldt Forum im Berliner Schloss&quot;,&quot;id&quot;:595,&quot;icon&quot;:null,&quot;parent&quot;:0}],&quot;targetgroup&quot;:[585,715],&quot;targetgroup_details&quot;:[{&quot;text&quot;:&quot;Adults&quot;,&quot;id&quot;:585,&quot;icon&quot;:null,&quot;parent&quot;:0},{&quot;text&quot;:&quot;Teenager&quot;,&quot;id&quot;:715,&quot;icon&quot;:null,&quot;parent&quot;:0}],&quot;language&quot;:[580],&quot;language_details&quot;:[{&quot;text&quot;:&quot;English&quot;,&quot;id&quot;:580,&quot;icon&quot;:null,&quot;parent&quot;:0}],&quot;accessability&quot;:[596],&quot;accessability_details&quot;:[{&quot;text&quot;:&quot;Accessible for wheelchairs&quot;,&quot;id&quot;:596,&quot;icon&quot;:null,&quot;parent&quot;:0}],&quot;groupsize&quot;:[1090],&quot;groupsize_details&quot;:[{&quot;text&quot;:&quot;max. 15 persons&quot;,&quot;id&quot;:1090,&quot;icon&quot;:null,&quot;parent&quot;:0}],&quot;icon_overwrite&quot;:&quot;&quot;,&quot;acf&quot;:{&quot;hashtag&quot;:&quot;HumboldtForum&quot;,&quot;keywords&quot;:&quot;&quot;,&quot;shorturl&quot;:&quot;&quot;,&quot;planning&quot;:{&quot;price&quot;:&quot;9 EUR&quot;,&quot;admission&quot;:&quot;&quot;,&quot;pause&quot;:&quot;&quot;,&quot;duration&quot;:&quot;60&quot;},&quot;tickettext&quot;:&quot;Book your ticket in advance online or at the box office in the Foyer.&quot;,&quot;use_video_in_teasers&quot;:false,&quot;hide_event_in_program&quot;:false,&quot;belongsto&quot;:false,&quot;noindex&quot;:false,&quot;times&quot;:[{&quot;start&quot;:&quot;20260911 11:00&quot;,&quot;end&quot;:&quot;12:00&quot;,&quot;status&quot;:&quot;BUY&quot;,&quot;info&quot;:&quot;Guided tour in English - 9 EUR&quot;,&quot;shop&quot;:&quot;https:\\\/\\\/tickets.humboldtforum.org\\\/#\\\/product\\\/event\\\/6?date=2026-09-11&amp;date_id=29678&amp;lang=en&quot;,&quot;i&quot;:1,&quot;start_hour&quot;:&quot;11:00&quot;,&quot;start_HRF&quot;:&quot;Fri, 11 September 2026&quot;,&quot;_date&quot;:{&quot;date&quot;:&quot;2026-09-11 12:00:00.000000&quot;,&quot;timezone_type&quot;:3,&quot;timezone&quot;:&quot;Europe\\\/Berlin&quot;},&quot;_fromdate&quot;:&quot;20260911 11:00&quot;,&quot;start_TS&quot;:1789117200,&quot;start_HRFSHORT&quot;:&quot;11 Sep 2026&quot;,&quot;start_HRFSHORT_WD&quot;:&quot;Fri, 11 Sep 2026&quot;,&quot;end_TS&quot;:1789120800,&quot;can_purchase&quot;:true},{&quot;start&quot;:&quot;20260918 11:00&quot;,&quot;end&quot;:&quot;12:00&quot;,&quot;status&quot;:&quot;BUY&quot;,&quot;info&quot;:&quot;Guided tour in English - 9 EUR&quot;,&quot;shop&quot;:&quot;https:\\\/\\\/tickets.humboldtforum.org\\\/#\\\/product\\\/event\\\/6?date=2026-09-18&amp;date_id=29679&amp;lang=en&quot;,&quot;i&quot;:2,&quot;start_hour&quot;:&quot;11:00&quot;,&quot;start_HRF&quot;:&quot;Fri, 18 September 2026&quot;,&quot;_date&quot;:{&quot;date&quot;:&quot;2026-09-18 12:00:00.000000&quot;,&quot;timezone_type&quot;:3,&quot;timezone&quot;:&quot;Europe\\\/Berlin&quot;},&quot;_fromdate&quot;:&quot;20260918 11:00&quot;,&quot;start_TS&quot;:1789722000,&quot;start_HRFSHORT&quot;:&quot;18 Sep 2026&quot;,&quot;start_HRFSHORT_WD&quot;:&quot;Fri, 18 Sep 2026&quot;,&quot;end_TS&quot;:1789725600,&quot;can_purchase&quot;:true},{&quot;start&quot;:&quot;20260925 11:00&quot;,&quot;end&quot;:&quot;12:00&quot;,&quot;status&quot;:&quot;BUY&quot;,&quot;info&quot;:&quot;Guided tour in English - 9 EUR&quot;,&quot;shop&quot;:&quot;https:\\\/\\\/tickets.humboldtforum.org\\\/#\\\/product\\\/event\\\/6?date=2026-09-25&amp;date_id=29680&amp;lang=en&quot;,&quot;i&quot;:3,&quot;start_hour&quot;:&quot;11:00&quot;,&quot;start_HRF&quot;:&quot;Fri, 25 September 2026&quot;,&quot;_date&quot;:{&quot;date&quot;:&quot;2026-09-25 12:00:00.000000&quot;,&quot;timezone_type&quot;:3,&quot;timezone&quot;:&quot;Europe\\\/Berlin&quot;},&quot;_fromdate&quot;:&quot;20260925 11:00&quot;,&quot;start_TS&quot;:1790326800,&quot;start_HRFSHORT&quot;:&quot;25 Sep 2026&quot;,&quot;start_HRFSHORT_WD&quot;:&quot;Fri, 25 Sep 2026&quot;,&quot;end_TS&quot;:1790330400,&quot;can_purchase&quot;:true},{&quot;start&quot;:&quot;20261002 11:00&quot;,&quot;end&quot;:&quot;12:00&quot;,&quot;status&quot;:&quot;BUY&quot;,&quot;info&quot;:&quot;Guided tour in English - 9 EUR&quot;,&quot;shop&quot;:&quot;https:\\\/\\\/tickets.humboldtforum.org\\\/#\\\/product\\\/event\\\/6?date=2026-10-02&amp;date_id=29996&amp;lang=en&quot;,&quot;i&quot;:4,&quot;start_hour&quot;:&quot;11:00&quot;,&quot;start_HRF&quot;:&quot;Fri,  2 October 2026&quot;,&quot;_date&quot;:{&quot;date&quot;:&quot;2026-10-02 12:00:00.000000&quot;,&quot;timezone_type&quot;:3,&quot;timezone&quot;:&quot;Europe\\\/Berlin&quot;},&quot;_fromdate&quot;:&quot;20261002 11:00&quot;,&quot;start_TS&quot;:1790931600,&quot;start_HRFSHORT&quot;:&quot;02 Oct 2026&quot;,&quot;start_HRFSHORT_WD&quot;:&quot;Fri, 02 Oct 2026&quot;,&quot;end_TS&quot;:1790935200,&quot;can_purchase&quot;:true},{&quot;start&quot;:&quot;20261009 11:00&quot;,&quot;end&quot;:&quot;12:00&quot;,&quot;status&quot;:&quot;BUY&quot;,&quot;info&quot;:&quot;Guided tour in English - 9 EUR&quot;,&quot;shop&quot;:&quot;https:\\\/\\\/tickets.humboldtforum.org\\\/#\\\/product\\\/event\\\/6?date=2026-10-09&amp;date_id=29997&amp;lang=en&quot;,&quot;i&quot;:5,&quot;start_hour&quot;:&quot;11:00&quot;,&quot;start_HRF&quot;:&quot;Fri,  9 October 2026&quot;,&quot;_date&quot;:{&quot;date&quot;:&quot;2026-10-09 12:00:00.000000&quot;,&quot;timezone_type&quot;:3,&quot;timezone&quot;:&quot;Europe\\\/Berlin&quot;},&quot;_fromdate&quot;:&quot;20261009 11:00&quot;,&quot;start_TS&quot;:1791536400,&quot;start_HRFSHORT&quot;:&quot;09 Oct 2026&quot;,&quot;start_HRFSHORT_WD&quot;:&quot;Fri, 09 Oct 2026&quot;,&quot;end_TS&quot;:1791540000,&quot;can_purchase&quot;:true},{&quot;start&quot;:&quot;20261016 11:00&quot;,&quot;end&quot;:&quot;12:00&quot;,&quot;status&quot;:&quot;BUY&quot;,&quot;info&quot;:&quot;Guided tour in English - 9 EUR&quot;,&quot;shop&quot;:&quot;https:\\\/\\\/tickets.humboldtforum.org\\\/#\\\/product\\\/event\\\/6?date=2026-10-16&amp;date_id=29998&amp;lang=en&quot;,&quot;i&quot;:6,&quot;start_hour&quot;:&quot;11:00&quot;,&quot;start_HRF&quot;:&quot;Fri, 16 October 2026&quot;,&quot;_date&quot;:{&quot;date&quot;:&quot;2026-10-16 12:00:00.000000&quot;,&quot;timezone_type&quot;:3,&quot;timezone&quot;:&quot;Europe\\\/Berlin&quot;},&quot;_fromdate&quot;:&quot;20261016 11:00&quot;,&quot;start_TS&quot;:1792141200,&quot;start_HRFSHORT&quot;:&quot;16 Oct 2026&quot;,&quot;start_HRFSHORT_WD&quot;:&quot;Fri, 16 Oct 2026&quot;,&quot;end_TS&quot;:1792144800,&quot;can_purchase&quot;:true},{&quot;start&quot;:&quot;20261023 11:00&quot;,&quot;end&quot;:&quot;12:00&quot;,&quot;status&quot;:&quot;BUY&quot;,&quot;info&quot;:&quot;Guided tour in English - 9 EUR&quot;,&quot;shop&quot;:&quot;https:\\\/\\\/tickets.humboldtforum.org\\\/#\\\/product\\\/event\\\/6?date=2026-10-23&amp;date_id=29999&amp;lang=en&quot;,&quot;i&quot;:7,&quot;start_hour&quot;:&quot;11:00&quot;,&quot;start_HRF&quot;:&quot;Fri, 23 October 2026&quot;,&quot;_date&quot;:{&quot;date&quot;:&quot;2026-10-23 12:00:00.000000&quot;,&quot;timezone_type&quot;:3,&quot;timezone&quot;:&quot;Europe\\\/Berlin&quot;},&quot;_fromdate&quot;:&quot;20261023 11:00&quot;,&quot;start_TS&quot;:1792746000,&quot;start_HRFSHORT&quot;:&quot;23 Oct 2026&quot;,&quot;start_HRFSHORT_WD&quot;:&quot;Fri, 23 Oct 2026&quot;,&quot;end_TS&quot;:1792749600,&quot;can_purchase&quot;:true},{&quot;start&quot;:&quot;20261030 11:00&quot;,&quot;end&quot;:&quot;12:00&quot;,&quot;status&quot;:&quot;BUY&quot;,&quot;info&quot;:&quot;Guided tour in English - 9 EUR&quot;,&quot;shop&quot;:&quot;https:\\\/\\\/tickets.humboldtforum.org\\\/#\\\/product\\\/event\\\/6?date=2026-10-30&amp;date_id=30000&amp;lang=en&quot;,&quot;i&quot;:8,&quot;start_hour&quot;:&quot;11:00&quot;,&quot;start_HRF&quot;:&quot;Fri, 30 October 2026&quot;,&quot;_date&quot;:{&quot;date&quot;:&quot;2026-10-30 12:00:00.000000&quot;,&quot;timezone_type&quot;:3,&quot;timezone&quot;:&quot;Europe\\\/Berlin&quot;},&quot;_fromdate&quot;:&quot;20261030 11:00&quot;,&quot;start_TS&quot;:1793354400,&quot;start_HRFSHORT&quot;:&quot;30 Oct 2026&quot;,&quot;start_HRFSHORT_WD&quot;:&quot;Fri, 30 Oct 2026&quot;,&quot;end_TS&quot;:1793358000,&quot;can_purchase&quot;:true}],&quot;subline&quot;:&quot;Architecture Tour&quot;,&quot;additional_info&quot;:{&quot;icon&quot;:&quot;icon-uhr&quot;,&quot;text&quot;:&quot;Dates and ticket booking for the coming month are released at the end of the previous month.&quot;},&quot;highlight_header&quot;:false,&quot;featured_images&quot;:[154933],&quot;hyphenation&quot;:true,&quot;tipp&quot;:false,&quot;joker&quot;:true,&quot;live&quot;:false,&quot;shorttext&quot;:&quot;This tour of the building\\u2019s interior and exterior will provide an insight into Franco Stella&#039;s architecture, the examples he followed and how he combines old and new. The contrasting design language of baroque and contemporary architecture is just as much an issue as the chequered history of the buildings that have occupied this site and the political ideals associated with them.&quot;,&quot;alert_text&quot;:&quot;EN&quot;,&quot;hm_id&quot;:&quot;&quot;,&quot;gomus_id&quot;:&quot;&quot;},&quot;date&quot;:{&quot;NX&quot;:&quot;20260911&quot;,&quot;NXX&quot;:&quot;202609111100&quot;,&quot;NLAST&quot;:&quot;202610300800&quot;,&quot;from_DATE&quot;:&quot;20260904 11:00&quot;,&quot;from&quot;:1788505200,&quot;to&quot;:1793347200,&quot;to_DATE&quot;:&quot;20261030 11:00&quot;,&quot;from_HRFSHORT&quot;:&quot; 4 Sep 2026&quot;,&quot;from_HRFSHORT_WD&quot;:&quot;04 Sep 2026&quot;,&quot;to_HRFSHORT&quot;:&quot;30 Oct 2026&quot;,&quot;to_HRFSHORT_WD&quot;:&quot;30 Oct 2026&quot;,&quot;from_HRF&quot;:&quot;Fri,  4 September 2026&quot;,&quot;to_HRF&quot;:&quot;Fri, 30 October 2026&quot;,&quot;from_to_HRF&quot;:&quot;Fri,  4 September \\u2013 Fri, 30 October 2026&quot;,&quot;from_to_HRFSHORT&quot;:&quot; 4 Sep \\u2013 30 Oct 2026&quot;},&quot;alert&quot;:&quot;EN&quot;,&quot;partof&quot;:[],&quot;marketing_topic&quot;:{&quot;title&quot;:&quot;History and Architecture of the Site&quot;,&quot;0&quot;:&quot;topic&quot;}}' inline-template>\n\t<a href=\"https:\/\/www.humboldtforum.org\/en\/programm\/termin\/guided-tour\/just-a-facade-30661\/\" class=\"teaser teaser-event teaser-event-standard\">\n\t\t<div class=\"row row-stretch\">\n\t\t\t<div class=\"col-xs-12\">\n\t\t\t\t<div class=\"teaser-event-image\">\n\t\t\t\t\t<div class=\"teaser-image teaser-image-no-alternate\">\n\t\t\t\t\t\t\t\t\t\t\t\t\t\t\t<span class=\"alert\">EN<\/span>\n\t\t\t\t\t\t\t\t\t\t\t\t\t\n\t<lazy-media-inline inline-template>\n\t\t<figure itemscope itemtype=\"http:\/\/schema.org\/ImageObject\" class=\"lazy-media-inline \" role=\"group\" id=\"media_6a9c89704a119\" aria-labelledby=\"desc_media_6a9c89704a119\">\n\t\t\t<script type=\"application\/json\" ref=\"data\">\n\t\t\t\t{\n\t\t\t\t\"sizes\" : {\"medium\":{\"file\":\"SHF_eb00063549-300x169.jpg\",\"width\":300,\"height\":169,\"mime-type\":\"image\\\/jpeg\",\"filesize\":16412},\"large\":{\"file\":\"SHF_eb00063549-1024x575.jpg\",\"width\":1024,\"height\":575,\"mime-type\":\"image\\\/jpeg\",\"filesize\":134208},\"thumbnail\":{\"file\":\"SHF_eb00063549-150x150.jpg\",\"width\":150,\"height\":150,\"mime-type\":\"image\\\/jpeg\",\"filesize\":7882},\"medium_large\":{\"file\":\"SHF_eb00063549-768x432.jpg\",\"width\":768,\"height\":432,\"mime-type\":\"image\\\/jpeg\",\"filesize\":81902},\"small\":{\"file\":\"SHF_eb00063549-440x247.jpg\",\"width\":440,\"height\":247,\"mime-type\":\"image\\\/jpeg\",\"filesize\":31494},\"semi\":{\"file\":\"SHF_eb00063549-580x326.jpg\",\"width\":580,\"height\":326,\"mime-type\":\"image\\\/jpeg\",\"filesize\":51788},\"mobile\":{\"file\":\"SHF_eb00063549-720x405.jpg\",\"width\":720,\"height\":405,\"mime-type\":\"image\\\/jpeg\",\"filesize\":73409},\"hd\":{\"file\":\"SHF_eb00063549-1280x719.jpg\",\"width\":1280,\"height\":719,\"mime-type\":\"image\\\/jpeg\",\"filesize\":194238},\"full\":{\"file\":\"SHF_eb00063549-1920x1079.jpg\",\"width\":1920,\"height\":1079,\"mime-type\":\"image\\\/jpeg\",\"filesize\":370489},\"1536x1536\":{\"file\":\"SHF_eb00063549-1536x863.jpg\",\"width\":1536,\"height\":863,\"mime-type\":\"image\\\/jpeg\",\"filesize\":260665},\"original\":{\"file\":\"SHF_eb00063549.jpg\",\"width\":2000,\"height\":1124}},\n\t\t\t\t\"alt\" : \"Historic fa\\u00e7ade of a building contrasts with modern architectural style, under a blue sky with clouds.\",\n\t\t\t\t\"path\" : \"\\\/wp-content\\\/uploads\\\/2021\\\/08\\\/\",\n\t\t\t\t\"video\" : null,\n\t\t\t\t\"autoplay\" : null,\n\t\t\t\t\"youtube\" : null,\n\t\t\t\t\"youtubelabel\" : \"Play video\",\n\t\t\t\t\"brightness\" : 100,\n\t\t\t\t\"crop\" : null,\n\t\t\t\t\"background\" : true,\n\t\t\t\t\"scale\" : 2\t\t\t\t}\n\t\t\t<\/script>\n\n\t\t\t<div class=\"height-container\" style=\"padding-bottom:56.2%;\" v-if=\"sizes\">\n\t\t\t\t\t\t\t\t<lazy-media :inline=\"true\" :alt=\"alt\" :sizes=\"sizes\" :scale=\"scale\" :brightness=\"brightness\" :path=\"path\" :video=\"video\" :autoplay=\"autoplay\" :youtube=\"youtube\" :crop=\"crop\" :youtubelabel=\"youtubelabel\" :background=\"background\" media-id=\"desc_media_6a9c89704a119\"><\/lazy-media>\n\t\t\t\t\t\t\t<\/div>\n\n\t\t\t\t\t\t\t<figcaption class=\"sr-only\" ref=\"body\" id=\"desc_media_6a9c89704a119\">\n\t\t\t\t\t\t\t\t\t\t\t<div>Humboldt Forum &#8211; Schl&uuml;ter Courtyard, Gallery, Facade 05<\/div>\n\t\t\t\t\t\t\t\t\t\t\t\t\t\t\t\t\t\t\t\t\t<div class=\"insignificant\">\u00a9 Stiftung Humboldt Forum im Berliner Schloss \/ Stephan Falk<\/div>\n\t\t\t\t\t\t\t\t\t<\/figcaption>\n\t\t\t\t\t<\/figure>\n\t<\/lazy-media-inline>\n\t\t\t\t\t<\/div>\n\t\t\t\t<\/div>\n\t\t\t\t<div class=\"teaser-event-text Infos\">\n\t\t\t\t\t<div class=\"margin-bottom-sixth\">\n\t\t\t\t\t\t<div class=\"margin-bottom-atom\">\n\t\t\t\t\t\t\t<div class=\"subline clamp-1\" v-html=\"maingenre\"><\/div>\n\t\t\t\t\t\t\t\t\t\t\t\t\t\t\t<div class=\"insignificant clamp-2\">History and Architecture of the Site<\/div>\n\t\t\t\t\t\t\t\t\t\t\t\t\t<\/div>\n\t\t\t\t\t\n\t\t\t\t\t\t<strong class=\"margin-bottom-atom\">Just a facade?<\/strong>\n\n\t\t\t\t\t\t\t\t\t\t\t\t\t<div class=\"\">Architecture Tour<\/div>\n\t\t\t\t\t\t\t\t\t\t\t<\/div>\n\t\t\t\t<\/div>\n\t\t\t<\/div>\n\t\t\t<div class=\"col-xs-12 Infos\">\n\t\t\t\t<div class=\"border-bottom \">\n\t\t\t\t\t\t\t\t\t\t\t\t\t\t<calendardateline :rawitem=\"{&quot;postId&quot;:30661,&quot;title&quot;:&quot;Just a facade?&quot;,&quot;excerpt&quot;:&quot;This tour of the building\\u2019s interior and exterior will provide an insight into Franco Stella&#039;s architecture, the examples he followed and how he combines old and new. The contrasting design language of baroque and contemporary architecture is just as much an issue as the chequered history of the buildings that have occupied this site and the political ideals associated with them.&quot;,&quot;slug&quot;:&quot;just-a-facade&quot;,&quot;post_date&quot;:&quot;2021-08-17T15:01&quot;,&quot;type&quot;:&quot;event&quot;,&quot;permalink&quot;:&quot;https:\\\/\\\/www.humboldtforum.org\\\/en\\\/programm\\\/termin\\\/guided-tour\\\/just-a-facade-30661\\\/&quot;,&quot;genre&quot;:[822],&quot;genre_details&quot;:[{&quot;text&quot;:&quot;Guided Tour&quot;,&quot;id&quot;:822,&quot;icon&quot;:null,&quot;parent&quot;:0}],&quot;topic&quot;:[590],&quot;topic_details&quot;:[{&quot;text&quot;:&quot;History and Architecture of the Site&quot;,&quot;id&quot;:590,&quot;icon&quot;:null,&quot;parent&quot;:0}],&quot;stakeholder&quot;:[595],&quot;stakeholder_details&quot;:[{&quot;text&quot;:&quot;Stiftung Humboldt Forum im Berliner Schloss&quot;,&quot;id&quot;:595,&quot;icon&quot;:null,&quot;parent&quot;:0}],&quot;targetgroup&quot;:[585,715],&quot;targetgroup_details&quot;:[{&quot;text&quot;:&quot;Adults&quot;,&quot;id&quot;:585,&quot;icon&quot;:null,&quot;parent&quot;:0},{&quot;text&quot;:&quot;Teenager&quot;,&quot;id&quot;:715,&quot;icon&quot;:null,&quot;parent&quot;:0}],&quot;language&quot;:[580],&quot;language_details&quot;:[{&quot;text&quot;:&quot;English&quot;,&quot;id&quot;:580,&quot;icon&quot;:null,&quot;parent&quot;:0}],&quot;accessability&quot;:[596],&quot;accessability_details&quot;:[{&quot;text&quot;:&quot;Accessible for wheelchairs&quot;,&quot;id&quot;:596,&quot;icon&quot;:null,&quot;parent&quot;:0}],&quot;groupsize&quot;:[1090],&quot;groupsize_details&quot;:[{&quot;text&quot;:&quot;max. 15 persons&quot;,&quot;id&quot;:1090,&quot;icon&quot;:null,&quot;parent&quot;:0}],&quot;icon_overwrite&quot;:&quot;&quot;,&quot;acf&quot;:{&quot;hashtag&quot;:&quot;HumboldtForum&quot;,&quot;keywords&quot;:&quot;&quot;,&quot;shorturl&quot;:&quot;&quot;,&quot;planning&quot;:{&quot;price&quot;:&quot;9 EUR&quot;,&quot;admission&quot;:&quot;&quot;,&quot;pause&quot;:&quot;&quot;,&quot;duration&quot;:&quot;60&quot;},&quot;tickettext&quot;:&quot;Book your ticket in advance online or at the box office in the Foyer.&quot;,&quot;use_video_in_teasers&quot;:false,&quot;hide_event_in_program&quot;:false,&quot;belongsto&quot;:false,&quot;noindex&quot;:false,&quot;times&quot;:[{&quot;start&quot;:&quot;20260911 11:00&quot;,&quot;end&quot;:&quot;12:00&quot;,&quot;status&quot;:&quot;BUY&quot;,&quot;info&quot;:&quot;Guided tour in English - 9 EUR&quot;,&quot;shop&quot;:&quot;https:\\\/\\\/tickets.humboldtforum.org\\\/#\\\/product\\\/event\\\/6?date=2026-09-11&amp;date_id=29678&amp;lang=en&quot;,&quot;i&quot;:1,&quot;start_hour&quot;:&quot;11:00&quot;,&quot;start_HRF&quot;:&quot;Fri, 11 September 2026&quot;,&quot;_date&quot;:{&quot;date&quot;:&quot;2026-09-11 12:00:00.000000&quot;,&quot;timezone_type&quot;:3,&quot;timezone&quot;:&quot;Europe\\\/Berlin&quot;},&quot;_fromdate&quot;:&quot;20260911 11:00&quot;,&quot;start_TS&quot;:1789117200,&quot;start_HRFSHORT&quot;:&quot;11 Sep 2026&quot;,&quot;start_HRFSHORT_WD&quot;:&quot;Fri, 11 Sep 2026&quot;,&quot;end_TS&quot;:1789120800,&quot;can_purchase&quot;:true}],&quot;subline&quot;:&quot;Architecture Tour&quot;,&quot;additional_info&quot;:{&quot;icon&quot;:&quot;icon-uhr&quot;,&quot;text&quot;:&quot;Dates and ticket booking for the coming month are released at the end of the previous month.&quot;},&quot;highlight_header&quot;:false,&quot;featured_images&quot;:[154933],&quot;hyphenation&quot;:true,&quot;tipp&quot;:false,&quot;joker&quot;:true,&quot;live&quot;:false,&quot;shorttext&quot;:&quot;This tour of the building\\u2019s interior and exterior will provide an insight into Franco Stella&#039;s architecture, the examples he followed and how he combines old and new. The contrasting design language of baroque and contemporary architecture is just as much an issue as the chequered history of the buildings that have occupied this site and the political ideals associated with them.&quot;,&quot;alert_text&quot;:&quot;EN&quot;,&quot;hm_id&quot;:&quot;&quot;,&quot;gomus_id&quot;:&quot;&quot;},&quot;date&quot;:{&quot;NX&quot;:&quot;20260911&quot;,&quot;NXX&quot;:&quot;202609111100&quot;,&quot;NLAST&quot;:&quot;202610300800&quot;,&quot;from_DATE&quot;:&quot;20260904 11:00&quot;,&quot;from&quot;:1788505200,&quot;to&quot;:1793347200,&quot;to_DATE&quot;:&quot;20261030 11:00&quot;,&quot;from_HRFSHORT&quot;:&quot; 4 Sep 2026&quot;,&quot;from_HRFSHORT_WD&quot;:&quot;04 Sep 2026&quot;,&quot;to_HRFSHORT&quot;:&quot;30 Oct 2026&quot;,&quot;to_HRFSHORT_WD&quot;:&quot;30 Oct 2026&quot;,&quot;from_HRF&quot;:&quot;Fri,  4 September 2026&quot;,&quot;to_HRF&quot;:&quot;Fri, 30 October 2026&quot;,&quot;from_to_HRF&quot;:&quot;Fri,  4 September \\u2013 Fri, 30 October 2026&quot;,&quot;from_to_HRFSHORT&quot;:&quot; 4 Sep \\u2013 30 Oct 2026&quot;},&quot;alert&quot;:&quot;EN&quot;,&quot;partof&quot;:[],&quot;marketing_topic&quot;:{&quot;title&quot;:&quot;History and Architecture of the Site&quot;,&quot;0&quot;:&quot;topic&quot;}}\" :force-first=\"true\" :show-icon=\"true\"><\/calendardateline>\n\t\t\t\t\t\t\t\t\t<div class=\"margin-bottom-atom\"><hr><\/div>\n\t\t\t\t\t\t\t\t\t\t\t\t\t\t\t\t\t<calendardateline :rawitem=\"{&quot;postId&quot;:30661,&quot;title&quot;:&quot;Just a facade?&quot;,&quot;excerpt&quot;:&quot;This tour of the building\\u2019s interior and exterior will provide an insight into Franco Stella&#039;s architecture, the examples he followed and how he combines old and new. The contrasting design language of baroque and contemporary architecture is just as much an issue as the chequered history of the buildings that have occupied this site and the political ideals associated with them.&quot;,&quot;slug&quot;:&quot;just-a-facade&quot;,&quot;post_date&quot;:&quot;2021-08-17T15:01&quot;,&quot;type&quot;:&quot;event&quot;,&quot;permalink&quot;:&quot;https:\\\/\\\/www.humboldtforum.org\\\/en\\\/programm\\\/termin\\\/guided-tour\\\/just-a-facade-30661\\\/&quot;,&quot;genre&quot;:[822],&quot;genre_details&quot;:[{&quot;text&quot;:&quot;Guided Tour&quot;,&quot;id&quot;:822,&quot;icon&quot;:null,&quot;parent&quot;:0}],&quot;topic&quot;:[590],&quot;topic_details&quot;:[{&quot;text&quot;:&quot;History and Architecture of the Site&quot;,&quot;id&quot;:590,&quot;icon&quot;:null,&quot;parent&quot;:0}],&quot;stakeholder&quot;:[595],&quot;stakeholder_details&quot;:[{&quot;text&quot;:&quot;Stiftung Humboldt Forum im Berliner Schloss&quot;,&quot;id&quot;:595,&quot;icon&quot;:null,&quot;parent&quot;:0}],&quot;targetgroup&quot;:[585,715],&quot;targetgroup_details&quot;:[{&quot;text&quot;:&quot;Adults&quot;,&quot;id&quot;:585,&quot;icon&quot;:null,&quot;parent&quot;:0},{&quot;text&quot;:&quot;Teenager&quot;,&quot;id&quot;:715,&quot;icon&quot;:null,&quot;parent&quot;:0}],&quot;language&quot;:[580],&quot;language_details&quot;:[{&quot;text&quot;:&quot;English&quot;,&quot;id&quot;:580,&quot;icon&quot;:null,&quot;parent&quot;:0}],&quot;accessability&quot;:[596],&quot;accessability_details&quot;:[{&quot;text&quot;:&quot;Accessible for wheelchairs&quot;,&quot;id&quot;:596,&quot;icon&quot;:null,&quot;parent&quot;:0}],&quot;groupsize&quot;:[1090],&quot;groupsize_details&quot;:[{&quot;text&quot;:&quot;max. 15 persons&quot;,&quot;id&quot;:1090,&quot;icon&quot;:null,&quot;parent&quot;:0}],&quot;icon_overwrite&quot;:&quot;&quot;,&quot;acf&quot;:{&quot;hashtag&quot;:&quot;HumboldtForum&quot;,&quot;keywords&quot;:&quot;&quot;,&quot;shorturl&quot;:&quot;&quot;,&quot;planning&quot;:{&quot;price&quot;:&quot;9 EUR&quot;,&quot;admission&quot;:&quot;&quot;,&quot;pause&quot;:&quot;&quot;,&quot;duration&quot;:&quot;60&quot;},&quot;tickettext&quot;:&quot;Book your ticket in advance online or at the box office in the Foyer.&quot;,&quot;use_video_in_teasers&quot;:false,&quot;hide_event_in_program&quot;:false,&quot;belongsto&quot;:false,&quot;noindex&quot;:false,&quot;times&quot;:[{&quot;start&quot;:&quot;20260918 11:00&quot;,&quot;end&quot;:&quot;12:00&quot;,&quot;status&quot;:&quot;BUY&quot;,&quot;info&quot;:&quot;Guided tour in English - 9 EUR&quot;,&quot;shop&quot;:&quot;https:\\\/\\\/tickets.humboldtforum.org\\\/#\\\/product\\\/event\\\/6?date=2026-09-18&amp;date_id=29679&amp;lang=en&quot;,&quot;i&quot;:2,&quot;start_hour&quot;:&quot;11:00&quot;,&quot;start_HRF&quot;:&quot;Fri, 18 September 2026&quot;,&quot;_date&quot;:{&quot;date&quot;:&quot;2026-09-18 12:00:00.000000&quot;,&quot;timezone_type&quot;:3,&quot;timezone&quot;:&quot;Europe\\\/Berlin&quot;},&quot;_fromdate&quot;:&quot;20260918 11:00&quot;,&quot;start_TS&quot;:1789722000,&quot;start_HRFSHORT&quot;:&quot;18 Sep 2026&quot;,&quot;start_HRFSHORT_WD&quot;:&quot;Fri, 18 Sep 2026&quot;,&quot;end_TS&quot;:1789725600,&quot;can_purchase&quot;:true}],&quot;subline&quot;:&quot;Architecture Tour&quot;,&quot;additional_info&quot;:{&quot;icon&quot;:&quot;icon-uhr&quot;,&quot;text&quot;:&quot;Dates and ticket booking for the coming month are released at the end of the previous month.&quot;},&quot;highlight_header&quot;:false,&quot;featured_images&quot;:[154933],&quot;hyphenation&quot;:true,&quot;tipp&quot;:false,&quot;joker&quot;:true,&quot;live&quot;:false,&quot;shorttext&quot;:&quot;This tour of the building\\u2019s interior and exterior will provide an insight into Franco Stella&#039;s architecture, the examples he followed and how he combines old and new. The contrasting design language of baroque and contemporary architecture is just as much an issue as the chequered history of the buildings that have occupied this site and the political ideals associated with them.&quot;,&quot;alert_text&quot;:&quot;EN&quot;,&quot;hm_id&quot;:&quot;&quot;,&quot;gomus_id&quot;:&quot;&quot;},&quot;date&quot;:{&quot;NX&quot;:&quot;20260911&quot;,&quot;NXX&quot;:&quot;202609111100&quot;,&quot;NLAST&quot;:&quot;202610300800&quot;,&quot;from_DATE&quot;:&quot;20260904 11:00&quot;,&quot;from&quot;:1788505200,&quot;to&quot;:1793347200,&quot;to_DATE&quot;:&quot;20261030 11:00&quot;,&quot;from_HRFSHORT&quot;:&quot; 4 Sep 2026&quot;,&quot;from_HRFSHORT_WD&quot;:&quot;04 Sep 2026&quot;,&quot;to_HRFSHORT&quot;:&quot;30 Oct 2026&quot;,&quot;to_HRFSHORT_WD&quot;:&quot;30 Oct 2026&quot;,&quot;from_HRF&quot;:&quot;Fri,  4 September 2026&quot;,&quot;to_HRF&quot;:&quot;Fri, 30 October 2026&quot;,&quot;from_to_HRF&quot;:&quot;Fri,  4 September \\u2013 Fri, 30 October 2026&quot;,&quot;from_to_HRFSHORT&quot;:&quot; 4 Sep \\u2013 30 Oct 2026&quot;},&quot;alert&quot;:&quot;EN&quot;,&quot;partof&quot;:[],&quot;marketing_topic&quot;:{&quot;title&quot;:&quot;History and Architecture of the Site&quot;,&quot;0&quot;:&quot;topic&quot;}}\" :force-first=\"true\" :show-icon=\"true\"><\/calendardateline>\n\t\t\t\t\t\t\t\t\t<div class=\"margin-bottom-atom\"><hr><\/div>\n\t\t\t\t\t\t\t\t<div class=\"event-times-fadeout center-xs\">&#8230;<\/div>\t\t\t\t\t\n\t\t\t\t<\/div>\n\t\t\t<\/div>\n\t\t<\/div>\n\t<\/a>\n\t<\/calendarteaser>\n<\/li>\n<li class=\"teaser-lane-slide col-xs-9 col-sm-4 col-md-3 teaser-wrapper col-padding-remove\">\n\t<calendarteaser key=\"1388761227\" rawitem='{&quot;postId&quot;:138876,&quot;title&quot;:&quot;Histories of Tanzania&quot;,&quot;excerpt&quot;:&quot;&quot;,&quot;slug&quot;:&quot;histories-of-tanzania-2&quot;,&quot;post_date&quot;:&quot;2024-10-17T10:36&quot;,&quot;type&quot;:&quot;event&quot;,&quot;permalink&quot;:&quot;https:\\\/\\\/www.humboldtforum.org\\\/en\\\/programm\\\/termin\\\/guided-tour\\\/histories-of-tanzania-2-138876\\\/&quot;,&quot;genre&quot;:[822],&quot;genre_details&quot;:[{&quot;text&quot;:&quot;Guided Tour&quot;,&quot;id&quot;:822,&quot;icon&quot;:null,&quot;parent&quot;:0}],&quot;stakeholder&quot;:[595],&quot;stakeholder_details&quot;:[{&quot;text&quot;:&quot;Stiftung Humboldt Forum im Berliner Schloss&quot;,&quot;id&quot;:595,&quot;icon&quot;:null,&quot;parent&quot;:0}],&quot;targetgroup&quot;:[585,715],&quot;targetgroup_details&quot;:[{&quot;text&quot;:&quot;Adults&quot;,&quot;id&quot;:585,&quot;icon&quot;:null,&quot;parent&quot;:0},{&quot;text&quot;:&quot;Teenager&quot;,&quot;id&quot;:715,&quot;icon&quot;:null,&quot;parent&quot;:0}],&quot;language&quot;:[580],&quot;language_details&quot;:[{&quot;text&quot;:&quot;English&quot;,&quot;id&quot;:580,&quot;icon&quot;:null,&quot;parent&quot;:0}],&quot;age&quot;:[1331],&quot;age_details&quot;:[{&quot;text&quot;:&quot;16 years and older&quot;,&quot;id&quot;:1331,&quot;icon&quot;:null,&quot;parent&quot;:0}],&quot;groupsize&quot;:[1091],&quot;groupsize_details&quot;:[{&quot;text&quot;:&quot;max. 20 persons&quot;,&quot;id&quot;:1091,&quot;icon&quot;:null,&quot;parent&quot;:0}],&quot;place&quot;:[900],&quot;place_details&quot;:{&quot;place&quot;:&quot;Humboldt Forum&quot;,&quot;map&quot;:&quot;Humboldt Forum, Schlossplatz, Berlin&quot;,&quot;room&quot;:&quot;Africa, 2nd floor&quot;},&quot;icon_overwrite&quot;:&quot;&quot;,&quot;acf&quot;:{&quot;hashtag&quot;:&quot;HumboldtForum&quot;,&quot;planning&quot;:{&quot;price&quot;:&quot;9 EUR plus exhibition ticket&quot;,&quot;admission&quot;:&quot;&quot;,&quot;pause&quot;:&quot;&quot;,&quot;duration&quot;:&quot;&quot;},&quot;subline&quot;:&quot;Insights and Outlooks&quot;,&quot;tickettext&quot;:&quot;Please book your ticket in advance online or at the box office in the Foyer.&quot;,&quot;additional_info&quot;:{&quot;icon&quot;:&quot;0&quot;,&quot;text&quot;:&quot;&quot;},&quot;highlight_header&quot;:false,&quot;featured_images&quot;:[147475],&quot;use_video_in_teasers&quot;:false,&quot;hyphenation&quot;:true,&quot;tipp&quot;:false,&quot;alert_text&quot;:&quot;EN&quot;,&quot;joker&quot;:false,&quot;live&quot;:false,&quot;hide_event_in_program&quot;:false,&quot;gomus_id&quot;:&quot;&quot;,&quot;hm_id&quot;:&quot;&quot;,&quot;noindex&quot;:false,&quot;keywords&quot;:&quot;&quot;,&quot;belongsto&quot;:[137350],&quot;shorturl&quot;:&quot;&quot;,&quot;times&quot;:[{&quot;start&quot;:&quot;20260913 13:00&quot;,&quot;end&quot;:&quot;14:00&quot;,&quot;status&quot;:&quot;BUY&quot;,&quot;info&quot;:&quot;9 EUR plus exhibition ticket&quot;,&quot;shop&quot;:&quot;https:\\\/\\\/tickets.humboldtforum.org\\\/#\\\/product\\\/event\\\/474?date=2026-09-13&amp;date_id=29658&amp;lang=en&quot;,&quot;i&quot;:1,&quot;start_hour&quot;:&quot;13:00&quot;,&quot;start_HRF&quot;:&quot;Sun, 13 September 2026&quot;,&quot;_date&quot;:{&quot;date&quot;:&quot;2026-09-13 14:00:00.000000&quot;,&quot;timezone_type&quot;:3,&quot;timezone&quot;:&quot;Europe\\\/Berlin&quot;},&quot;_fromdate&quot;:&quot;20260913 13:00&quot;,&quot;start_TS&quot;:1789297200,&quot;start_HRFSHORT&quot;:&quot;13 Sep 2026&quot;,&quot;start_HRFSHORT_WD&quot;:&quot;Sun, 13 Sep 2026&quot;,&quot;end_TS&quot;:1789300800,&quot;can_purchase&quot;:true},{&quot;start&quot;:&quot;20260927 13:00&quot;,&quot;end&quot;:&quot;14:00&quot;,&quot;status&quot;:&quot;BUY&quot;,&quot;info&quot;:&quot;9 EUR plus exhibition ticket&quot;,&quot;shop&quot;:&quot;https:\\\/\\\/tickets.humboldtforum.org\\\/#\\\/product\\\/event\\\/474?date=2026-09-27&amp;date_id=29659&amp;lang=en&quot;,&quot;i&quot;:2,&quot;start_hour&quot;:&quot;13:00&quot;,&quot;start_HRF&quot;:&quot;Sun, 27 September 2026&quot;,&quot;_date&quot;:{&quot;date&quot;:&quot;2026-09-27 14:00:00.000000&quot;,&quot;timezone_type&quot;:3,&quot;timezone&quot;:&quot;Europe\\\/Berlin&quot;},&quot;_fromdate&quot;:&quot;20260927 13:00&quot;,&quot;start_TS&quot;:1790506800,&quot;start_HRFSHORT&quot;:&quot;27 Sep 2026&quot;,&quot;start_HRFSHORT_WD&quot;:&quot;Sun, 27 Sep 2026&quot;,&quot;end_TS&quot;:1790510400,&quot;can_purchase&quot;:true},{&quot;start&quot;:&quot;20261011 13:00&quot;,&quot;end&quot;:&quot;14:00&quot;,&quot;status&quot;:&quot;BUY&quot;,&quot;info&quot;:&quot;9 EUR plus exhibition ticket&quot;,&quot;shop&quot;:&quot;https:\\\/\\\/tickets.humboldtforum.org\\\/#\\\/product\\\/event\\\/474?date=2026-10-11&amp;date_id=30005&amp;lang=en&quot;,&quot;i&quot;:3,&quot;start_hour&quot;:&quot;13:00&quot;,&quot;start_HRF&quot;:&quot;Sun, 11 October 2026&quot;,&quot;_date&quot;:{&quot;date&quot;:&quot;2026-10-11 14:00:00.000000&quot;,&quot;timezone_type&quot;:3,&quot;timezone&quot;:&quot;Europe\\\/Berlin&quot;},&quot;_fromdate&quot;:&quot;20261011 13:00&quot;,&quot;start_TS&quot;:1791716400,&quot;start_HRFSHORT&quot;:&quot;11 Oct 2026&quot;,&quot;start_HRFSHORT_WD&quot;:&quot;Sun, 11 Oct 2026&quot;,&quot;end_TS&quot;:1791720000,&quot;can_purchase&quot;:true},{&quot;start&quot;:&quot;20261025 13:00&quot;,&quot;end&quot;:&quot;14:00&quot;,&quot;status&quot;:&quot;BUY&quot;,&quot;info&quot;:&quot;9 EUR plus exhibition ticket&quot;,&quot;shop&quot;:&quot;https:\\\/\\\/tickets.humboldtforum.org\\\/#\\\/product\\\/event\\\/474?date=2026-10-25&amp;date_id=30006&amp;lang=en&quot;,&quot;i&quot;:4,&quot;start_hour&quot;:&quot;13:00&quot;,&quot;start_HRF&quot;:&quot;Sun, 25 October 2026&quot;,&quot;_date&quot;:{&quot;date&quot;:&quot;2026-10-25 14:00:00.000000&quot;,&quot;timezone_type&quot;:3,&quot;timezone&quot;:&quot;Europe\\\/Berlin&quot;},&quot;_fromdate&quot;:&quot;20261025 13:00&quot;,&quot;start_TS&quot;:1792929600,&quot;start_HRFSHORT&quot;:&quot;25 Oct 2026&quot;,&quot;start_HRFSHORT_WD&quot;:&quot;Sun, 25 Oct 2026&quot;,&quot;end_TS&quot;:1792933200,&quot;can_purchase&quot;:true}]},&quot;date&quot;:{&quot;NX&quot;:&quot;20260913&quot;,&quot;NXX&quot;:&quot;202609131300&quot;,&quot;NLAST&quot;:&quot;202610251000&quot;,&quot;from_DATE&quot;:&quot;20260830 13:00&quot;,&quot;from&quot;:1788080400,&quot;to&quot;:1792922400,&quot;to_DATE&quot;:&quot;20261025 13:00&quot;,&quot;from_HRFSHORT&quot;:&quot;30 Aug 2026&quot;,&quot;from_HRFSHORT_WD&quot;:&quot;30 Aug 2026&quot;,&quot;to_HRFSHORT&quot;:&quot;25 Oct 2026&quot;,&quot;to_HRFSHORT_WD&quot;:&quot;25 Oct 2026&quot;,&quot;from_HRF&quot;:&quot;Sun, 30 August 2026&quot;,&quot;to_HRF&quot;:&quot;Sun, 25 October 2026&quot;,&quot;from_to_HRF&quot;:&quot;Sun, 30 August \\u2013 Sun, 25 October 2026&quot;,&quot;from_to_HRFSHORT&quot;:&quot;30 Aug \\u2013 25 Oct 2026&quot;},&quot;alert&quot;:&quot;EN&quot;,&quot;partof&quot;:[],&quot;marketing_topic&quot;:{&quot;title&quot;:&quot;Histories of Tanzania&quot;,&quot;ID&quot;:137350,&quot;reason&quot;:&quot;belongsto&quot;}}' inline-template>\n\t<a href=\"https:\/\/www.humboldtforum.org\/en\/programm\/termin\/guided-tour\/histories-of-tanzania-2-138876\/\" class=\"teaser teaser-event teaser-event-standard\">\n\t\t<div class=\"row row-stretch\">\n\t\t\t<div class=\"col-xs-12\">\n\t\t\t\t<div class=\"teaser-event-image\">\n\t\t\t\t\t<div class=\"teaser-image teaser-image-no-alternate\">\n\t\t\t\t\t\t\t\t\t\t\t\t\t\t\t<span class=\"alert\">EN<\/span>\n\t\t\t\t\t\t\t\t\t\t\t\t\t\n\t<lazy-media-inline inline-template>\n\t\t<figure itemscope itemtype=\"http:\/\/schema.org\/ImageObject\" class=\"lazy-media-inline \" role=\"group\" id=\"media_6a9c89704bac1\" aria-labelledby=\"desc_media_6a9c89704bac1\">\n\t\t\t<script type=\"application\/json\" ref=\"data\">\n\t\t\t\t{\n\t\t\t\t\"sizes\" : {\"medium\":{\"file\":\"SHF_eb00236630-300x200.jpg\",\"width\":300,\"height\":200,\"mime-type\":\"image\\\/jpeg\",\"filesize\":20455},\"large\":{\"file\":\"SHF_eb00236630-1024x682.jpg\",\"width\":1024,\"height\":682,\"mime-type\":\"image\\\/jpeg\",\"filesize\":143670},\"thumbnail\":{\"file\":\"SHF_eb00236630-150x150.jpg\",\"width\":150,\"height\":150,\"mime-type\":\"image\\\/jpeg\",\"filesize\":8701},\"medium_large\":{\"file\":\"SHF_eb00236630-768x512.jpg\",\"width\":768,\"height\":512,\"mime-type\":\"image\\\/jpeg\",\"filesize\":92684},\"small\":{\"file\":\"SHF_eb00236630-440x293.jpg\",\"width\":440,\"height\":293,\"mime-type\":\"image\\\/jpeg\",\"filesize\":38304},\"semi\":{\"file\":\"SHF_eb00236630-580x387.jpg\",\"width\":580,\"height\":387,\"mime-type\":\"image\\\/jpeg\",\"filesize\":60308},\"mobile\":{\"file\":\"SHF_eb00236630-720x480.jpg\",\"width\":720,\"height\":480,\"mime-type\":\"image\\\/jpeg\",\"filesize\":83627},\"original\":{\"file\":\"SHF_eb00236630.jpg\",\"width\":1280,\"height\":853}},\n\t\t\t\t\"alt\" : \"Visitors in an exhibition room with artistic installations and interactive exhibits.\",\n\t\t\t\t\"path\" : \"\\\/wp-content\\\/uploads\\\/2025\\\/06\\\/\",\n\t\t\t\t\"video\" : null,\n\t\t\t\t\"autoplay\" : null,\n\t\t\t\t\"youtube\" : null,\n\t\t\t\t\"youtubelabel\" : \"Play video\",\n\t\t\t\t\"brightness\" : 100,\n\t\t\t\t\"crop\" : null,\n\t\t\t\t\"background\" : true,\n\t\t\t\t\"scale\" : 2\t\t\t\t}\n\t\t\t<\/script>\n\n\t\t\t<div class=\"height-container\" style=\"padding-bottom:66.640625%;\" v-if=\"sizes\">\n\t\t\t\t\t\t\t\t<lazy-media :inline=\"true\" :alt=\"alt\" :sizes=\"sizes\" :scale=\"scale\" :brightness=\"brightness\" :path=\"path\" :video=\"video\" :autoplay=\"autoplay\" :youtube=\"youtube\" :crop=\"crop\" :youtubelabel=\"youtubelabel\" :background=\"background\" media-id=\"desc_media_6a9c89704bac1\"><\/lazy-media>\n\t\t\t\t\t\t\t<\/div>\n\n\t\t\t\t\t\t\t<figcaption class=\"sr-only\" ref=\"body\" id=\"desc_media_6a9c89704bac1\">\n\t\t\t\t\t\t\t\t\t\t\t<div>Tour of the exhibition &lsquo;Histories of Tanzania&rsquo; with participating curators and artists<\/div>\n\t\t\t\t\t\t\t\t\t\t\t\t\t\t\t\t\t\t\t\t\t<div class=\"insignificant\">\u00a9 Stiftung Humboldt Forum im Berliner Schloss \/ Szenografie: APC Architectural Pioneering Consultants \/ Studio Gr\u00fcnder Kirfel, Foto: Frank Sperling<\/div>\n\t\t\t\t\t\t\t\t\t<\/figcaption>\n\t\t\t\t\t<\/figure>\n\t<\/lazy-media-inline>\n\t\t\t\t\t<\/div>\n\t\t\t\t<\/div>\n\t\t\t\t<div class=\"teaser-event-text Infos\">\n\t\t\t\t\t<div class=\"margin-bottom-sixth\">\n\t\t\t\t\t\t<div class=\"margin-bottom-atom\">\n\t\t\t\t\t\t\t<div class=\"subline clamp-1\" v-html=\"maingenre\"><\/div>\n\t\t\t\t\t\t\t\t\t\t\t\t\t\t\t<div class=\"insignificant clamp-2\">Histories of Tanzania<\/div>\n\t\t\t\t\t\t\t\t\t\t\t\t\t<\/div>\n\t\t\t\t\t\n\t\t\t\t\t\t<strong class=\"margin-bottom-atom\">Histories of Tanzania<\/strong>\n\n\t\t\t\t\t\t\t\t\t\t\t\t\t<div class=\"\">Insights and Outlooks<\/div>\n\t\t\t\t\t\t\t\t\t\t\t<\/div>\n\t\t\t\t<\/div>\n\t\t\t<\/div>\n\t\t\t<div class=\"col-xs-12 Infos\">\n\t\t\t\t<div class=\"border-bottom \">\n\t\t\t\t\t\t\t\t\t\t\t\t\t\t<calendardateline :rawitem=\"{&quot;postId&quot;:138876,&quot;title&quot;:&quot;Histories of Tanzania&quot;,&quot;excerpt&quot;:&quot;&quot;,&quot;slug&quot;:&quot;histories-of-tanzania-2&quot;,&quot;post_date&quot;:&quot;2024-10-17T10:36&quot;,&quot;type&quot;:&quot;event&quot;,&quot;permalink&quot;:&quot;https:\\\/\\\/www.humboldtforum.org\\\/en\\\/programm\\\/termin\\\/guided-tour\\\/histories-of-tanzania-2-138876\\\/&quot;,&quot;genre&quot;:[822],&quot;genre_details&quot;:[{&quot;text&quot;:&quot;Guided Tour&quot;,&quot;id&quot;:822,&quot;icon&quot;:null,&quot;parent&quot;:0}],&quot;stakeholder&quot;:[595],&quot;stakeholder_details&quot;:[{&quot;text&quot;:&quot;Stiftung Humboldt Forum im Berliner Schloss&quot;,&quot;id&quot;:595,&quot;icon&quot;:null,&quot;parent&quot;:0}],&quot;targetgroup&quot;:[585,715],&quot;targetgroup_details&quot;:[{&quot;text&quot;:&quot;Adults&quot;,&quot;id&quot;:585,&quot;icon&quot;:null,&quot;parent&quot;:0},{&quot;text&quot;:&quot;Teenager&quot;,&quot;id&quot;:715,&quot;icon&quot;:null,&quot;parent&quot;:0}],&quot;language&quot;:[580],&quot;language_details&quot;:[{&quot;text&quot;:&quot;English&quot;,&quot;id&quot;:580,&quot;icon&quot;:null,&quot;parent&quot;:0}],&quot;age&quot;:[1331],&quot;age_details&quot;:[{&quot;text&quot;:&quot;16 years and older&quot;,&quot;id&quot;:1331,&quot;icon&quot;:null,&quot;parent&quot;:0}],&quot;groupsize&quot;:[1091],&quot;groupsize_details&quot;:[{&quot;text&quot;:&quot;max. 20 persons&quot;,&quot;id&quot;:1091,&quot;icon&quot;:null,&quot;parent&quot;:0}],&quot;place&quot;:[900],&quot;place_details&quot;:{&quot;place&quot;:&quot;Humboldt Forum&quot;,&quot;map&quot;:&quot;Humboldt Forum, Schlossplatz, Berlin&quot;,&quot;room&quot;:&quot;Africa, 2nd floor&quot;},&quot;icon_overwrite&quot;:&quot;&quot;,&quot;acf&quot;:{&quot;hashtag&quot;:&quot;HumboldtForum&quot;,&quot;planning&quot;:{&quot;price&quot;:&quot;9 EUR plus exhibition ticket&quot;,&quot;admission&quot;:&quot;&quot;,&quot;pause&quot;:&quot;&quot;,&quot;duration&quot;:&quot;&quot;},&quot;subline&quot;:&quot;Insights and Outlooks&quot;,&quot;tickettext&quot;:&quot;Please book your ticket in advance online or at the box office in the Foyer.&quot;,&quot;additional_info&quot;:{&quot;icon&quot;:&quot;0&quot;,&quot;text&quot;:&quot;&quot;},&quot;highlight_header&quot;:false,&quot;featured_images&quot;:[147475],&quot;use_video_in_teasers&quot;:false,&quot;hyphenation&quot;:true,&quot;tipp&quot;:false,&quot;alert_text&quot;:&quot;EN&quot;,&quot;joker&quot;:false,&quot;live&quot;:false,&quot;hide_event_in_program&quot;:false,&quot;gomus_id&quot;:&quot;&quot;,&quot;hm_id&quot;:&quot;&quot;,&quot;noindex&quot;:false,&quot;keywords&quot;:&quot;&quot;,&quot;belongsto&quot;:[137350],&quot;shorturl&quot;:&quot;&quot;,&quot;times&quot;:[{&quot;start&quot;:&quot;20260913 13:00&quot;,&quot;end&quot;:&quot;14:00&quot;,&quot;status&quot;:&quot;BUY&quot;,&quot;info&quot;:&quot;9 EUR plus exhibition ticket&quot;,&quot;shop&quot;:&quot;https:\\\/\\\/tickets.humboldtforum.org\\\/#\\\/product\\\/event\\\/474?date=2026-09-13&amp;date_id=29658&amp;lang=en&quot;,&quot;i&quot;:1,&quot;start_hour&quot;:&quot;13:00&quot;,&quot;start_HRF&quot;:&quot;Sun, 13 September 2026&quot;,&quot;_date&quot;:{&quot;date&quot;:&quot;2026-09-13 14:00:00.000000&quot;,&quot;timezone_type&quot;:3,&quot;timezone&quot;:&quot;Europe\\\/Berlin&quot;},&quot;_fromdate&quot;:&quot;20260913 13:00&quot;,&quot;start_TS&quot;:1789297200,&quot;start_HRFSHORT&quot;:&quot;13 Sep 2026&quot;,&quot;start_HRFSHORT_WD&quot;:&quot;Sun, 13 Sep 2026&quot;,&quot;end_TS&quot;:1789300800,&quot;can_purchase&quot;:true}]},&quot;date&quot;:{&quot;NX&quot;:&quot;20260913&quot;,&quot;NXX&quot;:&quot;202609131300&quot;,&quot;NLAST&quot;:&quot;202610251000&quot;,&quot;from_DATE&quot;:&quot;20260830 13:00&quot;,&quot;from&quot;:1788080400,&quot;to&quot;:1792922400,&quot;to_DATE&quot;:&quot;20261025 13:00&quot;,&quot;from_HRFSHORT&quot;:&quot;30 Aug 2026&quot;,&quot;from_HRFSHORT_WD&quot;:&quot;30 Aug 2026&quot;,&quot;to_HRFSHORT&quot;:&quot;25 Oct 2026&quot;,&quot;to_HRFSHORT_WD&quot;:&quot;25 Oct 2026&quot;,&quot;from_HRF&quot;:&quot;Sun, 30 August 2026&quot;,&quot;to_HRF&quot;:&quot;Sun, 25 October 2026&quot;,&quot;from_to_HRF&quot;:&quot;Sun, 30 August \\u2013 Sun, 25 October 2026&quot;,&quot;from_to_HRFSHORT&quot;:&quot;30 Aug \\u2013 25 Oct 2026&quot;},&quot;alert&quot;:&quot;EN&quot;,&quot;partof&quot;:[],&quot;marketing_topic&quot;:{&quot;title&quot;:&quot;Histories of Tanzania&quot;,&quot;ID&quot;:137350,&quot;reason&quot;:&quot;belongsto&quot;}}\" :force-first=\"true\" :show-icon=\"true\"><\/calendardateline>\n\t\t\t\t\t\t\t\t\t<div class=\"margin-bottom-atom\"><hr><\/div>\n\t\t\t\t\t\t\t\t\t\t\t\t\t\t\t\t\t<calendardateline :rawitem=\"{&quot;postId&quot;:138876,&quot;title&quot;:&quot;Histories of Tanzania&quot;,&quot;excerpt&quot;:&quot;&quot;,&quot;slug&quot;:&quot;histories-of-tanzania-2&quot;,&quot;post_date&quot;:&quot;2024-10-17T10:36&quot;,&quot;type&quot;:&quot;event&quot;,&quot;permalink&quot;:&quot;https:\\\/\\\/www.humboldtforum.org\\\/en\\\/programm\\\/termin\\\/guided-tour\\\/histories-of-tanzania-2-138876\\\/&quot;,&quot;genre&quot;:[822],&quot;genre_details&quot;:[{&quot;text&quot;:&quot;Guided Tour&quot;,&quot;id&quot;:822,&quot;icon&quot;:null,&quot;parent&quot;:0}],&quot;stakeholder&quot;:[595],&quot;stakeholder_details&quot;:[{&quot;text&quot;:&quot;Stiftung Humboldt Forum im Berliner Schloss&quot;,&quot;id&quot;:595,&quot;icon&quot;:null,&quot;parent&quot;:0}],&quot;targetgroup&quot;:[585,715],&quot;targetgroup_details&quot;:[{&quot;text&quot;:&quot;Adults&quot;,&quot;id&quot;:585,&quot;icon&quot;:null,&quot;parent&quot;:0},{&quot;text&quot;:&quot;Teenager&quot;,&quot;id&quot;:715,&quot;icon&quot;:null,&quot;parent&quot;:0}],&quot;language&quot;:[580],&quot;language_details&quot;:[{&quot;text&quot;:&quot;English&quot;,&quot;id&quot;:580,&quot;icon&quot;:null,&quot;parent&quot;:0}],&quot;age&quot;:[1331],&quot;age_details&quot;:[{&quot;text&quot;:&quot;16 years and older&quot;,&quot;id&quot;:1331,&quot;icon&quot;:null,&quot;parent&quot;:0}],&quot;groupsize&quot;:[1091],&quot;groupsize_details&quot;:[{&quot;text&quot;:&quot;max. 20 persons&quot;,&quot;id&quot;:1091,&quot;icon&quot;:null,&quot;parent&quot;:0}],&quot;place&quot;:[900],&quot;place_details&quot;:{&quot;place&quot;:&quot;Humboldt Forum&quot;,&quot;map&quot;:&quot;Humboldt Forum, Schlossplatz, Berlin&quot;,&quot;room&quot;:&quot;Africa, 2nd floor&quot;},&quot;icon_overwrite&quot;:&quot;&quot;,&quot;acf&quot;:{&quot;hashtag&quot;:&quot;HumboldtForum&quot;,&quot;planning&quot;:{&quot;price&quot;:&quot;9 EUR plus exhibition ticket&quot;,&quot;admission&quot;:&quot;&quot;,&quot;pause&quot;:&quot;&quot;,&quot;duration&quot;:&quot;&quot;},&quot;subline&quot;:&quot;Insights and Outlooks&quot;,&quot;tickettext&quot;:&quot;Please book your ticket in advance online or at the box office in the Foyer.&quot;,&quot;additional_info&quot;:{&quot;icon&quot;:&quot;0&quot;,&quot;text&quot;:&quot;&quot;},&quot;highlight_header&quot;:false,&quot;featured_images&quot;:[147475],&quot;use_video_in_teasers&quot;:false,&quot;hyphenation&quot;:true,&quot;tipp&quot;:false,&quot;alert_text&quot;:&quot;EN&quot;,&quot;joker&quot;:false,&quot;live&quot;:false,&quot;hide_event_in_program&quot;:false,&quot;gomus_id&quot;:&quot;&quot;,&quot;hm_id&quot;:&quot;&quot;,&quot;noindex&quot;:false,&quot;keywords&quot;:&quot;&quot;,&quot;belongsto&quot;:[137350],&quot;shorturl&quot;:&quot;&quot;,&quot;times&quot;:[{&quot;start&quot;:&quot;20260927 13:00&quot;,&quot;end&quot;:&quot;14:00&quot;,&quot;status&quot;:&quot;BUY&quot;,&quot;info&quot;:&quot;9 EUR plus exhibition ticket&quot;,&quot;shop&quot;:&quot;https:\\\/\\\/tickets.humboldtforum.org\\\/#\\\/product\\\/event\\\/474?date=2026-09-27&amp;date_id=29659&amp;lang=en&quot;,&quot;i&quot;:2,&quot;start_hour&quot;:&quot;13:00&quot;,&quot;start_HRF&quot;:&quot;Sun, 27 September 2026&quot;,&quot;_date&quot;:{&quot;date&quot;:&quot;2026-09-27 14:00:00.000000&quot;,&quot;timezone_type&quot;:3,&quot;timezone&quot;:&quot;Europe\\\/Berlin&quot;},&quot;_fromdate&quot;:&quot;20260927 13:00&quot;,&quot;start_TS&quot;:1790506800,&quot;start_HRFSHORT&quot;:&quot;27 Sep 2026&quot;,&quot;start_HRFSHORT_WD&quot;:&quot;Sun, 27 Sep 2026&quot;,&quot;end_TS&quot;:1790510400,&quot;can_purchase&quot;:true}]},&quot;date&quot;:{&quot;NX&quot;:&quot;20260913&quot;,&quot;NXX&quot;:&quot;202609131300&quot;,&quot;NLAST&quot;:&quot;202610251000&quot;,&quot;from_DATE&quot;:&quot;20260830 13:00&quot;,&quot;from&quot;:1788080400,&quot;to&quot;:1792922400,&quot;to_DATE&quot;:&quot;20261025 13:00&quot;,&quot;from_HRFSHORT&quot;:&quot;30 Aug 2026&quot;,&quot;from_HRFSHORT_WD&quot;:&quot;30 Aug 2026&quot;,&quot;to_HRFSHORT&quot;:&quot;25 Oct 2026&quot;,&quot;to_HRFSHORT_WD&quot;:&quot;25 Oct 2026&quot;,&quot;from_HRF&quot;:&quot;Sun, 30 August 2026&quot;,&quot;to_HRF&quot;:&quot;Sun, 25 October 2026&quot;,&quot;from_to_HRF&quot;:&quot;Sun, 30 August \\u2013 Sun, 25 October 2026&quot;,&quot;from_to_HRFSHORT&quot;:&quot;30 Aug \\u2013 25 Oct 2026&quot;},&quot;alert&quot;:&quot;EN&quot;,&quot;partof&quot;:[],&quot;marketing_topic&quot;:{&quot;title&quot;:&quot;Histories of Tanzania&quot;,&quot;ID&quot;:137350,&quot;reason&quot;:&quot;belongsto&quot;}}\" :force-first=\"true\" :show-icon=\"true\"><\/calendardateline>\n\t\t\t\t\t\t\t\t\t<div class=\"margin-bottom-atom\"><hr><\/div>\n\t\t\t\t\t\t\t\t<div class=\"event-times-fadeout center-xs\">&#8230;<\/div>\t\t\t\t\t\n\t\t\t\t<\/div>\n\t\t\t<\/div>\n\t\t<\/div>\n\t<\/a>\n\t<\/calendarteaser>\n<\/li>\n\t\t\t\t\t\t<\/ul>\n\t\t\t\t\t<\/div>\n\t\t\t\t<\/div>\n\t\t\t<\/teaser-lane-with-buttons>\n\t\t\t\t<\/lazy-component>\n<\/section>\n\n\n\n<section class=\"block block-teaser col-lane has-bg\" style=\"--teaser-bg:#e2e2e2\">\n\t<lazy-component :fixed-min-height=\"400\">\n\t\n\t\t\t\t\t<teaser-lane-with-buttons inline-template tracking-label=\"Programme series\">\n\t\t\t\t<div class=\"teaser-lane-with-buttons\">\n\t\t\t\t\t<div class=\"container-fluid\">\n\t\t\t\t\t\t<div class=\"row bottom-xs\">\n\t\t\t\t\t\t\t<div class=\"col-xs-12 col-md-8\">\n\t\t\t\t\t\t\t\t\t\t\t\t\t\t\t\t\t<h4>Programme series<\/h4>\t\t\t\t\t\t\t\t\t\t\t\t\t\t\t\t\t\t\t\t\t\t\t\t<\/div>\n\t\t\t\t\t\t\t<div class=\"col-xs-12 col-md-4 start-xs end-md margin-bottom-sixth teaser-lane-buttons-wrapper \">\n\t\t\t\t\t\t\t\t\t\t\t\t\t\t\t\t<teaser-lane-buttons :visible_prev=\"visible_prev\" :visible_next=\"visible_next\" @prev=\"prev\" @next=\"next\"><\/teaser-lane-buttons>\n\t\t\t\t\t\t\t<\/div>\n\t\t\t\t\t\t<\/div>\n\t\t\t\t\t<\/div>\n\t\t\t\t\t<div class=\"teaser-lane-wrapper\">\n\t\t\t\t\t\t<ul class=\"teaser-lane\">\n\t\t\t\t\t\t\t\t\t\t\t\t\t\t<li class=\"teaser-lane-slide col-xs-9 col-sm-4 col-md-3 teaser-wrapper col-padding-remove\">\n\t<calendarteaser key=\"6747613592\" rawitem='{&quot;postId&quot;:67476,&quot;title&quot;:&quot;SP\\u00c4TI&quot;,&quot;excerpt&quot;:&quot;&quot;,&quot;slug&quot;:&quot;spaeti&quot;,&quot;type&quot;:&quot;event-sequence&quot;,&quot;post_date&quot;:&quot;2022-11-10T13:48&quot;,&quot;permalink&quot;:&quot;https:\\\/\\\/www.humboldtforum.org\\\/en\\\/programm\\\/event-reihe\\\/other-en\\\/spaeti-67476\\\/&quot;,&quot;genre&quot;:[573],&quot;genre_details&quot;:[{&quot;text&quot;:&quot;Other&quot;,&quot;id&quot;:573,&quot;icon&quot;:null,&quot;parent&quot;:0}],&quot;stakeholder&quot;:[595],&quot;stakeholder_details&quot;:[{&quot;text&quot;:&quot;Stiftung Humboldt Forum im Berliner Schloss&quot;,&quot;id&quot;:595,&quot;icon&quot;:null,&quot;parent&quot;:0}],&quot;language&quot;:[580,579],&quot;language_details&quot;:[{&quot;text&quot;:&quot;English&quot;,&quot;id&quot;:580,&quot;icon&quot;:null,&quot;parent&quot;:0},{&quot;text&quot;:&quot;German&quot;,&quot;id&quot;:579,&quot;icon&quot;:null,&quot;parent&quot;:0}],&quot;place&quot;:[1045],&quot;place_details&quot;:{&quot;place&quot;:&quot;Humboldt Forum&quot;,&quot;map&quot;:&quot;Humboldt Forum, Schlossplatz, Berlin&quot;,&quot;room&quot;:&quot;Foyer&quot;},&quot;icon_overwrite&quot;:&quot;&quot;,&quot;acf&quot;:{&quot;additional_info&quot;:{&quot;icon&quot;:&quot;icon-serientermin&quot;,&quot;text&quot;:&quot;twice a month in the foyer&quot;},&quot;highlight_header&quot;:false,&quot;featured_images&quot;:[61612],&quot;use_video_in_teasers&quot;:false,&quot;hyphenation&quot;:true,&quot;manual_period&quot;:false,&quot;tipp&quot;:false,&quot;joker&quot;:false,&quot;live&quot;:false,&quot;hide_event_in_program&quot;:false,&quot;tickettext&quot;:&quot;free of charge&quot;,&quot;events&quot;:[58372,63607,67287,123694,127532,127866,129907,135450,142058,144101,144617,151424,154011,154184,155998,156357,158056,161191,164126,168562],&quot;noindex&quot;:false,&quot;keywords&quot;:&quot;&quot;,&quot;shorturl&quot;:&quot;&quot;,&quot;belongsto&quot;:false,&quot;overwrite_date&quot;:&quot;Event series&quot;,&quot;announcement&quot;:&quot;Event series&quot;},&quot;date&quot;:{&quot;NLAST&quot;:&quot;202609251630&quot;,&quot;NX&quot;:&quot;20260925&quot;,&quot;NXX&quot;:&quot;202609251630&quot;,&quot;from_DATE&quot;:&quot;20221104 18:00&quot;,&quot;from&quot;:1667577600,&quot;to&quot;:1790343000,&quot;to_DATE&quot;:&quot;20260925 16:30&quot;,&quot;from_HRFSHORT&quot;:&quot; 4 Nov 2022&quot;,&quot;from_HRFSHORT_WD&quot;:&quot;Fri,  4 Nov 2022&quot;,&quot;to_HRFSHORT&quot;:&quot;25 Sep 2026&quot;,&quot;to_HRFSHORT_WD&quot;:&quot;Fri, 25 Sep 2026&quot;,&quot;from_HRF&quot;:&quot;Fri,  4 November 2022&quot;,&quot;to_HRF&quot;:&quot;Fri, 25 September 2026&quot;,&quot;from_to_HRF&quot;:&quot;Fri,  4 November 2022 \\u2013 Fri, 25 September 2026&quot;,&quot;from_to_HRFSHORT&quot;:&quot; 4 Nov 2022 \\u2013 25 Sep 2026&quot;},&quot;alert&quot;:null,&quot;partof&quot;:[],&quot;marketing_topic&quot;:&quot;&quot;}' inline-template>\n\t<a href=\"https:\/\/www.humboldtforum.org\/en\/programm\/event-reihe\/other-en\/spaeti-67476\/\" class=\"teaser teaser-event-sequence teaser-event-standard\">\n\t\t<div class=\"row\">\n\t\t\t<div class=\"col-xs-12 teaser-event-image\">\n\t\t\t\t<div class=\"teaser-image teaser-image-no-alternate\">\n\t\t\t\t\t\t\t\t\t\t\t\n\t<lazy-media-inline inline-template>\n\t\t<figure itemscope itemtype=\"http:\/\/schema.org\/ImageObject\" class=\"lazy-media-inline \" role=\"group\" id=\"media_6a9c8973e8064\" aria-labelledby=\"desc_media_6a9c8973e8064\">\n\t\t\t<script type=\"application\/json\" ref=\"data\">\n\t\t\t\t{\n\t\t\t\t\"sizes\" : {\"medium\":{\"file\":\"HF_Spati_Schildmontage_221110-215x300.jpg\",\"width\":215,\"height\":300,\"mime-type\":\"image\\\/jpeg\",\"filesize\":22291},\"large\":{\"file\":\"HF_Spati_Schildmontage_221110-733x1024.jpg\",\"width\":733,\"height\":1024,\"mime-type\":\"image\\\/jpeg\",\"filesize\":196369},\"thumbnail\":{\"file\":\"HF_Spati_Schildmontage_221110-150x150.jpg\",\"width\":150,\"height\":150,\"mime-type\":\"image\\\/jpeg\",\"filesize\":8602},\"medium_large\":{\"file\":\"HF_Spati_Schildmontage_221110-768x1073.jpg\",\"width\":768,\"height\":1073,\"mime-type\":\"image\\\/jpeg\",\"filesize\":214032},\"small\":{\"file\":\"HF_Spati_Schildmontage_221110-315x440.jpg\",\"width\":315,\"height\":440,\"mime-type\":\"image\\\/jpeg\",\"filesize\":44323},\"semi\":{\"file\":\"HF_Spati_Schildmontage_221110-415x580.jpg\",\"width\":415,\"height\":580,\"mime-type\":\"image\\\/jpeg\",\"filesize\":72063},\"mobile\":{\"file\":\"HF_Spati_Schildmontage_221110-516x720.jpg\",\"width\":516,\"height\":720,\"mime-type\":\"image\\\/jpeg\",\"filesize\":105210},\"hd\":{\"file\":\"HF_Spati_Schildmontage_221110-917x1280.jpg\",\"width\":917,\"height\":1280,\"mime-type\":\"image\\\/jpeg\",\"filesize\":289751},\"1536x1536\":{\"file\":\"HF_Spati_Schildmontage_221110-1100x1536.jpg\",\"width\":1100,\"height\":1536,\"mime-type\":\"image\\\/jpeg\",\"filesize\":394011},\"original\":{\"file\":\"HF_Spati_Schildmontage_221110.jpg\",\"width\":1324,\"height\":1849}},\n\t\t\t\t\"alt\" : \"Entrance of a historic building with a sign reading \\\"Sp\\u00e4tkauf\\\" and pedestrians in the foreground.\",\n\t\t\t\t\"path\" : \"\\\/wp-content\\\/uploads\\\/2022\\\/11\\\/\",\n\t\t\t\t\"video\" : null,\n\t\t\t\t\"autoplay\" : null,\n\t\t\t\t\"youtube\" : null,\n\t\t\t\t\"youtubelabel\" : \"Play video\",\n\t\t\t\t\"brightness\" : 100,\n\t\t\t\t\"crop\" : {\"top\":\"75.53\",\"left\":\"50.51\"},\n\t\t\t\t\"background\" : true,\n\t\t\t\t\"scale\" : 2\t\t\t\t}\n\t\t\t<\/script>\n\n\t\t\t<div class=\"height-container\" style=\"padding-bottom:139.65256797583%;\" v-if=\"sizes\">\n\t\t\t\t\t\t\t\t<lazy-media :inline=\"true\" :alt=\"alt\" :sizes=\"sizes\" :scale=\"scale\" :brightness=\"brightness\" :path=\"path\" :video=\"video\" :autoplay=\"autoplay\" :youtube=\"youtube\" :crop=\"crop\" :youtubelabel=\"youtubelabel\" :background=\"background\" media-id=\"desc_media_6a9c8973e8064\"><\/lazy-media>\n\t\t\t\t\t\t\t<\/div>\n\n\t\t\t\t\t\t\t<figcaption class=\"sr-only\" ref=\"body\" id=\"desc_media_6a9c8973e8064\">\n\t\t\t\t\t\t\t\t\t\t\t\t\t\t\t\t\t\t\t\t\t<div class=\"insignificant\">\u00a9 Stiftung Humboldt Forum im Berliner Schloss, Foto: Alexander Schippel<\/div>\n\t\t\t\t\t\t\t\t\t<\/figcaption>\n\t\t\t\t\t<\/figure>\n\t<\/lazy-media-inline>\n\t\t\t\t<\/div>\n\t\t\t<\/div>\n\t\t\t<div class=\"col-xs-12 teaser-event-text Infos\">\n\t\t\t\t<div class=\"teaser-event-standard-text\">\n\t\t\t\t\t<div class=\"margin-bottom-atom\">\n\t\t\t\t\t\t<div class=\"subline clamp-1\" v-html=\"maingenre\"><\/div>\n\t\t\t\t\t\t\t\t\t\t\t<\/div>\n\t\t\t\t\n\t\t\t\t\t<strong class=\"margin-bottom-atom\">SP\u00c4TI<\/strong>\n\n\t\t\t\t\t\t\t\t\t\t\t<div class=\"\"><\/div>\n\t\t\t\t\t\t\t\t\t<\/div>\n\t\t\t\t<div class=\"teaser-bottom border-bottom\">\n\t\t\t\t<calendardateline :rawitem='item' :show-icon=\"true\"><\/calendardateline>\n\t\t\t\t\t<hr>\n\t\t\t\t<\/div>\n\t\t\t<\/div>\n\t\t<\/div>\n\t<\/a>\n\t<\/calendarteaser>\n<\/li>\n\n<li class=\"teaser-lane-slide col-xs-9 col-sm-4 col-md-3 teaser-wrapper col-padding-remove\">\n\t<calendarteaser key=\"145209163\" rawitem='{&quot;postId&quot;:145209,&quot;title&quot;:&quot;Guestroom&quot;,&quot;excerpt&quot;:&quot;&quot;,&quot;slug&quot;:&quot;gaestezimmer&quot;,&quot;type&quot;:&quot;event-sequence&quot;,&quot;post_date&quot;:&quot;2025-04-04T10:35&quot;,&quot;permalink&quot;:&quot;https:\\\/\\\/www.humboldtforum.org\\\/en\\\/programm\\\/event-reihe\\\/talk\\\/gaestezimmer-145209\\\/&quot;,&quot;genre&quot;:[1079],&quot;genre_details&quot;:[{&quot;text&quot;:&quot;Talk&quot;,&quot;id&quot;:1079,&quot;icon&quot;:null,&quot;parent&quot;:0}],&quot;place&quot;:[1559],&quot;place_details&quot;:{&quot;place&quot;:&quot;Mechanical Arena in the Foyer&quot;,&quot;map&quot;:&quot;Humboldt Forum, Schlossplatz, Berlin&quot;,&quot;room&quot;:&quot;&quot;},&quot;icon_overwrite&quot;:&quot;&quot;,&quot;acf&quot;:{&quot;additional_info&quot;:{&quot;icon&quot;:&quot;icon-serientermin&quot;,&quot;text&quot;:&quot;several dates per year, on wednesdays from 5 to 6 pm&quot;},&quot;highlight_header&quot;:false,&quot;use_video_in_teasers&quot;:false,&quot;hyphenation&quot;:true,&quot;manual_period&quot;:false,&quot;tipp&quot;:false,&quot;joker&quot;:false,&quot;live&quot;:false,&quot;hide_event_in_program&quot;:false,&quot;announcement&quot;:&quot;Series of events&quot;,&quot;overwrite_date&quot;:&quot;Series of events&quot;,&quot;featured_images&quot;:[144360],&quot;subline&quot;:&quot;Insights into Research and Practice&quot;,&quot;events&quot;:[143435,140289,140274,139362,137692,133075,132732,128805,126759,103093,144407,148034,149926,151189,153370,157391,162367,163732,165666,165675,168574],&quot;noindex&quot;:false,&quot;keywords&quot;:&quot;&quot;,&quot;belongsto&quot;:false,&quot;shorturl&quot;:&quot;&quot;},&quot;date&quot;:{&quot;NLAST&quot;:&quot;202609161700&quot;,&quot;NX&quot;:&quot;20260916&quot;,&quot;NXX&quot;:&quot;202609161700&quot;,&quot;from_DATE&quot;:&quot;20231013 17:00&quot;,&quot;from&quot;:1697202000,&quot;to&quot;:1789563600,&quot;to_DATE&quot;:&quot;20260916 17:00&quot;,&quot;from_HRFSHORT&quot;:&quot;13 Oct 2023&quot;,&quot;from_HRFSHORT_WD&quot;:&quot;Fri, 13 Oct 2023&quot;,&quot;to_HRFSHORT&quot;:&quot;16 Sep 2026&quot;,&quot;to_HRFSHORT_WD&quot;:&quot;Wed, 16 Sep 2026&quot;,&quot;from_HRF&quot;:&quot;Fri, 13 October 2023&quot;,&quot;to_HRF&quot;:&quot;Wed, 16 September 2026&quot;,&quot;from_to_HRF&quot;:&quot;Fri, 13 October 2023 \\u2013 Wed, 16 September 2026&quot;,&quot;from_to_HRFSHORT&quot;:&quot;13 Oct 2023 \\u2013 16 Sep 2026&quot;},&quot;alert&quot;:null,&quot;partof&quot;:[],&quot;marketing_topic&quot;:&quot;&quot;}' inline-template>\n\t<a href=\"https:\/\/www.humboldtforum.org\/en\/programm\/event-reihe\/talk\/gaestezimmer-145209\/\" class=\"teaser teaser-event-sequence teaser-event-standard\">\n\t\t<div class=\"row\">\n\t\t\t<div class=\"col-xs-12 teaser-event-image\">\n\t\t\t\t<div class=\"teaser-image teaser-image-no-alternate\">\n\t\t\t\t\t\t\t\t\t\t\t\n\t<lazy-media-inline inline-template>\n\t\t<figure itemscope itemtype=\"http:\/\/schema.org\/ImageObject\" class=\"lazy-media-inline \" role=\"group\" id=\"media_6a9c8973e876c\" aria-labelledby=\"desc_media_6a9c8973e876c\">\n\t\t\t<script type=\"application\/json\" ref=\"data\">\n\t\t\t\t{\n\t\t\t\t\"sizes\" : {\"medium\":{\"file\":\"SHF_eb00245864-300x176.jpg\",\"width\":300,\"height\":176,\"mime-type\":\"image\\\/jpeg\",\"filesize\":11465},\"large\":{\"file\":\"SHF_eb00245864-1024x600.jpg\",\"width\":1024,\"height\":600,\"mime-type\":\"image\\\/jpeg\",\"filesize\":71031},\"thumbnail\":{\"file\":\"SHF_eb00245864-150x150.jpg\",\"width\":150,\"height\":150,\"mime-type\":\"image\\\/jpeg\",\"filesize\":5889},\"medium_large\":{\"file\":\"SHF_eb00245864-768x450.jpg\",\"width\":768,\"height\":450,\"mime-type\":\"image\\\/jpeg\",\"filesize\":47079},\"small\":{\"file\":\"SHF_eb00245864-440x258.jpg\",\"width\":440,\"height\":258,\"mime-type\":\"image\\\/jpeg\",\"filesize\":20837},\"semi\":{\"file\":\"SHF_eb00245864-580x340.jpg\",\"width\":580,\"height\":340,\"mime-type\":\"image\\\/jpeg\",\"filesize\":31645},\"mobile\":{\"file\":\"SHF_eb00245864-720x422.jpg\",\"width\":720,\"height\":422,\"mime-type\":\"image\\\/jpeg\",\"filesize\":42739},\"hd\":{\"file\":\"SHF_eb00245864-1280x749.jpg\",\"width\":1280,\"height\":749,\"mime-type\":\"image\\\/jpeg\",\"filesize\":97271},\"full\":{\"file\":\"SHF_eb00245864-1920x1124.jpg\",\"width\":1920,\"height\":1124,\"mime-type\":\"image\\\/jpeg\",\"filesize\":177488},\"1536x1536\":{\"file\":\"SHF_eb00245864-1536x899.jpg\",\"width\":1536,\"height\":899,\"mime-type\":\"image\\\/jpeg\",\"filesize\":127398},\"2048x2048\":{\"file\":\"SHF_eb00245864-2048x1199.jpg\",\"width\":2048,\"height\":1199,\"mime-type\":\"image\\\/jpeg\",\"filesize\":195024},\"original\":{\"file\":\"SHF_eb00245864.jpg\",\"width\":3040,\"height\":1780}},\n\t\t\t\t\"alt\" : \"Three women in conversation, one holding a microphone, in a modern event space with an audience in the background.\",\n\t\t\t\t\"path\" : \"\\\/wp-content\\\/uploads\\\/2025\\\/03\\\/\",\n\t\t\t\t\"video\" : null,\n\t\t\t\t\"autoplay\" : null,\n\t\t\t\t\"youtube\" : null,\n\t\t\t\t\"youtubelabel\" : \"Play video\",\n\t\t\t\t\"brightness\" : 100,\n\t\t\t\t\"crop\" : {\"top\":\"50.00\",\"left\":\"50.00\"},\n\t\t\t\t\"background\" : true,\n\t\t\t\t\"scale\" : 2\t\t\t\t}\n\t\t\t<\/script>\n\n\t\t\t<div class=\"height-container\" style=\"padding-bottom:58.552631578947%;\" v-if=\"sizes\">\n\t\t\t\t\t\t\t\t<lazy-media :inline=\"true\" :alt=\"alt\" :sizes=\"sizes\" :scale=\"scale\" :brightness=\"brightness\" :path=\"path\" :video=\"video\" :autoplay=\"autoplay\" :youtube=\"youtube\" :crop=\"crop\" :youtubelabel=\"youtubelabel\" :background=\"background\" media-id=\"desc_media_6a9c8973e876c\"><\/lazy-media>\n\t\t\t\t\t\t\t<\/div>\n\n\t\t\t\t\t\t\t<figcaption class=\"sr-only\" ref=\"body\" id=\"desc_media_6a9c8973e876c\">\n\t\t\t\t\t\t\t\t\t\t\t\t\t\t\t\t\t\t\t\t\t<div class=\"insignificant\">\u00a9 Stiftung Humboldt Forum im Berliner Schloss \/ Staatliche Museen zu Berlin, Ethnologisches Museum und Museum f\u00fcr Asiatische Kunst \/ Photo: Petra K\u00fcbert<\/div>\n\t\t\t\t\t\t\t\t\t<\/figcaption>\n\t\t\t\t\t<\/figure>\n\t<\/lazy-media-inline>\n\t\t\t\t<\/div>\n\t\t\t<\/div>\n\t\t\t<div class=\"col-xs-12 teaser-event-text Infos\">\n\t\t\t\t<div class=\"teaser-event-standard-text\">\n\t\t\t\t\t<div class=\"margin-bottom-atom\">\n\t\t\t\t\t\t<div class=\"subline clamp-1\" v-html=\"maingenre\"><\/div>\n\t\t\t\t\t\t\t\t\t\t\t<\/div>\n\t\t\t\t\n\t\t\t\t\t<strong class=\"margin-bottom-atom\">Guestroom<\/strong>\n\n\t\t\t\t\t\t\t\t\t\t\t<div class=\"\">Insights into Research and Practice<\/div>\n\t\t\t\t\t\t\t\t\t<\/div>\n\t\t\t\t<div class=\"teaser-bottom border-bottom\">\n\t\t\t\t<calendardateline :rawitem='item' :show-icon=\"true\"><\/calendardateline>\n\t\t\t\t\t<hr>\n\t\t\t\t<\/div>\n\t\t\t<\/div>\n\t\t<\/div>\n\t<\/a>\n\t<\/calendarteaser>\n<\/li>\n\n<li class=\"teaser-lane-slide col-xs-9 col-sm-4 col-md-3 teaser-wrapper col-padding-remove\">\n\t<calendarteaser key=\"2010016110\" rawitem='{&quot;postId&quot;:20100,&quot;title&quot;:&quot;99 Questions&quot;,&quot;excerpt&quot;:&quot;&quot;,&quot;slug&quot;:&quot;99-questions&quot;,&quot;type&quot;:&quot;event-sequence&quot;,&quot;post_date&quot;:&quot;2020-10-23T16:09&quot;,&quot;permalink&quot;:&quot;https:\\\/\\\/www.humboldtforum.org\\\/en\\\/programm\\\/event-reihe\\\/discourse\\\/99-questions-20100\\\/&quot;,&quot;genre&quot;:[566,567],&quot;genre_details&quot;:[{&quot;text&quot;:&quot;Discourse&quot;,&quot;id&quot;:566,&quot;icon&quot;:null,&quot;parent&quot;:0},{&quot;text&quot;:&quot;Science and Humanities&quot;,&quot;id&quot;:567,&quot;icon&quot;:null,&quot;parent&quot;:0}],&quot;topic&quot;:[783],&quot;topic_details&quot;:[{&quot;text&quot;:&quot;Colonialism and Coloniality&quot;,&quot;id&quot;:783,&quot;icon&quot;:null,&quot;parent&quot;:0}],&quot;stakeholder&quot;:[595],&quot;stakeholder_details&quot;:[{&quot;text&quot;:&quot;Stiftung Humboldt Forum im Berliner Schloss&quot;,&quot;id&quot;:595,&quot;icon&quot;:null,&quot;parent&quot;:0}],&quot;icon_overwrite&quot;:&quot;&quot;,&quot;acf&quot;:{&quot;shorturl&quot;:&quot;99questions&quot;,&quot;highlight_header&quot;:false,&quot;featured_images&quot;:[17912],&quot;tipp&quot;:false,&quot;joker&quot;:false,&quot;live&quot;:false,&quot;hyphenation&quot;:true,&quot;yt&quot;:&quot;&quot;,&quot;belongsto&quot;:false,&quot;noindex&quot;:false,&quot;keywords&quot;:&quot;&quot;,&quot;additional_info&quot;:{&quot;icon&quot;:&quot;0&quot;,&quot;text&quot;:&quot;&quot;},&quot;use_video_in_teasers&quot;:false,&quot;manual_period&quot;:false,&quot;hide_event_in_program&quot;:false,&quot;has_mobile_format&quot;:false,&quot;announcement&quot;:&quot;A research led platform&quot;,&quot;overwrite_date&quot;:&quot;A research led platform&quot;,&quot;events&quot;:[127853]},&quot;date&quot;:{&quot;NLAST&quot;:&quot;202404251900&quot;,&quot;NX&quot;:null,&quot;NXX&quot;:null,&quot;from_DATE&quot;:&quot;20240425 19:00&quot;,&quot;from&quot;:1714057200,&quot;to&quot;:1714057200,&quot;to_DATE&quot;:&quot;20240425 19:00&quot;,&quot;from_HRFSHORT&quot;:&quot;25 Apr 2024&quot;,&quot;from_HRFSHORT_WD&quot;:&quot;Thu, 25 Apr 2024&quot;,&quot;to_HRFSHORT&quot;:&quot;25 Apr 2024&quot;,&quot;to_HRFSHORT_WD&quot;:&quot;Thu, 25 Apr 2024&quot;,&quot;from_HRF&quot;:&quot;Thu, 25 April 2024&quot;,&quot;to_HRF&quot;:&quot;Thu, 25 April 2024&quot;,&quot;from_to_HRF&quot;:&quot;Thu, 25 April \\u2013 Thu, 25 April 2024&quot;,&quot;from_to_HRFSHORT&quot;:&quot;25 Apr \\u2013 25 Apr 2024&quot;},&quot;alert&quot;:null,&quot;partof&quot;:[],&quot;marketing_topic&quot;:&quot;&quot;}' inline-template>\n\t<a href=\"https:\/\/www.humboldtforum.org\/en\/programm\/event-reihe\/discourse\/99-questions-20100\/\" class=\"teaser teaser-event-sequence teaser-event-standard\">\n\t\t<div class=\"row\">\n\t\t\t<div class=\"col-xs-12 teaser-event-image\">\n\t\t\t\t<div class=\"teaser-image teaser-image-no-alternate\">\n\t\t\t\t\t\t\t\t\t\t\t\n\t<lazy-media-inline inline-template>\n\t\t<figure itemscope itemtype=\"http:\/\/schema.org\/ImageObject\" class=\"lazy-media-inline \" role=\"group\" id=\"media_6a9c8973e8e5c\" aria-labelledby=\"desc_media_6a9c8973e8e5c\">\n\t\t\t<script type=\"application\/json\" ref=\"data\">\n\t\t\t\t{\n\t\t\t\t\"sizes\" : {\"medium\":{\"file\":\"201130_LOS_55_Webteaser_Studio3_99Fragen2-300x180.jpg\",\"width\":300,\"height\":180,\"mime-type\":\"image\\\/jpeg\"},\"large\":{\"file\":\"201130_LOS_55_Webteaser_Studio3_99Fragen2-1024x613.jpg\",\"width\":1024,\"height\":613,\"mime-type\":\"image\\\/jpeg\"},\"thumbnail\":{\"file\":\"201130_LOS_55_Webteaser_Studio3_99Fragen2-150x150.jpg\",\"width\":150,\"height\":150,\"mime-type\":\"image\\\/jpeg\"},\"medium_large\":{\"file\":\"201130_LOS_55_Webteaser_Studio3_99Fragen2-768x460.jpg\",\"width\":768,\"height\":460,\"mime-type\":\"image\\\/jpeg\"},\"small\":{\"file\":\"201130_LOS_55_Webteaser_Studio3_99Fragen2-440x264.jpg\",\"width\":440,\"height\":264,\"mime-type\":\"image\\\/jpeg\"},\"semi\":{\"file\":\"201130_LOS_55_Webteaser_Studio3_99Fragen2-580x347.jpg\",\"width\":580,\"height\":347,\"mime-type\":\"image\\\/jpeg\"},\"mobile\":{\"file\":\"201130_LOS_55_Webteaser_Studio3_99Fragen2-720x431.jpg\",\"width\":720,\"height\":431,\"mime-type\":\"image\\\/jpeg\"},\"hd\":{\"file\":\"201130_LOS_55_Webteaser_Studio3_99Fragen2-1280x767.jpg\",\"width\":1280,\"height\":767,\"mime-type\":\"image\\\/jpeg\"},\"full\":{\"file\":\"201130_LOS_55_Webteaser_Studio3_99Fragen2-1920x1150.jpg\",\"width\":1920,\"height\":1150,\"mime-type\":\"image\\\/jpeg\"},\"1536x1536\":{\"file\":\"201130_LOS_55_Webteaser_Studio3_99Fragen2-1536x920.jpg\",\"width\":1536,\"height\":920,\"mime-type\":\"image\\\/jpeg\"},\"original\":{\"file\":\"201130_LOS_55_Webteaser_Studio3_99Fragen2.jpg\",\"width\":2000,\"height\":1198}},\n\t\t\t\t\"alt\" : \"An exhibition space with an inclined square, in which the number \\u201c99\\u201d and two other photos are located in the center\",\n\t\t\t\t\"path\" : \"\\\/wp-content\\\/uploads\\\/2020\\\/10\\\/\",\n\t\t\t\t\"video\" : null,\n\t\t\t\t\"autoplay\" : null,\n\t\t\t\t\"youtube\" : null,\n\t\t\t\t\"youtubelabel\" : \"Play video\",\n\t\t\t\t\"brightness\" : 100,\n\t\t\t\t\"crop\" : {\"top\":\"50.00\",\"left\":\"50.00\"},\n\t\t\t\t\"background\" : true,\n\t\t\t\t\"scale\" : 2\t\t\t\t}\n\t\t\t<\/script>\n\n\t\t\t<div class=\"height-container\" style=\"padding-bottom:59.9%;\" v-if=\"sizes\">\n\t\t\t\t\t\t\t\t<lazy-media :inline=\"true\" :alt=\"alt\" :sizes=\"sizes\" :scale=\"scale\" :brightness=\"brightness\" :path=\"path\" :video=\"video\" :autoplay=\"autoplay\" :youtube=\"youtube\" :crop=\"crop\" :youtubelabel=\"youtubelabel\" :background=\"background\" media-id=\"desc_media_6a9c8973e8e5c\"><\/lazy-media>\n\t\t\t\t\t\t\t<\/div>\n\n\t\t\t\t\t\t\t<figcaption class=\"sr-only\" ref=\"body\" id=\"desc_media_6a9c8973e8e5c\">\n\t\t\t\t\t\t\t\t\t\t\t\t\t\t\t\t\t\t\t\t\t<div class=\"insignificant\">\u00a9 Stiftung Humboldt Forum im Berliner Schloss \/ Collage: Museum f\u00fcr Asiatische Kunst, Ethnologisches Museum \/ Staatliche Museen zu Berlin<\/div>\n\t\t\t\t\t\t\t\t\t<\/figcaption>\n\t\t\t\t\t<\/figure>\n\t<\/lazy-media-inline>\n\t\t\t\t<\/div>\n\t\t\t<\/div>\n\t\t\t<div class=\"col-xs-12 teaser-event-text Infos\">\n\t\t\t\t<div class=\"teaser-event-standard-text\">\n\t\t\t\t\t<div class=\"margin-bottom-atom\">\n\t\t\t\t\t\t<div class=\"subline clamp-1\" v-html=\"maingenre\"><\/div>\n\t\t\t\t\t\t\t\t\t\t\t<\/div>\n\t\t\t\t\n\t\t\t\t\t<strong class=\"margin-bottom-atom\">99 Questions<\/strong>\n\n\t\t\t\t\t\t\t\t\t\t\t<div class=\"\"><\/div>\n\t\t\t\t\t\t\t\t\t<\/div>\n\t\t\t\t<div class=\"teaser-bottom border-bottom\">\n\t\t\t\t<calendardateline :rawitem='item' :show-icon=\"true\"><\/calendardateline>\n\t\t\t\t\t<hr>\n\t\t\t\t<\/div>\n\t\t\t<\/div>\n\t\t<\/div>\n\t<\/a>\n\t<\/calendarteaser>\n<\/li>\n\n<li class=\"teaser-lane-slide col-xs-9 col-sm-4 col-md-3 teaser-wrapper col-padding-remove\">\n\t<calendarteaser key=\"2045511658\" rawitem='{&quot;postId&quot;:20455,&quot;title&quot;:&quot;WeSearch&quot;,&quot;excerpt&quot;:&quot;&quot;,&quot;slug&quot;:&quot;wesearch&quot;,&quot;type&quot;:&quot;event-sequence&quot;,&quot;post_date&quot;:&quot;2020-11-19T16:44&quot;,&quot;permalink&quot;:&quot;https:\\\/\\\/www.humboldtforum.org\\\/en\\\/programm\\\/event-reihe\\\/science-and-humanities\\\/wesearch-20455\\\/&quot;,&quot;genre&quot;:[567],&quot;genre_details&quot;:[{&quot;text&quot;:&quot;Science and Humanities&quot;,&quot;id&quot;:567,&quot;icon&quot;:null,&quot;parent&quot;:0}],&quot;stakeholder&quot;:[592,595],&quot;stakeholder_details&quot;:[{&quot;text&quot;:&quot;Humboldt-Universit\\u00e4t zu Berlin&quot;,&quot;id&quot;:592,&quot;icon&quot;:null,&quot;parent&quot;:0},{&quot;text&quot;:&quot;Stiftung Humboldt Forum im Berliner Schloss&quot;,&quot;id&quot;:595,&quot;icon&quot;:null,&quot;parent&quot;:0}],&quot;targetgroup&quot;:[585],&quot;targetgroup_details&quot;:[{&quot;text&quot;:&quot;Adults&quot;,&quot;id&quot;:585,&quot;icon&quot;:null,&quot;parent&quot;:0}],&quot;icon_overwrite&quot;:&quot;&quot;,&quot;acf&quot;:{&quot;shorturl&quot;:&quot;wesearch&quot;,&quot;subline&quot;:&quot;WorldLanguages - LanguageWorlds&quot;,&quot;marketing_text&quot;:&quot;Series of talks &quot;,&quot;shorttext&quot;:&quot;This series of presentations aims to be a continuation of the Kosmos Lectures given by Alexander von Humboldt in the 1820s, where he considered the world from a global scientific perspective.&quot;,&quot;highlight_header&quot;:false,&quot;featured_images&quot;:[138703],&quot;events&quot;:[31607,20472,21751,23356,136810,137421,138521,139446,139525,140595],&quot;tipp&quot;:false,&quot;joker&quot;:false,&quot;live&quot;:false,&quot;announcement&quot;:&quot;Series of talks &quot;,&quot;hyphenation&quot;:false,&quot;overwrite_date&quot;:&quot;Series of talks &quot;,&quot;yt&quot;:&quot;&quot;,&quot;belongsto&quot;:false,&quot;noindex&quot;:false,&quot;keywords&quot;:&quot;&quot;,&quot;additional_info&quot;:{&quot;icon&quot;:&quot;0&quot;,&quot;text&quot;:&quot;&quot;},&quot;use_video_in_teasers&quot;:false,&quot;manual_period&quot;:false,&quot;hide_event_in_program&quot;:false},&quot;date&quot;:{&quot;NLAST&quot;:&quot;202505221900&quot;,&quot;NX&quot;:null,&quot;NXX&quot;:null,&quot;from_DATE&quot;:&quot;20210429 19:00&quot;,&quot;from&quot;:1619708400,&quot;to&quot;:1747926000,&quot;to_DATE&quot;:&quot;20250522 19:00&quot;,&quot;from_HRFSHORT&quot;:&quot;29 Apr 2021&quot;,&quot;from_HRFSHORT_WD&quot;:&quot;Thu, 29 Apr 2021&quot;,&quot;to_HRFSHORT&quot;:&quot;22 May 2025&quot;,&quot;to_HRFSHORT_WD&quot;:&quot;Thu, 22 May 2025&quot;,&quot;from_HRF&quot;:&quot;Thu, 29 April 2021&quot;,&quot;to_HRF&quot;:&quot;Thu, 22 May 2025&quot;,&quot;from_to_HRF&quot;:&quot;Thu, 29 April 2021 \\u2013 Thu, 22 May 2025&quot;,&quot;from_to_HRFSHORT&quot;:&quot;29 Apr 2021 \\u2013 22 May 2025&quot;},&quot;alert&quot;:null,&quot;partof&quot;:[],&quot;marketing_topic&quot;:&quot;&quot;}' inline-template>\n\t<a href=\"https:\/\/www.humboldtforum.org\/en\/programm\/event-reihe\/science-and-humanities\/wesearch-20455\/\" class=\"teaser teaser-event-sequence teaser-event-standard\">\n\t\t<div class=\"row\">\n\t\t\t<div class=\"col-xs-12 teaser-event-image\">\n\t\t\t\t<div class=\"teaser-image teaser-image-no-alternate\">\n\t\t\t\t\t\t\t\t\t\t\t\n\t<lazy-media-inline inline-template>\n\t\t<figure itemscope itemtype=\"http:\/\/schema.org\/ImageObject\" class=\"lazy-media-inline \" role=\"group\" id=\"media_6a9c8973e9531\" aria-labelledby=\"desc_media_6a9c8973e9531\">\n\t\t\t<script type=\"application\/json\" ref=\"data\">\n\t\t\t\t{\n\t\t\t\t\"sizes\" : {\"medium\":{\"file\":\"SHF_eb00228789-1-300x176.jpg\",\"width\":300,\"height\":176,\"mime-type\":\"image\\\/jpeg\",\"filesize\":12280},\"large\":{\"file\":\"SHF_eb00228789-1-1024x600.jpg\",\"width\":1024,\"height\":600,\"mime-type\":\"image\\\/jpeg\",\"filesize\":116717},\"thumbnail\":{\"file\":\"SHF_eb00228789-1-150x150.jpg\",\"width\":150,\"height\":150,\"mime-type\":\"image\\\/jpeg\",\"filesize\":6471},\"medium_large\":{\"file\":\"SHF_eb00228789-1-768x450.jpg\",\"width\":768,\"height\":450,\"mime-type\":\"image\\\/jpeg\",\"filesize\":69351},\"small\":{\"file\":\"SHF_eb00228789-1-440x258.jpg\",\"width\":440,\"height\":258,\"mime-type\":\"image\\\/jpeg\",\"filesize\":25059},\"semi\":{\"file\":\"SHF_eb00228789-1-580x340.jpg\",\"width\":580,\"height\":340,\"mime-type\":\"image\\\/jpeg\",\"filesize\":41215},\"mobile\":{\"file\":\"SHF_eb00228789-1-720x422.jpg\",\"width\":720,\"height\":422,\"mime-type\":\"image\\\/jpeg\",\"filesize\":61331},\"hd\":{\"file\":\"SHF_eb00228789-1-1280x749.jpg\",\"width\":1280,\"height\":749,\"mime-type\":\"image\\\/jpeg\",\"filesize\":175720},\"full\":{\"file\":\"SHF_eb00228789-1-1920x1124.jpg\",\"width\":1920,\"height\":1124,\"mime-type\":\"image\\\/jpeg\",\"filesize\":358673},\"1536x1536\":{\"file\":\"SHF_eb00228789-1-1536x899.jpg\",\"width\":1536,\"height\":899,\"mime-type\":\"image\\\/jpeg\",\"filesize\":244315},\"2048x2048\":{\"file\":\"SHF_eb00228789-1-2048x1199.jpg\",\"width\":2048,\"height\":1199,\"mime-type\":\"image\\\/jpeg\",\"filesize\":397666},\"original\":{\"file\":\"SHF_eb00228789-1.jpg\",\"width\":3040,\"height\":1780}},\n\t\t\t\t\"alt\" : \"Two people are sitting outdoors in front of a tent, having a relaxed conversation on a blanket.\",\n\t\t\t\t\"path\" : \"\\\/wp-content\\\/uploads\\\/2020\\\/11\\\/\",\n\t\t\t\t\"video\" : null,\n\t\t\t\t\"autoplay\" : null,\n\t\t\t\t\"youtube\" : null,\n\t\t\t\t\"youtubelabel\" : \"Play video\",\n\t\t\t\t\"brightness\" : 100,\n\t\t\t\t\"crop\" : null,\n\t\t\t\t\"background\" : true,\n\t\t\t\t\"scale\" : 2\t\t\t\t}\n\t\t\t<\/script>\n\n\t\t\t<div class=\"height-container\" style=\"padding-bottom:58.552631578947%;\" v-if=\"sizes\">\n\t\t\t\t\t\t\t\t<lazy-media :inline=\"true\" :alt=\"alt\" :sizes=\"sizes\" :scale=\"scale\" :brightness=\"brightness\" :path=\"path\" :video=\"video\" :autoplay=\"autoplay\" :youtube=\"youtube\" :crop=\"crop\" :youtubelabel=\"youtubelabel\" :background=\"background\" media-id=\"desc_media_6a9c8973e9531\"><\/lazy-media>\n\t\t\t\t\t\t\t<\/div>\n\n\t\t\t\t\t\t\t<figcaption class=\"sr-only\" ref=\"body\" id=\"desc_media_6a9c8973e9531\">\n\t\t\t\t\t\t\t\t\t\t\t\t\t\t\t\t\t\t\t\t\t<div class=\"insignificant\">\u00a9 Stiftung Humboldt Forum im Berliner Schloss, Foto: ELAR \/ Tsendee Yunger<\/div>\n\t\t\t\t\t\t\t\t\t<\/figcaption>\n\t\t\t\t\t<\/figure>\n\t<\/lazy-media-inline>\n\t\t\t\t<\/div>\n\t\t\t<\/div>\n\t\t\t<div class=\"col-xs-12 teaser-event-text Infos\">\n\t\t\t\t<div class=\"teaser-event-standard-text\">\n\t\t\t\t\t<div class=\"margin-bottom-atom\">\n\t\t\t\t\t\t<div class=\"subline clamp-1\" v-html=\"maingenre\"><\/div>\n\t\t\t\t\t\t\t\t\t\t\t<\/div>\n\t\t\t\t\n\t\t\t\t\t<strong class=\"margin-bottom-atom\">WeSearch<\/strong>\n\n\t\t\t\t\t\t\t\t\t\t\t<div class=\"\">Series of talks <\/div>\n\t\t\t\t\t\t\t\t\t<\/div>\n\t\t\t\t<div class=\"teaser-bottom border-bottom\">\n\t\t\t\t<calendardateline :rawitem='item' :show-icon=\"true\"><\/calendardateline>\n\t\t\t\t\t<hr>\n\t\t\t\t<\/div>\n\t\t\t<\/div>\n\t\t<\/div>\n\t<\/a>\n\t<\/calendarteaser>\n<\/li>\n\n<li class=\"teaser-lane-slide col-xs-9 col-sm-4 col-md-3 teaser-wrapper col-padding-remove\">\n\t<calendarteaser key=\"11973712838\" rawitem='{&quot;postId&quot;:119737,&quot;title&quot;:&quot;In Our Own Images&quot;,&quot;excerpt&quot;:&quot;&quot;,&quot;slug&quot;:&quot;in-our-own-images&quot;,&quot;type&quot;:&quot;event-sequence&quot;,&quot;post_date&quot;:&quot;2024-01-15T10:28&quot;,&quot;permalink&quot;:&quot;https:\\\/\\\/www.humboldtforum.org\\\/en\\\/programm\\\/event-reihe\\\/film-video-en\\\/in-our-own-images-119737\\\/&quot;,&quot;genre&quot;:[803,563],&quot;genre_details&quot;:[{&quot;text&quot;:&quot;Film\\\/Video&quot;,&quot;id&quot;:803,&quot;icon&quot;:null,&quot;parent&quot;:0},{&quot;text&quot;:&quot;Other&quot;,&quot;id&quot;:563,&quot;icon&quot;:null,&quot;parent&quot;:0}],&quot;stakeholder&quot;:[594,595],&quot;stakeholder_details&quot;:[{&quot;text&quot;:&quot;Staatliche Museen zu Berlin&quot;,&quot;id&quot;:594,&quot;icon&quot;:null,&quot;parent&quot;:0},{&quot;text&quot;:&quot;Stiftung Humboldt Forum im Berliner Schloss&quot;,&quot;id&quot;:595,&quot;icon&quot;:null,&quot;parent&quot;:0}],&quot;targetgroup&quot;:[585,714,715],&quot;targetgroup_details&quot;:[{&quot;text&quot;:&quot;Adults&quot;,&quot;id&quot;:585,&quot;icon&quot;:null,&quot;parent&quot;:0},{&quot;text&quot;:&quot;Children and families&quot;,&quot;id&quot;:714,&quot;icon&quot;:null,&quot;parent&quot;:0},{&quot;text&quot;:&quot;Teenager&quot;,&quot;id&quot;:715,&quot;icon&quot;:null,&quot;parent&quot;:0}],&quot;place&quot;:[604],&quot;place_details&quot;:{&quot;place&quot;:&quot;Humboldt Forum&quot;,&quot;map&quot;:&quot;Humboldt Forum, Schlossplatz, Berlin&quot;,&quot;room&quot;:&quot;Ground Floor, Hall 3&quot;},&quot;icon_overwrite&quot;:&quot;&quot;,&quot;acf&quot;:{&quot;noindex&quot;:false,&quot;keywords&quot;:&quot;&quot;,&quot;belongsto&quot;:false,&quot;shorturl&quot;:&quot;&quot;,&quot;subline&quot;:&quot;Short films by children from Cameroon, Venezuela, Papua New Guinea and Peru&quot;,&quot;tickettext&quot;:&quot;4 EUR \\\/ reduced 2 EUR&quot;,&quot;additional_info&quot;:{&quot;icon&quot;:&quot;icon-alterfreigabe&quot;,&quot;text&quot;:&quot;ages 5 to 99+&quot;},&quot;highlight_header&quot;:false,&quot;featured_images&quot;:[146096],&quot;use_video_in_teasers&quot;:false,&quot;hyphenation&quot;:true,&quot;manual_period&quot;:false,&quot;events&quot;:[119768,119756,126174,126133],&quot;tipp&quot;:false,&quot;joker&quot;:false,&quot;live&quot;:false,&quot;announcement&quot;:&quot;Event series&quot;,&quot;overwrite_date&quot;:&quot;Event series&quot;,&quot;hide_event_in_program&quot;:false},&quot;date&quot;:{&quot;NLAST&quot;:&quot;202610111500&quot;,&quot;NX&quot;:&quot;20260913&quot;,&quot;NXX&quot;:&quot;202609131300&quot;,&quot;from_DATE&quot;:&quot;20260509 13:00&quot;,&quot;from&quot;:1778317200,&quot;to&quot;:1791716400,&quot;to_DATE&quot;:&quot;20261011 15:00&quot;,&quot;from_HRFSHORT&quot;:&quot; 9 May 2026&quot;,&quot;from_HRFSHORT_WD&quot;:&quot;Sat,  9 May 2026&quot;,&quot;to_HRFSHORT&quot;:&quot;11 Oct 2026&quot;,&quot;to_HRFSHORT_WD&quot;:&quot;Sun, 11 Oct 2026&quot;,&quot;from_HRF&quot;:&quot;Sat,  9 May 2026&quot;,&quot;to_HRF&quot;:&quot;Sun, 11 October 2026&quot;,&quot;from_to_HRF&quot;:&quot;Sat,  9 May \\u2013 Sun, 11 October 2026&quot;,&quot;from_to_HRFSHORT&quot;:&quot; 9 May \\u2013 11 Oct 2026&quot;},&quot;alert&quot;:null,&quot;partof&quot;:[],&quot;marketing_topic&quot;:&quot;&quot;}' inline-template>\n\t<a href=\"https:\/\/www.humboldtforum.org\/en\/programm\/event-reihe\/film-video-en\/in-our-own-images-119737\/\" class=\"teaser teaser-event-sequence teaser-event-standard\">\n\t\t<div class=\"row\">\n\t\t\t<div class=\"col-xs-12 teaser-event-image\">\n\t\t\t\t<div class=\"teaser-image teaser-image-no-alternate\">\n\t\t\t\t\t\t\t\t\t\t\t\n\t<lazy-media-inline inline-template>\n\t\t<figure itemscope itemtype=\"http:\/\/schema.org\/ImageObject\" class=\"lazy-media-inline \" role=\"group\" id=\"media_6a9c8973e9be8\" aria-labelledby=\"desc_media_6a9c8973e9be8\">\n\t\t\t<script type=\"application\/json\" ref=\"data\">\n\t\t\t\t{\n\t\t\t\t\"sizes\" : {\"medium\":{\"file\":\"SHF_eb00237407-300x180.jpg\",\"width\":300,\"height\":180,\"mime-type\":\"image\\\/jpeg\",\"filesize\":14475},\"large\":{\"file\":\"SHF_eb00237407-1024x613.jpg\",\"width\":1024,\"height\":613,\"mime-type\":\"image\\\/jpeg\",\"filesize\":94087},\"thumbnail\":{\"file\":\"SHF_eb00237407-150x150.jpg\",\"width\":150,\"height\":150,\"mime-type\":\"image\\\/jpeg\",\"filesize\":7046},\"medium_large\":{\"file\":\"SHF_eb00237407-768x460.jpg\",\"width\":768,\"height\":460,\"mime-type\":\"image\\\/jpeg\",\"filesize\":61599},\"small\":{\"file\":\"SHF_eb00237407-440x264.jpg\",\"width\":440,\"height\":264,\"mime-type\":\"image\\\/jpeg\",\"filesize\":26059},\"semi\":{\"file\":\"SHF_eb00237407-580x347.jpg\",\"width\":580,\"height\":347,\"mime-type\":\"image\\\/jpeg\",\"filesize\":40519},\"mobile\":{\"file\":\"SHF_eb00237407-720x431.jpg\",\"width\":720,\"height\":431,\"mime-type\":\"image\\\/jpeg\",\"filesize\":55408},\"hd\":{\"file\":\"SHF_eb00237407-1280x767.jpg\",\"width\":1280,\"height\":767,\"mime-type\":\"image\\\/jpeg\",\"filesize\":130364},\"full\":{\"file\":\"SHF_eb00237407-1920x1150.jpg\",\"width\":1920,\"height\":1150,\"mime-type\":\"image\\\/jpeg\",\"filesize\":237153},\"1536x1536\":{\"file\":\"SHF_eb00237407-1536x920.jpg\",\"width\":1536,\"height\":920,\"mime-type\":\"image\\\/jpeg\",\"filesize\":167305},\"2048x2048\":{\"file\":\"SHF_eb00237407-2048x1227.jpg\",\"width\":2048,\"height\":1227,\"mime-type\":\"image\\\/jpeg\",\"filesize\":256850},\"original\":{\"file\":\"SHF_eb00237407.jpg\",\"width\":3840,\"height\":2300}},\n\t\t\t\t\"alt\" : \"Two children stand in front of a camera, one holding it and looking intently through the viewfinder.\",\n\t\t\t\t\"path\" : \"\\\/wp-content\\\/uploads\\\/2024\\\/01\\\/\",\n\t\t\t\t\"video\" : null,\n\t\t\t\t\"autoplay\" : null,\n\t\t\t\t\"youtube\" : null,\n\t\t\t\t\"youtubelabel\" : \"Play video\",\n\t\t\t\t\"brightness\" : 100,\n\t\t\t\t\"crop\" : {\"top\":\"18.28\",\"left\":\"53.58\"},\n\t\t\t\t\"background\" : true,\n\t\t\t\t\"scale\" : 2\t\t\t\t}\n\t\t\t<\/script>\n\n\t\t\t<div class=\"height-container\" style=\"padding-bottom:59.895833333333%;\" v-if=\"sizes\">\n\t\t\t\t\t\t\t\t<lazy-media :inline=\"true\" :alt=\"alt\" :sizes=\"sizes\" :scale=\"scale\" :brightness=\"brightness\" :path=\"path\" :video=\"video\" :autoplay=\"autoplay\" :youtube=\"youtube\" :crop=\"crop\" :youtubelabel=\"youtubelabel\" :background=\"background\" media-id=\"desc_media_6a9c8973e9be8\"><\/lazy-media>\n\t\t\t\t\t\t\t<\/div>\n\n\t\t\t\t\t\t\t<figcaption class=\"sr-only\" ref=\"body\" id=\"desc_media_6a9c8973e9be8\">\n\t\t\t\t\t\t\t\t\t\t\t\t\t\t\t\t\t\t\t\t\t<div class=\"insignificant\">\u00a9 Stiftung Humboldt Forum im Berliner Schloss \/ \u00a9 Staatliche Museen zu Berlin, gef\u00f6rdert durch BKM \/ Framegrabber Medien GmbH<\/div>\n\t\t\t\t\t\t\t\t\t<\/figcaption>\n\t\t\t\t\t<\/figure>\n\t<\/lazy-media-inline>\n\t\t\t\t<\/div>\n\t\t\t<\/div>\n\t\t\t<div class=\"col-xs-12 teaser-event-text Infos\">\n\t\t\t\t<div class=\"teaser-event-standard-text\">\n\t\t\t\t\t<div class=\"margin-bottom-atom\">\n\t\t\t\t\t\t<div class=\"subline clamp-1\" v-html=\"maingenre\"><\/div>\n\t\t\t\t\t\t\t\t\t\t\t<\/div>\n\t\t\t\t\n\t\t\t\t\t<strong class=\"margin-bottom-atom\">In Our Own Images<\/strong>\n\n\t\t\t\t\t\t\t\t\t\t\t<div class=\"\">Short films by children from Cameroon, Venezuela, Papua New Guinea and Peru<\/div>\n\t\t\t\t\t\t\t\t\t<\/div>\n\t\t\t\t<div class=\"teaser-bottom border-bottom\">\n\t\t\t\t<calendardateline :rawitem='item' :show-icon=\"true\"><\/calendardateline>\n\t\t\t\t\t<hr>\n\t\t\t\t<\/div>\n\t\t\t<\/div>\n\t\t<\/div>\n\t<\/a>\n\t<\/calendarteaser>\n<\/li>\n\n<li class=\"teaser-lane-slide col-xs-9 col-sm-4 col-md-3 teaser-wrapper col-padding-remove\">\n\t<calendarteaser key=\"324055509\" rawitem='{&quot;postId&quot;:32405,&quot;title&quot;:&quot;Picture Book Cinema&quot;,&quot;excerpt&quot;:&quot;&quot;,&quot;slug&quot;:&quot;bilderbuchkino&quot;,&quot;type&quot;:&quot;event-sequence&quot;,&quot;post_date&quot;:&quot;2021-09-16T14:31&quot;,&quot;permalink&quot;:&quot;https:\\\/\\\/www.humboldtforum.org\\\/en\\\/programm\\\/event-reihe\\\/reading\\\/bilderbuchkino-32405\\\/&quot;,&quot;genre&quot;:[1162,824],&quot;genre_details&quot;:[{&quot;text&quot;:&quot;Reading&quot;,&quot;id&quot;:1162,&quot;icon&quot;:null,&quot;parent&quot;:0},{&quot;text&quot;:&quot;Theatre&quot;,&quot;id&quot;:824,&quot;icon&quot;:null,&quot;parent&quot;:0}],&quot;stakeholder&quot;:[595],&quot;stakeholder_details&quot;:[{&quot;text&quot;:&quot;Stiftung Humboldt Forum im Berliner Schloss&quot;,&quot;id&quot;:595,&quot;icon&quot;:null,&quot;parent&quot;:0}],&quot;targetgroup&quot;:[714],&quot;targetgroup_details&quot;:[{&quot;text&quot;:&quot;Children and families&quot;,&quot;id&quot;:714,&quot;icon&quot;:null,&quot;parent&quot;:0}],&quot;language&quot;:[579],&quot;language_details&quot;:[{&quot;text&quot;:&quot;German&quot;,&quot;id&quot;:579,&quot;icon&quot;:null,&quot;parent&quot;:0}],&quot;accessability&quot;:[596],&quot;accessability_details&quot;:[{&quot;text&quot;:&quot;Accessible for wheelchairs&quot;,&quot;id&quot;:596,&quot;icon&quot;:null,&quot;parent&quot;:0}],&quot;age&quot;:[703],&quot;age_details&quot;:[{&quot;text&quot;:&quot;children (3-6 years)&quot;,&quot;id&quot;:703,&quot;icon&quot;:null,&quot;parent&quot;:0}],&quot;place&quot;:[604],&quot;place_details&quot;:{&quot;place&quot;:&quot;Humboldt Forum&quot;,&quot;map&quot;:&quot;Humboldt Forum, Schlossplatz, Berlin&quot;,&quot;room&quot;:&quot;Ground Floor, Hall 3&quot;},&quot;icon_overwrite&quot;:&quot;&quot;,&quot;acf&quot;:{&quot;keywords&quot;:&quot;&quot;,&quot;shorturl&quot;:&quot;&quot;,&quot;marketing_text&quot;:&quot;A shared reading experience for children aged three and above&quot;,&quot;shorttext&quot;:&quot;A shared reading experience around the themes of the Humboldt Forum, for children aged three and above, as well as their older siblings and other family members. &quot;,&quot;tickettext&quot;:&quot;Tickets cost 4 EUR, reduced 2 EUR&quot;,&quot;infotext&quot;:&quot;Saturdays and Sundays 1-2:30pm, 2-2.30pm and 3-3.30pm in rotation with \\&quot;Story Theatre\\&quot;. We kindly ask for your understanding that adults are only permitted to participate in the program when accompanied by children.&quot;,&quot;use_video_in_teasers&quot;:false,&quot;manual_period&quot;:false,&quot;overwrite_date&quot;:&quot;Event series&quot;,&quot;hide_event_in_program&quot;:false,&quot;noindex&quot;:false,&quot;belongsto&quot;:false,&quot;additional_info&quot;:{&quot;icon&quot;:&quot;icon-ort&quot;,&quot;text&quot;:&quot;The entrance to Hall 3 is in the Schl\\u00fcter Courtyard next to the Sculpture Hall.&quot;},&quot;highlight_header&quot;:false,&quot;featured_images&quot;:[146094],&quot;hyphenation&quot;:true,&quot;tipp&quot;:false,&quot;joker&quot;:false,&quot;live&quot;:false,&quot;has_mobile_format&quot;:false,&quot;highlight_header_image&quot;:45701,&quot;events&quot;:[32441,32433,35738,32426,41179,32418,42276,42359,42305,42425,43467,43615,134447,134451,149481,149572],&quot;announcement&quot;:&quot;Event series&quot;},&quot;date&quot;:{&quot;NLAST&quot;:&quot;202610311500&quot;,&quot;NX&quot;:&quot;20261017&quot;,&quot;NXX&quot;:&quot;202610171400&quot;,&quot;from_DATE&quot;:&quot;20231111 13:00&quot;,&quot;from&quot;:1699700400,&quot;to&quot;:1793451600,&quot;to_DATE&quot;:&quot;20261031 15:00&quot;,&quot;from_HRFSHORT&quot;:&quot;11 Nov 2023&quot;,&quot;from_HRFSHORT_WD&quot;:&quot;Sat, 11 Nov 2023&quot;,&quot;to_HRFSHORT&quot;:&quot;31 Oct 2026&quot;,&quot;to_HRFSHORT_WD&quot;:&quot;Sat, 31 Oct 2026&quot;,&quot;from_HRF&quot;:&quot;Sat, 11 November 2023&quot;,&quot;to_HRF&quot;:&quot;Sat, 31 October 2026&quot;,&quot;from_to_HRF&quot;:&quot;Sat, 11 November 2023 \\u2013 Sat, 31 October 2026&quot;,&quot;from_to_HRFSHORT&quot;:&quot;11 Nov 2023 \\u2013 31 Oct 2026&quot;},&quot;alert&quot;:null,&quot;partof&quot;:[],&quot;marketing_topic&quot;:&quot;&quot;}' inline-template>\n\t<a href=\"https:\/\/www.humboldtforum.org\/en\/programm\/event-reihe\/reading\/bilderbuchkino-32405\/\" class=\"teaser teaser-event-sequence teaser-event-standard\">\n\t\t<div class=\"row\">\n\t\t\t<div class=\"col-xs-12 teaser-event-image\">\n\t\t\t\t<div class=\"teaser-image teaser-image-no-alternate\">\n\t\t\t\t\t\t\t\t\t\t\t\n\t<lazy-media-inline inline-template>\n\t\t<figure itemscope itemtype=\"http:\/\/schema.org\/ImageObject\" class=\"lazy-media-inline \" role=\"group\" id=\"media_6a9c8973ea2a5\" aria-labelledby=\"desc_media_6a9c8973ea2a5\">\n\t\t\t<script type=\"application\/json\" ref=\"data\">\n\t\t\t\t{\n\t\t\t\t\"sizes\" : {\"medium\":{\"file\":\"SHF_eb00237408-300x180.jpg\",\"width\":300,\"height\":180,\"mime-type\":\"image\\\/jpeg\",\"filesize\":5632},\"large\":{\"file\":\"SHF_eb00237408-1024x613.jpg\",\"width\":1024,\"height\":613,\"mime-type\":\"image\\\/jpeg\",\"filesize\":36850},\"thumbnail\":{\"file\":\"SHF_eb00237408-150x150.jpg\",\"width\":150,\"height\":150,\"mime-type\":\"image\\\/jpeg\",\"filesize\":3540},\"medium_large\":{\"file\":\"SHF_eb00237408-768x460.jpg\",\"width\":768,\"height\":460,\"mime-type\":\"image\\\/jpeg\",\"filesize\":22239},\"small\":{\"file\":\"SHF_eb00237408-440x264.jpg\",\"width\":440,\"height\":264,\"mime-type\":\"image\\\/jpeg\",\"filesize\":9413},\"semi\":{\"file\":\"SHF_eb00237408-580x347.jpg\",\"width\":580,\"height\":347,\"mime-type\":\"image\\\/jpeg\",\"filesize\":14274},\"mobile\":{\"file\":\"SHF_eb00237408-720x431.jpg\",\"width\":720,\"height\":431,\"mime-type\":\"image\\\/jpeg\",\"filesize\":19717},\"hd\":{\"file\":\"SHF_eb00237408-1280x767.jpg\",\"width\":1280,\"height\":767,\"mime-type\":\"image\\\/jpeg\",\"filesize\":56382},\"full\":{\"file\":\"SHF_eb00237408-1920x1150.jpg\",\"width\":1920,\"height\":1150,\"mime-type\":\"image\\\/jpeg\",\"filesize\":126493},\"1536x1536\":{\"file\":\"SHF_eb00237408-1536x920.jpg\",\"width\":1536,\"height\":920,\"mime-type\":\"image\\\/jpeg\",\"filesize\":79473},\"2048x2048\":{\"file\":\"SHF_eb00237408-2048x1227.jpg\",\"width\":2048,\"height\":1227,\"mime-type\":\"image\\\/jpeg\",\"filesize\":134409},\"original\":{\"file\":\"SHF_eb00237408.jpg\",\"width\":3840,\"height\":2300}},\n\t\t\t\t\"alt\" : \"A young woman reads from a book while surrounded by other listeners, in shades of yellow and purple.\",\n\t\t\t\t\"path\" : \"\\\/wp-content\\\/uploads\\\/2021\\\/09\\\/\",\n\t\t\t\t\"video\" : null,\n\t\t\t\t\"autoplay\" : null,\n\t\t\t\t\"youtube\" : null,\n\t\t\t\t\"youtubelabel\" : \"Play video\",\n\t\t\t\t\"brightness\" : 100,\n\t\t\t\t\"crop\" : {\"top\":\"26.29\",\"left\":\"53.24\"},\n\t\t\t\t\"background\" : true,\n\t\t\t\t\"scale\" : 2\t\t\t\t}\n\t\t\t<\/script>\n\n\t\t\t<div class=\"height-container\" style=\"padding-bottom:59.895833333333%;\" v-if=\"sizes\">\n\t\t\t\t\t\t\t\t<lazy-media :inline=\"true\" :alt=\"alt\" :sizes=\"sizes\" :scale=\"scale\" :brightness=\"brightness\" :path=\"path\" :video=\"video\" :autoplay=\"autoplay\" :youtube=\"youtube\" :crop=\"crop\" :youtubelabel=\"youtubelabel\" :background=\"background\" media-id=\"desc_media_6a9c8973ea2a5\"><\/lazy-media>\n\t\t\t\t\t\t\t<\/div>\n\n\t\t\t\t\t\t\t<figcaption class=\"sr-only\" ref=\"body\" id=\"desc_media_6a9c8973ea2a5\">\n\t\t\t\t\t\t\t\t\t\t\t\t\t\t\t\t\t\t\t\t\t<div class=\"insignificant\">\u00a9 Stiftung Humboldt Forum im Berliner Schloss, Photo: Stefanie Loos<\/div>\n\t\t\t\t\t\t\t\t\t<\/figcaption>\n\t\t\t\t\t<\/figure>\n\t<\/lazy-media-inline>\n\t\t\t\t<\/div>\n\t\t\t<\/div>\n\t\t\t<div class=\"col-xs-12 teaser-event-text Infos\">\n\t\t\t\t<div class=\"teaser-event-standard-text\">\n\t\t\t\t\t<div class=\"margin-bottom-atom\">\n\t\t\t\t\t\t<div class=\"subline clamp-1\" v-html=\"maingenre\"><\/div>\n\t\t\t\t\t\t\t\t\t\t\t<\/div>\n\t\t\t\t\n\t\t\t\t\t<strong class=\"margin-bottom-atom\">Picture Book Cinema<\/strong>\n\n\t\t\t\t\t\t\t\t\t\t\t<div class=\"\">A shared reading experience for children aged three and above<\/div>\n\t\t\t\t\t\t\t\t\t<\/div>\n\t\t\t\t<div class=\"teaser-bottom border-bottom\">\n\t\t\t\t<calendardateline :rawitem='item' :show-icon=\"true\"><\/calendardateline>\n\t\t\t\t\t<hr>\n\t\t\t\t<\/div>\n\t\t\t<\/div>\n\t\t<\/div>\n\t<\/a>\n\t<\/calendarteaser>\n<\/li>\n\n<li class=\"teaser-lane-slide col-xs-9 col-sm-4 col-md-3 teaser-wrapper col-padding-remove\">\n\t<calendarteaser key=\"338531763\" rawitem='{&quot;postId&quot;:33853,&quot;title&quot;:&quot;Story Theatre&quot;,&quot;excerpt&quot;:&quot;&quot;,&quot;slug&quot;:&quot;story-theatre&quot;,&quot;type&quot;:&quot;event-sequence&quot;,&quot;post_date&quot;:&quot;2021-10-07T16:58&quot;,&quot;permalink&quot;:&quot;https:\\\/\\\/www.humboldtforum.org\\\/en\\\/programm\\\/event-reihe\\\/theatre\\\/story-theatre-33853\\\/&quot;,&quot;genre&quot;:[824],&quot;genre_details&quot;:[{&quot;text&quot;:&quot;Theatre&quot;,&quot;id&quot;:824,&quot;icon&quot;:null,&quot;parent&quot;:0}],&quot;stakeholder&quot;:[595],&quot;stakeholder_details&quot;:[{&quot;text&quot;:&quot;Stiftung Humboldt Forum im Berliner Schloss&quot;,&quot;id&quot;:595,&quot;icon&quot;:null,&quot;parent&quot;:0}],&quot;targetgroup&quot;:[714],&quot;targetgroup_details&quot;:[{&quot;text&quot;:&quot;Children and families&quot;,&quot;id&quot;:714,&quot;icon&quot;:null,&quot;parent&quot;:0}],&quot;accessability&quot;:[596],&quot;accessability_details&quot;:[{&quot;text&quot;:&quot;Accessible for wheelchairs&quot;,&quot;id&quot;:596,&quot;icon&quot;:null,&quot;parent&quot;:0}],&quot;place&quot;:[604],&quot;place_details&quot;:{&quot;place&quot;:&quot;Humboldt Forum&quot;,&quot;map&quot;:&quot;Humboldt Forum, Schlossplatz, Berlin&quot;,&quot;room&quot;:&quot;Ground Floor, Hall 3&quot;},&quot;icon_overwrite&quot;:&quot;&quot;,&quot;acf&quot;:{&quot;keywords&quot;:&quot;&quot;,&quot;shorturl&quot;:&quot;&quot;,&quot;shorttext&quot;:&quot;Kurdisch, Spanisch, Schw\\u00e4bisch, Italienisch, Arabisch, Geb\\u00e4rdensprache, Norwegisch und Deutsch: Geschichten zu erz\\u00e4hlen funktioniert in allen Sprachen und sogar, wenn zwei Erz\\u00e4hler*innen zwei unterschiedliche Sprachen sprechen.&quot;,&quot;tickettext&quot;:&quot;4 EUR \\\/ reduced 2 EUR&quot;,&quot;use_video_in_teasers&quot;:false,&quot;manual_period&quot;:false,&quot;events&quot;:[33596,33540,33545,33533,33566,35167,126482,157100],&quot;overwrite_date&quot;:&quot;Event series&quot;,&quot;hide_event_in_program&quot;:false,&quot;noindex&quot;:false,&quot;belongsto&quot;:false,&quot;subline&quot;:&quot;Storytelling at the Humboldt Forum &quot;,&quot;subline_feature&quot;:&quot;A storytelling programme by Christine Lander und Ragnhild A. M\\u00f8rch&quot;,&quot;additional_info&quot;:{&quot;icon&quot;:&quot;icon-alterfreigabe&quot;,&quot;text&quot;:&quot;age 4 to 99+&quot;},&quot;highlight_header&quot;:false,&quot;featured_images&quot;:[146099],&quot;hyphenation&quot;:true,&quot;tipp&quot;:true,&quot;joker&quot;:false,&quot;live&quot;:false,&quot;announcement&quot;:&quot;Event series&quot;,&quot;infotext&quot;:&quot;Book your ticket in advance online or at the box office in the Foyer.&quot;},&quot;date&quot;:{&quot;NLAST&quot;:&quot;202609271500&quot;,&quot;NX&quot;:&quot;20260926&quot;,&quot;NXX&quot;:&quot;202609261300&quot;,&quot;from_DATE&quot;:&quot;20250927 13:00&quot;,&quot;from&quot;:1758963600,&quot;to&quot;:1790506800,&quot;to_DATE&quot;:&quot;20260927 15:00&quot;,&quot;from_HRFSHORT&quot;:&quot;27 Sep 2025&quot;,&quot;from_HRFSHORT_WD&quot;:&quot;Sat, 27 Sep 2025&quot;,&quot;to_HRFSHORT&quot;:&quot;27 Sep 2026&quot;,&quot;to_HRFSHORT_WD&quot;:&quot;Sun, 27 Sep 2026&quot;,&quot;from_HRF&quot;:&quot;Sat, 27 September 2025&quot;,&quot;to_HRF&quot;:&quot;Sun, 27 September 2026&quot;,&quot;from_to_HRF&quot;:&quot;Sat, 27 September 2025 \\u2013 Sun, 27 September 2026&quot;,&quot;from_to_HRFSHORT&quot;:&quot;27 Sep 2025 \\u2013 27 Sep 2026&quot;},&quot;alert&quot;:&quot;Tip&quot;,&quot;partof&quot;:[],&quot;marketing_topic&quot;:&quot;&quot;}' inline-template>\n\t<a href=\"https:\/\/www.humboldtforum.org\/en\/programm\/event-reihe\/theatre\/story-theatre-33853\/\" class=\"teaser teaser-event-sequence teaser-event-standard\">\n\t\t<div class=\"row\">\n\t\t\t<div class=\"col-xs-12 teaser-event-image\">\n\t\t\t\t<div class=\"teaser-image teaser-image-no-alternate\">\n\t\t\t\t\t\t\t\t\t\t\t\t\t<span class=\"alert\">Tip<\/span>\n\t\t\t\t\t\t\t\t\t\t\t\n\t<lazy-media-inline inline-template>\n\t\t<figure itemscope itemtype=\"http:\/\/schema.org\/ImageObject\" class=\"lazy-media-inline \" role=\"group\" id=\"media_6a9c8973ea88d\" aria-labelledby=\"desc_media_6a9c8973ea88d\">\n\t\t\t<script type=\"application\/json\" ref=\"data\">\n\t\t\t\t{\n\t\t\t\t\"sizes\" : {\"medium\":{\"file\":\"SHF_eb00237405-300x180.jpg\",\"width\":300,\"height\":180,\"mime-type\":\"image\\\/jpeg\",\"filesize\":4857},\"large\":{\"file\":\"SHF_eb00237405-1024x613.jpg\",\"width\":1024,\"height\":613,\"mime-type\":\"image\\\/jpeg\",\"filesize\":33877},\"thumbnail\":{\"file\":\"SHF_eb00237405-150x150.jpg\",\"width\":150,\"height\":150,\"mime-type\":\"image\\\/jpeg\",\"filesize\":3243},\"medium_large\":{\"file\":\"SHF_eb00237405-768x460.jpg\",\"width\":768,\"height\":460,\"mime-type\":\"image\\\/jpeg\",\"filesize\":20424},\"small\":{\"file\":\"SHF_eb00237405-440x264.jpg\",\"width\":440,\"height\":264,\"mime-type\":\"image\\\/jpeg\",\"filesize\":8303},\"semi\":{\"file\":\"SHF_eb00237405-580x347.jpg\",\"width\":580,\"height\":347,\"mime-type\":\"image\\\/jpeg\",\"filesize\":12915},\"mobile\":{\"file\":\"SHF_eb00237405-720x431.jpg\",\"width\":720,\"height\":431,\"mime-type\":\"image\\\/jpeg\",\"filesize\":18176},\"hd\":{\"file\":\"SHF_eb00237405-1280x767.jpg\",\"width\":1280,\"height\":767,\"mime-type\":\"image\\\/jpeg\",\"filesize\":50587},\"full\":{\"file\":\"SHF_eb00237405-1920x1150.jpg\",\"width\":1920,\"height\":1150,\"mime-type\":\"image\\\/jpeg\",\"filesize\":104089},\"1536x1536\":{\"file\":\"SHF_eb00237405-1536x920.jpg\",\"width\":1536,\"height\":920,\"mime-type\":\"image\\\/jpeg\",\"filesize\":69368},\"2048x2048\":{\"file\":\"SHF_eb00237405-2048x1227.jpg\",\"width\":2048,\"height\":1227,\"mime-type\":\"image\\\/jpeg\",\"filesize\":114339},\"original\":{\"file\":\"SHF_eb00237405.jpg\",\"width\":3840,\"height\":2300}},\n\t\t\t\t\"alt\" : \"Person in a dynamic pose with raised hand, depicted in shades of red and blue.\",\n\t\t\t\t\"path\" : \"\\\/wp-content\\\/uploads\\\/2021\\\/10\\\/\",\n\t\t\t\t\"video\" : null,\n\t\t\t\t\"autoplay\" : null,\n\t\t\t\t\"youtube\" : null,\n\t\t\t\t\"youtubelabel\" : \"Play video\",\n\t\t\t\t\"brightness\" : 100,\n\t\t\t\t\"crop\" : {\"top\":\"59.46\",\"left\":\"68.99\"},\n\t\t\t\t\"background\" : true,\n\t\t\t\t\"scale\" : 2\t\t\t\t}\n\t\t\t<\/script>\n\n\t\t\t<div class=\"height-container\" style=\"padding-bottom:59.895833333333%;\" v-if=\"sizes\">\n\t\t\t\t\t\t\t\t<lazy-media :inline=\"true\" :alt=\"alt\" :sizes=\"sizes\" :scale=\"scale\" :brightness=\"brightness\" :path=\"path\" :video=\"video\" :autoplay=\"autoplay\" :youtube=\"youtube\" :crop=\"crop\" :youtubelabel=\"youtubelabel\" :background=\"background\" media-id=\"desc_media_6a9c8973ea88d\"><\/lazy-media>\n\t\t\t\t\t\t\t<\/div>\n\n\t\t\t\t\t\t\t<figcaption class=\"sr-only\" ref=\"body\" id=\"desc_media_6a9c8973ea88d\">\n\t\t\t\t\t\t\t\t\t\t\t\t\t\t\t\t\t\t\t\t\t<div class=\"insignificant\">\u00a9 Stiftung Humboldt Forum im Berliner Schloss, Photo: Stefanie Loos<\/div>\n\t\t\t\t\t\t\t\t\t<\/figcaption>\n\t\t\t\t\t<\/figure>\n\t<\/lazy-media-inline>\n\t\t\t\t<\/div>\n\t\t\t<\/div>\n\t\t\t<div class=\"col-xs-12 teaser-event-text Infos\">\n\t\t\t\t<div class=\"teaser-event-standard-text\">\n\t\t\t\t\t<div class=\"margin-bottom-atom\">\n\t\t\t\t\t\t<div class=\"subline clamp-1\" v-html=\"maingenre\"><\/div>\n\t\t\t\t\t\t\t\t\t\t\t<\/div>\n\t\t\t\t\n\t\t\t\t\t<strong class=\"margin-bottom-atom\">Story Theatre<\/strong>\n\n\t\t\t\t\t\t\t\t\t\t\t<div class=\"\">Storytelling at the Humboldt Forum <\/div>\n\t\t\t\t\t\t\t\t\t<\/div>\n\t\t\t\t<div class=\"teaser-bottom border-bottom\">\n\t\t\t\t<calendardateline :rawitem='item' :show-icon=\"true\"><\/calendardateline>\n\t\t\t\t\t<hr>\n\t\t\t\t<\/div>\n\t\t\t<\/div>\n\t\t<\/div>\n\t<\/a>\n\t<\/calendarteaser>\n<\/li>\n\n<li class=\"teaser-lane-slide col-xs-9 col-sm-4 col-md-3 teaser-wrapper col-padding-remove\">\n\t<calendarteaser key=\"192491527\" rawitem='{&quot;postId&quot;:19249,&quot;title&quot;:&quot;Moving the Forum&quot;,&quot;excerpt&quot;:&quot;&quot;,&quot;slug&quot;:&quot;moving-the-forum&quot;,&quot;type&quot;:&quot;event-sequence&quot;,&quot;post_date&quot;:&quot;2020-11-17T18:20&quot;,&quot;permalink&quot;:&quot;https:\\\/\\\/www.humboldtforum.org\\\/en\\\/programm\\\/event-reihe\\\/dance\\\/moving-the-forum-19249\\\/&quot;,&quot;genre&quot;:[570],&quot;genre_details&quot;:[{&quot;text&quot;:&quot;Dance&quot;,&quot;id&quot;:570,&quot;icon&quot;:null,&quot;parent&quot;:0}],&quot;stakeholder&quot;:[595],&quot;stakeholder_details&quot;:[{&quot;text&quot;:&quot;Stiftung Humboldt Forum im Berliner Schloss&quot;,&quot;id&quot;:595,&quot;icon&quot;:null,&quot;parent&quot;:0}],&quot;targetgroup&quot;:[585],&quot;targetgroup_details&quot;:[{&quot;text&quot;:&quot;Adults&quot;,&quot;id&quot;:585,&quot;icon&quot;:null,&quot;parent&quot;:0}],&quot;icon_overwrite&quot;:&quot;&quot;,&quot;acf&quot;:{&quot;shorturl&quot;:&quot;moving-the-forum&quot;,&quot;subline&quot;:&quot;our bodies \\u2013 our position \\u2013 our dance&quot;,&quot;marketing_text&quot;:&quot;our bodies \\u2013 our position \\u2013 our dance&quot;,&quot;highlight_header&quot;:true,&quot;featured_images&quot;:[30520],&quot;tipp&quot;:false,&quot;joker&quot;:false,&quot;live&quot;:false,&quot;announcement&quot;:&quot;Summer 2021 \\u2013 Summer 2022&quot;,&quot;overwrite_date&quot;:&quot;Summer 2021 \\u2013 Summer 2022&quot;,&quot;hyphenation&quot;:false,&quot;belongsto&quot;:false,&quot;highlight_header_image&quot;:32617,&quot;has_mobile_format&quot;:true,&quot;noindex&quot;:false,&quot;keywords&quot;:&quot;&quot;,&quot;additional_info&quot;:{&quot;icon&quot;:&quot;0&quot;,&quot;text&quot;:&quot;&quot;},&quot;use_video_in_teasers&quot;:false,&quot;manual_period&quot;:false,&quot;hide_event_in_program&quot;:false,&quot;highlight_header_image_mobile&quot;:33353},&quot;date&quot;:{&quot;NLAST&quot;:null},&quot;alert&quot;:&quot;Highlight&quot;,&quot;partof&quot;:[],&quot;marketing_topic&quot;:&quot;&quot;}' inline-template>\n\t<a href=\"https:\/\/www.humboldtforum.org\/en\/programm\/event-reihe\/dance\/moving-the-forum-19249\/\" class=\"teaser teaser-event-sequence teaser-event-standard\">\n\t\t<div class=\"row\">\n\t\t\t<div class=\"col-xs-12 teaser-event-image\">\n\t\t\t\t<div class=\"teaser-image teaser-image-no-alternate\">\n\t\t\t\t\t\t\t\t\t\t\t\t\t<span class=\"alert\">Highlight<\/span>\n\t\t\t\t\t\t\t\t\t\t\t\n\t<lazy-media-inline inline-template>\n\t\t<figure itemscope itemtype=\"http:\/\/schema.org\/ImageObject\" class=\"lazy-media-inline \" role=\"group\" id=\"media_6a9c8973eae99\" aria-labelledby=\"desc_media_6a9c8973eae99\">\n\t\t\t<script type=\"application\/json\" ref=\"data\">\n\t\t\t\t{\n\t\t\t\t\"sizes\" : {\"medium\":{\"file\":\"SHF_eb00120381-176x300.jpg\",\"width\":176,\"height\":300,\"mime-type\":\"image\\\/jpeg\"},\"large\":{\"file\":\"SHF_eb00120381-600x1024.jpg\",\"width\":600,\"height\":1024,\"mime-type\":\"image\\\/jpeg\"},\"thumbnail\":{\"file\":\"SHF_eb00120381-150x150.jpg\",\"width\":150,\"height\":150,\"mime-type\":\"image\\\/jpeg\"},\"medium_large\":{\"file\":\"SHF_eb00120381-768x1312.jpg\",\"width\":768,\"height\":1312,\"mime-type\":\"image\\\/jpeg\"},\"small\":{\"file\":\"SHF_eb00120381-258x440.jpg\",\"width\":258,\"height\":440,\"mime-type\":\"image\\\/jpeg\"},\"semi\":{\"file\":\"SHF_eb00120381-340x580.jpg\",\"width\":340,\"height\":580,\"mime-type\":\"image\\\/jpeg\"},\"mobile\":{\"file\":\"SHF_eb00120381-422x720.jpg\",\"width\":422,\"height\":720,\"mime-type\":\"image\\\/jpeg\"},\"hd\":{\"file\":\"SHF_eb00120381-749x1280.jpg\",\"width\":749,\"height\":1280,\"mime-type\":\"image\\\/jpeg\"},\"full\":{\"file\":\"SHF_eb00120381-1124x1920.jpg\",\"width\":1124,\"height\":1920,\"mime-type\":\"image\\\/jpeg\"},\"1536x1536\":{\"file\":\"SHF_eb00120381-899x1536.jpg\",\"width\":899,\"height\":1536,\"mime-type\":\"image\\\/jpeg\"},\"2048x2048\":{\"file\":\"SHF_eb00120381-1199x2048.jpg\",\"width\":1199,\"height\":2048,\"mime-type\":\"image\\\/jpeg\"},\"original\":{\"file\":\"SHF_eb00120381.jpg\",\"width\":1780,\"height\":3040}},\n\t\t\t\t\"alt\" : \"Four people in dynamic poses surrounded by abstract graphic elements on a colorful background.\",\n\t\t\t\t\"path\" : \"\\\/wp-content\\\/uploads\\\/2020\\\/11\\\/\",\n\t\t\t\t\"video\" : null,\n\t\t\t\t\"autoplay\" : null,\n\t\t\t\t\"youtube\" : null,\n\t\t\t\t\"youtubelabel\" : \"Play video\",\n\t\t\t\t\"brightness\" : 100,\n\t\t\t\t\"crop\" : {\"top\":\"41.00\",\"left\":\"50.00\"},\n\t\t\t\t\"background\" : true,\n\t\t\t\t\"scale\" : 2\t\t\t\t}\n\t\t\t<\/script>\n\n\t\t\t<div class=\"height-container\" style=\"padding-bottom:170.78651685393%;\" v-if=\"sizes\">\n\t\t\t\t\t\t\t\t<lazy-media :inline=\"true\" :alt=\"alt\" :sizes=\"sizes\" :scale=\"scale\" :brightness=\"brightness\" :path=\"path\" :video=\"video\" :autoplay=\"autoplay\" :youtube=\"youtube\" :crop=\"crop\" :youtubelabel=\"youtubelabel\" :background=\"background\" media-id=\"desc_media_6a9c8973eae99\"><\/lazy-media>\n\t\t\t\t\t\t\t<\/div>\n\n\t\t\t\t\t\t\t<figcaption class=\"sr-only\" ref=\"body\" id=\"desc_media_6a9c8973eae99\">\n\t\t\t\t\t\t\t\t\t\t\t\t\t\t\t\t\t\t\t\t\t<div class=\"insignificant\">\u00a9 Stiftung Humboldt Forum im Berliner Schloss \/ Frank Sperling<\/div>\n\t\t\t\t\t\t\t\t\t<\/figcaption>\n\t\t\t\t\t<\/figure>\n\t<\/lazy-media-inline>\n\t\t\t\t<\/div>\n\t\t\t<\/div>\n\t\t\t<div class=\"col-xs-12 teaser-event-text Infos\">\n\t\t\t\t<div class=\"teaser-event-standard-text\">\n\t\t\t\t\t<div class=\"margin-bottom-atom\">\n\t\t\t\t\t\t<div class=\"subline clamp-1\" v-html=\"maingenre\"><\/div>\n\t\t\t\t\t\t\t\t\t\t\t<\/div>\n\t\t\t\t\n\t\t\t\t\t<strong class=\"margin-bottom-atom\">Moving the Forum<\/strong>\n\n\t\t\t\t\t\t\t\t\t\t\t<div class=\"\">our bodies \u2013 our position \u2013 our dance<\/div>\n\t\t\t\t\t\t\t\t\t<\/div>\n\t\t\t\t<div class=\"teaser-bottom border-bottom\">\n\t\t\t\t<calendardateline :rawitem='item' :show-icon=\"true\"><\/calendardateline>\n\t\t\t\t\t<hr>\n\t\t\t\t<\/div>\n\t\t\t<\/div>\n\t\t<\/div>\n\t<\/a>\n\t<\/calendarteaser>\n<\/li>\n\n<li class=\"teaser-lane-slide col-xs-9 col-sm-4 col-md-3 teaser-wrapper col-padding-remove\">\n\t<calendarteaser key=\"204325348\" rawitem='{&quot;postId&quot;:20432,&quot;title&quot;:&quot;SITE SPECIFICS&quot;,&quot;excerpt&quot;:&quot;&quot;,&quot;slug&quot;:&quot;sight-specifics&quot;,&quot;type&quot;:&quot;event-sequence&quot;,&quot;post_date&quot;:&quot;2020-10-23T16:33&quot;,&quot;permalink&quot;:&quot;https:\\\/\\\/www.humboldtforum.org\\\/en\\\/programm\\\/event-reihe\\\/discourse\\\/sight-specifics-20432\\\/&quot;,&quot;genre&quot;:[566],&quot;genre_details&quot;:[{&quot;text&quot;:&quot;Discourse&quot;,&quot;id&quot;:566,&quot;icon&quot;:null,&quot;parent&quot;:0}],&quot;topic&quot;:[590],&quot;topic_details&quot;:[{&quot;text&quot;:&quot;History and Architecture of the Site&quot;,&quot;id&quot;:590,&quot;icon&quot;:null,&quot;parent&quot;:0}],&quot;stakeholder&quot;:[595],&quot;stakeholder_details&quot;:[{&quot;text&quot;:&quot;Stiftung Humboldt Forum im Berliner Schloss&quot;,&quot;id&quot;:595,&quot;icon&quot;:null,&quot;parent&quot;:0}],&quot;targetgroup&quot;:[585],&quot;targetgroup_details&quot;:[{&quot;text&quot;:&quot;Adults&quot;,&quot;id&quot;:585,&quot;icon&quot;:null,&quot;parent&quot;:0}],&quot;icon_overwrite&quot;:&quot;&quot;,&quot;acf&quot;:{&quot;shorturl&quot;:&quot;sight-specifics&quot;,&quot;marketing_text&quot;:&quot;Learn more about the history of the site&quot;,&quot;shorttext&quot;:&quot;Since 2016, the SITE SPECIFICS event series has focused on the complex history and architecture of the site where the Humboldt Forum now stands.&quot;,&quot;highlight_header&quot;:false,&quot;featured_images&quot;:[163368],&quot;events&quot;:[35067,20435,128844,135801,140335,147300,149824,157291,163314,167951],&quot;tipp&quot;:false,&quot;joker&quot;:false,&quot;live&quot;:false,&quot;announcement&quot;:&quot;Event series&quot;,&quot;hyphenation&quot;:true,&quot;overwrite_date&quot;:&quot;Event series&quot;,&quot;belongsto&quot;:false,&quot;noindex&quot;:false,&quot;keywords&quot;:&quot;&quot;,&quot;additional_info&quot;:{&quot;icon&quot;:&quot;0&quot;,&quot;text&quot;:&quot;&quot;},&quot;use_video_in_teasers&quot;:false,&quot;manual_period&quot;:false,&quot;hide_event_in_program&quot;:false},&quot;date&quot;:{&quot;NLAST&quot;:&quot;202609031900&quot;,&quot;NX&quot;:null,&quot;NXX&quot;:null,&quot;from_DATE&quot;:&quot;20210422 19:00&quot;,&quot;from&quot;:1619103600,&quot;to&quot;:1788447600,&quot;to_DATE&quot;:&quot;20260903 19:00&quot;,&quot;from_HRFSHORT&quot;:&quot;22 Apr 2021&quot;,&quot;from_HRFSHORT_WD&quot;:&quot;Thu, 22 Apr 2021&quot;,&quot;to_HRFSHORT&quot;:&quot; 3 Sep 2026&quot;,&quot;to_HRFSHORT_WD&quot;:&quot;Thu,  3 Sep 2026&quot;,&quot;from_HRF&quot;:&quot;Thu, 22 April 2021&quot;,&quot;to_HRF&quot;:&quot;Thu,  3 September 2026&quot;,&quot;from_to_HRF&quot;:&quot;Thu, 22 April 2021 \\u2013 Thu,  3 September 2026&quot;,&quot;from_to_HRFSHORT&quot;:&quot;22 Apr 2021 \\u2013  3 Sep 2026&quot;},&quot;alert&quot;:null,&quot;partof&quot;:[],&quot;marketing_topic&quot;:&quot;&quot;}' inline-template>\n\t<a href=\"https:\/\/www.humboldtforum.org\/en\/programm\/event-reihe\/discourse\/sight-specifics-20432\/\" class=\"teaser teaser-event-sequence teaser-event-standard\">\n\t\t<div class=\"row\">\n\t\t\t<div class=\"col-xs-12 teaser-event-image\">\n\t\t\t\t<div class=\"teaser-image teaser-image-no-alternate\">\n\t\t\t\t\t\t\t\t\t\t\t\n\t<lazy-media-inline inline-template>\n\t\t<figure itemscope itemtype=\"http:\/\/schema.org\/ImageObject\" class=\"lazy-media-inline \" role=\"group\" id=\"media_6a9c8973eb4d4\" aria-labelledby=\"desc_media_6a9c8973eb4d4\">\n\t\t\t<script type=\"application\/json\" ref=\"data\">\n\t\t\t\t{\n\t\t\t\t\"sizes\" : {\"medium\":{\"file\":\"SHF_eb00257461-300x300.jpg\",\"width\":300,\"height\":300,\"mime-type\":\"image\\\/jpeg\",\"filesize\":22677},\"large\":{\"file\":\"SHF_eb00257461-1024x1024.jpg\",\"width\":1024,\"height\":1024,\"mime-type\":\"image\\\/jpeg\",\"filesize\":226553},\"thumbnail\":{\"file\":\"SHF_eb00257461-150x150.jpg\",\"width\":150,\"height\":150,\"mime-type\":\"image\\\/jpeg\",\"filesize\":7111},\"medium_large\":{\"file\":\"SHF_eb00257461-768x768.jpg\",\"width\":768,\"height\":768,\"mime-type\":\"image\\\/jpeg\",\"filesize\":125308},\"small\":{\"file\":\"SHF_eb00257461-440x440.jpg\",\"width\":440,\"height\":440,\"mime-type\":\"image\\\/jpeg\",\"filesize\":43982},\"semi\":{\"file\":\"SHF_eb00257461-580x580.jpg\",\"width\":580,\"height\":580,\"mime-type\":\"image\\\/jpeg\",\"filesize\":73797},\"mobile\":{\"file\":\"SHF_eb00257461-720x720.jpg\",\"width\":720,\"height\":720,\"mime-type\":\"image\\\/jpeg\",\"filesize\":110325},\"hd\":{\"file\":\"SHF_eb00257461-1280x1280.jpg\",\"width\":1280,\"height\":1280,\"mime-type\":\"image\\\/jpeg\",\"filesize\":369582},\"full\":{\"file\":\"SHF_eb00257461-1920x1920.jpg\",\"width\":1920,\"height\":1920,\"mime-type\":\"image\\\/jpeg\",\"filesize\":918499},\"1536x1536\":{\"file\":\"SHF_eb00257461-1536x1536.jpg\",\"width\":1536,\"height\":1536,\"mime-type\":\"image\\\/jpeg\",\"filesize\":558444},\"2048x2048\":{\"file\":\"SHF_eb00257461-2048x2048.jpg\",\"width\":2048,\"height\":2048,\"mime-type\":\"image\\\/jpeg\",\"filesize\":1057597},\"original\":{\"file\":\"SHF_eb00257461.jpg\",\"width\":3551,\"height\":3551}},\n\t\t\t\t\"alt\" : \"Three ancient statues stand in front of a modern building with the Berlin TV Tower in the background. Black-and-white photo.\",\n\t\t\t\t\"path\" : \"\\\/wp-content\\\/uploads\\\/2020\\\/10\\\/\",\n\t\t\t\t\"video\" : null,\n\t\t\t\t\"autoplay\" : null,\n\t\t\t\t\"youtube\" : null,\n\t\t\t\t\"youtubelabel\" : \"Play video\",\n\t\t\t\t\"brightness\" : 100,\n\t\t\t\t\"crop\" : null,\n\t\t\t\t\"background\" : true,\n\t\t\t\t\"scale\" : 2\t\t\t\t}\n\t\t\t<\/script>\n\n\t\t\t<div class=\"height-container\" style=\"padding-bottom:100%;\" v-if=\"sizes\">\n\t\t\t\t\t\t\t\t<lazy-media :inline=\"true\" :alt=\"alt\" :sizes=\"sizes\" :scale=\"scale\" :brightness=\"brightness\" :path=\"path\" :video=\"video\" :autoplay=\"autoplay\" :youtube=\"youtube\" :crop=\"crop\" :youtubelabel=\"youtubelabel\" :background=\"background\" media-id=\"desc_media_6a9c8973eb4d4\"><\/lazy-media>\n\t\t\t\t\t\t\t<\/div>\n\n\t\t\t\t\t\t\t<figcaption class=\"sr-only\" ref=\"body\" id=\"desc_media_6a9c8973eb4d4\">\n\t\t\t\t\t\t\t\t\t\t\t<div>Palastskulpturen, 1994\n<\/div>\n\t\t\t\t\t\t\t\t\t\t\t\t\t\t\t\t\t\t\t\t\t<div class=\"insignificant\">\u00a9 Christian von Steffelin<\/div>\n\t\t\t\t\t\t\t\t\t<\/figcaption>\n\t\t\t\t\t<\/figure>\n\t<\/lazy-media-inline>\n\t\t\t\t<\/div>\n\t\t\t<\/div>\n\t\t\t<div class=\"col-xs-12 teaser-event-text Infos\">\n\t\t\t\t<div class=\"teaser-event-standard-text\">\n\t\t\t\t\t<div class=\"margin-bottom-atom\">\n\t\t\t\t\t\t<div class=\"subline clamp-1\" v-html=\"maingenre\"><\/div>\n\t\t\t\t\t\t\t\t\t\t\t<\/div>\n\t\t\t\t\n\t\t\t\t\t<strong class=\"margin-bottom-atom\">SITE SPECIFICS<\/strong>\n\n\t\t\t\t\t\t\t\t\t\t\t<div class=\"\">Learn more about the history of the site<\/div>\n\t\t\t\t\t\t\t\t\t<\/div>\n\t\t\t\t<div class=\"teaser-bottom border-bottom\">\n\t\t\t\t<calendardateline :rawitem='item' :show-icon=\"true\"><\/calendardateline>\n\t\t\t\t\t<hr>\n\t\t\t\t<\/div>\n\t\t\t<\/div>\n\t\t<\/div>\n\t<\/a>\n\t<\/calendarteaser>\n<\/li>\n\n<li class=\"teaser-lane-slide col-xs-9 col-sm-4 col-md-3 teaser-wrapper col-padding-remove\">\n\t<calendarteaser key=\"5869616808\" rawitem='{&quot;postId&quot;:58696,&quot;title&quot;:&quot;Objects talk back&quot;,&quot;excerpt&quot;:&quot;&quot;,&quot;slug&quot;:&quot;objekte-widersprechen&quot;,&quot;type&quot;:&quot;event-sequence&quot;,&quot;post_date&quot;:&quot;2022-10-21T08:46&quot;,&quot;permalink&quot;:&quot;https:\\\/\\\/www.humboldtforum.org\\\/en\\\/programm\\\/event-reihe\\\/literature\\\/objekte-widersprechen-58696\\\/&quot;,&quot;genre&quot;:[574],&quot;genre_details&quot;:[{&quot;text&quot;:&quot;Literature&quot;,&quot;id&quot;:574,&quot;icon&quot;:null,&quot;parent&quot;:0}],&quot;stakeholder&quot;:[595],&quot;stakeholder_details&quot;:[{&quot;text&quot;:&quot;Stiftung Humboldt Forum im Berliner Schloss&quot;,&quot;id&quot;:595,&quot;icon&quot;:null,&quot;parent&quot;:0}],&quot;icon_overwrite&quot;:&quot;&quot;,&quot;acf&quot;:{&quot;subline&quot;:&quot;International writers select an object to speak from-through-with&quot;,&quot;additional_info&quot;:{&quot;icon&quot;:&quot;0&quot;,&quot;text&quot;:&quot;&quot;},&quot;highlight_header&quot;:true,&quot;use_video_in_teasers&quot;:false,&quot;hyphenation&quot;:true,&quot;manual_period&quot;:false,&quot;tipp&quot;:false,&quot;joker&quot;:false,&quot;live&quot;:false,&quot;hide_event_in_program&quot;:false,&quot;featured_images&quot;:[58628,58626],&quot;events&quot;:[58668,129102,144953,147226,158719,160821,162847,164252,170269,170261],&quot;noindex&quot;:false,&quot;keywords&quot;:&quot;&quot;,&quot;shorturl&quot;:&quot;&quot;,&quot;belongsto&quot;:false,&quot;overwrite_date&quot;:&quot;Event Series&quot;,&quot;highlight_header_image&quot;:161557,&quot;has_mobile_format&quot;:false},&quot;date&quot;:{&quot;NLAST&quot;:&quot;202609101900&quot;,&quot;NX&quot;:&quot;20260910&quot;,&quot;NXX&quot;:&quot;202609101900&quot;,&quot;from_DATE&quot;:&quot;20221118 19:00&quot;,&quot;from&quot;:1668790800,&quot;to&quot;:1789056000,&quot;to_DATE&quot;:&quot;20260910 19:00&quot;,&quot;from_HRFSHORT&quot;:&quot;18 Nov 2022&quot;,&quot;from_HRFSHORT_WD&quot;:&quot;Fri, 18 Nov 2022&quot;,&quot;to_HRFSHORT&quot;:&quot;10 Sep 2026&quot;,&quot;to_HRFSHORT_WD&quot;:&quot;Thu, 10 Sep 2026&quot;,&quot;from_HRF&quot;:&quot;Fri, 18 November 2022&quot;,&quot;to_HRF&quot;:&quot;Thu, 10 September 2026&quot;,&quot;from_to_HRF&quot;:&quot;Fri, 18 November 2022 \\u2013 Thu, 10 September 2026&quot;,&quot;from_to_HRFSHORT&quot;:&quot;18 Nov 2022 \\u2013 10 Sep 2026&quot;},&quot;alert&quot;:&quot;Highlight&quot;,&quot;partof&quot;:[],&quot;marketing_topic&quot;:&quot;&quot;}' inline-template>\n\t<a href=\"https:\/\/www.humboldtforum.org\/en\/programm\/event-reihe\/literature\/objekte-widersprechen-58696\/\" class=\"teaser teaser-event-sequence teaser-event-standard\">\n\t\t<div class=\"row\">\n\t\t\t<div class=\"col-xs-12 teaser-event-image\">\n\t\t\t\t<div class=\"teaser-image teaser-image-no-alternate\">\n\t\t\t\t\t\t\t\t\t\t\t\t\t<span class=\"alert\">Highlight<\/span>\n\t\t\t\t\t\t\t\t\t\t\t\n\t<lazy-media-inline inline-template>\n\t\t<figure itemscope itemtype=\"http:\/\/schema.org\/ImageObject\" class=\"lazy-media-inline \" role=\"group\" id=\"media_6a9c8973ebb77\" aria-labelledby=\"desc_media_6a9c8973ebb77\">\n\t\t\t<script type=\"application\/json\" ref=\"data\">\n\t\t\t\t{\n\t\t\t\t\"sizes\" : {\"medium\":{\"file\":\"SHF_eb00248873-300x200.jpg\",\"width\":300,\"height\":200,\"mime-type\":\"image\\\/jpeg\",\"filesize\":12632},\"large\":{\"file\":\"SHF_eb00248873-1024x682.jpg\",\"width\":1024,\"height\":682,\"mime-type\":\"image\\\/jpeg\",\"filesize\":79631},\"thumbnail\":{\"file\":\"SHF_eb00248873-150x150.jpg\",\"width\":150,\"height\":150,\"mime-type\":\"image\\\/jpeg\",\"filesize\":6304},\"medium_large\":{\"file\":\"SHF_eb00248873-768x512.jpg\",\"width\":768,\"height\":512,\"mime-type\":\"image\\\/jpeg\",\"filesize\":51796},\"small\":{\"file\":\"SHF_eb00248873-440x293.jpg\",\"width\":440,\"height\":293,\"mime-type\":\"image\\\/jpeg\",\"filesize\":22642},\"semi\":{\"file\":\"SHF_eb00248873-580x387.jpg\",\"width\":580,\"height\":387,\"mime-type\":\"image\\\/jpeg\",\"filesize\":34184},\"mobile\":{\"file\":\"SHF_eb00248873-720x480.jpg\",\"width\":720,\"height\":480,\"mime-type\":\"image\\\/jpeg\",\"filesize\":46510},\"hd\":{\"file\":\"SHF_eb00248873-1280x853.jpg\",\"width\":1280,\"height\":853,\"mime-type\":\"image\\\/jpeg\",\"filesize\":111061},\"full\":{\"file\":\"SHF_eb00248873-1920x1280.jpg\",\"width\":1920,\"height\":1280,\"mime-type\":\"image\\\/jpeg\",\"filesize\":204923},\"1536x1536\":{\"file\":\"SHF_eb00248873-1536x1024.jpg\",\"width\":1536,\"height\":1024,\"mime-type\":\"image\\\/jpeg\",\"filesize\":146289},\"original\":{\"file\":\"SHF_eb00248873.jpg\",\"width\":2000,\"height\":1333}},\n\t\t\t\t\"alt\" : \"Two women sit at a table, discussing, surrounded by an audience, with books and water pitchers on the table.\",\n\t\t\t\t\"path\" : \"\\\/wp-content\\\/uploads\\\/2022\\\/10\\\/\",\n\t\t\t\t\"video\" : null,\n\t\t\t\t\"autoplay\" : null,\n\t\t\t\t\"youtube\" : null,\n\t\t\t\t\"youtubelabel\" : \"Play video\",\n\t\t\t\t\"brightness\" : 100,\n\t\t\t\t\"crop\" : {\"top\":\"34.43\",\"left\":\"49.81\"},\n\t\t\t\t\"background\" : true,\n\t\t\t\t\"scale\" : 2\t\t\t\t}\n\t\t\t<\/script>\n\n\t\t\t<div class=\"height-container\" style=\"padding-bottom:66.65%;\" v-if=\"sizes\">\n\t\t\t\t\t\t\t\t<lazy-media :inline=\"true\" :alt=\"alt\" :sizes=\"sizes\" :scale=\"scale\" :brightness=\"brightness\" :path=\"path\" :video=\"video\" :autoplay=\"autoplay\" :youtube=\"youtube\" :crop=\"crop\" :youtubelabel=\"youtubelabel\" :background=\"background\" media-id=\"desc_media_6a9c8973ebb77\"><\/lazy-media>\n\t\t\t\t\t\t\t<\/div>\n\n\t\t\t\t\t\t\t<figcaption class=\"sr-only\" ref=\"body\" id=\"desc_media_6a9c8973ebb77\">\n\t\t\t\t\t\t\t\t\t\t\t\t\t\t\t\t<div>Objects Talk Back  &quot;Sharp as a Story&quot; mit Cristina Rivera Garza, 2025 <\/div>\n\t\t\t\t\t\t\t\t\t\t\t\t\t\t\t\t<div class=\"insignificant\">\u00a9 Stiftung Humboldt Forum im Berliner Schloss, Foto: Johannes Berger<\/div>\n\t\t\t\t\t\t\t\t\t<\/figcaption>\n\t\t\t\t\t<\/figure>\n\t<\/lazy-media-inline>\n\t\t\t\t<\/div>\n\t\t\t<\/div>\n\t\t\t<div class=\"col-xs-12 teaser-event-text Infos\">\n\t\t\t\t<div class=\"teaser-event-standard-text\">\n\t\t\t\t\t<div class=\"margin-bottom-atom\">\n\t\t\t\t\t\t<div class=\"subline clamp-1\" v-html=\"maingenre\"><\/div>\n\t\t\t\t\t\t\t\t\t\t\t<\/div>\n\t\t\t\t\n\t\t\t\t\t<strong class=\"margin-bottom-atom\">Objects talk back<\/strong>\n\n\t\t\t\t\t\t\t\t\t\t\t<div class=\"\">International writers select an object to speak from-through-with<\/div>\n\t\t\t\t\t\t\t\t\t<\/div>\n\t\t\t\t<div class=\"teaser-bottom border-bottom\">\n\t\t\t\t<calendardateline :rawitem='item' :show-icon=\"true\"><\/calendardateline>\n\t\t\t\t\t<hr>\n\t\t\t\t<\/div>\n\t\t\t<\/div>\n\t\t<\/div>\n\t<\/a>\n\t<\/calendarteaser>\n<\/li>\n\n<li class=\"teaser-lane-slide col-xs-9 col-sm-4 col-md-3 teaser-wrapper col-padding-remove\">\n\t<calendarteaser key=\"4344216974\" rawitem='{&quot;postId&quot;:43442,&quot;title&quot;:&quot;The Particular View&quot;,&quot;excerpt&quot;:&quot;&quot;,&quot;slug&quot;:&quot;the-particular-view&quot;,&quot;type&quot;:&quot;event-sequence&quot;,&quot;post_date&quot;:&quot;2022-05-23T11:15&quot;,&quot;permalink&quot;:&quot;https:\\\/\\\/www.humboldtforum.org\\\/en\\\/programm\\\/event-reihe\\\/guided-tour\\\/the-particular-view-43442\\\/&quot;,&quot;genre&quot;:[822],&quot;genre_details&quot;:[{&quot;text&quot;:&quot;Guided Tour&quot;,&quot;id&quot;:822,&quot;icon&quot;:null,&quot;parent&quot;:0}],&quot;stakeholder&quot;:[594],&quot;stakeholder_details&quot;:[{&quot;text&quot;:&quot;Staatliche Museen zu Berlin&quot;,&quot;id&quot;:594,&quot;icon&quot;:null,&quot;parent&quot;:0}],&quot;language&quot;:[579],&quot;language_details&quot;:[{&quot;text&quot;:&quot;German&quot;,&quot;id&quot;:579,&quot;icon&quot;:null,&quot;parent&quot;:0}],&quot;groupsize&quot;:[1091],&quot;groupsize_details&quot;:[{&quot;text&quot;:&quot;max. 20 persons&quot;,&quot;id&quot;:1091,&quot;icon&quot;:null,&quot;parent&quot;:0}],&quot;place&quot;:[900,901,897],&quot;place_details&quot;:{&quot;place&quot;:&quot;Humboldt Forum&quot;,&quot;map&quot;:&quot;Humboldt Forum, Schlossplatz, Berlin&quot;,&quot;room&quot;:&quot;Africa, 2nd floor, Americas, 2nd floor, Asia, 3rd floor&quot;},&quot;icon_overwrite&quot;:&quot;&quot;,&quot;acf&quot;:{&quot;subline&quot;:&quot;Curators guide through the Ethnological Collections and Asian Art&quot;,&quot;additional_info&quot;:{&quot;icon&quot;:&quot;0&quot;,&quot;text&quot;:&quot;&quot;},&quot;highlight_header&quot;:false,&quot;featured_images&quot;:[147896],&quot;use_video_in_teasers&quot;:false,&quot;hyphenation&quot;:true,&quot;manual_period&quot;:false,&quot;tipp&quot;:false,&quot;joker&quot;:false,&quot;live&quot;:false,&quot;hide_event_in_program&quot;:false,&quot;tickettext&quot;:&quot;8 \\u20ac&quot;,&quot;noindex&quot;:false,&quot;keywords&quot;:&quot;&quot;,&quot;belongsto&quot;:false,&quot;shorturl&quot;:&quot;&quot;,&quot;infotext&quot;:&quot;New dates are displayed below. &quot;,&quot;from&quot;:&quot;20221031&quot;,&quot;overwrite_date&quot;:&quot;Event series&quot;,&quot;announcement&quot;:&quot;Event series&quot;,&quot;events&quot;:[148755,154815,158179]},&quot;date&quot;:{&quot;NLAST&quot;:&quot;202605021400&quot;,&quot;NX&quot;:null,&quot;NXX&quot;:null,&quot;from_DATE&quot;:&quot;20250828 17:00&quot;,&quot;from&quot;:1756386000,&quot;to&quot;:1777716000,&quot;to_DATE&quot;:&quot;20260502 14:00&quot;,&quot;from_HRFSHORT&quot;:&quot;28 Aug 2025&quot;,&quot;from_HRFSHORT_WD&quot;:&quot;Thu, 28 Aug 2025&quot;,&quot;to_HRFSHORT&quot;:&quot; 2 May 2026&quot;,&quot;to_HRFSHORT_WD&quot;:&quot;Sat,  2 May 2026&quot;,&quot;from_HRF&quot;:&quot;Thu, 28 August 2025&quot;,&quot;to_HRF&quot;:&quot;Sat,  2 May 2026&quot;,&quot;from_to_HRF&quot;:&quot;Thu, 28 August 2025 \\u2013 Sat,  2 May 2026&quot;,&quot;from_to_HRFSHORT&quot;:&quot;28 Aug 2025 \\u2013  2 May 2026&quot;},&quot;alert&quot;:null,&quot;partof&quot;:[],&quot;marketing_topic&quot;:&quot;&quot;}' inline-template>\n\t<a href=\"https:\/\/www.humboldtforum.org\/en\/programm\/event-reihe\/guided-tour\/the-particular-view-43442\/\" class=\"teaser teaser-event-sequence teaser-event-standard\">\n\t\t<div class=\"row\">\n\t\t\t<div class=\"col-xs-12 teaser-event-image\">\n\t\t\t\t<div class=\"teaser-image teaser-image-no-alternate\">\n\t\t\t\t\t\t\t\t\t\t\t\n\t<lazy-media-inline inline-template>\n\t\t<figure itemscope itemtype=\"http:\/\/schema.org\/ImageObject\" class=\"lazy-media-inline \" role=\"group\" id=\"media_6a9c8973ec263\" aria-labelledby=\"desc_media_6a9c8973ec263\">\n\t\t\t<script type=\"application\/json\" ref=\"data\">\n\t\t\t\t{\n\t\t\t\t\"sizes\" : {\"medium\":{\"file\":\"SHF_eb00245459-300x200.jpg\",\"width\":300,\"height\":200,\"mime-type\":\"image\\\/jpeg\",\"filesize\":13243},\"large\":{\"file\":\"SHF_eb00245459-1024x683.jpg\",\"width\":1024,\"height\":683,\"mime-type\":\"image\\\/jpeg\",\"filesize\":86426},\"thumbnail\":{\"file\":\"SHF_eb00245459-150x150.jpg\",\"width\":150,\"height\":150,\"mime-type\":\"image\\\/jpeg\",\"filesize\":5724},\"medium_large\":{\"file\":\"SHF_eb00245459-768x512.jpg\",\"width\":768,\"height\":512,\"mime-type\":\"image\\\/jpeg\",\"filesize\":54568},\"small\":{\"file\":\"SHF_eb00245459-440x293.jpg\",\"width\":440,\"height\":293,\"mime-type\":\"image\\\/jpeg\",\"filesize\":23679},\"semi\":{\"file\":\"SHF_eb00245459-580x387.jpg\",\"width\":580,\"height\":387,\"mime-type\":\"image\\\/jpeg\",\"filesize\":36358},\"mobile\":{\"file\":\"SHF_eb00245459-720x480.jpg\",\"width\":720,\"height\":480,\"mime-type\":\"image\\\/jpeg\",\"filesize\":49354},\"hd\":{\"file\":\"SHF_eb00245459-1280x854.jpg\",\"width\":1280,\"height\":854,\"mime-type\":\"image\\\/jpeg\",\"filesize\":124717},\"full\":{\"file\":\"SHF_eb00245459-1920x1280.jpg\",\"width\":1920,\"height\":1280,\"mime-type\":\"image\\\/jpeg\",\"filesize\":254139},\"1536x1536\":{\"file\":\"SHF_eb00245459-1536x1024.jpg\",\"width\":1536,\"height\":1024,\"mime-type\":\"image\\\/jpeg\",\"filesize\":169659},\"2048x2048\":{\"file\":\"SHF_eb00245459-2048x1366.jpg\",\"width\":2048,\"height\":1366,\"mime-type\":\"image\\\/jpeg\",\"filesize\":287958},\"original\":{\"file\":\"SHF_eb00245459.jpg\",\"width\":2500,\"height\":1667}},\n\t\t\t\t\"alt\" : \"Group of people in a museum gathered around a speaker in a bright room.\",\n\t\t\t\t\"path\" : \"\\\/wp-content\\\/uploads\\\/2022\\\/05\\\/\",\n\t\t\t\t\"video\" : null,\n\t\t\t\t\"autoplay\" : null,\n\t\t\t\t\"youtube\" : null,\n\t\t\t\t\"youtubelabel\" : \"Play video\",\n\t\t\t\t\"brightness\" : 100,\n\t\t\t\t\"crop\" : null,\n\t\t\t\t\"background\" : true,\n\t\t\t\t\"scale\" : 2\t\t\t\t}\n\t\t\t<\/script>\n\n\t\t\t<div class=\"height-container\" style=\"padding-bottom:66.68%;\" v-if=\"sizes\">\n\t\t\t\t\t\t\t\t<lazy-media :inline=\"true\" :alt=\"alt\" :sizes=\"sizes\" :scale=\"scale\" :brightness=\"brightness\" :path=\"path\" :video=\"video\" :autoplay=\"autoplay\" :youtube=\"youtube\" :crop=\"crop\" :youtubelabel=\"youtubelabel\" :background=\"background\" media-id=\"desc_media_6a9c8973ec263\"><\/lazy-media>\n\t\t\t\t\t\t\t<\/div>\n\n\t\t\t\t\t\t\t<figcaption class=\"sr-only\" ref=\"body\" id=\"desc_media_6a9c8973ec263\">\n\t\t\t\t\t\t\t\t\t\t\t<div>At the event &quot;Intertwined Memory(s).\r\nTraces of the Shoah and colonialism in the Berlin Palace and the Ethnological Collections&quot;  <\/div>\n\t\t\t\t\t\t\t\t\t\t\t\t\t\t\t\t\t\t\t\t\t<div class=\"insignificant\">\u00a9 Staatliche Museen zu Berlin \/ Ethnologisches Museum, Foto: Frank Sperling<\/div>\n\t\t\t\t\t\t\t\t\t<\/figcaption>\n\t\t\t\t\t<\/figure>\n\t<\/lazy-media-inline>\n\t\t\t\t<\/div>\n\t\t\t<\/div>\n\t\t\t<div class=\"col-xs-12 teaser-event-text Infos\">\n\t\t\t\t<div class=\"teaser-event-standard-text\">\n\t\t\t\t\t<div class=\"margin-bottom-atom\">\n\t\t\t\t\t\t<div class=\"subline clamp-1\" v-html=\"maingenre\"><\/div>\n\t\t\t\t\t\t\t\t\t\t\t<\/div>\n\t\t\t\t\n\t\t\t\t\t<strong class=\"margin-bottom-atom\">The Particular View<\/strong>\n\n\t\t\t\t\t\t\t\t\t\t\t<div class=\"\">Curators guide through the Ethnological Collections and Asian Art<\/div>\n\t\t\t\t\t\t\t\t\t<\/div>\n\t\t\t\t<div class=\"teaser-bottom border-bottom\">\n\t\t\t\t<calendardateline :rawitem='item' :show-icon=\"true\"><\/calendardateline>\n\t\t\t\t\t<hr>\n\t\t\t\t<\/div>\n\t\t\t<\/div>\n\t\t<\/div>\n\t<\/a>\n\t<\/calendarteaser>\n<\/li>\n\n<li class=\"teaser-lane-slide col-xs-9 col-sm-4 col-md-3 teaser-wrapper col-padding-remove\">\n\t<calendarteaser key=\"538202128\" rawitem='{&quot;postId&quot;:53820,&quot;title&quot;:&quot;One Object, Many Questions&quot;,&quot;excerpt&quot;:&quot;&quot;,&quot;slug&quot;:&quot;ein-objekt-viele-fragen&quot;,&quot;type&quot;:&quot;event-sequence&quot;,&quot;post_date&quot;:&quot;2022-07-06T13:43&quot;,&quot;permalink&quot;:&quot;https:\\\/\\\/www.humboldtforum.org\\\/en\\\/programm\\\/event-reihe\\\/discourse\\\/ein-objekt-viele-fragen-53820\\\/&quot;,&quot;genre&quot;:[566],&quot;genre_details&quot;:[{&quot;text&quot;:&quot;Discourse&quot;,&quot;id&quot;:566,&quot;icon&quot;:null,&quot;parent&quot;:0}],&quot;stakeholder&quot;:[593,592,594,595],&quot;stakeholder_details&quot;:[{&quot;text&quot;:&quot;Berlin Museum&quot;,&quot;id&quot;:593,&quot;icon&quot;:null,&quot;parent&quot;:0},{&quot;text&quot;:&quot;Humboldt-Universit\\u00e4t zu Berlin&quot;,&quot;id&quot;:592,&quot;icon&quot;:null,&quot;parent&quot;:0},{&quot;text&quot;:&quot;Staatliche Museen zu Berlin&quot;,&quot;id&quot;:594,&quot;icon&quot;:null,&quot;parent&quot;:0},{&quot;text&quot;:&quot;Stiftung Humboldt Forum im Berliner Schloss&quot;,&quot;id&quot;:595,&quot;icon&quot;:null,&quot;parent&quot;:0}],&quot;icon_overwrite&quot;:&quot;&quot;,&quot;acf&quot;:{&quot;subline&quot;:&quot;Discourse series with changing topics and guests&quot;,&quot;additional_info&quot;:{&quot;icon&quot;:&quot;0&quot;,&quot;text&quot;:&quot;&quot;},&quot;highlight_header&quot;:false,&quot;featured_images&quot;:[135273],&quot;use_video_in_teasers&quot;:false,&quot;hyphenation&quot;:true,&quot;manual_period&quot;:false,&quot;tipp&quot;:false,&quot;joker&quot;:false,&quot;live&quot;:false,&quot;hide_event_in_program&quot;:false,&quot;noindex&quot;:false,&quot;keywords&quot;:&quot;&quot;,&quot;belongsto&quot;:false,&quot;shorturl&quot;:&quot;&quot;,&quot;overwrite_date&quot;:&quot;since November 2021&quot;,&quot;announcement&quot;:&quot;Veranstaltungsreihe&quot;,&quot;events&quot;:{&quot;1&quot;:120233,&quot;2&quot;:143378}},&quot;date&quot;:{&quot;NLAST&quot;:&quot;202503151600&quot;,&quot;NX&quot;:null,&quot;NXX&quot;:null,&quot;from_DATE&quot;:&quot;20240327 17:00&quot;,&quot;from&quot;:1711551600,&quot;to&quot;:1742047200,&quot;to_DATE&quot;:&quot;20250315 16:00&quot;,&quot;from_HRFSHORT&quot;:&quot;27 Mar 2024&quot;,&quot;from_HRFSHORT_WD&quot;:&quot;Wed, 27 Mar 2024&quot;,&quot;to_HRFSHORT&quot;:&quot;15 Mar 2025&quot;,&quot;to_HRFSHORT_WD&quot;:&quot;Sat, 15 Mar 2025&quot;,&quot;from_HRF&quot;:&quot;Wed, 27 March 2024&quot;,&quot;to_HRF&quot;:&quot;Sat, 15 March 2025&quot;,&quot;from_to_HRF&quot;:&quot;Wed, 27 March 2024 \\u2013 Sat, 15 March 2025&quot;,&quot;from_to_HRFSHORT&quot;:&quot;27 Mar 2024 \\u2013 15 Mar 2025&quot;},&quot;alert&quot;:null,&quot;partof&quot;:[],&quot;marketing_topic&quot;:&quot;&quot;}' inline-template>\n\t<a href=\"https:\/\/www.humboldtforum.org\/en\/programm\/event-reihe\/discourse\/ein-objekt-viele-fragen-53820\/\" class=\"teaser teaser-event-sequence teaser-event-standard\">\n\t\t<div class=\"row\">\n\t\t\t<div class=\"col-xs-12 teaser-event-image\">\n\t\t\t\t<div class=\"teaser-image teaser-image-no-alternate\">\n\t\t\t\t\t\t\t\t\t\t\t\n\t<lazy-media-inline inline-template>\n\t\t<figure itemscope itemtype=\"http:\/\/schema.org\/ImageObject\" class=\"lazy-media-inline \" role=\"group\" id=\"media_6a9c8973ec8d7\" aria-labelledby=\"desc_media_6a9c8973ec8d7\">\n\t\t\t<script type=\"application\/json\" ref=\"data\">\n\t\t\t\t{\n\t\t\t\t\"sizes\" : {\"medium\":{\"file\":\"SHF_eb00230052-300x200.jpg\",\"width\":300,\"height\":200,\"mime-type\":\"image\\\/jpeg\",\"filesize\":13362},\"large\":{\"file\":\"SHF_eb00230052-1024x683.jpg\",\"width\":1024,\"height\":683,\"mime-type\":\"image\\\/jpeg\",\"filesize\":75686},\"thumbnail\":{\"file\":\"SHF_eb00230052-150x150.jpg\",\"width\":150,\"height\":150,\"mime-type\":\"image\\\/jpeg\",\"filesize\":6168},\"medium_large\":{\"file\":\"SHF_eb00230052-768x512.jpg\",\"width\":768,\"height\":512,\"mime-type\":\"image\\\/jpeg\",\"filesize\":49766},\"small\":{\"file\":\"SHF_eb00230052-440x293.jpg\",\"width\":440,\"height\":293,\"mime-type\":\"image\\\/jpeg\",\"filesize\":22699},\"semi\":{\"file\":\"SHF_eb00230052-580x387.jpg\",\"width\":580,\"height\":387,\"mime-type\":\"image\\\/jpeg\",\"filesize\":34098},\"mobile\":{\"file\":\"SHF_eb00230052-720x480.jpg\",\"width\":720,\"height\":480,\"mime-type\":\"image\\\/jpeg\",\"filesize\":45135},\"hd\":{\"file\":\"SHF_eb00230052-1280x854.jpg\",\"width\":1280,\"height\":854,\"mime-type\":\"image\\\/jpeg\",\"filesize\":105123},\"full\":{\"file\":\"SHF_eb00230052-1920x1280.jpg\",\"width\":1920,\"height\":1280,\"mime-type\":\"image\\\/jpeg\",\"filesize\":198911},\"1536x1536\":{\"file\":\"SHF_eb00230052-1536x1024.jpg\",\"width\":1536,\"height\":1024,\"mime-type\":\"image\\\/jpeg\",\"filesize\":138921},\"2048x2048\":{\"file\":\"SHF_eb00230052-2048x1366.jpg\",\"width\":2048,\"height\":1366,\"mime-type\":\"image\\\/jpeg\",\"filesize\":222285},\"original\":{\"file\":\"SHF_eb00230052.jpg\",\"width\":2500,\"height\":1667}},\n\t\t\t\t\"alt\" : \"Group of five people having a conversation in a modern room, relaxed atmosphere.\",\n\t\t\t\t\"path\" : \"\\\/wp-content\\\/uploads\\\/2022\\\/07\\\/\",\n\t\t\t\t\"video\" : null,\n\t\t\t\t\"autoplay\" : null,\n\t\t\t\t\"youtube\" : null,\n\t\t\t\t\"youtubelabel\" : \"Play video\",\n\t\t\t\t\"brightness\" : 100,\n\t\t\t\t\"crop\" : null,\n\t\t\t\t\"background\" : true,\n\t\t\t\t\"scale\" : 2\t\t\t\t}\n\t\t\t<\/script>\n\n\t\t\t<div class=\"height-container\" style=\"padding-bottom:66.68%;\" v-if=\"sizes\">\n\t\t\t\t\t\t\t\t<lazy-media :inline=\"true\" :alt=\"alt\" :sizes=\"sizes\" :scale=\"scale\" :brightness=\"brightness\" :path=\"path\" :video=\"video\" :autoplay=\"autoplay\" :youtube=\"youtube\" :crop=\"crop\" :youtubelabel=\"youtubelabel\" :background=\"background\" media-id=\"desc_media_6a9c8973ec8d7\"><\/lazy-media>\n\t\t\t\t\t\t\t<\/div>\n\n\t\t\t\t\t\t\t<figcaption class=\"sr-only\" ref=\"body\" id=\"desc_media_6a9c8973ec8d7\">\n\t\t\t\t\t\t\t\t\t\t\t\t\t\t\t\t\t\t\t\t\t<div class=\"insignificant\">\u00a9 Staatliche Museen zu Berlin \/ Ethnologisches Museum, Foto: Frank Sperling<\/div>\n\t\t\t\t\t\t\t\t\t<\/figcaption>\n\t\t\t\t\t<\/figure>\n\t<\/lazy-media-inline>\n\t\t\t\t<\/div>\n\t\t\t<\/div>\n\t\t\t<div class=\"col-xs-12 teaser-event-text Infos\">\n\t\t\t\t<div class=\"teaser-event-standard-text\">\n\t\t\t\t\t<div class=\"margin-bottom-atom\">\n\t\t\t\t\t\t<div class=\"subline clamp-1\" v-html=\"maingenre\"><\/div>\n\t\t\t\t\t\t\t\t\t\t\t<\/div>\n\t\t\t\t\n\t\t\t\t\t<strong class=\"margin-bottom-atom\">One Object, Many Questions<\/strong>\n\n\t\t\t\t\t\t\t\t\t\t\t<div class=\"\">Discourse series with changing topics and guests<\/div>\n\t\t\t\t\t\t\t\t\t<\/div>\n\t\t\t\t<div class=\"teaser-bottom border-bottom\">\n\t\t\t\t<calendardateline :rawitem='item' :show-icon=\"true\"><\/calendardateline>\n\t\t\t\t\t<hr>\n\t\t\t\t<\/div>\n\t\t\t<\/div>\n\t\t<\/div>\n\t<\/a>\n\t<\/calendarteaser>\n<\/li>\n\n<li class=\"teaser-lane-slide col-xs-9 col-sm-4 col-md-3 teaser-wrapper col-padding-remove\">\n\t<calendarteaser key=\"5799717344\" rawitem='{&quot;postId&quot;:57997,&quot;title&quot;:&quot;Studio 9. Der Tag mit ...&quot;,&quot;excerpt&quot;:&quot;&quot;,&quot;slug&quot;:&quot;studio-9-der-tag-mit&quot;,&quot;type&quot;:&quot;event-sequence&quot;,&quot;post_date&quot;:&quot;2022-10-27T09:42&quot;,&quot;permalink&quot;:&quot;https:\\\/\\\/www.humboldtforum.org\\\/en\\\/programm\\\/event-reihe\\\/talk\\\/studio-9-der-tag-mit-57997\\\/&quot;,&quot;genre&quot;:[1079],&quot;genre_details&quot;:[{&quot;text&quot;:&quot;Talk&quot;,&quot;id&quot;:1079,&quot;icon&quot;:null,&quot;parent&quot;:0}],&quot;stakeholder&quot;:[593,592,594,595],&quot;stakeholder_details&quot;:[{&quot;text&quot;:&quot;Berlin Museum&quot;,&quot;id&quot;:593,&quot;icon&quot;:null,&quot;parent&quot;:0},{&quot;text&quot;:&quot;Humboldt-Universit\\u00e4t zu Berlin&quot;,&quot;id&quot;:592,&quot;icon&quot;:null,&quot;parent&quot;:0},{&quot;text&quot;:&quot;Staatliche Museen zu Berlin&quot;,&quot;id&quot;:594,&quot;icon&quot;:null,&quot;parent&quot;:0},{&quot;text&quot;:&quot;Stiftung Humboldt Forum im Berliner Schloss&quot;,&quot;id&quot;:595,&quot;icon&quot;:null,&quot;parent&quot;:0}],&quot;language&quot;:[579],&quot;language_details&quot;:[{&quot;text&quot;:&quot;German&quot;,&quot;id&quot;:579,&quot;icon&quot;:null,&quot;parent&quot;:0}],&quot;place&quot;:[1559],&quot;place_details&quot;:{&quot;place&quot;:&quot;Mechanical Arena in the Foyer&quot;,&quot;map&quot;:&quot;Humboldt Forum, Schlossplatz, Berlin&quot;,&quot;room&quot;:&quot;&quot;},&quot;icon_overwrite&quot;:&quot;&quot;,&quot;acf&quot;:{&quot;subline&quot;:&quot;Deutschlandfunk Kultur broadcasts live from the Humboldt Forum&quot;,&quot;additional_info&quot;:{&quot;icon&quot;:&quot;icon-serientermin&quot;,&quot;text&quot;:&quot;from 11.50 a.m. to 1 p.m. (start of live broadcast at 12.05 p.m.)&quot;},&quot;highlight_header&quot;:false,&quot;featured_images&quot;:[58817],&quot;use_video_in_teasers&quot;:false,&quot;hyphenation&quot;:true,&quot;manual_period&quot;:false,&quot;tipp&quot;:false,&quot;joker&quot;:false,&quot;live&quot;:false,&quot;hide_event_in_program&quot;:false,&quot;noindex&quot;:false,&quot;keywords&quot;:&quot;&quot;,&quot;belongsto&quot;:false,&quot;shorturl&quot;:&quot;&quot;,&quot;events&quot;:[141054,142892,143747,143756,146145,147671,148015,148335,149230,149238,151205,153568,155670,156519,156475,156998,157793,161001,161297,162398,162811,163668,164100,165304,165696,167790,170057,170538],&quot;tickettext&quot;:&quot;free of charge&quot;,&quot;overwrite_date&quot;:&quot;Event series&quot;,&quot;announcement&quot;:&quot;Event series&quot;},&quot;date&quot;:{&quot;NLAST&quot;:&quot;202609091200&quot;,&quot;NX&quot;:&quot;20260909&quot;,&quot;NXX&quot;:&quot;202609091200&quot;,&quot;from_DATE&quot;:&quot;20241221 12:00&quot;,&quot;from&quot;:1734775200,&quot;to&quot;:1788944400,&quot;to_DATE&quot;:&quot;20260909 12:00&quot;,&quot;from_HRFSHORT&quot;:&quot;21 Dec 2024&quot;,&quot;from_HRFSHORT_WD&quot;:&quot;Sat, 21 Dec 2024&quot;,&quot;to_HRFSHORT&quot;:&quot; 9 Sep 2026&quot;,&quot;to_HRFSHORT_WD&quot;:&quot;Wed,  9 Sep 2026&quot;,&quot;from_HRF&quot;:&quot;Sat, 21 December 2024&quot;,&quot;to_HRF&quot;:&quot;Wed,  9 September 2026&quot;,&quot;from_to_HRF&quot;:&quot;Sat, 21 December 2024 \\u2013 Wed,  9 September 2026&quot;,&quot;from_to_HRFSHORT&quot;:&quot;21 Dec 2024 \\u2013  9 Sep 2026&quot;},&quot;alert&quot;:&quot;ends soon&quot;,&quot;partof&quot;:[],&quot;marketing_topic&quot;:&quot;&quot;}' inline-template>\n\t<a href=\"https:\/\/www.humboldtforum.org\/en\/programm\/event-reihe\/talk\/studio-9-der-tag-mit-57997\/\" class=\"teaser teaser-event-sequence teaser-event-standard\">\n\t\t<div class=\"row\">\n\t\t\t<div class=\"col-xs-12 teaser-event-image\">\n\t\t\t\t<div class=\"teaser-image teaser-image-no-alternate\">\n\t\t\t\t\t\t\t\t\t\t\t\t\t<span class=\"alert\">ends soon<\/span>\n\t\t\t\t\t\t\t\t\t\t\t\n\t<lazy-media-inline inline-template>\n\t\t<figure itemscope itemtype=\"http:\/\/schema.org\/ImageObject\" class=\"lazy-media-inline \" role=\"group\" id=\"media_6a9c8973ecf52\" aria-labelledby=\"desc_media_6a9c8973ecf52\">\n\t\t\t<script type=\"application\/json\" ref=\"data\">\n\t\t\t\t{\n\t\t\t\t\"sizes\" : {\"medium\":{\"file\":\"Dlf-Kultur_Offenes-Studio-Humboldt_Forum-Webseite-5000x2195-1-300x132.jpg\",\"width\":300,\"height\":132,\"mime-type\":\"image\\\/jpeg\",\"filesize\":4916},\"large\":{\"file\":\"Dlf-Kultur_Offenes-Studio-Humboldt_Forum-Webseite-5000x2195-1-1024x450.jpg\",\"width\":1024,\"height\":450,\"mime-type\":\"image\\\/jpeg\",\"filesize\":25921},\"thumbnail\":{\"file\":\"Dlf-Kultur_Offenes-Studio-Humboldt_Forum-Webseite-5000x2195-1-150x150.jpg\",\"width\":150,\"height\":150,\"mime-type\":\"image\\\/jpeg\",\"filesize\":3843},\"medium_large\":{\"file\":\"Dlf-Kultur_Offenes-Studio-Humboldt_Forum-Webseite-5000x2195-1-768x337.jpg\",\"width\":768,\"height\":337,\"mime-type\":\"image\\\/jpeg\",\"filesize\":17001},\"small\":{\"file\":\"Dlf-Kultur_Offenes-Studio-Humboldt_Forum-Webseite-5000x2195-1-440x193.jpg\",\"width\":440,\"height\":193,\"mime-type\":\"image\\\/jpeg\",\"filesize\":8002},\"semi\":{\"file\":\"Dlf-Kultur_Offenes-Studio-Humboldt_Forum-Webseite-5000x2195-1-580x255.jpg\",\"width\":580,\"height\":255,\"mime-type\":\"image\\\/jpeg\",\"filesize\":11243},\"mobile\":{\"file\":\"Dlf-Kultur_Offenes-Studio-Humboldt_Forum-Webseite-5000x2195-1-720x316.jpg\",\"width\":720,\"height\":316,\"mime-type\":\"image\\\/jpeg\",\"filesize\":15240},\"hd\":{\"file\":\"Dlf-Kultur_Offenes-Studio-Humboldt_Forum-Webseite-5000x2195-1-1280x562.jpg\",\"width\":1280,\"height\":562,\"mime-type\":\"image\\\/jpeg\",\"filesize\":36986},\"full\":{\"file\":\"Dlf-Kultur_Offenes-Studio-Humboldt_Forum-Webseite-5000x2195-1-1920x843.jpg\",\"width\":1920,\"height\":843,\"mime-type\":\"image\\\/jpeg\",\"filesize\":76415},\"xxl\":{\"file\":\"Dlf-Kultur_Offenes-Studio-Humboldt_Forum-Webseite-5000x2195-1-4048x1777.jpg\",\"width\":4048,\"height\":1777,\"mime-type\":\"image\\\/jpeg\",\"filesize\":360962},\"1536x1536\":{\"file\":\"Dlf-Kultur_Offenes-Studio-Humboldt_Forum-Webseite-5000x2195-1-1536x674.jpg\",\"width\":1536,\"height\":674,\"mime-type\":\"image\\\/jpeg\",\"filesize\":50970},\"2048x2048\":{\"file\":\"Dlf-Kultur_Offenes-Studio-Humboldt_Forum-Webseite-5000x2195-1-2048x899.jpg\",\"width\":2048,\"height\":899,\"mime-type\":\"image\\\/jpeg\",\"filesize\":86997},\"original\":{\"file\":\"Dlf-Kultur_Offenes-Studio-Humboldt_Forum-Webseite-5000x2195-1.jpg\",\"width\":5000,\"height\":2195}},\n\t\t\t\t\"alt\" : \"Bald man in a suit smiles in front of a neutral background wall.\",\n\t\t\t\t\"path\" : \"\\\/wp-content\\\/uploads\\\/2022\\\/10\\\/\",\n\t\t\t\t\"video\" : null,\n\t\t\t\t\"autoplay\" : null,\n\t\t\t\t\"youtube\" : null,\n\t\t\t\t\"youtubelabel\" : \"Play video\",\n\t\t\t\t\"brightness\" : 100,\n\t\t\t\t\"crop\" : {\"top\":\"50.00\",\"left\":\"50.00\"},\n\t\t\t\t\"background\" : true,\n\t\t\t\t\"scale\" : 2\t\t\t\t}\n\t\t\t<\/script>\n\n\t\t\t<div class=\"height-container\" style=\"padding-bottom:43.9%;\" v-if=\"sizes\">\n\t\t\t\t\t\t\t\t<lazy-media :inline=\"true\" :alt=\"alt\" :sizes=\"sizes\" :scale=\"scale\" :brightness=\"brightness\" :path=\"path\" :video=\"video\" :autoplay=\"autoplay\" :youtube=\"youtube\" :crop=\"crop\" :youtubelabel=\"youtubelabel\" :background=\"background\" media-id=\"desc_media_6a9c8973ecf52\"><\/lazy-media>\n\t\t\t\t\t\t\t<\/div>\n\n\t\t\t\t\t\t\t<figcaption class=\"sr-only\" ref=\"body\" id=\"desc_media_6a9c8973ecf52\">\n\t\t\t\t\t\t\t\t\t\t\t\t\t\t\t\t<div>Korbinian Frenzel <\/div>\n\t\t\t\t\t\t\t\t\t\t\t\t\t\t<\/figcaption>\n\t\t\t\t\t<\/figure>\n\t<\/lazy-media-inline>\n\t\t\t\t<\/div>\n\t\t\t<\/div>\n\t\t\t<div class=\"col-xs-12 teaser-event-text Infos\">\n\t\t\t\t<div class=\"teaser-event-standard-text\">\n\t\t\t\t\t<div class=\"margin-bottom-atom\">\n\t\t\t\t\t\t<div class=\"subline clamp-1\" v-html=\"maingenre\"><\/div>\n\t\t\t\t\t\t\t\t\t\t\t<\/div>\n\t\t\t\t\n\t\t\t\t\t<strong class=\"margin-bottom-atom\">Studio 9. Der Tag mit &#8230;<\/strong>\n\n\t\t\t\t\t\t\t\t\t\t\t<div class=\"\">Deutschlandfunk Kultur broadcasts live from the Humboldt Forum<\/div>\n\t\t\t\t\t\t\t\t\t<\/div>\n\t\t\t\t<div class=\"teaser-bottom border-bottom\">\n\t\t\t\t<calendardateline :rawitem='item' :show-icon=\"true\"><\/calendardateline>\n\t\t\t\t\t<hr>\n\t\t\t\t<\/div>\n\t\t\t<\/div>\n\t\t<\/div>\n\t<\/a>\n\t<\/calendarteaser>\n<\/li>\n\n\t\t\t\t\t\t<\/ul>\n\t\t\t\t\t<\/div>\n\t\t\t\t<\/div>\n\t\t\t<\/teaser-lane-with-buttons>\n\t\t\t\t<\/lazy-component>\n<\/section>\n\n\n\n<section class=\"block block-CTA block-CTA-long leftgradient\">\n\t<div class=\"container-fluid\">\n\t\t<div class=\"row center-xs\">\n\t\t\t<div class=\"col-xs-12\">\n\t\t\t\t<div class=\"box\">\n\t\t\t\t\t<a href=\"https:\/\/www.humboldtforum.org\/en\/newsletter-2\/\" aria-label=\"Stay up to date.\" class=\"teaser teaser-cta-wide \">\n\t\t\t\t\t\t<div class=\"teaser-image\">\n\t\t\t\t\t\t\t\n\t<lazy-media-inline inline-template>\n\t\t<figure itemscope itemtype=\"http:\/\/schema.org\/ImageObject\" class=\"lazy-media-inline \" role=\"group\" id=\"media_6a9c8973ef611\" aria-labelledby=\"desc_media_6a9c8973ef611\">\n\t\t\t<script type=\"application\/json\" ref=\"data\">\n\t\t\t\t{\n\t\t\t\t\"sizes\" : {\"medium\":{\"file\":\"HF_eb00061823-scaled-300x200.jpg\",\"width\":300,\"height\":200,\"mime-type\":\"image\\\/jpeg\",\"filesize\":19186},\"large\":{\"file\":\"HF_eb00061823-scaled-1024x683.jpg\",\"width\":1024,\"height\":683,\"mime-type\":\"image\\\/jpeg\",\"filesize\":138597},\"thumbnail\":{\"file\":\"HF_eb00061823-scaled-150x150.jpg\",\"width\":150,\"height\":150,\"mime-type\":\"image\\\/jpeg\",\"filesize\":8481},\"medium_large\":{\"file\":\"HF_eb00061823-scaled-768x512.jpg\",\"width\":768,\"height\":512,\"mime-type\":\"image\\\/jpeg\",\"filesize\":86200},\"small\":{\"file\":\"HF_eb00061823-scaled-440x293.jpg\",\"width\":440,\"height\":293,\"mime-type\":\"image\\\/jpeg\",\"filesize\":35525},\"semi\":{\"file\":\"HF_eb00061823-scaled-580x387.jpg\",\"width\":580,\"height\":387,\"mime-type\":\"image\\\/jpeg\",\"filesize\":55724},\"mobile\":{\"file\":\"HF_eb00061823-scaled-720x480.jpg\",\"width\":720,\"height\":480,\"mime-type\":\"image\\\/jpeg\",\"filesize\":77971},\"hd\":{\"file\":\"HF_eb00061823-scaled-1280x854.jpg\",\"width\":1280,\"height\":854,\"mime-type\":\"image\\\/jpeg\",\"filesize\":202477},\"full\":{\"file\":\"HF_eb00061823-scaled-1920x1280.jpg\",\"width\":1920,\"height\":1280,\"mime-type\":\"image\\\/jpeg\",\"filesize\":386736},\"1536x1536\":{\"file\":\"HF_eb00061823-scaled-1536x1024.jpg\",\"width\":1536,\"height\":1024,\"mime-type\":\"image\\\/jpeg\",\"filesize\":266197},\"2048x2048\":{\"file\":\"HF_eb00061823-scaled-2048x1366.jpg\",\"width\":2048,\"height\":1366,\"mime-type\":\"image\\\/jpeg\",\"filesize\":430206},\"original\":{\"file\":\"HF_eb00061823-scaled.jpg\",\"width\":2560,\"height\":1707}},\n\t\t\t\t\"alt\" : \"The brightly lit foyer and the Infopoint, DJ booth, the Cosmograph media tower and many visitors milling about\",\n\t\t\t\t\"path\" : \"\\\/wp-content\\\/uploads\\\/2020\\\/04\\\/\",\n\t\t\t\t\"video\" : null,\n\t\t\t\t\"autoplay\" : null,\n\t\t\t\t\"youtube\" : null,\n\t\t\t\t\"youtubelabel\" : \"Play video\",\n\t\t\t\t\"brightness\" : \"70\",\n\t\t\t\t\"crop\" : {\"top\":\"90.17\",\"left\":\"40.27\"},\n\t\t\t\t\"background\" : true,\n\t\t\t\t\"scale\" : 2\t\t\t\t}\n\t\t\t<\/script>\n\n\t\t\t<div class=\"height-container\" style=\"padding-bottom:66.6796875%;\" v-if=\"sizes\">\n\t\t\t\t\t\t\t\t<lazy-media :inline=\"true\" :alt=\"alt\" :sizes=\"sizes\" :scale=\"scale\" :brightness=\"brightness\" :path=\"path\" :video=\"video\" :autoplay=\"autoplay\" :youtube=\"youtube\" :crop=\"crop\" :youtubelabel=\"youtubelabel\" :background=\"background\" media-id=\"desc_media_6a9c8973ef611\"><\/lazy-media>\n\t\t\t\t\t\t\t<\/div>\n\n\t\t\t\t\t\t\t<figcaption class=\"sr-only\" ref=\"body\" id=\"desc_media_6a9c8973ef611\">\n\t\t\t\t\t\t\t\t\t\t\t<div>In the Humboldt Forum&#039;s foyer there is a 17 meter high media tower, called &quot;cosmograph&quot;. It gives visitors comprehensive information about their visit and can transform into an art and light installation.<\/div>\n\t\t\t\t\t\t\t\t\t\t\t\t\t\t\t\t\t\t\t\t\t<div class=\"insignificant\">\u00a9 SHF \/ David von Becker<\/div>\n\t\t\t\t\t\t\t\t\t<\/figcaption>\n\t\t\t\t\t<\/figure>\n\t<\/lazy-media-inline>\n\t\t\t\t\t\t<\/div>\n\t\t\t\t\t\t<div class=\"teaser-content \">\n\t\t\t\t\t\t\t<div>\n\t\t\t\t\t\t\t\t\t\t\t\t\t\t\t\t<div class=\"teaser-header\"><span class=\"h3\">Stay up to date.<\/span><\/div>\n\t\t\t\t\t\t\t\t<div class=\"teaser-subline\"><span class=\"font-decoration\">Subscribe to our newsletter<\/span><\/div>\t\t\t\t\t\t\t\t<button tabindex=\"-1\" class=\"border\">Click here<\/button>\n\t\t\t\t\t\t\t<\/div>\n\t\t\t\t\t\t<\/div>\n\t\t\t\t\t<\/a>\n\t\t\t\t<\/div>\n\t\t\t<\/div>\n\t\t<\/div>\n\t<\/div>\n<\/section>\n\n\n<section class=\"block block-CTA block-CTA-long-right rightgradient\">\n\t<div class=\"container-fluid\">\n\t\t<div class=\"row center-xs\">\n\t\t\t<div class=\"col-xs-12\">\n\t\t\t\t<div class=\"box\">\n\t\t\t\t\t<a href=\"https:\/\/www.humboldtforum.org\/en\/offers\/genre\/publication\/\" aria-label=\"Publications\" class=\"teaser teaser-cta-wide \">\n\t\t\t\t\t\t<div class=\"teaser-image\">\n\t\t\t\t\t\t\t\n\t<lazy-media-inline inline-template>\n\t\t<figure itemscope itemtype=\"http:\/\/schema.org\/ImageObject\" class=\"lazy-media-inline \" role=\"group\" id=\"media_6a9c8973f08a4\" aria-labelledby=\"desc_media_6a9c8973f08a4\">\n\t\t\t<script type=\"application\/json\" ref=\"data\">\n\t\t\t\t{\n\t\t\t\t\"sizes\" : {\"medium\":{\"file\":\"SHF_eb00111181_Publikation-SHF-300x200.jpg\",\"width\":300,\"height\":200,\"mime-type\":\"image\\\/jpeg\"},\"large\":{\"file\":\"SHF_eb00111181_Publikation-SHF-1024x682.jpg\",\"width\":1024,\"height\":682,\"mime-type\":\"image\\\/jpeg\"},\"thumbnail\":{\"file\":\"SHF_eb00111181_Publikation-SHF-150x150.jpg\",\"width\":150,\"height\":150,\"mime-type\":\"image\\\/jpeg\"},\"medium_large\":{\"file\":\"SHF_eb00111181_Publikation-SHF-768x512.jpg\",\"width\":768,\"height\":512,\"mime-type\":\"image\\\/jpeg\"},\"small\":{\"file\":\"SHF_eb00111181_Publikation-SHF-440x293.jpg\",\"width\":440,\"height\":293,\"mime-type\":\"image\\\/jpeg\"},\"semi\":{\"file\":\"SHF_eb00111181_Publikation-SHF-580x387.jpg\",\"width\":580,\"height\":387,\"mime-type\":\"image\\\/jpeg\"},\"mobile\":{\"file\":\"SHF_eb00111181_Publikation-SHF-720x480.jpg\",\"width\":720,\"height\":480,\"mime-type\":\"image\\\/jpeg\"},\"hd\":{\"file\":\"SHF_eb00111181_Publikation-SHF-1280x853.jpg\",\"width\":1280,\"height\":853,\"mime-type\":\"image\\\/jpeg\"},\"full\":{\"file\":\"SHF_eb00111181_Publikation-SHF-1920x1280.jpg\",\"width\":1920,\"height\":1280,\"mime-type\":\"image\\\/jpeg\"},\"1536x1536\":{\"file\":\"SHF_eb00111181_Publikation-SHF-1536x1024.jpg\",\"width\":1536,\"height\":1024,\"mime-type\":\"image\\\/jpeg\"},\"original\":{\"file\":\"SHF_eb00111181_Publikation-SHF.jpg\",\"width\":2000,\"height\":1333}},\n\t\t\t\t\"alt\" : \"Stacks of books with titles on history, postcolonialism, and more, in various colors.\",\n\t\t\t\t\"path\" : \"\\\/wp-content\\\/uploads\\\/2021\\\/07\\\/\",\n\t\t\t\t\"video\" : null,\n\t\t\t\t\"autoplay\" : null,\n\t\t\t\t\"youtube\" : null,\n\t\t\t\t\"youtubelabel\" : \"Play video\",\n\t\t\t\t\"brightness\" : \"70\",\n\t\t\t\t\"crop\" : {\"top\":\"50.00\",\"left\":\"50.00\"},\n\t\t\t\t\"background\" : true,\n\t\t\t\t\"scale\" : 2\t\t\t\t}\n\t\t\t<\/script>\n\n\t\t\t<div class=\"height-container\" style=\"padding-bottom:66.65%;\" v-if=\"sizes\">\n\t\t\t\t\t\t\t\t<lazy-media :inline=\"true\" :alt=\"alt\" :sizes=\"sizes\" :scale=\"scale\" :brightness=\"brightness\" :path=\"path\" :video=\"video\" :autoplay=\"autoplay\" :youtube=\"youtube\" :crop=\"crop\" :youtubelabel=\"youtubelabel\" :background=\"background\" media-id=\"desc_media_6a9c8973f08a4\"><\/lazy-media>\n\t\t\t\t\t\t\t<\/div>\n\n\t\t\t\t\t\t\t<figcaption class=\"sr-only\" ref=\"body\" id=\"desc_media_6a9c8973f08a4\">\n\t\t\t\t\t\t\t\t\t\t\t\t\t\t\t\t\t\t\t\t\t<div class=\"insignificant\">\u00a9 Stiftung Humboldt Forum im Berliner Schloss \/ Photo: kienzle | oberhammer<\/div>\n\t\t\t\t\t\t\t\t\t<\/figcaption>\n\t\t\t\t\t<\/figure>\n\t<\/lazy-media-inline>\n\t\t\t\t\t\t<\/div>\n\t\t\t\t\t\t<div class=\"teaser-content teaser-content-right\">\n\t\t\t\t\t\t\t<div>\n\t\t\t\t\t\t\t\t\t\t\t\t\t\t\t\t<div class=\"teaser-header\"><span class=\"h3\">Publications<\/span><\/div>\n\t\t\t\t\t\t\t\t<div class=\"teaser-subline\"><span class=\"font-decoration\">Books and catalogs accompany the programme and address current debates.<\/span><\/div>\t\t\t\t\t\t\t\t<button tabindex=\"-1\" class=\"border\">More<\/button>\n\t\t\t\t\t\t\t<\/div>\n\t\t\t\t\t\t<\/div>\n\t\t\t\t\t<\/a>\n\t\t\t\t<\/div>\n\t\t\t<\/div>\n\t\t<\/div>\n\t<\/div>\n<\/section>\n","protected":false},"excerpt":{"rendered":"<p>Events, exhibitions, guided tours <\/p>\n","protected":false},"author":30,"featured_media":29046,"parent":0,"menu_order":0,"comment_status":"closed","ping_status":"closed","template":"page-program.php","meta":{"_acf_changed":false,"footnotes":""},"class_list":["post-15921","page","type-page","status-publish","has-post-thumbnail","hentry"],"acf":[],"_links":{"self":[{"href":"https:\/\/www.humboldtforum.org\/en\/wp-json\/wp\/v2\/pages\/15921","targetHints":{"allow":["GET"]}}],"collection":[{"href":"https:\/\/www.humboldtforum.org\/en\/wp-json\/wp\/v2\/pages"}],"about":[{"href":"https:\/\/www.humboldtforum.org\/en\/wp-json\/wp\/v2\/types\/page"}],"author":[{"embeddable":true,"href":"https:\/\/www.humboldtforum.org\/en\/wp-json\/wp\/v2\/users\/30"}],"replies":[{"embeddable":true,"href":"https:\/\/www.humboldtforum.org\/en\/wp-json\/wp\/v2\/comments?post=15921"}],"version-history":[{"count":11,"href":"https:\/\/www.humboldtforum.org\/en\/wp-json\/wp\/v2\/pages\/15921\/revisions"}],"predecessor-version":[{"id":168345,"href":"https:\/\/www.humboldtforum.org\/en\/wp-json\/wp\/v2\/pages\/15921\/revisions\/168345"}],"wp:featuredmedia":[{"embeddable":true,"href":"https:\/\/www.humboldtforum.org\/en\/wp-json\/wp\/v2\/media\/29046"}],"wp:attachment":[{"href":"https:\/\/www.humboldtforum.org\/en\/wp-json\/wp\/v2\/media?parent=15921"}],"curies":[{"name":"wp","href":"https:\/\/api.w.org\/{rel}","templated":true}]}}