{"id":19453,"date":"2021-01-22T09:38:22","date_gmt":"2021-01-22T08:38:22","guid":{"rendered":"https:\/\/www.humboldtforum.org\/?page_id=19453"},"modified":"2026-01-13T08:15:40","modified_gmt":"2026-01-13T07:15:40","slug":"virtual-visit","status":"publish","type":"page","link":"https:\/\/www.humboldtforum.org\/en\/visit\/virtual-visit\/","title":{"rendered":"Virtual Visit"},"content":{"rendered":"<section class=\"block block-header-headline\" >\n    <div class=\"container-fluid\">\n        <div class=\"row\">\n\t\t\t\n                            <div class=\"col-xs-12 col-md-offset-2 col-md-8\">\n                    <div class=\"box\">\n                        <h1>Virtual Visit<\/h1>\n                    <\/div>\n                <\/div>\n                    <\/div>\n    <\/div>\n<\/section>\n\n\n\n\n<section class=\"block block-copy\" >\n    <div class=\"container-fluid\">\n\t\t<div class=\"row \">\n            <div class=\"col-xs-12 col-md-offset-2 col-md-8\">\n                <div class=\"box\">\n                    <div class=\"copy\"><p>Experience the Humboldt Forum in your own home: using a variety of digital formats, we can offer you some first glimpses of the building and our program.<\/p>\n<\/div>\n                <\/div>\n            <\/div>\n\t\t<\/div>\n\t\t    <\/div>\n<\/section>\n\n<section class=\"block block-header\" >\n\t<block-header inline-template>\n\t\t<figure role=\"group\" aria-labelledby=\"desc_m_69f4ef7e3b5f7\">\n\n\t\t\t<script type=\"application\/json\" ref=\"data\">\n\t\t\t\t{\n\t\t\t\t\"sizes_d\" : {\"medium\":{\"file\":\"SHF_eb00110221_desktop-300x300.jpg\",\"width\":300,\"height\":300,\"mime-type\":\"image\\\/jpeg\"},\"large\":{\"file\":\"SHF_eb00110221_desktop-1024x1024.jpg\",\"width\":1024,\"height\":1024,\"mime-type\":\"image\\\/jpeg\"},\"thumbnail\":{\"file\":\"SHF_eb00110221_desktop-150x150.jpg\",\"width\":150,\"height\":150,\"mime-type\":\"image\\\/jpeg\"},\"medium_large\":{\"file\":\"SHF_eb00110221_desktop-768x768.jpg\",\"width\":768,\"height\":768,\"mime-type\":\"image\\\/jpeg\"},\"small\":{\"file\":\"SHF_eb00110221_desktop-440x440.jpg\",\"width\":440,\"height\":440,\"mime-type\":\"image\\\/jpeg\"},\"semi\":{\"file\":\"SHF_eb00110221_desktop-580x580.jpg\",\"width\":580,\"height\":580,\"mime-type\":\"image\\\/jpeg\"},\"mobile\":{\"file\":\"SHF_eb00110221_desktop-720x720.jpg\",\"width\":720,\"height\":720,\"mime-type\":\"image\\\/jpeg\"},\"hd\":{\"file\":\"SHF_eb00110221_desktop-1280x1280.jpg\",\"width\":1280,\"height\":1280,\"mime-type\":\"image\\\/jpeg\"},\"full\":{\"file\":\"SHF_eb00110221_desktop-1920x1920.jpg\",\"width\":1920,\"height\":1920,\"mime-type\":\"image\\\/jpeg\"},\"1536x1536\":{\"file\":\"SHF_eb00110221_desktop-1536x1536.jpg\",\"width\":1536,\"height\":1536,\"mime-type\":\"image\\\/jpeg\"},\"original\":{\"file\":\"SHF_eb00110221_desktop.jpg\",\"width\":2000,\"height\":2000}},\n\t\t\t\t\"alt_d\" : \"Modern building with a large glass-covered courtyard and a sculptural artwork in the center.\",\n\t\t\t\t\"path_d\" : \"\\\/wp-content\\\/uploads\\\/2021\\\/07\\\/\",\n\t\t\t\t\"autoplay_d\" : null,\n\t\t\t\t\"crop_d\" : {\"top\":\"85.00\",\"left\":\"50.00\"},\n\t\t\t\t\"background_d\" : true,\n\t\t\t\t\"scale_d\" : 2,\n\n\t\t\t\t\"sizes_m\" : {\"medium\":{\"file\":\"SHF_eb00110221_mobile-169x300.jpg\",\"width\":169,\"height\":300,\"mime-type\":\"image\\\/jpeg\"},\"large\":{\"file\":\"SHF_eb00110221_mobile-576x1024.jpg\",\"width\":576,\"height\":1024,\"mime-type\":\"image\\\/jpeg\"},\"thumbnail\":{\"file\":\"SHF_eb00110221_mobile-150x150.jpg\",\"width\":150,\"height\":150,\"mime-type\":\"image\\\/jpeg\"},\"medium_large\":{\"file\":\"SHF_eb00110221_mobile-768x1365.jpg\",\"width\":768,\"height\":1365,\"mime-type\":\"image\\\/jpeg\"},\"small\":{\"file\":\"SHF_eb00110221_mobile-248x440.jpg\",\"width\":248,\"height\":440,\"mime-type\":\"image\\\/jpeg\"},\"semi\":{\"file\":\"SHF_eb00110221_mobile-326x580.jpg\",\"width\":326,\"height\":580,\"mime-type\":\"image\\\/jpeg\"},\"mobile\":{\"file\":\"SHF_eb00110221_mobile-405x720.jpg\",\"width\":405,\"height\":720,\"mime-type\":\"image\\\/jpeg\"},\"hd\":{\"file\":\"SHF_eb00110221_mobile-720x1280.jpg\",\"width\":720,\"height\":1280,\"mime-type\":\"image\\\/jpeg\"},\"full\":{\"file\":\"SHF_eb00110221_mobile-1080x1920.jpg\",\"width\":1080,\"height\":1920,\"mime-type\":\"image\\\/jpeg\"},\"1536x1536\":{\"file\":\"SHF_eb00110221_mobile-864x1536.jpg\",\"width\":864,\"height\":1536,\"mime-type\":\"image\\\/jpeg\"}},\n\t\t\t\t\"alt_m\" : \"Modern interior design featuring a large sculptural artwork in a light-filled space.\",\n\t\t\t\t\"path_m\" : \"\\\/wp-content\\\/uploads\\\/2021\\\/07\\\/\",\n\t\t\t\t\"autoplay_m\" : null,\n\t\t\t\t\"crop_m\" : {\"top\":\"82.00\",\"left\":\"50.00\"},\n\t\t\t\t\"background_m\" : true,\n\t\t\t\t\"scale_m\" : 2,\n\n\t\t\t\t\"has_mobile_format\" : true,\n\t\t\t\t\"has_ad\" : false,\n\t\t\t\t\"audio_description_yt\" : null\t\t\t\t}\n\t\t\t<\/script>\n\t\t\t<div class=\"height-container\" style=\"padding-bottom:100%;\" v-if=\"sizes\" data-motion-parallax='{\"child\":\".image-wrapper\",\"mask\":\".lazy-media\",\"tween\":{\"yPercent\": [-15,15]}}'>\n\t\t\t\t<lazy-media :inline=\"true\" :scale=\"scale\" :alt=\"alt\" :sizes=\"sizes\" :brightness=\"brightness\" :path=\"path\" :video=\"video\" :autoplay=\"autoplay\" :youtube=\"youtube\" :crop=\"crop\" :youtubelabel=\"youtubelabel\" :background=\"background\" media-id=\"desc_m_69f4ef7e3b5f7\"><\/lazy-media>\n\t\t\t\t<button class=\"autoplay-audio-description-btn icon-background icon-audio-describtions\" @click=\"audioDescriptionPlay\" v-if=\"hasAudioDescription\" aria-label=\"Audiodeskription aufrufen\"><\/button>\n\t\t\t<\/div>\n\t\t\t\t\t\t<div class=\"lazy-media-info-container-fluid\">\n\t\t\t\t<div class=\"lazy-media-info-row end-xs\">\n\t\t\t\t\t<div class=\"lazy-media-info-col\">\n\t\t\t\t\t\t<div class=\"lazy-media-info\" aria-expanded=\"false\" :aria-expanded=\"isOpen ? 'true' : 'false'\">\n\t\t\t\t\t\t\t<button class=\"lazy-media-info-head button-tiny insignificant\" :class=\"{'button-active': isOpen}\" @click=\"toggle\" ref=\"head\"><span class=\"button-label insignificant\">Image info<\/span><\/button>\n\t\t\t\t\t\t\t<figcaption class=\"lazy-media-info-body\" ref=\"body\" id=\"desc_m_69f4ef7e3b5f7\">\n\t\t\t\t\t\t\t\t<div class=\"lazy-media-info-body-content\">\n\t\t\t\t\t\t\t\t\t\t\t\t\t\t\t\t\t\t\t\t\t\t\t\t\t\t\t<div class=\"insignificant\">\u00a9 Stiftung Humboldt Forum im Berliner Schloss \/ Photo: Alexander Schippel<\/div>\t\t\t\t\t\t\t\t<\/div>\n\t\t\t\t\t\t\t<\/figcaption>\n\t\t\t\t\t\t\t<div class=\"lazy-media-info-head-border\"><\/div>\n\t\t\t\t\t\t<\/div>\n\t\t\t\t\t<\/div>\n\t\t\t\t<\/div>\n\t\t\t<\/div>\n\t\t\t\t\t<\/figure>\n\t<\/block-header>\n<\/section>\n\n<section class=\"block block-teaser col-4 \" style=\"\">\n\t<lazy-component :fixed-min-height=\"400\">\n\t\n\t\t\t\t\t<div class=\"container-fluid\">\n\t\t\t\t<div class=\"row bottom-xs\">\n\t\t\t\t\t<div class=\"col-xs-12 col-md-8\">\n\t\t\t\t\t\t<h4>Multimedia installations<\/h4>\t\t\t\t\t\t\t\t\t\t\t\t\t\t\t\t\t\t\t<\/div>\n\t\t\t\t\t<div class=\"col-xs-12 col-md-4 start-xs end-md margin-bottom-sixth\">\n\t\t\t\t\t\t\t\t\t\t\t<\/div>\n\t\t\t\t<\/div>\n\t\t\t\t<ul class=\"row\"> <li class=\"col-xs-6 col-sm-4 col-md-3 teaser-wrapper col-padding-remove\">\n\t<calendarteaser key=\"15187816355\" rawitem='{&quot;postId&quot;:151878,&quot;title&quot;:&quot;At the table: Swept under the carpet?&quot;,&quot;excerpt&quot;:&quot;&quot;,&quot;slug&quot;:&quot;table-fellowship-what-gets-left-out&quot;,&quot;post_date&quot;:&quot;2026-01-13T08:19&quot;,&quot;type&quot;:&quot;event-period&quot;,&quot;permalink&quot;:&quot;https:\\\/\\\/www.humboldtforum.org\\\/en\\\/programm\\\/laufzeitangebot\\\/installation-en\\\/table-fellowship-what-gets-left-out-151878\\\/&quot;,&quot;genre&quot;:[575],&quot;genre_details&quot;:[{&quot;text&quot;:&quot;Installation&quot;,&quot;id&quot;:575,&quot;icon&quot;:null,&quot;parent&quot;:0}],&quot;stakeholder&quot;:[592],&quot;stakeholder_details&quot;:[{&quot;text&quot;:&quot;Humboldt-Universit\\u00e4t zu Berlin&quot;,&quot;id&quot;:592,&quot;icon&quot;:null,&quot;parent&quot;:0}],&quot;language&quot;:[580,579,1445],&quot;language_details&quot;:[{&quot;text&quot;:&quot;English&quot;,&quot;id&quot;:580,&quot;icon&quot;:null,&quot;parent&quot;:0},{&quot;text&quot;:&quot;German&quot;,&quot;id&quot;:579,&quot;icon&quot;:null,&quot;parent&quot;:0},{&quot;text&quot;:&quot;German audio description&quot;,&quot;id&quot;:1445,&quot;icon&quot;:null,&quot;parent&quot;:0}],&quot;accessability&quot;:[1427],&quot;accessability_details&quot;:[{&quot;text&quot;:&quot;Audiodeskription Deutsch&quot;,&quot;id&quot;:1427,&quot;icon&quot;:null,&quot;parent&quot;:0}],&quot;age&quot;:[1602],&quot;age_details&quot;:[{&quot;text&quot;:&quot;12 years and older&quot;,&quot;id&quot;:1602,&quot;icon&quot;:null,&quot;parent&quot;:0}],&quot;place&quot;:[1120],&quot;place_details&quot;:{&quot;place&quot;:&quot;Humboldt Forum&quot;,&quot;map&quot;:&quot;Humboldt Forum, Schlossplatz, Berlin&quot;,&quot;room&quot;:&quot;Special Exhibition 1, Ground Floor&quot;},&quot;icon_overwrite&quot;:&quot;&quot;,&quot;acf&quot;:{&quot;planning&quot;:{&quot;price&quot;:&quot;&quot;,&quot;status&quot;:&quot;BUY&quot;,&quot;info&quot;:&quot;Exhibition ticket required&quot;,&quot;shop&quot;:&quot;https:\\\/\\\/tickets.humboldtforum.org\\\/#\\\/tickets\\\/time?museum_id=1&amp;exhibition_id=17&amp;group=day&amp;date=2025-10-03&quot;,&quot;can_purchase&quot;:true},&quot;use_opening_hours_of_the_house&quot;:false,&quot;periods&quot;:[{&quot;label&quot;:&quot;&quot;,&quot;dates&quot;:[{&quot;start&quot;:&quot;202510030000&quot;,&quot;end&quot;:&quot;202607120000&quot;,&quot;has_end&quot;:true,&quot;start_HRFSHORT&quot;:&quot;03\\\/10\\\/25&quot;,&quot;start_HRFSHORT_WD&quot;:&quot;Fri 03\\\/10\\\/2025&quot;,&quot;end_HRFSHORT&quot;:&quot;12\\\/07\\\/26&quot;}],&quot;monday&quot;:[{&quot;start&quot;:&quot;10:30&quot;,&quot;end&quot;:&quot;18:30&quot;,&quot;closed&quot;:false}],&quot;tuesday&quot;:[{&quot;start&quot;:null,&quot;end&quot;:null,&quot;closed&quot;:true}],&quot;wednesday&quot;:[{&quot;start&quot;:&quot;10:30&quot;,&quot;end&quot;:&quot;18:30&quot;,&quot;closed&quot;:false}],&quot;thursday&quot;:[{&quot;start&quot;:&quot;10:30&quot;,&quot;end&quot;:&quot;18:30&quot;,&quot;closed&quot;:false}],&quot;friday&quot;:[{&quot;start&quot;:&quot;10:30&quot;,&quot;end&quot;:&quot;18:30&quot;,&quot;closed&quot;:false}],&quot;saturday&quot;:[{&quot;start&quot;:&quot;10:30&quot;,&quot;end&quot;:&quot;18:30&quot;,&quot;closed&quot;:false}],&quot;sunday&quot;:[{&quot;start&quot;:&quot;10:30&quot;,&quot;end&quot;:&quot;18:30&quot;,&quot;closed&quot;:false}],&quot;info&quot;:&quot;&quot;,&quot;description&quot;:&quot;&quot;}],&quot;display_as_single&quot;:false,&quot;additional_info&quot;:{&quot;icon&quot;:&quot;0&quot;,&quot;text&quot;:&quot;&quot;},&quot;highlight_header&quot;:true,&quot;use_video_in_teasers&quot;:false,&quot;hyphenation&quot;:true,&quot;tipp&quot;:true,&quot;joker&quot;:false,&quot;live&quot;:false,&quot;hide_event_in_program&quot;:false,&quot;subline&quot;:&quot;VR-Installation&quot;,&quot;featured_images&quot;:[143145],&quot;noindex&quot;:false,&quot;keywords&quot;:&quot;&quot;,&quot;shorturl&quot;:&quot;&quot;,&quot;has_mobile_format&quot;:false,&quot;highlight_header_image&quot;:150195,&quot;period_exception&quot;:[]},&quot;period_list&quot;:&quot;&lt;strong&gt;Opening hours&lt;\\\/strong&gt;\\nMon, Wed, Thu, Fri, Sat, Sun: 10:30 am \\u2013 6:30 pm  \\nTue: closed\\n\\n&quot;,&quot;period_exception&quot;:&quot;&quot;,&quot;date&quot;:{&quot;infinite&quot;:false,&quot;from_DATE&quot;:202510030000,&quot;from&quot;:1759487400,&quot;from_TIME&quot;:&quot;10:30&quot;,&quot;to&quot;:1783881000,&quot;to_DATE&quot;:202607120000,&quot;to_TIME&quot;:&quot;18:30&quot;,&quot;from_HRFSHORT&quot;:&quot; 3 Oct 2025&quot;,&quot;from_HRFSHORT_WD&quot;:&quot;Fri 03\\\/10\\\/2025&quot;,&quot;from_HRF&quot;:&quot;Fri,  3 October 2025&quot;,&quot;to_HRF&quot;:&quot;Sun, 12 July 2026&quot;,&quot;to_HRFSHORT&quot;:&quot;12 Jul 2026&quot;,&quot;to_HRFSHORT_WD&quot;:&quot;Sun 12\\\/07\\\/2026&quot;,&quot;from_to_HRF&quot;:&quot;Fri,  3 October 2025 \\u2013 Sun, 12 July 2026&quot;,&quot;from_to_HRFSHORT&quot;:&quot; 3 Oct 2025 \\u2013 12 Jul 2026&quot;,&quot;NXX&quot;:&quot;202605011822&quot;,&quot;NLAST&quot;:&quot;202607121830&quot;,&quot;NX&quot;:&quot;20260501&quot;},&quot;alert&quot;:&quot;Tip&quot;,&quot;partof&quot;:[],&quot;marketing_topic&quot;:&quot;&quot;}' inline-template>\n\t<a href=\"https:\/\/www.humboldtforum.org\/en\/programm\/laufzeitangebot\/installation-en\/table-fellowship-what-gets-left-out-151878\/\" class=\"teaser teaser-event-period teaser-event-standard\">\n\t\t<div class=\"row\">\n\t\t\t<div class=\"col-xs-12 teaser-event-image\">\n\t\t\t\t<div class=\"teaser-image teaser-image-no-alternate\">\n\t\t\t\t\t\t\t\t\t\t\t\t\t<span class=\"alert\">Tip<\/span>\n\t\t\t\t\t\t\t\t\t\t\t\n\t<lazy-media-inline inline-template>\n\t\t<figure itemscope itemtype=\"http:\/\/schema.org\/ImageObject\" class=\"lazy-media-inline \" role=\"group\" id=\"media_69f4ef7e68b7b\" aria-labelledby=\"desc_media_69f4ef7e68b7b\">\n\t\t\t<script type=\"application\/json\" ref=\"data\">\n\t\t\t\t{\n\t\t\t\t\"sizes\" : {\"medium\":{\"file\":\"SHF_eb00251492-1-300x150.jpg\",\"width\":300,\"height\":150,\"mime-type\":\"image\\\/jpeg\",\"filesize\":5649},\"large\":{\"file\":\"SHF_eb00251492-1-1024x512.jpg\",\"width\":1024,\"height\":512,\"mime-type\":\"image\\\/jpeg\",\"filesize\":32267},\"thumbnail\":{\"file\":\"SHF_eb00251492-1-150x150.jpg\",\"width\":150,\"height\":150,\"mime-type\":\"image\\\/jpeg\",\"filesize\":4052},\"medium_large\":{\"file\":\"SHF_eb00251492-1-768x384.jpg\",\"width\":768,\"height\":384,\"mime-type\":\"image\\\/jpeg\",\"filesize\":20920},\"small\":{\"file\":\"SHF_eb00251492-1-440x220.jpg\",\"width\":440,\"height\":220,\"mime-type\":\"image\\\/jpeg\",\"filesize\":9451},\"semi\":{\"file\":\"SHF_eb00251492-1-580x290.jpg\",\"width\":580,\"height\":290,\"mime-type\":\"image\\\/jpeg\",\"filesize\":14087},\"mobile\":{\"file\":\"SHF_eb00251492-1-720x360.jpg\",\"width\":720,\"height\":360,\"mime-type\":\"image\\\/jpeg\",\"filesize\":19035},\"hd\":{\"file\":\"SHF_eb00251492-1-1280x640.jpg\",\"width\":1280,\"height\":640,\"mime-type\":\"image\\\/jpeg\",\"filesize\":45695},\"full\":{\"file\":\"SHF_eb00251492-1-1920x960.jpg\",\"width\":1920,\"height\":960,\"mime-type\":\"image\\\/jpeg\",\"filesize\":87046},\"xxl\":{\"file\":\"SHF_eb00251492-1-4048x2024.jpg\",\"width\":4048,\"height\":2024,\"mime-type\":\"image\\\/jpeg\",\"filesize\":302826},\"1536x1536\":{\"file\":\"SHF_eb00251492-1-1536x768.jpg\",\"width\":1536,\"height\":768,\"mime-type\":\"image\\\/jpeg\",\"filesize\":60837},\"2048x2048\":{\"file\":\"SHF_eb00251492-1-2048x1024.jpg\",\"width\":2048,\"height\":1024,\"mime-type\":\"image\\\/jpeg\",\"filesize\":96604},\"original\":{\"file\":\"SHF_eb00251492-1.jpg\",\"width\":8192,\"height\":4096}},\n\t\t\t\t\"alt\" : \"Six people pose creatively in a bright, minimalist setting, captured from an unconventional angle.\",\n\t\t\t\t\"path\" : \"\\\/wp-content\\\/uploads\\\/2025\\\/07\\\/\",\n\t\t\t\t\"video\" : null,\n\t\t\t\t\"autoplay\" : null,\n\t\t\t\t\"youtube\" : null,\n\t\t\t\t\"youtubelabel\" : \"Play video\",\n\t\t\t\t\"brightness\" : 100,\n\t\t\t\t\"crop\" : null,\n\t\t\t\t\"background\" : true,\n\t\t\t\t\"scale\" : 1\t\t\t\t}\n\t\t\t<\/script>\n\n\t\t\t<div class=\"height-container\" style=\"padding-bottom:50%;\" v-if=\"sizes\">\n\t\t\t\t\t\t\t\t<lazy-media :inline=\"true\" :alt=\"alt\" :sizes=\"sizes\" :scale=\"scale\" :brightness=\"brightness\" :path=\"path\" :video=\"video\" :autoplay=\"autoplay\" :youtube=\"youtube\" :crop=\"crop\" :youtubelabel=\"youtubelabel\" :background=\"background\" media-id=\"desc_media_69f4ef7e68b7b\"><\/lazy-media>\n\t\t\t\t\t\t\t<\/div>\n\n\t\t\t\t\t\t\t<figcaption class=\"sr-only\" ref=\"body\" id=\"desc_media_69f4ef7e68b7b\">\n\t\t\t\t\t\t\t\t\t\t\t\t\t\t\t\t<div>VR installation Table Fellowship <\/div>\n\t\t\t\t\t\t\t\t\t\t\t\t\t\t\t\t<div class=\"insignificant\">\u00a9 Stiftung Humboldt Forum im Berliner Schloss \/ Hannah Ley &#038; Clemens Bechtel<\/div>\n\t\t\t\t\t\t\t\t\t<\/figcaption>\n\t\t\t\t\t<\/figure>\n\t<\/lazy-media-inline>\n\t\t\t\t<\/div>\n\t\t\t<\/div>\n\t\t\t<div class=\"col-xs-12 teaser-event-text Infos\">\n\t\t\t\t<div class=\"teaser-event-standard-text\">\n\t\t\t\t\t<div class=\"margin-bottom-atom\">\n\t\t\t\t\t\t<div class=\"subline clamp-1\" v-html=\"maingenre\"><\/div>\n\t\t\t\t\t\t\t\t\t\t\t<\/div>\n\t\t\t\t\n\t\t\t\t\t<strong class=\"margin-bottom-atom\">At the table: Swept under the carpet?<\/strong>\n\n\t\t\t\t\t\t\t\t\t\t\t<div class=\"\">VR-Installation<\/div>\n\t\t\t\t\t\t\t\t\t<\/div>\n\t\t\t\t<div class=\"teaser-bottom border-bottom\">\n\t\t\t\t<calendardateline :rawitem='item' :show-icon=\"true\"><\/calendardateline>\n\t\t\t\t\t<hr>\n\t\t\t\t<\/div>\n\t\t\t<\/div>\n\t\t<\/div>\n\t<\/a>\n\t<\/calendarteaser>\n<\/li>\n\n<li class=\"col-xs-6 col-sm-4 col-md-3 teaser-wrapper col-padding-remove\">\n\t<calendarteaser key=\"10940712121\" rawitem='{&quot;postId&quot;:109407,&quot;title&quot;:&quot;Loot. 10 Stories&quot;,&quot;excerpt&quot;:&quot;&quot;,&quot;slug&quot;:&quot;loot-10-stories&quot;,&quot;post_date&quot;:&quot;2023-11-21T17:40&quot;,&quot;type&quot;:&quot;event-period&quot;,&quot;permalink&quot;:&quot;https:\\\/\\\/www.humboldtforum.org\\\/en\\\/programm\\\/laufzeitangebot\\\/exhibition\\\/loot-10-stories-109407\\\/&quot;,&quot;genre&quot;:[552],&quot;genre_details&quot;:[{&quot;text&quot;:&quot;Exhibition&quot;,&quot;id&quot;:552,&quot;icon&quot;:null,&quot;parent&quot;:0}],&quot;stakeholder&quot;:[593,594,595],&quot;stakeholder_details&quot;:[{&quot;text&quot;:&quot;Kulturprojekte Berlin \\\/ Stadtmuseum Berlin&quot;,&quot;id&quot;:593,&quot;icon&quot;:null,&quot;parent&quot;:0},{&quot;text&quot;:&quot;Staatliche Museen zu Berlin&quot;,&quot;id&quot;:594,&quot;icon&quot;:null,&quot;parent&quot;:0},{&quot;text&quot;:&quot;Stiftung Humboldt Forum im Berliner Schloss&quot;,&quot;id&quot;:595,&quot;icon&quot;:null,&quot;parent&quot;:0}],&quot;language&quot;:[580,579],&quot;language_details&quot;:[{&quot;text&quot;:&quot;English&quot;,&quot;id&quot;:580,&quot;icon&quot;:null,&quot;parent&quot;:0},{&quot;text&quot;:&quot;German&quot;,&quot;id&quot;:579,&quot;icon&quot;:null,&quot;parent&quot;:0}],&quot;place&quot;:[601,1897],&quot;place_details&quot;:{&quot;place&quot;:&quot;Humboldt Forum&quot;,&quot;map&quot;:&quot;Humboldt Forum, Schlossplatz, Berlin&quot;,&quot;room&quot;:&quot;3rd floor, Room 312&quot;},&quot;icon_overwrite&quot;:&quot;&quot;,&quot;acf&quot;:{&quot;planning&quot;:{&quot;price&quot;:&quot;Free admission&quot;,&quot;status&quot;:&quot;JOIN&quot;,&quot;info&quot;:&quot;No ticket required&quot;,&quot;shop&quot;:&quot;&quot;,&quot;can_purchase&quot;:false},&quot;use_opening_hours_of_the_house&quot;:false,&quot;display_as_single&quot;:false,&quot;additional_info&quot;:{&quot;icon&quot;:&quot;0&quot;,&quot;text&quot;:&quot;&quot;},&quot;highlight_header&quot;:true,&quot;use_video_in_teasers&quot;:false,&quot;hyphenation&quot;:true,&quot;tipp&quot;:false,&quot;joker&quot;:false,&quot;live&quot;:false,&quot;hide_event_in_program&quot;:false,&quot;periods&quot;:[{&quot;label&quot;:&quot;&quot;,&quot;dates&quot;:[{&quot;start&quot;:&quot;202403220000&quot;,&quot;end&quot;:&quot;202501260000&quot;,&quot;has_end&quot;:true,&quot;start_HRFSHORT&quot;:&quot;22\\\/03\\\/24&quot;,&quot;start_HRFSHORT_WD&quot;:&quot;Fri 22\\\/03\\\/2024&quot;,&quot;end_HRFSHORT&quot;:&quot;26\\\/01\\\/25&quot;}],&quot;monday&quot;:[{&quot;start&quot;:&quot;10:30&quot;,&quot;end&quot;:&quot;18:30&quot;,&quot;closed&quot;:false}],&quot;tuesday&quot;:[{&quot;start&quot;:null,&quot;end&quot;:null,&quot;closed&quot;:true}],&quot;wednesday&quot;:[{&quot;start&quot;:&quot;10:30&quot;,&quot;end&quot;:&quot;18:30&quot;,&quot;closed&quot;:false}],&quot;thursday&quot;:[{&quot;start&quot;:&quot;10:30&quot;,&quot;end&quot;:&quot;18:30&quot;,&quot;closed&quot;:false}],&quot;friday&quot;:[{&quot;start&quot;:&quot;10:30&quot;,&quot;end&quot;:&quot;18:30&quot;,&quot;closed&quot;:false}],&quot;saturday&quot;:[{&quot;start&quot;:&quot;10:30&quot;,&quot;end&quot;:&quot;18:30&quot;,&quot;closed&quot;:false}],&quot;sunday&quot;:[{&quot;start&quot;:&quot;10:30&quot;,&quot;end&quot;:&quot;18:30&quot;,&quot;closed&quot;:false}],&quot;info&quot;:&quot;&quot;,&quot;description&quot;:&quot;&quot;}],&quot;noindex&quot;:false,&quot;keywords&quot;:&quot;&quot;,&quot;shorturl&quot;:&quot;&quot;,&quot;highlight_header_image&quot;:123485,&quot;has_mobile_format&quot;:true,&quot;featured_images&quot;:[109429],&quot;highlight_header_image_mobile&quot;:123505,&quot;events&quot;:[123694,123751],&quot;period_exception&quot;:[{&quot;label&quot;:&quot;&quot;,&quot;date&quot;:&quot;202412240000&quot;,&quot;closed&quot;:true,&quot;start&quot;:null,&quot;end&quot;:null,&quot;date_HRFSHORT&quot;:&quot;24\\\/12\\\/24&quot;},{&quot;label&quot;:&quot;&quot;,&quot;date&quot;:&quot;202412250000&quot;,&quot;closed&quot;:false,&quot;start&quot;:&quot;12:00&quot;,&quot;end&quot;:&quot;18:00&quot;,&quot;date_HRFSHORT&quot;:&quot;25\\\/12\\\/24&quot;},{&quot;label&quot;:&quot;&quot;,&quot;date&quot;:&quot;202412260000&quot;,&quot;closed&quot;:false,&quot;start&quot;:&quot;12:00&quot;,&quot;end&quot;:&quot;18:00&quot;,&quot;date_HRFSHORT&quot;:&quot;26\\\/12\\\/24&quot;},{&quot;label&quot;:&quot;&quot;,&quot;date&quot;:&quot;202412310000&quot;,&quot;closed&quot;:false,&quot;start&quot;:&quot;10:30&quot;,&quot;end&quot;:&quot;16:30&quot;,&quot;date_HRFSHORT&quot;:&quot;31\\\/12\\\/24&quot;},{&quot;label&quot;:&quot;&quot;,&quot;date&quot;:&quot;202501010000&quot;,&quot;closed&quot;:false,&quot;start&quot;:&quot;12:00&quot;,&quot;end&quot;:&quot;18:00&quot;,&quot;date_HRFSHORT&quot;:&quot;01\\\/01\\\/25&quot;}]},&quot;period_list&quot;:&quot;&quot;,&quot;period_exception&quot;:&quot;&quot;,&quot;date&quot;:{&quot;infinite&quot;:false,&quot;from_DATE&quot;:202403220000,&quot;from&quot;:1711103400,&quot;from_TIME&quot;:&quot;10:30&quot;,&quot;to&quot;:1737916200,&quot;to_DATE&quot;:202501260000,&quot;to_TIME&quot;:&quot;18:30&quot;,&quot;from_HRFSHORT&quot;:&quot;22 Mar 2024&quot;,&quot;from_HRFSHORT_WD&quot;:&quot;Fri 22\\\/03\\\/2024&quot;,&quot;from_HRF&quot;:&quot;Fri, 22 March 2024&quot;,&quot;to_HRF&quot;:&quot;Sun, 26 January 2025&quot;,&quot;to_HRFSHORT&quot;:&quot;26 Jan 2025&quot;,&quot;to_HRFSHORT_WD&quot;:&quot;Sun 26\\\/01\\\/2025&quot;,&quot;from_to_HRF&quot;:&quot;Fri, 22 March 2024 \\u2013 Sun, 26 January 2025&quot;,&quot;from_to_HRFSHORT&quot;:&quot;22 Mar 2024 \\u2013 26 Jan 2025&quot;,&quot;NXX&quot;:null,&quot;NLAST&quot;:&quot;202501261830&quot;},&quot;alert&quot;:&quot;Highlight&quot;,&quot;partof&quot;:[],&quot;marketing_topic&quot;:&quot;&quot;}' inline-template>\n\t<a href=\"https:\/\/www.humboldtforum.org\/en\/programm\/laufzeitangebot\/exhibition\/loot-10-stories-109407\/\" class=\"teaser teaser-event-period teaser-event-standard\">\n\t\t<div class=\"row\">\n\t\t\t<div class=\"col-xs-12 teaser-event-image\">\n\t\t\t\t<div class=\"teaser-image teaser-image-no-alternate\">\n\t\t\t\t\t\t\t\t\t\t\t\t\t<span class=\"alert\">Highlight<\/span>\n\t\t\t\t\t\t\t\t\t\t\t\n\t<lazy-media-inline inline-template>\n\t\t<figure itemscope itemtype=\"http:\/\/schema.org\/ImageObject\" class=\"lazy-media-inline \" role=\"group\" id=\"media_69f4ef7e695a8\" aria-labelledby=\"desc_media_69f4ef7e695a8\">\n\t\t\t<script type=\"application\/json\" ref=\"data\">\n\t\t\t\t{\n\t\t\t\t\"sizes\" : {\"medium\":{\"file\":\"SHF_eb00215640-1-176x300.jpg\",\"width\":176,\"height\":300,\"mime-type\":\"image\\\/jpeg\",\"filesize\":7809},\"large\":{\"file\":\"SHF_eb00215640-1-600x1024.jpg\",\"width\":600,\"height\":1024,\"mime-type\":\"image\\\/jpeg\",\"filesize\":54792},\"thumbnail\":{\"file\":\"SHF_eb00215640-1-150x150.jpg\",\"width\":150,\"height\":150,\"mime-type\":\"image\\\/jpeg\",\"filesize\":4718},\"medium_large\":{\"file\":\"SHF_eb00215640-1-768x1312.jpg\",\"width\":768,\"height\":1312,\"mime-type\":\"image\\\/jpeg\",\"filesize\":82083},\"small\":{\"file\":\"SHF_eb00215640-1-258x440.jpg\",\"width\":258,\"height\":440,\"mime-type\":\"image\\\/jpeg\",\"filesize\":14168},\"semi\":{\"file\":\"SHF_eb00215640-1-340x580.jpg\",\"width\":340,\"height\":580,\"mime-type\":\"image\\\/jpeg\",\"filesize\":21895},\"mobile\":{\"file\":\"SHF_eb00215640-1-422x720.jpg\",\"width\":422,\"height\":720,\"mime-type\":\"image\\\/jpeg\",\"filesize\":30747},\"hd\":{\"file\":\"SHF_eb00215640-1-749x1280.jpg\",\"width\":749,\"height\":1280,\"mime-type\":\"image\\\/jpeg\",\"filesize\":78895},\"full\":{\"file\":\"SHF_eb00215640-1-1124x1920.jpg\",\"width\":1124,\"height\":1920,\"mime-type\":\"image\\\/jpeg\",\"filesize\":155081},\"1536x1536\":{\"file\":\"SHF_eb00215640-1-899x1536.jpg\",\"width\":899,\"height\":1536,\"mime-type\":\"image\\\/jpeg\",\"filesize\":106943},\"original\":{\"file\":\"SHF_eb00215640-1.jpg\",\"width\":1171,\"height\":2000}},\n\t\t\t\t\"alt\" : \"Bronze horse head sculpture on a pedestal, in simple colors and artistic detail.\",\n\t\t\t\t\"path\" : \"\\\/wp-content\\\/uploads\\\/2023\\\/11\\\/\",\n\t\t\t\t\"video\" : null,\n\t\t\t\t\"autoplay\" : null,\n\t\t\t\t\"youtube\" : null,\n\t\t\t\t\"youtubelabel\" : \"Play video\",\n\t\t\t\t\"brightness\" : 100,\n\t\t\t\t\"crop\" : {\"top\":\"50.00\",\"left\":\"50.00\"},\n\t\t\t\t\"background\" : true,\n\t\t\t\t\"scale\" : 2\t\t\t\t}\n\t\t\t<\/script>\n\n\t\t\t<div class=\"height-container\" style=\"padding-bottom:170.79419299744%;\" v-if=\"sizes\">\n\t\t\t\t\t\t\t\t<lazy-media :inline=\"true\" :alt=\"alt\" :sizes=\"sizes\" :scale=\"scale\" :brightness=\"brightness\" :path=\"path\" :video=\"video\" :autoplay=\"autoplay\" :youtube=\"youtube\" :crop=\"crop\" :youtubelabel=\"youtubelabel\" :background=\"background\" media-id=\"desc_media_69f4ef7e695a8\"><\/lazy-media>\n\t\t\t\t\t\t\t<\/div>\n\n\t\t\t\t\t\t\t<figcaption class=\"sr-only\" ref=\"body\" id=\"desc_media_69f4ef7e695a8\">\n\t\t\t\t\t\t\t\t\t\t\t\t\t\t\t\t\t\t\t\t\t<div class=\"insignificant\">\u00a9 Stadtmuseum Berlin, Foto: Michael Setzpfandt<\/div>\n\t\t\t\t\t\t\t\t\t<\/figcaption>\n\t\t\t\t\t<\/figure>\n\t<\/lazy-media-inline>\n\t\t\t\t<\/div>\n\t\t\t<\/div>\n\t\t\t<div class=\"col-xs-12 teaser-event-text Infos\">\n\t\t\t\t<div class=\"teaser-event-standard-text\">\n\t\t\t\t\t<div class=\"margin-bottom-atom\">\n\t\t\t\t\t\t<div class=\"subline clamp-1\" v-html=\"maingenre\"><\/div>\n\t\t\t\t\t\t\t\t\t\t\t<\/div>\n\t\t\t\t\n\t\t\t\t\t<strong class=\"margin-bottom-atom\">Loot. 10 Stories<\/strong>\n\n\t\t\t\t\t\t\t\t\t\t\t<div class=\"\"><\/div>\n\t\t\t\t\t\t\t\t\t<\/div>\n\t\t\t\t<div class=\"teaser-bottom border-bottom\">\n\t\t\t\t<calendardateline :rawitem='item' :show-icon=\"true\"><\/calendardateline>\n\t\t\t\t\t<hr>\n\t\t\t\t<\/div>\n\t\t\t<\/div>\n\t\t<\/div>\n\t<\/a>\n\t<\/calendarteaser>\n<\/li>\n\n<li class=\"col-xs-6 col-sm-4 col-md-3 teaser-wrapper col-padding-remove\">\n\t<calendarteaser key=\"12995516913\" rawitem='{&quot;postId&quot;:129955,&quot;title&quot;:&quot;Palace of Memory&quot;,&quot;excerpt&quot;:&quot;&quot;,&quot;slug&quot;:&quot;palace-of-memory&quot;,&quot;post_date&quot;:&quot;2024-05-23T16:16&quot;,&quot;type&quot;:&quot;event-period&quot;,&quot;permalink&quot;:&quot;https:\\\/\\\/www.humboldtforum.org\\\/en\\\/programm\\\/laufzeitangebot\\\/installation-en\\\/palace-of-memory-129955\\\/&quot;,&quot;genre&quot;:[575],&quot;genre_details&quot;:[{&quot;text&quot;:&quot;Installation&quot;,&quot;id&quot;:575,&quot;icon&quot;:null,&quot;parent&quot;:0}],&quot;stakeholder&quot;:[595],&quot;stakeholder_details&quot;:[{&quot;text&quot;:&quot;Stiftung Humboldt Forum im Berliner Schloss&quot;,&quot;id&quot;:595,&quot;icon&quot;:null,&quot;parent&quot;:0}],&quot;language&quot;:[580,579],&quot;language_details&quot;:[{&quot;text&quot;:&quot;English&quot;,&quot;id&quot;:580,&quot;icon&quot;:null,&quot;parent&quot;:0},{&quot;text&quot;:&quot;German&quot;,&quot;id&quot;:579,&quot;icon&quot;:null,&quot;parent&quot;:0}],&quot;accessability&quot;:[596],&quot;accessability_details&quot;:[{&quot;text&quot;:&quot;Accessible for wheelchairs&quot;,&quot;id&quot;:596,&quot;icon&quot;:null,&quot;parent&quot;:0}],&quot;age&quot;:[1602],&quot;age_details&quot;:[{&quot;text&quot;:&quot;12 years and older&quot;,&quot;id&quot;:1602,&quot;icon&quot;:null,&quot;parent&quot;:0}],&quot;place&quot;:[1120],&quot;place_details&quot;:{&quot;place&quot;:&quot;Humboldt Forum&quot;,&quot;map&quot;:&quot;Humboldt Forum, Schlossplatz, Berlin&quot;,&quot;room&quot;:&quot;Special Exhibition 1, Ground Floor&quot;},&quot;icon_overwrite&quot;:&quot;&quot;,&quot;acf&quot;:{&quot;noindex&quot;:false,&quot;keywords&quot;:&quot;&quot;,&quot;shorturl&quot;:&quot;&quot;,&quot;planning&quot;:{&quot;price&quot;:&quot;3 Euro&quot;,&quot;status&quot;:&quot;BUY&quot;,&quot;info&quot;:&quot;&quot;,&quot;shop&quot;:&quot;https:\\\/\\\/tickets.humboldtforum.org\\\/#\\\/tickets\\\/time?museum_id=1&amp;exhibition_id=16&amp;group=timeSlot&quot;,&quot;can_purchase&quot;:true},&quot;use_opening_hours_of_the_house&quot;:false,&quot;periods&quot;:[{&quot;label&quot;:&quot;&quot;,&quot;dates&quot;:[{&quot;start&quot;:&quot;202406150000&quot;,&quot;end&quot;:&quot;202502160000&quot;,&quot;has_end&quot;:true,&quot;start_HRFSHORT&quot;:&quot;15\\\/06\\\/24&quot;,&quot;start_HRFSHORT_WD&quot;:&quot;Sat 15\\\/06\\\/2024&quot;,&quot;end_HRFSHORT&quot;:&quot;16\\\/02\\\/25&quot;}],&quot;monday&quot;:[{&quot;start&quot;:&quot;10:30&quot;,&quot;end&quot;:&quot;18:30&quot;,&quot;closed&quot;:false}],&quot;tuesday&quot;:[{&quot;start&quot;:null,&quot;end&quot;:null,&quot;closed&quot;:true}],&quot;wednesday&quot;:[{&quot;start&quot;:&quot;10:30&quot;,&quot;end&quot;:&quot;18:30&quot;,&quot;closed&quot;:false}],&quot;thursday&quot;:[{&quot;start&quot;:&quot;10:30&quot;,&quot;end&quot;:&quot;18:30&quot;,&quot;closed&quot;:false}],&quot;friday&quot;:[{&quot;start&quot;:&quot;10:30&quot;,&quot;end&quot;:&quot;18:30&quot;,&quot;closed&quot;:false}],&quot;saturday&quot;:[{&quot;start&quot;:&quot;10:30&quot;,&quot;end&quot;:&quot;18:30&quot;,&quot;closed&quot;:false}],&quot;sunday&quot;:[{&quot;start&quot;:&quot;10:30&quot;,&quot;end&quot;:&quot;18:30&quot;,&quot;closed&quot;:false}],&quot;info&quot;:&quot;&quot;,&quot;description&quot;:&quot;&quot;}],&quot;display_as_single&quot;:false,&quot;subline&quot;:&quot;The Power of Images&quot;,&quot;additional_info&quot;:{&quot;icon&quot;:&quot;0&quot;,&quot;text&quot;:&quot;02.02.2025 - Freier Eintritt zur Installation&quot;},&quot;highlight_header&quot;:true,&quot;use_video_in_teasers&quot;:false,&quot;hyphenation&quot;:true,&quot;tipp&quot;:false,&quot;joker&quot;:false,&quot;live&quot;:false,&quot;hide_event_in_program&quot;:false,&quot;has_mobile_format&quot;:false,&quot;highlight_header_image&quot;:129384,&quot;marketing_text&quot;:&quot;Mixed reality installation&quot;,&quot;subline_feature&quot;:&quot;Mixed reality installation&quot;,&quot;events&quot;:[136030,139386],&quot;period_exception&quot;:[]},&quot;period_list&quot;:&quot;&quot;,&quot;period_exception&quot;:&quot;&quot;,&quot;date&quot;:{&quot;infinite&quot;:false,&quot;from_DATE&quot;:202406150000,&quot;from&quot;:1718447400,&quot;from_TIME&quot;:&quot;10:30&quot;,&quot;to&quot;:1739730600,&quot;to_DATE&quot;:202502160000,&quot;to_TIME&quot;:&quot;18:30&quot;,&quot;from_HRFSHORT&quot;:&quot;15 Jun 2024&quot;,&quot;from_HRFSHORT_WD&quot;:&quot;Sat 15\\\/06\\\/2024&quot;,&quot;from_HRF&quot;:&quot;Sat, 15 June 2024&quot;,&quot;to_HRF&quot;:&quot;Sun, 16 February 2025&quot;,&quot;to_HRFSHORT&quot;:&quot;16 Feb 2025&quot;,&quot;to_HRFSHORT_WD&quot;:&quot;Sun 16\\\/02\\\/2025&quot;,&quot;from_to_HRF&quot;:&quot;Sat, 15 June 2024 \\u2013 Sun, 16 February 2025&quot;,&quot;from_to_HRFSHORT&quot;:&quot;15 Jun 2024 \\u2013 16 Feb 2025&quot;,&quot;NXX&quot;:null,&quot;NLAST&quot;:&quot;202502161830&quot;},&quot;alert&quot;:&quot;Highlight&quot;,&quot;partof&quot;:[],&quot;marketing_topic&quot;:&quot;&quot;}' inline-template>\n\t<a href=\"https:\/\/www.humboldtforum.org\/en\/programm\/laufzeitangebot\/installation-en\/palace-of-memory-129955\/\" class=\"teaser teaser-event-period teaser-event-standard\">\n\t\t<div class=\"row\">\n\t\t\t<div class=\"col-xs-12 teaser-event-image\">\n\t\t\t\t<div class=\"teaser-image teaser-image-no-alternate\">\n\t\t\t\t\t\t\t\t\t\t\t\t\t<span class=\"alert\">Highlight<\/span>\n\t\t\t\t\t\t\t\t\t\t\t\n\t<lazy-media-inline inline-template>\n\t\t<figure itemscope itemtype=\"http:\/\/schema.org\/ImageObject\" class=\"lazy-media-inline \" role=\"group\" id=\"media_69f4ef7e69fc6\" aria-labelledby=\"desc_media_69f4ef7e69fc6\">\n\t\t\t<script type=\"application\/json\" ref=\"data\">\n\t\t\t\t{\n\t\t\t\t\"sizes\" : {\"medium\":{\"file\":\"SHF_eb00223476-295x300.jpg\",\"width\":295,\"height\":300,\"mime-type\":\"image\\\/jpeg\",\"filesize\":13833},\"large\":{\"file\":\"SHF_eb00223476-1009x1024.jpg\",\"width\":1009,\"height\":1024,\"mime-type\":\"image\\\/jpeg\",\"filesize\":125408},\"thumbnail\":{\"file\":\"SHF_eb00223476-150x150.jpg\",\"width\":150,\"height\":150,\"mime-type\":\"image\\\/jpeg\",\"filesize\":4550},\"medium_large\":{\"file\":\"SHF_eb00223476-768x780.jpg\",\"width\":768,\"height\":780,\"mime-type\":\"image\\\/jpeg\",\"filesize\":77120},\"small\":{\"file\":\"SHF_eb00223476-433x440.jpg\",\"width\":433,\"height\":440,\"mime-type\":\"image\\\/jpeg\",\"filesize\":27214},\"semi\":{\"file\":\"SHF_eb00223476-571x580.jpg\",\"width\":571,\"height\":580,\"mime-type\":\"image\\\/jpeg\",\"filesize\":45435},\"mobile\":{\"file\":\"SHF_eb00223476-709x720.jpg\",\"width\":709,\"height\":720,\"mime-type\":\"image\\\/jpeg\",\"filesize\":66926},\"hd\":{\"file\":\"SHF_eb00223476-1261x1280.jpg\",\"width\":1261,\"height\":1280,\"mime-type\":\"image\\\/jpeg\",\"filesize\":184132},\"full\":{\"file\":\"SHF_eb00223476-1891x1920.jpg\",\"width\":1891,\"height\":1920,\"mime-type\":\"image\\\/jpeg\",\"filesize\":356788},\"1536x1536\":{\"file\":\"SHF_eb00223476-1513x1536.jpg\",\"width\":1513,\"height\":1536,\"mime-type\":\"image\\\/jpeg\",\"filesize\":251069},\"2048x2048\":{\"file\":\"SHF_eb00223476-2017x2048.jpg\",\"width\":2017,\"height\":2048,\"mime-type\":\"image\\\/jpeg\",\"filesize\":398484},\"original\":{\"file\":\"SHF_eb00223476.jpg\",\"width\":2480,\"height\":2518}},\n\t\t\t\t\"alt\" : \"Modern architectural design with a gradient in orange and purple, showcasing reflections and geometric shapes.\",\n\t\t\t\t\"path\" : \"\\\/wp-content\\\/uploads\\\/2024\\\/05\\\/\",\n\t\t\t\t\"video\" : null,\n\t\t\t\t\"autoplay\" : null,\n\t\t\t\t\"youtube\" : null,\n\t\t\t\t\"youtubelabel\" : \"Play video\",\n\t\t\t\t\"brightness\" : 100,\n\t\t\t\t\"crop\" : {\"top\":\"50.00\",\"left\":\"50.00\"},\n\t\t\t\t\"background\" : true,\n\t\t\t\t\"scale\" : 2\t\t\t\t}\n\t\t\t<\/script>\n\n\t\t\t<div class=\"height-container\" style=\"padding-bottom:101.53225806452%;\" v-if=\"sizes\">\n\t\t\t\t\t\t\t\t<lazy-media :inline=\"true\" :alt=\"alt\" :sizes=\"sizes\" :scale=\"scale\" :brightness=\"brightness\" :path=\"path\" :video=\"video\" :autoplay=\"autoplay\" :youtube=\"youtube\" :crop=\"crop\" :youtubelabel=\"youtubelabel\" :background=\"background\" media-id=\"desc_media_69f4ef7e69fc6\"><\/lazy-media>\n\t\t\t\t\t\t\t<\/div>\n\n\t\t\t\t\t\t\t<figcaption class=\"sr-only\" ref=\"body\" id=\"desc_media_69f4ef7e69fc6\">\n\t\t\t\t\t\t\t\t\t\t\t\t\t\t\t\t\t\t\t\t\t<div class=\"insignificant\">\u00a9 Cyber R\u00e4uber<\/div>\n\t\t\t\t\t\t\t\t\t<\/figcaption>\n\t\t\t\t\t<\/figure>\n\t<\/lazy-media-inline>\n\t\t\t\t<\/div>\n\t\t\t<\/div>\n\t\t\t<div class=\"col-xs-12 teaser-event-text Infos\">\n\t\t\t\t<div class=\"teaser-event-standard-text\">\n\t\t\t\t\t<div class=\"margin-bottom-atom\">\n\t\t\t\t\t\t<div class=\"subline clamp-1\" v-html=\"maingenre\"><\/div>\n\t\t\t\t\t\t\t\t\t\t\t<\/div>\n\t\t\t\t\n\t\t\t\t\t<strong class=\"margin-bottom-atom\">Palace of Memory<\/strong>\n\n\t\t\t\t\t\t\t\t\t\t\t<div class=\"\">Mixed reality installation<\/div>\n\t\t\t\t\t\t\t\t\t<\/div>\n\t\t\t\t<div class=\"teaser-bottom border-bottom\">\n\t\t\t\t<calendardateline :rawitem='item' :show-icon=\"true\"><\/calendardateline>\n\t\t\t\t\t<hr>\n\t\t\t\t<\/div>\n\t\t\t<\/div>\n\t\t<\/div>\n\t<\/a>\n\t<\/calendarteaser>\n<\/li>\n\n<\/ul>\n\t\t\t<\/div>\n\t\t\t\t<\/lazy-component>\n<\/section>\n\n\n\n<section class=\"block block-teaser col-4 \" style=\"\">\n\t<lazy-component :fixed-min-height=\"400\">\n\t\n\t\t\t\t\t<div class=\"container-fluid\">\n\t\t\t\t<div class=\"row bottom-xs\">\n\t\t\t\t\t<div class=\"col-xs-12 col-md-8\">\n\t\t\t\t\t\t<h4>Digital<\/h4>\t\t\t\t\t\t\t\t\t\t\t\t\t\t\t\t\t\t\t<\/div>\n\t\t\t\t\t<div class=\"col-xs-12 col-md-4 start-xs end-md margin-bottom-sixth\">\n\t\t\t\t\t\t\t\t\t\t\t<\/div>\n\t\t\t\t<\/div>\n\t\t\t\t<ul class=\"row\"> <li class=\"col-xs-6 col-sm-4 col-md-3 teaser-wrapper col-padding-remove\">\n\t<calendarteaser key=\"1280473299\" rawitem='{&quot;postId&quot;:128047,&quot;title&quot;:&quot;Re-Set&quot;,&quot;excerpt&quot;:&quot;&quot;,&quot;slug&quot;:&quot;re-set&quot;,&quot;post_date&quot;:&quot;2024-04-15T13:14&quot;,&quot;type&quot;:&quot;event-digital&quot;,&quot;permalink&quot;:&quot;https:\\\/\\\/www.humboldtforum.org\\\/en\\\/programm\\\/digitales-angebot\\\/digital-en\\\/re-set-128047\\\/&quot;,&quot;genre&quot;:[688],&quot;genre_details&quot;:[{&quot;text&quot;:&quot;Digital&quot;,&quot;id&quot;:688,&quot;icon&quot;:null,&quot;parent&quot;:0}],&quot;digital&quot;:[876],&quot;digital_details&quot;:[{&quot;text&quot;:&quot;Virtuelle Tour&quot;,&quot;id&quot;:876,&quot;icon&quot;:null,&quot;parent&quot;:0}],&quot;stakeholder&quot;:[595],&quot;stakeholder_details&quot;:[{&quot;text&quot;:&quot;Stiftung Humboldt Forum im Berliner Schloss&quot;,&quot;id&quot;:595,&quot;icon&quot;:null,&quot;parent&quot;:0}],&quot;icon_overwrite&quot;:&quot;&quot;,&quot;acf&quot;:{&quot;planning&quot;:{&quot;price&quot;:&quot;&quot;,&quot;status&quot;:&quot;BUY&quot;,&quot;info&quot;:&quot;&quot;,&quot;shop&quot;:&quot;&quot;,&quot;can_purchase&quot;:false},&quot;additional_info&quot;:{&quot;icon&quot;:&quot;icon-uhr&quot;,&quot;text&quot;:&quot;13. April 2024 bis 16. Februar 2025&quot;},&quot;highlight_header&quot;:false,&quot;featured_images&quot;:[128040],&quot;use_video_in_teasers&quot;:false,&quot;hyphenation&quot;:true,&quot;tipp&quot;:false,&quot;joker&quot;:false,&quot;live&quot;:false,&quot;hide_event_in_program&quot;:false,&quot;subline&quot;:&quot;The Palace of the Republic in extended Reality&quot;,&quot;infotext&quot;:&quot;Outside, Passage&quot;,&quot;noindex&quot;:false,&quot;keywords&quot;:&quot;&quot;,&quot;belongsto&quot;:[119504],&quot;shorturl&quot;:&quot;&quot;,&quot;overwrite_date&quot;:&quot;13.4.2024-16.2.2025&quot;},&quot;date&quot;:[],&quot;alert&quot;:null,&quot;partof&quot;:[],&quot;marketing_topic&quot;:{&quot;title&quot;:&quot;Blown Away: The Palace of the Republic&quot;,&quot;ID&quot;:119504,&quot;reason&quot;:&quot;belongsto&quot;}}' inline-template>\n\t<a href=\"https:\/\/www.humboldtforum.org\/en\/programm\/digitales-angebot\/digital-en\/re-set-128047\/\" class=\"teaser teaser-event-digital teaser-event-standard\">\n\t\t<div class=\"row\">\n\t\t\t<div class=\"col-xs-12 teaser-event-image\">\n\t\t\t\t<div class=\"teaser-image teaser-image-no-alternate\">\n\t\t\t\t\t\t\t\t\t\t\t\n\t<lazy-media-inline inline-template>\n\t\t<figure itemscope itemtype=\"http:\/\/schema.org\/ImageObject\" class=\"lazy-media-inline \" role=\"group\" id=\"media_69f4ef7e6e5e3\" aria-labelledby=\"desc_media_69f4ef7e6e5e3\">\n\t\t\t<script type=\"application\/json\" ref=\"data\">\n\t\t\t\t{\n\t\t\t\t\"sizes\" : {\"medium\":{\"file\":\"SHF_eb00220528-300x200.jpg\",\"width\":300,\"height\":200,\"mime-type\":\"image\\\/jpeg\",\"filesize\":11768},\"large\":{\"file\":\"SHF_eb00220528-1024x682.jpg\",\"width\":1024,\"height\":682,\"mime-type\":\"image\\\/jpeg\",\"filesize\":66222},\"thumbnail\":{\"file\":\"SHF_eb00220528-150x150.jpg\",\"width\":150,\"height\":150,\"mime-type\":\"image\\\/jpeg\",\"filesize\":5613},\"medium_large\":{\"file\":\"SHF_eb00220528-768x511.jpg\",\"width\":768,\"height\":511,\"mime-type\":\"image\\\/jpeg\",\"filesize\":43993},\"small\":{\"file\":\"SHF_eb00220528-440x293.jpg\",\"width\":440,\"height\":293,\"mime-type\":\"image\\\/jpeg\",\"filesize\":20288},\"semi\":{\"file\":\"SHF_eb00220528-580x386.jpg\",\"width\":580,\"height\":386,\"mime-type\":\"image\\\/jpeg\",\"filesize\":30333},\"mobile\":{\"file\":\"SHF_eb00220528-720x480.jpg\",\"width\":720,\"height\":480,\"mime-type\":\"image\\\/jpeg\",\"filesize\":40319},\"hd\":{\"file\":\"SHF_eb00220528-1280x852.jpg\",\"width\":1280,\"height\":852,\"mime-type\":\"image\\\/jpeg\",\"filesize\":91725},\"original\":{\"file\":\"SHF_eb00220528.jpg\",\"width\":1500,\"height\":999}},\n\t\t\t\t\"alt\" : \"Two women stand outside; one points at a smartphone, with a modern building in sunlight behind them.\",\n\t\t\t\t\"path\" : \"\\\/wp-content\\\/uploads\\\/2024\\\/04\\\/\",\n\t\t\t\t\"video\" : null,\n\t\t\t\t\"autoplay\" : null,\n\t\t\t\t\"youtube\" : null,\n\t\t\t\t\"youtubelabel\" : \"Play video\",\n\t\t\t\t\"brightness\" : 100,\n\t\t\t\t\"crop\" : {\"top\":\"50.00\",\"left\":\"50.00\"},\n\t\t\t\t\"background\" : true,\n\t\t\t\t\"scale\" : 2\t\t\t\t}\n\t\t\t<\/script>\n\n\t\t\t<div class=\"height-container\" style=\"padding-bottom:66.6%;\" v-if=\"sizes\">\n\t\t\t\t\t\t\t\t<lazy-media :inline=\"true\" :alt=\"alt\" :sizes=\"sizes\" :scale=\"scale\" :brightness=\"brightness\" :path=\"path\" :video=\"video\" :autoplay=\"autoplay\" :youtube=\"youtube\" :crop=\"crop\" :youtubelabel=\"youtubelabel\" :background=\"background\" media-id=\"desc_media_69f4ef7e6e5e3\"><\/lazy-media>\n\t\t\t\t\t\t\t<\/div>\n\n\t\t\t\t\t\t\t<figcaption class=\"sr-only\" ref=\"body\" id=\"desc_media_69f4ef7e6e5e3\">\n\t\t\t\t\t\t\t\t\t\t\t\t\t\t\t\t\t\t\t\t\t<div class=\"insignificant\">\u00a9 Stiftung Humboldt Forum im Berliner Schloss, Foto: Andreas K\u00f6nig<\/div>\n\t\t\t\t\t\t\t\t\t<\/figcaption>\n\t\t\t\t\t<\/figure>\n\t<\/lazy-media-inline>\n\t\t\t\t<\/div>\n\t\t\t<\/div>\n\t\t\t<div class=\"col-xs-12 teaser-event-text Infos\">\n\t\t\t\t<div class=\"teaser-event-standard-text\">\n\t\t\t\t\t<div class=\"margin-bottom-atom\">\n\t\t\t\t\t\t<div class=\"subline clamp-1\" v-html=\"maingenre\"><\/div>\n\t\t\t\t\t\t\t\t\t\t\t\t\t<div class=\"insignificant clamp-2\">Blown Away: The Palace of the Republic<\/div>\n\t\t\t\t\t\t\t\t\t\t\t<\/div>\n\t\t\t\t\n\t\t\t\t\t<strong class=\"margin-bottom-atom\">Re-Set<\/strong>\n\n\t\t\t\t\t\t\t\t\t\t\t<div class=\"\">The Palace of the Republic in extended Reality<\/div>\n\t\t\t\t\t\t\t\t\t<\/div>\n\t\t\t\t<div class=\"teaser-bottom border-bottom\">\n\t\t\t\t<calendardateline :rawitem='item' :show-icon=\"true\"><\/calendardateline>\n\t\t\t\t\t<hr>\n\t\t\t\t<\/div>\n\t\t\t<\/div>\n\t\t<\/div>\n\t<\/a>\n\t<\/calendarteaser>\n<\/li>\n\n<li class=\"col-xs-6 col-sm-4 col-md-3 teaser-wrapper col-padding-remove\">\n\t<calendarteaser key=\"10986015001\" rawitem='{&quot;postId&quot;:109860,&quot;title&quot;:&quot;Feminisms in the Museum&quot;,&quot;excerpt&quot;:&quot;&quot;,&quot;slug&quot;:&quot;feminisms-in-the-museum&quot;,&quot;post_date&quot;:&quot;2023-11-24T11:18&quot;,&quot;type&quot;:&quot;event-digital&quot;,&quot;permalink&quot;:&quot;https:\\\/\\\/www.humboldtforum.org\\\/en\\\/programm\\\/digitales-angebot\\\/digital-en\\\/feminisms-in-the-museum-109860\\\/&quot;,&quot;genre&quot;:[688,566],&quot;genre_details&quot;:[{&quot;text&quot;:&quot;Digital&quot;,&quot;id&quot;:688,&quot;icon&quot;:null,&quot;parent&quot;:0},{&quot;text&quot;:&quot;Discourse&quot;,&quot;id&quot;:566,&quot;icon&quot;:null,&quot;parent&quot;:0}],&quot;digital&quot;:[874],&quot;digital_details&quot;:[{&quot;text&quot;:&quot;Podcast&quot;,&quot;id&quot;:874,&quot;icon&quot;:null,&quot;parent&quot;:0}],&quot;topic&quot;:[783],&quot;topic_details&quot;:[{&quot;text&quot;:&quot;Colonialism and Coloniality&quot;,&quot;id&quot;:783,&quot;icon&quot;:null,&quot;parent&quot;:0}],&quot;stakeholder&quot;:[595],&quot;stakeholder_details&quot;:[{&quot;text&quot;:&quot;Stiftung Humboldt Forum im Berliner Schloss&quot;,&quot;id&quot;:595,&quot;icon&quot;:null,&quot;parent&quot;:0}],&quot;targetgroup&quot;:[585],&quot;targetgroup_details&quot;:[{&quot;text&quot;:&quot;Adults&quot;,&quot;id&quot;:585,&quot;icon&quot;:null,&quot;parent&quot;:0}],&quot;language&quot;:[580],&quot;language_details&quot;:[{&quot;text&quot;:&quot;English&quot;,&quot;id&quot;:580,&quot;icon&quot;:null,&quot;parent&quot;:0}],&quot;icon_overwrite&quot;:&quot;&quot;,&quot;acf&quot;:{&quot;planning&quot;:{&quot;price&quot;:&quot;Free admission&quot;,&quot;status&quot;:&quot;BUY&quot;,&quot;info&quot;:&quot;&quot;,&quot;shop&quot;:&quot;&quot;,&quot;can_purchase&quot;:false},&quot;additional_info&quot;:{&quot;icon&quot;:&quot;0&quot;,&quot;text&quot;:&quot;&quot;},&quot;highlight_header&quot;:false,&quot;featured_images&quot;:[109849],&quot;use_video_in_teasers&quot;:false,&quot;hyphenation&quot;:false,&quot;tipp&quot;:false,&quot;joker&quot;:false,&quot;live&quot;:false,&quot;hide_event_in_program&quot;:false,&quot;noindex&quot;:false,&quot;keywords&quot;:&quot;&quot;,&quot;belongsto&quot;:[20100],&quot;shorturl&quot;:&quot;&quot;,&quot;announcement&quot;:&quot;Listen now&quot;},&quot;date&quot;:[],&quot;alert&quot;:null,&quot;partof&quot;:[20100],&quot;marketing_topic&quot;:{&quot;title&quot;:&quot;99 Questions&quot;,&quot;ID&quot;:20100,&quot;reason&quot;:&quot;sequence&quot;}}' inline-template>\n\t<a href=\"https:\/\/www.humboldtforum.org\/en\/programm\/digitales-angebot\/digital-en\/feminisms-in-the-museum-109860\/\" class=\"teaser teaser-event-digital teaser-event-standard\">\n\t\t<div class=\"row\">\n\t\t\t<div class=\"col-xs-12 teaser-event-image\">\n\t\t\t\t<div class=\"teaser-image teaser-image-no-alternate\">\n\t\t\t\t\t\t\t\t\t\t\t\n\t<lazy-media-inline inline-template>\n\t\t<figure itemscope itemtype=\"http:\/\/schema.org\/ImageObject\" class=\"lazy-media-inline \" role=\"group\" id=\"media_69f4ef7e6fff7\" aria-labelledby=\"desc_media_69f4ef7e6fff7\">\n\t\t\t<script type=\"application\/json\" ref=\"data\">\n\t\t\t\t{\n\t\t\t\t\"sizes\" : {\"medium\":{\"file\":\"SHF_eb00213327-300x129.jpg\",\"width\":300,\"height\":129,\"mime-type\":\"image\\\/jpeg\",\"filesize\":11325},\"large\":{\"file\":\"SHF_eb00213327-1024x439.jpg\",\"width\":1024,\"height\":439,\"mime-type\":\"image\\\/jpeg\",\"filesize\":67533},\"thumbnail\":{\"file\":\"SHF_eb00213327-150x150.jpg\",\"width\":150,\"height\":150,\"mime-type\":\"image\\\/jpeg\",\"filesize\":6041},\"medium_large\":{\"file\":\"SHF_eb00213327-768x329.jpg\",\"width\":768,\"height\":329,\"mime-type\":\"image\\\/jpeg\",\"filesize\":43191},\"small\":{\"file\":\"SHF_eb00213327-440x189.jpg\",\"width\":440,\"height\":189,\"mime-type\":\"image\\\/jpeg\",\"filesize\":19065},\"semi\":{\"file\":\"SHF_eb00213327-580x249.jpg\",\"width\":580,\"height\":249,\"mime-type\":\"image\\\/jpeg\",\"filesize\":28680},\"mobile\":{\"file\":\"SHF_eb00213327-720x309.jpg\",\"width\":720,\"height\":309,\"mime-type\":\"image\\\/jpeg\",\"filesize\":38728},\"hd\":{\"file\":\"SHF_eb00213327-1280x549.jpg\",\"width\":1280,\"height\":549,\"mime-type\":\"image\\\/jpeg\",\"filesize\":97171},\"full\":{\"file\":\"SHF_eb00213327-1920x823.jpg\",\"width\":1920,\"height\":823,\"mime-type\":\"image\\\/jpeg\",\"filesize\":194715},\"xxl\":{\"file\":\"SHF_eb00213327-4048x1735.jpg\",\"width\":4048,\"height\":1735,\"mime-type\":\"image\\\/jpeg\",\"filesize\":747584},\"1536x1536\":{\"file\":\"SHF_eb00213327-1536x658.jpg\",\"width\":1536,\"height\":658,\"mime-type\":\"image\\\/jpeg\",\"filesize\":132720},\"2048x2048\":{\"file\":\"SHF_eb00213327-2048x878.jpg\",\"width\":2048,\"height\":878,\"mime-type\":\"image\\\/jpeg\",\"filesize\":218818},\"original\":{\"file\":\"SHF_eb00213327.jpg\",\"width\":4200,\"height\":1800}},\n\t\t\t\t\"alt\" : \"Abstract depiction of figures in black silhouettes with colorful geometric elements in the background.\",\n\t\t\t\t\"path\" : \"\\\/wp-content\\\/uploads\\\/2023\\\/11\\\/\",\n\t\t\t\t\"video\" : null,\n\t\t\t\t\"autoplay\" : null,\n\t\t\t\t\"youtube\" : null,\n\t\t\t\t\"youtubelabel\" : \"Play video\",\n\t\t\t\t\"brightness\" : 100,\n\t\t\t\t\"crop\" : null,\n\t\t\t\t\"background\" : true,\n\t\t\t\t\"scale\" : 2\t\t\t\t}\n\t\t\t<\/script>\n\n\t\t\t<div class=\"height-container\" style=\"padding-bottom:42.857142857143%;\" v-if=\"sizes\">\n\t\t\t\t\t\t\t\t<lazy-media :inline=\"true\" :alt=\"alt\" :sizes=\"sizes\" :scale=\"scale\" :brightness=\"brightness\" :path=\"path\" :video=\"video\" :autoplay=\"autoplay\" :youtube=\"youtube\" :crop=\"crop\" :youtubelabel=\"youtubelabel\" :background=\"background\" media-id=\"desc_media_69f4ef7e6fff7\"><\/lazy-media>\n\t\t\t\t\t\t\t<\/div>\n\n\t\t\t\t\t\t\t<figcaption class=\"sr-only\" ref=\"body\" id=\"desc_media_69f4ef7e6fff7\">\n\t\t\t\t\t\t\t\t\t\t\t<div>Banner &quot;Feminisms in the Museum&quot; Podcast &#8211; 99 Questions<\/div>\n\t\t\t\t\t\t\t\t\t\t\t\t\t\t\t\t\t\t\t\t\t<div class=\"insignificant\">\u00a9 Diana Ejaita<\/div>\n\t\t\t\t\t\t\t\t\t<\/figcaption>\n\t\t\t\t\t<\/figure>\n\t<\/lazy-media-inline>\n\t\t\t\t<\/div>\n\t\t\t<\/div>\n\t\t\t<div class=\"col-xs-12 teaser-event-text Infos\">\n\t\t\t\t<div class=\"teaser-event-standard-text\">\n\t\t\t\t\t<div class=\"margin-bottom-atom\">\n\t\t\t\t\t\t<div class=\"subline clamp-1\" v-html=\"maingenre\"><\/div>\n\t\t\t\t\t\t\t\t\t\t\t\t\t<div class=\"insignificant clamp-2\">99 Questions<\/div>\n\t\t\t\t\t\t\t\t\t\t\t<\/div>\n\t\t\t\t\n\t\t\t\t\t<strong class=\"margin-bottom-atom\">Feminisms in the Museum<\/strong>\n\n\t\t\t\t\t\t\t\t\t\t\t<div class=\"\"><\/div>\n\t\t\t\t\t\t\t\t\t<\/div>\n\t\t\t\t<div class=\"teaser-bottom border-bottom\">\n\t\t\t\t<calendardateline :rawitem='item' :show-icon=\"true\"><\/calendardateline>\n\t\t\t\t\t<hr>\n\t\t\t\t<\/div>\n\t\t\t<\/div>\n\t\t<\/div>\n\t<\/a>\n\t<\/calendarteaser>\n<\/li>\n\n<li class=\"col-xs-6 col-sm-4 col-md-3 teaser-wrapper col-padding-remove\">\n\t<calendarteaser key=\"9566613248\" rawitem='{&quot;postId&quot;:95666,&quot;title&quot;:&quot;Death_Matters&quot;,&quot;excerpt&quot;:&quot;Eine Gespr\\u00e4chsreihe, die versucht die erforderliche F\\u00fcrsorge und Ethik beim Vorgang der Digitalisierung von kulturellem Erbe aus Afrika zu beleuchten; insbesondere im Zeitalter von Restitutionen.&quot;,&quot;slug&quot;:&quot;death_matters&quot;,&quot;post_date&quot;:&quot;2023-08-14T14:36&quot;,&quot;type&quot;:&quot;event-digital&quot;,&quot;permalink&quot;:&quot;https:\\\/\\\/www.humboldtforum.org\\\/en\\\/programm\\\/digitales-angebot\\\/digital-en\\\/death_matters-95666\\\/&quot;,&quot;genre&quot;:[688,1795,1079],&quot;genre_details&quot;:[{&quot;text&quot;:&quot;Digital&quot;,&quot;id&quot;:688,&quot;icon&quot;:null,&quot;parent&quot;:0},{&quot;text&quot;:&quot;Ethnology&quot;,&quot;id&quot;:1795,&quot;icon&quot;:null,&quot;parent&quot;:0},{&quot;text&quot;:&quot;Talk&quot;,&quot;id&quot;:1079,&quot;icon&quot;:null,&quot;parent&quot;:0}],&quot;digital&quot;:[874],&quot;digital_details&quot;:[{&quot;text&quot;:&quot;Podcast&quot;,&quot;id&quot;:874,&quot;icon&quot;:null,&quot;parent&quot;:0}],&quot;stakeholder&quot;:[595],&quot;stakeholder_details&quot;:[{&quot;text&quot;:&quot;Stiftung Humboldt Forum im Berliner Schloss&quot;,&quot;id&quot;:595,&quot;icon&quot;:null,&quot;parent&quot;:0}],&quot;targetgroup&quot;:[585],&quot;targetgroup_details&quot;:[{&quot;text&quot;:&quot;Adults&quot;,&quot;id&quot;:585,&quot;icon&quot;:null,&quot;parent&quot;:0}],&quot;language&quot;:[580,579],&quot;language_details&quot;:[{&quot;text&quot;:&quot;English&quot;,&quot;id&quot;:580,&quot;icon&quot;:null,&quot;parent&quot;:0},{&quot;text&quot;:&quot;German&quot;,&quot;id&quot;:579,&quot;icon&quot;:null,&quot;parent&quot;:0}],&quot;icon_overwrite&quot;:&quot;&quot;,&quot;acf&quot;:{&quot;noindex&quot;:false,&quot;keywords&quot;:&quot;&quot;,&quot;belongsto&quot;:[72296],&quot;shorturl&quot;:&quot;&quot;,&quot;planning&quot;:{&quot;price&quot;:&quot;&quot;,&quot;status&quot;:&quot;JOIN&quot;,&quot;info&quot;:&quot;&quot;,&quot;shop&quot;:&quot;&quot;,&quot;can_purchase&quot;:false},&quot;shorttext&quot;:&quot;Eine Gespr\\u00e4chsreihe, die versucht die erforderliche F\\u00fcrsorge und Ethik beim Vorgang der Digitalisierung von kulturellem Erbe aus Afrika zu beleuchten; insbesondere im Zeitalter von Restitutionen.&quot;,&quot;highlight_header&quot;:false,&quot;featured_images&quot;:[95751],&quot;hyphenation&quot;:true,&quot;tipp&quot;:false,&quot;joker&quot;:false,&quot;live&quot;:false,&quot;announcement&quot;:&quot;Listen now&quot;,&quot;additional_info&quot;:{&quot;icon&quot;:&quot;0&quot;,&quot;text&quot;:&quot;&quot;},&quot;use_video_in_teasers&quot;:false,&quot;hide_event_in_program&quot;:false,&quot;subline&quot;:&quot;Living with Death in Humboldt Forum&quot;,&quot;hm_id&quot;:&quot;201901&quot;},&quot;date&quot;:[],&quot;alert&quot;:null,&quot;partof&quot;:[],&quot;marketing_topic&quot;:{&quot;title&quot;:&quot;in_finite. Living with Death&quot;,&quot;ID&quot;:72296,&quot;reason&quot;:&quot;belongsto&quot;}}' inline-template>\n\t<a href=\"https:\/\/www.humboldtforum.org\/en\/programm\/digitales-angebot\/digital-en\/death_matters-95666\/\" class=\"teaser teaser-event-digital teaser-event-standard\">\n\t\t<div class=\"row\">\n\t\t\t<div class=\"col-xs-12 teaser-event-image\">\n\t\t\t\t<div class=\"teaser-image teaser-image-no-alternate\">\n\t\t\t\t\t\t\t\t\t\t\t\n\t<lazy-media-inline inline-template>\n\t\t<figure itemscope itemtype=\"http:\/\/schema.org\/ImageObject\" class=\"lazy-media-inline \" role=\"group\" id=\"media_69f4ef7e7174c\" aria-labelledby=\"desc_media_69f4ef7e7174c\">\n\t\t\t<script type=\"application\/json\" ref=\"data\">\n\t\t\t\t{\n\t\t\t\t\"sizes\" : {\"medium\":{\"file\":\"SHF_eb00173906-300x176.jpg\",\"width\":300,\"height\":176,\"mime-type\":\"image\\\/jpeg\",\"filesize\":6886},\"large\":{\"file\":\"SHF_eb00173906-1024x600.jpg\",\"width\":1024,\"height\":600,\"mime-type\":\"image\\\/jpeg\",\"filesize\":52242},\"thumbnail\":{\"file\":\"SHF_eb00173906-150x150.jpg\",\"width\":150,\"height\":150,\"mime-type\":\"image\\\/jpeg\",\"filesize\":4739},\"medium_large\":{\"file\":\"SHF_eb00173906-768x450.jpg\",\"width\":768,\"height\":450,\"mime-type\":\"image\\\/jpeg\",\"filesize\":30674},\"small\":{\"file\":\"SHF_eb00173906-440x258.jpg\",\"width\":440,\"height\":258,\"mime-type\":\"image\\\/jpeg\",\"filesize\":12384},\"semi\":{\"file\":\"SHF_eb00173906-580x340.jpg\",\"width\":580,\"height\":340,\"mime-type\":\"image\\\/jpeg\",\"filesize\":19175},\"mobile\":{\"file\":\"SHF_eb00173906-720x422.jpg\",\"width\":720,\"height\":422,\"mime-type\":\"image\\\/jpeg\",\"filesize\":27073},\"hd\":{\"file\":\"SHF_eb00173906-1280x749.jpg\",\"width\":1280,\"height\":749,\"mime-type\":\"image\\\/jpeg\",\"filesize\":82977},\"full\":{\"file\":\"SHF_eb00173906-1920x1124.jpg\",\"width\":1920,\"height\":1124,\"mime-type\":\"image\\\/jpeg\",\"filesize\":209011},\"1536x1536\":{\"file\":\"SHF_eb00173906-1536x899.jpg\",\"width\":1536,\"height\":899,\"mime-type\":\"image\\\/jpeg\",\"filesize\":124712},\"2048x2048\":{\"file\":\"SHF_eb00173906-2048x1199.jpg\",\"width\":2048,\"height\":1199,\"mime-type\":\"image\\\/jpeg\",\"filesize\":241599},\"original\":{\"file\":\"SHF_eb00173906.jpg\",\"width\":3040,\"height\":1780}},\n\t\t\t\t\"alt\" : \"Colorfully decorated skull with a vibrant background and geometric shapes.\",\n\t\t\t\t\"path\" : \"\\\/wp-content\\\/uploads\\\/2023\\\/08\\\/\",\n\t\t\t\t\"video\" : null,\n\t\t\t\t\"autoplay\" : null,\n\t\t\t\t\"youtube\" : null,\n\t\t\t\t\"youtubelabel\" : \"Play video\",\n\t\t\t\t\"brightness\" : 100,\n\t\t\t\t\"crop\" : {\"top\":\"55.20\",\"left\":\"49.76\"},\n\t\t\t\t\"background\" : true,\n\t\t\t\t\"scale\" : 2\t\t\t\t}\n\t\t\t<\/script>\n\n\t\t\t<div class=\"height-container\" style=\"padding-bottom:58.552631578947%;\" v-if=\"sizes\">\n\t\t\t\t\t\t\t\t<lazy-media :inline=\"true\" :alt=\"alt\" :sizes=\"sizes\" :scale=\"scale\" :brightness=\"brightness\" :path=\"path\" :video=\"video\" :autoplay=\"autoplay\" :youtube=\"youtube\" :crop=\"crop\" :youtubelabel=\"youtubelabel\" :background=\"background\" media-id=\"desc_media_69f4ef7e7174c\"><\/lazy-media>\n\t\t\t\t\t\t\t<\/div>\n\n\t\t\t\t\t\t\t<figcaption class=\"sr-only\" ref=\"body\" id=\"desc_media_69f4ef7e7174c\">\n\t\t\t\t\t\t\t\t\t\t\t\t\t\t\t\t\t\t\t\t\t<div class=\"insignificant\">\u00a9 Stiftung Humboldt Forum im Berliner Schloss, image: fergregory \/ Getty Images<\/div>\n\t\t\t\t\t\t\t\t\t<\/figcaption>\n\t\t\t\t\t<\/figure>\n\t<\/lazy-media-inline>\n\t\t\t\t<\/div>\n\t\t\t<\/div>\n\t\t\t<div class=\"col-xs-12 teaser-event-text Infos\">\n\t\t\t\t<div class=\"teaser-event-standard-text\">\n\t\t\t\t\t<div class=\"margin-bottom-atom\">\n\t\t\t\t\t\t<div class=\"subline clamp-1\" v-html=\"maingenre\"><\/div>\n\t\t\t\t\t\t\t\t\t\t\t\t\t<div class=\"insignificant clamp-2\">in_finite. Living with Death<\/div>\n\t\t\t\t\t\t\t\t\t\t\t<\/div>\n\t\t\t\t\n\t\t\t\t\t<strong class=\"margin-bottom-atom\">Death_Matters<\/strong>\n\n\t\t\t\t\t\t\t\t\t\t\t<div class=\"\">Living with Death in Humboldt Forum<\/div>\n\t\t\t\t\t\t\t\t\t<\/div>\n\t\t\t\t<div class=\"teaser-bottom border-bottom\">\n\t\t\t\t<calendardateline :rawitem='item' :show-icon=\"true\"><\/calendardateline>\n\t\t\t\t\t<hr>\n\t\t\t\t<\/div>\n\t\t\t<\/div>\n\t\t<\/div>\n\t<\/a>\n\t<\/calendarteaser>\n<\/li>\n\n<li class=\"col-xs-6 col-sm-4 col-md-3 teaser-wrapper col-padding-remove\">\n\t<calendarteaser key=\"7602120935\" rawitem='{&quot;postId&quot;:76021,&quot;title&quot;:&quot;Decolonial Ecologies&quot;,&quot;excerpt&quot;:&quot;A series of discussions that attempts to unpack the necessary care and ethics of digitising African heritage, particularly in the age of restitution.&quot;,&quot;slug&quot;:&quot;decolonial-ecologies&quot;,&quot;post_date&quot;:&quot;2023-03-29T09:26&quot;,&quot;type&quot;:&quot;event-digital&quot;,&quot;permalink&quot;:&quot;https:\\\/\\\/www.humboldtforum.org\\\/en\\\/programm\\\/digitales-angebot\\\/digital-en\\\/decolonial-ecologies-76021\\\/&quot;,&quot;genre&quot;:[688],&quot;genre_details&quot;:[{&quot;text&quot;:&quot;Digital&quot;,&quot;id&quot;:688,&quot;icon&quot;:null,&quot;parent&quot;:0}],&quot;digital&quot;:[874],&quot;digital_details&quot;:[{&quot;text&quot;:&quot;Podcast&quot;,&quot;id&quot;:874,&quot;icon&quot;:null,&quot;parent&quot;:0}],&quot;topic&quot;:[783],&quot;topic_details&quot;:[{&quot;text&quot;:&quot;Colonialism and Coloniality&quot;,&quot;id&quot;:783,&quot;icon&quot;:null,&quot;parent&quot;:0}],&quot;stakeholder&quot;:[594,595],&quot;stakeholder_details&quot;:[{&quot;text&quot;:&quot;Staatliche Museen zu Berlin&quot;,&quot;id&quot;:594,&quot;icon&quot;:null,&quot;parent&quot;:0},{&quot;text&quot;:&quot;Stiftung Humboldt Forum im Berliner Schloss&quot;,&quot;id&quot;:595,&quot;icon&quot;:null,&quot;parent&quot;:0}],&quot;targetgroup&quot;:[585],&quot;targetgroup_details&quot;:[{&quot;text&quot;:&quot;Adults&quot;,&quot;id&quot;:585,&quot;icon&quot;:null,&quot;parent&quot;:0}],&quot;language&quot;:[580],&quot;language_details&quot;:[{&quot;text&quot;:&quot;English&quot;,&quot;id&quot;:580,&quot;icon&quot;:null,&quot;parent&quot;:0}],&quot;icon_overwrite&quot;:&quot;&quot;,&quot;acf&quot;:{&quot;noindex&quot;:false,&quot;keywords&quot;:&quot;&quot;,&quot;belongsto&quot;:[20100],&quot;shorturl&quot;:&quot;&quot;,&quot;planning&quot;:{&quot;price&quot;:&quot;&quot;,&quot;status&quot;:&quot;BUY&quot;,&quot;info&quot;:&quot;&quot;,&quot;shop&quot;:&quot;&quot;,&quot;can_purchase&quot;:false},&quot;additional_info&quot;:{&quot;icon&quot;:&quot;0&quot;,&quot;text&quot;:&quot;&quot;},&quot;highlight_header&quot;:false,&quot;featured_images&quot;:[76023],&quot;use_video_in_teasers&quot;:false,&quot;hyphenation&quot;:true,&quot;tipp&quot;:false,&quot;joker&quot;:false,&quot;live&quot;:false,&quot;hide_event_in_program&quot;:false,&quot;subline&quot;:&quot;A 99 Questions Podcast Series by Aouefa Amoussouvi&quot;,&quot;shorttext&quot;:&quot;A series of discussions that attempts to unpack the necessary care and ethics of digitising African heritage, particularly in the age of restitution.&quot;,&quot;announcement&quot;:&quot;Listen now&quot;},&quot;date&quot;:[],&quot;alert&quot;:null,&quot;partof&quot;:[20100],&quot;marketing_topic&quot;:{&quot;title&quot;:&quot;99 Questions&quot;,&quot;ID&quot;:20100,&quot;reason&quot;:&quot;sequence&quot;}}' inline-template>\n\t<a href=\"https:\/\/www.humboldtforum.org\/en\/programm\/digitales-angebot\/digital-en\/decolonial-ecologies-76021\/\" class=\"teaser teaser-event-digital teaser-event-standard\">\n\t\t<div class=\"row\">\n\t\t\t<div class=\"col-xs-12 teaser-event-image\">\n\t\t\t\t<div class=\"teaser-image teaser-image-no-alternate\">\n\t\t\t\t\t\t\t\t\t\t\t\n\t<lazy-media-inline inline-template>\n\t\t<figure itemscope itemtype=\"http:\/\/schema.org\/ImageObject\" class=\"lazy-media-inline \" role=\"group\" id=\"media_69f4ef7e72ec1\" aria-labelledby=\"desc_media_69f4ef7e72ec1\">\n\t\t\t<script type=\"application\/json\" ref=\"data\">\n\t\t\t\t{\n\t\t\t\t\"sizes\" : {\"medium\":{\"file\":\"SHF_eb00189091-300x129.jpg\",\"width\":300,\"height\":129,\"mime-type\":\"image\\\/jpeg\",\"filesize\":15583},\"large\":{\"file\":\"SHF_eb00189091-1024x439.jpg\",\"width\":1024,\"height\":439,\"mime-type\":\"image\\\/jpeg\",\"filesize\":144789},\"thumbnail\":{\"file\":\"SHF_eb00189091-150x150.jpg\",\"width\":150,\"height\":150,\"mime-type\":\"image\\\/jpeg\",\"filesize\":9967},\"medium_large\":{\"file\":\"SHF_eb00189091-768x329.jpg\",\"width\":768,\"height\":329,\"mime-type\":\"image\\\/jpeg\",\"filesize\":85764},\"small\":{\"file\":\"SHF_eb00189091-440x189.jpg\",\"width\":440,\"height\":189,\"mime-type\":\"image\\\/jpeg\",\"filesize\":30593},\"semi\":{\"file\":\"SHF_eb00189091-580x249.jpg\",\"width\":580,\"height\":249,\"mime-type\":\"image\\\/jpeg\",\"filesize\":51508},\"mobile\":{\"file\":\"SHF_eb00189091-720x309.jpg\",\"width\":720,\"height\":309,\"mime-type\":\"image\\\/jpeg\",\"filesize\":76488},\"hd\":{\"file\":\"SHF_eb00189091-1280x549.jpg\",\"width\":1280,\"height\":549,\"mime-type\":\"image\\\/jpeg\",\"filesize\":214757},\"full\":{\"file\":\"SHF_eb00189091-1920x823.jpg\",\"width\":1920,\"height\":823,\"mime-type\":\"image\\\/jpeg\",\"filesize\":420809},\"1536x1536\":{\"file\":\"SHF_eb00189091-1536x658.jpg\",\"width\":1536,\"height\":658,\"mime-type\":\"image\\\/jpeg\",\"filesize\":293064},\"2048x2048\":{\"file\":\"SHF_eb00189091-2048x878.jpg\",\"width\":2048,\"height\":878,\"mime-type\":\"image\\\/jpeg\",\"filesize\":466126},\"original\":{\"file\":\"SHF_eb00189091.jpg\",\"width\":2100,\"height\":900}},\n\t\t\t\t\"alt\" : \"An artistic depiction of Earth surrounded by various landscapes and elements of nature.\",\n\t\t\t\t\"path\" : \"\\\/wp-content\\\/uploads\\\/2023\\\/03\\\/\",\n\t\t\t\t\"video\" : null,\n\t\t\t\t\"autoplay\" : null,\n\t\t\t\t\"youtube\" : null,\n\t\t\t\t\"youtubelabel\" : \"Play video\",\n\t\t\t\t\"brightness\" : 100,\n\t\t\t\t\"crop\" : null,\n\t\t\t\t\"background\" : true,\n\t\t\t\t\"scale\" : 2\t\t\t\t}\n\t\t\t<\/script>\n\n\t\t\t<div class=\"height-container\" style=\"padding-bottom:42.857142857143%;\" v-if=\"sizes\">\n\t\t\t\t\t\t\t\t<lazy-media :inline=\"true\" :alt=\"alt\" :sizes=\"sizes\" :scale=\"scale\" :brightness=\"brightness\" :path=\"path\" :video=\"video\" :autoplay=\"autoplay\" :youtube=\"youtube\" :crop=\"crop\" :youtubelabel=\"youtubelabel\" :background=\"background\" media-id=\"desc_media_69f4ef7e72ec1\"><\/lazy-media>\n\t\t\t\t\t\t\t<\/div>\n\n\t\t\t\t\t\t\t<figcaption class=\"sr-only\" ref=\"body\" id=\"desc_media_69f4ef7e72ec1\">\n\t\t\t\t\t\t\t\t\t\t\t\t\t\t\t\t\t\t\t\t\t<div class=\"insignificant\">\u00a9 Elia Diane Fushi Bekene, selflovetribute.com \/ Background: Sasha Engelmann &#038; Sophie Dyer, &#8220;Image transmitted by satellite NOAA-19&#8221;<\/div>\n\t\t\t\t\t\t\t\t\t<\/figcaption>\n\t\t\t\t\t<\/figure>\n\t<\/lazy-media-inline>\n\t\t\t\t<\/div>\n\t\t\t<\/div>\n\t\t\t<div class=\"col-xs-12 teaser-event-text Infos\">\n\t\t\t\t<div class=\"teaser-event-standard-text\">\n\t\t\t\t\t<div class=\"margin-bottom-atom\">\n\t\t\t\t\t\t<div class=\"subline clamp-1\" v-html=\"maingenre\"><\/div>\n\t\t\t\t\t\t\t\t\t\t\t\t\t<div class=\"insignificant clamp-2\">99 Questions<\/div>\n\t\t\t\t\t\t\t\t\t\t\t<\/div>\n\t\t\t\t\n\t\t\t\t\t<strong class=\"margin-bottom-atom\">Decolonial Ecologies<\/strong>\n\n\t\t\t\t\t\t\t\t\t\t\t<div class=\"\">A 99 Questions Podcast Series by Aouefa Amoussouvi<\/div>\n\t\t\t\t\t\t\t\t\t<\/div>\n\t\t\t\t<div class=\"teaser-bottom border-bottom\">\n\t\t\t\t<calendardateline :rawitem='item' :show-icon=\"true\"><\/calendardateline>\n\t\t\t\t\t<hr>\n\t\t\t\t<\/div>\n\t\t\t<\/div>\n\t\t<\/div>\n\t<\/a>\n\t<\/calendarteaser>\n<\/li>\n\n<li class=\"col-xs-6 col-sm-4 col-md-3 teaser-wrapper col-padding-remove\">\n\t<calendarteaser key=\"6497410449\" rawitem='{&quot;postId&quot;:64974,&quot;title&quot;:&quot;Das Museum Sem Nenhum Car\\u00e1ter&quot;,&quot;excerpt&quot;:&quot;Eine Gespr\\u00e4chsreihe, die versucht die erforderliche F\\u00fcrsorge und Ethik beim Vorgang der Digitalisierung von kulturellem Erbe aus Afrika zu beleuchten; insbesondere im Zeitalter von Restitutionen.&quot;,&quot;slug&quot;:&quot;das-museum-sem-nenhum-carater&quot;,&quot;post_date&quot;:&quot;2022-12-12T14:16&quot;,&quot;type&quot;:&quot;event-digital&quot;,&quot;permalink&quot;:&quot;https:\\\/\\\/www.humboldtforum.org\\\/en\\\/programm\\\/digitales-angebot\\\/digital-en\\\/das-museum-sem-nenhum-carater-64974\\\/&quot;,&quot;genre&quot;:[688,889],&quot;genre_details&quot;:[{&quot;text&quot;:&quot;Digital&quot;,&quot;id&quot;:688,&quot;icon&quot;:null,&quot;parent&quot;:0},{&quot;text&quot;:&quot;Publication&quot;,&quot;id&quot;:889,&quot;icon&quot;:null,&quot;parent&quot;:0}],&quot;digital&quot;:[874],&quot;digital_details&quot;:[{&quot;text&quot;:&quot;Podcast&quot;,&quot;id&quot;:874,&quot;icon&quot;:null,&quot;parent&quot;:0}],&quot;topic&quot;:[783],&quot;topic_details&quot;:[{&quot;text&quot;:&quot;Colonialism and Coloniality&quot;,&quot;id&quot;:783,&quot;icon&quot;:null,&quot;parent&quot;:0}],&quot;stakeholder&quot;:[594,595],&quot;stakeholder_details&quot;:[{&quot;text&quot;:&quot;Staatliche Museen zu Berlin&quot;,&quot;id&quot;:594,&quot;icon&quot;:null,&quot;parent&quot;:0},{&quot;text&quot;:&quot;Stiftung Humboldt Forum im Berliner Schloss&quot;,&quot;id&quot;:595,&quot;icon&quot;:null,&quot;parent&quot;:0}],&quot;targetgroup&quot;:[585],&quot;targetgroup_details&quot;:[{&quot;text&quot;:&quot;Adults&quot;,&quot;id&quot;:585,&quot;icon&quot;:null,&quot;parent&quot;:0}],&quot;language&quot;:[580],&quot;language_details&quot;:[{&quot;text&quot;:&quot;English&quot;,&quot;id&quot;:580,&quot;icon&quot;:null,&quot;parent&quot;:0}],&quot;icon_overwrite&quot;:&quot;&quot;,&quot;acf&quot;:{&quot;noindex&quot;:false,&quot;keywords&quot;:&quot;&quot;,&quot;belongsto&quot;:[20100],&quot;shorturl&quot;:&quot;&quot;,&quot;planning&quot;:{&quot;price&quot;:&quot;&quot;,&quot;status&quot;:&quot;BUY&quot;,&quot;info&quot;:&quot;&quot;,&quot;shop&quot;:&quot;&quot;,&quot;can_purchase&quot;:false},&quot;additional_info&quot;:{&quot;icon&quot;:&quot;0&quot;,&quot;text&quot;:&quot;&quot;},&quot;highlight_header&quot;:false,&quot;featured_images&quot;:[68851],&quot;use_video_in_teasers&quot;:false,&quot;hyphenation&quot;:true,&quot;tipp&quot;:false,&quot;joker&quot;:false,&quot;live&quot;:false,&quot;hide_event_in_program&quot;:false,&quot;subline&quot;:&quot;Resisting the Universal&quot;,&quot;announcement&quot;:&quot;Read now&quot;,&quot;hm_id&quot;:&quot;169976&quot;,&quot;shorttext&quot;:&quot;Eine Gespr\\u00e4chsreihe, die versucht die erforderliche F\\u00fcrsorge und Ethik beim Vorgang der Digitalisierung von kulturellem Erbe aus Afrika zu beleuchten; insbesondere im Zeitalter von Restitutionen.&quot;},&quot;date&quot;:[],&quot;alert&quot;:null,&quot;partof&quot;:[20100],&quot;marketing_topic&quot;:{&quot;title&quot;:&quot;99 Questions&quot;,&quot;ID&quot;:20100,&quot;reason&quot;:&quot;sequence&quot;}}' inline-template>\n\t<a href=\"https:\/\/www.humboldtforum.org\/en\/programm\/digitales-angebot\/digital-en\/das-museum-sem-nenhum-carater-64974\/\" class=\"teaser teaser-event-digital teaser-event-standard\">\n\t\t<div class=\"row\">\n\t\t\t<div class=\"col-xs-12 teaser-event-image\">\n\t\t\t\t<div class=\"teaser-image teaser-image-no-alternate\">\n\t\t\t\t\t\t\t\t\t\t\t\n\t<lazy-media-inline inline-template>\n\t\t<figure itemscope itemtype=\"http:\/\/schema.org\/ImageObject\" class=\"lazy-media-inline \" role=\"group\" id=\"media_69f4ef7e74685\" aria-labelledby=\"desc_media_69f4ef7e74685\">\n\t\t\t<script type=\"application\/json\" ref=\"data\">\n\t\t\t\t{\n\t\t\t\t\"sizes\" : {\"medium\":{\"file\":\"SHF_eb00173105-300x125.jpg\",\"width\":300,\"height\":125,\"mime-type\":\"image\\\/jpeg\",\"filesize\":9673},\"large\":{\"file\":\"SHF_eb00173105-1024x427.jpg\",\"width\":1024,\"height\":427,\"mime-type\":\"image\\\/jpeg\",\"filesize\":67303},\"thumbnail\":{\"file\":\"SHF_eb00173105-150x150.jpg\",\"width\":150,\"height\":150,\"mime-type\":\"image\\\/jpeg\",\"filesize\":5867},\"medium_large\":{\"file\":\"SHF_eb00173105-768x320.jpg\",\"width\":768,\"height\":320,\"mime-type\":\"image\\\/jpeg\",\"filesize\":42402},\"small\":{\"file\":\"SHF_eb00173105-440x183.jpg\",\"width\":440,\"height\":183,\"mime-type\":\"image\\\/jpeg\",\"filesize\":17587},\"semi\":{\"file\":\"SHF_eb00173105-580x242.jpg\",\"width\":580,\"height\":242,\"mime-type\":\"image\\\/jpeg\",\"filesize\":27587},\"mobile\":{\"file\":\"SHF_eb00173105-720x300.jpg\",\"width\":720,\"height\":300,\"mime-type\":\"image\\\/jpeg\",\"filesize\":38693},\"original\":{\"file\":\"SHF_eb00173105.jpg\",\"width\":1080,\"height\":450}},\n\t\t\t\t\"alt\" : \"Two textures: on the left, a rough piece of paper; on the right, a pile of torn, printed paper pieces.\",\n\t\t\t\t\"path\" : \"\\\/wp-content\\\/uploads\\\/2022\\\/12\\\/\",\n\t\t\t\t\"video\" : null,\n\t\t\t\t\"autoplay\" : null,\n\t\t\t\t\"youtube\" : null,\n\t\t\t\t\"youtubelabel\" : \"Play video\",\n\t\t\t\t\"brightness\" : 100,\n\t\t\t\t\"crop\" : null,\n\t\t\t\t\"background\" : true,\n\t\t\t\t\"scale\" : 2\t\t\t\t}\n\t\t\t<\/script>\n\n\t\t\t<div class=\"height-container\" style=\"padding-bottom:41.666666666667%;\" v-if=\"sizes\">\n\t\t\t\t\t\t\t\t<lazy-media :inline=\"true\" :alt=\"alt\" :sizes=\"sizes\" :scale=\"scale\" :brightness=\"brightness\" :path=\"path\" :video=\"video\" :autoplay=\"autoplay\" :youtube=\"youtube\" :crop=\"crop\" :youtubelabel=\"youtubelabel\" :background=\"background\" media-id=\"desc_media_69f4ef7e74685\"><\/lazy-media>\n\t\t\t\t\t\t\t<\/div>\n\n\t\t\t\t\t\t\t<figcaption class=\"sr-only\" ref=\"body\" id=\"desc_media_69f4ef7e74685\">\n\t\t\t\t\t\t\t\t\t\t\t<div>Bilder aus der Publikation &quot;Das Museum Sem Nenhum Car&aacute;ter&quot;.<\/div>\n\t\t\t\t\t\t\t\t\t\t\t\t\t\t\t\t\t\t\t\t\t<div class=\"insignificant\">\u00a9 No\u00e9 Mart\u00ednez &#038; Mar\u00eda Sosa<\/div>\n\t\t\t\t\t\t\t\t\t<\/figcaption>\n\t\t\t\t\t<\/figure>\n\t<\/lazy-media-inline>\n\t\t\t\t<\/div>\n\t\t\t<\/div>\n\t\t\t<div class=\"col-xs-12 teaser-event-text Infos\">\n\t\t\t\t<div class=\"teaser-event-standard-text\">\n\t\t\t\t\t<div class=\"margin-bottom-atom\">\n\t\t\t\t\t\t<div class=\"subline clamp-1\" v-html=\"maingenre\"><\/div>\n\t\t\t\t\t\t\t\t\t\t\t\t\t<div class=\"insignificant clamp-2\">99 Questions<\/div>\n\t\t\t\t\t\t\t\t\t\t\t<\/div>\n\t\t\t\t\n\t\t\t\t\t<strong class=\"margin-bottom-atom\">Das Museum Sem Nenhum Car\u00e1ter<\/strong>\n\n\t\t\t\t\t\t\t\t\t\t\t<div class=\"\">Resisting the Universal<\/div>\n\t\t\t\t\t\t\t\t\t<\/div>\n\t\t\t\t<div class=\"teaser-bottom border-bottom\">\n\t\t\t\t<calendardateline :rawitem='item' :show-icon=\"true\"><\/calendardateline>\n\t\t\t\t\t<hr>\n\t\t\t\t<\/div>\n\t\t\t<\/div>\n\t\t<\/div>\n\t<\/a>\n\t<\/calendarteaser>\n<\/li>\n\n<li class=\"col-xs-6 col-sm-4 col-md-3 teaser-wrapper col-padding-remove\">\n\t<calendarteaser key=\"461079012\" rawitem='{&quot;postId&quot;:46107,&quot;title&quot;:&quot;Access for Who?\\u00a0Podcast with Chao Tayiana Maina and Molemo Moiloa&quot;,&quot;excerpt&quot;:&quot;A series of discussions that attempts to unpack the necessary care and ethics of digitising African heritage, particularly in the age of restitution.&quot;,&quot;slug&quot;:&quot;access-for-who&quot;,&quot;post_date&quot;:&quot;2022-07-15T10:36&quot;,&quot;type&quot;:&quot;event-digital&quot;,&quot;permalink&quot;:&quot;https:\\\/\\\/www.humboldtforum.org\\\/en\\\/programm\\\/digitales-angebot\\\/digital-en\\\/access-for-who-46107\\\/&quot;,&quot;genre&quot;:[688],&quot;genre_details&quot;:[{&quot;text&quot;:&quot;Digital&quot;,&quot;id&quot;:688,&quot;icon&quot;:null,&quot;parent&quot;:0}],&quot;digital&quot;:[874],&quot;digital_details&quot;:[{&quot;text&quot;:&quot;Podcast&quot;,&quot;id&quot;:874,&quot;icon&quot;:null,&quot;parent&quot;:0}],&quot;topic&quot;:[783],&quot;topic_details&quot;:[{&quot;text&quot;:&quot;Colonialism and Coloniality&quot;,&quot;id&quot;:783,&quot;icon&quot;:null,&quot;parent&quot;:0}],&quot;stakeholder&quot;:[594,595],&quot;stakeholder_details&quot;:[{&quot;text&quot;:&quot;Staatliche Museen zu Berlin&quot;,&quot;id&quot;:594,&quot;icon&quot;:null,&quot;parent&quot;:0},{&quot;text&quot;:&quot;Stiftung Humboldt Forum im Berliner Schloss&quot;,&quot;id&quot;:595,&quot;icon&quot;:null,&quot;parent&quot;:0}],&quot;targetgroup&quot;:[585],&quot;targetgroup_details&quot;:[{&quot;text&quot;:&quot;Adults&quot;,&quot;id&quot;:585,&quot;icon&quot;:null,&quot;parent&quot;:0}],&quot;language&quot;:[580],&quot;language_details&quot;:[{&quot;text&quot;:&quot;English&quot;,&quot;id&quot;:580,&quot;icon&quot;:null,&quot;parent&quot;:0}],&quot;icon_overwrite&quot;:&quot;&quot;,&quot;acf&quot;:{&quot;noindex&quot;:false,&quot;keywords&quot;:&quot;&quot;,&quot;belongsto&quot;:[20100],&quot;shorturl&quot;:&quot;&quot;,&quot;planning&quot;:{&quot;price&quot;:&quot;&quot;,&quot;status&quot;:&quot;BUY&quot;,&quot;info&quot;:&quot;&quot;,&quot;shop&quot;:&quot;&quot;,&quot;can_purchase&quot;:false},&quot;additional_info&quot;:{&quot;icon&quot;:&quot;0&quot;,&quot;text&quot;:&quot;&quot;},&quot;highlight_header&quot;:false,&quot;featured_images&quot;:[46188],&quot;use_video_in_teasers&quot;:false,&quot;hyphenation&quot;:true,&quot;tipp&quot;:false,&quot;joker&quot;:false,&quot;live&quot;:false,&quot;hide_event_in_program&quot;:false,&quot;subline&quot;:&quot;A series of discussions that attempts to unpack the necessary care and ethics of digitising African heritage, particularly in the age of restitution.&quot;,&quot;shorttext&quot;:&quot;A series of discussions that attempts to unpack the necessary care and ethics of digitising African heritage, particularly in the age of restitution.&quot;,&quot;announcement&quot;:&quot;Listen now&quot;},&quot;date&quot;:[],&quot;alert&quot;:null,&quot;partof&quot;:[20100],&quot;marketing_topic&quot;:{&quot;title&quot;:&quot;99 Questions&quot;,&quot;ID&quot;:20100,&quot;reason&quot;:&quot;sequence&quot;}}' inline-template>\n\t<a href=\"https:\/\/www.humboldtforum.org\/en\/programm\/digitales-angebot\/digital-en\/access-for-who-46107\/\" class=\"teaser teaser-event-digital teaser-event-standard\">\n\t\t<div class=\"row\">\n\t\t\t<div class=\"col-xs-12 teaser-event-image\">\n\t\t\t\t<div class=\"teaser-image teaser-image-no-alternate\">\n\t\t\t\t\t\t\t\t\t\t\t\n\t<lazy-media-inline inline-template>\n\t\t<figure itemscope itemtype=\"http:\/\/schema.org\/ImageObject\" class=\"lazy-media-inline \" role=\"group\" id=\"media_69f4ef7e7602f\" aria-labelledby=\"desc_media_69f4ef7e7602f\">\n\t\t\t<script type=\"application\/json\" ref=\"data\">\n\t\t\t\t{\n\t\t\t\t\"sizes\" : {\"medium\":{\"file\":\"SHF_eb00136164_mod-300x145.jpg\",\"width\":300,\"height\":145,\"mime-type\":\"image\\\/jpeg\",\"filesize\":19948},\"large\":{\"file\":\"SHF_eb00136164_mod-1024x494.jpg\",\"width\":1024,\"height\":494,\"mime-type\":\"image\\\/jpeg\",\"filesize\":134142},\"thumbnail\":{\"file\":\"SHF_eb00136164_mod-150x150.jpg\",\"width\":150,\"height\":150,\"mime-type\":\"image\\\/jpeg\",\"filesize\":10968},\"medium_large\":{\"file\":\"SHF_eb00136164_mod-768x371.jpg\",\"width\":768,\"height\":371,\"mime-type\":\"image\\\/jpeg\",\"filesize\":89217},\"small\":{\"file\":\"SHF_eb00136164_mod-440x212.jpg\",\"width\":440,\"height\":212,\"mime-type\":\"image\\\/jpeg\",\"filesize\":38092},\"semi\":{\"file\":\"SHF_eb00136164_mod-580x280.jpg\",\"width\":580,\"height\":280,\"mime-type\":\"image\\\/jpeg\",\"filesize\":57892},\"mobile\":{\"file\":\"SHF_eb00136164_mod-720x347.jpg\",\"width\":720,\"height\":347,\"mime-type\":\"image\\\/jpeg\",\"filesize\":80077},\"original\":{\"file\":\"SHF_eb00136164_mod.jpg\",\"width\":1150,\"height\":555}},\n\t\t\t\t\"alt\" : \"Graphic with a labyrinth and golden symbols, featuring the podcast \\\"Access for Who?\\\" by Open Restitution Africa.\",\n\t\t\t\t\"path\" : \"\\\/wp-content\\\/uploads\\\/2022\\\/07\\\/\",\n\t\t\t\t\"video\" : null,\n\t\t\t\t\"autoplay\" : null,\n\t\t\t\t\"youtube\" : null,\n\t\t\t\t\"youtubelabel\" : \"Play video\",\n\t\t\t\t\"brightness\" : 100,\n\t\t\t\t\"crop\" : null,\n\t\t\t\t\"background\" : true,\n\t\t\t\t\"scale\" : 2\t\t\t\t}\n\t\t\t<\/script>\n\n\t\t\t<div class=\"height-container\" style=\"padding-bottom:48.260869565217%;\" v-if=\"sizes\">\n\t\t\t\t\t\t\t\t<lazy-media :inline=\"true\" :alt=\"alt\" :sizes=\"sizes\" :scale=\"scale\" :brightness=\"brightness\" :path=\"path\" :video=\"video\" :autoplay=\"autoplay\" :youtube=\"youtube\" :crop=\"crop\" :youtubelabel=\"youtubelabel\" :background=\"background\" media-id=\"desc_media_69f4ef7e7602f\"><\/lazy-media>\n\t\t\t\t\t\t\t<\/div>\n\n\t\t\t\t\t\t\t<figcaption class=\"sr-only\" ref=\"body\" id=\"desc_media_69f4ef7e7602f\">\n\t\t\t\t\t\t\t\t\t\t\t\t\t\t\t\t\t\t\t\t\t<div class=\"insignificant\">\u00a9  &#8220;Access for Who&#8221;, Open Restitution Africa (2022)<\/div>\n\t\t\t\t\t\t\t\t\t<\/figcaption>\n\t\t\t\t\t<\/figure>\n\t<\/lazy-media-inline>\n\t\t\t\t<\/div>\n\t\t\t<\/div>\n\t\t\t<div class=\"col-xs-12 teaser-event-text Infos\">\n\t\t\t\t<div class=\"teaser-event-standard-text\">\n\t\t\t\t\t<div class=\"margin-bottom-atom\">\n\t\t\t\t\t\t<div class=\"subline clamp-1\" v-html=\"maingenre\"><\/div>\n\t\t\t\t\t\t\t\t\t\t\t\t\t<div class=\"insignificant clamp-2\">99 Questions<\/div>\n\t\t\t\t\t\t\t\t\t\t\t<\/div>\n\t\t\t\t\n\t\t\t\t\t<strong class=\"margin-bottom-atom\">Access for Who?\u00a0Podcast with Chao Tayiana Maina and Molemo Moiloa<\/strong>\n\n\t\t\t\t\t\t\t\t\t\t\t<div class=\"\">A series of discussions that attempts to unpack the necessary care and ethics of digitising African heritage, particularly in the age of restitution.<\/div>\n\t\t\t\t\t\t\t\t\t<\/div>\n\t\t\t\t<div class=\"teaser-bottom border-bottom\">\n\t\t\t\t<calendardateline :rawitem='item' :show-icon=\"true\"><\/calendardateline>\n\t\t\t\t\t<hr>\n\t\t\t\t<\/div>\n\t\t\t<\/div>\n\t\t<\/div>\n\t<\/a>\n\t<\/calendarteaser>\n<\/li>\n\n<li class=\"col-xs-6 col-sm-4 col-md-3 teaser-wrapper col-padding-remove\">\n\t<calendarteaser key=\"3283417424\" rawitem='{&quot;postId&quot;:32834,&quot;title&quot;:&quot;Tour of the new presentation of the collections&quot;,&quot;excerpt&quot;:&quot;Around 20,000 archaeological, ethnological and art-historical exhibits offer multiple perspectives on universal themes of humanity. The video tour makes the new presentations of the Ethnologisches Museum and the Museum f\\u00fcr Asiatische Kunst in the west wing on the 2nd and 3rd floor accessible online.&quot;,&quot;slug&quot;:&quot;tour-of-the-new-presentation-of-the-collections&quot;,&quot;post_date&quot;:&quot;2021-09-29T11:37&quot;,&quot;type&quot;:&quot;event-digital&quot;,&quot;permalink&quot;:&quot;https:\\\/\\\/www.humboldtforum.org\\\/en\\\/programm\\\/digitales-angebot\\\/digital-en\\\/tour-of-the-new-presentation-of-the-collections-32834\\\/&quot;,&quot;genre&quot;:[688],&quot;genre_details&quot;:[{&quot;text&quot;:&quot;Digital&quot;,&quot;id&quot;:688,&quot;icon&quot;:null,&quot;parent&quot;:0}],&quot;digital&quot;:[875],&quot;digital_details&quot;:[{&quot;text&quot;:&quot;Video&quot;,&quot;id&quot;:875,&quot;icon&quot;:null,&quot;parent&quot;:0}],&quot;topic&quot;:[783],&quot;topic_details&quot;:[{&quot;text&quot;:&quot;Colonialism and Coloniality&quot;,&quot;id&quot;:783,&quot;icon&quot;:null,&quot;parent&quot;:0}],&quot;stakeholder&quot;:[594,595],&quot;stakeholder_details&quot;:[{&quot;text&quot;:&quot;Staatliche Museen zu Berlin&quot;,&quot;id&quot;:594,&quot;icon&quot;:null,&quot;parent&quot;:0},{&quot;text&quot;:&quot;Stiftung Humboldt Forum im Berliner Schloss&quot;,&quot;id&quot;:595,&quot;icon&quot;:null,&quot;parent&quot;:0}],&quot;targetgroup&quot;:[585],&quot;targetgroup_details&quot;:[{&quot;text&quot;:&quot;Adults&quot;,&quot;id&quot;:585,&quot;icon&quot;:null,&quot;parent&quot;:0}],&quot;language&quot;:[580,579],&quot;language_details&quot;:[{&quot;text&quot;:&quot;English&quot;,&quot;id&quot;:580,&quot;icon&quot;:null,&quot;parent&quot;:0},{&quot;text&quot;:&quot;German&quot;,&quot;id&quot;:579,&quot;icon&quot;:null,&quot;parent&quot;:0}],&quot;icon_overwrite&quot;:&quot;&quot;,&quot;acf&quot;:{&quot;keywords&quot;:&quot;&quot;,&quot;shorturl&quot;:&quot;&quot;,&quot;planning&quot;:{&quot;price&quot;:&quot;&quot;,&quot;status&quot;:&quot;BUY&quot;,&quot;info&quot;:&quot;&quot;,&quot;shop&quot;:&quot;&quot;,&quot;can_purchase&quot;:false},&quot;shorttext&quot;:&quot;Around 20,000 archaeological, ethnological and art-historical exhibits offer multiple perspectives on universal themes of humanity. The video tour makes the new presentations of the Ethnologisches Museum and the Museum f\\u00fcr Asiatische Kunst in the west wing on the 2nd and 3rd floor accessible online.&quot;,&quot;use_video_in_teasers&quot;:true,&quot;hide_event_in_program&quot;:false,&quot;infotext&quot;:&quot;2021, 7 min&quot;,&quot;noindex&quot;:false,&quot;belongsto&quot;:[31568],&quot;additional_info&quot;:{&quot;icon&quot;:&quot;0&quot;,&quot;text&quot;:&quot;&quot;},&quot;highlight_header&quot;:false,&quot;featured_images&quot;:[32689,32820,32846],&quot;video&quot;:32814,&quot;video_brightness&quot;:&quot;100&quot;,&quot;hyphenation&quot;:true,&quot;tipp&quot;:false,&quot;joker&quot;:false,&quot;live&quot;:false,&quot;announcement&quot;:&quot;Watch video tour&quot;},&quot;date&quot;:[],&quot;alert&quot;:null,&quot;partof&quot;:[],&quot;marketing_topic&quot;:{&quot;title&quot;:&quot;Ethnologisches Museum and Museum f\\u00fcr Asiatische Kunst&quot;,&quot;ID&quot;:31568,&quot;reason&quot;:&quot;belongsto&quot;}}' inline-template>\n\t<a href=\"https:\/\/www.humboldtforum.org\/en\/programm\/digitales-angebot\/digital-en\/tour-of-the-new-presentation-of-the-collections-32834\/\" class=\"teaser teaser-event-digital teaser-event-standard\">\n\t\t<div class=\"row\">\n\t\t\t<div class=\"col-xs-12 teaser-event-image\">\n\t\t\t\t<div class=\"teaser-image teaser-image-no-alternate\">\n\t\t\t\t\t\t\t\t\t\t\t\n\t<lazy-media-inline inline-template>\n\t\t<figure itemscope itemtype=\"http:\/\/schema.org\/ImageObject\" class=\"lazy-media-inline \" role=\"group\" id=\"media_69f4ef7e77ae6\" aria-labelledby=\"desc_media_69f4ef7e77ae6\">\n\t\t\t<script type=\"application\/json\" ref=\"data\">\n\t\t\t\t{\n\t\t\t\t\"sizes\" : {\"medium\":{\"file\":\"10-Buddha-300x169.jpg\",\"width\":300,\"height\":169,\"mime-type\":\"image\\\/jpeg\"},\"large\":{\"file\":\"10-Buddha-1024x576.jpg\",\"width\":1024,\"height\":576,\"mime-type\":\"image\\\/jpeg\"},\"thumbnail\":{\"file\":\"10-Buddha-150x150.jpg\",\"width\":150,\"height\":150,\"mime-type\":\"image\\\/jpeg\"},\"medium_large\":{\"file\":\"10-Buddha-768x432.jpg\",\"width\":768,\"height\":432,\"mime-type\":\"image\\\/jpeg\"},\"small\":{\"file\":\"10-Buddha-440x248.jpg\",\"width\":440,\"height\":248,\"mime-type\":\"image\\\/jpeg\"},\"semi\":{\"file\":\"10-Buddha-580x326.jpg\",\"width\":580,\"height\":326,\"mime-type\":\"image\\\/jpeg\"},\"mobile\":{\"file\":\"10-Buddha-720x405.jpg\",\"width\":720,\"height\":405,\"mime-type\":\"image\\\/jpeg\"},\"hd\":{\"file\":\"10-Buddha-1280x720.jpg\",\"width\":1280,\"height\":720,\"mime-type\":\"image\\\/jpeg\"},\"1536x1536\":{\"file\":\"10-Buddha-1536x864.jpg\",\"width\":1536,\"height\":864,\"mime-type\":\"image\\\/jpeg\"},\"original\":{\"file\":\"10-Buddha.jpg\",\"width\":1920,\"height\":1080}},\n\t\t\t\t\"alt\" : \"Sculpture of a historical figure surrounded by other artifacts in a museum.\",\n\t\t\t\t\"path\" : \"\\\/wp-content\\\/uploads\\\/2021\\\/09\\\/\",\n\t\t\t\t\"video\" : null,\n\t\t\t\t\"autoplay\" : \"https:\\\/\\\/www.humboldtforum.org\\\/wp-content\\\/uploads\\\/2021\\\/09\\\/Rundgang_10sek.mp4\",\n\t\t\t\t\"youtube\" : null,\n\t\t\t\t\"youtubelabel\" : \"Play video\",\n\t\t\t\t\"brightness\" : 100,\n\t\t\t\t\"crop\" : {\"top\":\"50.00\",\"left\":\"50.00\"},\n\t\t\t\t\"background\" : true,\n\t\t\t\t\"scale\" : 2\t\t\t\t}\n\t\t\t<\/script>\n\n\t\t\t<div class=\"height-container\" style=\"padding-bottom:56.25%;\" v-if=\"sizes\">\n\t\t\t\t\t\t\t\t<lazy-media :inline=\"true\" :alt=\"alt\" :sizes=\"sizes\" :scale=\"scale\" :brightness=\"brightness\" :path=\"path\" :video=\"video\" :autoplay=\"autoplay\" :youtube=\"youtube\" :crop=\"crop\" :youtubelabel=\"youtubelabel\" :background=\"background\" media-id=\"desc_media_69f4ef7e77ae6\"><\/lazy-media>\n\t\t\t\t\t\t\t<\/div>\n\n\t\t\t\t\t\t\t<figcaption class=\"sr-only\" ref=\"body\" id=\"desc_media_69f4ef7e77ae6\">\n\t\t\t\t\t\t\t\t\t\t\t\t\t\t\t\t\t\t\t<\/figcaption>\n\t\t\t\t\t<\/figure>\n\t<\/lazy-media-inline>\n\t\t\t\t<\/div>\n\t\t\t<\/div>\n\t\t\t<div class=\"col-xs-12 teaser-event-text Infos\">\n\t\t\t\t<div class=\"teaser-event-standard-text\">\n\t\t\t\t\t<div class=\"margin-bottom-atom\">\n\t\t\t\t\t\t<div class=\"subline clamp-1\" v-html=\"maingenre\"><\/div>\n\t\t\t\t\t\t\t\t\t\t\t\t\t<div class=\"insignificant clamp-2\">Ethnologisches Museum and Museum f\u00fcr Asiatische Kunst<\/div>\n\t\t\t\t\t\t\t\t\t\t\t<\/div>\n\t\t\t\t\n\t\t\t\t\t<strong class=\"margin-bottom-atom\">Tour of the new presentation of the collections<\/strong>\n\n\t\t\t\t\t\t\t\t\t\t\t<div class=\"\"><\/div>\n\t\t\t\t\t\t\t\t\t<\/div>\n\t\t\t\t<div class=\"teaser-bottom border-bottom\">\n\t\t\t\t<calendardateline :rawitem='item' :show-icon=\"true\"><\/calendardateline>\n\t\t\t\t\t<hr>\n\t\t\t\t<\/div>\n\t\t\t<\/div>\n\t\t<\/div>\n\t<\/a>\n\t<\/calendarteaser>\n<\/li>\n\n<li class=\"col-xs-6 col-sm-4 col-md-3 teaser-wrapper col-padding-remove\">\n\t<calendarteaser key=\"328923472\" rawitem='{&quot;postId&quot;:32892,&quot;title&quot;:&quot;Keynote speech by Chimamanda Adichie&quot;,&quot;excerpt&quot;:&quot;On Wednesday, 22 September 2021, the new presentations of the Ethnologisches Museum (Ethnological Museum) and the Asian Art Museum (Museum f\\u00fcr Asiatische Kunst) in the Humboldt Forum were opened in an official ceremony with speeches by Federal President Frank-Walter Steinmeier, Minister of State for Culture Monika Gr\\u00fctters and author Chimamanda Ngozi Adichie.&quot;,&quot;slug&quot;:&quot;keynote-spreech-by-chimamanda-adichie&quot;,&quot;post_date&quot;:&quot;2021-09-22T17:54&quot;,&quot;type&quot;:&quot;event-digital&quot;,&quot;permalink&quot;:&quot;https:\\\/\\\/www.humboldtforum.org\\\/en\\\/programm\\\/digitales-angebot\\\/digital-en\\\/keynote-spreech-by-chimamanda-adichie-32892\\\/&quot;,&quot;genre&quot;:[688],&quot;genre_details&quot;:[{&quot;text&quot;:&quot;Digital&quot;,&quot;id&quot;:688,&quot;icon&quot;:null,&quot;parent&quot;:0}],&quot;digital&quot;:[875],&quot;digital_details&quot;:[{&quot;text&quot;:&quot;Video&quot;,&quot;id&quot;:875,&quot;icon&quot;:null,&quot;parent&quot;:0}],&quot;stakeholder&quot;:[594,595],&quot;stakeholder_details&quot;:[{&quot;text&quot;:&quot;Staatliche Museen zu Berlin&quot;,&quot;id&quot;:594,&quot;icon&quot;:null,&quot;parent&quot;:0},{&quot;text&quot;:&quot;Stiftung Humboldt Forum im Berliner Schloss&quot;,&quot;id&quot;:595,&quot;icon&quot;:null,&quot;parent&quot;:0}],&quot;targetgroup&quot;:[585],&quot;targetgroup_details&quot;:[{&quot;text&quot;:&quot;Adults&quot;,&quot;id&quot;:585,&quot;icon&quot;:null,&quot;parent&quot;:0}],&quot;language&quot;:[580],&quot;language_details&quot;:[{&quot;text&quot;:&quot;English&quot;,&quot;id&quot;:580,&quot;icon&quot;:null,&quot;parent&quot;:0}],&quot;icon_overwrite&quot;:&quot;&quot;,&quot;acf&quot;:{&quot;keywords&quot;:&quot;&quot;,&quot;shorturl&quot;:&quot;&quot;,&quot;planning&quot;:{&quot;price&quot;:&quot;&quot;,&quot;status&quot;:&quot;BUY&quot;,&quot;info&quot;:&quot;&quot;,&quot;shop&quot;:&quot;&quot;,&quot;can_purchase&quot;:false},&quot;marketing_text&quot;:&quot;Opening of the Collections&quot;,&quot;shorttext&quot;:&quot;On Wednesday, 22 September 2021, the new presentations of the Ethnologisches Museum (Ethnological Museum) and the Asian Art Museum (Museum f\\u00fcr Asiatische Kunst) in the Humboldt Forum were opened in an official ceremony with speeches by Federal President Frank-Walter Steinmeier, Minister of State for Culture Monika Gr\\u00fctters and author Chimamanda Ngozi Adichie.&quot;,&quot;infotext&quot;:&quot;22 September 2021, 20 min&quot;,&quot;use_video_in_teasers&quot;:false,&quot;hide_event_in_program&quot;:false,&quot;noindex&quot;:false,&quot;belongsto&quot;:false,&quot;subline&quot;:&quot;on the occasion of the opening of the Ethnologisches Museum and the Museum f\\u00fcr Asiatische Kunst, 22 September 2021 &quot;,&quot;additional_info&quot;:{&quot;icon&quot;:&quot;0&quot;,&quot;text&quot;:&quot;&quot;},&quot;highlight_header&quot;:false,&quot;featured_images&quot;:[32863,32875],&quot;hyphenation&quot;:true,&quot;tipp&quot;:false,&quot;joker&quot;:false,&quot;live&quot;:false,&quot;announcement&quot;:&quot;Play video&quot;},&quot;date&quot;:[],&quot;alert&quot;:null,&quot;partof&quot;:[],&quot;marketing_topic&quot;:&quot;&quot;}' inline-template>\n\t<a href=\"https:\/\/www.humboldtforum.org\/en\/programm\/digitales-angebot\/digital-en\/keynote-spreech-by-chimamanda-adichie-32892\/\" class=\"teaser teaser-event-digital teaser-event-standard\">\n\t\t<div class=\"row\">\n\t\t\t<div class=\"col-xs-12 teaser-event-image\">\n\t\t\t\t<div class=\"teaser-image teaser-image-no-alternate\">\n\t\t\t\t\t\t\t\t\t\t\t\n\t<lazy-media-inline inline-template>\n\t\t<figure itemscope itemtype=\"http:\/\/schema.org\/ImageObject\" class=\"lazy-media-inline \" role=\"group\" id=\"media_69f4ef7e791b0\" aria-labelledby=\"desc_media_69f4ef7e791b0\">\n\t\t\t<script type=\"application\/json\" ref=\"data\">\n\t\t\t\t{\n\t\t\t\t\"sizes\" : {\"medium\":{\"file\":\"SHF_eb00119798-300x169.jpg\",\"width\":300,\"height\":169,\"mime-type\":\"image\\\/jpeg\"},\"large\":{\"file\":\"SHF_eb00119798-1024x576.jpg\",\"width\":1024,\"height\":576,\"mime-type\":\"image\\\/jpeg\"},\"thumbnail\":{\"file\":\"SHF_eb00119798-150x150.jpg\",\"width\":150,\"height\":150,\"mime-type\":\"image\\\/jpeg\"},\"medium_large\":{\"file\":\"SHF_eb00119798-768x432.jpg\",\"width\":768,\"height\":432,\"mime-type\":\"image\\\/jpeg\"},\"small\":{\"file\":\"SHF_eb00119798-440x247.jpg\",\"width\":440,\"height\":247,\"mime-type\":\"image\\\/jpeg\"},\"semi\":{\"file\":\"SHF_eb00119798-580x326.jpg\",\"width\":580,\"height\":326,\"mime-type\":\"image\\\/jpeg\"},\"mobile\":{\"file\":\"SHF_eb00119798-720x405.jpg\",\"width\":720,\"height\":405,\"mime-type\":\"image\\\/jpeg\"},\"hd\":{\"file\":\"SHF_eb00119798-1280x720.jpg\",\"width\":1280,\"height\":720,\"mime-type\":\"image\\\/jpeg\"},\"original\":{\"file\":\"SHF_eb00119798.jpg\",\"width\":1396,\"height\":785}},\n\t\t\t\t\"alt\" : \"A woman speaks at the Humboldt Forum podium, wearing a striking pink outfit and looking engaged.\",\n\t\t\t\t\"path\" : \"\\\/wp-content\\\/uploads\\\/2021\\\/04\\\/\",\n\t\t\t\t\"video\" : null,\n\t\t\t\t\"autoplay\" : null,\n\t\t\t\t\"youtube\" : null,\n\t\t\t\t\"youtubelabel\" : \"Play video\",\n\t\t\t\t\"brightness\" : 100,\n\t\t\t\t\"crop\" : {\"top\":\"36.99\",\"left\":\"39.68\"},\n\t\t\t\t\"background\" : true,\n\t\t\t\t\"scale\" : 2\t\t\t\t}\n\t\t\t<\/script>\n\n\t\t\t<div class=\"height-container\" style=\"padding-bottom:56.232091690544%;\" v-if=\"sizes\">\n\t\t\t\t\t\t\t\t<lazy-media :inline=\"true\" :alt=\"alt\" :sizes=\"sizes\" :scale=\"scale\" :brightness=\"brightness\" :path=\"path\" :video=\"video\" :autoplay=\"autoplay\" :youtube=\"youtube\" :crop=\"crop\" :youtubelabel=\"youtubelabel\" :background=\"background\" media-id=\"desc_media_69f4ef7e791b0\"><\/lazy-media>\n\t\t\t\t\t\t\t<\/div>\n\n\t\t\t\t\t\t\t<figcaption class=\"sr-only\" ref=\"body\" id=\"desc_media_69f4ef7e791b0\">\n\t\t\t\t\t\t\t\t\t\t\t<div>Keynote speech by Chimamanda Adichie\r\non the occasion of the opening of the Ethnologisches Museum and the Museum f&uuml;r Asiatische Kunst, 22 September 2021.<\/div>\n\t\t\t\t\t\t\t\t\t\t\t\t\t\t\t\t\t\t\t\t\t<div class=\"insignificant\">\u00a9 Stiftung Humboldt Forum im Berliner Schloss \/ Photo: David von Becker<\/div>\n\t\t\t\t\t\t\t\t\t<\/figcaption>\n\t\t\t\t\t<\/figure>\n\t<\/lazy-media-inline>\n\t\t\t\t<\/div>\n\t\t\t<\/div>\n\t\t\t<div class=\"col-xs-12 teaser-event-text Infos\">\n\t\t\t\t<div class=\"teaser-event-standard-text\">\n\t\t\t\t\t<div class=\"margin-bottom-atom\">\n\t\t\t\t\t\t<div class=\"subline clamp-1\" v-html=\"maingenre\"><\/div>\n\t\t\t\t\t\t\t\t\t\t\t<\/div>\n\t\t\t\t\n\t\t\t\t\t<strong class=\"margin-bottom-atom\">Keynote speech by Chimamanda Adichie<\/strong>\n\n\t\t\t\t\t\t\t\t\t\t\t<div class=\"\">Opening of the Collections<\/div>\n\t\t\t\t\t\t\t\t\t<\/div>\n\t\t\t\t<div class=\"teaser-bottom border-bottom\">\n\t\t\t\t<calendardateline :rawitem='item' :show-icon=\"true\"><\/calendardateline>\n\t\t\t\t\t<hr>\n\t\t\t\t<\/div>\n\t\t\t<\/div>\n\t\t<\/div>\n\t<\/a>\n\t<\/calendarteaser>\n<\/li>\n\n<li class=\"col-xs-6 col-sm-4 col-md-3 teaser-wrapper col-padding-remove\">\n\t<calendarteaser key=\"3371519879\" rawitem='{&quot;postId&quot;:33715,&quot;title&quot;:&quot;Keynote speech by Frank-Walter Steinmeier&quot;,&quot;excerpt&quot;:&quot;On Wednesday, 22 September 2021, the new presentations of the Ethnologisches Museum (Ethnological Museum) and the Asian Art Museum (Museum f\\u00fcr Asiatische Kunst) in the Humboldt Forum were opened in an official ceremony with speeches by Federal President Frank-Walter Steinmeier, Minister of State for Culture Monika Gr\\u00fctters and author Chimamanda Ngozi Adichie.&quot;,&quot;slug&quot;:&quot;keynote-speech-by-frank-walter-steinmeier&quot;,&quot;post_date&quot;:&quot;2021-09-22T17:53&quot;,&quot;type&quot;:&quot;event-digital&quot;,&quot;permalink&quot;:&quot;https:\\\/\\\/www.humboldtforum.org\\\/en\\\/programm\\\/digitales-angebot\\\/digital-en\\\/keynote-speech-by-frank-walter-steinmeier-33715\\\/&quot;,&quot;genre&quot;:[688],&quot;genre_details&quot;:[{&quot;text&quot;:&quot;Digital&quot;,&quot;id&quot;:688,&quot;icon&quot;:null,&quot;parent&quot;:0}],&quot;digital&quot;:[875],&quot;digital_details&quot;:[{&quot;text&quot;:&quot;Video&quot;,&quot;id&quot;:875,&quot;icon&quot;:null,&quot;parent&quot;:0}],&quot;stakeholder&quot;:[594,595],&quot;stakeholder_details&quot;:[{&quot;text&quot;:&quot;Staatliche Museen zu Berlin&quot;,&quot;id&quot;:594,&quot;icon&quot;:null,&quot;parent&quot;:0},{&quot;text&quot;:&quot;Stiftung Humboldt Forum im Berliner Schloss&quot;,&quot;id&quot;:595,&quot;icon&quot;:null,&quot;parent&quot;:0}],&quot;targetgroup&quot;:[585],&quot;targetgroup_details&quot;:[{&quot;text&quot;:&quot;Adults&quot;,&quot;id&quot;:585,&quot;icon&quot;:null,&quot;parent&quot;:0}],&quot;language&quot;:[580,579],&quot;language_details&quot;:[{&quot;text&quot;:&quot;English&quot;,&quot;id&quot;:580,&quot;icon&quot;:null,&quot;parent&quot;:0},{&quot;text&quot;:&quot;German&quot;,&quot;id&quot;:579,&quot;icon&quot;:null,&quot;parent&quot;:0}],&quot;icon_overwrite&quot;:&quot;&quot;,&quot;acf&quot;:{&quot;keywords&quot;:&quot;&quot;,&quot;shorturl&quot;:&quot;&quot;,&quot;planning&quot;:{&quot;price&quot;:&quot;&quot;,&quot;status&quot;:&quot;BUY&quot;,&quot;info&quot;:&quot;&quot;,&quot;shop&quot;:&quot;&quot;,&quot;can_purchase&quot;:false},&quot;marketing_text&quot;:&quot;Opening of the collections&quot;,&quot;shorttext&quot;:&quot;On Wednesday, 22 September 2021, the new presentations of the Ethnologisches Museum (Ethnological Museum) and the Asian Art Museum (Museum f\\u00fcr Asiatische Kunst) in the Humboldt Forum were opened in an official ceremony with speeches by Federal President Frank-Walter Steinmeier, Minister of State for Culture Monika Gr\\u00fctters and author Chimamanda Ngozi Adichie.&quot;,&quot;infotext&quot;:&quot;22 September 2021,  30 min&quot;,&quot;use_video_in_teasers&quot;:false,&quot;hide_event_in_program&quot;:false,&quot;noindex&quot;:false,&quot;belongsto&quot;:false,&quot;subline&quot;:&quot;on the occasion of the opening of the Ethnologisches Museum and the Museum f\\u00fcr Asiatische Kunst, 22 September 2021&quot;,&quot;additional_info&quot;:{&quot;icon&quot;:&quot;0&quot;,&quot;text&quot;:&quot;&quot;},&quot;highlight_header&quot;:false,&quot;featured_images&quot;:[33706,33702],&quot;hyphenation&quot;:true,&quot;tipp&quot;:false,&quot;joker&quot;:false,&quot;live&quot;:false,&quot;announcement&quot;:&quot;Play video&quot;},&quot;date&quot;:[],&quot;alert&quot;:null,&quot;partof&quot;:[],&quot;marketing_topic&quot;:&quot;&quot;}' inline-template>\n\t<a href=\"https:\/\/www.humboldtforum.org\/en\/programm\/digitales-angebot\/digital-en\/keynote-speech-by-frank-walter-steinmeier-33715\/\" class=\"teaser teaser-event-digital teaser-event-standard\">\n\t\t<div class=\"row\">\n\t\t\t<div class=\"col-xs-12 teaser-event-image\">\n\t\t\t\t<div class=\"teaser-image teaser-image-no-alternate\">\n\t\t\t\t\t\t\t\t\t\t\t\n\t<lazy-media-inline inline-template>\n\t\t<figure itemscope itemtype=\"http:\/\/schema.org\/ImageObject\" class=\"lazy-media-inline \" role=\"group\" id=\"media_69f4ef7e7a722\" aria-labelledby=\"desc_media_69f4ef7e7a722\">\n\t\t\t<script type=\"application\/json\" ref=\"data\">\n\t\t\t\t{\n\t\t\t\t\"sizes\" : {\"medium\":{\"file\":\"SHF_eb00119667-1-300x169.jpg\",\"width\":300,\"height\":169,\"mime-type\":\"image\\\/jpeg\"},\"large\":{\"file\":\"SHF_eb00119667-1-1024x576.jpg\",\"width\":1024,\"height\":576,\"mime-type\":\"image\\\/jpeg\"},\"thumbnail\":{\"file\":\"SHF_eb00119667-1-150x150.jpg\",\"width\":150,\"height\":150,\"mime-type\":\"image\\\/jpeg\"},\"medium_large\":{\"file\":\"SHF_eb00119667-1-768x432.jpg\",\"width\":768,\"height\":432,\"mime-type\":\"image\\\/jpeg\"},\"small\":{\"file\":\"SHF_eb00119667-1-440x248.jpg\",\"width\":440,\"height\":248,\"mime-type\":\"image\\\/jpeg\"},\"semi\":{\"file\":\"SHF_eb00119667-1-580x326.jpg\",\"width\":580,\"height\":326,\"mime-type\":\"image\\\/jpeg\"},\"mobile\":{\"file\":\"SHF_eb00119667-1-720x405.jpg\",\"width\":720,\"height\":405,\"mime-type\":\"image\\\/jpeg\"},\"hd\":{\"file\":\"SHF_eb00119667-1-1280x720.jpg\",\"width\":1280,\"height\":720,\"mime-type\":\"image\\\/jpeg\"},\"1536x1536\":{\"file\":\"SHF_eb00119667-1-1536x864.jpg\",\"width\":1536,\"height\":864,\"mime-type\":\"image\\\/jpeg\"},\"original\":{\"file\":\"SHF_eb00119667-1.jpg\",\"width\":1669,\"height\":939}},\n\t\t\t\t\"alt\" : \"A man in a suit speaks at a podium at the Humboldt Forum, with yellow geometric shapes in the background.\",\n\t\t\t\t\"path\" : \"\\\/wp-content\\\/uploads\\\/2021\\\/10\\\/\",\n\t\t\t\t\"video\" : null,\n\t\t\t\t\"autoplay\" : null,\n\t\t\t\t\"youtube\" : null,\n\t\t\t\t\"youtubelabel\" : \"Play video\",\n\t\t\t\t\"brightness\" : 100,\n\t\t\t\t\"crop\" : {\"top\":\"28.59\",\"left\":\"37.47\"},\n\t\t\t\t\"background\" : true,\n\t\t\t\t\"scale\" : 2\t\t\t\t}\n\t\t\t<\/script>\n\n\t\t\t<div class=\"height-container\" style=\"padding-bottom:56.261234272019%;\" v-if=\"sizes\">\n\t\t\t\t\t\t\t\t<lazy-media :inline=\"true\" :alt=\"alt\" :sizes=\"sizes\" :scale=\"scale\" :brightness=\"brightness\" :path=\"path\" :video=\"video\" :autoplay=\"autoplay\" :youtube=\"youtube\" :crop=\"crop\" :youtubelabel=\"youtubelabel\" :background=\"background\" media-id=\"desc_media_69f4ef7e7a722\"><\/lazy-media>\n\t\t\t\t\t\t\t<\/div>\n\n\t\t\t\t\t\t\t<figcaption class=\"sr-only\" ref=\"body\" id=\"desc_media_69f4ef7e7a722\">\n\t\t\t\t\t\t\t\t\t\t\t<div>Keynote speech by Frank-Walter Steinmeier on the occasion of the opening of the Ethnologisches Museum and the Museum f&uuml;r Asiatische Kunst, 22 September 2021.<\/div>\n\t\t\t\t\t\t\t\t\t\t\t\t\t\t\t\t\t\t\t\t\t<div class=\"insignificant\">\u00a9 Stiftung Humboldt Forum im Berliner Schloss \/ Foto: David von Becker<\/div>\n\t\t\t\t\t\t\t\t\t<\/figcaption>\n\t\t\t\t\t<\/figure>\n\t<\/lazy-media-inline>\n\t\t\t\t<\/div>\n\t\t\t<\/div>\n\t\t\t<div class=\"col-xs-12 teaser-event-text Infos\">\n\t\t\t\t<div class=\"teaser-event-standard-text\">\n\t\t\t\t\t<div class=\"margin-bottom-atom\">\n\t\t\t\t\t\t<div class=\"subline clamp-1\" v-html=\"maingenre\"><\/div>\n\t\t\t\t\t\t\t\t\t\t\t<\/div>\n\t\t\t\t\n\t\t\t\t\t<strong class=\"margin-bottom-atom\">Keynote speech by Frank-Walter Steinmeier<\/strong>\n\n\t\t\t\t\t\t\t\t\t\t\t<div class=\"\">Opening of the collections<\/div>\n\t\t\t\t\t\t\t\t\t<\/div>\n\t\t\t\t<div class=\"teaser-bottom border-bottom\">\n\t\t\t\t<calendardateline :rawitem='item' :show-icon=\"true\"><\/calendardateline>\n\t\t\t\t\t<hr>\n\t\t\t\t<\/div>\n\t\t\t<\/div>\n\t\t<\/div>\n\t<\/a>\n\t<\/calendarteaser>\n<\/li>\n\n<li class=\"col-xs-6 col-sm-4 col-md-3 teaser-wrapper col-padding-remove\">\n\t<calendarteaser key=\"4175614539\" rawitem='{&quot;postId&quot;:41756,&quot;title&quot;:&quot;Media Guide&quot;,&quot;excerpt&quot;:&quot;Discover fascinating object stories on your own&quot;,&quot;slug&quot;:&quot;medienguide&quot;,&quot;post_date&quot;:&quot;2021-05-27T13:59&quot;,&quot;type&quot;:&quot;event-digital&quot;,&quot;permalink&quot;:&quot;https:\\\/\\\/www.humboldtforum.org\\\/en\\\/programm\\\/digitales-angebot\\\/digital-en\\\/medienguide-41756\\\/&quot;,&quot;genre&quot;:[688],&quot;genre_details&quot;:[{&quot;text&quot;:&quot;Digital&quot;,&quot;id&quot;:688,&quot;icon&quot;:null,&quot;parent&quot;:0}],&quot;digital&quot;:[1426],&quot;digital_details&quot;:[{&quot;text&quot;:&quot;App&quot;,&quot;id&quot;:1426,&quot;icon&quot;:null,&quot;parent&quot;:0}],&quot;stakeholder&quot;:[592,593,594,595],&quot;stakeholder_details&quot;:[{&quot;text&quot;:&quot;Humboldt-Universit\\u00e4t zu Berlin&quot;,&quot;id&quot;:592,&quot;icon&quot;:null,&quot;parent&quot;:0},{&quot;text&quot;:&quot;Kulturprojekte Berlin \\\/ Stadtmuseum Berlin&quot;,&quot;id&quot;:593,&quot;icon&quot;:null,&quot;parent&quot;:0},{&quot;text&quot;:&quot;Staatliche Museen zu Berlin&quot;,&quot;id&quot;:594,&quot;icon&quot;:null,&quot;parent&quot;:0},{&quot;text&quot;:&quot;Stiftung Humboldt Forum im Berliner Schloss&quot;,&quot;id&quot;:595,&quot;icon&quot;:null,&quot;parent&quot;:0}],&quot;targetgroup&quot;:[585],&quot;targetgroup_details&quot;:[{&quot;text&quot;:&quot;Adults&quot;,&quot;id&quot;:585,&quot;icon&quot;:null,&quot;parent&quot;:0}],&quot;language&quot;:[611,869,580,1192,579,736,862,866,864,867,612,613],&quot;language_details&quot;:[{&quot;text&quot;:&quot;Arabic&quot;,&quot;id&quot;:611,&quot;icon&quot;:null,&quot;parent&quot;:0},{&quot;text&quot;:&quot;Chinese&quot;,&quot;id&quot;:869,&quot;icon&quot;:null,&quot;parent&quot;:0},{&quot;text&quot;:&quot;English&quot;,&quot;id&quot;:580,&quot;icon&quot;:null,&quot;parent&quot;:0},{&quot;text&quot;:&quot;French&quot;,&quot;id&quot;:1192,&quot;icon&quot;:null,&quot;parent&quot;:0},{&quot;text&quot;:&quot;German&quot;,&quot;id&quot;:579,&quot;icon&quot;:null,&quot;parent&quot;:0},{&quot;text&quot;:&quot;German Sign Language&quot;,&quot;id&quot;:736,&quot;icon&quot;:null,&quot;parent&quot;:0},{&quot;text&quot;:&quot;Italian&quot;,&quot;id&quot;:862,&quot;icon&quot;:null,&quot;parent&quot;:0},{&quot;text&quot;:&quot;Japanese&quot;,&quot;id&quot;:866,&quot;icon&quot;:null,&quot;parent&quot;:0},{&quot;text&quot;:&quot;Polish&quot;,&quot;id&quot;:864,&quot;icon&quot;:null,&quot;parent&quot;:0},{&quot;text&quot;:&quot;Russian&quot;,&quot;id&quot;:867,&quot;icon&quot;:null,&quot;parent&quot;:0},{&quot;text&quot;:&quot;Spanish&quot;,&quot;id&quot;:612,&quot;icon&quot;:null,&quot;parent&quot;:0},{&quot;text&quot;:&quot;Turkish&quot;,&quot;id&quot;:613,&quot;icon&quot;:null,&quot;parent&quot;:0}],&quot;accessability&quot;:[1427,1025,1428],&quot;accessability_details&quot;:[{&quot;text&quot;:&quot;Audiodeskription Deutsch&quot;,&quot;id&quot;:1427,&quot;icon&quot;:null,&quot;parent&quot;:0},{&quot;text&quot;:&quot;German Sign Language&quot;,&quot;id&quot;:1025,&quot;icon&quot;:null,&quot;parent&quot;:0},{&quot;text&quot;:&quot;Gro\\u00dfer Text&quot;,&quot;id&quot;:1428,&quot;icon&quot;:null,&quot;parent&quot;:0}],&quot;icon_overwrite&quot;:&quot;&quot;,&quot;acf&quot;:{&quot;planning&quot;:{&quot;price&quot;:&quot;Borrow a Media Guide for 3 euros at the information desk in the foyer or use the app free of charge via your own smartphone. &quot;,&quot;status&quot;:&quot;JOIN&quot;,&quot;info&quot;:&quot;&quot;,&quot;shop&quot;:&quot;&quot;,&quot;can_purchase&quot;:false},&quot;subline&quot;:&quot;Discover fascinating object stories on your own&quot;,&quot;marketing_text&quot;:&quot;Discover fascinating object stories on your own&quot;,&quot;highlight_header&quot;:true,&quot;highlight_header_image&quot;:148467,&quot;has_mobile_format&quot;:false,&quot;hyphenation&quot;:false,&quot;tipp&quot;:true,&quot;joker&quot;:false,&quot;live&quot;:false,&quot;announcement&quot;:&quot;Go on tour&quot;,&quot;featured_images&quot;:[28322],&quot;additional_info&quot;:{&quot;icon&quot;:&quot;0&quot;,&quot;text&quot;:&quot;&quot;},&quot;use_video_in_teasers&quot;:false,&quot;hide_event_in_program&quot;:false,&quot;infotext&quot;:&quot;&quot;,&quot;noindex&quot;:false,&quot;keywords&quot;:&quot;&quot;,&quot;belongsto&quot;:false,&quot;shorturl&quot;:&quot;&quot;},&quot;date&quot;:[],&quot;alert&quot;:&quot;Tip&quot;,&quot;partof&quot;:[],&quot;marketing_topic&quot;:&quot;&quot;}' inline-template>\n\t<a href=\"https:\/\/www.humboldtforum.org\/en\/programm\/digitales-angebot\/digital-en\/medienguide-41756\/\" class=\"teaser teaser-event-digital teaser-event-standard\">\n\t\t<div class=\"row\">\n\t\t\t<div class=\"col-xs-12 teaser-event-image\">\n\t\t\t\t<div class=\"teaser-image teaser-image-no-alternate\">\n\t\t\t\t\t\t\t\t\t\t\t\t\t<span class=\"alert\">Tip<\/span>\n\t\t\t\t\t\t\t\t\t\t\t\n\t<lazy-media-inline inline-template>\n\t\t<figure itemscope itemtype=\"http:\/\/schema.org\/ImageObject\" class=\"lazy-media-inline \" role=\"group\" id=\"media_69f4ef7e7bbd0\" aria-labelledby=\"desc_media_69f4ef7e7bbd0\">\n\t\t\t<script type=\"application\/json\" ref=\"data\">\n\t\t\t\t{\n\t\t\t\t\"sizes\" : {\"medium\":{\"file\":\"SHF_eb00248471_Moodshot-300x200.jpg\",\"width\":300,\"height\":200,\"mime-type\":\"image\\\/jpeg\",\"filesize\":8164},\"large\":{\"file\":\"SHF_eb00248471_Moodshot-1024x683.jpg\",\"width\":1024,\"height\":683,\"mime-type\":\"image\\\/jpeg\",\"filesize\":46489},\"thumbnail\":{\"file\":\"SHF_eb00248471_Moodshot-150x150.jpg\",\"width\":150,\"height\":150,\"mime-type\":\"image\\\/jpeg\",\"filesize\":4371},\"medium_large\":{\"file\":\"SHF_eb00248471_Moodshot-768x512.jpg\",\"width\":768,\"height\":512,\"mime-type\":\"image\\\/jpeg\",\"filesize\":30728},\"small\":{\"file\":\"SHF_eb00248471_Moodshot-440x294.jpg\",\"width\":440,\"height\":294,\"mime-type\":\"image\\\/jpeg\",\"filesize\":14030},\"semi\":{\"file\":\"SHF_eb00248471_Moodshot-580x387.jpg\",\"width\":580,\"height\":387,\"mime-type\":\"image\\\/jpeg\",\"filesize\":20931},\"mobile\":{\"file\":\"SHF_eb00248471_Moodshot-720x480.jpg\",\"width\":720,\"height\":480,\"mime-type\":\"image\\\/jpeg\",\"filesize\":27970},\"original\":{\"file\":\"SHF_eb00248471_Moodshot.jpg\",\"width\":1280,\"height\":854}},\n\t\t\t\t\"alt\" : \"A person is listening to music with headphones and using a smartphone to scroll through an app.\",\n\t\t\t\t\"path\" : \"\\\/wp-content\\\/uploads\\\/2021\\\/05\\\/\",\n\t\t\t\t\"video\" : null,\n\t\t\t\t\"autoplay\" : null,\n\t\t\t\t\"youtube\" : null,\n\t\t\t\t\"youtubelabel\" : \"Play video\",\n\t\t\t\t\"brightness\" : 100,\n\t\t\t\t\"crop\" : null,\n\t\t\t\t\"background\" : true,\n\t\t\t\t\"scale\" : 2\t\t\t\t}\n\t\t\t<\/script>\n\n\t\t\t<div class=\"height-container\" style=\"padding-bottom:66.71875%;\" v-if=\"sizes\">\n\t\t\t\t\t\t\t\t<lazy-media :inline=\"true\" :alt=\"alt\" :sizes=\"sizes\" :scale=\"scale\" :brightness=\"brightness\" :path=\"path\" :video=\"video\" :autoplay=\"autoplay\" :youtube=\"youtube\" :crop=\"crop\" :youtubelabel=\"youtubelabel\" :background=\"background\" media-id=\"desc_media_69f4ef7e7bbd0\"><\/lazy-media>\n\t\t\t\t\t\t\t<\/div>\n\n\t\t\t\t\t\t\t<figcaption class=\"sr-only\" ref=\"body\" id=\"desc_media_69f4ef7e7bbd0\">\n\t\t\t\t\t\t\t\t\t\t\t\t\t\t\t\t<div>Media Guide Moodshot Mockup Cosmograph &quot;Chronos&quot; <\/div>\n\t\t\t\t\t\t\t\t\t\t\t\t\t\t\t\t<div class=\"insignificant\">\u00a9 \u00a9 schnellebuntebilder \/ Stiftung Humboldt Forum im Berliner Schloss<\/div>\n\t\t\t\t\t\t\t\t\t<\/figcaption>\n\t\t\t\t\t<\/figure>\n\t<\/lazy-media-inline>\n\t\t\t\t<\/div>\n\t\t\t<\/div>\n\t\t\t<div class=\"col-xs-12 teaser-event-text Infos\">\n\t\t\t\t<div class=\"teaser-event-standard-text\">\n\t\t\t\t\t<div class=\"margin-bottom-atom\">\n\t\t\t\t\t\t<div class=\"subline clamp-1\" v-html=\"maingenre\"><\/div>\n\t\t\t\t\t\t\t\t\t\t\t<\/div>\n\t\t\t\t\n\t\t\t\t\t<strong class=\"margin-bottom-atom\">Media Guide<\/strong>\n\n\t\t\t\t\t\t\t\t\t\t\t<div class=\"\">Discover fascinating object stories on your own<\/div>\n\t\t\t\t\t\t\t\t\t<\/div>\n\t\t\t\t<div class=\"teaser-bottom border-bottom\">\n\t\t\t\t<calendardateline :rawitem='item' :show-icon=\"true\"><\/calendardateline>\n\t\t\t\t\t<hr>\n\t\t\t\t<\/div>\n\t\t\t<\/div>\n\t\t<\/div>\n\t<\/a>\n\t<\/calendarteaser>\n<\/li>\n\n<li class=\"col-xs-6 col-sm-4 col-md-3 teaser-wrapper col-padding-remove\">\n\t<calendarteaser key=\"225551886\" rawitem='{&quot;postId&quot;:22555,&quot;title&quot;:&quot;360\\u00b0 \\u2013 Open to all&quot;,&quot;excerpt&quot;:&quot;Various 360\\u00b0 video formats create a unique spatial experience and convey a first impression of the Humboldt Forum \\u2013 all the way from the Schl\\u00fcterhof to the roof with a view over Berlin. &quot;,&quot;slug&quot;:&quot;360-open-to-all&quot;,&quot;post_date&quot;:&quot;2021-05-21T15:13&quot;,&quot;type&quot;:&quot;event-digital&quot;,&quot;permalink&quot;:&quot;https:\\\/\\\/www.humboldtforum.org\\\/en\\\/programm\\\/digitales-angebot\\\/digital-en\\\/360-open-to-all-22555\\\/&quot;,&quot;genre&quot;:[688],&quot;genre_details&quot;:[{&quot;text&quot;:&quot;Digital&quot;,&quot;id&quot;:688,&quot;icon&quot;:null,&quot;parent&quot;:0}],&quot;digital&quot;:[876],&quot;digital_details&quot;:[{&quot;text&quot;:&quot;Virtuelle Tour&quot;,&quot;id&quot;:876,&quot;icon&quot;:null,&quot;parent&quot;:0}],&quot;stakeholder&quot;:[595],&quot;stakeholder_details&quot;:[{&quot;text&quot;:&quot;Stiftung Humboldt Forum im Berliner Schloss&quot;,&quot;id&quot;:595,&quot;icon&quot;:null,&quot;parent&quot;:0}],&quot;targetgroup&quot;:[585],&quot;targetgroup_details&quot;:[{&quot;text&quot;:&quot;Adults&quot;,&quot;id&quot;:585,&quot;icon&quot;:null,&quot;parent&quot;:0}],&quot;language&quot;:[580,579],&quot;language_details&quot;:[{&quot;text&quot;:&quot;English&quot;,&quot;id&quot;:580,&quot;icon&quot;:null,&quot;parent&quot;:0},{&quot;text&quot;:&quot;German&quot;,&quot;id&quot;:579,&quot;icon&quot;:null,&quot;parent&quot;:0}],&quot;icon_overwrite&quot;:&quot;&quot;,&quot;acf&quot;:{&quot;noindex&quot;:false,&quot;keywords&quot;:&quot;&quot;,&quot;belongsto&quot;:false,&quot;shorturl&quot;:&quot;&quot;,&quot;planning&quot;:{&quot;price&quot;:&quot;&quot;,&quot;status&quot;:&quot;CTA&quot;,&quot;info&quot;:&quot;Start virtual tour&quot;,&quot;shop&quot;:&quot;https:\\\/\\\/360.humboldtforum.org\\\/&quot;,&quot;can_purchase&quot;:false},&quot;subline&quot;:&quot;Virtual tour through the Humboldt Forum&quot;,&quot;marketing_text&quot;:&quot;Virtual tour through the Humboldt Forum&quot;,&quot;shorttext&quot;:&quot;Various 360\\u00b0 video formats create a unique spatial experience and convey a first impression of the Humboldt Forum \\u2013 all the way from the Schl\\u00fcterhof to the roof with a view over Berlin. &quot;,&quot;highlight_header&quot;:true,&quot;highlight_header_image&quot;:17254,&quot;has_mobile_format&quot;:true,&quot;hyphenation&quot;:true,&quot;tipp&quot;:false,&quot;joker&quot;:false,&quot;live&quot;:false,&quot;announcement&quot;:&quot;Start 360\\u00b0 tour&quot;,&quot;highlight_header_image_mobile&quot;:18812},&quot;date&quot;:[],&quot;alert&quot;:&quot;Highlight&quot;,&quot;partof&quot;:[],&quot;marketing_topic&quot;:&quot;&quot;}' inline-template>\n\t<a href=\"https:\/\/www.humboldtforum.org\/en\/programm\/digitales-angebot\/digital-en\/360-open-to-all-22555\/\" class=\"teaser teaser-event-digital teaser-event-standard\">\n\t\t<div class=\"row\">\n\t\t\t<div class=\"col-xs-12 teaser-event-image\">\n\t\t\t\t<div class=\"teaser-image teaser-image-no-alternate\">\n\t\t\t\t\t\t\t\t\t\t\t\t\t<span class=\"alert\">Highlight<\/span>\n\t\t\t\t\t\t\t\t\t\t\t\n\t<lazy-media-inline inline-template>\n\t\t<figure itemscope itemtype=\"http:\/\/schema.org\/ImageObject\" class=\"lazy-media-inline \" role=\"group\" id=\"media_69f4ef7e7d26e\" aria-labelledby=\"desc_media_69f4ef7e7d26e\">\n\t\t\t<script type=\"application\/json\" ref=\"data\">\n\t\t\t\t{\n\t\t\t\t\"sizes\" : {\"medium\":{\"file\":\"Screenshot-2020-12-04-at-11.31.09-169x300.jpg\",\"width\":169,\"height\":300,\"mime-type\":\"image\\\/jpeg\"},\"large\":{\"file\":\"Screenshot-2020-12-04-at-11.31.09-576x1024.jpg\",\"width\":576,\"height\":1024,\"mime-type\":\"image\\\/jpeg\"},\"thumbnail\":{\"file\":\"Screenshot-2020-12-04-at-11.31.09-150x150.jpg\",\"width\":150,\"height\":150,\"mime-type\":\"image\\\/jpeg\"},\"small\":{\"file\":\"Screenshot-2020-12-04-at-11.31.09-247x440.jpg\",\"width\":247,\"height\":440,\"mime-type\":\"image\\\/jpeg\"},\"semi\":{\"file\":\"Screenshot-2020-12-04-at-11.31.09-326x580.jpg\",\"width\":326,\"height\":580,\"mime-type\":\"image\\\/jpeg\"},\"mobile\":{\"file\":\"Screenshot-2020-12-04-at-11.31.09-405x720.jpg\",\"width\":405,\"height\":720,\"mime-type\":\"image\\\/jpeg\"},\"original\":{\"file\":\"Screenshot-2020-12-04-at-11.31.09.jpg\",\"width\":586,\"height\":1042}},\n\t\t\t\t\"alt\" : \"Large glass entrance doors in an elegant, bright building with classic architecture.\",\n\t\t\t\t\"path\" : \"\\\/wp-content\\\/uploads\\\/2020\\\/12\\\/\",\n\t\t\t\t\"video\" : null,\n\t\t\t\t\"autoplay\" : null,\n\t\t\t\t\"youtube\" : null,\n\t\t\t\t\"youtubelabel\" : \"Play video\",\n\t\t\t\t\"brightness\" : 100,\n\t\t\t\t\"crop\" : {\"top\":\"50.00\",\"left\":\"50.00\"},\n\t\t\t\t\"background\" : true,\n\t\t\t\t\"scale\" : 2\t\t\t\t}\n\t\t\t<\/script>\n\n\t\t\t<div class=\"height-container\" style=\"padding-bottom:177.8156996587%;\" v-if=\"sizes\">\n\t\t\t\t\t\t\t\t<lazy-media :inline=\"true\" :alt=\"alt\" :sizes=\"sizes\" :scale=\"scale\" :brightness=\"brightness\" :path=\"path\" :video=\"video\" :autoplay=\"autoplay\" :youtube=\"youtube\" :crop=\"crop\" :youtubelabel=\"youtubelabel\" :background=\"background\" media-id=\"desc_media_69f4ef7e7d26e\"><\/lazy-media>\n\t\t\t\t\t\t\t<\/div>\n\n\t\t\t\t\t\t\t<figcaption class=\"sr-only\" ref=\"body\" id=\"desc_media_69f4ef7e7d26e\">\n\t\t\t\t\t\t\t\t\t\t\t\t\t\t\t\t\t\t\t<\/figcaption>\n\t\t\t\t\t<\/figure>\n\t<\/lazy-media-inline>\n\t\t\t\t<\/div>\n\t\t\t<\/div>\n\t\t\t<div class=\"col-xs-12 teaser-event-text Infos\">\n\t\t\t\t<div class=\"teaser-event-standard-text\">\n\t\t\t\t\t<div class=\"margin-bottom-atom\">\n\t\t\t\t\t\t<div class=\"subline clamp-1\" v-html=\"maingenre\"><\/div>\n\t\t\t\t\t\t\t\t\t\t\t<\/div>\n\t\t\t\t\n\t\t\t\t\t<strong class=\"margin-bottom-atom\">360\u00b0 \u2013 Open to all<\/strong>\n\n\t\t\t\t\t\t\t\t\t\t\t<div class=\"\">Virtual tour through the Humboldt Forum<\/div>\n\t\t\t\t\t\t\t\t\t<\/div>\n\t\t\t\t<div class=\"teaser-bottom border-bottom\">\n\t\t\t\t<calendardateline :rawitem='item' :show-icon=\"true\"><\/calendardateline>\n\t\t\t\t\t<hr>\n\t\t\t\t<\/div>\n\t\t\t<\/div>\n\t\t<\/div>\n\t<\/a>\n\t<\/calendarteaser>\n<\/li>\n\n<li class=\"col-xs-6 col-sm-4 col-md-3 teaser-wrapper col-padding-remove\">\n\t<calendarteaser key=\"225547141\" rawitem='{&quot;postId&quot;:22554,&quot;title&quot;:&quot;Locked In and Out&quot;,&quot;excerpt&quot;:&quot;Having recently accepted German citizenship, writer and activist Priya Basil explores the Humboldt Forum from a deeply personal perspective through a short film essay. &quot;,&quot;slug&quot;:&quot;locked-in-and-out&quot;,&quot;post_date&quot;:&quot;2021-05-21T15:06&quot;,&quot;type&quot;:&quot;event-digital&quot;,&quot;permalink&quot;:&quot;https:\\\/\\\/www.humboldtforum.org\\\/en\\\/programm\\\/digitales-angebot\\\/digital-en\\\/locked-in-and-out-22554\\\/&quot;,&quot;genre&quot;:[688],&quot;genre_details&quot;:[{&quot;text&quot;:&quot;Digital&quot;,&quot;id&quot;:688,&quot;icon&quot;:null,&quot;parent&quot;:0}],&quot;digital&quot;:[875],&quot;digital_details&quot;:[{&quot;text&quot;:&quot;Video&quot;,&quot;id&quot;:875,&quot;icon&quot;:null,&quot;parent&quot;:0}],&quot;topic&quot;:[783],&quot;topic_details&quot;:[{&quot;text&quot;:&quot;Colonialism and Coloniality&quot;,&quot;id&quot;:783,&quot;icon&quot;:null,&quot;parent&quot;:0}],&quot;stakeholder&quot;:[595],&quot;stakeholder_details&quot;:[{&quot;text&quot;:&quot;Stiftung Humboldt Forum im Berliner Schloss&quot;,&quot;id&quot;:595,&quot;icon&quot;:null,&quot;parent&quot;:0}],&quot;targetgroup&quot;:[585],&quot;targetgroup_details&quot;:[{&quot;text&quot;:&quot;Adults&quot;,&quot;id&quot;:585,&quot;icon&quot;:null,&quot;parent&quot;:0}],&quot;language&quot;:[580,579],&quot;language_details&quot;:[{&quot;text&quot;:&quot;English&quot;,&quot;id&quot;:580,&quot;icon&quot;:null,&quot;parent&quot;:0},{&quot;text&quot;:&quot;German&quot;,&quot;id&quot;:579,&quot;icon&quot;:null,&quot;parent&quot;:0}],&quot;icon_overwrite&quot;:&quot;&quot;,&quot;acf&quot;:{&quot;noindex&quot;:false,&quot;keywords&quot;:&quot;&quot;,&quot;belongsto&quot;:false,&quot;shorturl&quot;:&quot;&quot;,&quot;planning&quot;:{&quot;price&quot;:&quot;&quot;,&quot;status&quot;:&quot;JOIN&quot;,&quot;info&quot;:&quot;&quot;,&quot;shop&quot;:&quot;&quot;,&quot;can_purchase&quot;:false},&quot;subline&quot;:&quot;Short film essay by Priya Basil&quot;,&quot;subline_feature&quot;:&quot;&quot;,&quot;marketing_text&quot;:&quot;Short film essay by Priya Basil&quot;,&quot;shorttext&quot;:&quot;Having recently accepted German citizenship, writer and activist Priya Basil explores the Humboldt Forum from a deeply personal perspective through a short film essay. &quot;,&quot;longtext&quot;:&quot;&quot;,&quot;highlight_header&quot;:false,&quot;featured_images&quot;:[18437],&quot;video&quot;:false,&quot;hyphenation&quot;:true,&quot;tipp&quot;:true,&quot;alert_text&quot;:&quot;&quot;,&quot;joker&quot;:false,&quot;live&quot;:false,&quot;announcement&quot;:&quot;Watch video&quot;,&quot;overwrite_date&quot;:&quot;&quot;,&quot;highlight_header_image&quot;:false,&quot;has_mobile_format&quot;:false,&quot;highlight_header_image_mobile&quot;:false,&quot;mobile_video&quot;:false,&quot;use_video_in_teasers&quot;:false,&quot;video_brightness&quot;:66,&quot;color&quot;:&quot;&quot;,&quot;dark_mode&quot;:false,&quot;tickettext&quot;:&quot;&quot;,&quot;infotext&quot;:&quot;&quot;,&quot;additional_info&quot;:{&quot;icon&quot;:0,&quot;text&quot;:&quot;&quot;},&quot;hm_id&quot;:&quot;&quot;,&quot;yt&quot;:&quot;&quot;,&quot;hide_event_in_program&quot;:false},&quot;date&quot;:[],&quot;alert&quot;:&quot;Tip&quot;,&quot;partof&quot;:[],&quot;marketing_topic&quot;:{&quot;title&quot;:&quot;Colonialism and Coloniality&quot;,&quot;0&quot;:&quot;topic&quot;}}' inline-template>\n\t<a href=\"https:\/\/www.humboldtforum.org\/en\/programm\/digitales-angebot\/digital-en\/locked-in-and-out-22554\/\" class=\"teaser teaser-event-digital teaser-event-standard\">\n\t\t<div class=\"row\">\n\t\t\t<div class=\"col-xs-12 teaser-event-image\">\n\t\t\t\t<div class=\"teaser-image teaser-image-no-alternate\">\n\t\t\t\t\t\t\t\t\t\t\t\t\t<span class=\"alert\">Tip<\/span>\n\t\t\t\t\t\t\t\t\t\t\t\n\t<lazy-media-inline inline-template>\n\t\t<figure itemscope itemtype=\"http:\/\/schema.org\/ImageObject\" class=\"lazy-media-inline \" role=\"group\" id=\"media_69f4ef7e7e858\" aria-labelledby=\"desc_media_69f4ef7e7e858\">\n\t\t\t<script type=\"application\/json\" ref=\"data\">\n\t\t\t\t{\n\t\t\t\t\"sizes\" : {\"medium\":{\"file\":\"Standbild_Priya_01-300x169.jpg\",\"width\":300,\"height\":169,\"mime-type\":\"image\\\/jpeg\"},\"large\":{\"file\":\"Standbild_Priya_01-1024x576.jpg\",\"width\":1024,\"height\":576,\"mime-type\":\"image\\\/jpeg\"},\"thumbnail\":{\"file\":\"Standbild_Priya_01-150x150.jpg\",\"width\":150,\"height\":150,\"mime-type\":\"image\\\/jpeg\"},\"medium_large\":{\"file\":\"Standbild_Priya_01-768x432.jpg\",\"width\":768,\"height\":432,\"mime-type\":\"image\\\/jpeg\"},\"small\":{\"file\":\"Standbild_Priya_01-440x248.jpg\",\"width\":440,\"height\":248,\"mime-type\":\"image\\\/jpeg\"},\"semi\":{\"file\":\"Standbild_Priya_01-580x326.jpg\",\"width\":580,\"height\":326,\"mime-type\":\"image\\\/jpeg\"},\"mobile\":{\"file\":\"Standbild_Priya_01-720x405.jpg\",\"width\":720,\"height\":405,\"mime-type\":\"image\\\/jpeg\"},\"hd\":{\"file\":\"Standbild_Priya_01-1280x720.jpg\",\"width\":1280,\"height\":720,\"mime-type\":\"image\\\/jpeg\"},\"1536x1536\":{\"file\":\"Standbild_Priya_01-1536x864.jpg\",\"width\":1536,\"height\":864,\"mime-type\":\"image\\\/jpeg\"},\"original\":{\"file\":\"Standbild_Priya_01.jpg\",\"width\":1920,\"height\":1080}},\n\t\t\t\t\"alt\" : \"Reflection of the word \\\"DOUBT\\\" on the water's surface with surrounding buildings in the background.\",\n\t\t\t\t\"path\" : \"\\\/wp-content\\\/uploads\\\/2020\\\/12\\\/\",\n\t\t\t\t\"video\" : null,\n\t\t\t\t\"autoplay\" : null,\n\t\t\t\t\"youtube\" : null,\n\t\t\t\t\"youtubelabel\" : \"Play video\",\n\t\t\t\t\"brightness\" : 100,\n\t\t\t\t\"crop\" : {\"top\":\"50.00\",\"left\":\"50.00\"},\n\t\t\t\t\"background\" : true,\n\t\t\t\t\"scale\" : 2\t\t\t\t}\n\t\t\t<\/script>\n\n\t\t\t<div class=\"height-container\" style=\"padding-bottom:56.25%;\" v-if=\"sizes\">\n\t\t\t\t\t\t\t\t<lazy-media :inline=\"true\" :alt=\"alt\" :sizes=\"sizes\" :scale=\"scale\" :brightness=\"brightness\" :path=\"path\" :video=\"video\" :autoplay=\"autoplay\" :youtube=\"youtube\" :crop=\"crop\" :youtubelabel=\"youtubelabel\" :background=\"background\" media-id=\"desc_media_69f4ef7e7e858\"><\/lazy-media>\n\t\t\t\t\t\t\t<\/div>\n\n\t\t\t\t\t\t\t<figcaption class=\"sr-only\" ref=\"body\" id=\"desc_media_69f4ef7e7e858\">\n\t\t\t\t\t\t\t\t\t\t\t\t\t\t\t\t\t\t\t<\/figcaption>\n\t\t\t\t\t<\/figure>\n\t<\/lazy-media-inline>\n\t\t\t\t<\/div>\n\t\t\t<\/div>\n\t\t\t<div class=\"col-xs-12 teaser-event-text Infos\">\n\t\t\t\t<div class=\"teaser-event-standard-text\">\n\t\t\t\t\t<div class=\"margin-bottom-atom\">\n\t\t\t\t\t\t<div class=\"subline clamp-1\" v-html=\"maingenre\"><\/div>\n\t\t\t\t\t\t\t\t\t\t\t\t\t<div class=\"insignificant clamp-2\">Colonialism and Coloniality<\/div>\n\t\t\t\t\t\t\t\t\t\t\t<\/div>\n\t\t\t\t\n\t\t\t\t\t<strong class=\"margin-bottom-atom\">Locked In and Out<\/strong>\n\n\t\t\t\t\t\t\t\t\t\t\t<div class=\"\">Short film essay by Priya Basil<\/div>\n\t\t\t\t\t\t\t\t\t<\/div>\n\t\t\t\t<div class=\"teaser-bottom border-bottom\">\n\t\t\t\t<calendardateline :rawitem='item' :show-icon=\"true\"><\/calendardateline>\n\t\t\t\t\t<hr>\n\t\t\t\t<\/div>\n\t\t\t<\/div>\n\t\t<\/div>\n\t<\/a>\n\t<\/calendarteaser>\n<\/li>\n\n<li class=\"col-xs-6 col-sm-4 col-md-3 teaser-wrapper col-padding-remove\">\n\t<calendarteaser key=\"225039378\" rawitem='{&quot;postId&quot;:22503,&quot;title&quot;:&quot;99 Questions Podcast with Feven Kaleta&quot;,&quot;excerpt&quot;:&quot;Over the course of a year, dialogues will be held about museums and their many connections to colonialism. The monthly episodes welcome different guests such as artists, activists, and academics, to share their experiences, knowledge, and perspectives on past and future museum practices in postcolonial societies.&quot;,&quot;slug&quot;:&quot;99-questions-podcast&quot;,&quot;post_date&quot;:&quot;2021-05-20T14:39&quot;,&quot;type&quot;:&quot;event-digital&quot;,&quot;permalink&quot;:&quot;https:\\\/\\\/www.humboldtforum.org\\\/en\\\/programm\\\/digitales-angebot\\\/digital-en\\\/99-questions-podcast-22503\\\/&quot;,&quot;genre&quot;:[688],&quot;genre_details&quot;:[{&quot;text&quot;:&quot;Digital&quot;,&quot;id&quot;:688,&quot;icon&quot;:null,&quot;parent&quot;:0}],&quot;digital&quot;:[874],&quot;digital_details&quot;:[{&quot;text&quot;:&quot;Podcast&quot;,&quot;id&quot;:874,&quot;icon&quot;:null,&quot;parent&quot;:0}],&quot;topic&quot;:[783],&quot;topic_details&quot;:[{&quot;text&quot;:&quot;Colonialism and Coloniality&quot;,&quot;id&quot;:783,&quot;icon&quot;:null,&quot;parent&quot;:0}],&quot;stakeholder&quot;:[594,595],&quot;stakeholder_details&quot;:[{&quot;text&quot;:&quot;Staatliche Museen zu Berlin&quot;,&quot;id&quot;:594,&quot;icon&quot;:null,&quot;parent&quot;:0},{&quot;text&quot;:&quot;Stiftung Humboldt Forum im Berliner Schloss&quot;,&quot;id&quot;:595,&quot;icon&quot;:null,&quot;parent&quot;:0}],&quot;targetgroup&quot;:[585],&quot;targetgroup_details&quot;:[{&quot;text&quot;:&quot;Adults&quot;,&quot;id&quot;:585,&quot;icon&quot;:null,&quot;parent&quot;:0}],&quot;language&quot;:[580],&quot;language_details&quot;:[{&quot;text&quot;:&quot;English&quot;,&quot;id&quot;:580,&quot;icon&quot;:null,&quot;parent&quot;:0}],&quot;icon_overwrite&quot;:&quot;&quot;,&quot;acf&quot;:{&quot;noindex&quot;:false,&quot;keywords&quot;:&quot;&quot;,&quot;belongsto&quot;:[20100],&quot;shorturl&quot;:&quot;&quot;,&quot;planning&quot;:{&quot;price&quot;:&quot;&quot;,&quot;status&quot;:&quot;JOIN&quot;,&quot;info&quot;:&quot;&quot;,&quot;shop&quot;:&quot;&quot;,&quot;can_purchase&quot;:false},&quot;marketing_text&quot;:&quot;Dialogues about the museums many connections to colonialism&quot;,&quot;shorttext&quot;:&quot;Over the course of a year, dialogues will be held about museums and their many connections to colonialism. The monthly episodes welcome different guests such as artists, activists, and academics, to share their experiences, knowledge, and perspectives on past and future museum practices in postcolonial societies.&quot;,&quot;highlight_header&quot;:false,&quot;featured_images&quot;:[17912],&quot;hyphenation&quot;:true,&quot;tipp&quot;:false,&quot;joker&quot;:false,&quot;live&quot;:false,&quot;announcement&quot;:&quot;Listen now&quot;,&quot;additional_info&quot;:{&quot;icon&quot;:&quot;0&quot;,&quot;text&quot;:&quot;&quot;},&quot;use_video_in_teasers&quot;:false,&quot;hide_event_in_program&quot;:false},&quot;date&quot;:[],&quot;alert&quot;:null,&quot;partof&quot;:[20100],&quot;marketing_topic&quot;:{&quot;title&quot;:&quot;99 Questions&quot;,&quot;ID&quot;:20100,&quot;reason&quot;:&quot;sequence&quot;}}' inline-template>\n\t<a href=\"https:\/\/www.humboldtforum.org\/en\/programm\/digitales-angebot\/digital-en\/99-questions-podcast-22503\/\" class=\"teaser teaser-event-digital teaser-event-standard\">\n\t\t<div class=\"row\">\n\t\t\t<div class=\"col-xs-12 teaser-event-image\">\n\t\t\t\t<div class=\"teaser-image teaser-image-no-alternate\">\n\t\t\t\t\t\t\t\t\t\t\t\n\t<lazy-media-inline inline-template>\n\t\t<figure itemscope itemtype=\"http:\/\/schema.org\/ImageObject\" class=\"lazy-media-inline \" role=\"group\" id=\"media_69f4ef7e7ff24\" aria-labelledby=\"desc_media_69f4ef7e7ff24\">\n\t\t\t<script type=\"application\/json\" ref=\"data\">\n\t\t\t\t{\n\t\t\t\t\"sizes\" : {\"medium\":{\"file\":\"201130_LOS_55_Webteaser_Studio3_99Fragen2-300x180.jpg\",\"width\":300,\"height\":180,\"mime-type\":\"image\\\/jpeg\"},\"large\":{\"file\":\"201130_LOS_55_Webteaser_Studio3_99Fragen2-1024x613.jpg\",\"width\":1024,\"height\":613,\"mime-type\":\"image\\\/jpeg\"},\"thumbnail\":{\"file\":\"201130_LOS_55_Webteaser_Studio3_99Fragen2-150x150.jpg\",\"width\":150,\"height\":150,\"mime-type\":\"image\\\/jpeg\"},\"medium_large\":{\"file\":\"201130_LOS_55_Webteaser_Studio3_99Fragen2-768x460.jpg\",\"width\":768,\"height\":460,\"mime-type\":\"image\\\/jpeg\"},\"small\":{\"file\":\"201130_LOS_55_Webteaser_Studio3_99Fragen2-440x264.jpg\",\"width\":440,\"height\":264,\"mime-type\":\"image\\\/jpeg\"},\"semi\":{\"file\":\"201130_LOS_55_Webteaser_Studio3_99Fragen2-580x347.jpg\",\"width\":580,\"height\":347,\"mime-type\":\"image\\\/jpeg\"},\"mobile\":{\"file\":\"201130_LOS_55_Webteaser_Studio3_99Fragen2-720x431.jpg\",\"width\":720,\"height\":431,\"mime-type\":\"image\\\/jpeg\"},\"hd\":{\"file\":\"201130_LOS_55_Webteaser_Studio3_99Fragen2-1280x767.jpg\",\"width\":1280,\"height\":767,\"mime-type\":\"image\\\/jpeg\"},\"full\":{\"file\":\"201130_LOS_55_Webteaser_Studio3_99Fragen2-1920x1150.jpg\",\"width\":1920,\"height\":1150,\"mime-type\":\"image\\\/jpeg\"},\"1536x1536\":{\"file\":\"201130_LOS_55_Webteaser_Studio3_99Fragen2-1536x920.jpg\",\"width\":1536,\"height\":920,\"mime-type\":\"image\\\/jpeg\"},\"original\":{\"file\":\"201130_LOS_55_Webteaser_Studio3_99Fragen2.jpg\",\"width\":2000,\"height\":1198}},\n\t\t\t\t\"alt\" : \"An exhibition space with an inclined square, in which the number \\u201c99\\u201d and two other photos are located in the center\",\n\t\t\t\t\"path\" : \"\\\/wp-content\\\/uploads\\\/2020\\\/10\\\/\",\n\t\t\t\t\"video\" : null,\n\t\t\t\t\"autoplay\" : null,\n\t\t\t\t\"youtube\" : null,\n\t\t\t\t\"youtubelabel\" : \"Play video\",\n\t\t\t\t\"brightness\" : 100,\n\t\t\t\t\"crop\" : {\"top\":\"50.00\",\"left\":\"50.00\"},\n\t\t\t\t\"background\" : true,\n\t\t\t\t\"scale\" : 2\t\t\t\t}\n\t\t\t<\/script>\n\n\t\t\t<div class=\"height-container\" style=\"padding-bottom:59.9%;\" v-if=\"sizes\">\n\t\t\t\t\t\t\t\t<lazy-media :inline=\"true\" :alt=\"alt\" :sizes=\"sizes\" :scale=\"scale\" :brightness=\"brightness\" :path=\"path\" :video=\"video\" :autoplay=\"autoplay\" :youtube=\"youtube\" :crop=\"crop\" :youtubelabel=\"youtubelabel\" :background=\"background\" media-id=\"desc_media_69f4ef7e7ff24\"><\/lazy-media>\n\t\t\t\t\t\t\t<\/div>\n\n\t\t\t\t\t\t\t<figcaption class=\"sr-only\" ref=\"body\" id=\"desc_media_69f4ef7e7ff24\">\n\t\t\t\t\t\t\t\t\t\t\t\t\t\t\t\t\t\t\t\t\t<div class=\"insignificant\">\u00a9 Stiftung Humboldt Forum im Berliner Schloss \/ Collage: Museum f\u00fcr Asiatische Kunst, Ethnologisches Museum \/ Staatliche Museen zu Berlin<\/div>\n\t\t\t\t\t\t\t\t\t<\/figcaption>\n\t\t\t\t\t<\/figure>\n\t<\/lazy-media-inline>\n\t\t\t\t<\/div>\n\t\t\t<\/div>\n\t\t\t<div class=\"col-xs-12 teaser-event-text Infos\">\n\t\t\t\t<div class=\"teaser-event-standard-text\">\n\t\t\t\t\t<div class=\"margin-bottom-atom\">\n\t\t\t\t\t\t<div class=\"subline clamp-1\" v-html=\"maingenre\"><\/div>\n\t\t\t\t\t\t\t\t\t\t\t\t\t<div class=\"insignificant clamp-2\">99 Questions<\/div>\n\t\t\t\t\t\t\t\t\t\t\t<\/div>\n\t\t\t\t\n\t\t\t\t\t<strong class=\"margin-bottom-atom\">99 Questions Podcast with Feven Kaleta<\/strong>\n\n\t\t\t\t\t\t\t\t\t\t\t<div class=\"\">Dialogues about the museums many connections to colonialism<\/div>\n\t\t\t\t\t\t\t\t\t<\/div>\n\t\t\t\t<div class=\"teaser-bottom border-bottom\">\n\t\t\t\t<calendardateline :rawitem='item' :show-icon=\"true\"><\/calendardateline>\n\t\t\t\t\t<hr>\n\t\t\t\t<\/div>\n\t\t\t<\/div>\n\t\t<\/div>\n\t<\/a>\n\t<\/calendarteaser>\n<\/li>\n\n<li class=\"col-xs-6 col-sm-4 col-md-3 teaser-wrapper col-padding-remove\">\n\t<calendarteaser key=\"2259117174\" rawitem='{&quot;postId&quot;:22591,&quot;title&quot;:&quot;Who is Alexander von Humboldt?&quot;,&quot;excerpt&quot;:&quot;&quot;,&quot;slug&quot;:&quot;who-is-alexander-von-humboldt&quot;,&quot;post_date&quot;:&quot;2019-09-25T09:54&quot;,&quot;type&quot;:&quot;event-digital&quot;,&quot;permalink&quot;:&quot;https:\\\/\\\/www.humboldtforum.org\\\/en\\\/programm\\\/digitales-angebot\\\/digital-en\\\/who-is-alexander-von-humboldt-22591\\\/&quot;,&quot;genre&quot;:[688],&quot;genre_details&quot;:[{&quot;text&quot;:&quot;Digital&quot;,&quot;id&quot;:688,&quot;icon&quot;:null,&quot;parent&quot;:0}],&quot;digital&quot;:[875],&quot;digital_details&quot;:[{&quot;text&quot;:&quot;Video&quot;,&quot;id&quot;:875,&quot;icon&quot;:null,&quot;parent&quot;:0}],&quot;topic&quot;:[589],&quot;topic_details&quot;:[{&quot;text&quot;:&quot;The Humboldt Brothers&quot;,&quot;id&quot;:589,&quot;icon&quot;:null,&quot;parent&quot;:0}],&quot;stakeholder&quot;:[595],&quot;stakeholder_details&quot;:[{&quot;text&quot;:&quot;Stiftung Humboldt Forum im Berliner Schloss&quot;,&quot;id&quot;:595,&quot;icon&quot;:null,&quot;parent&quot;:0}],&quot;targetgroup&quot;:[585],&quot;targetgroup_details&quot;:[{&quot;text&quot;:&quot;Adults&quot;,&quot;id&quot;:585,&quot;icon&quot;:null,&quot;parent&quot;:0}],&quot;language&quot;:[580,579],&quot;language_details&quot;:[{&quot;text&quot;:&quot;English&quot;,&quot;id&quot;:580,&quot;icon&quot;:null,&quot;parent&quot;:0},{&quot;text&quot;:&quot;German&quot;,&quot;id&quot;:579,&quot;icon&quot;:null,&quot;parent&quot;:0}],&quot;accessability&quot;:[779],&quot;accessability_details&quot;:[{&quot;text&quot;:&quot;Subtitles&quot;,&quot;id&quot;:779,&quot;icon&quot;:null,&quot;parent&quot;:0}],&quot;icon_overwrite&quot;:&quot;&quot;,&quot;acf&quot;:{&quot;noindex&quot;:false,&quot;keywords&quot;:&quot;&quot;,&quot;belongsto&quot;:false,&quot;shorturl&quot;:&quot;&quot;,&quot;planning&quot;:{&quot;price&quot;:&quot;&quot;,&quot;status&quot;:&quot;JOIN&quot;,&quot;info&quot;:&quot;&quot;,&quot;shop&quot;:&quot;&quot;,&quot;can_purchase&quot;:false},&quot;subline&quot;:&quot;&quot;,&quot;subline_feature&quot;:&quot;&quot;,&quot;marketing_text&quot;:&quot;International perspectives on the namesake of the Humboldt Forum&quot;,&quot;shorttext&quot;:&quot;&quot;,&quot;longtext&quot;:&quot;&quot;,&quot;highlight_header&quot;:false,&quot;featured_images&quot;:[22590],&quot;video&quot;:false,&quot;hyphenation&quot;:true,&quot;tipp&quot;:false,&quot;alert_text&quot;:&quot;&quot;,&quot;joker&quot;:false,&quot;live&quot;:false,&quot;announcement&quot;:&quot;Watch video&quot;,&quot;overwrite_date&quot;:&quot;&quot;,&quot;highlight_header_image&quot;:false,&quot;has_mobile_format&quot;:false,&quot;highlight_header_image_mobile&quot;:false,&quot;mobile_video&quot;:false,&quot;use_video_in_teasers&quot;:false,&quot;video_brightness&quot;:66,&quot;color&quot;:&quot;&quot;,&quot;dark_mode&quot;:false,&quot;tickettext&quot;:&quot;&quot;,&quot;infotext&quot;:&quot;&quot;,&quot;additional_info&quot;:{&quot;icon&quot;:0,&quot;text&quot;:&quot;&quot;},&quot;hm_id&quot;:&quot;&quot;,&quot;yt&quot;:&quot;&quot;,&quot;hide_event_in_program&quot;:false},&quot;date&quot;:[],&quot;alert&quot;:null,&quot;partof&quot;:[],&quot;marketing_topic&quot;:{&quot;title&quot;:&quot;The Humboldt Brothers&quot;,&quot;0&quot;:&quot;topic&quot;}}' inline-template>\n\t<a href=\"https:\/\/www.humboldtforum.org\/en\/programm\/digitales-angebot\/digital-en\/who-is-alexander-von-humboldt-22591\/\" class=\"teaser teaser-event-digital teaser-event-standard\">\n\t\t<div class=\"row\">\n\t\t\t<div class=\"col-xs-12 teaser-event-image\">\n\t\t\t\t<div class=\"teaser-image teaser-image-no-alternate\">\n\t\t\t\t\t\t\t\t\t\t\t\n\t<lazy-media-inline inline-template>\n\t\t<figure itemscope itemtype=\"http:\/\/schema.org\/ImageObject\" class=\"lazy-media-inline \" role=\"group\" id=\"media_69f4ef7e818ce\" aria-labelledby=\"desc_media_69f4ef7e818ce\">\n\t\t\t<script type=\"application\/json\" ref=\"data\">\n\t\t\t\t{\n\t\t\t\t\"sizes\" : {\"medium\":{\"file\":\"Wer-ist-Alexander-von-Humboldt_.mp4.00_00_03_13.Still001-300x169.jpg\",\"width\":300,\"height\":169,\"mime-type\":\"image\\\/jpeg\"},\"large\":{\"file\":\"Wer-ist-Alexander-von-Humboldt_.mp4.00_00_03_13.Still001-1024x576.jpg\",\"width\":1024,\"height\":576,\"mime-type\":\"image\\\/jpeg\"},\"thumbnail\":{\"file\":\"Wer-ist-Alexander-von-Humboldt_.mp4.00_00_03_13.Still001-150x150.jpg\",\"width\":150,\"height\":150,\"mime-type\":\"image\\\/jpeg\"},\"medium_large\":{\"file\":\"Wer-ist-Alexander-von-Humboldt_.mp4.00_00_03_13.Still001-768x432.jpg\",\"width\":768,\"height\":432,\"mime-type\":\"image\\\/jpeg\"},\"small\":{\"file\":\"Wer-ist-Alexander-von-Humboldt_.mp4.00_00_03_13.Still001-440x248.jpg\",\"width\":440,\"height\":248,\"mime-type\":\"image\\\/jpeg\"},\"semi\":{\"file\":\"Wer-ist-Alexander-von-Humboldt_.mp4.00_00_03_13.Still001-580x326.jpg\",\"width\":580,\"height\":326,\"mime-type\":\"image\\\/jpeg\"},\"mobile\":{\"file\":\"Wer-ist-Alexander-von-Humboldt_.mp4.00_00_03_13.Still001-720x405.jpg\",\"width\":720,\"height\":405,\"mime-type\":\"image\\\/jpeg\"},\"original\":{\"file\":\"Wer-ist-Alexander-von-Humboldt_.mp4.00_00_03_13.Still001.jpg\",\"width\":1280,\"height\":720}},\n\t\t\t\t\"alt\" : \"A creative image with leaves and a ghostly face and card composition in black and white.\",\n\t\t\t\t\"path\" : \"\\\/wp-content\\\/uploads\\\/2021\\\/05\\\/\",\n\t\t\t\t\"video\" : null,\n\t\t\t\t\"autoplay\" : null,\n\t\t\t\t\"youtube\" : null,\n\t\t\t\t\"youtubelabel\" : \"Play video\",\n\t\t\t\t\"brightness\" : 100,\n\t\t\t\t\"crop\" : {\"top\":\"50.00\",\"left\":\"50.00\"},\n\t\t\t\t\"background\" : true,\n\t\t\t\t\"scale\" : 2\t\t\t\t}\n\t\t\t<\/script>\n\n\t\t\t<div class=\"height-container\" style=\"padding-bottom:56.25%;\" v-if=\"sizes\">\n\t\t\t\t\t\t\t\t<lazy-media :inline=\"true\" :alt=\"alt\" :sizes=\"sizes\" :scale=\"scale\" :brightness=\"brightness\" :path=\"path\" :video=\"video\" :autoplay=\"autoplay\" :youtube=\"youtube\" :crop=\"crop\" :youtubelabel=\"youtubelabel\" :background=\"background\" media-id=\"desc_media_69f4ef7e818ce\"><\/lazy-media>\n\t\t\t\t\t\t\t<\/div>\n\n\t\t\t\t\t\t\t<figcaption class=\"sr-only\" ref=\"body\" id=\"desc_media_69f4ef7e818ce\">\n\t\t\t\t\t\t\t\t\t\t\t\t\t\t\t\t\t\t\t<\/figcaption>\n\t\t\t\t\t<\/figure>\n\t<\/lazy-media-inline>\n\t\t\t\t<\/div>\n\t\t\t<\/div>\n\t\t\t<div class=\"col-xs-12 teaser-event-text Infos\">\n\t\t\t\t<div class=\"teaser-event-standard-text\">\n\t\t\t\t\t<div class=\"margin-bottom-atom\">\n\t\t\t\t\t\t<div class=\"subline clamp-1\" v-html=\"maingenre\"><\/div>\n\t\t\t\t\t\t\t\t\t\t\t\t\t<div class=\"insignificant clamp-2\">The Humboldt Brothers<\/div>\n\t\t\t\t\t\t\t\t\t\t\t<\/div>\n\t\t\t\t\n\t\t\t\t\t<strong class=\"margin-bottom-atom\">Who is Alexander von Humboldt?<\/strong>\n\n\t\t\t\t\t\t\t\t\t\t\t<div class=\"\">International perspectives on the namesake of the Humboldt Forum<\/div>\n\t\t\t\t\t\t\t\t\t<\/div>\n\t\t\t\t<div class=\"teaser-bottom border-bottom\">\n\t\t\t\t<calendardateline :rawitem='item' :show-icon=\"true\"><\/calendardateline>\n\t\t\t\t\t<hr>\n\t\t\t\t<\/div>\n\t\t\t<\/div>\n\t\t<\/div>\n\t<\/a>\n\t<\/calendarteaser>\n<\/li>\n\n<\/ul>\n\t\t\t<\/div>\n\t\t\t\t<\/lazy-component>\n<\/section>\n\n\n\n<section class=\"block block-teaser col-4 \" style=\"\">\n\t<lazy-component :fixed-min-height=\"400\">\n\t\n\t\t\t\t\t<div class=\"container-fluid\">\n\t\t\t\t<div class=\"row bottom-xs\">\n\t\t\t\t\t<div class=\"col-xs-12 col-md-8\">\n\t\t\t\t\t\t<h4>Live events<\/h4>\t\t\t\t\t\t\t\t\t\t\t\t\t\t\t\t\t\t\t<\/div>\n\t\t\t\t\t<div class=\"col-xs-12 col-md-4 start-xs end-md margin-bottom-sixth\">\n\t\t\t\t\t\t\t\t\t\t\t<\/div>\n\t\t\t\t<\/div>\n\t\t\t\t<ul class=\"row\"> <li class=\"col-xs-6 col-sm-4 col-md-3 teaser-wrapper col-padding-remove\">\n\t<calendarteaser key=\"4323814161\" rawitem='{&quot;postId&quot;:43238,&quot;title&quot;:&quot;New Ethics, New Museums&quot;,&quot;excerpt&quot;:&quot;&quot;,&quot;slug&quot;:&quot;new-ethics-new-museums&quot;,&quot;post_date&quot;:&quot;2022-05-18T12:07&quot;,&quot;type&quot;:&quot;event&quot;,&quot;permalink&quot;:&quot;https:\\\/\\\/www.humboldtforum.org\\\/en\\\/programm\\\/termin\\\/discourse\\\/new-ethics-new-museums-43238\\\/&quot;,&quot;genre&quot;:[566],&quot;genre_details&quot;:[{&quot;text&quot;:&quot;Discourse&quot;,&quot;id&quot;:566,&quot;icon&quot;:null,&quot;parent&quot;:0}],&quot;digital&quot;:[873],&quot;digital_details&quot;:[{&quot;text&quot;:&quot;Livestream&quot;,&quot;id&quot;:873,&quot;icon&quot;:null,&quot;parent&quot;:0}],&quot;topic&quot;:[783],&quot;topic_details&quot;:[{&quot;text&quot;:&quot;Colonialism and Coloniality&quot;,&quot;id&quot;:783,&quot;icon&quot;:null,&quot;parent&quot;:0}],&quot;stakeholder&quot;:[595],&quot;stakeholder_details&quot;:[{&quot;text&quot;:&quot;Stiftung Humboldt Forum im Berliner Schloss&quot;,&quot;id&quot;:595,&quot;icon&quot;:null,&quot;parent&quot;:0}],&quot;targetgroup&quot;:[585],&quot;targetgroup_details&quot;:[{&quot;text&quot;:&quot;Adults&quot;,&quot;id&quot;:585,&quot;icon&quot;:null,&quot;parent&quot;:0}],&quot;language&quot;:[580,579],&quot;language_details&quot;:[{&quot;text&quot;:&quot;English&quot;,&quot;id&quot;:580,&quot;icon&quot;:null,&quot;parent&quot;:0},{&quot;text&quot;:&quot;German&quot;,&quot;id&quot;:579,&quot;icon&quot;:null,&quot;parent&quot;:0}],&quot;icon_overwrite&quot;:&quot;&quot;,&quot;acf&quot;:{&quot;hashtag&quot;:&quot;HumboldtForum&quot;,&quot;times&quot;:[],&quot;planning&quot;:{&quot;price&quot;:&quot;Free online event&quot;,&quot;admission&quot;:&quot;&quot;,&quot;pause&quot;:&quot;&quot;,&quot;duration&quot;:&quot;90&quot;},&quot;additional_info&quot;:{&quot;icon&quot;:&quot;icon-contact&quot;,&quot;text&quot;:&quot;Veranstaltung auf Englisch mit Simultan\\u00fcbersetzung ins Deutsche&quot;},&quot;highlight_header&quot;:false,&quot;featured_images&quot;:[43220],&quot;use_video_in_teasers&quot;:false,&quot;hyphenation&quot;:false,&quot;tipp&quot;:false,&quot;alert_text&quot;:&quot;Recording&quot;,&quot;joker&quot;:true,&quot;live&quot;:false,&quot;hide_event_in_program&quot;:false,&quot;subline&quot;:&quot;Students from Cape Town University and the Universidade Federal do Estado do Rio de Janeiro reflect together on a new ethics of curatorial practice in museums&quot;,&quot;noindex&quot;:false,&quot;keywords&quot;:&quot;&quot;,&quot;shorturl&quot;:&quot;&quot;,&quot;belongsto&quot;:[20100]},&quot;date&quot;:{&quot;NX&quot;:null,&quot;NXX&quot;:null,&quot;NLAST&quot;:&quot;202206131500&quot;,&quot;from_DATE&quot;:&quot;20220613 19:00&quot;,&quot;from&quot;:1655132400,&quot;to&quot;:1655132400,&quot;to_DATE&quot;:&quot;20220613 19:00&quot;,&quot;from_HRFSHORT&quot;:&quot;13 Jun 2022&quot;,&quot;from_HRFSHORT_WD&quot;:&quot;Mon 13\\\/06\\\/2022&quot;,&quot;to_HRFSHORT&quot;:&quot;13 Jun 2022&quot;,&quot;to_HRFSHORT_WD&quot;:&quot;Mon 13\\\/06\\\/2022&quot;,&quot;from_HRF&quot;:&quot;Mon, 13 June 2022&quot;,&quot;to_HRF&quot;:&quot;Mon, 13 June 2022&quot;,&quot;from_to_HRF&quot;:&quot;Mon, 13 June \\u2013 Mon, 13 June 2022&quot;,&quot;from_to_HRFSHORT&quot;:&quot;13 Jun \\u2013 13 Jun 2022&quot;},&quot;alert&quot;:&quot;Recording&quot;,&quot;partof&quot;:[20100],&quot;marketing_topic&quot;:{&quot;title&quot;:&quot;99 Questions&quot;,&quot;ID&quot;:20100,&quot;reason&quot;:&quot;sequence&quot;}}' inline-template>\n\t<a href=\"https:\/\/www.humboldtforum.org\/en\/programm\/termin\/discourse\/new-ethics-new-museums-43238\/\" class=\"teaser teaser-event teaser-event-standard\">\n\t\t<div class=\"row\">\n\t\t\t<div class=\"col-xs-12 teaser-event-image\">\n\t\t\t\t<div class=\"teaser-image teaser-image-no-alternate\">\n\t\t\t\t\t\t\t\t\t\t\t\t\t<span class=\"alert\">Recording<\/span>\n\t\t\t\t\t\t\t\t\t\t\t\n\t<lazy-media-inline inline-template>\n\t\t<figure itemscope itemtype=\"http:\/\/schema.org\/ImageObject\" class=\"lazy-media-inline \" role=\"group\" id=\"media_69f4ef7e87db2\" aria-labelledby=\"desc_media_69f4ef7e87db2\">\n\t\t\t<script type=\"application\/json\" ref=\"data\">\n\t\t\t\t{\n\t\t\t\t\"sizes\" : {\"medium\":{\"file\":\"SHF_eb00136165-300x169.jpg\",\"width\":300,\"height\":169,\"mime-type\":\"image\\\/jpeg\"},\"large\":{\"file\":\"SHF_eb00136165-1024x577.jpg\",\"width\":1024,\"height\":577,\"mime-type\":\"image\\\/jpeg\"},\"thumbnail\":{\"file\":\"SHF_eb00136165-150x150.jpg\",\"width\":150,\"height\":150,\"mime-type\":\"image\\\/jpeg\"},\"medium_large\":{\"file\":\"SHF_eb00136165-768x433.jpg\",\"width\":768,\"height\":433,\"mime-type\":\"image\\\/jpeg\"},\"small\":{\"file\":\"SHF_eb00136165-440x248.jpg\",\"width\":440,\"height\":248,\"mime-type\":\"image\\\/jpeg\"},\"semi\":{\"file\":\"SHF_eb00136165-580x327.jpg\",\"width\":580,\"height\":327,\"mime-type\":\"image\\\/jpeg\"},\"mobile\":{\"file\":\"SHF_eb00136165-720x406.jpg\",\"width\":720,\"height\":406,\"mime-type\":\"image\\\/jpeg\"},\"hd\":{\"file\":\"SHF_eb00136165-1280x721.jpg\",\"width\":1280,\"height\":721,\"mime-type\":\"image\\\/jpeg\"},\"1536x1536\":{\"file\":\"SHF_eb00136165-1536x865.jpg\",\"width\":1536,\"height\":865,\"mime-type\":\"image\\\/jpeg\"},\"original\":{\"file\":\"SHF_eb00136165.jpg\",\"width\":1640,\"height\":924}},\n\t\t\t\t\"alt\" : \"Graphic with abstract patterns, artworks, a vase, and various symbolic elements on a pink background.\",\n\t\t\t\t\"path\" : \"\\\/wp-content\\\/uploads\\\/2022\\\/05\\\/\",\n\t\t\t\t\"video\" : null,\n\t\t\t\t\"autoplay\" : null,\n\t\t\t\t\"youtube\" : null,\n\t\t\t\t\"youtubelabel\" : \"Play video\",\n\t\t\t\t\"brightness\" : 100,\n\t\t\t\t\"crop\" : null,\n\t\t\t\t\"background\" : true,\n\t\t\t\t\"scale\" : 1\t\t\t\t}\n\t\t\t<\/script>\n\n\t\t\t<div class=\"height-container\" style=\"padding-bottom:56.341463414634%;\" v-if=\"sizes\">\n\t\t\t\t\t\t\t\t<lazy-media :inline=\"true\" :alt=\"alt\" :sizes=\"sizes\" :scale=\"scale\" :brightness=\"brightness\" :path=\"path\" :video=\"video\" :autoplay=\"autoplay\" :youtube=\"youtube\" :crop=\"crop\" :youtubelabel=\"youtubelabel\" :background=\"background\" media-id=\"desc_media_69f4ef7e87db2\"><\/lazy-media>\n\t\t\t\t\t\t\t<\/div>\n\n\t\t\t\t\t\t\t<figcaption class=\"sr-only\" ref=\"body\" id=\"desc_media_69f4ef7e87db2\">\n\t\t\t\t\t\t\t\t\t\t\t\t\t\t\t\t<div>New Ethics, New Museums <\/div>\n\t\t\t\t\t\t\t\t\t\t\t\t\t\t\t\t<div class=\"insignificant\">\u00a9 Collage for the workshop \u201eNew Ethics, New Museums\u201c. Copyright: Samie Blasingame<\/div>\n\t\t\t\t\t\t\t\t\t<\/figcaption>\n\t\t\t\t\t<\/figure>\n\t<\/lazy-media-inline>\n\t\t\t\t<\/div>\n\t\t\t<\/div>\n\t\t\t<div class=\"col-xs-12 teaser-event-text Infos\">\n\t\t\t\t<div class=\"teaser-event-standard-text\">\n\t\t\t\t\t<div class=\"margin-bottom-atom\">\n\t\t\t\t\t\t<div class=\"subline clamp-1\" v-html=\"maingenre\"><\/div>\n\t\t\t\t\t\t\t\t\t\t\t\t\t<div class=\"insignificant clamp-2\">99 Questions<\/div>\n\t\t\t\t\t\t\t\t\t\t\t<\/div>\n\t\t\t\t\n\t\t\t\t\t<strong class=\"margin-bottom-atom\">New Ethics, New Museums<\/strong>\n\n\t\t\t\t\t\t\t\t\t\t\t<div class=\"\">Students from Cape Town University and the Universidade Federal do Estado do Rio de Janeiro reflect together on a new ethics of curatorial practice in museums<\/div>\n\t\t\t\t\t\t\t\t\t<\/div>\n\t\t\t\t<div class=\"teaser-bottom border-bottom\">\n\t\t\t\t<calendardateline :rawitem='item' :show-icon=\"true\"><\/calendardateline>\n\t\t\t\t\t<hr>\n\t\t\t\t<\/div>\n\t\t\t<\/div>\n\t\t<\/div>\n\t<\/a>\n\t<\/calendarteaser>\n<\/li>\n\n<li class=\"col-xs-6 col-sm-4 col-md-3 teaser-wrapper col-padding-remove\">\n\t<calendarteaser key=\"4004118380\" rawitem='{&quot;postId&quot;:40041,&quot;title&quot;:&quot;New Relationships&quot;,&quot;excerpt&quot;:&quot;&quot;,&quot;slug&quot;:&quot;new-relationships-en&quot;,&quot;post_date&quot;:&quot;2022-03-18T14:13&quot;,&quot;type&quot;:&quot;event&quot;,&quot;permalink&quot;:&quot;https:\\\/\\\/www.humboldtforum.org\\\/en\\\/programm\\\/termin\\\/talk\\\/new-relationships-en-40041\\\/&quot;,&quot;genre&quot;:[1079],&quot;genre_details&quot;:[{&quot;text&quot;:&quot;Talk&quot;,&quot;id&quot;:1079,&quot;icon&quot;:null,&quot;parent&quot;:0}],&quot;digital&quot;:[873],&quot;digital_details&quot;:[{&quot;text&quot;:&quot;Livestream&quot;,&quot;id&quot;:873,&quot;icon&quot;:null,&quot;parent&quot;:0}],&quot;stakeholder&quot;:[594,595],&quot;stakeholder_details&quot;:[{&quot;text&quot;:&quot;Staatliche Museen zu Berlin&quot;,&quot;id&quot;:594,&quot;icon&quot;:null,&quot;parent&quot;:0},{&quot;text&quot;:&quot;Stiftung Humboldt Forum im Berliner Schloss&quot;,&quot;id&quot;:595,&quot;icon&quot;:null,&quot;parent&quot;:0}],&quot;language&quot;:[580,579],&quot;language_details&quot;:[{&quot;text&quot;:&quot;English&quot;,&quot;id&quot;:580,&quot;icon&quot;:null,&quot;parent&quot;:0},{&quot;text&quot;:&quot;German&quot;,&quot;id&quot;:579,&quot;icon&quot;:null,&quot;parent&quot;:0}],&quot;icon_overwrite&quot;:&quot;&quot;,&quot;acf&quot;:{&quot;hashtag&quot;:&quot;HumboldtForum&quot;,&quot;planning&quot;:{&quot;price&quot;:&quot;&quot;,&quot;admission&quot;:&quot;&quot;,&quot;pause&quot;:&quot;&quot;,&quot;duration&quot;:&quot;90&quot;},&quot;additional_info&quot;:{&quot;icon&quot;:&quot;icon-contact&quot;,&quot;text&quot;:&quot;Event in English with simultaneous translation into German&quot;},&quot;highlight_header&quot;:false,&quot;featured_images&quot;:[40023],&quot;use_video_in_teasers&quot;:false,&quot;hyphenation&quot;:true,&quot;tipp&quot;:false,&quot;joker&quot;:false,&quot;live&quot;:false,&quot;hide_event_in_program&quot;:false,&quot;times&quot;:[],&quot;subline_feature&quot;:&quot;99 Questions&quot;,&quot;noindex&quot;:false,&quot;keywords&quot;:&quot;&quot;,&quot;shorturl&quot;:&quot;&quot;,&quot;belongsto&quot;:[20100],&quot;subline&quot;:&quot;Curating Through Relational Ethics&quot;,&quot;alert_text&quot;:&quot;Recording&quot;},&quot;date&quot;:{&quot;NX&quot;:null,&quot;NXX&quot;:null,&quot;NLAST&quot;:&quot;202204111500&quot;,&quot;from_DATE&quot;:&quot;20220411 19:00&quot;,&quot;from&quot;:1649689200,&quot;to&quot;:1649689200,&quot;to_DATE&quot;:&quot;20220411 19:00&quot;,&quot;from_HRFSHORT&quot;:&quot;11 Apr 2022&quot;,&quot;from_HRFSHORT_WD&quot;:&quot;Mon 11\\\/04\\\/2022&quot;,&quot;to_HRFSHORT&quot;:&quot;11 Apr 2022&quot;,&quot;to_HRFSHORT_WD&quot;:&quot;Mon 11\\\/04\\\/2022&quot;,&quot;from_HRF&quot;:&quot;Mon, 11 April 2022&quot;,&quot;to_HRF&quot;:&quot;Mon, 11 April 2022&quot;,&quot;from_to_HRF&quot;:&quot;Mon, 11 April \\u2013 Mon, 11 April 2022&quot;,&quot;from_to_HRFSHORT&quot;:&quot;11 Apr \\u2013 11 Apr 2022&quot;},&quot;alert&quot;:&quot;Recording&quot;,&quot;partof&quot;:[20100],&quot;marketing_topic&quot;:{&quot;title&quot;:&quot;99 Questions&quot;,&quot;ID&quot;:20100,&quot;reason&quot;:&quot;sequence&quot;}}' inline-template>\n\t<a href=\"https:\/\/www.humboldtforum.org\/en\/programm\/termin\/talk\/new-relationships-en-40041\/\" class=\"teaser teaser-event teaser-event-standard\">\n\t\t<div class=\"row\">\n\t\t\t<div class=\"col-xs-12 teaser-event-image\">\n\t\t\t\t<div class=\"teaser-image teaser-image-no-alternate\">\n\t\t\t\t\t\t\t\t\t\t\t\t\t<span class=\"alert\">Recording<\/span>\n\t\t\t\t\t\t\t\t\t\t\t\n\t<lazy-media-inline inline-template>\n\t\t<figure itemscope itemtype=\"http:\/\/schema.org\/ImageObject\" class=\"lazy-media-inline \" role=\"group\" id=\"media_69f4ef7e8969b\" aria-labelledby=\"desc_media_69f4ef7e8969b\">\n\t\t\t<script type=\"application\/json\" ref=\"data\">\n\t\t\t\t{\n\t\t\t\t\"sizes\" : {\"medium\":{\"file\":\"SHF_eb00133524-300x190.jpg\",\"width\":300,\"height\":190,\"mime-type\":\"image\\\/jpeg\"},\"large\":{\"file\":\"SHF_eb00133524-1024x647.jpg\",\"width\":1024,\"height\":647,\"mime-type\":\"image\\\/jpeg\"},\"thumbnail\":{\"file\":\"SHF_eb00133524-150x150.jpg\",\"width\":150,\"height\":150,\"mime-type\":\"image\\\/jpeg\"},\"medium_large\":{\"file\":\"SHF_eb00133524-768x485.jpg\",\"width\":768,\"height\":485,\"mime-type\":\"image\\\/jpeg\"},\"small\":{\"file\":\"SHF_eb00133524-440x278.jpg\",\"width\":440,\"height\":278,\"mime-type\":\"image\\\/jpeg\"},\"semi\":{\"file\":\"SHF_eb00133524-580x366.jpg\",\"width\":580,\"height\":366,\"mime-type\":\"image\\\/jpeg\"},\"mobile\":{\"file\":\"SHF_eb00133524-720x455.jpg\",\"width\":720,\"height\":455,\"mime-type\":\"image\\\/jpeg\"},\"hd\":{\"file\":\"SHF_eb00133524-1280x809.jpg\",\"width\":1280,\"height\":809,\"mime-type\":\"image\\\/jpeg\"},\"full\":{\"file\":\"SHF_eb00133524-1920x1213.jpg\",\"width\":1920,\"height\":1213,\"mime-type\":\"image\\\/jpeg\"},\"1536x1536\":{\"file\":\"SHF_eb00133524-1536x970.jpg\",\"width\":1536,\"height\":970,\"mime-type\":\"image\\\/jpeg\"},\"2048x2048\":{\"file\":\"SHF_eb00133524-2048x1294.jpg\",\"width\":2048,\"height\":1294,\"mime-type\":\"image\\\/jpeg\"},\"original\":{\"file\":\"SHF_eb00133524.jpg\",\"width\":3000,\"height\":1895}},\n\t\t\t\t\"alt\" : \"Six stylish chairs in different colors are placed in front of a white wall on a wooden floor.\",\n\t\t\t\t\"path\" : \"\\\/wp-content\\\/uploads\\\/2022\\\/03\\\/\",\n\t\t\t\t\"video\" : null,\n\t\t\t\t\"autoplay\" : null,\n\t\t\t\t\"youtube\" : null,\n\t\t\t\t\"youtubelabel\" : \"Play video\",\n\t\t\t\t\"brightness\" : 100,\n\t\t\t\t\"crop\" : null,\n\t\t\t\t\"background\" : true,\n\t\t\t\t\"scale\" : 1\t\t\t\t}\n\t\t\t<\/script>\n\n\t\t\t<div class=\"height-container\" style=\"padding-bottom:63.166666666667%;\" v-if=\"sizes\">\n\t\t\t\t\t\t\t\t<lazy-media :inline=\"true\" :alt=\"alt\" :sizes=\"sizes\" :scale=\"scale\" :brightness=\"brightness\" :path=\"path\" :video=\"video\" :autoplay=\"autoplay\" :youtube=\"youtube\" :crop=\"crop\" :youtubelabel=\"youtubelabel\" :background=\"background\" media-id=\"desc_media_69f4ef7e8969b\"><\/lazy-media>\n\t\t\t\t\t\t\t<\/div>\n\n\t\t\t\t\t\t\t<figcaption class=\"sr-only\" ref=\"body\" id=\"desc_media_69f4ef7e8969b\">\n\t\t\t\t\t\t\t\t\t\t\t\t\t\t\t\t\t\t\t\t\t<div class=\"insignificant\">\u00a9 Stiftung Humboldt Forum im Berliner Schloss \/ Image: David von Becker<\/div>\n\t\t\t\t\t\t\t\t\t<\/figcaption>\n\t\t\t\t\t<\/figure>\n\t<\/lazy-media-inline>\n\t\t\t\t<\/div>\n\t\t\t<\/div>\n\t\t\t<div class=\"col-xs-12 teaser-event-text Infos\">\n\t\t\t\t<div class=\"teaser-event-standard-text\">\n\t\t\t\t\t<div class=\"margin-bottom-atom\">\n\t\t\t\t\t\t<div class=\"subline clamp-1\" v-html=\"maingenre\"><\/div>\n\t\t\t\t\t\t\t\t\t\t\t\t\t<div class=\"insignificant clamp-2\">99 Questions<\/div>\n\t\t\t\t\t\t\t\t\t\t\t<\/div>\n\t\t\t\t\n\t\t\t\t\t<strong class=\"margin-bottom-atom\">New Relationships<\/strong>\n\n\t\t\t\t\t\t\t\t\t\t\t<div class=\"\">Curating Through Relational Ethics<\/div>\n\t\t\t\t\t\t\t\t\t<\/div>\n\t\t\t\t<div class=\"teaser-bottom border-bottom\">\n\t\t\t\t<calendardateline :rawitem='item' :show-icon=\"true\"><\/calendardateline>\n\t\t\t\t\t<hr>\n\t\t\t\t<\/div>\n\t\t\t<\/div>\n\t\t<\/div>\n\t<\/a>\n\t<\/calendarteaser>\n<\/li>\n\n<li class=\"col-xs-6 col-sm-4 col-md-3 teaser-wrapper col-padding-remove\">\n\t<calendarteaser key=\"3939916099\" rawitem='{&quot;postId&quot;:39399,&quot;title&quot;:&quot;(De)Colonial Ecology\\u00a0&quot;,&quot;excerpt&quot;:&quot;&quot;,&quot;slug&quot;:&quot;decolonial-ecology&quot;,&quot;post_date&quot;:&quot;2022-03-03T17:53&quot;,&quot;type&quot;:&quot;event&quot;,&quot;permalink&quot;:&quot;https:\\\/\\\/www.humboldtforum.org\\\/en\\\/programm\\\/termin\\\/discourse\\\/decolonial-ecology-39399\\\/&quot;,&quot;genre&quot;:[566],&quot;genre_details&quot;:[{&quot;text&quot;:&quot;Discourse&quot;,&quot;id&quot;:566,&quot;icon&quot;:null,&quot;parent&quot;:0}],&quot;digital&quot;:[873],&quot;digital_details&quot;:[{&quot;text&quot;:&quot;Livestream&quot;,&quot;id&quot;:873,&quot;icon&quot;:null,&quot;parent&quot;:0}],&quot;topic&quot;:[783],&quot;topic_details&quot;:[{&quot;text&quot;:&quot;Colonialism and Coloniality&quot;,&quot;id&quot;:783,&quot;icon&quot;:null,&quot;parent&quot;:0}],&quot;stakeholder&quot;:[595],&quot;stakeholder_details&quot;:[{&quot;text&quot;:&quot;Stiftung Humboldt Forum im Berliner Schloss&quot;,&quot;id&quot;:595,&quot;icon&quot;:null,&quot;parent&quot;:0}],&quot;targetgroup&quot;:[585],&quot;targetgroup_details&quot;:[{&quot;text&quot;:&quot;Adults&quot;,&quot;id&quot;:585,&quot;icon&quot;:null,&quot;parent&quot;:0}],&quot;language&quot;:[580,579],&quot;language_details&quot;:[{&quot;text&quot;:&quot;English&quot;,&quot;id&quot;:580,&quot;icon&quot;:null,&quot;parent&quot;:0},{&quot;text&quot;:&quot;German&quot;,&quot;id&quot;:579,&quot;icon&quot;:null,&quot;parent&quot;:0}],&quot;icon_overwrite&quot;:&quot;&quot;,&quot;acf&quot;:{&quot;noindex&quot;:false,&quot;keywords&quot;:&quot;&quot;,&quot;hashtag&quot;:&quot;HumboldtForum&quot;,&quot;belongsto&quot;:[20100],&quot;shorturl&quot;:&quot;&quot;,&quot;times&quot;:[],&quot;planning&quot;:{&quot;price&quot;:&quot;&quot;,&quot;admission&quot;:&quot;&quot;,&quot;pause&quot;:&quot;&quot;,&quot;duration&quot;:&quot;90&quot;},&quot;subline&quot;:&quot;For The Possibilities of &#039;Thinking With&#039;\\t&quot;,&quot;additional_info&quot;:{&quot;icon&quot;:&quot;icon-contact&quot;,&quot;text&quot;:&quot;Event in English with simultaneous translation into German&quot;},&quot;highlight_header&quot;:false,&quot;featured_images&quot;:[39396],&quot;use_video_in_teasers&quot;:false,&quot;hyphenation&quot;:true,&quot;tipp&quot;:false,&quot;joker&quot;:false,&quot;live&quot;:false,&quot;hide_event_in_program&quot;:false,&quot;yt&quot;:&quot;https:\\\/\\\/www.youtube.com\\\/watch?v=dYl4_k_7-28&quot;,&quot;alert_text&quot;:&quot;Recording&quot;},&quot;date&quot;:{&quot;NX&quot;:null,&quot;NXX&quot;:null,&quot;NLAST&quot;:&quot;202203211700&quot;,&quot;from_DATE&quot;:&quot;20220321 19:00&quot;,&quot;from&quot;:1647882000,&quot;to&quot;:1647882000,&quot;to_DATE&quot;:&quot;20220321 19:00&quot;,&quot;from_HRFSHORT&quot;:&quot;21 Mar 2022&quot;,&quot;from_HRFSHORT_WD&quot;:&quot;Mon 21\\\/03\\\/2022&quot;,&quot;to_HRFSHORT&quot;:&quot;21 Mar 2022&quot;,&quot;to_HRFSHORT_WD&quot;:&quot;Mon 21\\\/03\\\/2022&quot;,&quot;from_HRF&quot;:&quot;Mon, 21 March 2022&quot;,&quot;to_HRF&quot;:&quot;Mon, 21 March 2022&quot;,&quot;from_to_HRF&quot;:&quot;Mon, 21 March \\u2013 Mon, 21 March 2022&quot;,&quot;from_to_HRFSHORT&quot;:&quot;21 Mar \\u2013 21 Mar 2022&quot;},&quot;alert&quot;:&quot;Recording&quot;,&quot;partof&quot;:[20100],&quot;marketing_topic&quot;:{&quot;title&quot;:&quot;99 Questions&quot;,&quot;ID&quot;:20100,&quot;reason&quot;:&quot;sequence&quot;}}' inline-template>\n\t<a href=\"https:\/\/www.humboldtforum.org\/en\/programm\/termin\/discourse\/decolonial-ecology-39399\/\" class=\"teaser teaser-event teaser-event-standard\">\n\t\t<div class=\"row\">\n\t\t\t<div class=\"col-xs-12 teaser-event-image\">\n\t\t\t\t<div class=\"teaser-image teaser-image-no-alternate\">\n\t\t\t\t\t\t\t\t\t\t\t\t\t<span class=\"alert\">Recording<\/span>\n\t\t\t\t\t\t\t\t\t\t\t\n\t<lazy-media-inline inline-template>\n\t\t<figure itemscope itemtype=\"http:\/\/schema.org\/ImageObject\" class=\"lazy-media-inline \" role=\"group\" id=\"media_69f4ef7e8ad5b\" aria-labelledby=\"desc_media_69f4ef7e8ad5b\">\n\t\t\t<script type=\"application\/json\" ref=\"data\">\n\t\t\t\t{\n\t\t\t\t\"sizes\" : {\"medium\":{\"file\":\"SHF_eb00132885-300x168.jpg\",\"width\":300,\"height\":168,\"mime-type\":\"image\\\/jpeg\"},\"large\":{\"file\":\"SHF_eb00132885-1024x573.jpg\",\"width\":1024,\"height\":573,\"mime-type\":\"image\\\/jpeg\"},\"thumbnail\":{\"file\":\"SHF_eb00132885-150x150.jpg\",\"width\":150,\"height\":150,\"mime-type\":\"image\\\/jpeg\"},\"medium_large\":{\"file\":\"SHF_eb00132885-768x430.jpg\",\"width\":768,\"height\":430,\"mime-type\":\"image\\\/jpeg\"},\"small\":{\"file\":\"SHF_eb00132885-440x246.jpg\",\"width\":440,\"height\":246,\"mime-type\":\"image\\\/jpeg\"},\"semi\":{\"file\":\"SHF_eb00132885-580x324.jpg\",\"width\":580,\"height\":324,\"mime-type\":\"image\\\/jpeg\"},\"mobile\":{\"file\":\"SHF_eb00132885-720x403.jpg\",\"width\":720,\"height\":403,\"mime-type\":\"image\\\/jpeg\"},\"hd\":{\"file\":\"SHF_eb00132885-1280x716.jpg\",\"width\":1280,\"height\":716,\"mime-type\":\"image\\\/jpeg\"},\"full\":{\"file\":\"SHF_eb00132885-1920x1074.jpg\",\"width\":1920,\"height\":1074,\"mime-type\":\"image\\\/jpeg\"},\"1536x1536\":{\"file\":\"SHF_eb00132885-1536x859.jpg\",\"width\":1536,\"height\":859,\"mime-type\":\"image\\\/jpeg\"},\"2048x2048\":{\"file\":\"SHF_eb00132885-2048x1146.jpg\",\"width\":2048,\"height\":1146,\"mime-type\":\"image\\\/jpeg\"},\"original\":{\"file\":\"SHF_eb00132885.jpg\",\"width\":3389,\"height\":1896}},\n\t\t\t\t\"alt\" : \"Tropical plant with long leaves and a yellow fruit, captured in sunlight.\",\n\t\t\t\t\"path\" : \"\\\/wp-content\\\/uploads\\\/2022\\\/03\\\/\",\n\t\t\t\t\"video\" : null,\n\t\t\t\t\"autoplay\" : null,\n\t\t\t\t\"youtube\" : null,\n\t\t\t\t\"youtubelabel\" : \"Play video\",\n\t\t\t\t\"brightness\" : 100,\n\t\t\t\t\"crop\" : null,\n\t\t\t\t\"background\" : true,\n\t\t\t\t\"scale\" : 1\t\t\t\t}\n\t\t\t<\/script>\n\n\t\t\t<div class=\"height-container\" style=\"padding-bottom:55.945706698141%;\" v-if=\"sizes\">\n\t\t\t\t\t\t\t\t<lazy-media :inline=\"true\" :alt=\"alt\" :sizes=\"sizes\" :scale=\"scale\" :brightness=\"brightness\" :path=\"path\" :video=\"video\" :autoplay=\"autoplay\" :youtube=\"youtube\" :crop=\"crop\" :youtubelabel=\"youtubelabel\" :background=\"background\" media-id=\"desc_media_69f4ef7e8ad5b\"><\/lazy-media>\n\t\t\t\t\t\t\t<\/div>\n\n\t\t\t\t\t\t\t<figcaption class=\"sr-only\" ref=\"body\" id=\"desc_media_69f4ef7e8ad5b\">\n\t\t\t\t\t\t\t\t\t\t\t<div>Collage unter Verwendung von: Robert Lohmeyer 1908, Fruchtstaude. Bl&uuml;te der &Ouml;lpalme<\/div>\n\t\t\t\t\t\t\t\t\t\t\t\t\t\t\t\t\t\t\t\t\t<div class=\"insignificant\">\u00a9 Ethnologisches Museum, Staatliche Museen zu Berlin\r\n<\/div>\n\t\t\t\t\t\t\t\t\t<\/figcaption>\n\t\t\t\t\t<\/figure>\n\t<\/lazy-media-inline>\n\t\t\t\t<\/div>\n\t\t\t<\/div>\n\t\t\t<div class=\"col-xs-12 teaser-event-text Infos\">\n\t\t\t\t<div class=\"teaser-event-standard-text\">\n\t\t\t\t\t<div class=\"margin-bottom-atom\">\n\t\t\t\t\t\t<div class=\"subline clamp-1\" v-html=\"maingenre\"><\/div>\n\t\t\t\t\t\t\t\t\t\t\t\t\t<div class=\"insignificant clamp-2\">99 Questions<\/div>\n\t\t\t\t\t\t\t\t\t\t\t<\/div>\n\t\t\t\t\n\t\t\t\t\t<strong class=\"margin-bottom-atom\">(De)Colonial Ecology\u00a0<\/strong>\n\n\t\t\t\t\t\t\t\t\t\t\t<div class=\"\">For The Possibilities of &#8216;Thinking With&#8217;\t<\/div>\n\t\t\t\t\t\t\t\t\t<\/div>\n\t\t\t\t<div class=\"teaser-bottom border-bottom\">\n\t\t\t\t<calendardateline :rawitem='item' :show-icon=\"true\"><\/calendardateline>\n\t\t\t\t\t<hr>\n\t\t\t\t<\/div>\n\t\t\t<\/div>\n\t\t<\/div>\n\t<\/a>\n\t<\/calendarteaser>\n<\/li>\n\n<li class=\"col-xs-6 col-sm-4 col-md-3 teaser-wrapper col-padding-remove\">\n\t<calendarteaser key=\"381423962\" rawitem='{&quot;postId&quot;:38142,&quot;title&quot;:&quot;Gardens of Empire&quot;,&quot;excerpt&quot;:&quot;&quot;,&quot;slug&quot;:&quot;gardens-of-empire&quot;,&quot;post_date&quot;:&quot;2022-02-07T14:49&quot;,&quot;type&quot;:&quot;event&quot;,&quot;permalink&quot;:&quot;https:\\\/\\\/www.humboldtforum.org\\\/en\\\/programm\\\/termin\\\/discourse\\\/gardens-of-empire-38142\\\/&quot;,&quot;genre&quot;:[566],&quot;genre_details&quot;:[{&quot;text&quot;:&quot;Discourse&quot;,&quot;id&quot;:566,&quot;icon&quot;:null,&quot;parent&quot;:0}],&quot;digital&quot;:[873],&quot;digital_details&quot;:[{&quot;text&quot;:&quot;Livestream&quot;,&quot;id&quot;:873,&quot;icon&quot;:null,&quot;parent&quot;:0}],&quot;topic&quot;:[783],&quot;topic_details&quot;:[{&quot;text&quot;:&quot;Colonialism and Coloniality&quot;,&quot;id&quot;:783,&quot;icon&quot;:null,&quot;parent&quot;:0}],&quot;stakeholder&quot;:[595],&quot;stakeholder_details&quot;:[{&quot;text&quot;:&quot;Stiftung Humboldt Forum im Berliner Schloss&quot;,&quot;id&quot;:595,&quot;icon&quot;:null,&quot;parent&quot;:0}],&quot;targetgroup&quot;:[585],&quot;targetgroup_details&quot;:[{&quot;text&quot;:&quot;Adults&quot;,&quot;id&quot;:585,&quot;icon&quot;:null,&quot;parent&quot;:0}],&quot;language&quot;:[580,579],&quot;language_details&quot;:[{&quot;text&quot;:&quot;English&quot;,&quot;id&quot;:580,&quot;icon&quot;:null,&quot;parent&quot;:0},{&quot;text&quot;:&quot;German&quot;,&quot;id&quot;:579,&quot;icon&quot;:null,&quot;parent&quot;:0}],&quot;icon_overwrite&quot;:&quot;&quot;,&quot;acf&quot;:{&quot;hashtag&quot;:&quot;HumboldtForum&quot;,&quot;keywords&quot;:&quot;&quot;,&quot;planning&quot;:{&quot;price&quot;:&quot;&quot;,&quot;admission&quot;:&quot;&quot;,&quot;pause&quot;:&quot;&quot;,&quot;duration&quot;:&quot;90&quot;},&quot;use_video_in_teasers&quot;:false,&quot;alert_text&quot;:&quot;Recording&quot;,&quot;hide_event_in_program&quot;:false,&quot;noindex&quot;:false,&quot;belongsto&quot;:[20100],&quot;shorturl&quot;:&quot;&quot;,&quot;times&quot;:[],&quot;subline&quot;:&quot;On the Politics of Collecting Nature&quot;,&quot;additional_info&quot;:{&quot;icon&quot;:&quot;icon-contact&quot;,&quot;text&quot;:&quot;Event in English with simultaneous translation into German&quot;},&quot;highlight_header&quot;:false,&quot;featured_images&quot;:[38046],&quot;hyphenation&quot;:true,&quot;tipp&quot;:false,&quot;joker&quot;:true,&quot;live&quot;:false,&quot;yt&quot;:&quot;&quot;},&quot;date&quot;:{&quot;NX&quot;:null,&quot;NXX&quot;:null,&quot;NLAST&quot;:&quot;202202211700&quot;,&quot;from_DATE&quot;:&quot;20220221 19:00&quot;,&quot;from&quot;:1645462800,&quot;to&quot;:1645462800,&quot;to_DATE&quot;:&quot;20220221 19:00&quot;,&quot;from_HRFSHORT&quot;:&quot;21 Feb 2022&quot;,&quot;from_HRFSHORT_WD&quot;:&quot;Mon 21\\\/02\\\/2022&quot;,&quot;to_HRFSHORT&quot;:&quot;21 Feb 2022&quot;,&quot;to_HRFSHORT_WD&quot;:&quot;Mon 21\\\/02\\\/2022&quot;,&quot;from_HRF&quot;:&quot;Mon, 21 February 2022&quot;,&quot;to_HRF&quot;:&quot;Mon, 21 February 2022&quot;,&quot;from_to_HRF&quot;:&quot;Mon, 21 February \\u2013 Mon, 21 February 2022&quot;,&quot;from_to_HRFSHORT&quot;:&quot;21 Feb \\u2013 21 Feb 2022&quot;},&quot;alert&quot;:&quot;Recording&quot;,&quot;partof&quot;:[20100],&quot;marketing_topic&quot;:{&quot;title&quot;:&quot;99 Questions&quot;,&quot;ID&quot;:20100,&quot;reason&quot;:&quot;sequence&quot;}}' inline-template>\n\t<a href=\"https:\/\/www.humboldtforum.org\/en\/programm\/termin\/discourse\/gardens-of-empire-38142\/\" class=\"teaser teaser-event teaser-event-standard\">\n\t\t<div class=\"row\">\n\t\t\t<div class=\"col-xs-12 teaser-event-image\">\n\t\t\t\t<div class=\"teaser-image teaser-image-no-alternate\">\n\t\t\t\t\t\t\t\t\t\t\t\t\t<span class=\"alert\">Recording<\/span>\n\t\t\t\t\t\t\t\t\t\t\t\n\t<lazy-media-inline inline-template>\n\t\t<figure itemscope itemtype=\"http:\/\/schema.org\/ImageObject\" class=\"lazy-media-inline \" role=\"group\" id=\"media_69f4ef7e8c687\" aria-labelledby=\"desc_media_69f4ef7e8c687\">\n\t\t\t<script type=\"application\/json\" ref=\"data\">\n\t\t\t\t{\n\t\t\t\t\"sizes\" : {\"medium\":{\"file\":\"SHF_eb00131674-300x166.jpg\",\"width\":300,\"height\":166,\"mime-type\":\"image\\\/jpeg\"},\"large\":{\"file\":\"SHF_eb00131674-1024x566.jpg\",\"width\":1024,\"height\":566,\"mime-type\":\"image\\\/jpeg\"},\"thumbnail\":{\"file\":\"SHF_eb00131674-150x150.jpg\",\"width\":150,\"height\":150,\"mime-type\":\"image\\\/jpeg\"},\"medium_large\":{\"file\":\"SHF_eb00131674-768x425.jpg\",\"width\":768,\"height\":425,\"mime-type\":\"image\\\/jpeg\"},\"small\":{\"file\":\"SHF_eb00131674-440x243.jpg\",\"width\":440,\"height\":243,\"mime-type\":\"image\\\/jpeg\"},\"semi\":{\"file\":\"SHF_eb00131674-580x321.jpg\",\"width\":580,\"height\":321,\"mime-type\":\"image\\\/jpeg\"},\"mobile\":{\"file\":\"SHF_eb00131674-720x398.jpg\",\"width\":720,\"height\":398,\"mime-type\":\"image\\\/jpeg\"},\"hd\":{\"file\":\"SHF_eb00131674-1280x708.jpg\",\"width\":1280,\"height\":708,\"mime-type\":\"image\\\/jpeg\"},\"full\":{\"file\":\"SHF_eb00131674-1920x1061.jpg\",\"width\":1920,\"height\":1061,\"mime-type\":\"image\\\/jpeg\"},\"1536x1536\":{\"file\":\"SHF_eb00131674-1536x849.jpg\",\"width\":1536,\"height\":849,\"mime-type\":\"image\\\/jpeg\"},\"original\":{\"file\":\"SHF_eb00131674.jpg\",\"width\":2048,\"height\":1132}},\n\t\t\t\t\"alt\" : \"Abstract spiral structures on a dark background, reminiscent of delicate threads or tentacles.\",\n\t\t\t\t\"path\" : \"\\\/wp-content\\\/uploads\\\/2022\\\/02\\\/\",\n\t\t\t\t\"video\" : null,\n\t\t\t\t\"autoplay\" : null,\n\t\t\t\t\"youtube\" : null,\n\t\t\t\t\"youtubelabel\" : \"Play video\",\n\t\t\t\t\"brightness\" : 100,\n\t\t\t\t\"crop\" : null,\n\t\t\t\t\"background\" : true,\n\t\t\t\t\"scale\" : 1\t\t\t\t}\n\t\t\t<\/script>\n\n\t\t\t<div class=\"height-container\" style=\"padding-bottom:55.2734375%;\" v-if=\"sizes\">\n\t\t\t\t\t\t\t\t<lazy-media :inline=\"true\" :alt=\"alt\" :sizes=\"sizes\" :scale=\"scale\" :brightness=\"brightness\" :path=\"path\" :video=\"video\" :autoplay=\"autoplay\" :youtube=\"youtube\" :crop=\"crop\" :youtubelabel=\"youtubelabel\" :background=\"background\" media-id=\"desc_media_69f4ef7e8c687\"><\/lazy-media>\n\t\t\t\t\t\t\t<\/div>\n\n\t\t\t\t\t\t\t<figcaption class=\"sr-only\" ref=\"body\" id=\"desc_media_69f4ef7e8c687\">\n\t\t\t\t\t\t\t\t\t\t\t<div>Collage using: Otto Ehrhardt (1869-1942): Untitled (Flower). Print on silver gelatin paper.<\/div>\n\t\t\t\t\t\t\t\t\t\t\t\t\t\t\t\t\t\t\t\t\t<div class=\"insignificant\">\u00a9 Photography: Staatliche Museen zu Berlin \/ Kunstbibliothek<\/div>\n\t\t\t\t\t\t\t\t\t<\/figcaption>\n\t\t\t\t\t<\/figure>\n\t<\/lazy-media-inline>\n\t\t\t\t<\/div>\n\t\t\t<\/div>\n\t\t\t<div class=\"col-xs-12 teaser-event-text Infos\">\n\t\t\t\t<div class=\"teaser-event-standard-text\">\n\t\t\t\t\t<div class=\"margin-bottom-atom\">\n\t\t\t\t\t\t<div class=\"subline clamp-1\" v-html=\"maingenre\"><\/div>\n\t\t\t\t\t\t\t\t\t\t\t\t\t<div class=\"insignificant clamp-2\">99 Questions<\/div>\n\t\t\t\t\t\t\t\t\t\t\t<\/div>\n\t\t\t\t\n\t\t\t\t\t<strong class=\"margin-bottom-atom\">Gardens of Empire<\/strong>\n\n\t\t\t\t\t\t\t\t\t\t\t<div class=\"\">On the Politics of Collecting Nature<\/div>\n\t\t\t\t\t\t\t\t\t<\/div>\n\t\t\t\t<div class=\"teaser-bottom border-bottom\">\n\t\t\t\t<calendardateline :rawitem='item' :show-icon=\"true\"><\/calendardateline>\n\t\t\t\t\t<hr>\n\t\t\t\t<\/div>\n\t\t\t<\/div>\n\t\t<\/div>\n\t<\/a>\n\t<\/calendarteaser>\n<\/li>\n\n<li class=\"col-xs-6 col-sm-4 col-md-3 teaser-wrapper col-padding-remove\">\n\t<calendarteaser key=\"3469617923\" rawitem='{&quot;postId&quot;:34696,&quot;title&quot;:&quot;Whose fights? Whose memory?&quot;,&quot;excerpt&quot;:&quot;&quot;,&quot;slug&quot;:&quot;whose-fights-whose-memory&quot;,&quot;post_date&quot;:&quot;2021-11-02T15:54&quot;,&quot;type&quot;:&quot;event&quot;,&quot;permalink&quot;:&quot;https:\\\/\\\/www.humboldtforum.org\\\/en\\\/programm\\\/termin\\\/discourse\\\/whose-fights-whose-memory-34696\\\/&quot;,&quot;genre&quot;:[566],&quot;genre_details&quot;:[{&quot;text&quot;:&quot;Discourse&quot;,&quot;id&quot;:566,&quot;icon&quot;:null,&quot;parent&quot;:0}],&quot;digital&quot;:[873],&quot;digital_details&quot;:[{&quot;text&quot;:&quot;Livestream&quot;,&quot;id&quot;:873,&quot;icon&quot;:null,&quot;parent&quot;:0}],&quot;stakeholder&quot;:[593],&quot;stakeholder_details&quot;:[{&quot;text&quot;:&quot;Kulturprojekte Berlin \\\/ Stadtmuseum Berlin&quot;,&quot;id&quot;:593,&quot;icon&quot;:null,&quot;parent&quot;:0}],&quot;targetgroup&quot;:[585],&quot;targetgroup_details&quot;:[{&quot;text&quot;:&quot;Adults&quot;,&quot;id&quot;:585,&quot;icon&quot;:null,&quot;parent&quot;:0}],&quot;language&quot;:[580,579,736,864],&quot;language_details&quot;:[{&quot;text&quot;:&quot;English&quot;,&quot;id&quot;:580,&quot;icon&quot;:null,&quot;parent&quot;:0},{&quot;text&quot;:&quot;German&quot;,&quot;id&quot;:579,&quot;icon&quot;:null,&quot;parent&quot;:0},{&quot;text&quot;:&quot;German Sign Language&quot;,&quot;id&quot;:736,&quot;icon&quot;:null,&quot;parent&quot;:0},{&quot;text&quot;:&quot;Polish&quot;,&quot;id&quot;:864,&quot;icon&quot;:null,&quot;parent&quot;:0}],&quot;accessability&quot;:[1025],&quot;accessability_details&quot;:[{&quot;text&quot;:&quot;German Sign Language&quot;,&quot;id&quot;:1025,&quot;icon&quot;:null,&quot;parent&quot;:0}],&quot;icon_overwrite&quot;:&quot;&quot;,&quot;acf&quot;:{&quot;hashtag&quot;:&quot;HumboldtForum&quot;,&quot;keywords&quot;:&quot;&quot;,&quot;shorturl&quot;:&quot;&quot;,&quot;planning&quot;:{&quot;price&quot;:&quot;Free admission&quot;,&quot;admission&quot;:&quot;&quot;,&quot;pause&quot;:&quot;&quot;,&quot;duration&quot;:&quot;&quot;},&quot;marketing_text&quot;:&quot;&quot;,&quot;shorttext&quot;:&quot;&quot;,&quot;longtext&quot;:&quot;&quot;,&quot;use_video_in_teasers&quot;:false,&quot;alert_text&quot;:&quot;&quot;,&quot;hide_event_in_program&quot;:false,&quot;tickettext&quot;:&quot;no ticket necessary&quot;,&quot;belongsto&quot;:[16471],&quot;noindex&quot;:false,&quot;times&quot;:[],&quot;subline&quot;:&quot;BERLIN GLOBAL Border Experiences&quot;,&quot;subline_feature&quot;:&quot;&quot;,&quot;additional_info&quot;:{&quot;icon&quot;:&quot;icon-youtube&quot;,&quot;text&quot;:&quot;The event takes place digitally via YouTube.&quot;},&quot;highlight_header&quot;:false,&quot;featured_images&quot;:[34695],&quot;video&quot;:false,&quot;hyphenation&quot;:true,&quot;tipp&quot;:false,&quot;joker&quot;:true,&quot;live&quot;:true,&quot;yt&quot;:&quot;https:\\\/\\\/www.youtube.com\\\/watch?v=_v9D7H3yu3k&quot;,&quot;overwrite_date&quot;:&quot;&quot;},&quot;date&quot;:{&quot;NX&quot;:null,&quot;NXX&quot;:null,&quot;NLAST&quot;:&quot;202111101600&quot;,&quot;from_DATE&quot;:&quot;20211110 18:00&quot;,&quot;from&quot;:1636560000,&quot;to&quot;:1636560000,&quot;to_DATE&quot;:&quot;20211110 18:00&quot;,&quot;from_HRFSHORT&quot;:&quot;10 Nov 2021&quot;,&quot;from_HRFSHORT_WD&quot;:&quot;Wed 10\\\/11\\\/2021&quot;,&quot;to_HRFSHORT&quot;:&quot;10 Nov 2021&quot;,&quot;to_HRFSHORT_WD&quot;:&quot;Wed 10\\\/11\\\/2021&quot;,&quot;from_HRF&quot;:&quot;Wed, 10 November 2021&quot;,&quot;to_HRF&quot;:&quot;Wed, 10 November 2021&quot;,&quot;from_to_HRF&quot;:&quot;Wed, 10 November \\u2013 Wed, 10 November 2021&quot;,&quot;from_to_HRFSHORT&quot;:&quot;10 Nov \\u2013 10 Nov 2021&quot;},&quot;alert&quot;:&quot;Livestream&quot;,&quot;partof&quot;:[],&quot;marketing_topic&quot;:{&quot;title&quot;:&quot;BERLIN GLOBAL&quot;,&quot;ID&quot;:16471,&quot;reason&quot;:&quot;belongsto&quot;}}' inline-template>\n\t<a href=\"https:\/\/www.humboldtforum.org\/en\/programm\/termin\/discourse\/whose-fights-whose-memory-34696\/\" class=\"teaser teaser-event teaser-event-standard\">\n\t\t<div class=\"row\">\n\t\t\t<div class=\"col-xs-12 teaser-event-image\">\n\t\t\t\t<div class=\"teaser-image teaser-image-no-alternate\">\n\t\t\t\t\t\t\t\t\t\t\t\t\t<calendardateline :rawitem='item' :show-icon=\"true\" template=\"alert\" force-date=\"Livestream\"><\/calendardateline>\n\t\t\t\t\t\t\t\t\t\t\t\n\t<lazy-media-inline inline-template>\n\t\t<figure itemscope itemtype=\"http:\/\/schema.org\/ImageObject\" class=\"lazy-media-inline \" role=\"group\" id=\"media_69f4ef7e8dcf7\" aria-labelledby=\"desc_media_69f4ef7e8dcf7\">\n\t\t\t<script type=\"application\/json\" ref=\"data\">\n\t\t\t\t{\n\t\t\t\t\"sizes\" : {\"medium\":{\"file\":\"SHF_eb00128195-300x200.jpg\",\"width\":300,\"height\":200,\"mime-type\":\"image\\\/jpeg\"},\"large\":{\"file\":\"SHF_eb00128195-1024x682.jpg\",\"width\":1024,\"height\":682,\"mime-type\":\"image\\\/jpeg\"},\"thumbnail\":{\"file\":\"SHF_eb00128195-150x150.jpg\",\"width\":150,\"height\":150,\"mime-type\":\"image\\\/jpeg\"},\"medium_large\":{\"file\":\"SHF_eb00128195-768x512.jpg\",\"width\":768,\"height\":512,\"mime-type\":\"image\\\/jpeg\"},\"small\":{\"file\":\"SHF_eb00128195-440x293.jpg\",\"width\":440,\"height\":293,\"mime-type\":\"image\\\/jpeg\"},\"semi\":{\"file\":\"SHF_eb00128195-580x387.jpg\",\"width\":580,\"height\":387,\"mime-type\":\"image\\\/jpeg\"},\"mobile\":{\"file\":\"SHF_eb00128195-720x480.jpg\",\"width\":720,\"height\":480,\"mime-type\":\"image\\\/jpeg\"},\"hd\":{\"file\":\"SHF_eb00128195-1280x853.jpg\",\"width\":1280,\"height\":853,\"mime-type\":\"image\\\/jpeg\"},\"1536x1536\":{\"file\":\"SHF_eb00128195-1536x1024.jpg\",\"width\":1536,\"height\":1024,\"mime-type\":\"image\\\/jpeg\"},\"original\":{\"file\":\"SHF_eb00128195.jpg\",\"width\":1706,\"height\":1137}},\n\t\t\t\t\"alt\" : \"Performance with dancers and actors under a large gate, featuring an umbrella and dramatic lighting.\",\n\t\t\t\t\"path\" : \"\\\/wp-content\\\/uploads\\\/2021\\\/11\\\/\",\n\t\t\t\t\"video\" : null,\n\t\t\t\t\"autoplay\" : null,\n\t\t\t\t\"youtube\" : null,\n\t\t\t\t\"youtubelabel\" : \"Play video\",\n\t\t\t\t\"brightness\" : 100,\n\t\t\t\t\"crop\" : {\"top\":\"50.00\",\"left\":\"50.00\"},\n\t\t\t\t\"background\" : true,\n\t\t\t\t\"scale\" : 2\t\t\t\t}\n\t\t\t<\/script>\n\n\t\t\t<div class=\"height-container\" style=\"padding-bottom:66.647127784291%;\" v-if=\"sizes\">\n\t\t\t\t\t\t\t\t<lazy-media :inline=\"true\" :alt=\"alt\" :sizes=\"sizes\" :scale=\"scale\" :brightness=\"brightness\" :path=\"path\" :video=\"video\" :autoplay=\"autoplay\" :youtube=\"youtube\" :crop=\"crop\" :youtubelabel=\"youtubelabel\" :background=\"background\" media-id=\"desc_media_69f4ef7e8dcf7\"><\/lazy-media>\n\t\t\t\t\t\t\t<\/div>\n\n\t\t\t\t\t\t\t<figcaption class=\"sr-only\" ref=\"body\" id=\"desc_media_69f4ef7e8dcf7\">\n\t\t\t\t\t\t\t\t\t\t\t<div>Performance of the Polish, queer-feminist collective Dziewuchy at the Brandenburg Gate<\/div>\n\t\t\t\t\t\t\t\t\t\t\t\t\t\t\t\t\t\t\t\t\t<div class=\"insignificant\">\u00a9 Dziewuchy Berlin<\/div>\n\t\t\t\t\t\t\t\t\t<\/figcaption>\n\t\t\t\t\t<\/figure>\n\t<\/lazy-media-inline>\n\t\t\t\t<\/div>\n\t\t\t<\/div>\n\t\t\t<div class=\"col-xs-12 teaser-event-text Infos\">\n\t\t\t\t<div class=\"teaser-event-standard-text\">\n\t\t\t\t\t<div class=\"margin-bottom-atom\">\n\t\t\t\t\t\t<div class=\"subline clamp-1\" v-html=\"maingenre\"><\/div>\n\t\t\t\t\t\t\t\t\t\t\t\t\t<div class=\"insignificant clamp-2\">BERLIN GLOBAL<\/div>\n\t\t\t\t\t\t\t\t\t\t\t<\/div>\n\t\t\t\t\n\t\t\t\t\t<strong class=\"margin-bottom-atom\">Whose fights? Whose memory?<\/strong>\n\n\t\t\t\t\t\t\t\t\t\t\t<div class=\"\">BERLIN GLOBAL Border Experiences<\/div>\n\t\t\t\t\t\t\t\t\t<\/div>\n\t\t\t\t<div class=\"teaser-bottom border-bottom\">\n\t\t\t\t<calendardateline :rawitem='item' :show-icon=\"true\"><\/calendardateline>\n\t\t\t\t\t<hr>\n\t\t\t\t<\/div>\n\t\t\t<\/div>\n\t\t<\/div>\n\t<\/a>\n\t<\/calendarteaser>\n<\/li>\n\n<li class=\"col-xs-6 col-sm-4 col-md-3 teaser-wrapper col-padding-remove\">\n\t<calendarteaser key=\"3474413868\" rawitem='{&quot;postId&quot;:34744,&quot;title&quot;:&quot;How (not) to increase vaccination willingness&quot;,&quot;excerpt&quot;:&quot;Current discussion on dealing with vaccination readiness in liberal societies. Renowned researchers present their current studies on the topic.&quot;,&quot;slug&quot;:&quot;how-not-to-increase-vaccination-willingness&quot;,&quot;post_date&quot;:&quot;2021-11-04T22:03&quot;,&quot;type&quot;:&quot;event&quot;,&quot;permalink&quot;:&quot;https:\\\/\\\/www.humboldtforum.org\\\/en\\\/programm\\\/termin\\\/discourse\\\/how-not-to-increase-vaccination-willingness-34744\\\/&quot;,&quot;genre&quot;:[566,567,1079],&quot;genre_details&quot;:[{&quot;text&quot;:&quot;Discourse&quot;,&quot;id&quot;:566,&quot;icon&quot;:null,&quot;parent&quot;:0},{&quot;text&quot;:&quot;Science and Humanities&quot;,&quot;id&quot;:567,&quot;icon&quot;:null,&quot;parent&quot;:0},{&quot;text&quot;:&quot;Talk&quot;,&quot;id&quot;:1079,&quot;icon&quot;:null,&quot;parent&quot;:0}],&quot;digital&quot;:[873],&quot;digital_details&quot;:[{&quot;text&quot;:&quot;Livestream&quot;,&quot;id&quot;:873,&quot;icon&quot;:null,&quot;parent&quot;:0}],&quot;stakeholder&quot;:[592],&quot;stakeholder_details&quot;:[{&quot;text&quot;:&quot;Humboldt-Universit\\u00e4t zu Berlin&quot;,&quot;id&quot;:592,&quot;icon&quot;:null,&quot;parent&quot;:0}],&quot;editorialfilter&quot;:[1246,1247,1248,1249,1250,1251,1252],&quot;editorialfilter_details&quot;:[{&quot;text&quot;:&quot;Aktualit\\u00e4t&quot;,&quot;id&quot;:1246,&quot;icon&quot;:null,&quot;parent&quot;:0},{&quot;text&quot;:&quot;Buchpremiere&quot;,&quot;id&quot;:1247,&quot;icon&quot;:null,&quot;parent&quot;:0},{&quot;text&quot;:&quot;Gesellschaft&quot;,&quot;id&quot;:1248,&quot;icon&quot;:null,&quot;parent&quot;:0},{&quot;text&quot;:&quot;Impfbereitschaft&quot;,&quot;id&quot;:1249,&quot;icon&quot;:null,&quot;parent&quot;:0},{&quot;text&quot;:&quot;liberale Demokratien&quot;,&quot;id&quot;:1250,&quot;icon&quot;:null,&quot;parent&quot;:0},{&quot;text&quot;:&quot;Politik&quot;,&quot;id&quot;:1251,&quot;icon&quot;:null,&quot;parent&quot;:0},{&quot;text&quot;:&quot;Soziologie&quot;,&quot;id&quot;:1252,&quot;icon&quot;:null,&quot;parent&quot;:0}],&quot;targetgroup&quot;:[585],&quot;targetgroup_details&quot;:[{&quot;text&quot;:&quot;Adults&quot;,&quot;id&quot;:585,&quot;icon&quot;:null,&quot;parent&quot;:0}],&quot;language&quot;:[580],&quot;language_details&quot;:[{&quot;text&quot;:&quot;English&quot;,&quot;id&quot;:580,&quot;icon&quot;:null,&quot;parent&quot;:0}],&quot;accessability&quot;:[596],&quot;accessability_details&quot;:[{&quot;text&quot;:&quot;Accessible for wheelchairs&quot;,&quot;id&quot;:596,&quot;icon&quot;:null,&quot;parent&quot;:0}],&quot;place&quot;:[599],&quot;place_details&quot;:{&quot;place&quot;:&quot;Humboldt Forum&quot;,&quot;map&quot;:&quot;Humboldt Forum, Schlossplatz, Berlin&quot;,&quot;room&quot;:&quot;Humboldt Lab, 1st floor&quot;},&quot;icon_overwrite&quot;:&quot;&quot;,&quot;acf&quot;:{&quot;hashtag&quot;:&quot;HumboldtForum&quot;,&quot;keywords&quot;:&quot;&quot;,&quot;shorturl&quot;:&quot;&quot;,&quot;planning&quot;:{&quot;price&quot;:&quot;free of charge&quot;,&quot;admission&quot;:&quot;&quot;,&quot;pause&quot;:&quot;&quot;,&quot;duration&quot;:&quot;90&quot;},&quot;marketing_text&quot;:&quot;&quot;,&quot;shorttext&quot;:&quot;Current discussion on dealing with vaccination readiness in liberal societies. Renowned researchers present their current studies on the topic.&quot;,&quot;longtext&quot;:&quot;&quot;,&quot;use_video_in_teasers&quot;:false,&quot;alert_text&quot;:&quot;&quot;,&quot;hide_event_in_program&quot;:false,&quot;tickettext&quot;:&quot;Book your ticket online in advance.&quot;,&quot;infotext&quot;:&quot;Live on site and as livestream&quot;,&quot;noindex&quot;:false,&quot;belongsto&quot;:false,&quot;times&quot;:[],&quot;subline&quot;:&quot;What can Public Health learn from the Covid-19 vaccination campaign?&quot;,&quot;subline_feature&quot;:&quot;Panel discussion&quot;,&quot;additional_info&quot;:{&quot;icon&quot;:&quot;icon-contact&quot;,&quot;text&quot;:&quot;Event in English &quot;},&quot;highlight_header&quot;:false,&quot;featured_images&quot;:[25761],&quot;video&quot;:false,&quot;hyphenation&quot;:true,&quot;tipp&quot;:false,&quot;joker&quot;:true,&quot;live&quot;:true,&quot;yt&quot;:&quot;https:\\\/\\\/www.youtube.com\\\/watch?v=lxxWlMiTcVg&quot;,&quot;overwrite_date&quot;:&quot;&quot;},&quot;date&quot;:{&quot;NX&quot;:null,&quot;NXX&quot;:null,&quot;NLAST&quot;:&quot;202111081600&quot;,&quot;from_DATE&quot;:&quot;20211108 18:00&quot;,&quot;from&quot;:1636387200,&quot;to&quot;:1636387200,&quot;to_DATE&quot;:&quot;20211108 18:00&quot;,&quot;from_HRFSHORT&quot;:&quot; 8 Nov 2021&quot;,&quot;from_HRFSHORT_WD&quot;:&quot;Mon 08\\\/11\\\/2021&quot;,&quot;to_HRFSHORT&quot;:&quot; 8 Nov 2021&quot;,&quot;to_HRFSHORT_WD&quot;:&quot;Mon 08\\\/11\\\/2021&quot;,&quot;from_HRF&quot;:&quot;Mon,  8 November 2021&quot;,&quot;to_HRF&quot;:&quot;Mon,  8 November 2021&quot;,&quot;from_to_HRF&quot;:&quot;Mon,  8 November \\u2013 Mon,  8 November 2021&quot;,&quot;from_to_HRFSHORT&quot;:&quot; 8 Nov \\u2013  8 Nov 2021&quot;},&quot;alert&quot;:&quot;Livestream&quot;,&quot;partof&quot;:[],&quot;marketing_topic&quot;:&quot;&quot;}' inline-template>\n\t<a href=\"https:\/\/www.humboldtforum.org\/en\/programm\/termin\/discourse\/how-not-to-increase-vaccination-willingness-34744\/\" class=\"teaser teaser-event teaser-event-standard\">\n\t\t<div class=\"row\">\n\t\t\t<div class=\"col-xs-12 teaser-event-image\">\n\t\t\t\t<div class=\"teaser-image teaser-image-no-alternate\">\n\t\t\t\t\t\t\t\t\t\t\t\t\t<calendardateline :rawitem='item' :show-icon=\"true\" template=\"alert\" force-date=\"Livestream\"><\/calendardateline>\n\t\t\t\t\t\t\t\t\t\t\t\n\t<lazy-media-inline inline-template>\n\t\t<figure itemscope itemtype=\"http:\/\/schema.org\/ImageObject\" class=\"lazy-media-inline \" role=\"group\" id=\"media_69f4ef7e8f6d0\" aria-labelledby=\"desc_media_69f4ef7e8f6d0\">\n\t\t\t<script type=\"application\/json\" ref=\"data\">\n\t\t\t\t{\n\t\t\t\t\"sizes\" : {\"medium\":{\"file\":\"SHF_eb00104141-300x200.jpg\",\"width\":300,\"height\":200,\"mime-type\":\"image\\\/jpeg\"},\"large\":{\"file\":\"SHF_eb00104141-1024x682.jpg\",\"width\":1024,\"height\":682,\"mime-type\":\"image\\\/jpeg\"},\"thumbnail\":{\"file\":\"SHF_eb00104141-150x150.jpg\",\"width\":150,\"height\":150,\"mime-type\":\"image\\\/jpeg\"},\"medium_large\":{\"file\":\"SHF_eb00104141-768x512.jpg\",\"width\":768,\"height\":512,\"mime-type\":\"image\\\/jpeg\"},\"small\":{\"file\":\"SHF_eb00104141-440x293.jpg\",\"width\":440,\"height\":293,\"mime-type\":\"image\\\/jpeg\"},\"semi\":{\"file\":\"SHF_eb00104141-580x387.jpg\",\"width\":580,\"height\":387,\"mime-type\":\"image\\\/jpeg\"},\"mobile\":{\"file\":\"SHF_eb00104141-720x480.jpg\",\"width\":720,\"height\":480,\"mime-type\":\"image\\\/jpeg\"},\"hd\":{\"file\":\"SHF_eb00104141-1280x853.jpg\",\"width\":1280,\"height\":853,\"mime-type\":\"image\\\/jpeg\"},\"full\":{\"file\":\"SHF_eb00104141-1920x1280.jpg\",\"width\":1920,\"height\":1280,\"mime-type\":\"image\\\/jpeg\"},\"1536x1536\":{\"file\":\"SHF_eb00104141-1536x1024.jpg\",\"width\":1536,\"height\":1024,\"mime-type\":\"image\\\/jpeg\"},\"original\":{\"file\":\"SHF_eb00104141.jpg\",\"width\":2000,\"height\":1333}},\n\t\t\t\t\"alt\" : \"A person stands in front of a colorful, abstract light projection on a curtain.\",\n\t\t\t\t\"path\" : \"\\\/wp-content\\\/uploads\\\/2020\\\/10\\\/\",\n\t\t\t\t\"video\" : null,\n\t\t\t\t\"autoplay\" : null,\n\t\t\t\t\"youtube\" : null,\n\t\t\t\t\"youtubelabel\" : \"Play video\",\n\t\t\t\t\"brightness\" : 100,\n\t\t\t\t\"crop\" : {\"top\":\"50.00\",\"left\":\"50.00\"},\n\t\t\t\t\"background\" : true,\n\t\t\t\t\"scale\" : 2\t\t\t\t}\n\t\t\t<\/script>\n\n\t\t\t<div class=\"height-container\" style=\"padding-bottom:66.65%;\" v-if=\"sizes\">\n\t\t\t\t\t\t\t\t<lazy-media :inline=\"true\" :alt=\"alt\" :sizes=\"sizes\" :scale=\"scale\" :brightness=\"brightness\" :path=\"path\" :video=\"video\" :autoplay=\"autoplay\" :youtube=\"youtube\" :crop=\"crop\" :youtubelabel=\"youtubelabel\" :background=\"background\" media-id=\"desc_media_69f4ef7e8f6d0\"><\/lazy-media>\n\t\t\t\t\t\t\t<\/div>\n\n\t\t\t\t\t\t\t<figcaption class=\"sr-only\" ref=\"body\" id=\"desc_media_69f4ef7e8f6d0\">\n\t\t\t\t\t\t\t\t\t\t\t<div>Installation &quot;Fischschwarm&quot; im Humboldt Labor<\/div>\n\t\t\t\t\t\t\t\t\t\t\t\t\t\t\t\t\t\t\t\t\t<div class=\"insignificant\">\u00a9 Inside Outside, Petra Blaisse \/ schnellebuntebilder \/ Humboldt-Universit\u00e4t \/ Stiftung Humboldt Forum im Berlin Schloss, Photo: David von Becker<\/div>\n\t\t\t\t\t\t\t\t\t<\/figcaption>\n\t\t\t\t\t<\/figure>\n\t<\/lazy-media-inline>\n\t\t\t\t<\/div>\n\t\t\t<\/div>\n\t\t\t<div class=\"col-xs-12 teaser-event-text Infos\">\n\t\t\t\t<div class=\"teaser-event-standard-text\">\n\t\t\t\t\t<div class=\"margin-bottom-atom\">\n\t\t\t\t\t\t<div class=\"subline clamp-1\" v-html=\"maingenre\"><\/div>\n\t\t\t\t\t\t\t\t\t\t\t<\/div>\n\t\t\t\t\n\t\t\t\t\t<strong class=\"margin-bottom-atom\">How (not) to increase vaccination willingness<\/strong>\n\n\t\t\t\t\t\t\t\t\t\t\t<div class=\"\">What can Public Health learn from the Covid-19 vaccination campaign?<\/div>\n\t\t\t\t\t\t\t\t\t<\/div>\n\t\t\t\t<div class=\"teaser-bottom border-bottom\">\n\t\t\t\t<calendardateline :rawitem='item' :show-icon=\"true\"><\/calendardateline>\n\t\t\t\t\t<hr>\n\t\t\t\t<\/div>\n\t\t\t<\/div>\n\t\t<\/div>\n\t<\/a>\n\t<\/calendarteaser>\n<\/li>\n\n<li class=\"col-xs-6 col-sm-4 col-md-3 teaser-wrapper col-padding-remove\">\n\t<calendarteaser key=\"3369415070\" rawitem='{&quot;postId&quot;:33694,&quot;title&quot;:&quot;One object, many questions&quot;,&quot;excerpt&quot;:&quot;&quot;,&quot;slug&quot;:&quot;one-object-many-questions-2&quot;,&quot;post_date&quot;:&quot;2021-10-06T14:08&quot;,&quot;type&quot;:&quot;event&quot;,&quot;permalink&quot;:&quot;https:\\\/\\\/www.humboldtforum.org\\\/en\\\/programm\\\/termin\\\/discourse\\\/one-object-many-questions-2-33694\\\/&quot;,&quot;genre&quot;:[566],&quot;genre_details&quot;:[{&quot;text&quot;:&quot;Discourse&quot;,&quot;id&quot;:566,&quot;icon&quot;:null,&quot;parent&quot;:0}],&quot;digital&quot;:[873],&quot;digital_details&quot;:[{&quot;text&quot;:&quot;Livestream&quot;,&quot;id&quot;:873,&quot;icon&quot;:null,&quot;parent&quot;:0}],&quot;stakeholder&quot;:[593],&quot;stakeholder_details&quot;:[{&quot;text&quot;:&quot;Kulturprojekte Berlin \\\/ Stadtmuseum Berlin&quot;,&quot;id&quot;:593,&quot;icon&quot;:null,&quot;parent&quot;:0}],&quot;targetgroup&quot;:[585],&quot;targetgroup_details&quot;:[{&quot;text&quot;:&quot;Adults&quot;,&quot;id&quot;:585,&quot;icon&quot;:null,&quot;parent&quot;:0}],&quot;language&quot;:[579],&quot;language_details&quot;:[{&quot;text&quot;:&quot;German&quot;,&quot;id&quot;:579,&quot;icon&quot;:null,&quot;parent&quot;:0}],&quot;place&quot;:[598],&quot;place_details&quot;:{&quot;place&quot;:&quot;Humboldt Forum&quot;,&quot;map&quot;:&quot;Humboldt Forum, Schlossplatz, Berlin&quot;,&quot;room&quot;:&quot;Berlin Exhibition, 1st floor&quot;},&quot;icon_overwrite&quot;:&quot;&quot;,&quot;acf&quot;:{&quot;hashtag&quot;:&quot;HumboldtForum&quot;,&quot;keywords&quot;:&quot;&quot;,&quot;shorturl&quot;:&quot;&quot;,&quot;planning&quot;:{&quot;price&quot;:&quot;10 EUR&quot;,&quot;admission&quot;:&quot;&quot;,&quot;pause&quot;:&quot;&quot;,&quot;duration&quot;:&quot;60&quot;},&quot;tickettext&quot;:&quot;Book your ticket in advance online or at the box office in the Foyer.&quot;,&quot;use_video_in_teasers&quot;:false,&quot;hide_event_in_program&quot;:false,&quot;belongsto&quot;:[53820],&quot;noindex&quot;:false,&quot;times&quot;:[],&quot;subline&quot;:&quot;SORRYFORNOTHING&quot;,&quot;additional_info&quot;:{&quot;icon&quot;:&quot;icon-youtube&quot;,&quot;text&quot;:&quot;You can also follow the event digitally via the livestream on YouTube or via Zoom (German, English translation, German Sign Language and English subtitles).&quot;},&quot;highlight_header&quot;:false,&quot;featured_images&quot;:[33665],&quot;hyphenation&quot;:true,&quot;tipp&quot;:false,&quot;joker&quot;:false,&quot;live&quot;:true,&quot;yt&quot;:&quot;https:\\\/\\\/www.youtube.com\\\/watch?v=N3lcRhcYQbU&quot;,&quot;subline_feature&quot;:&quot;mit Philip Kojo Metz&quot;,&quot;events&quot;:[]},&quot;date&quot;:{&quot;NX&quot;:null,&quot;NXX&quot;:null,&quot;NLAST&quot;:&quot;202110271400&quot;,&quot;from_DATE&quot;:&quot;20211027 18:00&quot;,&quot;from&quot;:1635343200,&quot;to&quot;:1635343200,&quot;to_DATE&quot;:&quot;20211027 18:00&quot;,&quot;from_HRFSHORT&quot;:&quot;27 Oct 2021&quot;,&quot;from_HRFSHORT_WD&quot;:&quot;Wed 27\\\/10\\\/2021&quot;,&quot;to_HRFSHORT&quot;:&quot;27 Oct 2021&quot;,&quot;to_HRFSHORT_WD&quot;:&quot;Wed 27\\\/10\\\/2021&quot;,&quot;from_HRF&quot;:&quot;Wed, 27 October 2021&quot;,&quot;to_HRF&quot;:&quot;Wed, 27 October 2021&quot;,&quot;from_to_HRF&quot;:&quot;Wed, 27 October \\u2013 Wed, 27 October 2021&quot;,&quot;from_to_HRFSHORT&quot;:&quot;27 Oct \\u2013 27 Oct 2021&quot;},&quot;alert&quot;:&quot;Livestream&quot;,&quot;partof&quot;:[53820],&quot;marketing_topic&quot;:{&quot;title&quot;:&quot;One Object, Many Questions&quot;,&quot;ID&quot;:53820,&quot;reason&quot;:&quot;sequence&quot;}}' inline-template>\n\t<a href=\"https:\/\/www.humboldtforum.org\/en\/programm\/termin\/discourse\/one-object-many-questions-2-33694\/\" class=\"teaser teaser-event teaser-event-standard\">\n\t\t<div class=\"row\">\n\t\t\t<div class=\"col-xs-12 teaser-event-image\">\n\t\t\t\t<div class=\"teaser-image teaser-image-no-alternate\">\n\t\t\t\t\t\t\t\t\t\t\t\t\t<calendardateline :rawitem='item' :show-icon=\"true\" template=\"alert\" force-date=\"Livestream\"><\/calendardateline>\n\t\t\t\t\t\t\t\t\t\t\t\n\t<lazy-media-inline inline-template>\n\t\t<figure itemscope itemtype=\"http:\/\/schema.org\/ImageObject\" class=\"lazy-media-inline \" role=\"group\" id=\"media_69f4ef7e90f10\" aria-labelledby=\"desc_media_69f4ef7e90f10\">\n\t\t\t<script type=\"application\/json\" ref=\"data\">\n\t\t\t\t{\n\t\t\t\t\"sizes\" : {\"medium\":{\"file\":\"SHF_eb00120743-300x200.jpg\",\"width\":300,\"height\":200,\"mime-type\":\"image\\\/jpeg\"},\"large\":{\"file\":\"SHF_eb00120743-1024x683.jpg\",\"width\":1024,\"height\":683,\"mime-type\":\"image\\\/jpeg\"},\"thumbnail\":{\"file\":\"SHF_eb00120743-150x150.jpg\",\"width\":150,\"height\":150,\"mime-type\":\"image\\\/jpeg\"},\"medium_large\":{\"file\":\"SHF_eb00120743-768x512.jpg\",\"width\":768,\"height\":512,\"mime-type\":\"image\\\/jpeg\"},\"small\":{\"file\":\"SHF_eb00120743-440x293.jpg\",\"width\":440,\"height\":293,\"mime-type\":\"image\\\/jpeg\"},\"semi\":{\"file\":\"SHF_eb00120743-580x387.jpg\",\"width\":580,\"height\":387,\"mime-type\":\"image\\\/jpeg\"},\"mobile\":{\"file\":\"SHF_eb00120743-720x480.jpg\",\"width\":720,\"height\":480,\"mime-type\":\"image\\\/jpeg\"},\"original\":{\"file\":\"SHF_eb00120743.jpg\",\"width\":1080,\"height\":720}},\n\t\t\t\t\"alt\" : \"People are working on a large wooden box, some are on a ladder while others watch in an exhibition space.\",\n\t\t\t\t\"path\" : \"\\\/wp-content\\\/uploads\\\/2021\\\/10\\\/\",\n\t\t\t\t\"video\" : null,\n\t\t\t\t\"autoplay\" : null,\n\t\t\t\t\"youtube\" : null,\n\t\t\t\t\"youtubelabel\" : \"Play video\",\n\t\t\t\t\"brightness\" : 100,\n\t\t\t\t\"crop\" : {\"top\":\"50.00\",\"left\":\"50.00\"},\n\t\t\t\t\"background\" : true,\n\t\t\t\t\"scale\" : 2\t\t\t\t}\n\t\t\t<\/script>\n\n\t\t\t<div class=\"height-container\" style=\"padding-bottom:66.666666666667%;\" v-if=\"sizes\">\n\t\t\t\t\t\t\t\t<lazy-media :inline=\"true\" :alt=\"alt\" :sizes=\"sizes\" :scale=\"scale\" :brightness=\"brightness\" :path=\"path\" :video=\"video\" :autoplay=\"autoplay\" :youtube=\"youtube\" :crop=\"crop\" :youtubelabel=\"youtubelabel\" :background=\"background\" media-id=\"desc_media_69f4ef7e90f10\"><\/lazy-media>\n\t\t\t\t\t\t\t<\/div>\n\n\t\t\t\t\t\t\t<figcaption class=\"sr-only\" ref=\"body\" id=\"desc_media_69f4ef7e90f10\">\n\t\t\t\t\t\t\t\t\t\t\t<div>Das Kunstwerk SORRYFORNOTHING im Aufbau <\/div>\n\t\t\t\t\t\t\t\t\t\t\t\t\t\t\t\t\t\t\t\t\t<div class=\"insignificant\">\u00a9 Kulturprojekte Berlin und Stadtmuseum Berlin | Foto: Louisa M. Summer<\/div>\n\t\t\t\t\t\t\t\t\t<\/figcaption>\n\t\t\t\t\t<\/figure>\n\t<\/lazy-media-inline>\n\t\t\t\t<\/div>\n\t\t\t<\/div>\n\t\t\t<div class=\"col-xs-12 teaser-event-text Infos\">\n\t\t\t\t<div class=\"teaser-event-standard-text\">\n\t\t\t\t\t<div class=\"margin-bottom-atom\">\n\t\t\t\t\t\t<div class=\"subline clamp-1\" v-html=\"maingenre\"><\/div>\n\t\t\t\t\t\t\t\t\t\t\t\t\t<div class=\"insignificant clamp-2\">One Object, Many Questions<\/div>\n\t\t\t\t\t\t\t\t\t\t\t<\/div>\n\t\t\t\t\n\t\t\t\t\t<strong class=\"margin-bottom-atom\">One object, many questions<\/strong>\n\n\t\t\t\t\t\t\t\t\t\t\t<div class=\"\">SORRYFORNOTHING<\/div>\n\t\t\t\t\t\t\t\t\t<\/div>\n\t\t\t\t<div class=\"teaser-bottom border-bottom\">\n\t\t\t\t<calendardateline :rawitem='item' :show-icon=\"true\"><\/calendardateline>\n\t\t\t\t\t<hr>\n\t\t\t\t<\/div>\n\t\t\t<\/div>\n\t\t<\/div>\n\t<\/a>\n\t<\/calendarteaser>\n<\/li>\n\n<li class=\"col-xs-6 col-sm-4 col-md-3 teaser-wrapper col-padding-remove\">\n\t<calendarteaser key=\"3141710333\" rawitem='{&quot;postId&quot;:31417,&quot;title&quot;:&quot;Top Down Memory&quot;,&quot;excerpt&quot;:&quot;How is history written? Who writes \\&quot;our\\&quot; history?&quot;,&quot;slug&quot;:&quot;top-down-memory&quot;,&quot;post_date&quot;:&quot;2021-09-13T14:58&quot;,&quot;type&quot;:&quot;event&quot;,&quot;permalink&quot;:&quot;https:\\\/\\\/www.humboldtforum.org\\\/en\\\/programm\\\/termin\\\/discourse\\\/top-down-memory-31417\\\/&quot;,&quot;genre&quot;:[566,803],&quot;genre_details&quot;:[{&quot;text&quot;:&quot;Discourse&quot;,&quot;id&quot;:566,&quot;icon&quot;:null,&quot;parent&quot;:0},{&quot;text&quot;:&quot;Film\\\/Video&quot;,&quot;id&quot;:803,&quot;icon&quot;:null,&quot;parent&quot;:0}],&quot;digital&quot;:[873],&quot;digital_details&quot;:[{&quot;text&quot;:&quot;Livestream&quot;,&quot;id&quot;:873,&quot;icon&quot;:null,&quot;parent&quot;:0}],&quot;stakeholder&quot;:[593],&quot;stakeholder_details&quot;:[{&quot;text&quot;:&quot;Kulturprojekte Berlin \\\/ Stadtmuseum Berlin&quot;,&quot;id&quot;:593,&quot;icon&quot;:null,&quot;parent&quot;:0}],&quot;targetgroup&quot;:[585],&quot;targetgroup_details&quot;:[{&quot;text&quot;:&quot;Adults&quot;,&quot;id&quot;:585,&quot;icon&quot;:null,&quot;parent&quot;:0}],&quot;language&quot;:[580,579],&quot;language_details&quot;:[{&quot;text&quot;:&quot;English&quot;,&quot;id&quot;:580,&quot;icon&quot;:null,&quot;parent&quot;:0},{&quot;text&quot;:&quot;German&quot;,&quot;id&quot;:579,&quot;icon&quot;:null,&quot;parent&quot;:0}],&quot;icon_overwrite&quot;:&quot;&quot;,&quot;acf&quot;:{&quot;hashtag&quot;:&quot;HumboldtForum&quot;,&quot;keywords&quot;:&quot;&quot;,&quot;shorturl&quot;:&quot;&quot;,&quot;planning&quot;:{&quot;price&quot;:&quot;free admission&quot;,&quot;admission&quot;:&quot;&quot;,&quot;pause&quot;:&quot;&quot;,&quot;duration&quot;:&quot;90&quot;},&quot;marketing_text&quot;:&quot;How is history written? Who writes \\&quot;our\\&quot; history?&quot;,&quot;shorttext&quot;:&quot;How is history written? Who writes \\&quot;our\\&quot; history?&quot;,&quot;longtext&quot;:&quot;&quot;,&quot;tickettext&quot;:&quot;no ticket necessary &quot;,&quot;use_video_in_teasers&quot;:false,&quot;alert_text&quot;:&quot;&quot;,&quot;overwrite_date&quot;:&quot;&quot;,&quot;hide_event_in_program&quot;:false,&quot;belongsto&quot;:[16471],&quot;noindex&quot;:false,&quot;times&quot;:[],&quot;subline&quot;:&quot;&quot;,&quot;subline_feature&quot;:&quot;&quot;,&quot;additional_info&quot;:{&quot;icon&quot;:&quot;icon-youtube&quot;,&quot;text&quot;:&quot;The event will take place digitally via YouTube and Zoom.&quot;},&quot;highlight_header&quot;:false,&quot;featured_images&quot;:[31378],&quot;video&quot;:false,&quot;hyphenation&quot;:false,&quot;tipp&quot;:false,&quot;joker&quot;:false,&quot;live&quot;:true,&quot;announcement&quot;:&quot;&quot;,&quot;yt&quot;:&quot;https:\\\/\\\/www.youtube.com\\\/watch?v=zDBT7ck4yYE&quot;},&quot;date&quot;:{&quot;NX&quot;:null,&quot;NXX&quot;:null,&quot;NLAST&quot;:&quot;202110081400&quot;,&quot;from_DATE&quot;:&quot;20211008 18:00&quot;,&quot;from&quot;:1633701600,&quot;to&quot;:1633701600,&quot;to_DATE&quot;:&quot;20211008 18:00&quot;,&quot;from_HRFSHORT&quot;:&quot; 8 Oct 2021&quot;,&quot;from_HRFSHORT_WD&quot;:&quot;Fri 08\\\/10\\\/2021&quot;,&quot;to_HRFSHORT&quot;:&quot; 8 Oct 2021&quot;,&quot;to_HRFSHORT_WD&quot;:&quot;Fri 08\\\/10\\\/2021&quot;,&quot;from_HRF&quot;:&quot;Fri,  8 October 2021&quot;,&quot;to_HRF&quot;:&quot;Fri,  8 October 2021&quot;,&quot;from_to_HRF&quot;:&quot;Fri,  8 October \\u2013 Fri,  8 October 2021&quot;,&quot;from_to_HRFSHORT&quot;:&quot; 8 Oct \\u2013  8 Oct 2021&quot;},&quot;alert&quot;:&quot;Livestream&quot;,&quot;partof&quot;:[],&quot;marketing_topic&quot;:{&quot;title&quot;:&quot;BERLIN GLOBAL&quot;,&quot;ID&quot;:16471,&quot;reason&quot;:&quot;belongsto&quot;}}' inline-template>\n\t<a href=\"https:\/\/www.humboldtforum.org\/en\/programm\/termin\/discourse\/top-down-memory-31417\/\" class=\"teaser teaser-event teaser-event-standard\">\n\t\t<div class=\"row\">\n\t\t\t<div class=\"col-xs-12 teaser-event-image\">\n\t\t\t\t<div class=\"teaser-image teaser-image-no-alternate\">\n\t\t\t\t\t\t\t\t\t\t\t\t\t<calendardateline :rawitem='item' :show-icon=\"true\" template=\"alert\" force-date=\"Livestream\"><\/calendardateline>\n\t\t\t\t\t\t\t\t\t\t\t\n\t<lazy-media-inline inline-template>\n\t\t<figure itemscope itemtype=\"http:\/\/schema.org\/ImageObject\" class=\"lazy-media-inline \" role=\"group\" id=\"media_69f4ef7e929b0\" aria-labelledby=\"desc_media_69f4ef7e929b0\">\n\t\t\t<script type=\"application\/json\" ref=\"data\">\n\t\t\t\t{\n\t\t\t\t\"sizes\" : {\"medium\":{\"file\":\"Filmstill_16_9_2-300x169.jpg\",\"width\":300,\"height\":169,\"mime-type\":\"image\\\/jpeg\"},\"large\":{\"file\":\"Filmstill_16_9_2-1024x576.jpg\",\"width\":1024,\"height\":576,\"mime-type\":\"image\\\/jpeg\"},\"thumbnail\":{\"file\":\"Filmstill_16_9_2-150x150.jpg\",\"width\":150,\"height\":150,\"mime-type\":\"image\\\/jpeg\"},\"medium_large\":{\"file\":\"Filmstill_16_9_2-768x432.jpg\",\"width\":768,\"height\":432,\"mime-type\":\"image\\\/jpeg\"},\"small\":{\"file\":\"Filmstill_16_9_2-440x248.jpg\",\"width\":440,\"height\":248,\"mime-type\":\"image\\\/jpeg\"},\"semi\":{\"file\":\"Filmstill_16_9_2-580x326.jpg\",\"width\":580,\"height\":326,\"mime-type\":\"image\\\/jpeg\"},\"mobile\":{\"file\":\"Filmstill_16_9_2-720x405.jpg\",\"width\":720,\"height\":405,\"mime-type\":\"image\\\/jpeg\"},\"hd\":{\"file\":\"Filmstill_16_9_2-1280x720.jpg\",\"width\":1280,\"height\":720,\"mime-type\":\"image\\\/jpeg\"},\"1536x1536\":{\"file\":\"Filmstill_16_9_2-1536x864.jpg\",\"width\":1536,\"height\":864,\"mime-type\":\"image\\\/jpeg\"},\"original\":{\"file\":\"Filmstill_16_9_2.jpg\",\"width\":1909,\"height\":1074}},\n\t\t\t\t\"alt\" : \"Person with an orange mask holding a flag stands on a balcony.\",\n\t\t\t\t\"path\" : \"\\\/wp-content\\\/uploads\\\/2021\\\/09\\\/\",\n\t\t\t\t\"video\" : null,\n\t\t\t\t\"autoplay\" : null,\n\t\t\t\t\"youtube\" : null,\n\t\t\t\t\"youtubelabel\" : \"Play video\",\n\t\t\t\t\"brightness\" : 100,\n\t\t\t\t\"crop\" : {\"top\":\"44.10\",\"left\":\"74.67\"},\n\t\t\t\t\"background\" : true,\n\t\t\t\t\"scale\" : 2\t\t\t\t}\n\t\t\t<\/script>\n\n\t\t\t<div class=\"height-container\" style=\"padding-bottom:56.259821896281%;\" v-if=\"sizes\">\n\t\t\t\t\t\t\t\t<lazy-media :inline=\"true\" :alt=\"alt\" :sizes=\"sizes\" :scale=\"scale\" :brightness=\"brightness\" :path=\"path\" :video=\"video\" :autoplay=\"autoplay\" :youtube=\"youtube\" :crop=\"crop\" :youtubelabel=\"youtubelabel\" :background=\"background\" media-id=\"desc_media_69f4ef7e929b0\"><\/lazy-media>\n\t\t\t\t\t\t\t<\/div>\n\n\t\t\t\t\t\t\t<figcaption class=\"sr-only\" ref=\"body\" id=\"desc_media_69f4ef7e929b0\">\n\t\t\t\t\t\t\t\t\t\t\t<div>Filmstill &quot;Top Down Memory&quot;<\/div>\n\t\t\t\t\t\t\t\t\t\t\t\t\t\t\t\t\t\t\t\t\t<div class=\"insignificant\">\u00a9 Daniel Theiler<\/div>\n\t\t\t\t\t\t\t\t\t<\/figcaption>\n\t\t\t\t\t<\/figure>\n\t<\/lazy-media-inline>\n\t\t\t\t<\/div>\n\t\t\t<\/div>\n\t\t\t<div class=\"col-xs-12 teaser-event-text Infos\">\n\t\t\t\t<div class=\"teaser-event-standard-text\">\n\t\t\t\t\t<div class=\"margin-bottom-atom\">\n\t\t\t\t\t\t<div class=\"subline clamp-1\" v-html=\"maingenre\"><\/div>\n\t\t\t\t\t\t\t\t\t\t\t\t\t<div class=\"insignificant clamp-2\">BERLIN GLOBAL<\/div>\n\t\t\t\t\t\t\t\t\t\t\t<\/div>\n\t\t\t\t\n\t\t\t\t\t<strong class=\"margin-bottom-atom\">Top Down Memory<\/strong>\n\n\t\t\t\t\t\t\t\t\t\t\t<div class=\"\">How is history written? Who writes &#8220;our&#8221; history?<\/div>\n\t\t\t\t\t\t\t\t\t<\/div>\n\t\t\t\t<div class=\"teaser-bottom border-bottom\">\n\t\t\t\t<calendardateline :rawitem='item' :show-icon=\"true\"><\/calendardateline>\n\t\t\t\t\t<hr>\n\t\t\t\t<\/div>\n\t\t\t<\/div>\n\t\t<\/div>\n\t<\/a>\n\t<\/calendarteaser>\n<\/li>\n\n<li class=\"col-xs-6 col-sm-4 col-md-3 teaser-wrapper col-padding-remove\">\n\t<calendarteaser key=\"3149311995\" rawitem='{&quot;postId&quot;:31493,&quot;title&quot;:&quot;Ceremony&quot;,&quot;excerpt&quot;:&quot;On Wednesday, 22 September 2021 at 11 am, we will open the exhibitions in an official ceremony with speeches by Federal President Frank-Walter Steinmeier, Minister of State for Culture and Media Monika Gr\\u00fctters and author Chimamanda Ngozi Adichie&quot;,&quot;slug&quot;:&quot;ceremony&quot;,&quot;post_date&quot;:&quot;2021-09-14T11:25&quot;,&quot;type&quot;:&quot;event&quot;,&quot;permalink&quot;:&quot;https:\\\/\\\/www.humboldtforum.org\\\/en\\\/programm\\\/termin\\\/opening\\\/ceremony-31493\\\/&quot;,&quot;genre&quot;:[568],&quot;genre_details&quot;:[{&quot;text&quot;:&quot;Opening&quot;,&quot;id&quot;:568,&quot;icon&quot;:null,&quot;parent&quot;:0}],&quot;digital&quot;:[873],&quot;digital_details&quot;:[{&quot;text&quot;:&quot;Livestream&quot;,&quot;id&quot;:873,&quot;icon&quot;:null,&quot;parent&quot;:0}],&quot;stakeholder&quot;:[594,595],&quot;stakeholder_details&quot;:[{&quot;text&quot;:&quot;Staatliche Museen zu Berlin&quot;,&quot;id&quot;:594,&quot;icon&quot;:null,&quot;parent&quot;:0},{&quot;text&quot;:&quot;Stiftung Humboldt Forum im Berliner Schloss&quot;,&quot;id&quot;:595,&quot;icon&quot;:null,&quot;parent&quot;:0}],&quot;targetgroup&quot;:[585],&quot;targetgroup_details&quot;:[{&quot;text&quot;:&quot;Adults&quot;,&quot;id&quot;:585,&quot;icon&quot;:null,&quot;parent&quot;:0}],&quot;language&quot;:[580,579,736],&quot;language_details&quot;:[{&quot;text&quot;:&quot;English&quot;,&quot;id&quot;:580,&quot;icon&quot;:null,&quot;parent&quot;:0},{&quot;text&quot;:&quot;German&quot;,&quot;id&quot;:579,&quot;icon&quot;:null,&quot;parent&quot;:0},{&quot;text&quot;:&quot;German Sign Language&quot;,&quot;id&quot;:736,&quot;icon&quot;:null,&quot;parent&quot;:0}],&quot;place&quot;:[605],&quot;place_details&quot;:{&quot;place&quot;:&quot;Humboldt Forum&quot;,&quot;map&quot;:&quot;Humboldt Forum, Schlossplatz, Berlin&quot;,&quot;room&quot;:&quot;Online event&quot;},&quot;icon_overwrite&quot;:&quot;&quot;,&quot;acf&quot;:{&quot;hashtag&quot;:&quot;HumboldtForum&quot;,&quot;shorturl&quot;:&quot;&quot;,&quot;keywords&quot;:&quot;&quot;,&quot;planning&quot;:{&quot;price&quot;:&quot;&quot;,&quot;admission&quot;:&quot;&quot;,&quot;pause&quot;:&quot;&quot;,&quot;duration&quot;:&quot;&quot;},&quot;marketing_text&quot;:&quot;with Frank-Walter Steinmeier, Monika Gr\\u00fctters and Chimamanda Ngozi Adichie &quot;,&quot;shorttext&quot;:&quot;On Wednesday, 22 September 2021 at 11 am, we will open the exhibitions in an official ceremony with speeches by Federal President Frank-Walter Steinmeier, Minister of State for Culture and Media Monika Gr\\u00fctters and author Chimamanda Ngozi Adichie&quot;,&quot;longtext&quot;:&quot;&quot;,&quot;use_video_in_teasers&quot;:true,&quot;alert_text&quot;:&quot;&quot;,&quot;overwrite_date&quot;:&quot;&quot;,&quot;hide_event_in_program&quot;:false,&quot;video_brightness&quot;:&quot;100&quot;,&quot;belongsto&quot;:[31568],&quot;noindex&quot;:false,&quot;times&quot;:[],&quot;subline&quot;:&quot;for the Opening of the Ethnologisches Museum and the Museum f\\u00fcr Asiatische Kunst&quot;,&quot;subline_feature&quot;:&quot;&quot;,&quot;additional_info&quot;:{&quot;icon&quot;:&quot;icon-play&quot;,&quot;text&quot;:&quot;The livestream will start shortly before the ceremony begins.&quot;},&quot;highlight_header&quot;:false,&quot;featured_images&quot;:[31398],&quot;video&quot;:31396,&quot;hyphenation&quot;:true,&quot;tipp&quot;:false,&quot;joker&quot;:false,&quot;live&quot;:true,&quot;announcement&quot;:&quot;&quot;,&quot;yt&quot;:&quot;https:\\\/\\\/www.youtube.com\\\/watch?v=toL5gbOK__4&quot;,&quot;infotext&quot;:&quot;Der Livestream startet kurz vor Beginn des Festaktes.&quot;},&quot;date&quot;:{&quot;NX&quot;:null,&quot;NXX&quot;:null,&quot;NLAST&quot;:&quot;202109220700&quot;,&quot;from_DATE&quot;:&quot;20210922 11:00&quot;,&quot;from&quot;:1632294000,&quot;to&quot;:1632294000,&quot;to_DATE&quot;:&quot;20210922 11:00&quot;,&quot;from_HRFSHORT&quot;:&quot;22 Sep 2021&quot;,&quot;from_HRFSHORT_WD&quot;:&quot;Wed 22\\\/09\\\/2021&quot;,&quot;to_HRFSHORT&quot;:&quot;22 Sep 2021&quot;,&quot;to_HRFSHORT_WD&quot;:&quot;Wed 22\\\/09\\\/2021&quot;,&quot;from_HRF&quot;:&quot;Wed, 22 September 2021&quot;,&quot;to_HRF&quot;:&quot;Wed, 22 September 2021&quot;,&quot;from_to_HRF&quot;:&quot;Wed, 22 September \\u2013 Wed, 22 September 2021&quot;,&quot;from_to_HRFSHORT&quot;:&quot;22 Sep \\u2013 22 Sep 2021&quot;},&quot;alert&quot;:&quot;Livestream&quot;,&quot;partof&quot;:[],&quot;marketing_topic&quot;:{&quot;title&quot;:&quot;Ethnologisches Museum and Museum f\\u00fcr Asiatische Kunst&quot;,&quot;ID&quot;:31568,&quot;reason&quot;:&quot;belongsto&quot;}}' inline-template>\n\t<a href=\"https:\/\/www.humboldtforum.org\/en\/programm\/termin\/opening\/ceremony-31493\/\" class=\"teaser teaser-event teaser-event-standard\">\n\t\t<div class=\"row\">\n\t\t\t<div class=\"col-xs-12 teaser-event-image\">\n\t\t\t\t<div class=\"teaser-image teaser-image-no-alternate\">\n\t\t\t\t\t\t\t\t\t\t\t\t\t<calendardateline :rawitem='item' :show-icon=\"true\" template=\"alert\" force-date=\"Livestream\"><\/calendardateline>\n\t\t\t\t\t\t\t\t\t\t\t\n\t<lazy-media-inline inline-template>\n\t\t<figure itemscope itemtype=\"http:\/\/schema.org\/ImageObject\" class=\"lazy-media-inline \" role=\"group\" id=\"media_69f4ef7e948b2\" aria-labelledby=\"desc_media_69f4ef7e948b2\">\n\t\t\t<script type=\"application\/json\" ref=\"data\">\n\t\t\t\t{\n\t\t\t\t\"sizes\" : {\"medium\":{\"file\":\"210910_HF_Mosaik_Web_A_16_9.mp4.00_00_00_00.Still001-300x169.jpg\",\"width\":300,\"height\":169,\"mime-type\":\"image\\\/jpeg\"},\"large\":{\"file\":\"210910_HF_Mosaik_Web_A_16_9.mp4.00_00_00_00.Still001-1024x576.jpg\",\"width\":1024,\"height\":576,\"mime-type\":\"image\\\/jpeg\"},\"thumbnail\":{\"file\":\"210910_HF_Mosaik_Web_A_16_9.mp4.00_00_00_00.Still001-150x150.jpg\",\"width\":150,\"height\":150,\"mime-type\":\"image\\\/jpeg\"},\"medium_large\":{\"file\":\"210910_HF_Mosaik_Web_A_16_9.mp4.00_00_00_00.Still001-768x432.jpg\",\"width\":768,\"height\":432,\"mime-type\":\"image\\\/jpeg\"},\"small\":{\"file\":\"210910_HF_Mosaik_Web_A_16_9.mp4.00_00_00_00.Still001-440x248.jpg\",\"width\":440,\"height\":248,\"mime-type\":\"image\\\/jpeg\"},\"semi\":{\"file\":\"210910_HF_Mosaik_Web_A_16_9.mp4.00_00_00_00.Still001-580x326.jpg\",\"width\":580,\"height\":326,\"mime-type\":\"image\\\/jpeg\"},\"mobile\":{\"file\":\"210910_HF_Mosaik_Web_A_16_9.mp4.00_00_00_00.Still001-720x405.jpg\",\"width\":720,\"height\":405,\"mime-type\":\"image\\\/jpeg\"},\"hd\":{\"file\":\"210910_HF_Mosaik_Web_A_16_9.mp4.00_00_00_00.Still001-1280x720.jpg\",\"width\":1280,\"height\":720,\"mime-type\":\"image\\\/jpeg\"},\"1536x1536\":{\"file\":\"210910_HF_Mosaik_Web_A_16_9.mp4.00_00_00_00.Still001-1536x864.jpg\",\"width\":1536,\"height\":864,\"mime-type\":\"image\\\/jpeg\"},\"original\":{\"file\":\"210910_HF_Mosaik_Web_A_16_9.mp4.00_00_00_00.Still001.jpg\",\"width\":1920,\"height\":1080}},\n\t\t\t\t\"alt\" : \"An ancient sculpture motif against a colorful background with geometric shapes.\",\n\t\t\t\t\"path\" : \"\\\/wp-content\\\/uploads\\\/2021\\\/09\\\/\",\n\t\t\t\t\"video\" : null,\n\t\t\t\t\"autoplay\" : \"https:\\\/\\\/www.humboldtforum.org\\\/wp-content\\\/uploads\\\/2021\\\/09\\\/210910_HF_Mosaik_Web_A_16_9.mp4\",\n\t\t\t\t\"youtube\" : null,\n\t\t\t\t\"youtubelabel\" : \"Play video\",\n\t\t\t\t\"brightness\" : 100,\n\t\t\t\t\"crop\" : {\"top\":\"50.00\",\"left\":\"50.00\"},\n\t\t\t\t\"background\" : true,\n\t\t\t\t\"scale\" : 2\t\t\t\t}\n\t\t\t<\/script>\n\n\t\t\t<div class=\"height-container\" style=\"padding-bottom:56.25%;\" v-if=\"sizes\">\n\t\t\t\t\t\t\t\t<lazy-media :inline=\"true\" :alt=\"alt\" :sizes=\"sizes\" :scale=\"scale\" :brightness=\"brightness\" :path=\"path\" :video=\"video\" :autoplay=\"autoplay\" :youtube=\"youtube\" :crop=\"crop\" :youtubelabel=\"youtubelabel\" :background=\"background\" media-id=\"desc_media_69f4ef7e948b2\"><\/lazy-media>\n\t\t\t\t\t\t\t<\/div>\n\n\t\t\t\t\t\t\t<figcaption class=\"sr-only\" ref=\"body\" id=\"desc_media_69f4ef7e948b2\">\n\t\t\t\t\t\t\t\t\t\t\t\t\t\t\t\t\t\t\t\t\t<div class=\"insignificant\">\u00a9 1 Vishnu: Staatliche Museen zu Berlin, Museum f\u00fcr Asiatische Kunst; Stiftung Humboldt Forum im Berliner Schloss \/ digitale Reproduktion: Jester Blank GbR; 2 Sope: SMB, Ethnologisches Museum \/ Claudia Obrocki; SHF; 3 Chibinda Illunga: SMB, Ethnologisches Museum \/ Claudia Obrocki; SHF; 4 Salzgef\u00e4\u00df: SMB, Ethnologisches Museum \/ Martin Franken; SHF; 5 Wuzhiqi: SMB, Museum f\u00fcr Asiatische Kunst; SHF; 6 Uli-Figur: SMB, Ethnologisches Museum \/ Martin Franken; SHF<\/div>\n\t\t\t\t\t\t\t\t\t<\/figcaption>\n\t\t\t\t\t<\/figure>\n\t<\/lazy-media-inline>\n\t\t\t\t<\/div>\n\t\t\t<\/div>\n\t\t\t<div class=\"col-xs-12 teaser-event-text Infos\">\n\t\t\t\t<div class=\"teaser-event-standard-text\">\n\t\t\t\t\t<div class=\"margin-bottom-atom\">\n\t\t\t\t\t\t<div class=\"subline clamp-1\" v-html=\"maingenre\"><\/div>\n\t\t\t\t\t\t\t\t\t\t\t\t\t<div class=\"insignificant clamp-2\">Ethnologisches Museum and Museum f\u00fcr Asiatische Kunst<\/div>\n\t\t\t\t\t\t\t\t\t\t\t<\/div>\n\t\t\t\t\n\t\t\t\t\t<strong class=\"margin-bottom-atom\">Ceremony<\/strong>\n\n\t\t\t\t\t\t\t\t\t\t\t<div class=\"\">with Frank-Walter Steinmeier, Monika Gr\u00fctters and Chimamanda Ngozi Adichie <\/div>\n\t\t\t\t\t\t\t\t\t<\/div>\n\t\t\t\t<div class=\"teaser-bottom border-bottom\">\n\t\t\t\t<calendardateline :rawitem='item' :show-icon=\"true\"><\/calendardateline>\n\t\t\t\t\t<hr>\n\t\t\t\t<\/div>\n\t\t\t<\/div>\n\t\t<\/div>\n\t<\/a>\n\t<\/calendarteaser>\n<\/li>\n\n<li class=\"col-xs-6 col-sm-4 col-md-3 teaser-wrapper col-padding-remove\">\n\t<calendarteaser key=\"3049520148\" rawitem='{&quot;postId&quot;:30495,&quot;title&quot;:&quot;Participation is relationship building \\u2013 who\\u2019s talking to whom&quot;,&quot;excerpt&quot;:&quot;The series \\&quot;BERLIN GLOBAL Backstage\\&quot; provides insights into the making of the exhibition: curators, participants and guests reflect on and discuss the concepts, methods and design of BERLIN GLOBAL.&quot;,&quot;slug&quot;:&quot;participation-is-relationship-building-whos-talking-to-whom&quot;,&quot;post_date&quot;:&quot;2021-08-19T13:08&quot;,&quot;type&quot;:&quot;event&quot;,&quot;permalink&quot;:&quot;https:\\\/\\\/www.humboldtforum.org\\\/en\\\/programm\\\/termin\\\/talk\\\/participation-is-relationship-building-whos-talking-to-whom-30495\\\/&quot;,&quot;genre&quot;:[1079],&quot;genre_details&quot;:[{&quot;text&quot;:&quot;Talk&quot;,&quot;id&quot;:1079,&quot;icon&quot;:null,&quot;parent&quot;:0}],&quot;digital&quot;:[873],&quot;digital_details&quot;:[{&quot;text&quot;:&quot;Livestream&quot;,&quot;id&quot;:873,&quot;icon&quot;:null,&quot;parent&quot;:0}],&quot;stakeholder&quot;:[593],&quot;stakeholder_details&quot;:[{&quot;text&quot;:&quot;Kulturprojekte Berlin \\\/ Stadtmuseum Berlin&quot;,&quot;id&quot;:593,&quot;icon&quot;:null,&quot;parent&quot;:0}],&quot;language&quot;:[580,579,736],&quot;language_details&quot;:[{&quot;text&quot;:&quot;English&quot;,&quot;id&quot;:580,&quot;icon&quot;:null,&quot;parent&quot;:0},{&quot;text&quot;:&quot;German&quot;,&quot;id&quot;:579,&quot;icon&quot;:null,&quot;parent&quot;:0},{&quot;text&quot;:&quot;German Sign Language&quot;,&quot;id&quot;:736,&quot;icon&quot;:null,&quot;parent&quot;:0}],&quot;accessability&quot;:[1025],&quot;accessability_details&quot;:[{&quot;text&quot;:&quot;German Sign Language&quot;,&quot;id&quot;:1025,&quot;icon&quot;:null,&quot;parent&quot;:0}],&quot;place&quot;:[605],&quot;place_details&quot;:{&quot;place&quot;:&quot;Humboldt Forum&quot;,&quot;map&quot;:&quot;Humboldt Forum, Schlossplatz, Berlin&quot;,&quot;room&quot;:&quot;Online event&quot;},&quot;icon_overwrite&quot;:&quot;&quot;,&quot;acf&quot;:{&quot;hashtag&quot;:&quot;HumboldtForum&quot;,&quot;keywords&quot;:&quot;&quot;,&quot;shorturl&quot;:&quot;&quot;,&quot;planning&quot;:{&quot;price&quot;:&quot;Free admission&quot;,&quot;admission&quot;:&quot;&quot;,&quot;pause&quot;:&quot;&quot;,&quot;duration&quot;:&quot;90&quot;},&quot;marketing_text&quot;:&quot;&quot;,&quot;shorttext&quot;:&quot;The series \\&quot;BERLIN GLOBAL Backstage\\&quot; provides insights into the making of the exhibition: curators, participants and guests reflect on and discuss the concepts, methods and design of BERLIN GLOBAL.&quot;,&quot;longtext&quot;:&quot;&quot;,&quot;tickettext&quot;:&quot;No ticket necessary&quot;,&quot;use_video_in_teasers&quot;:false,&quot;alert_text&quot;:&quot;&quot;,&quot;overwrite_date&quot;:&quot;&quot;,&quot;hide_event_in_program&quot;:false,&quot;belongsto&quot;:[16471],&quot;noindex&quot;:false,&quot;times&quot;:[],&quot;subline&quot;:&quot;BERLIN GLOBAL Backstage&quot;,&quot;subline_feature&quot;:&quot;&quot;,&quot;additional_info&quot;:{&quot;icon&quot;:&quot;icon-youtube&quot;,&quot;text&quot;:&quot;The event will take place digitally.&quot;},&quot;highlight_header&quot;:false,&quot;featured_images&quot;:[30497],&quot;video&quot;:false,&quot;hyphenation&quot;:true,&quot;tipp&quot;:false,&quot;joker&quot;:false,&quot;live&quot;:true,&quot;yt&quot;:&quot;https:\\\/\\\/www.youtube.com\\\/watch?v=LBvXHw8TLXs&quot;,&quot;announcement&quot;:&quot;&quot;},&quot;date&quot;:{&quot;NX&quot;:null,&quot;NXX&quot;:null,&quot;NLAST&quot;:&quot;202109011400&quot;,&quot;from_DATE&quot;:&quot;20210901 18:00&quot;,&quot;from&quot;:1630504800,&quot;to&quot;:1630504800,&quot;to_DATE&quot;:&quot;20210901 18:00&quot;,&quot;from_HRFSHORT&quot;:&quot; 1 Sep 2021&quot;,&quot;from_HRFSHORT_WD&quot;:&quot;Wed 01\\\/09\\\/2021&quot;,&quot;to_HRFSHORT&quot;:&quot; 1 Sep 2021&quot;,&quot;to_HRFSHORT_WD&quot;:&quot;Wed 01\\\/09\\\/2021&quot;,&quot;from_HRF&quot;:&quot;Wed,  1 September 2021&quot;,&quot;to_HRF&quot;:&quot;Wed,  1 September 2021&quot;,&quot;from_to_HRF&quot;:&quot;Wed,  1 September \\u2013 Wed,  1 September 2021&quot;,&quot;from_to_HRFSHORT&quot;:&quot; 1 Sep \\u2013  1 Sep 2021&quot;},&quot;alert&quot;:&quot;Livestream&quot;,&quot;partof&quot;:[],&quot;marketing_topic&quot;:{&quot;title&quot;:&quot;BERLIN GLOBAL&quot;,&quot;ID&quot;:16471,&quot;reason&quot;:&quot;belongsto&quot;}}' inline-template>\n\t<a href=\"https:\/\/www.humboldtforum.org\/en\/programm\/termin\/talk\/participation-is-relationship-building-whos-talking-to-whom-30495\/\" class=\"teaser teaser-event teaser-event-standard\">\n\t\t<div class=\"row\">\n\t\t\t<div class=\"col-xs-12 teaser-event-image\">\n\t\t\t\t<div class=\"teaser-image teaser-image-no-alternate\">\n\t\t\t\t\t\t\t\t\t\t\t\t\t<calendardateline :rawitem='item' :show-icon=\"true\" template=\"alert\" force-date=\"Livestream\"><\/calendardateline>\n\t\t\t\t\t\t\t\t\t\t\t\n\t<lazy-media-inline inline-template>\n\t\t<figure itemscope itemtype=\"http:\/\/schema.org\/ImageObject\" class=\"lazy-media-inline \" role=\"group\" id=\"media_69f4ef7e95fcd\" aria-labelledby=\"desc_media_69f4ef7e95fcd\">\n\t\t\t<script type=\"application\/json\" ref=\"data\">\n\t\t\t\t{\n\t\t\t\t\"sizes\" : {\"medium\":{\"file\":\"Dreharbeiten_Glaube_Foto_Idil-Efe-1-300x225.jpg\",\"width\":300,\"height\":225,\"mime-type\":\"image\\\/jpeg\"},\"large\":{\"file\":\"Dreharbeiten_Glaube_Foto_Idil-Efe-1-1024x768.jpg\",\"width\":1024,\"height\":768,\"mime-type\":\"image\\\/jpeg\"},\"thumbnail\":{\"file\":\"Dreharbeiten_Glaube_Foto_Idil-Efe-1-150x150.jpg\",\"width\":150,\"height\":150,\"mime-type\":\"image\\\/jpeg\"},\"medium_large\":{\"file\":\"Dreharbeiten_Glaube_Foto_Idil-Efe-1-768x576.jpg\",\"width\":768,\"height\":576,\"mime-type\":\"image\\\/jpeg\"},\"small\":{\"file\":\"Dreharbeiten_Glaube_Foto_Idil-Efe-1-440x330.jpg\",\"width\":440,\"height\":330,\"mime-type\":\"image\\\/jpeg\"},\"semi\":{\"file\":\"Dreharbeiten_Glaube_Foto_Idil-Efe-1-580x435.jpg\",\"width\":580,\"height\":435,\"mime-type\":\"image\\\/jpeg\"},\"mobile\":{\"file\":\"Dreharbeiten_Glaube_Foto_Idil-Efe-1-720x540.jpg\",\"width\":720,\"height\":540,\"mime-type\":\"image\\\/jpeg\"},\"hd\":{\"file\":\"Dreharbeiten_Glaube_Foto_Idil-Efe-1-1280x960.jpg\",\"width\":1280,\"height\":960,\"mime-type\":\"image\\\/jpeg\"},\"full\":{\"file\":\"Dreharbeiten_Glaube_Foto_Idil-Efe-1-1920x1440.jpg\",\"width\":1920,\"height\":1440,\"mime-type\":\"image\\\/jpeg\"},\"1536x1536\":{\"file\":\"Dreharbeiten_Glaube_Foto_Idil-Efe-1-1536x1152.jpg\",\"width\":1536,\"height\":1152,\"mime-type\":\"image\\\/jpeg\"},\"2048x2048\":{\"file\":\"Dreharbeiten_Glaube_Foto_Idil-Efe-1-2048x1536.jpg\",\"width\":2048,\"height\":1536,\"mime-type\":\"image\\\/jpeg\"},\"original\":{\"file\":\"Dreharbeiten_Glaube_Foto_Idil-Efe-1.jpg\",\"width\":4032,\"height\":3024}},\n\t\t\t\t\"alt\" : \"Three people filming at a construction site, with scaffolding in the background and an interview in the foreground.\",\n\t\t\t\t\"path\" : \"\\\/wp-content\\\/uploads\\\/2021\\\/08\\\/\",\n\t\t\t\t\"video\" : null,\n\t\t\t\t\"autoplay\" : null,\n\t\t\t\t\"youtube\" : null,\n\t\t\t\t\"youtubelabel\" : \"Play video\",\n\t\t\t\t\"brightness\" : 100,\n\t\t\t\t\"crop\" : {\"top\":\"41.83\",\"left\":\"68.55\"},\n\t\t\t\t\"background\" : true,\n\t\t\t\t\"scale\" : 2\t\t\t\t}\n\t\t\t<\/script>\n\n\t\t\t<div class=\"height-container\" style=\"padding-bottom:75%;\" v-if=\"sizes\">\n\t\t\t\t\t\t\t\t<lazy-media :inline=\"true\" :alt=\"alt\" :sizes=\"sizes\" :scale=\"scale\" :brightness=\"brightness\" :path=\"path\" :video=\"video\" :autoplay=\"autoplay\" :youtube=\"youtube\" :crop=\"crop\" :youtubelabel=\"youtubelabel\" :background=\"background\" media-id=\"desc_media_69f4ef7e95fcd\"><\/lazy-media>\n\t\t\t\t\t\t\t<\/div>\n\n\t\t\t\t\t\t\t<figcaption class=\"sr-only\" ref=\"body\" id=\"desc_media_69f4ef7e95fcd\">\n\t\t\t\t\t\t\t\t\t\t\t<div>Shooting for the film &quot;Glaube&quot;, which can be seen in the room &quot;Freiraum&quot; of BERLIN GLOBAL.\r\n<\/div>\n\t\t\t\t\t\t\t\t\t\t\t\t\t\t\t\t\t\t\t\t\t<div class=\"insignificant\">\u00a9 Idil Efe<\/div>\n\t\t\t\t\t\t\t\t\t<\/figcaption>\n\t\t\t\t\t<\/figure>\n\t<\/lazy-media-inline>\n\t\t\t\t<\/div>\n\t\t\t<\/div>\n\t\t\t<div class=\"col-xs-12 teaser-event-text Infos\">\n\t\t\t\t<div class=\"teaser-event-standard-text\">\n\t\t\t\t\t<div class=\"margin-bottom-atom\">\n\t\t\t\t\t\t<div class=\"subline clamp-1\" v-html=\"maingenre\"><\/div>\n\t\t\t\t\t\t\t\t\t\t\t\t\t<div class=\"insignificant clamp-2\">BERLIN GLOBAL<\/div>\n\t\t\t\t\t\t\t\t\t\t\t<\/div>\n\t\t\t\t\n\t\t\t\t\t<strong class=\"margin-bottom-atom\">Participation is relationship building \u2013 who\u2019s talking to whom<\/strong>\n\n\t\t\t\t\t\t\t\t\t\t\t<div class=\"\">BERLIN GLOBAL Backstage<\/div>\n\t\t\t\t\t\t\t\t\t<\/div>\n\t\t\t\t<div class=\"teaser-bottom border-bottom\">\n\t\t\t\t<calendardateline :rawitem='item' :show-icon=\"true\"><\/calendardateline>\n\t\t\t\t\t<hr>\n\t\t\t\t<\/div>\n\t\t\t<\/div>\n\t\t<\/div>\n\t<\/a>\n\t<\/calendarteaser>\n<\/li>\n\n<li class=\"col-xs-6 col-sm-4 col-md-3 teaser-wrapper col-padding-remove\">\n\t<calendarteaser key=\"2970112572\" rawitem='{&quot;postId&quot;:29701,&quot;title&quot;:&quot;Sorting machines. The border in the 21st century&quot;,&quot;excerpt&quot;:&quot;Are borders becoming more permeable in the age of globalisation? What are smart borders?&quot;,&quot;slug&quot;:&quot;sorting-machines-the-border-in-the-21st-century&quot;,&quot;post_date&quot;:&quot;2021-07-30T14:08&quot;,&quot;type&quot;:&quot;event&quot;,&quot;permalink&quot;:&quot;https:\\\/\\\/www.humboldtforum.org\\\/en\\\/programm\\\/termin\\\/discourse\\\/sorting-machines-the-border-in-the-21st-century-29701\\\/&quot;,&quot;genre&quot;:[566],&quot;genre_details&quot;:[{&quot;text&quot;:&quot;Discourse&quot;,&quot;id&quot;:566,&quot;icon&quot;:null,&quot;parent&quot;:0}],&quot;digital&quot;:[873],&quot;digital_details&quot;:[{&quot;text&quot;:&quot;Livestream&quot;,&quot;id&quot;:873,&quot;icon&quot;:null,&quot;parent&quot;:0}],&quot;stakeholder&quot;:[592],&quot;stakeholder_details&quot;:[{&quot;text&quot;:&quot;Humboldt-Universit\\u00e4t zu Berlin&quot;,&quot;id&quot;:592,&quot;icon&quot;:null,&quot;parent&quot;:0}],&quot;targetgroup&quot;:[585],&quot;targetgroup_details&quot;:[{&quot;text&quot;:&quot;Adults&quot;,&quot;id&quot;:585,&quot;icon&quot;:null,&quot;parent&quot;:0}],&quot;language&quot;:[579],&quot;language_details&quot;:[{&quot;text&quot;:&quot;German&quot;,&quot;id&quot;:579,&quot;icon&quot;:null,&quot;parent&quot;:0}],&quot;place&quot;:[605],&quot;place_details&quot;:{&quot;place&quot;:&quot;Humboldt Forum&quot;,&quot;map&quot;:&quot;Humboldt Forum, Schlossplatz, Berlin&quot;,&quot;room&quot;:&quot;Online event&quot;},&quot;icon_overwrite&quot;:&quot;&quot;,&quot;acf&quot;:{&quot;keywords&quot;:&quot;&quot;,&quot;hashtag&quot;:&quot;HumboldtForum&quot;,&quot;shorturl&quot;:&quot;&quot;,&quot;planning&quot;:{&quot;price&quot;:&quot;Free admission&quot;,&quot;admission&quot;:&quot;&quot;,&quot;pause&quot;:&quot;&quot;,&quot;duration&quot;:&quot;&quot;},&quot;marketing_text&quot;:&quot;Are borders becoming more permeable in the age of globalisation? &quot;,&quot;shorttext&quot;:&quot;Are borders becoming more permeable in the age of globalisation? What are smart borders?&quot;,&quot;longtext&quot;:&quot;&quot;,&quot;tickettext&quot;:&quot;Registration is not required.&quot;,&quot;use_video_in_teasers&quot;:false,&quot;alert_text&quot;:&quot;&quot;,&quot;overwrite_date&quot;:&quot;&quot;,&quot;hide_event_in_program&quot;:false,&quot;infotext&quot;:&quot;The event will take place digitally.&quot;,&quot;noindex&quot;:false,&quot;belongsto&quot;:[16464],&quot;times&quot;:[],&quot;subline&quot;:&quot;Book presentation &amp; discussion&quot;,&quot;subline_feature&quot;:&quot;&quot;,&quot;additional_info&quot;:{&quot;icon&quot;:&quot;0&quot;,&quot;text&quot;:&quot;&quot;},&quot;highlight_header&quot;:false,&quot;featured_images&quot;:[29703],&quot;video&quot;:false,&quot;hyphenation&quot;:true,&quot;tipp&quot;:false,&quot;joker&quot;:false,&quot;live&quot;:true,&quot;announcement&quot;:&quot;&quot;,&quot;yt&quot;:&quot;https:\\\/\\\/www.youtube.com\\\/watch?v=yi_qEX_OH9g&quot;},&quot;date&quot;:{&quot;NX&quot;:null,&quot;NXX&quot;:null,&quot;NLAST&quot;:&quot;202108261500&quot;,&quot;from_DATE&quot;:&quot;20210826 19:00&quot;,&quot;from&quot;:1629990000,&quot;to&quot;:1629990000,&quot;to_DATE&quot;:&quot;20210826 19:00&quot;,&quot;from_HRFSHORT&quot;:&quot;26 Aug 2021&quot;,&quot;from_HRFSHORT_WD&quot;:&quot;Thu 26\\\/08\\\/2021&quot;,&quot;to_HRFSHORT&quot;:&quot;26 Aug 2021&quot;,&quot;to_HRFSHORT_WD&quot;:&quot;Thu 26\\\/08\\\/2021&quot;,&quot;from_HRF&quot;:&quot;Thu, 26 August 2021&quot;,&quot;to_HRF&quot;:&quot;Thu, 26 August 2021&quot;,&quot;from_to_HRF&quot;:&quot;Thu, 26 August \\u2013 Thu, 26 August 2021&quot;,&quot;from_to_HRFSHORT&quot;:&quot;26 Aug \\u2013 26 Aug 2021&quot;},&quot;alert&quot;:&quot;Livestream&quot;,&quot;partof&quot;:[],&quot;marketing_topic&quot;:{&quot;title&quot;:&quot;After Nature&quot;,&quot;ID&quot;:16464,&quot;reason&quot;:&quot;belongsto&quot;}}' inline-template>\n\t<a href=\"https:\/\/www.humboldtforum.org\/en\/programm\/termin\/discourse\/sorting-machines-the-border-in-the-21st-century-29701\/\" class=\"teaser teaser-event teaser-event-standard\">\n\t\t<div class=\"row\">\n\t\t\t<div class=\"col-xs-12 teaser-event-image\">\n\t\t\t\t<div class=\"teaser-image teaser-image-no-alternate\">\n\t\t\t\t\t\t\t\t\t\t\t\t\t<calendardateline :rawitem='item' :show-icon=\"true\" template=\"alert\" force-date=\"Livestream\"><\/calendardateline>\n\t\t\t\t\t\t\t\t\t\t\t\n\t<lazy-media-inline inline-template>\n\t\t<figure itemscope itemtype=\"http:\/\/schema.org\/ImageObject\" class=\"lazy-media-inline \" role=\"group\" id=\"media_69f4ef7e979d8\" aria-labelledby=\"desc_media_69f4ef7e979d8\">\n\t\t\t<script type=\"application\/json\" ref=\"data\">\n\t\t\t\t{\n\t\t\t\t\"sizes\" : {\"medium\":{\"file\":\"SHF_eb00112235-1-300x200.jpg\",\"width\":300,\"height\":200,\"mime-type\":\"image\\\/jpeg\"},\"large\":{\"file\":\"SHF_eb00112235-1-1024x683.jpg\",\"width\":1024,\"height\":683,\"mime-type\":\"image\\\/jpeg\"},\"thumbnail\":{\"file\":\"SHF_eb00112235-1-150x150.jpg\",\"width\":150,\"height\":150,\"mime-type\":\"image\\\/jpeg\"},\"medium_large\":{\"file\":\"SHF_eb00112235-1-768x512.jpg\",\"width\":768,\"height\":512,\"mime-type\":\"image\\\/jpeg\"},\"small\":{\"file\":\"SHF_eb00112235-1-440x293.jpg\",\"width\":440,\"height\":293,\"mime-type\":\"image\\\/jpeg\"},\"semi\":{\"file\":\"SHF_eb00112235-1-580x387.jpg\",\"width\":580,\"height\":387,\"mime-type\":\"image\\\/jpeg\"},\"mobile\":{\"file\":\"SHF_eb00112235-1-720x480.jpg\",\"width\":720,\"height\":480,\"mime-type\":\"image\\\/jpeg\"},\"hd\":{\"file\":\"SHF_eb00112235-1-1280x853.jpg\",\"width\":1280,\"height\":853,\"mime-type\":\"image\\\/jpeg\"},\"full\":{\"file\":\"SHF_eb00112235-1-1920x1280.jpg\",\"width\":1920,\"height\":1280,\"mime-type\":\"image\\\/jpeg\"},\"1536x1536\":{\"file\":\"SHF_eb00112235-1-1536x1024.jpg\",\"width\":1536,\"height\":1024,\"mime-type\":\"image\\\/jpeg\"},\"original\":{\"file\":\"SHF_eb00112235-1.jpg\",\"width\":2048,\"height\":1365}},\n\t\t\t\t\"alt\" : \"A man in a suit sits on a bench reading a book, with other books and a jacket beside him.\",\n\t\t\t\t\"path\" : \"\\\/wp-content\\\/uploads\\\/2021\\\/07\\\/\",\n\t\t\t\t\"video\" : null,\n\t\t\t\t\"autoplay\" : null,\n\t\t\t\t\"youtube\" : null,\n\t\t\t\t\"youtubelabel\" : \"Play video\",\n\t\t\t\t\"brightness\" : 100,\n\t\t\t\t\"crop\" : {\"top\":\"31.72\",\"left\":\"67.10\"},\n\t\t\t\t\"background\" : true,\n\t\t\t\t\"scale\" : 2\t\t\t\t}\n\t\t\t<\/script>\n\n\t\t\t<div class=\"height-container\" style=\"padding-bottom:66.650390625%;\" v-if=\"sizes\">\n\t\t\t\t\t\t\t\t<lazy-media :inline=\"true\" :alt=\"alt\" :sizes=\"sizes\" :scale=\"scale\" :brightness=\"brightness\" :path=\"path\" :video=\"video\" :autoplay=\"autoplay\" :youtube=\"youtube\" :crop=\"crop\" :youtubelabel=\"youtubelabel\" :background=\"background\" media-id=\"desc_media_69f4ef7e979d8\"><\/lazy-media>\n\t\t\t\t\t\t\t<\/div>\n\n\t\t\t\t\t\t\t<figcaption class=\"sr-only\" ref=\"body\" id=\"desc_media_69f4ef7e979d8\">\n\t\t\t\t\t\t\t\t\t\t\t<div>Steffen Mau<\/div>\n\t\t\t\t\t\t\t\t\t\t\t\t\t\t\t\t\t\t\t<\/figcaption>\n\t\t\t\t\t<\/figure>\n\t<\/lazy-media-inline>\n\t\t\t\t<\/div>\n\t\t\t<\/div>\n\t\t\t<div class=\"col-xs-12 teaser-event-text Infos\">\n\t\t\t\t<div class=\"teaser-event-standard-text\">\n\t\t\t\t\t<div class=\"margin-bottom-atom\">\n\t\t\t\t\t\t<div class=\"subline clamp-1\" v-html=\"maingenre\"><\/div>\n\t\t\t\t\t\t\t\t\t\t\t\t\t<div class=\"insignificant clamp-2\">After Nature<\/div>\n\t\t\t\t\t\t\t\t\t\t\t<\/div>\n\t\t\t\t\n\t\t\t\t\t<strong class=\"margin-bottom-atom\">Sorting machines. The border in the 21st century<\/strong>\n\n\t\t\t\t\t\t\t\t\t\t\t<div class=\"\">Are borders becoming more permeable in the age of globalisation? <\/div>\n\t\t\t\t\t\t\t\t\t<\/div>\n\t\t\t\t<div class=\"teaser-bottom border-bottom\">\n\t\t\t\t<calendardateline :rawitem='item' :show-icon=\"true\"><\/calendardateline>\n\t\t\t\t\t<hr>\n\t\t\t\t<\/div>\n\t\t\t<\/div>\n\t\t<\/div>\n\t<\/a>\n\t<\/calendarteaser>\n<\/li>\n\n<li class=\"col-xs-6 col-sm-4 col-md-3 teaser-wrapper col-padding-remove\">\n\t<calendarteaser key=\"293828017\" rawitem='{&quot;postId&quot;:29382,&quot;title&quot;:&quot;An exhibition for all senses&quot;,&quot;excerpt&quot;:&quot;As a prelude to the event series BERLIN GLOBAL Backstage, Paul Spies, director of the Stadtmuseum Berlin and head curator of the Berlin district at the Humboldt Forum, will present the exhibition BERLIN GLOBAL for the first time and give a flavour of what went into creating and designing the show.&quot;,&quot;slug&quot;:&quot;an-exhibition-for-all-senses&quot;,&quot;post_date&quot;:&quot;2021-07-23T13:49&quot;,&quot;type&quot;:&quot;event&quot;,&quot;permalink&quot;:&quot;https:\\\/\\\/www.humboldtforum.org\\\/en\\\/programm\\\/termin\\\/discourse\\\/an-exhibition-for-all-senses-29382\\\/&quot;,&quot;genre&quot;:[566],&quot;genre_details&quot;:[{&quot;text&quot;:&quot;Discourse&quot;,&quot;id&quot;:566,&quot;icon&quot;:null,&quot;parent&quot;:0}],&quot;digital&quot;:[873],&quot;digital_details&quot;:[{&quot;text&quot;:&quot;Livestream&quot;,&quot;id&quot;:873,&quot;icon&quot;:null,&quot;parent&quot;:0}],&quot;stakeholder&quot;:[593],&quot;stakeholder_details&quot;:[{&quot;text&quot;:&quot;Kulturprojekte Berlin \\\/ Stadtmuseum Berlin&quot;,&quot;id&quot;:593,&quot;icon&quot;:null,&quot;parent&quot;:0}],&quot;language&quot;:[580,579,736],&quot;language_details&quot;:[{&quot;text&quot;:&quot;English&quot;,&quot;id&quot;:580,&quot;icon&quot;:null,&quot;parent&quot;:0},{&quot;text&quot;:&quot;German&quot;,&quot;id&quot;:579,&quot;icon&quot;:null,&quot;parent&quot;:0},{&quot;text&quot;:&quot;German Sign Language&quot;,&quot;id&quot;:736,&quot;icon&quot;:null,&quot;parent&quot;:0}],&quot;accessability&quot;:[1025],&quot;accessability_details&quot;:[{&quot;text&quot;:&quot;German Sign Language&quot;,&quot;id&quot;:1025,&quot;icon&quot;:null,&quot;parent&quot;:0}],&quot;place&quot;:[605],&quot;place_details&quot;:{&quot;place&quot;:&quot;Humboldt Forum&quot;,&quot;map&quot;:&quot;Humboldt Forum, Schlossplatz, Berlin&quot;,&quot;room&quot;:&quot;Online event&quot;},&quot;icon_overwrite&quot;:&quot;&quot;,&quot;acf&quot;:{&quot;keywords&quot;:&quot;&quot;,&quot;hashtag&quot;:&quot;HumboldtForum&quot;,&quot;shorturl&quot;:&quot;&quot;,&quot;planning&quot;:{&quot;price&quot;:&quot;Free admission&quot;,&quot;admission&quot;:&quot;&quot;,&quot;pause&quot;:&quot;&quot;,&quot;duration&quot;:&quot;&quot;},&quot;marketing_text&quot;:&quot;Prelude to the event series \\&quot;BERLIN GLOBAL Backstage\\&quot;&quot;,&quot;shorttext&quot;:&quot;As a prelude to the event series BERLIN GLOBAL Backstage, Paul Spies, director of the Stadtmuseum Berlin and head curator of the Berlin district at the Humboldt Forum, will present the exhibition BERLIN GLOBAL for the first time and give a flavour of what went into creating and designing the show.&quot;,&quot;alert_text&quot;:&quot;Recording&quot;,&quot;infotext&quot;:&quot;The event will take place digitally.&quot;,&quot;use_video_in_teasers&quot;:false,&quot;hide_event_in_program&quot;:false,&quot;noindex&quot;:false,&quot;belongsto&quot;:[16471],&quot;times&quot;:[],&quot;subline&quot;:&quot;Prelude to the event series \\&quot;BERLIN GLOBAL Backstage\\&quot;&quot;,&quot;additional_info&quot;:{&quot;icon&quot;:&quot;0&quot;,&quot;text&quot;:&quot;&quot;},&quot;highlight_header&quot;:false,&quot;featured_images&quot;:[29385],&quot;hyphenation&quot;:true,&quot;tipp&quot;:false,&quot;joker&quot;:false,&quot;live&quot;:true,&quot;yt&quot;:&quot;https:\\\/\\\/www.youtube.com\\\/watch?v=IHCIx_v0fOg&quot;,&quot;tickettext&quot;:&quot;Registration is not required.&quot;,&quot;hm_id&quot;:&quot;&quot;,&quot;gomus_id&quot;:&quot;&quot;},&quot;date&quot;:{&quot;NX&quot;:null,&quot;NXX&quot;:null,&quot;NLAST&quot;:&quot;202108181400&quot;,&quot;from_DATE&quot;:&quot;20210818 18:00&quot;,&quot;from&quot;:1629295200,&quot;to&quot;:1629295200,&quot;to_DATE&quot;:&quot;20210818 18:00&quot;,&quot;from_HRFSHORT&quot;:&quot;18 Aug 2021&quot;,&quot;from_HRFSHORT_WD&quot;:&quot;Wed 18\\\/08\\\/2021&quot;,&quot;to_HRFSHORT&quot;:&quot;18 Aug 2021&quot;,&quot;to_HRFSHORT_WD&quot;:&quot;Wed 18\\\/08\\\/2021&quot;,&quot;from_HRF&quot;:&quot;Wed, 18 August 2021&quot;,&quot;to_HRF&quot;:&quot;Wed, 18 August 2021&quot;,&quot;from_to_HRF&quot;:&quot;Wed, 18 August \\u2013 Wed, 18 August 2021&quot;,&quot;from_to_HRFSHORT&quot;:&quot;18 Aug \\u2013 18 Aug 2021&quot;},&quot;alert&quot;:&quot;Livestream&quot;,&quot;partof&quot;:[],&quot;marketing_topic&quot;:{&quot;title&quot;:&quot;BERLIN GLOBAL&quot;,&quot;ID&quot;:16471,&quot;reason&quot;:&quot;belongsto&quot;}}' inline-template>\n\t<a href=\"https:\/\/www.humboldtforum.org\/en\/programm\/termin\/discourse\/an-exhibition-for-all-senses-29382\/\" class=\"teaser teaser-event teaser-event-standard\">\n\t\t<div class=\"row\">\n\t\t\t<div class=\"col-xs-12 teaser-event-image\">\n\t\t\t\t<div class=\"teaser-image teaser-image-no-alternate\">\n\t\t\t\t\t\t\t\t\t\t\t\t\t<calendardateline :rawitem='item' :show-icon=\"true\" template=\"alert\" force-date=\"Livestream\"><\/calendardateline>\n\t\t\t\t\t\t\t\t\t\t\t\n\t<lazy-media-inline inline-template>\n\t\t<figure itemscope itemtype=\"http:\/\/schema.org\/ImageObject\" class=\"lazy-media-inline \" role=\"group\" id=\"media_69f4ef7e992e5\" aria-labelledby=\"desc_media_69f4ef7e992e5\">\n\t\t\t<script type=\"application\/json\" ref=\"data\">\n\t\t\t\t{\n\t\t\t\t\"sizes\" : {\"medium\":{\"file\":\"SHF_eb00112237_Verflechtung-Berlin-Global-1-300x200.jpg\",\"width\":300,\"height\":200,\"mime-type\":\"image\\\/jpeg\"},\"large\":{\"file\":\"SHF_eb00112237_Verflechtung-Berlin-Global-1-1024x683.jpg\",\"width\":1024,\"height\":683,\"mime-type\":\"image\\\/jpeg\"},\"thumbnail\":{\"file\":\"SHF_eb00112237_Verflechtung-Berlin-Global-1-150x150.jpg\",\"width\":150,\"height\":150,\"mime-type\":\"image\\\/jpeg\"},\"medium_large\":{\"file\":\"SHF_eb00112237_Verflechtung-Berlin-Global-1-768x512.jpg\",\"width\":768,\"height\":512,\"mime-type\":\"image\\\/jpeg\"},\"small\":{\"file\":\"SHF_eb00112237_Verflechtung-Berlin-Global-1-440x293.jpg\",\"width\":440,\"height\":293,\"mime-type\":\"image\\\/jpeg\"},\"semi\":{\"file\":\"SHF_eb00112237_Verflechtung-Berlin-Global-1-580x387.jpg\",\"width\":580,\"height\":387,\"mime-type\":\"image\\\/jpeg\"},\"mobile\":{\"file\":\"SHF_eb00112237_Verflechtung-Berlin-Global-1-720x480.jpg\",\"width\":720,\"height\":480,\"mime-type\":\"image\\\/jpeg\"},\"hd\":{\"file\":\"SHF_eb00112237_Verflechtung-Berlin-Global-1-1280x853.jpg\",\"width\":1280,\"height\":853,\"mime-type\":\"image\\\/jpeg\"},\"full\":{\"file\":\"SHF_eb00112237_Verflechtung-Berlin-Global-1-1920x1280.jpg\",\"width\":1920,\"height\":1280,\"mime-type\":\"image\\\/jpeg\"},\"1536x1536\":{\"file\":\"SHF_eb00112237_Verflechtung-Berlin-Global-1-1536x1024.jpg\",\"width\":1536,\"height\":1024,\"mime-type\":\"image\\\/jpeg\"},\"original\":{\"file\":\"SHF_eb00112237_Verflechtung-Berlin-Global-1.jpg\",\"width\":2048,\"height\":1365}},\n\t\t\t\t\"alt\" : \"Colorful, geometric paper artworks hang suspended from the ceiling in a modern exhibition space.\",\n\t\t\t\t\"path\" : \"\\\/wp-content\\\/uploads\\\/2021\\\/07\\\/\",\n\t\t\t\t\"video\" : null,\n\t\t\t\t\"autoplay\" : null,\n\t\t\t\t\"youtube\" : null,\n\t\t\t\t\"youtubelabel\" : \"Play video\",\n\t\t\t\t\"brightness\" : 100,\n\t\t\t\t\"crop\" : {\"top\":\"50.00\",\"left\":\"50.00\"},\n\t\t\t\t\"background\" : true,\n\t\t\t\t\"scale\" : 2\t\t\t\t}\n\t\t\t<\/script>\n\n\t\t\t<div class=\"height-container\" style=\"padding-bottom:66.650390625%;\" v-if=\"sizes\">\n\t\t\t\t\t\t\t\t<lazy-media :inline=\"true\" :alt=\"alt\" :sizes=\"sizes\" :scale=\"scale\" :brightness=\"brightness\" :path=\"path\" :video=\"video\" :autoplay=\"autoplay\" :youtube=\"youtube\" :crop=\"crop\" :youtubelabel=\"youtubelabel\" :background=\"background\" media-id=\"desc_media_69f4ef7e992e5\"><\/lazy-media>\n\t\t\t\t\t\t\t<\/div>\n\n\t\t\t\t\t\t\t<figcaption class=\"sr-only\" ref=\"body\" id=\"desc_media_69f4ef7e992e5\">\n\t\t\t\t\t\t\t\t\t\t\t<div>Room &bdquo;Interconnection&ldquo; in the exhibition BERLIN GLOBAL<\/div>\n\t\t\t\t\t\t\t\t\t\t\t\t\t\t\t\t\t\t\t\t\t<div class=\"insignificant\">\u00a9 Tape That \/ Kulturprojekte Berlin\r\nund Stiftung Stadtmuseum Berlin \/ Oana Popa-Costea <\/div>\n\t\t\t\t\t\t\t\t\t<\/figcaption>\n\t\t\t\t\t<\/figure>\n\t<\/lazy-media-inline>\n\t\t\t\t<\/div>\n\t\t\t<\/div>\n\t\t\t<div class=\"col-xs-12 teaser-event-text Infos\">\n\t\t\t\t<div class=\"teaser-event-standard-text\">\n\t\t\t\t\t<div class=\"margin-bottom-atom\">\n\t\t\t\t\t\t<div class=\"subline clamp-1\" v-html=\"maingenre\"><\/div>\n\t\t\t\t\t\t\t\t\t\t\t\t\t<div class=\"insignificant clamp-2\">BERLIN GLOBAL<\/div>\n\t\t\t\t\t\t\t\t\t\t\t<\/div>\n\t\t\t\t\n\t\t\t\t\t<strong class=\"margin-bottom-atom\">An exhibition for all senses<\/strong>\n\n\t\t\t\t\t\t\t\t\t\t\t<div class=\"\">Prelude to the event series &#8220;BERLIN GLOBAL Backstage&#8221;<\/div>\n\t\t\t\t\t\t\t\t\t<\/div>\n\t\t\t\t<div class=\"teaser-bottom border-bottom\">\n\t\t\t\t<calendardateline :rawitem='item' :show-icon=\"true\"><\/calendardateline>\n\t\t\t\t\t<hr>\n\t\t\t\t<\/div>\n\t\t\t<\/div>\n\t\t<\/div>\n\t<\/a>\n\t<\/calendarteaser>\n<\/li>\n\n<li class=\"col-xs-6 col-sm-4 col-md-3 teaser-wrapper col-padding-remove\">\n\t<calendarteaser key=\"2335620489\" rawitem='{&quot;postId&quot;:23356,&quot;title&quot;:&quot;What&#039;s in our heads?&quot;,&quot;excerpt&quot;:&quot;The incidence of neurological and psychiatric conditions such as Alzheimers or depression is continuing to rise. How do such conditions develop?&quot;,&quot;slug&quot;:&quot;whats-in-our-heads&quot;,&quot;post_date&quot;:&quot;2021-05-25T16:57&quot;,&quot;type&quot;:&quot;event&quot;,&quot;permalink&quot;:&quot;https:\\\/\\\/www.humboldtforum.org\\\/en\\\/programm\\\/termin\\\/discourse\\\/whats-in-our-heads-23356\\\/&quot;,&quot;genre&quot;:[566,567],&quot;genre_details&quot;:[{&quot;text&quot;:&quot;Discourse&quot;,&quot;id&quot;:566,&quot;icon&quot;:null,&quot;parent&quot;:0},{&quot;text&quot;:&quot;Science and Humanities&quot;,&quot;id&quot;:567,&quot;icon&quot;:null,&quot;parent&quot;:0}],&quot;digital&quot;:[873],&quot;digital_details&quot;:[{&quot;text&quot;:&quot;Livestream&quot;,&quot;id&quot;:873,&quot;icon&quot;:null,&quot;parent&quot;:0}],&quot;stakeholder&quot;:[595],&quot;stakeholder_details&quot;:[{&quot;text&quot;:&quot;Stiftung Humboldt Forum im Berliner Schloss&quot;,&quot;id&quot;:595,&quot;icon&quot;:null,&quot;parent&quot;:0}],&quot;targetgroup&quot;:[585],&quot;targetgroup_details&quot;:[{&quot;text&quot;:&quot;Adults&quot;,&quot;id&quot;:585,&quot;icon&quot;:null,&quot;parent&quot;:0}],&quot;language&quot;:[579,736],&quot;language_details&quot;:[{&quot;text&quot;:&quot;German&quot;,&quot;id&quot;:579,&quot;icon&quot;:null,&quot;parent&quot;:0},{&quot;text&quot;:&quot;German Sign Language&quot;,&quot;id&quot;:736,&quot;icon&quot;:null,&quot;parent&quot;:0}],&quot;place&quot;:[605],&quot;place_details&quot;:{&quot;place&quot;:&quot;Humboldt Forum&quot;,&quot;map&quot;:&quot;Humboldt Forum, Schlossplatz, Berlin&quot;,&quot;room&quot;:&quot;Online event&quot;},&quot;icon_overwrite&quot;:&quot;&quot;,&quot;acf&quot;:{&quot;keywords&quot;:&quot;&quot;,&quot;hashtag&quot;:&quot;HumboldtForum&quot;,&quot;shorturl&quot;:&quot;&quot;,&quot;subline&quot;:&quot;New Perspectives in the Therapy of Neurological and Psychiatric Diseases&quot;,&quot;hyphenation&quot;:false,&quot;noindex&quot;:false,&quot;times&quot;:[],&quot;planning&quot;:{&quot;price&quot;:&quot;Free admission,  online event&quot;,&quot;admission&quot;:&quot;&quot;,&quot;pause&quot;:&quot;&quot;,&quot;duration&quot;:&quot;&quot;},&quot;shorttext&quot;:&quot;The incidence of neurological and psychiatric conditions such as Alzheimers or depression is continuing to rise. How do such conditions develop?&quot;,&quot;highlight_header&quot;:false,&quot;featured_images&quot;:[22761],&quot;tipp&quot;:false,&quot;alert_text&quot;:&quot;&quot;,&quot;joker&quot;:false,&quot;live&quot;:true,&quot;yt&quot;:&quot;https:\\\/\\\/www.youtube.com\\\/watch?v=Z9tuv3ihMH8&quot;,&quot;belongsto&quot;:[20455],&quot;hm_id&quot;:&quot;&quot;,&quot;gomus_id&quot;:&quot;&quot;},&quot;date&quot;:{&quot;NX&quot;:null,&quot;NXX&quot;:null,&quot;NLAST&quot;:&quot;202106171500&quot;,&quot;from_DATE&quot;:&quot;20210617 19:00&quot;,&quot;from&quot;:1623942000,&quot;to&quot;:1623942000,&quot;to_DATE&quot;:&quot;20210617 19:00&quot;,&quot;from_HRFSHORT&quot;:&quot;17 Jun 2021&quot;,&quot;from_HRFSHORT_WD&quot;:&quot;Thu 17\\\/06\\\/2021&quot;,&quot;to_HRFSHORT&quot;:&quot;17 Jun 2021&quot;,&quot;to_HRFSHORT_WD&quot;:&quot;Thu 17\\\/06\\\/2021&quot;,&quot;from_HRF&quot;:&quot;Thu, 17 June 2021&quot;,&quot;to_HRF&quot;:&quot;Thu, 17 June 2021&quot;,&quot;from_to_HRF&quot;:&quot;Thu, 17 June \\u2013 Thu, 17 June 2021&quot;,&quot;from_to_HRFSHORT&quot;:&quot;17 Jun \\u2013 17 Jun 2021&quot;},&quot;alert&quot;:&quot;Livestream&quot;,&quot;partof&quot;:[20455],&quot;marketing_topic&quot;:{&quot;title&quot;:&quot;WeSearch&quot;,&quot;ID&quot;:20455,&quot;reason&quot;:&quot;sequence&quot;}}' inline-template>\n\t<a href=\"https:\/\/www.humboldtforum.org\/en\/programm\/termin\/discourse\/whats-in-our-heads-23356\/\" class=\"teaser teaser-event teaser-event-standard\">\n\t\t<div class=\"row\">\n\t\t\t<div class=\"col-xs-12 teaser-event-image\">\n\t\t\t\t<div class=\"teaser-image teaser-image-no-alternate\">\n\t\t\t\t\t\t\t\t\t\t\t\t\t<calendardateline :rawitem='item' :show-icon=\"true\" template=\"alert\" force-date=\"Livestream\"><\/calendardateline>\n\t\t\t\t\t\t\t\t\t\t\t\n\t<lazy-media-inline inline-template>\n\t\t<figure itemscope itemtype=\"http:\/\/schema.org\/ImageObject\" class=\"lazy-media-inline \" role=\"group\" id=\"media_69f4ef7e9aabc\" aria-labelledby=\"desc_media_69f4ef7e9aabc\">\n\t\t\t<script type=\"application\/json\" ref=\"data\">\n\t\t\t\t{\n\t\t\t\t\"sizes\" : {\"medium\":{\"file\":\"Bild-4d-NeuroCure-jk-200212-3499_web3-300x169.jpg\",\"width\":300,\"height\":169,\"mime-type\":\"image\\\/jpeg\"},\"large\":{\"file\":\"Bild-4d-NeuroCure-jk-200212-3499_web3-1024x576.jpg\",\"width\":1024,\"height\":576,\"mime-type\":\"image\\\/jpeg\"},\"thumbnail\":{\"file\":\"Bild-4d-NeuroCure-jk-200212-3499_web3-150x150.jpg\",\"width\":150,\"height\":150,\"mime-type\":\"image\\\/jpeg\"},\"medium_large\":{\"file\":\"Bild-4d-NeuroCure-jk-200212-3499_web3-768x432.jpg\",\"width\":768,\"height\":432,\"mime-type\":\"image\\\/jpeg\"},\"small\":{\"file\":\"Bild-4d-NeuroCure-jk-200212-3499_web3-440x248.jpg\",\"width\":440,\"height\":248,\"mime-type\":\"image\\\/jpeg\"},\"semi\":{\"file\":\"Bild-4d-NeuroCure-jk-200212-3499_web3-580x326.jpg\",\"width\":580,\"height\":326,\"mime-type\":\"image\\\/jpeg\"},\"mobile\":{\"file\":\"Bild-4d-NeuroCure-jk-200212-3499_web3-720x405.jpg\",\"width\":720,\"height\":405,\"mime-type\":\"image\\\/jpeg\"},\"hd\":{\"file\":\"Bild-4d-NeuroCure-jk-200212-3499_web3-1280x720.jpg\",\"width\":1280,\"height\":720,\"mime-type\":\"image\\\/jpeg\"},\"full\":{\"file\":\"Bild-4d-NeuroCure-jk-200212-3499_web3-1920x1080.jpg\",\"width\":1920,\"height\":1080,\"mime-type\":\"image\\\/jpeg\"},\"1536x1536\":{\"file\":\"Bild-4d-NeuroCure-jk-200212-3499_web3-1536x864.jpg\",\"width\":1536,\"height\":864,\"mime-type\":\"image\\\/jpeg\"},\"original\":{\"file\":\"Bild-4d-NeuroCure-jk-200212-3499_web3.jpg\",\"width\":2000,\"height\":1125}},\n\t\t\t\t\"alt\" : \"Technological devices and cables in a dark environment, with focus on a central robotic element.\",\n\t\t\t\t\"path\" : \"\\\/wp-content\\\/uploads\\\/2021\\\/05\\\/\",\n\t\t\t\t\"video\" : null,\n\t\t\t\t\"autoplay\" : null,\n\t\t\t\t\"youtube\" : null,\n\t\t\t\t\"youtubelabel\" : \"Play video\",\n\t\t\t\t\"brightness\" : 100,\n\t\t\t\t\"crop\" : {\"top\":\"26.37\",\"left\":\"50.09\"},\n\t\t\t\t\"background\" : true,\n\t\t\t\t\"scale\" : 2\t\t\t\t}\n\t\t\t<\/script>\n\n\t\t\t<div class=\"height-container\" style=\"padding-bottom:56.25%;\" v-if=\"sizes\">\n\t\t\t\t\t\t\t\t<lazy-media :inline=\"true\" :alt=\"alt\" :sizes=\"sizes\" :scale=\"scale\" :brightness=\"brightness\" :path=\"path\" :video=\"video\" :autoplay=\"autoplay\" :youtube=\"youtube\" :crop=\"crop\" :youtubelabel=\"youtubelabel\" :background=\"background\" media-id=\"desc_media_69f4ef7e9aabc\"><\/lazy-media>\n\t\t\t\t\t\t\t<\/div>\n\n\t\t\t\t\t\t\t<figcaption class=\"sr-only\" ref=\"body\" id=\"desc_media_69f4ef7e9aabc\">\n\t\t\t\t\t\t\t\t\t\t\t\t\t\t\t\t\t\t\t\t\t<div class=\"insignificant\">\u00a9 NeuroCure \/ Jannis Keil<\/div>\n\t\t\t\t\t\t\t\t\t<\/figcaption>\n\t\t\t\t\t<\/figure>\n\t<\/lazy-media-inline>\n\t\t\t\t<\/div>\n\t\t\t<\/div>\n\t\t\t<div class=\"col-xs-12 teaser-event-text Infos\">\n\t\t\t\t<div class=\"teaser-event-standard-text\">\n\t\t\t\t\t<div class=\"margin-bottom-atom\">\n\t\t\t\t\t\t<div class=\"subline clamp-1\" v-html=\"maingenre\"><\/div>\n\t\t\t\t\t\t\t\t\t\t\t\t\t<div class=\"insignificant clamp-2\">WeSearch<\/div>\n\t\t\t\t\t\t\t\t\t\t\t<\/div>\n\t\t\t\t\n\t\t\t\t\t<strong class=\"margin-bottom-atom\">What&#8217;s in our heads?<\/strong>\n\n\t\t\t\t\t\t\t\t\t\t\t<div class=\"\">New Perspectives in the Therapy of Neurological and Psychiatric Diseases<\/div>\n\t\t\t\t\t\t\t\t\t<\/div>\n\t\t\t\t<div class=\"teaser-bottom border-bottom\">\n\t\t\t\t<calendardateline :rawitem='item' :show-icon=\"true\"><\/calendardateline>\n\t\t\t\t\t<hr>\n\t\t\t\t<\/div>\n\t\t\t<\/div>\n\t\t<\/div>\n\t<\/a>\n\t<\/calendarteaser>\n<\/li>\n\n<li class=\"col-xs-6 col-sm-4 col-md-3 teaser-wrapper col-padding-remove\">\n\t<calendarteaser key=\"232997851\" rawitem='{&quot;postId&quot;:23299,&quot;title&quot;:&quot;German Non-Fiction Prize \\u2013 the Matin\\u00e9e&quot;,&quot;excerpt&quot;:&quot;A conversation with the eight nominees for the German Non-Fiction Prize&quot;,&quot;slug&quot;:&quot;german-non-fiction-prize-the-matinee&quot;,&quot;post_date&quot;:&quot;2021-05-20T14:47&quot;,&quot;type&quot;:&quot;event&quot;,&quot;permalink&quot;:&quot;https:\\\/\\\/www.humboldtforum.org\\\/en\\\/programm\\\/termin\\\/discourse\\\/german-non-fiction-prize-the-matinee-23299\\\/&quot;,&quot;genre&quot;:[566,567],&quot;genre_details&quot;:[{&quot;text&quot;:&quot;Discourse&quot;,&quot;id&quot;:566,&quot;icon&quot;:null,&quot;parent&quot;:0},{&quot;text&quot;:&quot;Science and Humanities&quot;,&quot;id&quot;:567,&quot;icon&quot;:null,&quot;parent&quot;:0}],&quot;digital&quot;:[873],&quot;digital_details&quot;:[{&quot;text&quot;:&quot;Livestream&quot;,&quot;id&quot;:873,&quot;icon&quot;:null,&quot;parent&quot;:0}],&quot;stakeholder&quot;:[595],&quot;stakeholder_details&quot;:[{&quot;text&quot;:&quot;Stiftung Humboldt Forum im Berliner Schloss&quot;,&quot;id&quot;:595,&quot;icon&quot;:null,&quot;parent&quot;:0}],&quot;language&quot;:[579,736],&quot;language_details&quot;:[{&quot;text&quot;:&quot;German&quot;,&quot;id&quot;:579,&quot;icon&quot;:null,&quot;parent&quot;:0},{&quot;text&quot;:&quot;German Sign Language&quot;,&quot;id&quot;:736,&quot;icon&quot;:null,&quot;parent&quot;:0}],&quot;place&quot;:[605],&quot;place_details&quot;:{&quot;place&quot;:&quot;Humboldt Forum&quot;,&quot;map&quot;:&quot;Humboldt Forum, Schlossplatz, Berlin&quot;,&quot;room&quot;:&quot;Online event&quot;},&quot;icon_overwrite&quot;:&quot;&quot;,&quot;acf&quot;:{&quot;keywords&quot;:&quot;&quot;,&quot;hashtag&quot;:&quot;HumboldtForum&quot;,&quot;shorturl&quot;:&quot;&quot;,&quot;subline&quot;:&quot;In conversation with the nominees&quot;,&quot;video&quot;:false,&quot;hyphenation&quot;:true,&quot;noindex&quot;:false,&quot;belongsto&quot;:false,&quot;times&quot;:[],&quot;planning&quot;:{&quot;price&quot;:&quot;Free admission, online event&quot;,&quot;admission&quot;:&quot;&quot;,&quot;pause&quot;:&quot;&quot;,&quot;duration&quot;:&quot;&quot;},&quot;subline_feature&quot;:&quot;&quot;,&quot;marketing_text&quot;:&quot;&quot;,&quot;shorttext&quot;:&quot;A conversation with the eight nominees for the German Non-Fiction Prize&quot;,&quot;longtext&quot;:&quot;&quot;,&quot;highlight_header&quot;:false,&quot;featured_images&quot;:[22430],&quot;tipp&quot;:false,&quot;alert_text&quot;:&quot;&quot;,&quot;joker&quot;:false,&quot;live&quot;:true,&quot;yt&quot;:&quot;https:\\\/\\\/www.youtube.com\\\/watch?v=SjFg5rdzEJU&quot;,&quot;announcement&quot;:&quot;&quot;,&quot;overwrite_date&quot;:&quot;&quot;,&quot;highlight_header_image&quot;:false,&quot;has_mobile_format&quot;:false,&quot;highlight_header_image_mobile&quot;:false,&quot;mobile_video&quot;:false,&quot;use_video_in_teasers&quot;:false,&quot;video_brightness&quot;:66,&quot;color&quot;:&quot;&quot;,&quot;dark_mode&quot;:false,&quot;tickettext&quot;:&quot;&quot;,&quot;infotext&quot;:&quot;&quot;,&quot;additional_info&quot;:{&quot;icon&quot;:0,&quot;text&quot;:&quot;&quot;},&quot;hm_id&quot;:&quot;&quot;,&quot;hide_event_in_program&quot;:false},&quot;date&quot;:{&quot;NX&quot;:null,&quot;NXX&quot;:null,&quot;NLAST&quot;:&quot;202106130700&quot;,&quot;from_DATE&quot;:&quot;20210613 11:00&quot;,&quot;from&quot;:1623567600,&quot;to&quot;:1623567600,&quot;to_DATE&quot;:&quot;20210613 11:00&quot;,&quot;from_HRFSHORT&quot;:&quot;13 Jun 2021&quot;,&quot;from_HRFSHORT_WD&quot;:&quot;Sun 13\\\/06\\\/2021&quot;,&quot;to_HRFSHORT&quot;:&quot;13 Jun 2021&quot;,&quot;to_HRFSHORT_WD&quot;:&quot;Sun 13\\\/06\\\/2021&quot;,&quot;from_HRF&quot;:&quot;Sun, 13 June 2021&quot;,&quot;to_HRF&quot;:&quot;Sun, 13 June 2021&quot;,&quot;from_to_HRF&quot;:&quot;Sun, 13 June \\u2013 Sun, 13 June 2021&quot;,&quot;from_to_HRFSHORT&quot;:&quot;13 Jun \\u2013 13 Jun 2021&quot;},&quot;alert&quot;:&quot;Livestream&quot;,&quot;partof&quot;:[],&quot;marketing_topic&quot;:&quot;&quot;}' inline-template>\n\t<a href=\"https:\/\/www.humboldtforum.org\/en\/programm\/termin\/discourse\/german-non-fiction-prize-the-matinee-23299\/\" class=\"teaser teaser-event teaser-event-standard\">\n\t\t<div class=\"row\">\n\t\t\t<div class=\"col-xs-12 teaser-event-image\">\n\t\t\t\t<div class=\"teaser-image teaser-image-no-alternate\">\n\t\t\t\t\t\t\t\t\t\t\t\t\t<calendardateline :rawitem='item' :show-icon=\"true\" template=\"alert\" force-date=\"Livestream\"><\/calendardateline>\n\t\t\t\t\t\t\t\t\t\t\t\n\t<lazy-media-inline inline-template>\n\t\t<figure itemscope itemtype=\"http:\/\/schema.org\/ImageObject\" class=\"lazy-media-inline \" role=\"group\" id=\"media_69f4ef7e9c2c3\" aria-labelledby=\"desc_media_69f4ef7e9c2c3\">\n\t\t\t<script type=\"application\/json\" ref=\"data\">\n\t\t\t\t{\n\t\t\t\t\"sizes\" : {\"medium\":{\"file\":\"0052druck_nominiertecvntr-media-300x233.jpg\",\"width\":300,\"height\":233,\"mime-type\":\"image\\\/jpeg\"},\"large\":{\"file\":\"0052druck_nominiertecvntr-media-1024x794.jpg\",\"width\":1024,\"height\":794,\"mime-type\":\"image\\\/jpeg\"},\"thumbnail\":{\"file\":\"0052druck_nominiertecvntr-media-150x150.jpg\",\"width\":150,\"height\":150,\"mime-type\":\"image\\\/jpeg\"},\"medium_large\":{\"file\":\"0052druck_nominiertecvntr-media-768x596.jpg\",\"width\":768,\"height\":596,\"mime-type\":\"image\\\/jpeg\"},\"small\":{\"file\":\"0052druck_nominiertecvntr-media-440x341.jpg\",\"width\":440,\"height\":341,\"mime-type\":\"image\\\/jpeg\"},\"semi\":{\"file\":\"0052druck_nominiertecvntr-media-580x450.jpg\",\"width\":580,\"height\":450,\"mime-type\":\"image\\\/jpeg\"},\"mobile\":{\"file\":\"0052druck_nominiertecvntr-media-720x559.jpg\",\"width\":720,\"height\":559,\"mime-type\":\"image\\\/jpeg\"},\"hd\":{\"file\":\"0052druck_nominiertecvntr-media-1280x993.jpg\",\"width\":1280,\"height\":993,\"mime-type\":\"image\\\/jpeg\"},\"full\":{\"file\":\"0052druck_nominiertecvntr-media-1920x1490.jpg\",\"width\":1920,\"height\":1490,\"mime-type\":\"image\\\/jpeg\"},\"1536x1536\":{\"file\":\"0052druck_nominiertecvntr-media-1536x1192.jpg\",\"width\":1536,\"height\":1192,\"mime-type\":\"image\\\/jpeg\"},\"2048x2048\":{\"file\":\"0052druck_nominiertecvntr-media-2048x1589.jpg\",\"width\":2048,\"height\":1589,\"mime-type\":\"image\\\/jpeg\"},\"original\":{\"file\":\"0052druck_nominiertecvntr-media.jpg\",\"width\":3440,\"height\":2669}},\n\t\t\t\t\"alt\" : \"Book series on a table with a blue background. Five different titles arranged in a row.\",\n\t\t\t\t\"path\" : \"\\\/wp-content\\\/uploads\\\/2021\\\/05\\\/\",\n\t\t\t\t\"video\" : null,\n\t\t\t\t\"autoplay\" : null,\n\t\t\t\t\"youtube\" : null,\n\t\t\t\t\"youtubelabel\" : \"Play video\",\n\t\t\t\t\"brightness\" : 100,\n\t\t\t\t\"crop\" : {\"top\":\"86.36\",\"left\":\"49.87\"},\n\t\t\t\t\"background\" : true,\n\t\t\t\t\"scale\" : 2\t\t\t\t}\n\t\t\t<\/script>\n\n\t\t\t<div class=\"height-container\" style=\"padding-bottom:77.587209302326%;\" v-if=\"sizes\">\n\t\t\t\t\t\t\t\t<lazy-media :inline=\"true\" :alt=\"alt\" :sizes=\"sizes\" :scale=\"scale\" :brightness=\"brightness\" :path=\"path\" :video=\"video\" :autoplay=\"autoplay\" :youtube=\"youtube\" :crop=\"crop\" :youtubelabel=\"youtubelabel\" :background=\"background\" media-id=\"desc_media_69f4ef7e9c2c3\"><\/lazy-media>\n\t\t\t\t\t\t\t<\/div>\n\n\t\t\t\t\t\t\t<figcaption class=\"sr-only\" ref=\"body\" id=\"desc_media_69f4ef7e9c2c3\">\n\t\t\t\t\t\t\t\t\t\t\t\t\t\t\t\t<div>The nominated books for the German Non-Fiction Prize  <\/div>\n\t\t\t\t\t\t\t\t\t\t\t\t\t\t\t\t<div class=\"insignificant\">\u00a9 vntr.media<\/div>\n\t\t\t\t\t\t\t\t\t<\/figcaption>\n\t\t\t\t\t<\/figure>\n\t<\/lazy-media-inline>\n\t\t\t\t<\/div>\n\t\t\t<\/div>\n\t\t\t<div class=\"col-xs-12 teaser-event-text Infos\">\n\t\t\t\t<div class=\"teaser-event-standard-text\">\n\t\t\t\t\t<div class=\"margin-bottom-atom\">\n\t\t\t\t\t\t<div class=\"subline clamp-1\" v-html=\"maingenre\"><\/div>\n\t\t\t\t\t\t\t\t\t\t\t<\/div>\n\t\t\t\t\n\t\t\t\t\t<strong class=\"margin-bottom-atom\">German Non-Fiction Prize \u2013 the Matin\u00e9e<\/strong>\n\n\t\t\t\t\t\t\t\t\t\t\t<div class=\"\">In conversation with the nominees<\/div>\n\t\t\t\t\t\t\t\t\t<\/div>\n\t\t\t\t<div class=\"teaser-bottom border-bottom\">\n\t\t\t\t<calendardateline :rawitem='item' :show-icon=\"true\"><\/calendardateline>\n\t\t\t\t\t<hr>\n\t\t\t\t<\/div>\n\t\t\t<\/div>\n\t\t<\/div>\n\t<\/a>\n\t<\/calendarteaser>\n<\/li>\n\n<li class=\"col-xs-6 col-sm-4 col-md-3 teaser-wrapper col-padding-remove\">\n\t<calendarteaser key=\"2241017271\" rawitem='{&quot;postId&quot;:22410,&quot;title&quot;:&quot;Perfect \\u2013 or no good at all?&quot;,&quot;excerpt&quot;:&quot;What standards do works of architecture have to meet? Who determines these standards? &quot;,&quot;slug&quot;:&quot;perfect-or-no-good-at-all&quot;,&quot;post_date&quot;:&quot;2021-05-19T15:56&quot;,&quot;type&quot;:&quot;event&quot;,&quot;permalink&quot;:&quot;https:\\\/\\\/www.humboldtforum.org\\\/en\\\/programm\\\/termin\\\/discourse\\\/perfect-or-no-good-at-all-22410\\\/&quot;,&quot;genre&quot;:[566],&quot;genre_details&quot;:[{&quot;text&quot;:&quot;Discourse&quot;,&quot;id&quot;:566,&quot;icon&quot;:null,&quot;parent&quot;:0}],&quot;digital&quot;:[873],&quot;digital_details&quot;:[{&quot;text&quot;:&quot;Livestream&quot;,&quot;id&quot;:873,&quot;icon&quot;:null,&quot;parent&quot;:0}],&quot;stakeholder&quot;:[595],&quot;stakeholder_details&quot;:[{&quot;text&quot;:&quot;Stiftung Humboldt Forum im Berliner Schloss&quot;,&quot;id&quot;:595,&quot;icon&quot;:null,&quot;parent&quot;:0}],&quot;targetgroup&quot;:[585],&quot;targetgroup_details&quot;:[{&quot;text&quot;:&quot;Adults&quot;,&quot;id&quot;:585,&quot;icon&quot;:null,&quot;parent&quot;:0}],&quot;language&quot;:[580,579],&quot;language_details&quot;:[{&quot;text&quot;:&quot;English&quot;,&quot;id&quot;:580,&quot;icon&quot;:null,&quot;parent&quot;:0},{&quot;text&quot;:&quot;German&quot;,&quot;id&quot;:579,&quot;icon&quot;:null,&quot;parent&quot;:0}],&quot;place&quot;:[605],&quot;place_details&quot;:{&quot;place&quot;:&quot;Humboldt Forum&quot;,&quot;map&quot;:&quot;Humboldt Forum, Schlossplatz, Berlin&quot;,&quot;room&quot;:&quot;Online event&quot;},&quot;icon_overwrite&quot;:&quot;&quot;,&quot;acf&quot;:{&quot;keywords&quot;:&quot;&quot;,&quot;hashtag&quot;:&quot;HumboldtForum&quot;,&quot;shorturl&quot;:&quot;&quot;,&quot;subline&quot;:&quot;On rules, risks, and failure in architecture, literature, and life&quot;,&quot;video&quot;:false,&quot;hyphenation&quot;:true,&quot;noindex&quot;:false,&quot;times&quot;:[],&quot;planning&quot;:{&quot;price&quot;:&quot;Online event, free admission&quot;,&quot;admission&quot;:&quot;&quot;,&quot;pause&quot;:&quot;&quot;,&quot;duration&quot;:&quot;&quot;},&quot;subline_feature&quot;:&quot;&quot;,&quot;marketing_text&quot;:&quot;&quot;,&quot;shorttext&quot;:&quot;What standards do works of architecture have to meet? Who determines these standards? &quot;,&quot;longtext&quot;:&quot;&quot;,&quot;highlight_header&quot;:false,&quot;featured_images&quot;:[22352],&quot;tipp&quot;:false,&quot;alert_text&quot;:&quot;&quot;,&quot;joker&quot;:false,&quot;live&quot;:true,&quot;announcement&quot;:&quot;&quot;,&quot;overwrite_date&quot;:&quot;&quot;,&quot;yt&quot;:&quot;https:\\\/\\\/www.youtube.com\\\/watch?v=5VFTsXR_i-8&quot;,&quot;belongsto&quot;:false,&quot;highlight_header_image&quot;:false,&quot;has_mobile_format&quot;:false,&quot;highlight_header_image_mobile&quot;:false,&quot;mobile_video&quot;:false,&quot;use_video_in_teasers&quot;:false,&quot;video_brightness&quot;:66,&quot;color&quot;:&quot;&quot;,&quot;dark_mode&quot;:false,&quot;tickettext&quot;:&quot;&quot;,&quot;infotext&quot;:&quot;&quot;,&quot;additional_info&quot;:{&quot;icon&quot;:0,&quot;text&quot;:&quot;&quot;},&quot;hm_id&quot;:&quot;&quot;,&quot;hide_event_in_program&quot;:false},&quot;date&quot;:{&quot;NX&quot;:null,&quot;NXX&quot;:null,&quot;NLAST&quot;:&quot;202106031500&quot;,&quot;from_DATE&quot;:&quot;20210603 19:00&quot;,&quot;from&quot;:1622732400,&quot;to&quot;:1622732400,&quot;to_DATE&quot;:&quot;20210603 19:00&quot;,&quot;from_HRFSHORT&quot;:&quot; 3 Jun 2021&quot;,&quot;from_HRFSHORT_WD&quot;:&quot;Thu 03\\\/06\\\/2021&quot;,&quot;to_HRFSHORT&quot;:&quot; 3 Jun 2021&quot;,&quot;to_HRFSHORT_WD&quot;:&quot;Thu 03\\\/06\\\/2021&quot;,&quot;from_HRF&quot;:&quot;Thu,  3 June 2021&quot;,&quot;to_HRF&quot;:&quot;Thu,  3 June 2021&quot;,&quot;from_to_HRF&quot;:&quot;Thu,  3 June \\u2013 Thu,  3 June 2021&quot;,&quot;from_to_HRFSHORT&quot;:&quot; 3 Jun \\u2013  3 Jun 2021&quot;},&quot;alert&quot;:&quot;Livestream&quot;,&quot;partof&quot;:[],&quot;marketing_topic&quot;:&quot;&quot;}' inline-template>\n\t<a href=\"https:\/\/www.humboldtforum.org\/en\/programm\/termin\/discourse\/perfect-or-no-good-at-all-22410\/\" class=\"teaser teaser-event teaser-event-standard\">\n\t\t<div class=\"row\">\n\t\t\t<div class=\"col-xs-12 teaser-event-image\">\n\t\t\t\t<div class=\"teaser-image teaser-image-no-alternate\">\n\t\t\t\t\t\t\t\t\t\t\t\t\t<calendardateline :rawitem='item' :show-icon=\"true\" template=\"alert\" force-date=\"Livestream\"><\/calendardateline>\n\t\t\t\t\t\t\t\t\t\t\t\n\t<lazy-media-inline inline-template>\n\t\t<figure itemscope itemtype=\"http:\/\/schema.org\/ImageObject\" class=\"lazy-media-inline \" role=\"group\" id=\"media_69f4ef7e9d97d\" aria-labelledby=\"desc_media_69f4ef7e9d97d\">\n\t\t\t<script type=\"application\/json\" ref=\"data\">\n\t\t\t\t{\n\t\t\t\t\"sizes\" : {\"medium\":{\"file\":\"SWPlan_Bestand_2019_Senatsverwaltung_fuer-Stadtentwicklung_und_Wohnen_Berlin_web-300x203.jpg\",\"width\":300,\"height\":203,\"mime-type\":\"image\\\/jpeg\"},\"large\":{\"file\":\"SWPlan_Bestand_2019_Senatsverwaltung_fuer-Stadtentwicklung_und_Wohnen_Berlin_web-1024x694.jpg\",\"width\":1024,\"height\":694,\"mime-type\":\"image\\\/jpeg\"},\"thumbnail\":{\"file\":\"SWPlan_Bestand_2019_Senatsverwaltung_fuer-Stadtentwicklung_und_Wohnen_Berlin_web-150x150.jpg\",\"width\":150,\"height\":150,\"mime-type\":\"image\\\/jpeg\"},\"medium_large\":{\"file\":\"SWPlan_Bestand_2019_Senatsverwaltung_fuer-Stadtentwicklung_und_Wohnen_Berlin_web-768x520.jpg\",\"width\":768,\"height\":520,\"mime-type\":\"image\\\/jpeg\"},\"small\":{\"file\":\"SWPlan_Bestand_2019_Senatsverwaltung_fuer-Stadtentwicklung_und_Wohnen_Berlin_web-440x298.jpg\",\"width\":440,\"height\":298,\"mime-type\":\"image\\\/jpeg\"},\"semi\":{\"file\":\"SWPlan_Bestand_2019_Senatsverwaltung_fuer-Stadtentwicklung_und_Wohnen_Berlin_web-580x393.jpg\",\"width\":580,\"height\":393,\"mime-type\":\"image\\\/jpeg\"},\"mobile\":{\"file\":\"SWPlan_Bestand_2019_Senatsverwaltung_fuer-Stadtentwicklung_und_Wohnen_Berlin_web-720x488.jpg\",\"width\":720,\"height\":488,\"mime-type\":\"image\\\/jpeg\"},\"hd\":{\"file\":\"SWPlan_Bestand_2019_Senatsverwaltung_fuer-Stadtentwicklung_und_Wohnen_Berlin_web-1280x867.jpg\",\"width\":1280,\"height\":867,\"mime-type\":\"image\\\/jpeg\"},\"full\":{\"file\":\"SWPlan_Bestand_2019_Senatsverwaltung_fuer-Stadtentwicklung_und_Wohnen_Berlin_web-1920x1301.jpg\",\"width\":1920,\"height\":1301,\"mime-type\":\"image\\\/jpeg\"},\"1536x1536\":{\"file\":\"SWPlan_Bestand_2019_Senatsverwaltung_fuer-Stadtentwicklung_und_Wohnen_Berlin_web-1536x1041.jpg\",\"width\":1536,\"height\":1041,\"mime-type\":\"image\\\/jpeg\"},\"2048x2048\":{\"file\":\"SWPlan_Bestand_2019_Senatsverwaltung_fuer-Stadtentwicklung_und_Wohnen_Berlin_web-2048x1388.jpg\",\"width\":2048,\"height\":1388,\"mime-type\":\"image\\\/jpeg\"},\"original\":{\"file\":\"SWPlan_Bestand_2019_Senatsverwaltung_fuer-Stadtentwicklung_und_Wohnen_Berlin_web.jpg\",\"width\":2544,\"height\":1724}},\n\t\t\t\t\"alt\" : \"Black and white city map featuring a street network and river course, presented in an abstract and detailed manner.\",\n\t\t\t\t\"path\" : \"\\\/wp-content\\\/uploads\\\/2021\\\/05\\\/\",\n\t\t\t\t\"video\" : null,\n\t\t\t\t\"autoplay\" : null,\n\t\t\t\t\"youtube\" : null,\n\t\t\t\t\"youtubelabel\" : \"Play video\",\n\t\t\t\t\"brightness\" : 100,\n\t\t\t\t\"crop\" : {\"top\":\"38.41\",\"left\":\"48.75\"},\n\t\t\t\t\"background\" : true,\n\t\t\t\t\"scale\" : 2\t\t\t\t}\n\t\t\t<\/script>\n\n\t\t\t<div class=\"height-container\" style=\"padding-bottom:67.767295597484%;\" v-if=\"sizes\">\n\t\t\t\t\t\t\t\t<lazy-media :inline=\"true\" :alt=\"alt\" :sizes=\"sizes\" :scale=\"scale\" :brightness=\"brightness\" :path=\"path\" :video=\"video\" :autoplay=\"autoplay\" :youtube=\"youtube\" :crop=\"crop\" :youtubelabel=\"youtubelabel\" :background=\"background\" media-id=\"desc_media_69f4ef7e9d97d\"><\/lazy-media>\n\t\t\t\t\t\t\t<\/div>\n\n\t\t\t\t\t\t\t<figcaption class=\"sr-only\" ref=\"body\" id=\"desc_media_69f4ef7e9d97d\">\n\t\t\t\t\t\t\t\t\t\t\t<div>Berlin around 2019. Section of the black plan. Scale: 1:5000.<\/div>\n\t\t\t\t\t\t\t\t\t\t\t\t\t\t\t\t\t\t\t\t\t<div class=\"insignificant\">\u00a9 Senatsverwaltung f\u00fcr Stadtentwicklung und Wohnen Berlin<\/div>\n\t\t\t\t\t\t\t\t\t<\/figcaption>\n\t\t\t\t\t<\/figure>\n\t<\/lazy-media-inline>\n\t\t\t\t<\/div>\n\t\t\t<\/div>\n\t\t\t<div class=\"col-xs-12 teaser-event-text Infos\">\n\t\t\t\t<div class=\"teaser-event-standard-text\">\n\t\t\t\t\t<div class=\"margin-bottom-atom\">\n\t\t\t\t\t\t<div class=\"subline clamp-1\" v-html=\"maingenre\"><\/div>\n\t\t\t\t\t\t\t\t\t\t\t<\/div>\n\t\t\t\t\n\t\t\t\t\t<strong class=\"margin-bottom-atom\">Perfect \u2013 or no good at all?<\/strong>\n\n\t\t\t\t\t\t\t\t\t\t\t<div class=\"\">On rules, risks, and failure in architecture, literature, and life<\/div>\n\t\t\t\t\t\t\t\t\t<\/div>\n\t\t\t\t<div class=\"teaser-bottom border-bottom\">\n\t\t\t\t<calendardateline :rawitem='item' :show-icon=\"true\"><\/calendardateline>\n\t\t\t\t\t<hr>\n\t\t\t\t<\/div>\n\t\t\t<\/div>\n\t\t<\/div>\n\t<\/a>\n\t<\/calendarteaser>\n<\/li>\n\n<li class=\"col-xs-6 col-sm-4 col-md-3 teaser-wrapper col-padding-remove\">\n\t<calendarteaser key=\"2175114803\" rawitem='{&quot;postId&quot;:21751,&quot;title&quot;:&quot;Can the liberal script still be saved?&quot;,&quot;excerpt&quot;:&quot;The \\u2018liberal script\\u2019 \\u2013 the organisation of society on the basis of individual self-determination \\u2013 is under pressure&quot;,&quot;slug&quot;:&quot;can-the-liberal-script-still-be-saved&quot;,&quot;post_date&quot;:&quot;2021-04-27T12:13&quot;,&quot;type&quot;:&quot;event&quot;,&quot;permalink&quot;:&quot;https:\\\/\\\/www.humboldtforum.org\\\/en\\\/programm\\\/termin\\\/discourse\\\/can-the-liberal-script-still-be-saved-21751\\\/&quot;,&quot;genre&quot;:[566,567],&quot;genre_details&quot;:[{&quot;text&quot;:&quot;Discourse&quot;,&quot;id&quot;:566,&quot;icon&quot;:null,&quot;parent&quot;:0},{&quot;text&quot;:&quot;Science and Humanities&quot;,&quot;id&quot;:567,&quot;icon&quot;:null,&quot;parent&quot;:0}],&quot;digital&quot;:[873],&quot;digital_details&quot;:[{&quot;text&quot;:&quot;Livestream&quot;,&quot;id&quot;:873,&quot;icon&quot;:null,&quot;parent&quot;:0}],&quot;stakeholder&quot;:[595],&quot;stakeholder_details&quot;:[{&quot;text&quot;:&quot;Stiftung Humboldt Forum im Berliner Schloss&quot;,&quot;id&quot;:595,&quot;icon&quot;:null,&quot;parent&quot;:0}],&quot;targetgroup&quot;:[585],&quot;targetgroup_details&quot;:[{&quot;text&quot;:&quot;Adults&quot;,&quot;id&quot;:585,&quot;icon&quot;:null,&quot;parent&quot;:0}],&quot;language&quot;:[579,736],&quot;language_details&quot;:[{&quot;text&quot;:&quot;German&quot;,&quot;id&quot;:579,&quot;icon&quot;:null,&quot;parent&quot;:0},{&quot;text&quot;:&quot;German Sign Language&quot;,&quot;id&quot;:736,&quot;icon&quot;:null,&quot;parent&quot;:0}],&quot;place&quot;:[605],&quot;place_details&quot;:{&quot;place&quot;:&quot;Humboldt Forum&quot;,&quot;map&quot;:&quot;Humboldt Forum, Schlossplatz, Berlin&quot;,&quot;room&quot;:&quot;Online event&quot;},&quot;icon_overwrite&quot;:&quot;&quot;,&quot;acf&quot;:{&quot;noindex&quot;:false,&quot;times&quot;:[],&quot;planning&quot;:{&quot;price&quot;:&quot;Free admission, online event&quot;,&quot;admission&quot;:&quot;&quot;,&quot;pause&quot;:&quot;&quot;,&quot;duration&quot;:&quot;&quot;},&quot;marketing_text&quot;:&quot;The \\u2018liberal script\\u2019 is under pressure &quot;,&quot;shorttext&quot;:&quot;The \\u2018liberal script\\u2019 \\u2013 the organisation of society on the basis of individual self-determination \\u2013 is under pressure&quot;,&quot;highlight_header&quot;:false,&quot;featured_images&quot;:[21746],&quot;tipp&quot;:false,&quot;alert_text&quot;:&quot;Recording&quot;,&quot;joker&quot;:false,&quot;live&quot;:false,&quot;yt&quot;:&quot; https:\\\/\\\/www.youtube.com\\\/watch?v=mSKri9DWgdo&quot;,&quot;keywords&quot;:&quot;&quot;,&quot;hashtag&quot;:&quot;HumboldtForum&quot;,&quot;shorturl&quot;:&quot;&quot;,&quot;subline&quot;:&quot;An idea for organizing society in crisis&quot;,&quot;hyphenation&quot;:true,&quot;belongsto&quot;:[20455],&quot;hm_id&quot;:&quot;&quot;,&quot;gomus_id&quot;:&quot;&quot;,&quot;additional_info&quot;:{&quot;icon&quot;:&quot;0&quot;,&quot;text&quot;:&quot;&quot;},&quot;use_video_in_teasers&quot;:false,&quot;hide_event_in_program&quot;:false},&quot;date&quot;:{&quot;NX&quot;:null,&quot;NXX&quot;:null,&quot;NLAST&quot;:&quot;202105271500&quot;,&quot;from_DATE&quot;:&quot;20210527 19:00&quot;,&quot;from&quot;:1622127600,&quot;to&quot;:1622127600,&quot;to_DATE&quot;:&quot;20210527 19:00&quot;,&quot;from_HRFSHORT&quot;:&quot;27 May 2021&quot;,&quot;from_HRFSHORT_WD&quot;:&quot;Thu 27\\\/05\\\/2021&quot;,&quot;to_HRFSHORT&quot;:&quot;27 May 2021&quot;,&quot;to_HRFSHORT_WD&quot;:&quot;Thu 27\\\/05\\\/2021&quot;,&quot;from_HRF&quot;:&quot;Thu, 27 May 2021&quot;,&quot;to_HRF&quot;:&quot;Thu, 27 May 2021&quot;,&quot;from_to_HRF&quot;:&quot;Thu, 27 May \\u2013 Thu, 27 May 2021&quot;,&quot;from_to_HRFSHORT&quot;:&quot;27 May \\u2013 27 May 2021&quot;},&quot;alert&quot;:&quot;Recording&quot;,&quot;partof&quot;:[20455],&quot;marketing_topic&quot;:{&quot;title&quot;:&quot;WeSearch&quot;,&quot;ID&quot;:20455,&quot;reason&quot;:&quot;sequence&quot;}}' inline-template>\n\t<a href=\"https:\/\/www.humboldtforum.org\/en\/programm\/termin\/discourse\/can-the-liberal-script-still-be-saved-21751\/\" class=\"teaser teaser-event teaser-event-standard\">\n\t\t<div class=\"row\">\n\t\t\t<div class=\"col-xs-12 teaser-event-image\">\n\t\t\t\t<div class=\"teaser-image teaser-image-no-alternate\">\n\t\t\t\t\t\t\t\t\t\t\t\t\t<span class=\"alert\">Recording<\/span>\n\t\t\t\t\t\t\t\t\t\t\t\n\t<lazy-media-inline inline-template>\n\t\t<figure itemscope itemtype=\"http:\/\/schema.org\/ImageObject\" class=\"lazy-media-inline \" role=\"group\" id=\"media_69f4ef7e9edbd\" aria-labelledby=\"desc_media_69f4ef7e9edbd\">\n\t\t\t<script type=\"application\/json\" ref=\"data\">\n\t\t\t\t{\n\t\t\t\t\"sizes\" : {\"medium\":{\"file\":\"Vanessa-Alessi-Collage-Scripts-CUTforWEB-29092017_2-300x200.jpg\",\"width\":300,\"height\":200,\"mime-type\":\"image\\\/jpeg\"},\"large\":{\"file\":\"Vanessa-Alessi-Collage-Scripts-CUTforWEB-29092017_2-1024x682.jpg\",\"width\":1024,\"height\":682,\"mime-type\":\"image\\\/jpeg\"},\"thumbnail\":{\"file\":\"Vanessa-Alessi-Collage-Scripts-CUTforWEB-29092017_2-150x150.jpg\",\"width\":150,\"height\":150,\"mime-type\":\"image\\\/jpeg\"},\"medium_large\":{\"file\":\"Vanessa-Alessi-Collage-Scripts-CUTforWEB-29092017_2-768x511.jpg\",\"width\":768,\"height\":511,\"mime-type\":\"image\\\/jpeg\"},\"small\":{\"file\":\"Vanessa-Alessi-Collage-Scripts-CUTforWEB-29092017_2-440x293.jpg\",\"width\":440,\"height\":293,\"mime-type\":\"image\\\/jpeg\"},\"semi\":{\"file\":\"Vanessa-Alessi-Collage-Scripts-CUTforWEB-29092017_2-580x386.jpg\",\"width\":580,\"height\":386,\"mime-type\":\"image\\\/jpeg\"},\"mobile\":{\"file\":\"Vanessa-Alessi-Collage-Scripts-CUTforWEB-29092017_2-720x479.jpg\",\"width\":720,\"height\":479,\"mime-type\":\"image\\\/jpeg\"},\"hd\":{\"file\":\"Vanessa-Alessi-Collage-Scripts-CUTforWEB-29092017_2-1280x852.jpg\",\"width\":1280,\"height\":852,\"mime-type\":\"image\\\/jpeg\"},\"full\":{\"file\":\"Vanessa-Alessi-Collage-Scripts-CUTforWEB-29092017_2-1920x1279.jpg\",\"width\":1920,\"height\":1279,\"mime-type\":\"image\\\/jpeg\"},\"xxl\":{\"file\":\"Vanessa-Alessi-Collage-Scripts-CUTforWEB-29092017_2-4048x2696.jpg\",\"width\":4048,\"height\":2696,\"mime-type\":\"image\\\/jpeg\"},\"1536x1536\":{\"file\":\"Vanessa-Alessi-Collage-Scripts-CUTforWEB-29092017_2-1536x1023.jpg\",\"width\":1536,\"height\":1023,\"mime-type\":\"image\\\/jpeg\"},\"2048x2048\":{\"file\":\"Vanessa-Alessi-Collage-Scripts-CUTforWEB-29092017_2-2048x1364.jpg\",\"width\":2048,\"height\":1364,\"mime-type\":\"image\\\/jpeg\"},\"original\":{\"file\":\"Vanessa-Alessi-Collage-Scripts-CUTforWEB-29092017_2.jpg\",\"width\":7016,\"height\":4672}},\n\t\t\t\t\"alt\" : \"Collage of political, social, and environmental images depicting conflicts, leaders, and societal issues.\",\n\t\t\t\t\"path\" : \"\\\/wp-content\\\/uploads\\\/2021\\\/04\\\/\",\n\t\t\t\t\"video\" : null,\n\t\t\t\t\"autoplay\" : null,\n\t\t\t\t\"youtube\" : null,\n\t\t\t\t\"youtubelabel\" : \"Play video\",\n\t\t\t\t\"brightness\" : 100,\n\t\t\t\t\"crop\" : {\"top\":\"39.81\",\"left\":\"51.32\"},\n\t\t\t\t\"background\" : true,\n\t\t\t\t\"scale\" : 2\t\t\t\t}\n\t\t\t<\/script>\n\n\t\t\t<div class=\"height-container\" style=\"padding-bottom:66.590649942987%;\" v-if=\"sizes\">\n\t\t\t\t\t\t\t\t<lazy-media :inline=\"true\" :alt=\"alt\" :sizes=\"sizes\" :scale=\"scale\" :brightness=\"brightness\" :path=\"path\" :video=\"video\" :autoplay=\"autoplay\" :youtube=\"youtube\" :crop=\"crop\" :youtubelabel=\"youtubelabel\" :background=\"background\" media-id=\"desc_media_69f4ef7e9edbd\"><\/lazy-media>\n\t\t\t\t\t\t\t<\/div>\n\n\t\t\t\t\t\t\t<figcaption class=\"sr-only\" ref=\"body\" id=\"desc_media_69f4ef7e9edbd\">\n\t\t\t\t\t\t\t\t\t\t\t\t\t\t\t\t\t\t\t\t\t<div class=\"insignificant\">\u00a9 Vanessa Alessi<\/div>\n\t\t\t\t\t\t\t\t\t<\/figcaption>\n\t\t\t\t\t<\/figure>\n\t<\/lazy-media-inline>\n\t\t\t\t<\/div>\n\t\t\t<\/div>\n\t\t\t<div class=\"col-xs-12 teaser-event-text Infos\">\n\t\t\t\t<div class=\"teaser-event-standard-text\">\n\t\t\t\t\t<div class=\"margin-bottom-atom\">\n\t\t\t\t\t\t<div class=\"subline clamp-1\" v-html=\"maingenre\"><\/div>\n\t\t\t\t\t\t\t\t\t\t\t\t\t<div class=\"insignificant clamp-2\">WeSearch<\/div>\n\t\t\t\t\t\t\t\t\t\t\t<\/div>\n\t\t\t\t\n\t\t\t\t\t<strong class=\"margin-bottom-atom\">Can the liberal script still be saved?<\/strong>\n\n\t\t\t\t\t\t\t\t\t\t\t<div class=\"\">The \u2018liberal script\u2019 is under pressure <\/div>\n\t\t\t\t\t\t\t\t\t<\/div>\n\t\t\t\t<div class=\"teaser-bottom border-bottom\">\n\t\t\t\t<calendardateline :rawitem='item' :show-icon=\"true\"><\/calendardateline>\n\t\t\t\t\t<hr>\n\t\t\t\t<\/div>\n\t\t\t<\/div>\n\t\t<\/div>\n\t<\/a>\n\t<\/calendarteaser>\n<\/li>\n\n<li class=\"col-xs-6 col-sm-4 col-md-3 teaser-wrapper col-padding-remove\">\n\t<calendarteaser key=\"214344294\" rawitem='{&quot;postId&quot;:21434,&quot;title&quot;:&quot;No Laughing Matter?&quot;,&quot;excerpt&quot;:&quot;Humour builds relationships: Do we share something in common? Can we laugh together? Are we at all similar?&quot;,&quot;slug&quot;:&quot;no-laughing-matter&quot;,&quot;post_date&quot;:&quot;2021-04-21T14:08&quot;,&quot;type&quot;:&quot;event&quot;,&quot;permalink&quot;:&quot;https:\\\/\\\/www.humboldtforum.org\\\/en\\\/programm\\\/termin\\\/discourse\\\/no-laughing-matter-21434\\\/&quot;,&quot;genre&quot;:[566],&quot;genre_details&quot;:[{&quot;text&quot;:&quot;Discourse&quot;,&quot;id&quot;:566,&quot;icon&quot;:null,&quot;parent&quot;:0}],&quot;digital&quot;:[873],&quot;digital_details&quot;:[{&quot;text&quot;:&quot;Livestream&quot;,&quot;id&quot;:873,&quot;icon&quot;:null,&quot;parent&quot;:0}],&quot;stakeholder&quot;:[595],&quot;stakeholder_details&quot;:[{&quot;text&quot;:&quot;Stiftung Humboldt Forum im Berliner Schloss&quot;,&quot;id&quot;:595,&quot;icon&quot;:null,&quot;parent&quot;:0}],&quot;targetgroup&quot;:[585],&quot;targetgroup_details&quot;:[{&quot;text&quot;:&quot;Adults&quot;,&quot;id&quot;:585,&quot;icon&quot;:null,&quot;parent&quot;:0}],&quot;language&quot;:[580,579],&quot;language_details&quot;:[{&quot;text&quot;:&quot;English&quot;,&quot;id&quot;:580,&quot;icon&quot;:null,&quot;parent&quot;:0},{&quot;text&quot;:&quot;German&quot;,&quot;id&quot;:579,&quot;icon&quot;:null,&quot;parent&quot;:0}],&quot;place&quot;:[605],&quot;place_details&quot;:{&quot;place&quot;:&quot;Humboldt Forum&quot;,&quot;map&quot;:&quot;Humboldt Forum, Schlossplatz, Berlin&quot;,&quot;room&quot;:&quot;Online event&quot;},&quot;icon_overwrite&quot;:&quot;&quot;,&quot;acf&quot;:{&quot;keywords&quot;:&quot;&quot;,&quot;hashtag&quot;:&quot;HumboldtForum&quot;,&quot;shorturl&quot;:&quot;&quot;,&quot;subline&quot;:&quot;How humour can help us talk about racism, coloniality, and identity politics &quot;,&quot;video&quot;:false,&quot;hyphenation&quot;:true,&quot;noindex&quot;:false,&quot;times&quot;:[],&quot;planning&quot;:{&quot;price&quot;:&quot;Free online event&quot;,&quot;admission&quot;:&quot;&quot;,&quot;pause&quot;:&quot;c. 90 min&quot;,&quot;duration&quot;:&quot;&quot;},&quot;subline_feature&quot;:&quot;&quot;,&quot;marketing_text&quot;:&quot;How humour can help us talk about racism, coloniality, and identity politics &quot;,&quot;shorttext&quot;:&quot;Humour builds relationships: Do we share something in common? Can we laugh together? Are we at all similar?&quot;,&quot;longtext&quot;:&quot;&quot;,&quot;highlight_header&quot;:false,&quot;featured_images&quot;:[21462],&quot;tipp&quot;:false,&quot;alert_text&quot;:&quot;&quot;,&quot;joker&quot;:false,&quot;live&quot;:true,&quot;yt&quot;:&quot;https:\\\/\\\/www.youtube.com\\\/watch?v=8L2LABVD790&quot;,&quot;announcement&quot;:&quot;&quot;,&quot;overwrite_date&quot;:&quot;&quot;,&quot;belongsto&quot;:[20494],&quot;highlight_header_image&quot;:false,&quot;has_mobile_format&quot;:false,&quot;highlight_header_image_mobile&quot;:false,&quot;mobile_video&quot;:false,&quot;use_video_in_teasers&quot;:false,&quot;video_brightness&quot;:66,&quot;color&quot;:&quot;&quot;,&quot;dark_mode&quot;:false,&quot;tickettext&quot;:&quot;&quot;,&quot;infotext&quot;:&quot;&quot;,&quot;additional_info&quot;:{&quot;icon&quot;:0,&quot;text&quot;:&quot;&quot;},&quot;hm_id&quot;:&quot;&quot;,&quot;hide_event_in_program&quot;:false},&quot;date&quot;:{&quot;NX&quot;:null,&quot;NXX&quot;:null,&quot;NLAST&quot;:&quot;202105061500&quot;,&quot;from_DATE&quot;:&quot;20210506 19:00&quot;,&quot;from&quot;:1620313200,&quot;to&quot;:1620313200,&quot;to_DATE&quot;:&quot;20210506 19:00&quot;,&quot;from_HRFSHORT&quot;:&quot; 6 May 2021&quot;,&quot;from_HRFSHORT_WD&quot;:&quot;Thu 06\\\/05\\\/2021&quot;,&quot;to_HRFSHORT&quot;:&quot; 6 May 2021&quot;,&quot;to_HRFSHORT_WD&quot;:&quot;Thu 06\\\/05\\\/2021&quot;,&quot;from_HRF&quot;:&quot;Thu,  6 May 2021&quot;,&quot;to_HRF&quot;:&quot;Thu,  6 May 2021&quot;,&quot;from_to_HRF&quot;:&quot;Thu,  6 May \\u2013 Thu,  6 May 2021&quot;,&quot;from_to_HRFSHORT&quot;:&quot; 6 May \\u2013  6 May 2021&quot;},&quot;alert&quot;:&quot;Livestream&quot;,&quot;partof&quot;:[20494],&quot;marketing_topic&quot;:{&quot;title&quot;:&quot;Private: Counterquestions&quot;,&quot;ID&quot;:20494,&quot;reason&quot;:&quot;sequence&quot;}}' inline-template>\n\t<a href=\"https:\/\/www.humboldtforum.org\/en\/programm\/termin\/discourse\/no-laughing-matter-21434\/\" class=\"teaser teaser-event teaser-event-standard\">\n\t\t<div class=\"row\">\n\t\t\t<div class=\"col-xs-12 teaser-event-image\">\n\t\t\t\t<div class=\"teaser-image teaser-image-no-alternate\">\n\t\t\t\t\t\t\t\t\t\t\t\t\t<calendardateline :rawitem='item' :show-icon=\"true\" template=\"alert\" force-date=\"Livestream\"><\/calendardateline>\n\t\t\t\t\t\t\t\t\t\t\t\n\t<lazy-media-inline inline-template>\n\t\t<figure itemscope itemtype=\"http:\/\/schema.org\/ImageObject\" class=\"lazy-media-inline \" role=\"group\" id=\"media_69f4ef7ea0426\" aria-labelledby=\"desc_media_69f4ef7ea0426\">\n\t\t\t<script type=\"application\/json\" ref=\"data\">\n\t\t\t\t{\n\t\t\t\t\"sizes\" : {\"medium\":{\"file\":\"ehimetalor-akhere-unuabona-zswLbyR_b58-unsplash-300x163.jpg\",\"width\":300,\"height\":163,\"mime-type\":\"image\\\/jpeg\"},\"large\":{\"file\":\"ehimetalor-akhere-unuabona-zswLbyR_b58-unsplash-1024x557.jpg\",\"width\":1024,\"height\":557,\"mime-type\":\"image\\\/jpeg\"},\"thumbnail\":{\"file\":\"ehimetalor-akhere-unuabona-zswLbyR_b58-unsplash-150x150.jpg\",\"width\":150,\"height\":150,\"mime-type\":\"image\\\/jpeg\"},\"medium_large\":{\"file\":\"ehimetalor-akhere-unuabona-zswLbyR_b58-unsplash-768x418.jpg\",\"width\":768,\"height\":418,\"mime-type\":\"image\\\/jpeg\"},\"small\":{\"file\":\"ehimetalor-akhere-unuabona-zswLbyR_b58-unsplash-440x239.jpg\",\"width\":440,\"height\":239,\"mime-type\":\"image\\\/jpeg\"},\"semi\":{\"file\":\"ehimetalor-akhere-unuabona-zswLbyR_b58-unsplash-580x316.jpg\",\"width\":580,\"height\":316,\"mime-type\":\"image\\\/jpeg\"},\"mobile\":{\"file\":\"ehimetalor-akhere-unuabona-zswLbyR_b58-unsplash-720x392.jpg\",\"width\":720,\"height\":392,\"mime-type\":\"image\\\/jpeg\"},\"hd\":{\"file\":\"ehimetalor-akhere-unuabona-zswLbyR_b58-unsplash-1280x697.jpg\",\"width\":1280,\"height\":697,\"mime-type\":\"image\\\/jpeg\"},\"1536x1536\":{\"file\":\"ehimetalor-akhere-unuabona-zswLbyR_b58-unsplash-1536x836.jpg\",\"width\":1536,\"height\":836,\"mime-type\":\"image\\\/jpeg\"},\"original\":{\"file\":\"ehimetalor-akhere-unuabona-zswLbyR_b58-unsplash.jpg\",\"width\":1920,\"height\":1045}},\n\t\t\t\t\"alt\" : \"Sign reading \\\"RACISM IS A PANDEMIC\\\" in front of a window.\",\n\t\t\t\t\"path\" : \"\\\/wp-content\\\/uploads\\\/2021\\\/04\\\/\",\n\t\t\t\t\"video\" : null,\n\t\t\t\t\"autoplay\" : null,\n\t\t\t\t\"youtube\" : null,\n\t\t\t\t\"youtubelabel\" : \"Play video\",\n\t\t\t\t\"brightness\" : 100,\n\t\t\t\t\"crop\" : {\"top\":\"62.98\",\"left\":\"28.41\"},\n\t\t\t\t\"background\" : true,\n\t\t\t\t\"scale\" : 2\t\t\t\t}\n\t\t\t<\/script>\n\n\t\t\t<div class=\"height-container\" style=\"padding-bottom:54.427083333333%;\" v-if=\"sizes\">\n\t\t\t\t\t\t\t\t<lazy-media :inline=\"true\" :alt=\"alt\" :sizes=\"sizes\" :scale=\"scale\" :brightness=\"brightness\" :path=\"path\" :video=\"video\" :autoplay=\"autoplay\" :youtube=\"youtube\" :crop=\"crop\" :youtubelabel=\"youtubelabel\" :background=\"background\" media-id=\"desc_media_69f4ef7ea0426\"><\/lazy-media>\n\t\t\t\t\t\t\t<\/div>\n\n\t\t\t\t\t\t\t<figcaption class=\"sr-only\" ref=\"body\" id=\"desc_media_69f4ef7ea0426\">\n\t\t\t\t\t\t\t\t\t\t\t\t\t\t\t\t\t\t\t\t\t<div class=\"insignificant\">\u00a9 Ehimetalor Akhere Unuabona \/ Unsplash<\/div>\n\t\t\t\t\t\t\t\t\t<\/figcaption>\n\t\t\t\t\t<\/figure>\n\t<\/lazy-media-inline>\n\t\t\t\t<\/div>\n\t\t\t<\/div>\n\t\t\t<div class=\"col-xs-12 teaser-event-text Infos\">\n\t\t\t\t<div class=\"teaser-event-standard-text\">\n\t\t\t\t\t<div class=\"margin-bottom-atom\">\n\t\t\t\t\t\t<div class=\"subline clamp-1\" v-html=\"maingenre\"><\/div>\n\t\t\t\t\t\t\t\t\t\t\t\t\t<div class=\"insignificant clamp-2\">Private: Counterquestions<\/div>\n\t\t\t\t\t\t\t\t\t\t\t<\/div>\n\t\t\t\t\n\t\t\t\t\t<strong class=\"margin-bottom-atom\">No Laughing Matter?<\/strong>\n\n\t\t\t\t\t\t\t\t\t\t\t<div class=\"\">How humour can help us talk about racism, coloniality, and identity politics <\/div>\n\t\t\t\t\t\t\t\t\t<\/div>\n\t\t\t\t<div class=\"teaser-bottom border-bottom\">\n\t\t\t\t<calendardateline :rawitem='item' :show-icon=\"true\"><\/calendardateline>\n\t\t\t\t\t<hr>\n\t\t\t\t<\/div>\n\t\t\t<\/div>\n\t\t<\/div>\n\t<\/a>\n\t<\/calendarteaser>\n<\/li>\n\n<li class=\"col-xs-6 col-sm-4 col-md-3 teaser-wrapper col-padding-remove\">\n\t<calendarteaser key=\"2047213493\" rawitem='{&quot;postId&quot;:20472,&quot;title&quot;:&quot;Can bacteria spin a yarn?&quot;,&quot;excerpt&quot;:&quot;&quot;,&quot;slug&quot;:&quot;do-bacteria-spin-a-yarn&quot;,&quot;post_date&quot;:&quot;2020-10-23T16:49&quot;,&quot;type&quot;:&quot;event&quot;,&quot;permalink&quot;:&quot;https:\\\/\\\/www.humboldtforum.org\\\/en\\\/programm\\\/termin\\\/discourse\\\/do-bacteria-spin-a-yarn-20472\\\/&quot;,&quot;genre&quot;:[566,567],&quot;genre_details&quot;:[{&quot;text&quot;:&quot;Discourse&quot;,&quot;id&quot;:566,&quot;icon&quot;:null,&quot;parent&quot;:0},{&quot;text&quot;:&quot;Science and Humanities&quot;,&quot;id&quot;:567,&quot;icon&quot;:null,&quot;parent&quot;:0}],&quot;digital&quot;:[873],&quot;digital_details&quot;:[{&quot;text&quot;:&quot;Livestream&quot;,&quot;id&quot;:873,&quot;icon&quot;:null,&quot;parent&quot;:0}],&quot;stakeholder&quot;:[592,595],&quot;stakeholder_details&quot;:[{&quot;text&quot;:&quot;Humboldt-Universit\\u00e4t zu Berlin&quot;,&quot;id&quot;:592,&quot;icon&quot;:null,&quot;parent&quot;:0},{&quot;text&quot;:&quot;Stiftung Humboldt Forum im Berliner Schloss&quot;,&quot;id&quot;:595,&quot;icon&quot;:null,&quot;parent&quot;:0}],&quot;targetgroup&quot;:[585],&quot;targetgroup_details&quot;:[{&quot;text&quot;:&quot;Adults&quot;,&quot;id&quot;:585,&quot;icon&quot;:null,&quot;parent&quot;:0}],&quot;language&quot;:[579,736],&quot;language_details&quot;:[{&quot;text&quot;:&quot;German&quot;,&quot;id&quot;:579,&quot;icon&quot;:null,&quot;parent&quot;:0},{&quot;text&quot;:&quot;German Sign Language&quot;,&quot;id&quot;:736,&quot;icon&quot;:null,&quot;parent&quot;:0}],&quot;place&quot;:[605],&quot;place_details&quot;:{&quot;place&quot;:&quot;Humboldt Forum&quot;,&quot;map&quot;:&quot;Humboldt Forum, Schlossplatz, Berlin&quot;,&quot;room&quot;:&quot;Online event&quot;},&quot;icon_overwrite&quot;:&quot;&quot;,&quot;acf&quot;:{&quot;hashtag&quot;:&quot;Humboldt Forum&quot;,&quot;subline&quot;:&quot;We need a new culture of materials&quot;,&quot;subline_feature&quot;:&quot;&quot;,&quot;marketing_text&quot;:&quot;We need a new culture of materials&quot;,&quot;longtext&quot;:&quot;&quot;,&quot;highlight_header&quot;:false,&quot;featured_images&quot;:[20461],&quot;video&quot;:false,&quot;tipp&quot;:false,&quot;alert_text&quot;:&quot;&quot;,&quot;joker&quot;:false,&quot;live&quot;:true,&quot;announcement&quot;:&quot;&quot;,&quot;hyphenation&quot;:true,&quot;yt&quot;:&quot;https:\\\/\\\/www.youtube.com\\\/watch?v=k3FDbnpy_7g&quot;,&quot;overwrite_date&quot;:&quot;&quot;,&quot;times&quot;:[],&quot;planning&quot;:{&quot;price&quot;:&quot;Free online event&quot;,&quot;admission&quot;:&quot;&quot;,&quot;pause&quot;:&quot;c. 90 min&quot;,&quot;duration&quot;:&quot;&quot;},&quot;shorturl&quot;:&quot;&quot;,&quot;noindex&quot;:false,&quot;keywords&quot;:&quot;&quot;,&quot;shorttext&quot;:&quot;&quot;,&quot;belongsto&quot;:[20455]},&quot;date&quot;:{&quot;NX&quot;:null,&quot;NXX&quot;:null,&quot;NLAST&quot;:&quot;202104291500&quot;,&quot;from_DATE&quot;:&quot;20210429 19:00&quot;,&quot;from&quot;:1619708400,&quot;to&quot;:1619708400,&quot;to_DATE&quot;:&quot;20210429 19:00&quot;,&quot;from_HRFSHORT&quot;:&quot;29 Apr 2021&quot;,&quot;from_HRFSHORT_WD&quot;:&quot;Thu 29\\\/04\\\/2021&quot;,&quot;to_HRFSHORT&quot;:&quot;29 Apr 2021&quot;,&quot;to_HRFSHORT_WD&quot;:&quot;Thu 29\\\/04\\\/2021&quot;,&quot;from_HRF&quot;:&quot;Thu, 29 April 2021&quot;,&quot;to_HRF&quot;:&quot;Thu, 29 April 2021&quot;,&quot;from_to_HRF&quot;:&quot;Thu, 29 April \\u2013 Thu, 29 April 2021&quot;,&quot;from_to_HRFSHORT&quot;:&quot;29 Apr \\u2013 29 Apr 2021&quot;},&quot;alert&quot;:&quot;Livestream&quot;,&quot;partof&quot;:[20455],&quot;marketing_topic&quot;:{&quot;title&quot;:&quot;WeSearch&quot;,&quot;ID&quot;:20455,&quot;reason&quot;:&quot;sequence&quot;}}' inline-template>\n\t<a href=\"https:\/\/www.humboldtforum.org\/en\/programm\/termin\/discourse\/do-bacteria-spin-a-yarn-20472\/\" class=\"teaser teaser-event teaser-event-standard\">\n\t\t<div class=\"row\">\n\t\t\t<div class=\"col-xs-12 teaser-event-image\">\n\t\t\t\t<div class=\"teaser-image teaser-image-no-alternate\">\n\t\t\t\t\t\t\t\t\t\t\t\t\t<calendardateline :rawitem='item' :show-icon=\"true\" template=\"alert\" force-date=\"Livestream\"><\/calendardateline>\n\t\t\t\t\t\t\t\t\t\t\t\n\t<lazy-media-inline inline-template>\n\t\t<figure itemscope itemtype=\"http:\/\/schema.org\/ImageObject\" class=\"lazy-media-inline \" role=\"group\" id=\"media_69f4ef7ea1e3c\" aria-labelledby=\"desc_media_69f4ef7ea1e3c\">\n\t\t\t<script type=\"application\/json\" ref=\"data\">\n\t\t\t\t{\n\t\t\t\t\"sizes\" : {\"medium\":{\"file\":\"SHF_eb00108785-300x259.jpg\",\"width\":300,\"height\":259,\"mime-type\":\"image\\\/jpeg\"},\"large\":{\"file\":\"SHF_eb00108785-1024x885.jpg\",\"width\":1024,\"height\":885,\"mime-type\":\"image\\\/jpeg\"},\"thumbnail\":{\"file\":\"SHF_eb00108785-150x150.jpg\",\"width\":150,\"height\":150,\"mime-type\":\"image\\\/jpeg\"},\"medium_large\":{\"file\":\"SHF_eb00108785-768x664.jpg\",\"width\":768,\"height\":664,\"mime-type\":\"image\\\/jpeg\"},\"small\":{\"file\":\"SHF_eb00108785-440x380.jpg\",\"width\":440,\"height\":380,\"mime-type\":\"image\\\/jpeg\"},\"semi\":{\"file\":\"SHF_eb00108785-580x501.jpg\",\"width\":580,\"height\":501,\"mime-type\":\"image\\\/jpeg\"},\"mobile\":{\"file\":\"SHF_eb00108785-720x622.jpg\",\"width\":720,\"height\":622,\"mime-type\":\"image\\\/jpeg\"},\"hd\":{\"file\":\"SHF_eb00108785-1280x1106.jpg\",\"width\":1280,\"height\":1106,\"mime-type\":\"image\\\/jpeg\"},\"full\":{\"file\":\"SHF_eb00108785-1920x1659.jpg\",\"width\":1920,\"height\":1659,\"mime-type\":\"image\\\/jpeg\"},\"1536x1536\":{\"file\":\"SHF_eb00108785-1536x1328.jpg\",\"width\":1536,\"height\":1328,\"mime-type\":\"image\\\/jpeg\"},\"original\":{\"file\":\"SHF_eb00108785.jpg\",\"width\":2048,\"height\":1770}},\n\t\t\t\t\"alt\" : \"Microscopic representation of wave-like structures in blue and violet colors.\",\n\t\t\t\t\"path\" : \"\\\/wp-content\\\/uploads\\\/2020\\\/10\\\/\",\n\t\t\t\t\"video\" : null,\n\t\t\t\t\"autoplay\" : null,\n\t\t\t\t\"youtube\" : null,\n\t\t\t\t\"youtubelabel\" : \"Play video\",\n\t\t\t\t\"brightness\" : 100,\n\t\t\t\t\"crop\" : null,\n\t\t\t\t\"background\" : true,\n\t\t\t\t\"scale\" : 2\t\t\t\t}\n\t\t\t<\/script>\n\n\t\t\t<div class=\"height-container\" style=\"padding-bottom:86.42578125%;\" v-if=\"sizes\">\n\t\t\t\t\t\t\t\t<lazy-media :inline=\"true\" :alt=\"alt\" :sizes=\"sizes\" :scale=\"scale\" :brightness=\"brightness\" :path=\"path\" :video=\"video\" :autoplay=\"autoplay\" :youtube=\"youtube\" :crop=\"crop\" :youtubelabel=\"youtubelabel\" :background=\"background\" media-id=\"desc_media_69f4ef7ea1e3c\"><\/lazy-media>\n\t\t\t\t\t\t\t<\/div>\n\n\t\t\t\t\t\t\t<figcaption class=\"sr-only\" ref=\"body\" id=\"desc_media_69f4ef7ea1e3c\">\n\t\t\t\t\t\t\t\t\t\t\t<div>Wrinkled E. coli biofilm making cellulose<\/div>\n\t\t\t\t\t\t\t\t\t\t\t\t\t\t\t\t\t\t\t<\/figcaption>\n\t\t\t\t\t<\/figure>\n\t<\/lazy-media-inline>\n\t\t\t\t<\/div>\n\t\t\t<\/div>\n\t\t\t<div class=\"col-xs-12 teaser-event-text Infos\">\n\t\t\t\t<div class=\"teaser-event-standard-text\">\n\t\t\t\t\t<div class=\"margin-bottom-atom\">\n\t\t\t\t\t\t<div class=\"subline clamp-1\" v-html=\"maingenre\"><\/div>\n\t\t\t\t\t\t\t\t\t\t\t\t\t<div class=\"insignificant clamp-2\">WeSearch<\/div>\n\t\t\t\t\t\t\t\t\t\t\t<\/div>\n\t\t\t\t\n\t\t\t\t\t<strong class=\"margin-bottom-atom\">Can bacteria spin a yarn?<\/strong>\n\n\t\t\t\t\t\t\t\t\t\t\t<div class=\"\">We need a new culture of materials<\/div>\n\t\t\t\t\t\t\t\t\t<\/div>\n\t\t\t\t<div class=\"teaser-bottom border-bottom\">\n\t\t\t\t<calendardateline :rawitem='item' :show-icon=\"true\"><\/calendardateline>\n\t\t\t\t\t<hr>\n\t\t\t\t<\/div>\n\t\t\t<\/div>\n\t\t<\/div>\n\t<\/a>\n\t<\/calendarteaser>\n<\/li>\n\n<li class=\"col-xs-6 col-sm-4 col-md-3 teaser-wrapper col-padding-remove\">\n\t<calendarteaser key=\"2043512279\" rawitem='{&quot;postId&quot;:20435,&quot;title&quot;:&quot;Look, Listen and Feel&quot;,&quot;excerpt&quot;:&quot;J\\u00fcrgen Dusel, Federal Government Commissioner for Matters Relating to Persons with Disabilities, in conversation with consultant Friedrun Portele-Anyangbe, discusses inclusion generally in cultural and museum environments, and specifically at the Humboldt Forum.&quot;,&quot;slug&quot;:&quot;vom-kloster-zum-humboldt-forum&quot;,&quot;post_date&quot;:&quot;2020-10-23T16:23&quot;,&quot;type&quot;:&quot;event&quot;,&quot;permalink&quot;:&quot;https:\\\/\\\/www.humboldtforum.org\\\/en\\\/programm\\\/termin\\\/discourse\\\/vom-kloster-zum-humboldt-forum-20435\\\/&quot;,&quot;genre&quot;:[566,574],&quot;genre_details&quot;:[{&quot;text&quot;:&quot;Discourse&quot;,&quot;id&quot;:566,&quot;icon&quot;:null,&quot;parent&quot;:0},{&quot;text&quot;:&quot;Literature&quot;,&quot;id&quot;:574,&quot;icon&quot;:null,&quot;parent&quot;:0}],&quot;digital&quot;:[873],&quot;digital_details&quot;:[{&quot;text&quot;:&quot;Livestream&quot;,&quot;id&quot;:873,&quot;icon&quot;:null,&quot;parent&quot;:0}],&quot;topic&quot;:[590],&quot;topic_details&quot;:[{&quot;text&quot;:&quot;History and Architecture of the Site&quot;,&quot;id&quot;:590,&quot;icon&quot;:null,&quot;parent&quot;:0}],&quot;stakeholder&quot;:[595],&quot;stakeholder_details&quot;:[{&quot;text&quot;:&quot;Stiftung Humboldt Forum im Berliner Schloss&quot;,&quot;id&quot;:595,&quot;icon&quot;:null,&quot;parent&quot;:0}],&quot;editorialfilter&quot;:[735],&quot;editorialfilter_details&quot;:[{&quot;text&quot;:&quot;inklusiv&quot;,&quot;id&quot;:735,&quot;icon&quot;:null,&quot;parent&quot;:0}],&quot;targetgroup&quot;:[585],&quot;targetgroup_details&quot;:[{&quot;text&quot;:&quot;Adults&quot;,&quot;id&quot;:585,&quot;icon&quot;:null,&quot;parent&quot;:0}],&quot;language&quot;:[579,736,749,1196],&quot;language_details&quot;:[{&quot;text&quot;:&quot;German&quot;,&quot;id&quot;:579,&quot;icon&quot;:null,&quot;parent&quot;:0},{&quot;text&quot;:&quot;German Sign Language&quot;,&quot;id&quot;:736,&quot;icon&quot;:null,&quot;parent&quot;:0},{&quot;text&quot;:&quot;Live subtitles&quot;,&quot;id&quot;:749,&quot;icon&quot;:null,&quot;parent&quot;:0},{&quot;text&quot;:&quot;Plain German&quot;,&quot;id&quot;:1196,&quot;icon&quot;:null,&quot;parent&quot;:0}],&quot;accessability&quot;:[1466],&quot;accessability_details&quot;:[{&quot;text&quot;:&quot;Einfache Sprache&quot;,&quot;id&quot;:1466,&quot;icon&quot;:null,&quot;parent&quot;:0}],&quot;place&quot;:[605],&quot;place_details&quot;:{&quot;place&quot;:&quot;Humboldt Forum&quot;,&quot;map&quot;:&quot;Humboldt Forum, Schlossplatz, Berlin&quot;,&quot;room&quot;:&quot;Online event&quot;},&quot;icon_overwrite&quot;:&quot;&quot;,&quot;acf&quot;:{&quot;hashtag&quot;:&quot;HumboldtForum&quot;,&quot;subline&quot;:&quot;An inclusive book, and much more&quot;,&quot;subline_feature&quot;:&quot;&quot;,&quot;marketing_text&quot;:&quot;An inclusive book and much more&quot;,&quot;shorttext&quot;:&quot;J\\u00fcrgen Dusel, Federal Government Commissioner for Matters Relating to Persons with Disabilities, in conversation with consultant Friedrun Portele-Anyangbe, discusses inclusion generally in cultural and museum environments, and specifically at the Humboldt Forum.&quot;,&quot;longtext&quot;:&quot;&quot;,&quot;highlight_header&quot;:false,&quot;featured_images&quot;:[18141],&quot;video&quot;:false,&quot;tipp&quot;:false,&quot;alert_text&quot;:&quot;&quot;,&quot;joker&quot;:false,&quot;live&quot;:true,&quot;announcement&quot;:&quot;&quot;,&quot;shorturl&quot;:&quot;&quot;,&quot;hyphenation&quot;:true,&quot;yt&quot;:&quot;https:\\\/\\\/www.youtube.com\\\/watch?v=pNDAopwcoX8&quot;,&quot;overwrite_date&quot;:&quot;&quot;,&quot;times&quot;:[],&quot;planning&quot;:{&quot;price&quot;:&quot;Free online event&quot;,&quot;admission&quot;:&quot;&quot;,&quot;pause&quot;:&quot;c. 90 min&quot;,&quot;duration&quot;:&quot;&quot;},&quot;noindex&quot;:false,&quot;keywords&quot;:&quot;&quot;,&quot;belongsto&quot;:[20432]},&quot;date&quot;:{&quot;NX&quot;:null,&quot;NXX&quot;:null,&quot;NLAST&quot;:&quot;202104221500&quot;,&quot;from_DATE&quot;:&quot;20210422 19:00&quot;,&quot;from&quot;:1619103600,&quot;to&quot;:1619103600,&quot;to_DATE&quot;:&quot;20210422 19:00&quot;,&quot;from_HRFSHORT&quot;:&quot;22 Apr 2021&quot;,&quot;from_HRFSHORT_WD&quot;:&quot;Thu 22\\\/04\\\/2021&quot;,&quot;to_HRFSHORT&quot;:&quot;22 Apr 2021&quot;,&quot;to_HRFSHORT_WD&quot;:&quot;Thu 22\\\/04\\\/2021&quot;,&quot;from_HRF&quot;:&quot;Thu, 22 April 2021&quot;,&quot;to_HRF&quot;:&quot;Thu, 22 April 2021&quot;,&quot;from_to_HRF&quot;:&quot;Thu, 22 April \\u2013 Thu, 22 April 2021&quot;,&quot;from_to_HRFSHORT&quot;:&quot;22 Apr \\u2013 22 Apr 2021&quot;},&quot;alert&quot;:&quot;Livestream&quot;,&quot;partof&quot;:[&quot;20432&quot;],&quot;marketing_topic&quot;:{&quot;title&quot;:&quot;SITE SPECIFICS&quot;,&quot;ID&quot;:&quot;20432&quot;,&quot;reason&quot;:&quot;sequence&quot;}}' inline-template>\n\t<a href=\"https:\/\/www.humboldtforum.org\/en\/programm\/termin\/discourse\/vom-kloster-zum-humboldt-forum-20435\/\" class=\"teaser teaser-event teaser-event-standard\">\n\t\t<div class=\"row\">\n\t\t\t<div class=\"col-xs-12 teaser-event-image\">\n\t\t\t\t<div class=\"teaser-image teaser-image-no-alternate\">\n\t\t\t\t\t\t\t\t\t\t\t\t\t<calendardateline :rawitem='item' :show-icon=\"true\" template=\"alert\" force-date=\"Livestream\"><\/calendardateline>\n\t\t\t\t\t\t\t\t\t\t\t\n\t<lazy-media-inline inline-template>\n\t\t<figure itemscope itemtype=\"http:\/\/schema.org\/ImageObject\" class=\"lazy-media-inline \" role=\"group\" id=\"media_69f4ef7ea3778\" aria-labelledby=\"desc_media_69f4ef7ea3778\">\n\t\t\t<script type=\"application\/json\" ref=\"data\">\n\t\t\t\t{\n\t\t\t\t\"sizes\" : {\"medium\":{\"file\":\"Tastlbuch-0-01-07-24-300x169.jpg\",\"width\":300,\"height\":169,\"mime-type\":\"image\\\/jpeg\"},\"large\":{\"file\":\"Tastlbuch-0-01-07-24-1024x576.jpg\",\"width\":1024,\"height\":576,\"mime-type\":\"image\\\/jpeg\"},\"thumbnail\":{\"file\":\"Tastlbuch-0-01-07-24-150x150.jpg\",\"width\":150,\"height\":150,\"mime-type\":\"image\\\/jpeg\"},\"medium_large\":{\"file\":\"Tastlbuch-0-01-07-24-768x432.jpg\",\"width\":768,\"height\":432,\"mime-type\":\"image\\\/jpeg\"},\"small\":{\"file\":\"Tastlbuch-0-01-07-24-440x248.jpg\",\"width\":440,\"height\":248,\"mime-type\":\"image\\\/jpeg\"},\"semi\":{\"file\":\"Tastlbuch-0-01-07-24-580x326.jpg\",\"width\":580,\"height\":326,\"mime-type\":\"image\\\/jpeg\"},\"mobile\":{\"file\":\"Tastlbuch-0-01-07-24-720x405.jpg\",\"width\":720,\"height\":405,\"mime-type\":\"image\\\/jpeg\"},\"hd\":{\"file\":\"Tastlbuch-0-01-07-24-1280x720.jpg\",\"width\":1280,\"height\":720,\"mime-type\":\"image\\\/jpeg\"},\"full\":{\"file\":\"Tastlbuch-0-01-07-24-1920x1080.jpg\",\"width\":1920,\"height\":1080,\"mime-type\":\"image\\\/jpeg\"},\"1536x1536\":{\"file\":\"Tastlbuch-0-01-07-24-1536x864.jpg\",\"width\":1536,\"height\":864,\"mime-type\":\"image\\\/jpeg\"},\"original\":{\"file\":\"Tastlbuch-0-01-07-24.jpg\",\"width\":2000,\"height\":1125}},\n\t\t\t\t\"alt\" : \"\",\n\t\t\t\t\"path\" : \"\\\/wp-content\\\/uploads\\\/2020\\\/12\\\/\",\n\t\t\t\t\"video\" : null,\n\t\t\t\t\"autoplay\" : null,\n\t\t\t\t\"youtube\" : null,\n\t\t\t\t\"youtubelabel\" : \"Play video\",\n\t\t\t\t\"brightness\" : 100,\n\t\t\t\t\"crop\" : {\"top\":\"50.00\",\"left\":\"50.00\"},\n\t\t\t\t\"background\" : true,\n\t\t\t\t\"scale\" : 2\t\t\t\t}\n\t\t\t<\/script>\n\n\t\t\t<div class=\"height-container\" style=\"padding-bottom:56.25%;\" v-if=\"sizes\">\n\t\t\t\t\t\t\t\t<lazy-media :inline=\"true\" :alt=\"alt\" :sizes=\"sizes\" :scale=\"scale\" :brightness=\"brightness\" :path=\"path\" :video=\"video\" :autoplay=\"autoplay\" :youtube=\"youtube\" :crop=\"crop\" :youtubelabel=\"youtubelabel\" :background=\"background\" media-id=\"desc_media_69f4ef7ea3778\"><\/lazy-media>\n\t\t\t\t\t\t\t<\/div>\n\n\t\t\t\t\t\t\t<figcaption class=\"sr-only\" ref=\"body\" id=\"desc_media_69f4ef7ea3778\">\n\t\t\t\t\t\t\t\t\t\t\t\t\t\t\t\t\t\t\t<\/figcaption>\n\t\t\t\t\t<\/figure>\n\t<\/lazy-media-inline>\n\t\t\t\t<\/div>\n\t\t\t<\/div>\n\t\t\t<div class=\"col-xs-12 teaser-event-text Infos\">\n\t\t\t\t<div class=\"teaser-event-standard-text\">\n\t\t\t\t\t<div class=\"margin-bottom-atom\">\n\t\t\t\t\t\t<div class=\"subline clamp-1\" v-html=\"maingenre\"><\/div>\n\t\t\t\t\t\t\t\t\t\t\t\t\t<div class=\"insignificant clamp-2\">SITE SPECIFICS<\/div>\n\t\t\t\t\t\t\t\t\t\t\t<\/div>\n\t\t\t\t\n\t\t\t\t\t<strong class=\"margin-bottom-atom\">Look, Listen and Feel<\/strong>\n\n\t\t\t\t\t\t\t\t\t\t\t<div class=\"\">An inclusive book and much more<\/div>\n\t\t\t\t\t\t\t\t\t<\/div>\n\t\t\t\t<div class=\"teaser-bottom border-bottom\">\n\t\t\t\t<calendardateline :rawitem='item' :show-icon=\"true\"><\/calendardateline>\n\t\t\t\t\t<hr>\n\t\t\t\t<\/div>\n\t\t\t<\/div>\n\t\t<\/div>\n\t<\/a>\n\t<\/calendarteaser>\n<\/li>\n\n<li class=\"col-xs-6 col-sm-4 col-md-3 teaser-wrapper col-padding-remove\">\n\t<calendarteaser key=\"1676315194\" rawitem='{&quot;postId&quot;:16763,&quot;title&quot;:&quot;Digital Preview&quot;,&quot;excerpt&quot;:&quot;&quot;,&quot;slug&quot;:&quot;digital-preview&quot;,&quot;post_date&quot;:&quot;2020-12-01T15:12&quot;,&quot;type&quot;:&quot;event&quot;,&quot;permalink&quot;:&quot;https:\\\/\\\/www.humboldtforum.org\\\/en\\\/programm\\\/termin\\\/digital-en\\\/digital-preview-16763\\\/&quot;,&quot;genre&quot;:[688],&quot;genre_details&quot;:[{&quot;text&quot;:&quot;Digital&quot;,&quot;id&quot;:688,&quot;icon&quot;:null,&quot;parent&quot;:0}],&quot;digital&quot;:[873],&quot;digital_details&quot;:[{&quot;text&quot;:&quot;Livestream&quot;,&quot;id&quot;:873,&quot;icon&quot;:null,&quot;parent&quot;:0}],&quot;stakeholder&quot;:[595],&quot;stakeholder_details&quot;:[{&quot;text&quot;:&quot;Stiftung Humboldt Forum im Berliner Schloss&quot;,&quot;id&quot;:595,&quot;icon&quot;:null,&quot;parent&quot;:0}],&quot;editorial&quot;:[659,638],&quot;editorial_details&quot;:[{&quot;text&quot;:&quot;artistic&quot;,&quot;id&quot;:659,&quot;icon&quot;:null,&quot;parent&quot;:0},{&quot;text&quot;:&quot;interactive&quot;,&quot;id&quot;:638,&quot;icon&quot;:null,&quot;parent&quot;:0}],&quot;targetgroup&quot;:[585],&quot;targetgroup_details&quot;:[{&quot;text&quot;:&quot;Adults&quot;,&quot;id&quot;:585,&quot;icon&quot;:null,&quot;parent&quot;:0}],&quot;language&quot;:[580,579,736],&quot;language_details&quot;:[{&quot;text&quot;:&quot;English&quot;,&quot;id&quot;:580,&quot;icon&quot;:null,&quot;parent&quot;:0},{&quot;text&quot;:&quot;German&quot;,&quot;id&quot;:579,&quot;icon&quot;:null,&quot;parent&quot;:0},{&quot;text&quot;:&quot;German Sign Language&quot;,&quot;id&quot;:736,&quot;icon&quot;:null,&quot;parent&quot;:0}],&quot;place&quot;:[597,605],&quot;place_details&quot;:{&quot;place&quot;:&quot;Humboldt Forum&quot;,&quot;map&quot;:&quot;Humboldt Forum, Schlossplatz, Berlin&quot;,&quot;room&quot;:&quot;Online event&quot;},&quot;icon_overwrite&quot;:&quot;&quot;,&quot;acf&quot;:{&quot;hashtag&quot;:&quot;HumboldtForum&quot;,&quot;belongsto&quot;:false,&quot;shorturl&quot;:&quot;digital-preview&quot;,&quot;times&quot;:[],&quot;planning&quot;:{&quot;price&quot;:&quot;Free entry&quot;,&quot;admission&quot;:&quot;&quot;,&quot;pause&quot;:&quot;c. 60 min&quot;,&quot;duration&quot;:&quot;&quot;},&quot;subline&quot;:&quot;Glimpses into the Humboldt Forum &quot;,&quot;marketing_text&quot;:&quot;Glimpses into the Humboldt Forum&quot;,&quot;shorttext&quot;:&quot;&quot;,&quot;highlight_header&quot;:true,&quot;highlight_header_image&quot;:17598,&quot;video&quot;:17600,&quot;has_mobile_format&quot;:true,&quot;hyphenation&quot;:false,&quot;tipp&quot;:false,&quot;joker&quot;:false,&quot;live&quot;:true,&quot;yt&quot;:&quot;https:\\\/\\\/www.youtube.com\\\/watch?v=D53KVJ-jxo4&quot;,&quot;highlight_header_image_mobile&quot;:17166,&quot;mobile_video&quot;:false,&quot;noindex&quot;:false,&quot;keywords&quot;:&quot;&quot;,&quot;additional_info&quot;:{&quot;icon&quot;:&quot;0&quot;,&quot;text&quot;:&quot;&quot;},&quot;use_video_in_teasers&quot;:true,&quot;video_brightness&quot;:&quot;100&quot;,&quot;hide_event_in_program&quot;:false},&quot;date&quot;:{&quot;NX&quot;:null,&quot;NXX&quot;:null,&quot;NLAST&quot;:&quot;202012161700&quot;,&quot;from_DATE&quot;:&quot;20201216 19:00&quot;,&quot;from&quot;:1608138000,&quot;to&quot;:1608138000,&quot;to_DATE&quot;:&quot;20201216 19:00&quot;,&quot;from_HRFSHORT&quot;:&quot;16 Dec 2020&quot;,&quot;from_HRFSHORT_WD&quot;:&quot;Wed 16\\\/12\\\/2020&quot;,&quot;to_HRFSHORT&quot;:&quot;16 Dec 2020&quot;,&quot;to_HRFSHORT_WD&quot;:&quot;Wed 16\\\/12\\\/2020&quot;,&quot;from_HRF&quot;:&quot;Wed, 16 December 2020&quot;,&quot;to_HRF&quot;:&quot;Wed, 16 December 2020&quot;,&quot;from_to_HRF&quot;:&quot;Wed, 16 December \\u2013 Wed, 16 December 2020&quot;,&quot;from_to_HRFSHORT&quot;:&quot;16 Dec \\u2013 16 Dec 2020&quot;},&quot;alert&quot;:&quot;Livestream&quot;,&quot;partof&quot;:[],&quot;marketing_topic&quot;:&quot;&quot;}' inline-template>\n\t<a href=\"https:\/\/www.humboldtforum.org\/en\/programm\/termin\/digital-en\/digital-preview-16763\/\" class=\"teaser teaser-event teaser-event-standard\">\n\t\t<div class=\"row\">\n\t\t\t<div class=\"col-xs-12 teaser-event-image\">\n\t\t\t\t<div class=\"teaser-image teaser-image-no-alternate\">\n\t\t\t\t\t\t\t\t\t\t\t\t\t<calendardateline :rawitem='item' :show-icon=\"true\" template=\"alert\" force-date=\"Livestream\"><\/calendardateline>\n\t\t\t\t\t\t\t\t\t\t\t\n\t<lazy-media-inline inline-template>\n\t\t<figure itemscope itemtype=\"http:\/\/schema.org\/ImageObject\" class=\"lazy-media-inline \" role=\"group\" id=\"media_69f4ef7ea55b2\" aria-labelledby=\"desc_media_69f4ef7ea55b2\">\n\t\t\t<script type=\"application\/json\" ref=\"data\">\n\t\t\t\t{\n\t\t\t\t\"sizes\" : {\"medium\":{\"file\":\"201207_Webteaser_DigiOE2-176x300.jpg\",\"width\":176,\"height\":300,\"mime-type\":\"image\\\/jpeg\"},\"large\":{\"file\":\"201207_Webteaser_DigiOE2-600x1024.jpg\",\"width\":600,\"height\":1024,\"mime-type\":\"image\\\/jpeg\"},\"thumbnail\":{\"file\":\"201207_Webteaser_DigiOE2-150x150.jpg\",\"width\":150,\"height\":150,\"mime-type\":\"image\\\/jpeg\"},\"medium_large\":{\"file\":\"201207_Webteaser_DigiOE2-768x1312.jpg\",\"width\":768,\"height\":1312,\"mime-type\":\"image\\\/jpeg\"},\"small\":{\"file\":\"201207_Webteaser_DigiOE2-258x440.jpg\",\"width\":258,\"height\":440,\"mime-type\":\"image\\\/jpeg\"},\"semi\":{\"file\":\"201207_Webteaser_DigiOE2-340x580.jpg\",\"width\":340,\"height\":580,\"mime-type\":\"image\\\/jpeg\"},\"mobile\":{\"file\":\"201207_Webteaser_DigiOE2-422x720.jpg\",\"width\":422,\"height\":720,\"mime-type\":\"image\\\/jpeg\"},\"hd\":{\"file\":\"201207_Webteaser_DigiOE2-749x1280.jpg\",\"width\":749,\"height\":1280,\"mime-type\":\"image\\\/jpeg\"},\"full\":{\"file\":\"201207_Webteaser_DigiOE2-1124x1920.jpg\",\"width\":1124,\"height\":1920,\"mime-type\":\"image\\\/jpeg\"},\"1536x1536\":{\"file\":\"201207_Webteaser_DigiOE2-899x1536.jpg\",\"width\":899,\"height\":1536,\"mime-type\":\"image\\\/jpeg\"},\"original\":{\"file\":\"201207_Webteaser_DigiOE2.jpg\",\"width\":1171,\"height\":2000}},\n\t\t\t\t\"alt\" : \"Graphic composition with geometric shapes and modern architecture in the background, in vibrant colors.\",\n\t\t\t\t\"path\" : \"\\\/wp-content\\\/uploads\\\/2020\\\/12\\\/\",\n\t\t\t\t\"video\" : null,\n\t\t\t\t\"autoplay\" : \"https:\\\/\\\/www.humboldtforum.org\\\/wp-content\\\/uploads\\\/2020\\\/12\\\/Komp-1_2_1-1.mp4\",\n\t\t\t\t\"youtube\" : null,\n\t\t\t\t\"youtubelabel\" : \"Play video\",\n\t\t\t\t\"brightness\" : 100,\n\t\t\t\t\"crop\" : {\"top\":\"41.00\",\"left\":\"50.00\"},\n\t\t\t\t\"background\" : true,\n\t\t\t\t\"scale\" : 2\t\t\t\t}\n\t\t\t<\/script>\n\n\t\t\t<div class=\"height-container\" style=\"padding-bottom:170.79419299744%;\" v-if=\"sizes\">\n\t\t\t\t\t\t\t\t<lazy-media :inline=\"true\" :alt=\"alt\" :sizes=\"sizes\" :scale=\"scale\" :brightness=\"brightness\" :path=\"path\" :video=\"video\" :autoplay=\"autoplay\" :youtube=\"youtube\" :crop=\"crop\" :youtubelabel=\"youtubelabel\" :background=\"background\" media-id=\"desc_media_69f4ef7ea55b2\"><\/lazy-media>\n\t\t\t\t\t\t\t<\/div>\n\n\t\t\t\t\t\t\t<figcaption class=\"sr-only\" ref=\"body\" id=\"desc_media_69f4ef7ea55b2\">\n\t\t\t\t\t\t\t\t\t\t\t\t\t\t\t\t\t\t\t\t\t<div class=\"insignificant\">\u00a9 Stiftung Humboldt Forum im Berliner Schloss\/ Collage with a photo by Stephan Falk<\/div>\n\t\t\t\t\t\t\t\t\t<\/figcaption>\n\t\t\t\t\t<\/figure>\n\t<\/lazy-media-inline>\n\t\t\t\t<\/div>\n\t\t\t<\/div>\n\t\t\t<div class=\"col-xs-12 teaser-event-text Infos\">\n\t\t\t\t<div class=\"teaser-event-standard-text\">\n\t\t\t\t\t<div class=\"margin-bottom-atom\">\n\t\t\t\t\t\t<div class=\"subline clamp-1\" v-html=\"maingenre\"><\/div>\n\t\t\t\t\t\t\t\t\t\t\t<\/div>\n\t\t\t\t\n\t\t\t\t\t<strong class=\"margin-bottom-atom\">Digital Preview<\/strong>\n\n\t\t\t\t\t\t\t\t\t\t\t<div class=\"\">Glimpses into the Humboldt Forum<\/div>\n\t\t\t\t\t\t\t\t\t<\/div>\n\t\t\t\t<div class=\"teaser-bottom border-bottom\">\n\t\t\t\t<calendardateline :rawitem='item' :show-icon=\"true\"><\/calendardateline>\n\t\t\t\t\t<hr>\n\t\t\t\t<\/div>\n\t\t\t<\/div>\n\t\t<\/div>\n\t<\/a>\n\t<\/calendarteaser>\n<\/li>\n\n<\/ul>\n\t\t\t<\/div>\n\t\t\t\t<\/lazy-component>\n<\/section>\n\n","protected":false},"excerpt":{"rendered":"<p>Experience the Humboldt Forum in your own home: using a variety of digital formats, we can offer you some first glimpses of the building and our program.<\/p>\n","protected":false},"author":30,"featured_media":159869,"parent":23753,"menu_order":7,"comment_status":"closed","ping_status":"closed","template":"page-visit.php","meta":{"_acf_changed":false,"footnotes":""},"class_list":["post-19453","page","type-page","status-publish","has-post-thumbnail","hentry"],"acf":[],"_links":{"self":[{"href":"https:\/\/www.humboldtforum.org\/en\/wp-json\/wp\/v2\/pages\/19453","targetHints":{"allow":["GET"]}}],"collection":[{"href":"https:\/\/www.humboldtforum.org\/en\/wp-json\/wp\/v2\/pages"}],"about":[{"href":"https:\/\/www.humboldtforum.org\/en\/wp-json\/wp\/v2\/types\/page"}],"author":[{"embeddable":true,"href":"https:\/\/www.humboldtforum.org\/en\/wp-json\/wp\/v2\/users\/30"}],"replies":[{"embeddable":true,"href":"https:\/\/www.humboldtforum.org\/en\/wp-json\/wp\/v2\/comments?post=19453"}],"version-history":[{"count":1,"href":"https:\/\/www.humboldtforum.org\/en\/wp-json\/wp\/v2\/pages\/19453\/revisions"}],"predecessor-version":[{"id":157814,"href":"https:\/\/www.humboldtforum.org\/en\/wp-json\/wp\/v2\/pages\/19453\/revisions\/157814"}],"up":[{"embeddable":true,"href":"https:\/\/www.humboldtforum.org\/en\/wp-json\/wp\/v2\/pages\/23753"}],"wp:featuredmedia":[{"embeddable":true,"href":"https:\/\/www.humboldtforum.org\/en\/wp-json\/wp\/v2\/media\/159869"}],"wp:attachment":[{"href":"https:\/\/www.humboldtforum.org\/en\/wp-json\/wp\/v2\/media?parent=19453"}],"curies":[{"name":"wp","href":"https:\/\/api.w.org\/{rel}","templated":true}]}}