{"id":4281,"date":"2020-03-25T15:02:23","date_gmt":"2020-03-25T14:02:23","guid":{"rendered":"https:\/\/www.humboldtforum.org\/humboldt-universitat\/"},"modified":"2025-06-23T16:36:41","modified_gmt":"2025-06-23T14:36:41","slug":"humboldt-universitat","status":"publish","type":"page","link":"https:\/\/www.humboldtforum.org\/en\/about\/humboldt-universitat\/","title":{"rendered":"Humboldt-Universit\u00e4t"},"content":{"rendered":"<section class=\"block block-header-headline\" >\n    <div class=\"container-fluid\">\n        <div class=\"row\">\n\t\t\t\n                            <div class=\"col-xs-12 col-md-offset-2 col-md-8\">\n                    <div class=\"box\">\n                        <h1>Humboldt-Universit\u00e4t zu Berlin<\/h1>\n                    <\/div>\n                <\/div>\n                    <\/div>\n    <\/div>\n<\/section>\n\n\n\n\n<section class=\"block block-copy\" >\n    <div class=\"container-fluid\">\n\t\t<div class=\"row \">\n            <div class=\"col-xs-12 col-md-offset-2 col-md-8\">\n                <div class=\"box\">\n                    <div class=\"copy\"><p>In the Humboldt Lab, the Humboldt-Universit\u00e4t zu Berlin presents a vibrant workshop of ideas on the first floor of the Humboldt Forum where cutting-edge research enters into a dialogue with the general public. On an area of around 1,000 sqm, the Humboldt-Universit\u00e4t offers insights into the variety and relevance of the sciences.<\/p>\n<\/div>\n                <\/div>\n            <\/div>\n\t\t<\/div>\n\t\t    <\/div>\n<\/section>\n\n<section class=\"block block-header\" >\n\t<block-header inline-template>\n\t\t<figure role=\"group\" aria-labelledby=\"desc_m_69f12d1d83839\">\n\n\t\t\t<script type=\"application\/json\" ref=\"data\">\n\t\t\t\t{\n\t\t\t\t\"sizes_d\" : {\"medium\":{\"file\":\"hu18hub_DSF0534-300x200.jpg\",\"width\":300,\"height\":200,\"mime-type\":\"image\\\/jpeg\",\"filesize\":13463},\"large\":{\"file\":\"hu18hub_DSF0534-1024x683.jpg\",\"width\":1024,\"height\":683,\"mime-type\":\"image\\\/jpeg\",\"filesize\":107307},\"thumbnail\":{\"file\":\"hu18hub_DSF0534-150x150.jpg\",\"width\":150,\"height\":150,\"mime-type\":\"image\\\/jpeg\",\"filesize\":6222},\"medium_large\":{\"file\":\"hu18hub_DSF0534-768x512.jpg\",\"width\":768,\"height\":512,\"mime-type\":\"image\\\/jpeg\",\"filesize\":63836},\"small\":{\"file\":\"hu18hub_DSF0534-440x293.jpg\",\"width\":440,\"height\":293,\"mime-type\":\"image\\\/jpeg\",\"filesize\":24846},\"semi\":{\"file\":\"hu18hub_DSF0534-580x387.jpg\",\"width\":580,\"height\":387,\"mime-type\":\"image\\\/jpeg\",\"filesize\":39660},\"mobile\":{\"file\":\"hu18hub_DSF0534-720x480.jpg\",\"width\":720,\"height\":480,\"mime-type\":\"image\\\/jpeg\",\"filesize\":56844},\"hd\":{\"file\":\"hu18hub_DSF0534-1280x854.jpg\",\"width\":1280,\"height\":854,\"mime-type\":\"image\\\/jpeg\",\"filesize\":167298},\"full\":{\"file\":\"hu18hub_DSF0534-1920x1280.jpg\",\"width\":1920,\"height\":1280,\"mime-type\":\"image\\\/jpeg\",\"filesize\":366901},\"1536x1536\":{\"file\":\"hu18hub_DSF0534-1536x1024.jpg\",\"width\":1536,\"height\":1024,\"mime-type\":\"image\\\/jpeg\",\"filesize\":233235},\"2048x2048\":{\"file\":\"hu18hub_DSF0534-2048x1366.jpg\",\"width\":2048,\"height\":1366,\"mime-type\":\"image\\\/jpeg\",\"filesize\":415517},\"original\":{\"file\":\"hu18hub_DSF0534.jpg\",\"width\":2560,\"height\":1707}},\n\t\t\t\t\"alt_d\" : \"Zuschauer mit Helmen und Westen schauen ein auf ein Wand projeziertes Bild an\",\n\t\t\t\t\"path_d\" : \"\\\/wp-content\\\/uploads\\\/2022\\\/11\\\/\",\n\t\t\t\t\"autoplay_d\" : null,\n\t\t\t\t\"crop_d\" : null,\n\t\t\t\t\"background_d\" : true,\n\t\t\t\t\"scale_d\" : 1,\n\n\t\t\t\t\"sizes_m\" : [],\n\t\t\t\t\"alt_m\" : null,\n\t\t\t\t\"path_m\" : null,\n\t\t\t\t\"autoplay_m\" : null,\n\t\t\t\t\"crop_m\" : null,\n\t\t\t\t\"background_m\" : true,\n\t\t\t\t\"scale_m\" : 1,\n\n\t\t\t\t\"has_mobile_format\" : false,\n\t\t\t\t\"has_ad\" : false,\n\t\t\t\t\"audio_description_yt\" : null\t\t\t\t}\n\t\t\t<\/script>\n\t\t\t<div class=\"height-container\" style=\"padding-bottom:66.6796875%;\" v-if=\"sizes\" data-motion-parallax='{\"child\":\".image-wrapper\",\"mask\":\".lazy-media\",\"tween\":{\"yPercent\": [-15,15]}}'>\n\t\t\t\t<lazy-media :inline=\"true\" :scale=\"scale\" :alt=\"alt\" :sizes=\"sizes\" :brightness=\"brightness\" :path=\"path\" :video=\"video\" :autoplay=\"autoplay\" :youtube=\"youtube\" :crop=\"crop\" :youtubelabel=\"youtubelabel\" :background=\"background\" media-id=\"desc_m_69f12d1d83839\"><\/lazy-media>\n\t\t\t\t<button class=\"autoplay-audio-description-btn icon-background icon-audio-describtions\" @click=\"audioDescriptionPlay\" v-if=\"hasAudioDescription\" aria-label=\"Audiodeskription aufrufen\"><\/button>\n\t\t\t<\/div>\n\t\t\t\t\t\t<div class=\"lazy-media-info-container-fluid\">\n\t\t\t\t<div class=\"lazy-media-info-row end-xs\">\n\t\t\t\t\t<div class=\"lazy-media-info-col\">\n\t\t\t\t\t\t<div class=\"lazy-media-info\" aria-expanded=\"false\" :aria-expanded=\"isOpen ? 'true' : 'false'\">\n\t\t\t\t\t\t\t<button class=\"lazy-media-info-head button-tiny insignificant\" :class=\"{'button-active': isOpen}\" @click=\"toggle\" ref=\"head\"><span class=\"button-label insignificant\">Image info<\/span><\/button>\n\t\t\t\t\t\t\t<figcaption class=\"lazy-media-info-body\" ref=\"body\" id=\"desc_m_69f12d1d83839\">\n\t\t\t\t\t\t\t\t<div class=\"lazy-media-info-body-content\">\n\t\t\t\t\t\t\t\t\t\t\t\t\t\t\t\t\t\t<div>The Humboldt Laboratory team set up the kinetic research wall in December 2019. <\/div>\t\t\t\t\t\t\t\t\t\t\t\t\t\t\t\t\t<\/div>\n\t\t\t\t\t\t\t<\/figcaption>\n\t\t\t\t\t\t\t<div class=\"lazy-media-info-head-border\"><\/div>\n\t\t\t\t\t\t<\/div>\n\t\t\t\t\t<\/div>\n\t\t\t\t<\/div>\n\t\t\t<\/div>\n\t\t\t\t\t<\/figure>\n\t<\/block-header>\n<\/section>\n\n\n<section class=\"block block-anchor-nav\" aria-hidden=\"true\">\n\t<div class=\"container-fluid\">\n\t\t<div class=\"row\">\n\t\t\t<div class=\"col-xs-12 col-md-offset-2 col-md-8\">\n\t\t\t\t<block-anchor-nav inline-template>\n\t\t\t\t\t<div>\n\t\t\t\t\t\t<div class=\"anchor-nav-relative\" :class=\"{'isSticky': sticky}\" ref=\"view\">\n\t\t\t\t\t\t\t<div class=\"anchor-nav-title\" @click=\"toggle\" ref=\"head\">Contents<\/div>\n\t\t\t\t\t\t\t<div class=\"anchor-nav\" ref=\"body\">\n\t\t\t\t\t\t\t\t<ul class=\"anchor-nav-list\">\n\t\t\t\t\t\t\t\t\t\t\t\t\t\t\t\t\t\t\t<li class=\"anchor-nav-list-item\">\n\t\t\t\t\t\t\t\t\t\t\t<button @click=\"select('Humboldt Lab')\">\n\t\t\t\t\t\t\t\t\t\t\t\t<span class=\"button-icon icon-bullet_normal\" aria-hidden=\"true\"><\/span>\n\t\t\t\t\t\t\t\t\t\t\t\t<span class=\"button-label\">Humboldt Lab<\/span>\n\t\t\t\t\t\t\t\t\t\t\t<\/button>\n\t\t\t\t\t\t\t\t\t\t<\/li>\n\t\t\t\t\t\t\t\t\t\t\t\t\t\t\t\t\t\t\t<li class=\"anchor-nav-list-item\">\n\t\t\t\t\t\t\t\t\t\t\t<button @click=\"select('University')\">\n\t\t\t\t\t\t\t\t\t\t\t\t<span class=\"button-icon icon-bullet_normal\" aria-hidden=\"true\"><\/span>\n\t\t\t\t\t\t\t\t\t\t\t\t<span class=\"button-label\">University<\/span>\n\t\t\t\t\t\t\t\t\t\t\t<\/button>\n\t\t\t\t\t\t\t\t\t\t<\/li>\n\t\t\t\t\t\t\t\t\t\t\t\t\t\t\t\t\t\t\t<li class=\"anchor-nav-list-item\">\n\t\t\t\t\t\t\t\t\t\t\t<button @click=\"select('Leading-edge Research')\">\n\t\t\t\t\t\t\t\t\t\t\t\t<span class=\"button-icon icon-bullet_normal\" aria-hidden=\"true\"><\/span>\n\t\t\t\t\t\t\t\t\t\t\t\t<span class=\"button-label\">Leading-edge Research<\/span>\n\t\t\t\t\t\t\t\t\t\t\t<\/button>\n\t\t\t\t\t\t\t\t\t\t<\/li>\n\t\t\t\t\t\t\t\t\t\t\t\t\t\t\t\t\t\t\t<li class=\"anchor-nav-list-item\">\n\t\t\t\t\t\t\t\t\t\t\t<button @click=\"select('Dialogue with Society')\">\n\t\t\t\t\t\t\t\t\t\t\t\t<span class=\"button-icon icon-bullet_normal\" aria-hidden=\"true\"><\/span>\n\t\t\t\t\t\t\t\t\t\t\t\t<span class=\"button-label\">Dialogue with Society<\/span>\n\t\t\t\t\t\t\t\t\t\t\t<\/button>\n\t\t\t\t\t\t\t\t\t\t<\/li>\n\t\t\t\t\t\t\t\t\t\t\t\t\t\t\t\t\t<\/ul>\n\t\t\t\t\t\t\t<\/div>\n\t\t\t\t\t\t<\/div>\n\n\t\t\t\t\t\t<div class=\"anchor-nav-accordion\" aria-expanded=\"false\" :class=\"{'isSticky': sticky}\"  :aria-expanded=\"active ? 'true' : 'false'\">\n\t\t\t\t\t\t\t<div class=\"container-fluid\">\n\t\t\t\t\t\t\t\t<div class=\"row\">\n\t\t\t\t\t\t\t\t\t<div class=\"col-xs-12 col-md-offset-2 col-md-8\">\n\t\t\t\t\t\t\t\t\t\t<button class=\"anchor-nav-title\" @click=\"toggle\" ref=\"head\"><span class=\"button-label\">Contents<\/span><span class=\"button-icon icon-arrow_standart\" aria-hidden=\"true\"><\/span><\/button>\n\t\t\t\t\t\t\t\t\t\t<div class=\"anchor-nav\" ref=\"body\">\n\t\t\t\t\t\t\t\t\t\t\t<ul class=\"anchor-nav-list\">\n\t\t\t\t\t\t\t\t\t\t\t\t\t\t\t\t\t\t\t\t\t\t\t\t\t<li class=\"anchor-nav-list-item\">\n\t\t\t\t\t\t\t\t\t\t\t\t\t\t<button @click=\"select('Humboldt Lab')\">\n\t\t\t\t\t\t\t\t\t\t\t\t\t\t\t<span class=\"button-icon icon-bullet_normal\" aria-hidden=\"true\"><\/span>\n\t\t\t\t\t\t\t\t\t\t\t\t\t\t\t<span class=\"button-label\">Humboldt Lab<\/span>\n\t\t\t\t\t\t\t\t\t\t\t\t\t\t<\/button>\n\t\t\t\t\t\t\t\t\t\t\t\t\t<\/li>\n\t\t\t\t\t\t\t\t\t\t\t\t\t\t\t\t\t\t\t\t\t\t\t\t\t<li class=\"anchor-nav-list-item\">\n\t\t\t\t\t\t\t\t\t\t\t\t\t\t<button @click=\"select('University')\">\n\t\t\t\t\t\t\t\t\t\t\t\t\t\t\t<span class=\"button-icon icon-bullet_normal\" aria-hidden=\"true\"><\/span>\n\t\t\t\t\t\t\t\t\t\t\t\t\t\t\t<span class=\"button-label\">University<\/span>\n\t\t\t\t\t\t\t\t\t\t\t\t\t\t<\/button>\n\t\t\t\t\t\t\t\t\t\t\t\t\t<\/li>\n\t\t\t\t\t\t\t\t\t\t\t\t\t\t\t\t\t\t\t\t\t\t\t\t\t<li class=\"anchor-nav-list-item\">\n\t\t\t\t\t\t\t\t\t\t\t\t\t\t<button @click=\"select('Leading-edge Research')\">\n\t\t\t\t\t\t\t\t\t\t\t\t\t\t\t<span class=\"button-icon icon-bullet_normal\" aria-hidden=\"true\"><\/span>\n\t\t\t\t\t\t\t\t\t\t\t\t\t\t\t<span class=\"button-label\">Leading-edge Research<\/span>\n\t\t\t\t\t\t\t\t\t\t\t\t\t\t<\/button>\n\t\t\t\t\t\t\t\t\t\t\t\t\t<\/li>\n\t\t\t\t\t\t\t\t\t\t\t\t\t\t\t\t\t\t\t\t\t\t\t\t\t<li class=\"anchor-nav-list-item\">\n\t\t\t\t\t\t\t\t\t\t\t\t\t\t<button @click=\"select('Dialogue with Society')\">\n\t\t\t\t\t\t\t\t\t\t\t\t\t\t\t<span class=\"button-icon icon-bullet_normal\" aria-hidden=\"true\"><\/span>\n\t\t\t\t\t\t\t\t\t\t\t\t\t\t\t<span class=\"button-label\">Dialogue with Society<\/span>\n\t\t\t\t\t\t\t\t\t\t\t\t\t\t<\/button>\n\t\t\t\t\t\t\t\t\t\t\t\t\t<\/li>\n\t\t\t\t\t\t\t\t\t\t\t\t\t\t\t\t\t\t\t\t\t\t\t<\/ul>\n\t\t\t\t\t\t\t\t\t\t<\/div>\n\t\t\t\t\t\t\t\t\t<\/div>\n\t\t\t\t\t\t\t\t<\/div>\n\t\t\t\t\t\t\t<\/div>\n\t\t\t\t\t\t<\/div>\n\t\t\t\t\t<\/div>\n\t\t\t\t<\/block-anchor-nav>\n\t\t\t<\/div>\n\t\t<\/div>\n\t<\/div>\n<\/section>\n\n<section class=\"block block-headline block-no-margin  hyph-disable\"  id='humboldt-lab' data-anchor='Humboldt Lab'>\n\t<div class=\"container-fluid\">\n\t\t<div class=\"row\">\n\t\t\t\t\t\t\t<div class=\"col-xs-12 col-md-offset-2 col-md-8\">\n\t\t\t\t\t<div class=\"box\">\n\t\t\t\t\t\t<h2 class=\".h2\">Humboldt Lab<\/h2>\n\t\t\t\t\t<\/div>\n\t\t\t\t<\/div>\n\t\t\t\t\t<\/div>\n\t<\/div>\n<\/section>\n\n\n\n\n<section class=\"block block-copy\" >\n    <div class=\"container-fluid\">\n\t\t<div class=\"row \">\n            <div class=\"col-xs-12 col-md-offset-2 col-md-8\">\n                <div class=\"box\">\n                    <div class=\"copy\"><p>The Humboldt Lab is a venue where the latest research projects and findings are presented, a place for networking, for discussion, for sharing, for interdisciplinarity and internationality, and for debates on urgent issues of our time. This is done partly from a historical perspective by means of numerous objects from the fascinating world of the University\u2019s collections and the history of science. As a <a href=\"http:\/\/www.humboldt-labor.de\">HUB der Wissenschaft<\/a> or Hub of Science (HUB is the abbreviation of Humboldt-Universit\u00e4t zu Berlin), the Humboldt Lab is in equal measures an interface, a marketplace and a pivot between science and society. It presents research by the excellence clusters of the Berlin University Alliance and other renowned Humboldt-Universit\u00e4t institutes and departments.<\/p>\n<\/div>\n                <\/div>\n            <\/div>\n\t\t<\/div>\n\t\t    <\/div>\n<\/section>\n\n<section class=\"block block-headline block-no-margin  hyph-disable\"  id='university' data-anchor='University'>\n\t<div class=\"container-fluid\">\n\t\t<div class=\"row\">\n\t\t\t\t\t\t\t<div class=\"col-xs-12 col-md-offset-2 col-md-8\">\n\t\t\t\t\t<div class=\"box\">\n\t\t\t\t\t\t<h2 class=\".h2\">University<\/h2>\n\t\t\t\t\t<\/div>\n\t\t\t\t<\/div>\n\t\t\t\t\t<\/div>\n\t<\/div>\n<\/section>\n\n\n\n\n<section class=\"block block-copy\" >\n    <div class=\"container-fluid\">\n\t\t<div class=\"row \">\n            <div class=\"col-xs-12 col-md-offset-2 col-md-8\">\n                <div class=\"box\">\n                    <div class=\"copy\"><p>The\u00a0<a href=\"http:\/\/www.hu-berlin.de\">Humboldt-Universit\u00e4t zu Berlin<\/a> is Berlin\u2019s oldest university with over 35,000 students, some 450 professors and 2,000 academic employees. It is one of the foremost universities in the German-speaking world and one of 11 universities in Germany to have achieved University of Excellence status.<\/p>\n<\/div>\n                <\/div>\n            <\/div>\n\t\t<\/div>\n\t\t    <\/div>\n<\/section>\n\n<section class=\"block block-standard-image\">\n\t<div class=\"container-fluid\">\n\t\t<div class=\"row\">\n\t\t\t<div class=\"col-xs-10 col-md-6 col-xs-offset-1 col-md-offset-3\">\n\t\t\t\t\n\t<lazy-media-inline inline-template>\n\t\t<figure itemscope itemtype=\"http:\/\/schema.org\/ImageObject\" class=\"lazy-media-inline \" role=\"group\" id=\"media_69f12d1d88e1f\" aria-labelledby=\"desc_media_69f12d1d88e1f\">\n\t\t\t<script type=\"application\/json\" ref=\"data\">\n\t\t\t\t{\n\t\t\t\t\"sizes\" : {\"medium\":{\"file\":\"hu19_notizbuch_DSF6025-300x200.jpg\",\"width\":300,\"height\":200,\"mime-type\":\"image\\\/jpeg\",\"filesize\":16538},\"large\":{\"file\":\"hu19_notizbuch_DSF6025-1024x683.jpg\",\"width\":1024,\"height\":683,\"mime-type\":\"image\\\/jpeg\",\"filesize\":116173},\"thumbnail\":{\"file\":\"hu19_notizbuch_DSF6025-150x150.jpg\",\"width\":150,\"height\":150,\"mime-type\":\"image\\\/jpeg\",\"filesize\":7390},\"medium_large\":{\"file\":\"hu19_notizbuch_DSF6025-768x512.jpg\",\"width\":768,\"height\":512,\"mime-type\":\"image\\\/jpeg\",\"filesize\":73650},\"small\":{\"file\":\"hu19_notizbuch_DSF6025-440x294.jpg\",\"width\":440,\"height\":294,\"mime-type\":\"image\\\/jpeg\",\"filesize\":30628},\"semi\":{\"file\":\"hu19_notizbuch_DSF6025-580x387.jpg\",\"width\":580,\"height\":387,\"mime-type\":\"image\\\/jpeg\",\"filesize\":47803},\"mobile\":{\"file\":\"hu19_notizbuch_DSF6025-720x480.jpg\",\"width\":720,\"height\":480,\"mime-type\":\"image\\\/jpeg\",\"filesize\":66178},\"original\":{\"file\":\"hu19_notizbuch_DSF6025.jpg\",\"width\":1280,\"height\":854}},\n\t\t\t\t\"alt\" : \"Skulptur vom sitzenden Wilhelm von Humboldt von unten gesehen\",\n\t\t\t\t\"path\" : \"\\\/wp-content\\\/uploads\\\/2022\\\/11\\\/\",\n\t\t\t\t\"video\" : null,\n\t\t\t\t\"autoplay\" : null,\n\t\t\t\t\"youtube\" : null,\n\t\t\t\t\"youtubelabel\" : \"Play video\",\n\t\t\t\t\"brightness\" : 100,\n\t\t\t\t\"crop\" : null,\n\t\t\t\t\"background\" : false,\n\t\t\t\t\"scale\" : 1\t\t\t\t}\n\t\t\t<\/script>\n\n\t\t\t<div class=\"height-container\" style=\"padding-bottom:66.71875%;\" v-if=\"sizes\">\n\t\t\t\t\t\t\t\t<lazy-media :inline=\"true\" :alt=\"alt\" :sizes=\"sizes\" :scale=\"scale\" :brightness=\"brightness\" :path=\"path\" :video=\"video\" :autoplay=\"autoplay\" :youtube=\"youtube\" :crop=\"crop\" :youtubelabel=\"youtubelabel\" :background=\"background\" media-id=\"desc_media_69f12d1d88e1f\"><\/lazy-media>\n\t\t\t\t\t\t\t<\/div>\n\n\t\t\t\t\t\t\t<figcaption class=\"\" id=\"desc_media_69f12d1d88e1f\">\n\t\t\t\t\t<div class=\"lazy-media-info-body-content\">\n\t\t\t\t\t\t\t\t\t\t\t\t\t<div>The university was founded according to ideas of Wilhelm von Humboldt.<\/div>\n\t\t\t\t\t\t\t\t\t\t\t\t\t\t\t\t\t\t\t\t\t\t\t<\/div>\n\t\t\t\t<\/figcaption>\n\t\t\t\t\t\t\t\t\t<\/figure>\n\t<\/lazy-media-inline>\n\t\t\t<\/div>\n\t\t<\/div>\n\t<\/div>\n<\/section>\n\n<section class=\"block block-copy block-no-margin\" >\n    <div class=\"container-fluid\">\n\t\t<div class=\"row \">\n            <div class=\"col-xs-12 col-md-offset-2 col-md-8\">\n                <div class=\"box\">\n                    <div class=\"copy\"><p><strong>Wilhelm von Humboldt\u2019s Reform University<\/strong><\/p>\n<p>The university was founded in 1810 on the basis of Wilhelm von Humboldt\u2019s ideas and is still considered to be \u201cthe mother of all modern universities.\u201d Humboldt created a university in which the unity of research and teaching and an all-round humanistic education of students were achieved. Alexander von Humboldt gave some of his famous Cosmos lectures at today\u2019s Humboldt-Universit\u00e4t, and it was here that scientists such as Georg Friedrich Wilhelm Hegel, Hermann von Helmholtz, Rudolf Virchow, Max Planck, Lise Meitner and Albert Einstein taught and conducted research. The interdisciplinary, world-encompassing approach of Alexander and Wilhelm von Humboldt continues to serve as an inspiration and a model for the university.<\/p>\n<p>&nbsp;<\/p>\n<\/div>\n                <\/div>\n            <\/div>\n\t\t<\/div>\n\t\t    <\/div>\n<\/section>\n\n<section class=\"block block-standard-two-images \">\n\t<div class=\"container-fluid\">\n\t\t<div class=\"row\">\n\t\t\t<div class=\"col-xs-12 col-md-4\">\n\t\t\t\t<div class=\"box first-image\" data-motion-parallax='{\"child\":\".image-wrapper\",\"mask\":\".lazy-media\",\"tween\":{\"yPercent\": [-20,20]}}'>\n\t\t\t\t\t\t\t\t\t<\/div>\n\t\t\t\t<div class=\"copy\">\n\t\t\t\t\t<p class=\"Moderation\"><\/p>\n\t\t\t\t<\/div>\n\t\t\t<\/div>\n\t\t\t<div class=\"col-xs-12 col-md-8 second-image\" data-motion-parallax='{\"child\":\".image-wrapper\",\"mask\":\".lazy-media\",\"tween\":{\"yPercent\": [-15,15]}}'>\n\t\t\t\t\t\t\t<\/div>\n\t\t<\/div>\n\t<\/div>\n<\/section>\n\n<section class=\"block block-headline block-no-margin  hyph-disable\"  id='leading-edge-research' data-anchor='Leading-edge Research'>\n\t<div class=\"container-fluid\">\n\t\t<div class=\"row\">\n\t\t\t\t\t\t\t<div class=\"col-xs-12 col-md-offset-2 col-md-8\">\n\t\t\t\t\t<div class=\"box\">\n\t\t\t\t\t\t<h2 class=\".h2\">Cutting-Edge Research and University of Excellence<\/h2>\n\t\t\t\t\t<\/div>\n\t\t\t\t<\/div>\n\t\t\t\t\t<\/div>\n\t<\/div>\n<\/section>\n\n\n\n\n<section class=\"block block-copy\" >\n    <div class=\"container-fluid\">\n\t\t<div class=\"row \">\n            <div class=\"col-xs-12 col-md-offset-2 col-md-8\">\n                <div class=\"box\">\n                    <div class=\"copy\"><p>The Humboldt-Universit\u00e4t, along with the Freie Universit\u00e4t Berlin, the Technische Universit\u00e4t Berlin and the Charit\u00e9 \u2013 Universit\u00e4tsmedizin Berlin, is a member of the Berlin University Alliance. The BUA receives funding as an excellence network in the excellence strategy competition underwritten by Germany\u2019s federal and state governments. Seven BUA excellence clusters receive grants as part of the excellence strategy.<\/p>\n<\/div>\n                <\/div>\n            <\/div>\n\t\t<\/div>\n\t\t    <\/div>\n<\/section>\n\n<section class=\"block block-standard-image\">\n\t<div class=\"container-fluid\">\n\t\t<div class=\"row\">\n\t\t\t<div class=\"col-xs-10 col-md-6 col-xs-offset-1 col-md-offset-3\">\n\t\t\t\t\n\t<lazy-media-inline inline-template>\n\t\t<figure itemscope itemtype=\"http:\/\/schema.org\/ImageObject\" class=\"lazy-media-inline \" role=\"group\" id=\"media_69f12d1d8d4f7\" aria-labelledby=\"desc_media_69f12d1d8d4f7\">\n\t\t\t<script type=\"application\/json\" ref=\"data\">\n\t\t\t\t{\n\t\t\t\t\"sizes\" : {\"medium\":{\"file\":\"DSF0950-300x200.jpg\",\"width\":300,\"height\":200,\"mime-type\":\"image\\\/jpeg\",\"filesize\":14155},\"large\":{\"file\":\"DSF0950-1024x683.jpg\",\"width\":1024,\"height\":683,\"mime-type\":\"image\\\/jpeg\",\"filesize\":109921},\"thumbnail\":{\"file\":\"DSF0950-150x150.jpg\",\"width\":150,\"height\":150,\"mime-type\":\"image\\\/jpeg\",\"filesize\":6693},\"medium_large\":{\"file\":\"DSF0950-768x512.jpg\",\"width\":768,\"height\":512,\"mime-type\":\"image\\\/jpeg\",\"filesize\":67622},\"small\":{\"file\":\"DSF0950-440x293.jpg\",\"width\":440,\"height\":293,\"mime-type\":\"image\\\/jpeg\",\"filesize\":25660},\"semi\":{\"file\":\"DSF0950-580x387.jpg\",\"width\":580,\"height\":387,\"mime-type\":\"image\\\/jpeg\",\"filesize\":40989},\"mobile\":{\"file\":\"DSF0950-720x480.jpg\",\"width\":720,\"height\":480,\"mime-type\":\"image\\\/jpeg\",\"filesize\":57779},\"hd\":{\"file\":\"DSF0950-1280x853.jpg\",\"width\":1280,\"height\":853,\"mime-type\":\"image\\\/jpeg\",\"filesize\":163506},\"original\":{\"file\":\"DSF0950.jpg\",\"width\":1536,\"height\":1024}},\n\t\t\t\t\"alt\" : \"Blick auf das Hauptgeb\\u00e4ude durch die Eisentore\",\n\t\t\t\t\"path\" : \"\\\/wp-content\\\/uploads\\\/2022\\\/11\\\/\",\n\t\t\t\t\"video\" : null,\n\t\t\t\t\"autoplay\" : null,\n\t\t\t\t\"youtube\" : null,\n\t\t\t\t\"youtubelabel\" : \"Play video\",\n\t\t\t\t\"brightness\" : 100,\n\t\t\t\t\"crop\" : null,\n\t\t\t\t\"background\" : false,\n\t\t\t\t\"scale\" : 1\t\t\t\t}\n\t\t\t<\/script>\n\n\t\t\t<div class=\"height-container\" style=\"padding-bottom:66.666666666667%;\" v-if=\"sizes\">\n\t\t\t\t\t\t\t\t<lazy-media :inline=\"true\" :alt=\"alt\" :sizes=\"sizes\" :scale=\"scale\" :brightness=\"brightness\" :path=\"path\" :video=\"video\" :autoplay=\"autoplay\" :youtube=\"youtube\" :crop=\"crop\" :youtubelabel=\"youtubelabel\" :background=\"background\" media-id=\"desc_media_69f12d1d8d4f7\"><\/lazy-media>\n\t\t\t\t\t\t\t<\/div>\n\n\t\t\t\t\t\t\t<figcaption class=\"\" id=\"desc_media_69f12d1d8d4f7\">\n\t\t\t\t\t<div class=\"lazy-media-info-body-content\">\n\t\t\t\t\t\t\t\t\t\t\t\t\t\t\t\t\t\t\t<div>The Main Building of the Humboldt-Universit&auml;t zu Berlin. <\/div>\n\t\t\t\t\t\t\t\t\t\t\t\t\t\t\t\t\t<\/div>\n\t\t\t\t<\/figcaption>\n\t\t\t\t\t\t\t\t\t<\/figure>\n\t<\/lazy-media-inline>\n\t\t\t<\/div>\n\t\t<\/div>\n\t<\/div>\n<\/section>\n\n<section class=\"block block-headline block-no-margin  hyph-disable\"  id='dialogue-with-society' data-anchor='Dialogue with Society'>\n\t<div class=\"container-fluid\">\n\t\t<div class=\"row\">\n\t\t\t\t\t\t\t<div class=\"col-xs-12 col-md-offset-2 col-md-8\">\n\t\t\t\t\t<div class=\"box\">\n\t\t\t\t\t\t<h2 class=\".h2\">Dialogue with Society<\/h2>\n\t\t\t\t\t<\/div>\n\t\t\t\t<\/div>\n\t\t\t\t\t<\/div>\n\t<\/div>\n<\/section>\n\n\n\n\n<section class=\"block block-copy\" >\n    <div class=\"container-fluid\">\n\t\t<div class=\"row \">\n            <div class=\"col-xs-12 col-md-offset-2 col-md-8\">\n                <div class=\"box\">\n                    <div class=\"copy\"><p>Assured and multiply tested knowledge and clear and undisputable facts do not necessarily lead to important decisions being made in politics and society, as the climate change debate clearly demonstrates.<\/p>\n<\/div>\n                <\/div>\n            <\/div>\n\t\t<\/div>\n\t\t    <\/div>\n<\/section>\n\n\n<section class=\"block block-copy-quote hyph-disable\">\n\t<div class=\"container-fluid\">\n\t\t<div class=\"row center-xs\">\n\t\t\t\t\t\t<figure class=\"col-xs-10 col-md-6 quote-copy\">\n\t\t\t\t<div class=\"box\">\n\t\t\t\t\t<div class=\"container-fluid\">\n\t\t\t\t\t\t<div class=\"row\">\n\t\t\t\t\t\t\t<div class=\"col-xs-10 col-xs-offset-1 col-padding-remove\">\n\t\t\t\t\t\t\t\t<div class=\"box\">\n\t\t\t\t\t\t\t\t\t<span class=\"icon-zitat quote-copy-icon  no-image\"><\/span>\n\t\t\t\t\t\t\t\t\t<blockquote class=\"quote-copy-headline Zitat\">Society needs science &#8211; science needs society. Only in close exchange between the two will we succeed in asking the right questions and overcoming the multiple crises of our time. For this we need open places like the Humboldt Laboratory at the Humboldt Forum.<\/blockquote>\n\t\t\t\t\t\t\t\t\t<figcaption class=\"quote-copy-subline Copyright\">Julia von Blumenthal, President of Humboldt-Universit\u00e4t zu Berlin to the Humboldt Forum Foundation<\/figcaption>\n\t\t\t\t\t\t\t\t<\/div>\n\t\t\t\t\t\t\t<\/div>\n\t\t\t\t\t\t<\/div>\n\t\t\t\t\t<\/div>\n\t\t\t\t<\/div>\n\t\t\t<\/figure>\n\t\t<\/div>\n\t<\/div>\n<\/section>\n\n<section class=\"block block-copy\" >\n    <div class=\"container-fluid\">\n\t\t<div class=\"row \">\n            <div class=\"col-xs-12 col-md-offset-2 col-md-8\">\n                <div class=\"box\">\n                    <div class=\"copy\"><p>That is why the Humboldt-Universit\u00e4t intensively promotes exchange between university and society as well as between science and art den in order to progress from knowledge to understanding and to action. In order to visibly achieve this objective in the next few years the HU as a university in the heart of Berlin is going ahead with specific projects. They include the Humboldt Laboratory in the Humboldt Forum and other projects such as the Palais am Festungsgraben, where artists and scientists in exile will in future enter into a dialogue with the urban public, or the Science Campus &#8211; a joint project with the Museum f\u00fcr Naturkunde. The HU thereby hopes to set new standards and to establish new platforms for communication between science and society.<\/p>\n<p>&nbsp;<\/p>\n<p><span class=\"\" lang=\"EN-GB\">\u00a0<\/span><\/p>\n<\/div>\n                <\/div>\n            <\/div>\n\t\t<\/div>\n\t\t    <\/div>\n<\/section>\n\n\n<section class=\"block block-gallery\">\n\t<div class=\"container-fluid\">\n\t\t<div class=\"row center-xs\">\n\t\t\t<div class=\"col-xs-12\">\n\t\t\t\t<div class=\"box text-align-left\">\n\t\t\t\t\t<block-gallery inline-template>\n\t\t\t\t\t\t<div :class=\"{ firstLoaded: firstLoaded }\">\n\t\t\t\t\t\t\t<script type=\"application\/json\" ref=\"data\">\n\t\t\t\t\t\t\t{\n\t\t\t\t\t\t\t\t\"images\" : [{\"id\":0,\"width\":1024,\"height\":684,\"alt\":\"Studierende im Innenhof der Humboldt-Universit&auml;t\",\"title\":\"\",\"description\":\"\",\"label\":\"Students in the courtyard of the Main Building of the Humboldt-Universit&auml;t zu Berlin.\",\"copyright\":\"\",\"path\":\"\\\/wp-content\\\/uploads\\\/2022\\\/11\\\/\",\"sizes\":{\"medium\":{\"file\":\"HU16L1007448-300x200.jpg\",\"width\":300,\"height\":200,\"mime-type\":\"image\\\/jpeg\",\"filesize\":22910},\"thumbnail\":{\"file\":\"HU16L1007448-150x150.jpg\",\"width\":150,\"height\":150,\"mime-type\":\"image\\\/jpeg\",\"filesize\":9529},\"medium_large\":{\"file\":\"HU16L1007448-768x513.jpg\",\"width\":768,\"height\":513,\"mime-type\":\"image\\\/jpeg\",\"filesize\":127348},\"small\":{\"file\":\"HU16L1007448-440x294.jpg\",\"width\":440,\"height\":294,\"mime-type\":\"image\\\/jpeg\",\"filesize\":46315},\"semi\":{\"file\":\"HU16L1007448-580x387.jpg\",\"width\":580,\"height\":387,\"mime-type\":\"image\\\/jpeg\",\"filesize\":76968},\"mobile\":{\"file\":\"HU16L1007448-720x481.jpg\",\"width\":720,\"height\":481,\"mime-type\":\"image\\\/jpeg\",\"filesize\":111889},\"original\":{\"file\":\"HU16L1007448.jpg\",\"width\":1024,\"height\":684}}},{\"id\":1,\"width\":1536,\"height\":1152,\"alt\":\"Die Statue von Hermann von Helmholtz von hinten gesehen und Himmelhintergrund\",\"title\":\"\",\"description\":\"The statue of Hermann von Helmholtz in the courtyard of the Humboldt-Universit&auml;t.\",\"label\":\"\",\"copyright\":\"\",\"path\":\"\\\/wp-content\\\/uploads\\\/2022\\\/11\\\/\",\"sizes\":{\"medium\":{\"file\":\"DSF2711-300x225.jpg\",\"width\":300,\"height\":225,\"mime-type\":\"image\\\/jpeg\",\"filesize\":13380},\"large\":{\"file\":\"DSF2711-1024x768.jpg\",\"width\":1024,\"height\":768,\"mime-type\":\"image\\\/jpeg\",\"filesize\":105295},\"thumbnail\":{\"file\":\"DSF2711-150x150.jpg\",\"width\":150,\"height\":150,\"mime-type\":\"image\\\/jpeg\",\"filesize\":5846},\"medium_large\":{\"file\":\"DSF2711-768x576.jpg\",\"width\":768,\"height\":576,\"mime-type\":\"image\\\/jpeg\",\"filesize\":64235},\"small\":{\"file\":\"DSF2711-440x330.jpg\",\"width\":440,\"height\":330,\"mime-type\":\"image\\\/jpeg\",\"filesize\":24480},\"semi\":{\"file\":\"DSF2711-580x435.jpg\",\"width\":580,\"height\":435,\"mime-type\":\"image\\\/jpeg\",\"filesize\":38758},\"mobile\":{\"file\":\"DSF2711-720x540.jpg\",\"width\":720,\"height\":540,\"mime-type\":\"image\\\/jpeg\",\"filesize\":55330},\"hd\":{\"file\":\"DSF2711-1280x960.jpg\",\"width\":1280,\"height\":960,\"mime-type\":\"image\\\/jpeg\",\"filesize\":156651},\"original\":{\"file\":\"DSF2711.jpg\",\"width\":1536,\"height\":1152}}},{\"id\":2,\"width\":1536,\"height\":1152,\"alt\":\"Ein gro&szlig;e Fahrradtour fahren bei der Juristische Fakult&auml;t der HU vorbei\",\"title\":\"\",\"description\":\"\",\"label\":\"Die Juristische Fakult&auml;t der Humboldt-Universtit&auml;t\",\"copyright\":\"\",\"path\":\"\\\/wp-content\\\/uploads\\\/2022\\\/11\\\/\",\"sizes\":{\"medium\":{\"file\":\"hu20mh_sw_kommode_DSF2900-300x225.jpg\",\"width\":300,\"height\":225,\"mime-type\":\"image\\\/jpeg\",\"filesize\":21297},\"large\":{\"file\":\"hu20mh_sw_kommode_DSF2900-1024x768.jpg\",\"width\":1024,\"height\":768,\"mime-type\":\"image\\\/jpeg\",\"filesize\":172550},\"thumbnail\":{\"file\":\"hu20mh_sw_kommode_DSF2900-150x150.jpg\",\"width\":150,\"height\":150,\"mime-type\":\"image\\\/jpeg\",\"filesize\":8111},\"medium_large\":{\"file\":\"hu20mh_sw_kommode_DSF2900-768x576.jpg\",\"width\":768,\"height\":576,\"mime-type\":\"image\\\/jpeg\",\"filesize\":109787},\"small\":{\"file\":\"hu20mh_sw_kommode_DSF2900-440x330.jpg\",\"width\":440,\"height\":330,\"mime-type\":\"image\\\/jpeg\",\"filesize\":41176},\"semi\":{\"file\":\"hu20mh_sw_kommode_DSF2900-580x435.jpg\",\"width\":580,\"height\":435,\"mime-type\":\"image\\\/jpeg\",\"filesize\":66369},\"mobile\":{\"file\":\"hu20mh_sw_kommode_DSF2900-720x540.jpg\",\"width\":720,\"height\":540,\"mime-type\":\"image\\\/jpeg\",\"filesize\":95064},\"hd\":{\"file\":\"hu20mh_sw_kommode_DSF2900-1280x960.jpg\",\"width\":1280,\"height\":960,\"mime-type\":\"image\\\/jpeg\",\"filesize\":242966},\"original\":{\"file\":\"hu20mh_sw_kommode_DSF2900.jpg\",\"width\":1536,\"height\":1152}}},{\"id\":3,\"width\":1536,\"height\":1024,\"alt\":\"Das Institut f&uuml;r Physik auf dem Campus Adlershof\",\"title\":\"\",\"description\":\"Campus Adlershof, Institute for Physics\",\"label\":\"\",\"copyright\":\"\",\"path\":\"\\\/wp-content\\\/uploads\\\/2022\\\/11\\\/\",\"sizes\":{\"medium\":{\"file\":\"DSCF7754-1-300x200.jpg\",\"width\":300,\"height\":200,\"mime-type\":\"image\\\/jpeg\",\"filesize\":12336},\"large\":{\"file\":\"DSCF7754-1-1024x683.jpg\",\"width\":1024,\"height\":683,\"mime-type\":\"image\\\/jpeg\",\"filesize\":128552},\"thumbnail\":{\"file\":\"DSCF7754-1-150x150.jpg\",\"width\":150,\"height\":150,\"mime-type\":\"image\\\/jpeg\",\"filesize\":5399},\"medium_large\":{\"file\":\"DSCF7754-1-768x512.jpg\",\"width\":768,\"height\":512,\"mime-type\":\"image\\\/jpeg\",\"filesize\":77564},\"small\":{\"file\":\"DSCF7754-1-440x293.jpg\",\"width\":440,\"height\":293,\"mime-type\":\"image\\\/jpeg\",\"filesize\":25379},\"semi\":{\"file\":\"DSCF7754-1-580x387.jpg\",\"width\":580,\"height\":387,\"mime-type\":\"image\\\/jpeg\",\"filesize\":43444},\"mobile\":{\"file\":\"DSCF7754-1-720x480.jpg\",\"width\":720,\"height\":480,\"mime-type\":\"image\\\/jpeg\",\"filesize\":64559},\"hd\":{\"file\":\"DSCF7754-1-1280x853.jpg\",\"width\":1280,\"height\":853,\"mime-type\":\"image\\\/jpeg\",\"filesize\":191124},\"original\":{\"file\":\"DSCF7754-1.jpg\",\"width\":1536,\"height\":1024}}}]\t\t\t\t\t\t\t}\n\t\t\t\t\t\t\t<\/script>\n\n\t\t\t\t\t\t\t<swiper :options=\"options\" @slide-change=\"track\">\n\t\t\t\t\t\t\t\t<div class=\"swiper-slide\" :key=\"image.id\" v-for=\"image in images\">\n\t\t\t\t\t\t\t\t\t<block-gallery-item inline-template :image=\"image\">\n\t\t\t\t\t\t\t\t\t\t<figure class=\"swiper-slide-image-wrapper\" ref=\"parent\">\n\t\t\t\t\t\t\t\t\t\t\t<div class=\"width-container\" ref=\"container\" :style=\"style\">\n\t\t\t\t\t\t\t\t\t\t\t\t<div data-swiper-parallax-x=\"50%\">\n\t\t\t\t\t\t\t\t\t\t\t\t<img :src=\"image.src\" :alt=\"image.alt\" v-if=\"image.id < 2\">\n\t\t\t\t\t\t\t\t\t\t\t\t<img class=\"swiper-lazy\" :data-src=\"image.src\" :alt=\"image.alt\" v-else>\n\t\t\t\t\t\t\t\t\t\t\t\t<\/div>\n\t\t\t\t\t\t\t\t\t\t\t<\/div>\n\t\t\t\t\t\t\t\t\t\t<\/figure>\n\t\t\t\t\t\t\t\t\t<\/block-gallery-item>\n\n\t\t\t\t\t\t\t\t\t<figcaption>\n\t\t\t\t\t\t\t\t\t\t<div class=\"lazy-media-info-body-content\">\n\t\t\t\t\t\t\t\t\t\t\t<div v-html=\"image.label\"><\/div>\n\t\t\t\t\t\t\t\t\t\t\t<div v-html=\"image.description\"><\/div>\n\t\t\t\t\t\t\t\t\t\t\t<div class=\"insignificant\" v-if=\"image.copyright\" v-html=\"'\u00a9 '+image.copyright\"><\/div>\n\t\t\t\t\t\t\t\t\t\t<\/div>\n\t\t\t\t\t\t\t\t\t<\/figcaption>\n\t\t\t\t\t\t\t\t<\/div>\n\n\t\t\t\t\t\t\t\t<div class=\"swiper-pagination\"  slot=\"pagination\"><\/div>\n\n\t\t\t\t\t\t\t\t<button class=\"icon-round swiper-button-prev\" slot=\"button-prev\" aria-label=\"Last images\">\n\t\t\t\t\t\t\t\t\t<span class=\"icon-next\" aria-hidden=\"true\"><\/span>\n\t\t\t\t\t\t\t\t<\/button>\n\n\t\t\t\t\t\t\t\t<button class=\"icon-round swiper-button-next\" slot=\"button-next\" aria-label=\"Next image\">\n\t\t\t\t\t\t\t\t\t<span class=\"icon-next\" aria-hidden=\"true\"><\/span>\n\t\t\t\t\t\t\t\t<\/button>\n\t\t\t\t\t\t\t<\/swiper>\n\t\t\t\t\t\t<\/div>\n\t\t\t\t\t<\/block-gallery>\n\t\t\t\t<\/div>\n\t\t\t<\/div>\n\t\t<\/div>\n\t<\/div>\n<\/section>\n\n<section class=\"block block-headline block-no-margin  hyph-disable\" >\n\t<div class=\"container-fluid\">\n\t\t<div class=\"row\">\n\t\t\t\t\t\t\t<div class=\"col-xs-12 col-md-offset-2 col-md-8\">\n\t\t\t\t\t<div class=\"box\">\n\t\t\t\t\t\t<h2 class=\".h2\">Support<\/h2>\n\t\t\t\t\t<\/div>\n\t\t\t\t<\/div>\n\t\t\t\t\t<\/div>\n\t<\/div>\n<\/section>\n\n\n\n\n<section class=\"block block-copy block-no-margin\" >\n    <div class=\"container-fluid\">\n\t\t<div class=\"row \">\n            <div class=\"col-xs-12 col-md-offset-2 col-md-8\">\n                <div class=\"box\">\n                    <div class=\"copy\"><p>The Humboldt Lab is a project of the Humboldt University of Berlin in the Humboldt Forum. Funded under the Excellence Strategy of the Federal Government and the L\u00e4nder by the Berlin University Alliance. The Joachim Herz Foundation is a Humboldt Lab partner.<\/p>\n<\/div>\n                <\/div>\n            <\/div>\n\t\t<\/div>\n\t\t    <\/div>\n<\/section>\n\n<section class=\"block block-logos\" >\n    <div class=\"container-fluid\">\n\t\t<div class=\"row\">\n\t\t\t<div class=\"col-xs-12 col-sm-8 col-sm-offset-2\">\n\t\t\t\t<div class=\"box\">\n\t\t\t\t\t<div class=\"row  middle-xs\">\n\t\t\t\t\t\t\n\t\t\t\t\t\t<div class=\"col-xs-4 col-sm-3 col-sm-2\">\n\t\t\t\t\t\t\t<div class=\"box margin-sixth-top\">\n\t\t\t\t\t\t\t\t<img decoding=\"async\" alt=\"Humboldt-Universit\u00e4t zu Berlin (HU)\" src=\"https:\/\/www.humboldtforum.org\/wp-content\/uploads\/2020\/04\/Huberlin-logo.svg\" style=\"display: inline-block; width: 50%\" \/>\n\t\t\t\t\t\t\t<\/div>\n\t\t\t\t\t\t<\/div>\n\t\t\t\t\t\t\n\t\t\t\t\t\t<div class=\"col-xs-4 col-sm-3 col-sm-2\">\n\t\t\t\t\t\t\t<div class=\"box margin-sixth-top\">\n\t\t\t\t\t\t\t\t<img decoding=\"async\" alt=\"Berlin University Alliance (BAU)\" src=\"https:\/\/www.humboldtforum.org\/wp-content\/uploads\/2020\/12\/thumbnail_BUA_Logo_hoch_2_RGB-DRUCK.png\" style=\"display: inline-block; width: 70%\" \/>\n\t\t\t\t\t\t\t<\/div>\n\t\t\t\t\t\t<\/div>\n\t\t\t\t\t\t\n\t\t\t\t\t\t<div class=\"col-xs-4 col-sm-3 col-sm-2\">\n\t\t\t\t\t\t\t<div class=\"box margin-sixth-top\">\n\t\t\t\t\t\t\t\t<img decoding=\"async\" alt=\"Joachim Herz Stiftung\" src=\"https:\/\/www.humboldtforum.org\/wp-content\/uploads\/2020\/05\/Joachom_Herz_Stiftung_Logo.png\" style=\"display: inline-block; width: 100%\" \/>\n\t\t\t\t\t\t\t<\/div>\n\t\t\t\t\t\t<\/div>\n\t\t\t\t\t\t\t\t\t\t\t<\/div>\n\t\t\t\t<\/div>\n\t\t\t<\/div>\n        <\/div>\n    <\/div>\n<\/section>\n\n\n\n\n<section class=\"block block-press-teaser-statement\">\n\t\t\t<teaser-lane-with-buttons inline-template tracking-label=\"Press - From our magazine\">\n\t\t\t<div>\n\t\t\t\t<div class=\"container-fluid\">\n\t\t\t\t\t<div class=\"row middle-xs\">\n\t\t\t\t\t\t<div class=\"col-xs-12 col-md-9\">\n\t\t\t\t\t\t\t<h3 class=\"h4 topline\">From our magazine<\/h3>\t\t\t\t\t\t<\/div>\n\t\t\t\t\t\t<div class=\"col-xs-12 col-md-3 start-xs end-md margin-bottom-third\">\n\t\t\t\t\t\t\t<teaser-lane-buttons :visible_prev=\"visible_prev\" :visible_next=\"visible_next\" @prev=\"prev\" @next=\"next\"><\/teaser-lane-buttons>\n\t\t\t\t\t\t<\/div>\n\t\t\t\t\t<\/div>\n\t\t\t\t<\/div>\n\t\t\t\t<div class=\"teaser-lane-wrapper\">\n\t\t\t\t\t<ul class=\"teaser-lane\">\n\t\t\t\t\t\t\n\t\t\t\t\t\t\t<li class=\"teaser-lane-slide col-xs-5 col-sm-4 col-md-3 col-padding-remove\">\n\t\t\t\t\t\t\t\t<div class=\"box\">\n\t\t\t\t\t\t\t\t\t<a href=\"https:\/\/www.humboldtforum.org\/en\/magazine\/article\/familiensache-erinnerung\/\" class=\"teaser teaser-magazine-article\">\n\t\t\t\t\t\t\t\t\t\t<div class=\"teaser-image\">\n\t\t\t\t\t\t\t\t\t\t\t\n\t<lazy-media-inline inline-template>\n\t\t<figure itemscope itemtype=\"http:\/\/schema.org\/ImageObject\" class=\"lazy-media-inline \" role=\"group\" id=\"media_69f12d1da988f\" aria-labelledby=\"desc_media_69f12d1da988f\">\n\t\t\t<script type=\"application\/json\" ref=\"data\">\n\t\t\t\t{\n\t\t\t\t\"sizes\" : {\"medium\":{\"file\":\"SHF_eb00216866-300x214.jpg\",\"width\":300,\"height\":214,\"mime-type\":\"image\\\/jpeg\",\"filesize\":11149},\"large\":{\"file\":\"SHF_eb00216866-1024x731.jpg\",\"width\":1024,\"height\":731,\"mime-type\":\"image\\\/jpeg\",\"filesize\":87033},\"thumbnail\":{\"file\":\"SHF_eb00216866-150x150.jpg\",\"width\":150,\"height\":150,\"mime-type\":\"image\\\/jpeg\",\"filesize\":5542},\"medium_large\":{\"file\":\"SHF_eb00216866-768x548.jpg\",\"width\":768,\"height\":548,\"mime-type\":\"image\\\/jpeg\",\"filesize\":54049},\"small\":{\"file\":\"SHF_eb00216866-440x314.jpg\",\"width\":440,\"height\":314,\"mime-type\":\"image\\\/jpeg\",\"filesize\":21229},\"semi\":{\"file\":\"SHF_eb00216866-580x414.jpg\",\"width\":580,\"height\":414,\"mime-type\":\"image\\\/jpeg\",\"filesize\":33938},\"mobile\":{\"file\":\"SHF_eb00216866-720x514.jpg\",\"width\":720,\"height\":514,\"mime-type\":\"image\\\/jpeg\",\"filesize\":48699},\"hd\":{\"file\":\"SHF_eb00216866-1280x914.jpg\",\"width\":1280,\"height\":914,\"mime-type\":\"image\\\/jpeg\",\"filesize\":127026},\"original\":{\"file\":\"SHF_eb00216866.jpg\",\"width\":1500,\"height\":1071}},\n\t\t\t\t\"alt\" : \"A man with glasses and a mustache sits relaxed in a chair, with an artistic wall design in the background.\",\n\t\t\t\t\"path\" : \"\\\/wp-content\\\/uploads\\\/2026\\\/01\\\/\",\n\t\t\t\t\"video\" : null,\n\t\t\t\t\"autoplay\" : null,\n\t\t\t\t\"youtube\" : null,\n\t\t\t\t\"youtubelabel\" : \"Play video\",\n\t\t\t\t\"brightness\" : 100,\n\t\t\t\t\"crop\" : null,\n\t\t\t\t\"background\" : true,\n\t\t\t\t\"scale\" : 1\t\t\t\t}\n\t\t\t<\/script>\n\n\t\t\t<div class=\"height-container\" style=\"padding-bottom:71.4%;\" v-if=\"sizes\">\n\t\t\t\t\t\t\t\t<lazy-media :inline=\"true\" :alt=\"alt\" :sizes=\"sizes\" :scale=\"scale\" :brightness=\"brightness\" :path=\"path\" :video=\"video\" :autoplay=\"autoplay\" :youtube=\"youtube\" :crop=\"crop\" :youtubelabel=\"youtubelabel\" :background=\"background\" media-id=\"desc_media_69f12d1da988f\"><\/lazy-media>\n\t\t\t\t\t\t\t<\/div>\n\n\t\t\t\t\t\t\t<figcaption class=\"sr-only\" ref=\"body\" id=\"desc_media_69f12d1da988f\">\n\t\t\t\t\t\t\t\t\t\t\t<div>Dr. Hannes Uhlemann, fotografiert am 23. Juni 2023 in Berlin<\/div>\n\t\t\t\t\t\t\t\t\t\t\t\t\t\t\t\t<div>Portr&auml;t Hannes Uhlemann, 2023 <\/div>\n\t\t\t\t\t\t\t\t\t\t\t\t\t\t<\/figcaption>\n\t\t\t\t\t<\/figure>\n\t<\/lazy-media-inline>\n\t\t\t\t\t\t\t\t\t\t<\/div>\n\t\t\t\t\t\t\t\t\t\t<div class=\"teaser-overline subline\"><div class=\"tax-list-magazine-format tax-list-count-1\">Interview<\/div><\/div>\n\t\t\t\t\t\t\t\t\t\t<div class=\"teaser-header\"><span>Familiensache: Erinnerung?!<\/span><\/div>\n\t\t\t\t\t\t\t\t\t\t<div class=\"teaser-copy web-view\"><\/div>\n\t\t\t\t\t\t\t\t\t\t<div class=\"teaser-subline meta web-view\"> <span>9  <abbr aria-label='min.'>min<\/abbr> read<\/span><\/div>\n\t\t\t\t\t\t\t\t\t<\/a>\n\t\t\t\t\t\t\t\t<\/div>\n\t\t\t\t\t\t\t<\/li>\n\t\t\t\t\t\t\n\t\t\t\t\t\t\t<li class=\"teaser-lane-slide col-xs-5 col-sm-4 col-md-3 col-padding-remove\">\n\t\t\t\t\t\t\t\t<div class=\"box\">\n\t\t\t\t\t\t\t\t\t<a href=\"https:\/\/www.humboldtforum.org\/en\/magazine\/article\/a-staff-from-suriname\/\" class=\"teaser teaser-magazine-article\">\n\t\t\t\t\t\t\t\t\t\t<div class=\"teaser-image\">\n\t\t\t\t\t\t\t\t\t\t\t\n\t<lazy-media-inline inline-template>\n\t\t<figure itemscope itemtype=\"http:\/\/schema.org\/ImageObject\" class=\"lazy-media-inline \" role=\"group\" id=\"media_69f12d1daca0d\" aria-labelledby=\"desc_media_69f12d1daca0d\">\n\t\t\t<script type=\"application\/json\" ref=\"data\">\n\t\t\t\t{\n\t\t\t\t\"sizes\" : {\"medium\":{\"file\":\"SHF_eb00216966-1-300x126.jpg\",\"width\":300,\"height\":126,\"mime-type\":\"image\\\/jpeg\",\"filesize\":10511},\"large\":{\"file\":\"SHF_eb00216966-1-1024x429.jpg\",\"width\":1024,\"height\":429,\"mime-type\":\"image\\\/jpeg\",\"filesize\":64159},\"thumbnail\":{\"file\":\"SHF_eb00216966-1-150x150.jpg\",\"width\":150,\"height\":150,\"mime-type\":\"image\\\/jpeg\",\"filesize\":7707},\"medium_large\":{\"file\":\"SHF_eb00216966-1-768x322.jpg\",\"width\":768,\"height\":322,\"mime-type\":\"image\\\/jpeg\",\"filesize\":40589},\"small\":{\"file\":\"SHF_eb00216966-1-440x184.jpg\",\"width\":440,\"height\":184,\"mime-type\":\"image\\\/jpeg\",\"filesize\":18170},\"semi\":{\"file\":\"SHF_eb00216966-1-580x243.jpg\",\"width\":580,\"height\":243,\"mime-type\":\"image\\\/jpeg\",\"filesize\":27282},\"mobile\":{\"file\":\"SHF_eb00216966-1-720x302.jpg\",\"width\":720,\"height\":302,\"mime-type\":\"image\\\/jpeg\",\"filesize\":36627},\"hd\":{\"file\":\"SHF_eb00216966-1-1280x536.jpg\",\"width\":1280,\"height\":536,\"mime-type\":\"image\\\/jpeg\",\"filesize\":89467},\"full\":{\"file\":\"SHF_eb00216966-1-1920x804.jpg\",\"width\":1920,\"height\":804,\"mime-type\":\"image\\\/jpeg\",\"filesize\":183298},\"1536x1536\":{\"file\":\"SHF_eb00216966-1-1536x644.jpg\",\"width\":1536,\"height\":644,\"mime-type\":\"image\\\/jpeg\",\"filesize\":123229},\"original\":{\"file\":\"SHF_eb00216966-1.jpg\",\"width\":2048,\"height\":858}},\n\t\t\t\t\"alt\" : \"A man in protective gear examines a rod in a museum setting.\",\n\t\t\t\t\"path\" : \"\\\/wp-content\\\/uploads\\\/2024\\\/02\\\/\",\n\t\t\t\t\"video\" : null,\n\t\t\t\t\"autoplay\" : null,\n\t\t\t\t\"youtube\" : null,\n\t\t\t\t\"youtubelabel\" : \"Play video\",\n\t\t\t\t\"brightness\" : 100,\n\t\t\t\t\"crop\" : {\"top\":\"50.00\",\"left\":\"50.00\"},\n\t\t\t\t\"background\" : true,\n\t\t\t\t\"scale\" : 2\t\t\t\t}\n\t\t\t<\/script>\n\n\t\t\t<div class=\"height-container\" style=\"padding-bottom:41.89453125%;\" v-if=\"sizes\">\n\t\t\t\t\t\t\t\t<lazy-media :inline=\"true\" :alt=\"alt\" :sizes=\"sizes\" :scale=\"scale\" :brightness=\"brightness\" :path=\"path\" :video=\"video\" :autoplay=\"autoplay\" :youtube=\"youtube\" :crop=\"crop\" :youtubelabel=\"youtubelabel\" :background=\"background\" media-id=\"desc_media_69f12d1daca0d\"><\/lazy-media>\n\t\t\t\t\t\t\t<\/div>\n\n\t\t\t\t\t\t\t<figcaption class=\"sr-only\" ref=\"body\" id=\"desc_media_69f12d1daca0d\">\n\t\t\t\t\t\t\t\t\t\t\t<div>Video still from the documentary about the Surinamese staff <\/div>\n\t\t\t\t\t\t\t\t\t\t\t\t\t\t\t\t\t\t\t\t\t<div class=\"insignificant\">\u00a9 Mauritshuis Den Haag, Jongsma + O\u2019Neill<\/div>\n\t\t\t\t\t\t\t\t\t<\/figcaption>\n\t\t\t\t\t<\/figure>\n\t<\/lazy-media-inline>\n\t\t\t\t\t\t\t\t\t\t<\/div>\n\t\t\t\t\t\t\t\t\t\t<div class=\"teaser-overline subline\"><div class=\"tax-list-magazine-format tax-list-count-1\">Talk<\/div><\/div>\n\t\t\t\t\t\t\t\t\t\t<div class=\"teaser-header\"><span>A staff from Suriname<\/span><\/div>\n\t\t\t\t\t\t\t\t\t\t<div class=\"teaser-copy web-view\"><\/div>\n\t\t\t\t\t\t\t\t\t\t<div class=\"teaser-subline meta web-view\"> <span>4  <abbr aria-label='min.'>min<\/abbr> read<\/span><\/div>\n\t\t\t\t\t\t\t\t\t<\/a>\n\t\t\t\t\t\t\t\t<\/div>\n\t\t\t\t\t\t\t<\/li>\n\t\t\t\t\t\t\n\t\t\t\t\t\t\t<li class=\"teaser-lane-slide col-xs-5 col-sm-4 col-md-3 col-padding-remove\">\n\t\t\t\t\t\t\t\t<div class=\"box\">\n\t\t\t\t\t\t\t\t\t<a href=\"https:\/\/www.humboldtforum.org\/en\/magazine\/article\/erinnerungen-an-den-palast-der-republik\/\" class=\"teaser teaser-magazine-article\">\n\t\t\t\t\t\t\t\t\t\t<div class=\"teaser-image\">\n\t\t\t\t\t\t\t\t\t\t\t\n\t<lazy-media-inline inline-template>\n\t\t<figure itemscope itemtype=\"http:\/\/schema.org\/ImageObject\" class=\"lazy-media-inline \" role=\"group\" id=\"media_69f12d1dbc7c8\" aria-labelledby=\"desc_media_69f12d1dbc7c8\">\n\t\t\t<script type=\"application\/json\" ref=\"data\">\n\t\t\t\t{\n\t\t\t\t\"sizes\" : {\"medium\":{\"file\":\"SHF_eb00217231-300x300.jpg\",\"width\":300,\"height\":300,\"mime-type\":\"image\\\/jpeg\",\"filesize\":18375},\"large\":{\"file\":\"SHF_eb00217231-1024x1024.jpg\",\"width\":1024,\"height\":1024,\"mime-type\":\"image\\\/jpeg\",\"filesize\":124992},\"thumbnail\":{\"file\":\"SHF_eb00217231-150x150.jpg\",\"width\":150,\"height\":150,\"mime-type\":\"image\\\/jpeg\",\"filesize\":6490},\"medium_large\":{\"file\":\"SHF_eb00217231-768x768.jpg\",\"width\":768,\"height\":768,\"mime-type\":\"image\\\/jpeg\",\"filesize\":80012},\"small\":{\"file\":\"SHF_eb00217231-440x440.jpg\",\"width\":440,\"height\":440,\"mime-type\":\"image\\\/jpeg\",\"filesize\":33738},\"semi\":{\"file\":\"SHF_eb00217231-580x580.jpg\",\"width\":580,\"height\":580,\"mime-type\":\"image\\\/jpeg\",\"filesize\":52887},\"mobile\":{\"file\":\"SHF_eb00217231-720x720.jpg\",\"width\":720,\"height\":720,\"mime-type\":\"image\\\/jpeg\",\"filesize\":72694},\"hd\":{\"file\":\"SHF_eb00217231-1280x1280.jpg\",\"width\":1280,\"height\":1280,\"mime-type\":\"image\\\/jpeg\",\"filesize\":177039},\"full\":{\"file\":\"SHF_eb00217231-1920x1920.jpg\",\"width\":1920,\"height\":1920,\"mime-type\":\"image\\\/jpeg\",\"filesize\":347316},\"1536x1536\":{\"file\":\"SHF_eb00217231-1536x1536.jpg\",\"width\":1536,\"height\":1536,\"mime-type\":\"image\\\/jpeg\",\"filesize\":236809},\"2048x2048\":{\"file\":\"SHF_eb00217231-2048x2048.jpg\",\"width\":2048,\"height\":2048,\"mime-type\":\"image\\\/jpeg\",\"filesize\":387794},\"original\":{\"file\":\"SHF_eb00217231.jpg\",\"width\":3000,\"height\":3000}},\n\t\t\t\t\"alt\" : \"Graffiti on a modern facade with large windows, featuring shades of orange and purple.\",\n\t\t\t\t\"path\" : \"\\\/wp-content\\\/uploads\\\/2024\\\/02\\\/\",\n\t\t\t\t\"video\" : null,\n\t\t\t\t\"autoplay\" : null,\n\t\t\t\t\"youtube\" : null,\n\t\t\t\t\"youtubelabel\" : \"Play video\",\n\t\t\t\t\"brightness\" : 100,\n\t\t\t\t\"crop\" : null,\n\t\t\t\t\"background\" : true,\n\t\t\t\t\"scale\" : 2\t\t\t\t}\n\t\t\t<\/script>\n\n\t\t\t<div class=\"height-container\" style=\"padding-bottom:100%;\" v-if=\"sizes\">\n\t\t\t\t\t\t\t\t<lazy-media :inline=\"true\" :alt=\"alt\" :sizes=\"sizes\" :scale=\"scale\" :brightness=\"brightness\" :path=\"path\" :video=\"video\" :autoplay=\"autoplay\" :youtube=\"youtube\" :crop=\"crop\" :youtubelabel=\"youtubelabel\" :background=\"background\" media-id=\"desc_media_69f12d1dbc7c8\"><\/lazy-media>\n\t\t\t\t\t\t\t<\/div>\n\n\t\t\t\t\t\t\t<figcaption class=\"sr-only\" ref=\"body\" id=\"desc_media_69f12d1dbc7c8\">\n\t\t\t\t\t\t\t\t\t\t\t<div>Visual of the exhibition &quot;Hin und Weg. The Palace of the Republic is Present&quot;, which opens at the Humboldt Forum in 2024<\/div>\n\t\t\t\t\t\t\t\t\t\t\t\t\t\t\t\t\t\t\t\t\t<div class=\"insignificant\">\u00a9 Stiftung Humboldt Forum im Berliner Schloss, Photo: picture alliance \/ imageBROKER \/ dirk enters\r\n<\/div>\n\t\t\t\t\t\t\t\t\t<\/figcaption>\n\t\t\t\t\t<\/figure>\n\t<\/lazy-media-inline>\n\t\t\t\t\t\t\t\t\t\t<\/div>\n\t\t\t\t\t\t\t\t\t\t<div class=\"teaser-overline subline\"><div class=\"tax-list-magazine-format tax-list-count-1\">Interview<\/div><\/div>\n\t\t\t\t\t\t\t\t\t\t<div class=\"teaser-header\"><span>Memories of the Palace of the Republic<\/span><\/div>\n\t\t\t\t\t\t\t\t\t\t<div class=\"teaser-copy web-view\"><\/div>\n\t\t\t\t\t\t\t\t\t\t<div class=\"teaser-subline meta web-view\"><div class=\"icon-like meta-separator\" aria-hidden=\"true\"><\/div> <span aria-label=\"Likes\">2<\/span> <div class=\"icon-bullet_active meta-separator\" aria-hidden=\"true\"><\/div> <span>21  <abbr aria-label='min.'>min<\/abbr> read<\/span><\/div>\n\t\t\t\t\t\t\t\t\t<\/a>\n\t\t\t\t\t\t\t\t<\/div>\n\t\t\t\t\t\t\t<\/li>\n\t\t\t\t\t\t\n\t\t\t\t\t\t\t<li class=\"teaser-lane-slide col-xs-5 col-sm-4 col-md-3 col-padding-remove\">\n\t\t\t\t\t\t\t\t<div class=\"box\">\n\t\t\t\t\t\t\t\t\t<a href=\"https:\/\/www.humboldtforum.org\/en\/magazine\/article\/city-research\/\" class=\"teaser teaser-magazine-article\">\n\t\t\t\t\t\t\t\t\t\t<div class=\"teaser-image\">\n\t\t\t\t\t\t\t\t\t\t\t\n\t<lazy-media-inline inline-template>\n\t\t<figure itemscope itemtype=\"http:\/\/schema.org\/ImageObject\" class=\"lazy-media-inline \" role=\"group\" id=\"media_69f12d1dcefb6\" aria-labelledby=\"desc_media_69f12d1dcefb6\">\n\t\t\t<script type=\"application\/json\" ref=\"data\">\n\t\t\t\t{\n\t\t\t\t\"sizes\" : {\"medium\":{\"file\":\"SHF_eb00236430-300x223.jpg\",\"width\":300,\"height\":223,\"mime-type\":\"image\\\/jpeg\",\"filesize\":12511},\"large\":{\"file\":\"SHF_eb00236430-1024x761.jpg\",\"width\":1024,\"height\":761,\"mime-type\":\"image\\\/jpeg\",\"filesize\":71764},\"thumbnail\":{\"file\":\"SHF_eb00236430-150x150.jpg\",\"width\":150,\"height\":150,\"mime-type\":\"image\\\/jpeg\",\"filesize\":5960},\"medium_large\":{\"file\":\"SHF_eb00236430-768x571.jpg\",\"width\":768,\"height\":571,\"mime-type\":\"image\\\/jpeg\",\"filesize\":47043},\"small\":{\"file\":\"SHF_eb00236430-440x327.jpg\",\"width\":440,\"height\":327,\"mime-type\":\"image\\\/jpeg\",\"filesize\":21465},\"semi\":{\"file\":\"SHF_eb00236430-580x431.jpg\",\"width\":580,\"height\":431,\"mime-type\":\"image\\\/jpeg\",\"filesize\":31593},\"mobile\":{\"file\":\"SHF_eb00236430-720x535.jpg\",\"width\":720,\"height\":535,\"mime-type\":\"image\\\/jpeg\",\"filesize\":42751},\"hd\":{\"file\":\"SHF_eb00236430-1280x951.jpg\",\"width\":1280,\"height\":951,\"mime-type\":\"image\\\/jpeg\",\"filesize\":100126},\"full\":{\"file\":\"SHF_eb00236430-1920x1427.jpg\",\"width\":1920,\"height\":1427,\"mime-type\":\"image\\\/jpeg\",\"filesize\":193032},\"1536x1536\":{\"file\":\"SHF_eb00236430-1536x1141.jpg\",\"width\":1536,\"height\":1141,\"mime-type\":\"image\\\/jpeg\",\"filesize\":133262},\"original\":{\"file\":\"SHF_eb00236430.jpg\",\"width\":2000,\"height\":1486}},\n\t\t\t\t\"alt\" : \"Young people film and interview in a sunny square with a camera and microphone.\",\n\t\t\t\t\"path\" : \"\\\/wp-content\\\/uploads\\\/2024\\\/11\\\/\",\n\t\t\t\t\"video\" : null,\n\t\t\t\t\"autoplay\" : null,\n\t\t\t\t\"youtube\" : null,\n\t\t\t\t\"youtubelabel\" : \"Play video\",\n\t\t\t\t\"brightness\" : 100,\n\t\t\t\t\"crop\" : null,\n\t\t\t\t\"background\" : true,\n\t\t\t\t\"scale\" : 2\t\t\t\t}\n\t\t\t<\/script>\n\n\t\t\t<div class=\"height-container\" style=\"padding-bottom:74.3%;\" v-if=\"sizes\">\n\t\t\t\t\t\t\t\t<lazy-media :inline=\"true\" :alt=\"alt\" :sizes=\"sizes\" :scale=\"scale\" :brightness=\"brightness\" :path=\"path\" :video=\"video\" :autoplay=\"autoplay\" :youtube=\"youtube\" :crop=\"crop\" :youtubelabel=\"youtubelabel\" :background=\"background\" media-id=\"desc_media_69f12d1dcefb6\"><\/lazy-media>\n\t\t\t\t\t\t\t<\/div>\n\n\t\t\t\t\t\t\t<figcaption class=\"sr-only\" ref=\"body\" id=\"desc_media_69f12d1dcefb6\">\n\t\t\t\t\t\t\t\t\t\t\t\t\t\t\t\t<div>Project &quot;City Research&quot; <\/div>\n\t\t\t\t\t\t\t\t\t\t\t\t\t\t\t\t<div class=\"insignificant\">\u00a9 Stiftung Humboldt Forum im Berliner Schloss, Foto: Frank Sperling<\/div>\n\t\t\t\t\t\t\t\t\t<\/figcaption>\n\t\t\t\t\t<\/figure>\n\t<\/lazy-media-inline>\n\t\t\t\t\t\t\t\t\t\t<\/div>\n\t\t\t\t\t\t\t\t\t\t<div class=\"teaser-overline subline\"><\/div>\n\t\t\t\t\t\t\t\t\t\t<div class=\"teaser-header\"><span>City Research. A school project in Berlin and Dar es Salaam<\/span><\/div>\n\t\t\t\t\t\t\t\t\t\t<div class=\"teaser-copy web-view\"><\/div>\n\t\t\t\t\t\t\t\t\t\t<div class=\"teaser-subline meta web-view\"><div class=\"icon-like meta-separator\" aria-hidden=\"true\"><\/div> <span aria-label=\"Likes\">7<\/span> <div class=\"icon-bullet_active meta-separator\" aria-hidden=\"true\"><\/div> <span>10  <abbr aria-label='min.'>min<\/abbr> read<\/span><\/div>\n\t\t\t\t\t\t\t\t\t<\/a>\n\t\t\t\t\t\t\t\t<\/div>\n\t\t\t\t\t\t\t<\/li>\n\t\t\t\t\t\t\t\t\t\t\t<\/ul>\n\t\t\t\t<\/div>\n\t\t\t<\/div>\n\t\t<\/teaser-lane-with-buttons>\n\t<\/section>\n\n<section class=\"block block-teaser col-3 \" style=\"\">\n\t\t\t\t\t\t<div class=\"container-fluid\">\n\t\t\t\t\t\t\t\t\t<div class=\"row\">\n\t\t\t\t\t\t<div class=\"col-xs-12\">\n\t\t\t\t\t\t\t<h3 class=\"h4 topline\">Partner Institutions<\/h4>\n\t\t\t\t\t\t<\/div>\n\t\t\t\t\t<\/div>\n\t\t\t\t\t\t\t\t<ul class=\"row\">\n\n\t\t\t\t<li class=\"col-xs-12 col-sm-4 col-padding-remove teaser-wrapper teaser-wrapper-tight\">\n\t<div class=\"box\">\n\t\t<a href=\"https:\/\/www.humboldtforum.org\/en\/stiftung-humboldt-forum-im-berliner-schloss\/\" class=\"teaser teaser-page\">\n\t\t\t<div class=\"teaser-image teaser-image-square footer-gradient\">\n\t\t\t\t\n\t<lazy-media-inline inline-template>\n\t\t<figure itemscope itemtype=\"http:\/\/schema.org\/ImageObject\" class=\"lazy-media-inline \" role=\"group\" id=\"media_69f12d1dd11d3\" aria-labelledby=\"desc_media_69f12d1dd11d3\">\n\t\t\t<script type=\"application\/json\" ref=\"data\">\n\t\t\t\t{\n\t\t\t\t\"sizes\" : {\"medium\":{\"file\":\"HF_eb00041867_169-300x169.jpg\",\"width\":300,\"height\":169,\"mime-type\":\"image\\\/jpeg\"},\"large\":{\"file\":\"HF_eb00041867_169-1024x576.jpg\",\"width\":1024,\"height\":576,\"mime-type\":\"image\\\/jpeg\"},\"thumbnail\":{\"file\":\"HF_eb00041867_169-150x150.jpg\",\"width\":150,\"height\":150,\"mime-type\":\"image\\\/jpeg\"},\"medium_large\":{\"file\":\"HF_eb00041867_169-768x432.jpg\",\"width\":768,\"height\":432,\"mime-type\":\"image\\\/jpeg\"},\"1536x1536\":{\"file\":\"HF_eb00041867_169-1536x864.jpg\",\"width\":1536,\"height\":864,\"mime-type\":\"image\\\/jpeg\"},\"2048x2048\":{\"file\":\"HF_eb00041867_169-2048x1152.jpg\",\"width\":2048,\"height\":1152,\"mime-type\":\"image\\\/jpeg\"},\"original\":{\"file\":\"HF_eb00041867_169-scaled.jpg\",\"width\":2560,\"height\":1440}},\n\t\t\t\t\"alt\" : \"Night image of a historic building with a lit courtyard and a crowd of people.\",\n\t\t\t\t\"path\" : \"\\\/wp-content\\\/uploads\\\/2020\\\/04\\\/\",\n\t\t\t\t\"video\" : null,\n\t\t\t\t\"autoplay\" : null,\n\t\t\t\t\"youtube\" : null,\n\t\t\t\t\"youtubelabel\" : \"Play video\",\n\t\t\t\t\"brightness\" : 100,\n\t\t\t\t\"crop\" : {\"top\":\"50.00\",\"left\":\"50.00\"},\n\t\t\t\t\"background\" : true,\n\t\t\t\t\"scale\" : 4\t\t\t\t}\n\t\t\t<\/script>\n\n\t\t\t<div class=\"height-container\" style=\"padding-bottom:56.25%;\" v-if=\"sizes\">\n\t\t\t\t\t\t\t\t<lazy-media :inline=\"true\" :alt=\"alt\" :sizes=\"sizes\" :scale=\"scale\" :brightness=\"brightness\" :path=\"path\" :video=\"video\" :autoplay=\"autoplay\" :youtube=\"youtube\" :crop=\"crop\" :youtubelabel=\"youtubelabel\" :background=\"background\" media-id=\"desc_media_69f12d1dd11d3\"><\/lazy-media>\n\t\t\t\t\t\t\t<\/div>\n\n\t\t\t\t\t\t\t<figcaption class=\"sr-only\" ref=\"body\" id=\"desc_media_69f12d1dd11d3\">\n\t\t\t\t\t\t\t\t\t\t\t<div>The Schl&uuml;terhof during the Open Days of the Construction Site, 2018.<\/div>\n\t\t\t\t\t\t\t\t\t\t\t\t\t\t\t\t\t\t\t\t\t<div class=\"insignificant\">\u00a9 SHF \/ David von Becker<\/div>\n\t\t\t\t\t\t\t\t\t<\/figcaption>\n\t\t\t\t\t<\/figure>\n\t<\/lazy-media-inline>\n\t\t\t<\/div>\n\t\t\t<div class=\"teaser-header\"><div>\n\t\t\t\t\n\t\t\t\t\t\t<span class=\"h4 \">Stiftung Humboldt  Forum im Berliner Schloss<\/span>\n\t\t\t\t\t\t\t\t<\/div><\/div>\n\t\t<\/a>\n\t<\/div>\n<\/li><li class=\"col-xs-12 col-sm-4 col-padding-remove teaser-wrapper teaser-wrapper-tight\">\n\t<div class=\"box\">\n\t\t<a href=\"https:\/\/www.humboldtforum.org\/en\/kulturprojekte-berlin-and-stadtmuseum-berlin\/\" class=\"teaser teaser-page\">\n\t\t\t<div class=\"teaser-image teaser-image-square footer-gradient\">\n\t\t\t\t\n\t<lazy-media-inline inline-template>\n\t\t<figure itemscope itemtype=\"http:\/\/schema.org\/ImageObject\" class=\"lazy-media-inline \" role=\"group\" id=\"media_69f12d1dd2369\" aria-labelledby=\"desc_media_69f12d1dd2369\">\n\t\t\t<script type=\"application\/json\" ref=\"data\">\n\t\t\t\t{\n\t\t\t\t\"sizes\" : {\"medium\":{\"file\":\"CF004463-300x165.jpg\",\"width\":300,\"height\":165,\"mime-type\":\"image\\\/jpeg\"},\"large\":{\"file\":\"CF004463-1024x562.jpg\",\"width\":1024,\"height\":562,\"mime-type\":\"image\\\/jpeg\"},\"thumbnail\":{\"file\":\"CF004463-150x150.jpg\",\"width\":150,\"height\":150,\"mime-type\":\"image\\\/jpeg\"},\"medium_large\":{\"file\":\"CF004463-768x422.jpg\",\"width\":768,\"height\":422,\"mime-type\":\"image\\\/jpeg\"},\"1536x1536\":{\"file\":\"CF004463-1536x843.jpg\",\"width\":1536,\"height\":843,\"mime-type\":\"image\\\/jpeg\"},\"original\":{\"file\":\"CF004463.jpg\",\"width\":1821,\"height\":1000}},\n\t\t\t\t\"alt\" : \"View of the inner courtyard from the first floor windows\",\n\t\t\t\t\"path\" : \"\\\/wp-content\\\/uploads\\\/2020\\\/05\\\/\",\n\t\t\t\t\"video\" : null,\n\t\t\t\t\"autoplay\" : null,\n\t\t\t\t\"youtube\" : null,\n\t\t\t\t\"youtubelabel\" : \"Play video\",\n\t\t\t\t\"brightness\" : 100,\n\t\t\t\t\"crop\" : null,\n\t\t\t\t\"background\" : true,\n\t\t\t\t\"scale\" : 4\t\t\t\t}\n\t\t\t<\/script>\n\n\t\t\t<div class=\"height-container\" style=\"padding-bottom:54.914881933004%;\" v-if=\"sizes\">\n\t\t\t\t\t\t\t\t<lazy-media :inline=\"true\" :alt=\"alt\" :sizes=\"sizes\" :scale=\"scale\" :brightness=\"brightness\" :path=\"path\" :video=\"video\" :autoplay=\"autoplay\" :youtube=\"youtube\" :crop=\"crop\" :youtubelabel=\"youtubelabel\" :background=\"background\" media-id=\"desc_media_69f12d1dd2369\"><\/lazy-media>\n\t\t\t\t\t\t\t<\/div>\n\n\t\t\t\t\t\t\t<figcaption class=\"sr-only\" ref=\"body\" id=\"desc_media_69f12d1dd2369\">\n\t\t\t\t\t\t\t\t\t\t\t<div>The Berlin Exhibition on the first  floor of the Humboldt Forum links the city of Berlin with the cultures of the world displayed on the Forum&rsquo;s upper floors.<\/div>\n\t\t\t\t\t\t\t\t\t\t\t\t\t\t\t\t\t\t\t\t\t<div class=\"insignificant\">\u00a9 Kulturprojekte Berlin and Stiftung Stadtmuseum Berlin, photo: Alexander Schippel<\/div>\n\t\t\t\t\t\t\t\t\t<\/figcaption>\n\t\t\t\t\t<\/figure>\n\t<\/lazy-media-inline>\n\t\t\t<\/div>\n\t\t\t<div class=\"teaser-header\"><div>\n\t\t\t\t\n\t\t\t\t\t\t<span class=\"h4 \">Kulturprojekte Berlin and Stadtmuseum Berlin<\/span>\n\t\t\t\t\t\t\t\t<\/div><\/div>\n\t\t<\/a>\n\t<\/div>\n<\/li><li class=\"col-xs-12 col-sm-4 col-padding-remove teaser-wrapper teaser-wrapper-tight\">\n\t<div class=\"box\">\n\t\t<a href=\"https:\/\/www.humboldtforum.org\/en\/about\/staatliche-museen-zu-berlin\/\" class=\"teaser teaser-page\">\n\t\t\t<div class=\"teaser-image teaser-image-square footer-gradient\">\n\t\t\t\t\n\t<lazy-media-inline inline-template>\n\t\t<figure itemscope itemtype=\"http:\/\/schema.org\/ImageObject\" class=\"lazy-media-inline \" role=\"group\" id=\"media_69f12d1dd32e9\" aria-labelledby=\"desc_media_69f12d1dd32e9\">\n\t\t\t<script type=\"application\/json\" ref=\"data\">\n\t\t\t\t{\n\t\t\t\t\"sizes\" : {\"medium\":{\"file\":\"04_JSG_Museumsinsel-300x200.jpg\",\"width\":300,\"height\":200,\"mime-type\":\"image\\\/jpeg\"},\"large\":{\"file\":\"04_JSG_Museumsinsel-1024x683.jpg\",\"width\":1024,\"height\":683,\"mime-type\":\"image\\\/jpeg\"},\"thumbnail\":{\"file\":\"04_JSG_Museumsinsel-150x150.jpg\",\"width\":150,\"height\":150,\"mime-type\":\"image\\\/jpeg\"},\"medium_large\":{\"file\":\"04_JSG_Museumsinsel-768x512.jpg\",\"width\":768,\"height\":512,\"mime-type\":\"image\\\/jpeg\"},\"1536x1536\":{\"file\":\"04_JSG_Museumsinsel-1536x1024.jpg\",\"width\":1536,\"height\":1024,\"mime-type\":\"image\\\/jpeg\"},\"2048x2048\":{\"file\":\"04_JSG_Museumsinsel-2048x1365.jpg\",\"width\":2048,\"height\":1365,\"mime-type\":\"image\\\/jpeg\"},\"original\":{\"file\":\"04_JSG_Museumsinsel.jpg\",\"width\":2500,\"height\":1667}},\n\t\t\t\t\"alt\" : \"The James Simon Gallery with the Neues Museum to the right\",\n\t\t\t\t\"path\" : \"\\\/wp-content\\\/uploads\\\/2020\\\/04\\\/\",\n\t\t\t\t\"video\" : null,\n\t\t\t\t\"autoplay\" : null,\n\t\t\t\t\"youtube\" : null,\n\t\t\t\t\"youtubelabel\" : \"Play video\",\n\t\t\t\t\"brightness\" : 100,\n\t\t\t\t\"crop\" : null,\n\t\t\t\t\"background\" : true,\n\t\t\t\t\"scale\" : 4\t\t\t\t}\n\t\t\t<\/script>\n\n\t\t\t<div class=\"height-container\" style=\"padding-bottom:66.68%;\" v-if=\"sizes\">\n\t\t\t\t\t\t\t\t<lazy-media :inline=\"true\" :alt=\"alt\" :sizes=\"sizes\" :scale=\"scale\" :brightness=\"brightness\" :path=\"path\" :video=\"video\" :autoplay=\"autoplay\" :youtube=\"youtube\" :crop=\"crop\" :youtubelabel=\"youtubelabel\" :background=\"background\" media-id=\"desc_media_69f12d1dd32e9\"><\/lazy-media>\n\t\t\t\t\t\t\t<\/div>\n\n\t\t\t\t\t\t\t<figcaption class=\"sr-only\" ref=\"body\" id=\"desc_media_69f12d1dd32e9\">\n\t\t\t\t\t\t\t\t\t\t\t\t\t\t\t\t\t\t\t\t\t<div class=\"insignificant\">\u00a9 Ute Zscharnt for David Chipperfield Architects<\/div>\n\t\t\t\t\t\t\t\t\t<\/figcaption>\n\t\t\t\t\t<\/figure>\n\t<\/lazy-media-inline>\n\t\t\t<\/div>\n\t\t\t<div class=\"teaser-header\"><div>\n\t\t\t\t\n\t\t\t\t\t\t<span class=\"h4 \">Staatliche Museen zu Berlin<\/span>\n\t\t\t\t\t\t\t\t<\/div><\/div>\n\t\t<\/a>\n\t<\/div>\n<\/li>\t\t\t\t<\/ul>\n\t\t\t<\/div>\n\t\t\t<\/section>","protected":false},"excerpt":{"rendered":"<p>In the Humboldt Lab, the Humboldt-Universit\u00e4t zu Berlin presents a vibrant workshop of ideas on the first floor of the Humboldt Forum where cutting-edge research enters into a dialogue with the general public.<\/p>\n","protected":false},"author":18,"featured_media":1752,"parent":6164,"menu_order":2,"comment_status":"closed","ping_status":"closed","template":"","meta":{"_acf_changed":false,"footnotes":""},"class_list":["post-4281","page","type-page","status-publish","has-post-thumbnail","hentry"],"acf":[],"_links":{"self":[{"href":"https:\/\/www.humboldtforum.org\/en\/wp-json\/wp\/v2\/pages\/4281","targetHints":{"allow":["GET"]}}],"collection":[{"href":"https:\/\/www.humboldtforum.org\/en\/wp-json\/wp\/v2\/pages"}],"about":[{"href":"https:\/\/www.humboldtforum.org\/en\/wp-json\/wp\/v2\/types\/page"}],"author":[{"embeddable":true,"href":"https:\/\/www.humboldtforum.org\/en\/wp-json\/wp\/v2\/users\/18"}],"replies":[{"embeddable":true,"href":"https:\/\/www.humboldtforum.org\/en\/wp-json\/wp\/v2\/comments?post=4281"}],"version-history":[{"count":11,"href":"https:\/\/www.humboldtforum.org\/en\/wp-json\/wp\/v2\/pages\/4281\/revisions"}],"predecessor-version":[{"id":148498,"href":"https:\/\/www.humboldtforum.org\/en\/wp-json\/wp\/v2\/pages\/4281\/revisions\/148498"}],"up":[{"embeddable":true,"href":"https:\/\/www.humboldtforum.org\/en\/wp-json\/wp\/v2\/pages\/6164"}],"wp:featuredmedia":[{"embeddable":true,"href":"https:\/\/www.humboldtforum.org\/en\/wp-json\/wp\/v2\/media\/1752"}],"wp:attachment":[{"href":"https:\/\/www.humboldtforum.org\/en\/wp-json\/wp\/v2\/media?parent=4281"}],"curies":[{"name":"wp","href":"https:\/\/api.w.org\/{rel}","templated":true}]}}